{"id":94435,"date":"2022-08-09T11:51:53","date_gmt":"2022-08-09T15:51:53","guid":{"rendered":"https:\/\/int.design\/?post_type=project&#038;p=94435"},"modified":"2022-08-09T11:51:53","modified_gmt":"2022-08-09T15:51:53","slug":"an-steins-garten","status":"publish","type":"project","link":"https:\/\/int.design\/fr\/projets\/an-steins-garten\/","title":{"rendered":"AN STEINS GARTEN"},"content":{"rendered":"","protected":false},"template":"","class_list":["post-94435","project","type-project","status-publish","hentry","project_category_75033-architecture","project_category_75033-maison-privee--2-000-pi2--185-m2"],"acf":[],"yoast_head":"<!-- This site is optimized with the Yoast SEO plugin v21.5 - https:\/\/yoast.com\/wordpress\/plugins\/seo\/ -->\n<title>AN STEINS GARTEN - INT Design<\/title>\n<meta name=\"robots\" content=\"index, follow, max-snippet:-1, max-image-preview:large, max-video-preview:-1\" \/>\n<link rel=\"canonical\" href=\"https:\/\/int.design\/fr\/projets\/an-steins-garten\/\" \/>\n<meta property=\"og:locale\" content=\"fr_FR\" \/>\n<meta property=\"og:type\" content=\"article\" \/>\n<meta property=\"og:title\" content=\"AN STEINS GARTEN - INT Design\" \/>\n<meta property=\"og:url\" content=\"https:\/\/int.design\/fr\/projets\/an-steins-garten\/\" \/>\n<meta property=\"og:site_name\" content=\"INT Design\" \/>\n<meta name=\"twitter:card\" content=\"summary_large_image\" \/>\n<script type=\"application\/ld+json\" class=\"yoast-schema-graph\">{\"@context\":\"https:\/\/schema.org\",\"@graph\":[{\"@type\":\"WebPage\",\"@id\":\"https:\/\/int.design\/fr\/projets\/an-steins-garten\/\",\"url\":\"https:\/\/int.design\/fr\/projets\/an-steins-garten\/\",\"name\":\"AN STEINS GARTEN - INT Design\",\"isPartOf\":{\"@id\":\"https:\/\/int.design\/fr\/#website\"},\"datePublished\":\"2022-08-09T15:51:53+00:00\",\"dateModified\":\"2022-08-09T15:51:53+00:00\",\"breadcrumb\":{\"@id\":\"https:\/\/int.design\/fr\/projets\/an-steins-garten\/#breadcrumb\"},\"inLanguage\":\"fr-FR\",\"potentialAction\":[{\"@type\":\"ReadAction\",\"target\":[\"https:\/\/int.design\/fr\/projets\/an-steins-garten\/\"]}]},{\"@type\":\"BreadcrumbList\",\"@id\":\"https:\/\/int.design\/fr\/projets\/an-steins-garten\/#breadcrumb\",\"itemListElement\":[{\"@type\":\"ListItem\",\"position\":1,\"name\":\"Home\",\"item\":\"https:\/\/int.design\/fr\/\"},{\"@type\":\"ListItem\",\"position\":2,\"name\":\"Projects\",\"item\":\"https:\/\/int.design\/en\/projects\/\"},{\"@type\":\"ListItem\",\"position\":3,\"name\":\"AN STEINS GARTEN\"}]},{\"@type\":\"WebSite\",\"@id\":\"https:\/\/int.design\/fr\/#website\",\"url\":\"https:\/\/int.design\/fr\/\",\"name\":\"INT Design\",\"description\":\"\",\"potentialAction\":[{\"@type\":\"SearchAction\",\"target\":{\"@type\":\"EntryPoint\",\"urlTemplate\":\"https:\/\/int.design\/fr\/?s={search_term_string}\"},\"query-input\":\"required name=search_term_string\"}],\"inLanguage\":\"fr-FR\"}]}<\/script>\n<!-- \/ Yoast SEO plugin. -->","yoast_head_json":{"title":"AN STEINS GARTEN - INT Design","robots":{"index":"index","follow":"follow","max-snippet":"max-snippet:-1","max-image-preview":"max-image-preview:large","max-video-preview":"max-video-preview:-1"},"canonical":"https:\/\/int.design\/fr\/projets\/an-steins-garten\/","og_locale":"fr_FR","og_type":"article","og_title":"AN STEINS GARTEN - INT Design","og_url":"https:\/\/int.design\/fr\/projets\/an-steins-garten\/","og_site_name":"INT Design","twitter_card":"summary_large_image","schema":{"@context":"https:\/\/schema.org","@graph":[{"@type":"WebPage","@id":"https:\/\/int.design\/fr\/projets\/an-steins-garten\/","url":"https:\/\/int.design\/fr\/projets\/an-steins-garten\/","name":"AN STEINS GARTEN - INT Design","isPartOf":{"@id":"https:\/\/int.design\/fr\/#website"},"datePublished":"2022-08-09T15:51:53+00:00","dateModified":"2022-08-09T15:51:53+00:00","breadcrumb":{"@id":"https:\/\/int.design\/fr\/projets\/an-steins-garten\/#breadcrumb"},"inLanguage":"fr-FR","potentialAction":[{"@type":"ReadAction","target":["https:\/\/int.design\/fr\/projets\/an-steins-garten\/"]}]},{"@type":"BreadcrumbList","@id":"https:\/\/int.design\/fr\/projets\/an-steins-garten\/#breadcrumb","itemListElement":[{"@type":"ListItem","position":1,"name":"Home","item":"https:\/\/int.design\/fr\/"},{"@type":"ListItem","position":2,"name":"Projects","item":"https:\/\/int.design\/en\/projects\/"},{"@type":"ListItem","position":3,"name":"AN STEINS GARTEN"}]},{"@type":"WebSite","@id":"https:\/\/int.design\/fr\/#website","url":"https:\/\/int.design\/fr\/","name":"INT Design","description":"","potentialAction":[{"@type":"SearchAction","target":{"@type":"EntryPoint","urlTemplate":"https:\/\/int.design\/fr\/?s={search_term_string}"},"query-input":"required name=search_term_string"}],"inLanguage":"fr-FR"}]}},"entry":{"cats":{"disciplines":[{"id":2418,"name":"Architecture"}],"big_cats":[],"sub_cats":[{"id":2435,"name":"Maison priv\u00e9e \u2264 2 000 pi2 (\u2264 185 m2)","parent":2434}]},"entry":{"":null,"status":"completed","winner_title":"gronych + dollega architekten    ","winner_prize_lang":"","title_translatable":false,"title_en":"","title_fr":"","releve_award":false,"releve_award_cv":false,"collaboration":false,"collaboration_firms":false,"other_firms":[{"name":"gronych + dollega architekten","website":"https:\/\/gronych-dollega.de","category":"","category_tax":2761}],"owner":{"name":"","confidential":true,"website":"","contact_name":"","email":"","phone":""},"address":{"address":"","city":"","region":"","province":"","country":"DE","postal_code":""},"logos":false,"use_logo":false,"designers":[{"name":"Peter Gronych + Yvonne Dollega","credit":"gronych + dollega architekten","image":{"ID":94568,"id":94568,"title":"01 An Steins Garten","filename":"6_01 An Steins Garten-scaled.jpg","filesize":0,"url":"https:\/\/int.design\/wp-content\/uploads\/2022\/04\/6_01 An Steins Garten-scaled.jpg","link":"https:\/\/int.design\/fr\/projets\/an-steins-garten\/01-an-steins-garten-2\/","alt":"","author":"1170","description":"","caption":"","name":"01-an-steins-garten-2","status":"inherit","uploaded_to":94435,"date":"2022-04-11 21:47:24","modified":"2022-04-11 21:48:31","menu_order":0,"mime_type":"image\/jpeg","type":"image","subtype":"jpeg","icon":"https:\/\/int.design\/wp-includes\/images\/media\/default.png","width":2560,"height":1696,"sizes":{"thumbnail":"https:\/\/int.design\/wp-content\/uploads\/2022\/04\/6_01 An Steins Garten-150x150.jpg","thumbnail-width":150,"thumbnail-height":150,"medium":"https:\/\/int.design\/wp-content\/uploads\/2022\/04\/6_01 An Steins Garten-300x199.jpg","medium-width":300,"medium-height":199,"medium_large":"https:\/\/int.design\/wp-content\/uploads\/2022\/04\/6_01 An Steins Garten-768x509.jpg","medium_large-width":768,"medium_large-height":509,"large":"https:\/\/int.design\/wp-content\/uploads\/2022\/04\/6_01 An Steins Garten-1024x678.jpg","large-width":1024,"large-height":678,"1536x1536":"https:\/\/int.design\/wp-content\/uploads\/2022\/04\/6_01 An Steins Garten-1536x1017.jpg","1536x1536-width":1536,"1536x1536-height":1017,"2048x2048":"https:\/\/int.design\/wp-content\/uploads\/2022\/04\/6_01 An Steins Garten-2048x1357.jpg","2048x2048-width":2048,"2048x2048-height":1357,"article":"https:\/\/int.design\/wp-content\/uploads\/2022\/04\/6_01 An Steins Garten-960x540.jpg","article-width":960,"article-height":540,"banner":"https:\/\/int.design\/wp-content\/uploads\/2022\/04\/6_01 An Steins Garten-1920x1272.jpg","banner-width":1920,"banner-height":1272,"block":"https:\/\/int.design\/wp-content\/uploads\/2022\/04\/6_01 An Steins Garten-900x680.jpg","block-width":900,"block-height":680,"card":"https:\/\/int.design\/wp-content\/uploads\/2022\/04\/6_01 An Steins Garten-560x495.jpg","card-width":560,"card-height":495,"card-thumbnail":"https:\/\/int.design\/wp-content\/uploads\/2022\/04\/6_01 An Steins Garten-450x340.jpg","card-thumbnail-width":450,"card-thumbnail-height":340,"conference":"https:\/\/int.design\/wp-content\/uploads\/2022\/04\/6_01 An Steins Garten-560x250.jpg","conference-width":560,"conference-height":250,"contest":"https:\/\/int.design\/wp-content\/uploads\/2022\/04\/6_01 An Steins Garten-960x400.jpg","contest-width":960,"contest-height":400,"cta":"https:\/\/int.design\/wp-content\/uploads\/2022\/04\/6_01 An Steins Garten-415x170.jpg","cta-width":415,"cta-height":170,"exhibitor":"https:\/\/int.design\/wp-content\/uploads\/2022\/04\/6_01 An Steins Garten-560x560.jpg","exhibitor-width":560,"exhibitor-height":560,"gallery":"https:\/\/int.design\/wp-content\/uploads\/2022\/04\/6_01 An Steins Garten-560x371.jpg","gallery-width":560,"gallery-height":371,"logo":"https:\/\/int.design\/wp-content\/uploads\/2022\/04\/6_01 An Steins Garten-151x100.jpg","logo-width":151,"logo-height":100,"masonry":"https:\/\/int.design\/wp-content\/uploads\/2022\/04\/6_01 An Steins Garten-550x364.jpg","masonry-width":550,"masonry-height":364,"modal":"https:\/\/int.design\/wp-content\/uploads\/2022\/04\/6_01 An Steins Garten-1920x1272.jpg","modal-width":1920,"modal-height":1272,"number":"https:\/\/int.design\/wp-content\/uploads\/2022\/04\/6_01 An Steins Garten-560x371.jpg","number-width":560,"number-height":371,"partner":"https:\/\/int.design\/wp-content\/uploads\/2022\/04\/6_01 An Steins Garten-275x182.jpg","partner-width":275,"partner-height":182,"ranking":"https:\/\/int.design\/wp-content\/uploads\/2022\/04\/6_01 An Steins Garten-960x540.jpg","ranking-width":960,"ranking-height":540,"schedule":"https:\/\/int.design\/wp-content\/uploads\/2022\/04\/6_01 An Steins Garten-960x360.jpg","schedule-width":960,"schedule-height":360,"slideshow":"https:\/\/int.design\/wp-content\/uploads\/2022\/04\/6_01 An Steins Garten-1027x680.jpg","slideshow-width":1027,"slideshow-height":680}},"file":false}],"cover":[{"categories":[2435],"credit":"gronych + dollega architekten","image":{"ID":94517,"id":94517,"title":"01 An Steins Garten","filename":"01 An Steins Garten-scaled.jpg","filesize":0,"url":"https:\/\/int.design\/wp-content\/uploads\/2022\/04\/01 An Steins Garten-scaled.jpg","link":"https:\/\/int.design\/fr\/projets\/an-steins-garten\/01-an-steins-garten\/","alt":"","author":"1170","description":"AN STEINS GARTEN gronych + dollega architekten     gronych + dollega architekten","caption":"","name":"01-an-steins-garten","status":"inherit","uploaded_to":94435,"date":"2022-04-11 21:25:09","modified":"2022-08-09 15:51:54","menu_order":0,"mime_type":"image\/jpeg","type":"image","subtype":"jpeg","icon":"https:\/\/int.design\/wp-includes\/images\/media\/default.png","width":2560,"height":1696,"sizes":{"thumbnail":"https:\/\/int.design\/wp-content\/uploads\/2022\/04\/01 An Steins Garten-150x150.jpg","thumbnail-width":150,"thumbnail-height":150,"medium":"https:\/\/int.design\/wp-content\/uploads\/2022\/04\/01 An Steins Garten-300x199.jpg","medium-width":300,"medium-height":199,"medium_large":"https:\/\/int.design\/wp-content\/uploads\/2022\/04\/01 An Steins Garten-768x509.jpg","medium_large-width":768,"medium_large-height":509,"large":"https:\/\/int.design\/wp-content\/uploads\/2022\/04\/01 An Steins Garten-1024x678.jpg","large-width":1024,"large-height":678,"1536x1536":"https:\/\/int.design\/wp-content\/uploads\/2022\/04\/01 An Steins Garten-1536x1017.jpg","1536x1536-width":1536,"1536x1536-height":1017,"2048x2048":"https:\/\/int.design\/wp-content\/uploads\/2022\/04\/01 An Steins Garten-2048x1357.jpg","2048x2048-width":2048,"2048x2048-height":1357,"article":"https:\/\/int.design\/wp-content\/uploads\/2022\/04\/01 An Steins Garten-960x540.jpg","article-width":960,"article-height":540,"banner":"https:\/\/int.design\/wp-content\/uploads\/2022\/04\/01 An Steins Garten-1920x1272.jpg","banner-width":1920,"banner-height":1272,"block":"https:\/\/int.design\/wp-content\/uploads\/2022\/04\/01 An Steins Garten-900x680.jpg","block-width":900,"block-height":680,"card":"https:\/\/int.design\/wp-content\/uploads\/2022\/04\/01 An Steins Garten-560x495.jpg","card-width":560,"card-height":495,"card-thumbnail":"https:\/\/int.design\/wp-content\/uploads\/2022\/04\/01 An Steins Garten-450x340.jpg","card-thumbnail-width":450,"card-thumbnail-height":340,"conference":"https:\/\/int.design\/wp-content\/uploads\/2022\/04\/01 An Steins Garten-560x250.jpg","conference-width":560,"conference-height":250,"contest":"https:\/\/int.design\/wp-content\/uploads\/2022\/04\/01 An Steins Garten-960x400.jpg","contest-width":960,"contest-height":400,"cta":"https:\/\/int.design\/wp-content\/uploads\/2022\/04\/01 An Steins Garten-415x170.jpg","cta-width":415,"cta-height":170,"exhibitor":"https:\/\/int.design\/wp-content\/uploads\/2022\/04\/01 An Steins Garten-560x560.jpg","exhibitor-width":560,"exhibitor-height":560,"gallery":"https:\/\/int.design\/wp-content\/uploads\/2022\/04\/01 An Steins Garten-560x371.jpg","gallery-width":560,"gallery-height":371,"logo":"https:\/\/int.design\/wp-content\/uploads\/2022\/04\/01 An Steins Garten-151x100.jpg","logo-width":151,"logo-height":100,"masonry":"https:\/\/int.design\/wp-content\/uploads\/2022\/04\/01 An Steins Garten-550x364.jpg","masonry-width":550,"masonry-height":364,"modal":"https:\/\/int.design\/wp-content\/uploads\/2022\/04\/01 An Steins Garten-1920x1272.jpg","modal-width":1920,"modal-height":1272,"number":"https:\/\/int.design\/wp-content\/uploads\/2022\/04\/01 An Steins Garten-560x371.jpg","number-width":560,"number-height":371,"partner":"https:\/\/int.design\/wp-content\/uploads\/2022\/04\/01 An Steins Garten-275x182.jpg","partner-width":275,"partner-height":182,"ranking":"https:\/\/int.design\/wp-content\/uploads\/2022\/04\/01 An Steins Garten-960x540.jpg","ranking-width":960,"ranking-height":540,"schedule":"https:\/\/int.design\/wp-content\/uploads\/2022\/04\/01 An Steins Garten-960x360.jpg","schedule-width":960,"schedule-height":360,"slideshow":"https:\/\/int.design\/wp-content\/uploads\/2022\/04\/01 An Steins Garten-1027x680.jpg","slideshow-width":1027,"slideshow-height":680}},"filters":false,"suppliers":false,"attachment_category":{"997":"Architecture","986":"Habitation","2676":"Habitation (tous)","1005":"R\u00e9sidence"}}],"images":[{"categories":[2435],"credit":"gronych + dollega architekten","image":{"ID":94526,"id":94526,"title":"02 - - An Steins Garten","filename":"02 - - An Steins Garten-scaled.jpg","filesize":0,"url":"https:\/\/int.design\/wp-content\/uploads\/2022\/04\/02 - - An Steins Garten-scaled.jpg","link":"https:\/\/int.design\/fr\/projets\/an-steins-garten\/02-an-steins-garten\/","alt":"","author":"1170","description":"AN STEINS GARTEN gronych + dollega architekten     gronych + dollega architekten","caption":"","name":"02-an-steins-garten","status":"inherit","uploaded_to":94435,"date":"2022-04-11 21:28:22","modified":"2022-08-09 15:51:55","menu_order":0,"mime_type":"image\/jpeg","type":"image","subtype":"jpeg","icon":"https:\/\/int.design\/wp-includes\/images\/media\/default.png","width":2560,"height":1696,"sizes":{"thumbnail":"https:\/\/int.design\/wp-content\/uploads\/2022\/04\/02 - - An Steins Garten-150x150.jpg","thumbnail-width":150,"thumbnail-height":150,"medium":"https:\/\/int.design\/wp-content\/uploads\/2022\/04\/02 - - An Steins Garten-300x199.jpg","medium-width":300,"medium-height":199,"medium_large":"https:\/\/int.design\/wp-content\/uploads\/2022\/04\/02 - - An Steins Garten-768x509.jpg","medium_large-width":768,"medium_large-height":509,"large":"https:\/\/int.design\/wp-content\/uploads\/2022\/04\/02 - - An Steins Garten-1024x678.jpg","large-width":1024,"large-height":678,"1536x1536":"https:\/\/int.design\/wp-content\/uploads\/2022\/04\/02 - - An Steins Garten-1536x1017.jpg","1536x1536-width":1536,"1536x1536-height":1017,"2048x2048":"https:\/\/int.design\/wp-content\/uploads\/2022\/04\/02 - - An Steins Garten-2048x1357.jpg","2048x2048-width":2048,"2048x2048-height":1357,"article":"https:\/\/int.design\/wp-content\/uploads\/2022\/04\/02 - - An Steins Garten-960x540.jpg","article-width":960,"article-height":540,"banner":"https:\/\/int.design\/wp-content\/uploads\/2022\/04\/02 - - An Steins Garten-1920x1272.jpg","banner-width":1920,"banner-height":1272,"block":"https:\/\/int.design\/wp-content\/uploads\/2022\/04\/02 - - An Steins Garten-900x680.jpg","block-width":900,"block-height":680,"card":"https:\/\/int.design\/wp-content\/uploads\/2022\/04\/02 - - An Steins Garten-560x495.jpg","card-width":560,"card-height":495,"card-thumbnail":"https:\/\/int.design\/wp-content\/uploads\/2022\/04\/02 - - An Steins Garten-450x340.jpg","card-thumbnail-width":450,"card-thumbnail-height":340,"conference":"https:\/\/int.design\/wp-content\/uploads\/2022\/04\/02 - - An Steins Garten-560x250.jpg","conference-width":560,"conference-height":250,"contest":"https:\/\/int.design\/wp-content\/uploads\/2022\/04\/02 - - An Steins Garten-960x400.jpg","contest-width":960,"contest-height":400,"cta":"https:\/\/int.design\/wp-content\/uploads\/2022\/04\/02 - - An Steins Garten-415x170.jpg","cta-width":415,"cta-height":170,"exhibitor":"https:\/\/int.design\/wp-content\/uploads\/2022\/04\/02 - - An Steins Garten-560x560.jpg","exhibitor-width":560,"exhibitor-height":560,"gallery":"https:\/\/int.design\/wp-content\/uploads\/2022\/04\/02 - - An Steins Garten-560x371.jpg","gallery-width":560,"gallery-height":371,"logo":"https:\/\/int.design\/wp-content\/uploads\/2022\/04\/02 - - An Steins Garten-151x100.jpg","logo-width":151,"logo-height":100,"masonry":"https:\/\/int.design\/wp-content\/uploads\/2022\/04\/02 - - An Steins Garten-550x364.jpg","masonry-width":550,"masonry-height":364,"modal":"https:\/\/int.design\/wp-content\/uploads\/2022\/04\/02 - - An Steins Garten-1920x1272.jpg","modal-width":1920,"modal-height":1272,"number":"https:\/\/int.design\/wp-content\/uploads\/2022\/04\/02 - - An Steins Garten-560x371.jpg","number-width":560,"number-height":371,"partner":"https:\/\/int.design\/wp-content\/uploads\/2022\/04\/02 - - An Steins Garten-275x182.jpg","partner-width":275,"partner-height":182,"ranking":"https:\/\/int.design\/wp-content\/uploads\/2022\/04\/02 - - An Steins Garten-960x540.jpg","ranking-width":960,"ranking-height":540,"schedule":"https:\/\/int.design\/wp-content\/uploads\/2022\/04\/02 - - An Steins Garten-960x360.jpg","schedule-width":960,"schedule-height":360,"slideshow":"https:\/\/int.design\/wp-content\/uploads\/2022\/04\/02 - - An Steins Garten-1027x680.jpg","slideshow-width":1027,"slideshow-height":680}},"filters":false,"suppliers":false,"attachment_category":[]},{"categories":[2435],"credit":"gronych + dollega architekten","image":{"ID":94531,"id":94531,"title":"03 - An Steins Garten","filename":"03 - An Steins Garten-scaled.jpg","filesize":0,"url":"https:\/\/int.design\/wp-content\/uploads\/2022\/04\/03 - An Steins Garten-scaled.jpg","link":"https:\/\/int.design\/fr\/projets\/an-steins-garten\/03-an-steins-garten\/","alt":"","author":"1170","description":"AN STEINS GARTEN gronych + dollega architekten     gronych + dollega architekten","caption":"","name":"03-an-steins-garten","status":"inherit","uploaded_to":94435,"date":"2022-04-11 21:29:56","modified":"2022-08-09 15:51:55","menu_order":0,"mime_type":"image\/jpeg","type":"image","subtype":"jpeg","icon":"https:\/\/int.design\/wp-includes\/images\/media\/default.png","width":2560,"height":1696,"sizes":{"thumbnail":"https:\/\/int.design\/wp-content\/uploads\/2022\/04\/03 - An Steins Garten-150x150.jpg","thumbnail-width":150,"thumbnail-height":150,"medium":"https:\/\/int.design\/wp-content\/uploads\/2022\/04\/03 - An Steins Garten-300x199.jpg","medium-width":300,"medium-height":199,"medium_large":"https:\/\/int.design\/wp-content\/uploads\/2022\/04\/03 - An Steins Garten-768x509.jpg","medium_large-width":768,"medium_large-height":509,"large":"https:\/\/int.design\/wp-content\/uploads\/2022\/04\/03 - An Steins Garten-1024x678.jpg","large-width":1024,"large-height":678,"1536x1536":"https:\/\/int.design\/wp-content\/uploads\/2022\/04\/03 - An Steins Garten-1536x1017.jpg","1536x1536-width":1536,"1536x1536-height":1017,"2048x2048":"https:\/\/int.design\/wp-content\/uploads\/2022\/04\/03 - An Steins Garten-2048x1357.jpg","2048x2048-width":2048,"2048x2048-height":1357,"article":"https:\/\/int.design\/wp-content\/uploads\/2022\/04\/03 - An Steins Garten-960x540.jpg","article-width":960,"article-height":540,"banner":"https:\/\/int.design\/wp-content\/uploads\/2022\/04\/03 - An Steins Garten-1920x1272.jpg","banner-width":1920,"banner-height":1272,"block":"https:\/\/int.design\/wp-content\/uploads\/2022\/04\/03 - An Steins Garten-900x680.jpg","block-width":900,"block-height":680,"card":"https:\/\/int.design\/wp-content\/uploads\/2022\/04\/03 - An Steins Garten-560x495.jpg","card-width":560,"card-height":495,"card-thumbnail":"https:\/\/int.design\/wp-content\/uploads\/2022\/04\/03 - An Steins Garten-450x340.jpg","card-thumbnail-width":450,"card-thumbnail-height":340,"conference":"https:\/\/int.design\/wp-content\/uploads\/2022\/04\/03 - An Steins Garten-560x250.jpg","conference-width":560,"conference-height":250,"contest":"https:\/\/int.design\/wp-content\/uploads\/2022\/04\/03 - An Steins Garten-960x400.jpg","contest-width":960,"contest-height":400,"cta":"https:\/\/int.design\/wp-content\/uploads\/2022\/04\/03 - An Steins Garten-415x170.jpg","cta-width":415,"cta-height":170,"exhibitor":"https:\/\/int.design\/wp-content\/uploads\/2022\/04\/03 - An Steins Garten-560x560.jpg","exhibitor-width":560,"exhibitor-height":560,"gallery":"https:\/\/int.design\/wp-content\/uploads\/2022\/04\/03 - An Steins Garten-560x371.jpg","gallery-width":560,"gallery-height":371,"logo":"https:\/\/int.design\/wp-content\/uploads\/2022\/04\/03 - An Steins Garten-151x100.jpg","logo-width":151,"logo-height":100,"masonry":"https:\/\/int.design\/wp-content\/uploads\/2022\/04\/03 - An Steins Garten-550x364.jpg","masonry-width":550,"masonry-height":364,"modal":"https:\/\/int.design\/wp-content\/uploads\/2022\/04\/03 - An Steins Garten-1920x1272.jpg","modal-width":1920,"modal-height":1272,"number":"https:\/\/int.design\/wp-content\/uploads\/2022\/04\/03 - An Steins Garten-560x371.jpg","number-width":560,"number-height":371,"partner":"https:\/\/int.design\/wp-content\/uploads\/2022\/04\/03 - An Steins Garten-275x182.jpg","partner-width":275,"partner-height":182,"ranking":"https:\/\/int.design\/wp-content\/uploads\/2022\/04\/03 - An Steins Garten-960x540.jpg","ranking-width":960,"ranking-height":540,"schedule":"https:\/\/int.design\/wp-content\/uploads\/2022\/04\/03 - An Steins Garten-960x360.jpg","schedule-width":960,"schedule-height":360,"slideshow":"https:\/\/int.design\/wp-content\/uploads\/2022\/04\/03 - An Steins Garten-1027x680.jpg","slideshow-width":1027,"slideshow-height":680}},"filters":false,"suppliers":false,"attachment_category":[]},{"categories":[2435],"credit":"gronych + dollega architekten","image":{"ID":94538,"id":94538,"title":"04 - An Steins Garten","filename":"04 - An Steins Garten-scaled.jpg","filesize":0,"url":"https:\/\/int.design\/wp-content\/uploads\/2022\/04\/04 - An Steins Garten-scaled.jpg","link":"https:\/\/int.design\/fr\/projets\/an-steins-garten\/04-an-steins-garten\/","alt":"","author":"1170","description":"AN STEINS GARTEN gronych + dollega architekten     gronych + dollega architekten","caption":"","name":"04-an-steins-garten","status":"inherit","uploaded_to":94435,"date":"2022-04-11 21:31:13","modified":"2022-08-09 15:51:55","menu_order":0,"mime_type":"image\/jpeg","type":"image","subtype":"jpeg","icon":"https:\/\/int.design\/wp-includes\/images\/media\/default.png","width":2560,"height":1736,"sizes":{"thumbnail":"https:\/\/int.design\/wp-content\/uploads\/2022\/04\/04 - An Steins Garten-150x150.jpg","thumbnail-width":150,"thumbnail-height":150,"medium":"https:\/\/int.design\/wp-content\/uploads\/2022\/04\/04 - An Steins Garten-300x203.jpg","medium-width":300,"medium-height":203,"medium_large":"https:\/\/int.design\/wp-content\/uploads\/2022\/04\/04 - An Steins Garten-768x521.jpg","medium_large-width":768,"medium_large-height":521,"large":"https:\/\/int.design\/wp-content\/uploads\/2022\/04\/04 - An Steins Garten-1024x694.jpg","large-width":1024,"large-height":694,"1536x1536":"https:\/\/int.design\/wp-content\/uploads\/2022\/04\/04 - An Steins Garten-1536x1042.jpg","1536x1536-width":1536,"1536x1536-height":1042,"2048x2048":"https:\/\/int.design\/wp-content\/uploads\/2022\/04\/04 - An Steins Garten-2048x1389.jpg","2048x2048-width":2048,"2048x2048-height":1389,"article":"https:\/\/int.design\/wp-content\/uploads\/2022\/04\/04 - An Steins Garten-960x540.jpg","article-width":960,"article-height":540,"banner":"https:\/\/int.design\/wp-content\/uploads\/2022\/04\/04 - An Steins Garten-1920x1302.jpg","banner-width":1920,"banner-height":1302,"block":"https:\/\/int.design\/wp-content\/uploads\/2022\/04\/04 - An Steins Garten-900x680.jpg","block-width":900,"block-height":680,"card":"https:\/\/int.design\/wp-content\/uploads\/2022\/04\/04 - An Steins Garten-560x495.jpg","card-width":560,"card-height":495,"card-thumbnail":"https:\/\/int.design\/wp-content\/uploads\/2022\/04\/04 - An Steins Garten-450x340.jpg","card-thumbnail-width":450,"card-thumbnail-height":340,"conference":"https:\/\/int.design\/wp-content\/uploads\/2022\/04\/04 - An Steins Garten-560x250.jpg","conference-width":560,"conference-height":250,"contest":"https:\/\/int.design\/wp-content\/uploads\/2022\/04\/04 - An Steins Garten-960x400.jpg","contest-width":960,"contest-height":400,"cta":"https:\/\/int.design\/wp-content\/uploads\/2022\/04\/04 - An Steins Garten-415x170.jpg","cta-width":415,"cta-height":170,"exhibitor":"https:\/\/int.design\/wp-content\/uploads\/2022\/04\/04 - An Steins Garten-560x560.jpg","exhibitor-width":560,"exhibitor-height":560,"gallery":"https:\/\/int.design\/wp-content\/uploads\/2022\/04\/04 - An Steins Garten-560x380.jpg","gallery-width":560,"gallery-height":380,"logo":"https:\/\/int.design\/wp-content\/uploads\/2022\/04\/04 - An Steins Garten-147x100.jpg","logo-width":147,"logo-height":100,"masonry":"https:\/\/int.design\/wp-content\/uploads\/2022\/04\/04 - An Steins Garten-550x373.jpg","masonry-width":550,"masonry-height":373,"modal":"https:\/\/int.design\/wp-content\/uploads\/2022\/04\/04 - An Steins Garten-1920x1302.jpg","modal-width":1920,"modal-height":1302,"number":"https:\/\/int.design\/wp-content\/uploads\/2022\/04\/04 - An Steins Garten-560x380.jpg","number-width":560,"number-height":380,"partner":"https:\/\/int.design\/wp-content\/uploads\/2022\/04\/04 - An Steins Garten-275x186.jpg","partner-width":275,"partner-height":186,"ranking":"https:\/\/int.design\/wp-content\/uploads\/2022\/04\/04 - An Steins Garten-960x540.jpg","ranking-width":960,"ranking-height":540,"schedule":"https:\/\/int.design\/wp-content\/uploads\/2022\/04\/04 - An Steins Garten-960x360.jpg","schedule-width":960,"schedule-height":360,"slideshow":"https:\/\/int.design\/wp-content\/uploads\/2022\/04\/04 - An Steins Garten-1003x680.jpg","slideshow-width":1003,"slideshow-height":680}},"filters":false,"suppliers":false,"attachment_category":[]},{"categories":[2435],"credit":"gronych + dollega architekten","image":{"ID":94543,"id":94543,"title":"05 An Steins Garten","filename":"05 An Steins Garten-scaled.jpg","filesize":0,"url":"https:\/\/int.design\/wp-content\/uploads\/2022\/04\/05 An Steins Garten-scaled.jpg","link":"https:\/\/int.design\/fr\/projets\/an-steins-garten\/05-an-steins-garten\/","alt":"","author":"1170","description":"AN STEINS GARTEN gronych + dollega architekten     gronych + dollega architekten","caption":"","name":"05-an-steins-garten","status":"inherit","uploaded_to":94435,"date":"2022-04-11 21:32:28","modified":"2022-08-09 15:51:55","menu_order":0,"mime_type":"image\/jpeg","type":"image","subtype":"jpeg","icon":"https:\/\/int.design\/wp-includes\/images\/media\/default.png","width":2560,"height":1696,"sizes":{"thumbnail":"https:\/\/int.design\/wp-content\/uploads\/2022\/04\/05 An Steins Garten-150x150.jpg","thumbnail-width":150,"thumbnail-height":150,"medium":"https:\/\/int.design\/wp-content\/uploads\/2022\/04\/05 An Steins Garten-300x199.jpg","medium-width":300,"medium-height":199,"medium_large":"https:\/\/int.design\/wp-content\/uploads\/2022\/04\/05 An Steins Garten-768x509.jpg","medium_large-width":768,"medium_large-height":509,"large":"https:\/\/int.design\/wp-content\/uploads\/2022\/04\/05 An Steins Garten-1024x678.jpg","large-width":1024,"large-height":678,"1536x1536":"https:\/\/int.design\/wp-content\/uploads\/2022\/04\/05 An Steins Garten-1536x1017.jpg","1536x1536-width":1536,"1536x1536-height":1017,"2048x2048":"https:\/\/int.design\/wp-content\/uploads\/2022\/04\/05 An Steins Garten-2048x1357.jpg","2048x2048-width":2048,"2048x2048-height":1357,"article":"https:\/\/int.design\/wp-content\/uploads\/2022\/04\/05 An Steins Garten-960x540.jpg","article-width":960,"article-height":540,"banner":"https:\/\/int.design\/wp-content\/uploads\/2022\/04\/05 An Steins Garten-1920x1272.jpg","banner-width":1920,"banner-height":1272,"block":"https:\/\/int.design\/wp-content\/uploads\/2022\/04\/05 An Steins Garten-900x680.jpg","block-width":900,"block-height":680,"card":"https:\/\/int.design\/wp-content\/uploads\/2022\/04\/05 An Steins Garten-560x495.jpg","card-width":560,"card-height":495,"card-thumbnail":"https:\/\/int.design\/wp-content\/uploads\/2022\/04\/05 An Steins Garten-450x340.jpg","card-thumbnail-width":450,"card-thumbnail-height":340,"conference":"https:\/\/int.design\/wp-content\/uploads\/2022\/04\/05 An Steins Garten-560x250.jpg","conference-width":560,"conference-height":250,"contest":"https:\/\/int.design\/wp-content\/uploads\/2022\/04\/05 An Steins Garten-960x400.jpg","contest-width":960,"contest-height":400,"cta":"https:\/\/int.design\/wp-content\/uploads\/2022\/04\/05 An Steins Garten-415x170.jpg","cta-width":415,"cta-height":170,"exhibitor":"https:\/\/int.design\/wp-content\/uploads\/2022\/04\/05 An Steins Garten-560x560.jpg","exhibitor-width":560,"exhibitor-height":560,"gallery":"https:\/\/int.design\/wp-content\/uploads\/2022\/04\/05 An Steins Garten-560x371.jpg","gallery-width":560,"gallery-height":371,"logo":"https:\/\/int.design\/wp-content\/uploads\/2022\/04\/05 An Steins Garten-151x100.jpg","logo-width":151,"logo-height":100,"masonry":"https:\/\/int.design\/wp-content\/uploads\/2022\/04\/05 An Steins Garten-550x364.jpg","masonry-width":550,"masonry-height":364,"modal":"https:\/\/int.design\/wp-content\/uploads\/2022\/04\/05 An Steins Garten-1920x1272.jpg","modal-width":1920,"modal-height":1272,"number":"https:\/\/int.design\/wp-content\/uploads\/2022\/04\/05 An Steins Garten-560x371.jpg","number-width":560,"number-height":371,"partner":"https:\/\/int.design\/wp-content\/uploads\/2022\/04\/05 An Steins Garten-275x182.jpg","partner-width":275,"partner-height":182,"ranking":"https:\/\/int.design\/wp-content\/uploads\/2022\/04\/05 An Steins Garten-960x540.jpg","ranking-width":960,"ranking-height":540,"schedule":"https:\/\/int.design\/wp-content\/uploads\/2022\/04\/05 An Steins Garten-960x360.jpg","schedule-width":960,"schedule-height":360,"slideshow":"https:\/\/int.design\/wp-content\/uploads\/2022\/04\/05 An Steins Garten-1027x680.jpg","slideshow-width":1027,"slideshow-height":680}},"filters":false,"suppliers":false,"attachment_category":[]},{"categories":[2435],"credit":"gronych + dollega architekten","image":{"ID":94550,"id":94550,"title":"06 An Steins Garten","filename":"06 An Steins Garten-scaled.jpg","filesize":0,"url":"https:\/\/int.design\/wp-content\/uploads\/2022\/04\/06 An Steins Garten-scaled.jpg","link":"https:\/\/int.design\/fr\/projets\/an-steins-garten\/06-an-steins-garten\/","alt":"","author":"1170","description":"AN STEINS GARTEN gronych + dollega architekten     gronych + dollega architekten","caption":"","name":"06-an-steins-garten","status":"inherit","uploaded_to":94435,"date":"2022-04-11 21:34:04","modified":"2022-08-09 15:51:55","menu_order":0,"mime_type":"image\/jpeg","type":"image","subtype":"jpeg","icon":"https:\/\/int.design\/wp-includes\/images\/media\/default.png","width":2560,"height":1696,"sizes":{"thumbnail":"https:\/\/int.design\/wp-content\/uploads\/2022\/04\/06 An Steins Garten-150x150.jpg","thumbnail-width":150,"thumbnail-height":150,"medium":"https:\/\/int.design\/wp-content\/uploads\/2022\/04\/06 An Steins Garten-300x199.jpg","medium-width":300,"medium-height":199,"medium_large":"https:\/\/int.design\/wp-content\/uploads\/2022\/04\/06 An Steins Garten-768x509.jpg","medium_large-width":768,"medium_large-height":509,"large":"https:\/\/int.design\/wp-content\/uploads\/2022\/04\/06 An Steins Garten-1024x678.jpg","large-width":1024,"large-height":678,"1536x1536":"https:\/\/int.design\/wp-content\/uploads\/2022\/04\/06 An Steins Garten-1536x1017.jpg","1536x1536-width":1536,"1536x1536-height":1017,"2048x2048":"https:\/\/int.design\/wp-content\/uploads\/2022\/04\/06 An Steins Garten-2048x1357.jpg","2048x2048-width":2048,"2048x2048-height":1357,"article":"https:\/\/int.design\/wp-content\/uploads\/2022\/04\/06 An Steins Garten-960x540.jpg","article-width":960,"article-height":540,"banner":"https:\/\/int.design\/wp-content\/uploads\/2022\/04\/06 An Steins Garten-1920x1272.jpg","banner-width":1920,"banner-height":1272,"block":"https:\/\/int.design\/wp-content\/uploads\/2022\/04\/06 An Steins Garten-900x680.jpg","block-width":900,"block-height":680,"card":"https:\/\/int.design\/wp-content\/uploads\/2022\/04\/06 An Steins Garten-560x495.jpg","card-width":560,"card-height":495,"card-thumbnail":"https:\/\/int.design\/wp-content\/uploads\/2022\/04\/06 An Steins Garten-450x340.jpg","card-thumbnail-width":450,"card-thumbnail-height":340,"conference":"https:\/\/int.design\/wp-content\/uploads\/2022\/04\/06 An Steins Garten-560x250.jpg","conference-width":560,"conference-height":250,"contest":"https:\/\/int.design\/wp-content\/uploads\/2022\/04\/06 An Steins Garten-960x400.jpg","contest-width":960,"contest-height":400,"cta":"https:\/\/int.design\/wp-content\/uploads\/2022\/04\/06 An Steins Garten-415x170.jpg","cta-width":415,"cta-height":170,"exhibitor":"https:\/\/int.design\/wp-content\/uploads\/2022\/04\/06 An Steins Garten-560x560.jpg","exhibitor-width":560,"exhibitor-height":560,"gallery":"https:\/\/int.design\/wp-content\/uploads\/2022\/04\/06 An Steins Garten-560x371.jpg","gallery-width":560,"gallery-height":371,"logo":"https:\/\/int.design\/wp-content\/uploads\/2022\/04\/06 An Steins Garten-151x100.jpg","logo-width":151,"logo-height":100,"masonry":"https:\/\/int.design\/wp-content\/uploads\/2022\/04\/06 An Steins Garten-550x364.jpg","masonry-width":550,"masonry-height":364,"modal":"https:\/\/int.design\/wp-content\/uploads\/2022\/04\/06 An Steins Garten-1920x1272.jpg","modal-width":1920,"modal-height":1272,"number":"https:\/\/int.design\/wp-content\/uploads\/2022\/04\/06 An Steins Garten-560x371.jpg","number-width":560,"number-height":371,"partner":"https:\/\/int.design\/wp-content\/uploads\/2022\/04\/06 An Steins Garten-275x182.jpg","partner-width":275,"partner-height":182,"ranking":"https:\/\/int.design\/wp-content\/uploads\/2022\/04\/06 An Steins Garten-960x540.jpg","ranking-width":960,"ranking-height":540,"schedule":"https:\/\/int.design\/wp-content\/uploads\/2022\/04\/06 An Steins Garten-960x360.jpg","schedule-width":960,"schedule-height":360,"slideshow":"https:\/\/int.design\/wp-content\/uploads\/2022\/04\/06 An Steins Garten-1027x680.jpg","slideshow-width":1027,"slideshow-height":680}},"filters":false,"suppliers":false,"attachment_category":[]},{"categories":[2435],"credit":"gronych + dollega architekten","image":{"ID":94553,"id":94553,"title":"07 An Steins Garten","filename":"07 An Steins Garten-scaled.jpg","filesize":0,"url":"https:\/\/int.design\/wp-content\/uploads\/2022\/04\/07 An Steins Garten-scaled.jpg","link":"https:\/\/int.design\/fr\/projets\/an-steins-garten\/07-an-steins-garten\/","alt":"","author":"1170","description":"AN STEINS GARTEN gronych + dollega architekten     gronych + dollega architekten","caption":"","name":"07-an-steins-garten","status":"inherit","uploaded_to":94435,"date":"2022-04-11 21:36:32","modified":"2022-08-09 15:51:55","menu_order":0,"mime_type":"image\/jpeg","type":"image","subtype":"jpeg","icon":"https:\/\/int.design\/wp-includes\/images\/media\/default.png","width":2560,"height":1696,"sizes":{"thumbnail":"https:\/\/int.design\/wp-content\/uploads\/2022\/04\/07 An Steins Garten-150x150.jpg","thumbnail-width":150,"thumbnail-height":150,"medium":"https:\/\/int.design\/wp-content\/uploads\/2022\/04\/07 An Steins Garten-300x199.jpg","medium-width":300,"medium-height":199,"medium_large":"https:\/\/int.design\/wp-content\/uploads\/2022\/04\/07 An Steins Garten-768x509.jpg","medium_large-width":768,"medium_large-height":509,"large":"https:\/\/int.design\/wp-content\/uploads\/2022\/04\/07 An Steins Garten-1024x678.jpg","large-width":1024,"large-height":678,"1536x1536":"https:\/\/int.design\/wp-content\/uploads\/2022\/04\/07 An Steins Garten-1536x1017.jpg","1536x1536-width":1536,"1536x1536-height":1017,"2048x2048":"https:\/\/int.design\/wp-content\/uploads\/2022\/04\/07 An Steins Garten-2048x1357.jpg","2048x2048-width":2048,"2048x2048-height":1357,"article":"https:\/\/int.design\/wp-content\/uploads\/2022\/04\/07 An Steins Garten-960x540.jpg","article-width":960,"article-height":540,"banner":"https:\/\/int.design\/wp-content\/uploads\/2022\/04\/07 An Steins Garten-1920x1272.jpg","banner-width":1920,"banner-height":1272,"block":"https:\/\/int.design\/wp-content\/uploads\/2022\/04\/07 An Steins Garten-900x680.jpg","block-width":900,"block-height":680,"card":"https:\/\/int.design\/wp-content\/uploads\/2022\/04\/07 An Steins Garten-560x495.jpg","card-width":560,"card-height":495,"card-thumbnail":"https:\/\/int.design\/wp-content\/uploads\/2022\/04\/07 An Steins Garten-450x340.jpg","card-thumbnail-width":450,"card-thumbnail-height":340,"conference":"https:\/\/int.design\/wp-content\/uploads\/2022\/04\/07 An Steins Garten-560x250.jpg","conference-width":560,"conference-height":250,"contest":"https:\/\/int.design\/wp-content\/uploads\/2022\/04\/07 An Steins Garten-960x400.jpg","contest-width":960,"contest-height":400,"cta":"https:\/\/int.design\/wp-content\/uploads\/2022\/04\/07 An Steins Garten-415x170.jpg","cta-width":415,"cta-height":170,"exhibitor":"https:\/\/int.design\/wp-content\/uploads\/2022\/04\/07 An Steins Garten-560x560.jpg","exhibitor-width":560,"exhibitor-height":560,"gallery":"https:\/\/int.design\/wp-content\/uploads\/2022\/04\/07 An Steins Garten-560x371.jpg","gallery-width":560,"gallery-height":371,"logo":"https:\/\/int.design\/wp-content\/uploads\/2022\/04\/07 An Steins Garten-151x100.jpg","logo-width":151,"logo-height":100,"masonry":"https:\/\/int.design\/wp-content\/uploads\/2022\/04\/07 An Steins Garten-550x364.jpg","masonry-width":550,"masonry-height":364,"modal":"https:\/\/int.design\/wp-content\/uploads\/2022\/04\/07 An Steins Garten-1920x1272.jpg","modal-width":1920,"modal-height":1272,"number":"https:\/\/int.design\/wp-content\/uploads\/2022\/04\/07 An Steins Garten-560x371.jpg","number-width":560,"number-height":371,"partner":"https:\/\/int.design\/wp-content\/uploads\/2022\/04\/07 An Steins Garten-275x182.jpg","partner-width":275,"partner-height":182,"ranking":"https:\/\/int.design\/wp-content\/uploads\/2022\/04\/07 An Steins Garten-960x540.jpg","ranking-width":960,"ranking-height":540,"schedule":"https:\/\/int.design\/wp-content\/uploads\/2022\/04\/07 An Steins Garten-960x360.jpg","schedule-width":960,"schedule-height":360,"slideshow":"https:\/\/int.design\/wp-content\/uploads\/2022\/04\/07 An Steins Garten-1027x680.jpg","slideshow-width":1027,"slideshow-height":680}},"filters":false,"suppliers":false,"attachment_category":[]},{"categories":[2435],"credit":"gronych + dollega architekten","image":{"ID":94555,"id":94555,"title":"08 An Steins Garten","filename":"08 An Steins Garten-scaled.jpg","filesize":0,"url":"https:\/\/int.design\/wp-content\/uploads\/2022\/04\/08 An Steins Garten-scaled.jpg","link":"https:\/\/int.design\/fr\/projets\/an-steins-garten\/08-an-steins-garten\/","alt":"","author":"1170","description":"AN STEINS GARTEN gronych + dollega architekten     gronych + dollega architekten","caption":"","name":"08-an-steins-garten","status":"inherit","uploaded_to":94435,"date":"2022-04-11 21:37:37","modified":"2022-08-09 15:51:55","menu_order":0,"mime_type":"image\/jpeg","type":"image","subtype":"jpeg","icon":"https:\/\/int.design\/wp-includes\/images\/media\/default.png","width":2560,"height":1696,"sizes":{"thumbnail":"https:\/\/int.design\/wp-content\/uploads\/2022\/04\/08 An Steins Garten-150x150.jpg","thumbnail-width":150,"thumbnail-height":150,"medium":"https:\/\/int.design\/wp-content\/uploads\/2022\/04\/08 An Steins Garten-300x199.jpg","medium-width":300,"medium-height":199,"medium_large":"https:\/\/int.design\/wp-content\/uploads\/2022\/04\/08 An Steins Garten-768x509.jpg","medium_large-width":768,"medium_large-height":509,"large":"https:\/\/int.design\/wp-content\/uploads\/2022\/04\/08 An Steins Garten-1024x678.jpg","large-width":1024,"large-height":678,"1536x1536":"https:\/\/int.design\/wp-content\/uploads\/2022\/04\/08 An Steins Garten-1536x1017.jpg","1536x1536-width":1536,"1536x1536-height":1017,"2048x2048":"https:\/\/int.design\/wp-content\/uploads\/2022\/04\/08 An Steins Garten-2048x1357.jpg","2048x2048-width":2048,"2048x2048-height":1357,"article":"https:\/\/int.design\/wp-content\/uploads\/2022\/04\/08 An Steins Garten-960x540.jpg","article-width":960,"article-height":540,"banner":"https:\/\/int.design\/wp-content\/uploads\/2022\/04\/08 An Steins Garten-1920x1272.jpg","banner-width":1920,"banner-height":1272,"block":"https:\/\/int.design\/wp-content\/uploads\/2022\/04\/08 An Steins Garten-900x680.jpg","block-width":900,"block-height":680,"card":"https:\/\/int.design\/wp-content\/uploads\/2022\/04\/08 An Steins Garten-560x495.jpg","card-width":560,"card-height":495,"card-thumbnail":"https:\/\/int.design\/wp-content\/uploads\/2022\/04\/08 An Steins Garten-450x340.jpg","card-thumbnail-width":450,"card-thumbnail-height":340,"conference":"https:\/\/int.design\/wp-content\/uploads\/2022\/04\/08 An Steins Garten-560x250.jpg","conference-width":560,"conference-height":250,"contest":"https:\/\/int.design\/wp-content\/uploads\/2022\/04\/08 An Steins Garten-960x400.jpg","contest-width":960,"contest-height":400,"cta":"https:\/\/int.design\/wp-content\/uploads\/2022\/04\/08 An Steins Garten-415x170.jpg","cta-width":415,"cta-height":170,"exhibitor":"https:\/\/int.design\/wp-content\/uploads\/2022\/04\/08 An Steins Garten-560x560.jpg","exhibitor-width":560,"exhibitor-height":560,"gallery":"https:\/\/int.design\/wp-content\/uploads\/2022\/04\/08 An Steins Garten-560x371.jpg","gallery-width":560,"gallery-height":371,"logo":"https:\/\/int.design\/wp-content\/uploads\/2022\/04\/08 An Steins Garten-151x100.jpg","logo-width":151,"logo-height":100,"masonry":"https:\/\/int.design\/wp-content\/uploads\/2022\/04\/08 An Steins Garten-550x364.jpg","masonry-width":550,"masonry-height":364,"modal":"https:\/\/int.design\/wp-content\/uploads\/2022\/04\/08 An Steins Garten-1920x1272.jpg","modal-width":1920,"modal-height":1272,"number":"https:\/\/int.design\/wp-content\/uploads\/2022\/04\/08 An Steins Garten-560x371.jpg","number-width":560,"number-height":371,"partner":"https:\/\/int.design\/wp-content\/uploads\/2022\/04\/08 An Steins Garten-275x182.jpg","partner-width":275,"partner-height":182,"ranking":"https:\/\/int.design\/wp-content\/uploads\/2022\/04\/08 An Steins Garten-960x540.jpg","ranking-width":960,"ranking-height":540,"schedule":"https:\/\/int.design\/wp-content\/uploads\/2022\/04\/08 An Steins Garten-960x360.jpg","schedule-width":960,"schedule-height":360,"slideshow":"https:\/\/int.design\/wp-content\/uploads\/2022\/04\/08 An Steins Garten-1027x680.jpg","slideshow-width":1027,"slideshow-height":680}},"filters":false,"suppliers":false,"attachment_category":[]}],"mandatory_documents":[{"name":"09 An Steins Garten - plans","file":{"ID":94559,"id":94559,"title":"09 An Steins Garten - plans pdf","filename":"09 An Steins Garten - plans pdf.pdf","filesize":0,"url":"https:\/\/d2q6z78khxmx42.cloudfront.net\/2022\/04\/09 An Steins Garten - plans pdf.pdf","link":"https:\/\/int.design\/fr\/projets\/an-steins-garten\/09-an-steins-garten-plans-pdf\/","alt":"","author":"1170","description":"","caption":"","name":"09-an-steins-garten-plans-pdf","status":"inherit","uploaded_to":94435,"date":"2022-04-11 21:41:19","modified":"2022-04-11 21:45:40","menu_order":0,"mime_type":"application\/pdf","type":"application","subtype":"pdf","icon":"https:\/\/int.design\/wp-includes\/images\/media\/document.png"}}],"optional_documents":false,"web_text":{"fr":"<p>An Steins Garten<\/p>\n<p>Sur une colline entour\u00e9e d&rsquo;une nature abondante et proche du centre-ville, dans un environnement urbain h\u00e9t\u00e9rog\u00e8ne, se d\u00e9veloppe une architecture r\u00e9sidentielle individuelle vivante.<br \/>\nLa conception organique douce et la disposition pr\u00e9cise des \u00e9l\u00e9ments architecturaux cr\u00e9ent une plasticit\u00e9 puissante. L&rsquo;accent est mis sur la vie au-dessus des toits de la ville. Les vitrages hauts, la grande terrasse, la lumi\u00e8re du jour et la vue lointaine cr\u00e9ent des ambiances intenses et \u00e9motionnelles et une qualit\u00e9 de s\u00e9jour \u00e9lev\u00e9e.<br \/>\nLe souhait du client \u00e9tait de vivre au-dessus des toits de la ville. Il s&rsquo;agissait d&rsquo;un concept d&rsquo;habitation ouvert, offrant en m\u00eame temps des possibilit\u00e9s d&rsquo;intimit\u00e9. L&rsquo;entr\u00e9e, l&rsquo;armoire, la zone de couchage avec dressing et salle de bain ainsi que la chambre des enfants se trouvent au rez-de-chauss\u00e9e. Les diff\u00e9rents espaces peuvent \u00eatre s\u00e9par\u00e9s les uns des autres par des portes coulissantes. La forme de l&rsquo;enveloppe courbe du b\u00e2timent est perceptible en tout point du b\u00e2timent. L&rsquo;escalier filigrane en m\u00e9tal permet d&rsquo;acc\u00e9der \u00e0 l&rsquo;espace de vie \u00e0 l&rsquo;\u00e9tage. Les marches sont form\u00e9es comme des \u00e9l\u00e9ments en porte-\u00e0-faux dans un design pli\u00e9. La structure en acier minimis\u00e9e appara\u00eet l\u00e9g\u00e8re et \u00e9l\u00e9gante. L&rsquo;espace de vie avec sa grande terrasse sur le toit \u00e0 l&rsquo;\u00e9tage sup\u00e9rieur constitue le centre de la vie, situ\u00e9 sur le point le plus \u00e9lev\u00e9 de la colline avec une vue magnifique sur la ville et sur l&rsquo;horizon.<br \/>\nl&rsquo;horizon. L&rsquo;int\u00e9rieur est inond\u00e9 de lumi\u00e8re naturelle. Les d\u00e9bords de toit bien d\u00e9finis bien d\u00e9finis \u00e9vitent la surchauffe en \u00e9t\u00e9. La g\u00e9om\u00e9trie puissante unit spatialement la terrasse et l&rsquo;int\u00e9rieur. Le chauffage et le refroidissement sont assur\u00e9s par l&rsquo;\u00e9nergie g\u00e9othermique. Le confort thermique thermique est obtenu gr\u00e2ce \u00e0 des nattes de tubes capillaires install\u00e9es au sol et au plafond. le plafond. Les co\u00fbts d&rsquo;exploitation sont r\u00e9duits par l&rsquo;\u00e9clairage et la ventilation naturels. L&rsquo;\u00e9lectricit\u00e9 est produite par un syst\u00e8me photovolta\u00efque sur le toit. Le site b\u00e2timent a \u00e9t\u00e9 con\u00e7u dans une optique de durabilit\u00e9. Les mat\u00e9riaux de construction ont \u00e9t\u00e9 s\u00e9lectionn\u00e9s en fonction de leur signification. En raison de l&rsquo;efficacit\u00e9 \u00e9conomique, le temps de construction r\u00e9duit et les aspects \u00e9cologiques, le le b\u00e2timent a \u00e9t\u00e9 r\u00e9alis\u00e9 sous la forme d&rsquo;une construction moderne pr\u00e9fabriqu\u00e9e \u00e0 ossature bois. Le plancher \u00e0 pente r\u00e9duite est en b\u00e9ton et abrite le local technique. le local technique.<\/p>\n","en":"<p>An Steins Garten<\/p>\n<p>On a hillside surrounded by plenty of nature and close to the city centre, in a heterogeneous urban environment, a lively individual residential architecture is developing.<br \/>\nThe soft organic design and the precise arrangement of architectural elements create a powerful plasticity. The focus is on living above the rooftops of the city. The room-high glazing, the large terrace, the daylight and the distant view create intensive, emotional room moods and a high quality of stay.<br \/>\nThe client\u2018s wish was to live above the rooftops of the city. It was intended to be an open living concept, offering opportunities for privacy at the same time. The entrance, the wardrobe, sleeping area with dressing room and bathroom as well as children\u2018s room are located on the ground floor. The individual areas can be separated from each other by sliding doors. The shape of the curved building shell can be experienced at any point inside the building. The filigree staircase made of metal provides access to the living area upstairs. The steps are formed as cantilever elements in a fold design. The minimised steel structure appears light and elegant. The living area with its large roof terrace on the upper floor forms the centre of life, situated on the highest point of the hill with a beautiful view over the city and on the<br \/>\nhorizon. The interior is flooded with natural light. The well-defined roof overhangs prevent overheating in the summer. The powerful geometry spatially unites the terrace and the interior. Heating and cooling is provided by geothermal energy. Thermal comfort is achieved by using capillary tube mats installed in the floor and ceiling. The operating costs are reduced by natural lighting and ventilation. Power is generated via a photovoltaic system on the roof. The building was designed with sustainability in mind. Building materials were selected according to their meaning. Due to the economic efficiency, the reduced construction time and ecological aspects, the building was realised as a prefabricated modern wood-frame construction. The minimized slope floor is made of concrete and accommodates the technical room.<\/p>\n","original":""},"jury_text":[{"category":2435,"fr":"<p>An Steins Garten<\/p>\n<p>Sur une colline entour\u00e9e d&rsquo;une nature abondante et proche du centre-ville, dans un environnement urbain h\u00e9t\u00e9rog\u00e8ne, se d\u00e9veloppe une architecture r\u00e9sidentielle individuelle vivante.<br \/>\nLa conception organique douce et la disposition pr\u00e9cise des \u00e9l\u00e9ments architecturaux cr\u00e9ent une plasticit\u00e9 puissante. L&rsquo;accent est mis sur la vie au-dessus des toits de la ville. Les vitrages hauts, la grande terrasse, la lumi\u00e8re du jour et la vue lointaine cr\u00e9ent des ambiances intenses et \u00e9motionnelles et une qualit\u00e9 de s\u00e9jour \u00e9lev\u00e9e.<br \/>\nLe souhait du client \u00e9tait de vivre au-dessus des toits de la ville. Il s&rsquo;agissait d&rsquo;un concept d&rsquo;habitation ouvert, offrant en m\u00eame temps des possibilit\u00e9s d&rsquo;intimit\u00e9. L&rsquo;entr\u00e9e, l&rsquo;armoire, la zone de couchage avec dressing et salle de bain ainsi que la chambre des enfants se trouvent au rez-de-chauss\u00e9e. Les diff\u00e9rents espaces peuvent \u00eatre s\u00e9par\u00e9s les uns des autres par des portes coulissantes. La forme de l&rsquo;enveloppe courbe du b\u00e2timent est perceptible en tout point du b\u00e2timent. L&rsquo;escalier filigrane en m\u00e9tal permet d&rsquo;acc\u00e9der \u00e0 l&rsquo;espace de vie \u00e0 l&rsquo;\u00e9tage. Les marches sont form\u00e9es comme des \u00e9l\u00e9ments en porte-\u00e0-faux dans un design pli\u00e9. La structure en acier minimis\u00e9e appara\u00eet l\u00e9g\u00e8re et \u00e9l\u00e9gante. L&rsquo;espace de vie avec sa grande terrasse sur le toit \u00e0 l&rsquo;\u00e9tage sup\u00e9rieur constitue le centre de la vie, situ\u00e9 sur le point le plus \u00e9lev\u00e9 de la colline avec une vue magnifique sur la ville et sur l&rsquo;horizon.<br \/>\nl&rsquo;horizon. L&rsquo;int\u00e9rieur est inond\u00e9 de lumi\u00e8re naturelle. Les d\u00e9bords de toit bien d\u00e9finis bien d\u00e9finis \u00e9vitent la surchauffe en \u00e9t\u00e9. La g\u00e9om\u00e9trie puissante unit spatialement la terrasse et l&rsquo;int\u00e9rieur. Le chauffage et le refroidissement sont assur\u00e9s par l&rsquo;\u00e9nergie g\u00e9othermique. Le confort thermique thermique est obtenu gr\u00e2ce \u00e0 des nattes de tubes capillaires install\u00e9es au sol et au plafond. le plafond. Les co\u00fbts d&rsquo;exploitation sont r\u00e9duits par l&rsquo;\u00e9clairage et la ventilation naturels. L&rsquo;\u00e9lectricit\u00e9 est produite par un syst\u00e8me photovolta\u00efque sur le toit. Le site b\u00e2timent a \u00e9t\u00e9 con\u00e7u dans une optique de durabilit\u00e9. Les mat\u00e9riaux de construction ont \u00e9t\u00e9 s\u00e9lectionn\u00e9s en fonction de leur signification. En raison de l&rsquo;efficacit\u00e9 \u00e9conomique, le temps de construction r\u00e9duit et les aspects \u00e9cologiques, le le b\u00e2timent a \u00e9t\u00e9 r\u00e9alis\u00e9 sous la forme d&rsquo;une construction moderne pr\u00e9fabriqu\u00e9e \u00e0 ossature bois. Le plancher \u00e0 pente r\u00e9duite est en b\u00e9ton et abrite le local technique. le local technique.<\/p>\n","en":"<p>An Steins Garten<\/p>\n<p>On a hillside surrounded by plenty of nature and close to the city centre, in a heterogeneous urban environment, a lively individual residential architecture is developing.<br \/>\nThe soft organic design and the precise arrangement of architectural elements create a powerful plasticity. The focus is on living above the rooftops of the city. The room-high glazing, the large terrace, the daylight and the distant view create intensive, emotional room moods and a high quality of stay.<br \/>\nThe client\u2018s wish was to live above the rooftops of the city. It was intended to be an open living concept, offering opportunities for privacy at the same time. The entrance, the wardrobe, sleeping area with dressing room and bathroom as well as children\u2018s room are located on the ground floor. The individual areas can be separated from each other by sliding doors. The shape of the curved building shell can be experienced at any point inside the building. The filigree staircase made of metal provides access to the living area upstairs. The steps are formed as cantilever elements in a fold design. The minimised steel structure appears light and elegant. The living area with its large roof terrace on the upper floor forms the centre of life, situated on the highest point of the hill with a beautiful view over the city and on the<br \/>\nhorizon. The interior is flooded with natural light. The well-defined roof overhangs prevent overheating in the summer. The powerful geometry spatially unites the terrace and the interior. Heating and cooling is provided by geothermal energy. Thermal comfort is achieved by using capillary tube mats installed in the floor and ceiling. The operating costs are reduced by natural lighting and ventilation. Power is generated via a photovoltaic system on the roof. The building was designed with sustainability in mind. Building materials were selected according to their meaning. Due to the economic efficiency, the reduced construction time and ecological aspects, the building was realised as a prefabricated modern wood-frame construction. The minimized slope floor is made of concrete and accommodates the technical room.<\/p>\n","original":""}],"different_jury_text":false,"different_category_text":false},"laureats":[{"cat_id":2435,"cat_id_laureat":3431,"laureat":"Certification Argent"}],"contest_id":"75033","contest_title":"GRANDS PRIX DU DESIGN \u2013 15e \u00e9dition","firms":[{"name":"gronych + dollega architekten","website":"https:\/\/gronych-dollega.de","category":"","category_tax":2744,"category_label":"Architecte"}],"user":{"email":"info@gronych-dollega.de","first_name":"Peter","last_name":"Gronych"},"doc_texts_web":{"fr":"<p>An Steins Garten<\/p>\n<p>Sur une colline entour\u00e9e d&rsquo;une nature abondante et proche du centre-ville, dans un environnement urbain h\u00e9t\u00e9rog\u00e8ne, se d\u00e9veloppe une architecture r\u00e9sidentielle individuelle vivante.<br \/>\nLa conception organique douce et la disposition pr\u00e9cise des \u00e9l\u00e9ments architecturaux cr\u00e9ent une plasticit\u00e9 puissante. L&rsquo;accent est mis sur la vie au-dessus des toits de la ville. Les vitrages hauts, la grande terrasse, la lumi\u00e8re du jour et la vue lointaine cr\u00e9ent des ambiances intenses et \u00e9motionnelles et une qualit\u00e9 de s\u00e9jour \u00e9lev\u00e9e.<br \/>\nLe souhait du client \u00e9tait de vivre au-dessus des toits de la ville. Il s&rsquo;agissait d&rsquo;un concept d&rsquo;habitation ouvert, offrant en m\u00eame temps des possibilit\u00e9s d&rsquo;intimit\u00e9. L&rsquo;entr\u00e9e, l&rsquo;armoire, la zone de couchage avec dressing et salle de bain ainsi que la chambre des enfants se trouvent au rez-de-chauss\u00e9e. Les diff\u00e9rents espaces peuvent \u00eatre s\u00e9par\u00e9s les uns des autres par des portes coulissantes. La forme de l&rsquo;enveloppe courbe du b\u00e2timent est perceptible en tout point du b\u00e2timent. L&rsquo;escalier filigrane en m\u00e9tal permet d&rsquo;acc\u00e9der \u00e0 l&rsquo;espace de vie \u00e0 l&rsquo;\u00e9tage. Les marches sont form\u00e9es comme des \u00e9l\u00e9ments en porte-\u00e0-faux dans un design pli\u00e9. La structure en acier minimis\u00e9e appara\u00eet l\u00e9g\u00e8re et \u00e9l\u00e9gante. L&rsquo;espace de vie avec sa grande terrasse sur le toit \u00e0 l&rsquo;\u00e9tage sup\u00e9rieur constitue le centre de la vie, situ\u00e9 sur le point le plus \u00e9lev\u00e9 de la colline avec une vue magnifique sur la ville et sur l&rsquo;horizon.<br \/>\nl&rsquo;horizon. L&rsquo;int\u00e9rieur est inond\u00e9 de lumi\u00e8re naturelle. Les d\u00e9bords de toit bien d\u00e9finis bien d\u00e9finis \u00e9vitent la surchauffe en \u00e9t\u00e9. La g\u00e9om\u00e9trie puissante unit spatialement la terrasse et l&rsquo;int\u00e9rieur. Le chauffage et le refroidissement sont assur\u00e9s par l&rsquo;\u00e9nergie g\u00e9othermique. Le confort thermique thermique est obtenu gr\u00e2ce \u00e0 des nattes de tubes capillaires install\u00e9es au sol et au plafond. le plafond. Les co\u00fbts d&rsquo;exploitation sont r\u00e9duits par l&rsquo;\u00e9clairage et la ventilation naturels. L&rsquo;\u00e9lectricit\u00e9 est produite par un syst\u00e8me photovolta\u00efque sur le toit. Le site b\u00e2timent a \u00e9t\u00e9 con\u00e7u dans une optique de durabilit\u00e9. Les mat\u00e9riaux de construction ont \u00e9t\u00e9 s\u00e9lectionn\u00e9s en fonction de leur signification. En raison de l&rsquo;efficacit\u00e9 \u00e9conomique, le temps de construction r\u00e9duit et les aspects \u00e9cologiques, le le b\u00e2timent a \u00e9t\u00e9 r\u00e9alis\u00e9 sous la forme d&rsquo;une construction moderne pr\u00e9fabriqu\u00e9e \u00e0 ossature bois. Le plancher \u00e0 pente r\u00e9duite est en b\u00e9ton et abrite le local technique. le local technique.<\/p>\n","en":"<p>An Steins Garten<\/p>\n<p>On a hillside surrounded by plenty of nature and close to the city centre, in a heterogeneous urban environment, a lively individual residential architecture is developing.<br \/>\nThe soft organic design and the precise arrangement of architectural elements create a powerful plasticity. The focus is on living above the rooftops of the city. The room-high glazing, the large terrace, the daylight and the distant view create intensive, emotional room moods and a high quality of stay.<br \/>\nThe client\u2018s wish was to live above the rooftops of the city. It was intended to be an open living concept, offering opportunities for privacy at the same time. The entrance, the wardrobe, sleeping area with dressing room and bathroom as well as children\u2018s room are located on the ground floor. The individual areas can be separated from each other by sliding doors. The shape of the curved building shell can be experienced at any point inside the building. The filigree staircase made of metal provides access to the living area upstairs. The steps are formed as cantilever elements in a fold design. The minimised steel structure appears light and elegant. The living area with its large roof terrace on the upper floor forms the centre of life, situated on the highest point of the hill with a beautiful view over the city and on the<br \/>\nhorizon. The interior is flooded with natural light. The well-defined roof overhangs prevent overheating in the summer. The powerful geometry spatially unites the terrace and the interior. Heating and cooling is provided by geothermal energy. Thermal comfort is achieved by using capillary tube mats installed in the floor and ceiling. The operating costs are reduced by natural lighting and ventilation. Power is generated via a photovoltaic system on the roof. The building was designed with sustainability in mind. Building materials were selected according to their meaning. Due to the economic efficiency, the reduced construction time and ecological aspects, the building was realised as a prefabricated modern wood-frame construction. The minimized slope floor is made of concrete and accommodates the technical room.<\/p>\n"},"permalinks":{"fr":"https:\/\/int.design\/fr\/projets\/an-steins-garten\/","en":"https:\/\/int.design\/en\/projects\/an-steins-garten\/"},"titles":{"fr":"AN STEINS GARTEN","en":"AN STEINS GARTEN"},"wp_fields":[],"laravel_id":""},"_links":{"self":[{"href":"https:\/\/int.design\/fr\/wp-json\/wp\/v2\/project\/94435","targetHints":{"allow":["GET"]}}],"collection":[{"href":"https:\/\/int.design\/fr\/wp-json\/wp\/v2\/project"}],"about":[{"href":"https:\/\/int.design\/fr\/wp-json\/wp\/v2\/types\/project"}],"wp:attachment":[{"href":"https:\/\/int.design\/fr\/wp-json\/wp\/v2\/media?parent=94435"}],"curies":[{"name":"wp","href":"https:\/\/api.w.org\/{rel}","templated":true}]}}