{"id":84770,"date":"2022-08-09T11:43:01","date_gmt":"2022-08-09T15:43:01","guid":{"rendered":"https:\/\/int.design\/?post_type=project&#038;p=84770"},"modified":"2022-08-09T11:43:01","modified_gmt":"2022-08-09T15:43:01","slug":"agrandissement-complexe-arena-val-despoir","status":"publish","type":"project","link":"https:\/\/int.design\/fr\/projets\/agrandissement-complexe-arena-val-despoir\/","title":{"rendered":"Agrandissement Complexe Ar\u00e9na Val d&rsquo;Espoir"},"content":{"rendered":"","protected":false},"template":"","class_list":["post-84770","project","type-project","status-publish","hentry","project_category_75033-design-dinterieur","project_category_75033-centre-dentrainement-recreatif"],"acf":[],"yoast_head":"<!-- This site is optimized with the Yoast SEO plugin v21.5 - https:\/\/yoast.com\/wordpress\/plugins\/seo\/ -->\n<title>Agrandissement Complexe Ar\u00e9na Val d&#039;Espoir - INT Design<\/title>\n<meta name=\"robots\" content=\"index, follow, max-snippet:-1, max-image-preview:large, max-video-preview:-1\" \/>\n<link rel=\"canonical\" href=\"https:\/\/int.design\/fr\/projets\/agrandissement-complexe-arena-val-despoir\/\" \/>\n<meta property=\"og:locale\" content=\"fr_FR\" \/>\n<meta property=\"og:type\" content=\"article\" \/>\n<meta property=\"og:title\" content=\"Agrandissement Complexe Ar\u00e9na Val d&#039;Espoir - INT Design\" \/>\n<meta property=\"og:url\" content=\"https:\/\/int.design\/fr\/projets\/agrandissement-complexe-arena-val-despoir\/\" \/>\n<meta property=\"og:site_name\" content=\"INT Design\" \/>\n<meta name=\"twitter:card\" content=\"summary_large_image\" \/>\n<script type=\"application\/ld+json\" class=\"yoast-schema-graph\">{\"@context\":\"https:\/\/schema.org\",\"@graph\":[{\"@type\":\"WebPage\",\"@id\":\"https:\/\/int.design\/fr\/projets\/agrandissement-complexe-arena-val-despoir\/\",\"url\":\"https:\/\/int.design\/fr\/projets\/agrandissement-complexe-arena-val-despoir\/\",\"name\":\"Agrandissement Complexe Ar\u00e9na Val d'Espoir - INT Design\",\"isPartOf\":{\"@id\":\"https:\/\/int.design\/fr\/#website\"},\"datePublished\":\"2022-08-09T15:43:01+00:00\",\"dateModified\":\"2022-08-09T15:43:01+00:00\",\"breadcrumb\":{\"@id\":\"https:\/\/int.design\/fr\/projets\/agrandissement-complexe-arena-val-despoir\/#breadcrumb\"},\"inLanguage\":\"fr-FR\",\"potentialAction\":[{\"@type\":\"ReadAction\",\"target\":[\"https:\/\/int.design\/fr\/projets\/agrandissement-complexe-arena-val-despoir\/\"]}]},{\"@type\":\"BreadcrumbList\",\"@id\":\"https:\/\/int.design\/fr\/projets\/agrandissement-complexe-arena-val-despoir\/#breadcrumb\",\"itemListElement\":[{\"@type\":\"ListItem\",\"position\":1,\"name\":\"Home\",\"item\":\"https:\/\/int.design\/fr\/\"},{\"@type\":\"ListItem\",\"position\":2,\"name\":\"Projects\",\"item\":\"https:\/\/int.design\/en\/projects\/\"},{\"@type\":\"ListItem\",\"position\":3,\"name\":\"Agrandissement Complexe Ar\u00e9na Val d&rsquo;Espoir\"}]},{\"@type\":\"WebSite\",\"@id\":\"https:\/\/int.design\/fr\/#website\",\"url\":\"https:\/\/int.design\/fr\/\",\"name\":\"INT Design\",\"description\":\"\",\"potentialAction\":[{\"@type\":\"SearchAction\",\"target\":{\"@type\":\"EntryPoint\",\"urlTemplate\":\"https:\/\/int.design\/fr\/?s={search_term_string}\"},\"query-input\":\"required name=search_term_string\"}],\"inLanguage\":\"fr-FR\"}]}<\/script>\n<!-- \/ Yoast SEO plugin. -->","yoast_head_json":{"title":"Agrandissement Complexe Ar\u00e9na Val d'Espoir - INT Design","robots":{"index":"index","follow":"follow","max-snippet":"max-snippet:-1","max-image-preview":"max-image-preview:large","max-video-preview":"max-video-preview:-1"},"canonical":"https:\/\/int.design\/fr\/projets\/agrandissement-complexe-arena-val-despoir\/","og_locale":"fr_FR","og_type":"article","og_title":"Agrandissement Complexe Ar\u00e9na Val d'Espoir - INT Design","og_url":"https:\/\/int.design\/fr\/projets\/agrandissement-complexe-arena-val-despoir\/","og_site_name":"INT Design","twitter_card":"summary_large_image","schema":{"@context":"https:\/\/schema.org","@graph":[{"@type":"WebPage","@id":"https:\/\/int.design\/fr\/projets\/agrandissement-complexe-arena-val-despoir\/","url":"https:\/\/int.design\/fr\/projets\/agrandissement-complexe-arena-val-despoir\/","name":"Agrandissement Complexe Ar\u00e9na Val d'Espoir - INT Design","isPartOf":{"@id":"https:\/\/int.design\/fr\/#website"},"datePublished":"2022-08-09T15:43:01+00:00","dateModified":"2022-08-09T15:43:01+00:00","breadcrumb":{"@id":"https:\/\/int.design\/fr\/projets\/agrandissement-complexe-arena-val-despoir\/#breadcrumb"},"inLanguage":"fr-FR","potentialAction":[{"@type":"ReadAction","target":["https:\/\/int.design\/fr\/projets\/agrandissement-complexe-arena-val-despoir\/"]}]},{"@type":"BreadcrumbList","@id":"https:\/\/int.design\/fr\/projets\/agrandissement-complexe-arena-val-despoir\/#breadcrumb","itemListElement":[{"@type":"ListItem","position":1,"name":"Home","item":"https:\/\/int.design\/fr\/"},{"@type":"ListItem","position":2,"name":"Projects","item":"https:\/\/int.design\/en\/projects\/"},{"@type":"ListItem","position":3,"name":"Agrandissement Complexe Ar\u00e9na Val d&rsquo;Espoir"}]},{"@type":"WebSite","@id":"https:\/\/int.design\/fr\/#website","url":"https:\/\/int.design\/fr\/","name":"INT Design","description":"","potentialAction":[{"@type":"SearchAction","target":{"@type":"EntryPoint","urlTemplate":"https:\/\/int.design\/fr\/?s={search_term_string}"},"query-input":"required name=search_term_string"}],"inLanguage":"fr-FR"}]}},"entry":{"cats":{"disciplines":[{"id":2461,"name":"Design d\u2019int\u00e9rieur"}],"big_cats":[],"sub_cats":[{"id":2482,"name":"Centre d\u2019entra\u00eenement &amp; r\u00e9cr\u00e9atif","parent":2479}]},"entry":{"":null,"status":"completed","winner_title":"TLA Architectes","winner_prize_lang":"","title_translatable":false,"title_en":"","title_fr":"","releve_award":false,"releve_award_cv":false,"collaboration":false,"collaboration_firms":false,"other_firms":[{"name":"TLA Architectes","website":"https:\/\/tla-architectes.com\/","category":"","category_tax":2747}],"owner":{"name":"Ville de Mirabel","confidential":false,"website":"","contact_name":"","email":"","phone":""},"address":{"address":"","city":"","region":"","province":"","country":"CA","postal_code":""},"logos":false,"use_logo":false,"designers":[{"name":"Johanne Courteau","credit":"","image":{"ID":86273,"id":86273,"title":"_MG_0709_mod_pp","filename":"_MG_0709_mod_pp-scaled.jpg","filesize":0,"url":"https:\/\/int.design\/wp-content\/uploads\/2022\/03\/_MG_0709_mod_pp-scaled.jpg","link":"https:\/\/int.design\/fr\/projets\/agrandissement-complexe-arena-val-despoir\/_mg_0709_mod_pp\/","alt":"","author":"612","description":"","caption":"","name":"_mg_0709_mod_pp","status":"inherit","uploaded_to":84770,"date":"2022-03-28 19:37:30","modified":"2022-03-28 19:47:12","menu_order":0,"mime_type":"image\/jpeg","type":"image","subtype":"jpeg","icon":"https:\/\/int.design\/wp-includes\/images\/media\/default.png","width":1707,"height":2560,"sizes":{"thumbnail":"https:\/\/int.design\/wp-content\/uploads\/2022\/03\/_MG_0709_mod_pp-150x150.jpg","thumbnail-width":150,"thumbnail-height":150,"medium":"https:\/\/int.design\/wp-content\/uploads\/2022\/03\/_MG_0709_mod_pp-200x300.jpg","medium-width":200,"medium-height":300,"medium_large":"https:\/\/int.design\/wp-content\/uploads\/2022\/03\/_MG_0709_mod_pp-768x1152.jpg","medium_large-width":768,"medium_large-height":1152,"large":"https:\/\/int.design\/wp-content\/uploads\/2022\/03\/_MG_0709_mod_pp-683x1024.jpg","large-width":683,"large-height":1024,"1536x1536":"https:\/\/int.design\/wp-content\/uploads\/2022\/03\/_MG_0709_mod_pp-1024x1536.jpg","1536x1536-width":1024,"1536x1536-height":1536,"2048x2048":"https:\/\/int.design\/wp-content\/uploads\/2022\/03\/_MG_0709_mod_pp-1365x2048.jpg","2048x2048-width":1365,"2048x2048-height":2048,"article":"https:\/\/int.design\/wp-content\/uploads\/2022\/03\/_MG_0709_mod_pp-960x540.jpg","article-width":960,"article-height":540,"banner":"https:\/\/int.design\/wp-content\/uploads\/2022\/03\/_MG_0709_mod_pp-1920x2880.jpg","banner-width":1920,"banner-height":2880,"block":"https:\/\/int.design\/wp-content\/uploads\/2022\/03\/_MG_0709_mod_pp-900x680.jpg","block-width":900,"block-height":680,"card":"https:\/\/int.design\/wp-content\/uploads\/2022\/03\/_MG_0709_mod_pp-560x495.jpg","card-width":560,"card-height":495,"card-thumbnail":"https:\/\/int.design\/wp-content\/uploads\/2022\/03\/_MG_0709_mod_pp-450x340.jpg","card-thumbnail-width":450,"card-thumbnail-height":340,"conference":"https:\/\/int.design\/wp-content\/uploads\/2022\/03\/_MG_0709_mod_pp-560x250.jpg","conference-width":560,"conference-height":250,"contest":"https:\/\/int.design\/wp-content\/uploads\/2022\/03\/_MG_0709_mod_pp-960x400.jpg","contest-width":960,"contest-height":400,"cta":"https:\/\/int.design\/wp-content\/uploads\/2022\/03\/_MG_0709_mod_pp-415x170.jpg","cta-width":415,"cta-height":170,"exhibitor":"https:\/\/int.design\/wp-content\/uploads\/2022\/03\/_MG_0709_mod_pp-560x560.jpg","exhibitor-width":560,"exhibitor-height":560,"gallery":"https:\/\/int.design\/wp-content\/uploads\/2022\/03\/_MG_0709_mod_pp-287x430.jpg","gallery-width":287,"gallery-height":430,"logo":"https:\/\/int.design\/wp-content\/uploads\/2022\/03\/_MG_0709_mod_pp-67x100.jpg","logo-width":67,"logo-height":100,"masonry":"https:\/\/int.design\/wp-content\/uploads\/2022\/03\/_MG_0709_mod_pp-550x825.jpg","masonry-width":550,"masonry-height":825,"modal":"https:\/\/int.design\/wp-content\/uploads\/2022\/03\/_MG_0709_mod_pp-1280x1920.jpg","modal-width":1280,"modal-height":1920,"number":"https:\/\/int.design\/wp-content\/uploads\/2022\/03\/_MG_0709_mod_pp-287x430.jpg","number-width":287,"number-height":430,"partner":"https:\/\/int.design\/wp-content\/uploads\/2022\/03\/_MG_0709_mod_pp-140x210.jpg","partner-width":140,"partner-height":210,"ranking":"https:\/\/int.design\/wp-content\/uploads\/2022\/03\/_MG_0709_mod_pp-960x540.jpg","ranking-width":960,"ranking-height":540,"schedule":"https:\/\/int.design\/wp-content\/uploads\/2022\/03\/_MG_0709_mod_pp-960x360.jpg","schedule-width":960,"schedule-height":360,"slideshow":"https:\/\/int.design\/wp-content\/uploads\/2022\/03\/_MG_0709_mod_pp-453x680.jpg","slideshow-width":453,"slideshow-height":680}},"file":false},{"name":"Myriam Neveu","credit":"","image":{"ID":86274,"id":86274,"title":"_MG_1113_mod_pp","filename":"_MG_1113_mod_pp-scaled.jpg","filesize":0,"url":"https:\/\/int.design\/wp-content\/uploads\/2022\/03\/_MG_1113_mod_pp-scaled.jpg","link":"https:\/\/int.design\/fr\/projets\/agrandissement-complexe-arena-val-despoir\/_mg_1113_mod_pp\/","alt":"","author":"612","description":"","caption":"","name":"_mg_1113_mod_pp","status":"inherit","uploaded_to":84770,"date":"2022-03-28 19:37:52","modified":"2022-03-28 19:47:12","menu_order":0,"mime_type":"image\/jpeg","type":"image","subtype":"jpeg","icon":"https:\/\/int.design\/wp-includes\/images\/media\/default.png","width":1707,"height":2560,"sizes":{"thumbnail":"https:\/\/int.design\/wp-content\/uploads\/2022\/03\/_MG_1113_mod_pp-150x150.jpg","thumbnail-width":150,"thumbnail-height":150,"medium":"https:\/\/int.design\/wp-content\/uploads\/2022\/03\/_MG_1113_mod_pp-200x300.jpg","medium-width":200,"medium-height":300,"medium_large":"https:\/\/int.design\/wp-content\/uploads\/2022\/03\/_MG_1113_mod_pp-768x1152.jpg","medium_large-width":768,"medium_large-height":1152,"large":"https:\/\/int.design\/wp-content\/uploads\/2022\/03\/_MG_1113_mod_pp-683x1024.jpg","large-width":683,"large-height":1024,"1536x1536":"https:\/\/int.design\/wp-content\/uploads\/2022\/03\/_MG_1113_mod_pp-1024x1536.jpg","1536x1536-width":1024,"1536x1536-height":1536,"2048x2048":"https:\/\/int.design\/wp-content\/uploads\/2022\/03\/_MG_1113_mod_pp-1365x2048.jpg","2048x2048-width":1365,"2048x2048-height":2048,"article":"https:\/\/int.design\/wp-content\/uploads\/2022\/03\/_MG_1113_mod_pp-960x540.jpg","article-width":960,"article-height":540,"banner":"https:\/\/int.design\/wp-content\/uploads\/2022\/03\/_MG_1113_mod_pp-1920x2880.jpg","banner-width":1920,"banner-height":2880,"block":"https:\/\/int.design\/wp-content\/uploads\/2022\/03\/_MG_1113_mod_pp-900x680.jpg","block-width":900,"block-height":680,"card":"https:\/\/int.design\/wp-content\/uploads\/2022\/03\/_MG_1113_mod_pp-560x495.jpg","card-width":560,"card-height":495,"card-thumbnail":"https:\/\/int.design\/wp-content\/uploads\/2022\/03\/_MG_1113_mod_pp-450x340.jpg","card-thumbnail-width":450,"card-thumbnail-height":340,"conference":"https:\/\/int.design\/wp-content\/uploads\/2022\/03\/_MG_1113_mod_pp-560x250.jpg","conference-width":560,"conference-height":250,"contest":"https:\/\/int.design\/wp-content\/uploads\/2022\/03\/_MG_1113_mod_pp-960x400.jpg","contest-width":960,"contest-height":400,"cta":"https:\/\/int.design\/wp-content\/uploads\/2022\/03\/_MG_1113_mod_pp-415x170.jpg","cta-width":415,"cta-height":170,"exhibitor":"https:\/\/int.design\/wp-content\/uploads\/2022\/03\/_MG_1113_mod_pp-560x560.jpg","exhibitor-width":560,"exhibitor-height":560,"gallery":"https:\/\/int.design\/wp-content\/uploads\/2022\/03\/_MG_1113_mod_pp-287x430.jpg","gallery-width":287,"gallery-height":430,"logo":"https:\/\/int.design\/wp-content\/uploads\/2022\/03\/_MG_1113_mod_pp-67x100.jpg","logo-width":67,"logo-height":100,"masonry":"https:\/\/int.design\/wp-content\/uploads\/2022\/03\/_MG_1113_mod_pp-550x825.jpg","masonry-width":550,"masonry-height":825,"modal":"https:\/\/int.design\/wp-content\/uploads\/2022\/03\/_MG_1113_mod_pp-1280x1920.jpg","modal-width":1280,"modal-height":1920,"number":"https:\/\/int.design\/wp-content\/uploads\/2022\/03\/_MG_1113_mod_pp-287x430.jpg","number-width":287,"number-height":430,"partner":"https:\/\/int.design\/wp-content\/uploads\/2022\/03\/_MG_1113_mod_pp-140x210.jpg","partner-width":140,"partner-height":210,"ranking":"https:\/\/int.design\/wp-content\/uploads\/2022\/03\/_MG_1113_mod_pp-960x540.jpg","ranking-width":960,"ranking-height":540,"schedule":"https:\/\/int.design\/wp-content\/uploads\/2022\/03\/_MG_1113_mod_pp-960x360.jpg","schedule-width":960,"schedule-height":360,"slideshow":"https:\/\/int.design\/wp-content\/uploads\/2022\/03\/_MG_1113_mod_pp-453x680.jpg","slideshow-width":453,"slideshow-height":680}},"file":false}],"cover":[{"categories":[2482],"credit":"Rapha\u00ebl Thibodeau","image":{"ID":86278,"id":86278,"title":"Arena-Mirabel_01406-2_RThibodeau","filename":"Arena-Mirabel_01406-2_RThibodeau-scaled.jpg","filesize":0,"url":"https:\/\/int.design\/wp-content\/uploads\/2022\/03\/Arena-Mirabel_01406-2_RThibodeau-scaled.jpg","link":"https:\/\/int.design\/fr\/projets\/agrandissement-complexe-arena-val-despoir\/arena-mirabel_01406-2_rthibodeau\/","alt":"","author":"612","description":"Agrandissement Complexe Ar\u00e9na Val d'Espoir TLA Architectes TLA Architectes","caption":"","name":"arena-mirabel_01406-2_rthibodeau","status":"inherit","uploaded_to":84770,"date":"2022-03-28 19:45:19","modified":"2022-08-09 15:43:03","menu_order":0,"mime_type":"image\/jpeg","type":"image","subtype":"jpeg","icon":"https:\/\/int.design\/wp-includes\/images\/media\/default.png","width":2560,"height":1706,"sizes":{"thumbnail":"https:\/\/int.design\/wp-content\/uploads\/2022\/03\/Arena-Mirabel_01406-2_RThibodeau-150x150.jpg","thumbnail-width":150,"thumbnail-height":150,"medium":"https:\/\/int.design\/wp-content\/uploads\/2022\/03\/Arena-Mirabel_01406-2_RThibodeau-300x200.jpg","medium-width":300,"medium-height":200,"medium_large":"https:\/\/int.design\/wp-content\/uploads\/2022\/03\/Arena-Mirabel_01406-2_RThibodeau-768x512.jpg","medium_large-width":768,"medium_large-height":512,"large":"https:\/\/int.design\/wp-content\/uploads\/2022\/03\/Arena-Mirabel_01406-2_RThibodeau-1024x683.jpg","large-width":1024,"large-height":683,"1536x1536":"https:\/\/int.design\/wp-content\/uploads\/2022\/03\/Arena-Mirabel_01406-2_RThibodeau-1536x1024.jpg","1536x1536-width":1536,"1536x1536-height":1024,"2048x2048":"https:\/\/int.design\/wp-content\/uploads\/2022\/03\/Arena-Mirabel_01406-2_RThibodeau-2048x1365.jpg","2048x2048-width":2048,"2048x2048-height":1365,"article":"https:\/\/int.design\/wp-content\/uploads\/2022\/03\/Arena-Mirabel_01406-2_RThibodeau-960x540.jpg","article-width":960,"article-height":540,"banner":"https:\/\/int.design\/wp-content\/uploads\/2022\/03\/Arena-Mirabel_01406-2_RThibodeau-1920x1280.jpg","banner-width":1920,"banner-height":1280,"block":"https:\/\/int.design\/wp-content\/uploads\/2022\/03\/Arena-Mirabel_01406-2_RThibodeau-900x680.jpg","block-width":900,"block-height":680,"card":"https:\/\/int.design\/wp-content\/uploads\/2022\/03\/Arena-Mirabel_01406-2_RThibodeau-560x495.jpg","card-width":560,"card-height":495,"card-thumbnail":"https:\/\/int.design\/wp-content\/uploads\/2022\/03\/Arena-Mirabel_01406-2_RThibodeau-450x340.jpg","card-thumbnail-width":450,"card-thumbnail-height":340,"conference":"https:\/\/int.design\/wp-content\/uploads\/2022\/03\/Arena-Mirabel_01406-2_RThibodeau-560x250.jpg","conference-width":560,"conference-height":250,"contest":"https:\/\/int.design\/wp-content\/uploads\/2022\/03\/Arena-Mirabel_01406-2_RThibodeau-960x400.jpg","contest-width":960,"contest-height":400,"cta":"https:\/\/int.design\/wp-content\/uploads\/2022\/03\/Arena-Mirabel_01406-2_RThibodeau-415x170.jpg","cta-width":415,"cta-height":170,"exhibitor":"https:\/\/int.design\/wp-content\/uploads\/2022\/03\/Arena-Mirabel_01406-2_RThibodeau-560x560.jpg","exhibitor-width":560,"exhibitor-height":560,"gallery":"https:\/\/int.design\/wp-content\/uploads\/2022\/03\/Arena-Mirabel_01406-2_RThibodeau-560x373.jpg","gallery-width":560,"gallery-height":373,"logo":"https:\/\/int.design\/wp-content\/uploads\/2022\/03\/Arena-Mirabel_01406-2_RThibodeau-150x100.jpg","logo-width":150,"logo-height":100,"masonry":"https:\/\/int.design\/wp-content\/uploads\/2022\/03\/Arena-Mirabel_01406-2_RThibodeau-550x367.jpg","masonry-width":550,"masonry-height":367,"modal":"https:\/\/int.design\/wp-content\/uploads\/2022\/03\/Arena-Mirabel_01406-2_RThibodeau-1920x1280.jpg","modal-width":1920,"modal-height":1280,"number":"https:\/\/int.design\/wp-content\/uploads\/2022\/03\/Arena-Mirabel_01406-2_RThibodeau-560x373.jpg","number-width":560,"number-height":373,"partner":"https:\/\/int.design\/wp-content\/uploads\/2022\/03\/Arena-Mirabel_01406-2_RThibodeau-275x183.jpg","partner-width":275,"partner-height":183,"ranking":"https:\/\/int.design\/wp-content\/uploads\/2022\/03\/Arena-Mirabel_01406-2_RThibodeau-960x540.jpg","ranking-width":960,"ranking-height":540,"schedule":"https:\/\/int.design\/wp-content\/uploads\/2022\/03\/Arena-Mirabel_01406-2_RThibodeau-960x360.jpg","schedule-width":960,"schedule-height":360,"slideshow":"https:\/\/int.design\/wp-content\/uploads\/2022\/03\/Arena-Mirabel_01406-2_RThibodeau-1020x680.jpg","slideshow-width":1020,"slideshow-height":680}},"filters":false,"suppliers":false,"attachment_category":{"65":"Lieu design","565":"Sport et Loisir"}}],"images":[{"categories":[2482],"credit":"Rapha\u00ebl Thibodeau","image":{"ID":86279,"id":86279,"title":"Arena-Mirabel_01161_RThibodeau","filename":"Arena-Mirabel_01161_RThibodeau-scaled.jpg","filesize":0,"url":"https:\/\/int.design\/wp-content\/uploads\/2022\/03\/Arena-Mirabel_01161_RThibodeau-scaled.jpg","link":"https:\/\/int.design\/fr\/projets\/agrandissement-complexe-arena-val-despoir\/arena-mirabel_01161_rthibodeau\/","alt":"","author":"612","description":"Agrandissement Complexe Ar\u00e9na Val d'Espoir TLA Architectes TLA Architectes","caption":"","name":"arena-mirabel_01161_rthibodeau","status":"inherit","uploaded_to":84770,"date":"2022-03-28 19:45:51","modified":"2022-08-09 15:43:03","menu_order":0,"mime_type":"image\/jpeg","type":"image","subtype":"jpeg","icon":"https:\/\/int.design\/wp-includes\/images\/media\/default.png","width":2560,"height":1706,"sizes":{"thumbnail":"https:\/\/int.design\/wp-content\/uploads\/2022\/03\/Arena-Mirabel_01161_RThibodeau-150x150.jpg","thumbnail-width":150,"thumbnail-height":150,"medium":"https:\/\/int.design\/wp-content\/uploads\/2022\/03\/Arena-Mirabel_01161_RThibodeau-300x200.jpg","medium-width":300,"medium-height":200,"medium_large":"https:\/\/int.design\/wp-content\/uploads\/2022\/03\/Arena-Mirabel_01161_RThibodeau-768x512.jpg","medium_large-width":768,"medium_large-height":512,"large":"https:\/\/int.design\/wp-content\/uploads\/2022\/03\/Arena-Mirabel_01161_RThibodeau-1024x683.jpg","large-width":1024,"large-height":683,"1536x1536":"https:\/\/int.design\/wp-content\/uploads\/2022\/03\/Arena-Mirabel_01161_RThibodeau-1536x1024.jpg","1536x1536-width":1536,"1536x1536-height":1024,"2048x2048":"https:\/\/int.design\/wp-content\/uploads\/2022\/03\/Arena-Mirabel_01161_RThibodeau-2048x1365.jpg","2048x2048-width":2048,"2048x2048-height":1365,"article":"https:\/\/int.design\/wp-content\/uploads\/2022\/03\/Arena-Mirabel_01161_RThibodeau-960x540.jpg","article-width":960,"article-height":540,"banner":"https:\/\/int.design\/wp-content\/uploads\/2022\/03\/Arena-Mirabel_01161_RThibodeau-1920x1280.jpg","banner-width":1920,"banner-height":1280,"block":"https:\/\/int.design\/wp-content\/uploads\/2022\/03\/Arena-Mirabel_01161_RThibodeau-900x680.jpg","block-width":900,"block-height":680,"card":"https:\/\/int.design\/wp-content\/uploads\/2022\/03\/Arena-Mirabel_01161_RThibodeau-560x495.jpg","card-width":560,"card-height":495,"card-thumbnail":"https:\/\/int.design\/wp-content\/uploads\/2022\/03\/Arena-Mirabel_01161_RThibodeau-450x340.jpg","card-thumbnail-width":450,"card-thumbnail-height":340,"conference":"https:\/\/int.design\/wp-content\/uploads\/2022\/03\/Arena-Mirabel_01161_RThibodeau-560x250.jpg","conference-width":560,"conference-height":250,"contest":"https:\/\/int.design\/wp-content\/uploads\/2022\/03\/Arena-Mirabel_01161_RThibodeau-960x400.jpg","contest-width":960,"contest-height":400,"cta":"https:\/\/int.design\/wp-content\/uploads\/2022\/03\/Arena-Mirabel_01161_RThibodeau-415x170.jpg","cta-width":415,"cta-height":170,"exhibitor":"https:\/\/int.design\/wp-content\/uploads\/2022\/03\/Arena-Mirabel_01161_RThibodeau-560x560.jpg","exhibitor-width":560,"exhibitor-height":560,"gallery":"https:\/\/int.design\/wp-content\/uploads\/2022\/03\/Arena-Mirabel_01161_RThibodeau-560x373.jpg","gallery-width":560,"gallery-height":373,"logo":"https:\/\/int.design\/wp-content\/uploads\/2022\/03\/Arena-Mirabel_01161_RThibodeau-150x100.jpg","logo-width":150,"logo-height":100,"masonry":"https:\/\/int.design\/wp-content\/uploads\/2022\/03\/Arena-Mirabel_01161_RThibodeau-550x367.jpg","masonry-width":550,"masonry-height":367,"modal":"https:\/\/int.design\/wp-content\/uploads\/2022\/03\/Arena-Mirabel_01161_RThibodeau-1920x1280.jpg","modal-width":1920,"modal-height":1280,"number":"https:\/\/int.design\/wp-content\/uploads\/2022\/03\/Arena-Mirabel_01161_RThibodeau-560x373.jpg","number-width":560,"number-height":373,"partner":"https:\/\/int.design\/wp-content\/uploads\/2022\/03\/Arena-Mirabel_01161_RThibodeau-275x183.jpg","partner-width":275,"partner-height":183,"ranking":"https:\/\/int.design\/wp-content\/uploads\/2022\/03\/Arena-Mirabel_01161_RThibodeau-960x540.jpg","ranking-width":960,"ranking-height":540,"schedule":"https:\/\/int.design\/wp-content\/uploads\/2022\/03\/Arena-Mirabel_01161_RThibodeau-960x360.jpg","schedule-width":960,"schedule-height":360,"slideshow":"https:\/\/int.design\/wp-content\/uploads\/2022\/03\/Arena-Mirabel_01161_RThibodeau-1020x680.jpg","slideshow-width":1020,"slideshow-height":680}},"filters":false,"suppliers":false,"attachment_category":[]},{"categories":[2482],"credit":"Rapha\u00ebl Thibodeau","image":{"ID":86280,"id":86280,"title":"Arena-Mirabel_01305_RThibodeau","filename":"Arena-Mirabel_01305_RThibodeau-scaled.jpg","filesize":0,"url":"https:\/\/int.design\/wp-content\/uploads\/2022\/03\/Arena-Mirabel_01305_RThibodeau-scaled.jpg","link":"https:\/\/int.design\/fr\/projets\/agrandissement-complexe-arena-val-despoir\/arena-mirabel_01305_rthibodeau\/","alt":"","author":"612","description":"Agrandissement Complexe Ar\u00e9na Val d'Espoir TLA Architectes TLA Architectes","caption":"","name":"arena-mirabel_01305_rthibodeau","status":"inherit","uploaded_to":84770,"date":"2022-03-28 19:46:17","modified":"2022-08-09 15:43:03","menu_order":0,"mime_type":"image\/jpeg","type":"image","subtype":"jpeg","icon":"https:\/\/int.design\/wp-includes\/images\/media\/default.png","width":1920,"height":2560,"sizes":{"thumbnail":"https:\/\/int.design\/wp-content\/uploads\/2022\/03\/Arena-Mirabel_01305_RThibodeau-150x150.jpg","thumbnail-width":150,"thumbnail-height":150,"medium":"https:\/\/int.design\/wp-content\/uploads\/2022\/03\/Arena-Mirabel_01305_RThibodeau-225x300.jpg","medium-width":225,"medium-height":300,"medium_large":"https:\/\/int.design\/wp-content\/uploads\/2022\/03\/Arena-Mirabel_01305_RThibodeau-768x1024.jpg","medium_large-width":768,"medium_large-height":1024,"large":"https:\/\/int.design\/wp-content\/uploads\/2022\/03\/Arena-Mirabel_01305_RThibodeau-768x1024.jpg","large-width":768,"large-height":1024,"1536x1536":"https:\/\/int.design\/wp-content\/uploads\/2022\/03\/Arena-Mirabel_01305_RThibodeau-1152x1536.jpg","1536x1536-width":1152,"1536x1536-height":1536,"2048x2048":"https:\/\/int.design\/wp-content\/uploads\/2022\/03\/Arena-Mirabel_01305_RThibodeau-1536x2048.jpg","2048x2048-width":1536,"2048x2048-height":2048,"article":"https:\/\/int.design\/wp-content\/uploads\/2022\/03\/Arena-Mirabel_01305_RThibodeau-960x540.jpg","article-width":960,"article-height":540,"banner":"https:\/\/int.design\/wp-content\/uploads\/2022\/03\/Arena-Mirabel_01305_RThibodeau-1920x2560.jpg","banner-width":1920,"banner-height":2560,"block":"https:\/\/int.design\/wp-content\/uploads\/2022\/03\/Arena-Mirabel_01305_RThibodeau-900x680.jpg","block-width":900,"block-height":680,"card":"https:\/\/int.design\/wp-content\/uploads\/2022\/03\/Arena-Mirabel_01305_RThibodeau-560x495.jpg","card-width":560,"card-height":495,"card-thumbnail":"https:\/\/int.design\/wp-content\/uploads\/2022\/03\/Arena-Mirabel_01305_RThibodeau-450x340.jpg","card-thumbnail-width":450,"card-thumbnail-height":340,"conference":"https:\/\/int.design\/wp-content\/uploads\/2022\/03\/Arena-Mirabel_01305_RThibodeau-560x250.jpg","conference-width":560,"conference-height":250,"contest":"https:\/\/int.design\/wp-content\/uploads\/2022\/03\/Arena-Mirabel_01305_RThibodeau-960x400.jpg","contest-width":960,"contest-height":400,"cta":"https:\/\/int.design\/wp-content\/uploads\/2022\/03\/Arena-Mirabel_01305_RThibodeau-415x170.jpg","cta-width":415,"cta-height":170,"exhibitor":"https:\/\/int.design\/wp-content\/uploads\/2022\/03\/Arena-Mirabel_01305_RThibodeau-560x560.jpg","exhibitor-width":560,"exhibitor-height":560,"gallery":"https:\/\/int.design\/wp-content\/uploads\/2022\/03\/Arena-Mirabel_01305_RThibodeau-323x430.jpg","gallery-width":323,"gallery-height":430,"logo":"https:\/\/int.design\/wp-content\/uploads\/2022\/03\/Arena-Mirabel_01305_RThibodeau-75x100.jpg","logo-width":75,"logo-height":100,"masonry":"https:\/\/int.design\/wp-content\/uploads\/2022\/03\/Arena-Mirabel_01305_RThibodeau-550x733.jpg","masonry-width":550,"masonry-height":733,"modal":"https:\/\/int.design\/wp-content\/uploads\/2022\/03\/Arena-Mirabel_01305_RThibodeau-1440x1920.jpg","modal-width":1440,"modal-height":1920,"number":"https:\/\/int.design\/wp-content\/uploads\/2022\/03\/Arena-Mirabel_01305_RThibodeau-323x430.jpg","number-width":323,"number-height":430,"partner":"https:\/\/int.design\/wp-content\/uploads\/2022\/03\/Arena-Mirabel_01305_RThibodeau-158x210.jpg","partner-width":158,"partner-height":210,"ranking":"https:\/\/int.design\/wp-content\/uploads\/2022\/03\/Arena-Mirabel_01305_RThibodeau-960x540.jpg","ranking-width":960,"ranking-height":540,"schedule":"https:\/\/int.design\/wp-content\/uploads\/2022\/03\/Arena-Mirabel_01305_RThibodeau-960x360.jpg","schedule-width":960,"schedule-height":360,"slideshow":"https:\/\/int.design\/wp-content\/uploads\/2022\/03\/Arena-Mirabel_01305_RThibodeau-510x680.jpg","slideshow-width":510,"slideshow-height":680}},"filters":false,"suppliers":false,"attachment_category":[]},{"categories":[2482],"credit":"Rapha\u00ebl Thibodeau","image":{"ID":86281,"id":86281,"title":"Arena-Mirabel_01347_RThibodeau","filename":"7_Arena-Mirabel_01347_RThibodeau-scaled.jpg","filesize":0,"url":"https:\/\/int.design\/wp-content\/uploads\/2022\/03\/7_Arena-Mirabel_01347_RThibodeau-scaled.jpg","link":"https:\/\/int.design\/fr\/projets\/agrandissement-complexe-arena-val-despoir\/arena-mirabel_01347_rthibodeau-3\/","alt":"","author":"612","description":"Agrandissement Complexe Ar\u00e9na Val d'Espoir TLA Architectes TLA Architectes","caption":"","name":"arena-mirabel_01347_rthibodeau-3","status":"inherit","uploaded_to":84770,"date":"2022-03-28 19:46:45","modified":"2022-08-09 15:43:03","menu_order":0,"mime_type":"image\/jpeg","type":"image","subtype":"jpeg","icon":"https:\/\/int.design\/wp-includes\/images\/media\/default.png","width":2560,"height":1706,"sizes":{"thumbnail":"https:\/\/int.design\/wp-content\/uploads\/2022\/03\/7_Arena-Mirabel_01347_RThibodeau-150x150.jpg","thumbnail-width":150,"thumbnail-height":150,"medium":"https:\/\/int.design\/wp-content\/uploads\/2022\/03\/7_Arena-Mirabel_01347_RThibodeau-300x200.jpg","medium-width":300,"medium-height":200,"medium_large":"https:\/\/int.design\/wp-content\/uploads\/2022\/03\/7_Arena-Mirabel_01347_RThibodeau-768x512.jpg","medium_large-width":768,"medium_large-height":512,"large":"https:\/\/int.design\/wp-content\/uploads\/2022\/03\/7_Arena-Mirabel_01347_RThibodeau-1024x683.jpg","large-width":1024,"large-height":683,"1536x1536":"https:\/\/int.design\/wp-content\/uploads\/2022\/03\/7_Arena-Mirabel_01347_RThibodeau-1536x1024.jpg","1536x1536-width":1536,"1536x1536-height":1024,"2048x2048":"https:\/\/int.design\/wp-content\/uploads\/2022\/03\/7_Arena-Mirabel_01347_RThibodeau-2048x1365.jpg","2048x2048-width":2048,"2048x2048-height":1365,"article":"https:\/\/int.design\/wp-content\/uploads\/2022\/03\/7_Arena-Mirabel_01347_RThibodeau-960x540.jpg","article-width":960,"article-height":540,"banner":"https:\/\/int.design\/wp-content\/uploads\/2022\/03\/7_Arena-Mirabel_01347_RThibodeau-1920x1280.jpg","banner-width":1920,"banner-height":1280,"block":"https:\/\/int.design\/wp-content\/uploads\/2022\/03\/7_Arena-Mirabel_01347_RThibodeau-900x680.jpg","block-width":900,"block-height":680,"card":"https:\/\/int.design\/wp-content\/uploads\/2022\/03\/7_Arena-Mirabel_01347_RThibodeau-560x495.jpg","card-width":560,"card-height":495,"card-thumbnail":"https:\/\/int.design\/wp-content\/uploads\/2022\/03\/7_Arena-Mirabel_01347_RThibodeau-450x340.jpg","card-thumbnail-width":450,"card-thumbnail-height":340,"conference":"https:\/\/int.design\/wp-content\/uploads\/2022\/03\/7_Arena-Mirabel_01347_RThibodeau-560x250.jpg","conference-width":560,"conference-height":250,"contest":"https:\/\/int.design\/wp-content\/uploads\/2022\/03\/7_Arena-Mirabel_01347_RThibodeau-960x400.jpg","contest-width":960,"contest-height":400,"cta":"https:\/\/int.design\/wp-content\/uploads\/2022\/03\/7_Arena-Mirabel_01347_RThibodeau-415x170.jpg","cta-width":415,"cta-height":170,"exhibitor":"https:\/\/int.design\/wp-content\/uploads\/2022\/03\/7_Arena-Mirabel_01347_RThibodeau-560x560.jpg","exhibitor-width":560,"exhibitor-height":560,"gallery":"https:\/\/int.design\/wp-content\/uploads\/2022\/03\/7_Arena-Mirabel_01347_RThibodeau-560x373.jpg","gallery-width":560,"gallery-height":373,"logo":"https:\/\/int.design\/wp-content\/uploads\/2022\/03\/7_Arena-Mirabel_01347_RThibodeau-150x100.jpg","logo-width":150,"logo-height":100,"masonry":"https:\/\/int.design\/wp-content\/uploads\/2022\/03\/7_Arena-Mirabel_01347_RThibodeau-550x367.jpg","masonry-width":550,"masonry-height":367,"modal":"https:\/\/int.design\/wp-content\/uploads\/2022\/03\/7_Arena-Mirabel_01347_RThibodeau-1920x1280.jpg","modal-width":1920,"modal-height":1280,"number":"https:\/\/int.design\/wp-content\/uploads\/2022\/03\/7_Arena-Mirabel_01347_RThibodeau-560x373.jpg","number-width":560,"number-height":373,"partner":"https:\/\/int.design\/wp-content\/uploads\/2022\/03\/7_Arena-Mirabel_01347_RThibodeau-275x183.jpg","partner-width":275,"partner-height":183,"ranking":"https:\/\/int.design\/wp-content\/uploads\/2022\/03\/7_Arena-Mirabel_01347_RThibodeau-960x540.jpg","ranking-width":960,"ranking-height":540,"schedule":"https:\/\/int.design\/wp-content\/uploads\/2022\/03\/7_Arena-Mirabel_01347_RThibodeau-960x360.jpg","schedule-width":960,"schedule-height":360,"slideshow":"https:\/\/int.design\/wp-content\/uploads\/2022\/03\/7_Arena-Mirabel_01347_RThibodeau-1020x680.jpg","slideshow-width":1020,"slideshow-height":680}},"filters":false,"suppliers":false,"attachment_category":[]},{"categories":[2482],"credit":"Rapha\u00ebl Thibodeau","image":{"ID":86283,"id":86283,"title":"Arena-Mirabel_01406-2_RThibodeau","filename":"6_Arena-Mirabel_01406-2_RThibodeau-scaled.jpg","filesize":0,"url":"https:\/\/int.design\/wp-content\/uploads\/2022\/03\/6_Arena-Mirabel_01406-2_RThibodeau-scaled.jpg","link":"https:\/\/int.design\/fr\/projets\/agrandissement-complexe-arena-val-despoir\/arena-mirabel_01406-2_rthibodeau-2\/","alt":"","author":"612","description":"Agrandissement Complexe Ar\u00e9na Val d'Espoir TLA Architectes TLA Architectes","caption":"","name":"arena-mirabel_01406-2_rthibodeau-2","status":"inherit","uploaded_to":84770,"date":"2022-03-28 19:47:43","modified":"2022-08-09 15:43:04","menu_order":0,"mime_type":"image\/jpeg","type":"image","subtype":"jpeg","icon":"https:\/\/int.design\/wp-includes\/images\/media\/default.png","width":2560,"height":1706,"sizes":{"thumbnail":"https:\/\/int.design\/wp-content\/uploads\/2022\/03\/6_Arena-Mirabel_01406-2_RThibodeau-150x150.jpg","thumbnail-width":150,"thumbnail-height":150,"medium":"https:\/\/int.design\/wp-content\/uploads\/2022\/03\/6_Arena-Mirabel_01406-2_RThibodeau-300x200.jpg","medium-width":300,"medium-height":200,"medium_large":"https:\/\/int.design\/wp-content\/uploads\/2022\/03\/6_Arena-Mirabel_01406-2_RThibodeau-768x512.jpg","medium_large-width":768,"medium_large-height":512,"large":"https:\/\/int.design\/wp-content\/uploads\/2022\/03\/6_Arena-Mirabel_01406-2_RThibodeau-1024x683.jpg","large-width":1024,"large-height":683,"1536x1536":"https:\/\/int.design\/wp-content\/uploads\/2022\/03\/6_Arena-Mirabel_01406-2_RThibodeau-1536x1024.jpg","1536x1536-width":1536,"1536x1536-height":1024,"2048x2048":"https:\/\/int.design\/wp-content\/uploads\/2022\/03\/6_Arena-Mirabel_01406-2_RThibodeau-2048x1365.jpg","2048x2048-width":2048,"2048x2048-height":1365,"article":"https:\/\/int.design\/wp-content\/uploads\/2022\/03\/6_Arena-Mirabel_01406-2_RThibodeau-960x540.jpg","article-width":960,"article-height":540,"banner":"https:\/\/int.design\/wp-content\/uploads\/2022\/03\/6_Arena-Mirabel_01406-2_RThibodeau-1920x1280.jpg","banner-width":1920,"banner-height":1280,"block":"https:\/\/int.design\/wp-content\/uploads\/2022\/03\/6_Arena-Mirabel_01406-2_RThibodeau-900x680.jpg","block-width":900,"block-height":680,"card":"https:\/\/int.design\/wp-content\/uploads\/2022\/03\/6_Arena-Mirabel_01406-2_RThibodeau-560x495.jpg","card-width":560,"card-height":495,"card-thumbnail":"https:\/\/int.design\/wp-content\/uploads\/2022\/03\/6_Arena-Mirabel_01406-2_RThibodeau-450x340.jpg","card-thumbnail-width":450,"card-thumbnail-height":340,"conference":"https:\/\/int.design\/wp-content\/uploads\/2022\/03\/6_Arena-Mirabel_01406-2_RThibodeau-560x250.jpg","conference-width":560,"conference-height":250,"contest":"https:\/\/int.design\/wp-content\/uploads\/2022\/03\/6_Arena-Mirabel_01406-2_RThibodeau-960x400.jpg","contest-width":960,"contest-height":400,"cta":"https:\/\/int.design\/wp-content\/uploads\/2022\/03\/6_Arena-Mirabel_01406-2_RThibodeau-415x170.jpg","cta-width":415,"cta-height":170,"exhibitor":"https:\/\/int.design\/wp-content\/uploads\/2022\/03\/6_Arena-Mirabel_01406-2_RThibodeau-560x560.jpg","exhibitor-width":560,"exhibitor-height":560,"gallery":"https:\/\/int.design\/wp-content\/uploads\/2022\/03\/6_Arena-Mirabel_01406-2_RThibodeau-560x373.jpg","gallery-width":560,"gallery-height":373,"logo":"https:\/\/int.design\/wp-content\/uploads\/2022\/03\/6_Arena-Mirabel_01406-2_RThibodeau-150x100.jpg","logo-width":150,"logo-height":100,"masonry":"https:\/\/int.design\/wp-content\/uploads\/2022\/03\/6_Arena-Mirabel_01406-2_RThibodeau-550x367.jpg","masonry-width":550,"masonry-height":367,"modal":"https:\/\/int.design\/wp-content\/uploads\/2022\/03\/6_Arena-Mirabel_01406-2_RThibodeau-1920x1280.jpg","modal-width":1920,"modal-height":1280,"number":"https:\/\/int.design\/wp-content\/uploads\/2022\/03\/6_Arena-Mirabel_01406-2_RThibodeau-560x373.jpg","number-width":560,"number-height":373,"partner":"https:\/\/int.design\/wp-content\/uploads\/2022\/03\/6_Arena-Mirabel_01406-2_RThibodeau-275x183.jpg","partner-width":275,"partner-height":183,"ranking":"https:\/\/int.design\/wp-content\/uploads\/2022\/03\/6_Arena-Mirabel_01406-2_RThibodeau-960x540.jpg","ranking-width":960,"ranking-height":540,"schedule":"https:\/\/int.design\/wp-content\/uploads\/2022\/03\/6_Arena-Mirabel_01406-2_RThibodeau-960x360.jpg","schedule-width":960,"schedule-height":360,"slideshow":"https:\/\/int.design\/wp-content\/uploads\/2022\/03\/6_Arena-Mirabel_01406-2_RThibodeau-1020x680.jpg","slideshow-width":1020,"slideshow-height":680}},"filters":false,"suppliers":false,"attachment_category":[]},{"categories":[2482],"credit":"Rapha\u00ebl Thibodeau","image":{"ID":86284,"id":86284,"title":"Arena-Mirabel_01451_RThibodeau","filename":"Arena-Mirabel_01451_RThibodeau-scaled.jpg","filesize":0,"url":"https:\/\/int.design\/wp-content\/uploads\/2022\/03\/Arena-Mirabel_01451_RThibodeau-scaled.jpg","link":"https:\/\/int.design\/fr\/projets\/agrandissement-complexe-arena-val-despoir\/arena-mirabel_01451_rthibodeau\/","alt":"","author":"612","description":"Agrandissement Complexe Ar\u00e9na Val d'Espoir TLA Architectes TLA Architectes","caption":"","name":"arena-mirabel_01451_rthibodeau","status":"inherit","uploaded_to":84770,"date":"2022-03-28 19:48:01","modified":"2022-08-09 15:43:04","menu_order":0,"mime_type":"image\/jpeg","type":"image","subtype":"jpeg","icon":"https:\/\/int.design\/wp-includes\/images\/media\/default.png","width":2560,"height":1706,"sizes":{"thumbnail":"https:\/\/int.design\/wp-content\/uploads\/2022\/03\/Arena-Mirabel_01451_RThibodeau-150x150.jpg","thumbnail-width":150,"thumbnail-height":150,"medium":"https:\/\/int.design\/wp-content\/uploads\/2022\/03\/Arena-Mirabel_01451_RThibodeau-300x200.jpg","medium-width":300,"medium-height":200,"medium_large":"https:\/\/int.design\/wp-content\/uploads\/2022\/03\/Arena-Mirabel_01451_RThibodeau-768x512.jpg","medium_large-width":768,"medium_large-height":512,"large":"https:\/\/int.design\/wp-content\/uploads\/2022\/03\/Arena-Mirabel_01451_RThibodeau-1024x683.jpg","large-width":1024,"large-height":683,"1536x1536":"https:\/\/int.design\/wp-content\/uploads\/2022\/03\/Arena-Mirabel_01451_RThibodeau-1536x1024.jpg","1536x1536-width":1536,"1536x1536-height":1024,"2048x2048":"https:\/\/int.design\/wp-content\/uploads\/2022\/03\/Arena-Mirabel_01451_RThibodeau-2048x1365.jpg","2048x2048-width":2048,"2048x2048-height":1365,"article":"https:\/\/int.design\/wp-content\/uploads\/2022\/03\/Arena-Mirabel_01451_RThibodeau-960x540.jpg","article-width":960,"article-height":540,"banner":"https:\/\/int.design\/wp-content\/uploads\/2022\/03\/Arena-Mirabel_01451_RThibodeau-1920x1280.jpg","banner-width":1920,"banner-height":1280,"block":"https:\/\/int.design\/wp-content\/uploads\/2022\/03\/Arena-Mirabel_01451_RThibodeau-900x680.jpg","block-width":900,"block-height":680,"card":"https:\/\/int.design\/wp-content\/uploads\/2022\/03\/Arena-Mirabel_01451_RThibodeau-560x495.jpg","card-width":560,"card-height":495,"card-thumbnail":"https:\/\/int.design\/wp-content\/uploads\/2022\/03\/Arena-Mirabel_01451_RThibodeau-450x340.jpg","card-thumbnail-width":450,"card-thumbnail-height":340,"conference":"https:\/\/int.design\/wp-content\/uploads\/2022\/03\/Arena-Mirabel_01451_RThibodeau-560x250.jpg","conference-width":560,"conference-height":250,"contest":"https:\/\/int.design\/wp-content\/uploads\/2022\/03\/Arena-Mirabel_01451_RThibodeau-960x400.jpg","contest-width":960,"contest-height":400,"cta":"https:\/\/int.design\/wp-content\/uploads\/2022\/03\/Arena-Mirabel_01451_RThibodeau-415x170.jpg","cta-width":415,"cta-height":170,"exhibitor":"https:\/\/int.design\/wp-content\/uploads\/2022\/03\/Arena-Mirabel_01451_RThibodeau-560x560.jpg","exhibitor-width":560,"exhibitor-height":560,"gallery":"https:\/\/int.design\/wp-content\/uploads\/2022\/03\/Arena-Mirabel_01451_RThibodeau-560x373.jpg","gallery-width":560,"gallery-height":373,"logo":"https:\/\/int.design\/wp-content\/uploads\/2022\/03\/Arena-Mirabel_01451_RThibodeau-150x100.jpg","logo-width":150,"logo-height":100,"masonry":"https:\/\/int.design\/wp-content\/uploads\/2022\/03\/Arena-Mirabel_01451_RThibodeau-550x367.jpg","masonry-width":550,"masonry-height":367,"modal":"https:\/\/int.design\/wp-content\/uploads\/2022\/03\/Arena-Mirabel_01451_RThibodeau-1920x1280.jpg","modal-width":1920,"modal-height":1280,"number":"https:\/\/int.design\/wp-content\/uploads\/2022\/03\/Arena-Mirabel_01451_RThibodeau-560x373.jpg","number-width":560,"number-height":373,"partner":"https:\/\/int.design\/wp-content\/uploads\/2022\/03\/Arena-Mirabel_01451_RThibodeau-275x183.jpg","partner-width":275,"partner-height":183,"ranking":"https:\/\/int.design\/wp-content\/uploads\/2022\/03\/Arena-Mirabel_01451_RThibodeau-960x540.jpg","ranking-width":960,"ranking-height":540,"schedule":"https:\/\/int.design\/wp-content\/uploads\/2022\/03\/Arena-Mirabel_01451_RThibodeau-960x360.jpg","schedule-width":960,"schedule-height":360,"slideshow":"https:\/\/int.design\/wp-content\/uploads\/2022\/03\/Arena-Mirabel_01451_RThibodeau-1020x680.jpg","slideshow-width":1020,"slideshow-height":680}},"filters":false,"suppliers":false,"attachment_category":[]}],"mandatory_documents":false,"optional_documents":false,"web_text":{"fr":"<p>L\u2019\u00e9quipe TLADI de TLA Architectes est \u00e0 l\u2019origine du concept de design d\u2019int\u00e9rieur de l\u2019Ar\u00e9na du Complexe Val d\u2019Espoir \u00e0 Mirabel. Dans le cadre de ce mandat, l\u2019intention des conceptrices \u00e9tait avant tout d\u2019imaginer un lien coh\u00e9rent entre l\u2019architecture ext\u00e9rieure et les am\u00e9nagements int\u00e9rieurs. Les pr\u00e9mices de cette approche ont d\u00e9but\u00e9 \u00e0 partir du volume de ma\u00e7onnerie noire que l\u2019on retrouve en fa\u00e7ade principale. Afin de mettre en relation cet \u00e9l\u00e9ment avec l\u2019int\u00e9rieur, l\u2019aire de restauration aux angles irr\u00e9guliers a \u00e9t\u00e9 positionn\u00e9e au dos de ce m\u00eame volume. En raison de sa forme \u00e9tonnante et de sa couleur franche, cet \u00e9l\u00e9ment est un point de rep\u00e8re ind\u00e9niable dans l\u2019amphith\u00e9\u00e2tre. Des sections de plancher et de plafond aux couleurs identiques viennent s\u2019y connecter afin de cr\u00e9er un point focal dirig\u00e9 vers le mur oppos\u00e9 situ\u00e9 tout au fond de la patinoire. Afin d\u2019accentuer cet axe, les bancs des gradins varient en colorations et arborent une teinte plus fonc\u00e9e sous l\u2019axe du plafond, ce qui rend le geste architectural bien visible \u00e0 partir de la glace. <\/p>\n<p>\u00c0 cet axe noir, notre \u00e9quipe a associ\u00e9 une palette de couleurs froides que l\u2019on retrouve dans l\u2019ensemble du projet et qui rappelle les teintes dont se parent les surfaces enneig\u00e9es \u00e0 l\u2019heure bleue. Le mauve, le bleu et le turquoise ont donc \u00e9t\u00e9 choisis dans des teintes fonc\u00e9es pour offrir un contraste fort avec le blanc de la glace et la luminosit\u00e9 qui enveloppe tout l\u2019int\u00e9rieur de l\u2019amphith\u00e9\u00e2tre. <\/p>\n<p>Une attention particuli\u00e8re a \u00e9t\u00e9 accord\u00e9e \u00e0 la circulation des usagers dans l\u2019espace et tout a \u00e9t\u00e9 mis en \u0153uvre pour faciliter un acc\u00e8s rapide \u00e0 la patinoire ou aux gradins. Pour le public, l\u2019acc\u00e8s \u00e0 ceux-ci s\u2019effectue via un large escalier bleu monochrome. \u00c0 sa sortie de ce passage presque immersif, le visiteur acc\u00e8de \u00e0 l\u2019\u00e9tage sup\u00e9rieur et fait son entr\u00e9e dans un vaste espace lumineux qui comprend deux aires de d\u00e9tente, l\u2019aire de restauration dont il a \u00e9t\u00e9 fait mention pr\u00e9alablement, les blocs sanitaires ainsi qu\u2019une salle polyvalente. Les gradins pouvant accueillir 760 spectateurs et la glace sont bien visibles depuis ce grand foyer public puisqu\u2019une paroi enti\u00e8rement vitr\u00e9e vient s\u00e9parer la patinoire de espaces communs pr\u00e9c\u00e9demment cit\u00e9s.<\/p>\n<p>Afin de compl\u00e9ter l\u2019exp\u00e9rience des athl\u00e8tes, les chambres des joueurs sont identifi\u00e9es par une num\u00e9rotation surdimensionn\u00e9e laissant apparaitre un effet optique tridimensionnel. Ainsi, les chiffres des vestiaires s\u2019\u00e9tirent sur les corridors transversaux afin de subtilement diriger les usagers vers la surface glac\u00e9e. Enfin, le concept de design d\u2019int\u00e9rieur propos\u00e9 met en valeur l\u2019architecture contemporaine et lumineuse et offre aux usagers des rep\u00e8res visuels forts pour identifier les services et assurer une circulation optimale.<\/p>\n","en":"<p>The TLADI team of TLA Architects was responsible for the interior design concept of the Val d&#39;Espoir Arena Complex in Mirabel. Within the framework of this mandate, the designers&#39; intention was to imagine a coherent link between the exterior architecture and the interior spaces. The team\u2019s concept originated from the black masonry volume found on the main fa\u00e7ade. To connect this element with the interior, the irregularly angled food court was positioned at the back of this volume. Because of its striking shape and bold color, this element is an undeniable landmark in the amphitheater. Black sections of the floor and ceiling then connect to it to create a focal point directed towards the opposite wall at the very back of the arena. To accentuate this axis, the seating area gets darker under the black portion of the ceiling, making the architectural gesture visible from the ice. <\/p>\n<p>To this black axis, our team associated a cold color palette that is found throughout the project and that recalls the hues of snowy surfaces at dusk. Purple, blue and turquoise were chosen in dark tones to offer a strong contrast with the white of the ice and the luminosity that wraps interior spaces of the amphitheater. <\/p>\n<p>Our team reflected on the different circulation paths users tend to choose in the building to facilitate quick access to the rink and to the seating area. From a public perspective, access to the stands is made intuitive via a large blue monochrome staircase. Upon exiting this immersive passageway, the visitors then enter the upper level with a vast and luminous space that includes two relaxation areas, the previously mentioned food court, washroom facilities and a multipurpose room. The 760-seat amphitheater and its ice surface are clearly visible from this foyer as a glass wall separates the rink from the other common areas.<\/p>\n<p>To complete the athletes\u2019 experience, locker rooms are identified by an oversized numbering system that creates a three-dimensional optical effect. The numbers shown on the locker rooms stretch across the access corridors to subtly direct users towards the ice surface. Finally, the proposed interior design concept highlights the contemporary and luminous architecture and provides users with strong visual cues to identify services and ensure optimal path flows.<\/p>\n","original":""},"jury_text":[{"category":2482,"fr":"<p>L\u2019\u00e9quipe TLADI de TLA Architectes est \u00e0 l\u2019origine du concept de design d\u2019int\u00e9rieur de l\u2019Ar\u00e9na du Complexe Val d\u2019Espoir \u00e0 Mirabel. Dans le cadre de ce mandat, l\u2019intention des conceptrices \u00e9tait avant tout d\u2019imaginer un lien coh\u00e9rent entre l\u2019architecture ext\u00e9rieure et les am\u00e9nagements int\u00e9rieurs. Les pr\u00e9mices de cette approche ont d\u00e9but\u00e9 \u00e0 partir du volume de ma\u00e7onnerie noire que l\u2019on retrouve en fa\u00e7ade principale. Afin de mettre en relation cet \u00e9l\u00e9ment avec l\u2019int\u00e9rieur, l\u2019aire de restauration aux angles irr\u00e9guliers a \u00e9t\u00e9 positionn\u00e9e au dos de ce m\u00eame volume. En raison de sa forme \u00e9tonnante et de sa couleur franche, cet \u00e9l\u00e9ment est un point de rep\u00e8re ind\u00e9niable dans l\u2019amphith\u00e9\u00e2tre. Des sections de plancher et de plafond aux couleurs identiques viennent s\u2019y connecter afin de cr\u00e9er un point focal dirig\u00e9 vers le mur oppos\u00e9 situ\u00e9 tout au fond de la patinoire. Afin d\u2019accentuer cet axe, les bancs des gradins varient en colorations et arborent une teinte plus fonc\u00e9e sous l\u2019axe du plafond, ce qui rend le geste architectural bien visible \u00e0 partir de la glace. <\/p>\n<p>\u00c0 cet axe noir, notre \u00e9quipe a associ\u00e9 une palette de couleurs froides que l\u2019on retrouve dans l\u2019ensemble du projet et qui rappelle les teintes dont se parent les surfaces enneig\u00e9es \u00e0 l\u2019heure bleue. Le mauve, le bleu et le turquoise ont donc \u00e9t\u00e9 choisis dans des teintes fonc\u00e9es pour offrir un contraste fort avec le blanc de la glace et la luminosit\u00e9 qui enveloppe tout l\u2019int\u00e9rieur de l\u2019amphith\u00e9\u00e2tre. <\/p>\n<p>Une attention particuli\u00e8re a \u00e9t\u00e9 accord\u00e9e \u00e0 la circulation des usagers dans l\u2019espace et tout a \u00e9t\u00e9 mis en \u0153uvre pour faciliter un acc\u00e8s rapide \u00e0 la patinoire ou aux gradins. Pour le public, l\u2019acc\u00e8s \u00e0 ceux-ci s\u2019effectue via un large escalier bleu monochrome. \u00c0 sa sortie de ce passage presque immersif, le visiteur acc\u00e8de \u00e0 l\u2019\u00e9tage sup\u00e9rieur et fait son entr\u00e9e dans un vaste espace lumineux qui comprend deux aires de d\u00e9tente, l\u2019aire de restauration dont il a \u00e9t\u00e9 fait mention pr\u00e9alablement, les blocs sanitaires ainsi qu\u2019une salle polyvalente. Les gradins pouvant accueillir 760 spectateurs et la glace sont bien visibles depuis ce grand foyer public puisqu\u2019une paroi enti\u00e8rement vitr\u00e9e vient s\u00e9parer la patinoire de espaces communs pr\u00e9c\u00e9demment cit\u00e9s.<\/p>\n<p>Afin de compl\u00e9ter l\u2019exp\u00e9rience des athl\u00e8tes, les chambres des joueurs sont identifi\u00e9es par une num\u00e9rotation surdimensionn\u00e9e laissant apparaitre un effet optique tridimensionnel. Ainsi, les chiffres des vestiaires s\u2019\u00e9tirent sur les corridors transversaux afin de subtilement diriger les usagers vers la surface glac\u00e9e. Enfin, le concept de design d\u2019int\u00e9rieur propos\u00e9 met en valeur l\u2019architecture contemporaine et lumineuse et offre aux usagers des rep\u00e8res visuels forts pour identifier les services et assurer une circulation optimale.<\/p>\n","en":"<p>The TLADI team of TLA Architects was responsible for the interior design concept of the Val d&#39;Espoir Arena Complex in Mirabel. Within the framework of this mandate, the designers&#39; intention was to imagine a coherent link between the exterior architecture and the interior spaces. The team\u2019s concept originated from the black masonry volume found on the main fa\u00e7ade. To connect this element with the interior, the irregularly angled food court was positioned at the back of this volume. Because of its striking shape and bold color, this element is an undeniable landmark in the amphitheater. Black sections of the floor and ceiling then connect to it to create a focal point directed towards the opposite wall at the very back of the arena. To accentuate this axis, the seating area gets darker under the black portion of the ceiling, making the architectural gesture visible from the ice. <\/p>\n<p>To this black axis, our team associated a cold color palette that is found throughout the project and that recalls the hues of snowy surfaces at dusk. Purple, blue and turquoise were chosen in dark tones to offer a strong contrast with the white of the ice and the luminosity that wraps interior spaces of the amphitheater. <\/p>\n<p>Our team reflected on the different circulation paths users tend to choose in the building to facilitate quick access to the rink and to the seating area. From a public perspective, access to the stands is made intuitive via a large blue monochrome staircase. Upon exiting this immersive passageway, the visitors then enter the upper level with a vast and luminous space that includes two relaxation areas, the previously mentioned food court, washroom facilities and a multipurpose room. The 760-seat amphitheater and its ice surface are clearly visible from this foyer as a glass wall separates the rink from the other common areas.<\/p>\n<p>To complete the athletes\u2019 experience, locker rooms are identified by an oversized numbering system that creates a three-dimensional optical effect. The numbers shown on the locker rooms stretch across the access corridors to subtly direct users towards the ice surface. Finally, the proposed interior design concept highlights the contemporary and luminous architecture and provides users with strong visual cues to identify services and ensure optimal path flows.<\/p>\n","original":""}],"different_jury_text":false,"different_category_text":false},"laureats":[{"cat_id":2482,"cat_id_laureat":3431,"laureat":"Certification Argent"}],"contest_id":"75033","contest_title":"GRANDS PRIX DU DESIGN \u2013 15e \u00e9dition","firms":[{"name":"TLA Architectes","website":"https:\/\/tla-architectes.com\/","category":"","category_tax":2747,"category_label":"Designer d'int\u00e9rieur"}],"user":{"email":"cdtouchette@tlagraff.com","first_name":"Claudia","last_name":"Durand-Touchette"},"doc_texts_web":{"fr":"<p>L\u2019\u00e9quipe TLADI de TLA Architectes est \u00e0 l\u2019origine du concept de design d\u2019int\u00e9rieur de l\u2019Ar\u00e9na du Complexe Val d\u2019Espoir \u00e0 Mirabel. Dans le cadre de ce mandat, l\u2019intention des conceptrices \u00e9tait avant tout d\u2019imaginer un lien coh\u00e9rent entre l\u2019architecture ext\u00e9rieure et les am\u00e9nagements int\u00e9rieurs. Les pr\u00e9mices de cette approche ont d\u00e9but\u00e9 \u00e0 partir du volume de ma\u00e7onnerie noire que l\u2019on retrouve en fa\u00e7ade principale. Afin de mettre en relation cet \u00e9l\u00e9ment avec l\u2019int\u00e9rieur, l\u2019aire de restauration aux angles irr\u00e9guliers a \u00e9t\u00e9 positionn\u00e9e au dos de ce m\u00eame volume. En raison de sa forme \u00e9tonnante et de sa couleur franche, cet \u00e9l\u00e9ment est un point de rep\u00e8re ind\u00e9niable dans l\u2019amphith\u00e9\u00e2tre. Des sections de plancher et de plafond aux couleurs identiques viennent s\u2019y connecter afin de cr\u00e9er un point focal dirig\u00e9 vers le mur oppos\u00e9 situ\u00e9 tout au fond de la patinoire. Afin d\u2019accentuer cet axe, les bancs des gradins varient en colorations et arborent une teinte plus fonc\u00e9e sous l\u2019axe du plafond, ce qui rend le geste architectural bien visible \u00e0 partir de la glace. <\/p>\n<p>\u00c0 cet axe noir, notre \u00e9quipe a associ\u00e9 une palette de couleurs froides que l\u2019on retrouve dans l\u2019ensemble du projet et qui rappelle les teintes dont se parent les surfaces enneig\u00e9es \u00e0 l\u2019heure bleue. Le mauve, le bleu et le turquoise ont donc \u00e9t\u00e9 choisis dans des teintes fonc\u00e9es pour offrir un contraste fort avec le blanc de la glace et la luminosit\u00e9 qui enveloppe tout l\u2019int\u00e9rieur de l\u2019amphith\u00e9\u00e2tre. <\/p>\n<p>Une attention particuli\u00e8re a \u00e9t\u00e9 accord\u00e9e \u00e0 la circulation des usagers dans l\u2019espace et tout a \u00e9t\u00e9 mis en \u0153uvre pour faciliter un acc\u00e8s rapide \u00e0 la patinoire ou aux gradins. Pour le public, l\u2019acc\u00e8s \u00e0 ceux-ci s\u2019effectue via un large escalier bleu monochrome. \u00c0 sa sortie de ce passage presque immersif, le visiteur acc\u00e8de \u00e0 l\u2019\u00e9tage sup\u00e9rieur et fait son entr\u00e9e dans un vaste espace lumineux qui comprend deux aires de d\u00e9tente, l\u2019aire de restauration dont il a \u00e9t\u00e9 fait mention pr\u00e9alablement, les blocs sanitaires ainsi qu\u2019une salle polyvalente. Les gradins pouvant accueillir 760 spectateurs et la glace sont bien visibles depuis ce grand foyer public puisqu\u2019une paroi enti\u00e8rement vitr\u00e9e vient s\u00e9parer la patinoire de espaces communs pr\u00e9c\u00e9demment cit\u00e9s.<\/p>\n<p>Afin de compl\u00e9ter l\u2019exp\u00e9rience des athl\u00e8tes, les chambres des joueurs sont identifi\u00e9es par une num\u00e9rotation surdimensionn\u00e9e laissant apparaitre un effet optique tridimensionnel. Ainsi, les chiffres des vestiaires s\u2019\u00e9tirent sur les corridors transversaux afin de subtilement diriger les usagers vers la surface glac\u00e9e. Enfin, le concept de design d\u2019int\u00e9rieur propos\u00e9 met en valeur l\u2019architecture contemporaine et lumineuse et offre aux usagers des rep\u00e8res visuels forts pour identifier les services et assurer une circulation optimale.<\/p>\n","en":"<p>The TLADI team of TLA Architects was responsible for the interior design concept of the Val d'Espoir Arena Complex in Mirabel. Within the framework of this mandate, the designers' intention was to imagine a coherent link between the exterior architecture and the interior spaces. The team\u2019s concept originated from the black masonry volume found on the main fa\u00e7ade. To connect this element with the interior, the irregularly angled food court was positioned at the back of this volume. Because of its striking shape and bold color, this element is an undeniable landmark in the amphitheater. Black sections of the floor and ceiling then connect to it to create a focal point directed towards the opposite wall at the very back of the arena. To accentuate this axis, the seating area gets darker under the black portion of the ceiling, making the architectural gesture visible from the ice. <\/p>\n<p>To this black axis, our team associated a cold color palette that is found throughout the project and that recalls the hues of snowy surfaces at dusk. Purple, blue and turquoise were chosen in dark tones to offer a strong contrast with the white of the ice and the luminosity that wraps interior spaces of the amphitheater. <\/p>\n<p>Our team reflected on the different circulation paths users tend to choose in the building to facilitate quick access to the rink and to the seating area. From a public perspective, access to the stands is made intuitive via a large blue monochrome staircase. Upon exiting this immersive passageway, the visitors then enter the upper level with a vast and luminous space that includes two relaxation areas, the previously mentioned food court, washroom facilities and a multipurpose room. The 760-seat amphitheater and its ice surface are clearly visible from this foyer as a glass wall separates the rink from the other common areas.<\/p>\n<p>To complete the athletes\u2019 experience, locker rooms are identified by an oversized numbering system that creates a three-dimensional optical effect. The numbers shown on the locker rooms stretch across the access corridors to subtly direct users towards the ice surface. Finally, the proposed interior design concept highlights the contemporary and luminous architecture and provides users with strong visual cues to identify services and ensure optimal path flows.<\/p>\n"},"permalinks":{"fr":"https:\/\/int.design\/fr\/projets\/agrandissement-complexe-arena-val-despoir\/","en":"https:\/\/int.design\/en\/projects\/agrandissement-complexe-arena-val-despoir\/"},"titles":{"fr":"Agrandissement Complexe Ar\u00e9na Val d&rsquo;Espoir","en":"Agrandissement Complexe Ar\u00e9na Val d&rsquo;Espoir"},"wp_fields":[],"laravel_id":""},"_links":{"self":[{"href":"https:\/\/int.design\/fr\/wp-json\/wp\/v2\/project\/84770","targetHints":{"allow":["GET"]}}],"collection":[{"href":"https:\/\/int.design\/fr\/wp-json\/wp\/v2\/project"}],"about":[{"href":"https:\/\/int.design\/fr\/wp-json\/wp\/v2\/types\/project"}],"wp:attachment":[{"href":"https:\/\/int.design\/fr\/wp-json\/wp\/v2\/media?parent=84770"}],"curies":[{"name":"wp","href":"https:\/\/api.w.org\/{rel}","templated":true}]}}