{"id":79786,"date":"2022-08-09T11:45:33","date_gmt":"2022-08-09T15:45:33","guid":{"rendered":"https:\/\/int.design\/?post_type=project&#038;p=79786"},"modified":"2022-08-09T11:45:33","modified_gmt":"2022-08-09T15:45:33","slug":"residence-o","status":"publish","type":"project","link":"https:\/\/int.design\/fr\/projets\/residence-o\/","title":{"rendered":"R\u00e9sidence O"},"content":{"rendered":"","protected":false},"template":"","class_list":["post-79786","project","type-project","status-publish","hentry","project_category_75033-design-dinterieur","project_category_75033-salle-de-bains-principale"],"acf":[],"yoast_head":"<!-- This site is optimized with the Yoast SEO plugin v21.5 - https:\/\/yoast.com\/wordpress\/plugins\/seo\/ -->\n<title>R\u00e9sidence O - INT Design<\/title>\n<meta name=\"robots\" content=\"index, follow, max-snippet:-1, max-image-preview:large, max-video-preview:-1\" \/>\n<link rel=\"canonical\" href=\"https:\/\/int.design\/fr\/projets\/residence-o\/\" \/>\n<meta property=\"og:locale\" content=\"fr_FR\" \/>\n<meta property=\"og:type\" content=\"article\" \/>\n<meta property=\"og:title\" content=\"R\u00e9sidence O - INT Design\" \/>\n<meta property=\"og:url\" content=\"https:\/\/int.design\/fr\/projets\/residence-o\/\" \/>\n<meta property=\"og:site_name\" content=\"INT Design\" \/>\n<meta name=\"twitter:card\" content=\"summary_large_image\" \/>\n<script type=\"application\/ld+json\" class=\"yoast-schema-graph\">{\"@context\":\"https:\/\/schema.org\",\"@graph\":[{\"@type\":\"WebPage\",\"@id\":\"https:\/\/int.design\/fr\/projets\/residence-o\/\",\"url\":\"https:\/\/int.design\/fr\/projets\/residence-o\/\",\"name\":\"R\u00e9sidence O - INT Design\",\"isPartOf\":{\"@id\":\"https:\/\/int.design\/fr\/#website\"},\"datePublished\":\"2022-08-09T15:45:33+00:00\",\"dateModified\":\"2022-08-09T15:45:33+00:00\",\"breadcrumb\":{\"@id\":\"https:\/\/int.design\/fr\/projets\/residence-o\/#breadcrumb\"},\"inLanguage\":\"fr-FR\",\"potentialAction\":[{\"@type\":\"ReadAction\",\"target\":[\"https:\/\/int.design\/fr\/projets\/residence-o\/\"]}]},{\"@type\":\"BreadcrumbList\",\"@id\":\"https:\/\/int.design\/fr\/projets\/residence-o\/#breadcrumb\",\"itemListElement\":[{\"@type\":\"ListItem\",\"position\":1,\"name\":\"Home\",\"item\":\"https:\/\/int.design\/fr\/\"},{\"@type\":\"ListItem\",\"position\":2,\"name\":\"Projects\",\"item\":\"https:\/\/int.design\/en\/projects\/\"},{\"@type\":\"ListItem\",\"position\":3,\"name\":\"R\u00e9sidence O\"}]},{\"@type\":\"WebSite\",\"@id\":\"https:\/\/int.design\/fr\/#website\",\"url\":\"https:\/\/int.design\/fr\/\",\"name\":\"INT Design\",\"description\":\"\",\"potentialAction\":[{\"@type\":\"SearchAction\",\"target\":{\"@type\":\"EntryPoint\",\"urlTemplate\":\"https:\/\/int.design\/fr\/?s={search_term_string}\"},\"query-input\":\"required name=search_term_string\"}],\"inLanguage\":\"fr-FR\"}]}<\/script>\n<!-- \/ Yoast SEO plugin. -->","yoast_head_json":{"title":"R\u00e9sidence O - INT Design","robots":{"index":"index","follow":"follow","max-snippet":"max-snippet:-1","max-image-preview":"max-image-preview:large","max-video-preview":"max-video-preview:-1"},"canonical":"https:\/\/int.design\/fr\/projets\/residence-o\/","og_locale":"fr_FR","og_type":"article","og_title":"R\u00e9sidence O - INT Design","og_url":"https:\/\/int.design\/fr\/projets\/residence-o\/","og_site_name":"INT Design","twitter_card":"summary_large_image","schema":{"@context":"https:\/\/schema.org","@graph":[{"@type":"WebPage","@id":"https:\/\/int.design\/fr\/projets\/residence-o\/","url":"https:\/\/int.design\/fr\/projets\/residence-o\/","name":"R\u00e9sidence O - INT Design","isPartOf":{"@id":"https:\/\/int.design\/fr\/#website"},"datePublished":"2022-08-09T15:45:33+00:00","dateModified":"2022-08-09T15:45:33+00:00","breadcrumb":{"@id":"https:\/\/int.design\/fr\/projets\/residence-o\/#breadcrumb"},"inLanguage":"fr-FR","potentialAction":[{"@type":"ReadAction","target":["https:\/\/int.design\/fr\/projets\/residence-o\/"]}]},{"@type":"BreadcrumbList","@id":"https:\/\/int.design\/fr\/projets\/residence-o\/#breadcrumb","itemListElement":[{"@type":"ListItem","position":1,"name":"Home","item":"https:\/\/int.design\/fr\/"},{"@type":"ListItem","position":2,"name":"Projects","item":"https:\/\/int.design\/en\/projects\/"},{"@type":"ListItem","position":3,"name":"R\u00e9sidence O"}]},{"@type":"WebSite","@id":"https:\/\/int.design\/fr\/#website","url":"https:\/\/int.design\/fr\/","name":"INT Design","description":"","potentialAction":[{"@type":"SearchAction","target":{"@type":"EntryPoint","urlTemplate":"https:\/\/int.design\/fr\/?s={search_term_string}"},"query-input":"required name=search_term_string"}],"inLanguage":"fr-FR"}]}},"entry":{"cats":{"disciplines":[{"id":2461,"name":"Design d\u2019int\u00e9rieur"}],"big_cats":[],"sub_cats":[{"id":2517,"name":"Salle de bains principale","parent":2505}]},"entry":{"":null,"status":"completed","winner_title":"Paule Bourbonnais Design","winner_prize_lang":"","title_translatable":false,"title_en":"","title_fr":"","releve_award":false,"releve_award_cv":false,"collaboration":false,"collaboration_firms":false,"other_firms":[{"name":"Paule Bourbonnais Design","website":"www.paulebourbonnais.com","category":"","category_tax":2747},{"name":"Groupe Synchro","website":"https:\/\/www.groupesynchro.com\/","category":"","category_tax":2751},{"name":"Michel Lemieux","website":"https:\/\/www.pinterest.ca\/mike9994\/michel-lemieux-architecte\/","category":"","category_tax":2744}],"owner":{"name":"Paule Bourbonnais","confidential":false,"website":"","contact_name":"Paule Bourbonnais","email":"pb@paulebourbonnais.com","phone":"5148869456"},"address":{"address":"","city":"","region":"Nord-du-Qu\u00e9bec","province":"","country":"CA","postal_code":""},"logos":false,"use_logo":false,"designers":[{"name":"Paule  Bourbonnais","credit":"Vanessa Cyr","image":{"ID":95008,"id":95008,"title":"Paule Bourbonnais cast 2022 (1)","filename":"6_Paule Bourbonnais cast 2022 (1)-scaled.jpg","filesize":0,"url":"https:\/\/int.design\/wp-content\/uploads\/2022\/04\/6_Paule Bourbonnais cast 2022 (1)-scaled.jpg","link":"https:\/\/int.design\/fr\/projets\/residence-o\/paule-bourbonnais-cast-2022-1-2\/","alt":"","author":"151","description":"","caption":"","name":"paule-bourbonnais-cast-2022-1-2","status":"inherit","uploaded_to":79786,"date":"2022-04-12 03:31:15","modified":"2022-04-12 03:34:59","menu_order":0,"mime_type":"image\/jpeg","type":"image","subtype":"jpeg","icon":"https:\/\/int.design\/wp-includes\/images\/media\/default.png","width":1868,"height":2560,"sizes":{"thumbnail":"https:\/\/int.design\/wp-content\/uploads\/2022\/04\/6_Paule Bourbonnais cast 2022 (1)-150x150.jpg","thumbnail-width":150,"thumbnail-height":150,"medium":"https:\/\/int.design\/wp-content\/uploads\/2022\/04\/6_Paule Bourbonnais cast 2022 (1)-219x300.jpg","medium-width":219,"medium-height":300,"medium_large":"https:\/\/int.design\/wp-content\/uploads\/2022\/04\/6_Paule Bourbonnais cast 2022 (1)-768x1053.jpg","medium_large-width":768,"medium_large-height":1053,"large":"https:\/\/int.design\/wp-content\/uploads\/2022\/04\/6_Paule Bourbonnais cast 2022 (1)-747x1024.jpg","large-width":747,"large-height":1024,"1536x1536":"https:\/\/int.design\/wp-content\/uploads\/2022\/04\/6_Paule Bourbonnais cast 2022 (1)-1121x1536.jpg","1536x1536-width":1121,"1536x1536-height":1536,"2048x2048":"https:\/\/int.design\/wp-content\/uploads\/2022\/04\/6_Paule Bourbonnais cast 2022 (1)-1494x2048.jpg","2048x2048-width":1494,"2048x2048-height":2048,"article":"https:\/\/int.design\/wp-content\/uploads\/2022\/04\/6_Paule Bourbonnais cast 2022 (1)-960x540.jpg","article-width":960,"article-height":540,"banner":"https:\/\/int.design\/wp-content\/uploads\/2022\/04\/6_Paule Bourbonnais cast 2022 (1)-1920x2632.jpg","banner-width":1920,"banner-height":2632,"block":"https:\/\/int.design\/wp-content\/uploads\/2022\/04\/6_Paule Bourbonnais cast 2022 (1)-900x680.jpg","block-width":900,"block-height":680,"card":"https:\/\/int.design\/wp-content\/uploads\/2022\/04\/6_Paule Bourbonnais cast 2022 (1)-560x495.jpg","card-width":560,"card-height":495,"card-thumbnail":"https:\/\/int.design\/wp-content\/uploads\/2022\/04\/6_Paule Bourbonnais cast 2022 (1)-450x340.jpg","card-thumbnail-width":450,"card-thumbnail-height":340,"conference":"https:\/\/int.design\/wp-content\/uploads\/2022\/04\/6_Paule Bourbonnais cast 2022 (1)-560x250.jpg","conference-width":560,"conference-height":250,"contest":"https:\/\/int.design\/wp-content\/uploads\/2022\/04\/6_Paule Bourbonnais cast 2022 (1)-960x400.jpg","contest-width":960,"contest-height":400,"cta":"https:\/\/int.design\/wp-content\/uploads\/2022\/04\/6_Paule Bourbonnais cast 2022 (1)-415x170.jpg","cta-width":415,"cta-height":170,"exhibitor":"https:\/\/int.design\/wp-content\/uploads\/2022\/04\/6_Paule Bourbonnais cast 2022 (1)-560x560.jpg","exhibitor-width":560,"exhibitor-height":560,"gallery":"https:\/\/int.design\/wp-content\/uploads\/2022\/04\/6_Paule Bourbonnais cast 2022 (1)-314x430.jpg","gallery-width":314,"gallery-height":430,"logo":"https:\/\/int.design\/wp-content\/uploads\/2022\/04\/6_Paule Bourbonnais cast 2022 (1)-73x100.jpg","logo-width":73,"logo-height":100,"masonry":"https:\/\/int.design\/wp-content\/uploads\/2022\/04\/6_Paule Bourbonnais cast 2022 (1)-550x754.jpg","masonry-width":550,"masonry-height":754,"modal":"https:\/\/int.design\/wp-content\/uploads\/2022\/04\/6_Paule Bourbonnais cast 2022 (1)-1401x1920.jpg","modal-width":1401,"modal-height":1920,"number":"https:\/\/int.design\/wp-content\/uploads\/2022\/04\/6_Paule Bourbonnais cast 2022 (1)-314x430.jpg","number-width":314,"number-height":430,"partner":"https:\/\/int.design\/wp-content\/uploads\/2022\/04\/6_Paule Bourbonnais cast 2022 (1)-153x210.jpg","partner-width":153,"partner-height":210,"ranking":"https:\/\/int.design\/wp-content\/uploads\/2022\/04\/6_Paule Bourbonnais cast 2022 (1)-960x540.jpg","ranking-width":960,"ranking-height":540,"schedule":"https:\/\/int.design\/wp-content\/uploads\/2022\/04\/6_Paule Bourbonnais cast 2022 (1)-960x360.jpg","schedule-width":960,"schedule-height":360,"slideshow":"https:\/\/int.design\/wp-content\/uploads\/2022\/04\/6_Paule Bourbonnais cast 2022 (1)-496x680.jpg","slideshow-width":496,"slideshow-height":680}},"file":false}],"cover":[{"categories":[2517],"credit":"Olivier H\u00e9tu","image":{"ID":96353,"id":96353,"title":"R\u00e9sidence O_Photo_Olivier_H\u00e9tu_Paule_Bourbonnais_design_SB","filename":"6_R\u00e9sidence O_Photo_Olivier_H\u00e9tu_Paule_Bourbonnais_design_SB-scaled.jpg","filesize":0,"url":"https:\/\/int.design\/wp-content\/uploads\/2022\/04\/6_R\u00e9sidence O_Photo_Olivier_H\u00e9tu_Paule_Bourbonnais_design_SB-scaled.jpg","link":"https:\/\/int.design\/fr\/projets\/residence-o\/residence-o_photo_olivier_hetu_paule_bourbonnais_design_sb-2\/","alt":"","author":"151","description":"R\u00e9sidence O Paule Bourbonnais Design Paule Bourbonnais Design Groupe Synchro Michel Lemieux","caption":"","name":"residence-o_photo_olivier_hetu_paule_bourbonnais_design_sb-2","status":"inherit","uploaded_to":79786,"date":"2022-04-14 21:46:16","modified":"2022-08-09 15:45:34","menu_order":0,"mime_type":"image\/jpeg","type":"image","subtype":"jpeg","icon":"https:\/\/int.design\/wp-includes\/images\/media\/default.png","width":1710,"height":2560,"sizes":{"thumbnail":"https:\/\/int.design\/wp-content\/uploads\/2022\/04\/6_R\u00e9sidence O_Photo_Olivier_H\u00e9tu_Paule_Bourbonnais_design_SB-150x150.jpg","thumbnail-width":150,"thumbnail-height":150,"medium":"https:\/\/int.design\/wp-content\/uploads\/2022\/04\/6_R\u00e9sidence O_Photo_Olivier_H\u00e9tu_Paule_Bourbonnais_design_SB-200x300.jpg","medium-width":200,"medium-height":300,"medium_large":"https:\/\/int.design\/wp-content\/uploads\/2022\/04\/6_R\u00e9sidence O_Photo_Olivier_H\u00e9tu_Paule_Bourbonnais_design_SB-768x1150.jpg","medium_large-width":768,"medium_large-height":1150,"large":"https:\/\/int.design\/wp-content\/uploads\/2022\/04\/6_R\u00e9sidence O_Photo_Olivier_H\u00e9tu_Paule_Bourbonnais_design_SB-684x1024.jpg","large-width":684,"large-height":1024,"1536x1536":"https:\/\/int.design\/wp-content\/uploads\/2022\/04\/6_R\u00e9sidence O_Photo_Olivier_H\u00e9tu_Paule_Bourbonnais_design_SB-1026x1536.jpg","1536x1536-width":1026,"1536x1536-height":1536,"2048x2048":"https:\/\/int.design\/wp-content\/uploads\/2022\/04\/6_R\u00e9sidence O_Photo_Olivier_H\u00e9tu_Paule_Bourbonnais_design_SB-1368x2048.jpg","2048x2048-width":1368,"2048x2048-height":2048,"article":"https:\/\/int.design\/wp-content\/uploads\/2022\/04\/6_R\u00e9sidence O_Photo_Olivier_H\u00e9tu_Paule_Bourbonnais_design_SB-960x540.jpg","article-width":960,"article-height":540,"banner":"https:\/\/int.design\/wp-content\/uploads\/2022\/04\/6_R\u00e9sidence O_Photo_Olivier_H\u00e9tu_Paule_Bourbonnais_design_SB-1920x2875.jpg","banner-width":1920,"banner-height":2875,"block":"https:\/\/int.design\/wp-content\/uploads\/2022\/04\/6_R\u00e9sidence O_Photo_Olivier_H\u00e9tu_Paule_Bourbonnais_design_SB-900x680.jpg","block-width":900,"block-height":680,"card":"https:\/\/int.design\/wp-content\/uploads\/2022\/04\/6_R\u00e9sidence O_Photo_Olivier_H\u00e9tu_Paule_Bourbonnais_design_SB-560x495.jpg","card-width":560,"card-height":495,"card-thumbnail":"https:\/\/int.design\/wp-content\/uploads\/2022\/04\/6_R\u00e9sidence O_Photo_Olivier_H\u00e9tu_Paule_Bourbonnais_design_SB-450x340.jpg","card-thumbnail-width":450,"card-thumbnail-height":340,"conference":"https:\/\/int.design\/wp-content\/uploads\/2022\/04\/6_R\u00e9sidence O_Photo_Olivier_H\u00e9tu_Paule_Bourbonnais_design_SB-560x250.jpg","conference-width":560,"conference-height":250,"contest":"https:\/\/int.design\/wp-content\/uploads\/2022\/04\/6_R\u00e9sidence O_Photo_Olivier_H\u00e9tu_Paule_Bourbonnais_design_SB-960x400.jpg","contest-width":960,"contest-height":400,"cta":"https:\/\/int.design\/wp-content\/uploads\/2022\/04\/6_R\u00e9sidence O_Photo_Olivier_H\u00e9tu_Paule_Bourbonnais_design_SB-415x170.jpg","cta-width":415,"cta-height":170,"exhibitor":"https:\/\/int.design\/wp-content\/uploads\/2022\/04\/6_R\u00e9sidence O_Photo_Olivier_H\u00e9tu_Paule_Bourbonnais_design_SB-560x560.jpg","exhibitor-width":560,"exhibitor-height":560,"gallery":"https:\/\/int.design\/wp-content\/uploads\/2022\/04\/6_R\u00e9sidence O_Photo_Olivier_H\u00e9tu_Paule_Bourbonnais_design_SB-287x430.jpg","gallery-width":287,"gallery-height":430,"logo":"https:\/\/int.design\/wp-content\/uploads\/2022\/04\/6_R\u00e9sidence O_Photo_Olivier_H\u00e9tu_Paule_Bourbonnais_design_SB-67x100.jpg","logo-width":67,"logo-height":100,"masonry":"https:\/\/int.design\/wp-content\/uploads\/2022\/04\/6_R\u00e9sidence O_Photo_Olivier_H\u00e9tu_Paule_Bourbonnais_design_SB-550x823.jpg","masonry-width":550,"masonry-height":823,"modal":"https:\/\/int.design\/wp-content\/uploads\/2022\/04\/6_R\u00e9sidence O_Photo_Olivier_H\u00e9tu_Paule_Bourbonnais_design_SB-1282x1920.jpg","modal-width":1282,"modal-height":1920,"number":"https:\/\/int.design\/wp-content\/uploads\/2022\/04\/6_R\u00e9sidence O_Photo_Olivier_H\u00e9tu_Paule_Bourbonnais_design_SB-287x430.jpg","number-width":287,"number-height":430,"partner":"https:\/\/int.design\/wp-content\/uploads\/2022\/04\/6_R\u00e9sidence O_Photo_Olivier_H\u00e9tu_Paule_Bourbonnais_design_SB-140x210.jpg","partner-width":140,"partner-height":210,"ranking":"https:\/\/int.design\/wp-content\/uploads\/2022\/04\/6_R\u00e9sidence O_Photo_Olivier_H\u00e9tu_Paule_Bourbonnais_design_SB-960x540.jpg","ranking-width":960,"ranking-height":540,"schedule":"https:\/\/int.design\/wp-content\/uploads\/2022\/04\/6_R\u00e9sidence O_Photo_Olivier_H\u00e9tu_Paule_Bourbonnais_design_SB-960x360.jpg","schedule-width":960,"schedule-height":360,"slideshow":"https:\/\/int.design\/wp-content\/uploads\/2022\/04\/6_R\u00e9sidence O_Photo_Olivier_H\u00e9tu_Paule_Bourbonnais_design_SB-454x680.jpg","slideshow-width":454,"slideshow-height":680}},"filters":false,"suppliers":false,"attachment_category":{"986":"Habitation","114":"Salle de bains"}}],"images":[{"categories":[2517],"credit":"Olivier H\u00e9tu","image":{"ID":96354,"id":96354,"title":"R\u00e9sidence O_Photo_Olivier_H\u00e9tu_Paule_Bourbonnais_Design_Salle de bain chambre(1)","filename":"R\u00e9sidence O_Photo_Olivier_H\u00e9tu_Paule_Bourbonnais_Design_Salle de bain chambre(1)-scaled.jpg","filesize":0,"url":"https:\/\/int.design\/wp-content\/uploads\/2022\/04\/R\u00e9sidence O_Photo_Olivier_H\u00e9tu_Paule_Bourbonnais_Design_Salle de bain chambre(1)-scaled.jpg","link":"https:\/\/int.design\/fr\/projets\/residence-o\/residence-o_photo_olivier_hetu_paule_bourbonnais_design_salle-de-bain-chambre1\/","alt":"","author":"151","description":"R\u00e9sidence O Paule Bourbonnais Design Paule Bourbonnais Design Groupe Synchro Michel Lemieux","caption":"","name":"residence-o_photo_olivier_hetu_paule_bourbonnais_design_salle-de-bain-chambre1","status":"inherit","uploaded_to":79786,"date":"2022-04-14 21:47:10","modified":"2022-08-09 15:45:35","menu_order":0,"mime_type":"image\/jpeg","type":"image","subtype":"jpeg","icon":"https:\/\/int.design\/wp-includes\/images\/media\/default.png","width":2560,"height":1710,"sizes":{"thumbnail":"https:\/\/int.design\/wp-content\/uploads\/2022\/04\/R\u00e9sidence O_Photo_Olivier_H\u00e9tu_Paule_Bourbonnais_Design_Salle de bain chambre(1)-150x150.jpg","thumbnail-width":150,"thumbnail-height":150,"medium":"https:\/\/int.design\/wp-content\/uploads\/2022\/04\/R\u00e9sidence O_Photo_Olivier_H\u00e9tu_Paule_Bourbonnais_Design_Salle de bain chambre(1)-300x200.jpg","medium-width":300,"medium-height":200,"medium_large":"https:\/\/int.design\/wp-content\/uploads\/2022\/04\/R\u00e9sidence O_Photo_Olivier_H\u00e9tu_Paule_Bourbonnais_Design_Salle de bain chambre(1)-768x513.jpg","medium_large-width":768,"medium_large-height":513,"large":"https:\/\/int.design\/wp-content\/uploads\/2022\/04\/R\u00e9sidence O_Photo_Olivier_H\u00e9tu_Paule_Bourbonnais_Design_Salle de bain chambre(1)-1024x684.jpg","large-width":1024,"large-height":684,"1536x1536":"https:\/\/int.design\/wp-content\/uploads\/2022\/04\/R\u00e9sidence O_Photo_Olivier_H\u00e9tu_Paule_Bourbonnais_Design_Salle de bain chambre(1)-1536x1026.jpg","1536x1536-width":1536,"1536x1536-height":1026,"2048x2048":"https:\/\/int.design\/wp-content\/uploads\/2022\/04\/R\u00e9sidence O_Photo_Olivier_H\u00e9tu_Paule_Bourbonnais_Design_Salle de bain chambre(1)-2048x1368.jpg","2048x2048-width":2048,"2048x2048-height":1368,"article":"https:\/\/int.design\/wp-content\/uploads\/2022\/04\/R\u00e9sidence O_Photo_Olivier_H\u00e9tu_Paule_Bourbonnais_Design_Salle de bain chambre(1)-960x540.jpg","article-width":960,"article-height":540,"banner":"https:\/\/int.design\/wp-content\/uploads\/2022\/04\/R\u00e9sidence O_Photo_Olivier_H\u00e9tu_Paule_Bourbonnais_Design_Salle de bain chambre(1)-1920x1282.jpg","banner-width":1920,"banner-height":1282,"block":"https:\/\/int.design\/wp-content\/uploads\/2022\/04\/R\u00e9sidence O_Photo_Olivier_H\u00e9tu_Paule_Bourbonnais_Design_Salle de bain chambre(1)-900x680.jpg","block-width":900,"block-height":680,"card":"https:\/\/int.design\/wp-content\/uploads\/2022\/04\/R\u00e9sidence O_Photo_Olivier_H\u00e9tu_Paule_Bourbonnais_Design_Salle de bain chambre(1)-560x495.jpg","card-width":560,"card-height":495,"card-thumbnail":"https:\/\/int.design\/wp-content\/uploads\/2022\/04\/R\u00e9sidence O_Photo_Olivier_H\u00e9tu_Paule_Bourbonnais_Design_Salle de bain chambre(1)-450x340.jpg","card-thumbnail-width":450,"card-thumbnail-height":340,"conference":"https:\/\/int.design\/wp-content\/uploads\/2022\/04\/R\u00e9sidence O_Photo_Olivier_H\u00e9tu_Paule_Bourbonnais_Design_Salle de bain chambre(1)-560x250.jpg","conference-width":560,"conference-height":250,"contest":"https:\/\/int.design\/wp-content\/uploads\/2022\/04\/R\u00e9sidence O_Photo_Olivier_H\u00e9tu_Paule_Bourbonnais_Design_Salle de bain chambre(1)-960x400.jpg","contest-width":960,"contest-height":400,"cta":"https:\/\/int.design\/wp-content\/uploads\/2022\/04\/R\u00e9sidence O_Photo_Olivier_H\u00e9tu_Paule_Bourbonnais_Design_Salle de bain chambre(1)-415x170.jpg","cta-width":415,"cta-height":170,"exhibitor":"https:\/\/int.design\/wp-content\/uploads\/2022\/04\/R\u00e9sidence O_Photo_Olivier_H\u00e9tu_Paule_Bourbonnais_Design_Salle de bain chambre(1)-560x560.jpg","exhibitor-width":560,"exhibitor-height":560,"gallery":"https:\/\/int.design\/wp-content\/uploads\/2022\/04\/R\u00e9sidence O_Photo_Olivier_H\u00e9tu_Paule_Bourbonnais_Design_Salle de bain chambre(1)-560x374.jpg","gallery-width":560,"gallery-height":374,"logo":"https:\/\/int.design\/wp-content\/uploads\/2022\/04\/R\u00e9sidence O_Photo_Olivier_H\u00e9tu_Paule_Bourbonnais_Design_Salle de bain chambre(1)-150x100.jpg","logo-width":150,"logo-height":100,"masonry":"https:\/\/int.design\/wp-content\/uploads\/2022\/04\/R\u00e9sidence O_Photo_Olivier_H\u00e9tu_Paule_Bourbonnais_Design_Salle de bain chambre(1)-550x367.jpg","masonry-width":550,"masonry-height":367,"modal":"https:\/\/int.design\/wp-content\/uploads\/2022\/04\/R\u00e9sidence O_Photo_Olivier_H\u00e9tu_Paule_Bourbonnais_Design_Salle de bain chambre(1)-1920x1282.jpg","modal-width":1920,"modal-height":1282,"number":"https:\/\/int.design\/wp-content\/uploads\/2022\/04\/R\u00e9sidence O_Photo_Olivier_H\u00e9tu_Paule_Bourbonnais_Design_Salle de bain chambre(1)-560x374.jpg","number-width":560,"number-height":374,"partner":"https:\/\/int.design\/wp-content\/uploads\/2022\/04\/R\u00e9sidence O_Photo_Olivier_H\u00e9tu_Paule_Bourbonnais_Design_Salle de bain chambre(1)-275x184.jpg","partner-width":275,"partner-height":184,"ranking":"https:\/\/int.design\/wp-content\/uploads\/2022\/04\/R\u00e9sidence O_Photo_Olivier_H\u00e9tu_Paule_Bourbonnais_Design_Salle de bain chambre(1)-960x540.jpg","ranking-width":960,"ranking-height":540,"schedule":"https:\/\/int.design\/wp-content\/uploads\/2022\/04\/R\u00e9sidence O_Photo_Olivier_H\u00e9tu_Paule_Bourbonnais_Design_Salle de bain chambre(1)-960x360.jpg","schedule-width":960,"schedule-height":360,"slideshow":"https:\/\/int.design\/wp-content\/uploads\/2022\/04\/R\u00e9sidence O_Photo_Olivier_H\u00e9tu_Paule_Bourbonnais_Design_Salle de bain chambre(1)-1018x680.jpg","slideshow-width":1018,"slideshow-height":680}},"filters":false,"suppliers":false,"attachment_category":[]},{"categories":[2517],"credit":"Olivier H\u00e9tu","image":{"ID":96355,"id":96355,"title":"R\u00e9sidence O_Photo_Olivier_H\u00e9tu_Paule_Bourbonnais_Design_Salle de bain-1 (1)","filename":"R\u00e9sidence O_Photo_Olivier_H\u00e9tu_Paule_Bourbonnais_Design_Salle de bain-1 (1)-scaled.jpg","filesize":0,"url":"https:\/\/int.design\/wp-content\/uploads\/2022\/04\/R\u00e9sidence O_Photo_Olivier_H\u00e9tu_Paule_Bourbonnais_Design_Salle de bain-1 (1)-scaled.jpg","link":"https:\/\/int.design\/fr\/projets\/residence-o\/residence-o_photo_olivier_hetu_paule_bourbonnais_design_salle-de-bain-1-1\/","alt":"","author":"151","description":"R\u00e9sidence O Paule Bourbonnais Design Paule Bourbonnais Design Groupe Synchro Michel Lemieux","caption":"","name":"residence-o_photo_olivier_hetu_paule_bourbonnais_design_salle-de-bain-1-1","status":"inherit","uploaded_to":79786,"date":"2022-04-14 21:47:37","modified":"2022-08-09 15:45:35","menu_order":0,"mime_type":"image\/jpeg","type":"image","subtype":"jpeg","icon":"https:\/\/int.design\/wp-includes\/images\/media\/default.png","width":1710,"height":2560,"sizes":{"thumbnail":"https:\/\/int.design\/wp-content\/uploads\/2022\/04\/R\u00e9sidence O_Photo_Olivier_H\u00e9tu_Paule_Bourbonnais_Design_Salle de bain-1 (1)-150x150.jpg","thumbnail-width":150,"thumbnail-height":150,"medium":"https:\/\/int.design\/wp-content\/uploads\/2022\/04\/R\u00e9sidence O_Photo_Olivier_H\u00e9tu_Paule_Bourbonnais_Design_Salle de bain-1 (1)-200x300.jpg","medium-width":200,"medium-height":300,"medium_large":"https:\/\/int.design\/wp-content\/uploads\/2022\/04\/R\u00e9sidence O_Photo_Olivier_H\u00e9tu_Paule_Bourbonnais_Design_Salle de bain-1 (1)-768x1150.jpg","medium_large-width":768,"medium_large-height":1150,"large":"https:\/\/int.design\/wp-content\/uploads\/2022\/04\/R\u00e9sidence O_Photo_Olivier_H\u00e9tu_Paule_Bourbonnais_Design_Salle de bain-1 (1)-684x1024.jpg","large-width":684,"large-height":1024,"1536x1536":"https:\/\/int.design\/wp-content\/uploads\/2022\/04\/R\u00e9sidence O_Photo_Olivier_H\u00e9tu_Paule_Bourbonnais_Design_Salle de bain-1 (1)-1026x1536.jpg","1536x1536-width":1026,"1536x1536-height":1536,"2048x2048":"https:\/\/int.design\/wp-content\/uploads\/2022\/04\/R\u00e9sidence O_Photo_Olivier_H\u00e9tu_Paule_Bourbonnais_Design_Salle de bain-1 (1)-1368x2048.jpg","2048x2048-width":1368,"2048x2048-height":2048,"article":"https:\/\/int.design\/wp-content\/uploads\/2022\/04\/R\u00e9sidence O_Photo_Olivier_H\u00e9tu_Paule_Bourbonnais_Design_Salle de bain-1 (1)-960x540.jpg","article-width":960,"article-height":540,"banner":"https:\/\/int.design\/wp-content\/uploads\/2022\/04\/R\u00e9sidence O_Photo_Olivier_H\u00e9tu_Paule_Bourbonnais_Design_Salle de bain-1 (1)-1920x2875.jpg","banner-width":1920,"banner-height":2875,"block":"https:\/\/int.design\/wp-content\/uploads\/2022\/04\/R\u00e9sidence O_Photo_Olivier_H\u00e9tu_Paule_Bourbonnais_Design_Salle de bain-1 (1)-900x680.jpg","block-width":900,"block-height":680,"card":"https:\/\/int.design\/wp-content\/uploads\/2022\/04\/R\u00e9sidence O_Photo_Olivier_H\u00e9tu_Paule_Bourbonnais_Design_Salle de bain-1 (1)-560x495.jpg","card-width":560,"card-height":495,"card-thumbnail":"https:\/\/int.design\/wp-content\/uploads\/2022\/04\/R\u00e9sidence O_Photo_Olivier_H\u00e9tu_Paule_Bourbonnais_Design_Salle de bain-1 (1)-450x340.jpg","card-thumbnail-width":450,"card-thumbnail-height":340,"conference":"https:\/\/int.design\/wp-content\/uploads\/2022\/04\/R\u00e9sidence O_Photo_Olivier_H\u00e9tu_Paule_Bourbonnais_Design_Salle de bain-1 (1)-560x250.jpg","conference-width":560,"conference-height":250,"contest":"https:\/\/int.design\/wp-content\/uploads\/2022\/04\/R\u00e9sidence O_Photo_Olivier_H\u00e9tu_Paule_Bourbonnais_Design_Salle de bain-1 (1)-960x400.jpg","contest-width":960,"contest-height":400,"cta":"https:\/\/int.design\/wp-content\/uploads\/2022\/04\/R\u00e9sidence O_Photo_Olivier_H\u00e9tu_Paule_Bourbonnais_Design_Salle de bain-1 (1)-415x170.jpg","cta-width":415,"cta-height":170,"exhibitor":"https:\/\/int.design\/wp-content\/uploads\/2022\/04\/R\u00e9sidence O_Photo_Olivier_H\u00e9tu_Paule_Bourbonnais_Design_Salle de bain-1 (1)-560x560.jpg","exhibitor-width":560,"exhibitor-height":560,"gallery":"https:\/\/int.design\/wp-content\/uploads\/2022\/04\/R\u00e9sidence O_Photo_Olivier_H\u00e9tu_Paule_Bourbonnais_Design_Salle de bain-1 (1)-287x430.jpg","gallery-width":287,"gallery-height":430,"logo":"https:\/\/int.design\/wp-content\/uploads\/2022\/04\/R\u00e9sidence O_Photo_Olivier_H\u00e9tu_Paule_Bourbonnais_Design_Salle de bain-1 (1)-67x100.jpg","logo-width":67,"logo-height":100,"masonry":"https:\/\/int.design\/wp-content\/uploads\/2022\/04\/R\u00e9sidence O_Photo_Olivier_H\u00e9tu_Paule_Bourbonnais_Design_Salle de bain-1 (1)-550x823.jpg","masonry-width":550,"masonry-height":823,"modal":"https:\/\/int.design\/wp-content\/uploads\/2022\/04\/R\u00e9sidence O_Photo_Olivier_H\u00e9tu_Paule_Bourbonnais_Design_Salle de bain-1 (1)-1282x1920.jpg","modal-width":1282,"modal-height":1920,"number":"https:\/\/int.design\/wp-content\/uploads\/2022\/04\/R\u00e9sidence O_Photo_Olivier_H\u00e9tu_Paule_Bourbonnais_Design_Salle de bain-1 (1)-287x430.jpg","number-width":287,"number-height":430,"partner":"https:\/\/int.design\/wp-content\/uploads\/2022\/04\/R\u00e9sidence O_Photo_Olivier_H\u00e9tu_Paule_Bourbonnais_Design_Salle de bain-1 (1)-140x210.jpg","partner-width":140,"partner-height":210,"ranking":"https:\/\/int.design\/wp-content\/uploads\/2022\/04\/R\u00e9sidence O_Photo_Olivier_H\u00e9tu_Paule_Bourbonnais_Design_Salle de bain-1 (1)-960x540.jpg","ranking-width":960,"ranking-height":540,"schedule":"https:\/\/int.design\/wp-content\/uploads\/2022\/04\/R\u00e9sidence O_Photo_Olivier_H\u00e9tu_Paule_Bourbonnais_Design_Salle de bain-1 (1)-960x360.jpg","schedule-width":960,"schedule-height":360,"slideshow":"https:\/\/int.design\/wp-content\/uploads\/2022\/04\/R\u00e9sidence O_Photo_Olivier_H\u00e9tu_Paule_Bourbonnais_Design_Salle de bain-1 (1)-454x680.jpg","slideshow-width":454,"slideshow-height":680}},"filters":false,"suppliers":false,"attachment_category":[]},{"categories":[2517],"credit":"Olivier H\u00e9tu","image":{"ID":96356,"id":96356,"title":"R\u00e9sidence O_Photo_Olivier_H\u00e9tu_Paule_Bourbonnais_design_Salle de bain chambre (2)","filename":"R\u00e9sidence O_Photo_Olivier_H\u00e9tu_Paule_Bourbonnais_design_Salle de bain chambre (2)-scaled.jpg","filesize":0,"url":"https:\/\/int.design\/wp-content\/uploads\/2022\/04\/R\u00e9sidence O_Photo_Olivier_H\u00e9tu_Paule_Bourbonnais_design_Salle de bain chambre (2)-scaled.jpg","link":"https:\/\/int.design\/fr\/projets\/residence-o\/residence-o_photo_olivier_hetu_paule_bourbonnais_design_salle-de-bain-chambre-2\/","alt":"","author":"151","description":"R\u00e9sidence O Paule Bourbonnais Design Paule Bourbonnais Design Groupe Synchro Michel Lemieux","caption":"","name":"residence-o_photo_olivier_hetu_paule_bourbonnais_design_salle-de-bain-chambre-2","status":"inherit","uploaded_to":79786,"date":"2022-04-14 21:48:34","modified":"2022-08-09 15:45:35","menu_order":0,"mime_type":"image\/jpeg","type":"image","subtype":"jpeg","icon":"https:\/\/int.design\/wp-includes\/images\/media\/default.png","width":1710,"height":2560,"sizes":{"thumbnail":"https:\/\/int.design\/wp-content\/uploads\/2022\/04\/R\u00e9sidence O_Photo_Olivier_H\u00e9tu_Paule_Bourbonnais_design_Salle de bain chambre (2)-150x150.jpg","thumbnail-width":150,"thumbnail-height":150,"medium":"https:\/\/int.design\/wp-content\/uploads\/2022\/04\/R\u00e9sidence O_Photo_Olivier_H\u00e9tu_Paule_Bourbonnais_design_Salle de bain chambre (2)-200x300.jpg","medium-width":200,"medium-height":300,"medium_large":"https:\/\/int.design\/wp-content\/uploads\/2022\/04\/R\u00e9sidence O_Photo_Olivier_H\u00e9tu_Paule_Bourbonnais_design_Salle de bain chambre (2)-768x1150.jpg","medium_large-width":768,"medium_large-height":1150,"large":"https:\/\/int.design\/wp-content\/uploads\/2022\/04\/R\u00e9sidence O_Photo_Olivier_H\u00e9tu_Paule_Bourbonnais_design_Salle de bain chambre (2)-684x1024.jpg","large-width":684,"large-height":1024,"1536x1536":"https:\/\/int.design\/wp-content\/uploads\/2022\/04\/R\u00e9sidence O_Photo_Olivier_H\u00e9tu_Paule_Bourbonnais_design_Salle de bain chambre (2)-1026x1536.jpg","1536x1536-width":1026,"1536x1536-height":1536,"2048x2048":"https:\/\/int.design\/wp-content\/uploads\/2022\/04\/R\u00e9sidence O_Photo_Olivier_H\u00e9tu_Paule_Bourbonnais_design_Salle de bain chambre (2)-1368x2048.jpg","2048x2048-width":1368,"2048x2048-height":2048,"article":"https:\/\/int.design\/wp-content\/uploads\/2022\/04\/R\u00e9sidence O_Photo_Olivier_H\u00e9tu_Paule_Bourbonnais_design_Salle de bain chambre (2)-960x540.jpg","article-width":960,"article-height":540,"banner":"https:\/\/int.design\/wp-content\/uploads\/2022\/04\/R\u00e9sidence O_Photo_Olivier_H\u00e9tu_Paule_Bourbonnais_design_Salle de bain chambre (2)-1920x2875.jpg","banner-width":1920,"banner-height":2875,"block":"https:\/\/int.design\/wp-content\/uploads\/2022\/04\/R\u00e9sidence O_Photo_Olivier_H\u00e9tu_Paule_Bourbonnais_design_Salle de bain chambre (2)-900x680.jpg","block-width":900,"block-height":680,"card":"https:\/\/int.design\/wp-content\/uploads\/2022\/04\/R\u00e9sidence O_Photo_Olivier_H\u00e9tu_Paule_Bourbonnais_design_Salle de bain chambre (2)-560x495.jpg","card-width":560,"card-height":495,"card-thumbnail":"https:\/\/int.design\/wp-content\/uploads\/2022\/04\/R\u00e9sidence O_Photo_Olivier_H\u00e9tu_Paule_Bourbonnais_design_Salle de bain chambre (2)-450x340.jpg","card-thumbnail-width":450,"card-thumbnail-height":340,"conference":"https:\/\/int.design\/wp-content\/uploads\/2022\/04\/R\u00e9sidence O_Photo_Olivier_H\u00e9tu_Paule_Bourbonnais_design_Salle de bain chambre (2)-560x250.jpg","conference-width":560,"conference-height":250,"contest":"https:\/\/int.design\/wp-content\/uploads\/2022\/04\/R\u00e9sidence O_Photo_Olivier_H\u00e9tu_Paule_Bourbonnais_design_Salle de bain chambre (2)-960x400.jpg","contest-width":960,"contest-height":400,"cta":"https:\/\/int.design\/wp-content\/uploads\/2022\/04\/R\u00e9sidence O_Photo_Olivier_H\u00e9tu_Paule_Bourbonnais_design_Salle de bain chambre (2)-415x170.jpg","cta-width":415,"cta-height":170,"exhibitor":"https:\/\/int.design\/wp-content\/uploads\/2022\/04\/R\u00e9sidence O_Photo_Olivier_H\u00e9tu_Paule_Bourbonnais_design_Salle de bain chambre (2)-560x560.jpg","exhibitor-width":560,"exhibitor-height":560,"gallery":"https:\/\/int.design\/wp-content\/uploads\/2022\/04\/R\u00e9sidence O_Photo_Olivier_H\u00e9tu_Paule_Bourbonnais_design_Salle de bain chambre (2)-287x430.jpg","gallery-width":287,"gallery-height":430,"logo":"https:\/\/int.design\/wp-content\/uploads\/2022\/04\/R\u00e9sidence O_Photo_Olivier_H\u00e9tu_Paule_Bourbonnais_design_Salle de bain chambre (2)-67x100.jpg","logo-width":67,"logo-height":100,"masonry":"https:\/\/int.design\/wp-content\/uploads\/2022\/04\/R\u00e9sidence O_Photo_Olivier_H\u00e9tu_Paule_Bourbonnais_design_Salle de bain chambre (2)-550x823.jpg","masonry-width":550,"masonry-height":823,"modal":"https:\/\/int.design\/wp-content\/uploads\/2022\/04\/R\u00e9sidence O_Photo_Olivier_H\u00e9tu_Paule_Bourbonnais_design_Salle de bain chambre (2)-1282x1920.jpg","modal-width":1282,"modal-height":1920,"number":"https:\/\/int.design\/wp-content\/uploads\/2022\/04\/R\u00e9sidence O_Photo_Olivier_H\u00e9tu_Paule_Bourbonnais_design_Salle de bain chambre (2)-287x430.jpg","number-width":287,"number-height":430,"partner":"https:\/\/int.design\/wp-content\/uploads\/2022\/04\/R\u00e9sidence O_Photo_Olivier_H\u00e9tu_Paule_Bourbonnais_design_Salle de bain chambre (2)-140x210.jpg","partner-width":140,"partner-height":210,"ranking":"https:\/\/int.design\/wp-content\/uploads\/2022\/04\/R\u00e9sidence O_Photo_Olivier_H\u00e9tu_Paule_Bourbonnais_design_Salle de bain chambre (2)-960x540.jpg","ranking-width":960,"ranking-height":540,"schedule":"https:\/\/int.design\/wp-content\/uploads\/2022\/04\/R\u00e9sidence O_Photo_Olivier_H\u00e9tu_Paule_Bourbonnais_design_Salle de bain chambre (2)-960x360.jpg","schedule-width":960,"schedule-height":360,"slideshow":"https:\/\/int.design\/wp-content\/uploads\/2022\/04\/R\u00e9sidence O_Photo_Olivier_H\u00e9tu_Paule_Bourbonnais_design_Salle de bain chambre (2)-454x680.jpg","slideshow-width":454,"slideshow-height":680}},"filters":false,"suppliers":false,"attachment_category":[]},{"categories":[2517],"credit":"Olivier H\u00e9tu","image":{"ID":96357,"id":96357,"title":"R\u00e9sidence O_Photo_Olivier_H\u00e9tu_Paule_Bourbonnais_Design_SB Bain 3-crop","filename":"R\u00e9sidence O_Photo_Olivier_H\u00e9tu_Paule_Bourbonnais_Design_SB Bain 3-crop-scaled.jpg","filesize":0,"url":"https:\/\/int.design\/wp-content\/uploads\/2022\/04\/R\u00e9sidence O_Photo_Olivier_H\u00e9tu_Paule_Bourbonnais_Design_SB Bain 3-crop-scaled.jpg","link":"https:\/\/int.design\/fr\/projets\/residence-o\/residence-o_photo_olivier_hetu_paule_bourbonnais_design_sb-bain-3-crop\/","alt":"","author":"151","description":"R\u00e9sidence O Paule Bourbonnais Design Paule Bourbonnais Design Groupe Synchro Michel Lemieux","caption":"","name":"residence-o_photo_olivier_hetu_paule_bourbonnais_design_sb-bain-3-crop","status":"inherit","uploaded_to":79786,"date":"2022-04-14 21:48:56","modified":"2022-08-09 15:45:35","menu_order":0,"mime_type":"image\/jpeg","type":"image","subtype":"jpeg","icon":"https:\/\/int.design\/wp-includes\/images\/media\/default.png","width":1814,"height":2560,"sizes":{"thumbnail":"https:\/\/int.design\/wp-content\/uploads\/2022\/04\/R\u00e9sidence O_Photo_Olivier_H\u00e9tu_Paule_Bourbonnais_Design_SB Bain 3-crop-150x150.jpg","thumbnail-width":150,"thumbnail-height":150,"medium":"https:\/\/int.design\/wp-content\/uploads\/2022\/04\/R\u00e9sidence O_Photo_Olivier_H\u00e9tu_Paule_Bourbonnais_Design_SB Bain 3-crop-213x300.jpg","medium-width":213,"medium-height":300,"medium_large":"https:\/\/int.design\/wp-content\/uploads\/2022\/04\/R\u00e9sidence O_Photo_Olivier_H\u00e9tu_Paule_Bourbonnais_Design_SB Bain 3-crop-768x1084.jpg","medium_large-width":768,"medium_large-height":1084,"large":"https:\/\/int.design\/wp-content\/uploads\/2022\/04\/R\u00e9sidence O_Photo_Olivier_H\u00e9tu_Paule_Bourbonnais_Design_SB Bain 3-crop-726x1024.jpg","large-width":726,"large-height":1024,"1536x1536":"https:\/\/int.design\/wp-content\/uploads\/2022\/04\/R\u00e9sidence O_Photo_Olivier_H\u00e9tu_Paule_Bourbonnais_Design_SB Bain 3-crop-1088x1536.jpg","1536x1536-width":1088,"1536x1536-height":1536,"2048x2048":"https:\/\/int.design\/wp-content\/uploads\/2022\/04\/R\u00e9sidence O_Photo_Olivier_H\u00e9tu_Paule_Bourbonnais_Design_SB Bain 3-crop-1451x2048.jpg","2048x2048-width":1451,"2048x2048-height":2048,"article":"https:\/\/int.design\/wp-content\/uploads\/2022\/04\/R\u00e9sidence O_Photo_Olivier_H\u00e9tu_Paule_Bourbonnais_Design_SB Bain 3-crop-960x540.jpg","article-width":960,"article-height":540,"banner":"https:\/\/int.design\/wp-content\/uploads\/2022\/04\/R\u00e9sidence O_Photo_Olivier_H\u00e9tu_Paule_Bourbonnais_Design_SB Bain 3-crop-1920x2710.jpg","banner-width":1920,"banner-height":2710,"block":"https:\/\/int.design\/wp-content\/uploads\/2022\/04\/R\u00e9sidence O_Photo_Olivier_H\u00e9tu_Paule_Bourbonnais_Design_SB Bain 3-crop-900x680.jpg","block-width":900,"block-height":680,"card":"https:\/\/int.design\/wp-content\/uploads\/2022\/04\/R\u00e9sidence O_Photo_Olivier_H\u00e9tu_Paule_Bourbonnais_Design_SB Bain 3-crop-560x495.jpg","card-width":560,"card-height":495,"card-thumbnail":"https:\/\/int.design\/wp-content\/uploads\/2022\/04\/R\u00e9sidence O_Photo_Olivier_H\u00e9tu_Paule_Bourbonnais_Design_SB Bain 3-crop-450x340.jpg","card-thumbnail-width":450,"card-thumbnail-height":340,"conference":"https:\/\/int.design\/wp-content\/uploads\/2022\/04\/R\u00e9sidence O_Photo_Olivier_H\u00e9tu_Paule_Bourbonnais_Design_SB Bain 3-crop-560x250.jpg","conference-width":560,"conference-height":250,"contest":"https:\/\/int.design\/wp-content\/uploads\/2022\/04\/R\u00e9sidence O_Photo_Olivier_H\u00e9tu_Paule_Bourbonnais_Design_SB Bain 3-crop-960x400.jpg","contest-width":960,"contest-height":400,"cta":"https:\/\/int.design\/wp-content\/uploads\/2022\/04\/R\u00e9sidence O_Photo_Olivier_H\u00e9tu_Paule_Bourbonnais_Design_SB Bain 3-crop-415x170.jpg","cta-width":415,"cta-height":170,"exhibitor":"https:\/\/int.design\/wp-content\/uploads\/2022\/04\/R\u00e9sidence O_Photo_Olivier_H\u00e9tu_Paule_Bourbonnais_Design_SB Bain 3-crop-560x560.jpg","exhibitor-width":560,"exhibitor-height":560,"gallery":"https:\/\/int.design\/wp-content\/uploads\/2022\/04\/R\u00e9sidence O_Photo_Olivier_H\u00e9tu_Paule_Bourbonnais_Design_SB Bain 3-crop-305x430.jpg","gallery-width":305,"gallery-height":430,"logo":"https:\/\/int.design\/wp-content\/uploads\/2022\/04\/R\u00e9sidence O_Photo_Olivier_H\u00e9tu_Paule_Bourbonnais_Design_SB Bain 3-crop-71x100.jpg","logo-width":71,"logo-height":100,"masonry":"https:\/\/int.design\/wp-content\/uploads\/2022\/04\/R\u00e9sidence O_Photo_Olivier_H\u00e9tu_Paule_Bourbonnais_Design_SB Bain 3-crop-550x776.jpg","masonry-width":550,"masonry-height":776,"modal":"https:\/\/int.design\/wp-content\/uploads\/2022\/04\/R\u00e9sidence O_Photo_Olivier_H\u00e9tu_Paule_Bourbonnais_Design_SB Bain 3-crop-1360x1920.jpg","modal-width":1360,"modal-height":1920,"number":"https:\/\/int.design\/wp-content\/uploads\/2022\/04\/R\u00e9sidence O_Photo_Olivier_H\u00e9tu_Paule_Bourbonnais_Design_SB Bain 3-crop-305x430.jpg","number-width":305,"number-height":430,"partner":"https:\/\/int.design\/wp-content\/uploads\/2022\/04\/R\u00e9sidence O_Photo_Olivier_H\u00e9tu_Paule_Bourbonnais_Design_SB Bain 3-crop-149x210.jpg","partner-width":149,"partner-height":210,"ranking":"https:\/\/int.design\/wp-content\/uploads\/2022\/04\/R\u00e9sidence O_Photo_Olivier_H\u00e9tu_Paule_Bourbonnais_Design_SB Bain 3-crop-960x540.jpg","ranking-width":960,"ranking-height":540,"schedule":"https:\/\/int.design\/wp-content\/uploads\/2022\/04\/R\u00e9sidence O_Photo_Olivier_H\u00e9tu_Paule_Bourbonnais_Design_SB Bain 3-crop-960x360.jpg","schedule-width":960,"schedule-height":360,"slideshow":"https:\/\/int.design\/wp-content\/uploads\/2022\/04\/R\u00e9sidence O_Photo_Olivier_H\u00e9tu_Paule_Bourbonnais_Design_SB Bain 3-crop-482x680.jpg","slideshow-width":482,"slideshow-height":680}},"filters":false,"suppliers":false,"attachment_category":[]},{"categories":[2517],"credit":"Olivier H\u00e9tu","image":{"ID":96358,"id":96358,"title":"R\u00e9sidence O_Photo_Olivier_H\u00e9tu_Paule_Bourbonnias_Salle_de_bain (1)","filename":"R\u00e9sidence O_Photo_Olivier_H\u00e9tu_Paule_Bourbonnias_Salle_de_bain (1)-scaled.jpg","filesize":0,"url":"https:\/\/int.design\/wp-content\/uploads\/2022\/04\/R\u00e9sidence O_Photo_Olivier_H\u00e9tu_Paule_Bourbonnias_Salle_de_bain (1)-scaled.jpg","link":"https:\/\/int.design\/fr\/projets\/residence-o\/residence-o_photo_olivier_hetu_paule_bourbonnias_salle_de_bain-1\/","alt":"","author":"151","description":"R\u00e9sidence O Paule Bourbonnais Design Paule Bourbonnais Design Groupe Synchro Michel Lemieux","caption":"","name":"residence-o_photo_olivier_hetu_paule_bourbonnias_salle_de_bain-1","status":"inherit","uploaded_to":79786,"date":"2022-04-14 21:49:36","modified":"2022-08-09 15:45:35","menu_order":0,"mime_type":"image\/jpeg","type":"image","subtype":"jpeg","icon":"https:\/\/int.design\/wp-includes\/images\/media\/default.png","width":1810,"height":2560,"sizes":{"thumbnail":"https:\/\/int.design\/wp-content\/uploads\/2022\/04\/R\u00e9sidence O_Photo_Olivier_H\u00e9tu_Paule_Bourbonnias_Salle_de_bain (1)-150x150.jpg","thumbnail-width":150,"thumbnail-height":150,"medium":"https:\/\/int.design\/wp-content\/uploads\/2022\/04\/R\u00e9sidence O_Photo_Olivier_H\u00e9tu_Paule_Bourbonnias_Salle_de_bain (1)-212x300.jpg","medium-width":212,"medium-height":300,"medium_large":"https:\/\/int.design\/wp-content\/uploads\/2022\/04\/R\u00e9sidence O_Photo_Olivier_H\u00e9tu_Paule_Bourbonnias_Salle_de_bain (1)-768x1086.jpg","medium_large-width":768,"medium_large-height":1086,"large":"https:\/\/int.design\/wp-content\/uploads\/2022\/04\/R\u00e9sidence O_Photo_Olivier_H\u00e9tu_Paule_Bourbonnias_Salle_de_bain (1)-724x1024.jpg","large-width":724,"large-height":1024,"1536x1536":"https:\/\/int.design\/wp-content\/uploads\/2022\/04\/R\u00e9sidence O_Photo_Olivier_H\u00e9tu_Paule_Bourbonnias_Salle_de_bain (1)-1086x1536.jpg","1536x1536-width":1086,"1536x1536-height":1536,"2048x2048":"https:\/\/int.design\/wp-content\/uploads\/2022\/04\/R\u00e9sidence O_Photo_Olivier_H\u00e9tu_Paule_Bourbonnias_Salle_de_bain (1)-1448x2048.jpg","2048x2048-width":1448,"2048x2048-height":2048,"article":"https:\/\/int.design\/wp-content\/uploads\/2022\/04\/R\u00e9sidence O_Photo_Olivier_H\u00e9tu_Paule_Bourbonnias_Salle_de_bain (1)-960x540.jpg","article-width":960,"article-height":540,"banner":"https:\/\/int.design\/wp-content\/uploads\/2022\/04\/R\u00e9sidence O_Photo_Olivier_H\u00e9tu_Paule_Bourbonnias_Salle_de_bain (1)-1920x2716.jpg","banner-width":1920,"banner-height":2716,"block":"https:\/\/int.design\/wp-content\/uploads\/2022\/04\/R\u00e9sidence O_Photo_Olivier_H\u00e9tu_Paule_Bourbonnias_Salle_de_bain (1)-900x680.jpg","block-width":900,"block-height":680,"card":"https:\/\/int.design\/wp-content\/uploads\/2022\/04\/R\u00e9sidence O_Photo_Olivier_H\u00e9tu_Paule_Bourbonnias_Salle_de_bain (1)-560x495.jpg","card-width":560,"card-height":495,"card-thumbnail":"https:\/\/int.design\/wp-content\/uploads\/2022\/04\/R\u00e9sidence O_Photo_Olivier_H\u00e9tu_Paule_Bourbonnias_Salle_de_bain (1)-450x340.jpg","card-thumbnail-width":450,"card-thumbnail-height":340,"conference":"https:\/\/int.design\/wp-content\/uploads\/2022\/04\/R\u00e9sidence O_Photo_Olivier_H\u00e9tu_Paule_Bourbonnias_Salle_de_bain (1)-560x250.jpg","conference-width":560,"conference-height":250,"contest":"https:\/\/int.design\/wp-content\/uploads\/2022\/04\/R\u00e9sidence O_Photo_Olivier_H\u00e9tu_Paule_Bourbonnias_Salle_de_bain (1)-960x400.jpg","contest-width":960,"contest-height":400,"cta":"https:\/\/int.design\/wp-content\/uploads\/2022\/04\/R\u00e9sidence O_Photo_Olivier_H\u00e9tu_Paule_Bourbonnias_Salle_de_bain (1)-415x170.jpg","cta-width":415,"cta-height":170,"exhibitor":"https:\/\/int.design\/wp-content\/uploads\/2022\/04\/R\u00e9sidence O_Photo_Olivier_H\u00e9tu_Paule_Bourbonnias_Salle_de_bain (1)-560x560.jpg","exhibitor-width":560,"exhibitor-height":560,"gallery":"https:\/\/int.design\/wp-content\/uploads\/2022\/04\/R\u00e9sidence O_Photo_Olivier_H\u00e9tu_Paule_Bourbonnias_Salle_de_bain (1)-304x430.jpg","gallery-width":304,"gallery-height":430,"logo":"https:\/\/int.design\/wp-content\/uploads\/2022\/04\/R\u00e9sidence O_Photo_Olivier_H\u00e9tu_Paule_Bourbonnias_Salle_de_bain (1)-71x100.jpg","logo-width":71,"logo-height":100,"masonry":"https:\/\/int.design\/wp-content\/uploads\/2022\/04\/R\u00e9sidence O_Photo_Olivier_H\u00e9tu_Paule_Bourbonnias_Salle_de_bain (1)-550x778.jpg","masonry-width":550,"masonry-height":778,"modal":"https:\/\/int.design\/wp-content\/uploads\/2022\/04\/R\u00e9sidence O_Photo_Olivier_H\u00e9tu_Paule_Bourbonnias_Salle_de_bain (1)-1357x1920.jpg","modal-width":1357,"modal-height":1920,"number":"https:\/\/int.design\/wp-content\/uploads\/2022\/04\/R\u00e9sidence O_Photo_Olivier_H\u00e9tu_Paule_Bourbonnias_Salle_de_bain (1)-304x430.jpg","number-width":304,"number-height":430,"partner":"https:\/\/int.design\/wp-content\/uploads\/2022\/04\/R\u00e9sidence O_Photo_Olivier_H\u00e9tu_Paule_Bourbonnias_Salle_de_bain (1)-148x210.jpg","partner-width":148,"partner-height":210,"ranking":"https:\/\/int.design\/wp-content\/uploads\/2022\/04\/R\u00e9sidence O_Photo_Olivier_H\u00e9tu_Paule_Bourbonnias_Salle_de_bain (1)-960x540.jpg","ranking-width":960,"ranking-height":540,"schedule":"https:\/\/int.design\/wp-content\/uploads\/2022\/04\/R\u00e9sidence O_Photo_Olivier_H\u00e9tu_Paule_Bourbonnias_Salle_de_bain (1)-960x360.jpg","schedule-width":960,"schedule-height":360,"slideshow":"https:\/\/int.design\/wp-content\/uploads\/2022\/04\/R\u00e9sidence O_Photo_Olivier_H\u00e9tu_Paule_Bourbonnias_Salle_de_bain (1)-481x680.jpg","slideshow-width":481,"slideshow-height":680}},"filters":false,"suppliers":false,"attachment_category":[]},{"categories":[2517],"credit":"Olivier H\u00e9tu","image":{"ID":96359,"id":96359,"title":"R\u00e9sidence O_Photo_Olivier_H\u00e9tu_Paule_Bourbonnais_Design_SB meuble lavabo 2_Crop","filename":"R\u00e9sidence O_Photo_Olivier_H\u00e9tu_Paule_Bourbonnais_Design_SB meuble lavabo 2_Crop-scaled.jpg","filesize":0,"url":"https:\/\/int.design\/wp-content\/uploads\/2022\/04\/R\u00e9sidence O_Photo_Olivier_H\u00e9tu_Paule_Bourbonnais_Design_SB meuble lavabo 2_Crop-scaled.jpg","link":"https:\/\/int.design\/fr\/projets\/residence-o\/residence-o_photo_olivier_hetu_paule_bourbonnais_design_sb-meuble-lavabo-2_crop\/","alt":"","author":"151","description":"R\u00e9sidence O Paule Bourbonnais Design Paule Bourbonnais Design Groupe Synchro Michel Lemieux","caption":"","name":"residence-o_photo_olivier_hetu_paule_bourbonnais_design_sb-meuble-lavabo-2_crop","status":"inherit","uploaded_to":79786,"date":"2022-04-14 21:49:49","modified":"2022-08-09 15:45:35","menu_order":0,"mime_type":"image\/jpeg","type":"image","subtype":"jpeg","icon":"https:\/\/int.design\/wp-includes\/images\/media\/default.png","width":1730,"height":2560,"sizes":{"thumbnail":"https:\/\/int.design\/wp-content\/uploads\/2022\/04\/R\u00e9sidence O_Photo_Olivier_H\u00e9tu_Paule_Bourbonnais_Design_SB meuble lavabo 2_Crop-150x150.jpg","thumbnail-width":150,"thumbnail-height":150,"medium":"https:\/\/int.design\/wp-content\/uploads\/2022\/04\/R\u00e9sidence O_Photo_Olivier_H\u00e9tu_Paule_Bourbonnais_Design_SB meuble lavabo 2_Crop-203x300.jpg","medium-width":203,"medium-height":300,"medium_large":"https:\/\/int.design\/wp-content\/uploads\/2022\/04\/R\u00e9sidence O_Photo_Olivier_H\u00e9tu_Paule_Bourbonnais_Design_SB meuble lavabo 2_Crop-768x1137.jpg","medium_large-width":768,"medium_large-height":1137,"large":"https:\/\/int.design\/wp-content\/uploads\/2022\/04\/R\u00e9sidence O_Photo_Olivier_H\u00e9tu_Paule_Bourbonnais_Design_SB meuble lavabo 2_Crop-692x1024.jpg","large-width":692,"large-height":1024,"1536x1536":"https:\/\/int.design\/wp-content\/uploads\/2022\/04\/R\u00e9sidence O_Photo_Olivier_H\u00e9tu_Paule_Bourbonnais_Design_SB meuble lavabo 2_Crop-1038x1536.jpg","1536x1536-width":1038,"1536x1536-height":1536,"2048x2048":"https:\/\/int.design\/wp-content\/uploads\/2022\/04\/R\u00e9sidence O_Photo_Olivier_H\u00e9tu_Paule_Bourbonnais_Design_SB meuble lavabo 2_Crop-1384x2048.jpg","2048x2048-width":1384,"2048x2048-height":2048,"article":"https:\/\/int.design\/wp-content\/uploads\/2022\/04\/R\u00e9sidence O_Photo_Olivier_H\u00e9tu_Paule_Bourbonnais_Design_SB meuble lavabo 2_Crop-960x540.jpg","article-width":960,"article-height":540,"banner":"https:\/\/int.design\/wp-content\/uploads\/2022\/04\/R\u00e9sidence O_Photo_Olivier_H\u00e9tu_Paule_Bourbonnais_Design_SB meuble lavabo 2_Crop-1920x2841.jpg","banner-width":1920,"banner-height":2841,"block":"https:\/\/int.design\/wp-content\/uploads\/2022\/04\/R\u00e9sidence O_Photo_Olivier_H\u00e9tu_Paule_Bourbonnais_Design_SB meuble lavabo 2_Crop-900x680.jpg","block-width":900,"block-height":680,"card":"https:\/\/int.design\/wp-content\/uploads\/2022\/04\/R\u00e9sidence O_Photo_Olivier_H\u00e9tu_Paule_Bourbonnais_Design_SB meuble lavabo 2_Crop-560x495.jpg","card-width":560,"card-height":495,"card-thumbnail":"https:\/\/int.design\/wp-content\/uploads\/2022\/04\/R\u00e9sidence O_Photo_Olivier_H\u00e9tu_Paule_Bourbonnais_Design_SB meuble lavabo 2_Crop-450x340.jpg","card-thumbnail-width":450,"card-thumbnail-height":340,"conference":"https:\/\/int.design\/wp-content\/uploads\/2022\/04\/R\u00e9sidence O_Photo_Olivier_H\u00e9tu_Paule_Bourbonnais_Design_SB meuble lavabo 2_Crop-560x250.jpg","conference-width":560,"conference-height":250,"contest":"https:\/\/int.design\/wp-content\/uploads\/2022\/04\/R\u00e9sidence O_Photo_Olivier_H\u00e9tu_Paule_Bourbonnais_Design_SB meuble lavabo 2_Crop-960x400.jpg","contest-width":960,"contest-height":400,"cta":"https:\/\/int.design\/wp-content\/uploads\/2022\/04\/R\u00e9sidence O_Photo_Olivier_H\u00e9tu_Paule_Bourbonnais_Design_SB meuble lavabo 2_Crop-415x170.jpg","cta-width":415,"cta-height":170,"exhibitor":"https:\/\/int.design\/wp-content\/uploads\/2022\/04\/R\u00e9sidence O_Photo_Olivier_H\u00e9tu_Paule_Bourbonnais_Design_SB meuble lavabo 2_Crop-560x560.jpg","exhibitor-width":560,"exhibitor-height":560,"gallery":"https:\/\/int.design\/wp-content\/uploads\/2022\/04\/R\u00e9sidence O_Photo_Olivier_H\u00e9tu_Paule_Bourbonnais_Design_SB meuble lavabo 2_Crop-291x430.jpg","gallery-width":291,"gallery-height":430,"logo":"https:\/\/int.design\/wp-content\/uploads\/2022\/04\/R\u00e9sidence O_Photo_Olivier_H\u00e9tu_Paule_Bourbonnais_Design_SB meuble lavabo 2_Crop-68x100.jpg","logo-width":68,"logo-height":100,"masonry":"https:\/\/int.design\/wp-content\/uploads\/2022\/04\/R\u00e9sidence O_Photo_Olivier_H\u00e9tu_Paule_Bourbonnais_Design_SB meuble lavabo 2_Crop-550x814.jpg","masonry-width":550,"masonry-height":814,"modal":"https:\/\/int.design\/wp-content\/uploads\/2022\/04\/R\u00e9sidence O_Photo_Olivier_H\u00e9tu_Paule_Bourbonnais_Design_SB meuble lavabo 2_Crop-1297x1920.jpg","modal-width":1297,"modal-height":1920,"number":"https:\/\/int.design\/wp-content\/uploads\/2022\/04\/R\u00e9sidence O_Photo_Olivier_H\u00e9tu_Paule_Bourbonnais_Design_SB meuble lavabo 2_Crop-291x430.jpg","number-width":291,"number-height":430,"partner":"https:\/\/int.design\/wp-content\/uploads\/2022\/04\/R\u00e9sidence O_Photo_Olivier_H\u00e9tu_Paule_Bourbonnais_Design_SB meuble lavabo 2_Crop-142x210.jpg","partner-width":142,"partner-height":210,"ranking":"https:\/\/int.design\/wp-content\/uploads\/2022\/04\/R\u00e9sidence O_Photo_Olivier_H\u00e9tu_Paule_Bourbonnais_Design_SB meuble lavabo 2_Crop-960x540.jpg","ranking-width":960,"ranking-height":540,"schedule":"https:\/\/int.design\/wp-content\/uploads\/2022\/04\/R\u00e9sidence O_Photo_Olivier_H\u00e9tu_Paule_Bourbonnais_Design_SB meuble lavabo 2_Crop-960x360.jpg","schedule-width":960,"schedule-height":360,"slideshow":"https:\/\/int.design\/wp-content\/uploads\/2022\/04\/R\u00e9sidence O_Photo_Olivier_H\u00e9tu_Paule_Bourbonnais_Design_SB meuble lavabo 2_Crop-459x680.jpg","slideshow-width":459,"slideshow-height":680}},"filters":false,"suppliers":false,"attachment_category":[]},{"categories":[2517],"credit":"Olivier H\u00e9tu","image":{"ID":96360,"id":96360,"title":"R\u00e9sidence O_Photo_Olivier_H\u00e9tu_Paule_Bourbonnais_Design_SB Lavabos vasques 5 (1)","filename":"R\u00e9sidence O_Photo_Olivier_H\u00e9tu_Paule_Bourbonnais_Design_SB Lavabos vasques 5 (1)-scaled.jpg","filesize":0,"url":"https:\/\/int.design\/wp-content\/uploads\/2022\/04\/R\u00e9sidence O_Photo_Olivier_H\u00e9tu_Paule_Bourbonnais_Design_SB Lavabos vasques 5 (1)-scaled.jpg","link":"https:\/\/int.design\/fr\/projets\/residence-o\/residence-o_photo_olivier_hetu_paule_bourbonnais_design_sb-lavabos-vasques-5-1\/","alt":"","author":"151","description":"R\u00e9sidence O Paule Bourbonnais Design Paule Bourbonnais Design Groupe Synchro Michel Lemieux","caption":"","name":"residence-o_photo_olivier_hetu_paule_bourbonnais_design_sb-lavabos-vasques-5-1","status":"inherit","uploaded_to":79786,"date":"2022-04-14 21:50:26","modified":"2022-08-09 15:45:35","menu_order":0,"mime_type":"image\/jpeg","type":"image","subtype":"jpeg","icon":"https:\/\/int.design\/wp-includes\/images\/media\/default.png","width":2560,"height":1710,"sizes":{"thumbnail":"https:\/\/int.design\/wp-content\/uploads\/2022\/04\/R\u00e9sidence O_Photo_Olivier_H\u00e9tu_Paule_Bourbonnais_Design_SB Lavabos vasques 5 (1)-150x150.jpg","thumbnail-width":150,"thumbnail-height":150,"medium":"https:\/\/int.design\/wp-content\/uploads\/2022\/04\/R\u00e9sidence O_Photo_Olivier_H\u00e9tu_Paule_Bourbonnais_Design_SB Lavabos vasques 5 (1)-300x200.jpg","medium-width":300,"medium-height":200,"medium_large":"https:\/\/int.design\/wp-content\/uploads\/2022\/04\/R\u00e9sidence O_Photo_Olivier_H\u00e9tu_Paule_Bourbonnais_Design_SB Lavabos vasques 5 (1)-768x513.jpg","medium_large-width":768,"medium_large-height":513,"large":"https:\/\/int.design\/wp-content\/uploads\/2022\/04\/R\u00e9sidence O_Photo_Olivier_H\u00e9tu_Paule_Bourbonnais_Design_SB Lavabos vasques 5 (1)-1024x684.jpg","large-width":1024,"large-height":684,"1536x1536":"https:\/\/int.design\/wp-content\/uploads\/2022\/04\/R\u00e9sidence O_Photo_Olivier_H\u00e9tu_Paule_Bourbonnais_Design_SB Lavabos vasques 5 (1)-1536x1026.jpg","1536x1536-width":1536,"1536x1536-height":1026,"2048x2048":"https:\/\/int.design\/wp-content\/uploads\/2022\/04\/R\u00e9sidence O_Photo_Olivier_H\u00e9tu_Paule_Bourbonnais_Design_SB Lavabos vasques 5 (1)-2048x1368.jpg","2048x2048-width":2048,"2048x2048-height":1368,"article":"https:\/\/int.design\/wp-content\/uploads\/2022\/04\/R\u00e9sidence O_Photo_Olivier_H\u00e9tu_Paule_Bourbonnais_Design_SB Lavabos vasques 5 (1)-960x540.jpg","article-width":960,"article-height":540,"banner":"https:\/\/int.design\/wp-content\/uploads\/2022\/04\/R\u00e9sidence O_Photo_Olivier_H\u00e9tu_Paule_Bourbonnais_Design_SB Lavabos vasques 5 (1)-1920x1282.jpg","banner-width":1920,"banner-height":1282,"block":"https:\/\/int.design\/wp-content\/uploads\/2022\/04\/R\u00e9sidence O_Photo_Olivier_H\u00e9tu_Paule_Bourbonnais_Design_SB Lavabos vasques 5 (1)-900x680.jpg","block-width":900,"block-height":680,"card":"https:\/\/int.design\/wp-content\/uploads\/2022\/04\/R\u00e9sidence O_Photo_Olivier_H\u00e9tu_Paule_Bourbonnais_Design_SB Lavabos vasques 5 (1)-560x495.jpg","card-width":560,"card-height":495,"card-thumbnail":"https:\/\/int.design\/wp-content\/uploads\/2022\/04\/R\u00e9sidence O_Photo_Olivier_H\u00e9tu_Paule_Bourbonnais_Design_SB Lavabos vasques 5 (1)-450x340.jpg","card-thumbnail-width":450,"card-thumbnail-height":340,"conference":"https:\/\/int.design\/wp-content\/uploads\/2022\/04\/R\u00e9sidence O_Photo_Olivier_H\u00e9tu_Paule_Bourbonnais_Design_SB Lavabos vasques 5 (1)-560x250.jpg","conference-width":560,"conference-height":250,"contest":"https:\/\/int.design\/wp-content\/uploads\/2022\/04\/R\u00e9sidence O_Photo_Olivier_H\u00e9tu_Paule_Bourbonnais_Design_SB Lavabos vasques 5 (1)-960x400.jpg","contest-width":960,"contest-height":400,"cta":"https:\/\/int.design\/wp-content\/uploads\/2022\/04\/R\u00e9sidence O_Photo_Olivier_H\u00e9tu_Paule_Bourbonnais_Design_SB Lavabos vasques 5 (1)-415x170.jpg","cta-width":415,"cta-height":170,"exhibitor":"https:\/\/int.design\/wp-content\/uploads\/2022\/04\/R\u00e9sidence O_Photo_Olivier_H\u00e9tu_Paule_Bourbonnais_Design_SB Lavabos vasques 5 (1)-560x560.jpg","exhibitor-width":560,"exhibitor-height":560,"gallery":"https:\/\/int.design\/wp-content\/uploads\/2022\/04\/R\u00e9sidence O_Photo_Olivier_H\u00e9tu_Paule_Bourbonnais_Design_SB Lavabos vasques 5 (1)-560x374.jpg","gallery-width":560,"gallery-height":374,"logo":"https:\/\/int.design\/wp-content\/uploads\/2022\/04\/R\u00e9sidence O_Photo_Olivier_H\u00e9tu_Paule_Bourbonnais_Design_SB Lavabos vasques 5 (1)-150x100.jpg","logo-width":150,"logo-height":100,"masonry":"https:\/\/int.design\/wp-content\/uploads\/2022\/04\/R\u00e9sidence O_Photo_Olivier_H\u00e9tu_Paule_Bourbonnais_Design_SB Lavabos vasques 5 (1)-550x367.jpg","masonry-width":550,"masonry-height":367,"modal":"https:\/\/int.design\/wp-content\/uploads\/2022\/04\/R\u00e9sidence O_Photo_Olivier_H\u00e9tu_Paule_Bourbonnais_Design_SB Lavabos vasques 5 (1)-1920x1282.jpg","modal-width":1920,"modal-height":1282,"number":"https:\/\/int.design\/wp-content\/uploads\/2022\/04\/R\u00e9sidence O_Photo_Olivier_H\u00e9tu_Paule_Bourbonnais_Design_SB Lavabos vasques 5 (1)-560x374.jpg","number-width":560,"number-height":374,"partner":"https:\/\/int.design\/wp-content\/uploads\/2022\/04\/R\u00e9sidence O_Photo_Olivier_H\u00e9tu_Paule_Bourbonnais_Design_SB Lavabos vasques 5 (1)-275x184.jpg","partner-width":275,"partner-height":184,"ranking":"https:\/\/int.design\/wp-content\/uploads\/2022\/04\/R\u00e9sidence O_Photo_Olivier_H\u00e9tu_Paule_Bourbonnais_Design_SB Lavabos vasques 5 (1)-960x540.jpg","ranking-width":960,"ranking-height":540,"schedule":"https:\/\/int.design\/wp-content\/uploads\/2022\/04\/R\u00e9sidence O_Photo_Olivier_H\u00e9tu_Paule_Bourbonnais_Design_SB Lavabos vasques 5 (1)-960x360.jpg","schedule-width":960,"schedule-height":360,"slideshow":"https:\/\/int.design\/wp-content\/uploads\/2022\/04\/R\u00e9sidence O_Photo_Olivier_H\u00e9tu_Paule_Bourbonnais_Design_SB Lavabos vasques 5 (1)-1018x680.jpg","slideshow-width":1018,"slideshow-height":680}},"filters":false,"suppliers":false,"attachment_category":[]}],"mandatory_documents":false,"optional_documents":false,"web_text":{"fr":"<p>Cette salle de bain \u00e0 la forte personnalit\u00e9 brille par sa simplicit\u00e9. Une grande paroi et une immense porte coulissante en verre bronze d\u00e9poli aux cadres en aluminium bronze clair ajoutent de la transparence et du luxe \u00e0 la pi\u00e8ce. Elles offrent aussi un point de vue sur la chambre des ma\u00eetres et sur la nature \u00e0 l&#39;infini. De la chambre on appr\u00e9cie un magnifique bain autoportant form\u00e9 d\u2019une seule pi\u00e8ce en pierre volcanique finit \u00e0 la main. Ce dernier, \u00e0 la forme bateau, s\u2019allonge en porte-\u00e0-faux tel une \u0153uvre d\u2019art. Le mobilier au fini en bois de z\u00e9brano lustr\u00e9 est suspendu afin de donner de l\u2019amplitude \u00e0 la pi\u00e8ce. Une s\u00e9rie de rangements aux portes en miroir reproduisent la vue et d\u00e9cuplent la superficie. Une immense fen\u00eatre encadre le bain et la nature et se refl\u00e8te dans un immense miroir plac\u00e9 face \u00e0 elle. D&#39;immenses dalles de 1524 mm (60\u2019\u2019)  x 3048 mm (120\u2019\u2019) d\u2019un superbe beige cr\u00e9meux aux graphiques subtils s\u2019\u00e9tendent du plancher aux murs afin d\u2019uniformiser les lieux et minimiser l\u2019entretien. Sur le meuble lavabo on y retrouve deux vasques en pierre.  R\u00e9pliques du bain, elles sont appuy\u00e9es sur un comptoir en quartz cr\u00e8me aux motifs nuageux gris et dor\u00e9s. \u00c0 l\u2019extr\u00e9mit\u00e9 du meuble lavabo, le cabinet de toilette prend place derri\u00e8re un mur afin de privatiser cette zone tout en offrant une vue sur l\u2019ensemble de l\u2019espace. Juxtapos\u00e9e, une grande porte dissimule un immense \u2018\u2019walk-in\u2019\u2019 aux plafonds surdimensionn\u00e9s. Havre de paix, cette salle de bain des ma\u00eetres insuffle le bonheur.<\/p>\n","en":"<p>This bathroom with a strong personality shines with its simplicity. A large wall and a huge sliding door in frosted bronze glass with light bronze aluminum frames add transparency and luxury to the room. They also offer a view of the master bedroom and nature to the infinity. From the bedroom we appreciate a magnificent freestanding bath formed from a single piece of hand-finished volcanic stone. The bathtub, in the shape of a boat, extends cantilevered like a work of art. Furniture finished in lustrous zebrano wood is hung to give space to the room. A series of storage units with mirrored doors reproduce the view and multiply the surface area. A huge window frames the bath and nature and is reflected in a mirror placed in front of it. Gigantesque 1524 mm (60\u2019\u2019) x 3048 mm (120\u2019\u2019) slabs of a superb creamy beige with subtle graphics extend from the floor to the walls in order to standardize the premises and minimize maintenance. On the sink cabinet there are two stone basins. Replicas of the bath, they are supported on a cream quartz countertop with gray and gold cloud patterns. At the end of the washbasin cabinet, the toilet takes place behind a wall in order to privatize this area while offering a view of the entire room. Juxtaposed, a large door hides a huge walk-in closet with oversized ceilings. A haven of peace, this master bathroom inspires happiness.<\/p>\n","original":""},"jury_text":[{"category":2517,"fr":"<p>Cette salle de bain \u00e0 la forte personnalit\u00e9 brille par sa simplicit\u00e9. Une grande paroi et une immense porte coulissante en verre bronze d\u00e9poli aux cadres en aluminium bronze clair ajoutent de la transparence et du luxe \u00e0 la pi\u00e8ce. Elles offrent aussi un point de vue sur la chambre des ma\u00eetres et sur la nature \u00e0 l&#39;infini. De la chambre on appr\u00e9cie un magnifique bain autoportant form\u00e9 d\u2019une seule pi\u00e8ce en pierre volcanique finit \u00e0 la main. Ce dernier, \u00e0 la forme bateau, s\u2019allonge en porte-\u00e0-faux tel une \u0153uvre d\u2019art. Le mobilier au fini en bois de z\u00e9brano lustr\u00e9 est suspendu afin de donner de l\u2019amplitude \u00e0 la pi\u00e8ce. Une s\u00e9rie de rangements aux portes en miroir reproduisent la vue et d\u00e9cuplent la superficie. Une immense fen\u00eatre encadre le bain et la nature et se refl\u00e8te dans un immense miroir plac\u00e9 face \u00e0 elle. D&#39;immenses dalles de 1524 mm (60\u2019\u2019)  x 3048 mm (120\u2019\u2019) d\u2019un superbe beige cr\u00e9meux aux graphiques subtils s\u2019\u00e9tendent du plancher aux murs afin d\u2019uniformiser les lieux et minimiser l\u2019entretien. Sur le meuble lavabo on y retrouve deux vasques en pierre.  R\u00e9pliques du bain, elles sont appuy\u00e9es sur un comptoir en quartz cr\u00e8me aux motifs nuageux gris et dor\u00e9s. \u00c0 l\u2019extr\u00e9mit\u00e9 du meuble lavabo, le cabinet de toilette prend place derri\u00e8re un mur afin de privatiser cette zone tout en offrant une vue sur l\u2019ensemble de l\u2019espace. Juxtapos\u00e9e, une grande porte dissimule un immense \u2018\u2019walk-in\u2019\u2019 aux plafonds surdimensionn\u00e9s. Havre de paix, cette salle de bain des ma\u00eetres insuffle le bonheur.<\/p>\n","en":"<p>This bathroom with a strong personality shines with its simplicity. A large wall and a huge sliding door in frosted bronze glass with light bronze aluminum frames add transparency and luxury to the room. They also offer a view of the master bedroom and nature to the infinity. From the bedroom we appreciate a magnificent freestanding bath formed from a single piece of hand-finished volcanic stone. The bathtub, in the shape of a boat, extends cantilevered like a work of art. Furniture finished in lustrous zebrano wood is hung to give space to the room. A series of storage units with mirrored doors reproduce the view and multiply the surface area. A huge window frames the bath and nature and is reflected in a mirror placed in front of it. Gigantesque 1524 mm (60\u2019\u2019) x 3048 mm (120\u2019\u2019) slabs of a superb creamy beige with subtle graphics extend from the floor to the walls in order to standardize the premises and minimize maintenance. On the sink cabinet there are two stone basins. Replicas of the bath, they are supported on a cream quartz countertop with gray and gold cloud patterns. At the end of the washbasin cabinet, the toilet takes place behind a wall in order to privatize this area while offering a view of the entire room. Juxtaposed, a large door hides a huge walk-in closet with oversized ceilings. A haven of peace, this master bathroom inspires happiness.<\/p>\n","original":""}],"different_jury_text":false,"different_category_text":false},"laureats":[{"cat_id":2517,"cat_id_laureat":3435,"laureat":"Laur\u00e9at Platine"},{"cat_id":2517,"cat_id_laureat":3433,"laureat":"Certification Or"}],"contest_id":"75033","contest_title":"GRANDS PRIX DU DESIGN \u2013 15e \u00e9dition","firms":[{"name":"Paule Bourbonnais Design","website":"www.paulebourbonnais.com","category":"","category_tax":2747,"category_label":"Designer d'int\u00e9rieur"},{"name":"Groupe Synchro","website":"https:\/\/www.groupesynchro.com\/","category":"","category_tax":2751,"category_label":"Entrepreneur g\u00e9n\u00e9ral"},{"name":"Michel Lemieux","website":"https:\/\/www.pinterest.ca\/mike9994\/michel-lemieux-architecte\/","category":"","category_tax":2744,"category_label":"Architecte"}],"user":{"email":"pb@paulebourbonnais.com","first_name":"Paule","last_name":"Bourbonnais"},"doc_texts_web":{"fr":"<p>Cette salle de bain \u00e0 la forte personnalit\u00e9 brille par sa simplicit\u00e9. Une grande paroi et une immense porte coulissante en verre bronze d\u00e9poli aux cadres en aluminium bronze clair ajoutent de la transparence et du luxe \u00e0 la pi\u00e8ce. Elles offrent aussi un point de vue sur la chambre des ma\u00eetres et sur la nature \u00e0 l'infini. De la chambre on appr\u00e9cie un magnifique bain autoportant form\u00e9 d\u2019une seule pi\u00e8ce en pierre volcanique finit \u00e0 la main. Ce dernier, \u00e0 la forme bateau, s\u2019allonge en porte-\u00e0-faux tel une \u0153uvre d\u2019art. Le mobilier au fini en bois de z\u00e9brano lustr\u00e9 est suspendu afin de donner de l\u2019amplitude \u00e0 la pi\u00e8ce. Une s\u00e9rie de rangements aux portes en miroir reproduisent la vue et d\u00e9cuplent la superficie. Une immense fen\u00eatre encadre le bain et la nature et se refl\u00e8te dans un immense miroir plac\u00e9 face \u00e0 elle. D'immenses dalles de 1524 mm (60\u2019\u2019)  x 3048 mm (120\u2019\u2019) d\u2019un superbe beige cr\u00e9meux aux graphiques subtils s\u2019\u00e9tendent du plancher aux murs afin d\u2019uniformiser les lieux et minimiser l\u2019entretien. Sur le meuble lavabo on y retrouve deux vasques en pierre.  R\u00e9pliques du bain, elles sont appuy\u00e9es sur un comptoir en quartz cr\u00e8me aux motifs nuageux gris et dor\u00e9s. \u00c0 l\u2019extr\u00e9mit\u00e9 du meuble lavabo, le cabinet de toilette prend place derri\u00e8re un mur afin de privatiser cette zone tout en offrant une vue sur l\u2019ensemble de l\u2019espace. Juxtapos\u00e9e, une grande porte dissimule un immense \u2018\u2019walk-in\u2019\u2019 aux plafonds surdimensionn\u00e9s. Havre de paix, cette salle de bain des ma\u00eetres insuffle le bonheur.<\/p>\n","en":"<p>This bathroom with a strong personality shines with its simplicity. A large wall and a huge sliding door in frosted bronze glass with light bronze aluminum frames add transparency and luxury to the room. They also offer a view of the master bedroom and nature to the infinity. From the bedroom we appreciate a magnificent freestanding bath formed from a single piece of hand-finished volcanic stone. The bathtub, in the shape of a boat, extends cantilevered like a work of art. Furniture finished in lustrous zebrano wood is hung to give space to the room. A series of storage units with mirrored doors reproduce the view and multiply the surface area. A huge window frames the bath and nature and is reflected in a mirror placed in front of it. Gigantesque 1524 mm (60\u2019\u2019) x 3048 mm (120\u2019\u2019) slabs of a superb creamy beige with subtle graphics extend from the floor to the walls in order to standardize the premises and minimize maintenance. On the sink cabinet there are two stone basins. Replicas of the bath, they are supported on a cream quartz countertop with gray and gold cloud patterns. At the end of the washbasin cabinet, the toilet takes place behind a wall in order to privatize this area while offering a view of the entire room. Juxtaposed, a large door hides a huge walk-in closet with oversized ceilings. A haven of peace, this master bathroom inspires happiness.<\/p>\n"},"permalinks":{"fr":"https:\/\/int.design\/fr\/projets\/residence-o\/","en":"https:\/\/int.design\/en\/projects\/residence-o\/"},"titles":{"fr":"R\u00e9sidence O","en":"R\u00e9sidence O"},"wp_fields":[],"laravel_id":""},"_links":{"self":[{"href":"https:\/\/int.design\/fr\/wp-json\/wp\/v2\/project\/79786","targetHints":{"allow":["GET"]}}],"collection":[{"href":"https:\/\/int.design\/fr\/wp-json\/wp\/v2\/project"}],"about":[{"href":"https:\/\/int.design\/fr\/wp-json\/wp\/v2\/types\/project"}],"wp:attachment":[{"href":"https:\/\/int.design\/fr\/wp-json\/wp\/v2\/media?parent=79786"}],"curies":[{"name":"wp","href":"https:\/\/api.w.org\/{rel}","templated":true}]}}