{"id":68109,"date":"2021-07-14T19:36:06","date_gmt":"2021-07-14T23:36:06","guid":{"rendered":"https:\/\/int.design\/?post_type=project&#038;p=68109"},"modified":"2021-09-20T11:38:06","modified_gmt":"2021-09-20T15:38:06","slug":"bibliotheque-centre-communautaire-marieville-concours","status":"publish","type":"project","link":"https:\/\/int.design\/fr\/projets\/bibliotheque-centre-communautaire-marieville-concours\/","title":{"rendered":"Biblioth\u00e8que + Centre communautaire Marieville (concours)"},"content":{"rendered":"","protected":false},"template":"","class_list":["post-68109","project","type-project","status-publish","hentry","project_category-architecture","project_category-autres_categories_en_architecture","project_category-concept_en_architecture-2-2"],"acf":[],"yoast_head":"<!-- This site is optimized with the Yoast SEO plugin v21.5 - https:\/\/yoast.com\/wordpress\/plugins\/seo\/ -->\n<title>Biblioth\u00e8que + Centre communautaire Marieville (concours) - INT Design<\/title>\n<meta name=\"robots\" content=\"index, follow, max-snippet:-1, max-image-preview:large, max-video-preview:-1\" \/>\n<link rel=\"canonical\" href=\"https:\/\/int.design\/fr\/projets\/bibliotheque-centre-communautaire-marieville-concours\/\" \/>\n<meta property=\"og:locale\" content=\"fr_FR\" \/>\n<meta property=\"og:type\" content=\"article\" \/>\n<meta property=\"og:title\" content=\"Biblioth\u00e8que + Centre communautaire Marieville (concours) - INT Design\" \/>\n<meta property=\"og:url\" content=\"https:\/\/int.design\/fr\/projets\/bibliotheque-centre-communautaire-marieville-concours\/\" \/>\n<meta property=\"og:site_name\" content=\"INT Design\" \/>\n<meta property=\"article:modified_time\" content=\"2021-09-20T15:38:06+00:00\" \/>\n<meta name=\"twitter:card\" content=\"summary_large_image\" \/>\n<script type=\"application\/ld+json\" class=\"yoast-schema-graph\">{\"@context\":\"https:\/\/schema.org\",\"@graph\":[{\"@type\":\"WebPage\",\"@id\":\"https:\/\/int.design\/fr\/projets\/bibliotheque-centre-communautaire-marieville-concours\/\",\"url\":\"https:\/\/int.design\/fr\/projets\/bibliotheque-centre-communautaire-marieville-concours\/\",\"name\":\"Biblioth\u00e8que + Centre communautaire Marieville (concours) - INT Design\",\"isPartOf\":{\"@id\":\"https:\/\/int.design\/fr\/#website\"},\"datePublished\":\"2021-07-14T23:36:06+00:00\",\"dateModified\":\"2021-09-20T15:38:06+00:00\",\"breadcrumb\":{\"@id\":\"https:\/\/int.design\/fr\/projets\/bibliotheque-centre-communautaire-marieville-concours\/#breadcrumb\"},\"inLanguage\":\"fr-FR\",\"potentialAction\":[{\"@type\":\"ReadAction\",\"target\":[\"https:\/\/int.design\/fr\/projets\/bibliotheque-centre-communautaire-marieville-concours\/\"]}]},{\"@type\":\"BreadcrumbList\",\"@id\":\"https:\/\/int.design\/fr\/projets\/bibliotheque-centre-communautaire-marieville-concours\/#breadcrumb\",\"itemListElement\":[{\"@type\":\"ListItem\",\"position\":1,\"name\":\"Home\",\"item\":\"https:\/\/int.design\/fr\/\"},{\"@type\":\"ListItem\",\"position\":2,\"name\":\"Projects\",\"item\":\"https:\/\/int.design\/en\/projects\/\"},{\"@type\":\"ListItem\",\"position\":3,\"name\":\"Biblioth\u00e8que + Centre communautaire Marieville (concours)\"}]},{\"@type\":\"WebSite\",\"@id\":\"https:\/\/int.design\/fr\/#website\",\"url\":\"https:\/\/int.design\/fr\/\",\"name\":\"INT Design\",\"description\":\"\",\"potentialAction\":[{\"@type\":\"SearchAction\",\"target\":{\"@type\":\"EntryPoint\",\"urlTemplate\":\"https:\/\/int.design\/fr\/?s={search_term_string}\"},\"query-input\":\"required name=search_term_string\"}],\"inLanguage\":\"fr-FR\"}]}<\/script>\n<!-- \/ Yoast SEO plugin. -->","yoast_head_json":{"title":"Biblioth\u00e8que + Centre communautaire Marieville (concours) - INT Design","robots":{"index":"index","follow":"follow","max-snippet":"max-snippet:-1","max-image-preview":"max-image-preview:large","max-video-preview":"max-video-preview:-1"},"canonical":"https:\/\/int.design\/fr\/projets\/bibliotheque-centre-communautaire-marieville-concours\/","og_locale":"fr_FR","og_type":"article","og_title":"Biblioth\u00e8que + Centre communautaire Marieville (concours) - INT Design","og_url":"https:\/\/int.design\/fr\/projets\/bibliotheque-centre-communautaire-marieville-concours\/","og_site_name":"INT Design","article_modified_time":"2021-09-20T15:38:06+00:00","twitter_card":"summary_large_image","schema":{"@context":"https:\/\/schema.org","@graph":[{"@type":"WebPage","@id":"https:\/\/int.design\/fr\/projets\/bibliotheque-centre-communautaire-marieville-concours\/","url":"https:\/\/int.design\/fr\/projets\/bibliotheque-centre-communautaire-marieville-concours\/","name":"Biblioth\u00e8que + Centre communautaire Marieville (concours) - INT Design","isPartOf":{"@id":"https:\/\/int.design\/fr\/#website"},"datePublished":"2021-07-14T23:36:06+00:00","dateModified":"2021-09-20T15:38:06+00:00","breadcrumb":{"@id":"https:\/\/int.design\/fr\/projets\/bibliotheque-centre-communautaire-marieville-concours\/#breadcrumb"},"inLanguage":"fr-FR","potentialAction":[{"@type":"ReadAction","target":["https:\/\/int.design\/fr\/projets\/bibliotheque-centre-communautaire-marieville-concours\/"]}]},{"@type":"BreadcrumbList","@id":"https:\/\/int.design\/fr\/projets\/bibliotheque-centre-communautaire-marieville-concours\/#breadcrumb","itemListElement":[{"@type":"ListItem","position":1,"name":"Home","item":"https:\/\/int.design\/fr\/"},{"@type":"ListItem","position":2,"name":"Projects","item":"https:\/\/int.design\/en\/projects\/"},{"@type":"ListItem","position":3,"name":"Biblioth\u00e8que + Centre communautaire Marieville (concours)"}]},{"@type":"WebSite","@id":"https:\/\/int.design\/fr\/#website","url":"https:\/\/int.design\/fr\/","name":"INT Design","description":"","potentialAction":[{"@type":"SearchAction","target":{"@type":"EntryPoint","urlTemplate":"https:\/\/int.design\/fr\/?s={search_term_string}"},"query-input":"required name=search_term_string"}],"inLanguage":"fr-FR"}]}},"entry":{"cats":{"disciplines":[{"id":126,"name":"Architecture"}],"big_cats":[{"id":2405,"name":"Autres cat\u00e9gories en architecture"}],"sub_cats":[{"id":400,"name":"Concept en architecture","parent":2405}]},"entry":{"":null,"status":"completed","winner_title":"Anne Carrier architecture","winner_prize_lang":"","title_translatable":false,"title_en":"","title_fr":"","releve_award":false,"releve_award_cv":false,"collaboration":false,"collaboration_firms":false,"other_firms":false,"owner":{"name":"Ville de Marieville","confidential":false,"website":"","contact_name":"","email":"julied@jdarchitecte.com","phone":""},"address":{"address":"1801 rue du Pont","city":"Marieville","region":"Mont\u00e9r\u00e9gie","province":"QC","country":"CA","postal_code":"J3M 1J7"},"logos":false,"use_logo":false,"designers":[{"name":"Anne Carrier architecture","credit":"Pierre Duquette","image":{"ID":69426,"id":69426,"title":"photos aca","filename":"6_photos aca.jpg","filesize":0,"url":"https:\/\/d2q6z78khxmx42.cloudfront.net\/2021\/03\/6_photos aca.jpg","link":"https:\/\/int.design\/fr\/projets\/bibliotheque-centre-communautaire-marieville-concours\/photos-aca-2\/","alt":"","author":"829","description":"","caption":"","name":"photos-aca-2","status":"inherit","uploaded_to":68109,"date":"2021-03-24 17:15:11","modified":"2021-03-24 17:16:35","menu_order":0,"mime_type":"image\/jpeg","type":"image","subtype":"jpeg","icon":"https:\/\/int.design\/wp-includes\/images\/media\/default.png","width":1841,"height":1886,"sizes":{"thumbnail":"https:\/\/d2q6z78khxmx42.cloudfront.net\/2021\/03\/6_photos aca-150x150.jpg","thumbnail-width":150,"thumbnail-height":150,"medium":"https:\/\/d2q6z78khxmx42.cloudfront.net\/2021\/03\/6_photos aca-293x300.jpg","medium-width":293,"medium-height":300,"medium_large":"https:\/\/d2q6z78khxmx42.cloudfront.net\/2021\/03\/6_photos aca-768x787.jpg","medium_large-width":768,"medium_large-height":787,"large":"https:\/\/d2q6z78khxmx42.cloudfront.net\/2021\/03\/6_photos aca-1000x1024.jpg","large-width":1000,"large-height":1024,"1536x1536":"https:\/\/d2q6z78khxmx42.cloudfront.net\/2021\/03\/6_photos aca-1499x1536.jpg","1536x1536-width":1499,"1536x1536-height":1536,"2048x2048":"https:\/\/d2q6z78khxmx42.cloudfront.net\/2021\/03\/6_photos aca.jpg","2048x2048-width":1841,"2048x2048-height":1886,"article":"https:\/\/d2q6z78khxmx42.cloudfront.net\/2021\/03\/6_photos aca-960x540.jpg","article-width":960,"article-height":540,"banner":"https:\/\/d2q6z78khxmx42.cloudfront.net\/2021\/03\/6_photos aca.jpg","banner-width":1841,"banner-height":1886,"block":"https:\/\/d2q6z78khxmx42.cloudfront.net\/2021\/03\/6_photos aca-900x680.jpg","block-width":900,"block-height":680,"card":"https:\/\/d2q6z78khxmx42.cloudfront.net\/2021\/03\/6_photos aca-560x495.jpg","card-width":560,"card-height":495,"card-thumbnail":"https:\/\/d2q6z78khxmx42.cloudfront.net\/2021\/03\/6_photos aca-450x340.jpg","card-thumbnail-width":450,"card-thumbnail-height":340,"conference":"https:\/\/d2q6z78khxmx42.cloudfront.net\/2021\/03\/6_photos aca-560x250.jpg","conference-width":560,"conference-height":250,"contest":"https:\/\/d2q6z78khxmx42.cloudfront.net\/2021\/03\/6_photos aca-960x400.jpg","contest-width":960,"contest-height":400,"cta":"https:\/\/d2q6z78khxmx42.cloudfront.net\/2021\/03\/6_photos aca-415x170.jpg","cta-width":415,"cta-height":170,"exhibitor":"https:\/\/d2q6z78khxmx42.cloudfront.net\/2021\/03\/6_photos aca-560x560.jpg","exhibitor-width":560,"exhibitor-height":560,"gallery":"https:\/\/d2q6z78khxmx42.cloudfront.net\/2021\/03\/6_photos aca-420x430.jpg","gallery-width":420,"gallery-height":430,"logo":"https:\/\/d2q6z78khxmx42.cloudfront.net\/2021\/03\/6_photos aca-98x100.jpg","logo-width":98,"logo-height":100,"masonry":"https:\/\/d2q6z78khxmx42.cloudfront.net\/2021\/03\/6_photos aca-550x563.jpg","masonry-width":550,"masonry-height":563,"modal":"https:\/\/d2q6z78khxmx42.cloudfront.net\/2021\/03\/6_photos aca.jpg","modal-width":1841,"modal-height":1886,"number":"https:\/\/d2q6z78khxmx42.cloudfront.net\/2021\/03\/MQOsGhzI-6_photos aca-420x430.jpg","number-width":420,"number-height":430,"partner":"https:\/\/d2q6z78khxmx42.cloudfront.net\/2021\/03\/6_photos aca-205x210.jpg","partner-width":205,"partner-height":210,"ranking":"https:\/\/d2q6z78khxmx42.cloudfront.net\/2021\/03\/MQOsGhzI-6_photos aca-960x540.jpg","ranking-width":960,"ranking-height":540,"schedule":"https:\/\/d2q6z78khxmx42.cloudfront.net\/2021\/03\/6_photos aca-960x360.jpg","schedule-width":960,"schedule-height":360,"slideshow":"https:\/\/d2q6z78khxmx42.cloudfront.net\/2021\/03\/6_photos aca-664x680.jpg","slideshow-width":664,"slideshow-height":680}},"file":{"ID":69512,"id":69512,"title":"CV-ACA","filename":"CV-ACA.pdf","filesize":0,"url":"https:\/\/d2q6z78khxmx42.cloudfront.net\/2021\/03\/CV-ACA.pdf","link":"https:\/\/int.design\/fr\/projets\/bibliotheque-centre-communautaire-marieville-concours\/cv-aca\/","alt":"","author":"829","description":"","caption":"","name":"cv-aca","status":"inherit","uploaded_to":68109,"date":"2021-03-24 18:09:22","modified":"2021-03-24 18:09:26","menu_order":0,"mime_type":"application\/pdf","type":"application","subtype":"pdf","icon":"https:\/\/int.design\/wp-includes\/images\/media\/document.png"}}],"cover":[{"categories":[400],"credit":"Anne Carrier architecture","image":{"ID":69422,"id":69422,"title":"Bibliothe\u0300queCentreCommunautaireMarieville_12.1_ACa_ACa_09","filename":"Bibliothe\u0300queCentreCommunautaireMarieville_12.1_ACa_ACa_09-scaled.jpg","filesize":0,"url":"https:\/\/int.design\/wp-content\/uploads\/2021\/03\/Bibliothe\u0300queCentreCommunautaireMarieville_12.1_ACa_ACa_09-scaled.jpg","link":"https:\/\/int.design\/fr\/projets\/bibliotheque-centre-communautaire-marieville-concours\/bibliothequecentrecommunautairemarieville_12-1_aca_aca_09\/","alt":"","author":"829","description":"Biblioth\u00e8que + Centre communautaire Marieville (concours) Anne Carrier architecture","caption":"","name":"bibliothequecentrecommunautairemarieville_12-1_aca_aca_09","status":"inherit","uploaded_to":68109,"date":"2021-03-24 17:08:56","modified":"2022-02-08 13:08:25","menu_order":0,"mime_type":"image\/jpeg","type":"image","subtype":"jpeg","icon":"https:\/\/int.design\/wp-includes\/images\/media\/default.png","width":2560,"height":2212,"sizes":{"thumbnail":"https:\/\/int.design\/wp-content\/uploads\/2021\/03\/Bibliothe\u0300queCentreCommunautaireMarieville_12.1_ACa_ACa_09-150x150.jpg","thumbnail-width":150,"thumbnail-height":150,"medium":"https:\/\/int.design\/wp-content\/uploads\/2021\/03\/Bibliothe\u0300queCentreCommunautaireMarieville_12.1_ACa_ACa_09-300x259.jpg","medium-width":300,"medium-height":259,"medium_large":"https:\/\/int.design\/wp-content\/uploads\/2021\/03\/Bibliothe\u0300queCentreCommunautaireMarieville_12.1_ACa_ACa_09-768x664.jpg","medium_large-width":768,"medium_large-height":664,"large":"https:\/\/int.design\/wp-content\/uploads\/2021\/03\/Bibliothe\u0300queCentreCommunautaireMarieville_12.1_ACa_ACa_09-1024x885.jpg","large-width":1024,"large-height":885,"1536x1536":"https:\/\/int.design\/wp-content\/uploads\/2021\/03\/Bibliothe\u0300queCentreCommunautaireMarieville_12.1_ACa_ACa_09-1536x1327.jpg","1536x1536-width":1536,"1536x1536-height":1327,"2048x2048":"https:\/\/int.design\/wp-content\/uploads\/2021\/03\/Bibliothe\u0300queCentreCommunautaireMarieville_12.1_ACa_ACa_09-2048x1770.jpg","2048x2048-width":2048,"2048x2048-height":1770,"article":"https:\/\/int.design\/wp-content\/uploads\/2021\/03\/Bibliothe\u0300queCentreCommunautaireMarieville_12.1_ACa_ACa_09-960x540.jpg","article-width":960,"article-height":540,"banner":"https:\/\/int.design\/wp-content\/uploads\/2021\/03\/Bibliothe\u0300queCentreCommunautaireMarieville_12.1_ACa_ACa_09-1920x1659.jpg","banner-width":1920,"banner-height":1659,"block":"https:\/\/int.design\/wp-content\/uploads\/2021\/03\/Bibliothe\u0300queCentreCommunautaireMarieville_12.1_ACa_ACa_09-900x680.jpg","block-width":900,"block-height":680,"card":"https:\/\/int.design\/wp-content\/uploads\/2021\/03\/Bibliothe\u0300queCentreCommunautaireMarieville_12.1_ACa_ACa_09-560x495.jpg","card-width":560,"card-height":495,"card-thumbnail":"https:\/\/int.design\/wp-content\/uploads\/2021\/03\/Bibliothe\u0300queCentreCommunautaireMarieville_12.1_ACa_ACa_09-450x340.jpg","card-thumbnail-width":450,"card-thumbnail-height":340,"conference":"https:\/\/int.design\/wp-content\/uploads\/2021\/03\/Bibliothe\u0300queCentreCommunautaireMarieville_12.1_ACa_ACa_09-560x250.jpg","conference-width":560,"conference-height":250,"contest":"https:\/\/int.design\/wp-content\/uploads\/2021\/03\/Bibliothe\u0300queCentreCommunautaireMarieville_12.1_ACa_ACa_09-960x400.jpg","contest-width":960,"contest-height":400,"cta":"https:\/\/int.design\/wp-content\/uploads\/2021\/03\/Bibliothe\u0300queCentreCommunautaireMarieville_12.1_ACa_ACa_09-415x170.jpg","cta-width":415,"cta-height":170,"exhibitor":"https:\/\/int.design\/wp-content\/uploads\/2021\/03\/Bibliothe\u0300queCentreCommunautaireMarieville_12.1_ACa_ACa_09-560x560.jpg","exhibitor-width":560,"exhibitor-height":560,"gallery":"https:\/\/int.design\/wp-content\/uploads\/2021\/03\/Bibliothe\u0300queCentreCommunautaireMarieville_12.1_ACa_ACa_09-498x430.jpg","gallery-width":498,"gallery-height":430,"logo":"https:\/\/int.design\/wp-content\/uploads\/2021\/03\/Bibliothe\u0300queCentreCommunautaireMarieville_12.1_ACa_ACa_09-116x100.jpg","logo-width":116,"logo-height":100,"masonry":"https:\/\/int.design\/wp-content\/uploads\/2021\/03\/Bibliothe\u0300queCentreCommunautaireMarieville_12.1_ACa_ACa_09-550x475.jpg","masonry-width":550,"masonry-height":475,"modal":"https:\/\/int.design\/wp-content\/uploads\/2021\/03\/Bibliothe\u0300queCentreCommunautaireMarieville_12.1_ACa_ACa_09-1920x1659.jpg","modal-width":1920,"modal-height":1659,"number":"https:\/\/int.design\/wp-content\/uploads\/2021\/03\/Bibliothe\u0300queCentreCommunautaireMarieville_12.1_ACa_ACa_09-498x430.jpg","number-width":498,"number-height":430,"partner":"https:\/\/int.design\/wp-content\/uploads\/2021\/03\/Bibliothe\u0300queCentreCommunautaireMarieville_12.1_ACa_ACa_09-243x210.jpg","partner-width":243,"partner-height":210,"ranking":"https:\/\/int.design\/wp-content\/uploads\/2021\/03\/Bibliothe\u0300queCentreCommunautaireMarieville_12.1_ACa_ACa_09-960x540.jpg","ranking-width":960,"ranking-height":540,"schedule":"https:\/\/int.design\/wp-content\/uploads\/2021\/03\/Bibliothe\u0300queCentreCommunautaireMarieville_12.1_ACa_ACa_09-960x360.jpg","schedule-width":960,"schedule-height":360,"slideshow":"https:\/\/int.design\/wp-content\/uploads\/2021\/03\/Bibliothe\u0300queCentreCommunautaireMarieville_12.1_ACa_ACa_09-787x680.jpg","slideshow-width":787,"slideshow-height":680}},"filters":[1001],"suppliers":false,"attachment_category":{"1003":"Autre en architecure","1001":"B\u00e2timent public"}}],"images":[{"categories":[400],"credit":"Anne Carrier architecture","image":{"ID":69423,"id":69423,"title":"Bibliothe\u0300queCentreCommunautaireMarieville_12.1_ACa_ACa_01","filename":"Bibliothe\u0300queCentreCommunautaireMarieville_12.1_ACa_ACa_01-scaled.jpg","filesize":0,"url":"https:\/\/int.design\/wp-content\/uploads\/2021\/03\/Bibliothe\u0300queCentreCommunautaireMarieville_12.1_ACa_ACa_01-scaled.jpg","link":"https:\/\/int.design\/fr\/projets\/bibliotheque-centre-communautaire-marieville-concours\/bibliothequecentrecommunautairemarieville_12-1_aca_aca_01\/","alt":"","author":"829","description":"Biblioth\u00e8que + Centre communautaire Marieville (concours) Anne Carrier architecture","caption":"","name":"bibliothequecentrecommunautairemarieville_12-1_aca_aca_01","status":"inherit","uploaded_to":68109,"date":"2021-03-24 17:10:59","modified":"2022-02-08 13:09:30","menu_order":0,"mime_type":"image\/jpeg","type":"image","subtype":"jpeg","icon":"https:\/\/int.design\/wp-includes\/images\/media\/default.png","width":2560,"height":1819,"sizes":{"thumbnail":"https:\/\/int.design\/wp-content\/uploads\/2021\/03\/Bibliothe\u0300queCentreCommunautaireMarieville_12.1_ACa_ACa_01-150x150.jpg","thumbnail-width":150,"thumbnail-height":150,"medium":"https:\/\/int.design\/wp-content\/uploads\/2021\/03\/Bibliothe\u0300queCentreCommunautaireMarieville_12.1_ACa_ACa_01-300x213.jpg","medium-width":300,"medium-height":213,"medium_large":"https:\/\/int.design\/wp-content\/uploads\/2021\/03\/Bibliothe\u0300queCentreCommunautaireMarieville_12.1_ACa_ACa_01-768x546.jpg","medium_large-width":768,"medium_large-height":546,"large":"https:\/\/int.design\/wp-content\/uploads\/2021\/03\/Bibliothe\u0300queCentreCommunautaireMarieville_12.1_ACa_ACa_01-1024x728.jpg","large-width":1024,"large-height":728,"1536x1536":"https:\/\/int.design\/wp-content\/uploads\/2021\/03\/Bibliothe\u0300queCentreCommunautaireMarieville_12.1_ACa_ACa_01-1536x1091.jpg","1536x1536-width":1536,"1536x1536-height":1091,"2048x2048":"https:\/\/int.design\/wp-content\/uploads\/2021\/03\/Bibliothe\u0300queCentreCommunautaireMarieville_12.1_ACa_ACa_01-2048x1455.jpg","2048x2048-width":2048,"2048x2048-height":1455,"article":"https:\/\/int.design\/wp-content\/uploads\/2021\/03\/Bibliothe\u0300queCentreCommunautaireMarieville_12.1_ACa_ACa_01-960x540.jpg","article-width":960,"article-height":540,"banner":"https:\/\/int.design\/wp-content\/uploads\/2021\/03\/Bibliothe\u0300queCentreCommunautaireMarieville_12.1_ACa_ACa_01-1920x1364.jpg","banner-width":1920,"banner-height":1364,"block":"https:\/\/int.design\/wp-content\/uploads\/2021\/03\/Bibliothe\u0300queCentreCommunautaireMarieville_12.1_ACa_ACa_01-900x680.jpg","block-width":900,"block-height":680,"card":"https:\/\/int.design\/wp-content\/uploads\/2021\/03\/Bibliothe\u0300queCentreCommunautaireMarieville_12.1_ACa_ACa_01-560x495.jpg","card-width":560,"card-height":495,"card-thumbnail":"https:\/\/int.design\/wp-content\/uploads\/2021\/03\/Bibliothe\u0300queCentreCommunautaireMarieville_12.1_ACa_ACa_01-450x340.jpg","card-thumbnail-width":450,"card-thumbnail-height":340,"conference":"https:\/\/int.design\/wp-content\/uploads\/2021\/03\/Bibliothe\u0300queCentreCommunautaireMarieville_12.1_ACa_ACa_01-560x250.jpg","conference-width":560,"conference-height":250,"contest":"https:\/\/int.design\/wp-content\/uploads\/2021\/03\/Bibliothe\u0300queCentreCommunautaireMarieville_12.1_ACa_ACa_01-960x400.jpg","contest-width":960,"contest-height":400,"cta":"https:\/\/int.design\/wp-content\/uploads\/2021\/03\/Bibliothe\u0300queCentreCommunautaireMarieville_12.1_ACa_ACa_01-415x170.jpg","cta-width":415,"cta-height":170,"exhibitor":"https:\/\/int.design\/wp-content\/uploads\/2021\/03\/Bibliothe\u0300queCentreCommunautaireMarieville_12.1_ACa_ACa_01-560x560.jpg","exhibitor-width":560,"exhibitor-height":560,"gallery":"https:\/\/int.design\/wp-content\/uploads\/2021\/03\/Bibliothe\u0300queCentreCommunautaireMarieville_12.1_ACa_ACa_01-560x398.jpg","gallery-width":560,"gallery-height":398,"logo":"https:\/\/int.design\/wp-content\/uploads\/2021\/03\/Bibliothe\u0300queCentreCommunautaireMarieville_12.1_ACa_ACa_01-141x100.jpg","logo-width":141,"logo-height":100,"masonry":"https:\/\/int.design\/wp-content\/uploads\/2021\/03\/Bibliothe\u0300queCentreCommunautaireMarieville_12.1_ACa_ACa_01-550x391.jpg","masonry-width":550,"masonry-height":391,"modal":"https:\/\/int.design\/wp-content\/uploads\/2021\/03\/Bibliothe\u0300queCentreCommunautaireMarieville_12.1_ACa_ACa_01-1920x1364.jpg","modal-width":1920,"modal-height":1364,"number":"https:\/\/int.design\/wp-content\/uploads\/2021\/03\/Bibliothe\u0300queCentreCommunautaireMarieville_12.1_ACa_ACa_01-560x398.jpg","number-width":560,"number-height":398,"partner":"https:\/\/int.design\/wp-content\/uploads\/2021\/03\/Bibliothe\u0300queCentreCommunautaireMarieville_12.1_ACa_ACa_01-275x195.jpg","partner-width":275,"partner-height":195,"ranking":"https:\/\/int.design\/wp-content\/uploads\/2021\/03\/Bibliothe\u0300queCentreCommunautaireMarieville_12.1_ACa_ACa_01-960x540.jpg","ranking-width":960,"ranking-height":540,"schedule":"https:\/\/int.design\/wp-content\/uploads\/2021\/03\/Bibliothe\u0300queCentreCommunautaireMarieville_12.1_ACa_ACa_01-960x360.jpg","schedule-width":960,"schedule-height":360,"slideshow":"https:\/\/int.design\/wp-content\/uploads\/2021\/03\/Bibliothe\u0300queCentreCommunautaireMarieville_12.1_ACa_ACa_01-957x680.jpg","slideshow-width":957,"slideshow-height":680}},"filters":[1001],"suppliers":false,"attachment_category":[]},{"categories":[400],"credit":"Anne Carrier architecture","image":{"ID":69427,"id":69427,"title":"Bibliothe\u0300queCentreCommunautaireMarieville_12.1_ACa_ACa_02","filename":"Bibliothe\u0300queCentreCommunautaireMarieville_12.1_ACa_ACa_02-scaled.jpg","filesize":0,"url":"https:\/\/int.design\/wp-content\/uploads\/2021\/03\/Bibliothe\u0300queCentreCommunautaireMarieville_12.1_ACa_ACa_02-scaled.jpg","link":"https:\/\/int.design\/fr\/projets\/bibliotheque-centre-communautaire-marieville-concours\/bibliothequecentrecommunautairemarieville_12-1_aca_aca_02\/","alt":"","author":"829","description":"Biblioth\u00e8que + Centre communautaire Marieville (concours) Anne Carrier architecture","caption":"","name":"bibliothequecentrecommunautairemarieville_12-1_aca_aca_02","status":"inherit","uploaded_to":68109,"date":"2021-03-24 17:15:27","modified":"2022-02-08 13:09:50","menu_order":0,"mime_type":"image\/jpeg","type":"image","subtype":"jpeg","icon":"https:\/\/int.design\/wp-includes\/images\/media\/default.png","width":2560,"height":1695,"sizes":{"thumbnail":"https:\/\/int.design\/wp-content\/uploads\/2021\/03\/Bibliothe\u0300queCentreCommunautaireMarieville_12.1_ACa_ACa_02-150x150.jpg","thumbnail-width":150,"thumbnail-height":150,"medium":"https:\/\/int.design\/wp-content\/uploads\/2021\/03\/Bibliothe\u0300queCentreCommunautaireMarieville_12.1_ACa_ACa_02-300x199.jpg","medium-width":300,"medium-height":199,"medium_large":"https:\/\/int.design\/wp-content\/uploads\/2021\/03\/Bibliothe\u0300queCentreCommunautaireMarieville_12.1_ACa_ACa_02-768x509.jpg","medium_large-width":768,"medium_large-height":509,"large":"https:\/\/int.design\/wp-content\/uploads\/2021\/03\/Bibliothe\u0300queCentreCommunautaireMarieville_12.1_ACa_ACa_02-1024x678.jpg","large-width":1024,"large-height":678,"1536x1536":"https:\/\/int.design\/wp-content\/uploads\/2021\/03\/Bibliothe\u0300queCentreCommunautaireMarieville_12.1_ACa_ACa_02-1536x1017.jpg","1536x1536-width":1536,"1536x1536-height":1017,"2048x2048":"https:\/\/int.design\/wp-content\/uploads\/2021\/03\/Bibliothe\u0300queCentreCommunautaireMarieville_12.1_ACa_ACa_02-2048x1356.jpg","2048x2048-width":2048,"2048x2048-height":1356,"article":"https:\/\/int.design\/wp-content\/uploads\/2021\/03\/Bibliothe\u0300queCentreCommunautaireMarieville_12.1_ACa_ACa_02-960x540.jpg","article-width":960,"article-height":540,"banner":"https:\/\/int.design\/wp-content\/uploads\/2021\/03\/Bibliothe\u0300queCentreCommunautaireMarieville_12.1_ACa_ACa_02-1920x1272.jpg","banner-width":1920,"banner-height":1272,"block":"https:\/\/int.design\/wp-content\/uploads\/2021\/03\/Bibliothe\u0300queCentreCommunautaireMarieville_12.1_ACa_ACa_02-900x680.jpg","block-width":900,"block-height":680,"card":"https:\/\/int.design\/wp-content\/uploads\/2021\/03\/Bibliothe\u0300queCentreCommunautaireMarieville_12.1_ACa_ACa_02-560x495.jpg","card-width":560,"card-height":495,"card-thumbnail":"https:\/\/int.design\/wp-content\/uploads\/2021\/03\/Bibliothe\u0300queCentreCommunautaireMarieville_12.1_ACa_ACa_02-450x340.jpg","card-thumbnail-width":450,"card-thumbnail-height":340,"conference":"https:\/\/int.design\/wp-content\/uploads\/2021\/03\/Bibliothe\u0300queCentreCommunautaireMarieville_12.1_ACa_ACa_02-560x250.jpg","conference-width":560,"conference-height":250,"contest":"https:\/\/int.design\/wp-content\/uploads\/2021\/03\/Bibliothe\u0300queCentreCommunautaireMarieville_12.1_ACa_ACa_02-960x400.jpg","contest-width":960,"contest-height":400,"cta":"https:\/\/int.design\/wp-content\/uploads\/2021\/03\/Bibliothe\u0300queCentreCommunautaireMarieville_12.1_ACa_ACa_02-415x170.jpg","cta-width":415,"cta-height":170,"exhibitor":"https:\/\/int.design\/wp-content\/uploads\/2021\/03\/Bibliothe\u0300queCentreCommunautaireMarieville_12.1_ACa_ACa_02-560x560.jpg","exhibitor-width":560,"exhibitor-height":560,"gallery":"https:\/\/int.design\/wp-content\/uploads\/2021\/03\/Bibliothe\u0300queCentreCommunautaireMarieville_12.1_ACa_ACa_02-560x371.jpg","gallery-width":560,"gallery-height":371,"logo":"https:\/\/int.design\/wp-content\/uploads\/2021\/03\/Bibliothe\u0300queCentreCommunautaireMarieville_12.1_ACa_ACa_02-151x100.jpg","logo-width":151,"logo-height":100,"masonry":"https:\/\/int.design\/wp-content\/uploads\/2021\/03\/Bibliothe\u0300queCentreCommunautaireMarieville_12.1_ACa_ACa_02-550x364.jpg","masonry-width":550,"masonry-height":364,"modal":"https:\/\/int.design\/wp-content\/uploads\/2021\/03\/Bibliothe\u0300queCentreCommunautaireMarieville_12.1_ACa_ACa_02-1920x1272.jpg","modal-width":1920,"modal-height":1272,"number":"https:\/\/int.design\/wp-content\/uploads\/2021\/03\/Bibliothe\u0300queCentreCommunautaireMarieville_12.1_ACa_ACa_02-560x371.jpg","number-width":560,"number-height":371,"partner":"https:\/\/int.design\/wp-content\/uploads\/2021\/03\/Bibliothe\u0300queCentreCommunautaireMarieville_12.1_ACa_ACa_02-275x182.jpg","partner-width":275,"partner-height":182,"ranking":"https:\/\/int.design\/wp-content\/uploads\/2021\/03\/Bibliothe\u0300queCentreCommunautaireMarieville_12.1_ACa_ACa_02-960x540.jpg","ranking-width":960,"ranking-height":540,"schedule":"https:\/\/int.design\/wp-content\/uploads\/2021\/03\/Bibliothe\u0300queCentreCommunautaireMarieville_12.1_ACa_ACa_02-960x360.jpg","schedule-width":960,"schedule-height":360,"slideshow":"https:\/\/int.design\/wp-content\/uploads\/2021\/03\/Bibliothe\u0300queCentreCommunautaireMarieville_12.1_ACa_ACa_02-1027x680.jpg","slideshow-width":1027,"slideshow-height":680}},"filters":[1001],"suppliers":false,"attachment_category":[]},{"categories":[400],"credit":"Anne Carrier architecture","image":{"ID":69431,"id":69431,"title":"Bibliothe\u0300queCentreCommunautaireMarieville_12.1_ACa_ACa_03","filename":"Bibliothe\u0300queCentreCommunautaireMarieville_12.1_ACa_ACa_03-scaled.jpg","filesize":0,"url":"https:\/\/int.design\/wp-content\/uploads\/2021\/03\/Bibliothe\u0300queCentreCommunautaireMarieville_12.1_ACa_ACa_03-scaled.jpg","link":"https:\/\/int.design\/fr\/projets\/bibliotheque-centre-communautaire-marieville-concours\/bibliothequecentrecommunautairemarieville_12-1_aca_aca_03\/","alt":"","author":"829","description":"Biblioth\u00e8que + Centre communautaire Marieville (concours) Anne Carrier architecture","caption":"","name":"bibliothequecentrecommunautairemarieville_12-1_aca_aca_03","status":"inherit","uploaded_to":68109,"date":"2021-03-24 17:18:30","modified":"2022-02-08 13:10:11","menu_order":0,"mime_type":"image\/jpeg","type":"image","subtype":"jpeg","icon":"https:\/\/int.design\/wp-includes\/images\/media\/default.png","width":2560,"height":1440,"sizes":{"thumbnail":"https:\/\/int.design\/wp-content\/uploads\/2021\/03\/Bibliothe\u0300queCentreCommunautaireMarieville_12.1_ACa_ACa_03-150x150.jpg","thumbnail-width":150,"thumbnail-height":150,"medium":"https:\/\/int.design\/wp-content\/uploads\/2021\/03\/Bibliothe\u0300queCentreCommunautaireMarieville_12.1_ACa_ACa_03-300x169.jpg","medium-width":300,"medium-height":169,"medium_large":"https:\/\/int.design\/wp-content\/uploads\/2021\/03\/Bibliothe\u0300queCentreCommunautaireMarieville_12.1_ACa_ACa_03-768x432.jpg","medium_large-width":768,"medium_large-height":432,"large":"https:\/\/int.design\/wp-content\/uploads\/2021\/03\/Bibliothe\u0300queCentreCommunautaireMarieville_12.1_ACa_ACa_03-1024x576.jpg","large-width":1024,"large-height":576,"1536x1536":"https:\/\/int.design\/wp-content\/uploads\/2021\/03\/Bibliothe\u0300queCentreCommunautaireMarieville_12.1_ACa_ACa_03-1536x864.jpg","1536x1536-width":1536,"1536x1536-height":864,"2048x2048":"https:\/\/int.design\/wp-content\/uploads\/2021\/03\/Bibliothe\u0300queCentreCommunautaireMarieville_12.1_ACa_ACa_03-2048x1152.jpg","2048x2048-width":2048,"2048x2048-height":1152,"article":"https:\/\/int.design\/wp-content\/uploads\/2021\/03\/Bibliothe\u0300queCentreCommunautaireMarieville_12.1_ACa_ACa_03-960x540.jpg","article-width":960,"article-height":540,"banner":"https:\/\/int.design\/wp-content\/uploads\/2021\/03\/Bibliothe\u0300queCentreCommunautaireMarieville_12.1_ACa_ACa_03-1920x1080.jpg","banner-width":1920,"banner-height":1080,"block":"https:\/\/int.design\/wp-content\/uploads\/2021\/03\/Bibliothe\u0300queCentreCommunautaireMarieville_12.1_ACa_ACa_03-900x680.jpg","block-width":900,"block-height":680,"card":"https:\/\/int.design\/wp-content\/uploads\/2021\/03\/Bibliothe\u0300queCentreCommunautaireMarieville_12.1_ACa_ACa_03-560x495.jpg","card-width":560,"card-height":495,"card-thumbnail":"https:\/\/int.design\/wp-content\/uploads\/2021\/03\/Bibliothe\u0300queCentreCommunautaireMarieville_12.1_ACa_ACa_03-450x340.jpg","card-thumbnail-width":450,"card-thumbnail-height":340,"conference":"https:\/\/int.design\/wp-content\/uploads\/2021\/03\/Bibliothe\u0300queCentreCommunautaireMarieville_12.1_ACa_ACa_03-560x250.jpg","conference-width":560,"conference-height":250,"contest":"https:\/\/int.design\/wp-content\/uploads\/2021\/03\/Bibliothe\u0300queCentreCommunautaireMarieville_12.1_ACa_ACa_03-960x400.jpg","contest-width":960,"contest-height":400,"cta":"https:\/\/int.design\/wp-content\/uploads\/2021\/03\/Bibliothe\u0300queCentreCommunautaireMarieville_12.1_ACa_ACa_03-415x170.jpg","cta-width":415,"cta-height":170,"exhibitor":"https:\/\/int.design\/wp-content\/uploads\/2021\/03\/Bibliothe\u0300queCentreCommunautaireMarieville_12.1_ACa_ACa_03-560x560.jpg","exhibitor-width":560,"exhibitor-height":560,"gallery":"https:\/\/int.design\/wp-content\/uploads\/2021\/03\/Bibliothe\u0300queCentreCommunautaireMarieville_12.1_ACa_ACa_03-560x315.jpg","gallery-width":560,"gallery-height":315,"logo":"https:\/\/int.design\/wp-content\/uploads\/2021\/03\/Bibliothe\u0300queCentreCommunautaireMarieville_12.1_ACa_ACa_03-178x100.jpg","logo-width":178,"logo-height":100,"masonry":"https:\/\/int.design\/wp-content\/uploads\/2021\/03\/Bibliothe\u0300queCentreCommunautaireMarieville_12.1_ACa_ACa_03-550x309.jpg","masonry-width":550,"masonry-height":309,"modal":"https:\/\/int.design\/wp-content\/uploads\/2021\/03\/Bibliothe\u0300queCentreCommunautaireMarieville_12.1_ACa_ACa_03-1920x1080.jpg","modal-width":1920,"modal-height":1080,"number":"https:\/\/int.design\/wp-content\/uploads\/2021\/03\/Bibliothe\u0300queCentreCommunautaireMarieville_12.1_ACa_ACa_03-560x315.jpg","number-width":560,"number-height":315,"partner":"https:\/\/int.design\/wp-content\/uploads\/2021\/03\/Bibliothe\u0300queCentreCommunautaireMarieville_12.1_ACa_ACa_03-275x155.jpg","partner-width":275,"partner-height":155,"ranking":"https:\/\/int.design\/wp-content\/uploads\/2021\/03\/Bibliothe\u0300queCentreCommunautaireMarieville_12.1_ACa_ACa_03-960x540.jpg","ranking-width":960,"ranking-height":540,"schedule":"https:\/\/int.design\/wp-content\/uploads\/2021\/03\/Bibliothe\u0300queCentreCommunautaireMarieville_12.1_ACa_ACa_03-960x360.jpg","schedule-width":960,"schedule-height":360,"slideshow":"https:\/\/int.design\/wp-content\/uploads\/2021\/03\/Bibliothe\u0300queCentreCommunautaireMarieville_12.1_ACa_ACa_03-1209x680.jpg","slideshow-width":1209,"slideshow-height":680}},"filters":[1001],"suppliers":false,"attachment_category":[]},{"categories":[400],"credit":"Anne Carrier architecture","image":{"ID":69437,"id":69437,"title":"Bibliothe\u0300queCentreCommunautaireMarieville_12.1_ACa_ACa_04","filename":"Bibliothe\u0300queCentreCommunautaireMarieville_12.1_ACa_ACa_04-scaled.jpg","filesize":0,"url":"https:\/\/int.design\/wp-content\/uploads\/2021\/03\/Bibliothe\u0300queCentreCommunautaireMarieville_12.1_ACa_ACa_04-scaled.jpg","link":"https:\/\/int.design\/fr\/projets\/bibliotheque-centre-communautaire-marieville-concours\/bibliothequecentrecommunautairemarieville_12-1_aca_aca_04\/","alt":"","author":"829","description":"Biblioth\u00e8que + Centre communautaire Marieville (concours) Anne Carrier architecture","caption":"","name":"bibliothequecentrecommunautairemarieville_12-1_aca_aca_04","status":"inherit","uploaded_to":68109,"date":"2021-03-24 17:23:15","modified":"2022-02-08 13:10:33","menu_order":0,"mime_type":"image\/jpeg","type":"image","subtype":"jpeg","icon":"https:\/\/int.design\/wp-includes\/images\/media\/default.png","width":2560,"height":1440,"sizes":{"thumbnail":"https:\/\/int.design\/wp-content\/uploads\/2021\/03\/Bibliothe\u0300queCentreCommunautaireMarieville_12.1_ACa_ACa_04-150x150.jpg","thumbnail-width":150,"thumbnail-height":150,"medium":"https:\/\/int.design\/wp-content\/uploads\/2021\/03\/Bibliothe\u0300queCentreCommunautaireMarieville_12.1_ACa_ACa_04-300x169.jpg","medium-width":300,"medium-height":169,"medium_large":"https:\/\/int.design\/wp-content\/uploads\/2021\/03\/Bibliothe\u0300queCentreCommunautaireMarieville_12.1_ACa_ACa_04-768x432.jpg","medium_large-width":768,"medium_large-height":432,"large":"https:\/\/int.design\/wp-content\/uploads\/2021\/03\/Bibliothe\u0300queCentreCommunautaireMarieville_12.1_ACa_ACa_04-1024x576.jpg","large-width":1024,"large-height":576,"1536x1536":"https:\/\/int.design\/wp-content\/uploads\/2021\/03\/Bibliothe\u0300queCentreCommunautaireMarieville_12.1_ACa_ACa_04-1536x864.jpg","1536x1536-width":1536,"1536x1536-height":864,"2048x2048":"https:\/\/int.design\/wp-content\/uploads\/2021\/03\/Bibliothe\u0300queCentreCommunautaireMarieville_12.1_ACa_ACa_04-2048x1152.jpg","2048x2048-width":2048,"2048x2048-height":1152,"article":"https:\/\/int.design\/wp-content\/uploads\/2021\/03\/Bibliothe\u0300queCentreCommunautaireMarieville_12.1_ACa_ACa_04-960x540.jpg","article-width":960,"article-height":540,"banner":"https:\/\/int.design\/wp-content\/uploads\/2021\/03\/Bibliothe\u0300queCentreCommunautaireMarieville_12.1_ACa_ACa_04-1920x1080.jpg","banner-width":1920,"banner-height":1080,"block":"https:\/\/int.design\/wp-content\/uploads\/2021\/03\/Bibliothe\u0300queCentreCommunautaireMarieville_12.1_ACa_ACa_04-900x680.jpg","block-width":900,"block-height":680,"card":"https:\/\/int.design\/wp-content\/uploads\/2021\/03\/Bibliothe\u0300queCentreCommunautaireMarieville_12.1_ACa_ACa_04-560x495.jpg","card-width":560,"card-height":495,"card-thumbnail":"https:\/\/int.design\/wp-content\/uploads\/2021\/03\/Bibliothe\u0300queCentreCommunautaireMarieville_12.1_ACa_ACa_04-450x340.jpg","card-thumbnail-width":450,"card-thumbnail-height":340,"conference":"https:\/\/int.design\/wp-content\/uploads\/2021\/03\/Bibliothe\u0300queCentreCommunautaireMarieville_12.1_ACa_ACa_04-560x250.jpg","conference-width":560,"conference-height":250,"contest":"https:\/\/int.design\/wp-content\/uploads\/2021\/03\/Bibliothe\u0300queCentreCommunautaireMarieville_12.1_ACa_ACa_04-960x400.jpg","contest-width":960,"contest-height":400,"cta":"https:\/\/int.design\/wp-content\/uploads\/2021\/03\/Bibliothe\u0300queCentreCommunautaireMarieville_12.1_ACa_ACa_04-415x170.jpg","cta-width":415,"cta-height":170,"exhibitor":"https:\/\/int.design\/wp-content\/uploads\/2021\/03\/Bibliothe\u0300queCentreCommunautaireMarieville_12.1_ACa_ACa_04-560x560.jpg","exhibitor-width":560,"exhibitor-height":560,"gallery":"https:\/\/int.design\/wp-content\/uploads\/2021\/03\/Bibliothe\u0300queCentreCommunautaireMarieville_12.1_ACa_ACa_04-560x315.jpg","gallery-width":560,"gallery-height":315,"logo":"https:\/\/int.design\/wp-content\/uploads\/2021\/03\/Bibliothe\u0300queCentreCommunautaireMarieville_12.1_ACa_ACa_04-178x100.jpg","logo-width":178,"logo-height":100,"masonry":"https:\/\/int.design\/wp-content\/uploads\/2021\/03\/Bibliothe\u0300queCentreCommunautaireMarieville_12.1_ACa_ACa_04-550x309.jpg","masonry-width":550,"masonry-height":309,"modal":"https:\/\/int.design\/wp-content\/uploads\/2021\/03\/Bibliothe\u0300queCentreCommunautaireMarieville_12.1_ACa_ACa_04-1920x1080.jpg","modal-width":1920,"modal-height":1080,"number":"https:\/\/int.design\/wp-content\/uploads\/2021\/03\/Bibliothe\u0300queCentreCommunautaireMarieville_12.1_ACa_ACa_04-560x315.jpg","number-width":560,"number-height":315,"partner":"https:\/\/int.design\/wp-content\/uploads\/2021\/03\/Bibliothe\u0300queCentreCommunautaireMarieville_12.1_ACa_ACa_04-275x155.jpg","partner-width":275,"partner-height":155,"ranking":"https:\/\/int.design\/wp-content\/uploads\/2021\/03\/Bibliothe\u0300queCentreCommunautaireMarieville_12.1_ACa_ACa_04-960x540.jpg","ranking-width":960,"ranking-height":540,"schedule":"https:\/\/int.design\/wp-content\/uploads\/2021\/03\/Bibliothe\u0300queCentreCommunautaireMarieville_12.1_ACa_ACa_04-960x360.jpg","schedule-width":960,"schedule-height":360,"slideshow":"https:\/\/int.design\/wp-content\/uploads\/2021\/03\/Bibliothe\u0300queCentreCommunautaireMarieville_12.1_ACa_ACa_04-1209x680.jpg","slideshow-width":1209,"slideshow-height":680}},"filters":[1001],"suppliers":false,"attachment_category":[]},{"categories":[400],"credit":"Anne Carrier architecture","image":{"ID":69439,"id":69439,"title":"Bibliothe\u0300queCentreCommunautaireMarieville_12.1_ACa_ACa_05","filename":"Bibliothe\u0300queCentreCommunautaireMarieville_12.1_ACa_ACa_05.jpg","filesize":0,"url":"https:\/\/d2q6z78khxmx42.cloudfront.net\/2021\/03\/Bibliothe\u0300queCentreCommunautaireMarieville_12.1_ACa_ACa_05.jpg","link":"https:\/\/int.design\/fr\/projets\/bibliotheque-centre-communautaire-marieville-concours\/bibliothequecentrecommunautairemarieville_12-1_aca_aca_05\/","alt":"","author":"829","description":"Biblioth\u00e8que + Centre communautaire Marieville (concours) Anne Carrier architecture","caption":"","name":"bibliothequecentrecommunautairemarieville_12-1_aca_aca_05","status":"inherit","uploaded_to":68109,"date":"2021-03-24 17:26:17","modified":"2022-02-08 13:10:54","menu_order":0,"mime_type":"image\/jpeg","type":"image","subtype":"jpeg","icon":"https:\/\/int.design\/wp-includes\/images\/media\/default.png","width":1067,"height":600,"sizes":{"thumbnail":"https:\/\/d2q6z78khxmx42.cloudfront.net\/2021\/03\/Bibliothe\u0300queCentreCommunautaireMarieville_12.1_ACa_ACa_05-150x150.jpg","thumbnail-width":150,"thumbnail-height":150,"medium":"https:\/\/d2q6z78khxmx42.cloudfront.net\/2021\/03\/Bibliothe\u0300queCentreCommunautaireMarieville_12.1_ACa_ACa_05-300x169.jpg","medium-width":300,"medium-height":169,"medium_large":"https:\/\/d2q6z78khxmx42.cloudfront.net\/2021\/03\/Bibliothe\u0300queCentreCommunautaireMarieville_12.1_ACa_ACa_05-768x432.jpg","medium_large-width":768,"medium_large-height":432,"large":"https:\/\/d2q6z78khxmx42.cloudfront.net\/2021\/03\/Bibliothe\u0300queCentreCommunautaireMarieville_12.1_ACa_ACa_05-1024x576.jpg","large-width":1024,"large-height":576,"1536x1536":"https:\/\/d2q6z78khxmx42.cloudfront.net\/2021\/03\/Bibliothe\u0300queCentreCommunautaireMarieville_12.1_ACa_ACa_05.jpg","1536x1536-width":1067,"1536x1536-height":600,"2048x2048":"https:\/\/d2q6z78khxmx42.cloudfront.net\/2021\/03\/Bibliothe\u0300queCentreCommunautaireMarieville_12.1_ACa_ACa_05.jpg","2048x2048-width":1067,"2048x2048-height":600,"article":"https:\/\/d2q6z78khxmx42.cloudfront.net\/2021\/03\/Bibliothe\u0300queCentreCommunautaireMarieville_12.1_ACa_ACa_05-960x540.jpg","article-width":960,"article-height":540,"banner":"https:\/\/d2q6z78khxmx42.cloudfront.net\/2021\/03\/Bibliothe\u0300queCentreCommunautaireMarieville_12.1_ACa_ACa_05.jpg","banner-width":1067,"banner-height":600,"block":"https:\/\/d2q6z78khxmx42.cloudfront.net\/2021\/03\/Bibliothe\u0300queCentreCommunautaireMarieville_12.1_ACa_ACa_05-900x600.jpg","block-width":900,"block-height":600,"card":"https:\/\/d2q6z78khxmx42.cloudfront.net\/2021\/03\/Bibliothe\u0300queCentreCommunautaireMarieville_12.1_ACa_ACa_05-560x495.jpg","card-width":560,"card-height":495,"card-thumbnail":"https:\/\/d2q6z78khxmx42.cloudfront.net\/2021\/03\/Bibliothe\u0300queCentreCommunautaireMarieville_12.1_ACa_ACa_05-450x340.jpg","card-thumbnail-width":450,"card-thumbnail-height":340,"conference":"https:\/\/d2q6z78khxmx42.cloudfront.net\/2021\/03\/Bibliothe\u0300queCentreCommunautaireMarieville_12.1_ACa_ACa_05-560x250.jpg","conference-width":560,"conference-height":250,"contest":"https:\/\/d2q6z78khxmx42.cloudfront.net\/2021\/03\/Bibliothe\u0300queCentreCommunautaireMarieville_12.1_ACa_ACa_05-960x400.jpg","contest-width":960,"contest-height":400,"cta":"https:\/\/d2q6z78khxmx42.cloudfront.net\/2021\/03\/Bibliothe\u0300queCentreCommunautaireMarieville_12.1_ACa_ACa_05-415x170.jpg","cta-width":415,"cta-height":170,"exhibitor":"https:\/\/d2q6z78khxmx42.cloudfront.net\/2021\/03\/Bibliothe\u0300queCentreCommunautaireMarieville_12.1_ACa_ACa_05-560x560.jpg","exhibitor-width":560,"exhibitor-height":560,"gallery":"https:\/\/d2q6z78khxmx42.cloudfront.net\/2021\/03\/Bibliothe\u0300queCentreCommunautaireMarieville_12.1_ACa_ACa_05-560x315.jpg","gallery-width":560,"gallery-height":315,"logo":"https:\/\/d2q6z78khxmx42.cloudfront.net\/2021\/03\/Bibliothe\u0300queCentreCommunautaireMarieville_12.1_ACa_ACa_05-178x100.jpg","logo-width":178,"logo-height":100,"masonry":"https:\/\/d2q6z78khxmx42.cloudfront.net\/2021\/03\/Bibliothe\u0300queCentreCommunautaireMarieville_12.1_ACa_ACa_05-550x309.jpg","masonry-width":550,"masonry-height":309,"modal":"https:\/\/d2q6z78khxmx42.cloudfront.net\/2021\/03\/Bibliothe\u0300queCentreCommunautaireMarieville_12.1_ACa_ACa_05.jpg","modal-width":1067,"modal-height":600,"number":"https:\/\/d2q6z78khxmx42.cloudfront.net\/2021\/03\/EuXJNifp-Bibliothe\u0300queCentreCommunautaireMarieville_12.1_ACa_ACa_05-560x315.jpg","number-width":560,"number-height":315,"partner":"https:\/\/d2q6z78khxmx42.cloudfront.net\/2021\/03\/Bibliothe\u0300queCentreCommunautaireMarieville_12.1_ACa_ACa_05-275x155.jpg","partner-width":275,"partner-height":155,"ranking":"https:\/\/d2q6z78khxmx42.cloudfront.net\/2021\/03\/EuXJNifp-Bibliothe\u0300queCentreCommunautaireMarieville_12.1_ACa_ACa_05-960x540.jpg","ranking-width":960,"ranking-height":540,"schedule":"https:\/\/d2q6z78khxmx42.cloudfront.net\/2021\/03\/Bibliothe\u0300queCentreCommunautaireMarieville_12.1_ACa_ACa_05-960x360.jpg","schedule-width":960,"schedule-height":360,"slideshow":"https:\/\/d2q6z78khxmx42.cloudfront.net\/2021\/03\/Bibliothe\u0300queCentreCommunautaireMarieville_12.1_ACa_ACa_05.jpg","slideshow-width":1067,"slideshow-height":600}},"filters":[1001],"suppliers":false,"attachment_category":[]},{"categories":[400],"credit":"Anne Carrier architecture","image":{"ID":69441,"id":69441,"title":"Bibliothe\u0300queCentreCommunautaireMarieville_12.1_ACa_ACa_06","filename":"Bibliothe\u0300queCentreCommunautaireMarieville_12.1_ACa_ACa_06-scaled.jpg","filesize":0,"url":"https:\/\/int.design\/wp-content\/uploads\/2021\/03\/Bibliothe\u0300queCentreCommunautaireMarieville_12.1_ACa_ACa_06-scaled.jpg","link":"https:\/\/int.design\/fr\/projets\/bibliotheque-centre-communautaire-marieville-concours\/bibliothequecentrecommunautairemarieville_12-1_aca_aca_06\/","alt":"","author":"829","description":"Biblioth\u00e8que + Centre communautaire Marieville (concours) Anne Carrier architecture","caption":"","name":"bibliothequecentrecommunautairemarieville_12-1_aca_aca_06","status":"inherit","uploaded_to":68109,"date":"2021-03-24 17:30:31","modified":"2022-02-08 13:11:16","menu_order":0,"mime_type":"image\/jpeg","type":"image","subtype":"jpeg","icon":"https:\/\/int.design\/wp-includes\/images\/media\/default.png","width":2560,"height":1553,"sizes":{"thumbnail":"https:\/\/int.design\/wp-content\/uploads\/2021\/03\/Bibliothe\u0300queCentreCommunautaireMarieville_12.1_ACa_ACa_06-150x150.jpg","thumbnail-width":150,"thumbnail-height":150,"medium":"https:\/\/int.design\/wp-content\/uploads\/2021\/03\/Bibliothe\u0300queCentreCommunautaireMarieville_12.1_ACa_ACa_06-300x182.jpg","medium-width":300,"medium-height":182,"medium_large":"https:\/\/int.design\/wp-content\/uploads\/2021\/03\/Bibliothe\u0300queCentreCommunautaireMarieville_12.1_ACa_ACa_06-768x466.jpg","medium_large-width":768,"medium_large-height":466,"large":"https:\/\/int.design\/wp-content\/uploads\/2021\/03\/Bibliothe\u0300queCentreCommunautaireMarieville_12.1_ACa_ACa_06-1024x621.jpg","large-width":1024,"large-height":621,"1536x1536":"https:\/\/int.design\/wp-content\/uploads\/2021\/03\/Bibliothe\u0300queCentreCommunautaireMarieville_12.1_ACa_ACa_06-1536x932.jpg","1536x1536-width":1536,"1536x1536-height":932,"2048x2048":"https:\/\/int.design\/wp-content\/uploads\/2021\/03\/Bibliothe\u0300queCentreCommunautaireMarieville_12.1_ACa_ACa_06-2048x1242.jpg","2048x2048-width":2048,"2048x2048-height":1242,"article":"https:\/\/int.design\/wp-content\/uploads\/2021\/03\/Bibliothe\u0300queCentreCommunautaireMarieville_12.1_ACa_ACa_06-960x540.jpg","article-width":960,"article-height":540,"banner":"https:\/\/int.design\/wp-content\/uploads\/2021\/03\/Bibliothe\u0300queCentreCommunautaireMarieville_12.1_ACa_ACa_06-1920x1165.jpg","banner-width":1920,"banner-height":1165,"block":"https:\/\/int.design\/wp-content\/uploads\/2021\/03\/Bibliothe\u0300queCentreCommunautaireMarieville_12.1_ACa_ACa_06-900x680.jpg","block-width":900,"block-height":680,"card":"https:\/\/int.design\/wp-content\/uploads\/2021\/03\/Bibliothe\u0300queCentreCommunautaireMarieville_12.1_ACa_ACa_06-560x495.jpg","card-width":560,"card-height":495,"card-thumbnail":"https:\/\/int.design\/wp-content\/uploads\/2021\/03\/Bibliothe\u0300queCentreCommunautaireMarieville_12.1_ACa_ACa_06-450x340.jpg","card-thumbnail-width":450,"card-thumbnail-height":340,"conference":"https:\/\/int.design\/wp-content\/uploads\/2021\/03\/Bibliothe\u0300queCentreCommunautaireMarieville_12.1_ACa_ACa_06-560x250.jpg","conference-width":560,"conference-height":250,"contest":"https:\/\/int.design\/wp-content\/uploads\/2021\/03\/Bibliothe\u0300queCentreCommunautaireMarieville_12.1_ACa_ACa_06-960x400.jpg","contest-width":960,"contest-height":400,"cta":"https:\/\/int.design\/wp-content\/uploads\/2021\/03\/Bibliothe\u0300queCentreCommunautaireMarieville_12.1_ACa_ACa_06-415x170.jpg","cta-width":415,"cta-height":170,"exhibitor":"https:\/\/int.design\/wp-content\/uploads\/2021\/03\/Bibliothe\u0300queCentreCommunautaireMarieville_12.1_ACa_ACa_06-560x560.jpg","exhibitor-width":560,"exhibitor-height":560,"gallery":"https:\/\/int.design\/wp-content\/uploads\/2021\/03\/Bibliothe\u0300queCentreCommunautaireMarieville_12.1_ACa_ACa_06-560x340.jpg","gallery-width":560,"gallery-height":340,"logo":"https:\/\/int.design\/wp-content\/uploads\/2021\/03\/Bibliothe\u0300queCentreCommunautaireMarieville_12.1_ACa_ACa_06-165x100.jpg","logo-width":165,"logo-height":100,"masonry":"https:\/\/int.design\/wp-content\/uploads\/2021\/03\/Bibliothe\u0300queCentreCommunautaireMarieville_12.1_ACa_ACa_06-550x334.jpg","masonry-width":550,"masonry-height":334,"modal":"https:\/\/int.design\/wp-content\/uploads\/2021\/03\/Bibliothe\u0300queCentreCommunautaireMarieville_12.1_ACa_ACa_06-1920x1165.jpg","modal-width":1920,"modal-height":1165,"number":"https:\/\/int.design\/wp-content\/uploads\/2021\/03\/Bibliothe\u0300queCentreCommunautaireMarieville_12.1_ACa_ACa_06-560x340.jpg","number-width":560,"number-height":340,"partner":"https:\/\/int.design\/wp-content\/uploads\/2021\/03\/Bibliothe\u0300queCentreCommunautaireMarieville_12.1_ACa_ACa_06-275x167.jpg","partner-width":275,"partner-height":167,"ranking":"https:\/\/int.design\/wp-content\/uploads\/2021\/03\/Bibliothe\u0300queCentreCommunautaireMarieville_12.1_ACa_ACa_06-960x540.jpg","ranking-width":960,"ranking-height":540,"schedule":"https:\/\/int.design\/wp-content\/uploads\/2021\/03\/Bibliothe\u0300queCentreCommunautaireMarieville_12.1_ACa_ACa_06-960x360.jpg","schedule-width":960,"schedule-height":360,"slideshow":"https:\/\/int.design\/wp-content\/uploads\/2021\/03\/Bibliothe\u0300queCentreCommunautaireMarieville_12.1_ACa_ACa_06-1121x680.jpg","slideshow-width":1121,"slideshow-height":680}},"filters":[1001],"suppliers":false,"attachment_category":[]},{"categories":[400],"credit":"Anne Carrier architecture ","image":{"ID":69455,"id":69455,"title":"Bibliothe\u0300queCentreCommunautaireMarieville_12.1_ACa_ACa_07","filename":"Bibliothe\u0300queCentreCommunautaireMarieville_12.1_ACa_ACa_07-scaled.jpg","filesize":0,"url":"https:\/\/int.design\/wp-content\/uploads\/2021\/03\/Bibliothe\u0300queCentreCommunautaireMarieville_12.1_ACa_ACa_07-scaled.jpg","link":"https:\/\/int.design\/fr\/projets\/bibliotheque-centre-communautaire-marieville-concours\/bibliothequecentrecommunautairemarieville_12-1_aca_aca_07\/","alt":"","author":"829","description":"Biblioth\u00e8que + Centre communautaire Marieville (concours) Anne Carrier architecture","caption":"","name":"bibliothequecentrecommunautairemarieville_12-1_aca_aca_07","status":"inherit","uploaded_to":68109,"date":"2021-03-24 17:35:14","modified":"2022-02-08 13:11:37","menu_order":0,"mime_type":"image\/jpeg","type":"image","subtype":"jpeg","icon":"https:\/\/int.design\/wp-includes\/images\/media\/default.png","width":2560,"height":2560,"sizes":{"thumbnail":"https:\/\/int.design\/wp-content\/uploads\/2021\/03\/Bibliothe\u0300queCentreCommunautaireMarieville_12.1_ACa_ACa_07-150x150.jpg","thumbnail-width":150,"thumbnail-height":150,"medium":"https:\/\/int.design\/wp-content\/uploads\/2021\/03\/Bibliothe\u0300queCentreCommunautaireMarieville_12.1_ACa_ACa_07-300x300.jpg","medium-width":300,"medium-height":300,"medium_large":"https:\/\/int.design\/wp-content\/uploads\/2021\/03\/Bibliothe\u0300queCentreCommunautaireMarieville_12.1_ACa_ACa_07-768x768.jpg","medium_large-width":768,"medium_large-height":768,"large":"https:\/\/int.design\/wp-content\/uploads\/2021\/03\/Bibliothe\u0300queCentreCommunautaireMarieville_12.1_ACa_ACa_07-1024x1024.jpg","large-width":1024,"large-height":1024,"1536x1536":"https:\/\/int.design\/wp-content\/uploads\/2021\/03\/Bibliothe\u0300queCentreCommunautaireMarieville_12.1_ACa_ACa_07-1536x1536.jpg","1536x1536-width":1536,"1536x1536-height":1536,"2048x2048":"https:\/\/int.design\/wp-content\/uploads\/2021\/03\/Bibliothe\u0300queCentreCommunautaireMarieville_12.1_ACa_ACa_07-2048x2048.jpg","2048x2048-width":2048,"2048x2048-height":2048,"article":"https:\/\/int.design\/wp-content\/uploads\/2021\/03\/Bibliothe\u0300queCentreCommunautaireMarieville_12.1_ACa_ACa_07-960x540.jpg","article-width":960,"article-height":540,"banner":"https:\/\/int.design\/wp-content\/uploads\/2021\/03\/Bibliothe\u0300queCentreCommunautaireMarieville_12.1_ACa_ACa_07-1920x1920.jpg","banner-width":1920,"banner-height":1920,"block":"https:\/\/int.design\/wp-content\/uploads\/2021\/03\/Bibliothe\u0300queCentreCommunautaireMarieville_12.1_ACa_ACa_07-900x680.jpg","block-width":900,"block-height":680,"card":"https:\/\/int.design\/wp-content\/uploads\/2021\/03\/Bibliothe\u0300queCentreCommunautaireMarieville_12.1_ACa_ACa_07-560x495.jpg","card-width":560,"card-height":495,"card-thumbnail":"https:\/\/int.design\/wp-content\/uploads\/2021\/03\/Bibliothe\u0300queCentreCommunautaireMarieville_12.1_ACa_ACa_07-450x340.jpg","card-thumbnail-width":450,"card-thumbnail-height":340,"conference":"https:\/\/int.design\/wp-content\/uploads\/2021\/03\/Bibliothe\u0300queCentreCommunautaireMarieville_12.1_ACa_ACa_07-560x250.jpg","conference-width":560,"conference-height":250,"contest":"https:\/\/int.design\/wp-content\/uploads\/2021\/03\/Bibliothe\u0300queCentreCommunautaireMarieville_12.1_ACa_ACa_07-960x400.jpg","contest-width":960,"contest-height":400,"cta":"https:\/\/int.design\/wp-content\/uploads\/2021\/03\/Bibliothe\u0300queCentreCommunautaireMarieville_12.1_ACa_ACa_07-415x170.jpg","cta-width":415,"cta-height":170,"exhibitor":"https:\/\/int.design\/wp-content\/uploads\/2021\/03\/Bibliothe\u0300queCentreCommunautaireMarieville_12.1_ACa_ACa_07-560x560.jpg","exhibitor-width":560,"exhibitor-height":560,"gallery":"https:\/\/int.design\/wp-content\/uploads\/2021\/03\/Bibliothe\u0300queCentreCommunautaireMarieville_12.1_ACa_ACa_07-430x430.jpg","gallery-width":430,"gallery-height":430,"logo":"https:\/\/int.design\/wp-content\/uploads\/2021\/03\/Bibliothe\u0300queCentreCommunautaireMarieville_12.1_ACa_ACa_07-100x100.jpg","logo-width":100,"logo-height":100,"masonry":"https:\/\/int.design\/wp-content\/uploads\/2021\/03\/Bibliothe\u0300queCentreCommunautaireMarieville_12.1_ACa_ACa_07-550x550.jpg","masonry-width":550,"masonry-height":550,"modal":"https:\/\/int.design\/wp-content\/uploads\/2021\/03\/Bibliothe\u0300queCentreCommunautaireMarieville_12.1_ACa_ACa_07-1920x1920.jpg","modal-width":1920,"modal-height":1920,"number":"https:\/\/int.design\/wp-content\/uploads\/2021\/03\/Bibliothe\u0300queCentreCommunautaireMarieville_12.1_ACa_ACa_07-430x430.jpg","number-width":430,"number-height":430,"partner":"https:\/\/int.design\/wp-content\/uploads\/2021\/03\/Bibliothe\u0300queCentreCommunautaireMarieville_12.1_ACa_ACa_07-210x210.jpg","partner-width":210,"partner-height":210,"ranking":"https:\/\/int.design\/wp-content\/uploads\/2021\/03\/Bibliothe\u0300queCentreCommunautaireMarieville_12.1_ACa_ACa_07-960x540.jpg","ranking-width":960,"ranking-height":540,"schedule":"https:\/\/int.design\/wp-content\/uploads\/2021\/03\/Bibliothe\u0300queCentreCommunautaireMarieville_12.1_ACa_ACa_07-960x360.jpg","schedule-width":960,"schedule-height":360,"slideshow":"https:\/\/int.design\/wp-content\/uploads\/2021\/03\/Bibliothe\u0300queCentreCommunautaireMarieville_12.1_ACa_ACa_07-680x680.jpg","slideshow-width":680,"slideshow-height":680}},"filters":[1001],"suppliers":false,"attachment_category":[]},{"categories":[400],"credit":"Anne Carrier architecture","image":{"ID":69459,"id":69459,"title":"Bibliothe\u0300queCentreCommunautaireMarieville_12.1_ACa_ACa_08","filename":"Bibliothe\u0300queCentreCommunautaireMarieville_12.1_ACa_ACa_08-scaled.jpg","filesize":0,"url":"https:\/\/int.design\/wp-content\/uploads\/2021\/03\/Bibliothe\u0300queCentreCommunautaireMarieville_12.1_ACa_ACa_08-scaled.jpg","link":"https:\/\/int.design\/fr\/projets\/bibliotheque-centre-communautaire-marieville-concours\/bibliothequecentrecommunautairemarieville_12-1_aca_aca_08\/","alt":"","author":"829","description":"Biblioth\u00e8que + Centre communautaire Marieville (concours) Anne Carrier architecture","caption":"","name":"bibliothequecentrecommunautairemarieville_12-1_aca_aca_08","status":"inherit","uploaded_to":68109,"date":"2021-03-24 17:38:13","modified":"2022-02-08 13:11:58","menu_order":0,"mime_type":"image\/jpeg","type":"image","subtype":"jpeg","icon":"https:\/\/int.design\/wp-includes\/images\/media\/default.png","width":2560,"height":1707,"sizes":{"thumbnail":"https:\/\/int.design\/wp-content\/uploads\/2021\/03\/Bibliothe\u0300queCentreCommunautaireMarieville_12.1_ACa_ACa_08-150x150.jpg","thumbnail-width":150,"thumbnail-height":150,"medium":"https:\/\/int.design\/wp-content\/uploads\/2021\/03\/Bibliothe\u0300queCentreCommunautaireMarieville_12.1_ACa_ACa_08-300x200.jpg","medium-width":300,"medium-height":200,"medium_large":"https:\/\/int.design\/wp-content\/uploads\/2021\/03\/Bibliothe\u0300queCentreCommunautaireMarieville_12.1_ACa_ACa_08-768x512.jpg","medium_large-width":768,"medium_large-height":512,"large":"https:\/\/int.design\/wp-content\/uploads\/2021\/03\/Bibliothe\u0300queCentreCommunautaireMarieville_12.1_ACa_ACa_08-1024x683.jpg","large-width":1024,"large-height":683,"1536x1536":"https:\/\/int.design\/wp-content\/uploads\/2021\/03\/Bibliothe\u0300queCentreCommunautaireMarieville_12.1_ACa_ACa_08-1536x1024.jpg","1536x1536-width":1536,"1536x1536-height":1024,"2048x2048":"https:\/\/int.design\/wp-content\/uploads\/2021\/03\/Bibliothe\u0300queCentreCommunautaireMarieville_12.1_ACa_ACa_08-2048x1365.jpg","2048x2048-width":2048,"2048x2048-height":1365,"article":"https:\/\/int.design\/wp-content\/uploads\/2021\/03\/Bibliothe\u0300queCentreCommunautaireMarieville_12.1_ACa_ACa_08-960x540.jpg","article-width":960,"article-height":540,"banner":"https:\/\/int.design\/wp-content\/uploads\/2021\/03\/Bibliothe\u0300queCentreCommunautaireMarieville_12.1_ACa_ACa_08-1920x1280.jpg","banner-width":1920,"banner-height":1280,"block":"https:\/\/int.design\/wp-content\/uploads\/2021\/03\/Bibliothe\u0300queCentreCommunautaireMarieville_12.1_ACa_ACa_08-900x680.jpg","block-width":900,"block-height":680,"card":"https:\/\/int.design\/wp-content\/uploads\/2021\/03\/Bibliothe\u0300queCentreCommunautaireMarieville_12.1_ACa_ACa_08-560x495.jpg","card-width":560,"card-height":495,"card-thumbnail":"https:\/\/int.design\/wp-content\/uploads\/2021\/03\/Bibliothe\u0300queCentreCommunautaireMarieville_12.1_ACa_ACa_08-450x340.jpg","card-thumbnail-width":450,"card-thumbnail-height":340,"conference":"https:\/\/int.design\/wp-content\/uploads\/2021\/03\/Bibliothe\u0300queCentreCommunautaireMarieville_12.1_ACa_ACa_08-560x250.jpg","conference-width":560,"conference-height":250,"contest":"https:\/\/int.design\/wp-content\/uploads\/2021\/03\/Bibliothe\u0300queCentreCommunautaireMarieville_12.1_ACa_ACa_08-960x400.jpg","contest-width":960,"contest-height":400,"cta":"https:\/\/int.design\/wp-content\/uploads\/2021\/03\/Bibliothe\u0300queCentreCommunautaireMarieville_12.1_ACa_ACa_08-415x170.jpg","cta-width":415,"cta-height":170,"exhibitor":"https:\/\/int.design\/wp-content\/uploads\/2021\/03\/Bibliothe\u0300queCentreCommunautaireMarieville_12.1_ACa_ACa_08-560x560.jpg","exhibitor-width":560,"exhibitor-height":560,"gallery":"https:\/\/int.design\/wp-content\/uploads\/2021\/03\/Bibliothe\u0300queCentreCommunautaireMarieville_12.1_ACa_ACa_08-560x373.jpg","gallery-width":560,"gallery-height":373,"logo":"https:\/\/int.design\/wp-content\/uploads\/2021\/03\/Bibliothe\u0300queCentreCommunautaireMarieville_12.1_ACa_ACa_08-150x100.jpg","logo-width":150,"logo-height":100,"masonry":"https:\/\/int.design\/wp-content\/uploads\/2021\/03\/Bibliothe\u0300queCentreCommunautaireMarieville_12.1_ACa_ACa_08-550x367.jpg","masonry-width":550,"masonry-height":367,"modal":"https:\/\/int.design\/wp-content\/uploads\/2021\/03\/Bibliothe\u0300queCentreCommunautaireMarieville_12.1_ACa_ACa_08-1920x1280.jpg","modal-width":1920,"modal-height":1280,"number":"https:\/\/int.design\/wp-content\/uploads\/2021\/03\/Bibliothe\u0300queCentreCommunautaireMarieville_12.1_ACa_ACa_08-560x373.jpg","number-width":560,"number-height":373,"partner":"https:\/\/int.design\/wp-content\/uploads\/2021\/03\/Bibliothe\u0300queCentreCommunautaireMarieville_12.1_ACa_ACa_08-275x183.jpg","partner-width":275,"partner-height":183,"ranking":"https:\/\/int.design\/wp-content\/uploads\/2021\/03\/Bibliothe\u0300queCentreCommunautaireMarieville_12.1_ACa_ACa_08-960x540.jpg","ranking-width":960,"ranking-height":540,"schedule":"https:\/\/int.design\/wp-content\/uploads\/2021\/03\/Bibliothe\u0300queCentreCommunautaireMarieville_12.1_ACa_ACa_08-960x360.jpg","schedule-width":960,"schedule-height":360,"slideshow":"https:\/\/int.design\/wp-content\/uploads\/2021\/03\/Bibliothe\u0300queCentreCommunautaireMarieville_12.1_ACa_ACa_08-1020x680.jpg","slideshow-width":1020,"slideshow-height":680}},"filters":[1001],"suppliers":false,"attachment_category":[]},{"categories":[400],"credit":"Anne Carrier architecture","image":{"ID":69463,"id":69463,"title":"Bibliothe\u0300queCentreCommunautaireMarieville_12.1_ACa_ACa_09","filename":"6_Bibliothe\u0300queCentreCommunautaireMarieville_12.1_ACa_ACa_09-scaled.jpg","filesize":0,"url":"https:\/\/int.design\/wp-content\/uploads\/2021\/03\/6_Bibliothe\u0300queCentreCommunautaireMarieville_12.1_ACa_ACa_09-scaled.jpg","link":"https:\/\/int.design\/fr\/projets\/bibliotheque-centre-communautaire-marieville-concours\/bibliothequecentrecommunautairemarieville_12-1_aca_aca_09-2\/","alt":"","author":"829","description":"Biblioth\u00e8que + Centre communautaire Marieville (concours) Anne Carrier architecture","caption":"","name":"bibliothequecentrecommunautairemarieville_12-1_aca_aca_09-2","status":"inherit","uploaded_to":68109,"date":"2021-03-24 17:42:19","modified":"2022-02-08 13:12:19","menu_order":0,"mime_type":"image\/jpeg","type":"image","subtype":"jpeg","icon":"https:\/\/int.design\/wp-includes\/images\/media\/default.png","width":2560,"height":2212,"sizes":{"thumbnail":"https:\/\/int.design\/wp-content\/uploads\/2021\/03\/6_Bibliothe\u0300queCentreCommunautaireMarieville_12.1_ACa_ACa_09-150x150.jpg","thumbnail-width":150,"thumbnail-height":150,"medium":"https:\/\/int.design\/wp-content\/uploads\/2021\/03\/6_Bibliothe\u0300queCentreCommunautaireMarieville_12.1_ACa_ACa_09-300x259.jpg","medium-width":300,"medium-height":259,"medium_large":"https:\/\/int.design\/wp-content\/uploads\/2021\/03\/6_Bibliothe\u0300queCentreCommunautaireMarieville_12.1_ACa_ACa_09-768x664.jpg","medium_large-width":768,"medium_large-height":664,"large":"https:\/\/int.design\/wp-content\/uploads\/2021\/03\/6_Bibliothe\u0300queCentreCommunautaireMarieville_12.1_ACa_ACa_09-1024x885.jpg","large-width":1024,"large-height":885,"1536x1536":"https:\/\/int.design\/wp-content\/uploads\/2021\/03\/6_Bibliothe\u0300queCentreCommunautaireMarieville_12.1_ACa_ACa_09-1536x1327.jpg","1536x1536-width":1536,"1536x1536-height":1327,"2048x2048":"https:\/\/int.design\/wp-content\/uploads\/2021\/03\/6_Bibliothe\u0300queCentreCommunautaireMarieville_12.1_ACa_ACa_09-2048x1770.jpg","2048x2048-width":2048,"2048x2048-height":1770,"article":"https:\/\/int.design\/wp-content\/uploads\/2021\/03\/6_Bibliothe\u0300queCentreCommunautaireMarieville_12.1_ACa_ACa_09-960x540.jpg","article-width":960,"article-height":540,"banner":"https:\/\/int.design\/wp-content\/uploads\/2021\/03\/6_Bibliothe\u0300queCentreCommunautaireMarieville_12.1_ACa_ACa_09-1920x1659.jpg","banner-width":1920,"banner-height":1659,"block":"https:\/\/int.design\/wp-content\/uploads\/2021\/03\/6_Bibliothe\u0300queCentreCommunautaireMarieville_12.1_ACa_ACa_09-900x680.jpg","block-width":900,"block-height":680,"card":"https:\/\/int.design\/wp-content\/uploads\/2021\/03\/6_Bibliothe\u0300queCentreCommunautaireMarieville_12.1_ACa_ACa_09-560x495.jpg","card-width":560,"card-height":495,"card-thumbnail":"https:\/\/int.design\/wp-content\/uploads\/2021\/03\/6_Bibliothe\u0300queCentreCommunautaireMarieville_12.1_ACa_ACa_09-450x340.jpg","card-thumbnail-width":450,"card-thumbnail-height":340,"conference":"https:\/\/int.design\/wp-content\/uploads\/2021\/03\/6_Bibliothe\u0300queCentreCommunautaireMarieville_12.1_ACa_ACa_09-560x250.jpg","conference-width":560,"conference-height":250,"contest":"https:\/\/int.design\/wp-content\/uploads\/2021\/03\/6_Bibliothe\u0300queCentreCommunautaireMarieville_12.1_ACa_ACa_09-960x400.jpg","contest-width":960,"contest-height":400,"cta":"https:\/\/int.design\/wp-content\/uploads\/2021\/03\/6_Bibliothe\u0300queCentreCommunautaireMarieville_12.1_ACa_ACa_09-415x170.jpg","cta-width":415,"cta-height":170,"exhibitor":"https:\/\/int.design\/wp-content\/uploads\/2021\/03\/6_Bibliothe\u0300queCentreCommunautaireMarieville_12.1_ACa_ACa_09-560x560.jpg","exhibitor-width":560,"exhibitor-height":560,"gallery":"https:\/\/int.design\/wp-content\/uploads\/2021\/03\/6_Bibliothe\u0300queCentreCommunautaireMarieville_12.1_ACa_ACa_09-498x430.jpg","gallery-width":498,"gallery-height":430,"logo":"https:\/\/int.design\/wp-content\/uploads\/2021\/03\/6_Bibliothe\u0300queCentreCommunautaireMarieville_12.1_ACa_ACa_09-116x100.jpg","logo-width":116,"logo-height":100,"masonry":"https:\/\/int.design\/wp-content\/uploads\/2021\/03\/6_Bibliothe\u0300queCentreCommunautaireMarieville_12.1_ACa_ACa_09-550x475.jpg","masonry-width":550,"masonry-height":475,"modal":"https:\/\/int.design\/wp-content\/uploads\/2021\/03\/6_Bibliothe\u0300queCentreCommunautaireMarieville_12.1_ACa_ACa_09-1920x1659.jpg","modal-width":1920,"modal-height":1659,"number":"https:\/\/int.design\/wp-content\/uploads\/2021\/03\/6_Bibliothe\u0300queCentreCommunautaireMarieville_12.1_ACa_ACa_09-498x430.jpg","number-width":498,"number-height":430,"partner":"https:\/\/int.design\/wp-content\/uploads\/2021\/03\/6_Bibliothe\u0300queCentreCommunautaireMarieville_12.1_ACa_ACa_09-243x210.jpg","partner-width":243,"partner-height":210,"ranking":"https:\/\/int.design\/wp-content\/uploads\/2021\/03\/6_Bibliothe\u0300queCentreCommunautaireMarieville_12.1_ACa_ACa_09-960x540.jpg","ranking-width":960,"ranking-height":540,"schedule":"https:\/\/int.design\/wp-content\/uploads\/2021\/03\/6_Bibliothe\u0300queCentreCommunautaireMarieville_12.1_ACa_ACa_09-960x360.jpg","schedule-width":960,"schedule-height":360,"slideshow":"https:\/\/int.design\/wp-content\/uploads\/2021\/03\/6_Bibliothe\u0300queCentreCommunautaireMarieville_12.1_ACa_ACa_09-787x680.jpg","slideshow-width":787,"slideshow-height":680}},"filters":[1001],"suppliers":false,"attachment_category":[]}],"mandatory_documents":[{"name":"Dessins techniques","file":{"ID":69653,"id":69653,"title":"Marieville_Dessins techniques_ACA","filename":"Marieville_Dessins techniques_ACA.pdf","filesize":0,"url":"https:\/\/d2q6z78khxmx42.cloudfront.net\/2021\/03\/Marieville_Dessins techniques_ACA.pdf","link":"https:\/\/int.design\/fr\/projets\/bibliotheque-centre-communautaire-marieville-concours\/marieville_dessins-techniques_aca\/","alt":"","author":"829","description":"","caption":"","name":"marieville_dessins-techniques_aca","status":"inherit","uploaded_to":68109,"date":"2021-03-24 19:06:24","modified":"2021-03-24 19:06:36","menu_order":0,"mime_type":"application\/pdf","type":"application","subtype":"pdf","icon":"https:\/\/int.design\/wp-includes\/images\/media\/document.png"}}],"optional_documents":false,"web_text":{"fr":"<p>Au cours des derni\u00e8res ann\u00e9es, la biblioth\u00e8que a pris une importance primordiale dans la vie des communaut\u00e9s, petites et grandes. Lieu de rencontre privil\u00e9gi\u00e9, on y retrouve aujourd\u2019hui de nombreuses activit\u00e9s parall\u00e8les. C\u2019est le cas du futur b\u00e2timent qui abritera la biblioth\u00e8que et le centre communautaire de Marieville. <\/p>\n<p>Le site, au c\u0153ur de cette communaut\u00e9 de 10 000 habitants, fait face \u00e0 un parc centenaire, \u00e0 proximit\u00e9 d\u2019une \u00e9glise patrimoniale, d\u2019\u00e9tablissements scolaires et d\u2019une zone de fouilles arch\u00e9ologiques. Le dialogue avec ces t\u00e9moins d\u2019autres \u00e9poques et l\u2019int\u00e9gration urbaine ont \u00e9t\u00e9 prioris\u00e9s pour ce projet. <\/p>\n<p>L\u2019\u00e9difice, qui se veut r\u00e9solument contemporain, s\u2019articule en deux volumes de trois \u00e9tages, inscrits dans une forme allong\u00e9e, due \u00e0 l\u2019\u00e9troitesse du terrain. Au centre, un hall d\u2019accueil tout en hauteur permet de visualiser l\u2019ensemble du b\u00e2timent, mais aussi ses liens avec l\u2019\u00e9glise, le parc et la ville.  Un escalier sculptural, visible de l\u2019ext\u00e9rieur comme de l\u2019int\u00e9rieur, \u00e9voque les silos \u00e0 grain de cette r\u00e9gion agricole.  <\/p>\n<p>De l\u2019entr\u00e9e, on acc\u00e8de \u00e0 deux \u00e9tages d\u00e9di\u00e9s \u00e0 des activit\u00e9s communautaires, c\u00f4t\u00e9 nord. Les espaces de la biblioth\u00e8que se retrouvent c\u00f4t\u00e9 sud : section enfants au rez-de-chauss\u00e9e, caf\u00e9 et p\u00e9riodiques au-dessus. Les sections adultes et ados, les aires de lecture, le medialab et l\u2019administration sont au dernier \u00e9tage. <\/p>\n<p>Plaisir des sens, transparence et lumi\u00e8re caract\u00e9risent ce projet longtemps esp\u00e9r\u00e9 par les gens de Marieville.<\/p>\n","en":"<p>Libraries have undergone major transformations over the last few years as their mission became more inclusive in many cities, large and small. No longer restricted to book lovers, they now offer a variety of community-oriented activities. Such is the case with the future Marieville library and community centre.<\/p>\n<p>The building site faces a century-old park located right in the heart of this community of 10,000. A heritage church stands nearby as well as school buildings and an archeological site. A lot of attention was paid to the context while searching for a resolutely contemporary design. <\/p>\n<p>The proposed building consists in two three-level volumes within an elongated form determined by its narrow site. From the central lobby, open to all three floors, one can understand the entire building and its links with the church, the park, and the town itself. A highly visible sculptural staircase acts as a reminder of the region\u2019s grain silos. <\/p>\n<p>The multi-level lobby gives direct access to community activities taking place on the north side of the building. The library per se is on the opposite side. Immediately accessible from the lobby is the reception desk and the children\u2019s corner; periodicals and a small caf\u00e9 are on the second floor. The building\u2019s top floor is entirely occupied by library functions, adult and teen sections, reading areas, medialab, and administration.  <\/p>\n<p>Natural light and transparency permeate this project, which Marieville has long been waiting for.<\/p>\n","original":""},"jury_text":[{"category":400,"fr":"<p>Au cours des derni\u00e8res ann\u00e9es, la biblioth\u00e8que a pris une importance primordiale dans la vie des communaut\u00e9s, petites et grandes. Lieu de rencontre privil\u00e9gi\u00e9, on y retrouve aujourd\u2019hui de nombreuses activit\u00e9s parall\u00e8les. C\u2019est le cas du futur b\u00e2timent qui abritera la biblioth\u00e8que et le centre communautaire de Marieville. <\/p>\n<p>Le site, au c\u0153ur de cette communaut\u00e9 de 10 000 habitants, fait face \u00e0 un parc centenaire, \u00e0 proximit\u00e9 d\u2019une \u00e9glise patrimoniale, d\u2019\u00e9tablissements scolaires et d\u2019une zone de fouilles arch\u00e9ologiques. Le dialogue avec ces t\u00e9moins d\u2019autres \u00e9poques et l\u2019int\u00e9gration urbaine ont \u00e9t\u00e9 prioris\u00e9s pour ce projet. <\/p>\n<p>L\u2019\u00e9difice, qui se veut r\u00e9solument contemporain, s\u2019articule en deux volumes de trois \u00e9tages, inscrits dans une forme allong\u00e9e, due \u00e0 l\u2019\u00e9troitesse du terrain. Au centre, un hall d\u2019accueil tout en hauteur permet de visualiser l\u2019ensemble du b\u00e2timent, mais aussi ses liens avec l\u2019\u00e9glise, le parc et la ville.  Un escalier sculptural, visible de l\u2019ext\u00e9rieur comme de l\u2019int\u00e9rieur, \u00e9voque les silos \u00e0 grain de cette r\u00e9gion agricole.  <\/p>\n<p>De l\u2019entr\u00e9e, on acc\u00e8de \u00e0 deux \u00e9tages d\u00e9di\u00e9s \u00e0 des activit\u00e9s communautaires, c\u00f4t\u00e9 nord. Les espaces de la biblioth\u00e8que se retrouvent c\u00f4t\u00e9 sud : section enfants au rez-de-chauss\u00e9e, caf\u00e9 et p\u00e9riodiques au-dessus. Les sections adultes et ados, les aires de lecture, le medialab et l\u2019administration sont au dernier \u00e9tage. <\/p>\n<p>Plaisir des sens, transparence et lumi\u00e8re caract\u00e9risent ce projet longtemps esp\u00e9r\u00e9 par les gens de Marieville.<\/p>\n","en":"<p>Libraries have undergone major transformations over the last few years as their mission became more inclusive in many cities, large and small. No longer restricted to book lovers, they now offer a variety of community-oriented activities. Such is the case with the future Marieville library and community centre.<\/p>\n<p>The building site faces a century-old park located right in the heart of this community of 10,000. A heritage church stands nearby as well as school buildings and an archeological site. A lot of attention was paid to the context while searching for a resolutely contemporary design. <\/p>\n<p>The proposed building consists in two three-level volumes within an elongated form determined by its narrow site. From the central lobby, open to all three floors, one can understand the entire building and its links with the church, the park, and the town itself. A highly visible sculptural staircase acts as a reminder of the region\u2019s grain silos. <\/p>\n<p>The multi-level lobby gives direct access to community activities taking place on the north side of the building. The library per se is on the opposite side. Immediately accessible from the lobby is the reception desk and the children\u2019s corner; periodicals and a small caf\u00e9 are on the second floor. The building\u2019s top floor is entirely occupied by library functions, adult and teen sections, reading areas, medialab, and administration.  <\/p>\n<p>Natural light and transparency permeate this project, which Marieville has long been waiting for.<\/p>\n","original":""}],"different_jury_text":false,"different_category_text":false},"laureats":[{"cat_id":400,"cat_id_laureat":1036,"laureat":"Laur\u00e9at Platine"}],"contest_id":"1180","contest_title":"GRANDS PRIX DU DESIGN - 14e \u00e9dition","firms":[],"user":{"email":"ppronovost@annecarrier.com","first_name":"Patricia","last_name":"Pronovost"},"doc_texts_web":{"fr":"","en":""},"permalinks":{"fr":"https:\/\/int.design\/fr\/projets\/bibliotheque-centre-communautaire-marieville-concours\/","en":"https:\/\/int.design\/en\/projects\/bibliotheque-centre-communautaire-marieville-concours\/"},"titles":{"fr":"Biblioth\u00e8que + Centre communautaire Marieville (concours)","en":"Biblioth\u00e8que + Centre communautaire Marieville (concours)"},"wp_fields":[],"laravel_id":""},"_links":{"self":[{"href":"https:\/\/int.design\/fr\/wp-json\/wp\/v2\/project\/68109","targetHints":{"allow":["GET"]}}],"collection":[{"href":"https:\/\/int.design\/fr\/wp-json\/wp\/v2\/project"}],"about":[{"href":"https:\/\/int.design\/fr\/wp-json\/wp\/v2\/types\/project"}],"wp:attachment":[{"href":"https:\/\/int.design\/fr\/wp-json\/wp\/v2\/media?parent=68109"}],"curies":[{"name":"wp","href":"https:\/\/api.w.org\/{rel}","templated":true}]}}