{"id":63501,"date":"2021-07-14T19:34:50","date_gmt":"2021-07-14T23:34:50","guid":{"rendered":"https:\/\/int.design\/?post_type=project&#038;p=63501"},"modified":"2021-08-20T17:26:07","modified_gmt":"2021-08-20T21:26:07","slug":"construction-dune-nouvelle-ecole-primaire-2-12-a-mont-saint-hilaire","status":"publish","type":"project","link":"https:\/\/int.design\/fr\/projets\/construction-dune-nouvelle-ecole-primaire-2-12-a-mont-saint-hilaire\/","title":{"rendered":"Construction d\u2019une nouvelle \u00e9cole primaire 2-12 \u00e0 Mont-Saint-Hilaire"},"content":{"rendered":"","protected":false},"template":"","class_list":["post-63501","project","type-project","status-publish","hentry","project_category-architecture","project_category-batiment_public","project_category-batiment_enseignement-scolaire-prescolaire"],"acf":[],"yoast_head":"<!-- This site is optimized with the Yoast SEO plugin v21.5 - https:\/\/yoast.com\/wordpress\/plugins\/seo\/ -->\n<title>Construction d\u2019une nouvelle \u00e9cole primaire 2-12 \u00e0 Mont-Saint-Hilaire - INT Design<\/title>\n<meta name=\"robots\" content=\"index, follow, max-snippet:-1, max-image-preview:large, max-video-preview:-1\" \/>\n<link rel=\"canonical\" href=\"https:\/\/int.design\/fr\/projets\/construction-dune-nouvelle-ecole-primaire-2-12-a-mont-saint-hilaire\/\" \/>\n<meta property=\"og:locale\" content=\"fr_FR\" \/>\n<meta property=\"og:type\" content=\"article\" \/>\n<meta property=\"og:title\" content=\"Construction d\u2019une nouvelle \u00e9cole primaire 2-12 \u00e0 Mont-Saint-Hilaire - INT Design\" \/>\n<meta property=\"og:url\" content=\"https:\/\/int.design\/fr\/projets\/construction-dune-nouvelle-ecole-primaire-2-12-a-mont-saint-hilaire\/\" \/>\n<meta property=\"og:site_name\" content=\"INT Design\" \/>\n<meta property=\"article:modified_time\" content=\"2021-08-20T21:26:07+00:00\" \/>\n<meta name=\"twitter:card\" content=\"summary_large_image\" \/>\n<script type=\"application\/ld+json\" class=\"yoast-schema-graph\">{\"@context\":\"https:\/\/schema.org\",\"@graph\":[{\"@type\":\"WebPage\",\"@id\":\"https:\/\/int.design\/fr\/projets\/construction-dune-nouvelle-ecole-primaire-2-12-a-mont-saint-hilaire\/\",\"url\":\"https:\/\/int.design\/fr\/projets\/construction-dune-nouvelle-ecole-primaire-2-12-a-mont-saint-hilaire\/\",\"name\":\"Construction d\u2019une nouvelle \u00e9cole primaire 2-12 \u00e0 Mont-Saint-Hilaire - INT Design\",\"isPartOf\":{\"@id\":\"https:\/\/int.design\/fr\/#website\"},\"datePublished\":\"2021-07-14T23:34:50+00:00\",\"dateModified\":\"2021-08-20T21:26:07+00:00\",\"breadcrumb\":{\"@id\":\"https:\/\/int.design\/fr\/projets\/construction-dune-nouvelle-ecole-primaire-2-12-a-mont-saint-hilaire\/#breadcrumb\"},\"inLanguage\":\"fr-FR\",\"potentialAction\":[{\"@type\":\"ReadAction\",\"target\":[\"https:\/\/int.design\/fr\/projets\/construction-dune-nouvelle-ecole-primaire-2-12-a-mont-saint-hilaire\/\"]}]},{\"@type\":\"BreadcrumbList\",\"@id\":\"https:\/\/int.design\/fr\/projets\/construction-dune-nouvelle-ecole-primaire-2-12-a-mont-saint-hilaire\/#breadcrumb\",\"itemListElement\":[{\"@type\":\"ListItem\",\"position\":1,\"name\":\"Home\",\"item\":\"https:\/\/int.design\/fr\/\"},{\"@type\":\"ListItem\",\"position\":2,\"name\":\"Projects\",\"item\":\"https:\/\/int.design\/en\/projects\/\"},{\"@type\":\"ListItem\",\"position\":3,\"name\":\"Construction d\u2019une nouvelle \u00e9cole primaire 2-12 \u00e0 Mont-Saint-Hilaire\"}]},{\"@type\":\"WebSite\",\"@id\":\"https:\/\/int.design\/fr\/#website\",\"url\":\"https:\/\/int.design\/fr\/\",\"name\":\"INT Design\",\"description\":\"\",\"potentialAction\":[{\"@type\":\"SearchAction\",\"target\":{\"@type\":\"EntryPoint\",\"urlTemplate\":\"https:\/\/int.design\/fr\/?s={search_term_string}\"},\"query-input\":\"required name=search_term_string\"}],\"inLanguage\":\"fr-FR\"}]}<\/script>\n<!-- \/ Yoast SEO plugin. -->","yoast_head_json":{"title":"Construction d\u2019une nouvelle \u00e9cole primaire 2-12 \u00e0 Mont-Saint-Hilaire - INT Design","robots":{"index":"index","follow":"follow","max-snippet":"max-snippet:-1","max-image-preview":"max-image-preview:large","max-video-preview":"max-video-preview:-1"},"canonical":"https:\/\/int.design\/fr\/projets\/construction-dune-nouvelle-ecole-primaire-2-12-a-mont-saint-hilaire\/","og_locale":"fr_FR","og_type":"article","og_title":"Construction d\u2019une nouvelle \u00e9cole primaire 2-12 \u00e0 Mont-Saint-Hilaire - INT Design","og_url":"https:\/\/int.design\/fr\/projets\/construction-dune-nouvelle-ecole-primaire-2-12-a-mont-saint-hilaire\/","og_site_name":"INT Design","article_modified_time":"2021-08-20T21:26:07+00:00","twitter_card":"summary_large_image","schema":{"@context":"https:\/\/schema.org","@graph":[{"@type":"WebPage","@id":"https:\/\/int.design\/fr\/projets\/construction-dune-nouvelle-ecole-primaire-2-12-a-mont-saint-hilaire\/","url":"https:\/\/int.design\/fr\/projets\/construction-dune-nouvelle-ecole-primaire-2-12-a-mont-saint-hilaire\/","name":"Construction d\u2019une nouvelle \u00e9cole primaire 2-12 \u00e0 Mont-Saint-Hilaire - INT Design","isPartOf":{"@id":"https:\/\/int.design\/fr\/#website"},"datePublished":"2021-07-14T23:34:50+00:00","dateModified":"2021-08-20T21:26:07+00:00","breadcrumb":{"@id":"https:\/\/int.design\/fr\/projets\/construction-dune-nouvelle-ecole-primaire-2-12-a-mont-saint-hilaire\/#breadcrumb"},"inLanguage":"fr-FR","potentialAction":[{"@type":"ReadAction","target":["https:\/\/int.design\/fr\/projets\/construction-dune-nouvelle-ecole-primaire-2-12-a-mont-saint-hilaire\/"]}]},{"@type":"BreadcrumbList","@id":"https:\/\/int.design\/fr\/projets\/construction-dune-nouvelle-ecole-primaire-2-12-a-mont-saint-hilaire\/#breadcrumb","itemListElement":[{"@type":"ListItem","position":1,"name":"Home","item":"https:\/\/int.design\/fr\/"},{"@type":"ListItem","position":2,"name":"Projects","item":"https:\/\/int.design\/en\/projects\/"},{"@type":"ListItem","position":3,"name":"Construction d\u2019une nouvelle \u00e9cole primaire 2-12 \u00e0 Mont-Saint-Hilaire"}]},{"@type":"WebSite","@id":"https:\/\/int.design\/fr\/#website","url":"https:\/\/int.design\/fr\/","name":"INT Design","description":"","potentialAction":[{"@type":"SearchAction","target":{"@type":"EntryPoint","urlTemplate":"https:\/\/int.design\/fr\/?s={search_term_string}"},"query-input":"required name=search_term_string"}],"inLanguage":"fr-FR"}]}},"entry":{"cats":{"disciplines":[{"id":126,"name":"Architecture"}],"big_cats":[{"id":156,"name":"B\u00e2timent public"}],"sub_cats":[{"id":383,"name":"B\u00e2timent d'enseignement scolaire &amp; pr\u00e9scolaire","parent":156}]},"entry":{"":null,"status":"completed","winner_title":"Provencher_Roy","winner_prize_lang":"","title_translatable":false,"title_en":"","title_fr":"","releve_award":false,"releve_award_cv":false,"collaboration":false,"collaboration_firms":false,"other_firms":[{"name":"Les Services exp inc.","website":"https:\/\/www.exp.com\/fr\/","category":"Ing\u00e9nierie","category_tax":false},{"name":"gbi","website":"https:\/\/www.gbi.ca\/","category":"Ing\u00e9nierie","category_tax":false}],"owner":{"name":"M. Guy Cadorette, Coordonnateur service des ressources mat\u00e9rielles, Centre de services scolaire des Patriotes","confidential":false,"website":"","contact_name":"","email":"guy.cadorette@csp.qc.ca","phone":""},"address":{"address":"165 rue Forbin-Janson","city":"Mont-Saint-Hilaire ","region":"Mont\u00e9r\u00e9gie","province":"QC","country":"CA","postal_code":"J3H 0P2"},"logos":false,"use_logo":false,"designers":[{"name":"Cl\u00e9ment Bastien","credit":"n\/d","image":{"ID":64990,"id":64990,"title":"Cl\u00e9ment Bastien_photo","filename":"Cl\u00e9ment Bastien_photo-scaled.jpg","filesize":0,"url":"https:\/\/int.design\/wp-content\/uploads\/2021\/03\/Cl\u00e9ment Bastien_photo-scaled.jpg","link":"https:\/\/int.design\/fr\/projets\/construction-dune-nouvelle-ecole-primaire-2-12-a-mont-saint-hilaire\/clement-bastien_photo\/","alt":"","author":"733","description":"","caption":"","name":"clement-bastien_photo","status":"inherit","uploaded_to":63501,"date":"2021-03-01 20:02:55","modified":"2021-03-01 20:10:40","menu_order":0,"mime_type":"image\/jpeg","type":"image","subtype":"jpeg","icon":"https:\/\/int.design\/wp-includes\/images\/media\/default.png","width":2560,"height":1702,"sizes":{"thumbnail":"https:\/\/int.design\/wp-content\/uploads\/2021\/03\/Cl\u00e9ment Bastien_photo-150x150.jpg","thumbnail-width":150,"thumbnail-height":150,"medium":"https:\/\/int.design\/wp-content\/uploads\/2021\/03\/Cl\u00e9ment Bastien_photo-300x199.jpg","medium-width":300,"medium-height":199,"medium_large":"https:\/\/int.design\/wp-content\/uploads\/2021\/03\/Cl\u00e9ment Bastien_photo-768x511.jpg","medium_large-width":768,"medium_large-height":511,"large":"https:\/\/int.design\/wp-content\/uploads\/2021\/03\/Cl\u00e9ment Bastien_photo-1024x681.jpg","large-width":1024,"large-height":681,"1536x1536":"https:\/\/int.design\/wp-content\/uploads\/2021\/03\/Cl\u00e9ment Bastien_photo-1536x1021.jpg","1536x1536-width":1536,"1536x1536-height":1021,"2048x2048":"https:\/\/int.design\/wp-content\/uploads\/2021\/03\/Cl\u00e9ment Bastien_photo-2048x1362.jpg","2048x2048-width":2048,"2048x2048-height":1362,"article":"https:\/\/int.design\/wp-content\/uploads\/2021\/03\/Cl\u00e9ment Bastien_photo-960x540.jpg","article-width":960,"article-height":540,"banner":"https:\/\/int.design\/wp-content\/uploads\/2021\/03\/Cl\u00e9ment Bastien_photo-1920x1277.jpg","banner-width":1920,"banner-height":1277,"block":"https:\/\/int.design\/wp-content\/uploads\/2021\/03\/Cl\u00e9ment Bastien_photo-900x680.jpg","block-width":900,"block-height":680,"card":"https:\/\/int.design\/wp-content\/uploads\/2021\/03\/Cl\u00e9ment Bastien_photo-560x495.jpg","card-width":560,"card-height":495,"card-thumbnail":"https:\/\/int.design\/wp-content\/uploads\/2021\/03\/Cl\u00e9ment Bastien_photo-450x340.jpg","card-thumbnail-width":450,"card-thumbnail-height":340,"conference":"https:\/\/int.design\/wp-content\/uploads\/2021\/03\/Cl\u00e9ment Bastien_photo-560x250.jpg","conference-width":560,"conference-height":250,"contest":"https:\/\/int.design\/wp-content\/uploads\/2021\/03\/Cl\u00e9ment Bastien_photo-960x400.jpg","contest-width":960,"contest-height":400,"cta":"https:\/\/int.design\/wp-content\/uploads\/2021\/03\/Cl\u00e9ment Bastien_photo-415x170.jpg","cta-width":415,"cta-height":170,"exhibitor":"https:\/\/int.design\/wp-content\/uploads\/2021\/03\/Cl\u00e9ment Bastien_photo-560x560.jpg","exhibitor-width":560,"exhibitor-height":560,"gallery":"https:\/\/int.design\/wp-content\/uploads\/2021\/03\/Cl\u00e9ment Bastien_photo-560x372.jpg","gallery-width":560,"gallery-height":372,"logo":"https:\/\/int.design\/wp-content\/uploads\/2021\/03\/Cl\u00e9ment Bastien_photo-150x100.jpg","logo-width":150,"logo-height":100,"masonry":"https:\/\/int.design\/wp-content\/uploads\/2021\/03\/Cl\u00e9ment Bastien_photo-550x366.jpg","masonry-width":550,"masonry-height":366,"modal":"https:\/\/int.design\/wp-content\/uploads\/2021\/03\/Cl\u00e9ment Bastien_photo-1920x1277.jpg","modal-width":1920,"modal-height":1277,"number":"https:\/\/int.design\/wp-content\/uploads\/2021\/03\/Cl\u00e9ment Bastien_photo-560x372.jpg","number-width":560,"number-height":372,"partner":"https:\/\/int.design\/wp-content\/uploads\/2021\/03\/Cl\u00e9ment Bastien_photo-275x183.jpg","partner-width":275,"partner-height":183,"ranking":"https:\/\/int.design\/wp-content\/uploads\/2021\/03\/Cl\u00e9ment Bastien_photo-960x540.jpg","ranking-width":960,"ranking-height":540,"schedule":"https:\/\/int.design\/wp-content\/uploads\/2021\/03\/Cl\u00e9ment Bastien_photo-960x360.jpg","schedule-width":960,"schedule-height":360,"slideshow":"https:\/\/int.design\/wp-content\/uploads\/2021\/03\/Cl\u00e9ment Bastien_photo-1023x680.jpg","slideshow-width":1023,"slideshow-height":680}},"file":{"ID":64991,"id":64991,"title":"CV_Cl\u00e9ment Bastien","filename":"CV_Cl\u00e9ment Bastien.pdf","filesize":0,"url":"https:\/\/d2q6z78khxmx42.cloudfront.net\/2021\/03\/CV_Cl\u00e9ment Bastien.pdf","link":"https:\/\/int.design\/fr\/projets\/construction-dune-nouvelle-ecole-primaire-2-12-a-mont-saint-hilaire\/cv_clement-bastien\/","alt":"","author":"733","description":"","caption":"","name":"cv_clement-bastien","status":"inherit","uploaded_to":63501,"date":"2021-03-01 20:03:06","modified":"2021-03-01 20:10:41","menu_order":0,"mime_type":"application\/pdf","type":"application","subtype":"pdf","icon":"https:\/\/int.design\/wp-includes\/images\/media\/document.png"}},{"name":"Jean-S\u00e9bastian Morin","credit":"n\/d","image":{"ID":64992,"id":64992,"title":"Jean-S\u00e9bastian Morin_photo","filename":"Jean-S\u00e9bastian Morin_photo-scaled.jpg","filesize":0,"url":"https:\/\/int.design\/wp-content\/uploads\/2021\/03\/Jean-S\u00e9bastian Morin_photo-scaled.jpg","link":"https:\/\/int.design\/fr\/projets\/construction-dune-nouvelle-ecole-primaire-2-12-a-mont-saint-hilaire\/jean-sebastian-morin_photo\/","alt":"","author":"733","description":"","caption":"","name":"jean-sebastian-morin_photo","status":"inherit","uploaded_to":63501,"date":"2021-03-01 20:03:09","modified":"2021-03-01 20:10:41","menu_order":0,"mime_type":"image\/jpeg","type":"image","subtype":"jpeg","icon":"https:\/\/int.design\/wp-includes\/images\/media\/default.png","width":2267,"height":2560,"sizes":{"thumbnail":"https:\/\/int.design\/wp-content\/uploads\/2021\/03\/Jean-S\u00e9bastian Morin_photo-150x150.jpg","thumbnail-width":150,"thumbnail-height":150,"medium":"https:\/\/int.design\/wp-content\/uploads\/2021\/03\/Jean-S\u00e9bastian Morin_photo-266x300.jpg","medium-width":266,"medium-height":300,"medium_large":"https:\/\/int.design\/wp-content\/uploads\/2021\/03\/Jean-S\u00e9bastian Morin_photo-768x867.jpg","medium_large-width":768,"medium_large-height":867,"large":"https:\/\/int.design\/wp-content\/uploads\/2021\/03\/Jean-S\u00e9bastian Morin_photo-907x1024.jpg","large-width":907,"large-height":1024,"1536x1536":"https:\/\/int.design\/wp-content\/uploads\/2021\/03\/Jean-S\u00e9bastian Morin_photo-1360x1536.jpg","1536x1536-width":1360,"1536x1536-height":1536,"2048x2048":"https:\/\/int.design\/wp-content\/uploads\/2021\/03\/Jean-S\u00e9bastian Morin_photo-1814x2048.jpg","2048x2048-width":1814,"2048x2048-height":2048,"article":"https:\/\/int.design\/wp-content\/uploads\/2021\/03\/Jean-S\u00e9bastian Morin_photo-960x540.jpg","article-width":960,"article-height":540,"banner":"https:\/\/int.design\/wp-content\/uploads\/2021\/03\/Jean-S\u00e9bastian Morin_photo-1920x2168.jpg","banner-width":1920,"banner-height":2168,"block":"https:\/\/int.design\/wp-content\/uploads\/2021\/03\/Jean-S\u00e9bastian Morin_photo-900x680.jpg","block-width":900,"block-height":680,"card":"https:\/\/int.design\/wp-content\/uploads\/2021\/03\/Jean-S\u00e9bastian Morin_photo-560x495.jpg","card-width":560,"card-height":495,"card-thumbnail":"https:\/\/int.design\/wp-content\/uploads\/2021\/03\/Jean-S\u00e9bastian Morin_photo-450x340.jpg","card-thumbnail-width":450,"card-thumbnail-height":340,"conference":"https:\/\/int.design\/wp-content\/uploads\/2021\/03\/Jean-S\u00e9bastian Morin_photo-560x250.jpg","conference-width":560,"conference-height":250,"contest":"https:\/\/int.design\/wp-content\/uploads\/2021\/03\/Jean-S\u00e9bastian Morin_photo-960x400.jpg","contest-width":960,"contest-height":400,"cta":"https:\/\/int.design\/wp-content\/uploads\/2021\/03\/Jean-S\u00e9bastian Morin_photo-415x170.jpg","cta-width":415,"cta-height":170,"exhibitor":"https:\/\/int.design\/wp-content\/uploads\/2021\/03\/Jean-S\u00e9bastian Morin_photo-560x560.jpg","exhibitor-width":560,"exhibitor-height":560,"gallery":"https:\/\/int.design\/wp-content\/uploads\/2021\/03\/Jean-S\u00e9bastian Morin_photo-381x430.jpg","gallery-width":381,"gallery-height":430,"logo":"https:\/\/int.design\/wp-content\/uploads\/2021\/03\/Jean-S\u00e9bastian Morin_photo-89x100.jpg","logo-width":89,"logo-height":100,"masonry":"https:\/\/int.design\/wp-content\/uploads\/2021\/03\/Jean-S\u00e9bastian Morin_photo-550x621.jpg","masonry-width":550,"masonry-height":621,"modal":"https:\/\/int.design\/wp-content\/uploads\/2021\/03\/Jean-S\u00e9bastian Morin_photo-1700x1920.jpg","modal-width":1700,"modal-height":1920,"number":"https:\/\/int.design\/wp-content\/uploads\/2021\/03\/Jean-S\u00e9bastian Morin_photo-381x430.jpg","number-width":381,"number-height":430,"partner":"https:\/\/int.design\/wp-content\/uploads\/2021\/03\/Jean-S\u00e9bastian Morin_photo-186x210.jpg","partner-width":186,"partner-height":210,"ranking":"https:\/\/int.design\/wp-content\/uploads\/2021\/03\/Jean-S\u00e9bastian Morin_photo-960x540.jpg","ranking-width":960,"ranking-height":540,"schedule":"https:\/\/int.design\/wp-content\/uploads\/2021\/03\/Jean-S\u00e9bastian Morin_photo-960x360.jpg","schedule-width":960,"schedule-height":360,"slideshow":"https:\/\/int.design\/wp-content\/uploads\/2021\/03\/Jean-S\u00e9bastian Morin_photo-602x680.jpg","slideshow-width":602,"slideshow-height":680}},"file":{"ID":64993,"id":64993,"title":"CV_Jean-S\u00e9bastian Morin","filename":"CV_Jean-S\u00e9bastian Morin.pdf","filesize":0,"url":"https:\/\/d2q6z78khxmx42.cloudfront.net\/2021\/03\/CV_Jean-S\u00e9bastian Morin.pdf","link":"https:\/\/int.design\/fr\/projets\/construction-dune-nouvelle-ecole-primaire-2-12-a-mont-saint-hilaire\/cv_jean-sebastian-morin\/","alt":"","author":"733","description":"","caption":"","name":"cv_jean-sebastian-morin","status":"inherit","uploaded_to":63501,"date":"2021-03-01 20:03:59","modified":"2021-03-01 20:10:41","menu_order":0,"mime_type":"application\/pdf","type":"application","subtype":"pdf","icon":"https:\/\/int.design\/wp-includes\/images\/media\/document.png"}}],"cover":[{"categories":[383],"credit":"David Boyer","image":{"ID":64994,"id":64994,"title":"Ecole_St-Hillaire_couverture_David Boyer","filename":"Ecole_St-Hillaire_couverture_David Boyer-scaled.jpg","filesize":0,"url":"https:\/\/int.design\/wp-content\/uploads\/2021\/03\/Ecole_St-Hillaire_couverture_David Boyer-scaled.jpg","link":"https:\/\/int.design\/fr\/projets\/construction-dune-nouvelle-ecole-primaire-2-12-a-mont-saint-hilaire\/ecole_st-hillaire_couverture_david-boyer\/","alt":"","author":"733","description":"Construction d\u2019une nouvelle \u00e9cole primaire 2-12 \u00e0 Mont-Saint-Hilaire Provencher_Roy Les Services exp inc. gbi","caption":"","name":"ecole_st-hillaire_couverture_david-boyer","status":"inherit","uploaded_to":63501,"date":"2021-03-01 20:04:04","modified":"2022-02-08 13:39:13","menu_order":0,"mime_type":"image\/jpeg","type":"image","subtype":"jpeg","icon":"https:\/\/int.design\/wp-includes\/images\/media\/default.png","width":2560,"height":1707,"sizes":{"thumbnail":"https:\/\/int.design\/wp-content\/uploads\/2021\/03\/Ecole_St-Hillaire_couverture_David Boyer-150x150.jpg","thumbnail-width":150,"thumbnail-height":150,"medium":"https:\/\/int.design\/wp-content\/uploads\/2021\/03\/Ecole_St-Hillaire_couverture_David Boyer-300x200.jpg","medium-width":300,"medium-height":200,"medium_large":"https:\/\/int.design\/wp-content\/uploads\/2021\/03\/Ecole_St-Hillaire_couverture_David Boyer-768x512.jpg","medium_large-width":768,"medium_large-height":512,"large":"https:\/\/int.design\/wp-content\/uploads\/2021\/03\/Ecole_St-Hillaire_couverture_David Boyer-1024x683.jpg","large-width":1024,"large-height":683,"1536x1536":"https:\/\/int.design\/wp-content\/uploads\/2021\/03\/Ecole_St-Hillaire_couverture_David Boyer-1536x1024.jpg","1536x1536-width":1536,"1536x1536-height":1024,"2048x2048":"https:\/\/int.design\/wp-content\/uploads\/2021\/03\/Ecole_St-Hillaire_couverture_David Boyer-2048x1365.jpg","2048x2048-width":2048,"2048x2048-height":1365,"article":"https:\/\/int.design\/wp-content\/uploads\/2021\/03\/Ecole_St-Hillaire_couverture_David Boyer-960x540.jpg","article-width":960,"article-height":540,"banner":"https:\/\/int.design\/wp-content\/uploads\/2021\/03\/Ecole_St-Hillaire_couverture_David Boyer-1920x1280.jpg","banner-width":1920,"banner-height":1280,"block":"https:\/\/int.design\/wp-content\/uploads\/2021\/03\/Ecole_St-Hillaire_couverture_David Boyer-900x680.jpg","block-width":900,"block-height":680,"card":"https:\/\/int.design\/wp-content\/uploads\/2021\/03\/Ecole_St-Hillaire_couverture_David Boyer-560x495.jpg","card-width":560,"card-height":495,"card-thumbnail":"https:\/\/int.design\/wp-content\/uploads\/2021\/03\/Ecole_St-Hillaire_couverture_David Boyer-450x340.jpg","card-thumbnail-width":450,"card-thumbnail-height":340,"conference":"https:\/\/int.design\/wp-content\/uploads\/2021\/03\/Ecole_St-Hillaire_couverture_David Boyer-560x250.jpg","conference-width":560,"conference-height":250,"contest":"https:\/\/int.design\/wp-content\/uploads\/2021\/03\/Ecole_St-Hillaire_couverture_David Boyer-960x400.jpg","contest-width":960,"contest-height":400,"cta":"https:\/\/int.design\/wp-content\/uploads\/2021\/03\/Ecole_St-Hillaire_couverture_David Boyer-415x170.jpg","cta-width":415,"cta-height":170,"exhibitor":"https:\/\/int.design\/wp-content\/uploads\/2021\/03\/Ecole_St-Hillaire_couverture_David Boyer-560x560.jpg","exhibitor-width":560,"exhibitor-height":560,"gallery":"https:\/\/int.design\/wp-content\/uploads\/2021\/03\/Ecole_St-Hillaire_couverture_David Boyer-560x373.jpg","gallery-width":560,"gallery-height":373,"logo":"https:\/\/int.design\/wp-content\/uploads\/2021\/03\/Ecole_St-Hillaire_couverture_David Boyer-150x100.jpg","logo-width":150,"logo-height":100,"masonry":"https:\/\/int.design\/wp-content\/uploads\/2021\/03\/Ecole_St-Hillaire_couverture_David Boyer-550x367.jpg","masonry-width":550,"masonry-height":367,"modal":"https:\/\/int.design\/wp-content\/uploads\/2021\/03\/Ecole_St-Hillaire_couverture_David Boyer-1920x1280.jpg","modal-width":1920,"modal-height":1280,"number":"https:\/\/int.design\/wp-content\/uploads\/2021\/03\/Ecole_St-Hillaire_couverture_David Boyer-560x373.jpg","number-width":560,"number-height":373,"partner":"https:\/\/int.design\/wp-content\/uploads\/2021\/03\/Ecole_St-Hillaire_couverture_David Boyer-275x183.jpg","partner-width":275,"partner-height":183,"ranking":"https:\/\/int.design\/wp-content\/uploads\/2021\/03\/Ecole_St-Hillaire_couverture_David Boyer-960x540.jpg","ranking-width":960,"ranking-height":540,"schedule":"https:\/\/int.design\/wp-content\/uploads\/2021\/03\/Ecole_St-Hillaire_couverture_David Boyer-960x360.jpg","schedule-width":960,"schedule-height":360,"slideshow":"https:\/\/int.design\/wp-content\/uploads\/2021\/03\/Ecole_St-Hillaire_couverture_David Boyer-1020x680.jpg","slideshow-width":1020,"slideshow-height":680}},"filters":false,"suppliers":false,"attachment_category":{"1001":"B\u00e2timent public","100":"\u00c9ducation\/institution"}}],"images":[{"categories":[383],"credit":"David Boyer","image":{"ID":64995,"id":64995,"title":"Ecole_St-Hillaire_photo01_David Boyer","filename":"Ecole_St-Hillaire_photo01_David Boyer-scaled.jpg","filesize":0,"url":"https:\/\/int.design\/wp-content\/uploads\/2021\/03\/Ecole_St-Hillaire_photo01_David Boyer-scaled.jpg","link":"https:\/\/int.design\/fr\/projets\/construction-dune-nouvelle-ecole-primaire-2-12-a-mont-saint-hilaire\/ecole_st-hillaire_photo01_david-boyer\/","alt":"","author":"733","description":"Construction d\u2019une nouvelle \u00e9cole primaire 2-12 \u00e0 Mont-Saint-Hilaire Provencher_Roy Les Services exp inc. gbi","caption":"","name":"ecole_st-hillaire_photo01_david-boyer","status":"inherit","uploaded_to":63501,"date":"2021-03-01 20:04:53","modified":"2022-02-08 13:39:13","menu_order":0,"mime_type":"image\/jpeg","type":"image","subtype":"jpeg","icon":"https:\/\/int.design\/wp-includes\/images\/media\/default.png","width":2560,"height":1707,"sizes":{"thumbnail":"https:\/\/int.design\/wp-content\/uploads\/2021\/03\/Ecole_St-Hillaire_photo01_David Boyer-150x150.jpg","thumbnail-width":150,"thumbnail-height":150,"medium":"https:\/\/int.design\/wp-content\/uploads\/2021\/03\/Ecole_St-Hillaire_photo01_David Boyer-300x200.jpg","medium-width":300,"medium-height":200,"medium_large":"https:\/\/int.design\/wp-content\/uploads\/2021\/03\/Ecole_St-Hillaire_photo01_David Boyer-768x512.jpg","medium_large-width":768,"medium_large-height":512,"large":"https:\/\/int.design\/wp-content\/uploads\/2021\/03\/Ecole_St-Hillaire_photo01_David Boyer-1024x683.jpg","large-width":1024,"large-height":683,"1536x1536":"https:\/\/int.design\/wp-content\/uploads\/2021\/03\/Ecole_St-Hillaire_photo01_David Boyer-1536x1024.jpg","1536x1536-width":1536,"1536x1536-height":1024,"2048x2048":"https:\/\/int.design\/wp-content\/uploads\/2021\/03\/Ecole_St-Hillaire_photo01_David Boyer-2048x1365.jpg","2048x2048-width":2048,"2048x2048-height":1365,"article":"https:\/\/int.design\/wp-content\/uploads\/2021\/03\/Ecole_St-Hillaire_photo01_David Boyer-960x540.jpg","article-width":960,"article-height":540,"banner":"https:\/\/int.design\/wp-content\/uploads\/2021\/03\/Ecole_St-Hillaire_photo01_David Boyer-1920x1280.jpg","banner-width":1920,"banner-height":1280,"block":"https:\/\/int.design\/wp-content\/uploads\/2021\/03\/Ecole_St-Hillaire_photo01_David Boyer-900x680.jpg","block-width":900,"block-height":680,"card":"https:\/\/int.design\/wp-content\/uploads\/2021\/03\/Ecole_St-Hillaire_photo01_David Boyer-560x495.jpg","card-width":560,"card-height":495,"card-thumbnail":"https:\/\/int.design\/wp-content\/uploads\/2021\/03\/Ecole_St-Hillaire_photo01_David Boyer-450x340.jpg","card-thumbnail-width":450,"card-thumbnail-height":340,"conference":"https:\/\/int.design\/wp-content\/uploads\/2021\/03\/Ecole_St-Hillaire_photo01_David Boyer-560x250.jpg","conference-width":560,"conference-height":250,"contest":"https:\/\/int.design\/wp-content\/uploads\/2021\/03\/Ecole_St-Hillaire_photo01_David Boyer-960x400.jpg","contest-width":960,"contest-height":400,"cta":"https:\/\/int.design\/wp-content\/uploads\/2021\/03\/Ecole_St-Hillaire_photo01_David Boyer-415x170.jpg","cta-width":415,"cta-height":170,"exhibitor":"https:\/\/int.design\/wp-content\/uploads\/2021\/03\/Ecole_St-Hillaire_photo01_David Boyer-560x560.jpg","exhibitor-width":560,"exhibitor-height":560,"gallery":"https:\/\/int.design\/wp-content\/uploads\/2021\/03\/Ecole_St-Hillaire_photo01_David Boyer-560x373.jpg","gallery-width":560,"gallery-height":373,"logo":"https:\/\/int.design\/wp-content\/uploads\/2021\/03\/Ecole_St-Hillaire_photo01_David Boyer-150x100.jpg","logo-width":150,"logo-height":100,"masonry":"https:\/\/int.design\/wp-content\/uploads\/2021\/03\/Ecole_St-Hillaire_photo01_David Boyer-550x367.jpg","masonry-width":550,"masonry-height":367,"modal":"https:\/\/int.design\/wp-content\/uploads\/2021\/03\/Ecole_St-Hillaire_photo01_David Boyer-1920x1280.jpg","modal-width":1920,"modal-height":1280,"number":"https:\/\/int.design\/wp-content\/uploads\/2021\/03\/Ecole_St-Hillaire_photo01_David Boyer-560x373.jpg","number-width":560,"number-height":373,"partner":"https:\/\/int.design\/wp-content\/uploads\/2021\/03\/Ecole_St-Hillaire_photo01_David Boyer-275x183.jpg","partner-width":275,"partner-height":183,"ranking":"https:\/\/int.design\/wp-content\/uploads\/2021\/03\/Ecole_St-Hillaire_photo01_David Boyer-960x540.jpg","ranking-width":960,"ranking-height":540,"schedule":"https:\/\/int.design\/wp-content\/uploads\/2021\/03\/Ecole_St-Hillaire_photo01_David Boyer-960x360.jpg","schedule-width":960,"schedule-height":360,"slideshow":"https:\/\/int.design\/wp-content\/uploads\/2021\/03\/Ecole_St-Hillaire_photo01_David Boyer-1020x680.jpg","slideshow-width":1020,"slideshow-height":680}},"filters":false,"suppliers":false,"attachment_category":[]},{"categories":[383],"credit":"David Boyer","image":{"ID":64996,"id":64996,"title":"Ecole_St-Hillaire_photo02_David Boyer","filename":"Ecole_St-Hillaire_photo02_David Boyer-scaled.jpg","filesize":0,"url":"https:\/\/int.design\/wp-content\/uploads\/2021\/03\/Ecole_St-Hillaire_photo02_David Boyer-scaled.jpg","link":"https:\/\/int.design\/fr\/projets\/construction-dune-nouvelle-ecole-primaire-2-12-a-mont-saint-hilaire\/ecole_st-hillaire_photo02_david-boyer\/","alt":"","author":"733","description":"Construction d\u2019une nouvelle \u00e9cole primaire 2-12 \u00e0 Mont-Saint-Hilaire Provencher_Roy Les Services exp inc. gbi","caption":"","name":"ecole_st-hillaire_photo02_david-boyer","status":"inherit","uploaded_to":63501,"date":"2021-03-01 20:05:30","modified":"2022-02-08 13:39:13","menu_order":0,"mime_type":"image\/jpeg","type":"image","subtype":"jpeg","icon":"https:\/\/int.design\/wp-includes\/images\/media\/default.png","width":2560,"height":2560,"sizes":{"thumbnail":"https:\/\/int.design\/wp-content\/uploads\/2021\/03\/Ecole_St-Hillaire_photo02_David Boyer-150x150.jpg","thumbnail-width":150,"thumbnail-height":150,"medium":"https:\/\/int.design\/wp-content\/uploads\/2021\/03\/Ecole_St-Hillaire_photo02_David Boyer-300x300.jpg","medium-width":300,"medium-height":300,"medium_large":"https:\/\/int.design\/wp-content\/uploads\/2021\/03\/Ecole_St-Hillaire_photo02_David Boyer-768x768.jpg","medium_large-width":768,"medium_large-height":768,"large":"https:\/\/int.design\/wp-content\/uploads\/2021\/03\/Ecole_St-Hillaire_photo02_David Boyer-1024x1024.jpg","large-width":1024,"large-height":1024,"1536x1536":"https:\/\/int.design\/wp-content\/uploads\/2021\/03\/Ecole_St-Hillaire_photo02_David Boyer-1536x1536.jpg","1536x1536-width":1536,"1536x1536-height":1536,"2048x2048":"https:\/\/int.design\/wp-content\/uploads\/2021\/03\/Ecole_St-Hillaire_photo02_David Boyer-2048x2048.jpg","2048x2048-width":2048,"2048x2048-height":2048,"article":"https:\/\/int.design\/wp-content\/uploads\/2021\/03\/Ecole_St-Hillaire_photo02_David Boyer-960x540.jpg","article-width":960,"article-height":540,"banner":"https:\/\/int.design\/wp-content\/uploads\/2021\/03\/Ecole_St-Hillaire_photo02_David Boyer-1920x1921.jpg","banner-width":1920,"banner-height":1921,"block":"https:\/\/int.design\/wp-content\/uploads\/2021\/03\/Ecole_St-Hillaire_photo02_David Boyer-900x680.jpg","block-width":900,"block-height":680,"card":"https:\/\/int.design\/wp-content\/uploads\/2021\/03\/Ecole_St-Hillaire_photo02_David Boyer-560x495.jpg","card-width":560,"card-height":495,"card-thumbnail":"https:\/\/int.design\/wp-content\/uploads\/2021\/03\/Ecole_St-Hillaire_photo02_David Boyer-450x340.jpg","card-thumbnail-width":450,"card-thumbnail-height":340,"conference":"https:\/\/int.design\/wp-content\/uploads\/2021\/03\/Ecole_St-Hillaire_photo02_David Boyer-560x250.jpg","conference-width":560,"conference-height":250,"contest":"https:\/\/int.design\/wp-content\/uploads\/2021\/03\/Ecole_St-Hillaire_photo02_David Boyer-960x400.jpg","contest-width":960,"contest-height":400,"cta":"https:\/\/int.design\/wp-content\/uploads\/2021\/03\/Ecole_St-Hillaire_photo02_David Boyer-415x170.jpg","cta-width":415,"cta-height":170,"exhibitor":"https:\/\/int.design\/wp-content\/uploads\/2021\/03\/Ecole_St-Hillaire_photo02_David Boyer-560x560.jpg","exhibitor-width":560,"exhibitor-height":560,"gallery":"https:\/\/int.design\/wp-content\/uploads\/2021\/03\/Ecole_St-Hillaire_photo02_David Boyer-430x430.jpg","gallery-width":430,"gallery-height":430,"logo":"https:\/\/int.design\/wp-content\/uploads\/2021\/03\/Ecole_St-Hillaire_photo02_David Boyer-100x100.jpg","logo-width":100,"logo-height":100,"masonry":"https:\/\/int.design\/wp-content\/uploads\/2021\/03\/Ecole_St-Hillaire_photo02_David Boyer-550x550.jpg","masonry-width":550,"masonry-height":550,"modal":"https:\/\/int.design\/wp-content\/uploads\/2021\/03\/Ecole_St-Hillaire_photo02_David Boyer-1920x1920.jpg","modal-width":1920,"modal-height":1920,"number":"https:\/\/int.design\/wp-content\/uploads\/2021\/03\/Ecole_St-Hillaire_photo02_David Boyer-430x430.jpg","number-width":430,"number-height":430,"partner":"https:\/\/int.design\/wp-content\/uploads\/2021\/03\/Ecole_St-Hillaire_photo02_David Boyer-210x210.jpg","partner-width":210,"partner-height":210,"ranking":"https:\/\/int.design\/wp-content\/uploads\/2021\/03\/Ecole_St-Hillaire_photo02_David Boyer-960x540.jpg","ranking-width":960,"ranking-height":540,"schedule":"https:\/\/int.design\/wp-content\/uploads\/2021\/03\/Ecole_St-Hillaire_photo02_David Boyer-960x360.jpg","schedule-width":960,"schedule-height":360,"slideshow":"https:\/\/int.design\/wp-content\/uploads\/2021\/03\/Ecole_St-Hillaire_photo02_David Boyer-680x680.jpg","slideshow-width":680,"slideshow-height":680}},"filters":false,"suppliers":false,"attachment_category":[]},{"categories":[383],"credit":"David Boyer","image":{"ID":64997,"id":64997,"title":"Ecole_St-Hillaire_photo03_David Boyer","filename":"Ecole_St-Hillaire_photo03_David Boyer-scaled.jpg","filesize":0,"url":"https:\/\/int.design\/wp-content\/uploads\/2021\/03\/Ecole_St-Hillaire_photo03_David Boyer-scaled.jpg","link":"https:\/\/int.design\/fr\/projets\/construction-dune-nouvelle-ecole-primaire-2-12-a-mont-saint-hilaire\/ecole_st-hillaire_photo03_david-boyer\/","alt":"","author":"733","description":"Construction d\u2019une nouvelle \u00e9cole primaire 2-12 \u00e0 Mont-Saint-Hilaire Provencher_Roy Les Services exp inc. gbi","caption":"","name":"ecole_st-hillaire_photo03_david-boyer","status":"inherit","uploaded_to":63501,"date":"2021-03-01 20:06:20","modified":"2022-02-08 13:39:13","menu_order":0,"mime_type":"image\/jpeg","type":"image","subtype":"jpeg","icon":"https:\/\/int.design\/wp-includes\/images\/media\/default.png","width":2560,"height":2288,"sizes":{"thumbnail":"https:\/\/int.design\/wp-content\/uploads\/2021\/03\/Ecole_St-Hillaire_photo03_David Boyer-150x150.jpg","thumbnail-width":150,"thumbnail-height":150,"medium":"https:\/\/int.design\/wp-content\/uploads\/2021\/03\/Ecole_St-Hillaire_photo03_David Boyer-300x268.jpg","medium-width":300,"medium-height":268,"medium_large":"https:\/\/int.design\/wp-content\/uploads\/2021\/03\/Ecole_St-Hillaire_photo03_David Boyer-768x686.jpg","medium_large-width":768,"medium_large-height":686,"large":"https:\/\/int.design\/wp-content\/uploads\/2021\/03\/Ecole_St-Hillaire_photo03_David Boyer-1024x915.jpg","large-width":1024,"large-height":915,"1536x1536":"https:\/\/int.design\/wp-content\/uploads\/2021\/03\/Ecole_St-Hillaire_photo03_David Boyer-1536x1373.jpg","1536x1536-width":1536,"1536x1536-height":1373,"2048x2048":"https:\/\/int.design\/wp-content\/uploads\/2021\/03\/Ecole_St-Hillaire_photo03_David Boyer-2048x1830.jpg","2048x2048-width":2048,"2048x2048-height":1830,"article":"https:\/\/int.design\/wp-content\/uploads\/2021\/03\/Ecole_St-Hillaire_photo03_David Boyer-960x540.jpg","article-width":960,"article-height":540,"banner":"https:\/\/int.design\/wp-content\/uploads\/2021\/03\/Ecole_St-Hillaire_photo03_David Boyer-1920x1716.jpg","banner-width":1920,"banner-height":1716,"block":"https:\/\/int.design\/wp-content\/uploads\/2021\/03\/Ecole_St-Hillaire_photo03_David Boyer-900x680.jpg","block-width":900,"block-height":680,"card":"https:\/\/int.design\/wp-content\/uploads\/2021\/03\/Ecole_St-Hillaire_photo03_David Boyer-560x495.jpg","card-width":560,"card-height":495,"card-thumbnail":"https:\/\/int.design\/wp-content\/uploads\/2021\/03\/Ecole_St-Hillaire_photo03_David Boyer-450x340.jpg","card-thumbnail-width":450,"card-thumbnail-height":340,"conference":"https:\/\/int.design\/wp-content\/uploads\/2021\/03\/Ecole_St-Hillaire_photo03_David Boyer-560x250.jpg","conference-width":560,"conference-height":250,"contest":"https:\/\/int.design\/wp-content\/uploads\/2021\/03\/Ecole_St-Hillaire_photo03_David Boyer-960x400.jpg","contest-width":960,"contest-height":400,"cta":"https:\/\/int.design\/wp-content\/uploads\/2021\/03\/Ecole_St-Hillaire_photo03_David Boyer-415x170.jpg","cta-width":415,"cta-height":170,"exhibitor":"https:\/\/int.design\/wp-content\/uploads\/2021\/03\/Ecole_St-Hillaire_photo03_David Boyer-560x560.jpg","exhibitor-width":560,"exhibitor-height":560,"gallery":"https:\/\/int.design\/wp-content\/uploads\/2021\/03\/Ecole_St-Hillaire_photo03_David Boyer-481x430.jpg","gallery-width":481,"gallery-height":430,"logo":"https:\/\/int.design\/wp-content\/uploads\/2021\/03\/Ecole_St-Hillaire_photo03_David Boyer-112x100.jpg","logo-width":112,"logo-height":100,"masonry":"https:\/\/int.design\/wp-content\/uploads\/2021\/03\/Ecole_St-Hillaire_photo03_David Boyer-550x491.jpg","masonry-width":550,"masonry-height":491,"modal":"https:\/\/int.design\/wp-content\/uploads\/2021\/03\/Ecole_St-Hillaire_photo03_David Boyer-1920x1716.jpg","modal-width":1920,"modal-height":1716,"number":"https:\/\/int.design\/wp-content\/uploads\/2021\/03\/Ecole_St-Hillaire_photo03_David Boyer-481x430.jpg","number-width":481,"number-height":430,"partner":"https:\/\/int.design\/wp-content\/uploads\/2021\/03\/Ecole_St-Hillaire_photo03_David Boyer-235x210.jpg","partner-width":235,"partner-height":210,"ranking":"https:\/\/int.design\/wp-content\/uploads\/2021\/03\/Ecole_St-Hillaire_photo03_David Boyer-960x540.jpg","ranking-width":960,"ranking-height":540,"schedule":"https:\/\/int.design\/wp-content\/uploads\/2021\/03\/Ecole_St-Hillaire_photo03_David Boyer-960x360.jpg","schedule-width":960,"schedule-height":360,"slideshow":"https:\/\/int.design\/wp-content\/uploads\/2021\/03\/Ecole_St-Hillaire_photo03_David Boyer-761x680.jpg","slideshow-width":761,"slideshow-height":680}},"filters":false,"suppliers":false,"attachment_category":[]},{"categories":[383],"credit":"David Boyer","image":{"ID":64998,"id":64998,"title":"Ecole_St-Hillaire_photo04_David Boyer","filename":"Ecole_St-Hillaire_photo04_David Boyer-scaled.jpg","filesize":0,"url":"https:\/\/int.design\/wp-content\/uploads\/2021\/03\/Ecole_St-Hillaire_photo04_David Boyer-scaled.jpg","link":"https:\/\/int.design\/fr\/projets\/construction-dune-nouvelle-ecole-primaire-2-12-a-mont-saint-hilaire\/ecole_st-hillaire_photo04_david-boyer\/","alt":"","author":"733","description":"Construction d\u2019une nouvelle \u00e9cole primaire 2-12 \u00e0 Mont-Saint-Hilaire Provencher_Roy Les Services exp inc. gbi","caption":"","name":"ecole_st-hillaire_photo04_david-boyer","status":"inherit","uploaded_to":63501,"date":"2021-03-01 20:07:20","modified":"2022-02-08 13:39:13","menu_order":0,"mime_type":"image\/jpeg","type":"image","subtype":"jpeg","icon":"https:\/\/int.design\/wp-includes\/images\/media\/default.png","width":2560,"height":1853,"sizes":{"thumbnail":"https:\/\/int.design\/wp-content\/uploads\/2021\/03\/Ecole_St-Hillaire_photo04_David Boyer-150x150.jpg","thumbnail-width":150,"thumbnail-height":150,"medium":"https:\/\/int.design\/wp-content\/uploads\/2021\/03\/Ecole_St-Hillaire_photo04_David Boyer-300x217.jpg","medium-width":300,"medium-height":217,"medium_large":"https:\/\/int.design\/wp-content\/uploads\/2021\/03\/Ecole_St-Hillaire_photo04_David Boyer-768x556.jpg","medium_large-width":768,"medium_large-height":556,"large":"https:\/\/int.design\/wp-content\/uploads\/2021\/03\/Ecole_St-Hillaire_photo04_David Boyer-1024x741.jpg","large-width":1024,"large-height":741,"1536x1536":"https:\/\/int.design\/wp-content\/uploads\/2021\/03\/Ecole_St-Hillaire_photo04_David Boyer-1536x1112.jpg","1536x1536-width":1536,"1536x1536-height":1112,"2048x2048":"https:\/\/int.design\/wp-content\/uploads\/2021\/03\/Ecole_St-Hillaire_photo04_David Boyer-2048x1482.jpg","2048x2048-width":2048,"2048x2048-height":1482,"article":"https:\/\/int.design\/wp-content\/uploads\/2021\/03\/Ecole_St-Hillaire_photo04_David Boyer-960x540.jpg","article-width":960,"article-height":540,"banner":"https:\/\/int.design\/wp-content\/uploads\/2021\/03\/Ecole_St-Hillaire_photo04_David Boyer-1920x1390.jpg","banner-width":1920,"banner-height":1390,"block":"https:\/\/int.design\/wp-content\/uploads\/2021\/03\/Ecole_St-Hillaire_photo04_David Boyer-900x680.jpg","block-width":900,"block-height":680,"card":"https:\/\/int.design\/wp-content\/uploads\/2021\/03\/Ecole_St-Hillaire_photo04_David Boyer-560x495.jpg","card-width":560,"card-height":495,"card-thumbnail":"https:\/\/int.design\/wp-content\/uploads\/2021\/03\/Ecole_St-Hillaire_photo04_David Boyer-450x340.jpg","card-thumbnail-width":450,"card-thumbnail-height":340,"conference":"https:\/\/int.design\/wp-content\/uploads\/2021\/03\/Ecole_St-Hillaire_photo04_David Boyer-560x250.jpg","conference-width":560,"conference-height":250,"contest":"https:\/\/int.design\/wp-content\/uploads\/2021\/03\/Ecole_St-Hillaire_photo04_David Boyer-960x400.jpg","contest-width":960,"contest-height":400,"cta":"https:\/\/int.design\/wp-content\/uploads\/2021\/03\/Ecole_St-Hillaire_photo04_David Boyer-415x170.jpg","cta-width":415,"cta-height":170,"exhibitor":"https:\/\/int.design\/wp-content\/uploads\/2021\/03\/Ecole_St-Hillaire_photo04_David Boyer-560x560.jpg","exhibitor-width":560,"exhibitor-height":560,"gallery":"https:\/\/int.design\/wp-content\/uploads\/2021\/03\/Ecole_St-Hillaire_photo04_David Boyer-560x405.jpg","gallery-width":560,"gallery-height":405,"logo":"https:\/\/int.design\/wp-content\/uploads\/2021\/03\/Ecole_St-Hillaire_photo04_David Boyer-138x100.jpg","logo-width":138,"logo-height":100,"masonry":"https:\/\/int.design\/wp-content\/uploads\/2021\/03\/Ecole_St-Hillaire_photo04_David Boyer-550x398.jpg","masonry-width":550,"masonry-height":398,"modal":"https:\/\/int.design\/wp-content\/uploads\/2021\/03\/Ecole_St-Hillaire_photo04_David Boyer-1920x1390.jpg","modal-width":1920,"modal-height":1390,"number":"https:\/\/int.design\/wp-content\/uploads\/2021\/03\/Ecole_St-Hillaire_photo04_David Boyer-560x405.jpg","number-width":560,"number-height":405,"partner":"https:\/\/int.design\/wp-content\/uploads\/2021\/03\/Ecole_St-Hillaire_photo04_David Boyer-275x199.jpg","partner-width":275,"partner-height":199,"ranking":"https:\/\/int.design\/wp-content\/uploads\/2021\/03\/Ecole_St-Hillaire_photo04_David Boyer-960x540.jpg","ranking-width":960,"ranking-height":540,"schedule":"https:\/\/int.design\/wp-content\/uploads\/2021\/03\/Ecole_St-Hillaire_photo04_David Boyer-960x360.jpg","schedule-width":960,"schedule-height":360,"slideshow":"https:\/\/int.design\/wp-content\/uploads\/2021\/03\/Ecole_St-Hillaire_photo04_David Boyer-940x680.jpg","slideshow-width":940,"slideshow-height":680}},"filters":false,"suppliers":false,"attachment_category":[]},{"categories":[383],"credit":"David Boyer","image":{"ID":64999,"id":64999,"title":"Ecole_St-Hillaire_photo05_David Boyer","filename":"Ecole_St-Hillaire_photo05_David Boyer-scaled.jpg","filesize":0,"url":"https:\/\/int.design\/wp-content\/uploads\/2021\/03\/Ecole_St-Hillaire_photo05_David Boyer-scaled.jpg","link":"https:\/\/int.design\/fr\/projets\/construction-dune-nouvelle-ecole-primaire-2-12-a-mont-saint-hilaire\/ecole_st-hillaire_photo05_david-boyer\/","alt":"","author":"733","description":"Construction d\u2019une nouvelle \u00e9cole primaire 2-12 \u00e0 Mont-Saint-Hilaire Provencher_Roy Les Services exp inc. gbi","caption":"","name":"ecole_st-hillaire_photo05_david-boyer","status":"inherit","uploaded_to":63501,"date":"2021-03-01 20:08:03","modified":"2022-02-08 13:39:13","menu_order":0,"mime_type":"image\/jpeg","type":"image","subtype":"jpeg","icon":"https:\/\/int.design\/wp-includes\/images\/media\/default.png","width":2560,"height":1771,"sizes":{"thumbnail":"https:\/\/int.design\/wp-content\/uploads\/2021\/03\/Ecole_St-Hillaire_photo05_David Boyer-150x150.jpg","thumbnail-width":150,"thumbnail-height":150,"medium":"https:\/\/int.design\/wp-content\/uploads\/2021\/03\/Ecole_St-Hillaire_photo05_David Boyer-300x208.jpg","medium-width":300,"medium-height":208,"medium_large":"https:\/\/int.design\/wp-content\/uploads\/2021\/03\/Ecole_St-Hillaire_photo05_David Boyer-768x531.jpg","medium_large-width":768,"medium_large-height":531,"large":"https:\/\/int.design\/wp-content\/uploads\/2021\/03\/Ecole_St-Hillaire_photo05_David Boyer-1024x708.jpg","large-width":1024,"large-height":708,"1536x1536":"https:\/\/int.design\/wp-content\/uploads\/2021\/03\/Ecole_St-Hillaire_photo05_David Boyer-1536x1063.jpg","1536x1536-width":1536,"1536x1536-height":1063,"2048x2048":"https:\/\/int.design\/wp-content\/uploads\/2021\/03\/Ecole_St-Hillaire_photo05_David Boyer-2048x1417.jpg","2048x2048-width":2048,"2048x2048-height":1417,"article":"https:\/\/int.design\/wp-content\/uploads\/2021\/03\/Ecole_St-Hillaire_photo05_David Boyer-960x540.jpg","article-width":960,"article-height":540,"banner":"https:\/\/int.design\/wp-content\/uploads\/2021\/03\/Ecole_St-Hillaire_photo05_David Boyer-1920x1328.jpg","banner-width":1920,"banner-height":1328,"block":"https:\/\/int.design\/wp-content\/uploads\/2021\/03\/Ecole_St-Hillaire_photo05_David Boyer-900x680.jpg","block-width":900,"block-height":680,"card":"https:\/\/int.design\/wp-content\/uploads\/2021\/03\/Ecole_St-Hillaire_photo05_David Boyer-560x495.jpg","card-width":560,"card-height":495,"card-thumbnail":"https:\/\/int.design\/wp-content\/uploads\/2021\/03\/Ecole_St-Hillaire_photo05_David Boyer-450x340.jpg","card-thumbnail-width":450,"card-thumbnail-height":340,"conference":"https:\/\/int.design\/wp-content\/uploads\/2021\/03\/Ecole_St-Hillaire_photo05_David Boyer-560x250.jpg","conference-width":560,"conference-height":250,"contest":"https:\/\/int.design\/wp-content\/uploads\/2021\/03\/Ecole_St-Hillaire_photo05_David Boyer-960x400.jpg","contest-width":960,"contest-height":400,"cta":"https:\/\/int.design\/wp-content\/uploads\/2021\/03\/Ecole_St-Hillaire_photo05_David Boyer-415x170.jpg","cta-width":415,"cta-height":170,"exhibitor":"https:\/\/int.design\/wp-content\/uploads\/2021\/03\/Ecole_St-Hillaire_photo05_David Boyer-560x560.jpg","exhibitor-width":560,"exhibitor-height":560,"gallery":"https:\/\/int.design\/wp-content\/uploads\/2021\/03\/Ecole_St-Hillaire_photo05_David Boyer-560x387.jpg","gallery-width":560,"gallery-height":387,"logo":"https:\/\/int.design\/wp-content\/uploads\/2021\/03\/Ecole_St-Hillaire_photo05_David Boyer-145x100.jpg","logo-width":145,"logo-height":100,"masonry":"https:\/\/int.design\/wp-content\/uploads\/2021\/03\/Ecole_St-Hillaire_photo05_David Boyer-550x380.jpg","masonry-width":550,"masonry-height":380,"modal":"https:\/\/int.design\/wp-content\/uploads\/2021\/03\/Ecole_St-Hillaire_photo05_David Boyer-1920x1328.jpg","modal-width":1920,"modal-height":1328,"number":"https:\/\/int.design\/wp-content\/uploads\/2021\/03\/Ecole_St-Hillaire_photo05_David Boyer-560x387.jpg","number-width":560,"number-height":387,"partner":"https:\/\/int.design\/wp-content\/uploads\/2021\/03\/Ecole_St-Hillaire_photo05_David Boyer-275x190.jpg","partner-width":275,"partner-height":190,"ranking":"https:\/\/int.design\/wp-content\/uploads\/2021\/03\/Ecole_St-Hillaire_photo05_David Boyer-960x540.jpg","ranking-width":960,"ranking-height":540,"schedule":"https:\/\/int.design\/wp-content\/uploads\/2021\/03\/Ecole_St-Hillaire_photo05_David Boyer-960x360.jpg","schedule-width":960,"schedule-height":360,"slideshow":"https:\/\/int.design\/wp-content\/uploads\/2021\/03\/Ecole_St-Hillaire_photo05_David Boyer-983x680.jpg","slideshow-width":983,"slideshow-height":680}},"filters":false,"suppliers":false,"attachment_category":[]},{"categories":[383],"credit":"David Boyer","image":{"ID":65000,"id":65000,"title":"Ecole_St-Hillaire_photo06_David Boyer","filename":"Ecole_St-Hillaire_photo06_David Boyer-scaled.jpg","filesize":0,"url":"https:\/\/int.design\/wp-content\/uploads\/2021\/03\/Ecole_St-Hillaire_photo06_David Boyer-scaled.jpg","link":"https:\/\/int.design\/fr\/projets\/construction-dune-nouvelle-ecole-primaire-2-12-a-mont-saint-hilaire\/ecole_st-hillaire_photo06_david-boyer\/","alt":"","author":"733","description":"Construction d\u2019une nouvelle \u00e9cole primaire 2-12 \u00e0 Mont-Saint-Hilaire Provencher_Roy Les Services exp inc. gbi","caption":"","name":"ecole_st-hillaire_photo06_david-boyer","status":"inherit","uploaded_to":63501,"date":"2021-03-01 20:08:36","modified":"2022-02-08 13:39:13","menu_order":0,"mime_type":"image\/jpeg","type":"image","subtype":"jpeg","icon":"https:\/\/int.design\/wp-includes\/images\/media\/default.png","width":2560,"height":2152,"sizes":{"thumbnail":"https:\/\/int.design\/wp-content\/uploads\/2021\/03\/Ecole_St-Hillaire_photo06_David Boyer-150x150.jpg","thumbnail-width":150,"thumbnail-height":150,"medium":"https:\/\/int.design\/wp-content\/uploads\/2021\/03\/Ecole_St-Hillaire_photo06_David Boyer-300x252.jpg","medium-width":300,"medium-height":252,"medium_large":"https:\/\/int.design\/wp-content\/uploads\/2021\/03\/Ecole_St-Hillaire_photo06_David Boyer-768x645.jpg","medium_large-width":768,"medium_large-height":645,"large":"https:\/\/int.design\/wp-content\/uploads\/2021\/03\/Ecole_St-Hillaire_photo06_David Boyer-1024x861.jpg","large-width":1024,"large-height":861,"1536x1536":"https:\/\/int.design\/wp-content\/uploads\/2021\/03\/Ecole_St-Hillaire_photo06_David Boyer-1536x1291.jpg","1536x1536-width":1536,"1536x1536-height":1291,"2048x2048":"https:\/\/int.design\/wp-content\/uploads\/2021\/03\/Ecole_St-Hillaire_photo06_David Boyer-2048x1721.jpg","2048x2048-width":2048,"2048x2048-height":1721,"article":"https:\/\/int.design\/wp-content\/uploads\/2021\/03\/Ecole_St-Hillaire_photo06_David Boyer-960x540.jpg","article-width":960,"article-height":540,"banner":"https:\/\/int.design\/wp-content\/uploads\/2021\/03\/Ecole_St-Hillaire_photo06_David Boyer-1920x1614.jpg","banner-width":1920,"banner-height":1614,"block":"https:\/\/int.design\/wp-content\/uploads\/2021\/03\/Ecole_St-Hillaire_photo06_David Boyer-900x680.jpg","block-width":900,"block-height":680,"card":"https:\/\/int.design\/wp-content\/uploads\/2021\/03\/Ecole_St-Hillaire_photo06_David Boyer-560x495.jpg","card-width":560,"card-height":495,"card-thumbnail":"https:\/\/int.design\/wp-content\/uploads\/2021\/03\/Ecole_St-Hillaire_photo06_David Boyer-450x340.jpg","card-thumbnail-width":450,"card-thumbnail-height":340,"conference":"https:\/\/int.design\/wp-content\/uploads\/2021\/03\/Ecole_St-Hillaire_photo06_David Boyer-560x250.jpg","conference-width":560,"conference-height":250,"contest":"https:\/\/int.design\/wp-content\/uploads\/2021\/03\/Ecole_St-Hillaire_photo06_David Boyer-960x400.jpg","contest-width":960,"contest-height":400,"cta":"https:\/\/int.design\/wp-content\/uploads\/2021\/03\/Ecole_St-Hillaire_photo06_David Boyer-415x170.jpg","cta-width":415,"cta-height":170,"exhibitor":"https:\/\/int.design\/wp-content\/uploads\/2021\/03\/Ecole_St-Hillaire_photo06_David Boyer-560x560.jpg","exhibitor-width":560,"exhibitor-height":560,"gallery":"https:\/\/int.design\/wp-content\/uploads\/2021\/03\/Ecole_St-Hillaire_photo06_David Boyer-512x430.jpg","gallery-width":512,"gallery-height":430,"logo":"https:\/\/int.design\/wp-content\/uploads\/2021\/03\/Ecole_St-Hillaire_photo06_David Boyer-119x100.jpg","logo-width":119,"logo-height":100,"masonry":"https:\/\/int.design\/wp-content\/uploads\/2021\/03\/Ecole_St-Hillaire_photo06_David Boyer-550x462.jpg","masonry-width":550,"masonry-height":462,"modal":"https:\/\/int.design\/wp-content\/uploads\/2021\/03\/Ecole_St-Hillaire_photo06_David Boyer-1920x1614.jpg","modal-width":1920,"modal-height":1614,"number":"https:\/\/int.design\/wp-content\/uploads\/2021\/03\/Ecole_St-Hillaire_photo06_David Boyer-512x430.jpg","number-width":512,"number-height":430,"partner":"https:\/\/int.design\/wp-content\/uploads\/2021\/03\/Ecole_St-Hillaire_photo06_David Boyer-250x210.jpg","partner-width":250,"partner-height":210,"ranking":"https:\/\/int.design\/wp-content\/uploads\/2021\/03\/Ecole_St-Hillaire_photo06_David Boyer-960x540.jpg","ranking-width":960,"ranking-height":540,"schedule":"https:\/\/int.design\/wp-content\/uploads\/2021\/03\/Ecole_St-Hillaire_photo06_David Boyer-960x360.jpg","schedule-width":960,"schedule-height":360,"slideshow":"https:\/\/int.design\/wp-content\/uploads\/2021\/03\/Ecole_St-Hillaire_photo06_David Boyer-809x680.jpg","slideshow-width":809,"slideshow-height":680}},"filters":false,"suppliers":false,"attachment_category":[]},{"categories":[383],"credit":"David Boyer","image":{"ID":65001,"id":65001,"title":"Ecole_St-Hillaire_photo07_David Boyer","filename":"Ecole_St-Hillaire_photo07_David Boyer-scaled.jpg","filesize":0,"url":"https:\/\/int.design\/wp-content\/uploads\/2021\/03\/Ecole_St-Hillaire_photo07_David Boyer-scaled.jpg","link":"https:\/\/int.design\/fr\/projets\/construction-dune-nouvelle-ecole-primaire-2-12-a-mont-saint-hilaire\/ecole_st-hillaire_photo07_david-boyer\/","alt":"","author":"733","description":"Construction d\u2019une nouvelle \u00e9cole primaire 2-12 \u00e0 Mont-Saint-Hilaire Provencher_Roy Les Services exp inc. gbi","caption":"","name":"ecole_st-hillaire_photo07_david-boyer","status":"inherit","uploaded_to":63501,"date":"2021-03-01 20:09:18","modified":"2022-02-08 13:39:13","menu_order":0,"mime_type":"image\/jpeg","type":"image","subtype":"jpeg","icon":"https:\/\/int.design\/wp-includes\/images\/media\/default.png","width":2560,"height":1707,"sizes":{"thumbnail":"https:\/\/int.design\/wp-content\/uploads\/2021\/03\/Ecole_St-Hillaire_photo07_David Boyer-150x150.jpg","thumbnail-width":150,"thumbnail-height":150,"medium":"https:\/\/int.design\/wp-content\/uploads\/2021\/03\/Ecole_St-Hillaire_photo07_David Boyer-300x200.jpg","medium-width":300,"medium-height":200,"medium_large":"https:\/\/int.design\/wp-content\/uploads\/2021\/03\/Ecole_St-Hillaire_photo07_David Boyer-768x512.jpg","medium_large-width":768,"medium_large-height":512,"large":"https:\/\/int.design\/wp-content\/uploads\/2021\/03\/Ecole_St-Hillaire_photo07_David Boyer-1024x683.jpg","large-width":1024,"large-height":683,"1536x1536":"https:\/\/int.design\/wp-content\/uploads\/2021\/03\/Ecole_St-Hillaire_photo07_David Boyer-1536x1024.jpg","1536x1536-width":1536,"1536x1536-height":1024,"2048x2048":"https:\/\/int.design\/wp-content\/uploads\/2021\/03\/Ecole_St-Hillaire_photo07_David Boyer-2048x1365.jpg","2048x2048-width":2048,"2048x2048-height":1365,"article":"https:\/\/int.design\/wp-content\/uploads\/2021\/03\/Ecole_St-Hillaire_photo07_David Boyer-960x540.jpg","article-width":960,"article-height":540,"banner":"https:\/\/int.design\/wp-content\/uploads\/2021\/03\/Ecole_St-Hillaire_photo07_David Boyer-1920x1280.jpg","banner-width":1920,"banner-height":1280,"block":"https:\/\/int.design\/wp-content\/uploads\/2021\/03\/Ecole_St-Hillaire_photo07_David Boyer-900x680.jpg","block-width":900,"block-height":680,"card":"https:\/\/int.design\/wp-content\/uploads\/2021\/03\/Ecole_St-Hillaire_photo07_David Boyer-560x495.jpg","card-width":560,"card-height":495,"card-thumbnail":"https:\/\/int.design\/wp-content\/uploads\/2021\/03\/Ecole_St-Hillaire_photo07_David Boyer-450x340.jpg","card-thumbnail-width":450,"card-thumbnail-height":340,"conference":"https:\/\/int.design\/wp-content\/uploads\/2021\/03\/Ecole_St-Hillaire_photo07_David Boyer-560x250.jpg","conference-width":560,"conference-height":250,"contest":"https:\/\/int.design\/wp-content\/uploads\/2021\/03\/Ecole_St-Hillaire_photo07_David Boyer-960x400.jpg","contest-width":960,"contest-height":400,"cta":"https:\/\/int.design\/wp-content\/uploads\/2021\/03\/Ecole_St-Hillaire_photo07_David Boyer-415x170.jpg","cta-width":415,"cta-height":170,"exhibitor":"https:\/\/int.design\/wp-content\/uploads\/2021\/03\/Ecole_St-Hillaire_photo07_David Boyer-560x560.jpg","exhibitor-width":560,"exhibitor-height":560,"gallery":"https:\/\/int.design\/wp-content\/uploads\/2021\/03\/Ecole_St-Hillaire_photo07_David Boyer-560x373.jpg","gallery-width":560,"gallery-height":373,"logo":"https:\/\/int.design\/wp-content\/uploads\/2021\/03\/Ecole_St-Hillaire_photo07_David Boyer-150x100.jpg","logo-width":150,"logo-height":100,"masonry":"https:\/\/int.design\/wp-content\/uploads\/2021\/03\/Ecole_St-Hillaire_photo07_David Boyer-550x367.jpg","masonry-width":550,"masonry-height":367,"modal":"https:\/\/int.design\/wp-content\/uploads\/2021\/03\/Ecole_St-Hillaire_photo07_David Boyer-1920x1280.jpg","modal-width":1920,"modal-height":1280,"number":"https:\/\/int.design\/wp-content\/uploads\/2021\/03\/Ecole_St-Hillaire_photo07_David Boyer-560x373.jpg","number-width":560,"number-height":373,"partner":"https:\/\/int.design\/wp-content\/uploads\/2021\/03\/Ecole_St-Hillaire_photo07_David Boyer-275x183.jpg","partner-width":275,"partner-height":183,"ranking":"https:\/\/int.design\/wp-content\/uploads\/2021\/03\/Ecole_St-Hillaire_photo07_David Boyer-960x540.jpg","ranking-width":960,"ranking-height":540,"schedule":"https:\/\/int.design\/wp-content\/uploads\/2021\/03\/Ecole_St-Hillaire_photo07_David Boyer-960x360.jpg","schedule-width":960,"schedule-height":360,"slideshow":"https:\/\/int.design\/wp-content\/uploads\/2021\/03\/Ecole_St-Hillaire_photo07_David Boyer-1020x680.jpg","slideshow-width":1020,"slideshow-height":680}},"filters":false,"suppliers":false,"attachment_category":[]},{"categories":[383],"credit":"David Boyer","image":{"ID":65002,"id":65002,"title":"Ecole_St-Hillaire_photo08_David Boyer","filename":"Ecole_St-Hillaire_photo08_David Boyer-scaled.jpg","filesize":0,"url":"https:\/\/int.design\/wp-content\/uploads\/2021\/03\/Ecole_St-Hillaire_photo08_David Boyer-scaled.jpg","link":"https:\/\/int.design\/fr\/projets\/construction-dune-nouvelle-ecole-primaire-2-12-a-mont-saint-hilaire\/ecole_st-hillaire_photo08_david-boyer\/","alt":"","author":"733","description":"Construction d\u2019une nouvelle \u00e9cole primaire 2-12 \u00e0 Mont-Saint-Hilaire Provencher_Roy Les Services exp inc. gbi","caption":"","name":"ecole_st-hillaire_photo08_david-boyer","status":"inherit","uploaded_to":63501,"date":"2021-03-01 20:09:57","modified":"2022-02-08 13:39:13","menu_order":0,"mime_type":"image\/jpeg","type":"image","subtype":"jpeg","icon":"https:\/\/int.design\/wp-includes\/images\/media\/default.png","width":2560,"height":1688,"sizes":{"thumbnail":"https:\/\/int.design\/wp-content\/uploads\/2021\/03\/Ecole_St-Hillaire_photo08_David Boyer-150x150.jpg","thumbnail-width":150,"thumbnail-height":150,"medium":"https:\/\/int.design\/wp-content\/uploads\/2021\/03\/Ecole_St-Hillaire_photo08_David Boyer-300x198.jpg","medium-width":300,"medium-height":198,"medium_large":"https:\/\/int.design\/wp-content\/uploads\/2021\/03\/Ecole_St-Hillaire_photo08_David Boyer-768x506.jpg","medium_large-width":768,"medium_large-height":506,"large":"https:\/\/int.design\/wp-content\/uploads\/2021\/03\/Ecole_St-Hillaire_photo08_David Boyer-1024x675.jpg","large-width":1024,"large-height":675,"1536x1536":"https:\/\/int.design\/wp-content\/uploads\/2021\/03\/Ecole_St-Hillaire_photo08_David Boyer-1536x1013.jpg","1536x1536-width":1536,"1536x1536-height":1013,"2048x2048":"https:\/\/int.design\/wp-content\/uploads\/2021\/03\/Ecole_St-Hillaire_photo08_David Boyer-2048x1350.jpg","2048x2048-width":2048,"2048x2048-height":1350,"article":"https:\/\/int.design\/wp-content\/uploads\/2021\/03\/Ecole_St-Hillaire_photo08_David Boyer-960x540.jpg","article-width":960,"article-height":540,"banner":"https:\/\/int.design\/wp-content\/uploads\/2021\/03\/Ecole_St-Hillaire_photo08_David Boyer-1920x1266.jpg","banner-width":1920,"banner-height":1266,"block":"https:\/\/int.design\/wp-content\/uploads\/2021\/03\/Ecole_St-Hillaire_photo08_David Boyer-900x680.jpg","block-width":900,"block-height":680,"card":"https:\/\/int.design\/wp-content\/uploads\/2021\/03\/Ecole_St-Hillaire_photo08_David Boyer-560x495.jpg","card-width":560,"card-height":495,"card-thumbnail":"https:\/\/int.design\/wp-content\/uploads\/2021\/03\/Ecole_St-Hillaire_photo08_David Boyer-450x340.jpg","card-thumbnail-width":450,"card-thumbnail-height":340,"conference":"https:\/\/int.design\/wp-content\/uploads\/2021\/03\/Ecole_St-Hillaire_photo08_David Boyer-560x250.jpg","conference-width":560,"conference-height":250,"contest":"https:\/\/int.design\/wp-content\/uploads\/2021\/03\/Ecole_St-Hillaire_photo08_David Boyer-960x400.jpg","contest-width":960,"contest-height":400,"cta":"https:\/\/int.design\/wp-content\/uploads\/2021\/03\/Ecole_St-Hillaire_photo08_David Boyer-415x170.jpg","cta-width":415,"cta-height":170,"exhibitor":"https:\/\/int.design\/wp-content\/uploads\/2021\/03\/Ecole_St-Hillaire_photo08_David Boyer-560x560.jpg","exhibitor-width":560,"exhibitor-height":560,"gallery":"https:\/\/int.design\/wp-content\/uploads\/2021\/03\/Ecole_St-Hillaire_photo08_David Boyer-560x369.jpg","gallery-width":560,"gallery-height":369,"logo":"https:\/\/int.design\/wp-content\/uploads\/2021\/03\/Ecole_St-Hillaire_photo08_David Boyer-152x100.jpg","logo-width":152,"logo-height":100,"masonry":"https:\/\/int.design\/wp-content\/uploads\/2021\/03\/Ecole_St-Hillaire_photo08_David Boyer-550x363.jpg","masonry-width":550,"masonry-height":363,"modal":"https:\/\/int.design\/wp-content\/uploads\/2021\/03\/Ecole_St-Hillaire_photo08_David Boyer-1920x1266.jpg","modal-width":1920,"modal-height":1266,"number":"https:\/\/int.design\/wp-content\/uploads\/2021\/03\/Ecole_St-Hillaire_photo08_David Boyer-560x369.jpg","number-width":560,"number-height":369,"partner":"https:\/\/int.design\/wp-content\/uploads\/2021\/03\/Ecole_St-Hillaire_photo08_David Boyer-275x181.jpg","partner-width":275,"partner-height":181,"ranking":"https:\/\/int.design\/wp-content\/uploads\/2021\/03\/Ecole_St-Hillaire_photo08_David Boyer-960x540.jpg","ranking-width":960,"ranking-height":540,"schedule":"https:\/\/int.design\/wp-content\/uploads\/2021\/03\/Ecole_St-Hillaire_photo08_David Boyer-960x360.jpg","schedule-width":960,"schedule-height":360,"slideshow":"https:\/\/int.design\/wp-content\/uploads\/2021\/03\/Ecole_St-Hillaire_photo08_David Boyer-1031x680.jpg","slideshow-width":1031,"slideshow-height":680}},"filters":false,"suppliers":false,"attachment_category":[]},{"categories":[383],"credit":"David Boyer","image":{"ID":65005,"id":65005,"title":"Ecole_St-Hillaire_photo09_David Boyer","filename":"Ecole_St-Hillaire_photo09_David Boyer-scaled.jpg","filesize":0,"url":"https:\/\/int.design\/wp-content\/uploads\/2021\/03\/Ecole_St-Hillaire_photo09_David Boyer-scaled.jpg","link":"https:\/\/int.design\/fr\/projets\/construction-dune-nouvelle-ecole-primaire-2-12-a-mont-saint-hilaire\/ecole_st-hillaire_photo09_david-boyer\/","alt":"","author":"733","description":"Construction d\u2019une nouvelle \u00e9cole primaire 2-12 \u00e0 Mont-Saint-Hilaire Provencher_Roy Les Services exp inc. gbi","caption":"","name":"ecole_st-hillaire_photo09_david-boyer","status":"inherit","uploaded_to":63501,"date":"2021-03-01 20:18:37","modified":"2022-02-08 13:39:13","menu_order":0,"mime_type":"image\/jpeg","type":"image","subtype":"jpeg","icon":"https:\/\/int.design\/wp-includes\/images\/media\/default.png","width":2560,"height":1689,"sizes":{"thumbnail":"https:\/\/int.design\/wp-content\/uploads\/2021\/03\/Ecole_St-Hillaire_photo09_David Boyer-150x150.jpg","thumbnail-width":150,"thumbnail-height":150,"medium":"https:\/\/int.design\/wp-content\/uploads\/2021\/03\/Ecole_St-Hillaire_photo09_David Boyer-300x198.jpg","medium-width":300,"medium-height":198,"medium_large":"https:\/\/int.design\/wp-content\/uploads\/2021\/03\/Ecole_St-Hillaire_photo09_David Boyer-768x507.jpg","medium_large-width":768,"medium_large-height":507,"large":"https:\/\/int.design\/wp-content\/uploads\/2021\/03\/Ecole_St-Hillaire_photo09_David Boyer-1024x675.jpg","large-width":1024,"large-height":675,"1536x1536":"https:\/\/int.design\/wp-content\/uploads\/2021\/03\/Ecole_St-Hillaire_photo09_David Boyer-1536x1013.jpg","1536x1536-width":1536,"1536x1536-height":1013,"2048x2048":"https:\/\/int.design\/wp-content\/uploads\/2021\/03\/Ecole_St-Hillaire_photo09_David Boyer-2048x1351.jpg","2048x2048-width":2048,"2048x2048-height":1351,"article":"https:\/\/int.design\/wp-content\/uploads\/2021\/03\/Ecole_St-Hillaire_photo09_David Boyer-960x540.jpg","article-width":960,"article-height":540,"banner":"https:\/\/int.design\/wp-content\/uploads\/2021\/03\/Ecole_St-Hillaire_photo09_David Boyer-1920x1266.jpg","banner-width":1920,"banner-height":1266,"block":"https:\/\/int.design\/wp-content\/uploads\/2021\/03\/Ecole_St-Hillaire_photo09_David Boyer-900x680.jpg","block-width":900,"block-height":680,"card":"https:\/\/int.design\/wp-content\/uploads\/2021\/03\/Ecole_St-Hillaire_photo09_David Boyer-560x495.jpg","card-width":560,"card-height":495,"card-thumbnail":"https:\/\/int.design\/wp-content\/uploads\/2021\/03\/Ecole_St-Hillaire_photo09_David Boyer-450x340.jpg","card-thumbnail-width":450,"card-thumbnail-height":340,"conference":"https:\/\/int.design\/wp-content\/uploads\/2021\/03\/Ecole_St-Hillaire_photo09_David Boyer-560x250.jpg","conference-width":560,"conference-height":250,"contest":"https:\/\/int.design\/wp-content\/uploads\/2021\/03\/Ecole_St-Hillaire_photo09_David Boyer-960x400.jpg","contest-width":960,"contest-height":400,"cta":"https:\/\/int.design\/wp-content\/uploads\/2021\/03\/Ecole_St-Hillaire_photo09_David Boyer-415x170.jpg","cta-width":415,"cta-height":170,"exhibitor":"https:\/\/int.design\/wp-content\/uploads\/2021\/03\/Ecole_St-Hillaire_photo09_David Boyer-560x560.jpg","exhibitor-width":560,"exhibitor-height":560,"gallery":"https:\/\/int.design\/wp-content\/uploads\/2021\/03\/Ecole_St-Hillaire_photo09_David Boyer-560x369.jpg","gallery-width":560,"gallery-height":369,"logo":"https:\/\/int.design\/wp-content\/uploads\/2021\/03\/Ecole_St-Hillaire_photo09_David Boyer-152x100.jpg","logo-width":152,"logo-height":100,"masonry":"https:\/\/int.design\/wp-content\/uploads\/2021\/03\/Ecole_St-Hillaire_photo09_David Boyer-550x363.jpg","masonry-width":550,"masonry-height":363,"modal":"https:\/\/int.design\/wp-content\/uploads\/2021\/03\/Ecole_St-Hillaire_photo09_David Boyer-1920x1266.jpg","modal-width":1920,"modal-height":1266,"number":"https:\/\/int.design\/wp-content\/uploads\/2021\/03\/Ecole_St-Hillaire_photo09_David Boyer-560x369.jpg","number-width":560,"number-height":369,"partner":"https:\/\/int.design\/wp-content\/uploads\/2021\/03\/Ecole_St-Hillaire_photo09_David Boyer-275x181.jpg","partner-width":275,"partner-height":181,"ranking":"https:\/\/int.design\/wp-content\/uploads\/2021\/03\/Ecole_St-Hillaire_photo09_David Boyer-960x540.jpg","ranking-width":960,"ranking-height":540,"schedule":"https:\/\/int.design\/wp-content\/uploads\/2021\/03\/Ecole_St-Hillaire_photo09_David Boyer-960x360.jpg","schedule-width":960,"schedule-height":360,"slideshow":"https:\/\/int.design\/wp-content\/uploads\/2021\/03\/Ecole_St-Hillaire_photo09_David Boyer-1031x680.jpg","slideshow-width":1031,"slideshow-height":680}},"filters":false,"suppliers":false,"attachment_category":[]},{"categories":[383],"credit":"David Boyer","image":{"ID":65006,"id":65006,"title":"Ecole_St-Hillaire_photo10_David Boyer","filename":"Ecole_St-Hillaire_photo10_David Boyer-scaled.jpg","filesize":0,"url":"https:\/\/int.design\/wp-content\/uploads\/2021\/03\/Ecole_St-Hillaire_photo10_David Boyer-scaled.jpg","link":"https:\/\/int.design\/fr\/projets\/construction-dune-nouvelle-ecole-primaire-2-12-a-mont-saint-hilaire\/ecole_st-hillaire_photo10_david-boyer\/","alt":"","author":"733","description":"Construction d\u2019une nouvelle \u00e9cole primaire 2-12 \u00e0 Mont-Saint-Hilaire Provencher_Roy Les Services exp inc. gbi","caption":"","name":"ecole_st-hillaire_photo10_david-boyer","status":"inherit","uploaded_to":63501,"date":"2021-03-01 20:19:04","modified":"2022-02-08 13:39:13","menu_order":0,"mime_type":"image\/jpeg","type":"image","subtype":"jpeg","icon":"https:\/\/int.design\/wp-includes\/images\/media\/default.png","width":2560,"height":1697,"sizes":{"thumbnail":"https:\/\/int.design\/wp-content\/uploads\/2021\/03\/Ecole_St-Hillaire_photo10_David Boyer-150x150.jpg","thumbnail-width":150,"thumbnail-height":150,"medium":"https:\/\/int.design\/wp-content\/uploads\/2021\/03\/Ecole_St-Hillaire_photo10_David Boyer-300x199.jpg","medium-width":300,"medium-height":199,"medium_large":"https:\/\/int.design\/wp-content\/uploads\/2021\/03\/Ecole_St-Hillaire_photo10_David Boyer-768x509.jpg","medium_large-width":768,"medium_large-height":509,"large":"https:\/\/int.design\/wp-content\/uploads\/2021\/03\/Ecole_St-Hillaire_photo10_David Boyer-1024x679.jpg","large-width":1024,"large-height":679,"1536x1536":"https:\/\/int.design\/wp-content\/uploads\/2021\/03\/Ecole_St-Hillaire_photo10_David Boyer-1536x1018.jpg","1536x1536-width":1536,"1536x1536-height":1018,"2048x2048":"https:\/\/int.design\/wp-content\/uploads\/2021\/03\/Ecole_St-Hillaire_photo10_David Boyer-2048x1358.jpg","2048x2048-width":2048,"2048x2048-height":1358,"article":"https:\/\/int.design\/wp-content\/uploads\/2021\/03\/Ecole_St-Hillaire_photo10_David Boyer-960x540.jpg","article-width":960,"article-height":540,"banner":"https:\/\/int.design\/wp-content\/uploads\/2021\/03\/Ecole_St-Hillaire_photo10_David Boyer-1920x1273.jpg","banner-width":1920,"banner-height":1273,"block":"https:\/\/int.design\/wp-content\/uploads\/2021\/03\/Ecole_St-Hillaire_photo10_David Boyer-900x680.jpg","block-width":900,"block-height":680,"card":"https:\/\/int.design\/wp-content\/uploads\/2021\/03\/Ecole_St-Hillaire_photo10_David Boyer-560x495.jpg","card-width":560,"card-height":495,"card-thumbnail":"https:\/\/int.design\/wp-content\/uploads\/2021\/03\/Ecole_St-Hillaire_photo10_David Boyer-450x340.jpg","card-thumbnail-width":450,"card-thumbnail-height":340,"conference":"https:\/\/int.design\/wp-content\/uploads\/2021\/03\/Ecole_St-Hillaire_photo10_David Boyer-560x250.jpg","conference-width":560,"conference-height":250,"contest":"https:\/\/int.design\/wp-content\/uploads\/2021\/03\/Ecole_St-Hillaire_photo10_David Boyer-960x400.jpg","contest-width":960,"contest-height":400,"cta":"https:\/\/int.design\/wp-content\/uploads\/2021\/03\/Ecole_St-Hillaire_photo10_David Boyer-415x170.jpg","cta-width":415,"cta-height":170,"exhibitor":"https:\/\/int.design\/wp-content\/uploads\/2021\/03\/Ecole_St-Hillaire_photo10_David Boyer-560x560.jpg","exhibitor-width":560,"exhibitor-height":560,"gallery":"https:\/\/int.design\/wp-content\/uploads\/2021\/03\/Ecole_St-Hillaire_photo10_David Boyer-560x371.jpg","gallery-width":560,"gallery-height":371,"logo":"https:\/\/int.design\/wp-content\/uploads\/2021\/03\/Ecole_St-Hillaire_photo10_David Boyer-151x100.jpg","logo-width":151,"logo-height":100,"masonry":"https:\/\/int.design\/wp-content\/uploads\/2021\/03\/Ecole_St-Hillaire_photo10_David Boyer-550x365.jpg","masonry-width":550,"masonry-height":365,"modal":"https:\/\/int.design\/wp-content\/uploads\/2021\/03\/Ecole_St-Hillaire_photo10_David Boyer-1920x1273.jpg","modal-width":1920,"modal-height":1273,"number":"https:\/\/int.design\/wp-content\/uploads\/2021\/03\/Ecole_St-Hillaire_photo10_David Boyer-560x371.jpg","number-width":560,"number-height":371,"partner":"https:\/\/int.design\/wp-content\/uploads\/2021\/03\/Ecole_St-Hillaire_photo10_David Boyer-275x182.jpg","partner-width":275,"partner-height":182,"ranking":"https:\/\/int.design\/wp-content\/uploads\/2021\/03\/Ecole_St-Hillaire_photo10_David Boyer-960x540.jpg","ranking-width":960,"ranking-height":540,"schedule":"https:\/\/int.design\/wp-content\/uploads\/2021\/03\/Ecole_St-Hillaire_photo10_David Boyer-960x360.jpg","schedule-width":960,"schedule-height":360,"slideshow":"https:\/\/int.design\/wp-content\/uploads\/2021\/03\/Ecole_St-Hillaire_photo10_David Boyer-1026x680.jpg","slideshow-width":1026,"slideshow-height":680}},"filters":false,"suppliers":false,"attachment_category":[]}],"mandatory_documents":[{"name":"Plans d\u2019am\u00e9nagement et rendus","file":{"ID":65011,"id":65011,"title":"Ecole_St-Hillaire_documents supp_BBBL","filename":"Ecole_St-Hillaire_documents supp_BBBL.pdf","filesize":0,"url":"https:\/\/d2q6z78khxmx42.cloudfront.net\/2021\/03\/Ecole_St-Hillaire_documents supp_BBBL.pdf","link":"https:\/\/int.design\/fr\/projets\/construction-dune-nouvelle-ecole-primaire-2-12-a-mont-saint-hilaire\/ecole_st-hillaire_documents-supp_bbbl\/","alt":"","author":"733","description":"","caption":"","name":"ecole_st-hillaire_documents-supp_bbbl","status":"inherit","uploaded_to":63501,"date":"2021-03-01 20:30:13","modified":"2021-03-01 20:30:17","menu_order":0,"mime_type":"application\/pdf","type":"application","subtype":"pdf","icon":"https:\/\/int.design\/wp-includes\/images\/media\/document.png"}}],"optional_documents":false,"web_text":{"fr":"<p>Selon nous, l\u2019\u00e9cole du 21i\u00e8me si\u00e8cle se doit d\u2019\u00eatre un lieu de vie, ouvert et convivial, o\u00f9 on y apprend, aussi, \u00e0 \u00eatre des citoyens heureux. Il nous appara\u00eet fondamental, afin d\u2019atteindre cet objectif, de d\u00e9boulonner la notion de compartimentation du programme traditionnel dict\u00e9 par le M\u00c9ES et de d\u00e9cloisonner les composantes p\u00e9dagogiques afin de les \u00e9tendre \u00e0 l\u2019ensemble de l\u2019\u00e9cole. Toutes les parties du programme sont revues et adress\u00e9es comme des occasions et des lieux d\u2019apprentissage et devraient b\u00e9n\u00e9ficier, \u00e0 cette fin, d\u2019am\u00e9nagements flexibles, ouverts et adaptables aux besoins nouveaux. La salle de classe demeure cependant un lieu privil\u00e9gi\u00e9 d\u2019apprentissage et \u00e0 cette fin m\u00e9rite une attention particuli\u00e8re.<br \/>\nL\u2019\u00e9chelle du projet nous apparaissait aussi comme un \u00e9l\u00e9ment significatif \u00e0 adresser. Nous avons choisi de regrouper, en zone d\u2019apprentissage distincte, les 3 cycles du primaire. Chaque zone d\u2019apprentissage est assembl\u00e9e dans un doigt, reli\u00e9e par un axe de circulation formel, comprenant classes, locaux de r\u00e9ussite scolaire, espace polyvalent et biblioth\u00e8que d\u00e9cloisonn\u00e9s, bureau de PNE, bloc sanitaire, d\u00e9p\u00f4t et casiers.<br \/>\nLa nature, assez g\u00e9n\u00e9reuse sur le site choisi, doit faire partie int\u00e9grante de l\u2019espace p\u00e9dagogique. L\u2019implantation de la nouvelle \u00e9cole favorise l\u2019interp\u00e9n\u00e9tration des \u00e9l\u00e9ments naturels, compose avec la topographie singuli\u00e8re du lieu, et favorise, par son orientation, la p\u00e9n\u00e9tration de la lumi\u00e8re naturelle.<\/p>\n","en":"<p>In our opinion, the school of the 21st century must be a place for life, open and friendly, where we learn, also, to be citizens. In order to achieve this prime objective, it seems fundamental to us to break down the notion of compartmentalization of the traditional program dictated by M\u00c9ES and to open up the educational components in order to extend them to the entire school. All parts of the program are reviewed and addressed as learning opportunities and places and should benefit from flexible, open and adaptable arrangements for this purpose. The classroom, however, remains a privileged place of learning and for this purpose deserves special attention.<br \/>\nThe scale of the project seemed, for us, to be a significant element to address. We have chosen to group the three cycles of primary education into a separate learning zone. Each learning zone is assembled in a finger type unit, connected by a formal axis, including classes, educational success rooms, multipurpose space and open-plan library, PNE office, sanitary block, depot and lockers.<br \/>\nNature, quite generous on the chosen site, must be an integral part of the school. The establishment of the new school promotes the interpenetration of natural elements, composes with the singular topography of the place, and promotes, by its orientation, the penetration of natural light.<\/p>\n","original":""},"jury_text":[{"category":383,"fr":"<p>Selon nous, l\u2019\u00e9cole du 21i\u00e8me si\u00e8cle se doit d\u2019\u00eatre un lieu de vie, ouvert et convivial, o\u00f9 on y apprend, aussi, \u00e0 \u00eatre des citoyens heureux. Il nous appara\u00eet fondamental, afin d\u2019atteindre cet objectif, de d\u00e9boulonner la notion de compartimentation du programme traditionnel dict\u00e9 par le M\u00c9ES et de d\u00e9cloisonner les composantes p\u00e9dagogiques afin de les \u00e9tendre \u00e0 l\u2019ensemble de l\u2019\u00e9cole. Toutes les parties du programme sont revues et adress\u00e9es comme des occasions et des lieux d\u2019apprentissage et devraient b\u00e9n\u00e9ficier, \u00e0 cette fin, d\u2019am\u00e9nagements flexibles, ouverts et adaptables aux besoins nouveaux. La salle de classe demeure cependant un lieu privil\u00e9gi\u00e9 d\u2019apprentissage et \u00e0 cette fin m\u00e9rite une attention particuli\u00e8re.<br \/>\nL\u2019\u00e9chelle du projet nous apparaissait aussi comme un \u00e9l\u00e9ment significatif \u00e0 adresser. Nous avons choisi de regrouper, en zone d\u2019apprentissage distincte, les 3 cycles du primaire. Chaque zone d\u2019apprentissage est assembl\u00e9e dans un doigt, reli\u00e9e par un axe de circulation formel, comprenant classes, locaux de r\u00e9ussite scolaire, espace polyvalent et biblioth\u00e8que d\u00e9cloisonn\u00e9s, bureau de PNE, bloc sanitaire, d\u00e9p\u00f4t et casiers.<br \/>\nLa nature, assez g\u00e9n\u00e9reuse sur le site choisi, doit faire partie int\u00e9grante de l\u2019espace p\u00e9dagogique. L\u2019implantation de la nouvelle \u00e9cole favorise l\u2019interp\u00e9n\u00e9tration des \u00e9l\u00e9ments naturels, compose avec la topographie singuli\u00e8re du lieu, et favorise, par son orientation, la p\u00e9n\u00e9tration de la lumi\u00e8re naturelle.<\/p>\n","en":"<p>In our opinion, the school of the 21st century must be a place for life, open and friendly, where we learn, also, to be citizens. In order to achieve this prime objective, it seems fundamental to us to break down the notion of compartmentalization of the traditional program dictated by M\u00c9ES and to open up the educational components in order to extend them to the entire school. All parts of the program are reviewed and addressed as learning opportunities and places and should benefit from flexible, open and adaptable arrangements for this purpose. The classroom, however, remains a privileged place of learning and for this purpose deserves special attention.<br \/>\nThe scale of the project seemed, for us, to be a significant element to address. We have chosen to group the three cycles of primary education into a separate learning zone. Each learning zone is assembled in a finger type unit, connected by a formal axis, including classes, educational success rooms, multipurpose space and open-plan library, PNE office, sanitary block, depot and lockers.<br \/>\nNature, quite generous on the chosen site, must be an integral part of the school. The establishment of the new school promotes the interpenetration of natural elements, composes with the singular topography of the place, and promotes, by its orientation, the penetration of natural light.<\/p>\n","original":""}],"different_jury_text":false,"different_category_text":false},"laureats":[{"cat_id":383,"cat_id_laureat":1035,"laureat":"Certification Or"}],"contest_id":"1180","contest_title":"GRANDS PRIX DU DESIGN - 14e \u00e9dition","firms":[{"name":"Les Services exp inc.","website":"https:\/\/www.exp.com\/fr\/","category":"Ing\u00e9nierie","category_tax":false,"category_label":null},{"name":"gbi","website":"https:\/\/www.gbi.ca\/","category":"Ing\u00e9nierie","category_tax":false,"category_label":null}],"user":{"email":"c.landry@bbbl.ca","first_name":"Catherine","last_name":"Landry"},"doc_texts_web":{"fr":"","en":""},"permalinks":{"fr":"https:\/\/int.design\/fr\/projets\/construction-dune-nouvelle-ecole-primaire-2-12-a-mont-saint-hilaire\/","en":"https:\/\/int.design\/en\/projects\/construction-dune-nouvelle-ecole-primaire-2-12-a-mont-saint-hilaire\/"},"titles":{"fr":"Construction d\u2019une nouvelle \u00e9cole primaire 2-12 \u00e0 Mont-Saint-Hilaire","en":"Construction d\u2019une nouvelle \u00e9cole primaire 2-12 \u00e0 Mont-Saint-Hilaire"},"wp_fields":[],"laravel_id":""},"_links":{"self":[{"href":"https:\/\/int.design\/fr\/wp-json\/wp\/v2\/project\/63501","targetHints":{"allow":["GET"]}}],"collection":[{"href":"https:\/\/int.design\/fr\/wp-json\/wp\/v2\/project"}],"about":[{"href":"https:\/\/int.design\/fr\/wp-json\/wp\/v2\/types\/project"}],"wp:attachment":[{"href":"https:\/\/int.design\/fr\/wp-json\/wp\/v2\/media?parent=63501"}],"curies":[{"name":"wp","href":"https:\/\/api.w.org\/{rel}","templated":true}]}}