{"id":63204,"date":"2021-07-14T19:41:28","date_gmt":"2021-07-14T23:41:28","guid":{"rendered":"https:\/\/int.design\/?post_type=project&#038;p=63204"},"modified":"2021-08-19T12:19:44","modified_gmt":"2021-08-19T16:19:44","slug":"maison-intergenerationnelle-digne-dun-magazine-design","status":"publish","type":"project","link":"https:\/\/int.design\/fr\/projets\/maison-intergenerationnelle-digne-dun-magazine-design\/","title":{"rendered":"Maison interg\u00e9n\u00e9rationnelle digne d&rsquo;un magazine design"},"content":{"rendered":"","protected":false},"template":"","class_list":["post-63204","project","type-project","status-publish","hentry","project_category-design-dinterieur","project_category-residence","project_category-maison-intergenerationelle","project_category-cuisine","project_category-salle-de-bains"],"acf":[],"yoast_head":"<!-- This site is optimized with the Yoast SEO plugin v21.5 - https:\/\/yoast.com\/wordpress\/plugins\/seo\/ -->\n<title>Maison interg\u00e9n\u00e9rationnelle digne d&#039;un magazine design - INT Design<\/title>\n<meta name=\"robots\" content=\"index, follow, max-snippet:-1, max-image-preview:large, max-video-preview:-1\" \/>\n<link rel=\"canonical\" href=\"https:\/\/int.design\/fr\/projets\/maison-intergenerationnelle-digne-dun-magazine-design\/\" \/>\n<meta property=\"og:locale\" content=\"fr_FR\" \/>\n<meta property=\"og:type\" content=\"article\" \/>\n<meta property=\"og:title\" content=\"Maison interg\u00e9n\u00e9rationnelle digne d&#039;un magazine design - INT Design\" \/>\n<meta property=\"og:url\" content=\"https:\/\/int.design\/fr\/projets\/maison-intergenerationnelle-digne-dun-magazine-design\/\" \/>\n<meta property=\"og:site_name\" content=\"INT Design\" \/>\n<meta property=\"article:modified_time\" content=\"2021-08-19T16:19:44+00:00\" \/>\n<meta name=\"twitter:card\" content=\"summary_large_image\" \/>\n<script type=\"application\/ld+json\" class=\"yoast-schema-graph\">{\"@context\":\"https:\/\/schema.org\",\"@graph\":[{\"@type\":\"WebPage\",\"@id\":\"https:\/\/int.design\/fr\/projets\/maison-intergenerationnelle-digne-dun-magazine-design\/\",\"url\":\"https:\/\/int.design\/fr\/projets\/maison-intergenerationnelle-digne-dun-magazine-design\/\",\"name\":\"Maison interg\u00e9n\u00e9rationnelle digne d'un magazine design - INT Design\",\"isPartOf\":{\"@id\":\"https:\/\/int.design\/fr\/#website\"},\"datePublished\":\"2021-07-14T23:41:28+00:00\",\"dateModified\":\"2021-08-19T16:19:44+00:00\",\"breadcrumb\":{\"@id\":\"https:\/\/int.design\/fr\/projets\/maison-intergenerationnelle-digne-dun-magazine-design\/#breadcrumb\"},\"inLanguage\":\"fr-FR\",\"potentialAction\":[{\"@type\":\"ReadAction\",\"target\":[\"https:\/\/int.design\/fr\/projets\/maison-intergenerationnelle-digne-dun-magazine-design\/\"]}]},{\"@type\":\"BreadcrumbList\",\"@id\":\"https:\/\/int.design\/fr\/projets\/maison-intergenerationnelle-digne-dun-magazine-design\/#breadcrumb\",\"itemListElement\":[{\"@type\":\"ListItem\",\"position\":1,\"name\":\"Home\",\"item\":\"https:\/\/int.design\/fr\/\"},{\"@type\":\"ListItem\",\"position\":2,\"name\":\"Projects\",\"item\":\"https:\/\/int.design\/en\/projects\/\"},{\"@type\":\"ListItem\",\"position\":3,\"name\":\"Maison interg\u00e9n\u00e9rationnelle digne d&rsquo;un magazine design\"}]},{\"@type\":\"WebSite\",\"@id\":\"https:\/\/int.design\/fr\/#website\",\"url\":\"https:\/\/int.design\/fr\/\",\"name\":\"INT Design\",\"description\":\"\",\"potentialAction\":[{\"@type\":\"SearchAction\",\"target\":{\"@type\":\"EntryPoint\",\"urlTemplate\":\"https:\/\/int.design\/fr\/?s={search_term_string}\"},\"query-input\":\"required name=search_term_string\"}],\"inLanguage\":\"fr-FR\"}]}<\/script>\n<!-- \/ Yoast SEO plugin. -->","yoast_head_json":{"title":"Maison interg\u00e9n\u00e9rationnelle digne d'un magazine design - INT Design","robots":{"index":"index","follow":"follow","max-snippet":"max-snippet:-1","max-image-preview":"max-image-preview:large","max-video-preview":"max-video-preview:-1"},"canonical":"https:\/\/int.design\/fr\/projets\/maison-intergenerationnelle-digne-dun-magazine-design\/","og_locale":"fr_FR","og_type":"article","og_title":"Maison interg\u00e9n\u00e9rationnelle digne d'un magazine design - INT Design","og_url":"https:\/\/int.design\/fr\/projets\/maison-intergenerationnelle-digne-dun-magazine-design\/","og_site_name":"INT Design","article_modified_time":"2021-08-19T16:19:44+00:00","twitter_card":"summary_large_image","schema":{"@context":"https:\/\/schema.org","@graph":[{"@type":"WebPage","@id":"https:\/\/int.design\/fr\/projets\/maison-intergenerationnelle-digne-dun-magazine-design\/","url":"https:\/\/int.design\/fr\/projets\/maison-intergenerationnelle-digne-dun-magazine-design\/","name":"Maison interg\u00e9n\u00e9rationnelle digne d'un magazine design - INT Design","isPartOf":{"@id":"https:\/\/int.design\/fr\/#website"},"datePublished":"2021-07-14T23:41:28+00:00","dateModified":"2021-08-19T16:19:44+00:00","breadcrumb":{"@id":"https:\/\/int.design\/fr\/projets\/maison-intergenerationnelle-digne-dun-magazine-design\/#breadcrumb"},"inLanguage":"fr-FR","potentialAction":[{"@type":"ReadAction","target":["https:\/\/int.design\/fr\/projets\/maison-intergenerationnelle-digne-dun-magazine-design\/"]}]},{"@type":"BreadcrumbList","@id":"https:\/\/int.design\/fr\/projets\/maison-intergenerationnelle-digne-dun-magazine-design\/#breadcrumb","itemListElement":[{"@type":"ListItem","position":1,"name":"Home","item":"https:\/\/int.design\/fr\/"},{"@type":"ListItem","position":2,"name":"Projects","item":"https:\/\/int.design\/en\/projects\/"},{"@type":"ListItem","position":3,"name":"Maison interg\u00e9n\u00e9rationnelle digne d&rsquo;un magazine design"}]},{"@type":"WebSite","@id":"https:\/\/int.design\/fr\/#website","url":"https:\/\/int.design\/fr\/","name":"INT Design","description":"","potentialAction":[{"@type":"SearchAction","target":{"@type":"EntryPoint","urlTemplate":"https:\/\/int.design\/fr\/?s={search_term_string}"},"query-input":"required name=search_term_string"}],"inLanguage":"fr-FR"}]}},"entry":{"cats":{"disciplines":[{"id":123,"name":"Design d\u2019int\u00e9rieur"}],"big_cats":[{"id":129,"name":"R\u00e9sidence"}],"sub_cats":[{"id":428,"name":"Maison intergen\u00e9rationelle","parent":129},{"id":191,"name":"Cuisine","parent":129},{"id":192,"name":"Salle de bains","parent":129}]},"entry":{"":null,"status":"completed","winner_title":"Ktdesign","winner_prize_lang":"","title_translatable":false,"title_en":"","title_fr":"","releve_award":false,"releve_award_cv":false,"collaboration":false,"collaboration_firms":false,"other_firms":[{"name":"Armoire Ludem","website":"http:\/\/www.armoiresludem.com\/","category":"Autre","category_tax":false},{"name":"Claude Goyette Technologue en architecture","website":"https:\/\/cgta.business.site\/","category":"Autre","category_tax":false},{"name":"Les constructions Structek","website":"http:\/\/www.structek.ca\/","category":"Contracteur","category_tax":false},{"name":"Boutique Plomberie St Luc ","website":"http:\/\/www.plomberiest-luc.ca\/","category":"Plomberie","category_tax":false}],"owner":{"name":"Metras Jos\u00e9e et Duquette Guy","confidential":false,"website":"","contact_name":"","email":"structek@structek.ca","phone":""},"address":{"address":"377 rang Kempt","city":"Mont-Gr\u00e9goire ","region":"Mont\u00e9r\u00e9gie","province":"QC","country":"CA","postal_code":"J0J1K0"},"logos":false,"use_logo":false,"designers":[{"name":"Kim Trudeau","credit":"Sonia Balthazard Photographe","image":{"ID":63998,"id":63998,"title":"Kim 1","filename":"6_Kim 1-scaled.jpg","filesize":0,"url":"https:\/\/int.design\/wp-content\/uploads\/2021\/02\/6_Kim 1-scaled.jpg","link":"https:\/\/int.design\/fr\/projets\/maison-intergenerationnelle-digne-dun-magazine-design\/kim-1-2\/","alt":"","author":"735","description":"","caption":"","name":"kim-1-2","status":"inherit","uploaded_to":63204,"date":"2021-02-26 19:31:46","modified":"2021-02-26 19:32:02","menu_order":0,"mime_type":"image\/jpeg","type":"image","subtype":"jpeg","icon":"https:\/\/int.design\/wp-includes\/images\/media\/default.png","width":2560,"height":1707,"sizes":{"thumbnail":"https:\/\/int.design\/wp-content\/uploads\/2021\/02\/6_Kim 1-150x150.jpg","thumbnail-width":150,"thumbnail-height":150,"medium":"https:\/\/int.design\/wp-content\/uploads\/2021\/02\/6_Kim 1-300x200.jpg","medium-width":300,"medium-height":200,"medium_large":"https:\/\/int.design\/wp-content\/uploads\/2021\/02\/6_Kim 1-768x512.jpg","medium_large-width":768,"medium_large-height":512,"large":"https:\/\/int.design\/wp-content\/uploads\/2021\/02\/6_Kim 1-1024x683.jpg","large-width":1024,"large-height":683,"1536x1536":"https:\/\/int.design\/wp-content\/uploads\/2021\/02\/6_Kim 1-1536x1024.jpg","1536x1536-width":1536,"1536x1536-height":1024,"2048x2048":"https:\/\/int.design\/wp-content\/uploads\/2021\/02\/6_Kim 1-2048x1365.jpg","2048x2048-width":2048,"2048x2048-height":1365,"article":"https:\/\/int.design\/wp-content\/uploads\/2021\/02\/6_Kim 1-960x540.jpg","article-width":960,"article-height":540,"banner":"https:\/\/int.design\/wp-content\/uploads\/2021\/02\/6_Kim 1-1920x1280.jpg","banner-width":1920,"banner-height":1280,"block":"https:\/\/int.design\/wp-content\/uploads\/2021\/02\/6_Kim 1-900x680.jpg","block-width":900,"block-height":680,"card":"https:\/\/int.design\/wp-content\/uploads\/2021\/02\/6_Kim 1-560x495.jpg","card-width":560,"card-height":495,"card-thumbnail":"https:\/\/int.design\/wp-content\/uploads\/2021\/02\/6_Kim 1-450x340.jpg","card-thumbnail-width":450,"card-thumbnail-height":340,"conference":"https:\/\/int.design\/wp-content\/uploads\/2021\/02\/6_Kim 1-560x250.jpg","conference-width":560,"conference-height":250,"contest":"https:\/\/int.design\/wp-content\/uploads\/2021\/02\/6_Kim 1-960x400.jpg","contest-width":960,"contest-height":400,"cta":"https:\/\/int.design\/wp-content\/uploads\/2021\/02\/6_Kim 1-415x170.jpg","cta-width":415,"cta-height":170,"exhibitor":"https:\/\/int.design\/wp-content\/uploads\/2021\/02\/6_Kim 1-560x560.jpg","exhibitor-width":560,"exhibitor-height":560,"gallery":"https:\/\/int.design\/wp-content\/uploads\/2021\/02\/6_Kim 1-560x373.jpg","gallery-width":560,"gallery-height":373,"logo":"https:\/\/int.design\/wp-content\/uploads\/2021\/02\/6_Kim 1-150x100.jpg","logo-width":150,"logo-height":100,"masonry":"https:\/\/int.design\/wp-content\/uploads\/2021\/02\/6_Kim 1-550x367.jpg","masonry-width":550,"masonry-height":367,"modal":"https:\/\/int.design\/wp-content\/uploads\/2021\/02\/6_Kim 1-1920x1280.jpg","modal-width":1920,"modal-height":1280,"number":"https:\/\/int.design\/wp-content\/uploads\/2021\/02\/6_Kim 1-560x373.jpg","number-width":560,"number-height":373,"partner":"https:\/\/int.design\/wp-content\/uploads\/2021\/02\/6_Kim 1-275x183.jpg","partner-width":275,"partner-height":183,"ranking":"https:\/\/int.design\/wp-content\/uploads\/2021\/02\/6_Kim 1-960x540.jpg","ranking-width":960,"ranking-height":540,"schedule":"https:\/\/int.design\/wp-content\/uploads\/2021\/02\/6_Kim 1-960x360.jpg","schedule-width":960,"schedule-height":360,"slideshow":"https:\/\/int.design\/wp-content\/uploads\/2021\/02\/6_Kim 1-1020x680.jpg","slideshow-width":1020,"slideshow-height":680}},"file":{"ID":63999,"id":63999,"title":"KT_CV","filename":"6_KT_CV.pdf","filesize":0,"url":"https:\/\/d2q6z78khxmx42.cloudfront.net\/2021\/02\/6_KT_CV.pdf","link":"https:\/\/int.design\/fr\/projets\/maison-intergenerationnelle-digne-dun-magazine-design\/kt_cv-2\/","alt":"","author":"735","description":"","caption":"","name":"kt_cv-2","status":"inherit","uploaded_to":63204,"date":"2021-02-26 19:31:58","modified":"2021-02-26 19:32:02","menu_order":0,"mime_type":"application\/pdf","type":"application","subtype":"pdf","icon":"https:\/\/int.design\/wp-includes\/images\/media\/document.png"}}],"cover":[{"categories":[428],"credit":"Sonia Balthazard Photographe","image":{"ID":65007,"id":65007,"title":"Maison interge\u0301ne\u0301rationnelle","filename":"7_Maison interge\u0301ne\u0301rationnelle.jpg","filesize":0,"url":"https:\/\/d2q6z78khxmx42.cloudfront.net\/2021\/03\/7_Maison interge\u0301ne\u0301rationnelle.jpg","link":"https:\/\/int.design\/fr\/projets\/maison-intergenerationnelle-digne-dun-magazine-design\/maison-intergenerationnelle-3\/","alt":"","author":"735","description":"Maison interg\u00e9n\u00e9rationnelle digne d'un magazine design Ktdesign Armoire Ludem Claude Goyette Technologue en architecture Les constructions Structek Boutique Plomberie St Luc ","caption":"","name":"maison-intergenerationnelle-3","status":"inherit","uploaded_to":63204,"date":"2021-03-01 20:22:12","modified":"2022-02-08 12:18:38","menu_order":0,"mime_type":"image\/jpeg","type":"image","subtype":"jpeg","icon":"https:\/\/int.design\/wp-includes\/images\/media\/default.png","width":1920,"height":1280,"sizes":{"thumbnail":"https:\/\/d2q6z78khxmx42.cloudfront.net\/2021\/03\/7_Maison interge\u0301ne\u0301rationnelle-150x150.jpg","thumbnail-width":150,"thumbnail-height":150,"medium":"https:\/\/d2q6z78khxmx42.cloudfront.net\/2021\/03\/7_Maison interge\u0301ne\u0301rationnelle-300x200.jpg","medium-width":300,"medium-height":200,"medium_large":"https:\/\/d2q6z78khxmx42.cloudfront.net\/2021\/03\/7_Maison interge\u0301ne\u0301rationnelle-768x512.jpg","medium_large-width":768,"medium_large-height":512,"large":"https:\/\/d2q6z78khxmx42.cloudfront.net\/2021\/03\/7_Maison interge\u0301ne\u0301rationnelle-1024x683.jpg","large-width":1024,"large-height":683,"1536x1536":"https:\/\/d2q6z78khxmx42.cloudfront.net\/2021\/03\/7_Maison interge\u0301ne\u0301rationnelle-1536x1024.jpg","1536x1536-width":1536,"1536x1536-height":1024,"2048x2048":"https:\/\/d2q6z78khxmx42.cloudfront.net\/2021\/03\/7_Maison interge\u0301ne\u0301rationnelle.jpg","2048x2048-width":1920,"2048x2048-height":1280,"article":"https:\/\/d2q6z78khxmx42.cloudfront.net\/2021\/03\/7_Maison interge\u0301ne\u0301rationnelle-960x540.jpg","article-width":960,"article-height":540,"banner":"https:\/\/d2q6z78khxmx42.cloudfront.net\/2021\/03\/7_Maison interge\u0301ne\u0301rationnelle.jpg","banner-width":1920,"banner-height":1280,"block":"https:\/\/d2q6z78khxmx42.cloudfront.net\/2021\/03\/7_Maison interge\u0301ne\u0301rationnelle-900x680.jpg","block-width":900,"block-height":680,"card":"https:\/\/d2q6z78khxmx42.cloudfront.net\/2021\/03\/7_Maison interge\u0301ne\u0301rationnelle-560x495.jpg","card-width":560,"card-height":495,"card-thumbnail":"https:\/\/d2q6z78khxmx42.cloudfront.net\/2021\/03\/7_Maison interge\u0301ne\u0301rationnelle-450x340.jpg","card-thumbnail-width":450,"card-thumbnail-height":340,"conference":"https:\/\/d2q6z78khxmx42.cloudfront.net\/2021\/03\/7_Maison interge\u0301ne\u0301rationnelle-560x250.jpg","conference-width":560,"conference-height":250,"contest":"https:\/\/d2q6z78khxmx42.cloudfront.net\/2021\/03\/7_Maison interge\u0301ne\u0301rationnelle-960x400.jpg","contest-width":960,"contest-height":400,"cta":"https:\/\/d2q6z78khxmx42.cloudfront.net\/2021\/03\/7_Maison interge\u0301ne\u0301rationnelle-415x170.jpg","cta-width":415,"cta-height":170,"exhibitor":"https:\/\/d2q6z78khxmx42.cloudfront.net\/2021\/03\/7_Maison interge\u0301ne\u0301rationnelle-560x560.jpg","exhibitor-width":560,"exhibitor-height":560,"gallery":"https:\/\/d2q6z78khxmx42.cloudfront.net\/2021\/03\/7_Maison interge\u0301ne\u0301rationnelle-560x373.jpg","gallery-width":560,"gallery-height":373,"logo":"https:\/\/d2q6z78khxmx42.cloudfront.net\/2021\/03\/7_Maison interge\u0301ne\u0301rationnelle-150x100.jpg","logo-width":150,"logo-height":100,"masonry":"https:\/\/d2q6z78khxmx42.cloudfront.net\/2021\/03\/7_Maison interge\u0301ne\u0301rationnelle-550x367.jpg","masonry-width":550,"masonry-height":367,"modal":"https:\/\/d2q6z78khxmx42.cloudfront.net\/2021\/03\/7_Maison interge\u0301ne\u0301rationnelle.jpg","modal-width":1920,"modal-height":1280,"number":"https:\/\/d2q6z78khxmx42.cloudfront.net\/2021\/03\/cclNjkaU-7_Maison interge\u0301ne\u0301rationnelle-560x373.jpg","number-width":560,"number-height":373,"partner":"https:\/\/d2q6z78khxmx42.cloudfront.net\/2021\/03\/7_Maison interge\u0301ne\u0301rationnelle-275x183.jpg","partner-width":275,"partner-height":183,"ranking":"https:\/\/d2q6z78khxmx42.cloudfront.net\/2021\/03\/cclNjkaU-7_Maison interge\u0301ne\u0301rationnelle-960x540.jpg","ranking-width":960,"ranking-height":540,"schedule":"https:\/\/d2q6z78khxmx42.cloudfront.net\/2021\/03\/7_Maison interge\u0301ne\u0301rationnelle-960x360.jpg","schedule-width":960,"schedule-height":360,"slideshow":"https:\/\/d2q6z78khxmx42.cloudfront.net\/2021\/03\/7_Maison interge\u0301ne\u0301rationnelle-1020x680.jpg","slideshow-width":1020,"slideshow-height":680}},"filters":[1005,25,113,101,556],"suppliers":false,"attachment_category":{"2676":"Habitation (tous)","101":"H\u00e9bergement","556":"Paysage - R\u00e9sidentiel","25":"Rangement","1005":"R\u00e9sidence","113":"Salle \u00e0 manger"}},{"categories":[191],"credit":"Sonia Balthazard Photographe","image":{"ID":65008,"id":65008,"title":"Cuisine","filename":"6_Cuisine.jpg","filesize":0,"url":"https:\/\/d2q6z78khxmx42.cloudfront.net\/2021\/03\/6_Cuisine.jpg","link":"https:\/\/int.design\/fr\/projets\/maison-intergenerationnelle-digne-dun-magazine-design\/cuisine-4\/","alt":"","author":"735","description":"Maison interg\u00e9n\u00e9rationnelle digne d'un magazine design Ktdesign Armoire Ludem Claude Goyette Technologue en architecture Les constructions Structek Boutique Plomberie St Luc ","caption":"","name":"cuisine-4","status":"inherit","uploaded_to":63204,"date":"2021-03-01 20:22:18","modified":"2022-02-08 12:19:54","menu_order":0,"mime_type":"image\/jpeg","type":"image","subtype":"jpeg","icon":"https:\/\/int.design\/wp-includes\/images\/media\/default.png","width":1920,"height":1280,"sizes":{"thumbnail":"https:\/\/d2q6z78khxmx42.cloudfront.net\/2021\/03\/6_Cuisine-150x150.jpg","thumbnail-width":150,"thumbnail-height":150,"medium":"https:\/\/d2q6z78khxmx42.cloudfront.net\/2021\/03\/6_Cuisine-300x200.jpg","medium-width":300,"medium-height":200,"medium_large":"https:\/\/d2q6z78khxmx42.cloudfront.net\/2021\/03\/6_Cuisine-768x512.jpg","medium_large-width":768,"medium_large-height":512,"large":"https:\/\/d2q6z78khxmx42.cloudfront.net\/2021\/03\/6_Cuisine-1024x683.jpg","large-width":1024,"large-height":683,"1536x1536":"https:\/\/d2q6z78khxmx42.cloudfront.net\/2021\/03\/6_Cuisine-1536x1024.jpg","1536x1536-width":1536,"1536x1536-height":1024,"2048x2048":"https:\/\/d2q6z78khxmx42.cloudfront.net\/2021\/03\/6_Cuisine.jpg","2048x2048-width":1920,"2048x2048-height":1280,"article":"https:\/\/d2q6z78khxmx42.cloudfront.net\/2021\/03\/6_Cuisine-960x540.jpg","article-width":960,"article-height":540,"banner":"https:\/\/d2q6z78khxmx42.cloudfront.net\/2021\/03\/6_Cuisine.jpg","banner-width":1920,"banner-height":1280,"block":"https:\/\/d2q6z78khxmx42.cloudfront.net\/2021\/03\/6_Cuisine-900x680.jpg","block-width":900,"block-height":680,"card":"https:\/\/d2q6z78khxmx42.cloudfront.net\/2021\/03\/6_Cuisine-560x495.jpg","card-width":560,"card-height":495,"card-thumbnail":"https:\/\/d2q6z78khxmx42.cloudfront.net\/2021\/03\/6_Cuisine-450x340.jpg","card-thumbnail-width":450,"card-thumbnail-height":340,"conference":"https:\/\/d2q6z78khxmx42.cloudfront.net\/2021\/03\/6_Cuisine-560x250.jpg","conference-width":560,"conference-height":250,"contest":"https:\/\/d2q6z78khxmx42.cloudfront.net\/2021\/03\/6_Cuisine-960x400.jpg","contest-width":960,"contest-height":400,"cta":"https:\/\/d2q6z78khxmx42.cloudfront.net\/2021\/03\/6_Cuisine-415x170.jpg","cta-width":415,"cta-height":170,"exhibitor":"https:\/\/d2q6z78khxmx42.cloudfront.net\/2021\/03\/6_Cuisine-560x560.jpg","exhibitor-width":560,"exhibitor-height":560,"gallery":"https:\/\/d2q6z78khxmx42.cloudfront.net\/2021\/03\/6_Cuisine-560x373.jpg","gallery-width":560,"gallery-height":373,"logo":"https:\/\/d2q6z78khxmx42.cloudfront.net\/2021\/03\/6_Cuisine-150x100.jpg","logo-width":150,"logo-height":100,"masonry":"https:\/\/d2q6z78khxmx42.cloudfront.net\/2021\/03\/6_Cuisine-550x367.jpg","masonry-width":550,"masonry-height":367,"modal":"https:\/\/d2q6z78khxmx42.cloudfront.net\/2021\/03\/6_Cuisine.jpg","modal-width":1920,"modal-height":1280,"number":"https:\/\/d2q6z78khxmx42.cloudfront.net\/2021\/03\/TEMYIB3B-6_Cuisine-560x373.jpg","number-width":560,"number-height":373,"partner":"https:\/\/d2q6z78khxmx42.cloudfront.net\/2021\/03\/6_Cuisine-275x183.jpg","partner-width":275,"partner-height":183,"ranking":"https:\/\/d2q6z78khxmx42.cloudfront.net\/2021\/03\/TEMYIB3B-6_Cuisine-960x540.jpg","ranking-width":960,"ranking-height":540,"schedule":"https:\/\/d2q6z78khxmx42.cloudfront.net\/2021\/03\/6_Cuisine-960x360.jpg","schedule-width":960,"schedule-height":360,"slideshow":"https:\/\/d2q6z78khxmx42.cloudfront.net\/2021\/03\/6_Cuisine-1020x680.jpg","slideshow-width":1020,"slideshow-height":680}},"filters":[1005,23,25,101,556],"suppliers":false,"attachment_category":{"23":"Cuisine","101":"H\u00e9bergement","556":"Paysage - R\u00e9sidentiel","25":"Rangement","1005":"R\u00e9sidence"}},{"categories":[192],"credit":"Sonia Balthazard Photographe","image":{"ID":65009,"id":65009,"title":"Salle de bain","filename":"Salle de bain.jpg","filesize":0,"url":"https:\/\/d2q6z78khxmx42.cloudfront.net\/2021\/03\/Salle de bain.jpg","link":"https:\/\/int.design\/fr\/projets\/maison-intergenerationnelle-digne-dun-magazine-design\/salle-de-bain\/","alt":"","author":"735","description":"Maison interg\u00e9n\u00e9rationnelle digne d'un magazine design Ktdesign Armoire Ludem Claude Goyette Technologue en architecture Les constructions Structek Boutique Plomberie St Luc ","caption":"","name":"salle-de-bain","status":"inherit","uploaded_to":63204,"date":"2021-03-01 20:22:26","modified":"2022-02-08 12:19:54","menu_order":0,"mime_type":"image\/jpeg","type":"image","subtype":"jpeg","icon":"https:\/\/int.design\/wp-includes\/images\/media\/default.png","width":1865,"height":1280,"sizes":{"thumbnail":"https:\/\/d2q6z78khxmx42.cloudfront.net\/2021\/03\/Salle de bain-150x150.jpg","thumbnail-width":150,"thumbnail-height":150,"medium":"https:\/\/d2q6z78khxmx42.cloudfront.net\/2021\/03\/Salle de bain-300x206.jpg","medium-width":300,"medium-height":206,"medium_large":"https:\/\/d2q6z78khxmx42.cloudfront.net\/2021\/03\/Salle de bain-768x527.jpg","medium_large-width":768,"medium_large-height":527,"large":"https:\/\/d2q6z78khxmx42.cloudfront.net\/2021\/03\/Salle de bain-1024x703.jpg","large-width":1024,"large-height":703,"1536x1536":"https:\/\/d2q6z78khxmx42.cloudfront.net\/2021\/03\/Salle de bain-1536x1054.jpg","1536x1536-width":1536,"1536x1536-height":1054,"2048x2048":"https:\/\/d2q6z78khxmx42.cloudfront.net\/2021\/03\/Salle de bain.jpg","2048x2048-width":1865,"2048x2048-height":1280,"article":"https:\/\/d2q6z78khxmx42.cloudfront.net\/2021\/03\/Salle de bain-960x540.jpg","article-width":960,"article-height":540,"banner":"https:\/\/d2q6z78khxmx42.cloudfront.net\/2021\/03\/Salle de bain.jpg","banner-width":1865,"banner-height":1280,"block":"https:\/\/d2q6z78khxmx42.cloudfront.net\/2021\/03\/Salle de bain-900x680.jpg","block-width":900,"block-height":680,"card":"https:\/\/d2q6z78khxmx42.cloudfront.net\/2021\/03\/Salle de bain-560x495.jpg","card-width":560,"card-height":495,"card-thumbnail":"https:\/\/d2q6z78khxmx42.cloudfront.net\/2021\/03\/Salle de bain-450x340.jpg","card-thumbnail-width":450,"card-thumbnail-height":340,"conference":"https:\/\/d2q6z78khxmx42.cloudfront.net\/2021\/03\/Salle de bain-560x250.jpg","conference-width":560,"conference-height":250,"contest":"https:\/\/d2q6z78khxmx42.cloudfront.net\/2021\/03\/Salle de bain-960x400.jpg","contest-width":960,"contest-height":400,"cta":"https:\/\/d2q6z78khxmx42.cloudfront.net\/2021\/03\/Salle de bain-415x170.jpg","cta-width":415,"cta-height":170,"exhibitor":"https:\/\/d2q6z78khxmx42.cloudfront.net\/2021\/03\/Salle de bain-560x560.jpg","exhibitor-width":560,"exhibitor-height":560,"gallery":"https:\/\/d2q6z78khxmx42.cloudfront.net\/2021\/03\/Salle de bain-560x384.jpg","gallery-width":560,"gallery-height":384,"logo":"https:\/\/d2q6z78khxmx42.cloudfront.net\/2021\/03\/Salle de bain-146x100.jpg","logo-width":146,"logo-height":100,"masonry":"https:\/\/d2q6z78khxmx42.cloudfront.net\/2021\/03\/Salle de bain-550x377.jpg","masonry-width":550,"masonry-height":377,"modal":"https:\/\/d2q6z78khxmx42.cloudfront.net\/2021\/03\/Salle de bain.jpg","modal-width":1865,"modal-height":1280,"number":"https:\/\/d2q6z78khxmx42.cloudfront.net\/2021\/03\/zqFJIGmT-Salle de bain-560x384.jpg","number-width":560,"number-height":384,"partner":"https:\/\/d2q6z78khxmx42.cloudfront.net\/2021\/03\/Salle de bain-275x189.jpg","partner-width":275,"partner-height":189,"ranking":"https:\/\/d2q6z78khxmx42.cloudfront.net\/2021\/03\/zqFJIGmT-Salle de bain-960x540.jpg","ranking-width":960,"ranking-height":540,"schedule":"https:\/\/d2q6z78khxmx42.cloudfront.net\/2021\/03\/Salle de bain-960x360.jpg","schedule-width":960,"schedule-height":360,"slideshow":"https:\/\/d2q6z78khxmx42.cloudfront.net\/2021\/03\/Salle de bain-991x680.jpg","slideshow-width":991,"slideshow-height":680}},"filters":[1005,114,101,556],"suppliers":false,"attachment_category":{"101":"H\u00e9bergement","556":"Paysage - R\u00e9sidentiel","1005":"R\u00e9sidence","114":"Salle de bains"}}],"images":[{"categories":[191,428],"credit":"Sonia Balthazard Photographe","image":{"ID":63274,"id":63274,"title":"Cuisine 1 avec foyer propane lin\u00e9aire 2 ieme g\u00e9n\u00e9ration (1)","filename":"Cuisine 1 avec foyer propane lin\u00e9aire 2 ieme g\u00e9n\u00e9ration (1).jpg","filesize":0,"url":"https:\/\/d2q6z78khxmx42.cloudfront.net\/2021\/02\/Cuisine 1 avec foyer propane lin\u00e9aire 2 ieme g\u00e9n\u00e9ration (1).jpg","link":"https:\/\/int.design\/fr\/projets\/maison-intergenerationnelle-digne-dun-magazine-design\/cuisine-1-avec-foyer-propane-lineaire-2-ieme-generation-1\/","alt":"","author":"735","description":"Maison interg\u00e9n\u00e9rationnelle digne d'un magazine design Ktdesign Armoire Ludem Claude Goyette Technologue en architecture Les constructions Structek Boutique Plomberie St Luc ","caption":"","name":"cuisine-1-avec-foyer-propane-lineaire-2-ieme-generation-1","status":"inherit","uploaded_to":63204,"date":"2021-02-24 18:59:39","modified":"2022-02-08 12:19:54","menu_order":0,"mime_type":"image\/jpeg","type":"image","subtype":"jpeg","icon":"https:\/\/int.design\/wp-includes\/images\/media\/default.png","width":1920,"height":1280,"sizes":{"thumbnail":"https:\/\/d2q6z78khxmx42.cloudfront.net\/2021\/02\/Cuisine 1 avec foyer propane lin\u00e9aire 2 ieme g\u00e9n\u00e9ration (1)-150x150.jpg","thumbnail-width":150,"thumbnail-height":150,"medium":"https:\/\/d2q6z78khxmx42.cloudfront.net\/2021\/02\/Cuisine 1 avec foyer propane lin\u00e9aire 2 ieme g\u00e9n\u00e9ration (1)-300x200.jpg","medium-width":300,"medium-height":200,"medium_large":"https:\/\/d2q6z78khxmx42.cloudfront.net\/2021\/02\/Cuisine 1 avec foyer propane lin\u00e9aire 2 ieme g\u00e9n\u00e9ration (1)-768x512.jpg","medium_large-width":768,"medium_large-height":512,"large":"https:\/\/d2q6z78khxmx42.cloudfront.net\/2021\/02\/Cuisine 1 avec foyer propane lin\u00e9aire 2 ieme g\u00e9n\u00e9ration (1)-1024x683.jpg","large-width":1024,"large-height":683,"1536x1536":"https:\/\/d2q6z78khxmx42.cloudfront.net\/2021\/02\/Cuisine 1 avec foyer propane lin\u00e9aire 2 ieme g\u00e9n\u00e9ration (1)-1536x1024.jpg","1536x1536-width":1536,"1536x1536-height":1024,"2048x2048":"https:\/\/d2q6z78khxmx42.cloudfront.net\/2021\/02\/Cuisine 1 avec foyer propane lin\u00e9aire 2 ieme g\u00e9n\u00e9ration (1).jpg","2048x2048-width":1920,"2048x2048-height":1280,"article":"https:\/\/d2q6z78khxmx42.cloudfront.net\/2021\/02\/Cuisine 1 avec foyer propane lin\u00e9aire 2 ieme g\u00e9n\u00e9ration (1)-960x540.jpg","article-width":960,"article-height":540,"banner":"https:\/\/d2q6z78khxmx42.cloudfront.net\/2021\/02\/Cuisine 1 avec foyer propane lin\u00e9aire 2 ieme g\u00e9n\u00e9ration (1).jpg","banner-width":1920,"banner-height":1280,"block":"https:\/\/d2q6z78khxmx42.cloudfront.net\/2021\/02\/Cuisine 1 avec foyer propane lin\u00e9aire 2 ieme g\u00e9n\u00e9ration (1)-900x680.jpg","block-width":900,"block-height":680,"card":"https:\/\/d2q6z78khxmx42.cloudfront.net\/2021\/02\/Cuisine 1 avec foyer propane lin\u00e9aire 2 ieme g\u00e9n\u00e9ration (1)-560x495.jpg","card-width":560,"card-height":495,"card-thumbnail":"https:\/\/d2q6z78khxmx42.cloudfront.net\/2021\/02\/Cuisine 1 avec foyer propane lin\u00e9aire 2 ieme g\u00e9n\u00e9ration (1)-450x340.jpg","card-thumbnail-width":450,"card-thumbnail-height":340,"conference":"https:\/\/d2q6z78khxmx42.cloudfront.net\/2021\/02\/Cuisine 1 avec foyer propane lin\u00e9aire 2 ieme g\u00e9n\u00e9ration (1)-560x250.jpg","conference-width":560,"conference-height":250,"contest":"https:\/\/d2q6z78khxmx42.cloudfront.net\/2021\/02\/Cuisine 1 avec foyer propane lin\u00e9aire 2 ieme g\u00e9n\u00e9ration (1)-960x400.jpg","contest-width":960,"contest-height":400,"cta":"https:\/\/d2q6z78khxmx42.cloudfront.net\/2021\/02\/Cuisine 1 avec foyer propane lin\u00e9aire 2 ieme g\u00e9n\u00e9ration (1)-415x170.jpg","cta-width":415,"cta-height":170,"exhibitor":"https:\/\/d2q6z78khxmx42.cloudfront.net\/2021\/02\/Cuisine 1 avec foyer propane lin\u00e9aire 2 ieme g\u00e9n\u00e9ration (1)-560x560.jpg","exhibitor-width":560,"exhibitor-height":560,"gallery":"https:\/\/d2q6z78khxmx42.cloudfront.net\/2021\/02\/Cuisine 1 avec foyer propane lin\u00e9aire 2 ieme g\u00e9n\u00e9ration (1)-560x373.jpg","gallery-width":560,"gallery-height":373,"logo":"https:\/\/d2q6z78khxmx42.cloudfront.net\/2021\/02\/Cuisine 1 avec foyer propane lin\u00e9aire 2 ieme g\u00e9n\u00e9ration (1)-150x100.jpg","logo-width":150,"logo-height":100,"masonry":"https:\/\/d2q6z78khxmx42.cloudfront.net\/2021\/02\/Cuisine 1 avec foyer propane lin\u00e9aire 2 ieme g\u00e9n\u00e9ration (1)-550x367.jpg","masonry-width":550,"masonry-height":367,"modal":"https:\/\/d2q6z78khxmx42.cloudfront.net\/2021\/02\/Cuisine 1 avec foyer propane lin\u00e9aire 2 ieme g\u00e9n\u00e9ration (1).jpg","modal-width":1920,"modal-height":1280,"number":"https:\/\/d2q6z78khxmx42.cloudfront.net\/2021\/02\/olAlF311-Cuisine 1 avec foyer propane lin\u00e9aire 2 ieme g\u00e9n\u00e9ration (1)-560x373.jpg","number-width":560,"number-height":373,"partner":"https:\/\/d2q6z78khxmx42.cloudfront.net\/2021\/02\/Cuisine 1 avec foyer propane lin\u00e9aire 2 ieme g\u00e9n\u00e9ration (1)-275x183.jpg","partner-width":275,"partner-height":183,"ranking":"https:\/\/d2q6z78khxmx42.cloudfront.net\/2021\/02\/olAlF311-Cuisine 1 avec foyer propane lin\u00e9aire 2 ieme g\u00e9n\u00e9ration (1)-960x540.jpg","ranking-width":960,"ranking-height":540,"schedule":"https:\/\/d2q6z78khxmx42.cloudfront.net\/2021\/02\/Cuisine 1 avec foyer propane lin\u00e9aire 2 ieme g\u00e9n\u00e9ration (1)-960x360.jpg","schedule-width":960,"schedule-height":360,"slideshow":"https:\/\/d2q6z78khxmx42.cloudfront.net\/2021\/02\/Cuisine 1 avec foyer propane lin\u00e9aire 2 ieme g\u00e9n\u00e9ration (1)-1020x680.jpg","slideshow-width":1020,"slideshow-height":680}},"filters":[1007,23,556],"suppliers":false,"attachment_category":[]},{"categories":[191,428],"credit":"Sonia Balthazard Photographe","image":{"ID":63276,"id":63276,"title":"Cuisine 1 vue sur le garde manger walk inn 2 i\u00e9me g\u00e9n\u00e9ration","filename":"6_Cuisine 1 vue sur le garde manger walk inn 2 i\u00e9me g\u00e9n\u00e9ration.jpg","filesize":0,"url":"https:\/\/d2q6z78khxmx42.cloudfront.net\/2021\/02\/6_Cuisine 1 vue sur le garde manger walk inn 2 i\u00e9me g\u00e9n\u00e9ration.jpg","link":"https:\/\/int.design\/fr\/projets\/maison-intergenerationnelle-digne-dun-magazine-design\/cuisine-1-vue-sur-le-garde-manger-walk-inn-2-ieme-generation-2\/","alt":"","author":"735","description":"Maison interg\u00e9n\u00e9rationnelle digne d'un magazine design Ktdesign Armoire Ludem Claude Goyette Technologue en architecture Les constructions Structek Boutique Plomberie St Luc ","caption":"","name":"cuisine-1-vue-sur-le-garde-manger-walk-inn-2-ieme-generation-2","status":"inherit","uploaded_to":63204,"date":"2021-02-24 19:01:32","modified":"2022-02-08 12:19:54","menu_order":0,"mime_type":"image\/jpeg","type":"image","subtype":"jpeg","icon":"https:\/\/int.design\/wp-includes\/images\/media\/default.png","width":1920,"height":1280,"sizes":{"thumbnail":"https:\/\/d2q6z78khxmx42.cloudfront.net\/2021\/02\/6_Cuisine 1 vue sur le garde manger walk inn 2 i\u00e9me g\u00e9n\u00e9ration-150x150.jpg","thumbnail-width":150,"thumbnail-height":150,"medium":"https:\/\/d2q6z78khxmx42.cloudfront.net\/2021\/02\/6_Cuisine 1 vue sur le garde manger walk inn 2 i\u00e9me g\u00e9n\u00e9ration-300x200.jpg","medium-width":300,"medium-height":200,"medium_large":"https:\/\/d2q6z78khxmx42.cloudfront.net\/2021\/02\/6_Cuisine 1 vue sur le garde manger walk inn 2 i\u00e9me g\u00e9n\u00e9ration-768x512.jpg","medium_large-width":768,"medium_large-height":512,"large":"https:\/\/d2q6z78khxmx42.cloudfront.net\/2021\/02\/6_Cuisine 1 vue sur le garde manger walk inn 2 i\u00e9me g\u00e9n\u00e9ration-1024x683.jpg","large-width":1024,"large-height":683,"1536x1536":"https:\/\/d2q6z78khxmx42.cloudfront.net\/2021\/02\/6_Cuisine 1 vue sur le garde manger walk inn 2 i\u00e9me g\u00e9n\u00e9ration-1536x1024.jpg","1536x1536-width":1536,"1536x1536-height":1024,"2048x2048":"https:\/\/d2q6z78khxmx42.cloudfront.net\/2021\/02\/6_Cuisine 1 vue sur le garde manger walk inn 2 i\u00e9me g\u00e9n\u00e9ration.jpg","2048x2048-width":1920,"2048x2048-height":1280,"article":"https:\/\/d2q6z78khxmx42.cloudfront.net\/2021\/02\/6_Cuisine 1 vue sur le garde manger walk inn 2 i\u00e9me g\u00e9n\u00e9ration-960x540.jpg","article-width":960,"article-height":540,"banner":"https:\/\/d2q6z78khxmx42.cloudfront.net\/2021\/02\/6_Cuisine 1 vue sur le garde manger walk inn 2 i\u00e9me g\u00e9n\u00e9ration.jpg","banner-width":1920,"banner-height":1280,"block":"https:\/\/d2q6z78khxmx42.cloudfront.net\/2021\/02\/6_Cuisine 1 vue sur le garde manger walk inn 2 i\u00e9me g\u00e9n\u00e9ration-900x680.jpg","block-width":900,"block-height":680,"card":"https:\/\/d2q6z78khxmx42.cloudfront.net\/2021\/02\/6_Cuisine 1 vue sur le garde manger walk inn 2 i\u00e9me g\u00e9n\u00e9ration-560x495.jpg","card-width":560,"card-height":495,"card-thumbnail":"https:\/\/d2q6z78khxmx42.cloudfront.net\/2021\/02\/6_Cuisine 1 vue sur le garde manger walk inn 2 i\u00e9me g\u00e9n\u00e9ration-450x340.jpg","card-thumbnail-width":450,"card-thumbnail-height":340,"conference":"https:\/\/d2q6z78khxmx42.cloudfront.net\/2021\/02\/6_Cuisine 1 vue sur le garde manger walk inn 2 i\u00e9me g\u00e9n\u00e9ration-560x250.jpg","conference-width":560,"conference-height":250,"contest":"https:\/\/d2q6z78khxmx42.cloudfront.net\/2021\/02\/6_Cuisine 1 vue sur le garde manger walk inn 2 i\u00e9me g\u00e9n\u00e9ration-960x400.jpg","contest-width":960,"contest-height":400,"cta":"https:\/\/d2q6z78khxmx42.cloudfront.net\/2021\/02\/6_Cuisine 1 vue sur le garde manger walk inn 2 i\u00e9me g\u00e9n\u00e9ration-415x170.jpg","cta-width":415,"cta-height":170,"exhibitor":"https:\/\/d2q6z78khxmx42.cloudfront.net\/2021\/02\/6_Cuisine 1 vue sur le garde manger walk inn 2 i\u00e9me g\u00e9n\u00e9ration-560x560.jpg","exhibitor-width":560,"exhibitor-height":560,"gallery":"https:\/\/d2q6z78khxmx42.cloudfront.net\/2021\/02\/6_Cuisine 1 vue sur le garde manger walk inn 2 i\u00e9me g\u00e9n\u00e9ration-560x373.jpg","gallery-width":560,"gallery-height":373,"logo":"https:\/\/d2q6z78khxmx42.cloudfront.net\/2021\/02\/6_Cuisine 1 vue sur le garde manger walk inn 2 i\u00e9me g\u00e9n\u00e9ration-150x100.jpg","logo-width":150,"logo-height":100,"masonry":"https:\/\/d2q6z78khxmx42.cloudfront.net\/2021\/02\/6_Cuisine 1 vue sur le garde manger walk inn 2 i\u00e9me g\u00e9n\u00e9ration-550x367.jpg","masonry-width":550,"masonry-height":367,"modal":"https:\/\/d2q6z78khxmx42.cloudfront.net\/2021\/02\/6_Cuisine 1 vue sur le garde manger walk inn 2 i\u00e9me g\u00e9n\u00e9ration.jpg","modal-width":1920,"modal-height":1280,"number":"https:\/\/d2q6z78khxmx42.cloudfront.net\/2021\/02\/nc2qS8At-6_Cuisine 1 vue sur le garde manger walk inn 2 i\u00e9me g\u00e9n\u00e9ration-560x373.jpg","number-width":560,"number-height":373,"partner":"https:\/\/d2q6z78khxmx42.cloudfront.net\/2021\/02\/6_Cuisine 1 vue sur le garde manger walk inn 2 i\u00e9me g\u00e9n\u00e9ration-275x183.jpg","partner-width":275,"partner-height":183,"ranking":"https:\/\/d2q6z78khxmx42.cloudfront.net\/2021\/02\/nc2qS8At-6_Cuisine 1 vue sur le garde manger walk inn 2 i\u00e9me g\u00e9n\u00e9ration-960x540.jpg","ranking-width":960,"ranking-height":540,"schedule":"https:\/\/d2q6z78khxmx42.cloudfront.net\/2021\/02\/6_Cuisine 1 vue sur le garde manger walk inn 2 i\u00e9me g\u00e9n\u00e9ration-960x360.jpg","schedule-width":960,"schedule-height":360,"slideshow":"https:\/\/d2q6z78khxmx42.cloudfront.net\/2021\/02\/6_Cuisine 1 vue sur le garde manger walk inn 2 i\u00e9me g\u00e9n\u00e9ration-1020x680.jpg","slideshow-width":1020,"slideshow-height":680}},"filters":[1007,23,25,556],"suppliers":false,"attachment_category":[]},{"categories":[191,428],"credit":"","image":{"ID":63277,"id":63277,"title":"Garde manger walk inn cuisine 1 2 i\u00e8me g\u00e9n\u00e9ration (1)","filename":"Garde manger walk inn cuisine 1 2 i\u00e8me g\u00e9n\u00e9ration (1).jpg","filesize":0,"url":"https:\/\/d2q6z78khxmx42.cloudfront.net\/2021\/02\/Garde manger walk inn cuisine 1 2 i\u00e8me g\u00e9n\u00e9ration (1).jpg","link":"https:\/\/int.design\/fr\/projets\/maison-intergenerationnelle-digne-dun-magazine-design\/garde-manger-walk-inn-cuisine-1-2-ieme-generation-1\/","alt":"","author":"735","description":"Maison interg\u00e9n\u00e9rationnelle digne d'un magazine design Ktdesign Armoire Ludem Claude Goyette Technologue en architecture Les constructions Structek Boutique Plomberie St Luc ","caption":"","name":"garde-manger-walk-inn-cuisine-1-2-ieme-generation-1","status":"inherit","uploaded_to":63204,"date":"2021-02-24 19:02:34","modified":"2022-02-08 12:19:54","menu_order":0,"mime_type":"image\/jpeg","type":"image","subtype":"jpeg","icon":"https:\/\/int.design\/wp-includes\/images\/media\/default.png","width":1920,"height":1280,"sizes":{"thumbnail":"https:\/\/d2q6z78khxmx42.cloudfront.net\/2021\/02\/Garde manger walk inn cuisine 1 2 i\u00e8me g\u00e9n\u00e9ration (1)-150x150.jpg","thumbnail-width":150,"thumbnail-height":150,"medium":"https:\/\/d2q6z78khxmx42.cloudfront.net\/2021\/02\/Garde manger walk inn cuisine 1 2 i\u00e8me g\u00e9n\u00e9ration (1)-300x200.jpg","medium-width":300,"medium-height":200,"medium_large":"https:\/\/d2q6z78khxmx42.cloudfront.net\/2021\/02\/Garde manger walk inn cuisine 1 2 i\u00e8me g\u00e9n\u00e9ration (1)-768x512.jpg","medium_large-width":768,"medium_large-height":512,"large":"https:\/\/d2q6z78khxmx42.cloudfront.net\/2021\/02\/Garde manger walk inn cuisine 1 2 i\u00e8me g\u00e9n\u00e9ration (1)-1024x683.jpg","large-width":1024,"large-height":683,"1536x1536":"https:\/\/d2q6z78khxmx42.cloudfront.net\/2021\/02\/Garde manger walk inn cuisine 1 2 i\u00e8me g\u00e9n\u00e9ration (1)-1536x1024.jpg","1536x1536-width":1536,"1536x1536-height":1024,"2048x2048":"https:\/\/d2q6z78khxmx42.cloudfront.net\/2021\/02\/Garde manger walk inn cuisine 1 2 i\u00e8me g\u00e9n\u00e9ration (1).jpg","2048x2048-width":1920,"2048x2048-height":1280,"article":"https:\/\/d2q6z78khxmx42.cloudfront.net\/2021\/02\/Garde manger walk inn cuisine 1 2 i\u00e8me g\u00e9n\u00e9ration (1)-960x540.jpg","article-width":960,"article-height":540,"banner":"https:\/\/d2q6z78khxmx42.cloudfront.net\/2021\/02\/Garde manger walk inn cuisine 1 2 i\u00e8me g\u00e9n\u00e9ration (1).jpg","banner-width":1920,"banner-height":1280,"block":"https:\/\/d2q6z78khxmx42.cloudfront.net\/2021\/02\/Garde manger walk inn cuisine 1 2 i\u00e8me g\u00e9n\u00e9ration (1)-900x680.jpg","block-width":900,"block-height":680,"card":"https:\/\/d2q6z78khxmx42.cloudfront.net\/2021\/02\/Garde manger walk inn cuisine 1 2 i\u00e8me g\u00e9n\u00e9ration (1)-560x495.jpg","card-width":560,"card-height":495,"card-thumbnail":"https:\/\/d2q6z78khxmx42.cloudfront.net\/2021\/02\/Garde manger walk inn cuisine 1 2 i\u00e8me g\u00e9n\u00e9ration (1)-450x340.jpg","card-thumbnail-width":450,"card-thumbnail-height":340,"conference":"https:\/\/d2q6z78khxmx42.cloudfront.net\/2021\/02\/Garde manger walk inn cuisine 1 2 i\u00e8me g\u00e9n\u00e9ration (1)-560x250.jpg","conference-width":560,"conference-height":250,"contest":"https:\/\/d2q6z78khxmx42.cloudfront.net\/2021\/02\/Garde manger walk inn cuisine 1 2 i\u00e8me g\u00e9n\u00e9ration (1)-960x400.jpg","contest-width":960,"contest-height":400,"cta":"https:\/\/d2q6z78khxmx42.cloudfront.net\/2021\/02\/Garde manger walk inn cuisine 1 2 i\u00e8me g\u00e9n\u00e9ration (1)-415x170.jpg","cta-width":415,"cta-height":170,"exhibitor":"https:\/\/d2q6z78khxmx42.cloudfront.net\/2021\/02\/Garde manger walk inn cuisine 1 2 i\u00e8me g\u00e9n\u00e9ration (1)-560x560.jpg","exhibitor-width":560,"exhibitor-height":560,"gallery":"https:\/\/d2q6z78khxmx42.cloudfront.net\/2021\/02\/Garde manger walk inn cuisine 1 2 i\u00e8me g\u00e9n\u00e9ration (1)-560x373.jpg","gallery-width":560,"gallery-height":373,"logo":"https:\/\/d2q6z78khxmx42.cloudfront.net\/2021\/02\/Garde manger walk inn cuisine 1 2 i\u00e8me g\u00e9n\u00e9ration (1)-150x100.jpg","logo-width":150,"logo-height":100,"masonry":"https:\/\/d2q6z78khxmx42.cloudfront.net\/2021\/02\/Garde manger walk inn cuisine 1 2 i\u00e8me g\u00e9n\u00e9ration (1)-550x367.jpg","masonry-width":550,"masonry-height":367,"modal":"https:\/\/d2q6z78khxmx42.cloudfront.net\/2021\/02\/Garde manger walk inn cuisine 1 2 i\u00e8me g\u00e9n\u00e9ration (1).jpg","modal-width":1920,"modal-height":1280,"number":"https:\/\/d2q6z78khxmx42.cloudfront.net\/2021\/02\/DLD262Ei-Garde manger walk inn cuisine 1 2 i\u00e8me g\u00e9n\u00e9ration (1)-560x373.jpg","number-width":560,"number-height":373,"partner":"https:\/\/d2q6z78khxmx42.cloudfront.net\/2021\/02\/Garde manger walk inn cuisine 1 2 i\u00e8me g\u00e9n\u00e9ration (1)-275x183.jpg","partner-width":275,"partner-height":183,"ranking":"https:\/\/d2q6z78khxmx42.cloudfront.net\/2021\/02\/DLD262Ei-Garde manger walk inn cuisine 1 2 i\u00e8me g\u00e9n\u00e9ration (1)-960x540.jpg","ranking-width":960,"ranking-height":540,"schedule":"https:\/\/d2q6z78khxmx42.cloudfront.net\/2021\/02\/Garde manger walk inn cuisine 1 2 i\u00e8me g\u00e9n\u00e9ration (1)-960x360.jpg","schedule-width":960,"schedule-height":360,"slideshow":"https:\/\/d2q6z78khxmx42.cloudfront.net\/2021\/02\/Garde manger walk inn cuisine 1 2 i\u00e8me g\u00e9n\u00e9ration (1)-1020x680.jpg","slideshow-width":1020,"slideshow-height":680}},"filters":[1007,23,25,556,83],"suppliers":false,"attachment_category":[]},{"categories":[191,428],"credit":"Sonia Balthazard Photographe","image":{"ID":63282,"id":63282,"title":"Cuisine 1 iere g\u00e9n\u00e9ration","filename":"Cuisine 1 iere g\u00e9n\u00e9ration.jpg","filesize":0,"url":"https:\/\/d2q6z78khxmx42.cloudfront.net\/2021\/02\/Cuisine 1 iere g\u00e9n\u00e9ration.jpg","link":"https:\/\/int.design\/fr\/projets\/maison-intergenerationnelle-digne-dun-magazine-design\/cuisine-1-iere-generation\/","alt":"","author":"735","description":"Maison interg\u00e9n\u00e9rationnelle digne d'un magazine design Ktdesign Armoire Ludem Claude Goyette Technologue en architecture Les constructions Structek Boutique Plomberie St Luc ","caption":"","name":"cuisine-1-iere-generation","status":"inherit","uploaded_to":63204,"date":"2021-02-24 19:15:22","modified":"2022-02-08 12:19:54","menu_order":0,"mime_type":"image\/jpeg","type":"image","subtype":"jpeg","icon":"https:\/\/int.design\/wp-includes\/images\/media\/default.png","width":1920,"height":1280,"sizes":{"thumbnail":"https:\/\/d2q6z78khxmx42.cloudfront.net\/2021\/02\/Cuisine 1 iere g\u00e9n\u00e9ration-150x150.jpg","thumbnail-width":150,"thumbnail-height":150,"medium":"https:\/\/d2q6z78khxmx42.cloudfront.net\/2021\/02\/Cuisine 1 iere g\u00e9n\u00e9ration-300x200.jpg","medium-width":300,"medium-height":200,"medium_large":"https:\/\/d2q6z78khxmx42.cloudfront.net\/2021\/02\/Cuisine 1 iere g\u00e9n\u00e9ration-768x512.jpg","medium_large-width":768,"medium_large-height":512,"large":"https:\/\/d2q6z78khxmx42.cloudfront.net\/2021\/02\/Cuisine 1 iere g\u00e9n\u00e9ration-1024x683.jpg","large-width":1024,"large-height":683,"1536x1536":"https:\/\/d2q6z78khxmx42.cloudfront.net\/2021\/02\/Cuisine 1 iere g\u00e9n\u00e9ration-1536x1024.jpg","1536x1536-width":1536,"1536x1536-height":1024,"2048x2048":"https:\/\/d2q6z78khxmx42.cloudfront.net\/2021\/02\/Cuisine 1 iere g\u00e9n\u00e9ration.jpg","2048x2048-width":1920,"2048x2048-height":1280,"article":"https:\/\/d2q6z78khxmx42.cloudfront.net\/2021\/02\/Cuisine 1 iere g\u00e9n\u00e9ration-960x540.jpg","article-width":960,"article-height":540,"banner":"https:\/\/d2q6z78khxmx42.cloudfront.net\/2021\/02\/Cuisine 1 iere g\u00e9n\u00e9ration.jpg","banner-width":1920,"banner-height":1280,"block":"https:\/\/d2q6z78khxmx42.cloudfront.net\/2021\/02\/Cuisine 1 iere g\u00e9n\u00e9ration-900x680.jpg","block-width":900,"block-height":680,"card":"https:\/\/d2q6z78khxmx42.cloudfront.net\/2021\/02\/Cuisine 1 iere g\u00e9n\u00e9ration-560x495.jpg","card-width":560,"card-height":495,"card-thumbnail":"https:\/\/d2q6z78khxmx42.cloudfront.net\/2021\/02\/Cuisine 1 iere g\u00e9n\u00e9ration-450x340.jpg","card-thumbnail-width":450,"card-thumbnail-height":340,"conference":"https:\/\/d2q6z78khxmx42.cloudfront.net\/2021\/02\/Cuisine 1 iere g\u00e9n\u00e9ration-560x250.jpg","conference-width":560,"conference-height":250,"contest":"https:\/\/d2q6z78khxmx42.cloudfront.net\/2021\/02\/Cuisine 1 iere g\u00e9n\u00e9ration-960x400.jpg","contest-width":960,"contest-height":400,"cta":"https:\/\/d2q6z78khxmx42.cloudfront.net\/2021\/02\/Cuisine 1 iere g\u00e9n\u00e9ration-415x170.jpg","cta-width":415,"cta-height":170,"exhibitor":"https:\/\/d2q6z78khxmx42.cloudfront.net\/2021\/02\/Cuisine 1 iere g\u00e9n\u00e9ration-560x560.jpg","exhibitor-width":560,"exhibitor-height":560,"gallery":"https:\/\/d2q6z78khxmx42.cloudfront.net\/2021\/02\/Cuisine 1 iere g\u00e9n\u00e9ration-560x373.jpg","gallery-width":560,"gallery-height":373,"logo":"https:\/\/d2q6z78khxmx42.cloudfront.net\/2021\/02\/Cuisine 1 iere g\u00e9n\u00e9ration-150x100.jpg","logo-width":150,"logo-height":100,"masonry":"https:\/\/d2q6z78khxmx42.cloudfront.net\/2021\/02\/Cuisine 1 iere g\u00e9n\u00e9ration-550x367.jpg","masonry-width":550,"masonry-height":367,"modal":"https:\/\/d2q6z78khxmx42.cloudfront.net\/2021\/02\/Cuisine 1 iere g\u00e9n\u00e9ration.jpg","modal-width":1920,"modal-height":1280,"number":"https:\/\/d2q6z78khxmx42.cloudfront.net\/2021\/02\/WKwUwLZx-Cuisine 1 iere g\u00e9n\u00e9ration-560x373.jpg","number-width":560,"number-height":373,"partner":"https:\/\/d2q6z78khxmx42.cloudfront.net\/2021\/02\/Cuisine 1 iere g\u00e9n\u00e9ration-275x183.jpg","partner-width":275,"partner-height":183,"ranking":"https:\/\/d2q6z78khxmx42.cloudfront.net\/2021\/02\/WKwUwLZx-Cuisine 1 iere g\u00e9n\u00e9ration-960x540.jpg","ranking-width":960,"ranking-height":540,"schedule":"https:\/\/d2q6z78khxmx42.cloudfront.net\/2021\/02\/Cuisine 1 iere g\u00e9n\u00e9ration-960x360.jpg","schedule-width":960,"schedule-height":360,"slideshow":"https:\/\/d2q6z78khxmx42.cloudfront.net\/2021\/02\/Cuisine 1 iere g\u00e9n\u00e9ration-1020x680.jpg","slideshow-width":1020,"slideshow-height":680}},"filters":[1007,23,556],"suppliers":false,"attachment_category":[]},{"categories":[191,428],"credit":"Sonia Balthazard Photographe","image":{"ID":63283,"id":63283,"title":"Aire ouverte 1 iere g\u00e9n\u00e9ration","filename":"Aire ouverte 1 iere g\u00e9n\u00e9ration.jpg","filesize":0,"url":"https:\/\/d2q6z78khxmx42.cloudfront.net\/2021\/02\/Aire ouverte 1 iere g\u00e9n\u00e9ration.jpg","link":"https:\/\/int.design\/fr\/projets\/maison-intergenerationnelle-digne-dun-magazine-design\/aire-ouverte-1-iere-generation\/","alt":"","author":"735","description":"Maison interg\u00e9n\u00e9rationnelle digne d'un magazine design Ktdesign Armoire Ludem Claude Goyette Technologue en architecture Les constructions Structek Boutique Plomberie St Luc ","caption":"","name":"aire-ouverte-1-iere-generation","status":"inherit","uploaded_to":63204,"date":"2021-02-24 19:15:26","modified":"2022-02-08 12:19:54","menu_order":0,"mime_type":"image\/jpeg","type":"image","subtype":"jpeg","icon":"https:\/\/int.design\/wp-includes\/images\/media\/default.png","width":1920,"height":1280,"sizes":{"thumbnail":"https:\/\/d2q6z78khxmx42.cloudfront.net\/2021\/02\/Aire ouverte 1 iere g\u00e9n\u00e9ration-150x150.jpg","thumbnail-width":150,"thumbnail-height":150,"medium":"https:\/\/d2q6z78khxmx42.cloudfront.net\/2021\/02\/Aire ouverte 1 iere g\u00e9n\u00e9ration-300x200.jpg","medium-width":300,"medium-height":200,"medium_large":"https:\/\/d2q6z78khxmx42.cloudfront.net\/2021\/02\/Aire ouverte 1 iere g\u00e9n\u00e9ration-768x512.jpg","medium_large-width":768,"medium_large-height":512,"large":"https:\/\/d2q6z78khxmx42.cloudfront.net\/2021\/02\/Aire ouverte 1 iere g\u00e9n\u00e9ration-1024x683.jpg","large-width":1024,"large-height":683,"1536x1536":"https:\/\/d2q6z78khxmx42.cloudfront.net\/2021\/02\/Aire ouverte 1 iere g\u00e9n\u00e9ration-1536x1024.jpg","1536x1536-width":1536,"1536x1536-height":1024,"2048x2048":"https:\/\/d2q6z78khxmx42.cloudfront.net\/2021\/02\/Aire ouverte 1 iere g\u00e9n\u00e9ration.jpg","2048x2048-width":1920,"2048x2048-height":1280,"article":"https:\/\/d2q6z78khxmx42.cloudfront.net\/2021\/02\/Aire ouverte 1 iere g\u00e9n\u00e9ration-960x540.jpg","article-width":960,"article-height":540,"banner":"https:\/\/d2q6z78khxmx42.cloudfront.net\/2021\/02\/Aire ouverte 1 iere g\u00e9n\u00e9ration.jpg","banner-width":1920,"banner-height":1280,"block":"https:\/\/d2q6z78khxmx42.cloudfront.net\/2021\/02\/Aire ouverte 1 iere g\u00e9n\u00e9ration-900x680.jpg","block-width":900,"block-height":680,"card":"https:\/\/d2q6z78khxmx42.cloudfront.net\/2021\/02\/Aire ouverte 1 iere g\u00e9n\u00e9ration-560x495.jpg","card-width":560,"card-height":495,"card-thumbnail":"https:\/\/d2q6z78khxmx42.cloudfront.net\/2021\/02\/Aire ouverte 1 iere g\u00e9n\u00e9ration-450x340.jpg","card-thumbnail-width":450,"card-thumbnail-height":340,"conference":"https:\/\/d2q6z78khxmx42.cloudfront.net\/2021\/02\/Aire ouverte 1 iere g\u00e9n\u00e9ration-560x250.jpg","conference-width":560,"conference-height":250,"contest":"https:\/\/d2q6z78khxmx42.cloudfront.net\/2021\/02\/Aire ouverte 1 iere g\u00e9n\u00e9ration-960x400.jpg","contest-width":960,"contest-height":400,"cta":"https:\/\/d2q6z78khxmx42.cloudfront.net\/2021\/02\/Aire ouverte 1 iere g\u00e9n\u00e9ration-415x170.jpg","cta-width":415,"cta-height":170,"exhibitor":"https:\/\/d2q6z78khxmx42.cloudfront.net\/2021\/02\/Aire ouverte 1 iere g\u00e9n\u00e9ration-560x560.jpg","exhibitor-width":560,"exhibitor-height":560,"gallery":"https:\/\/d2q6z78khxmx42.cloudfront.net\/2021\/02\/Aire ouverte 1 iere g\u00e9n\u00e9ration-560x373.jpg","gallery-width":560,"gallery-height":373,"logo":"https:\/\/d2q6z78khxmx42.cloudfront.net\/2021\/02\/Aire ouverte 1 iere g\u00e9n\u00e9ration-150x100.jpg","logo-width":150,"logo-height":100,"masonry":"https:\/\/d2q6z78khxmx42.cloudfront.net\/2021\/02\/Aire ouverte 1 iere g\u00e9n\u00e9ration-550x367.jpg","masonry-width":550,"masonry-height":367,"modal":"https:\/\/d2q6z78khxmx42.cloudfront.net\/2021\/02\/Aire ouverte 1 iere g\u00e9n\u00e9ration.jpg","modal-width":1920,"modal-height":1280,"number":"https:\/\/d2q6z78khxmx42.cloudfront.net\/2021\/02\/euKuWylZ-Aire ouverte 1 iere g\u00e9n\u00e9ration-560x373.jpg","number-width":560,"number-height":373,"partner":"https:\/\/d2q6z78khxmx42.cloudfront.net\/2021\/02\/Aire ouverte 1 iere g\u00e9n\u00e9ration-275x183.jpg","partner-width":275,"partner-height":183,"ranking":"https:\/\/d2q6z78khxmx42.cloudfront.net\/2021\/02\/euKuWylZ-Aire ouverte 1 iere g\u00e9n\u00e9ration-960x540.jpg","ranking-width":960,"ranking-height":540,"schedule":"https:\/\/d2q6z78khxmx42.cloudfront.net\/2021\/02\/Aire ouverte 1 iere g\u00e9n\u00e9ration-960x360.jpg","schedule-width":960,"schedule-height":360,"slideshow":"https:\/\/d2q6z78khxmx42.cloudfront.net\/2021\/02\/Aire ouverte 1 iere g\u00e9n\u00e9ration-1020x680.jpg","slideshow-width":1020,"slideshow-height":680}},"filters":[1007,23,24,556],"suppliers":false,"attachment_category":[]},{"categories":[428],"credit":"Sonia Balthazard Photographe","image":{"ID":63284,"id":63284,"title":"Salle de lavage commune (1)","filename":"Salle de lavage commune (1).jpg","filesize":0,"url":"https:\/\/d2q6z78khxmx42.cloudfront.net\/2021\/02\/Salle de lavage commune (1).jpg","link":"https:\/\/int.design\/fr\/projets\/maison-intergenerationnelle-digne-dun-magazine-design\/salle-de-lavage-commune-1\/","alt":"","author":"735","description":"Maison interg\u00e9n\u00e9rationnelle digne d'un magazine design Ktdesign Armoire Ludem Claude Goyette Technologue en architecture Les constructions Structek Boutique Plomberie St Luc ","caption":"","name":"salle-de-lavage-commune-1","status":"inherit","uploaded_to":63204,"date":"2021-02-24 19:15:31","modified":"2022-02-08 12:19:54","menu_order":0,"mime_type":"image\/jpeg","type":"image","subtype":"jpeg","icon":"https:\/\/int.design\/wp-includes\/images\/media\/default.png","width":1920,"height":1280,"sizes":{"thumbnail":"https:\/\/d2q6z78khxmx42.cloudfront.net\/2021\/02\/Salle de lavage commune (1)-150x150.jpg","thumbnail-width":150,"thumbnail-height":150,"medium":"https:\/\/d2q6z78khxmx42.cloudfront.net\/2021\/02\/Salle de lavage commune (1)-300x200.jpg","medium-width":300,"medium-height":200,"medium_large":"https:\/\/d2q6z78khxmx42.cloudfront.net\/2021\/02\/Salle de lavage commune (1)-768x512.jpg","medium_large-width":768,"medium_large-height":512,"large":"https:\/\/d2q6z78khxmx42.cloudfront.net\/2021\/02\/Salle de lavage commune (1)-1024x683.jpg","large-width":1024,"large-height":683,"1536x1536":"https:\/\/d2q6z78khxmx42.cloudfront.net\/2021\/02\/Salle de lavage commune (1)-1536x1024.jpg","1536x1536-width":1536,"1536x1536-height":1024,"2048x2048":"https:\/\/d2q6z78khxmx42.cloudfront.net\/2021\/02\/Salle de lavage commune (1).jpg","2048x2048-width":1920,"2048x2048-height":1280,"article":"https:\/\/d2q6z78khxmx42.cloudfront.net\/2021\/02\/Salle de lavage commune (1)-960x540.jpg","article-width":960,"article-height":540,"banner":"https:\/\/d2q6z78khxmx42.cloudfront.net\/2021\/02\/Salle de lavage commune (1).jpg","banner-width":1920,"banner-height":1280,"block":"https:\/\/d2q6z78khxmx42.cloudfront.net\/2021\/02\/Salle de lavage commune (1)-900x680.jpg","block-width":900,"block-height":680,"card":"https:\/\/d2q6z78khxmx42.cloudfront.net\/2021\/02\/Salle de lavage commune (1)-560x495.jpg","card-width":560,"card-height":495,"card-thumbnail":"https:\/\/d2q6z78khxmx42.cloudfront.net\/2021\/02\/Salle de lavage commune (1)-450x340.jpg","card-thumbnail-width":450,"card-thumbnail-height":340,"conference":"https:\/\/d2q6z78khxmx42.cloudfront.net\/2021\/02\/Salle de lavage commune (1)-560x250.jpg","conference-width":560,"conference-height":250,"contest":"https:\/\/d2q6z78khxmx42.cloudfront.net\/2021\/02\/Salle de lavage commune (1)-960x400.jpg","contest-width":960,"contest-height":400,"cta":"https:\/\/d2q6z78khxmx42.cloudfront.net\/2021\/02\/Salle de lavage commune (1)-415x170.jpg","cta-width":415,"cta-height":170,"exhibitor":"https:\/\/d2q6z78khxmx42.cloudfront.net\/2021\/02\/Salle de lavage commune (1)-560x560.jpg","exhibitor-width":560,"exhibitor-height":560,"gallery":"https:\/\/d2q6z78khxmx42.cloudfront.net\/2021\/02\/Salle de lavage commune (1)-560x373.jpg","gallery-width":560,"gallery-height":373,"logo":"https:\/\/d2q6z78khxmx42.cloudfront.net\/2021\/02\/Salle de lavage commune (1)-150x100.jpg","logo-width":150,"logo-height":100,"masonry":"https:\/\/d2q6z78khxmx42.cloudfront.net\/2021\/02\/Salle de lavage commune (1)-550x367.jpg","masonry-width":550,"masonry-height":367,"modal":"https:\/\/d2q6z78khxmx42.cloudfront.net\/2021\/02\/Salle de lavage commune (1).jpg","modal-width":1920,"modal-height":1280,"number":"https:\/\/d2q6z78khxmx42.cloudfront.net\/2021\/02\/ugykXuqQ-Salle de lavage commune (1)-560x373.jpg","number-width":560,"number-height":373,"partner":"https:\/\/d2q6z78khxmx42.cloudfront.net\/2021\/02\/Salle de lavage commune (1)-275x183.jpg","partner-width":275,"partner-height":183,"ranking":"https:\/\/d2q6z78khxmx42.cloudfront.net\/2021\/02\/ugykXuqQ-Salle de lavage commune (1)-960x540.jpg","ranking-width":960,"ranking-height":540,"schedule":"https:\/\/d2q6z78khxmx42.cloudfront.net\/2021\/02\/Salle de lavage commune (1)-960x360.jpg","schedule-width":960,"schedule-height":360,"slideshow":"https:\/\/d2q6z78khxmx42.cloudfront.net\/2021\/02\/Salle de lavage commune (1)-1020x680.jpg","slideshow-width":1020,"slideshow-height":680}},"filters":[1007,25,556],"suppliers":false,"attachment_category":[]},{"categories":[192],"credit":"Sonia Balthazard Photographe","image":{"ID":63285,"id":63285,"title":"Salle de bain des maitres 2 i\u00e8me g\u00e9n\u00e9ration","filename":"Salle de bain des maitres 2 i\u00e8me g\u00e9n\u00e9ration.jpg","filesize":0,"url":"https:\/\/d2q6z78khxmx42.cloudfront.net\/2021\/02\/Salle de bain des maitres 2 i\u00e8me g\u00e9n\u00e9ration.jpg","link":"https:\/\/int.design\/fr\/projets\/maison-intergenerationnelle-digne-dun-magazine-design\/salle-de-bain-des-maitres-2-ieme-generation\/","alt":"","author":"735","description":"Maison interg\u00e9n\u00e9rationnelle digne d'un magazine design Ktdesign Armoire Ludem Claude Goyette Technologue en architecture Les constructions Structek Boutique Plomberie St Luc ","caption":"","name":"salle-de-bain-des-maitres-2-ieme-generation","status":"inherit","uploaded_to":63204,"date":"2021-02-24 19:15:36","modified":"2022-02-08 12:19:55","menu_order":0,"mime_type":"image\/jpeg","type":"image","subtype":"jpeg","icon":"https:\/\/int.design\/wp-includes\/images\/media\/default.png","width":1865,"height":1280,"sizes":{"thumbnail":"https:\/\/d2q6z78khxmx42.cloudfront.net\/2021\/02\/Salle de bain des maitres 2 i\u00e8me g\u00e9n\u00e9ration-150x150.jpg","thumbnail-width":150,"thumbnail-height":150,"medium":"https:\/\/d2q6z78khxmx42.cloudfront.net\/2021\/02\/Salle de bain des maitres 2 i\u00e8me g\u00e9n\u00e9ration-300x206.jpg","medium-width":300,"medium-height":206,"medium_large":"https:\/\/d2q6z78khxmx42.cloudfront.net\/2021\/02\/Salle de bain des maitres 2 i\u00e8me g\u00e9n\u00e9ration-768x527.jpg","medium_large-width":768,"medium_large-height":527,"large":"https:\/\/d2q6z78khxmx42.cloudfront.net\/2021\/02\/Salle de bain des maitres 2 i\u00e8me g\u00e9n\u00e9ration-1024x703.jpg","large-width":1024,"large-height":703,"1536x1536":"https:\/\/d2q6z78khxmx42.cloudfront.net\/2021\/02\/Salle de bain des maitres 2 i\u00e8me g\u00e9n\u00e9ration-1536x1054.jpg","1536x1536-width":1536,"1536x1536-height":1054,"2048x2048":"https:\/\/d2q6z78khxmx42.cloudfront.net\/2021\/02\/Salle de bain des maitres 2 i\u00e8me g\u00e9n\u00e9ration.jpg","2048x2048-width":1865,"2048x2048-height":1280,"article":"https:\/\/d2q6z78khxmx42.cloudfront.net\/2021\/02\/Salle de bain des maitres 2 i\u00e8me g\u00e9n\u00e9ration-960x540.jpg","article-width":960,"article-height":540,"banner":"https:\/\/d2q6z78khxmx42.cloudfront.net\/2021\/02\/Salle de bain des maitres 2 i\u00e8me g\u00e9n\u00e9ration.jpg","banner-width":1865,"banner-height":1280,"block":"https:\/\/d2q6z78khxmx42.cloudfront.net\/2021\/02\/Salle de bain des maitres 2 i\u00e8me g\u00e9n\u00e9ration-900x680.jpg","block-width":900,"block-height":680,"card":"https:\/\/d2q6z78khxmx42.cloudfront.net\/2021\/02\/Salle de bain des maitres 2 i\u00e8me g\u00e9n\u00e9ration-560x495.jpg","card-width":560,"card-height":495,"card-thumbnail":"https:\/\/d2q6z78khxmx42.cloudfront.net\/2021\/02\/Salle de bain des maitres 2 i\u00e8me g\u00e9n\u00e9ration-450x340.jpg","card-thumbnail-width":450,"card-thumbnail-height":340,"conference":"https:\/\/d2q6z78khxmx42.cloudfront.net\/2021\/02\/Salle de bain des maitres 2 i\u00e8me g\u00e9n\u00e9ration-560x250.jpg","conference-width":560,"conference-height":250,"contest":"https:\/\/d2q6z78khxmx42.cloudfront.net\/2021\/02\/Salle de bain des maitres 2 i\u00e8me g\u00e9n\u00e9ration-960x400.jpg","contest-width":960,"contest-height":400,"cta":"https:\/\/d2q6z78khxmx42.cloudfront.net\/2021\/02\/Salle de bain des maitres 2 i\u00e8me g\u00e9n\u00e9ration-415x170.jpg","cta-width":415,"cta-height":170,"exhibitor":"https:\/\/d2q6z78khxmx42.cloudfront.net\/2021\/02\/Salle de bain des maitres 2 i\u00e8me g\u00e9n\u00e9ration-560x560.jpg","exhibitor-width":560,"exhibitor-height":560,"gallery":"https:\/\/d2q6z78khxmx42.cloudfront.net\/2021\/02\/Salle de bain des maitres 2 i\u00e8me g\u00e9n\u00e9ration-560x384.jpg","gallery-width":560,"gallery-height":384,"logo":"https:\/\/d2q6z78khxmx42.cloudfront.net\/2021\/02\/Salle de bain des maitres 2 i\u00e8me g\u00e9n\u00e9ration-146x100.jpg","logo-width":146,"logo-height":100,"masonry":"https:\/\/d2q6z78khxmx42.cloudfront.net\/2021\/02\/Salle de bain des maitres 2 i\u00e8me g\u00e9n\u00e9ration-550x377.jpg","masonry-width":550,"masonry-height":377,"modal":"https:\/\/d2q6z78khxmx42.cloudfront.net\/2021\/02\/Salle de bain des maitres 2 i\u00e8me g\u00e9n\u00e9ration.jpg","modal-width":1865,"modal-height":1280,"number":"https:\/\/d2q6z78khxmx42.cloudfront.net\/2021\/02\/gsVRk2BU-Salle de bain des maitres 2 i\u00e8me g\u00e9n\u00e9ration-560x384.jpg","number-width":560,"number-height":384,"partner":"https:\/\/d2q6z78khxmx42.cloudfront.net\/2021\/02\/Salle de bain des maitres 2 i\u00e8me g\u00e9n\u00e9ration-275x189.jpg","partner-width":275,"partner-height":189,"ranking":"https:\/\/d2q6z78khxmx42.cloudfront.net\/2021\/02\/gsVRk2BU-Salle de bain des maitres 2 i\u00e8me g\u00e9n\u00e9ration-960x540.jpg","ranking-width":960,"ranking-height":540,"schedule":"https:\/\/d2q6z78khxmx42.cloudfront.net\/2021\/02\/Salle de bain des maitres 2 i\u00e8me g\u00e9n\u00e9ration-960x360.jpg","schedule-width":960,"schedule-height":360,"slideshow":"https:\/\/d2q6z78khxmx42.cloudfront.net\/2021\/02\/Salle de bain des maitres 2 i\u00e8me g\u00e9n\u00e9ration-991x680.jpg","slideshow-width":991,"slideshow-height":680}},"filters":[1007,114,556],"suppliers":false,"attachment_category":[]},{"categories":[428],"credit":"Sonia Balthazard Photographe","image":{"ID":63286,"id":63286,"title":"Maison digne d'un magazine de design (3)","filename":"Maison digne d'un magazine de design (3).jpg","filesize":0,"url":"https:\/\/d2q6z78khxmx42.cloudfront.net\/2021\/02\/Maison digne d'un magazine de design (3).jpg","link":"https:\/\/int.design\/fr\/projets\/maison-intergenerationnelle-digne-dun-magazine-design\/maison-digne-dun-magazine-de-design-3\/","alt":"","author":"735","description":"Maison interg\u00e9n\u00e9rationnelle digne d'un magazine design Ktdesign Armoire Ludem Claude Goyette Technologue en architecture Les constructions Structek Boutique Plomberie St Luc ","caption":"","name":"maison-digne-dun-magazine-de-design-3","status":"inherit","uploaded_to":63204,"date":"2021-02-24 19:15:39","modified":"2022-02-08 12:19:55","menu_order":0,"mime_type":"image\/jpeg","type":"image","subtype":"jpeg","icon":"https:\/\/int.design\/wp-includes\/images\/media\/default.png","width":1920,"height":1280,"sizes":{"thumbnail":"https:\/\/d2q6z78khxmx42.cloudfront.net\/2021\/02\/Maison digne d'un magazine de design (3)-150x150.jpg","thumbnail-width":150,"thumbnail-height":150,"medium":"https:\/\/d2q6z78khxmx42.cloudfront.net\/2021\/02\/Maison digne d'un magazine de design (3)-300x200.jpg","medium-width":300,"medium-height":200,"medium_large":"https:\/\/d2q6z78khxmx42.cloudfront.net\/2021\/02\/Maison digne d'un magazine de design (3)-768x512.jpg","medium_large-width":768,"medium_large-height":512,"large":"https:\/\/d2q6z78khxmx42.cloudfront.net\/2021\/02\/Maison digne d'un magazine de design (3)-1024x683.jpg","large-width":1024,"large-height":683,"1536x1536":"https:\/\/d2q6z78khxmx42.cloudfront.net\/2021\/02\/Maison digne d'un magazine de design (3)-1536x1024.jpg","1536x1536-width":1536,"1536x1536-height":1024,"2048x2048":"https:\/\/d2q6z78khxmx42.cloudfront.net\/2021\/02\/Maison digne d'un magazine de design (3).jpg","2048x2048-width":1920,"2048x2048-height":1280,"article":"https:\/\/d2q6z78khxmx42.cloudfront.net\/2021\/02\/Maison digne d'un magazine de design (3)-960x540.jpg","article-width":960,"article-height":540,"banner":"https:\/\/d2q6z78khxmx42.cloudfront.net\/2021\/02\/Maison digne d'un magazine de design (3).jpg","banner-width":1920,"banner-height":1280,"block":"https:\/\/d2q6z78khxmx42.cloudfront.net\/2021\/02\/Maison digne d'un magazine de design (3)-900x680.jpg","block-width":900,"block-height":680,"card":"https:\/\/d2q6z78khxmx42.cloudfront.net\/2021\/02\/Maison digne d'un magazine de design (3)-560x495.jpg","card-width":560,"card-height":495,"card-thumbnail":"https:\/\/d2q6z78khxmx42.cloudfront.net\/2021\/02\/Maison digne d'un magazine de design (3)-450x340.jpg","card-thumbnail-width":450,"card-thumbnail-height":340,"conference":"https:\/\/d2q6z78khxmx42.cloudfront.net\/2021\/02\/Maison digne d'un magazine de design (3)-560x250.jpg","conference-width":560,"conference-height":250,"contest":"https:\/\/d2q6z78khxmx42.cloudfront.net\/2021\/02\/Maison digne d'un magazine de design (3)-960x400.jpg","contest-width":960,"contest-height":400,"cta":"https:\/\/d2q6z78khxmx42.cloudfront.net\/2021\/02\/Maison digne d'un magazine de design (3)-415x170.jpg","cta-width":415,"cta-height":170,"exhibitor":"https:\/\/d2q6z78khxmx42.cloudfront.net\/2021\/02\/Maison digne d'un magazine de design (3)-560x560.jpg","exhibitor-width":560,"exhibitor-height":560,"gallery":"https:\/\/d2q6z78khxmx42.cloudfront.net\/2021\/02\/Maison digne d'un magazine de design (3)-560x373.jpg","gallery-width":560,"gallery-height":373,"logo":"https:\/\/d2q6z78khxmx42.cloudfront.net\/2021\/02\/Maison digne d'un magazine de design (3)-150x100.jpg","logo-width":150,"logo-height":100,"masonry":"https:\/\/d2q6z78khxmx42.cloudfront.net\/2021\/02\/Maison digne d'un magazine de design (3)-550x367.jpg","masonry-width":550,"masonry-height":367,"modal":"https:\/\/d2q6z78khxmx42.cloudfront.net\/2021\/02\/Maison digne d'un magazine de design (3).jpg","modal-width":1920,"modal-height":1280,"number":"https:\/\/d2q6z78khxmx42.cloudfront.net\/2021\/02\/2AzoEevl-Maison digne d'un magazine de design (3)-560x373.jpg","number-width":560,"number-height":373,"partner":"https:\/\/d2q6z78khxmx42.cloudfront.net\/2021\/02\/Maison digne d'un magazine de design (3)-275x183.jpg","partner-width":275,"partner-height":183,"ranking":"https:\/\/d2q6z78khxmx42.cloudfront.net\/2021\/02\/2AzoEevl-Maison digne d'un magazine de design (3)-960x540.jpg","ranking-width":960,"ranking-height":540,"schedule":"https:\/\/d2q6z78khxmx42.cloudfront.net\/2021\/02\/Maison digne d'un magazine de design (3)-960x360.jpg","schedule-width":960,"schedule-height":360,"slideshow":"https:\/\/d2q6z78khxmx42.cloudfront.net\/2021\/02\/Maison digne d'un magazine de design (3)-1020x680.jpg","slideshow-width":1020,"slideshow-height":680}},"filters":[1007,556],"suppliers":false,"attachment_category":[]},{"categories":[191,428],"credit":"Sonia Baltazard Photographe","image":{"ID":63289,"id":63289,"title":"Maison digne d'un magasine de design (1)","filename":"Maison digne d'un magasine de design (1).jpg","filesize":0,"url":"https:\/\/d2q6z78khxmx42.cloudfront.net\/2021\/02\/Maison digne d'un magasine de design (1).jpg","link":"https:\/\/int.design\/fr\/projets\/maison-intergenerationnelle-digne-dun-magazine-design\/maison-digne-dun-magasine-de-design-1\/","alt":"","author":"735","description":"Maison interg\u00e9n\u00e9rationnelle digne d'un magazine design Ktdesign Armoire Ludem Claude Goyette Technologue en architecture Les constructions Structek Boutique Plomberie St Luc ","caption":"","name":"maison-digne-dun-magasine-de-design-1","status":"inherit","uploaded_to":63204,"date":"2021-02-24 19:22:31","modified":"2022-02-08 12:19:55","menu_order":0,"mime_type":"image\/jpeg","type":"image","subtype":"jpeg","icon":"https:\/\/int.design\/wp-includes\/images\/media\/default.png","width":1920,"height":1280,"sizes":{"thumbnail":"https:\/\/d2q6z78khxmx42.cloudfront.net\/2021\/02\/Maison digne d'un magasine de design (1)-150x150.jpg","thumbnail-width":150,"thumbnail-height":150,"medium":"https:\/\/d2q6z78khxmx42.cloudfront.net\/2021\/02\/Maison digne d'un magasine de design (1)-300x200.jpg","medium-width":300,"medium-height":200,"medium_large":"https:\/\/d2q6z78khxmx42.cloudfront.net\/2021\/02\/Maison digne d'un magasine de design (1)-768x512.jpg","medium_large-width":768,"medium_large-height":512,"large":"https:\/\/d2q6z78khxmx42.cloudfront.net\/2021\/02\/Maison digne d'un magasine de design (1)-1024x683.jpg","large-width":1024,"large-height":683,"1536x1536":"https:\/\/d2q6z78khxmx42.cloudfront.net\/2021\/02\/Maison digne d'un magasine de design (1)-1536x1024.jpg","1536x1536-width":1536,"1536x1536-height":1024,"2048x2048":"https:\/\/d2q6z78khxmx42.cloudfront.net\/2021\/02\/Maison digne d'un magasine de design (1).jpg","2048x2048-width":1920,"2048x2048-height":1280,"article":"https:\/\/d2q6z78khxmx42.cloudfront.net\/2021\/02\/Maison digne d'un magasine de design (1)-960x540.jpg","article-width":960,"article-height":540,"banner":"https:\/\/d2q6z78khxmx42.cloudfront.net\/2021\/02\/Maison digne d'un magasine de design (1).jpg","banner-width":1920,"banner-height":1280,"block":"https:\/\/d2q6z78khxmx42.cloudfront.net\/2021\/02\/Maison digne d'un magasine de design (1)-900x680.jpg","block-width":900,"block-height":680,"card":"https:\/\/d2q6z78khxmx42.cloudfront.net\/2021\/02\/Maison digne d'un magasine de design (1)-560x495.jpg","card-width":560,"card-height":495,"card-thumbnail":"https:\/\/d2q6z78khxmx42.cloudfront.net\/2021\/02\/Maison digne d'un magasine de design (1)-450x340.jpg","card-thumbnail-width":450,"card-thumbnail-height":340,"conference":"https:\/\/d2q6z78khxmx42.cloudfront.net\/2021\/02\/Maison digne d'un magasine de design (1)-560x250.jpg","conference-width":560,"conference-height":250,"contest":"https:\/\/d2q6z78khxmx42.cloudfront.net\/2021\/02\/Maison digne d'un magasine de design (1)-960x400.jpg","contest-width":960,"contest-height":400,"cta":"https:\/\/d2q6z78khxmx42.cloudfront.net\/2021\/02\/Maison digne d'un magasine de design (1)-415x170.jpg","cta-width":415,"cta-height":170,"exhibitor":"https:\/\/d2q6z78khxmx42.cloudfront.net\/2021\/02\/Maison digne d'un magasine de design (1)-560x560.jpg","exhibitor-width":560,"exhibitor-height":560,"gallery":"https:\/\/d2q6z78khxmx42.cloudfront.net\/2021\/02\/Maison digne d'un magasine de design (1)-560x373.jpg","gallery-width":560,"gallery-height":373,"logo":"https:\/\/d2q6z78khxmx42.cloudfront.net\/2021\/02\/Maison digne d'un magasine de design (1)-150x100.jpg","logo-width":150,"logo-height":100,"masonry":"https:\/\/d2q6z78khxmx42.cloudfront.net\/2021\/02\/Maison digne d'un magasine de design (1)-550x367.jpg","masonry-width":550,"masonry-height":367,"modal":"https:\/\/d2q6z78khxmx42.cloudfront.net\/2021\/02\/Maison digne d'un magasine de design (1).jpg","modal-width":1920,"modal-height":1280,"number":"https:\/\/d2q6z78khxmx42.cloudfront.net\/2021\/02\/XYMFab06-Maison digne d'un magasine de design (1)-560x373.jpg","number-width":560,"number-height":373,"partner":"https:\/\/d2q6z78khxmx42.cloudfront.net\/2021\/02\/Maison digne d'un magasine de design (1)-275x183.jpg","partner-width":275,"partner-height":183,"ranking":"https:\/\/d2q6z78khxmx42.cloudfront.net\/2021\/02\/XYMFab06-Maison digne d'un magasine de design (1)-960x540.jpg","ranking-width":960,"ranking-height":540,"schedule":"https:\/\/d2q6z78khxmx42.cloudfront.net\/2021\/02\/Maison digne d'un magasine de design (1)-960x360.jpg","schedule-width":960,"schedule-height":360,"slideshow":"https:\/\/d2q6z78khxmx42.cloudfront.net\/2021\/02\/Maison digne d'un magasine de design (1)-1020x680.jpg","slideshow-width":1020,"slideshow-height":680}},"filters":[1007,23,113,24,556],"suppliers":false,"attachment_category":[]},{"categories":[191],"credit":"Sonia Balthazard","image":{"ID":63290,"id":63290,"title":"Maison digne d'un magasine de design (2)","filename":"Maison digne d'un magasine de design (2).jpg","filesize":0,"url":"https:\/\/d2q6z78khxmx42.cloudfront.net\/2021\/02\/Maison digne d'un magasine de design (2).jpg","link":"https:\/\/int.design\/fr\/projets\/maison-intergenerationnelle-digne-dun-magazine-design\/maison-digne-dun-magasine-de-design-2\/","alt":"","author":"735","description":"Maison interg\u00e9n\u00e9rationnelle digne d'un magazine design Ktdesign Armoire Ludem Claude Goyette Technologue en architecture Les constructions Structek Boutique Plomberie St Luc ","caption":"","name":"maison-digne-dun-magasine-de-design-2","status":"inherit","uploaded_to":63204,"date":"2021-02-24 19:22:36","modified":"2022-02-08 12:19:55","menu_order":0,"mime_type":"image\/jpeg","type":"image","subtype":"jpeg","icon":"https:\/\/int.design\/wp-includes\/images\/media\/default.png","width":1920,"height":1280,"sizes":{"thumbnail":"https:\/\/d2q6z78khxmx42.cloudfront.net\/2021\/02\/Maison digne d'un magasine de design (2)-150x150.jpg","thumbnail-width":150,"thumbnail-height":150,"medium":"https:\/\/d2q6z78khxmx42.cloudfront.net\/2021\/02\/Maison digne d'un magasine de design (2)-300x200.jpg","medium-width":300,"medium-height":200,"medium_large":"https:\/\/d2q6z78khxmx42.cloudfront.net\/2021\/02\/Maison digne d'un magasine de design (2)-768x512.jpg","medium_large-width":768,"medium_large-height":512,"large":"https:\/\/d2q6z78khxmx42.cloudfront.net\/2021\/02\/Maison digne d'un magasine de design (2)-1024x683.jpg","large-width":1024,"large-height":683,"1536x1536":"https:\/\/d2q6z78khxmx42.cloudfront.net\/2021\/02\/Maison digne d'un magasine de design (2)-1536x1024.jpg","1536x1536-width":1536,"1536x1536-height":1024,"2048x2048":"https:\/\/d2q6z78khxmx42.cloudfront.net\/2021\/02\/Maison digne d'un magasine de design (2).jpg","2048x2048-width":1920,"2048x2048-height":1280,"article":"https:\/\/d2q6z78khxmx42.cloudfront.net\/2021\/02\/Maison digne d'un magasine de design (2)-960x540.jpg","article-width":960,"article-height":540,"banner":"https:\/\/d2q6z78khxmx42.cloudfront.net\/2021\/02\/Maison digne d'un magasine de design (2).jpg","banner-width":1920,"banner-height":1280,"block":"https:\/\/d2q6z78khxmx42.cloudfront.net\/2021\/02\/Maison digne d'un magasine de design (2)-900x680.jpg","block-width":900,"block-height":680,"card":"https:\/\/d2q6z78khxmx42.cloudfront.net\/2021\/02\/Maison digne d'un magasine de design (2)-560x495.jpg","card-width":560,"card-height":495,"card-thumbnail":"https:\/\/d2q6z78khxmx42.cloudfront.net\/2021\/02\/Maison digne d'un magasine de design (2)-450x340.jpg","card-thumbnail-width":450,"card-thumbnail-height":340,"conference":"https:\/\/d2q6z78khxmx42.cloudfront.net\/2021\/02\/Maison digne d'un magasine de design (2)-560x250.jpg","conference-width":560,"conference-height":250,"contest":"https:\/\/d2q6z78khxmx42.cloudfront.net\/2021\/02\/Maison digne d'un magasine de design (2)-960x400.jpg","contest-width":960,"contest-height":400,"cta":"https:\/\/d2q6z78khxmx42.cloudfront.net\/2021\/02\/Maison digne d'un magasine de design (2)-415x170.jpg","cta-width":415,"cta-height":170,"exhibitor":"https:\/\/d2q6z78khxmx42.cloudfront.net\/2021\/02\/Maison digne d'un magasine de design (2)-560x560.jpg","exhibitor-width":560,"exhibitor-height":560,"gallery":"https:\/\/d2q6z78khxmx42.cloudfront.net\/2021\/02\/Maison digne d'un magasine de design (2)-560x373.jpg","gallery-width":560,"gallery-height":373,"logo":"https:\/\/d2q6z78khxmx42.cloudfront.net\/2021\/02\/Maison digne d'un magasine de design (2)-150x100.jpg","logo-width":150,"logo-height":100,"masonry":"https:\/\/d2q6z78khxmx42.cloudfront.net\/2021\/02\/Maison digne d'un magasine de design (2)-550x367.jpg","masonry-width":550,"masonry-height":367,"modal":"https:\/\/d2q6z78khxmx42.cloudfront.net\/2021\/02\/Maison digne d'un magasine de design (2).jpg","modal-width":1920,"modal-height":1280,"number":"https:\/\/d2q6z78khxmx42.cloudfront.net\/2021\/02\/htupDoxQ-Maison digne d'un magasine de design (2)-560x373.jpg","number-width":560,"number-height":373,"partner":"https:\/\/d2q6z78khxmx42.cloudfront.net\/2021\/02\/Maison digne d'un magasine de design (2)-275x183.jpg","partner-width":275,"partner-height":183,"ranking":"https:\/\/d2q6z78khxmx42.cloudfront.net\/2021\/02\/htupDoxQ-Maison digne d'un magasine de design (2)-960x540.jpg","ranking-width":960,"ranking-height":540,"schedule":"https:\/\/d2q6z78khxmx42.cloudfront.net\/2021\/02\/Maison digne d'un magasine de design (2)-960x360.jpg","schedule-width":960,"schedule-height":360,"slideshow":"https:\/\/d2q6z78khxmx42.cloudfront.net\/2021\/02\/Maison digne d'un magasine de design (2)-1020x680.jpg","slideshow-width":1020,"slideshow-height":680}},"filters":[1007,23,556],"suppliers":false,"attachment_category":[]},{"categories":[428],"credit":"Sonia Balthazard Photographe","image":{"ID":63291,"id":63291,"title":"Maison digne d'un magasine de design (7)","filename":"Maison digne d'un magasine de design (7).jpg","filesize":0,"url":"https:\/\/d2q6z78khxmx42.cloudfront.net\/2021\/02\/Maison digne d'un magasine de design (7).jpg","link":"https:\/\/int.design\/fr\/projets\/maison-intergenerationnelle-digne-dun-magazine-design\/maison-digne-dun-magasine-de-design-7\/","alt":"","author":"735","description":"Maison interg\u00e9n\u00e9rationnelle digne d'un magazine design Ktdesign Armoire Ludem Claude Goyette Technologue en architecture Les constructions Structek Boutique Plomberie St Luc ","caption":"","name":"maison-digne-dun-magasine-de-design-7","status":"inherit","uploaded_to":63204,"date":"2021-02-24 19:22:43","modified":"2022-02-08 12:19:55","menu_order":0,"mime_type":"image\/jpeg","type":"image","subtype":"jpeg","icon":"https:\/\/int.design\/wp-includes\/images\/media\/default.png","width":1920,"height":1280,"sizes":{"thumbnail":"https:\/\/d2q6z78khxmx42.cloudfront.net\/2021\/02\/Maison digne d'un magasine de design (7)-150x150.jpg","thumbnail-width":150,"thumbnail-height":150,"medium":"https:\/\/d2q6z78khxmx42.cloudfront.net\/2021\/02\/Maison digne d'un magasine de design (7)-300x200.jpg","medium-width":300,"medium-height":200,"medium_large":"https:\/\/d2q6z78khxmx42.cloudfront.net\/2021\/02\/Maison digne d'un magasine de design (7)-768x512.jpg","medium_large-width":768,"medium_large-height":512,"large":"https:\/\/d2q6z78khxmx42.cloudfront.net\/2021\/02\/Maison digne d'un magasine de design (7)-1024x683.jpg","large-width":1024,"large-height":683,"1536x1536":"https:\/\/d2q6z78khxmx42.cloudfront.net\/2021\/02\/Maison digne d'un magasine de design (7)-1536x1024.jpg","1536x1536-width":1536,"1536x1536-height":1024,"2048x2048":"https:\/\/d2q6z78khxmx42.cloudfront.net\/2021\/02\/Maison digne d'un magasine de design (7).jpg","2048x2048-width":1920,"2048x2048-height":1280,"article":"https:\/\/d2q6z78khxmx42.cloudfront.net\/2021\/02\/Maison digne d'un magasine de design (7)-960x540.jpg","article-width":960,"article-height":540,"banner":"https:\/\/d2q6z78khxmx42.cloudfront.net\/2021\/02\/Maison digne d'un magasine de design (7).jpg","banner-width":1920,"banner-height":1280,"block":"https:\/\/d2q6z78khxmx42.cloudfront.net\/2021\/02\/Maison digne d'un magasine de design (7)-900x680.jpg","block-width":900,"block-height":680,"card":"https:\/\/d2q6z78khxmx42.cloudfront.net\/2021\/02\/Maison digne d'un magasine de design (7)-560x495.jpg","card-width":560,"card-height":495,"card-thumbnail":"https:\/\/d2q6z78khxmx42.cloudfront.net\/2021\/02\/Maison digne d'un magasine de design (7)-450x340.jpg","card-thumbnail-width":450,"card-thumbnail-height":340,"conference":"https:\/\/d2q6z78khxmx42.cloudfront.net\/2021\/02\/Maison digne d'un magasine de design (7)-560x250.jpg","conference-width":560,"conference-height":250,"contest":"https:\/\/d2q6z78khxmx42.cloudfront.net\/2021\/02\/Maison digne d'un magasine de design (7)-960x400.jpg","contest-width":960,"contest-height":400,"cta":"https:\/\/d2q6z78khxmx42.cloudfront.net\/2021\/02\/Maison digne d'un magasine de design (7)-415x170.jpg","cta-width":415,"cta-height":170,"exhibitor":"https:\/\/d2q6z78khxmx42.cloudfront.net\/2021\/02\/Maison digne d'un magasine de design (7)-560x560.jpg","exhibitor-width":560,"exhibitor-height":560,"gallery":"https:\/\/d2q6z78khxmx42.cloudfront.net\/2021\/02\/Maison digne d'un magasine de design (7)-560x373.jpg","gallery-width":560,"gallery-height":373,"logo":"https:\/\/d2q6z78khxmx42.cloudfront.net\/2021\/02\/Maison digne d'un magasine de design (7)-150x100.jpg","logo-width":150,"logo-height":100,"masonry":"https:\/\/d2q6z78khxmx42.cloudfront.net\/2021\/02\/Maison digne d'un magasine de design (7)-550x367.jpg","masonry-width":550,"masonry-height":367,"modal":"https:\/\/d2q6z78khxmx42.cloudfront.net\/2021\/02\/Maison digne d'un magasine de design (7).jpg","modal-width":1920,"modal-height":1280,"number":"https:\/\/d2q6z78khxmx42.cloudfront.net\/2021\/02\/B8iYcE4B-Maison digne d'un magasine de design (7)-560x373.jpg","number-width":560,"number-height":373,"partner":"https:\/\/d2q6z78khxmx42.cloudfront.net\/2021\/02\/Maison digne d'un magasine de design (7)-275x183.jpg","partner-width":275,"partner-height":183,"ranking":"https:\/\/d2q6z78khxmx42.cloudfront.net\/2021\/02\/B8iYcE4B-Maison digne d'un magasine de design (7)-960x540.jpg","ranking-width":960,"ranking-height":540,"schedule":"https:\/\/d2q6z78khxmx42.cloudfront.net\/2021\/02\/Maison digne d'un magasine de design (7)-960x360.jpg","schedule-width":960,"schedule-height":360,"slideshow":"https:\/\/d2q6z78khxmx42.cloudfront.net\/2021\/02\/Maison digne d'un magasine de design (7)-1020x680.jpg","slideshow-width":1020,"slideshow-height":680}},"filters":[1007,113,556],"suppliers":false,"attachment_category":[]},{"categories":[192],"credit":"Sonia Balthazard Photographe","image":{"ID":63292,"id":63292,"title":"Maison digne d'un magasine design (7)","filename":"Maison digne d'un magasine design (7).jpg","filesize":0,"url":"https:\/\/d2q6z78khxmx42.cloudfront.net\/2021\/02\/Maison digne d'un magasine design (7).jpg","link":"https:\/\/int.design\/fr\/projets\/maison-intergenerationnelle-digne-dun-magazine-design\/maison-digne-dun-magasine-design-7\/","alt":"","author":"735","description":"Maison interg\u00e9n\u00e9rationnelle digne d'un magazine design Ktdesign Armoire Ludem Claude Goyette Technologue en architecture Les constructions Structek Boutique Plomberie St Luc ","caption":"","name":"maison-digne-dun-magasine-design-7","status":"inherit","uploaded_to":63204,"date":"2021-02-24 19:22:48","modified":"2022-02-08 12:19:55","menu_order":0,"mime_type":"image\/jpeg","type":"image","subtype":"jpeg","icon":"https:\/\/int.design\/wp-includes\/images\/media\/default.png","width":1920,"height":1280,"sizes":{"thumbnail":"https:\/\/d2q6z78khxmx42.cloudfront.net\/2021\/02\/Maison digne d'un magasine design (7)-150x150.jpg","thumbnail-width":150,"thumbnail-height":150,"medium":"https:\/\/d2q6z78khxmx42.cloudfront.net\/2021\/02\/Maison digne d'un magasine design (7)-300x200.jpg","medium-width":300,"medium-height":200,"medium_large":"https:\/\/d2q6z78khxmx42.cloudfront.net\/2021\/02\/Maison digne d'un magasine design (7)-768x512.jpg","medium_large-width":768,"medium_large-height":512,"large":"https:\/\/d2q6z78khxmx42.cloudfront.net\/2021\/02\/Maison digne d'un magasine design (7)-1024x683.jpg","large-width":1024,"large-height":683,"1536x1536":"https:\/\/d2q6z78khxmx42.cloudfront.net\/2021\/02\/Maison digne d'un magasine design (7)-1536x1024.jpg","1536x1536-width":1536,"1536x1536-height":1024,"2048x2048":"https:\/\/d2q6z78khxmx42.cloudfront.net\/2021\/02\/Maison digne d'un magasine design (7).jpg","2048x2048-width":1920,"2048x2048-height":1280,"article":"https:\/\/d2q6z78khxmx42.cloudfront.net\/2021\/02\/Maison digne d'un magasine design (7)-960x540.jpg","article-width":960,"article-height":540,"banner":"https:\/\/d2q6z78khxmx42.cloudfront.net\/2021\/02\/Maison digne d'un magasine design (7).jpg","banner-width":1920,"banner-height":1280,"block":"https:\/\/d2q6z78khxmx42.cloudfront.net\/2021\/02\/Maison digne d'un magasine design (7)-900x680.jpg","block-width":900,"block-height":680,"card":"https:\/\/d2q6z78khxmx42.cloudfront.net\/2021\/02\/Maison digne d'un magasine design (7)-560x495.jpg","card-width":560,"card-height":495,"card-thumbnail":"https:\/\/d2q6z78khxmx42.cloudfront.net\/2021\/02\/Maison digne d'un magasine design (7)-450x340.jpg","card-thumbnail-width":450,"card-thumbnail-height":340,"conference":"https:\/\/d2q6z78khxmx42.cloudfront.net\/2021\/02\/Maison digne d'un magasine design (7)-560x250.jpg","conference-width":560,"conference-height":250,"contest":"https:\/\/d2q6z78khxmx42.cloudfront.net\/2021\/02\/Maison digne d'un magasine design (7)-960x400.jpg","contest-width":960,"contest-height":400,"cta":"https:\/\/d2q6z78khxmx42.cloudfront.net\/2021\/02\/Maison digne d'un magasine design (7)-415x170.jpg","cta-width":415,"cta-height":170,"exhibitor":"https:\/\/d2q6z78khxmx42.cloudfront.net\/2021\/02\/Maison digne d'un magasine design (7)-560x560.jpg","exhibitor-width":560,"exhibitor-height":560,"gallery":"https:\/\/d2q6z78khxmx42.cloudfront.net\/2021\/02\/Maison digne d'un magasine design (7)-560x373.jpg","gallery-width":560,"gallery-height":373,"logo":"https:\/\/d2q6z78khxmx42.cloudfront.net\/2021\/02\/Maison digne d'un magasine design (7)-150x100.jpg","logo-width":150,"logo-height":100,"masonry":"https:\/\/d2q6z78khxmx42.cloudfront.net\/2021\/02\/Maison digne d'un magasine design (7)-550x367.jpg","masonry-width":550,"masonry-height":367,"modal":"https:\/\/d2q6z78khxmx42.cloudfront.net\/2021\/02\/Maison digne d'un magasine design (7).jpg","modal-width":1920,"modal-height":1280,"number":"https:\/\/d2q6z78khxmx42.cloudfront.net\/2021\/02\/45mobZcw-Maison digne d'un magasine design (7)-560x373.jpg","number-width":560,"number-height":373,"partner":"https:\/\/d2q6z78khxmx42.cloudfront.net\/2021\/02\/Maison digne d'un magasine design (7)-275x183.jpg","partner-width":275,"partner-height":183,"ranking":"https:\/\/d2q6z78khxmx42.cloudfront.net\/2021\/02\/45mobZcw-Maison digne d'un magasine design (7)-960x540.jpg","ranking-width":960,"ranking-height":540,"schedule":"https:\/\/d2q6z78khxmx42.cloudfront.net\/2021\/02\/Maison digne d'un magasine design (7)-960x360.jpg","schedule-width":960,"schedule-height":360,"slideshow":"https:\/\/d2q6z78khxmx42.cloudfront.net\/2021\/02\/Maison digne d'un magasine design (7)-1020x680.jpg","slideshow-width":1020,"slideshow-height":680}},"filters":[1007,114,556],"suppliers":false,"attachment_category":[]},{"categories":[192],"credit":"Sonia Balthazard Photographe","image":{"ID":63293,"id":63293,"title":"Maison digne d'un magasine design (8)","filename":"Maison digne d'un magasine design (8).jpg","filesize":0,"url":"https:\/\/d2q6z78khxmx42.cloudfront.net\/2021\/02\/Maison digne d'un magasine design (8).jpg","link":"https:\/\/int.design\/fr\/projets\/maison-intergenerationnelle-digne-dun-magazine-design\/maison-digne-dun-magasine-design-8\/","alt":"","author":"735","description":"Maison interg\u00e9n\u00e9rationnelle digne d'un magazine design Ktdesign Armoire Ludem Claude Goyette Technologue en architecture Les constructions Structek Boutique Plomberie St Luc ","caption":"","name":"maison-digne-dun-magasine-design-8","status":"inherit","uploaded_to":63204,"date":"2021-02-24 19:22:52","modified":"2022-02-08 12:19:55","menu_order":0,"mime_type":"image\/jpeg","type":"image","subtype":"jpeg","icon":"https:\/\/int.design\/wp-includes\/images\/media\/default.png","width":1920,"height":1280,"sizes":{"thumbnail":"https:\/\/d2q6z78khxmx42.cloudfront.net\/2021\/02\/Maison digne d'un magasine design (8)-150x150.jpg","thumbnail-width":150,"thumbnail-height":150,"medium":"https:\/\/d2q6z78khxmx42.cloudfront.net\/2021\/02\/Maison digne d'un magasine design (8)-300x200.jpg","medium-width":300,"medium-height":200,"medium_large":"https:\/\/d2q6z78khxmx42.cloudfront.net\/2021\/02\/Maison digne d'un magasine design (8)-768x512.jpg","medium_large-width":768,"medium_large-height":512,"large":"https:\/\/d2q6z78khxmx42.cloudfront.net\/2021\/02\/Maison digne d'un magasine design (8)-1024x683.jpg","large-width":1024,"large-height":683,"1536x1536":"https:\/\/d2q6z78khxmx42.cloudfront.net\/2021\/02\/Maison digne d'un magasine design (8)-1536x1024.jpg","1536x1536-width":1536,"1536x1536-height":1024,"2048x2048":"https:\/\/d2q6z78khxmx42.cloudfront.net\/2021\/02\/Maison digne d'un magasine design (8).jpg","2048x2048-width":1920,"2048x2048-height":1280,"article":"https:\/\/d2q6z78khxmx42.cloudfront.net\/2021\/02\/Maison digne d'un magasine design (8)-960x540.jpg","article-width":960,"article-height":540,"banner":"https:\/\/d2q6z78khxmx42.cloudfront.net\/2021\/02\/Maison digne d'un magasine design (8).jpg","banner-width":1920,"banner-height":1280,"block":"https:\/\/d2q6z78khxmx42.cloudfront.net\/2021\/02\/Maison digne d'un magasine design (8)-900x680.jpg","block-width":900,"block-height":680,"card":"https:\/\/d2q6z78khxmx42.cloudfront.net\/2021\/02\/Maison digne d'un magasine design (8)-560x495.jpg","card-width":560,"card-height":495,"card-thumbnail":"https:\/\/d2q6z78khxmx42.cloudfront.net\/2021\/02\/Maison digne d'un magasine design (8)-450x340.jpg","card-thumbnail-width":450,"card-thumbnail-height":340,"conference":"https:\/\/d2q6z78khxmx42.cloudfront.net\/2021\/02\/Maison digne d'un magasine design (8)-560x250.jpg","conference-width":560,"conference-height":250,"contest":"https:\/\/d2q6z78khxmx42.cloudfront.net\/2021\/02\/Maison digne d'un magasine design (8)-960x400.jpg","contest-width":960,"contest-height":400,"cta":"https:\/\/d2q6z78khxmx42.cloudfront.net\/2021\/02\/Maison digne d'un magasine design (8)-415x170.jpg","cta-width":415,"cta-height":170,"exhibitor":"https:\/\/d2q6z78khxmx42.cloudfront.net\/2021\/02\/Maison digne d'un magasine design (8)-560x560.jpg","exhibitor-width":560,"exhibitor-height":560,"gallery":"https:\/\/d2q6z78khxmx42.cloudfront.net\/2021\/02\/Maison digne d'un magasine design (8)-560x373.jpg","gallery-width":560,"gallery-height":373,"logo":"https:\/\/d2q6z78khxmx42.cloudfront.net\/2021\/02\/Maison digne d'un magasine design (8)-150x100.jpg","logo-width":150,"logo-height":100,"masonry":"https:\/\/d2q6z78khxmx42.cloudfront.net\/2021\/02\/Maison digne d'un magasine design (8)-550x367.jpg","masonry-width":550,"masonry-height":367,"modal":"https:\/\/d2q6z78khxmx42.cloudfront.net\/2021\/02\/Maison digne d'un magasine design (8).jpg","modal-width":1920,"modal-height":1280,"number":"https:\/\/d2q6z78khxmx42.cloudfront.net\/2021\/02\/rpeGmCbu-Maison digne d'un magasine design (8)-560x373.jpg","number-width":560,"number-height":373,"partner":"https:\/\/d2q6z78khxmx42.cloudfront.net\/2021\/02\/Maison digne d'un magasine design (8)-275x183.jpg","partner-width":275,"partner-height":183,"ranking":"https:\/\/d2q6z78khxmx42.cloudfront.net\/2021\/02\/rpeGmCbu-Maison digne d'un magasine design (8)-960x540.jpg","ranking-width":960,"ranking-height":540,"schedule":"https:\/\/d2q6z78khxmx42.cloudfront.net\/2021\/02\/Maison digne d'un magasine design (8)-960x360.jpg","schedule-width":960,"schedule-height":360,"slideshow":"https:\/\/d2q6z78khxmx42.cloudfront.net\/2021\/02\/Maison digne d'un magasine design (8)-1020x680.jpg","slideshow-width":1020,"slideshow-height":680}},"filters":[1007,114,556],"suppliers":false,"attachment_category":[]},{"categories":[192],"credit":"Sonia Balthazard Photographe","image":{"ID":63294,"id":63294,"title":"Maison digne d'un magasine design (9)","filename":"Maison digne d'un magasine design (9).jpg","filesize":0,"url":"https:\/\/d2q6z78khxmx42.cloudfront.net\/2021\/02\/Maison digne d'un magasine design (9).jpg","link":"https:\/\/int.design\/fr\/projets\/maison-intergenerationnelle-digne-dun-magazine-design\/maison-digne-dun-magasine-design-9\/","alt":"","author":"735","description":"Maison interg\u00e9n\u00e9rationnelle digne d'un magazine design Ktdesign Armoire Ludem Claude Goyette Technologue en architecture Les constructions Structek Boutique Plomberie St Luc ","caption":"","name":"maison-digne-dun-magasine-design-9","status":"inherit","uploaded_to":63204,"date":"2021-02-24 19:22:57","modified":"2022-02-08 12:19:55","menu_order":0,"mime_type":"image\/jpeg","type":"image","subtype":"jpeg","icon":"https:\/\/int.design\/wp-includes\/images\/media\/default.png","width":1920,"height":1280,"sizes":{"thumbnail":"https:\/\/d2q6z78khxmx42.cloudfront.net\/2021\/02\/Maison digne d'un magasine design (9)-150x150.jpg","thumbnail-width":150,"thumbnail-height":150,"medium":"https:\/\/d2q6z78khxmx42.cloudfront.net\/2021\/02\/Maison digne d'un magasine design (9)-300x200.jpg","medium-width":300,"medium-height":200,"medium_large":"https:\/\/d2q6z78khxmx42.cloudfront.net\/2021\/02\/Maison digne d'un magasine design (9)-768x512.jpg","medium_large-width":768,"medium_large-height":512,"large":"https:\/\/d2q6z78khxmx42.cloudfront.net\/2021\/02\/Maison digne d'un magasine design (9)-1024x683.jpg","large-width":1024,"large-height":683,"1536x1536":"https:\/\/d2q6z78khxmx42.cloudfront.net\/2021\/02\/Maison digne d'un magasine design (9)-1536x1024.jpg","1536x1536-width":1536,"1536x1536-height":1024,"2048x2048":"https:\/\/d2q6z78khxmx42.cloudfront.net\/2021\/02\/Maison digne d'un magasine design (9).jpg","2048x2048-width":1920,"2048x2048-height":1280,"article":"https:\/\/d2q6z78khxmx42.cloudfront.net\/2021\/02\/Maison digne d'un magasine design (9)-960x540.jpg","article-width":960,"article-height":540,"banner":"https:\/\/d2q6z78khxmx42.cloudfront.net\/2021\/02\/Maison digne d'un magasine design (9).jpg","banner-width":1920,"banner-height":1280,"block":"https:\/\/d2q6z78khxmx42.cloudfront.net\/2021\/02\/Maison digne d'un magasine design (9)-900x680.jpg","block-width":900,"block-height":680,"card":"https:\/\/d2q6z78khxmx42.cloudfront.net\/2021\/02\/Maison digne d'un magasine design (9)-560x495.jpg","card-width":560,"card-height":495,"card-thumbnail":"https:\/\/d2q6z78khxmx42.cloudfront.net\/2021\/02\/Maison digne d'un magasine design (9)-450x340.jpg","card-thumbnail-width":450,"card-thumbnail-height":340,"conference":"https:\/\/d2q6z78khxmx42.cloudfront.net\/2021\/02\/Maison digne d'un magasine design (9)-560x250.jpg","conference-width":560,"conference-height":250,"contest":"https:\/\/d2q6z78khxmx42.cloudfront.net\/2021\/02\/Maison digne d'un magasine design (9)-960x400.jpg","contest-width":960,"contest-height":400,"cta":"https:\/\/d2q6z78khxmx42.cloudfront.net\/2021\/02\/Maison digne d'un magasine design (9)-415x170.jpg","cta-width":415,"cta-height":170,"exhibitor":"https:\/\/d2q6z78khxmx42.cloudfront.net\/2021\/02\/Maison digne d'un magasine design (9)-560x560.jpg","exhibitor-width":560,"exhibitor-height":560,"gallery":"https:\/\/d2q6z78khxmx42.cloudfront.net\/2021\/02\/Maison digne d'un magasine design (9)-560x373.jpg","gallery-width":560,"gallery-height":373,"logo":"https:\/\/d2q6z78khxmx42.cloudfront.net\/2021\/02\/Maison digne d'un magasine design (9)-150x100.jpg","logo-width":150,"logo-height":100,"masonry":"https:\/\/d2q6z78khxmx42.cloudfront.net\/2021\/02\/Maison digne d'un magasine design (9)-550x367.jpg","masonry-width":550,"masonry-height":367,"modal":"https:\/\/d2q6z78khxmx42.cloudfront.net\/2021\/02\/Maison digne d'un magasine design (9).jpg","modal-width":1920,"modal-height":1280,"number":"https:\/\/d2q6z78khxmx42.cloudfront.net\/2021\/02\/OdOEmiVU-Maison digne d'un magasine design (9)-560x373.jpg","number-width":560,"number-height":373,"partner":"https:\/\/d2q6z78khxmx42.cloudfront.net\/2021\/02\/Maison digne d'un magasine design (9)-275x183.jpg","partner-width":275,"partner-height":183,"ranking":"https:\/\/d2q6z78khxmx42.cloudfront.net\/2021\/02\/OdOEmiVU-Maison digne d'un magasine design (9)-960x540.jpg","ranking-width":960,"ranking-height":540,"schedule":"https:\/\/d2q6z78khxmx42.cloudfront.net\/2021\/02\/Maison digne d'un magasine design (9)-960x360.jpg","schedule-width":960,"schedule-height":360,"slideshow":"https:\/\/d2q6z78khxmx42.cloudfront.net\/2021\/02\/Maison digne d'un magasine design (9)-1020x680.jpg","slideshow-width":1020,"slideshow-height":680}},"filters":[1007,114,556],"suppliers":false,"attachment_category":[]},{"categories":[192],"credit":"Sonia Balthazard Photographe","image":{"ID":63302,"id":63302,"title":"Maison digne d'un magasine design (10)","filename":"Maison digne d'un magasine design (10).jpg","filesize":0,"url":"https:\/\/d2q6z78khxmx42.cloudfront.net\/2021\/02\/Maison digne d'un magasine design (10).jpg","link":"https:\/\/int.design\/fr\/projets\/maison-intergenerationnelle-digne-dun-magazine-design\/maison-digne-dun-magasine-design-10\/","alt":"","author":"735","description":"Maison interg\u00e9n\u00e9rationnelle digne d'un magazine design Ktdesign Armoire Ludem Claude Goyette Technologue en architecture Les constructions Structek Boutique Plomberie St Luc ","caption":"","name":"maison-digne-dun-magasine-design-10","status":"inherit","uploaded_to":63204,"date":"2021-02-24 19:25:16","modified":"2022-02-08 12:19:55","menu_order":0,"mime_type":"image\/jpeg","type":"image","subtype":"jpeg","icon":"https:\/\/int.design\/wp-includes\/images\/media\/default.png","width":1920,"height":1280,"sizes":{"thumbnail":"https:\/\/d2q6z78khxmx42.cloudfront.net\/2021\/02\/Maison digne d'un magasine design (10)-150x150.jpg","thumbnail-width":150,"thumbnail-height":150,"medium":"https:\/\/d2q6z78khxmx42.cloudfront.net\/2021\/02\/Maison digne d'un magasine design (10)-300x200.jpg","medium-width":300,"medium-height":200,"medium_large":"https:\/\/d2q6z78khxmx42.cloudfront.net\/2021\/02\/Maison digne d'un magasine design (10)-768x512.jpg","medium_large-width":768,"medium_large-height":512,"large":"https:\/\/d2q6z78khxmx42.cloudfront.net\/2021\/02\/Maison digne d'un magasine design (10)-1024x683.jpg","large-width":1024,"large-height":683,"1536x1536":"https:\/\/d2q6z78khxmx42.cloudfront.net\/2021\/02\/Maison digne d'un magasine design (10)-1536x1024.jpg","1536x1536-width":1536,"1536x1536-height":1024,"2048x2048":"https:\/\/d2q6z78khxmx42.cloudfront.net\/2021\/02\/Maison digne d'un magasine design (10).jpg","2048x2048-width":1920,"2048x2048-height":1280,"article":"https:\/\/d2q6z78khxmx42.cloudfront.net\/2021\/02\/Maison digne d'un magasine design (10)-960x540.jpg","article-width":960,"article-height":540,"banner":"https:\/\/d2q6z78khxmx42.cloudfront.net\/2021\/02\/Maison digne d'un magasine design (10).jpg","banner-width":1920,"banner-height":1280,"block":"https:\/\/d2q6z78khxmx42.cloudfront.net\/2021\/02\/Maison digne d'un magasine design (10)-900x680.jpg","block-width":900,"block-height":680,"card":"https:\/\/d2q6z78khxmx42.cloudfront.net\/2021\/02\/Maison digne d'un magasine design (10)-560x495.jpg","card-width":560,"card-height":495,"card-thumbnail":"https:\/\/d2q6z78khxmx42.cloudfront.net\/2021\/02\/Maison digne d'un magasine design (10)-450x340.jpg","card-thumbnail-width":450,"card-thumbnail-height":340,"conference":"https:\/\/d2q6z78khxmx42.cloudfront.net\/2021\/02\/Maison digne d'un magasine design (10)-560x250.jpg","conference-width":560,"conference-height":250,"contest":"https:\/\/d2q6z78khxmx42.cloudfront.net\/2021\/02\/Maison digne d'un magasine design (10)-960x400.jpg","contest-width":960,"contest-height":400,"cta":"https:\/\/d2q6z78khxmx42.cloudfront.net\/2021\/02\/Maison digne d'un magasine design (10)-415x170.jpg","cta-width":415,"cta-height":170,"exhibitor":"https:\/\/d2q6z78khxmx42.cloudfront.net\/2021\/02\/Maison digne d'un magasine design (10)-560x560.jpg","exhibitor-width":560,"exhibitor-height":560,"gallery":"https:\/\/d2q6z78khxmx42.cloudfront.net\/2021\/02\/Maison digne d'un magasine design (10)-560x373.jpg","gallery-width":560,"gallery-height":373,"logo":"https:\/\/d2q6z78khxmx42.cloudfront.net\/2021\/02\/Maison digne d'un magasine design (10)-150x100.jpg","logo-width":150,"logo-height":100,"masonry":"https:\/\/d2q6z78khxmx42.cloudfront.net\/2021\/02\/Maison digne d'un magasine design (10)-550x367.jpg","masonry-width":550,"masonry-height":367,"modal":"https:\/\/d2q6z78khxmx42.cloudfront.net\/2021\/02\/Maison digne d'un magasine design (10).jpg","modal-width":1920,"modal-height":1280,"number":"https:\/\/d2q6z78khxmx42.cloudfront.net\/2021\/02\/ekdeDJ55-Maison digne d'un magasine design (10)-560x373.jpg","number-width":560,"number-height":373,"partner":"https:\/\/d2q6z78khxmx42.cloudfront.net\/2021\/02\/Maison digne d'un magasine design (10)-275x183.jpg","partner-width":275,"partner-height":183,"ranking":"https:\/\/d2q6z78khxmx42.cloudfront.net\/2021\/02\/ekdeDJ55-Maison digne d'un magasine design (10)-960x540.jpg","ranking-width":960,"ranking-height":540,"schedule":"https:\/\/d2q6z78khxmx42.cloudfront.net\/2021\/02\/Maison digne d'un magasine design (10)-960x360.jpg","schedule-width":960,"schedule-height":360,"slideshow":"https:\/\/d2q6z78khxmx42.cloudfront.net\/2021\/02\/Maison digne d'un magasine design (10)-1020x680.jpg","slideshow-width":1020,"slideshow-height":680}},"filters":[1007,114,556],"suppliers":false,"attachment_category":[]},{"categories":[191],"credit":"Sonia Balthazard Photographe","image":{"ID":63303,"id":63303,"title":"Maison digne d'un magasine design (33)","filename":"Maison digne d'un magasine design (33).jpg","filesize":0,"url":"https:\/\/d2q6z78khxmx42.cloudfront.net\/2021\/02\/Maison digne d'un magasine design (33).jpg","link":"https:\/\/int.design\/fr\/projets\/maison-intergenerationnelle-digne-dun-magazine-design\/maison-digne-dun-magasine-design-33\/","alt":"","author":"735","description":"Maison interg\u00e9n\u00e9rationnelle digne d'un magazine design Ktdesign Armoire Ludem Claude Goyette Technologue en architecture Les constructions Structek Boutique Plomberie St Luc ","caption":"","name":"maison-digne-dun-magasine-design-33","status":"inherit","uploaded_to":63204,"date":"2021-02-24 19:25:20","modified":"2022-02-08 12:19:55","menu_order":0,"mime_type":"image\/jpeg","type":"image","subtype":"jpeg","icon":"https:\/\/int.design\/wp-includes\/images\/media\/default.png","width":1920,"height":1280,"sizes":{"thumbnail":"https:\/\/d2q6z78khxmx42.cloudfront.net\/2021\/02\/Maison digne d'un magasine design (33)-150x150.jpg","thumbnail-width":150,"thumbnail-height":150,"medium":"https:\/\/d2q6z78khxmx42.cloudfront.net\/2021\/02\/Maison digne d'un magasine design (33)-300x200.jpg","medium-width":300,"medium-height":200,"medium_large":"https:\/\/d2q6z78khxmx42.cloudfront.net\/2021\/02\/Maison digne d'un magasine design (33)-768x512.jpg","medium_large-width":768,"medium_large-height":512,"large":"https:\/\/d2q6z78khxmx42.cloudfront.net\/2021\/02\/Maison digne d'un magasine design (33)-1024x683.jpg","large-width":1024,"large-height":683,"1536x1536":"https:\/\/d2q6z78khxmx42.cloudfront.net\/2021\/02\/Maison digne d'un magasine design (33)-1536x1024.jpg","1536x1536-width":1536,"1536x1536-height":1024,"2048x2048":"https:\/\/d2q6z78khxmx42.cloudfront.net\/2021\/02\/Maison digne d'un magasine design (33).jpg","2048x2048-width":1920,"2048x2048-height":1280,"article":"https:\/\/d2q6z78khxmx42.cloudfront.net\/2021\/02\/Maison digne d'un magasine design (33)-960x540.jpg","article-width":960,"article-height":540,"banner":"https:\/\/d2q6z78khxmx42.cloudfront.net\/2021\/02\/Maison digne d'un magasine design (33).jpg","banner-width":1920,"banner-height":1280,"block":"https:\/\/d2q6z78khxmx42.cloudfront.net\/2021\/02\/Maison digne d'un magasine design (33)-900x680.jpg","block-width":900,"block-height":680,"card":"https:\/\/d2q6z78khxmx42.cloudfront.net\/2021\/02\/Maison digne d'un magasine design (33)-560x495.jpg","card-width":560,"card-height":495,"card-thumbnail":"https:\/\/d2q6z78khxmx42.cloudfront.net\/2021\/02\/Maison digne d'un magasine design (33)-450x340.jpg","card-thumbnail-width":450,"card-thumbnail-height":340,"conference":"https:\/\/d2q6z78khxmx42.cloudfront.net\/2021\/02\/Maison digne d'un magasine design (33)-560x250.jpg","conference-width":560,"conference-height":250,"contest":"https:\/\/d2q6z78khxmx42.cloudfront.net\/2021\/02\/Maison digne d'un magasine design (33)-960x400.jpg","contest-width":960,"contest-height":400,"cta":"https:\/\/d2q6z78khxmx42.cloudfront.net\/2021\/02\/Maison digne d'un magasine design (33)-415x170.jpg","cta-width":415,"cta-height":170,"exhibitor":"https:\/\/d2q6z78khxmx42.cloudfront.net\/2021\/02\/Maison digne d'un magasine design (33)-560x560.jpg","exhibitor-width":560,"exhibitor-height":560,"gallery":"https:\/\/d2q6z78khxmx42.cloudfront.net\/2021\/02\/Maison digne d'un magasine design (33)-560x373.jpg","gallery-width":560,"gallery-height":373,"logo":"https:\/\/d2q6z78khxmx42.cloudfront.net\/2021\/02\/Maison digne d'un magasine design (33)-150x100.jpg","logo-width":150,"logo-height":100,"masonry":"https:\/\/d2q6z78khxmx42.cloudfront.net\/2021\/02\/Maison digne d'un magasine design (33)-550x367.jpg","masonry-width":550,"masonry-height":367,"modal":"https:\/\/d2q6z78khxmx42.cloudfront.net\/2021\/02\/Maison digne d'un magasine design (33).jpg","modal-width":1920,"modal-height":1280,"number":"https:\/\/d2q6z78khxmx42.cloudfront.net\/2021\/02\/XWpli36G-Maison digne d'un magasine design (33)-560x373.jpg","number-width":560,"number-height":373,"partner":"https:\/\/d2q6z78khxmx42.cloudfront.net\/2021\/02\/Maison digne d'un magasine design (33)-275x183.jpg","partner-width":275,"partner-height":183,"ranking":"https:\/\/d2q6z78khxmx42.cloudfront.net\/2021\/02\/XWpli36G-Maison digne d'un magasine design (33)-960x540.jpg","ranking-width":960,"ranking-height":540,"schedule":"https:\/\/d2q6z78khxmx42.cloudfront.net\/2021\/02\/Maison digne d'un magasine design (33)-960x360.jpg","schedule-width":960,"schedule-height":360,"slideshow":"https:\/\/d2q6z78khxmx42.cloudfront.net\/2021\/02\/Maison digne d'un magasine design (33)-1020x680.jpg","slideshow-width":1020,"slideshow-height":680}},"filters":[1007,23,556],"suppliers":false,"attachment_category":[]},{"categories":[191,428],"credit":"Sonia Balthazard","image":{"ID":63304,"id":63304,"title":"Maison digne d'un magasine design (35)","filename":"Maison digne d'un magasine design (35).jpg","filesize":0,"url":"https:\/\/d2q6z78khxmx42.cloudfront.net\/2021\/02\/Maison digne d'un magasine design (35).jpg","link":"https:\/\/int.design\/fr\/projets\/maison-intergenerationnelle-digne-dun-magazine-design\/maison-digne-dun-magasine-design-35\/","alt":"","author":"735","description":"Maison interg\u00e9n\u00e9rationnelle digne d'un magazine design Ktdesign Armoire Ludem Claude Goyette Technologue en architecture Les constructions Structek Boutique Plomberie St Luc ","caption":"","name":"maison-digne-dun-magasine-design-35","status":"inherit","uploaded_to":63204,"date":"2021-02-24 19:25:23","modified":"2022-02-08 12:19:55","menu_order":0,"mime_type":"image\/jpeg","type":"image","subtype":"jpeg","icon":"https:\/\/int.design\/wp-includes\/images\/media\/default.png","width":1920,"height":1280,"sizes":{"thumbnail":"https:\/\/d2q6z78khxmx42.cloudfront.net\/2021\/02\/Maison digne d'un magasine design (35)-150x150.jpg","thumbnail-width":150,"thumbnail-height":150,"medium":"https:\/\/d2q6z78khxmx42.cloudfront.net\/2021\/02\/Maison digne d'un magasine design (35)-300x200.jpg","medium-width":300,"medium-height":200,"medium_large":"https:\/\/d2q6z78khxmx42.cloudfront.net\/2021\/02\/Maison digne d'un magasine design (35)-768x512.jpg","medium_large-width":768,"medium_large-height":512,"large":"https:\/\/d2q6z78khxmx42.cloudfront.net\/2021\/02\/Maison digne d'un magasine design (35)-1024x683.jpg","large-width":1024,"large-height":683,"1536x1536":"https:\/\/d2q6z78khxmx42.cloudfront.net\/2021\/02\/Maison digne d'un magasine design (35)-1536x1024.jpg","1536x1536-width":1536,"1536x1536-height":1024,"2048x2048":"https:\/\/d2q6z78khxmx42.cloudfront.net\/2021\/02\/Maison digne d'un magasine design (35).jpg","2048x2048-width":1920,"2048x2048-height":1280,"article":"https:\/\/d2q6z78khxmx42.cloudfront.net\/2021\/02\/Maison digne d'un magasine design (35)-960x540.jpg","article-width":960,"article-height":540,"banner":"https:\/\/d2q6z78khxmx42.cloudfront.net\/2021\/02\/Maison digne d'un magasine design (35).jpg","banner-width":1920,"banner-height":1280,"block":"https:\/\/d2q6z78khxmx42.cloudfront.net\/2021\/02\/Maison digne d'un magasine design (35)-900x680.jpg","block-width":900,"block-height":680,"card":"https:\/\/d2q6z78khxmx42.cloudfront.net\/2021\/02\/Maison digne d'un magasine design (35)-560x495.jpg","card-width":560,"card-height":495,"card-thumbnail":"https:\/\/d2q6z78khxmx42.cloudfront.net\/2021\/02\/Maison digne d'un magasine design (35)-450x340.jpg","card-thumbnail-width":450,"card-thumbnail-height":340,"conference":"https:\/\/d2q6z78khxmx42.cloudfront.net\/2021\/02\/Maison digne d'un magasine design (35)-560x250.jpg","conference-width":560,"conference-height":250,"contest":"https:\/\/d2q6z78khxmx42.cloudfront.net\/2021\/02\/Maison digne d'un magasine design (35)-960x400.jpg","contest-width":960,"contest-height":400,"cta":"https:\/\/d2q6z78khxmx42.cloudfront.net\/2021\/02\/Maison digne d'un magasine design (35)-415x170.jpg","cta-width":415,"cta-height":170,"exhibitor":"https:\/\/d2q6z78khxmx42.cloudfront.net\/2021\/02\/Maison digne d'un magasine design (35)-560x560.jpg","exhibitor-width":560,"exhibitor-height":560,"gallery":"https:\/\/d2q6z78khxmx42.cloudfront.net\/2021\/02\/Maison digne d'un magasine design (35)-560x373.jpg","gallery-width":560,"gallery-height":373,"logo":"https:\/\/d2q6z78khxmx42.cloudfront.net\/2021\/02\/Maison digne d'un magasine design (35)-150x100.jpg","logo-width":150,"logo-height":100,"masonry":"https:\/\/d2q6z78khxmx42.cloudfront.net\/2021\/02\/Maison digne d'un magasine design (35)-550x367.jpg","masonry-width":550,"masonry-height":367,"modal":"https:\/\/d2q6z78khxmx42.cloudfront.net\/2021\/02\/Maison digne d'un magasine design (35).jpg","modal-width":1920,"modal-height":1280,"number":"https:\/\/d2q6z78khxmx42.cloudfront.net\/2021\/02\/6SEG0Xmh-Maison digne d'un magasine design (35)-560x373.jpg","number-width":560,"number-height":373,"partner":"https:\/\/d2q6z78khxmx42.cloudfront.net\/2021\/02\/Maison digne d'un magasine design (35)-275x183.jpg","partner-width":275,"partner-height":183,"ranking":"https:\/\/d2q6z78khxmx42.cloudfront.net\/2021\/02\/6SEG0Xmh-Maison digne d'un magasine design (35)-960x540.jpg","ranking-width":960,"ranking-height":540,"schedule":"https:\/\/d2q6z78khxmx42.cloudfront.net\/2021\/02\/Maison digne d'un magasine design (35)-960x360.jpg","schedule-width":960,"schedule-height":360,"slideshow":"https:\/\/d2q6z78khxmx42.cloudfront.net\/2021\/02\/Maison digne d'un magasine design (35)-1020x680.jpg","slideshow-width":1020,"slideshow-height":680}},"filters":[1007,23,113,24,556],"suppliers":false,"attachment_category":[]},{"categories":[191,428],"credit":"Sonia Balthazard Photographe","image":{"ID":63305,"id":63305,"title":"Maison digne d'un magasine design (36)","filename":"Maison digne d'un magasine design (36).jpg","filesize":0,"url":"https:\/\/d2q6z78khxmx42.cloudfront.net\/2021\/02\/Maison digne d'un magasine design (36).jpg","link":"https:\/\/int.design\/fr\/projets\/maison-intergenerationnelle-digne-dun-magazine-design\/maison-digne-dun-magasine-design-36\/","alt":"","author":"735","description":"Maison interg\u00e9n\u00e9rationnelle digne d'un magazine design Ktdesign Armoire Ludem Claude Goyette Technologue en architecture Les constructions Structek Boutique Plomberie St Luc ","caption":"","name":"maison-digne-dun-magasine-design-36","status":"inherit","uploaded_to":63204,"date":"2021-02-24 19:28:14","modified":"2022-02-08 12:19:55","menu_order":0,"mime_type":"image\/jpeg","type":"image","subtype":"jpeg","icon":"https:\/\/int.design\/wp-includes\/images\/media\/default.png","width":1920,"height":1280,"sizes":{"thumbnail":"https:\/\/d2q6z78khxmx42.cloudfront.net\/2021\/02\/Maison digne d'un magasine design (36)-150x150.jpg","thumbnail-width":150,"thumbnail-height":150,"medium":"https:\/\/d2q6z78khxmx42.cloudfront.net\/2021\/02\/Maison digne d'un magasine design (36)-300x200.jpg","medium-width":300,"medium-height":200,"medium_large":"https:\/\/d2q6z78khxmx42.cloudfront.net\/2021\/02\/Maison digne d'un magasine design (36)-768x512.jpg","medium_large-width":768,"medium_large-height":512,"large":"https:\/\/d2q6z78khxmx42.cloudfront.net\/2021\/02\/Maison digne d'un magasine design (36)-1024x683.jpg","large-width":1024,"large-height":683,"1536x1536":"https:\/\/d2q6z78khxmx42.cloudfront.net\/2021\/02\/Maison digne d'un magasine design (36)-1536x1024.jpg","1536x1536-width":1536,"1536x1536-height":1024,"2048x2048":"https:\/\/d2q6z78khxmx42.cloudfront.net\/2021\/02\/Maison digne d'un magasine design (36).jpg","2048x2048-width":1920,"2048x2048-height":1280,"article":"https:\/\/d2q6z78khxmx42.cloudfront.net\/2021\/02\/Maison digne d'un magasine design (36)-960x540.jpg","article-width":960,"article-height":540,"banner":"https:\/\/d2q6z78khxmx42.cloudfront.net\/2021\/02\/Maison digne d'un magasine design (36).jpg","banner-width":1920,"banner-height":1280,"block":"https:\/\/d2q6z78khxmx42.cloudfront.net\/2021\/02\/Maison digne d'un magasine design (36)-900x680.jpg","block-width":900,"block-height":680,"card":"https:\/\/d2q6z78khxmx42.cloudfront.net\/2021\/02\/Maison digne d'un magasine design (36)-560x495.jpg","card-width":560,"card-height":495,"card-thumbnail":"https:\/\/d2q6z78khxmx42.cloudfront.net\/2021\/02\/Maison digne d'un magasine design (36)-450x340.jpg","card-thumbnail-width":450,"card-thumbnail-height":340,"conference":"https:\/\/d2q6z78khxmx42.cloudfront.net\/2021\/02\/Maison digne d'un magasine design (36)-560x250.jpg","conference-width":560,"conference-height":250,"contest":"https:\/\/d2q6z78khxmx42.cloudfront.net\/2021\/02\/Maison digne d'un magasine design (36)-960x400.jpg","contest-width":960,"contest-height":400,"cta":"https:\/\/d2q6z78khxmx42.cloudfront.net\/2021\/02\/Maison digne d'un magasine design (36)-415x170.jpg","cta-width":415,"cta-height":170,"exhibitor":"https:\/\/d2q6z78khxmx42.cloudfront.net\/2021\/02\/Maison digne d'un magasine design (36)-560x560.jpg","exhibitor-width":560,"exhibitor-height":560,"gallery":"https:\/\/d2q6z78khxmx42.cloudfront.net\/2021\/02\/Maison digne d'un magasine design (36)-560x373.jpg","gallery-width":560,"gallery-height":373,"logo":"https:\/\/d2q6z78khxmx42.cloudfront.net\/2021\/02\/Maison digne d'un magasine design (36)-150x100.jpg","logo-width":150,"logo-height":100,"masonry":"https:\/\/d2q6z78khxmx42.cloudfront.net\/2021\/02\/Maison digne d'un magasine design (36)-550x367.jpg","masonry-width":550,"masonry-height":367,"modal":"https:\/\/d2q6z78khxmx42.cloudfront.net\/2021\/02\/Maison digne d'un magasine design (36).jpg","modal-width":1920,"modal-height":1280,"number":"https:\/\/d2q6z78khxmx42.cloudfront.net\/2021\/02\/zZkqjlBr-Maison digne d'un magasine design (36)-560x373.jpg","number-width":560,"number-height":373,"partner":"https:\/\/d2q6z78khxmx42.cloudfront.net\/2021\/02\/Maison digne d'un magasine design (36)-275x183.jpg","partner-width":275,"partner-height":183,"ranking":"https:\/\/d2q6z78khxmx42.cloudfront.net\/2021\/02\/zZkqjlBr-Maison digne d'un magasine design (36)-960x540.jpg","ranking-width":960,"ranking-height":540,"schedule":"https:\/\/d2q6z78khxmx42.cloudfront.net\/2021\/02\/Maison digne d'un magasine design (36)-960x360.jpg","schedule-width":960,"schedule-height":360,"slideshow":"https:\/\/d2q6z78khxmx42.cloudfront.net\/2021\/02\/Maison digne d'un magasine design (36)-1020x680.jpg","slideshow-width":1020,"slideshow-height":680}},"filters":[1007,23,113,24,556],"suppliers":false,"attachment_category":[]},{"categories":[428],"credit":"Sonia Balthazard Photographe","image":{"ID":63306,"id":63306,"title":"Maison digne d'un magazine de design (1)","filename":"Maison digne d'un magazine de design (1).jpg","filesize":0,"url":"https:\/\/d2q6z78khxmx42.cloudfront.net\/2021\/02\/Maison digne d'un magazine de design (1).jpg","link":"https:\/\/int.design\/fr\/projets\/maison-intergenerationnelle-digne-dun-magazine-design\/maison-digne-dun-magazine-de-design-1\/","alt":"","author":"735","description":"Maison interg\u00e9n\u00e9rationnelle digne d'un magazine design Ktdesign Armoire Ludem Claude Goyette Technologue en architecture Les constructions Structek Boutique Plomberie St Luc ","caption":"","name":"maison-digne-dun-magazine-de-design-1","status":"inherit","uploaded_to":63204,"date":"2021-02-24 19:28:18","modified":"2022-02-08 12:19:55","menu_order":0,"mime_type":"image\/jpeg","type":"image","subtype":"jpeg","icon":"https:\/\/int.design\/wp-includes\/images\/media\/default.png","width":1832,"height":1280,"sizes":{"thumbnail":"https:\/\/d2q6z78khxmx42.cloudfront.net\/2021\/02\/Maison digne d'un magazine de design (1)-150x150.jpg","thumbnail-width":150,"thumbnail-height":150,"medium":"https:\/\/d2q6z78khxmx42.cloudfront.net\/2021\/02\/Maison digne d'un magazine de design (1)-300x210.jpg","medium-width":300,"medium-height":210,"medium_large":"https:\/\/d2q6z78khxmx42.cloudfront.net\/2021\/02\/Maison digne d'un magazine de design (1)-768x537.jpg","medium_large-width":768,"medium_large-height":537,"large":"https:\/\/d2q6z78khxmx42.cloudfront.net\/2021\/02\/Maison digne d'un magazine de design (1)-1024x715.jpg","large-width":1024,"large-height":715,"1536x1536":"https:\/\/d2q6z78khxmx42.cloudfront.net\/2021\/02\/Maison digne d'un magazine de design (1)-1536x1073.jpg","1536x1536-width":1536,"1536x1536-height":1073,"2048x2048":"https:\/\/d2q6z78khxmx42.cloudfront.net\/2021\/02\/Maison digne d'un magazine de design (1).jpg","2048x2048-width":1832,"2048x2048-height":1280,"article":"https:\/\/d2q6z78khxmx42.cloudfront.net\/2021\/02\/Maison digne d'un magazine de design (1)-960x540.jpg","article-width":960,"article-height":540,"banner":"https:\/\/d2q6z78khxmx42.cloudfront.net\/2021\/02\/Maison digne d'un magazine de design (1).jpg","banner-width":1832,"banner-height":1280,"block":"https:\/\/d2q6z78khxmx42.cloudfront.net\/2021\/02\/Maison digne d'un magazine de design (1)-900x680.jpg","block-width":900,"block-height":680,"card":"https:\/\/d2q6z78khxmx42.cloudfront.net\/2021\/02\/Maison digne d'un magazine de design (1)-560x495.jpg","card-width":560,"card-height":495,"card-thumbnail":"https:\/\/d2q6z78khxmx42.cloudfront.net\/2021\/02\/Maison digne d'un magazine de design (1)-450x340.jpg","card-thumbnail-width":450,"card-thumbnail-height":340,"conference":"https:\/\/d2q6z78khxmx42.cloudfront.net\/2021\/02\/Maison digne d'un magazine de design (1)-560x250.jpg","conference-width":560,"conference-height":250,"contest":"https:\/\/d2q6z78khxmx42.cloudfront.net\/2021\/02\/Maison digne d'un magazine de design (1)-960x400.jpg","contest-width":960,"contest-height":400,"cta":"https:\/\/d2q6z78khxmx42.cloudfront.net\/2021\/02\/Maison digne d'un magazine de design (1)-415x170.jpg","cta-width":415,"cta-height":170,"exhibitor":"https:\/\/d2q6z78khxmx42.cloudfront.net\/2021\/02\/Maison digne d'un magazine de design (1)-560x560.jpg","exhibitor-width":560,"exhibitor-height":560,"gallery":"https:\/\/d2q6z78khxmx42.cloudfront.net\/2021\/02\/Maison digne d'un magazine de design (1)-560x391.jpg","gallery-width":560,"gallery-height":391,"logo":"https:\/\/d2q6z78khxmx42.cloudfront.net\/2021\/02\/Maison digne d'un magazine de design (1)-143x100.jpg","logo-width":143,"logo-height":100,"masonry":"https:\/\/d2q6z78khxmx42.cloudfront.net\/2021\/02\/Maison digne d'un magazine de design (1)-550x384.jpg","masonry-width":550,"masonry-height":384,"modal":"https:\/\/d2q6z78khxmx42.cloudfront.net\/2021\/02\/Maison digne d'un magazine de design (1).jpg","modal-width":1832,"modal-height":1280,"number":"https:\/\/d2q6z78khxmx42.cloudfront.net\/2021\/02\/qmCiAcrj-Maison digne d'un magazine de design (1)-560x391.jpg","number-width":560,"number-height":391,"partner":"https:\/\/d2q6z78khxmx42.cloudfront.net\/2021\/02\/Maison digne d'un magazine de design (1)-275x192.jpg","partner-width":275,"partner-height":192,"ranking":"https:\/\/d2q6z78khxmx42.cloudfront.net\/2021\/02\/qmCiAcrj-Maison digne d'un magazine de design (1)-960x540.jpg","ranking-width":960,"ranking-height":540,"schedule":"https:\/\/d2q6z78khxmx42.cloudfront.net\/2021\/02\/Maison digne d'un magazine de design (1)-960x360.jpg","schedule-width":960,"schedule-height":360,"slideshow":"https:\/\/d2q6z78khxmx42.cloudfront.net\/2021\/02\/Maison digne d'un magazine de design (1)-973x680.jpg","slideshow-width":973,"slideshow-height":680}},"filters":[1007,556],"suppliers":false,"attachment_category":[]},{"categories":[428],"credit":"Sonia Balthazard Photographe","image":{"ID":63307,"id":63307,"title":"Maison digne d'un magazine de design (2)","filename":"Maison digne d'un magazine de design (2).jpg","filesize":0,"url":"https:\/\/d2q6z78khxmx42.cloudfront.net\/2021\/02\/Maison digne d'un magazine de design (2).jpg","link":"https:\/\/int.design\/fr\/projets\/maison-intergenerationnelle-digne-dun-magazine-design\/maison-digne-dun-magazine-de-design-2\/","alt":"","author":"735","description":"Maison interg\u00e9n\u00e9rationnelle digne d'un magazine design Ktdesign Armoire Ludem Claude Goyette Technologue en architecture Les constructions Structek Boutique Plomberie St Luc ","caption":"","name":"maison-digne-dun-magazine-de-design-2","status":"inherit","uploaded_to":63204,"date":"2021-02-24 19:28:22","modified":"2022-02-08 12:19:55","menu_order":0,"mime_type":"image\/jpeg","type":"image","subtype":"jpeg","icon":"https:\/\/int.design\/wp-includes\/images\/media\/default.png","width":1920,"height":1280,"sizes":{"thumbnail":"https:\/\/d2q6z78khxmx42.cloudfront.net\/2021\/02\/Maison digne d'un magazine de design (2)-150x150.jpg","thumbnail-width":150,"thumbnail-height":150,"medium":"https:\/\/d2q6z78khxmx42.cloudfront.net\/2021\/02\/Maison digne d'un magazine de design (2)-300x200.jpg","medium-width":300,"medium-height":200,"medium_large":"https:\/\/d2q6z78khxmx42.cloudfront.net\/2021\/02\/Maison digne d'un magazine de design (2)-768x512.jpg","medium_large-width":768,"medium_large-height":512,"large":"https:\/\/d2q6z78khxmx42.cloudfront.net\/2021\/02\/Maison digne d'un magazine de design (2)-1024x683.jpg","large-width":1024,"large-height":683,"1536x1536":"https:\/\/d2q6z78khxmx42.cloudfront.net\/2021\/02\/Maison digne d'un magazine de design (2)-1536x1024.jpg","1536x1536-width":1536,"1536x1536-height":1024,"2048x2048":"https:\/\/d2q6z78khxmx42.cloudfront.net\/2021\/02\/Maison digne d'un magazine de design (2).jpg","2048x2048-width":1920,"2048x2048-height":1280,"article":"https:\/\/d2q6z78khxmx42.cloudfront.net\/2021\/02\/Maison digne d'un magazine de design (2)-960x540.jpg","article-width":960,"article-height":540,"banner":"https:\/\/d2q6z78khxmx42.cloudfront.net\/2021\/02\/Maison digne d'un magazine de design (2).jpg","banner-width":1920,"banner-height":1280,"block":"https:\/\/d2q6z78khxmx42.cloudfront.net\/2021\/02\/Maison digne d'un magazine de design (2)-900x680.jpg","block-width":900,"block-height":680,"card":"https:\/\/d2q6z78khxmx42.cloudfront.net\/2021\/02\/Maison digne d'un magazine de design (2)-560x495.jpg","card-width":560,"card-height":495,"card-thumbnail":"https:\/\/d2q6z78khxmx42.cloudfront.net\/2021\/02\/Maison digne d'un magazine de design (2)-450x340.jpg","card-thumbnail-width":450,"card-thumbnail-height":340,"conference":"https:\/\/d2q6z78khxmx42.cloudfront.net\/2021\/02\/Maison digne d'un magazine de design (2)-560x250.jpg","conference-width":560,"conference-height":250,"contest":"https:\/\/d2q6z78khxmx42.cloudfront.net\/2021\/02\/Maison digne d'un magazine de design (2)-960x400.jpg","contest-width":960,"contest-height":400,"cta":"https:\/\/d2q6z78khxmx42.cloudfront.net\/2021\/02\/Maison digne d'un magazine de design (2)-415x170.jpg","cta-width":415,"cta-height":170,"exhibitor":"https:\/\/d2q6z78khxmx42.cloudfront.net\/2021\/02\/Maison digne d'un magazine de design (2)-560x560.jpg","exhibitor-width":560,"exhibitor-height":560,"gallery":"https:\/\/d2q6z78khxmx42.cloudfront.net\/2021\/02\/Maison digne d'un magazine de design (2)-560x373.jpg","gallery-width":560,"gallery-height":373,"logo":"https:\/\/d2q6z78khxmx42.cloudfront.net\/2021\/02\/Maison digne d'un magazine de design (2)-150x100.jpg","logo-width":150,"logo-height":100,"masonry":"https:\/\/d2q6z78khxmx42.cloudfront.net\/2021\/02\/Maison digne d'un magazine de design (2)-550x367.jpg","masonry-width":550,"masonry-height":367,"modal":"https:\/\/d2q6z78khxmx42.cloudfront.net\/2021\/02\/Maison digne d'un magazine de design (2).jpg","modal-width":1920,"modal-height":1280,"number":"https:\/\/d2q6z78khxmx42.cloudfront.net\/2021\/02\/N1YDtNJd-Maison digne d'un magazine de design (2)-560x373.jpg","number-width":560,"number-height":373,"partner":"https:\/\/d2q6z78khxmx42.cloudfront.net\/2021\/02\/Maison digne d'un magazine de design (2)-275x183.jpg","partner-width":275,"partner-height":183,"ranking":"https:\/\/d2q6z78khxmx42.cloudfront.net\/2021\/02\/N1YDtNJd-Maison digne d'un magazine de design (2)-960x540.jpg","ranking-width":960,"ranking-height":540,"schedule":"https:\/\/d2q6z78khxmx42.cloudfront.net\/2021\/02\/Maison digne d'un magazine de design (2)-960x360.jpg","schedule-width":960,"schedule-height":360,"slideshow":"https:\/\/d2q6z78khxmx42.cloudfront.net\/2021\/02\/Maison digne d'un magazine de design (2)-1020x680.jpg","slideshow-width":1020,"slideshow-height":680}},"filters":[1007,556],"suppliers":false,"attachment_category":[]},{"categories":[428],"credit":"Sonia Balthazard Photographe","image":{"ID":63308,"id":63308,"title":"Miason digne d'un magasine de design (16)","filename":"Miason digne d'un magasine de design (16).jpg","filesize":0,"url":"https:\/\/d2q6z78khxmx42.cloudfront.net\/2021\/02\/Miason digne d'un magasine de design (16).jpg","link":"https:\/\/int.design\/fr\/projets\/maison-intergenerationnelle-digne-dun-magazine-design\/miason-digne-dun-magasine-de-design-16\/","alt":"","author":"735","description":"Maison interg\u00e9n\u00e9rationnelle digne d'un magazine design Ktdesign Armoire Ludem Claude Goyette Technologue en architecture Les constructions Structek Boutique Plomberie St Luc ","caption":"","name":"miason-digne-dun-magasine-de-design-16","status":"inherit","uploaded_to":63204,"date":"2021-02-24 19:28:27","modified":"2022-02-08 12:19:55","menu_order":0,"mime_type":"image\/jpeg","type":"image","subtype":"jpeg","icon":"https:\/\/int.design\/wp-includes\/images\/media\/default.png","width":1920,"height":1280,"sizes":{"thumbnail":"https:\/\/d2q6z78khxmx42.cloudfront.net\/2021\/02\/Miason digne d'un magasine de design (16)-150x150.jpg","thumbnail-width":150,"thumbnail-height":150,"medium":"https:\/\/d2q6z78khxmx42.cloudfront.net\/2021\/02\/Miason digne d'un magasine de design (16)-300x200.jpg","medium-width":300,"medium-height":200,"medium_large":"https:\/\/d2q6z78khxmx42.cloudfront.net\/2021\/02\/Miason digne d'un magasine de design (16)-768x512.jpg","medium_large-width":768,"medium_large-height":512,"large":"https:\/\/d2q6z78khxmx42.cloudfront.net\/2021\/02\/Miason digne d'un magasine de design (16)-1024x683.jpg","large-width":1024,"large-height":683,"1536x1536":"https:\/\/d2q6z78khxmx42.cloudfront.net\/2021\/02\/Miason digne d'un magasine de design (16)-1536x1024.jpg","1536x1536-width":1536,"1536x1536-height":1024,"2048x2048":"https:\/\/d2q6z78khxmx42.cloudfront.net\/2021\/02\/Miason digne d'un magasine de design (16).jpg","2048x2048-width":1920,"2048x2048-height":1280,"article":"https:\/\/d2q6z78khxmx42.cloudfront.net\/2021\/02\/Miason digne d'un magasine de design (16)-960x540.jpg","article-width":960,"article-height":540,"banner":"https:\/\/d2q6z78khxmx42.cloudfront.net\/2021\/02\/Miason digne d'un magasine de design (16).jpg","banner-width":1920,"banner-height":1280,"block":"https:\/\/d2q6z78khxmx42.cloudfront.net\/2021\/02\/Miason digne d'un magasine de design (16)-900x680.jpg","block-width":900,"block-height":680,"card":"https:\/\/d2q6z78khxmx42.cloudfront.net\/2021\/02\/Miason digne d'un magasine de design (16)-560x495.jpg","card-width":560,"card-height":495,"card-thumbnail":"https:\/\/d2q6z78khxmx42.cloudfront.net\/2021\/02\/Miason digne d'un magasine de design (16)-450x340.jpg","card-thumbnail-width":450,"card-thumbnail-height":340,"conference":"https:\/\/d2q6z78khxmx42.cloudfront.net\/2021\/02\/Miason digne d'un magasine de design (16)-560x250.jpg","conference-width":560,"conference-height":250,"contest":"https:\/\/d2q6z78khxmx42.cloudfront.net\/2021\/02\/Miason digne d'un magasine de design (16)-960x400.jpg","contest-width":960,"contest-height":400,"cta":"https:\/\/d2q6z78khxmx42.cloudfront.net\/2021\/02\/Miason digne d'un magasine de design (16)-415x170.jpg","cta-width":415,"cta-height":170,"exhibitor":"https:\/\/d2q6z78khxmx42.cloudfront.net\/2021\/02\/Miason digne d'un magasine de design (16)-560x560.jpg","exhibitor-width":560,"exhibitor-height":560,"gallery":"https:\/\/d2q6z78khxmx42.cloudfront.net\/2021\/02\/Miason digne d'un magasine de design (16)-560x373.jpg","gallery-width":560,"gallery-height":373,"logo":"https:\/\/d2q6z78khxmx42.cloudfront.net\/2021\/02\/Miason digne d'un magasine de design (16)-150x100.jpg","logo-width":150,"logo-height":100,"masonry":"https:\/\/d2q6z78khxmx42.cloudfront.net\/2021\/02\/Miason digne d'un magasine de design (16)-550x367.jpg","masonry-width":550,"masonry-height":367,"modal":"https:\/\/d2q6z78khxmx42.cloudfront.net\/2021\/02\/Miason digne d'un magasine de design (16).jpg","modal-width":1920,"modal-height":1280,"number":"https:\/\/d2q6z78khxmx42.cloudfront.net\/2021\/02\/LAOcDxsJ-Miason digne d'un magasine de design (16)-560x373.jpg","number-width":560,"number-height":373,"partner":"https:\/\/d2q6z78khxmx42.cloudfront.net\/2021\/02\/Miason digne d'un magasine de design (16)-275x183.jpg","partner-width":275,"partner-height":183,"ranking":"https:\/\/d2q6z78khxmx42.cloudfront.net\/2021\/02\/LAOcDxsJ-Miason digne d'un magasine de design (16)-960x540.jpg","ranking-width":960,"ranking-height":540,"schedule":"https:\/\/d2q6z78khxmx42.cloudfront.net\/2021\/02\/Miason digne d'un magasine de design (16)-960x360.jpg","schedule-width":960,"schedule-height":360,"slideshow":"https:\/\/d2q6z78khxmx42.cloudfront.net\/2021\/02\/Miason digne d'un magasine de design (16)-1020x680.jpg","slideshow-width":1020,"slideshow-height":680}},"filters":[1007,556],"suppliers":false,"attachment_category":[]},{"categories":[428],"credit":"Sonia Balthazard Photographe","image":{"ID":63309,"id":63309,"title":"Aire ouverte 1 ere g\u00e9n\u00e9ration","filename":"Aire ouverte 1 ere g\u00e9n\u00e9ration.jpg","filesize":0,"url":"https:\/\/d2q6z78khxmx42.cloudfront.net\/2021\/02\/Aire ouverte 1 ere g\u00e9n\u00e9ration.jpg","link":"https:\/\/int.design\/fr\/projets\/maison-intergenerationnelle-digne-dun-magazine-design\/aire-ouverte-1-ere-generation\/","alt":"","author":"735","description":"Maison interg\u00e9n\u00e9rationnelle digne d'un magazine design Ktdesign Armoire Ludem Claude Goyette Technologue en architecture Les constructions Structek Boutique Plomberie St Luc ","caption":"","name":"aire-ouverte-1-ere-generation","status":"inherit","uploaded_to":63204,"date":"2021-02-24 19:30:58","modified":"2022-02-08 12:19:55","menu_order":0,"mime_type":"image\/jpeg","type":"image","subtype":"jpeg","icon":"https:\/\/int.design\/wp-includes\/images\/media\/default.png","width":1920,"height":1280,"sizes":{"thumbnail":"https:\/\/d2q6z78khxmx42.cloudfront.net\/2021\/02\/Aire ouverte 1 ere g\u00e9n\u00e9ration-150x150.jpg","thumbnail-width":150,"thumbnail-height":150,"medium":"https:\/\/d2q6z78khxmx42.cloudfront.net\/2021\/02\/Aire ouverte 1 ere g\u00e9n\u00e9ration-300x200.jpg","medium-width":300,"medium-height":200,"medium_large":"https:\/\/d2q6z78khxmx42.cloudfront.net\/2021\/02\/Aire ouverte 1 ere g\u00e9n\u00e9ration-768x512.jpg","medium_large-width":768,"medium_large-height":512,"large":"https:\/\/d2q6z78khxmx42.cloudfront.net\/2021\/02\/Aire ouverte 1 ere g\u00e9n\u00e9ration-1024x683.jpg","large-width":1024,"large-height":683,"1536x1536":"https:\/\/d2q6z78khxmx42.cloudfront.net\/2021\/02\/Aire ouverte 1 ere g\u00e9n\u00e9ration-1536x1024.jpg","1536x1536-width":1536,"1536x1536-height":1024,"2048x2048":"https:\/\/d2q6z78khxmx42.cloudfront.net\/2021\/02\/Aire ouverte 1 ere g\u00e9n\u00e9ration.jpg","2048x2048-width":1920,"2048x2048-height":1280,"article":"https:\/\/d2q6z78khxmx42.cloudfront.net\/2021\/02\/Aire ouverte 1 ere g\u00e9n\u00e9ration-960x540.jpg","article-width":960,"article-height":540,"banner":"https:\/\/d2q6z78khxmx42.cloudfront.net\/2021\/02\/Aire ouverte 1 ere g\u00e9n\u00e9ration.jpg","banner-width":1920,"banner-height":1280,"block":"https:\/\/d2q6z78khxmx42.cloudfront.net\/2021\/02\/Aire ouverte 1 ere g\u00e9n\u00e9ration-900x680.jpg","block-width":900,"block-height":680,"card":"https:\/\/d2q6z78khxmx42.cloudfront.net\/2021\/02\/Aire ouverte 1 ere g\u00e9n\u00e9ration-560x495.jpg","card-width":560,"card-height":495,"card-thumbnail":"https:\/\/d2q6z78khxmx42.cloudfront.net\/2021\/02\/Aire ouverte 1 ere g\u00e9n\u00e9ration-450x340.jpg","card-thumbnail-width":450,"card-thumbnail-height":340,"conference":"https:\/\/d2q6z78khxmx42.cloudfront.net\/2021\/02\/Aire ouverte 1 ere g\u00e9n\u00e9ration-560x250.jpg","conference-width":560,"conference-height":250,"contest":"https:\/\/d2q6z78khxmx42.cloudfront.net\/2021\/02\/Aire ouverte 1 ere g\u00e9n\u00e9ration-960x400.jpg","contest-width":960,"contest-height":400,"cta":"https:\/\/d2q6z78khxmx42.cloudfront.net\/2021\/02\/Aire ouverte 1 ere g\u00e9n\u00e9ration-415x170.jpg","cta-width":415,"cta-height":170,"exhibitor":"https:\/\/d2q6z78khxmx42.cloudfront.net\/2021\/02\/Aire ouverte 1 ere g\u00e9n\u00e9ration-560x560.jpg","exhibitor-width":560,"exhibitor-height":560,"gallery":"https:\/\/d2q6z78khxmx42.cloudfront.net\/2021\/02\/Aire ouverte 1 ere g\u00e9n\u00e9ration-560x373.jpg","gallery-width":560,"gallery-height":373,"logo":"https:\/\/d2q6z78khxmx42.cloudfront.net\/2021\/02\/Aire ouverte 1 ere g\u00e9n\u00e9ration-150x100.jpg","logo-width":150,"logo-height":100,"masonry":"https:\/\/d2q6z78khxmx42.cloudfront.net\/2021\/02\/Aire ouverte 1 ere g\u00e9n\u00e9ration-550x367.jpg","masonry-width":550,"masonry-height":367,"modal":"https:\/\/d2q6z78khxmx42.cloudfront.net\/2021\/02\/Aire ouverte 1 ere g\u00e9n\u00e9ration.jpg","modal-width":1920,"modal-height":1280,"number":"https:\/\/d2q6z78khxmx42.cloudfront.net\/2021\/02\/z13SKjYQ-Aire ouverte 1 ere g\u00e9n\u00e9ration-560x373.jpg","number-width":560,"number-height":373,"partner":"https:\/\/d2q6z78khxmx42.cloudfront.net\/2021\/02\/Aire ouverte 1 ere g\u00e9n\u00e9ration-275x183.jpg","partner-width":275,"partner-height":183,"ranking":"https:\/\/d2q6z78khxmx42.cloudfront.net\/2021\/02\/z13SKjYQ-Aire ouverte 1 ere g\u00e9n\u00e9ration-960x540.jpg","ranking-width":960,"ranking-height":540,"schedule":"https:\/\/d2q6z78khxmx42.cloudfront.net\/2021\/02\/Aire ouverte 1 ere g\u00e9n\u00e9ration-960x360.jpg","schedule-width":960,"schedule-height":360,"slideshow":"https:\/\/d2q6z78khxmx42.cloudfront.net\/2021\/02\/Aire ouverte 1 ere g\u00e9n\u00e9ration-1020x680.jpg","slideshow-width":1020,"slideshow-height":680}},"filters":[1007,556],"suppliers":false,"attachment_category":[]}],"mandatory_documents":[{"name":"PLANS COMPLETS DE LA MAISON INTERG\u00c9N\u00c9RATION","file":{"ID":63371,"id":63371,"title":"METRAS DUQUETTE-FINAL","filename":"6_METRAS DUQUETTE-FINAL.pdf","filesize":0,"url":"https:\/\/d2q6z78khxmx42.cloudfront.net\/2021\/02\/6_METRAS DUQUETTE-FINAL.pdf","link":"https:\/\/int.design\/fr\/projets\/maison-intergenerationnelle-digne-dun-magazine-design\/metras-duquette-final-2\/","alt":"","author":"735","description":"","caption":"","name":"metras-duquette-final-2","status":"inherit","uploaded_to":63204,"date":"2021-02-24 20:53:41","modified":"2021-02-24 20:54:11","menu_order":0,"mime_type":"application\/pdf","type":"application","subtype":"pdf","icon":"https:\/\/int.design\/wp-includes\/images\/media\/document.png"}}],"optional_documents":[{"name":"","file":{"ID":63373,"id":63373,"title":"12-SEPT-CUISINE 1 RE G\u00c9N\u00c9RATION-PLOMBERIE","filename":"12-SEPT-CUISINE 1 RE G\u00c9N\u00c9RATION-PLOMBERIE.pdf","filesize":0,"url":"https:\/\/d2q6z78khxmx42.cloudfront.net\/2021\/02\/12-SEPT-CUISINE 1 RE G\u00c9N\u00c9RATION-PLOMBERIE.pdf","link":"https:\/\/int.design\/fr\/projets\/maison-intergenerationnelle-digne-dun-magazine-design\/12-sept-cuisine-1-re-generation-plomberie\/","alt":"","author":"735","description":"","caption":"","name":"12-sept-cuisine-1-re-generation-plomberie","status":"inherit","uploaded_to":63204,"date":"2021-02-24 20:53:48","modified":"2021-02-24 20:54:11","menu_order":0,"mime_type":"application\/pdf","type":"application","subtype":"pdf","icon":"https:\/\/int.design\/wp-includes\/images\/media\/document.png"}},{"name":"","file":{"ID":63374,"id":63374,"title":"12-SEPT-CUISINE 1ERE G\u00c9N\u00c9RATION-1-VUE EN PLAN","filename":"12-SEPT-CUISINE 1ERE G\u00c9N\u00c9RATION-1-VUE EN PLAN.pdf","filesize":0,"url":"https:\/\/d2q6z78khxmx42.cloudfront.net\/2021\/02\/12-SEPT-CUISINE 1ERE G\u00c9N\u00c9RATION-1-VUE EN PLAN.pdf","link":"https:\/\/int.design\/fr\/projets\/maison-intergenerationnelle-digne-dun-magazine-design\/12-sept-cuisine-1ere-generation-1-vue-en-plan\/","alt":"","author":"735","description":"","caption":"","name":"12-sept-cuisine-1ere-generation-1-vue-en-plan","status":"inherit","uploaded_to":63204,"date":"2021-02-24 20:53:50","modified":"2021-02-24 20:54:11","menu_order":0,"mime_type":"application\/pdf","type":"application","subtype":"pdf","icon":"https:\/\/int.design\/wp-includes\/images\/media\/document.png"}},{"name":"","file":{"ID":63375,"id":63375,"title":"12-SEPT-CUISINE 1ERE G\u00c9N\u00c9RATION-3-\u00c9L\u00c9VATION-IL\u00d4T","filename":"12-SEPT-CUISINE 1ERE G\u00c9N\u00c9RATION-3-\u00c9L\u00c9VATION-IL\u00d4T.pdf","filesize":0,"url":"https:\/\/d2q6z78khxmx42.cloudfront.net\/2021\/02\/12-SEPT-CUISINE 1ERE G\u00c9N\u00c9RATION-3-\u00c9L\u00c9VATION-IL\u00d4T.pdf","link":"https:\/\/int.design\/fr\/projets\/maison-intergenerationnelle-digne-dun-magazine-design\/12-sept-cuisine-1ere-generation-3-elevation-ilot\/","alt":"","author":"735","description":"","caption":"","name":"12-sept-cuisine-1ere-generation-3-elevation-ilot","status":"inherit","uploaded_to":63204,"date":"2021-02-24 20:53:52","modified":"2021-02-24 20:54:11","menu_order":0,"mime_type":"application\/pdf","type":"application","subtype":"pdf","icon":"https:\/\/int.design\/wp-includes\/images\/media\/document.png"}},{"name":"","file":{"ID":63376,"id":63376,"title":"12-SEPT-CUISINE 1RE G\u00c9N\u00c9RATION-2-\u00c9L\u00c9VATION-MUR","filename":"12-SEPT-CUISINE 1RE G\u00c9N\u00c9RATION-2-\u00c9L\u00c9VATION-MUR.pdf","filesize":0,"url":"https:\/\/d2q6z78khxmx42.cloudfront.net\/2021\/02\/12-SEPT-CUISINE 1RE G\u00c9N\u00c9RATION-2-\u00c9L\u00c9VATION-MUR.pdf","link":"https:\/\/int.design\/fr\/projets\/maison-intergenerationnelle-digne-dun-magazine-design\/12-sept-cuisine-1re-generation-2-elevation-mur\/","alt":"","author":"735","description":"","caption":"","name":"12-sept-cuisine-1re-generation-2-elevation-mur","status":"inherit","uploaded_to":63204,"date":"2021-02-24 20:53:54","modified":"2021-02-24 20:54:11","menu_order":0,"mime_type":"application\/pdf","type":"application","subtype":"pdf","icon":"https:\/\/int.design\/wp-includes\/images\/media\/document.png"}},{"name":"","file":{"ID":63377,"id":63377,"title":"12-sept-CUISINE PRINCIPALE-1-VUE EN PLAN (1)","filename":"12-sept-CUISINE PRINCIPALE-1-VUE EN PLAN (1).pdf","filesize":0,"url":"https:\/\/d2q6z78khxmx42.cloudfront.net\/2021\/02\/12-sept-CUISINE PRINCIPALE-1-VUE EN PLAN (1).pdf","link":"https:\/\/int.design\/fr\/projets\/maison-intergenerationnelle-digne-dun-magazine-design\/12-sept-cuisine-principale-1-vue-en-plan-1\/","alt":"","author":"735","description":"","caption":"","name":"12-sept-cuisine-principale-1-vue-en-plan-1","status":"inherit","uploaded_to":63204,"date":"2021-02-24 20:53:56","modified":"2021-02-24 20:54:11","menu_order":0,"mime_type":"application\/pdf","type":"application","subtype":"pdf","icon":"https:\/\/int.design\/wp-includes\/images\/media\/document.png"}},{"name":"","file":{"ID":63378,"id":63378,"title":"12-sept-CUISINE PRINCIPALE-1-VUE EN PLAN (2)","filename":"12-sept-CUISINE PRINCIPALE-1-VUE EN PLAN (2).pdf","filesize":0,"url":"https:\/\/d2q6z78khxmx42.cloudfront.net\/2021\/02\/12-sept-CUISINE PRINCIPALE-1-VUE EN PLAN (2).pdf","link":"https:\/\/int.design\/fr\/projets\/maison-intergenerationnelle-digne-dun-magazine-design\/12-sept-cuisine-principale-1-vue-en-plan-2\/","alt":"","author":"735","description":"","caption":"","name":"12-sept-cuisine-principale-1-vue-en-plan-2","status":"inherit","uploaded_to":63204,"date":"2021-02-24 20:53:58","modified":"2021-02-24 20:54:11","menu_order":0,"mime_type":"application\/pdf","type":"application","subtype":"pdf","icon":"https:\/\/int.design\/wp-includes\/images\/media\/document.png"}},{"name":"","file":{"ID":63379,"id":63379,"title":"12-sept-CUISINE PRINCIPALE-1-VUE EN PLAN (3)","filename":"12-sept-CUISINE PRINCIPALE-1-VUE EN PLAN (3).pdf","filesize":0,"url":"https:\/\/d2q6z78khxmx42.cloudfront.net\/2021\/02\/12-sept-CUISINE PRINCIPALE-1-VUE EN PLAN (3).pdf","link":"https:\/\/int.design\/fr\/projets\/maison-intergenerationnelle-digne-dun-magazine-design\/12-sept-cuisine-principale-1-vue-en-plan-3\/","alt":"","author":"735","description":"","caption":"","name":"12-sept-cuisine-principale-1-vue-en-plan-3","status":"inherit","uploaded_to":63204,"date":"2021-02-24 20:54:00","modified":"2021-02-24 20:54:11","menu_order":0,"mime_type":"application\/pdf","type":"application","subtype":"pdf","icon":"https:\/\/int.design\/wp-includes\/images\/media\/document.png"}},{"name":"","file":{"ID":63380,"id":63380,"title":"12-sept-CUISINE PRINCIPALE-1-VUE EN PLAN (4)","filename":"12-sept-CUISINE PRINCIPALE-1-VUE EN PLAN (4).pdf","filesize":0,"url":"https:\/\/d2q6z78khxmx42.cloudfront.net\/2021\/02\/12-sept-CUISINE PRINCIPALE-1-VUE EN PLAN (4).pdf","link":"https:\/\/int.design\/fr\/projets\/maison-intergenerationnelle-digne-dun-magazine-design\/12-sept-cuisine-principale-1-vue-en-plan-4\/","alt":"","author":"735","description":"","caption":"","name":"12-sept-cuisine-principale-1-vue-en-plan-4","status":"inherit","uploaded_to":63204,"date":"2021-02-24 20:54:02","modified":"2021-02-24 20:54:11","menu_order":0,"mime_type":"application\/pdf","type":"application","subtype":"pdf","icon":"https:\/\/int.design\/wp-includes\/images\/media\/document.png"}},{"name":"","file":{"ID":63381,"id":63381,"title":"12-sept-CUISINE PRINCIPALE-1-VUE EN PLAN (5)","filename":"12-sept-CUISINE PRINCIPALE-1-VUE EN PLAN (5).pdf","filesize":0,"url":"https:\/\/d2q6z78khxmx42.cloudfront.net\/2021\/02\/12-sept-CUISINE PRINCIPALE-1-VUE EN PLAN (5).pdf","link":"https:\/\/int.design\/fr\/projets\/maison-intergenerationnelle-digne-dun-magazine-design\/12-sept-cuisine-principale-1-vue-en-plan-5\/","alt":"","author":"735","description":"","caption":"","name":"12-sept-cuisine-principale-1-vue-en-plan-5","status":"inherit","uploaded_to":63204,"date":"2021-02-24 20:54:05","modified":"2021-02-24 20:54:11","menu_order":0,"mime_type":"application\/pdf","type":"application","subtype":"pdf","icon":"https:\/\/int.design\/wp-includes\/images\/media\/document.png"}},{"name":"","file":{"ID":63382,"id":63382,"title":"29-ao\u00fbt-CUISINE PRINCIAPLE-1-VUE EN PLAN","filename":"29-ao\u00fbt-CUISINE PRINCIAPLE-1-VUE EN PLAN.pdf","filesize":0,"url":"https:\/\/d2q6z78khxmx42.cloudfront.net\/2021\/02\/29-ao\u00fbt-CUISINE PRINCIAPLE-1-VUE EN PLAN.pdf","link":"https:\/\/int.design\/fr\/projets\/maison-intergenerationnelle-digne-dun-magazine-design\/29-aout-cuisine-princiaple-1-vue-en-plan\/","alt":"","author":"735","description":"","caption":"","name":"29-aout-cuisine-princiaple-1-vue-en-plan","status":"inherit","uploaded_to":63204,"date":"2021-02-24 20:54:07","modified":"2021-02-24 20:54:11","menu_order":0,"mime_type":"application\/pdf","type":"application","subtype":"pdf","icon":"https:\/\/int.design\/wp-includes\/images\/media\/document.png"}},{"name":"","file":{"ID":63383,"id":63383,"title":"29-ao\u00fbt-CUISINE PRINCIAPLE-3-\u00c9L\u00c9VATION-COT\u00c9","filename":"6_29-ao\u00fbt-CUISINE PRINCIAPLE-3-\u00c9L\u00c9VATION-COT\u00c9.pdf","filesize":0,"url":"https:\/\/d2q6z78khxmx42.cloudfront.net\/2021\/02\/6_29-ao\u00fbt-CUISINE PRINCIAPLE-3-\u00c9L\u00c9VATION-COT\u00c9.pdf","link":"https:\/\/int.design\/fr\/projets\/maison-intergenerationnelle-digne-dun-magazine-design\/29-aout-cuisine-princiaple-3-elevation-cote-2\/","alt":"","author":"735","description":"","caption":"","name":"29-aout-cuisine-princiaple-3-elevation-cote-2","status":"inherit","uploaded_to":63204,"date":"2021-02-24 20:54:09","modified":"2021-02-24 20:54:11","menu_order":0,"mime_type":"application\/pdf","type":"application","subtype":"pdf","icon":"https:\/\/int.design\/wp-includes\/images\/media\/document.png"}}],"web_text":{"fr":"<p>Cette magnifique demeure a \u00e9t\u00e9 cr\u00e9\u00e9e pour accueillir trois g\u00e9n\u00e9rations. Le technologue a d&#39;abord dessin\u00e9 les plans architecturaux pour les besoins sp\u00e9cifiques des clients. Une unit\u00e9 s\u00e9par\u00e9e pour les grands-parents, un sous-sol pour les adolescents, un rez-de-chauss\u00e9e pour les parents et un espace de vie commun. Deux espaces pour des entreprises distinctes ont aussi \u00e9t\u00e9 int\u00e9gr\u00e9s. La r\u00e9ception sert \u00e0 la fois pour les clients en soins esth\u00e9tique, en massoth\u00e9rapie et pour l&#39; entreprise de construction des clients . La designer int\u00e9rieur a utilis\u00e9 son savoir-faire pour cr\u00e9er une maison interg\u00e9n\u00e9rationnelle unique en son genre. Les plans d&#39;am\u00e9nagement, les mat\u00e9riaux, les luminaires, les mobiliers, les couleurs de  peinture ont \u00e9t\u00e9 imagin\u00e9s pour chaque pi\u00e8ce en fonction des go\u00fbts et des besoins des membres de la famille.<\/p>\n","en":"<p>This beautiful house has been designed to accommodate three generations. The technologist first drew the architectural plans according to the specific needs of the clients. It includes a separate unit for the grandparents, a basement for the teenagers, a ground floor for the parents and a common living space. Two spaces for separate businesses were also integrated. The reception area is reserved both for clients in esthetic care or massage therapy and for the clients construction company. The designer used her expertise to create a unique intergenerational home, where the layout, choice of materials, lighting, furniture, paint colors, etc. have been designed for each room according to the tastes and needs of the family members.<\/p>\n","original":""},"jury_text":[{"category":191,"fr":"<p>Cette cuisine de r\u00eave poss\u00e8de un il\u00f4t immense de 13 pieds de long ,bien assez grand pour que plusieurs convives \u00e0 la fois s&#39;assoient confortablement, ou encore pour un repas sur le pouce pour les matins press\u00e9s. Le look \u00e9pur\u00e9 des comptoirs est d\u00fb au choix de l&#39;\u00e9vier sous-plan qui se fond au comptoir par sa couleur granit anthracite, \u00e0 la plaque de cuisson dissimul\u00e9e dans celui-ci et au dosseret entre les armoires de la m\u00eame teinte. L\u2019aire ouverte, tr\u00e8s appr\u00e9ci\u00e9e par sa grandeur, a permis d&#39;ajouter un espace garde-manger walk-inn tout \u00e0 fait int\u00e9ressant. Parfait pour ranger les petits appareils , un espace comptoir a \u00e9t\u00e9 pr\u00e9vu pour \u00eatre capable de faire fonctionner ceux-ci sans devoir les ranger \u00e0 chaque fois. La porte coulissante est simple \u00e0 refermer et id\u00e9ale pour tout cacher. Un espace cellier a \u00e9t\u00e9 int\u00e9gr\u00e9 au bout du comptoir pour une ambiance lounge avec une petite lumi\u00e8re qui illumine l&#39;int\u00e9rieur de celui-ci le soir. Une cuisine a \u00e9t\u00e9 conceptualis\u00e9e pour les grands-parents en lien avec les mat\u00e9riaux pour la cuisine principale de sorte \u00e0 faire un lien entre les deux et harmoniser le tout. Des comptoirs de quartz pour les deux cuisines pour offrir un look \u00e9l\u00e9gant et une durabilit\u00e9 hors pair.<\/p>\n","en":"<p>This fabulous kitchen has a huge island, about 13 feet long, big enough for several guests to sit comfortably at once. It can also be used for a quick meal on the run for those mornings in a hurry. The sleek look of the countertops is due to the choice of the undermount sink that blends in with the countertop in its anthracite granite color, the stovetop concealed in the countertop and the backsplash between the cabinets in the same color. The open area is very appreciated for its size and allows you to add an interesting walk in pantry space. Perfect for storing small appliances, a counter space has been provided to allow you operate them without having to store every time. The sliding door is easy to close so it is ideal in hiding from view. A pantry space has been integrated at the end of the counter for a lounge atmosphere with a small light that illuminates the interior of the counter at night. A kitchen has been conceptualized for the grandparents in conjunction with the materials for the main kitchen so as to make a link between the two and harmonize everything. Quartz countertops for both kitchens to give an elegant look and outstanding durability.<\/p>\n","original":""},{"category":428,"fr":"<p>Cette magnifique demeure a \u00e9t\u00e9 cr\u00e9\u00e9e pour accueillir trois g\u00e9n\u00e9rations. Le technologue a d&#39;abord dessin\u00e9 les plans architecturaux pour les besoins sp\u00e9cifiques des clients. Une unit\u00e9 s\u00e9par\u00e9e pour les grands-parents, un sous-sol pour les adolescents, un rez-de-chauss\u00e9e pour les parents et un espace de vie commun. Deux espaces pour des entreprises distinctes ont aussi \u00e9t\u00e9 int\u00e9gr\u00e9s. La r\u00e9ception sert \u00e0 la fois pour les clients en soins esth\u00e9tique, en massoth\u00e9rapie et pour l&#39; entreprise de construction des clients . La designer int\u00e9rieur a utilis\u00e9 son savoir-faire pour cr\u00e9er une maison interg\u00e9n\u00e9rationnelle unique en son genre. Les plans d&#39;am\u00e9nagement, les mat\u00e9riaux, les luminaires, les mobiliers, les couleurs de  peinture ont \u00e9t\u00e9 imagin\u00e9s pour chaque pi\u00e8ce en fonction des go\u00fbts et des besoins des membres de la famille.<\/p>\n","en":"<p>This beautiful house has been designed to accommodate three generations. The technologist first drew the architectural plans according to the specific needs of the clients. It includes a separate unit for the grandparents, a basement for the teenagers, a ground floor for the parents and a common living space. Two spaces for separate businesses were also integrated. The reception area is reserved both for clients in esthetic care or massage therapy and for the clients construction company. The designer used her expertise to create a unique intergenerational home, where the layout, choice of materials, lighting, furniture, paint colors, etc. have been designed for each room according to the tastes and needs of the family members.<\/p>\n","original":""},{"category":192,"fr":"<p>Cette salle de bain des ma\u00eetres poss\u00e8de plusieurs atouts tant recherch\u00e9s par les couples. La douche est assez large pour accueillir deux personnes simultan\u00e9ment. En effet, la grandeur totale est de 72&#39;&#39;x36&#39;&#39;. La base est orn\u00e9e d\u2019ardoise noire de seuil z\u00e9ro en look de pierre. Elle est tr\u00e8s \u00e9pur\u00e9e et tr\u00e8s chic en plus d\u2019\u00eatre facile d&#39;entretien. Le bain autoportant pr\u00e9sente des lignes contemporaines et confortables avec une vanit\u00e9 bien assez large pour deux personnes. Osez r\u00eaver plus d&#39;un.<\/p>\n","en":"<p>This model of a master&#39;s bathroom has several advantages so sought-after by couples. The shower is large enough to host two people at the same time. Indeed, the total size is 72&#39;&#39;x36&#39;&#39;. The base is adorned with black slate of zero threshold in stone look. It is very clean, chic and is easy to maintain. The freestanding bathtub features contemporary and comfortable lines with a vanity that is wide enough for two people. Dare to dream of more than one.<\/p>\n","original":""}],"different_jury_text":false,"different_category_text":false},"laureats":[{"cat_id":191,"cat_id_laureat":1035,"laureat":"Certification Or"},{"cat_id":428,"cat_id_laureat":1034,"laureat":"Certification Argent"},{"cat_id":192,"cat_id_laureat":1034,"laureat":"Certification Argent"}],"contest_id":"1180","contest_title":"GRANDS PRIX DU DESIGN - 14e \u00e9dition","firms":[{"name":"Armoire Ludem","website":"http:\/\/www.armoiresludem.com\/","category":"Autre","category_tax":false,"category_label":null},{"name":"Claude Goyette Technologue en architecture","website":"https:\/\/cgta.business.site\/","category":"Autre","category_tax":false,"category_label":null},{"name":"Les constructions Structek","website":"http:\/\/www.structek.ca\/","category":"Contracteur","category_tax":false,"category_label":null},{"name":"Boutique Plomberie St Luc ","website":"http:\/\/www.plomberiest-luc.ca\/","category":"Plomberie","category_tax":false,"category_label":null}],"user":{"email":"ktrudeau@live.ca","first_name":"Kim","last_name":"Trudeau"},"doc_texts_web":{"fr":"","en":""},"permalinks":{"fr":"https:\/\/int.design\/fr\/projets\/maison-intergenerationnelle-digne-dun-magazine-design\/","en":"https:\/\/int.design\/en\/projects\/maison-intergenerationnelle-digne-dun-magazine-design\/"},"titles":{"fr":"Maison interg\u00e9n\u00e9rationnelle digne d&rsquo;un magazine design","en":"Maison interg\u00e9n\u00e9rationnelle digne d&rsquo;un magazine design"},"wp_fields":[],"laravel_id":""},"_links":{"self":[{"href":"https:\/\/int.design\/fr\/wp-json\/wp\/v2\/project\/63204","targetHints":{"allow":["GET"]}}],"collection":[{"href":"https:\/\/int.design\/fr\/wp-json\/wp\/v2\/project"}],"about":[{"href":"https:\/\/int.design\/fr\/wp-json\/wp\/v2\/types\/project"}],"wp:attachment":[{"href":"https:\/\/int.design\/fr\/wp-json\/wp\/v2\/media?parent=63204"}],"curies":[{"name":"wp","href":"https:\/\/api.w.org\/{rel}","templated":true}]}}