{"id":62626,"date":"2021-07-14T19:35:16","date_gmt":"2021-07-14T23:35:16","guid":{"rendered":"https:\/\/int.design\/?post_type=project&#038;p=62626"},"modified":"2021-07-16T13:57:10","modified_gmt":"2021-07-16T17:57:10","slug":"riopelle-a-la-rencontre-des-territoires-nordiques-et-des-cultures-autochtones","status":"publish","type":"project","link":"https:\/\/int.design\/fr\/projets\/riopelle-a-la-rencontre-des-territoires-nordiques-et-des-cultures-autochtones\/","title":{"rendered":"Riopelle : \u00e0 la rencontre des territoires nordiques et des cultures autochtones"},"content":{"rendered":"","protected":false},"template":"","class_list":["post-62626","project","type-project","status-publish","hentry","project_category-design-dinterieur","project_category-culture_sport_et_loisir","project_category-musee"],"acf":[],"yoast_head":"<!-- This site is optimized with the Yoast SEO plugin v21.5 - https:\/\/yoast.com\/wordpress\/plugins\/seo\/ -->\n<title>Riopelle : \u00e0 la rencontre des territoires nordiques et des cultures autochtones - INT Design<\/title>\n<meta name=\"robots\" content=\"index, follow, max-snippet:-1, max-image-preview:large, max-video-preview:-1\" \/>\n<link rel=\"canonical\" href=\"https:\/\/int.design\/fr\/projets\/riopelle-a-la-rencontre-des-territoires-nordiques-et-des-cultures-autochtones\/\" \/>\n<meta property=\"og:locale\" content=\"fr_FR\" \/>\n<meta property=\"og:type\" content=\"article\" \/>\n<meta property=\"og:title\" content=\"Riopelle : \u00e0 la rencontre des territoires nordiques et des cultures autochtones - INT Design\" \/>\n<meta property=\"og:url\" content=\"https:\/\/int.design\/fr\/projets\/riopelle-a-la-rencontre-des-territoires-nordiques-et-des-cultures-autochtones\/\" \/>\n<meta property=\"og:site_name\" content=\"INT Design\" \/>\n<meta property=\"article:modified_time\" content=\"2021-07-16T17:57:10+00:00\" \/>\n<meta name=\"twitter:card\" content=\"summary_large_image\" \/>\n<script type=\"application\/ld+json\" class=\"yoast-schema-graph\">{\"@context\":\"https:\/\/schema.org\",\"@graph\":[{\"@type\":\"WebPage\",\"@id\":\"https:\/\/int.design\/fr\/projets\/riopelle-a-la-rencontre-des-territoires-nordiques-et-des-cultures-autochtones\/\",\"url\":\"https:\/\/int.design\/fr\/projets\/riopelle-a-la-rencontre-des-territoires-nordiques-et-des-cultures-autochtones\/\",\"name\":\"Riopelle : \u00e0 la rencontre des territoires nordiques et des cultures autochtones - INT Design\",\"isPartOf\":{\"@id\":\"https:\/\/int.design\/fr\/#website\"},\"datePublished\":\"2021-07-14T23:35:16+00:00\",\"dateModified\":\"2021-07-16T17:57:10+00:00\",\"breadcrumb\":{\"@id\":\"https:\/\/int.design\/fr\/projets\/riopelle-a-la-rencontre-des-territoires-nordiques-et-des-cultures-autochtones\/#breadcrumb\"},\"inLanguage\":\"fr-FR\",\"potentialAction\":[{\"@type\":\"ReadAction\",\"target\":[\"https:\/\/int.design\/fr\/projets\/riopelle-a-la-rencontre-des-territoires-nordiques-et-des-cultures-autochtones\/\"]}]},{\"@type\":\"BreadcrumbList\",\"@id\":\"https:\/\/int.design\/fr\/projets\/riopelle-a-la-rencontre-des-territoires-nordiques-et-des-cultures-autochtones\/#breadcrumb\",\"itemListElement\":[{\"@type\":\"ListItem\",\"position\":1,\"name\":\"Home\",\"item\":\"https:\/\/int.design\/fr\/\"},{\"@type\":\"ListItem\",\"position\":2,\"name\":\"Projects\",\"item\":\"https:\/\/int.design\/en\/projects\/\"},{\"@type\":\"ListItem\",\"position\":3,\"name\":\"Riopelle : \u00e0 la rencontre des territoires nordiques et des cultures autochtones\"}]},{\"@type\":\"WebSite\",\"@id\":\"https:\/\/int.design\/fr\/#website\",\"url\":\"https:\/\/int.design\/fr\/\",\"name\":\"INT Design\",\"description\":\"\",\"potentialAction\":[{\"@type\":\"SearchAction\",\"target\":{\"@type\":\"EntryPoint\",\"urlTemplate\":\"https:\/\/int.design\/fr\/?s={search_term_string}\"},\"query-input\":\"required name=search_term_string\"}],\"inLanguage\":\"fr-FR\"}]}<\/script>\n<!-- \/ Yoast SEO plugin. -->","yoast_head_json":{"title":"Riopelle : \u00e0 la rencontre des territoires nordiques et des cultures autochtones - INT Design","robots":{"index":"index","follow":"follow","max-snippet":"max-snippet:-1","max-image-preview":"max-image-preview:large","max-video-preview":"max-video-preview:-1"},"canonical":"https:\/\/int.design\/fr\/projets\/riopelle-a-la-rencontre-des-territoires-nordiques-et-des-cultures-autochtones\/","og_locale":"fr_FR","og_type":"article","og_title":"Riopelle : \u00e0 la rencontre des territoires nordiques et des cultures autochtones - INT Design","og_url":"https:\/\/int.design\/fr\/projets\/riopelle-a-la-rencontre-des-territoires-nordiques-et-des-cultures-autochtones\/","og_site_name":"INT Design","article_modified_time":"2021-07-16T17:57:10+00:00","twitter_card":"summary_large_image","schema":{"@context":"https:\/\/schema.org","@graph":[{"@type":"WebPage","@id":"https:\/\/int.design\/fr\/projets\/riopelle-a-la-rencontre-des-territoires-nordiques-et-des-cultures-autochtones\/","url":"https:\/\/int.design\/fr\/projets\/riopelle-a-la-rencontre-des-territoires-nordiques-et-des-cultures-autochtones\/","name":"Riopelle : \u00e0 la rencontre des territoires nordiques et des cultures autochtones - INT Design","isPartOf":{"@id":"https:\/\/int.design\/fr\/#website"},"datePublished":"2021-07-14T23:35:16+00:00","dateModified":"2021-07-16T17:57:10+00:00","breadcrumb":{"@id":"https:\/\/int.design\/fr\/projets\/riopelle-a-la-rencontre-des-territoires-nordiques-et-des-cultures-autochtones\/#breadcrumb"},"inLanguage":"fr-FR","potentialAction":[{"@type":"ReadAction","target":["https:\/\/int.design\/fr\/projets\/riopelle-a-la-rencontre-des-territoires-nordiques-et-des-cultures-autochtones\/"]}]},{"@type":"BreadcrumbList","@id":"https:\/\/int.design\/fr\/projets\/riopelle-a-la-rencontre-des-territoires-nordiques-et-des-cultures-autochtones\/#breadcrumb","itemListElement":[{"@type":"ListItem","position":1,"name":"Home","item":"https:\/\/int.design\/fr\/"},{"@type":"ListItem","position":2,"name":"Projects","item":"https:\/\/int.design\/en\/projects\/"},{"@type":"ListItem","position":3,"name":"Riopelle : \u00e0 la rencontre des territoires nordiques et des cultures autochtones"}]},{"@type":"WebSite","@id":"https:\/\/int.design\/fr\/#website","url":"https:\/\/int.design\/fr\/","name":"INT Design","description":"","potentialAction":[{"@type":"SearchAction","target":{"@type":"EntryPoint","urlTemplate":"https:\/\/int.design\/fr\/?s={search_term_string}"},"query-input":"required name=search_term_string"}],"inLanguage":"fr-FR"}]}},"entry":{"cats":{"disciplines":[{"id":123,"name":"Design d\u2019int\u00e9rieur"}],"big_cats":[{"id":419,"name":"Culture, sport &amp; loisir"}],"sub_cats":[{"id":446,"name":"Mus\u00e9e &amp; galerie","parent":419}]},"entry":{"":null,"status":"completed","winner_title":"Mus\u00e9e des beaux-arts de Montr\u00e9al et T B A","winner_prize_lang":"","title_translatable":false,"title_en":"","title_fr":"","releve_award":false,"releve_award_cv":false,"collaboration":true,"collaboration_firms":[{"name":"Mus\u00e9e des beaux-arts de Montr\u00e9al","website":"https:\/\/www.mbam.qc.ca"},{"name":"T B A","website":"http:\/\/t--b--a.com"}],"other_firms":[{"name":"Atelier LABOUTIQUE","website":"http:\/\/atelierlaboutique.com","category":"Autre","category_tax":false},{"name":"Aluvertech ","website":"https:\/\/aluvertech.ca","category":"Autre","category_tax":false},{"name":"Peinture Denalt","website":"https:\/\/denalt.ca","category":"Autre","category_tax":false},{"name":"PhotoSynth\u00e8se","website":"https:\/\/www.photosynthese.com","category":"Autre","category_tax":false},{"name":"Principal ","website":"https:\/\/www.principal.studio","category":"Designer graphique","category_tax":false},{"name":"Pro S\u00e9ri","website":"http:\/\/proseri.com","category":"Autre","category_tax":false}],"owner":{"name":"Mus\u00e9e des beaux-arts de Montr\u00e9al","confidential":false,"website":"https:\/\/www.mbam.qc.ca\/fr\/expositions\/riopelle\/","contact_name":"","email":"presse@mbamtl.org","phone":""},"address":{"address":"1380, rue Sherbrooke Ouest","city":"Montr\u00e9al","region":"Montr\u00e9al","province":"QC","country":"CA","postal_code":"H3G 1J5"},"logos":false,"use_logo":false,"designers":[{"name":"Mus\u00e9e des beaux-arts de Montr\u00e9al","credit":"Mus\u00e9e des beaux-arts de Montr\u00e9al. Photo Bernard Foug\u00e8res et Jean-Fran\u00e7ois Lejeune  The Montreal Museum of Fine Arts. Photo Bernard Foug\u00e8res et Jean-Fran\u00e7ois Lejeune","image":{"ID":65160,"id":65160,"title":"02 Muse\u0301e des beaux-arts de Montre\u0301al. Photo Bernard Fouge\u0300res et Jean-Franc\u0327ois Lejeune","filename":"7_02 Muse\u0301e des beaux-arts de Montre\u0301al. Photo Bernard Fouge\u0300res et Jean-Franc\u0327ois Lejeune.jpg","filesize":0,"url":"https:\/\/d2q6z78khxmx42.cloudfront.net\/2021\/03\/7_02 Muse\u0301e des beaux-arts de Montre\u0301al. Photo Bernard Fouge\u0300res et Jean-Franc\u0327ois Lejeune.jpg","link":"https:\/\/int.design\/fr\/projets\/riopelle-a-la-rencontre-des-territoires-nordiques-et-des-cultures-autochtones\/02-musee-des-beaux-arts-de-montreal-photo-bernard-fougeres-et-jean-franc%cc%a7ois-lejeune-3\/","alt":"","author":"710","description":"","caption":"","name":"02-musee-des-beaux-arts-de-montreal-photo-bernard-fougeres-et-jean-franc%cc%a7ois-lejeune-3","status":"inherit","uploaded_to":62626,"date":"2021-03-01 23:33:11","modified":"2021-03-01 23:33:26","menu_order":0,"mime_type":"image\/jpeg","type":"image","subtype":"jpeg","icon":"https:\/\/int.design\/wp-includes\/images\/media\/default.png","width":1484,"height":1128,"sizes":{"thumbnail":"https:\/\/d2q6z78khxmx42.cloudfront.net\/2021\/03\/7_02 Muse\u0301e des beaux-arts de Montre\u0301al. Photo Bernard Fouge\u0300res et Jean-Franc\u0327ois Lejeune-150x150.jpg","thumbnail-width":150,"thumbnail-height":150,"medium":"https:\/\/d2q6z78khxmx42.cloudfront.net\/2021\/03\/7_02 Muse\u0301e des beaux-arts de Montre\u0301al. Photo Bernard Fouge\u0300res et Jean-Franc\u0327ois Lejeune-300x228.jpg","medium-width":300,"medium-height":228,"medium_large":"https:\/\/d2q6z78khxmx42.cloudfront.net\/2021\/03\/7_02 Muse\u0301e des beaux-arts de Montre\u0301al. Photo Bernard Fouge\u0300res et Jean-Franc\u0327ois Lejeune-768x584.jpg","medium_large-width":768,"medium_large-height":584,"large":"https:\/\/d2q6z78khxmx42.cloudfront.net\/2021\/03\/7_02 Muse\u0301e des beaux-arts de Montre\u0301al. Photo Bernard Fouge\u0300res et Jean-Franc\u0327ois Lejeune-1024x778.jpg","large-width":1024,"large-height":778,"1536x1536":"https:\/\/d2q6z78khxmx42.cloudfront.net\/2021\/03\/7_02 Muse\u0301e des beaux-arts de Montre\u0301al. Photo Bernard Fouge\u0300res et Jean-Franc\u0327ois Lejeune.jpg","1536x1536-width":1484,"1536x1536-height":1128,"2048x2048":"https:\/\/d2q6z78khxmx42.cloudfront.net\/2021\/03\/7_02 Muse\u0301e des beaux-arts de Montre\u0301al. Photo Bernard Fouge\u0300res et Jean-Franc\u0327ois Lejeune.jpg","2048x2048-width":1484,"2048x2048-height":1128,"article":"https:\/\/d2q6z78khxmx42.cloudfront.net\/2021\/03\/7_02 Muse\u0301e des beaux-arts de Montre\u0301al. Photo Bernard Fouge\u0300res et Jean-Franc\u0327ois Lejeune-960x540.jpg","article-width":960,"article-height":540,"banner":"https:\/\/d2q6z78khxmx42.cloudfront.net\/2021\/03\/7_02 Muse\u0301e des beaux-arts de Montre\u0301al. Photo Bernard Fouge\u0300res et Jean-Franc\u0327ois Lejeune.jpg","banner-width":1484,"banner-height":1128,"block":"https:\/\/d2q6z78khxmx42.cloudfront.net\/2021\/03\/7_02 Muse\u0301e des beaux-arts de Montre\u0301al. Photo Bernard Fouge\u0300res et Jean-Franc\u0327ois Lejeune-900x680.jpg","block-width":900,"block-height":680,"card":"https:\/\/d2q6z78khxmx42.cloudfront.net\/2021\/03\/7_02 Muse\u0301e des beaux-arts de Montre\u0301al. Photo Bernard Fouge\u0300res et Jean-Franc\u0327ois Lejeune-560x495.jpg","card-width":560,"card-height":495,"card-thumbnail":"https:\/\/d2q6z78khxmx42.cloudfront.net\/2021\/03\/7_02 Muse\u0301e des beaux-arts de Montre\u0301al. Photo Bernard Fouge\u0300res et Jean-Franc\u0327ois Lejeune-450x340.jpg","card-thumbnail-width":450,"card-thumbnail-height":340,"conference":"https:\/\/d2q6z78khxmx42.cloudfront.net\/2021\/03\/7_02 Muse\u0301e des beaux-arts de Montre\u0301al. Photo Bernard Fouge\u0300res et Jean-Franc\u0327ois Lejeune-560x250.jpg","conference-width":560,"conference-height":250,"contest":"https:\/\/d2q6z78khxmx42.cloudfront.net\/2021\/03\/7_02 Muse\u0301e des beaux-arts de Montre\u0301al. Photo Bernard Fouge\u0300res et Jean-Franc\u0327ois Lejeune-960x400.jpg","contest-width":960,"contest-height":400,"cta":"https:\/\/d2q6z78khxmx42.cloudfront.net\/2021\/03\/7_02 Muse\u0301e des beaux-arts de Montre\u0301al. Photo Bernard Fouge\u0300res et Jean-Franc\u0327ois Lejeune-415x170.jpg","cta-width":415,"cta-height":170,"exhibitor":"https:\/\/d2q6z78khxmx42.cloudfront.net\/2021\/03\/7_02 Muse\u0301e des beaux-arts de Montre\u0301al. Photo Bernard Fouge\u0300res et Jean-Franc\u0327ois Lejeune-560x560.jpg","exhibitor-width":560,"exhibitor-height":560,"gallery":"https:\/\/d2q6z78khxmx42.cloudfront.net\/2021\/03\/7_02 Muse\u0301e des beaux-arts de Montre\u0301al. Photo Bernard Fouge\u0300res et Jean-Franc\u0327ois Lejeune-560x426.jpg","gallery-width":560,"gallery-height":426,"logo":"https:\/\/d2q6z78khxmx42.cloudfront.net\/2021\/03\/7_02 Muse\u0301e des beaux-arts de Montre\u0301al. Photo Bernard Fouge\u0300res et Jean-Franc\u0327ois Lejeune-132x100.jpg","logo-width":132,"logo-height":100,"masonry":"https:\/\/d2q6z78khxmx42.cloudfront.net\/2021\/03\/7_02 Muse\u0301e des beaux-arts de Montre\u0301al. Photo Bernard Fouge\u0300res et Jean-Franc\u0327ois Lejeune-550x418.jpg","masonry-width":550,"masonry-height":418,"modal":"https:\/\/d2q6z78khxmx42.cloudfront.net\/2021\/03\/7_02 Muse\u0301e des beaux-arts de Montre\u0301al. Photo Bernard Fouge\u0300res et Jean-Franc\u0327ois Lejeune.jpg","modal-width":1484,"modal-height":1128,"number":"https:\/\/d2q6z78khxmx42.cloudfront.net\/2021\/03\/KWL4a5a5-7_02 Muse\u0301e des beaux-arts de Montre\u0301al. Photo Bernard Fouge\u0300res et Jean-Franc\u0327ois Lejeune-560x426.jpg","number-width":560,"number-height":426,"partner":"https:\/\/d2q6z78khxmx42.cloudfront.net\/2021\/03\/7_02 Muse\u0301e des beaux-arts de Montre\u0301al. Photo Bernard Fouge\u0300res et Jean-Franc\u0327ois Lejeune-275x210.jpg","partner-width":275,"partner-height":210,"ranking":"https:\/\/d2q6z78khxmx42.cloudfront.net\/2021\/03\/KWL4a5a5-7_02 Muse\u0301e des beaux-arts de Montre\u0301al. Photo Bernard Fouge\u0300res et Jean-Franc\u0327ois Lejeune-960x540.jpg","ranking-width":960,"ranking-height":540,"schedule":"https:\/\/d2q6z78khxmx42.cloudfront.net\/2021\/03\/7_02 Muse\u0301e des beaux-arts de Montre\u0301al. Photo Bernard Fouge\u0300res et Jean-Franc\u0327ois Lejeune-960x360.jpg","schedule-width":960,"schedule-height":360,"slideshow":"https:\/\/d2q6z78khxmx42.cloudfront.net\/2021\/03\/7_02 Muse\u0301e des beaux-arts de Montre\u0301al. Photo Bernard Fouge\u0300res et Jean-Franc\u0327ois Lejeune-895x680.jpg","slideshow-width":895,"slideshow-height":680}},"file":{"ID":65149,"id":65149,"title":"Biographies_Fr_Final","filename":"7_Biographies_Fr_Final.pdf","filesize":0,"url":"https:\/\/d2q6z78khxmx42.cloudfront.net\/2021\/03\/7_Biographies_Fr_Final.pdf","link":"https:\/\/int.design\/fr\/projets\/riopelle-a-la-rencontre-des-territoires-nordiques-et-des-cultures-autochtones\/biographies_fr_final-3\/","alt":"","author":"710","description":"","caption":"","name":"biographies_fr_final-3","status":"inherit","uploaded_to":62626,"date":"2021-03-01 23:00:52","modified":"2021-03-01 23:01:04","menu_order":0,"mime_type":"application\/pdf","type":"application","subtype":"pdf","icon":"https:\/\/int.design\/wp-includes\/images\/media\/document.png"}},{"name":"TBAThomas Balaban","credit":"TBA","image":{"ID":65161,"id":65161,"title":"01 T B A","filename":"7_01 T B A-scaled.jpg","filesize":0,"url":"https:\/\/int.design\/wp-content\/uploads\/2021\/03\/7_01 T B A-scaled.jpg","link":"https:\/\/int.design\/fr\/projets\/riopelle-a-la-rencontre-des-territoires-nordiques-et-des-cultures-autochtones\/01-t-b-a-3\/","alt":"","author":"710","description":"","caption":"","name":"01-t-b-a-3","status":"inherit","uploaded_to":62626,"date":"2021-03-01 23:33:15","modified":"2021-03-01 23:33:26","menu_order":0,"mime_type":"image\/jpeg","type":"image","subtype":"jpeg","icon":"https:\/\/int.design\/wp-includes\/images\/media\/default.png","width":1691,"height":2560,"sizes":{"thumbnail":"https:\/\/int.design\/wp-content\/uploads\/2021\/03\/7_01 T B A-150x150.jpg","thumbnail-width":150,"thumbnail-height":150,"medium":"https:\/\/int.design\/wp-content\/uploads\/2021\/03\/7_01 T B A-198x300.jpg","medium-width":198,"medium-height":300,"medium_large":"https:\/\/int.design\/wp-content\/uploads\/2021\/03\/7_01 T B A-768x1163.jpg","medium_large-width":768,"medium_large-height":1163,"large":"https:\/\/int.design\/wp-content\/uploads\/2021\/03\/7_01 T B A-676x1024.jpg","large-width":676,"large-height":1024,"1536x1536":"https:\/\/int.design\/wp-content\/uploads\/2021\/03\/7_01 T B A-1014x1536.jpg","1536x1536-width":1014,"1536x1536-height":1536,"2048x2048":"https:\/\/int.design\/wp-content\/uploads\/2021\/03\/7_01 T B A-1352x2048.jpg","2048x2048-width":1352,"2048x2048-height":2048,"article":"https:\/\/int.design\/wp-content\/uploads\/2021\/03\/7_01 T B A-960x540.jpg","article-width":960,"article-height":540,"banner":"https:\/\/int.design\/wp-content\/uploads\/2021\/03\/7_01 T B A-1920x2907.jpg","banner-width":1920,"banner-height":2907,"block":"https:\/\/int.design\/wp-content\/uploads\/2021\/03\/7_01 T B A-900x680.jpg","block-width":900,"block-height":680,"card":"https:\/\/int.design\/wp-content\/uploads\/2021\/03\/7_01 T B A-560x495.jpg","card-width":560,"card-height":495,"card-thumbnail":"https:\/\/int.design\/wp-content\/uploads\/2021\/03\/7_01 T B A-450x340.jpg","card-thumbnail-width":450,"card-thumbnail-height":340,"conference":"https:\/\/int.design\/wp-content\/uploads\/2021\/03\/7_01 T B A-560x250.jpg","conference-width":560,"conference-height":250,"contest":"https:\/\/int.design\/wp-content\/uploads\/2021\/03\/7_01 T B A-960x400.jpg","contest-width":960,"contest-height":400,"cta":"https:\/\/int.design\/wp-content\/uploads\/2021\/03\/7_01 T B A-415x170.jpg","cta-width":415,"cta-height":170,"exhibitor":"https:\/\/int.design\/wp-content\/uploads\/2021\/03\/7_01 T B A-560x560.jpg","exhibitor-width":560,"exhibitor-height":560,"gallery":"https:\/\/int.design\/wp-content\/uploads\/2021\/03\/7_01 T B A-284x430.jpg","gallery-width":284,"gallery-height":430,"logo":"https:\/\/int.design\/wp-content\/uploads\/2021\/03\/7_01 T B A-66x100.jpg","logo-width":66,"logo-height":100,"masonry":"https:\/\/int.design\/wp-content\/uploads\/2021\/03\/7_01 T B A-550x833.jpg","masonry-width":550,"masonry-height":833,"modal":"https:\/\/int.design\/wp-content\/uploads\/2021\/03\/7_01 T B A-1268x1920.jpg","modal-width":1268,"modal-height":1920,"number":"https:\/\/int.design\/wp-content\/uploads\/2021\/03\/7_01 T B A-284x430.jpg","number-width":284,"number-height":430,"partner":"https:\/\/int.design\/wp-content\/uploads\/2021\/03\/7_01 T B A-139x210.jpg","partner-width":139,"partner-height":210,"ranking":"https:\/\/int.design\/wp-content\/uploads\/2021\/03\/7_01 T B A-960x540.jpg","ranking-width":960,"ranking-height":540,"schedule":"https:\/\/int.design\/wp-content\/uploads\/2021\/03\/7_01 T B A-960x360.jpg","schedule-width":960,"schedule-height":360,"slideshow":"https:\/\/int.design\/wp-content\/uploads\/2021\/03\/7_01 T B A-449x680.jpg","slideshow-width":449,"slideshow-height":680}},"file":{"ID":65150,"id":65150,"title":"Biographies_Fr_Final","filename":"8_Biographies_Fr_Final.pdf","filesize":0,"url":"https:\/\/d2q6z78khxmx42.cloudfront.net\/2021\/03\/8_Biographies_Fr_Final.pdf","link":"https:\/\/int.design\/fr\/projets\/riopelle-a-la-rencontre-des-territoires-nordiques-et-des-cultures-autochtones\/biographies_fr_final-4\/","alt":"","author":"710","description":"","caption":"","name":"biographies_fr_final-4","status":"inherit","uploaded_to":62626,"date":"2021-03-01 23:00:54","modified":"2021-03-01 23:01:04","menu_order":0,"mime_type":"application\/pdf","type":"application","subtype":"pdf","icon":"https:\/\/int.design\/wp-includes\/images\/media\/document.png"}}],"cover":[{"categories":[446],"credit":"","image":{"ID":65151,"id":65151,"title":"MBAM - Riopelle - Couverture","filename":"6_MBAM - Riopelle - Couverture.jpg","filesize":0,"url":"https:\/\/d2q6z78khxmx42.cloudfront.net\/2021\/03\/6_MBAM - Riopelle - Couverture.jpg","link":"https:\/\/int.design\/fr\/projets\/riopelle-a-la-rencontre-des-territoires-nordiques-et-des-cultures-autochtones\/mbam-riopelle-couverture-2\/","alt":"","author":"710","description":"Riopelle : \u00e0 la rencontre des territoires nordiques et des cultures autochtones Mus\u00e9e des beaux-arts de Montr\u00e9al et T B A Mus\u00e9e des beaux-arts de Montr\u00e9al T B A Atelier LABOUTIQUE Aluvertech  Peinture Denalt PhotoSynth\u00e8se Principal  Pro S\u00e9ri","caption":"","name":"mbam-riopelle-couverture-2","status":"inherit","uploaded_to":62626,"date":"2021-03-01 23:00:56","modified":"2022-02-08 13:33:25","menu_order":0,"mime_type":"image\/jpeg","type":"image","subtype":"jpeg","icon":"https:\/\/int.design\/wp-includes\/images\/media\/default.png","width":899,"height":1201,"sizes":{"thumbnail":"https:\/\/d2q6z78khxmx42.cloudfront.net\/2021\/03\/6_MBAM - Riopelle - Couverture-150x150.jpg","thumbnail-width":150,"thumbnail-height":150,"medium":"https:\/\/d2q6z78khxmx42.cloudfront.net\/2021\/03\/6_MBAM - Riopelle - Couverture-225x300.jpg","medium-width":225,"medium-height":300,"medium_large":"https:\/\/d2q6z78khxmx42.cloudfront.net\/2021\/03\/6_MBAM - Riopelle - Couverture-768x1026.jpg","medium_large-width":768,"medium_large-height":1026,"large":"https:\/\/d2q6z78khxmx42.cloudfront.net\/2021\/03\/6_MBAM - Riopelle - Couverture-767x1024.jpg","large-width":767,"large-height":1024,"1536x1536":"https:\/\/d2q6z78khxmx42.cloudfront.net\/2021\/03\/6_MBAM - Riopelle - Couverture.jpg","1536x1536-width":899,"1536x1536-height":1201,"2048x2048":"https:\/\/d2q6z78khxmx42.cloudfront.net\/2021\/03\/6_MBAM - Riopelle - Couverture.jpg","2048x2048-width":899,"2048x2048-height":1201,"article":"https:\/\/d2q6z78khxmx42.cloudfront.net\/2021\/03\/6_MBAM - Riopelle - Couverture-899x540.jpg","article-width":899,"article-height":540,"banner":"https:\/\/d2q6z78khxmx42.cloudfront.net\/2021\/03\/6_MBAM - Riopelle - Couverture.jpg","banner-width":899,"banner-height":1201,"block":"https:\/\/d2q6z78khxmx42.cloudfront.net\/2021\/03\/6_MBAM - Riopelle - Couverture-899x680.jpg","block-width":899,"block-height":680,"card":"https:\/\/d2q6z78khxmx42.cloudfront.net\/2021\/03\/6_MBAM - Riopelle - Couverture-560x495.jpg","card-width":560,"card-height":495,"card-thumbnail":"https:\/\/d2q6z78khxmx42.cloudfront.net\/2021\/03\/6_MBAM - Riopelle - Couverture-450x340.jpg","card-thumbnail-width":450,"card-thumbnail-height":340,"conference":"https:\/\/d2q6z78khxmx42.cloudfront.net\/2021\/03\/6_MBAM - Riopelle - Couverture-560x250.jpg","conference-width":560,"conference-height":250,"contest":"https:\/\/d2q6z78khxmx42.cloudfront.net\/2021\/03\/6_MBAM - Riopelle - Couverture-899x400.jpg","contest-width":899,"contest-height":400,"cta":"https:\/\/d2q6z78khxmx42.cloudfront.net\/2021\/03\/6_MBAM - Riopelle - Couverture-415x170.jpg","cta-width":415,"cta-height":170,"exhibitor":"https:\/\/d2q6z78khxmx42.cloudfront.net\/2021\/03\/6_MBAM - Riopelle - Couverture-560x560.jpg","exhibitor-width":560,"exhibitor-height":560,"gallery":"https:\/\/d2q6z78khxmx42.cloudfront.net\/2021\/03\/6_MBAM - Riopelle - Couverture-322x430.jpg","gallery-width":322,"gallery-height":430,"logo":"https:\/\/d2q6z78khxmx42.cloudfront.net\/2021\/03\/6_MBAM - Riopelle - Couverture-75x100.jpg","logo-width":75,"logo-height":100,"masonry":"https:\/\/d2q6z78khxmx42.cloudfront.net\/2021\/03\/6_MBAM - Riopelle - Couverture-550x735.jpg","masonry-width":550,"masonry-height":735,"modal":"https:\/\/d2q6z78khxmx42.cloudfront.net\/2021\/03\/6_MBAM - Riopelle - Couverture.jpg","modal-width":899,"modal-height":1201,"number":"https:\/\/d2q6z78khxmx42.cloudfront.net\/2021\/03\/LrmGxUYd-6_MBAM - Riopelle - Couverture-322x430.jpg","number-width":322,"number-height":430,"partner":"https:\/\/d2q6z78khxmx42.cloudfront.net\/2021\/03\/6_MBAM - Riopelle - Couverture-157x210.jpg","partner-width":157,"partner-height":210,"ranking":"https:\/\/d2q6z78khxmx42.cloudfront.net\/2021\/03\/LrmGxUYd-6_MBAM - Riopelle - Couverture-899x540.jpg","ranking-width":899,"ranking-height":540,"schedule":"https:\/\/d2q6z78khxmx42.cloudfront.net\/2021\/03\/6_MBAM - Riopelle - Couverture-899x360.jpg","schedule-width":899,"schedule-height":360,"slideshow":"https:\/\/d2q6z78khxmx42.cloudfront.net\/2021\/03\/6_MBAM - Riopelle - Couverture-509x680.jpg","slideshow-width":509,"slideshow-height":680}},"filters":false,"suppliers":false,"attachment_category":{"99":"Culture\/divertissement"}}],"images":[{"categories":[446],"credit":"Vue de l\u2019exposition Riopelle : \u00e0 la rencontre des territoires nordiques et des cultures autochtones. \u00a9 Succession Jean Paul Riopelle \/ SOCAN (2021). Photo MBAM, Denis Farley","image":{"ID":65154,"id":65154,"title":"RIO.GAL_2.2 \u00a9 Succession Jean Paul Riopelle  SOCAN (2021). Photo MBAM, Denis Farley","filename":"RIO.GAL_2.2 \u00a9 Succession Jean Paul Riopelle  SOCAN (2021). Photo MBAM, Denis Farley-scaled.jpg","filesize":0,"url":"https:\/\/int.design\/wp-content\/uploads\/2021\/03\/RIO.GAL_2.2 \u00a9 Succession Jean Paul Riopelle  SOCAN (2021). Photo MBAM, Denis Farley-scaled.jpg","link":"https:\/\/int.design\/fr\/projets\/riopelle-a-la-rencontre-des-territoires-nordiques-et-des-cultures-autochtones\/rio-gal_2-2-succession-jean-paul-riopelle-socan-2021-photo-mbam-denis-farley\/","alt":"","author":"710","description":"Riopelle : \u00e0 la rencontre des territoires nordiques et des cultures autochtones Mus\u00e9e des beaux-arts de Montr\u00e9al et T B A Mus\u00e9e des beaux-arts de Montr\u00e9al T B A Atelier LABOUTIQUE Aluvertech  Peinture Denalt PhotoSynth\u00e8se Principal  Pro S\u00e9ri","caption":"","name":"rio-gal_2-2-succession-jean-paul-riopelle-socan-2021-photo-mbam-denis-farley","status":"inherit","uploaded_to":62626,"date":"2021-03-01 23:05:43","modified":"2022-02-08 13:33:25","menu_order":0,"mime_type":"image\/jpeg","type":"image","subtype":"jpeg","icon":"https:\/\/int.design\/wp-includes\/images\/media\/default.png","width":2560,"height":1104,"sizes":{"thumbnail":"https:\/\/int.design\/wp-content\/uploads\/2021\/03\/RIO.GAL_2.2 \u00a9 Succession Jean Paul Riopelle  SOCAN (2021). Photo MBAM, Denis Farley-150x150.jpg","thumbnail-width":150,"thumbnail-height":150,"medium":"https:\/\/int.design\/wp-content\/uploads\/2021\/03\/RIO.GAL_2.2 \u00a9 Succession Jean Paul Riopelle  SOCAN (2021). Photo MBAM, Denis Farley-300x129.jpg","medium-width":300,"medium-height":129,"medium_large":"https:\/\/int.design\/wp-content\/uploads\/2021\/03\/RIO.GAL_2.2 \u00a9 Succession Jean Paul Riopelle  SOCAN (2021). Photo MBAM, Denis Farley-768x331.jpg","medium_large-width":768,"medium_large-height":331,"large":"https:\/\/int.design\/wp-content\/uploads\/2021\/03\/RIO.GAL_2.2 \u00a9 Succession Jean Paul Riopelle  SOCAN (2021). Photo MBAM, Denis Farley-1024x442.jpg","large-width":1024,"large-height":442,"1536x1536":"https:\/\/int.design\/wp-content\/uploads\/2021\/03\/RIO.GAL_2.2 \u00a9 Succession Jean Paul Riopelle  SOCAN (2021). Photo MBAM, Denis Farley-1536x663.jpg","1536x1536-width":1536,"1536x1536-height":663,"2048x2048":"https:\/\/int.design\/wp-content\/uploads\/2021\/03\/RIO.GAL_2.2 \u00a9 Succession Jean Paul Riopelle  SOCAN (2021). Photo MBAM, Denis Farley-2048x883.jpg","2048x2048-width":2048,"2048x2048-height":883,"article":"https:\/\/int.design\/wp-content\/uploads\/2021\/03\/RIO.GAL_2.2 \u00a9 Succession Jean Paul Riopelle  SOCAN (2021). Photo MBAM, Denis Farley-960x540.jpg","article-width":960,"article-height":540,"banner":"https:\/\/int.design\/wp-content\/uploads\/2021\/03\/RIO.GAL_2.2 \u00a9 Succession Jean Paul Riopelle  SOCAN (2021). Photo MBAM, Denis Farley-1920x828.jpg","banner-width":1920,"banner-height":828,"block":"https:\/\/int.design\/wp-content\/uploads\/2021\/03\/RIO.GAL_2.2 \u00a9 Succession Jean Paul Riopelle  SOCAN (2021). Photo MBAM, Denis Farley-900x680.jpg","block-width":900,"block-height":680,"card":"https:\/\/int.design\/wp-content\/uploads\/2021\/03\/RIO.GAL_2.2 \u00a9 Succession Jean Paul Riopelle  SOCAN (2021). Photo MBAM, Denis Farley-560x495.jpg","card-width":560,"card-height":495,"card-thumbnail":"https:\/\/int.design\/wp-content\/uploads\/2021\/03\/RIO.GAL_2.2 \u00a9 Succession Jean Paul Riopelle  SOCAN (2021). Photo MBAM, Denis Farley-450x340.jpg","card-thumbnail-width":450,"card-thumbnail-height":340,"conference":"https:\/\/int.design\/wp-content\/uploads\/2021\/03\/RIO.GAL_2.2 \u00a9 Succession Jean Paul Riopelle  SOCAN (2021). Photo MBAM, Denis Farley-560x250.jpg","conference-width":560,"conference-height":250,"contest":"https:\/\/int.design\/wp-content\/uploads\/2021\/03\/RIO.GAL_2.2 \u00a9 Succession Jean Paul Riopelle  SOCAN (2021). Photo MBAM, Denis Farley-960x400.jpg","contest-width":960,"contest-height":400,"cta":"https:\/\/int.design\/wp-content\/uploads\/2021\/03\/RIO.GAL_2.2 \u00a9 Succession Jean Paul Riopelle  SOCAN (2021). Photo MBAM, Denis Farley-415x170.jpg","cta-width":415,"cta-height":170,"exhibitor":"https:\/\/int.design\/wp-content\/uploads\/2021\/03\/RIO.GAL_2.2 \u00a9 Succession Jean Paul Riopelle  SOCAN (2021). Photo MBAM, Denis Farley-560x560.jpg","exhibitor-width":560,"exhibitor-height":560,"gallery":"https:\/\/int.design\/wp-content\/uploads\/2021\/03\/RIO.GAL_2.2 \u00a9 Succession Jean Paul Riopelle  SOCAN (2021). Photo MBAM, Denis Farley-560x242.jpg","gallery-width":560,"gallery-height":242,"logo":"https:\/\/int.design\/wp-content\/uploads\/2021\/03\/RIO.GAL_2.2 \u00a9 Succession Jean Paul Riopelle  SOCAN (2021). Photo MBAM, Denis Farley-232x100.jpg","logo-width":232,"logo-height":100,"masonry":"https:\/\/int.design\/wp-content\/uploads\/2021\/03\/RIO.GAL_2.2 \u00a9 Succession Jean Paul Riopelle  SOCAN (2021). Photo MBAM, Denis Farley-550x237.jpg","masonry-width":550,"masonry-height":237,"modal":"https:\/\/int.design\/wp-content\/uploads\/2021\/03\/RIO.GAL_2.2 \u00a9 Succession Jean Paul Riopelle  SOCAN (2021). Photo MBAM, Denis Farley-1920x828.jpg","modal-width":1920,"modal-height":828,"number":"https:\/\/int.design\/wp-content\/uploads\/2021\/03\/RIO.GAL_2.2 \u00a9 Succession Jean Paul Riopelle  SOCAN (2021). Photo MBAM, Denis Farley-560x242.jpg","number-width":560,"number-height":242,"partner":"https:\/\/int.design\/wp-content\/uploads\/2021\/03\/RIO.GAL_2.2 \u00a9 Succession Jean Paul Riopelle  SOCAN (2021). Photo MBAM, Denis Farley-275x119.jpg","partner-width":275,"partner-height":119,"ranking":"https:\/\/int.design\/wp-content\/uploads\/2021\/03\/RIO.GAL_2.2 \u00a9 Succession Jean Paul Riopelle  SOCAN (2021). Photo MBAM, Denis Farley-960x540.jpg","ranking-width":960,"ranking-height":540,"schedule":"https:\/\/int.design\/wp-content\/uploads\/2021\/03\/RIO.GAL_2.2 \u00a9 Succession Jean Paul Riopelle  SOCAN (2021). Photo MBAM, Denis Farley-960x360.jpg","schedule-width":960,"schedule-height":360,"slideshow":"https:\/\/int.design\/wp-content\/uploads\/2021\/03\/RIO.GAL_2.2 \u00a9 Succession Jean Paul Riopelle  SOCAN (2021). Photo MBAM, Denis Farley-1577x680.jpg","slideshow-width":1577,"slideshow-height":680}},"filters":false,"suppliers":false,"attachment_category":[]}],"mandatory_documents":[{"name":"Riopelle_plan","file":{"ID":65155,"id":65155,"title":"Riopelle_Plan","filename":"Riopelle_Plan.pdf","filesize":0,"url":"https:\/\/d2q6z78khxmx42.cloudfront.net\/2021\/03\/Riopelle_Plan.pdf","link":"https:\/\/int.design\/fr\/projets\/riopelle-a-la-rencontre-des-territoires-nordiques-et-des-cultures-autochtones\/riopelle_plan\/","alt":"","author":"710","description":"","caption":"","name":"riopelle_plan","status":"inherit","uploaded_to":62626,"date":"2021-03-01 23:20:23","modified":"2021-03-01 23:20:26","menu_order":0,"mime_type":"application\/pdf","type":"application","subtype":"pdf","icon":"https:\/\/int.design\/wp-includes\/images\/media\/document.png"}}],"optional_documents":false,"web_text":{"fr":"<p>Le Mus\u00e9e des beaux-arts de Montr\u00e9al (MBAM) consacre une exposition d\u2019envergure \u00e0 Jean Paul Riopelle (1923-2002), figure majeure de l\u2019art moderne canadien, qu\u00e9b\u00e9cois et international. Fruit de recherches in\u00e9dites, cette pr\u00e9sentation explore, au travers de 160 oeuvres et de plus de 150 artefacts et documents d\u2019archives, l\u2019int\u00e9r\u00eat de l\u2019artiste pour la nordicit\u00e9 et l\u2019autochtonie. Elle jette un nouvel \u00e9clairage sur sa production des ann\u00e9es 1950 et 1970, en retra\u00e7ant les voyages et les influences qui ont nourri son int\u00e9r\u00eat pour les territoires nordiques et les communaut\u00e9s autochtones d\u2019Am\u00e9rique du Nord.<br \/>\nL\u2019exposition Riopelle : \u00e0 la rencontre des territoires nordiques et des cultures autochtones d\u00e9voile un artiste impr\u00e9gn\u00e9 par l\u2019int\u00e9r\u00eat des surr\u00e9alistes pour les arts non occidentaux, influenc\u00e9 par son ami et collectionneur Georges Duthuit ainsi que par la lecture des travaux d\u2019anthropologues et d\u2019ethnologues tels que Marius Barbeau, Jean Malaurie et Claude L\u00e9vi-Strauss.<\/p>\n","en":"<p>The Montreal Museum of Fine Arts (MMFA) presents a major exhibition dedicated to Jean Paul Riopelle (1923-2002), a towering figure in Canadian, Quebec and international modern art. Based on original research, the exhibition explores the artist\u2019s interest in the North and Indigenous cultures, with nearly 160 works and more than 150 artefacts and archival documents. It sheds new light on the artist\u2019s work during the 1950s and 1970s by retracing the travels and influences that fed his fascination with northern regions and North American Indigenous communities.The exhibition Riopelle: The Call of Northern Landscapes and Indigenous Cultures reveals an artist imbued with the surrealists\u2019 interest in non-Western arts, as inspired by his friend and collector Georges Duthuit and the writings of anthropologists and ethnologists such as Marius Barbeau, Jean Malaurie and Claude L\u00e9vi-Strauss.<\/p>\n","original":""},"jury_text":[{"category":446,"fr":"<p>CONCEPTION SC\u00c9NOGRAPHIQUE<br \/>\nLa sc\u00e9nographie de l\u2019exposition est une r\u00e9alisation du Service de la production des expositions du MBAM, en collaboration avec l\u2019agence d\u2019architecture montr\u00e9alaise T B A.<br \/>\nPr\u00e9sent\u00e9e dans le pavillon Michal et Renata Hornstein, plus ancien pavillon du complexe mus\u00e9al, l\u2019exposition accueille les visiteurs d\u00e8s qu\u2019ils franchissent l\u2019escalier central, et se d\u00e9ploie \u00e0 travers cinq salles suivant un circuit chronologique et th\u00e9matique. Un am\u00e9nagement \u00e9pur\u00e9 de l\u2019espace a \u00e9t\u00e9 privil\u00e9gi\u00e9 afin de mettre en relief les oeuvres expos\u00e9es. La palette chromatique, constitu\u00e9e de vert pin, de gris rocheux, de blanc et de bleu min\u00e9ral, \u00e9voque les couleurs qui dominent la for\u00eat bor\u00e9ale et l\u2019oc\u00e9an arctique. Le sapin de Douglas, essence de bois naturel aux veines marqu\u00e9es, a \u00e9t\u00e9 choisi pour la conception de cloisons et du mobilier aux lignes sobres.<br \/>\nLes vitrines, dans ce mat\u00e9riau, se d\u00e9ploient au sol et aux murs pour accueillir \u00e0 la fois les nombreux art\u00e9facts et documents d\u2019archives, les dispositifs multim\u00e9dias et une s\u00e9lection d\u2019oeuvres autochtones.<\/p>\n","en":"<p>EXHIBITION DESIGN<br \/>\nThe exhibition was designed by the MMFA\u2019s Exhibition Productions Department in collaboration with Montreal architectural studio T B A.<br \/>\nPresented in the Michal and Renata Hornstein Pavilion, the oldest pavilion of the Museum complex, the<br \/>\nexhibition greets visitors as they climb the central staircase and extends through five galleries arranged in a chronological and thematic sequence. A streamlined layout highlights the works on display, while the colour palette of pine green, rocky grey, white, and mineral blue evokes the dominant colours of the boreal forest and Arctic Ocean. Douglas fir, a natural wood species with a distinctive grain pattern, was used to make the exhibition\u2019s partitions and understated fixtures. Table and wall cases made from this same material display many artifacts and archival documents along with multimedia devices and a selection of Indigenous works.<\/p>\n","original":""}],"different_jury_text":false,"different_category_text":false},"laureats":[{"cat_id":446,"cat_id_laureat":1033,"laureat":"Certification Bronze"}],"contest_id":"1180","contest_title":"GRANDS PRIX DU DESIGN - 14e \u00e9dition","firms":[{"name":"Atelier LABOUTIQUE","website":"http:\/\/atelierlaboutique.com","category":"Autre","category_tax":false,"category_label":null},{"name":"Aluvertech ","website":"https:\/\/aluvertech.ca","category":"Autre","category_tax":false,"category_label":null},{"name":"Peinture Denalt","website":"https:\/\/denalt.ca","category":"Autre","category_tax":false,"category_label":null},{"name":"PhotoSynth\u00e8se","website":"https:\/\/www.photosynthese.com","category":"Autre","category_tax":false,"category_label":null},{"name":"Principal ","website":"https:\/\/www.principal.studio","category":"Designer graphique","category_tax":false,"category_label":null},{"name":"Pro S\u00e9ri","website":"http:\/\/proseri.com","category":"Autre","category_tax":false,"category_label":null}],"user":{"email":"presse@mbamtl.org","first_name":"Patricia","last_name":"Lachance"},"doc_texts_web":{"fr":"","en":""},"permalinks":{"fr":"https:\/\/int.design\/fr\/projets\/riopelle-a-la-rencontre-des-territoires-nordiques-et-des-cultures-autochtones\/","en":"https:\/\/int.design\/en\/projects\/riopelle-a-la-rencontre-des-territoires-nordiques-et-des-cultures-autochtones\/"},"titles":{"fr":"Riopelle : \u00e0 la rencontre des territoires nordiques et des cultures autochtones","en":"Riopelle : \u00e0 la rencontre des territoires nordiques et des cultures autochtones"},"wp_fields":[],"laravel_id":""},"_links":{"self":[{"href":"https:\/\/int.design\/fr\/wp-json\/wp\/v2\/project\/62626","targetHints":{"allow":["GET"]}}],"collection":[{"href":"https:\/\/int.design\/fr\/wp-json\/wp\/v2\/project"}],"about":[{"href":"https:\/\/int.design\/fr\/wp-json\/wp\/v2\/types\/project"}],"wp:attachment":[{"href":"https:\/\/int.design\/fr\/wp-json\/wp\/v2\/media?parent=62626"}],"curies":[{"name":"wp","href":"https:\/\/api.w.org\/{rel}","templated":true}]}}