{"id":62541,"date":"2021-07-14T19:38:47","date_gmt":"2021-07-14T23:38:47","guid":{"rendered":"https:\/\/int.design\/?post_type=project&#038;p=62541"},"modified":"2021-07-16T13:52:26","modified_gmt":"2021-07-16T17:52:26","slug":"residence-nouveau-saint-laurent","status":"publish","type":"project","link":"https:\/\/int.design\/fr\/projets\/residence-nouveau-saint-laurent\/","title":{"rendered":"R\u00e9sidence Nouveau Saint-Laurent"},"content":{"rendered":"","protected":false},"template":"","class_list":["post-62541","project","type-project","status-publish","hentry","project_category-design-dinterieur","project_category-residence","project_category-espace-residentiel-de-style-classique-intemporel"],"acf":[],"yoast_head":"<!-- This site is optimized with the Yoast SEO plugin v21.5 - https:\/\/yoast.com\/wordpress\/plugins\/seo\/ -->\n<title>R\u00e9sidence Nouveau Saint-Laurent - INT Design<\/title>\n<meta name=\"robots\" content=\"index, follow, max-snippet:-1, max-image-preview:large, max-video-preview:-1\" \/>\n<link rel=\"canonical\" href=\"https:\/\/int.design\/fr\/projets\/residence-nouveau-saint-laurent\/\" \/>\n<meta property=\"og:locale\" content=\"fr_FR\" \/>\n<meta property=\"og:type\" content=\"article\" \/>\n<meta property=\"og:title\" content=\"R\u00e9sidence Nouveau Saint-Laurent - INT Design\" \/>\n<meta property=\"og:url\" content=\"https:\/\/int.design\/fr\/projets\/residence-nouveau-saint-laurent\/\" \/>\n<meta property=\"og:site_name\" content=\"INT Design\" \/>\n<meta property=\"article:modified_time\" content=\"2021-07-16T17:52:26+00:00\" \/>\n<meta name=\"twitter:card\" content=\"summary_large_image\" \/>\n<script type=\"application\/ld+json\" class=\"yoast-schema-graph\">{\"@context\":\"https:\/\/schema.org\",\"@graph\":[{\"@type\":\"WebPage\",\"@id\":\"https:\/\/int.design\/fr\/projets\/residence-nouveau-saint-laurent\/\",\"url\":\"https:\/\/int.design\/fr\/projets\/residence-nouveau-saint-laurent\/\",\"name\":\"R\u00e9sidence Nouveau Saint-Laurent - INT Design\",\"isPartOf\":{\"@id\":\"https:\/\/int.design\/fr\/#website\"},\"datePublished\":\"2021-07-14T23:38:47+00:00\",\"dateModified\":\"2021-07-16T17:52:26+00:00\",\"breadcrumb\":{\"@id\":\"https:\/\/int.design\/fr\/projets\/residence-nouveau-saint-laurent\/#breadcrumb\"},\"inLanguage\":\"fr-FR\",\"potentialAction\":[{\"@type\":\"ReadAction\",\"target\":[\"https:\/\/int.design\/fr\/projets\/residence-nouveau-saint-laurent\/\"]}]},{\"@type\":\"BreadcrumbList\",\"@id\":\"https:\/\/int.design\/fr\/projets\/residence-nouveau-saint-laurent\/#breadcrumb\",\"itemListElement\":[{\"@type\":\"ListItem\",\"position\":1,\"name\":\"Home\",\"item\":\"https:\/\/int.design\/fr\/\"},{\"@type\":\"ListItem\",\"position\":2,\"name\":\"Projects\",\"item\":\"https:\/\/int.design\/en\/projects\/\"},{\"@type\":\"ListItem\",\"position\":3,\"name\":\"R\u00e9sidence Nouveau Saint-Laurent\"}]},{\"@type\":\"WebSite\",\"@id\":\"https:\/\/int.design\/fr\/#website\",\"url\":\"https:\/\/int.design\/fr\/\",\"name\":\"INT Design\",\"description\":\"\",\"potentialAction\":[{\"@type\":\"SearchAction\",\"target\":{\"@type\":\"EntryPoint\",\"urlTemplate\":\"https:\/\/int.design\/fr\/?s={search_term_string}\"},\"query-input\":\"required name=search_term_string\"}],\"inLanguage\":\"fr-FR\"}]}<\/script>\n<!-- \/ Yoast SEO plugin. -->","yoast_head_json":{"title":"R\u00e9sidence Nouveau Saint-Laurent - INT Design","robots":{"index":"index","follow":"follow","max-snippet":"max-snippet:-1","max-image-preview":"max-image-preview:large","max-video-preview":"max-video-preview:-1"},"canonical":"https:\/\/int.design\/fr\/projets\/residence-nouveau-saint-laurent\/","og_locale":"fr_FR","og_type":"article","og_title":"R\u00e9sidence Nouveau Saint-Laurent - INT Design","og_url":"https:\/\/int.design\/fr\/projets\/residence-nouveau-saint-laurent\/","og_site_name":"INT Design","article_modified_time":"2021-07-16T17:52:26+00:00","twitter_card":"summary_large_image","schema":{"@context":"https:\/\/schema.org","@graph":[{"@type":"WebPage","@id":"https:\/\/int.design\/fr\/projets\/residence-nouveau-saint-laurent\/","url":"https:\/\/int.design\/fr\/projets\/residence-nouveau-saint-laurent\/","name":"R\u00e9sidence Nouveau Saint-Laurent - INT Design","isPartOf":{"@id":"https:\/\/int.design\/fr\/#website"},"datePublished":"2021-07-14T23:38:47+00:00","dateModified":"2021-07-16T17:52:26+00:00","breadcrumb":{"@id":"https:\/\/int.design\/fr\/projets\/residence-nouveau-saint-laurent\/#breadcrumb"},"inLanguage":"fr-FR","potentialAction":[{"@type":"ReadAction","target":["https:\/\/int.design\/fr\/projets\/residence-nouveau-saint-laurent\/"]}]},{"@type":"BreadcrumbList","@id":"https:\/\/int.design\/fr\/projets\/residence-nouveau-saint-laurent\/#breadcrumb","itemListElement":[{"@type":"ListItem","position":1,"name":"Home","item":"https:\/\/int.design\/fr\/"},{"@type":"ListItem","position":2,"name":"Projects","item":"https:\/\/int.design\/en\/projects\/"},{"@type":"ListItem","position":3,"name":"R\u00e9sidence Nouveau Saint-Laurent"}]},{"@type":"WebSite","@id":"https:\/\/int.design\/fr\/#website","url":"https:\/\/int.design\/fr\/","name":"INT Design","description":"","potentialAction":[{"@type":"SearchAction","target":{"@type":"EntryPoint","urlTemplate":"https:\/\/int.design\/fr\/?s={search_term_string}"},"query-input":"required name=search_term_string"}],"inLanguage":"fr-FR"}]}},"entry":{"cats":{"disciplines":[{"id":123,"name":"Design d\u2019int\u00e9rieur"}],"big_cats":[{"id":129,"name":"R\u00e9sidence"}],"sub_cats":[{"id":430,"name":"Espace r\u00e9sidentiel de style classique\/intemporel","parent":129}]},"entry":{"":null,"status":"completed","winner_title":"Pascale Nakhl\u00e9 Design","winner_prize_lang":"","title_translatable":false,"title_en":"","title_fr":"","releve_award":false,"releve_award_cv":false,"collaboration":false,"collaboration_firms":false,"other_firms":false,"owner":{"name":"Nakhl\u00e9 Pascale","confidential":false,"website":"https:\/\/www.pascalenakhle.com\/nouveau-st-laurent","contact_name":"","email":"pascale@pascalenakhle.com","phone":""},"address":{"address":"","city":"","region":"","province":"QC","country":"CA","postal_code":""},"logos":false,"use_logo":false,"designers":[{"name":"Pascale Nakhl\u00e9","credit":"Hadi Mourad","image":{"ID":70420,"id":70420,"title":"Pascale_Nakhl\u00e9","filename":"6_Pascale_Nakhl\u00e9.JPG","filesize":0,"url":"https:\/\/d2q6z78khxmx42.cloudfront.net\/2021\/03\/6_Pascale_Nakhl\u00e9.JPG","link":"https:\/\/int.design\/fr\/projets\/residence-nouveau-saint-laurent\/pascale_nakhle-2\/","alt":"","author":"705","description":"","caption":"","name":"pascale_nakhle-2","status":"inherit","uploaded_to":62541,"date":"2021-03-25 13:25:58","modified":"2021-03-25 13:26:17","menu_order":0,"mime_type":"image\/jpeg","type":"image","subtype":"jpeg","icon":"https:\/\/int.design\/wp-includes\/images\/media\/default.png","width":2400,"height":2400,"sizes":{"thumbnail":"https:\/\/d2q6z78khxmx42.cloudfront.net\/2021\/03\/6_Pascale_Nakhl\u00e9-150x150.jpg","thumbnail-width":150,"thumbnail-height":150,"medium":"https:\/\/d2q6z78khxmx42.cloudfront.net\/2021\/03\/6_Pascale_Nakhl\u00e9-300x300.jpg","medium-width":300,"medium-height":300,"medium_large":"https:\/\/d2q6z78khxmx42.cloudfront.net\/2021\/03\/6_Pascale_Nakhl\u00e9-768x768.jpg","medium_large-width":768,"medium_large-height":768,"large":"https:\/\/d2q6z78khxmx42.cloudfront.net\/2021\/03\/6_Pascale_Nakhl\u00e9-1024x1024.jpg","large-width":1024,"large-height":1024,"1536x1536":"https:\/\/d2q6z78khxmx42.cloudfront.net\/2021\/03\/6_Pascale_Nakhl\u00e9-1536x1536.jpg","1536x1536-width":1536,"1536x1536-height":1536,"2048x2048":"https:\/\/d2q6z78khxmx42.cloudfront.net\/2021\/03\/6_Pascale_Nakhl\u00e9-2048x2048.jpg","2048x2048-width":2048,"2048x2048-height":2048,"article":"https:\/\/d2q6z78khxmx42.cloudfront.net\/2021\/03\/6_Pascale_Nakhl\u00e9-960x540.jpg","article-width":960,"article-height":540,"banner":"https:\/\/d2q6z78khxmx42.cloudfront.net\/2021\/03\/6_Pascale_Nakhl\u00e9-1920x1920.jpg","banner-width":1920,"banner-height":1920,"block":"https:\/\/d2q6z78khxmx42.cloudfront.net\/2021\/03\/6_Pascale_Nakhl\u00e9-900x680.jpg","block-width":900,"block-height":680,"card":"https:\/\/d2q6z78khxmx42.cloudfront.net\/2021\/03\/6_Pascale_Nakhl\u00e9-560x495.jpg","card-width":560,"card-height":495,"card-thumbnail":"https:\/\/d2q6z78khxmx42.cloudfront.net\/2021\/03\/6_Pascale_Nakhl\u00e9-450x340.jpg","card-thumbnail-width":450,"card-thumbnail-height":340,"conference":"https:\/\/d2q6z78khxmx42.cloudfront.net\/2021\/03\/6_Pascale_Nakhl\u00e9-560x250.jpg","conference-width":560,"conference-height":250,"contest":"https:\/\/d2q6z78khxmx42.cloudfront.net\/2021\/03\/6_Pascale_Nakhl\u00e9-960x400.jpg","contest-width":960,"contest-height":400,"cta":"https:\/\/d2q6z78khxmx42.cloudfront.net\/2021\/03\/6_Pascale_Nakhl\u00e9-415x170.jpg","cta-width":415,"cta-height":170,"exhibitor":"https:\/\/d2q6z78khxmx42.cloudfront.net\/2021\/03\/6_Pascale_Nakhl\u00e9-560x560.jpg","exhibitor-width":560,"exhibitor-height":560,"gallery":"https:\/\/d2q6z78khxmx42.cloudfront.net\/2021\/03\/6_Pascale_Nakhl\u00e9-430x430.jpg","gallery-width":430,"gallery-height":430,"logo":"https:\/\/d2q6z78khxmx42.cloudfront.net\/2021\/03\/6_Pascale_Nakhl\u00e9-100x100.jpg","logo-width":100,"logo-height":100,"masonry":"https:\/\/d2q6z78khxmx42.cloudfront.net\/2021\/03\/6_Pascale_Nakhl\u00e9-550x550.jpg","masonry-width":550,"masonry-height":550,"modal":"https:\/\/d2q6z78khxmx42.cloudfront.net\/2021\/03\/nmhQrHkr-6_Pascale_Nakhl\u00e9-1920x1920.jpg","modal-width":1920,"modal-height":1920,"number":"https:\/\/d2q6z78khxmx42.cloudfront.net\/2021\/03\/nmhQrHkr-6_Pascale_Nakhl\u00e9-430x430.jpg","number-width":430,"number-height":430,"partner":"https:\/\/d2q6z78khxmx42.cloudfront.net\/2021\/03\/6_Pascale_Nakhl\u00e9-210x210.jpg","partner-width":210,"partner-height":210,"ranking":"https:\/\/d2q6z78khxmx42.cloudfront.net\/2021\/03\/nmhQrHkr-6_Pascale_Nakhl\u00e9-960x540.jpg","ranking-width":960,"ranking-height":540,"schedule":"https:\/\/d2q6z78khxmx42.cloudfront.net\/2021\/03\/6_Pascale_Nakhl\u00e9-960x360.jpg","schedule-width":960,"schedule-height":360,"slideshow":"https:\/\/d2q6z78khxmx42.cloudfront.net\/2021\/03\/6_Pascale_Nakhl\u00e9-680x680.jpg","slideshow-width":680,"slideshow-height":680}},"file":{"ID":68080,"id":68080,"title":"Pascale_Nakhl\u00e9_Bio","filename":"Pascale_Nakhl\u00e9_Bio.pdf","filesize":0,"url":"https:\/\/d2q6z78khxmx42.cloudfront.net\/2021\/03\/Pascale_Nakhl\u00e9_Bio.pdf","link":"https:\/\/int.design\/fr\/projets\/residence-nouveau-saint-laurent\/pascale_nakhle_bio\/","alt":"","author":"705","description":"","caption":"","name":"pascale_nakhle_bio","status":"inherit","uploaded_to":62541,"date":"2021-03-22 19:07:34","modified":"2021-03-22 19:07:38","menu_order":0,"mime_type":"application\/pdf","type":"application","subtype":"pdf","icon":"https:\/\/int.design\/wp-includes\/images\/media\/document.png"}}],"cover":[{"categories":[430],"credit":"Hadi Mourad","image":{"ID":68081,"id":68081,"title":"Cuisine_R\u00e9sidence_Nouveau_Saint_Laurent","filename":"Cuisine_R\u00e9sidence_Nouveau_Saint_Laurent-scaled.jpg","filesize":0,"url":"https:\/\/int.design\/wp-content\/uploads\/2021\/03\/Cuisine_R\u00e9sidence_Nouveau_Saint_Laurent-scaled.jpg","link":"https:\/\/int.design\/fr\/projets\/residence-nouveau-saint-laurent\/cuisine_residence_nouveau_saint_laurent\/","alt":"","author":"705","description":"R\u00e9sidence Nouveau Saint-Laurent Pascale Nakhl\u00e9 Design","caption":"","name":"cuisine_residence_nouveau_saint_laurent","status":"inherit","uploaded_to":62541,"date":"2021-03-22 19:11:02","modified":"2022-02-08 12:44:09","menu_order":0,"mime_type":"image\/jpeg","type":"image","subtype":"jpeg","icon":"https:\/\/int.design\/wp-includes\/images\/media\/default.png","width":2560,"height":1707,"sizes":{"thumbnail":"https:\/\/int.design\/wp-content\/uploads\/2021\/03\/Cuisine_R\u00e9sidence_Nouveau_Saint_Laurent-150x150.jpg","thumbnail-width":150,"thumbnail-height":150,"medium":"https:\/\/int.design\/wp-content\/uploads\/2021\/03\/Cuisine_R\u00e9sidence_Nouveau_Saint_Laurent-300x200.jpg","medium-width":300,"medium-height":200,"medium_large":"https:\/\/int.design\/wp-content\/uploads\/2021\/03\/Cuisine_R\u00e9sidence_Nouveau_Saint_Laurent-768x512.jpg","medium_large-width":768,"medium_large-height":512,"large":"https:\/\/int.design\/wp-content\/uploads\/2021\/03\/Cuisine_R\u00e9sidence_Nouveau_Saint_Laurent-1024x683.jpg","large-width":1024,"large-height":683,"1536x1536":"https:\/\/int.design\/wp-content\/uploads\/2021\/03\/Cuisine_R\u00e9sidence_Nouveau_Saint_Laurent-1536x1024.jpg","1536x1536-width":1536,"1536x1536-height":1024,"2048x2048":"https:\/\/int.design\/wp-content\/uploads\/2021\/03\/Cuisine_R\u00e9sidence_Nouveau_Saint_Laurent-2048x1365.jpg","2048x2048-width":2048,"2048x2048-height":1365,"article":"https:\/\/int.design\/wp-content\/uploads\/2021\/03\/Cuisine_R\u00e9sidence_Nouveau_Saint_Laurent-960x540.jpg","article-width":960,"article-height":540,"banner":"https:\/\/int.design\/wp-content\/uploads\/2021\/03\/Cuisine_R\u00e9sidence_Nouveau_Saint_Laurent-1920x1280.jpg","banner-width":1920,"banner-height":1280,"block":"https:\/\/int.design\/wp-content\/uploads\/2021\/03\/Cuisine_R\u00e9sidence_Nouveau_Saint_Laurent-900x680.jpg","block-width":900,"block-height":680,"card":"https:\/\/int.design\/wp-content\/uploads\/2021\/03\/Cuisine_R\u00e9sidence_Nouveau_Saint_Laurent-560x495.jpg","card-width":560,"card-height":495,"card-thumbnail":"https:\/\/int.design\/wp-content\/uploads\/2021\/03\/Cuisine_R\u00e9sidence_Nouveau_Saint_Laurent-450x340.jpg","card-thumbnail-width":450,"card-thumbnail-height":340,"conference":"https:\/\/int.design\/wp-content\/uploads\/2021\/03\/Cuisine_R\u00e9sidence_Nouveau_Saint_Laurent-560x250.jpg","conference-width":560,"conference-height":250,"contest":"https:\/\/int.design\/wp-content\/uploads\/2021\/03\/Cuisine_R\u00e9sidence_Nouveau_Saint_Laurent-960x400.jpg","contest-width":960,"contest-height":400,"cta":"https:\/\/int.design\/wp-content\/uploads\/2021\/03\/Cuisine_R\u00e9sidence_Nouveau_Saint_Laurent-415x170.jpg","cta-width":415,"cta-height":170,"exhibitor":"https:\/\/int.design\/wp-content\/uploads\/2021\/03\/Cuisine_R\u00e9sidence_Nouveau_Saint_Laurent-560x560.jpg","exhibitor-width":560,"exhibitor-height":560,"gallery":"https:\/\/int.design\/wp-content\/uploads\/2021\/03\/Cuisine_R\u00e9sidence_Nouveau_Saint_Laurent-560x373.jpg","gallery-width":560,"gallery-height":373,"logo":"https:\/\/int.design\/wp-content\/uploads\/2021\/03\/Cuisine_R\u00e9sidence_Nouveau_Saint_Laurent-150x100.jpg","logo-width":150,"logo-height":100,"masonry":"https:\/\/int.design\/wp-content\/uploads\/2021\/03\/Cuisine_R\u00e9sidence_Nouveau_Saint_Laurent-550x367.jpg","masonry-width":550,"masonry-height":367,"modal":"https:\/\/int.design\/wp-content\/uploads\/2021\/03\/Cuisine_R\u00e9sidence_Nouveau_Saint_Laurent-1920x1280.jpg","modal-width":1920,"modal-height":1280,"number":"https:\/\/int.design\/wp-content\/uploads\/2021\/03\/Cuisine_R\u00e9sidence_Nouveau_Saint_Laurent-560x373.jpg","number-width":560,"number-height":373,"partner":"https:\/\/int.design\/wp-content\/uploads\/2021\/03\/Cuisine_R\u00e9sidence_Nouveau_Saint_Laurent-275x183.jpg","partner-width":275,"partner-height":183,"ranking":"https:\/\/int.design\/wp-content\/uploads\/2021\/03\/Cuisine_R\u00e9sidence_Nouveau_Saint_Laurent-960x540.jpg","ranking-width":960,"ranking-height":540,"schedule":"https:\/\/int.design\/wp-content\/uploads\/2021\/03\/Cuisine_R\u00e9sidence_Nouveau_Saint_Laurent-960x360.jpg","schedule-width":960,"schedule-height":360,"slideshow":"https:\/\/int.design\/wp-content\/uploads\/2021\/03\/Cuisine_R\u00e9sidence_Nouveau_Saint_Laurent-1020x680.jpg","slideshow-width":1020,"slideshow-height":680}},"filters":[23],"suppliers":false,"attachment_category":{"23":"Cuisine","2676":"Habitation (tous)"}}],"images":[{"categories":[430],"credit":"Hadi Mourad","image":{"ID":68082,"id":68082,"title":"Entr\u00e9e_R\u00e9sidence_Nouveau_Saint_Laurent","filename":"Entr\u00e9e_R\u00e9sidence_Nouveau_Saint_Laurent-scaled.jpg","filesize":0,"url":"https:\/\/int.design\/wp-content\/uploads\/2021\/03\/Entr\u00e9e_R\u00e9sidence_Nouveau_Saint_Laurent-scaled.jpg","link":"https:\/\/int.design\/fr\/projets\/residence-nouveau-saint-laurent\/entree_residence_nouveau_saint_laurent\/","alt":"","author":"705","description":"R\u00e9sidence Nouveau Saint-Laurent Pascale Nakhl\u00e9 Design","caption":"","name":"entree_residence_nouveau_saint_laurent","status":"inherit","uploaded_to":62541,"date":"2021-03-22 19:18:57","modified":"2022-02-08 12:44:09","menu_order":0,"mime_type":"image\/jpeg","type":"image","subtype":"jpeg","icon":"https:\/\/int.design\/wp-includes\/images\/media\/default.png","width":1707,"height":2560,"sizes":{"thumbnail":"https:\/\/int.design\/wp-content\/uploads\/2021\/03\/Entr\u00e9e_R\u00e9sidence_Nouveau_Saint_Laurent-150x150.jpg","thumbnail-width":150,"thumbnail-height":150,"medium":"https:\/\/int.design\/wp-content\/uploads\/2021\/03\/Entr\u00e9e_R\u00e9sidence_Nouveau_Saint_Laurent-200x300.jpg","medium-width":200,"medium-height":300,"medium_large":"https:\/\/int.design\/wp-content\/uploads\/2021\/03\/Entr\u00e9e_R\u00e9sidence_Nouveau_Saint_Laurent-768x1152.jpg","medium_large-width":768,"medium_large-height":1152,"large":"https:\/\/int.design\/wp-content\/uploads\/2021\/03\/Entr\u00e9e_R\u00e9sidence_Nouveau_Saint_Laurent-683x1024.jpg","large-width":683,"large-height":1024,"1536x1536":"https:\/\/int.design\/wp-content\/uploads\/2021\/03\/Entr\u00e9e_R\u00e9sidence_Nouveau_Saint_Laurent-1024x1536.jpg","1536x1536-width":1024,"1536x1536-height":1536,"2048x2048":"https:\/\/int.design\/wp-content\/uploads\/2021\/03\/Entr\u00e9e_R\u00e9sidence_Nouveau_Saint_Laurent-1365x2048.jpg","2048x2048-width":1365,"2048x2048-height":2048,"article":"https:\/\/int.design\/wp-content\/uploads\/2021\/03\/Entr\u00e9e_R\u00e9sidence_Nouveau_Saint_Laurent-960x540.jpg","article-width":960,"article-height":540,"banner":"https:\/\/int.design\/wp-content\/uploads\/2021\/03\/Entr\u00e9e_R\u00e9sidence_Nouveau_Saint_Laurent-1920x2880.jpg","banner-width":1920,"banner-height":2880,"block":"https:\/\/int.design\/wp-content\/uploads\/2021\/03\/Entr\u00e9e_R\u00e9sidence_Nouveau_Saint_Laurent-900x680.jpg","block-width":900,"block-height":680,"card":"https:\/\/int.design\/wp-content\/uploads\/2021\/03\/Entr\u00e9e_R\u00e9sidence_Nouveau_Saint_Laurent-560x495.jpg","card-width":560,"card-height":495,"card-thumbnail":"https:\/\/int.design\/wp-content\/uploads\/2021\/03\/Entr\u00e9e_R\u00e9sidence_Nouveau_Saint_Laurent-450x340.jpg","card-thumbnail-width":450,"card-thumbnail-height":340,"conference":"https:\/\/int.design\/wp-content\/uploads\/2021\/03\/Entr\u00e9e_R\u00e9sidence_Nouveau_Saint_Laurent-560x250.jpg","conference-width":560,"conference-height":250,"contest":"https:\/\/int.design\/wp-content\/uploads\/2021\/03\/Entr\u00e9e_R\u00e9sidence_Nouveau_Saint_Laurent-960x400.jpg","contest-width":960,"contest-height":400,"cta":"https:\/\/int.design\/wp-content\/uploads\/2021\/03\/Entr\u00e9e_R\u00e9sidence_Nouveau_Saint_Laurent-415x170.jpg","cta-width":415,"cta-height":170,"exhibitor":"https:\/\/int.design\/wp-content\/uploads\/2021\/03\/Entr\u00e9e_R\u00e9sidence_Nouveau_Saint_Laurent-560x560.jpg","exhibitor-width":560,"exhibitor-height":560,"gallery":"https:\/\/int.design\/wp-content\/uploads\/2021\/03\/Entr\u00e9e_R\u00e9sidence_Nouveau_Saint_Laurent-287x430.jpg","gallery-width":287,"gallery-height":430,"logo":"https:\/\/int.design\/wp-content\/uploads\/2021\/03\/Entr\u00e9e_R\u00e9sidence_Nouveau_Saint_Laurent-67x100.jpg","logo-width":67,"logo-height":100,"masonry":"https:\/\/int.design\/wp-content\/uploads\/2021\/03\/Entr\u00e9e_R\u00e9sidence_Nouveau_Saint_Laurent-550x825.jpg","masonry-width":550,"masonry-height":825,"modal":"https:\/\/int.design\/wp-content\/uploads\/2021\/03\/Entr\u00e9e_R\u00e9sidence_Nouveau_Saint_Laurent-1280x1920.jpg","modal-width":1280,"modal-height":1920,"number":"https:\/\/int.design\/wp-content\/uploads\/2021\/03\/Entr\u00e9e_R\u00e9sidence_Nouveau_Saint_Laurent-287x430.jpg","number-width":287,"number-height":430,"partner":"https:\/\/int.design\/wp-content\/uploads\/2021\/03\/Entr\u00e9e_R\u00e9sidence_Nouveau_Saint_Laurent-140x210.jpg","partner-width":140,"partner-height":210,"ranking":"https:\/\/int.design\/wp-content\/uploads\/2021\/03\/Entr\u00e9e_R\u00e9sidence_Nouveau_Saint_Laurent-960x540.jpg","ranking-width":960,"ranking-height":540,"schedule":"https:\/\/int.design\/wp-content\/uploads\/2021\/03\/Entr\u00e9e_R\u00e9sidence_Nouveau_Saint_Laurent-960x360.jpg","schedule-width":960,"schedule-height":360,"slideshow":"https:\/\/int.design\/wp-content\/uploads\/2021\/03\/Entr\u00e9e_R\u00e9sidence_Nouveau_Saint_Laurent-453x680.jpg","slideshow-width":453,"slideshow-height":680}},"filters":[112],"suppliers":false,"attachment_category":[]},{"categories":[430],"credit":"Hadi Mourad","image":{"ID":68090,"id":68090,"title":"Cuisine_Vue_1_R\u00e9sidence_Nouveau_Saint_Laurent","filename":"Cuisine_Vue_1_R\u00e9sidence_Nouveau_Saint_Laurent-scaled.jpg","filesize":0,"url":"https:\/\/int.design\/wp-content\/uploads\/2021\/03\/Cuisine_Vue_1_R\u00e9sidence_Nouveau_Saint_Laurent-scaled.jpg","link":"https:\/\/int.design\/fr\/projets\/residence-nouveau-saint-laurent\/cuisine_vue_1_residence_nouveau_saint_laurent\/","alt":"","author":"705","description":"R\u00e9sidence Nouveau Saint-Laurent Pascale Nakhl\u00e9 Design","caption":"","name":"cuisine_vue_1_residence_nouveau_saint_laurent","status":"inherit","uploaded_to":62541,"date":"2021-03-22 19:26:22","modified":"2022-02-08 12:44:09","menu_order":0,"mime_type":"image\/jpeg","type":"image","subtype":"jpeg","icon":"https:\/\/int.design\/wp-includes\/images\/media\/default.png","width":2560,"height":1707,"sizes":{"thumbnail":"https:\/\/int.design\/wp-content\/uploads\/2021\/03\/Cuisine_Vue_1_R\u00e9sidence_Nouveau_Saint_Laurent-150x150.jpg","thumbnail-width":150,"thumbnail-height":150,"medium":"https:\/\/int.design\/wp-content\/uploads\/2021\/03\/Cuisine_Vue_1_R\u00e9sidence_Nouveau_Saint_Laurent-300x200.jpg","medium-width":300,"medium-height":200,"medium_large":"https:\/\/int.design\/wp-content\/uploads\/2021\/03\/Cuisine_Vue_1_R\u00e9sidence_Nouveau_Saint_Laurent-768x512.jpg","medium_large-width":768,"medium_large-height":512,"large":"https:\/\/int.design\/wp-content\/uploads\/2021\/03\/Cuisine_Vue_1_R\u00e9sidence_Nouveau_Saint_Laurent-1024x683.jpg","large-width":1024,"large-height":683,"1536x1536":"https:\/\/int.design\/wp-content\/uploads\/2021\/03\/Cuisine_Vue_1_R\u00e9sidence_Nouveau_Saint_Laurent-1536x1024.jpg","1536x1536-width":1536,"1536x1536-height":1024,"2048x2048":"https:\/\/int.design\/wp-content\/uploads\/2021\/03\/Cuisine_Vue_1_R\u00e9sidence_Nouveau_Saint_Laurent-2048x1365.jpg","2048x2048-width":2048,"2048x2048-height":1365,"article":"https:\/\/int.design\/wp-content\/uploads\/2021\/03\/Cuisine_Vue_1_R\u00e9sidence_Nouveau_Saint_Laurent-960x540.jpg","article-width":960,"article-height":540,"banner":"https:\/\/int.design\/wp-content\/uploads\/2021\/03\/Cuisine_Vue_1_R\u00e9sidence_Nouveau_Saint_Laurent-1920x1280.jpg","banner-width":1920,"banner-height":1280,"block":"https:\/\/int.design\/wp-content\/uploads\/2021\/03\/Cuisine_Vue_1_R\u00e9sidence_Nouveau_Saint_Laurent-900x680.jpg","block-width":900,"block-height":680,"card":"https:\/\/int.design\/wp-content\/uploads\/2021\/03\/Cuisine_Vue_1_R\u00e9sidence_Nouveau_Saint_Laurent-560x495.jpg","card-width":560,"card-height":495,"card-thumbnail":"https:\/\/int.design\/wp-content\/uploads\/2021\/03\/Cuisine_Vue_1_R\u00e9sidence_Nouveau_Saint_Laurent-450x340.jpg","card-thumbnail-width":450,"card-thumbnail-height":340,"conference":"https:\/\/int.design\/wp-content\/uploads\/2021\/03\/Cuisine_Vue_1_R\u00e9sidence_Nouveau_Saint_Laurent-560x250.jpg","conference-width":560,"conference-height":250,"contest":"https:\/\/int.design\/wp-content\/uploads\/2021\/03\/Cuisine_Vue_1_R\u00e9sidence_Nouveau_Saint_Laurent-960x400.jpg","contest-width":960,"contest-height":400,"cta":"https:\/\/int.design\/wp-content\/uploads\/2021\/03\/Cuisine_Vue_1_R\u00e9sidence_Nouveau_Saint_Laurent-415x170.jpg","cta-width":415,"cta-height":170,"exhibitor":"https:\/\/int.design\/wp-content\/uploads\/2021\/03\/Cuisine_Vue_1_R\u00e9sidence_Nouveau_Saint_Laurent-560x560.jpg","exhibitor-width":560,"exhibitor-height":560,"gallery":"https:\/\/int.design\/wp-content\/uploads\/2021\/03\/Cuisine_Vue_1_R\u00e9sidence_Nouveau_Saint_Laurent-560x373.jpg","gallery-width":560,"gallery-height":373,"logo":"https:\/\/int.design\/wp-content\/uploads\/2021\/03\/Cuisine_Vue_1_R\u00e9sidence_Nouveau_Saint_Laurent-150x100.jpg","logo-width":150,"logo-height":100,"masonry":"https:\/\/int.design\/wp-content\/uploads\/2021\/03\/Cuisine_Vue_1_R\u00e9sidence_Nouveau_Saint_Laurent-550x367.jpg","masonry-width":550,"masonry-height":367,"modal":"https:\/\/int.design\/wp-content\/uploads\/2021\/03\/Cuisine_Vue_1_R\u00e9sidence_Nouveau_Saint_Laurent-1920x1280.jpg","modal-width":1920,"modal-height":1280,"number":"https:\/\/int.design\/wp-content\/uploads\/2021\/03\/Cuisine_Vue_1_R\u00e9sidence_Nouveau_Saint_Laurent-560x373.jpg","number-width":560,"number-height":373,"partner":"https:\/\/int.design\/wp-content\/uploads\/2021\/03\/Cuisine_Vue_1_R\u00e9sidence_Nouveau_Saint_Laurent-275x183.jpg","partner-width":275,"partner-height":183,"ranking":"https:\/\/int.design\/wp-content\/uploads\/2021\/03\/Cuisine_Vue_1_R\u00e9sidence_Nouveau_Saint_Laurent-960x540.jpg","ranking-width":960,"ranking-height":540,"schedule":"https:\/\/int.design\/wp-content\/uploads\/2021\/03\/Cuisine_Vue_1_R\u00e9sidence_Nouveau_Saint_Laurent-960x360.jpg","schedule-width":960,"schedule-height":360,"slideshow":"https:\/\/int.design\/wp-content\/uploads\/2021\/03\/Cuisine_Vue_1_R\u00e9sidence_Nouveau_Saint_Laurent-1020x680.jpg","slideshow-width":1020,"slideshow-height":680}},"filters":[23],"suppliers":false,"attachment_category":[]},{"categories":[430],"credit":"Hadi Mourad","image":{"ID":68091,"id":68091,"title":"Cuisine_Vue_2_Nouveau_Saint_Laurent","filename":"Cuisine_Vue_2_Nouveau_Saint_Laurent-scaled.jpg","filesize":0,"url":"https:\/\/int.design\/wp-content\/uploads\/2021\/03\/Cuisine_Vue_2_Nouveau_Saint_Laurent-scaled.jpg","link":"https:\/\/int.design\/fr\/projets\/residence-nouveau-saint-laurent\/cuisine_vue_2_nouveau_saint_laurent\/","alt":"","author":"705","description":"R\u00e9sidence Nouveau Saint-Laurent Pascale Nakhl\u00e9 Design","caption":"","name":"cuisine_vue_2_nouveau_saint_laurent","status":"inherit","uploaded_to":62541,"date":"2021-03-22 19:26:51","modified":"2022-02-08 12:44:09","menu_order":0,"mime_type":"image\/jpeg","type":"image","subtype":"jpeg","icon":"https:\/\/int.design\/wp-includes\/images\/media\/default.png","width":1707,"height":2560,"sizes":{"thumbnail":"https:\/\/int.design\/wp-content\/uploads\/2021\/03\/Cuisine_Vue_2_Nouveau_Saint_Laurent-150x150.jpg","thumbnail-width":150,"thumbnail-height":150,"medium":"https:\/\/int.design\/wp-content\/uploads\/2021\/03\/Cuisine_Vue_2_Nouveau_Saint_Laurent-200x300.jpg","medium-width":200,"medium-height":300,"medium_large":"https:\/\/int.design\/wp-content\/uploads\/2021\/03\/Cuisine_Vue_2_Nouveau_Saint_Laurent-768x1152.jpg","medium_large-width":768,"medium_large-height":1152,"large":"https:\/\/int.design\/wp-content\/uploads\/2021\/03\/Cuisine_Vue_2_Nouveau_Saint_Laurent-683x1024.jpg","large-width":683,"large-height":1024,"1536x1536":"https:\/\/int.design\/wp-content\/uploads\/2021\/03\/Cuisine_Vue_2_Nouveau_Saint_Laurent-1024x1536.jpg","1536x1536-width":1024,"1536x1536-height":1536,"2048x2048":"https:\/\/int.design\/wp-content\/uploads\/2021\/03\/Cuisine_Vue_2_Nouveau_Saint_Laurent-1365x2048.jpg","2048x2048-width":1365,"2048x2048-height":2048,"article":"https:\/\/int.design\/wp-content\/uploads\/2021\/03\/Cuisine_Vue_2_Nouveau_Saint_Laurent-960x540.jpg","article-width":960,"article-height":540,"banner":"https:\/\/int.design\/wp-content\/uploads\/2021\/03\/Cuisine_Vue_2_Nouveau_Saint_Laurent-1920x2880.jpg","banner-width":1920,"banner-height":2880,"block":"https:\/\/int.design\/wp-content\/uploads\/2021\/03\/Cuisine_Vue_2_Nouveau_Saint_Laurent-900x680.jpg","block-width":900,"block-height":680,"card":"https:\/\/int.design\/wp-content\/uploads\/2021\/03\/Cuisine_Vue_2_Nouveau_Saint_Laurent-560x495.jpg","card-width":560,"card-height":495,"card-thumbnail":"https:\/\/int.design\/wp-content\/uploads\/2021\/03\/Cuisine_Vue_2_Nouveau_Saint_Laurent-450x340.jpg","card-thumbnail-width":450,"card-thumbnail-height":340,"conference":"https:\/\/int.design\/wp-content\/uploads\/2021\/03\/Cuisine_Vue_2_Nouveau_Saint_Laurent-560x250.jpg","conference-width":560,"conference-height":250,"contest":"https:\/\/int.design\/wp-content\/uploads\/2021\/03\/Cuisine_Vue_2_Nouveau_Saint_Laurent-960x400.jpg","contest-width":960,"contest-height":400,"cta":"https:\/\/int.design\/wp-content\/uploads\/2021\/03\/Cuisine_Vue_2_Nouveau_Saint_Laurent-415x170.jpg","cta-width":415,"cta-height":170,"exhibitor":"https:\/\/int.design\/wp-content\/uploads\/2021\/03\/Cuisine_Vue_2_Nouveau_Saint_Laurent-560x560.jpg","exhibitor-width":560,"exhibitor-height":560,"gallery":"https:\/\/int.design\/wp-content\/uploads\/2021\/03\/Cuisine_Vue_2_Nouveau_Saint_Laurent-287x430.jpg","gallery-width":287,"gallery-height":430,"logo":"https:\/\/int.design\/wp-content\/uploads\/2021\/03\/Cuisine_Vue_2_Nouveau_Saint_Laurent-67x100.jpg","logo-width":67,"logo-height":100,"masonry":"https:\/\/int.design\/wp-content\/uploads\/2021\/03\/Cuisine_Vue_2_Nouveau_Saint_Laurent-550x825.jpg","masonry-width":550,"masonry-height":825,"modal":"https:\/\/int.design\/wp-content\/uploads\/2021\/03\/Cuisine_Vue_2_Nouveau_Saint_Laurent-1280x1920.jpg","modal-width":1280,"modal-height":1920,"number":"https:\/\/int.design\/wp-content\/uploads\/2021\/03\/Cuisine_Vue_2_Nouveau_Saint_Laurent-287x430.jpg","number-width":287,"number-height":430,"partner":"https:\/\/int.design\/wp-content\/uploads\/2021\/03\/Cuisine_Vue_2_Nouveau_Saint_Laurent-140x210.jpg","partner-width":140,"partner-height":210,"ranking":"https:\/\/int.design\/wp-content\/uploads\/2021\/03\/Cuisine_Vue_2_Nouveau_Saint_Laurent-960x540.jpg","ranking-width":960,"ranking-height":540,"schedule":"https:\/\/int.design\/wp-content\/uploads\/2021\/03\/Cuisine_Vue_2_Nouveau_Saint_Laurent-960x360.jpg","schedule-width":960,"schedule-height":360,"slideshow":"https:\/\/int.design\/wp-content\/uploads\/2021\/03\/Cuisine_Vue_2_Nouveau_Saint_Laurent-453x680.jpg","slideshow-width":453,"slideshow-height":680}},"filters":[23],"suppliers":false,"attachment_category":[]},{"categories":[430],"credit":"Hadi Mourad","image":{"ID":68093,"id":68093,"title":"Cuisine_Vue_3_Nouveau_Saint_Laurent","filename":"Cuisine_Vue_3_Nouveau_Saint_Laurent-scaled.jpg","filesize":0,"url":"https:\/\/int.design\/wp-content\/uploads\/2021\/03\/Cuisine_Vue_3_Nouveau_Saint_Laurent-scaled.jpg","link":"https:\/\/int.design\/fr\/projets\/residence-nouveau-saint-laurent\/cuisine_vue_3_nouveau_saint_laurent\/","alt":"","author":"705","description":"R\u00e9sidence Nouveau Saint-Laurent Pascale Nakhl\u00e9 Design","caption":"","name":"cuisine_vue_3_nouveau_saint_laurent","status":"inherit","uploaded_to":62541,"date":"2021-03-22 19:27:28","modified":"2022-02-08 12:44:09","menu_order":0,"mime_type":"image\/jpeg","type":"image","subtype":"jpeg","icon":"https:\/\/int.design\/wp-includes\/images\/media\/default.png","width":1707,"height":2560,"sizes":{"thumbnail":"https:\/\/int.design\/wp-content\/uploads\/2021\/03\/Cuisine_Vue_3_Nouveau_Saint_Laurent-150x150.jpg","thumbnail-width":150,"thumbnail-height":150,"medium":"https:\/\/int.design\/wp-content\/uploads\/2021\/03\/Cuisine_Vue_3_Nouveau_Saint_Laurent-200x300.jpg","medium-width":200,"medium-height":300,"medium_large":"https:\/\/int.design\/wp-content\/uploads\/2021\/03\/Cuisine_Vue_3_Nouveau_Saint_Laurent-768x1152.jpg","medium_large-width":768,"medium_large-height":1152,"large":"https:\/\/int.design\/wp-content\/uploads\/2021\/03\/Cuisine_Vue_3_Nouveau_Saint_Laurent-683x1024.jpg","large-width":683,"large-height":1024,"1536x1536":"https:\/\/int.design\/wp-content\/uploads\/2021\/03\/Cuisine_Vue_3_Nouveau_Saint_Laurent-1024x1536.jpg","1536x1536-width":1024,"1536x1536-height":1536,"2048x2048":"https:\/\/int.design\/wp-content\/uploads\/2021\/03\/Cuisine_Vue_3_Nouveau_Saint_Laurent-1365x2048.jpg","2048x2048-width":1365,"2048x2048-height":2048,"article":"https:\/\/int.design\/wp-content\/uploads\/2021\/03\/Cuisine_Vue_3_Nouveau_Saint_Laurent-960x540.jpg","article-width":960,"article-height":540,"banner":"https:\/\/int.design\/wp-content\/uploads\/2021\/03\/Cuisine_Vue_3_Nouveau_Saint_Laurent-1920x2880.jpg","banner-width":1920,"banner-height":2880,"block":"https:\/\/int.design\/wp-content\/uploads\/2021\/03\/Cuisine_Vue_3_Nouveau_Saint_Laurent-900x680.jpg","block-width":900,"block-height":680,"card":"https:\/\/int.design\/wp-content\/uploads\/2021\/03\/Cuisine_Vue_3_Nouveau_Saint_Laurent-560x495.jpg","card-width":560,"card-height":495,"card-thumbnail":"https:\/\/int.design\/wp-content\/uploads\/2021\/03\/Cuisine_Vue_3_Nouveau_Saint_Laurent-450x340.jpg","card-thumbnail-width":450,"card-thumbnail-height":340,"conference":"https:\/\/int.design\/wp-content\/uploads\/2021\/03\/Cuisine_Vue_3_Nouveau_Saint_Laurent-560x250.jpg","conference-width":560,"conference-height":250,"contest":"https:\/\/int.design\/wp-content\/uploads\/2021\/03\/Cuisine_Vue_3_Nouveau_Saint_Laurent-960x400.jpg","contest-width":960,"contest-height":400,"cta":"https:\/\/int.design\/wp-content\/uploads\/2021\/03\/Cuisine_Vue_3_Nouveau_Saint_Laurent-415x170.jpg","cta-width":415,"cta-height":170,"exhibitor":"https:\/\/int.design\/wp-content\/uploads\/2021\/03\/Cuisine_Vue_3_Nouveau_Saint_Laurent-560x560.jpg","exhibitor-width":560,"exhibitor-height":560,"gallery":"https:\/\/int.design\/wp-content\/uploads\/2021\/03\/Cuisine_Vue_3_Nouveau_Saint_Laurent-287x430.jpg","gallery-width":287,"gallery-height":430,"logo":"https:\/\/int.design\/wp-content\/uploads\/2021\/03\/Cuisine_Vue_3_Nouveau_Saint_Laurent-67x100.jpg","logo-width":67,"logo-height":100,"masonry":"https:\/\/int.design\/wp-content\/uploads\/2021\/03\/Cuisine_Vue_3_Nouveau_Saint_Laurent-550x825.jpg","masonry-width":550,"masonry-height":825,"modal":"https:\/\/int.design\/wp-content\/uploads\/2021\/03\/Cuisine_Vue_3_Nouveau_Saint_Laurent-1280x1920.jpg","modal-width":1280,"modal-height":1920,"number":"https:\/\/int.design\/wp-content\/uploads\/2021\/03\/Cuisine_Vue_3_Nouveau_Saint_Laurent-287x430.jpg","number-width":287,"number-height":430,"partner":"https:\/\/int.design\/wp-content\/uploads\/2021\/03\/Cuisine_Vue_3_Nouveau_Saint_Laurent-140x210.jpg","partner-width":140,"partner-height":210,"ranking":"https:\/\/int.design\/wp-content\/uploads\/2021\/03\/Cuisine_Vue_3_Nouveau_Saint_Laurent-960x540.jpg","ranking-width":960,"ranking-height":540,"schedule":"https:\/\/int.design\/wp-content\/uploads\/2021\/03\/Cuisine_Vue_3_Nouveau_Saint_Laurent-960x360.jpg","schedule-width":960,"schedule-height":360,"slideshow":"https:\/\/int.design\/wp-content\/uploads\/2021\/03\/Cuisine_Vue_3_Nouveau_Saint_Laurent-453x680.jpg","slideshow-width":453,"slideshow-height":680}},"filters":[23],"suppliers":false,"attachment_category":[]},{"categories":[430],"credit":"Hadi Mourad","image":{"ID":68105,"id":68105,"title":"Salle_A_Manger_Vue_1_R\u00e9sidence_Nouveau_Saint_Laurent","filename":"Salle_A_Manger_Vue_1_R\u00e9sidence_Nouveau_Saint_Laurent-scaled.jpg","filesize":0,"url":"https:\/\/int.design\/wp-content\/uploads\/2021\/03\/Salle_A_Manger_Vue_1_R\u00e9sidence_Nouveau_Saint_Laurent-scaled.jpg","link":"https:\/\/int.design\/fr\/projets\/residence-nouveau-saint-laurent\/salle_a_manger_vue_1_residence_nouveau_saint_laurent\/","alt":"","author":"705","description":"R\u00e9sidence Nouveau Saint-Laurent Pascale Nakhl\u00e9 Design","caption":"","name":"salle_a_manger_vue_1_residence_nouveau_saint_laurent","status":"inherit","uploaded_to":62541,"date":"2021-03-22 19:40:56","modified":"2022-02-08 12:44:09","menu_order":0,"mime_type":"image\/jpeg","type":"image","subtype":"jpeg","icon":"https:\/\/int.design\/wp-includes\/images\/media\/default.png","width":2560,"height":1707,"sizes":{"thumbnail":"https:\/\/int.design\/wp-content\/uploads\/2021\/03\/Salle_A_Manger_Vue_1_R\u00e9sidence_Nouveau_Saint_Laurent-150x150.jpg","thumbnail-width":150,"thumbnail-height":150,"medium":"https:\/\/int.design\/wp-content\/uploads\/2021\/03\/Salle_A_Manger_Vue_1_R\u00e9sidence_Nouveau_Saint_Laurent-300x200.jpg","medium-width":300,"medium-height":200,"medium_large":"https:\/\/int.design\/wp-content\/uploads\/2021\/03\/Salle_A_Manger_Vue_1_R\u00e9sidence_Nouveau_Saint_Laurent-768x512.jpg","medium_large-width":768,"medium_large-height":512,"large":"https:\/\/int.design\/wp-content\/uploads\/2021\/03\/Salle_A_Manger_Vue_1_R\u00e9sidence_Nouveau_Saint_Laurent-1024x683.jpg","large-width":1024,"large-height":683,"1536x1536":"https:\/\/int.design\/wp-content\/uploads\/2021\/03\/Salle_A_Manger_Vue_1_R\u00e9sidence_Nouveau_Saint_Laurent-1536x1024.jpg","1536x1536-width":1536,"1536x1536-height":1024,"2048x2048":"https:\/\/int.design\/wp-content\/uploads\/2021\/03\/Salle_A_Manger_Vue_1_R\u00e9sidence_Nouveau_Saint_Laurent-2048x1365.jpg","2048x2048-width":2048,"2048x2048-height":1365,"article":"https:\/\/int.design\/wp-content\/uploads\/2021\/03\/Salle_A_Manger_Vue_1_R\u00e9sidence_Nouveau_Saint_Laurent-960x540.jpg","article-width":960,"article-height":540,"banner":"https:\/\/int.design\/wp-content\/uploads\/2021\/03\/Salle_A_Manger_Vue_1_R\u00e9sidence_Nouveau_Saint_Laurent-1920x1280.jpg","banner-width":1920,"banner-height":1280,"block":"https:\/\/int.design\/wp-content\/uploads\/2021\/03\/Salle_A_Manger_Vue_1_R\u00e9sidence_Nouveau_Saint_Laurent-900x680.jpg","block-width":900,"block-height":680,"card":"https:\/\/int.design\/wp-content\/uploads\/2021\/03\/Salle_A_Manger_Vue_1_R\u00e9sidence_Nouveau_Saint_Laurent-560x495.jpg","card-width":560,"card-height":495,"card-thumbnail":"https:\/\/int.design\/wp-content\/uploads\/2021\/03\/Salle_A_Manger_Vue_1_R\u00e9sidence_Nouveau_Saint_Laurent-450x340.jpg","card-thumbnail-width":450,"card-thumbnail-height":340,"conference":"https:\/\/int.design\/wp-content\/uploads\/2021\/03\/Salle_A_Manger_Vue_1_R\u00e9sidence_Nouveau_Saint_Laurent-560x250.jpg","conference-width":560,"conference-height":250,"contest":"https:\/\/int.design\/wp-content\/uploads\/2021\/03\/Salle_A_Manger_Vue_1_R\u00e9sidence_Nouveau_Saint_Laurent-960x400.jpg","contest-width":960,"contest-height":400,"cta":"https:\/\/int.design\/wp-content\/uploads\/2021\/03\/Salle_A_Manger_Vue_1_R\u00e9sidence_Nouveau_Saint_Laurent-415x170.jpg","cta-width":415,"cta-height":170,"exhibitor":"https:\/\/int.design\/wp-content\/uploads\/2021\/03\/Salle_A_Manger_Vue_1_R\u00e9sidence_Nouveau_Saint_Laurent-560x560.jpg","exhibitor-width":560,"exhibitor-height":560,"gallery":"https:\/\/int.design\/wp-content\/uploads\/2021\/03\/Salle_A_Manger_Vue_1_R\u00e9sidence_Nouveau_Saint_Laurent-560x373.jpg","gallery-width":560,"gallery-height":373,"logo":"https:\/\/int.design\/wp-content\/uploads\/2021\/03\/Salle_A_Manger_Vue_1_R\u00e9sidence_Nouveau_Saint_Laurent-150x100.jpg","logo-width":150,"logo-height":100,"masonry":"https:\/\/int.design\/wp-content\/uploads\/2021\/03\/Salle_A_Manger_Vue_1_R\u00e9sidence_Nouveau_Saint_Laurent-550x367.jpg","masonry-width":550,"masonry-height":367,"modal":"https:\/\/int.design\/wp-content\/uploads\/2021\/03\/Salle_A_Manger_Vue_1_R\u00e9sidence_Nouveau_Saint_Laurent-1920x1280.jpg","modal-width":1920,"modal-height":1280,"number":"https:\/\/int.design\/wp-content\/uploads\/2021\/03\/Salle_A_Manger_Vue_1_R\u00e9sidence_Nouveau_Saint_Laurent-560x373.jpg","number-width":560,"number-height":373,"partner":"https:\/\/int.design\/wp-content\/uploads\/2021\/03\/Salle_A_Manger_Vue_1_R\u00e9sidence_Nouveau_Saint_Laurent-275x183.jpg","partner-width":275,"partner-height":183,"ranking":"https:\/\/int.design\/wp-content\/uploads\/2021\/03\/Salle_A_Manger_Vue_1_R\u00e9sidence_Nouveau_Saint_Laurent-960x540.jpg","ranking-width":960,"ranking-height":540,"schedule":"https:\/\/int.design\/wp-content\/uploads\/2021\/03\/Salle_A_Manger_Vue_1_R\u00e9sidence_Nouveau_Saint_Laurent-960x360.jpg","schedule-width":960,"schedule-height":360,"slideshow":"https:\/\/int.design\/wp-content\/uploads\/2021\/03\/Salle_A_Manger_Vue_1_R\u00e9sidence_Nouveau_Saint_Laurent-1020x680.jpg","slideshow-width":1020,"slideshow-height":680}},"filters":[113],"suppliers":false,"attachment_category":[]},{"categories":[430],"credit":"Hadi Mourad","image":{"ID":68106,"id":68106,"title":"Salle_A_Manger_Vue_2_R\u00e9sidence_Nouveau_Saint_Laurent","filename":"Salle_A_Manger_Vue_2_R\u00e9sidence_Nouveau_Saint_Laurent-scaled.jpg","filesize":0,"url":"https:\/\/int.design\/wp-content\/uploads\/2021\/03\/Salle_A_Manger_Vue_2_R\u00e9sidence_Nouveau_Saint_Laurent-scaled.jpg","link":"https:\/\/int.design\/fr\/projets\/residence-nouveau-saint-laurent\/salle_a_manger_vue_2_residence_nouveau_saint_laurent\/","alt":"","author":"705","description":"R\u00e9sidence Nouveau Saint-Laurent Pascale Nakhl\u00e9 Design","caption":"","name":"salle_a_manger_vue_2_residence_nouveau_saint_laurent","status":"inherit","uploaded_to":62541,"date":"2021-03-22 19:41:21","modified":"2022-02-08 12:44:09","menu_order":0,"mime_type":"image\/jpeg","type":"image","subtype":"jpeg","icon":"https:\/\/int.design\/wp-includes\/images\/media\/default.png","width":1706,"height":2560,"sizes":{"thumbnail":"https:\/\/int.design\/wp-content\/uploads\/2021\/03\/Salle_A_Manger_Vue_2_R\u00e9sidence_Nouveau_Saint_Laurent-150x150.jpg","thumbnail-width":150,"thumbnail-height":150,"medium":"https:\/\/int.design\/wp-content\/uploads\/2021\/03\/Salle_A_Manger_Vue_2_R\u00e9sidence_Nouveau_Saint_Laurent-200x300.jpg","medium-width":200,"medium-height":300,"medium_large":"https:\/\/int.design\/wp-content\/uploads\/2021\/03\/Salle_A_Manger_Vue_2_R\u00e9sidence_Nouveau_Saint_Laurent-768x1152.jpg","medium_large-width":768,"medium_large-height":1152,"large":"https:\/\/int.design\/wp-content\/uploads\/2021\/03\/Salle_A_Manger_Vue_2_R\u00e9sidence_Nouveau_Saint_Laurent-683x1024.jpg","large-width":683,"large-height":1024,"1536x1536":"https:\/\/int.design\/wp-content\/uploads\/2021\/03\/Salle_A_Manger_Vue_2_R\u00e9sidence_Nouveau_Saint_Laurent-1024x1536.jpg","1536x1536-width":1024,"1536x1536-height":1536,"2048x2048":"https:\/\/int.design\/wp-content\/uploads\/2021\/03\/Salle_A_Manger_Vue_2_R\u00e9sidence_Nouveau_Saint_Laurent-1365x2048.jpg","2048x2048-width":1365,"2048x2048-height":2048,"article":"https:\/\/int.design\/wp-content\/uploads\/2021\/03\/Salle_A_Manger_Vue_2_R\u00e9sidence_Nouveau_Saint_Laurent-960x540.jpg","article-width":960,"article-height":540,"banner":"https:\/\/int.design\/wp-content\/uploads\/2021\/03\/Salle_A_Manger_Vue_2_R\u00e9sidence_Nouveau_Saint_Laurent-1920x2881.jpg","banner-width":1920,"banner-height":2881,"block":"https:\/\/int.design\/wp-content\/uploads\/2021\/03\/Salle_A_Manger_Vue_2_R\u00e9sidence_Nouveau_Saint_Laurent-900x680.jpg","block-width":900,"block-height":680,"card":"https:\/\/int.design\/wp-content\/uploads\/2021\/03\/Salle_A_Manger_Vue_2_R\u00e9sidence_Nouveau_Saint_Laurent-560x495.jpg","card-width":560,"card-height":495,"card-thumbnail":"https:\/\/int.design\/wp-content\/uploads\/2021\/03\/Salle_A_Manger_Vue_2_R\u00e9sidence_Nouveau_Saint_Laurent-450x340.jpg","card-thumbnail-width":450,"card-thumbnail-height":340,"conference":"https:\/\/int.design\/wp-content\/uploads\/2021\/03\/Salle_A_Manger_Vue_2_R\u00e9sidence_Nouveau_Saint_Laurent-560x250.jpg","conference-width":560,"conference-height":250,"contest":"https:\/\/int.design\/wp-content\/uploads\/2021\/03\/Salle_A_Manger_Vue_2_R\u00e9sidence_Nouveau_Saint_Laurent-960x400.jpg","contest-width":960,"contest-height":400,"cta":"https:\/\/int.design\/wp-content\/uploads\/2021\/03\/Salle_A_Manger_Vue_2_R\u00e9sidence_Nouveau_Saint_Laurent-415x170.jpg","cta-width":415,"cta-height":170,"exhibitor":"https:\/\/int.design\/wp-content\/uploads\/2021\/03\/Salle_A_Manger_Vue_2_R\u00e9sidence_Nouveau_Saint_Laurent-560x560.jpg","exhibitor-width":560,"exhibitor-height":560,"gallery":"https:\/\/int.design\/wp-content\/uploads\/2021\/03\/Salle_A_Manger_Vue_2_R\u00e9sidence_Nouveau_Saint_Laurent-287x430.jpg","gallery-width":287,"gallery-height":430,"logo":"https:\/\/int.design\/wp-content\/uploads\/2021\/03\/Salle_A_Manger_Vue_2_R\u00e9sidence_Nouveau_Saint_Laurent-67x100.jpg","logo-width":67,"logo-height":100,"masonry":"https:\/\/int.design\/wp-content\/uploads\/2021\/03\/Salle_A_Manger_Vue_2_R\u00e9sidence_Nouveau_Saint_Laurent-550x825.jpg","masonry-width":550,"masonry-height":825,"modal":"https:\/\/int.design\/wp-content\/uploads\/2021\/03\/Salle_A_Manger_Vue_2_R\u00e9sidence_Nouveau_Saint_Laurent-1280x1920.jpg","modal-width":1280,"modal-height":1920,"number":"https:\/\/int.design\/wp-content\/uploads\/2021\/03\/Salle_A_Manger_Vue_2_R\u00e9sidence_Nouveau_Saint_Laurent-287x430.jpg","number-width":287,"number-height":430,"partner":"https:\/\/int.design\/wp-content\/uploads\/2021\/03\/Salle_A_Manger_Vue_2_R\u00e9sidence_Nouveau_Saint_Laurent-140x210.jpg","partner-width":140,"partner-height":210,"ranking":"https:\/\/int.design\/wp-content\/uploads\/2021\/03\/Salle_A_Manger_Vue_2_R\u00e9sidence_Nouveau_Saint_Laurent-960x540.jpg","ranking-width":960,"ranking-height":540,"schedule":"https:\/\/int.design\/wp-content\/uploads\/2021\/03\/Salle_A_Manger_Vue_2_R\u00e9sidence_Nouveau_Saint_Laurent-960x360.jpg","schedule-width":960,"schedule-height":360,"slideshow":"https:\/\/int.design\/wp-content\/uploads\/2021\/03\/Salle_A_Manger_Vue_2_R\u00e9sidence_Nouveau_Saint_Laurent-453x680.jpg","slideshow-width":453,"slideshow-height":680}},"filters":[113],"suppliers":false,"attachment_category":[]},{"categories":[430],"credit":"Hadi Mourad","image":{"ID":68107,"id":68107,"title":"Salle_familiale_R\u00e9sidence_Nouveau_Saint_Laurent","filename":"Salle_familiale_R\u00e9sidence_Nouveau_Saint_Laurent-scaled.jpg","filesize":0,"url":"https:\/\/int.design\/wp-content\/uploads\/2021\/03\/Salle_familiale_R\u00e9sidence_Nouveau_Saint_Laurent-scaled.jpg","link":"https:\/\/int.design\/fr\/projets\/residence-nouveau-saint-laurent\/salle_familiale_residence_nouveau_saint_laurent\/","alt":"","author":"705","description":"R\u00e9sidence Nouveau Saint-Laurent Pascale Nakhl\u00e9 Design","caption":"","name":"salle_familiale_residence_nouveau_saint_laurent","status":"inherit","uploaded_to":62541,"date":"2021-03-22 19:48:40","modified":"2022-02-08 12:44:09","menu_order":0,"mime_type":"image\/jpeg","type":"image","subtype":"jpeg","icon":"https:\/\/int.design\/wp-includes\/images\/media\/default.png","width":2560,"height":1707,"sizes":{"thumbnail":"https:\/\/int.design\/wp-content\/uploads\/2021\/03\/Salle_familiale_R\u00e9sidence_Nouveau_Saint_Laurent-150x150.jpg","thumbnail-width":150,"thumbnail-height":150,"medium":"https:\/\/int.design\/wp-content\/uploads\/2021\/03\/Salle_familiale_R\u00e9sidence_Nouveau_Saint_Laurent-300x200.jpg","medium-width":300,"medium-height":200,"medium_large":"https:\/\/int.design\/wp-content\/uploads\/2021\/03\/Salle_familiale_R\u00e9sidence_Nouveau_Saint_Laurent-768x512.jpg","medium_large-width":768,"medium_large-height":512,"large":"https:\/\/int.design\/wp-content\/uploads\/2021\/03\/Salle_familiale_R\u00e9sidence_Nouveau_Saint_Laurent-1024x683.jpg","large-width":1024,"large-height":683,"1536x1536":"https:\/\/int.design\/wp-content\/uploads\/2021\/03\/Salle_familiale_R\u00e9sidence_Nouveau_Saint_Laurent-1536x1024.jpg","1536x1536-width":1536,"1536x1536-height":1024,"2048x2048":"https:\/\/int.design\/wp-content\/uploads\/2021\/03\/Salle_familiale_R\u00e9sidence_Nouveau_Saint_Laurent-2048x1365.jpg","2048x2048-width":2048,"2048x2048-height":1365,"article":"https:\/\/int.design\/wp-content\/uploads\/2021\/03\/Salle_familiale_R\u00e9sidence_Nouveau_Saint_Laurent-960x540.jpg","article-width":960,"article-height":540,"banner":"https:\/\/int.design\/wp-content\/uploads\/2021\/03\/Salle_familiale_R\u00e9sidence_Nouveau_Saint_Laurent-1920x1280.jpg","banner-width":1920,"banner-height":1280,"block":"https:\/\/int.design\/wp-content\/uploads\/2021\/03\/Salle_familiale_R\u00e9sidence_Nouveau_Saint_Laurent-900x680.jpg","block-width":900,"block-height":680,"card":"https:\/\/int.design\/wp-content\/uploads\/2021\/03\/Salle_familiale_R\u00e9sidence_Nouveau_Saint_Laurent-560x495.jpg","card-width":560,"card-height":495,"card-thumbnail":"https:\/\/int.design\/wp-content\/uploads\/2021\/03\/Salle_familiale_R\u00e9sidence_Nouveau_Saint_Laurent-450x340.jpg","card-thumbnail-width":450,"card-thumbnail-height":340,"conference":"https:\/\/int.design\/wp-content\/uploads\/2021\/03\/Salle_familiale_R\u00e9sidence_Nouveau_Saint_Laurent-560x250.jpg","conference-width":560,"conference-height":250,"contest":"https:\/\/int.design\/wp-content\/uploads\/2021\/03\/Salle_familiale_R\u00e9sidence_Nouveau_Saint_Laurent-960x400.jpg","contest-width":960,"contest-height":400,"cta":"https:\/\/int.design\/wp-content\/uploads\/2021\/03\/Salle_familiale_R\u00e9sidence_Nouveau_Saint_Laurent-415x170.jpg","cta-width":415,"cta-height":170,"exhibitor":"https:\/\/int.design\/wp-content\/uploads\/2021\/03\/Salle_familiale_R\u00e9sidence_Nouveau_Saint_Laurent-560x560.jpg","exhibitor-width":560,"exhibitor-height":560,"gallery":"https:\/\/int.design\/wp-content\/uploads\/2021\/03\/Salle_familiale_R\u00e9sidence_Nouveau_Saint_Laurent-560x373.jpg","gallery-width":560,"gallery-height":373,"logo":"https:\/\/int.design\/wp-content\/uploads\/2021\/03\/Salle_familiale_R\u00e9sidence_Nouveau_Saint_Laurent-150x100.jpg","logo-width":150,"logo-height":100,"masonry":"https:\/\/int.design\/wp-content\/uploads\/2021\/03\/Salle_familiale_R\u00e9sidence_Nouveau_Saint_Laurent-550x367.jpg","masonry-width":550,"masonry-height":367,"modal":"https:\/\/int.design\/wp-content\/uploads\/2021\/03\/Salle_familiale_R\u00e9sidence_Nouveau_Saint_Laurent-1920x1280.jpg","modal-width":1920,"modal-height":1280,"number":"https:\/\/int.design\/wp-content\/uploads\/2021\/03\/Salle_familiale_R\u00e9sidence_Nouveau_Saint_Laurent-560x373.jpg","number-width":560,"number-height":373,"partner":"https:\/\/int.design\/wp-content\/uploads\/2021\/03\/Salle_familiale_R\u00e9sidence_Nouveau_Saint_Laurent-275x183.jpg","partner-width":275,"partner-height":183,"ranking":"https:\/\/int.design\/wp-content\/uploads\/2021\/03\/Salle_familiale_R\u00e9sidence_Nouveau_Saint_Laurent-960x540.jpg","ranking-width":960,"ranking-height":540,"schedule":"https:\/\/int.design\/wp-content\/uploads\/2021\/03\/Salle_familiale_R\u00e9sidence_Nouveau_Saint_Laurent-960x360.jpg","schedule-width":960,"schedule-height":360,"slideshow":"https:\/\/int.design\/wp-content\/uploads\/2021\/03\/Salle_familiale_R\u00e9sidence_Nouveau_Saint_Laurent-1020x680.jpg","slideshow-width":1020,"slideshow-height":680}},"filters":[24],"suppliers":false,"attachment_category":[]},{"categories":[430],"credit":"Hadi Mourad","image":{"ID":68108,"id":68108,"title":"Chambre_A_Coucher_R\u00e9sidence_Nouveau_Saint_Laurent","filename":"Chambre_A_Coucher_R\u00e9sidence_Nouveau_Saint_Laurent-scaled.jpg","filesize":0,"url":"https:\/\/int.design\/wp-content\/uploads\/2021\/03\/Chambre_A_Coucher_R\u00e9sidence_Nouveau_Saint_Laurent-scaled.jpg","link":"https:\/\/int.design\/fr\/projets\/residence-nouveau-saint-laurent\/chambre_a_coucher_residence_nouveau_saint_laurent\/","alt":"","author":"705","description":"R\u00e9sidence Nouveau Saint-Laurent Pascale Nakhl\u00e9 Design","caption":"","name":"chambre_a_coucher_residence_nouveau_saint_laurent","status":"inherit","uploaded_to":62541,"date":"2021-03-22 19:49:20","modified":"2022-02-08 12:44:09","menu_order":0,"mime_type":"image\/jpeg","type":"image","subtype":"jpeg","icon":"https:\/\/int.design\/wp-includes\/images\/media\/default.png","width":2560,"height":1707,"sizes":{"thumbnail":"https:\/\/int.design\/wp-content\/uploads\/2021\/03\/Chambre_A_Coucher_R\u00e9sidence_Nouveau_Saint_Laurent-150x150.jpg","thumbnail-width":150,"thumbnail-height":150,"medium":"https:\/\/int.design\/wp-content\/uploads\/2021\/03\/Chambre_A_Coucher_R\u00e9sidence_Nouveau_Saint_Laurent-300x200.jpg","medium-width":300,"medium-height":200,"medium_large":"https:\/\/int.design\/wp-content\/uploads\/2021\/03\/Chambre_A_Coucher_R\u00e9sidence_Nouveau_Saint_Laurent-768x512.jpg","medium_large-width":768,"medium_large-height":512,"large":"https:\/\/int.design\/wp-content\/uploads\/2021\/03\/Chambre_A_Coucher_R\u00e9sidence_Nouveau_Saint_Laurent-1024x683.jpg","large-width":1024,"large-height":683,"1536x1536":"https:\/\/int.design\/wp-content\/uploads\/2021\/03\/Chambre_A_Coucher_R\u00e9sidence_Nouveau_Saint_Laurent-1536x1024.jpg","1536x1536-width":1536,"1536x1536-height":1024,"2048x2048":"https:\/\/int.design\/wp-content\/uploads\/2021\/03\/Chambre_A_Coucher_R\u00e9sidence_Nouveau_Saint_Laurent-2048x1365.jpg","2048x2048-width":2048,"2048x2048-height":1365,"article":"https:\/\/int.design\/wp-content\/uploads\/2021\/03\/Chambre_A_Coucher_R\u00e9sidence_Nouveau_Saint_Laurent-960x540.jpg","article-width":960,"article-height":540,"banner":"https:\/\/int.design\/wp-content\/uploads\/2021\/03\/Chambre_A_Coucher_R\u00e9sidence_Nouveau_Saint_Laurent-1920x1280.jpg","banner-width":1920,"banner-height":1280,"block":"https:\/\/int.design\/wp-content\/uploads\/2021\/03\/Chambre_A_Coucher_R\u00e9sidence_Nouveau_Saint_Laurent-900x680.jpg","block-width":900,"block-height":680,"card":"https:\/\/int.design\/wp-content\/uploads\/2021\/03\/Chambre_A_Coucher_R\u00e9sidence_Nouveau_Saint_Laurent-560x495.jpg","card-width":560,"card-height":495,"card-thumbnail":"https:\/\/int.design\/wp-content\/uploads\/2021\/03\/Chambre_A_Coucher_R\u00e9sidence_Nouveau_Saint_Laurent-450x340.jpg","card-thumbnail-width":450,"card-thumbnail-height":340,"conference":"https:\/\/int.design\/wp-content\/uploads\/2021\/03\/Chambre_A_Coucher_R\u00e9sidence_Nouveau_Saint_Laurent-560x250.jpg","conference-width":560,"conference-height":250,"contest":"https:\/\/int.design\/wp-content\/uploads\/2021\/03\/Chambre_A_Coucher_R\u00e9sidence_Nouveau_Saint_Laurent-960x400.jpg","contest-width":960,"contest-height":400,"cta":"https:\/\/int.design\/wp-content\/uploads\/2021\/03\/Chambre_A_Coucher_R\u00e9sidence_Nouveau_Saint_Laurent-415x170.jpg","cta-width":415,"cta-height":170,"exhibitor":"https:\/\/int.design\/wp-content\/uploads\/2021\/03\/Chambre_A_Coucher_R\u00e9sidence_Nouveau_Saint_Laurent-560x560.jpg","exhibitor-width":560,"exhibitor-height":560,"gallery":"https:\/\/int.design\/wp-content\/uploads\/2021\/03\/Chambre_A_Coucher_R\u00e9sidence_Nouveau_Saint_Laurent-560x373.jpg","gallery-width":560,"gallery-height":373,"logo":"https:\/\/int.design\/wp-content\/uploads\/2021\/03\/Chambre_A_Coucher_R\u00e9sidence_Nouveau_Saint_Laurent-150x100.jpg","logo-width":150,"logo-height":100,"masonry":"https:\/\/int.design\/wp-content\/uploads\/2021\/03\/Chambre_A_Coucher_R\u00e9sidence_Nouveau_Saint_Laurent-550x367.jpg","masonry-width":550,"masonry-height":367,"modal":"https:\/\/int.design\/wp-content\/uploads\/2021\/03\/Chambre_A_Coucher_R\u00e9sidence_Nouveau_Saint_Laurent-1920x1280.jpg","modal-width":1920,"modal-height":1280,"number":"https:\/\/int.design\/wp-content\/uploads\/2021\/03\/Chambre_A_Coucher_R\u00e9sidence_Nouveau_Saint_Laurent-560x373.jpg","number-width":560,"number-height":373,"partner":"https:\/\/int.design\/wp-content\/uploads\/2021\/03\/Chambre_A_Coucher_R\u00e9sidence_Nouveau_Saint_Laurent-275x183.jpg","partner-width":275,"partner-height":183,"ranking":"https:\/\/int.design\/wp-content\/uploads\/2021\/03\/Chambre_A_Coucher_R\u00e9sidence_Nouveau_Saint_Laurent-960x540.jpg","ranking-width":960,"ranking-height":540,"schedule":"https:\/\/int.design\/wp-content\/uploads\/2021\/03\/Chambre_A_Coucher_R\u00e9sidence_Nouveau_Saint_Laurent-960x360.jpg","schedule-width":960,"schedule-height":360,"slideshow":"https:\/\/int.design\/wp-content\/uploads\/2021\/03\/Chambre_A_Coucher_R\u00e9sidence_Nouveau_Saint_Laurent-1020x680.jpg","slideshow-width":1020,"slideshow-height":680}},"filters":[111],"suppliers":false,"attachment_category":[]},{"categories":[430],"credit":"Hadi Mourad","image":{"ID":68115,"id":68115,"title":"Salle_De_Bain_Vue_1_R\u00e9sidence_Nouveau_Saint_Laurent","filename":"Salle_De_Bain_Vue_1_R\u00e9sidence_Nouveau_Saint_Laurent-scaled.jpg","filesize":0,"url":"https:\/\/int.design\/wp-content\/uploads\/2021\/03\/Salle_De_Bain_Vue_1_R\u00e9sidence_Nouveau_Saint_Laurent-scaled.jpg","link":"https:\/\/int.design\/fr\/projets\/residence-nouveau-saint-laurent\/salle_de_bain_vue_1_residence_nouveau_saint_laurent\/","alt":"","author":"705","description":"R\u00e9sidence Nouveau Saint-Laurent Pascale Nakhl\u00e9 Design","caption":"","name":"salle_de_bain_vue_1_residence_nouveau_saint_laurent","status":"inherit","uploaded_to":62541,"date":"2021-03-22 19:56:59","modified":"2022-02-08 12:44:09","menu_order":0,"mime_type":"image\/jpeg","type":"image","subtype":"jpeg","icon":"https:\/\/int.design\/wp-includes\/images\/media\/default.png","width":2560,"height":1707,"sizes":{"thumbnail":"https:\/\/int.design\/wp-content\/uploads\/2021\/03\/Salle_De_Bain_Vue_1_R\u00e9sidence_Nouveau_Saint_Laurent-150x150.jpg","thumbnail-width":150,"thumbnail-height":150,"medium":"https:\/\/int.design\/wp-content\/uploads\/2021\/03\/Salle_De_Bain_Vue_1_R\u00e9sidence_Nouveau_Saint_Laurent-300x200.jpg","medium-width":300,"medium-height":200,"medium_large":"https:\/\/int.design\/wp-content\/uploads\/2021\/03\/Salle_De_Bain_Vue_1_R\u00e9sidence_Nouveau_Saint_Laurent-768x512.jpg","medium_large-width":768,"medium_large-height":512,"large":"https:\/\/int.design\/wp-content\/uploads\/2021\/03\/Salle_De_Bain_Vue_1_R\u00e9sidence_Nouveau_Saint_Laurent-1024x683.jpg","large-width":1024,"large-height":683,"1536x1536":"https:\/\/int.design\/wp-content\/uploads\/2021\/03\/Salle_De_Bain_Vue_1_R\u00e9sidence_Nouveau_Saint_Laurent-1536x1024.jpg","1536x1536-width":1536,"1536x1536-height":1024,"2048x2048":"https:\/\/int.design\/wp-content\/uploads\/2021\/03\/Salle_De_Bain_Vue_1_R\u00e9sidence_Nouveau_Saint_Laurent-2048x1365.jpg","2048x2048-width":2048,"2048x2048-height":1365,"article":"https:\/\/int.design\/wp-content\/uploads\/2021\/03\/Salle_De_Bain_Vue_1_R\u00e9sidence_Nouveau_Saint_Laurent-960x540.jpg","article-width":960,"article-height":540,"banner":"https:\/\/int.design\/wp-content\/uploads\/2021\/03\/Salle_De_Bain_Vue_1_R\u00e9sidence_Nouveau_Saint_Laurent-1920x1280.jpg","banner-width":1920,"banner-height":1280,"block":"https:\/\/int.design\/wp-content\/uploads\/2021\/03\/Salle_De_Bain_Vue_1_R\u00e9sidence_Nouveau_Saint_Laurent-900x680.jpg","block-width":900,"block-height":680,"card":"https:\/\/int.design\/wp-content\/uploads\/2021\/03\/Salle_De_Bain_Vue_1_R\u00e9sidence_Nouveau_Saint_Laurent-560x495.jpg","card-width":560,"card-height":495,"card-thumbnail":"https:\/\/int.design\/wp-content\/uploads\/2021\/03\/Salle_De_Bain_Vue_1_R\u00e9sidence_Nouveau_Saint_Laurent-450x340.jpg","card-thumbnail-width":450,"card-thumbnail-height":340,"conference":"https:\/\/int.design\/wp-content\/uploads\/2021\/03\/Salle_De_Bain_Vue_1_R\u00e9sidence_Nouveau_Saint_Laurent-560x250.jpg","conference-width":560,"conference-height":250,"contest":"https:\/\/int.design\/wp-content\/uploads\/2021\/03\/Salle_De_Bain_Vue_1_R\u00e9sidence_Nouveau_Saint_Laurent-960x400.jpg","contest-width":960,"contest-height":400,"cta":"https:\/\/int.design\/wp-content\/uploads\/2021\/03\/Salle_De_Bain_Vue_1_R\u00e9sidence_Nouveau_Saint_Laurent-415x170.jpg","cta-width":415,"cta-height":170,"exhibitor":"https:\/\/int.design\/wp-content\/uploads\/2021\/03\/Salle_De_Bain_Vue_1_R\u00e9sidence_Nouveau_Saint_Laurent-560x560.jpg","exhibitor-width":560,"exhibitor-height":560,"gallery":"https:\/\/int.design\/wp-content\/uploads\/2021\/03\/Salle_De_Bain_Vue_1_R\u00e9sidence_Nouveau_Saint_Laurent-560x373.jpg","gallery-width":560,"gallery-height":373,"logo":"https:\/\/int.design\/wp-content\/uploads\/2021\/03\/Salle_De_Bain_Vue_1_R\u00e9sidence_Nouveau_Saint_Laurent-150x100.jpg","logo-width":150,"logo-height":100,"masonry":"https:\/\/int.design\/wp-content\/uploads\/2021\/03\/Salle_De_Bain_Vue_1_R\u00e9sidence_Nouveau_Saint_Laurent-550x367.jpg","masonry-width":550,"masonry-height":367,"modal":"https:\/\/int.design\/wp-content\/uploads\/2021\/03\/Salle_De_Bain_Vue_1_R\u00e9sidence_Nouveau_Saint_Laurent-1920x1280.jpg","modal-width":1920,"modal-height":1280,"number":"https:\/\/int.design\/wp-content\/uploads\/2021\/03\/Salle_De_Bain_Vue_1_R\u00e9sidence_Nouveau_Saint_Laurent-560x373.jpg","number-width":560,"number-height":373,"partner":"https:\/\/int.design\/wp-content\/uploads\/2021\/03\/Salle_De_Bain_Vue_1_R\u00e9sidence_Nouveau_Saint_Laurent-275x183.jpg","partner-width":275,"partner-height":183,"ranking":"https:\/\/int.design\/wp-content\/uploads\/2021\/03\/Salle_De_Bain_Vue_1_R\u00e9sidence_Nouveau_Saint_Laurent-960x540.jpg","ranking-width":960,"ranking-height":540,"schedule":"https:\/\/int.design\/wp-content\/uploads\/2021\/03\/Salle_De_Bain_Vue_1_R\u00e9sidence_Nouveau_Saint_Laurent-960x360.jpg","schedule-width":960,"schedule-height":360,"slideshow":"https:\/\/int.design\/wp-content\/uploads\/2021\/03\/Salle_De_Bain_Vue_1_R\u00e9sidence_Nouveau_Saint_Laurent-1020x680.jpg","slideshow-width":1020,"slideshow-height":680}},"filters":[114],"suppliers":false,"attachment_category":[]},{"categories":[430],"credit":"Hadi Mourad","image":{"ID":68116,"id":68116,"title":"Salle_De_Bain_Vue_2_R\u00e9sidence_Nouveau_Saint_Laurent","filename":"Salle_De_Bain_Vue_2_R\u00e9sidence_Nouveau_Saint_Laurent-scaled.jpg","filesize":0,"url":"https:\/\/int.design\/wp-content\/uploads\/2021\/03\/Salle_De_Bain_Vue_2_R\u00e9sidence_Nouveau_Saint_Laurent-scaled.jpg","link":"https:\/\/int.design\/fr\/projets\/residence-nouveau-saint-laurent\/salle_de_bain_vue_2_residence_nouveau_saint_laurent\/","alt":"","author":"705","description":"R\u00e9sidence Nouveau Saint-Laurent Pascale Nakhl\u00e9 Design","caption":"","name":"salle_de_bain_vue_2_residence_nouveau_saint_laurent","status":"inherit","uploaded_to":62541,"date":"2021-03-22 19:57:42","modified":"2022-02-08 12:44:09","menu_order":0,"mime_type":"image\/jpeg","type":"image","subtype":"jpeg","icon":"https:\/\/int.design\/wp-includes\/images\/media\/default.png","width":2560,"height":1707,"sizes":{"thumbnail":"https:\/\/int.design\/wp-content\/uploads\/2021\/03\/Salle_De_Bain_Vue_2_R\u00e9sidence_Nouveau_Saint_Laurent-150x150.jpg","thumbnail-width":150,"thumbnail-height":150,"medium":"https:\/\/int.design\/wp-content\/uploads\/2021\/03\/Salle_De_Bain_Vue_2_R\u00e9sidence_Nouveau_Saint_Laurent-300x200.jpg","medium-width":300,"medium-height":200,"medium_large":"https:\/\/int.design\/wp-content\/uploads\/2021\/03\/Salle_De_Bain_Vue_2_R\u00e9sidence_Nouveau_Saint_Laurent-768x512.jpg","medium_large-width":768,"medium_large-height":512,"large":"https:\/\/int.design\/wp-content\/uploads\/2021\/03\/Salle_De_Bain_Vue_2_R\u00e9sidence_Nouveau_Saint_Laurent-1024x683.jpg","large-width":1024,"large-height":683,"1536x1536":"https:\/\/int.design\/wp-content\/uploads\/2021\/03\/Salle_De_Bain_Vue_2_R\u00e9sidence_Nouveau_Saint_Laurent-1536x1024.jpg","1536x1536-width":1536,"1536x1536-height":1024,"2048x2048":"https:\/\/int.design\/wp-content\/uploads\/2021\/03\/Salle_De_Bain_Vue_2_R\u00e9sidence_Nouveau_Saint_Laurent-2048x1365.jpg","2048x2048-width":2048,"2048x2048-height":1365,"article":"https:\/\/int.design\/wp-content\/uploads\/2021\/03\/Salle_De_Bain_Vue_2_R\u00e9sidence_Nouveau_Saint_Laurent-960x540.jpg","article-width":960,"article-height":540,"banner":"https:\/\/int.design\/wp-content\/uploads\/2021\/03\/Salle_De_Bain_Vue_2_R\u00e9sidence_Nouveau_Saint_Laurent-1920x1280.jpg","banner-width":1920,"banner-height":1280,"block":"https:\/\/int.design\/wp-content\/uploads\/2021\/03\/Salle_De_Bain_Vue_2_R\u00e9sidence_Nouveau_Saint_Laurent-900x680.jpg","block-width":900,"block-height":680,"card":"https:\/\/int.design\/wp-content\/uploads\/2021\/03\/Salle_De_Bain_Vue_2_R\u00e9sidence_Nouveau_Saint_Laurent-560x495.jpg","card-width":560,"card-height":495,"card-thumbnail":"https:\/\/int.design\/wp-content\/uploads\/2021\/03\/Salle_De_Bain_Vue_2_R\u00e9sidence_Nouveau_Saint_Laurent-450x340.jpg","card-thumbnail-width":450,"card-thumbnail-height":340,"conference":"https:\/\/int.design\/wp-content\/uploads\/2021\/03\/Salle_De_Bain_Vue_2_R\u00e9sidence_Nouveau_Saint_Laurent-560x250.jpg","conference-width":560,"conference-height":250,"contest":"https:\/\/int.design\/wp-content\/uploads\/2021\/03\/Salle_De_Bain_Vue_2_R\u00e9sidence_Nouveau_Saint_Laurent-960x400.jpg","contest-width":960,"contest-height":400,"cta":"https:\/\/int.design\/wp-content\/uploads\/2021\/03\/Salle_De_Bain_Vue_2_R\u00e9sidence_Nouveau_Saint_Laurent-415x170.jpg","cta-width":415,"cta-height":170,"exhibitor":"https:\/\/int.design\/wp-content\/uploads\/2021\/03\/Salle_De_Bain_Vue_2_R\u00e9sidence_Nouveau_Saint_Laurent-560x560.jpg","exhibitor-width":560,"exhibitor-height":560,"gallery":"https:\/\/int.design\/wp-content\/uploads\/2021\/03\/Salle_De_Bain_Vue_2_R\u00e9sidence_Nouveau_Saint_Laurent-560x373.jpg","gallery-width":560,"gallery-height":373,"logo":"https:\/\/int.design\/wp-content\/uploads\/2021\/03\/Salle_De_Bain_Vue_2_R\u00e9sidence_Nouveau_Saint_Laurent-150x100.jpg","logo-width":150,"logo-height":100,"masonry":"https:\/\/int.design\/wp-content\/uploads\/2021\/03\/Salle_De_Bain_Vue_2_R\u00e9sidence_Nouveau_Saint_Laurent-550x367.jpg","masonry-width":550,"masonry-height":367,"modal":"https:\/\/int.design\/wp-content\/uploads\/2021\/03\/Salle_De_Bain_Vue_2_R\u00e9sidence_Nouveau_Saint_Laurent-1920x1280.jpg","modal-width":1920,"modal-height":1280,"number":"https:\/\/int.design\/wp-content\/uploads\/2021\/03\/Salle_De_Bain_Vue_2_R\u00e9sidence_Nouveau_Saint_Laurent-560x373.jpg","number-width":560,"number-height":373,"partner":"https:\/\/int.design\/wp-content\/uploads\/2021\/03\/Salle_De_Bain_Vue_2_R\u00e9sidence_Nouveau_Saint_Laurent-275x183.jpg","partner-width":275,"partner-height":183,"ranking":"https:\/\/int.design\/wp-content\/uploads\/2021\/03\/Salle_De_Bain_Vue_2_R\u00e9sidence_Nouveau_Saint_Laurent-960x540.jpg","ranking-width":960,"ranking-height":540,"schedule":"https:\/\/int.design\/wp-content\/uploads\/2021\/03\/Salle_De_Bain_Vue_2_R\u00e9sidence_Nouveau_Saint_Laurent-960x360.jpg","schedule-width":960,"schedule-height":360,"slideshow":"https:\/\/int.design\/wp-content\/uploads\/2021\/03\/Salle_De_Bain_Vue_2_R\u00e9sidence_Nouveau_Saint_Laurent-1020x680.jpg","slideshow-width":1020,"slideshow-height":680}},"filters":[114],"suppliers":false,"attachment_category":[]}],"mandatory_documents":[{"name":"Plans techniques ","file":{"ID":68748,"id":68748,"title":"Plans_Techniques_R\u00e9sidence_Nouveau_Saint-Laurent","filename":"Plans_Techniques_R\u00e9sidence_Nouveau_Saint-Laurent.pdf","filesize":0,"url":"https:\/\/d2q6z78khxmx42.cloudfront.net\/2021\/03\/Plans_Techniques_R\u00e9sidence_Nouveau_Saint-Laurent.pdf","link":"https:\/\/int.design\/fr\/projets\/residence-nouveau-saint-laurent\/plans_techniques_residence_nouveau_saint-laurent\/","alt":"","author":"705","description":"","caption":"","name":"plans_techniques_residence_nouveau_saint-laurent","status":"inherit","uploaded_to":62541,"date":"2021-03-23 19:10:45","modified":"2021-03-23 19:10:49","menu_order":0,"mime_type":"application\/pdf","type":"application","subtype":"pdf","icon":"https:\/\/int.design\/wp-includes\/images\/media\/document.png"}}],"optional_documents":[{"name":"D\u00e9tail- Entr\u00e9e","file":{"ID":68215,"id":68215,"title":"D\u00e9tail_Entr\u00e9e","filename":"D\u00e9tail_Entr\u00e9e.pdf","filesize":0,"url":"https:\/\/d2q6z78khxmx42.cloudfront.net\/2021\/03\/D\u00e9tail_Entr\u00e9e.pdf","link":"https:\/\/int.design\/fr\/projets\/residence-nouveau-saint-laurent\/detail_entree\/","alt":"","author":"705","description":"","caption":"","name":"detail_entree","status":"inherit","uploaded_to":62541,"date":"2021-03-23 02:06:22","modified":"2021-03-23 02:06:38","menu_order":0,"mime_type":"application\/pdf","type":"application","subtype":"pdf","icon":"https:\/\/int.design\/wp-includes\/images\/media\/document.png"}},{"name":"D\u00e9tail- Cuisine (1)","file":{"ID":68216,"id":68216,"title":"D\u00e9tail_Cuisine_1","filename":"D\u00e9tail_Cuisine_1.pdf","filesize":0,"url":"https:\/\/d2q6z78khxmx42.cloudfront.net\/2021\/03\/D\u00e9tail_Cuisine_1.pdf","link":"https:\/\/int.design\/fr\/projets\/residence-nouveau-saint-laurent\/detail_cuisine_1\/","alt":"","author":"705","description":"","caption":"","name":"detail_cuisine_1","status":"inherit","uploaded_to":62541,"date":"2021-03-23 02:06:25","modified":"2021-03-23 02:06:39","menu_order":0,"mime_type":"application\/pdf","type":"application","subtype":"pdf","icon":"https:\/\/int.design\/wp-includes\/images\/media\/document.png"}},{"name":"D\u00e9tail- Cuisine (2)","file":{"ID":68217,"id":68217,"title":"D\u00e9tail_Cuisine_2","filename":"D\u00e9tail_Cuisine_2.pdf","filesize":0,"url":"https:\/\/d2q6z78khxmx42.cloudfront.net\/2021\/03\/D\u00e9tail_Cuisine_2.pdf","link":"https:\/\/int.design\/fr\/projets\/residence-nouveau-saint-laurent\/detail_cuisine_2\/","alt":"","author":"705","description":"","caption":"","name":"detail_cuisine_2","status":"inherit","uploaded_to":62541,"date":"2021-03-23 02:06:28","modified":"2021-03-23 02:06:39","menu_order":0,"mime_type":"application\/pdf","type":"application","subtype":"pdf","icon":"https:\/\/int.design\/wp-includes\/images\/media\/document.png"}},{"name":"D\u00e9tail- Salle \u00e0 manger","file":{"ID":68218,"id":68218,"title":"D\u00e9tail_Salle_A_Manger","filename":"D\u00e9tail_Salle_A_Manger.pdf","filesize":0,"url":"https:\/\/d2q6z78khxmx42.cloudfront.net\/2021\/03\/D\u00e9tail_Salle_A_Manger.pdf","link":"https:\/\/int.design\/fr\/projets\/residence-nouveau-saint-laurent\/detail_salle_a_manger\/","alt":"","author":"705","description":"","caption":"","name":"detail_salle_a_manger","status":"inherit","uploaded_to":62541,"date":"2021-03-23 02:06:31","modified":"2021-03-23 02:06:39","menu_order":0,"mime_type":"application\/pdf","type":"application","subtype":"pdf","icon":"https:\/\/int.design\/wp-includes\/images\/media\/document.png"}},{"name":"D\u00e9tail- Salon","file":{"ID":68219,"id":68219,"title":"D\u00e9tail_Salon","filename":"D\u00e9tail_Salon.pdf","filesize":0,"url":"https:\/\/d2q6z78khxmx42.cloudfront.net\/2021\/03\/D\u00e9tail_Salon.pdf","link":"https:\/\/int.design\/fr\/projets\/residence-nouveau-saint-laurent\/detail_salon\/","alt":"","author":"705","description":"","caption":"","name":"detail_salon","status":"inherit","uploaded_to":62541,"date":"2021-03-23 02:06:35","modified":"2021-03-23 02:06:39","menu_order":0,"mime_type":"application\/pdf","type":"application","subtype":"pdf","icon":"https:\/\/int.design\/wp-includes\/images\/media\/document.png"}},{"name":"3D- Cuisine (1)","file":{"ID":68230,"id":68230,"title":"3D_Cuisine","filename":"3D_Cuisine.pdf","filesize":0,"url":"https:\/\/d2q6z78khxmx42.cloudfront.net\/2021\/03\/3D_Cuisine.pdf","link":"https:\/\/int.design\/fr\/projets\/residence-nouveau-saint-laurent\/3d_cuisine\/","alt":"","author":"705","description":"","caption":"","name":"3d_cuisine","status":"inherit","uploaded_to":62541,"date":"2021-03-23 02:20:07","modified":"2021-03-23 02:20:21","menu_order":0,"mime_type":"application\/pdf","type":"application","subtype":"pdf","icon":"https:\/\/int.design\/wp-includes\/images\/media\/document.png"}},{"name":"3D- Cuisine (2)","file":{"ID":68231,"id":68231,"title":"3D_Cuisine_2","filename":"3D_Cuisine_2.pdf","filesize":0,"url":"https:\/\/d2q6z78khxmx42.cloudfront.net\/2021\/03\/3D_Cuisine_2.pdf","link":"https:\/\/int.design\/fr\/projets\/residence-nouveau-saint-laurent\/3d_cuisine_2\/","alt":"","author":"705","description":"","caption":"","name":"3d_cuisine_2","status":"inherit","uploaded_to":62541,"date":"2021-03-23 02:20:10","modified":"2021-03-23 02:20:21","menu_order":0,"mime_type":"application\/pdf","type":"application","subtype":"pdf","icon":"https:\/\/int.design\/wp-includes\/images\/media\/document.png"}},{"name":"3D- Cuisine (3)","file":{"ID":68232,"id":68232,"title":"3D_Cuisine_3","filename":"3D_Cuisine_3.pdf","filesize":0,"url":"https:\/\/d2q6z78khxmx42.cloudfront.net\/2021\/03\/3D_Cuisine_3.pdf","link":"https:\/\/int.design\/fr\/projets\/residence-nouveau-saint-laurent\/3d_cuisine_3\/","alt":"","author":"705","description":"","caption":"","name":"3d_cuisine_3","status":"inherit","uploaded_to":62541,"date":"2021-03-23 02:20:12","modified":"2021-03-23 02:20:22","menu_order":0,"mime_type":"application\/pdf","type":"application","subtype":"pdf","icon":"https:\/\/int.design\/wp-includes\/images\/media\/document.png"}},{"name":"3D- Salle \u00e0 manger","file":{"ID":68233,"id":68233,"title":"3D_Salle_A_Manger","filename":"3D_Salle_A_Manger.pdf","filesize":0,"url":"https:\/\/d2q6z78khxmx42.cloudfront.net\/2021\/03\/3D_Salle_A_Manger.pdf","link":"https:\/\/int.design\/fr\/projets\/residence-nouveau-saint-laurent\/3d_salle_a_manger\/","alt":"","author":"705","description":"","caption":"","name":"3d_salle_a_manger","status":"inherit","uploaded_to":62541,"date":"2021-03-23 02:20:14","modified":"2021-03-23 02:20:22","menu_order":0,"mime_type":"application\/pdf","type":"application","subtype":"pdf","icon":"https:\/\/int.design\/wp-includes\/images\/media\/document.png"}},{"name":"3D- Salon\/ Cuisine","file":{"ID":68234,"id":68234,"title":"3D_Salon","filename":"3D_Salon.pdf","filesize":0,"url":"https:\/\/d2q6z78khxmx42.cloudfront.net\/2021\/03\/3D_Salon.pdf","link":"https:\/\/int.design\/fr\/projets\/residence-nouveau-saint-laurent\/3d_salon\/","alt":"","author":"705","description":"","caption":"","name":"3d_salon","status":"inherit","uploaded_to":62541,"date":"2021-03-23 02:20:17","modified":"2021-03-23 02:20:22","menu_order":0,"mime_type":"application\/pdf","type":"application","subtype":"pdf","icon":"https:\/\/int.design\/wp-includes\/images\/media\/document.png"}},{"name":"3D- Salon (2)","file":{"ID":68235,"id":68235,"title":"3D_Salon_2","filename":"3D_Salon_2.pdf","filesize":0,"url":"https:\/\/d2q6z78khxmx42.cloudfront.net\/2021\/03\/3D_Salon_2.pdf","link":"https:\/\/int.design\/fr\/projets\/residence-nouveau-saint-laurent\/3d_salon_2\/","alt":"","author":"705","description":"","caption":"","name":"3d_salon_2","status":"inherit","uploaded_to":62541,"date":"2021-03-23 02:20:19","modified":"2021-03-23 02:20:22","menu_order":0,"mime_type":"application\/pdf","type":"application","subtype":"pdf","icon":"https:\/\/int.design\/wp-includes\/images\/media\/document.png"}},{"name":"3D- Salle de bain","file":{"ID":70425,"id":70425,"title":"3D_Salle_De_Bain","filename":"3D_Salle_De_Bain.pdf","filesize":0,"url":"https:\/\/d2q6z78khxmx42.cloudfront.net\/2021\/03\/3D_Salle_De_Bain.pdf","link":"https:\/\/int.design\/fr\/projets\/residence-nouveau-saint-laurent\/3d_salle_de_bain\/","alt":"","author":"705","description":"","caption":"","name":"3d_salle_de_bain","status":"inherit","uploaded_to":62541,"date":"2021-03-25 13:47:19","modified":"2021-03-25 13:47:25","menu_order":0,"mime_type":"application\/pdf","type":"application","subtype":"pdf","icon":"https:\/\/int.design\/wp-includes\/images\/media\/document.png"}},{"name":"Avant- Entr\u00e9e","file":{"ID":71392,"id":71392,"title":"Avant_Entr\u00e9e","filename":"Avant_Entr\u00e9e.pdf","filesize":0,"url":"https:\/\/d2q6z78khxmx42.cloudfront.net\/2021\/03\/Avant_Entr\u00e9e.pdf","link":"https:\/\/int.design\/fr\/projets\/residence-nouveau-saint-laurent\/avant_entree\/","alt":"","author":"705","description":"","caption":"","name":"avant_entree","status":"inherit","uploaded_to":62541,"date":"2021-03-26 00:54:38","modified":"2021-03-26 00:55:17","menu_order":0,"mime_type":"application\/pdf","type":"application","subtype":"pdf","icon":"https:\/\/int.design\/wp-includes\/images\/media\/document.png"}},{"name":"Avant- Cuisine","file":{"ID":71394,"id":71394,"title":"Avant_Cuisine","filename":"Avant_Cuisine.pdf","filesize":0,"url":"https:\/\/d2q6z78khxmx42.cloudfront.net\/2021\/03\/Avant_Cuisine.pdf","link":"https:\/\/int.design\/fr\/projets\/residence-nouveau-saint-laurent\/avant_cuisine-2\/","alt":"","author":"705","description":"","caption":"","name":"avant_cuisine-2","status":"inherit","uploaded_to":62541,"date":"2021-03-26 00:54:44","modified":"2021-03-26 00:55:17","menu_order":0,"mime_type":"application\/pdf","type":"application","subtype":"pdf","icon":"https:\/\/int.design\/wp-includes\/images\/media\/document.png"}},{"name":"Avant- Salle \u00e0 manger","file":{"ID":71395,"id":71395,"title":"Avant_Salle_A_Manger","filename":"Avant_Salle_A_Manger.pdf","filesize":0,"url":"https:\/\/d2q6z78khxmx42.cloudfront.net\/2021\/03\/Avant_Salle_A_Manger.pdf","link":"https:\/\/int.design\/fr\/projets\/residence-nouveau-saint-laurent\/avant_salle_a_manger\/","alt":"","author":"705","description":"","caption":"","name":"avant_salle_a_manger","status":"inherit","uploaded_to":62541,"date":"2021-03-26 00:54:50","modified":"2021-03-26 00:55:18","menu_order":0,"mime_type":"application\/pdf","type":"application","subtype":"pdf","icon":"https:\/\/int.design\/wp-includes\/images\/media\/document.png"}},{"name":"Avant- Salon ","file":{"ID":71397,"id":71397,"title":"Avant_Salon_2","filename":"Avant_Salon_2.pdf","filesize":0,"url":"https:\/\/d2q6z78khxmx42.cloudfront.net\/2021\/03\/Avant_Salon_2.pdf","link":"https:\/\/int.design\/fr\/projets\/residence-nouveau-saint-laurent\/avant_salon_2\/","alt":"","author":"705","description":"","caption":"","name":"avant_salon_2","status":"inherit","uploaded_to":62541,"date":"2021-03-26 00:55:01","modified":"2021-03-26 00:55:18","menu_order":0,"mime_type":"application\/pdf","type":"application","subtype":"pdf","icon":"https:\/\/int.design\/wp-includes\/images\/media\/document.png"}},{"name":"Avant- Chambre \u00e0 coucher","file":{"ID":71398,"id":71398,"title":"Avant_Chambre_A_Coucher","filename":"Avant_Chambre_A_Coucher.pdf","filesize":0,"url":"https:\/\/d2q6z78khxmx42.cloudfront.net\/2021\/03\/Avant_Chambre_A_Coucher.pdf","link":"https:\/\/int.design\/fr\/projets\/residence-nouveau-saint-laurent\/avant_chambre_a_coucher\/","alt":"","author":"705","description":"","caption":"","name":"avant_chambre_a_coucher","status":"inherit","uploaded_to":62541,"date":"2021-03-26 00:55:05","modified":"2021-03-26 00:55:18","menu_order":0,"mime_type":"application\/pdf","type":"application","subtype":"pdf","icon":"https:\/\/int.design\/wp-includes\/images\/media\/document.png"}},{"name":"Avant- Salle de bain (1)","file":{"ID":71574,"id":71574,"title":"Avant_Salle_De_Bain","filename":"6_Avant_Salle_De_Bain.pdf","filesize":0,"url":"https:\/\/d2q6z78khxmx42.cloudfront.net\/2021\/03\/6_Avant_Salle_De_Bain.pdf","link":"https:\/\/int.design\/fr\/projets\/residence-nouveau-saint-laurent\/avant_salle_de_bain-2\/","alt":"","author":"705","description":"","caption":"","name":"avant_salle_de_bain-2","status":"inherit","uploaded_to":62541,"date":"2021-03-26 01:51:31","modified":"2021-03-26 01:51:35","menu_order":0,"mime_type":"application\/pdf","type":"application","subtype":"pdf","icon":"https:\/\/int.design\/wp-includes\/images\/media\/document.png"}},{"name":"Avant-Salle de bain (2)","file":{"ID":71575,"id":71575,"title":"Avant_Salle_De_Bain_2","filename":"7_Avant_Salle_De_Bain_2.pdf","filesize":0,"url":"https:\/\/d2q6z78khxmx42.cloudfront.net\/2021\/03\/7_Avant_Salle_De_Bain_2.pdf","link":"https:\/\/int.design\/fr\/projets\/residence-nouveau-saint-laurent\/avant_salle_de_bain_2-3\/","alt":"","author":"705","description":"","caption":"","name":"avant_salle_de_bain_2-3","status":"inherit","uploaded_to":62541,"date":"2021-03-26 01:52:37","modified":"2021-03-26 01:52:40","menu_order":0,"mime_type":"application\/pdf","type":"application","subtype":"pdf","icon":"https:\/\/int.design\/wp-includes\/images\/media\/document.png"}},{"name":"Avant- Salle d&#39;eau","file":{"ID":71576,"id":71576,"title":"Avant_Salle_D'eau","filename":"Avant_Salle_D'eau.pdf","filesize":0,"url":"https:\/\/d2q6z78khxmx42.cloudfront.net\/2021\/03\/Avant_Salle_D'eau.pdf","link":"https:\/\/int.design\/fr\/projets\/residence-nouveau-saint-laurent\/avant_salle_deau\/","alt":"","author":"705","description":"","caption":"","name":"avant_salle_deau","status":"inherit","uploaded_to":62541,"date":"2021-03-26 01:53:34","modified":"2021-03-26 01:53:38","menu_order":0,"mime_type":"application\/pdf","type":"application","subtype":"pdf","icon":"https:\/\/int.design\/wp-includes\/images\/media\/document.png"}},{"name":"Avant- Vestibule","file":{"ID":71579,"id":71579,"title":"Avant_Vestibule","filename":"Avant_Vestibule.pdf","filesize":0,"url":"https:\/\/d2q6z78khxmx42.cloudfront.net\/2021\/03\/Avant_Vestibule.pdf","link":"https:\/\/int.design\/fr\/projets\/residence-nouveau-saint-laurent\/avant_vestibule\/","alt":"","author":"705","description":"","caption":"","name":"avant_vestibule","status":"inherit","uploaded_to":62541,"date":"2021-03-26 01:54:29","modified":"2021-03-26 01:54:32","menu_order":0,"mime_type":"application\/pdf","type":"application","subtype":"pdf","icon":"https:\/\/int.design\/wp-includes\/images\/media\/document.png"}},{"name":"Avant- Cuisine (2)","file":{"ID":71586,"id":71586,"title":"Avant_Cuisine_2","filename":"Avant_Cuisine_2.pdf","filesize":0,"url":"https:\/\/d2q6z78khxmx42.cloudfront.net\/2021\/03\/Avant_Cuisine_2.pdf","link":"https:\/\/int.design\/fr\/projets\/residence-nouveau-saint-laurent\/avant_cuisine_2\/","alt":"","author":"705","description":"","caption":"","name":"avant_cuisine_2","status":"inherit","uploaded_to":62541,"date":"2021-03-26 02:00:13","modified":"2021-03-26 02:00:17","menu_order":0,"mime_type":"application\/pdf","type":"application","subtype":"pdf","icon":"https:\/\/int.design\/wp-includes\/images\/media\/document.png"}}],"web_text":{"fr":"<p>Pour cette r\u00e9sidence du quartier Nouveau Saint-Laurent, notre \u00e9quipe avait comme mandat de r\u00e9nover cette demeure qui avait besoin d\u2019une grande touche de rafra\u00eechissement pour la transformer en espaces lumineux et au go\u00fbt du jour. Les espaces qui avaient besoin le plus d\u2019attention \u00e9taient de rez-de-chauss\u00e9e et la suite des ma\u00eetres. L\u2019ensemble de la r\u00e9novation a \u00e9t\u00e9 r\u00e9alis\u00e9 dans un style classique, mais avec quelques touches contemporaines pour correspondre \u00e0 la fois au style de la maison ainsi que pour plaire aux clients. Au rez-de-chauss\u00e9e, les clients souhaitaient avoir un espace convivial, id\u00e9al pour y recevoir. La cuisine \u00e9tait donc au c\u0153ur de ce projet et a subi une transformation spectaculaire. Un gigantesque \u00eelot a \u00e9t\u00e9 install\u00e9 au centre de la pi\u00e8ce combinant espace de travail et coin dinette. Les mat\u00e9riaux naturels utilis\u00e9s et l\u2019attention aux d\u00e9tails ont permis de cr\u00e9er un espace \u00e9l\u00e9gant tout en \u00e9tant fonctionnel. Les autres espaces du rez-de-chauss\u00e9e viennent en continuit\u00e9 avec la cuisine, ce qui rend le tout coh\u00e9rent et fluide. La salle \u00e0 manger ainsi que la salle familiale sont des espaces versatiles, id\u00e9aux pour y recevoir de nombreux convives. Le mobilier int\u00e9gr\u00e9 con\u00e7u dans ces espaces est une extension de la cuisine servant de lien entre les pi\u00e8ces en se distinguant par sa fonctionnalit\u00e9. \u00c0 l\u2019\u00e9tage, dans la suite des ma\u00eetres, on y retrouve \u00e9galement des mat\u00e9riaux nobles, similaires \u00e0 ceux du rez-de-chauss\u00e9e, ce qui rend la pi\u00e8ce \u00e9l\u00e9gante et intemporelle. <\/p>\n","en":"<p>For this residence in the New Saint-Laurent district, our team had the mandate to completely renovate this house which needed a great touch of refreshment to transform it into bright and modern spaces. The spaces that needed the most attention were the main floor and the master suite. The entire renovation was done in a classic style, but with a few contemporary touches to match the style of the house as well as to please the clients. On the first floor, the clients wanted to have a friendly space, ideal to host. The kitchen was the focus of this project and underwent a dramatic transformation. A gigantic island was installed in the center of the room, combining a work area with a dinette area. The natural materials used and the attention to detail created an elegant yet functional space. The other spaces on the first floor are in continuity with the kitchen, which makes the whole coherent and fluid. The dining room and family room are versatile spaces, ideal for entertaining many guests. The integrated furniture designed in these spaces is an extension of the kitchen and serves as a link between the rooms, distinguishing itself by its functionality. Upstairs, in the master suite, we also find noble materials similar to those of the first floor, which makes the room elegant and timeless. <\/p>\n","original":""},"jury_text":[{"category":430,"fr":"<p>Pour cette r\u00e9sidence du quartier Nouveau Saint-Laurent, notre \u00e9quipe avait comme mandat de r\u00e9nover cette demeure qui avait besoin d\u2019une grande touche de rafra\u00eechissement pour la transformer en espaces lumineux et au go\u00fbt du jour. Les espaces qui avaient besoin le plus d\u2019attention \u00e9taient de rez-de-chauss\u00e9e et la suite des ma\u00eetres. L\u2019ensemble de la r\u00e9novation a \u00e9t\u00e9 r\u00e9alis\u00e9 dans un style classique, mais avec quelques touches contemporaines pour correspondre \u00e0 la fois au style de la maison ainsi que pour plaire aux clients. Au rez-de-chauss\u00e9e, les clients souhaitaient avoir un espace convivial, id\u00e9al pour y recevoir. La cuisine \u00e9tait donc au c\u0153ur de ce projet et a subi une transformation spectaculaire. Un gigantesque \u00eelot a \u00e9t\u00e9 install\u00e9 au centre de la pi\u00e8ce combinant espace de travail et coin dinette. Les mat\u00e9riaux naturels utilis\u00e9s et l\u2019attention aux d\u00e9tails ont permis de cr\u00e9er un espace \u00e9l\u00e9gant tout en \u00e9tant fonctionnel. Les autres espaces du rez-de-chauss\u00e9e viennent en continuit\u00e9 avec la cuisine, ce qui rend le tout coh\u00e9rent et fluide. La salle \u00e0 manger ainsi que la salle familiale sont des espaces versatiles, id\u00e9aux pour y recevoir de nombreux convives. Le mobilier int\u00e9gr\u00e9 con\u00e7u dans ces espaces est une extension de la cuisine servant de lien entre les pi\u00e8ces en se distinguant par sa fonctionnalit\u00e9. \u00c0 l\u2019\u00e9tage, dans la suite des ma\u00eetres, on y retrouve \u00e9galement des mat\u00e9riaux nobles, similaires \u00e0 ceux du rez-de-chauss\u00e9e, ce qui rend la pi\u00e8ce \u00e9l\u00e9gante et intemporelle. <\/p>\n","en":"<p>For this residence in the New Saint-Laurent district, our team had the mandate to completely renovate this house which needed a great touch of refreshment to transform it into bright and modern spaces. The spaces that needed the most attention were the main floor and the master suite. The entire renovation was done in a classic style, but with a few contemporary touches to match the style of the house as well as to please the clients. On the first floor, the clients wanted to have a friendly space, ideal to host. The kitchen was the focus of this project and underwent a dramatic transformation. A gigantic island was installed in the center of the room, combining a work area with a dinette area. The natural materials used and the attention to detail created an elegant yet functional space. The other spaces on the first floor are in continuity with the kitchen, which makes the whole coherent and fluid. The dining room and family room are versatile spaces, ideal for entertaining many guests. The integrated furniture designed in these spaces is an extension of the kitchen and serves as a link between the rooms, distinguishing itself by its functionality. Upstairs, in the master suite, we also find noble materials similar to those of the first floor, which makes the room elegant and timeless. <\/p>\n","original":""}],"different_jury_text":false,"different_category_text":false},"laureats":[{"cat_id":430,"cat_id_laureat":1034,"laureat":"Certification Argent"}],"contest_id":"1180","contest_title":"GRANDS PRIX DU DESIGN - 14e \u00e9dition","firms":[],"user":{"email":"info@pascalenakhle.com","first_name":"Pascale","last_name":"Nakhl\u00e9"},"doc_texts_web":{"fr":"","en":""},"permalinks":{"fr":"https:\/\/int.design\/fr\/projets\/residence-nouveau-saint-laurent\/","en":"https:\/\/int.design\/en\/projects\/residence-nouveau-saint-laurent\/"},"titles":{"fr":"R\u00e9sidence Nouveau Saint-Laurent","en":"R\u00e9sidence Nouveau Saint-Laurent"},"wp_fields":[],"laravel_id":""},"_links":{"self":[{"href":"https:\/\/int.design\/fr\/wp-json\/wp\/v2\/project\/62541","targetHints":{"allow":["GET"]}}],"collection":[{"href":"https:\/\/int.design\/fr\/wp-json\/wp\/v2\/project"}],"about":[{"href":"https:\/\/int.design\/fr\/wp-json\/wp\/v2\/types\/project"}],"wp:attachment":[{"href":"https:\/\/int.design\/fr\/wp-json\/wp\/v2\/media?parent=62541"}],"curies":[{"name":"wp","href":"https:\/\/api.w.org\/{rel}","templated":true}]}}