{"id":62342,"date":"2021-07-14T19:40:43","date_gmt":"2021-07-14T23:40:43","guid":{"rendered":"https:\/\/int.design\/?post_type=project&#038;p=62342"},"modified":"2021-07-16T13:50:01","modified_gmt":"2021-07-16T17:50:01","slug":"concept-damenagement-promenade-de-la-riviere-du-chene-ville-de-saint-eustache-et-latelier-urbain","status":"publish","type":"project","link":"https:\/\/int.design\/fr\/projets\/concept-damenagement-promenade-de-la-riviere-du-chene-ville-de-saint-eustache-et-latelier-urbain\/","title":{"rendered":"Concept d\u2019am\u00e9nagement \u2013 Promenade de la Rivi\u00e8re-du-Ch\u00eane, Ville de Saint-Eustache et L&#039;Atelier Urbain"},"content":{"rendered":"","protected":false},"template":"","class_list":["post-62342","project","type-project","status-publish","hentry","project_category-design-urbain-architecture-de-paysage-et-amenagement-paysager","project_category-design-urbain","project_category-projet-damenagement-municipaux"],"acf":[],"yoast_head":"<!-- This site is optimized with the Yoast SEO plugin v21.5 - https:\/\/yoast.com\/wordpress\/plugins\/seo\/ -->\n<title>Concept d\u2019am\u00e9nagement \u2013 Promenade de la Rivi\u00e8re-du-Ch\u00eane, Ville de Saint-Eustache et L&#039;Atelier Urbain - INT Design<\/title>\n<meta name=\"robots\" content=\"index, follow, max-snippet:-1, max-image-preview:large, max-video-preview:-1\" \/>\n<link rel=\"canonical\" href=\"https:\/\/int.design\/fr\/projets\/concept-damenagement-promenade-de-la-riviere-du-chene-ville-de-saint-eustache-et-latelier-urbain\/\" \/>\n<meta property=\"og:locale\" content=\"fr_FR\" \/>\n<meta property=\"og:type\" content=\"article\" \/>\n<meta property=\"og:title\" content=\"Concept d\u2019am\u00e9nagement \u2013 Promenade de la Rivi\u00e8re-du-Ch\u00eane, Ville de Saint-Eustache et L&#039;Atelier Urbain - INT Design\" \/>\n<meta property=\"og:url\" content=\"https:\/\/int.design\/fr\/projets\/concept-damenagement-promenade-de-la-riviere-du-chene-ville-de-saint-eustache-et-latelier-urbain\/\" \/>\n<meta property=\"og:site_name\" content=\"INT Design\" \/>\n<meta property=\"article:modified_time\" content=\"2021-07-16T17:50:01+00:00\" \/>\n<meta name=\"twitter:card\" content=\"summary_large_image\" \/>\n<script type=\"application\/ld+json\" class=\"yoast-schema-graph\">{\"@context\":\"https:\/\/schema.org\",\"@graph\":[{\"@type\":\"WebPage\",\"@id\":\"https:\/\/int.design\/fr\/projets\/concept-damenagement-promenade-de-la-riviere-du-chene-ville-de-saint-eustache-et-latelier-urbain\/\",\"url\":\"https:\/\/int.design\/fr\/projets\/concept-damenagement-promenade-de-la-riviere-du-chene-ville-de-saint-eustache-et-latelier-urbain\/\",\"name\":\"Concept d\u2019am\u00e9nagement \u2013 Promenade de la Rivi\u00e8re-du-Ch\u00eane, Ville de Saint-Eustache et L&#039;Atelier Urbain - INT Design\",\"isPartOf\":{\"@id\":\"https:\/\/int.design\/fr\/#website\"},\"datePublished\":\"2021-07-14T23:40:43+00:00\",\"dateModified\":\"2021-07-16T17:50:01+00:00\",\"breadcrumb\":{\"@id\":\"https:\/\/int.design\/fr\/projets\/concept-damenagement-promenade-de-la-riviere-du-chene-ville-de-saint-eustache-et-latelier-urbain\/#breadcrumb\"},\"inLanguage\":\"fr-FR\",\"potentialAction\":[{\"@type\":\"ReadAction\",\"target\":[\"https:\/\/int.design\/fr\/projets\/concept-damenagement-promenade-de-la-riviere-du-chene-ville-de-saint-eustache-et-latelier-urbain\/\"]}]},{\"@type\":\"BreadcrumbList\",\"@id\":\"https:\/\/int.design\/fr\/projets\/concept-damenagement-promenade-de-la-riviere-du-chene-ville-de-saint-eustache-et-latelier-urbain\/#breadcrumb\",\"itemListElement\":[{\"@type\":\"ListItem\",\"position\":1,\"name\":\"Home\",\"item\":\"https:\/\/int.design\/fr\/\"},{\"@type\":\"ListItem\",\"position\":2,\"name\":\"Projects\",\"item\":\"https:\/\/int.design\/en\/projects\/\"},{\"@type\":\"ListItem\",\"position\":3,\"name\":\"Concept d\u2019am\u00e9nagement \u2013 Promenade de la Rivi\u00e8re-du-Ch\u00eane, Ville de Saint-Eustache et L&#039;Atelier Urbain\"}]},{\"@type\":\"WebSite\",\"@id\":\"https:\/\/int.design\/fr\/#website\",\"url\":\"https:\/\/int.design\/fr\/\",\"name\":\"INT Design\",\"description\":\"\",\"potentialAction\":[{\"@type\":\"SearchAction\",\"target\":{\"@type\":\"EntryPoint\",\"urlTemplate\":\"https:\/\/int.design\/fr\/?s={search_term_string}\"},\"query-input\":\"required name=search_term_string\"}],\"inLanguage\":\"fr-FR\"}]}<\/script>\n<!-- \/ Yoast SEO plugin. -->","yoast_head_json":{"title":"Concept d\u2019am\u00e9nagement \u2013 Promenade de la Rivi\u00e8re-du-Ch\u00eane, Ville de Saint-Eustache et L&#039;Atelier Urbain - INT Design","robots":{"index":"index","follow":"follow","max-snippet":"max-snippet:-1","max-image-preview":"max-image-preview:large","max-video-preview":"max-video-preview:-1"},"canonical":"https:\/\/int.design\/fr\/projets\/concept-damenagement-promenade-de-la-riviere-du-chene-ville-de-saint-eustache-et-latelier-urbain\/","og_locale":"fr_FR","og_type":"article","og_title":"Concept d\u2019am\u00e9nagement \u2013 Promenade de la Rivi\u00e8re-du-Ch\u00eane, Ville de Saint-Eustache et L&#039;Atelier Urbain - INT Design","og_url":"https:\/\/int.design\/fr\/projets\/concept-damenagement-promenade-de-la-riviere-du-chene-ville-de-saint-eustache-et-latelier-urbain\/","og_site_name":"INT Design","article_modified_time":"2021-07-16T17:50:01+00:00","twitter_card":"summary_large_image","schema":{"@context":"https:\/\/schema.org","@graph":[{"@type":"WebPage","@id":"https:\/\/int.design\/fr\/projets\/concept-damenagement-promenade-de-la-riviere-du-chene-ville-de-saint-eustache-et-latelier-urbain\/","url":"https:\/\/int.design\/fr\/projets\/concept-damenagement-promenade-de-la-riviere-du-chene-ville-de-saint-eustache-et-latelier-urbain\/","name":"Concept d\u2019am\u00e9nagement \u2013 Promenade de la Rivi\u00e8re-du-Ch\u00eane, Ville de Saint-Eustache et L&#039;Atelier Urbain - INT Design","isPartOf":{"@id":"https:\/\/int.design\/fr\/#website"},"datePublished":"2021-07-14T23:40:43+00:00","dateModified":"2021-07-16T17:50:01+00:00","breadcrumb":{"@id":"https:\/\/int.design\/fr\/projets\/concept-damenagement-promenade-de-la-riviere-du-chene-ville-de-saint-eustache-et-latelier-urbain\/#breadcrumb"},"inLanguage":"fr-FR","potentialAction":[{"@type":"ReadAction","target":["https:\/\/int.design\/fr\/projets\/concept-damenagement-promenade-de-la-riviere-du-chene-ville-de-saint-eustache-et-latelier-urbain\/"]}]},{"@type":"BreadcrumbList","@id":"https:\/\/int.design\/fr\/projets\/concept-damenagement-promenade-de-la-riviere-du-chene-ville-de-saint-eustache-et-latelier-urbain\/#breadcrumb","itemListElement":[{"@type":"ListItem","position":1,"name":"Home","item":"https:\/\/int.design\/fr\/"},{"@type":"ListItem","position":2,"name":"Projects","item":"https:\/\/int.design\/en\/projects\/"},{"@type":"ListItem","position":3,"name":"Concept d\u2019am\u00e9nagement \u2013 Promenade de la Rivi\u00e8re-du-Ch\u00eane, Ville de Saint-Eustache et L&#039;Atelier Urbain"}]},{"@type":"WebSite","@id":"https:\/\/int.design\/fr\/#website","url":"https:\/\/int.design\/fr\/","name":"INT Design","description":"","potentialAction":[{"@type":"SearchAction","target":{"@type":"EntryPoint","urlTemplate":"https:\/\/int.design\/fr\/?s={search_term_string}"},"query-input":"required name=search_term_string"}],"inLanguage":"fr-FR"}]}},"entry":{"cats":{"disciplines":[{"id":127,"name":"Design urbain, architecture de paysage &amp; am\u00e9nagement paysager"}],"big_cats":[{"id":514,"name":"Design urbain"}],"sub_cats":[{"id":516,"name":"Projet d\u2019am\u00e9nagement municipaux","parent":514}]},"entry":{"":null,"status":"completed","winner_title":"Ville de Saint-Eustache et L&#39;Atelier Urbain","winner_prize_lang":"","title_translatable":false,"title_en":"","title_fr":"","releve_award":false,"releve_award_cv":false,"collaboration":false,"collaboration_firms":false,"other_firms":[{"name":"L&#39;Atelier Urbain","website":"http:\/\/www.latelierurbain.com\/","category":"Urbaniste","category_tax":false}],"owner":{"name":"St\u00e9phanie Rocher, Urbaniste, charg\u00e9e de projet, L\u2019Atelier Urbain","confidential":false,"website":"","contact_name":"","email":"srocher@latelierurbain.com","phone":""},"address":{"address":"","city":"Saint-Eustache","region":"Laurentides","province":"QC","country":"CA","postal_code":""},"logos":false,"use_logo":false,"designers":[{"name":"St\u00e9phanie Rocher","credit":"","image":{"ID":66799,"id":66799,"title":"DSC_0467-M","filename":"DSC_0467-M-scaled.jpg","filesize":0,"url":"https:\/\/int.design\/wp-content\/uploads\/2021\/03\/DSC_0467-M-scaled.jpg","link":"https:\/\/int.design\/fr\/projets\/concept-damenagement-promenade-de-la-riviere-du-chene-ville-de-saint-eustache-et-latelier-urbain\/dsc_0467-m\/","alt":"","author":"667","description":"","caption":"","name":"dsc_0467-m","status":"inherit","uploaded_to":62342,"date":"2021-03-15 19:20:40","modified":"2021-03-15 19:21:26","menu_order":0,"mime_type":"image\/jpeg","type":"image","subtype":"jpeg","icon":"https:\/\/int.design\/wp-includes\/images\/media\/default.png","width":2560,"height":2560,"sizes":{"thumbnail":"https:\/\/int.design\/wp-content\/uploads\/2021\/03\/DSC_0467-M-150x150.jpg","thumbnail-width":150,"thumbnail-height":150,"medium":"https:\/\/int.design\/wp-content\/uploads\/2021\/03\/DSC_0467-M-300x300.jpg","medium-width":300,"medium-height":300,"medium_large":"https:\/\/int.design\/wp-content\/uploads\/2021\/03\/DSC_0467-M-768x768.jpg","medium_large-width":768,"medium_large-height":768,"large":"https:\/\/int.design\/wp-content\/uploads\/2021\/03\/DSC_0467-M-1024x1024.jpg","large-width":1024,"large-height":1024,"1536x1536":"https:\/\/int.design\/wp-content\/uploads\/2021\/03\/DSC_0467-M-1536x1536.jpg","1536x1536-width":1536,"1536x1536-height":1536,"2048x2048":"https:\/\/int.design\/wp-content\/uploads\/2021\/03\/DSC_0467-M-2048x2048.jpg","2048x2048-width":2048,"2048x2048-height":2048,"article":"https:\/\/int.design\/wp-content\/uploads\/2021\/03\/DSC_0467-M-960x540.jpg","article-width":960,"article-height":540,"banner":"https:\/\/int.design\/wp-content\/uploads\/2021\/03\/DSC_0467-M-1920x1920.jpg","banner-width":1920,"banner-height":1920,"block":"https:\/\/int.design\/wp-content\/uploads\/2021\/03\/DSC_0467-M-900x680.jpg","block-width":900,"block-height":680,"card":"https:\/\/int.design\/wp-content\/uploads\/2021\/03\/DSC_0467-M-560x495.jpg","card-width":560,"card-height":495,"card-thumbnail":"https:\/\/int.design\/wp-content\/uploads\/2021\/03\/DSC_0467-M-450x340.jpg","card-thumbnail-width":450,"card-thumbnail-height":340,"conference":"https:\/\/int.design\/wp-content\/uploads\/2021\/03\/DSC_0467-M-560x250.jpg","conference-width":560,"conference-height":250,"contest":"https:\/\/int.design\/wp-content\/uploads\/2021\/03\/DSC_0467-M-960x400.jpg","contest-width":960,"contest-height":400,"cta":"https:\/\/int.design\/wp-content\/uploads\/2021\/03\/DSC_0467-M-415x170.jpg","cta-width":415,"cta-height":170,"exhibitor":"https:\/\/int.design\/wp-content\/uploads\/2021\/03\/DSC_0467-M-560x560.jpg","exhibitor-width":560,"exhibitor-height":560,"gallery":"https:\/\/int.design\/wp-content\/uploads\/2021\/03\/DSC_0467-M-430x430.jpg","gallery-width":430,"gallery-height":430,"logo":"https:\/\/int.design\/wp-content\/uploads\/2021\/03\/DSC_0467-M-100x100.jpg","logo-width":100,"logo-height":100,"masonry":"https:\/\/int.design\/wp-content\/uploads\/2021\/03\/DSC_0467-M-550x550.jpg","masonry-width":550,"masonry-height":550,"modal":"https:\/\/int.design\/wp-content\/uploads\/2021\/03\/DSC_0467-M-1920x1920.jpg","modal-width":1920,"modal-height":1920,"number":"https:\/\/int.design\/wp-content\/uploads\/2021\/03\/DSC_0467-M-430x430.jpg","number-width":430,"number-height":430,"partner":"https:\/\/int.design\/wp-content\/uploads\/2021\/03\/DSC_0467-M-210x210.jpg","partner-width":210,"partner-height":210,"ranking":"https:\/\/int.design\/wp-content\/uploads\/2021\/03\/DSC_0467-M-960x540.jpg","ranking-width":960,"ranking-height":540,"schedule":"https:\/\/int.design\/wp-content\/uploads\/2021\/03\/DSC_0467-M-960x360.jpg","schedule-width":960,"schedule-height":360,"slideshow":"https:\/\/int.design\/wp-content\/uploads\/2021\/03\/DSC_0467-M-680x680.jpg","slideshow-width":680,"slideshow-height":680}},"file":{"ID":66801,"id":66801,"title":"CV SR_2021-03-03","filename":"CV SR_2021-03-03.pdf","filesize":0,"url":"https:\/\/d2q6z78khxmx42.cloudfront.net\/2021\/03\/CV SR_2021-03-03.pdf","link":"https:\/\/int.design\/fr\/projets\/concept-damenagement-promenade-de-la-riviere-du-chene-ville-de-saint-eustache-et-latelier-urbain\/cv-sr_2021-03-03\/","alt":"","author":"667","description":"","caption":"","name":"cv-sr_2021-03-03","status":"inherit","uploaded_to":62342,"date":"2021-03-15 19:21:00","modified":"2021-03-15 19:21:27","menu_order":0,"mime_type":"application\/pdf","type":"application","subtype":"pdf","icon":"https:\/\/int.design\/wp-includes\/images\/media\/document.png"}}],"cover":[{"categories":[516],"credit":"","image":{"ID":66802,"id":66802,"title":"Promenade riveraine - Plan d'ensemble","filename":"Promenade riveraine - Plan d'ensemble-scaled.jpg","filesize":0,"url":"https:\/\/int.design\/wp-content\/uploads\/2021\/03\/Promenade riveraine - Plan d'ensemble-scaled.jpg","link":"https:\/\/int.design\/fr\/projets\/concept-damenagement-promenade-de-la-riviere-du-chene-ville-de-saint-eustache-et-latelier-urbain\/promenade-riveraine-plan-densemble\/","alt":"","author":"667","description":"Concept d\u2019am\u00e9nagement \u2013 Promenade de la Rivi\u00e8re-du-Ch\u00eane, Ville de Saint-Eustache et L&#039;Atelier Urbain Ville de Saint-Eustache et L&#39;Atelier Urbain L&#39;Atelier Urbain","caption":"","name":"promenade-riveraine-plan-densemble","status":"inherit","uploaded_to":62342,"date":"2021-03-15 19:21:03","modified":"2022-02-08 12:31:19","menu_order":0,"mime_type":"image\/jpeg","type":"image","subtype":"jpeg","icon":"https:\/\/int.design\/wp-includes\/images\/media\/default.png","width":2560,"height":1656,"sizes":{"thumbnail":"https:\/\/int.design\/wp-content\/uploads\/2021\/03\/Promenade riveraine - Plan d'ensemble-150x150.jpg","thumbnail-width":150,"thumbnail-height":150,"medium":"https:\/\/int.design\/wp-content\/uploads\/2021\/03\/Promenade riveraine - Plan d'ensemble-300x194.jpg","medium-width":300,"medium-height":194,"medium_large":"https:\/\/int.design\/wp-content\/uploads\/2021\/03\/Promenade riveraine - Plan d'ensemble-768x497.jpg","medium_large-width":768,"medium_large-height":497,"large":"https:\/\/int.design\/wp-content\/uploads\/2021\/03\/Promenade riveraine - Plan d'ensemble-1024x663.jpg","large-width":1024,"large-height":663,"1536x1536":"https:\/\/int.design\/wp-content\/uploads\/2021\/03\/Promenade riveraine - Plan d'ensemble-1536x994.jpg","1536x1536-width":1536,"1536x1536-height":994,"2048x2048":"https:\/\/int.design\/wp-content\/uploads\/2021\/03\/Promenade riveraine - Plan d'ensemble-2048x1325.jpg","2048x2048-width":2048,"2048x2048-height":1325,"article":"https:\/\/int.design\/wp-content\/uploads\/2021\/03\/Promenade riveraine - Plan d'ensemble-960x540.jpg","article-width":960,"article-height":540,"banner":"https:\/\/int.design\/wp-content\/uploads\/2021\/03\/Promenade riveraine - Plan d'ensemble-1920x1242.jpg","banner-width":1920,"banner-height":1242,"block":"https:\/\/int.design\/wp-content\/uploads\/2021\/03\/Promenade riveraine - Plan d'ensemble-900x680.jpg","block-width":900,"block-height":680,"card":"https:\/\/int.design\/wp-content\/uploads\/2021\/03\/Promenade riveraine - Plan d'ensemble-560x495.jpg","card-width":560,"card-height":495,"card-thumbnail":"https:\/\/int.design\/wp-content\/uploads\/2021\/03\/Promenade riveraine - Plan d'ensemble-450x340.jpg","card-thumbnail-width":450,"card-thumbnail-height":340,"conference":"https:\/\/int.design\/wp-content\/uploads\/2021\/03\/Promenade riveraine - Plan d'ensemble-560x250.jpg","conference-width":560,"conference-height":250,"contest":"https:\/\/int.design\/wp-content\/uploads\/2021\/03\/Promenade riveraine - Plan d'ensemble-960x400.jpg","contest-width":960,"contest-height":400,"cta":"https:\/\/int.design\/wp-content\/uploads\/2021\/03\/Promenade riveraine - Plan d'ensemble-415x170.jpg","cta-width":415,"cta-height":170,"exhibitor":"https:\/\/int.design\/wp-content\/uploads\/2021\/03\/Promenade riveraine - Plan d'ensemble-560x560.jpg","exhibitor-width":560,"exhibitor-height":560,"gallery":"https:\/\/int.design\/wp-content\/uploads\/2021\/03\/Promenade riveraine - Plan d'ensemble-560x362.jpg","gallery-width":560,"gallery-height":362,"logo":"https:\/\/int.design\/wp-content\/uploads\/2021\/03\/Promenade riveraine - Plan d'ensemble-155x100.jpg","logo-width":155,"logo-height":100,"masonry":"https:\/\/int.design\/wp-content\/uploads\/2021\/03\/Promenade riveraine - Plan d'ensemble-550x356.jpg","masonry-width":550,"masonry-height":356,"modal":"https:\/\/int.design\/wp-content\/uploads\/2021\/03\/Promenade riveraine - Plan d'ensemble-1920x1242.jpg","modal-width":1920,"modal-height":1242,"number":"https:\/\/int.design\/wp-content\/uploads\/2021\/03\/Promenade riveraine - Plan d'ensemble-560x362.jpg","number-width":560,"number-height":362,"partner":"https:\/\/int.design\/wp-content\/uploads\/2021\/03\/Promenade riveraine - Plan d'ensemble-275x178.jpg","partner-width":275,"partner-height":178,"ranking":"https:\/\/int.design\/wp-content\/uploads\/2021\/03\/Promenade riveraine - Plan d'ensemble-960x540.jpg","ranking-width":960,"ranking-height":540,"schedule":"https:\/\/int.design\/wp-content\/uploads\/2021\/03\/Promenade riveraine - Plan d'ensemble-960x360.jpg","schedule-width":960,"schedule-height":360,"slideshow":"https:\/\/int.design\/wp-content\/uploads\/2021\/03\/Promenade riveraine - Plan d'ensemble-1051x680.jpg","slideshow-width":1051,"slideshow-height":680}},"filters":false,"suppliers":false,"attachment_category":{"557":"Paysage - Commercial &amp; public"}}],"images":[{"categories":[516],"credit":"","image":{"ID":66792,"id":66792,"title":"Promenade riveraine - Acc\u00e8s \u00e0 l'eau","filename":"Promenade riveraine - Acc\u00e8s \u00e0 l'eau-scaled.jpg","filesize":0,"url":"https:\/\/int.design\/wp-content\/uploads\/2021\/03\/Promenade riveraine - Acc\u00e8s \u00e0 l'eau-scaled.jpg","link":"https:\/\/int.design\/fr\/projets\/concept-damenagement-promenade-de-la-riviere-du-chene-ville-de-saint-eustache-et-latelier-urbain\/promenade-riveraine-acces-a-leau\/","alt":"","author":"667","description":"Concept d\u2019am\u00e9nagement \u2013 Promenade de la Rivi\u00e8re-du-Ch\u00eane, Ville de Saint-Eustache et L&#039;Atelier Urbain Ville de Saint-Eustache et L&#39;Atelier Urbain L&#39;Atelier Urbain","caption":"","name":"promenade-riveraine-acces-a-leau","status":"inherit","uploaded_to":62342,"date":"2021-03-15 18:44:16","modified":"2022-02-08 12:31:19","menu_order":0,"mime_type":"image\/jpeg","type":"image","subtype":"jpeg","icon":"https:\/\/int.design\/wp-includes\/images\/media\/default.png","width":2560,"height":1656,"sizes":{"thumbnail":"https:\/\/int.design\/wp-content\/uploads\/2021\/03\/Promenade riveraine - Acc\u00e8s \u00e0 l'eau-150x150.jpg","thumbnail-width":150,"thumbnail-height":150,"medium":"https:\/\/int.design\/wp-content\/uploads\/2021\/03\/Promenade riveraine - Acc\u00e8s \u00e0 l'eau-300x194.jpg","medium-width":300,"medium-height":194,"medium_large":"https:\/\/int.design\/wp-content\/uploads\/2021\/03\/Promenade riveraine - Acc\u00e8s \u00e0 l'eau-768x497.jpg","medium_large-width":768,"medium_large-height":497,"large":"https:\/\/int.design\/wp-content\/uploads\/2021\/03\/Promenade riveraine - Acc\u00e8s \u00e0 l'eau-1024x663.jpg","large-width":1024,"large-height":663,"1536x1536":"https:\/\/int.design\/wp-content\/uploads\/2021\/03\/Promenade riveraine - Acc\u00e8s \u00e0 l'eau-1536x994.jpg","1536x1536-width":1536,"1536x1536-height":994,"2048x2048":"https:\/\/int.design\/wp-content\/uploads\/2021\/03\/Promenade riveraine - Acc\u00e8s \u00e0 l'eau-2048x1325.jpg","2048x2048-width":2048,"2048x2048-height":1325,"article":"https:\/\/int.design\/wp-content\/uploads\/2021\/03\/Promenade riveraine - Acc\u00e8s \u00e0 l'eau-960x540.jpg","article-width":960,"article-height":540,"banner":"https:\/\/int.design\/wp-content\/uploads\/2021\/03\/Promenade riveraine - Acc\u00e8s \u00e0 l'eau-1920x1242.jpg","banner-width":1920,"banner-height":1242,"block":"https:\/\/int.design\/wp-content\/uploads\/2021\/03\/Promenade riveraine - Acc\u00e8s \u00e0 l'eau-900x680.jpg","block-width":900,"block-height":680,"card":"https:\/\/int.design\/wp-content\/uploads\/2021\/03\/Promenade riveraine - Acc\u00e8s \u00e0 l'eau-560x495.jpg","card-width":560,"card-height":495,"card-thumbnail":"https:\/\/int.design\/wp-content\/uploads\/2021\/03\/Promenade riveraine - Acc\u00e8s \u00e0 l'eau-450x340.jpg","card-thumbnail-width":450,"card-thumbnail-height":340,"conference":"https:\/\/int.design\/wp-content\/uploads\/2021\/03\/Promenade riveraine - Acc\u00e8s \u00e0 l'eau-560x250.jpg","conference-width":560,"conference-height":250,"contest":"https:\/\/int.design\/wp-content\/uploads\/2021\/03\/Promenade riveraine - Acc\u00e8s \u00e0 l'eau-960x400.jpg","contest-width":960,"contest-height":400,"cta":"https:\/\/int.design\/wp-content\/uploads\/2021\/03\/Promenade riveraine - Acc\u00e8s \u00e0 l'eau-415x170.jpg","cta-width":415,"cta-height":170,"exhibitor":"https:\/\/int.design\/wp-content\/uploads\/2021\/03\/Promenade riveraine - Acc\u00e8s \u00e0 l'eau-560x560.jpg","exhibitor-width":560,"exhibitor-height":560,"gallery":"https:\/\/int.design\/wp-content\/uploads\/2021\/03\/Promenade riveraine - Acc\u00e8s \u00e0 l'eau-560x362.jpg","gallery-width":560,"gallery-height":362,"logo":"https:\/\/int.design\/wp-content\/uploads\/2021\/03\/Promenade riveraine - Acc\u00e8s \u00e0 l'eau-155x100.jpg","logo-width":155,"logo-height":100,"masonry":"https:\/\/int.design\/wp-content\/uploads\/2021\/03\/Promenade riveraine - Acc\u00e8s \u00e0 l'eau-550x356.jpg","masonry-width":550,"masonry-height":356,"modal":"https:\/\/int.design\/wp-content\/uploads\/2021\/03\/Promenade riveraine - Acc\u00e8s \u00e0 l'eau-1920x1242.jpg","modal-width":1920,"modal-height":1242,"number":"https:\/\/int.design\/wp-content\/uploads\/2021\/03\/Promenade riveraine - Acc\u00e8s \u00e0 l'eau-560x362.jpg","number-width":560,"number-height":362,"partner":"https:\/\/int.design\/wp-content\/uploads\/2021\/03\/Promenade riveraine - Acc\u00e8s \u00e0 l'eau-275x178.jpg","partner-width":275,"partner-height":178,"ranking":"https:\/\/int.design\/wp-content\/uploads\/2021\/03\/Promenade riveraine - Acc\u00e8s \u00e0 l'eau-960x540.jpg","ranking-width":960,"ranking-height":540,"schedule":"https:\/\/int.design\/wp-content\/uploads\/2021\/03\/Promenade riveraine - Acc\u00e8s \u00e0 l'eau-960x360.jpg","schedule-width":960,"schedule-height":360,"slideshow":"https:\/\/int.design\/wp-content\/uploads\/2021\/03\/Promenade riveraine - Acc\u00e8s \u00e0 l'eau-1051x680.jpg","slideshow-width":1051,"slideshow-height":680}},"filters":false,"suppliers":false,"attachment_category":[]},{"categories":[516],"credit":"","image":{"ID":66797,"id":66797,"title":"Promenade riveraine - Belv\u00e9daire","filename":"Promenade riveraine - Belv\u00e9daire-scaled.jpg","filesize":0,"url":"https:\/\/int.design\/wp-content\/uploads\/2021\/03\/Promenade riveraine - Belv\u00e9daire-scaled.jpg","link":"https:\/\/int.design\/fr\/projets\/concept-damenagement-promenade-de-la-riviere-du-chene-ville-de-saint-eustache-et-latelier-urbain\/promenade-riveraine-belvedaire\/","alt":"","author":"667","description":"Concept d\u2019am\u00e9nagement \u2013 Promenade de la Rivi\u00e8re-du-Ch\u00eane, Ville de Saint-Eustache et L&#039;Atelier Urbain Ville de Saint-Eustache et L&#39;Atelier Urbain L&#39;Atelier Urbain","caption":"","name":"promenade-riveraine-belvedaire","status":"inherit","uploaded_to":62342,"date":"2021-03-15 19:14:59","modified":"2022-02-08 12:31:19","menu_order":0,"mime_type":"image\/jpeg","type":"image","subtype":"jpeg","icon":"https:\/\/int.design\/wp-includes\/images\/media\/default.png","width":2560,"height":1656,"sizes":{"thumbnail":"https:\/\/int.design\/wp-content\/uploads\/2021\/03\/Promenade riveraine - Belv\u00e9daire-150x150.jpg","thumbnail-width":150,"thumbnail-height":150,"medium":"https:\/\/int.design\/wp-content\/uploads\/2021\/03\/Promenade riveraine - Belv\u00e9daire-300x194.jpg","medium-width":300,"medium-height":194,"medium_large":"https:\/\/int.design\/wp-content\/uploads\/2021\/03\/Promenade riveraine - Belv\u00e9daire-768x497.jpg","medium_large-width":768,"medium_large-height":497,"large":"https:\/\/int.design\/wp-content\/uploads\/2021\/03\/Promenade riveraine - Belv\u00e9daire-1024x663.jpg","large-width":1024,"large-height":663,"1536x1536":"https:\/\/int.design\/wp-content\/uploads\/2021\/03\/Promenade riveraine - Belv\u00e9daire-1536x994.jpg","1536x1536-width":1536,"1536x1536-height":994,"2048x2048":"https:\/\/int.design\/wp-content\/uploads\/2021\/03\/Promenade riveraine - Belv\u00e9daire-2048x1325.jpg","2048x2048-width":2048,"2048x2048-height":1325,"article":"https:\/\/int.design\/wp-content\/uploads\/2021\/03\/Promenade riveraine - Belv\u00e9daire-960x540.jpg","article-width":960,"article-height":540,"banner":"https:\/\/int.design\/wp-content\/uploads\/2021\/03\/Promenade riveraine - Belv\u00e9daire-1920x1242.jpg","banner-width":1920,"banner-height":1242,"block":"https:\/\/int.design\/wp-content\/uploads\/2021\/03\/Promenade riveraine - Belv\u00e9daire-900x680.jpg","block-width":900,"block-height":680,"card":"https:\/\/int.design\/wp-content\/uploads\/2021\/03\/Promenade riveraine - Belv\u00e9daire-560x495.jpg","card-width":560,"card-height":495,"card-thumbnail":"https:\/\/int.design\/wp-content\/uploads\/2021\/03\/Promenade riveraine - Belv\u00e9daire-450x340.jpg","card-thumbnail-width":450,"card-thumbnail-height":340,"conference":"https:\/\/int.design\/wp-content\/uploads\/2021\/03\/Promenade riveraine - Belv\u00e9daire-560x250.jpg","conference-width":560,"conference-height":250,"contest":"https:\/\/int.design\/wp-content\/uploads\/2021\/03\/Promenade riveraine - Belv\u00e9daire-960x400.jpg","contest-width":960,"contest-height":400,"cta":"https:\/\/int.design\/wp-content\/uploads\/2021\/03\/Promenade riveraine - Belv\u00e9daire-415x170.jpg","cta-width":415,"cta-height":170,"exhibitor":"https:\/\/int.design\/wp-content\/uploads\/2021\/03\/Promenade riveraine - Belv\u00e9daire-560x560.jpg","exhibitor-width":560,"exhibitor-height":560,"gallery":"https:\/\/int.design\/wp-content\/uploads\/2021\/03\/Promenade riveraine - Belv\u00e9daire-560x362.jpg","gallery-width":560,"gallery-height":362,"logo":"https:\/\/int.design\/wp-content\/uploads\/2021\/03\/Promenade riveraine - Belv\u00e9daire-155x100.jpg","logo-width":155,"logo-height":100,"masonry":"https:\/\/int.design\/wp-content\/uploads\/2021\/03\/Promenade riveraine - Belv\u00e9daire-550x356.jpg","masonry-width":550,"masonry-height":356,"modal":"https:\/\/int.design\/wp-content\/uploads\/2021\/03\/Promenade riveraine - Belv\u00e9daire-1920x1242.jpg","modal-width":1920,"modal-height":1242,"number":"https:\/\/int.design\/wp-content\/uploads\/2021\/03\/Promenade riveraine - Belv\u00e9daire-560x362.jpg","number-width":560,"number-height":362,"partner":"https:\/\/int.design\/wp-content\/uploads\/2021\/03\/Promenade riveraine - Belv\u00e9daire-275x178.jpg","partner-width":275,"partner-height":178,"ranking":"https:\/\/int.design\/wp-content\/uploads\/2021\/03\/Promenade riveraine - Belv\u00e9daire-960x540.jpg","ranking-width":960,"ranking-height":540,"schedule":"https:\/\/int.design\/wp-content\/uploads\/2021\/03\/Promenade riveraine - Belv\u00e9daire-960x360.jpg","schedule-width":960,"schedule-height":360,"slideshow":"https:\/\/int.design\/wp-content\/uploads\/2021\/03\/Promenade riveraine - Belv\u00e9daire-1051x680.jpg","slideshow-width":1051,"slideshow-height":680}},"filters":false,"suppliers":false,"attachment_category":[]},{"categories":[516],"credit":"","image":{"ID":66793,"id":66793,"title":"Promenade riveraine - Pont","filename":"Promenade riveraine - Pont-scaled.jpg","filesize":0,"url":"https:\/\/int.design\/wp-content\/uploads\/2021\/03\/Promenade riveraine - Pont-scaled.jpg","link":"https:\/\/int.design\/fr\/projets\/concept-damenagement-promenade-de-la-riviere-du-chene-ville-de-saint-eustache-et-latelier-urbain\/promenade-riveraine-pont\/","alt":"","author":"667","description":"Concept d\u2019am\u00e9nagement \u2013 Promenade de la Rivi\u00e8re-du-Ch\u00eane, Ville de Saint-Eustache et L&#039;Atelier Urbain Ville de Saint-Eustache et L&#39;Atelier Urbain L&#39;Atelier Urbain","caption":"","name":"promenade-riveraine-pont","status":"inherit","uploaded_to":62342,"date":"2021-03-15 18:44:34","modified":"2022-02-08 12:31:19","menu_order":0,"mime_type":"image\/jpeg","type":"image","subtype":"jpeg","icon":"https:\/\/int.design\/wp-includes\/images\/media\/default.png","width":2560,"height":1656,"sizes":{"thumbnail":"https:\/\/int.design\/wp-content\/uploads\/2021\/03\/Promenade riveraine - Pont-150x150.jpg","thumbnail-width":150,"thumbnail-height":150,"medium":"https:\/\/int.design\/wp-content\/uploads\/2021\/03\/Promenade riveraine - Pont-300x194.jpg","medium-width":300,"medium-height":194,"medium_large":"https:\/\/int.design\/wp-content\/uploads\/2021\/03\/Promenade riveraine - Pont-768x497.jpg","medium_large-width":768,"medium_large-height":497,"large":"https:\/\/int.design\/wp-content\/uploads\/2021\/03\/Promenade riveraine - Pont-1024x663.jpg","large-width":1024,"large-height":663,"1536x1536":"https:\/\/int.design\/wp-content\/uploads\/2021\/03\/Promenade riveraine - Pont-1536x994.jpg","1536x1536-width":1536,"1536x1536-height":994,"2048x2048":"https:\/\/int.design\/wp-content\/uploads\/2021\/03\/Promenade riveraine - Pont-2048x1325.jpg","2048x2048-width":2048,"2048x2048-height":1325,"article":"https:\/\/int.design\/wp-content\/uploads\/2021\/03\/Promenade riveraine - Pont-960x540.jpg","article-width":960,"article-height":540,"banner":"https:\/\/int.design\/wp-content\/uploads\/2021\/03\/Promenade riveraine - Pont-1920x1242.jpg","banner-width":1920,"banner-height":1242,"block":"https:\/\/int.design\/wp-content\/uploads\/2021\/03\/Promenade riveraine - Pont-900x680.jpg","block-width":900,"block-height":680,"card":"https:\/\/int.design\/wp-content\/uploads\/2021\/03\/Promenade riveraine - Pont-560x495.jpg","card-width":560,"card-height":495,"card-thumbnail":"https:\/\/int.design\/wp-content\/uploads\/2021\/03\/Promenade riveraine - Pont-450x340.jpg","card-thumbnail-width":450,"card-thumbnail-height":340,"conference":"https:\/\/int.design\/wp-content\/uploads\/2021\/03\/Promenade riveraine - Pont-560x250.jpg","conference-width":560,"conference-height":250,"contest":"https:\/\/int.design\/wp-content\/uploads\/2021\/03\/Promenade riveraine - Pont-960x400.jpg","contest-width":960,"contest-height":400,"cta":"https:\/\/int.design\/wp-content\/uploads\/2021\/03\/Promenade riveraine - Pont-415x170.jpg","cta-width":415,"cta-height":170,"exhibitor":"https:\/\/int.design\/wp-content\/uploads\/2021\/03\/Promenade riveraine - Pont-560x560.jpg","exhibitor-width":560,"exhibitor-height":560,"gallery":"https:\/\/int.design\/wp-content\/uploads\/2021\/03\/Promenade riveraine - Pont-560x362.jpg","gallery-width":560,"gallery-height":362,"logo":"https:\/\/int.design\/wp-content\/uploads\/2021\/03\/Promenade riveraine - Pont-155x100.jpg","logo-width":155,"logo-height":100,"masonry":"https:\/\/int.design\/wp-content\/uploads\/2021\/03\/Promenade riveraine - Pont-550x356.jpg","masonry-width":550,"masonry-height":356,"modal":"https:\/\/int.design\/wp-content\/uploads\/2021\/03\/Promenade riveraine - Pont-1920x1242.jpg","modal-width":1920,"modal-height":1242,"number":"https:\/\/int.design\/wp-content\/uploads\/2021\/03\/Promenade riveraine - Pont-560x362.jpg","number-width":560,"number-height":362,"partner":"https:\/\/int.design\/wp-content\/uploads\/2021\/03\/Promenade riveraine - Pont-275x178.jpg","partner-width":275,"partner-height":178,"ranking":"https:\/\/int.design\/wp-content\/uploads\/2021\/03\/Promenade riveraine - Pont-960x540.jpg","ranking-width":960,"ranking-height":540,"schedule":"https:\/\/int.design\/wp-content\/uploads\/2021\/03\/Promenade riveraine - Pont-960x360.jpg","schedule-width":960,"schedule-height":360,"slideshow":"https:\/\/int.design\/wp-content\/uploads\/2021\/03\/Promenade riveraine - Pont-1051x680.jpg","slideshow-width":1051,"slideshow-height":680}},"filters":false,"suppliers":false,"attachment_category":[]},{"categories":[516],"credit":"","image":{"ID":66798,"id":66798,"title":"Promenade riveraine - Acc\u00e8s \u00e0 l'eau_2","filename":"Promenade riveraine - Acc\u00e8s \u00e0 l'eau_2-scaled.jpg","filesize":0,"url":"https:\/\/int.design\/wp-content\/uploads\/2021\/03\/Promenade riveraine - Acc\u00e8s \u00e0 l'eau_2-scaled.jpg","link":"https:\/\/int.design\/fr\/projets\/concept-damenagement-promenade-de-la-riviere-du-chene-ville-de-saint-eustache-et-latelier-urbain\/promenade-riveraine-acces-a-leau_2\/","alt":"","author":"667","description":"Concept d\u2019am\u00e9nagement \u2013 Promenade de la Rivi\u00e8re-du-Ch\u00eane, Ville de Saint-Eustache et L&#039;Atelier Urbain Ville de Saint-Eustache et L&#39;Atelier Urbain L&#39;Atelier Urbain","caption":"","name":"promenade-riveraine-acces-a-leau_2","status":"inherit","uploaded_to":62342,"date":"2021-03-15 19:15:21","modified":"2022-02-08 12:31:19","menu_order":0,"mime_type":"image\/jpeg","type":"image","subtype":"jpeg","icon":"https:\/\/int.design\/wp-includes\/images\/media\/default.png","width":2560,"height":1656,"sizes":{"thumbnail":"https:\/\/int.design\/wp-content\/uploads\/2021\/03\/Promenade riveraine - Acc\u00e8s \u00e0 l'eau_2-150x150.jpg","thumbnail-width":150,"thumbnail-height":150,"medium":"https:\/\/int.design\/wp-content\/uploads\/2021\/03\/Promenade riveraine - Acc\u00e8s \u00e0 l'eau_2-300x194.jpg","medium-width":300,"medium-height":194,"medium_large":"https:\/\/int.design\/wp-content\/uploads\/2021\/03\/Promenade riveraine - Acc\u00e8s \u00e0 l'eau_2-768x497.jpg","medium_large-width":768,"medium_large-height":497,"large":"https:\/\/int.design\/wp-content\/uploads\/2021\/03\/Promenade riveraine - Acc\u00e8s \u00e0 l'eau_2-1024x663.jpg","large-width":1024,"large-height":663,"1536x1536":"https:\/\/int.design\/wp-content\/uploads\/2021\/03\/Promenade riveraine - Acc\u00e8s \u00e0 l'eau_2-1536x994.jpg","1536x1536-width":1536,"1536x1536-height":994,"2048x2048":"https:\/\/int.design\/wp-content\/uploads\/2021\/03\/Promenade riveraine - Acc\u00e8s \u00e0 l'eau_2-2048x1325.jpg","2048x2048-width":2048,"2048x2048-height":1325,"article":"https:\/\/int.design\/wp-content\/uploads\/2021\/03\/Promenade riveraine - Acc\u00e8s \u00e0 l'eau_2-960x540.jpg","article-width":960,"article-height":540,"banner":"https:\/\/int.design\/wp-content\/uploads\/2021\/03\/Promenade riveraine - Acc\u00e8s \u00e0 l'eau_2-1920x1242.jpg","banner-width":1920,"banner-height":1242,"block":"https:\/\/int.design\/wp-content\/uploads\/2021\/03\/Promenade riveraine - Acc\u00e8s \u00e0 l'eau_2-900x680.jpg","block-width":900,"block-height":680,"card":"https:\/\/int.design\/wp-content\/uploads\/2021\/03\/Promenade riveraine - Acc\u00e8s \u00e0 l'eau_2-560x495.jpg","card-width":560,"card-height":495,"card-thumbnail":"https:\/\/int.design\/wp-content\/uploads\/2021\/03\/Promenade riveraine - Acc\u00e8s \u00e0 l'eau_2-450x340.jpg","card-thumbnail-width":450,"card-thumbnail-height":340,"conference":"https:\/\/int.design\/wp-content\/uploads\/2021\/03\/Promenade riveraine - Acc\u00e8s \u00e0 l'eau_2-560x250.jpg","conference-width":560,"conference-height":250,"contest":"https:\/\/int.design\/wp-content\/uploads\/2021\/03\/Promenade riveraine - Acc\u00e8s \u00e0 l'eau_2-960x400.jpg","contest-width":960,"contest-height":400,"cta":"https:\/\/int.design\/wp-content\/uploads\/2021\/03\/Promenade riveraine - Acc\u00e8s \u00e0 l'eau_2-415x170.jpg","cta-width":415,"cta-height":170,"exhibitor":"https:\/\/int.design\/wp-content\/uploads\/2021\/03\/Promenade riveraine - Acc\u00e8s \u00e0 l'eau_2-560x560.jpg","exhibitor-width":560,"exhibitor-height":560,"gallery":"https:\/\/int.design\/wp-content\/uploads\/2021\/03\/Promenade riveraine - Acc\u00e8s \u00e0 l'eau_2-560x362.jpg","gallery-width":560,"gallery-height":362,"logo":"https:\/\/int.design\/wp-content\/uploads\/2021\/03\/Promenade riveraine - Acc\u00e8s \u00e0 l'eau_2-155x100.jpg","logo-width":155,"logo-height":100,"masonry":"https:\/\/int.design\/wp-content\/uploads\/2021\/03\/Promenade riveraine - Acc\u00e8s \u00e0 l'eau_2-550x356.jpg","masonry-width":550,"masonry-height":356,"modal":"https:\/\/int.design\/wp-content\/uploads\/2021\/03\/Promenade riveraine - Acc\u00e8s \u00e0 l'eau_2-1920x1242.jpg","modal-width":1920,"modal-height":1242,"number":"https:\/\/int.design\/wp-content\/uploads\/2021\/03\/Promenade riveraine - Acc\u00e8s \u00e0 l'eau_2-560x362.jpg","number-width":560,"number-height":362,"partner":"https:\/\/int.design\/wp-content\/uploads\/2021\/03\/Promenade riveraine - Acc\u00e8s \u00e0 l'eau_2-275x178.jpg","partner-width":275,"partner-height":178,"ranking":"https:\/\/int.design\/wp-content\/uploads\/2021\/03\/Promenade riveraine - Acc\u00e8s \u00e0 l'eau_2-960x540.jpg","ranking-width":960,"ranking-height":540,"schedule":"https:\/\/int.design\/wp-content\/uploads\/2021\/03\/Promenade riveraine - Acc\u00e8s \u00e0 l'eau_2-960x360.jpg","schedule-width":960,"schedule-height":360,"slideshow":"https:\/\/int.design\/wp-content\/uploads\/2021\/03\/Promenade riveraine - Acc\u00e8s \u00e0 l'eau_2-1051x680.jpg","slideshow-width":1051,"slideshow-height":680}},"filters":false,"suppliers":false,"attachment_category":[]}],"mandatory_documents":[{"name":"Concept d&#39;am\u00e9nagement","file":{"ID":66812,"id":66812,"title":"20219 - Promenade riveraine_Rapportfinal","filename":"6_20219 - Promenade riveraine_Rapportfinal.pdf","filesize":0,"url":"https:\/\/d2q6z78khxmx42.cloudfront.net\/2021\/03\/6_20219 - Promenade riveraine_Rapportfinal.pdf","link":"https:\/\/int.design\/fr\/projets\/concept-damenagement-promenade-de-la-riviere-du-chene-ville-de-saint-eustache-et-latelier-urbain\/20219-promenade-riveraine_rapportfinal-2\/","alt":"","author":"667","description":"","caption":"","name":"20219-promenade-riveraine_rapportfinal-2","status":"inherit","uploaded_to":62342,"date":"2021-03-15 20:26:31","modified":"2021-03-15 20:26:36","menu_order":0,"mime_type":"application\/pdf","type":"application","subtype":"pdf","icon":"https:\/\/int.design\/wp-includes\/images\/media\/document.png"}}],"optional_documents":[{"name":"Texte explicatif","file":{"ID":66813,"id":66813,"title":"Promenade riveraine_V1R1","filename":"6_Promenade riveraine_V1R1.pdf","filesize":0,"url":"https:\/\/d2q6z78khxmx42.cloudfront.net\/2021\/03\/6_Promenade riveraine_V1R1.pdf","link":"https:\/\/int.design\/fr\/projets\/concept-damenagement-promenade-de-la-riviere-du-chene-ville-de-saint-eustache-et-latelier-urbain\/promenade-riveraine_v1r1-2\/","alt":"","author":"667","description":"","caption":"","name":"promenade-riveraine_v1r1-2","status":"inherit","uploaded_to":62342,"date":"2021-03-15 20:26:34","modified":"2021-03-15 20:26:36","menu_order":0,"mime_type":"application\/pdf","type":"application","subtype":"pdf","icon":"https:\/\/int.design\/wp-includes\/images\/media\/document.png"}}],"web_text":{"fr":"<p>Situ\u00e9 entre le cimeti\u00e8re Saint-Eustache et la rivi\u00e8re du Ch\u00eane, le concept d\u2019am\u00e9nagement de la \u00ab Promenade de la Rivi\u00e8re-du-Ch\u00eane \u00bb est un projet de design urbain qui vise la mise en valeur du dernier tron\u00e7on non revitalis\u00e9 du secteur du Vieux &#8211; Saint-Eustache.<\/p>\n<p>Ce projet permet l\u2019am\u00e9nagement d\u2019un parcours en boucle au sein du c\u0153ur patrimonial de la Ville et o\u00f9 il sera possible de s\u2019immerger dans la nature, l\u2019art et le patrimoine en plus de relier les diff\u00e9rents secteurs du centre-ville. R\u00e9fl\u00e9chi de pair avec diff\u00e9rents acteurs cl\u00e9s li\u00e9s \u00e0 la planification, au d\u00e9veloppement et au tourisme municipal et r\u00e9gional, le concept d\u2019am\u00e9nagement fut l\u2019occasion de proposer des interventions innovantes en mati\u00e8re de design urbain qui marient la nature au patrimoine et la qui\u00e9tude du milieu aux diff\u00e9rents espaces de rencontres.<\/p>\n","en":"<p>Located between the Saint-Eustache cemetery and the Du Ch\u00eane River, the development concept for the &#34;Promenade de la Rivi\u00e8re-du-Ch\u00eane&#34; is an urban design project that aims to enhance the last remaining, non-revitalized section of the Vieux &#8211; Saint-Eustache area.<\/p>\n<p>This project provides a continuous circuit in the heart of the city&#39;s heritage district, where it will be possible to immerse oneself in nature, art and heritage, in addition to connecting the different areas of the downtown district. Thought out in conjunction with various key players in municipal and regional planning, development and tourism, the development concept provided an opportunity to propose innovative urban design interventions that blend nature and heritage and the tranquility of the environment with the various gathering spaces.<\/p>\n","original":""},"jury_text":[{"category":516,"fr":"<p>Situ\u00e9 entre le cimeti\u00e8re Saint-Eustache et la rivi\u00e8re du Ch\u00eane, le concept d\u2019am\u00e9nagement de la \u00ab Promenade de la Rivi\u00e8re-du-Ch\u00eane \u00bb est un projet de design urbain qui vise la mise en valeur du dernier tron\u00e7on non revitalis\u00e9 du secteur du Vieux &#8211; Saint-Eustache.<\/p>\n<p>Ce projet permet l\u2019am\u00e9nagement d\u2019un parcours en boucle au sein du c\u0153ur patrimonial de la Ville et o\u00f9 il sera possible de s\u2019immerger dans la nature, l\u2019art et le patrimoine en plus de relier les diff\u00e9rents secteurs du centre-ville. R\u00e9fl\u00e9chi de pair avec diff\u00e9rents acteurs cl\u00e9s li\u00e9s \u00e0 la planification, au d\u00e9veloppement et au tourisme municipal et r\u00e9gional, le concept d\u2019am\u00e9nagement fut l\u2019occasion de proposer des interventions innovantes en mati\u00e8re de design urbain qui marient la nature au patrimoine et la qui\u00e9tude du milieu aux diff\u00e9rents espaces de rencontres.<\/p>\n","en":"<p>Located between the Saint-Eustache cemetery and the Du Ch\u00eane River, the development concept for the &#34;Promenade de la Rivi\u00e8re-du-Ch\u00eane&#34; is an urban design project that aims to enhance the last remaining, non-revitalized section of the Vieux &#8211; Saint-Eustache area.<\/p>\n<p>This project provides a continuous circuit in the heart of the city&#39;s heritage district, where it will be possible to immerse oneself in nature, art and heritage, in addition to connecting the different areas of the downtown district. Thought out in conjunction with various key players in municipal and regional planning, development and tourism, the development concept provided an opportunity to propose innovative urban design interventions that blend nature and heritage and the tranquility of the environment with the various gathering spaces.<\/p>\n","original":""}],"different_jury_text":false,"different_category_text":false},"laureats":[{"cat_id":516,"cat_id_laureat":1035,"laureat":"Certification Or"}],"contest_id":"1180","contest_title":"GRANDS PRIX DU DESIGN - 14e \u00e9dition","firms":[{"name":"L&#39;Atelier Urbain","website":"http:\/\/www.latelierurbain.com\/","category":"Urbaniste","category_tax":false,"category_label":null}],"user":{"email":"lucas@latelierurbain.com","first_name":"Lucas","last_name":"Valence"},"doc_texts_web":{"fr":"","en":""},"permalinks":{"fr":"https:\/\/int.design\/fr\/projets\/concept-damenagement-promenade-de-la-riviere-du-chene-ville-de-saint-eustache-et-latelier-urbain\/","en":"https:\/\/int.design\/en\/projects\/concept-damenagement-promenade-de-la-riviere-du-chene-ville-de-saint-eustache-et-latelier-urbain\/"},"titles":{"fr":"Concept d\u2019am\u00e9nagement \u2013 Promenade de la Rivi\u00e8re-du-Ch\u00eane, Ville de Saint-Eustache et L&#039;Atelier Urbain","en":"Concept d\u2019am\u00e9nagement \u2013 Promenade de la Rivi\u00e8re-du-Ch\u00eane, Ville de Saint-Eustache et L&#039;Atelier Urbain"},"wp_fields":[],"laravel_id":""},"_links":{"self":[{"href":"https:\/\/int.design\/fr\/wp-json\/wp\/v2\/project\/62342","targetHints":{"allow":["GET"]}}],"collection":[{"href":"https:\/\/int.design\/fr\/wp-json\/wp\/v2\/project"}],"about":[{"href":"https:\/\/int.design\/fr\/wp-json\/wp\/v2\/types\/project"}],"wp:attachment":[{"href":"https:\/\/int.design\/fr\/wp-json\/wp\/v2\/media?parent=62342"}],"curies":[{"name":"wp","href":"https:\/\/api.w.org\/{rel}","templated":true}]}}