{"id":62340,"date":"2021-07-14T19:40:41","date_gmt":"2021-07-14T23:40:41","guid":{"rendered":"https:\/\/int.design\/?post_type=project&#038;p=62340"},"modified":"2021-09-20T11:16:12","modified_gmt":"2021-09-20T15:16:12","slug":"programme-particulier-durbanisme-ppu-tod-des-gares-ahuntsic-et-chabanel-arrondissement-ahuntsic-cartierville-ville-de-montreal-latelier-urbain-et-huma-design-archite","status":"publish","type":"project","link":"https:\/\/int.design\/fr\/projets\/programme-particulier-durbanisme-ppu-tod-des-gares-ahuntsic-et-chabanel-arrondissement-ahuntsic-cartierville-ville-de-montreal-latelier-urbain-et-huma-design-archite\/","title":{"rendered":"Programme particulier d\u2019urbanisme (PPU) TOD des gares Ahuntsic et Chabanel \u2013 Arrondissement Ahuntsic-Cartierville (Ville de Montr\u00e9al)"},"content":{"rendered":"","protected":false},"template":"","class_list":["post-62340","project","type-project","status-publish","hentry","project_category-design-urbain-architecture-de-paysage-et-amenagement-paysager","project_category-design-urbain","project_category-projet-tod"],"acf":[],"yoast_head":"<!-- This site is optimized with the Yoast SEO plugin v21.5 - https:\/\/yoast.com\/wordpress\/plugins\/seo\/ -->\n<title>Programme particulier d\u2019urbanisme (PPU) TOD des gares Ahuntsic et Chabanel \u2013 Arrondissement Ahuntsic-Cartierville (Ville de Montr\u00e9al) - INT Design<\/title>\n<meta name=\"robots\" content=\"index, follow, max-snippet:-1, max-image-preview:large, max-video-preview:-1\" \/>\n<link rel=\"canonical\" href=\"https:\/\/int.design\/fr\/projets\/programme-particulier-durbanisme-ppu-tod-des-gares-ahuntsic-et-chabanel-arrondissement-ahuntsic-cartierville-ville-de-montreal-latelier-urbain-et-huma-design-archite\/\" \/>\n<meta property=\"og:locale\" content=\"fr_FR\" \/>\n<meta property=\"og:type\" content=\"article\" \/>\n<meta property=\"og:title\" content=\"Programme particulier d\u2019urbanisme (PPU) TOD des gares Ahuntsic et Chabanel \u2013 Arrondissement Ahuntsic-Cartierville (Ville de Montr\u00e9al) - INT Design\" \/>\n<meta property=\"og:url\" content=\"https:\/\/int.design\/fr\/projets\/programme-particulier-durbanisme-ppu-tod-des-gares-ahuntsic-et-chabanel-arrondissement-ahuntsic-cartierville-ville-de-montreal-latelier-urbain-et-huma-design-archite\/\" \/>\n<meta property=\"og:site_name\" content=\"INT Design\" \/>\n<meta property=\"article:modified_time\" content=\"2021-09-20T15:16:12+00:00\" \/>\n<meta name=\"twitter:card\" content=\"summary_large_image\" \/>\n<script type=\"application\/ld+json\" class=\"yoast-schema-graph\">{\"@context\":\"https:\/\/schema.org\",\"@graph\":[{\"@type\":\"WebPage\",\"@id\":\"https:\/\/int.design\/fr\/projets\/programme-particulier-durbanisme-ppu-tod-des-gares-ahuntsic-et-chabanel-arrondissement-ahuntsic-cartierville-ville-de-montreal-latelier-urbain-et-huma-design-archite\/\",\"url\":\"https:\/\/int.design\/fr\/projets\/programme-particulier-durbanisme-ppu-tod-des-gares-ahuntsic-et-chabanel-arrondissement-ahuntsic-cartierville-ville-de-montreal-latelier-urbain-et-huma-design-archite\/\",\"name\":\"Programme particulier d\u2019urbanisme (PPU) TOD des gares Ahuntsic et Chabanel \u2013 Arrondissement Ahuntsic-Cartierville (Ville de Montr\u00e9al) - INT Design\",\"isPartOf\":{\"@id\":\"https:\/\/int.design\/fr\/#website\"},\"datePublished\":\"2021-07-14T23:40:41+00:00\",\"dateModified\":\"2021-09-20T15:16:12+00:00\",\"breadcrumb\":{\"@id\":\"https:\/\/int.design\/fr\/projets\/programme-particulier-durbanisme-ppu-tod-des-gares-ahuntsic-et-chabanel-arrondissement-ahuntsic-cartierville-ville-de-montreal-latelier-urbain-et-huma-design-archite\/#breadcrumb\"},\"inLanguage\":\"fr-FR\",\"potentialAction\":[{\"@type\":\"ReadAction\",\"target\":[\"https:\/\/int.design\/fr\/projets\/programme-particulier-durbanisme-ppu-tod-des-gares-ahuntsic-et-chabanel-arrondissement-ahuntsic-cartierville-ville-de-montreal-latelier-urbain-et-huma-design-archite\/\"]}]},{\"@type\":\"BreadcrumbList\",\"@id\":\"https:\/\/int.design\/fr\/projets\/programme-particulier-durbanisme-ppu-tod-des-gares-ahuntsic-et-chabanel-arrondissement-ahuntsic-cartierville-ville-de-montreal-latelier-urbain-et-huma-design-archite\/#breadcrumb\",\"itemListElement\":[{\"@type\":\"ListItem\",\"position\":1,\"name\":\"Home\",\"item\":\"https:\/\/int.design\/fr\/\"},{\"@type\":\"ListItem\",\"position\":2,\"name\":\"Projects\",\"item\":\"https:\/\/int.design\/en\/projects\/\"},{\"@type\":\"ListItem\",\"position\":3,\"name\":\"Programme particulier d\u2019urbanisme (PPU) TOD des gares Ahuntsic et Chabanel \u2013 Arrondissement Ahuntsic-Cartierville (Ville de Montr\u00e9al)\"}]},{\"@type\":\"WebSite\",\"@id\":\"https:\/\/int.design\/fr\/#website\",\"url\":\"https:\/\/int.design\/fr\/\",\"name\":\"INT Design\",\"description\":\"\",\"potentialAction\":[{\"@type\":\"SearchAction\",\"target\":{\"@type\":\"EntryPoint\",\"urlTemplate\":\"https:\/\/int.design\/fr\/?s={search_term_string}\"},\"query-input\":\"required name=search_term_string\"}],\"inLanguage\":\"fr-FR\"}]}<\/script>\n<!-- \/ Yoast SEO plugin. -->","yoast_head_json":{"title":"Programme particulier d\u2019urbanisme (PPU) TOD des gares Ahuntsic et Chabanel \u2013 Arrondissement Ahuntsic-Cartierville (Ville de Montr\u00e9al) - INT Design","robots":{"index":"index","follow":"follow","max-snippet":"max-snippet:-1","max-image-preview":"max-image-preview:large","max-video-preview":"max-video-preview:-1"},"canonical":"https:\/\/int.design\/fr\/projets\/programme-particulier-durbanisme-ppu-tod-des-gares-ahuntsic-et-chabanel-arrondissement-ahuntsic-cartierville-ville-de-montreal-latelier-urbain-et-huma-design-archite\/","og_locale":"fr_FR","og_type":"article","og_title":"Programme particulier d\u2019urbanisme (PPU) TOD des gares Ahuntsic et Chabanel \u2013 Arrondissement Ahuntsic-Cartierville (Ville de Montr\u00e9al) - INT Design","og_url":"https:\/\/int.design\/fr\/projets\/programme-particulier-durbanisme-ppu-tod-des-gares-ahuntsic-et-chabanel-arrondissement-ahuntsic-cartierville-ville-de-montreal-latelier-urbain-et-huma-design-archite\/","og_site_name":"INT Design","article_modified_time":"2021-09-20T15:16:12+00:00","twitter_card":"summary_large_image","schema":{"@context":"https:\/\/schema.org","@graph":[{"@type":"WebPage","@id":"https:\/\/int.design\/fr\/projets\/programme-particulier-durbanisme-ppu-tod-des-gares-ahuntsic-et-chabanel-arrondissement-ahuntsic-cartierville-ville-de-montreal-latelier-urbain-et-huma-design-archite\/","url":"https:\/\/int.design\/fr\/projets\/programme-particulier-durbanisme-ppu-tod-des-gares-ahuntsic-et-chabanel-arrondissement-ahuntsic-cartierville-ville-de-montreal-latelier-urbain-et-huma-design-archite\/","name":"Programme particulier d\u2019urbanisme (PPU) TOD des gares Ahuntsic et Chabanel \u2013 Arrondissement Ahuntsic-Cartierville (Ville de Montr\u00e9al) - INT Design","isPartOf":{"@id":"https:\/\/int.design\/fr\/#website"},"datePublished":"2021-07-14T23:40:41+00:00","dateModified":"2021-09-20T15:16:12+00:00","breadcrumb":{"@id":"https:\/\/int.design\/fr\/projets\/programme-particulier-durbanisme-ppu-tod-des-gares-ahuntsic-et-chabanel-arrondissement-ahuntsic-cartierville-ville-de-montreal-latelier-urbain-et-huma-design-archite\/#breadcrumb"},"inLanguage":"fr-FR","potentialAction":[{"@type":"ReadAction","target":["https:\/\/int.design\/fr\/projets\/programme-particulier-durbanisme-ppu-tod-des-gares-ahuntsic-et-chabanel-arrondissement-ahuntsic-cartierville-ville-de-montreal-latelier-urbain-et-huma-design-archite\/"]}]},{"@type":"BreadcrumbList","@id":"https:\/\/int.design\/fr\/projets\/programme-particulier-durbanisme-ppu-tod-des-gares-ahuntsic-et-chabanel-arrondissement-ahuntsic-cartierville-ville-de-montreal-latelier-urbain-et-huma-design-archite\/#breadcrumb","itemListElement":[{"@type":"ListItem","position":1,"name":"Home","item":"https:\/\/int.design\/fr\/"},{"@type":"ListItem","position":2,"name":"Projects","item":"https:\/\/int.design\/en\/projects\/"},{"@type":"ListItem","position":3,"name":"Programme particulier d\u2019urbanisme (PPU) TOD des gares Ahuntsic et Chabanel \u2013 Arrondissement Ahuntsic-Cartierville (Ville de Montr\u00e9al)"}]},{"@type":"WebSite","@id":"https:\/\/int.design\/fr\/#website","url":"https:\/\/int.design\/fr\/","name":"INT Design","description":"","potentialAction":[{"@type":"SearchAction","target":{"@type":"EntryPoint","urlTemplate":"https:\/\/int.design\/fr\/?s={search_term_string}"},"query-input":"required name=search_term_string"}],"inLanguage":"fr-FR"}]}},"entry":{"cats":{"disciplines":[{"id":127,"name":"Design urbain, architecture de paysage &amp; am\u00e9nagement paysager"}],"big_cats":[{"id":514,"name":"Design urbain"}],"sub_cats":[{"id":517,"name":"Projet TOD","parent":514}]},"entry":{"":null,"status":"completed","winner_title":"Ville de Montr\u00e9al, L\u2019Atelier Urbain et HUM\u00c0 Design + Architecture","winner_prize_lang":"","title_translatable":false,"title_en":"","title_fr":"","releve_award":false,"releve_award_cv":false,"collaboration":false,"collaboration_firms":false,"other_firms":[{"name":"L'Atelier Urbain","website":"http:\/\/www.latelierurbain.com\/","category":"Urbaniste","category_tax":false},{"name":"HUM\u00c0 Design+Architecture","website":"https:\/\/www.humadesign.com\/","category":"Architecte","category_tax":false}],"owner":{"name":"Louis-Michel Fournier, Urbaniste, directeur, L\u2019Atelier Urbain","confidential":false,"website":"","contact_name":"","email":"lmfournier@latelierurbain.com","phone":""},"address":{"address":"","city":"Montr\u00e9al","region":"Montr\u00e9al","province":"QC","country":"CA","postal_code":""},"logos":false,"use_logo":false,"designers":[{"name":"Louis-Michel Fournier-Renaud","credit":"","image":{"ID":66837,"id":66837,"title":"DSC_0462-M 1","filename":"6_DSC_0462-M 1.jpg","filesize":0,"url":"https:\/\/d2q6z78khxmx42.cloudfront.net\/2021\/03\/6_DSC_0462-M 1.jpg","link":"https:\/\/int.design\/fr\/projets\/programme-particulier-durbanisme-ppu-tod-des-gares-ahuntsic-et-chabanel-arrondissement-ahuntsic-cartierville-ville-de-montreal-latelier-urbain-et-huma-design-archite\/dsc_0462-m-1-2\/","alt":"","author":"667","description":"","caption":"","name":"dsc_0462-m-1-2","status":"inherit","uploaded_to":62340,"date":"2021-03-16 00:29:00","modified":"2021-03-16 00:30:37","menu_order":0,"mime_type":"image\/jpeg","type":"image","subtype":"jpeg","icon":"https:\/\/int.design\/wp-includes\/images\/media\/default.png","width":1703,"height":2007,"sizes":{"thumbnail":"https:\/\/d2q6z78khxmx42.cloudfront.net\/2021\/03\/6_DSC_0462-M 1-150x150.jpg","thumbnail-width":150,"thumbnail-height":150,"medium":"https:\/\/d2q6z78khxmx42.cloudfront.net\/2021\/03\/6_DSC_0462-M 1-255x300.jpg","medium-width":255,"medium-height":300,"medium_large":"https:\/\/d2q6z78khxmx42.cloudfront.net\/2021\/03\/6_DSC_0462-M 1-768x905.jpg","medium_large-width":768,"medium_large-height":905,"large":"https:\/\/d2q6z78khxmx42.cloudfront.net\/2021\/03\/6_DSC_0462-M 1-869x1024.jpg","large-width":869,"large-height":1024,"1536x1536":"https:\/\/d2q6z78khxmx42.cloudfront.net\/2021\/03\/6_DSC_0462-M 1-1303x1536.jpg","1536x1536-width":1303,"1536x1536-height":1536,"2048x2048":"https:\/\/d2q6z78khxmx42.cloudfront.net\/2021\/03\/6_DSC_0462-M 1.jpg","2048x2048-width":1703,"2048x2048-height":2007,"article":"https:\/\/d2q6z78khxmx42.cloudfront.net\/2021\/03\/6_DSC_0462-M 1-960x540.jpg","article-width":960,"article-height":540,"banner":"https:\/\/d2q6z78khxmx42.cloudfront.net\/2021\/03\/6_DSC_0462-M 1.jpg","banner-width":1703,"banner-height":2007,"block":"https:\/\/d2q6z78khxmx42.cloudfront.net\/2021\/03\/6_DSC_0462-M 1-900x680.jpg","block-width":900,"block-height":680,"card":"https:\/\/d2q6z78khxmx42.cloudfront.net\/2021\/03\/6_DSC_0462-M 1-560x495.jpg","card-width":560,"card-height":495,"card-thumbnail":"https:\/\/d2q6z78khxmx42.cloudfront.net\/2021\/03\/6_DSC_0462-M 1-450x340.jpg","card-thumbnail-width":450,"card-thumbnail-height":340,"conference":"https:\/\/d2q6z78khxmx42.cloudfront.net\/2021\/03\/6_DSC_0462-M 1-560x250.jpg","conference-width":560,"conference-height":250,"contest":"https:\/\/d2q6z78khxmx42.cloudfront.net\/2021\/03\/6_DSC_0462-M 1-960x400.jpg","contest-width":960,"contest-height":400,"cta":"https:\/\/d2q6z78khxmx42.cloudfront.net\/2021\/03\/6_DSC_0462-M 1-415x170.jpg","cta-width":415,"cta-height":170,"exhibitor":"https:\/\/d2q6z78khxmx42.cloudfront.net\/2021\/03\/6_DSC_0462-M 1-560x560.jpg","exhibitor-width":560,"exhibitor-height":560,"gallery":"https:\/\/d2q6z78khxmx42.cloudfront.net\/2021\/03\/6_DSC_0462-M 1-365x430.jpg","gallery-width":365,"gallery-height":430,"logo":"https:\/\/d2q6z78khxmx42.cloudfront.net\/2021\/03\/6_DSC_0462-M 1-85x100.jpg","logo-width":85,"logo-height":100,"masonry":"https:\/\/d2q6z78khxmx42.cloudfront.net\/2021\/03\/6_DSC_0462-M 1-550x648.jpg","masonry-width":550,"masonry-height":648,"modal":"https:\/\/d2q6z78khxmx42.cloudfront.net\/2021\/03\/6_DSC_0462-M 1-1629x1920.jpg","modal-width":1629,"modal-height":1920,"number":"https:\/\/d2q6z78khxmx42.cloudfront.net\/2021\/03\/h6uHt0d1-6_DSC_0462-M 1-365x430.jpg","number-width":365,"number-height":430,"partner":"https:\/\/d2q6z78khxmx42.cloudfront.net\/2021\/03\/6_DSC_0462-M 1-178x210.jpg","partner-width":178,"partner-height":210,"ranking":"https:\/\/d2q6z78khxmx42.cloudfront.net\/2021\/03\/h6uHt0d1-6_DSC_0462-M 1-960x540.jpg","ranking-width":960,"ranking-height":540,"schedule":"https:\/\/d2q6z78khxmx42.cloudfront.net\/2021\/03\/6_DSC_0462-M 1-960x360.jpg","schedule-width":960,"schedule-height":360,"slideshow":"https:\/\/d2q6z78khxmx42.cloudfront.net\/2021\/03\/6_DSC_0462-M 1-577x680.jpg","slideshow-width":577,"slideshow-height":680}},"file":{"ID":66838,"id":66838,"title":"CV_LMF_2020-12-03","filename":"6_CV_LMF_2020-12-03.pdf","filesize":0,"url":"https:\/\/d2q6z78khxmx42.cloudfront.net\/2021\/03\/6_CV_LMF_2020-12-03.pdf","link":"https:\/\/int.design\/fr\/projets\/programme-particulier-durbanisme-ppu-tod-des-gares-ahuntsic-et-chabanel-arrondissement-ahuntsic-cartierville-ville-de-montreal-latelier-urbain-et-huma-design-archite\/cv_lmf_2020-12-03-2\/","alt":"","author":"667","description":"","caption":"","name":"cv_lmf_2020-12-03-2","status":"inherit","uploaded_to":62340,"date":"2021-03-16 00:29:06","modified":"2021-03-16 00:30:37","menu_order":0,"mime_type":"application\/pdf","type":"application","subtype":"pdf","icon":"https:\/\/int.design\/wp-includes\/images\/media\/document.png"}},{"name":"Julien Tr\u00e9panier-Jobin","credit":"","image":{"ID":66839,"id":66839,"title":"DSC_0509-M","filename":"6_DSC_0509-M-scaled.jpg","filesize":0,"url":"https:\/\/int.design\/wp-content\/uploads\/2021\/03\/6_DSC_0509-M-scaled.jpg","link":"https:\/\/int.design\/fr\/projets\/programme-particulier-durbanisme-ppu-tod-des-gares-ahuntsic-et-chabanel-arrondissement-ahuntsic-cartierville-ville-de-montreal-latelier-urbain-et-huma-design-archite\/dsc_0509-m-2\/","alt":"","author":"667","description":"","caption":"","name":"dsc_0509-m-2","status":"inherit","uploaded_to":62340,"date":"2021-03-16 00:29:09","modified":"2021-03-16 00:30:38","menu_order":0,"mime_type":"image\/jpeg","type":"image","subtype":"jpeg","icon":"https:\/\/int.design\/wp-includes\/images\/media\/default.png","width":2560,"height":2560,"sizes":{"thumbnail":"https:\/\/int.design\/wp-content\/uploads\/2021\/03\/6_DSC_0509-M-150x150.jpg","thumbnail-width":150,"thumbnail-height":150,"medium":"https:\/\/int.design\/wp-content\/uploads\/2021\/03\/6_DSC_0509-M-300x300.jpg","medium-width":300,"medium-height":300,"medium_large":"https:\/\/int.design\/wp-content\/uploads\/2021\/03\/6_DSC_0509-M-768x768.jpg","medium_large-width":768,"medium_large-height":768,"large":"https:\/\/int.design\/wp-content\/uploads\/2021\/03\/6_DSC_0509-M-1024x1024.jpg","large-width":1024,"large-height":1024,"1536x1536":"https:\/\/int.design\/wp-content\/uploads\/2021\/03\/6_DSC_0509-M-1536x1536.jpg","1536x1536-width":1536,"1536x1536-height":1536,"2048x2048":"https:\/\/int.design\/wp-content\/uploads\/2021\/03\/6_DSC_0509-M-2048x2048.jpg","2048x2048-width":2048,"2048x2048-height":2048,"article":"https:\/\/int.design\/wp-content\/uploads\/2021\/03\/6_DSC_0509-M-960x540.jpg","article-width":960,"article-height":540,"banner":"https:\/\/int.design\/wp-content\/uploads\/2021\/03\/6_DSC_0509-M-1920x1920.jpg","banner-width":1920,"banner-height":1920,"block":"https:\/\/int.design\/wp-content\/uploads\/2021\/03\/6_DSC_0509-M-900x680.jpg","block-width":900,"block-height":680,"card":"https:\/\/int.design\/wp-content\/uploads\/2021\/03\/6_DSC_0509-M-560x495.jpg","card-width":560,"card-height":495,"card-thumbnail":"https:\/\/int.design\/wp-content\/uploads\/2021\/03\/6_DSC_0509-M-450x340.jpg","card-thumbnail-width":450,"card-thumbnail-height":340,"conference":"https:\/\/int.design\/wp-content\/uploads\/2021\/03\/6_DSC_0509-M-560x250.jpg","conference-width":560,"conference-height":250,"contest":"https:\/\/int.design\/wp-content\/uploads\/2021\/03\/6_DSC_0509-M-960x400.jpg","contest-width":960,"contest-height":400,"cta":"https:\/\/int.design\/wp-content\/uploads\/2021\/03\/6_DSC_0509-M-415x170.jpg","cta-width":415,"cta-height":170,"exhibitor":"https:\/\/int.design\/wp-content\/uploads\/2021\/03\/6_DSC_0509-M-560x560.jpg","exhibitor-width":560,"exhibitor-height":560,"gallery":"https:\/\/int.design\/wp-content\/uploads\/2021\/03\/6_DSC_0509-M-430x430.jpg","gallery-width":430,"gallery-height":430,"logo":"https:\/\/int.design\/wp-content\/uploads\/2021\/03\/6_DSC_0509-M-100x100.jpg","logo-width":100,"logo-height":100,"masonry":"https:\/\/int.design\/wp-content\/uploads\/2021\/03\/6_DSC_0509-M-550x550.jpg","masonry-width":550,"masonry-height":550,"modal":"https:\/\/int.design\/wp-content\/uploads\/2021\/03\/6_DSC_0509-M-1920x1920.jpg","modal-width":1920,"modal-height":1920,"number":"https:\/\/int.design\/wp-content\/uploads\/2021\/03\/6_DSC_0509-M-430x430.jpg","number-width":430,"number-height":430,"partner":"https:\/\/int.design\/wp-content\/uploads\/2021\/03\/6_DSC_0509-M-210x210.jpg","partner-width":210,"partner-height":210,"ranking":"https:\/\/int.design\/wp-content\/uploads\/2021\/03\/6_DSC_0509-M-960x540.jpg","ranking-width":960,"ranking-height":540,"schedule":"https:\/\/int.design\/wp-content\/uploads\/2021\/03\/6_DSC_0509-M-960x360.jpg","schedule-width":960,"schedule-height":360,"slideshow":"https:\/\/int.design\/wp-content\/uploads\/2021\/03\/6_DSC_0509-M-680x680.jpg","slideshow-width":680,"slideshow-height":680}},"file":{"ID":66840,"id":66840,"title":"CV_JTB_2020_09-03","filename":"6_CV_JTB_2020_09-03.pdf","filesize":0,"url":"https:\/\/d2q6z78khxmx42.cloudfront.net\/2021\/03\/6_CV_JTB_2020_09-03.pdf","link":"https:\/\/int.design\/fr\/projets\/programme-particulier-durbanisme-ppu-tod-des-gares-ahuntsic-et-chabanel-arrondissement-ahuntsic-cartierville-ville-de-montreal-latelier-urbain-et-huma-design-archite\/cv_jtb_2020_09-03-2\/","alt":"","author":"667","description":"","caption":"","name":"cv_jtb_2020_09-03-2","status":"inherit","uploaded_to":62340,"date":"2021-03-16 00:29:22","modified":"2021-03-16 00:30:38","menu_order":0,"mime_type":"application\/pdf","type":"application","subtype":"pdf","icon":"https:\/\/int.design\/wp-includes\/images\/media\/document.png"}}],"cover":[{"categories":[517],"credit":"","image":{"ID":66841,"id":66841,"title":"TOD - Vue d'ensemble","filename":"6_TOD - Vue d'ensemble-scaled.jpg","filesize":0,"url":"https:\/\/int.design\/wp-content\/uploads\/2021\/03\/6_TOD - Vue d'ensemble-scaled.jpg","link":"https:\/\/int.design\/fr\/projets\/programme-particulier-durbanisme-ppu-tod-des-gares-ahuntsic-et-chabanel-arrondissement-ahuntsic-cartierville-ville-de-montreal-latelier-urbain-et-huma-design-archite\/tod-vue-densemble-2\/","alt":"","author":"667","description":"Programme particulier d\u2019urbanisme (PPU) TOD des gares Ahuntsic et Chabanel \u2013 Arrondissement Ahuntsic-Cartierville (Ville de Montr\u00e9al) Ville de Montr\u00e9al, L\u2019Atelier Urbain et HUM\u00c0 Design + Architecture L'Atelier Urbain HUM\u00c0 Design+Architecture","caption":"","name":"tod-vue-densemble-2","status":"inherit","uploaded_to":62340,"date":"2021-03-16 00:29:25","modified":"2022-02-08 12:33:25","menu_order":0,"mime_type":"image\/jpeg","type":"image","subtype":"jpeg","icon":"https:\/\/int.design\/wp-includes\/images\/media\/default.png","width":2560,"height":1656,"sizes":{"thumbnail":"https:\/\/int.design\/wp-content\/uploads\/2021\/03\/6_TOD - Vue d'ensemble-150x150.jpg","thumbnail-width":150,"thumbnail-height":150,"medium":"https:\/\/int.design\/wp-content\/uploads\/2021\/03\/6_TOD - Vue d'ensemble-300x194.jpg","medium-width":300,"medium-height":194,"medium_large":"https:\/\/int.design\/wp-content\/uploads\/2021\/03\/6_TOD - Vue d'ensemble-768x497.jpg","medium_large-width":768,"medium_large-height":497,"large":"https:\/\/int.design\/wp-content\/uploads\/2021\/03\/6_TOD - Vue d'ensemble-1024x663.jpg","large-width":1024,"large-height":663,"1536x1536":"https:\/\/int.design\/wp-content\/uploads\/2021\/03\/6_TOD - Vue d'ensemble-1536x994.jpg","1536x1536-width":1536,"1536x1536-height":994,"2048x2048":"https:\/\/int.design\/wp-content\/uploads\/2021\/03\/6_TOD - Vue d'ensemble-2048x1325.jpg","2048x2048-width":2048,"2048x2048-height":1325,"article":"https:\/\/int.design\/wp-content\/uploads\/2021\/03\/6_TOD - Vue d'ensemble-960x540.jpg","article-width":960,"article-height":540,"banner":"https:\/\/int.design\/wp-content\/uploads\/2021\/03\/6_TOD - Vue d'ensemble-1920x1242.jpg","banner-width":1920,"banner-height":1242,"block":"https:\/\/int.design\/wp-content\/uploads\/2021\/03\/6_TOD - Vue d'ensemble-900x680.jpg","block-width":900,"block-height":680,"card":"https:\/\/int.design\/wp-content\/uploads\/2021\/03\/6_TOD - Vue d'ensemble-560x495.jpg","card-width":560,"card-height":495,"card-thumbnail":"https:\/\/int.design\/wp-content\/uploads\/2021\/03\/6_TOD - Vue d'ensemble-450x340.jpg","card-thumbnail-width":450,"card-thumbnail-height":340,"conference":"https:\/\/int.design\/wp-content\/uploads\/2021\/03\/6_TOD - Vue d'ensemble-560x250.jpg","conference-width":560,"conference-height":250,"contest":"https:\/\/int.design\/wp-content\/uploads\/2021\/03\/6_TOD - Vue d'ensemble-960x400.jpg","contest-width":960,"contest-height":400,"cta":"https:\/\/int.design\/wp-content\/uploads\/2021\/03\/6_TOD - Vue d'ensemble-415x170.jpg","cta-width":415,"cta-height":170,"exhibitor":"https:\/\/int.design\/wp-content\/uploads\/2021\/03\/6_TOD - Vue d'ensemble-560x560.jpg","exhibitor-width":560,"exhibitor-height":560,"gallery":"https:\/\/int.design\/wp-content\/uploads\/2021\/03\/6_TOD - Vue d'ensemble-560x362.jpg","gallery-width":560,"gallery-height":362,"logo":"https:\/\/int.design\/wp-content\/uploads\/2021\/03\/6_TOD - Vue d'ensemble-155x100.jpg","logo-width":155,"logo-height":100,"masonry":"https:\/\/int.design\/wp-content\/uploads\/2021\/03\/6_TOD - Vue d'ensemble-550x356.jpg","masonry-width":550,"masonry-height":356,"modal":"https:\/\/int.design\/wp-content\/uploads\/2021\/03\/6_TOD - Vue d'ensemble-1920x1242.jpg","modal-width":1920,"modal-height":1242,"number":"https:\/\/int.design\/wp-content\/uploads\/2021\/03\/6_TOD - Vue d'ensemble-560x362.jpg","number-width":560,"number-height":362,"partner":"https:\/\/int.design\/wp-content\/uploads\/2021\/03\/6_TOD - Vue d'ensemble-275x178.jpg","partner-width":275,"partner-height":178,"ranking":"https:\/\/int.design\/wp-content\/uploads\/2021\/03\/6_TOD - Vue d'ensemble-960x540.jpg","ranking-width":960,"ranking-height":540,"schedule":"https:\/\/int.design\/wp-content\/uploads\/2021\/03\/6_TOD - Vue d'ensemble-960x360.jpg","schedule-width":960,"schedule-height":360,"slideshow":"https:\/\/int.design\/wp-content\/uploads\/2021\/03\/6_TOD - Vue d'ensemble-1051x680.jpg","slideshow-width":1051,"slideshow-height":680}},"filters":false,"suppliers":false,"attachment_category":{"557":"Paysage - Commercial &amp; public"}}],"images":[{"categories":[517],"credit":"","image":{"ID":66842,"id":66842,"title":"TOD des gares - Avenue de L'Esplanade","filename":"6_TOD des gares - Avenue de L'Esplanade-scaled.jpg","filesize":0,"url":"https:\/\/int.design\/wp-content\/uploads\/2021\/03\/6_TOD des gares - Avenue de L'Esplanade-scaled.jpg","link":"https:\/\/int.design\/fr\/projets\/programme-particulier-durbanisme-ppu-tod-des-gares-ahuntsic-et-chabanel-arrondissement-ahuntsic-cartierville-ville-de-montreal-latelier-urbain-et-huma-design-archite\/tod-des-gares-avenue-de-lesplanade-2\/","alt":"","author":"667","description":"Programme particulier d\u2019urbanisme (PPU) TOD des gares Ahuntsic et Chabanel \u2013 Arrondissement Ahuntsic-Cartierville (Ville de Montr\u00e9al) Ville de Montr\u00e9al, L\u2019Atelier Urbain et HUM\u00c0 Design + Architecture L'Atelier Urbain HUM\u00c0 Design+Architecture","caption":"","name":"tod-des-gares-avenue-de-lesplanade-2","status":"inherit","uploaded_to":62340,"date":"2021-03-16 00:29:38","modified":"2022-02-08 12:33:25","menu_order":0,"mime_type":"image\/jpeg","type":"image","subtype":"jpeg","icon":"https:\/\/int.design\/wp-includes\/images\/media\/default.png","width":2560,"height":1656,"sizes":{"thumbnail":"https:\/\/int.design\/wp-content\/uploads\/2021\/03\/6_TOD des gares - Avenue de L'Esplanade-150x150.jpg","thumbnail-width":150,"thumbnail-height":150,"medium":"https:\/\/int.design\/wp-content\/uploads\/2021\/03\/6_TOD des gares - Avenue de L'Esplanade-300x194.jpg","medium-width":300,"medium-height":194,"medium_large":"https:\/\/int.design\/wp-content\/uploads\/2021\/03\/6_TOD des gares - Avenue de L'Esplanade-768x497.jpg","medium_large-width":768,"medium_large-height":497,"large":"https:\/\/int.design\/wp-content\/uploads\/2021\/03\/6_TOD des gares - Avenue de L'Esplanade-1024x663.jpg","large-width":1024,"large-height":663,"1536x1536":"https:\/\/int.design\/wp-content\/uploads\/2021\/03\/6_TOD des gares - Avenue de L'Esplanade-1536x994.jpg","1536x1536-width":1536,"1536x1536-height":994,"2048x2048":"https:\/\/int.design\/wp-content\/uploads\/2021\/03\/6_TOD des gares - Avenue de L'Esplanade-2048x1325.jpg","2048x2048-width":2048,"2048x2048-height":1325,"article":"https:\/\/int.design\/wp-content\/uploads\/2021\/03\/6_TOD des gares - Avenue de L'Esplanade-960x540.jpg","article-width":960,"article-height":540,"banner":"https:\/\/int.design\/wp-content\/uploads\/2021\/03\/6_TOD des gares - Avenue de L'Esplanade-1920x1242.jpg","banner-width":1920,"banner-height":1242,"block":"https:\/\/int.design\/wp-content\/uploads\/2021\/03\/6_TOD des gares - Avenue de L'Esplanade-900x680.jpg","block-width":900,"block-height":680,"card":"https:\/\/int.design\/wp-content\/uploads\/2021\/03\/6_TOD des gares - Avenue de L'Esplanade-560x495.jpg","card-width":560,"card-height":495,"card-thumbnail":"https:\/\/int.design\/wp-content\/uploads\/2021\/03\/6_TOD des gares - Avenue de L'Esplanade-450x340.jpg","card-thumbnail-width":450,"card-thumbnail-height":340,"conference":"https:\/\/int.design\/wp-content\/uploads\/2021\/03\/6_TOD des gares - Avenue de L'Esplanade-560x250.jpg","conference-width":560,"conference-height":250,"contest":"https:\/\/int.design\/wp-content\/uploads\/2021\/03\/6_TOD des gares - Avenue de L'Esplanade-960x400.jpg","contest-width":960,"contest-height":400,"cta":"https:\/\/int.design\/wp-content\/uploads\/2021\/03\/6_TOD des gares - Avenue de L'Esplanade-415x170.jpg","cta-width":415,"cta-height":170,"exhibitor":"https:\/\/int.design\/wp-content\/uploads\/2021\/03\/6_TOD des gares - Avenue de L'Esplanade-560x560.jpg","exhibitor-width":560,"exhibitor-height":560,"gallery":"https:\/\/int.design\/wp-content\/uploads\/2021\/03\/6_TOD des gares - Avenue de L'Esplanade-560x362.jpg","gallery-width":560,"gallery-height":362,"logo":"https:\/\/int.design\/wp-content\/uploads\/2021\/03\/6_TOD des gares - Avenue de L'Esplanade-155x100.jpg","logo-width":155,"logo-height":100,"masonry":"https:\/\/int.design\/wp-content\/uploads\/2021\/03\/6_TOD des gares - Avenue de L'Esplanade-550x356.jpg","masonry-width":550,"masonry-height":356,"modal":"https:\/\/int.design\/wp-content\/uploads\/2021\/03\/6_TOD des gares - Avenue de L'Esplanade-1920x1242.jpg","modal-width":1920,"modal-height":1242,"number":"https:\/\/int.design\/wp-content\/uploads\/2021\/03\/6_TOD des gares - Avenue de L'Esplanade-560x362.jpg","number-width":560,"number-height":362,"partner":"https:\/\/int.design\/wp-content\/uploads\/2021\/03\/6_TOD des gares - Avenue de L'Esplanade-275x178.jpg","partner-width":275,"partner-height":178,"ranking":"https:\/\/int.design\/wp-content\/uploads\/2021\/03\/6_TOD des gares - Avenue de L'Esplanade-960x540.jpg","ranking-width":960,"ranking-height":540,"schedule":"https:\/\/int.design\/wp-content\/uploads\/2021\/03\/6_TOD des gares - Avenue de L'Esplanade-960x360.jpg","schedule-width":960,"schedule-height":360,"slideshow":"https:\/\/int.design\/wp-content\/uploads\/2021\/03\/6_TOD des gares - Avenue de L'Esplanade-1051x680.jpg","slideshow-width":1051,"slideshow-height":680}},"filters":false,"suppliers":false,"attachment_category":[]},{"categories":[517],"credit":"","image":{"ID":66843,"id":66843,"title":"TOD des gares - District central","filename":"6_TOD des gares - District central-scaled.jpg","filesize":0,"url":"https:\/\/int.design\/wp-content\/uploads\/2021\/03\/6_TOD des gares - District central-scaled.jpg","link":"https:\/\/int.design\/fr\/projets\/programme-particulier-durbanisme-ppu-tod-des-gares-ahuntsic-et-chabanel-arrondissement-ahuntsic-cartierville-ville-de-montreal-latelier-urbain-et-huma-design-archite\/tod-des-gares-district-central-2\/","alt":"","author":"667","description":"Programme particulier d\u2019urbanisme (PPU) TOD des gares Ahuntsic et Chabanel \u2013 Arrondissement Ahuntsic-Cartierville (Ville de Montr\u00e9al) Ville de Montr\u00e9al, L\u2019Atelier Urbain et HUM\u00c0 Design + Architecture L'Atelier Urbain HUM\u00c0 Design+Architecture","caption":"","name":"tod-des-gares-district-central-2","status":"inherit","uploaded_to":62340,"date":"2021-03-16 00:29:52","modified":"2022-02-08 12:33:25","menu_order":0,"mime_type":"image\/jpeg","type":"image","subtype":"jpeg","icon":"https:\/\/int.design\/wp-includes\/images\/media\/default.png","width":2560,"height":1656,"sizes":{"thumbnail":"https:\/\/int.design\/wp-content\/uploads\/2021\/03\/6_TOD des gares - District central-150x150.jpg","thumbnail-width":150,"thumbnail-height":150,"medium":"https:\/\/int.design\/wp-content\/uploads\/2021\/03\/6_TOD des gares - District central-300x194.jpg","medium-width":300,"medium-height":194,"medium_large":"https:\/\/int.design\/wp-content\/uploads\/2021\/03\/6_TOD des gares - District central-768x497.jpg","medium_large-width":768,"medium_large-height":497,"large":"https:\/\/int.design\/wp-content\/uploads\/2021\/03\/6_TOD des gares - District central-1024x663.jpg","large-width":1024,"large-height":663,"1536x1536":"https:\/\/int.design\/wp-content\/uploads\/2021\/03\/6_TOD des gares - District central-1536x994.jpg","1536x1536-width":1536,"1536x1536-height":994,"2048x2048":"https:\/\/int.design\/wp-content\/uploads\/2021\/03\/6_TOD des gares - District central-2048x1325.jpg","2048x2048-width":2048,"2048x2048-height":1325,"article":"https:\/\/int.design\/wp-content\/uploads\/2021\/03\/6_TOD des gares - District central-960x540.jpg","article-width":960,"article-height":540,"banner":"https:\/\/int.design\/wp-content\/uploads\/2021\/03\/6_TOD des gares - District central-1920x1242.jpg","banner-width":1920,"banner-height":1242,"block":"https:\/\/int.design\/wp-content\/uploads\/2021\/03\/6_TOD des gares - District central-900x680.jpg","block-width":900,"block-height":680,"card":"https:\/\/int.design\/wp-content\/uploads\/2021\/03\/6_TOD des gares - District central-560x495.jpg","card-width":560,"card-height":495,"card-thumbnail":"https:\/\/int.design\/wp-content\/uploads\/2021\/03\/6_TOD des gares - District central-450x340.jpg","card-thumbnail-width":450,"card-thumbnail-height":340,"conference":"https:\/\/int.design\/wp-content\/uploads\/2021\/03\/6_TOD des gares - District central-560x250.jpg","conference-width":560,"conference-height":250,"contest":"https:\/\/int.design\/wp-content\/uploads\/2021\/03\/6_TOD des gares - District central-960x400.jpg","contest-width":960,"contest-height":400,"cta":"https:\/\/int.design\/wp-content\/uploads\/2021\/03\/6_TOD des gares - District central-415x170.jpg","cta-width":415,"cta-height":170,"exhibitor":"https:\/\/int.design\/wp-content\/uploads\/2021\/03\/6_TOD des gares - District central-560x560.jpg","exhibitor-width":560,"exhibitor-height":560,"gallery":"https:\/\/int.design\/wp-content\/uploads\/2021\/03\/6_TOD des gares - District central-560x362.jpg","gallery-width":560,"gallery-height":362,"logo":"https:\/\/int.design\/wp-content\/uploads\/2021\/03\/6_TOD des gares - District central-155x100.jpg","logo-width":155,"logo-height":100,"masonry":"https:\/\/int.design\/wp-content\/uploads\/2021\/03\/6_TOD des gares - District central-550x356.jpg","masonry-width":550,"masonry-height":356,"modal":"https:\/\/int.design\/wp-content\/uploads\/2021\/03\/6_TOD des gares - District central-1920x1242.jpg","modal-width":1920,"modal-height":1242,"number":"https:\/\/int.design\/wp-content\/uploads\/2021\/03\/6_TOD des gares - District central-560x362.jpg","number-width":560,"number-height":362,"partner":"https:\/\/int.design\/wp-content\/uploads\/2021\/03\/6_TOD des gares - District central-275x178.jpg","partner-width":275,"partner-height":178,"ranking":"https:\/\/int.design\/wp-content\/uploads\/2021\/03\/6_TOD des gares - District central-960x540.jpg","ranking-width":960,"ranking-height":540,"schedule":"https:\/\/int.design\/wp-content\/uploads\/2021\/03\/6_TOD des gares - District central-960x360.jpg","schedule-width":960,"schedule-height":360,"slideshow":"https:\/\/int.design\/wp-content\/uploads\/2021\/03\/6_TOD des gares - District central-1051x680.jpg","slideshow-width":1051,"slideshow-height":680}},"filters":false,"suppliers":false,"attachment_category":[]},{"categories":[517],"credit":"","image":{"ID":66844,"id":66844,"title":"TOD des gares - Secteur gares sud","filename":"6_TOD des gares - Secteur gares sud-scaled.jpg","filesize":0,"url":"https:\/\/int.design\/wp-content\/uploads\/2021\/03\/6_TOD des gares - Secteur gares sud-scaled.jpg","link":"https:\/\/int.design\/fr\/projets\/programme-particulier-durbanisme-ppu-tod-des-gares-ahuntsic-et-chabanel-arrondissement-ahuntsic-cartierville-ville-de-montreal-latelier-urbain-et-huma-design-archite\/tod-des-gares-secteur-gares-sud-2\/","alt":"","author":"667","description":"Programme particulier d\u2019urbanisme (PPU) TOD des gares Ahuntsic et Chabanel \u2013 Arrondissement Ahuntsic-Cartierville (Ville de Montr\u00e9al) Ville de Montr\u00e9al, L\u2019Atelier Urbain et HUM\u00c0 Design + Architecture L'Atelier Urbain HUM\u00c0 Design+Architecture","caption":"","name":"tod-des-gares-secteur-gares-sud-2","status":"inherit","uploaded_to":62340,"date":"2021-03-16 00:30:07","modified":"2022-02-08 12:33:25","menu_order":0,"mime_type":"image\/jpeg","type":"image","subtype":"jpeg","icon":"https:\/\/int.design\/wp-includes\/images\/media\/default.png","width":2560,"height":1656,"sizes":{"thumbnail":"https:\/\/int.design\/wp-content\/uploads\/2021\/03\/6_TOD des gares - Secteur gares sud-150x150.jpg","thumbnail-width":150,"thumbnail-height":150,"medium":"https:\/\/int.design\/wp-content\/uploads\/2021\/03\/6_TOD des gares - Secteur gares sud-300x194.jpg","medium-width":300,"medium-height":194,"medium_large":"https:\/\/int.design\/wp-content\/uploads\/2021\/03\/6_TOD des gares - Secteur gares sud-768x497.jpg","medium_large-width":768,"medium_large-height":497,"large":"https:\/\/int.design\/wp-content\/uploads\/2021\/03\/6_TOD des gares - Secteur gares sud-1024x663.jpg","large-width":1024,"large-height":663,"1536x1536":"https:\/\/int.design\/wp-content\/uploads\/2021\/03\/6_TOD des gares - Secteur gares sud-1536x994.jpg","1536x1536-width":1536,"1536x1536-height":994,"2048x2048":"https:\/\/int.design\/wp-content\/uploads\/2021\/03\/6_TOD des gares - Secteur gares sud-2048x1325.jpg","2048x2048-width":2048,"2048x2048-height":1325,"article":"https:\/\/int.design\/wp-content\/uploads\/2021\/03\/6_TOD des gares - Secteur gares sud-960x540.jpg","article-width":960,"article-height":540,"banner":"https:\/\/int.design\/wp-content\/uploads\/2021\/03\/6_TOD des gares - Secteur gares sud-1920x1242.jpg","banner-width":1920,"banner-height":1242,"block":"https:\/\/int.design\/wp-content\/uploads\/2021\/03\/6_TOD des gares - Secteur gares sud-900x680.jpg","block-width":900,"block-height":680,"card":"https:\/\/int.design\/wp-content\/uploads\/2021\/03\/6_TOD des gares - Secteur gares sud-560x495.jpg","card-width":560,"card-height":495,"card-thumbnail":"https:\/\/int.design\/wp-content\/uploads\/2021\/03\/6_TOD des gares - Secteur gares sud-450x340.jpg","card-thumbnail-width":450,"card-thumbnail-height":340,"conference":"https:\/\/int.design\/wp-content\/uploads\/2021\/03\/6_TOD des gares - Secteur gares sud-560x250.jpg","conference-width":560,"conference-height":250,"contest":"https:\/\/int.design\/wp-content\/uploads\/2021\/03\/6_TOD des gares - Secteur gares sud-960x400.jpg","contest-width":960,"contest-height":400,"cta":"https:\/\/int.design\/wp-content\/uploads\/2021\/03\/6_TOD des gares - Secteur gares sud-415x170.jpg","cta-width":415,"cta-height":170,"exhibitor":"https:\/\/int.design\/wp-content\/uploads\/2021\/03\/6_TOD des gares - Secteur gares sud-560x560.jpg","exhibitor-width":560,"exhibitor-height":560,"gallery":"https:\/\/int.design\/wp-content\/uploads\/2021\/03\/6_TOD des gares - Secteur gares sud-560x362.jpg","gallery-width":560,"gallery-height":362,"logo":"https:\/\/int.design\/wp-content\/uploads\/2021\/03\/6_TOD des gares - Secteur gares sud-155x100.jpg","logo-width":155,"logo-height":100,"masonry":"https:\/\/int.design\/wp-content\/uploads\/2021\/03\/6_TOD des gares - Secteur gares sud-550x356.jpg","masonry-width":550,"masonry-height":356,"modal":"https:\/\/int.design\/wp-content\/uploads\/2021\/03\/6_TOD des gares - Secteur gares sud-1920x1242.jpg","modal-width":1920,"modal-height":1242,"number":"https:\/\/int.design\/wp-content\/uploads\/2021\/03\/6_TOD des gares - Secteur gares sud-560x362.jpg","number-width":560,"number-height":362,"partner":"https:\/\/int.design\/wp-content\/uploads\/2021\/03\/6_TOD des gares - Secteur gares sud-275x178.jpg","partner-width":275,"partner-height":178,"ranking":"https:\/\/int.design\/wp-content\/uploads\/2021\/03\/6_TOD des gares - Secteur gares sud-960x540.jpg","ranking-width":960,"ranking-height":540,"schedule":"https:\/\/int.design\/wp-content\/uploads\/2021\/03\/6_TOD des gares - Secteur gares sud-960x360.jpg","schedule-width":960,"schedule-height":360,"slideshow":"https:\/\/int.design\/wp-content\/uploads\/2021\/03\/6_TOD des gares - Secteur gares sud-1051x680.jpg","slideshow-width":1051,"slideshow-height":680}},"filters":false,"suppliers":false,"attachment_category":[]},{"categories":[517],"credit":"","image":{"ID":66845,"id":66845,"title":"TOD des gares - Site1","filename":"6_TOD des gares - Site1-scaled.jpg","filesize":0,"url":"https:\/\/int.design\/wp-content\/uploads\/2021\/03\/6_TOD des gares - Site1-scaled.jpg","link":"https:\/\/int.design\/fr\/projets\/programme-particulier-durbanisme-ppu-tod-des-gares-ahuntsic-et-chabanel-arrondissement-ahuntsic-cartierville-ville-de-montreal-latelier-urbain-et-huma-design-archite\/tod-des-gares-site1-2\/","alt":"","author":"667","description":"Programme particulier d\u2019urbanisme (PPU) TOD des gares Ahuntsic et Chabanel \u2013 Arrondissement Ahuntsic-Cartierville (Ville de Montr\u00e9al) Ville de Montr\u00e9al, L\u2019Atelier Urbain et HUM\u00c0 Design + Architecture L'Atelier Urbain HUM\u00c0 Design+Architecture","caption":"","name":"tod-des-gares-site1-2","status":"inherit","uploaded_to":62340,"date":"2021-03-16 00:30:21","modified":"2022-02-08 12:33:25","menu_order":0,"mime_type":"image\/jpeg","type":"image","subtype":"jpeg","icon":"https:\/\/int.design\/wp-includes\/images\/media\/default.png","width":2560,"height":1656,"sizes":{"thumbnail":"https:\/\/int.design\/wp-content\/uploads\/2021\/03\/6_TOD des gares - Site1-150x150.jpg","thumbnail-width":150,"thumbnail-height":150,"medium":"https:\/\/int.design\/wp-content\/uploads\/2021\/03\/6_TOD des gares - Site1-300x194.jpg","medium-width":300,"medium-height":194,"medium_large":"https:\/\/int.design\/wp-content\/uploads\/2021\/03\/6_TOD des gares - Site1-768x497.jpg","medium_large-width":768,"medium_large-height":497,"large":"https:\/\/int.design\/wp-content\/uploads\/2021\/03\/6_TOD des gares - Site1-1024x663.jpg","large-width":1024,"large-height":663,"1536x1536":"https:\/\/int.design\/wp-content\/uploads\/2021\/03\/6_TOD des gares - Site1-1536x994.jpg","1536x1536-width":1536,"1536x1536-height":994,"2048x2048":"https:\/\/int.design\/wp-content\/uploads\/2021\/03\/6_TOD des gares - Site1-2048x1325.jpg","2048x2048-width":2048,"2048x2048-height":1325,"article":"https:\/\/int.design\/wp-content\/uploads\/2021\/03\/6_TOD des gares - Site1-960x540.jpg","article-width":960,"article-height":540,"banner":"https:\/\/int.design\/wp-content\/uploads\/2021\/03\/6_TOD des gares - Site1-1920x1242.jpg","banner-width":1920,"banner-height":1242,"block":"https:\/\/int.design\/wp-content\/uploads\/2021\/03\/6_TOD des gares - Site1-900x680.jpg","block-width":900,"block-height":680,"card":"https:\/\/int.design\/wp-content\/uploads\/2021\/03\/6_TOD des gares - Site1-560x495.jpg","card-width":560,"card-height":495,"card-thumbnail":"https:\/\/int.design\/wp-content\/uploads\/2021\/03\/6_TOD des gares - Site1-450x340.jpg","card-thumbnail-width":450,"card-thumbnail-height":340,"conference":"https:\/\/int.design\/wp-content\/uploads\/2021\/03\/6_TOD des gares - Site1-560x250.jpg","conference-width":560,"conference-height":250,"contest":"https:\/\/int.design\/wp-content\/uploads\/2021\/03\/6_TOD des gares - Site1-960x400.jpg","contest-width":960,"contest-height":400,"cta":"https:\/\/int.design\/wp-content\/uploads\/2021\/03\/6_TOD des gares - Site1-415x170.jpg","cta-width":415,"cta-height":170,"exhibitor":"https:\/\/int.design\/wp-content\/uploads\/2021\/03\/6_TOD des gares - Site1-560x560.jpg","exhibitor-width":560,"exhibitor-height":560,"gallery":"https:\/\/int.design\/wp-content\/uploads\/2021\/03\/6_TOD des gares - Site1-560x362.jpg","gallery-width":560,"gallery-height":362,"logo":"https:\/\/int.design\/wp-content\/uploads\/2021\/03\/6_TOD des gares - Site1-155x100.jpg","logo-width":155,"logo-height":100,"masonry":"https:\/\/int.design\/wp-content\/uploads\/2021\/03\/6_TOD des gares - Site1-550x356.jpg","masonry-width":550,"masonry-height":356,"modal":"https:\/\/int.design\/wp-content\/uploads\/2021\/03\/6_TOD des gares - Site1-1920x1242.jpg","modal-width":1920,"modal-height":1242,"number":"https:\/\/int.design\/wp-content\/uploads\/2021\/03\/6_TOD des gares - Site1-560x362.jpg","number-width":560,"number-height":362,"partner":"https:\/\/int.design\/wp-content\/uploads\/2021\/03\/6_TOD des gares - Site1-275x178.jpg","partner-width":275,"partner-height":178,"ranking":"https:\/\/int.design\/wp-content\/uploads\/2021\/03\/6_TOD des gares - Site1-960x540.jpg","ranking-width":960,"ranking-height":540,"schedule":"https:\/\/int.design\/wp-content\/uploads\/2021\/03\/6_TOD des gares - Site1-960x360.jpg","schedule-width":960,"schedule-height":360,"slideshow":"https:\/\/int.design\/wp-content\/uploads\/2021\/03\/6_TOD des gares - Site1-1051x680.jpg","slideshow-width":1051,"slideshow-height":680}},"filters":false,"suppliers":false,"attachment_category":[]}],"mandatory_documents":[{"name":"Programme particulier d'urbanisme - TOD des gares Ahuntsic et Chabanel","file":{"ID":66846,"id":66846,"title":"19144_TOD_PPU_VF_Jan2021","filename":"6_19144_TOD_PPU_VF_Jan2021.pdf","filesize":0,"url":"https:\/\/d2q6z78khxmx42.cloudfront.net\/2021\/03\/6_19144_TOD_PPU_VF_Jan2021.pdf","link":"https:\/\/int.design\/fr\/projets\/programme-particulier-durbanisme-ppu-tod-des-gares-ahuntsic-et-chabanel-arrondissement-ahuntsic-cartierville-ville-de-montreal-latelier-urbain-et-huma-design-archite\/19144_tod_ppu_vf_jan2021-2\/","alt":"","author":"667","description":"","caption":"","name":"19144_tod_ppu_vf_jan2021-2","status":"inherit","uploaded_to":62340,"date":"2021-03-16 00:33:38","modified":"2021-03-16 00:33:44","menu_order":0,"mime_type":"application\/pdf","type":"application","subtype":"pdf","icon":"https:\/\/int.design\/wp-includes\/images\/media\/document.png"}}],"optional_documents":[{"name":"Texte explicatif","file":{"ID":66847,"id":66847,"title":"TOD des gares_V1R1","filename":"6_TOD des gares_V1R1.pdf","filesize":0,"url":"https:\/\/d2q6z78khxmx42.cloudfront.net\/2021\/03\/6_TOD des gares_V1R1.pdf","link":"https:\/\/int.design\/fr\/projets\/programme-particulier-durbanisme-ppu-tod-des-gares-ahuntsic-et-chabanel-arrondissement-ahuntsic-cartierville-ville-de-montreal-latelier-urbain-et-huma-design-archite\/tod-des-gares_v1r1-2\/","alt":"","author":"667","description":"","caption":"","name":"tod-des-gares_v1r1-2","status":"inherit","uploaded_to":62340,"date":"2021-03-16 00:33:42","modified":"2021-03-16 00:33:44","menu_order":0,"mime_type":"application\/pdf","type":"application","subtype":"pdf","icon":"https:\/\/int.design\/wp-includes\/images\/media\/document.png"}}],"web_text":{"fr":"<p>Situ\u00e9 \u00e0 la jonction de deux lignes de trains de banlieue, le secteur de planification b\u00e9n\u00e9ficie d&#39;un positionnement central sur l&#39;\u00eele de Montr\u00e9al et dans la r\u00e9gion m\u00e9tropolitaine. Il tire avantage de la proximit\u00e9 d&#39;infrastructures et d&#39;\u00e9quipements de transport en commun lourds, notamment les deux gares ferroviaires, ainsi que plusieurs stations de m\u00e9tro, favorisant sa consolidation comme un v\u00e9ritable p\u00f4le urbain. L&#39;une de ces gares r\u00e9v\u00e8le une possibilit\u00e9 de connexion au r\u00e9seau \u00e9lectrique m\u00e9tropolitain (REM) qui s&#39;implante dans la r\u00e9gion m\u00e9tropolitaine de Montr\u00e9al. Il s&#39;agit donc d&#39;une opportunit\u00e9 d&#39;encadrer le territoire afin d&#39;assurer un d\u00e9veloppement coh\u00e9rent du quartier et de permettre la cr\u00e9ation de milieux de vie complets et durables pour la population locale. S&#39;appuyant sur une d\u00e9marche participative, ouverte, transparente et particuli\u00e8rement inclusive, la planification a permis de d\u00e9velopper une vision commune du d\u00e9veloppement et de l&#39;am\u00e9nagement de l&#39;aire TOD pour les 20 prochaines ann\u00e9es.<\/p>\n","en":"<p>Located at the junction of two commuter train lines, the planning area benefits from a central location on the island of Montr\u00e9al and in the metropolitan area. It takes advantage of the proximity of heavy public transit infrastructure and equipment, including the two train stations and several metro stations, favouring its consolidation as a true urban hub. One of these stations offers the possibility of a connection to the R\u00e9seau express m\u00e9tropolitain (REM), which is being implemented in the Montr\u00e9al metropolitan region. It is therefore an opportunity to frame the territory in order to ensure a coherent development of the district and to allow the creation of complete and sustainable living environments for the local population. Based on a participatory, open, transparent and particularly inclusive approach, the planning process has made it possible to develop a common vision of the development and planning of the TOD area for the next 20 years.<\/p>\n","original":""},"jury_text":[{"category":517,"fr":"<p>Situ\u00e9 \u00e0 la jonction de deux lignes de trains de banlieue, le secteur de planification b\u00e9n\u00e9ficie d&#39;un positionnement central sur l&#39;\u00eele de Montr\u00e9al et dans la r\u00e9gion m\u00e9tropolitaine. Il tire avantage de la proximit\u00e9 d&#39;infrastructures et d&#39;\u00e9quipements de transport en commun lourds, notamment les deux gares ferroviaires, ainsi que plusieurs stations de m\u00e9tro, favorisant sa consolidation comme un v\u00e9ritable p\u00f4le urbain. L&#39;une de ces gares r\u00e9v\u00e8le une possibilit\u00e9 de connexion au r\u00e9seau \u00e9lectrique m\u00e9tropolitain (REM) qui s&#39;implante dans la r\u00e9gion m\u00e9tropolitaine de Montr\u00e9al. Il s&#39;agit donc d&#39;une opportunit\u00e9 d&#39;encadrer le territoire afin d&#39;assurer un d\u00e9veloppement coh\u00e9rent du quartier et de permettre la cr\u00e9ation de milieux de vie complets et durables pour la population locale. S&#39;appuyant sur une d\u00e9marche participative, ouverte, transparente et particuli\u00e8rement inclusive, la planification a permis de d\u00e9velopper une vision commune du d\u00e9veloppement et de l&#39;am\u00e9nagement de l&#39;aire TOD pour les 20 prochaines ann\u00e9es.<\/p>\n","en":"<p>Located at the junction of two commuter train lines, the planning area benefits from a central location on the island of Montr\u00e9al and in the metropolitan area. It takes advantage of the proximity of heavy public transit infrastructure and equipment, including the two train stations and several metro stations, favouring its consolidation as a true urban hub. One of these stations offers the possibility of a connection to the R\u00e9seau express m\u00e9tropolitain (REM), which is being implemented in the Montr\u00e9al metropolitan region. It is therefore an opportunity to frame the territory in order to ensure a coherent development of the district and to allow the creation of complete and sustainable living environments for the local population. Based on a participatory, open, transparent and particularly inclusive approach, the planning process has made it possible to develop a common vision of the development and planning of the TOD area for the next 20 years.<\/p>\n","original":""}],"different_jury_text":false,"different_category_text":false},"laureats":[{"cat_id":517,"cat_id_laureat":1036,"laureat":"Laur\u00e9at Platine"}],"contest_id":"1180","contest_title":"GRANDS PRIX DU DESIGN - 14e \u00e9dition","firms":[{"name":"L'Atelier Urbain","website":"http:\/\/www.latelierurbain.com\/","category":"Urbaniste","category_tax":false,"category_label":null},{"name":"HUM\u00c0 Design+Architecture","website":"https:\/\/www.humadesign.com\/","category":"Architecte","category_tax":false,"category_label":null}],"user":{"email":"lucas@latelierurbain.com","first_name":"Lucas","last_name":"Valence"},"doc_texts_web":{"fr":"","en":""},"permalinks":{"fr":"https:\/\/int.design\/fr\/projets\/programme-particulier-durbanisme-ppu-tod-des-gares-ahuntsic-et-chabanel-arrondissement-ahuntsic-cartierville-ville-de-montreal-latelier-urbain-et-huma-design-archite\/","en":"https:\/\/int.design\/en\/projects\/programme-particulier-durbanisme-ppu-tod-des-gares-ahuntsic-et-chabanel-arrondissement-ahuntsic-cartierville-ville-de-montreal-latelier-urbain-et-huma-design-archite\/"},"titles":{"fr":"Programme particulier d\u2019urbanisme (PPU) TOD des gares Ahuntsic et Chabanel \u2013 Arrondissement Ahuntsic-Cartierville (Ville de Montr\u00e9al)","en":"Programme particulier d\u2019urbanisme (PPU) TOD des gares Ahuntsic et Chabanel \u2013 Arrondissement Ahuntsic-Cartierville (Ville de Montr\u00e9al)"},"wp_fields":[],"laravel_id":""},"_links":{"self":[{"href":"https:\/\/int.design\/fr\/wp-json\/wp\/v2\/project\/62340","targetHints":{"allow":["GET"]}}],"collection":[{"href":"https:\/\/int.design\/fr\/wp-json\/wp\/v2\/project"}],"about":[{"href":"https:\/\/int.design\/fr\/wp-json\/wp\/v2\/types\/project"}],"wp:attachment":[{"href":"https:\/\/int.design\/fr\/wp-json\/wp\/v2\/media?parent=62340"}],"curies":[{"name":"wp","href":"https:\/\/api.w.org\/{rel}","templated":true}]}}