{"id":62218,"date":"2021-07-14T19:42:14","date_gmt":"2021-07-14T23:42:14","guid":{"rendered":"https:\/\/int.design\/?post_type=project&#038;p=62218"},"modified":"2021-07-16T13:47:44","modified_gmt":"2021-07-16T17:47:44","slug":"laval-private-residence","status":"publish","type":"project","link":"https:\/\/int.design\/fr\/projets\/laval-private-residence\/","title":{"rendered":"Laval Private Residence"},"content":{"rendered":"","protected":false},"template":"","class_list":["post-62218","project","type-project","status-publish","hentry","project_category-design-dinterieur","project_category-residence","project_category-espace-residentiel-de-plus-de-5-400-pi2-plus-de-500-m2"],"acf":[],"yoast_head":"<!-- This site is optimized with the Yoast SEO plugin v21.5 - https:\/\/yoast.com\/wordpress\/plugins\/seo\/ -->\n<title>Laval Private Residence - INT Design<\/title>\n<meta name=\"robots\" content=\"index, follow, max-snippet:-1, max-image-preview:large, max-video-preview:-1\" \/>\n<link rel=\"canonical\" href=\"https:\/\/int.design\/fr\/projets\/laval-private-residence\/\" \/>\n<meta property=\"og:locale\" content=\"fr_FR\" \/>\n<meta property=\"og:type\" content=\"article\" \/>\n<meta property=\"og:title\" content=\"Laval Private Residence - INT Design\" \/>\n<meta property=\"og:url\" content=\"https:\/\/int.design\/fr\/projets\/laval-private-residence\/\" \/>\n<meta property=\"og:site_name\" content=\"INT Design\" \/>\n<meta property=\"article:modified_time\" content=\"2021-07-16T17:47:44+00:00\" \/>\n<meta name=\"twitter:card\" content=\"summary_large_image\" \/>\n<script type=\"application\/ld+json\" class=\"yoast-schema-graph\">{\"@context\":\"https:\/\/schema.org\",\"@graph\":[{\"@type\":\"WebPage\",\"@id\":\"https:\/\/int.design\/fr\/projets\/laval-private-residence\/\",\"url\":\"https:\/\/int.design\/fr\/projets\/laval-private-residence\/\",\"name\":\"Laval Private Residence - INT Design\",\"isPartOf\":{\"@id\":\"https:\/\/int.design\/fr\/#website\"},\"datePublished\":\"2021-07-14T23:42:14+00:00\",\"dateModified\":\"2021-07-16T17:47:44+00:00\",\"breadcrumb\":{\"@id\":\"https:\/\/int.design\/fr\/projets\/laval-private-residence\/#breadcrumb\"},\"inLanguage\":\"fr-FR\",\"potentialAction\":[{\"@type\":\"ReadAction\",\"target\":[\"https:\/\/int.design\/fr\/projets\/laval-private-residence\/\"]}]},{\"@type\":\"BreadcrumbList\",\"@id\":\"https:\/\/int.design\/fr\/projets\/laval-private-residence\/#breadcrumb\",\"itemListElement\":[{\"@type\":\"ListItem\",\"position\":1,\"name\":\"Home\",\"item\":\"https:\/\/int.design\/fr\/\"},{\"@type\":\"ListItem\",\"position\":2,\"name\":\"Projects\",\"item\":\"https:\/\/int.design\/en\/projects\/\"},{\"@type\":\"ListItem\",\"position\":3,\"name\":\"Laval Private Residence\"}]},{\"@type\":\"WebSite\",\"@id\":\"https:\/\/int.design\/fr\/#website\",\"url\":\"https:\/\/int.design\/fr\/\",\"name\":\"INT Design\",\"description\":\"\",\"potentialAction\":[{\"@type\":\"SearchAction\",\"target\":{\"@type\":\"EntryPoint\",\"urlTemplate\":\"https:\/\/int.design\/fr\/?s={search_term_string}\"},\"query-input\":\"required name=search_term_string\"}],\"inLanguage\":\"fr-FR\"}]}<\/script>\n<!-- \/ Yoast SEO plugin. -->","yoast_head_json":{"title":"Laval Private Residence - INT Design","robots":{"index":"index","follow":"follow","max-snippet":"max-snippet:-1","max-image-preview":"max-image-preview:large","max-video-preview":"max-video-preview:-1"},"canonical":"https:\/\/int.design\/fr\/projets\/laval-private-residence\/","og_locale":"fr_FR","og_type":"article","og_title":"Laval Private Residence - INT Design","og_url":"https:\/\/int.design\/fr\/projets\/laval-private-residence\/","og_site_name":"INT Design","article_modified_time":"2021-07-16T17:47:44+00:00","twitter_card":"summary_large_image","schema":{"@context":"https:\/\/schema.org","@graph":[{"@type":"WebPage","@id":"https:\/\/int.design\/fr\/projets\/laval-private-residence\/","url":"https:\/\/int.design\/fr\/projets\/laval-private-residence\/","name":"Laval Private Residence - INT Design","isPartOf":{"@id":"https:\/\/int.design\/fr\/#website"},"datePublished":"2021-07-14T23:42:14+00:00","dateModified":"2021-07-16T17:47:44+00:00","breadcrumb":{"@id":"https:\/\/int.design\/fr\/projets\/laval-private-residence\/#breadcrumb"},"inLanguage":"fr-FR","potentialAction":[{"@type":"ReadAction","target":["https:\/\/int.design\/fr\/projets\/laval-private-residence\/"]}]},{"@type":"BreadcrumbList","@id":"https:\/\/int.design\/fr\/projets\/laval-private-residence\/#breadcrumb","itemListElement":[{"@type":"ListItem","position":1,"name":"Home","item":"https:\/\/int.design\/fr\/"},{"@type":"ListItem","position":2,"name":"Projects","item":"https:\/\/int.design\/en\/projects\/"},{"@type":"ListItem","position":3,"name":"Laval Private Residence"}]},{"@type":"WebSite","@id":"https:\/\/int.design\/fr\/#website","url":"https:\/\/int.design\/fr\/","name":"INT Design","description":"","potentialAction":[{"@type":"SearchAction","target":{"@type":"EntryPoint","urlTemplate":"https:\/\/int.design\/fr\/?s={search_term_string}"},"query-input":"required name=search_term_string"}],"inLanguage":"fr-FR"}]}},"entry":{"cats":{"disciplines":[{"id":123,"name":"Design d\u2019int\u00e9rieur"}],"big_cats":[{"id":129,"name":"R\u00e9sidence"}],"sub_cats":[{"id":190,"name":"Espace r\u00e9sidentiel &gt; 5 400 pi2 (&gt; 500 m2)","parent":129}]},"entry":{"":null,"status":"completed","winner_title":"Lemay+Escobar Architecture D.P.C.","winner_prize_lang":"","title_translatable":false,"title_en":"","title_fr":"","releve_award":false,"releve_award_cv":false,"collaboration":false,"collaboration_firms":false,"other_firms":[{"name":"Lemay + Escobar Architecture D.P.C.","website":"www.lemayescobar.com","category":"Architect","category_tax":false}],"owner":{"name":"Andres Escobar ","confidential":false,"website":"https:\/\/lemayescobar.com\/","contact_name":"","email":"aescobar@lemayescobar.com","phone":""},"address":{"address":"362, 5th Avenue Suite 801","city":"New York","region":"Laval","province":"NY","country":"US","postal_code":"10001"},"logos":false,"use_logo":false,"designers":[{"name":"Andres Escobar ","credit":"n\/a","image":{"ID":62403,"id":62403,"title":"Andres-Escobar","filename":"Andres-Escobar.jpg","filesize":0,"url":"https:\/\/d2q6z78khxmx42.cloudfront.net\/2021\/02\/Andres-Escobar.jpg","link":"https:\/\/int.design\/fr\/projets\/laval-private-residence\/andres-escobar\/","alt":"","author":"158","description":"","caption":"","name":"andres-escobar","status":"inherit","uploaded_to":62218,"date":"2021-02-19 20:41:17","modified":"2021-02-19 20:44:49","menu_order":0,"mime_type":"image\/jpeg","type":"image","subtype":"jpeg","icon":"https:\/\/int.design\/wp-includes\/images\/media\/default.png","width":1020,"height":685,"sizes":{"thumbnail":"https:\/\/d2q6z78khxmx42.cloudfront.net\/2021\/02\/Andres-Escobar-150x150.jpg","thumbnail-width":150,"thumbnail-height":150,"medium":"https:\/\/d2q6z78khxmx42.cloudfront.net\/2021\/02\/Andres-Escobar-300x201.jpg","medium-width":300,"medium-height":201,"medium_large":"https:\/\/d2q6z78khxmx42.cloudfront.net\/2021\/02\/Andres-Escobar-768x516.jpg","medium_large-width":768,"medium_large-height":516,"large":"https:\/\/d2q6z78khxmx42.cloudfront.net\/2021\/02\/Andres-Escobar.jpg","large-width":1020,"large-height":685,"1536x1536":"https:\/\/d2q6z78khxmx42.cloudfront.net\/2021\/02\/Andres-Escobar.jpg","1536x1536-width":1020,"1536x1536-height":685,"2048x2048":"https:\/\/d2q6z78khxmx42.cloudfront.net\/2021\/02\/Andres-Escobar.jpg","2048x2048-width":1020,"2048x2048-height":685,"article":"https:\/\/d2q6z78khxmx42.cloudfront.net\/2021\/02\/Andres-Escobar-960x540.jpg","article-width":960,"article-height":540,"banner":"https:\/\/d2q6z78khxmx42.cloudfront.net\/2021\/02\/Andres-Escobar.jpg","banner-width":1020,"banner-height":685,"block":"https:\/\/d2q6z78khxmx42.cloudfront.net\/2021\/02\/Andres-Escobar-900x680.jpg","block-width":900,"block-height":680,"card":"https:\/\/d2q6z78khxmx42.cloudfront.net\/2021\/02\/Andres-Escobar-560x495.jpg","card-width":560,"card-height":495,"card-thumbnail":"https:\/\/d2q6z78khxmx42.cloudfront.net\/2021\/02\/Andres-Escobar-450x340.jpg","card-thumbnail-width":450,"card-thumbnail-height":340,"conference":"https:\/\/d2q6z78khxmx42.cloudfront.net\/2021\/02\/Andres-Escobar-560x250.jpg","conference-width":560,"conference-height":250,"contest":"https:\/\/d2q6z78khxmx42.cloudfront.net\/2021\/02\/Andres-Escobar-960x400.jpg","contest-width":960,"contest-height":400,"cta":"https:\/\/d2q6z78khxmx42.cloudfront.net\/2021\/02\/Andres-Escobar-415x170.jpg","cta-width":415,"cta-height":170,"exhibitor":"https:\/\/d2q6z78khxmx42.cloudfront.net\/2021\/02\/Andres-Escobar-560x560.jpg","exhibitor-width":560,"exhibitor-height":560,"gallery":"https:\/\/d2q6z78khxmx42.cloudfront.net\/2021\/02\/Andres-Escobar-560x376.jpg","gallery-width":560,"gallery-height":376,"logo":"https:\/\/d2q6z78khxmx42.cloudfront.net\/2021\/02\/Andres-Escobar-149x100.jpg","logo-width":149,"logo-height":100,"masonry":"https:\/\/d2q6z78khxmx42.cloudfront.net\/2021\/02\/Andres-Escobar-550x369.jpg","masonry-width":550,"masonry-height":369,"modal":"https:\/\/d2q6z78khxmx42.cloudfront.net\/2021\/02\/Andres-Escobar.jpg","modal-width":1020,"modal-height":685,"number":"https:\/\/d2q6z78khxmx42.cloudfront.net\/2021\/02\/M5XCQQhz-Andres-Escobar-560x376.jpg","number-width":560,"number-height":376,"partner":"https:\/\/d2q6z78khxmx42.cloudfront.net\/2021\/02\/Andres-Escobar-275x185.jpg","partner-width":275,"partner-height":185,"ranking":"https:\/\/d2q6z78khxmx42.cloudfront.net\/2021\/02\/M5XCQQhz-Andres-Escobar-960x540.jpg","ranking-width":960,"ranking-height":540,"schedule":"https:\/\/d2q6z78khxmx42.cloudfront.net\/2021\/02\/Andres-Escobar-960x360.jpg","schedule-width":960,"schedule-height":360,"slideshow":"https:\/\/d2q6z78khxmx42.cloudfront.net\/2021\/02\/Andres-Escobar-1013x680.jpg","slideshow-width":1013,"slideshow-height":680}},"file":{"ID":62404,"id":62404,"title":"CV_Escobar_Andres Escobar_LemayEscobar 20200910","filename":"CV_Escobar_Andres Escobar_LemayEscobar 20200910.pdf","filesize":0,"url":"https:\/\/d2q6z78khxmx42.cloudfront.net\/2021\/02\/CV_Escobar_Andres Escobar_LemayEscobar 20200910.pdf","link":"https:\/\/int.design\/fr\/projets\/laval-private-residence\/cv_escobar_andres-escobar_lemayescobar-20200910\/","alt":"","author":"158","description":"","caption":"","name":"cv_escobar_andres-escobar_lemayescobar-20200910","status":"inherit","uploaded_to":62218,"date":"2021-02-19 20:41:21","modified":"2021-02-19 20:44:49","menu_order":0,"mime_type":"application\/pdf","type":"application","subtype":"pdf","icon":"https:\/\/int.design\/wp-includes\/images\/media\/document.png"}}],"cover":[{"categories":[190],"credit":"Claude-Simon Langlois","image":{"ID":62405,"id":62405,"title":"wine cellar gallery","filename":"wine cellar gallery-scaled.jpg","filesize":0,"url":"https:\/\/int.design\/wp-content\/uploads\/2021\/02\/wine cellar gallery-scaled.jpg","link":"https:\/\/int.design\/fr\/projets\/laval-private-residence\/wine-cellar-gallery\/","alt":"","author":"158","description":"Laval Private Residence Lemay+Escobar Architecture D.P.C. Lemay + Escobar Architecture D.P.C.","caption":"","name":"wine-cellar-gallery","status":"inherit","uploaded_to":62218,"date":"2021-02-19 20:41:23","modified":"2022-02-08 12:09:20","menu_order":0,"mime_type":"image\/jpeg","type":"image","subtype":"jpeg","icon":"https:\/\/int.design\/wp-includes\/images\/media\/default.png","width":1849,"height":2560,"sizes":{"thumbnail":"https:\/\/int.design\/wp-content\/uploads\/2021\/02\/wine cellar gallery-150x150.jpg","thumbnail-width":150,"thumbnail-height":150,"medium":"https:\/\/int.design\/wp-content\/uploads\/2021\/02\/wine cellar gallery-217x300.jpg","medium-width":217,"medium-height":300,"medium_large":"https:\/\/int.design\/wp-content\/uploads\/2021\/02\/wine cellar gallery-768x1063.jpg","medium_large-width":768,"medium_large-height":1063,"large":"https:\/\/int.design\/wp-content\/uploads\/2021\/02\/wine cellar gallery-740x1024.jpg","large-width":740,"large-height":1024,"1536x1536":"https:\/\/int.design\/wp-content\/uploads\/2021\/02\/wine cellar gallery-1109x1536.jpg","1536x1536-width":1109,"1536x1536-height":1536,"2048x2048":"https:\/\/int.design\/wp-content\/uploads\/2021\/02\/wine cellar gallery-1479x2048.jpg","2048x2048-width":1479,"2048x2048-height":2048,"article":"https:\/\/int.design\/wp-content\/uploads\/2021\/02\/wine cellar gallery-960x540.jpg","article-width":960,"article-height":540,"banner":"https:\/\/int.design\/wp-content\/uploads\/2021\/02\/wine cellar gallery-1920x2659.jpg","banner-width":1920,"banner-height":2659,"block":"https:\/\/int.design\/wp-content\/uploads\/2021\/02\/wine cellar gallery-900x680.jpg","block-width":900,"block-height":680,"card":"https:\/\/int.design\/wp-content\/uploads\/2021\/02\/wine cellar gallery-560x495.jpg","card-width":560,"card-height":495,"card-thumbnail":"https:\/\/int.design\/wp-content\/uploads\/2021\/02\/wine cellar gallery-450x340.jpg","card-thumbnail-width":450,"card-thumbnail-height":340,"conference":"https:\/\/int.design\/wp-content\/uploads\/2021\/02\/wine cellar gallery-560x250.jpg","conference-width":560,"conference-height":250,"contest":"https:\/\/int.design\/wp-content\/uploads\/2021\/02\/wine cellar gallery-960x400.jpg","contest-width":960,"contest-height":400,"cta":"https:\/\/int.design\/wp-content\/uploads\/2021\/02\/wine cellar gallery-415x170.jpg","cta-width":415,"cta-height":170,"exhibitor":"https:\/\/int.design\/wp-content\/uploads\/2021\/02\/wine cellar gallery-560x560.jpg","exhibitor-width":560,"exhibitor-height":560,"gallery":"https:\/\/int.design\/wp-content\/uploads\/2021\/02\/wine cellar gallery-311x430.jpg","gallery-width":311,"gallery-height":430,"logo":"https:\/\/int.design\/wp-content\/uploads\/2021\/02\/wine cellar gallery-72x100.jpg","logo-width":72,"logo-height":100,"masonry":"https:\/\/int.design\/wp-content\/uploads\/2021\/02\/wine cellar gallery-550x762.jpg","masonry-width":550,"masonry-height":762,"modal":"https:\/\/int.design\/wp-content\/uploads\/2021\/02\/wine cellar gallery-1387x1920.jpg","modal-width":1387,"modal-height":1920,"number":"https:\/\/int.design\/wp-content\/uploads\/2021\/02\/wine cellar gallery-311x430.jpg","number-width":311,"number-height":430,"partner":"https:\/\/int.design\/wp-content\/uploads\/2021\/02\/wine cellar gallery-152x210.jpg","partner-width":152,"partner-height":210,"ranking":"https:\/\/int.design\/wp-content\/uploads\/2021\/02\/wine cellar gallery-960x540.jpg","ranking-width":960,"ranking-height":540,"schedule":"https:\/\/int.design\/wp-content\/uploads\/2021\/02\/wine cellar gallery-960x360.jpg","schedule-width":960,"schedule-height":360,"slideshow":"https:\/\/int.design\/wp-content\/uploads\/2021\/02\/wine cellar gallery-491x680.jpg","slideshow-width":491,"slideshow-height":680}},"filters":[1005,113,112],"suppliers":false,"attachment_category":{"112":"Entr\u00e9e - corridor - escalier","2676":"Habitation (tous)","1005":"R\u00e9sidence","113":"Salle \u00e0 manger"}}],"images":[{"categories":[190],"credit":"Claude-Simon Langlois","image":{"ID":62406,"id":62406,"title":"main entrance","filename":"main entrance-scaled.jpg","filesize":0,"url":"https:\/\/int.design\/wp-content\/uploads\/2021\/02\/main entrance-scaled.jpg","link":"https:\/\/int.design\/fr\/projets\/laval-private-residence\/main-entrance\/","alt":"","author":"158","description":"Laval Private Residence Lemay+Escobar Architecture D.P.C. Lemay + Escobar Architecture D.P.C.","caption":"","name":"main-entrance","status":"inherit","uploaded_to":62218,"date":"2021-02-19 20:41:36","modified":"2022-02-08 12:09:20","menu_order":0,"mime_type":"image\/jpeg","type":"image","subtype":"jpeg","icon":"https:\/\/int.design\/wp-includes\/images\/media\/default.png","width":1738,"height":2560,"sizes":{"thumbnail":"https:\/\/int.design\/wp-content\/uploads\/2021\/02\/main entrance-150x150.jpg","thumbnail-width":150,"thumbnail-height":150,"medium":"https:\/\/int.design\/wp-content\/uploads\/2021\/02\/main entrance-204x300.jpg","medium-width":204,"medium-height":300,"medium_large":"https:\/\/int.design\/wp-content\/uploads\/2021\/02\/main entrance-768x1131.jpg","medium_large-width":768,"medium_large-height":1131,"large":"https:\/\/int.design\/wp-content\/uploads\/2021\/02\/main entrance-695x1024.jpg","large-width":695,"large-height":1024,"1536x1536":"https:\/\/int.design\/wp-content\/uploads\/2021\/02\/main entrance-1043x1536.jpg","1536x1536-width":1043,"1536x1536-height":1536,"2048x2048":"https:\/\/int.design\/wp-content\/uploads\/2021\/02\/main entrance-1391x2048.jpg","2048x2048-width":1391,"2048x2048-height":2048,"article":"https:\/\/int.design\/wp-content\/uploads\/2021\/02\/main entrance-960x540.jpg","article-width":960,"article-height":540,"banner":"https:\/\/int.design\/wp-content\/uploads\/2021\/02\/main entrance-1920x2828.jpg","banner-width":1920,"banner-height":2828,"block":"https:\/\/int.design\/wp-content\/uploads\/2021\/02\/main entrance-900x680.jpg","block-width":900,"block-height":680,"card":"https:\/\/int.design\/wp-content\/uploads\/2021\/02\/main entrance-560x495.jpg","card-width":560,"card-height":495,"card-thumbnail":"https:\/\/int.design\/wp-content\/uploads\/2021\/02\/main entrance-450x340.jpg","card-thumbnail-width":450,"card-thumbnail-height":340,"conference":"https:\/\/int.design\/wp-content\/uploads\/2021\/02\/main entrance-560x250.jpg","conference-width":560,"conference-height":250,"contest":"https:\/\/int.design\/wp-content\/uploads\/2021\/02\/main entrance-960x400.jpg","contest-width":960,"contest-height":400,"cta":"https:\/\/int.design\/wp-content\/uploads\/2021\/02\/main entrance-415x170.jpg","cta-width":415,"cta-height":170,"exhibitor":"https:\/\/int.design\/wp-content\/uploads\/2021\/02\/main entrance-560x560.jpg","exhibitor-width":560,"exhibitor-height":560,"gallery":"https:\/\/int.design\/wp-content\/uploads\/2021\/02\/main entrance-292x430.jpg","gallery-width":292,"gallery-height":430,"logo":"https:\/\/int.design\/wp-content\/uploads\/2021\/02\/main entrance-68x100.jpg","logo-width":68,"logo-height":100,"masonry":"https:\/\/int.design\/wp-content\/uploads\/2021\/02\/main entrance-550x810.jpg","masonry-width":550,"masonry-height":810,"modal":"https:\/\/int.design\/wp-content\/uploads\/2021\/02\/main entrance-1304x1920.jpg","modal-width":1304,"modal-height":1920,"number":"https:\/\/int.design\/wp-content\/uploads\/2021\/02\/main entrance-292x430.jpg","number-width":292,"number-height":430,"partner":"https:\/\/int.design\/wp-content\/uploads\/2021\/02\/main entrance-143x210.jpg","partner-width":143,"partner-height":210,"ranking":"https:\/\/int.design\/wp-content\/uploads\/2021\/02\/main entrance-960x540.jpg","ranking-width":960,"ranking-height":540,"schedule":"https:\/\/int.design\/wp-content\/uploads\/2021\/02\/main entrance-960x360.jpg","schedule-width":960,"schedule-height":360,"slideshow":"https:\/\/int.design\/wp-content\/uploads\/2021\/02\/main entrance-462x680.jpg","slideshow-width":462,"slideshow-height":680}},"filters":[1005,112],"suppliers":false,"attachment_category":[]},{"categories":[190],"credit":"Claude-Simon Langlois","image":{"ID":62407,"id":62407,"title":"living","filename":"living-scaled.jpg","filesize":0,"url":"https:\/\/int.design\/wp-content\/uploads\/2021\/02\/living-scaled.jpg","link":"https:\/\/int.design\/fr\/projets\/laval-private-residence\/living\/","alt":"","author":"158","description":"Laval Private Residence Lemay+Escobar Architecture D.P.C. Lemay + Escobar Architecture D.P.C.","caption":"","name":"living","status":"inherit","uploaded_to":62218,"date":"2021-02-19 20:42:01","modified":"2022-02-08 12:09:20","menu_order":0,"mime_type":"image\/jpeg","type":"image","subtype":"jpeg","icon":"https:\/\/int.design\/wp-includes\/images\/media\/default.png","width":1660,"height":2560,"sizes":{"thumbnail":"https:\/\/int.design\/wp-content\/uploads\/2021\/02\/living-150x150.jpg","thumbnail-width":150,"thumbnail-height":150,"medium":"https:\/\/int.design\/wp-content\/uploads\/2021\/02\/living-195x300.jpg","medium-width":195,"medium-height":300,"medium_large":"https:\/\/int.design\/wp-content\/uploads\/2021\/02\/living-768x1184.jpg","medium_large-width":768,"medium_large-height":1184,"large":"https:\/\/int.design\/wp-content\/uploads\/2021\/02\/living-664x1024.jpg","large-width":664,"large-height":1024,"1536x1536":"https:\/\/int.design\/wp-content\/uploads\/2021\/02\/living-996x1536.jpg","1536x1536-width":996,"1536x1536-height":1536,"2048x2048":"https:\/\/int.design\/wp-content\/uploads\/2021\/02\/living-1328x2048.jpg","2048x2048-width":1328,"2048x2048-height":2048,"article":"https:\/\/int.design\/wp-content\/uploads\/2021\/02\/living-960x540.jpg","article-width":960,"article-height":540,"banner":"https:\/\/int.design\/wp-content\/uploads\/2021\/02\/living-1920x2961.jpg","banner-width":1920,"banner-height":2961,"block":"https:\/\/int.design\/wp-content\/uploads\/2021\/02\/living-900x680.jpg","block-width":900,"block-height":680,"card":"https:\/\/int.design\/wp-content\/uploads\/2021\/02\/living-560x495.jpg","card-width":560,"card-height":495,"card-thumbnail":"https:\/\/int.design\/wp-content\/uploads\/2021\/02\/living-450x340.jpg","card-thumbnail-width":450,"card-thumbnail-height":340,"conference":"https:\/\/int.design\/wp-content\/uploads\/2021\/02\/living-560x250.jpg","conference-width":560,"conference-height":250,"contest":"https:\/\/int.design\/wp-content\/uploads\/2021\/02\/living-960x400.jpg","contest-width":960,"contest-height":400,"cta":"https:\/\/int.design\/wp-content\/uploads\/2021\/02\/living-415x170.jpg","cta-width":415,"cta-height":170,"exhibitor":"https:\/\/int.design\/wp-content\/uploads\/2021\/02\/living-560x560.jpg","exhibitor-width":560,"exhibitor-height":560,"gallery":"https:\/\/int.design\/wp-content\/uploads\/2021\/02\/living-279x430.jpg","gallery-width":279,"gallery-height":430,"logo":"https:\/\/int.design\/wp-content\/uploads\/2021\/02\/living-65x100.jpg","logo-width":65,"logo-height":100,"masonry":"https:\/\/int.design\/wp-content\/uploads\/2021\/02\/living-550x848.jpg","masonry-width":550,"masonry-height":848,"modal":"https:\/\/int.design\/wp-content\/uploads\/2021\/02\/living-1245x1920.jpg","modal-width":1245,"modal-height":1920,"number":"https:\/\/int.design\/wp-content\/uploads\/2021\/02\/living-279x430.jpg","number-width":279,"number-height":430,"partner":"https:\/\/int.design\/wp-content\/uploads\/2021\/02\/living-136x210.jpg","partner-width":136,"partner-height":210,"ranking":"https:\/\/int.design\/wp-content\/uploads\/2021\/02\/living-960x540.jpg","ranking-width":960,"ranking-height":540,"schedule":"https:\/\/int.design\/wp-content\/uploads\/2021\/02\/living-960x360.jpg","schedule-width":960,"schedule-height":360,"slideshow":"https:\/\/int.design\/wp-content\/uploads\/2021\/02\/living-441x680.jpg","slideshow-width":441,"slideshow-height":680}},"filters":[1005,113,112],"suppliers":false,"attachment_category":[]},{"categories":[190],"credit":"Claude-Simon Langlois","image":{"ID":62408,"id":62408,"title":"kitchen","filename":"kitchen-scaled.jpg","filesize":0,"url":"https:\/\/int.design\/wp-content\/uploads\/2021\/02\/kitchen-scaled.jpg","link":"https:\/\/int.design\/fr\/projets\/laval-private-residence\/kitchen\/","alt":"","author":"158","description":"Laval Private Residence Lemay+Escobar Architecture D.P.C. Lemay + Escobar Architecture D.P.C.","caption":"","name":"kitchen","status":"inherit","uploaded_to":62218,"date":"2021-02-19 20:42:19","modified":"2022-02-08 12:09:20","menu_order":0,"mime_type":"image\/jpeg","type":"image","subtype":"jpeg","icon":"https:\/\/int.design\/wp-includes\/images\/media\/default.png","width":2560,"height":1731,"sizes":{"thumbnail":"https:\/\/int.design\/wp-content\/uploads\/2021\/02\/kitchen-150x150.jpg","thumbnail-width":150,"thumbnail-height":150,"medium":"https:\/\/int.design\/wp-content\/uploads\/2021\/02\/kitchen-300x203.jpg","medium-width":300,"medium-height":203,"medium_large":"https:\/\/int.design\/wp-content\/uploads\/2021\/02\/kitchen-768x519.jpg","medium_large-width":768,"medium_large-height":519,"large":"https:\/\/int.design\/wp-content\/uploads\/2021\/02\/kitchen-1024x692.jpg","large-width":1024,"large-height":692,"1536x1536":"https:\/\/int.design\/wp-content\/uploads\/2021\/02\/kitchen-1536x1038.jpg","1536x1536-width":1536,"1536x1536-height":1038,"2048x2048":"https:\/\/int.design\/wp-content\/uploads\/2021\/02\/kitchen-2048x1385.jpg","2048x2048-width":2048,"2048x2048-height":1385,"article":"https:\/\/int.design\/wp-content\/uploads\/2021\/02\/kitchen-960x540.jpg","article-width":960,"article-height":540,"banner":"https:\/\/int.design\/wp-content\/uploads\/2021\/02\/kitchen-1920x1298.jpg","banner-width":1920,"banner-height":1298,"block":"https:\/\/int.design\/wp-content\/uploads\/2021\/02\/kitchen-900x680.jpg","block-width":900,"block-height":680,"card":"https:\/\/int.design\/wp-content\/uploads\/2021\/02\/kitchen-560x495.jpg","card-width":560,"card-height":495,"card-thumbnail":"https:\/\/int.design\/wp-content\/uploads\/2021\/02\/kitchen-450x340.jpg","card-thumbnail-width":450,"card-thumbnail-height":340,"conference":"https:\/\/int.design\/wp-content\/uploads\/2021\/02\/kitchen-560x250.jpg","conference-width":560,"conference-height":250,"contest":"https:\/\/int.design\/wp-content\/uploads\/2021\/02\/kitchen-960x400.jpg","contest-width":960,"contest-height":400,"cta":"https:\/\/int.design\/wp-content\/uploads\/2021\/02\/kitchen-415x170.jpg","cta-width":415,"cta-height":170,"exhibitor":"https:\/\/int.design\/wp-content\/uploads\/2021\/02\/kitchen-560x560.jpg","exhibitor-width":560,"exhibitor-height":560,"gallery":"https:\/\/int.design\/wp-content\/uploads\/2021\/02\/kitchen-560x379.jpg","gallery-width":560,"gallery-height":379,"logo":"https:\/\/int.design\/wp-content\/uploads\/2021\/02\/kitchen-148x100.jpg","logo-width":148,"logo-height":100,"masonry":"https:\/\/int.design\/wp-content\/uploads\/2021\/02\/kitchen-550x372.jpg","masonry-width":550,"masonry-height":372,"modal":"https:\/\/int.design\/wp-content\/uploads\/2021\/02\/kitchen-1920x1298.jpg","modal-width":1920,"modal-height":1298,"number":"https:\/\/int.design\/wp-content\/uploads\/2021\/02\/kitchen-560x379.jpg","number-width":560,"number-height":379,"partner":"https:\/\/int.design\/wp-content\/uploads\/2021\/02\/kitchen-275x186.jpg","partner-width":275,"partner-height":186,"ranking":"https:\/\/int.design\/wp-content\/uploads\/2021\/02\/kitchen-960x540.jpg","ranking-width":960,"ranking-height":540,"schedule":"https:\/\/int.design\/wp-content\/uploads\/2021\/02\/kitchen-960x360.jpg","schedule-width":960,"schedule-height":360,"slideshow":"https:\/\/int.design\/wp-content\/uploads\/2021\/02\/kitchen-1006x680.jpg","slideshow-width":1006,"slideshow-height":680}},"filters":[1005,23],"suppliers":false,"attachment_category":[]},{"categories":[190],"credit":"Claude-Simon Langlois","image":{"ID":62409,"id":62409,"title":"dining room","filename":"dining room-scaled.jpg","filesize":0,"url":"https:\/\/int.design\/wp-content\/uploads\/2021\/02\/dining room-scaled.jpg","link":"https:\/\/int.design\/fr\/projets\/laval-private-residence\/dining-room\/","alt":"","author":"158","description":"Laval Private Residence Lemay+Escobar Architecture D.P.C. Lemay + Escobar Architecture D.P.C.","caption":"","name":"dining-room","status":"inherit","uploaded_to":62218,"date":"2021-02-19 20:42:42","modified":"2022-02-08 12:09:20","menu_order":0,"mime_type":"image\/jpeg","type":"image","subtype":"jpeg","icon":"https:\/\/int.design\/wp-includes\/images\/media\/default.png","width":1924,"height":2560,"sizes":{"thumbnail":"https:\/\/int.design\/wp-content\/uploads\/2021\/02\/dining room-150x150.jpg","thumbnail-width":150,"thumbnail-height":150,"medium":"https:\/\/int.design\/wp-content\/uploads\/2021\/02\/dining room-225x300.jpg","medium-width":225,"medium-height":300,"medium_large":"https:\/\/int.design\/wp-content\/uploads\/2021\/02\/dining room-768x1022.jpg","medium_large-width":768,"medium_large-height":1022,"large":"https:\/\/int.design\/wp-content\/uploads\/2021\/02\/dining room-770x1024.jpg","large-width":770,"large-height":1024,"1536x1536":"https:\/\/int.design\/wp-content\/uploads\/2021\/02\/dining room-1154x1536.jpg","1536x1536-width":1154,"1536x1536-height":1536,"2048x2048":"https:\/\/int.design\/wp-content\/uploads\/2021\/02\/dining room-1539x2048.jpg","2048x2048-width":1539,"2048x2048-height":2048,"article":"https:\/\/int.design\/wp-content\/uploads\/2021\/02\/dining room-960x540.jpg","article-width":960,"article-height":540,"banner":"https:\/\/int.design\/wp-content\/uploads\/2021\/02\/dining room-1920x2555.jpg","banner-width":1920,"banner-height":2555,"block":"https:\/\/int.design\/wp-content\/uploads\/2021\/02\/dining room-900x680.jpg","block-width":900,"block-height":680,"card":"https:\/\/int.design\/wp-content\/uploads\/2021\/02\/dining room-560x495.jpg","card-width":560,"card-height":495,"card-thumbnail":"https:\/\/int.design\/wp-content\/uploads\/2021\/02\/dining room-450x340.jpg","card-thumbnail-width":450,"card-thumbnail-height":340,"conference":"https:\/\/int.design\/wp-content\/uploads\/2021\/02\/dining room-560x250.jpg","conference-width":560,"conference-height":250,"contest":"https:\/\/int.design\/wp-content\/uploads\/2021\/02\/dining room-960x400.jpg","contest-width":960,"contest-height":400,"cta":"https:\/\/int.design\/wp-content\/uploads\/2021\/02\/dining room-415x170.jpg","cta-width":415,"cta-height":170,"exhibitor":"https:\/\/int.design\/wp-content\/uploads\/2021\/02\/dining room-560x560.jpg","exhibitor-width":560,"exhibitor-height":560,"gallery":"https:\/\/int.design\/wp-content\/uploads\/2021\/02\/dining room-323x430.jpg","gallery-width":323,"gallery-height":430,"logo":"https:\/\/int.design\/wp-content\/uploads\/2021\/02\/dining room-75x100.jpg","logo-width":75,"logo-height":100,"masonry":"https:\/\/int.design\/wp-content\/uploads\/2021\/02\/dining room-550x732.jpg","masonry-width":550,"masonry-height":732,"modal":"https:\/\/int.design\/wp-content\/uploads\/2021\/02\/dining room-1443x1920.jpg","modal-width":1443,"modal-height":1920,"number":"https:\/\/int.design\/wp-content\/uploads\/2021\/02\/dining room-323x430.jpg","number-width":323,"number-height":430,"partner":"https:\/\/int.design\/wp-content\/uploads\/2021\/02\/dining room-158x210.jpg","partner-width":158,"partner-height":210,"ranking":"https:\/\/int.design\/wp-content\/uploads\/2021\/02\/dining room-960x540.jpg","ranking-width":960,"ranking-height":540,"schedule":"https:\/\/int.design\/wp-content\/uploads\/2021\/02\/dining room-960x360.jpg","schedule-width":960,"schedule-height":360,"slideshow":"https:\/\/int.design\/wp-content\/uploads\/2021\/02\/dining room-511x680.jpg","slideshow-width":511,"slideshow-height":680}},"filters":[1005,113],"suppliers":false,"attachment_category":[]},{"categories":[190],"credit":"Claude-Simon Langlois","image":{"ID":62410,"id":62410,"title":"master bedroom","filename":"master bedroom-scaled.jpg","filesize":0,"url":"https:\/\/int.design\/wp-content\/uploads\/2021\/02\/master bedroom-scaled.jpg","link":"https:\/\/int.design\/fr\/projets\/laval-private-residence\/master-bedroom\/","alt":"","author":"158","description":"Laval Private Residence Lemay+Escobar Architecture D.P.C. Lemay + Escobar Architecture D.P.C.","caption":"","name":"master-bedroom","status":"inherit","uploaded_to":62218,"date":"2021-02-19 20:43:03","modified":"2022-02-08 12:09:20","menu_order":0,"mime_type":"image\/jpeg","type":"image","subtype":"jpeg","icon":"https:\/\/int.design\/wp-includes\/images\/media\/default.png","width":2560,"height":1707,"sizes":{"thumbnail":"https:\/\/int.design\/wp-content\/uploads\/2021\/02\/master bedroom-150x150.jpg","thumbnail-width":150,"thumbnail-height":150,"medium":"https:\/\/int.design\/wp-content\/uploads\/2021\/02\/master bedroom-300x200.jpg","medium-width":300,"medium-height":200,"medium_large":"https:\/\/int.design\/wp-content\/uploads\/2021\/02\/master bedroom-768x512.jpg","medium_large-width":768,"medium_large-height":512,"large":"https:\/\/int.design\/wp-content\/uploads\/2021\/02\/master bedroom-1024x683.jpg","large-width":1024,"large-height":683,"1536x1536":"https:\/\/int.design\/wp-content\/uploads\/2021\/02\/master bedroom-1536x1024.jpg","1536x1536-width":1536,"1536x1536-height":1024,"2048x2048":"https:\/\/int.design\/wp-content\/uploads\/2021\/02\/master bedroom-2048x1365.jpg","2048x2048-width":2048,"2048x2048-height":1365,"article":"https:\/\/int.design\/wp-content\/uploads\/2021\/02\/master bedroom-960x540.jpg","article-width":960,"article-height":540,"banner":"https:\/\/int.design\/wp-content\/uploads\/2021\/02\/master bedroom-1920x1280.jpg","banner-width":1920,"banner-height":1280,"block":"https:\/\/int.design\/wp-content\/uploads\/2021\/02\/master bedroom-900x680.jpg","block-width":900,"block-height":680,"card":"https:\/\/int.design\/wp-content\/uploads\/2021\/02\/master bedroom-560x495.jpg","card-width":560,"card-height":495,"card-thumbnail":"https:\/\/int.design\/wp-content\/uploads\/2021\/02\/master bedroom-450x340.jpg","card-thumbnail-width":450,"card-thumbnail-height":340,"conference":"https:\/\/int.design\/wp-content\/uploads\/2021\/02\/master bedroom-560x250.jpg","conference-width":560,"conference-height":250,"contest":"https:\/\/int.design\/wp-content\/uploads\/2021\/02\/master bedroom-960x400.jpg","contest-width":960,"contest-height":400,"cta":"https:\/\/int.design\/wp-content\/uploads\/2021\/02\/master bedroom-415x170.jpg","cta-width":415,"cta-height":170,"exhibitor":"https:\/\/int.design\/wp-content\/uploads\/2021\/02\/master bedroom-560x560.jpg","exhibitor-width":560,"exhibitor-height":560,"gallery":"https:\/\/int.design\/wp-content\/uploads\/2021\/02\/master bedroom-560x373.jpg","gallery-width":560,"gallery-height":373,"logo":"https:\/\/int.design\/wp-content\/uploads\/2021\/02\/master bedroom-150x100.jpg","logo-width":150,"logo-height":100,"masonry":"https:\/\/int.design\/wp-content\/uploads\/2021\/02\/master bedroom-550x367.jpg","masonry-width":550,"masonry-height":367,"modal":"https:\/\/int.design\/wp-content\/uploads\/2021\/02\/master bedroom-1920x1280.jpg","modal-width":1920,"modal-height":1280,"number":"https:\/\/int.design\/wp-content\/uploads\/2021\/02\/master bedroom-560x373.jpg","number-width":560,"number-height":373,"partner":"https:\/\/int.design\/wp-content\/uploads\/2021\/02\/master bedroom-275x183.jpg","partner-width":275,"partner-height":183,"ranking":"https:\/\/int.design\/wp-content\/uploads\/2021\/02\/master bedroom-960x540.jpg","ranking-width":960,"ranking-height":540,"schedule":"https:\/\/int.design\/wp-content\/uploads\/2021\/02\/master bedroom-960x360.jpg","schedule-width":960,"schedule-height":360,"slideshow":"https:\/\/int.design\/wp-content\/uploads\/2021\/02\/master bedroom-1020x680.jpg","slideshow-width":1020,"slideshow-height":680}},"filters":[1005,111],"suppliers":false,"attachment_category":[]},{"categories":[190],"credit":"Claude-Simon Langlois","image":{"ID":62411,"id":62411,"title":"master bathroom","filename":"master bathroom-scaled.jpg","filesize":0,"url":"https:\/\/int.design\/wp-content\/uploads\/2021\/02\/master bathroom-scaled.jpg","link":"https:\/\/int.design\/fr\/projets\/laval-private-residence\/master-bathroom\/","alt":"","author":"158","description":"Laval Private Residence Lemay+Escobar Architecture D.P.C. Lemay + Escobar Architecture D.P.C.","caption":"","name":"master-bathroom","status":"inherit","uploaded_to":62218,"date":"2021-02-19 20:43:16","modified":"2022-02-08 12:09:20","menu_order":0,"mime_type":"image\/jpeg","type":"image","subtype":"jpeg","icon":"https:\/\/int.design\/wp-includes\/images\/media\/default.png","width":2560,"height":2137,"sizes":{"thumbnail":"https:\/\/int.design\/wp-content\/uploads\/2021\/02\/master bathroom-150x150.jpg","thumbnail-width":150,"thumbnail-height":150,"medium":"https:\/\/int.design\/wp-content\/uploads\/2021\/02\/master bathroom-300x250.jpg","medium-width":300,"medium-height":250,"medium_large":"https:\/\/int.design\/wp-content\/uploads\/2021\/02\/master bathroom-768x641.jpg","medium_large-width":768,"medium_large-height":641,"large":"https:\/\/int.design\/wp-content\/uploads\/2021\/02\/master bathroom-1024x855.jpg","large-width":1024,"large-height":855,"1536x1536":"https:\/\/int.design\/wp-content\/uploads\/2021\/02\/master bathroom-1536x1282.jpg","1536x1536-width":1536,"1536x1536-height":1282,"2048x2048":"https:\/\/int.design\/wp-content\/uploads\/2021\/02\/master bathroom-2048x1710.jpg","2048x2048-width":2048,"2048x2048-height":1710,"article":"https:\/\/int.design\/wp-content\/uploads\/2021\/02\/master bathroom-960x540.jpg","article-width":960,"article-height":540,"banner":"https:\/\/int.design\/wp-content\/uploads\/2021\/02\/master bathroom-1920x1603.jpg","banner-width":1920,"banner-height":1603,"block":"https:\/\/int.design\/wp-content\/uploads\/2021\/02\/master bathroom-900x680.jpg","block-width":900,"block-height":680,"card":"https:\/\/int.design\/wp-content\/uploads\/2021\/02\/master bathroom-560x495.jpg","card-width":560,"card-height":495,"card-thumbnail":"https:\/\/int.design\/wp-content\/uploads\/2021\/02\/master bathroom-450x340.jpg","card-thumbnail-width":450,"card-thumbnail-height":340,"conference":"https:\/\/int.design\/wp-content\/uploads\/2021\/02\/master bathroom-560x250.jpg","conference-width":560,"conference-height":250,"contest":"https:\/\/int.design\/wp-content\/uploads\/2021\/02\/master bathroom-960x400.jpg","contest-width":960,"contest-height":400,"cta":"https:\/\/int.design\/wp-content\/uploads\/2021\/02\/master bathroom-415x170.jpg","cta-width":415,"cta-height":170,"exhibitor":"https:\/\/int.design\/wp-content\/uploads\/2021\/02\/master bathroom-560x560.jpg","exhibitor-width":560,"exhibitor-height":560,"gallery":"https:\/\/int.design\/wp-content\/uploads\/2021\/02\/master bathroom-515x430.jpg","gallery-width":515,"gallery-height":430,"logo":"https:\/\/int.design\/wp-content\/uploads\/2021\/02\/master bathroom-120x100.jpg","logo-width":120,"logo-height":100,"masonry":"https:\/\/int.design\/wp-content\/uploads\/2021\/02\/master bathroom-550x459.jpg","masonry-width":550,"masonry-height":459,"modal":"https:\/\/int.design\/wp-content\/uploads\/2021\/02\/master bathroom-1920x1603.jpg","modal-width":1920,"modal-height":1603,"number":"https:\/\/int.design\/wp-content\/uploads\/2021\/02\/master bathroom-515x430.jpg","number-width":515,"number-height":430,"partner":"https:\/\/int.design\/wp-content\/uploads\/2021\/02\/master bathroom-252x210.jpg","partner-width":252,"partner-height":210,"ranking":"https:\/\/int.design\/wp-content\/uploads\/2021\/02\/master bathroom-960x540.jpg","ranking-width":960,"ranking-height":540,"schedule":"https:\/\/int.design\/wp-content\/uploads\/2021\/02\/master bathroom-960x360.jpg","schedule-width":960,"schedule-height":360,"slideshow":"https:\/\/int.design\/wp-content\/uploads\/2021\/02\/master bathroom-814x680.jpg","slideshow-width":814,"slideshow-height":680}},"filters":[1005,114],"suppliers":false,"attachment_category":[]},{"categories":[190],"credit":"Claude-Simon Langlois","image":{"ID":62412,"id":62412,"title":"stairs","filename":"stairs-scaled.jpg","filesize":0,"url":"https:\/\/int.design\/wp-content\/uploads\/2021\/02\/stairs-scaled.jpg","link":"https:\/\/int.design\/fr\/projets\/laval-private-residence\/stairs\/","alt":"","author":"158","description":"Laval Private Residence Lemay+Escobar Architecture D.P.C. Lemay + Escobar Architecture D.P.C.","caption":"","name":"stairs","status":"inherit","uploaded_to":62218,"date":"2021-02-19 20:43:36","modified":"2022-02-08 12:09:20","menu_order":0,"mime_type":"image\/jpeg","type":"image","subtype":"jpeg","icon":"https:\/\/int.design\/wp-includes\/images\/media\/default.png","width":2070,"height":2560,"sizes":{"thumbnail":"https:\/\/int.design\/wp-content\/uploads\/2021\/02\/stairs-150x150.jpg","thumbnail-width":150,"thumbnail-height":150,"medium":"https:\/\/int.design\/wp-content\/uploads\/2021\/02\/stairs-243x300.jpg","medium-width":243,"medium-height":300,"medium_large":"https:\/\/int.design\/wp-content\/uploads\/2021\/02\/stairs-768x950.jpg","medium_large-width":768,"medium_large-height":950,"large":"https:\/\/int.design\/wp-content\/uploads\/2021\/02\/stairs-828x1024.jpg","large-width":828,"large-height":1024,"1536x1536":"https:\/\/int.design\/wp-content\/uploads\/2021\/02\/stairs-1242x1536.jpg","1536x1536-width":1242,"1536x1536-height":1536,"2048x2048":"https:\/\/int.design\/wp-content\/uploads\/2021\/02\/stairs-1656x2048.jpg","2048x2048-width":1656,"2048x2048-height":2048,"article":"https:\/\/int.design\/wp-content\/uploads\/2021\/02\/stairs-960x540.jpg","article-width":960,"article-height":540,"banner":"https:\/\/int.design\/wp-content\/uploads\/2021\/02\/stairs-1920x2375.jpg","banner-width":1920,"banner-height":2375,"block":"https:\/\/int.design\/wp-content\/uploads\/2021\/02\/stairs-900x680.jpg","block-width":900,"block-height":680,"card":"https:\/\/int.design\/wp-content\/uploads\/2021\/02\/stairs-560x495.jpg","card-width":560,"card-height":495,"card-thumbnail":"https:\/\/int.design\/wp-content\/uploads\/2021\/02\/stairs-450x340.jpg","card-thumbnail-width":450,"card-thumbnail-height":340,"conference":"https:\/\/int.design\/wp-content\/uploads\/2021\/02\/stairs-560x250.jpg","conference-width":560,"conference-height":250,"contest":"https:\/\/int.design\/wp-content\/uploads\/2021\/02\/stairs-960x400.jpg","contest-width":960,"contest-height":400,"cta":"https:\/\/int.design\/wp-content\/uploads\/2021\/02\/stairs-415x170.jpg","cta-width":415,"cta-height":170,"exhibitor":"https:\/\/int.design\/wp-content\/uploads\/2021\/02\/stairs-560x560.jpg","exhibitor-width":560,"exhibitor-height":560,"gallery":"https:\/\/int.design\/wp-content\/uploads\/2021\/02\/stairs-348x430.jpg","gallery-width":348,"gallery-height":430,"logo":"https:\/\/int.design\/wp-content\/uploads\/2021\/02\/stairs-81x100.jpg","logo-width":81,"logo-height":100,"masonry":"https:\/\/int.design\/wp-content\/uploads\/2021\/02\/stairs-550x680.jpg","masonry-width":550,"masonry-height":680,"modal":"https:\/\/int.design\/wp-content\/uploads\/2021\/02\/stairs-1552x1920.jpg","modal-width":1552,"modal-height":1920,"number":"https:\/\/int.design\/wp-content\/uploads\/2021\/02\/stairs-348x430.jpg","number-width":348,"number-height":430,"partner":"https:\/\/int.design\/wp-content\/uploads\/2021\/02\/stairs-170x210.jpg","partner-width":170,"partner-height":210,"ranking":"https:\/\/int.design\/wp-content\/uploads\/2021\/02\/stairs-960x540.jpg","ranking-width":960,"ranking-height":540,"schedule":"https:\/\/int.design\/wp-content\/uploads\/2021\/02\/stairs-960x360.jpg","schedule-width":960,"schedule-height":360,"slideshow":"https:\/\/int.design\/wp-content\/uploads\/2021\/02\/stairs-550x680.jpg","slideshow-width":550,"slideshow-height":680}},"filters":[1005,112],"suppliers":false,"attachment_category":[]},{"categories":[190],"credit":"Claude-Simon Langlois","image":{"ID":62413,"id":62413,"title":"office","filename":"6_office-scaled.jpg","filesize":0,"url":"https:\/\/int.design\/wp-content\/uploads\/2021\/02\/6_office-scaled.jpg","link":"https:\/\/int.design\/fr\/projets\/laval-private-residence\/office-2\/","alt":"","author":"158","description":"Laval Private Residence Lemay+Escobar Architecture D.P.C. Lemay + Escobar Architecture D.P.C.","caption":"","name":"office-2","status":"inherit","uploaded_to":62218,"date":"2021-02-19 20:43:51","modified":"2022-02-08 12:09:20","menu_order":0,"mime_type":"image\/jpeg","type":"image","subtype":"jpeg","icon":"https:\/\/int.design\/wp-includes\/images\/media\/default.png","width":2546,"height":2560,"sizes":{"thumbnail":"https:\/\/int.design\/wp-content\/uploads\/2021\/02\/6_office-150x150.jpg","thumbnail-width":150,"thumbnail-height":150,"medium":"https:\/\/int.design\/wp-content\/uploads\/2021\/02\/6_office-298x300.jpg","medium-width":298,"medium-height":300,"medium_large":"https:\/\/int.design\/wp-content\/uploads\/2021\/02\/6_office-768x772.jpg","medium_large-width":768,"medium_large-height":772,"large":"https:\/\/int.design\/wp-content\/uploads\/2021\/02\/6_office-1018x1024.jpg","large-width":1018,"large-height":1024,"1536x1536":"https:\/\/int.design\/wp-content\/uploads\/2021\/02\/6_office-1527x1536.jpg","1536x1536-width":1527,"1536x1536-height":1536,"2048x2048":"https:\/\/int.design\/wp-content\/uploads\/2021\/02\/6_office-2037x2048.jpg","2048x2048-width":2037,"2048x2048-height":2048,"article":"https:\/\/int.design\/wp-content\/uploads\/2021\/02\/6_office-960x540.jpg","article-width":960,"article-height":540,"banner":"https:\/\/int.design\/wp-content\/uploads\/2021\/02\/6_office-1920x1931.jpg","banner-width":1920,"banner-height":1931,"block":"https:\/\/int.design\/wp-content\/uploads\/2021\/02\/6_office-900x680.jpg","block-width":900,"block-height":680,"card":"https:\/\/int.design\/wp-content\/uploads\/2021\/02\/6_office-560x495.jpg","card-width":560,"card-height":495,"card-thumbnail":"https:\/\/int.design\/wp-content\/uploads\/2021\/02\/6_office-450x340.jpg","card-thumbnail-width":450,"card-thumbnail-height":340,"conference":"https:\/\/int.design\/wp-content\/uploads\/2021\/02\/6_office-560x250.jpg","conference-width":560,"conference-height":250,"contest":"https:\/\/int.design\/wp-content\/uploads\/2021\/02\/6_office-960x400.jpg","contest-width":960,"contest-height":400,"cta":"https:\/\/int.design\/wp-content\/uploads\/2021\/02\/6_office-415x170.jpg","cta-width":415,"cta-height":170,"exhibitor":"https:\/\/int.design\/wp-content\/uploads\/2021\/02\/6_office-560x560.jpg","exhibitor-width":560,"exhibitor-height":560,"gallery":"https:\/\/int.design\/wp-content\/uploads\/2021\/02\/6_office-428x430.jpg","gallery-width":428,"gallery-height":430,"logo":"https:\/\/int.design\/wp-content\/uploads\/2021\/02\/6_office-99x100.jpg","logo-width":99,"logo-height":100,"masonry":"https:\/\/int.design\/wp-content\/uploads\/2021\/02\/6_office-550x553.jpg","masonry-width":550,"masonry-height":553,"modal":"https:\/\/int.design\/wp-content\/uploads\/2021\/02\/6_office-1909x1920.jpg","modal-width":1909,"modal-height":1920,"number":"https:\/\/int.design\/wp-content\/uploads\/2021\/02\/6_office-428x430.jpg","number-width":428,"number-height":430,"partner":"https:\/\/int.design\/wp-content\/uploads\/2021\/02\/6_office-209x210.jpg","partner-width":209,"partner-height":210,"ranking":"https:\/\/int.design\/wp-content\/uploads\/2021\/02\/6_office-960x540.jpg","ranking-width":960,"ranking-height":540,"schedule":"https:\/\/int.design\/wp-content\/uploads\/2021\/02\/6_office-960x360.jpg","schedule-width":960,"schedule-height":360,"slideshow":"https:\/\/int.design\/wp-content\/uploads\/2021\/02\/6_office-676x680.jpg","slideshow-width":676,"slideshow-height":680}},"filters":[1005,30],"suppliers":false,"attachment_category":[]},{"categories":[190],"credit":"Claude-Simon Langlois","image":{"ID":62414,"id":62414,"title":"walk through","filename":"walk through-scaled.jpg","filesize":0,"url":"https:\/\/int.design\/wp-content\/uploads\/2021\/02\/walk through-scaled.jpg","link":"https:\/\/int.design\/fr\/projets\/laval-private-residence\/walk-through\/","alt":"","author":"158","description":"Laval Private Residence Lemay+Escobar Architecture D.P.C. Lemay + Escobar Architecture D.P.C.","caption":"","name":"walk-through","status":"inherit","uploaded_to":62218,"date":"2021-02-19 20:44:10","modified":"2022-02-08 12:09:20","menu_order":0,"mime_type":"image\/jpeg","type":"image","subtype":"jpeg","icon":"https:\/\/int.design\/wp-includes\/images\/media\/default.png","width":2560,"height":1682,"sizes":{"thumbnail":"https:\/\/int.design\/wp-content\/uploads\/2021\/02\/walk through-150x150.jpg","thumbnail-width":150,"thumbnail-height":150,"medium":"https:\/\/int.design\/wp-content\/uploads\/2021\/02\/walk through-300x197.jpg","medium-width":300,"medium-height":197,"medium_large":"https:\/\/int.design\/wp-content\/uploads\/2021\/02\/walk through-768x505.jpg","medium_large-width":768,"medium_large-height":505,"large":"https:\/\/int.design\/wp-content\/uploads\/2021\/02\/walk through-1024x673.jpg","large-width":1024,"large-height":673,"1536x1536":"https:\/\/int.design\/wp-content\/uploads\/2021\/02\/walk through-1536x1009.jpg","1536x1536-width":1536,"1536x1536-height":1009,"2048x2048":"https:\/\/int.design\/wp-content\/uploads\/2021\/02\/walk through-2048x1345.jpg","2048x2048-width":2048,"2048x2048-height":1345,"article":"https:\/\/int.design\/wp-content\/uploads\/2021\/02\/walk through-960x540.jpg","article-width":960,"article-height":540,"banner":"https:\/\/int.design\/wp-content\/uploads\/2021\/02\/walk through-1920x1261.jpg","banner-width":1920,"banner-height":1261,"block":"https:\/\/int.design\/wp-content\/uploads\/2021\/02\/walk through-900x680.jpg","block-width":900,"block-height":680,"card":"https:\/\/int.design\/wp-content\/uploads\/2021\/02\/walk through-560x495.jpg","card-width":560,"card-height":495,"card-thumbnail":"https:\/\/int.design\/wp-content\/uploads\/2021\/02\/walk through-450x340.jpg","card-thumbnail-width":450,"card-thumbnail-height":340,"conference":"https:\/\/int.design\/wp-content\/uploads\/2021\/02\/walk through-560x250.jpg","conference-width":560,"conference-height":250,"contest":"https:\/\/int.design\/wp-content\/uploads\/2021\/02\/walk through-960x400.jpg","contest-width":960,"contest-height":400,"cta":"https:\/\/int.design\/wp-content\/uploads\/2021\/02\/walk through-415x170.jpg","cta-width":415,"cta-height":170,"exhibitor":"https:\/\/int.design\/wp-content\/uploads\/2021\/02\/walk through-560x560.jpg","exhibitor-width":560,"exhibitor-height":560,"gallery":"https:\/\/int.design\/wp-content\/uploads\/2021\/02\/walk through-560x368.jpg","gallery-width":560,"gallery-height":368,"logo":"https:\/\/int.design\/wp-content\/uploads\/2021\/02\/walk through-152x100.jpg","logo-width":152,"logo-height":100,"masonry":"https:\/\/int.design\/wp-content\/uploads\/2021\/02\/walk through-550x361.jpg","masonry-width":550,"masonry-height":361,"modal":"https:\/\/int.design\/wp-content\/uploads\/2021\/02\/walk through-1920x1261.jpg","modal-width":1920,"modal-height":1261,"number":"https:\/\/int.design\/wp-content\/uploads\/2021\/02\/walk through-560x368.jpg","number-width":560,"number-height":368,"partner":"https:\/\/int.design\/wp-content\/uploads\/2021\/02\/walk through-275x181.jpg","partner-width":275,"partner-height":181,"ranking":"https:\/\/int.design\/wp-content\/uploads\/2021\/02\/walk through-960x540.jpg","ranking-width":960,"ranking-height":540,"schedule":"https:\/\/int.design\/wp-content\/uploads\/2021\/02\/walk through-960x360.jpg","schedule-width":960,"schedule-height":360,"slideshow":"https:\/\/int.design\/wp-content\/uploads\/2021\/02\/walk through-1035x680.jpg","slideshow-width":1035,"slideshow-height":680}},"filters":[1005,112],"suppliers":false,"attachment_category":[]},{"categories":[190],"credit":"Claude-Simon Langlois","image":{"ID":62415,"id":62415,"title":"gym","filename":"gym-scaled.jpg","filesize":0,"url":"https:\/\/int.design\/wp-content\/uploads\/2021\/02\/gym-scaled.jpg","link":"https:\/\/int.design\/fr\/projets\/laval-private-residence\/gym\/","alt":"","author":"158","description":"Laval Private Residence Lemay+Escobar Architecture D.P.C. Lemay + Escobar Architecture D.P.C.","caption":"","name":"gym","status":"inherit","uploaded_to":62218,"date":"2021-02-19 20:44:28","modified":"2022-02-08 12:09:20","menu_order":0,"mime_type":"image\/jpeg","type":"image","subtype":"jpeg","icon":"https:\/\/int.design\/wp-includes\/images\/media\/default.png","width":2560,"height":1707,"sizes":{"thumbnail":"https:\/\/int.design\/wp-content\/uploads\/2021\/02\/gym-150x150.jpg","thumbnail-width":150,"thumbnail-height":150,"medium":"https:\/\/int.design\/wp-content\/uploads\/2021\/02\/gym-300x200.jpg","medium-width":300,"medium-height":200,"medium_large":"https:\/\/int.design\/wp-content\/uploads\/2021\/02\/gym-768x512.jpg","medium_large-width":768,"medium_large-height":512,"large":"https:\/\/int.design\/wp-content\/uploads\/2021\/02\/gym-1024x683.jpg","large-width":1024,"large-height":683,"1536x1536":"https:\/\/int.design\/wp-content\/uploads\/2021\/02\/gym-1536x1024.jpg","1536x1536-width":1536,"1536x1536-height":1024,"2048x2048":"https:\/\/int.design\/wp-content\/uploads\/2021\/02\/gym-2048x1365.jpg","2048x2048-width":2048,"2048x2048-height":1365,"article":"https:\/\/int.design\/wp-content\/uploads\/2021\/02\/gym-960x540.jpg","article-width":960,"article-height":540,"banner":"https:\/\/int.design\/wp-content\/uploads\/2021\/02\/gym-1920x1280.jpg","banner-width":1920,"banner-height":1280,"block":"https:\/\/int.design\/wp-content\/uploads\/2021\/02\/gym-900x680.jpg","block-width":900,"block-height":680,"card":"https:\/\/int.design\/wp-content\/uploads\/2021\/02\/gym-560x495.jpg","card-width":560,"card-height":495,"card-thumbnail":"https:\/\/int.design\/wp-content\/uploads\/2021\/02\/gym-450x340.jpg","card-thumbnail-width":450,"card-thumbnail-height":340,"conference":"https:\/\/int.design\/wp-content\/uploads\/2021\/02\/gym-560x250.jpg","conference-width":560,"conference-height":250,"contest":"https:\/\/int.design\/wp-content\/uploads\/2021\/02\/gym-960x400.jpg","contest-width":960,"contest-height":400,"cta":"https:\/\/int.design\/wp-content\/uploads\/2021\/02\/gym-415x170.jpg","cta-width":415,"cta-height":170,"exhibitor":"https:\/\/int.design\/wp-content\/uploads\/2021\/02\/gym-560x560.jpg","exhibitor-width":560,"exhibitor-height":560,"gallery":"https:\/\/int.design\/wp-content\/uploads\/2021\/02\/gym-560x373.jpg","gallery-width":560,"gallery-height":373,"logo":"https:\/\/int.design\/wp-content\/uploads\/2021\/02\/gym-150x100.jpg","logo-width":150,"logo-height":100,"masonry":"https:\/\/int.design\/wp-content\/uploads\/2021\/02\/gym-550x367.jpg","masonry-width":550,"masonry-height":367,"modal":"https:\/\/int.design\/wp-content\/uploads\/2021\/02\/gym-1920x1280.jpg","modal-width":1920,"modal-height":1280,"number":"https:\/\/int.design\/wp-content\/uploads\/2021\/02\/gym-560x373.jpg","number-width":560,"number-height":373,"partner":"https:\/\/int.design\/wp-content\/uploads\/2021\/02\/gym-275x183.jpg","partner-width":275,"partner-height":183,"ranking":"https:\/\/int.design\/wp-content\/uploads\/2021\/02\/gym-960x540.jpg","ranking-width":960,"ranking-height":540,"schedule":"https:\/\/int.design\/wp-content\/uploads\/2021\/02\/gym-960x360.jpg","schedule-width":960,"schedule-height":360,"slideshow":"https:\/\/int.design\/wp-content\/uploads\/2021\/02\/gym-1020x680.jpg","slideshow-width":1020,"slideshow-height":680}},"filters":[1005,856],"suppliers":false,"attachment_category":[]}],"mandatory_documents":[{"name":"Floor Plans","file":{"ID":62418,"id":62418,"title":"Laval Residence floor plans","filename":"Laval Residence floor plans.pdf","filesize":0,"url":"https:\/\/d2q6z78khxmx42.cloudfront.net\/2021\/02\/Laval Residence floor plans.pdf","link":"https:\/\/int.design\/fr\/projets\/laval-private-residence\/laval-residence-floor-plans\/","alt":"","author":"158","description":"","caption":"","name":"laval-residence-floor-plans","status":"inherit","uploaded_to":62218,"date":"2021-02-19 20:56:08","modified":"2021-02-19 20:56:15","menu_order":0,"mime_type":"application\/pdf","type":"application","subtype":"pdf","icon":"https:\/\/int.design\/wp-includes\/images\/media\/document.png"}}],"optional_documents":[{"name":"","file":false}],"web_text":{"fr":"<p>Les propri\u00e9taires de ce manoir situ\u00e9 au nord de Montr\u00e9al, un couple prosp\u00e8re, recherchaient un d\u00e9cor pur et minimaliste pour refl\u00e9ter leur propre style \u00e9l\u00e9gant et contemporain. C\u2019est pourquoi les int\u00e9rieurs con\u00e7us par Lemay + Escobar incarnent un luxe d\u2019une audacieuse simplicit\u00e9.<br \/>\nDans cette r\u00e9sidence inond\u00e9e de lumi\u00e8re naturelle, le chandelier en cascade et les caissons de verre lumineux dynamisent et unifient l\u2019espace. Des colonnes profil\u00e9es encadrent une s\u00e9quence d\u2019espaces de vie offrant diff\u00e9rents degr\u00e9s de grandeur, en accord avec la passion des clients pour les r\u00e9ceptions. Chaque d\u00e9tail soigneusement mis en sc\u00e8ne d\u00e9gage une richesse de mat\u00e9riaux et une simplicit\u00e9 de forme.<br \/>\nIl en r\u00e9sulte une splendeur mod\u00e9r\u00e9e, dans l\u2019ensemble de la r\u00e9sidence, qui va au-del\u00e0 de la vision du client.<\/p>\n","en":"<p>The owners of this mansion north of Montreal, a successful couple, were looking for pure and minimalist d\u00e9cor to reflect their own elegant, contemporary style. Accordingly, the interiors designed by Lemay + Escobar embody a luxury borne of bold simplicity.<\/p>\n<p>Flooded with natural light, the house\u2019s waterfall and glass box lighting activate and unify the space.  Streamlined columns frame a sequence of living areas orchestrating varying levels of spaciousness, in line with the clients\u2019 passion for entertaining. Each carefully curated detail exudes richness of material and simplicity of form.<\/p>\n<p>The result is a tempered grandeur throughout the residence that more than translates the vision of the client.<\/p>\n","original":""},"jury_text":[{"category":190,"fr":"<p>Les propri\u00e9taires de ce manoir situ\u00e9 au nord de Montr\u00e9al, un couple prosp\u00e8re, recherchaient un d\u00e9cor pur et minimaliste pour refl\u00e9ter leur propre style \u00e9l\u00e9gant et contemporain. C\u2019est pourquoi les int\u00e9rieurs con\u00e7us par Lemay + Escobar incarnent un luxe d\u2019une audacieuse simplicit\u00e9.<br \/>\nDans cette r\u00e9sidence inond\u00e9e de lumi\u00e8re naturelle, le chandelier en cascade et les caissons de verre lumineux dynamisent et unifient l\u2019espace. Des colonnes profil\u00e9es encadrent une s\u00e9quence d\u2019espaces de vie offrant diff\u00e9rents degr\u00e9s de grandeur, en accord avec la passion des clients pour les r\u00e9ceptions. Chaque d\u00e9tail soigneusement mis en sc\u00e8ne d\u00e9gage une richesse de mat\u00e9riaux et une simplicit\u00e9 de forme.<br \/>\nIl en r\u00e9sulte une splendeur mod\u00e9r\u00e9e, dans l\u2019ensemble de la r\u00e9sidence, qui va au-del\u00e0 de la vision du client.<\/p>\n","en":"<p>The owners of this mansion north of Montreal, a successful couple, were looking for pure and minimalist d\u00e9cor to reflect their own elegant, contemporary style. Accordingly, the interiors designed by Lemay + Escobar embody a luxury borne of bold simplicity.<\/p>\n<p>Flooded with natural light, the house\u2019s waterfall and glass box lighting activate and unify the space.  Streamlined columns frame a sequence of living areas orchestrating varying levels of spaciousness, in line with the clients\u2019 passion for entertaining. Each carefully curated detail exudes richness of material and simplicity of form.<\/p>\n<p>The result is a tempered grandeur throughout the residence that more than translates the vision of the client.<\/p>\n","original":""}],"different_jury_text":false,"different_category_text":false},"laureats":[{"cat_id":190,"cat_id_laureat":1035,"laureat":"Certification Or"}],"contest_id":"1180","contest_title":"GRANDS PRIX DU DESIGN - 14e \u00e9dition","firms":[{"name":"Lemay + Escobar Architecture D.P.C.","website":"www.lemayescobar.com","category":"Architect","category_tax":false,"category_label":null}],"user":{"email":"awards@lemay.com","first_name":"Marie","last_name":"L\u00e9veill\u00e9 Tremblay"},"doc_texts_web":{"fr":"","en":""},"permalinks":{"fr":"https:\/\/int.design\/fr\/projets\/laval-private-residence\/","en":"https:\/\/int.design\/en\/projects\/laval-private-residence\/"},"titles":{"fr":"Laval Private Residence","en":"Laval Private Residence"},"wp_fields":[],"laravel_id":""},"_links":{"self":[{"href":"https:\/\/int.design\/fr\/wp-json\/wp\/v2\/project\/62218","targetHints":{"allow":["GET"]}}],"collection":[{"href":"https:\/\/int.design\/fr\/wp-json\/wp\/v2\/project"}],"about":[{"href":"https:\/\/int.design\/fr\/wp-json\/wp\/v2\/types\/project"}],"wp:attachment":[{"href":"https:\/\/int.design\/fr\/wp-json\/wp\/v2\/media?parent=62218"}],"curies":[{"name":"wp","href":"https:\/\/api.w.org\/{rel}","templated":true}]}}