{"id":62200,"date":"2021-07-14T19:41:50","date_gmt":"2021-07-14T23:41:50","guid":{"rendered":"https:\/\/int.design\/?post_type=project&#038;p=62200"},"modified":"2021-07-16T13:48:28","modified_gmt":"2021-07-16T17:48:28","slug":"roof-line-garden","status":"publish","type":"project","link":"https:\/\/int.design\/fr\/projets\/roof-line-garden\/","title":{"rendered":"Roof Line Garden"},"content":{"rendered":"","protected":false},"template":"","class_list":["post-62200","project","type-project","status-publish","hentry","project_category-architecture","project_category-autres_categories_en_architecture","project_category-installation-temporaire"],"acf":[],"yoast_head":"<!-- This site is optimized with the Yoast SEO plugin v21.5 - https:\/\/yoast.com\/wordpress\/plugins\/seo\/ -->\n<title>Roof Line Garden - INT Design<\/title>\n<meta name=\"robots\" content=\"index, follow, max-snippet:-1, max-image-preview:large, max-video-preview:-1\" \/>\n<link rel=\"canonical\" href=\"https:\/\/int.design\/fr\/projets\/roof-line-garden\/\" \/>\n<meta property=\"og:locale\" content=\"fr_FR\" \/>\n<meta property=\"og:type\" content=\"article\" \/>\n<meta property=\"og:title\" content=\"Roof Line Garden - INT Design\" \/>\n<meta property=\"og:url\" content=\"https:\/\/int.design\/fr\/projets\/roof-line-garden\/\" \/>\n<meta property=\"og:site_name\" content=\"INT Design\" \/>\n<meta property=\"article:modified_time\" content=\"2021-07-16T17:48:28+00:00\" \/>\n<meta name=\"twitter:card\" content=\"summary_large_image\" \/>\n<script type=\"application\/ld+json\" class=\"yoast-schema-graph\">{\"@context\":\"https:\/\/schema.org\",\"@graph\":[{\"@type\":\"WebPage\",\"@id\":\"https:\/\/int.design\/fr\/projets\/roof-line-garden\/\",\"url\":\"https:\/\/int.design\/fr\/projets\/roof-line-garden\/\",\"name\":\"Roof Line Garden - INT Design\",\"isPartOf\":{\"@id\":\"https:\/\/int.design\/fr\/#website\"},\"datePublished\":\"2021-07-14T23:41:50+00:00\",\"dateModified\":\"2021-07-16T17:48:28+00:00\",\"breadcrumb\":{\"@id\":\"https:\/\/int.design\/fr\/projets\/roof-line-garden\/#breadcrumb\"},\"inLanguage\":\"fr-FR\",\"potentialAction\":[{\"@type\":\"ReadAction\",\"target\":[\"https:\/\/int.design\/fr\/projets\/roof-line-garden\/\"]}]},{\"@type\":\"BreadcrumbList\",\"@id\":\"https:\/\/int.design\/fr\/projets\/roof-line-garden\/#breadcrumb\",\"itemListElement\":[{\"@type\":\"ListItem\",\"position\":1,\"name\":\"Home\",\"item\":\"https:\/\/int.design\/fr\/\"},{\"@type\":\"ListItem\",\"position\":2,\"name\":\"Projects\",\"item\":\"https:\/\/int.design\/en\/projects\/\"},{\"@type\":\"ListItem\",\"position\":3,\"name\":\"Roof Line Garden\"}]},{\"@type\":\"WebSite\",\"@id\":\"https:\/\/int.design\/fr\/#website\",\"url\":\"https:\/\/int.design\/fr\/\",\"name\":\"INT Design\",\"description\":\"\",\"potentialAction\":[{\"@type\":\"SearchAction\",\"target\":{\"@type\":\"EntryPoint\",\"urlTemplate\":\"https:\/\/int.design\/fr\/?s={search_term_string}\"},\"query-input\":\"required name=search_term_string\"}],\"inLanguage\":\"fr-FR\"}]}<\/script>\n<!-- \/ Yoast SEO plugin. -->","yoast_head_json":{"title":"Roof Line Garden - INT Design","robots":{"index":"index","follow":"follow","max-snippet":"max-snippet:-1","max-image-preview":"max-image-preview:large","max-video-preview":"max-video-preview:-1"},"canonical":"https:\/\/int.design\/fr\/projets\/roof-line-garden\/","og_locale":"fr_FR","og_type":"article","og_title":"Roof Line Garden - INT Design","og_url":"https:\/\/int.design\/fr\/projets\/roof-line-garden\/","og_site_name":"INT Design","article_modified_time":"2021-07-16T17:48:28+00:00","twitter_card":"summary_large_image","schema":{"@context":"https:\/\/schema.org","@graph":[{"@type":"WebPage","@id":"https:\/\/int.design\/fr\/projets\/roof-line-garden\/","url":"https:\/\/int.design\/fr\/projets\/roof-line-garden\/","name":"Roof Line Garden - INT Design","isPartOf":{"@id":"https:\/\/int.design\/fr\/#website"},"datePublished":"2021-07-14T23:41:50+00:00","dateModified":"2021-07-16T17:48:28+00:00","breadcrumb":{"@id":"https:\/\/int.design\/fr\/projets\/roof-line-garden\/#breadcrumb"},"inLanguage":"fr-FR","potentialAction":[{"@type":"ReadAction","target":["https:\/\/int.design\/fr\/projets\/roof-line-garden\/"]}]},{"@type":"BreadcrumbList","@id":"https:\/\/int.design\/fr\/projets\/roof-line-garden\/#breadcrumb","itemListElement":[{"@type":"ListItem","position":1,"name":"Home","item":"https:\/\/int.design\/fr\/"},{"@type":"ListItem","position":2,"name":"Projects","item":"https:\/\/int.design\/en\/projects\/"},{"@type":"ListItem","position":3,"name":"Roof Line Garden"}]},{"@type":"WebSite","@id":"https:\/\/int.design\/fr\/#website","url":"https:\/\/int.design\/fr\/","name":"INT Design","description":"","potentialAction":[{"@type":"SearchAction","target":{"@type":"EntryPoint","urlTemplate":"https:\/\/int.design\/fr\/?s={search_term_string}"},"query-input":"required name=search_term_string"}],"inLanguage":"fr-FR"}]}},"entry":{"cats":{"disciplines":[{"id":126,"name":"Architecture"}],"big_cats":[{"id":2405,"name":"Autres cat\u00e9gories en architecture"}],"sub_cats":[{"id":405,"name":"Installation temporaire","parent":2405}]},"entry":{"":null,"status":"completed","winner_title":"Coryn Kempster \/ Julia Jamrozik","winner_prize_lang":"","title_translatable":false,"title_en":"","title_fr":"","releve_award":false,"releve_award_cv":false,"collaboration":true,"collaboration_firms":[{"name":"Festival international de jardins","website":"https:\/\/jardinsdemetis.com\/festival-international-de-jardins\/"},{"name":"Mus\u00e9e de la civilisation de Qu\u00e9bec","website":"https:\/\/www.mcq.org\/"}],"other_firms":false,"owner":{"name":"Festival international de jardins","confidential":false,"website":"https:\/\/jardinsdemetis.com\/festival-international-de-jardins\/","contact_name":"","email":"festival@jardinsdemetis.com","phone":""},"address":{"address":"85 Rue Dalhousie","city":"Qu\u00e9bec","region":"Capitale-Nationale","province":"QC","country":"CA","postal_code":"G1K 8R2"},"logos":false,"use_logo":false,"designers":[{"name":"Coryn Kempster, Julia Jamrozik","credit":"Festival international de jardins","image":{"ID":63862,"id":63862,"title":"coryn_julia","filename":"7_coryn_julia.jpg","filesize":0,"url":"https:\/\/d2q6z78khxmx42.cloudfront.net\/2021\/02\/7_coryn_julia.jpg","link":"https:\/\/int.design\/fr\/projets\/roof-line-garden\/coryn_julia-3\/","alt":"","author":"697","description":"","caption":"","name":"coryn_julia-3","status":"inherit","uploaded_to":62200,"date":"2021-02-26 14:03:58","modified":"2021-02-26 14:10:32","menu_order":0,"mime_type":"image\/jpeg","type":"image","subtype":"jpeg","icon":"https:\/\/int.design\/wp-includes\/images\/media\/default.png","width":600,"height":600,"sizes":{"thumbnail":"https:\/\/d2q6z78khxmx42.cloudfront.net\/2021\/02\/7_coryn_julia-150x150.jpg","thumbnail-width":150,"thumbnail-height":150,"medium":"https:\/\/d2q6z78khxmx42.cloudfront.net\/2021\/02\/7_coryn_julia-300x300.jpg","medium-width":300,"medium-height":300,"medium_large":"https:\/\/d2q6z78khxmx42.cloudfront.net\/2021\/02\/7_coryn_julia.jpg","medium_large-width":600,"medium_large-height":600,"large":"https:\/\/d2q6z78khxmx42.cloudfront.net\/2021\/02\/7_coryn_julia.jpg","large-width":600,"large-height":600,"1536x1536":"https:\/\/d2q6z78khxmx42.cloudfront.net\/2021\/02\/7_coryn_julia.jpg","1536x1536-width":600,"1536x1536-height":600,"2048x2048":"https:\/\/d2q6z78khxmx42.cloudfront.net\/2021\/02\/7_coryn_julia.jpg","2048x2048-width":600,"2048x2048-height":600,"article":"https:\/\/d2q6z78khxmx42.cloudfront.net\/2021\/02\/7_coryn_julia-600x540.jpg","article-width":600,"article-height":540,"banner":"https:\/\/d2q6z78khxmx42.cloudfront.net\/2021\/02\/7_coryn_julia.jpg","banner-width":600,"banner-height":600,"block":"https:\/\/d2q6z78khxmx42.cloudfront.net\/2021\/02\/7_coryn_julia.jpg","block-width":600,"block-height":600,"card":"https:\/\/d2q6z78khxmx42.cloudfront.net\/2021\/02\/7_coryn_julia-560x495.jpg","card-width":560,"card-height":495,"card-thumbnail":"https:\/\/d2q6z78khxmx42.cloudfront.net\/2021\/02\/7_coryn_julia-450x340.jpg","card-thumbnail-width":450,"card-thumbnail-height":340,"conference":"https:\/\/d2q6z78khxmx42.cloudfront.net\/2021\/02\/7_coryn_julia-560x250.jpg","conference-width":560,"conference-height":250,"contest":"https:\/\/d2q6z78khxmx42.cloudfront.net\/2021\/02\/7_coryn_julia-600x400.jpg","contest-width":600,"contest-height":400,"cta":"https:\/\/d2q6z78khxmx42.cloudfront.net\/2021\/02\/7_coryn_julia-415x170.jpg","cta-width":415,"cta-height":170,"exhibitor":"https:\/\/d2q6z78khxmx42.cloudfront.net\/2021\/02\/7_coryn_julia-560x560.jpg","exhibitor-width":560,"exhibitor-height":560,"gallery":"https:\/\/d2q6z78khxmx42.cloudfront.net\/2021\/02\/7_coryn_julia-430x430.jpg","gallery-width":430,"gallery-height":430,"logo":"https:\/\/d2q6z78khxmx42.cloudfront.net\/2021\/02\/7_coryn_julia-100x100.jpg","logo-width":100,"logo-height":100,"masonry":"https:\/\/d2q6z78khxmx42.cloudfront.net\/2021\/02\/7_coryn_julia-550x550.jpg","masonry-width":550,"masonry-height":550,"modal":"https:\/\/d2q6z78khxmx42.cloudfront.net\/2021\/02\/7_coryn_julia.jpg","modal-width":600,"modal-height":600,"number":"https:\/\/d2q6z78khxmx42.cloudfront.net\/2021\/02\/qEEsVwIq-7_coryn_julia-430x430.jpg","number-width":430,"number-height":430,"partner":"https:\/\/d2q6z78khxmx42.cloudfront.net\/2021\/02\/7_coryn_julia-210x210.jpg","partner-width":210,"partner-height":210,"ranking":"https:\/\/d2q6z78khxmx42.cloudfront.net\/2021\/02\/qEEsVwIq-7_coryn_julia-600x540.jpg","ranking-width":600,"ranking-height":540,"schedule":"https:\/\/d2q6z78khxmx42.cloudfront.net\/2021\/02\/7_coryn_julia-600x360.jpg","schedule-width":600,"schedule-height":360,"slideshow":"https:\/\/d2q6z78khxmx42.cloudfront.net\/2021\/02\/7_coryn_julia.jpg","slideshow-width":600,"slideshow-height":600}},"file":{"ID":63881,"id":63881,"title":"presentation designers","filename":"presentation designers.pdf","filesize":0,"url":"https:\/\/d2q6z78khxmx42.cloudfront.net\/2021\/02\/presentation designers.pdf","link":"https:\/\/int.design\/fr\/projets\/roof-line-garden\/presentation-designers\/","alt":"","author":"697","description":"","caption":"","name":"presentation-designers","status":"inherit","uploaded_to":62200,"date":"2021-02-26 14:18:39","modified":"2021-02-26 14:18:54","menu_order":0,"mime_type":"application\/pdf","type":"application","subtype":"pdf","icon":"https:\/\/int.design\/wp-includes\/images\/media\/document.png"}}],"cover":[{"categories":[405],"credit":"Mus\u00e9e de la civilisation","image":{"ID":63886,"id":63886,"title":"20190606_131046","filename":"6_20190606_131046-scaled.jpg","filesize":0,"url":"https:\/\/int.design\/wp-content\/uploads\/2021\/02\/6_20190606_131046-scaled.jpg","link":"https:\/\/int.design\/fr\/projets\/roof-line-garden\/20190606_131046-2\/","alt":"","author":"697","description":"Roof Line Garden Coryn Kempster \/ Julia Jamrozik Festival international de jardins Mus\u00e9e de la civilisation de Qu\u00e9bec","caption":"","name":"20190606_131046-2","status":"inherit","uploaded_to":62200,"date":"2021-02-26 14:46:44","modified":"2022-02-08 12:18:28","menu_order":0,"mime_type":"image\/jpeg","type":"image","subtype":"jpeg","icon":"https:\/\/int.design\/wp-includes\/images\/media\/default.png","width":2560,"height":1920,"sizes":{"thumbnail":"https:\/\/int.design\/wp-content\/uploads\/2021\/02\/6_20190606_131046-150x150.jpg","thumbnail-width":150,"thumbnail-height":150,"medium":"https:\/\/int.design\/wp-content\/uploads\/2021\/02\/6_20190606_131046-300x225.jpg","medium-width":300,"medium-height":225,"medium_large":"https:\/\/int.design\/wp-content\/uploads\/2021\/02\/6_20190606_131046-768x576.jpg","medium_large-width":768,"medium_large-height":576,"large":"https:\/\/int.design\/wp-content\/uploads\/2021\/02\/6_20190606_131046-1024x768.jpg","large-width":1024,"large-height":768,"1536x1536":"https:\/\/int.design\/wp-content\/uploads\/2021\/02\/6_20190606_131046-1536x1152.jpg","1536x1536-width":1536,"1536x1536-height":1152,"2048x2048":"https:\/\/int.design\/wp-content\/uploads\/2021\/02\/6_20190606_131046-2048x1536.jpg","2048x2048-width":2048,"2048x2048-height":1536,"article":"https:\/\/int.design\/wp-content\/uploads\/2021\/02\/6_20190606_131046-960x540.jpg","article-width":960,"article-height":540,"banner":"https:\/\/int.design\/wp-content\/uploads\/2021\/02\/6_20190606_131046-1920x1440.jpg","banner-width":1920,"banner-height":1440,"block":"https:\/\/int.design\/wp-content\/uploads\/2021\/02\/6_20190606_131046-900x680.jpg","block-width":900,"block-height":680,"card":"https:\/\/int.design\/wp-content\/uploads\/2021\/02\/6_20190606_131046-560x495.jpg","card-width":560,"card-height":495,"card-thumbnail":"https:\/\/int.design\/wp-content\/uploads\/2021\/02\/6_20190606_131046-450x340.jpg","card-thumbnail-width":450,"card-thumbnail-height":340,"conference":"https:\/\/int.design\/wp-content\/uploads\/2021\/02\/6_20190606_131046-560x250.jpg","conference-width":560,"conference-height":250,"contest":"https:\/\/int.design\/wp-content\/uploads\/2021\/02\/6_20190606_131046-960x400.jpg","contest-width":960,"contest-height":400,"cta":"https:\/\/int.design\/wp-content\/uploads\/2021\/02\/6_20190606_131046-415x170.jpg","cta-width":415,"cta-height":170,"exhibitor":"https:\/\/int.design\/wp-content\/uploads\/2021\/02\/6_20190606_131046-560x560.jpg","exhibitor-width":560,"exhibitor-height":560,"gallery":"https:\/\/int.design\/wp-content\/uploads\/2021\/02\/6_20190606_131046-560x420.jpg","gallery-width":560,"gallery-height":420,"logo":"https:\/\/int.design\/wp-content\/uploads\/2021\/02\/6_20190606_131046-133x100.jpg","logo-width":133,"logo-height":100,"masonry":"https:\/\/int.design\/wp-content\/uploads\/2021\/02\/6_20190606_131046-550x413.jpg","masonry-width":550,"masonry-height":413,"modal":"https:\/\/int.design\/wp-content\/uploads\/2021\/02\/6_20190606_131046-1920x1440.jpg","modal-width":1920,"modal-height":1440,"number":"https:\/\/int.design\/wp-content\/uploads\/2021\/02\/6_20190606_131046-560x420.jpg","number-width":560,"number-height":420,"partner":"https:\/\/int.design\/wp-content\/uploads\/2021\/02\/6_20190606_131046-275x206.jpg","partner-width":275,"partner-height":206,"ranking":"https:\/\/int.design\/wp-content\/uploads\/2021\/02\/6_20190606_131046-960x540.jpg","ranking-width":960,"ranking-height":540,"schedule":"https:\/\/int.design\/wp-content\/uploads\/2021\/02\/6_20190606_131046-960x360.jpg","schedule-width":960,"schedule-height":360,"slideshow":"https:\/\/int.design\/wp-content\/uploads\/2021\/02\/6_20190606_131046-907x680.jpg","slideshow-width":907,"slideshow-height":680}},"filters":[1001,99],"suppliers":false,"attachment_category":{"1003":"Autre en architecure","1001":"B\u00e2timent public","99":"Culture\/divertissement"}}],"images":[{"categories":[405],"credit":"n\/d","image":{"ID":62210,"id":62210,"title":"B - Roof Line Garden","filename":"B - Roof Line Garden.jpg","filesize":0,"url":"https:\/\/d2q6z78khxmx42.cloudfront.net\/2021\/02\/B - Roof Line Garden.jpg","link":"https:\/\/int.design\/fr\/projets\/roof-line-garden\/b-roof-line-garden\/","alt":"","author":"697","description":"Roof Line Garden Coryn Kempster \/ Julia Jamrozik Festival international de jardins Mus\u00e9e de la civilisation de Qu\u00e9bec","caption":"","name":"b-roof-line-garden","status":"inherit","uploaded_to":62200,"date":"2021-02-18 21:56:32","modified":"2022-02-08 12:18:28","menu_order":0,"mime_type":"image\/jpeg","type":"image","subtype":"jpeg","icon":"https:\/\/int.design\/wp-includes\/images\/media\/default.png","width":1080,"height":1350,"sizes":{"thumbnail":"https:\/\/d2q6z78khxmx42.cloudfront.net\/2021\/02\/B - Roof Line Garden-150x150.jpg","thumbnail-width":150,"thumbnail-height":150,"medium":"https:\/\/d2q6z78khxmx42.cloudfront.net\/2021\/02\/B - Roof Line Garden-240x300.jpg","medium-width":240,"medium-height":300,"medium_large":"https:\/\/d2q6z78khxmx42.cloudfront.net\/2021\/02\/B - Roof Line Garden-768x960.jpg","medium_large-width":768,"medium_large-height":960,"large":"https:\/\/d2q6z78khxmx42.cloudfront.net\/2021\/02\/B - Roof Line Garden-819x1024.jpg","large-width":819,"large-height":1024,"1536x1536":"https:\/\/d2q6z78khxmx42.cloudfront.net\/2021\/02\/B - Roof Line Garden.jpg","1536x1536-width":1080,"1536x1536-height":1350,"2048x2048":"https:\/\/d2q6z78khxmx42.cloudfront.net\/2021\/02\/B - Roof Line Garden.jpg","2048x2048-width":1080,"2048x2048-height":1350,"article":"https:\/\/d2q6z78khxmx42.cloudfront.net\/2021\/02\/B - Roof Line Garden-960x540.jpg","article-width":960,"article-height":540,"banner":"https:\/\/d2q6z78khxmx42.cloudfront.net\/2021\/02\/B - Roof Line Garden.jpg","banner-width":1080,"banner-height":1350,"block":"https:\/\/d2q6z78khxmx42.cloudfront.net\/2021\/02\/B - Roof Line Garden-900x680.jpg","block-width":900,"block-height":680,"card":"https:\/\/d2q6z78khxmx42.cloudfront.net\/2021\/02\/B - Roof Line Garden-560x495.jpg","card-width":560,"card-height":495,"card-thumbnail":"https:\/\/d2q6z78khxmx42.cloudfront.net\/2021\/02\/B - Roof Line Garden-450x340.jpg","card-thumbnail-width":450,"card-thumbnail-height":340,"conference":"https:\/\/d2q6z78khxmx42.cloudfront.net\/2021\/02\/B - Roof Line Garden-560x250.jpg","conference-width":560,"conference-height":250,"contest":"https:\/\/d2q6z78khxmx42.cloudfront.net\/2021\/02\/B - Roof Line Garden-960x400.jpg","contest-width":960,"contest-height":400,"cta":"https:\/\/d2q6z78khxmx42.cloudfront.net\/2021\/02\/B - Roof Line Garden-415x170.jpg","cta-width":415,"cta-height":170,"exhibitor":"https:\/\/d2q6z78khxmx42.cloudfront.net\/2021\/02\/B - Roof Line Garden-560x560.jpg","exhibitor-width":560,"exhibitor-height":560,"gallery":"https:\/\/d2q6z78khxmx42.cloudfront.net\/2021\/02\/B - Roof Line Garden-344x430.jpg","gallery-width":344,"gallery-height":430,"logo":"https:\/\/d2q6z78khxmx42.cloudfront.net\/2021\/02\/B - Roof Line Garden-80x100.jpg","logo-width":80,"logo-height":100,"masonry":"https:\/\/d2q6z78khxmx42.cloudfront.net\/2021\/02\/B - Roof Line Garden-550x688.jpg","masonry-width":550,"masonry-height":688,"modal":"https:\/\/d2q6z78khxmx42.cloudfront.net\/2021\/02\/B - Roof Line Garden.jpg","modal-width":1080,"modal-height":1350,"number":"https:\/\/d2q6z78khxmx42.cloudfront.net\/2021\/02\/CtkmTYRF-B - Roof Line Garden-344x430.jpg","number-width":344,"number-height":430,"partner":"https:\/\/d2q6z78khxmx42.cloudfront.net\/2021\/02\/B - Roof Line Garden-168x210.jpg","partner-width":168,"partner-height":210,"ranking":"https:\/\/d2q6z78khxmx42.cloudfront.net\/2021\/02\/CtkmTYRF-B - Roof Line Garden-960x540.jpg","ranking-width":960,"ranking-height":540,"schedule":"https:\/\/d2q6z78khxmx42.cloudfront.net\/2021\/02\/B - Roof Line Garden-960x360.jpg","schedule-width":960,"schedule-height":360,"slideshow":"https:\/\/d2q6z78khxmx42.cloudfront.net\/2021\/02\/B - Roof Line Garden-544x680.jpg","slideshow-width":544,"slideshow-height":680}},"filters":[1001,99],"suppliers":false,"attachment_category":[]},{"categories":[405],"credit":"n\/d","image":{"ID":62211,"id":62211,"title":"C - Roof Line Garden","filename":"C - Roof Line Garden.jpg","filesize":0,"url":"https:\/\/d2q6z78khxmx42.cloudfront.net\/2021\/02\/C - Roof Line Garden.jpg","link":"https:\/\/int.design\/fr\/projets\/roof-line-garden\/c-roof-line-garden\/","alt":"","author":"697","description":"Roof Line Garden Coryn Kempster \/ Julia Jamrozik Festival international de jardins Mus\u00e9e de la civilisation de Qu\u00e9bec","caption":"","name":"c-roof-line-garden","status":"inherit","uploaded_to":62200,"date":"2021-02-18 21:56:37","modified":"2022-02-08 12:18:28","menu_order":0,"mime_type":"image\/jpeg","type":"image","subtype":"jpeg","icon":"https:\/\/int.design\/wp-includes\/images\/media\/default.png","width":1674,"height":1162,"sizes":{"thumbnail":"https:\/\/d2q6z78khxmx42.cloudfront.net\/2021\/02\/C - Roof Line Garden-150x150.jpg","thumbnail-width":150,"thumbnail-height":150,"medium":"https:\/\/d2q6z78khxmx42.cloudfront.net\/2021\/02\/C - Roof Line Garden-300x208.jpg","medium-width":300,"medium-height":208,"medium_large":"https:\/\/d2q6z78khxmx42.cloudfront.net\/2021\/02\/C - Roof Line Garden-768x533.jpg","medium_large-width":768,"medium_large-height":533,"large":"https:\/\/d2q6z78khxmx42.cloudfront.net\/2021\/02\/C - Roof Line Garden-1024x711.jpg","large-width":1024,"large-height":711,"1536x1536":"https:\/\/d2q6z78khxmx42.cloudfront.net\/2021\/02\/C - Roof Line Garden-1536x1066.jpg","1536x1536-width":1536,"1536x1536-height":1066,"2048x2048":"https:\/\/d2q6z78khxmx42.cloudfront.net\/2021\/02\/C - Roof Line Garden.jpg","2048x2048-width":1674,"2048x2048-height":1162,"article":"https:\/\/d2q6z78khxmx42.cloudfront.net\/2021\/02\/C - Roof Line Garden-960x540.jpg","article-width":960,"article-height":540,"banner":"https:\/\/d2q6z78khxmx42.cloudfront.net\/2021\/02\/C - Roof Line Garden.jpg","banner-width":1674,"banner-height":1162,"block":"https:\/\/d2q6z78khxmx42.cloudfront.net\/2021\/02\/C - Roof Line Garden-900x680.jpg","block-width":900,"block-height":680,"card":"https:\/\/d2q6z78khxmx42.cloudfront.net\/2021\/02\/C - Roof Line Garden-560x495.jpg","card-width":560,"card-height":495,"card-thumbnail":"https:\/\/d2q6z78khxmx42.cloudfront.net\/2021\/02\/C - Roof Line Garden-450x340.jpg","card-thumbnail-width":450,"card-thumbnail-height":340,"conference":"https:\/\/d2q6z78khxmx42.cloudfront.net\/2021\/02\/C - Roof Line Garden-560x250.jpg","conference-width":560,"conference-height":250,"contest":"https:\/\/d2q6z78khxmx42.cloudfront.net\/2021\/02\/C - Roof Line Garden-960x400.jpg","contest-width":960,"contest-height":400,"cta":"https:\/\/d2q6z78khxmx42.cloudfront.net\/2021\/02\/C - Roof Line Garden-415x170.jpg","cta-width":415,"cta-height":170,"exhibitor":"https:\/\/d2q6z78khxmx42.cloudfront.net\/2021\/02\/C - Roof Line Garden-560x560.jpg","exhibitor-width":560,"exhibitor-height":560,"gallery":"https:\/\/d2q6z78khxmx42.cloudfront.net\/2021\/02\/C - Roof Line Garden-560x389.jpg","gallery-width":560,"gallery-height":389,"logo":"https:\/\/d2q6z78khxmx42.cloudfront.net\/2021\/02\/C - Roof Line Garden-144x100.jpg","logo-width":144,"logo-height":100,"masonry":"https:\/\/d2q6z78khxmx42.cloudfront.net\/2021\/02\/C - Roof Line Garden-550x382.jpg","masonry-width":550,"masonry-height":382,"modal":"https:\/\/d2q6z78khxmx42.cloudfront.net\/2021\/02\/C - Roof Line Garden.jpg","modal-width":1674,"modal-height":1162,"number":"https:\/\/d2q6z78khxmx42.cloudfront.net\/2021\/02\/1kEhH3No-C - Roof Line Garden-560x389.jpg","number-width":560,"number-height":389,"partner":"https:\/\/d2q6z78khxmx42.cloudfront.net\/2021\/02\/C - Roof Line Garden-275x191.jpg","partner-width":275,"partner-height":191,"ranking":"https:\/\/d2q6z78khxmx42.cloudfront.net\/2021\/02\/1kEhH3No-C - Roof Line Garden-960x540.jpg","ranking-width":960,"ranking-height":540,"schedule":"https:\/\/d2q6z78khxmx42.cloudfront.net\/2021\/02\/C - Roof Line Garden-960x360.jpg","schedule-width":960,"schedule-height":360,"slideshow":"https:\/\/d2q6z78khxmx42.cloudfront.net\/2021\/02\/C - Roof Line Garden-980x680.jpg","slideshow-width":980,"slideshow-height":680}},"filters":[99],"suppliers":false,"attachment_category":[]},{"categories":[405],"credit":"Mus\u00e9e de la civilisation","image":{"ID":62213,"id":62213,"title":"E - Roof Line Garden","filename":"E - Roof Line Garden.jpg","filesize":0,"url":"https:\/\/d2q6z78khxmx42.cloudfront.net\/2021\/02\/E - Roof Line Garden.jpg","link":"https:\/\/int.design\/fr\/projets\/roof-line-garden\/e-roof-line-garden\/","alt":"","author":"697","description":"Roof Line Garden Coryn Kempster \/ Julia Jamrozik Festival international de jardins Mus\u00e9e de la civilisation de Qu\u00e9bec","caption":"","name":"e-roof-line-garden","status":"inherit","uploaded_to":62200,"date":"2021-02-18 21:56:58","modified":"2022-02-08 12:18:28","menu_order":0,"mime_type":"image\/jpeg","type":"image","subtype":"jpeg","icon":"https:\/\/int.design\/wp-includes\/images\/media\/default.png","width":874,"height":898,"sizes":{"thumbnail":"https:\/\/d2q6z78khxmx42.cloudfront.net\/2021\/02\/E - Roof Line Garden-150x150.jpg","thumbnail-width":150,"thumbnail-height":150,"medium":"https:\/\/d2q6z78khxmx42.cloudfront.net\/2021\/02\/E - Roof Line Garden-292x300.jpg","medium-width":292,"medium-height":300,"medium_large":"https:\/\/d2q6z78khxmx42.cloudfront.net\/2021\/02\/E - Roof Line Garden-768x789.jpg","medium_large-width":768,"medium_large-height":789,"large":"https:\/\/d2q6z78khxmx42.cloudfront.net\/2021\/02\/E - Roof Line Garden.jpg","large-width":874,"large-height":898,"1536x1536":"https:\/\/d2q6z78khxmx42.cloudfront.net\/2021\/02\/E - Roof Line Garden.jpg","1536x1536-width":874,"1536x1536-height":898,"2048x2048":"https:\/\/d2q6z78khxmx42.cloudfront.net\/2021\/02\/E - Roof Line Garden.jpg","2048x2048-width":874,"2048x2048-height":898,"article":"https:\/\/d2q6z78khxmx42.cloudfront.net\/2021\/02\/E - Roof Line Garden-874x540.jpg","article-width":874,"article-height":540,"banner":"https:\/\/d2q6z78khxmx42.cloudfront.net\/2021\/02\/E - Roof Line Garden.jpg","banner-width":874,"banner-height":898,"block":"https:\/\/d2q6z78khxmx42.cloudfront.net\/2021\/02\/E - Roof Line Garden-874x680.jpg","block-width":874,"block-height":680,"card":"https:\/\/d2q6z78khxmx42.cloudfront.net\/2021\/02\/E - Roof Line Garden-560x495.jpg","card-width":560,"card-height":495,"card-thumbnail":"https:\/\/d2q6z78khxmx42.cloudfront.net\/2021\/02\/E - Roof Line Garden-450x340.jpg","card-thumbnail-width":450,"card-thumbnail-height":340,"conference":"https:\/\/d2q6z78khxmx42.cloudfront.net\/2021\/02\/E - Roof Line Garden-560x250.jpg","conference-width":560,"conference-height":250,"contest":"https:\/\/d2q6z78khxmx42.cloudfront.net\/2021\/02\/E - Roof Line Garden-874x400.jpg","contest-width":874,"contest-height":400,"cta":"https:\/\/d2q6z78khxmx42.cloudfront.net\/2021\/02\/E - Roof Line Garden-415x170.jpg","cta-width":415,"cta-height":170,"exhibitor":"https:\/\/d2q6z78khxmx42.cloudfront.net\/2021\/02\/E - Roof Line Garden-560x560.jpg","exhibitor-width":560,"exhibitor-height":560,"gallery":"https:\/\/d2q6z78khxmx42.cloudfront.net\/2021\/02\/E - Roof Line Garden-419x430.jpg","gallery-width":419,"gallery-height":430,"logo":"https:\/\/d2q6z78khxmx42.cloudfront.net\/2021\/02\/E - Roof Line Garden-97x100.jpg","logo-width":97,"logo-height":100,"masonry":"https:\/\/d2q6z78khxmx42.cloudfront.net\/2021\/02\/E - Roof Line Garden-550x565.jpg","masonry-width":550,"masonry-height":565,"modal":"https:\/\/d2q6z78khxmx42.cloudfront.net\/2021\/02\/E - Roof Line Garden.jpg","modal-width":874,"modal-height":898,"number":"https:\/\/d2q6z78khxmx42.cloudfront.net\/2021\/02\/yYHel5rx-E - Roof Line Garden-419x430.jpg","number-width":419,"number-height":430,"partner":"https:\/\/d2q6z78khxmx42.cloudfront.net\/2021\/02\/E - Roof Line Garden-204x210.jpg","partner-width":204,"partner-height":210,"ranking":"https:\/\/d2q6z78khxmx42.cloudfront.net\/2021\/02\/yYHel5rx-E - Roof Line Garden-874x540.jpg","ranking-width":874,"ranking-height":540,"schedule":"https:\/\/d2q6z78khxmx42.cloudfront.net\/2021\/02\/E - Roof Line Garden-874x360.jpg","schedule-width":874,"schedule-height":360,"slideshow":"https:\/\/d2q6z78khxmx42.cloudfront.net\/2021\/02\/E - Roof Line Garden-662x680.jpg","slideshow-width":662,"slideshow-height":680}},"filters":[1001,99],"suppliers":false,"attachment_category":[]},{"categories":[405],"credit":"Marie-Jos\u00e9e Marcotte - Ic\u00f4ne","image":{"ID":63864,"id":63864,"title":"G - Roof Line Garden","filename":"7_G - Roof Line Garden-scaled.jpg","filesize":0,"url":"https:\/\/int.design\/wp-content\/uploads\/2021\/02\/7_G - Roof Line Garden-scaled.jpg","link":"https:\/\/int.design\/fr\/projets\/roof-line-garden\/g-roof-line-garden-3\/","alt":"","author":"697","description":"Roof Line Garden Coryn Kempster \/ Julia Jamrozik Festival international de jardins Mus\u00e9e de la civilisation de Qu\u00e9bec","caption":"","name":"g-roof-line-garden-3","status":"inherit","uploaded_to":62200,"date":"2021-02-26 14:04:09","modified":"2022-02-08 12:18:28","menu_order":0,"mime_type":"image\/jpeg","type":"image","subtype":"jpeg","icon":"https:\/\/int.design\/wp-includes\/images\/media\/default.png","width":2560,"height":1845,"sizes":{"thumbnail":"https:\/\/int.design\/wp-content\/uploads\/2021\/02\/7_G - Roof Line Garden-150x150.jpg","thumbnail-width":150,"thumbnail-height":150,"medium":"https:\/\/int.design\/wp-content\/uploads\/2021\/02\/7_G - Roof Line Garden-300x216.jpg","medium-width":300,"medium-height":216,"medium_large":"https:\/\/int.design\/wp-content\/uploads\/2021\/02\/7_G - Roof Line Garden-768x553.jpg","medium_large-width":768,"medium_large-height":553,"large":"https:\/\/int.design\/wp-content\/uploads\/2021\/02\/7_G - Roof Line Garden-1024x738.jpg","large-width":1024,"large-height":738,"1536x1536":"https:\/\/int.design\/wp-content\/uploads\/2021\/02\/7_G - Roof Line Garden-1536x1107.jpg","1536x1536-width":1536,"1536x1536-height":1107,"2048x2048":"https:\/\/int.design\/wp-content\/uploads\/2021\/02\/7_G - Roof Line Garden-2048x1476.jpg","2048x2048-width":2048,"2048x2048-height":1476,"article":"https:\/\/int.design\/wp-content\/uploads\/2021\/02\/7_G - Roof Line Garden-960x540.jpg","article-width":960,"article-height":540,"banner":"https:\/\/int.design\/wp-content\/uploads\/2021\/02\/7_G - Roof Line Garden-1920x1383.jpg","banner-width":1920,"banner-height":1383,"block":"https:\/\/int.design\/wp-content\/uploads\/2021\/02\/7_G - Roof Line Garden-900x680.jpg","block-width":900,"block-height":680,"card":"https:\/\/int.design\/wp-content\/uploads\/2021\/02\/7_G - Roof Line Garden-560x495.jpg","card-width":560,"card-height":495,"card-thumbnail":"https:\/\/int.design\/wp-content\/uploads\/2021\/02\/7_G - Roof Line Garden-450x340.jpg","card-thumbnail-width":450,"card-thumbnail-height":340,"conference":"https:\/\/int.design\/wp-content\/uploads\/2021\/02\/7_G - Roof Line Garden-560x250.jpg","conference-width":560,"conference-height":250,"contest":"https:\/\/int.design\/wp-content\/uploads\/2021\/02\/7_G - Roof Line Garden-960x400.jpg","contest-width":960,"contest-height":400,"cta":"https:\/\/int.design\/wp-content\/uploads\/2021\/02\/7_G - Roof Line Garden-415x170.jpg","cta-width":415,"cta-height":170,"exhibitor":"https:\/\/int.design\/wp-content\/uploads\/2021\/02\/7_G - Roof Line Garden-560x560.jpg","exhibitor-width":560,"exhibitor-height":560,"gallery":"https:\/\/int.design\/wp-content\/uploads\/2021\/02\/7_G - Roof Line Garden-560x404.jpg","gallery-width":560,"gallery-height":404,"logo":"https:\/\/int.design\/wp-content\/uploads\/2021\/02\/7_G - Roof Line Garden-139x100.jpg","logo-width":139,"logo-height":100,"masonry":"https:\/\/int.design\/wp-content\/uploads\/2021\/02\/7_G - Roof Line Garden-550x396.jpg","masonry-width":550,"masonry-height":396,"modal":"https:\/\/int.design\/wp-content\/uploads\/2021\/02\/7_G - Roof Line Garden-1920x1383.jpg","modal-width":1920,"modal-height":1383,"number":"https:\/\/int.design\/wp-content\/uploads\/2021\/02\/7_G - Roof Line Garden-560x404.jpg","number-width":560,"number-height":404,"partner":"https:\/\/int.design\/wp-content\/uploads\/2021\/02\/7_G - Roof Line Garden-275x198.jpg","partner-width":275,"partner-height":198,"ranking":"https:\/\/int.design\/wp-content\/uploads\/2021\/02\/7_G - Roof Line Garden-960x540.jpg","ranking-width":960,"ranking-height":540,"schedule":"https:\/\/int.design\/wp-content\/uploads\/2021\/02\/7_G - Roof Line Garden-960x360.jpg","schedule-width":960,"schedule-height":360,"slideshow":"https:\/\/int.design\/wp-content\/uploads\/2021\/02\/7_G - Roof Line Garden-944x680.jpg","slideshow-width":944,"slideshow-height":680}},"filters":[1001,99],"suppliers":false,"attachment_category":[]},{"categories":[405],"credit":"n\/d","image":{"ID":63866,"id":63866,"title":"H - Roof Line Garden","filename":"7_H - Roof Line Garden-scaled.jpg","filesize":0,"url":"https:\/\/int.design\/wp-content\/uploads\/2021\/02\/7_H - Roof Line Garden-scaled.jpg","link":"https:\/\/int.design\/fr\/projets\/roof-line-garden\/h-roof-line-garden-3\/","alt":"","author":"697","description":"Roof Line Garden Coryn Kempster \/ Julia Jamrozik Festival international de jardins Mus\u00e9e de la civilisation de Qu\u00e9bec","caption":"","name":"h-roof-line-garden-3","status":"inherit","uploaded_to":62200,"date":"2021-02-26 14:05:36","modified":"2022-02-08 12:18:28","menu_order":0,"mime_type":"image\/jpeg","type":"image","subtype":"jpeg","icon":"https:\/\/int.design\/wp-includes\/images\/media\/default.png","width":2048,"height":2560,"sizes":{"thumbnail":"https:\/\/int.design\/wp-content\/uploads\/2021\/02\/7_H - Roof Line Garden-150x150.jpg","thumbnail-width":150,"thumbnail-height":150,"medium":"https:\/\/int.design\/wp-content\/uploads\/2021\/02\/7_H - Roof Line Garden-240x300.jpg","medium-width":240,"medium-height":300,"medium_large":"https:\/\/int.design\/wp-content\/uploads\/2021\/02\/7_H - Roof Line Garden-768x960.jpg","medium_large-width":768,"medium_large-height":960,"large":"https:\/\/int.design\/wp-content\/uploads\/2021\/02\/7_H - Roof Line Garden-819x1024.jpg","large-width":819,"large-height":1024,"1536x1536":"https:\/\/int.design\/wp-content\/uploads\/2021\/02\/7_H - Roof Line Garden-1229x1536.jpg","1536x1536-width":1229,"1536x1536-height":1536,"2048x2048":"https:\/\/int.design\/wp-content\/uploads\/2021\/02\/7_H - Roof Line Garden-1638x2048.jpg","2048x2048-width":1638,"2048x2048-height":2048,"article":"https:\/\/int.design\/wp-content\/uploads\/2021\/02\/7_H - Roof Line Garden-960x540.jpg","article-width":960,"article-height":540,"banner":"https:\/\/int.design\/wp-content\/uploads\/2021\/02\/7_H - Roof Line Garden-1920x2400.jpg","banner-width":1920,"banner-height":2400,"block":"https:\/\/int.design\/wp-content\/uploads\/2021\/02\/7_H - Roof Line Garden-900x680.jpg","block-width":900,"block-height":680,"card":"https:\/\/int.design\/wp-content\/uploads\/2021\/02\/7_H - Roof Line Garden-560x495.jpg","card-width":560,"card-height":495,"card-thumbnail":"https:\/\/int.design\/wp-content\/uploads\/2021\/02\/7_H - Roof Line Garden-450x340.jpg","card-thumbnail-width":450,"card-thumbnail-height":340,"conference":"https:\/\/int.design\/wp-content\/uploads\/2021\/02\/7_H - Roof Line Garden-560x250.jpg","conference-width":560,"conference-height":250,"contest":"https:\/\/int.design\/wp-content\/uploads\/2021\/02\/7_H - Roof Line Garden-960x400.jpg","contest-width":960,"contest-height":400,"cta":"https:\/\/int.design\/wp-content\/uploads\/2021\/02\/7_H - Roof Line Garden-415x170.jpg","cta-width":415,"cta-height":170,"exhibitor":"https:\/\/int.design\/wp-content\/uploads\/2021\/02\/7_H - Roof Line Garden-560x560.jpg","exhibitor-width":560,"exhibitor-height":560,"gallery":"https:\/\/int.design\/wp-content\/uploads\/2021\/02\/7_H - Roof Line Garden-344x430.jpg","gallery-width":344,"gallery-height":430,"logo":"https:\/\/int.design\/wp-content\/uploads\/2021\/02\/7_H - Roof Line Garden-80x100.jpg","logo-width":80,"logo-height":100,"masonry":"https:\/\/int.design\/wp-content\/uploads\/2021\/02\/7_H - Roof Line Garden-550x688.jpg","masonry-width":550,"masonry-height":688,"modal":"https:\/\/int.design\/wp-content\/uploads\/2021\/02\/7_H - Roof Line Garden-1536x1920.jpg","modal-width":1536,"modal-height":1920,"number":"https:\/\/int.design\/wp-content\/uploads\/2021\/02\/7_H - Roof Line Garden-344x430.jpg","number-width":344,"number-height":430,"partner":"https:\/\/int.design\/wp-content\/uploads\/2021\/02\/7_H - Roof Line Garden-168x210.jpg","partner-width":168,"partner-height":210,"ranking":"https:\/\/int.design\/wp-content\/uploads\/2021\/02\/7_H - Roof Line Garden-960x540.jpg","ranking-width":960,"ranking-height":540,"schedule":"https:\/\/int.design\/wp-content\/uploads\/2021\/02\/7_H - Roof Line Garden-960x360.jpg","schedule-width":960,"schedule-height":360,"slideshow":"https:\/\/int.design\/wp-content\/uploads\/2021\/02\/7_H - Roof Line Garden-544x680.jpg","slideshow-width":544,"slideshow-height":680}},"filters":[1001,99],"suppliers":false,"attachment_category":[]},{"categories":[405],"credit":"n\/d","image":{"ID":63868,"id":63868,"title":"I - Roof Line Garden","filename":"7_I - Roof Line Garden.jpg","filesize":0,"url":"https:\/\/d2q6z78khxmx42.cloudfront.net\/2021\/02\/7_I - Roof Line Garden.jpg","link":"https:\/\/int.design\/fr\/projets\/roof-line-garden\/i-roof-line-garden-3\/","alt":"","author":"697","description":"Roof Line Garden Coryn Kempster \/ Julia Jamrozik Festival international de jardins Mus\u00e9e de la civilisation de Qu\u00e9bec","caption":"","name":"i-roof-line-garden-3","status":"inherit","uploaded_to":62200,"date":"2021-02-26 14:06:59","modified":"2022-02-08 12:18:28","menu_order":0,"mime_type":"image\/jpeg","type":"image","subtype":"jpeg","icon":"https:\/\/int.design\/wp-includes\/images\/media\/default.png","width":1080,"height":1350,"sizes":{"thumbnail":"https:\/\/d2q6z78khxmx42.cloudfront.net\/2021\/02\/7_I - Roof Line Garden-150x150.jpg","thumbnail-width":150,"thumbnail-height":150,"medium":"https:\/\/d2q6z78khxmx42.cloudfront.net\/2021\/02\/7_I - Roof Line Garden-240x300.jpg","medium-width":240,"medium-height":300,"medium_large":"https:\/\/d2q6z78khxmx42.cloudfront.net\/2021\/02\/7_I - Roof Line Garden-768x960.jpg","medium_large-width":768,"medium_large-height":960,"large":"https:\/\/d2q6z78khxmx42.cloudfront.net\/2021\/02\/7_I - Roof Line Garden-819x1024.jpg","large-width":819,"large-height":1024,"1536x1536":"https:\/\/d2q6z78khxmx42.cloudfront.net\/2021\/02\/7_I - Roof Line Garden.jpg","1536x1536-width":1080,"1536x1536-height":1350,"2048x2048":"https:\/\/d2q6z78khxmx42.cloudfront.net\/2021\/02\/7_I - Roof Line Garden.jpg","2048x2048-width":1080,"2048x2048-height":1350,"article":"https:\/\/d2q6z78khxmx42.cloudfront.net\/2021\/02\/7_I - Roof Line Garden-960x540.jpg","article-width":960,"article-height":540,"banner":"https:\/\/d2q6z78khxmx42.cloudfront.net\/2021\/02\/7_I - Roof Line Garden.jpg","banner-width":1080,"banner-height":1350,"block":"https:\/\/d2q6z78khxmx42.cloudfront.net\/2021\/02\/7_I - Roof Line Garden-900x680.jpg","block-width":900,"block-height":680,"card":"https:\/\/d2q6z78khxmx42.cloudfront.net\/2021\/02\/7_I - Roof Line Garden-560x495.jpg","card-width":560,"card-height":495,"card-thumbnail":"https:\/\/d2q6z78khxmx42.cloudfront.net\/2021\/02\/7_I - Roof Line Garden-450x340.jpg","card-thumbnail-width":450,"card-thumbnail-height":340,"conference":"https:\/\/d2q6z78khxmx42.cloudfront.net\/2021\/02\/7_I - Roof Line Garden-560x250.jpg","conference-width":560,"conference-height":250,"contest":"https:\/\/d2q6z78khxmx42.cloudfront.net\/2021\/02\/7_I - Roof Line Garden-960x400.jpg","contest-width":960,"contest-height":400,"cta":"https:\/\/d2q6z78khxmx42.cloudfront.net\/2021\/02\/7_I - Roof Line Garden-415x170.jpg","cta-width":415,"cta-height":170,"exhibitor":"https:\/\/d2q6z78khxmx42.cloudfront.net\/2021\/02\/7_I - Roof Line Garden-560x560.jpg","exhibitor-width":560,"exhibitor-height":560,"gallery":"https:\/\/d2q6z78khxmx42.cloudfront.net\/2021\/02\/7_I - Roof Line Garden-344x430.jpg","gallery-width":344,"gallery-height":430,"logo":"https:\/\/d2q6z78khxmx42.cloudfront.net\/2021\/02\/7_I - Roof Line Garden-80x100.jpg","logo-width":80,"logo-height":100,"masonry":"https:\/\/d2q6z78khxmx42.cloudfront.net\/2021\/02\/7_I - Roof Line Garden-550x688.jpg","masonry-width":550,"masonry-height":688,"modal":"https:\/\/d2q6z78khxmx42.cloudfront.net\/2021\/02\/7_I - Roof Line Garden.jpg","modal-width":1080,"modal-height":1350,"number":"https:\/\/d2q6z78khxmx42.cloudfront.net\/2021\/02\/PdNI2sUA-7_I - Roof Line Garden-344x430.jpg","number-width":344,"number-height":430,"partner":"https:\/\/d2q6z78khxmx42.cloudfront.net\/2021\/02\/7_I - Roof Line Garden-168x210.jpg","partner-width":168,"partner-height":210,"ranking":"https:\/\/d2q6z78khxmx42.cloudfront.net\/2021\/02\/PdNI2sUA-7_I - Roof Line Garden-960x540.jpg","ranking-width":960,"ranking-height":540,"schedule":"https:\/\/d2q6z78khxmx42.cloudfront.net\/2021\/02\/7_I - Roof Line Garden-960x360.jpg","schedule-width":960,"schedule-height":360,"slideshow":"https:\/\/d2q6z78khxmx42.cloudfront.net\/2021\/02\/7_I - Roof Line Garden-544x680.jpg","slideshow-width":544,"slideshow-height":680}},"filters":[1001,99],"suppliers":false,"attachment_category":[]},{"categories":[405],"credit":"n\/d","image":{"ID":63869,"id":63869,"title":"J - Roof Line Garden","filename":"7_J - Roof Line Garden-scaled.jpg","filesize":0,"url":"https:\/\/int.design\/wp-content\/uploads\/2021\/02\/7_J - Roof Line Garden-scaled.jpg","link":"https:\/\/int.design\/fr\/projets\/roof-line-garden\/j-roof-line-garden-3\/","alt":"","author":"697","description":"Roof Line Garden Coryn Kempster \/ Julia Jamrozik Festival international de jardins Mus\u00e9e de la civilisation de Qu\u00e9bec","caption":"","name":"j-roof-line-garden-3","status":"inherit","uploaded_to":62200,"date":"2021-02-26 14:07:18","modified":"2022-02-08 12:18:28","menu_order":0,"mime_type":"image\/jpeg","type":"image","subtype":"jpeg","icon":"https:\/\/int.design\/wp-includes\/images\/media\/default.png","width":2560,"height":1707,"sizes":{"thumbnail":"https:\/\/int.design\/wp-content\/uploads\/2021\/02\/7_J - Roof Line Garden-150x150.jpg","thumbnail-width":150,"thumbnail-height":150,"medium":"https:\/\/int.design\/wp-content\/uploads\/2021\/02\/7_J - Roof Line Garden-300x200.jpg","medium-width":300,"medium-height":200,"medium_large":"https:\/\/int.design\/wp-content\/uploads\/2021\/02\/7_J - Roof Line Garden-768x512.jpg","medium_large-width":768,"medium_large-height":512,"large":"https:\/\/int.design\/wp-content\/uploads\/2021\/02\/7_J - Roof Line Garden-1024x683.jpg","large-width":1024,"large-height":683,"1536x1536":"https:\/\/int.design\/wp-content\/uploads\/2021\/02\/7_J - Roof Line Garden-1536x1024.jpg","1536x1536-width":1536,"1536x1536-height":1024,"2048x2048":"https:\/\/int.design\/wp-content\/uploads\/2021\/02\/7_J - Roof Line Garden-2048x1365.jpg","2048x2048-width":2048,"2048x2048-height":1365,"article":"https:\/\/int.design\/wp-content\/uploads\/2021\/02\/7_J - Roof Line Garden-960x540.jpg","article-width":960,"article-height":540,"banner":"https:\/\/int.design\/wp-content\/uploads\/2021\/02\/7_J - Roof Line Garden-1920x1280.jpg","banner-width":1920,"banner-height":1280,"block":"https:\/\/int.design\/wp-content\/uploads\/2021\/02\/7_J - Roof Line Garden-900x680.jpg","block-width":900,"block-height":680,"card":"https:\/\/int.design\/wp-content\/uploads\/2021\/02\/7_J - Roof Line Garden-560x495.jpg","card-width":560,"card-height":495,"card-thumbnail":"https:\/\/int.design\/wp-content\/uploads\/2021\/02\/7_J - Roof Line Garden-450x340.jpg","card-thumbnail-width":450,"card-thumbnail-height":340,"conference":"https:\/\/int.design\/wp-content\/uploads\/2021\/02\/7_J - Roof Line Garden-560x250.jpg","conference-width":560,"conference-height":250,"contest":"https:\/\/int.design\/wp-content\/uploads\/2021\/02\/7_J - Roof Line Garden-960x400.jpg","contest-width":960,"contest-height":400,"cta":"https:\/\/int.design\/wp-content\/uploads\/2021\/02\/7_J - Roof Line Garden-415x170.jpg","cta-width":415,"cta-height":170,"exhibitor":"https:\/\/int.design\/wp-content\/uploads\/2021\/02\/7_J - Roof Line Garden-560x560.jpg","exhibitor-width":560,"exhibitor-height":560,"gallery":"https:\/\/int.design\/wp-content\/uploads\/2021\/02\/7_J - Roof Line Garden-560x373.jpg","gallery-width":560,"gallery-height":373,"logo":"https:\/\/int.design\/wp-content\/uploads\/2021\/02\/7_J - Roof Line Garden-150x100.jpg","logo-width":150,"logo-height":100,"masonry":"https:\/\/int.design\/wp-content\/uploads\/2021\/02\/7_J - Roof Line Garden-550x367.jpg","masonry-width":550,"masonry-height":367,"modal":"https:\/\/int.design\/wp-content\/uploads\/2021\/02\/7_J - Roof Line Garden-1920x1280.jpg","modal-width":1920,"modal-height":1280,"number":"https:\/\/int.design\/wp-content\/uploads\/2021\/02\/7_J - Roof Line Garden-560x373.jpg","number-width":560,"number-height":373,"partner":"https:\/\/int.design\/wp-content\/uploads\/2021\/02\/7_J - Roof Line Garden-275x183.jpg","partner-width":275,"partner-height":183,"ranking":"https:\/\/int.design\/wp-content\/uploads\/2021\/02\/7_J - Roof Line Garden-960x540.jpg","ranking-width":960,"ranking-height":540,"schedule":"https:\/\/int.design\/wp-content\/uploads\/2021\/02\/7_J - Roof Line Garden-960x360.jpg","schedule-width":960,"schedule-height":360,"slideshow":"https:\/\/int.design\/wp-content\/uploads\/2021\/02\/7_J - Roof Line Garden-1020x680.jpg","slideshow-width":1020,"slideshow-height":680}},"filters":[1001,99],"suppliers":false,"attachment_category":[]},{"categories":[405],"credit":"Johanne Lacoste","image":{"ID":63873,"id":63873,"title":"Francois_Ozan_4314_relv20_0003","filename":"7_Francois_Ozan_4314_relv20_0003-scaled.jpg","filesize":0,"url":"https:\/\/int.design\/wp-content\/uploads\/2021\/02\/7_Francois_Ozan_4314_relv20_0003-scaled.jpg","link":"https:\/\/int.design\/fr\/projets\/roof-line-garden\/francois_ozan_4314_relv20_0003-3\/","alt":"","author":"697","description":"Roof Line Garden Coryn Kempster \/ Julia Jamrozik Festival international de jardins Mus\u00e9e de la civilisation de Qu\u00e9bec","caption":"","name":"francois_ozan_4314_relv20_0003-3","status":"inherit","uploaded_to":62200,"date":"2021-02-26 14:09:15","modified":"2022-02-08 12:18:28","menu_order":0,"mime_type":"image\/jpeg","type":"image","subtype":"jpeg","icon":"https:\/\/int.design\/wp-includes\/images\/media\/default.png","width":2560,"height":1707,"sizes":{"thumbnail":"https:\/\/int.design\/wp-content\/uploads\/2021\/02\/7_Francois_Ozan_4314_relv20_0003-150x150.jpg","thumbnail-width":150,"thumbnail-height":150,"medium":"https:\/\/int.design\/wp-content\/uploads\/2021\/02\/7_Francois_Ozan_4314_relv20_0003-300x200.jpg","medium-width":300,"medium-height":200,"medium_large":"https:\/\/int.design\/wp-content\/uploads\/2021\/02\/7_Francois_Ozan_4314_relv20_0003-768x512.jpg","medium_large-width":768,"medium_large-height":512,"large":"https:\/\/int.design\/wp-content\/uploads\/2021\/02\/7_Francois_Ozan_4314_relv20_0003-1024x683.jpg","large-width":1024,"large-height":683,"1536x1536":"https:\/\/int.design\/wp-content\/uploads\/2021\/02\/7_Francois_Ozan_4314_relv20_0003-1536x1024.jpg","1536x1536-width":1536,"1536x1536-height":1024,"2048x2048":"https:\/\/int.design\/wp-content\/uploads\/2021\/02\/7_Francois_Ozan_4314_relv20_0003-2048x1365.jpg","2048x2048-width":2048,"2048x2048-height":1365,"article":"https:\/\/int.design\/wp-content\/uploads\/2021\/02\/7_Francois_Ozan_4314_relv20_0003-960x540.jpg","article-width":960,"article-height":540,"banner":"https:\/\/int.design\/wp-content\/uploads\/2021\/02\/7_Francois_Ozan_4314_relv20_0003-1920x1280.jpg","banner-width":1920,"banner-height":1280,"block":"https:\/\/int.design\/wp-content\/uploads\/2021\/02\/7_Francois_Ozan_4314_relv20_0003-900x680.jpg","block-width":900,"block-height":680,"card":"https:\/\/int.design\/wp-content\/uploads\/2021\/02\/7_Francois_Ozan_4314_relv20_0003-560x495.jpg","card-width":560,"card-height":495,"card-thumbnail":"https:\/\/int.design\/wp-content\/uploads\/2021\/02\/7_Francois_Ozan_4314_relv20_0003-450x340.jpg","card-thumbnail-width":450,"card-thumbnail-height":340,"conference":"https:\/\/int.design\/wp-content\/uploads\/2021\/02\/7_Francois_Ozan_4314_relv20_0003-560x250.jpg","conference-width":560,"conference-height":250,"contest":"https:\/\/int.design\/wp-content\/uploads\/2021\/02\/7_Francois_Ozan_4314_relv20_0003-960x400.jpg","contest-width":960,"contest-height":400,"cta":"https:\/\/int.design\/wp-content\/uploads\/2021\/02\/7_Francois_Ozan_4314_relv20_0003-415x170.jpg","cta-width":415,"cta-height":170,"exhibitor":"https:\/\/int.design\/wp-content\/uploads\/2021\/02\/7_Francois_Ozan_4314_relv20_0003-560x560.jpg","exhibitor-width":560,"exhibitor-height":560,"gallery":"https:\/\/int.design\/wp-content\/uploads\/2021\/02\/7_Francois_Ozan_4314_relv20_0003-560x373.jpg","gallery-width":560,"gallery-height":373,"logo":"https:\/\/int.design\/wp-content\/uploads\/2021\/02\/7_Francois_Ozan_4314_relv20_0003-150x100.jpg","logo-width":150,"logo-height":100,"masonry":"https:\/\/int.design\/wp-content\/uploads\/2021\/02\/7_Francois_Ozan_4314_relv20_0003-550x367.jpg","masonry-width":550,"masonry-height":367,"modal":"https:\/\/int.design\/wp-content\/uploads\/2021\/02\/7_Francois_Ozan_4314_relv20_0003-1920x1280.jpg","modal-width":1920,"modal-height":1280,"number":"https:\/\/int.design\/wp-content\/uploads\/2021\/02\/7_Francois_Ozan_4314_relv20_0003-560x373.jpg","number-width":560,"number-height":373,"partner":"https:\/\/int.design\/wp-content\/uploads\/2021\/02\/7_Francois_Ozan_4314_relv20_0003-275x183.jpg","partner-width":275,"partner-height":183,"ranking":"https:\/\/int.design\/wp-content\/uploads\/2021\/02\/7_Francois_Ozan_4314_relv20_0003-960x540.jpg","ranking-width":960,"ranking-height":540,"schedule":"https:\/\/int.design\/wp-content\/uploads\/2021\/02\/7_Francois_Ozan_4314_relv20_0003-960x360.jpg","schedule-width":960,"schedule-height":360,"slideshow":"https:\/\/int.design\/wp-content\/uploads\/2021\/02\/7_Francois_Ozan_4314_relv20_0003-1020x680.jpg","slideshow-width":1020,"slideshow-height":680}},"filters":[1001,99],"suppliers":false,"attachment_category":[]},{"categories":[405],"credit":"Johanne Lacoste","image":{"ID":63884,"id":63884,"title":"20200701_103948","filename":"20200701_103948-scaled.jpg","filesize":0,"url":"https:\/\/int.design\/wp-content\/uploads\/2021\/02\/20200701_103948-scaled.jpg","link":"https:\/\/int.design\/fr\/projets\/roof-line-garden\/20200701_103948\/","alt":"","author":"697","description":"Roof Line Garden Coryn Kempster \/ Julia Jamrozik Festival international de jardins Mus\u00e9e de la civilisation de Qu\u00e9bec","caption":"","name":"20200701_103948","status":"inherit","uploaded_to":62200,"date":"2021-02-26 14:35:24","modified":"2022-02-08 12:18:28","menu_order":0,"mime_type":"image\/jpeg","type":"image","subtype":"jpeg","icon":"https:\/\/int.design\/wp-includes\/images\/media\/default.png","width":1920,"height":2560,"sizes":{"thumbnail":"https:\/\/int.design\/wp-content\/uploads\/2021\/02\/20200701_103948-150x150.jpg","thumbnail-width":150,"thumbnail-height":150,"medium":"https:\/\/int.design\/wp-content\/uploads\/2021\/02\/20200701_103948-225x300.jpg","medium-width":225,"medium-height":300,"medium_large":"https:\/\/int.design\/wp-content\/uploads\/2021\/02\/20200701_103948-768x1024.jpg","medium_large-width":768,"medium_large-height":1024,"large":"https:\/\/int.design\/wp-content\/uploads\/2021\/02\/20200701_103948-768x1024.jpg","large-width":768,"large-height":1024,"1536x1536":"https:\/\/int.design\/wp-content\/uploads\/2021\/02\/20200701_103948-1152x1536.jpg","1536x1536-width":1152,"1536x1536-height":1536,"2048x2048":"https:\/\/int.design\/wp-content\/uploads\/2021\/02\/20200701_103948-1536x2048.jpg","2048x2048-width":1536,"2048x2048-height":2048,"article":"https:\/\/int.design\/wp-content\/uploads\/2021\/02\/20200701_103948-960x540.jpg","article-width":960,"article-height":540,"banner":"https:\/\/int.design\/wp-content\/uploads\/2021\/02\/20200701_103948-1920x2560.jpg","banner-width":1920,"banner-height":2560,"block":"https:\/\/int.design\/wp-content\/uploads\/2021\/02\/20200701_103948-900x680.jpg","block-width":900,"block-height":680,"card":"https:\/\/int.design\/wp-content\/uploads\/2021\/02\/20200701_103948-560x495.jpg","card-width":560,"card-height":495,"card-thumbnail":"https:\/\/int.design\/wp-content\/uploads\/2021\/02\/20200701_103948-450x340.jpg","card-thumbnail-width":450,"card-thumbnail-height":340,"conference":"https:\/\/int.design\/wp-content\/uploads\/2021\/02\/20200701_103948-560x250.jpg","conference-width":560,"conference-height":250,"contest":"https:\/\/int.design\/wp-content\/uploads\/2021\/02\/20200701_103948-960x400.jpg","contest-width":960,"contest-height":400,"cta":"https:\/\/int.design\/wp-content\/uploads\/2021\/02\/20200701_103948-415x170.jpg","cta-width":415,"cta-height":170,"exhibitor":"https:\/\/int.design\/wp-content\/uploads\/2021\/02\/20200701_103948-560x560.jpg","exhibitor-width":560,"exhibitor-height":560,"gallery":"https:\/\/int.design\/wp-content\/uploads\/2021\/02\/20200701_103948-323x430.jpg","gallery-width":323,"gallery-height":430,"logo":"https:\/\/int.design\/wp-content\/uploads\/2021\/02\/20200701_103948-75x100.jpg","logo-width":75,"logo-height":100,"masonry":"https:\/\/int.design\/wp-content\/uploads\/2021\/02\/20200701_103948-550x733.jpg","masonry-width":550,"masonry-height":733,"modal":"https:\/\/int.design\/wp-content\/uploads\/2021\/02\/20200701_103948-1440x1920.jpg","modal-width":1440,"modal-height":1920,"number":"https:\/\/int.design\/wp-content\/uploads\/2021\/02\/20200701_103948-323x430.jpg","number-width":323,"number-height":430,"partner":"https:\/\/int.design\/wp-content\/uploads\/2021\/02\/20200701_103948-158x210.jpg","partner-width":158,"partner-height":210,"ranking":"https:\/\/int.design\/wp-content\/uploads\/2021\/02\/20200701_103948-960x540.jpg","ranking-width":960,"ranking-height":540,"schedule":"https:\/\/int.design\/wp-content\/uploads\/2021\/02\/20200701_103948-960x360.jpg","schedule-width":960,"schedule-height":360,"slideshow":"https:\/\/int.design\/wp-content\/uploads\/2021\/02\/20200701_103948-510x680.jpg","slideshow-width":510,"slideshow-height":680}},"filters":[1001,99],"suppliers":false,"attachment_category":[]},{"categories":[405],"credit":"Marie-Jos\u00e9e Marcotte - Ic\u00f4ne","image":{"ID":63887,"id":63887,"title":"Roof_Line_Garden_4314_media_0002","filename":"Roof_Line_Garden_4314_media_0002.jpg","filesize":0,"url":"https:\/\/d2q6z78khxmx42.cloudfront.net\/2021\/02\/Roof_Line_Garden_4314_media_0002.jpg","link":"https:\/\/int.design\/fr\/projets\/roof-line-garden\/roof_line_garden_4314_media_0002\/","alt":"","author":"697","description":"Roof Line Garden Coryn Kempster \/ Julia Jamrozik Festival international de jardins Mus\u00e9e de la civilisation de Qu\u00e9bec","caption":"","name":"roof_line_garden_4314_media_0002","status":"inherit","uploaded_to":62200,"date":"2021-02-26 14:47:30","modified":"2022-02-08 12:18:28","menu_order":0,"mime_type":"image\/jpeg","type":"image","subtype":"jpeg","icon":"https:\/\/int.design\/wp-includes\/images\/media\/default.png","width":1431,"height":2100,"sizes":{"thumbnail":"https:\/\/d2q6z78khxmx42.cloudfront.net\/2021\/02\/Roof_Line_Garden_4314_media_0002-150x150.jpg","thumbnail-width":150,"thumbnail-height":150,"medium":"https:\/\/d2q6z78khxmx42.cloudfront.net\/2021\/02\/Roof_Line_Garden_4314_media_0002-204x300.jpg","medium-width":204,"medium-height":300,"medium_large":"https:\/\/d2q6z78khxmx42.cloudfront.net\/2021\/02\/Roof_Line_Garden_4314_media_0002-768x1127.jpg","medium_large-width":768,"medium_large-height":1127,"large":"https:\/\/d2q6z78khxmx42.cloudfront.net\/2021\/02\/Roof_Line_Garden_4314_media_0002-698x1024.jpg","large-width":698,"large-height":1024,"1536x1536":"https:\/\/d2q6z78khxmx42.cloudfront.net\/2021\/02\/Roof_Line_Garden_4314_media_0002-1047x1536.jpg","1536x1536-width":1047,"1536x1536-height":1536,"2048x2048":"https:\/\/d2q6z78khxmx42.cloudfront.net\/2021\/02\/Roof_Line_Garden_4314_media_0002-1396x2048.jpg","2048x2048-width":1396,"2048x2048-height":2048,"article":"https:\/\/d2q6z78khxmx42.cloudfront.net\/2021\/02\/Roof_Line_Garden_4314_media_0002-960x540.jpg","article-width":960,"article-height":540,"banner":"https:\/\/d2q6z78khxmx42.cloudfront.net\/2021\/02\/Roof_Line_Garden_4314_media_0002.jpg","banner-width":1431,"banner-height":2100,"block":"https:\/\/d2q6z78khxmx42.cloudfront.net\/2021\/02\/Roof_Line_Garden_4314_media_0002-900x680.jpg","block-width":900,"block-height":680,"card":"https:\/\/d2q6z78khxmx42.cloudfront.net\/2021\/02\/Roof_Line_Garden_4314_media_0002-560x495.jpg","card-width":560,"card-height":495,"card-thumbnail":"https:\/\/d2q6z78khxmx42.cloudfront.net\/2021\/02\/Roof_Line_Garden_4314_media_0002-450x340.jpg","card-thumbnail-width":450,"card-thumbnail-height":340,"conference":"https:\/\/d2q6z78khxmx42.cloudfront.net\/2021\/02\/Roof_Line_Garden_4314_media_0002-560x250.jpg","conference-width":560,"conference-height":250,"contest":"https:\/\/d2q6z78khxmx42.cloudfront.net\/2021\/02\/Roof_Line_Garden_4314_media_0002-960x400.jpg","contest-width":960,"contest-height":400,"cta":"https:\/\/d2q6z78khxmx42.cloudfront.net\/2021\/02\/Roof_Line_Garden_4314_media_0002-415x170.jpg","cta-width":415,"cta-height":170,"exhibitor":"https:\/\/d2q6z78khxmx42.cloudfront.net\/2021\/02\/Roof_Line_Garden_4314_media_0002-560x560.jpg","exhibitor-width":560,"exhibitor-height":560,"gallery":"https:\/\/d2q6z78khxmx42.cloudfront.net\/2021\/02\/Roof_Line_Garden_4314_media_0002-293x430.jpg","gallery-width":293,"gallery-height":430,"logo":"https:\/\/d2q6z78khxmx42.cloudfront.net\/2021\/02\/Roof_Line_Garden_4314_media_0002-68x100.jpg","logo-width":68,"logo-height":100,"masonry":"https:\/\/d2q6z78khxmx42.cloudfront.net\/2021\/02\/Roof_Line_Garden_4314_media_0002-550x807.jpg","masonry-width":550,"masonry-height":807,"modal":"https:\/\/d2q6z78khxmx42.cloudfront.net\/2021\/02\/Roof_Line_Garden_4314_media_0002-1308x1920.jpg","modal-width":1308,"modal-height":1920,"number":"https:\/\/d2q6z78khxmx42.cloudfront.net\/2021\/02\/Pl2p2nz2-Roof_Line_Garden_4314_media_0002-293x430.jpg","number-width":293,"number-height":430,"partner":"https:\/\/d2q6z78khxmx42.cloudfront.net\/2021\/02\/Roof_Line_Garden_4314_media_0002-143x210.jpg","partner-width":143,"partner-height":210,"ranking":"https:\/\/d2q6z78khxmx42.cloudfront.net\/2021\/02\/Pl2p2nz2-Roof_Line_Garden_4314_media_0002-960x540.jpg","ranking-width":960,"ranking-height":540,"schedule":"https:\/\/d2q6z78khxmx42.cloudfront.net\/2021\/02\/Roof_Line_Garden_4314_media_0002-960x360.jpg","schedule-width":960,"schedule-height":360,"slideshow":"https:\/\/d2q6z78khxmx42.cloudfront.net\/2021\/02\/Roof_Line_Garden_4314_media_0002-463x680.jpg","slideshow-width":463,"slideshow-height":680}},"filters":[1001,99],"suppliers":false,"attachment_category":[]}],"mandatory_documents":[{"name":"Roof Line Garden","file":{"ID":63882,"id":63882,"title":"Roof Line Garden","filename":"6_Roof Line Garden.pdf","filesize":0,"url":"https:\/\/d2q6z78khxmx42.cloudfront.net\/2021\/02\/6_Roof Line Garden.pdf","link":"https:\/\/int.design\/fr\/projets\/roof-line-garden\/roof-line-garden-3\/","alt":"","author":"697","description":"","caption":"","name":"roof-line-garden-3","status":"inherit","uploaded_to":62200,"date":"2021-02-26 14:24:40","modified":"2021-02-26 14:25:24","menu_order":0,"mime_type":"application\/pdf","type":"application","subtype":"pdf","icon":"https:\/\/int.design\/wp-includes\/images\/media\/document.png"}}],"optional_documents":[{"name":"","file":{"ID":63883,"id":63883,"title":"Roof Line Garden 2018-2019-2020","filename":"Roof Line Garden 2018-2019-2020.pdf","filesize":0,"url":"https:\/\/d2q6z78khxmx42.cloudfront.net\/2021\/02\/Roof Line Garden 2018-2019-2020.pdf","link":"https:\/\/int.design\/fr\/projets\/roof-line-garden\/roof-line-garden-2018-2019-2020\/","alt":"","author":"697","description":"","caption":"","name":"roof-line-garden-2018-2019-2020","status":"inherit","uploaded_to":62200,"date":"2021-02-26 14:24:52","modified":"2021-02-26 14:25:25","menu_order":0,"mime_type":"application\/pdf","type":"application","subtype":"pdf","icon":"https:\/\/int.design\/wp-includes\/images\/media\/document.png"}}],"web_text":{"fr":"<p>Le ruban de barricade est un mat\u00e9riau artificiel g\u00e9n\u00e9ralement utilis\u00e9 pour d\u00e9limiter un p\u00e9rim\u00e8tre et emp\u00eacher les gens d&#39;entrer. Mais dans Roof Line Garden, il invite plut\u00f4t \u00e0 entrer et \u00e0 habiter un environnement immersif color\u00e9. Occupant en saison estivale le toit-terrasse du Mus\u00e9e de la civilisation de Qu\u00e9bec, de 2018 \u00e0 2020, et visible depuis la rue, la terrasse Dufferin et m\u00eame sur le pont de la traverse Qu\u00e9bec-L\u00e9vis, l&#39;installation r\u00e9interpr\u00e8te la ligne de toiture du b\u00e2timent con\u00e7u par l\u2019architecte Moshe Safdie et celle des toits du Vieux-Qu\u00e9bec. <\/p>\n<p>Cr\u00e9ant une canop\u00e9e de lignes color\u00e9es, des milliers de rubans sont suspendus \u00e0 un cadre m\u00e9tallique triangul\u00e9 avec un filet tendu comme armature. Inspir\u00e9 par la th\u00e9matique de l\u2019exposition estivale majeure du Mus\u00e9e, le projet varie d\u2019ann\u00e9e en ann\u00e9e selon les motifs, l&#39;ordre, la couleur et la densit\u00e9 des rubans, comme un jeu sur le langage formel de la conception historique des jardins, en utilisant des mat\u00e9riaux contemporains. L&#39;exp\u00e9rience v\u00e9cue change avec l&#39;intensit\u00e9 de la lumi\u00e8re et du vent, et la transformation est \u00e0 la fois visuelle et auditive, car le mouvement des rubans passe d&#39;une agitation silencieuse \u00e0 un bruissement vigoureux.<\/p>\n<p>L\u2019installation est une variation surdimensionn\u00e9e de Line Garden, cr\u00e9\u00e9e par les m\u00eames concepteurs en 2014, au Festival international de jardins des Jardins de M\u00e9tis. Elle s\u2019inscrit dans le volet extra-muros \u00ab M\u00e9tis-sur-\u2026 \u00bb, qui a comme objectif de faire voyager la cr\u00e9ation contemporaine. <\/p>\n","en":"<p>Barricade tape is an ubiquitous, man-made material, typically used to delineate a perimeter and keep people out, but in Roof Line Garden it invites people in, to inhabit a colourful immersive environment. Occupying the rooftop terrace of the Mus\u00e9e de la civilisation de Qu\u00e9bec during the summer season, from 2018 to 2020, and visible from the street, the Dufferin Terrace and even on the Qu\u00e9bec City-L\u00e9vis Ferry, the installation reinterprets both the roof line of the Moshe Safdie designed building and the roofs of Old Qu\u00e9bec.<\/p>\n<p>Creating a canopy of colorful lines, thousands of strands of tape are suspended from a triangulated metal frame with a stretched net as armature. Inspired by the theme of the Museum&#39;s major summer exhibition, the project works with patterns, order, colour and density, as a play on the formal language of historical garden design but uses contemporary hyper un-natural materials. The experience of the installation changes with the intensity of light and wind, and this transformation is both visual and auditory, as the tape\u2019s movement varies from a quiet stir to a vigorous rustle.<\/p>\n<p>This installation is a reinterpretation of Line Garden, created by the same designers in 2014 for the International Garden Festival at the Jardins de M\u00e9tis. It is part of the Festival&#39;s extra-mural component, &#34;M\u00e9tis-sur-&#8230;&#34;, which aims to bring contemporary creation to an urban environment.<\/p>\n","original":""},"jury_text":[{"category":405,"fr":"<p>Le ruban de barricade est un mat\u00e9riau artificiel g\u00e9n\u00e9ralement utilis\u00e9 pour d\u00e9limiter un p\u00e9rim\u00e8tre et emp\u00eacher les gens d&#39;entrer. Mais dans Roof Line Garden, il invite plut\u00f4t \u00e0 entrer et \u00e0 habiter un environnement immersif color\u00e9. Occupant en saison estivale le toit-terrasse du Mus\u00e9e de la civilisation de Qu\u00e9bec, de 2018 \u00e0 2020, et visible depuis la rue, la terrasse Dufferin et m\u00eame sur le pont de la traverse Qu\u00e9bec-L\u00e9vis, l&#39;installation r\u00e9interpr\u00e8te la ligne de toiture du b\u00e2timent con\u00e7u par l\u2019architecte Moshe Safdie et celle des toits du Vieux-Qu\u00e9bec. <\/p>\n<p>Cr\u00e9ant une canop\u00e9e de lignes color\u00e9es, des milliers de rubans sont suspendus \u00e0 un cadre m\u00e9tallique triangul\u00e9 avec un filet tendu comme armature. Inspir\u00e9 par la th\u00e9matique de l\u2019exposition estivale majeure du Mus\u00e9e, le projet varie d\u2019ann\u00e9e en ann\u00e9e selon les motifs, l&#39;ordre, la couleur et la densit\u00e9 des rubans, comme un jeu sur le langage formel de la conception historique des jardins, en utilisant des mat\u00e9riaux contemporains. L&#39;exp\u00e9rience v\u00e9cue change avec l&#39;intensit\u00e9 de la lumi\u00e8re et du vent, et la transformation est \u00e0 la fois visuelle et auditive, car le mouvement des rubans passe d&#39;une agitation silencieuse \u00e0 un bruissement vigoureux.<\/p>\n<p>L\u2019installation est une variation surdimensionn\u00e9e de Line Garden, cr\u00e9\u00e9e par les m\u00eames concepteurs en 2014, au Festival international de jardins des Jardins de M\u00e9tis. Elle s\u2019inscrit dans le volet extra-muros \u00ab M\u00e9tis-sur-\u2026 \u00bb, qui a comme objectif de faire voyager la cr\u00e9ation contemporaine. <\/p>\n","en":"<p>Barricade tape is an ubiquitous, man-made material, typically used to delineate a perimeter and keep people out, but in Roof Line Garden it invites people in, to inhabit a colourful immersive environment. Occupying the rooftop terrace of the Mus\u00e9e de la civilisation de Qu\u00e9bec during the summer season, from 2018 to 2020, and visible from the street, the Dufferin Terrace and even on the Qu\u00e9bec City-L\u00e9vis Ferry, the installation reinterprets both the roof line of the Moshe Safdie designed building and the roofs of Old Qu\u00e9bec.<\/p>\n<p>Creating a canopy of colorful lines, thousands of strands of tape are suspended from a triangulated metal frame with a stretched net as armature. Inspired by the theme of the Museum&#39;s major summer exhibition, the project works with patterns, order, colour and density, as a play on the formal language of historical garden design but uses contemporary hyper un-natural materials. The experience of the installation changes with the intensity of light and wind, and this transformation is both visual and auditory, as the tape\u2019s movement varies from a quiet stir to a vigorous rustle.<\/p>\n<p>This installation is a reinterpretation of Line Garden, created by the same designers in 2014 for the International Garden Festival at the Jardins de M\u00e9tis. It is part of the Festival&#39;s extra-mural component, &#34;M\u00e9tis-sur-&#8230;&#34;, which aims to bring contemporary creation to an urban environment.<\/p>\n","original":""}],"different_jury_text":false,"different_category_text":false},"laureats":[{"cat_id":405,"cat_id_laureat":1035,"laureat":"Certification Or"}],"contest_id":"1180","contest_title":"GRANDS PRIX DU DESIGN - 14e \u00e9dition","firms":[],"user":{"email":"festival@jardinsdemetis.com","first_name":"Sylvain","last_name":"Legris"},"doc_texts_web":{"fr":"","en":""},"permalinks":{"fr":"https:\/\/int.design\/fr\/projets\/roof-line-garden\/","en":"https:\/\/int.design\/en\/projects\/roof-line-garden\/"},"titles":{"fr":"Roof Line Garden","en":"Roof Line Garden"},"wp_fields":[],"laravel_id":""},"_links":{"self":[{"href":"https:\/\/int.design\/fr\/wp-json\/wp\/v2\/project\/62200","targetHints":{"allow":["GET"]}}],"collection":[{"href":"https:\/\/int.design\/fr\/wp-json\/wp\/v2\/project"}],"about":[{"href":"https:\/\/int.design\/fr\/wp-json\/wp\/v2\/types\/project"}],"wp:attachment":[{"href":"https:\/\/int.design\/fr\/wp-json\/wp\/v2\/media?parent=62200"}],"curies":[{"name":"wp","href":"https:\/\/api.w.org\/{rel}","templated":true}]}}