{"id":61746,"date":"2021-07-14T19:37:35","date_gmt":"2021-07-14T23:37:35","guid":{"rendered":"https:\/\/int.design\/?post_type=project&#038;p=61746"},"modified":"2021-07-16T13:54:02","modified_gmt":"2021-07-16T17:54:02","slug":"kastnerohler-mode-gmbh","status":"publish","type":"project","link":"https:\/\/int.design\/fr\/projets\/kastnerohler-mode-gmbh\/","title":{"rendered":"Kastner&amp;\u00d6hler Mode GmbH"},"content":{"rendered":"","protected":false},"template":"","class_list":["post-61746","project","type-project","status-publish","hentry","project_category-design-dinterieur","project_category-commerce","project_category-espace-commercial-de-plus-de-5-400-pi2-plus-de-500-m2"],"acf":[],"yoast_head":"<!-- This site is optimized with the Yoast SEO plugin v21.5 - https:\/\/yoast.com\/wordpress\/plugins\/seo\/ -->\n<title>Kastner&amp;\u00d6hler Mode GmbH - INT Design<\/title>\n<meta name=\"robots\" content=\"index, follow, max-snippet:-1, max-image-preview:large, max-video-preview:-1\" \/>\n<link rel=\"canonical\" href=\"https:\/\/int.design\/fr\/projets\/kastnerohler-mode-gmbh\/\" \/>\n<meta property=\"og:locale\" content=\"fr_FR\" \/>\n<meta property=\"og:type\" content=\"article\" \/>\n<meta property=\"og:title\" content=\"Kastner&amp;\u00d6hler Mode GmbH - INT Design\" \/>\n<meta property=\"og:url\" content=\"https:\/\/int.design\/fr\/projets\/kastnerohler-mode-gmbh\/\" \/>\n<meta property=\"og:site_name\" content=\"INT Design\" \/>\n<meta property=\"article:modified_time\" content=\"2021-07-16T17:54:02+00:00\" \/>\n<meta name=\"twitter:card\" content=\"summary_large_image\" \/>\n<script type=\"application\/ld+json\" class=\"yoast-schema-graph\">{\"@context\":\"https:\/\/schema.org\",\"@graph\":[{\"@type\":\"WebPage\",\"@id\":\"https:\/\/int.design\/fr\/projets\/kastnerohler-mode-gmbh\/\",\"url\":\"https:\/\/int.design\/fr\/projets\/kastnerohler-mode-gmbh\/\",\"name\":\"Kastner&amp;\u00d6hler Mode GmbH - INT Design\",\"isPartOf\":{\"@id\":\"https:\/\/int.design\/fr\/#website\"},\"datePublished\":\"2021-07-14T23:37:35+00:00\",\"dateModified\":\"2021-07-16T17:54:02+00:00\",\"breadcrumb\":{\"@id\":\"https:\/\/int.design\/fr\/projets\/kastnerohler-mode-gmbh\/#breadcrumb\"},\"inLanguage\":\"fr-FR\",\"potentialAction\":[{\"@type\":\"ReadAction\",\"target\":[\"https:\/\/int.design\/fr\/projets\/kastnerohler-mode-gmbh\/\"]}]},{\"@type\":\"BreadcrumbList\",\"@id\":\"https:\/\/int.design\/fr\/projets\/kastnerohler-mode-gmbh\/#breadcrumb\",\"itemListElement\":[{\"@type\":\"ListItem\",\"position\":1,\"name\":\"Home\",\"item\":\"https:\/\/int.design\/fr\/\"},{\"@type\":\"ListItem\",\"position\":2,\"name\":\"Projects\",\"item\":\"https:\/\/int.design\/en\/projects\/\"},{\"@type\":\"ListItem\",\"position\":3,\"name\":\"Kastner&amp;\u00d6hler Mode GmbH\"}]},{\"@type\":\"WebSite\",\"@id\":\"https:\/\/int.design\/fr\/#website\",\"url\":\"https:\/\/int.design\/fr\/\",\"name\":\"INT Design\",\"description\":\"\",\"potentialAction\":[{\"@type\":\"SearchAction\",\"target\":{\"@type\":\"EntryPoint\",\"urlTemplate\":\"https:\/\/int.design\/fr\/?s={search_term_string}\"},\"query-input\":\"required name=search_term_string\"}],\"inLanguage\":\"fr-FR\"}]}<\/script>\n<!-- \/ Yoast SEO plugin. -->","yoast_head_json":{"title":"Kastner&amp;\u00d6hler Mode GmbH - INT Design","robots":{"index":"index","follow":"follow","max-snippet":"max-snippet:-1","max-image-preview":"max-image-preview:large","max-video-preview":"max-video-preview:-1"},"canonical":"https:\/\/int.design\/fr\/projets\/kastnerohler-mode-gmbh\/","og_locale":"fr_FR","og_type":"article","og_title":"Kastner&amp;\u00d6hler Mode GmbH - INT Design","og_url":"https:\/\/int.design\/fr\/projets\/kastnerohler-mode-gmbh\/","og_site_name":"INT Design","article_modified_time":"2021-07-16T17:54:02+00:00","twitter_card":"summary_large_image","schema":{"@context":"https:\/\/schema.org","@graph":[{"@type":"WebPage","@id":"https:\/\/int.design\/fr\/projets\/kastnerohler-mode-gmbh\/","url":"https:\/\/int.design\/fr\/projets\/kastnerohler-mode-gmbh\/","name":"Kastner&amp;\u00d6hler Mode GmbH - INT Design","isPartOf":{"@id":"https:\/\/int.design\/fr\/#website"},"datePublished":"2021-07-14T23:37:35+00:00","dateModified":"2021-07-16T17:54:02+00:00","breadcrumb":{"@id":"https:\/\/int.design\/fr\/projets\/kastnerohler-mode-gmbh\/#breadcrumb"},"inLanguage":"fr-FR","potentialAction":[{"@type":"ReadAction","target":["https:\/\/int.design\/fr\/projets\/kastnerohler-mode-gmbh\/"]}]},{"@type":"BreadcrumbList","@id":"https:\/\/int.design\/fr\/projets\/kastnerohler-mode-gmbh\/#breadcrumb","itemListElement":[{"@type":"ListItem","position":1,"name":"Home","item":"https:\/\/int.design\/fr\/"},{"@type":"ListItem","position":2,"name":"Projects","item":"https:\/\/int.design\/en\/projects\/"},{"@type":"ListItem","position":3,"name":"Kastner&amp;\u00d6hler Mode GmbH"}]},{"@type":"WebSite","@id":"https:\/\/int.design\/fr\/#website","url":"https:\/\/int.design\/fr\/","name":"INT Design","description":"","potentialAction":[{"@type":"SearchAction","target":{"@type":"EntryPoint","urlTemplate":"https:\/\/int.design\/fr\/?s={search_term_string}"},"query-input":"required name=search_term_string"}],"inLanguage":"fr-FR"}]}},"entry":{"cats":{"disciplines":[{"id":123,"name":"Design d\u2019int\u00e9rieur"}],"big_cats":[{"id":131,"name":"Commerce"}],"sub_cats":[{"id":201,"name":"Espace commercial &gt; 5 400 pi2 (&gt; 500 m2)","parent":131}]},"entry":{"":null,"status":"completed","winner_title":"dioma ag, Kastner&\u00d6hler Mode GmbH ","winner_prize_lang":"","title_translatable":false,"title_en":"","title_fr":"","releve_award":false,"releve_award_cv":false,"collaboration":true,"collaboration_firms":[{"name":"dioma ag ","website":"www.dioma.ch"},{"name":"Kastner&\u00d6hler Mode GmbH","website":"www.kastner-oehler.at"}],"other_firms":[{"name":"Jens Pfisterer ","website":"www.jenspfisterer.de","category":"Photographer","category_tax":false}],"owner":{"name":"Marco Dionisio dioma ag ","confidential":false,"website":"www.dioma.ch","contact_name":"","email":"info@dioma.ch","phone":""},"address":{"address":"Junkerngasse 51 ","city":"Bern","region":"","province":"","country":"CH","postal_code":"3011"},"logos":false,"use_logo":false,"designers":[{"name":"Marco Dionisio","credit":"Photo credit Love Weber ","image":{"ID":66376,"id":66376,"title":"120827_Dioma_Marco_033","filename":"6_120827_Dioma_Marco_033-scaled.jpg","filesize":0,"url":"https:\/\/int.design\/wp-content\/uploads\/2021\/03\/6_120827_Dioma_Marco_033-scaled.jpg","link":"https:\/\/int.design\/fr\/projets\/kastnerohler-mode-gmbh\/120827_dioma_marco_033-2\/","alt":"","author":"678","description":"","caption":"","name":"120827_dioma_marco_033-2","status":"inherit","uploaded_to":61746,"date":"2021-03-12 08:53:50","modified":"2021-03-12 08:55:16","menu_order":0,"mime_type":"image\/jpeg","type":"image","subtype":"jpeg","icon":"https:\/\/int.design\/wp-includes\/images\/media\/default.png","width":1707,"height":2560,"sizes":{"thumbnail":"https:\/\/int.design\/wp-content\/uploads\/2021\/03\/6_120827_Dioma_Marco_033-150x150.jpg","thumbnail-width":150,"thumbnail-height":150,"medium":"https:\/\/int.design\/wp-content\/uploads\/2021\/03\/6_120827_Dioma_Marco_033-200x300.jpg","medium-width":200,"medium-height":300,"medium_large":"https:\/\/int.design\/wp-content\/uploads\/2021\/03\/6_120827_Dioma_Marco_033-768x1152.jpg","medium_large-width":768,"medium_large-height":1152,"large":"https:\/\/int.design\/wp-content\/uploads\/2021\/03\/6_120827_Dioma_Marco_033-683x1024.jpg","large-width":683,"large-height":1024,"1536x1536":"https:\/\/int.design\/wp-content\/uploads\/2021\/03\/6_120827_Dioma_Marco_033-1024x1536.jpg","1536x1536-width":1024,"1536x1536-height":1536,"2048x2048":"https:\/\/int.design\/wp-content\/uploads\/2021\/03\/6_120827_Dioma_Marco_033-1365x2048.jpg","2048x2048-width":1365,"2048x2048-height":2048,"article":"https:\/\/int.design\/wp-content\/uploads\/2021\/03\/6_120827_Dioma_Marco_033-960x540.jpg","article-width":960,"article-height":540,"banner":"https:\/\/int.design\/wp-content\/uploads\/2021\/03\/6_120827_Dioma_Marco_033-1920x2880.jpg","banner-width":1920,"banner-height":2880,"block":"https:\/\/int.design\/wp-content\/uploads\/2021\/03\/6_120827_Dioma_Marco_033-900x680.jpg","block-width":900,"block-height":680,"card":"https:\/\/int.design\/wp-content\/uploads\/2021\/03\/6_120827_Dioma_Marco_033-560x495.jpg","card-width":560,"card-height":495,"card-thumbnail":"https:\/\/int.design\/wp-content\/uploads\/2021\/03\/6_120827_Dioma_Marco_033-450x340.jpg","card-thumbnail-width":450,"card-thumbnail-height":340,"conference":"https:\/\/int.design\/wp-content\/uploads\/2021\/03\/6_120827_Dioma_Marco_033-560x250.jpg","conference-width":560,"conference-height":250,"contest":"https:\/\/int.design\/wp-content\/uploads\/2021\/03\/6_120827_Dioma_Marco_033-960x400.jpg","contest-width":960,"contest-height":400,"cta":"https:\/\/int.design\/wp-content\/uploads\/2021\/03\/6_120827_Dioma_Marco_033-415x170.jpg","cta-width":415,"cta-height":170,"exhibitor":"https:\/\/int.design\/wp-content\/uploads\/2021\/03\/6_120827_Dioma_Marco_033-560x560.jpg","exhibitor-width":560,"exhibitor-height":560,"gallery":"https:\/\/int.design\/wp-content\/uploads\/2021\/03\/6_120827_Dioma_Marco_033-287x430.jpg","gallery-width":287,"gallery-height":430,"logo":"https:\/\/int.design\/wp-content\/uploads\/2021\/03\/6_120827_Dioma_Marco_033-67x100.jpg","logo-width":67,"logo-height":100,"masonry":"https:\/\/int.design\/wp-content\/uploads\/2021\/03\/6_120827_Dioma_Marco_033-550x825.jpg","masonry-width":550,"masonry-height":825,"modal":"https:\/\/int.design\/wp-content\/uploads\/2021\/03\/6_120827_Dioma_Marco_033-1280x1920.jpg","modal-width":1280,"modal-height":1920,"number":"https:\/\/int.design\/wp-content\/uploads\/2021\/03\/6_120827_Dioma_Marco_033-287x430.jpg","number-width":287,"number-height":430,"partner":"https:\/\/int.design\/wp-content\/uploads\/2021\/03\/6_120827_Dioma_Marco_033-140x210.jpg","partner-width":140,"partner-height":210,"ranking":"https:\/\/int.design\/wp-content\/uploads\/2021\/03\/6_120827_Dioma_Marco_033-960x540.jpg","ranking-width":960,"ranking-height":540,"schedule":"https:\/\/int.design\/wp-content\/uploads\/2021\/03\/6_120827_Dioma_Marco_033-960x360.jpg","schedule-width":960,"schedule-height":360,"slideshow":"https:\/\/int.design\/wp-content\/uploads\/2021\/03\/6_120827_Dioma_Marco_033-453x680.jpg","slideshow-width":453,"slideshow-height":680}},"file":{"ID":73556,"id":73556,"title":"Career Marco Dionisio","filename":"Career Marco Dionisio.pdf","filesize":0,"url":"https:\/\/d2q6z78khxmx42.cloudfront.net\/2021\/03\/Career Marco Dionisio.pdf","link":"https:\/\/int.design\/fr\/projets\/kastnerohler-mode-gmbh\/career-marco-dionisio\/","alt":"","author":"678","description":"","caption":"","name":"career-marco-dionisio","status":"inherit","uploaded_to":61746,"date":"2021-03-31 15:34:03","modified":"2021-03-31 15:34:07","menu_order":0,"mime_type":"application\/pdf","type":"application","subtype":"pdf","icon":"https:\/\/int.design\/wp-includes\/images\/media\/document.png"}}],"cover":[{"categories":[201],"credit":"Jens Pfisterer ","image":{"ID":66378,"id":66378,"title":"dioma ag_Kastner&amp;\u00d6hler_Innsbruck_Title_Shop front_LOW","filename":"6_dioma ag_Kastner&\u00d6hler_Innsbruck_Title_Shop front_LOW-scaled.jpg","filesize":0,"url":"https:\/\/int.design\/wp-content\/uploads\/2021\/03\/6_dioma ag_Kastner&\u00d6hler_Innsbruck_Title_Shop front_LOW-scaled.jpg","link":"https:\/\/int.design\/fr\/projets\/kastnerohler-mode-gmbh\/dioma-ag_kastnerohler_innsbruck_title_shop-front_low-2\/","alt":"","author":"678","description":"Kastner&amp;\u00d6hler Mode GmbH dioma ag, Kastner&\u00d6hler Mode GmbH  dioma ag  Kastner&\u00d6hler Mode GmbH Jens Pfisterer ","caption":"","name":"dioma-ag_kastnerohler_innsbruck_title_shop-front_low-2","status":"inherit","uploaded_to":61746,"date":"2021-03-12 08:54:54","modified":"2022-02-08 12:47:34","menu_order":0,"mime_type":"image\/jpeg","type":"image","subtype":"jpeg","icon":"https:\/\/int.design\/wp-includes\/images\/media\/default.png","width":2560,"height":1230,"sizes":{"thumbnail":"https:\/\/int.design\/wp-content\/uploads\/2021\/03\/6_dioma ag_Kastner&\u00d6hler_Innsbruck_Title_Shop front_LOW-150x150.jpg","thumbnail-width":150,"thumbnail-height":150,"medium":"https:\/\/int.design\/wp-content\/uploads\/2021\/03\/6_dioma ag_Kastner&\u00d6hler_Innsbruck_Title_Shop front_LOW-300x144.jpg","medium-width":300,"medium-height":144,"medium_large":"https:\/\/int.design\/wp-content\/uploads\/2021\/03\/6_dioma ag_Kastner&\u00d6hler_Innsbruck_Title_Shop front_LOW-768x369.jpg","medium_large-width":768,"medium_large-height":369,"large":"https:\/\/int.design\/wp-content\/uploads\/2021\/03\/6_dioma ag_Kastner&\u00d6hler_Innsbruck_Title_Shop front_LOW-1024x492.jpg","large-width":1024,"large-height":492,"1536x1536":"https:\/\/int.design\/wp-content\/uploads\/2021\/03\/6_dioma ag_Kastner&\u00d6hler_Innsbruck_Title_Shop front_LOW-1536x738.jpg","1536x1536-width":1536,"1536x1536-height":738,"2048x2048":"https:\/\/int.design\/wp-content\/uploads\/2021\/03\/6_dioma ag_Kastner&\u00d6hler_Innsbruck_Title_Shop front_LOW-2048x984.jpg","2048x2048-width":2048,"2048x2048-height":984,"article":"https:\/\/int.design\/wp-content\/uploads\/2021\/03\/6_dioma ag_Kastner&\u00d6hler_Innsbruck_Title_Shop front_LOW-960x540.jpg","article-width":960,"article-height":540,"banner":"https:\/\/int.design\/wp-content\/uploads\/2021\/03\/6_dioma ag_Kastner&\u00d6hler_Innsbruck_Title_Shop front_LOW-1920x922.jpg","banner-width":1920,"banner-height":922,"block":"https:\/\/int.design\/wp-content\/uploads\/2021\/03\/6_dioma ag_Kastner&\u00d6hler_Innsbruck_Title_Shop front_LOW-900x680.jpg","block-width":900,"block-height":680,"card":"https:\/\/int.design\/wp-content\/uploads\/2021\/03\/6_dioma ag_Kastner&\u00d6hler_Innsbruck_Title_Shop front_LOW-560x495.jpg","card-width":560,"card-height":495,"card-thumbnail":"https:\/\/int.design\/wp-content\/uploads\/2021\/03\/6_dioma ag_Kastner&\u00d6hler_Innsbruck_Title_Shop front_LOW-450x340.jpg","card-thumbnail-width":450,"card-thumbnail-height":340,"conference":"https:\/\/int.design\/wp-content\/uploads\/2021\/03\/6_dioma ag_Kastner&\u00d6hler_Innsbruck_Title_Shop front_LOW-560x250.jpg","conference-width":560,"conference-height":250,"contest":"https:\/\/int.design\/wp-content\/uploads\/2021\/03\/6_dioma ag_Kastner&\u00d6hler_Innsbruck_Title_Shop front_LOW-960x400.jpg","contest-width":960,"contest-height":400,"cta":"https:\/\/int.design\/wp-content\/uploads\/2021\/03\/6_dioma ag_Kastner&\u00d6hler_Innsbruck_Title_Shop front_LOW-415x170.jpg","cta-width":415,"cta-height":170,"exhibitor":"https:\/\/int.design\/wp-content\/uploads\/2021\/03\/6_dioma ag_Kastner&\u00d6hler_Innsbruck_Title_Shop front_LOW-560x560.jpg","exhibitor-width":560,"exhibitor-height":560,"gallery":"https:\/\/int.design\/wp-content\/uploads\/2021\/03\/6_dioma ag_Kastner&\u00d6hler_Innsbruck_Title_Shop front_LOW-560x269.jpg","gallery-width":560,"gallery-height":269,"logo":"https:\/\/int.design\/wp-content\/uploads\/2021\/03\/6_dioma ag_Kastner&\u00d6hler_Innsbruck_Title_Shop front_LOW-208x100.jpg","logo-width":208,"logo-height":100,"masonry":"https:\/\/int.design\/wp-content\/uploads\/2021\/03\/6_dioma ag_Kastner&\u00d6hler_Innsbruck_Title_Shop front_LOW-550x264.jpg","masonry-width":550,"masonry-height":264,"modal":"https:\/\/int.design\/wp-content\/uploads\/2021\/03\/6_dioma ag_Kastner&\u00d6hler_Innsbruck_Title_Shop front_LOW-1920x922.jpg","modal-width":1920,"modal-height":922,"number":"https:\/\/int.design\/wp-content\/uploads\/2021\/03\/6_dioma ag_Kastner&\u00d6hler_Innsbruck_Title_Shop front_LOW-560x269.jpg","number-width":560,"number-height":269,"partner":"https:\/\/int.design\/wp-content\/uploads\/2021\/03\/6_dioma ag_Kastner&\u00d6hler_Innsbruck_Title_Shop front_LOW-275x132.jpg","partner-width":275,"partner-height":132,"ranking":"https:\/\/int.design\/wp-content\/uploads\/2021\/03\/6_dioma ag_Kastner&\u00d6hler_Innsbruck_Title_Shop front_LOW-960x540.jpg","ranking-width":960,"ranking-height":540,"schedule":"https:\/\/int.design\/wp-content\/uploads\/2021\/03\/6_dioma ag_Kastner&\u00d6hler_Innsbruck_Title_Shop front_LOW-960x360.jpg","schedule-width":960,"schedule-height":360,"slideshow":"https:\/\/int.design\/wp-content\/uploads\/2021\/03\/6_dioma ag_Kastner&\u00d6hler_Innsbruck_Title_Shop front_LOW-1415x680.jpg","slideshow-width":1415,"slideshow-height":680}},"filters":false,"suppliers":[{"name":"","website":"","suppliers_products":false}],"attachment_category":{"2667":"Commerce"}}],"images":[{"categories":[201],"credit":"Jens Pfisterer","image":{"ID":73558,"id":73558,"title":"dioma ag_Kastner&amp;\u00d6hler_Innsbruck_11_Young Fashion 2nd floor","filename":"dioma ag_Kastner&\u00d6hler_Innsbruck_11_Young Fashion 2nd floor-scaled.jpg","filesize":0,"url":"https:\/\/int.design\/wp-content\/uploads\/2021\/03\/dioma ag_Kastner&\u00d6hler_Innsbruck_11_Young Fashion 2nd floor-scaled.jpg","link":"https:\/\/int.design\/fr\/projets\/kastnerohler-mode-gmbh\/dioma-ag_kastnerohler_innsbruck_11_young-fashion-2nd-floor\/","alt":"","author":"678","description":"Kastner&amp;\u00d6hler Mode GmbH dioma ag, Kastner&\u00d6hler Mode GmbH  dioma ag  Kastner&\u00d6hler Mode GmbH Jens Pfisterer ","caption":"","name":"dioma-ag_kastnerohler_innsbruck_11_young-fashion-2nd-floor","status":"inherit","uploaded_to":61746,"date":"2021-03-31 15:37:45","modified":"2022-02-08 12:48:44","menu_order":0,"mime_type":"image\/jpeg","type":"image","subtype":"jpeg","icon":"https:\/\/int.design\/wp-includes\/images\/media\/default.png","width":2560,"height":1707,"sizes":{"thumbnail":"https:\/\/int.design\/wp-content\/uploads\/2021\/03\/dioma ag_Kastner&\u00d6hler_Innsbruck_11_Young Fashion 2nd floor-150x150.jpg","thumbnail-width":150,"thumbnail-height":150,"medium":"https:\/\/int.design\/wp-content\/uploads\/2021\/03\/dioma ag_Kastner&\u00d6hler_Innsbruck_11_Young Fashion 2nd floor-300x200.jpg","medium-width":300,"medium-height":200,"medium_large":"https:\/\/int.design\/wp-content\/uploads\/2021\/03\/dioma ag_Kastner&\u00d6hler_Innsbruck_11_Young Fashion 2nd floor-768x512.jpg","medium_large-width":768,"medium_large-height":512,"large":"https:\/\/int.design\/wp-content\/uploads\/2021\/03\/dioma ag_Kastner&\u00d6hler_Innsbruck_11_Young Fashion 2nd floor-1024x683.jpg","large-width":1024,"large-height":683,"1536x1536":"https:\/\/int.design\/wp-content\/uploads\/2021\/03\/dioma ag_Kastner&\u00d6hler_Innsbruck_11_Young Fashion 2nd floor-1536x1024.jpg","1536x1536-width":1536,"1536x1536-height":1024,"2048x2048":"https:\/\/int.design\/wp-content\/uploads\/2021\/03\/dioma ag_Kastner&\u00d6hler_Innsbruck_11_Young Fashion 2nd floor-2048x1366.jpg","2048x2048-width":2048,"2048x2048-height":1366,"article":"https:\/\/int.design\/wp-content\/uploads\/2021\/03\/dioma ag_Kastner&\u00d6hler_Innsbruck_11_Young Fashion 2nd floor-960x540.jpg","article-width":960,"article-height":540,"banner":"https:\/\/int.design\/wp-content\/uploads\/2021\/03\/dioma ag_Kastner&\u00d6hler_Innsbruck_11_Young Fashion 2nd floor-1920x1281.jpg","banner-width":1920,"banner-height":1281,"block":"https:\/\/int.design\/wp-content\/uploads\/2021\/03\/dioma ag_Kastner&\u00d6hler_Innsbruck_11_Young Fashion 2nd floor-900x680.jpg","block-width":900,"block-height":680,"card":"https:\/\/int.design\/wp-content\/uploads\/2021\/03\/dioma ag_Kastner&\u00d6hler_Innsbruck_11_Young Fashion 2nd floor-560x495.jpg","card-width":560,"card-height":495,"card-thumbnail":"https:\/\/int.design\/wp-content\/uploads\/2021\/03\/dioma ag_Kastner&\u00d6hler_Innsbruck_11_Young Fashion 2nd floor-450x340.jpg","card-thumbnail-width":450,"card-thumbnail-height":340,"conference":"https:\/\/int.design\/wp-content\/uploads\/2021\/03\/dioma ag_Kastner&\u00d6hler_Innsbruck_11_Young Fashion 2nd floor-560x250.jpg","conference-width":560,"conference-height":250,"contest":"https:\/\/int.design\/wp-content\/uploads\/2021\/03\/dioma ag_Kastner&\u00d6hler_Innsbruck_11_Young Fashion 2nd floor-960x400.jpg","contest-width":960,"contest-height":400,"cta":"https:\/\/int.design\/wp-content\/uploads\/2021\/03\/dioma ag_Kastner&\u00d6hler_Innsbruck_11_Young Fashion 2nd floor-415x170.jpg","cta-width":415,"cta-height":170,"exhibitor":"https:\/\/int.design\/wp-content\/uploads\/2021\/03\/dioma ag_Kastner&\u00d6hler_Innsbruck_11_Young Fashion 2nd floor-560x560.jpg","exhibitor-width":560,"exhibitor-height":560,"gallery":"https:\/\/int.design\/wp-content\/uploads\/2021\/03\/dioma ag_Kastner&\u00d6hler_Innsbruck_11_Young Fashion 2nd floor-560x373.jpg","gallery-width":560,"gallery-height":373,"logo":"https:\/\/int.design\/wp-content\/uploads\/2021\/03\/dioma ag_Kastner&\u00d6hler_Innsbruck_11_Young Fashion 2nd floor-150x100.jpg","logo-width":150,"logo-height":100,"masonry":"https:\/\/int.design\/wp-content\/uploads\/2021\/03\/dioma ag_Kastner&\u00d6hler_Innsbruck_11_Young Fashion 2nd floor-550x367.jpg","masonry-width":550,"masonry-height":367,"modal":"https:\/\/int.design\/wp-content\/uploads\/2021\/03\/dioma ag_Kastner&\u00d6hler_Innsbruck_11_Young Fashion 2nd floor-1920x1281.jpg","modal-width":1920,"modal-height":1281,"number":"https:\/\/int.design\/wp-content\/uploads\/2021\/03\/dioma ag_Kastner&\u00d6hler_Innsbruck_11_Young Fashion 2nd floor-560x373.jpg","number-width":560,"number-height":373,"partner":"https:\/\/int.design\/wp-content\/uploads\/2021\/03\/dioma ag_Kastner&\u00d6hler_Innsbruck_11_Young Fashion 2nd floor-275x183.jpg","partner-width":275,"partner-height":183,"ranking":"https:\/\/int.design\/wp-content\/uploads\/2021\/03\/dioma ag_Kastner&\u00d6hler_Innsbruck_11_Young Fashion 2nd floor-960x540.jpg","ranking-width":960,"ranking-height":540,"schedule":"https:\/\/int.design\/wp-content\/uploads\/2021\/03\/dioma ag_Kastner&\u00d6hler_Innsbruck_11_Young Fashion 2nd floor-960x360.jpg","schedule-width":960,"schedule-height":360,"slideshow":"https:\/\/int.design\/wp-content\/uploads\/2021\/03\/dioma ag_Kastner&\u00d6hler_Innsbruck_11_Young Fashion 2nd floor-1020x680.jpg","slideshow-width":1020,"slideshow-height":680}},"filters":false,"suppliers":false,"attachment_category":[]},{"categories":[201],"credit":"Jens Pfisterer","image":{"ID":73561,"id":73561,"title":"dioma ag_Kastner&amp;\u00d6hler_Innsbruck_1_MainEntrance_Groundfloor","filename":"dioma ag_Kastner&\u00d6hler_Innsbruck_1_MainEntrance_Groundfloor-scaled.jpg","filesize":0,"url":"https:\/\/int.design\/wp-content\/uploads\/2021\/03\/dioma ag_Kastner&\u00d6hler_Innsbruck_1_MainEntrance_Groundfloor-scaled.jpg","link":"https:\/\/int.design\/fr\/projets\/kastnerohler-mode-gmbh\/dioma-ag_kastnerohler_innsbruck_1_mainentrance_groundfloor\/","alt":"","author":"678","description":"Kastner&amp;\u00d6hler Mode GmbH dioma ag, Kastner&\u00d6hler Mode GmbH  dioma ag  Kastner&\u00d6hler Mode GmbH Jens Pfisterer ","caption":"","name":"dioma-ag_kastnerohler_innsbruck_1_mainentrance_groundfloor","status":"inherit","uploaded_to":61746,"date":"2021-03-31 15:45:48","modified":"2022-02-08 12:49:07","menu_order":0,"mime_type":"image\/jpeg","type":"image","subtype":"jpeg","icon":"https:\/\/int.design\/wp-includes\/images\/media\/default.png","width":1800,"height":2560,"sizes":{"thumbnail":"https:\/\/int.design\/wp-content\/uploads\/2021\/03\/dioma ag_Kastner&\u00d6hler_Innsbruck_1_MainEntrance_Groundfloor-150x150.jpg","thumbnail-width":150,"thumbnail-height":150,"medium":"https:\/\/int.design\/wp-content\/uploads\/2021\/03\/dioma ag_Kastner&\u00d6hler_Innsbruck_1_MainEntrance_Groundfloor-211x300.jpg","medium-width":211,"medium-height":300,"medium_large":"https:\/\/int.design\/wp-content\/uploads\/2021\/03\/dioma ag_Kastner&\u00d6hler_Innsbruck_1_MainEntrance_Groundfloor-768x1092.jpg","medium_large-width":768,"medium_large-height":1092,"large":"https:\/\/int.design\/wp-content\/uploads\/2021\/03\/dioma ag_Kastner&\u00d6hler_Innsbruck_1_MainEntrance_Groundfloor-720x1024.jpg","large-width":720,"large-height":1024,"1536x1536":"https:\/\/int.design\/wp-content\/uploads\/2021\/03\/dioma ag_Kastner&\u00d6hler_Innsbruck_1_MainEntrance_Groundfloor-1080x1536.jpg","1536x1536-width":1080,"1536x1536-height":1536,"2048x2048":"https:\/\/int.design\/wp-content\/uploads\/2021\/03\/dioma ag_Kastner&\u00d6hler_Innsbruck_1_MainEntrance_Groundfloor-1440x2048.jpg","2048x2048-width":1440,"2048x2048-height":2048,"article":"https:\/\/int.design\/wp-content\/uploads\/2021\/03\/dioma ag_Kastner&\u00d6hler_Innsbruck_1_MainEntrance_Groundfloor-960x540.jpg","article-width":960,"article-height":540,"banner":"https:\/\/int.design\/wp-content\/uploads\/2021\/03\/dioma ag_Kastner&\u00d6hler_Innsbruck_1_MainEntrance_Groundfloor-1920x2731.jpg","banner-width":1920,"banner-height":2731,"block":"https:\/\/int.design\/wp-content\/uploads\/2021\/03\/dioma ag_Kastner&\u00d6hler_Innsbruck_1_MainEntrance_Groundfloor-900x680.jpg","block-width":900,"block-height":680,"card":"https:\/\/int.design\/wp-content\/uploads\/2021\/03\/dioma ag_Kastner&\u00d6hler_Innsbruck_1_MainEntrance_Groundfloor-560x495.jpg","card-width":560,"card-height":495,"card-thumbnail":"https:\/\/int.design\/wp-content\/uploads\/2021\/03\/dioma ag_Kastner&\u00d6hler_Innsbruck_1_MainEntrance_Groundfloor-450x340.jpg","card-thumbnail-width":450,"card-thumbnail-height":340,"conference":"https:\/\/int.design\/wp-content\/uploads\/2021\/03\/dioma ag_Kastner&\u00d6hler_Innsbruck_1_MainEntrance_Groundfloor-560x250.jpg","conference-width":560,"conference-height":250,"contest":"https:\/\/int.design\/wp-content\/uploads\/2021\/03\/dioma ag_Kastner&\u00d6hler_Innsbruck_1_MainEntrance_Groundfloor-960x400.jpg","contest-width":960,"contest-height":400,"cta":"https:\/\/int.design\/wp-content\/uploads\/2021\/03\/dioma ag_Kastner&\u00d6hler_Innsbruck_1_MainEntrance_Groundfloor-415x170.jpg","cta-width":415,"cta-height":170,"exhibitor":"https:\/\/int.design\/wp-content\/uploads\/2021\/03\/dioma ag_Kastner&\u00d6hler_Innsbruck_1_MainEntrance_Groundfloor-560x560.jpg","exhibitor-width":560,"exhibitor-height":560,"gallery":"https:\/\/int.design\/wp-content\/uploads\/2021\/03\/dioma ag_Kastner&\u00d6hler_Innsbruck_1_MainEntrance_Groundfloor-302x430.jpg","gallery-width":302,"gallery-height":430,"logo":"https:\/\/int.design\/wp-content\/uploads\/2021\/03\/dioma ag_Kastner&\u00d6hler_Innsbruck_1_MainEntrance_Groundfloor-70x100.jpg","logo-width":70,"logo-height":100,"masonry":"https:\/\/int.design\/wp-content\/uploads\/2021\/03\/dioma ag_Kastner&\u00d6hler_Innsbruck_1_MainEntrance_Groundfloor-550x782.jpg","masonry-width":550,"masonry-height":782,"modal":"https:\/\/int.design\/wp-content\/uploads\/2021\/03\/dioma ag_Kastner&\u00d6hler_Innsbruck_1_MainEntrance_Groundfloor-1350x1920.jpg","modal-width":1350,"modal-height":1920,"number":"https:\/\/int.design\/wp-content\/uploads\/2021\/03\/dioma ag_Kastner&\u00d6hler_Innsbruck_1_MainEntrance_Groundfloor-302x430.jpg","number-width":302,"number-height":430,"partner":"https:\/\/int.design\/wp-content\/uploads\/2021\/03\/dioma ag_Kastner&\u00d6hler_Innsbruck_1_MainEntrance_Groundfloor-148x210.jpg","partner-width":148,"partner-height":210,"ranking":"https:\/\/int.design\/wp-content\/uploads\/2021\/03\/dioma ag_Kastner&\u00d6hler_Innsbruck_1_MainEntrance_Groundfloor-960x540.jpg","ranking-width":960,"ranking-height":540,"schedule":"https:\/\/int.design\/wp-content\/uploads\/2021\/03\/dioma ag_Kastner&\u00d6hler_Innsbruck_1_MainEntrance_Groundfloor-960x360.jpg","schedule-width":960,"schedule-height":360,"slideshow":"https:\/\/int.design\/wp-content\/uploads\/2021\/03\/dioma ag_Kastner&\u00d6hler_Innsbruck_1_MainEntrance_Groundfloor-478x680.jpg","slideshow-width":478,"slideshow-height":680}},"filters":false,"suppliers":false,"attachment_category":[]},{"categories":[201],"credit":"Jens Pfisterer","image":{"ID":73569,"id":73569,"title":"dioma ag_Kastner&O\u0308hler_Innsbruck_2_Perfumery_Groundfloor","filename":"dioma-ag-kastnerohler-innsbruck-2-perfumery-groundfloor-scaled.jpg","filesize":0,"url":"https:\/\/int.design\/wp-content\/uploads\/2021\/03\/dioma-ag-kastnerohler-innsbruck-2-perfumery-groundfloor-scaled.jpg","link":"https:\/\/int.design\/fr\/projets\/kastnerohler-mode-gmbh\/dioma-ag_kastnero%cc%88hler_innsbruck_2_perfumery_groundfloor\/","alt":"","author":"8","description":"Kastner&amp;\u00d6hler Mode GmbH dioma ag, Kastner&\u00d6hler Mode GmbH  dioma ag  Kastner&\u00d6hler Mode GmbH Jens Pfisterer ","caption":"","name":"dioma-ag_kastnero%cc%88hler_innsbruck_2_perfumery_groundfloor","status":"inherit","uploaded_to":61746,"date":"2021-03-31 16:06:26","modified":"2022-02-08 12:49:29","menu_order":0,"mime_type":"image\/jpeg","type":"image","subtype":"jpeg","icon":"https:\/\/int.design\/wp-includes\/images\/media\/default.png","width":2560,"height":1126,"sizes":{"thumbnail":"https:\/\/int.design\/wp-content\/uploads\/2021\/03\/dioma-ag-kastnerohler-innsbruck-2-perfumery-groundfloor-150x150.jpg","thumbnail-width":150,"thumbnail-height":150,"medium":"https:\/\/int.design\/wp-content\/uploads\/2021\/03\/dioma-ag-kastnerohler-innsbruck-2-perfumery-groundfloor-300x132.jpg","medium-width":300,"medium-height":132,"medium_large":"https:\/\/int.design\/wp-content\/uploads\/2021\/03\/dioma-ag-kastnerohler-innsbruck-2-perfumery-groundfloor-768x338.jpg","medium_large-width":768,"medium_large-height":338,"large":"https:\/\/int.design\/wp-content\/uploads\/2021\/03\/dioma-ag-kastnerohler-innsbruck-2-perfumery-groundfloor-1024x451.jpg","large-width":1024,"large-height":451,"1536x1536":"https:\/\/int.design\/wp-content\/uploads\/2021\/03\/dioma-ag-kastnerohler-innsbruck-2-perfumery-groundfloor-1536x676.jpg","1536x1536-width":1536,"1536x1536-height":676,"2048x2048":"https:\/\/int.design\/wp-content\/uploads\/2021\/03\/dioma-ag-kastnerohler-innsbruck-2-perfumery-groundfloor-2048x901.jpg","2048x2048-width":2048,"2048x2048-height":901,"article":"https:\/\/int.design\/wp-content\/uploads\/2021\/03\/dioma-ag-kastnerohler-innsbruck-2-perfumery-groundfloor-960x540.jpg","article-width":960,"article-height":540,"banner":"https:\/\/int.design\/wp-content\/uploads\/2021\/03\/dioma-ag-kastnerohler-innsbruck-2-perfumery-groundfloor-1920x845.jpg","banner-width":1920,"banner-height":845,"block":"https:\/\/int.design\/wp-content\/uploads\/2021\/03\/dioma-ag-kastnerohler-innsbruck-2-perfumery-groundfloor-900x680.jpg","block-width":900,"block-height":680,"card":"https:\/\/int.design\/wp-content\/uploads\/2021\/03\/dioma-ag-kastnerohler-innsbruck-2-perfumery-groundfloor-560x495.jpg","card-width":560,"card-height":495,"card-thumbnail":"https:\/\/int.design\/wp-content\/uploads\/2021\/03\/dioma-ag-kastnerohler-innsbruck-2-perfumery-groundfloor-450x340.jpg","card-thumbnail-width":450,"card-thumbnail-height":340,"conference":"https:\/\/int.design\/wp-content\/uploads\/2021\/03\/dioma-ag-kastnerohler-innsbruck-2-perfumery-groundfloor-560x250.jpg","conference-width":560,"conference-height":250,"contest":"https:\/\/int.design\/wp-content\/uploads\/2021\/03\/dioma-ag-kastnerohler-innsbruck-2-perfumery-groundfloor-960x400.jpg","contest-width":960,"contest-height":400,"cta":"https:\/\/int.design\/wp-content\/uploads\/2021\/03\/dioma-ag-kastnerohler-innsbruck-2-perfumery-groundfloor-415x170.jpg","cta-width":415,"cta-height":170,"exhibitor":"https:\/\/int.design\/wp-content\/uploads\/2021\/03\/dioma-ag-kastnerohler-innsbruck-2-perfumery-groundfloor-560x560.jpg","exhibitor-width":560,"exhibitor-height":560,"gallery":"https:\/\/int.design\/wp-content\/uploads\/2021\/03\/dioma-ag-kastnerohler-innsbruck-2-perfumery-groundfloor-560x246.jpg","gallery-width":560,"gallery-height":246,"logo":"https:\/\/int.design\/wp-content\/uploads\/2021\/03\/dioma-ag-kastnerohler-innsbruck-2-perfumery-groundfloor-227x100.jpg","logo-width":227,"logo-height":100,"masonry":"https:\/\/int.design\/wp-content\/uploads\/2021\/03\/dioma-ag-kastnerohler-innsbruck-2-perfumery-groundfloor-550x242.jpg","masonry-width":550,"masonry-height":242,"modal":"https:\/\/int.design\/wp-content\/uploads\/2021\/03\/dioma-ag-kastnerohler-innsbruck-2-perfumery-groundfloor-1920x845.jpg","modal-width":1920,"modal-height":845,"number":"https:\/\/int.design\/wp-content\/uploads\/2021\/03\/dioma-ag-kastnerohler-innsbruck-2-perfumery-groundfloor-560x246.jpg","number-width":560,"number-height":246,"partner":"https:\/\/int.design\/wp-content\/uploads\/2021\/03\/dioma-ag-kastnerohler-innsbruck-2-perfumery-groundfloor-275x121.jpg","partner-width":275,"partner-height":121,"ranking":"https:\/\/int.design\/wp-content\/uploads\/2021\/03\/dioma-ag-kastnerohler-innsbruck-2-perfumery-groundfloor-960x540.jpg","ranking-width":960,"ranking-height":540,"schedule":"https:\/\/int.design\/wp-content\/uploads\/2021\/03\/dioma-ag-kastnerohler-innsbruck-2-perfumery-groundfloor-960x360.jpg","schedule-width":960,"schedule-height":360,"slideshow":"https:\/\/int.design\/wp-content\/uploads\/2021\/03\/dioma-ag-kastnerohler-innsbruck-2-perfumery-groundfloor-1545x680.jpg","slideshow-width":1545,"slideshow-height":680}},"filters":false,"suppliers":false,"attachment_category":[]},{"categories":[201],"credit":"Jens Pfisterer","image":{"ID":73570,"id":73570,"title":"dioma ag_Kastner&O\u0308hler_Innsbruck_3_Accessories_Groundfloor","filename":"dioma-ag-kastnerohler-innsbruck-3-accessories-groundfloor-scaled.jpg","filesize":0,"url":"https:\/\/int.design\/wp-content\/uploads\/2021\/03\/dioma-ag-kastnerohler-innsbruck-3-accessories-groundfloor-scaled.jpg","link":"https:\/\/int.design\/fr\/projets\/kastnerohler-mode-gmbh\/dioma-ag_kastnero%cc%88hler_innsbruck_3_accessories_groundfloor\/","alt":"","author":"8","description":"Kastner&amp;\u00d6hler Mode GmbH dioma ag, Kastner&\u00d6hler Mode GmbH  dioma ag  Kastner&\u00d6hler Mode GmbH Jens Pfisterer ","caption":"","name":"dioma-ag_kastnero%cc%88hler_innsbruck_3_accessories_groundfloor","status":"inherit","uploaded_to":61746,"date":"2021-03-31 16:10:18","modified":"2022-02-08 12:49:29","menu_order":0,"mime_type":"image\/jpeg","type":"image","subtype":"jpeg","icon":"https:\/\/int.design\/wp-includes\/images\/media\/default.png","width":2560,"height":1694,"sizes":{"thumbnail":"https:\/\/int.design\/wp-content\/uploads\/2021\/03\/dioma-ag-kastnerohler-innsbruck-3-accessories-groundfloor-150x150.jpg","thumbnail-width":150,"thumbnail-height":150,"medium":"https:\/\/int.design\/wp-content\/uploads\/2021\/03\/dioma-ag-kastnerohler-innsbruck-3-accessories-groundfloor-300x199.jpg","medium-width":300,"medium-height":199,"medium_large":"https:\/\/int.design\/wp-content\/uploads\/2021\/03\/dioma-ag-kastnerohler-innsbruck-3-accessories-groundfloor-768x508.jpg","medium_large-width":768,"medium_large-height":508,"large":"https:\/\/int.design\/wp-content\/uploads\/2021\/03\/dioma-ag-kastnerohler-innsbruck-3-accessories-groundfloor-1024x678.jpg","large-width":1024,"large-height":678,"1536x1536":"https:\/\/int.design\/wp-content\/uploads\/2021\/03\/dioma-ag-kastnerohler-innsbruck-3-accessories-groundfloor-1536x1016.jpg","1536x1536-width":1536,"1536x1536-height":1016,"2048x2048":"https:\/\/int.design\/wp-content\/uploads\/2021\/03\/dioma-ag-kastnerohler-innsbruck-3-accessories-groundfloor-2048x1355.jpg","2048x2048-width":2048,"2048x2048-height":1355,"article":"https:\/\/int.design\/wp-content\/uploads\/2021\/03\/dioma-ag-kastnerohler-innsbruck-3-accessories-groundfloor-960x540.jpg","article-width":960,"article-height":540,"banner":"https:\/\/int.design\/wp-content\/uploads\/2021\/03\/dioma-ag-kastnerohler-innsbruck-3-accessories-groundfloor-1920x1270.jpg","banner-width":1920,"banner-height":1270,"block":"https:\/\/int.design\/wp-content\/uploads\/2021\/03\/dioma-ag-kastnerohler-innsbruck-3-accessories-groundfloor-900x680.jpg","block-width":900,"block-height":680,"card":"https:\/\/int.design\/wp-content\/uploads\/2021\/03\/dioma-ag-kastnerohler-innsbruck-3-accessories-groundfloor-560x495.jpg","card-width":560,"card-height":495,"card-thumbnail":"https:\/\/int.design\/wp-content\/uploads\/2021\/03\/dioma-ag-kastnerohler-innsbruck-3-accessories-groundfloor-450x340.jpg","card-thumbnail-width":450,"card-thumbnail-height":340,"conference":"https:\/\/int.design\/wp-content\/uploads\/2021\/03\/dioma-ag-kastnerohler-innsbruck-3-accessories-groundfloor-560x250.jpg","conference-width":560,"conference-height":250,"contest":"https:\/\/int.design\/wp-content\/uploads\/2021\/03\/dioma-ag-kastnerohler-innsbruck-3-accessories-groundfloor-960x400.jpg","contest-width":960,"contest-height":400,"cta":"https:\/\/int.design\/wp-content\/uploads\/2021\/03\/dioma-ag-kastnerohler-innsbruck-3-accessories-groundfloor-415x170.jpg","cta-width":415,"cta-height":170,"exhibitor":"https:\/\/int.design\/wp-content\/uploads\/2021\/03\/dioma-ag-kastnerohler-innsbruck-3-accessories-groundfloor-560x560.jpg","exhibitor-width":560,"exhibitor-height":560,"gallery":"https:\/\/int.design\/wp-content\/uploads\/2021\/03\/dioma-ag-kastnerohler-innsbruck-3-accessories-groundfloor-560x371.jpg","gallery-width":560,"gallery-height":371,"logo":"https:\/\/int.design\/wp-content\/uploads\/2021\/03\/dioma-ag-kastnerohler-innsbruck-3-accessories-groundfloor-151x100.jpg","logo-width":151,"logo-height":100,"masonry":"https:\/\/int.design\/wp-content\/uploads\/2021\/03\/dioma-ag-kastnerohler-innsbruck-3-accessories-groundfloor-550x364.jpg","masonry-width":550,"masonry-height":364,"modal":"https:\/\/int.design\/wp-content\/uploads\/2021\/03\/dioma-ag-kastnerohler-innsbruck-3-accessories-groundfloor-1920x1270.jpg","modal-width":1920,"modal-height":1270,"number":"https:\/\/int.design\/wp-content\/uploads\/2021\/03\/dioma-ag-kastnerohler-innsbruck-3-accessories-groundfloor-560x371.jpg","number-width":560,"number-height":371,"partner":"https:\/\/int.design\/wp-content\/uploads\/2021\/03\/dioma-ag-kastnerohler-innsbruck-3-accessories-groundfloor-275x182.jpg","partner-width":275,"partner-height":182,"ranking":"https:\/\/int.design\/wp-content\/uploads\/2021\/03\/dioma-ag-kastnerohler-innsbruck-3-accessories-groundfloor-960x540.jpg","ranking-width":960,"ranking-height":540,"schedule":"https:\/\/int.design\/wp-content\/uploads\/2021\/03\/dioma-ag-kastnerohler-innsbruck-3-accessories-groundfloor-960x360.jpg","schedule-width":960,"schedule-height":360,"slideshow":"https:\/\/int.design\/wp-content\/uploads\/2021\/03\/dioma-ag-kastnerohler-innsbruck-3-accessories-groundfloor-1028x680.jpg","slideshow-width":1028,"slideshow-height":680}},"filters":false,"suppliers":false,"attachment_category":[]},{"categories":[201],"credit":"Jens Pfisterer","image":{"ID":73571,"id":73571,"title":"dioma ag_Kastner&O\u0308hler_Innsbruck_4_Changing room_ladies_1st floor","filename":"dioma-ag-kastnerohler-innsbruck-4-changing-room-ladies-1st-floor-scaled.jpg","filesize":0,"url":"https:\/\/int.design\/wp-content\/uploads\/2021\/03\/dioma-ag-kastnerohler-innsbruck-4-changing-room-ladies-1st-floor-scaled.jpg","link":"https:\/\/int.design\/fr\/projets\/kastnerohler-mode-gmbh\/dioma-ag_kastnero%cc%88hler_innsbruck_4_changing-room_ladies_1st-floor\/","alt":"","author":"8","description":"Kastner&amp;\u00d6hler Mode GmbH dioma ag, Kastner&\u00d6hler Mode GmbH  dioma ag  Kastner&\u00d6hler Mode GmbH Jens Pfisterer ","caption":"","name":"dioma-ag_kastnero%cc%88hler_innsbruck_4_changing-room_ladies_1st-floor","status":"inherit","uploaded_to":61746,"date":"2021-03-31 16:10:54","modified":"2022-02-08 12:49:29","menu_order":0,"mime_type":"image\/jpeg","type":"image","subtype":"jpeg","icon":"https:\/\/int.design\/wp-includes\/images\/media\/default.png","width":1669,"height":2560,"sizes":{"thumbnail":"https:\/\/int.design\/wp-content\/uploads\/2021\/03\/dioma-ag-kastnerohler-innsbruck-4-changing-room-ladies-1st-floor-150x150.jpg","thumbnail-width":150,"thumbnail-height":150,"medium":"https:\/\/int.design\/wp-content\/uploads\/2021\/03\/dioma-ag-kastnerohler-innsbruck-4-changing-room-ladies-1st-floor-196x300.jpg","medium-width":196,"medium-height":300,"medium_large":"https:\/\/int.design\/wp-content\/uploads\/2021\/03\/dioma-ag-kastnerohler-innsbruck-4-changing-room-ladies-1st-floor-768x1178.jpg","medium_large-width":768,"medium_large-height":1178,"large":"https:\/\/int.design\/wp-content\/uploads\/2021\/03\/dioma-ag-kastnerohler-innsbruck-4-changing-room-ladies-1st-floor-668x1024.jpg","large-width":668,"large-height":1024,"1536x1536":"https:\/\/int.design\/wp-content\/uploads\/2021\/03\/dioma-ag-kastnerohler-innsbruck-4-changing-room-ladies-1st-floor-1002x1536.jpg","1536x1536-width":1002,"1536x1536-height":1536,"2048x2048":"https:\/\/int.design\/wp-content\/uploads\/2021\/03\/dioma-ag-kastnerohler-innsbruck-4-changing-room-ladies-1st-floor-1335x2048.jpg","2048x2048-width":1335,"2048x2048-height":2048,"article":"https:\/\/int.design\/wp-content\/uploads\/2021\/03\/dioma-ag-kastnerohler-innsbruck-4-changing-room-ladies-1st-floor-960x540.jpg","article-width":960,"article-height":540,"banner":"https:\/\/int.design\/wp-content\/uploads\/2021\/03\/dioma-ag-kastnerohler-innsbruck-4-changing-room-ladies-1st-floor-1920x2945.jpg","banner-width":1920,"banner-height":2945,"block":"https:\/\/int.design\/wp-content\/uploads\/2021\/03\/dioma-ag-kastnerohler-innsbruck-4-changing-room-ladies-1st-floor-900x680.jpg","block-width":900,"block-height":680,"card":"https:\/\/int.design\/wp-content\/uploads\/2021\/03\/dioma-ag-kastnerohler-innsbruck-4-changing-room-ladies-1st-floor-560x495.jpg","card-width":560,"card-height":495,"card-thumbnail":"https:\/\/int.design\/wp-content\/uploads\/2021\/03\/dioma-ag-kastnerohler-innsbruck-4-changing-room-ladies-1st-floor-450x340.jpg","card-thumbnail-width":450,"card-thumbnail-height":340,"conference":"https:\/\/int.design\/wp-content\/uploads\/2021\/03\/dioma-ag-kastnerohler-innsbruck-4-changing-room-ladies-1st-floor-560x250.jpg","conference-width":560,"conference-height":250,"contest":"https:\/\/int.design\/wp-content\/uploads\/2021\/03\/dioma-ag-kastnerohler-innsbruck-4-changing-room-ladies-1st-floor-960x400.jpg","contest-width":960,"contest-height":400,"cta":"https:\/\/int.design\/wp-content\/uploads\/2021\/03\/dioma-ag-kastnerohler-innsbruck-4-changing-room-ladies-1st-floor-415x170.jpg","cta-width":415,"cta-height":170,"exhibitor":"https:\/\/int.design\/wp-content\/uploads\/2021\/03\/dioma-ag-kastnerohler-innsbruck-4-changing-room-ladies-1st-floor-560x560.jpg","exhibitor-width":560,"exhibitor-height":560,"gallery":"https:\/\/int.design\/wp-content\/uploads\/2021\/03\/dioma-ag-kastnerohler-innsbruck-4-changing-room-ladies-1st-floor-280x430.jpg","gallery-width":280,"gallery-height":430,"logo":"https:\/\/int.design\/wp-content\/uploads\/2021\/03\/dioma-ag-kastnerohler-innsbruck-4-changing-room-ladies-1st-floor-65x100.jpg","logo-width":65,"logo-height":100,"masonry":"https:\/\/int.design\/wp-content\/uploads\/2021\/03\/dioma-ag-kastnerohler-innsbruck-4-changing-room-ladies-1st-floor-550x843.jpg","masonry-width":550,"masonry-height":843,"modal":"https:\/\/int.design\/wp-content\/uploads\/2021\/03\/dioma-ag-kastnerohler-innsbruck-4-changing-room-ladies-1st-floor-1252x1920.jpg","modal-width":1252,"modal-height":1920,"number":"https:\/\/int.design\/wp-content\/uploads\/2021\/03\/dioma-ag-kastnerohler-innsbruck-4-changing-room-ladies-1st-floor-280x430.jpg","number-width":280,"number-height":430,"partner":"https:\/\/int.design\/wp-content\/uploads\/2021\/03\/dioma-ag-kastnerohler-innsbruck-4-changing-room-ladies-1st-floor-137x210.jpg","partner-width":137,"partner-height":210,"ranking":"https:\/\/int.design\/wp-content\/uploads\/2021\/03\/dioma-ag-kastnerohler-innsbruck-4-changing-room-ladies-1st-floor-960x540.jpg","ranking-width":960,"ranking-height":540,"schedule":"https:\/\/int.design\/wp-content\/uploads\/2021\/03\/dioma-ag-kastnerohler-innsbruck-4-changing-room-ladies-1st-floor-960x360.jpg","schedule-width":960,"schedule-height":360,"slideshow":"https:\/\/int.design\/wp-content\/uploads\/2021\/03\/dioma-ag-kastnerohler-innsbruck-4-changing-room-ladies-1st-floor-443x680.jpg","slideshow-width":443,"slideshow-height":680}},"filters":false,"suppliers":false,"attachment_category":[]},{"categories":[201],"credit":"Jens Pfisterer","image":{"ID":73572,"id":73572,"title":"dioma ag_Kastner&O\u0308hler_Innsbruck_5_Changing room_Young Fashion_1st floor","filename":"dioma-ag-kastnerohler-innsbruck-5-changing-room-young-fashion-1st-floor-scaled.jpg","filesize":0,"url":"https:\/\/int.design\/wp-content\/uploads\/2021\/03\/dioma-ag-kastnerohler-innsbruck-5-changing-room-young-fashion-1st-floor-scaled.jpg","link":"https:\/\/int.design\/fr\/projets\/kastnerohler-mode-gmbh\/dioma-ag_kastnero%cc%88hler_innsbruck_5_changing-room_young-fashion_1st-floor\/","alt":"","author":"8","description":"Kastner&amp;\u00d6hler Mode GmbH dioma ag, Kastner&\u00d6hler Mode GmbH  dioma ag  Kastner&\u00d6hler Mode GmbH Jens Pfisterer ","caption":"","name":"dioma-ag_kastnero%cc%88hler_innsbruck_5_changing-room_young-fashion_1st-floor","status":"inherit","uploaded_to":61746,"date":"2021-03-31 16:11:41","modified":"2022-02-08 12:49:29","menu_order":0,"mime_type":"image\/jpeg","type":"image","subtype":"jpeg","icon":"https:\/\/int.design\/wp-includes\/images\/media\/default.png","width":1661,"height":2560,"sizes":{"thumbnail":"https:\/\/int.design\/wp-content\/uploads\/2021\/03\/dioma-ag-kastnerohler-innsbruck-5-changing-room-young-fashion-1st-floor-150x150.jpg","thumbnail-width":150,"thumbnail-height":150,"medium":"https:\/\/int.design\/wp-content\/uploads\/2021\/03\/dioma-ag-kastnerohler-innsbruck-5-changing-room-young-fashion-1st-floor-195x300.jpg","medium-width":195,"medium-height":300,"medium_large":"https:\/\/int.design\/wp-content\/uploads\/2021\/03\/dioma-ag-kastnerohler-innsbruck-5-changing-room-young-fashion-1st-floor-768x1183.jpg","medium_large-width":768,"medium_large-height":1183,"large":"https:\/\/int.design\/wp-content\/uploads\/2021\/03\/dioma-ag-kastnerohler-innsbruck-5-changing-room-young-fashion-1st-floor-665x1024.jpg","large-width":665,"large-height":1024,"1536x1536":"https:\/\/int.design\/wp-content\/uploads\/2021\/03\/dioma-ag-kastnerohler-innsbruck-5-changing-room-young-fashion-1st-floor-997x1536.jpg","1536x1536-width":997,"1536x1536-height":1536,"2048x2048":"https:\/\/int.design\/wp-content\/uploads\/2021\/03\/dioma-ag-kastnerohler-innsbruck-5-changing-room-young-fashion-1st-floor-1329x2048.jpg","2048x2048-width":1329,"2048x2048-height":2048,"article":"https:\/\/int.design\/wp-content\/uploads\/2021\/03\/dioma-ag-kastnerohler-innsbruck-5-changing-room-young-fashion-1st-floor-960x540.jpg","article-width":960,"article-height":540,"banner":"https:\/\/int.design\/wp-content\/uploads\/2021\/03\/dioma-ag-kastnerohler-innsbruck-5-changing-room-young-fashion-1st-floor-1920x2958.jpg","banner-width":1920,"banner-height":2958,"block":"https:\/\/int.design\/wp-content\/uploads\/2021\/03\/dioma-ag-kastnerohler-innsbruck-5-changing-room-young-fashion-1st-floor-900x680.jpg","block-width":900,"block-height":680,"card":"https:\/\/int.design\/wp-content\/uploads\/2021\/03\/dioma-ag-kastnerohler-innsbruck-5-changing-room-young-fashion-1st-floor-560x495.jpg","card-width":560,"card-height":495,"card-thumbnail":"https:\/\/int.design\/wp-content\/uploads\/2021\/03\/dioma-ag-kastnerohler-innsbruck-5-changing-room-young-fashion-1st-floor-450x340.jpg","card-thumbnail-width":450,"card-thumbnail-height":340,"conference":"https:\/\/int.design\/wp-content\/uploads\/2021\/03\/dioma-ag-kastnerohler-innsbruck-5-changing-room-young-fashion-1st-floor-560x250.jpg","conference-width":560,"conference-height":250,"contest":"https:\/\/int.design\/wp-content\/uploads\/2021\/03\/dioma-ag-kastnerohler-innsbruck-5-changing-room-young-fashion-1st-floor-960x400.jpg","contest-width":960,"contest-height":400,"cta":"https:\/\/int.design\/wp-content\/uploads\/2021\/03\/dioma-ag-kastnerohler-innsbruck-5-changing-room-young-fashion-1st-floor-415x170.jpg","cta-width":415,"cta-height":170,"exhibitor":"https:\/\/int.design\/wp-content\/uploads\/2021\/03\/dioma-ag-kastnerohler-innsbruck-5-changing-room-young-fashion-1st-floor-560x560.jpg","exhibitor-width":560,"exhibitor-height":560,"gallery":"https:\/\/int.design\/wp-content\/uploads\/2021\/03\/dioma-ag-kastnerohler-innsbruck-5-changing-room-young-fashion-1st-floor-279x430.jpg","gallery-width":279,"gallery-height":430,"logo":"https:\/\/int.design\/wp-content\/uploads\/2021\/03\/dioma-ag-kastnerohler-innsbruck-5-changing-room-young-fashion-1st-floor-65x100.jpg","logo-width":65,"logo-height":100,"masonry":"https:\/\/int.design\/wp-content\/uploads\/2021\/03\/dioma-ag-kastnerohler-innsbruck-5-changing-room-young-fashion-1st-floor-550x847.jpg","masonry-width":550,"masonry-height":847,"modal":"https:\/\/int.design\/wp-content\/uploads\/2021\/03\/dioma-ag-kastnerohler-innsbruck-5-changing-room-young-fashion-1st-floor-1246x1920.jpg","modal-width":1246,"modal-height":1920,"number":"https:\/\/int.design\/wp-content\/uploads\/2021\/03\/dioma-ag-kastnerohler-innsbruck-5-changing-room-young-fashion-1st-floor-279x430.jpg","number-width":279,"number-height":430,"partner":"https:\/\/int.design\/wp-content\/uploads\/2021\/03\/dioma-ag-kastnerohler-innsbruck-5-changing-room-young-fashion-1st-floor-136x210.jpg","partner-width":136,"partner-height":210,"ranking":"https:\/\/int.design\/wp-content\/uploads\/2021\/03\/dioma-ag-kastnerohler-innsbruck-5-changing-room-young-fashion-1st-floor-960x540.jpg","ranking-width":960,"ranking-height":540,"schedule":"https:\/\/int.design\/wp-content\/uploads\/2021\/03\/dioma-ag-kastnerohler-innsbruck-5-changing-room-young-fashion-1st-floor-960x360.jpg","schedule-width":960,"schedule-height":360,"slideshow":"https:\/\/int.design\/wp-content\/uploads\/2021\/03\/dioma-ag-kastnerohler-innsbruck-5-changing-room-young-fashion-1st-floor-441x680.jpg","slideshow-width":441,"slideshow-height":680}},"filters":false,"suppliers":false,"attachment_category":[]},{"categories":[201],"credit":"Jens Pfisterer","image":{"ID":73573,"id":73573,"title":"dioma ag_Kastner&O\u0308hler_Innsbruck_6_Ladies fashion 1st floor","filename":"dioma-ag-kastnerohler-innsbruck-6-ladies-fashion-1st-floor-scaled.jpg","filesize":0,"url":"https:\/\/int.design\/wp-content\/uploads\/2021\/03\/dioma-ag-kastnerohler-innsbruck-6-ladies-fashion-1st-floor-scaled.jpg","link":"https:\/\/int.design\/fr\/projets\/kastnerohler-mode-gmbh\/dioma-ag_kastnero%cc%88hler_innsbruck_6_ladies-fashion-1st-floor\/","alt":"","author":"8","description":"Kastner&amp;\u00d6hler Mode GmbH dioma ag, Kastner&\u00d6hler Mode GmbH  dioma ag  Kastner&\u00d6hler Mode GmbH Jens Pfisterer ","caption":"","name":"dioma-ag_kastnero%cc%88hler_innsbruck_6_ladies-fashion-1st-floor","status":"inherit","uploaded_to":61746,"date":"2021-03-31 16:12:20","modified":"2022-02-08 12:49:29","menu_order":0,"mime_type":"image\/jpeg","type":"image","subtype":"jpeg","icon":"https:\/\/int.design\/wp-includes\/images\/media\/default.png","width":1725,"height":2560,"sizes":{"thumbnail":"https:\/\/int.design\/wp-content\/uploads\/2021\/03\/dioma-ag-kastnerohler-innsbruck-6-ladies-fashion-1st-floor-150x150.jpg","thumbnail-width":150,"thumbnail-height":150,"medium":"https:\/\/int.design\/wp-content\/uploads\/2021\/03\/dioma-ag-kastnerohler-innsbruck-6-ladies-fashion-1st-floor-202x300.jpg","medium-width":202,"medium-height":300,"medium_large":"https:\/\/int.design\/wp-content\/uploads\/2021\/03\/dioma-ag-kastnerohler-innsbruck-6-ladies-fashion-1st-floor-768x1140.jpg","medium_large-width":768,"medium_large-height":1140,"large":"https:\/\/int.design\/wp-content\/uploads\/2021\/03\/dioma-ag-kastnerohler-innsbruck-6-ladies-fashion-1st-floor-690x1024.jpg","large-width":690,"large-height":1024,"1536x1536":"https:\/\/int.design\/wp-content\/uploads\/2021\/03\/dioma-ag-kastnerohler-innsbruck-6-ladies-fashion-1st-floor-1035x1536.jpg","1536x1536-width":1035,"1536x1536-height":1536,"2048x2048":"https:\/\/int.design\/wp-content\/uploads\/2021\/03\/dioma-ag-kastnerohler-innsbruck-6-ladies-fashion-1st-floor-1380x2048.jpg","2048x2048-width":1380,"2048x2048-height":2048,"article":"https:\/\/int.design\/wp-content\/uploads\/2021\/03\/dioma-ag-kastnerohler-innsbruck-6-ladies-fashion-1st-floor-960x540.jpg","article-width":960,"article-height":540,"banner":"https:\/\/int.design\/wp-content\/uploads\/2021\/03\/dioma-ag-kastnerohler-innsbruck-6-ladies-fashion-1st-floor-1920x2849.jpg","banner-width":1920,"banner-height":2849,"block":"https:\/\/int.design\/wp-content\/uploads\/2021\/03\/dioma-ag-kastnerohler-innsbruck-6-ladies-fashion-1st-floor-900x680.jpg","block-width":900,"block-height":680,"card":"https:\/\/int.design\/wp-content\/uploads\/2021\/03\/dioma-ag-kastnerohler-innsbruck-6-ladies-fashion-1st-floor-560x495.jpg","card-width":560,"card-height":495,"card-thumbnail":"https:\/\/int.design\/wp-content\/uploads\/2021\/03\/dioma-ag-kastnerohler-innsbruck-6-ladies-fashion-1st-floor-450x340.jpg","card-thumbnail-width":450,"card-thumbnail-height":340,"conference":"https:\/\/int.design\/wp-content\/uploads\/2021\/03\/dioma-ag-kastnerohler-innsbruck-6-ladies-fashion-1st-floor-560x250.jpg","conference-width":560,"conference-height":250,"contest":"https:\/\/int.design\/wp-content\/uploads\/2021\/03\/dioma-ag-kastnerohler-innsbruck-6-ladies-fashion-1st-floor-960x400.jpg","contest-width":960,"contest-height":400,"cta":"https:\/\/int.design\/wp-content\/uploads\/2021\/03\/dioma-ag-kastnerohler-innsbruck-6-ladies-fashion-1st-floor-415x170.jpg","cta-width":415,"cta-height":170,"exhibitor":"https:\/\/int.design\/wp-content\/uploads\/2021\/03\/dioma-ag-kastnerohler-innsbruck-6-ladies-fashion-1st-floor-560x560.jpg","exhibitor-width":560,"exhibitor-height":560,"gallery":"https:\/\/int.design\/wp-content\/uploads\/2021\/03\/dioma-ag-kastnerohler-innsbruck-6-ladies-fashion-1st-floor-290x430.jpg","gallery-width":290,"gallery-height":430,"logo":"https:\/\/int.design\/wp-content\/uploads\/2021\/03\/dioma-ag-kastnerohler-innsbruck-6-ladies-fashion-1st-floor-67x100.jpg","logo-width":67,"logo-height":100,"masonry":"https:\/\/int.design\/wp-content\/uploads\/2021\/03\/dioma-ag-kastnerohler-innsbruck-6-ladies-fashion-1st-floor-550x816.jpg","masonry-width":550,"masonry-height":816,"modal":"https:\/\/int.design\/wp-content\/uploads\/2021\/03\/dioma-ag-kastnerohler-innsbruck-6-ladies-fashion-1st-floor-1294x1920.jpg","modal-width":1294,"modal-height":1920,"number":"https:\/\/int.design\/wp-content\/uploads\/2021\/03\/dioma-ag-kastnerohler-innsbruck-6-ladies-fashion-1st-floor-290x430.jpg","number-width":290,"number-height":430,"partner":"https:\/\/int.design\/wp-content\/uploads\/2021\/03\/dioma-ag-kastnerohler-innsbruck-6-ladies-fashion-1st-floor-142x210.jpg","partner-width":142,"partner-height":210,"ranking":"https:\/\/int.design\/wp-content\/uploads\/2021\/03\/dioma-ag-kastnerohler-innsbruck-6-ladies-fashion-1st-floor-960x540.jpg","ranking-width":960,"ranking-height":540,"schedule":"https:\/\/int.design\/wp-content\/uploads\/2021\/03\/dioma-ag-kastnerohler-innsbruck-6-ladies-fashion-1st-floor-960x360.jpg","schedule-width":960,"schedule-height":360,"slideshow":"https:\/\/int.design\/wp-content\/uploads\/2021\/03\/dioma-ag-kastnerohler-innsbruck-6-ladies-fashion-1st-floor-458x680.jpg","slideshow-width":458,"slideshow-height":680}},"filters":false,"suppliers":false,"attachment_category":[]},{"categories":[201],"credit":"Jens Pfisterer","image":{"ID":73574,"id":73574,"title":"dioma ag_Kastner&O\u0308hler_Innsbruck_7_Ladies fashion 1st floor","filename":"dioma-ag-kastnerohler-innsbruck-7-ladies-fashion-1st-floor-scaled.jpg","filesize":0,"url":"https:\/\/int.design\/wp-content\/uploads\/2021\/03\/dioma-ag-kastnerohler-innsbruck-7-ladies-fashion-1st-floor-scaled.jpg","link":"https:\/\/int.design\/fr\/projets\/kastnerohler-mode-gmbh\/dioma-ag_kastnero%cc%88hler_innsbruck_7_ladies-fashion-1st-floor\/","alt":"","author":"8","description":"Kastner&amp;\u00d6hler Mode GmbH dioma ag, Kastner&\u00d6hler Mode GmbH  dioma ag  Kastner&\u00d6hler Mode GmbH Jens Pfisterer ","caption":"","name":"dioma-ag_kastnero%cc%88hler_innsbruck_7_ladies-fashion-1st-floor","status":"inherit","uploaded_to":61746,"date":"2021-03-31 16:13:01","modified":"2022-02-08 12:49:29","menu_order":0,"mime_type":"image\/jpeg","type":"image","subtype":"jpeg","icon":"https:\/\/int.design\/wp-includes\/images\/media\/default.png","width":2560,"height":1707,"sizes":{"thumbnail":"https:\/\/int.design\/wp-content\/uploads\/2021\/03\/dioma-ag-kastnerohler-innsbruck-7-ladies-fashion-1st-floor-150x150.jpg","thumbnail-width":150,"thumbnail-height":150,"medium":"https:\/\/int.design\/wp-content\/uploads\/2021\/03\/dioma-ag-kastnerohler-innsbruck-7-ladies-fashion-1st-floor-300x200.jpg","medium-width":300,"medium-height":200,"medium_large":"https:\/\/int.design\/wp-content\/uploads\/2021\/03\/dioma-ag-kastnerohler-innsbruck-7-ladies-fashion-1st-floor-768x512.jpg","medium_large-width":768,"medium_large-height":512,"large":"https:\/\/int.design\/wp-content\/uploads\/2021\/03\/dioma-ag-kastnerohler-innsbruck-7-ladies-fashion-1st-floor-1024x683.jpg","large-width":1024,"large-height":683,"1536x1536":"https:\/\/int.design\/wp-content\/uploads\/2021\/03\/dioma-ag-kastnerohler-innsbruck-7-ladies-fashion-1st-floor-1536x1024.jpg","1536x1536-width":1536,"1536x1536-height":1024,"2048x2048":"https:\/\/int.design\/wp-content\/uploads\/2021\/03\/dioma-ag-kastnerohler-innsbruck-7-ladies-fashion-1st-floor-2048x1365.jpg","2048x2048-width":2048,"2048x2048-height":1365,"article":"https:\/\/int.design\/wp-content\/uploads\/2021\/03\/dioma-ag-kastnerohler-innsbruck-7-ladies-fashion-1st-floor-960x540.jpg","article-width":960,"article-height":540,"banner":"https:\/\/int.design\/wp-content\/uploads\/2021\/03\/dioma-ag-kastnerohler-innsbruck-7-ladies-fashion-1st-floor-1920x1280.jpg","banner-width":1920,"banner-height":1280,"block":"https:\/\/int.design\/wp-content\/uploads\/2021\/03\/dioma-ag-kastnerohler-innsbruck-7-ladies-fashion-1st-floor-900x680.jpg","block-width":900,"block-height":680,"card":"https:\/\/int.design\/wp-content\/uploads\/2021\/03\/dioma-ag-kastnerohler-innsbruck-7-ladies-fashion-1st-floor-560x495.jpg","card-width":560,"card-height":495,"card-thumbnail":"https:\/\/int.design\/wp-content\/uploads\/2021\/03\/dioma-ag-kastnerohler-innsbruck-7-ladies-fashion-1st-floor-450x340.jpg","card-thumbnail-width":450,"card-thumbnail-height":340,"conference":"https:\/\/int.design\/wp-content\/uploads\/2021\/03\/dioma-ag-kastnerohler-innsbruck-7-ladies-fashion-1st-floor-560x250.jpg","conference-width":560,"conference-height":250,"contest":"https:\/\/int.design\/wp-content\/uploads\/2021\/03\/dioma-ag-kastnerohler-innsbruck-7-ladies-fashion-1st-floor-960x400.jpg","contest-width":960,"contest-height":400,"cta":"https:\/\/int.design\/wp-content\/uploads\/2021\/03\/dioma-ag-kastnerohler-innsbruck-7-ladies-fashion-1st-floor-415x170.jpg","cta-width":415,"cta-height":170,"exhibitor":"https:\/\/int.design\/wp-content\/uploads\/2021\/03\/dioma-ag-kastnerohler-innsbruck-7-ladies-fashion-1st-floor-560x560.jpg","exhibitor-width":560,"exhibitor-height":560,"gallery":"https:\/\/int.design\/wp-content\/uploads\/2021\/03\/dioma-ag-kastnerohler-innsbruck-7-ladies-fashion-1st-floor-560x373.jpg","gallery-width":560,"gallery-height":373,"logo":"https:\/\/int.design\/wp-content\/uploads\/2021\/03\/dioma-ag-kastnerohler-innsbruck-7-ladies-fashion-1st-floor-150x100.jpg","logo-width":150,"logo-height":100,"masonry":"https:\/\/int.design\/wp-content\/uploads\/2021\/03\/dioma-ag-kastnerohler-innsbruck-7-ladies-fashion-1st-floor-550x367.jpg","masonry-width":550,"masonry-height":367,"modal":"https:\/\/int.design\/wp-content\/uploads\/2021\/03\/dioma-ag-kastnerohler-innsbruck-7-ladies-fashion-1st-floor-1920x1280.jpg","modal-width":1920,"modal-height":1280,"number":"https:\/\/int.design\/wp-content\/uploads\/2021\/03\/dioma-ag-kastnerohler-innsbruck-7-ladies-fashion-1st-floor-560x373.jpg","number-width":560,"number-height":373,"partner":"https:\/\/int.design\/wp-content\/uploads\/2021\/03\/dioma-ag-kastnerohler-innsbruck-7-ladies-fashion-1st-floor-275x183.jpg","partner-width":275,"partner-height":183,"ranking":"https:\/\/int.design\/wp-content\/uploads\/2021\/03\/dioma-ag-kastnerohler-innsbruck-7-ladies-fashion-1st-floor-960x540.jpg","ranking-width":960,"ranking-height":540,"schedule":"https:\/\/int.design\/wp-content\/uploads\/2021\/03\/dioma-ag-kastnerohler-innsbruck-7-ladies-fashion-1st-floor-960x360.jpg","schedule-width":960,"schedule-height":360,"slideshow":"https:\/\/int.design\/wp-content\/uploads\/2021\/03\/dioma-ag-kastnerohler-innsbruck-7-ladies-fashion-1st-floor-1020x680.jpg","slideshow-width":1020,"slideshow-height":680}},"filters":false,"suppliers":false,"attachment_category":[]},{"categories":[201],"credit":"Jens Pfisterer ","image":{"ID":73575,"id":73575,"title":"dioma ag_Kastner&O\u0308hler_Innsbruck_8_Escalator wall 2nd floor","filename":"dioma-ag-kastnerohler-innsbruck-8-escalator-wall-2nd-floor-scaled.jpg","filesize":0,"url":"https:\/\/int.design\/wp-content\/uploads\/2021\/03\/dioma-ag-kastnerohler-innsbruck-8-escalator-wall-2nd-floor-scaled.jpg","link":"https:\/\/int.design\/fr\/projets\/kastnerohler-mode-gmbh\/dioma-ag_kastnero%cc%88hler_innsbruck_8_escalator-wall-2nd-floor\/","alt":"","author":"8","description":"Kastner&amp;\u00d6hler Mode GmbH dioma ag, Kastner&\u00d6hler Mode GmbH  dioma ag  Kastner&\u00d6hler Mode GmbH Jens Pfisterer ","caption":"","name":"dioma-ag_kastnero%cc%88hler_innsbruck_8_escalator-wall-2nd-floor","status":"inherit","uploaded_to":61746,"date":"2021-03-31 16:13:42","modified":"2022-02-08 12:49:29","menu_order":0,"mime_type":"image\/jpeg","type":"image","subtype":"jpeg","icon":"https:\/\/int.design\/wp-includes\/images\/media\/default.png","width":1665,"height":2560,"sizes":{"thumbnail":"https:\/\/int.design\/wp-content\/uploads\/2021\/03\/dioma-ag-kastnerohler-innsbruck-8-escalator-wall-2nd-floor-150x150.jpg","thumbnail-width":150,"thumbnail-height":150,"medium":"https:\/\/int.design\/wp-content\/uploads\/2021\/03\/dioma-ag-kastnerohler-innsbruck-8-escalator-wall-2nd-floor-195x300.jpg","medium-width":195,"medium-height":300,"medium_large":"https:\/\/int.design\/wp-content\/uploads\/2021\/03\/dioma-ag-kastnerohler-innsbruck-8-escalator-wall-2nd-floor-768x1181.jpg","medium_large-width":768,"medium_large-height":1181,"large":"https:\/\/int.design\/wp-content\/uploads\/2021\/03\/dioma-ag-kastnerohler-innsbruck-8-escalator-wall-2nd-floor-666x1024.jpg","large-width":666,"large-height":1024,"1536x1536":"https:\/\/int.design\/wp-content\/uploads\/2021\/03\/dioma-ag-kastnerohler-innsbruck-8-escalator-wall-2nd-floor-999x1536.jpg","1536x1536-width":999,"1536x1536-height":1536,"2048x2048":"https:\/\/int.design\/wp-content\/uploads\/2021\/03\/dioma-ag-kastnerohler-innsbruck-8-escalator-wall-2nd-floor-1332x2048.jpg","2048x2048-width":1332,"2048x2048-height":2048,"article":"https:\/\/int.design\/wp-content\/uploads\/2021\/03\/dioma-ag-kastnerohler-innsbruck-8-escalator-wall-2nd-floor-960x540.jpg","article-width":960,"article-height":540,"banner":"https:\/\/int.design\/wp-content\/uploads\/2021\/03\/dioma-ag-kastnerohler-innsbruck-8-escalator-wall-2nd-floor-1920x2953.jpg","banner-width":1920,"banner-height":2953,"block":"https:\/\/int.design\/wp-content\/uploads\/2021\/03\/dioma-ag-kastnerohler-innsbruck-8-escalator-wall-2nd-floor-900x680.jpg","block-width":900,"block-height":680,"card":"https:\/\/int.design\/wp-content\/uploads\/2021\/03\/dioma-ag-kastnerohler-innsbruck-8-escalator-wall-2nd-floor-560x495.jpg","card-width":560,"card-height":495,"card-thumbnail":"https:\/\/int.design\/wp-content\/uploads\/2021\/03\/dioma-ag-kastnerohler-innsbruck-8-escalator-wall-2nd-floor-450x340.jpg","card-thumbnail-width":450,"card-thumbnail-height":340,"conference":"https:\/\/int.design\/wp-content\/uploads\/2021\/03\/dioma-ag-kastnerohler-innsbruck-8-escalator-wall-2nd-floor-560x250.jpg","conference-width":560,"conference-height":250,"contest":"https:\/\/int.design\/wp-content\/uploads\/2021\/03\/dioma-ag-kastnerohler-innsbruck-8-escalator-wall-2nd-floor-960x400.jpg","contest-width":960,"contest-height":400,"cta":"https:\/\/int.design\/wp-content\/uploads\/2021\/03\/dioma-ag-kastnerohler-innsbruck-8-escalator-wall-2nd-floor-415x170.jpg","cta-width":415,"cta-height":170,"exhibitor":"https:\/\/int.design\/wp-content\/uploads\/2021\/03\/dioma-ag-kastnerohler-innsbruck-8-escalator-wall-2nd-floor-560x560.jpg","exhibitor-width":560,"exhibitor-height":560,"gallery":"https:\/\/int.design\/wp-content\/uploads\/2021\/03\/dioma-ag-kastnerohler-innsbruck-8-escalator-wall-2nd-floor-280x430.jpg","gallery-width":280,"gallery-height":430,"logo":"https:\/\/int.design\/wp-content\/uploads\/2021\/03\/dioma-ag-kastnerohler-innsbruck-8-escalator-wall-2nd-floor-65x100.jpg","logo-width":65,"logo-height":100,"masonry":"https:\/\/int.design\/wp-content\/uploads\/2021\/03\/dioma-ag-kastnerohler-innsbruck-8-escalator-wall-2nd-floor-550x846.jpg","masonry-width":550,"masonry-height":846,"modal":"https:\/\/int.design\/wp-content\/uploads\/2021\/03\/dioma-ag-kastnerohler-innsbruck-8-escalator-wall-2nd-floor-1249x1920.jpg","modal-width":1249,"modal-height":1920,"number":"https:\/\/int.design\/wp-content\/uploads\/2021\/03\/dioma-ag-kastnerohler-innsbruck-8-escalator-wall-2nd-floor-280x430.jpg","number-width":280,"number-height":430,"partner":"https:\/\/int.design\/wp-content\/uploads\/2021\/03\/dioma-ag-kastnerohler-innsbruck-8-escalator-wall-2nd-floor-137x210.jpg","partner-width":137,"partner-height":210,"ranking":"https:\/\/int.design\/wp-content\/uploads\/2021\/03\/dioma-ag-kastnerohler-innsbruck-8-escalator-wall-2nd-floor-960x540.jpg","ranking-width":960,"ranking-height":540,"schedule":"https:\/\/int.design\/wp-content\/uploads\/2021\/03\/dioma-ag-kastnerohler-innsbruck-8-escalator-wall-2nd-floor-960x360.jpg","schedule-width":960,"schedule-height":360,"slideshow":"https:\/\/int.design\/wp-content\/uploads\/2021\/03\/dioma-ag-kastnerohler-innsbruck-8-escalator-wall-2nd-floor-442x680.jpg","slideshow-width":442,"slideshow-height":680}},"filters":false,"suppliers":false,"attachment_category":[]},{"categories":[201],"credit":"Jens Pfisterer ","image":{"ID":73576,"id":73576,"title":"dioma ag_Kastner&O\u0308hler_Innsbruck_9_Men's fashion 2nd floor","filename":"dioma-ag-kastnerohler-innsbruck-9-mens-fashion-2nd-floor-scaled.jpg","filesize":0,"url":"https:\/\/int.design\/wp-content\/uploads\/2021\/03\/dioma-ag-kastnerohler-innsbruck-9-mens-fashion-2nd-floor-scaled.jpg","link":"https:\/\/int.design\/fr\/projets\/kastnerohler-mode-gmbh\/dioma-ag_kastnero%cc%88hler_innsbruck_9_mens-fashion-2nd-floor\/","alt":"","author":"8","description":"Kastner&amp;\u00d6hler Mode GmbH dioma ag, Kastner&\u00d6hler Mode GmbH  dioma ag  Kastner&\u00d6hler Mode GmbH Jens Pfisterer ","caption":"","name":"dioma-ag_kastnero%cc%88hler_innsbruck_9_mens-fashion-2nd-floor","status":"inherit","uploaded_to":61746,"date":"2021-03-31 16:14:29","modified":"2022-02-08 12:49:29","menu_order":0,"mime_type":"image\/jpeg","type":"image","subtype":"jpeg","icon":"https:\/\/int.design\/wp-includes\/images\/media\/default.png","width":2560,"height":1674,"sizes":{"thumbnail":"https:\/\/int.design\/wp-content\/uploads\/2021\/03\/dioma-ag-kastnerohler-innsbruck-9-mens-fashion-2nd-floor-150x150.jpg","thumbnail-width":150,"thumbnail-height":150,"medium":"https:\/\/int.design\/wp-content\/uploads\/2021\/03\/dioma-ag-kastnerohler-innsbruck-9-mens-fashion-2nd-floor-300x196.jpg","medium-width":300,"medium-height":196,"medium_large":"https:\/\/int.design\/wp-content\/uploads\/2021\/03\/dioma-ag-kastnerohler-innsbruck-9-mens-fashion-2nd-floor-768x502.jpg","medium_large-width":768,"medium_large-height":502,"large":"https:\/\/int.design\/wp-content\/uploads\/2021\/03\/dioma-ag-kastnerohler-innsbruck-9-mens-fashion-2nd-floor-1024x670.jpg","large-width":1024,"large-height":670,"1536x1536":"https:\/\/int.design\/wp-content\/uploads\/2021\/03\/dioma-ag-kastnerohler-innsbruck-9-mens-fashion-2nd-floor-1536x1004.jpg","1536x1536-width":1536,"1536x1536-height":1004,"2048x2048":"https:\/\/int.design\/wp-content\/uploads\/2021\/03\/dioma-ag-kastnerohler-innsbruck-9-mens-fashion-2nd-floor-2048x1339.jpg","2048x2048-width":2048,"2048x2048-height":1339,"article":"https:\/\/int.design\/wp-content\/uploads\/2021\/03\/dioma-ag-kastnerohler-innsbruck-9-mens-fashion-2nd-floor-960x540.jpg","article-width":960,"article-height":540,"banner":"https:\/\/int.design\/wp-content\/uploads\/2021\/03\/dioma-ag-kastnerohler-innsbruck-9-mens-fashion-2nd-floor-1920x1255.jpg","banner-width":1920,"banner-height":1255,"block":"https:\/\/int.design\/wp-content\/uploads\/2021\/03\/dioma-ag-kastnerohler-innsbruck-9-mens-fashion-2nd-floor-900x680.jpg","block-width":900,"block-height":680,"card":"https:\/\/int.design\/wp-content\/uploads\/2021\/03\/dioma-ag-kastnerohler-innsbruck-9-mens-fashion-2nd-floor-560x495.jpg","card-width":560,"card-height":495,"card-thumbnail":"https:\/\/int.design\/wp-content\/uploads\/2021\/03\/dioma-ag-kastnerohler-innsbruck-9-mens-fashion-2nd-floor-450x340.jpg","card-thumbnail-width":450,"card-thumbnail-height":340,"conference":"https:\/\/int.design\/wp-content\/uploads\/2021\/03\/dioma-ag-kastnerohler-innsbruck-9-mens-fashion-2nd-floor-560x250.jpg","conference-width":560,"conference-height":250,"contest":"https:\/\/int.design\/wp-content\/uploads\/2021\/03\/dioma-ag-kastnerohler-innsbruck-9-mens-fashion-2nd-floor-960x400.jpg","contest-width":960,"contest-height":400,"cta":"https:\/\/int.design\/wp-content\/uploads\/2021\/03\/dioma-ag-kastnerohler-innsbruck-9-mens-fashion-2nd-floor-415x170.jpg","cta-width":415,"cta-height":170,"exhibitor":"https:\/\/int.design\/wp-content\/uploads\/2021\/03\/dioma-ag-kastnerohler-innsbruck-9-mens-fashion-2nd-floor-560x560.jpg","exhibitor-width":560,"exhibitor-height":560,"gallery":"https:\/\/int.design\/wp-content\/uploads\/2021\/03\/dioma-ag-kastnerohler-innsbruck-9-mens-fashion-2nd-floor-560x366.jpg","gallery-width":560,"gallery-height":366,"logo":"https:\/\/int.design\/wp-content\/uploads\/2021\/03\/dioma-ag-kastnerohler-innsbruck-9-mens-fashion-2nd-floor-153x100.jpg","logo-width":153,"logo-height":100,"masonry":"https:\/\/int.design\/wp-content\/uploads\/2021\/03\/dioma-ag-kastnerohler-innsbruck-9-mens-fashion-2nd-floor-550x360.jpg","masonry-width":550,"masonry-height":360,"modal":"https:\/\/int.design\/wp-content\/uploads\/2021\/03\/dioma-ag-kastnerohler-innsbruck-9-mens-fashion-2nd-floor-1920x1255.jpg","modal-width":1920,"modal-height":1255,"number":"https:\/\/int.design\/wp-content\/uploads\/2021\/03\/dioma-ag-kastnerohler-innsbruck-9-mens-fashion-2nd-floor-560x366.jpg","number-width":560,"number-height":366,"partner":"https:\/\/int.design\/wp-content\/uploads\/2021\/03\/dioma-ag-kastnerohler-innsbruck-9-mens-fashion-2nd-floor-275x180.jpg","partner-width":275,"partner-height":180,"ranking":"https:\/\/int.design\/wp-content\/uploads\/2021\/03\/dioma-ag-kastnerohler-innsbruck-9-mens-fashion-2nd-floor-960x540.jpg","ranking-width":960,"ranking-height":540,"schedule":"https:\/\/int.design\/wp-content\/uploads\/2021\/03\/dioma-ag-kastnerohler-innsbruck-9-mens-fashion-2nd-floor-960x360.jpg","schedule-width":960,"schedule-height":360,"slideshow":"https:\/\/int.design\/wp-content\/uploads\/2021\/03\/dioma-ag-kastnerohler-innsbruck-9-mens-fashion-2nd-floor-1040x680.jpg","slideshow-width":1040,"slideshow-height":680}},"filters":false,"suppliers":false,"attachment_category":[]},{"categories":[201],"credit":"Jens Pfisterer ","image":{"ID":73577,"id":73577,"title":"dioma ag_Kastner&O\u0308hler_Innsbruck_10_Men's fashion 2nd floor","filename":"dioma-ag-kastnerohler-innsbruck-10-mens-fashion-2nd-floor-scaled.jpg","filesize":0,"url":"https:\/\/int.design\/wp-content\/uploads\/2021\/03\/dioma-ag-kastnerohler-innsbruck-10-mens-fashion-2nd-floor-scaled.jpg","link":"https:\/\/int.design\/fr\/projets\/kastnerohler-mode-gmbh\/dioma-ag_kastnero%cc%88hler_innsbruck_10_mens-fashion-2nd-floor\/","alt":"","author":"8","description":"Kastner&amp;\u00d6hler Mode GmbH dioma ag, Kastner&\u00d6hler Mode GmbH  dioma ag  Kastner&\u00d6hler Mode GmbH Jens Pfisterer ","caption":"","name":"dioma-ag_kastnero%cc%88hler_innsbruck_10_mens-fashion-2nd-floor","status":"inherit","uploaded_to":61746,"date":"2021-03-31 16:15:01","modified":"2022-02-08 12:49:29","menu_order":0,"mime_type":"image\/jpeg","type":"image","subtype":"jpeg","icon":"https:\/\/int.design\/wp-includes\/images\/media\/default.png","width":2560,"height":1386,"sizes":{"thumbnail":"https:\/\/int.design\/wp-content\/uploads\/2021\/03\/dioma-ag-kastnerohler-innsbruck-10-mens-fashion-2nd-floor-150x150.jpg","thumbnail-width":150,"thumbnail-height":150,"medium":"https:\/\/int.design\/wp-content\/uploads\/2021\/03\/dioma-ag-kastnerohler-innsbruck-10-mens-fashion-2nd-floor-300x162.jpg","medium-width":300,"medium-height":162,"medium_large":"https:\/\/int.design\/wp-content\/uploads\/2021\/03\/dioma-ag-kastnerohler-innsbruck-10-mens-fashion-2nd-floor-768x416.jpg","medium_large-width":768,"medium_large-height":416,"large":"https:\/\/int.design\/wp-content\/uploads\/2021\/03\/dioma-ag-kastnerohler-innsbruck-10-mens-fashion-2nd-floor-1024x554.jpg","large-width":1024,"large-height":554,"1536x1536":"https:\/\/int.design\/wp-content\/uploads\/2021\/03\/dioma-ag-kastnerohler-innsbruck-10-mens-fashion-2nd-floor-1536x832.jpg","1536x1536-width":1536,"1536x1536-height":832,"2048x2048":"https:\/\/int.design\/wp-content\/uploads\/2021\/03\/dioma-ag-kastnerohler-innsbruck-10-mens-fashion-2nd-floor-2048x1109.jpg","2048x2048-width":2048,"2048x2048-height":1109,"article":"https:\/\/int.design\/wp-content\/uploads\/2021\/03\/dioma-ag-kastnerohler-innsbruck-10-mens-fashion-2nd-floor-960x540.jpg","article-width":960,"article-height":540,"banner":"https:\/\/int.design\/wp-content\/uploads\/2021\/03\/dioma-ag-kastnerohler-innsbruck-10-mens-fashion-2nd-floor-1920x1039.jpg","banner-width":1920,"banner-height":1039,"block":"https:\/\/int.design\/wp-content\/uploads\/2021\/03\/dioma-ag-kastnerohler-innsbruck-10-mens-fashion-2nd-floor-900x680.jpg","block-width":900,"block-height":680,"card":"https:\/\/int.design\/wp-content\/uploads\/2021\/03\/dioma-ag-kastnerohler-innsbruck-10-mens-fashion-2nd-floor-560x495.jpg","card-width":560,"card-height":495,"card-thumbnail":"https:\/\/int.design\/wp-content\/uploads\/2021\/03\/dioma-ag-kastnerohler-innsbruck-10-mens-fashion-2nd-floor-450x340.jpg","card-thumbnail-width":450,"card-thumbnail-height":340,"conference":"https:\/\/int.design\/wp-content\/uploads\/2021\/03\/dioma-ag-kastnerohler-innsbruck-10-mens-fashion-2nd-floor-560x250.jpg","conference-width":560,"conference-height":250,"contest":"https:\/\/int.design\/wp-content\/uploads\/2021\/03\/dioma-ag-kastnerohler-innsbruck-10-mens-fashion-2nd-floor-960x400.jpg","contest-width":960,"contest-height":400,"cta":"https:\/\/int.design\/wp-content\/uploads\/2021\/03\/dioma-ag-kastnerohler-innsbruck-10-mens-fashion-2nd-floor-415x170.jpg","cta-width":415,"cta-height":170,"exhibitor":"https:\/\/int.design\/wp-content\/uploads\/2021\/03\/dioma-ag-kastnerohler-innsbruck-10-mens-fashion-2nd-floor-560x560.jpg","exhibitor-width":560,"exhibitor-height":560,"gallery":"https:\/\/int.design\/wp-content\/uploads\/2021\/03\/dioma-ag-kastnerohler-innsbruck-10-mens-fashion-2nd-floor-560x303.jpg","gallery-width":560,"gallery-height":303,"logo":"https:\/\/int.design\/wp-content\/uploads\/2021\/03\/dioma-ag-kastnerohler-innsbruck-10-mens-fashion-2nd-floor-185x100.jpg","logo-width":185,"logo-height":100,"masonry":"https:\/\/int.design\/wp-content\/uploads\/2021\/03\/dioma-ag-kastnerohler-innsbruck-10-mens-fashion-2nd-floor-550x298.jpg","masonry-width":550,"masonry-height":298,"modal":"https:\/\/int.design\/wp-content\/uploads\/2021\/03\/dioma-ag-kastnerohler-innsbruck-10-mens-fashion-2nd-floor-1920x1039.jpg","modal-width":1920,"modal-height":1039,"number":"https:\/\/int.design\/wp-content\/uploads\/2021\/03\/dioma-ag-kastnerohler-innsbruck-10-mens-fashion-2nd-floor-560x303.jpg","number-width":560,"number-height":303,"partner":"https:\/\/int.design\/wp-content\/uploads\/2021\/03\/dioma-ag-kastnerohler-innsbruck-10-mens-fashion-2nd-floor-275x149.jpg","partner-width":275,"partner-height":149,"ranking":"https:\/\/int.design\/wp-content\/uploads\/2021\/03\/dioma-ag-kastnerohler-innsbruck-10-mens-fashion-2nd-floor-960x540.jpg","ranking-width":960,"ranking-height":540,"schedule":"https:\/\/int.design\/wp-content\/uploads\/2021\/03\/dioma-ag-kastnerohler-innsbruck-10-mens-fashion-2nd-floor-960x360.jpg","schedule-width":960,"schedule-height":360,"slideshow":"https:\/\/int.design\/wp-content\/uploads\/2021\/03\/dioma-ag-kastnerohler-innsbruck-10-mens-fashion-2nd-floor-1256x680.jpg","slideshow-width":1256,"slideshow-height":680}},"filters":false,"suppliers":false,"attachment_category":[]},{"categories":[201],"credit":"Jens Pfisterer ","image":{"ID":73579,"id":73579,"title":"dioma ag_Kastner&O\u0308hler_Innsbruck_Title_Shop front","filename":"dioma-ag-kastnerohler-innsbruck-title-shop-front-scaled.jpg","filesize":0,"url":"https:\/\/int.design\/wp-content\/uploads\/2021\/03\/dioma-ag-kastnerohler-innsbruck-title-shop-front-scaled.jpg","link":"https:\/\/int.design\/fr\/projets\/kastnerohler-mode-gmbh\/dioma-ag_kastnero%cc%88hler_innsbruck_title_shop-front\/","alt":"","author":"8","description":"Kastner&amp;\u00d6hler Mode GmbH dioma ag, Kastner&\u00d6hler Mode GmbH  dioma ag  Kastner&\u00d6hler Mode GmbH Jens Pfisterer ","caption":"","name":"dioma-ag_kastnero%cc%88hler_innsbruck_title_shop-front","status":"inherit","uploaded_to":61746,"date":"2021-03-31 16:15:43","modified":"2022-02-08 12:49:29","menu_order":0,"mime_type":"image\/jpeg","type":"image","subtype":"jpeg","icon":"https:\/\/int.design\/wp-includes\/images\/media\/default.png","width":2560,"height":1230,"sizes":{"thumbnail":"https:\/\/int.design\/wp-content\/uploads\/2021\/03\/dioma-ag-kastnerohler-innsbruck-title-shop-front-150x150.jpg","thumbnail-width":150,"thumbnail-height":150,"medium":"https:\/\/int.design\/wp-content\/uploads\/2021\/03\/dioma-ag-kastnerohler-innsbruck-title-shop-front-300x144.jpg","medium-width":300,"medium-height":144,"medium_large":"https:\/\/int.design\/wp-content\/uploads\/2021\/03\/dioma-ag-kastnerohler-innsbruck-title-shop-front-768x369.jpg","medium_large-width":768,"medium_large-height":369,"large":"https:\/\/int.design\/wp-content\/uploads\/2021\/03\/dioma-ag-kastnerohler-innsbruck-title-shop-front-1024x492.jpg","large-width":1024,"large-height":492,"1536x1536":"https:\/\/int.design\/wp-content\/uploads\/2021\/03\/dioma-ag-kastnerohler-innsbruck-title-shop-front-1536x738.jpg","1536x1536-width":1536,"1536x1536-height":738,"2048x2048":"https:\/\/int.design\/wp-content\/uploads\/2021\/03\/dioma-ag-kastnerohler-innsbruck-title-shop-front-2048x984.jpg","2048x2048-width":2048,"2048x2048-height":984,"article":"https:\/\/int.design\/wp-content\/uploads\/2021\/03\/dioma-ag-kastnerohler-innsbruck-title-shop-front-960x540.jpg","article-width":960,"article-height":540,"banner":"https:\/\/int.design\/wp-content\/uploads\/2021\/03\/dioma-ag-kastnerohler-innsbruck-title-shop-front-1920x923.jpg","banner-width":1920,"banner-height":923,"block":"https:\/\/int.design\/wp-content\/uploads\/2021\/03\/dioma-ag-kastnerohler-innsbruck-title-shop-front-900x680.jpg","block-width":900,"block-height":680,"card":"https:\/\/int.design\/wp-content\/uploads\/2021\/03\/dioma-ag-kastnerohler-innsbruck-title-shop-front-560x495.jpg","card-width":560,"card-height":495,"card-thumbnail":"https:\/\/int.design\/wp-content\/uploads\/2021\/03\/dioma-ag-kastnerohler-innsbruck-title-shop-front-450x340.jpg","card-thumbnail-width":450,"card-thumbnail-height":340,"conference":"https:\/\/int.design\/wp-content\/uploads\/2021\/03\/dioma-ag-kastnerohler-innsbruck-title-shop-front-560x250.jpg","conference-width":560,"conference-height":250,"contest":"https:\/\/int.design\/wp-content\/uploads\/2021\/03\/dioma-ag-kastnerohler-innsbruck-title-shop-front-960x400.jpg","contest-width":960,"contest-height":400,"cta":"https:\/\/int.design\/wp-content\/uploads\/2021\/03\/dioma-ag-kastnerohler-innsbruck-title-shop-front-415x170.jpg","cta-width":415,"cta-height":170,"exhibitor":"https:\/\/int.design\/wp-content\/uploads\/2021\/03\/dioma-ag-kastnerohler-innsbruck-title-shop-front-560x560.jpg","exhibitor-width":560,"exhibitor-height":560,"gallery":"https:\/\/int.design\/wp-content\/uploads\/2021\/03\/dioma-ag-kastnerohler-innsbruck-title-shop-front-560x269.jpg","gallery-width":560,"gallery-height":269,"logo":"https:\/\/int.design\/wp-content\/uploads\/2021\/03\/dioma-ag-kastnerohler-innsbruck-title-shop-front-208x100.jpg","logo-width":208,"logo-height":100,"masonry":"https:\/\/int.design\/wp-content\/uploads\/2021\/03\/dioma-ag-kastnerohler-innsbruck-title-shop-front-550x264.jpg","masonry-width":550,"masonry-height":264,"modal":"https:\/\/int.design\/wp-content\/uploads\/2021\/03\/dioma-ag-kastnerohler-innsbruck-title-shop-front-1920x923.jpg","modal-width":1920,"modal-height":923,"number":"https:\/\/int.design\/wp-content\/uploads\/2021\/03\/dioma-ag-kastnerohler-innsbruck-title-shop-front-560x269.jpg","number-width":560,"number-height":269,"partner":"https:\/\/int.design\/wp-content\/uploads\/2021\/03\/dioma-ag-kastnerohler-innsbruck-title-shop-front-275x132.jpg","partner-width":275,"partner-height":132,"ranking":"https:\/\/int.design\/wp-content\/uploads\/2021\/03\/dioma-ag-kastnerohler-innsbruck-title-shop-front-960x540.jpg","ranking-width":960,"ranking-height":540,"schedule":"https:\/\/int.design\/wp-content\/uploads\/2021\/03\/dioma-ag-kastnerohler-innsbruck-title-shop-front-960x360.jpg","schedule-width":960,"schedule-height":360,"slideshow":"https:\/\/int.design\/wp-content\/uploads\/2021\/03\/dioma-ag-kastnerohler-innsbruck-title-shop-front-1415x680.jpg","slideshow-width":1415,"slideshow-height":680}},"filters":false,"suppliers":false,"attachment_category":[]}],"mandatory_documents":[{"name":"Ground floor","file":{"ID":73581,"id":73581,"title":"DiomaAG_K&amp;\u00d6_Innsbruck_Groundfloor","filename":"DiomaAG_K&\u00d6_Innsbruck_Groundfloor.pdf","filesize":0,"url":"https:\/\/d2q6z78khxmx42.cloudfront.net\/2021\/03\/DiomaAG_K&\u00d6_Innsbruck_Groundfloor.pdf","link":"https:\/\/int.design\/fr\/projets\/kastnerohler-mode-gmbh\/diomaag_ko_innsbruck_groundfloor\/","alt":"","author":"678","description":"","caption":"","name":"diomaag_ko_innsbruck_groundfloor","status":"inherit","uploaded_to":61746,"date":"2021-03-31 16:27:48","modified":"2021-03-31 16:29:33","menu_order":0,"mime_type":"application\/pdf","type":"application","subtype":"pdf","icon":"https:\/\/int.design\/wp-includes\/images\/media\/document.png"}}],"optional_documents":[{"name":"First floor","file":{"ID":73582,"id":73582,"title":"DiomaAG_K&amp;\u00d6_Innsbruck_1stFloor","filename":"DiomaAG_K&\u00d6_Innsbruck_1stFloor.pdf","filesize":0,"url":"https:\/\/d2q6z78khxmx42.cloudfront.net\/2021\/03\/DiomaAG_K&\u00d6_Innsbruck_1stFloor.pdf","link":"https:\/\/int.design\/fr\/projets\/kastnerohler-mode-gmbh\/diomaag_ko_innsbruck_1stfloor\/","alt":"","author":"678","description":"","caption":"","name":"diomaag_ko_innsbruck_1stfloor","status":"inherit","uploaded_to":61746,"date":"2021-03-31 16:28:49","modified":"2021-03-31 16:29:47","menu_order":0,"mime_type":"application\/pdf","type":"application","subtype":"pdf","icon":"https:\/\/int.design\/wp-includes\/images\/media\/document.png"}},{"name":"2nd floor ","file":{"ID":73583,"id":73583,"title":"DiomaAG_K&amp;\u00d6_Innsbruck_2ndFloor","filename":"DiomaAG_K&\u00d6_Innsbruck_2ndFloor.pdf","filesize":0,"url":"https:\/\/d2q6z78khxmx42.cloudfront.net\/2021\/03\/DiomaAG_K&\u00d6_Innsbruck_2ndFloor.pdf","link":"https:\/\/int.design\/fr\/projets\/kastnerohler-mode-gmbh\/diomaag_ko_innsbruck_2ndfloor\/","alt":"","author":"678","description":"","caption":"","name":"diomaag_ko_innsbruck_2ndfloor","status":"inherit","uploaded_to":61746,"date":"2021-03-31 16:29:12","modified":"2021-03-31 16:30:02","menu_order":0,"mime_type":"application\/pdf","type":"application","subtype":"pdf","icon":"https:\/\/int.design\/wp-includes\/images\/media\/document.png"}}],"web_text":{"fr":"<p>Projet : Kastner &#038; \u00d6hler, au Kaufhaus Tyrol, Innsbruck (Autriche)<\/p>\n<p>Apr\u00e8s plus de dix ans, depuis la r\u00e9ouverture de Kastner &#038; \u00d6hler \u00e0 Graz, Marco Dionisio, directeur et propri\u00e9taire de dioma ag, a de nouveau \u00e9t\u00e9 charg\u00e9 de d\u00e9velopper et de r\u00e9aliser le concept de base du design de K&#038;\u00d6 Innsbruck.<br \/>\nLa vision &#34;urbaine &#8211; alpine&#34; a \u00e9t\u00e9 subordonn\u00e9e \u00e0 l&#39;ensemble du design, de la mat\u00e9rialisation, de la conception du magasin et de l&#39;\u00e9motionnalisation.<\/p>\n","en":"<p>Project: Kastner &#038; \u00d6hler, at Kaufhaus Tyrol, Innsbruck (Austria)<\/p>\n<p>After more than ten years since the reopening of Kastner &#038; \u00d6hler in Graz, Marco Dionisio, managing director and owner of dioma ag, was once again commissioned to develop and realise the basic design concept for K&#038;\u00d6 Innsbruck.<br \/>\nThe vision &#34;urban &#8211; alpine&#34; was subordinated to the entire design, materialisation, shop design and emotionalisation.<\/p>\n","original":""},"jury_text":[{"category":201,"fr":"<p>Marco Dionisio, directeur g\u00e9n\u00e9ral de dioma ag, et son \u00e9quipe ont \u00e9t\u00e9 charg\u00e9s de d\u00e9velopper la vision, le concept de design, le look &#038; feel appropri\u00e9, la palette de couleurs, la mat\u00e9rialisation, l&#39;\u00e9motion et le merchandising visuel pour le nouveau Kastner &#038; \u00d6hler \u00e0 Innsbruck. Apr\u00e8s plus de dix ans, depuis la r\u00e9ouverture de Kastner &#038; \u00d6hler \u00e0 Graz, Marco Dionisio, a de nouveau \u00e9t\u00e9 charg\u00e9 de r\u00e9aliser la direction artistique de K&#038;\u00d6 Innsbruck.<br \/>\nApr\u00e8s avoir d\u00e9fini une vision, l&#39;ensemble du design a \u00e9t\u00e9 subordonn\u00e9 \u00e0 la conception du magasin sous le titre de travail &#34;Urban &#8211; Alpine&#34; :<br \/>\n&#8211; structure de l&#39;assortiment<br \/>\n&#8211; coloration, mat\u00e9rialisation et bien-\u00eatre<br \/>\n&#8211; Ameublement \/ ameublement sp\u00e9cial \/ zones sp\u00e9ciales \/ vitrines \/ points forts<br \/>\n&#8211; Marchandisage visuel et \u00e9motivit\u00e9<\/p>\n","en":"<p>Marco Dionisio, Managing Director of dioma ag, was commissioned with his team to develop the vision, the design concept, the appropriate look&#038;feel, the color scheme, the materialization, the emotionalization and the visual merchandising for the new Kastner&#038;\u00d6hler in Innsbruck. After more than ten years, since the reopening of Kastner &#038; \u00d6hler in Graz, Marco Dionisio, was again asked to realize the art direction for K&#038;\u00d6 Innsbruck.<br \/>\nAfter defining a vision, the entire design was subordinated to the store design under the working title &#34;Urban &#8211; Alpine&#34;:<br \/>\n&#8211; Assortment structuring<br \/>\n&#8211; color scheme, materialization and well-being<br \/>\n&#8211; Furnishing \/ special furnishing \/ special zones \/ shop windows \/ highlights<br \/>\n&#8211; Visual merchandising and emotionalization<\/p>\n","original":""}],"different_jury_text":false,"different_category_text":false},"laureats":[{"cat_id":201,"cat_id_laureat":1034,"laureat":"Certification Argent"}],"contest_id":"1180","contest_title":"GRANDS PRIX DU DESIGN - 14e \u00e9dition","firms":[{"name":"Jens Pfisterer ","website":"www.jenspfisterer.de","category":"Photographer","category_tax":false,"category_label":null}],"user":{"email":"manuela.rupp@dioma.ch","first_name":"Marco","last_name":"Dionisio"},"doc_texts_web":{"fr":"","en":""},"permalinks":{"fr":"https:\/\/int.design\/fr\/projets\/kastnerohler-mode-gmbh\/","en":"https:\/\/int.design\/en\/projects\/kastnerohler-mode-gmbh\/"},"titles":{"fr":"Kastner&amp;\u00d6hler Mode GmbH","en":"Kastner&amp;\u00d6hler Mode GmbH"},"wp_fields":[],"laravel_id":""},"_links":{"self":[{"href":"https:\/\/int.design\/fr\/wp-json\/wp\/v2\/project\/61746","targetHints":{"allow":["GET"]}}],"collection":[{"href":"https:\/\/int.design\/fr\/wp-json\/wp\/v2\/project"}],"about":[{"href":"https:\/\/int.design\/fr\/wp-json\/wp\/v2\/types\/project"}],"wp:attachment":[{"href":"https:\/\/int.design\/fr\/wp-json\/wp\/v2\/media?parent=61746"}],"curies":[{"name":"wp","href":"https:\/\/api.w.org\/{rel}","templated":true}]}}