{"id":5996,"date":"2020-02-10T09:32:47","date_gmt":"2020-02-10T14:32:47","guid":{"rendered":"https:\/\/int.design\/projets\/la-plage-urbaine-de-verdun\/"},"modified":"2020-09-16T17:29:08","modified_gmt":"2020-09-16T21:29:08","slug":"la-plage-urbaine-de-verdun","status":"publish","type":"project","link":"https:\/\/int.design\/fr\/projets\/la-plage-urbaine-de-verdun\/","title":{"rendered":"La Plage Urbaine de Verdun"},"content":{"rendered":"<p>Revitalisation de la nature et r\u00e9appropriation du fleuve. Les br\u00e8ches pr\u00e9sentes ont \u00e9t\u00e9 r\u00e9am\u00e9nag\u00e9es en zone qui adoucissent les d\u00e9nivellations. Adapt\u00e9 \u00e0 tous les groupes d\u2019\u00e2ge, l\u2019am\u00e9nagement est accessible et respectueux de son environnement .<\/p>\n","protected":false},"template":"","class_list":["post-5996","project","type-project","status-publish","hentry"],"acf":[],"yoast_head":"<!-- This site is optimized with the Yoast SEO plugin v21.5 - https:\/\/yoast.com\/wordpress\/plugins\/seo\/ -->\n<title>La Plage Urbaine de Verdun - INT Design<\/title>\n<meta name=\"robots\" content=\"index, follow, max-snippet:-1, max-image-preview:large, max-video-preview:-1\" \/>\n<link rel=\"canonical\" href=\"https:\/\/int.design\/fr\/projets\/la-plage-urbaine-de-verdun\/\" \/>\n<meta property=\"og:locale\" content=\"fr_FR\" \/>\n<meta property=\"og:type\" content=\"article\" \/>\n<meta property=\"og:title\" content=\"La Plage Urbaine de Verdun - INT Design\" \/>\n<meta property=\"og:description\" content=\"Revitalisation de la nature et r\u00e9appropriation du fleuve. Les br\u00e8ches pr\u00e9sentes ont \u00e9t\u00e9 r\u00e9am\u00e9nag\u00e9es en zone qui adoucissent les d\u00e9nivellations. Adapt\u00e9 \u00e0 tous les groupes d\u2019\u00e2ge, l\u2019am\u00e9nagement est accessible et respectueux de son environnement .\" \/>\n<meta property=\"og:url\" content=\"https:\/\/int.design\/fr\/projets\/la-plage-urbaine-de-verdun\/\" \/>\n<meta property=\"og:site_name\" content=\"INT Design\" \/>\n<meta property=\"article:modified_time\" content=\"2020-09-16T21:29:08+00:00\" \/>\n<meta name=\"twitter:card\" content=\"summary_large_image\" \/>\n<script type=\"application\/ld+json\" class=\"yoast-schema-graph\">{\"@context\":\"https:\/\/schema.org\",\"@graph\":[{\"@type\":\"WebPage\",\"@id\":\"https:\/\/int.design\/fr\/projets\/la-plage-urbaine-de-verdun\/\",\"url\":\"https:\/\/int.design\/fr\/projets\/la-plage-urbaine-de-verdun\/\",\"name\":\"La Plage Urbaine de Verdun - INT Design\",\"isPartOf\":{\"@id\":\"https:\/\/int.design\/fr\/#website\"},\"datePublished\":\"2020-02-10T14:32:47+00:00\",\"dateModified\":\"2020-09-16T21:29:08+00:00\",\"breadcrumb\":{\"@id\":\"https:\/\/int.design\/fr\/projets\/la-plage-urbaine-de-verdun\/#breadcrumb\"},\"inLanguage\":\"fr-FR\",\"potentialAction\":[{\"@type\":\"ReadAction\",\"target\":[\"https:\/\/int.design\/fr\/projets\/la-plage-urbaine-de-verdun\/\"]}]},{\"@type\":\"BreadcrumbList\",\"@id\":\"https:\/\/int.design\/fr\/projets\/la-plage-urbaine-de-verdun\/#breadcrumb\",\"itemListElement\":[{\"@type\":\"ListItem\",\"position\":1,\"name\":\"Home\",\"item\":\"https:\/\/int.design\/fr\/\"},{\"@type\":\"ListItem\",\"position\":2,\"name\":\"Projects\",\"item\":\"https:\/\/int.design\/en\/projects\/\"},{\"@type\":\"ListItem\",\"position\":3,\"name\":\"La Plage Urbaine de Verdun\"}]},{\"@type\":\"WebSite\",\"@id\":\"https:\/\/int.design\/fr\/#website\",\"url\":\"https:\/\/int.design\/fr\/\",\"name\":\"INT Design\",\"description\":\"\",\"potentialAction\":[{\"@type\":\"SearchAction\",\"target\":{\"@type\":\"EntryPoint\",\"urlTemplate\":\"https:\/\/int.design\/fr\/?s={search_term_string}\"},\"query-input\":\"required name=search_term_string\"}],\"inLanguage\":\"fr-FR\"}]}<\/script>\n<!-- \/ Yoast SEO plugin. -->","yoast_head_json":{"title":"La Plage Urbaine de Verdun - INT Design","robots":{"index":"index","follow":"follow","max-snippet":"max-snippet:-1","max-image-preview":"max-image-preview:large","max-video-preview":"max-video-preview:-1"},"canonical":"https:\/\/int.design\/fr\/projets\/la-plage-urbaine-de-verdun\/","og_locale":"fr_FR","og_type":"article","og_title":"La Plage Urbaine de Verdun - INT Design","og_description":"Revitalisation de la nature et r\u00e9appropriation du fleuve. Les br\u00e8ches pr\u00e9sentes ont \u00e9t\u00e9 r\u00e9am\u00e9nag\u00e9es en zone qui adoucissent les d\u00e9nivellations. Adapt\u00e9 \u00e0 tous les groupes d\u2019\u00e2ge, l\u2019am\u00e9nagement est accessible et respectueux de son environnement .","og_url":"https:\/\/int.design\/fr\/projets\/la-plage-urbaine-de-verdun\/","og_site_name":"INT Design","article_modified_time":"2020-09-16T21:29:08+00:00","twitter_card":"summary_large_image","schema":{"@context":"https:\/\/schema.org","@graph":[{"@type":"WebPage","@id":"https:\/\/int.design\/fr\/projets\/la-plage-urbaine-de-verdun\/","url":"https:\/\/int.design\/fr\/projets\/la-plage-urbaine-de-verdun\/","name":"La Plage Urbaine de Verdun - INT Design","isPartOf":{"@id":"https:\/\/int.design\/fr\/#website"},"datePublished":"2020-02-10T14:32:47+00:00","dateModified":"2020-09-16T21:29:08+00:00","breadcrumb":{"@id":"https:\/\/int.design\/fr\/projets\/la-plage-urbaine-de-verdun\/#breadcrumb"},"inLanguage":"fr-FR","potentialAction":[{"@type":"ReadAction","target":["https:\/\/int.design\/fr\/projets\/la-plage-urbaine-de-verdun\/"]}]},{"@type":"BreadcrumbList","@id":"https:\/\/int.design\/fr\/projets\/la-plage-urbaine-de-verdun\/#breadcrumb","itemListElement":[{"@type":"ListItem","position":1,"name":"Home","item":"https:\/\/int.design\/fr\/"},{"@type":"ListItem","position":2,"name":"Projects","item":"https:\/\/int.design\/en\/projects\/"},{"@type":"ListItem","position":3,"name":"La Plage Urbaine de Verdun"}]},{"@type":"WebSite","@id":"https:\/\/int.design\/fr\/#website","url":"https:\/\/int.design\/fr\/","name":"INT Design","description":"","potentialAction":[{"@type":"SearchAction","target":{"@type":"EntryPoint","urlTemplate":"https:\/\/int.design\/fr\/?s={search_term_string}"},"query-input":"required name=search_term_string"}],"inLanguage":"fr-FR"}]}},"entry":{"cats":{"disciplines":[],"big_cats":[],"sub_cats":[]},"entry":{"":null,"status":"completed","winner_title":"","winner_prize_lang":"","title_translatable":false,"title_en":"","title_fr":"","releve_award":false,"releve_award_cv":false,"collaboration":false,"collaboration_firms":false,"other_firms":false,"owner":{"name":"","confidential":false,"website":"","contact_name":"","email":"","phone":""},"address":{"address":"","city":"","region":"","province":"","country":"","postal_code":""},"logos":false,"use_logo":false,"designers":false,"cover":false,"images":[{"image":{"ID":11417,"id":11417,"title":"PlageUrbaineVerdun_11.7_WAA_ZiadHaddad_01","filename":"PlageUrbaineVerdun_11.7_WAA_ZiadHaddad_01-scaled.jpg","filesize":0,"url":"https:\/\/int.design\/wp-content\/uploads\/2020\/02\/PlageUrbaineVerdun_11.7_WAA_ZiadHaddad_01-scaled.jpg","link":"https:\/\/int.design\/fr\/projets\/la-plage-urbaine-de-verdun\/plageurbaineverdun_11-7_waa_ziadhaddad_01\/","alt":"","author":"5","description":"","caption":"","name":"plageurbaineverdun_11-7_waa_ziadhaddad_01","status":"inherit","uploaded_to":5996,"date":"2020-08-19 23:16:43","modified":"2020-09-05 19:19:44","menu_order":0,"mime_type":"image\/jpeg","type":"image","subtype":"jpeg","icon":"https:\/\/int.design\/wp-includes\/images\/media\/default.png","width":2560,"height":1782,"sizes":{"thumbnail":"https:\/\/int.design\/wp-content\/uploads\/2020\/02\/PlageUrbaineVerdun_11.7_WAA_ZiadHaddad_01-150x150.jpg","thumbnail-width":150,"thumbnail-height":150,"medium":"https:\/\/int.design\/wp-content\/uploads\/2020\/02\/PlageUrbaineVerdun_11.7_WAA_ZiadHaddad_01-300x209.jpg","medium-width":300,"medium-height":209,"medium_large":"https:\/\/int.design\/wp-content\/uploads\/2020\/02\/PlageUrbaineVerdun_11.7_WAA_ZiadHaddad_01-768x535.jpg","medium_large-width":768,"medium_large-height":535,"large":"https:\/\/int.design\/wp-content\/uploads\/2020\/02\/PlageUrbaineVerdun_11.7_WAA_ZiadHaddad_01-1024x713.jpg","large-width":1024,"large-height":713,"1536x1536":"https:\/\/int.design\/wp-content\/uploads\/2020\/02\/PlageUrbaineVerdun_11.7_WAA_ZiadHaddad_01-1536x1069.jpg","1536x1536-width":1536,"1536x1536-height":1069,"2048x2048":"https:\/\/int.design\/wp-content\/uploads\/2020\/02\/PlageUrbaineVerdun_11.7_WAA_ZiadHaddad_01-2048x1426.jpg","2048x2048-width":2048,"2048x2048-height":1426,"article":"https:\/\/int.design\/wp-content\/uploads\/2020\/02\/PlageUrbaineVerdun_11.7_WAA_ZiadHaddad_01-960x540.jpg","article-width":960,"article-height":540,"banner":"https:\/\/int.design\/wp-content\/uploads\/2020\/02\/PlageUrbaineVerdun_11.7_WAA_ZiadHaddad_01-1920x1337.jpg","banner-width":1920,"banner-height":1337,"block":"https:\/\/int.design\/wp-content\/uploads\/2020\/02\/PlageUrbaineVerdun_11.7_WAA_ZiadHaddad_01-900x680.jpg","block-width":900,"block-height":680,"card":"https:\/\/int.design\/wp-content\/uploads\/2020\/02\/PlageUrbaineVerdun_11.7_WAA_ZiadHaddad_01-560x495.jpg","card-width":560,"card-height":495,"card-thumbnail":"https:\/\/int.design\/wp-content\/uploads\/2020\/02\/PlageUrbaineVerdun_11.7_WAA_ZiadHaddad_01-450x340.jpg","card-thumbnail-width":450,"card-thumbnail-height":340,"conference":"https:\/\/int.design\/wp-content\/uploads\/2020\/02\/PlageUrbaineVerdun_11.7_WAA_ZiadHaddad_01-560x250.jpg","conference-width":560,"conference-height":250,"contest":"https:\/\/int.design\/wp-content\/uploads\/2020\/02\/PlageUrbaineVerdun_11.7_WAA_ZiadHaddad_01-960x400.jpg","contest-width":960,"contest-height":400,"cta":"https:\/\/int.design\/wp-content\/uploads\/2020\/02\/PlageUrbaineVerdun_11.7_WAA_ZiadHaddad_01-415x170.jpg","cta-width":415,"cta-height":170,"exhibitor":"https:\/\/int.design\/wp-content\/uploads\/2020\/02\/PlageUrbaineVerdun_11.7_WAA_ZiadHaddad_01-560x560.jpg","exhibitor-width":560,"exhibitor-height":560,"gallery":"https:\/\/int.design\/wp-content\/uploads\/2020\/02\/PlageUrbaineVerdun_11.7_WAA_ZiadHaddad_01-560x390.jpg","gallery-width":560,"gallery-height":390,"logo":"https:\/\/int.design\/wp-content\/uploads\/2020\/02\/PlageUrbaineVerdun_11.7_WAA_ZiadHaddad_01-144x100.jpg","logo-width":144,"logo-height":100,"masonry":"https:\/\/int.design\/wp-content\/uploads\/2020\/02\/PlageUrbaineVerdun_11.7_WAA_ZiadHaddad_01-550x383.jpg","masonry-width":550,"masonry-height":383,"modal":"https:\/\/int.design\/wp-content\/uploads\/2020\/02\/PlageUrbaineVerdun_11.7_WAA_ZiadHaddad_01-1920x1337.jpg","modal-width":1920,"modal-height":1337,"number":"https:\/\/int.design\/wp-content\/uploads\/2020\/02\/PlageUrbaineVerdun_11.7_WAA_ZiadHaddad_01-560x390.jpg","number-width":560,"number-height":390,"partner":"https:\/\/int.design\/wp-content\/uploads\/2020\/02\/PlageUrbaineVerdun_11.7_WAA_ZiadHaddad_01-275x191.jpg","partner-width":275,"partner-height":191,"ranking":"https:\/\/int.design\/wp-content\/uploads\/2020\/02\/PlageUrbaineVerdun_11.7_WAA_ZiadHaddad_01-960x540.jpg","ranking-width":960,"ranking-height":540,"schedule":"https:\/\/int.design\/wp-content\/uploads\/2020\/02\/PlageUrbaineVerdun_11.7_WAA_ZiadHaddad_01-960x360.jpg","schedule-width":960,"schedule-height":360,"slideshow":"https:\/\/int.design\/wp-content\/uploads\/2020\/02\/PlageUrbaineVerdun_11.7_WAA_ZiadHaddad_01-977x680.jpg","slideshow-width":977,"slideshow-height":680}},"attachment_category":{"557":"Paysage - Commercial &amp; public"},"credit":""},{"image":{"ID":11419,"id":11419,"title":"PlageUrbaineVerdun_11.7_WAA_ZiadHaddad_09","filename":"PlageUrbaineVerdun_11.7_WAA_ZiadHaddad_09-scaled.jpg","filesize":0,"url":"https:\/\/int.design\/wp-content\/uploads\/2020\/02\/PlageUrbaineVerdun_11.7_WAA_ZiadHaddad_09-scaled.jpg","link":"https:\/\/int.design\/fr\/projets\/la-plage-urbaine-de-verdun\/plageurbaineverdun_11-7_waa_ziadhaddad_09\/","alt":"","author":"5","description":"","caption":"","name":"plageurbaineverdun_11-7_waa_ziadhaddad_09","status":"inherit","uploaded_to":5996,"date":"2020-08-19 23:17:23","modified":"2020-08-19 23:17:23","menu_order":0,"mime_type":"image\/jpeg","type":"image","subtype":"jpeg","icon":"https:\/\/int.design\/wp-includes\/images\/media\/default.png","width":2560,"height":1899,"sizes":{"thumbnail":"https:\/\/int.design\/wp-content\/uploads\/2020\/02\/PlageUrbaineVerdun_11.7_WAA_ZiadHaddad_09-150x150.jpg","thumbnail-width":150,"thumbnail-height":150,"medium":"https:\/\/int.design\/wp-content\/uploads\/2020\/02\/PlageUrbaineVerdun_11.7_WAA_ZiadHaddad_09-300x223.jpg","medium-width":300,"medium-height":223,"medium_large":"https:\/\/int.design\/wp-content\/uploads\/2020\/02\/PlageUrbaineVerdun_11.7_WAA_ZiadHaddad_09-768x570.jpg","medium_large-width":768,"medium_large-height":570,"large":"https:\/\/int.design\/wp-content\/uploads\/2020\/02\/PlageUrbaineVerdun_11.7_WAA_ZiadHaddad_09-1024x760.jpg","large-width":1024,"large-height":760,"1536x1536":"https:\/\/int.design\/wp-content\/uploads\/2020\/02\/PlageUrbaineVerdun_11.7_WAA_ZiadHaddad_09-1536x1140.jpg","1536x1536-width":1536,"1536x1536-height":1140,"2048x2048":"https:\/\/int.design\/wp-content\/uploads\/2020\/02\/PlageUrbaineVerdun_11.7_WAA_ZiadHaddad_09-2048x1519.jpg","2048x2048-width":2048,"2048x2048-height":1519,"article":"https:\/\/int.design\/wp-content\/uploads\/2020\/02\/PlageUrbaineVerdun_11.7_WAA_ZiadHaddad_09-960x540.jpg","article-width":960,"article-height":540,"banner":"https:\/\/int.design\/wp-content\/uploads\/2020\/02\/PlageUrbaineVerdun_11.7_WAA_ZiadHaddad_09-1920x1425.jpg","banner-width":1920,"banner-height":1425,"block":"https:\/\/int.design\/wp-content\/uploads\/2020\/02\/PlageUrbaineVerdun_11.7_WAA_ZiadHaddad_09-900x680.jpg","block-width":900,"block-height":680,"card":"https:\/\/int.design\/wp-content\/uploads\/2020\/02\/PlageUrbaineVerdun_11.7_WAA_ZiadHaddad_09-560x495.jpg","card-width":560,"card-height":495,"card-thumbnail":"https:\/\/int.design\/wp-content\/uploads\/2020\/02\/PlageUrbaineVerdun_11.7_WAA_ZiadHaddad_09-450x340.jpg","card-thumbnail-width":450,"card-thumbnail-height":340,"conference":"https:\/\/int.design\/wp-content\/uploads\/2020\/02\/PlageUrbaineVerdun_11.7_WAA_ZiadHaddad_09-560x250.jpg","conference-width":560,"conference-height":250,"contest":"https:\/\/int.design\/wp-content\/uploads\/2020\/02\/PlageUrbaineVerdun_11.7_WAA_ZiadHaddad_09-960x400.jpg","contest-width":960,"contest-height":400,"cta":"https:\/\/int.design\/wp-content\/uploads\/2020\/02\/PlageUrbaineVerdun_11.7_WAA_ZiadHaddad_09-415x170.jpg","cta-width":415,"cta-height":170,"exhibitor":"https:\/\/int.design\/wp-content\/uploads\/2020\/02\/PlageUrbaineVerdun_11.7_WAA_ZiadHaddad_09-560x560.jpg","exhibitor-width":560,"exhibitor-height":560,"gallery":"https:\/\/int.design\/wp-content\/uploads\/2020\/02\/PlageUrbaineVerdun_11.7_WAA_ZiadHaddad_09-560x415.jpg","gallery-width":560,"gallery-height":415,"logo":"https:\/\/int.design\/wp-content\/uploads\/2020\/02\/PlageUrbaineVerdun_11.7_WAA_ZiadHaddad_09-135x100.jpg","logo-width":135,"logo-height":100,"masonry":"https:\/\/int.design\/wp-content\/uploads\/2020\/02\/PlageUrbaineVerdun_11.7_WAA_ZiadHaddad_09-550x408.jpg","masonry-width":550,"masonry-height":408,"modal":"https:\/\/int.design\/wp-content\/uploads\/2020\/02\/PlageUrbaineVerdun_11.7_WAA_ZiadHaddad_09-1920x1425.jpg","modal-width":1920,"modal-height":1425,"number":"https:\/\/int.design\/wp-content\/uploads\/2020\/02\/PlageUrbaineVerdun_11.7_WAA_ZiadHaddad_09-560x415.jpg","number-width":560,"number-height":415,"partner":"https:\/\/int.design\/wp-content\/uploads\/2020\/02\/PlageUrbaineVerdun_11.7_WAA_ZiadHaddad_09-275x204.jpg","partner-width":275,"partner-height":204,"ranking":"https:\/\/int.design\/wp-content\/uploads\/2020\/02\/PlageUrbaineVerdun_11.7_WAA_ZiadHaddad_09-960x540.jpg","ranking-width":960,"ranking-height":540,"schedule":"https:\/\/int.design\/wp-content\/uploads\/2020\/02\/PlageUrbaineVerdun_11.7_WAA_ZiadHaddad_09-960x360.jpg","schedule-width":960,"schedule-height":360,"slideshow":"https:\/\/int.design\/wp-content\/uploads\/2020\/02\/PlageUrbaineVerdun_11.7_WAA_ZiadHaddad_09-917x680.jpg","slideshow-width":917,"slideshow-height":680}},"attachment_category":[],"credit":""},{"image":{"ID":11418,"id":11418,"title":"PlageUrbaineVerdun_11.7_WAA_ZiadHaddad_08","filename":"PlageUrbaineVerdun_11.7_WAA_ZiadHaddad_08-scaled.jpg","filesize":0,"url":"https:\/\/int.design\/wp-content\/uploads\/2020\/02\/PlageUrbaineVerdun_11.7_WAA_ZiadHaddad_08-scaled.jpg","link":"https:\/\/int.design\/fr\/projets\/la-plage-urbaine-de-verdun\/plageurbaineverdun_11-7_waa_ziadhaddad_08\/","alt":"","author":"5","description":"","caption":"","name":"plageurbaineverdun_11-7_waa_ziadhaddad_08","status":"inherit","uploaded_to":5996,"date":"2020-08-19 23:16:54","modified":"2020-09-20 21:12:16","menu_order":0,"mime_type":"image\/jpeg","type":"image","subtype":"jpeg","icon":"https:\/\/int.design\/wp-includes\/images\/media\/default.png","width":2560,"height":1920,"sizes":{"thumbnail":"https:\/\/int.design\/wp-content\/uploads\/2020\/02\/PlageUrbaineVerdun_11.7_WAA_ZiadHaddad_08-150x150.jpg","thumbnail-width":150,"thumbnail-height":150,"medium":"https:\/\/int.design\/wp-content\/uploads\/2020\/02\/PlageUrbaineVerdun_11.7_WAA_ZiadHaddad_08-300x225.jpg","medium-width":300,"medium-height":225,"medium_large":"https:\/\/int.design\/wp-content\/uploads\/2020\/02\/PlageUrbaineVerdun_11.7_WAA_ZiadHaddad_08-768x576.jpg","medium_large-width":768,"medium_large-height":576,"large":"https:\/\/int.design\/wp-content\/uploads\/2020\/02\/PlageUrbaineVerdun_11.7_WAA_ZiadHaddad_08-1024x768.jpg","large-width":1024,"large-height":768,"1536x1536":"https:\/\/int.design\/wp-content\/uploads\/2020\/02\/PlageUrbaineVerdun_11.7_WAA_ZiadHaddad_08-1536x1152.jpg","1536x1536-width":1536,"1536x1536-height":1152,"2048x2048":"https:\/\/int.design\/wp-content\/uploads\/2020\/02\/PlageUrbaineVerdun_11.7_WAA_ZiadHaddad_08-2048x1536.jpg","2048x2048-width":2048,"2048x2048-height":1536,"article":"https:\/\/int.design\/wp-content\/uploads\/2020\/02\/PlageUrbaineVerdun_11.7_WAA_ZiadHaddad_08-960x540.jpg","article-width":960,"article-height":540,"banner":"https:\/\/int.design\/wp-content\/uploads\/2020\/02\/PlageUrbaineVerdun_11.7_WAA_ZiadHaddad_08-1920x1440.jpg","banner-width":1920,"banner-height":1440,"block":"https:\/\/int.design\/wp-content\/uploads\/2020\/02\/PlageUrbaineVerdun_11.7_WAA_ZiadHaddad_08-900x680.jpg","block-width":900,"block-height":680,"card":"https:\/\/int.design\/wp-content\/uploads\/2020\/02\/PlageUrbaineVerdun_11.7_WAA_ZiadHaddad_08-560x495.jpg","card-width":560,"card-height":495,"card-thumbnail":"https:\/\/int.design\/wp-content\/uploads\/2020\/02\/PlageUrbaineVerdun_11.7_WAA_ZiadHaddad_08-450x340.jpg","card-thumbnail-width":450,"card-thumbnail-height":340,"conference":"https:\/\/int.design\/wp-content\/uploads\/2020\/02\/PlageUrbaineVerdun_11.7_WAA_ZiadHaddad_08-560x250.jpg","conference-width":560,"conference-height":250,"contest":"https:\/\/int.design\/wp-content\/uploads\/2020\/02\/PlageUrbaineVerdun_11.7_WAA_ZiadHaddad_08-960x400.jpg","contest-width":960,"contest-height":400,"cta":"https:\/\/int.design\/wp-content\/uploads\/2020\/02\/PlageUrbaineVerdun_11.7_WAA_ZiadHaddad_08-415x170.jpg","cta-width":415,"cta-height":170,"exhibitor":"https:\/\/int.design\/wp-content\/uploads\/2020\/02\/PlageUrbaineVerdun_11.7_WAA_ZiadHaddad_08-560x560.jpg","exhibitor-width":560,"exhibitor-height":560,"gallery":"https:\/\/int.design\/wp-content\/uploads\/2020\/02\/PlageUrbaineVerdun_11.7_WAA_ZiadHaddad_08-560x420.jpg","gallery-width":560,"gallery-height":420,"logo":"https:\/\/int.design\/wp-content\/uploads\/2020\/02\/PlageUrbaineVerdun_11.7_WAA_ZiadHaddad_08-133x100.jpg","logo-width":133,"logo-height":100,"masonry":"https:\/\/int.design\/wp-content\/uploads\/2020\/02\/PlageUrbaineVerdun_11.7_WAA_ZiadHaddad_08-550x413.jpg","masonry-width":550,"masonry-height":413,"modal":"https:\/\/int.design\/wp-content\/uploads\/2020\/02\/PlageUrbaineVerdun_11.7_WAA_ZiadHaddad_08-1920x1440.jpg","modal-width":1920,"modal-height":1440,"number":"https:\/\/int.design\/wp-content\/uploads\/2020\/02\/PlageUrbaineVerdun_11.7_WAA_ZiadHaddad_08-560x420.jpg","number-width":560,"number-height":420,"partner":"https:\/\/int.design\/wp-content\/uploads\/2020\/02\/PlageUrbaineVerdun_11.7_WAA_ZiadHaddad_08-275x206.jpg","partner-width":275,"partner-height":206,"ranking":"https:\/\/int.design\/wp-content\/uploads\/2020\/02\/PlageUrbaineVerdun_11.7_WAA_ZiadHaddad_08-960x540.jpg","ranking-width":960,"ranking-height":540,"schedule":"https:\/\/int.design\/wp-content\/uploads\/2020\/02\/PlageUrbaineVerdun_11.7_WAA_ZiadHaddad_08-960x360.jpg","schedule-width":960,"schedule-height":360,"slideshow":"https:\/\/int.design\/wp-content\/uploads\/2020\/02\/PlageUrbaineVerdun_11.7_WAA_ZiadHaddad_08-907x680.jpg","slideshow-width":907,"slideshow-height":680}},"attachment_category":[],"credit":""},{"image":{"ID":11416,"id":11416,"title":"smacap_Bright","filename":"PlageUrbaineVerdun_11.7_WAA_YangzhiSun_06-scaled.jpg","filesize":0,"url":"https:\/\/int.design\/wp-content\/uploads\/2020\/02\/PlageUrbaineVerdun_11.7_WAA_YangzhiSun_06-scaled.jpg","link":"https:\/\/int.design\/fr\/projets\/la-plage-urbaine-de-verdun\/smacap_bright\/","alt":"","author":"5","description":"","caption":"smacap_Bright","name":"smacap_bright","status":"inherit","uploaded_to":5996,"date":"2020-08-19 23:16:26","modified":"2020-09-05 19:20:10","menu_order":0,"mime_type":"image\/jpeg","type":"image","subtype":"jpeg","icon":"https:\/\/int.design\/wp-includes\/images\/media\/default.png","width":2560,"height":1906,"sizes":{"thumbnail":"https:\/\/int.design\/wp-content\/uploads\/2020\/02\/PlageUrbaineVerdun_11.7_WAA_YangzhiSun_06-150x150.jpg","thumbnail-width":150,"thumbnail-height":150,"medium":"https:\/\/int.design\/wp-content\/uploads\/2020\/02\/PlageUrbaineVerdun_11.7_WAA_YangzhiSun_06-300x223.jpg","medium-width":300,"medium-height":223,"medium_large":"https:\/\/int.design\/wp-content\/uploads\/2020\/02\/PlageUrbaineVerdun_11.7_WAA_YangzhiSun_06-768x572.jpg","medium_large-width":768,"medium_large-height":572,"large":"https:\/\/int.design\/wp-content\/uploads\/2020\/02\/PlageUrbaineVerdun_11.7_WAA_YangzhiSun_06-1024x762.jpg","large-width":1024,"large-height":762,"1536x1536":"https:\/\/int.design\/wp-content\/uploads\/2020\/02\/PlageUrbaineVerdun_11.7_WAA_YangzhiSun_06-1536x1143.jpg","1536x1536-width":1536,"1536x1536-height":1143,"2048x2048":"https:\/\/int.design\/wp-content\/uploads\/2020\/02\/PlageUrbaineVerdun_11.7_WAA_YangzhiSun_06-2048x1525.jpg","2048x2048-width":2048,"2048x2048-height":1525,"article":"https:\/\/int.design\/wp-content\/uploads\/2020\/02\/PlageUrbaineVerdun_11.7_WAA_YangzhiSun_06-960x540.jpg","article-width":960,"article-height":540,"banner":"https:\/\/int.design\/wp-content\/uploads\/2020\/02\/PlageUrbaineVerdun_11.7_WAA_YangzhiSun_06-1920x1429.jpg","banner-width":1920,"banner-height":1429,"block":"https:\/\/int.design\/wp-content\/uploads\/2020\/02\/PlageUrbaineVerdun_11.7_WAA_YangzhiSun_06-900x680.jpg","block-width":900,"block-height":680,"card":"https:\/\/int.design\/wp-content\/uploads\/2020\/02\/PlageUrbaineVerdun_11.7_WAA_YangzhiSun_06-560x495.jpg","card-width":560,"card-height":495,"card-thumbnail":"https:\/\/int.design\/wp-content\/uploads\/2020\/02\/PlageUrbaineVerdun_11.7_WAA_YangzhiSun_06-450x340.jpg","card-thumbnail-width":450,"card-thumbnail-height":340,"conference":"https:\/\/int.design\/wp-content\/uploads\/2020\/02\/PlageUrbaineVerdun_11.7_WAA_YangzhiSun_06-560x250.jpg","conference-width":560,"conference-height":250,"contest":"https:\/\/int.design\/wp-content\/uploads\/2020\/02\/PlageUrbaineVerdun_11.7_WAA_YangzhiSun_06-960x400.jpg","contest-width":960,"contest-height":400,"cta":"https:\/\/int.design\/wp-content\/uploads\/2020\/02\/PlageUrbaineVerdun_11.7_WAA_YangzhiSun_06-415x170.jpg","cta-width":415,"cta-height":170,"exhibitor":"https:\/\/int.design\/wp-content\/uploads\/2020\/02\/PlageUrbaineVerdun_11.7_WAA_YangzhiSun_06-560x560.jpg","exhibitor-width":560,"exhibitor-height":560,"gallery":"https:\/\/int.design\/wp-content\/uploads\/2020\/02\/PlageUrbaineVerdun_11.7_WAA_YangzhiSun_06-560x417.jpg","gallery-width":560,"gallery-height":417,"logo":"https:\/\/int.design\/wp-content\/uploads\/2020\/02\/PlageUrbaineVerdun_11.7_WAA_YangzhiSun_06-134x100.jpg","logo-width":134,"logo-height":100,"masonry":"https:\/\/int.design\/wp-content\/uploads\/2020\/02\/PlageUrbaineVerdun_11.7_WAA_YangzhiSun_06-550x409.jpg","masonry-width":550,"masonry-height":409,"modal":"https:\/\/int.design\/wp-content\/uploads\/2020\/02\/PlageUrbaineVerdun_11.7_WAA_YangzhiSun_06-1920x1429.jpg","modal-width":1920,"modal-height":1429,"number":"https:\/\/int.design\/wp-content\/uploads\/2020\/02\/PlageUrbaineVerdun_11.7_WAA_YangzhiSun_06-560x417.jpg","number-width":560,"number-height":417,"partner":"https:\/\/int.design\/wp-content\/uploads\/2020\/02\/PlageUrbaineVerdun_11.7_WAA_YangzhiSun_06-275x205.jpg","partner-width":275,"partner-height":205,"ranking":"https:\/\/int.design\/wp-content\/uploads\/2020\/02\/PlageUrbaineVerdun_11.7_WAA_YangzhiSun_06-960x540.jpg","ranking-width":960,"ranking-height":540,"schedule":"https:\/\/int.design\/wp-content\/uploads\/2020\/02\/PlageUrbaineVerdun_11.7_WAA_YangzhiSun_06-960x360.jpg","schedule-width":960,"schedule-height":360,"slideshow":"https:\/\/int.design\/wp-content\/uploads\/2020\/02\/PlageUrbaineVerdun_11.7_WAA_YangzhiSun_06-913x680.jpg","slideshow-width":913,"slideshow-height":680}},"attachment_category":{"557":"Paysage - Commercial &amp; public"},"credit":""},{"image":{"ID":11415,"id":11415,"title":"PlageUrbaineVerdun_11.7_WAA_DericConstruction_02","filename":"PlageUrbaineVerdun_11.7_WAA_DericConstruction_02-scaled.jpg","filesize":0,"url":"https:\/\/int.design\/wp-content\/uploads\/2020\/02\/PlageUrbaineVerdun_11.7_WAA_DericConstruction_02-scaled.jpg","link":"https:\/\/int.design\/fr\/projets\/la-plage-urbaine-de-verdun\/plageurbaineverdun_11-7_waa_dericconstruction_02\/","alt":"","author":"5","description":"","caption":"","name":"plageurbaineverdun_11-7_waa_dericconstruction_02","status":"inherit","uploaded_to":5996,"date":"2020-08-19 23:16:11","modified":"2020-09-20 21:12:54","menu_order":0,"mime_type":"image\/jpeg","type":"image","subtype":"jpeg","icon":"https:\/\/int.design\/wp-includes\/images\/media\/default.png","width":2560,"height":1920,"sizes":{"thumbnail":"https:\/\/int.design\/wp-content\/uploads\/2020\/02\/PlageUrbaineVerdun_11.7_WAA_DericConstruction_02-150x150.jpg","thumbnail-width":150,"thumbnail-height":150,"medium":"https:\/\/int.design\/wp-content\/uploads\/2020\/02\/PlageUrbaineVerdun_11.7_WAA_DericConstruction_02-300x225.jpg","medium-width":300,"medium-height":225,"medium_large":"https:\/\/int.design\/wp-content\/uploads\/2020\/02\/PlageUrbaineVerdun_11.7_WAA_DericConstruction_02-768x576.jpg","medium_large-width":768,"medium_large-height":576,"large":"https:\/\/int.design\/wp-content\/uploads\/2020\/02\/PlageUrbaineVerdun_11.7_WAA_DericConstruction_02-1024x768.jpg","large-width":1024,"large-height":768,"1536x1536":"https:\/\/int.design\/wp-content\/uploads\/2020\/02\/PlageUrbaineVerdun_11.7_WAA_DericConstruction_02-1536x1152.jpg","1536x1536-width":1536,"1536x1536-height":1152,"2048x2048":"https:\/\/int.design\/wp-content\/uploads\/2020\/02\/PlageUrbaineVerdun_11.7_WAA_DericConstruction_02-2048x1536.jpg","2048x2048-width":2048,"2048x2048-height":1536,"article":"https:\/\/int.design\/wp-content\/uploads\/2020\/02\/PlageUrbaineVerdun_11.7_WAA_DericConstruction_02-960x540.jpg","article-width":960,"article-height":540,"banner":"https:\/\/int.design\/wp-content\/uploads\/2020\/02\/PlageUrbaineVerdun_11.7_WAA_DericConstruction_02-1920x1440.jpg","banner-width":1920,"banner-height":1440,"block":"https:\/\/int.design\/wp-content\/uploads\/2020\/02\/PlageUrbaineVerdun_11.7_WAA_DericConstruction_02-900x680.jpg","block-width":900,"block-height":680,"card":"https:\/\/int.design\/wp-content\/uploads\/2020\/02\/PlageUrbaineVerdun_11.7_WAA_DericConstruction_02-560x495.jpg","card-width":560,"card-height":495,"card-thumbnail":"https:\/\/int.design\/wp-content\/uploads\/2020\/02\/PlageUrbaineVerdun_11.7_WAA_DericConstruction_02-450x340.jpg","card-thumbnail-width":450,"card-thumbnail-height":340,"conference":"https:\/\/int.design\/wp-content\/uploads\/2020\/02\/PlageUrbaineVerdun_11.7_WAA_DericConstruction_02-560x250.jpg","conference-width":560,"conference-height":250,"contest":"https:\/\/int.design\/wp-content\/uploads\/2020\/02\/PlageUrbaineVerdun_11.7_WAA_DericConstruction_02-960x400.jpg","contest-width":960,"contest-height":400,"cta":"https:\/\/int.design\/wp-content\/uploads\/2020\/02\/PlageUrbaineVerdun_11.7_WAA_DericConstruction_02-415x170.jpg","cta-width":415,"cta-height":170,"exhibitor":"https:\/\/int.design\/wp-content\/uploads\/2020\/02\/PlageUrbaineVerdun_11.7_WAA_DericConstruction_02-560x560.jpg","exhibitor-width":560,"exhibitor-height":560,"gallery":"https:\/\/int.design\/wp-content\/uploads\/2020\/02\/PlageUrbaineVerdun_11.7_WAA_DericConstruction_02-560x420.jpg","gallery-width":560,"gallery-height":420,"logo":"https:\/\/int.design\/wp-content\/uploads\/2020\/02\/PlageUrbaineVerdun_11.7_WAA_DericConstruction_02-133x100.jpg","logo-width":133,"logo-height":100,"masonry":"https:\/\/int.design\/wp-content\/uploads\/2020\/02\/PlageUrbaineVerdun_11.7_WAA_DericConstruction_02-550x413.jpg","masonry-width":550,"masonry-height":413,"modal":"https:\/\/int.design\/wp-content\/uploads\/2020\/02\/PlageUrbaineVerdun_11.7_WAA_DericConstruction_02-1920x1440.jpg","modal-width":1920,"modal-height":1440,"number":"https:\/\/int.design\/wp-content\/uploads\/2020\/02\/PlageUrbaineVerdun_11.7_WAA_DericConstruction_02-560x420.jpg","number-width":560,"number-height":420,"partner":"https:\/\/int.design\/wp-content\/uploads\/2020\/02\/PlageUrbaineVerdun_11.7_WAA_DericConstruction_02-275x206.jpg","partner-width":275,"partner-height":206,"ranking":"https:\/\/int.design\/wp-content\/uploads\/2020\/02\/PlageUrbaineVerdun_11.7_WAA_DericConstruction_02-960x540.jpg","ranking-width":960,"ranking-height":540,"schedule":"https:\/\/int.design\/wp-content\/uploads\/2020\/02\/PlageUrbaineVerdun_11.7_WAA_DericConstruction_02-960x360.jpg","schedule-width":960,"schedule-height":360,"slideshow":"https:\/\/int.design\/wp-content\/uploads\/2020\/02\/PlageUrbaineVerdun_11.7_WAA_DericConstruction_02-907x680.jpg","slideshow-width":907,"slideshow-height":680}},"attachment_category":[],"credit":""},{"image":{"ID":11413,"id":11413,"title":"PlageUrbaineVerdun_11.7_WAA_Arr-Verdun-JeanBeaudin_05","filename":"PlageUrbaineVerdun_11.7_WAA_Arr-Verdun-JeanBeaudin_05-scaled.jpg","filesize":0,"url":"https:\/\/int.design\/wp-content\/uploads\/2020\/02\/PlageUrbaineVerdun_11.7_WAA_Arr-Verdun-JeanBeaudin_05-scaled.jpg","link":"https:\/\/int.design\/fr\/projets\/la-plage-urbaine-de-verdun\/plageurbaineverdun_11-7_waa_arr-verdun-jeanbeaudin_05\/","alt":"","author":"5","description":"","caption":"","name":"plageurbaineverdun_11-7_waa_arr-verdun-jeanbeaudin_05","status":"inherit","uploaded_to":5996,"date":"2020-08-19 23:15:48","modified":"2020-09-05 19:21:15","menu_order":0,"mime_type":"image\/jpeg","type":"image","subtype":"jpeg","icon":"https:\/\/int.design\/wp-includes\/images\/media\/default.png","width":2560,"height":1709,"sizes":{"thumbnail":"https:\/\/int.design\/wp-content\/uploads\/2020\/02\/PlageUrbaineVerdun_11.7_WAA_Arr-Verdun-JeanBeaudin_05-150x150.jpg","thumbnail-width":150,"thumbnail-height":150,"medium":"https:\/\/int.design\/wp-content\/uploads\/2020\/02\/PlageUrbaineVerdun_11.7_WAA_Arr-Verdun-JeanBeaudin_05-300x200.jpg","medium-width":300,"medium-height":200,"medium_large":"https:\/\/int.design\/wp-content\/uploads\/2020\/02\/PlageUrbaineVerdun_11.7_WAA_Arr-Verdun-JeanBeaudin_05-768x513.jpg","medium_large-width":768,"medium_large-height":513,"large":"https:\/\/int.design\/wp-content\/uploads\/2020\/02\/PlageUrbaineVerdun_11.7_WAA_Arr-Verdun-JeanBeaudin_05-1024x683.jpg","large-width":1024,"large-height":683,"1536x1536":"https:\/\/int.design\/wp-content\/uploads\/2020\/02\/PlageUrbaineVerdun_11.7_WAA_Arr-Verdun-JeanBeaudin_05-1536x1025.jpg","1536x1536-width":1536,"1536x1536-height":1025,"2048x2048":"https:\/\/int.design\/wp-content\/uploads\/2020\/02\/PlageUrbaineVerdun_11.7_WAA_Arr-Verdun-JeanBeaudin_05-2048x1367.jpg","2048x2048-width":2048,"2048x2048-height":1367,"article":"https:\/\/int.design\/wp-content\/uploads\/2020\/02\/PlageUrbaineVerdun_11.7_WAA_Arr-Verdun-JeanBeaudin_05-960x540.jpg","article-width":960,"article-height":540,"banner":"https:\/\/int.design\/wp-content\/uploads\/2020\/02\/PlageUrbaineVerdun_11.7_WAA_Arr-Verdun-JeanBeaudin_05-1920x1281.jpg","banner-width":1920,"banner-height":1281,"block":"https:\/\/int.design\/wp-content\/uploads\/2020\/02\/PlageUrbaineVerdun_11.7_WAA_Arr-Verdun-JeanBeaudin_05-900x680.jpg","block-width":900,"block-height":680,"card":"https:\/\/int.design\/wp-content\/uploads\/2020\/02\/PlageUrbaineVerdun_11.7_WAA_Arr-Verdun-JeanBeaudin_05-560x495.jpg","card-width":560,"card-height":495,"card-thumbnail":"https:\/\/int.design\/wp-content\/uploads\/2020\/02\/PlageUrbaineVerdun_11.7_WAA_Arr-Verdun-JeanBeaudin_05-450x340.jpg","card-thumbnail-width":450,"card-thumbnail-height":340,"conference":"https:\/\/int.design\/wp-content\/uploads\/2020\/02\/PlageUrbaineVerdun_11.7_WAA_Arr-Verdun-JeanBeaudin_05-560x250.jpg","conference-width":560,"conference-height":250,"contest":"https:\/\/int.design\/wp-content\/uploads\/2020\/02\/PlageUrbaineVerdun_11.7_WAA_Arr-Verdun-JeanBeaudin_05-960x400.jpg","contest-width":960,"contest-height":400,"cta":"https:\/\/int.design\/wp-content\/uploads\/2020\/02\/PlageUrbaineVerdun_11.7_WAA_Arr-Verdun-JeanBeaudin_05-415x170.jpg","cta-width":415,"cta-height":170,"exhibitor":"https:\/\/int.design\/wp-content\/uploads\/2020\/02\/PlageUrbaineVerdun_11.7_WAA_Arr-Verdun-JeanBeaudin_05-560x560.jpg","exhibitor-width":560,"exhibitor-height":560,"gallery":"https:\/\/int.design\/wp-content\/uploads\/2020\/02\/PlageUrbaineVerdun_11.7_WAA_Arr-Verdun-JeanBeaudin_05-560x374.jpg","gallery-width":560,"gallery-height":374,"logo":"https:\/\/int.design\/wp-content\/uploads\/2020\/02\/PlageUrbaineVerdun_11.7_WAA_Arr-Verdun-JeanBeaudin_05-150x100.jpg","logo-width":150,"logo-height":100,"masonry":"https:\/\/int.design\/wp-content\/uploads\/2020\/02\/PlageUrbaineVerdun_11.7_WAA_Arr-Verdun-JeanBeaudin_05-550x367.jpg","masonry-width":550,"masonry-height":367,"modal":"https:\/\/int.design\/wp-content\/uploads\/2020\/02\/PlageUrbaineVerdun_11.7_WAA_Arr-Verdun-JeanBeaudin_05-1920x1281.jpg","modal-width":1920,"modal-height":1281,"number":"https:\/\/int.design\/wp-content\/uploads\/2020\/02\/PlageUrbaineVerdun_11.7_WAA_Arr-Verdun-JeanBeaudin_05-560x374.jpg","number-width":560,"number-height":374,"partner":"https:\/\/int.design\/wp-content\/uploads\/2020\/02\/PlageUrbaineVerdun_11.7_WAA_Arr-Verdun-JeanBeaudin_05-275x184.jpg","partner-width":275,"partner-height":184,"ranking":"https:\/\/int.design\/wp-content\/uploads\/2020\/02\/PlageUrbaineVerdun_11.7_WAA_Arr-Verdun-JeanBeaudin_05-960x540.jpg","ranking-width":960,"ranking-height":540,"schedule":"https:\/\/int.design\/wp-content\/uploads\/2020\/02\/PlageUrbaineVerdun_11.7_WAA_Arr-Verdun-JeanBeaudin_05-960x360.jpg","schedule-width":960,"schedule-height":360,"slideshow":"https:\/\/int.design\/wp-content\/uploads\/2020\/02\/PlageUrbaineVerdun_11.7_WAA_Arr-Verdun-JeanBeaudin_05-1019x680.jpg","slideshow-width":1019,"slideshow-height":680}},"attachment_category":{"557":"Paysage - Commercial &amp; public"},"credit":""},{"image":{"ID":11412,"id":11412,"title":"PlageUrbaineVerdun_11.7_WAA_Arr-Verdun-JeanBeaudin_04","filename":"PlageUrbaineVerdun_11.7_WAA_Arr-Verdun-JeanBeaudin_04-scaled.jpg","filesize":0,"url":"https:\/\/int.design\/wp-content\/uploads\/2020\/02\/PlageUrbaineVerdun_11.7_WAA_Arr-Verdun-JeanBeaudin_04-scaled.jpg","link":"https:\/\/int.design\/fr\/projets\/la-plage-urbaine-de-verdun\/plageurbaineverdun_11-7_waa_arr-verdun-jeanbeaudin_04\/","alt":"","author":"5","description":"","caption":"","name":"plageurbaineverdun_11-7_waa_arr-verdun-jeanbeaudin_04","status":"inherit","uploaded_to":5996,"date":"2020-08-19 23:15:35","modified":"2020-09-05 19:21:34","menu_order":0,"mime_type":"image\/jpeg","type":"image","subtype":"jpeg","icon":"https:\/\/int.design\/wp-includes\/images\/media\/default.png","width":2560,"height":1709,"sizes":{"thumbnail":"https:\/\/int.design\/wp-content\/uploads\/2020\/02\/PlageUrbaineVerdun_11.7_WAA_Arr-Verdun-JeanBeaudin_04-150x150.jpg","thumbnail-width":150,"thumbnail-height":150,"medium":"https:\/\/int.design\/wp-content\/uploads\/2020\/02\/PlageUrbaineVerdun_11.7_WAA_Arr-Verdun-JeanBeaudin_04-300x200.jpg","medium-width":300,"medium-height":200,"medium_large":"https:\/\/int.design\/wp-content\/uploads\/2020\/02\/PlageUrbaineVerdun_11.7_WAA_Arr-Verdun-JeanBeaudin_04-768x513.jpg","medium_large-width":768,"medium_large-height":513,"large":"https:\/\/int.design\/wp-content\/uploads\/2020\/02\/PlageUrbaineVerdun_11.7_WAA_Arr-Verdun-JeanBeaudin_04-1024x683.jpg","large-width":1024,"large-height":683,"1536x1536":"https:\/\/int.design\/wp-content\/uploads\/2020\/02\/PlageUrbaineVerdun_11.7_WAA_Arr-Verdun-JeanBeaudin_04-1536x1025.jpg","1536x1536-width":1536,"1536x1536-height":1025,"2048x2048":"https:\/\/int.design\/wp-content\/uploads\/2020\/02\/PlageUrbaineVerdun_11.7_WAA_Arr-Verdun-JeanBeaudin_04-2048x1367.jpg","2048x2048-width":2048,"2048x2048-height":1367,"article":"https:\/\/int.design\/wp-content\/uploads\/2020\/02\/PlageUrbaineVerdun_11.7_WAA_Arr-Verdun-JeanBeaudin_04-960x540.jpg","article-width":960,"article-height":540,"banner":"https:\/\/int.design\/wp-content\/uploads\/2020\/02\/PlageUrbaineVerdun_11.7_WAA_Arr-Verdun-JeanBeaudin_04-1920x1281.jpg","banner-width":1920,"banner-height":1281,"block":"https:\/\/int.design\/wp-content\/uploads\/2020\/02\/PlageUrbaineVerdun_11.7_WAA_Arr-Verdun-JeanBeaudin_04-900x680.jpg","block-width":900,"block-height":680,"card":"https:\/\/int.design\/wp-content\/uploads\/2020\/02\/PlageUrbaineVerdun_11.7_WAA_Arr-Verdun-JeanBeaudin_04-560x495.jpg","card-width":560,"card-height":495,"card-thumbnail":"https:\/\/int.design\/wp-content\/uploads\/2020\/02\/PlageUrbaineVerdun_11.7_WAA_Arr-Verdun-JeanBeaudin_04-450x340.jpg","card-thumbnail-width":450,"card-thumbnail-height":340,"conference":"https:\/\/int.design\/wp-content\/uploads\/2020\/02\/PlageUrbaineVerdun_11.7_WAA_Arr-Verdun-JeanBeaudin_04-560x250.jpg","conference-width":560,"conference-height":250,"contest":"https:\/\/int.design\/wp-content\/uploads\/2020\/02\/PlageUrbaineVerdun_11.7_WAA_Arr-Verdun-JeanBeaudin_04-960x400.jpg","contest-width":960,"contest-height":400,"cta":"https:\/\/int.design\/wp-content\/uploads\/2020\/02\/PlageUrbaineVerdun_11.7_WAA_Arr-Verdun-JeanBeaudin_04-415x170.jpg","cta-width":415,"cta-height":170,"exhibitor":"https:\/\/int.design\/wp-content\/uploads\/2020\/02\/PlageUrbaineVerdun_11.7_WAA_Arr-Verdun-JeanBeaudin_04-560x560.jpg","exhibitor-width":560,"exhibitor-height":560,"gallery":"https:\/\/int.design\/wp-content\/uploads\/2020\/02\/PlageUrbaineVerdun_11.7_WAA_Arr-Verdun-JeanBeaudin_04-560x374.jpg","gallery-width":560,"gallery-height":374,"logo":"https:\/\/int.design\/wp-content\/uploads\/2020\/02\/PlageUrbaineVerdun_11.7_WAA_Arr-Verdun-JeanBeaudin_04-150x100.jpg","logo-width":150,"logo-height":100,"masonry":"https:\/\/int.design\/wp-content\/uploads\/2020\/02\/PlageUrbaineVerdun_11.7_WAA_Arr-Verdun-JeanBeaudin_04-550x367.jpg","masonry-width":550,"masonry-height":367,"modal":"https:\/\/int.design\/wp-content\/uploads\/2020\/02\/PlageUrbaineVerdun_11.7_WAA_Arr-Verdun-JeanBeaudin_04-1920x1281.jpg","modal-width":1920,"modal-height":1281,"number":"https:\/\/int.design\/wp-content\/uploads\/2020\/02\/PlageUrbaineVerdun_11.7_WAA_Arr-Verdun-JeanBeaudin_04-560x374.jpg","number-width":560,"number-height":374,"partner":"https:\/\/int.design\/wp-content\/uploads\/2020\/02\/PlageUrbaineVerdun_11.7_WAA_Arr-Verdun-JeanBeaudin_04-275x184.jpg","partner-width":275,"partner-height":184,"ranking":"https:\/\/int.design\/wp-content\/uploads\/2020\/02\/PlageUrbaineVerdun_11.7_WAA_Arr-Verdun-JeanBeaudin_04-960x540.jpg","ranking-width":960,"ranking-height":540,"schedule":"https:\/\/int.design\/wp-content\/uploads\/2020\/02\/PlageUrbaineVerdun_11.7_WAA_Arr-Verdun-JeanBeaudin_04-960x360.jpg","schedule-width":960,"schedule-height":360,"slideshow":"https:\/\/int.design\/wp-content\/uploads\/2020\/02\/PlageUrbaineVerdun_11.7_WAA_Arr-Verdun-JeanBeaudin_04-1019x680.jpg","slideshow-width":1019,"slideshow-height":680}},"attachment_category":{"557":"Paysage - Commercial &amp; public"},"credit":""},{"image":{"ID":11411,"id":11411,"title":"PlageUrbaineVerdun_11.7_WAA_Arr-Verdun-JeanBeaudin_03","filename":"PlageUrbaineVerdun_11.7_WAA_Arr-Verdun-JeanBeaudin_03.jpg","filesize":0,"url":"https:\/\/d2q6z78khxmx42.cloudfront.net\/2020\/02\/PlageUrbaineVerdun_11.7_WAA_Arr-Verdun-JeanBeaudin_03.jpg","link":"https:\/\/int.design\/fr\/projets\/la-plage-urbaine-de-verdun\/plageurbaineverdun_11-7_waa_arr-verdun-jeanbeaudin_03\/","alt":"","author":"5","description":"","caption":"","name":"plageurbaineverdun_11-7_waa_arr-verdun-jeanbeaudin_03","status":"inherit","uploaded_to":5996,"date":"2020-08-19 23:15:30","modified":"2020-09-05 19:21:56","menu_order":0,"mime_type":"image\/jpeg","type":"image","subtype":"jpeg","icon":"https:\/\/int.design\/wp-includes\/images\/media\/default.png","width":864,"height":486,"sizes":{"thumbnail":"https:\/\/d2q6z78khxmx42.cloudfront.net\/2020\/02\/PlageUrbaineVerdun_11.7_WAA_Arr-Verdun-JeanBeaudin_03-150x150.jpg","thumbnail-width":150,"thumbnail-height":150,"medium":"https:\/\/d2q6z78khxmx42.cloudfront.net\/2020\/02\/PlageUrbaineVerdun_11.7_WAA_Arr-Verdun-JeanBeaudin_03-300x169.jpg","medium-width":300,"medium-height":169,"medium_large":"https:\/\/d2q6z78khxmx42.cloudfront.net\/2020\/02\/PlageUrbaineVerdun_11.7_WAA_Arr-Verdun-JeanBeaudin_03-768x432.jpg","medium_large-width":768,"medium_large-height":432,"large":"https:\/\/d2q6z78khxmx42.cloudfront.net\/2020\/02\/PlageUrbaineVerdun_11.7_WAA_Arr-Verdun-JeanBeaudin_03.jpg","large-width":864,"large-height":486,"1536x1536":"https:\/\/d2q6z78khxmx42.cloudfront.net\/2020\/02\/PlageUrbaineVerdun_11.7_WAA_Arr-Verdun-JeanBeaudin_03.jpg","1536x1536-width":864,"1536x1536-height":486,"2048x2048":"https:\/\/d2q6z78khxmx42.cloudfront.net\/2020\/02\/PlageUrbaineVerdun_11.7_WAA_Arr-Verdun-JeanBeaudin_03.jpg","2048x2048-width":864,"2048x2048-height":486,"article":"https:\/\/d2q6z78khxmx42.cloudfront.net\/2020\/02\/PlageUrbaineVerdun_11.7_WAA_Arr-Verdun-JeanBeaudin_03.jpg","article-width":864,"article-height":486,"banner":"https:\/\/d2q6z78khxmx42.cloudfront.net\/2020\/02\/PlageUrbaineVerdun_11.7_WAA_Arr-Verdun-JeanBeaudin_03.jpg","banner-width":864,"banner-height":486,"block":"https:\/\/d2q6z78khxmx42.cloudfront.net\/2020\/02\/PlageUrbaineVerdun_11.7_WAA_Arr-Verdun-JeanBeaudin_03.jpg","block-width":864,"block-height":486,"card":"https:\/\/d2q6z78khxmx42.cloudfront.net\/2020\/02\/PlageUrbaineVerdun_11.7_WAA_Arr-Verdun-JeanBeaudin_03-560x486.jpg","card-width":560,"card-height":486,"card-thumbnail":"https:\/\/d2q6z78khxmx42.cloudfront.net\/2020\/02\/PlageUrbaineVerdun_11.7_WAA_Arr-Verdun-JeanBeaudin_03-450x340.jpg","card-thumbnail-width":450,"card-thumbnail-height":340,"conference":"https:\/\/d2q6z78khxmx42.cloudfront.net\/2020\/02\/PlageUrbaineVerdun_11.7_WAA_Arr-Verdun-JeanBeaudin_03-560x250.jpg","conference-width":560,"conference-height":250,"contest":"https:\/\/d2q6z78khxmx42.cloudfront.net\/2020\/02\/PlageUrbaineVerdun_11.7_WAA_Arr-Verdun-JeanBeaudin_03-864x400.jpg","contest-width":864,"contest-height":400,"cta":"https:\/\/d2q6z78khxmx42.cloudfront.net\/2020\/02\/PlageUrbaineVerdun_11.7_WAA_Arr-Verdun-JeanBeaudin_03-415x170.jpg","cta-width":415,"cta-height":170,"exhibitor":"https:\/\/d2q6z78khxmx42.cloudfront.net\/2020\/02\/nrKJZW81-PlageUrbaineVerdun_11.7_WAA_Arr-Verdun-JeanBeaudin_03-560x486.jpg","exhibitor-width":560,"exhibitor-height":486,"gallery":"https:\/\/d2q6z78khxmx42.cloudfront.net\/2020\/02\/PlageUrbaineVerdun_11.7_WAA_Arr-Verdun-JeanBeaudin_03-560x315.jpg","gallery-width":560,"gallery-height":315,"logo":"https:\/\/d2q6z78khxmx42.cloudfront.net\/2020\/02\/PlageUrbaineVerdun_11.7_WAA_Arr-Verdun-JeanBeaudin_03-178x100.jpg","logo-width":178,"logo-height":100,"masonry":"https:\/\/d2q6z78khxmx42.cloudfront.net\/2020\/02\/PlageUrbaineVerdun_11.7_WAA_Arr-Verdun-JeanBeaudin_03-550x309.jpg","masonry-width":550,"masonry-height":309,"modal":"https:\/\/d2q6z78khxmx42.cloudfront.net\/2020\/02\/PlageUrbaineVerdun_11.7_WAA_Arr-Verdun-JeanBeaudin_03.jpg","modal-width":864,"modal-height":486,"number":"https:\/\/d2q6z78khxmx42.cloudfront.net\/2020\/02\/nrKJZW81-PlageUrbaineVerdun_11.7_WAA_Arr-Verdun-JeanBeaudin_03-560x315.jpg","number-width":560,"number-height":315,"partner":"https:\/\/d2q6z78khxmx42.cloudfront.net\/2020\/02\/PlageUrbaineVerdun_11.7_WAA_Arr-Verdun-JeanBeaudin_03-275x155.jpg","partner-width":275,"partner-height":155,"ranking":"https:\/\/d2q6z78khxmx42.cloudfront.net\/2020\/02\/PlageUrbaineVerdun_11.7_WAA_Arr-Verdun-JeanBeaudin_03.jpg","ranking-width":864,"ranking-height":486,"schedule":"https:\/\/d2q6z78khxmx42.cloudfront.net\/2020\/02\/PlageUrbaineVerdun_11.7_WAA_Arr-Verdun-JeanBeaudin_03-864x360.jpg","schedule-width":864,"schedule-height":360,"slideshow":"https:\/\/d2q6z78khxmx42.cloudfront.net\/2020\/02\/PlageUrbaineVerdun_11.7_WAA_Arr-Verdun-JeanBeaudin_03.jpg","slideshow-width":864,"slideshow-height":486}},"attachment_category":{"557":"Paysage - Commercial &amp; public"},"credit":""},{"image":{"ID":11410,"id":11410,"title":"PlageUrbaineVerdun_11.7_WAA_AntoineCrepeau_10","filename":"PlageUrbaineVerdun_11.7_WAA_AntoineCrepeau_10-scaled.jpg","filesize":0,"url":"https:\/\/int.design\/wp-content\/uploads\/2020\/02\/PlageUrbaineVerdun_11.7_WAA_AntoineCrepeau_10-scaled.jpg","link":"https:\/\/int.design\/fr\/projets\/la-plage-urbaine-de-verdun\/plageurbaineverdun_11-7_waa_antoinecrepeau_10\/","alt":"","author":"5","description":"","caption":"","name":"plageurbaineverdun_11-7_waa_antoinecrepeau_10","status":"inherit","uploaded_to":5996,"date":"2020-08-19 23:15:20","modified":"2020-08-22 18:20:54","menu_order":0,"mime_type":"image\/jpeg","type":"image","subtype":"jpeg","icon":"https:\/\/int.design\/wp-includes\/images\/media\/default.png","width":2560,"height":1638,"sizes":{"thumbnail":"https:\/\/int.design\/wp-content\/uploads\/2020\/02\/PlageUrbaineVerdun_11.7_WAA_AntoineCrepeau_10-150x150.jpg","thumbnail-width":150,"thumbnail-height":150,"medium":"https:\/\/int.design\/wp-content\/uploads\/2020\/02\/PlageUrbaineVerdun_11.7_WAA_AntoineCrepeau_10-300x192.jpg","medium-width":300,"medium-height":192,"medium_large":"https:\/\/int.design\/wp-content\/uploads\/2020\/02\/PlageUrbaineVerdun_11.7_WAA_AntoineCrepeau_10-768x491.jpg","medium_large-width":768,"medium_large-height":491,"large":"https:\/\/int.design\/wp-content\/uploads\/2020\/02\/PlageUrbaineVerdun_11.7_WAA_AntoineCrepeau_10-1024x655.jpg","large-width":1024,"large-height":655,"1536x1536":"https:\/\/int.design\/wp-content\/uploads\/2020\/02\/PlageUrbaineVerdun_11.7_WAA_AntoineCrepeau_10-1536x983.jpg","1536x1536-width":1536,"1536x1536-height":983,"2048x2048":"https:\/\/int.design\/wp-content\/uploads\/2020\/02\/PlageUrbaineVerdun_11.7_WAA_AntoineCrepeau_10-2048x1311.jpg","2048x2048-width":2048,"2048x2048-height":1311,"article":"https:\/\/int.design\/wp-content\/uploads\/2020\/02\/PlageUrbaineVerdun_11.7_WAA_AntoineCrepeau_10-960x540.jpg","article-width":960,"article-height":540,"banner":"https:\/\/int.design\/wp-content\/uploads\/2020\/02\/PlageUrbaineVerdun_11.7_WAA_AntoineCrepeau_10-1920x1229.jpg","banner-width":1920,"banner-height":1229,"block":"https:\/\/int.design\/wp-content\/uploads\/2020\/02\/PlageUrbaineVerdun_11.7_WAA_AntoineCrepeau_10-900x680.jpg","block-width":900,"block-height":680,"card":"https:\/\/int.design\/wp-content\/uploads\/2020\/02\/PlageUrbaineVerdun_11.7_WAA_AntoineCrepeau_10-560x495.jpg","card-width":560,"card-height":495,"card-thumbnail":"https:\/\/int.design\/wp-content\/uploads\/2020\/02\/PlageUrbaineVerdun_11.7_WAA_AntoineCrepeau_10-450x340.jpg","card-thumbnail-width":450,"card-thumbnail-height":340,"conference":"https:\/\/int.design\/wp-content\/uploads\/2020\/02\/PlageUrbaineVerdun_11.7_WAA_AntoineCrepeau_10-560x250.jpg","conference-width":560,"conference-height":250,"contest":"https:\/\/int.design\/wp-content\/uploads\/2020\/02\/PlageUrbaineVerdun_11.7_WAA_AntoineCrepeau_10-960x400.jpg","contest-width":960,"contest-height":400,"cta":"https:\/\/int.design\/wp-content\/uploads\/2020\/02\/PlageUrbaineVerdun_11.7_WAA_AntoineCrepeau_10-415x170.jpg","cta-width":415,"cta-height":170,"exhibitor":"https:\/\/int.design\/wp-content\/uploads\/2020\/02\/PlageUrbaineVerdun_11.7_WAA_AntoineCrepeau_10-560x560.jpg","exhibitor-width":560,"exhibitor-height":560,"gallery":"https:\/\/int.design\/wp-content\/uploads\/2020\/02\/PlageUrbaineVerdun_11.7_WAA_AntoineCrepeau_10-560x358.jpg","gallery-width":560,"gallery-height":358,"logo":"https:\/\/int.design\/wp-content\/uploads\/2020\/02\/PlageUrbaineVerdun_11.7_WAA_AntoineCrepeau_10-156x100.jpg","logo-width":156,"logo-height":100,"masonry":"https:\/\/int.design\/wp-content\/uploads\/2020\/02\/PlageUrbaineVerdun_11.7_WAA_AntoineCrepeau_10-550x352.jpg","masonry-width":550,"masonry-height":352,"modal":"https:\/\/int.design\/wp-content\/uploads\/2020\/02\/PlageUrbaineVerdun_11.7_WAA_AntoineCrepeau_10-1920x1229.jpg","modal-width":1920,"modal-height":1229,"number":"https:\/\/int.design\/wp-content\/uploads\/2020\/02\/PlageUrbaineVerdun_11.7_WAA_AntoineCrepeau_10-560x358.jpg","number-width":560,"number-height":358,"partner":"https:\/\/int.design\/wp-content\/uploads\/2020\/02\/PlageUrbaineVerdun_11.7_WAA_AntoineCrepeau_10-275x176.jpg","partner-width":275,"partner-height":176,"ranking":"https:\/\/int.design\/wp-content\/uploads\/2020\/02\/PlageUrbaineVerdun_11.7_WAA_AntoineCrepeau_10-960x540.jpg","ranking-width":960,"ranking-height":540,"schedule":"https:\/\/int.design\/wp-content\/uploads\/2020\/02\/PlageUrbaineVerdun_11.7_WAA_AntoineCrepeau_10-960x360.jpg","schedule-width":960,"schedule-height":360,"slideshow":"https:\/\/int.design\/wp-content\/uploads\/2020\/02\/PlageUrbaineVerdun_11.7_WAA_AntoineCrepeau_10-1063x680.jpg","slideshow-width":1063,"slideshow-height":680}},"attachment_category":{"557":"Paysage - Commercial &amp; public"},"credit":""}],"mandatory_documents":false,"optional_documents":false,"web_text":{"fr":"","en":"","original":""},"jury_text":false,"different_jury_text":false,"different_category_text":false},"laureats":[],"contest_id":"10386","contest_title":"GRANDS PRIX DU DESIGN - 13e \u00e9dition","firms":[],"user":{"email":"old_edition@agencepid.com","first_name":"Old Edition","last_name":"Participant"},"doc_texts_web":{"fr":"<p>Revitalisation de la nature et r\u00e9appropriation du fleuve. Les br\u00e8ches pr\u00e9sentes ont \u00e9t\u00e9 r\u00e9am\u00e9nag\u00e9es en zone qui adoucissent les d\u00e9nivellations. Adapt\u00e9 \u00e0 tous les groupes d\u2019\u00e2ge, l\u2019am\u00e9nagement est accessible et respectueux de son environnement .<\/p>\n","en":"<p>Revitalization of nature and reappropriation of the river. The breaches present have been redeveloped in areas that soften the gradients. Adapted to all age groups, the development is accessible and respectful of the environment.<\/p>\n"},"permalinks":{"fr":"https:\/\/int.design\/fr\/projets\/la-plage-urbaine-de-verdun\/","en":"https:\/\/int.design\/en\/projects\/la-plage-urbaine-de-verdun\/"},"titles":{"fr":"La Plage Urbaine de Verdun","en":"La Plage Urbaine de Verdun"},"wp_fields":{"informations":{"fr":[{"content_type":"text","title":"Design","content":"WAA Montr\u00e9al\t","link":null},{"content_type":"text","title":"Cat\u00e9gorie","content":"Prix architecture de paysage \u00e0 caract\u00e8re environnemental","link":null}],"en":[{"content_type":"text","title":"Design","content":"WAA Montr\u00e9al\t","link":null},{"content_type":"text","title":"Category","content":"Prix architecture de paysage \u00e0 caract\u00e8re environnemental","link":null}]}},"laravel_id":""},"_links":{"self":[{"href":"https:\/\/int.design\/fr\/wp-json\/wp\/v2\/project\/5996","targetHints":{"allow":["GET"]}}],"collection":[{"href":"https:\/\/int.design\/fr\/wp-json\/wp\/v2\/project"}],"about":[{"href":"https:\/\/int.design\/fr\/wp-json\/wp\/v2\/types\/project"}],"wp:attachment":[{"href":"https:\/\/int.design\/fr\/wp-json\/wp\/v2\/media?parent=5996"}],"curies":[{"name":"wp","href":"https:\/\/api.w.org\/{rel}","templated":true}]}}