{"id":5320,"date":"2019-01-09T02:47:00","date_gmt":"2019-01-09T07:47:00","guid":{"rendered":"https:\/\/int.design\/projets\/victoria-sur-le-parc\/"},"modified":"2020-09-02T15:45:20","modified_gmt":"2020-09-02T19:45:20","slug":"victoria-sur-le-parc","status":"publish","type":"project","link":"https:\/\/int.design\/fr\/projets\/victoria-sur-le-parc\/","title":{"rendered":"Victoria sur le parc"},"content":{"rendered":"<p>Ce bureau de vente a \u00e9t\u00e9 con\u00e7u pour mettre en valeur le projet de tour d\u2019habitation Victoria sur le parc du promoteur Broccolini. Il s\u2019agit d\u2019un pavillon lumineux, entour\u00e9 de murs-rideaux sur trois c\u00f4t\u00e9s, dont l\u2019int\u00e9rieur est am\u00e9nag\u00e9 de mani\u00e8re \u00e0 conf\u00e9rer l\u2019id\u00e9e de grandeur associ\u00e9e au projet. Plafond tr\u00e8s haut, mat\u00e9riaux nobles comme le marbre et le bois avec d\u00e9tails en bronze, geste fort de la cloison incurv\u00e9e \u00e0 laquelle est adoss\u00e9 l\u2019\u00e9cran g\u00e9ant qui pr\u00e9sente les images du projet\u00a0: tout est mis en \u0153uvre pour s\u00e9duire l\u2019acheteur potentiel et mettre en valeur la maquette et les repr\u00e9sentations de la tour. Les jeux de bandeaux int\u00e9gr\u00e9s au plancher orientent le regard vers les points d\u2019attrait importants, tandis que l\u2019\u00e9clairage intelligent et quelques touches fantaisistes \u00e9gaient l\u2019ensemble. Les fonctions pratiques comme l\u2019appartement-t\u00e9moin et la salle d\u2019\u00e9chantillons sont plac\u00e9es en retrait pour ne pas diminuer l\u2019effet obtenu.<\/p>\n<p>Le jury a \u00e9t\u00e9 sensible \u00e0 la qualit\u00e9 de ce pavillon qui constitue un outil de mise en march\u00e9 efficace, offrant aux clients une certaine concr\u00e9tisation de leurs attentes. L\u2019impression de luxe distill\u00e9e par cet am\u00e9nagement se situe en parfaite concordance avec les int\u00e9rieurs et le style de vie que proposera la tour Victoria.<\/p>\n","protected":false},"template":"","class_list":["post-5320","project","type-project","status-publish","hentry"],"acf":[],"yoast_head":"<!-- This site is optimized with the Yoast SEO plugin v21.5 - https:\/\/yoast.com\/wordpress\/plugins\/seo\/ -->\n<title>Victoria sur le parc - INT Design<\/title>\n<meta name=\"robots\" content=\"index, follow, max-snippet:-1, max-image-preview:large, max-video-preview:-1\" \/>\n<link rel=\"canonical\" href=\"https:\/\/int.design\/fr\/projets\/victoria-sur-le-parc\/\" \/>\n<meta property=\"og:locale\" content=\"fr_FR\" \/>\n<meta property=\"og:type\" content=\"article\" \/>\n<meta property=\"og:title\" content=\"Victoria sur le parc - INT Design\" \/>\n<meta property=\"og:description\" content=\"Ce bureau de vente a \u00e9t\u00e9 con\u00e7u pour mettre en valeur le projet de tour d\u2019habitation Victoria sur le parc du promoteur Broccolini. Il s\u2019agit d\u2019un pavillon lumineux, entour\u00e9 de murs-rideaux sur trois c\u00f4t\u00e9s, dont l\u2019int\u00e9rieur est am\u00e9nag\u00e9 de mani\u00e8re \u00e0 conf\u00e9rer l\u2019id\u00e9e de grandeur associ\u00e9e au projet. Plafond tr\u00e8s haut, mat\u00e9riaux nobles comme le &hellip; Continued\" \/>\n<meta property=\"og:url\" content=\"https:\/\/int.design\/fr\/projets\/victoria-sur-le-parc\/\" \/>\n<meta property=\"og:site_name\" content=\"INT Design\" \/>\n<meta property=\"article:modified_time\" content=\"2020-09-02T19:45:20+00:00\" \/>\n<meta name=\"twitter:card\" content=\"summary_large_image\" \/>\n<meta name=\"twitter:label1\" content=\"Est. reading time\" \/>\n\t<meta name=\"twitter:data1\" content=\"1 minute\" \/>\n<script type=\"application\/ld+json\" class=\"yoast-schema-graph\">{\"@context\":\"https:\/\/schema.org\",\"@graph\":[{\"@type\":\"WebPage\",\"@id\":\"https:\/\/int.design\/fr\/projets\/victoria-sur-le-parc\/\",\"url\":\"https:\/\/int.design\/fr\/projets\/victoria-sur-le-parc\/\",\"name\":\"Victoria sur le parc - INT Design\",\"isPartOf\":{\"@id\":\"https:\/\/int.design\/fr\/#website\"},\"datePublished\":\"2019-01-09T07:47:00+00:00\",\"dateModified\":\"2020-09-02T19:45:20+00:00\",\"breadcrumb\":{\"@id\":\"https:\/\/int.design\/fr\/projets\/victoria-sur-le-parc\/#breadcrumb\"},\"inLanguage\":\"fr-FR\",\"potentialAction\":[{\"@type\":\"ReadAction\",\"target\":[\"https:\/\/int.design\/fr\/projets\/victoria-sur-le-parc\/\"]}]},{\"@type\":\"BreadcrumbList\",\"@id\":\"https:\/\/int.design\/fr\/projets\/victoria-sur-le-parc\/#breadcrumb\",\"itemListElement\":[{\"@type\":\"ListItem\",\"position\":1,\"name\":\"Home\",\"item\":\"https:\/\/int.design\/fr\/\"},{\"@type\":\"ListItem\",\"position\":2,\"name\":\"Projects\",\"item\":\"https:\/\/int.design\/en\/projects\/\"},{\"@type\":\"ListItem\",\"position\":3,\"name\":\"Victoria sur le parc\"}]},{\"@type\":\"WebSite\",\"@id\":\"https:\/\/int.design\/fr\/#website\",\"url\":\"https:\/\/int.design\/fr\/\",\"name\":\"INT Design\",\"description\":\"\",\"potentialAction\":[{\"@type\":\"SearchAction\",\"target\":{\"@type\":\"EntryPoint\",\"urlTemplate\":\"https:\/\/int.design\/fr\/?s={search_term_string}\"},\"query-input\":\"required name=search_term_string\"}],\"inLanguage\":\"fr-FR\"}]}<\/script>\n<!-- \/ Yoast SEO plugin. -->","yoast_head_json":{"title":"Victoria sur le parc - INT Design","robots":{"index":"index","follow":"follow","max-snippet":"max-snippet:-1","max-image-preview":"max-image-preview:large","max-video-preview":"max-video-preview:-1"},"canonical":"https:\/\/int.design\/fr\/projets\/victoria-sur-le-parc\/","og_locale":"fr_FR","og_type":"article","og_title":"Victoria sur le parc - INT Design","og_description":"Ce bureau de vente a \u00e9t\u00e9 con\u00e7u pour mettre en valeur le projet de tour d\u2019habitation Victoria sur le parc du promoteur Broccolini. Il s\u2019agit d\u2019un pavillon lumineux, entour\u00e9 de murs-rideaux sur trois c\u00f4t\u00e9s, dont l\u2019int\u00e9rieur est am\u00e9nag\u00e9 de mani\u00e8re \u00e0 conf\u00e9rer l\u2019id\u00e9e de grandeur associ\u00e9e au projet. Plafond tr\u00e8s haut, mat\u00e9riaux nobles comme le &hellip; Continued","og_url":"https:\/\/int.design\/fr\/projets\/victoria-sur-le-parc\/","og_site_name":"INT Design","article_modified_time":"2020-09-02T19:45:20+00:00","twitter_card":"summary_large_image","twitter_misc":{"Est. reading time":"1 minute"},"schema":{"@context":"https:\/\/schema.org","@graph":[{"@type":"WebPage","@id":"https:\/\/int.design\/fr\/projets\/victoria-sur-le-parc\/","url":"https:\/\/int.design\/fr\/projets\/victoria-sur-le-parc\/","name":"Victoria sur le parc - INT Design","isPartOf":{"@id":"https:\/\/int.design\/fr\/#website"},"datePublished":"2019-01-09T07:47:00+00:00","dateModified":"2020-09-02T19:45:20+00:00","breadcrumb":{"@id":"https:\/\/int.design\/fr\/projets\/victoria-sur-le-parc\/#breadcrumb"},"inLanguage":"fr-FR","potentialAction":[{"@type":"ReadAction","target":["https:\/\/int.design\/fr\/projets\/victoria-sur-le-parc\/"]}]},{"@type":"BreadcrumbList","@id":"https:\/\/int.design\/fr\/projets\/victoria-sur-le-parc\/#breadcrumb","itemListElement":[{"@type":"ListItem","position":1,"name":"Home","item":"https:\/\/int.design\/fr\/"},{"@type":"ListItem","position":2,"name":"Projects","item":"https:\/\/int.design\/en\/projects\/"},{"@type":"ListItem","position":3,"name":"Victoria sur le parc"}]},{"@type":"WebSite","@id":"https:\/\/int.design\/fr\/#website","url":"https:\/\/int.design\/fr\/","name":"INT Design","description":"","potentialAction":[{"@type":"SearchAction","target":{"@type":"EntryPoint","urlTemplate":"https:\/\/int.design\/fr\/?s={search_term_string}"},"query-input":"required name=search_term_string"}],"inLanguage":"fr-FR"}]}},"entry":{"cats":{"disciplines":[],"big_cats":[],"sub_cats":[]},"entry":{"":null,"status":"completed","winner_title":"","winner_prize_lang":"","title_translatable":false,"title_en":"","title_fr":"","releve_award":false,"releve_award_cv":false,"collaboration":false,"collaboration_firms":false,"other_firms":false,"owner":{"name":"","confidential":false,"website":"","contact_name":"","email":"","phone":""},"address":{"address":"","city":"","region":"","province":"","country":"","postal_code":""},"logos":false,"use_logo":false,"designers":false,"cover":false,"images":[{"image":{"ID":5321,"id":5321,"title":"sitewebvictoria-sur-le-parc_pavillon-des-ventes_1-6_belangermartin_adrien-williams_5_1620x1080.jpg","filename":"sitewebvictoria-sur-le-parc_pavillon-des-ventes_1-6_belangermartin_adrien-williams_5_1620x1080.jpg","filesize":0,"url":"https:\/\/d2q6z78khxmx42.cloudfront.net\/2019\/01\/sitewebvictoria-sur-le-parc_pavillon-des-ventes_1-6_belangermartin_adrien-williams_5_1620x1080.jpg","link":"https:\/\/int.design\/fr\/sitewebvictoria-sur-le-parc_pavillon-des-ventes_1-6_belangermartin_adrien-williams_5_1620x1080-jpg\/","alt":"","author":"8","description":"","caption":"","name":"sitewebvictoria-sur-le-parc_pavillon-des-ventes_1-6_belangermartin_adrien-williams_5_1620x1080-jpg","status":"inherit","uploaded_to":0,"date":"2020-04-06 04:47:26","modified":"2020-10-12 15:43:54","menu_order":0,"mime_type":"image\/jpeg","type":"image","subtype":"jpeg","icon":"https:\/\/int.design\/wp-includes\/images\/media\/default.png","width":1620,"height":1080,"sizes":{"thumbnail":"https:\/\/d2q6z78khxmx42.cloudfront.net\/2019\/01\/sitewebvictoria-sur-le-parc_pavillon-des-ventes_1-6_belangermartin_adrien-williams_5_1620x1080-150x150.jpg","thumbnail-width":150,"thumbnail-height":150,"medium":"https:\/\/d2q6z78khxmx42.cloudfront.net\/2019\/01\/sitewebvictoria-sur-le-parc_pavillon-des-ventes_1-6_belangermartin_adrien-williams_5_1620x1080-300x200.jpg","medium-width":300,"medium-height":200,"medium_large":"https:\/\/d2q6z78khxmx42.cloudfront.net\/2019\/01\/sitewebvictoria-sur-le-parc_pavillon-des-ventes_1-6_belangermartin_adrien-williams_5_1620x1080-768x512.jpg","medium_large-width":768,"medium_large-height":512,"large":"https:\/\/d2q6z78khxmx42.cloudfront.net\/2019\/01\/sitewebvictoria-sur-le-parc_pavillon-des-ventes_1-6_belangermartin_adrien-williams_5_1620x1080-1024x683.jpg","large-width":1024,"large-height":683,"1536x1536":"https:\/\/d2q6z78khxmx42.cloudfront.net\/2019\/01\/sitewebvictoria-sur-le-parc_pavillon-des-ventes_1-6_belangermartin_adrien-williams_5_1620x1080-1536x1024.jpg","1536x1536-width":1536,"1536x1536-height":1024,"2048x2048":"https:\/\/d2q6z78khxmx42.cloudfront.net\/2019\/01\/sitewebvictoria-sur-le-parc_pavillon-des-ventes_1-6_belangermartin_adrien-williams_5_1620x1080.jpg","2048x2048-width":1620,"2048x2048-height":1080,"article":"https:\/\/d2q6z78khxmx42.cloudfront.net\/2019\/01\/sitewebvictoria-sur-le-parc_pavillon-des-ventes_1-6_belangermartin_adrien-williams_5_1620x1080-960x540.jpg","article-width":960,"article-height":540,"banner":"https:\/\/d2q6z78khxmx42.cloudfront.net\/2019\/01\/sitewebvictoria-sur-le-parc_pavillon-des-ventes_1-6_belangermartin_adrien-williams_5_1620x1080.jpg","banner-width":1620,"banner-height":1080,"block":"https:\/\/d2q6z78khxmx42.cloudfront.net\/2019\/01\/sitewebvictoria-sur-le-parc_pavillon-des-ventes_1-6_belangermartin_adrien-williams_5_1620x1080-900x680.jpg","block-width":900,"block-height":680,"card":"https:\/\/d2q6z78khxmx42.cloudfront.net\/2019\/01\/sitewebvictoria-sur-le-parc_pavillon-des-ventes_1-6_belangermartin_adrien-williams_5_1620x1080-560x495.jpg","card-width":560,"card-height":495,"card-thumbnail":"https:\/\/d2q6z78khxmx42.cloudfront.net\/2019\/01\/sitewebvictoria-sur-le-parc_pavillon-des-ventes_1-6_belangermartin_adrien-williams_5_1620x1080-450x340.jpg","card-thumbnail-width":450,"card-thumbnail-height":340,"conference":"https:\/\/d2q6z78khxmx42.cloudfront.net\/2019\/01\/sitewebvictoria-sur-le-parc_pavillon-des-ventes_1-6_belangermartin_adrien-williams_5_1620x1080-560x250.jpg","conference-width":560,"conference-height":250,"contest":"https:\/\/d2q6z78khxmx42.cloudfront.net\/2019\/01\/sitewebvictoria-sur-le-parc_pavillon-des-ventes_1-6_belangermartin_adrien-williams_5_1620x1080-960x400.jpg","contest-width":960,"contest-height":400,"cta":"https:\/\/d2q6z78khxmx42.cloudfront.net\/2019\/01\/sitewebvictoria-sur-le-parc_pavillon-des-ventes_1-6_belangermartin_adrien-williams_5_1620x1080-415x170.jpg","cta-width":415,"cta-height":170,"exhibitor":"https:\/\/d2q6z78khxmx42.cloudfront.net\/2019\/01\/sitewebvictoria-sur-le-parc_pavillon-des-ventes_1-6_belangermartin_adrien-williams_5_1620x1080-560x560.jpg","exhibitor-width":560,"exhibitor-height":560,"gallery":"https:\/\/d2q6z78khxmx42.cloudfront.net\/2019\/01\/sitewebvictoria-sur-le-parc_pavillon-des-ventes_1-6_belangermartin_adrien-williams_5_1620x1080-560x373.jpg","gallery-width":560,"gallery-height":373,"logo":"https:\/\/d2q6z78khxmx42.cloudfront.net\/2019\/01\/sitewebvictoria-sur-le-parc_pavillon-des-ventes_1-6_belangermartin_adrien-williams_5_1620x1080-150x100.jpg","logo-width":150,"logo-height":100,"masonry":"https:\/\/d2q6z78khxmx42.cloudfront.net\/2019\/01\/sitewebvictoria-sur-le-parc_pavillon-des-ventes_1-6_belangermartin_adrien-williams_5_1620x1080-550x367.jpg","masonry-width":550,"masonry-height":367,"modal":"https:\/\/d2q6z78khxmx42.cloudfront.net\/2019\/01\/sitewebvictoria-sur-le-parc_pavillon-des-ventes_1-6_belangermartin_adrien-williams_5_1620x1080.jpg","modal-width":1620,"modal-height":1080,"number":"https:\/\/d2q6z78khxmx42.cloudfront.net\/2019\/01\/fbDgEl1Y-sitewebvictoria-sur-le-parc_pavillon-des-ventes_1-6_belangermartin_adrien-williams_5_1620x1080-560x373.jpg","number-width":560,"number-height":373,"partner":"https:\/\/d2q6z78khxmx42.cloudfront.net\/2019\/01\/sitewebvictoria-sur-le-parc_pavillon-des-ventes_1-6_belangermartin_adrien-williams_5_1620x1080-275x183.jpg","partner-width":275,"partner-height":183,"ranking":"https:\/\/d2q6z78khxmx42.cloudfront.net\/2019\/01\/fbDgEl1Y-sitewebvictoria-sur-le-parc_pavillon-des-ventes_1-6_belangermartin_adrien-williams_5_1620x1080-960x540.jpg","ranking-width":960,"ranking-height":540,"schedule":"https:\/\/d2q6z78khxmx42.cloudfront.net\/2019\/01\/sitewebvictoria-sur-le-parc_pavillon-des-ventes_1-6_belangermartin_adrien-williams_5_1620x1080-960x360.jpg","schedule-width":960,"schedule-height":360,"slideshow":"https:\/\/d2q6z78khxmx42.cloudfront.net\/2019\/01\/sitewebvictoria-sur-le-parc_pavillon-des-ventes_1-6_belangermartin_adrien-williams_5_1620x1080-1020x680.jpg","slideshow-width":1020,"slideshow-height":680}},"attachment_category":[],"credit":""},{"image":{"ID":5322,"id":5322,"title":"sitewebvictoria-sur-le-parc_pavillon-des-ventes_1-6_belangermartin_adrien-williams_6_720x1080.jpg","filename":"sitewebvictoria-sur-le-parc_pavillon-des-ventes_1-6_belangermartin_adrien-williams_6_720x1080.jpg","filesize":0,"url":"https:\/\/d2q6z78khxmx42.cloudfront.net\/2019\/01\/sitewebvictoria-sur-le-parc_pavillon-des-ventes_1-6_belangermartin_adrien-williams_6_720x1080.jpg","link":"https:\/\/int.design\/fr\/sitewebvictoria-sur-le-parc_pavillon-des-ventes_1-6_belangermartin_adrien-williams_6_720x1080-jpg\/","alt":"","author":"0","description":"","caption":"","name":"sitewebvictoria-sur-le-parc_pavillon-des-ventes_1-6_belangermartin_adrien-williams_6_720x1080-jpg","status":"inherit","uploaded_to":0,"date":"2020-04-06 04:47:27","modified":"2020-04-06 04:47:27","menu_order":0,"mime_type":"image\/jpeg","type":"image","subtype":"jpeg","icon":"https:\/\/int.design\/wp-includes\/images\/media\/default.png","width":720,"height":1080,"sizes":{"thumbnail":"https:\/\/d2q6z78khxmx42.cloudfront.net\/2019\/01\/sitewebvictoria-sur-le-parc_pavillon-des-ventes_1-6_belangermartin_adrien-williams_6_720x1080-150x150.jpg","thumbnail-width":150,"thumbnail-height":150,"medium":"https:\/\/d2q6z78khxmx42.cloudfront.net\/2019\/01\/sitewebvictoria-sur-le-parc_pavillon-des-ventes_1-6_belangermartin_adrien-williams_6_720x1080-200x300.jpg","medium-width":200,"medium-height":300,"medium_large":"https:\/\/d2q6z78khxmx42.cloudfront.net\/2019\/01\/sitewebvictoria-sur-le-parc_pavillon-des-ventes_1-6_belangermartin_adrien-williams_6_720x1080.jpg","medium_large-width":720,"medium_large-height":1080,"large":"https:\/\/d2q6z78khxmx42.cloudfront.net\/2019\/01\/sitewebvictoria-sur-le-parc_pavillon-des-ventes_1-6_belangermartin_adrien-williams_6_720x1080-683x1024.jpg","large-width":683,"large-height":1024,"1536x1536":"https:\/\/d2q6z78khxmx42.cloudfront.net\/2019\/01\/sitewebvictoria-sur-le-parc_pavillon-des-ventes_1-6_belangermartin_adrien-williams_6_720x1080.jpg","1536x1536-width":720,"1536x1536-height":1080,"2048x2048":"https:\/\/d2q6z78khxmx42.cloudfront.net\/2019\/01\/sitewebvictoria-sur-le-parc_pavillon-des-ventes_1-6_belangermartin_adrien-williams_6_720x1080.jpg","2048x2048-width":720,"2048x2048-height":1080,"article":"https:\/\/d2q6z78khxmx42.cloudfront.net\/2019\/01\/sitewebvictoria-sur-le-parc_pavillon-des-ventes_1-6_belangermartin_adrien-williams_6_720x1080-720x540.jpg","article-width":720,"article-height":540,"banner":"https:\/\/d2q6z78khxmx42.cloudfront.net\/2019\/01\/sitewebvictoria-sur-le-parc_pavillon-des-ventes_1-6_belangermartin_adrien-williams_6_720x1080.jpg","banner-width":720,"banner-height":1080,"block":"https:\/\/d2q6z78khxmx42.cloudfront.net\/2019\/01\/sitewebvictoria-sur-le-parc_pavillon-des-ventes_1-6_belangermartin_adrien-williams_6_720x1080-720x680.jpg","block-width":720,"block-height":680,"card":"https:\/\/d2q6z78khxmx42.cloudfront.net\/2019\/01\/sitewebvictoria-sur-le-parc_pavillon-des-ventes_1-6_belangermartin_adrien-williams_6_720x1080-560x495.jpg","card-width":560,"card-height":495,"card-thumbnail":"https:\/\/d2q6z78khxmx42.cloudfront.net\/2019\/01\/sitewebvictoria-sur-le-parc_pavillon-des-ventes_1-6_belangermartin_adrien-williams_6_720x1080-450x340.jpg","card-thumbnail-width":450,"card-thumbnail-height":340,"conference":"https:\/\/d2q6z78khxmx42.cloudfront.net\/2019\/01\/sitewebvictoria-sur-le-parc_pavillon-des-ventes_1-6_belangermartin_adrien-williams_6_720x1080-560x250.jpg","conference-width":560,"conference-height":250,"contest":"https:\/\/d2q6z78khxmx42.cloudfront.net\/2019\/01\/sitewebvictoria-sur-le-parc_pavillon-des-ventes_1-6_belangermartin_adrien-williams_6_720x1080-720x400.jpg","contest-width":720,"contest-height":400,"cta":"https:\/\/d2q6z78khxmx42.cloudfront.net\/2019\/01\/sitewebvictoria-sur-le-parc_pavillon-des-ventes_1-6_belangermartin_adrien-williams_6_720x1080-415x170.jpg","cta-width":415,"cta-height":170,"exhibitor":"https:\/\/d2q6z78khxmx42.cloudfront.net\/2019\/01\/sitewebvictoria-sur-le-parc_pavillon-des-ventes_1-6_belangermartin_adrien-williams_6_720x1080-560x560.jpg","exhibitor-width":560,"exhibitor-height":560,"gallery":"https:\/\/d2q6z78khxmx42.cloudfront.net\/2019\/01\/sitewebvictoria-sur-le-parc_pavillon-des-ventes_1-6_belangermartin_adrien-williams_6_720x1080-287x430.jpg","gallery-width":287,"gallery-height":430,"logo":"https:\/\/d2q6z78khxmx42.cloudfront.net\/2019\/01\/sitewebvictoria-sur-le-parc_pavillon-des-ventes_1-6_belangermartin_adrien-williams_6_720x1080-67x100.jpg","logo-width":67,"logo-height":100,"masonry":"https:\/\/d2q6z78khxmx42.cloudfront.net\/2019\/01\/sitewebvictoria-sur-le-parc_pavillon-des-ventes_1-6_belangermartin_adrien-williams_6_720x1080-550x825.jpg","masonry-width":550,"masonry-height":825,"modal":"https:\/\/d2q6z78khxmx42.cloudfront.net\/2019\/01\/sitewebvictoria-sur-le-parc_pavillon-des-ventes_1-6_belangermartin_adrien-williams_6_720x1080.jpg","modal-width":720,"modal-height":1080,"number":"https:\/\/d2q6z78khxmx42.cloudfront.net\/2019\/01\/ESTfqOG4-sitewebvictoria-sur-le-parc_pavillon-des-ventes_1-6_belangermartin_adrien-williams_6_720x1080-287x430.jpg","number-width":287,"number-height":430,"partner":"https:\/\/d2q6z78khxmx42.cloudfront.net\/2019\/01\/sitewebvictoria-sur-le-parc_pavillon-des-ventes_1-6_belangermartin_adrien-williams_6_720x1080-140x210.jpg","partner-width":140,"partner-height":210,"ranking":"https:\/\/d2q6z78khxmx42.cloudfront.net\/2019\/01\/ESTfqOG4-sitewebvictoria-sur-le-parc_pavillon-des-ventes_1-6_belangermartin_adrien-williams_6_720x1080-720x540.jpg","ranking-width":720,"ranking-height":540,"schedule":"https:\/\/d2q6z78khxmx42.cloudfront.net\/2019\/01\/sitewebvictoria-sur-le-parc_pavillon-des-ventes_1-6_belangermartin_adrien-williams_6_720x1080-720x360.jpg","schedule-width":720,"schedule-height":360,"slideshow":"https:\/\/d2q6z78khxmx42.cloudfront.net\/2019\/01\/sitewebvictoria-sur-le-parc_pavillon-des-ventes_1-6_belangermartin_adrien-williams_6_720x1080-453x680.jpg","slideshow-width":453,"slideshow-height":680}},"attachment_category":[],"credit":""},{"image":{"ID":5323,"id":5323,"title":"sitewebvictoria-sur-le-parc_pavillon-des-ventes_1-6_belangermartin_adrien-williams_8_1620x1080.jpg","filename":"sitewebvictoria-sur-le-parc_pavillon-des-ventes_1-6_belangermartin_adrien-williams_8_1620x1080.jpg","filesize":0,"url":"https:\/\/d2q6z78khxmx42.cloudfront.net\/2019\/01\/sitewebvictoria-sur-le-parc_pavillon-des-ventes_1-6_belangermartin_adrien-williams_8_1620x1080.jpg","link":"https:\/\/int.design\/fr\/sitewebvictoria-sur-le-parc_pavillon-des-ventes_1-6_belangermartin_adrien-williams_8_1620x1080-jpg\/","alt":"","author":"8","description":"","caption":"","name":"sitewebvictoria-sur-le-parc_pavillon-des-ventes_1-6_belangermartin_adrien-williams_8_1620x1080-jpg","status":"inherit","uploaded_to":0,"date":"2020-04-06 04:47:28","modified":"2020-10-12 15:43:16","menu_order":0,"mime_type":"image\/jpeg","type":"image","subtype":"jpeg","icon":"https:\/\/int.design\/wp-includes\/images\/media\/default.png","width":1620,"height":1080,"sizes":{"thumbnail":"https:\/\/d2q6z78khxmx42.cloudfront.net\/2019\/01\/sitewebvictoria-sur-le-parc_pavillon-des-ventes_1-6_belangermartin_adrien-williams_8_1620x1080-150x150.jpg","thumbnail-width":150,"thumbnail-height":150,"medium":"https:\/\/d2q6z78khxmx42.cloudfront.net\/2019\/01\/sitewebvictoria-sur-le-parc_pavillon-des-ventes_1-6_belangermartin_adrien-williams_8_1620x1080-300x200.jpg","medium-width":300,"medium-height":200,"medium_large":"https:\/\/d2q6z78khxmx42.cloudfront.net\/2019\/01\/sitewebvictoria-sur-le-parc_pavillon-des-ventes_1-6_belangermartin_adrien-williams_8_1620x1080-768x512.jpg","medium_large-width":768,"medium_large-height":512,"large":"https:\/\/d2q6z78khxmx42.cloudfront.net\/2019\/01\/sitewebvictoria-sur-le-parc_pavillon-des-ventes_1-6_belangermartin_adrien-williams_8_1620x1080-1024x683.jpg","large-width":1024,"large-height":683,"1536x1536":"https:\/\/d2q6z78khxmx42.cloudfront.net\/2019\/01\/sitewebvictoria-sur-le-parc_pavillon-des-ventes_1-6_belangermartin_adrien-williams_8_1620x1080-1536x1024.jpg","1536x1536-width":1536,"1536x1536-height":1024,"2048x2048":"https:\/\/d2q6z78khxmx42.cloudfront.net\/2019\/01\/sitewebvictoria-sur-le-parc_pavillon-des-ventes_1-6_belangermartin_adrien-williams_8_1620x1080.jpg","2048x2048-width":1620,"2048x2048-height":1080,"article":"https:\/\/d2q6z78khxmx42.cloudfront.net\/2019\/01\/sitewebvictoria-sur-le-parc_pavillon-des-ventes_1-6_belangermartin_adrien-williams_8_1620x1080-960x540.jpg","article-width":960,"article-height":540,"banner":"https:\/\/d2q6z78khxmx42.cloudfront.net\/2019\/01\/sitewebvictoria-sur-le-parc_pavillon-des-ventes_1-6_belangermartin_adrien-williams_8_1620x1080.jpg","banner-width":1620,"banner-height":1080,"block":"https:\/\/d2q6z78khxmx42.cloudfront.net\/2019\/01\/sitewebvictoria-sur-le-parc_pavillon-des-ventes_1-6_belangermartin_adrien-williams_8_1620x1080-900x680.jpg","block-width":900,"block-height":680,"card":"https:\/\/d2q6z78khxmx42.cloudfront.net\/2019\/01\/sitewebvictoria-sur-le-parc_pavillon-des-ventes_1-6_belangermartin_adrien-williams_8_1620x1080-560x495.jpg","card-width":560,"card-height":495,"card-thumbnail":"https:\/\/d2q6z78khxmx42.cloudfront.net\/2019\/01\/sitewebvictoria-sur-le-parc_pavillon-des-ventes_1-6_belangermartin_adrien-williams_8_1620x1080-450x340.jpg","card-thumbnail-width":450,"card-thumbnail-height":340,"conference":"https:\/\/d2q6z78khxmx42.cloudfront.net\/2019\/01\/sitewebvictoria-sur-le-parc_pavillon-des-ventes_1-6_belangermartin_adrien-williams_8_1620x1080-560x250.jpg","conference-width":560,"conference-height":250,"contest":"https:\/\/d2q6z78khxmx42.cloudfront.net\/2019\/01\/sitewebvictoria-sur-le-parc_pavillon-des-ventes_1-6_belangermartin_adrien-williams_8_1620x1080-960x400.jpg","contest-width":960,"contest-height":400,"cta":"https:\/\/d2q6z78khxmx42.cloudfront.net\/2019\/01\/sitewebvictoria-sur-le-parc_pavillon-des-ventes_1-6_belangermartin_adrien-williams_8_1620x1080-415x170.jpg","cta-width":415,"cta-height":170,"exhibitor":"https:\/\/d2q6z78khxmx42.cloudfront.net\/2019\/01\/sitewebvictoria-sur-le-parc_pavillon-des-ventes_1-6_belangermartin_adrien-williams_8_1620x1080-560x560.jpg","exhibitor-width":560,"exhibitor-height":560,"gallery":"https:\/\/d2q6z78khxmx42.cloudfront.net\/2019\/01\/sitewebvictoria-sur-le-parc_pavillon-des-ventes_1-6_belangermartin_adrien-williams_8_1620x1080-560x373.jpg","gallery-width":560,"gallery-height":373,"logo":"https:\/\/d2q6z78khxmx42.cloudfront.net\/2019\/01\/sitewebvictoria-sur-le-parc_pavillon-des-ventes_1-6_belangermartin_adrien-williams_8_1620x1080-150x100.jpg","logo-width":150,"logo-height":100,"masonry":"https:\/\/d2q6z78khxmx42.cloudfront.net\/2019\/01\/sitewebvictoria-sur-le-parc_pavillon-des-ventes_1-6_belangermartin_adrien-williams_8_1620x1080-550x367.jpg","masonry-width":550,"masonry-height":367,"modal":"https:\/\/d2q6z78khxmx42.cloudfront.net\/2019\/01\/sitewebvictoria-sur-le-parc_pavillon-des-ventes_1-6_belangermartin_adrien-williams_8_1620x1080.jpg","modal-width":1620,"modal-height":1080,"number":"https:\/\/d2q6z78khxmx42.cloudfront.net\/2019\/01\/BzfHfqcI-sitewebvictoria-sur-le-parc_pavillon-des-ventes_1-6_belangermartin_adrien-williams_8_1620x1080-560x373.jpg","number-width":560,"number-height":373,"partner":"https:\/\/d2q6z78khxmx42.cloudfront.net\/2019\/01\/sitewebvictoria-sur-le-parc_pavillon-des-ventes_1-6_belangermartin_adrien-williams_8_1620x1080-275x183.jpg","partner-width":275,"partner-height":183,"ranking":"https:\/\/d2q6z78khxmx42.cloudfront.net\/2019\/01\/BzfHfqcI-sitewebvictoria-sur-le-parc_pavillon-des-ventes_1-6_belangermartin_adrien-williams_8_1620x1080-960x540.jpg","ranking-width":960,"ranking-height":540,"schedule":"https:\/\/d2q6z78khxmx42.cloudfront.net\/2019\/01\/sitewebvictoria-sur-le-parc_pavillon-des-ventes_1-6_belangermartin_adrien-williams_8_1620x1080-960x360.jpg","schedule-width":960,"schedule-height":360,"slideshow":"https:\/\/d2q6z78khxmx42.cloudfront.net\/2019\/01\/sitewebvictoria-sur-le-parc_pavillon-des-ventes_1-6_belangermartin_adrien-williams_8_1620x1080-1020x680.jpg","slideshow-width":1020,"slideshow-height":680}},"attachment_category":[],"credit":""},{"image":{"ID":5324,"id":5324,"title":"sitewebvictoria-sur-le-parc_pavillon-des-ventes_1-6_belangermartin_adrien-williams_4_1620x1080.jpg","filename":"sitewebvictoria-sur-le-parc_pavillon-des-ventes_1-6_belangermartin_adrien-williams_4_1620x1080.jpg","filesize":0,"url":"https:\/\/d2q6z78khxmx42.cloudfront.net\/2019\/01\/sitewebvictoria-sur-le-parc_pavillon-des-ventes_1-6_belangermartin_adrien-williams_4_1620x1080.jpg","link":"https:\/\/int.design\/fr\/sitewebvictoria-sur-le-parc_pavillon-des-ventes_1-6_belangermartin_adrien-williams_4_1620x1080-jpg\/","alt":"","author":"0","description":"","caption":"","name":"sitewebvictoria-sur-le-parc_pavillon-des-ventes_1-6_belangermartin_adrien-williams_4_1620x1080-jpg","status":"inherit","uploaded_to":0,"date":"2020-04-06 04:47:29","modified":"2020-04-06 04:47:29","menu_order":0,"mime_type":"image\/jpeg","type":"image","subtype":"jpeg","icon":"https:\/\/int.design\/wp-includes\/images\/media\/default.png","width":1620,"height":1080,"sizes":{"thumbnail":"https:\/\/d2q6z78khxmx42.cloudfront.net\/2019\/01\/sitewebvictoria-sur-le-parc_pavillon-des-ventes_1-6_belangermartin_adrien-williams_4_1620x1080-150x150.jpg","thumbnail-width":150,"thumbnail-height":150,"medium":"https:\/\/d2q6z78khxmx42.cloudfront.net\/2019\/01\/sitewebvictoria-sur-le-parc_pavillon-des-ventes_1-6_belangermartin_adrien-williams_4_1620x1080-300x200.jpg","medium-width":300,"medium-height":200,"medium_large":"https:\/\/d2q6z78khxmx42.cloudfront.net\/2019\/01\/sitewebvictoria-sur-le-parc_pavillon-des-ventes_1-6_belangermartin_adrien-williams_4_1620x1080-768x512.jpg","medium_large-width":768,"medium_large-height":512,"large":"https:\/\/d2q6z78khxmx42.cloudfront.net\/2019\/01\/sitewebvictoria-sur-le-parc_pavillon-des-ventes_1-6_belangermartin_adrien-williams_4_1620x1080-1024x683.jpg","large-width":1024,"large-height":683,"1536x1536":"https:\/\/d2q6z78khxmx42.cloudfront.net\/2019\/01\/sitewebvictoria-sur-le-parc_pavillon-des-ventes_1-6_belangermartin_adrien-williams_4_1620x1080-1536x1024.jpg","1536x1536-width":1536,"1536x1536-height":1024,"2048x2048":"https:\/\/d2q6z78khxmx42.cloudfront.net\/2019\/01\/sitewebvictoria-sur-le-parc_pavillon-des-ventes_1-6_belangermartin_adrien-williams_4_1620x1080.jpg","2048x2048-width":1620,"2048x2048-height":1080,"article":"https:\/\/d2q6z78khxmx42.cloudfront.net\/2019\/01\/sitewebvictoria-sur-le-parc_pavillon-des-ventes_1-6_belangermartin_adrien-williams_4_1620x1080-960x540.jpg","article-width":960,"article-height":540,"banner":"https:\/\/d2q6z78khxmx42.cloudfront.net\/2019\/01\/sitewebvictoria-sur-le-parc_pavillon-des-ventes_1-6_belangermartin_adrien-williams_4_1620x1080.jpg","banner-width":1620,"banner-height":1080,"block":"https:\/\/d2q6z78khxmx42.cloudfront.net\/2019\/01\/sitewebvictoria-sur-le-parc_pavillon-des-ventes_1-6_belangermartin_adrien-williams_4_1620x1080-900x680.jpg","block-width":900,"block-height":680,"card":"https:\/\/d2q6z78khxmx42.cloudfront.net\/2019\/01\/sitewebvictoria-sur-le-parc_pavillon-des-ventes_1-6_belangermartin_adrien-williams_4_1620x1080-560x495.jpg","card-width":560,"card-height":495,"card-thumbnail":"https:\/\/d2q6z78khxmx42.cloudfront.net\/2019\/01\/sitewebvictoria-sur-le-parc_pavillon-des-ventes_1-6_belangermartin_adrien-williams_4_1620x1080-450x340.jpg","card-thumbnail-width":450,"card-thumbnail-height":340,"conference":"https:\/\/d2q6z78khxmx42.cloudfront.net\/2019\/01\/sitewebvictoria-sur-le-parc_pavillon-des-ventes_1-6_belangermartin_adrien-williams_4_1620x1080-560x250.jpg","conference-width":560,"conference-height":250,"contest":"https:\/\/d2q6z78khxmx42.cloudfront.net\/2019\/01\/sitewebvictoria-sur-le-parc_pavillon-des-ventes_1-6_belangermartin_adrien-williams_4_1620x1080-960x400.jpg","contest-width":960,"contest-height":400,"cta":"https:\/\/d2q6z78khxmx42.cloudfront.net\/2019\/01\/sitewebvictoria-sur-le-parc_pavillon-des-ventes_1-6_belangermartin_adrien-williams_4_1620x1080-415x170.jpg","cta-width":415,"cta-height":170,"exhibitor":"https:\/\/d2q6z78khxmx42.cloudfront.net\/2019\/01\/sitewebvictoria-sur-le-parc_pavillon-des-ventes_1-6_belangermartin_adrien-williams_4_1620x1080-560x560.jpg","exhibitor-width":560,"exhibitor-height":560,"gallery":"https:\/\/d2q6z78khxmx42.cloudfront.net\/2019\/01\/sitewebvictoria-sur-le-parc_pavillon-des-ventes_1-6_belangermartin_adrien-williams_4_1620x1080-560x373.jpg","gallery-width":560,"gallery-height":373,"logo":"https:\/\/d2q6z78khxmx42.cloudfront.net\/2019\/01\/sitewebvictoria-sur-le-parc_pavillon-des-ventes_1-6_belangermartin_adrien-williams_4_1620x1080-150x100.jpg","logo-width":150,"logo-height":100,"masonry":"https:\/\/d2q6z78khxmx42.cloudfront.net\/2019\/01\/sitewebvictoria-sur-le-parc_pavillon-des-ventes_1-6_belangermartin_adrien-williams_4_1620x1080-550x367.jpg","masonry-width":550,"masonry-height":367,"modal":"https:\/\/d2q6z78khxmx42.cloudfront.net\/2019\/01\/sitewebvictoria-sur-le-parc_pavillon-des-ventes_1-6_belangermartin_adrien-williams_4_1620x1080.jpg","modal-width":1620,"modal-height":1080,"number":"https:\/\/d2q6z78khxmx42.cloudfront.net\/2019\/01\/XJJPjZ1x-sitewebvictoria-sur-le-parc_pavillon-des-ventes_1-6_belangermartin_adrien-williams_4_1620x1080-560x373.jpg","number-width":560,"number-height":373,"partner":"https:\/\/d2q6z78khxmx42.cloudfront.net\/2019\/01\/sitewebvictoria-sur-le-parc_pavillon-des-ventes_1-6_belangermartin_adrien-williams_4_1620x1080-275x183.jpg","partner-width":275,"partner-height":183,"ranking":"https:\/\/d2q6z78khxmx42.cloudfront.net\/2019\/01\/XJJPjZ1x-sitewebvictoria-sur-le-parc_pavillon-des-ventes_1-6_belangermartin_adrien-williams_4_1620x1080-960x540.jpg","ranking-width":960,"ranking-height":540,"schedule":"https:\/\/d2q6z78khxmx42.cloudfront.net\/2019\/01\/sitewebvictoria-sur-le-parc_pavillon-des-ventes_1-6_belangermartin_adrien-williams_4_1620x1080-960x360.jpg","schedule-width":960,"schedule-height":360,"slideshow":"https:\/\/d2q6z78khxmx42.cloudfront.net\/2019\/01\/sitewebvictoria-sur-le-parc_pavillon-des-ventes_1-6_belangermartin_adrien-williams_4_1620x1080-1020x680.jpg","slideshow-width":1020,"slideshow-height":680}},"attachment_category":[],"credit":""},{"image":{"ID":15663,"id":15663,"title":"VEVF0J~2","filename":"VEVF0J2.jpg","filesize":0,"url":"https:\/\/d2q6z78khxmx42.cloudfront.net\/2019\/01\/VEVF0J2.jpg","link":"https:\/\/int.design\/fr\/projets\/victoria-sur-le-parc\/vevf0j2\/","alt":"","author":"6","description":"","caption":"","name":"vevf0j2","status":"inherit","uploaded_to":5320,"date":"2020-09-02 19:44:01","modified":"2020-10-12 15:27:14","menu_order":0,"mime_type":"image\/jpeg","type":"image","subtype":"jpeg","icon":"https:\/\/int.design\/wp-includes\/images\/media\/default.png","width":864,"height":576,"sizes":{"thumbnail":"https:\/\/d2q6z78khxmx42.cloudfront.net\/2019\/01\/VEVF0J2-150x150.jpg","thumbnail-width":150,"thumbnail-height":150,"medium":"https:\/\/d2q6z78khxmx42.cloudfront.net\/2019\/01\/VEVF0J2-300x200.jpg","medium-width":300,"medium-height":200,"medium_large":"https:\/\/d2q6z78khxmx42.cloudfront.net\/2019\/01\/VEVF0J2-768x512.jpg","medium_large-width":768,"medium_large-height":512,"large":"https:\/\/d2q6z78khxmx42.cloudfront.net\/2019\/01\/VEVF0J2.jpg","large-width":864,"large-height":576,"1536x1536":"https:\/\/d2q6z78khxmx42.cloudfront.net\/2019\/01\/VEVF0J2.jpg","1536x1536-width":864,"1536x1536-height":576,"2048x2048":"https:\/\/d2q6z78khxmx42.cloudfront.net\/2019\/01\/VEVF0J2.jpg","2048x2048-width":864,"2048x2048-height":576,"article":"https:\/\/d2q6z78khxmx42.cloudfront.net\/2019\/01\/VEVF0J2-864x540.jpg","article-width":864,"article-height":540,"banner":"https:\/\/d2q6z78khxmx42.cloudfront.net\/2019\/01\/VEVF0J2.jpg","banner-width":864,"banner-height":576,"block":"https:\/\/d2q6z78khxmx42.cloudfront.net\/2019\/01\/VEVF0J2.jpg","block-width":864,"block-height":576,"card":"https:\/\/d2q6z78khxmx42.cloudfront.net\/2019\/01\/VEVF0J2-560x495.jpg","card-width":560,"card-height":495,"card-thumbnail":"https:\/\/d2q6z78khxmx42.cloudfront.net\/2019\/01\/VEVF0J2-450x340.jpg","card-thumbnail-width":450,"card-thumbnail-height":340,"conference":"https:\/\/d2q6z78khxmx42.cloudfront.net\/2019\/01\/VEVF0J2-560x250.jpg","conference-width":560,"conference-height":250,"contest":"https:\/\/d2q6z78khxmx42.cloudfront.net\/2019\/01\/VEVF0J2-864x400.jpg","contest-width":864,"contest-height":400,"cta":"https:\/\/d2q6z78khxmx42.cloudfront.net\/2019\/01\/VEVF0J2-415x170.jpg","cta-width":415,"cta-height":170,"exhibitor":"https:\/\/d2q6z78khxmx42.cloudfront.net\/2019\/01\/VEVF0J2-560x560.jpg","exhibitor-width":560,"exhibitor-height":560,"gallery":"https:\/\/d2q6z78khxmx42.cloudfront.net\/2019\/01\/VEVF0J2-560x373.jpg","gallery-width":560,"gallery-height":373,"logo":"https:\/\/d2q6z78khxmx42.cloudfront.net\/2019\/01\/VEVF0J2-150x100.jpg","logo-width":150,"logo-height":100,"masonry":"https:\/\/d2q6z78khxmx42.cloudfront.net\/2019\/01\/VEVF0J2-550x367.jpg","masonry-width":550,"masonry-height":367,"modal":"https:\/\/d2q6z78khxmx42.cloudfront.net\/2019\/01\/VEVF0J2.jpg","modal-width":864,"modal-height":576,"number":"https:\/\/d2q6z78khxmx42.cloudfront.net\/2019\/01\/ldR3W5B8-VEVF0J2-560x373.jpg","number-width":560,"number-height":373,"partner":"https:\/\/d2q6z78khxmx42.cloudfront.net\/2019\/01\/VEVF0J2-275x183.jpg","partner-width":275,"partner-height":183,"ranking":"https:\/\/d2q6z78khxmx42.cloudfront.net\/2019\/01\/ldR3W5B8-VEVF0J2-864x540.jpg","ranking-width":864,"ranking-height":540,"schedule":"https:\/\/d2q6z78khxmx42.cloudfront.net\/2019\/01\/VEVF0J2-864x360.jpg","schedule-width":864,"schedule-height":360,"slideshow":"https:\/\/d2q6z78khxmx42.cloudfront.net\/2019\/01\/VEVF0J2.jpg","slideshow-width":864,"slideshow-height":576}},"attachment_category":{"1009":"R\u00e9sidence-immeuble"},"credit":""},{"image":{"ID":15661,"id":15661,"title":"VEVF0J~3","filename":"VEVF0J3.jpg","filesize":0,"url":"https:\/\/d2q6z78khxmx42.cloudfront.net\/2019\/01\/VEVF0J3.jpg","link":"https:\/\/int.design\/fr\/projets\/victoria-sur-le-parc\/vevf0j3\/","alt":"","author":"6","description":"","caption":"","name":"vevf0j3","status":"inherit","uploaded_to":5320,"date":"2020-09-02 19:43:39","modified":"2020-10-12 15:27:46","menu_order":0,"mime_type":"image\/jpeg","type":"image","subtype":"jpeg","icon":"https:\/\/int.design\/wp-includes\/images\/media\/default.png","width":576,"height":864,"sizes":{"thumbnail":"https:\/\/d2q6z78khxmx42.cloudfront.net\/2019\/01\/VEVF0J3-150x150.jpg","thumbnail-width":150,"thumbnail-height":150,"medium":"https:\/\/d2q6z78khxmx42.cloudfront.net\/2019\/01\/VEVF0J3-200x300.jpg","medium-width":200,"medium-height":300,"medium_large":"https:\/\/d2q6z78khxmx42.cloudfront.net\/2019\/01\/VEVF0J3.jpg","medium_large-width":576,"medium_large-height":864,"large":"https:\/\/d2q6z78khxmx42.cloudfront.net\/2019\/01\/VEVF0J3.jpg","large-width":576,"large-height":864,"1536x1536":"https:\/\/d2q6z78khxmx42.cloudfront.net\/2019\/01\/VEVF0J3.jpg","1536x1536-width":576,"1536x1536-height":864,"2048x2048":"https:\/\/d2q6z78khxmx42.cloudfront.net\/2019\/01\/VEVF0J3.jpg","2048x2048-width":576,"2048x2048-height":864,"article":"https:\/\/d2q6z78khxmx42.cloudfront.net\/2019\/01\/VEVF0J3-576x540.jpg","article-width":576,"article-height":540,"banner":"https:\/\/d2q6z78khxmx42.cloudfront.net\/2019\/01\/VEVF0J3.jpg","banner-width":576,"banner-height":864,"block":"https:\/\/d2q6z78khxmx42.cloudfront.net\/2019\/01\/VEVF0J3-576x680.jpg","block-width":576,"block-height":680,"card":"https:\/\/d2q6z78khxmx42.cloudfront.net\/2019\/01\/VEVF0J3-560x495.jpg","card-width":560,"card-height":495,"card-thumbnail":"https:\/\/d2q6z78khxmx42.cloudfront.net\/2019\/01\/VEVF0J3-450x340.jpg","card-thumbnail-width":450,"card-thumbnail-height":340,"conference":"https:\/\/d2q6z78khxmx42.cloudfront.net\/2019\/01\/VEVF0J3-560x250.jpg","conference-width":560,"conference-height":250,"contest":"https:\/\/d2q6z78khxmx42.cloudfront.net\/2019\/01\/VEVF0J3-576x400.jpg","contest-width":576,"contest-height":400,"cta":"https:\/\/d2q6z78khxmx42.cloudfront.net\/2019\/01\/VEVF0J3-415x170.jpg","cta-width":415,"cta-height":170,"exhibitor":"https:\/\/d2q6z78khxmx42.cloudfront.net\/2019\/01\/VEVF0J3-560x560.jpg","exhibitor-width":560,"exhibitor-height":560,"gallery":"https:\/\/d2q6z78khxmx42.cloudfront.net\/2019\/01\/VEVF0J3-287x430.jpg","gallery-width":287,"gallery-height":430,"logo":"https:\/\/d2q6z78khxmx42.cloudfront.net\/2019\/01\/VEVF0J3-67x100.jpg","logo-width":67,"logo-height":100,"masonry":"https:\/\/d2q6z78khxmx42.cloudfront.net\/2019\/01\/VEVF0J3-550x825.jpg","masonry-width":550,"masonry-height":825,"modal":"https:\/\/d2q6z78khxmx42.cloudfront.net\/2019\/01\/VEVF0J3.jpg","modal-width":576,"modal-height":864,"number":"https:\/\/d2q6z78khxmx42.cloudfront.net\/2019\/01\/sZUEqXdZ-VEVF0J3-287x430.jpg","number-width":287,"number-height":430,"partner":"https:\/\/d2q6z78khxmx42.cloudfront.net\/2019\/01\/VEVF0J3-140x210.jpg","partner-width":140,"partner-height":210,"ranking":"https:\/\/d2q6z78khxmx42.cloudfront.net\/2019\/01\/sZUEqXdZ-VEVF0J3-576x540.jpg","ranking-width":576,"ranking-height":540,"schedule":"https:\/\/d2q6z78khxmx42.cloudfront.net\/2019\/01\/VEVF0J3-576x360.jpg","schedule-width":576,"schedule-height":360,"slideshow":"https:\/\/d2q6z78khxmx42.cloudfront.net\/2019\/01\/VEVF0J3-453x680.jpg","slideshow-width":453,"slideshow-height":680}},"attachment_category":[],"credit":""},{"image":{"ID":15656,"id":15656,"title":"VEVF0J~0","filename":"VEVF0J0.jpg","filesize":0,"url":"https:\/\/d2q6z78khxmx42.cloudfront.net\/2019\/01\/VEVF0J0.jpg","link":"https:\/\/int.design\/fr\/projets\/victoria-sur-le-parc\/vevf0j0\/","alt":"","author":"6","description":"","caption":"","name":"vevf0j0","status":"inherit","uploaded_to":5320,"date":"2020-09-02 19:43:33","modified":"2020-09-05 22:03:15","menu_order":0,"mime_type":"image\/jpeg","type":"image","subtype":"jpeg","icon":"https:\/\/int.design\/wp-includes\/images\/media\/default.png","width":864,"height":576,"sizes":{"thumbnail":"https:\/\/d2q6z78khxmx42.cloudfront.net\/2019\/01\/VEVF0J0-150x150.jpg","thumbnail-width":150,"thumbnail-height":150,"medium":"https:\/\/d2q6z78khxmx42.cloudfront.net\/2019\/01\/VEVF0J0-300x200.jpg","medium-width":300,"medium-height":200,"medium_large":"https:\/\/d2q6z78khxmx42.cloudfront.net\/2019\/01\/VEVF0J0-768x512.jpg","medium_large-width":768,"medium_large-height":512,"large":"https:\/\/d2q6z78khxmx42.cloudfront.net\/2019\/01\/VEVF0J0.jpg","large-width":864,"large-height":576,"1536x1536":"https:\/\/d2q6z78khxmx42.cloudfront.net\/2019\/01\/VEVF0J0.jpg","1536x1536-width":864,"1536x1536-height":576,"2048x2048":"https:\/\/d2q6z78khxmx42.cloudfront.net\/2019\/01\/VEVF0J0.jpg","2048x2048-width":864,"2048x2048-height":576,"article":"https:\/\/d2q6z78khxmx42.cloudfront.net\/2019\/01\/VEVF0J0-864x540.jpg","article-width":864,"article-height":540,"banner":"https:\/\/d2q6z78khxmx42.cloudfront.net\/2019\/01\/VEVF0J0.jpg","banner-width":864,"banner-height":576,"block":"https:\/\/d2q6z78khxmx42.cloudfront.net\/2019\/01\/VEVF0J0.jpg","block-width":864,"block-height":576,"card":"https:\/\/d2q6z78khxmx42.cloudfront.net\/2019\/01\/VEVF0J0-560x495.jpg","card-width":560,"card-height":495,"card-thumbnail":"https:\/\/d2q6z78khxmx42.cloudfront.net\/2019\/01\/VEVF0J0-450x340.jpg","card-thumbnail-width":450,"card-thumbnail-height":340,"conference":"https:\/\/d2q6z78khxmx42.cloudfront.net\/2019\/01\/VEVF0J0-560x250.jpg","conference-width":560,"conference-height":250,"contest":"https:\/\/d2q6z78khxmx42.cloudfront.net\/2019\/01\/VEVF0J0-864x400.jpg","contest-width":864,"contest-height":400,"cta":"https:\/\/d2q6z78khxmx42.cloudfront.net\/2019\/01\/VEVF0J0-415x170.jpg","cta-width":415,"cta-height":170,"exhibitor":"https:\/\/d2q6z78khxmx42.cloudfront.net\/2019\/01\/VEVF0J0-560x560.jpg","exhibitor-width":560,"exhibitor-height":560,"gallery":"https:\/\/d2q6z78khxmx42.cloudfront.net\/2019\/01\/VEVF0J0-560x373.jpg","gallery-width":560,"gallery-height":373,"logo":"https:\/\/d2q6z78khxmx42.cloudfront.net\/2019\/01\/VEVF0J0-150x100.jpg","logo-width":150,"logo-height":100,"masonry":"https:\/\/d2q6z78khxmx42.cloudfront.net\/2019\/01\/VEVF0J0-550x367.jpg","masonry-width":550,"masonry-height":367,"modal":"https:\/\/d2q6z78khxmx42.cloudfront.net\/2019\/01\/VEVF0J0.jpg","modal-width":864,"modal-height":576,"number":"https:\/\/d2q6z78khxmx42.cloudfront.net\/2019\/01\/CGRhUE8N-VEVF0J0-560x373.jpg","number-width":560,"number-height":373,"partner":"https:\/\/d2q6z78khxmx42.cloudfront.net\/2019\/01\/VEVF0J0-275x183.jpg","partner-width":275,"partner-height":183,"ranking":"https:\/\/d2q6z78khxmx42.cloudfront.net\/2019\/01\/CGRhUE8N-VEVF0J0-864x540.jpg","ranking-width":864,"ranking-height":540,"schedule":"https:\/\/d2q6z78khxmx42.cloudfront.net\/2019\/01\/VEVF0J0-864x360.jpg","schedule-width":864,"schedule-height":360,"slideshow":"https:\/\/d2q6z78khxmx42.cloudfront.net\/2019\/01\/VEVF0J0.jpg","slideshow-width":864,"slideshow-height":576}},"attachment_category":{"999":"B\u00e2timent commercial"},"credit":""},{"image":{"ID":15655,"id":15655,"title":"VEVF0I~Y","filename":"VEVF0IY.jpg","filesize":0,"url":"https:\/\/d2q6z78khxmx42.cloudfront.net\/2019\/01\/VEVF0IY.jpg","link":"https:\/\/int.design\/fr\/projets\/victoria-sur-le-parc\/vevf0iy\/","alt":"","author":"6","description":"","caption":"","name":"vevf0iy","status":"inherit","uploaded_to":5320,"date":"2020-09-02 19:43:31","modified":"2020-09-05 22:03:53","menu_order":0,"mime_type":"image\/jpeg","type":"image","subtype":"jpeg","icon":"https:\/\/int.design\/wp-includes\/images\/media\/default.png","width":864,"height":576,"sizes":{"thumbnail":"https:\/\/d2q6z78khxmx42.cloudfront.net\/2019\/01\/VEVF0IY-150x150.jpg","thumbnail-width":150,"thumbnail-height":150,"medium":"https:\/\/d2q6z78khxmx42.cloudfront.net\/2019\/01\/VEVF0IY-300x200.jpg","medium-width":300,"medium-height":200,"medium_large":"https:\/\/d2q6z78khxmx42.cloudfront.net\/2019\/01\/VEVF0IY-768x512.jpg","medium_large-width":768,"medium_large-height":512,"large":"https:\/\/d2q6z78khxmx42.cloudfront.net\/2019\/01\/VEVF0IY.jpg","large-width":864,"large-height":576,"1536x1536":"https:\/\/d2q6z78khxmx42.cloudfront.net\/2019\/01\/VEVF0IY.jpg","1536x1536-width":864,"1536x1536-height":576,"2048x2048":"https:\/\/d2q6z78khxmx42.cloudfront.net\/2019\/01\/VEVF0IY.jpg","2048x2048-width":864,"2048x2048-height":576,"article":"https:\/\/d2q6z78khxmx42.cloudfront.net\/2019\/01\/VEVF0IY-864x540.jpg","article-width":864,"article-height":540,"banner":"https:\/\/d2q6z78khxmx42.cloudfront.net\/2019\/01\/VEVF0IY.jpg","banner-width":864,"banner-height":576,"block":"https:\/\/d2q6z78khxmx42.cloudfront.net\/2019\/01\/VEVF0IY.jpg","block-width":864,"block-height":576,"card":"https:\/\/d2q6z78khxmx42.cloudfront.net\/2019\/01\/VEVF0IY-560x495.jpg","card-width":560,"card-height":495,"card-thumbnail":"https:\/\/d2q6z78khxmx42.cloudfront.net\/2019\/01\/VEVF0IY-450x340.jpg","card-thumbnail-width":450,"card-thumbnail-height":340,"conference":"https:\/\/d2q6z78khxmx42.cloudfront.net\/2019\/01\/VEVF0IY-560x250.jpg","conference-width":560,"conference-height":250,"contest":"https:\/\/d2q6z78khxmx42.cloudfront.net\/2019\/01\/VEVF0IY-864x400.jpg","contest-width":864,"contest-height":400,"cta":"https:\/\/d2q6z78khxmx42.cloudfront.net\/2019\/01\/VEVF0IY-415x170.jpg","cta-width":415,"cta-height":170,"exhibitor":"https:\/\/d2q6z78khxmx42.cloudfront.net\/2019\/01\/VEVF0IY-560x560.jpg","exhibitor-width":560,"exhibitor-height":560,"gallery":"https:\/\/d2q6z78khxmx42.cloudfront.net\/2019\/01\/VEVF0IY-560x373.jpg","gallery-width":560,"gallery-height":373,"logo":"https:\/\/d2q6z78khxmx42.cloudfront.net\/2019\/01\/VEVF0IY-150x100.jpg","logo-width":150,"logo-height":100,"masonry":"https:\/\/d2q6z78khxmx42.cloudfront.net\/2019\/01\/VEVF0IY-550x367.jpg","masonry-width":550,"masonry-height":367,"modal":"https:\/\/d2q6z78khxmx42.cloudfront.net\/2019\/01\/VEVF0IY.jpg","modal-width":864,"modal-height":576,"number":"https:\/\/d2q6z78khxmx42.cloudfront.net\/2019\/01\/oxLK5gRc-VEVF0IY-560x373.jpg","number-width":560,"number-height":373,"partner":"https:\/\/d2q6z78khxmx42.cloudfront.net\/2019\/01\/VEVF0IY-275x183.jpg","partner-width":275,"partner-height":183,"ranking":"https:\/\/d2q6z78khxmx42.cloudfront.net\/2019\/01\/oxLK5gRc-VEVF0IY-864x540.jpg","ranking-width":864,"ranking-height":540,"schedule":"https:\/\/d2q6z78khxmx42.cloudfront.net\/2019\/01\/VEVF0IY-864x360.jpg","schedule-width":864,"schedule-height":360,"slideshow":"https:\/\/d2q6z78khxmx42.cloudfront.net\/2019\/01\/VEVF0IY.jpg","slideshow-width":864,"slideshow-height":576}},"attachment_category":{"1009":"R\u00e9sidence-immeuble"},"credit":""}],"mandatory_documents":false,"optional_documents":false,"web_text":{"fr":"","en":"","original":""},"jury_text":false,"different_jury_text":false,"different_category_text":false},"laureats":[],"contest_id":"1806","contest_title":"GRANDS PRIX DU DESIGN - 12e \u00e9dition","firms":[],"user":{"email":"old_edition@agencepid.com","first_name":"Old Edition","last_name":"Participant"},"doc_texts_web":{"fr":"<p>Ce bureau de vente a \u00e9t\u00e9 con\u00e7u pour mettre en valeur le projet de tour d\u2019habitation Victoria sur le parc du promoteur Broccolini. Il s\u2019agit d\u2019un pavillon lumineux, entour\u00e9 de murs-rideaux sur trois c\u00f4t\u00e9s, dont l\u2019int\u00e9rieur est am\u00e9nag\u00e9 de mani\u00e8re \u00e0 conf\u00e9rer l\u2019id\u00e9e de grandeur associ\u00e9e au projet. Plafond tr\u00e8s haut, mat\u00e9riaux nobles comme le marbre et le bois avec d\u00e9tails en bronze, geste fort de la cloison incurv\u00e9e \u00e0 laquelle est adoss\u00e9 l\u2019\u00e9cran g\u00e9ant qui pr\u00e9sente les images du projet\u00a0: tout est mis en \u0153uvre pour s\u00e9duire l\u2019acheteur potentiel et mettre en valeur la maquette et les repr\u00e9sentations de la tour. Les jeux de bandeaux int\u00e9gr\u00e9s au plancher orientent le regard vers les points d\u2019attrait importants, tandis que l\u2019\u00e9clairage intelligent et quelques touches fantaisistes \u00e9gaient l\u2019ensemble. Les fonctions pratiques comme l\u2019appartement-t\u00e9moin et la salle d\u2019\u00e9chantillons sont plac\u00e9es en retrait pour ne pas diminuer l\u2019effet obtenu.<\/p>\n<p>Le jury a \u00e9t\u00e9 sensible \u00e0 la qualit\u00e9 de ce pavillon qui constitue un outil de mise en march\u00e9 efficace, offrant aux clients une certaine concr\u00e9tisation de leurs attentes. L\u2019impression de luxe distill\u00e9e par cet am\u00e9nagement se situe en parfaite concordance avec les int\u00e9rieurs et le style de vie que proposera la tour Victoria.<\/p>\n","en":"<p>This sales office was designed to showcase the Victoria sur le Parc residential tower by developer Broccolini. Surrounded by curtain walls on three sides, it is a pavilion bathed in light. Its interior is designed to convey the sense of grandeur associated with the project. An extra-high ceiling; noble materials such as marble and wood with bronze details; a strong gesture by the curved partition which serves as a backdrop for a giant screen that presents images of the development: no effort is spared to seduce potential buyers and to draw their attention toward the mock-up and representaions of the tower. Ceiling banners direct the gaze toward important focal points, while the smart use of lighting and a touch of whimsy liven up the premises. Practical functions such as the model apartment and the sample room are set back so as not to dilute the desired effect.<\/p>\n<p>The jury was impressed by the quality of this pavilion, which, because it offers clients a concrete step toward the realization of their expectations and aspirations, is an effective marketing tool. The impression of luxury it leaves on potential buyers is perfectly aligned with the interiors and lifestyle the Victoria Tower has to offer them.<\/p>\n"},"permalinks":{"fr":"https:\/\/int.design\/fr\/projets\/victoria-sur-le-parc\/","en":"https:\/\/int.design\/en\/projects\/victoria-sur-le-parc\/"},"titles":{"fr":"Victoria sur le parc","en":"Victoria sur le parc"},"wp_fields":{"informations":{"fr":[{"content_type":"text","title":"Design","content":"BELANGERMARTIN","link":null},{"content_type":"text","title":"Cat\u00e9gorie","content":"Prix Appartement ou maison t\u00e9moin et bureau de vente","link":null},{"content_type":"text","title":"Site web","content":"belangermartin.com","link":null}],"en":[{"content_type":"text","title":"Design","content":"BELANGERMARTIN","link":null},{"content_type":"text","title":"Category","content":"Prix Appartement ou maison t\u00e9moin et bureau de vente","link":null},{"content_type":"text","title":"Website","content":"belangermartin.com","link":null}]}},"laravel_id":""},"_links":{"self":[{"href":"https:\/\/int.design\/fr\/wp-json\/wp\/v2\/project\/5320","targetHints":{"allow":["GET"]}}],"collection":[{"href":"https:\/\/int.design\/fr\/wp-json\/wp\/v2\/project"}],"about":[{"href":"https:\/\/int.design\/fr\/wp-json\/wp\/v2\/types\/project"}],"wp:attachment":[{"href":"https:\/\/int.design\/fr\/wp-json\/wp\/v2\/media?parent=5320"}],"curies":[{"name":"wp","href":"https:\/\/api.w.org\/{rel}","templated":true}]}}