{"id":4990,"date":"2019-01-09T00:25:05","date_gmt":"2019-01-09T05:25:05","guid":{"rendered":"https:\/\/int.design\/projets\/les-modules-ecologiques-move-home\/"},"modified":"2020-09-25T17:06:08","modified_gmt":"2020-09-25T21:06:08","slug":"les-modules-ecologiques-move-home","status":"publish","type":"project","link":"https:\/\/int.design\/fr\/projets\/les-modules-ecologiques-move-home\/","title":{"rendered":"Les Modules \u00c9cologiques Move Home"},"content":{"rendered":"<p>Avec le trafic de la banlieue vers le centre-ville, on vit un nouvel engouement pour les milieux urbains. Cependant, les espaces sont petits et dispendieux. Nous avons d\u00e9velopp\u00e9 la plateforme mobile \u00abMove Home\u00bb qui permet de moduler \u00e0 sa guise l\u2019espace int\u00e9rieur et d\u2019augmenter l\u2019aire de vie jusqu\u2019\u00e0 40%. Le d\u00e9fi fut la complexit\u00e9 d\u2019int\u00e9grer des syst\u00e8mes d\u2019eau, d\u2019\u00e9lectricit\u00e9 et de renvois sanitaires dans un module mobile. Non seulement la mission est accomplie, mais le design a \u00e9t\u00e9 brevet\u00e9.<\/p>\n<p>Diff\u00e9rentes solutions sont offertes permettant une grande flexibilit\u00e9 sur le plan de l\u2019espace pour des logements \u00e0 aire ouverte de type loft ou munis d\u2019une partie fixe (chambre \u00e0 coucher et salle de bain) et d\u2019une portion mobile. Gr\u00e2ce \u00e0 l\u2019ing\u00e9niosit\u00e9 du syst\u00e8me Move Home, on peut d\u00e9placer la cuisine pour agrandir l\u2019aire de vie ou vice-versa, de cr\u00e9er une deuxi\u00e8me chambre \u00e0 coucher. Le module est constitu\u00e9 d\u2019une cuisine avec \u00eelot et d\u2019un espace bureau escamotable enti\u00e8rement fonctionnel et compact.<\/p>\n","protected":false},"template":"","class_list":["post-4990","project","type-project","status-publish","hentry"],"acf":[],"yoast_head":"<!-- This site is optimized with the Yoast SEO plugin v21.5 - https:\/\/yoast.com\/wordpress\/plugins\/seo\/ -->\n<title>Les Modules \u00c9cologiques Move Home - INT Design<\/title>\n<meta name=\"robots\" content=\"index, follow, max-snippet:-1, max-image-preview:large, max-video-preview:-1\" \/>\n<link rel=\"canonical\" href=\"https:\/\/int.design\/fr\/projets\/les-modules-ecologiques-move-home\/\" \/>\n<meta property=\"og:locale\" content=\"fr_FR\" \/>\n<meta property=\"og:type\" content=\"article\" \/>\n<meta property=\"og:title\" content=\"Les Modules \u00c9cologiques Move Home - INT Design\" \/>\n<meta property=\"og:description\" content=\"Avec le trafic de la banlieue vers le centre-ville, on vit un nouvel engouement pour les milieux urbains. Cependant, les espaces sont petits et dispendieux. Nous avons d\u00e9velopp\u00e9 la plateforme mobile \u00abMove Home\u00bb qui permet de moduler \u00e0 sa guise l\u2019espace int\u00e9rieur et d\u2019augmenter l\u2019aire de vie jusqu\u2019\u00e0 40%. Le d\u00e9fi fut la complexit\u00e9 d\u2019int\u00e9grer &hellip; Continued\" \/>\n<meta property=\"og:url\" content=\"https:\/\/int.design\/fr\/projets\/les-modules-ecologiques-move-home\/\" \/>\n<meta property=\"og:site_name\" content=\"INT Design\" \/>\n<meta property=\"article:modified_time\" content=\"2020-09-25T21:06:08+00:00\" \/>\n<meta name=\"twitter:card\" content=\"summary_large_image\" \/>\n<meta name=\"twitter:label1\" content=\"Est. reading time\" \/>\n\t<meta name=\"twitter:data1\" content=\"1 minute\" \/>\n<script type=\"application\/ld+json\" class=\"yoast-schema-graph\">{\"@context\":\"https:\/\/schema.org\",\"@graph\":[{\"@type\":\"WebPage\",\"@id\":\"https:\/\/int.design\/fr\/projets\/les-modules-ecologiques-move-home\/\",\"url\":\"https:\/\/int.design\/fr\/projets\/les-modules-ecologiques-move-home\/\",\"name\":\"Les Modules \u00c9cologiques Move Home - INT Design\",\"isPartOf\":{\"@id\":\"https:\/\/int.design\/fr\/#website\"},\"datePublished\":\"2019-01-09T05:25:05+00:00\",\"dateModified\":\"2020-09-25T21:06:08+00:00\",\"breadcrumb\":{\"@id\":\"https:\/\/int.design\/fr\/projets\/les-modules-ecologiques-move-home\/#breadcrumb\"},\"inLanguage\":\"fr-FR\",\"potentialAction\":[{\"@type\":\"ReadAction\",\"target\":[\"https:\/\/int.design\/fr\/projets\/les-modules-ecologiques-move-home\/\"]}]},{\"@type\":\"BreadcrumbList\",\"@id\":\"https:\/\/int.design\/fr\/projets\/les-modules-ecologiques-move-home\/#breadcrumb\",\"itemListElement\":[{\"@type\":\"ListItem\",\"position\":1,\"name\":\"Home\",\"item\":\"https:\/\/int.design\/fr\/\"},{\"@type\":\"ListItem\",\"position\":2,\"name\":\"Projects\",\"item\":\"https:\/\/int.design\/en\/projects\/\"},{\"@type\":\"ListItem\",\"position\":3,\"name\":\"Les Modules \u00c9cologiques Move Home\"}]},{\"@type\":\"WebSite\",\"@id\":\"https:\/\/int.design\/fr\/#website\",\"url\":\"https:\/\/int.design\/fr\/\",\"name\":\"INT Design\",\"description\":\"\",\"potentialAction\":[{\"@type\":\"SearchAction\",\"target\":{\"@type\":\"EntryPoint\",\"urlTemplate\":\"https:\/\/int.design\/fr\/?s={search_term_string}\"},\"query-input\":\"required name=search_term_string\"}],\"inLanguage\":\"fr-FR\"}]}<\/script>\n<!-- \/ Yoast SEO plugin. -->","yoast_head_json":{"title":"Les Modules \u00c9cologiques Move Home - INT Design","robots":{"index":"index","follow":"follow","max-snippet":"max-snippet:-1","max-image-preview":"max-image-preview:large","max-video-preview":"max-video-preview:-1"},"canonical":"https:\/\/int.design\/fr\/projets\/les-modules-ecologiques-move-home\/","og_locale":"fr_FR","og_type":"article","og_title":"Les Modules \u00c9cologiques Move Home - INT Design","og_description":"Avec le trafic de la banlieue vers le centre-ville, on vit un nouvel engouement pour les milieux urbains. Cependant, les espaces sont petits et dispendieux. Nous avons d\u00e9velopp\u00e9 la plateforme mobile \u00abMove Home\u00bb qui permet de moduler \u00e0 sa guise l\u2019espace int\u00e9rieur et d\u2019augmenter l\u2019aire de vie jusqu\u2019\u00e0 40%. Le d\u00e9fi fut la complexit\u00e9 d\u2019int\u00e9grer &hellip; Continued","og_url":"https:\/\/int.design\/fr\/projets\/les-modules-ecologiques-move-home\/","og_site_name":"INT Design","article_modified_time":"2020-09-25T21:06:08+00:00","twitter_card":"summary_large_image","twitter_misc":{"Est. reading time":"1 minute"},"schema":{"@context":"https:\/\/schema.org","@graph":[{"@type":"WebPage","@id":"https:\/\/int.design\/fr\/projets\/les-modules-ecologiques-move-home\/","url":"https:\/\/int.design\/fr\/projets\/les-modules-ecologiques-move-home\/","name":"Les Modules \u00c9cologiques Move Home - INT Design","isPartOf":{"@id":"https:\/\/int.design\/fr\/#website"},"datePublished":"2019-01-09T05:25:05+00:00","dateModified":"2020-09-25T21:06:08+00:00","breadcrumb":{"@id":"https:\/\/int.design\/fr\/projets\/les-modules-ecologiques-move-home\/#breadcrumb"},"inLanguage":"fr-FR","potentialAction":[{"@type":"ReadAction","target":["https:\/\/int.design\/fr\/projets\/les-modules-ecologiques-move-home\/"]}]},{"@type":"BreadcrumbList","@id":"https:\/\/int.design\/fr\/projets\/les-modules-ecologiques-move-home\/#breadcrumb","itemListElement":[{"@type":"ListItem","position":1,"name":"Home","item":"https:\/\/int.design\/fr\/"},{"@type":"ListItem","position":2,"name":"Projects","item":"https:\/\/int.design\/en\/projects\/"},{"@type":"ListItem","position":3,"name":"Les Modules \u00c9cologiques Move Home"}]},{"@type":"WebSite","@id":"https:\/\/int.design\/fr\/#website","url":"https:\/\/int.design\/fr\/","name":"INT Design","description":"","potentialAction":[{"@type":"SearchAction","target":{"@type":"EntryPoint","urlTemplate":"https:\/\/int.design\/fr\/?s={search_term_string}"},"query-input":"required name=search_term_string"}],"inLanguage":"fr-FR"}]}},"entry":{"cats":{"disciplines":[],"big_cats":[],"sub_cats":[]},"entry":{"":null,"status":"completed","winner_title":"","winner_prize_lang":"","title_translatable":false,"title_en":"","title_fr":"","releve_award":false,"releve_award_cv":false,"collaboration":false,"collaboration_firms":false,"other_firms":false,"owner":{"name":"","confidential":false,"website":"","contact_name":"","email":"","phone":""},"address":{"address":"","city":"","region":"","province":"","country":"","postal_code":""},"logos":false,"use_logo":false,"designers":false,"cover":false,"images":[{"image":{"ID":4991,"id":4991,"title":"lesmodulesecologiquesmovehome_15-7_pierreleclerc_andrerider_01.png","filename":"lesmodulesecologiquesmovehome_15-7_pierreleclerc_andrerider_01.png","filesize":0,"url":"https:\/\/d2q6z78khxmx42.cloudfront.net\/2019\/01\/lesmodulesecologiquesmovehome_15-7_pierreleclerc_andrerider_01.png","link":"https:\/\/int.design\/fr\/lesmodulesecologiquesmovehome_15-7_pierreleclerc_andrerider_01-png\/","alt":"","author":"0","description":"","caption":"","name":"lesmodulesecologiquesmovehome_15-7_pierreleclerc_andrerider_01-png","status":"inherit","uploaded_to":0,"date":"2020-04-06 04:34:10","modified":"2020-04-06 04:34:10","menu_order":0,"mime_type":"image\/png","type":"image","subtype":"png","icon":"https:\/\/int.design\/wp-includes\/images\/media\/default.png","width":1890,"height":1080,"sizes":{"thumbnail":"https:\/\/d2q6z78khxmx42.cloudfront.net\/2019\/01\/lesmodulesecologiquesmovehome_15-7_pierreleclerc_andrerider_01-150x150.png","thumbnail-width":150,"thumbnail-height":150,"medium":"https:\/\/d2q6z78khxmx42.cloudfront.net\/2019\/01\/lesmodulesecologiquesmovehome_15-7_pierreleclerc_andrerider_01-300x171.png","medium-width":300,"medium-height":171,"medium_large":"https:\/\/d2q6z78khxmx42.cloudfront.net\/2019\/01\/lesmodulesecologiquesmovehome_15-7_pierreleclerc_andrerider_01-768x439.png","medium_large-width":768,"medium_large-height":439,"large":"https:\/\/d2q6z78khxmx42.cloudfront.net\/2019\/01\/lesmodulesecologiquesmovehome_15-7_pierreleclerc_andrerider_01-1024x585.png","large-width":1024,"large-height":585,"1536x1536":"https:\/\/d2q6z78khxmx42.cloudfront.net\/2019\/01\/lesmodulesecologiquesmovehome_15-7_pierreleclerc_andrerider_01-1536x878.png","1536x1536-width":1536,"1536x1536-height":878,"2048x2048":"https:\/\/d2q6z78khxmx42.cloudfront.net\/2019\/01\/lesmodulesecologiquesmovehome_15-7_pierreleclerc_andrerider_01.png","2048x2048-width":1890,"2048x2048-height":1080,"article":"https:\/\/d2q6z78khxmx42.cloudfront.net\/2019\/01\/lesmodulesecologiquesmovehome_15-7_pierreleclerc_andrerider_01-960x540.png","article-width":960,"article-height":540,"banner":"https:\/\/d2q6z78khxmx42.cloudfront.net\/2019\/01\/lesmodulesecologiquesmovehome_15-7_pierreleclerc_andrerider_01.png","banner-width":1890,"banner-height":1080,"block":"https:\/\/d2q6z78khxmx42.cloudfront.net\/2019\/01\/lesmodulesecologiquesmovehome_15-7_pierreleclerc_andrerider_01-900x680.png","block-width":900,"block-height":680,"card":"https:\/\/d2q6z78khxmx42.cloudfront.net\/2019\/01\/lesmodulesecologiquesmovehome_15-7_pierreleclerc_andrerider_01-560x495.png","card-width":560,"card-height":495,"card-thumbnail":"https:\/\/d2q6z78khxmx42.cloudfront.net\/2019\/01\/lesmodulesecologiquesmovehome_15-7_pierreleclerc_andrerider_01-450x340.png","card-thumbnail-width":450,"card-thumbnail-height":340,"conference":"https:\/\/d2q6z78khxmx42.cloudfront.net\/2019\/01\/lesmodulesecologiquesmovehome_15-7_pierreleclerc_andrerider_01-560x250.png","conference-width":560,"conference-height":250,"contest":"https:\/\/d2q6z78khxmx42.cloudfront.net\/2019\/01\/lesmodulesecologiquesmovehome_15-7_pierreleclerc_andrerider_01-960x400.png","contest-width":960,"contest-height":400,"cta":"https:\/\/d2q6z78khxmx42.cloudfront.net\/2019\/01\/lesmodulesecologiquesmovehome_15-7_pierreleclerc_andrerider_01-415x170.png","cta-width":415,"cta-height":170,"exhibitor":"https:\/\/d2q6z78khxmx42.cloudfront.net\/2019\/01\/lesmodulesecologiquesmovehome_15-7_pierreleclerc_andrerider_01-560x560.png","exhibitor-width":560,"exhibitor-height":560,"gallery":"https:\/\/d2q6z78khxmx42.cloudfront.net\/2019\/01\/lesmodulesecologiquesmovehome_15-7_pierreleclerc_andrerider_01-560x320.png","gallery-width":560,"gallery-height":320,"logo":"https:\/\/d2q6z78khxmx42.cloudfront.net\/2019\/01\/lesmodulesecologiquesmovehome_15-7_pierreleclerc_andrerider_01-175x100.png","logo-width":175,"logo-height":100,"masonry":"https:\/\/d2q6z78khxmx42.cloudfront.net\/2019\/01\/lesmodulesecologiquesmovehome_15-7_pierreleclerc_andrerider_01-550x314.png","masonry-width":550,"masonry-height":314,"modal":"https:\/\/d2q6z78khxmx42.cloudfront.net\/2019\/01\/lesmodulesecologiquesmovehome_15-7_pierreleclerc_andrerider_01.png","modal-width":1890,"modal-height":1080,"number":"https:\/\/d2q6z78khxmx42.cloudfront.net\/2019\/01\/XYcwXi9g-lesmodulesecologiquesmovehome_15-7_pierreleclerc_andrerider_01-560x320.png","number-width":560,"number-height":320,"partner":"https:\/\/d2q6z78khxmx42.cloudfront.net\/2019\/01\/lesmodulesecologiquesmovehome_15-7_pierreleclerc_andrerider_01-275x157.png","partner-width":275,"partner-height":157,"ranking":"https:\/\/d2q6z78khxmx42.cloudfront.net\/2019\/01\/XYcwXi9g-lesmodulesecologiquesmovehome_15-7_pierreleclerc_andrerider_01-960x540.png","ranking-width":960,"ranking-height":540,"schedule":"https:\/\/d2q6z78khxmx42.cloudfront.net\/2019\/01\/lesmodulesecologiquesmovehome_15-7_pierreleclerc_andrerider_01-960x360.png","schedule-width":960,"schedule-height":360,"slideshow":"https:\/\/d2q6z78khxmx42.cloudfront.net\/2019\/01\/lesmodulesecologiquesmovehome_15-7_pierreleclerc_andrerider_01-1190x680.png","slideshow-width":1190,"slideshow-height":680}},"attachment_category":[],"credit":""},{"image":{"ID":4992,"id":4992,"title":"lesmodulesecologiquesmovehome_15-7_pierreleclerc_andrerider_03.png","filename":"lesmodulesecologiquesmovehome_15-7_pierreleclerc_andrerider_03.png","filesize":0,"url":"https:\/\/d2q6z78khxmx42.cloudfront.net\/2019\/01\/lesmodulesecologiquesmovehome_15-7_pierreleclerc_andrerider_03.png","link":"https:\/\/int.design\/fr\/lesmodulesecologiquesmovehome_15-7_pierreleclerc_andrerider_03-png\/","alt":"","author":"8","description":"","caption":"","name":"lesmodulesecologiquesmovehome_15-7_pierreleclerc_andrerider_03-png","status":"inherit","uploaded_to":0,"date":"2020-04-06 04:34:38","modified":"2020-10-12 18:59:43","menu_order":0,"mime_type":"image\/png","type":"image","subtype":"png","icon":"https:\/\/int.design\/wp-includes\/images\/media\/default.png","width":720,"height":1080,"sizes":{"thumbnail":"https:\/\/d2q6z78khxmx42.cloudfront.net\/2019\/01\/lesmodulesecologiquesmovehome_15-7_pierreleclerc_andrerider_03-150x150.png","thumbnail-width":150,"thumbnail-height":150,"medium":"https:\/\/d2q6z78khxmx42.cloudfront.net\/2019\/01\/lesmodulesecologiquesmovehome_15-7_pierreleclerc_andrerider_03-200x300.png","medium-width":200,"medium-height":300,"medium_large":"https:\/\/d2q6z78khxmx42.cloudfront.net\/2019\/01\/lesmodulesecologiquesmovehome_15-7_pierreleclerc_andrerider_03.png","medium_large-width":720,"medium_large-height":1080,"large":"https:\/\/d2q6z78khxmx42.cloudfront.net\/2019\/01\/lesmodulesecologiquesmovehome_15-7_pierreleclerc_andrerider_03-683x1024.png","large-width":683,"large-height":1024,"1536x1536":"https:\/\/d2q6z78khxmx42.cloudfront.net\/2019\/01\/lesmodulesecologiquesmovehome_15-7_pierreleclerc_andrerider_03.png","1536x1536-width":720,"1536x1536-height":1080,"2048x2048":"https:\/\/d2q6z78khxmx42.cloudfront.net\/2019\/01\/lesmodulesecologiquesmovehome_15-7_pierreleclerc_andrerider_03.png","2048x2048-width":720,"2048x2048-height":1080,"article":"https:\/\/d2q6z78khxmx42.cloudfront.net\/2019\/01\/lesmodulesecologiquesmovehome_15-7_pierreleclerc_andrerider_03-720x540.png","article-width":720,"article-height":540,"banner":"https:\/\/d2q6z78khxmx42.cloudfront.net\/2019\/01\/lesmodulesecologiquesmovehome_15-7_pierreleclerc_andrerider_03.png","banner-width":720,"banner-height":1080,"block":"https:\/\/d2q6z78khxmx42.cloudfront.net\/2019\/01\/lesmodulesecologiquesmovehome_15-7_pierreleclerc_andrerider_03-720x680.png","block-width":720,"block-height":680,"card":"https:\/\/d2q6z78khxmx42.cloudfront.net\/2019\/01\/lesmodulesecologiquesmovehome_15-7_pierreleclerc_andrerider_03-560x495.png","card-width":560,"card-height":495,"card-thumbnail":"https:\/\/d2q6z78khxmx42.cloudfront.net\/2019\/01\/lesmodulesecologiquesmovehome_15-7_pierreleclerc_andrerider_03-450x340.png","card-thumbnail-width":450,"card-thumbnail-height":340,"conference":"https:\/\/d2q6z78khxmx42.cloudfront.net\/2019\/01\/lesmodulesecologiquesmovehome_15-7_pierreleclerc_andrerider_03-560x250.png","conference-width":560,"conference-height":250,"contest":"https:\/\/d2q6z78khxmx42.cloudfront.net\/2019\/01\/lesmodulesecologiquesmovehome_15-7_pierreleclerc_andrerider_03-720x400.png","contest-width":720,"contest-height":400,"cta":"https:\/\/d2q6z78khxmx42.cloudfront.net\/2019\/01\/lesmodulesecologiquesmovehome_15-7_pierreleclerc_andrerider_03-415x170.png","cta-width":415,"cta-height":170,"exhibitor":"https:\/\/d2q6z78khxmx42.cloudfront.net\/2019\/01\/lesmodulesecologiquesmovehome_15-7_pierreleclerc_andrerider_03-560x560.png","exhibitor-width":560,"exhibitor-height":560,"gallery":"https:\/\/d2q6z78khxmx42.cloudfront.net\/2019\/01\/lesmodulesecologiquesmovehome_15-7_pierreleclerc_andrerider_03-287x430.png","gallery-width":287,"gallery-height":430,"logo":"https:\/\/d2q6z78khxmx42.cloudfront.net\/2019\/01\/lesmodulesecologiquesmovehome_15-7_pierreleclerc_andrerider_03-67x100.png","logo-width":67,"logo-height":100,"masonry":"https:\/\/d2q6z78khxmx42.cloudfront.net\/2019\/01\/lesmodulesecologiquesmovehome_15-7_pierreleclerc_andrerider_03-550x825.png","masonry-width":550,"masonry-height":825,"modal":"https:\/\/d2q6z78khxmx42.cloudfront.net\/2019\/01\/lesmodulesecologiquesmovehome_15-7_pierreleclerc_andrerider_03.png","modal-width":720,"modal-height":1080,"number":"https:\/\/d2q6z78khxmx42.cloudfront.net\/2019\/01\/V0EvxUFQ-lesmodulesecologiquesmovehome_15-7_pierreleclerc_andrerider_03-287x430.png","number-width":287,"number-height":430,"partner":"https:\/\/d2q6z78khxmx42.cloudfront.net\/2019\/01\/lesmodulesecologiquesmovehome_15-7_pierreleclerc_andrerider_03-140x210.png","partner-width":140,"partner-height":210,"ranking":"https:\/\/d2q6z78khxmx42.cloudfront.net\/2019\/01\/V0EvxUFQ-lesmodulesecologiquesmovehome_15-7_pierreleclerc_andrerider_03-720x540.png","ranking-width":720,"ranking-height":540,"schedule":"https:\/\/d2q6z78khxmx42.cloudfront.net\/2019\/01\/lesmodulesecologiquesmovehome_15-7_pierreleclerc_andrerider_03-720x360.png","schedule-width":720,"schedule-height":360,"slideshow":"https:\/\/d2q6z78khxmx42.cloudfront.net\/2019\/01\/lesmodulesecologiquesmovehome_15-7_pierreleclerc_andrerider_03-453x680.png","slideshow-width":453,"slideshow-height":680}},"attachment_category":[],"credit":""},{"image":{"ID":4993,"id":4993,"title":"lesmodulesecologiquesmovehome_15-7_pierreleclerc_andrerider_04-jpg.png","filename":"lesmodulesecologiquesmovehome_15-7_pierreleclerc_andrerider_04-jpg.png","filesize":0,"url":"https:\/\/d2q6z78khxmx42.cloudfront.net\/2019\/01\/lesmodulesecologiquesmovehome_15-7_pierreleclerc_andrerider_04-jpg.png","link":"https:\/\/int.design\/fr\/lesmodulesecologiquesmovehome_15-7_pierreleclerc_andrerider_04-jpg-png\/","alt":"","author":"8","description":"","caption":"","name":"lesmodulesecologiquesmovehome_15-7_pierreleclerc_andrerider_04-jpg-png","status":"inherit","uploaded_to":0,"date":"2020-04-06 04:34:59","modified":"2020-10-12 18:59:11","menu_order":0,"mime_type":"image\/png","type":"image","subtype":"png","icon":"https:\/\/int.design\/wp-includes\/images\/media\/default.png","width":1890,"height":1080,"sizes":{"thumbnail":"https:\/\/d2q6z78khxmx42.cloudfront.net\/2019\/01\/lesmodulesecologiquesmovehome_15-7_pierreleclerc_andrerider_04-jpg-150x150.png","thumbnail-width":150,"thumbnail-height":150,"medium":"https:\/\/d2q6z78khxmx42.cloudfront.net\/2019\/01\/lesmodulesecologiquesmovehome_15-7_pierreleclerc_andrerider_04-jpg-300x171.png","medium-width":300,"medium-height":171,"medium_large":"https:\/\/d2q6z78khxmx42.cloudfront.net\/2019\/01\/lesmodulesecologiquesmovehome_15-7_pierreleclerc_andrerider_04-jpg-768x439.png","medium_large-width":768,"medium_large-height":439,"large":"https:\/\/d2q6z78khxmx42.cloudfront.net\/2019\/01\/lesmodulesecologiquesmovehome_15-7_pierreleclerc_andrerider_04-jpg-1024x585.png","large-width":1024,"large-height":585,"1536x1536":"https:\/\/d2q6z78khxmx42.cloudfront.net\/2019\/01\/lesmodulesecologiquesmovehome_15-7_pierreleclerc_andrerider_04-jpg-1536x878.png","1536x1536-width":1536,"1536x1536-height":878,"2048x2048":"https:\/\/d2q6z78khxmx42.cloudfront.net\/2019\/01\/lesmodulesecologiquesmovehome_15-7_pierreleclerc_andrerider_04-jpg.png","2048x2048-width":1890,"2048x2048-height":1080,"article":"https:\/\/d2q6z78khxmx42.cloudfront.net\/2019\/01\/lesmodulesecologiquesmovehome_15-7_pierreleclerc_andrerider_04-jpg-960x540.png","article-width":960,"article-height":540,"banner":"https:\/\/d2q6z78khxmx42.cloudfront.net\/2019\/01\/lesmodulesecologiquesmovehome_15-7_pierreleclerc_andrerider_04-jpg.png","banner-width":1890,"banner-height":1080,"block":"https:\/\/d2q6z78khxmx42.cloudfront.net\/2019\/01\/lesmodulesecologiquesmovehome_15-7_pierreleclerc_andrerider_04-jpg-900x680.png","block-width":900,"block-height":680,"card":"https:\/\/d2q6z78khxmx42.cloudfront.net\/2019\/01\/lesmodulesecologiquesmovehome_15-7_pierreleclerc_andrerider_04-jpg-560x495.png","card-width":560,"card-height":495,"card-thumbnail":"https:\/\/d2q6z78khxmx42.cloudfront.net\/2019\/01\/lesmodulesecologiquesmovehome_15-7_pierreleclerc_andrerider_04-jpg-450x340.png","card-thumbnail-width":450,"card-thumbnail-height":340,"conference":"https:\/\/d2q6z78khxmx42.cloudfront.net\/2019\/01\/lesmodulesecologiquesmovehome_15-7_pierreleclerc_andrerider_04-jpg-560x250.png","conference-width":560,"conference-height":250,"contest":"https:\/\/d2q6z78khxmx42.cloudfront.net\/2019\/01\/lesmodulesecologiquesmovehome_15-7_pierreleclerc_andrerider_04-jpg-960x400.png","contest-width":960,"contest-height":400,"cta":"https:\/\/d2q6z78khxmx42.cloudfront.net\/2019\/01\/lesmodulesecologiquesmovehome_15-7_pierreleclerc_andrerider_04-jpg-415x170.png","cta-width":415,"cta-height":170,"exhibitor":"https:\/\/d2q6z78khxmx42.cloudfront.net\/2019\/01\/lesmodulesecologiquesmovehome_15-7_pierreleclerc_andrerider_04-jpg-560x560.png","exhibitor-width":560,"exhibitor-height":560,"gallery":"https:\/\/d2q6z78khxmx42.cloudfront.net\/2019\/01\/lesmodulesecologiquesmovehome_15-7_pierreleclerc_andrerider_04-jpg-560x320.png","gallery-width":560,"gallery-height":320,"logo":"https:\/\/d2q6z78khxmx42.cloudfront.net\/2019\/01\/lesmodulesecologiquesmovehome_15-7_pierreleclerc_andrerider_04-jpg-175x100.png","logo-width":175,"logo-height":100,"masonry":"https:\/\/d2q6z78khxmx42.cloudfront.net\/2019\/01\/lesmodulesecologiquesmovehome_15-7_pierreleclerc_andrerider_04-jpg-550x314.png","masonry-width":550,"masonry-height":314,"modal":"https:\/\/d2q6z78khxmx42.cloudfront.net\/2019\/01\/lesmodulesecologiquesmovehome_15-7_pierreleclerc_andrerider_04-jpg.png","modal-width":1890,"modal-height":1080,"number":"https:\/\/d2q6z78khxmx42.cloudfront.net\/2019\/01\/ad6I4Vz0-lesmodulesecologiquesmovehome_15-7_pierreleclerc_andrerider_04-jpg-560x320.png","number-width":560,"number-height":320,"partner":"https:\/\/d2q6z78khxmx42.cloudfront.net\/2019\/01\/lesmodulesecologiquesmovehome_15-7_pierreleclerc_andrerider_04-jpg-275x157.png","partner-width":275,"partner-height":157,"ranking":"https:\/\/d2q6z78khxmx42.cloudfront.net\/2019\/01\/ad6I4Vz0-lesmodulesecologiquesmovehome_15-7_pierreleclerc_andrerider_04-jpg-960x540.png","ranking-width":960,"ranking-height":540,"schedule":"https:\/\/d2q6z78khxmx42.cloudfront.net\/2019\/01\/lesmodulesecologiquesmovehome_15-7_pierreleclerc_andrerider_04-jpg-960x360.png","schedule-width":960,"schedule-height":360,"slideshow":"https:\/\/d2q6z78khxmx42.cloudfront.net\/2019\/01\/lesmodulesecologiquesmovehome_15-7_pierreleclerc_andrerider_04-jpg-1190x680.png","slideshow-width":1190,"slideshow-height":680}},"attachment_category":{"111":"Chambre \u00e0 coucher","552":"Rangement"},"credit":""},{"image":{"ID":4994,"id":4994,"title":"lesmodulesecologiquesmovehome_15-7_pierreleclerc_andrerider_05.png","filename":"lesmodulesecologiquesmovehome_15-7_pierreleclerc_andrerider_05.png","filesize":0,"url":"https:\/\/d2q6z78khxmx42.cloudfront.net\/2019\/01\/lesmodulesecologiquesmovehome_15-7_pierreleclerc_andrerider_05.png","link":"https:\/\/int.design\/fr\/lesmodulesecologiquesmovehome_15-7_pierreleclerc_andrerider_05-png\/","alt":"","author":"8","description":"","caption":"","name":"lesmodulesecologiquesmovehome_15-7_pierreleclerc_andrerider_05-png","status":"inherit","uploaded_to":0,"date":"2020-04-06 04:35:26","modified":"2020-10-12 18:58:14","menu_order":0,"mime_type":"image\/png","type":"image","subtype":"png","icon":"https:\/\/int.design\/wp-includes\/images\/media\/default.png","width":720,"height":1080,"sizes":{"thumbnail":"https:\/\/d2q6z78khxmx42.cloudfront.net\/2019\/01\/lesmodulesecologiquesmovehome_15-7_pierreleclerc_andrerider_05-150x150.png","thumbnail-width":150,"thumbnail-height":150,"medium":"https:\/\/d2q6z78khxmx42.cloudfront.net\/2019\/01\/lesmodulesecologiquesmovehome_15-7_pierreleclerc_andrerider_05-200x300.png","medium-width":200,"medium-height":300,"medium_large":"https:\/\/d2q6z78khxmx42.cloudfront.net\/2019\/01\/lesmodulesecologiquesmovehome_15-7_pierreleclerc_andrerider_05.png","medium_large-width":720,"medium_large-height":1080,"large":"https:\/\/d2q6z78khxmx42.cloudfront.net\/2019\/01\/lesmodulesecologiquesmovehome_15-7_pierreleclerc_andrerider_05-683x1024.png","large-width":683,"large-height":1024,"1536x1536":"https:\/\/d2q6z78khxmx42.cloudfront.net\/2019\/01\/lesmodulesecologiquesmovehome_15-7_pierreleclerc_andrerider_05.png","1536x1536-width":720,"1536x1536-height":1080,"2048x2048":"https:\/\/d2q6z78khxmx42.cloudfront.net\/2019\/01\/lesmodulesecologiquesmovehome_15-7_pierreleclerc_andrerider_05.png","2048x2048-width":720,"2048x2048-height":1080,"article":"https:\/\/d2q6z78khxmx42.cloudfront.net\/2019\/01\/lesmodulesecologiquesmovehome_15-7_pierreleclerc_andrerider_05-720x540.png","article-width":720,"article-height":540,"banner":"https:\/\/d2q6z78khxmx42.cloudfront.net\/2019\/01\/lesmodulesecologiquesmovehome_15-7_pierreleclerc_andrerider_05.png","banner-width":720,"banner-height":1080,"block":"https:\/\/d2q6z78khxmx42.cloudfront.net\/2019\/01\/lesmodulesecologiquesmovehome_15-7_pierreleclerc_andrerider_05-720x680.png","block-width":720,"block-height":680,"card":"https:\/\/d2q6z78khxmx42.cloudfront.net\/2019\/01\/lesmodulesecologiquesmovehome_15-7_pierreleclerc_andrerider_05-560x495.png","card-width":560,"card-height":495,"card-thumbnail":"https:\/\/d2q6z78khxmx42.cloudfront.net\/2019\/01\/lesmodulesecologiquesmovehome_15-7_pierreleclerc_andrerider_05-450x340.png","card-thumbnail-width":450,"card-thumbnail-height":340,"conference":"https:\/\/d2q6z78khxmx42.cloudfront.net\/2019\/01\/lesmodulesecologiquesmovehome_15-7_pierreleclerc_andrerider_05-560x250.png","conference-width":560,"conference-height":250,"contest":"https:\/\/d2q6z78khxmx42.cloudfront.net\/2019\/01\/lesmodulesecologiquesmovehome_15-7_pierreleclerc_andrerider_05-720x400.png","contest-width":720,"contest-height":400,"cta":"https:\/\/d2q6z78khxmx42.cloudfront.net\/2019\/01\/lesmodulesecologiquesmovehome_15-7_pierreleclerc_andrerider_05-415x170.png","cta-width":415,"cta-height":170,"exhibitor":"https:\/\/d2q6z78khxmx42.cloudfront.net\/2019\/01\/lesmodulesecologiquesmovehome_15-7_pierreleclerc_andrerider_05-560x560.png","exhibitor-width":560,"exhibitor-height":560,"gallery":"https:\/\/d2q6z78khxmx42.cloudfront.net\/2019\/01\/lesmodulesecologiquesmovehome_15-7_pierreleclerc_andrerider_05-287x430.png","gallery-width":287,"gallery-height":430,"logo":"https:\/\/d2q6z78khxmx42.cloudfront.net\/2019\/01\/lesmodulesecologiquesmovehome_15-7_pierreleclerc_andrerider_05-67x100.png","logo-width":67,"logo-height":100,"masonry":"https:\/\/d2q6z78khxmx42.cloudfront.net\/2019\/01\/lesmodulesecologiquesmovehome_15-7_pierreleclerc_andrerider_05-550x825.png","masonry-width":550,"masonry-height":825,"modal":"https:\/\/d2q6z78khxmx42.cloudfront.net\/2019\/01\/lesmodulesecologiquesmovehome_15-7_pierreleclerc_andrerider_05.png","modal-width":720,"modal-height":1080,"number":"https:\/\/d2q6z78khxmx42.cloudfront.net\/2019\/01\/q67iSiNN-lesmodulesecologiquesmovehome_15-7_pierreleclerc_andrerider_05-287x430.png","number-width":287,"number-height":430,"partner":"https:\/\/d2q6z78khxmx42.cloudfront.net\/2019\/01\/lesmodulesecologiquesmovehome_15-7_pierreleclerc_andrerider_05-140x210.png","partner-width":140,"partner-height":210,"ranking":"https:\/\/d2q6z78khxmx42.cloudfront.net\/2019\/01\/q67iSiNN-lesmodulesecologiquesmovehome_15-7_pierreleclerc_andrerider_05-720x540.png","ranking-width":720,"ranking-height":540,"schedule":"https:\/\/d2q6z78khxmx42.cloudfront.net\/2019\/01\/lesmodulesecologiquesmovehome_15-7_pierreleclerc_andrerider_05-720x360.png","schedule-width":720,"schedule-height":360,"slideshow":"https:\/\/d2q6z78khxmx42.cloudfront.net\/2019\/01\/lesmodulesecologiquesmovehome_15-7_pierreleclerc_andrerider_05-453x680.png","slideshow-width":453,"slideshow-height":680}},"attachment_category":{"552":"Rangement"},"credit":""},{"image":{"ID":4995,"id":4995,"title":"lesmodulesecologiquesmovehome_15-7_pierreleclerc_andrerider_09.png","filename":"lesmodulesecologiquesmovehome_15-7_pierreleclerc_andrerider_09.png","filesize":0,"url":"https:\/\/d2q6z78khxmx42.cloudfront.net\/2019\/01\/lesmodulesecologiquesmovehome_15-7_pierreleclerc_andrerider_09.png","link":"https:\/\/int.design\/fr\/lesmodulesecologiquesmovehome_15-7_pierreleclerc_andrerider_09-png\/","alt":"","author":"8","description":"","caption":"","name":"lesmodulesecologiquesmovehome_15-7_pierreleclerc_andrerider_09-png","status":"inherit","uploaded_to":0,"date":"2020-04-06 04:35:43","modified":"2020-10-12 18:57:40","menu_order":0,"mime_type":"image\/png","type":"image","subtype":"png","icon":"https:\/\/int.design\/wp-includes\/images\/media\/default.png","width":720,"height":1080,"sizes":{"thumbnail":"https:\/\/d2q6z78khxmx42.cloudfront.net\/2019\/01\/lesmodulesecologiquesmovehome_15-7_pierreleclerc_andrerider_09-150x150.png","thumbnail-width":150,"thumbnail-height":150,"medium":"https:\/\/d2q6z78khxmx42.cloudfront.net\/2019\/01\/lesmodulesecologiquesmovehome_15-7_pierreleclerc_andrerider_09-200x300.png","medium-width":200,"medium-height":300,"medium_large":"https:\/\/d2q6z78khxmx42.cloudfront.net\/2019\/01\/lesmodulesecologiquesmovehome_15-7_pierreleclerc_andrerider_09.png","medium_large-width":720,"medium_large-height":1080,"large":"https:\/\/d2q6z78khxmx42.cloudfront.net\/2019\/01\/lesmodulesecologiquesmovehome_15-7_pierreleclerc_andrerider_09-683x1024.png","large-width":683,"large-height":1024,"1536x1536":"https:\/\/d2q6z78khxmx42.cloudfront.net\/2019\/01\/lesmodulesecologiquesmovehome_15-7_pierreleclerc_andrerider_09.png","1536x1536-width":720,"1536x1536-height":1080,"2048x2048":"https:\/\/d2q6z78khxmx42.cloudfront.net\/2019\/01\/lesmodulesecologiquesmovehome_15-7_pierreleclerc_andrerider_09.png","2048x2048-width":720,"2048x2048-height":1080,"article":"https:\/\/d2q6z78khxmx42.cloudfront.net\/2019\/01\/lesmodulesecologiquesmovehome_15-7_pierreleclerc_andrerider_09-720x540.png","article-width":720,"article-height":540,"banner":"https:\/\/d2q6z78khxmx42.cloudfront.net\/2019\/01\/lesmodulesecologiquesmovehome_15-7_pierreleclerc_andrerider_09.png","banner-width":720,"banner-height":1080,"block":"https:\/\/d2q6z78khxmx42.cloudfront.net\/2019\/01\/lesmodulesecologiquesmovehome_15-7_pierreleclerc_andrerider_09-720x680.png","block-width":720,"block-height":680,"card":"https:\/\/d2q6z78khxmx42.cloudfront.net\/2019\/01\/lesmodulesecologiquesmovehome_15-7_pierreleclerc_andrerider_09-560x495.png","card-width":560,"card-height":495,"card-thumbnail":"https:\/\/d2q6z78khxmx42.cloudfront.net\/2019\/01\/lesmodulesecologiquesmovehome_15-7_pierreleclerc_andrerider_09-450x340.png","card-thumbnail-width":450,"card-thumbnail-height":340,"conference":"https:\/\/d2q6z78khxmx42.cloudfront.net\/2019\/01\/lesmodulesecologiquesmovehome_15-7_pierreleclerc_andrerider_09-560x250.png","conference-width":560,"conference-height":250,"contest":"https:\/\/d2q6z78khxmx42.cloudfront.net\/2019\/01\/lesmodulesecologiquesmovehome_15-7_pierreleclerc_andrerider_09-720x400.png","contest-width":720,"contest-height":400,"cta":"https:\/\/d2q6z78khxmx42.cloudfront.net\/2019\/01\/lesmodulesecologiquesmovehome_15-7_pierreleclerc_andrerider_09-415x170.png","cta-width":415,"cta-height":170,"exhibitor":"https:\/\/d2q6z78khxmx42.cloudfront.net\/2019\/01\/lesmodulesecologiquesmovehome_15-7_pierreleclerc_andrerider_09-560x560.png","exhibitor-width":560,"exhibitor-height":560,"gallery":"https:\/\/d2q6z78khxmx42.cloudfront.net\/2019\/01\/lesmodulesecologiquesmovehome_15-7_pierreleclerc_andrerider_09-287x430.png","gallery-width":287,"gallery-height":430,"logo":"https:\/\/d2q6z78khxmx42.cloudfront.net\/2019\/01\/lesmodulesecologiquesmovehome_15-7_pierreleclerc_andrerider_09-67x100.png","logo-width":67,"logo-height":100,"masonry":"https:\/\/d2q6z78khxmx42.cloudfront.net\/2019\/01\/lesmodulesecologiquesmovehome_15-7_pierreleclerc_andrerider_09-550x825.png","masonry-width":550,"masonry-height":825,"modal":"https:\/\/d2q6z78khxmx42.cloudfront.net\/2019\/01\/lesmodulesecologiquesmovehome_15-7_pierreleclerc_andrerider_09.png","modal-width":720,"modal-height":1080,"number":"https:\/\/d2q6z78khxmx42.cloudfront.net\/2019\/01\/keeKFbn5-lesmodulesecologiquesmovehome_15-7_pierreleclerc_andrerider_09-287x430.png","number-width":287,"number-height":430,"partner":"https:\/\/d2q6z78khxmx42.cloudfront.net\/2019\/01\/lesmodulesecologiquesmovehome_15-7_pierreleclerc_andrerider_09-140x210.png","partner-width":140,"partner-height":210,"ranking":"https:\/\/d2q6z78khxmx42.cloudfront.net\/2019\/01\/keeKFbn5-lesmodulesecologiquesmovehome_15-7_pierreleclerc_andrerider_09-720x540.png","ranking-width":720,"ranking-height":540,"schedule":"https:\/\/d2q6z78khxmx42.cloudfront.net\/2019\/01\/lesmodulesecologiquesmovehome_15-7_pierreleclerc_andrerider_09-720x360.png","schedule-width":720,"schedule-height":360,"slideshow":"https:\/\/d2q6z78khxmx42.cloudfront.net\/2019\/01\/lesmodulesecologiquesmovehome_15-7_pierreleclerc_andrerider_09-453x680.png","slideshow-width":453,"slideshow-height":680}},"attachment_category":[],"credit":""},{"image":{"ID":4996,"id":4996,"title":"lesmodulesecologiquesmovehome_15-7_pierreleclerc_andrerider_02.png","filename":"lesmodulesecologiquesmovehome_15-7_pierreleclerc_andrerider_02.png","filesize":0,"url":"https:\/\/d2q6z78khxmx42.cloudfront.net\/2019\/01\/lesmodulesecologiquesmovehome_15-7_pierreleclerc_andrerider_02.png","link":"https:\/\/int.design\/fr\/lesmodulesecologiquesmovehome_15-7_pierreleclerc_andrerider_02-png\/","alt":"","author":"0","description":"","caption":"","name":"lesmodulesecologiquesmovehome_15-7_pierreleclerc_andrerider_02-png","status":"inherit","uploaded_to":0,"date":"2020-04-06 04:36:04","modified":"2020-04-06 04:36:04","menu_order":0,"mime_type":"image\/png","type":"image","subtype":"png","icon":"https:\/\/int.design\/wp-includes\/images\/media\/default.png","width":1890,"height":1080,"sizes":{"thumbnail":"https:\/\/d2q6z78khxmx42.cloudfront.net\/2019\/01\/lesmodulesecologiquesmovehome_15-7_pierreleclerc_andrerider_02-150x150.png","thumbnail-width":150,"thumbnail-height":150,"medium":"https:\/\/d2q6z78khxmx42.cloudfront.net\/2019\/01\/lesmodulesecologiquesmovehome_15-7_pierreleclerc_andrerider_02-300x171.png","medium-width":300,"medium-height":171,"medium_large":"https:\/\/d2q6z78khxmx42.cloudfront.net\/2019\/01\/lesmodulesecologiquesmovehome_15-7_pierreleclerc_andrerider_02-768x439.png","medium_large-width":768,"medium_large-height":439,"large":"https:\/\/d2q6z78khxmx42.cloudfront.net\/2019\/01\/lesmodulesecologiquesmovehome_15-7_pierreleclerc_andrerider_02-1024x585.png","large-width":1024,"large-height":585,"1536x1536":"https:\/\/d2q6z78khxmx42.cloudfront.net\/2019\/01\/lesmodulesecologiquesmovehome_15-7_pierreleclerc_andrerider_02-1536x878.png","1536x1536-width":1536,"1536x1536-height":878,"2048x2048":"https:\/\/d2q6z78khxmx42.cloudfront.net\/2019\/01\/lesmodulesecologiquesmovehome_15-7_pierreleclerc_andrerider_02.png","2048x2048-width":1890,"2048x2048-height":1080,"article":"https:\/\/d2q6z78khxmx42.cloudfront.net\/2019\/01\/lesmodulesecologiquesmovehome_15-7_pierreleclerc_andrerider_02-960x540.png","article-width":960,"article-height":540,"banner":"https:\/\/d2q6z78khxmx42.cloudfront.net\/2019\/01\/lesmodulesecologiquesmovehome_15-7_pierreleclerc_andrerider_02.png","banner-width":1890,"banner-height":1080,"block":"https:\/\/d2q6z78khxmx42.cloudfront.net\/2019\/01\/lesmodulesecologiquesmovehome_15-7_pierreleclerc_andrerider_02-900x680.png","block-width":900,"block-height":680,"card":"https:\/\/d2q6z78khxmx42.cloudfront.net\/2019\/01\/lesmodulesecologiquesmovehome_15-7_pierreleclerc_andrerider_02-560x495.png","card-width":560,"card-height":495,"card-thumbnail":"https:\/\/d2q6z78khxmx42.cloudfront.net\/2019\/01\/lesmodulesecologiquesmovehome_15-7_pierreleclerc_andrerider_02-450x340.png","card-thumbnail-width":450,"card-thumbnail-height":340,"conference":"https:\/\/d2q6z78khxmx42.cloudfront.net\/2019\/01\/lesmodulesecologiquesmovehome_15-7_pierreleclerc_andrerider_02-560x250.png","conference-width":560,"conference-height":250,"contest":"https:\/\/d2q6z78khxmx42.cloudfront.net\/2019\/01\/lesmodulesecologiquesmovehome_15-7_pierreleclerc_andrerider_02-960x400.png","contest-width":960,"contest-height":400,"cta":"https:\/\/d2q6z78khxmx42.cloudfront.net\/2019\/01\/lesmodulesecologiquesmovehome_15-7_pierreleclerc_andrerider_02-415x170.png","cta-width":415,"cta-height":170,"exhibitor":"https:\/\/d2q6z78khxmx42.cloudfront.net\/2019\/01\/lesmodulesecologiquesmovehome_15-7_pierreleclerc_andrerider_02-560x560.png","exhibitor-width":560,"exhibitor-height":560,"gallery":"https:\/\/d2q6z78khxmx42.cloudfront.net\/2019\/01\/lesmodulesecologiquesmovehome_15-7_pierreleclerc_andrerider_02-560x320.png","gallery-width":560,"gallery-height":320,"logo":"https:\/\/d2q6z78khxmx42.cloudfront.net\/2019\/01\/lesmodulesecologiquesmovehome_15-7_pierreleclerc_andrerider_02-175x100.png","logo-width":175,"logo-height":100,"masonry":"https:\/\/d2q6z78khxmx42.cloudfront.net\/2019\/01\/lesmodulesecologiquesmovehome_15-7_pierreleclerc_andrerider_02-550x314.png","masonry-width":550,"masonry-height":314,"modal":"https:\/\/d2q6z78khxmx42.cloudfront.net\/2019\/01\/lesmodulesecologiquesmovehome_15-7_pierreleclerc_andrerider_02.png","modal-width":1890,"modal-height":1080,"number":"https:\/\/d2q6z78khxmx42.cloudfront.net\/2019\/01\/7C81Hkzt-lesmodulesecologiquesmovehome_15-7_pierreleclerc_andrerider_02-560x320.png","number-width":560,"number-height":320,"partner":"https:\/\/d2q6z78khxmx42.cloudfront.net\/2019\/01\/lesmodulesecologiquesmovehome_15-7_pierreleclerc_andrerider_02-275x157.png","partner-width":275,"partner-height":157,"ranking":"https:\/\/d2q6z78khxmx42.cloudfront.net\/2019\/01\/7C81Hkzt-lesmodulesecologiquesmovehome_15-7_pierreleclerc_andrerider_02-960x540.png","ranking-width":960,"ranking-height":540,"schedule":"https:\/\/d2q6z78khxmx42.cloudfront.net\/2019\/01\/lesmodulesecologiquesmovehome_15-7_pierreleclerc_andrerider_02-960x360.png","schedule-width":960,"schedule-height":360,"slideshow":"https:\/\/d2q6z78khxmx42.cloudfront.net\/2019\/01\/lesmodulesecologiquesmovehome_15-7_pierreleclerc_andrerider_02-1190x680.png","slideshow-width":1190,"slideshow-height":680}},"attachment_category":[],"credit":""},{"image":{"ID":19590,"id":19590,"title":"L7KYIO~8","filename":"L7KYIO8.jpg","filesize":0,"url":"https:\/\/d2q6z78khxmx42.cloudfront.net\/2019\/01\/L7KYIO8.jpg","link":"https:\/\/int.design\/fr\/projets\/les-modules-ecologiques-move-home\/l7kyio8\/","alt":"","author":"6","description":"","caption":"","name":"l7kyio8","status":"inherit","uploaded_to":4990,"date":"2020-09-25 20:57:51","modified":"2020-09-27 00:20:18","menu_order":0,"mime_type":"image\/jpeg","type":"image","subtype":"jpeg","icon":"https:\/\/int.design\/wp-includes\/images\/media\/default.png","width":960,"height":1164,"sizes":{"thumbnail":"https:\/\/d2q6z78khxmx42.cloudfront.net\/2019\/01\/L7KYIO8-150x150.jpg","thumbnail-width":150,"thumbnail-height":150,"medium":"https:\/\/d2q6z78khxmx42.cloudfront.net\/2019\/01\/L7KYIO8-247x300.jpg","medium-width":247,"medium-height":300,"medium_large":"https:\/\/d2q6z78khxmx42.cloudfront.net\/2019\/01\/L7KYIO8-768x931.jpg","medium_large-width":768,"medium_large-height":931,"large":"https:\/\/d2q6z78khxmx42.cloudfront.net\/2019\/01\/L7KYIO8-845x1024.jpg","large-width":845,"large-height":1024,"1536x1536":"https:\/\/d2q6z78khxmx42.cloudfront.net\/2019\/01\/L7KYIO8.jpg","1536x1536-width":960,"1536x1536-height":1164,"2048x2048":"https:\/\/d2q6z78khxmx42.cloudfront.net\/2019\/01\/L7KYIO8.jpg","2048x2048-width":960,"2048x2048-height":1164,"article":"https:\/\/d2q6z78khxmx42.cloudfront.net\/2019\/01\/L7KYIO8-960x540.jpg","article-width":960,"article-height":540,"banner":"https:\/\/d2q6z78khxmx42.cloudfront.net\/2019\/01\/L7KYIO8.jpg","banner-width":960,"banner-height":1164,"block":"https:\/\/d2q6z78khxmx42.cloudfront.net\/2019\/01\/L7KYIO8-900x680.jpg","block-width":900,"block-height":680,"card":"https:\/\/d2q6z78khxmx42.cloudfront.net\/2019\/01\/L7KYIO8-560x495.jpg","card-width":560,"card-height":495,"card-thumbnail":"https:\/\/d2q6z78khxmx42.cloudfront.net\/2019\/01\/L7KYIO8-450x340.jpg","card-thumbnail-width":450,"card-thumbnail-height":340,"conference":"https:\/\/d2q6z78khxmx42.cloudfront.net\/2019\/01\/L7KYIO8-560x250.jpg","conference-width":560,"conference-height":250,"contest":"https:\/\/d2q6z78khxmx42.cloudfront.net\/2019\/01\/L7KYIO8-960x400.jpg","contest-width":960,"contest-height":400,"cta":"https:\/\/d2q6z78khxmx42.cloudfront.net\/2019\/01\/L7KYIO8-415x170.jpg","cta-width":415,"cta-height":170,"exhibitor":"https:\/\/d2q6z78khxmx42.cloudfront.net\/2019\/01\/L7KYIO8-560x560.jpg","exhibitor-width":560,"exhibitor-height":560,"gallery":"https:\/\/d2q6z78khxmx42.cloudfront.net\/2019\/01\/L7KYIO8-355x430.jpg","gallery-width":355,"gallery-height":430,"logo":"https:\/\/d2q6z78khxmx42.cloudfront.net\/2019\/01\/L7KYIO8-82x100.jpg","logo-width":82,"logo-height":100,"masonry":"https:\/\/d2q6z78khxmx42.cloudfront.net\/2019\/01\/L7KYIO8-550x667.jpg","masonry-width":550,"masonry-height":667,"modal":"https:\/\/d2q6z78khxmx42.cloudfront.net\/2019\/01\/L7KYIO8.jpg","modal-width":960,"modal-height":1164,"number":"https:\/\/d2q6z78khxmx42.cloudfront.net\/2019\/01\/IOsjs8EE-L7KYIO8-355x430.jpg","number-width":355,"number-height":430,"partner":"https:\/\/d2q6z78khxmx42.cloudfront.net\/2019\/01\/L7KYIO8-173x210.jpg","partner-width":173,"partner-height":210,"ranking":"https:\/\/d2q6z78khxmx42.cloudfront.net\/2019\/01\/IOsjs8EE-L7KYIO8-960x540.jpg","ranking-width":960,"ranking-height":540,"schedule":"https:\/\/d2q6z78khxmx42.cloudfront.net\/2019\/01\/L7KYIO8-960x360.jpg","schedule-width":960,"schedule-height":360,"slideshow":"https:\/\/d2q6z78khxmx42.cloudfront.net\/2019\/01\/L7KYIO8-561x680.jpg","slideshow-width":561,"slideshow-height":680}},"attachment_category":{"114":"Salle de bains"},"credit":""},{"image":{"ID":19589,"id":19589,"title":"L7KYIO~7","filename":"L7KYIO7.jpg","filesize":0,"url":"https:\/\/d2q6z78khxmx42.cloudfront.net\/2019\/01\/L7KYIO7.jpg","link":"https:\/\/int.design\/fr\/projets\/les-modules-ecologiques-move-home\/l7kyio7\/","alt":"","author":"6","description":"","caption":"","name":"l7kyio7","status":"inherit","uploaded_to":4990,"date":"2020-09-25 20:57:45","modified":"2020-09-27 00:21:03","menu_order":0,"mime_type":"image\/jpeg","type":"image","subtype":"jpeg","icon":"https:\/\/int.design\/wp-includes\/images\/media\/default.png","width":960,"height":1440,"sizes":{"thumbnail":"https:\/\/d2q6z78khxmx42.cloudfront.net\/2019\/01\/L7KYIO7-150x150.jpg","thumbnail-width":150,"thumbnail-height":150,"medium":"https:\/\/d2q6z78khxmx42.cloudfront.net\/2019\/01\/L7KYIO7-200x300.jpg","medium-width":200,"medium-height":300,"medium_large":"https:\/\/d2q6z78khxmx42.cloudfront.net\/2019\/01\/L7KYIO7-768x1152.jpg","medium_large-width":768,"medium_large-height":1152,"large":"https:\/\/d2q6z78khxmx42.cloudfront.net\/2019\/01\/L7KYIO7-683x1024.jpg","large-width":683,"large-height":1024,"1536x1536":"https:\/\/d2q6z78khxmx42.cloudfront.net\/2019\/01\/L7KYIO7.jpg","1536x1536-width":960,"1536x1536-height":1440,"2048x2048":"https:\/\/d2q6z78khxmx42.cloudfront.net\/2019\/01\/L7KYIO7.jpg","2048x2048-width":960,"2048x2048-height":1440,"article":"https:\/\/d2q6z78khxmx42.cloudfront.net\/2019\/01\/L7KYIO7-960x540.jpg","article-width":960,"article-height":540,"banner":"https:\/\/d2q6z78khxmx42.cloudfront.net\/2019\/01\/L7KYIO7.jpg","banner-width":960,"banner-height":1440,"block":"https:\/\/d2q6z78khxmx42.cloudfront.net\/2019\/01\/L7KYIO7-900x680.jpg","block-width":900,"block-height":680,"card":"https:\/\/d2q6z78khxmx42.cloudfront.net\/2019\/01\/L7KYIO7-560x495.jpg","card-width":560,"card-height":495,"card-thumbnail":"https:\/\/d2q6z78khxmx42.cloudfront.net\/2019\/01\/L7KYIO7-450x340.jpg","card-thumbnail-width":450,"card-thumbnail-height":340,"conference":"https:\/\/d2q6z78khxmx42.cloudfront.net\/2019\/01\/L7KYIO7-560x250.jpg","conference-width":560,"conference-height":250,"contest":"https:\/\/d2q6z78khxmx42.cloudfront.net\/2019\/01\/L7KYIO7-960x400.jpg","contest-width":960,"contest-height":400,"cta":"https:\/\/d2q6z78khxmx42.cloudfront.net\/2019\/01\/L7KYIO7-415x170.jpg","cta-width":415,"cta-height":170,"exhibitor":"https:\/\/d2q6z78khxmx42.cloudfront.net\/2019\/01\/L7KYIO7-560x560.jpg","exhibitor-width":560,"exhibitor-height":560,"gallery":"https:\/\/d2q6z78khxmx42.cloudfront.net\/2019\/01\/L7KYIO7-287x430.jpg","gallery-width":287,"gallery-height":430,"logo":"https:\/\/d2q6z78khxmx42.cloudfront.net\/2019\/01\/L7KYIO7-67x100.jpg","logo-width":67,"logo-height":100,"masonry":"https:\/\/d2q6z78khxmx42.cloudfront.net\/2019\/01\/L7KYIO7-550x825.jpg","masonry-width":550,"masonry-height":825,"modal":"https:\/\/d2q6z78khxmx42.cloudfront.net\/2019\/01\/L7KYIO7.jpg","modal-width":960,"modal-height":1440,"number":"https:\/\/d2q6z78khxmx42.cloudfront.net\/2019\/01\/f3sjOryy-L7KYIO7-287x430.jpg","number-width":287,"number-height":430,"partner":"https:\/\/d2q6z78khxmx42.cloudfront.net\/2019\/01\/L7KYIO7-140x210.jpg","partner-width":140,"partner-height":210,"ranking":"https:\/\/d2q6z78khxmx42.cloudfront.net\/2019\/01\/f3sjOryy-L7KYIO7-960x540.jpg","ranking-width":960,"ranking-height":540,"schedule":"https:\/\/d2q6z78khxmx42.cloudfront.net\/2019\/01\/L7KYIO7-960x360.jpg","schedule-width":960,"schedule-height":360,"slideshow":"https:\/\/d2q6z78khxmx42.cloudfront.net\/2019\/01\/L7KYIO7-453x680.jpg","slideshow-width":453,"slideshow-height":680}},"attachment_category":{"114":"Salle de bains"},"credit":""},{"image":{"ID":19588,"id":19588,"title":"L7KYIO~6","filename":"L7KYIO6.jpg","filesize":0,"url":"https:\/\/d2q6z78khxmx42.cloudfront.net\/2019\/01\/L7KYIO6.jpg","link":"https:\/\/int.design\/fr\/projets\/les-modules-ecologiques-move-home\/l7kyio6\/","alt":"","author":"6","description":"","caption":"","name":"l7kyio6","status":"inherit","uploaded_to":4990,"date":"2020-09-25 20:57:28","modified":"2020-09-27 00:21:39","menu_order":0,"mime_type":"image\/jpeg","type":"image","subtype":"jpeg","icon":"https:\/\/int.design\/wp-includes\/images\/media\/default.png","width":1981,"height":1486,"sizes":{"thumbnail":"https:\/\/d2q6z78khxmx42.cloudfront.net\/2019\/01\/L7KYIO6-150x150.jpg","thumbnail-width":150,"thumbnail-height":150,"medium":"https:\/\/d2q6z78khxmx42.cloudfront.net\/2019\/01\/L7KYIO6-300x225.jpg","medium-width":300,"medium-height":225,"medium_large":"https:\/\/d2q6z78khxmx42.cloudfront.net\/2019\/01\/L7KYIO6-768x576.jpg","medium_large-width":768,"medium_large-height":576,"large":"https:\/\/d2q6z78khxmx42.cloudfront.net\/2019\/01\/L7KYIO6-1024x768.jpg","large-width":1024,"large-height":768,"1536x1536":"https:\/\/d2q6z78khxmx42.cloudfront.net\/2019\/01\/L7KYIO6-1536x1152.jpg","1536x1536-width":1536,"1536x1536-height":1152,"2048x2048":"https:\/\/d2q6z78khxmx42.cloudfront.net\/2019\/01\/L7KYIO6.jpg","2048x2048-width":1981,"2048x2048-height":1486,"article":"https:\/\/d2q6z78khxmx42.cloudfront.net\/2019\/01\/L7KYIO6-960x540.jpg","article-width":960,"article-height":540,"banner":"https:\/\/d2q6z78khxmx42.cloudfront.net\/2019\/01\/L7KYIO6-1920x1440.jpg","banner-width":1920,"banner-height":1440,"block":"https:\/\/d2q6z78khxmx42.cloudfront.net\/2019\/01\/L7KYIO6-900x680.jpg","block-width":900,"block-height":680,"card":"https:\/\/d2q6z78khxmx42.cloudfront.net\/2019\/01\/L7KYIO6-560x495.jpg","card-width":560,"card-height":495,"card-thumbnail":"https:\/\/d2q6z78khxmx42.cloudfront.net\/2019\/01\/L7KYIO6-450x340.jpg","card-thumbnail-width":450,"card-thumbnail-height":340,"conference":"https:\/\/d2q6z78khxmx42.cloudfront.net\/2019\/01\/L7KYIO6-560x250.jpg","conference-width":560,"conference-height":250,"contest":"https:\/\/d2q6z78khxmx42.cloudfront.net\/2019\/01\/L7KYIO6-960x400.jpg","contest-width":960,"contest-height":400,"cta":"https:\/\/d2q6z78khxmx42.cloudfront.net\/2019\/01\/L7KYIO6-415x170.jpg","cta-width":415,"cta-height":170,"exhibitor":"https:\/\/d2q6z78khxmx42.cloudfront.net\/2019\/01\/L7KYIO6-560x560.jpg","exhibitor-width":560,"exhibitor-height":560,"gallery":"https:\/\/d2q6z78khxmx42.cloudfront.net\/2019\/01\/L7KYIO6-560x420.jpg","gallery-width":560,"gallery-height":420,"logo":"https:\/\/d2q6z78khxmx42.cloudfront.net\/2019\/01\/L7KYIO6-133x100.jpg","logo-width":133,"logo-height":100,"masonry":"https:\/\/d2q6z78khxmx42.cloudfront.net\/2019\/01\/L7KYIO6-550x413.jpg","masonry-width":550,"masonry-height":413,"modal":"https:\/\/d2q6z78khxmx42.cloudfront.net\/2019\/01\/Qfc5PN7F-L7KYIO6-1920x1440.jpg","modal-width":1920,"modal-height":1440,"number":"https:\/\/d2q6z78khxmx42.cloudfront.net\/2019\/01\/Qfc5PN7F-L7KYIO6-560x420.jpg","number-width":560,"number-height":420,"partner":"https:\/\/d2q6z78khxmx42.cloudfront.net\/2019\/01\/L7KYIO6-275x206.jpg","partner-width":275,"partner-height":206,"ranking":"https:\/\/d2q6z78khxmx42.cloudfront.net\/2019\/01\/Qfc5PN7F-L7KYIO6-960x540.jpg","ranking-width":960,"ranking-height":540,"schedule":"https:\/\/d2q6z78khxmx42.cloudfront.net\/2019\/01\/L7KYIO6-960x360.jpg","schedule-width":960,"schedule-height":360,"slideshow":"https:\/\/d2q6z78khxmx42.cloudfront.net\/2019\/01\/L7KYIO6-907x680.jpg","slideshow-width":907,"slideshow-height":680}},"attachment_category":{"25":"Rangement"},"credit":""}],"mandatory_documents":false,"optional_documents":false,"web_text":{"fr":"","en":"","original":""},"jury_text":false,"different_jury_text":false,"different_category_text":false},"laureats":[],"contest_id":"1806","contest_title":"GRANDS PRIX DU DESIGN - 12e \u00e9dition","firms":[],"user":{"email":"old_edition@agencepid.com","first_name":"Old Edition","last_name":"Participant"},"doc_texts_web":{"fr":"<p>Avec le trafic de la banlieue vers le centre-ville, on vit un nouvel engouement pour les milieux urbains. Cependant, les espaces sont petits et dispendieux. Nous avons d\u00e9velopp\u00e9 la plateforme mobile \u00abMove Home\u00bb qui permet de moduler \u00e0 sa guise l\u2019espace int\u00e9rieur et d\u2019augmenter l\u2019aire de vie jusqu\u2019\u00e0 40%. Le d\u00e9fi fut la complexit\u00e9 d\u2019int\u00e9grer des syst\u00e8mes d\u2019eau, d\u2019\u00e9lectricit\u00e9 et de renvois sanitaires dans un module mobile. Non seulement la mission est accomplie, mais le design a \u00e9t\u00e9 brevet\u00e9.<\/p>\n<p>Diff\u00e9rentes solutions sont offertes permettant une grande flexibilit\u00e9 sur le plan de l\u2019espace pour des logements \u00e0 aire ouverte de type loft ou munis d\u2019une partie fixe (chambre \u00e0 coucher et salle de bain) et d\u2019une portion mobile. Gr\u00e2ce \u00e0 l\u2019ing\u00e9niosit\u00e9 du syst\u00e8me Move Home, on peut d\u00e9placer la cuisine pour agrandir l\u2019aire de vie ou vice-versa, de cr\u00e9er une deuxi\u00e8me chambre \u00e0 coucher. Le module est constitu\u00e9 d\u2019une cuisine avec \u00eelot et d\u2019un espace bureau escamotable enti\u00e8rement fonctionnel et compact.<\/p>\n","en":"<p>The Move Home ecological modules introduce a new lifestyle. A module can transform to meet the needs of the space and maximize its potential. Simply and elegantly constructed, it should be noted that all parts of the modules are designed to fit into standard framing.<\/p>\n<p>This innovative concept has overcome several technological challenges and offers an integrated solution for plumbing, electricity and modularity for every room in the house. The aesthetics have not been overlooked and some may find their resemblance to contemporary pumping stations amusing.<\/p>\n"},"permalinks":{"fr":"https:\/\/int.design\/fr\/projets\/les-modules-ecologiques-move-home\/","en":"https:\/\/int.design\/en\/projects\/les-modules-ecologiques-move-home\/"},"titles":{"fr":"Les Modules \u00c9cologiques Move Home","en":"Les Modules \u00c9cologiques Move Home"},"wp_fields":{"informations":{"fr":[{"content_type":"text","title":"Design","content":"GROUPE LECLERC ARCHITECTURE+DESIGN","link":null},{"content_type":"text","title":"Cat\u00e9gorie","content":"Design industriel \u2013 Prix d\u00e9veloppement durable et \u00e9codesign","link":null},{"content_type":"text","title":"Site web","content":"groupeleclerc.ca","link":null}],"en":[{"content_type":"text","title":"Design","content":"GROUPE LECLERC ARCHITECTURE+DESIGN","link":null},{"content_type":"text","title":"Category","content":"Design industriel \u2013 Prix d\u00e9veloppement durable et \u00e9codesign","link":null},{"content_type":"text","title":"Website","content":"groupeleclerc.ca","link":null}]}},"laravel_id":""},"_links":{"self":[{"href":"https:\/\/int.design\/fr\/wp-json\/wp\/v2\/project\/4990","targetHints":{"allow":["GET"]}}],"collection":[{"href":"https:\/\/int.design\/fr\/wp-json\/wp\/v2\/project"}],"about":[{"href":"https:\/\/int.design\/fr\/wp-json\/wp\/v2\/types\/project"}],"wp:attachment":[{"href":"https:\/\/int.design\/fr\/wp-json\/wp\/v2\/media?parent=4990"}],"curies":[{"name":"wp","href":"https:\/\/api.w.org\/{rel}","templated":true}]}}