{"id":4731,"date":"2018-02-09T19:43:08","date_gmt":"2018-02-10T00:43:08","guid":{"rendered":"https:\/\/int.design\/projets\/jacques-guillon-un-geant-du-design\/"},"modified":"2020-04-06T00:12:42","modified_gmt":"2020-04-06T04:12:42","slug":"jacques-guillon-un-geant-du-design","status":"publish","type":"project","link":"https:\/\/int.design\/fr\/projets\/jacques-guillon-un-geant-du-design\/","title":{"rendered":"Jacques Guillon\u2026 un g\u00e9ant du design"},"content":{"rendered":"<p> Une source qui devient rivi\u00e8re&#8230;<\/p>\n<p>Tout a commenc\u00e9 avec l\u2019embl\u00e9matique chaise Nylon4-, \u00e9l\u00e9gante et robuste, en \u00e9rable lamell\u00e9 et corde de nylon. Elle a \u00e9t\u00e9 con\u00e7ue par Jacques Guillon \u00e0 l\u2019\u00e2ge de 30\u00a0ans, une v\u00e9ritable \u00ab\u00a0annonciation\u00a0\u00bb, qui a ancr\u00e9 en lui le d\u00e9sir profond d\u2019\u00e9voluer dans le monde du design.<\/p>\n<p>Il deviendra l\u2019un des pionniers, au c\u0153ur du d\u00e9veloppement du design au Qu\u00e9bec.<\/p>\n<p>&nbsp;<\/p>\n<p>Droit comme un ch\u00eane<\/p>\n<p>\u00c0 95\u00a0ans, Jacques Guillon a gard\u00e9 toute sa prestance, son \u0153il est vif et sa voix r\u00e9sonne lorsqu\u2019il parle de sa vie. Deux grandes \u00e9tapes ont fa\u00e7onn\u00e9 sa carri\u00e8re et influenc\u00e9\u00a0son \u00e9volution, son enfance sous les yeux affectueux d\u2019un p\u00e8re architecte et lui, qui d\u2019origine fran\u00e7aise, a pu servir la libert\u00e9 comme pilote dans la seule escadrille canadienne au Moyen-Orient durant la Seconde Guerre mondiale.<\/p>\n<p>Sur ces bases solides, il fonde avec aplomb son bureau de design en 1958, l\u2019un des premiers bureaux de design \u00e0 Montr\u00e9al.<\/p>\n<p>Durs durs, les d\u00e9buts. Les designers ne pouvant vivre de leurs royaut\u00e9s, Jacques S. Guillon et sa conjointe, Peggy McNaughton, ont alors d\u00e9cid\u00e9 que le rez-de-chauss\u00e9e de l\u2019entreprise accueillerait la boutique Pego. Ce commerce d\u2019importation de mobilier scandinave est men\u00e9 de main de ma\u00eetre par son \u00e9pouse.<\/p>\n<p>&nbsp;<\/p>\n<p>Et du solide<\/p>\n<p>Son exp\u00e9rience est plurielle, on lui doit entre autres le si\u00e8ge social d\u2019Alcan \u00e0 la place Ville-Marie, site d\u2019Alumna, un syst\u00e8me d\u2019insertions en aluminium sur les coins, permettant de prot\u00e9ger les meubles, le d\u00e9veloppement urbain de la cit\u00e9 de l\u2019Universit\u00e9 Concordia, la cofondation de l\u2019Association de design industriel du Canada ainsi que la fondation du Mus\u00e9e des arts d\u00e9coratifs.<\/p>\n<p>Suffit-il donc que tu paraisses\u2026 Elsa mon amour ma jeunesse. (Aragon)<\/p>\n<p>En terminant, il tient \u00e0 dire et redire&#8230; et quelle splendeur&#8230; qu\u2019il a eu une vie professionnelle et un mariage fort heureux, gr\u00e2ce \u00e0 son \u00e9pouse, Peggy McNaughton. Cette belle \u00c9cossaise, amoureuse, partenaire, complice, m\u00e8re de ses cinq filles, toujours \u00e0 ses c\u00f4t\u00e9s, femme de sa vie, \u00e0 qui il attribue tout son succ\u00e8s et tout son bonheur.<\/p>\n","protected":false},"template":"","class_list":["post-4731","project","type-project","status-publish","hentry"],"acf":[],"yoast_head":"<!-- This site is optimized with the Yoast SEO plugin v21.5 - https:\/\/yoast.com\/wordpress\/plugins\/seo\/ -->\n<title>Jacques Guillon\u2026 un g\u00e9ant du design - INT Design<\/title>\n<meta name=\"robots\" content=\"index, follow, max-snippet:-1, max-image-preview:large, max-video-preview:-1\" \/>\n<link rel=\"canonical\" href=\"https:\/\/int.design\/fr\/projets\/jacques-guillon-un-geant-du-design\/\" \/>\n<meta property=\"og:locale\" content=\"fr_FR\" \/>\n<meta property=\"og:type\" content=\"article\" \/>\n<meta property=\"og:title\" content=\"Jacques Guillon\u2026 un g\u00e9ant du design - INT Design\" \/>\n<meta property=\"og:description\" content=\"Une source qui devient rivi\u00e8re&#8230; Tout a commenc\u00e9 avec l\u2019embl\u00e9matique chaise Nylon4-, \u00e9l\u00e9gante et robuste, en \u00e9rable lamell\u00e9 et corde de nylon. Elle a \u00e9t\u00e9 con\u00e7ue par Jacques Guillon \u00e0 l\u2019\u00e2ge de 30\u00a0ans, une v\u00e9ritable \u00ab\u00a0annonciation\u00a0\u00bb, qui a ancr\u00e9 en lui le d\u00e9sir profond d\u2019\u00e9voluer dans le monde du design. Il deviendra l\u2019un des pionniers, &hellip; Continued\" \/>\n<meta property=\"og:url\" content=\"https:\/\/int.design\/fr\/projets\/jacques-guillon-un-geant-du-design\/\" \/>\n<meta property=\"og:site_name\" content=\"INT Design\" \/>\n<meta property=\"article:modified_time\" content=\"2020-04-06T04:12:42+00:00\" \/>\n<meta name=\"twitter:card\" content=\"summary_large_image\" \/>\n<meta name=\"twitter:label1\" content=\"Est. reading time\" \/>\n\t<meta name=\"twitter:data1\" content=\"2 minutes\" \/>\n<script type=\"application\/ld+json\" class=\"yoast-schema-graph\">{\"@context\":\"https:\/\/schema.org\",\"@graph\":[{\"@type\":\"WebPage\",\"@id\":\"https:\/\/int.design\/fr\/projets\/jacques-guillon-un-geant-du-design\/\",\"url\":\"https:\/\/int.design\/fr\/projets\/jacques-guillon-un-geant-du-design\/\",\"name\":\"Jacques Guillon\u2026 un g\u00e9ant du design - INT Design\",\"isPartOf\":{\"@id\":\"https:\/\/int.design\/fr\/#website\"},\"datePublished\":\"2018-02-10T00:43:08+00:00\",\"dateModified\":\"2020-04-06T04:12:42+00:00\",\"breadcrumb\":{\"@id\":\"https:\/\/int.design\/fr\/projets\/jacques-guillon-un-geant-du-design\/#breadcrumb\"},\"inLanguage\":\"fr-FR\",\"potentialAction\":[{\"@type\":\"ReadAction\",\"target\":[\"https:\/\/int.design\/fr\/projets\/jacques-guillon-un-geant-du-design\/\"]}]},{\"@type\":\"BreadcrumbList\",\"@id\":\"https:\/\/int.design\/fr\/projets\/jacques-guillon-un-geant-du-design\/#breadcrumb\",\"itemListElement\":[{\"@type\":\"ListItem\",\"position\":1,\"name\":\"Home\",\"item\":\"https:\/\/int.design\/fr\/\"},{\"@type\":\"ListItem\",\"position\":2,\"name\":\"Projects\",\"item\":\"https:\/\/int.design\/en\/projects\/\"},{\"@type\":\"ListItem\",\"position\":3,\"name\":\"Jacques Guillon\u2026 un g\u00e9ant du design\"}]},{\"@type\":\"WebSite\",\"@id\":\"https:\/\/int.design\/fr\/#website\",\"url\":\"https:\/\/int.design\/fr\/\",\"name\":\"INT Design\",\"description\":\"\",\"potentialAction\":[{\"@type\":\"SearchAction\",\"target\":{\"@type\":\"EntryPoint\",\"urlTemplate\":\"https:\/\/int.design\/fr\/?s={search_term_string}\"},\"query-input\":\"required name=search_term_string\"}],\"inLanguage\":\"fr-FR\"}]}<\/script>\n<!-- \/ Yoast SEO plugin. -->","yoast_head_json":{"title":"Jacques Guillon\u2026 un g\u00e9ant du design - INT Design","robots":{"index":"index","follow":"follow","max-snippet":"max-snippet:-1","max-image-preview":"max-image-preview:large","max-video-preview":"max-video-preview:-1"},"canonical":"https:\/\/int.design\/fr\/projets\/jacques-guillon-un-geant-du-design\/","og_locale":"fr_FR","og_type":"article","og_title":"Jacques Guillon\u2026 un g\u00e9ant du design - INT Design","og_description":"Une source qui devient rivi\u00e8re&#8230; Tout a commenc\u00e9 avec l\u2019embl\u00e9matique chaise Nylon4-, \u00e9l\u00e9gante et robuste, en \u00e9rable lamell\u00e9 et corde de nylon. Elle a \u00e9t\u00e9 con\u00e7ue par Jacques Guillon \u00e0 l\u2019\u00e2ge de 30\u00a0ans, une v\u00e9ritable \u00ab\u00a0annonciation\u00a0\u00bb, qui a ancr\u00e9 en lui le d\u00e9sir profond d\u2019\u00e9voluer dans le monde du design. Il deviendra l\u2019un des pionniers, &hellip; Continued","og_url":"https:\/\/int.design\/fr\/projets\/jacques-guillon-un-geant-du-design\/","og_site_name":"INT Design","article_modified_time":"2020-04-06T04:12:42+00:00","twitter_card":"summary_large_image","twitter_misc":{"Est. reading time":"2 minutes"},"schema":{"@context":"https:\/\/schema.org","@graph":[{"@type":"WebPage","@id":"https:\/\/int.design\/fr\/projets\/jacques-guillon-un-geant-du-design\/","url":"https:\/\/int.design\/fr\/projets\/jacques-guillon-un-geant-du-design\/","name":"Jacques Guillon\u2026 un g\u00e9ant du design - INT Design","isPartOf":{"@id":"https:\/\/int.design\/fr\/#website"},"datePublished":"2018-02-10T00:43:08+00:00","dateModified":"2020-04-06T04:12:42+00:00","breadcrumb":{"@id":"https:\/\/int.design\/fr\/projets\/jacques-guillon-un-geant-du-design\/#breadcrumb"},"inLanguage":"fr-FR","potentialAction":[{"@type":"ReadAction","target":["https:\/\/int.design\/fr\/projets\/jacques-guillon-un-geant-du-design\/"]}]},{"@type":"BreadcrumbList","@id":"https:\/\/int.design\/fr\/projets\/jacques-guillon-un-geant-du-design\/#breadcrumb","itemListElement":[{"@type":"ListItem","position":1,"name":"Home","item":"https:\/\/int.design\/fr\/"},{"@type":"ListItem","position":2,"name":"Projects","item":"https:\/\/int.design\/en\/projects\/"},{"@type":"ListItem","position":3,"name":"Jacques Guillon\u2026 un g\u00e9ant du design"}]},{"@type":"WebSite","@id":"https:\/\/int.design\/fr\/#website","url":"https:\/\/int.design\/fr\/","name":"INT Design","description":"","potentialAction":[{"@type":"SearchAction","target":{"@type":"EntryPoint","urlTemplate":"https:\/\/int.design\/fr\/?s={search_term_string}"},"query-input":"required name=search_term_string"}],"inLanguage":"fr-FR"}]}},"entry":{"cats":{"disciplines":[],"big_cats":[],"sub_cats":[]},"entry":{"images":[{"image":{"ID":4732,"id":4732,"title":"guillon.jpg","filename":"guillon.jpg","filesize":0,"url":"https:\/\/d2q6z78khxmx42.cloudfront.net\/2018\/02\/guillon.jpg","link":"https:\/\/int.design\/fr\/guillon-jpg\/","alt":"","author":"8","description":"","caption":"","name":"guillon-jpg","status":"inherit","uploaded_to":0,"date":"2020-04-06 04:12:35","modified":"2020-08-14 20:20:48","menu_order":0,"mime_type":"image\/jpeg","type":"image","subtype":"jpeg","icon":"https:\/\/int.design\/wp-includes\/images\/media\/default.png","width":1399,"height":1000,"sizes":{"thumbnail":"https:\/\/d2q6z78khxmx42.cloudfront.net\/2018\/02\/guillon-150x150.jpg","thumbnail-width":150,"thumbnail-height":150,"medium":"https:\/\/d2q6z78khxmx42.cloudfront.net\/2018\/02\/guillon-300x214.jpg","medium-width":300,"medium-height":214,"medium_large":"https:\/\/d2q6z78khxmx42.cloudfront.net\/2018\/02\/guillon-768x549.jpg","medium_large-width":768,"medium_large-height":549,"large":"https:\/\/d2q6z78khxmx42.cloudfront.net\/2018\/02\/guillon-1024x732.jpg","large-width":1024,"large-height":732,"1536x1536":"https:\/\/d2q6z78khxmx42.cloudfront.net\/2018\/02\/guillon.jpg","1536x1536-width":1399,"1536x1536-height":1000,"2048x2048":"https:\/\/d2q6z78khxmx42.cloudfront.net\/2018\/02\/guillon.jpg","2048x2048-width":1399,"2048x2048-height":1000,"article":"https:\/\/d2q6z78khxmx42.cloudfront.net\/2018\/02\/guillon-960x540.jpg","article-width":960,"article-height":540,"banner":"https:\/\/d2q6z78khxmx42.cloudfront.net\/2018\/02\/guillon.jpg","banner-width":1399,"banner-height":1000,"block":"https:\/\/d2q6z78khxmx42.cloudfront.net\/2018\/02\/guillon-900x680.jpg","block-width":900,"block-height":680,"card":"https:\/\/d2q6z78khxmx42.cloudfront.net\/2018\/02\/guillon-560x495.jpg","card-width":560,"card-height":495,"card-thumbnail":"https:\/\/d2q6z78khxmx42.cloudfront.net\/2018\/02\/guillon-450x340.jpg","card-thumbnail-width":450,"card-thumbnail-height":340,"conference":"https:\/\/d2q6z78khxmx42.cloudfront.net\/2018\/02\/guillon-560x250.jpg","conference-width":560,"conference-height":250,"contest":"https:\/\/d2q6z78khxmx42.cloudfront.net\/2018\/02\/guillon-960x400.jpg","contest-width":960,"contest-height":400,"cta":"https:\/\/d2q6z78khxmx42.cloudfront.net\/2018\/02\/guillon-415x170.jpg","cta-width":415,"cta-height":170,"exhibitor":"https:\/\/d2q6z78khxmx42.cloudfront.net\/2018\/02\/guillon-560x560.jpg","exhibitor-width":560,"exhibitor-height":560,"gallery":"https:\/\/d2q6z78khxmx42.cloudfront.net\/2018\/02\/guillon-560x400.jpg","gallery-width":560,"gallery-height":400,"logo":"https:\/\/d2q6z78khxmx42.cloudfront.net\/2018\/02\/guillon-140x100.jpg","logo-width":140,"logo-height":100,"masonry":"https:\/\/d2q6z78khxmx42.cloudfront.net\/2018\/02\/guillon-550x393.jpg","masonry-width":550,"masonry-height":393,"modal":"https:\/\/d2q6z78khxmx42.cloudfront.net\/2018\/02\/guillon.jpg","modal-width":1399,"modal-height":1000,"number":"https:\/\/d2q6z78khxmx42.cloudfront.net\/2018\/02\/lXiN3dK1-guillon-560x400.jpg","number-width":560,"number-height":400,"partner":"https:\/\/d2q6z78khxmx42.cloudfront.net\/2018\/02\/guillon-275x197.jpg","partner-width":275,"partner-height":197,"ranking":"https:\/\/d2q6z78khxmx42.cloudfront.net\/2018\/02\/lXiN3dK1-guillon-960x540.jpg","ranking-width":960,"ranking-height":540,"schedule":"https:\/\/d2q6z78khxmx42.cloudfront.net\/2018\/02\/guillon-960x360.jpg","schedule-width":960,"schedule-height":360,"slideshow":"https:\/\/d2q6z78khxmx42.cloudfront.net\/2018\/02\/guillon-951x680.jpg","slideshow-width":951,"slideshow-height":680}},"attachment_category":[],"credit":""},{"image":{"ID":4733,"id":4733,"title":"aeroport-dorval-1958.jpg","filename":"aeroport-dorval-1958.jpg","filesize":0,"url":"https:\/\/d2q6z78khxmx42.cloudfront.net\/2018\/02\/aeroport-dorval-1958.jpg","link":"https:\/\/int.design\/fr\/aeroport-dorval-1958-jpg\/","alt":"","author":"8","description":"","caption":"","name":"aeroport-dorval-1958-jpg","status":"inherit","uploaded_to":0,"date":"2020-04-06 04:12:36","modified":"2020-10-12 22:33:12","menu_order":0,"mime_type":"image\/jpeg","type":"image","subtype":"jpeg","icon":"https:\/\/int.design\/wp-includes\/images\/media\/default.png","width":1465,"height":1000,"sizes":{"thumbnail":"https:\/\/d2q6z78khxmx42.cloudfront.net\/2018\/02\/aeroport-dorval-1958-150x150.jpg","thumbnail-width":150,"thumbnail-height":150,"medium":"https:\/\/d2q6z78khxmx42.cloudfront.net\/2018\/02\/aeroport-dorval-1958-300x205.jpg","medium-width":300,"medium-height":205,"medium_large":"https:\/\/d2q6z78khxmx42.cloudfront.net\/2018\/02\/aeroport-dorval-1958-768x524.jpg","medium_large-width":768,"medium_large-height":524,"large":"https:\/\/d2q6z78khxmx42.cloudfront.net\/2018\/02\/aeroport-dorval-1958-1024x699.jpg","large-width":1024,"large-height":699,"1536x1536":"https:\/\/d2q6z78khxmx42.cloudfront.net\/2018\/02\/aeroport-dorval-1958.jpg","1536x1536-width":1465,"1536x1536-height":1000,"2048x2048":"https:\/\/d2q6z78khxmx42.cloudfront.net\/2018\/02\/aeroport-dorval-1958.jpg","2048x2048-width":1465,"2048x2048-height":1000,"article":"https:\/\/d2q6z78khxmx42.cloudfront.net\/2018\/02\/aeroport-dorval-1958-960x540.jpg","article-width":960,"article-height":540,"banner":"https:\/\/d2q6z78khxmx42.cloudfront.net\/2018\/02\/aeroport-dorval-1958.jpg","banner-width":1465,"banner-height":1000,"block":"https:\/\/d2q6z78khxmx42.cloudfront.net\/2018\/02\/aeroport-dorval-1958-900x680.jpg","block-width":900,"block-height":680,"card":"https:\/\/d2q6z78khxmx42.cloudfront.net\/2018\/02\/aeroport-dorval-1958-560x495.jpg","card-width":560,"card-height":495,"card-thumbnail":"https:\/\/d2q6z78khxmx42.cloudfront.net\/2018\/02\/aeroport-dorval-1958-450x340.jpg","card-thumbnail-width":450,"card-thumbnail-height":340,"conference":"https:\/\/d2q6z78khxmx42.cloudfront.net\/2018\/02\/aeroport-dorval-1958-560x250.jpg","conference-width":560,"conference-height":250,"contest":"https:\/\/d2q6z78khxmx42.cloudfront.net\/2018\/02\/aeroport-dorval-1958-960x400.jpg","contest-width":960,"contest-height":400,"cta":"https:\/\/d2q6z78khxmx42.cloudfront.net\/2018\/02\/aeroport-dorval-1958-415x170.jpg","cta-width":415,"cta-height":170,"exhibitor":"https:\/\/d2q6z78khxmx42.cloudfront.net\/2018\/02\/aeroport-dorval-1958-560x560.jpg","exhibitor-width":560,"exhibitor-height":560,"gallery":"https:\/\/d2q6z78khxmx42.cloudfront.net\/2018\/02\/aeroport-dorval-1958-560x382.jpg","gallery-width":560,"gallery-height":382,"logo":"https:\/\/d2q6z78khxmx42.cloudfront.net\/2018\/02\/aeroport-dorval-1958-147x100.jpg","logo-width":147,"logo-height":100,"masonry":"https:\/\/d2q6z78khxmx42.cloudfront.net\/2018\/02\/aeroport-dorval-1958-550x375.jpg","masonry-width":550,"masonry-height":375,"modal":"https:\/\/d2q6z78khxmx42.cloudfront.net\/2018\/02\/aeroport-dorval-1958.jpg","modal-width":1465,"modal-height":1000,"number":"https:\/\/d2q6z78khxmx42.cloudfront.net\/2018\/02\/BoNMcBsi-aeroport-dorval-1958-560x382.jpg","number-width":560,"number-height":382,"partner":"https:\/\/d2q6z78khxmx42.cloudfront.net\/2018\/02\/aeroport-dorval-1958-275x188.jpg","partner-width":275,"partner-height":188,"ranking":"https:\/\/d2q6z78khxmx42.cloudfront.net\/2018\/02\/BoNMcBsi-aeroport-dorval-1958-960x540.jpg","ranking-width":960,"ranking-height":540,"schedule":"https:\/\/d2q6z78khxmx42.cloudfront.net\/2018\/02\/aeroport-dorval-1958-960x360.jpg","schedule-width":960,"schedule-height":360,"slideshow":"https:\/\/d2q6z78khxmx42.cloudfront.net\/2018\/02\/aeroport-dorval-1958-996x680.jpg","slideshow-width":996,"slideshow-height":680}},"attachment_category":[],"credit":""},{"image":{"ID":4734,"id":4734,"title":"cord-chair-walnut-detail.jpg","filename":"cord-chair-walnut-detail.jpg","filesize":0,"url":"https:\/\/d2q6z78khxmx42.cloudfront.net\/2018\/02\/cord-chair-walnut-detail.jpg","link":"https:\/\/int.design\/fr\/cord-chair-walnut-detail-jpg\/","alt":"","author":"8","description":"","caption":"","name":"cord-chair-walnut-detail-jpg","status":"inherit","uploaded_to":0,"date":"2020-04-06 04:12:37","modified":"2020-10-12 22:32:47","menu_order":0,"mime_type":"image\/jpeg","type":"image","subtype":"jpeg","icon":"https:\/\/int.design\/wp-includes\/images\/media\/default.png","width":667,"height":1000,"sizes":{"thumbnail":"https:\/\/d2q6z78khxmx42.cloudfront.net\/2018\/02\/cord-chair-walnut-detail-150x150.jpg","thumbnail-width":150,"thumbnail-height":150,"medium":"https:\/\/d2q6z78khxmx42.cloudfront.net\/2018\/02\/cord-chair-walnut-detail-200x300.jpg","medium-width":200,"medium-height":300,"medium_large":"https:\/\/d2q6z78khxmx42.cloudfront.net\/2018\/02\/cord-chair-walnut-detail.jpg","medium_large-width":667,"medium_large-height":1000,"large":"https:\/\/d2q6z78khxmx42.cloudfront.net\/2018\/02\/cord-chair-walnut-detail.jpg","large-width":667,"large-height":1000,"1536x1536":"https:\/\/d2q6z78khxmx42.cloudfront.net\/2018\/02\/cord-chair-walnut-detail.jpg","1536x1536-width":667,"1536x1536-height":1000,"2048x2048":"https:\/\/d2q6z78khxmx42.cloudfront.net\/2018\/02\/cord-chair-walnut-detail.jpg","2048x2048-width":667,"2048x2048-height":1000,"article":"https:\/\/d2q6z78khxmx42.cloudfront.net\/2018\/02\/cord-chair-walnut-detail-667x540.jpg","article-width":667,"article-height":540,"banner":"https:\/\/d2q6z78khxmx42.cloudfront.net\/2018\/02\/cord-chair-walnut-detail.jpg","banner-width":667,"banner-height":1000,"block":"https:\/\/d2q6z78khxmx42.cloudfront.net\/2018\/02\/cord-chair-walnut-detail-667x680.jpg","block-width":667,"block-height":680,"card":"https:\/\/d2q6z78khxmx42.cloudfront.net\/2018\/02\/cord-chair-walnut-detail-560x495.jpg","card-width":560,"card-height":495,"card-thumbnail":"https:\/\/d2q6z78khxmx42.cloudfront.net\/2018\/02\/cord-chair-walnut-detail-450x340.jpg","card-thumbnail-width":450,"card-thumbnail-height":340,"conference":"https:\/\/d2q6z78khxmx42.cloudfront.net\/2018\/02\/cord-chair-walnut-detail-560x250.jpg","conference-width":560,"conference-height":250,"contest":"https:\/\/d2q6z78khxmx42.cloudfront.net\/2018\/02\/cord-chair-walnut-detail-667x400.jpg","contest-width":667,"contest-height":400,"cta":"https:\/\/d2q6z78khxmx42.cloudfront.net\/2018\/02\/cord-chair-walnut-detail-415x170.jpg","cta-width":415,"cta-height":170,"exhibitor":"https:\/\/d2q6z78khxmx42.cloudfront.net\/2018\/02\/cord-chair-walnut-detail-560x560.jpg","exhibitor-width":560,"exhibitor-height":560,"gallery":"https:\/\/d2q6z78khxmx42.cloudfront.net\/2018\/02\/cord-chair-walnut-detail-287x430.jpg","gallery-width":287,"gallery-height":430,"logo":"https:\/\/d2q6z78khxmx42.cloudfront.net\/2018\/02\/cord-chair-walnut-detail-67x100.jpg","logo-width":67,"logo-height":100,"masonry":"https:\/\/d2q6z78khxmx42.cloudfront.net\/2018\/02\/cord-chair-walnut-detail-550x825.jpg","masonry-width":550,"masonry-height":825,"modal":"https:\/\/d2q6z78khxmx42.cloudfront.net\/2018\/02\/cord-chair-walnut-detail.jpg","modal-width":667,"modal-height":1000,"number":"https:\/\/d2q6z78khxmx42.cloudfront.net\/2018\/02\/VrijzvyD-cord-chair-walnut-detail-287x430.jpg","number-width":287,"number-height":430,"partner":"https:\/\/d2q6z78khxmx42.cloudfront.net\/2018\/02\/cord-chair-walnut-detail-140x210.jpg","partner-width":140,"partner-height":210,"ranking":"https:\/\/d2q6z78khxmx42.cloudfront.net\/2018\/02\/VrijzvyD-cord-chair-walnut-detail-667x540.jpg","ranking-width":667,"ranking-height":540,"schedule":"https:\/\/d2q6z78khxmx42.cloudfront.net\/2018\/02\/cord-chair-walnut-detail-667x360.jpg","schedule-width":667,"schedule-height":360,"slideshow":"https:\/\/d2q6z78khxmx42.cloudfront.net\/2018\/02\/cord-chair-walnut-detail-454x680.jpg","slideshow-width":454,"slideshow-height":680}},"attachment_category":[],"credit":""},{"image":{"ID":4735,"id":4735,"title":"cord-chair-black-lacquer.jpg","filename":"cord-chair-black-lacquer.jpg","filesize":0,"url":"https:\/\/d2q6z78khxmx42.cloudfront.net\/2018\/02\/cord-chair-black-lacquer.jpg","link":"https:\/\/int.design\/fr\/cord-chair-black-lacquer-jpg\/","alt":"","author":"8","description":"","caption":"","name":"cord-chair-black-lacquer-jpg","status":"inherit","uploaded_to":0,"date":"2020-04-06 04:12:38","modified":"2020-10-12 22:32:23","menu_order":0,"mime_type":"image\/jpeg","type":"image","subtype":"jpeg","icon":"https:\/\/int.design\/wp-includes\/images\/media\/default.png","width":1500,"height":1000,"sizes":{"thumbnail":"https:\/\/d2q6z78khxmx42.cloudfront.net\/2018\/02\/cord-chair-black-lacquer-150x150.jpg","thumbnail-width":150,"thumbnail-height":150,"medium":"https:\/\/d2q6z78khxmx42.cloudfront.net\/2018\/02\/cord-chair-black-lacquer-300x200.jpg","medium-width":300,"medium-height":200,"medium_large":"https:\/\/d2q6z78khxmx42.cloudfront.net\/2018\/02\/cord-chair-black-lacquer-768x512.jpg","medium_large-width":768,"medium_large-height":512,"large":"https:\/\/d2q6z78khxmx42.cloudfront.net\/2018\/02\/cord-chair-black-lacquer-1024x683.jpg","large-width":1024,"large-height":683,"1536x1536":"https:\/\/d2q6z78khxmx42.cloudfront.net\/2018\/02\/cord-chair-black-lacquer.jpg","1536x1536-width":1500,"1536x1536-height":1000,"2048x2048":"https:\/\/d2q6z78khxmx42.cloudfront.net\/2018\/02\/cord-chair-black-lacquer.jpg","2048x2048-width":1500,"2048x2048-height":1000,"article":"https:\/\/d2q6z78khxmx42.cloudfront.net\/2018\/02\/cord-chair-black-lacquer-960x540.jpg","article-width":960,"article-height":540,"banner":"https:\/\/d2q6z78khxmx42.cloudfront.net\/2018\/02\/cord-chair-black-lacquer.jpg","banner-width":1500,"banner-height":1000,"block":"https:\/\/d2q6z78khxmx42.cloudfront.net\/2018\/02\/cord-chair-black-lacquer-900x680.jpg","block-width":900,"block-height":680,"card":"https:\/\/d2q6z78khxmx42.cloudfront.net\/2018\/02\/cord-chair-black-lacquer-560x495.jpg","card-width":560,"card-height":495,"card-thumbnail":"https:\/\/d2q6z78khxmx42.cloudfront.net\/2018\/02\/cord-chair-black-lacquer-450x340.jpg","card-thumbnail-width":450,"card-thumbnail-height":340,"conference":"https:\/\/d2q6z78khxmx42.cloudfront.net\/2018\/02\/cord-chair-black-lacquer-560x250.jpg","conference-width":560,"conference-height":250,"contest":"https:\/\/d2q6z78khxmx42.cloudfront.net\/2018\/02\/cord-chair-black-lacquer-960x400.jpg","contest-width":960,"contest-height":400,"cta":"https:\/\/d2q6z78khxmx42.cloudfront.net\/2018\/02\/cord-chair-black-lacquer-415x170.jpg","cta-width":415,"cta-height":170,"exhibitor":"https:\/\/d2q6z78khxmx42.cloudfront.net\/2018\/02\/cord-chair-black-lacquer-560x560.jpg","exhibitor-width":560,"exhibitor-height":560,"gallery":"https:\/\/d2q6z78khxmx42.cloudfront.net\/2018\/02\/cord-chair-black-lacquer-560x373.jpg","gallery-width":560,"gallery-height":373,"logo":"https:\/\/d2q6z78khxmx42.cloudfront.net\/2018\/02\/cord-chair-black-lacquer-150x100.jpg","logo-width":150,"logo-height":100,"masonry":"https:\/\/d2q6z78khxmx42.cloudfront.net\/2018\/02\/cord-chair-black-lacquer-550x367.jpg","masonry-width":550,"masonry-height":367,"modal":"https:\/\/d2q6z78khxmx42.cloudfront.net\/2018\/02\/cord-chair-black-lacquer.jpg","modal-width":1500,"modal-height":1000,"number":"https:\/\/d2q6z78khxmx42.cloudfront.net\/2018\/02\/2dE8gIoc-cord-chair-black-lacquer-560x373.jpg","number-width":560,"number-height":373,"partner":"https:\/\/d2q6z78khxmx42.cloudfront.net\/2018\/02\/cord-chair-black-lacquer-275x183.jpg","partner-width":275,"partner-height":183,"ranking":"https:\/\/d2q6z78khxmx42.cloudfront.net\/2018\/02\/2dE8gIoc-cord-chair-black-lacquer-960x540.jpg","ranking-width":960,"ranking-height":540,"schedule":"https:\/\/d2q6z78khxmx42.cloudfront.net\/2018\/02\/cord-chair-black-lacquer-960x360.jpg","schedule-width":960,"schedule-height":360,"slideshow":"https:\/\/d2q6z78khxmx42.cloudfront.net\/2018\/02\/cord-chair-black-lacquer-1020x680.jpg","slideshow-width":1020,"slideshow-height":680}},"attachment_category":{"544":"Mobilier r\u00e9sidentiel \u2013 salle \u00e0 manger"},"credit":""},{"image":{"ID":4736,"id":4736,"title":"guillonsmithmarquart_1977_2.jpg","filename":"guillonsmithmarquart_1977_2.jpg","filesize":0,"url":"https:\/\/d2q6z78khxmx42.cloudfront.net\/2018\/02\/guillonsmithmarquart_1977_2.jpg","link":"https:\/\/int.design\/fr\/guillonsmithmarquart_1977_2-jpg\/","alt":"","author":"8","description":"","caption":"","name":"guillonsmithmarquart_1977_2-jpg","status":"inherit","uploaded_to":0,"date":"2020-04-06 04:12:39","modified":"2020-10-12 22:31:51","menu_order":0,"mime_type":"image\/jpeg","type":"image","subtype":"jpeg","icon":"https:\/\/int.design\/wp-includes\/images\/media\/default.png","width":1406,"height":1000,"sizes":{"thumbnail":"https:\/\/d2q6z78khxmx42.cloudfront.net\/2018\/02\/guillonsmithmarquart_1977_2-150x150.jpg","thumbnail-width":150,"thumbnail-height":150,"medium":"https:\/\/d2q6z78khxmx42.cloudfront.net\/2018\/02\/guillonsmithmarquart_1977_2-300x213.jpg","medium-width":300,"medium-height":213,"medium_large":"https:\/\/d2q6z78khxmx42.cloudfront.net\/2018\/02\/guillonsmithmarquart_1977_2-768x546.jpg","medium_large-width":768,"medium_large-height":546,"large":"https:\/\/d2q6z78khxmx42.cloudfront.net\/2018\/02\/guillonsmithmarquart_1977_2-1024x728.jpg","large-width":1024,"large-height":728,"1536x1536":"https:\/\/d2q6z78khxmx42.cloudfront.net\/2018\/02\/guillonsmithmarquart_1977_2.jpg","1536x1536-width":1406,"1536x1536-height":1000,"2048x2048":"https:\/\/d2q6z78khxmx42.cloudfront.net\/2018\/02\/guillonsmithmarquart_1977_2.jpg","2048x2048-width":1406,"2048x2048-height":1000,"article":"https:\/\/d2q6z78khxmx42.cloudfront.net\/2018\/02\/guillonsmithmarquart_1977_2-960x540.jpg","article-width":960,"article-height":540,"banner":"https:\/\/d2q6z78khxmx42.cloudfront.net\/2018\/02\/guillonsmithmarquart_1977_2.jpg","banner-width":1406,"banner-height":1000,"block":"https:\/\/d2q6z78khxmx42.cloudfront.net\/2018\/02\/guillonsmithmarquart_1977_2-900x680.jpg","block-width":900,"block-height":680,"card":"https:\/\/d2q6z78khxmx42.cloudfront.net\/2018\/02\/guillonsmithmarquart_1977_2-560x495.jpg","card-width":560,"card-height":495,"card-thumbnail":"https:\/\/d2q6z78khxmx42.cloudfront.net\/2018\/02\/guillonsmithmarquart_1977_2-450x340.jpg","card-thumbnail-width":450,"card-thumbnail-height":340,"conference":"https:\/\/d2q6z78khxmx42.cloudfront.net\/2018\/02\/guillonsmithmarquart_1977_2-560x250.jpg","conference-width":560,"conference-height":250,"contest":"https:\/\/d2q6z78khxmx42.cloudfront.net\/2018\/02\/guillonsmithmarquart_1977_2-960x400.jpg","contest-width":960,"contest-height":400,"cta":"https:\/\/d2q6z78khxmx42.cloudfront.net\/2018\/02\/guillonsmithmarquart_1977_2-415x170.jpg","cta-width":415,"cta-height":170,"exhibitor":"https:\/\/d2q6z78khxmx42.cloudfront.net\/2018\/02\/guillonsmithmarquart_1977_2-560x560.jpg","exhibitor-width":560,"exhibitor-height":560,"gallery":"https:\/\/d2q6z78khxmx42.cloudfront.net\/2018\/02\/guillonsmithmarquart_1977_2-560x398.jpg","gallery-width":560,"gallery-height":398,"logo":"https:\/\/d2q6z78khxmx42.cloudfront.net\/2018\/02\/guillonsmithmarquart_1977_2-141x100.jpg","logo-width":141,"logo-height":100,"masonry":"https:\/\/d2q6z78khxmx42.cloudfront.net\/2018\/02\/guillonsmithmarquart_1977_2-550x391.jpg","masonry-width":550,"masonry-height":391,"modal":"https:\/\/d2q6z78khxmx42.cloudfront.net\/2018\/02\/guillonsmithmarquart_1977_2.jpg","modal-width":1406,"modal-height":1000,"number":"https:\/\/d2q6z78khxmx42.cloudfront.net\/2018\/02\/Acn4Q9ry-guillonsmithmarquart_1977_2-560x398.jpg","number-width":560,"number-height":398,"partner":"https:\/\/d2q6z78khxmx42.cloudfront.net\/2018\/02\/guillonsmithmarquart_1977_2-275x196.jpg","partner-width":275,"partner-height":196,"ranking":"https:\/\/d2q6z78khxmx42.cloudfront.net\/2018\/02\/Acn4Q9ry-guillonsmithmarquart_1977_2-960x540.jpg","ranking-width":960,"ranking-height":540,"schedule":"https:\/\/d2q6z78khxmx42.cloudfront.net\/2018\/02\/guillonsmithmarquart_1977_2-960x360.jpg","schedule-width":960,"schedule-height":360,"slideshow":"https:\/\/d2q6z78khxmx42.cloudfront.net\/2018\/02\/guillonsmithmarquart_1977_2-956x680.jpg","slideshow-width":956,"slideshow-height":680}},"attachment_category":[],"credit":""},{"image":{"ID":4737,"id":4737,"title":"cord-chair-walnut-studio-3.jpg","filename":"cord-chair-walnut-studio-3.jpg","filesize":0,"url":"https:\/\/d2q6z78khxmx42.cloudfront.net\/2018\/02\/cord-chair-walnut-studio-3.jpg","link":"https:\/\/int.design\/fr\/cord-chair-walnut-studio-3-jpg\/","alt":"","author":"8","description":"","caption":"","name":"cord-chair-walnut-studio-3-jpg","status":"inherit","uploaded_to":0,"date":"2020-04-06 04:12:40","modified":"2020-10-12 22:31:28","menu_order":0,"mime_type":"image\/jpeg","type":"image","subtype":"jpeg","icon":"https:\/\/int.design\/wp-includes\/images\/media\/default.png","width":756,"height":1000,"sizes":{"thumbnail":"https:\/\/d2q6z78khxmx42.cloudfront.net\/2018\/02\/cord-chair-walnut-studio-3-150x150.jpg","thumbnail-width":150,"thumbnail-height":150,"medium":"https:\/\/d2q6z78khxmx42.cloudfront.net\/2018\/02\/cord-chair-walnut-studio-3-227x300.jpg","medium-width":227,"medium-height":300,"medium_large":"https:\/\/d2q6z78khxmx42.cloudfront.net\/2018\/02\/cord-chair-walnut-studio-3.jpg","medium_large-width":756,"medium_large-height":1000,"large":"https:\/\/d2q6z78khxmx42.cloudfront.net\/2018\/02\/cord-chair-walnut-studio-3.jpg","large-width":756,"large-height":1000,"1536x1536":"https:\/\/d2q6z78khxmx42.cloudfront.net\/2018\/02\/cord-chair-walnut-studio-3.jpg","1536x1536-width":756,"1536x1536-height":1000,"2048x2048":"https:\/\/d2q6z78khxmx42.cloudfront.net\/2018\/02\/cord-chair-walnut-studio-3.jpg","2048x2048-width":756,"2048x2048-height":1000,"article":"https:\/\/d2q6z78khxmx42.cloudfront.net\/2018\/02\/cord-chair-walnut-studio-3-756x540.jpg","article-width":756,"article-height":540,"banner":"https:\/\/d2q6z78khxmx42.cloudfront.net\/2018\/02\/cord-chair-walnut-studio-3.jpg","banner-width":756,"banner-height":1000,"block":"https:\/\/d2q6z78khxmx42.cloudfront.net\/2018\/02\/cord-chair-walnut-studio-3-756x680.jpg","block-width":756,"block-height":680,"card":"https:\/\/d2q6z78khxmx42.cloudfront.net\/2018\/02\/cord-chair-walnut-studio-3-560x495.jpg","card-width":560,"card-height":495,"card-thumbnail":"https:\/\/d2q6z78khxmx42.cloudfront.net\/2018\/02\/cord-chair-walnut-studio-3-450x340.jpg","card-thumbnail-width":450,"card-thumbnail-height":340,"conference":"https:\/\/d2q6z78khxmx42.cloudfront.net\/2018\/02\/cord-chair-walnut-studio-3-560x250.jpg","conference-width":560,"conference-height":250,"contest":"https:\/\/d2q6z78khxmx42.cloudfront.net\/2018\/02\/cord-chair-walnut-studio-3-756x400.jpg","contest-width":756,"contest-height":400,"cta":"https:\/\/d2q6z78khxmx42.cloudfront.net\/2018\/02\/cord-chair-walnut-studio-3-415x170.jpg","cta-width":415,"cta-height":170,"exhibitor":"https:\/\/d2q6z78khxmx42.cloudfront.net\/2018\/02\/cord-chair-walnut-studio-3-560x560.jpg","exhibitor-width":560,"exhibitor-height":560,"gallery":"https:\/\/d2q6z78khxmx42.cloudfront.net\/2018\/02\/cord-chair-walnut-studio-3-325x430.jpg","gallery-width":325,"gallery-height":430,"logo":"https:\/\/d2q6z78khxmx42.cloudfront.net\/2018\/02\/cord-chair-walnut-studio-3-76x100.jpg","logo-width":76,"logo-height":100,"masonry":"https:\/\/d2q6z78khxmx42.cloudfront.net\/2018\/02\/cord-chair-walnut-studio-3-550x728.jpg","masonry-width":550,"masonry-height":728,"modal":"https:\/\/d2q6z78khxmx42.cloudfront.net\/2018\/02\/cord-chair-walnut-studio-3.jpg","modal-width":756,"modal-height":1000,"number":"https:\/\/d2q6z78khxmx42.cloudfront.net\/2018\/02\/HUKNcRKU-cord-chair-walnut-studio-3-325x430.jpg","number-width":325,"number-height":430,"partner":"https:\/\/d2q6z78khxmx42.cloudfront.net\/2018\/02\/cord-chair-walnut-studio-3-159x210.jpg","partner-width":159,"partner-height":210,"ranking":"https:\/\/d2q6z78khxmx42.cloudfront.net\/2018\/02\/HUKNcRKU-cord-chair-walnut-studio-3-756x540.jpg","ranking-width":756,"ranking-height":540,"schedule":"https:\/\/d2q6z78khxmx42.cloudfront.net\/2018\/02\/cord-chair-walnut-studio-3-756x360.jpg","schedule-width":756,"schedule-height":360,"slideshow":"https:\/\/d2q6z78khxmx42.cloudfront.net\/2018\/02\/cord-chair-walnut-studio-3-514x680.jpg","slideshow-width":514,"slideshow-height":680}},"attachment_category":{"544":"Mobilier r\u00e9sidentiel \u2013 salle \u00e0 manger"},"credit":""},{"image":{"ID":4738,"id":4738,"title":"expo-louis-saint-laurent-1980.jpg","filename":"expo-louis-saint-laurent-1980.jpg","filesize":0,"url":"https:\/\/d2q6z78khxmx42.cloudfront.net\/2018\/02\/expo-louis-saint-laurent-1980.jpg","link":"https:\/\/int.design\/fr\/expo-louis-saint-laurent-1980-jpg\/","alt":"","author":"8","description":"","caption":"","name":"expo-louis-saint-laurent-1980-jpg","status":"inherit","uploaded_to":0,"date":"2020-04-06 04:12:41","modified":"2020-10-12 22:31:00","menu_order":0,"mime_type":"image\/jpeg","type":"image","subtype":"jpeg","icon":"https:\/\/int.design\/wp-includes\/images\/media\/default.png","width":1500,"height":1000,"sizes":{"thumbnail":"https:\/\/d2q6z78khxmx42.cloudfront.net\/2018\/02\/expo-louis-saint-laurent-1980-150x150.jpg","thumbnail-width":150,"thumbnail-height":150,"medium":"https:\/\/d2q6z78khxmx42.cloudfront.net\/2018\/02\/expo-louis-saint-laurent-1980-300x200.jpg","medium-width":300,"medium-height":200,"medium_large":"https:\/\/d2q6z78khxmx42.cloudfront.net\/2018\/02\/expo-louis-saint-laurent-1980-768x512.jpg","medium_large-width":768,"medium_large-height":512,"large":"https:\/\/d2q6z78khxmx42.cloudfront.net\/2018\/02\/expo-louis-saint-laurent-1980-1024x683.jpg","large-width":1024,"large-height":683,"1536x1536":"https:\/\/d2q6z78khxmx42.cloudfront.net\/2018\/02\/expo-louis-saint-laurent-1980.jpg","1536x1536-width":1500,"1536x1536-height":1000,"2048x2048":"https:\/\/d2q6z78khxmx42.cloudfront.net\/2018\/02\/expo-louis-saint-laurent-1980.jpg","2048x2048-width":1500,"2048x2048-height":1000,"article":"https:\/\/d2q6z78khxmx42.cloudfront.net\/2018\/02\/expo-louis-saint-laurent-1980-960x540.jpg","article-width":960,"article-height":540,"banner":"https:\/\/d2q6z78khxmx42.cloudfront.net\/2018\/02\/expo-louis-saint-laurent-1980.jpg","banner-width":1500,"banner-height":1000,"block":"https:\/\/d2q6z78khxmx42.cloudfront.net\/2018\/02\/expo-louis-saint-laurent-1980-900x680.jpg","block-width":900,"block-height":680,"card":"https:\/\/d2q6z78khxmx42.cloudfront.net\/2018\/02\/expo-louis-saint-laurent-1980-560x495.jpg","card-width":560,"card-height":495,"card-thumbnail":"https:\/\/d2q6z78khxmx42.cloudfront.net\/2018\/02\/expo-louis-saint-laurent-1980-450x340.jpg","card-thumbnail-width":450,"card-thumbnail-height":340,"conference":"https:\/\/d2q6z78khxmx42.cloudfront.net\/2018\/02\/expo-louis-saint-laurent-1980-560x250.jpg","conference-width":560,"conference-height":250,"contest":"https:\/\/d2q6z78khxmx42.cloudfront.net\/2018\/02\/expo-louis-saint-laurent-1980-960x400.jpg","contest-width":960,"contest-height":400,"cta":"https:\/\/d2q6z78khxmx42.cloudfront.net\/2018\/02\/expo-louis-saint-laurent-1980-415x170.jpg","cta-width":415,"cta-height":170,"exhibitor":"https:\/\/d2q6z78khxmx42.cloudfront.net\/2018\/02\/expo-louis-saint-laurent-1980-560x560.jpg","exhibitor-width":560,"exhibitor-height":560,"gallery":"https:\/\/d2q6z78khxmx42.cloudfront.net\/2018\/02\/expo-louis-saint-laurent-1980-560x373.jpg","gallery-width":560,"gallery-height":373,"logo":"https:\/\/d2q6z78khxmx42.cloudfront.net\/2018\/02\/expo-louis-saint-laurent-1980-150x100.jpg","logo-width":150,"logo-height":100,"masonry":"https:\/\/d2q6z78khxmx42.cloudfront.net\/2018\/02\/expo-louis-saint-laurent-1980-550x367.jpg","masonry-width":550,"masonry-height":367,"modal":"https:\/\/d2q6z78khxmx42.cloudfront.net\/2018\/02\/expo-louis-saint-laurent-1980.jpg","modal-width":1500,"modal-height":1000,"number":"https:\/\/d2q6z78khxmx42.cloudfront.net\/2018\/02\/p6APR4Jz-expo-louis-saint-laurent-1980-560x373.jpg","number-width":560,"number-height":373,"partner":"https:\/\/d2q6z78khxmx42.cloudfront.net\/2018\/02\/expo-louis-saint-laurent-1980-275x183.jpg","partner-width":275,"partner-height":183,"ranking":"https:\/\/d2q6z78khxmx42.cloudfront.net\/2018\/02\/p6APR4Jz-expo-louis-saint-laurent-1980-960x540.jpg","ranking-width":960,"ranking-height":540,"schedule":"https:\/\/d2q6z78khxmx42.cloudfront.net\/2018\/02\/expo-louis-saint-laurent-1980-960x360.jpg","schedule-width":960,"schedule-height":360,"slideshow":"https:\/\/d2q6z78khxmx42.cloudfront.net\/2018\/02\/expo-louis-saint-laurent-1980-1020x680.jpg","slideshow-width":1020,"slideshow-height":680}},"attachment_category":[],"credit":""}],"status":"completed"},"laureats":[],"contest_id":"1797","contest_title":"GRANDS PRIX DU DESIGN - 11e \u00e9dition","firms":[],"user":{"email":"old_edition@agencepid.com","first_name":"Old Edition","last_name":"Participant"},"doc_texts_web":{"fr":"<p> Une source qui devient rivi\u00e8re&#8230;<\/p>\n<p>Tout a commenc\u00e9 avec l\u2019embl\u00e9matique chaise Nylon4-, \u00e9l\u00e9gante et robuste, en \u00e9rable lamell\u00e9 et corde de nylon. Elle a \u00e9t\u00e9 con\u00e7ue par Jacques Guillon \u00e0 l\u2019\u00e2ge de 30\u00a0ans, une v\u00e9ritable \u00ab\u00a0annonciation\u00a0\u00bb, qui a ancr\u00e9 en lui le d\u00e9sir profond d\u2019\u00e9voluer dans le monde du design.<\/p>\n<p>Il deviendra l\u2019un des pionniers, au c\u0153ur du d\u00e9veloppement du design au Qu\u00e9bec.<\/p>\n<p>&nbsp;<\/p>\n<p>Droit comme un ch\u00eane<\/p>\n<p>\u00c0 95\u00a0ans, Jacques Guillon a gard\u00e9 toute sa prestance, son \u0153il est vif et sa voix r\u00e9sonne lorsqu\u2019il parle de sa vie. Deux grandes \u00e9tapes ont fa\u00e7onn\u00e9 sa carri\u00e8re et influenc\u00e9\u00a0son \u00e9volution, son enfance sous les yeux affectueux d\u2019un p\u00e8re architecte et lui, qui d\u2019origine fran\u00e7aise, a pu servir la libert\u00e9 comme pilote dans la seule escadrille canadienne au Moyen-Orient durant la Seconde Guerre mondiale.<\/p>\n<p>Sur ces bases solides, il fonde avec aplomb son bureau de design en 1958, l\u2019un des premiers bureaux de design \u00e0 Montr\u00e9al.<\/p>\n<p>Durs durs, les d\u00e9buts. Les designers ne pouvant vivre de leurs royaut\u00e9s, Jacques S. Guillon et sa conjointe, Peggy McNaughton, ont alors d\u00e9cid\u00e9 que le rez-de-chauss\u00e9e de l\u2019entreprise accueillerait la boutique Pego. Ce commerce d\u2019importation de mobilier scandinave est men\u00e9 de main de ma\u00eetre par son \u00e9pouse.<\/p>\n<p>&nbsp;<\/p>\n<p>Et du solide<\/p>\n<p>Son exp\u00e9rience est plurielle, on lui doit entre autres le si\u00e8ge social d\u2019Alcan \u00e0 la place Ville-Marie, site d\u2019Alumna, un syst\u00e8me d\u2019insertions en aluminium sur les coins, permettant de prot\u00e9ger les meubles, le d\u00e9veloppement urbain de la cit\u00e9 de l\u2019Universit\u00e9 Concordia, la cofondation de l\u2019Association de design industriel du Canada ainsi que la fondation du Mus\u00e9e des arts d\u00e9coratifs.<\/p>\n<p>Suffit-il donc que tu paraisses\u2026 Elsa mon amour ma jeunesse. (Aragon)<\/p>\n<p>En terminant, il tient \u00e0 dire et redire&#8230; et quelle splendeur&#8230; qu\u2019il a eu une vie professionnelle et un mariage fort heureux, gr\u00e2ce \u00e0 son \u00e9pouse, Peggy McNaughton. Cette belle \u00c9cossaise, amoureuse, partenaire, complice, m\u00e8re de ses cinq filles, toujours \u00e0 ses c\u00f4t\u00e9s, femme de sa vie, \u00e0 qui il attribue tout son succ\u00e8s et tout son bonheur.<\/p>\n","en":"<p> A Design That Lasts<\/p>\n<p>The Nylon4 Chair, far from being ephemeral, is now part of the permanent collection of the Montr\u00e9al Museum of Fine Arts.<\/p>\n<p>It\u2019s still selling\u2026<\/p>\n<p>This durability will also apply to the design and signage of the Montr\u00e9al metro. Designed by Jacques S.Guillon &amp; Associates, the design of the cars has not aged at all. As for the logo of the metro \u2026 it is always so dashing. This quality has become his label; we recognize that his products do not date.<\/p>\n<p>His credo: a beautiful design must be able to be sold; it must be adapted to the needs of the customer. We must not work for glory.<\/p>\n<p>&nbsp;<\/p>\n<p>Dear to His Heart, Expo\u00a067<\/p>\n<p>He is proud to point out that he was instrumental in having 8 Canadian design firms create 8 pavilions for Expo\u00a067, a \u201ctrue design laboratory\u201d. As for Guillon\u2019s team, they built the Pavilion of Man and Life, the Belgian pavilion, as well as the layout and interior design of some Habitat\u00a067 cubes which were widely visited during Expo\u00a067 as examples of Canadian design.<\/p>\n<p>De facto, he became the catalyst of an international expertise.<\/p>\n<p>&nbsp;<\/p>\n<p>And Recognized<\/p>\n<p>He is also the recipient of the Sam-Lapointe Award and is a member of the Design Canada Circle of Honor. His company went through many changes, names, locations and today, he is the proud spiritual father of its latest reincarnation, GSM project, a very healthy company that has currently 1,000 projects in the world, including North America, Europe, the Middle East and Asia, arising from their three offices in Montr\u00e9al, Dubai and Singapore.<\/p>\n<p>&nbsp;<\/p>\n<p>&nbsp;<\/p>\n<p>&nbsp;<\/p>\n<p>&nbsp;<\/p>\n<p>&nbsp;<\/p>\n<p>&nbsp;<\/p>\n"},"permalinks":{"fr":"https:\/\/int.design\/fr\/projets\/jacques-guillon-un-geant-du-design\/","en":"https:\/\/int.design\/en\/projects\/jacques-guillon-un-geant-du-design\/"},"titles":{"fr":"Jacques Guillon\u2026 un g\u00e9ant du design","en":"Jacques Guillon\u2026 un g\u00e9ant du design"},"wp_fields":{"informations":{"fr":[{"content_type":"text","title":"Cat\u00e9gorie","content":"Prix hommage","link":null}],"en":[{"content_type":"text","title":"Category","content":"Prix hommage","link":null}]}},"laravel_id":""},"_links":{"self":[{"href":"https:\/\/int.design\/fr\/wp-json\/wp\/v2\/project\/4731","targetHints":{"allow":["GET"]}}],"collection":[{"href":"https:\/\/int.design\/fr\/wp-json\/wp\/v2\/project"}],"about":[{"href":"https:\/\/int.design\/fr\/wp-json\/wp\/v2\/types\/project"}],"wp:attachment":[{"href":"https:\/\/int.design\/fr\/wp-json\/wp\/v2\/media?parent=4731"}],"curies":[{"name":"wp","href":"https:\/\/api.w.org\/{rel}","templated":true}]}}