{"id":4682,"date":"2018-01-19T03:07:20","date_gmt":"2018-01-19T08:07:20","guid":{"rendered":"https:\/\/int.design\/projets\/ombrages-et-lumieres\/"},"modified":"2020-04-06T00:11:54","modified_gmt":"2020-04-06T04:11:54","slug":"ombrages-et-lumieres","status":"publish","type":"project","link":"https:\/\/int.design\/fr\/projets\/ombrages-et-lumieres\/","title":{"rendered":"Ombrages et Lumi\u00e8res"},"content":{"rendered":"<p>Voil\u00e0 donc un stand qui fut un lieu phare du SIDIM 2017 ! Un magnifique espace colloque-exposition consacr\u00e9 \u00e0 l\u2019univers de l\u2019\u00e9clairage qui a donn\u00e9 lieu \u00e0 de multiples activit\u00e9s dans une atmosph\u00e8re d\u2019\u00e9clat et d\u2019\u00e9merveillement. Le concept de l&rsquo;espace a \u00e9t\u00e9 pens\u00e9 au moyen d\u2019un mur de bo\u00eetes d\u2019exposition, r\u00e9alis\u00e9 en fonction de la taille des luminaires expos\u00e9s.<br \/>\nEn son sein, un lieu am\u00e9nag\u00e9 en lounge, o\u00f9 les triangles en contreplaqu\u00e9 et le bar agissent comme signal d\u2019appel et attirent les visiteurs. Un tel contexte donne lieu \u00e0 des rencontres fertiles et cr\u00e9e des \u00e9changes qui se bousculent dans une belle effervescence. On partage son attention entre d\u00e9couverte de luminaires et apprentissage des syst\u00e8mes de pointe et des plus hautes technologies.<\/p>\n<p>En un mot, un lieu pour tout savoir sur l\u2019\u00e9clairage, \u00e9ph\u00e9m\u00e8re mais qui procure une impression de permanence. Loin de l\u2019effet ennuyeux des stands qui se montent aussi vite qu\u2019ils se d\u00e9font, cet endroit convivial, magiquement inond\u00e9 de lumi\u00e8re, a su mettre en valeur la signature de chaque entreprise.<\/p>\n","protected":false},"template":"","class_list":["post-4682","project","type-project","status-publish","hentry"],"acf":[],"yoast_head":"<!-- This site is optimized with the Yoast SEO plugin v21.5 - https:\/\/yoast.com\/wordpress\/plugins\/seo\/ -->\n<title>Ombrages et Lumi\u00e8res - INT Design<\/title>\n<meta name=\"robots\" content=\"index, follow, max-snippet:-1, max-image-preview:large, max-video-preview:-1\" \/>\n<link rel=\"canonical\" href=\"https:\/\/int.design\/fr\/projets\/ombrages-et-lumieres\/\" \/>\n<meta property=\"og:locale\" content=\"fr_FR\" \/>\n<meta property=\"og:type\" content=\"article\" \/>\n<meta property=\"og:title\" content=\"Ombrages et Lumi\u00e8res - INT Design\" \/>\n<meta property=\"og:description\" content=\"Voil\u00e0 donc un stand qui fut un lieu phare du SIDIM 2017 ! Un magnifique espace colloque-exposition consacr\u00e9 \u00e0 l\u2019univers de l\u2019\u00e9clairage qui a donn\u00e9 lieu \u00e0 de multiples activit\u00e9s dans une atmosph\u00e8re d\u2019\u00e9clat et d\u2019\u00e9merveillement. Le concept de l&rsquo;espace a \u00e9t\u00e9 pens\u00e9 au moyen d\u2019un mur de bo\u00eetes d\u2019exposition, r\u00e9alis\u00e9 en fonction de la &hellip; Continued\" \/>\n<meta property=\"og:url\" content=\"https:\/\/int.design\/fr\/projets\/ombrages-et-lumieres\/\" \/>\n<meta property=\"og:site_name\" content=\"INT Design\" \/>\n<meta property=\"article:modified_time\" content=\"2020-04-06T04:11:54+00:00\" \/>\n<meta name=\"twitter:card\" content=\"summary_large_image\" \/>\n<meta name=\"twitter:label1\" content=\"Est. reading time\" \/>\n\t<meta name=\"twitter:data1\" content=\"1 minute\" \/>\n<script type=\"application\/ld+json\" class=\"yoast-schema-graph\">{\"@context\":\"https:\/\/schema.org\",\"@graph\":[{\"@type\":\"WebPage\",\"@id\":\"https:\/\/int.design\/fr\/projets\/ombrages-et-lumieres\/\",\"url\":\"https:\/\/int.design\/fr\/projets\/ombrages-et-lumieres\/\",\"name\":\"Ombrages et Lumi\u00e8res - INT Design\",\"isPartOf\":{\"@id\":\"https:\/\/int.design\/fr\/#website\"},\"datePublished\":\"2018-01-19T08:07:20+00:00\",\"dateModified\":\"2020-04-06T04:11:54+00:00\",\"breadcrumb\":{\"@id\":\"https:\/\/int.design\/fr\/projets\/ombrages-et-lumieres\/#breadcrumb\"},\"inLanguage\":\"fr-FR\",\"potentialAction\":[{\"@type\":\"ReadAction\",\"target\":[\"https:\/\/int.design\/fr\/projets\/ombrages-et-lumieres\/\"]}]},{\"@type\":\"BreadcrumbList\",\"@id\":\"https:\/\/int.design\/fr\/projets\/ombrages-et-lumieres\/#breadcrumb\",\"itemListElement\":[{\"@type\":\"ListItem\",\"position\":1,\"name\":\"Home\",\"item\":\"https:\/\/int.design\/fr\/\"},{\"@type\":\"ListItem\",\"position\":2,\"name\":\"Projects\",\"item\":\"https:\/\/int.design\/en\/projects\/\"},{\"@type\":\"ListItem\",\"position\":3,\"name\":\"Ombrages et Lumi\u00e8res\"}]},{\"@type\":\"WebSite\",\"@id\":\"https:\/\/int.design\/fr\/#website\",\"url\":\"https:\/\/int.design\/fr\/\",\"name\":\"INT Design\",\"description\":\"\",\"potentialAction\":[{\"@type\":\"SearchAction\",\"target\":{\"@type\":\"EntryPoint\",\"urlTemplate\":\"https:\/\/int.design\/fr\/?s={search_term_string}\"},\"query-input\":\"required name=search_term_string\"}],\"inLanguage\":\"fr-FR\"}]}<\/script>\n<!-- \/ Yoast SEO plugin. -->","yoast_head_json":{"title":"Ombrages et Lumi\u00e8res - INT Design","robots":{"index":"index","follow":"follow","max-snippet":"max-snippet:-1","max-image-preview":"max-image-preview:large","max-video-preview":"max-video-preview:-1"},"canonical":"https:\/\/int.design\/fr\/projets\/ombrages-et-lumieres\/","og_locale":"fr_FR","og_type":"article","og_title":"Ombrages et Lumi\u00e8res - INT Design","og_description":"Voil\u00e0 donc un stand qui fut un lieu phare du SIDIM 2017 ! Un magnifique espace colloque-exposition consacr\u00e9 \u00e0 l\u2019univers de l\u2019\u00e9clairage qui a donn\u00e9 lieu \u00e0 de multiples activit\u00e9s dans une atmosph\u00e8re d\u2019\u00e9clat et d\u2019\u00e9merveillement. Le concept de l&rsquo;espace a \u00e9t\u00e9 pens\u00e9 au moyen d\u2019un mur de bo\u00eetes d\u2019exposition, r\u00e9alis\u00e9 en fonction de la &hellip; Continued","og_url":"https:\/\/int.design\/fr\/projets\/ombrages-et-lumieres\/","og_site_name":"INT Design","article_modified_time":"2020-04-06T04:11:54+00:00","twitter_card":"summary_large_image","twitter_misc":{"Est. reading time":"1 minute"},"schema":{"@context":"https:\/\/schema.org","@graph":[{"@type":"WebPage","@id":"https:\/\/int.design\/fr\/projets\/ombrages-et-lumieres\/","url":"https:\/\/int.design\/fr\/projets\/ombrages-et-lumieres\/","name":"Ombrages et Lumi\u00e8res - INT Design","isPartOf":{"@id":"https:\/\/int.design\/fr\/#website"},"datePublished":"2018-01-19T08:07:20+00:00","dateModified":"2020-04-06T04:11:54+00:00","breadcrumb":{"@id":"https:\/\/int.design\/fr\/projets\/ombrages-et-lumieres\/#breadcrumb"},"inLanguage":"fr-FR","potentialAction":[{"@type":"ReadAction","target":["https:\/\/int.design\/fr\/projets\/ombrages-et-lumieres\/"]}]},{"@type":"BreadcrumbList","@id":"https:\/\/int.design\/fr\/projets\/ombrages-et-lumieres\/#breadcrumb","itemListElement":[{"@type":"ListItem","position":1,"name":"Home","item":"https:\/\/int.design\/fr\/"},{"@type":"ListItem","position":2,"name":"Projects","item":"https:\/\/int.design\/en\/projects\/"},{"@type":"ListItem","position":3,"name":"Ombrages et Lumi\u00e8res"}]},{"@type":"WebSite","@id":"https:\/\/int.design\/fr\/#website","url":"https:\/\/int.design\/fr\/","name":"INT Design","description":"","potentialAction":[{"@type":"SearchAction","target":{"@type":"EntryPoint","urlTemplate":"https:\/\/int.design\/fr\/?s={search_term_string}"},"query-input":"required name=search_term_string"}],"inLanguage":"fr-FR"}]}},"entry":{"cats":{"disciplines":[],"big_cats":[],"sub_cats":[]},"entry":{"images":[{"image":{"ID":4683,"id":4683,"title":"7-ombrageslumieres_2-1_hatemdarchitecture_eba_eba_01.jpg","filename":"7-ombrageslumieres_2-1_hatemdarchitecture_eba_eba_01.jpg","filesize":0,"url":"https:\/\/d2q6z78khxmx42.cloudfront.net\/2018\/01\/7-ombrageslumieres_2-1_hatemdarchitecture_eba_eba_01.jpg","link":"https:\/\/int.design\/fr\/7-ombrageslumieres_2-1_hatemdarchitecture_eba_eba_01-jpg\/","alt":"","author":"8","description":"","caption":"","name":"7-ombrageslumieres_2-1_hatemdarchitecture_eba_eba_01-jpg","status":"inherit","uploaded_to":0,"date":"2020-04-06 04:11:49","modified":"2020-10-12 22:37:29","menu_order":0,"mime_type":"image\/jpeg","type":"image","subtype":"jpeg","icon":"https:\/\/int.design\/wp-includes\/images\/media\/default.png","width":1621,"height":1080,"sizes":{"thumbnail":"https:\/\/d2q6z78khxmx42.cloudfront.net\/2018\/01\/7-ombrageslumieres_2-1_hatemdarchitecture_eba_eba_01-150x150.jpg","thumbnail-width":150,"thumbnail-height":150,"medium":"https:\/\/d2q6z78khxmx42.cloudfront.net\/2018\/01\/7-ombrageslumieres_2-1_hatemdarchitecture_eba_eba_01-300x200.jpg","medium-width":300,"medium-height":200,"medium_large":"https:\/\/d2q6z78khxmx42.cloudfront.net\/2018\/01\/7-ombrageslumieres_2-1_hatemdarchitecture_eba_eba_01-768x512.jpg","medium_large-width":768,"medium_large-height":512,"large":"https:\/\/d2q6z78khxmx42.cloudfront.net\/2018\/01\/7-ombrageslumieres_2-1_hatemdarchitecture_eba_eba_01-1024x682.jpg","large-width":1024,"large-height":682,"1536x1536":"https:\/\/d2q6z78khxmx42.cloudfront.net\/2018\/01\/7-ombrageslumieres_2-1_hatemdarchitecture_eba_eba_01-1536x1023.jpg","1536x1536-width":1536,"1536x1536-height":1023,"2048x2048":"https:\/\/d2q6z78khxmx42.cloudfront.net\/2018\/01\/7-ombrageslumieres_2-1_hatemdarchitecture_eba_eba_01.jpg","2048x2048-width":1621,"2048x2048-height":1080,"article":"https:\/\/d2q6z78khxmx42.cloudfront.net\/2018\/01\/7-ombrageslumieres_2-1_hatemdarchitecture_eba_eba_01-960x540.jpg","article-width":960,"article-height":540,"banner":"https:\/\/d2q6z78khxmx42.cloudfront.net\/2018\/01\/7-ombrageslumieres_2-1_hatemdarchitecture_eba_eba_01.jpg","banner-width":1621,"banner-height":1080,"block":"https:\/\/d2q6z78khxmx42.cloudfront.net\/2018\/01\/7-ombrageslumieres_2-1_hatemdarchitecture_eba_eba_01-900x680.jpg","block-width":900,"block-height":680,"card":"https:\/\/d2q6z78khxmx42.cloudfront.net\/2018\/01\/7-ombrageslumieres_2-1_hatemdarchitecture_eba_eba_01-560x495.jpg","card-width":560,"card-height":495,"card-thumbnail":"https:\/\/d2q6z78khxmx42.cloudfront.net\/2018\/01\/7-ombrageslumieres_2-1_hatemdarchitecture_eba_eba_01-450x340.jpg","card-thumbnail-width":450,"card-thumbnail-height":340,"conference":"https:\/\/d2q6z78khxmx42.cloudfront.net\/2018\/01\/7-ombrageslumieres_2-1_hatemdarchitecture_eba_eba_01-560x250.jpg","conference-width":560,"conference-height":250,"contest":"https:\/\/d2q6z78khxmx42.cloudfront.net\/2018\/01\/7-ombrageslumieres_2-1_hatemdarchitecture_eba_eba_01-960x400.jpg","contest-width":960,"contest-height":400,"cta":"https:\/\/d2q6z78khxmx42.cloudfront.net\/2018\/01\/7-ombrageslumieres_2-1_hatemdarchitecture_eba_eba_01-415x170.jpg","cta-width":415,"cta-height":170,"exhibitor":"https:\/\/d2q6z78khxmx42.cloudfront.net\/2018\/01\/7-ombrageslumieres_2-1_hatemdarchitecture_eba_eba_01-560x560.jpg","exhibitor-width":560,"exhibitor-height":560,"gallery":"https:\/\/d2q6z78khxmx42.cloudfront.net\/2018\/01\/7-ombrageslumieres_2-1_hatemdarchitecture_eba_eba_01-560x373.jpg","gallery-width":560,"gallery-height":373,"logo":"https:\/\/d2q6z78khxmx42.cloudfront.net\/2018\/01\/7-ombrageslumieres_2-1_hatemdarchitecture_eba_eba_01-150x100.jpg","logo-width":150,"logo-height":100,"masonry":"https:\/\/d2q6z78khxmx42.cloudfront.net\/2018\/01\/7-ombrageslumieres_2-1_hatemdarchitecture_eba_eba_01-550x366.jpg","masonry-width":550,"masonry-height":366,"modal":"https:\/\/d2q6z78khxmx42.cloudfront.net\/2018\/01\/7-ombrageslumieres_2-1_hatemdarchitecture_eba_eba_01.jpg","modal-width":1621,"modal-height":1080,"number":"https:\/\/d2q6z78khxmx42.cloudfront.net\/2018\/01\/6Cs5JInU-7-ombrageslumieres_2-1_hatemdarchitecture_eba_eba_01-560x373.jpg","number-width":560,"number-height":373,"partner":"https:\/\/d2q6z78khxmx42.cloudfront.net\/2018\/01\/7-ombrageslumieres_2-1_hatemdarchitecture_eba_eba_01-275x183.jpg","partner-width":275,"partner-height":183,"ranking":"https:\/\/d2q6z78khxmx42.cloudfront.net\/2018\/01\/6Cs5JInU-7-ombrageslumieres_2-1_hatemdarchitecture_eba_eba_01-960x540.jpg","ranking-width":960,"ranking-height":540,"schedule":"https:\/\/d2q6z78khxmx42.cloudfront.net\/2018\/01\/7-ombrageslumieres_2-1_hatemdarchitecture_eba_eba_01-960x360.jpg","schedule-width":960,"schedule-height":360,"slideshow":"https:\/\/d2q6z78khxmx42.cloudfront.net\/2018\/01\/7-ombrageslumieres_2-1_hatemdarchitecture_eba_eba_01-1021x680.jpg","slideshow-width":1021,"slideshow-height":680}},"attachment_category":{"580":"Signalisation &amp; branding"},"credit":""},{"image":{"ID":4684,"id":4684,"title":"7-ombrageslumieres1983-copie-2.jpg","filename":"7-ombrageslumieres1983-copie-2.jpg","filesize":0,"url":"https:\/\/d2q6z78khxmx42.cloudfront.net\/2018\/01\/7-ombrageslumieres1983-copie-2.jpg","link":"https:\/\/int.design\/fr\/7-ombrageslumieres1983-copie-2-jpg\/","alt":"","author":"8","description":"","caption":"","name":"7-ombrageslumieres1983-copie-2-jpg","status":"inherit","uploaded_to":0,"date":"2020-04-06 04:11:50","modified":"2020-10-12 22:36:52","menu_order":0,"mime_type":"image\/jpeg","type":"image","subtype":"jpeg","icon":"https:\/\/int.design\/wp-includes\/images\/media\/default.png","width":720,"height":1080,"sizes":{"thumbnail":"https:\/\/d2q6z78khxmx42.cloudfront.net\/2018\/01\/7-ombrageslumieres1983-copie-2-150x150.jpg","thumbnail-width":150,"thumbnail-height":150,"medium":"https:\/\/d2q6z78khxmx42.cloudfront.net\/2018\/01\/7-ombrageslumieres1983-copie-2-200x300.jpg","medium-width":200,"medium-height":300,"medium_large":"https:\/\/d2q6z78khxmx42.cloudfront.net\/2018\/01\/7-ombrageslumieres1983-copie-2.jpg","medium_large-width":720,"medium_large-height":1080,"large":"https:\/\/d2q6z78khxmx42.cloudfront.net\/2018\/01\/7-ombrageslumieres1983-copie-2-683x1024.jpg","large-width":683,"large-height":1024,"1536x1536":"https:\/\/d2q6z78khxmx42.cloudfront.net\/2018\/01\/7-ombrageslumieres1983-copie-2.jpg","1536x1536-width":720,"1536x1536-height":1080,"2048x2048":"https:\/\/d2q6z78khxmx42.cloudfront.net\/2018\/01\/7-ombrageslumieres1983-copie-2.jpg","2048x2048-width":720,"2048x2048-height":1080,"article":"https:\/\/d2q6z78khxmx42.cloudfront.net\/2018\/01\/7-ombrageslumieres1983-copie-2-720x540.jpg","article-width":720,"article-height":540,"banner":"https:\/\/d2q6z78khxmx42.cloudfront.net\/2018\/01\/7-ombrageslumieres1983-copie-2.jpg","banner-width":720,"banner-height":1080,"block":"https:\/\/d2q6z78khxmx42.cloudfront.net\/2018\/01\/7-ombrageslumieres1983-copie-2-720x680.jpg","block-width":720,"block-height":680,"card":"https:\/\/d2q6z78khxmx42.cloudfront.net\/2018\/01\/7-ombrageslumieres1983-copie-2-560x495.jpg","card-width":560,"card-height":495,"card-thumbnail":"https:\/\/d2q6z78khxmx42.cloudfront.net\/2018\/01\/7-ombrageslumieres1983-copie-2-450x340.jpg","card-thumbnail-width":450,"card-thumbnail-height":340,"conference":"https:\/\/d2q6z78khxmx42.cloudfront.net\/2018\/01\/7-ombrageslumieres1983-copie-2-560x250.jpg","conference-width":560,"conference-height":250,"contest":"https:\/\/d2q6z78khxmx42.cloudfront.net\/2018\/01\/7-ombrageslumieres1983-copie-2-720x400.jpg","contest-width":720,"contest-height":400,"cta":"https:\/\/d2q6z78khxmx42.cloudfront.net\/2018\/01\/7-ombrageslumieres1983-copie-2-415x170.jpg","cta-width":415,"cta-height":170,"exhibitor":"https:\/\/d2q6z78khxmx42.cloudfront.net\/2018\/01\/7-ombrageslumieres1983-copie-2-560x560.jpg","exhibitor-width":560,"exhibitor-height":560,"gallery":"https:\/\/d2q6z78khxmx42.cloudfront.net\/2018\/01\/7-ombrageslumieres1983-copie-2-287x430.jpg","gallery-width":287,"gallery-height":430,"logo":"https:\/\/d2q6z78khxmx42.cloudfront.net\/2018\/01\/7-ombrageslumieres1983-copie-2-67x100.jpg","logo-width":67,"logo-height":100,"masonry":"https:\/\/d2q6z78khxmx42.cloudfront.net\/2018\/01\/7-ombrageslumieres1983-copie-2-550x825.jpg","masonry-width":550,"masonry-height":825,"modal":"https:\/\/d2q6z78khxmx42.cloudfront.net\/2018\/01\/7-ombrageslumieres1983-copie-2.jpg","modal-width":720,"modal-height":1080,"number":"https:\/\/d2q6z78khxmx42.cloudfront.net\/2018\/01\/A1cYTUnw-7-ombrageslumieres1983-copie-2-287x430.jpg","number-width":287,"number-height":430,"partner":"https:\/\/d2q6z78khxmx42.cloudfront.net\/2018\/01\/7-ombrageslumieres1983-copie-2-140x210.jpg","partner-width":140,"partner-height":210,"ranking":"https:\/\/d2q6z78khxmx42.cloudfront.net\/2018\/01\/A1cYTUnw-7-ombrageslumieres1983-copie-2-720x540.jpg","ranking-width":720,"ranking-height":540,"schedule":"https:\/\/d2q6z78khxmx42.cloudfront.net\/2018\/01\/7-ombrageslumieres1983-copie-2-720x360.jpg","schedule-width":720,"schedule-height":360,"slideshow":"https:\/\/d2q6z78khxmx42.cloudfront.net\/2018\/01\/7-ombrageslumieres1983-copie-2-453x680.jpg","slideshow-width":453,"slideshow-height":680}},"attachment_category":[],"credit":""},{"image":{"ID":4685,"id":4685,"title":"7-ombrageslumieres1979-copie-2.jpg","filename":"7-ombrageslumieres1979-copie-2.jpg","filesize":0,"url":"https:\/\/d2q6z78khxmx42.cloudfront.net\/2018\/01\/7-ombrageslumieres1979-copie-2.jpg","link":"https:\/\/int.design\/fr\/7-ombrageslumieres1979-copie-2-jpg\/","alt":"","author":"0","description":"","caption":"","name":"7-ombrageslumieres1979-copie-2-jpg","status":"inherit","uploaded_to":0,"date":"2020-04-06 04:11:51","modified":"2020-04-06 04:11:51","menu_order":0,"mime_type":"image\/jpeg","type":"image","subtype":"jpeg","icon":"https:\/\/int.design\/wp-includes\/images\/media\/default.png","width":1620,"height":1080,"sizes":{"thumbnail":"https:\/\/d2q6z78khxmx42.cloudfront.net\/2018\/01\/7-ombrageslumieres1979-copie-2-150x150.jpg","thumbnail-width":150,"thumbnail-height":150,"medium":"https:\/\/d2q6z78khxmx42.cloudfront.net\/2018\/01\/7-ombrageslumieres1979-copie-2-300x200.jpg","medium-width":300,"medium-height":200,"medium_large":"https:\/\/d2q6z78khxmx42.cloudfront.net\/2018\/01\/7-ombrageslumieres1979-copie-2-768x512.jpg","medium_large-width":768,"medium_large-height":512,"large":"https:\/\/d2q6z78khxmx42.cloudfront.net\/2018\/01\/7-ombrageslumieres1979-copie-2-1024x683.jpg","large-width":1024,"large-height":683,"1536x1536":"https:\/\/d2q6z78khxmx42.cloudfront.net\/2018\/01\/7-ombrageslumieres1979-copie-2-1536x1024.jpg","1536x1536-width":1536,"1536x1536-height":1024,"2048x2048":"https:\/\/d2q6z78khxmx42.cloudfront.net\/2018\/01\/7-ombrageslumieres1979-copie-2.jpg","2048x2048-width":1620,"2048x2048-height":1080,"article":"https:\/\/d2q6z78khxmx42.cloudfront.net\/2018\/01\/7-ombrageslumieres1979-copie-2-960x540.jpg","article-width":960,"article-height":540,"banner":"https:\/\/d2q6z78khxmx42.cloudfront.net\/2018\/01\/7-ombrageslumieres1979-copie-2.jpg","banner-width":1620,"banner-height":1080,"block":"https:\/\/d2q6z78khxmx42.cloudfront.net\/2018\/01\/7-ombrageslumieres1979-copie-2-900x680.jpg","block-width":900,"block-height":680,"card":"https:\/\/d2q6z78khxmx42.cloudfront.net\/2018\/01\/7-ombrageslumieres1979-copie-2-560x495.jpg","card-width":560,"card-height":495,"card-thumbnail":"https:\/\/d2q6z78khxmx42.cloudfront.net\/2018\/01\/7-ombrageslumieres1979-copie-2-450x340.jpg","card-thumbnail-width":450,"card-thumbnail-height":340,"conference":"https:\/\/d2q6z78khxmx42.cloudfront.net\/2018\/01\/7-ombrageslumieres1979-copie-2-560x250.jpg","conference-width":560,"conference-height":250,"contest":"https:\/\/d2q6z78khxmx42.cloudfront.net\/2018\/01\/7-ombrageslumieres1979-copie-2-960x400.jpg","contest-width":960,"contest-height":400,"cta":"https:\/\/d2q6z78khxmx42.cloudfront.net\/2018\/01\/7-ombrageslumieres1979-copie-2-415x170.jpg","cta-width":415,"cta-height":170,"exhibitor":"https:\/\/d2q6z78khxmx42.cloudfront.net\/2018\/01\/7-ombrageslumieres1979-copie-2-560x560.jpg","exhibitor-width":560,"exhibitor-height":560,"gallery":"https:\/\/d2q6z78khxmx42.cloudfront.net\/2018\/01\/7-ombrageslumieres1979-copie-2-560x373.jpg","gallery-width":560,"gallery-height":373,"logo":"https:\/\/d2q6z78khxmx42.cloudfront.net\/2018\/01\/7-ombrageslumieres1979-copie-2-150x100.jpg","logo-width":150,"logo-height":100,"masonry":"https:\/\/d2q6z78khxmx42.cloudfront.net\/2018\/01\/7-ombrageslumieres1979-copie-2-550x367.jpg","masonry-width":550,"masonry-height":367,"modal":"https:\/\/d2q6z78khxmx42.cloudfront.net\/2018\/01\/7-ombrageslumieres1979-copie-2.jpg","modal-width":1620,"modal-height":1080,"number":"https:\/\/d2q6z78khxmx42.cloudfront.net\/2018\/01\/XjjxTcJK-7-ombrageslumieres1979-copie-2-560x373.jpg","number-width":560,"number-height":373,"partner":"https:\/\/d2q6z78khxmx42.cloudfront.net\/2018\/01\/7-ombrageslumieres1979-copie-2-275x183.jpg","partner-width":275,"partner-height":183,"ranking":"https:\/\/d2q6z78khxmx42.cloudfront.net\/2018\/01\/XjjxTcJK-7-ombrageslumieres1979-copie-2-960x540.jpg","ranking-width":960,"ranking-height":540,"schedule":"https:\/\/d2q6z78khxmx42.cloudfront.net\/2018\/01\/7-ombrageslumieres1979-copie-2-960x360.jpg","schedule-width":960,"schedule-height":360,"slideshow":"https:\/\/d2q6z78khxmx42.cloudfront.net\/2018\/01\/7-ombrageslumieres1979-copie-2-1020x680.jpg","slideshow-width":1020,"slideshow-height":680}},"attachment_category":[],"credit":""},{"image":{"ID":4686,"id":4686,"title":"7-ombrageslumieres1969-copie-2.jpg","filename":"7-ombrageslumieres1969-copie-2.jpg","filesize":0,"url":"https:\/\/d2q6z78khxmx42.cloudfront.net\/2018\/01\/7-ombrageslumieres1969-copie-2.jpg","link":"https:\/\/int.design\/fr\/7-ombrageslumieres1969-copie-2-jpg\/","alt":"","author":"8","description":"","caption":"","name":"7-ombrageslumieres1969-copie-2-jpg","status":"inherit","uploaded_to":0,"date":"2020-04-06 04:11:52","modified":"2020-10-12 22:36:17","menu_order":0,"mime_type":"image\/jpeg","type":"image","subtype":"jpeg","icon":"https:\/\/int.design\/wp-includes\/images\/media\/default.png","width":720,"height":1080,"sizes":{"thumbnail":"https:\/\/d2q6z78khxmx42.cloudfront.net\/2018\/01\/7-ombrageslumieres1969-copie-2-150x150.jpg","thumbnail-width":150,"thumbnail-height":150,"medium":"https:\/\/d2q6z78khxmx42.cloudfront.net\/2018\/01\/7-ombrageslumieres1969-copie-2-200x300.jpg","medium-width":200,"medium-height":300,"medium_large":"https:\/\/d2q6z78khxmx42.cloudfront.net\/2018\/01\/7-ombrageslumieres1969-copie-2.jpg","medium_large-width":720,"medium_large-height":1080,"large":"https:\/\/d2q6z78khxmx42.cloudfront.net\/2018\/01\/7-ombrageslumieres1969-copie-2-683x1024.jpg","large-width":683,"large-height":1024,"1536x1536":"https:\/\/d2q6z78khxmx42.cloudfront.net\/2018\/01\/7-ombrageslumieres1969-copie-2.jpg","1536x1536-width":720,"1536x1536-height":1080,"2048x2048":"https:\/\/d2q6z78khxmx42.cloudfront.net\/2018\/01\/7-ombrageslumieres1969-copie-2.jpg","2048x2048-width":720,"2048x2048-height":1080,"article":"https:\/\/d2q6z78khxmx42.cloudfront.net\/2018\/01\/7-ombrageslumieres1969-copie-2-720x540.jpg","article-width":720,"article-height":540,"banner":"https:\/\/d2q6z78khxmx42.cloudfront.net\/2018\/01\/7-ombrageslumieres1969-copie-2.jpg","banner-width":720,"banner-height":1080,"block":"https:\/\/d2q6z78khxmx42.cloudfront.net\/2018\/01\/7-ombrageslumieres1969-copie-2-720x680.jpg","block-width":720,"block-height":680,"card":"https:\/\/d2q6z78khxmx42.cloudfront.net\/2018\/01\/7-ombrageslumieres1969-copie-2-560x495.jpg","card-width":560,"card-height":495,"card-thumbnail":"https:\/\/d2q6z78khxmx42.cloudfront.net\/2018\/01\/7-ombrageslumieres1969-copie-2-450x340.jpg","card-thumbnail-width":450,"card-thumbnail-height":340,"conference":"https:\/\/d2q6z78khxmx42.cloudfront.net\/2018\/01\/7-ombrageslumieres1969-copie-2-560x250.jpg","conference-width":560,"conference-height":250,"contest":"https:\/\/d2q6z78khxmx42.cloudfront.net\/2018\/01\/7-ombrageslumieres1969-copie-2-720x400.jpg","contest-width":720,"contest-height":400,"cta":"https:\/\/d2q6z78khxmx42.cloudfront.net\/2018\/01\/7-ombrageslumieres1969-copie-2-415x170.jpg","cta-width":415,"cta-height":170,"exhibitor":"https:\/\/d2q6z78khxmx42.cloudfront.net\/2018\/01\/7-ombrageslumieres1969-copie-2-560x560.jpg","exhibitor-width":560,"exhibitor-height":560,"gallery":"https:\/\/d2q6z78khxmx42.cloudfront.net\/2018\/01\/7-ombrageslumieres1969-copie-2-287x430.jpg","gallery-width":287,"gallery-height":430,"logo":"https:\/\/d2q6z78khxmx42.cloudfront.net\/2018\/01\/7-ombrageslumieres1969-copie-2-67x100.jpg","logo-width":67,"logo-height":100,"masonry":"https:\/\/d2q6z78khxmx42.cloudfront.net\/2018\/01\/7-ombrageslumieres1969-copie-2-550x825.jpg","masonry-width":550,"masonry-height":825,"modal":"https:\/\/d2q6z78khxmx42.cloudfront.net\/2018\/01\/7-ombrageslumieres1969-copie-2.jpg","modal-width":720,"modal-height":1080,"number":"https:\/\/d2q6z78khxmx42.cloudfront.net\/2018\/01\/N3migEAr-7-ombrageslumieres1969-copie-2-287x430.jpg","number-width":287,"number-height":430,"partner":"https:\/\/d2q6z78khxmx42.cloudfront.net\/2018\/01\/7-ombrageslumieres1969-copie-2-140x210.jpg","partner-width":140,"partner-height":210,"ranking":"https:\/\/d2q6z78khxmx42.cloudfront.net\/2018\/01\/N3migEAr-7-ombrageslumieres1969-copie-2-720x540.jpg","ranking-width":720,"ranking-height":540,"schedule":"https:\/\/d2q6z78khxmx42.cloudfront.net\/2018\/01\/7-ombrageslumieres1969-copie-2-720x360.jpg","schedule-width":720,"schedule-height":360,"slideshow":"https:\/\/d2q6z78khxmx42.cloudfront.net\/2018\/01\/7-ombrageslumieres1969-copie-2-453x680.jpg","slideshow-width":453,"slideshow-height":680}},"attachment_category":{"580":"Signalisation &amp; branding"},"credit":""},{"image":{"ID":4687,"id":4687,"title":"7-ombrageslumieres1956-copie-2-1.jpg","filename":"7-ombrageslumieres1956-copie-2-1.jpg","filesize":0,"url":"https:\/\/d2q6z78khxmx42.cloudfront.net\/2018\/01\/7-ombrageslumieres1956-copie-2-1.jpg","link":"https:\/\/int.design\/fr\/7-ombrageslumieres1956-copie-2-1-jpg\/","alt":"","author":"8","description":"","caption":"","name":"7-ombrageslumieres1956-copie-2-1-jpg","status":"inherit","uploaded_to":0,"date":"2020-04-06 04:11:53","modified":"2020-10-12 22:35:46","menu_order":0,"mime_type":"image\/jpeg","type":"image","subtype":"jpeg","icon":"https:\/\/int.design\/wp-includes\/images\/media\/default.png","width":1620,"height":1080,"sizes":{"thumbnail":"https:\/\/d2q6z78khxmx42.cloudfront.net\/2018\/01\/7-ombrageslumieres1956-copie-2-1-150x150.jpg","thumbnail-width":150,"thumbnail-height":150,"medium":"https:\/\/d2q6z78khxmx42.cloudfront.net\/2018\/01\/7-ombrageslumieres1956-copie-2-1-300x200.jpg","medium-width":300,"medium-height":200,"medium_large":"https:\/\/d2q6z78khxmx42.cloudfront.net\/2018\/01\/7-ombrageslumieres1956-copie-2-1-768x512.jpg","medium_large-width":768,"medium_large-height":512,"large":"https:\/\/d2q6z78khxmx42.cloudfront.net\/2018\/01\/7-ombrageslumieres1956-copie-2-1-1024x683.jpg","large-width":1024,"large-height":683,"1536x1536":"https:\/\/d2q6z78khxmx42.cloudfront.net\/2018\/01\/7-ombrageslumieres1956-copie-2-1-1536x1024.jpg","1536x1536-width":1536,"1536x1536-height":1024,"2048x2048":"https:\/\/d2q6z78khxmx42.cloudfront.net\/2018\/01\/7-ombrageslumieres1956-copie-2-1.jpg","2048x2048-width":1620,"2048x2048-height":1080,"article":"https:\/\/d2q6z78khxmx42.cloudfront.net\/2018\/01\/7-ombrageslumieres1956-copie-2-1-960x540.jpg","article-width":960,"article-height":540,"banner":"https:\/\/d2q6z78khxmx42.cloudfront.net\/2018\/01\/7-ombrageslumieres1956-copie-2-1.jpg","banner-width":1620,"banner-height":1080,"block":"https:\/\/d2q6z78khxmx42.cloudfront.net\/2018\/01\/7-ombrageslumieres1956-copie-2-1-900x680.jpg","block-width":900,"block-height":680,"card":"https:\/\/d2q6z78khxmx42.cloudfront.net\/2018\/01\/7-ombrageslumieres1956-copie-2-1-560x495.jpg","card-width":560,"card-height":495,"card-thumbnail":"https:\/\/d2q6z78khxmx42.cloudfront.net\/2018\/01\/7-ombrageslumieres1956-copie-2-1-450x340.jpg","card-thumbnail-width":450,"card-thumbnail-height":340,"conference":"https:\/\/d2q6z78khxmx42.cloudfront.net\/2018\/01\/7-ombrageslumieres1956-copie-2-1-560x250.jpg","conference-width":560,"conference-height":250,"contest":"https:\/\/d2q6z78khxmx42.cloudfront.net\/2018\/01\/7-ombrageslumieres1956-copie-2-1-960x400.jpg","contest-width":960,"contest-height":400,"cta":"https:\/\/d2q6z78khxmx42.cloudfront.net\/2018\/01\/7-ombrageslumieres1956-copie-2-1-415x170.jpg","cta-width":415,"cta-height":170,"exhibitor":"https:\/\/d2q6z78khxmx42.cloudfront.net\/2018\/01\/7-ombrageslumieres1956-copie-2-1-560x560.jpg","exhibitor-width":560,"exhibitor-height":560,"gallery":"https:\/\/d2q6z78khxmx42.cloudfront.net\/2018\/01\/7-ombrageslumieres1956-copie-2-1-560x373.jpg","gallery-width":560,"gallery-height":373,"logo":"https:\/\/d2q6z78khxmx42.cloudfront.net\/2018\/01\/7-ombrageslumieres1956-copie-2-1-150x100.jpg","logo-width":150,"logo-height":100,"masonry":"https:\/\/d2q6z78khxmx42.cloudfront.net\/2018\/01\/7-ombrageslumieres1956-copie-2-1-550x367.jpg","masonry-width":550,"masonry-height":367,"modal":"https:\/\/d2q6z78khxmx42.cloudfront.net\/2018\/01\/7-ombrageslumieres1956-copie-2-1.jpg","modal-width":1620,"modal-height":1080,"number":"https:\/\/d2q6z78khxmx42.cloudfront.net\/2018\/01\/NewkCzL5-7-ombrageslumieres1956-copie-2-1-560x373.jpg","number-width":560,"number-height":373,"partner":"https:\/\/d2q6z78khxmx42.cloudfront.net\/2018\/01\/7-ombrageslumieres1956-copie-2-1-275x183.jpg","partner-width":275,"partner-height":183,"ranking":"https:\/\/d2q6z78khxmx42.cloudfront.net\/2018\/01\/NewkCzL5-7-ombrageslumieres1956-copie-2-1-960x540.jpg","ranking-width":960,"ranking-height":540,"schedule":"https:\/\/d2q6z78khxmx42.cloudfront.net\/2018\/01\/7-ombrageslumieres1956-copie-2-1-960x360.jpg","schedule-width":960,"schedule-height":360,"slideshow":"https:\/\/d2q6z78khxmx42.cloudfront.net\/2018\/01\/7-ombrageslumieres1956-copie-2-1-1020x680.jpg","slideshow-width":1020,"slideshow-height":680}},"attachment_category":{"99":"Culture\/divertissement"},"credit":""}],"status":"completed"},"laureats":[],"contest_id":"1797","contest_title":"GRANDS PRIX DU DESIGN - 11e \u00e9dition","firms":[],"user":{"email":"old_edition@agencepid.com","first_name":"Old Edition","last_name":"Participant"},"doc_texts_web":{"fr":"<p>Voil\u00e0 donc un stand qui fut un lieu phare du SIDIM 2017 ! Un magnifique espace colloque-exposition consacr\u00e9 \u00e0 l\u2019univers de l\u2019\u00e9clairage qui a donn\u00e9 lieu \u00e0 de multiples activit\u00e9s dans une atmosph\u00e8re d\u2019\u00e9clat et d\u2019\u00e9merveillement. Le concept de l&rsquo;espace a \u00e9t\u00e9 pens\u00e9 au moyen d\u2019un mur de bo\u00eetes d\u2019exposition, r\u00e9alis\u00e9 en fonction de la taille des luminaires expos\u00e9s.<br \/>\nEn son sein, un lieu am\u00e9nag\u00e9 en lounge, o\u00f9 les triangles en contreplaqu\u00e9 et le bar agissent comme signal d\u2019appel et attirent les visiteurs. Un tel contexte donne lieu \u00e0 des rencontres fertiles et cr\u00e9e des \u00e9changes qui se bousculent dans une belle effervescence. On partage son attention entre d\u00e9couverte de luminaires et apprentissage des syst\u00e8mes de pointe et des plus hautes technologies.<\/p>\n<p>En un mot, un lieu pour tout savoir sur l\u2019\u00e9clairage, \u00e9ph\u00e9m\u00e8re mais qui procure une impression de permanence. Loin de l\u2019effet ennuyeux des stands qui se montent aussi vite qu\u2019ils se d\u00e9font, cet endroit convivial, magiquement inond\u00e9 de lumi\u00e8re, a su mettre en valeur la signature de chaque entreprise.<\/p>\n","en":"<p>Here is a stand that was a beacon venue for the 2017 SIDIM! A magnificent conference-exhibition space dedicated to the world of lighting that has given rise to multiple activities in an atmosphere of brilliance and wonder. The concept of the stand was designed by using a wall of exhibition boxes, made according to the size of the lighting fixtures displayed.<\/p>\n<p>In its midst, a place converted into a lounge, where the plywood triangles and the bar call and attract visitors. Such an atmosphere gives rise to fruitful encounters and creates exchanges that challenge one another with great effervescence. Our attention is divided between discovering the lighting fixtures and learning about the systems from advanced and high technologies.<\/p>\n<p>In a nutshell, a place to know everything about lighting, an ephemeral space that gives an impression of permanence. Far from the boring effect of stands that rise as fast as they fall apart, this friendly place, magically flooded with light, managed to highlight the signature of each company.<\/p>\n"},"permalinks":{"fr":"https:\/\/int.design\/fr\/projets\/ombrages-et-lumieres\/","en":"https:\/\/int.design\/en\/projects\/ombrages-et-lumieres\/"},"titles":{"fr":"Ombrages et Lumi\u00e8res","en":"Ombrages et Lumi\u00e8res"},"wp_fields":{"informations":{"fr":[{"content_type":"text","title":"Design","content":"Hatem+D Architecture \/ \u00c9tienne Bernier Architecte","link":null},{"content_type":"text","title":"Cat\u00e9gorie","content":"Prix Stand de foire","link":null},{"content_type":"text","title":"Site web","content":"hatem.ca","link":null}],"en":[{"content_type":"text","title":"Design","content":"Hatem+D Architecture \/ \u00c9tienne Bernier Architecte","link":null},{"content_type":"text","title":"Category","content":"Prix Stand de foire","link":null},{"content_type":"text","title":"Website","content":"hatem.ca","link":null}]}},"laravel_id":""},"_links":{"self":[{"href":"https:\/\/int.design\/fr\/wp-json\/wp\/v2\/project\/4682","targetHints":{"allow":["GET"]}}],"collection":[{"href":"https:\/\/int.design\/fr\/wp-json\/wp\/v2\/project"}],"about":[{"href":"https:\/\/int.design\/fr\/wp-json\/wp\/v2\/types\/project"}],"wp:attachment":[{"href":"https:\/\/int.design\/fr\/wp-json\/wp\/v2\/media?parent=4682"}],"curies":[{"name":"wp","href":"https:\/\/api.w.org\/{rel}","templated":true}]}}