{"id":4654,"date":"2018-01-19T02:50:03","date_gmt":"2018-01-19T07:50:03","guid":{"rendered":"https:\/\/int.design\/projets\/salle-dexposition-de-dvision-21\/"},"modified":"2020-04-06T00:11:28","modified_gmt":"2020-04-06T04:11:28","slug":"salle-dexposition-de-dvision-21","status":"publish","type":"project","link":"https:\/\/int.design\/fr\/projets\/salle-dexposition-de-dvision-21\/","title":{"rendered":"Salle d\u2019exposition de d|vision 21"},"content":{"rendered":"<p>R\u00e9unir de mani\u00e8re coh\u00e9rente plus de 25 collections dans la salle d\u2019exposition du distributeur de mobilier d|vision 21 repr\u00e9sentait un d\u00e9fi de taille, et il a \u00e9t\u00e9 relev\u00e9 avec brio par FOR. design planning. Zoner l\u2019espace : voil\u00e0 comment l\u2019agence a su aborder le projet. Un parcours se dresse et projette le client dans des propositions de son futur espace. Chacune des zones pr\u00e9sente une ambiance diff\u00e9rente et met en sc\u00e8ne une collection et une approche nouvelle, celle d\u2019am\u00e9nager des bureaux en espaces de vie. Dans ce spectre de produits en montre et d\u2019\u00e9motions suscit\u00e9es chez les clients, c\u2019est l\u2019alignement des \u00e9l\u00e9ments qui cr\u00e9e l\u2019ordre et l\u2019harmonie.<\/p>\n<p>Une longue \u00e9tag\u00e8re horizontale prolonge le mur fonc\u00e9 et devient une partie int\u00e9grante de l\u2019architecture. Le mur dynamique blanc g\u00e9n\u00e9r\u00e9 par la r\u00e9p\u00e9tition d\u2019un unique \u00e9l\u00e9ment triangulaire au relief inclin\u00e9 ajoute texture et mouvement. Quant au hub acoustique au c\u0153ur de l\u2019espace, il surprend, amuse et stimule des id\u00e9es. Le tout raconte une histoire, celle d\u2019un milieu de vie au travail. Le jury a \u00e9t\u00e9 charm\u00e9 par cet am\u00e9nagement inhabituel pour un showroom. Il s\u2019agit ici d\u2019un espace \u00e9volutif qui fonctionnera, qu\u2019importe le nouveau mobilier distribu\u00e9.<\/p>\n","protected":false},"template":"","class_list":["post-4654","project","type-project","status-publish","hentry"],"acf":[],"yoast_head":"<!-- This site is optimized with the Yoast SEO plugin v21.5 - https:\/\/yoast.com\/wordpress\/plugins\/seo\/ -->\n<title>Salle d\u2019exposition de d|vision 21 - INT Design<\/title>\n<meta name=\"robots\" content=\"index, follow, max-snippet:-1, max-image-preview:large, max-video-preview:-1\" \/>\n<link rel=\"canonical\" href=\"https:\/\/int.design\/fr\/projets\/salle-dexposition-de-dvision-21\/\" \/>\n<meta property=\"og:locale\" content=\"fr_FR\" \/>\n<meta property=\"og:type\" content=\"article\" \/>\n<meta property=\"og:title\" content=\"Salle d\u2019exposition de d|vision 21 - INT Design\" \/>\n<meta property=\"og:description\" content=\"R\u00e9unir de mani\u00e8re coh\u00e9rente plus de 25 collections dans la salle d\u2019exposition du distributeur de mobilier d|vision 21 repr\u00e9sentait un d\u00e9fi de taille, et il a \u00e9t\u00e9 relev\u00e9 avec brio par FOR. design planning. Zoner l\u2019espace : voil\u00e0 comment l\u2019agence a su aborder le projet. Un parcours se dresse et projette le client dans des &hellip; Continued\" \/>\n<meta property=\"og:url\" content=\"https:\/\/int.design\/fr\/projets\/salle-dexposition-de-dvision-21\/\" \/>\n<meta property=\"og:site_name\" content=\"INT Design\" \/>\n<meta property=\"article:modified_time\" content=\"2020-04-06T04:11:28+00:00\" \/>\n<meta name=\"twitter:card\" content=\"summary_large_image\" \/>\n<meta name=\"twitter:label1\" content=\"Est. reading time\" \/>\n\t<meta name=\"twitter:data1\" content=\"1 minute\" \/>\n<script type=\"application\/ld+json\" class=\"yoast-schema-graph\">{\"@context\":\"https:\/\/schema.org\",\"@graph\":[{\"@type\":\"WebPage\",\"@id\":\"https:\/\/int.design\/fr\/projets\/salle-dexposition-de-dvision-21\/\",\"url\":\"https:\/\/int.design\/fr\/projets\/salle-dexposition-de-dvision-21\/\",\"name\":\"Salle d\u2019exposition de d|vision 21 - INT Design\",\"isPartOf\":{\"@id\":\"https:\/\/int.design\/fr\/#website\"},\"datePublished\":\"2018-01-19T07:50:03+00:00\",\"dateModified\":\"2020-04-06T04:11:28+00:00\",\"breadcrumb\":{\"@id\":\"https:\/\/int.design\/fr\/projets\/salle-dexposition-de-dvision-21\/#breadcrumb\"},\"inLanguage\":\"fr-FR\",\"potentialAction\":[{\"@type\":\"ReadAction\",\"target\":[\"https:\/\/int.design\/fr\/projets\/salle-dexposition-de-dvision-21\/\"]}]},{\"@type\":\"BreadcrumbList\",\"@id\":\"https:\/\/int.design\/fr\/projets\/salle-dexposition-de-dvision-21\/#breadcrumb\",\"itemListElement\":[{\"@type\":\"ListItem\",\"position\":1,\"name\":\"Home\",\"item\":\"https:\/\/int.design\/fr\/\"},{\"@type\":\"ListItem\",\"position\":2,\"name\":\"Projects\",\"item\":\"https:\/\/int.design\/en\/projects\/\"},{\"@type\":\"ListItem\",\"position\":3,\"name\":\"Salle d\u2019exposition de d|vision 21\"}]},{\"@type\":\"WebSite\",\"@id\":\"https:\/\/int.design\/fr\/#website\",\"url\":\"https:\/\/int.design\/fr\/\",\"name\":\"INT Design\",\"description\":\"\",\"potentialAction\":[{\"@type\":\"SearchAction\",\"target\":{\"@type\":\"EntryPoint\",\"urlTemplate\":\"https:\/\/int.design\/fr\/?s={search_term_string}\"},\"query-input\":\"required name=search_term_string\"}],\"inLanguage\":\"fr-FR\"}]}<\/script>\n<!-- \/ Yoast SEO plugin. -->","yoast_head_json":{"title":"Salle d\u2019exposition de d|vision 21 - INT Design","robots":{"index":"index","follow":"follow","max-snippet":"max-snippet:-1","max-image-preview":"max-image-preview:large","max-video-preview":"max-video-preview:-1"},"canonical":"https:\/\/int.design\/fr\/projets\/salle-dexposition-de-dvision-21\/","og_locale":"fr_FR","og_type":"article","og_title":"Salle d\u2019exposition de d|vision 21 - INT Design","og_description":"R\u00e9unir de mani\u00e8re coh\u00e9rente plus de 25 collections dans la salle d\u2019exposition du distributeur de mobilier d|vision 21 repr\u00e9sentait un d\u00e9fi de taille, et il a \u00e9t\u00e9 relev\u00e9 avec brio par FOR. design planning. Zoner l\u2019espace : voil\u00e0 comment l\u2019agence a su aborder le projet. Un parcours se dresse et projette le client dans des &hellip; Continued","og_url":"https:\/\/int.design\/fr\/projets\/salle-dexposition-de-dvision-21\/","og_site_name":"INT Design","article_modified_time":"2020-04-06T04:11:28+00:00","twitter_card":"summary_large_image","twitter_misc":{"Est. reading time":"1 minute"},"schema":{"@context":"https:\/\/schema.org","@graph":[{"@type":"WebPage","@id":"https:\/\/int.design\/fr\/projets\/salle-dexposition-de-dvision-21\/","url":"https:\/\/int.design\/fr\/projets\/salle-dexposition-de-dvision-21\/","name":"Salle d\u2019exposition de d|vision 21 - INT Design","isPartOf":{"@id":"https:\/\/int.design\/fr\/#website"},"datePublished":"2018-01-19T07:50:03+00:00","dateModified":"2020-04-06T04:11:28+00:00","breadcrumb":{"@id":"https:\/\/int.design\/fr\/projets\/salle-dexposition-de-dvision-21\/#breadcrumb"},"inLanguage":"fr-FR","potentialAction":[{"@type":"ReadAction","target":["https:\/\/int.design\/fr\/projets\/salle-dexposition-de-dvision-21\/"]}]},{"@type":"BreadcrumbList","@id":"https:\/\/int.design\/fr\/projets\/salle-dexposition-de-dvision-21\/#breadcrumb","itemListElement":[{"@type":"ListItem","position":1,"name":"Home","item":"https:\/\/int.design\/fr\/"},{"@type":"ListItem","position":2,"name":"Projects","item":"https:\/\/int.design\/en\/projects\/"},{"@type":"ListItem","position":3,"name":"Salle d\u2019exposition de d|vision 21"}]},{"@type":"WebSite","@id":"https:\/\/int.design\/fr\/#website","url":"https:\/\/int.design\/fr\/","name":"INT Design","description":"","potentialAction":[{"@type":"SearchAction","target":{"@type":"EntryPoint","urlTemplate":"https:\/\/int.design\/fr\/?s={search_term_string}"},"query-input":"required name=search_term_string"}],"inLanguage":"fr-FR"}]}},"entry":{"cats":{"disciplines":[],"big_cats":[],"sub_cats":[]},"entry":{"images":[{"image":{"ID":4655,"id":4655,"title":"11-salle-dexposition-de-dvision21_2-5_for-designplanning_stephane-brucc88gger_lr_01.jpg","filename":"11-salle-dexposition-de-dvision21_2-5_for-designplanning_stephane-brucc88gger_lr_01.jpg","filesize":0,"url":"https:\/\/d2q6z78khxmx42.cloudfront.net\/2018\/01\/11-salle-dexposition-de-dvision21_2-5_for-designplanning_stephane-brucc88gger_lr_01.jpg","link":"https:\/\/int.design\/fr\/11-salle-dexposition-de-dvision21_2-5_for-designplanning_stephane-brucc88gger_lr_01-jpg\/","alt":"","author":"8","description":"","caption":"","name":"11-salle-dexposition-de-dvision21_2-5_for-designplanning_stephane-brucc88gger_lr_01-jpg","status":"inherit","uploaded_to":0,"date":"2020-04-06 04:11:24","modified":"2020-10-12 22:42:01","menu_order":0,"mime_type":"image\/jpeg","type":"image","subtype":"jpeg","icon":"https:\/\/int.design\/wp-includes\/images\/media\/default.png","width":1285,"height":1080,"sizes":{"thumbnail":"https:\/\/d2q6z78khxmx42.cloudfront.net\/2018\/01\/11-salle-dexposition-de-dvision21_2-5_for-designplanning_stephane-brucc88gger_lr_01-150x150.jpg","thumbnail-width":150,"thumbnail-height":150,"medium":"https:\/\/d2q6z78khxmx42.cloudfront.net\/2018\/01\/11-salle-dexposition-de-dvision21_2-5_for-designplanning_stephane-brucc88gger_lr_01-300x252.jpg","medium-width":300,"medium-height":252,"medium_large":"https:\/\/d2q6z78khxmx42.cloudfront.net\/2018\/01\/11-salle-dexposition-de-dvision21_2-5_for-designplanning_stephane-brucc88gger_lr_01-768x645.jpg","medium_large-width":768,"medium_large-height":645,"large":"https:\/\/d2q6z78khxmx42.cloudfront.net\/2018\/01\/11-salle-dexposition-de-dvision21_2-5_for-designplanning_stephane-brucc88gger_lr_01-1024x861.jpg","large-width":1024,"large-height":861,"1536x1536":"https:\/\/d2q6z78khxmx42.cloudfront.net\/2018\/01\/11-salle-dexposition-de-dvision21_2-5_for-designplanning_stephane-brucc88gger_lr_01.jpg","1536x1536-width":1285,"1536x1536-height":1080,"2048x2048":"https:\/\/d2q6z78khxmx42.cloudfront.net\/2018\/01\/11-salle-dexposition-de-dvision21_2-5_for-designplanning_stephane-brucc88gger_lr_01.jpg","2048x2048-width":1285,"2048x2048-height":1080,"article":"https:\/\/d2q6z78khxmx42.cloudfront.net\/2018\/01\/11-salle-dexposition-de-dvision21_2-5_for-designplanning_stephane-brucc88gger_lr_01-960x540.jpg","article-width":960,"article-height":540,"banner":"https:\/\/d2q6z78khxmx42.cloudfront.net\/2018\/01\/11-salle-dexposition-de-dvision21_2-5_for-designplanning_stephane-brucc88gger_lr_01.jpg","banner-width":1285,"banner-height":1080,"block":"https:\/\/d2q6z78khxmx42.cloudfront.net\/2018\/01\/11-salle-dexposition-de-dvision21_2-5_for-designplanning_stephane-brucc88gger_lr_01-900x680.jpg","block-width":900,"block-height":680,"card":"https:\/\/d2q6z78khxmx42.cloudfront.net\/2018\/01\/11-salle-dexposition-de-dvision21_2-5_for-designplanning_stephane-brucc88gger_lr_01-560x495.jpg","card-width":560,"card-height":495,"card-thumbnail":"https:\/\/d2q6z78khxmx42.cloudfront.net\/2018\/01\/11-salle-dexposition-de-dvision21_2-5_for-designplanning_stephane-brucc88gger_lr_01-450x340.jpg","card-thumbnail-width":450,"card-thumbnail-height":340,"conference":"https:\/\/d2q6z78khxmx42.cloudfront.net\/2018\/01\/11-salle-dexposition-de-dvision21_2-5_for-designplanning_stephane-brucc88gger_lr_01-560x250.jpg","conference-width":560,"conference-height":250,"contest":"https:\/\/d2q6z78khxmx42.cloudfront.net\/2018\/01\/11-salle-dexposition-de-dvision21_2-5_for-designplanning_stephane-brucc88gger_lr_01-960x400.jpg","contest-width":960,"contest-height":400,"cta":"https:\/\/d2q6z78khxmx42.cloudfront.net\/2018\/01\/11-salle-dexposition-de-dvision21_2-5_for-designplanning_stephane-brucc88gger_lr_01-415x170.jpg","cta-width":415,"cta-height":170,"exhibitor":"https:\/\/d2q6z78khxmx42.cloudfront.net\/2018\/01\/11-salle-dexposition-de-dvision21_2-5_for-designplanning_stephane-brucc88gger_lr_01-560x560.jpg","exhibitor-width":560,"exhibitor-height":560,"gallery":"https:\/\/d2q6z78khxmx42.cloudfront.net\/2018\/01\/11-salle-dexposition-de-dvision21_2-5_for-designplanning_stephane-brucc88gger_lr_01-512x430.jpg","gallery-width":512,"gallery-height":430,"logo":"https:\/\/d2q6z78khxmx42.cloudfront.net\/2018\/01\/11-salle-dexposition-de-dvision21_2-5_for-designplanning_stephane-brucc88gger_lr_01-119x100.jpg","logo-width":119,"logo-height":100,"masonry":"https:\/\/d2q6z78khxmx42.cloudfront.net\/2018\/01\/11-salle-dexposition-de-dvision21_2-5_for-designplanning_stephane-brucc88gger_lr_01-550x462.jpg","masonry-width":550,"masonry-height":462,"modal":"https:\/\/d2q6z78khxmx42.cloudfront.net\/2018\/01\/11-salle-dexposition-de-dvision21_2-5_for-designplanning_stephane-brucc88gger_lr_01.jpg","modal-width":1285,"modal-height":1080,"number":"https:\/\/d2q6z78khxmx42.cloudfront.net\/2018\/01\/KH2Wwqwr-11-salle-dexposition-de-dvision21_2-5_for-designplanning_stephane-brucc88gger_lr_01-512x430.jpg","number-width":512,"number-height":430,"partner":"https:\/\/d2q6z78khxmx42.cloudfront.net\/2018\/01\/11-salle-dexposition-de-dvision21_2-5_for-designplanning_stephane-brucc88gger_lr_01-250x210.jpg","partner-width":250,"partner-height":210,"ranking":"https:\/\/d2q6z78khxmx42.cloudfront.net\/2018\/01\/KH2Wwqwr-11-salle-dexposition-de-dvision21_2-5_for-designplanning_stephane-brucc88gger_lr_01-960x540.jpg","ranking-width":960,"ranking-height":540,"schedule":"https:\/\/d2q6z78khxmx42.cloudfront.net\/2018\/01\/11-salle-dexposition-de-dvision21_2-5_for-designplanning_stephane-brucc88gger_lr_01-960x360.jpg","schedule-width":960,"schedule-height":360,"slideshow":"https:\/\/d2q6z78khxmx42.cloudfront.net\/2018\/01\/11-salle-dexposition-de-dvision21_2-5_for-designplanning_stephane-brucc88gger_lr_01-809x680.jpg","slideshow-width":809,"slideshow-height":680}},"attachment_category":{"98":"Boutique\/salle de montre"},"credit":""},{"image":{"ID":4656,"id":4656,"title":"11-salle-dexposition-de-dvision21_2-5_for-designplanning_stephane-brucc88gger_lr_05-1.jpg","filename":"11-salle-dexposition-de-dvision21_2-5_for-designplanning_stephane-brucc88gger_lr_05-1.jpg","filesize":0,"url":"https:\/\/d2q6z78khxmx42.cloudfront.net\/2018\/01\/11-salle-dexposition-de-dvision21_2-5_for-designplanning_stephane-brucc88gger_lr_05-1.jpg","link":"https:\/\/int.design\/fr\/11-salle-dexposition-de-dvision21_2-5_for-designplanning_stephane-brucc88gger_lr_05-1-jpg\/","alt":"","author":"8","description":"","caption":"","name":"11-salle-dexposition-de-dvision21_2-5_for-designplanning_stephane-brucc88gger_lr_05-1-jpg","status":"inherit","uploaded_to":0,"date":"2020-04-06 04:11:25","modified":"2020-10-12 22:39:47","menu_order":0,"mime_type":"image\/jpeg","type":"image","subtype":"jpeg","icon":"https:\/\/int.design\/wp-includes\/images\/media\/default.png","width":1474,"height":1080,"sizes":{"thumbnail":"https:\/\/d2q6z78khxmx42.cloudfront.net\/2018\/01\/11-salle-dexposition-de-dvision21_2-5_for-designplanning_stephane-brucc88gger_lr_05-1-150x150.jpg","thumbnail-width":150,"thumbnail-height":150,"medium":"https:\/\/d2q6z78khxmx42.cloudfront.net\/2018\/01\/11-salle-dexposition-de-dvision21_2-5_for-designplanning_stephane-brucc88gger_lr_05-1-300x220.jpg","medium-width":300,"medium-height":220,"medium_large":"https:\/\/d2q6z78khxmx42.cloudfront.net\/2018\/01\/11-salle-dexposition-de-dvision21_2-5_for-designplanning_stephane-brucc88gger_lr_05-1-768x563.jpg","medium_large-width":768,"medium_large-height":563,"large":"https:\/\/d2q6z78khxmx42.cloudfront.net\/2018\/01\/11-salle-dexposition-de-dvision21_2-5_for-designplanning_stephane-brucc88gger_lr_05-1-1024x750.jpg","large-width":1024,"large-height":750,"1536x1536":"https:\/\/d2q6z78khxmx42.cloudfront.net\/2018\/01\/11-salle-dexposition-de-dvision21_2-5_for-designplanning_stephane-brucc88gger_lr_05-1.jpg","1536x1536-width":1474,"1536x1536-height":1080,"2048x2048":"https:\/\/d2q6z78khxmx42.cloudfront.net\/2018\/01\/11-salle-dexposition-de-dvision21_2-5_for-designplanning_stephane-brucc88gger_lr_05-1.jpg","2048x2048-width":1474,"2048x2048-height":1080,"article":"https:\/\/d2q6z78khxmx42.cloudfront.net\/2018\/01\/11-salle-dexposition-de-dvision21_2-5_for-designplanning_stephane-brucc88gger_lr_05-1-960x540.jpg","article-width":960,"article-height":540,"banner":"https:\/\/d2q6z78khxmx42.cloudfront.net\/2018\/01\/11-salle-dexposition-de-dvision21_2-5_for-designplanning_stephane-brucc88gger_lr_05-1.jpg","banner-width":1474,"banner-height":1080,"block":"https:\/\/d2q6z78khxmx42.cloudfront.net\/2018\/01\/11-salle-dexposition-de-dvision21_2-5_for-designplanning_stephane-brucc88gger_lr_05-1-900x680.jpg","block-width":900,"block-height":680,"card":"https:\/\/d2q6z78khxmx42.cloudfront.net\/2018\/01\/11-salle-dexposition-de-dvision21_2-5_for-designplanning_stephane-brucc88gger_lr_05-1-560x495.jpg","card-width":560,"card-height":495,"card-thumbnail":"https:\/\/d2q6z78khxmx42.cloudfront.net\/2018\/01\/11-salle-dexposition-de-dvision21_2-5_for-designplanning_stephane-brucc88gger_lr_05-1-450x340.jpg","card-thumbnail-width":450,"card-thumbnail-height":340,"conference":"https:\/\/d2q6z78khxmx42.cloudfront.net\/2018\/01\/11-salle-dexposition-de-dvision21_2-5_for-designplanning_stephane-brucc88gger_lr_05-1-560x250.jpg","conference-width":560,"conference-height":250,"contest":"https:\/\/d2q6z78khxmx42.cloudfront.net\/2018\/01\/11-salle-dexposition-de-dvision21_2-5_for-designplanning_stephane-brucc88gger_lr_05-1-960x400.jpg","contest-width":960,"contest-height":400,"cta":"https:\/\/d2q6z78khxmx42.cloudfront.net\/2018\/01\/11-salle-dexposition-de-dvision21_2-5_for-designplanning_stephane-brucc88gger_lr_05-1-415x170.jpg","cta-width":415,"cta-height":170,"exhibitor":"https:\/\/d2q6z78khxmx42.cloudfront.net\/2018\/01\/11-salle-dexposition-de-dvision21_2-5_for-designplanning_stephane-brucc88gger_lr_05-1-560x560.jpg","exhibitor-width":560,"exhibitor-height":560,"gallery":"https:\/\/d2q6z78khxmx42.cloudfront.net\/2018\/01\/11-salle-dexposition-de-dvision21_2-5_for-designplanning_stephane-brucc88gger_lr_05-1-560x410.jpg","gallery-width":560,"gallery-height":410,"logo":"https:\/\/d2q6z78khxmx42.cloudfront.net\/2018\/01\/11-salle-dexposition-de-dvision21_2-5_for-designplanning_stephane-brucc88gger_lr_05-1-136x100.jpg","logo-width":136,"logo-height":100,"masonry":"https:\/\/d2q6z78khxmx42.cloudfront.net\/2018\/01\/11-salle-dexposition-de-dvision21_2-5_for-designplanning_stephane-brucc88gger_lr_05-1-550x403.jpg","masonry-width":550,"masonry-height":403,"modal":"https:\/\/d2q6z78khxmx42.cloudfront.net\/2018\/01\/11-salle-dexposition-de-dvision21_2-5_for-designplanning_stephane-brucc88gger_lr_05-1.jpg","modal-width":1474,"modal-height":1080,"number":"https:\/\/d2q6z78khxmx42.cloudfront.net\/2018\/01\/25YHMjxj-11-salle-dexposition-de-dvision21_2-5_for-designplanning_stephane-brucc88gger_lr_05-1-560x410.jpg","number-width":560,"number-height":410,"partner":"https:\/\/d2q6z78khxmx42.cloudfront.net\/2018\/01\/11-salle-dexposition-de-dvision21_2-5_for-designplanning_stephane-brucc88gger_lr_05-1-275x201.jpg","partner-width":275,"partner-height":201,"ranking":"https:\/\/d2q6z78khxmx42.cloudfront.net\/2018\/01\/25YHMjxj-11-salle-dexposition-de-dvision21_2-5_for-designplanning_stephane-brucc88gger_lr_05-1-960x540.jpg","ranking-width":960,"ranking-height":540,"schedule":"https:\/\/d2q6z78khxmx42.cloudfront.net\/2018\/01\/11-salle-dexposition-de-dvision21_2-5_for-designplanning_stephane-brucc88gger_lr_05-1-960x360.jpg","schedule-width":960,"schedule-height":360,"slideshow":"https:\/\/d2q6z78khxmx42.cloudfront.net\/2018\/01\/11-salle-dexposition-de-dvision21_2-5_for-designplanning_stephane-brucc88gger_lr_05-1-928x680.jpg","slideshow-width":928,"slideshow-height":680}},"attachment_category":{"98":"Boutique\/salle de montre"},"credit":""},{"image":{"ID":4657,"id":4657,"title":"11-salle-dexposition-de-dvision21_2-5_for-designplanning_stephane-brucc88gger_lr_04.jpg","filename":"11-salle-dexposition-de-dvision21_2-5_for-designplanning_stephane-brucc88gger_lr_04.jpg","filesize":0,"url":"https:\/\/d2q6z78khxmx42.cloudfront.net\/2018\/01\/11-salle-dexposition-de-dvision21_2-5_for-designplanning_stephane-brucc88gger_lr_04.jpg","link":"https:\/\/int.design\/fr\/11-salle-dexposition-de-dvision21_2-5_for-designplanning_stephane-brucc88gger_lr_04-jpg\/","alt":"","author":"8","description":"","caption":"","name":"11-salle-dexposition-de-dvision21_2-5_for-designplanning_stephane-brucc88gger_lr_04-jpg","status":"inherit","uploaded_to":0,"date":"2020-04-06 04:11:25","modified":"2020-10-12 22:40:25","menu_order":0,"mime_type":"image\/jpeg","type":"image","subtype":"jpeg","icon":"https:\/\/int.design\/wp-includes\/images\/media\/default.png","width":1357,"height":1080,"sizes":{"thumbnail":"https:\/\/d2q6z78khxmx42.cloudfront.net\/2018\/01\/11-salle-dexposition-de-dvision21_2-5_for-designplanning_stephane-brucc88gger_lr_04-150x150.jpg","thumbnail-width":150,"thumbnail-height":150,"medium":"https:\/\/d2q6z78khxmx42.cloudfront.net\/2018\/01\/11-salle-dexposition-de-dvision21_2-5_for-designplanning_stephane-brucc88gger_lr_04-300x239.jpg","medium-width":300,"medium-height":239,"medium_large":"https:\/\/d2q6z78khxmx42.cloudfront.net\/2018\/01\/11-salle-dexposition-de-dvision21_2-5_for-designplanning_stephane-brucc88gger_lr_04-768x611.jpg","medium_large-width":768,"medium_large-height":611,"large":"https:\/\/d2q6z78khxmx42.cloudfront.net\/2018\/01\/11-salle-dexposition-de-dvision21_2-5_for-designplanning_stephane-brucc88gger_lr_04-1024x815.jpg","large-width":1024,"large-height":815,"1536x1536":"https:\/\/d2q6z78khxmx42.cloudfront.net\/2018\/01\/11-salle-dexposition-de-dvision21_2-5_for-designplanning_stephane-brucc88gger_lr_04.jpg","1536x1536-width":1357,"1536x1536-height":1080,"2048x2048":"https:\/\/d2q6z78khxmx42.cloudfront.net\/2018\/01\/11-salle-dexposition-de-dvision21_2-5_for-designplanning_stephane-brucc88gger_lr_04.jpg","2048x2048-width":1357,"2048x2048-height":1080,"article":"https:\/\/d2q6z78khxmx42.cloudfront.net\/2018\/01\/11-salle-dexposition-de-dvision21_2-5_for-designplanning_stephane-brucc88gger_lr_04-960x540.jpg","article-width":960,"article-height":540,"banner":"https:\/\/d2q6z78khxmx42.cloudfront.net\/2018\/01\/11-salle-dexposition-de-dvision21_2-5_for-designplanning_stephane-brucc88gger_lr_04.jpg","banner-width":1357,"banner-height":1080,"block":"https:\/\/d2q6z78khxmx42.cloudfront.net\/2018\/01\/11-salle-dexposition-de-dvision21_2-5_for-designplanning_stephane-brucc88gger_lr_04-900x680.jpg","block-width":900,"block-height":680,"card":"https:\/\/d2q6z78khxmx42.cloudfront.net\/2018\/01\/11-salle-dexposition-de-dvision21_2-5_for-designplanning_stephane-brucc88gger_lr_04-560x495.jpg","card-width":560,"card-height":495,"card-thumbnail":"https:\/\/d2q6z78khxmx42.cloudfront.net\/2018\/01\/11-salle-dexposition-de-dvision21_2-5_for-designplanning_stephane-brucc88gger_lr_04-450x340.jpg","card-thumbnail-width":450,"card-thumbnail-height":340,"conference":"https:\/\/d2q6z78khxmx42.cloudfront.net\/2018\/01\/11-salle-dexposition-de-dvision21_2-5_for-designplanning_stephane-brucc88gger_lr_04-560x250.jpg","conference-width":560,"conference-height":250,"contest":"https:\/\/d2q6z78khxmx42.cloudfront.net\/2018\/01\/11-salle-dexposition-de-dvision21_2-5_for-designplanning_stephane-brucc88gger_lr_04-960x400.jpg","contest-width":960,"contest-height":400,"cta":"https:\/\/d2q6z78khxmx42.cloudfront.net\/2018\/01\/11-salle-dexposition-de-dvision21_2-5_for-designplanning_stephane-brucc88gger_lr_04-415x170.jpg","cta-width":415,"cta-height":170,"exhibitor":"https:\/\/d2q6z78khxmx42.cloudfront.net\/2018\/01\/11-salle-dexposition-de-dvision21_2-5_for-designplanning_stephane-brucc88gger_lr_04-560x560.jpg","exhibitor-width":560,"exhibitor-height":560,"gallery":"https:\/\/d2q6z78khxmx42.cloudfront.net\/2018\/01\/11-salle-dexposition-de-dvision21_2-5_for-designplanning_stephane-brucc88gger_lr_04-540x430.jpg","gallery-width":540,"gallery-height":430,"logo":"https:\/\/d2q6z78khxmx42.cloudfront.net\/2018\/01\/11-salle-dexposition-de-dvision21_2-5_for-designplanning_stephane-brucc88gger_lr_04-126x100.jpg","logo-width":126,"logo-height":100,"masonry":"https:\/\/d2q6z78khxmx42.cloudfront.net\/2018\/01\/11-salle-dexposition-de-dvision21_2-5_for-designplanning_stephane-brucc88gger_lr_04-550x438.jpg","masonry-width":550,"masonry-height":438,"modal":"https:\/\/d2q6z78khxmx42.cloudfront.net\/2018\/01\/11-salle-dexposition-de-dvision21_2-5_for-designplanning_stephane-brucc88gger_lr_04.jpg","modal-width":1357,"modal-height":1080,"number":"https:\/\/d2q6z78khxmx42.cloudfront.net\/2018\/01\/RmyE46qE-11-salle-dexposition-de-dvision21_2-5_for-designplanning_stephane-brucc88gger_lr_04-540x430.jpg","number-width":540,"number-height":430,"partner":"https:\/\/d2q6z78khxmx42.cloudfront.net\/2018\/01\/11-salle-dexposition-de-dvision21_2-5_for-designplanning_stephane-brucc88gger_lr_04-264x210.jpg","partner-width":264,"partner-height":210,"ranking":"https:\/\/d2q6z78khxmx42.cloudfront.net\/2018\/01\/RmyE46qE-11-salle-dexposition-de-dvision21_2-5_for-designplanning_stephane-brucc88gger_lr_04-960x540.jpg","ranking-width":960,"ranking-height":540,"schedule":"https:\/\/d2q6z78khxmx42.cloudfront.net\/2018\/01\/11-salle-dexposition-de-dvision21_2-5_for-designplanning_stephane-brucc88gger_lr_04-960x360.jpg","schedule-width":960,"schedule-height":360,"slideshow":"https:\/\/d2q6z78khxmx42.cloudfront.net\/2018\/01\/11-salle-dexposition-de-dvision21_2-5_for-designplanning_stephane-brucc88gger_lr_04-854x680.jpg","slideshow-width":854,"slideshow-height":680}},"attachment_category":{"555":"Salle de conf\u00e9rence"},"credit":""},{"image":{"ID":4658,"id":4658,"title":"11-salle-dexposition-de-dvision21_2-5_for-designplanning_stephane-brucc88gger_lr_03.jpg","filename":"11-salle-dexposition-de-dvision21_2-5_for-designplanning_stephane-brucc88gger_lr_03.jpg","filesize":0,"url":"https:\/\/d2q6z78khxmx42.cloudfront.net\/2018\/01\/11-salle-dexposition-de-dvision21_2-5_for-designplanning_stephane-brucc88gger_lr_03.jpg","link":"https:\/\/int.design\/fr\/11-salle-dexposition-de-dvision21_2-5_for-designplanning_stephane-brucc88gger_lr_03-jpg\/","alt":"","author":"8","description":"","caption":"","name":"11-salle-dexposition-de-dvision21_2-5_for-designplanning_stephane-brucc88gger_lr_03-jpg","status":"inherit","uploaded_to":0,"date":"2020-04-06 04:11:26","modified":"2020-10-12 22:38:51","menu_order":0,"mime_type":"image\/jpeg","type":"image","subtype":"jpeg","icon":"https:\/\/int.design\/wp-includes\/images\/media\/default.png","width":1335,"height":1080,"sizes":{"thumbnail":"https:\/\/d2q6z78khxmx42.cloudfront.net\/2018\/01\/11-salle-dexposition-de-dvision21_2-5_for-designplanning_stephane-brucc88gger_lr_03-150x150.jpg","thumbnail-width":150,"thumbnail-height":150,"medium":"https:\/\/d2q6z78khxmx42.cloudfront.net\/2018\/01\/11-salle-dexposition-de-dvision21_2-5_for-designplanning_stephane-brucc88gger_lr_03-300x243.jpg","medium-width":300,"medium-height":243,"medium_large":"https:\/\/d2q6z78khxmx42.cloudfront.net\/2018\/01\/11-salle-dexposition-de-dvision21_2-5_for-designplanning_stephane-brucc88gger_lr_03-768x621.jpg","medium_large-width":768,"medium_large-height":621,"large":"https:\/\/d2q6z78khxmx42.cloudfront.net\/2018\/01\/11-salle-dexposition-de-dvision21_2-5_for-designplanning_stephane-brucc88gger_lr_03-1024x828.jpg","large-width":1024,"large-height":828,"1536x1536":"https:\/\/d2q6z78khxmx42.cloudfront.net\/2018\/01\/11-salle-dexposition-de-dvision21_2-5_for-designplanning_stephane-brucc88gger_lr_03.jpg","1536x1536-width":1335,"1536x1536-height":1080,"2048x2048":"https:\/\/d2q6z78khxmx42.cloudfront.net\/2018\/01\/11-salle-dexposition-de-dvision21_2-5_for-designplanning_stephane-brucc88gger_lr_03.jpg","2048x2048-width":1335,"2048x2048-height":1080,"article":"https:\/\/d2q6z78khxmx42.cloudfront.net\/2018\/01\/11-salle-dexposition-de-dvision21_2-5_for-designplanning_stephane-brucc88gger_lr_03-960x540.jpg","article-width":960,"article-height":540,"banner":"https:\/\/d2q6z78khxmx42.cloudfront.net\/2018\/01\/11-salle-dexposition-de-dvision21_2-5_for-designplanning_stephane-brucc88gger_lr_03.jpg","banner-width":1335,"banner-height":1080,"block":"https:\/\/d2q6z78khxmx42.cloudfront.net\/2018\/01\/11-salle-dexposition-de-dvision21_2-5_for-designplanning_stephane-brucc88gger_lr_03-900x680.jpg","block-width":900,"block-height":680,"card":"https:\/\/d2q6z78khxmx42.cloudfront.net\/2018\/01\/11-salle-dexposition-de-dvision21_2-5_for-designplanning_stephane-brucc88gger_lr_03-560x495.jpg","card-width":560,"card-height":495,"card-thumbnail":"https:\/\/d2q6z78khxmx42.cloudfront.net\/2018\/01\/11-salle-dexposition-de-dvision21_2-5_for-designplanning_stephane-brucc88gger_lr_03-450x340.jpg","card-thumbnail-width":450,"card-thumbnail-height":340,"conference":"https:\/\/d2q6z78khxmx42.cloudfront.net\/2018\/01\/11-salle-dexposition-de-dvision21_2-5_for-designplanning_stephane-brucc88gger_lr_03-560x250.jpg","conference-width":560,"conference-height":250,"contest":"https:\/\/d2q6z78khxmx42.cloudfront.net\/2018\/01\/11-salle-dexposition-de-dvision21_2-5_for-designplanning_stephane-brucc88gger_lr_03-960x400.jpg","contest-width":960,"contest-height":400,"cta":"https:\/\/d2q6z78khxmx42.cloudfront.net\/2018\/01\/11-salle-dexposition-de-dvision21_2-5_for-designplanning_stephane-brucc88gger_lr_03-415x170.jpg","cta-width":415,"cta-height":170,"exhibitor":"https:\/\/d2q6z78khxmx42.cloudfront.net\/2018\/01\/11-salle-dexposition-de-dvision21_2-5_for-designplanning_stephane-brucc88gger_lr_03-560x560.jpg","exhibitor-width":560,"exhibitor-height":560,"gallery":"https:\/\/d2q6z78khxmx42.cloudfront.net\/2018\/01\/11-salle-dexposition-de-dvision21_2-5_for-designplanning_stephane-brucc88gger_lr_03-532x430.jpg","gallery-width":532,"gallery-height":430,"logo":"https:\/\/d2q6z78khxmx42.cloudfront.net\/2018\/01\/11-salle-dexposition-de-dvision21_2-5_for-designplanning_stephane-brucc88gger_lr_03-124x100.jpg","logo-width":124,"logo-height":100,"masonry":"https:\/\/d2q6z78khxmx42.cloudfront.net\/2018\/01\/11-salle-dexposition-de-dvision21_2-5_for-designplanning_stephane-brucc88gger_lr_03-550x445.jpg","masonry-width":550,"masonry-height":445,"modal":"https:\/\/d2q6z78khxmx42.cloudfront.net\/2018\/01\/11-salle-dexposition-de-dvision21_2-5_for-designplanning_stephane-brucc88gger_lr_03.jpg","modal-width":1335,"modal-height":1080,"number":"https:\/\/d2q6z78khxmx42.cloudfront.net\/2018\/01\/zoECDNVE-11-salle-dexposition-de-dvision21_2-5_for-designplanning_stephane-brucc88gger_lr_03-532x430.jpg","number-width":532,"number-height":430,"partner":"https:\/\/d2q6z78khxmx42.cloudfront.net\/2018\/01\/11-salle-dexposition-de-dvision21_2-5_for-designplanning_stephane-brucc88gger_lr_03-260x210.jpg","partner-width":260,"partner-height":210,"ranking":"https:\/\/d2q6z78khxmx42.cloudfront.net\/2018\/01\/zoECDNVE-11-salle-dexposition-de-dvision21_2-5_for-designplanning_stephane-brucc88gger_lr_03-960x540.jpg","ranking-width":960,"ranking-height":540,"schedule":"https:\/\/d2q6z78khxmx42.cloudfront.net\/2018\/01\/11-salle-dexposition-de-dvision21_2-5_for-designplanning_stephane-brucc88gger_lr_03-960x360.jpg","schedule-width":960,"schedule-height":360,"slideshow":"https:\/\/d2q6z78khxmx42.cloudfront.net\/2018\/01\/11-salle-dexposition-de-dvision21_2-5_for-designplanning_stephane-brucc88gger_lr_03-841x680.jpg","slideshow-width":841,"slideshow-height":680}},"attachment_category":[],"credit":""},{"image":{"ID":4659,"id":4659,"title":"11-salle-dexposition-de-dvision21_2-5_for-designplanning_stephane-brucc88gger_lr_02.jpg","filename":"11-salle-dexposition-de-dvision21_2-5_for-designplanning_stephane-brucc88gger_lr_02.jpg","filesize":0,"url":"https:\/\/d2q6z78khxmx42.cloudfront.net\/2018\/01\/11-salle-dexposition-de-dvision21_2-5_for-designplanning_stephane-brucc88gger_lr_02.jpg","link":"https:\/\/int.design\/fr\/11-salle-dexposition-de-dvision21_2-5_for-designplanning_stephane-brucc88gger_lr_02-jpg\/","alt":"","author":"8","description":"","caption":"","name":"11-salle-dexposition-de-dvision21_2-5_for-designplanning_stephane-brucc88gger_lr_02-jpg","status":"inherit","uploaded_to":0,"date":"2020-04-06 04:11:27","modified":"2020-10-12 22:38:00","menu_order":0,"mime_type":"image\/jpeg","type":"image","subtype":"jpeg","icon":"https:\/\/int.design\/wp-includes\/images\/media\/default.png","width":1620,"height":1080,"sizes":{"thumbnail":"https:\/\/d2q6z78khxmx42.cloudfront.net\/2018\/01\/11-salle-dexposition-de-dvision21_2-5_for-designplanning_stephane-brucc88gger_lr_02-150x150.jpg","thumbnail-width":150,"thumbnail-height":150,"medium":"https:\/\/d2q6z78khxmx42.cloudfront.net\/2018\/01\/11-salle-dexposition-de-dvision21_2-5_for-designplanning_stephane-brucc88gger_lr_02-300x200.jpg","medium-width":300,"medium-height":200,"medium_large":"https:\/\/d2q6z78khxmx42.cloudfront.net\/2018\/01\/11-salle-dexposition-de-dvision21_2-5_for-designplanning_stephane-brucc88gger_lr_02-768x512.jpg","medium_large-width":768,"medium_large-height":512,"large":"https:\/\/d2q6z78khxmx42.cloudfront.net\/2018\/01\/11-salle-dexposition-de-dvision21_2-5_for-designplanning_stephane-brucc88gger_lr_02-1024x683.jpg","large-width":1024,"large-height":683,"1536x1536":"https:\/\/d2q6z78khxmx42.cloudfront.net\/2018\/01\/11-salle-dexposition-de-dvision21_2-5_for-designplanning_stephane-brucc88gger_lr_02-1536x1024.jpg","1536x1536-width":1536,"1536x1536-height":1024,"2048x2048":"https:\/\/d2q6z78khxmx42.cloudfront.net\/2018\/01\/11-salle-dexposition-de-dvision21_2-5_for-designplanning_stephane-brucc88gger_lr_02.jpg","2048x2048-width":1620,"2048x2048-height":1080,"article":"https:\/\/d2q6z78khxmx42.cloudfront.net\/2018\/01\/11-salle-dexposition-de-dvision21_2-5_for-designplanning_stephane-brucc88gger_lr_02-960x540.jpg","article-width":960,"article-height":540,"banner":"https:\/\/d2q6z78khxmx42.cloudfront.net\/2018\/01\/11-salle-dexposition-de-dvision21_2-5_for-designplanning_stephane-brucc88gger_lr_02.jpg","banner-width":1620,"banner-height":1080,"block":"https:\/\/d2q6z78khxmx42.cloudfront.net\/2018\/01\/11-salle-dexposition-de-dvision21_2-5_for-designplanning_stephane-brucc88gger_lr_02-900x680.jpg","block-width":900,"block-height":680,"card":"https:\/\/d2q6z78khxmx42.cloudfront.net\/2018\/01\/11-salle-dexposition-de-dvision21_2-5_for-designplanning_stephane-brucc88gger_lr_02-560x495.jpg","card-width":560,"card-height":495,"card-thumbnail":"https:\/\/d2q6z78khxmx42.cloudfront.net\/2018\/01\/11-salle-dexposition-de-dvision21_2-5_for-designplanning_stephane-brucc88gger_lr_02-450x340.jpg","card-thumbnail-width":450,"card-thumbnail-height":340,"conference":"https:\/\/d2q6z78khxmx42.cloudfront.net\/2018\/01\/11-salle-dexposition-de-dvision21_2-5_for-designplanning_stephane-brucc88gger_lr_02-560x250.jpg","conference-width":560,"conference-height":250,"contest":"https:\/\/d2q6z78khxmx42.cloudfront.net\/2018\/01\/11-salle-dexposition-de-dvision21_2-5_for-designplanning_stephane-brucc88gger_lr_02-960x400.jpg","contest-width":960,"contest-height":400,"cta":"https:\/\/d2q6z78khxmx42.cloudfront.net\/2018\/01\/11-salle-dexposition-de-dvision21_2-5_for-designplanning_stephane-brucc88gger_lr_02-415x170.jpg","cta-width":415,"cta-height":170,"exhibitor":"https:\/\/d2q6z78khxmx42.cloudfront.net\/2018\/01\/11-salle-dexposition-de-dvision21_2-5_for-designplanning_stephane-brucc88gger_lr_02-560x560.jpg","exhibitor-width":560,"exhibitor-height":560,"gallery":"https:\/\/d2q6z78khxmx42.cloudfront.net\/2018\/01\/11-salle-dexposition-de-dvision21_2-5_for-designplanning_stephane-brucc88gger_lr_02-560x373.jpg","gallery-width":560,"gallery-height":373,"logo":"https:\/\/d2q6z78khxmx42.cloudfront.net\/2018\/01\/11-salle-dexposition-de-dvision21_2-5_for-designplanning_stephane-brucc88gger_lr_02-150x100.jpg","logo-width":150,"logo-height":100,"masonry":"https:\/\/d2q6z78khxmx42.cloudfront.net\/2018\/01\/11-salle-dexposition-de-dvision21_2-5_for-designplanning_stephane-brucc88gger_lr_02-550x367.jpg","masonry-width":550,"masonry-height":367,"modal":"https:\/\/d2q6z78khxmx42.cloudfront.net\/2018\/01\/11-salle-dexposition-de-dvision21_2-5_for-designplanning_stephane-brucc88gger_lr_02.jpg","modal-width":1620,"modal-height":1080,"number":"https:\/\/d2q6z78khxmx42.cloudfront.net\/2018\/01\/nf33caDL-11-salle-dexposition-de-dvision21_2-5_for-designplanning_stephane-brucc88gger_lr_02-560x373.jpg","number-width":560,"number-height":373,"partner":"https:\/\/d2q6z78khxmx42.cloudfront.net\/2018\/01\/11-salle-dexposition-de-dvision21_2-5_for-designplanning_stephane-brucc88gger_lr_02-275x183.jpg","partner-width":275,"partner-height":183,"ranking":"https:\/\/d2q6z78khxmx42.cloudfront.net\/2018\/01\/nf33caDL-11-salle-dexposition-de-dvision21_2-5_for-designplanning_stephane-brucc88gger_lr_02-960x540.jpg","ranking-width":960,"ranking-height":540,"schedule":"https:\/\/d2q6z78khxmx42.cloudfront.net\/2018\/01\/11-salle-dexposition-de-dvision21_2-5_for-designplanning_stephane-brucc88gger_lr_02-960x360.jpg","schedule-width":960,"schedule-height":360,"slideshow":"https:\/\/d2q6z78khxmx42.cloudfront.net\/2018\/01\/11-salle-dexposition-de-dvision21_2-5_for-designplanning_stephane-brucc88gger_lr_02-1020x680.jpg","slideshow-width":1020,"slideshow-height":680}},"attachment_category":{"162":"Mobilier de bureau"},"credit":""}],"status":"completed"},"laureats":[],"contest_id":"1797","contest_title":"GRANDS PRIX DU DESIGN - 11e \u00e9dition","firms":[],"user":{"email":"old_edition@agencepid.com","first_name":"Old Edition","last_name":"Participant"},"doc_texts_web":{"fr":"<p>R\u00e9unir de mani\u00e8re coh\u00e9rente plus de 25 collections dans la salle d\u2019exposition du distributeur de mobilier d|vision 21 repr\u00e9sentait un d\u00e9fi de taille, et il a \u00e9t\u00e9 relev\u00e9 avec brio par FOR. design planning. Zoner l\u2019espace : voil\u00e0 comment l\u2019agence a su aborder le projet. Un parcours se dresse et projette le client dans des propositions de son futur espace. Chacune des zones pr\u00e9sente une ambiance diff\u00e9rente et met en sc\u00e8ne une collection et une approche nouvelle, celle d\u2019am\u00e9nager des bureaux en espaces de vie. Dans ce spectre de produits en montre et d\u2019\u00e9motions suscit\u00e9es chez les clients, c\u2019est l\u2019alignement des \u00e9l\u00e9ments qui cr\u00e9e l\u2019ordre et l\u2019harmonie.<\/p>\n<p>Une longue \u00e9tag\u00e8re horizontale prolonge le mur fonc\u00e9 et devient une partie int\u00e9grante de l\u2019architecture. Le mur dynamique blanc g\u00e9n\u00e9r\u00e9 par la r\u00e9p\u00e9tition d\u2019un unique \u00e9l\u00e9ment triangulaire au relief inclin\u00e9 ajoute texture et mouvement. Quant au hub acoustique au c\u0153ur de l\u2019espace, il surprend, amuse et stimule des id\u00e9es. Le tout raconte une histoire, celle d\u2019un milieu de vie au travail. Le jury a \u00e9t\u00e9 charm\u00e9 par cet am\u00e9nagement inhabituel pour un showroom. Il s\u2019agit ici d\u2019un espace \u00e9volutif qui fonctionnera, qu\u2019importe le nouveau mobilier distribu\u00e9.<\/p>\n","en":"<p>Seamlessly uniting over 25 collections in furniture distributor d|vision 21\u2019s showroom was a considerable challenge, brilliantly pulled off by FOR. design planning. Zoning the space became the motto through which the project took shape. A circuit is created and entices the customers in considering the options for their future space. Each zone showcases a different collection and mood while celebrating a new approach: one in which workspaces become liv- ing spaces. In this wide range of products on display and customers emotions, the elements\u2019 alignment creates order and harmony.<\/p>\n<p>A long horizontal shelf elongates the dark wall and becomes an important structural element. The dynamic white wall generated by the repetition of a single triangular-shaped and inclined element adds texture and movement.<\/p>\n<p>As per the funky soundproof hub at the heart of the showroom, no doubt it surprises customers and inspires brainstorming sessions. As a whole, a story is told. The story of workplaces becoming living spaces. The jury was charmed by this unusual showroom conception, a space which will evolve and work overtime regardless of new collections brought in.<\/p>\n"},"permalinks":{"fr":"https:\/\/int.design\/fr\/projets\/salle-dexposition-de-dvision-21\/","en":"https:\/\/int.design\/en\/projects\/salle-dexposition-de-dvision-21\/"},"titles":{"fr":"Salle d\u2019exposition de d|vision 21","en":"Salle d\u2019exposition de d|vision 21"},"wp_fields":{"informations":{"fr":[{"content_type":"text","title":"Design","content":"FOR. design planning","link":null},{"content_type":"text","title":"Cat\u00e9gorie","content":"Prix Salle d\u2019exposition","link":null},{"content_type":"text","title":"Site web","content":"fordesignplanning.com","link":null}],"en":[{"content_type":"text","title":"Design","content":"FOR. design planning","link":null},{"content_type":"text","title":"Category","content":"Prix Salle d\u2019exposition","link":null},{"content_type":"text","title":"Website","content":"fordesignplanning.com","link":null}]}},"laravel_id":""},"_links":{"self":[{"href":"https:\/\/int.design\/fr\/wp-json\/wp\/v2\/project\/4654","targetHints":{"allow":["GET"]}}],"collection":[{"href":"https:\/\/int.design\/fr\/wp-json\/wp\/v2\/project"}],"about":[{"href":"https:\/\/int.design\/fr\/wp-json\/wp\/v2\/types\/project"}],"wp:attachment":[{"href":"https:\/\/int.design\/fr\/wp-json\/wp\/v2\/media?parent=4654"}],"curies":[{"name":"wp","href":"https:\/\/api.w.org\/{rel}","templated":true}]}}