{"id":4590,"date":"2018-01-19T02:15:03","date_gmt":"2018-01-19T07:15:03","guid":{"rendered":"https:\/\/int.design\/projets\/pavillon-du-saint-siege\/"},"modified":"2020-11-26T09:31:31","modified_gmt":"2020-11-26T14:31:31","slug":"pavillon-du-saint-siege","status":"publish","type":"project","link":"https:\/\/int.design\/fr\/projets\/pavillon-du-saint-siege\/","title":{"rendered":"Pavillon du Saint-Si\u00e8ge"},"content":{"rendered":"<p>Grandement c\u00e9l\u00e9br\u00e9 et r\u00e9compens\u00e9, le projet \u00ab Il viaggio della Parola\u00bb mettait en lumi\u00e8re les \u00e9critures sacr\u00e9es que le Saint- Si\u00e8ge avait choisies comme th\u00e9matique pour sa pr\u00e9sence \u00e0 l\u2019Exposition universelle de Milan.<\/p>\n<p>Subtile dans sa profondeur, originale dans son langage graphique universel, cette installation \u00e9ph\u00e9m\u00e8re a depuis \u00e9t\u00e9 pr\u00e9sent\u00e9e dans des endroits significatifs en Italie et ailleurs dans le monde. Le pavillon construit ressemble \u00e0 une grotte moderne et blanche o\u00f9 entrer se recueillir. Traduites en 13 langues, les \u00e9critures bibliques, s\u00e9lectionn\u00e9es par le Vatican, sont sus- pendues sur la fa\u00e7ade du pavillon en lettrage de m\u00e9tal blanc. Le blanc sur blanc rend les \u00e9criteaux lisibles seulement par le biais de leurs ombrages et transforme l\u2019installation en \u0153uvre \u00e9volutive tout au long de la journ\u00e9e et du cycle du soleil. En choisissant diverses langues pour porter un m\u00eame message d\u2019espoir, l\u2019\u0153uvre d\u00e9montre une belle ouverture universelle et une coh\u00e9rence dans sa mission. Le jury r\u00e9compense l\u2019\u00e9quipe qu\u00e9b\u00e9co-italienne, r\u00e9put\u00e9e pour la subtilit\u00e9 et la force de l\u2019installation \u00e9ph\u00e9m\u00e8re et po\u00e9tique, et y reconna\u00eet une ing\u00e9niosit\u00e9 architecturale dans l\u2019usage des \u00e9crits blancs sur fond blanc.<\/p>\n","protected":false},"template":"","class_list":["post-4590","project","type-project","status-publish","hentry"],"acf":[],"yoast_head":"<!-- This site is optimized with the Yoast SEO plugin v21.5 - https:\/\/yoast.com\/wordpress\/plugins\/seo\/ -->\n<title>Pavillon du Saint-Si\u00e8ge - INT Design<\/title>\n<meta name=\"robots\" content=\"index, follow, max-snippet:-1, max-image-preview:large, max-video-preview:-1\" \/>\n<link rel=\"canonical\" href=\"https:\/\/int.design\/fr\/projets\/pavillon-du-saint-siege\/\" \/>\n<meta property=\"og:locale\" content=\"fr_FR\" \/>\n<meta property=\"og:type\" content=\"article\" \/>\n<meta property=\"og:title\" content=\"Pavillon du Saint-Si\u00e8ge - INT Design\" \/>\n<meta property=\"og:description\" content=\"Grandement c\u00e9l\u00e9br\u00e9 et r\u00e9compens\u00e9, le projet \u00ab Il viaggio della Parola\u00bb mettait en lumi\u00e8re les \u00e9critures sacr\u00e9es que le Saint- Si\u00e8ge avait choisies comme th\u00e9matique pour sa pr\u00e9sence \u00e0 l\u2019Exposition universelle de Milan. Subtile dans sa profondeur, originale dans son langage graphique universel, cette installation \u00e9ph\u00e9m\u00e8re a depuis \u00e9t\u00e9 pr\u00e9sent\u00e9e dans des endroits significatifs en &hellip; Continued\" \/>\n<meta property=\"og:url\" content=\"https:\/\/int.design\/fr\/projets\/pavillon-du-saint-siege\/\" \/>\n<meta property=\"og:site_name\" content=\"INT Design\" \/>\n<meta property=\"article:modified_time\" content=\"2020-11-26T14:31:31+00:00\" \/>\n<meta name=\"twitter:card\" content=\"summary_large_image\" \/>\n<meta name=\"twitter:label1\" content=\"Est. reading time\" \/>\n\t<meta name=\"twitter:data1\" content=\"1 minute\" \/>\n<script type=\"application\/ld+json\" class=\"yoast-schema-graph\">{\"@context\":\"https:\/\/schema.org\",\"@graph\":[{\"@type\":\"WebPage\",\"@id\":\"https:\/\/int.design\/fr\/projets\/pavillon-du-saint-siege\/\",\"url\":\"https:\/\/int.design\/fr\/projets\/pavillon-du-saint-siege\/\",\"name\":\"Pavillon du Saint-Si\u00e8ge - INT Design\",\"isPartOf\":{\"@id\":\"https:\/\/int.design\/fr\/#website\"},\"datePublished\":\"2018-01-19T07:15:03+00:00\",\"dateModified\":\"2020-11-26T14:31:31+00:00\",\"breadcrumb\":{\"@id\":\"https:\/\/int.design\/fr\/projets\/pavillon-du-saint-siege\/#breadcrumb\"},\"inLanguage\":\"fr-FR\",\"potentialAction\":[{\"@type\":\"ReadAction\",\"target\":[\"https:\/\/int.design\/fr\/projets\/pavillon-du-saint-siege\/\"]}]},{\"@type\":\"BreadcrumbList\",\"@id\":\"https:\/\/int.design\/fr\/projets\/pavillon-du-saint-siege\/#breadcrumb\",\"itemListElement\":[{\"@type\":\"ListItem\",\"position\":1,\"name\":\"Home\",\"item\":\"https:\/\/int.design\/fr\/\"},{\"@type\":\"ListItem\",\"position\":2,\"name\":\"Projects\",\"item\":\"https:\/\/int.design\/en\/projects\/\"},{\"@type\":\"ListItem\",\"position\":3,\"name\":\"Pavillon du Saint-Si\u00e8ge\"}]},{\"@type\":\"WebSite\",\"@id\":\"https:\/\/int.design\/fr\/#website\",\"url\":\"https:\/\/int.design\/fr\/\",\"name\":\"INT Design\",\"description\":\"\",\"potentialAction\":[{\"@type\":\"SearchAction\",\"target\":{\"@type\":\"EntryPoint\",\"urlTemplate\":\"https:\/\/int.design\/fr\/?s={search_term_string}\"},\"query-input\":\"required name=search_term_string\"}],\"inLanguage\":\"fr-FR\"}]}<\/script>\n<!-- \/ Yoast SEO plugin. -->","yoast_head_json":{"title":"Pavillon du Saint-Si\u00e8ge - INT Design","robots":{"index":"index","follow":"follow","max-snippet":"max-snippet:-1","max-image-preview":"max-image-preview:large","max-video-preview":"max-video-preview:-1"},"canonical":"https:\/\/int.design\/fr\/projets\/pavillon-du-saint-siege\/","og_locale":"fr_FR","og_type":"article","og_title":"Pavillon du Saint-Si\u00e8ge - INT Design","og_description":"Grandement c\u00e9l\u00e9br\u00e9 et r\u00e9compens\u00e9, le projet \u00ab Il viaggio della Parola\u00bb mettait en lumi\u00e8re les \u00e9critures sacr\u00e9es que le Saint- Si\u00e8ge avait choisies comme th\u00e9matique pour sa pr\u00e9sence \u00e0 l\u2019Exposition universelle de Milan. Subtile dans sa profondeur, originale dans son langage graphique universel, cette installation \u00e9ph\u00e9m\u00e8re a depuis \u00e9t\u00e9 pr\u00e9sent\u00e9e dans des endroits significatifs en &hellip; Continued","og_url":"https:\/\/int.design\/fr\/projets\/pavillon-du-saint-siege\/","og_site_name":"INT Design","article_modified_time":"2020-11-26T14:31:31+00:00","twitter_card":"summary_large_image","twitter_misc":{"Est. reading time":"1 minute"},"schema":{"@context":"https:\/\/schema.org","@graph":[{"@type":"WebPage","@id":"https:\/\/int.design\/fr\/projets\/pavillon-du-saint-siege\/","url":"https:\/\/int.design\/fr\/projets\/pavillon-du-saint-siege\/","name":"Pavillon du Saint-Si\u00e8ge - INT Design","isPartOf":{"@id":"https:\/\/int.design\/fr\/#website"},"datePublished":"2018-01-19T07:15:03+00:00","dateModified":"2020-11-26T14:31:31+00:00","breadcrumb":{"@id":"https:\/\/int.design\/fr\/projets\/pavillon-du-saint-siege\/#breadcrumb"},"inLanguage":"fr-FR","potentialAction":[{"@type":"ReadAction","target":["https:\/\/int.design\/fr\/projets\/pavillon-du-saint-siege\/"]}]},{"@type":"BreadcrumbList","@id":"https:\/\/int.design\/fr\/projets\/pavillon-du-saint-siege\/#breadcrumb","itemListElement":[{"@type":"ListItem","position":1,"name":"Home","item":"https:\/\/int.design\/fr\/"},{"@type":"ListItem","position":2,"name":"Projects","item":"https:\/\/int.design\/en\/projects\/"},{"@type":"ListItem","position":3,"name":"Pavillon du Saint-Si\u00e8ge"}]},{"@type":"WebSite","@id":"https:\/\/int.design\/fr\/#website","url":"https:\/\/int.design\/fr\/","name":"INT Design","description":"","potentialAction":[{"@type":"SearchAction","target":{"@type":"EntryPoint","urlTemplate":"https:\/\/int.design\/fr\/?s={search_term_string}"},"query-input":"required name=search_term_string"}],"inLanguage":"fr-FR"}]}},"entry":{"cats":{"disciplines":[],"big_cats":[],"sub_cats":[]},"entry":{"":null,"status":"completed","winner_title":"","winner_prize_lang":"","title_translatable":false,"title_en":"","title_fr":"","releve_award":false,"releve_award_cv":false,"collaboration":false,"collaboration_firms":false,"other_firms":false,"owner":{"name":"","confidential":false,"website":"","contact_name":"","email":"","phone":""},"address":{"address":"","city":"","region":"","province":"","country":"","postal_code":""},"logos":false,"use_logo":false,"designers":false,"cover":false,"images":[{"image":{"ID":4591,"id":4591,"title":"18-il-viaggio-della-parola_10_ginette-caron_michele-reginaldi_02-1-1.jpg","filename":"18-il-viaggio-della-parola_10_ginette-caron_michele-reginaldi_02-1-1.jpg","filesize":0,"url":"https:\/\/d2q6z78khxmx42.cloudfront.net\/2018\/01\/18-il-viaggio-della-parola_10_ginette-caron_michele-reginaldi_02-1-1.jpg","link":"https:\/\/int.design\/fr\/18-il-viaggio-della-parola_10_ginette-caron_michele-reginaldi_02-1-1-jpg\/","alt":"","author":"0","description":"","caption":"","name":"18-il-viaggio-della-parola_10_ginette-caron_michele-reginaldi_02-1-1-jpg","status":"inherit","uploaded_to":0,"date":"2020-04-06 04:10:16","modified":"2020-04-06 04:10:16","menu_order":0,"mime_type":"image\/jpeg","type":"image","subtype":"jpeg","icon":"https:\/\/int.design\/wp-includes\/images\/media\/default.png","width":1675,"height":1080,"sizes":{"thumbnail":"https:\/\/d2q6z78khxmx42.cloudfront.net\/2018\/01\/18-il-viaggio-della-parola_10_ginette-caron_michele-reginaldi_02-1-1-150x150.jpg","thumbnail-width":150,"thumbnail-height":150,"medium":"https:\/\/d2q6z78khxmx42.cloudfront.net\/2018\/01\/18-il-viaggio-della-parola_10_ginette-caron_michele-reginaldi_02-1-1-300x193.jpg","medium-width":300,"medium-height":193,"medium_large":"https:\/\/d2q6z78khxmx42.cloudfront.net\/2018\/01\/18-il-viaggio-della-parola_10_ginette-caron_michele-reginaldi_02-1-1-768x495.jpg","medium_large-width":768,"medium_large-height":495,"large":"https:\/\/d2q6z78khxmx42.cloudfront.net\/2018\/01\/18-il-viaggio-della-parola_10_ginette-caron_michele-reginaldi_02-1-1-1024x660.jpg","large-width":1024,"large-height":660,"1536x1536":"https:\/\/d2q6z78khxmx42.cloudfront.net\/2018\/01\/18-il-viaggio-della-parola_10_ginette-caron_michele-reginaldi_02-1-1-1536x990.jpg","1536x1536-width":1536,"1536x1536-height":990,"2048x2048":"https:\/\/d2q6z78khxmx42.cloudfront.net\/2018\/01\/18-il-viaggio-della-parola_10_ginette-caron_michele-reginaldi_02-1-1.jpg","2048x2048-width":1675,"2048x2048-height":1080,"article":"https:\/\/d2q6z78khxmx42.cloudfront.net\/2018\/01\/18-il-viaggio-della-parola_10_ginette-caron_michele-reginaldi_02-1-1-960x540.jpg","article-width":960,"article-height":540,"banner":"https:\/\/d2q6z78khxmx42.cloudfront.net\/2018\/01\/18-il-viaggio-della-parola_10_ginette-caron_michele-reginaldi_02-1-1.jpg","banner-width":1675,"banner-height":1080,"block":"https:\/\/d2q6z78khxmx42.cloudfront.net\/2018\/01\/18-il-viaggio-della-parola_10_ginette-caron_michele-reginaldi_02-1-1-900x680.jpg","block-width":900,"block-height":680,"card":"https:\/\/d2q6z78khxmx42.cloudfront.net\/2018\/01\/18-il-viaggio-della-parola_10_ginette-caron_michele-reginaldi_02-1-1-560x495.jpg","card-width":560,"card-height":495,"card-thumbnail":"https:\/\/d2q6z78khxmx42.cloudfront.net\/2018\/01\/18-il-viaggio-della-parola_10_ginette-caron_michele-reginaldi_02-1-1-450x340.jpg","card-thumbnail-width":450,"card-thumbnail-height":340,"conference":"https:\/\/d2q6z78khxmx42.cloudfront.net\/2018\/01\/18-il-viaggio-della-parola_10_ginette-caron_michele-reginaldi_02-1-1-560x250.jpg","conference-width":560,"conference-height":250,"contest":"https:\/\/d2q6z78khxmx42.cloudfront.net\/2018\/01\/18-il-viaggio-della-parola_10_ginette-caron_michele-reginaldi_02-1-1-960x400.jpg","contest-width":960,"contest-height":400,"cta":"https:\/\/d2q6z78khxmx42.cloudfront.net\/2018\/01\/18-il-viaggio-della-parola_10_ginette-caron_michele-reginaldi_02-1-1-415x170.jpg","cta-width":415,"cta-height":170,"exhibitor":"https:\/\/d2q6z78khxmx42.cloudfront.net\/2018\/01\/18-il-viaggio-della-parola_10_ginette-caron_michele-reginaldi_02-1-1-560x560.jpg","exhibitor-width":560,"exhibitor-height":560,"gallery":"https:\/\/d2q6z78khxmx42.cloudfront.net\/2018\/01\/18-il-viaggio-della-parola_10_ginette-caron_michele-reginaldi_02-1-1-560x361.jpg","gallery-width":560,"gallery-height":361,"logo":"https:\/\/d2q6z78khxmx42.cloudfront.net\/2018\/01\/18-il-viaggio-della-parola_10_ginette-caron_michele-reginaldi_02-1-1-155x100.jpg","logo-width":155,"logo-height":100,"masonry":"https:\/\/d2q6z78khxmx42.cloudfront.net\/2018\/01\/18-il-viaggio-della-parola_10_ginette-caron_michele-reginaldi_02-1-1-550x355.jpg","masonry-width":550,"masonry-height":355,"modal":"https:\/\/d2q6z78khxmx42.cloudfront.net\/2018\/01\/18-il-viaggio-della-parola_10_ginette-caron_michele-reginaldi_02-1-1.jpg","modal-width":1675,"modal-height":1080,"number":"https:\/\/d2q6z78khxmx42.cloudfront.net\/2018\/01\/bEhd1VGi-18-il-viaggio-della-parola_10_ginette-caron_michele-reginaldi_02-1-1-560x361.jpg","number-width":560,"number-height":361,"partner":"https:\/\/d2q6z78khxmx42.cloudfront.net\/2018\/01\/18-il-viaggio-della-parola_10_ginette-caron_michele-reginaldi_02-1-1-275x177.jpg","partner-width":275,"partner-height":177,"ranking":"https:\/\/d2q6z78khxmx42.cloudfront.net\/2018\/01\/bEhd1VGi-18-il-viaggio-della-parola_10_ginette-caron_michele-reginaldi_02-1-1-960x540.jpg","ranking-width":960,"ranking-height":540,"schedule":"https:\/\/d2q6z78khxmx42.cloudfront.net\/2018\/01\/18-il-viaggio-della-parola_10_ginette-caron_michele-reginaldi_02-1-1-960x360.jpg","schedule-width":960,"schedule-height":360,"slideshow":"https:\/\/d2q6z78khxmx42.cloudfront.net\/2018\/01\/18-il-viaggio-della-parola_10_ginette-caron_michele-reginaldi_02-1-1-1055x680.jpg","slideshow-width":1055,"slideshow-height":680}},"attachment_category":[],"credit":""},{"image":{"ID":4594,"id":4594,"title":"18-il-viaggio-della-parola_bettegno-di-pontevico_10_ginette-caron_alessio-pesenti_03.jpg","filename":"18-il-viaggio-della-parola_bettegno-di-pontevico_10_ginette-caron_alessio-pesenti_03.jpg","filesize":0,"url":"https:\/\/d2q6z78khxmx42.cloudfront.net\/2018\/01\/18-il-viaggio-della-parola_bettegno-di-pontevico_10_ginette-caron_alessio-pesenti_03.jpg","link":"https:\/\/int.design\/fr\/18-il-viaggio-della-parola_bettegno-di-pontevico_10_ginette-caron_alessio-pesenti_03-jpg\/","alt":"","author":"0","description":"","caption":"","name":"18-il-viaggio-della-parola_bettegno-di-pontevico_10_ginette-caron_alessio-pesenti_03-jpg","status":"inherit","uploaded_to":0,"date":"2020-04-06 04:10:21","modified":"2020-04-06 04:10:21","menu_order":0,"mime_type":"image\/jpeg","type":"image","subtype":"jpeg","icon":"https:\/\/int.design\/wp-includes\/images\/media\/default.png","width":720,"height":1080,"sizes":{"thumbnail":"https:\/\/d2q6z78khxmx42.cloudfront.net\/2018\/01\/18-il-viaggio-della-parola_bettegno-di-pontevico_10_ginette-caron_alessio-pesenti_03-150x150.jpg","thumbnail-width":150,"thumbnail-height":150,"medium":"https:\/\/d2q6z78khxmx42.cloudfront.net\/2018\/01\/18-il-viaggio-della-parola_bettegno-di-pontevico_10_ginette-caron_alessio-pesenti_03-200x300.jpg","medium-width":200,"medium-height":300,"medium_large":"https:\/\/d2q6z78khxmx42.cloudfront.net\/2018\/01\/18-il-viaggio-della-parola_bettegno-di-pontevico_10_ginette-caron_alessio-pesenti_03.jpg","medium_large-width":720,"medium_large-height":1080,"large":"https:\/\/d2q6z78khxmx42.cloudfront.net\/2018\/01\/18-il-viaggio-della-parola_bettegno-di-pontevico_10_ginette-caron_alessio-pesenti_03-683x1024.jpg","large-width":683,"large-height":1024,"1536x1536":"https:\/\/d2q6z78khxmx42.cloudfront.net\/2018\/01\/18-il-viaggio-della-parola_bettegno-di-pontevico_10_ginette-caron_alessio-pesenti_03.jpg","1536x1536-width":720,"1536x1536-height":1080,"2048x2048":"https:\/\/d2q6z78khxmx42.cloudfront.net\/2018\/01\/18-il-viaggio-della-parola_bettegno-di-pontevico_10_ginette-caron_alessio-pesenti_03.jpg","2048x2048-width":720,"2048x2048-height":1080,"article":"https:\/\/d2q6z78khxmx42.cloudfront.net\/2018\/01\/18-il-viaggio-della-parola_bettegno-di-pontevico_10_ginette-caron_alessio-pesenti_03-720x540.jpg","article-width":720,"article-height":540,"banner":"https:\/\/d2q6z78khxmx42.cloudfront.net\/2018\/01\/18-il-viaggio-della-parola_bettegno-di-pontevico_10_ginette-caron_alessio-pesenti_03.jpg","banner-width":720,"banner-height":1080,"block":"https:\/\/d2q6z78khxmx42.cloudfront.net\/2018\/01\/18-il-viaggio-della-parola_bettegno-di-pontevico_10_ginette-caron_alessio-pesenti_03-720x680.jpg","block-width":720,"block-height":680,"card":"https:\/\/d2q6z78khxmx42.cloudfront.net\/2018\/01\/18-il-viaggio-della-parola_bettegno-di-pontevico_10_ginette-caron_alessio-pesenti_03-560x495.jpg","card-width":560,"card-height":495,"card-thumbnail":"https:\/\/d2q6z78khxmx42.cloudfront.net\/2018\/01\/18-il-viaggio-della-parola_bettegno-di-pontevico_10_ginette-caron_alessio-pesenti_03-450x340.jpg","card-thumbnail-width":450,"card-thumbnail-height":340,"conference":"https:\/\/d2q6z78khxmx42.cloudfront.net\/2018\/01\/18-il-viaggio-della-parola_bettegno-di-pontevico_10_ginette-caron_alessio-pesenti_03-560x250.jpg","conference-width":560,"conference-height":250,"contest":"https:\/\/d2q6z78khxmx42.cloudfront.net\/2018\/01\/18-il-viaggio-della-parola_bettegno-di-pontevico_10_ginette-caron_alessio-pesenti_03-720x400.jpg","contest-width":720,"contest-height":400,"cta":"https:\/\/d2q6z78khxmx42.cloudfront.net\/2018\/01\/18-il-viaggio-della-parola_bettegno-di-pontevico_10_ginette-caron_alessio-pesenti_03-415x170.jpg","cta-width":415,"cta-height":170,"exhibitor":"https:\/\/d2q6z78khxmx42.cloudfront.net\/2018\/01\/18-il-viaggio-della-parola_bettegno-di-pontevico_10_ginette-caron_alessio-pesenti_03-560x560.jpg","exhibitor-width":560,"exhibitor-height":560,"gallery":"https:\/\/d2q6z78khxmx42.cloudfront.net\/2018\/01\/18-il-viaggio-della-parola_bettegno-di-pontevico_10_ginette-caron_alessio-pesenti_03-287x430.jpg","gallery-width":287,"gallery-height":430,"logo":"https:\/\/d2q6z78khxmx42.cloudfront.net\/2018\/01\/18-il-viaggio-della-parola_bettegno-di-pontevico_10_ginette-caron_alessio-pesenti_03-67x100.jpg","logo-width":67,"logo-height":100,"masonry":"https:\/\/d2q6z78khxmx42.cloudfront.net\/2018\/01\/18-il-viaggio-della-parola_bettegno-di-pontevico_10_ginette-caron_alessio-pesenti_03-550x825.jpg","masonry-width":550,"masonry-height":825,"modal":"https:\/\/d2q6z78khxmx42.cloudfront.net\/2018\/01\/18-il-viaggio-della-parola_bettegno-di-pontevico_10_ginette-caron_alessio-pesenti_03.jpg","modal-width":720,"modal-height":1080,"number":"https:\/\/d2q6z78khxmx42.cloudfront.net\/2018\/01\/9ps7lH9v-18-il-viaggio-della-parola_bettegno-di-pontevico_10_ginette-caron_alessio-pesenti_03-287x430.jpg","number-width":287,"number-height":430,"partner":"https:\/\/d2q6z78khxmx42.cloudfront.net\/2018\/01\/18-il-viaggio-della-parola_bettegno-di-pontevico_10_ginette-caron_alessio-pesenti_03-140x210.jpg","partner-width":140,"partner-height":210,"ranking":"https:\/\/d2q6z78khxmx42.cloudfront.net\/2018\/01\/9ps7lH9v-18-il-viaggio-della-parola_bettegno-di-pontevico_10_ginette-caron_alessio-pesenti_03-720x540.jpg","ranking-width":720,"ranking-height":540,"schedule":"https:\/\/d2q6z78khxmx42.cloudfront.net\/2018\/01\/18-il-viaggio-della-parola_bettegno-di-pontevico_10_ginette-caron_alessio-pesenti_03-720x360.jpg","schedule-width":720,"schedule-height":360,"slideshow":"https:\/\/d2q6z78khxmx42.cloudfront.net\/2018\/01\/18-il-viaggio-della-parola_bettegno-di-pontevico_10_ginette-caron_alessio-pesenti_03-453x680.jpg","slideshow-width":453,"slideshow-height":680}},"attachment_category":[],"credit":""},{"image":{"ID":4595,"id":4595,"title":"18-il-viaggio-della-parola_10_ginettecaron_stefano-madriga_01.jpg","filename":"18-il-viaggio-della-parola_10_ginettecaron_stefano-madriga_01.jpg","filesize":0,"url":"https:\/\/d2q6z78khxmx42.cloudfront.net\/2018\/01\/18-il-viaggio-della-parola_10_ginettecaron_stefano-madriga_01.jpg","link":"https:\/\/int.design\/fr\/18-il-viaggio-della-parola_10_ginettecaron_stefano-madriga_01-jpg\/","alt":"","author":"0","description":"","caption":"","name":"18-il-viaggio-della-parola_10_ginettecaron_stefano-madriga_01-jpg","status":"inherit","uploaded_to":0,"date":"2020-04-06 04:10:22","modified":"2020-04-06 04:10:22","menu_order":0,"mime_type":"image\/jpeg","type":"image","subtype":"jpeg","icon":"https:\/\/int.design\/wp-includes\/images\/media\/default.png","width":1080,"height":1080,"sizes":{"thumbnail":"https:\/\/d2q6z78khxmx42.cloudfront.net\/2018\/01\/18-il-viaggio-della-parola_10_ginettecaron_stefano-madriga_01-150x150.jpg","thumbnail-width":150,"thumbnail-height":150,"medium":"https:\/\/d2q6z78khxmx42.cloudfront.net\/2018\/01\/18-il-viaggio-della-parola_10_ginettecaron_stefano-madriga_01-300x300.jpg","medium-width":300,"medium-height":300,"medium_large":"https:\/\/d2q6z78khxmx42.cloudfront.net\/2018\/01\/18-il-viaggio-della-parola_10_ginettecaron_stefano-madriga_01-768x768.jpg","medium_large-width":768,"medium_large-height":768,"large":"https:\/\/d2q6z78khxmx42.cloudfront.net\/2018\/01\/18-il-viaggio-della-parola_10_ginettecaron_stefano-madriga_01-1024x1024.jpg","large-width":1024,"large-height":1024,"1536x1536":"https:\/\/d2q6z78khxmx42.cloudfront.net\/2018\/01\/18-il-viaggio-della-parola_10_ginettecaron_stefano-madriga_01.jpg","1536x1536-width":1080,"1536x1536-height":1080,"2048x2048":"https:\/\/d2q6z78khxmx42.cloudfront.net\/2018\/01\/18-il-viaggio-della-parola_10_ginettecaron_stefano-madriga_01.jpg","2048x2048-width":1080,"2048x2048-height":1080,"article":"https:\/\/d2q6z78khxmx42.cloudfront.net\/2018\/01\/18-il-viaggio-della-parola_10_ginettecaron_stefano-madriga_01-960x540.jpg","article-width":960,"article-height":540,"banner":"https:\/\/d2q6z78khxmx42.cloudfront.net\/2018\/01\/18-il-viaggio-della-parola_10_ginettecaron_stefano-madriga_01.jpg","banner-width":1080,"banner-height":1080,"block":"https:\/\/d2q6z78khxmx42.cloudfront.net\/2018\/01\/18-il-viaggio-della-parola_10_ginettecaron_stefano-madriga_01-900x680.jpg","block-width":900,"block-height":680,"card":"https:\/\/d2q6z78khxmx42.cloudfront.net\/2018\/01\/18-il-viaggio-della-parola_10_ginettecaron_stefano-madriga_01-560x495.jpg","card-width":560,"card-height":495,"card-thumbnail":"https:\/\/d2q6z78khxmx42.cloudfront.net\/2018\/01\/18-il-viaggio-della-parola_10_ginettecaron_stefano-madriga_01-450x340.jpg","card-thumbnail-width":450,"card-thumbnail-height":340,"conference":"https:\/\/d2q6z78khxmx42.cloudfront.net\/2018\/01\/18-il-viaggio-della-parola_10_ginettecaron_stefano-madriga_01-560x250.jpg","conference-width":560,"conference-height":250,"contest":"https:\/\/d2q6z78khxmx42.cloudfront.net\/2018\/01\/18-il-viaggio-della-parola_10_ginettecaron_stefano-madriga_01-960x400.jpg","contest-width":960,"contest-height":400,"cta":"https:\/\/d2q6z78khxmx42.cloudfront.net\/2018\/01\/18-il-viaggio-della-parola_10_ginettecaron_stefano-madriga_01-415x170.jpg","cta-width":415,"cta-height":170,"exhibitor":"https:\/\/d2q6z78khxmx42.cloudfront.net\/2018\/01\/18-il-viaggio-della-parola_10_ginettecaron_stefano-madriga_01-560x560.jpg","exhibitor-width":560,"exhibitor-height":560,"gallery":"https:\/\/d2q6z78khxmx42.cloudfront.net\/2018\/01\/18-il-viaggio-della-parola_10_ginettecaron_stefano-madriga_01-430x430.jpg","gallery-width":430,"gallery-height":430,"logo":"https:\/\/d2q6z78khxmx42.cloudfront.net\/2018\/01\/18-il-viaggio-della-parola_10_ginettecaron_stefano-madriga_01-100x100.jpg","logo-width":100,"logo-height":100,"masonry":"https:\/\/d2q6z78khxmx42.cloudfront.net\/2018\/01\/18-il-viaggio-della-parola_10_ginettecaron_stefano-madriga_01-550x550.jpg","masonry-width":550,"masonry-height":550,"modal":"https:\/\/d2q6z78khxmx42.cloudfront.net\/2018\/01\/18-il-viaggio-della-parola_10_ginettecaron_stefano-madriga_01.jpg","modal-width":1080,"modal-height":1080,"number":"https:\/\/d2q6z78khxmx42.cloudfront.net\/2018\/01\/fKPEBMy9-18-il-viaggio-della-parola_10_ginettecaron_stefano-madriga_01-430x430.jpg","number-width":430,"number-height":430,"partner":"https:\/\/d2q6z78khxmx42.cloudfront.net\/2018\/01\/18-il-viaggio-della-parola_10_ginettecaron_stefano-madriga_01-210x210.jpg","partner-width":210,"partner-height":210,"ranking":"https:\/\/d2q6z78khxmx42.cloudfront.net\/2018\/01\/fKPEBMy9-18-il-viaggio-della-parola_10_ginettecaron_stefano-madriga_01-960x540.jpg","ranking-width":960,"ranking-height":540,"schedule":"https:\/\/d2q6z78khxmx42.cloudfront.net\/2018\/01\/18-il-viaggio-della-parola_10_ginettecaron_stefano-madriga_01-960x360.jpg","schedule-width":960,"schedule-height":360,"slideshow":"https:\/\/d2q6z78khxmx42.cloudfront.net\/2018\/01\/18-il-viaggio-della-parola_10_ginettecaron_stefano-madriga_01-680x680.jpg","slideshow-width":680,"slideshow-height":680}},"attachment_category":[],"credit":""},{"image":{"ID":23424,"id":23424,"title":"il viaggio della Parola_Milan_10_Ginette Caron_Michele Reginaldi_07","filename":"il-viaggio-della-Parola_Milan_10_Ginette-Caron_Michele-Reginaldi_07-scaled.jpg","filesize":0,"url":"https:\/\/int.design\/wp-content\/uploads\/2018\/01\/il-viaggio-della-Parola_Milan_10_Ginette-Caron_Michele-Reginaldi_07-scaled.jpg","link":"https:\/\/int.design\/fr\/projets\/pavillon-du-saint-siege\/il-viaggio-della-parola_milan_10_ginette-caron_michele-reginaldi_07\/","alt":"","author":"5","description":"","caption":"","name":"il-viaggio-della-parola_milan_10_ginette-caron_michele-reginaldi_07","status":"inherit","uploaded_to":4590,"date":"2020-10-05 22:31:42","modified":"2020-10-12 19:33:08","menu_order":0,"mime_type":"image\/jpeg","type":"image","subtype":"jpeg","icon":"https:\/\/int.design\/wp-includes\/images\/media\/default.png","width":2560,"height":1898,"sizes":{"thumbnail":"https:\/\/int.design\/wp-content\/uploads\/2018\/01\/il-viaggio-della-Parola_Milan_10_Ginette-Caron_Michele-Reginaldi_07-150x150.jpg","thumbnail-width":150,"thumbnail-height":150,"medium":"https:\/\/int.design\/wp-content\/uploads\/2018\/01\/il-viaggio-della-Parola_Milan_10_Ginette-Caron_Michele-Reginaldi_07-300x222.jpg","medium-width":300,"medium-height":222,"medium_large":"https:\/\/int.design\/wp-content\/uploads\/2018\/01\/il-viaggio-della-Parola_Milan_10_Ginette-Caron_Michele-Reginaldi_07-768x569.jpg","medium_large-width":768,"medium_large-height":569,"large":"https:\/\/int.design\/wp-content\/uploads\/2018\/01\/il-viaggio-della-Parola_Milan_10_Ginette-Caron_Michele-Reginaldi_07-1024x759.jpg","large-width":1024,"large-height":759,"1536x1536":"https:\/\/int.design\/wp-content\/uploads\/2018\/01\/il-viaggio-della-Parola_Milan_10_Ginette-Caron_Michele-Reginaldi_07-1536x1139.jpg","1536x1536-width":1536,"1536x1536-height":1139,"2048x2048":"https:\/\/int.design\/wp-content\/uploads\/2018\/01\/il-viaggio-della-Parola_Milan_10_Ginette-Caron_Michele-Reginaldi_07-2048x1518.jpg","2048x2048-width":2048,"2048x2048-height":1518,"article":"https:\/\/int.design\/wp-content\/uploads\/2018\/01\/il-viaggio-della-Parola_Milan_10_Ginette-Caron_Michele-Reginaldi_07-960x540.jpg","article-width":960,"article-height":540,"banner":"https:\/\/int.design\/wp-content\/uploads\/2018\/01\/il-viaggio-della-Parola_Milan_10_Ginette-Caron_Michele-Reginaldi_07-1920x1423.jpg","banner-width":1920,"banner-height":1423,"block":"https:\/\/int.design\/wp-content\/uploads\/2018\/01\/il-viaggio-della-Parola_Milan_10_Ginette-Caron_Michele-Reginaldi_07-900x680.jpg","block-width":900,"block-height":680,"card":"https:\/\/int.design\/wp-content\/uploads\/2018\/01\/il-viaggio-della-Parola_Milan_10_Ginette-Caron_Michele-Reginaldi_07-560x495.jpg","card-width":560,"card-height":495,"card-thumbnail":"https:\/\/int.design\/wp-content\/uploads\/2018\/01\/il-viaggio-della-Parola_Milan_10_Ginette-Caron_Michele-Reginaldi_07-450x340.jpg","card-thumbnail-width":450,"card-thumbnail-height":340,"conference":"https:\/\/int.design\/wp-content\/uploads\/2018\/01\/il-viaggio-della-Parola_Milan_10_Ginette-Caron_Michele-Reginaldi_07-560x250.jpg","conference-width":560,"conference-height":250,"contest":"https:\/\/int.design\/wp-content\/uploads\/2018\/01\/il-viaggio-della-Parola_Milan_10_Ginette-Caron_Michele-Reginaldi_07-960x400.jpg","contest-width":960,"contest-height":400,"cta":"https:\/\/int.design\/wp-content\/uploads\/2018\/01\/il-viaggio-della-Parola_Milan_10_Ginette-Caron_Michele-Reginaldi_07-415x170.jpg","cta-width":415,"cta-height":170,"exhibitor":"https:\/\/int.design\/wp-content\/uploads\/2018\/01\/il-viaggio-della-Parola_Milan_10_Ginette-Caron_Michele-Reginaldi_07-560x560.jpg","exhibitor-width":560,"exhibitor-height":560,"gallery":"https:\/\/int.design\/wp-content\/uploads\/2018\/01\/il-viaggio-della-Parola_Milan_10_Ginette-Caron_Michele-Reginaldi_07-560x415.jpg","gallery-width":560,"gallery-height":415,"logo":"https:\/\/int.design\/wp-content\/uploads\/2018\/01\/il-viaggio-della-Parola_Milan_10_Ginette-Caron_Michele-Reginaldi_07-135x100.jpg","logo-width":135,"logo-height":100,"masonry":"https:\/\/int.design\/wp-content\/uploads\/2018\/01\/il-viaggio-della-Parola_Milan_10_Ginette-Caron_Michele-Reginaldi_07-550x408.jpg","masonry-width":550,"masonry-height":408,"modal":"https:\/\/int.design\/wp-content\/uploads\/2018\/01\/il-viaggio-della-Parola_Milan_10_Ginette-Caron_Michele-Reginaldi_07-1920x1423.jpg","modal-width":1920,"modal-height":1423,"number":"https:\/\/int.design\/wp-content\/uploads\/2018\/01\/il-viaggio-della-Parola_Milan_10_Ginette-Caron_Michele-Reginaldi_07-560x415.jpg","number-width":560,"number-height":415,"partner":"https:\/\/int.design\/wp-content\/uploads\/2018\/01\/il-viaggio-della-Parola_Milan_10_Ginette-Caron_Michele-Reginaldi_07-275x204.jpg","partner-width":275,"partner-height":204,"ranking":"https:\/\/int.design\/wp-content\/uploads\/2018\/01\/il-viaggio-della-Parola_Milan_10_Ginette-Caron_Michele-Reginaldi_07-960x540.jpg","ranking-width":960,"ranking-height":540,"schedule":"https:\/\/int.design\/wp-content\/uploads\/2018\/01\/il-viaggio-della-Parola_Milan_10_Ginette-Caron_Michele-Reginaldi_07-960x360.jpg","schedule-width":960,"schedule-height":360,"slideshow":"https:\/\/int.design\/wp-content\/uploads\/2018\/01\/il-viaggio-della-Parola_Milan_10_Ginette-Caron_Michele-Reginaldi_07-917x680.jpg","slideshow-width":917,"slideshow-height":680}},"attachment_category":[],"credit":""},{"image":{"ID":23425,"id":23425,"title":"il viaggio della Parola_Quarto Ogiarro_10_Ginette Caron_Ginette Caron.06","filename":"il-viaggio-della-Parola_Quarto-Ogiarro_10_Ginette-Caron_Ginette-Caron.06.jpg","filesize":0,"url":"https:\/\/d2q6z78khxmx42.cloudfront.net\/2018\/01\/il-viaggio-della-Parola_Quarto-Ogiarro_10_Ginette-Caron_Ginette-Caron.06.jpg","link":"https:\/\/int.design\/fr\/projets\/pavillon-du-saint-siege\/il-viaggio-della-parola_quarto-ogiarro_10_ginette-caron_ginette-caron-06\/","alt":"","author":"5","description":"","caption":"","name":"il-viaggio-della-parola_quarto-ogiarro_10_ginette-caron_ginette-caron-06","status":"inherit","uploaded_to":4590,"date":"2020-10-05 22:31:53","modified":"2020-10-12 19:32:46","menu_order":0,"mime_type":"image\/jpeg","type":"image","subtype":"jpeg","icon":"https:\/\/int.design\/wp-includes\/images\/media\/default.png","width":1824,"height":2160,"sizes":{"thumbnail":"https:\/\/d2q6z78khxmx42.cloudfront.net\/2018\/01\/il-viaggio-della-Parola_Quarto-Ogiarro_10_Ginette-Caron_Ginette-Caron.06-150x150.jpg","thumbnail-width":150,"thumbnail-height":150,"medium":"https:\/\/d2q6z78khxmx42.cloudfront.net\/2018\/01\/il-viaggio-della-Parola_Quarto-Ogiarro_10_Ginette-Caron_Ginette-Caron.06-253x300.jpg","medium-width":253,"medium-height":300,"medium_large":"https:\/\/d2q6z78khxmx42.cloudfront.net\/2018\/01\/il-viaggio-della-Parola_Quarto-Ogiarro_10_Ginette-Caron_Ginette-Caron.06-768x909.jpg","medium_large-width":768,"medium_large-height":909,"large":"https:\/\/d2q6z78khxmx42.cloudfront.net\/2018\/01\/il-viaggio-della-Parola_Quarto-Ogiarro_10_Ginette-Caron_Ginette-Caron.06-865x1024.jpg","large-width":865,"large-height":1024,"1536x1536":"https:\/\/d2q6z78khxmx42.cloudfront.net\/2018\/01\/il-viaggio-della-Parola_Quarto-Ogiarro_10_Ginette-Caron_Ginette-Caron.06-1297x1536.jpg","1536x1536-width":1297,"1536x1536-height":1536,"2048x2048":"https:\/\/d2q6z78khxmx42.cloudfront.net\/2018\/01\/il-viaggio-della-Parola_Quarto-Ogiarro_10_Ginette-Caron_Ginette-Caron.06-1729x2048.jpg","2048x2048-width":1729,"2048x2048-height":2048,"article":"https:\/\/d2q6z78khxmx42.cloudfront.net\/2018\/01\/il-viaggio-della-Parola_Quarto-Ogiarro_10_Ginette-Caron_Ginette-Caron.06-960x540.jpg","article-width":960,"article-height":540,"banner":"https:\/\/d2q6z78khxmx42.cloudfront.net\/2018\/01\/il-viaggio-della-Parola_Quarto-Ogiarro_10_Ginette-Caron_Ginette-Caron.06.jpg","banner-width":1824,"banner-height":2160,"block":"https:\/\/d2q6z78khxmx42.cloudfront.net\/2018\/01\/il-viaggio-della-Parola_Quarto-Ogiarro_10_Ginette-Caron_Ginette-Caron.06-900x680.jpg","block-width":900,"block-height":680,"card":"https:\/\/d2q6z78khxmx42.cloudfront.net\/2018\/01\/il-viaggio-della-Parola_Quarto-Ogiarro_10_Ginette-Caron_Ginette-Caron.06-560x495.jpg","card-width":560,"card-height":495,"card-thumbnail":"https:\/\/d2q6z78khxmx42.cloudfront.net\/2018\/01\/il-viaggio-della-Parola_Quarto-Ogiarro_10_Ginette-Caron_Ginette-Caron.06-450x340.jpg","card-thumbnail-width":450,"card-thumbnail-height":340,"conference":"https:\/\/d2q6z78khxmx42.cloudfront.net\/2018\/01\/il-viaggio-della-Parola_Quarto-Ogiarro_10_Ginette-Caron_Ginette-Caron.06-560x250.jpg","conference-width":560,"conference-height":250,"contest":"https:\/\/d2q6z78khxmx42.cloudfront.net\/2018\/01\/il-viaggio-della-Parola_Quarto-Ogiarro_10_Ginette-Caron_Ginette-Caron.06-960x400.jpg","contest-width":960,"contest-height":400,"cta":"https:\/\/d2q6z78khxmx42.cloudfront.net\/2018\/01\/il-viaggio-della-Parola_Quarto-Ogiarro_10_Ginette-Caron_Ginette-Caron.06-415x170.jpg","cta-width":415,"cta-height":170,"exhibitor":"https:\/\/d2q6z78khxmx42.cloudfront.net\/2018\/01\/il-viaggio-della-Parola_Quarto-Ogiarro_10_Ginette-Caron_Ginette-Caron.06-560x560.jpg","exhibitor-width":560,"exhibitor-height":560,"gallery":"https:\/\/d2q6z78khxmx42.cloudfront.net\/2018\/01\/il-viaggio-della-Parola_Quarto-Ogiarro_10_Ginette-Caron_Ginette-Caron.06-363x430.jpg","gallery-width":363,"gallery-height":430,"logo":"https:\/\/d2q6z78khxmx42.cloudfront.net\/2018\/01\/il-viaggio-della-Parola_Quarto-Ogiarro_10_Ginette-Caron_Ginette-Caron.06-84x100.jpg","logo-width":84,"logo-height":100,"masonry":"https:\/\/d2q6z78khxmx42.cloudfront.net\/2018\/01\/il-viaggio-della-Parola_Quarto-Ogiarro_10_Ginette-Caron_Ginette-Caron.06-550x651.jpg","masonry-width":550,"masonry-height":651,"modal":"https:\/\/d2q6z78khxmx42.cloudfront.net\/2018\/01\/il-viaggio-della-Parola_Quarto-Ogiarro_10_Ginette-Caron_Ginette-Caron.06-1621x1920.jpg","modal-width":1621,"modal-height":1920,"number":"https:\/\/d2q6z78khxmx42.cloudfront.net\/2018\/01\/TCESEzHE-il-viaggio-della-Parola_Quarto-Ogiarro_10_Ginette-Caron_Ginette-Caron.06-363x430.jpg","number-width":363,"number-height":430,"partner":"https:\/\/d2q6z78khxmx42.cloudfront.net\/2018\/01\/il-viaggio-della-Parola_Quarto-Ogiarro_10_Ginette-Caron_Ginette-Caron.06-177x210.jpg","partner-width":177,"partner-height":210,"ranking":"https:\/\/d2q6z78khxmx42.cloudfront.net\/2018\/01\/TCESEzHE-il-viaggio-della-Parola_Quarto-Ogiarro_10_Ginette-Caron_Ginette-Caron.06-960x540.jpg","ranking-width":960,"ranking-height":540,"schedule":"https:\/\/d2q6z78khxmx42.cloudfront.net\/2018\/01\/il-viaggio-della-Parola_Quarto-Ogiarro_10_Ginette-Caron_Ginette-Caron.06-960x360.jpg","schedule-width":960,"schedule-height":360,"slideshow":"https:\/\/d2q6z78khxmx42.cloudfront.net\/2018\/01\/il-viaggio-della-Parola_Quarto-Ogiarro_10_Ginette-Caron_Ginette-Caron.06-574x680.jpg","slideshow-width":574,"slideshow-height":680}},"attachment_category":[],"credit":""},{"image":{"ID":23426,"id":23426,"title":"il viaggio della Parola_Sicile_10_Ginette Caron_Ginette Caron_05","filename":"il-viaggio-della-Parola_Sicile_10_Ginette-Caron_Ginette-Caron_05.jpg","filesize":0,"url":"https:\/\/d2q6z78khxmx42.cloudfront.net\/2018\/01\/il-viaggio-della-Parola_Sicile_10_Ginette-Caron_Ginette-Caron_05.jpg","link":"https:\/\/int.design\/fr\/projets\/pavillon-du-saint-siege\/il-viaggio-della-parola_sicile_10_ginette-caron_ginette-caron_05\/","alt":"","author":"5","description":"","caption":"","name":"il-viaggio-della-parola_sicile_10_ginette-caron_ginette-caron_05","status":"inherit","uploaded_to":4590,"date":"2020-10-05 22:32:01","modified":"2020-10-12 19:32:22","menu_order":0,"mime_type":"image\/jpeg","type":"image","subtype":"jpeg","icon":"https:\/\/int.design\/wp-includes\/images\/media\/default.png","width":1620,"height":2160,"sizes":{"thumbnail":"https:\/\/d2q6z78khxmx42.cloudfront.net\/2018\/01\/il-viaggio-della-Parola_Sicile_10_Ginette-Caron_Ginette-Caron_05-150x150.jpg","thumbnail-width":150,"thumbnail-height":150,"medium":"https:\/\/d2q6z78khxmx42.cloudfront.net\/2018\/01\/il-viaggio-della-Parola_Sicile_10_Ginette-Caron_Ginette-Caron_05-225x300.jpg","medium-width":225,"medium-height":300,"medium_large":"https:\/\/d2q6z78khxmx42.cloudfront.net\/2018\/01\/jB0eJr6q-il-viaggio-della-Parola_Sicile_10_Ginette-Caron_Ginette-Caron_05-768x1024.jpg","medium_large-width":768,"medium_large-height":1024,"large":"https:\/\/d2q6z78khxmx42.cloudfront.net\/2018\/01\/il-viaggio-della-Parola_Sicile_10_Ginette-Caron_Ginette-Caron_05-768x1024.jpg","large-width":768,"large-height":1024,"1536x1536":"https:\/\/d2q6z78khxmx42.cloudfront.net\/2018\/01\/il-viaggio-della-Parola_Sicile_10_Ginette-Caron_Ginette-Caron_05-1152x1536.jpg","1536x1536-width":1152,"1536x1536-height":1536,"2048x2048":"https:\/\/d2q6z78khxmx42.cloudfront.net\/2018\/01\/il-viaggio-della-Parola_Sicile_10_Ginette-Caron_Ginette-Caron_05-1536x2048.jpg","2048x2048-width":1536,"2048x2048-height":2048,"article":"https:\/\/d2q6z78khxmx42.cloudfront.net\/2018\/01\/il-viaggio-della-Parola_Sicile_10_Ginette-Caron_Ginette-Caron_05-960x540.jpg","article-width":960,"article-height":540,"banner":"https:\/\/d2q6z78khxmx42.cloudfront.net\/2018\/01\/il-viaggio-della-Parola_Sicile_10_Ginette-Caron_Ginette-Caron_05.jpg","banner-width":1620,"banner-height":2160,"block":"https:\/\/d2q6z78khxmx42.cloudfront.net\/2018\/01\/il-viaggio-della-Parola_Sicile_10_Ginette-Caron_Ginette-Caron_05-900x680.jpg","block-width":900,"block-height":680,"card":"https:\/\/d2q6z78khxmx42.cloudfront.net\/2018\/01\/il-viaggio-della-Parola_Sicile_10_Ginette-Caron_Ginette-Caron_05-560x495.jpg","card-width":560,"card-height":495,"card-thumbnail":"https:\/\/d2q6z78khxmx42.cloudfront.net\/2018\/01\/il-viaggio-della-Parola_Sicile_10_Ginette-Caron_Ginette-Caron_05-450x340.jpg","card-thumbnail-width":450,"card-thumbnail-height":340,"conference":"https:\/\/d2q6z78khxmx42.cloudfront.net\/2018\/01\/il-viaggio-della-Parola_Sicile_10_Ginette-Caron_Ginette-Caron_05-560x250.jpg","conference-width":560,"conference-height":250,"contest":"https:\/\/d2q6z78khxmx42.cloudfront.net\/2018\/01\/il-viaggio-della-Parola_Sicile_10_Ginette-Caron_Ginette-Caron_05-960x400.jpg","contest-width":960,"contest-height":400,"cta":"https:\/\/d2q6z78khxmx42.cloudfront.net\/2018\/01\/il-viaggio-della-Parola_Sicile_10_Ginette-Caron_Ginette-Caron_05-415x170.jpg","cta-width":415,"cta-height":170,"exhibitor":"https:\/\/d2q6z78khxmx42.cloudfront.net\/2018\/01\/il-viaggio-della-Parola_Sicile_10_Ginette-Caron_Ginette-Caron_05-560x560.jpg","exhibitor-width":560,"exhibitor-height":560,"gallery":"https:\/\/d2q6z78khxmx42.cloudfront.net\/2018\/01\/il-viaggio-della-Parola_Sicile_10_Ginette-Caron_Ginette-Caron_05-323x430.jpg","gallery-width":323,"gallery-height":430,"logo":"https:\/\/d2q6z78khxmx42.cloudfront.net\/2018\/01\/il-viaggio-della-Parola_Sicile_10_Ginette-Caron_Ginette-Caron_05-75x100.jpg","logo-width":75,"logo-height":100,"masonry":"https:\/\/d2q6z78khxmx42.cloudfront.net\/2018\/01\/il-viaggio-della-Parola_Sicile_10_Ginette-Caron_Ginette-Caron_05-550x733.jpg","masonry-width":550,"masonry-height":733,"modal":"https:\/\/d2q6z78khxmx42.cloudfront.net\/2018\/01\/il-viaggio-della-Parola_Sicile_10_Ginette-Caron_Ginette-Caron_05-1440x1920.jpg","modal-width":1440,"modal-height":1920,"number":"https:\/\/d2q6z78khxmx42.cloudfront.net\/2018\/01\/jB0eJr6q-il-viaggio-della-Parola_Sicile_10_Ginette-Caron_Ginette-Caron_05-323x430.jpg","number-width":323,"number-height":430,"partner":"https:\/\/d2q6z78khxmx42.cloudfront.net\/2018\/01\/il-viaggio-della-Parola_Sicile_10_Ginette-Caron_Ginette-Caron_05-158x210.jpg","partner-width":158,"partner-height":210,"ranking":"https:\/\/d2q6z78khxmx42.cloudfront.net\/2018\/01\/jB0eJr6q-il-viaggio-della-Parola_Sicile_10_Ginette-Caron_Ginette-Caron_05-960x540.jpg","ranking-width":960,"ranking-height":540,"schedule":"https:\/\/d2q6z78khxmx42.cloudfront.net\/2018\/01\/il-viaggio-della-Parola_Sicile_10_Ginette-Caron_Ginette-Caron_05-960x360.jpg","schedule-width":960,"schedule-height":360,"slideshow":"https:\/\/d2q6z78khxmx42.cloudfront.net\/2018\/01\/il-viaggio-della-Parola_Sicile_10_Ginette-Caron_Ginette-Caron_05-510x680.jpg","slideshow-width":510,"slideshow-height":680}},"attachment_category":[],"credit":""},{"image":{"ID":23427,"id":23427,"title":"il viaggio della Parola_Sicile_10_Ginette Caron_Nadia Castronovo_04","filename":"il-viaggio-della-Parola_Sicile_10_Ginette-Caron_Nadia-Castronovo_04.jpg","filesize":0,"url":"https:\/\/d2q6z78khxmx42.cloudfront.net\/2018\/01\/il-viaggio-della-Parola_Sicile_10_Ginette-Caron_Nadia-Castronovo_04.jpg","link":"https:\/\/int.design\/fr\/projets\/pavillon-du-saint-siege\/il-viaggio-della-parola_sicile_10_ginette-caron_nadia-castronovo_04\/","alt":"","author":"5","description":"","caption":"","name":"il-viaggio-della-parola_sicile_10_ginette-caron_nadia-castronovo_04","status":"inherit","uploaded_to":4590,"date":"2020-10-05 22:32:08","modified":"2020-10-12 19:32:00","menu_order":0,"mime_type":"image\/jpeg","type":"image","subtype":"jpeg","icon":"https:\/\/int.design\/wp-includes\/images\/media\/default.png","width":2160,"height":1492,"sizes":{"thumbnail":"https:\/\/d2q6z78khxmx42.cloudfront.net\/2018\/01\/il-viaggio-della-Parola_Sicile_10_Ginette-Caron_Nadia-Castronovo_04-150x150.jpg","thumbnail-width":150,"thumbnail-height":150,"medium":"https:\/\/d2q6z78khxmx42.cloudfront.net\/2018\/01\/il-viaggio-della-Parola_Sicile_10_Ginette-Caron_Nadia-Castronovo_04-300x207.jpg","medium-width":300,"medium-height":207,"medium_large":"https:\/\/d2q6z78khxmx42.cloudfront.net\/2018\/01\/il-viaggio-della-Parola_Sicile_10_Ginette-Caron_Nadia-Castronovo_04-768x530.jpg","medium_large-width":768,"medium_large-height":530,"large":"https:\/\/d2q6z78khxmx42.cloudfront.net\/2018\/01\/il-viaggio-della-Parola_Sicile_10_Ginette-Caron_Nadia-Castronovo_04-1024x707.jpg","large-width":1024,"large-height":707,"1536x1536":"https:\/\/d2q6z78khxmx42.cloudfront.net\/2018\/01\/il-viaggio-della-Parola_Sicile_10_Ginette-Caron_Nadia-Castronovo_04-1536x1061.jpg","1536x1536-width":1536,"1536x1536-height":1061,"2048x2048":"https:\/\/d2q6z78khxmx42.cloudfront.net\/2018\/01\/il-viaggio-della-Parola_Sicile_10_Ginette-Caron_Nadia-Castronovo_04-2048x1415.jpg","2048x2048-width":2048,"2048x2048-height":1415,"article":"https:\/\/d2q6z78khxmx42.cloudfront.net\/2018\/01\/il-viaggio-della-Parola_Sicile_10_Ginette-Caron_Nadia-Castronovo_04-960x540.jpg","article-width":960,"article-height":540,"banner":"https:\/\/d2q6z78khxmx42.cloudfront.net\/2018\/01\/il-viaggio-della-Parola_Sicile_10_Ginette-Caron_Nadia-Castronovo_04-1920x1326.jpg","banner-width":1920,"banner-height":1326,"block":"https:\/\/d2q6z78khxmx42.cloudfront.net\/2018\/01\/il-viaggio-della-Parola_Sicile_10_Ginette-Caron_Nadia-Castronovo_04-900x680.jpg","block-width":900,"block-height":680,"card":"https:\/\/d2q6z78khxmx42.cloudfront.net\/2018\/01\/il-viaggio-della-Parola_Sicile_10_Ginette-Caron_Nadia-Castronovo_04-560x495.jpg","card-width":560,"card-height":495,"card-thumbnail":"https:\/\/d2q6z78khxmx42.cloudfront.net\/2018\/01\/il-viaggio-della-Parola_Sicile_10_Ginette-Caron_Nadia-Castronovo_04-450x340.jpg","card-thumbnail-width":450,"card-thumbnail-height":340,"conference":"https:\/\/d2q6z78khxmx42.cloudfront.net\/2018\/01\/il-viaggio-della-Parola_Sicile_10_Ginette-Caron_Nadia-Castronovo_04-560x250.jpg","conference-width":560,"conference-height":250,"contest":"https:\/\/d2q6z78khxmx42.cloudfront.net\/2018\/01\/il-viaggio-della-Parola_Sicile_10_Ginette-Caron_Nadia-Castronovo_04-960x400.jpg","contest-width":960,"contest-height":400,"cta":"https:\/\/d2q6z78khxmx42.cloudfront.net\/2018\/01\/il-viaggio-della-Parola_Sicile_10_Ginette-Caron_Nadia-Castronovo_04-415x170.jpg","cta-width":415,"cta-height":170,"exhibitor":"https:\/\/d2q6z78khxmx42.cloudfront.net\/2018\/01\/il-viaggio-della-Parola_Sicile_10_Ginette-Caron_Nadia-Castronovo_04-560x560.jpg","exhibitor-width":560,"exhibitor-height":560,"gallery":"https:\/\/d2q6z78khxmx42.cloudfront.net\/2018\/01\/il-viaggio-della-Parola_Sicile_10_Ginette-Caron_Nadia-Castronovo_04-560x387.jpg","gallery-width":560,"gallery-height":387,"logo":"https:\/\/d2q6z78khxmx42.cloudfront.net\/2018\/01\/il-viaggio-della-Parola_Sicile_10_Ginette-Caron_Nadia-Castronovo_04-145x100.jpg","logo-width":145,"logo-height":100,"masonry":"https:\/\/d2q6z78khxmx42.cloudfront.net\/2018\/01\/il-viaggio-della-Parola_Sicile_10_Ginette-Caron_Nadia-Castronovo_04-550x380.jpg","masonry-width":550,"masonry-height":380,"modal":"https:\/\/d2q6z78khxmx42.cloudfront.net\/2018\/01\/zjuQMzM2-il-viaggio-della-Parola_Sicile_10_Ginette-Caron_Nadia-Castronovo_04-1920x1326.jpg","modal-width":1920,"modal-height":1326,"number":"https:\/\/d2q6z78khxmx42.cloudfront.net\/2018\/01\/zjuQMzM2-il-viaggio-della-Parola_Sicile_10_Ginette-Caron_Nadia-Castronovo_04-560x387.jpg","number-width":560,"number-height":387,"partner":"https:\/\/d2q6z78khxmx42.cloudfront.net\/2018\/01\/il-viaggio-della-Parola_Sicile_10_Ginette-Caron_Nadia-Castronovo_04-275x190.jpg","partner-width":275,"partner-height":190,"ranking":"https:\/\/d2q6z78khxmx42.cloudfront.net\/2018\/01\/zjuQMzM2-il-viaggio-della-Parola_Sicile_10_Ginette-Caron_Nadia-Castronovo_04-960x540.jpg","ranking-width":960,"ranking-height":540,"schedule":"https:\/\/d2q6z78khxmx42.cloudfront.net\/2018\/01\/il-viaggio-della-Parola_Sicile_10_Ginette-Caron_Nadia-Castronovo_04-960x360.jpg","schedule-width":960,"schedule-height":360,"slideshow":"https:\/\/d2q6z78khxmx42.cloudfront.net\/2018\/01\/il-viaggio-della-Parola_Sicile_10_Ginette-Caron_Nadia-Castronovo_04-984x680.jpg","slideshow-width":984,"slideshow-height":680}},"attachment_category":[],"credit":""},{"image":{"ID":23428,"id":23428,"title":"IMG_9157","filename":"il-viaggio-della-Parola_Trezzano_10_Ginette-Caron_Andrea-Martiradonna_09.jpg","filesize":0,"url":"https:\/\/d2q6z78khxmx42.cloudfront.net\/2018\/01\/il-viaggio-della-Parola_Trezzano_10_Ginette-Caron_Andrea-Martiradonna_09.jpg","link":"https:\/\/int.design\/fr\/projets\/pavillon-du-saint-siege\/img_9157\/","alt":"","author":"5","description":"","caption":"","name":"img_9157","status":"inherit","uploaded_to":4590,"date":"2020-10-05 22:32:16","modified":"2020-10-05 22:33:56","menu_order":0,"mime_type":"image\/jpeg","type":"image","subtype":"jpeg","icon":"https:\/\/int.design\/wp-includes\/images\/media\/default.png","width":2160,"height":1614,"sizes":{"thumbnail":"https:\/\/d2q6z78khxmx42.cloudfront.net\/2018\/01\/il-viaggio-della-Parola_Trezzano_10_Ginette-Caron_Andrea-Martiradonna_09-150x150.jpg","thumbnail-width":150,"thumbnail-height":150,"medium":"https:\/\/d2q6z78khxmx42.cloudfront.net\/2018\/01\/il-viaggio-della-Parola_Trezzano_10_Ginette-Caron_Andrea-Martiradonna_09-300x224.jpg","medium-width":300,"medium-height":224,"medium_large":"https:\/\/d2q6z78khxmx42.cloudfront.net\/2018\/01\/il-viaggio-della-Parola_Trezzano_10_Ginette-Caron_Andrea-Martiradonna_09-768x574.jpg","medium_large-width":768,"medium_large-height":574,"large":"https:\/\/d2q6z78khxmx42.cloudfront.net\/2018\/01\/il-viaggio-della-Parola_Trezzano_10_Ginette-Caron_Andrea-Martiradonna_09-1024x765.jpg","large-width":1024,"large-height":765,"1536x1536":"https:\/\/d2q6z78khxmx42.cloudfront.net\/2018\/01\/il-viaggio-della-Parola_Trezzano_10_Ginette-Caron_Andrea-Martiradonna_09-1536x1148.jpg","1536x1536-width":1536,"1536x1536-height":1148,"2048x2048":"https:\/\/d2q6z78khxmx42.cloudfront.net\/2018\/01\/il-viaggio-della-Parola_Trezzano_10_Ginette-Caron_Andrea-Martiradonna_09-2048x1530.jpg","2048x2048-width":2048,"2048x2048-height":1530,"article":"https:\/\/d2q6z78khxmx42.cloudfront.net\/2018\/01\/il-viaggio-della-Parola_Trezzano_10_Ginette-Caron_Andrea-Martiradonna_09-960x540.jpg","article-width":960,"article-height":540,"banner":"https:\/\/d2q6z78khxmx42.cloudfront.net\/2018\/01\/il-viaggio-della-Parola_Trezzano_10_Ginette-Caron_Andrea-Martiradonna_09-1920x1435.jpg","banner-width":1920,"banner-height":1435,"block":"https:\/\/d2q6z78khxmx42.cloudfront.net\/2018\/01\/il-viaggio-della-Parola_Trezzano_10_Ginette-Caron_Andrea-Martiradonna_09-900x680.jpg","block-width":900,"block-height":680,"card":"https:\/\/d2q6z78khxmx42.cloudfront.net\/2018\/01\/il-viaggio-della-Parola_Trezzano_10_Ginette-Caron_Andrea-Martiradonna_09-560x495.jpg","card-width":560,"card-height":495,"card-thumbnail":"https:\/\/d2q6z78khxmx42.cloudfront.net\/2018\/01\/il-viaggio-della-Parola_Trezzano_10_Ginette-Caron_Andrea-Martiradonna_09-450x340.jpg","card-thumbnail-width":450,"card-thumbnail-height":340,"conference":"https:\/\/d2q6z78khxmx42.cloudfront.net\/2018\/01\/il-viaggio-della-Parola_Trezzano_10_Ginette-Caron_Andrea-Martiradonna_09-560x250.jpg","conference-width":560,"conference-height":250,"contest":"https:\/\/d2q6z78khxmx42.cloudfront.net\/2018\/01\/il-viaggio-della-Parola_Trezzano_10_Ginette-Caron_Andrea-Martiradonna_09-960x400.jpg","contest-width":960,"contest-height":400,"cta":"https:\/\/d2q6z78khxmx42.cloudfront.net\/2018\/01\/il-viaggio-della-Parola_Trezzano_10_Ginette-Caron_Andrea-Martiradonna_09-415x170.jpg","cta-width":415,"cta-height":170,"exhibitor":"https:\/\/d2q6z78khxmx42.cloudfront.net\/2018\/01\/il-viaggio-della-Parola_Trezzano_10_Ginette-Caron_Andrea-Martiradonna_09-560x560.jpg","exhibitor-width":560,"exhibitor-height":560,"gallery":"https:\/\/d2q6z78khxmx42.cloudfront.net\/2018\/01\/il-viaggio-della-Parola_Trezzano_10_Ginette-Caron_Andrea-Martiradonna_09-560x418.jpg","gallery-width":560,"gallery-height":418,"logo":"https:\/\/d2q6z78khxmx42.cloudfront.net\/2018\/01\/il-viaggio-della-Parola_Trezzano_10_Ginette-Caron_Andrea-Martiradonna_09-134x100.jpg","logo-width":134,"logo-height":100,"masonry":"https:\/\/d2q6z78khxmx42.cloudfront.net\/2018\/01\/il-viaggio-della-Parola_Trezzano_10_Ginette-Caron_Andrea-Martiradonna_09-550x411.jpg","masonry-width":550,"masonry-height":411,"modal":"https:\/\/d2q6z78khxmx42.cloudfront.net\/2018\/01\/4eccNJEz-il-viaggio-della-Parola_Trezzano_10_Ginette-Caron_Andrea-Martiradonna_09-1920x1435.jpg","modal-width":1920,"modal-height":1435,"number":"https:\/\/d2q6z78khxmx42.cloudfront.net\/2018\/01\/4eccNJEz-il-viaggio-della-Parola_Trezzano_10_Ginette-Caron_Andrea-Martiradonna_09-560x418.jpg","number-width":560,"number-height":418,"partner":"https:\/\/d2q6z78khxmx42.cloudfront.net\/2018\/01\/il-viaggio-della-Parola_Trezzano_10_Ginette-Caron_Andrea-Martiradonna_09-275x205.jpg","partner-width":275,"partner-height":205,"ranking":"https:\/\/d2q6z78khxmx42.cloudfront.net\/2018\/01\/4eccNJEz-il-viaggio-della-Parola_Trezzano_10_Ginette-Caron_Andrea-Martiradonna_09-960x540.jpg","ranking-width":960,"ranking-height":540,"schedule":"https:\/\/d2q6z78khxmx42.cloudfront.net\/2018\/01\/il-viaggio-della-Parola_Trezzano_10_Ginette-Caron_Andrea-Martiradonna_09-960x360.jpg","schedule-width":960,"schedule-height":360,"slideshow":"https:\/\/d2q6z78khxmx42.cloudfront.net\/2018\/01\/il-viaggio-della-Parola_Trezzano_10_Ginette-Caron_Andrea-Martiradonna_09-910x680.jpg","slideshow-width":910,"slideshow-height":680}},"attachment_category":[],"credit":""}],"mandatory_documents":false,"optional_documents":false,"web_text":{"fr":"","en":"","original":""},"jury_text":false,"different_jury_text":false,"different_category_text":false},"laureats":[],"contest_id":"1797","contest_title":"GRANDS PRIX DU DESIGN - 11e \u00e9dition","firms":[],"user":{"email":"old_edition@agencepid.com","first_name":"Old Edition","last_name":"Participant"},"doc_texts_web":{"fr":"<p>Grandement c\u00e9l\u00e9br\u00e9 et r\u00e9compens\u00e9, le projet \u00ab Il viaggio della Parola\u00bb mettait en lumi\u00e8re les \u00e9critures sacr\u00e9es que le Saint- Si\u00e8ge avait choisies comme th\u00e9matique pour sa pr\u00e9sence \u00e0 l\u2019Exposition universelle de Milan.<\/p>\n<p>Subtile dans sa profondeur, originale dans son langage graphique universel, cette installation \u00e9ph\u00e9m\u00e8re a depuis \u00e9t\u00e9 pr\u00e9sent\u00e9e dans des endroits significatifs en Italie et ailleurs dans le monde. Le pavillon construit ressemble \u00e0 une grotte moderne et blanche o\u00f9 entrer se recueillir. Traduites en 13 langues, les \u00e9critures bibliques, s\u00e9lectionn\u00e9es par le Vatican, sont sus- pendues sur la fa\u00e7ade du pavillon en lettrage de m\u00e9tal blanc. Le blanc sur blanc rend les \u00e9criteaux lisibles seulement par le biais de leurs ombrages et transforme l\u2019installation en \u0153uvre \u00e9volutive tout au long de la journ\u00e9e et du cycle du soleil. En choisissant diverses langues pour porter un m\u00eame message d\u2019espoir, l\u2019\u0153uvre d\u00e9montre une belle ouverture universelle et une coh\u00e9rence dans sa mission. Le jury r\u00e9compense l\u2019\u00e9quipe qu\u00e9b\u00e9co-italienne, r\u00e9put\u00e9e pour la subtilit\u00e9 et la force de l\u2019installation \u00e9ph\u00e9m\u00e8re et po\u00e9tique, et y reconna\u00eet une ing\u00e9niosit\u00e9 architecturale dans l\u2019usage des \u00e9crits blancs sur fond blanc.<\/p>\n","en":"<p>Greatly celebrated and awarded, the \u201cIl viaggio della Parola\u201d project showcased sacred writings selected by the Holy See for its presence in the Milano\u2019s World Expo.<\/p>\n<p>Subtle in its depth and unique in its universal graphic language, this ephemeral installation has since been presented in other significant Italian and worldwide landmarks. The white pavilion looks like a modern cave in which to enter to meditate. Translated in thirteen languages, the Vatican-selected biblical writings are suspended to the pavilion\u2019s facade in white metal lettering. The use of white- on-white makes the words readable only through their shadows and transforms the installation into an ever-evolving work of art throughout the day and sun cycle. By choosing various languages to spread the same message of hope, the work showcases an openness upon the world and coherence in its mission. The jury rewards the Quebecois-Italian team renown for the subtlety and strength of the project and recognizes an architectural ingenuity in the use of white-on-white.<\/p>\n"},"permalinks":{"fr":"https:\/\/int.design\/fr\/projets\/pavillon-du-saint-siege\/","en":"https:\/\/int.design\/en\/projects\/pavillon-du-saint-siege\/"},"titles":{"fr":"Pavillon du Saint-Si\u00e8ge","en":"Pavillon du Saint-Si\u00e8ge"},"wp_fields":{"informations":{"fr":[{"content_type":"text","title":"Design","content":"Ginette Caron \/ ideatrice, art directeur et son \u00e9quipe de conception","link":null},{"content_type":"text","title":"Cat\u00e9gorie","content":"Prix Design \u00e9v\u00e9nementiel et installation \u00e9ph\u00e9m\u00e8re","link":null},{"content_type":"text","title":"Site web","content":"ginettecaron.it","link":null}],"en":[{"content_type":"text","title":"Design","content":"Ginette Caron \/ ideatrice, art directeur et son \u00e9quipe de conception","link":null},{"content_type":"text","title":"Category","content":"Prix Design \u00e9v\u00e9nementiel et installation \u00e9ph\u00e9m\u00e8re","link":null},{"content_type":"text","title":"Website","content":"ginettecaron.it","link":null}]}},"laravel_id":""},"_links":{"self":[{"href":"https:\/\/int.design\/fr\/wp-json\/wp\/v2\/project\/4590","targetHints":{"allow":["GET"]}}],"collection":[{"href":"https:\/\/int.design\/fr\/wp-json\/wp\/v2\/project"}],"about":[{"href":"https:\/\/int.design\/fr\/wp-json\/wp\/v2\/types\/project"}],"wp:attachment":[{"href":"https:\/\/int.design\/fr\/wp-json\/wp\/v2\/media?parent=4590"}],"curies":[{"name":"wp","href":"https:\/\/api.w.org\/{rel}","templated":true}]}}