{"id":4576,"date":"2018-01-19T02:00:26","date_gmt":"2018-01-19T07:00:26","guid":{"rendered":"https:\/\/int.design\/projets\/village-au-pied-du-courant\/"},"modified":"2020-04-06T00:10:05","modified_gmt":"2020-04-06T04:10:05","slug":"village-au-pied-du-courant","status":"publish","type":"project","link":"https:\/\/int.design\/fr\/projets\/village-au-pied-du-courant\/","title":{"rendered":"Village au Pied-du-Courant"},"content":{"rendered":"<p>Une belle initiative urbaine, au-del\u00e0 du design, qui revitalise et s\u2019approprie un site sous-exploit\u00e9. Le parc r\u00e9invent\u00e9 est une promenade aux installations de divertissements, de jeux et de spectacles, qui se renouvelle diff\u00e9remment chaque ann\u00e9e depuis 2014.<\/p>\n<p>Dix-neuf \u00e9quipes de cr\u00e9ateurs, impliquant plusieurs designers multidisciplinaires et la rel\u00e8ve \u00e9mergente de l\u2019am\u00e9nagement, favorisent les expressions cr\u00e9atives, les nouvelles pratiques en design, l\u2019entrepreneuriat et l\u2019art. Et tout en relevant les d\u00e9fis du budget, ils utilisent au maximum les mat\u00e9riaux recycl\u00e9s. Un terrain libre et flexible qui assure un \u00e9v\u00e9nement festif et une implication citoyenne, au succ\u00e8s incontestable.<\/p>\n","protected":false},"template":"","class_list":["post-4576","project","type-project","status-publish","hentry"],"acf":[],"yoast_head":"<!-- This site is optimized with the Yoast SEO plugin v21.5 - https:\/\/yoast.com\/wordpress\/plugins\/seo\/ -->\n<title>Village au Pied-du-Courant - INT Design<\/title>\n<meta name=\"robots\" content=\"index, follow, max-snippet:-1, max-image-preview:large, max-video-preview:-1\" \/>\n<link rel=\"canonical\" href=\"https:\/\/int.design\/fr\/projets\/village-au-pied-du-courant\/\" \/>\n<meta property=\"og:locale\" content=\"fr_FR\" \/>\n<meta property=\"og:type\" content=\"article\" \/>\n<meta property=\"og:title\" content=\"Village au Pied-du-Courant - INT Design\" \/>\n<meta property=\"og:description\" content=\"Une belle initiative urbaine, au-del\u00e0 du design, qui revitalise et s\u2019approprie un site sous-exploit\u00e9. Le parc r\u00e9invent\u00e9 est une promenade aux installations de divertissements, de jeux et de spectacles, qui se renouvelle diff\u00e9remment chaque ann\u00e9e depuis 2014. Dix-neuf \u00e9quipes de cr\u00e9ateurs, impliquant plusieurs designers multidisciplinaires et la rel\u00e8ve \u00e9mergente de l\u2019am\u00e9nagement, favorisent les expressions cr\u00e9atives, &hellip; Continued\" \/>\n<meta property=\"og:url\" content=\"https:\/\/int.design\/fr\/projets\/village-au-pied-du-courant\/\" \/>\n<meta property=\"og:site_name\" content=\"INT Design\" \/>\n<meta property=\"article:modified_time\" content=\"2020-04-06T04:10:05+00:00\" \/>\n<meta name=\"twitter:card\" content=\"summary_large_image\" \/>\n<meta name=\"twitter:label1\" content=\"Est. reading time\" \/>\n\t<meta name=\"twitter:data1\" content=\"1 minute\" \/>\n<script type=\"application\/ld+json\" class=\"yoast-schema-graph\">{\"@context\":\"https:\/\/schema.org\",\"@graph\":[{\"@type\":\"WebPage\",\"@id\":\"https:\/\/int.design\/fr\/projets\/village-au-pied-du-courant\/\",\"url\":\"https:\/\/int.design\/fr\/projets\/village-au-pied-du-courant\/\",\"name\":\"Village au Pied-du-Courant - INT Design\",\"isPartOf\":{\"@id\":\"https:\/\/int.design\/fr\/#website\"},\"datePublished\":\"2018-01-19T07:00:26+00:00\",\"dateModified\":\"2020-04-06T04:10:05+00:00\",\"breadcrumb\":{\"@id\":\"https:\/\/int.design\/fr\/projets\/village-au-pied-du-courant\/#breadcrumb\"},\"inLanguage\":\"fr-FR\",\"potentialAction\":[{\"@type\":\"ReadAction\",\"target\":[\"https:\/\/int.design\/fr\/projets\/village-au-pied-du-courant\/\"]}]},{\"@type\":\"BreadcrumbList\",\"@id\":\"https:\/\/int.design\/fr\/projets\/village-au-pied-du-courant\/#breadcrumb\",\"itemListElement\":[{\"@type\":\"ListItem\",\"position\":1,\"name\":\"Home\",\"item\":\"https:\/\/int.design\/fr\/\"},{\"@type\":\"ListItem\",\"position\":2,\"name\":\"Projects\",\"item\":\"https:\/\/int.design\/en\/projects\/\"},{\"@type\":\"ListItem\",\"position\":3,\"name\":\"Village au Pied-du-Courant\"}]},{\"@type\":\"WebSite\",\"@id\":\"https:\/\/int.design\/fr\/#website\",\"url\":\"https:\/\/int.design\/fr\/\",\"name\":\"INT Design\",\"description\":\"\",\"potentialAction\":[{\"@type\":\"SearchAction\",\"target\":{\"@type\":\"EntryPoint\",\"urlTemplate\":\"https:\/\/int.design\/fr\/?s={search_term_string}\"},\"query-input\":\"required name=search_term_string\"}],\"inLanguage\":\"fr-FR\"}]}<\/script>\n<!-- \/ Yoast SEO plugin. -->","yoast_head_json":{"title":"Village au Pied-du-Courant - INT Design","robots":{"index":"index","follow":"follow","max-snippet":"max-snippet:-1","max-image-preview":"max-image-preview:large","max-video-preview":"max-video-preview:-1"},"canonical":"https:\/\/int.design\/fr\/projets\/village-au-pied-du-courant\/","og_locale":"fr_FR","og_type":"article","og_title":"Village au Pied-du-Courant - INT Design","og_description":"Une belle initiative urbaine, au-del\u00e0 du design, qui revitalise et s\u2019approprie un site sous-exploit\u00e9. Le parc r\u00e9invent\u00e9 est une promenade aux installations de divertissements, de jeux et de spectacles, qui se renouvelle diff\u00e9remment chaque ann\u00e9e depuis 2014. Dix-neuf \u00e9quipes de cr\u00e9ateurs, impliquant plusieurs designers multidisciplinaires et la rel\u00e8ve \u00e9mergente de l\u2019am\u00e9nagement, favorisent les expressions cr\u00e9atives, &hellip; Continued","og_url":"https:\/\/int.design\/fr\/projets\/village-au-pied-du-courant\/","og_site_name":"INT Design","article_modified_time":"2020-04-06T04:10:05+00:00","twitter_card":"summary_large_image","twitter_misc":{"Est. reading time":"1 minute"},"schema":{"@context":"https:\/\/schema.org","@graph":[{"@type":"WebPage","@id":"https:\/\/int.design\/fr\/projets\/village-au-pied-du-courant\/","url":"https:\/\/int.design\/fr\/projets\/village-au-pied-du-courant\/","name":"Village au Pied-du-Courant - INT Design","isPartOf":{"@id":"https:\/\/int.design\/fr\/#website"},"datePublished":"2018-01-19T07:00:26+00:00","dateModified":"2020-04-06T04:10:05+00:00","breadcrumb":{"@id":"https:\/\/int.design\/fr\/projets\/village-au-pied-du-courant\/#breadcrumb"},"inLanguage":"fr-FR","potentialAction":[{"@type":"ReadAction","target":["https:\/\/int.design\/fr\/projets\/village-au-pied-du-courant\/"]}]},{"@type":"BreadcrumbList","@id":"https:\/\/int.design\/fr\/projets\/village-au-pied-du-courant\/#breadcrumb","itemListElement":[{"@type":"ListItem","position":1,"name":"Home","item":"https:\/\/int.design\/fr\/"},{"@type":"ListItem","position":2,"name":"Projects","item":"https:\/\/int.design\/en\/projects\/"},{"@type":"ListItem","position":3,"name":"Village au Pied-du-Courant"}]},{"@type":"WebSite","@id":"https:\/\/int.design\/fr\/#website","url":"https:\/\/int.design\/fr\/","name":"INT Design","description":"","potentialAction":[{"@type":"SearchAction","target":{"@type":"EntryPoint","urlTemplate":"https:\/\/int.design\/fr\/?s={search_term_string}"},"query-input":"required name=search_term_string"}],"inLanguage":"fr-FR"}]}},"entry":{"cats":{"disciplines":[],"big_cats":[],"sub_cats":[]},"entry":{"images":[{"image":{"ID":4577,"id":4577,"title":"20-village-au-pied-du-courant-_54_collectif-56-bacc82tisseurs-et-la-pepiniere-espaces-collectifs-_-jean-michael-seminaro_01.jpg","filename":"20-village-au-pied-du-courant-_54_collectif-56-bacc82tisseurs-et-la-pepiniere-espaces-collectifs-_-jean-michael-seminaro_01.jpg","filesize":0,"url":"https:\/\/d2q6z78khxmx42.cloudfront.net\/2018\/01\/20-village-au-pied-du-courant-_54_collectif-56-bacc82tisseurs-et-la-pepiniere-espaces-collectifs-_-jean-michael-seminaro_01.jpg","link":"https:\/\/int.design\/fr\/20-village-au-pied-du-courant-_54_collectif-56-bacc82tisseurs-et-la-pepiniere-espaces-collectifs-_-jean-michael-seminaro_01-jpg\/","alt":"","author":"0","description":"","caption":"","name":"20-village-au-pied-du-courant-_54_collectif-56-bacc82tisseurs-et-la-pepiniere-espaces-collectifs-_-jean-michael-seminaro_01-jpg","status":"inherit","uploaded_to":0,"date":"2020-04-06 04:09:57","modified":"2020-04-06 04:09:57","menu_order":0,"mime_type":"image\/jpeg","type":"image","subtype":"jpeg","icon":"https:\/\/int.design\/wp-includes\/images\/media\/default.png","width":1619,"height":1080,"sizes":{"thumbnail":"https:\/\/d2q6z78khxmx42.cloudfront.net\/2018\/01\/20-village-au-pied-du-courant-_54_collectif-56-bacc82tisseurs-et-la-pepiniere-espaces-collectifs-_-jean-michael-seminaro_01-150x150.jpg","thumbnail-width":150,"thumbnail-height":150,"medium":"https:\/\/d2q6z78khxmx42.cloudfront.net\/2018\/01\/20-village-au-pied-du-courant-_54_collectif-56-bacc82tisseurs-et-la-pepiniere-espaces-collectifs-_-jean-michael-seminaro_01-300x200.jpg","medium-width":300,"medium-height":200,"medium_large":"https:\/\/d2q6z78khxmx42.cloudfront.net\/2018\/01\/20-village-au-pied-du-courant-_54_collectif-56-bacc82tisseurs-et-la-pepiniere-espaces-collectifs-_-jean-michael-seminaro_01-768x512.jpg","medium_large-width":768,"medium_large-height":512,"large":"https:\/\/d2q6z78khxmx42.cloudfront.net\/2018\/01\/20-village-au-pied-du-courant-_54_collectif-56-bacc82tisseurs-et-la-pepiniere-espaces-collectifs-_-jean-michael-seminaro_01-1024x683.jpg","large-width":1024,"large-height":683,"1536x1536":"https:\/\/d2q6z78khxmx42.cloudfront.net\/2018\/01\/20-village-au-pied-du-courant-_54_collectif-56-bacc82tisseurs-et-la-pepiniere-espaces-collectifs-_-jean-michael-seminaro_01-1536x1025.jpg","1536x1536-width":1536,"1536x1536-height":1025,"2048x2048":"https:\/\/d2q6z78khxmx42.cloudfront.net\/2018\/01\/20-village-au-pied-du-courant-_54_collectif-56-bacc82tisseurs-et-la-pepiniere-espaces-collectifs-_-jean-michael-seminaro_01.jpg","2048x2048-width":1619,"2048x2048-height":1080,"article":"https:\/\/d2q6z78khxmx42.cloudfront.net\/2018\/01\/20-village-au-pied-du-courant-_54_collectif-56-bacc82tisseurs-et-la-pepiniere-espaces-collectifs-_-jean-michael-seminaro_01-960x540.jpg","article-width":960,"article-height":540,"banner":"https:\/\/d2q6z78khxmx42.cloudfront.net\/2018\/01\/20-village-au-pied-du-courant-_54_collectif-56-bacc82tisseurs-et-la-pepiniere-espaces-collectifs-_-jean-michael-seminaro_01.jpg","banner-width":1619,"banner-height":1080,"block":"https:\/\/d2q6z78khxmx42.cloudfront.net\/2018\/01\/20-village-au-pied-du-courant-_54_collectif-56-bacc82tisseurs-et-la-pepiniere-espaces-collectifs-_-jean-michael-seminaro_01-900x680.jpg","block-width":900,"block-height":680,"card":"https:\/\/d2q6z78khxmx42.cloudfront.net\/2018\/01\/20-village-au-pied-du-courant-_54_collectif-56-bacc82tisseurs-et-la-pepiniere-espaces-collectifs-_-jean-michael-seminaro_01-560x495.jpg","card-width":560,"card-height":495,"card-thumbnail":"https:\/\/d2q6z78khxmx42.cloudfront.net\/2018\/01\/20-village-au-pied-du-courant-_54_collectif-56-bacc82tisseurs-et-la-pepiniere-espaces-collectifs-_-jean-michael-seminaro_01-450x340.jpg","card-thumbnail-width":450,"card-thumbnail-height":340,"conference":"https:\/\/d2q6z78khxmx42.cloudfront.net\/2018\/01\/20-village-au-pied-du-courant-_54_collectif-56-bacc82tisseurs-et-la-pepiniere-espaces-collectifs-_-jean-michael-seminaro_01-560x250.jpg","conference-width":560,"conference-height":250,"contest":"https:\/\/d2q6z78khxmx42.cloudfront.net\/2018\/01\/20-village-au-pied-du-courant-_54_collectif-56-bacc82tisseurs-et-la-pepiniere-espaces-collectifs-_-jean-michael-seminaro_01-960x400.jpg","contest-width":960,"contest-height":400,"cta":"https:\/\/d2q6z78khxmx42.cloudfront.net\/2018\/01\/20-village-au-pied-du-courant-_54_collectif-56-bacc82tisseurs-et-la-pepiniere-espaces-collectifs-_-jean-michael-seminaro_01-415x170.jpg","cta-width":415,"cta-height":170,"exhibitor":"https:\/\/d2q6z78khxmx42.cloudfront.net\/2018\/01\/20-village-au-pied-du-courant-_54_collectif-56-bacc82tisseurs-et-la-pepiniere-espaces-collectifs-_-jean-michael-seminaro_01-560x560.jpg","exhibitor-width":560,"exhibitor-height":560,"gallery":"https:\/\/d2q6z78khxmx42.cloudfront.net\/2018\/01\/20-village-au-pied-du-courant-_54_collectif-56-bacc82tisseurs-et-la-pepiniere-espaces-collectifs-_-jean-michael-seminaro_01-560x374.jpg","gallery-width":560,"gallery-height":374,"logo":"https:\/\/d2q6z78khxmx42.cloudfront.net\/2018\/01\/20-village-au-pied-du-courant-_54_collectif-56-bacc82tisseurs-et-la-pepiniere-espaces-collectifs-_-jean-michael-seminaro_01-150x100.jpg","logo-width":150,"logo-height":100,"masonry":"https:\/\/d2q6z78khxmx42.cloudfront.net\/2018\/01\/20-village-au-pied-du-courant-_54_collectif-56-bacc82tisseurs-et-la-pepiniere-espaces-collectifs-_-jean-michael-seminaro_01-550x367.jpg","masonry-width":550,"masonry-height":367,"modal":"https:\/\/d2q6z78khxmx42.cloudfront.net\/2018\/01\/20-village-au-pied-du-courant-_54_collectif-56-bacc82tisseurs-et-la-pepiniere-espaces-collectifs-_-jean-michael-seminaro_01.jpg","modal-width":1619,"modal-height":1080,"number":"https:\/\/d2q6z78khxmx42.cloudfront.net\/2018\/01\/gjRkgdgu-20-village-au-pied-du-courant-_54_collectif-56-bacc82tisseurs-et-la-pepiniere-espaces-collectifs-_-jean-michael-seminaro_01-560x374.jpg","number-width":560,"number-height":374,"partner":"https:\/\/d2q6z78khxmx42.cloudfront.net\/2018\/01\/20-village-au-pied-du-courant-_54_collectif-56-bacc82tisseurs-et-la-pepiniere-espaces-collectifs-_-jean-michael-seminaro_01-275x183.jpg","partner-width":275,"partner-height":183,"ranking":"https:\/\/d2q6z78khxmx42.cloudfront.net\/2018\/01\/gjRkgdgu-20-village-au-pied-du-courant-_54_collectif-56-bacc82tisseurs-et-la-pepiniere-espaces-collectifs-_-jean-michael-seminaro_01-960x540.jpg","ranking-width":960,"ranking-height":540,"schedule":"https:\/\/d2q6z78khxmx42.cloudfront.net\/2018\/01\/20-village-au-pied-du-courant-_54_collectif-56-bacc82tisseurs-et-la-pepiniere-espaces-collectifs-_-jean-michael-seminaro_01-960x360.jpg","schedule-width":960,"schedule-height":360,"slideshow":"https:\/\/d2q6z78khxmx42.cloudfront.net\/2018\/01\/20-village-au-pied-du-courant-_54_collectif-56-bacc82tisseurs-et-la-pepiniere-espaces-collectifs-_-jean-michael-seminaro_01-1019x680.jpg","slideshow-width":1019,"slideshow-height":680}},"attachment_category":[],"credit":""},{"image":{"ID":4578,"id":4578,"title":"20-village-au-pied-du-courant-_54_collectif-56-bacc82tisseurs-et-la-pepiniere-espaces-collectifs-_-jean-michael-seminaro_06.jpg","filename":"20-village-au-pied-du-courant-_54_collectif-56-bacc82tisseurs-et-la-pepiniere-espaces-collectifs-_-jean-michael-seminaro_06.jpg","filesize":0,"url":"https:\/\/d2q6z78khxmx42.cloudfront.net\/2018\/01\/20-village-au-pied-du-courant-_54_collectif-56-bacc82tisseurs-et-la-pepiniere-espaces-collectifs-_-jean-michael-seminaro_06.jpg","link":"https:\/\/int.design\/fr\/20-village-au-pied-du-courant-_54_collectif-56-bacc82tisseurs-et-la-pepiniere-espaces-collectifs-_-jean-michael-seminaro_06-jpg\/","alt":"","author":"0","description":"","caption":"","name":"20-village-au-pied-du-courant-_54_collectif-56-bacc82tisseurs-et-la-pepiniere-espaces-collectifs-_-jean-michael-seminaro_06-jpg","status":"inherit","uploaded_to":0,"date":"2020-04-06 04:09:58","modified":"2020-04-06 04:09:58","menu_order":0,"mime_type":"image\/jpeg","type":"image","subtype":"jpeg","icon":"https:\/\/int.design\/wp-includes\/images\/media\/default.png","width":1619,"height":1080,"sizes":{"thumbnail":"https:\/\/d2q6z78khxmx42.cloudfront.net\/2018\/01\/20-village-au-pied-du-courant-_54_collectif-56-bacc82tisseurs-et-la-pepiniere-espaces-collectifs-_-jean-michael-seminaro_06-150x150.jpg","thumbnail-width":150,"thumbnail-height":150,"medium":"https:\/\/d2q6z78khxmx42.cloudfront.net\/2018\/01\/20-village-au-pied-du-courant-_54_collectif-56-bacc82tisseurs-et-la-pepiniere-espaces-collectifs-_-jean-michael-seminaro_06-300x200.jpg","medium-width":300,"medium-height":200,"medium_large":"https:\/\/d2q6z78khxmx42.cloudfront.net\/2018\/01\/20-village-au-pied-du-courant-_54_collectif-56-bacc82tisseurs-et-la-pepiniere-espaces-collectifs-_-jean-michael-seminaro_06-768x512.jpg","medium_large-width":768,"medium_large-height":512,"large":"https:\/\/d2q6z78khxmx42.cloudfront.net\/2018\/01\/20-village-au-pied-du-courant-_54_collectif-56-bacc82tisseurs-et-la-pepiniere-espaces-collectifs-_-jean-michael-seminaro_06-1024x683.jpg","large-width":1024,"large-height":683,"1536x1536":"https:\/\/d2q6z78khxmx42.cloudfront.net\/2018\/01\/20-village-au-pied-du-courant-_54_collectif-56-bacc82tisseurs-et-la-pepiniere-espaces-collectifs-_-jean-michael-seminaro_06-1536x1025.jpg","1536x1536-width":1536,"1536x1536-height":1025,"2048x2048":"https:\/\/d2q6z78khxmx42.cloudfront.net\/2018\/01\/20-village-au-pied-du-courant-_54_collectif-56-bacc82tisseurs-et-la-pepiniere-espaces-collectifs-_-jean-michael-seminaro_06.jpg","2048x2048-width":1619,"2048x2048-height":1080,"article":"https:\/\/d2q6z78khxmx42.cloudfront.net\/2018\/01\/20-village-au-pied-du-courant-_54_collectif-56-bacc82tisseurs-et-la-pepiniere-espaces-collectifs-_-jean-michael-seminaro_06-960x540.jpg","article-width":960,"article-height":540,"banner":"https:\/\/d2q6z78khxmx42.cloudfront.net\/2018\/01\/20-village-au-pied-du-courant-_54_collectif-56-bacc82tisseurs-et-la-pepiniere-espaces-collectifs-_-jean-michael-seminaro_06.jpg","banner-width":1619,"banner-height":1080,"block":"https:\/\/d2q6z78khxmx42.cloudfront.net\/2018\/01\/20-village-au-pied-du-courant-_54_collectif-56-bacc82tisseurs-et-la-pepiniere-espaces-collectifs-_-jean-michael-seminaro_06-900x680.jpg","block-width":900,"block-height":680,"card":"https:\/\/d2q6z78khxmx42.cloudfront.net\/2018\/01\/20-village-au-pied-du-courant-_54_collectif-56-bacc82tisseurs-et-la-pepiniere-espaces-collectifs-_-jean-michael-seminaro_06-560x495.jpg","card-width":560,"card-height":495,"card-thumbnail":"https:\/\/d2q6z78khxmx42.cloudfront.net\/2018\/01\/20-village-au-pied-du-courant-_54_collectif-56-bacc82tisseurs-et-la-pepiniere-espaces-collectifs-_-jean-michael-seminaro_06-450x340.jpg","card-thumbnail-width":450,"card-thumbnail-height":340,"conference":"https:\/\/d2q6z78khxmx42.cloudfront.net\/2018\/01\/20-village-au-pied-du-courant-_54_collectif-56-bacc82tisseurs-et-la-pepiniere-espaces-collectifs-_-jean-michael-seminaro_06-560x250.jpg","conference-width":560,"conference-height":250,"contest":"https:\/\/d2q6z78khxmx42.cloudfront.net\/2018\/01\/20-village-au-pied-du-courant-_54_collectif-56-bacc82tisseurs-et-la-pepiniere-espaces-collectifs-_-jean-michael-seminaro_06-960x400.jpg","contest-width":960,"contest-height":400,"cta":"https:\/\/d2q6z78khxmx42.cloudfront.net\/2018\/01\/20-village-au-pied-du-courant-_54_collectif-56-bacc82tisseurs-et-la-pepiniere-espaces-collectifs-_-jean-michael-seminaro_06-415x170.jpg","cta-width":415,"cta-height":170,"exhibitor":"https:\/\/d2q6z78khxmx42.cloudfront.net\/2018\/01\/20-village-au-pied-du-courant-_54_collectif-56-bacc82tisseurs-et-la-pepiniere-espaces-collectifs-_-jean-michael-seminaro_06-560x560.jpg","exhibitor-width":560,"exhibitor-height":560,"gallery":"https:\/\/d2q6z78khxmx42.cloudfront.net\/2018\/01\/20-village-au-pied-du-courant-_54_collectif-56-bacc82tisseurs-et-la-pepiniere-espaces-collectifs-_-jean-michael-seminaro_06-560x374.jpg","gallery-width":560,"gallery-height":374,"logo":"https:\/\/d2q6z78khxmx42.cloudfront.net\/2018\/01\/20-village-au-pied-du-courant-_54_collectif-56-bacc82tisseurs-et-la-pepiniere-espaces-collectifs-_-jean-michael-seminaro_06-150x100.jpg","logo-width":150,"logo-height":100,"masonry":"https:\/\/d2q6z78khxmx42.cloudfront.net\/2018\/01\/20-village-au-pied-du-courant-_54_collectif-56-bacc82tisseurs-et-la-pepiniere-espaces-collectifs-_-jean-michael-seminaro_06-550x367.jpg","masonry-width":550,"masonry-height":367,"modal":"https:\/\/d2q6z78khxmx42.cloudfront.net\/2018\/01\/20-village-au-pied-du-courant-_54_collectif-56-bacc82tisseurs-et-la-pepiniere-espaces-collectifs-_-jean-michael-seminaro_06.jpg","modal-width":1619,"modal-height":1080,"number":"https:\/\/d2q6z78khxmx42.cloudfront.net\/2018\/01\/q93Ouxph-20-village-au-pied-du-courant-_54_collectif-56-bacc82tisseurs-et-la-pepiniere-espaces-collectifs-_-jean-michael-seminaro_06-560x374.jpg","number-width":560,"number-height":374,"partner":"https:\/\/d2q6z78khxmx42.cloudfront.net\/2018\/01\/20-village-au-pied-du-courant-_54_collectif-56-bacc82tisseurs-et-la-pepiniere-espaces-collectifs-_-jean-michael-seminaro_06-275x183.jpg","partner-width":275,"partner-height":183,"ranking":"https:\/\/d2q6z78khxmx42.cloudfront.net\/2018\/01\/q93Ouxph-20-village-au-pied-du-courant-_54_collectif-56-bacc82tisseurs-et-la-pepiniere-espaces-collectifs-_-jean-michael-seminaro_06-960x540.jpg","ranking-width":960,"ranking-height":540,"schedule":"https:\/\/d2q6z78khxmx42.cloudfront.net\/2018\/01\/20-village-au-pied-du-courant-_54_collectif-56-bacc82tisseurs-et-la-pepiniere-espaces-collectifs-_-jean-michael-seminaro_06-960x360.jpg","schedule-width":960,"schedule-height":360,"slideshow":"https:\/\/d2q6z78khxmx42.cloudfront.net\/2018\/01\/20-village-au-pied-du-courant-_54_collectif-56-bacc82tisseurs-et-la-pepiniere-espaces-collectifs-_-jean-michael-seminaro_06-1019x680.jpg","slideshow-width":1019,"slideshow-height":680}},"attachment_category":[],"credit":""},{"image":{"ID":4579,"id":4579,"title":"20-village-au-pied-du-courant-_54_collectif-56-bacc82tisseurs-et-la-pepiniere-espaces-collectifs-_-jean-michael-seminaro_05.jpg","filename":"20-village-au-pied-du-courant-_54_collectif-56-bacc82tisseurs-et-la-pepiniere-espaces-collectifs-_-jean-michael-seminaro_05.jpg","filesize":0,"url":"https:\/\/d2q6z78khxmx42.cloudfront.net\/2018\/01\/20-village-au-pied-du-courant-_54_collectif-56-bacc82tisseurs-et-la-pepiniere-espaces-collectifs-_-jean-michael-seminaro_05.jpg","link":"https:\/\/int.design\/fr\/20-village-au-pied-du-courant-_54_collectif-56-bacc82tisseurs-et-la-pepiniere-espaces-collectifs-_-jean-michael-seminaro_05-jpg\/","alt":"","author":"0","description":"","caption":"","name":"20-village-au-pied-du-courant-_54_collectif-56-bacc82tisseurs-et-la-pepiniere-espaces-collectifs-_-jean-michael-seminaro_05-jpg","status":"inherit","uploaded_to":0,"date":"2020-04-06 04:10:00","modified":"2020-04-06 04:10:00","menu_order":0,"mime_type":"image\/jpeg","type":"image","subtype":"jpeg","icon":"https:\/\/int.design\/wp-includes\/images\/media\/default.png","width":1619,"height":1080,"sizes":{"thumbnail":"https:\/\/d2q6z78khxmx42.cloudfront.net\/2018\/01\/20-village-au-pied-du-courant-_54_collectif-56-bacc82tisseurs-et-la-pepiniere-espaces-collectifs-_-jean-michael-seminaro_05-150x150.jpg","thumbnail-width":150,"thumbnail-height":150,"medium":"https:\/\/d2q6z78khxmx42.cloudfront.net\/2018\/01\/20-village-au-pied-du-courant-_54_collectif-56-bacc82tisseurs-et-la-pepiniere-espaces-collectifs-_-jean-michael-seminaro_05-300x200.jpg","medium-width":300,"medium-height":200,"medium_large":"https:\/\/d2q6z78khxmx42.cloudfront.net\/2018\/01\/20-village-au-pied-du-courant-_54_collectif-56-bacc82tisseurs-et-la-pepiniere-espaces-collectifs-_-jean-michael-seminaro_05-768x512.jpg","medium_large-width":768,"medium_large-height":512,"large":"https:\/\/d2q6z78khxmx42.cloudfront.net\/2018\/01\/20-village-au-pied-du-courant-_54_collectif-56-bacc82tisseurs-et-la-pepiniere-espaces-collectifs-_-jean-michael-seminaro_05-1024x683.jpg","large-width":1024,"large-height":683,"1536x1536":"https:\/\/d2q6z78khxmx42.cloudfront.net\/2018\/01\/20-village-au-pied-du-courant-_54_collectif-56-bacc82tisseurs-et-la-pepiniere-espaces-collectifs-_-jean-michael-seminaro_05-1536x1025.jpg","1536x1536-width":1536,"1536x1536-height":1025,"2048x2048":"https:\/\/d2q6z78khxmx42.cloudfront.net\/2018\/01\/20-village-au-pied-du-courant-_54_collectif-56-bacc82tisseurs-et-la-pepiniere-espaces-collectifs-_-jean-michael-seminaro_05.jpg","2048x2048-width":1619,"2048x2048-height":1080,"article":"https:\/\/d2q6z78khxmx42.cloudfront.net\/2018\/01\/20-village-au-pied-du-courant-_54_collectif-56-bacc82tisseurs-et-la-pepiniere-espaces-collectifs-_-jean-michael-seminaro_05-960x540.jpg","article-width":960,"article-height":540,"banner":"https:\/\/d2q6z78khxmx42.cloudfront.net\/2018\/01\/20-village-au-pied-du-courant-_54_collectif-56-bacc82tisseurs-et-la-pepiniere-espaces-collectifs-_-jean-michael-seminaro_05.jpg","banner-width":1619,"banner-height":1080,"block":"https:\/\/d2q6z78khxmx42.cloudfront.net\/2018\/01\/20-village-au-pied-du-courant-_54_collectif-56-bacc82tisseurs-et-la-pepiniere-espaces-collectifs-_-jean-michael-seminaro_05-900x680.jpg","block-width":900,"block-height":680,"card":"https:\/\/d2q6z78khxmx42.cloudfront.net\/2018\/01\/20-village-au-pied-du-courant-_54_collectif-56-bacc82tisseurs-et-la-pepiniere-espaces-collectifs-_-jean-michael-seminaro_05-560x495.jpg","card-width":560,"card-height":495,"card-thumbnail":"https:\/\/d2q6z78khxmx42.cloudfront.net\/2018\/01\/20-village-au-pied-du-courant-_54_collectif-56-bacc82tisseurs-et-la-pepiniere-espaces-collectifs-_-jean-michael-seminaro_05-450x340.jpg","card-thumbnail-width":450,"card-thumbnail-height":340,"conference":"https:\/\/d2q6z78khxmx42.cloudfront.net\/2018\/01\/20-village-au-pied-du-courant-_54_collectif-56-bacc82tisseurs-et-la-pepiniere-espaces-collectifs-_-jean-michael-seminaro_05-560x250.jpg","conference-width":560,"conference-height":250,"contest":"https:\/\/d2q6z78khxmx42.cloudfront.net\/2018\/01\/20-village-au-pied-du-courant-_54_collectif-56-bacc82tisseurs-et-la-pepiniere-espaces-collectifs-_-jean-michael-seminaro_05-960x400.jpg","contest-width":960,"contest-height":400,"cta":"https:\/\/d2q6z78khxmx42.cloudfront.net\/2018\/01\/20-village-au-pied-du-courant-_54_collectif-56-bacc82tisseurs-et-la-pepiniere-espaces-collectifs-_-jean-michael-seminaro_05-415x170.jpg","cta-width":415,"cta-height":170,"exhibitor":"https:\/\/d2q6z78khxmx42.cloudfront.net\/2018\/01\/20-village-au-pied-du-courant-_54_collectif-56-bacc82tisseurs-et-la-pepiniere-espaces-collectifs-_-jean-michael-seminaro_05-560x560.jpg","exhibitor-width":560,"exhibitor-height":560,"gallery":"https:\/\/d2q6z78khxmx42.cloudfront.net\/2018\/01\/20-village-au-pied-du-courant-_54_collectif-56-bacc82tisseurs-et-la-pepiniere-espaces-collectifs-_-jean-michael-seminaro_05-560x374.jpg","gallery-width":560,"gallery-height":374,"logo":"https:\/\/d2q6z78khxmx42.cloudfront.net\/2018\/01\/20-village-au-pied-du-courant-_54_collectif-56-bacc82tisseurs-et-la-pepiniere-espaces-collectifs-_-jean-michael-seminaro_05-150x100.jpg","logo-width":150,"logo-height":100,"masonry":"https:\/\/d2q6z78khxmx42.cloudfront.net\/2018\/01\/20-village-au-pied-du-courant-_54_collectif-56-bacc82tisseurs-et-la-pepiniere-espaces-collectifs-_-jean-michael-seminaro_05-550x367.jpg","masonry-width":550,"masonry-height":367,"modal":"https:\/\/d2q6z78khxmx42.cloudfront.net\/2018\/01\/20-village-au-pied-du-courant-_54_collectif-56-bacc82tisseurs-et-la-pepiniere-espaces-collectifs-_-jean-michael-seminaro_05.jpg","modal-width":1619,"modal-height":1080,"number":"https:\/\/d2q6z78khxmx42.cloudfront.net\/2018\/01\/zfblbSOC-20-village-au-pied-du-courant-_54_collectif-56-bacc82tisseurs-et-la-pepiniere-espaces-collectifs-_-jean-michael-seminaro_05-560x374.jpg","number-width":560,"number-height":374,"partner":"https:\/\/d2q6z78khxmx42.cloudfront.net\/2018\/01\/20-village-au-pied-du-courant-_54_collectif-56-bacc82tisseurs-et-la-pepiniere-espaces-collectifs-_-jean-michael-seminaro_05-275x183.jpg","partner-width":275,"partner-height":183,"ranking":"https:\/\/d2q6z78khxmx42.cloudfront.net\/2018\/01\/zfblbSOC-20-village-au-pied-du-courant-_54_collectif-56-bacc82tisseurs-et-la-pepiniere-espaces-collectifs-_-jean-michael-seminaro_05-960x540.jpg","ranking-width":960,"ranking-height":540,"schedule":"https:\/\/d2q6z78khxmx42.cloudfront.net\/2018\/01\/20-village-au-pied-du-courant-_54_collectif-56-bacc82tisseurs-et-la-pepiniere-espaces-collectifs-_-jean-michael-seminaro_05-960x360.jpg","schedule-width":960,"schedule-height":360,"slideshow":"https:\/\/d2q6z78khxmx42.cloudfront.net\/2018\/01\/20-village-au-pied-du-courant-_54_collectif-56-bacc82tisseurs-et-la-pepiniere-espaces-collectifs-_-jean-michael-seminaro_05-1019x680.jpg","slideshow-width":1019,"slideshow-height":680}},"attachment_category":[],"credit":""},{"image":{"ID":4580,"id":4580,"title":"20-village-au-pied-du-courant-_54_collectif-56-bacc82tisseurs-et-la-pepiniere-espaces-collectifs-_-jean-michael-seminaro_04.jpg","filename":"20-village-au-pied-du-courant-_54_collectif-56-bacc82tisseurs-et-la-pepiniere-espaces-collectifs-_-jean-michael-seminaro_04.jpg","filesize":0,"url":"https:\/\/d2q6z78khxmx42.cloudfront.net\/2018\/01\/20-village-au-pied-du-courant-_54_collectif-56-bacc82tisseurs-et-la-pepiniere-espaces-collectifs-_-jean-michael-seminaro_04.jpg","link":"https:\/\/int.design\/fr\/20-village-au-pied-du-courant-_54_collectif-56-bacc82tisseurs-et-la-pepiniere-espaces-collectifs-_-jean-michael-seminaro_04-jpg\/","alt":"","author":"0","description":"","caption":"","name":"20-village-au-pied-du-courant-_54_collectif-56-bacc82tisseurs-et-la-pepiniere-espaces-collectifs-_-jean-michael-seminaro_04-jpg","status":"inherit","uploaded_to":0,"date":"2020-04-06 04:10:01","modified":"2020-04-06 04:10:01","menu_order":0,"mime_type":"image\/jpeg","type":"image","subtype":"jpeg","icon":"https:\/\/int.design\/wp-includes\/images\/media\/default.png","width":1619,"height":1080,"sizes":{"thumbnail":"https:\/\/d2q6z78khxmx42.cloudfront.net\/2018\/01\/20-village-au-pied-du-courant-_54_collectif-56-bacc82tisseurs-et-la-pepiniere-espaces-collectifs-_-jean-michael-seminaro_04-150x150.jpg","thumbnail-width":150,"thumbnail-height":150,"medium":"https:\/\/d2q6z78khxmx42.cloudfront.net\/2018\/01\/20-village-au-pied-du-courant-_54_collectif-56-bacc82tisseurs-et-la-pepiniere-espaces-collectifs-_-jean-michael-seminaro_04-300x200.jpg","medium-width":300,"medium-height":200,"medium_large":"https:\/\/d2q6z78khxmx42.cloudfront.net\/2018\/01\/20-village-au-pied-du-courant-_54_collectif-56-bacc82tisseurs-et-la-pepiniere-espaces-collectifs-_-jean-michael-seminaro_04-768x512.jpg","medium_large-width":768,"medium_large-height":512,"large":"https:\/\/d2q6z78khxmx42.cloudfront.net\/2018\/01\/20-village-au-pied-du-courant-_54_collectif-56-bacc82tisseurs-et-la-pepiniere-espaces-collectifs-_-jean-michael-seminaro_04-1024x683.jpg","large-width":1024,"large-height":683,"1536x1536":"https:\/\/d2q6z78khxmx42.cloudfront.net\/2018\/01\/20-village-au-pied-du-courant-_54_collectif-56-bacc82tisseurs-et-la-pepiniere-espaces-collectifs-_-jean-michael-seminaro_04-1536x1025.jpg","1536x1536-width":1536,"1536x1536-height":1025,"2048x2048":"https:\/\/d2q6z78khxmx42.cloudfront.net\/2018\/01\/20-village-au-pied-du-courant-_54_collectif-56-bacc82tisseurs-et-la-pepiniere-espaces-collectifs-_-jean-michael-seminaro_04.jpg","2048x2048-width":1619,"2048x2048-height":1080,"article":"https:\/\/d2q6z78khxmx42.cloudfront.net\/2018\/01\/20-village-au-pied-du-courant-_54_collectif-56-bacc82tisseurs-et-la-pepiniere-espaces-collectifs-_-jean-michael-seminaro_04-960x540.jpg","article-width":960,"article-height":540,"banner":"https:\/\/d2q6z78khxmx42.cloudfront.net\/2018\/01\/20-village-au-pied-du-courant-_54_collectif-56-bacc82tisseurs-et-la-pepiniere-espaces-collectifs-_-jean-michael-seminaro_04.jpg","banner-width":1619,"banner-height":1080,"block":"https:\/\/d2q6z78khxmx42.cloudfront.net\/2018\/01\/20-village-au-pied-du-courant-_54_collectif-56-bacc82tisseurs-et-la-pepiniere-espaces-collectifs-_-jean-michael-seminaro_04-900x680.jpg","block-width":900,"block-height":680,"card":"https:\/\/d2q6z78khxmx42.cloudfront.net\/2018\/01\/20-village-au-pied-du-courant-_54_collectif-56-bacc82tisseurs-et-la-pepiniere-espaces-collectifs-_-jean-michael-seminaro_04-560x495.jpg","card-width":560,"card-height":495,"card-thumbnail":"https:\/\/d2q6z78khxmx42.cloudfront.net\/2018\/01\/20-village-au-pied-du-courant-_54_collectif-56-bacc82tisseurs-et-la-pepiniere-espaces-collectifs-_-jean-michael-seminaro_04-450x340.jpg","card-thumbnail-width":450,"card-thumbnail-height":340,"conference":"https:\/\/d2q6z78khxmx42.cloudfront.net\/2018\/01\/20-village-au-pied-du-courant-_54_collectif-56-bacc82tisseurs-et-la-pepiniere-espaces-collectifs-_-jean-michael-seminaro_04-560x250.jpg","conference-width":560,"conference-height":250,"contest":"https:\/\/d2q6z78khxmx42.cloudfront.net\/2018\/01\/20-village-au-pied-du-courant-_54_collectif-56-bacc82tisseurs-et-la-pepiniere-espaces-collectifs-_-jean-michael-seminaro_04-960x400.jpg","contest-width":960,"contest-height":400,"cta":"https:\/\/d2q6z78khxmx42.cloudfront.net\/2018\/01\/20-village-au-pied-du-courant-_54_collectif-56-bacc82tisseurs-et-la-pepiniere-espaces-collectifs-_-jean-michael-seminaro_04-415x170.jpg","cta-width":415,"cta-height":170,"exhibitor":"https:\/\/d2q6z78khxmx42.cloudfront.net\/2018\/01\/20-village-au-pied-du-courant-_54_collectif-56-bacc82tisseurs-et-la-pepiniere-espaces-collectifs-_-jean-michael-seminaro_04-560x560.jpg","exhibitor-width":560,"exhibitor-height":560,"gallery":"https:\/\/d2q6z78khxmx42.cloudfront.net\/2018\/01\/20-village-au-pied-du-courant-_54_collectif-56-bacc82tisseurs-et-la-pepiniere-espaces-collectifs-_-jean-michael-seminaro_04-560x374.jpg","gallery-width":560,"gallery-height":374,"logo":"https:\/\/d2q6z78khxmx42.cloudfront.net\/2018\/01\/20-village-au-pied-du-courant-_54_collectif-56-bacc82tisseurs-et-la-pepiniere-espaces-collectifs-_-jean-michael-seminaro_04-150x100.jpg","logo-width":150,"logo-height":100,"masonry":"https:\/\/d2q6z78khxmx42.cloudfront.net\/2018\/01\/20-village-au-pied-du-courant-_54_collectif-56-bacc82tisseurs-et-la-pepiniere-espaces-collectifs-_-jean-michael-seminaro_04-550x367.jpg","masonry-width":550,"masonry-height":367,"modal":"https:\/\/d2q6z78khxmx42.cloudfront.net\/2018\/01\/20-village-au-pied-du-courant-_54_collectif-56-bacc82tisseurs-et-la-pepiniere-espaces-collectifs-_-jean-michael-seminaro_04.jpg","modal-width":1619,"modal-height":1080,"number":"https:\/\/d2q6z78khxmx42.cloudfront.net\/2018\/01\/D17rr6UH-20-village-au-pied-du-courant-_54_collectif-56-bacc82tisseurs-et-la-pepiniere-espaces-collectifs-_-jean-michael-seminaro_04-560x374.jpg","number-width":560,"number-height":374,"partner":"https:\/\/d2q6z78khxmx42.cloudfront.net\/2018\/01\/20-village-au-pied-du-courant-_54_collectif-56-bacc82tisseurs-et-la-pepiniere-espaces-collectifs-_-jean-michael-seminaro_04-275x183.jpg","partner-width":275,"partner-height":183,"ranking":"https:\/\/d2q6z78khxmx42.cloudfront.net\/2018\/01\/D17rr6UH-20-village-au-pied-du-courant-_54_collectif-56-bacc82tisseurs-et-la-pepiniere-espaces-collectifs-_-jean-michael-seminaro_04-960x540.jpg","ranking-width":960,"ranking-height":540,"schedule":"https:\/\/d2q6z78khxmx42.cloudfront.net\/2018\/01\/20-village-au-pied-du-courant-_54_collectif-56-bacc82tisseurs-et-la-pepiniere-espaces-collectifs-_-jean-michael-seminaro_04-960x360.jpg","schedule-width":960,"schedule-height":360,"slideshow":"https:\/\/d2q6z78khxmx42.cloudfront.net\/2018\/01\/20-village-au-pied-du-courant-_54_collectif-56-bacc82tisseurs-et-la-pepiniere-espaces-collectifs-_-jean-michael-seminaro_04-1019x680.jpg","slideshow-width":1019,"slideshow-height":680}},"attachment_category":[],"credit":""},{"image":{"ID":4581,"id":4581,"title":"20-village-au-pied-du-courant-_54_collectif-56-bacc82tisseurs-et-la-pepiniere-espaces-collectifs-_-jean-michael-seminaro_03-1.jpg","filename":"20-village-au-pied-du-courant-_54_collectif-56-bacc82tisseurs-et-la-pepiniere-espaces-collectifs-_-jean-michael-seminaro_03-1.jpg","filesize":0,"url":"https:\/\/d2q6z78khxmx42.cloudfront.net\/2018\/01\/20-village-au-pied-du-courant-_54_collectif-56-bacc82tisseurs-et-la-pepiniere-espaces-collectifs-_-jean-michael-seminaro_03-1.jpg","link":"https:\/\/int.design\/fr\/20-village-au-pied-du-courant-_54_collectif-56-bacc82tisseurs-et-la-pepiniere-espaces-collectifs-_-jean-michael-seminaro_03-1-jpg\/","alt":"","author":"0","description":"","caption":"","name":"20-village-au-pied-du-courant-_54_collectif-56-bacc82tisseurs-et-la-pepiniere-espaces-collectifs-_-jean-michael-seminaro_03-1-jpg","status":"inherit","uploaded_to":0,"date":"2020-04-06 04:10:03","modified":"2020-04-06 04:10:03","menu_order":0,"mime_type":"image\/jpeg","type":"image","subtype":"jpeg","icon":"https:\/\/int.design\/wp-includes\/images\/media\/default.png","width":1619,"height":1080,"sizes":{"thumbnail":"https:\/\/d2q6z78khxmx42.cloudfront.net\/2018\/01\/20-village-au-pied-du-courant-_54_collectif-56-bacc82tisseurs-et-la-pepiniere-espaces-collectifs-_-jean-michael-seminaro_03-1-150x150.jpg","thumbnail-width":150,"thumbnail-height":150,"medium":"https:\/\/d2q6z78khxmx42.cloudfront.net\/2018\/01\/20-village-au-pied-du-courant-_54_collectif-56-bacc82tisseurs-et-la-pepiniere-espaces-collectifs-_-jean-michael-seminaro_03-1-300x200.jpg","medium-width":300,"medium-height":200,"medium_large":"https:\/\/d2q6z78khxmx42.cloudfront.net\/2018\/01\/20-village-au-pied-du-courant-_54_collectif-56-bacc82tisseurs-et-la-pepiniere-espaces-collectifs-_-jean-michael-seminaro_03-1-768x512.jpg","medium_large-width":768,"medium_large-height":512,"large":"https:\/\/d2q6z78khxmx42.cloudfront.net\/2018\/01\/20-village-au-pied-du-courant-_54_collectif-56-bacc82tisseurs-et-la-pepiniere-espaces-collectifs-_-jean-michael-seminaro_03-1-1024x683.jpg","large-width":1024,"large-height":683,"1536x1536":"https:\/\/d2q6z78khxmx42.cloudfront.net\/2018\/01\/20-village-au-pied-du-courant-_54_collectif-56-bacc82tisseurs-et-la-pepiniere-espaces-collectifs-_-jean-michael-seminaro_03-1-1536x1025.jpg","1536x1536-width":1536,"1536x1536-height":1025,"2048x2048":"https:\/\/d2q6z78khxmx42.cloudfront.net\/2018\/01\/20-village-au-pied-du-courant-_54_collectif-56-bacc82tisseurs-et-la-pepiniere-espaces-collectifs-_-jean-michael-seminaro_03-1.jpg","2048x2048-width":1619,"2048x2048-height":1080,"article":"https:\/\/d2q6z78khxmx42.cloudfront.net\/2018\/01\/20-village-au-pied-du-courant-_54_collectif-56-bacc82tisseurs-et-la-pepiniere-espaces-collectifs-_-jean-michael-seminaro_03-1-960x540.jpg","article-width":960,"article-height":540,"banner":"https:\/\/d2q6z78khxmx42.cloudfront.net\/2018\/01\/20-village-au-pied-du-courant-_54_collectif-56-bacc82tisseurs-et-la-pepiniere-espaces-collectifs-_-jean-michael-seminaro_03-1.jpg","banner-width":1619,"banner-height":1080,"block":"https:\/\/d2q6z78khxmx42.cloudfront.net\/2018\/01\/20-village-au-pied-du-courant-_54_collectif-56-bacc82tisseurs-et-la-pepiniere-espaces-collectifs-_-jean-michael-seminaro_03-1-900x680.jpg","block-width":900,"block-height":680,"card":"https:\/\/d2q6z78khxmx42.cloudfront.net\/2018\/01\/20-village-au-pied-du-courant-_54_collectif-56-bacc82tisseurs-et-la-pepiniere-espaces-collectifs-_-jean-michael-seminaro_03-1-560x495.jpg","card-width":560,"card-height":495,"card-thumbnail":"https:\/\/d2q6z78khxmx42.cloudfront.net\/2018\/01\/20-village-au-pied-du-courant-_54_collectif-56-bacc82tisseurs-et-la-pepiniere-espaces-collectifs-_-jean-michael-seminaro_03-1-450x340.jpg","card-thumbnail-width":450,"card-thumbnail-height":340,"conference":"https:\/\/d2q6z78khxmx42.cloudfront.net\/2018\/01\/20-village-au-pied-du-courant-_54_collectif-56-bacc82tisseurs-et-la-pepiniere-espaces-collectifs-_-jean-michael-seminaro_03-1-560x250.jpg","conference-width":560,"conference-height":250,"contest":"https:\/\/d2q6z78khxmx42.cloudfront.net\/2018\/01\/20-village-au-pied-du-courant-_54_collectif-56-bacc82tisseurs-et-la-pepiniere-espaces-collectifs-_-jean-michael-seminaro_03-1-960x400.jpg","contest-width":960,"contest-height":400,"cta":"https:\/\/d2q6z78khxmx42.cloudfront.net\/2018\/01\/20-village-au-pied-du-courant-_54_collectif-56-bacc82tisseurs-et-la-pepiniere-espaces-collectifs-_-jean-michael-seminaro_03-1-415x170.jpg","cta-width":415,"cta-height":170,"exhibitor":"https:\/\/d2q6z78khxmx42.cloudfront.net\/2018\/01\/20-village-au-pied-du-courant-_54_collectif-56-bacc82tisseurs-et-la-pepiniere-espaces-collectifs-_-jean-michael-seminaro_03-1-560x560.jpg","exhibitor-width":560,"exhibitor-height":560,"gallery":"https:\/\/d2q6z78khxmx42.cloudfront.net\/2018\/01\/20-village-au-pied-du-courant-_54_collectif-56-bacc82tisseurs-et-la-pepiniere-espaces-collectifs-_-jean-michael-seminaro_03-1-560x374.jpg","gallery-width":560,"gallery-height":374,"logo":"https:\/\/d2q6z78khxmx42.cloudfront.net\/2018\/01\/20-village-au-pied-du-courant-_54_collectif-56-bacc82tisseurs-et-la-pepiniere-espaces-collectifs-_-jean-michael-seminaro_03-1-150x100.jpg","logo-width":150,"logo-height":100,"masonry":"https:\/\/d2q6z78khxmx42.cloudfront.net\/2018\/01\/20-village-au-pied-du-courant-_54_collectif-56-bacc82tisseurs-et-la-pepiniere-espaces-collectifs-_-jean-michael-seminaro_03-1-550x367.jpg","masonry-width":550,"masonry-height":367,"modal":"https:\/\/d2q6z78khxmx42.cloudfront.net\/2018\/01\/20-village-au-pied-du-courant-_54_collectif-56-bacc82tisseurs-et-la-pepiniere-espaces-collectifs-_-jean-michael-seminaro_03-1.jpg","modal-width":1619,"modal-height":1080,"number":"https:\/\/d2q6z78khxmx42.cloudfront.net\/2018\/01\/zuB2ULWh-20-village-au-pied-du-courant-_54_collectif-56-bacc82tisseurs-et-la-pepiniere-espaces-collectifs-_-jean-michael-seminaro_03-1-560x374.jpg","number-width":560,"number-height":374,"partner":"https:\/\/d2q6z78khxmx42.cloudfront.net\/2018\/01\/20-village-au-pied-du-courant-_54_collectif-56-bacc82tisseurs-et-la-pepiniere-espaces-collectifs-_-jean-michael-seminaro_03-1-275x183.jpg","partner-width":275,"partner-height":183,"ranking":"https:\/\/d2q6z78khxmx42.cloudfront.net\/2018\/01\/zuB2ULWh-20-village-au-pied-du-courant-_54_collectif-56-bacc82tisseurs-et-la-pepiniere-espaces-collectifs-_-jean-michael-seminaro_03-1-960x540.jpg","ranking-width":960,"ranking-height":540,"schedule":"https:\/\/d2q6z78khxmx42.cloudfront.net\/2018\/01\/20-village-au-pied-du-courant-_54_collectif-56-bacc82tisseurs-et-la-pepiniere-espaces-collectifs-_-jean-michael-seminaro_03-1-960x360.jpg","schedule-width":960,"schedule-height":360,"slideshow":"https:\/\/d2q6z78khxmx42.cloudfront.net\/2018\/01\/20-village-au-pied-du-courant-_54_collectif-56-bacc82tisseurs-et-la-pepiniere-espaces-collectifs-_-jean-michael-seminaro_03-1-1019x680.jpg","slideshow-width":1019,"slideshow-height":680}},"attachment_category":[],"credit":""}],"status":"completed"},"laureats":[],"contest_id":"1797","contest_title":"GRANDS PRIX DU DESIGN - 11e \u00e9dition","firms":[],"user":{"email":"old_edition@agencepid.com","first_name":"Old Edition","last_name":"Participant"},"doc_texts_web":{"fr":"<p>Une belle initiative urbaine, au-del\u00e0 du design, qui revitalise et s\u2019approprie un site sous-exploit\u00e9. Le parc r\u00e9invent\u00e9 est une promenade aux installations de divertissements, de jeux et de spectacles, qui se renouvelle diff\u00e9remment chaque ann\u00e9e depuis 2014.<\/p>\n<p>Dix-neuf \u00e9quipes de cr\u00e9ateurs, impliquant plusieurs designers multidisciplinaires et la rel\u00e8ve \u00e9mergente de l\u2019am\u00e9nagement, favorisent les expressions cr\u00e9atives, les nouvelles pratiques en design, l\u2019entrepreneuriat et l\u2019art. Et tout en relevant les d\u00e9fis du budget, ils utilisent au maximum les mat\u00e9riaux recycl\u00e9s. Un terrain libre et flexible qui assure un \u00e9v\u00e9nement festif et une implication citoyenne, au succ\u00e8s incontestable.<\/p>\n","en":"<p>A wonderful urban initiative, beyond design, that revitalizes and takes ownership of an underused site. The reinvented park is a promenade through amusing installations, games and shows that has renewed itself differently every year since 2014.<\/p>\n<p>Nineteen creative teams, including many multidisciplinary design- ers and design\u2019s up-and-comers, have encouraged creative expressions and new trends in design, entrepreneurship and art. All of this while undertaking budget challenges and maximizing the use of recycled materials. An open and flexible site that ensures festive events and citizen involvement; an undeniable success.<\/p>\n"},"permalinks":{"fr":"https:\/\/int.design\/fr\/projets\/village-au-pied-du-courant\/","en":"https:\/\/int.design\/en\/projects\/village-au-pied-du-courant\/"},"titles":{"fr":"Village au Pied-du-Courant","en":"Village au Pied-du-Courant"},"wp_fields":{"informations":{"fr":[{"content_type":"text","title":"Design","content":"Collectif 56 b\u00e2tisseurs & La P\u00e9pini\u00e8re | Espaces collectifs","link":null},{"content_type":"text","title":"Cat\u00e9gorie","content":"Mention Design \u00e9v\u00e9nementiel et installation \u00e9ph\u00e9m\u00e8re","link":null},{"content_type":"text","title":"Site web","content":"nouveaustudio.ca lepictographe.com obiekt.ca laat.ca maison029.com lemadrier.com cecile-gariepy.format.com pepiniere.co tablearchitecture.ca","link":null}],"en":[{"content_type":"text","title":"Design","content":"Collectif 56 b\u00e2tisseurs & La P\u00e9pini\u00e8re | Espaces collectifs","link":null},{"content_type":"text","title":"Category","content":"Mention Design \u00e9v\u00e9nementiel et installation \u00e9ph\u00e9m\u00e8re","link":null},{"content_type":"text","title":"Website","content":"nouveaustudio.ca lepictographe.com obiekt.ca laat.ca maison029.com lemadrier.com cecile-gariepy.format.com pepiniere.co tablearchitecture.ca","link":null}]}},"laravel_id":""},"_links":{"self":[{"href":"https:\/\/int.design\/fr\/wp-json\/wp\/v2\/project\/4576","targetHints":{"allow":["GET"]}}],"collection":[{"href":"https:\/\/int.design\/fr\/wp-json\/wp\/v2\/project"}],"about":[{"href":"https:\/\/int.design\/fr\/wp-json\/wp\/v2\/types\/project"}],"wp:attachment":[{"href":"https:\/\/int.design\/fr\/wp-json\/wp\/v2\/media?parent=4576"}],"curies":[{"name":"wp","href":"https:\/\/api.w.org\/{rel}","templated":true}]}}