{"id":4569,"date":"2018-01-19T01:54:24","date_gmt":"2018-01-19T06:54:24","guid":{"rendered":"https:\/\/int.design\/projets\/bureau-carta\/"},"modified":"2020-04-06T00:09:57","modified_gmt":"2020-04-06T04:09:57","slug":"bureau-carta","status":"publish","type":"project","link":"https:\/\/int.design\/fr\/projets\/bureau-carta\/","title":{"rendered":"Bureau Carta"},"content":{"rendered":"<p>Carta architecte + designer a investi le 3539, boulevard LaSalle, tout en le transformant. La forme particuli\u00e8re de triangle rectangle du b\u00e2timent n\u2019est pas sans rappeler la forme isoc\u00e8le du Flatiron Building. Il se place comme plan de jonction entre l\u2019es- pace de la rue et celui de la ruelle Victor, au sein de l\u2019arrondisse- ment de Verdun, faisant ainsi communiquer les deux espaces.<\/p>\n<p>Sa fa\u00e7ade respecte la forme originelle et int\u00e8gre des \u00e9l\u00e9ments de modernit\u00e9. La vitrine a gagn\u00e9 en hauteur. Le jour, elle illumine abondamment l\u2019espace int\u00e9rieur de l\u2019agence, tandis que la nuit, elle transforme cette derni\u00e8re en \u00eelot de lumi\u00e8re, lui permettant de se mettre en sc\u00e8ne au sein de son quartier.<\/p>\n<p>C\u2019est un lieu o\u00f9 se c\u00f4toient des mat\u00e9riaux bruts, simples et traditionnels, aux formes \u00e9pur\u00e9es comme l\u2019acier, le b\u00e9ton, le bois et la brique. Le tout communique une atmosph\u00e8re conviviale et affiche une architecture coh\u00e9rente et audacieuse. Carta montre ainsi que l\u2019on peut respecter la tradition de son environnement tout en le propulsant dans la modernit\u00e9.<\/p>\n","protected":false},"template":"","class_list":["post-4569","project","type-project","status-publish","hentry"],"acf":[],"yoast_head":"<!-- This site is optimized with the Yoast SEO plugin v21.5 - https:\/\/yoast.com\/wordpress\/plugins\/seo\/ -->\n<title>Bureau Carta - INT Design<\/title>\n<meta name=\"robots\" content=\"index, follow, max-snippet:-1, max-image-preview:large, max-video-preview:-1\" \/>\n<link rel=\"canonical\" href=\"https:\/\/int.design\/fr\/projets\/bureau-carta\/\" \/>\n<meta property=\"og:locale\" content=\"fr_FR\" \/>\n<meta property=\"og:type\" content=\"article\" \/>\n<meta property=\"og:title\" content=\"Bureau Carta - INT Design\" \/>\n<meta property=\"og:description\" content=\"Carta architecte + designer a investi le 3539, boulevard LaSalle, tout en le transformant. La forme particuli\u00e8re de triangle rectangle du b\u00e2timent n\u2019est pas sans rappeler la forme isoc\u00e8le du Flatiron Building. Il se place comme plan de jonction entre l\u2019es- pace de la rue et celui de la ruelle Victor, au sein de l\u2019arrondisse- &hellip; Continued\" \/>\n<meta property=\"og:url\" content=\"https:\/\/int.design\/fr\/projets\/bureau-carta\/\" \/>\n<meta property=\"og:site_name\" content=\"INT Design\" \/>\n<meta property=\"article:modified_time\" content=\"2020-04-06T04:09:57+00:00\" \/>\n<meta name=\"twitter:card\" content=\"summary_large_image\" \/>\n<meta name=\"twitter:label1\" content=\"Est. reading time\" \/>\n\t<meta name=\"twitter:data1\" content=\"1 minute\" \/>\n<script type=\"application\/ld+json\" class=\"yoast-schema-graph\">{\"@context\":\"https:\/\/schema.org\",\"@graph\":[{\"@type\":\"WebPage\",\"@id\":\"https:\/\/int.design\/fr\/projets\/bureau-carta\/\",\"url\":\"https:\/\/int.design\/fr\/projets\/bureau-carta\/\",\"name\":\"Bureau Carta - INT Design\",\"isPartOf\":{\"@id\":\"https:\/\/int.design\/fr\/#website\"},\"datePublished\":\"2018-01-19T06:54:24+00:00\",\"dateModified\":\"2020-04-06T04:09:57+00:00\",\"breadcrumb\":{\"@id\":\"https:\/\/int.design\/fr\/projets\/bureau-carta\/#breadcrumb\"},\"inLanguage\":\"fr-FR\",\"potentialAction\":[{\"@type\":\"ReadAction\",\"target\":[\"https:\/\/int.design\/fr\/projets\/bureau-carta\/\"]}]},{\"@type\":\"BreadcrumbList\",\"@id\":\"https:\/\/int.design\/fr\/projets\/bureau-carta\/#breadcrumb\",\"itemListElement\":[{\"@type\":\"ListItem\",\"position\":1,\"name\":\"Home\",\"item\":\"https:\/\/int.design\/fr\/\"},{\"@type\":\"ListItem\",\"position\":2,\"name\":\"Projects\",\"item\":\"https:\/\/int.design\/en\/projects\/\"},{\"@type\":\"ListItem\",\"position\":3,\"name\":\"Bureau Carta\"}]},{\"@type\":\"WebSite\",\"@id\":\"https:\/\/int.design\/fr\/#website\",\"url\":\"https:\/\/int.design\/fr\/\",\"name\":\"INT Design\",\"description\":\"\",\"potentialAction\":[{\"@type\":\"SearchAction\",\"target\":{\"@type\":\"EntryPoint\",\"urlTemplate\":\"https:\/\/int.design\/fr\/?s={search_term_string}\"},\"query-input\":\"required name=search_term_string\"}],\"inLanguage\":\"fr-FR\"}]}<\/script>\n<!-- \/ Yoast SEO plugin. -->","yoast_head_json":{"title":"Bureau Carta - INT Design","robots":{"index":"index","follow":"follow","max-snippet":"max-snippet:-1","max-image-preview":"max-image-preview:large","max-video-preview":"max-video-preview:-1"},"canonical":"https:\/\/int.design\/fr\/projets\/bureau-carta\/","og_locale":"fr_FR","og_type":"article","og_title":"Bureau Carta - INT Design","og_description":"Carta architecte + designer a investi le 3539, boulevard LaSalle, tout en le transformant. La forme particuli\u00e8re de triangle rectangle du b\u00e2timent n\u2019est pas sans rappeler la forme isoc\u00e8le du Flatiron Building. Il se place comme plan de jonction entre l\u2019es- pace de la rue et celui de la ruelle Victor, au sein de l\u2019arrondisse- &hellip; Continued","og_url":"https:\/\/int.design\/fr\/projets\/bureau-carta\/","og_site_name":"INT Design","article_modified_time":"2020-04-06T04:09:57+00:00","twitter_card":"summary_large_image","twitter_misc":{"Est. reading time":"1 minute"},"schema":{"@context":"https:\/\/schema.org","@graph":[{"@type":"WebPage","@id":"https:\/\/int.design\/fr\/projets\/bureau-carta\/","url":"https:\/\/int.design\/fr\/projets\/bureau-carta\/","name":"Bureau Carta - INT Design","isPartOf":{"@id":"https:\/\/int.design\/fr\/#website"},"datePublished":"2018-01-19T06:54:24+00:00","dateModified":"2020-04-06T04:09:57+00:00","breadcrumb":{"@id":"https:\/\/int.design\/fr\/projets\/bureau-carta\/#breadcrumb"},"inLanguage":"fr-FR","potentialAction":[{"@type":"ReadAction","target":["https:\/\/int.design\/fr\/projets\/bureau-carta\/"]}]},{"@type":"BreadcrumbList","@id":"https:\/\/int.design\/fr\/projets\/bureau-carta\/#breadcrumb","itemListElement":[{"@type":"ListItem","position":1,"name":"Home","item":"https:\/\/int.design\/fr\/"},{"@type":"ListItem","position":2,"name":"Projects","item":"https:\/\/int.design\/en\/projects\/"},{"@type":"ListItem","position":3,"name":"Bureau Carta"}]},{"@type":"WebSite","@id":"https:\/\/int.design\/fr\/#website","url":"https:\/\/int.design\/fr\/","name":"INT Design","description":"","potentialAction":[{"@type":"SearchAction","target":{"@type":"EntryPoint","urlTemplate":"https:\/\/int.design\/fr\/?s={search_term_string}"},"query-input":"required name=search_term_string"}],"inLanguage":"fr-FR"}]}},"entry":{"cats":{"disciplines":[],"big_cats":[],"sub_cats":[]},"entry":{"images":[{"image":{"ID":4570,"id":4570,"title":"21-bureau-carta_6-1_carta-architecte-designer_carta_01.jpg","filename":"21-bureau-carta_6-1_carta-architecte-designer_carta_01.jpg","filesize":0,"url":"https:\/\/d2q6z78khxmx42.cloudfront.net\/2018\/01\/21-bureau-carta_6-1_carta-architecte-designer_carta_01.jpg","link":"https:\/\/int.design\/fr\/21-bureau-carta_6-1_carta-architecte-designer_carta_01-jpg\/","alt":"","author":"0","description":"","caption":"","name":"21-bureau-carta_6-1_carta-architecte-designer_carta_01-jpg","status":"inherit","uploaded_to":0,"date":"2020-04-06 04:09:51","modified":"2020-04-06 04:09:51","menu_order":0,"mime_type":"image\/jpeg","type":"image","subtype":"jpeg","icon":"https:\/\/int.design\/wp-includes\/images\/media\/default.png","width":1619,"height":1080,"sizes":{"thumbnail":"https:\/\/d2q6z78khxmx42.cloudfront.net\/2018\/01\/21-bureau-carta_6-1_carta-architecte-designer_carta_01-150x150.jpg","thumbnail-width":150,"thumbnail-height":150,"medium":"https:\/\/d2q6z78khxmx42.cloudfront.net\/2018\/01\/21-bureau-carta_6-1_carta-architecte-designer_carta_01-300x200.jpg","medium-width":300,"medium-height":200,"medium_large":"https:\/\/d2q6z78khxmx42.cloudfront.net\/2018\/01\/21-bureau-carta_6-1_carta-architecte-designer_carta_01-768x512.jpg","medium_large-width":768,"medium_large-height":512,"large":"https:\/\/d2q6z78khxmx42.cloudfront.net\/2018\/01\/21-bureau-carta_6-1_carta-architecte-designer_carta_01-1024x683.jpg","large-width":1024,"large-height":683,"1536x1536":"https:\/\/d2q6z78khxmx42.cloudfront.net\/2018\/01\/21-bureau-carta_6-1_carta-architecte-designer_carta_01-1536x1025.jpg","1536x1536-width":1536,"1536x1536-height":1025,"2048x2048":"https:\/\/d2q6z78khxmx42.cloudfront.net\/2018\/01\/21-bureau-carta_6-1_carta-architecte-designer_carta_01.jpg","2048x2048-width":1619,"2048x2048-height":1080,"article":"https:\/\/d2q6z78khxmx42.cloudfront.net\/2018\/01\/21-bureau-carta_6-1_carta-architecte-designer_carta_01-960x540.jpg","article-width":960,"article-height":540,"banner":"https:\/\/d2q6z78khxmx42.cloudfront.net\/2018\/01\/21-bureau-carta_6-1_carta-architecte-designer_carta_01.jpg","banner-width":1619,"banner-height":1080,"block":"https:\/\/d2q6z78khxmx42.cloudfront.net\/2018\/01\/21-bureau-carta_6-1_carta-architecte-designer_carta_01-900x680.jpg","block-width":900,"block-height":680,"card":"https:\/\/d2q6z78khxmx42.cloudfront.net\/2018\/01\/21-bureau-carta_6-1_carta-architecte-designer_carta_01-560x495.jpg","card-width":560,"card-height":495,"card-thumbnail":"https:\/\/d2q6z78khxmx42.cloudfront.net\/2018\/01\/21-bureau-carta_6-1_carta-architecte-designer_carta_01-450x340.jpg","card-thumbnail-width":450,"card-thumbnail-height":340,"conference":"https:\/\/d2q6z78khxmx42.cloudfront.net\/2018\/01\/21-bureau-carta_6-1_carta-architecte-designer_carta_01-560x250.jpg","conference-width":560,"conference-height":250,"contest":"https:\/\/d2q6z78khxmx42.cloudfront.net\/2018\/01\/21-bureau-carta_6-1_carta-architecte-designer_carta_01-960x400.jpg","contest-width":960,"contest-height":400,"cta":"https:\/\/d2q6z78khxmx42.cloudfront.net\/2018\/01\/21-bureau-carta_6-1_carta-architecte-designer_carta_01-415x170.jpg","cta-width":415,"cta-height":170,"exhibitor":"https:\/\/d2q6z78khxmx42.cloudfront.net\/2018\/01\/21-bureau-carta_6-1_carta-architecte-designer_carta_01-560x560.jpg","exhibitor-width":560,"exhibitor-height":560,"gallery":"https:\/\/d2q6z78khxmx42.cloudfront.net\/2018\/01\/21-bureau-carta_6-1_carta-architecte-designer_carta_01-560x374.jpg","gallery-width":560,"gallery-height":374,"logo":"https:\/\/d2q6z78khxmx42.cloudfront.net\/2018\/01\/21-bureau-carta_6-1_carta-architecte-designer_carta_01-150x100.jpg","logo-width":150,"logo-height":100,"masonry":"https:\/\/d2q6z78khxmx42.cloudfront.net\/2018\/01\/21-bureau-carta_6-1_carta-architecte-designer_carta_01-550x367.jpg","masonry-width":550,"masonry-height":367,"modal":"https:\/\/d2q6z78khxmx42.cloudfront.net\/2018\/01\/21-bureau-carta_6-1_carta-architecte-designer_carta_01.jpg","modal-width":1619,"modal-height":1080,"number":"https:\/\/d2q6z78khxmx42.cloudfront.net\/2018\/01\/asy5T74L-21-bureau-carta_6-1_carta-architecte-designer_carta_01-560x374.jpg","number-width":560,"number-height":374,"partner":"https:\/\/d2q6z78khxmx42.cloudfront.net\/2018\/01\/21-bureau-carta_6-1_carta-architecte-designer_carta_01-275x183.jpg","partner-width":275,"partner-height":183,"ranking":"https:\/\/d2q6z78khxmx42.cloudfront.net\/2018\/01\/asy5T74L-21-bureau-carta_6-1_carta-architecte-designer_carta_01-960x540.jpg","ranking-width":960,"ranking-height":540,"schedule":"https:\/\/d2q6z78khxmx42.cloudfront.net\/2018\/01\/21-bureau-carta_6-1_carta-architecte-designer_carta_01-960x360.jpg","schedule-width":960,"schedule-height":360,"slideshow":"https:\/\/d2q6z78khxmx42.cloudfront.net\/2018\/01\/21-bureau-carta_6-1_carta-architecte-designer_carta_01-1019x680.jpg","slideshow-width":1019,"slideshow-height":680}},"attachment_category":[],"credit":""},{"image":{"ID":4571,"id":4571,"title":"21-bureau-carta_6-1_carta-architecte-designer_carta_05.jpg","filename":"21-bureau-carta_6-1_carta-architecte-designer_carta_05.jpg","filesize":0,"url":"https:\/\/d2q6z78khxmx42.cloudfront.net\/2018\/01\/21-bureau-carta_6-1_carta-architecte-designer_carta_05.jpg","link":"https:\/\/int.design\/fr\/21-bureau-carta_6-1_carta-architecte-designer_carta_05-jpg\/","alt":"","author":"0","description":"","caption":"","name":"21-bureau-carta_6-1_carta-architecte-designer_carta_05-jpg","status":"inherit","uploaded_to":0,"date":"2020-04-06 04:09:52","modified":"2020-04-06 04:09:52","menu_order":0,"mime_type":"image\/jpeg","type":"image","subtype":"jpeg","icon":"https:\/\/int.design\/wp-includes\/images\/media\/default.png","width":1620,"height":1080,"sizes":{"thumbnail":"https:\/\/d2q6z78khxmx42.cloudfront.net\/2018\/01\/21-bureau-carta_6-1_carta-architecte-designer_carta_05-150x150.jpg","thumbnail-width":150,"thumbnail-height":150,"medium":"https:\/\/d2q6z78khxmx42.cloudfront.net\/2018\/01\/21-bureau-carta_6-1_carta-architecte-designer_carta_05-300x200.jpg","medium-width":300,"medium-height":200,"medium_large":"https:\/\/d2q6z78khxmx42.cloudfront.net\/2018\/01\/21-bureau-carta_6-1_carta-architecte-designer_carta_05-768x512.jpg","medium_large-width":768,"medium_large-height":512,"large":"https:\/\/d2q6z78khxmx42.cloudfront.net\/2018\/01\/21-bureau-carta_6-1_carta-architecte-designer_carta_05-1024x683.jpg","large-width":1024,"large-height":683,"1536x1536":"https:\/\/d2q6z78khxmx42.cloudfront.net\/2018\/01\/21-bureau-carta_6-1_carta-architecte-designer_carta_05-1536x1024.jpg","1536x1536-width":1536,"1536x1536-height":1024,"2048x2048":"https:\/\/d2q6z78khxmx42.cloudfront.net\/2018\/01\/21-bureau-carta_6-1_carta-architecte-designer_carta_05.jpg","2048x2048-width":1620,"2048x2048-height":1080,"article":"https:\/\/d2q6z78khxmx42.cloudfront.net\/2018\/01\/21-bureau-carta_6-1_carta-architecte-designer_carta_05-960x540.jpg","article-width":960,"article-height":540,"banner":"https:\/\/d2q6z78khxmx42.cloudfront.net\/2018\/01\/21-bureau-carta_6-1_carta-architecte-designer_carta_05.jpg","banner-width":1620,"banner-height":1080,"block":"https:\/\/d2q6z78khxmx42.cloudfront.net\/2018\/01\/21-bureau-carta_6-1_carta-architecte-designer_carta_05-900x680.jpg","block-width":900,"block-height":680,"card":"https:\/\/d2q6z78khxmx42.cloudfront.net\/2018\/01\/21-bureau-carta_6-1_carta-architecte-designer_carta_05-560x495.jpg","card-width":560,"card-height":495,"card-thumbnail":"https:\/\/d2q6z78khxmx42.cloudfront.net\/2018\/01\/21-bureau-carta_6-1_carta-architecte-designer_carta_05-450x340.jpg","card-thumbnail-width":450,"card-thumbnail-height":340,"conference":"https:\/\/d2q6z78khxmx42.cloudfront.net\/2018\/01\/21-bureau-carta_6-1_carta-architecte-designer_carta_05-560x250.jpg","conference-width":560,"conference-height":250,"contest":"https:\/\/d2q6z78khxmx42.cloudfront.net\/2018\/01\/21-bureau-carta_6-1_carta-architecte-designer_carta_05-960x400.jpg","contest-width":960,"contest-height":400,"cta":"https:\/\/d2q6z78khxmx42.cloudfront.net\/2018\/01\/21-bureau-carta_6-1_carta-architecte-designer_carta_05-415x170.jpg","cta-width":415,"cta-height":170,"exhibitor":"https:\/\/d2q6z78khxmx42.cloudfront.net\/2018\/01\/21-bureau-carta_6-1_carta-architecte-designer_carta_05-560x560.jpg","exhibitor-width":560,"exhibitor-height":560,"gallery":"https:\/\/d2q6z78khxmx42.cloudfront.net\/2018\/01\/21-bureau-carta_6-1_carta-architecte-designer_carta_05-560x373.jpg","gallery-width":560,"gallery-height":373,"logo":"https:\/\/d2q6z78khxmx42.cloudfront.net\/2018\/01\/21-bureau-carta_6-1_carta-architecte-designer_carta_05-150x100.jpg","logo-width":150,"logo-height":100,"masonry":"https:\/\/d2q6z78khxmx42.cloudfront.net\/2018\/01\/21-bureau-carta_6-1_carta-architecte-designer_carta_05-550x367.jpg","masonry-width":550,"masonry-height":367,"modal":"https:\/\/d2q6z78khxmx42.cloudfront.net\/2018\/01\/21-bureau-carta_6-1_carta-architecte-designer_carta_05.jpg","modal-width":1620,"modal-height":1080,"number":"https:\/\/d2q6z78khxmx42.cloudfront.net\/2018\/01\/9PLppVaQ-21-bureau-carta_6-1_carta-architecte-designer_carta_05-560x373.jpg","number-width":560,"number-height":373,"partner":"https:\/\/d2q6z78khxmx42.cloudfront.net\/2018\/01\/21-bureau-carta_6-1_carta-architecte-designer_carta_05-275x183.jpg","partner-width":275,"partner-height":183,"ranking":"https:\/\/d2q6z78khxmx42.cloudfront.net\/2018\/01\/9PLppVaQ-21-bureau-carta_6-1_carta-architecte-designer_carta_05-960x540.jpg","ranking-width":960,"ranking-height":540,"schedule":"https:\/\/d2q6z78khxmx42.cloudfront.net\/2018\/01\/21-bureau-carta_6-1_carta-architecte-designer_carta_05-960x360.jpg","schedule-width":960,"schedule-height":360,"slideshow":"https:\/\/d2q6z78khxmx42.cloudfront.net\/2018\/01\/21-bureau-carta_6-1_carta-architecte-designer_carta_05-1020x680.jpg","slideshow-width":1020,"slideshow-height":680}},"attachment_category":[],"credit":""},{"image":{"ID":4572,"id":4572,"title":"21-bureau-carta_6-1_carta-architecte-designer_carta_04-1.jpg","filename":"21-bureau-carta_6-1_carta-architecte-designer_carta_04-1.jpg","filesize":0,"url":"https:\/\/d2q6z78khxmx42.cloudfront.net\/2018\/01\/21-bureau-carta_6-1_carta-architecte-designer_carta_04-1.jpg","link":"https:\/\/int.design\/fr\/21-bureau-carta_6-1_carta-architecte-designer_carta_04-1-jpg\/","alt":"","author":"0","description":"","caption":"","name":"21-bureau-carta_6-1_carta-architecte-designer_carta_04-1-jpg","status":"inherit","uploaded_to":0,"date":"2020-04-06 04:09:53","modified":"2020-04-06 04:09:53","menu_order":0,"mime_type":"image\/jpeg","type":"image","subtype":"jpeg","icon":"https:\/\/int.design\/wp-includes\/images\/media\/default.png","width":1620,"height":1080,"sizes":{"thumbnail":"https:\/\/d2q6z78khxmx42.cloudfront.net\/2018\/01\/21-bureau-carta_6-1_carta-architecte-designer_carta_04-1-150x150.jpg","thumbnail-width":150,"thumbnail-height":150,"medium":"https:\/\/d2q6z78khxmx42.cloudfront.net\/2018\/01\/21-bureau-carta_6-1_carta-architecte-designer_carta_04-1-300x200.jpg","medium-width":300,"medium-height":200,"medium_large":"https:\/\/d2q6z78khxmx42.cloudfront.net\/2018\/01\/21-bureau-carta_6-1_carta-architecte-designer_carta_04-1-768x512.jpg","medium_large-width":768,"medium_large-height":512,"large":"https:\/\/d2q6z78khxmx42.cloudfront.net\/2018\/01\/21-bureau-carta_6-1_carta-architecte-designer_carta_04-1-1024x683.jpg","large-width":1024,"large-height":683,"1536x1536":"https:\/\/d2q6z78khxmx42.cloudfront.net\/2018\/01\/21-bureau-carta_6-1_carta-architecte-designer_carta_04-1-1536x1024.jpg","1536x1536-width":1536,"1536x1536-height":1024,"2048x2048":"https:\/\/d2q6z78khxmx42.cloudfront.net\/2018\/01\/21-bureau-carta_6-1_carta-architecte-designer_carta_04-1.jpg","2048x2048-width":1620,"2048x2048-height":1080,"article":"https:\/\/d2q6z78khxmx42.cloudfront.net\/2018\/01\/21-bureau-carta_6-1_carta-architecte-designer_carta_04-1-960x540.jpg","article-width":960,"article-height":540,"banner":"https:\/\/d2q6z78khxmx42.cloudfront.net\/2018\/01\/21-bureau-carta_6-1_carta-architecte-designer_carta_04-1.jpg","banner-width":1620,"banner-height":1080,"block":"https:\/\/d2q6z78khxmx42.cloudfront.net\/2018\/01\/21-bureau-carta_6-1_carta-architecte-designer_carta_04-1-900x680.jpg","block-width":900,"block-height":680,"card":"https:\/\/d2q6z78khxmx42.cloudfront.net\/2018\/01\/21-bureau-carta_6-1_carta-architecte-designer_carta_04-1-560x495.jpg","card-width":560,"card-height":495,"card-thumbnail":"https:\/\/d2q6z78khxmx42.cloudfront.net\/2018\/01\/21-bureau-carta_6-1_carta-architecte-designer_carta_04-1-450x340.jpg","card-thumbnail-width":450,"card-thumbnail-height":340,"conference":"https:\/\/d2q6z78khxmx42.cloudfront.net\/2018\/01\/21-bureau-carta_6-1_carta-architecte-designer_carta_04-1-560x250.jpg","conference-width":560,"conference-height":250,"contest":"https:\/\/d2q6z78khxmx42.cloudfront.net\/2018\/01\/21-bureau-carta_6-1_carta-architecte-designer_carta_04-1-960x400.jpg","contest-width":960,"contest-height":400,"cta":"https:\/\/d2q6z78khxmx42.cloudfront.net\/2018\/01\/21-bureau-carta_6-1_carta-architecte-designer_carta_04-1-415x170.jpg","cta-width":415,"cta-height":170,"exhibitor":"https:\/\/d2q6z78khxmx42.cloudfront.net\/2018\/01\/21-bureau-carta_6-1_carta-architecte-designer_carta_04-1-560x560.jpg","exhibitor-width":560,"exhibitor-height":560,"gallery":"https:\/\/d2q6z78khxmx42.cloudfront.net\/2018\/01\/21-bureau-carta_6-1_carta-architecte-designer_carta_04-1-560x373.jpg","gallery-width":560,"gallery-height":373,"logo":"https:\/\/d2q6z78khxmx42.cloudfront.net\/2018\/01\/21-bureau-carta_6-1_carta-architecte-designer_carta_04-1-150x100.jpg","logo-width":150,"logo-height":100,"masonry":"https:\/\/d2q6z78khxmx42.cloudfront.net\/2018\/01\/21-bureau-carta_6-1_carta-architecte-designer_carta_04-1-550x367.jpg","masonry-width":550,"masonry-height":367,"modal":"https:\/\/d2q6z78khxmx42.cloudfront.net\/2018\/01\/21-bureau-carta_6-1_carta-architecte-designer_carta_04-1.jpg","modal-width":1620,"modal-height":1080,"number":"https:\/\/d2q6z78khxmx42.cloudfront.net\/2018\/01\/RD8nb3mI-21-bureau-carta_6-1_carta-architecte-designer_carta_04-1-560x373.jpg","number-width":560,"number-height":373,"partner":"https:\/\/d2q6z78khxmx42.cloudfront.net\/2018\/01\/21-bureau-carta_6-1_carta-architecte-designer_carta_04-1-275x183.jpg","partner-width":275,"partner-height":183,"ranking":"https:\/\/d2q6z78khxmx42.cloudfront.net\/2018\/01\/RD8nb3mI-21-bureau-carta_6-1_carta-architecte-designer_carta_04-1-960x540.jpg","ranking-width":960,"ranking-height":540,"schedule":"https:\/\/d2q6z78khxmx42.cloudfront.net\/2018\/01\/21-bureau-carta_6-1_carta-architecte-designer_carta_04-1-960x360.jpg","schedule-width":960,"schedule-height":360,"slideshow":"https:\/\/d2q6z78khxmx42.cloudfront.net\/2018\/01\/21-bureau-carta_6-1_carta-architecte-designer_carta_04-1-1020x680.jpg","slideshow-width":1020,"slideshow-height":680}},"attachment_category":[],"credit":""},{"image":{"ID":4573,"id":4573,"title":"21-bureau-carta_6-1_carta-architecte-designer_carta_03.jpg","filename":"21-bureau-carta_6-1_carta-architecte-designer_carta_03.jpg","filesize":0,"url":"https:\/\/d2q6z78khxmx42.cloudfront.net\/2018\/01\/21-bureau-carta_6-1_carta-architecte-designer_carta_03.jpg","link":"https:\/\/int.design\/fr\/21-bureau-carta_6-1_carta-architecte-designer_carta_03-jpg\/","alt":"","author":"0","description":"","caption":"","name":"21-bureau-carta_6-1_carta-architecte-designer_carta_03-jpg","status":"inherit","uploaded_to":0,"date":"2020-04-06 04:09:54","modified":"2020-04-06 04:09:54","menu_order":0,"mime_type":"image\/jpeg","type":"image","subtype":"jpeg","icon":"https:\/\/int.design\/wp-includes\/images\/media\/default.png","width":1620,"height":1080,"sizes":{"thumbnail":"https:\/\/d2q6z78khxmx42.cloudfront.net\/2018\/01\/21-bureau-carta_6-1_carta-architecte-designer_carta_03-150x150.jpg","thumbnail-width":150,"thumbnail-height":150,"medium":"https:\/\/d2q6z78khxmx42.cloudfront.net\/2018\/01\/21-bureau-carta_6-1_carta-architecte-designer_carta_03-300x200.jpg","medium-width":300,"medium-height":200,"medium_large":"https:\/\/d2q6z78khxmx42.cloudfront.net\/2018\/01\/21-bureau-carta_6-1_carta-architecte-designer_carta_03-768x512.jpg","medium_large-width":768,"medium_large-height":512,"large":"https:\/\/d2q6z78khxmx42.cloudfront.net\/2018\/01\/21-bureau-carta_6-1_carta-architecte-designer_carta_03-1024x683.jpg","large-width":1024,"large-height":683,"1536x1536":"https:\/\/d2q6z78khxmx42.cloudfront.net\/2018\/01\/21-bureau-carta_6-1_carta-architecte-designer_carta_03-1536x1024.jpg","1536x1536-width":1536,"1536x1536-height":1024,"2048x2048":"https:\/\/d2q6z78khxmx42.cloudfront.net\/2018\/01\/21-bureau-carta_6-1_carta-architecte-designer_carta_03.jpg","2048x2048-width":1620,"2048x2048-height":1080,"article":"https:\/\/d2q6z78khxmx42.cloudfront.net\/2018\/01\/21-bureau-carta_6-1_carta-architecte-designer_carta_03-960x540.jpg","article-width":960,"article-height":540,"banner":"https:\/\/d2q6z78khxmx42.cloudfront.net\/2018\/01\/21-bureau-carta_6-1_carta-architecte-designer_carta_03.jpg","banner-width":1620,"banner-height":1080,"block":"https:\/\/d2q6z78khxmx42.cloudfront.net\/2018\/01\/21-bureau-carta_6-1_carta-architecte-designer_carta_03-900x680.jpg","block-width":900,"block-height":680,"card":"https:\/\/d2q6z78khxmx42.cloudfront.net\/2018\/01\/21-bureau-carta_6-1_carta-architecte-designer_carta_03-560x495.jpg","card-width":560,"card-height":495,"card-thumbnail":"https:\/\/d2q6z78khxmx42.cloudfront.net\/2018\/01\/21-bureau-carta_6-1_carta-architecte-designer_carta_03-450x340.jpg","card-thumbnail-width":450,"card-thumbnail-height":340,"conference":"https:\/\/d2q6z78khxmx42.cloudfront.net\/2018\/01\/21-bureau-carta_6-1_carta-architecte-designer_carta_03-560x250.jpg","conference-width":560,"conference-height":250,"contest":"https:\/\/d2q6z78khxmx42.cloudfront.net\/2018\/01\/21-bureau-carta_6-1_carta-architecte-designer_carta_03-960x400.jpg","contest-width":960,"contest-height":400,"cta":"https:\/\/d2q6z78khxmx42.cloudfront.net\/2018\/01\/21-bureau-carta_6-1_carta-architecte-designer_carta_03-415x170.jpg","cta-width":415,"cta-height":170,"exhibitor":"https:\/\/d2q6z78khxmx42.cloudfront.net\/2018\/01\/21-bureau-carta_6-1_carta-architecte-designer_carta_03-560x560.jpg","exhibitor-width":560,"exhibitor-height":560,"gallery":"https:\/\/d2q6z78khxmx42.cloudfront.net\/2018\/01\/21-bureau-carta_6-1_carta-architecte-designer_carta_03-560x373.jpg","gallery-width":560,"gallery-height":373,"logo":"https:\/\/d2q6z78khxmx42.cloudfront.net\/2018\/01\/21-bureau-carta_6-1_carta-architecte-designer_carta_03-150x100.jpg","logo-width":150,"logo-height":100,"masonry":"https:\/\/d2q6z78khxmx42.cloudfront.net\/2018\/01\/21-bureau-carta_6-1_carta-architecte-designer_carta_03-550x367.jpg","masonry-width":550,"masonry-height":367,"modal":"https:\/\/d2q6z78khxmx42.cloudfront.net\/2018\/01\/21-bureau-carta_6-1_carta-architecte-designer_carta_03.jpg","modal-width":1620,"modal-height":1080,"number":"https:\/\/d2q6z78khxmx42.cloudfront.net\/2018\/01\/RUJk7khU-21-bureau-carta_6-1_carta-architecte-designer_carta_03-560x373.jpg","number-width":560,"number-height":373,"partner":"https:\/\/d2q6z78khxmx42.cloudfront.net\/2018\/01\/21-bureau-carta_6-1_carta-architecte-designer_carta_03-275x183.jpg","partner-width":275,"partner-height":183,"ranking":"https:\/\/d2q6z78khxmx42.cloudfront.net\/2018\/01\/RUJk7khU-21-bureau-carta_6-1_carta-architecte-designer_carta_03-960x540.jpg","ranking-width":960,"ranking-height":540,"schedule":"https:\/\/d2q6z78khxmx42.cloudfront.net\/2018\/01\/21-bureau-carta_6-1_carta-architecte-designer_carta_03-960x360.jpg","schedule-width":960,"schedule-height":360,"slideshow":"https:\/\/d2q6z78khxmx42.cloudfront.net\/2018\/01\/21-bureau-carta_6-1_carta-architecte-designer_carta_03-1020x680.jpg","slideshow-width":1020,"slideshow-height":680}},"attachment_category":[],"credit":""},{"image":{"ID":4574,"id":4574,"title":"21-bureau-carta_6-1_carta-architecte-designer_carta_02-1.jpg","filename":"21-bureau-carta_6-1_carta-architecte-designer_carta_02-1.jpg","filesize":0,"url":"https:\/\/d2q6z78khxmx42.cloudfront.net\/2018\/01\/21-bureau-carta_6-1_carta-architecte-designer_carta_02-1.jpg","link":"https:\/\/int.design\/fr\/21-bureau-carta_6-1_carta-architecte-designer_carta_02-1-jpg\/","alt":"","author":"0","description":"","caption":"","name":"21-bureau-carta_6-1_carta-architecte-designer_carta_02-1-jpg","status":"inherit","uploaded_to":0,"date":"2020-04-06 04:09:55","modified":"2020-04-06 04:09:55","menu_order":0,"mime_type":"image\/jpeg","type":"image","subtype":"jpeg","icon":"https:\/\/int.design\/wp-includes\/images\/media\/default.png","width":1619,"height":1080,"sizes":{"thumbnail":"https:\/\/d2q6z78khxmx42.cloudfront.net\/2018\/01\/21-bureau-carta_6-1_carta-architecte-designer_carta_02-1-150x150.jpg","thumbnail-width":150,"thumbnail-height":150,"medium":"https:\/\/d2q6z78khxmx42.cloudfront.net\/2018\/01\/21-bureau-carta_6-1_carta-architecte-designer_carta_02-1-300x200.jpg","medium-width":300,"medium-height":200,"medium_large":"https:\/\/d2q6z78khxmx42.cloudfront.net\/2018\/01\/21-bureau-carta_6-1_carta-architecte-designer_carta_02-1-768x512.jpg","medium_large-width":768,"medium_large-height":512,"large":"https:\/\/d2q6z78khxmx42.cloudfront.net\/2018\/01\/21-bureau-carta_6-1_carta-architecte-designer_carta_02-1-1024x683.jpg","large-width":1024,"large-height":683,"1536x1536":"https:\/\/d2q6z78khxmx42.cloudfront.net\/2018\/01\/21-bureau-carta_6-1_carta-architecte-designer_carta_02-1-1536x1025.jpg","1536x1536-width":1536,"1536x1536-height":1025,"2048x2048":"https:\/\/d2q6z78khxmx42.cloudfront.net\/2018\/01\/21-bureau-carta_6-1_carta-architecte-designer_carta_02-1.jpg","2048x2048-width":1619,"2048x2048-height":1080,"article":"https:\/\/d2q6z78khxmx42.cloudfront.net\/2018\/01\/21-bureau-carta_6-1_carta-architecte-designer_carta_02-1-960x540.jpg","article-width":960,"article-height":540,"banner":"https:\/\/d2q6z78khxmx42.cloudfront.net\/2018\/01\/21-bureau-carta_6-1_carta-architecte-designer_carta_02-1.jpg","banner-width":1619,"banner-height":1080,"block":"https:\/\/d2q6z78khxmx42.cloudfront.net\/2018\/01\/21-bureau-carta_6-1_carta-architecte-designer_carta_02-1-900x680.jpg","block-width":900,"block-height":680,"card":"https:\/\/d2q6z78khxmx42.cloudfront.net\/2018\/01\/21-bureau-carta_6-1_carta-architecte-designer_carta_02-1-560x495.jpg","card-width":560,"card-height":495,"card-thumbnail":"https:\/\/d2q6z78khxmx42.cloudfront.net\/2018\/01\/21-bureau-carta_6-1_carta-architecte-designer_carta_02-1-450x340.jpg","card-thumbnail-width":450,"card-thumbnail-height":340,"conference":"https:\/\/d2q6z78khxmx42.cloudfront.net\/2018\/01\/21-bureau-carta_6-1_carta-architecte-designer_carta_02-1-560x250.jpg","conference-width":560,"conference-height":250,"contest":"https:\/\/d2q6z78khxmx42.cloudfront.net\/2018\/01\/21-bureau-carta_6-1_carta-architecte-designer_carta_02-1-960x400.jpg","contest-width":960,"contest-height":400,"cta":"https:\/\/d2q6z78khxmx42.cloudfront.net\/2018\/01\/21-bureau-carta_6-1_carta-architecte-designer_carta_02-1-415x170.jpg","cta-width":415,"cta-height":170,"exhibitor":"https:\/\/d2q6z78khxmx42.cloudfront.net\/2018\/01\/21-bureau-carta_6-1_carta-architecte-designer_carta_02-1-560x560.jpg","exhibitor-width":560,"exhibitor-height":560,"gallery":"https:\/\/d2q6z78khxmx42.cloudfront.net\/2018\/01\/21-bureau-carta_6-1_carta-architecte-designer_carta_02-1-560x374.jpg","gallery-width":560,"gallery-height":374,"logo":"https:\/\/d2q6z78khxmx42.cloudfront.net\/2018\/01\/21-bureau-carta_6-1_carta-architecte-designer_carta_02-1-150x100.jpg","logo-width":150,"logo-height":100,"masonry":"https:\/\/d2q6z78khxmx42.cloudfront.net\/2018\/01\/21-bureau-carta_6-1_carta-architecte-designer_carta_02-1-550x367.jpg","masonry-width":550,"masonry-height":367,"modal":"https:\/\/d2q6z78khxmx42.cloudfront.net\/2018\/01\/21-bureau-carta_6-1_carta-architecte-designer_carta_02-1.jpg","modal-width":1619,"modal-height":1080,"number":"https:\/\/d2q6z78khxmx42.cloudfront.net\/2018\/01\/0DrrxX1u-21-bureau-carta_6-1_carta-architecte-designer_carta_02-1-560x374.jpg","number-width":560,"number-height":374,"partner":"https:\/\/d2q6z78khxmx42.cloudfront.net\/2018\/01\/21-bureau-carta_6-1_carta-architecte-designer_carta_02-1-275x183.jpg","partner-width":275,"partner-height":183,"ranking":"https:\/\/d2q6z78khxmx42.cloudfront.net\/2018\/01\/0DrrxX1u-21-bureau-carta_6-1_carta-architecte-designer_carta_02-1-960x540.jpg","ranking-width":960,"ranking-height":540,"schedule":"https:\/\/d2q6z78khxmx42.cloudfront.net\/2018\/01\/21-bureau-carta_6-1_carta-architecte-designer_carta_02-1-960x360.jpg","schedule-width":960,"schedule-height":360,"slideshow":"https:\/\/d2q6z78khxmx42.cloudfront.net\/2018\/01\/21-bureau-carta_6-1_carta-architecte-designer_carta_02-1-1019x680.jpg","slideshow-width":1019,"slideshow-height":680}},"attachment_category":[],"credit":""}],"status":"completed"},"laureats":[],"contest_id":"1797","contest_title":"GRANDS PRIX DU DESIGN - 11e \u00e9dition","firms":[],"user":{"email":"old_edition@agencepid.com","first_name":"Old Edition","last_name":"Participant"},"doc_texts_web":{"fr":"<p>Carta architecte + designer a investi le 3539, boulevard LaSalle, tout en le transformant. La forme particuli\u00e8re de triangle rectangle du b\u00e2timent n\u2019est pas sans rappeler la forme isoc\u00e8le du Flatiron Building. Il se place comme plan de jonction entre l\u2019es- pace de la rue et celui de la ruelle Victor, au sein de l\u2019arrondisse- ment de Verdun, faisant ainsi communiquer les deux espaces.<\/p>\n<p>Sa fa\u00e7ade respecte la forme originelle et int\u00e8gre des \u00e9l\u00e9ments de modernit\u00e9. La vitrine a gagn\u00e9 en hauteur. Le jour, elle illumine abondamment l\u2019espace int\u00e9rieur de l\u2019agence, tandis que la nuit, elle transforme cette derni\u00e8re en \u00eelot de lumi\u00e8re, lui permettant de se mettre en sc\u00e8ne au sein de son quartier.<\/p>\n<p>C\u2019est un lieu o\u00f9 se c\u00f4toient des mat\u00e9riaux bruts, simples et traditionnels, aux formes \u00e9pur\u00e9es comme l\u2019acier, le b\u00e9ton, le bois et la brique. Le tout communique une atmosph\u00e8re conviviale et affiche une architecture coh\u00e9rente et audacieuse. Carta montre ainsi que l\u2019on peut respecter la tradition de son environnement tout en le propulsant dans la modernit\u00e9.<\/p>\n","en":"<p>Carta Architecte + Designer took over 3539 LaSalle Boulevard and transformed it. The building\u2019s specific right-angled triangular form is reminiscent of the Flatiron Building\u2019s isosceles form. It creates a link between the street\u2019s space and that of Victor Alley, in the heart of the Verdun borough, thus allowing both spaces to connect.<\/p>\n<p>Its facade is faithful to the original form and integrates elements of modernity. Its windows gained height. During the day, it illuminates the agency\u2019s interior space whereas at night it transforms it into an island of light, allowing it to be showcased in its neighbourhood.<\/p>\n<p>It is a place where simple and traditional rough materials meet refined forms like steel, concrete wood and brick. Everything comes together in a friendly atmosphere and boasts an audacious as well as a coherent architecture. Carta shows us that we can respect the traditions of our environment and, at the same time, propel into modernity.<\/p>\n"},"permalinks":{"fr":"https:\/\/int.design\/fr\/projets\/bureau-carta\/","en":"https:\/\/int.design\/en\/projects\/bureau-carta\/"},"titles":{"fr":"Bureau Carta","en":"Bureau Carta"},"wp_fields":{"informations":{"fr":[{"content_type":"text","title":"Design","content":"Carta. architecte + designer","link":null},{"content_type":"text","title":"Cat\u00e9gorie","content":"Prix Bureau de moins de 5 000 pi\u00b2","link":null},{"content_type":"text","title":"Site web","content":"cartaarchitecte.com","link":null}],"en":[{"content_type":"text","title":"Design","content":"Carta. architecte + designer","link":null},{"content_type":"text","title":"Category","content":"Prix Bureau de moins de 5 000 pi\u00b2","link":null},{"content_type":"text","title":"Website","content":"cartaarchitecte.com","link":null}]}},"laravel_id":""},"_links":{"self":[{"href":"https:\/\/int.design\/fr\/wp-json\/wp\/v2\/project\/4569","targetHints":{"allow":["GET"]}}],"collection":[{"href":"https:\/\/int.design\/fr\/wp-json\/wp\/v2\/project"}],"about":[{"href":"https:\/\/int.design\/fr\/wp-json\/wp\/v2\/types\/project"}],"wp:attachment":[{"href":"https:\/\/int.design\/fr\/wp-json\/wp\/v2\/media?parent=4569"}],"curies":[{"name":"wp","href":"https:\/\/api.w.org\/{rel}","templated":true}]}}