{"id":4457,"date":"2018-01-18T23:39:50","date_gmt":"2018-01-19T04:39:50","guid":{"rendered":"https:\/\/int.design\/projets\/place-cure-labelle\/"},"modified":"2020-04-06T00:08:14","modified_gmt":"2020-04-06T04:08:14","slug":"place-cure-labelle","status":"publish","type":"project","link":"https:\/\/int.design\/fr\/projets\/place-cure-labelle\/","title":{"rendered":"Place Cur\u00e9-Labelle"},"content":{"rendered":"<p>De style victorien, la place du Cur\u00e9-Labelle s\u2019incarne maintenant par un concept d\u2019\u00e9clairage ambitieux et unique r\u00e9alis\u00e9 par BC2 et CS Design. Le monument central, la statue du cur\u00e9 Labelle, en est le c\u0153ur. Reprenant les dimensions d\u2019origine de la fa\u00e7ade de l\u2019ancienne \u00e9glise, l\u2019arche, form\u00e9e par deux panneaux en acier blanc, devient une ruine moderne illumin\u00e9e de l\u2019int\u00e9rieur. Une multitude de lumi\u00e8res cach\u00e9es brillent \u00e0 travers de petites perforations en forme de croix, constellant l\u2019arche. L\u2019audace \u00e9tait d\u2019int\u00e9grer l\u2019\u00e9clairage dans les perforations pour faire ressortir l\u2019architecture du monument, et ce, rappelant les vitraux. Un must !<\/p>\n","protected":false},"template":"","class_list":["post-4457","project","type-project","status-publish","hentry"],"acf":[],"yoast_head":"<!-- This site is optimized with the Yoast SEO plugin v21.5 - https:\/\/yoast.com\/wordpress\/plugins\/seo\/ -->\n<title>Place Cur\u00e9-Labelle - INT Design<\/title>\n<meta name=\"robots\" content=\"index, follow, max-snippet:-1, max-image-preview:large, max-video-preview:-1\" \/>\n<link rel=\"canonical\" href=\"https:\/\/int.design\/fr\/projets\/place-cure-labelle\/\" \/>\n<meta property=\"og:locale\" content=\"fr_FR\" \/>\n<meta property=\"og:type\" content=\"article\" \/>\n<meta property=\"og:title\" content=\"Place Cur\u00e9-Labelle - INT Design\" \/>\n<meta property=\"og:description\" content=\"De style victorien, la place du Cur\u00e9-Labelle s\u2019incarne maintenant par un concept d\u2019\u00e9clairage ambitieux et unique r\u00e9alis\u00e9 par BC2 et CS Design. Le monument central, la statue du cur\u00e9 Labelle, en est le c\u0153ur. Reprenant les dimensions d\u2019origine de la fa\u00e7ade de l\u2019ancienne \u00e9glise, l\u2019arche, form\u00e9e par deux panneaux en acier blanc, devient une ruine &hellip; Continued\" \/>\n<meta property=\"og:url\" content=\"https:\/\/int.design\/fr\/projets\/place-cure-labelle\/\" \/>\n<meta property=\"og:site_name\" content=\"INT Design\" \/>\n<meta property=\"article:modified_time\" content=\"2020-04-06T04:08:14+00:00\" \/>\n<meta name=\"twitter:card\" content=\"summary_large_image\" \/>\n<meta name=\"twitter:label1\" content=\"Est. reading time\" \/>\n\t<meta name=\"twitter:data1\" content=\"1 minute\" \/>\n<script type=\"application\/ld+json\" class=\"yoast-schema-graph\">{\"@context\":\"https:\/\/schema.org\",\"@graph\":[{\"@type\":\"WebPage\",\"@id\":\"https:\/\/int.design\/fr\/projets\/place-cure-labelle\/\",\"url\":\"https:\/\/int.design\/fr\/projets\/place-cure-labelle\/\",\"name\":\"Place Cur\u00e9-Labelle - INT Design\",\"isPartOf\":{\"@id\":\"https:\/\/int.design\/fr\/#website\"},\"datePublished\":\"2018-01-19T04:39:50+00:00\",\"dateModified\":\"2020-04-06T04:08:14+00:00\",\"breadcrumb\":{\"@id\":\"https:\/\/int.design\/fr\/projets\/place-cure-labelle\/#breadcrumb\"},\"inLanguage\":\"fr-FR\",\"potentialAction\":[{\"@type\":\"ReadAction\",\"target\":[\"https:\/\/int.design\/fr\/projets\/place-cure-labelle\/\"]}]},{\"@type\":\"BreadcrumbList\",\"@id\":\"https:\/\/int.design\/fr\/projets\/place-cure-labelle\/#breadcrumb\",\"itemListElement\":[{\"@type\":\"ListItem\",\"position\":1,\"name\":\"Home\",\"item\":\"https:\/\/int.design\/fr\/\"},{\"@type\":\"ListItem\",\"position\":2,\"name\":\"Projects\",\"item\":\"https:\/\/int.design\/en\/projects\/\"},{\"@type\":\"ListItem\",\"position\":3,\"name\":\"Place Cur\u00e9-Labelle\"}]},{\"@type\":\"WebSite\",\"@id\":\"https:\/\/int.design\/fr\/#website\",\"url\":\"https:\/\/int.design\/fr\/\",\"name\":\"INT Design\",\"description\":\"\",\"potentialAction\":[{\"@type\":\"SearchAction\",\"target\":{\"@type\":\"EntryPoint\",\"urlTemplate\":\"https:\/\/int.design\/fr\/?s={search_term_string}\"},\"query-input\":\"required name=search_term_string\"}],\"inLanguage\":\"fr-FR\"}]}<\/script>\n<!-- \/ Yoast SEO plugin. -->","yoast_head_json":{"title":"Place Cur\u00e9-Labelle - INT Design","robots":{"index":"index","follow":"follow","max-snippet":"max-snippet:-1","max-image-preview":"max-image-preview:large","max-video-preview":"max-video-preview:-1"},"canonical":"https:\/\/int.design\/fr\/projets\/place-cure-labelle\/","og_locale":"fr_FR","og_type":"article","og_title":"Place Cur\u00e9-Labelle - INT Design","og_description":"De style victorien, la place du Cur\u00e9-Labelle s\u2019incarne maintenant par un concept d\u2019\u00e9clairage ambitieux et unique r\u00e9alis\u00e9 par BC2 et CS Design. Le monument central, la statue du cur\u00e9 Labelle, en est le c\u0153ur. Reprenant les dimensions d\u2019origine de la fa\u00e7ade de l\u2019ancienne \u00e9glise, l\u2019arche, form\u00e9e par deux panneaux en acier blanc, devient une ruine &hellip; Continued","og_url":"https:\/\/int.design\/fr\/projets\/place-cure-labelle\/","og_site_name":"INT Design","article_modified_time":"2020-04-06T04:08:14+00:00","twitter_card":"summary_large_image","twitter_misc":{"Est. reading time":"1 minute"},"schema":{"@context":"https:\/\/schema.org","@graph":[{"@type":"WebPage","@id":"https:\/\/int.design\/fr\/projets\/place-cure-labelle\/","url":"https:\/\/int.design\/fr\/projets\/place-cure-labelle\/","name":"Place Cur\u00e9-Labelle - INT Design","isPartOf":{"@id":"https:\/\/int.design\/fr\/#website"},"datePublished":"2018-01-19T04:39:50+00:00","dateModified":"2020-04-06T04:08:14+00:00","breadcrumb":{"@id":"https:\/\/int.design\/fr\/projets\/place-cure-labelle\/#breadcrumb"},"inLanguage":"fr-FR","potentialAction":[{"@type":"ReadAction","target":["https:\/\/int.design\/fr\/projets\/place-cure-labelle\/"]}]},{"@type":"BreadcrumbList","@id":"https:\/\/int.design\/fr\/projets\/place-cure-labelle\/#breadcrumb","itemListElement":[{"@type":"ListItem","position":1,"name":"Home","item":"https:\/\/int.design\/fr\/"},{"@type":"ListItem","position":2,"name":"Projects","item":"https:\/\/int.design\/en\/projects\/"},{"@type":"ListItem","position":3,"name":"Place Cur\u00e9-Labelle"}]},{"@type":"WebSite","@id":"https:\/\/int.design\/fr\/#website","url":"https:\/\/int.design\/fr\/","name":"INT Design","description":"","potentialAction":[{"@type":"SearchAction","target":{"@type":"EntryPoint","urlTemplate":"https:\/\/int.design\/fr\/?s={search_term_string}"},"query-input":"required name=search_term_string"}],"inLanguage":"fr-FR"}]}},"entry":{"cats":{"disciplines":[],"big_cats":[],"sub_cats":[]},"entry":{"images":[{"image":{"ID":4458,"id":4458,"title":"37-placecurelabelle_13-1_bc2_immophoto_01.jpg","filename":"37-placecurelabelle_13-1_bc2_immophoto_01.jpg","filesize":0,"url":"https:\/\/d2q6z78khxmx42.cloudfront.net\/2018\/01\/37-placecurelabelle_13-1_bc2_immophoto_01.jpg","link":"https:\/\/int.design\/fr\/37-placecurelabelle_13-1_bc2_immophoto_01-jpg\/","alt":"","author":"0","description":"","caption":"","name":"37-placecurelabelle_13-1_bc2_immophoto_01-jpg","status":"inherit","uploaded_to":0,"date":"2020-04-06 04:08:08","modified":"2020-04-06 04:08:08","menu_order":0,"mime_type":"image\/jpeg","type":"image","subtype":"jpeg","icon":"https:\/\/int.design\/wp-includes\/images\/media\/default.png","width":1620,"height":1080,"sizes":{"thumbnail":"https:\/\/d2q6z78khxmx42.cloudfront.net\/2018\/01\/37-placecurelabelle_13-1_bc2_immophoto_01-150x150.jpg","thumbnail-width":150,"thumbnail-height":150,"medium":"https:\/\/d2q6z78khxmx42.cloudfront.net\/2018\/01\/37-placecurelabelle_13-1_bc2_immophoto_01-300x200.jpg","medium-width":300,"medium-height":200,"medium_large":"https:\/\/d2q6z78khxmx42.cloudfront.net\/2018\/01\/37-placecurelabelle_13-1_bc2_immophoto_01-768x512.jpg","medium_large-width":768,"medium_large-height":512,"large":"https:\/\/d2q6z78khxmx42.cloudfront.net\/2018\/01\/37-placecurelabelle_13-1_bc2_immophoto_01-1024x683.jpg","large-width":1024,"large-height":683,"1536x1536":"https:\/\/d2q6z78khxmx42.cloudfront.net\/2018\/01\/37-placecurelabelle_13-1_bc2_immophoto_01-1536x1024.jpg","1536x1536-width":1536,"1536x1536-height":1024,"2048x2048":"https:\/\/d2q6z78khxmx42.cloudfront.net\/2018\/01\/37-placecurelabelle_13-1_bc2_immophoto_01.jpg","2048x2048-width":1620,"2048x2048-height":1080,"article":"https:\/\/d2q6z78khxmx42.cloudfront.net\/2018\/01\/37-placecurelabelle_13-1_bc2_immophoto_01-960x540.jpg","article-width":960,"article-height":540,"banner":"https:\/\/d2q6z78khxmx42.cloudfront.net\/2018\/01\/37-placecurelabelle_13-1_bc2_immophoto_01.jpg","banner-width":1620,"banner-height":1080,"block":"https:\/\/d2q6z78khxmx42.cloudfront.net\/2018\/01\/37-placecurelabelle_13-1_bc2_immophoto_01-900x680.jpg","block-width":900,"block-height":680,"card":"https:\/\/d2q6z78khxmx42.cloudfront.net\/2018\/01\/37-placecurelabelle_13-1_bc2_immophoto_01-560x495.jpg","card-width":560,"card-height":495,"card-thumbnail":"https:\/\/d2q6z78khxmx42.cloudfront.net\/2018\/01\/37-placecurelabelle_13-1_bc2_immophoto_01-450x340.jpg","card-thumbnail-width":450,"card-thumbnail-height":340,"conference":"https:\/\/d2q6z78khxmx42.cloudfront.net\/2018\/01\/37-placecurelabelle_13-1_bc2_immophoto_01-560x250.jpg","conference-width":560,"conference-height":250,"contest":"https:\/\/d2q6z78khxmx42.cloudfront.net\/2018\/01\/37-placecurelabelle_13-1_bc2_immophoto_01-960x400.jpg","contest-width":960,"contest-height":400,"cta":"https:\/\/d2q6z78khxmx42.cloudfront.net\/2018\/01\/37-placecurelabelle_13-1_bc2_immophoto_01-415x170.jpg","cta-width":415,"cta-height":170,"exhibitor":"https:\/\/d2q6z78khxmx42.cloudfront.net\/2018\/01\/37-placecurelabelle_13-1_bc2_immophoto_01-560x560.jpg","exhibitor-width":560,"exhibitor-height":560,"gallery":"https:\/\/d2q6z78khxmx42.cloudfront.net\/2018\/01\/37-placecurelabelle_13-1_bc2_immophoto_01-560x373.jpg","gallery-width":560,"gallery-height":373,"logo":"https:\/\/d2q6z78khxmx42.cloudfront.net\/2018\/01\/37-placecurelabelle_13-1_bc2_immophoto_01-150x100.jpg","logo-width":150,"logo-height":100,"masonry":"https:\/\/d2q6z78khxmx42.cloudfront.net\/2018\/01\/37-placecurelabelle_13-1_bc2_immophoto_01-550x367.jpg","masonry-width":550,"masonry-height":367,"modal":"https:\/\/d2q6z78khxmx42.cloudfront.net\/2018\/01\/37-placecurelabelle_13-1_bc2_immophoto_01.jpg","modal-width":1620,"modal-height":1080,"number":"https:\/\/d2q6z78khxmx42.cloudfront.net\/2018\/01\/eettqOVJ-37-placecurelabelle_13-1_bc2_immophoto_01-560x373.jpg","number-width":560,"number-height":373,"partner":"https:\/\/d2q6z78khxmx42.cloudfront.net\/2018\/01\/37-placecurelabelle_13-1_bc2_immophoto_01-275x183.jpg","partner-width":275,"partner-height":183,"ranking":"https:\/\/d2q6z78khxmx42.cloudfront.net\/2018\/01\/eettqOVJ-37-placecurelabelle_13-1_bc2_immophoto_01-960x540.jpg","ranking-width":960,"ranking-height":540,"schedule":"https:\/\/d2q6z78khxmx42.cloudfront.net\/2018\/01\/37-placecurelabelle_13-1_bc2_immophoto_01-960x360.jpg","schedule-width":960,"schedule-height":360,"slideshow":"https:\/\/d2q6z78khxmx42.cloudfront.net\/2018\/01\/37-placecurelabelle_13-1_bc2_immophoto_01-1020x680.jpg","slideshow-width":1020,"slideshow-height":680}},"attachment_category":[],"credit":""},{"image":{"ID":4459,"id":4459,"title":"37-placecurelabelle_13-1_bc2_immophoto_08-1.jpg","filename":"37-placecurelabelle_13-1_bc2_immophoto_08-1.jpg","filesize":0,"url":"https:\/\/d2q6z78khxmx42.cloudfront.net\/2018\/01\/37-placecurelabelle_13-1_bc2_immophoto_08-1.jpg","link":"https:\/\/int.design\/fr\/37-placecurelabelle_13-1_bc2_immophoto_08-1-jpg\/","alt":"","author":"0","description":"","caption":"","name":"37-placecurelabelle_13-1_bc2_immophoto_08-1-jpg","status":"inherit","uploaded_to":0,"date":"2020-04-06 04:08:09","modified":"2020-04-06 04:08:09","menu_order":0,"mime_type":"image\/jpeg","type":"image","subtype":"jpeg","icon":"https:\/\/int.design\/wp-includes\/images\/media\/default.png","width":1620,"height":1080,"sizes":{"thumbnail":"https:\/\/d2q6z78khxmx42.cloudfront.net\/2018\/01\/37-placecurelabelle_13-1_bc2_immophoto_08-1-150x150.jpg","thumbnail-width":150,"thumbnail-height":150,"medium":"https:\/\/d2q6z78khxmx42.cloudfront.net\/2018\/01\/37-placecurelabelle_13-1_bc2_immophoto_08-1-300x200.jpg","medium-width":300,"medium-height":200,"medium_large":"https:\/\/d2q6z78khxmx42.cloudfront.net\/2018\/01\/37-placecurelabelle_13-1_bc2_immophoto_08-1-768x512.jpg","medium_large-width":768,"medium_large-height":512,"large":"https:\/\/d2q6z78khxmx42.cloudfront.net\/2018\/01\/37-placecurelabelle_13-1_bc2_immophoto_08-1-1024x683.jpg","large-width":1024,"large-height":683,"1536x1536":"https:\/\/d2q6z78khxmx42.cloudfront.net\/2018\/01\/37-placecurelabelle_13-1_bc2_immophoto_08-1-1536x1024.jpg","1536x1536-width":1536,"1536x1536-height":1024,"2048x2048":"https:\/\/d2q6z78khxmx42.cloudfront.net\/2018\/01\/37-placecurelabelle_13-1_bc2_immophoto_08-1.jpg","2048x2048-width":1620,"2048x2048-height":1080,"article":"https:\/\/d2q6z78khxmx42.cloudfront.net\/2018\/01\/37-placecurelabelle_13-1_bc2_immophoto_08-1-960x540.jpg","article-width":960,"article-height":540,"banner":"https:\/\/d2q6z78khxmx42.cloudfront.net\/2018\/01\/37-placecurelabelle_13-1_bc2_immophoto_08-1.jpg","banner-width":1620,"banner-height":1080,"block":"https:\/\/d2q6z78khxmx42.cloudfront.net\/2018\/01\/37-placecurelabelle_13-1_bc2_immophoto_08-1-900x680.jpg","block-width":900,"block-height":680,"card":"https:\/\/d2q6z78khxmx42.cloudfront.net\/2018\/01\/37-placecurelabelle_13-1_bc2_immophoto_08-1-560x495.jpg","card-width":560,"card-height":495,"card-thumbnail":"https:\/\/d2q6z78khxmx42.cloudfront.net\/2018\/01\/37-placecurelabelle_13-1_bc2_immophoto_08-1-450x340.jpg","card-thumbnail-width":450,"card-thumbnail-height":340,"conference":"https:\/\/d2q6z78khxmx42.cloudfront.net\/2018\/01\/37-placecurelabelle_13-1_bc2_immophoto_08-1-560x250.jpg","conference-width":560,"conference-height":250,"contest":"https:\/\/d2q6z78khxmx42.cloudfront.net\/2018\/01\/37-placecurelabelle_13-1_bc2_immophoto_08-1-960x400.jpg","contest-width":960,"contest-height":400,"cta":"https:\/\/d2q6z78khxmx42.cloudfront.net\/2018\/01\/37-placecurelabelle_13-1_bc2_immophoto_08-1-415x170.jpg","cta-width":415,"cta-height":170,"exhibitor":"https:\/\/d2q6z78khxmx42.cloudfront.net\/2018\/01\/37-placecurelabelle_13-1_bc2_immophoto_08-1-560x560.jpg","exhibitor-width":560,"exhibitor-height":560,"gallery":"https:\/\/d2q6z78khxmx42.cloudfront.net\/2018\/01\/37-placecurelabelle_13-1_bc2_immophoto_08-1-560x373.jpg","gallery-width":560,"gallery-height":373,"logo":"https:\/\/d2q6z78khxmx42.cloudfront.net\/2018\/01\/37-placecurelabelle_13-1_bc2_immophoto_08-1-150x100.jpg","logo-width":150,"logo-height":100,"masonry":"https:\/\/d2q6z78khxmx42.cloudfront.net\/2018\/01\/37-placecurelabelle_13-1_bc2_immophoto_08-1-550x367.jpg","masonry-width":550,"masonry-height":367,"modal":"https:\/\/d2q6z78khxmx42.cloudfront.net\/2018\/01\/37-placecurelabelle_13-1_bc2_immophoto_08-1.jpg","modal-width":1620,"modal-height":1080,"number":"https:\/\/d2q6z78khxmx42.cloudfront.net\/2018\/01\/yY8R8O7n-37-placecurelabelle_13-1_bc2_immophoto_08-1-560x373.jpg","number-width":560,"number-height":373,"partner":"https:\/\/d2q6z78khxmx42.cloudfront.net\/2018\/01\/37-placecurelabelle_13-1_bc2_immophoto_08-1-275x183.jpg","partner-width":275,"partner-height":183,"ranking":"https:\/\/d2q6z78khxmx42.cloudfront.net\/2018\/01\/yY8R8O7n-37-placecurelabelle_13-1_bc2_immophoto_08-1-960x540.jpg","ranking-width":960,"ranking-height":540,"schedule":"https:\/\/d2q6z78khxmx42.cloudfront.net\/2018\/01\/37-placecurelabelle_13-1_bc2_immophoto_08-1-960x360.jpg","schedule-width":960,"schedule-height":360,"slideshow":"https:\/\/d2q6z78khxmx42.cloudfront.net\/2018\/01\/37-placecurelabelle_13-1_bc2_immophoto_08-1-1020x680.jpg","slideshow-width":1020,"slideshow-height":680}},"attachment_category":[],"credit":""},{"image":{"ID":4460,"id":4460,"title":"37-placecurelabelle_13-1_bc2_immophoto_07.jpg","filename":"37-placecurelabelle_13-1_bc2_immophoto_07.jpg","filesize":0,"url":"https:\/\/d2q6z78khxmx42.cloudfront.net\/2018\/01\/37-placecurelabelle_13-1_bc2_immophoto_07.jpg","link":"https:\/\/int.design\/fr\/37-placecurelabelle_13-1_bc2_immophoto_07-jpg\/","alt":"","author":"0","description":"","caption":"","name":"37-placecurelabelle_13-1_bc2_immophoto_07-jpg","status":"inherit","uploaded_to":0,"date":"2020-04-06 04:08:10","modified":"2020-04-06 04:08:10","menu_order":0,"mime_type":"image\/jpeg","type":"image","subtype":"jpeg","icon":"https:\/\/int.design\/wp-includes\/images\/media\/default.png","width":1620,"height":1080,"sizes":{"thumbnail":"https:\/\/d2q6z78khxmx42.cloudfront.net\/2018\/01\/37-placecurelabelle_13-1_bc2_immophoto_07-150x150.jpg","thumbnail-width":150,"thumbnail-height":150,"medium":"https:\/\/d2q6z78khxmx42.cloudfront.net\/2018\/01\/37-placecurelabelle_13-1_bc2_immophoto_07-300x200.jpg","medium-width":300,"medium-height":200,"medium_large":"https:\/\/d2q6z78khxmx42.cloudfront.net\/2018\/01\/37-placecurelabelle_13-1_bc2_immophoto_07-768x512.jpg","medium_large-width":768,"medium_large-height":512,"large":"https:\/\/d2q6z78khxmx42.cloudfront.net\/2018\/01\/37-placecurelabelle_13-1_bc2_immophoto_07-1024x683.jpg","large-width":1024,"large-height":683,"1536x1536":"https:\/\/d2q6z78khxmx42.cloudfront.net\/2018\/01\/37-placecurelabelle_13-1_bc2_immophoto_07-1536x1024.jpg","1536x1536-width":1536,"1536x1536-height":1024,"2048x2048":"https:\/\/d2q6z78khxmx42.cloudfront.net\/2018\/01\/37-placecurelabelle_13-1_bc2_immophoto_07.jpg","2048x2048-width":1620,"2048x2048-height":1080,"article":"https:\/\/d2q6z78khxmx42.cloudfront.net\/2018\/01\/37-placecurelabelle_13-1_bc2_immophoto_07-960x540.jpg","article-width":960,"article-height":540,"banner":"https:\/\/d2q6z78khxmx42.cloudfront.net\/2018\/01\/37-placecurelabelle_13-1_bc2_immophoto_07.jpg","banner-width":1620,"banner-height":1080,"block":"https:\/\/d2q6z78khxmx42.cloudfront.net\/2018\/01\/37-placecurelabelle_13-1_bc2_immophoto_07-900x680.jpg","block-width":900,"block-height":680,"card":"https:\/\/d2q6z78khxmx42.cloudfront.net\/2018\/01\/37-placecurelabelle_13-1_bc2_immophoto_07-560x495.jpg","card-width":560,"card-height":495,"card-thumbnail":"https:\/\/d2q6z78khxmx42.cloudfront.net\/2018\/01\/37-placecurelabelle_13-1_bc2_immophoto_07-450x340.jpg","card-thumbnail-width":450,"card-thumbnail-height":340,"conference":"https:\/\/d2q6z78khxmx42.cloudfront.net\/2018\/01\/37-placecurelabelle_13-1_bc2_immophoto_07-560x250.jpg","conference-width":560,"conference-height":250,"contest":"https:\/\/d2q6z78khxmx42.cloudfront.net\/2018\/01\/37-placecurelabelle_13-1_bc2_immophoto_07-960x400.jpg","contest-width":960,"contest-height":400,"cta":"https:\/\/d2q6z78khxmx42.cloudfront.net\/2018\/01\/37-placecurelabelle_13-1_bc2_immophoto_07-415x170.jpg","cta-width":415,"cta-height":170,"exhibitor":"https:\/\/d2q6z78khxmx42.cloudfront.net\/2018\/01\/37-placecurelabelle_13-1_bc2_immophoto_07-560x560.jpg","exhibitor-width":560,"exhibitor-height":560,"gallery":"https:\/\/d2q6z78khxmx42.cloudfront.net\/2018\/01\/37-placecurelabelle_13-1_bc2_immophoto_07-560x373.jpg","gallery-width":560,"gallery-height":373,"logo":"https:\/\/d2q6z78khxmx42.cloudfront.net\/2018\/01\/37-placecurelabelle_13-1_bc2_immophoto_07-150x100.jpg","logo-width":150,"logo-height":100,"masonry":"https:\/\/d2q6z78khxmx42.cloudfront.net\/2018\/01\/37-placecurelabelle_13-1_bc2_immophoto_07-550x367.jpg","masonry-width":550,"masonry-height":367,"modal":"https:\/\/d2q6z78khxmx42.cloudfront.net\/2018\/01\/37-placecurelabelle_13-1_bc2_immophoto_07.jpg","modal-width":1620,"modal-height":1080,"number":"https:\/\/d2q6z78khxmx42.cloudfront.net\/2018\/01\/BuoPtRN1-37-placecurelabelle_13-1_bc2_immophoto_07-560x373.jpg","number-width":560,"number-height":373,"partner":"https:\/\/d2q6z78khxmx42.cloudfront.net\/2018\/01\/37-placecurelabelle_13-1_bc2_immophoto_07-275x183.jpg","partner-width":275,"partner-height":183,"ranking":"https:\/\/d2q6z78khxmx42.cloudfront.net\/2018\/01\/BuoPtRN1-37-placecurelabelle_13-1_bc2_immophoto_07-960x540.jpg","ranking-width":960,"ranking-height":540,"schedule":"https:\/\/d2q6z78khxmx42.cloudfront.net\/2018\/01\/37-placecurelabelle_13-1_bc2_immophoto_07-960x360.jpg","schedule-width":960,"schedule-height":360,"slideshow":"https:\/\/d2q6z78khxmx42.cloudfront.net\/2018\/01\/37-placecurelabelle_13-1_bc2_immophoto_07-1020x680.jpg","slideshow-width":1020,"slideshow-height":680}},"attachment_category":[],"credit":""},{"image":{"ID":4461,"id":4461,"title":"37-placecurelabelle_13-1_bc2_immophoto_06.jpg","filename":"37-placecurelabelle_13-1_bc2_immophoto_06.jpg","filesize":0,"url":"https:\/\/d2q6z78khxmx42.cloudfront.net\/2018\/01\/37-placecurelabelle_13-1_bc2_immophoto_06.jpg","link":"https:\/\/int.design\/fr\/37-placecurelabelle_13-1_bc2_immophoto_06-jpg\/","alt":"","author":"0","description":"","caption":"","name":"37-placecurelabelle_13-1_bc2_immophoto_06-jpg","status":"inherit","uploaded_to":0,"date":"2020-04-06 04:08:11","modified":"2020-04-06 04:08:11","menu_order":0,"mime_type":"image\/jpeg","type":"image","subtype":"jpeg","icon":"https:\/\/int.design\/wp-includes\/images\/media\/default.png","width":1620,"height":1080,"sizes":{"thumbnail":"https:\/\/d2q6z78khxmx42.cloudfront.net\/2018\/01\/37-placecurelabelle_13-1_bc2_immophoto_06-150x150.jpg","thumbnail-width":150,"thumbnail-height":150,"medium":"https:\/\/d2q6z78khxmx42.cloudfront.net\/2018\/01\/37-placecurelabelle_13-1_bc2_immophoto_06-300x200.jpg","medium-width":300,"medium-height":200,"medium_large":"https:\/\/d2q6z78khxmx42.cloudfront.net\/2018\/01\/37-placecurelabelle_13-1_bc2_immophoto_06-768x512.jpg","medium_large-width":768,"medium_large-height":512,"large":"https:\/\/d2q6z78khxmx42.cloudfront.net\/2018\/01\/37-placecurelabelle_13-1_bc2_immophoto_06-1024x683.jpg","large-width":1024,"large-height":683,"1536x1536":"https:\/\/d2q6z78khxmx42.cloudfront.net\/2018\/01\/37-placecurelabelle_13-1_bc2_immophoto_06-1536x1024.jpg","1536x1536-width":1536,"1536x1536-height":1024,"2048x2048":"https:\/\/d2q6z78khxmx42.cloudfront.net\/2018\/01\/37-placecurelabelle_13-1_bc2_immophoto_06.jpg","2048x2048-width":1620,"2048x2048-height":1080,"article":"https:\/\/d2q6z78khxmx42.cloudfront.net\/2018\/01\/37-placecurelabelle_13-1_bc2_immophoto_06-960x540.jpg","article-width":960,"article-height":540,"banner":"https:\/\/d2q6z78khxmx42.cloudfront.net\/2018\/01\/37-placecurelabelle_13-1_bc2_immophoto_06.jpg","banner-width":1620,"banner-height":1080,"block":"https:\/\/d2q6z78khxmx42.cloudfront.net\/2018\/01\/37-placecurelabelle_13-1_bc2_immophoto_06-900x680.jpg","block-width":900,"block-height":680,"card":"https:\/\/d2q6z78khxmx42.cloudfront.net\/2018\/01\/37-placecurelabelle_13-1_bc2_immophoto_06-560x495.jpg","card-width":560,"card-height":495,"card-thumbnail":"https:\/\/d2q6z78khxmx42.cloudfront.net\/2018\/01\/37-placecurelabelle_13-1_bc2_immophoto_06-450x340.jpg","card-thumbnail-width":450,"card-thumbnail-height":340,"conference":"https:\/\/d2q6z78khxmx42.cloudfront.net\/2018\/01\/37-placecurelabelle_13-1_bc2_immophoto_06-560x250.jpg","conference-width":560,"conference-height":250,"contest":"https:\/\/d2q6z78khxmx42.cloudfront.net\/2018\/01\/37-placecurelabelle_13-1_bc2_immophoto_06-960x400.jpg","contest-width":960,"contest-height":400,"cta":"https:\/\/d2q6z78khxmx42.cloudfront.net\/2018\/01\/37-placecurelabelle_13-1_bc2_immophoto_06-415x170.jpg","cta-width":415,"cta-height":170,"exhibitor":"https:\/\/d2q6z78khxmx42.cloudfront.net\/2018\/01\/37-placecurelabelle_13-1_bc2_immophoto_06-560x560.jpg","exhibitor-width":560,"exhibitor-height":560,"gallery":"https:\/\/d2q6z78khxmx42.cloudfront.net\/2018\/01\/37-placecurelabelle_13-1_bc2_immophoto_06-560x373.jpg","gallery-width":560,"gallery-height":373,"logo":"https:\/\/d2q6z78khxmx42.cloudfront.net\/2018\/01\/37-placecurelabelle_13-1_bc2_immophoto_06-150x100.jpg","logo-width":150,"logo-height":100,"masonry":"https:\/\/d2q6z78khxmx42.cloudfront.net\/2018\/01\/37-placecurelabelle_13-1_bc2_immophoto_06-550x367.jpg","masonry-width":550,"masonry-height":367,"modal":"https:\/\/d2q6z78khxmx42.cloudfront.net\/2018\/01\/37-placecurelabelle_13-1_bc2_immophoto_06.jpg","modal-width":1620,"modal-height":1080,"number":"https:\/\/d2q6z78khxmx42.cloudfront.net\/2018\/01\/PdLeSQGP-37-placecurelabelle_13-1_bc2_immophoto_06-560x373.jpg","number-width":560,"number-height":373,"partner":"https:\/\/d2q6z78khxmx42.cloudfront.net\/2018\/01\/37-placecurelabelle_13-1_bc2_immophoto_06-275x183.jpg","partner-width":275,"partner-height":183,"ranking":"https:\/\/d2q6z78khxmx42.cloudfront.net\/2018\/01\/PdLeSQGP-37-placecurelabelle_13-1_bc2_immophoto_06-960x540.jpg","ranking-width":960,"ranking-height":540,"schedule":"https:\/\/d2q6z78khxmx42.cloudfront.net\/2018\/01\/37-placecurelabelle_13-1_bc2_immophoto_06-960x360.jpg","schedule-width":960,"schedule-height":360,"slideshow":"https:\/\/d2q6z78khxmx42.cloudfront.net\/2018\/01\/37-placecurelabelle_13-1_bc2_immophoto_06-1020x680.jpg","slideshow-width":1020,"slideshow-height":680}},"attachment_category":[],"credit":""},{"image":{"ID":4462,"id":4462,"title":"37-placecurelabelle_13-1_bc2_immophoto_02.jpg","filename":"37-placecurelabelle_13-1_bc2_immophoto_02.jpg","filesize":0,"url":"https:\/\/d2q6z78khxmx42.cloudfront.net\/2018\/01\/37-placecurelabelle_13-1_bc2_immophoto_02.jpg","link":"https:\/\/int.design\/fr\/37-placecurelabelle_13-1_bc2_immophoto_02-jpg\/","alt":"","author":"0","description":"","caption":"","name":"37-placecurelabelle_13-1_bc2_immophoto_02-jpg","status":"inherit","uploaded_to":0,"date":"2020-04-06 04:08:13","modified":"2020-04-06 04:08:13","menu_order":0,"mime_type":"image\/jpeg","type":"image","subtype":"jpeg","icon":"https:\/\/int.design\/wp-includes\/images\/media\/default.png","width":1620,"height":1080,"sizes":{"thumbnail":"https:\/\/d2q6z78khxmx42.cloudfront.net\/2018\/01\/37-placecurelabelle_13-1_bc2_immophoto_02-150x150.jpg","thumbnail-width":150,"thumbnail-height":150,"medium":"https:\/\/d2q6z78khxmx42.cloudfront.net\/2018\/01\/37-placecurelabelle_13-1_bc2_immophoto_02-300x200.jpg","medium-width":300,"medium-height":200,"medium_large":"https:\/\/d2q6z78khxmx42.cloudfront.net\/2018\/01\/37-placecurelabelle_13-1_bc2_immophoto_02-768x512.jpg","medium_large-width":768,"medium_large-height":512,"large":"https:\/\/d2q6z78khxmx42.cloudfront.net\/2018\/01\/37-placecurelabelle_13-1_bc2_immophoto_02-1024x683.jpg","large-width":1024,"large-height":683,"1536x1536":"https:\/\/d2q6z78khxmx42.cloudfront.net\/2018\/01\/37-placecurelabelle_13-1_bc2_immophoto_02-1536x1024.jpg","1536x1536-width":1536,"1536x1536-height":1024,"2048x2048":"https:\/\/d2q6z78khxmx42.cloudfront.net\/2018\/01\/37-placecurelabelle_13-1_bc2_immophoto_02.jpg","2048x2048-width":1620,"2048x2048-height":1080,"article":"https:\/\/d2q6z78khxmx42.cloudfront.net\/2018\/01\/37-placecurelabelle_13-1_bc2_immophoto_02-960x540.jpg","article-width":960,"article-height":540,"banner":"https:\/\/d2q6z78khxmx42.cloudfront.net\/2018\/01\/37-placecurelabelle_13-1_bc2_immophoto_02.jpg","banner-width":1620,"banner-height":1080,"block":"https:\/\/d2q6z78khxmx42.cloudfront.net\/2018\/01\/37-placecurelabelle_13-1_bc2_immophoto_02-900x680.jpg","block-width":900,"block-height":680,"card":"https:\/\/d2q6z78khxmx42.cloudfront.net\/2018\/01\/37-placecurelabelle_13-1_bc2_immophoto_02-560x495.jpg","card-width":560,"card-height":495,"card-thumbnail":"https:\/\/d2q6z78khxmx42.cloudfront.net\/2018\/01\/37-placecurelabelle_13-1_bc2_immophoto_02-450x340.jpg","card-thumbnail-width":450,"card-thumbnail-height":340,"conference":"https:\/\/d2q6z78khxmx42.cloudfront.net\/2018\/01\/37-placecurelabelle_13-1_bc2_immophoto_02-560x250.jpg","conference-width":560,"conference-height":250,"contest":"https:\/\/d2q6z78khxmx42.cloudfront.net\/2018\/01\/37-placecurelabelle_13-1_bc2_immophoto_02-960x400.jpg","contest-width":960,"contest-height":400,"cta":"https:\/\/d2q6z78khxmx42.cloudfront.net\/2018\/01\/37-placecurelabelle_13-1_bc2_immophoto_02-415x170.jpg","cta-width":415,"cta-height":170,"exhibitor":"https:\/\/d2q6z78khxmx42.cloudfront.net\/2018\/01\/37-placecurelabelle_13-1_bc2_immophoto_02-560x560.jpg","exhibitor-width":560,"exhibitor-height":560,"gallery":"https:\/\/d2q6z78khxmx42.cloudfront.net\/2018\/01\/37-placecurelabelle_13-1_bc2_immophoto_02-560x373.jpg","gallery-width":560,"gallery-height":373,"logo":"https:\/\/d2q6z78khxmx42.cloudfront.net\/2018\/01\/37-placecurelabelle_13-1_bc2_immophoto_02-150x100.jpg","logo-width":150,"logo-height":100,"masonry":"https:\/\/d2q6z78khxmx42.cloudfront.net\/2018\/01\/37-placecurelabelle_13-1_bc2_immophoto_02-550x367.jpg","masonry-width":550,"masonry-height":367,"modal":"https:\/\/d2q6z78khxmx42.cloudfront.net\/2018\/01\/37-placecurelabelle_13-1_bc2_immophoto_02.jpg","modal-width":1620,"modal-height":1080,"number":"https:\/\/d2q6z78khxmx42.cloudfront.net\/2018\/01\/fkJkZHVz-37-placecurelabelle_13-1_bc2_immophoto_02-560x373.jpg","number-width":560,"number-height":373,"partner":"https:\/\/d2q6z78khxmx42.cloudfront.net\/2018\/01\/37-placecurelabelle_13-1_bc2_immophoto_02-275x183.jpg","partner-width":275,"partner-height":183,"ranking":"https:\/\/d2q6z78khxmx42.cloudfront.net\/2018\/01\/fkJkZHVz-37-placecurelabelle_13-1_bc2_immophoto_02-960x540.jpg","ranking-width":960,"ranking-height":540,"schedule":"https:\/\/d2q6z78khxmx42.cloudfront.net\/2018\/01\/37-placecurelabelle_13-1_bc2_immophoto_02-960x360.jpg","schedule-width":960,"schedule-height":360,"slideshow":"https:\/\/d2q6z78khxmx42.cloudfront.net\/2018\/01\/37-placecurelabelle_13-1_bc2_immophoto_02-1020x680.jpg","slideshow-width":1020,"slideshow-height":680}},"attachment_category":[],"credit":""}],"status":"completed"},"laureats":[],"contest_id":"1797","contest_title":"GRANDS PRIX DU DESIGN - 11e \u00e9dition","firms":[],"user":{"email":"old_edition@agencepid.com","first_name":"Old Edition","last_name":"Participant"},"doc_texts_web":{"fr":"<p>De style victorien, la place du Cur\u00e9-Labelle s\u2019incarne maintenant par un concept d\u2019\u00e9clairage ambitieux et unique r\u00e9alis\u00e9 par BC2 et CS Design. Le monument central, la statue du cur\u00e9 Labelle, en est le c\u0153ur. Reprenant les dimensions d\u2019origine de la fa\u00e7ade de l\u2019ancienne \u00e9glise, l\u2019arche, form\u00e9e par deux panneaux en acier blanc, devient une ruine moderne illumin\u00e9e de l\u2019int\u00e9rieur. Une multitude de lumi\u00e8res cach\u00e9es brillent \u00e0 travers de petites perforations en forme de croix, constellant l\u2019arche. L\u2019audace \u00e9tait d\u2019int\u00e9grer l\u2019\u00e9clairage dans les perforations pour faire ressortir l\u2019architecture du monument, et ce, rappelant les vitraux. Un must !<\/p>\n","en":"<p>Cur\u00e9-Labelle Place, with its Victorian style, now embodies an ambitious and unique lighting concept, achieved by BC2 and CS Design. The central monument, the statue of Cur\u00e9 Labelle, is found in the middle. Repeating the original dimensions of the old church\u2019s facade, the arch, formed by two white steel panels, becomes a modern ruin illuminated from the inside. A multitude of hidden lights shine through small cross-shaped perforations, sprinkles the arch. The audacity was in integrating the lighting in the perforations to bring out the monument\u2019s architecture, reminiscent of the stained- glass windows. A must!<\/p>\n"},"permalinks":{"fr":"https:\/\/int.design\/fr\/projets\/place-cure-labelle\/","en":"https:\/\/int.design\/en\/projects\/place-cure-labelle\/"},"titles":{"fr":"Place Cur\u00e9-Labelle","en":"Place Cur\u00e9-Labelle"},"wp_fields":{"informations":{"fr":[{"content_type":"text","title":"Design","content":"BC2","link":null},{"content_type":"text","title":"Cat\u00e9gorie","content":"Mention \u00c9clairage","link":null},{"content_type":"text","title":"Site web","content":"groupebc2.ca","link":null}],"en":[{"content_type":"text","title":"Design","content":"BC2","link":null},{"content_type":"text","title":"Category","content":"Mention \u00c9clairage","link":null},{"content_type":"text","title":"Website","content":"groupebc2.ca","link":null}]}},"laravel_id":""},"_links":{"self":[{"href":"https:\/\/int.design\/fr\/wp-json\/wp\/v2\/project\/4457","targetHints":{"allow":["GET"]}}],"collection":[{"href":"https:\/\/int.design\/fr\/wp-json\/wp\/v2\/project"}],"about":[{"href":"https:\/\/int.design\/fr\/wp-json\/wp\/v2\/types\/project"}],"wp:attachment":[{"href":"https:\/\/int.design\/fr\/wp-json\/wp\/v2\/media?parent=4457"}],"curies":[{"name":"wp","href":"https:\/\/api.w.org\/{rel}","templated":true}]}}