{"id":3900,"date":"2017-02-20T19:25:21","date_gmt":"2017-02-21T00:25:21","guid":{"rendered":"https:\/\/int.design\/projets\/residence-rockland-2\/"},"modified":"2020-04-05T23:56:52","modified_gmt":"2020-04-06T03:56:52","slug":"residence-rockland-2","status":"publish","type":"project","link":"https:\/\/int.design\/fr\/projets\/residence-rockland-2\/","title":{"rendered":"Tour des Canadiens 2"},"content":{"rendered":"<p>C\u2019est notamment le condo t\u00e9moin du bureau de vente qui a retenu l\u2019attention du jury. Le choix de faire de la cuisine l\u2019\u00e9l\u00e9ment central de l\u2019appartement et de l\u2019int\u00e9grer \u00e0 la salle \u00e0 manger donne une illusion de grandeur consid\u00e9rable pour ce petit espace. La s\u00e9lection rigoureuse et harmonieuse des mat\u00e9riaux ainsi que la modulation du traitement des niches agr\u00e9mentent cette r\u00e9alisation empreinte d\u2019une sobri\u00e9t\u00e9 au chic intemporel.<\/p>\n","protected":false},"template":"","class_list":["post-3900","project","type-project","status-publish","hentry"],"acf":[],"yoast_head":"<!-- This site is optimized with the Yoast SEO plugin v21.5 - https:\/\/yoast.com\/wordpress\/plugins\/seo\/ -->\n<title>Tour des Canadiens 2 - INT Design<\/title>\n<meta name=\"robots\" content=\"index, follow, max-snippet:-1, max-image-preview:large, max-video-preview:-1\" \/>\n<link rel=\"canonical\" href=\"https:\/\/int.design\/fr\/projets\/residence-rockland-2\/\" \/>\n<meta property=\"og:locale\" content=\"fr_FR\" \/>\n<meta property=\"og:type\" content=\"article\" \/>\n<meta property=\"og:title\" content=\"Tour des Canadiens 2 - INT Design\" \/>\n<meta property=\"og:description\" content=\"C\u2019est notamment le condo t\u00e9moin du bureau de vente qui a retenu l\u2019attention du jury. Le choix de faire de la cuisine l\u2019\u00e9l\u00e9ment central de l\u2019appartement et de l\u2019int\u00e9grer \u00e0 la salle \u00e0 manger donne une illusion de grandeur consid\u00e9rable pour ce petit espace. La s\u00e9lection rigoureuse et harmonieuse des mat\u00e9riaux ainsi que la modulation &hellip; Continued\" \/>\n<meta property=\"og:url\" content=\"https:\/\/int.design\/fr\/projets\/residence-rockland-2\/\" \/>\n<meta property=\"og:site_name\" content=\"INT Design\" \/>\n<meta property=\"article:modified_time\" content=\"2020-04-06T03:56:52+00:00\" \/>\n<meta name=\"twitter:card\" content=\"summary_large_image\" \/>\n<script type=\"application\/ld+json\" class=\"yoast-schema-graph\">{\"@context\":\"https:\/\/schema.org\",\"@graph\":[{\"@type\":\"WebPage\",\"@id\":\"https:\/\/int.design\/fr\/projets\/residence-rockland-2\/\",\"url\":\"https:\/\/int.design\/fr\/projets\/residence-rockland-2\/\",\"name\":\"Tour des Canadiens 2 - INT Design\",\"isPartOf\":{\"@id\":\"https:\/\/int.design\/fr\/#website\"},\"datePublished\":\"2017-02-21T00:25:21+00:00\",\"dateModified\":\"2020-04-06T03:56:52+00:00\",\"breadcrumb\":{\"@id\":\"https:\/\/int.design\/fr\/projets\/residence-rockland-2\/#breadcrumb\"},\"inLanguage\":\"fr-FR\",\"potentialAction\":[{\"@type\":\"ReadAction\",\"target\":[\"https:\/\/int.design\/fr\/projets\/residence-rockland-2\/\"]}]},{\"@type\":\"BreadcrumbList\",\"@id\":\"https:\/\/int.design\/fr\/projets\/residence-rockland-2\/#breadcrumb\",\"itemListElement\":[{\"@type\":\"ListItem\",\"position\":1,\"name\":\"Home\",\"item\":\"https:\/\/int.design\/fr\/\"},{\"@type\":\"ListItem\",\"position\":2,\"name\":\"Projects\",\"item\":\"https:\/\/int.design\/en\/projects\/\"},{\"@type\":\"ListItem\",\"position\":3,\"name\":\"Tour des Canadiens 2\"}]},{\"@type\":\"WebSite\",\"@id\":\"https:\/\/int.design\/fr\/#website\",\"url\":\"https:\/\/int.design\/fr\/\",\"name\":\"INT Design\",\"description\":\"\",\"potentialAction\":[{\"@type\":\"SearchAction\",\"target\":{\"@type\":\"EntryPoint\",\"urlTemplate\":\"https:\/\/int.design\/fr\/?s={search_term_string}\"},\"query-input\":\"required name=search_term_string\"}],\"inLanguage\":\"fr-FR\"}]}<\/script>\n<!-- \/ Yoast SEO plugin. -->","yoast_head_json":{"title":"Tour des Canadiens 2 - INT Design","robots":{"index":"index","follow":"follow","max-snippet":"max-snippet:-1","max-image-preview":"max-image-preview:large","max-video-preview":"max-video-preview:-1"},"canonical":"https:\/\/int.design\/fr\/projets\/residence-rockland-2\/","og_locale":"fr_FR","og_type":"article","og_title":"Tour des Canadiens 2 - INT Design","og_description":"C\u2019est notamment le condo t\u00e9moin du bureau de vente qui a retenu l\u2019attention du jury. Le choix de faire de la cuisine l\u2019\u00e9l\u00e9ment central de l\u2019appartement et de l\u2019int\u00e9grer \u00e0 la salle \u00e0 manger donne une illusion de grandeur consid\u00e9rable pour ce petit espace. La s\u00e9lection rigoureuse et harmonieuse des mat\u00e9riaux ainsi que la modulation &hellip; Continued","og_url":"https:\/\/int.design\/fr\/projets\/residence-rockland-2\/","og_site_name":"INT Design","article_modified_time":"2020-04-06T03:56:52+00:00","twitter_card":"summary_large_image","schema":{"@context":"https:\/\/schema.org","@graph":[{"@type":"WebPage","@id":"https:\/\/int.design\/fr\/projets\/residence-rockland-2\/","url":"https:\/\/int.design\/fr\/projets\/residence-rockland-2\/","name":"Tour des Canadiens 2 - INT Design","isPartOf":{"@id":"https:\/\/int.design\/fr\/#website"},"datePublished":"2017-02-21T00:25:21+00:00","dateModified":"2020-04-06T03:56:52+00:00","breadcrumb":{"@id":"https:\/\/int.design\/fr\/projets\/residence-rockland-2\/#breadcrumb"},"inLanguage":"fr-FR","potentialAction":[{"@type":"ReadAction","target":["https:\/\/int.design\/fr\/projets\/residence-rockland-2\/"]}]},{"@type":"BreadcrumbList","@id":"https:\/\/int.design\/fr\/projets\/residence-rockland-2\/#breadcrumb","itemListElement":[{"@type":"ListItem","position":1,"name":"Home","item":"https:\/\/int.design\/fr\/"},{"@type":"ListItem","position":2,"name":"Projects","item":"https:\/\/int.design\/en\/projects\/"},{"@type":"ListItem","position":3,"name":"Tour des Canadiens 2"}]},{"@type":"WebSite","@id":"https:\/\/int.design\/fr\/#website","url":"https:\/\/int.design\/fr\/","name":"INT Design","description":"","potentialAction":[{"@type":"SearchAction","target":{"@type":"EntryPoint","urlTemplate":"https:\/\/int.design\/fr\/?s={search_term_string}"},"query-input":"required name=search_term_string"}],"inLanguage":"fr-FR"}]}},"entry":{"cats":{"disciplines":[],"big_cats":[],"sub_cats":[]},"entry":{"images":[{"image":{"ID":3901,"id":3901,"title":"01_Tour-des-Canadiens-2_1.6_HUMA_\u00a9Stephane-Brugger_01.jpg","filename":"01_Tour-des-Canadiens-2_1.6_HUMA_\u00a9Stephane-Brugger_01.jpg","filesize":0,"url":"https:\/\/d2q6z78khxmx42.cloudfront.net\/2017\/02\/01_Tour-des-Canadiens-2_1.6_HUMA_\u00a9Stephane-Brugger_01.jpg","link":"https:\/\/int.design\/fr\/01_tour-des-canadiens-2_1-6_huma_stephane-brugger_01-jpg\/","alt":"","author":"0","description":"","caption":"","name":"01_tour-des-canadiens-2_1-6_huma_stephane-brugger_01-jpg","status":"inherit","uploaded_to":0,"date":"2020-04-06 03:56:46","modified":"2020-04-06 03:56:46","menu_order":0,"mime_type":"image\/jpeg","type":"image","subtype":"jpeg","icon":"https:\/\/int.design\/wp-includes\/images\/media\/default.png","width":1200,"height":966,"sizes":{"thumbnail":"https:\/\/d2q6z78khxmx42.cloudfront.net\/2017\/02\/01_Tour-des-Canadiens-2_1.6_HUMA_\u00a9Stephane-Brugger_01-150x150.jpg","thumbnail-width":150,"thumbnail-height":150,"medium":"https:\/\/d2q6z78khxmx42.cloudfront.net\/2017\/02\/01_Tour-des-Canadiens-2_1.6_HUMA_\u00a9Stephane-Brugger_01-300x242.jpg","medium-width":300,"medium-height":242,"medium_large":"https:\/\/d2q6z78khxmx42.cloudfront.net\/2017\/02\/01_Tour-des-Canadiens-2_1.6_HUMA_\u00a9Stephane-Brugger_01-768x618.jpg","medium_large-width":768,"medium_large-height":618,"large":"https:\/\/d2q6z78khxmx42.cloudfront.net\/2017\/02\/01_Tour-des-Canadiens-2_1.6_HUMA_\u00a9Stephane-Brugger_01-1024x824.jpg","large-width":1024,"large-height":824,"1536x1536":"https:\/\/d2q6z78khxmx42.cloudfront.net\/2017\/02\/01_Tour-des-Canadiens-2_1.6_HUMA_\u00a9Stephane-Brugger_01.jpg","1536x1536-width":1200,"1536x1536-height":966,"2048x2048":"https:\/\/d2q6z78khxmx42.cloudfront.net\/2017\/02\/01_Tour-des-Canadiens-2_1.6_HUMA_\u00a9Stephane-Brugger_01.jpg","2048x2048-width":1200,"2048x2048-height":966,"article":"https:\/\/d2q6z78khxmx42.cloudfront.net\/2017\/02\/01_Tour-des-Canadiens-2_1.6_HUMA_\u00a9Stephane-Brugger_01-960x540.jpg","article-width":960,"article-height":540,"banner":"https:\/\/d2q6z78khxmx42.cloudfront.net\/2017\/02\/01_Tour-des-Canadiens-2_1.6_HUMA_\u00a9Stephane-Brugger_01.jpg","banner-width":1200,"banner-height":966,"block":"https:\/\/d2q6z78khxmx42.cloudfront.net\/2017\/02\/01_Tour-des-Canadiens-2_1.6_HUMA_\u00a9Stephane-Brugger_01-900x680.jpg","block-width":900,"block-height":680,"card":"https:\/\/d2q6z78khxmx42.cloudfront.net\/2017\/02\/01_Tour-des-Canadiens-2_1.6_HUMA_\u00a9Stephane-Brugger_01-560x495.jpg","card-width":560,"card-height":495,"card-thumbnail":"https:\/\/d2q6z78khxmx42.cloudfront.net\/2017\/02\/01_Tour-des-Canadiens-2_1.6_HUMA_\u00a9Stephane-Brugger_01-450x340.jpg","card-thumbnail-width":450,"card-thumbnail-height":340,"conference":"https:\/\/d2q6z78khxmx42.cloudfront.net\/2017\/02\/01_Tour-des-Canadiens-2_1.6_HUMA_\u00a9Stephane-Brugger_01-560x250.jpg","conference-width":560,"conference-height":250,"contest":"https:\/\/d2q6z78khxmx42.cloudfront.net\/2017\/02\/01_Tour-des-Canadiens-2_1.6_HUMA_\u00a9Stephane-Brugger_01-960x400.jpg","contest-width":960,"contest-height":400,"cta":"https:\/\/d2q6z78khxmx42.cloudfront.net\/2017\/02\/01_Tour-des-Canadiens-2_1.6_HUMA_\u00a9Stephane-Brugger_01-415x170.jpg","cta-width":415,"cta-height":170,"exhibitor":"https:\/\/d2q6z78khxmx42.cloudfront.net\/2017\/02\/01_Tour-des-Canadiens-2_1.6_HUMA_\u00a9Stephane-Brugger_01-560x560.jpg","exhibitor-width":560,"exhibitor-height":560,"gallery":"https:\/\/d2q6z78khxmx42.cloudfront.net\/2017\/02\/01_Tour-des-Canadiens-2_1.6_HUMA_\u00a9Stephane-Brugger_01-534x430.jpg","gallery-width":534,"gallery-height":430,"logo":"https:\/\/d2q6z78khxmx42.cloudfront.net\/2017\/02\/01_Tour-des-Canadiens-2_1.6_HUMA_\u00a9Stephane-Brugger_01-124x100.jpg","logo-width":124,"logo-height":100,"masonry":"https:\/\/d2q6z78khxmx42.cloudfront.net\/2017\/02\/01_Tour-des-Canadiens-2_1.6_HUMA_\u00a9Stephane-Brugger_01-550x443.jpg","masonry-width":550,"masonry-height":443,"modal":"https:\/\/d2q6z78khxmx42.cloudfront.net\/2017\/02\/01_Tour-des-Canadiens-2_1.6_HUMA_\u00a9Stephane-Brugger_01.jpg","modal-width":1200,"modal-height":966,"number":"https:\/\/d2q6z78khxmx42.cloudfront.net\/2017\/02\/uERn64a1-01_Tour-des-Canadiens-2_1.6_HUMA_\u00a9Stephane-Brugger_01-534x430.jpg","number-width":534,"number-height":430,"partner":"https:\/\/d2q6z78khxmx42.cloudfront.net\/2017\/02\/01_Tour-des-Canadiens-2_1.6_HUMA_\u00a9Stephane-Brugger_01-261x210.jpg","partner-width":261,"partner-height":210,"ranking":"https:\/\/d2q6z78khxmx42.cloudfront.net\/2017\/02\/uERn64a1-01_Tour-des-Canadiens-2_1.6_HUMA_\u00a9Stephane-Brugger_01-960x540.jpg","ranking-width":960,"ranking-height":540,"schedule":"https:\/\/d2q6z78khxmx42.cloudfront.net\/2017\/02\/01_Tour-des-Canadiens-2_1.6_HUMA_\u00a9Stephane-Brugger_01-960x360.jpg","schedule-width":960,"schedule-height":360,"slideshow":"https:\/\/d2q6z78khxmx42.cloudfront.net\/2017\/02\/01_Tour-des-Canadiens-2_1.6_HUMA_\u00a9Stephane-Brugger_01-845x680.jpg","slideshow-width":845,"slideshow-height":680}},"attachment_category":[],"credit":""},{"image":{"ID":3902,"id":3902,"title":"01_Tour-des-Canadiens-2_1.6_HUMA_\u00a9Stephane-Brugger_01-1.jpg","filename":"01_Tour-des-Canadiens-2_1.6_HUMA_\u00a9Stephane-Brugger_01-1.jpg","filesize":0,"url":"https:\/\/d2q6z78khxmx42.cloudfront.net\/2017\/02\/01_Tour-des-Canadiens-2_1.6_HUMA_\u00a9Stephane-Brugger_01-1.jpg","link":"https:\/\/int.design\/fr\/01_tour-des-canadiens-2_1-6_huma_stephane-brugger_01-1-jpg\/","alt":"","author":"0","description":"","caption":"","name":"01_tour-des-canadiens-2_1-6_huma_stephane-brugger_01-1-jpg","status":"inherit","uploaded_to":0,"date":"2020-04-06 03:56:47","modified":"2020-04-06 03:56:47","menu_order":0,"mime_type":"image\/jpeg","type":"image","subtype":"jpeg","icon":"https:\/\/int.design\/wp-includes\/images\/media\/default.png","width":1200,"height":966,"sizes":{"thumbnail":"https:\/\/d2q6z78khxmx42.cloudfront.net\/2017\/02\/01_Tour-des-Canadiens-2_1.6_HUMA_\u00a9Stephane-Brugger_01-1-150x150.jpg","thumbnail-width":150,"thumbnail-height":150,"medium":"https:\/\/d2q6z78khxmx42.cloudfront.net\/2017\/02\/01_Tour-des-Canadiens-2_1.6_HUMA_\u00a9Stephane-Brugger_01-1-300x242.jpg","medium-width":300,"medium-height":242,"medium_large":"https:\/\/d2q6z78khxmx42.cloudfront.net\/2017\/02\/01_Tour-des-Canadiens-2_1.6_HUMA_\u00a9Stephane-Brugger_01-1-768x618.jpg","medium_large-width":768,"medium_large-height":618,"large":"https:\/\/d2q6z78khxmx42.cloudfront.net\/2017\/02\/01_Tour-des-Canadiens-2_1.6_HUMA_\u00a9Stephane-Brugger_01-1-1024x824.jpg","large-width":1024,"large-height":824,"1536x1536":"https:\/\/d2q6z78khxmx42.cloudfront.net\/2017\/02\/01_Tour-des-Canadiens-2_1.6_HUMA_\u00a9Stephane-Brugger_01-1.jpg","1536x1536-width":1200,"1536x1536-height":966,"2048x2048":"https:\/\/d2q6z78khxmx42.cloudfront.net\/2017\/02\/01_Tour-des-Canadiens-2_1.6_HUMA_\u00a9Stephane-Brugger_01-1.jpg","2048x2048-width":1200,"2048x2048-height":966,"article":"https:\/\/d2q6z78khxmx42.cloudfront.net\/2017\/02\/01_Tour-des-Canadiens-2_1.6_HUMA_\u00a9Stephane-Brugger_01-1-960x540.jpg","article-width":960,"article-height":540,"banner":"https:\/\/d2q6z78khxmx42.cloudfront.net\/2017\/02\/01_Tour-des-Canadiens-2_1.6_HUMA_\u00a9Stephane-Brugger_01-1.jpg","banner-width":1200,"banner-height":966,"block":"https:\/\/d2q6z78khxmx42.cloudfront.net\/2017\/02\/01_Tour-des-Canadiens-2_1.6_HUMA_\u00a9Stephane-Brugger_01-1-900x680.jpg","block-width":900,"block-height":680,"card":"https:\/\/d2q6z78khxmx42.cloudfront.net\/2017\/02\/01_Tour-des-Canadiens-2_1.6_HUMA_\u00a9Stephane-Brugger_01-1-560x495.jpg","card-width":560,"card-height":495,"card-thumbnail":"https:\/\/d2q6z78khxmx42.cloudfront.net\/2017\/02\/01_Tour-des-Canadiens-2_1.6_HUMA_\u00a9Stephane-Brugger_01-1-450x340.jpg","card-thumbnail-width":450,"card-thumbnail-height":340,"conference":"https:\/\/d2q6z78khxmx42.cloudfront.net\/2017\/02\/01_Tour-des-Canadiens-2_1.6_HUMA_\u00a9Stephane-Brugger_01-1-560x250.jpg","conference-width":560,"conference-height":250,"contest":"https:\/\/d2q6z78khxmx42.cloudfront.net\/2017\/02\/01_Tour-des-Canadiens-2_1.6_HUMA_\u00a9Stephane-Brugger_01-1-960x400.jpg","contest-width":960,"contest-height":400,"cta":"https:\/\/d2q6z78khxmx42.cloudfront.net\/2017\/02\/01_Tour-des-Canadiens-2_1.6_HUMA_\u00a9Stephane-Brugger_01-1-415x170.jpg","cta-width":415,"cta-height":170,"exhibitor":"https:\/\/d2q6z78khxmx42.cloudfront.net\/2017\/02\/01_Tour-des-Canadiens-2_1.6_HUMA_\u00a9Stephane-Brugger_01-1-560x560.jpg","exhibitor-width":560,"exhibitor-height":560,"gallery":"https:\/\/d2q6z78khxmx42.cloudfront.net\/2017\/02\/01_Tour-des-Canadiens-2_1.6_HUMA_\u00a9Stephane-Brugger_01-1-534x430.jpg","gallery-width":534,"gallery-height":430,"logo":"https:\/\/d2q6z78khxmx42.cloudfront.net\/2017\/02\/01_Tour-des-Canadiens-2_1.6_HUMA_\u00a9Stephane-Brugger_01-1-124x100.jpg","logo-width":124,"logo-height":100,"masonry":"https:\/\/d2q6z78khxmx42.cloudfront.net\/2017\/02\/01_Tour-des-Canadiens-2_1.6_HUMA_\u00a9Stephane-Brugger_01-1-550x443.jpg","masonry-width":550,"masonry-height":443,"modal":"https:\/\/d2q6z78khxmx42.cloudfront.net\/2017\/02\/01_Tour-des-Canadiens-2_1.6_HUMA_\u00a9Stephane-Brugger_01-1.jpg","modal-width":1200,"modal-height":966,"number":"https:\/\/d2q6z78khxmx42.cloudfront.net\/2017\/02\/Fg0dy2YD-01_Tour-des-Canadiens-2_1.6_HUMA_\u00a9Stephane-Brugger_01-1-534x430.jpg","number-width":534,"number-height":430,"partner":"https:\/\/d2q6z78khxmx42.cloudfront.net\/2017\/02\/01_Tour-des-Canadiens-2_1.6_HUMA_\u00a9Stephane-Brugger_01-1-261x210.jpg","partner-width":261,"partner-height":210,"ranking":"https:\/\/d2q6z78khxmx42.cloudfront.net\/2017\/02\/Fg0dy2YD-01_Tour-des-Canadiens-2_1.6_HUMA_\u00a9Stephane-Brugger_01-1-960x540.jpg","ranking-width":960,"ranking-height":540,"schedule":"https:\/\/d2q6z78khxmx42.cloudfront.net\/2017\/02\/01_Tour-des-Canadiens-2_1.6_HUMA_\u00a9Stephane-Brugger_01-1-960x360.jpg","schedule-width":960,"schedule-height":360,"slideshow":"https:\/\/d2q6z78khxmx42.cloudfront.net\/2017\/02\/01_Tour-des-Canadiens-2_1.6_HUMA_\u00a9Stephane-Brugger_01-1-845x680.jpg","slideshow-width":845,"slideshow-height":680}},"attachment_category":[],"credit":""},{"image":{"ID":3903,"id":3903,"title":"02_Tour-des-Canadiens-2_1.6_HUMA_\u00a9Gus-Sarino_02.jpg","filename":"02_Tour-des-Canadiens-2_1.6_HUMA_\u00a9Gus-Sarino_02.jpg","filesize":0,"url":"https:\/\/d2q6z78khxmx42.cloudfront.net\/2017\/02\/02_Tour-des-Canadiens-2_1.6_HUMA_\u00a9Gus-Sarino_02.jpg","link":"https:\/\/int.design\/fr\/02_tour-des-canadiens-2_1-6_huma_gus-sarino_02-jpg\/","alt":"","author":"0","description":"","caption":"","name":"02_tour-des-canadiens-2_1-6_huma_gus-sarino_02-jpg","status":"inherit","uploaded_to":0,"date":"2020-04-06 03:56:48","modified":"2020-04-06 03:56:48","menu_order":0,"mime_type":"image\/jpeg","type":"image","subtype":"jpeg","icon":"https:\/\/int.design\/wp-includes\/images\/media\/default.png","width":1655,"height":936,"sizes":{"thumbnail":"https:\/\/d2q6z78khxmx42.cloudfront.net\/2017\/02\/02_Tour-des-Canadiens-2_1.6_HUMA_\u00a9Gus-Sarino_02-150x150.jpg","thumbnail-width":150,"thumbnail-height":150,"medium":"https:\/\/d2q6z78khxmx42.cloudfront.net\/2017\/02\/02_Tour-des-Canadiens-2_1.6_HUMA_\u00a9Gus-Sarino_02-300x170.jpg","medium-width":300,"medium-height":170,"medium_large":"https:\/\/d2q6z78khxmx42.cloudfront.net\/2017\/02\/02_Tour-des-Canadiens-2_1.6_HUMA_\u00a9Gus-Sarino_02-768x434.jpg","medium_large-width":768,"medium_large-height":434,"large":"https:\/\/d2q6z78khxmx42.cloudfront.net\/2017\/02\/02_Tour-des-Canadiens-2_1.6_HUMA_\u00a9Gus-Sarino_02-1024x579.jpg","large-width":1024,"large-height":579,"1536x1536":"https:\/\/d2q6z78khxmx42.cloudfront.net\/2017\/02\/02_Tour-des-Canadiens-2_1.6_HUMA_\u00a9Gus-Sarino_02-1536x869.jpg","1536x1536-width":1536,"1536x1536-height":869,"2048x2048":"https:\/\/d2q6z78khxmx42.cloudfront.net\/2017\/02\/02_Tour-des-Canadiens-2_1.6_HUMA_\u00a9Gus-Sarino_02.jpg","2048x2048-width":1655,"2048x2048-height":936,"article":"https:\/\/d2q6z78khxmx42.cloudfront.net\/2017\/02\/02_Tour-des-Canadiens-2_1.6_HUMA_\u00a9Gus-Sarino_02-960x540.jpg","article-width":960,"article-height":540,"banner":"https:\/\/d2q6z78khxmx42.cloudfront.net\/2017\/02\/02_Tour-des-Canadiens-2_1.6_HUMA_\u00a9Gus-Sarino_02.jpg","banner-width":1655,"banner-height":936,"block":"https:\/\/d2q6z78khxmx42.cloudfront.net\/2017\/02\/02_Tour-des-Canadiens-2_1.6_HUMA_\u00a9Gus-Sarino_02-900x680.jpg","block-width":900,"block-height":680,"card":"https:\/\/d2q6z78khxmx42.cloudfront.net\/2017\/02\/02_Tour-des-Canadiens-2_1.6_HUMA_\u00a9Gus-Sarino_02-560x495.jpg","card-width":560,"card-height":495,"card-thumbnail":"https:\/\/d2q6z78khxmx42.cloudfront.net\/2017\/02\/02_Tour-des-Canadiens-2_1.6_HUMA_\u00a9Gus-Sarino_02-450x340.jpg","card-thumbnail-width":450,"card-thumbnail-height":340,"conference":"https:\/\/d2q6z78khxmx42.cloudfront.net\/2017\/02\/02_Tour-des-Canadiens-2_1.6_HUMA_\u00a9Gus-Sarino_02-560x250.jpg","conference-width":560,"conference-height":250,"contest":"https:\/\/d2q6z78khxmx42.cloudfront.net\/2017\/02\/02_Tour-des-Canadiens-2_1.6_HUMA_\u00a9Gus-Sarino_02-960x400.jpg","contest-width":960,"contest-height":400,"cta":"https:\/\/d2q6z78khxmx42.cloudfront.net\/2017\/02\/02_Tour-des-Canadiens-2_1.6_HUMA_\u00a9Gus-Sarino_02-415x170.jpg","cta-width":415,"cta-height":170,"exhibitor":"https:\/\/d2q6z78khxmx42.cloudfront.net\/2017\/02\/02_Tour-des-Canadiens-2_1.6_HUMA_\u00a9Gus-Sarino_02-560x560.jpg","exhibitor-width":560,"exhibitor-height":560,"gallery":"https:\/\/d2q6z78khxmx42.cloudfront.net\/2017\/02\/02_Tour-des-Canadiens-2_1.6_HUMA_\u00a9Gus-Sarino_02-560x317.jpg","gallery-width":560,"gallery-height":317,"logo":"https:\/\/d2q6z78khxmx42.cloudfront.net\/2017\/02\/02_Tour-des-Canadiens-2_1.6_HUMA_\u00a9Gus-Sarino_02-177x100.jpg","logo-width":177,"logo-height":100,"masonry":"https:\/\/d2q6z78khxmx42.cloudfront.net\/2017\/02\/02_Tour-des-Canadiens-2_1.6_HUMA_\u00a9Gus-Sarino_02-550x311.jpg","masonry-width":550,"masonry-height":311,"modal":"https:\/\/d2q6z78khxmx42.cloudfront.net\/2017\/02\/02_Tour-des-Canadiens-2_1.6_HUMA_\u00a9Gus-Sarino_02.jpg","modal-width":1655,"modal-height":936,"number":"https:\/\/d2q6z78khxmx42.cloudfront.net\/2017\/02\/7QXGe8aU-02_Tour-des-Canadiens-2_1.6_HUMA_\u00a9Gus-Sarino_02-560x317.jpg","number-width":560,"number-height":317,"partner":"https:\/\/d2q6z78khxmx42.cloudfront.net\/2017\/02\/02_Tour-des-Canadiens-2_1.6_HUMA_\u00a9Gus-Sarino_02-275x156.jpg","partner-width":275,"partner-height":156,"ranking":"https:\/\/d2q6z78khxmx42.cloudfront.net\/2017\/02\/7QXGe8aU-02_Tour-des-Canadiens-2_1.6_HUMA_\u00a9Gus-Sarino_02-960x540.jpg","ranking-width":960,"ranking-height":540,"schedule":"https:\/\/d2q6z78khxmx42.cloudfront.net\/2017\/02\/02_Tour-des-Canadiens-2_1.6_HUMA_\u00a9Gus-Sarino_02-960x360.jpg","schedule-width":960,"schedule-height":360,"slideshow":"https:\/\/d2q6z78khxmx42.cloudfront.net\/2017\/02\/02_Tour-des-Canadiens-2_1.6_HUMA_\u00a9Gus-Sarino_02-1202x680.jpg","slideshow-width":1202,"slideshow-height":680}},"attachment_category":[],"credit":""},{"image":{"ID":3904,"id":3904,"title":"03_Tour-des-Canadiens-2_1.6_HUMA_\u00a9Gus-Sarino_03.jpg","filename":"03_Tour-des-Canadiens-2_1.6_HUMA_\u00a9Gus-Sarino_03.jpg","filesize":0,"url":"https:\/\/d2q6z78khxmx42.cloudfront.net\/2017\/02\/03_Tour-des-Canadiens-2_1.6_HUMA_\u00a9Gus-Sarino_03.jpg","link":"https:\/\/int.design\/fr\/03_tour-des-canadiens-2_1-6_huma_gus-sarino_03-jpg\/","alt":"","author":"0","description":"","caption":"","name":"03_tour-des-canadiens-2_1-6_huma_gus-sarino_03-jpg","status":"inherit","uploaded_to":0,"date":"2020-04-06 03:56:49","modified":"2020-04-06 03:56:49","menu_order":0,"mime_type":"image\/jpeg","type":"image","subtype":"jpeg","icon":"https:\/\/int.design\/wp-includes\/images\/media\/default.png","width":1153,"height":1390,"sizes":{"thumbnail":"https:\/\/d2q6z78khxmx42.cloudfront.net\/2017\/02\/03_Tour-des-Canadiens-2_1.6_HUMA_\u00a9Gus-Sarino_03-150x150.jpg","thumbnail-width":150,"thumbnail-height":150,"medium":"https:\/\/d2q6z78khxmx42.cloudfront.net\/2017\/02\/03_Tour-des-Canadiens-2_1.6_HUMA_\u00a9Gus-Sarino_03-249x300.jpg","medium-width":249,"medium-height":300,"medium_large":"https:\/\/d2q6z78khxmx42.cloudfront.net\/2017\/02\/03_Tour-des-Canadiens-2_1.6_HUMA_\u00a9Gus-Sarino_03-768x926.jpg","medium_large-width":768,"medium_large-height":926,"large":"https:\/\/d2q6z78khxmx42.cloudfront.net\/2017\/02\/03_Tour-des-Canadiens-2_1.6_HUMA_\u00a9Gus-Sarino_03-849x1024.jpg","large-width":849,"large-height":1024,"1536x1536":"https:\/\/d2q6z78khxmx42.cloudfront.net\/2017\/02\/03_Tour-des-Canadiens-2_1.6_HUMA_\u00a9Gus-Sarino_03.jpg","1536x1536-width":1153,"1536x1536-height":1390,"2048x2048":"https:\/\/d2q6z78khxmx42.cloudfront.net\/2017\/02\/03_Tour-des-Canadiens-2_1.6_HUMA_\u00a9Gus-Sarino_03.jpg","2048x2048-width":1153,"2048x2048-height":1390,"article":"https:\/\/d2q6z78khxmx42.cloudfront.net\/2017\/02\/03_Tour-des-Canadiens-2_1.6_HUMA_\u00a9Gus-Sarino_03-960x540.jpg","article-width":960,"article-height":540,"banner":"https:\/\/d2q6z78khxmx42.cloudfront.net\/2017\/02\/03_Tour-des-Canadiens-2_1.6_HUMA_\u00a9Gus-Sarino_03.jpg","banner-width":1153,"banner-height":1390,"block":"https:\/\/d2q6z78khxmx42.cloudfront.net\/2017\/02\/03_Tour-des-Canadiens-2_1.6_HUMA_\u00a9Gus-Sarino_03-900x680.jpg","block-width":900,"block-height":680,"card":"https:\/\/d2q6z78khxmx42.cloudfront.net\/2017\/02\/03_Tour-des-Canadiens-2_1.6_HUMA_\u00a9Gus-Sarino_03-560x495.jpg","card-width":560,"card-height":495,"card-thumbnail":"https:\/\/d2q6z78khxmx42.cloudfront.net\/2017\/02\/03_Tour-des-Canadiens-2_1.6_HUMA_\u00a9Gus-Sarino_03-450x340.jpg","card-thumbnail-width":450,"card-thumbnail-height":340,"conference":"https:\/\/d2q6z78khxmx42.cloudfront.net\/2017\/02\/03_Tour-des-Canadiens-2_1.6_HUMA_\u00a9Gus-Sarino_03-560x250.jpg","conference-width":560,"conference-height":250,"contest":"https:\/\/d2q6z78khxmx42.cloudfront.net\/2017\/02\/03_Tour-des-Canadiens-2_1.6_HUMA_\u00a9Gus-Sarino_03-960x400.jpg","contest-width":960,"contest-height":400,"cta":"https:\/\/d2q6z78khxmx42.cloudfront.net\/2017\/02\/03_Tour-des-Canadiens-2_1.6_HUMA_\u00a9Gus-Sarino_03-415x170.jpg","cta-width":415,"cta-height":170,"exhibitor":"https:\/\/d2q6z78khxmx42.cloudfront.net\/2017\/02\/03_Tour-des-Canadiens-2_1.6_HUMA_\u00a9Gus-Sarino_03-560x560.jpg","exhibitor-width":560,"exhibitor-height":560,"gallery":"https:\/\/d2q6z78khxmx42.cloudfront.net\/2017\/02\/03_Tour-des-Canadiens-2_1.6_HUMA_\u00a9Gus-Sarino_03-357x430.jpg","gallery-width":357,"gallery-height":430,"logo":"https:\/\/d2q6z78khxmx42.cloudfront.net\/2017\/02\/03_Tour-des-Canadiens-2_1.6_HUMA_\u00a9Gus-Sarino_03-83x100.jpg","logo-width":83,"logo-height":100,"masonry":"https:\/\/d2q6z78khxmx42.cloudfront.net\/2017\/02\/03_Tour-des-Canadiens-2_1.6_HUMA_\u00a9Gus-Sarino_03-550x663.jpg","masonry-width":550,"masonry-height":663,"modal":"https:\/\/d2q6z78khxmx42.cloudfront.net\/2017\/02\/03_Tour-des-Canadiens-2_1.6_HUMA_\u00a9Gus-Sarino_03.jpg","modal-width":1153,"modal-height":1390,"number":"https:\/\/d2q6z78khxmx42.cloudfront.net\/2017\/02\/nDtVwiAn-03_Tour-des-Canadiens-2_1.6_HUMA_\u00a9Gus-Sarino_03-357x430.jpg","number-width":357,"number-height":430,"partner":"https:\/\/d2q6z78khxmx42.cloudfront.net\/2017\/02\/03_Tour-des-Canadiens-2_1.6_HUMA_\u00a9Gus-Sarino_03-174x210.jpg","partner-width":174,"partner-height":210,"ranking":"https:\/\/d2q6z78khxmx42.cloudfront.net\/2017\/02\/nDtVwiAn-03_Tour-des-Canadiens-2_1.6_HUMA_\u00a9Gus-Sarino_03-960x540.jpg","ranking-width":960,"ranking-height":540,"schedule":"https:\/\/d2q6z78khxmx42.cloudfront.net\/2017\/02\/03_Tour-des-Canadiens-2_1.6_HUMA_\u00a9Gus-Sarino_03-960x360.jpg","schedule-width":960,"schedule-height":360,"slideshow":"https:\/\/d2q6z78khxmx42.cloudfront.net\/2017\/02\/03_Tour-des-Canadiens-2_1.6_HUMA_\u00a9Gus-Sarino_03-564x680.jpg","slideshow-width":564,"slideshow-height":680}},"attachment_category":[],"credit":""},{"image":{"ID":3905,"id":3905,"title":"04_Tour-des-Canadiens-2_1.6_HUMA_\u00a9Stephane-Brugger_04.jpg","filename":"04_Tour-des-Canadiens-2_1.6_HUMA_\u00a9Stephane-Brugger_04.jpg","filesize":0,"url":"https:\/\/d2q6z78khxmx42.cloudfront.net\/2017\/02\/04_Tour-des-Canadiens-2_1.6_HUMA_\u00a9Stephane-Brugger_04.jpg","link":"https:\/\/int.design\/fr\/04_tour-des-canadiens-2_1-6_huma_stephane-brugger_04-jpg\/","alt":"","author":"0","description":"","caption":"","name":"04_tour-des-canadiens-2_1-6_huma_stephane-brugger_04-jpg","status":"inherit","uploaded_to":0,"date":"2020-04-06 03:56:50","modified":"2020-04-06 03:56:50","menu_order":0,"mime_type":"image\/jpeg","type":"image","subtype":"jpeg","icon":"https:\/\/int.design\/wp-includes\/images\/media\/default.png","width":900,"height":1349,"sizes":{"thumbnail":"https:\/\/d2q6z78khxmx42.cloudfront.net\/2017\/02\/04_Tour-des-Canadiens-2_1.6_HUMA_\u00a9Stephane-Brugger_04-150x150.jpg","thumbnail-width":150,"thumbnail-height":150,"medium":"https:\/\/d2q6z78khxmx42.cloudfront.net\/2017\/02\/04_Tour-des-Canadiens-2_1.6_HUMA_\u00a9Stephane-Brugger_04-200x300.jpg","medium-width":200,"medium-height":300,"medium_large":"https:\/\/d2q6z78khxmx42.cloudfront.net\/2017\/02\/04_Tour-des-Canadiens-2_1.6_HUMA_\u00a9Stephane-Brugger_04-768x1151.jpg","medium_large-width":768,"medium_large-height":1151,"large":"https:\/\/d2q6z78khxmx42.cloudfront.net\/2017\/02\/04_Tour-des-Canadiens-2_1.6_HUMA_\u00a9Stephane-Brugger_04-683x1024.jpg","large-width":683,"large-height":1024,"1536x1536":"https:\/\/d2q6z78khxmx42.cloudfront.net\/2017\/02\/04_Tour-des-Canadiens-2_1.6_HUMA_\u00a9Stephane-Brugger_04.jpg","1536x1536-width":900,"1536x1536-height":1349,"2048x2048":"https:\/\/d2q6z78khxmx42.cloudfront.net\/2017\/02\/04_Tour-des-Canadiens-2_1.6_HUMA_\u00a9Stephane-Brugger_04.jpg","2048x2048-width":900,"2048x2048-height":1349,"article":"https:\/\/d2q6z78khxmx42.cloudfront.net\/2017\/02\/04_Tour-des-Canadiens-2_1.6_HUMA_\u00a9Stephane-Brugger_04-900x540.jpg","article-width":900,"article-height":540,"banner":"https:\/\/d2q6z78khxmx42.cloudfront.net\/2017\/02\/04_Tour-des-Canadiens-2_1.6_HUMA_\u00a9Stephane-Brugger_04.jpg","banner-width":900,"banner-height":1349,"block":"https:\/\/d2q6z78khxmx42.cloudfront.net\/2017\/02\/04_Tour-des-Canadiens-2_1.6_HUMA_\u00a9Stephane-Brugger_04-900x680.jpg","block-width":900,"block-height":680,"card":"https:\/\/d2q6z78khxmx42.cloudfront.net\/2017\/02\/04_Tour-des-Canadiens-2_1.6_HUMA_\u00a9Stephane-Brugger_04-560x495.jpg","card-width":560,"card-height":495,"card-thumbnail":"https:\/\/d2q6z78khxmx42.cloudfront.net\/2017\/02\/04_Tour-des-Canadiens-2_1.6_HUMA_\u00a9Stephane-Brugger_04-450x340.jpg","card-thumbnail-width":450,"card-thumbnail-height":340,"conference":"https:\/\/d2q6z78khxmx42.cloudfront.net\/2017\/02\/04_Tour-des-Canadiens-2_1.6_HUMA_\u00a9Stephane-Brugger_04-560x250.jpg","conference-width":560,"conference-height":250,"contest":"https:\/\/d2q6z78khxmx42.cloudfront.net\/2017\/02\/04_Tour-des-Canadiens-2_1.6_HUMA_\u00a9Stephane-Brugger_04-900x400.jpg","contest-width":900,"contest-height":400,"cta":"https:\/\/d2q6z78khxmx42.cloudfront.net\/2017\/02\/04_Tour-des-Canadiens-2_1.6_HUMA_\u00a9Stephane-Brugger_04-415x170.jpg","cta-width":415,"cta-height":170,"exhibitor":"https:\/\/d2q6z78khxmx42.cloudfront.net\/2017\/02\/04_Tour-des-Canadiens-2_1.6_HUMA_\u00a9Stephane-Brugger_04-560x560.jpg","exhibitor-width":560,"exhibitor-height":560,"gallery":"https:\/\/d2q6z78khxmx42.cloudfront.net\/2017\/02\/04_Tour-des-Canadiens-2_1.6_HUMA_\u00a9Stephane-Brugger_04-287x430.jpg","gallery-width":287,"gallery-height":430,"logo":"https:\/\/d2q6z78khxmx42.cloudfront.net\/2017\/02\/04_Tour-des-Canadiens-2_1.6_HUMA_\u00a9Stephane-Brugger_04-67x100.jpg","logo-width":67,"logo-height":100,"masonry":"https:\/\/d2q6z78khxmx42.cloudfront.net\/2017\/02\/04_Tour-des-Canadiens-2_1.6_HUMA_\u00a9Stephane-Brugger_04-550x824.jpg","masonry-width":550,"masonry-height":824,"modal":"https:\/\/d2q6z78khxmx42.cloudfront.net\/2017\/02\/04_Tour-des-Canadiens-2_1.6_HUMA_\u00a9Stephane-Brugger_04.jpg","modal-width":900,"modal-height":1349,"number":"https:\/\/d2q6z78khxmx42.cloudfront.net\/2017\/02\/83t8aht6-04_Tour-des-Canadiens-2_1.6_HUMA_\u00a9Stephane-Brugger_04-287x430.jpg","number-width":287,"number-height":430,"partner":"https:\/\/d2q6z78khxmx42.cloudfront.net\/2017\/02\/04_Tour-des-Canadiens-2_1.6_HUMA_\u00a9Stephane-Brugger_04-140x210.jpg","partner-width":140,"partner-height":210,"ranking":"https:\/\/d2q6z78khxmx42.cloudfront.net\/2017\/02\/83t8aht6-04_Tour-des-Canadiens-2_1.6_HUMA_\u00a9Stephane-Brugger_04-900x540.jpg","ranking-width":900,"ranking-height":540,"schedule":"https:\/\/d2q6z78khxmx42.cloudfront.net\/2017\/02\/04_Tour-des-Canadiens-2_1.6_HUMA_\u00a9Stephane-Brugger_04-900x360.jpg","schedule-width":900,"schedule-height":360,"slideshow":"https:\/\/d2q6z78khxmx42.cloudfront.net\/2017\/02\/04_Tour-des-Canadiens-2_1.6_HUMA_\u00a9Stephane-Brugger_04-454x680.jpg","slideshow-width":454,"slideshow-height":680}},"attachment_category":[],"credit":""},{"image":{"ID":3906,"id":3906,"title":"05_Tour-des-Canadiens-2_1.6_HUMA_\u00a9Stephane-Brugger_05.jpg","filename":"05_Tour-des-Canadiens-2_1.6_HUMA_\u00a9Stephane-Brugger_05.jpg","filesize":0,"url":"https:\/\/d2q6z78khxmx42.cloudfront.net\/2017\/02\/05_Tour-des-Canadiens-2_1.6_HUMA_\u00a9Stephane-Brugger_05.jpg","link":"https:\/\/int.design\/fr\/05_tour-des-canadiens-2_1-6_huma_stephane-brugger_05-jpg\/","alt":"","author":"0","description":"","caption":"","name":"05_tour-des-canadiens-2_1-6_huma_stephane-brugger_05-jpg","status":"inherit","uploaded_to":0,"date":"2020-04-06 03:56:51","modified":"2020-04-06 03:56:51","menu_order":0,"mime_type":"image\/jpeg","type":"image","subtype":"jpeg","icon":"https:\/\/int.design\/wp-includes\/images\/media\/default.png","width":1373,"height":900,"sizes":{"thumbnail":"https:\/\/d2q6z78khxmx42.cloudfront.net\/2017\/02\/05_Tour-des-Canadiens-2_1.6_HUMA_\u00a9Stephane-Brugger_05-150x150.jpg","thumbnail-width":150,"thumbnail-height":150,"medium":"https:\/\/d2q6z78khxmx42.cloudfront.net\/2017\/02\/05_Tour-des-Canadiens-2_1.6_HUMA_\u00a9Stephane-Brugger_05-300x197.jpg","medium-width":300,"medium-height":197,"medium_large":"https:\/\/d2q6z78khxmx42.cloudfront.net\/2017\/02\/05_Tour-des-Canadiens-2_1.6_HUMA_\u00a9Stephane-Brugger_05-768x503.jpg","medium_large-width":768,"medium_large-height":503,"large":"https:\/\/d2q6z78khxmx42.cloudfront.net\/2017\/02\/05_Tour-des-Canadiens-2_1.6_HUMA_\u00a9Stephane-Brugger_05-1024x671.jpg","large-width":1024,"large-height":671,"1536x1536":"https:\/\/d2q6z78khxmx42.cloudfront.net\/2017\/02\/05_Tour-des-Canadiens-2_1.6_HUMA_\u00a9Stephane-Brugger_05.jpg","1536x1536-width":1373,"1536x1536-height":900,"2048x2048":"https:\/\/d2q6z78khxmx42.cloudfront.net\/2017\/02\/05_Tour-des-Canadiens-2_1.6_HUMA_\u00a9Stephane-Brugger_05.jpg","2048x2048-width":1373,"2048x2048-height":900,"article":"https:\/\/d2q6z78khxmx42.cloudfront.net\/2017\/02\/05_Tour-des-Canadiens-2_1.6_HUMA_\u00a9Stephane-Brugger_05-960x540.jpg","article-width":960,"article-height":540,"banner":"https:\/\/d2q6z78khxmx42.cloudfront.net\/2017\/02\/05_Tour-des-Canadiens-2_1.6_HUMA_\u00a9Stephane-Brugger_05.jpg","banner-width":1373,"banner-height":900,"block":"https:\/\/d2q6z78khxmx42.cloudfront.net\/2017\/02\/05_Tour-des-Canadiens-2_1.6_HUMA_\u00a9Stephane-Brugger_05-900x680.jpg","block-width":900,"block-height":680,"card":"https:\/\/d2q6z78khxmx42.cloudfront.net\/2017\/02\/05_Tour-des-Canadiens-2_1.6_HUMA_\u00a9Stephane-Brugger_05-560x495.jpg","card-width":560,"card-height":495,"card-thumbnail":"https:\/\/d2q6z78khxmx42.cloudfront.net\/2017\/02\/05_Tour-des-Canadiens-2_1.6_HUMA_\u00a9Stephane-Brugger_05-450x340.jpg","card-thumbnail-width":450,"card-thumbnail-height":340,"conference":"https:\/\/d2q6z78khxmx42.cloudfront.net\/2017\/02\/05_Tour-des-Canadiens-2_1.6_HUMA_\u00a9Stephane-Brugger_05-560x250.jpg","conference-width":560,"conference-height":250,"contest":"https:\/\/d2q6z78khxmx42.cloudfront.net\/2017\/02\/05_Tour-des-Canadiens-2_1.6_HUMA_\u00a9Stephane-Brugger_05-960x400.jpg","contest-width":960,"contest-height":400,"cta":"https:\/\/d2q6z78khxmx42.cloudfront.net\/2017\/02\/05_Tour-des-Canadiens-2_1.6_HUMA_\u00a9Stephane-Brugger_05-415x170.jpg","cta-width":415,"cta-height":170,"exhibitor":"https:\/\/d2q6z78khxmx42.cloudfront.net\/2017\/02\/05_Tour-des-Canadiens-2_1.6_HUMA_\u00a9Stephane-Brugger_05-560x560.jpg","exhibitor-width":560,"exhibitor-height":560,"gallery":"https:\/\/d2q6z78khxmx42.cloudfront.net\/2017\/02\/05_Tour-des-Canadiens-2_1.6_HUMA_\u00a9Stephane-Brugger_05-560x367.jpg","gallery-width":560,"gallery-height":367,"logo":"https:\/\/d2q6z78khxmx42.cloudfront.net\/2017\/02\/05_Tour-des-Canadiens-2_1.6_HUMA_\u00a9Stephane-Brugger_05-153x100.jpg","logo-width":153,"logo-height":100,"masonry":"https:\/\/d2q6z78khxmx42.cloudfront.net\/2017\/02\/05_Tour-des-Canadiens-2_1.6_HUMA_\u00a9Stephane-Brugger_05-550x361.jpg","masonry-width":550,"masonry-height":361,"modal":"https:\/\/d2q6z78khxmx42.cloudfront.net\/2017\/02\/05_Tour-des-Canadiens-2_1.6_HUMA_\u00a9Stephane-Brugger_05.jpg","modal-width":1373,"modal-height":900,"number":"https:\/\/d2q6z78khxmx42.cloudfront.net\/2017\/02\/suNzp5HQ-05_Tour-des-Canadiens-2_1.6_HUMA_\u00a9Stephane-Brugger_05-560x367.jpg","number-width":560,"number-height":367,"partner":"https:\/\/d2q6z78khxmx42.cloudfront.net\/2017\/02\/05_Tour-des-Canadiens-2_1.6_HUMA_\u00a9Stephane-Brugger_05-275x180.jpg","partner-width":275,"partner-height":180,"ranking":"https:\/\/d2q6z78khxmx42.cloudfront.net\/2017\/02\/suNzp5HQ-05_Tour-des-Canadiens-2_1.6_HUMA_\u00a9Stephane-Brugger_05-960x540.jpg","ranking-width":960,"ranking-height":540,"schedule":"https:\/\/d2q6z78khxmx42.cloudfront.net\/2017\/02\/05_Tour-des-Canadiens-2_1.6_HUMA_\u00a9Stephane-Brugger_05-960x360.jpg","schedule-width":960,"schedule-height":360,"slideshow":"https:\/\/d2q6z78khxmx42.cloudfront.net\/2017\/02\/05_Tour-des-Canadiens-2_1.6_HUMA_\u00a9Stephane-Brugger_05-1037x680.jpg","slideshow-width":1037,"slideshow-height":680}},"attachment_category":[],"credit":""}],"status":"completed"},"laureats":[],"contest_id":"1782","contest_title":"GRANDS PRIX DU DESIGN - 10e \u00e9dition","firms":[],"user":{"email":"old_edition@agencepid.com","first_name":"Old Edition","last_name":"Participant"},"doc_texts_web":{"fr":"<p>C\u2019est notamment le condo t\u00e9moin du bureau de vente qui a retenu l\u2019attention du jury. Le choix de faire de la cuisine l\u2019\u00e9l\u00e9ment central de l\u2019appartement et de l\u2019int\u00e9grer \u00e0 la salle \u00e0 manger donne une illusion de grandeur consid\u00e9rable pour ce petit espace. La s\u00e9lection rigoureuse et harmonieuse des mat\u00e9riaux ainsi que la modulation du traitement des niches agr\u00e9mentent cette r\u00e9alisation empreinte d\u2019une sobri\u00e9t\u00e9 au chic intemporel.<\/p>\n","en":"<p>C\u2019est notamment le condo t\u00e9moin du bureau de vente qui a retenu l\u2019attention du jury. Le choix de faire de la cuisine l\u2019\u00e9l\u00e9ment central de l\u2019appartement et de l\u2019int\u00e9grer \u00e0 la salle \u00e0 manger donne une illusion de grandeur consid\u00e9rable pour ce petit espace. La s\u00e9lection rigoureuse et harmonieuse des mat\u00e9riaux ainsi que la modulation du traitement des niches agr\u00e9mentent cette r\u00e9alisation empreinte d\u2019une sobri\u00e9t\u00e9 au chic intemporel.<\/p>\n"},"permalinks":{"fr":"https:\/\/int.design\/fr\/projets\/residence-rockland-2\/","en":"https:\/\/int.design\/en\/projects\/residence-rockland-2\/"},"titles":{"fr":"Tour des Canadiens 2","en":"Tour des Canadiens 2"},"wp_fields":{"informations":{"fr":[{"content_type":"text","title":"Design","content":"HUM\u00c0 design + architecture","link":null},{"content_type":"text","title":"Cat\u00e9gorie","content":"prix appartement ou maison t\u00e9moin et bureau de vente","link":null},{"content_type":"text","title":"Site web","content":"www.humadesign.com","link":null}],"en":[{"content_type":"text","title":"Design","content":"HUM\u00c0 design + architecture","link":null},{"content_type":"text","title":"Cat\u00e9gorie","content":"prix appartement ou maison t\u00e9moin et bureau de vente","link":null},{"content_type":"text","title":"Site web","content":"www.humadesign.com","link":null}]}},"laravel_id":""},"_links":{"self":[{"href":"https:\/\/int.design\/fr\/wp-json\/wp\/v2\/project\/3900","targetHints":{"allow":["GET"]}}],"collection":[{"href":"https:\/\/int.design\/fr\/wp-json\/wp\/v2\/project"}],"about":[{"href":"https:\/\/int.design\/fr\/wp-json\/wp\/v2\/types\/project"}],"wp:attachment":[{"href":"https:\/\/int.design\/fr\/wp-json\/wp\/v2\/media?parent=3900"}],"curies":[{"name":"wp","href":"https:\/\/api.w.org\/{rel}","templated":true}]}}