{"id":3876,"date":"2017-02-20T15:05:10","date_gmt":"2017-02-20T20:05:10","guid":{"rendered":"https:\/\/int.design\/projets\/maison-notre-dame-de-grace\/"},"modified":"2020-04-05T23:56:35","modified_gmt":"2020-04-06T03:56:35","slug":"maison-notre-dame-de-grace","status":"publish","type":"project","link":"https:\/\/int.design\/fr\/projets\/maison-notre-dame-de-grace\/","title":{"rendered":"Maison Notre-Dame-de-Gr\u00e2ce"},"content":{"rendered":"<p>L&rsquo;esth\u00e9tisme monochrome marque la transformation de cette r\u00e9sidence des ann\u00e9es 30 situ\u00e9e dans le Village Monkland \u00e0 Montr\u00e9al. Bien que majeure, la r\u00e9novation met en valeur de nombreux \u00e9l\u00e9ments d&rsquo;origine. L&rsquo;escalier est sans conteste l&rsquo;\u00e9l\u00e9ment vedette de cette r\u00e9alisation. Ses marches ajour\u00e9es en acier semblant flotter dans l&rsquo;espace sont solidement accroch\u00e9es au garde-corps d&rsquo;\u00e9poque en bois travaill\u00e9. Domin\u00e9 par le contraste du noir et du blanc, ce classique contemporain s\u2019harmonise dans un raffinement et un style qui perdurera dans le temps.<\/p>\n","protected":false},"template":"","class_list":["post-3876","project","type-project","status-publish","hentry"],"acf":[],"yoast_head":"<!-- This site is optimized with the Yoast SEO plugin v21.5 - https:\/\/yoast.com\/wordpress\/plugins\/seo\/ -->\n<title>Maison Notre-Dame-de-Gr\u00e2ce - INT Design<\/title>\n<meta name=\"robots\" content=\"index, follow, max-snippet:-1, max-image-preview:large, max-video-preview:-1\" \/>\n<link rel=\"canonical\" href=\"https:\/\/int.design\/fr\/projets\/maison-notre-dame-de-grace\/\" \/>\n<meta property=\"og:locale\" content=\"fr_FR\" \/>\n<meta property=\"og:type\" content=\"article\" \/>\n<meta property=\"og:title\" content=\"Maison Notre-Dame-de-Gr\u00e2ce - INT Design\" \/>\n<meta property=\"og:description\" content=\"L&rsquo;esth\u00e9tisme monochrome marque la transformation de cette r\u00e9sidence des ann\u00e9es 30 situ\u00e9e dans le Village Monkland \u00e0 Montr\u00e9al. Bien que majeure, la r\u00e9novation met en valeur de nombreux \u00e9l\u00e9ments d&rsquo;origine. L&rsquo;escalier est sans conteste l&rsquo;\u00e9l\u00e9ment vedette de cette r\u00e9alisation. Ses marches ajour\u00e9es en acier semblant flotter dans l&rsquo;espace sont solidement accroch\u00e9es au garde-corps d&rsquo;\u00e9poque en &hellip; Continued\" \/>\n<meta property=\"og:url\" content=\"https:\/\/int.design\/fr\/projets\/maison-notre-dame-de-grace\/\" \/>\n<meta property=\"og:site_name\" content=\"INT Design\" \/>\n<meta property=\"article:modified_time\" content=\"2020-04-06T03:56:35+00:00\" \/>\n<meta name=\"twitter:card\" content=\"summary_large_image\" \/>\n<script type=\"application\/ld+json\" class=\"yoast-schema-graph\">{\"@context\":\"https:\/\/schema.org\",\"@graph\":[{\"@type\":\"WebPage\",\"@id\":\"https:\/\/int.design\/fr\/projets\/maison-notre-dame-de-grace\/\",\"url\":\"https:\/\/int.design\/fr\/projets\/maison-notre-dame-de-grace\/\",\"name\":\"Maison Notre-Dame-de-Gr\u00e2ce - INT Design\",\"isPartOf\":{\"@id\":\"https:\/\/int.design\/fr\/#website\"},\"datePublished\":\"2017-02-20T20:05:10+00:00\",\"dateModified\":\"2020-04-06T03:56:35+00:00\",\"breadcrumb\":{\"@id\":\"https:\/\/int.design\/fr\/projets\/maison-notre-dame-de-grace\/#breadcrumb\"},\"inLanguage\":\"fr-FR\",\"potentialAction\":[{\"@type\":\"ReadAction\",\"target\":[\"https:\/\/int.design\/fr\/projets\/maison-notre-dame-de-grace\/\"]}]},{\"@type\":\"BreadcrumbList\",\"@id\":\"https:\/\/int.design\/fr\/projets\/maison-notre-dame-de-grace\/#breadcrumb\",\"itemListElement\":[{\"@type\":\"ListItem\",\"position\":1,\"name\":\"Home\",\"item\":\"https:\/\/int.design\/fr\/\"},{\"@type\":\"ListItem\",\"position\":2,\"name\":\"Projects\",\"item\":\"https:\/\/int.design\/en\/projects\/\"},{\"@type\":\"ListItem\",\"position\":3,\"name\":\"Maison Notre-Dame-de-Gr\u00e2ce\"}]},{\"@type\":\"WebSite\",\"@id\":\"https:\/\/int.design\/fr\/#website\",\"url\":\"https:\/\/int.design\/fr\/\",\"name\":\"INT Design\",\"description\":\"\",\"potentialAction\":[{\"@type\":\"SearchAction\",\"target\":{\"@type\":\"EntryPoint\",\"urlTemplate\":\"https:\/\/int.design\/fr\/?s={search_term_string}\"},\"query-input\":\"required name=search_term_string\"}],\"inLanguage\":\"fr-FR\"}]}<\/script>\n<!-- \/ Yoast SEO plugin. -->","yoast_head_json":{"title":"Maison Notre-Dame-de-Gr\u00e2ce - INT Design","robots":{"index":"index","follow":"follow","max-snippet":"max-snippet:-1","max-image-preview":"max-image-preview:large","max-video-preview":"max-video-preview:-1"},"canonical":"https:\/\/int.design\/fr\/projets\/maison-notre-dame-de-grace\/","og_locale":"fr_FR","og_type":"article","og_title":"Maison Notre-Dame-de-Gr\u00e2ce - INT Design","og_description":"L&rsquo;esth\u00e9tisme monochrome marque la transformation de cette r\u00e9sidence des ann\u00e9es 30 situ\u00e9e dans le Village Monkland \u00e0 Montr\u00e9al. Bien que majeure, la r\u00e9novation met en valeur de nombreux \u00e9l\u00e9ments d&rsquo;origine. L&rsquo;escalier est sans conteste l&rsquo;\u00e9l\u00e9ment vedette de cette r\u00e9alisation. Ses marches ajour\u00e9es en acier semblant flotter dans l&rsquo;espace sont solidement accroch\u00e9es au garde-corps d&rsquo;\u00e9poque en &hellip; Continued","og_url":"https:\/\/int.design\/fr\/projets\/maison-notre-dame-de-grace\/","og_site_name":"INT Design","article_modified_time":"2020-04-06T03:56:35+00:00","twitter_card":"summary_large_image","schema":{"@context":"https:\/\/schema.org","@graph":[{"@type":"WebPage","@id":"https:\/\/int.design\/fr\/projets\/maison-notre-dame-de-grace\/","url":"https:\/\/int.design\/fr\/projets\/maison-notre-dame-de-grace\/","name":"Maison Notre-Dame-de-Gr\u00e2ce - INT Design","isPartOf":{"@id":"https:\/\/int.design\/fr\/#website"},"datePublished":"2017-02-20T20:05:10+00:00","dateModified":"2020-04-06T03:56:35+00:00","breadcrumb":{"@id":"https:\/\/int.design\/fr\/projets\/maison-notre-dame-de-grace\/#breadcrumb"},"inLanguage":"fr-FR","potentialAction":[{"@type":"ReadAction","target":["https:\/\/int.design\/fr\/projets\/maison-notre-dame-de-grace\/"]}]},{"@type":"BreadcrumbList","@id":"https:\/\/int.design\/fr\/projets\/maison-notre-dame-de-grace\/#breadcrumb","itemListElement":[{"@type":"ListItem","position":1,"name":"Home","item":"https:\/\/int.design\/fr\/"},{"@type":"ListItem","position":2,"name":"Projects","item":"https:\/\/int.design\/en\/projects\/"},{"@type":"ListItem","position":3,"name":"Maison Notre-Dame-de-Gr\u00e2ce"}]},{"@type":"WebSite","@id":"https:\/\/int.design\/fr\/#website","url":"https:\/\/int.design\/fr\/","name":"INT Design","description":"","potentialAction":[{"@type":"SearchAction","target":{"@type":"EntryPoint","urlTemplate":"https:\/\/int.design\/fr\/?s={search_term_string}"},"query-input":"required name=search_term_string"}],"inLanguage":"fr-FR"}]}},"entry":{"cats":{"disciplines":[],"big_cats":[],"sub_cats":[]},"entry":{"images":[{"image":{"ID":3877,"id":3877,"title":"MaisonNotre-Dame-de-Grace_1.2_laSHEDarchitecture_MaximeBrouillet_01.jpg","filename":"MaisonNotre-Dame-de-Grace_1.2_laSHEDarchitecture_MaximeBrouillet_01.jpg","filesize":0,"url":"https:\/\/d2q6z78khxmx42.cloudfront.net\/2017\/02\/MaisonNotre-Dame-de-Grace_1.2_laSHEDarchitecture_MaximeBrouillet_01.jpg","link":"https:\/\/int.design\/fr\/maisonnotre-dame-de-grace_1-2_lashedarchitecture_maximebrouillet_01-jpg\/","alt":"","author":"0","description":"","caption":"","name":"maisonnotre-dame-de-grace_1-2_lashedarchitecture_maximebrouillet_01-jpg","status":"inherit","uploaded_to":0,"date":"2020-04-06 03:56:30","modified":"2020-04-06 03:56:30","menu_order":0,"mime_type":"image\/jpeg","type":"image","subtype":"jpeg","icon":"https:\/\/int.design\/wp-includes\/images\/media\/default.png","width":1685,"height":1123,"sizes":{"thumbnail":"https:\/\/d2q6z78khxmx42.cloudfront.net\/2017\/02\/MaisonNotre-Dame-de-Grace_1.2_laSHEDarchitecture_MaximeBrouillet_01-150x150.jpg","thumbnail-width":150,"thumbnail-height":150,"medium":"https:\/\/d2q6z78khxmx42.cloudfront.net\/2017\/02\/MaisonNotre-Dame-de-Grace_1.2_laSHEDarchitecture_MaximeBrouillet_01-300x200.jpg","medium-width":300,"medium-height":200,"medium_large":"https:\/\/d2q6z78khxmx42.cloudfront.net\/2017\/02\/MaisonNotre-Dame-de-Grace_1.2_laSHEDarchitecture_MaximeBrouillet_01-768x512.jpg","medium_large-width":768,"medium_large-height":512,"large":"https:\/\/d2q6z78khxmx42.cloudfront.net\/2017\/02\/MaisonNotre-Dame-de-Grace_1.2_laSHEDarchitecture_MaximeBrouillet_01-1024x682.jpg","large-width":1024,"large-height":682,"1536x1536":"https:\/\/d2q6z78khxmx42.cloudfront.net\/2017\/02\/MaisonNotre-Dame-de-Grace_1.2_laSHEDarchitecture_MaximeBrouillet_01-1536x1024.jpg","1536x1536-width":1536,"1536x1536-height":1024,"2048x2048":"https:\/\/d2q6z78khxmx42.cloudfront.net\/2017\/02\/MaisonNotre-Dame-de-Grace_1.2_laSHEDarchitecture_MaximeBrouillet_01.jpg","2048x2048-width":1685,"2048x2048-height":1123,"article":"https:\/\/d2q6z78khxmx42.cloudfront.net\/2017\/02\/MaisonNotre-Dame-de-Grace_1.2_laSHEDarchitecture_MaximeBrouillet_01-960x540.jpg","article-width":960,"article-height":540,"banner":"https:\/\/d2q6z78khxmx42.cloudfront.net\/2017\/02\/MaisonNotre-Dame-de-Grace_1.2_laSHEDarchitecture_MaximeBrouillet_01.jpg","banner-width":1685,"banner-height":1123,"block":"https:\/\/d2q6z78khxmx42.cloudfront.net\/2017\/02\/MaisonNotre-Dame-de-Grace_1.2_laSHEDarchitecture_MaximeBrouillet_01-900x680.jpg","block-width":900,"block-height":680,"card":"https:\/\/d2q6z78khxmx42.cloudfront.net\/2017\/02\/MaisonNotre-Dame-de-Grace_1.2_laSHEDarchitecture_MaximeBrouillet_01-560x495.jpg","card-width":560,"card-height":495,"card-thumbnail":"https:\/\/d2q6z78khxmx42.cloudfront.net\/2017\/02\/MaisonNotre-Dame-de-Grace_1.2_laSHEDarchitecture_MaximeBrouillet_01-450x340.jpg","card-thumbnail-width":450,"card-thumbnail-height":340,"conference":"https:\/\/d2q6z78khxmx42.cloudfront.net\/2017\/02\/MaisonNotre-Dame-de-Grace_1.2_laSHEDarchitecture_MaximeBrouillet_01-560x250.jpg","conference-width":560,"conference-height":250,"contest":"https:\/\/d2q6z78khxmx42.cloudfront.net\/2017\/02\/MaisonNotre-Dame-de-Grace_1.2_laSHEDarchitecture_MaximeBrouillet_01-960x400.jpg","contest-width":960,"contest-height":400,"cta":"https:\/\/d2q6z78khxmx42.cloudfront.net\/2017\/02\/MaisonNotre-Dame-de-Grace_1.2_laSHEDarchitecture_MaximeBrouillet_01-415x170.jpg","cta-width":415,"cta-height":170,"exhibitor":"https:\/\/d2q6z78khxmx42.cloudfront.net\/2017\/02\/MaisonNotre-Dame-de-Grace_1.2_laSHEDarchitecture_MaximeBrouillet_01-560x560.jpg","exhibitor-width":560,"exhibitor-height":560,"gallery":"https:\/\/d2q6z78khxmx42.cloudfront.net\/2017\/02\/MaisonNotre-Dame-de-Grace_1.2_laSHEDarchitecture_MaximeBrouillet_01-560x373.jpg","gallery-width":560,"gallery-height":373,"logo":"https:\/\/d2q6z78khxmx42.cloudfront.net\/2017\/02\/MaisonNotre-Dame-de-Grace_1.2_laSHEDarchitecture_MaximeBrouillet_01-150x100.jpg","logo-width":150,"logo-height":100,"masonry":"https:\/\/d2q6z78khxmx42.cloudfront.net\/2017\/02\/MaisonNotre-Dame-de-Grace_1.2_laSHEDarchitecture_MaximeBrouillet_01-550x367.jpg","masonry-width":550,"masonry-height":367,"modal":"https:\/\/d2q6z78khxmx42.cloudfront.net\/2017\/02\/MaisonNotre-Dame-de-Grace_1.2_laSHEDarchitecture_MaximeBrouillet_01.jpg","modal-width":1685,"modal-height":1123,"number":"https:\/\/d2q6z78khxmx42.cloudfront.net\/2017\/02\/2X1xcJ2W-MaisonNotre-Dame-de-Grace_1.2_laSHEDarchitecture_MaximeBrouillet_01-560x373.jpg","number-width":560,"number-height":373,"partner":"https:\/\/d2q6z78khxmx42.cloudfront.net\/2017\/02\/MaisonNotre-Dame-de-Grace_1.2_laSHEDarchitecture_MaximeBrouillet_01-275x183.jpg","partner-width":275,"partner-height":183,"ranking":"https:\/\/d2q6z78khxmx42.cloudfront.net\/2017\/02\/2X1xcJ2W-MaisonNotre-Dame-de-Grace_1.2_laSHEDarchitecture_MaximeBrouillet_01-960x540.jpg","ranking-width":960,"ranking-height":540,"schedule":"https:\/\/d2q6z78khxmx42.cloudfront.net\/2017\/02\/MaisonNotre-Dame-de-Grace_1.2_laSHEDarchitecture_MaximeBrouillet_01-960x360.jpg","schedule-width":960,"schedule-height":360,"slideshow":"https:\/\/d2q6z78khxmx42.cloudfront.net\/2017\/02\/MaisonNotre-Dame-de-Grace_1.2_laSHEDarchitecture_MaximeBrouillet_01-1020x680.jpg","slideshow-width":1020,"slideshow-height":680}},"attachment_category":[],"credit":""},{"image":{"ID":3878,"id":3878,"title":"MaisonNotre-Dame-de-Grace_1.2_laSHEDarchitecture_MaximeBrouillet_02.jpg","filename":"MaisonNotre-Dame-de-Grace_1.2_laSHEDarchitecture_MaximeBrouillet_02.jpg","filesize":0,"url":"https:\/\/d2q6z78khxmx42.cloudfront.net\/2017\/02\/MaisonNotre-Dame-de-Grace_1.2_laSHEDarchitecture_MaximeBrouillet_02.jpg","link":"https:\/\/int.design\/fr\/maisonnotre-dame-de-grace_1-2_lashedarchitecture_maximebrouillet_02-jpg\/","alt":"","author":"0","description":"","caption":"","name":"maisonnotre-dame-de-grace_1-2_lashedarchitecture_maximebrouillet_02-jpg","status":"inherit","uploaded_to":0,"date":"2020-04-06 03:56:31","modified":"2020-04-06 03:56:31","menu_order":0,"mime_type":"image\/jpeg","type":"image","subtype":"jpeg","icon":"https:\/\/int.design\/wp-includes\/images\/media\/default.png","width":1685,"height":1123,"sizes":{"thumbnail":"https:\/\/d2q6z78khxmx42.cloudfront.net\/2017\/02\/MaisonNotre-Dame-de-Grace_1.2_laSHEDarchitecture_MaximeBrouillet_02-150x150.jpg","thumbnail-width":150,"thumbnail-height":150,"medium":"https:\/\/d2q6z78khxmx42.cloudfront.net\/2017\/02\/MaisonNotre-Dame-de-Grace_1.2_laSHEDarchitecture_MaximeBrouillet_02-300x200.jpg","medium-width":300,"medium-height":200,"medium_large":"https:\/\/d2q6z78khxmx42.cloudfront.net\/2017\/02\/MaisonNotre-Dame-de-Grace_1.2_laSHEDarchitecture_MaximeBrouillet_02-768x512.jpg","medium_large-width":768,"medium_large-height":512,"large":"https:\/\/d2q6z78khxmx42.cloudfront.net\/2017\/02\/MaisonNotre-Dame-de-Grace_1.2_laSHEDarchitecture_MaximeBrouillet_02-1024x682.jpg","large-width":1024,"large-height":682,"1536x1536":"https:\/\/d2q6z78khxmx42.cloudfront.net\/2017\/02\/MaisonNotre-Dame-de-Grace_1.2_laSHEDarchitecture_MaximeBrouillet_02-1536x1024.jpg","1536x1536-width":1536,"1536x1536-height":1024,"2048x2048":"https:\/\/d2q6z78khxmx42.cloudfront.net\/2017\/02\/MaisonNotre-Dame-de-Grace_1.2_laSHEDarchitecture_MaximeBrouillet_02.jpg","2048x2048-width":1685,"2048x2048-height":1123,"article":"https:\/\/d2q6z78khxmx42.cloudfront.net\/2017\/02\/MaisonNotre-Dame-de-Grace_1.2_laSHEDarchitecture_MaximeBrouillet_02-960x540.jpg","article-width":960,"article-height":540,"banner":"https:\/\/d2q6z78khxmx42.cloudfront.net\/2017\/02\/MaisonNotre-Dame-de-Grace_1.2_laSHEDarchitecture_MaximeBrouillet_02.jpg","banner-width":1685,"banner-height":1123,"block":"https:\/\/d2q6z78khxmx42.cloudfront.net\/2017\/02\/MaisonNotre-Dame-de-Grace_1.2_laSHEDarchitecture_MaximeBrouillet_02-900x680.jpg","block-width":900,"block-height":680,"card":"https:\/\/d2q6z78khxmx42.cloudfront.net\/2017\/02\/MaisonNotre-Dame-de-Grace_1.2_laSHEDarchitecture_MaximeBrouillet_02-560x495.jpg","card-width":560,"card-height":495,"card-thumbnail":"https:\/\/d2q6z78khxmx42.cloudfront.net\/2017\/02\/MaisonNotre-Dame-de-Grace_1.2_laSHEDarchitecture_MaximeBrouillet_02-450x340.jpg","card-thumbnail-width":450,"card-thumbnail-height":340,"conference":"https:\/\/d2q6z78khxmx42.cloudfront.net\/2017\/02\/MaisonNotre-Dame-de-Grace_1.2_laSHEDarchitecture_MaximeBrouillet_02-560x250.jpg","conference-width":560,"conference-height":250,"contest":"https:\/\/d2q6z78khxmx42.cloudfront.net\/2017\/02\/MaisonNotre-Dame-de-Grace_1.2_laSHEDarchitecture_MaximeBrouillet_02-960x400.jpg","contest-width":960,"contest-height":400,"cta":"https:\/\/d2q6z78khxmx42.cloudfront.net\/2017\/02\/MaisonNotre-Dame-de-Grace_1.2_laSHEDarchitecture_MaximeBrouillet_02-415x170.jpg","cta-width":415,"cta-height":170,"exhibitor":"https:\/\/d2q6z78khxmx42.cloudfront.net\/2017\/02\/MaisonNotre-Dame-de-Grace_1.2_laSHEDarchitecture_MaximeBrouillet_02-560x560.jpg","exhibitor-width":560,"exhibitor-height":560,"gallery":"https:\/\/d2q6z78khxmx42.cloudfront.net\/2017\/02\/MaisonNotre-Dame-de-Grace_1.2_laSHEDarchitecture_MaximeBrouillet_02-560x373.jpg","gallery-width":560,"gallery-height":373,"logo":"https:\/\/d2q6z78khxmx42.cloudfront.net\/2017\/02\/MaisonNotre-Dame-de-Grace_1.2_laSHEDarchitecture_MaximeBrouillet_02-150x100.jpg","logo-width":150,"logo-height":100,"masonry":"https:\/\/d2q6z78khxmx42.cloudfront.net\/2017\/02\/MaisonNotre-Dame-de-Grace_1.2_laSHEDarchitecture_MaximeBrouillet_02-550x367.jpg","masonry-width":550,"masonry-height":367,"modal":"https:\/\/d2q6z78khxmx42.cloudfront.net\/2017\/02\/MaisonNotre-Dame-de-Grace_1.2_laSHEDarchitecture_MaximeBrouillet_02.jpg","modal-width":1685,"modal-height":1123,"number":"https:\/\/d2q6z78khxmx42.cloudfront.net\/2017\/02\/JxVuXV03-MaisonNotre-Dame-de-Grace_1.2_laSHEDarchitecture_MaximeBrouillet_02-560x373.jpg","number-width":560,"number-height":373,"partner":"https:\/\/d2q6z78khxmx42.cloudfront.net\/2017\/02\/MaisonNotre-Dame-de-Grace_1.2_laSHEDarchitecture_MaximeBrouillet_02-275x183.jpg","partner-width":275,"partner-height":183,"ranking":"https:\/\/d2q6z78khxmx42.cloudfront.net\/2017\/02\/JxVuXV03-MaisonNotre-Dame-de-Grace_1.2_laSHEDarchitecture_MaximeBrouillet_02-960x540.jpg","ranking-width":960,"ranking-height":540,"schedule":"https:\/\/d2q6z78khxmx42.cloudfront.net\/2017\/02\/MaisonNotre-Dame-de-Grace_1.2_laSHEDarchitecture_MaximeBrouillet_02-960x360.jpg","schedule-width":960,"schedule-height":360,"slideshow":"https:\/\/d2q6z78khxmx42.cloudfront.net\/2017\/02\/MaisonNotre-Dame-de-Grace_1.2_laSHEDarchitecture_MaximeBrouillet_02-1020x680.jpg","slideshow-width":1020,"slideshow-height":680}},"attachment_category":[],"credit":""},{"image":{"ID":3879,"id":3879,"title":"MaisonNotre-Dame-de-Grace_1.2_laSHEDarchitecture_MaximeBrouillet_03.jpg","filename":"MaisonNotre-Dame-de-Grace_1.2_laSHEDarchitecture_MaximeBrouillet_03.jpg","filesize":0,"url":"https:\/\/d2q6z78khxmx42.cloudfront.net\/2017\/02\/MaisonNotre-Dame-de-Grace_1.2_laSHEDarchitecture_MaximeBrouillet_03.jpg","link":"https:\/\/int.design\/fr\/maisonnotre-dame-de-grace_1-2_lashedarchitecture_maximebrouillet_03-jpg\/","alt":"","author":"0","description":"","caption":"","name":"maisonnotre-dame-de-grace_1-2_lashedarchitecture_maximebrouillet_03-jpg","status":"inherit","uploaded_to":0,"date":"2020-04-06 03:56:32","modified":"2020-04-06 03:56:32","menu_order":0,"mime_type":"image\/jpeg","type":"image","subtype":"jpeg","icon":"https:\/\/int.design\/wp-includes\/images\/media\/default.png","width":1123,"height":1685,"sizes":{"thumbnail":"https:\/\/d2q6z78khxmx42.cloudfront.net\/2017\/02\/MaisonNotre-Dame-de-Grace_1.2_laSHEDarchitecture_MaximeBrouillet_03-150x150.jpg","thumbnail-width":150,"thumbnail-height":150,"medium":"https:\/\/d2q6z78khxmx42.cloudfront.net\/2017\/02\/MaisonNotre-Dame-de-Grace_1.2_laSHEDarchitecture_MaximeBrouillet_03-200x300.jpg","medium-width":200,"medium-height":300,"medium_large":"https:\/\/d2q6z78khxmx42.cloudfront.net\/2017\/02\/MaisonNotre-Dame-de-Grace_1.2_laSHEDarchitecture_MaximeBrouillet_03-768x1152.jpg","medium_large-width":768,"medium_large-height":1152,"large":"https:\/\/d2q6z78khxmx42.cloudfront.net\/2017\/02\/MaisonNotre-Dame-de-Grace_1.2_laSHEDarchitecture_MaximeBrouillet_03-682x1024.jpg","large-width":682,"large-height":1024,"1536x1536":"https:\/\/d2q6z78khxmx42.cloudfront.net\/2017\/02\/MaisonNotre-Dame-de-Grace_1.2_laSHEDarchitecture_MaximeBrouillet_03-1024x1536.jpg","1536x1536-width":1024,"1536x1536-height":1536,"2048x2048":"https:\/\/d2q6z78khxmx42.cloudfront.net\/2017\/02\/MaisonNotre-Dame-de-Grace_1.2_laSHEDarchitecture_MaximeBrouillet_03.jpg","2048x2048-width":1123,"2048x2048-height":1685,"article":"https:\/\/d2q6z78khxmx42.cloudfront.net\/2017\/02\/MaisonNotre-Dame-de-Grace_1.2_laSHEDarchitecture_MaximeBrouillet_03-960x540.jpg","article-width":960,"article-height":540,"banner":"https:\/\/d2q6z78khxmx42.cloudfront.net\/2017\/02\/MaisonNotre-Dame-de-Grace_1.2_laSHEDarchitecture_MaximeBrouillet_03.jpg","banner-width":1123,"banner-height":1685,"block":"https:\/\/d2q6z78khxmx42.cloudfront.net\/2017\/02\/MaisonNotre-Dame-de-Grace_1.2_laSHEDarchitecture_MaximeBrouillet_03-900x680.jpg","block-width":900,"block-height":680,"card":"https:\/\/d2q6z78khxmx42.cloudfront.net\/2017\/02\/MaisonNotre-Dame-de-Grace_1.2_laSHEDarchitecture_MaximeBrouillet_03-560x495.jpg","card-width":560,"card-height":495,"card-thumbnail":"https:\/\/d2q6z78khxmx42.cloudfront.net\/2017\/02\/MaisonNotre-Dame-de-Grace_1.2_laSHEDarchitecture_MaximeBrouillet_03-450x340.jpg","card-thumbnail-width":450,"card-thumbnail-height":340,"conference":"https:\/\/d2q6z78khxmx42.cloudfront.net\/2017\/02\/MaisonNotre-Dame-de-Grace_1.2_laSHEDarchitecture_MaximeBrouillet_03-560x250.jpg","conference-width":560,"conference-height":250,"contest":"https:\/\/d2q6z78khxmx42.cloudfront.net\/2017\/02\/MaisonNotre-Dame-de-Grace_1.2_laSHEDarchitecture_MaximeBrouillet_03-960x400.jpg","contest-width":960,"contest-height":400,"cta":"https:\/\/d2q6z78khxmx42.cloudfront.net\/2017\/02\/MaisonNotre-Dame-de-Grace_1.2_laSHEDarchitecture_MaximeBrouillet_03-415x170.jpg","cta-width":415,"cta-height":170,"exhibitor":"https:\/\/d2q6z78khxmx42.cloudfront.net\/2017\/02\/MaisonNotre-Dame-de-Grace_1.2_laSHEDarchitecture_MaximeBrouillet_03-560x560.jpg","exhibitor-width":560,"exhibitor-height":560,"gallery":"https:\/\/d2q6z78khxmx42.cloudfront.net\/2017\/02\/MaisonNotre-Dame-de-Grace_1.2_laSHEDarchitecture_MaximeBrouillet_03-287x430.jpg","gallery-width":287,"gallery-height":430,"logo":"https:\/\/d2q6z78khxmx42.cloudfront.net\/2017\/02\/MaisonNotre-Dame-de-Grace_1.2_laSHEDarchitecture_MaximeBrouillet_03-67x100.jpg","logo-width":67,"logo-height":100,"masonry":"https:\/\/d2q6z78khxmx42.cloudfront.net\/2017\/02\/MaisonNotre-Dame-de-Grace_1.2_laSHEDarchitecture_MaximeBrouillet_03-550x825.jpg","masonry-width":550,"masonry-height":825,"modal":"https:\/\/d2q6z78khxmx42.cloudfront.net\/2017\/02\/MaisonNotre-Dame-de-Grace_1.2_laSHEDarchitecture_MaximeBrouillet_03.jpg","modal-width":1123,"modal-height":1685,"number":"https:\/\/d2q6z78khxmx42.cloudfront.net\/2017\/02\/tjAwGSA5-MaisonNotre-Dame-de-Grace_1.2_laSHEDarchitecture_MaximeBrouillet_03-287x430.jpg","number-width":287,"number-height":430,"partner":"https:\/\/d2q6z78khxmx42.cloudfront.net\/2017\/02\/MaisonNotre-Dame-de-Grace_1.2_laSHEDarchitecture_MaximeBrouillet_03-140x210.jpg","partner-width":140,"partner-height":210,"ranking":"https:\/\/d2q6z78khxmx42.cloudfront.net\/2017\/02\/tjAwGSA5-MaisonNotre-Dame-de-Grace_1.2_laSHEDarchitecture_MaximeBrouillet_03-960x540.jpg","ranking-width":960,"ranking-height":540,"schedule":"https:\/\/d2q6z78khxmx42.cloudfront.net\/2017\/02\/MaisonNotre-Dame-de-Grace_1.2_laSHEDarchitecture_MaximeBrouillet_03-960x360.jpg","schedule-width":960,"schedule-height":360,"slideshow":"https:\/\/d2q6z78khxmx42.cloudfront.net\/2017\/02\/MaisonNotre-Dame-de-Grace_1.2_laSHEDarchitecture_MaximeBrouillet_03-453x680.jpg","slideshow-width":453,"slideshow-height":680}},"attachment_category":[],"credit":""},{"image":{"ID":3880,"id":3880,"title":"MaisonNotre-Dame-de-Grace_1.2_laSHEDarchitecture_MaximeBrouillet_04.jpg","filename":"MaisonNotre-Dame-de-Grace_1.2_laSHEDarchitecture_MaximeBrouillet_04.jpg","filesize":0,"url":"https:\/\/d2q6z78khxmx42.cloudfront.net\/2017\/02\/MaisonNotre-Dame-de-Grace_1.2_laSHEDarchitecture_MaximeBrouillet_04.jpg","link":"https:\/\/int.design\/fr\/maisonnotre-dame-de-grace_1-2_lashedarchitecture_maximebrouillet_04-jpg\/","alt":"","author":"0","description":"","caption":"","name":"maisonnotre-dame-de-grace_1-2_lashedarchitecture_maximebrouillet_04-jpg","status":"inherit","uploaded_to":0,"date":"2020-04-06 03:56:33","modified":"2020-04-06 03:56:33","menu_order":0,"mime_type":"image\/jpeg","type":"image","subtype":"jpeg","icon":"https:\/\/int.design\/wp-includes\/images\/media\/default.png","width":990,"height":1482,"sizes":{"thumbnail":"https:\/\/d2q6z78khxmx42.cloudfront.net\/2017\/02\/MaisonNotre-Dame-de-Grace_1.2_laSHEDarchitecture_MaximeBrouillet_04-150x150.jpg","thumbnail-width":150,"thumbnail-height":150,"medium":"https:\/\/d2q6z78khxmx42.cloudfront.net\/2017\/02\/MaisonNotre-Dame-de-Grace_1.2_laSHEDarchitecture_MaximeBrouillet_04-200x300.jpg","medium-width":200,"medium-height":300,"medium_large":"https:\/\/d2q6z78khxmx42.cloudfront.net\/2017\/02\/MaisonNotre-Dame-de-Grace_1.2_laSHEDarchitecture_MaximeBrouillet_04-768x1150.jpg","medium_large-width":768,"medium_large-height":1150,"large":"https:\/\/d2q6z78khxmx42.cloudfront.net\/2017\/02\/MaisonNotre-Dame-de-Grace_1.2_laSHEDarchitecture_MaximeBrouillet_04-684x1024.jpg","large-width":684,"large-height":1024,"1536x1536":"https:\/\/d2q6z78khxmx42.cloudfront.net\/2017\/02\/MaisonNotre-Dame-de-Grace_1.2_laSHEDarchitecture_MaximeBrouillet_04.jpg","1536x1536-width":990,"1536x1536-height":1482,"2048x2048":"https:\/\/d2q6z78khxmx42.cloudfront.net\/2017\/02\/MaisonNotre-Dame-de-Grace_1.2_laSHEDarchitecture_MaximeBrouillet_04.jpg","2048x2048-width":990,"2048x2048-height":1482,"article":"https:\/\/d2q6z78khxmx42.cloudfront.net\/2017\/02\/MaisonNotre-Dame-de-Grace_1.2_laSHEDarchitecture_MaximeBrouillet_04-960x540.jpg","article-width":960,"article-height":540,"banner":"https:\/\/d2q6z78khxmx42.cloudfront.net\/2017\/02\/MaisonNotre-Dame-de-Grace_1.2_laSHEDarchitecture_MaximeBrouillet_04.jpg","banner-width":990,"banner-height":1482,"block":"https:\/\/d2q6z78khxmx42.cloudfront.net\/2017\/02\/MaisonNotre-Dame-de-Grace_1.2_laSHEDarchitecture_MaximeBrouillet_04-900x680.jpg","block-width":900,"block-height":680,"card":"https:\/\/d2q6z78khxmx42.cloudfront.net\/2017\/02\/MaisonNotre-Dame-de-Grace_1.2_laSHEDarchitecture_MaximeBrouillet_04-560x495.jpg","card-width":560,"card-height":495,"card-thumbnail":"https:\/\/d2q6z78khxmx42.cloudfront.net\/2017\/02\/MaisonNotre-Dame-de-Grace_1.2_laSHEDarchitecture_MaximeBrouillet_04-450x340.jpg","card-thumbnail-width":450,"card-thumbnail-height":340,"conference":"https:\/\/d2q6z78khxmx42.cloudfront.net\/2017\/02\/MaisonNotre-Dame-de-Grace_1.2_laSHEDarchitecture_MaximeBrouillet_04-560x250.jpg","conference-width":560,"conference-height":250,"contest":"https:\/\/d2q6z78khxmx42.cloudfront.net\/2017\/02\/MaisonNotre-Dame-de-Grace_1.2_laSHEDarchitecture_MaximeBrouillet_04-960x400.jpg","contest-width":960,"contest-height":400,"cta":"https:\/\/d2q6z78khxmx42.cloudfront.net\/2017\/02\/MaisonNotre-Dame-de-Grace_1.2_laSHEDarchitecture_MaximeBrouillet_04-415x170.jpg","cta-width":415,"cta-height":170,"exhibitor":"https:\/\/d2q6z78khxmx42.cloudfront.net\/2017\/02\/MaisonNotre-Dame-de-Grace_1.2_laSHEDarchitecture_MaximeBrouillet_04-560x560.jpg","exhibitor-width":560,"exhibitor-height":560,"gallery":"https:\/\/d2q6z78khxmx42.cloudfront.net\/2017\/02\/MaisonNotre-Dame-de-Grace_1.2_laSHEDarchitecture_MaximeBrouillet_04-287x430.jpg","gallery-width":287,"gallery-height":430,"logo":"https:\/\/d2q6z78khxmx42.cloudfront.net\/2017\/02\/MaisonNotre-Dame-de-Grace_1.2_laSHEDarchitecture_MaximeBrouillet_04-67x100.jpg","logo-width":67,"logo-height":100,"masonry":"https:\/\/d2q6z78khxmx42.cloudfront.net\/2017\/02\/MaisonNotre-Dame-de-Grace_1.2_laSHEDarchitecture_MaximeBrouillet_04-550x823.jpg","masonry-width":550,"masonry-height":823,"modal":"https:\/\/d2q6z78khxmx42.cloudfront.net\/2017\/02\/MaisonNotre-Dame-de-Grace_1.2_laSHEDarchitecture_MaximeBrouillet_04.jpg","modal-width":990,"modal-height":1482,"number":"https:\/\/d2q6z78khxmx42.cloudfront.net\/2017\/02\/m0fJZgnu-MaisonNotre-Dame-de-Grace_1.2_laSHEDarchitecture_MaximeBrouillet_04-287x430.jpg","number-width":287,"number-height":430,"partner":"https:\/\/d2q6z78khxmx42.cloudfront.net\/2017\/02\/MaisonNotre-Dame-de-Grace_1.2_laSHEDarchitecture_MaximeBrouillet_04-140x210.jpg","partner-width":140,"partner-height":210,"ranking":"https:\/\/d2q6z78khxmx42.cloudfront.net\/2017\/02\/m0fJZgnu-MaisonNotre-Dame-de-Grace_1.2_laSHEDarchitecture_MaximeBrouillet_04-960x540.jpg","ranking-width":960,"ranking-height":540,"schedule":"https:\/\/d2q6z78khxmx42.cloudfront.net\/2017\/02\/MaisonNotre-Dame-de-Grace_1.2_laSHEDarchitecture_MaximeBrouillet_04-960x360.jpg","schedule-width":960,"schedule-height":360,"slideshow":"https:\/\/d2q6z78khxmx42.cloudfront.net\/2017\/02\/MaisonNotre-Dame-de-Grace_1.2_laSHEDarchitecture_MaximeBrouillet_04-454x680.jpg","slideshow-width":454,"slideshow-height":680}},"attachment_category":[],"credit":""},{"image":{"ID":3881,"id":3881,"title":"MaisonNotre-Dame-de-Grace_1.2_laSHEDarchitecture_MaximeBrouillet_05.jpg","filename":"MaisonNotre-Dame-de-Grace_1.2_laSHEDarchitecture_MaximeBrouillet_05.jpg","filesize":0,"url":"https:\/\/d2q6z78khxmx42.cloudfront.net\/2017\/02\/MaisonNotre-Dame-de-Grace_1.2_laSHEDarchitecture_MaximeBrouillet_05.jpg","link":"https:\/\/int.design\/fr\/maisonnotre-dame-de-grace_1-2_lashedarchitecture_maximebrouillet_05-jpg\/","alt":"","author":"0","description":"","caption":"","name":"maisonnotre-dame-de-grace_1-2_lashedarchitecture_maximebrouillet_05-jpg","status":"inherit","uploaded_to":0,"date":"2020-04-06 03:56:34","modified":"2020-04-06 03:56:34","menu_order":0,"mime_type":"image\/jpeg","type":"image","subtype":"jpeg","icon":"https:\/\/int.design\/wp-includes\/images\/media\/default.png","width":1644,"height":1096,"sizes":{"thumbnail":"https:\/\/d2q6z78khxmx42.cloudfront.net\/2017\/02\/MaisonNotre-Dame-de-Grace_1.2_laSHEDarchitecture_MaximeBrouillet_05-150x150.jpg","thumbnail-width":150,"thumbnail-height":150,"medium":"https:\/\/d2q6z78khxmx42.cloudfront.net\/2017\/02\/MaisonNotre-Dame-de-Grace_1.2_laSHEDarchitecture_MaximeBrouillet_05-300x200.jpg","medium-width":300,"medium-height":200,"medium_large":"https:\/\/d2q6z78khxmx42.cloudfront.net\/2017\/02\/MaisonNotre-Dame-de-Grace_1.2_laSHEDarchitecture_MaximeBrouillet_05-768x512.jpg","medium_large-width":768,"medium_large-height":512,"large":"https:\/\/d2q6z78khxmx42.cloudfront.net\/2017\/02\/MaisonNotre-Dame-de-Grace_1.2_laSHEDarchitecture_MaximeBrouillet_05-1024x683.jpg","large-width":1024,"large-height":683,"1536x1536":"https:\/\/d2q6z78khxmx42.cloudfront.net\/2017\/02\/MaisonNotre-Dame-de-Grace_1.2_laSHEDarchitecture_MaximeBrouillet_05-1536x1024.jpg","1536x1536-width":1536,"1536x1536-height":1024,"2048x2048":"https:\/\/d2q6z78khxmx42.cloudfront.net\/2017\/02\/MaisonNotre-Dame-de-Grace_1.2_laSHEDarchitecture_MaximeBrouillet_05.jpg","2048x2048-width":1644,"2048x2048-height":1096,"article":"https:\/\/d2q6z78khxmx42.cloudfront.net\/2017\/02\/MaisonNotre-Dame-de-Grace_1.2_laSHEDarchitecture_MaximeBrouillet_05-960x540.jpg","article-width":960,"article-height":540,"banner":"https:\/\/d2q6z78khxmx42.cloudfront.net\/2017\/02\/MaisonNotre-Dame-de-Grace_1.2_laSHEDarchitecture_MaximeBrouillet_05.jpg","banner-width":1644,"banner-height":1096,"block":"https:\/\/d2q6z78khxmx42.cloudfront.net\/2017\/02\/MaisonNotre-Dame-de-Grace_1.2_laSHEDarchitecture_MaximeBrouillet_05-900x680.jpg","block-width":900,"block-height":680,"card":"https:\/\/d2q6z78khxmx42.cloudfront.net\/2017\/02\/MaisonNotre-Dame-de-Grace_1.2_laSHEDarchitecture_MaximeBrouillet_05-560x495.jpg","card-width":560,"card-height":495,"card-thumbnail":"https:\/\/d2q6z78khxmx42.cloudfront.net\/2017\/02\/MaisonNotre-Dame-de-Grace_1.2_laSHEDarchitecture_MaximeBrouillet_05-450x340.jpg","card-thumbnail-width":450,"card-thumbnail-height":340,"conference":"https:\/\/d2q6z78khxmx42.cloudfront.net\/2017\/02\/MaisonNotre-Dame-de-Grace_1.2_laSHEDarchitecture_MaximeBrouillet_05-560x250.jpg","conference-width":560,"conference-height":250,"contest":"https:\/\/d2q6z78khxmx42.cloudfront.net\/2017\/02\/MaisonNotre-Dame-de-Grace_1.2_laSHEDarchitecture_MaximeBrouillet_05-960x400.jpg","contest-width":960,"contest-height":400,"cta":"https:\/\/d2q6z78khxmx42.cloudfront.net\/2017\/02\/MaisonNotre-Dame-de-Grace_1.2_laSHEDarchitecture_MaximeBrouillet_05-415x170.jpg","cta-width":415,"cta-height":170,"exhibitor":"https:\/\/d2q6z78khxmx42.cloudfront.net\/2017\/02\/MaisonNotre-Dame-de-Grace_1.2_laSHEDarchitecture_MaximeBrouillet_05-560x560.jpg","exhibitor-width":560,"exhibitor-height":560,"gallery":"https:\/\/d2q6z78khxmx42.cloudfront.net\/2017\/02\/MaisonNotre-Dame-de-Grace_1.2_laSHEDarchitecture_MaximeBrouillet_05-560x373.jpg","gallery-width":560,"gallery-height":373,"logo":"https:\/\/d2q6z78khxmx42.cloudfront.net\/2017\/02\/MaisonNotre-Dame-de-Grace_1.2_laSHEDarchitecture_MaximeBrouillet_05-150x100.jpg","logo-width":150,"logo-height":100,"masonry":"https:\/\/d2q6z78khxmx42.cloudfront.net\/2017\/02\/MaisonNotre-Dame-de-Grace_1.2_laSHEDarchitecture_MaximeBrouillet_05-550x367.jpg","masonry-width":550,"masonry-height":367,"modal":"https:\/\/d2q6z78khxmx42.cloudfront.net\/2017\/02\/MaisonNotre-Dame-de-Grace_1.2_laSHEDarchitecture_MaximeBrouillet_05.jpg","modal-width":1644,"modal-height":1096,"number":"https:\/\/d2q6z78khxmx42.cloudfront.net\/2017\/02\/AHzjTid4-MaisonNotre-Dame-de-Grace_1.2_laSHEDarchitecture_MaximeBrouillet_05-560x373.jpg","number-width":560,"number-height":373,"partner":"https:\/\/d2q6z78khxmx42.cloudfront.net\/2017\/02\/MaisonNotre-Dame-de-Grace_1.2_laSHEDarchitecture_MaximeBrouillet_05-275x183.jpg","partner-width":275,"partner-height":183,"ranking":"https:\/\/d2q6z78khxmx42.cloudfront.net\/2017\/02\/AHzjTid4-MaisonNotre-Dame-de-Grace_1.2_laSHEDarchitecture_MaximeBrouillet_05-960x540.jpg","ranking-width":960,"ranking-height":540,"schedule":"https:\/\/d2q6z78khxmx42.cloudfront.net\/2017\/02\/MaisonNotre-Dame-de-Grace_1.2_laSHEDarchitecture_MaximeBrouillet_05-960x360.jpg","schedule-width":960,"schedule-height":360,"slideshow":"https:\/\/d2q6z78khxmx42.cloudfront.net\/2017\/02\/MaisonNotre-Dame-de-Grace_1.2_laSHEDarchitecture_MaximeBrouillet_05-1020x680.jpg","slideshow-width":1020,"slideshow-height":680}},"attachment_category":[],"credit":""}],"status":"completed"},"laureats":[],"contest_id":"1782","contest_title":"GRANDS PRIX DU DESIGN - 10e \u00e9dition","firms":[],"user":{"email":"old_edition@agencepid.com","first_name":"Old Edition","last_name":"Participant"},"doc_texts_web":{"fr":"<p>L&rsquo;esth\u00e9tisme monochrome marque la transformation de cette r\u00e9sidence des ann\u00e9es 30 situ\u00e9e dans le Village Monkland \u00e0 Montr\u00e9al. Bien que majeure, la r\u00e9novation met en valeur de nombreux \u00e9l\u00e9ments d&rsquo;origine. L&rsquo;escalier est sans conteste l&rsquo;\u00e9l\u00e9ment vedette de cette r\u00e9alisation. Ses marches ajour\u00e9es en acier semblant flotter dans l&rsquo;espace sont solidement accroch\u00e9es au garde-corps d&rsquo;\u00e9poque en bois travaill\u00e9. Domin\u00e9 par le contraste du noir et du blanc, ce classique contemporain s\u2019harmonise dans un raffinement et un style qui perdurera dans le temps.<\/p>\n","en":"<p>L&rsquo;esth\u00e9tisme monochrome marque la transformation de cette r\u00e9sidence des ann\u00e9es 30 situ\u00e9e dans le Village Monkland \u00e0 Montr\u00e9al. Bien que majeure, la r\u00e9novation met en valeur de nombreux \u00e9l\u00e9ments d&rsquo;origine. L&rsquo;escalier est sans conteste l&rsquo;\u00e9l\u00e9ment vedette de cette r\u00e9alisation. Ses marches ajour\u00e9es en acier semblant flotter dans l&rsquo;espace sont solidement accroch\u00e9es au garde-corps d&rsquo;\u00e9poque en bois travaill\u00e9. Domin\u00e9 par le contraste du noir et du blanc, ce classique contemporain s\u2019harmonise dans un raffinement et un style qui perdurera dans le temps.<\/p>\n"},"permalinks":{"fr":"https:\/\/int.design\/fr\/projets\/maison-notre-dame-de-grace\/","en":"https:\/\/int.design\/en\/projects\/maison-notre-dame-de-grace\/"},"titles":{"fr":"Maison Notre-Dame-de-Gr\u00e2ce","en":"Maison Notre-Dame-de-Gr\u00e2ce"},"wp_fields":{"informations":{"fr":[{"content_type":"text","title":"Design","content":"la SHED architecture","link":null},{"content_type":"text","title":"Cat\u00e9gorie","content":"Prix espace r\u00e9sidentiel de 1 600 \u00e0 3 200 pi\u00b2 ex aequo","link":null},{"content_type":"text","title":"Site web","content":"www.lashedarchitecture.com","link":null}],"en":[{"content_type":"text","title":"Design","content":"la SHED architecture","link":null},{"content_type":"text","title":"Cat\u00e9gorie","content":"Prix espace r\u00e9sidentiel de 1 600 \u00e0 3 200 pi\u00b2 ex aequo","link":null},{"content_type":"text","title":"Site web","content":"www.lashedarchitecture.com","link":null}]}},"laravel_id":""},"_links":{"self":[{"href":"https:\/\/int.design\/fr\/wp-json\/wp\/v2\/project\/3876","targetHints":{"allow":["GET"]}}],"collection":[{"href":"https:\/\/int.design\/fr\/wp-json\/wp\/v2\/project"}],"about":[{"href":"https:\/\/int.design\/fr\/wp-json\/wp\/v2\/types\/project"}],"wp:attachment":[{"href":"https:\/\/int.design\/fr\/wp-json\/wp\/v2\/media?parent=3876"}],"curies":[{"name":"wp","href":"https:\/\/api.w.org\/{rel}","templated":true}]}}