{"id":37497,"date":"2021-07-14T19:35:19","date_gmt":"2021-07-14T23:35:19","guid":{"rendered":"https:\/\/int.design\/?post_type=project&#038;p=37497"},"modified":"2021-09-09T11:16:14","modified_gmt":"2021-09-09T15:16:14","slug":"le-design-graphique-ca-bouge","status":"publish","type":"project","link":"https:\/\/int.design\/fr\/projets\/le-design-graphique-ca-bouge\/","title":{"rendered":"Le design graphique, \u00e7a bouge !"},"content":{"rendered":"","protected":false},"template":"","class_list":["post-37497","project","type-project","status-publish","hentry","project_category-design-dinterieur","project_category-culture_sport_et_loisir","project_category-musee"],"acf":[],"yoast_head":"<!-- This site is optimized with the Yoast SEO plugin v21.5 - https:\/\/yoast.com\/wordpress\/plugins\/seo\/ -->\n<title>Le design graphique, \u00e7a bouge ! - INT Design<\/title>\n<meta name=\"robots\" content=\"index, follow, max-snippet:-1, max-image-preview:large, max-video-preview:-1\" \/>\n<link rel=\"canonical\" href=\"https:\/\/int.design\/fr\/projets\/le-design-graphique-ca-bouge\/\" \/>\n<meta property=\"og:locale\" content=\"fr_FR\" \/>\n<meta property=\"og:type\" content=\"article\" \/>\n<meta property=\"og:title\" content=\"Le design graphique, \u00e7a bouge ! - INT Design\" \/>\n<meta property=\"og:url\" content=\"https:\/\/int.design\/fr\/projets\/le-design-graphique-ca-bouge\/\" \/>\n<meta property=\"og:site_name\" content=\"INT Design\" \/>\n<meta property=\"article:modified_time\" content=\"2021-09-09T15:16:14+00:00\" \/>\n<meta name=\"twitter:card\" content=\"summary_large_image\" \/>\n<script type=\"application\/ld+json\" class=\"yoast-schema-graph\">{\"@context\":\"https:\/\/schema.org\",\"@graph\":[{\"@type\":\"WebPage\",\"@id\":\"https:\/\/int.design\/fr\/projets\/le-design-graphique-ca-bouge\/\",\"url\":\"https:\/\/int.design\/fr\/projets\/le-design-graphique-ca-bouge\/\",\"name\":\"Le design graphique, \u00e7a bouge ! - INT Design\",\"isPartOf\":{\"@id\":\"https:\/\/int.design\/fr\/#website\"},\"datePublished\":\"2021-07-14T23:35:19+00:00\",\"dateModified\":\"2021-09-09T15:16:14+00:00\",\"breadcrumb\":{\"@id\":\"https:\/\/int.design\/fr\/projets\/le-design-graphique-ca-bouge\/#breadcrumb\"},\"inLanguage\":\"fr-FR\",\"potentialAction\":[{\"@type\":\"ReadAction\",\"target\":[\"https:\/\/int.design\/fr\/projets\/le-design-graphique-ca-bouge\/\"]}]},{\"@type\":\"BreadcrumbList\",\"@id\":\"https:\/\/int.design\/fr\/projets\/le-design-graphique-ca-bouge\/#breadcrumb\",\"itemListElement\":[{\"@type\":\"ListItem\",\"position\":1,\"name\":\"Home\",\"item\":\"https:\/\/int.design\/fr\/\"},{\"@type\":\"ListItem\",\"position\":2,\"name\":\"Projects\",\"item\":\"https:\/\/int.design\/en\/projects\/\"},{\"@type\":\"ListItem\",\"position\":3,\"name\":\"Le design graphique, \u00e7a bouge !\"}]},{\"@type\":\"WebSite\",\"@id\":\"https:\/\/int.design\/fr\/#website\",\"url\":\"https:\/\/int.design\/fr\/\",\"name\":\"INT Design\",\"description\":\"\",\"potentialAction\":[{\"@type\":\"SearchAction\",\"target\":{\"@type\":\"EntryPoint\",\"urlTemplate\":\"https:\/\/int.design\/fr\/?s={search_term_string}\"},\"query-input\":\"required name=search_term_string\"}],\"inLanguage\":\"fr-FR\"}]}<\/script>\n<!-- \/ Yoast SEO plugin. -->","yoast_head_json":{"title":"Le design graphique, \u00e7a bouge ! - INT Design","robots":{"index":"index","follow":"follow","max-snippet":"max-snippet:-1","max-image-preview":"max-image-preview:large","max-video-preview":"max-video-preview:-1"},"canonical":"https:\/\/int.design\/fr\/projets\/le-design-graphique-ca-bouge\/","og_locale":"fr_FR","og_type":"article","og_title":"Le design graphique, \u00e7a bouge ! - INT Design","og_url":"https:\/\/int.design\/fr\/projets\/le-design-graphique-ca-bouge\/","og_site_name":"INT Design","article_modified_time":"2021-09-09T15:16:14+00:00","twitter_card":"summary_large_image","schema":{"@context":"https:\/\/schema.org","@graph":[{"@type":"WebPage","@id":"https:\/\/int.design\/fr\/projets\/le-design-graphique-ca-bouge\/","url":"https:\/\/int.design\/fr\/projets\/le-design-graphique-ca-bouge\/","name":"Le design graphique, \u00e7a bouge ! - INT Design","isPartOf":{"@id":"https:\/\/int.design\/fr\/#website"},"datePublished":"2021-07-14T23:35:19+00:00","dateModified":"2021-09-09T15:16:14+00:00","breadcrumb":{"@id":"https:\/\/int.design\/fr\/projets\/le-design-graphique-ca-bouge\/#breadcrumb"},"inLanguage":"fr-FR","potentialAction":[{"@type":"ReadAction","target":["https:\/\/int.design\/fr\/projets\/le-design-graphique-ca-bouge\/"]}]},{"@type":"BreadcrumbList","@id":"https:\/\/int.design\/fr\/projets\/le-design-graphique-ca-bouge\/#breadcrumb","itemListElement":[{"@type":"ListItem","position":1,"name":"Home","item":"https:\/\/int.design\/fr\/"},{"@type":"ListItem","position":2,"name":"Projects","item":"https:\/\/int.design\/en\/projects\/"},{"@type":"ListItem","position":3,"name":"Le design graphique, \u00e7a bouge !"}]},{"@type":"WebSite","@id":"https:\/\/int.design\/fr\/#website","url":"https:\/\/int.design\/fr\/","name":"INT Design","description":"","potentialAction":[{"@type":"SearchAction","target":{"@type":"EntryPoint","urlTemplate":"https:\/\/int.design\/fr\/?s={search_term_string}"},"query-input":"required name=search_term_string"}],"inLanguage":"fr-FR"}]}},"entry":{"cats":{"disciplines":[{"id":123,"name":"Design d\u2019int\u00e9rieur"}],"big_cats":[{"id":419,"name":"Culture, sport &amp; loisir"}],"sub_cats":[{"id":446,"name":"Mus\u00e9e &amp; galerie","parent":419}]},"entry":{"":null,"status":"completed","winner_title":"Centre de design \u2013 UQAM","winner_prize_lang":"","title_translatable":false,"title_en":"","title_fr":"","releve_award":false,"releve_award_cv":false,"collaboration":false,"collaboration_firms":[{"name":"Louise Pelletier - Direction","website":"https:\/\/centrededesign.com\/"},{"name":"Victor Bernaudon Cointe et Louis-Charles Lasnier - Sc\u00e9nographie","website":"https:\/\/design.uqam.ca\/professeur\/louis-charles-lasnier\/"},{"name":"Victor Bernaudon Cointe et Vincent Thibault V\u00e9zina - Production","website":"https:\/\/centrededesign.com\/"}],"other_firms":[{"name":"Marc H. Choko","website":"http:\/\/www.marchchoko.com\/","category":"Commissaire","category_tax":false},{"name":"Louis-Charles Lasnier","website":"https:\/\/design.uqam.ca\/professeur\/louis-charles-lasnier\/","category":"Commissaire & Conception graphique","category_tax":false},{"name":"La Fabrique culturelle","website":"https:\/\/www.lafabriqueculturelle.tv\/","category":"Production reportages vid\u00e9os","category_tax":false},{"name":"\u00c9cole de design \u2013 UQAM","website":"https:\/\/design.uqam.ca\/","category":"Montage exposition","category_tax":false},{"name":"MP repro","website":"https:\/\/www.mprepro.com\/","category":"Impression","category_tax":false},{"name":"Jolin Masson","website":"","category":"Conception graphique","category_tax":false}],"owner":{"name":"Centre de design \u2013 UQAM","confidential":false,"website":"https:\/\/centrededesign.com\/","contact_name":"","email":"centre.design@uqam.ca","phone":""},"address":{"address":"","city":"","region":"Montr\u00e9al","province":"QC","country":"CA","postal_code":""},"logos":false,"use_logo":false,"designers":[{"name":"Victor Bernaudon Cointe","credit":"n\/d","image":{"ID":37760,"id":37760,"title":"Victor Bernaudon Cointe","filename":"Victor Bernaudon Cointe.jpg","filesize":0,"url":"https:\/\/d2q6z78khxmx42.cloudfront.net\/2021\/01\/Victor Bernaudon Cointe.jpg","link":"https:\/\/int.design\/fr\/projets\/le-design-graphique-ca-bouge\/victor-bernaudon-cointe\/","alt":"","author":"71","description":"","caption":"","name":"victor-bernaudon-cointe","status":"inherit","uploaded_to":37497,"date":"2021-01-11 20:53:52","modified":"2021-01-11 20:55:49","menu_order":0,"mime_type":"image\/jpeg","type":"image","subtype":"jpeg","icon":"https:\/\/int.design\/wp-includes\/images\/media\/default.png","width":500,"height":500,"sizes":{"thumbnail":"https:\/\/d2q6z78khxmx42.cloudfront.net\/2021\/01\/Victor Bernaudon Cointe-150x150.jpg","thumbnail-width":150,"thumbnail-height":150,"medium":"https:\/\/d2q6z78khxmx42.cloudfront.net\/2021\/01\/Victor Bernaudon Cointe-300x300.jpg","medium-width":300,"medium-height":300,"medium_large":"https:\/\/d2q6z78khxmx42.cloudfront.net\/2021\/01\/Victor Bernaudon Cointe.jpg","medium_large-width":500,"medium_large-height":500,"large":"https:\/\/d2q6z78khxmx42.cloudfront.net\/2021\/01\/Victor Bernaudon Cointe.jpg","large-width":500,"large-height":500,"1536x1536":"https:\/\/d2q6z78khxmx42.cloudfront.net\/2021\/01\/Victor Bernaudon Cointe.jpg","1536x1536-width":500,"1536x1536-height":500,"2048x2048":"https:\/\/d2q6z78khxmx42.cloudfront.net\/2021\/01\/Victor Bernaudon Cointe.jpg","2048x2048-width":500,"2048x2048-height":500,"article":"https:\/\/d2q6z78khxmx42.cloudfront.net\/2021\/01\/Victor Bernaudon Cointe.jpg","article-width":500,"article-height":500,"banner":"https:\/\/d2q6z78khxmx42.cloudfront.net\/2021\/01\/Victor Bernaudon Cointe.jpg","banner-width":500,"banner-height":500,"block":"https:\/\/d2q6z78khxmx42.cloudfront.net\/2021\/01\/Victor Bernaudon Cointe.jpg","block-width":500,"block-height":500,"card":"https:\/\/d2q6z78khxmx42.cloudfront.net\/2021\/01\/Victor Bernaudon Cointe-500x495.jpg","card-width":500,"card-height":495,"card-thumbnail":"https:\/\/d2q6z78khxmx42.cloudfront.net\/2021\/01\/Victor Bernaudon Cointe-450x340.jpg","card-thumbnail-width":450,"card-thumbnail-height":340,"conference":"https:\/\/d2q6z78khxmx42.cloudfront.net\/2021\/01\/Victor Bernaudon Cointe-500x250.jpg","conference-width":500,"conference-height":250,"contest":"https:\/\/d2q6z78khxmx42.cloudfront.net\/2021\/01\/Victor Bernaudon Cointe-500x400.jpg","contest-width":500,"contest-height":400,"cta":"https:\/\/d2q6z78khxmx42.cloudfront.net\/2021\/01\/Victor Bernaudon Cointe-415x170.jpg","cta-width":415,"cta-height":170,"exhibitor":"https:\/\/d2q6z78khxmx42.cloudfront.net\/2021\/01\/Victor Bernaudon Cointe.jpg","exhibitor-width":500,"exhibitor-height":500,"gallery":"https:\/\/d2q6z78khxmx42.cloudfront.net\/2021\/01\/Victor Bernaudon Cointe-430x430.jpg","gallery-width":430,"gallery-height":430,"logo":"https:\/\/d2q6z78khxmx42.cloudfront.net\/2021\/01\/Victor Bernaudon Cointe-100x100.jpg","logo-width":100,"logo-height":100,"masonry":"https:\/\/d2q6z78khxmx42.cloudfront.net\/2021\/01\/Victor Bernaudon Cointe.jpg","masonry-width":500,"masonry-height":500,"modal":"https:\/\/d2q6z78khxmx42.cloudfront.net\/2021\/01\/Victor Bernaudon Cointe.jpg","modal-width":500,"modal-height":500,"number":"https:\/\/d2q6z78khxmx42.cloudfront.net\/2021\/01\/FNXeV8Hg-Victor Bernaudon Cointe-430x430.jpg","number-width":430,"number-height":430,"partner":"https:\/\/d2q6z78khxmx42.cloudfront.net\/2021\/01\/Victor Bernaudon Cointe-210x210.jpg","partner-width":210,"partner-height":210,"ranking":"https:\/\/d2q6z78khxmx42.cloudfront.net\/2021\/01\/Victor Bernaudon Cointe.jpg","ranking-width":500,"ranking-height":500,"schedule":"https:\/\/d2q6z78khxmx42.cloudfront.net\/2021\/01\/Victor Bernaudon Cointe-500x360.jpg","schedule-width":500,"schedule-height":360,"slideshow":"https:\/\/d2q6z78khxmx42.cloudfront.net\/2021\/01\/Victor Bernaudon Cointe.jpg","slideshow-width":500,"slideshow-height":500}},"file":{"ID":37761,"id":37761,"title":"CV - Victor Bernaudon Cointe","filename":"CV - Victor Bernaudon Cointe.docx","filesize":0,"url":"https:\/\/int.design\/wp-content\/uploads\/2021\/01\/CV - Victor Bernaudon Cointe.docx","link":"https:\/\/int.design\/fr\/projets\/le-design-graphique-ca-bouge\/cv-victor-bernaudon-cointe\/","alt":"","author":"71","description":"","caption":"","name":"cv-victor-bernaudon-cointe","status":"inherit","uploaded_to":37497,"date":"2021-01-11 20:53:55","modified":"2021-01-11 20:55:49","menu_order":0,"mime_type":"application\/vnd.openxmlformats-officedocument.wordprocessingml.document","type":"application","subtype":"vnd.openxmlformats-officedocument.wordprocessingml.document","icon":"https:\/\/int.design\/wp-includes\/images\/media\/document.png"}},{"name":"Louis-Charles Lasnier","credit":"Cindy Boyce","image":{"ID":37762,"id":37762,"title":"Louis-Charles Lasnier","filename":"Louis-Charles Lasnier-scaled.jpg","filesize":0,"url":"https:\/\/int.design\/wp-content\/uploads\/2021\/01\/Louis-Charles Lasnier-scaled.jpg","link":"https:\/\/int.design\/fr\/projets\/le-design-graphique-ca-bouge\/louis-charles-lasnier\/","alt":"","author":"71","description":"","caption":"","name":"louis-charles-lasnier","status":"inherit","uploaded_to":37497,"date":"2021-01-11 20:53:56","modified":"2021-01-11 20:55:49","menu_order":0,"mime_type":"image\/jpeg","type":"image","subtype":"jpeg","icon":"https:\/\/int.design\/wp-includes\/images\/media\/default.png","width":2560,"height":1823,"sizes":{"thumbnail":"https:\/\/int.design\/wp-content\/uploads\/2021\/01\/Louis-Charles Lasnier-150x150.jpg","thumbnail-width":150,"thumbnail-height":150,"medium":"https:\/\/int.design\/wp-content\/uploads\/2021\/01\/Louis-Charles Lasnier-300x214.jpg","medium-width":300,"medium-height":214,"medium_large":"https:\/\/int.design\/wp-content\/uploads\/2021\/01\/Louis-Charles Lasnier-768x547.jpg","medium_large-width":768,"medium_large-height":547,"large":"https:\/\/int.design\/wp-content\/uploads\/2021\/01\/Louis-Charles Lasnier-1024x729.jpg","large-width":1024,"large-height":729,"1536x1536":"https:\/\/int.design\/wp-content\/uploads\/2021\/01\/Louis-Charles Lasnier-1536x1094.jpg","1536x1536-width":1536,"1536x1536-height":1094,"2048x2048":"https:\/\/int.design\/wp-content\/uploads\/2021\/01\/Louis-Charles Lasnier-2048x1459.jpg","2048x2048-width":2048,"2048x2048-height":1459,"article":"https:\/\/int.design\/wp-content\/uploads\/2021\/01\/Louis-Charles Lasnier-960x540.jpg","article-width":960,"article-height":540,"banner":"https:\/\/int.design\/wp-content\/uploads\/2021\/01\/Louis-Charles Lasnier-1920x1367.jpg","banner-width":1920,"banner-height":1367,"block":"https:\/\/int.design\/wp-content\/uploads\/2021\/01\/Louis-Charles Lasnier-900x680.jpg","block-width":900,"block-height":680,"card":"https:\/\/int.design\/wp-content\/uploads\/2021\/01\/Louis-Charles Lasnier-560x495.jpg","card-width":560,"card-height":495,"card-thumbnail":"https:\/\/int.design\/wp-content\/uploads\/2021\/01\/Louis-Charles Lasnier-450x340.jpg","card-thumbnail-width":450,"card-thumbnail-height":340,"conference":"https:\/\/int.design\/wp-content\/uploads\/2021\/01\/Louis-Charles Lasnier-560x250.jpg","conference-width":560,"conference-height":250,"contest":"https:\/\/int.design\/wp-content\/uploads\/2021\/01\/Louis-Charles Lasnier-960x400.jpg","contest-width":960,"contest-height":400,"cta":"https:\/\/int.design\/wp-content\/uploads\/2021\/01\/Louis-Charles Lasnier-415x170.jpg","cta-width":415,"cta-height":170,"exhibitor":"https:\/\/int.design\/wp-content\/uploads\/2021\/01\/Louis-Charles Lasnier-560x560.jpg","exhibitor-width":560,"exhibitor-height":560,"gallery":"https:\/\/int.design\/wp-content\/uploads\/2021\/01\/Louis-Charles Lasnier-560x399.jpg","gallery-width":560,"gallery-height":399,"logo":"https:\/\/int.design\/wp-content\/uploads\/2021\/01\/Louis-Charles Lasnier-140x100.jpg","logo-width":140,"logo-height":100,"masonry":"https:\/\/int.design\/wp-content\/uploads\/2021\/01\/Louis-Charles Lasnier-550x392.jpg","masonry-width":550,"masonry-height":392,"modal":"https:\/\/int.design\/wp-content\/uploads\/2021\/01\/Louis-Charles Lasnier-1920x1367.jpg","modal-width":1920,"modal-height":1367,"number":"https:\/\/int.design\/wp-content\/uploads\/2021\/01\/Louis-Charles Lasnier-560x399.jpg","number-width":560,"number-height":399,"partner":"https:\/\/int.design\/wp-content\/uploads\/2021\/01\/Louis-Charles Lasnier-275x196.jpg","partner-width":275,"partner-height":196,"ranking":"https:\/\/int.design\/wp-content\/uploads\/2021\/01\/Louis-Charles Lasnier-960x540.jpg","ranking-width":960,"ranking-height":540,"schedule":"https:\/\/int.design\/wp-content\/uploads\/2021\/01\/Louis-Charles Lasnier-960x360.jpg","schedule-width":960,"schedule-height":360,"slideshow":"https:\/\/int.design\/wp-content\/uploads\/2021\/01\/Louis-Charles Lasnier-955x680.jpg","slideshow-width":955,"slideshow-height":680}},"file":{"ID":37763,"id":37763,"title":"CV - Louis-Charles Lasnier","filename":"CV - Louis-Charles Lasnier.docx","filesize":0,"url":"https:\/\/int.design\/wp-content\/uploads\/2021\/01\/CV - Louis-Charles Lasnier.docx","link":"https:\/\/int.design\/fr\/projets\/le-design-graphique-ca-bouge\/cv-louis-charles-lasnier\/","alt":"","author":"71","description":"","caption":"","name":"cv-louis-charles-lasnier","status":"inherit","uploaded_to":37497,"date":"2021-01-11 20:54:04","modified":"2021-01-11 20:55:49","menu_order":0,"mime_type":"application\/vnd.openxmlformats-officedocument.wordprocessingml.document","type":"application","subtype":"vnd.openxmlformats-officedocument.wordprocessingml.document","icon":"https:\/\/int.design\/wp-includes\/images\/media\/document.png"}}],"cover":[{"categories":[446],"credit":"Michel Brunelle","image":{"ID":37764,"id":37764,"title":"1 - Le design graphique, c\u0327a bouge - Centre de design\u2013UQAM","filename":"1 - Le design graphique, c\u0327a bouge - Centre de design\u2013UQAM-scaled.jpg","filesize":0,"url":"https:\/\/int.design\/wp-content\/uploads\/2021\/01\/1 - Le design graphique, c\u0327a bouge - Centre de design\u2013UQAM-scaled.jpg","link":"https:\/\/int.design\/fr\/projets\/le-design-graphique-ca-bouge\/1-le-design-graphique-c%cc%a7a-bouge-centre-de-design-uqam\/","alt":"","author":"71","description":"Le design graphique, \u00e7a bouge ! Centre de design \u2013 UQAM Louise Pelletier - Direction Victor Bernaudon Cointe et Louis-Charles Lasnier - Sc\u00e9nographie Victor Bernaudon Cointe et Vincent Thibault V\u00e9zina - Production Marc H. Choko Louis-Charles Lasnier La Fabrique culturelle \u00c9cole de design \u2013 UQAM MP repro Jolin Masson","caption":"","name":"1-le-design-graphique-c%cc%a7a-bouge-centre-de-design-uqam","status":"inherit","uploaded_to":37497,"date":"2021-01-11 20:54:05","modified":"2022-02-08 13:29:49","menu_order":0,"mime_type":"image\/jpeg","type":"image","subtype":"jpeg","icon":"https:\/\/int.design\/wp-includes\/images\/media\/default.png","width":2560,"height":1353,"sizes":{"thumbnail":"https:\/\/int.design\/wp-content\/uploads\/2021\/01\/1 - Le design graphique, c\u0327a bouge - Centre de design\u2013UQAM-150x150.jpg","thumbnail-width":150,"thumbnail-height":150,"medium":"https:\/\/int.design\/wp-content\/uploads\/2021\/01\/1 - Le design graphique, c\u0327a bouge - Centre de design\u2013UQAM-300x159.jpg","medium-width":300,"medium-height":159,"medium_large":"https:\/\/int.design\/wp-content\/uploads\/2021\/01\/1 - Le design graphique, c\u0327a bouge - Centre de design\u2013UQAM-768x406.jpg","medium_large-width":768,"medium_large-height":406,"large":"https:\/\/int.design\/wp-content\/uploads\/2021\/01\/1 - Le design graphique, c\u0327a bouge - Centre de design\u2013UQAM-1024x541.jpg","large-width":1024,"large-height":541,"1536x1536":"https:\/\/int.design\/wp-content\/uploads\/2021\/01\/1 - Le design graphique, c\u0327a bouge - Centre de design\u2013UQAM-1536x812.jpg","1536x1536-width":1536,"1536x1536-height":812,"2048x2048":"https:\/\/int.design\/wp-content\/uploads\/2021\/01\/1 - Le design graphique, c\u0327a bouge - Centre de design\u2013UQAM-2048x1082.jpg","2048x2048-width":2048,"2048x2048-height":1082,"article":"https:\/\/int.design\/wp-content\/uploads\/2021\/01\/1 - Le design graphique, c\u0327a bouge - Centre de design\u2013UQAM-960x540.jpg","article-width":960,"article-height":540,"banner":"https:\/\/int.design\/wp-content\/uploads\/2021\/01\/1 - Le design graphique, c\u0327a bouge - Centre de design\u2013UQAM-1920x1015.jpg","banner-width":1920,"banner-height":1015,"block":"https:\/\/int.design\/wp-content\/uploads\/2021\/01\/1 - Le design graphique, c\u0327a bouge - Centre de design\u2013UQAM-900x680.jpg","block-width":900,"block-height":680,"card":"https:\/\/int.design\/wp-content\/uploads\/2021\/01\/1 - Le design graphique, c\u0327a bouge - Centre de design\u2013UQAM-560x495.jpg","card-width":560,"card-height":495,"card-thumbnail":"https:\/\/int.design\/wp-content\/uploads\/2021\/01\/1 - Le design graphique, c\u0327a bouge - Centre de design\u2013UQAM-450x340.jpg","card-thumbnail-width":450,"card-thumbnail-height":340,"conference":"https:\/\/int.design\/wp-content\/uploads\/2021\/01\/1 - Le design graphique, c\u0327a bouge - Centre de design\u2013UQAM-560x250.jpg","conference-width":560,"conference-height":250,"contest":"https:\/\/int.design\/wp-content\/uploads\/2021\/01\/1 - Le design graphique, c\u0327a bouge - Centre de design\u2013UQAM-960x400.jpg","contest-width":960,"contest-height":400,"cta":"https:\/\/int.design\/wp-content\/uploads\/2021\/01\/1 - Le design graphique, c\u0327a bouge - Centre de design\u2013UQAM-415x170.jpg","cta-width":415,"cta-height":170,"exhibitor":"https:\/\/int.design\/wp-content\/uploads\/2021\/01\/1 - Le design graphique, c\u0327a bouge - Centre de design\u2013UQAM-560x560.jpg","exhibitor-width":560,"exhibitor-height":560,"gallery":"https:\/\/int.design\/wp-content\/uploads\/2021\/01\/1 - Le design graphique, c\u0327a bouge - Centre de design\u2013UQAM-560x296.jpg","gallery-width":560,"gallery-height":296,"logo":"https:\/\/int.design\/wp-content\/uploads\/2021\/01\/1 - Le design graphique, c\u0327a bouge - Centre de design\u2013UQAM-189x100.jpg","logo-width":189,"logo-height":100,"masonry":"https:\/\/int.design\/wp-content\/uploads\/2021\/01\/1 - Le design graphique, c\u0327a bouge - Centre de design\u2013UQAM-550x291.jpg","masonry-width":550,"masonry-height":291,"modal":"https:\/\/int.design\/wp-content\/uploads\/2021\/01\/1 - Le design graphique, c\u0327a bouge - Centre de design\u2013UQAM-1920x1015.jpg","modal-width":1920,"modal-height":1015,"number":"https:\/\/int.design\/wp-content\/uploads\/2021\/01\/1 - Le design graphique, c\u0327a bouge - Centre de design\u2013UQAM-560x296.jpg","number-width":560,"number-height":296,"partner":"https:\/\/int.design\/wp-content\/uploads\/2021\/01\/1 - Le design graphique, c\u0327a bouge - Centre de design\u2013UQAM-275x145.jpg","partner-width":275,"partner-height":145,"ranking":"https:\/\/int.design\/wp-content\/uploads\/2021\/01\/1 - Le design graphique, c\u0327a bouge - Centre de design\u2013UQAM-960x540.jpg","ranking-width":960,"ranking-height":540,"schedule":"https:\/\/int.design\/wp-content\/uploads\/2021\/01\/1 - Le design graphique, c\u0327a bouge - Centre de design\u2013UQAM-960x360.jpg","schedule-width":960,"schedule-height":360,"slideshow":"https:\/\/int.design\/wp-content\/uploads\/2021\/01\/1 - Le design graphique, c\u0327a bouge - Centre de design\u2013UQAM-1287x680.jpg","slideshow-width":1287,"slideshow-height":680}},"filters":[99],"suppliers":false,"attachment_category":{"99":"Culture\/divertissement"}}],"images":[{"categories":[446],"credit":"Michel Brunelle","image":{"ID":37765,"id":37765,"title":"2 - Le design graphique, c\u0327a bouge - Centre de design\u2013UQAM","filename":"2 - Le design graphique, c\u0327a bouge - Centre de design\u2013UQAM-scaled.jpg","filesize":0,"url":"https:\/\/int.design\/wp-content\/uploads\/2021\/01\/2 - Le design graphique, c\u0327a bouge - Centre de design\u2013UQAM-scaled.jpg","link":"https:\/\/int.design\/fr\/projets\/le-design-graphique-ca-bouge\/2-le-design-graphique-c%cc%a7a-bouge-centre-de-design-uqam\/","alt":"","author":"71","description":"Le design graphique, \u00e7a bouge ! Centre de design \u2013 UQAM Louise Pelletier - Direction Victor Bernaudon Cointe et Louis-Charles Lasnier - Sc\u00e9nographie Victor Bernaudon Cointe et Vincent Thibault V\u00e9zina - Production Marc H. Choko Louis-Charles Lasnier La Fabrique culturelle \u00c9cole de design \u2013 UQAM MP repro Jolin Masson","caption":"","name":"2-le-design-graphique-c%cc%a7a-bouge-centre-de-design-uqam","status":"inherit","uploaded_to":37497,"date":"2021-01-11 20:54:16","modified":"2022-02-08 13:30:13","menu_order":0,"mime_type":"image\/jpeg","type":"image","subtype":"jpeg","icon":"https:\/\/int.design\/wp-includes\/images\/media\/default.png","width":2560,"height":1374,"sizes":{"thumbnail":"https:\/\/int.design\/wp-content\/uploads\/2021\/01\/2 - Le design graphique, c\u0327a bouge - Centre de design\u2013UQAM-150x150.jpg","thumbnail-width":150,"thumbnail-height":150,"medium":"https:\/\/int.design\/wp-content\/uploads\/2021\/01\/2 - Le design graphique, c\u0327a bouge - Centre de design\u2013UQAM-300x161.jpg","medium-width":300,"medium-height":161,"medium_large":"https:\/\/int.design\/wp-content\/uploads\/2021\/01\/2 - Le design graphique, c\u0327a bouge - Centre de design\u2013UQAM-768x412.jpg","medium_large-width":768,"medium_large-height":412,"large":"https:\/\/int.design\/wp-content\/uploads\/2021\/01\/2 - Le design graphique, c\u0327a bouge - Centre de design\u2013UQAM-1024x550.jpg","large-width":1024,"large-height":550,"1536x1536":"https:\/\/int.design\/wp-content\/uploads\/2021\/01\/2 - Le design graphique, c\u0327a bouge - Centre de design\u2013UQAM-1536x824.jpg","1536x1536-width":1536,"1536x1536-height":824,"2048x2048":"https:\/\/int.design\/wp-content\/uploads\/2021\/01\/2 - Le design graphique, c\u0327a bouge - Centre de design\u2013UQAM-2048x1099.jpg","2048x2048-width":2048,"2048x2048-height":1099,"article":"https:\/\/int.design\/wp-content\/uploads\/2021\/01\/2 - Le design graphique, c\u0327a bouge - Centre de design\u2013UQAM-960x540.jpg","article-width":960,"article-height":540,"banner":"https:\/\/int.design\/wp-content\/uploads\/2021\/01\/2 - Le design graphique, c\u0327a bouge - Centre de design\u2013UQAM-1920x1030.jpg","banner-width":1920,"banner-height":1030,"block":"https:\/\/int.design\/wp-content\/uploads\/2021\/01\/2 - Le design graphique, c\u0327a bouge - Centre de design\u2013UQAM-900x680.jpg","block-width":900,"block-height":680,"card":"https:\/\/int.design\/wp-content\/uploads\/2021\/01\/2 - Le design graphique, c\u0327a bouge - Centre de design\u2013UQAM-560x495.jpg","card-width":560,"card-height":495,"card-thumbnail":"https:\/\/int.design\/wp-content\/uploads\/2021\/01\/2 - Le design graphique, c\u0327a bouge - Centre de design\u2013UQAM-450x340.jpg","card-thumbnail-width":450,"card-thumbnail-height":340,"conference":"https:\/\/int.design\/wp-content\/uploads\/2021\/01\/2 - Le design graphique, c\u0327a bouge - Centre de design\u2013UQAM-560x250.jpg","conference-width":560,"conference-height":250,"contest":"https:\/\/int.design\/wp-content\/uploads\/2021\/01\/2 - Le design graphique, c\u0327a bouge - Centre de design\u2013UQAM-960x400.jpg","contest-width":960,"contest-height":400,"cta":"https:\/\/int.design\/wp-content\/uploads\/2021\/01\/2 - Le design graphique, c\u0327a bouge - Centre de design\u2013UQAM-415x170.jpg","cta-width":415,"cta-height":170,"exhibitor":"https:\/\/int.design\/wp-content\/uploads\/2021\/01\/2 - Le design graphique, c\u0327a bouge - Centre de design\u2013UQAM-560x560.jpg","exhibitor-width":560,"exhibitor-height":560,"gallery":"https:\/\/int.design\/wp-content\/uploads\/2021\/01\/2 - Le design graphique, c\u0327a bouge - Centre de design\u2013UQAM-560x301.jpg","gallery-width":560,"gallery-height":301,"logo":"https:\/\/int.design\/wp-content\/uploads\/2021\/01\/2 - Le design graphique, c\u0327a bouge - Centre de design\u2013UQAM-186x100.jpg","logo-width":186,"logo-height":100,"masonry":"https:\/\/int.design\/wp-content\/uploads\/2021\/01\/2 - Le design graphique, c\u0327a bouge - Centre de design\u2013UQAM-550x295.jpg","masonry-width":550,"masonry-height":295,"modal":"https:\/\/int.design\/wp-content\/uploads\/2021\/01\/2 - Le design graphique, c\u0327a bouge - Centre de design\u2013UQAM-1920x1030.jpg","modal-width":1920,"modal-height":1030,"number":"https:\/\/int.design\/wp-content\/uploads\/2021\/01\/2 - Le design graphique, c\u0327a bouge - Centre de design\u2013UQAM-560x301.jpg","number-width":560,"number-height":301,"partner":"https:\/\/int.design\/wp-content\/uploads\/2021\/01\/2 - Le design graphique, c\u0327a bouge - Centre de design\u2013UQAM-275x148.jpg","partner-width":275,"partner-height":148,"ranking":"https:\/\/int.design\/wp-content\/uploads\/2021\/01\/2 - Le design graphique, c\u0327a bouge - Centre de design\u2013UQAM-960x540.jpg","ranking-width":960,"ranking-height":540,"schedule":"https:\/\/int.design\/wp-content\/uploads\/2021\/01\/2 - Le design graphique, c\u0327a bouge - Centre de design\u2013UQAM-960x360.jpg","schedule-width":960,"schedule-height":360,"slideshow":"https:\/\/int.design\/wp-content\/uploads\/2021\/01\/2 - Le design graphique, c\u0327a bouge - Centre de design\u2013UQAM-1267x680.jpg","slideshow-width":1267,"slideshow-height":680}},"filters":[99],"suppliers":false,"attachment_category":[]},{"categories":[446],"credit":"Michel Brunelle","image":{"ID":37766,"id":37766,"title":"3 - Le design graphique, c\u0327a bouge - Centre de design\u2013UQAM","filename":"3 - Le design graphique, c\u0327a bouge - Centre de design\u2013UQAM-scaled.jpg","filesize":0,"url":"https:\/\/int.design\/wp-content\/uploads\/2021\/01\/3 - Le design graphique, c\u0327a bouge - Centre de design\u2013UQAM-scaled.jpg","link":"https:\/\/int.design\/fr\/projets\/le-design-graphique-ca-bouge\/3-le-design-graphique-c%cc%a7a-bouge-centre-de-design-uqam\/","alt":"","author":"71","description":"Le design graphique, \u00e7a bouge ! Centre de design \u2013 UQAM Louise Pelletier - Direction Victor Bernaudon Cointe et Louis-Charles Lasnier - Sc\u00e9nographie Victor Bernaudon Cointe et Vincent Thibault V\u00e9zina - Production Marc H. Choko Louis-Charles Lasnier La Fabrique culturelle \u00c9cole de design \u2013 UQAM MP repro Jolin Masson","caption":"","name":"3-le-design-graphique-c%cc%a7a-bouge-centre-de-design-uqam","status":"inherit","uploaded_to":37497,"date":"2021-01-11 20:54:27","modified":"2022-02-08 13:30:36","menu_order":0,"mime_type":"image\/jpeg","type":"image","subtype":"jpeg","icon":"https:\/\/int.design\/wp-includes\/images\/media\/default.png","width":2560,"height":1437,"sizes":{"thumbnail":"https:\/\/int.design\/wp-content\/uploads\/2021\/01\/3 - Le design graphique, c\u0327a bouge - Centre de design\u2013UQAM-150x150.jpg","thumbnail-width":150,"thumbnail-height":150,"medium":"https:\/\/int.design\/wp-content\/uploads\/2021\/01\/3 - Le design graphique, c\u0327a bouge - Centre de design\u2013UQAM-300x168.jpg","medium-width":300,"medium-height":168,"medium_large":"https:\/\/int.design\/wp-content\/uploads\/2021\/01\/3 - Le design graphique, c\u0327a bouge - Centre de design\u2013UQAM-768x431.jpg","medium_large-width":768,"medium_large-height":431,"large":"https:\/\/int.design\/wp-content\/uploads\/2021\/01\/3 - Le design graphique, c\u0327a bouge - Centre de design\u2013UQAM-1024x575.jpg","large-width":1024,"large-height":575,"1536x1536":"https:\/\/int.design\/wp-content\/uploads\/2021\/01\/3 - Le design graphique, c\u0327a bouge - Centre de design\u2013UQAM-1536x862.jpg","1536x1536-width":1536,"1536x1536-height":862,"2048x2048":"https:\/\/int.design\/wp-content\/uploads\/2021\/01\/3 - Le design graphique, c\u0327a bouge - Centre de design\u2013UQAM-2048x1149.jpg","2048x2048-width":2048,"2048x2048-height":1149,"article":"https:\/\/int.design\/wp-content\/uploads\/2021\/01\/3 - Le design graphique, c\u0327a bouge - Centre de design\u2013UQAM-960x540.jpg","article-width":960,"article-height":540,"banner":"https:\/\/int.design\/wp-content\/uploads\/2021\/01\/3 - Le design graphique, c\u0327a bouge - Centre de design\u2013UQAM-1920x1078.jpg","banner-width":1920,"banner-height":1078,"block":"https:\/\/int.design\/wp-content\/uploads\/2021\/01\/3 - Le design graphique, c\u0327a bouge - Centre de design\u2013UQAM-900x680.jpg","block-width":900,"block-height":680,"card":"https:\/\/int.design\/wp-content\/uploads\/2021\/01\/3 - Le design graphique, c\u0327a bouge - Centre de design\u2013UQAM-560x495.jpg","card-width":560,"card-height":495,"card-thumbnail":"https:\/\/int.design\/wp-content\/uploads\/2021\/01\/3 - Le design graphique, c\u0327a bouge - Centre de design\u2013UQAM-450x340.jpg","card-thumbnail-width":450,"card-thumbnail-height":340,"conference":"https:\/\/int.design\/wp-content\/uploads\/2021\/01\/3 - Le design graphique, c\u0327a bouge - Centre de design\u2013UQAM-560x250.jpg","conference-width":560,"conference-height":250,"contest":"https:\/\/int.design\/wp-content\/uploads\/2021\/01\/3 - Le design graphique, c\u0327a bouge - Centre de design\u2013UQAM-960x400.jpg","contest-width":960,"contest-height":400,"cta":"https:\/\/int.design\/wp-content\/uploads\/2021\/01\/3 - Le design graphique, c\u0327a bouge - Centre de design\u2013UQAM-415x170.jpg","cta-width":415,"cta-height":170,"exhibitor":"https:\/\/int.design\/wp-content\/uploads\/2021\/01\/3 - Le design graphique, c\u0327a bouge - Centre de design\u2013UQAM-560x560.jpg","exhibitor-width":560,"exhibitor-height":560,"gallery":"https:\/\/int.design\/wp-content\/uploads\/2021\/01\/3 - Le design graphique, c\u0327a bouge - Centre de design\u2013UQAM-560x314.jpg","gallery-width":560,"gallery-height":314,"logo":"https:\/\/int.design\/wp-content\/uploads\/2021\/01\/3 - Le design graphique, c\u0327a bouge - Centre de design\u2013UQAM-178x100.jpg","logo-width":178,"logo-height":100,"masonry":"https:\/\/int.design\/wp-content\/uploads\/2021\/01\/3 - Le design graphique, c\u0327a bouge - Centre de design\u2013UQAM-550x309.jpg","masonry-width":550,"masonry-height":309,"modal":"https:\/\/int.design\/wp-content\/uploads\/2021\/01\/3 - Le design graphique, c\u0327a bouge - Centre de design\u2013UQAM-1920x1078.jpg","modal-width":1920,"modal-height":1078,"number":"https:\/\/int.design\/wp-content\/uploads\/2021\/01\/3 - Le design graphique, c\u0327a bouge - Centre de design\u2013UQAM-560x314.jpg","number-width":560,"number-height":314,"partner":"https:\/\/int.design\/wp-content\/uploads\/2021\/01\/3 - Le design graphique, c\u0327a bouge - Centre de design\u2013UQAM-275x154.jpg","partner-width":275,"partner-height":154,"ranking":"https:\/\/int.design\/wp-content\/uploads\/2021\/01\/3 - Le design graphique, c\u0327a bouge - Centre de design\u2013UQAM-960x540.jpg","ranking-width":960,"ranking-height":540,"schedule":"https:\/\/int.design\/wp-content\/uploads\/2021\/01\/3 - Le design graphique, c\u0327a bouge - Centre de design\u2013UQAM-960x360.jpg","schedule-width":960,"schedule-height":360,"slideshow":"https:\/\/int.design\/wp-content\/uploads\/2021\/01\/3 - Le design graphique, c\u0327a bouge - Centre de design\u2013UQAM-1212x680.jpg","slideshow-width":1212,"slideshow-height":680}},"filters":[99],"suppliers":false,"attachment_category":[]},{"categories":[446],"credit":"Benoit Rousseau","image":{"ID":37767,"id":37767,"title":"4 - Le design graphique, c\u0327a bouge - Centre de design\u2013UQAM","filename":"4 - Le design graphique, c\u0327a bouge - Centre de design\u2013UQAM-scaled.jpg","filesize":0,"url":"https:\/\/int.design\/wp-content\/uploads\/2021\/01\/4 - Le design graphique, c\u0327a bouge - Centre de design\u2013UQAM-scaled.jpg","link":"https:\/\/int.design\/fr\/projets\/le-design-graphique-ca-bouge\/4-le-design-graphique-c%cc%a7a-bouge-centre-de-design-uqam\/","alt":"","author":"71","description":"Le design graphique, \u00e7a bouge ! Centre de design \u2013 UQAM Louise Pelletier - Direction Victor Bernaudon Cointe et Louis-Charles Lasnier - Sc\u00e9nographie Victor Bernaudon Cointe et Vincent Thibault V\u00e9zina - Production Marc H. Choko Louis-Charles Lasnier La Fabrique culturelle \u00c9cole de design \u2013 UQAM MP repro Jolin Masson","caption":"","name":"4-le-design-graphique-c%cc%a7a-bouge-centre-de-design-uqam","status":"inherit","uploaded_to":37497,"date":"2021-01-11 20:54:38","modified":"2022-02-08 13:30:56","menu_order":0,"mime_type":"image\/jpeg","type":"image","subtype":"jpeg","icon":"https:\/\/int.design\/wp-includes\/images\/media\/default.png","width":1707,"height":2560,"sizes":{"thumbnail":"https:\/\/int.design\/wp-content\/uploads\/2021\/01\/4 - Le design graphique, c\u0327a bouge - Centre de design\u2013UQAM-150x150.jpg","thumbnail-width":150,"thumbnail-height":150,"medium":"https:\/\/int.design\/wp-content\/uploads\/2021\/01\/4 - Le design graphique, c\u0327a bouge - Centre de design\u2013UQAM-200x300.jpg","medium-width":200,"medium-height":300,"medium_large":"https:\/\/int.design\/wp-content\/uploads\/2021\/01\/4 - Le design graphique, c\u0327a bouge - Centre de design\u2013UQAM-768x1152.jpg","medium_large-width":768,"medium_large-height":1152,"large":"https:\/\/int.design\/wp-content\/uploads\/2021\/01\/4 - Le design graphique, c\u0327a bouge - Centre de design\u2013UQAM-683x1024.jpg","large-width":683,"large-height":1024,"1536x1536":"https:\/\/int.design\/wp-content\/uploads\/2021\/01\/4 - Le design graphique, c\u0327a bouge - Centre de design\u2013UQAM-1024x1536.jpg","1536x1536-width":1024,"1536x1536-height":1536,"2048x2048":"https:\/\/int.design\/wp-content\/uploads\/2021\/01\/4 - Le design graphique, c\u0327a bouge - Centre de design\u2013UQAM-1366x2048.jpg","2048x2048-width":1366,"2048x2048-height":2048,"article":"https:\/\/int.design\/wp-content\/uploads\/2021\/01\/4 - Le design graphique, c\u0327a bouge - Centre de design\u2013UQAM-960x540.jpg","article-width":960,"article-height":540,"banner":"https:\/\/int.design\/wp-content\/uploads\/2021\/01\/4 - Le design graphique, c\u0327a bouge - Centre de design\u2013UQAM-1920x2880.jpg","banner-width":1920,"banner-height":2880,"block":"https:\/\/int.design\/wp-content\/uploads\/2021\/01\/4 - Le design graphique, c\u0327a bouge - Centre de design\u2013UQAM-900x680.jpg","block-width":900,"block-height":680,"card":"https:\/\/int.design\/wp-content\/uploads\/2021\/01\/4 - Le design graphique, c\u0327a bouge - Centre de design\u2013UQAM-560x495.jpg","card-width":560,"card-height":495,"card-thumbnail":"https:\/\/int.design\/wp-content\/uploads\/2021\/01\/4 - Le design graphique, c\u0327a bouge - Centre de design\u2013UQAM-450x340.jpg","card-thumbnail-width":450,"card-thumbnail-height":340,"conference":"https:\/\/int.design\/wp-content\/uploads\/2021\/01\/4 - Le design graphique, c\u0327a bouge - Centre de design\u2013UQAM-560x250.jpg","conference-width":560,"conference-height":250,"contest":"https:\/\/int.design\/wp-content\/uploads\/2021\/01\/4 - Le design graphique, c\u0327a bouge - Centre de design\u2013UQAM-960x400.jpg","contest-width":960,"contest-height":400,"cta":"https:\/\/int.design\/wp-content\/uploads\/2021\/01\/4 - Le design graphique, c\u0327a bouge - Centre de design\u2013UQAM-415x170.jpg","cta-width":415,"cta-height":170,"exhibitor":"https:\/\/int.design\/wp-content\/uploads\/2021\/01\/4 - Le design graphique, c\u0327a bouge - Centre de design\u2013UQAM-560x560.jpg","exhibitor-width":560,"exhibitor-height":560,"gallery":"https:\/\/int.design\/wp-content\/uploads\/2021\/01\/4 - Le design graphique, c\u0327a bouge - Centre de design\u2013UQAM-287x430.jpg","gallery-width":287,"gallery-height":430,"logo":"https:\/\/int.design\/wp-content\/uploads\/2021\/01\/4 - Le design graphique, c\u0327a bouge - Centre de design\u2013UQAM-67x100.jpg","logo-width":67,"logo-height":100,"masonry":"https:\/\/int.design\/wp-content\/uploads\/2021\/01\/4 - Le design graphique, c\u0327a bouge - Centre de design\u2013UQAM-550x825.jpg","masonry-width":550,"masonry-height":825,"modal":"https:\/\/int.design\/wp-content\/uploads\/2021\/01\/4 - Le design graphique, c\u0327a bouge - Centre de design\u2013UQAM-1280x1920.jpg","modal-width":1280,"modal-height":1920,"number":"https:\/\/int.design\/wp-content\/uploads\/2021\/01\/4 - Le design graphique, c\u0327a bouge - Centre de design\u2013UQAM-287x430.jpg","number-width":287,"number-height":430,"partner":"https:\/\/int.design\/wp-content\/uploads\/2021\/01\/4 - Le design graphique, c\u0327a bouge - Centre de design\u2013UQAM-140x210.jpg","partner-width":140,"partner-height":210,"ranking":"https:\/\/int.design\/wp-content\/uploads\/2021\/01\/4 - Le design graphique, c\u0327a bouge - Centre de design\u2013UQAM-960x540.jpg","ranking-width":960,"ranking-height":540,"schedule":"https:\/\/int.design\/wp-content\/uploads\/2021\/01\/4 - Le design graphique, c\u0327a bouge - Centre de design\u2013UQAM-960x360.jpg","schedule-width":960,"schedule-height":360,"slideshow":"https:\/\/int.design\/wp-content\/uploads\/2021\/01\/4 - Le design graphique, c\u0327a bouge - Centre de design\u2013UQAM-453x680.jpg","slideshow-width":453,"slideshow-height":680}},"filters":[99],"suppliers":false,"attachment_category":[]},{"categories":[446],"credit":"Michel Brunelle","image":{"ID":37768,"id":37768,"title":"5 - Le design graphique, c\u0327a bouge - Centre de design\u2013UQAM","filename":"5 - Le design graphique, c\u0327a bouge - Centre de design\u2013UQAM-scaled.jpg","filesize":0,"url":"https:\/\/int.design\/wp-content\/uploads\/2021\/01\/5 - Le design graphique, c\u0327a bouge - Centre de design\u2013UQAM-scaled.jpg","link":"https:\/\/int.design\/fr\/projets\/le-design-graphique-ca-bouge\/5-le-design-graphique-c%cc%a7a-bouge-centre-de-design-uqam\/","alt":"","author":"71","description":"Le design graphique, \u00e7a bouge ! Centre de design \u2013 UQAM Louise Pelletier - Direction Victor Bernaudon Cointe et Louis-Charles Lasnier - Sc\u00e9nographie Victor Bernaudon Cointe et Vincent Thibault V\u00e9zina - Production Marc H. Choko Louis-Charles Lasnier La Fabrique culturelle \u00c9cole de design \u2013 UQAM MP repro Jolin Masson","caption":"","name":"5-le-design-graphique-c%cc%a7a-bouge-centre-de-design-uqam","status":"inherit","uploaded_to":37497,"date":"2021-01-11 20:54:50","modified":"2022-02-08 13:31:17","menu_order":0,"mime_type":"image\/jpeg","type":"image","subtype":"jpeg","icon":"https:\/\/int.design\/wp-includes\/images\/media\/default.png","width":2560,"height":1138,"sizes":{"thumbnail":"https:\/\/int.design\/wp-content\/uploads\/2021\/01\/5 - Le design graphique, c\u0327a bouge - Centre de design\u2013UQAM-150x150.jpg","thumbnail-width":150,"thumbnail-height":150,"medium":"https:\/\/int.design\/wp-content\/uploads\/2021\/01\/5 - Le design graphique, c\u0327a bouge - Centre de design\u2013UQAM-300x133.jpg","medium-width":300,"medium-height":133,"medium_large":"https:\/\/int.design\/wp-content\/uploads\/2021\/01\/5 - Le design graphique, c\u0327a bouge - Centre de design\u2013UQAM-768x341.jpg","medium_large-width":768,"medium_large-height":341,"large":"https:\/\/int.design\/wp-content\/uploads\/2021\/01\/5 - Le design graphique, c\u0327a bouge - Centre de design\u2013UQAM-1024x455.jpg","large-width":1024,"large-height":455,"1536x1536":"https:\/\/int.design\/wp-content\/uploads\/2021\/01\/5 - Le design graphique, c\u0327a bouge - Centre de design\u2013UQAM-1536x683.jpg","1536x1536-width":1536,"1536x1536-height":683,"2048x2048":"https:\/\/int.design\/wp-content\/uploads\/2021\/01\/5 - Le design graphique, c\u0327a bouge - Centre de design\u2013UQAM-2048x911.jpg","2048x2048-width":2048,"2048x2048-height":911,"article":"https:\/\/int.design\/wp-content\/uploads\/2021\/01\/5 - Le design graphique, c\u0327a bouge - Centre de design\u2013UQAM-960x540.jpg","article-width":960,"article-height":540,"banner":"https:\/\/int.design\/wp-content\/uploads\/2021\/01\/5 - Le design graphique, c\u0327a bouge - Centre de design\u2013UQAM-1920x854.jpg","banner-width":1920,"banner-height":854,"block":"https:\/\/int.design\/wp-content\/uploads\/2021\/01\/5 - Le design graphique, c\u0327a bouge - Centre de design\u2013UQAM-900x680.jpg","block-width":900,"block-height":680,"card":"https:\/\/int.design\/wp-content\/uploads\/2021\/01\/5 - Le design graphique, c\u0327a bouge - Centre de design\u2013UQAM-560x495.jpg","card-width":560,"card-height":495,"card-thumbnail":"https:\/\/int.design\/wp-content\/uploads\/2021\/01\/5 - Le design graphique, c\u0327a bouge - Centre de design\u2013UQAM-450x340.jpg","card-thumbnail-width":450,"card-thumbnail-height":340,"conference":"https:\/\/int.design\/wp-content\/uploads\/2021\/01\/5 - Le design graphique, c\u0327a bouge - Centre de design\u2013UQAM-560x250.jpg","conference-width":560,"conference-height":250,"contest":"https:\/\/int.design\/wp-content\/uploads\/2021\/01\/5 - Le design graphique, c\u0327a bouge - Centre de design\u2013UQAM-960x400.jpg","contest-width":960,"contest-height":400,"cta":"https:\/\/int.design\/wp-content\/uploads\/2021\/01\/5 - Le design graphique, c\u0327a bouge - Centre de design\u2013UQAM-415x170.jpg","cta-width":415,"cta-height":170,"exhibitor":"https:\/\/int.design\/wp-content\/uploads\/2021\/01\/5 - Le design graphique, c\u0327a bouge - Centre de design\u2013UQAM-560x560.jpg","exhibitor-width":560,"exhibitor-height":560,"gallery":"https:\/\/int.design\/wp-content\/uploads\/2021\/01\/5 - Le design graphique, c\u0327a bouge - Centre de design\u2013UQAM-560x249.jpg","gallery-width":560,"gallery-height":249,"logo":"https:\/\/int.design\/wp-content\/uploads\/2021\/01\/5 - Le design graphique, c\u0327a bouge - Centre de design\u2013UQAM-225x100.jpg","logo-width":225,"logo-height":100,"masonry":"https:\/\/int.design\/wp-content\/uploads\/2021\/01\/5 - Le design graphique, c\u0327a bouge - Centre de design\u2013UQAM-550x245.jpg","masonry-width":550,"masonry-height":245,"modal":"https:\/\/int.design\/wp-content\/uploads\/2021\/01\/5 - Le design graphique, c\u0327a bouge - Centre de design\u2013UQAM-1920x854.jpg","modal-width":1920,"modal-height":854,"number":"https:\/\/int.design\/wp-content\/uploads\/2021\/01\/5 - Le design graphique, c\u0327a bouge - Centre de design\u2013UQAM-560x249.jpg","number-width":560,"number-height":249,"partner":"https:\/\/int.design\/wp-content\/uploads\/2021\/01\/5 - Le design graphique, c\u0327a bouge - Centre de design\u2013UQAM-275x122.jpg","partner-width":275,"partner-height":122,"ranking":"https:\/\/int.design\/wp-content\/uploads\/2021\/01\/5 - Le design graphique, c\u0327a bouge - Centre de design\u2013UQAM-960x540.jpg","ranking-width":960,"ranking-height":540,"schedule":"https:\/\/int.design\/wp-content\/uploads\/2021\/01\/5 - Le design graphique, c\u0327a bouge - Centre de design\u2013UQAM-960x360.jpg","schedule-width":960,"schedule-height":360,"slideshow":"https:\/\/int.design\/wp-content\/uploads\/2021\/01\/5 - Le design graphique, c\u0327a bouge - Centre de design\u2013UQAM-1529x680.jpg","slideshow-width":1529,"slideshow-height":680}},"filters":[99],"suppliers":false,"attachment_category":[]},{"categories":[446],"credit":"Michel Brunelle","image":{"ID":37769,"id":37769,"title":"6 - Le design graphique, c\u0327a bouge - Centre de design\u2013UQAM","filename":"6 - Le design graphique, c\u0327a bouge - Centre de design\u2013UQAM.jpg","filesize":0,"url":"https:\/\/d2q6z78khxmx42.cloudfront.net\/2021\/01\/6 - Le design graphique, c\u0327a bouge - Centre de design\u2013UQAM.jpg","link":"https:\/\/int.design\/fr\/projets\/le-design-graphique-ca-bouge\/6-le-design-graphique-c%cc%a7a-bouge-centre-de-design-uqam\/","alt":"","author":"71","description":"Le design graphique, \u00e7a bouge ! Centre de design \u2013 UQAM Louise Pelletier - Direction Victor Bernaudon Cointe et Louis-Charles Lasnier - Sc\u00e9nographie Victor Bernaudon Cointe et Vincent Thibault V\u00e9zina - Production Marc H. Choko Louis-Charles Lasnier La Fabrique culturelle \u00c9cole de design \u2013 UQAM MP repro Jolin Masson","caption":"","name":"6-le-design-graphique-c%cc%a7a-bouge-centre-de-design-uqam","status":"inherit","uploaded_to":37497,"date":"2021-01-11 20:54:59","modified":"2022-02-08 13:31:38","menu_order":0,"mime_type":"image\/jpeg","type":"image","subtype":"jpeg","icon":"https:\/\/int.design\/wp-includes\/images\/media\/default.png","width":1280,"height":830,"sizes":{"thumbnail":"https:\/\/d2q6z78khxmx42.cloudfront.net\/2021\/01\/6 - Le design graphique, c\u0327a bouge - Centre de design\u2013UQAM-150x150.jpg","thumbnail-width":150,"thumbnail-height":150,"medium":"https:\/\/d2q6z78khxmx42.cloudfront.net\/2021\/01\/6 - Le design graphique, c\u0327a bouge - Centre de design\u2013UQAM-300x195.jpg","medium-width":300,"medium-height":195,"medium_large":"https:\/\/d2q6z78khxmx42.cloudfront.net\/2021\/01\/6 - Le design graphique, c\u0327a bouge - Centre de design\u2013UQAM-768x498.jpg","medium_large-width":768,"medium_large-height":498,"large":"https:\/\/d2q6z78khxmx42.cloudfront.net\/2021\/01\/6 - Le design graphique, c\u0327a bouge - Centre de design\u2013UQAM-1024x664.jpg","large-width":1024,"large-height":664,"1536x1536":"https:\/\/d2q6z78khxmx42.cloudfront.net\/2021\/01\/6 - Le design graphique, c\u0327a bouge - Centre de design\u2013UQAM.jpg","1536x1536-width":1280,"1536x1536-height":830,"2048x2048":"https:\/\/d2q6z78khxmx42.cloudfront.net\/2021\/01\/6 - Le design graphique, c\u0327a bouge - Centre de design\u2013UQAM.jpg","2048x2048-width":1280,"2048x2048-height":830,"article":"https:\/\/d2q6z78khxmx42.cloudfront.net\/2021\/01\/6 - Le design graphique, c\u0327a bouge - Centre de design\u2013UQAM-960x540.jpg","article-width":960,"article-height":540,"banner":"https:\/\/d2q6z78khxmx42.cloudfront.net\/2021\/01\/6 - Le design graphique, c\u0327a bouge - Centre de design\u2013UQAM.jpg","banner-width":1280,"banner-height":830,"block":"https:\/\/d2q6z78khxmx42.cloudfront.net\/2021\/01\/6 - Le design graphique, c\u0327a bouge - Centre de design\u2013UQAM-900x680.jpg","block-width":900,"block-height":680,"card":"https:\/\/d2q6z78khxmx42.cloudfront.net\/2021\/01\/6 - Le design graphique, c\u0327a bouge - Centre de design\u2013UQAM-560x495.jpg","card-width":560,"card-height":495,"card-thumbnail":"https:\/\/d2q6z78khxmx42.cloudfront.net\/2021\/01\/6 - Le design graphique, c\u0327a bouge - Centre de design\u2013UQAM-450x340.jpg","card-thumbnail-width":450,"card-thumbnail-height":340,"conference":"https:\/\/d2q6z78khxmx42.cloudfront.net\/2021\/01\/6 - Le design graphique, c\u0327a bouge - Centre de design\u2013UQAM-560x250.jpg","conference-width":560,"conference-height":250,"contest":"https:\/\/d2q6z78khxmx42.cloudfront.net\/2021\/01\/6 - Le design graphique, c\u0327a bouge - Centre de design\u2013UQAM-960x400.jpg","contest-width":960,"contest-height":400,"cta":"https:\/\/d2q6z78khxmx42.cloudfront.net\/2021\/01\/6 - Le design graphique, c\u0327a bouge - Centre de design\u2013UQAM-415x170.jpg","cta-width":415,"cta-height":170,"exhibitor":"https:\/\/d2q6z78khxmx42.cloudfront.net\/2021\/01\/6 - Le design graphique, c\u0327a bouge - Centre de design\u2013UQAM-560x560.jpg","exhibitor-width":560,"exhibitor-height":560,"gallery":"https:\/\/d2q6z78khxmx42.cloudfront.net\/2021\/01\/6 - Le design graphique, c\u0327a bouge - Centre de design\u2013UQAM-560x363.jpg","gallery-width":560,"gallery-height":363,"logo":"https:\/\/d2q6z78khxmx42.cloudfront.net\/2021\/01\/6 - Le design graphique, c\u0327a bouge - Centre de design\u2013UQAM-154x100.jpg","logo-width":154,"logo-height":100,"masonry":"https:\/\/d2q6z78khxmx42.cloudfront.net\/2021\/01\/6 - Le design graphique, c\u0327a bouge - Centre de design\u2013UQAM-550x357.jpg","masonry-width":550,"masonry-height":357,"modal":"https:\/\/d2q6z78khxmx42.cloudfront.net\/2021\/01\/6 - Le design graphique, c\u0327a bouge - Centre de design\u2013UQAM.jpg","modal-width":1280,"modal-height":830,"number":"https:\/\/d2q6z78khxmx42.cloudfront.net\/2021\/01\/vtXVCn3h-6 - Le design graphique, c\u0327a bouge - Centre de design\u2013UQAM-560x363.jpg","number-width":560,"number-height":363,"partner":"https:\/\/d2q6z78khxmx42.cloudfront.net\/2021\/01\/6 - Le design graphique, c\u0327a bouge - Centre de design\u2013UQAM-275x178.jpg","partner-width":275,"partner-height":178,"ranking":"https:\/\/d2q6z78khxmx42.cloudfront.net\/2021\/01\/vtXVCn3h-6 - Le design graphique, c\u0327a bouge - Centre de design\u2013UQAM-960x540.jpg","ranking-width":960,"ranking-height":540,"schedule":"https:\/\/d2q6z78khxmx42.cloudfront.net\/2021\/01\/6 - Le design graphique, c\u0327a bouge - Centre de design\u2013UQAM-960x360.jpg","schedule-width":960,"schedule-height":360,"slideshow":"https:\/\/d2q6z78khxmx42.cloudfront.net\/2021\/01\/6 - Le design graphique, c\u0327a bouge - Centre de design\u2013UQAM-1049x680.jpg","slideshow-width":1049,"slideshow-height":680}},"filters":[99],"suppliers":false,"attachment_category":[]},{"categories":[446],"credit":"Michel Brunelle","image":{"ID":37770,"id":37770,"title":"7 - Le design graphique, c\u0327a bouge - Centre de design\u2013UQAM","filename":"7 - Le design graphique, c\u0327a bouge - Centre de design\u2013UQAM-scaled.jpg","filesize":0,"url":"https:\/\/int.design\/wp-content\/uploads\/2021\/01\/7 - Le design graphique, c\u0327a bouge - Centre de design\u2013UQAM-scaled.jpg","link":"https:\/\/int.design\/fr\/projets\/le-design-graphique-ca-bouge\/7-le-design-graphique-c%cc%a7a-bouge-centre-de-design-uqam\/","alt":"","author":"71","description":"Le design graphique, \u00e7a bouge ! Centre de design \u2013 UQAM Louise Pelletier - Direction Victor Bernaudon Cointe et Louis-Charles Lasnier - Sc\u00e9nographie Victor Bernaudon Cointe et Vincent Thibault V\u00e9zina - Production Marc H. Choko Louis-Charles Lasnier La Fabrique culturelle \u00c9cole de design \u2013 UQAM MP repro Jolin Masson","caption":"","name":"7-le-design-graphique-c%cc%a7a-bouge-centre-de-design-uqam","status":"inherit","uploaded_to":37497,"date":"2021-01-11 20:55:03","modified":"2022-02-08 13:31:58","menu_order":0,"mime_type":"image\/jpeg","type":"image","subtype":"jpeg","icon":"https:\/\/int.design\/wp-includes\/images\/media\/default.png","width":2560,"height":1492,"sizes":{"thumbnail":"https:\/\/int.design\/wp-content\/uploads\/2021\/01\/7 - Le design graphique, c\u0327a bouge - Centre de design\u2013UQAM-150x150.jpg","thumbnail-width":150,"thumbnail-height":150,"medium":"https:\/\/int.design\/wp-content\/uploads\/2021\/01\/7 - Le design graphique, c\u0327a bouge - Centre de design\u2013UQAM-300x175.jpg","medium-width":300,"medium-height":175,"medium_large":"https:\/\/int.design\/wp-content\/uploads\/2021\/01\/7 - Le design graphique, c\u0327a bouge - Centre de design\u2013UQAM-768x448.jpg","medium_large-width":768,"medium_large-height":448,"large":"https:\/\/int.design\/wp-content\/uploads\/2021\/01\/7 - Le design graphique, c\u0327a bouge - Centre de design\u2013UQAM-1024x597.jpg","large-width":1024,"large-height":597,"1536x1536":"https:\/\/int.design\/wp-content\/uploads\/2021\/01\/7 - Le design graphique, c\u0327a bouge - Centre de design\u2013UQAM-1536x895.jpg","1536x1536-width":1536,"1536x1536-height":895,"2048x2048":"https:\/\/int.design\/wp-content\/uploads\/2021\/01\/7 - Le design graphique, c\u0327a bouge - Centre de design\u2013UQAM-2048x1194.jpg","2048x2048-width":2048,"2048x2048-height":1194,"article":"https:\/\/int.design\/wp-content\/uploads\/2021\/01\/7 - Le design graphique, c\u0327a bouge - Centre de design\u2013UQAM-960x540.jpg","article-width":960,"article-height":540,"banner":"https:\/\/int.design\/wp-content\/uploads\/2021\/01\/7 - Le design graphique, c\u0327a bouge - Centre de design\u2013UQAM-1920x1119.jpg","banner-width":1920,"banner-height":1119,"block":"https:\/\/int.design\/wp-content\/uploads\/2021\/01\/7 - Le design graphique, c\u0327a bouge - Centre de design\u2013UQAM-900x680.jpg","block-width":900,"block-height":680,"card":"https:\/\/int.design\/wp-content\/uploads\/2021\/01\/7 - Le design graphique, c\u0327a bouge - Centre de design\u2013UQAM-560x495.jpg","card-width":560,"card-height":495,"card-thumbnail":"https:\/\/int.design\/wp-content\/uploads\/2021\/01\/7 - Le design graphique, c\u0327a bouge - Centre de design\u2013UQAM-450x340.jpg","card-thumbnail-width":450,"card-thumbnail-height":340,"conference":"https:\/\/int.design\/wp-content\/uploads\/2021\/01\/7 - Le design graphique, c\u0327a bouge - Centre de design\u2013UQAM-560x250.jpg","conference-width":560,"conference-height":250,"contest":"https:\/\/int.design\/wp-content\/uploads\/2021\/01\/7 - Le design graphique, c\u0327a bouge - Centre de design\u2013UQAM-960x400.jpg","contest-width":960,"contest-height":400,"cta":"https:\/\/int.design\/wp-content\/uploads\/2021\/01\/7 - Le design graphique, c\u0327a bouge - Centre de design\u2013UQAM-415x170.jpg","cta-width":415,"cta-height":170,"exhibitor":"https:\/\/int.design\/wp-content\/uploads\/2021\/01\/7 - Le design graphique, c\u0327a bouge - Centre de design\u2013UQAM-560x560.jpg","exhibitor-width":560,"exhibitor-height":560,"gallery":"https:\/\/int.design\/wp-content\/uploads\/2021\/01\/7 - Le design graphique, c\u0327a bouge - Centre de design\u2013UQAM-560x326.jpg","gallery-width":560,"gallery-height":326,"logo":"https:\/\/int.design\/wp-content\/uploads\/2021\/01\/7 - Le design graphique, c\u0327a bouge - Centre de design\u2013UQAM-172x100.jpg","logo-width":172,"logo-height":100,"masonry":"https:\/\/int.design\/wp-content\/uploads\/2021\/01\/7 - Le design graphique, c\u0327a bouge - Centre de design\u2013UQAM-550x321.jpg","masonry-width":550,"masonry-height":321,"modal":"https:\/\/int.design\/wp-content\/uploads\/2021\/01\/7 - Le design graphique, c\u0327a bouge - Centre de design\u2013UQAM-1920x1119.jpg","modal-width":1920,"modal-height":1119,"number":"https:\/\/int.design\/wp-content\/uploads\/2021\/01\/7 - Le design graphique, c\u0327a bouge - Centre de design\u2013UQAM-560x326.jpg","number-width":560,"number-height":326,"partner":"https:\/\/int.design\/wp-content\/uploads\/2021\/01\/7 - Le design graphique, c\u0327a bouge - Centre de design\u2013UQAM-275x160.jpg","partner-width":275,"partner-height":160,"ranking":"https:\/\/int.design\/wp-content\/uploads\/2021\/01\/7 - Le design graphique, c\u0327a bouge - Centre de design\u2013UQAM-960x540.jpg","ranking-width":960,"ranking-height":540,"schedule":"https:\/\/int.design\/wp-content\/uploads\/2021\/01\/7 - Le design graphique, c\u0327a bouge - Centre de design\u2013UQAM-960x360.jpg","schedule-width":960,"schedule-height":360,"slideshow":"https:\/\/int.design\/wp-content\/uploads\/2021\/01\/7 - Le design graphique, c\u0327a bouge - Centre de design\u2013UQAM-1167x680.jpg","slideshow-width":1167,"slideshow-height":680}},"filters":[99],"suppliers":false,"attachment_category":[]},{"categories":[446],"credit":"Michel Brunelle","image":{"ID":37771,"id":37771,"title":"8 - Le design graphique, c\u0327a bouge - Centre de design\u2013UQAM","filename":"8 - Le design graphique, c\u0327a bouge - Centre de design\u2013UQAM-scaled.jpg","filesize":0,"url":"https:\/\/int.design\/wp-content\/uploads\/2021\/01\/8 - Le design graphique, c\u0327a bouge - Centre de design\u2013UQAM-scaled.jpg","link":"https:\/\/int.design\/fr\/projets\/le-design-graphique-ca-bouge\/8-le-design-graphique-c%cc%a7a-bouge-centre-de-design-uqam\/","alt":"","author":"71","description":"Le design graphique, \u00e7a bouge ! Centre de design \u2013 UQAM Louise Pelletier - Direction Victor Bernaudon Cointe et Louis-Charles Lasnier - Sc\u00e9nographie Victor Bernaudon Cointe et Vincent Thibault V\u00e9zina - Production Marc H. Choko Louis-Charles Lasnier La Fabrique culturelle \u00c9cole de design \u2013 UQAM MP repro Jolin Masson","caption":"","name":"8-le-design-graphique-c%cc%a7a-bouge-centre-de-design-uqam","status":"inherit","uploaded_to":37497,"date":"2021-01-11 20:55:17","modified":"2022-02-08 13:32:21","menu_order":0,"mime_type":"image\/jpeg","type":"image","subtype":"jpeg","icon":"https:\/\/int.design\/wp-includes\/images\/media\/default.png","width":2560,"height":1394,"sizes":{"thumbnail":"https:\/\/int.design\/wp-content\/uploads\/2021\/01\/8 - Le design graphique, c\u0327a bouge - Centre de design\u2013UQAM-150x150.jpg","thumbnail-width":150,"thumbnail-height":150,"medium":"https:\/\/int.design\/wp-content\/uploads\/2021\/01\/8 - Le design graphique, c\u0327a bouge - Centre de design\u2013UQAM-300x163.jpg","medium-width":300,"medium-height":163,"medium_large":"https:\/\/int.design\/wp-content\/uploads\/2021\/01\/8 - Le design graphique, c\u0327a bouge - Centre de design\u2013UQAM-768x418.jpg","medium_large-width":768,"medium_large-height":418,"large":"https:\/\/int.design\/wp-content\/uploads\/2021\/01\/8 - Le design graphique, c\u0327a bouge - Centre de design\u2013UQAM-1024x558.jpg","large-width":1024,"large-height":558,"1536x1536":"https:\/\/int.design\/wp-content\/uploads\/2021\/01\/8 - Le design graphique, c\u0327a bouge - Centre de design\u2013UQAM-1536x836.jpg","1536x1536-width":1536,"1536x1536-height":836,"2048x2048":"https:\/\/int.design\/wp-content\/uploads\/2021\/01\/8 - Le design graphique, c\u0327a bouge - Centre de design\u2013UQAM-2048x1115.jpg","2048x2048-width":2048,"2048x2048-height":1115,"article":"https:\/\/int.design\/wp-content\/uploads\/2021\/01\/8 - Le design graphique, c\u0327a bouge - Centre de design\u2013UQAM-960x540.jpg","article-width":960,"article-height":540,"banner":"https:\/\/int.design\/wp-content\/uploads\/2021\/01\/8 - Le design graphique, c\u0327a bouge - Centre de design\u2013UQAM-1920x1045.jpg","banner-width":1920,"banner-height":1045,"block":"https:\/\/int.design\/wp-content\/uploads\/2021\/01\/8 - Le design graphique, c\u0327a bouge - Centre de design\u2013UQAM-900x680.jpg","block-width":900,"block-height":680,"card":"https:\/\/int.design\/wp-content\/uploads\/2021\/01\/8 - Le design graphique, c\u0327a bouge - Centre de design\u2013UQAM-560x495.jpg","card-width":560,"card-height":495,"card-thumbnail":"https:\/\/int.design\/wp-content\/uploads\/2021\/01\/8 - Le design graphique, c\u0327a bouge - Centre de design\u2013UQAM-450x340.jpg","card-thumbnail-width":450,"card-thumbnail-height":340,"conference":"https:\/\/int.design\/wp-content\/uploads\/2021\/01\/8 - Le design graphique, c\u0327a bouge - Centre de design\u2013UQAM-560x250.jpg","conference-width":560,"conference-height":250,"contest":"https:\/\/int.design\/wp-content\/uploads\/2021\/01\/8 - Le design graphique, c\u0327a bouge - Centre de design\u2013UQAM-960x400.jpg","contest-width":960,"contest-height":400,"cta":"https:\/\/int.design\/wp-content\/uploads\/2021\/01\/8 - Le design graphique, c\u0327a bouge - Centre de design\u2013UQAM-415x170.jpg","cta-width":415,"cta-height":170,"exhibitor":"https:\/\/int.design\/wp-content\/uploads\/2021\/01\/8 - Le design graphique, c\u0327a bouge - Centre de design\u2013UQAM-560x560.jpg","exhibitor-width":560,"exhibitor-height":560,"gallery":"https:\/\/int.design\/wp-content\/uploads\/2021\/01\/8 - Le design graphique, c\u0327a bouge - Centre de design\u2013UQAM-560x305.jpg","gallery-width":560,"gallery-height":305,"logo":"https:\/\/int.design\/wp-content\/uploads\/2021\/01\/8 - Le design graphique, c\u0327a bouge - Centre de design\u2013UQAM-184x100.jpg","logo-width":184,"logo-height":100,"masonry":"https:\/\/int.design\/wp-content\/uploads\/2021\/01\/8 - Le design graphique, c\u0327a bouge - Centre de design\u2013UQAM-550x299.jpg","masonry-width":550,"masonry-height":299,"modal":"https:\/\/int.design\/wp-content\/uploads\/2021\/01\/8 - Le design graphique, c\u0327a bouge - Centre de design\u2013UQAM-1920x1045.jpg","modal-width":1920,"modal-height":1045,"number":"https:\/\/int.design\/wp-content\/uploads\/2021\/01\/8 - Le design graphique, c\u0327a bouge - Centre de design\u2013UQAM-560x305.jpg","number-width":560,"number-height":305,"partner":"https:\/\/int.design\/wp-content\/uploads\/2021\/01\/8 - Le design graphique, c\u0327a bouge - Centre de design\u2013UQAM-275x150.jpg","partner-width":275,"partner-height":150,"ranking":"https:\/\/int.design\/wp-content\/uploads\/2021\/01\/8 - Le design graphique, c\u0327a bouge - Centre de design\u2013UQAM-960x540.jpg","ranking-width":960,"ranking-height":540,"schedule":"https:\/\/int.design\/wp-content\/uploads\/2021\/01\/8 - Le design graphique, c\u0327a bouge - Centre de design\u2013UQAM-960x360.jpg","schedule-width":960,"schedule-height":360,"slideshow":"https:\/\/int.design\/wp-content\/uploads\/2021\/01\/8 - Le design graphique, c\u0327a bouge - Centre de design\u2013UQAM-1249x680.jpg","slideshow-width":1249,"slideshow-height":680}},"filters":[99],"suppliers":false,"attachment_category":[]},{"categories":[446],"credit":"Michel Brunelle","image":{"ID":37772,"id":37772,"title":"9 - Le design graphique, c\u0327a bouge - Centre de design\u2013UQAM","filename":"9 - Le design graphique, c\u0327a bouge - Centre de design\u2013UQAM-scaled.jpg","filesize":0,"url":"https:\/\/int.design\/wp-content\/uploads\/2021\/01\/9 - Le design graphique, c\u0327a bouge - Centre de design\u2013UQAM-scaled.jpg","link":"https:\/\/int.design\/fr\/projets\/le-design-graphique-ca-bouge\/9-le-design-graphique-c%cc%a7a-bouge-centre-de-design-uqam\/","alt":"","author":"71","description":"Le design graphique, \u00e7a bouge ! Centre de design \u2013 UQAM Louise Pelletier - Direction Victor Bernaudon Cointe et Louis-Charles Lasnier - Sc\u00e9nographie Victor Bernaudon Cointe et Vincent Thibault V\u00e9zina - Production Marc H. Choko Louis-Charles Lasnier La Fabrique culturelle \u00c9cole de design \u2013 UQAM MP repro Jolin Masson","caption":"","name":"9-le-design-graphique-c%cc%a7a-bouge-centre-de-design-uqam","status":"inherit","uploaded_to":37497,"date":"2021-01-11 20:55:28","modified":"2022-02-08 13:32:42","menu_order":0,"mime_type":"image\/jpeg","type":"image","subtype":"jpeg","icon":"https:\/\/int.design\/wp-includes\/images\/media\/default.png","width":2560,"height":1453,"sizes":{"thumbnail":"https:\/\/int.design\/wp-content\/uploads\/2021\/01\/9 - Le design graphique, c\u0327a bouge - Centre de design\u2013UQAM-150x150.jpg","thumbnail-width":150,"thumbnail-height":150,"medium":"https:\/\/int.design\/wp-content\/uploads\/2021\/01\/9 - Le design graphique, c\u0327a bouge - Centre de design\u2013UQAM-300x170.jpg","medium-width":300,"medium-height":170,"medium_large":"https:\/\/int.design\/wp-content\/uploads\/2021\/01\/9 - Le design graphique, c\u0327a bouge - Centre de design\u2013UQAM-768x436.jpg","medium_large-width":768,"medium_large-height":436,"large":"https:\/\/int.design\/wp-content\/uploads\/2021\/01\/9 - Le design graphique, c\u0327a bouge - Centre de design\u2013UQAM-1024x581.jpg","large-width":1024,"large-height":581,"1536x1536":"https:\/\/int.design\/wp-content\/uploads\/2021\/01\/9 - Le design graphique, c\u0327a bouge - Centre de design\u2013UQAM-1536x872.jpg","1536x1536-width":1536,"1536x1536-height":872,"2048x2048":"https:\/\/int.design\/wp-content\/uploads\/2021\/01\/9 - Le design graphique, c\u0327a bouge - Centre de design\u2013UQAM-2048x1162.jpg","2048x2048-width":2048,"2048x2048-height":1162,"article":"https:\/\/int.design\/wp-content\/uploads\/2021\/01\/9 - Le design graphique, c\u0327a bouge - Centre de design\u2013UQAM-960x540.jpg","article-width":960,"article-height":540,"banner":"https:\/\/int.design\/wp-content\/uploads\/2021\/01\/9 - Le design graphique, c\u0327a bouge - Centre de design\u2013UQAM-1920x1090.jpg","banner-width":1920,"banner-height":1090,"block":"https:\/\/int.design\/wp-content\/uploads\/2021\/01\/9 - Le design graphique, c\u0327a bouge - Centre de design\u2013UQAM-900x680.jpg","block-width":900,"block-height":680,"card":"https:\/\/int.design\/wp-content\/uploads\/2021\/01\/9 - Le design graphique, c\u0327a bouge - Centre de design\u2013UQAM-560x495.jpg","card-width":560,"card-height":495,"card-thumbnail":"https:\/\/int.design\/wp-content\/uploads\/2021\/01\/9 - Le design graphique, c\u0327a bouge - Centre de design\u2013UQAM-450x340.jpg","card-thumbnail-width":450,"card-thumbnail-height":340,"conference":"https:\/\/int.design\/wp-content\/uploads\/2021\/01\/9 - Le design graphique, c\u0327a bouge - Centre de design\u2013UQAM-560x250.jpg","conference-width":560,"conference-height":250,"contest":"https:\/\/int.design\/wp-content\/uploads\/2021\/01\/9 - Le design graphique, c\u0327a bouge - Centre de design\u2013UQAM-960x400.jpg","contest-width":960,"contest-height":400,"cta":"https:\/\/int.design\/wp-content\/uploads\/2021\/01\/9 - Le design graphique, c\u0327a bouge - Centre de design\u2013UQAM-415x170.jpg","cta-width":415,"cta-height":170,"exhibitor":"https:\/\/int.design\/wp-content\/uploads\/2021\/01\/9 - Le design graphique, c\u0327a bouge - Centre de design\u2013UQAM-560x560.jpg","exhibitor-width":560,"exhibitor-height":560,"gallery":"https:\/\/int.design\/wp-content\/uploads\/2021\/01\/9 - Le design graphique, c\u0327a bouge - Centre de design\u2013UQAM-560x318.jpg","gallery-width":560,"gallery-height":318,"logo":"https:\/\/int.design\/wp-content\/uploads\/2021\/01\/9 - Le design graphique, c\u0327a bouge - Centre de design\u2013UQAM-176x100.jpg","logo-width":176,"logo-height":100,"masonry":"https:\/\/int.design\/wp-content\/uploads\/2021\/01\/9 - Le design graphique, c\u0327a bouge - Centre de design\u2013UQAM-550x312.jpg","masonry-width":550,"masonry-height":312,"modal":"https:\/\/int.design\/wp-content\/uploads\/2021\/01\/9 - Le design graphique, c\u0327a bouge - Centre de design\u2013UQAM-1920x1090.jpg","modal-width":1920,"modal-height":1090,"number":"https:\/\/int.design\/wp-content\/uploads\/2021\/01\/9 - Le design graphique, c\u0327a bouge - Centre de design\u2013UQAM-560x318.jpg","number-width":560,"number-height":318,"partner":"https:\/\/int.design\/wp-content\/uploads\/2021\/01\/9 - Le design graphique, c\u0327a bouge - Centre de design\u2013UQAM-275x156.jpg","partner-width":275,"partner-height":156,"ranking":"https:\/\/int.design\/wp-content\/uploads\/2021\/01\/9 - Le design graphique, c\u0327a bouge - Centre de design\u2013UQAM-960x540.jpg","ranking-width":960,"ranking-height":540,"schedule":"https:\/\/int.design\/wp-content\/uploads\/2021\/01\/9 - Le design graphique, c\u0327a bouge - Centre de design\u2013UQAM-960x360.jpg","schedule-width":960,"schedule-height":360,"slideshow":"https:\/\/int.design\/wp-content\/uploads\/2021\/01\/9 - Le design graphique, c\u0327a bouge - Centre de design\u2013UQAM-1198x680.jpg","slideshow-width":1198,"slideshow-height":680}},"filters":[99],"suppliers":false,"attachment_category":[]},{"categories":[446],"credit":"Benoit Rousseau","image":{"ID":37773,"id":37773,"title":"10 - Le design graphique, c\u0327a bouge - Centre de design\u2013UQAM","filename":"10 - Le design graphique, c\u0327a bouge - Centre de design\u2013UQAM-scaled.jpg","filesize":0,"url":"https:\/\/int.design\/wp-content\/uploads\/2021\/01\/10 - Le design graphique, c\u0327a bouge - Centre de design\u2013UQAM-scaled.jpg","link":"https:\/\/int.design\/fr\/projets\/le-design-graphique-ca-bouge\/10-le-design-graphique-c%cc%a7a-bouge-centre-de-design-uqam\/","alt":"","author":"71","description":"Le design graphique, \u00e7a bouge ! Centre de design \u2013 UQAM Louise Pelletier - Direction Victor Bernaudon Cointe et Louis-Charles Lasnier - Sc\u00e9nographie Victor Bernaudon Cointe et Vincent Thibault V\u00e9zina - Production Marc H. Choko Louis-Charles Lasnier La Fabrique culturelle \u00c9cole de design \u2013 UQAM MP repro Jolin Masson","caption":"","name":"10-le-design-graphique-c%cc%a7a-bouge-centre-de-design-uqam","status":"inherit","uploaded_to":37497,"date":"2021-01-11 20:55:39","modified":"2022-02-08 13:33:02","menu_order":0,"mime_type":"image\/jpeg","type":"image","subtype":"jpeg","icon":"https:\/\/int.design\/wp-includes\/images\/media\/default.png","width":2560,"height":1707,"sizes":{"thumbnail":"https:\/\/int.design\/wp-content\/uploads\/2021\/01\/10 - Le design graphique, c\u0327a bouge - Centre de design\u2013UQAM-150x150.jpg","thumbnail-width":150,"thumbnail-height":150,"medium":"https:\/\/int.design\/wp-content\/uploads\/2021\/01\/10 - Le design graphique, c\u0327a bouge - Centre de design\u2013UQAM-300x200.jpg","medium-width":300,"medium-height":200,"medium_large":"https:\/\/int.design\/wp-content\/uploads\/2021\/01\/10 - Le design graphique, c\u0327a bouge - Centre de design\u2013UQAM-768x512.jpg","medium_large-width":768,"medium_large-height":512,"large":"https:\/\/int.design\/wp-content\/uploads\/2021\/01\/10 - Le design graphique, c\u0327a bouge - Centre de design\u2013UQAM-1024x683.jpg","large-width":1024,"large-height":683,"1536x1536":"https:\/\/int.design\/wp-content\/uploads\/2021\/01\/10 - Le design graphique, c\u0327a bouge - Centre de design\u2013UQAM-1536x1024.jpg","1536x1536-width":1536,"1536x1536-height":1024,"2048x2048":"https:\/\/int.design\/wp-content\/uploads\/2021\/01\/10 - Le design graphique, c\u0327a bouge - Centre de design\u2013UQAM-2048x1366.jpg","2048x2048-width":2048,"2048x2048-height":1366,"article":"https:\/\/int.design\/wp-content\/uploads\/2021\/01\/10 - Le design graphique, c\u0327a bouge - Centre de design\u2013UQAM-960x540.jpg","article-width":960,"article-height":540,"banner":"https:\/\/int.design\/wp-content\/uploads\/2021\/01\/10 - Le design graphique, c\u0327a bouge - Centre de design\u2013UQAM-1920x1280.jpg","banner-width":1920,"banner-height":1280,"block":"https:\/\/int.design\/wp-content\/uploads\/2021\/01\/10 - Le design graphique, c\u0327a bouge - Centre de design\u2013UQAM-900x680.jpg","block-width":900,"block-height":680,"card":"https:\/\/int.design\/wp-content\/uploads\/2021\/01\/10 - Le design graphique, c\u0327a bouge - Centre de design\u2013UQAM-560x495.jpg","card-width":560,"card-height":495,"card-thumbnail":"https:\/\/int.design\/wp-content\/uploads\/2021\/01\/10 - Le design graphique, c\u0327a bouge - Centre de design\u2013UQAM-450x340.jpg","card-thumbnail-width":450,"card-thumbnail-height":340,"conference":"https:\/\/int.design\/wp-content\/uploads\/2021\/01\/10 - Le design graphique, c\u0327a bouge - Centre de design\u2013UQAM-560x250.jpg","conference-width":560,"conference-height":250,"contest":"https:\/\/int.design\/wp-content\/uploads\/2021\/01\/10 - Le design graphique, c\u0327a bouge - Centre de design\u2013UQAM-960x400.jpg","contest-width":960,"contest-height":400,"cta":"https:\/\/int.design\/wp-content\/uploads\/2021\/01\/10 - Le design graphique, c\u0327a bouge - Centre de design\u2013UQAM-415x170.jpg","cta-width":415,"cta-height":170,"exhibitor":"https:\/\/int.design\/wp-content\/uploads\/2021\/01\/10 - Le design graphique, c\u0327a bouge - Centre de design\u2013UQAM-560x560.jpg","exhibitor-width":560,"exhibitor-height":560,"gallery":"https:\/\/int.design\/wp-content\/uploads\/2021\/01\/10 - Le design graphique, c\u0327a bouge - Centre de design\u2013UQAM-560x373.jpg","gallery-width":560,"gallery-height":373,"logo":"https:\/\/int.design\/wp-content\/uploads\/2021\/01\/10 - Le design graphique, c\u0327a bouge - Centre de design\u2013UQAM-150x100.jpg","logo-width":150,"logo-height":100,"masonry":"https:\/\/int.design\/wp-content\/uploads\/2021\/01\/10 - Le design graphique, c\u0327a bouge - Centre de design\u2013UQAM-550x367.jpg","masonry-width":550,"masonry-height":367,"modal":"https:\/\/int.design\/wp-content\/uploads\/2021\/01\/10 - Le design graphique, c\u0327a bouge - Centre de design\u2013UQAM-1920x1280.jpg","modal-width":1920,"modal-height":1280,"number":"https:\/\/int.design\/wp-content\/uploads\/2021\/01\/10 - Le design graphique, c\u0327a bouge - Centre de design\u2013UQAM-560x373.jpg","number-width":560,"number-height":373,"partner":"https:\/\/int.design\/wp-content\/uploads\/2021\/01\/10 - Le design graphique, c\u0327a bouge - Centre de design\u2013UQAM-275x183.jpg","partner-width":275,"partner-height":183,"ranking":"https:\/\/int.design\/wp-content\/uploads\/2021\/01\/10 - Le design graphique, c\u0327a bouge - Centre de design\u2013UQAM-960x540.jpg","ranking-width":960,"ranking-height":540,"schedule":"https:\/\/int.design\/wp-content\/uploads\/2021\/01\/10 - Le design graphique, c\u0327a bouge - Centre de design\u2013UQAM-960x360.jpg","schedule-width":960,"schedule-height":360,"slideshow":"https:\/\/int.design\/wp-content\/uploads\/2021\/01\/10 - Le design graphique, c\u0327a bouge - Centre de design\u2013UQAM-1020x680.jpg","slideshow-width":1020,"slideshow-height":680}},"filters":[99],"suppliers":false,"attachment_category":[]}],"mandatory_documents":[{"name":"Plan sc\u00e9nographie au Centre de design \u2013 UQAM","file":{"ID":37778,"id":37778,"title":"Plan Centre de design","filename":"Plan Centre de design.pdf","filesize":0,"url":"https:\/\/d2q6z78khxmx42.cloudfront.net\/2021\/01\/Plan Centre de design.pdf","link":"https:\/\/int.design\/fr\/projets\/le-design-graphique-ca-bouge\/plan-centre-de-design\/","alt":"","author":"71","description":"","caption":"","name":"plan-centre-de-design","status":"inherit","uploaded_to":37497,"date":"2021-01-11 21:13:17","modified":"2021-01-11 21:13:32","menu_order":0,"mime_type":"application\/pdf","type":"application","subtype":"pdf","icon":"https:\/\/int.design\/wp-includes\/images\/media\/document.png"}}],"optional_documents":[{"name":"Photographie de la maquette conceptuelle","file":{"ID":37842,"id":37842,"title":"Photo maquette-1","filename":"Photo maquette-1.pdf","filesize":0,"url":"https:\/\/d2q6z78khxmx42.cloudfront.net\/2021\/01\/Photo maquette-1.pdf","link":"https:\/\/int.design\/fr\/projets\/le-design-graphique-ca-bouge\/photo-maquette-1\/","alt":"","author":"71","description":"","caption":"","name":"photo-maquette-1","status":"inherit","uploaded_to":37497,"date":"2021-01-11 21:39:26","modified":"2021-01-11 21:39:51","menu_order":0,"mime_type":"application\/pdf","type":"application","subtype":"pdf","icon":"https:\/\/int.design\/wp-includes\/images\/media\/document.png"}},{"name":"Plan sc\u00e9nographie au MA mus\u00e9e d'art de Rouyn Noranda","file":{"ID":37843,"id":37843,"title":"Plan-ROUYN NORANDA","filename":"6_Plan-ROUYN NORANDA.pdf","filesize":0,"url":"https:\/\/d2q6z78khxmx42.cloudfront.net\/2021\/01\/6_Plan-ROUYN NORANDA.pdf","link":"https:\/\/int.design\/fr\/projets\/le-design-graphique-ca-bouge\/plan-rouyn-noranda-2\/","alt":"","author":"71","description":"","caption":"","name":"plan-rouyn-noranda-2","status":"inherit","uploaded_to":37497,"date":"2021-01-11 21:39:31","modified":"2021-01-11 21:39:51","menu_order":0,"mime_type":"application\/pdf","type":"application","subtype":"pdf","icon":"https:\/\/int.design\/wp-includes\/images\/media\/document.png"}},{"name":"Plan sc\u00e9nographie au Mus\u00e9e r\u00e9gional de Rimouski","file":{"ID":37844,"id":37844,"title":"200929_Plan 1-50_Sce\u0301no Rimouski","filename":"6_200929_Plan 1-50_Sce\u0301no Rimouski.pdf","filesize":0,"url":"https:\/\/d2q6z78khxmx42.cloudfront.net\/2021\/01\/6_200929_Plan 1-50_Sce\u0301no Rimouski.pdf","link":"https:\/\/int.design\/fr\/projets\/le-design-graphique-ca-bouge\/200929_plan-1-50_sceno-rimouski-2\/","alt":"","author":"71","description":"","caption":"","name":"200929_plan-1-50_sceno-rimouski-2","status":"inherit","uploaded_to":37497,"date":"2021-01-11 21:39:34","modified":"2021-01-11 21:39:51","menu_order":0,"mime_type":"application\/pdf","type":"application","subtype":"pdf","icon":"https:\/\/int.design\/wp-includes\/images\/media\/document.png"}},{"name":"Photographie de la maquette conceptuelle","file":{"ID":37845,"id":37845,"title":"Photo maquette-2","filename":"Photo maquette-2.pdf","filesize":0,"url":"https:\/\/d2q6z78khxmx42.cloudfront.net\/2021\/01\/Photo maquette-2.pdf","link":"https:\/\/int.design\/fr\/projets\/le-design-graphique-ca-bouge\/photo-maquette-2\/","alt":"","author":"71","description":"","caption":"","name":"photo-maquette-2","status":"inherit","uploaded_to":37497,"date":"2021-01-11 21:39:38","modified":"2021-01-11 21:39:52","menu_order":0,"mime_type":"application\/pdf","type":"application","subtype":"pdf","icon":"https:\/\/int.design\/wp-includes\/images\/media\/document.png"}},{"name":"Animation du syst\u00e8me d'assemblage du dispositif d'exposition","file":{"ID":37846,"id":37846,"title":"Vide\u0301o de production","filename":"Vide\u0301o de production.mp4","filesize":2726337,"url":"https:\/\/d2q6z78khxmx42.cloudfront.net\/2021\/01\/Vide\u0301o de production.mp4","link":"https:\/\/int.design\/fr\/projets\/le-design-graphique-ca-bouge\/video-de-production\/","alt":"","author":"71","description":"","caption":"","name":"video-de-production","status":"inherit","uploaded_to":37497,"date":"2021-01-11 21:39:50","modified":"2021-01-11 21:39:52","menu_order":0,"mime_type":"video\/mp4","type":"video","subtype":"mp4","icon":"https:\/\/int.design\/wp-includes\/images\/media\/video.png","width":1920,"height":1080}}],"web_text":{"fr":"<p>L\u2019exposition itin\u00e9rante Le design graphique, \u00e7a bouge !, con\u00e7ue par le Centre de Design, sous le commissariat de Marc H. Choko et Louis-Charles Lasnier, propose un panorama actuel des pratiques du design graphique. Avec une s\u00e9lection de plus de soixante-dix projets accomplis dans la derni\u00e8re d\u00e9cennie par une cinquantaine d\u2019agences qu\u00e9b\u00e9coises, elle rassemble une grande diversit\u00e9 de projets. On y retrouve ainsi pr\u00e9sent\u00e9s livres, identit\u00e9s graphique, animations, jeux vid\u00e9o, sites Web, emballages et signal\u00e9tiques. Compl\u00e8tement modulable et recyclable, l\u2019exposition propose une immersion intime au coeur de ce large domaine qu\u2019est le design graphique. La sc\u00e9nographie s\u2019adapte ais\u00e9ment aux diff\u00e9rents espaces museaux afin de faire rayonner aussi bien localement qu\u2019internationalement la cr\u00e9ation graphique qu\u00e9b\u00e9coise.<\/p>\n","en":"<p>The traveling exhibition Le design graphique, \u00e7a bouge !, designed by the Centre de Design and curated by Marc H. Choko and Louis-Charles Lasnier, offers a contemporary panorama of graphic design practices. With a selection of more than seventy projects completed in the last decade by some fifty Quebec agencies, it brings together a wide variety of projects. The following items are presented books, graphic identities, animations, video games, websites, packaging and signage. Completely modular and recyclable, the exhibition offers an intimate immersion in the heart of the broad field of graphic design. The scenography can be easily adapted to different museum spaces to showcase Quebec graphic design both locally and internationally.<\/p>\n","original":""},"jury_text":[{"category":446,"fr":"<p>La conception sc\u00e9nographique de l\u2019exposition itin\u00e9rante Le design graphique, \u00e7a bouge\u2009! s\u2019est bas\u00e9e sur deux lignes directrices d\u00e9terminantes. Il fallait tout d\u2019abord d\u00e9velopper un dispositif d\u2019exposition pouvant incorporer un grand nombre de projets aux modes de repr\u00e9sentation diversifi\u00e9s et \u00e9galement mettre au point une approche sc\u00e9nographique versatile afin de s\u2019adapter aux diff\u00e9rents espaces mus\u00e9aux. Pour r\u00e9pondre \u00e0 ces enjeux, le mobilier d\u2019exposition a \u00e9t\u00e9 d\u00e9velopp\u00e9 en utilisant un syst\u00e8me \u00e0 impression directe sur Falconboard\u00ae. Un carton alv\u00e9olaire enti\u00e8rement recyclable, l\u00e9ger et structurel r\u00e9pondant ainsi \u00e0 une volont\u00e9 \u00e9coresponsable et consciencieuse des d\u00e9fis d\u2019une exposition itin\u00e9rante. Ainsi form\u00e9s, ces dispositifs autoportants combinent contenu, support d&#39;exposition et d\u00e9finissent la spatialit\u00e9 du parcours. Ils sont facilement interchangeables et \u00e9galement empilables en gigognes diminuant ainsi l\u2019encombrement pour les multiples transports. La conception modulaire de la sc\u00e9nographie s\u2019adapte ais\u00e9ment aux diff\u00e9rentes tailles et formes des lieux d\u2019exposition. Le parcours comporte une constellation d\u2019espaces alv\u00e9olaires permettant des dialogues th\u00e9matiques et une immersion intime au coeur de ce large domaine qu\u2019est le design graphique. Ces strat\u00e9gies ont permis de s\u2019affranchir des modes conventionnels d\u2019exposition en mettant l\u2019emphase sur les id\u00e9es derri\u00e8re chacun des projets pr\u00e9sent\u00e9s.<\/p>\n","en":"<p>The scenographic design of the travelling exhibition Le design graphique, \u00e7a bouge\u2009! was based on two key guidelines. Firstly it was necessary to develop an exhibition system that could incorporate a large number of projects with diverse modes of representation, all the while developing a versatile scenographic approach that could be easily modulated to adapt to different museum spaces. To meet these challenges, the exhibition furniture was developed using a direct printing system on Falconboard\u00ae, which allowed for a fully recyclable, lightweight and structural honeycomb cardboard that meets both the eco-responsible and overall challenges of a traveling exhibition. Once constructed, these self-supporting devices combine the content, exhibition support and define the spatiality of the route within the exhibit. They are easily interchangeable and can be stacked in nests, thus reducing the amount of space required for multiple transportations. The modular design of the scenography easily adapts to the different sizes and shapes of the exhibition spaces. The path constructed for those visiting the exhibit includes a constellation of alveolar spaces designed to encourage thematic dialogues and an intimate immersion in the heart of this broad field of graphic design. These strategies made it possible to break away from conventional modes of exhibition by focusing on the ideas behind each of the projects presented.<\/p>\n","original":""}],"different_jury_text":false,"different_category_text":false},"laureats":[{"cat_id":446,"cat_id_laureat":1035,"laureat":"Certification Or"}],"contest_id":"1180","contest_title":"GRANDS PRIX DU DESIGN - 14e \u00e9dition","firms":[{"name":"Marc H. Choko","website":"http:\/\/www.marchchoko.com\/","category":"Commissaire","category_tax":false,"category_label":null},{"name":"Louis-Charles Lasnier","website":"https:\/\/design.uqam.ca\/professeur\/louis-charles-lasnier\/","category":"Commissaire & Conception graphique","category_tax":false,"category_label":null},{"name":"La Fabrique culturelle","website":"https:\/\/www.lafabriqueculturelle.tv\/","category":"Production reportages vid\u00e9os","category_tax":false,"category_label":null},{"name":"\u00c9cole de design \u2013 UQAM","website":"https:\/\/design.uqam.ca\/","category":"Montage exposition","category_tax":false,"category_label":null},{"name":"MP repro","website":"https:\/\/www.mprepro.com\/","category":"Impression","category_tax":false,"category_label":null},{"name":"Jolin Masson","website":"","category":"Conception graphique","category_tax":false,"category_label":null}],"user":{"email":"centre.design@uqam.ca","first_name":"Victor","last_name":"Bernaudon"},"doc_texts_web":{"fr":"","en":""},"permalinks":{"fr":"https:\/\/int.design\/fr\/projets\/le-design-graphique-ca-bouge\/","en":"https:\/\/int.design\/en\/projects\/le-design-graphique-ca-bouge\/"},"titles":{"fr":"Le design graphique, \u00e7a bouge !","en":"Le design graphique, \u00e7a bouge !"},"wp_fields":[],"laravel_id":""},"_links":{"self":[{"href":"https:\/\/int.design\/fr\/wp-json\/wp\/v2\/project\/37497","targetHints":{"allow":["GET"]}}],"collection":[{"href":"https:\/\/int.design\/fr\/wp-json\/wp\/v2\/project"}],"about":[{"href":"https:\/\/int.design\/fr\/wp-json\/wp\/v2\/types\/project"}],"wp:attachment":[{"href":"https:\/\/int.design\/fr\/wp-json\/wp\/v2\/media?parent=37497"}],"curies":[{"name":"wp","href":"https:\/\/api.w.org\/{rel}","templated":true}]}}