{"id":35647,"date":"2021-07-14T19:31:09","date_gmt":"2021-07-14T23:31:09","guid":{"rendered":"https:\/\/int.design\/?post_type=project&#038;p=35647"},"modified":"2021-09-20T10:37:36","modified_gmt":"2021-09-20T14:37:36","slug":"esplanade-cartier-2","status":"publish","type":"project","link":"https:\/\/int.design\/fr\/projets\/esplanade-cartier-2\/","title":{"rendered":"Esplanade Cartier"},"content":{"rendered":"","protected":false},"template":"","class_list":["post-35647","project","type-project","status-publish","hentry","project_category-construction-developpement-immobilier","project_category-developpement-immobilier","project_category-developpement-tod-transit-oriented-design","project_category-developpement-a-usage-mixte","project_category-projet-futur-a-decouvrir-bientot"],"acf":[],"yoast_head":"<!-- This site is optimized with the Yoast SEO plugin v21.5 - https:\/\/yoast.com\/wordpress\/plugins\/seo\/ -->\n<title>Esplanade Cartier - INT Design<\/title>\n<meta name=\"robots\" content=\"index, follow, max-snippet:-1, max-image-preview:large, max-video-preview:-1\" \/>\n<link rel=\"canonical\" href=\"https:\/\/int.design\/fr\/projets\/esplanade-cartier-2\/\" \/>\n<meta property=\"og:locale\" content=\"fr_FR\" \/>\n<meta property=\"og:type\" content=\"article\" \/>\n<meta property=\"og:title\" content=\"Esplanade Cartier - INT Design\" \/>\n<meta property=\"og:url\" content=\"https:\/\/int.design\/fr\/projets\/esplanade-cartier-2\/\" \/>\n<meta property=\"og:site_name\" content=\"INT Design\" \/>\n<meta property=\"article:modified_time\" content=\"2021-09-20T14:37:36+00:00\" \/>\n<meta name=\"twitter:card\" content=\"summary_large_image\" \/>\n<script type=\"application\/ld+json\" class=\"yoast-schema-graph\">{\"@context\":\"https:\/\/schema.org\",\"@graph\":[{\"@type\":\"WebPage\",\"@id\":\"https:\/\/int.design\/fr\/projets\/esplanade-cartier-2\/\",\"url\":\"https:\/\/int.design\/fr\/projets\/esplanade-cartier-2\/\",\"name\":\"Esplanade Cartier - INT Design\",\"isPartOf\":{\"@id\":\"https:\/\/int.design\/fr\/#website\"},\"datePublished\":\"2021-07-14T23:31:09+00:00\",\"dateModified\":\"2021-09-20T14:37:36+00:00\",\"breadcrumb\":{\"@id\":\"https:\/\/int.design\/fr\/projets\/esplanade-cartier-2\/#breadcrumb\"},\"inLanguage\":\"fr-FR\",\"potentialAction\":[{\"@type\":\"ReadAction\",\"target\":[\"https:\/\/int.design\/fr\/projets\/esplanade-cartier-2\/\"]}]},{\"@type\":\"BreadcrumbList\",\"@id\":\"https:\/\/int.design\/fr\/projets\/esplanade-cartier-2\/#breadcrumb\",\"itemListElement\":[{\"@type\":\"ListItem\",\"position\":1,\"name\":\"Home\",\"item\":\"https:\/\/int.design\/fr\/\"},{\"@type\":\"ListItem\",\"position\":2,\"name\":\"Projects\",\"item\":\"https:\/\/int.design\/en\/projects\/\"},{\"@type\":\"ListItem\",\"position\":3,\"name\":\"Esplanade Cartier\"}]},{\"@type\":\"WebSite\",\"@id\":\"https:\/\/int.design\/fr\/#website\",\"url\":\"https:\/\/int.design\/fr\/\",\"name\":\"INT Design\",\"description\":\"\",\"potentialAction\":[{\"@type\":\"SearchAction\",\"target\":{\"@type\":\"EntryPoint\",\"urlTemplate\":\"https:\/\/int.design\/fr\/?s={search_term_string}\"},\"query-input\":\"required name=search_term_string\"}],\"inLanguage\":\"fr-FR\"}]}<\/script>\n<!-- \/ Yoast SEO plugin. -->","yoast_head_json":{"title":"Esplanade Cartier - INT Design","robots":{"index":"index","follow":"follow","max-snippet":"max-snippet:-1","max-image-preview":"max-image-preview:large","max-video-preview":"max-video-preview:-1"},"canonical":"https:\/\/int.design\/fr\/projets\/esplanade-cartier-2\/","og_locale":"fr_FR","og_type":"article","og_title":"Esplanade Cartier - INT Design","og_url":"https:\/\/int.design\/fr\/projets\/esplanade-cartier-2\/","og_site_name":"INT Design","article_modified_time":"2021-09-20T14:37:36+00:00","twitter_card":"summary_large_image","schema":{"@context":"https:\/\/schema.org","@graph":[{"@type":"WebPage","@id":"https:\/\/int.design\/fr\/projets\/esplanade-cartier-2\/","url":"https:\/\/int.design\/fr\/projets\/esplanade-cartier-2\/","name":"Esplanade Cartier - INT Design","isPartOf":{"@id":"https:\/\/int.design\/fr\/#website"},"datePublished":"2021-07-14T23:31:09+00:00","dateModified":"2021-09-20T14:37:36+00:00","breadcrumb":{"@id":"https:\/\/int.design\/fr\/projets\/esplanade-cartier-2\/#breadcrumb"},"inLanguage":"fr-FR","potentialAction":[{"@type":"ReadAction","target":["https:\/\/int.design\/fr\/projets\/esplanade-cartier-2\/"]}]},{"@type":"BreadcrumbList","@id":"https:\/\/int.design\/fr\/projets\/esplanade-cartier-2\/#breadcrumb","itemListElement":[{"@type":"ListItem","position":1,"name":"Home","item":"https:\/\/int.design\/fr\/"},{"@type":"ListItem","position":2,"name":"Projects","item":"https:\/\/int.design\/en\/projects\/"},{"@type":"ListItem","position":3,"name":"Esplanade Cartier"}]},{"@type":"WebSite","@id":"https:\/\/int.design\/fr\/#website","url":"https:\/\/int.design\/fr\/","name":"INT Design","description":"","potentialAction":[{"@type":"SearchAction","target":{"@type":"EntryPoint","urlTemplate":"https:\/\/int.design\/fr\/?s={search_term_string}"},"query-input":"required name=search_term_string"}],"inLanguage":"fr-FR"}]}},"entry":{"cats":{"disciplines":[{"id":644,"name":"Construction &amp; d\u00e9veloppement immobilier"}],"big_cats":[{"id":175,"name":"D\u00e9veloppement immobilier"}],"sub_cats":[{"id":472,"name":"D\u00e9veloppement TOD (Transit-Oriented Design)","parent":175},{"id":265,"name":"D\u00e9veloppement \u00e0 usage mixte","parent":175},{"id":592,"name":"Projet futur - \u00e0 d\u00e9couvrir bient\u00f4t","parent":175}]},"entry":{"":null,"status":"completed","winner_title":"Pr\u00e9vel","winner_prize_lang":"","title_translatable":false,"title_en":"","title_fr":"","releve_award":false,"releve_award_cv":false,"collaboration":false,"collaboration_firms":false,"other_firms":[{"name":"Pr\u00e9vel","website":"https:\/\/www.prevel.ca\/en","category":"D\u00e9veloppeur immobilier","category_tax":false},{"name":"N\u00d3S","website":"https:\/\/www.n-o-s.ca","category":"Architecte","category_tax":false},{"name":"Gauvreau Design","website":"http:\/\/www.gauvreaudesign.com","category":"Designer d'int\u00e9rieur","category_tax":false}],"owner":{"name":"Esplanade Cartier","confidential":false,"website":"https:\/\/esplanadecartier-prevel.ca\/fr\/","contact_name":"","email":"info@esplanadecartier.ca","phone":""},"address":{"address":"","city":"Montr\u00e9al","region":"Montr\u00e9al","province":"QC","country":"CA","postal_code":""},"logos":false,"use_logo":false,"designers":[{"name":"Pr\u00e9vel","credit":"n\/d","image":{"ID":68118,"id":68118,"title":"\u00c9quipe Pr\u00e9vel","filename":"6_\u00c9quipe Pr\u00e9vel-scaled.jpg","filesize":0,"url":"https:\/\/int.design\/wp-content\/uploads\/2021\/03\/6_\u00c9quipe Pr\u00e9vel-scaled.jpg","link":"https:\/\/int.design\/fr\/projets\/esplanade-cartier-2\/equipe-prevel-2\/","alt":"","author":"565","description":"","caption":"","name":"equipe-prevel-2","status":"inherit","uploaded_to":35647,"date":"2021-03-22 20:00:47","modified":"2021-03-22 20:04:36","menu_order":0,"mime_type":"image\/jpeg","type":"image","subtype":"jpeg","icon":"https:\/\/int.design\/wp-includes\/images\/media\/default.png","width":2560,"height":1707,"sizes":{"thumbnail":"https:\/\/int.design\/wp-content\/uploads\/2021\/03\/6_\u00c9quipe Pr\u00e9vel-150x150.jpg","thumbnail-width":150,"thumbnail-height":150,"medium":"https:\/\/int.design\/wp-content\/uploads\/2021\/03\/6_\u00c9quipe Pr\u00e9vel-300x200.jpg","medium-width":300,"medium-height":200,"medium_large":"https:\/\/int.design\/wp-content\/uploads\/2021\/03\/6_\u00c9quipe Pr\u00e9vel-768x512.jpg","medium_large-width":768,"medium_large-height":512,"large":"https:\/\/int.design\/wp-content\/uploads\/2021\/03\/6_\u00c9quipe Pr\u00e9vel-1024x683.jpg","large-width":1024,"large-height":683,"1536x1536":"https:\/\/int.design\/wp-content\/uploads\/2021\/03\/6_\u00c9quipe Pr\u00e9vel-1536x1024.jpg","1536x1536-width":1536,"1536x1536-height":1024,"2048x2048":"https:\/\/int.design\/wp-content\/uploads\/2021\/03\/6_\u00c9quipe Pr\u00e9vel-2048x1365.jpg","2048x2048-width":2048,"2048x2048-height":1365,"article":"https:\/\/int.design\/wp-content\/uploads\/2021\/03\/6_\u00c9quipe Pr\u00e9vel-960x540.jpg","article-width":960,"article-height":540,"banner":"https:\/\/int.design\/wp-content\/uploads\/2021\/03\/6_\u00c9quipe Pr\u00e9vel-1920x1280.jpg","banner-width":1920,"banner-height":1280,"block":"https:\/\/int.design\/wp-content\/uploads\/2021\/03\/6_\u00c9quipe Pr\u00e9vel-900x680.jpg","block-width":900,"block-height":680,"card":"https:\/\/int.design\/wp-content\/uploads\/2021\/03\/6_\u00c9quipe Pr\u00e9vel-560x495.jpg","card-width":560,"card-height":495,"card-thumbnail":"https:\/\/int.design\/wp-content\/uploads\/2021\/03\/6_\u00c9quipe Pr\u00e9vel-450x340.jpg","card-thumbnail-width":450,"card-thumbnail-height":340,"conference":"https:\/\/int.design\/wp-content\/uploads\/2021\/03\/6_\u00c9quipe Pr\u00e9vel-560x250.jpg","conference-width":560,"conference-height":250,"contest":"https:\/\/int.design\/wp-content\/uploads\/2021\/03\/6_\u00c9quipe Pr\u00e9vel-960x400.jpg","contest-width":960,"contest-height":400,"cta":"https:\/\/int.design\/wp-content\/uploads\/2021\/03\/6_\u00c9quipe Pr\u00e9vel-415x170.jpg","cta-width":415,"cta-height":170,"exhibitor":"https:\/\/int.design\/wp-content\/uploads\/2021\/03\/6_\u00c9quipe Pr\u00e9vel-560x560.jpg","exhibitor-width":560,"exhibitor-height":560,"gallery":"https:\/\/int.design\/wp-content\/uploads\/2021\/03\/6_\u00c9quipe Pr\u00e9vel-560x373.jpg","gallery-width":560,"gallery-height":373,"logo":"https:\/\/int.design\/wp-content\/uploads\/2021\/03\/6_\u00c9quipe Pr\u00e9vel-150x100.jpg","logo-width":150,"logo-height":100,"masonry":"https:\/\/int.design\/wp-content\/uploads\/2021\/03\/6_\u00c9quipe Pr\u00e9vel-550x367.jpg","masonry-width":550,"masonry-height":367,"modal":"https:\/\/int.design\/wp-content\/uploads\/2021\/03\/6_\u00c9quipe Pr\u00e9vel-1920x1280.jpg","modal-width":1920,"modal-height":1280,"number":"https:\/\/int.design\/wp-content\/uploads\/2021\/03\/6_\u00c9quipe Pr\u00e9vel-560x373.jpg","number-width":560,"number-height":373,"partner":"https:\/\/int.design\/wp-content\/uploads\/2021\/03\/6_\u00c9quipe Pr\u00e9vel-275x183.jpg","partner-width":275,"partner-height":183,"ranking":"https:\/\/int.design\/wp-content\/uploads\/2021\/03\/6_\u00c9quipe Pr\u00e9vel-960x540.jpg","ranking-width":960,"ranking-height":540,"schedule":"https:\/\/int.design\/wp-content\/uploads\/2021\/03\/6_\u00c9quipe Pr\u00e9vel-960x360.jpg","schedule-width":960,"schedule-height":360,"slideshow":"https:\/\/int.design\/wp-content\/uploads\/2021\/03\/6_\u00c9quipe Pr\u00e9vel-1020x680.jpg","slideshow-width":1020,"slideshow-height":680}},"file":{"ID":68124,"id":68124,"title":"Prevel_pdf-equipe","filename":"6_Prevel_pdf-equipe.pdf","filesize":0,"url":"https:\/\/d2q6z78khxmx42.cloudfront.net\/2021\/03\/6_Prevel_pdf-equipe.pdf","link":"https:\/\/int.design\/fr\/projets\/esplanade-cartier-2\/prevel_pdf-equipe-2\/","alt":"","author":"565","description":"","caption":"","name":"prevel_pdf-equipe-2","status":"inherit","uploaded_to":35647,"date":"2021-03-22 20:03:33","modified":"2021-03-22 20:04:50","menu_order":0,"mime_type":"application\/pdf","type":"application","subtype":"pdf","icon":"https:\/\/int.design\/wp-includes\/images\/media\/document.png"}}],"cover":[{"categories":[265,472,592],"credit":"","image":{"ID":68125,"id":68125,"title":"Aerien Nord","filename":"6_Aerien Nord-scaled.jpg","filesize":0,"url":"https:\/\/int.design\/wp-content\/uploads\/2021\/03\/6_Aerien Nord-scaled.jpg","link":"https:\/\/int.design\/fr\/projets\/esplanade-cartier-2\/aerien-nord-2\/","alt":"","author":"565","description":"Esplanade Cartier Pr\u00e9vel Pr\u00e9vel N\u00d3S Gauvreau Design","caption":"","name":"aerien-nord-2","status":"inherit","uploaded_to":35647,"date":"2021-03-22 20:03:47","modified":"2022-02-08 14:27:50","menu_order":0,"mime_type":"image\/jpeg","type":"image","subtype":"jpeg","icon":"https:\/\/int.design\/wp-includes\/images\/media\/default.png","width":2560,"height":1836,"sizes":{"thumbnail":"https:\/\/int.design\/wp-content\/uploads\/2021\/03\/6_Aerien Nord-150x150.jpg","thumbnail-width":150,"thumbnail-height":150,"medium":"https:\/\/int.design\/wp-content\/uploads\/2021\/03\/6_Aerien Nord-300x215.jpg","medium-width":300,"medium-height":215,"medium_large":"https:\/\/int.design\/wp-content\/uploads\/2021\/03\/6_Aerien Nord-768x551.jpg","medium_large-width":768,"medium_large-height":551,"large":"https:\/\/int.design\/wp-content\/uploads\/2021\/03\/6_Aerien Nord-1024x734.jpg","large-width":1024,"large-height":734,"1536x1536":"https:\/\/int.design\/wp-content\/uploads\/2021\/03\/6_Aerien Nord-1536x1101.jpg","1536x1536-width":1536,"1536x1536-height":1101,"2048x2048":"https:\/\/int.design\/wp-content\/uploads\/2021\/03\/6_Aerien Nord-2048x1469.jpg","2048x2048-width":2048,"2048x2048-height":1469,"article":"https:\/\/int.design\/wp-content\/uploads\/2021\/03\/6_Aerien Nord-960x540.jpg","article-width":960,"article-height":540,"banner":"https:\/\/int.design\/wp-content\/uploads\/2021\/03\/6_Aerien Nord-1920x1377.jpg","banner-width":1920,"banner-height":1377,"block":"https:\/\/int.design\/wp-content\/uploads\/2021\/03\/6_Aerien Nord-900x680.jpg","block-width":900,"block-height":680,"card":"https:\/\/int.design\/wp-content\/uploads\/2021\/03\/6_Aerien Nord-560x495.jpg","card-width":560,"card-height":495,"card-thumbnail":"https:\/\/int.design\/wp-content\/uploads\/2021\/03\/6_Aerien Nord-450x340.jpg","card-thumbnail-width":450,"card-thumbnail-height":340,"conference":"https:\/\/int.design\/wp-content\/uploads\/2021\/03\/6_Aerien Nord-560x250.jpg","conference-width":560,"conference-height":250,"contest":"https:\/\/int.design\/wp-content\/uploads\/2021\/03\/6_Aerien Nord-960x400.jpg","contest-width":960,"contest-height":400,"cta":"https:\/\/int.design\/wp-content\/uploads\/2021\/03\/6_Aerien Nord-415x170.jpg","cta-width":415,"cta-height":170,"exhibitor":"https:\/\/int.design\/wp-content\/uploads\/2021\/03\/6_Aerien Nord-560x560.jpg","exhibitor-width":560,"exhibitor-height":560,"gallery":"https:\/\/int.design\/wp-content\/uploads\/2021\/03\/6_Aerien Nord-560x402.jpg","gallery-width":560,"gallery-height":402,"logo":"https:\/\/int.design\/wp-content\/uploads\/2021\/03\/6_Aerien Nord-139x100.jpg","logo-width":139,"logo-height":100,"masonry":"https:\/\/int.design\/wp-content\/uploads\/2021\/03\/6_Aerien Nord-550x394.jpg","masonry-width":550,"masonry-height":394,"modal":"https:\/\/int.design\/wp-content\/uploads\/2021\/03\/6_Aerien Nord-1920x1377.jpg","modal-width":1920,"modal-height":1377,"number":"https:\/\/int.design\/wp-content\/uploads\/2021\/03\/6_Aerien Nord-560x402.jpg","number-width":560,"number-height":402,"partner":"https:\/\/int.design\/wp-content\/uploads\/2021\/03\/6_Aerien Nord-275x197.jpg","partner-width":275,"partner-height":197,"ranking":"https:\/\/int.design\/wp-content\/uploads\/2021\/03\/6_Aerien Nord-960x540.jpg","ranking-width":960,"ranking-height":540,"schedule":"https:\/\/int.design\/wp-content\/uploads\/2021\/03\/6_Aerien Nord-960x360.jpg","schedule-width":960,"schedule-height":360,"slideshow":"https:\/\/int.design\/wp-content\/uploads\/2021\/03\/6_Aerien Nord-948x680.jpg","slideshow-width":948,"slideshow-height":680}},"filters":[999,1009,557,556],"suppliers":false,"attachment_category":{"999":"B\u00e2timent commercial","557":"Paysage - Commercial &amp; public","556":"Paysage - R\u00e9sidentiel","1009":"R\u00e9sidence-immeuble"}},{"categories":[265,472,592],"credit":"","image":{"ID":68127,"id":68127,"title":"Aerien Ste-Cath","filename":"6_Aerien Ste-Cath-scaled.jpg","filesize":0,"url":"https:\/\/int.design\/wp-content\/uploads\/2021\/03\/6_Aerien Ste-Cath-scaled.jpg","link":"https:\/\/int.design\/fr\/projets\/esplanade-cartier-2\/aerien-ste-cath-2\/","alt":"","author":"565","description":"Esplanade Cartier Pr\u00e9vel Pr\u00e9vel N\u00d3S Gauvreau Design","caption":"","name":"aerien-ste-cath-2","status":"inherit","uploaded_to":35647,"date":"2021-03-22 20:04:21","modified":"2022-02-08 14:27:50","menu_order":0,"mime_type":"image\/jpeg","type":"image","subtype":"jpeg","icon":"https:\/\/int.design\/wp-includes\/images\/media\/default.png","width":2560,"height":1507,"sizes":{"thumbnail":"https:\/\/int.design\/wp-content\/uploads\/2021\/03\/6_Aerien Ste-Cath-150x150.jpg","thumbnail-width":150,"thumbnail-height":150,"medium":"https:\/\/int.design\/wp-content\/uploads\/2021\/03\/6_Aerien Ste-Cath-300x177.jpg","medium-width":300,"medium-height":177,"medium_large":"https:\/\/int.design\/wp-content\/uploads\/2021\/03\/6_Aerien Ste-Cath-768x452.jpg","medium_large-width":768,"medium_large-height":452,"large":"https:\/\/int.design\/wp-content\/uploads\/2021\/03\/6_Aerien Ste-Cath-1024x603.jpg","large-width":1024,"large-height":603,"1536x1536":"https:\/\/int.design\/wp-content\/uploads\/2021\/03\/6_Aerien Ste-Cath-1536x904.jpg","1536x1536-width":1536,"1536x1536-height":904,"2048x2048":"https:\/\/int.design\/wp-content\/uploads\/2021\/03\/6_Aerien Ste-Cath-2048x1206.jpg","2048x2048-width":2048,"2048x2048-height":1206,"article":"https:\/\/int.design\/wp-content\/uploads\/2021\/03\/6_Aerien Ste-Cath-960x540.jpg","article-width":960,"article-height":540,"banner":"https:\/\/int.design\/wp-content\/uploads\/2021\/03\/6_Aerien Ste-Cath-1920x1130.jpg","banner-width":1920,"banner-height":1130,"block":"https:\/\/int.design\/wp-content\/uploads\/2021\/03\/6_Aerien Ste-Cath-900x680.jpg","block-width":900,"block-height":680,"card":"https:\/\/int.design\/wp-content\/uploads\/2021\/03\/6_Aerien Ste-Cath-560x495.jpg","card-width":560,"card-height":495,"card-thumbnail":"https:\/\/int.design\/wp-content\/uploads\/2021\/03\/6_Aerien Ste-Cath-450x340.jpg","card-thumbnail-width":450,"card-thumbnail-height":340,"conference":"https:\/\/int.design\/wp-content\/uploads\/2021\/03\/6_Aerien Ste-Cath-560x250.jpg","conference-width":560,"conference-height":250,"contest":"https:\/\/int.design\/wp-content\/uploads\/2021\/03\/6_Aerien Ste-Cath-960x400.jpg","contest-width":960,"contest-height":400,"cta":"https:\/\/int.design\/wp-content\/uploads\/2021\/03\/6_Aerien Ste-Cath-415x170.jpg","cta-width":415,"cta-height":170,"exhibitor":"https:\/\/int.design\/wp-content\/uploads\/2021\/03\/6_Aerien Ste-Cath-560x560.jpg","exhibitor-width":560,"exhibitor-height":560,"gallery":"https:\/\/int.design\/wp-content\/uploads\/2021\/03\/6_Aerien Ste-Cath-560x330.jpg","gallery-width":560,"gallery-height":330,"logo":"https:\/\/int.design\/wp-content\/uploads\/2021\/03\/6_Aerien Ste-Cath-170x100.jpg","logo-width":170,"logo-height":100,"masonry":"https:\/\/int.design\/wp-content\/uploads\/2021\/03\/6_Aerien Ste-Cath-550x324.jpg","masonry-width":550,"masonry-height":324,"modal":"https:\/\/int.design\/wp-content\/uploads\/2021\/03\/6_Aerien Ste-Cath-1920x1130.jpg","modal-width":1920,"modal-height":1130,"number":"https:\/\/int.design\/wp-content\/uploads\/2021\/03\/6_Aerien Ste-Cath-560x330.jpg","number-width":560,"number-height":330,"partner":"https:\/\/int.design\/wp-content\/uploads\/2021\/03\/6_Aerien Ste-Cath-275x162.jpg","partner-width":275,"partner-height":162,"ranking":"https:\/\/int.design\/wp-content\/uploads\/2021\/03\/6_Aerien Ste-Cath-960x540.jpg","ranking-width":960,"ranking-height":540,"schedule":"https:\/\/int.design\/wp-content\/uploads\/2021\/03\/6_Aerien Ste-Cath-960x360.jpg","schedule-width":960,"schedule-height":360,"slideshow":"https:\/\/int.design\/wp-content\/uploads\/2021\/03\/6_Aerien Ste-Cath-1155x680.jpg","slideshow-width":1155,"slideshow-height":680}},"filters":[999,1003,1009,557,556],"suppliers":false,"attachment_category":{"1003":"Autre en architecure","999":"B\u00e2timent commercial","557":"Paysage - Commercial &amp; public","556":"Paysage - R\u00e9sidentiel","1009":"R\u00e9sidence-immeuble"}}],"images":[{"categories":[265,472,592],"credit":"n\/d","image":{"ID":72189,"id":72189,"title":"Lorimier avec logo YWCA","filename":"Lorimier avec logo YWCA-scaled.jpg","filesize":0,"url":"https:\/\/int.design\/wp-content\/uploads\/2021\/03\/Lorimier avec logo YWCA-scaled.jpg","link":"https:\/\/int.design\/fr\/projets\/esplanade-cartier-2\/lorimier-avec-logo-ywca\/","alt":"","author":"565","description":"Esplanade Cartier Pr\u00e9vel Pr\u00e9vel N\u00d3S Gauvreau Design","caption":"","name":"lorimier-avec-logo-ywca","status":"inherit","uploaded_to":35647,"date":"2021-03-28 17:44:08","modified":"2022-02-08 14:27:50","menu_order":0,"mime_type":"image\/jpeg","type":"image","subtype":"jpeg","icon":"https:\/\/int.design\/wp-includes\/images\/media\/default.png","width":2560,"height":1707,"sizes":{"thumbnail":"https:\/\/int.design\/wp-content\/uploads\/2021\/03\/Lorimier avec logo YWCA-150x150.jpg","thumbnail-width":150,"thumbnail-height":150,"medium":"https:\/\/int.design\/wp-content\/uploads\/2021\/03\/Lorimier avec logo YWCA-300x200.jpg","medium-width":300,"medium-height":200,"medium_large":"https:\/\/int.design\/wp-content\/uploads\/2021\/03\/Lorimier avec logo YWCA-768x512.jpg","medium_large-width":768,"medium_large-height":512,"large":"https:\/\/int.design\/wp-content\/uploads\/2021\/03\/Lorimier avec logo YWCA-1024x683.jpg","large-width":1024,"large-height":683,"1536x1536":"https:\/\/int.design\/wp-content\/uploads\/2021\/03\/Lorimier avec logo YWCA-1536x1024.jpg","1536x1536-width":1536,"1536x1536-height":1024,"2048x2048":"https:\/\/int.design\/wp-content\/uploads\/2021\/03\/Lorimier avec logo YWCA-2048x1366.jpg","2048x2048-width":2048,"2048x2048-height":1366,"article":"https:\/\/int.design\/wp-content\/uploads\/2021\/03\/Lorimier avec logo YWCA-960x540.jpg","article-width":960,"article-height":540,"banner":"https:\/\/int.design\/wp-content\/uploads\/2021\/03\/Lorimier avec logo YWCA-1920x1280.jpg","banner-width":1920,"banner-height":1280,"block":"https:\/\/int.design\/wp-content\/uploads\/2021\/03\/Lorimier avec logo YWCA-900x680.jpg","block-width":900,"block-height":680,"card":"https:\/\/int.design\/wp-content\/uploads\/2021\/03\/Lorimier avec logo YWCA-560x495.jpg","card-width":560,"card-height":495,"card-thumbnail":"https:\/\/int.design\/wp-content\/uploads\/2021\/03\/Lorimier avec logo YWCA-450x340.jpg","card-thumbnail-width":450,"card-thumbnail-height":340,"conference":"https:\/\/int.design\/wp-content\/uploads\/2021\/03\/Lorimier avec logo YWCA-560x250.jpg","conference-width":560,"conference-height":250,"contest":"https:\/\/int.design\/wp-content\/uploads\/2021\/03\/Lorimier avec logo YWCA-960x400.jpg","contest-width":960,"contest-height":400,"cta":"https:\/\/int.design\/wp-content\/uploads\/2021\/03\/Lorimier avec logo YWCA-415x170.jpg","cta-width":415,"cta-height":170,"exhibitor":"https:\/\/int.design\/wp-content\/uploads\/2021\/03\/Lorimier avec logo YWCA-560x560.jpg","exhibitor-width":560,"exhibitor-height":560,"gallery":"https:\/\/int.design\/wp-content\/uploads\/2021\/03\/Lorimier avec logo YWCA-560x373.jpg","gallery-width":560,"gallery-height":373,"logo":"https:\/\/int.design\/wp-content\/uploads\/2021\/03\/Lorimier avec logo YWCA-150x100.jpg","logo-width":150,"logo-height":100,"masonry":"https:\/\/int.design\/wp-content\/uploads\/2021\/03\/Lorimier avec logo YWCA-550x367.jpg","masonry-width":550,"masonry-height":367,"modal":"https:\/\/int.design\/wp-content\/uploads\/2021\/03\/Lorimier avec logo YWCA-1920x1280.jpg","modal-width":1920,"modal-height":1280,"number":"https:\/\/int.design\/wp-content\/uploads\/2021\/03\/Lorimier avec logo YWCA-560x373.jpg","number-width":560,"number-height":373,"partner":"https:\/\/int.design\/wp-content\/uploads\/2021\/03\/Lorimier avec logo YWCA-275x183.jpg","partner-width":275,"partner-height":183,"ranking":"https:\/\/int.design\/wp-content\/uploads\/2021\/03\/Lorimier avec logo YWCA-960x540.jpg","ranking-width":960,"ranking-height":540,"schedule":"https:\/\/int.design\/wp-content\/uploads\/2021\/03\/Lorimier avec logo YWCA-960x360.jpg","schedule-width":960,"schedule-height":360,"slideshow":"https:\/\/int.design\/wp-content\/uploads\/2021\/03\/Lorimier avec logo YWCA-1020x680.jpg","slideshow-width":1020,"slideshow-height":680}},"filters":[999,1001,1003,1007,557,556],"suppliers":false,"attachment_category":[]},{"categories":[265,472,592],"credit":"n\/d","image":{"ID":72190,"id":72190,"title":"Parc","filename":"Parc-scaled.jpg","filesize":0,"url":"https:\/\/int.design\/wp-content\/uploads\/2021\/03\/Parc-scaled.jpg","link":"https:\/\/int.design\/fr\/projets\/esplanade-cartier-2\/parc\/","alt":"","author":"565","description":"Esplanade Cartier Pr\u00e9vel Pr\u00e9vel N\u00d3S Gauvreau Design","caption":"","name":"parc","status":"inherit","uploaded_to":35647,"date":"2021-03-28 17:44:19","modified":"2022-02-08 14:27:50","menu_order":0,"mime_type":"image\/jpeg","type":"image","subtype":"jpeg","icon":"https:\/\/int.design\/wp-includes\/images\/media\/default.png","width":2560,"height":1707,"sizes":{"thumbnail":"https:\/\/int.design\/wp-content\/uploads\/2021\/03\/Parc-150x150.jpg","thumbnail-width":150,"thumbnail-height":150,"medium":"https:\/\/int.design\/wp-content\/uploads\/2021\/03\/Parc-300x200.jpg","medium-width":300,"medium-height":200,"medium_large":"https:\/\/int.design\/wp-content\/uploads\/2021\/03\/Parc-768x512.jpg","medium_large-width":768,"medium_large-height":512,"large":"https:\/\/int.design\/wp-content\/uploads\/2021\/03\/Parc-1024x683.jpg","large-width":1024,"large-height":683,"1536x1536":"https:\/\/int.design\/wp-content\/uploads\/2021\/03\/Parc-1536x1024.jpg","1536x1536-width":1536,"1536x1536-height":1024,"2048x2048":"https:\/\/int.design\/wp-content\/uploads\/2021\/03\/Parc-2048x1366.jpg","2048x2048-width":2048,"2048x2048-height":1366,"article":"https:\/\/int.design\/wp-content\/uploads\/2021\/03\/Parc-960x540.jpg","article-width":960,"article-height":540,"banner":"https:\/\/int.design\/wp-content\/uploads\/2021\/03\/Parc-1920x1280.jpg","banner-width":1920,"banner-height":1280,"block":"https:\/\/int.design\/wp-content\/uploads\/2021\/03\/Parc-900x680.jpg","block-width":900,"block-height":680,"card":"https:\/\/int.design\/wp-content\/uploads\/2021\/03\/Parc-560x495.jpg","card-width":560,"card-height":495,"card-thumbnail":"https:\/\/int.design\/wp-content\/uploads\/2021\/03\/Parc-450x340.jpg","card-thumbnail-width":450,"card-thumbnail-height":340,"conference":"https:\/\/int.design\/wp-content\/uploads\/2021\/03\/Parc-560x250.jpg","conference-width":560,"conference-height":250,"contest":"https:\/\/int.design\/wp-content\/uploads\/2021\/03\/Parc-960x400.jpg","contest-width":960,"contest-height":400,"cta":"https:\/\/int.design\/wp-content\/uploads\/2021\/03\/Parc-415x170.jpg","cta-width":415,"cta-height":170,"exhibitor":"https:\/\/int.design\/wp-content\/uploads\/2021\/03\/Parc-560x560.jpg","exhibitor-width":560,"exhibitor-height":560,"gallery":"https:\/\/int.design\/wp-content\/uploads\/2021\/03\/Parc-560x373.jpg","gallery-width":560,"gallery-height":373,"logo":"https:\/\/int.design\/wp-content\/uploads\/2021\/03\/Parc-150x100.jpg","logo-width":150,"logo-height":100,"masonry":"https:\/\/int.design\/wp-content\/uploads\/2021\/03\/Parc-550x367.jpg","masonry-width":550,"masonry-height":367,"modal":"https:\/\/int.design\/wp-content\/uploads\/2021\/03\/Parc-1920x1280.jpg","modal-width":1920,"modal-height":1280,"number":"https:\/\/int.design\/wp-content\/uploads\/2021\/03\/Parc-560x373.jpg","number-width":560,"number-height":373,"partner":"https:\/\/int.design\/wp-content\/uploads\/2021\/03\/Parc-275x183.jpg","partner-width":275,"partner-height":183,"ranking":"https:\/\/int.design\/wp-content\/uploads\/2021\/03\/Parc-960x540.jpg","ranking-width":960,"ranking-height":540,"schedule":"https:\/\/int.design\/wp-content\/uploads\/2021\/03\/Parc-960x360.jpg","schedule-width":960,"schedule-height":360,"slideshow":"https:\/\/int.design\/wp-content\/uploads\/2021\/03\/Parc-1020x680.jpg","slideshow-width":1020,"slideshow-height":680}},"filters":[1007,105,557,556],"suppliers":false,"attachment_category":[]},{"categories":[265,472,592],"credit":"n\/d","image":{"ID":72191,"id":72191,"title":"Placette","filename":"Placette-scaled.jpg","filesize":0,"url":"https:\/\/int.design\/wp-content\/uploads\/2021\/03\/Placette-scaled.jpg","link":"https:\/\/int.design\/fr\/projets\/esplanade-cartier-2\/placette\/","alt":"","author":"565","description":"Esplanade Cartier Pr\u00e9vel Pr\u00e9vel N\u00d3S Gauvreau Design","caption":"","name":"placette","status":"inherit","uploaded_to":35647,"date":"2021-03-28 17:44:28","modified":"2022-02-08 14:27:50","menu_order":0,"mime_type":"image\/jpeg","type":"image","subtype":"jpeg","icon":"https:\/\/int.design\/wp-includes\/images\/media\/default.png","width":2560,"height":1707,"sizes":{"thumbnail":"https:\/\/int.design\/wp-content\/uploads\/2021\/03\/Placette-150x150.jpg","thumbnail-width":150,"thumbnail-height":150,"medium":"https:\/\/int.design\/wp-content\/uploads\/2021\/03\/Placette-300x200.jpg","medium-width":300,"medium-height":200,"medium_large":"https:\/\/int.design\/wp-content\/uploads\/2021\/03\/Placette-768x512.jpg","medium_large-width":768,"medium_large-height":512,"large":"https:\/\/int.design\/wp-content\/uploads\/2021\/03\/Placette-1024x683.jpg","large-width":1024,"large-height":683,"1536x1536":"https:\/\/int.design\/wp-content\/uploads\/2021\/03\/Placette-1536x1024.jpg","1536x1536-width":1536,"1536x1536-height":1024,"2048x2048":"https:\/\/int.design\/wp-content\/uploads\/2021\/03\/Placette-2048x1366.jpg","2048x2048-width":2048,"2048x2048-height":1366,"article":"https:\/\/int.design\/wp-content\/uploads\/2021\/03\/Placette-960x540.jpg","article-width":960,"article-height":540,"banner":"https:\/\/int.design\/wp-content\/uploads\/2021\/03\/Placette-1920x1280.jpg","banner-width":1920,"banner-height":1280,"block":"https:\/\/int.design\/wp-content\/uploads\/2021\/03\/Placette-900x680.jpg","block-width":900,"block-height":680,"card":"https:\/\/int.design\/wp-content\/uploads\/2021\/03\/Placette-560x495.jpg","card-width":560,"card-height":495,"card-thumbnail":"https:\/\/int.design\/wp-content\/uploads\/2021\/03\/Placette-450x340.jpg","card-thumbnail-width":450,"card-thumbnail-height":340,"conference":"https:\/\/int.design\/wp-content\/uploads\/2021\/03\/Placette-560x250.jpg","conference-width":560,"conference-height":250,"contest":"https:\/\/int.design\/wp-content\/uploads\/2021\/03\/Placette-960x400.jpg","contest-width":960,"contest-height":400,"cta":"https:\/\/int.design\/wp-content\/uploads\/2021\/03\/Placette-415x170.jpg","cta-width":415,"cta-height":170,"exhibitor":"https:\/\/int.design\/wp-content\/uploads\/2021\/03\/Placette-560x560.jpg","exhibitor-width":560,"exhibitor-height":560,"gallery":"https:\/\/int.design\/wp-content\/uploads\/2021\/03\/Placette-560x373.jpg","gallery-width":560,"gallery-height":373,"logo":"https:\/\/int.design\/wp-content\/uploads\/2021\/03\/Placette-150x100.jpg","logo-width":150,"logo-height":100,"masonry":"https:\/\/int.design\/wp-content\/uploads\/2021\/03\/Placette-550x367.jpg","masonry-width":550,"masonry-height":367,"modal":"https:\/\/int.design\/wp-content\/uploads\/2021\/03\/Placette-1920x1280.jpg","modal-width":1920,"modal-height":1280,"number":"https:\/\/int.design\/wp-content\/uploads\/2021\/03\/Placette-560x373.jpg","number-width":560,"number-height":373,"partner":"https:\/\/int.design\/wp-content\/uploads\/2021\/03\/Placette-275x183.jpg","partner-width":275,"partner-height":183,"ranking":"https:\/\/int.design\/wp-content\/uploads\/2021\/03\/Placette-960x540.jpg","ranking-width":960,"ranking-height":540,"schedule":"https:\/\/int.design\/wp-content\/uploads\/2021\/03\/Placette-960x360.jpg","schedule-width":960,"schedule-height":360,"slideshow":"https:\/\/int.design\/wp-content\/uploads\/2021\/03\/Placette-1020x680.jpg","slideshow-width":1020,"slideshow-height":680}},"filters":[999,1001,1003,1007,557,556],"suppliers":false,"attachment_category":[]},{"categories":[265,472,592],"credit":"n\/d","image":{"ID":72192,"id":72192,"title":"Ste-Catherine","filename":"Ste-Catherine-scaled.jpg","filesize":0,"url":"https:\/\/int.design\/wp-content\/uploads\/2021\/03\/Ste-Catherine-scaled.jpg","link":"https:\/\/int.design\/fr\/projets\/esplanade-cartier-2\/ste-catherine\/","alt":"","author":"565","description":"Esplanade Cartier Pr\u00e9vel Pr\u00e9vel N\u00d3S Gauvreau Design","caption":"","name":"ste-catherine","status":"inherit","uploaded_to":35647,"date":"2021-03-28 17:46:44","modified":"2022-02-08 14:27:50","menu_order":0,"mime_type":"image\/jpeg","type":"image","subtype":"jpeg","icon":"https:\/\/int.design\/wp-includes\/images\/media\/default.png","width":2560,"height":1920,"sizes":{"thumbnail":"https:\/\/int.design\/wp-content\/uploads\/2021\/03\/Ste-Catherine-150x150.jpg","thumbnail-width":150,"thumbnail-height":150,"medium":"https:\/\/int.design\/wp-content\/uploads\/2021\/03\/Ste-Catherine-300x225.jpg","medium-width":300,"medium-height":225,"medium_large":"https:\/\/int.design\/wp-content\/uploads\/2021\/03\/Ste-Catherine-768x576.jpg","medium_large-width":768,"medium_large-height":576,"large":"https:\/\/int.design\/wp-content\/uploads\/2021\/03\/Ste-Catherine-1024x768.jpg","large-width":1024,"large-height":768,"1536x1536":"https:\/\/int.design\/wp-content\/uploads\/2021\/03\/Ste-Catherine-1536x1152.jpg","1536x1536-width":1536,"1536x1536-height":1152,"2048x2048":"https:\/\/int.design\/wp-content\/uploads\/2021\/03\/Ste-Catherine-2048x1536.jpg","2048x2048-width":2048,"2048x2048-height":1536,"article":"https:\/\/int.design\/wp-content\/uploads\/2021\/03\/Ste-Catherine-960x540.jpg","article-width":960,"article-height":540,"banner":"https:\/\/int.design\/wp-content\/uploads\/2021\/03\/Ste-Catherine-1920x1440.jpg","banner-width":1920,"banner-height":1440,"block":"https:\/\/int.design\/wp-content\/uploads\/2021\/03\/Ste-Catherine-900x680.jpg","block-width":900,"block-height":680,"card":"https:\/\/int.design\/wp-content\/uploads\/2021\/03\/Ste-Catherine-560x495.jpg","card-width":560,"card-height":495,"card-thumbnail":"https:\/\/int.design\/wp-content\/uploads\/2021\/03\/Ste-Catherine-450x340.jpg","card-thumbnail-width":450,"card-thumbnail-height":340,"conference":"https:\/\/int.design\/wp-content\/uploads\/2021\/03\/Ste-Catherine-560x250.jpg","conference-width":560,"conference-height":250,"contest":"https:\/\/int.design\/wp-content\/uploads\/2021\/03\/Ste-Catherine-960x400.jpg","contest-width":960,"contest-height":400,"cta":"https:\/\/int.design\/wp-content\/uploads\/2021\/03\/Ste-Catherine-415x170.jpg","cta-width":415,"cta-height":170,"exhibitor":"https:\/\/int.design\/wp-content\/uploads\/2021\/03\/Ste-Catherine-560x560.jpg","exhibitor-width":560,"exhibitor-height":560,"gallery":"https:\/\/int.design\/wp-content\/uploads\/2021\/03\/Ste-Catherine-560x420.jpg","gallery-width":560,"gallery-height":420,"logo":"https:\/\/int.design\/wp-content\/uploads\/2021\/03\/Ste-Catherine-133x100.jpg","logo-width":133,"logo-height":100,"masonry":"https:\/\/int.design\/wp-content\/uploads\/2021\/03\/Ste-Catherine-550x413.jpg","masonry-width":550,"masonry-height":413,"modal":"https:\/\/int.design\/wp-content\/uploads\/2021\/03\/Ste-Catherine-1920x1440.jpg","modal-width":1920,"modal-height":1440,"number":"https:\/\/int.design\/wp-content\/uploads\/2021\/03\/Ste-Catherine-560x420.jpg","number-width":560,"number-height":420,"partner":"https:\/\/int.design\/wp-content\/uploads\/2021\/03\/Ste-Catherine-275x206.jpg","partner-width":275,"partner-height":206,"ranking":"https:\/\/int.design\/wp-content\/uploads\/2021\/03\/Ste-Catherine-960x540.jpg","ranking-width":960,"ranking-height":540,"schedule":"https:\/\/int.design\/wp-content\/uploads\/2021\/03\/Ste-Catherine-960x360.jpg","schedule-width":960,"schedule-height":360,"slideshow":"https:\/\/int.design\/wp-content\/uploads\/2021\/03\/Ste-Catherine-907x680.jpg","slideshow-width":907,"slideshow-height":680}},"filters":[999,1001,1007,557,556],"suppliers":false,"attachment_category":[]},{"categories":[265,472,592],"credit":"n\/d","image":{"ID":72193,"id":72193,"title":"Tansley","filename":"Tansley-scaled.jpg","filesize":0,"url":"https:\/\/int.design\/wp-content\/uploads\/2021\/03\/Tansley-scaled.jpg","link":"https:\/\/int.design\/fr\/projets\/esplanade-cartier-2\/tansley\/","alt":"","author":"565","description":"Esplanade Cartier Pr\u00e9vel Pr\u00e9vel N\u00d3S Gauvreau Design","caption":"","name":"tansley","status":"inherit","uploaded_to":35647,"date":"2021-03-28 17:46:54","modified":"2022-02-08 14:27:50","menu_order":0,"mime_type":"image\/jpeg","type":"image","subtype":"jpeg","icon":"https:\/\/int.design\/wp-includes\/images\/media\/default.png","width":2560,"height":1707,"sizes":{"thumbnail":"https:\/\/int.design\/wp-content\/uploads\/2021\/03\/Tansley-150x150.jpg","thumbnail-width":150,"thumbnail-height":150,"medium":"https:\/\/int.design\/wp-content\/uploads\/2021\/03\/Tansley-300x200.jpg","medium-width":300,"medium-height":200,"medium_large":"https:\/\/int.design\/wp-content\/uploads\/2021\/03\/Tansley-768x512.jpg","medium_large-width":768,"medium_large-height":512,"large":"https:\/\/int.design\/wp-content\/uploads\/2021\/03\/Tansley-1024x683.jpg","large-width":1024,"large-height":683,"1536x1536":"https:\/\/int.design\/wp-content\/uploads\/2021\/03\/Tansley-1536x1024.jpg","1536x1536-width":1536,"1536x1536-height":1024,"2048x2048":"https:\/\/int.design\/wp-content\/uploads\/2021\/03\/Tansley-2048x1366.jpg","2048x2048-width":2048,"2048x2048-height":1366,"article":"https:\/\/int.design\/wp-content\/uploads\/2021\/03\/Tansley-960x540.jpg","article-width":960,"article-height":540,"banner":"https:\/\/int.design\/wp-content\/uploads\/2021\/03\/Tansley-1920x1280.jpg","banner-width":1920,"banner-height":1280,"block":"https:\/\/int.design\/wp-content\/uploads\/2021\/03\/Tansley-900x680.jpg","block-width":900,"block-height":680,"card":"https:\/\/int.design\/wp-content\/uploads\/2021\/03\/Tansley-560x495.jpg","card-width":560,"card-height":495,"card-thumbnail":"https:\/\/int.design\/wp-content\/uploads\/2021\/03\/Tansley-450x340.jpg","card-thumbnail-width":450,"card-thumbnail-height":340,"conference":"https:\/\/int.design\/wp-content\/uploads\/2021\/03\/Tansley-560x250.jpg","conference-width":560,"conference-height":250,"contest":"https:\/\/int.design\/wp-content\/uploads\/2021\/03\/Tansley-960x400.jpg","contest-width":960,"contest-height":400,"cta":"https:\/\/int.design\/wp-content\/uploads\/2021\/03\/Tansley-415x170.jpg","cta-width":415,"cta-height":170,"exhibitor":"https:\/\/int.design\/wp-content\/uploads\/2021\/03\/Tansley-560x560.jpg","exhibitor-width":560,"exhibitor-height":560,"gallery":"https:\/\/int.design\/wp-content\/uploads\/2021\/03\/Tansley-560x373.jpg","gallery-width":560,"gallery-height":373,"logo":"https:\/\/int.design\/wp-content\/uploads\/2021\/03\/Tansley-150x100.jpg","logo-width":150,"logo-height":100,"masonry":"https:\/\/int.design\/wp-content\/uploads\/2021\/03\/Tansley-550x367.jpg","masonry-width":550,"masonry-height":367,"modal":"https:\/\/int.design\/wp-content\/uploads\/2021\/03\/Tansley-1920x1280.jpg","modal-width":1920,"modal-height":1280,"number":"https:\/\/int.design\/wp-content\/uploads\/2021\/03\/Tansley-560x373.jpg","number-width":560,"number-height":373,"partner":"https:\/\/int.design\/wp-content\/uploads\/2021\/03\/Tansley-275x183.jpg","partner-width":275,"partner-height":183,"ranking":"https:\/\/int.design\/wp-content\/uploads\/2021\/03\/Tansley-960x540.jpg","ranking-width":960,"ranking-height":540,"schedule":"https:\/\/int.design\/wp-content\/uploads\/2021\/03\/Tansley-960x360.jpg","schedule-width":960,"schedule-height":360,"slideshow":"https:\/\/int.design\/wp-content\/uploads\/2021\/03\/Tansley-1020x680.jpg","slideshow-width":1020,"slideshow-height":680}},"filters":[1007,557,556],"suppliers":false,"attachment_category":[]},{"categories":[265,472,592],"credit":"n\/d","image":{"ID":72194,"id":72194,"title":"Ste-Cath","filename":"Ste-Cath-scaled.jpg","filesize":0,"url":"https:\/\/int.design\/wp-content\/uploads\/2021\/03\/Ste-Cath-scaled.jpg","link":"https:\/\/int.design\/fr\/projets\/esplanade-cartier-2\/ste-cath\/","alt":"","author":"565","description":"Esplanade Cartier Pr\u00e9vel Pr\u00e9vel N\u00d3S Gauvreau Design","caption":"","name":"ste-cath","status":"inherit","uploaded_to":35647,"date":"2021-03-28 17:50:22","modified":"2022-02-08 14:27:50","menu_order":0,"mime_type":"image\/jpeg","type":"image","subtype":"jpeg","icon":"https:\/\/int.design\/wp-includes\/images\/media\/default.png","width":2560,"height":1828,"sizes":{"thumbnail":"https:\/\/int.design\/wp-content\/uploads\/2021\/03\/Ste-Cath-150x150.jpg","thumbnail-width":150,"thumbnail-height":150,"medium":"https:\/\/int.design\/wp-content\/uploads\/2021\/03\/Ste-Cath-300x214.jpg","medium-width":300,"medium-height":214,"medium_large":"https:\/\/int.design\/wp-content\/uploads\/2021\/03\/Ste-Cath-768x548.jpg","medium_large-width":768,"medium_large-height":548,"large":"https:\/\/int.design\/wp-content\/uploads\/2021\/03\/Ste-Cath-1024x731.jpg","large-width":1024,"large-height":731,"1536x1536":"https:\/\/int.design\/wp-content\/uploads\/2021\/03\/Ste-Cath-1536x1097.jpg","1536x1536-width":1536,"1536x1536-height":1097,"2048x2048":"https:\/\/int.design\/wp-content\/uploads\/2021\/03\/Ste-Cath-2048x1462.jpg","2048x2048-width":2048,"2048x2048-height":1462,"article":"https:\/\/int.design\/wp-content\/uploads\/2021\/03\/Ste-Cath-960x540.jpg","article-width":960,"article-height":540,"banner":"https:\/\/int.design\/wp-content\/uploads\/2021\/03\/Ste-Cath-1920x1371.jpg","banner-width":1920,"banner-height":1371,"block":"https:\/\/int.design\/wp-content\/uploads\/2021\/03\/Ste-Cath-900x680.jpg","block-width":900,"block-height":680,"card":"https:\/\/int.design\/wp-content\/uploads\/2021\/03\/Ste-Cath-560x495.jpg","card-width":560,"card-height":495,"card-thumbnail":"https:\/\/int.design\/wp-content\/uploads\/2021\/03\/Ste-Cath-450x340.jpg","card-thumbnail-width":450,"card-thumbnail-height":340,"conference":"https:\/\/int.design\/wp-content\/uploads\/2021\/03\/Ste-Cath-560x250.jpg","conference-width":560,"conference-height":250,"contest":"https:\/\/int.design\/wp-content\/uploads\/2021\/03\/Ste-Cath-960x400.jpg","contest-width":960,"contest-height":400,"cta":"https:\/\/int.design\/wp-content\/uploads\/2021\/03\/Ste-Cath-415x170.jpg","cta-width":415,"cta-height":170,"exhibitor":"https:\/\/int.design\/wp-content\/uploads\/2021\/03\/Ste-Cath-560x560.jpg","exhibitor-width":560,"exhibitor-height":560,"gallery":"https:\/\/int.design\/wp-content\/uploads\/2021\/03\/Ste-Cath-560x400.jpg","gallery-width":560,"gallery-height":400,"logo":"https:\/\/int.design\/wp-content\/uploads\/2021\/03\/Ste-Cath-140x100.jpg","logo-width":140,"logo-height":100,"masonry":"https:\/\/int.design\/wp-content\/uploads\/2021\/03\/Ste-Cath-550x393.jpg","masonry-width":550,"masonry-height":393,"modal":"https:\/\/int.design\/wp-content\/uploads\/2021\/03\/Ste-Cath-1920x1371.jpg","modal-width":1920,"modal-height":1371,"number":"https:\/\/int.design\/wp-content\/uploads\/2021\/03\/Ste-Cath-560x400.jpg","number-width":560,"number-height":400,"partner":"https:\/\/int.design\/wp-content\/uploads\/2021\/03\/Ste-Cath-275x196.jpg","partner-width":275,"partner-height":196,"ranking":"https:\/\/int.design\/wp-content\/uploads\/2021\/03\/Ste-Cath-960x540.jpg","ranking-width":960,"ranking-height":540,"schedule":"https:\/\/int.design\/wp-content\/uploads\/2021\/03\/Ste-Cath-960x360.jpg","schedule-width":960,"schedule-height":360,"slideshow":"https:\/\/int.design\/wp-content\/uploads\/2021\/03\/Ste-Cath-952x680.jpg","slideshow-width":952,"slideshow-height":680}},"filters":[999,1003,1007,557,556],"suppliers":false,"attachment_category":[]}],"mandatory_documents":[{"name":"Plan d'ensemble","file":{"ID":72210,"id":72210,"title":"20201028_PLAN-ENS_18x24_AVEC-TEXTE","filename":"20201028_PLAN-ENS_18x24_AVEC-TEXTE.pdf","filesize":0,"url":"https:\/\/d2q6z78khxmx42.cloudfront.net\/2021\/03\/20201028_PLAN-ENS_18x24_AVEC-TEXTE.pdf","link":"https:\/\/int.design\/fr\/projets\/esplanade-cartier-2\/20201028_plan-ens_18x24_avec-texte\/","alt":"","author":"565","description":"","caption":"","name":"20201028_plan-ens_18x24_avec-texte","status":"inherit","uploaded_to":35647,"date":"2021-03-28 18:07:03","modified":"2021-03-28 18:07:09","menu_order":0,"mime_type":"application\/pdf","type":"application","subtype":"pdf","icon":"https:\/\/int.design\/wp-includes\/images\/media\/document.png"}}],"optional_documents":[{"name":"Esplanade Cartier - Pr\u00e9sentation lot 1","file":{"ID":72208,"id":72208,"title":"EC pr\u00e9sentation Lot 1","filename":"6_EC pr\u00e9sentation Lot 1.pdf","filesize":0,"url":"https:\/\/d2q6z78khxmx42.cloudfront.net\/2021\/03\/6_EC pr\u00e9sentation Lot 1.pdf","link":"https:\/\/int.design\/fr\/projets\/esplanade-cartier-2\/ec-presentation-lot-1-2\/","alt":"","author":"565","description":"","caption":"","name":"ec-presentation-lot-1-2","status":"inherit","uploaded_to":35647,"date":"2021-03-28 18:04:27","modified":"2021-03-28 18:04:37","menu_order":0,"mime_type":"application\/pdf","type":"application","subtype":"pdf","icon":"https:\/\/int.design\/wp-includes\/images\/media\/document.png"}},{"name":"Esplanade Cartier - Pr\u00e9sentation lot 2","file":{"ID":72209,"id":72209,"title":"EC - Pr\u00e9sentation lot 2","filename":"EC - Pr\u00e9sentation lot 2.pdf","filesize":0,"url":"https:\/\/d2q6z78khxmx42.cloudfront.net\/2021\/03\/EC - Pr\u00e9sentation lot 2.pdf","link":"https:\/\/int.design\/fr\/projets\/esplanade-cartier-2\/ec-presentation-lot-2\/","alt":"","author":"565","description":"","caption":"","name":"ec-presentation-lot-2","status":"inherit","uploaded_to":35647,"date":"2021-03-28 18:04:32","modified":"2021-03-28 18:04:37","menu_order":0,"mime_type":"application\/pdf","type":"application","subtype":"pdf","icon":"https:\/\/int.design\/wp-includes\/images\/media\/document.png"}}],"web_text":{"fr":"<p>Esplanade Cartier c\u2019est un milieu de vie s\u2019inspirant des meilleures pratiques de d\u00e9veloppement durable qui prend forme aux abords du pont Jacques-Cartier. Vibrant et color\u00e9, \u00e0 l\u2019image du quartier Sainte-Marie, Esplanade Cartier mise sur la diversit\u00e9, la mixit\u00e9 sociale et le transport actif pour dynamiser ce secteur du quartier. Avec ses commerces, ses terrasses et ses bureaux, la placette favorise les interactions des gens du quartier, tout comme le vaste espace vert public qui appelle \u00e0 se retrouver. Ici, les premiers acheteurs de condos neufs c\u00f4toient les familles, et les travailleurs croisent les r\u00e9sidents pour un milieu s\u00e9curitaire et plein de vie, de jour comme de soir.<\/p>\n<p>Le site d&#39;Esplanade Cartier sera d\u00e9velopp\u00e9 en 6 \u00eelots distincts, qui proposeront une diversit\u00e9 des usages r\u00e9sidentiels, bureau, communautaire ou commerciaux, afin d&#39;assurer une diversit\u00e9 d&#39;utilisateurs. Notre volont\u00e9 est de cr\u00e9er un lieu qui sera connect\u00e9 au quartier existant. Tout l&#39;espace est pens\u00e9 pour favoriser les \u00e9changes et les interactions. En misant sur l&#39;imagination collective de celles et ceux qui s&#39;impr\u00e8gnent d\u00e9j\u00e0 de l&#39;esprit des lieux, c&#39;est l&#39;ensemble de la communaut\u00e9 qui en b\u00e9n\u00e9ficiera. Concr\u00e8tement, le projet incite \u00e0 la balade pour appr\u00e9cier les vues spectaculaires sur le pont Jacques-Cartier. Le circuit d\u00e9marre par une placette situ\u00e9e aux abords de la rue Sainte-Catherine, qui m\u00e8ne \u00e0 un grand parc central, qui connecte tous les \u00eelots du site, jusqu&#39;au boulevard Ren\u00e9-L\u00e9vesque.<\/p>\n","en":"<p>Esplanade Cartier is a living environment that takes shape near the Jacques-Cartier Bridge. Vibrant and colorful, like the Sainte-Marie neighbourhood, it relies on social diversity, mixed-use spaces and active transportation to revitalize this part of the Sainte-Marie neighbourhood. With its shops, its terraces and its offices, the placette encourages interactions between locals. Plus the vast public green space is a welcome respite for everyone. This is \u00e0 project where first-time buyers and families live side by side, and workers and locals alike stroll the sidewalks &#8211; creating a lively space that\u2019s safe and secure, day and night. <\/p>\n<p>The Esplanade Cartier site will be developed into 6 distinct blocks, which will offer a diversity of residential, office, community or commercial uses, in order to ensure a diversity of users. Our desire is to create a place that will be connected to the existing neighborhood. The entire project was developed to promote social interactions. Focusing on the collective imagination of those who have already embraced the area\u2019s distinctive vibe, the project aims to benefit the community as \u00e0 whole. Concretely, the project guides foot traffic through its site, which offers spectacular views of the Jacques Cartier Bridge. As you enter the placette on Sainte-Catherine Street you are led to the spacious park, which connects to the projects\u2019 different lots, and on to Ren\u00e9-L\u00e9vesque Boulevard.<\/p>\n","original":""},"jury_text":[{"category":265,"fr":"<p>Le projet vise la diversit\u00e9 et la mixit\u00e9. La cr\u00e9ation d\u2019un milieu de vie complet, comprenant un p\u00f4le d\u2019emploi, dynamisera le quartier et favorise la mixit\u00e9 sociale, culturelle et d\u00e9mographique. Nous d\u00e9sirons enraciner les futurs r\u00e9sidents dans notre belle \u00eele qu\u2019est Montr\u00e9al. Esplanade Cartier propose une grande vari\u00e9t\u00e9 d&#39;habitations telles que des condos, du locatif, des logements familiaux, des logements abordables et des logements sociaux. Nous voulons cr\u00e9er un projet inclusif, c\u2019est pourquoi nous sommes fiers que le Y des Femmes de Montr\u00e9al d\u00e9ploie son action dans notre projet. L\u2019ensemble de ses services directs se retrouvera sur site ainsi qu\u2019une nouvelle r\u00e9sidence renouvel\u00e9e.<\/p>\n<p>Esplanade Cartier jouera un r\u00f4le cl\u00e9 dans la revitalisation de tout ce secteur en prolongeant l\u2019offre de petits commerces attrayants sur Sainte-Catherine, art\u00e8re mythique de Montr\u00e9al. Cette nouvelle masse de gens viendra soutenir de fa\u00e7on consid\u00e9rable la vocation commerciale de la rue Sainte-Catherine. Tant les futurs commerces que ceux qui ont d\u00e9j\u00e0 pignon sur rue profiteront de l\u2019affluence de cette nouvelle client\u00e8le. <\/p>\n<p>Qui dit Esplanade dit lieu de rencontre. L&#39;implantation d\u2019une placette, un lieu anim\u00e9 avec une vue imprenable sur le pont Jacques-Cartier, est au c\u0153ur du projet. Elle profitera \u00e0 l&#39;ensemble de la communaut\u00e9 existante et future, aux citoyens, aux commerces et aux organismes locaux. Le lieu accueillera des activit\u00e9s et des am\u00e9nagements ludiques ainsi que des performances spontan\u00e9es.<\/p>\n","en":"<p>The project aims for social diversity. Creating a comprehensive living environment &#8211; one that includes an employment hub &#8211; will revitalize the neighbourhood and promote social, cultural, and demographic diversity. We want future residents to put down roots on the beautiful island of Montreal.  Esplanade Cartier will offer a wide range of housing options, such as condos, affordable rentals, family homes, and social housing. We want to create an inclusive project, which is why we are proud that the YWCA Montreal is deploying its action in our project. All of its direct services will be on site as well as a new, renewed residence.<br \/>\nEsplanade Cartier will play a key role in revitalizing the entire sector by extending the offer of the small, attractive shops on Sainte-Catherine Street. The influx of new residents will contribute considerably to supporting the businesses on Montreal\u2019s legendary east-west artery. Well-established shops and new businesses alike will benefit from this new clientele. <\/p>\n<p>Who says Esplanade says public spaces open to all. Integrating a public square with an unobstructed view of the Jacques Cartier Bridge is at the very heart of the project. Playing host to a wide variety of dynamic activities and spontaneous performances, this public space will benefit both current and future community members, including residents, businesses and community organizations. A fun layout and diverse programming will bring the space to life throughout the day.<\/p>\n","original":""},{"category":472,"fr":"<p>Esplanade Cartier, c\u2019est un lieu hyper accessible. Le projet a \u00e9t\u00e9 r\u00e9fl\u00e9chi pour r\u00e9pondre aux grands principes de la mobilit\u00e9 durable. Ce projet est situ\u00e9 dans un lieu hautement strat\u00e9gique : il est bien desservi par le r\u00e9seau d\u2019autobus et ne se trouve qu\u2019\u00e0 5 minutes \u00e0 pied de la station de m\u00e9tro Papineau. \u00c0 terme, nous esp\u00e9rons que les habitants pourront profiter d\u2019un nouveau r\u00e9seau de transport en commun qui desservira le quartier. De plus, le pont Jacques-Cartier est \u00e0 proximit\u00e9 pour aller profiter des attraits de l\u2019\u00eele Saint-H\u00e9l\u00e8ne ou se rendre \u00e0 pied ou \u00e0 v\u00e9lo sur la Rive-Sud. <\/p>\n<p>Le projet encourage un mode de vie sain. Tout \u00e0 \u00e9t\u00e9 r\u00e9fl\u00e9chi pour diminuer l\u2019utilisation de l\u2019automobile et favoriser le transport actif. Les voies publiques pr\u00e9vues sur l\u2019ensemble du site (ruelles vertes, sentiers v\u00e9g\u00e9talis\u00e9s, placette, rues Tansley et Falardeau) sont con\u00e7ues de fa\u00e7on \u00e0 promouvoir la marche et le v\u00e9lo, tout en offrant une vari\u00e9t\u00e9 d\u2019options (autobus, m\u00e9tro, marche, bixi, autopartage, etc.). L\u2019am\u00e9nagement d\u2019espaces verts suivant l\u2019axe central nord-sud permettra aussi de r\u00e9tablir un lien entre les citoyens et notre fleuve mythique. <\/p>\n<p>Avec des notes de 93 et 99 quant \u00e0 la commodit\u00e9 de l\u2019emplacement du site pour les pi\u00e9tons et les v\u00e9los, c\u2019est un paradis des adeptes de ces modes de transports actifs. Au quotidien, avec la quantit\u00e9 de services \u00e0 proximit\u00e9, il sera facile et rapide d\u2019effectuer des courses, de se rendre au travail ou simplement de profiter des attraits du quartier. <\/p>\n","en":"<p>At Esplanade Cartier, accessibility is key. The project was designed to meet the primary principles of sustainable mobility. The project is strategically located : the neighbourhood is served by a network of buses and is just a five-minute walk from the Papineau metro station. In the future, we hope residents will also benefit from \u00e0 new public transit network in the area. And being so close to the Jacques Cartier Bridge makes it easy to enjoy the attractions of \u00eele Sainte-H\u00e9l\u00e8ne, or walk or cycle to the South Shore. <\/p>\n<p>The project promotes \u00e0 healthy lifestyle. everything was thought out to reduce the need to use cars and encourage active transportation. The public roads planned for the site &#8211; green alleys and paths, the public square, and Tansley and Falardeau streets &#8211; have all been designed with walking and cycling in mind. A wide range of sustainable modes of transportation (bus, metro, Bixi, car sharing, and more) are also easily accessible. Green spaces along the main north &#8211; south artery will allow residents to reconnect with the emblematic Saint-Lawrence River. <\/p>\n<p>With excellent scores of 93 for walkability and 99 for cycling, Esplanade Cartier is the ideal place to live for anyone who uses active transport to get around. Thanks to a wide variety of services in the area, it\u2019s easy to run errands, get to work, or take advantage of everything the neighbourhood has to offer. <\/p>\n","original":""},{"category":592,"fr":"<p>Un vent de fra\u00eecheur contre les \u00eelots de chaleur. La grande id\u00e9e, c\u2019est transformer ce secteur en milieu de vie inspirant et rafra\u00eechissant gr\u00e2ce aux meilleures pratiques en mati\u00e8re de d\u00e9veloppement durable. La cr\u00e9ation de plusieurs ruelles vertes, un grand parc au centre de la place ainsi qu\u2019un syst\u00e8me de r\u00e9tention des eaux font partie des nombreuses initiatives envisag\u00e9es. La gestion des eaux de ruissellement se fait \u00e0 m\u00eame le site. Le plan profite d\u2019espaces plant\u00e9s et de zones v\u00e9g\u00e9talis\u00e9es pour la gestion durable et la bior\u00e9tention des eaux de pluie. Esplanade Cartier comprend \u00e9galement un volet d&#39;agriculture urbaines sur les toits. Ce projet collectif pourra approvisionner les commerces environnants et desservir la communaut\u00e9 \u00e0 proximit\u00e9, limitant ainsi les effets n\u00e9gatifs du transport tout en favorisant l\u2019\u00e9conomie locale.  <\/p>\n<p>La densification intelligente permet de cr\u00e9er non seulement un milieu de vie ou le b\u00e2ti respecte l\u2019environnement existant, mais aussi un quartier anim\u00e9 et vivant. En encourageant \u00e0 la fois les travailleurs et les r\u00e9sidents \u00e0 cohabiter dans un m\u00eame secteur, on maximise la vitalit\u00e9 \u00e9conomique et commerciale de celui-ci. On justifie \u00e9galement l\u2019expansion des services de transport public \u00e0 proximit\u00e9. l\u2019occupation commerciale au niveau rez-de-chauss\u00e9e et l\u2019utilisation des espaces publics \u00e0 toute heure du jour g\u00e9n\u00e9reront un environnement plus s\u00e9curitaire et plus anim\u00e9 gr\u00e2ce \u00e0 la vitalit\u00e9 continue et \u00e0 la visibilit\u00e9 naturelle des espaces publics. <\/p>\n","en":"<p>Cooling down heat islands. Through best practices in sustainable development, this area is being transformed into a refreshing and inspirational living environment. Multiple green alleys, a large park at the center of the public square, and a rainwater retention system with on-site management are among the many initiatives planned. The architectural plan includes various green and landscaped spaces for sustainable runoff management and bioretention. Moreover, the project boasts an urban-agriculture component on its rooftop. In addition to cooling down the buildings, this collaborative project will provide fresh ingredients to neighbourhood businesses and the community. This will further reduce the environmental impact of transportation and support the local economy. <\/p>\n<p>Through intelligent densification, we can create living environments where buildings respect the existing architecture, as well as bustling, lively neighbourhoods. By encouraging people to live and work in the same area, we can maximize economic and commercial vitality and justify the expansion of public transit networks. The continued vitality of the street-level businesses and the visibility and use of the project\u2019s all-hour public and semi-public\/semi-private spaces create a safer, livelier place to live. This is a big step towards what we call \u201cliving better together\u201d. <\/p>\n","original":""}],"different_jury_text":false,"different_category_text":false},"laureats":[{"cat_id":265,"cat_id_laureat":1036,"laureat":"Laur\u00e9at Platine"},{"cat_id":472,"cat_id_laureat":1036,"laureat":"Laur\u00e9at Platine"},{"cat_id":592,"cat_id_laureat":1034,"laureat":"Certification Argent"},{"cat_id":644,"cat_id_laureat":1079,"laureat":"Laur\u00e9at Grand Prix"}],"contest_id":"1180","contest_title":"GRANDS PRIX DU DESIGN - 14e \u00e9dition","firms":[{"name":"Pr\u00e9vel","website":"https:\/\/www.prevel.ca\/en","category":"D\u00e9veloppeur immobilier","category_tax":false,"category_label":null},{"name":"N\u00d3S","website":"https:\/\/www.n-o-s.ca","category":"Architecte","category_tax":false,"category_label":null},{"name":"Gauvreau Design","website":"http:\/\/www.gauvreaudesign.com","category":"Designer d'int\u00e9rieur","category_tax":false,"category_label":null}],"user":{"email":"fmorrier@prevel.ca","first_name":"Florence","last_name":"Morrier"},"doc_texts_web":{"fr":"","en":""},"permalinks":{"fr":"https:\/\/int.design\/fr\/projets\/esplanade-cartier-2\/","en":"https:\/\/int.design\/en\/projects\/esplanade-cartier-2\/"},"titles":{"fr":"Esplanade Cartier","en":"Esplanade Cartier"},"wp_fields":[],"laravel_id":""},"_links":{"self":[{"href":"https:\/\/int.design\/fr\/wp-json\/wp\/v2\/project\/35647","targetHints":{"allow":["GET"]}}],"collection":[{"href":"https:\/\/int.design\/fr\/wp-json\/wp\/v2\/project"}],"about":[{"href":"https:\/\/int.design\/fr\/wp-json\/wp\/v2\/types\/project"}],"wp:attachment":[{"href":"https:\/\/int.design\/fr\/wp-json\/wp\/v2\/media?parent=35647"}],"curies":[{"name":"wp","href":"https:\/\/api.w.org\/{rel}","templated":true}]}}