{"id":34456,"date":"2021-07-14T19:43:17","date_gmt":"2021-07-14T23:43:17","guid":{"rendered":"https:\/\/int.design\/?post_type=project&#038;p=34456"},"modified":"2021-07-16T13:44:03","modified_gmt":"2021-07-16T17:44:03","slug":"eclipse","status":"publish","type":"project","link":"https:\/\/int.design\/fr\/projets\/eclipse\/","title":{"rendered":"ECLIPSE"},"content":{"rendered":"","protected":false},"template":"","class_list":["post-34456","project","type-project","status-publish","hentry","project_category-design-dinterieur","project_category-hebergement_restaurant_bar","project_category-restaurant-de-plus-de-1-600-pi2-plus-de-500-m2-2"],"acf":[],"yoast_head":"<!-- This site is optimized with the Yoast SEO plugin v21.5 - https:\/\/yoast.com\/wordpress\/plugins\/seo\/ -->\n<title>ECLIPSE - INT Design<\/title>\n<meta name=\"robots\" content=\"index, follow, max-snippet:-1, max-image-preview:large, max-video-preview:-1\" \/>\n<link rel=\"canonical\" href=\"https:\/\/int.design\/fr\/projets\/eclipse\/\" \/>\n<meta property=\"og:locale\" content=\"fr_FR\" \/>\n<meta property=\"og:type\" content=\"article\" \/>\n<meta property=\"og:title\" content=\"ECLIPSE - INT Design\" \/>\n<meta property=\"og:url\" content=\"https:\/\/int.design\/fr\/projets\/eclipse\/\" \/>\n<meta property=\"og:site_name\" content=\"INT Design\" \/>\n<meta property=\"article:modified_time\" content=\"2021-07-16T17:44:03+00:00\" \/>\n<meta name=\"twitter:card\" content=\"summary_large_image\" \/>\n<script type=\"application\/ld+json\" class=\"yoast-schema-graph\">{\"@context\":\"https:\/\/schema.org\",\"@graph\":[{\"@type\":\"WebPage\",\"@id\":\"https:\/\/int.design\/fr\/projets\/eclipse\/\",\"url\":\"https:\/\/int.design\/fr\/projets\/eclipse\/\",\"name\":\"ECLIPSE - INT Design\",\"isPartOf\":{\"@id\":\"https:\/\/int.design\/fr\/#website\"},\"datePublished\":\"2021-07-14T23:43:17+00:00\",\"dateModified\":\"2021-07-16T17:44:03+00:00\",\"breadcrumb\":{\"@id\":\"https:\/\/int.design\/fr\/projets\/eclipse\/#breadcrumb\"},\"inLanguage\":\"fr-FR\",\"potentialAction\":[{\"@type\":\"ReadAction\",\"target\":[\"https:\/\/int.design\/fr\/projets\/eclipse\/\"]}]},{\"@type\":\"BreadcrumbList\",\"@id\":\"https:\/\/int.design\/fr\/projets\/eclipse\/#breadcrumb\",\"itemListElement\":[{\"@type\":\"ListItem\",\"position\":1,\"name\":\"Home\",\"item\":\"https:\/\/int.design\/fr\/\"},{\"@type\":\"ListItem\",\"position\":2,\"name\":\"Projects\",\"item\":\"https:\/\/int.design\/en\/projects\/\"},{\"@type\":\"ListItem\",\"position\":3,\"name\":\"ECLIPSE\"}]},{\"@type\":\"WebSite\",\"@id\":\"https:\/\/int.design\/fr\/#website\",\"url\":\"https:\/\/int.design\/fr\/\",\"name\":\"INT Design\",\"description\":\"\",\"potentialAction\":[{\"@type\":\"SearchAction\",\"target\":{\"@type\":\"EntryPoint\",\"urlTemplate\":\"https:\/\/int.design\/fr\/?s={search_term_string}\"},\"query-input\":\"required name=search_term_string\"}],\"inLanguage\":\"fr-FR\"}]}<\/script>\n<!-- \/ Yoast SEO plugin. -->","yoast_head_json":{"title":"ECLIPSE - INT Design","robots":{"index":"index","follow":"follow","max-snippet":"max-snippet:-1","max-image-preview":"max-image-preview:large","max-video-preview":"max-video-preview:-1"},"canonical":"https:\/\/int.design\/fr\/projets\/eclipse\/","og_locale":"fr_FR","og_type":"article","og_title":"ECLIPSE - INT Design","og_url":"https:\/\/int.design\/fr\/projets\/eclipse\/","og_site_name":"INT Design","article_modified_time":"2021-07-16T17:44:03+00:00","twitter_card":"summary_large_image","schema":{"@context":"https:\/\/schema.org","@graph":[{"@type":"WebPage","@id":"https:\/\/int.design\/fr\/projets\/eclipse\/","url":"https:\/\/int.design\/fr\/projets\/eclipse\/","name":"ECLIPSE - INT Design","isPartOf":{"@id":"https:\/\/int.design\/fr\/#website"},"datePublished":"2021-07-14T23:43:17+00:00","dateModified":"2021-07-16T17:44:03+00:00","breadcrumb":{"@id":"https:\/\/int.design\/fr\/projets\/eclipse\/#breadcrumb"},"inLanguage":"fr-FR","potentialAction":[{"@type":"ReadAction","target":["https:\/\/int.design\/fr\/projets\/eclipse\/"]}]},{"@type":"BreadcrumbList","@id":"https:\/\/int.design\/fr\/projets\/eclipse\/#breadcrumb","itemListElement":[{"@type":"ListItem","position":1,"name":"Home","item":"https:\/\/int.design\/fr\/"},{"@type":"ListItem","position":2,"name":"Projects","item":"https:\/\/int.design\/en\/projects\/"},{"@type":"ListItem","position":3,"name":"ECLIPSE"}]},{"@type":"WebSite","@id":"https:\/\/int.design\/fr\/#website","url":"https:\/\/int.design\/fr\/","name":"INT Design","description":"","potentialAction":[{"@type":"SearchAction","target":{"@type":"EntryPoint","urlTemplate":"https:\/\/int.design\/fr\/?s={search_term_string}"},"query-input":"required name=search_term_string"}],"inLanguage":"fr-FR"}]}},"entry":{"cats":{"disciplines":[{"id":123,"name":"Design d\u2019int\u00e9rieur"}],"big_cats":[{"id":418,"name":"H\u00e9bergement, restaurant &amp; bar"}],"sub_cats":[{"id":205,"name":"Restaurant &gt; 1 600 pi2 (&gt; 500 m2)","parent":418}]},"entry":{"":null,"status":"completed","winner_title":"Enia architectes, Arcadis, Karen BARMAKI","winner_prize_lang":"","title_translatable":false,"title_en":"","title_fr":"","releve_award":false,"releve_award_cv":false,"collaboration":true,"collaboration_firms":[{"name":"Enia architectes","website":"https:\/\/www.enia.fr\/"},{"name":"Arcadis","website":"https:\/\/www.arcadis.com\/fr\/france\/"},{"name":"Karen BARMAKI","website":""}],"other_firms":[{"name":"Enia architectes","website":"https:\/\/www.enia.fr\/","category":"Architecte","category_tax":false},{"name":"Arcadis","website":"https:\/\/www.arcadis.com\/fr\/france\/","category":"Ing\u00e9nierie","category_tax":false},{"name":"Karen BARMAKI","website":"","category":"Entrepreneur g\u00e9n\u00e9ral","category_tax":false},{"name":"RAGUENEAU (cuisine)","website":"https:\/\/www.ragueneau-cuisines-pro.fr\/","category":"Entrepreneur g\u00e9n\u00e9ral","category_tax":false},{"name":"Amperelec (\u00e9lectricit\u00e9)","website":"","category":"Entrepreneur g\u00e9n\u00e9ral","category_tax":false},{"name":"3B Clim (CVC)","website":"http:\/\/www.3bclim.fr\/fr\/","category":"Entrepreneur g\u00e9n\u00e9ral","category_tax":false},{"name":"Energies Clim (Plomberie)","website":"","category":"Entrepreneur g\u00e9n\u00e9ral","category_tax":false},{"name":"MBCP","website":"","category":"Entrepreneur g\u00e9n\u00e9ral","category_tax":false},{"name":"Costa group (agencement bar)","website":"http:\/\/www.costagroup.net\/?lang=fr","category":"Entrepreneur g\u00e9n\u00e9ral","category_tax":false},{"name":"Augagneur PMG (cloisons)","website":"","category":"Entrepreneur g\u00e9n\u00e9ral","category_tax":false},{"name":"Decoplus parquets","website":"https:\/\/www.decoplus-parquet.com\/","category":"Entrepreneur g\u00e9n\u00e9ral","category_tax":false},{"name":"Creative m\u00e9tallerie (serrurerie)","website":"","category":"Entrepreneur g\u00e9n\u00e9ral","category_tax":false},{"name":"Etablissement Gendre (serrurerie)","website":"https:\/\/www.ets-gendre.fr\/","category":"Entrepreneur g\u00e9n\u00e9ral","category_tax":false},{"name":"Combet-Serith (peinture)","website":"","category":"Entrepreneur g\u00e9n\u00e9ral","category_tax":false},{"name":"AMIE (menuiseries int\u00e9rieures)","website":"","category":"Entrepreneur g\u00e9n\u00e9ral","category_tax":false},{"name":"Lenglart (stores et rideaux)","website":"https:\/\/www.lenglart.com\/fr\/","category":"Entrepreneur g\u00e9n\u00e9ral","category_tax":false},{"name":"Myneon (enseignes)","website":"https:\/\/myneon.fr\/","category":"","category_tax":false}],"owner":{"name":"SARL ND des Victoires Restauration - Georges ABI AAD","confidential":false,"website":"","contact_name":"","email":"georges.abiaad@gmail.com","phone":""},"address":{"address":"86 Esplanade du G\u00e9n\u00e9ral de Gaulle","city":"La D\u00e9fense","region":"","province":"","country":"FR","postal_code":"92040"},"logos":false,"use_logo":false,"designers":[{"name":"Simon Pallubicki","credit":"Epaillard Machado","image":{"ID":36723,"id":36723,"title":"Enia architectes","filename":"portrait-simon-pallubicki.jpg","filesize":0,"url":"https:\/\/d2q6z78khxmx42.cloudfront.net\/2021\/01\/portrait-simon-pallubicki.jpg","link":"https:\/\/int.design\/fr\/projets\/eclipse\/enia-architectes-3\/","alt":"","author":"6","description":"","caption":"Portraits associ\u00e9s","name":"enia-architectes-3","status":"inherit","uploaded_to":34456,"date":"2021-01-07 22:00:55","modified":"2021-01-07 22:00:55","menu_order":0,"mime_type":"image\/jpeg","type":"image","subtype":"jpeg","icon":"https:\/\/int.design\/wp-includes\/images\/media\/default.png","width":1920,"height":1920,"sizes":{"thumbnail":"https:\/\/d2q6z78khxmx42.cloudfront.net\/2021\/01\/portrait-simon-pallubicki-150x150.jpg","thumbnail-width":"150","thumbnail-height":"150","medium":"https:\/\/d2q6z78khxmx42.cloudfront.net\/2021\/01\/portrait-simon-pallubicki-300x300.jpg","medium-width":"300","medium-height":"300","medium_large":"https:\/\/d2q6z78khxmx42.cloudfront.net\/2021\/01\/portrait-simon-pallubicki-768x768.jpg","medium_large-width":"768","medium_large-height":"768","large":"https:\/\/d2q6z78khxmx42.cloudfront.net\/2021\/01\/portrait-simon-pallubicki-1024x1024.jpg","large-width":"1024","large-height":"1024","1536x1536":"https:\/\/d2q6z78khxmx42.cloudfront.net\/2021\/01\/portrait-simon-pallubicki-1536x1536.jpg","1536x1536-width":"1536","1536x1536-height":"1536","2048x2048":"https:\/\/d2q6z78khxmx42.cloudfront.net\/2021\/01\/portrait-simon-pallubicki.jpg","2048x2048-width":1920,"2048x2048-height":1920,"article":"https:\/\/d2q6z78khxmx42.cloudfront.net\/2021\/01\/portrait-simon-pallubicki-960x540.jpg","article-width":"960","article-height":"540","banner":"https:\/\/d2q6z78khxmx42.cloudfront.net\/2021\/01\/portrait-simon-pallubicki.jpg","banner-width":1920,"banner-height":1920,"block":"https:\/\/d2q6z78khxmx42.cloudfront.net\/2021\/01\/portrait-simon-pallubicki-900x680.jpg","block-width":"900","block-height":"680","card":"https:\/\/d2q6z78khxmx42.cloudfront.net\/2021\/01\/portrait-simon-pallubicki-560x495.jpg","card-width":"560","card-height":"495","card-thumbnail":"https:\/\/d2q6z78khxmx42.cloudfront.net\/2021\/01\/portrait-simon-pallubicki-450x340.jpg","card-thumbnail-width":"450","card-thumbnail-height":"340","conference":"https:\/\/d2q6z78khxmx42.cloudfront.net\/2021\/01\/portrait-simon-pallubicki-560x250.jpg","conference-width":"560","conference-height":"250","contest":"https:\/\/d2q6z78khxmx42.cloudfront.net\/2021\/01\/portrait-simon-pallubicki-960x400.jpg","contest-width":"960","contest-height":"400","cta":"https:\/\/d2q6z78khxmx42.cloudfront.net\/2021\/01\/portrait-simon-pallubicki-415x170.jpg","cta-width":"415","cta-height":"170","exhibitor":"https:\/\/d2q6z78khxmx42.cloudfront.net\/2021\/01\/portrait-simon-pallubicki-560x560.jpg","exhibitor-width":"560","exhibitor-height":"560","gallery":"https:\/\/d2q6z78khxmx42.cloudfront.net\/2021\/01\/portrait-simon-pallubicki-430x430.jpg","gallery-width":"430","gallery-height":"430","logo":"https:\/\/d2q6z78khxmx42.cloudfront.net\/2021\/01\/portrait-simon-pallubicki-100x100.jpg","logo-width":"100","logo-height":"100","masonry":"https:\/\/d2q6z78khxmx42.cloudfront.net\/2021\/01\/portrait-simon-pallubicki-550x550.jpg","masonry-width":"550","masonry-height":"550","modal":"https:\/\/d2q6z78khxmx42.cloudfront.net\/2021\/01\/portrait-simon-pallubicki-1920x1920.jpg","modal-width":"1920","modal-height":"1920","number":"https:\/\/d2q6z78khxmx42.cloudfront.net\/2021\/01\/ysMTqgHq-portrait-simon-pallubicki-430x430.jpg","number-width":"430","number-height":"430","partner":"https:\/\/d2q6z78khxmx42.cloudfront.net\/2021\/01\/portrait-simon-pallubicki-210x210.jpg","partner-width":"210","partner-height":"210","ranking":"https:\/\/d2q6z78khxmx42.cloudfront.net\/2021\/01\/ysMTqgHq-portrait-simon-pallubicki-960x540.jpg","ranking-width":"960","ranking-height":"540","schedule":"https:\/\/d2q6z78khxmx42.cloudfront.net\/2021\/01\/portrait-simon-pallubicki-960x360.jpg","schedule-width":"960","schedule-height":"360","slideshow":"https:\/\/d2q6z78khxmx42.cloudfront.net\/2021\/01\/portrait-simon-pallubicki-680x680.jpg","slideshow-width":"680","slideshow-height":"680"}},"file":{"ID":36728,"id":36728,"title":"SIMON PALLUBICKI","filename":"simon-pallubicki.pdf","filesize":0,"url":"https:\/\/d2q6z78khxmx42.cloudfront.net\/2021\/01\/simon-pallubicki.pdf","link":"https:\/\/int.design\/fr\/projets\/eclipse\/simon-pallubicki-2\/","alt":"","author":"6","description":"","caption":"","name":"simon-pallubicki-2","status":"inherit","uploaded_to":34456,"date":"2021-01-07 22:03:08","modified":"2021-01-07 22:03:08","menu_order":0,"mime_type":"application\/pdf","type":"application","subtype":"pdf","icon":"https:\/\/int.design\/wp-includes\/images\/media\/document.png"}},{"name":"Mathieu Chazelle","credit":"Epaillard Machado","image":{"ID":36722,"id":36722,"title":"Enia architectes","filename":"portrait-mathieu-chazelle.jpg","filesize":0,"url":"https:\/\/d2q6z78khxmx42.cloudfront.net\/2021\/01\/portrait-mathieu-chazelle.jpg","link":"https:\/\/int.design\/fr\/projets\/eclipse\/enia-architectes-2\/","alt":"","author":"6","description":"","caption":"Portraits associ\u00e9s","name":"enia-architectes-2","status":"inherit","uploaded_to":34456,"date":"2021-01-07 22:00:44","modified":"2021-01-07 22:00:44","menu_order":0,"mime_type":"image\/jpeg","type":"image","subtype":"jpeg","icon":"https:\/\/int.design\/wp-includes\/images\/media\/default.png","width":1920,"height":1920,"sizes":{"thumbnail":"https:\/\/d2q6z78khxmx42.cloudfront.net\/2021\/01\/portrait-mathieu-chazelle-150x150.jpg","thumbnail-width":"150","thumbnail-height":"150","medium":"https:\/\/d2q6z78khxmx42.cloudfront.net\/2021\/01\/portrait-mathieu-chazelle-300x300.jpg","medium-width":"300","medium-height":"300","medium_large":"https:\/\/d2q6z78khxmx42.cloudfront.net\/2021\/01\/portrait-mathieu-chazelle-768x768.jpg","medium_large-width":"768","medium_large-height":"768","large":"https:\/\/d2q6z78khxmx42.cloudfront.net\/2021\/01\/portrait-mathieu-chazelle-1024x1024.jpg","large-width":"1024","large-height":"1024","1536x1536":"https:\/\/d2q6z78khxmx42.cloudfront.net\/2021\/01\/portrait-mathieu-chazelle-1536x1536.jpg","1536x1536-width":"1536","1536x1536-height":"1536","2048x2048":"https:\/\/d2q6z78khxmx42.cloudfront.net\/2021\/01\/portrait-mathieu-chazelle.jpg","2048x2048-width":1920,"2048x2048-height":1920,"article":"https:\/\/d2q6z78khxmx42.cloudfront.net\/2021\/01\/portrait-mathieu-chazelle-960x540.jpg","article-width":"960","article-height":"540","banner":"https:\/\/d2q6z78khxmx42.cloudfront.net\/2021\/01\/portrait-mathieu-chazelle.jpg","banner-width":1920,"banner-height":1920,"block":"https:\/\/d2q6z78khxmx42.cloudfront.net\/2021\/01\/portrait-mathieu-chazelle-900x680.jpg","block-width":"900","block-height":"680","card":"https:\/\/d2q6z78khxmx42.cloudfront.net\/2021\/01\/portrait-mathieu-chazelle-560x495.jpg","card-width":"560","card-height":"495","card-thumbnail":"https:\/\/d2q6z78khxmx42.cloudfront.net\/2021\/01\/portrait-mathieu-chazelle-450x340.jpg","card-thumbnail-width":"450","card-thumbnail-height":"340","conference":"https:\/\/d2q6z78khxmx42.cloudfront.net\/2021\/01\/portrait-mathieu-chazelle-560x250.jpg","conference-width":"560","conference-height":"250","contest":"https:\/\/d2q6z78khxmx42.cloudfront.net\/2021\/01\/portrait-mathieu-chazelle-960x400.jpg","contest-width":"960","contest-height":"400","cta":"https:\/\/d2q6z78khxmx42.cloudfront.net\/2021\/01\/portrait-mathieu-chazelle-415x170.jpg","cta-width":"415","cta-height":"170","exhibitor":"https:\/\/d2q6z78khxmx42.cloudfront.net\/2021\/01\/portrait-mathieu-chazelle-560x560.jpg","exhibitor-width":"560","exhibitor-height":"560","gallery":"https:\/\/d2q6z78khxmx42.cloudfront.net\/2021\/01\/portrait-mathieu-chazelle-430x430.jpg","gallery-width":"430","gallery-height":"430","logo":"https:\/\/d2q6z78khxmx42.cloudfront.net\/2021\/01\/portrait-mathieu-chazelle-100x100.jpg","logo-width":"100","logo-height":"100","masonry":"https:\/\/d2q6z78khxmx42.cloudfront.net\/2021\/01\/portrait-mathieu-chazelle-550x550.jpg","masonry-width":"550","masonry-height":"550","modal":"https:\/\/d2q6z78khxmx42.cloudfront.net\/2021\/01\/portrait-mathieu-chazelle-1920x1920.jpg","modal-width":"1920","modal-height":"1920","number":"https:\/\/d2q6z78khxmx42.cloudfront.net\/2021\/01\/1uo1dURB-portrait-mathieu-chazelle-430x430.jpg","number-width":"430","number-height":"430","partner":"https:\/\/d2q6z78khxmx42.cloudfront.net\/2021\/01\/portrait-mathieu-chazelle-210x210.jpg","partner-width":"210","partner-height":"210","ranking":"https:\/\/d2q6z78khxmx42.cloudfront.net\/2021\/01\/1uo1dURB-portrait-mathieu-chazelle-960x540.jpg","ranking-width":"960","ranking-height":"540","schedule":"https:\/\/d2q6z78khxmx42.cloudfront.net\/2021\/01\/portrait-mathieu-chazelle-960x360.jpg","schedule-width":"960","schedule-height":"360","slideshow":"https:\/\/d2q6z78khxmx42.cloudfront.net\/2021\/01\/portrait-mathieu-chazelle-680x680.jpg","slideshow-width":"680","slideshow-height":"680"}},"file":{"ID":36726,"id":36726,"title":"MATHIEU CHAZELLE","filename":"mathieu-chazelle.pdf","filesize":0,"url":"https:\/\/d2q6z78khxmx42.cloudfront.net\/2021\/01\/mathieu-chazelle.pdf","link":"https:\/\/int.design\/fr\/projets\/eclipse\/mathieu-chazelle-2\/","alt":"","author":"6","description":"","caption":"","name":"mathieu-chazelle-2","status":"inherit","uploaded_to":34456,"date":"2021-01-07 22:03:02","modified":"2021-01-07 22:03:02","menu_order":0,"mime_type":"application\/pdf","type":"application","subtype":"pdf","icon":"https:\/\/int.design\/wp-includes\/images\/media\/document.png"}},{"name":"Brice Piechaczyk","credit":"Epaillard Machado","image":{"ID":36721,"id":36721,"title":"Enia architectes","filename":"portrait-brice-piechaczyk.jpg","filesize":0,"url":"https:\/\/d2q6z78khxmx42.cloudfront.net\/2021\/01\/portrait-brice-piechaczyk.jpg","link":"https:\/\/int.design\/fr\/projets\/eclipse\/enia-architectes\/","alt":"","author":"6","description":"","caption":"Portraits associ\u00e9s","name":"enia-architectes","status":"inherit","uploaded_to":34456,"date":"2021-01-07 22:00:37","modified":"2021-01-07 22:00:37","menu_order":0,"mime_type":"image\/jpeg","type":"image","subtype":"jpeg","icon":"https:\/\/int.design\/wp-includes\/images\/media\/default.png","width":1920,"height":1920,"sizes":{"thumbnail":"https:\/\/d2q6z78khxmx42.cloudfront.net\/2021\/01\/portrait-brice-piechaczyk-150x150.jpg","thumbnail-width":"150","thumbnail-height":"150","medium":"https:\/\/d2q6z78khxmx42.cloudfront.net\/2021\/01\/portrait-brice-piechaczyk-300x300.jpg","medium-width":"300","medium-height":"300","medium_large":"https:\/\/d2q6z78khxmx42.cloudfront.net\/2021\/01\/portrait-brice-piechaczyk-768x768.jpg","medium_large-width":"768","medium_large-height":"768","large":"https:\/\/d2q6z78khxmx42.cloudfront.net\/2021\/01\/portrait-brice-piechaczyk-1024x1024.jpg","large-width":"1024","large-height":"1024","1536x1536":"https:\/\/d2q6z78khxmx42.cloudfront.net\/2021\/01\/portrait-brice-piechaczyk-1536x1536.jpg","1536x1536-width":"1536","1536x1536-height":"1536","2048x2048":"https:\/\/d2q6z78khxmx42.cloudfront.net\/2021\/01\/portrait-brice-piechaczyk.jpg","2048x2048-width":1920,"2048x2048-height":1920,"article":"https:\/\/d2q6z78khxmx42.cloudfront.net\/2021\/01\/portrait-brice-piechaczyk-960x540.jpg","article-width":"960","article-height":"540","banner":"https:\/\/d2q6z78khxmx42.cloudfront.net\/2021\/01\/portrait-brice-piechaczyk.jpg","banner-width":1920,"banner-height":1920,"block":"https:\/\/d2q6z78khxmx42.cloudfront.net\/2021\/01\/portrait-brice-piechaczyk-900x680.jpg","block-width":"900","block-height":"680","card":"https:\/\/d2q6z78khxmx42.cloudfront.net\/2021\/01\/portrait-brice-piechaczyk-560x495.jpg","card-width":"560","card-height":"495","card-thumbnail":"https:\/\/d2q6z78khxmx42.cloudfront.net\/2021\/01\/portrait-brice-piechaczyk-450x340.jpg","card-thumbnail-width":"450","card-thumbnail-height":"340","conference":"https:\/\/d2q6z78khxmx42.cloudfront.net\/2021\/01\/portrait-brice-piechaczyk-560x250.jpg","conference-width":"560","conference-height":"250","contest":"https:\/\/d2q6z78khxmx42.cloudfront.net\/2021\/01\/portrait-brice-piechaczyk-960x400.jpg","contest-width":"960","contest-height":"400","cta":"https:\/\/d2q6z78khxmx42.cloudfront.net\/2021\/01\/portrait-brice-piechaczyk-415x170.jpg","cta-width":"415","cta-height":"170","exhibitor":"https:\/\/d2q6z78khxmx42.cloudfront.net\/2021\/01\/portrait-brice-piechaczyk-560x560.jpg","exhibitor-width":"560","exhibitor-height":"560","gallery":"https:\/\/d2q6z78khxmx42.cloudfront.net\/2021\/01\/portrait-brice-piechaczyk-430x430.jpg","gallery-width":"430","gallery-height":"430","logo":"https:\/\/d2q6z78khxmx42.cloudfront.net\/2021\/01\/portrait-brice-piechaczyk-100x100.jpg","logo-width":"100","logo-height":"100","masonry":"https:\/\/d2q6z78khxmx42.cloudfront.net\/2021\/01\/portrait-brice-piechaczyk-550x550.jpg","masonry-width":"550","masonry-height":"550","modal":"https:\/\/d2q6z78khxmx42.cloudfront.net\/2021\/01\/portrait-brice-piechaczyk-1920x1920.jpg","modal-width":"1920","modal-height":"1920","number":"https:\/\/d2q6z78khxmx42.cloudfront.net\/2021\/01\/9n4NUyHJ-portrait-brice-piechaczyk-430x430.jpg","number-width":"430","number-height":"430","partner":"https:\/\/d2q6z78khxmx42.cloudfront.net\/2021\/01\/portrait-brice-piechaczyk-210x210.jpg","partner-width":"210","partner-height":"210","ranking":"https:\/\/d2q6z78khxmx42.cloudfront.net\/2021\/01\/9n4NUyHJ-portrait-brice-piechaczyk-960x540.jpg","ranking-width":"960","ranking-height":"540","schedule":"https:\/\/d2q6z78khxmx42.cloudfront.net\/2021\/01\/portrait-brice-piechaczyk-960x360.jpg","schedule-width":"960","schedule-height":"360","slideshow":"https:\/\/d2q6z78khxmx42.cloudfront.net\/2021\/01\/portrait-brice-piechaczyk-680x680.jpg","slideshow-width":"680","slideshow-height":"680"}},"file":{"ID":36725,"id":36725,"title":"BRICE PIECHACZYK","filename":"brice-piechaczyk.pdf","filesize":0,"url":"https:\/\/d2q6z78khxmx42.cloudfront.net\/2021\/01\/brice-piechaczyk.pdf","link":"https:\/\/int.design\/fr\/projets\/eclipse\/brice-piechaczyk-2\/","alt":"","author":"6","description":"","caption":"","name":"brice-piechaczyk-2","status":"inherit","uploaded_to":34456,"date":"2021-01-07 22:02:55","modified":"2021-01-07 22:02:55","menu_order":0,"mime_type":"application\/pdf","type":"application","subtype":"pdf","icon":"https:\/\/int.design\/wp-includes\/images\/media\/document.png"}}],"cover":[{"categories":[205],"credit":"Epaillard Machado","image":{"ID":36733,"id":36733,"title":"Enia architectes","filename":"enia-architectes-table-square-linkcity-epaillard-machado-01.jpg","filesize":0,"url":"https:\/\/d2q6z78khxmx42.cloudfront.net\/2021\/01\/enia-architectes-table-square-linkcity-epaillard-machado-01.jpg","link":"https:\/\/int.design\/fr\/projets\/eclipse\/enia-architectes-4\/","alt":"","author":"6","description":"ECLIPSE Enia architectes, Arcadis, Karen BARMAKI Enia architectes Arcadis Karen BARMAKI Enia architectes Arcadis Karen BARMAKI RAGUENEAU (cuisine) Amperelec (\u00e9lectricit\u00e9) 3B Clim (CVC) Energies Clim (Plomberie) MBCP Costa group (agencement bar) Augagneur PMG (cloisons) Decoplus parquets Creative m\u00e9tallerie (serrurerie) Etablissement Gendre (serrurerie) Combet-Serith (peinture) AMIE (menuiseries int\u00e9rieures) Lenglart (stores et rideaux) Myneon (enseignes)","caption":"Table Square - La Defense - Sodearif - Linkcity","name":"enia-architectes-4","status":"inherit","uploaded_to":34456,"date":"2021-01-07 22:08:03","modified":"2022-02-08 12:00:30","menu_order":0,"mime_type":"image\/jpeg","type":"image","subtype":"jpeg","icon":"https:\/\/int.design\/wp-includes\/images\/media\/default.png","width":1920,"height":1280,"sizes":{"thumbnail":"https:\/\/d2q6z78khxmx42.cloudfront.net\/2021\/01\/enia-architectes-table-square-linkcity-epaillard-machado-01-150x150.jpg","thumbnail-width":"150","thumbnail-height":"150","medium":"https:\/\/d2q6z78khxmx42.cloudfront.net\/2021\/01\/enia-architectes-table-square-linkcity-epaillard-machado-01-300x200.jpg","medium-width":"300","medium-height":"200","medium_large":"https:\/\/d2q6z78khxmx42.cloudfront.net\/2021\/01\/enia-architectes-table-square-linkcity-epaillard-machado-01-768x512.jpg","medium_large-width":"768","medium_large-height":"512","large":"https:\/\/d2q6z78khxmx42.cloudfront.net\/2021\/01\/enia-architectes-table-square-linkcity-epaillard-machado-01-1024x683.jpg","large-width":"1024","large-height":"683","1536x1536":"https:\/\/d2q6z78khxmx42.cloudfront.net\/2021\/01\/enia-architectes-table-square-linkcity-epaillard-machado-01-1536x1024.jpg","1536x1536-width":"1536","1536x1536-height":"1024","2048x2048":"https:\/\/d2q6z78khxmx42.cloudfront.net\/2021\/01\/enia-architectes-table-square-linkcity-epaillard-machado-01.jpg","2048x2048-width":1920,"2048x2048-height":1280,"article":"https:\/\/d2q6z78khxmx42.cloudfront.net\/2021\/01\/enia-architectes-table-square-linkcity-epaillard-machado-01-960x540.jpg","article-width":"960","article-height":"540","banner":"https:\/\/d2q6z78khxmx42.cloudfront.net\/2021\/01\/enia-architectes-table-square-linkcity-epaillard-machado-01.jpg","banner-width":1920,"banner-height":1280,"block":"https:\/\/d2q6z78khxmx42.cloudfront.net\/2021\/01\/enia-architectes-table-square-linkcity-epaillard-machado-01-900x680.jpg","block-width":"900","block-height":"680","card":"https:\/\/d2q6z78khxmx42.cloudfront.net\/2021\/01\/enia-architectes-table-square-linkcity-epaillard-machado-01-560x495.jpg","card-width":"560","card-height":"495","card-thumbnail":"https:\/\/d2q6z78khxmx42.cloudfront.net\/2021\/01\/enia-architectes-table-square-linkcity-epaillard-machado-01-450x340.jpg","card-thumbnail-width":"450","card-thumbnail-height":"340","conference":"https:\/\/d2q6z78khxmx42.cloudfront.net\/2021\/01\/enia-architectes-table-square-linkcity-epaillard-machado-01-560x250.jpg","conference-width":"560","conference-height":"250","contest":"https:\/\/d2q6z78khxmx42.cloudfront.net\/2021\/01\/enia-architectes-table-square-linkcity-epaillard-machado-01-960x400.jpg","contest-width":"960","contest-height":"400","cta":"https:\/\/d2q6z78khxmx42.cloudfront.net\/2021\/01\/enia-architectes-table-square-linkcity-epaillard-machado-01-415x170.jpg","cta-width":"415","cta-height":"170","exhibitor":"https:\/\/d2q6z78khxmx42.cloudfront.net\/2021\/01\/enia-architectes-table-square-linkcity-epaillard-machado-01-560x560.jpg","exhibitor-width":"560","exhibitor-height":"560","gallery":"https:\/\/d2q6z78khxmx42.cloudfront.net\/2021\/01\/enia-architectes-table-square-linkcity-epaillard-machado-01-560x373.jpg","gallery-width":"560","gallery-height":"373","logo":"https:\/\/d2q6z78khxmx42.cloudfront.net\/2021\/01\/enia-architectes-table-square-linkcity-epaillard-machado-01-150x100.jpg","logo-width":"150","logo-height":"100","masonry":"https:\/\/d2q6z78khxmx42.cloudfront.net\/2021\/01\/enia-architectes-table-square-linkcity-epaillard-machado-01-550x367.jpg","masonry-width":"550","masonry-height":"367","modal":"https:\/\/d2q6z78khxmx42.cloudfront.net\/2021\/01\/enia-architectes-table-square-linkcity-epaillard-machado-01.jpg","modal-width":1920,"modal-height":1280,"number":"https:\/\/d2q6z78khxmx42.cloudfront.net\/2021\/01\/9mJcLyfT-enia-architectes-table-square-linkcity-epaillard-machado-01-560x373.jpg","number-width":"560","number-height":"373","partner":"https:\/\/d2q6z78khxmx42.cloudfront.net\/2021\/01\/enia-architectes-table-square-linkcity-epaillard-machado-01-275x183.jpg","partner-width":"275","partner-height":"183","ranking":"https:\/\/d2q6z78khxmx42.cloudfront.net\/2021\/01\/9mJcLyfT-enia-architectes-table-square-linkcity-epaillard-machado-01-960x540.jpg","ranking-width":"960","ranking-height":"540","schedule":"https:\/\/d2q6z78khxmx42.cloudfront.net\/2021\/01\/enia-architectes-table-square-linkcity-epaillard-machado-01-960x360.jpg","schedule-width":"960","schedule-height":"360","slideshow":"https:\/\/d2q6z78khxmx42.cloudfront.net\/2021\/01\/enia-architectes-table-square-linkcity-epaillard-machado-01-1020x680.jpg","slideshow-width":"1020","slideshow-height":"680"}},"filters":[104],"suppliers":false,"attachment_category":{"104":"Restaurant\/caf\u00e9\/bar"}}],"images":[{"categories":[205],"credit":"Epaillard Machado","image":{"ID":36733,"id":36733,"title":"Enia architectes","filename":"enia-architectes-table-square-linkcity-epaillard-machado-01.jpg","filesize":0,"url":"https:\/\/d2q6z78khxmx42.cloudfront.net\/2021\/01\/enia-architectes-table-square-linkcity-epaillard-machado-01.jpg","link":"https:\/\/int.design\/fr\/projets\/eclipse\/enia-architectes-4\/","alt":"","author":"6","description":"ECLIPSE Enia architectes, Arcadis, Karen BARMAKI Enia architectes Arcadis Karen BARMAKI Enia architectes Arcadis Karen BARMAKI RAGUENEAU (cuisine) Amperelec (\u00e9lectricit\u00e9) 3B Clim (CVC) Energies Clim (Plomberie) MBCP Costa group (agencement bar) Augagneur PMG (cloisons) Decoplus parquets Creative m\u00e9tallerie (serrurerie) Etablissement Gendre (serrurerie) Combet-Serith (peinture) AMIE (menuiseries int\u00e9rieures) Lenglart (stores et rideaux) Myneon (enseignes)","caption":"Table Square - La Defense - Sodearif - Linkcity","name":"enia-architectes-4","status":"inherit","uploaded_to":34456,"date":"2021-01-07 22:08:03","modified":"2022-02-08 12:00:30","menu_order":0,"mime_type":"image\/jpeg","type":"image","subtype":"jpeg","icon":"https:\/\/int.design\/wp-includes\/images\/media\/default.png","width":1920,"height":1280,"sizes":{"thumbnail":"https:\/\/d2q6z78khxmx42.cloudfront.net\/2021\/01\/enia-architectes-table-square-linkcity-epaillard-machado-01-150x150.jpg","thumbnail-width":"150","thumbnail-height":"150","medium":"https:\/\/d2q6z78khxmx42.cloudfront.net\/2021\/01\/enia-architectes-table-square-linkcity-epaillard-machado-01-300x200.jpg","medium-width":"300","medium-height":"200","medium_large":"https:\/\/d2q6z78khxmx42.cloudfront.net\/2021\/01\/enia-architectes-table-square-linkcity-epaillard-machado-01-768x512.jpg","medium_large-width":"768","medium_large-height":"512","large":"https:\/\/d2q6z78khxmx42.cloudfront.net\/2021\/01\/enia-architectes-table-square-linkcity-epaillard-machado-01-1024x683.jpg","large-width":"1024","large-height":"683","1536x1536":"https:\/\/d2q6z78khxmx42.cloudfront.net\/2021\/01\/enia-architectes-table-square-linkcity-epaillard-machado-01-1536x1024.jpg","1536x1536-width":"1536","1536x1536-height":"1024","2048x2048":"https:\/\/d2q6z78khxmx42.cloudfront.net\/2021\/01\/enia-architectes-table-square-linkcity-epaillard-machado-01.jpg","2048x2048-width":1920,"2048x2048-height":1280,"article":"https:\/\/d2q6z78khxmx42.cloudfront.net\/2021\/01\/enia-architectes-table-square-linkcity-epaillard-machado-01-960x540.jpg","article-width":"960","article-height":"540","banner":"https:\/\/d2q6z78khxmx42.cloudfront.net\/2021\/01\/enia-architectes-table-square-linkcity-epaillard-machado-01.jpg","banner-width":1920,"banner-height":1280,"block":"https:\/\/d2q6z78khxmx42.cloudfront.net\/2021\/01\/enia-architectes-table-square-linkcity-epaillard-machado-01-900x680.jpg","block-width":"900","block-height":"680","card":"https:\/\/d2q6z78khxmx42.cloudfront.net\/2021\/01\/enia-architectes-table-square-linkcity-epaillard-machado-01-560x495.jpg","card-width":"560","card-height":"495","card-thumbnail":"https:\/\/d2q6z78khxmx42.cloudfront.net\/2021\/01\/enia-architectes-table-square-linkcity-epaillard-machado-01-450x340.jpg","card-thumbnail-width":"450","card-thumbnail-height":"340","conference":"https:\/\/d2q6z78khxmx42.cloudfront.net\/2021\/01\/enia-architectes-table-square-linkcity-epaillard-machado-01-560x250.jpg","conference-width":"560","conference-height":"250","contest":"https:\/\/d2q6z78khxmx42.cloudfront.net\/2021\/01\/enia-architectes-table-square-linkcity-epaillard-machado-01-960x400.jpg","contest-width":"960","contest-height":"400","cta":"https:\/\/d2q6z78khxmx42.cloudfront.net\/2021\/01\/enia-architectes-table-square-linkcity-epaillard-machado-01-415x170.jpg","cta-width":"415","cta-height":"170","exhibitor":"https:\/\/d2q6z78khxmx42.cloudfront.net\/2021\/01\/enia-architectes-table-square-linkcity-epaillard-machado-01-560x560.jpg","exhibitor-width":"560","exhibitor-height":"560","gallery":"https:\/\/d2q6z78khxmx42.cloudfront.net\/2021\/01\/enia-architectes-table-square-linkcity-epaillard-machado-01-560x373.jpg","gallery-width":"560","gallery-height":"373","logo":"https:\/\/d2q6z78khxmx42.cloudfront.net\/2021\/01\/enia-architectes-table-square-linkcity-epaillard-machado-01-150x100.jpg","logo-width":"150","logo-height":"100","masonry":"https:\/\/d2q6z78khxmx42.cloudfront.net\/2021\/01\/enia-architectes-table-square-linkcity-epaillard-machado-01-550x367.jpg","masonry-width":"550","masonry-height":"367","modal":"https:\/\/d2q6z78khxmx42.cloudfront.net\/2021\/01\/enia-architectes-table-square-linkcity-epaillard-machado-01.jpg","modal-width":1920,"modal-height":1280,"number":"https:\/\/d2q6z78khxmx42.cloudfront.net\/2021\/01\/9mJcLyfT-enia-architectes-table-square-linkcity-epaillard-machado-01-560x373.jpg","number-width":"560","number-height":"373","partner":"https:\/\/d2q6z78khxmx42.cloudfront.net\/2021\/01\/enia-architectes-table-square-linkcity-epaillard-machado-01-275x183.jpg","partner-width":"275","partner-height":"183","ranking":"https:\/\/d2q6z78khxmx42.cloudfront.net\/2021\/01\/9mJcLyfT-enia-architectes-table-square-linkcity-epaillard-machado-01-960x540.jpg","ranking-width":"960","ranking-height":"540","schedule":"https:\/\/d2q6z78khxmx42.cloudfront.net\/2021\/01\/enia-architectes-table-square-linkcity-epaillard-machado-01-960x360.jpg","schedule-width":"960","schedule-height":"360","slideshow":"https:\/\/d2q6z78khxmx42.cloudfront.net\/2021\/01\/enia-architectes-table-square-linkcity-epaillard-machado-01-1020x680.jpg","slideshow-width":"1020","slideshow-height":"680"}},"filters":[104],"suppliers":false,"attachment_category":[]},{"categories":[205],"credit":"Epaillard Machado","image":{"ID":36734,"id":36734,"title":"Enia architectes","filename":"enia-architectes-table-square-linkcity-epaillard-machado-02.jpg","filesize":0,"url":"https:\/\/d2q6z78khxmx42.cloudfront.net\/2021\/01\/enia-architectes-table-square-linkcity-epaillard-machado-02.jpg","link":"https:\/\/int.design\/fr\/projets\/eclipse\/enia-architectes-5\/","alt":"","author":"6","description":"ECLIPSE Enia architectes, Arcadis, Karen BARMAKI Enia architectes Arcadis Karen BARMAKI Enia architectes Arcadis Karen BARMAKI RAGUENEAU (cuisine) Amperelec (\u00e9lectricit\u00e9) 3B Clim (CVC) Energies Clim (Plomberie) MBCP Costa group (agencement bar) Augagneur PMG (cloisons) Decoplus parquets Creative m\u00e9tallerie (serrurerie) Etablissement Gendre (serrurerie) Combet-Serith (peinture) AMIE (menuiseries int\u00e9rieures) Lenglart (stores et rideaux) Myneon (enseignes)","caption":"Table Square - La Defense - Sodearif - Linkcity","name":"enia-architectes-5","status":"inherit","uploaded_to":34456,"date":"2021-01-07 22:10:59","modified":"2022-02-08 12:00:30","menu_order":0,"mime_type":"image\/jpeg","type":"image","subtype":"jpeg","icon":"https:\/\/int.design\/wp-includes\/images\/media\/default.png","width":1371,"height":1920,"sizes":{"thumbnail":"https:\/\/d2q6z78khxmx42.cloudfront.net\/2021\/01\/enia-architectes-table-square-linkcity-epaillard-machado-02-150x150.jpg","thumbnail-width":"150","thumbnail-height":"150","medium":"https:\/\/d2q6z78khxmx42.cloudfront.net\/2021\/01\/enia-architectes-table-square-linkcity-epaillard-machado-02-214x300.jpg","medium-width":"214","medium-height":"300","medium_large":"https:\/\/d2q6z78khxmx42.cloudfront.net\/2021\/01\/enia-architectes-table-square-linkcity-epaillard-machado-02-768x1076.jpg","medium_large-width":"768","medium_large-height":"1076","large":"https:\/\/d2q6z78khxmx42.cloudfront.net\/2021\/01\/enia-architectes-table-square-linkcity-epaillard-machado-02-731x1024.jpg","large-width":"731","large-height":"1024","1536x1536":"https:\/\/d2q6z78khxmx42.cloudfront.net\/2021\/01\/enia-architectes-table-square-linkcity-epaillard-machado-02-1097x1536.jpg","1536x1536-width":"1097","1536x1536-height":"1536","2048x2048":"https:\/\/d2q6z78khxmx42.cloudfront.net\/2021\/01\/enia-architectes-table-square-linkcity-epaillard-machado-02.jpg","2048x2048-width":1371,"2048x2048-height":1920,"article":"https:\/\/d2q6z78khxmx42.cloudfront.net\/2021\/01\/enia-architectes-table-square-linkcity-epaillard-machado-02-960x540.jpg","article-width":"960","article-height":"540","banner":"https:\/\/d2q6z78khxmx42.cloudfront.net\/2021\/01\/enia-architectes-table-square-linkcity-epaillard-machado-02.jpg","banner-width":1371,"banner-height":1920,"block":"https:\/\/d2q6z78khxmx42.cloudfront.net\/2021\/01\/enia-architectes-table-square-linkcity-epaillard-machado-02-900x680.jpg","block-width":"900","block-height":"680","card":"https:\/\/d2q6z78khxmx42.cloudfront.net\/2021\/01\/enia-architectes-table-square-linkcity-epaillard-machado-02-560x495.jpg","card-width":"560","card-height":"495","card-thumbnail":"https:\/\/d2q6z78khxmx42.cloudfront.net\/2021\/01\/enia-architectes-table-square-linkcity-epaillard-machado-02-450x340.jpg","card-thumbnail-width":"450","card-thumbnail-height":"340","conference":"https:\/\/d2q6z78khxmx42.cloudfront.net\/2021\/01\/enia-architectes-table-square-linkcity-epaillard-machado-02-560x250.jpg","conference-width":"560","conference-height":"250","contest":"https:\/\/d2q6z78khxmx42.cloudfront.net\/2021\/01\/enia-architectes-table-square-linkcity-epaillard-machado-02-960x400.jpg","contest-width":"960","contest-height":"400","cta":"https:\/\/d2q6z78khxmx42.cloudfront.net\/2021\/01\/enia-architectes-table-square-linkcity-epaillard-machado-02-415x170.jpg","cta-width":"415","cta-height":"170","exhibitor":"https:\/\/d2q6z78khxmx42.cloudfront.net\/2021\/01\/enia-architectes-table-square-linkcity-epaillard-machado-02-560x560.jpg","exhibitor-width":"560","exhibitor-height":"560","gallery":"https:\/\/d2q6z78khxmx42.cloudfront.net\/2021\/01\/enia-architectes-table-square-linkcity-epaillard-machado-02-307x430.jpg","gallery-width":"307","gallery-height":"430","logo":"https:\/\/d2q6z78khxmx42.cloudfront.net\/2021\/01\/enia-architectes-table-square-linkcity-epaillard-machado-02-71x100.jpg","logo-width":"71","logo-height":"100","masonry":"https:\/\/d2q6z78khxmx42.cloudfront.net\/2021\/01\/enia-architectes-table-square-linkcity-epaillard-machado-02-550x770.jpg","masonry-width":"550","masonry-height":"770","modal":"https:\/\/d2q6z78khxmx42.cloudfront.net\/2021\/01\/enia-architectes-table-square-linkcity-epaillard-machado-02.jpg","modal-width":1371,"modal-height":1920,"number":"https:\/\/d2q6z78khxmx42.cloudfront.net\/2021\/01\/mfCaByh8-enia-architectes-table-square-linkcity-epaillard-machado-02-307x430.jpg","number-width":"307","number-height":"430","partner":"https:\/\/d2q6z78khxmx42.cloudfront.net\/2021\/01\/enia-architectes-table-square-linkcity-epaillard-machado-02-150x210.jpg","partner-width":"150","partner-height":"210","ranking":"https:\/\/d2q6z78khxmx42.cloudfront.net\/2021\/01\/mfCaByh8-enia-architectes-table-square-linkcity-epaillard-machado-02-960x540.jpg","ranking-width":"960","ranking-height":"540","schedule":"https:\/\/d2q6z78khxmx42.cloudfront.net\/2021\/01\/enia-architectes-table-square-linkcity-epaillard-machado-02-960x360.jpg","schedule-width":"960","schedule-height":"360","slideshow":"https:\/\/d2q6z78khxmx42.cloudfront.net\/2021\/01\/enia-architectes-table-square-linkcity-epaillard-machado-02-486x680.jpg","slideshow-width":"486","slideshow-height":"680"}},"filters":[104],"suppliers":false,"attachment_category":[]},{"categories":[205],"credit":"Epaillard Machado","image":{"ID":36735,"id":36735,"title":"Enia architectes","filename":"enia-architectes-table-square-linkcity-epaillard-machado-06.jpg","filesize":0,"url":"https:\/\/d2q6z78khxmx42.cloudfront.net\/2021\/01\/enia-architectes-table-square-linkcity-epaillard-machado-06.jpg","link":"https:\/\/int.design\/fr\/projets\/eclipse\/enia-architectes-6\/","alt":"","author":"6","description":"ECLIPSE Enia architectes, Arcadis, Karen BARMAKI Enia architectes Arcadis Karen BARMAKI Enia architectes Arcadis Karen BARMAKI RAGUENEAU (cuisine) Amperelec (\u00e9lectricit\u00e9) 3B Clim (CVC) Energies Clim (Plomberie) MBCP Costa group (agencement bar) Augagneur PMG (cloisons) Decoplus parquets Creative m\u00e9tallerie (serrurerie) Etablissement Gendre (serrurerie) Combet-Serith (peinture) AMIE (menuiseries int\u00e9rieures) Lenglart (stores et rideaux) Myneon (enseignes)","caption":"Table Square - La Defense - Sodearif - Linkcity","name":"enia-architectes-6","status":"inherit","uploaded_to":34456,"date":"2021-01-07 22:11:07","modified":"2022-02-08 12:00:30","menu_order":0,"mime_type":"image\/jpeg","type":"image","subtype":"jpeg","icon":"https:\/\/int.design\/wp-includes\/images\/media\/default.png","width":1371,"height":1920,"sizes":{"thumbnail":"https:\/\/d2q6z78khxmx42.cloudfront.net\/2021\/01\/enia-architectes-table-square-linkcity-epaillard-machado-06-150x150.jpg","thumbnail-width":"150","thumbnail-height":"150","medium":"https:\/\/d2q6z78khxmx42.cloudfront.net\/2021\/01\/enia-architectes-table-square-linkcity-epaillard-machado-06-214x300.jpg","medium-width":"214","medium-height":"300","medium_large":"https:\/\/d2q6z78khxmx42.cloudfront.net\/2021\/01\/enia-architectes-table-square-linkcity-epaillard-machado-06-768x1076.jpg","medium_large-width":"768","medium_large-height":"1076","large":"https:\/\/d2q6z78khxmx42.cloudfront.net\/2021\/01\/enia-architectes-table-square-linkcity-epaillard-machado-06-731x1024.jpg","large-width":"731","large-height":"1024","1536x1536":"https:\/\/d2q6z78khxmx42.cloudfront.net\/2021\/01\/enia-architectes-table-square-linkcity-epaillard-machado-06-1097x1536.jpg","1536x1536-width":"1097","1536x1536-height":"1536","2048x2048":"https:\/\/d2q6z78khxmx42.cloudfront.net\/2021\/01\/enia-architectes-table-square-linkcity-epaillard-machado-06.jpg","2048x2048-width":1371,"2048x2048-height":1920,"article":"https:\/\/d2q6z78khxmx42.cloudfront.net\/2021\/01\/enia-architectes-table-square-linkcity-epaillard-machado-06-960x540.jpg","article-width":"960","article-height":"540","banner":"https:\/\/d2q6z78khxmx42.cloudfront.net\/2021\/01\/enia-architectes-table-square-linkcity-epaillard-machado-06.jpg","banner-width":1371,"banner-height":1920,"block":"https:\/\/d2q6z78khxmx42.cloudfront.net\/2021\/01\/enia-architectes-table-square-linkcity-epaillard-machado-06-900x680.jpg","block-width":"900","block-height":"680","card":"https:\/\/d2q6z78khxmx42.cloudfront.net\/2021\/01\/enia-architectes-table-square-linkcity-epaillard-machado-06-560x495.jpg","card-width":"560","card-height":"495","card-thumbnail":"https:\/\/d2q6z78khxmx42.cloudfront.net\/2021\/01\/enia-architectes-table-square-linkcity-epaillard-machado-06-450x340.jpg","card-thumbnail-width":"450","card-thumbnail-height":"340","conference":"https:\/\/d2q6z78khxmx42.cloudfront.net\/2021\/01\/enia-architectes-table-square-linkcity-epaillard-machado-06-560x250.jpg","conference-width":"560","conference-height":"250","contest":"https:\/\/d2q6z78khxmx42.cloudfront.net\/2021\/01\/enia-architectes-table-square-linkcity-epaillard-machado-06-960x400.jpg","contest-width":"960","contest-height":"400","cta":"https:\/\/d2q6z78khxmx42.cloudfront.net\/2021\/01\/enia-architectes-table-square-linkcity-epaillard-machado-06-415x170.jpg","cta-width":"415","cta-height":"170","exhibitor":"https:\/\/d2q6z78khxmx42.cloudfront.net\/2021\/01\/enia-architectes-table-square-linkcity-epaillard-machado-06-560x560.jpg","exhibitor-width":"560","exhibitor-height":"560","gallery":"https:\/\/d2q6z78khxmx42.cloudfront.net\/2021\/01\/enia-architectes-table-square-linkcity-epaillard-machado-06-307x430.jpg","gallery-width":"307","gallery-height":"430","logo":"https:\/\/d2q6z78khxmx42.cloudfront.net\/2021\/01\/enia-architectes-table-square-linkcity-epaillard-machado-06-71x100.jpg","logo-width":"71","logo-height":"100","masonry":"https:\/\/d2q6z78khxmx42.cloudfront.net\/2021\/01\/enia-architectes-table-square-linkcity-epaillard-machado-06-550x770.jpg","masonry-width":"550","masonry-height":"770","modal":"https:\/\/d2q6z78khxmx42.cloudfront.net\/2021\/01\/enia-architectes-table-square-linkcity-epaillard-machado-06.jpg","modal-width":1371,"modal-height":1920,"number":"https:\/\/d2q6z78khxmx42.cloudfront.net\/2021\/01\/7VKgM77o-enia-architectes-table-square-linkcity-epaillard-machado-06-307x430.jpg","number-width":"307","number-height":"430","partner":"https:\/\/d2q6z78khxmx42.cloudfront.net\/2021\/01\/enia-architectes-table-square-linkcity-epaillard-machado-06-150x210.jpg","partner-width":"150","partner-height":"210","ranking":"https:\/\/d2q6z78khxmx42.cloudfront.net\/2021\/01\/7VKgM77o-enia-architectes-table-square-linkcity-epaillard-machado-06-960x540.jpg","ranking-width":"960","ranking-height":"540","schedule":"https:\/\/d2q6z78khxmx42.cloudfront.net\/2021\/01\/enia-architectes-table-square-linkcity-epaillard-machado-06-960x360.jpg","schedule-width":"960","schedule-height":"360","slideshow":"https:\/\/d2q6z78khxmx42.cloudfront.net\/2021\/01\/enia-architectes-table-square-linkcity-epaillard-machado-06-486x680.jpg","slideshow-width":"486","slideshow-height":"680"}},"filters":[104],"suppliers":false,"attachment_category":[]},{"categories":[205],"credit":"Epaillard Machado","image":{"ID":36736,"id":36736,"title":"Enia architectes","filename":"enia-architectes-table-square-linkcity-epaillard-machado-08.jpg","filesize":0,"url":"https:\/\/d2q6z78khxmx42.cloudfront.net\/2021\/01\/enia-architectes-table-square-linkcity-epaillard-machado-08.jpg","link":"https:\/\/int.design\/fr\/projets\/eclipse\/enia-architectes-7\/","alt":"","author":"6","description":"ECLIPSE Enia architectes, Arcadis, Karen BARMAKI Enia architectes Arcadis Karen BARMAKI Enia architectes Arcadis Karen BARMAKI RAGUENEAU (cuisine) Amperelec (\u00e9lectricit\u00e9) 3B Clim (CVC) Energies Clim (Plomberie) MBCP Costa group (agencement bar) Augagneur PMG (cloisons) Decoplus parquets Creative m\u00e9tallerie (serrurerie) Etablissement Gendre (serrurerie) Combet-Serith (peinture) AMIE (menuiseries int\u00e9rieures) Lenglart (stores et rideaux) Myneon (enseignes)","caption":"Table Square - La Defense - Sodearif - Linkcity","name":"enia-architectes-7","status":"inherit","uploaded_to":34456,"date":"2021-01-07 22:11:15","modified":"2022-02-08 12:00:30","menu_order":0,"mime_type":"image\/jpeg","type":"image","subtype":"jpeg","icon":"https:\/\/int.design\/wp-includes\/images\/media\/default.png","width":1920,"height":1280,"sizes":{"thumbnail":"https:\/\/d2q6z78khxmx42.cloudfront.net\/2021\/01\/enia-architectes-table-square-linkcity-epaillard-machado-08-150x150.jpg","thumbnail-width":"150","thumbnail-height":"150","medium":"https:\/\/d2q6z78khxmx42.cloudfront.net\/2021\/01\/enia-architectes-table-square-linkcity-epaillard-machado-08-300x200.jpg","medium-width":"300","medium-height":"200","medium_large":"https:\/\/d2q6z78khxmx42.cloudfront.net\/2021\/01\/enia-architectes-table-square-linkcity-epaillard-machado-08-768x512.jpg","medium_large-width":"768","medium_large-height":"512","large":"https:\/\/d2q6z78khxmx42.cloudfront.net\/2021\/01\/enia-architectes-table-square-linkcity-epaillard-machado-08-1024x683.jpg","large-width":"1024","large-height":"683","1536x1536":"https:\/\/d2q6z78khxmx42.cloudfront.net\/2021\/01\/enia-architectes-table-square-linkcity-epaillard-machado-08-1536x1024.jpg","1536x1536-width":"1536","1536x1536-height":"1024","2048x2048":"https:\/\/d2q6z78khxmx42.cloudfront.net\/2021\/01\/enia-architectes-table-square-linkcity-epaillard-machado-08.jpg","2048x2048-width":1920,"2048x2048-height":1280,"article":"https:\/\/d2q6z78khxmx42.cloudfront.net\/2021\/01\/enia-architectes-table-square-linkcity-epaillard-machado-08-960x540.jpg","article-width":"960","article-height":"540","banner":"https:\/\/d2q6z78khxmx42.cloudfront.net\/2021\/01\/enia-architectes-table-square-linkcity-epaillard-machado-08.jpg","banner-width":1920,"banner-height":1280,"block":"https:\/\/d2q6z78khxmx42.cloudfront.net\/2021\/01\/enia-architectes-table-square-linkcity-epaillard-machado-08-900x680.jpg","block-width":"900","block-height":"680","card":"https:\/\/d2q6z78khxmx42.cloudfront.net\/2021\/01\/enia-architectes-table-square-linkcity-epaillard-machado-08-560x495.jpg","card-width":"560","card-height":"495","card-thumbnail":"https:\/\/d2q6z78khxmx42.cloudfront.net\/2021\/01\/enia-architectes-table-square-linkcity-epaillard-machado-08-450x340.jpg","card-thumbnail-width":"450","card-thumbnail-height":"340","conference":"https:\/\/d2q6z78khxmx42.cloudfront.net\/2021\/01\/enia-architectes-table-square-linkcity-epaillard-machado-08-560x250.jpg","conference-width":"560","conference-height":"250","contest":"https:\/\/d2q6z78khxmx42.cloudfront.net\/2021\/01\/enia-architectes-table-square-linkcity-epaillard-machado-08-960x400.jpg","contest-width":"960","contest-height":"400","cta":"https:\/\/d2q6z78khxmx42.cloudfront.net\/2021\/01\/enia-architectes-table-square-linkcity-epaillard-machado-08-415x170.jpg","cta-width":"415","cta-height":"170","exhibitor":"https:\/\/d2q6z78khxmx42.cloudfront.net\/2021\/01\/enia-architectes-table-square-linkcity-epaillard-machado-08-560x560.jpg","exhibitor-width":"560","exhibitor-height":"560","gallery":"https:\/\/d2q6z78khxmx42.cloudfront.net\/2021\/01\/enia-architectes-table-square-linkcity-epaillard-machado-08-560x373.jpg","gallery-width":"560","gallery-height":"373","logo":"https:\/\/d2q6z78khxmx42.cloudfront.net\/2021\/01\/enia-architectes-table-square-linkcity-epaillard-machado-08-150x100.jpg","logo-width":"150","logo-height":"100","masonry":"https:\/\/d2q6z78khxmx42.cloudfront.net\/2021\/01\/enia-architectes-table-square-linkcity-epaillard-machado-08-550x367.jpg","masonry-width":"550","masonry-height":"367","modal":"https:\/\/d2q6z78khxmx42.cloudfront.net\/2021\/01\/enia-architectes-table-square-linkcity-epaillard-machado-08.jpg","modal-width":1920,"modal-height":1280,"number":"https:\/\/d2q6z78khxmx42.cloudfront.net\/2021\/01\/iuPFdezr-enia-architectes-table-square-linkcity-epaillard-machado-08-560x373.jpg","number-width":"560","number-height":"373","partner":"https:\/\/d2q6z78khxmx42.cloudfront.net\/2021\/01\/enia-architectes-table-square-linkcity-epaillard-machado-08-275x183.jpg","partner-width":"275","partner-height":"183","ranking":"https:\/\/d2q6z78khxmx42.cloudfront.net\/2021\/01\/iuPFdezr-enia-architectes-table-square-linkcity-epaillard-machado-08-960x540.jpg","ranking-width":"960","ranking-height":"540","schedule":"https:\/\/d2q6z78khxmx42.cloudfront.net\/2021\/01\/enia-architectes-table-square-linkcity-epaillard-machado-08-960x360.jpg","schedule-width":"960","schedule-height":"360","slideshow":"https:\/\/d2q6z78khxmx42.cloudfront.net\/2021\/01\/enia-architectes-table-square-linkcity-epaillard-machado-08-1020x680.jpg","slideshow-width":"1020","slideshow-height":"680"}},"filters":[104],"suppliers":[{"name":"Bloom pendant de Resident","website":"https:\/\/resident.co.nz\/lighting\/pendant-lights\/bloom-pendant","suppliers_products":[120]}],"attachment_category":[]},{"categories":[205],"credit":"Epaillard Machado","image":{"ID":36737,"id":36737,"title":"Enia architectes","filename":"enia-architectes-table-square-linkcity-epaillard-machado-11.jpg","filesize":0,"url":"https:\/\/d2q6z78khxmx42.cloudfront.net\/2021\/01\/enia-architectes-table-square-linkcity-epaillard-machado-11.jpg","link":"https:\/\/int.design\/fr\/projets\/eclipse\/enia-architectes-8\/","alt":"","author":"6","description":"ECLIPSE Enia architectes, Arcadis, Karen BARMAKI Enia architectes Arcadis Karen BARMAKI Enia architectes Arcadis Karen BARMAKI RAGUENEAU (cuisine) Amperelec (\u00e9lectricit\u00e9) 3B Clim (CVC) Energies Clim (Plomberie) MBCP Costa group (agencement bar) Augagneur PMG (cloisons) Decoplus parquets Creative m\u00e9tallerie (serrurerie) Etablissement Gendre (serrurerie) Combet-Serith (peinture) AMIE (menuiseries int\u00e9rieures) Lenglart (stores et rideaux) Myneon (enseignes)","caption":"Table Square - La Defense - Sodearif - Linkcity","name":"enia-architectes-8","status":"inherit","uploaded_to":34456,"date":"2021-01-07 22:11:23","modified":"2022-02-08 12:00:30","menu_order":0,"mime_type":"image\/jpeg","type":"image","subtype":"jpeg","icon":"https:\/\/int.design\/wp-includes\/images\/media\/default.png","width":1371,"height":1920,"sizes":{"thumbnail":"https:\/\/d2q6z78khxmx42.cloudfront.net\/2021\/01\/enia-architectes-table-square-linkcity-epaillard-machado-11-150x150.jpg","thumbnail-width":"150","thumbnail-height":"150","medium":"https:\/\/d2q6z78khxmx42.cloudfront.net\/2021\/01\/enia-architectes-table-square-linkcity-epaillard-machado-11-214x300.jpg","medium-width":"214","medium-height":"300","medium_large":"https:\/\/d2q6z78khxmx42.cloudfront.net\/2021\/01\/enia-architectes-table-square-linkcity-epaillard-machado-11-768x1076.jpg","medium_large-width":"768","medium_large-height":"1076","large":"https:\/\/d2q6z78khxmx42.cloudfront.net\/2021\/01\/enia-architectes-table-square-linkcity-epaillard-machado-11-731x1024.jpg","large-width":"731","large-height":"1024","1536x1536":"https:\/\/d2q6z78khxmx42.cloudfront.net\/2021\/01\/enia-architectes-table-square-linkcity-epaillard-machado-11-1097x1536.jpg","1536x1536-width":"1097","1536x1536-height":"1536","2048x2048":"https:\/\/d2q6z78khxmx42.cloudfront.net\/2021\/01\/enia-architectes-table-square-linkcity-epaillard-machado-11.jpg","2048x2048-width":1371,"2048x2048-height":1920,"article":"https:\/\/d2q6z78khxmx42.cloudfront.net\/2021\/01\/enia-architectes-table-square-linkcity-epaillard-machado-11-960x540.jpg","article-width":"960","article-height":"540","banner":"https:\/\/d2q6z78khxmx42.cloudfront.net\/2021\/01\/enia-architectes-table-square-linkcity-epaillard-machado-11.jpg","banner-width":1371,"banner-height":1920,"block":"https:\/\/d2q6z78khxmx42.cloudfront.net\/2021\/01\/enia-architectes-table-square-linkcity-epaillard-machado-11-900x680.jpg","block-width":"900","block-height":"680","card":"https:\/\/d2q6z78khxmx42.cloudfront.net\/2021\/01\/enia-architectes-table-square-linkcity-epaillard-machado-11-560x495.jpg","card-width":"560","card-height":"495","card-thumbnail":"https:\/\/d2q6z78khxmx42.cloudfront.net\/2021\/01\/enia-architectes-table-square-linkcity-epaillard-machado-11-450x340.jpg","card-thumbnail-width":"450","card-thumbnail-height":"340","conference":"https:\/\/d2q6z78khxmx42.cloudfront.net\/2021\/01\/enia-architectes-table-square-linkcity-epaillard-machado-11-560x250.jpg","conference-width":"560","conference-height":"250","contest":"https:\/\/d2q6z78khxmx42.cloudfront.net\/2021\/01\/enia-architectes-table-square-linkcity-epaillard-machado-11-960x400.jpg","contest-width":"960","contest-height":"400","cta":"https:\/\/d2q6z78khxmx42.cloudfront.net\/2021\/01\/enia-architectes-table-square-linkcity-epaillard-machado-11-415x170.jpg","cta-width":"415","cta-height":"170","exhibitor":"https:\/\/d2q6z78khxmx42.cloudfront.net\/2021\/01\/enia-architectes-table-square-linkcity-epaillard-machado-11-560x560.jpg","exhibitor-width":"560","exhibitor-height":"560","gallery":"https:\/\/d2q6z78khxmx42.cloudfront.net\/2021\/01\/enia-architectes-table-square-linkcity-epaillard-machado-11-307x430.jpg","gallery-width":"307","gallery-height":"430","logo":"https:\/\/d2q6z78khxmx42.cloudfront.net\/2021\/01\/enia-architectes-table-square-linkcity-epaillard-machado-11-71x100.jpg","logo-width":"71","logo-height":"100","masonry":"https:\/\/d2q6z78khxmx42.cloudfront.net\/2021\/01\/enia-architectes-table-square-linkcity-epaillard-machado-11-550x770.jpg","masonry-width":"550","masonry-height":"770","modal":"https:\/\/d2q6z78khxmx42.cloudfront.net\/2021\/01\/enia-architectes-table-square-linkcity-epaillard-machado-11.jpg","modal-width":1371,"modal-height":1920,"number":"https:\/\/d2q6z78khxmx42.cloudfront.net\/2021\/01\/wG2bNTcP-enia-architectes-table-square-linkcity-epaillard-machado-11-307x430.jpg","number-width":"307","number-height":"430","partner":"https:\/\/d2q6z78khxmx42.cloudfront.net\/2021\/01\/enia-architectes-table-square-linkcity-epaillard-machado-11-150x210.jpg","partner-width":"150","partner-height":"210","ranking":"https:\/\/d2q6z78khxmx42.cloudfront.net\/2021\/01\/wG2bNTcP-enia-architectes-table-square-linkcity-epaillard-machado-11-960x540.jpg","ranking-width":"960","ranking-height":"540","schedule":"https:\/\/d2q6z78khxmx42.cloudfront.net\/2021\/01\/enia-architectes-table-square-linkcity-epaillard-machado-11-960x360.jpg","schedule-width":"960","schedule-height":"360","slideshow":"https:\/\/d2q6z78khxmx42.cloudfront.net\/2021\/01\/enia-architectes-table-square-linkcity-epaillard-machado-11-486x680.jpg","slideshow-width":"486","slideshow-height":"680"}},"filters":[104],"suppliers":[{"name":"Marazzi Lume","website":"https:\/\/www.marazzi.fr\/collections\/lume\/","suppliers_products":[118]}],"attachment_category":[]},{"categories":[205],"credit":"Epaillard Machado","image":{"ID":36738,"id":36738,"title":"Enia architectes","filename":"enia-architectes-table-square-linkcity-epaillard-machado-13.jpg","filesize":0,"url":"https:\/\/d2q6z78khxmx42.cloudfront.net\/2021\/01\/enia-architectes-table-square-linkcity-epaillard-machado-13.jpg","link":"https:\/\/int.design\/fr\/projets\/eclipse\/enia-architectes-9\/","alt":"","author":"6","description":"ECLIPSE Enia architectes, Arcadis, Karen BARMAKI Enia architectes Arcadis Karen BARMAKI Enia architectes Arcadis Karen BARMAKI RAGUENEAU (cuisine) Amperelec (\u00e9lectricit\u00e9) 3B Clim (CVC) Energies Clim (Plomberie) MBCP Costa group (agencement bar) Augagneur PMG (cloisons) Decoplus parquets Creative m\u00e9tallerie (serrurerie) Etablissement Gendre (serrurerie) Combet-Serith (peinture) AMIE (menuiseries int\u00e9rieures) Lenglart (stores et rideaux) Myneon (enseignes)","caption":"Table Square - La Defense - Sodearif - Linkcity","name":"enia-architectes-9","status":"inherit","uploaded_to":34456,"date":"2021-01-07 22:11:30","modified":"2022-02-08 12:00:30","menu_order":0,"mime_type":"image\/jpeg","type":"image","subtype":"jpeg","icon":"https:\/\/int.design\/wp-includes\/images\/media\/default.png","width":1920,"height":1920,"sizes":{"thumbnail":"https:\/\/d2q6z78khxmx42.cloudfront.net\/2021\/01\/enia-architectes-table-square-linkcity-epaillard-machado-13-150x150.jpg","thumbnail-width":"150","thumbnail-height":"150","medium":"https:\/\/d2q6z78khxmx42.cloudfront.net\/2021\/01\/enia-architectes-table-square-linkcity-epaillard-machado-13-300x300.jpg","medium-width":"300","medium-height":"300","medium_large":"https:\/\/d2q6z78khxmx42.cloudfront.net\/2021\/01\/enia-architectes-table-square-linkcity-epaillard-machado-13-768x768.jpg","medium_large-width":"768","medium_large-height":"768","large":"https:\/\/d2q6z78khxmx42.cloudfront.net\/2021\/01\/enia-architectes-table-square-linkcity-epaillard-machado-13-1024x1024.jpg","large-width":"1024","large-height":"1024","1536x1536":"https:\/\/d2q6z78khxmx42.cloudfront.net\/2021\/01\/enia-architectes-table-square-linkcity-epaillard-machado-13-1536x1536.jpg","1536x1536-width":"1536","1536x1536-height":"1536","2048x2048":"https:\/\/d2q6z78khxmx42.cloudfront.net\/2021\/01\/enia-architectes-table-square-linkcity-epaillard-machado-13.jpg","2048x2048-width":1920,"2048x2048-height":1920,"article":"https:\/\/d2q6z78khxmx42.cloudfront.net\/2021\/01\/enia-architectes-table-square-linkcity-epaillard-machado-13-960x540.jpg","article-width":"960","article-height":"540","banner":"https:\/\/d2q6z78khxmx42.cloudfront.net\/2021\/01\/enia-architectes-table-square-linkcity-epaillard-machado-13.jpg","banner-width":1920,"banner-height":1920,"block":"https:\/\/d2q6z78khxmx42.cloudfront.net\/2021\/01\/enia-architectes-table-square-linkcity-epaillard-machado-13-900x680.jpg","block-width":"900","block-height":"680","card":"https:\/\/d2q6z78khxmx42.cloudfront.net\/2021\/01\/enia-architectes-table-square-linkcity-epaillard-machado-13-560x495.jpg","card-width":"560","card-height":"495","card-thumbnail":"https:\/\/d2q6z78khxmx42.cloudfront.net\/2021\/01\/enia-architectes-table-square-linkcity-epaillard-machado-13-450x340.jpg","card-thumbnail-width":"450","card-thumbnail-height":"340","conference":"https:\/\/d2q6z78khxmx42.cloudfront.net\/2021\/01\/enia-architectes-table-square-linkcity-epaillard-machado-13-560x250.jpg","conference-width":"560","conference-height":"250","contest":"https:\/\/d2q6z78khxmx42.cloudfront.net\/2021\/01\/enia-architectes-table-square-linkcity-epaillard-machado-13-960x400.jpg","contest-width":"960","contest-height":"400","cta":"https:\/\/d2q6z78khxmx42.cloudfront.net\/2021\/01\/enia-architectes-table-square-linkcity-epaillard-machado-13-415x170.jpg","cta-width":"415","cta-height":"170","exhibitor":"https:\/\/d2q6z78khxmx42.cloudfront.net\/2021\/01\/enia-architectes-table-square-linkcity-epaillard-machado-13-560x560.jpg","exhibitor-width":"560","exhibitor-height":"560","gallery":"https:\/\/d2q6z78khxmx42.cloudfront.net\/2021\/01\/enia-architectes-table-square-linkcity-epaillard-machado-13-430x430.jpg","gallery-width":"430","gallery-height":"430","logo":"https:\/\/d2q6z78khxmx42.cloudfront.net\/2021\/01\/enia-architectes-table-square-linkcity-epaillard-machado-13-100x100.jpg","logo-width":"100","logo-height":"100","masonry":"https:\/\/d2q6z78khxmx42.cloudfront.net\/2021\/01\/enia-architectes-table-square-linkcity-epaillard-machado-13-550x550.jpg","masonry-width":"550","masonry-height":"550","modal":"https:\/\/d2q6z78khxmx42.cloudfront.net\/2021\/01\/enia-architectes-table-square-linkcity-epaillard-machado-13-1920x1920.jpg","modal-width":"1920","modal-height":"1920","number":"https:\/\/d2q6z78khxmx42.cloudfront.net\/2021\/01\/qHnH9h4C-enia-architectes-table-square-linkcity-epaillard-machado-13-430x430.jpg","number-width":"430","number-height":"430","partner":"https:\/\/d2q6z78khxmx42.cloudfront.net\/2021\/01\/enia-architectes-table-square-linkcity-epaillard-machado-13-210x210.jpg","partner-width":"210","partner-height":"210","ranking":"https:\/\/d2q6z78khxmx42.cloudfront.net\/2021\/01\/qHnH9h4C-enia-architectes-table-square-linkcity-epaillard-machado-13-960x540.jpg","ranking-width":"960","ranking-height":"540","schedule":"https:\/\/d2q6z78khxmx42.cloudfront.net\/2021\/01\/enia-architectes-table-square-linkcity-epaillard-machado-13-960x360.jpg","schedule-width":"960","schedule-height":"360","slideshow":"https:\/\/d2q6z78khxmx42.cloudfront.net\/2021\/01\/enia-architectes-table-square-linkcity-epaillard-machado-13-680x680.jpg","slideshow-width":"680","slideshow-height":"680"}},"filters":[104],"suppliers":[{"name":"Marazzi Lume","website":"https:\/\/www.marazzi.fr\/collections\/lume\/","suppliers_products":[118]}],"attachment_category":[]},{"categories":[205],"credit":"Epaillard Machado","image":{"ID":36739,"id":36739,"title":"Enia architectes","filename":"enia-architectes-table-square-linkcity-epaillard-machado-16.jpg","filesize":0,"url":"https:\/\/d2q6z78khxmx42.cloudfront.net\/2021\/01\/enia-architectes-table-square-linkcity-epaillard-machado-16.jpg","link":"https:\/\/int.design\/fr\/projets\/eclipse\/enia-architectes-10\/","alt":"","author":"6","description":"ECLIPSE Enia architectes, Arcadis, Karen BARMAKI Enia architectes Arcadis Karen BARMAKI Enia architectes Arcadis Karen BARMAKI RAGUENEAU (cuisine) Amperelec (\u00e9lectricit\u00e9) 3B Clim (CVC) Energies Clim (Plomberie) MBCP Costa group (agencement bar) Augagneur PMG (cloisons) Decoplus parquets Creative m\u00e9tallerie (serrurerie) Etablissement Gendre (serrurerie) Combet-Serith (peinture) AMIE (menuiseries int\u00e9rieures) Lenglart (stores et rideaux) Myneon (enseignes)","caption":"Table Square - La Defense - Sodearif - Linkcity","name":"enia-architectes-10","status":"inherit","uploaded_to":34456,"date":"2021-01-07 22:11:41","modified":"2022-02-08 12:00:30","menu_order":0,"mime_type":"image\/jpeg","type":"image","subtype":"jpeg","icon":"https:\/\/int.design\/wp-includes\/images\/media\/default.png","width":1371,"height":1920,"sizes":{"thumbnail":"https:\/\/d2q6z78khxmx42.cloudfront.net\/2021\/01\/enia-architectes-table-square-linkcity-epaillard-machado-16-150x150.jpg","thumbnail-width":"150","thumbnail-height":"150","medium":"https:\/\/d2q6z78khxmx42.cloudfront.net\/2021\/01\/enia-architectes-table-square-linkcity-epaillard-machado-16-214x300.jpg","medium-width":"214","medium-height":"300","medium_large":"https:\/\/d2q6z78khxmx42.cloudfront.net\/2021\/01\/enia-architectes-table-square-linkcity-epaillard-machado-16-768x1076.jpg","medium_large-width":"768","medium_large-height":"1076","large":"https:\/\/d2q6z78khxmx42.cloudfront.net\/2021\/01\/enia-architectes-table-square-linkcity-epaillard-machado-16-731x1024.jpg","large-width":"731","large-height":"1024","1536x1536":"https:\/\/d2q6z78khxmx42.cloudfront.net\/2021\/01\/enia-architectes-table-square-linkcity-epaillard-machado-16-1097x1536.jpg","1536x1536-width":"1097","1536x1536-height":"1536","2048x2048":"https:\/\/d2q6z78khxmx42.cloudfront.net\/2021\/01\/enia-architectes-table-square-linkcity-epaillard-machado-16.jpg","2048x2048-width":1371,"2048x2048-height":1920,"article":"https:\/\/d2q6z78khxmx42.cloudfront.net\/2021\/01\/enia-architectes-table-square-linkcity-epaillard-machado-16-960x540.jpg","article-width":"960","article-height":"540","banner":"https:\/\/d2q6z78khxmx42.cloudfront.net\/2021\/01\/enia-architectes-table-square-linkcity-epaillard-machado-16.jpg","banner-width":1371,"banner-height":1920,"block":"https:\/\/d2q6z78khxmx42.cloudfront.net\/2021\/01\/enia-architectes-table-square-linkcity-epaillard-machado-16-900x680.jpg","block-width":"900","block-height":"680","card":"https:\/\/d2q6z78khxmx42.cloudfront.net\/2021\/01\/enia-architectes-table-square-linkcity-epaillard-machado-16-560x495.jpg","card-width":"560","card-height":"495","card-thumbnail":"https:\/\/d2q6z78khxmx42.cloudfront.net\/2021\/01\/enia-architectes-table-square-linkcity-epaillard-machado-16-450x340.jpg","card-thumbnail-width":"450","card-thumbnail-height":"340","conference":"https:\/\/d2q6z78khxmx42.cloudfront.net\/2021\/01\/enia-architectes-table-square-linkcity-epaillard-machado-16-560x250.jpg","conference-width":"560","conference-height":"250","contest":"https:\/\/d2q6z78khxmx42.cloudfront.net\/2021\/01\/enia-architectes-table-square-linkcity-epaillard-machado-16-960x400.jpg","contest-width":"960","contest-height":"400","cta":"https:\/\/d2q6z78khxmx42.cloudfront.net\/2021\/01\/enia-architectes-table-square-linkcity-epaillard-machado-16-415x170.jpg","cta-width":"415","cta-height":"170","exhibitor":"https:\/\/d2q6z78khxmx42.cloudfront.net\/2021\/01\/enia-architectes-table-square-linkcity-epaillard-machado-16-560x560.jpg","exhibitor-width":"560","exhibitor-height":"560","gallery":"https:\/\/d2q6z78khxmx42.cloudfront.net\/2021\/01\/enia-architectes-table-square-linkcity-epaillard-machado-16-307x430.jpg","gallery-width":"307","gallery-height":"430","logo":"https:\/\/d2q6z78khxmx42.cloudfront.net\/2021\/01\/enia-architectes-table-square-linkcity-epaillard-machado-16-71x100.jpg","logo-width":"71","logo-height":"100","masonry":"https:\/\/d2q6z78khxmx42.cloudfront.net\/2021\/01\/enia-architectes-table-square-linkcity-epaillard-machado-16-550x770.jpg","masonry-width":"550","masonry-height":"770","modal":"https:\/\/d2q6z78khxmx42.cloudfront.net\/2021\/01\/enia-architectes-table-square-linkcity-epaillard-machado-16.jpg","modal-width":1371,"modal-height":1920,"number":"https:\/\/d2q6z78khxmx42.cloudfront.net\/2021\/01\/HVhRDh1f-enia-architectes-table-square-linkcity-epaillard-machado-16-307x430.jpg","number-width":"307","number-height":"430","partner":"https:\/\/d2q6z78khxmx42.cloudfront.net\/2021\/01\/enia-architectes-table-square-linkcity-epaillard-machado-16-150x210.jpg","partner-width":"150","partner-height":"210","ranking":"https:\/\/d2q6z78khxmx42.cloudfront.net\/2021\/01\/HVhRDh1f-enia-architectes-table-square-linkcity-epaillard-machado-16-960x540.jpg","ranking-width":"960","ranking-height":"540","schedule":"https:\/\/d2q6z78khxmx42.cloudfront.net\/2021\/01\/enia-architectes-table-square-linkcity-epaillard-machado-16-960x360.jpg","schedule-width":"960","schedule-height":"360","slideshow":"https:\/\/d2q6z78khxmx42.cloudfront.net\/2021\/01\/enia-architectes-table-square-linkcity-epaillard-machado-16-486x680.jpg","slideshow-width":"486","slideshow-height":"680"}},"filters":[104],"suppliers":false,"attachment_category":[]},{"categories":[205],"credit":"Epaillard Machado","image":{"ID":36740,"id":36740,"title":"Enia architectes","filename":"enia-architectes-table-square-linkcity-epaillard-machado-17.jpg","filesize":0,"url":"https:\/\/d2q6z78khxmx42.cloudfront.net\/2021\/01\/enia-architectes-table-square-linkcity-epaillard-machado-17.jpg","link":"https:\/\/int.design\/fr\/projets\/eclipse\/enia-architectes-11\/","alt":"","author":"6","description":"ECLIPSE Enia architectes, Arcadis, Karen BARMAKI Enia architectes Arcadis Karen BARMAKI Enia architectes Arcadis Karen BARMAKI RAGUENEAU (cuisine) Amperelec (\u00e9lectricit\u00e9) 3B Clim (CVC) Energies Clim (Plomberie) MBCP Costa group (agencement bar) Augagneur PMG (cloisons) Decoplus parquets Creative m\u00e9tallerie (serrurerie) Etablissement Gendre (serrurerie) Combet-Serith (peinture) AMIE (menuiseries int\u00e9rieures) Lenglart (stores et rideaux) Myneon (enseignes)","caption":"Table Square - La Defense - Sodearif - Linkcity","name":"enia-architectes-11","status":"inherit","uploaded_to":34456,"date":"2021-01-07 22:11:52","modified":"2022-02-08 12:00:30","menu_order":0,"mime_type":"image\/jpeg","type":"image","subtype":"jpeg","icon":"https:\/\/int.design\/wp-includes\/images\/media\/default.png","width":1280,"height":1920,"sizes":{"thumbnail":"https:\/\/d2q6z78khxmx42.cloudfront.net\/2021\/01\/enia-architectes-table-square-linkcity-epaillard-machado-17-150x150.jpg","thumbnail-width":"150","thumbnail-height":"150","medium":"https:\/\/d2q6z78khxmx42.cloudfront.net\/2021\/01\/enia-architectes-table-square-linkcity-epaillard-machado-17-200x300.jpg","medium-width":"200","medium-height":"300","medium_large":"https:\/\/d2q6z78khxmx42.cloudfront.net\/2021\/01\/enia-architectes-table-square-linkcity-epaillard-machado-17-768x1152.jpg","medium_large-width":"768","medium_large-height":"1152","large":"https:\/\/d2q6z78khxmx42.cloudfront.net\/2021\/01\/enia-architectes-table-square-linkcity-epaillard-machado-17-683x1024.jpg","large-width":"683","large-height":"1024","1536x1536":"https:\/\/d2q6z78khxmx42.cloudfront.net\/2021\/01\/enia-architectes-table-square-linkcity-epaillard-machado-17-1024x1536.jpg","1536x1536-width":"1024","1536x1536-height":"1536","2048x2048":"https:\/\/d2q6z78khxmx42.cloudfront.net\/2021\/01\/enia-architectes-table-square-linkcity-epaillard-machado-17.jpg","2048x2048-width":1280,"2048x2048-height":1920,"article":"https:\/\/d2q6z78khxmx42.cloudfront.net\/2021\/01\/enia-architectes-table-square-linkcity-epaillard-machado-17-960x540.jpg","article-width":"960","article-height":"540","banner":"https:\/\/d2q6z78khxmx42.cloudfront.net\/2021\/01\/enia-architectes-table-square-linkcity-epaillard-machado-17.jpg","banner-width":1280,"banner-height":1920,"block":"https:\/\/d2q6z78khxmx42.cloudfront.net\/2021\/01\/enia-architectes-table-square-linkcity-epaillard-machado-17-900x680.jpg","block-width":"900","block-height":"680","card":"https:\/\/d2q6z78khxmx42.cloudfront.net\/2021\/01\/enia-architectes-table-square-linkcity-epaillard-machado-17-560x495.jpg","card-width":"560","card-height":"495","card-thumbnail":"https:\/\/d2q6z78khxmx42.cloudfront.net\/2021\/01\/enia-architectes-table-square-linkcity-epaillard-machado-17-450x340.jpg","card-thumbnail-width":"450","card-thumbnail-height":"340","conference":"https:\/\/d2q6z78khxmx42.cloudfront.net\/2021\/01\/enia-architectes-table-square-linkcity-epaillard-machado-17-560x250.jpg","conference-width":"560","conference-height":"250","contest":"https:\/\/d2q6z78khxmx42.cloudfront.net\/2021\/01\/enia-architectes-table-square-linkcity-epaillard-machado-17-960x400.jpg","contest-width":"960","contest-height":"400","cta":"https:\/\/d2q6z78khxmx42.cloudfront.net\/2021\/01\/enia-architectes-table-square-linkcity-epaillard-machado-17-415x170.jpg","cta-width":"415","cta-height":"170","exhibitor":"https:\/\/d2q6z78khxmx42.cloudfront.net\/2021\/01\/enia-architectes-table-square-linkcity-epaillard-machado-17-560x560.jpg","exhibitor-width":"560","exhibitor-height":"560","gallery":"https:\/\/d2q6z78khxmx42.cloudfront.net\/2021\/01\/enia-architectes-table-square-linkcity-epaillard-machado-17-287x430.jpg","gallery-width":"287","gallery-height":"430","logo":"https:\/\/d2q6z78khxmx42.cloudfront.net\/2021\/01\/enia-architectes-table-square-linkcity-epaillard-machado-17-67x100.jpg","logo-width":"67","logo-height":"100","masonry":"https:\/\/d2q6z78khxmx42.cloudfront.net\/2021\/01\/enia-architectes-table-square-linkcity-epaillard-machado-17-550x825.jpg","masonry-width":"550","masonry-height":"825","modal":"https:\/\/d2q6z78khxmx42.cloudfront.net\/2021\/01\/enia-architectes-table-square-linkcity-epaillard-machado-17.jpg","modal-width":1280,"modal-height":1920,"number":"https:\/\/d2q6z78khxmx42.cloudfront.net\/2021\/01\/8YX9V7Pc-enia-architectes-table-square-linkcity-epaillard-machado-17-287x430.jpg","number-width":"287","number-height":"430","partner":"https:\/\/d2q6z78khxmx42.cloudfront.net\/2021\/01\/enia-architectes-table-square-linkcity-epaillard-machado-17-140x210.jpg","partner-width":"140","partner-height":"210","ranking":"https:\/\/d2q6z78khxmx42.cloudfront.net\/2021\/01\/8YX9V7Pc-enia-architectes-table-square-linkcity-epaillard-machado-17-960x540.jpg","ranking-width":"960","ranking-height":"540","schedule":"https:\/\/d2q6z78khxmx42.cloudfront.net\/2021\/01\/enia-architectes-table-square-linkcity-epaillard-machado-17-960x360.jpg","schedule-width":"960","schedule-height":"360","slideshow":"https:\/\/d2q6z78khxmx42.cloudfront.net\/2021\/01\/enia-architectes-table-square-linkcity-epaillard-machado-17-453x680.jpg","slideshow-width":"453","slideshow-height":"680"}},"filters":[104],"suppliers":false,"attachment_category":[]},{"categories":[205],"credit":"Epaillard Machado","image":{"ID":36741,"id":36741,"title":"Enia architectes","filename":"enia-architectes-table-square-linkcity-epaillard-machado-24.jpg","filesize":0,"url":"https:\/\/d2q6z78khxmx42.cloudfront.net\/2021\/01\/enia-architectes-table-square-linkcity-epaillard-machado-24.jpg","link":"https:\/\/int.design\/fr\/projets\/eclipse\/enia-architectes-12\/","alt":"","author":"6","description":"ECLIPSE Enia architectes, Arcadis, Karen BARMAKI Enia architectes Arcadis Karen BARMAKI Enia architectes Arcadis Karen BARMAKI RAGUENEAU (cuisine) Amperelec (\u00e9lectricit\u00e9) 3B Clim (CVC) Energies Clim (Plomberie) MBCP Costa group (agencement bar) Augagneur PMG (cloisons) Decoplus parquets Creative m\u00e9tallerie (serrurerie) Etablissement Gendre (serrurerie) Combet-Serith (peinture) AMIE (menuiseries int\u00e9rieures) Lenglart (stores et rideaux) Myneon (enseignes)","caption":"Table Square - La Defense - Sodearif - Linkcity","name":"enia-architectes-12","status":"inherit","uploaded_to":34456,"date":"2021-01-07 22:12:04","modified":"2022-02-08 12:00:30","menu_order":0,"mime_type":"image\/jpeg","type":"image","subtype":"jpeg","icon":"https:\/\/int.design\/wp-includes\/images\/media\/default.png","width":1371,"height":1920,"sizes":{"thumbnail":"https:\/\/d2q6z78khxmx42.cloudfront.net\/2021\/01\/enia-architectes-table-square-linkcity-epaillard-machado-24-150x150.jpg","thumbnail-width":"150","thumbnail-height":"150","medium":"https:\/\/d2q6z78khxmx42.cloudfront.net\/2021\/01\/enia-architectes-table-square-linkcity-epaillard-machado-24-214x300.jpg","medium-width":"214","medium-height":"300","medium_large":"https:\/\/d2q6z78khxmx42.cloudfront.net\/2021\/01\/enia-architectes-table-square-linkcity-epaillard-machado-24-768x1076.jpg","medium_large-width":"768","medium_large-height":"1076","large":"https:\/\/d2q6z78khxmx42.cloudfront.net\/2021\/01\/enia-architectes-table-square-linkcity-epaillard-machado-24-731x1024.jpg","large-width":"731","large-height":"1024","1536x1536":"https:\/\/d2q6z78khxmx42.cloudfront.net\/2021\/01\/enia-architectes-table-square-linkcity-epaillard-machado-24-1097x1536.jpg","1536x1536-width":"1097","1536x1536-height":"1536","2048x2048":"https:\/\/d2q6z78khxmx42.cloudfront.net\/2021\/01\/enia-architectes-table-square-linkcity-epaillard-machado-24.jpg","2048x2048-width":1371,"2048x2048-height":1920,"article":"https:\/\/d2q6z78khxmx42.cloudfront.net\/2021\/01\/enia-architectes-table-square-linkcity-epaillard-machado-24-960x540.jpg","article-width":"960","article-height":"540","banner":"https:\/\/d2q6z78khxmx42.cloudfront.net\/2021\/01\/enia-architectes-table-square-linkcity-epaillard-machado-24.jpg","banner-width":1371,"banner-height":1920,"block":"https:\/\/d2q6z78khxmx42.cloudfront.net\/2021\/01\/enia-architectes-table-square-linkcity-epaillard-machado-24-900x680.jpg","block-width":"900","block-height":"680","card":"https:\/\/d2q6z78khxmx42.cloudfront.net\/2021\/01\/enia-architectes-table-square-linkcity-epaillard-machado-24-560x495.jpg","card-width":"560","card-height":"495","card-thumbnail":"https:\/\/d2q6z78khxmx42.cloudfront.net\/2021\/01\/enia-architectes-table-square-linkcity-epaillard-machado-24-450x340.jpg","card-thumbnail-width":"450","card-thumbnail-height":"340","conference":"https:\/\/d2q6z78khxmx42.cloudfront.net\/2021\/01\/enia-architectes-table-square-linkcity-epaillard-machado-24-560x250.jpg","conference-width":"560","conference-height":"250","contest":"https:\/\/d2q6z78khxmx42.cloudfront.net\/2021\/01\/enia-architectes-table-square-linkcity-epaillard-machado-24-960x400.jpg","contest-width":"960","contest-height":"400","cta":"https:\/\/d2q6z78khxmx42.cloudfront.net\/2021\/01\/enia-architectes-table-square-linkcity-epaillard-machado-24-415x170.jpg","cta-width":"415","cta-height":"170","exhibitor":"https:\/\/d2q6z78khxmx42.cloudfront.net\/2021\/01\/enia-architectes-table-square-linkcity-epaillard-machado-24-560x560.jpg","exhibitor-width":"560","exhibitor-height":"560","gallery":"https:\/\/d2q6z78khxmx42.cloudfront.net\/2021\/01\/enia-architectes-table-square-linkcity-epaillard-machado-24-307x430.jpg","gallery-width":"307","gallery-height":"430","logo":"https:\/\/d2q6z78khxmx42.cloudfront.net\/2021\/01\/enia-architectes-table-square-linkcity-epaillard-machado-24-71x100.jpg","logo-width":"71","logo-height":"100","masonry":"https:\/\/d2q6z78khxmx42.cloudfront.net\/2021\/01\/enia-architectes-table-square-linkcity-epaillard-machado-24-550x770.jpg","masonry-width":"550","masonry-height":"770","modal":"https:\/\/d2q6z78khxmx42.cloudfront.net\/2021\/01\/enia-architectes-table-square-linkcity-epaillard-machado-24.jpg","modal-width":1371,"modal-height":1920,"number":"https:\/\/d2q6z78khxmx42.cloudfront.net\/2021\/01\/kswc2wCj-enia-architectes-table-square-linkcity-epaillard-machado-24-307x430.jpg","number-width":"307","number-height":"430","partner":"https:\/\/d2q6z78khxmx42.cloudfront.net\/2021\/01\/enia-architectes-table-square-linkcity-epaillard-machado-24-150x210.jpg","partner-width":"150","partner-height":"210","ranking":"https:\/\/d2q6z78khxmx42.cloudfront.net\/2021\/01\/kswc2wCj-enia-architectes-table-square-linkcity-epaillard-machado-24-960x540.jpg","ranking-width":"960","ranking-height":"540","schedule":"https:\/\/d2q6z78khxmx42.cloudfront.net\/2021\/01\/enia-architectes-table-square-linkcity-epaillard-machado-24-960x360.jpg","schedule-width":"960","schedule-height":"360","slideshow":"https:\/\/d2q6z78khxmx42.cloudfront.net\/2021\/01\/enia-architectes-table-square-linkcity-epaillard-machado-24-486x680.jpg","slideshow-width":"486","slideshow-height":"680"}},"filters":[104],"suppliers":false,"attachment_category":[]},{"categories":[205],"credit":"Epaillard Machado","image":{"ID":36742,"id":36742,"title":"Enia architectes","filename":"enia-architectes-table-square-linkcity-epaillard-machado-35.jpg","filesize":0,"url":"https:\/\/d2q6z78khxmx42.cloudfront.net\/2021\/01\/enia-architectes-table-square-linkcity-epaillard-machado-35.jpg","link":"https:\/\/int.design\/fr\/projets\/eclipse\/enia-architectes-13\/","alt":"","author":"6","description":"ECLIPSE Enia architectes, Arcadis, Karen BARMAKI Enia architectes Arcadis Karen BARMAKI Enia architectes Arcadis Karen BARMAKI RAGUENEAU (cuisine) Amperelec (\u00e9lectricit\u00e9) 3B Clim (CVC) Energies Clim (Plomberie) MBCP Costa group (agencement bar) Augagneur PMG (cloisons) Decoplus parquets Creative m\u00e9tallerie (serrurerie) Etablissement Gendre (serrurerie) Combet-Serith (peinture) AMIE (menuiseries int\u00e9rieures) Lenglart (stores et rideaux) Myneon (enseignes)","caption":"Table Square - La Defense - Sodearif - Linkcity","name":"enia-architectes-13","status":"inherit","uploaded_to":34456,"date":"2021-01-07 22:12:13","modified":"2022-02-08 12:00:30","menu_order":0,"mime_type":"image\/jpeg","type":"image","subtype":"jpeg","icon":"https:\/\/int.design\/wp-includes\/images\/media\/default.png","width":1920,"height":1281,"sizes":{"thumbnail":"https:\/\/d2q6z78khxmx42.cloudfront.net\/2021\/01\/enia-architectes-table-square-linkcity-epaillard-machado-35-150x150.jpg","thumbnail-width":"150","thumbnail-height":"150","medium":"https:\/\/d2q6z78khxmx42.cloudfront.net\/2021\/01\/enia-architectes-table-square-linkcity-epaillard-machado-35-300x200.jpg","medium-width":"300","medium-height":"200","medium_large":"https:\/\/d2q6z78khxmx42.cloudfront.net\/2021\/01\/enia-architectes-table-square-linkcity-epaillard-machado-35-768x512.jpg","medium_large-width":"768","medium_large-height":"512","large":"https:\/\/d2q6z78khxmx42.cloudfront.net\/2021\/01\/enia-architectes-table-square-linkcity-epaillard-machado-35-1024x683.jpg","large-width":"1024","large-height":"683","1536x1536":"https:\/\/d2q6z78khxmx42.cloudfront.net\/2021\/01\/enia-architectes-table-square-linkcity-epaillard-machado-35-1536x1025.jpg","1536x1536-width":"1536","1536x1536-height":"1025","2048x2048":"https:\/\/d2q6z78khxmx42.cloudfront.net\/2021\/01\/enia-architectes-table-square-linkcity-epaillard-machado-35.jpg","2048x2048-width":1920,"2048x2048-height":1281,"article":"https:\/\/d2q6z78khxmx42.cloudfront.net\/2021\/01\/enia-architectes-table-square-linkcity-epaillard-machado-35-960x540.jpg","article-width":"960","article-height":"540","banner":"https:\/\/d2q6z78khxmx42.cloudfront.net\/2021\/01\/enia-architectes-table-square-linkcity-epaillard-machado-35.jpg","banner-width":1920,"banner-height":1281,"block":"https:\/\/d2q6z78khxmx42.cloudfront.net\/2021\/01\/enia-architectes-table-square-linkcity-epaillard-machado-35-900x680.jpg","block-width":"900","block-height":"680","card":"https:\/\/d2q6z78khxmx42.cloudfront.net\/2021\/01\/enia-architectes-table-square-linkcity-epaillard-machado-35-560x495.jpg","card-width":"560","card-height":"495","card-thumbnail":"https:\/\/d2q6z78khxmx42.cloudfront.net\/2021\/01\/enia-architectes-table-square-linkcity-epaillard-machado-35-450x340.jpg","card-thumbnail-width":"450","card-thumbnail-height":"340","conference":"https:\/\/d2q6z78khxmx42.cloudfront.net\/2021\/01\/enia-architectes-table-square-linkcity-epaillard-machado-35-560x250.jpg","conference-width":"560","conference-height":"250","contest":"https:\/\/d2q6z78khxmx42.cloudfront.net\/2021\/01\/enia-architectes-table-square-linkcity-epaillard-machado-35-960x400.jpg","contest-width":"960","contest-height":"400","cta":"https:\/\/d2q6z78khxmx42.cloudfront.net\/2021\/01\/enia-architectes-table-square-linkcity-epaillard-machado-35-415x170.jpg","cta-width":"415","cta-height":"170","exhibitor":"https:\/\/d2q6z78khxmx42.cloudfront.net\/2021\/01\/enia-architectes-table-square-linkcity-epaillard-machado-35-560x560.jpg","exhibitor-width":"560","exhibitor-height":"560","gallery":"https:\/\/d2q6z78khxmx42.cloudfront.net\/2021\/01\/enia-architectes-table-square-linkcity-epaillard-machado-35-560x374.jpg","gallery-width":"560","gallery-height":"374","logo":"https:\/\/d2q6z78khxmx42.cloudfront.net\/2021\/01\/enia-architectes-table-square-linkcity-epaillard-machado-35-150x100.jpg","logo-width":"150","logo-height":"100","masonry":"https:\/\/d2q6z78khxmx42.cloudfront.net\/2021\/01\/enia-architectes-table-square-linkcity-epaillard-machado-35-550x367.jpg","masonry-width":"550","masonry-height":"367","modal":"https:\/\/d2q6z78khxmx42.cloudfront.net\/2021\/01\/enia-architectes-table-square-linkcity-epaillard-machado-35.jpg","modal-width":1920,"modal-height":1281,"number":"https:\/\/d2q6z78khxmx42.cloudfront.net\/2021\/01\/Io16GAPu-enia-architectes-table-square-linkcity-epaillard-machado-35-560x374.jpg","number-width":"560","number-height":"374","partner":"https:\/\/d2q6z78khxmx42.cloudfront.net\/2021\/01\/enia-architectes-table-square-linkcity-epaillard-machado-35-275x183.jpg","partner-width":"275","partner-height":"183","ranking":"https:\/\/d2q6z78khxmx42.cloudfront.net\/2021\/01\/Io16GAPu-enia-architectes-table-square-linkcity-epaillard-machado-35-960x540.jpg","ranking-width":"960","ranking-height":"540","schedule":"https:\/\/d2q6z78khxmx42.cloudfront.net\/2021\/01\/enia-architectes-table-square-linkcity-epaillard-machado-35-960x360.jpg","schedule-width":"960","schedule-height":"360","slideshow":"https:\/\/d2q6z78khxmx42.cloudfront.net\/2021\/01\/enia-architectes-table-square-linkcity-epaillard-machado-35-1019x680.jpg","slideshow-width":"1019","slideshow-height":"680"}},"filters":[104],"suppliers":false,"attachment_category":[]},{"categories":[205],"credit":"Epaillard Machado","image":{"ID":36743,"id":36743,"title":"Enia architectes","filename":"enia-architectes-table-square-linkcity-epaillard-machado-40.jpg","filesize":0,"url":"https:\/\/d2q6z78khxmx42.cloudfront.net\/2021\/01\/enia-architectes-table-square-linkcity-epaillard-machado-40.jpg","link":"https:\/\/int.design\/fr\/projets\/eclipse\/enia-architectes-14\/","alt":"","author":"6","description":"ECLIPSE Enia architectes, Arcadis, Karen BARMAKI Enia architectes Arcadis Karen BARMAKI Enia architectes Arcadis Karen BARMAKI RAGUENEAU (cuisine) Amperelec (\u00e9lectricit\u00e9) 3B Clim (CVC) Energies Clim (Plomberie) MBCP Costa group (agencement bar) Augagneur PMG (cloisons) Decoplus parquets Creative m\u00e9tallerie (serrurerie) Etablissement Gendre (serrurerie) Combet-Serith (peinture) AMIE (menuiseries int\u00e9rieures) Lenglart (stores et rideaux) Myneon (enseignes)","caption":"Table Square - La Defense - Sodearif - Linkcity","name":"enia-architectes-14","status":"inherit","uploaded_to":34456,"date":"2021-01-07 22:12:20","modified":"2022-02-08 12:00:30","menu_order":0,"mime_type":"image\/jpeg","type":"image","subtype":"jpeg","icon":"https:\/\/int.design\/wp-includes\/images\/media\/default.png","width":1920,"height":1280,"sizes":{"thumbnail":"https:\/\/d2q6z78khxmx42.cloudfront.net\/2021\/01\/enia-architectes-table-square-linkcity-epaillard-machado-40-150x150.jpg","thumbnail-width":"150","thumbnail-height":"150","medium":"https:\/\/d2q6z78khxmx42.cloudfront.net\/2021\/01\/enia-architectes-table-square-linkcity-epaillard-machado-40-300x200.jpg","medium-width":"300","medium-height":"200","medium_large":"https:\/\/d2q6z78khxmx42.cloudfront.net\/2021\/01\/enia-architectes-table-square-linkcity-epaillard-machado-40-768x512.jpg","medium_large-width":"768","medium_large-height":"512","large":"https:\/\/d2q6z78khxmx42.cloudfront.net\/2021\/01\/enia-architectes-table-square-linkcity-epaillard-machado-40-1024x683.jpg","large-width":"1024","large-height":"683","1536x1536":"https:\/\/d2q6z78khxmx42.cloudfront.net\/2021\/01\/enia-architectes-table-square-linkcity-epaillard-machado-40-1536x1024.jpg","1536x1536-width":"1536","1536x1536-height":"1024","2048x2048":"https:\/\/d2q6z78khxmx42.cloudfront.net\/2021\/01\/enia-architectes-table-square-linkcity-epaillard-machado-40.jpg","2048x2048-width":1920,"2048x2048-height":1280,"article":"https:\/\/d2q6z78khxmx42.cloudfront.net\/2021\/01\/enia-architectes-table-square-linkcity-epaillard-machado-40-960x540.jpg","article-width":"960","article-height":"540","banner":"https:\/\/d2q6z78khxmx42.cloudfront.net\/2021\/01\/enia-architectes-table-square-linkcity-epaillard-machado-40.jpg","banner-width":1920,"banner-height":1280,"block":"https:\/\/d2q6z78khxmx42.cloudfront.net\/2021\/01\/enia-architectes-table-square-linkcity-epaillard-machado-40-900x680.jpg","block-width":"900","block-height":"680","card":"https:\/\/d2q6z78khxmx42.cloudfront.net\/2021\/01\/enia-architectes-table-square-linkcity-epaillard-machado-40-560x495.jpg","card-width":"560","card-height":"495","card-thumbnail":"https:\/\/d2q6z78khxmx42.cloudfront.net\/2021\/01\/enia-architectes-table-square-linkcity-epaillard-machado-40-450x340.jpg","card-thumbnail-width":"450","card-thumbnail-height":"340","conference":"https:\/\/d2q6z78khxmx42.cloudfront.net\/2021\/01\/enia-architectes-table-square-linkcity-epaillard-machado-40-560x250.jpg","conference-width":"560","conference-height":"250","contest":"https:\/\/d2q6z78khxmx42.cloudfront.net\/2021\/01\/enia-architectes-table-square-linkcity-epaillard-machado-40-960x400.jpg","contest-width":"960","contest-height":"400","cta":"https:\/\/d2q6z78khxmx42.cloudfront.net\/2021\/01\/enia-architectes-table-square-linkcity-epaillard-machado-40-415x170.jpg","cta-width":"415","cta-height":"170","exhibitor":"https:\/\/d2q6z78khxmx42.cloudfront.net\/2021\/01\/enia-architectes-table-square-linkcity-epaillard-machado-40-560x560.jpg","exhibitor-width":"560","exhibitor-height":"560","gallery":"https:\/\/d2q6z78khxmx42.cloudfront.net\/2021\/01\/enia-architectes-table-square-linkcity-epaillard-machado-40-560x373.jpg","gallery-width":"560","gallery-height":"373","logo":"https:\/\/d2q6z78khxmx42.cloudfront.net\/2021\/01\/enia-architectes-table-square-linkcity-epaillard-machado-40-150x100.jpg","logo-width":"150","logo-height":"100","masonry":"https:\/\/d2q6z78khxmx42.cloudfront.net\/2021\/01\/enia-architectes-table-square-linkcity-epaillard-machado-40-550x367.jpg","masonry-width":"550","masonry-height":"367","modal":"https:\/\/d2q6z78khxmx42.cloudfront.net\/2021\/01\/enia-architectes-table-square-linkcity-epaillard-machado-40.jpg","modal-width":1920,"modal-height":1280,"number":"https:\/\/d2q6z78khxmx42.cloudfront.net\/2021\/01\/k7sYlG0G-enia-architectes-table-square-linkcity-epaillard-machado-40-560x373.jpg","number-width":"560","number-height":"373","partner":"https:\/\/d2q6z78khxmx42.cloudfront.net\/2021\/01\/enia-architectes-table-square-linkcity-epaillard-machado-40-275x183.jpg","partner-width":"275","partner-height":"183","ranking":"https:\/\/d2q6z78khxmx42.cloudfront.net\/2021\/01\/k7sYlG0G-enia-architectes-table-square-linkcity-epaillard-machado-40-960x540.jpg","ranking-width":"960","ranking-height":"540","schedule":"https:\/\/d2q6z78khxmx42.cloudfront.net\/2021\/01\/enia-architectes-table-square-linkcity-epaillard-machado-40-960x360.jpg","schedule-width":"960","schedule-height":"360","slideshow":"https:\/\/d2q6z78khxmx42.cloudfront.net\/2021\/01\/enia-architectes-table-square-linkcity-epaillard-machado-40-1020x680.jpg","slideshow-width":"1020","slideshow-height":"680"}},"filters":[104],"suppliers":[{"name":"Bloom pendant de Resident","website":"https:\/\/resident.co.nz\/lighting\/pendant-lights\/bloom-pendant","suppliers_products":[120]}],"attachment_category":[]}],"mandatory_documents":[{"name":" Plan restaurant","file":{"ID":36766,"id":36766,"title":"ECLIPSE Plan restaurant","filename":"eclipse-plan-restaurant.pdf","filesize":0,"url":"https:\/\/d2q6z78khxmx42.cloudfront.net\/2021\/01\/eclipse-plan-restaurant.pdf","link":"https:\/\/int.design\/fr\/projets\/eclipse\/eclipse-plan-restaurant-4\/","alt":"","author":"6","description":"","caption":"","name":"eclipse-plan-restaurant-4","status":"inherit","uploaded_to":34456,"date":"2021-01-07 22:27:55","modified":"2021-01-07 22:27:55","menu_order":0,"mime_type":"application\/pdf","type":"application","subtype":"pdf","icon":"https:\/\/int.design\/wp-includes\/images\/media\/document.png"}}],"optional_documents":[{"name":"Polychromie","file":{"ID":36770,"id":36770,"title":"ECLIPSE Polychromie","filename":"eclipse-polychromie.pdf","filesize":0,"url":"https:\/\/d2q6z78khxmx42.cloudfront.net\/2021\/01\/eclipse-polychromie.pdf","link":"https:\/\/int.design\/fr\/projets\/eclipse\/eclipse-polychromie-4\/","alt":"","author":"6","description":"","caption":"","name":"eclipse-polychromie-4","status":"inherit","uploaded_to":34456,"date":"2021-01-07 22:28:40","modified":"2021-01-07 22:28:40","menu_order":0,"mime_type":"application\/pdf","type":"application","subtype":"pdf","icon":"https:\/\/int.design\/wp-includes\/images\/media\/document.png"}},{"name":"D\u00e9tail mur","file":{"ID":36768,"id":36768,"title":"ECLIPSE D\u00e9tail mur","filename":"eclipse-detail-mur.pdf","filesize":0,"url":"https:\/\/d2q6z78khxmx42.cloudfront.net\/2021\/01\/eclipse-detail-mur.pdf","link":"https:\/\/int.design\/fr\/projets\/eclipse\/eclipse-detail-mur-5\/","alt":"","author":"6","description":"","caption":"","name":"eclipse-detail-mur-5","status":"inherit","uploaded_to":34456,"date":"2021-01-07 22:28:29","modified":"2021-01-07 22:28:29","menu_order":0,"mime_type":"application\/pdf","type":"application","subtype":"pdf","icon":"https:\/\/int.design\/wp-includes\/images\/media\/document.png"}},{"name":"Escalier","file":{"ID":36767,"id":36767,"title":"ECLIPSE D\u00e9tail escalier","filename":"eclipse-detail-escalier.pdf","filesize":0,"url":"https:\/\/d2q6z78khxmx42.cloudfront.net\/2021\/01\/eclipse-detail-escalier.pdf","link":"https:\/\/int.design\/fr\/projets\/eclipse\/eclipse-detail-escalier-5\/","alt":"","author":"6","description":"","caption":"","name":"eclipse-detail-escalier-5","status":"inherit","uploaded_to":34456,"date":"2021-01-07 22:28:19","modified":"2021-01-07 22:28:19","menu_order":0,"mime_type":"application\/pdf","type":"application","subtype":"pdf","icon":"https:\/\/int.design\/wp-includes\/images\/media\/document.png"}},{"name":"Plafond","file":{"ID":36771,"id":36771,"title":"ECLIPSE D\u00e9tail plafond","filename":"eclipse-detail-plafond.pdf","filesize":0,"url":"https:\/\/d2q6z78khxmx42.cloudfront.net\/2021\/01\/eclipse-detail-plafond.pdf","link":"https:\/\/int.design\/fr\/projets\/eclipse\/eclipse-detail-plafond-4\/","alt":"","author":"6","description":"","caption":"","name":"eclipse-detail-plafond-4","status":"inherit","uploaded_to":34456,"date":"2021-01-07 22:30:43","modified":"2021-01-07 22:30:43","menu_order":0,"mime_type":"application\/pdf","type":"application","subtype":"pdf","icon":"https:\/\/int.design\/wp-includes\/images\/media\/document.png"}},{"name":"Fiche technique panneaux muraux ECLIPSE_Oberflex Prestige","file":{"ID":36774,"id":36774,"title":"Fiche technique panneaux muraux ECLIPSE_Oberflex Prestige","filename":"fiche-technique-panneaux-muraux-eclipse-oberflex-prestige.pdf","filesize":0,"url":"https:\/\/d2q6z78khxmx42.cloudfront.net\/2021\/01\/fiche-technique-panneaux-muraux-eclipse-oberflex-prestige.pdf","link":"https:\/\/int.design\/fr\/projets\/eclipse\/fiche-technique-panneaux-muraux-eclipse_oberflex-prestige\/","alt":"","author":"6","description":"","caption":"","name":"fiche-technique-panneaux-muraux-eclipse_oberflex-prestige","status":"inherit","uploaded_to":34456,"date":"2021-01-07 22:31:49","modified":"2021-01-07 22:31:49","menu_order":0,"mime_type":"application\/pdf","type":"application","subtype":"pdf","icon":"https:\/\/int.design\/wp-includes\/images\/media\/document.png"}},{"name":"Fiche technique luminaire ECLIPSE_bloom_pendant_2","file":{"ID":36773,"id":36773,"title":"Fiche technique luminaire ECLIPSE_bloom_pendant_2","filename":"fiche-technique-luminaire-eclipse-bloom-pendant-2.pdf","filesize":0,"url":"https:\/\/d2q6z78khxmx42.cloudfront.net\/2021\/01\/fiche-technique-luminaire-eclipse-bloom-pendant-2.pdf","link":"https:\/\/int.design\/fr\/projets\/eclipse\/fiche-technique-luminaire-eclipse_bloom_pendant_2\/","alt":"","author":"6","description":"","caption":"","name":"fiche-technique-luminaire-eclipse_bloom_pendant_2","status":"inherit","uploaded_to":34456,"date":"2021-01-07 22:31:45","modified":"2021-01-07 22:31:45","menu_order":0,"mime_type":"application\/pdf","type":"application","subtype":"pdf","icon":"https:\/\/int.design\/wp-includes\/images\/media\/document.png"}},{"name":"Fiche technique faience ECLIPSE_Marazzi LUME","file":{"ID":36772,"id":36772,"title":"Fiche technique faience ECLIPSE_Marazzi LUME","filename":"fiche-technique-faience-eclipse-marazzi-lume.pdf","filesize":0,"url":"https:\/\/d2q6z78khxmx42.cloudfront.net\/2021\/01\/fiche-technique-faience-eclipse-marazzi-lume.pdf","link":"https:\/\/int.design\/fr\/projets\/eclipse\/fiche-technique-faience-eclipse_marazzi-lume\/","alt":"","author":"6","description":"","caption":"","name":"fiche-technique-faience-eclipse_marazzi-lume","status":"inherit","uploaded_to":34456,"date":"2021-01-07 22:31:39","modified":"2021-01-07 22:31:39","menu_order":0,"mime_type":"application\/pdf","type":"application","subtype":"pdf","icon":"https:\/\/int.design\/wp-includes\/images\/media\/document.png"}}],"web_text":{"fr":"<p>Le projet s\u2019inscrit dans le nouveau b\u00e2timent table square sur l\u2019esplanade de la D\u00e9fense. Au sein d\u2019un lieu d\u00e9di\u00e9 \u00e0 la gastronomie le restaurant Eclipse propose une offre gastronomique destin\u00e9e \u00e0 la client\u00e8le d\u2019affaire de la D\u00e9fense.<\/p>\n<p>Dans un environnement hyper urbain, Eclipse offre \u00e0 ses convives une halte \u00e0 la fois chic et chaleureuse. Les ambiances int\u00e9rieures se d\u00e9clinent autour de 3 th\u00e9matiques :<\/p>\n<p>&#8211;\tLe jardin d\u2019hiver : velours, bois et rotin conf\u00e8rent \u00e0 cet espace baign\u00e9 de lumi\u00e8re une atmosph\u00e8re de jardin d\u2019hiver apaisante. La salle se prolonge \u00e0 l\u2019ext\u00e9rieur sur une terrasse offrant une vue panoramique sur le quartier d\u2019affaire de la D\u00e9fense.<br \/>\n&#8211;\tLe belv\u00e9d\u00e8re : Le design est au c\u0153ur de cet espace. Le laiton et les tissus apportent couleur et chaleur. Les tables s\u2019implantent le long de larges baies vitr\u00e9es comme un belv\u00e9d\u00e8re sur la D\u00e9fense.<br \/>\n&#8211;\tLe Bar : Pierres, laiton, fa\u00efences et bois s\u2019allient ici pour parvenir \u00e0 cr\u00e9er le cocktail parfait entre tradition et modernit\u00e9<\/p>\n<p>L\u2019emploi du verre et des miroirs g\u00e9n\u00e8rent des jeux de reflet entre l\u2019int\u00e9rieur du restaurant et les fa\u00e7ades des buildings qui l\u2019entourent.<\/p>\n","en":"<p>The project is part of the new table square building on the Esplanade de la D\u00e9fense. Within a space dedicated to gastronomy, the Eclipse restaurant gives a gastronomic offer for the business clientele of La D\u00e9fense.<\/p>\n<p>In a hyper-urban environment, Eclipse offers its guests a stopover that is both chic and warm. The interior ambiences are based on 3 themes:<\/p>\n<p>&#8211;\tThe winter garden: velvet, wood and rattan give this space bathed in light, a soothing winter garden atmosphere. The room extends outside on a terrace offering a panoramic view of the La D\u00e9fense business district.<br \/>\n&#8211;\tThe belvedere: Design is at the heart of this space. Brass and fabrics bring color and warmth. The tables are set along large bay windows like a belvedere on La D\u00e9fense.<br \/>\n&#8211;\tThe Bar: Stones, brass, earthenware and wood are associated to create the perfect cocktail between tradition and modernity.<\/p>\n<p>The use of glass and mirrors creates a play of reflections between the interior of the restaurant and the facades of the buildings surrounding it.<\/p>\n","original":""},"jury_text":[{"category":205,"fr":"<p>Le restaurant \u00ab Eclipse \u00bb s\u2019implante au sein du projet Tablesquare &#8211; compos\u00e9 de 3 b\u00e2timents d\u00e9di\u00e9s \u00e0 la gastronomie &#8211; situ\u00e9 sur l\u2019esplanade de la D\u00e9fense. <\/p>\n<p>Ce projet d\u2019am\u00e9nagement int\u00e9rieur occupe le premier \u00e9tage de l\u2019un de ces b\u00e2timents pour la partie accessible au public, et le sous-sol r\u00e9serv\u00e9 au personnel, qui accueille la cuisine et les espaces techniques et de livraison.<\/p>\n","en":"<p>The &#34;Eclipse&#34; restaurant is part of the Tablesquare project &#8211; composed of 3 buildings dedicated to gastronomy &#8211; located on the esplanade of La D\u00e9fense. <\/p>\n<p>This interior design project occupies the second floor of one of these buildings for the part accessible to the public, and the basement reserved for staff, which houses the kitchen and the technical and delivery areas.<\/p>\n","original":""}],"different_jury_text":false,"different_category_text":false},"laureats":[{"cat_id":205,"cat_id_laureat":1034,"laureat":"Certification Argent"}],"contest_id":"1180","contest_title":"GRANDS PRIX DU DESIGN - 14e \u00e9dition","firms":[{"name":"Enia architectes","website":"https:\/\/www.enia.fr\/","category":"Architecte","category_tax":false,"category_label":null},{"name":"Arcadis","website":"https:\/\/www.arcadis.com\/fr\/france\/","category":"Ing\u00e9nierie","category_tax":false,"category_label":null},{"name":"Karen BARMAKI","website":"","category":"Entrepreneur g\u00e9n\u00e9ral","category_tax":false,"category_label":null},{"name":"RAGUENEAU (cuisine)","website":"https:\/\/www.ragueneau-cuisines-pro.fr\/","category":"Entrepreneur g\u00e9n\u00e9ral","category_tax":false,"category_label":null},{"name":"Amperelec (\u00e9lectricit\u00e9)","website":"","category":"Entrepreneur g\u00e9n\u00e9ral","category_tax":false,"category_label":null},{"name":"3B Clim (CVC)","website":"http:\/\/www.3bclim.fr\/fr\/","category":"Entrepreneur g\u00e9n\u00e9ral","category_tax":false,"category_label":null},{"name":"Energies Clim (Plomberie)","website":"","category":"Entrepreneur g\u00e9n\u00e9ral","category_tax":false,"category_label":null},{"name":"MBCP","website":"","category":"Entrepreneur g\u00e9n\u00e9ral","category_tax":false,"category_label":null},{"name":"Costa group (agencement bar)","website":"http:\/\/www.costagroup.net\/?lang=fr","category":"Entrepreneur g\u00e9n\u00e9ral","category_tax":false,"category_label":null},{"name":"Augagneur PMG (cloisons)","website":"","category":"Entrepreneur g\u00e9n\u00e9ral","category_tax":false,"category_label":null},{"name":"Decoplus parquets","website":"https:\/\/www.decoplus-parquet.com\/","category":"Entrepreneur g\u00e9n\u00e9ral","category_tax":false,"category_label":null},{"name":"Creative m\u00e9tallerie (serrurerie)","website":"","category":"Entrepreneur g\u00e9n\u00e9ral","category_tax":false,"category_label":null},{"name":"Etablissement Gendre (serrurerie)","website":"https:\/\/www.ets-gendre.fr\/","category":"Entrepreneur g\u00e9n\u00e9ral","category_tax":false,"category_label":null},{"name":"Combet-Serith (peinture)","website":"","category":"Entrepreneur g\u00e9n\u00e9ral","category_tax":false,"category_label":null},{"name":"AMIE (menuiseries int\u00e9rieures)","website":"","category":"Entrepreneur g\u00e9n\u00e9ral","category_tax":false,"category_label":null},{"name":"Lenglart (stores et rideaux)","website":"https:\/\/www.lenglart.com\/fr\/","category":"Entrepreneur g\u00e9n\u00e9ral","category_tax":false,"category_label":null},{"name":"Myneon (enseignes)","website":"https:\/\/myneon.fr\/","category":"","category_tax":false}],"user":{"email":"studio@enia.fr","first_name":"Brice","last_name":"PIECHACZYK"},"doc_texts_web":{"fr":"","en":""},"permalinks":{"fr":"https:\/\/int.design\/fr\/projets\/eclipse\/","en":"https:\/\/int.design\/en\/projects\/eclipse\/"},"titles":{"fr":"ECLIPSE","en":"ECLIPSE"},"wp_fields":[],"laravel_id":""},"_links":{"self":[{"href":"https:\/\/int.design\/fr\/wp-json\/wp\/v2\/project\/34456","targetHints":{"allow":["GET"]}}],"collection":[{"href":"https:\/\/int.design\/fr\/wp-json\/wp\/v2\/project"}],"about":[{"href":"https:\/\/int.design\/fr\/wp-json\/wp\/v2\/types\/project"}],"wp:attachment":[{"href":"https:\/\/int.design\/fr\/wp-json\/wp\/v2\/media?parent=34456"}],"curies":[{"name":"wp","href":"https:\/\/api.w.org\/{rel}","templated":true}]}}