{"id":33138,"date":"2021-07-14T19:31:34","date_gmt":"2021-07-14T23:31:34","guid":{"rendered":"https:\/\/int.design\/?post_type=project&#038;p=33138"},"modified":"2021-07-16T14:04:05","modified_gmt":"2021-07-16T18:04:05","slug":"firenze-residence","status":"publish","type":"project","link":"https:\/\/int.design\/fr\/projets\/firenze-residence\/","title":{"rendered":"Firenze Residence"},"content":{"rendered":"","protected":false},"template":"","class_list":["post-33138","project","type-project","status-publish","hentry","project_category-design-dinterieur","project_category-residence","project_category-espace-residentiel-de-1-600-a-5-400-pi2-150-a-500-m2"],"acf":[],"yoast_head":"<!-- This site is optimized with the Yoast SEO plugin v21.5 - https:\/\/yoast.com\/wordpress\/plugins\/seo\/ -->\n<title>Firenze Residence - INT Design<\/title>\n<meta name=\"robots\" content=\"index, follow, max-snippet:-1, max-image-preview:large, max-video-preview:-1\" \/>\n<link rel=\"canonical\" href=\"https:\/\/int.design\/fr\/projets\/firenze-residence\/\" \/>\n<meta property=\"og:locale\" content=\"fr_FR\" \/>\n<meta property=\"og:type\" content=\"article\" \/>\n<meta property=\"og:title\" content=\"Firenze Residence - INT Design\" \/>\n<meta property=\"og:url\" content=\"https:\/\/int.design\/fr\/projets\/firenze-residence\/\" \/>\n<meta property=\"og:site_name\" content=\"INT Design\" \/>\n<meta property=\"article:modified_time\" content=\"2021-07-16T18:04:05+00:00\" \/>\n<meta name=\"twitter:card\" content=\"summary_large_image\" \/>\n<script type=\"application\/ld+json\" class=\"yoast-schema-graph\">{\"@context\":\"https:\/\/schema.org\",\"@graph\":[{\"@type\":\"WebPage\",\"@id\":\"https:\/\/int.design\/fr\/projets\/firenze-residence\/\",\"url\":\"https:\/\/int.design\/fr\/projets\/firenze-residence\/\",\"name\":\"Firenze Residence - INT Design\",\"isPartOf\":{\"@id\":\"https:\/\/int.design\/fr\/#website\"},\"datePublished\":\"2021-07-14T23:31:34+00:00\",\"dateModified\":\"2021-07-16T18:04:05+00:00\",\"breadcrumb\":{\"@id\":\"https:\/\/int.design\/fr\/projets\/firenze-residence\/#breadcrumb\"},\"inLanguage\":\"fr-FR\",\"potentialAction\":[{\"@type\":\"ReadAction\",\"target\":[\"https:\/\/int.design\/fr\/projets\/firenze-residence\/\"]}]},{\"@type\":\"BreadcrumbList\",\"@id\":\"https:\/\/int.design\/fr\/projets\/firenze-residence\/#breadcrumb\",\"itemListElement\":[{\"@type\":\"ListItem\",\"position\":1,\"name\":\"Home\",\"item\":\"https:\/\/int.design\/fr\/\"},{\"@type\":\"ListItem\",\"position\":2,\"name\":\"Projects\",\"item\":\"https:\/\/int.design\/en\/projects\/\"},{\"@type\":\"ListItem\",\"position\":3,\"name\":\"Firenze Residence\"}]},{\"@type\":\"WebSite\",\"@id\":\"https:\/\/int.design\/fr\/#website\",\"url\":\"https:\/\/int.design\/fr\/\",\"name\":\"INT Design\",\"description\":\"\",\"potentialAction\":[{\"@type\":\"SearchAction\",\"target\":{\"@type\":\"EntryPoint\",\"urlTemplate\":\"https:\/\/int.design\/fr\/?s={search_term_string}\"},\"query-input\":\"required name=search_term_string\"}],\"inLanguage\":\"fr-FR\"}]}<\/script>\n<!-- \/ Yoast SEO plugin. -->","yoast_head_json":{"title":"Firenze Residence - INT Design","robots":{"index":"index","follow":"follow","max-snippet":"max-snippet:-1","max-image-preview":"max-image-preview:large","max-video-preview":"max-video-preview:-1"},"canonical":"https:\/\/int.design\/fr\/projets\/firenze-residence\/","og_locale":"fr_FR","og_type":"article","og_title":"Firenze Residence - INT Design","og_url":"https:\/\/int.design\/fr\/projets\/firenze-residence\/","og_site_name":"INT Design","article_modified_time":"2021-07-16T18:04:05+00:00","twitter_card":"summary_large_image","schema":{"@context":"https:\/\/schema.org","@graph":[{"@type":"WebPage","@id":"https:\/\/int.design\/fr\/projets\/firenze-residence\/","url":"https:\/\/int.design\/fr\/projets\/firenze-residence\/","name":"Firenze Residence - INT Design","isPartOf":{"@id":"https:\/\/int.design\/fr\/#website"},"datePublished":"2021-07-14T23:31:34+00:00","dateModified":"2021-07-16T18:04:05+00:00","breadcrumb":{"@id":"https:\/\/int.design\/fr\/projets\/firenze-residence\/#breadcrumb"},"inLanguage":"fr-FR","potentialAction":[{"@type":"ReadAction","target":["https:\/\/int.design\/fr\/projets\/firenze-residence\/"]}]},{"@type":"BreadcrumbList","@id":"https:\/\/int.design\/fr\/projets\/firenze-residence\/#breadcrumb","itemListElement":[{"@type":"ListItem","position":1,"name":"Home","item":"https:\/\/int.design\/fr\/"},{"@type":"ListItem","position":2,"name":"Projects","item":"https:\/\/int.design\/en\/projects\/"},{"@type":"ListItem","position":3,"name":"Firenze Residence"}]},{"@type":"WebSite","@id":"https:\/\/int.design\/fr\/#website","url":"https:\/\/int.design\/fr\/","name":"INT Design","description":"","potentialAction":[{"@type":"SearchAction","target":{"@type":"EntryPoint","urlTemplate":"https:\/\/int.design\/fr\/?s={search_term_string}"},"query-input":"required name=search_term_string"}],"inLanguage":"fr-FR"}]}},"entry":{"cats":{"disciplines":[{"id":123,"name":"Design d\u2019int\u00e9rieur"}],"big_cats":[{"id":129,"name":"R\u00e9sidence"}],"sub_cats":[{"id":189,"name":"Espace r\u00e9sidentiel 1 600 - 5 400 pi2 (150 - 500 m2)","parent":129}]},"entry":{"":null,"status":"completed","winner_title":"Minarc","winner_prize_lang":"","title_translatable":false,"title_en":"","title_fr":"","releve_award":false,"releve_award_cv":false,"collaboration":false,"collaboration_firms":false,"other_firms":[{"name":"Minarc","website":"minarc.com","category":"Interior Designer","category_tax":false}],"owner":{"name":"Erla and Tryggvi","confidential":false,"website":"minarc.com","contact_name":"","email":"erla@minarc.com","phone":""},"address":{"address":"","city":"","region":"","province":"CA","country":"US","postal_code":""},"logos":false,"use_logo":false,"designers":[{"name":"Erla and Tryggvi","credit":"Marta Elena","image":{"ID":34910,"id":34910,"title":"minarc E-T","filename":"7_ minarc E-T-scaled.jpg","filesize":0,"url":"https:\/\/int.design\/wp-content\/uploads\/2020\/12\/7_ minarc E-T-scaled.jpg","link":"https:\/\/int.design\/fr\/projets\/firenze-residence\/minarc-e-t-3\/","alt":"","author":"514","description":"","caption":"","name":"minarc-e-t-3","status":"inherit","uploaded_to":33138,"date":"2020-12-16 19:08:38","modified":"2020-12-16 19:08:51","menu_order":0,"mime_type":"image\/jpeg","type":"image","subtype":"jpeg","icon":"https:\/\/int.design\/wp-includes\/images\/media\/default.png","width":2560,"height":1402,"sizes":{"thumbnail":"https:\/\/int.design\/wp-content\/uploads\/2020\/12\/7_ minarc E-T-150x150.jpg","thumbnail-width":150,"thumbnail-height":150,"medium":"https:\/\/int.design\/wp-content\/uploads\/2020\/12\/7_ minarc E-T-300x164.jpg","medium-width":300,"medium-height":164,"medium_large":"https:\/\/int.design\/wp-content\/uploads\/2020\/12\/7_ minarc E-T-768x421.jpg","medium_large-width":768,"medium_large-height":421,"large":"https:\/\/int.design\/wp-content\/uploads\/2020\/12\/7_ minarc E-T-1024x561.jpg","large-width":1024,"large-height":561,"1536x1536":"https:\/\/int.design\/wp-content\/uploads\/2020\/12\/7_ minarc E-T-1536x841.jpg","1536x1536-width":1536,"1536x1536-height":841,"2048x2048":"https:\/\/int.design\/wp-content\/uploads\/2020\/12\/7_ minarc E-T-2048x1122.jpg","2048x2048-width":2048,"2048x2048-height":1122,"article":"https:\/\/int.design\/wp-content\/uploads\/2020\/12\/7_ minarc E-T-960x540.jpg","article-width":960,"article-height":540,"banner":"https:\/\/int.design\/wp-content\/uploads\/2020\/12\/7_ minarc E-T-1920x1052.jpg","banner-width":1920,"banner-height":1052,"block":"https:\/\/int.design\/wp-content\/uploads\/2020\/12\/7_ minarc E-T-900x680.jpg","block-width":900,"block-height":680,"card":"https:\/\/int.design\/wp-content\/uploads\/2020\/12\/7_ minarc E-T-560x495.jpg","card-width":560,"card-height":495,"card-thumbnail":"https:\/\/int.design\/wp-content\/uploads\/2020\/12\/7_ minarc E-T-450x340.jpg","card-thumbnail-width":450,"card-thumbnail-height":340,"conference":"https:\/\/int.design\/wp-content\/uploads\/2020\/12\/7_ minarc E-T-560x250.jpg","conference-width":560,"conference-height":250,"contest":"https:\/\/int.design\/wp-content\/uploads\/2020\/12\/7_ minarc E-T-960x400.jpg","contest-width":960,"contest-height":400,"cta":"https:\/\/int.design\/wp-content\/uploads\/2020\/12\/7_ minarc E-T-415x170.jpg","cta-width":415,"cta-height":170,"exhibitor":"https:\/\/int.design\/wp-content\/uploads\/2020\/12\/7_ minarc E-T-560x560.jpg","exhibitor-width":560,"exhibitor-height":560,"gallery":"https:\/\/int.design\/wp-content\/uploads\/2020\/12\/7_ minarc E-T-560x307.jpg","gallery-width":560,"gallery-height":307,"logo":"https:\/\/int.design\/wp-content\/uploads\/2020\/12\/7_ minarc E-T-183x100.jpg","logo-width":183,"logo-height":100,"masonry":"https:\/\/int.design\/wp-content\/uploads\/2020\/12\/7_ minarc E-T-550x301.jpg","masonry-width":550,"masonry-height":301,"modal":"https:\/\/int.design\/wp-content\/uploads\/2020\/12\/7_ minarc E-T-1920x1052.jpg","modal-width":1920,"modal-height":1052,"number":"https:\/\/int.design\/wp-content\/uploads\/2020\/12\/7_ minarc E-T-560x307.jpg","number-width":560,"number-height":307,"partner":"https:\/\/int.design\/wp-content\/uploads\/2020\/12\/7_ minarc E-T-275x151.jpg","partner-width":275,"partner-height":151,"ranking":"https:\/\/int.design\/wp-content\/uploads\/2020\/12\/7_ minarc E-T-960x540.jpg","ranking-width":960,"ranking-height":540,"schedule":"https:\/\/int.design\/wp-content\/uploads\/2020\/12\/7_ minarc E-T-960x360.jpg","schedule-width":960,"schedule-height":360,"slideshow":"https:\/\/int.design\/wp-content\/uploads\/2020\/12\/7_ minarc E-T-1242x680.jpg","slideshow-width":1242,"slideshow-height":680}},"file":{"ID":34911,"id":34911,"title":"MinarcBIO (1)","filename":"6_MinarcBIO (1).pdf","filesize":0,"url":"https:\/\/d2q6z78khxmx42.cloudfront.net\/2020\/12\/6_MinarcBIO (1).pdf","link":"https:\/\/int.design\/fr\/projets\/firenze-residence\/minarcbio-1-2\/","alt":"","author":"514","description":"","caption":"","name":"minarcbio-1-2","status":"inherit","uploaded_to":33138,"date":"2020-12-16 19:08:48","modified":"2020-12-16 19:08:51","menu_order":0,"mime_type":"application\/pdf","type":"application","subtype":"pdf","icon":"https:\/\/int.design\/wp-includes\/images\/media\/document.png"}}],"cover":[{"categories":[189],"credit":"Art Gray","image":{"ID":34854,"id":34854,"title":"Minarc Firenze 2","filename":"6_Minarc Firenze 2-scaled.jpg","filesize":0,"url":"https:\/\/int.design\/wp-content\/uploads\/2020\/12\/6_Minarc Firenze 2-scaled.jpg","link":"https:\/\/int.design\/fr\/projets\/firenze-residence\/minarc-firenze-2-2\/","alt":"","author":"514","description":"Firenze Residence Minarc Minarc","caption":"","name":"minarc-firenze-2-2","status":"inherit","uploaded_to":33138,"date":"2020-12-16 18:55:06","modified":"2022-02-08 14:26:31","menu_order":0,"mime_type":"image\/jpeg","type":"image","subtype":"jpeg","icon":"https:\/\/int.design\/wp-includes\/images\/media\/default.png","width":2560,"height":1698,"sizes":{"thumbnail":"https:\/\/int.design\/wp-content\/uploads\/2020\/12\/6_Minarc Firenze 2-150x150.jpg","thumbnail-width":150,"thumbnail-height":150,"medium":"https:\/\/int.design\/wp-content\/uploads\/2020\/12\/6_Minarc Firenze 2-300x199.jpg","medium-width":300,"medium-height":199,"medium_large":"https:\/\/int.design\/wp-content\/uploads\/2020\/12\/6_Minarc Firenze 2-768x509.jpg","medium_large-width":768,"medium_large-height":509,"large":"https:\/\/int.design\/wp-content\/uploads\/2020\/12\/6_Minarc Firenze 2-1024x679.jpg","large-width":1024,"large-height":679,"1536x1536":"https:\/\/int.design\/wp-content\/uploads\/2020\/12\/6_Minarc Firenze 2-1536x1019.jpg","1536x1536-width":1536,"1536x1536-height":1019,"2048x2048":"https:\/\/int.design\/wp-content\/uploads\/2020\/12\/6_Minarc Firenze 2-2048x1358.jpg","2048x2048-width":2048,"2048x2048-height":1358,"article":"https:\/\/int.design\/wp-content\/uploads\/2020\/12\/6_Minarc Firenze 2-960x540.jpg","article-width":960,"article-height":540,"banner":"https:\/\/int.design\/wp-content\/uploads\/2020\/12\/6_Minarc Firenze 2-1920x1273.jpg","banner-width":1920,"banner-height":1273,"block":"https:\/\/int.design\/wp-content\/uploads\/2020\/12\/6_Minarc Firenze 2-900x680.jpg","block-width":900,"block-height":680,"card":"https:\/\/int.design\/wp-content\/uploads\/2020\/12\/6_Minarc Firenze 2-560x495.jpg","card-width":560,"card-height":495,"card-thumbnail":"https:\/\/int.design\/wp-content\/uploads\/2020\/12\/6_Minarc Firenze 2-450x340.jpg","card-thumbnail-width":450,"card-thumbnail-height":340,"conference":"https:\/\/int.design\/wp-content\/uploads\/2020\/12\/6_Minarc Firenze 2-560x250.jpg","conference-width":560,"conference-height":250,"contest":"https:\/\/int.design\/wp-content\/uploads\/2020\/12\/6_Minarc Firenze 2-960x400.jpg","contest-width":960,"contest-height":400,"cta":"https:\/\/int.design\/wp-content\/uploads\/2020\/12\/6_Minarc Firenze 2-415x170.jpg","cta-width":415,"cta-height":170,"exhibitor":"https:\/\/int.design\/wp-content\/uploads\/2020\/12\/6_Minarc Firenze 2-560x560.jpg","exhibitor-width":560,"exhibitor-height":560,"gallery":"https:\/\/int.design\/wp-content\/uploads\/2020\/12\/6_Minarc Firenze 2-560x371.jpg","gallery-width":560,"gallery-height":371,"logo":"https:\/\/int.design\/wp-content\/uploads\/2020\/12\/6_Minarc Firenze 2-151x100.jpg","logo-width":151,"logo-height":100,"masonry":"https:\/\/int.design\/wp-content\/uploads\/2020\/12\/6_Minarc Firenze 2-550x365.jpg","masonry-width":550,"masonry-height":365,"modal":"https:\/\/int.design\/wp-content\/uploads\/2020\/12\/6_Minarc Firenze 2-1920x1273.jpg","modal-width":1920,"modal-height":1273,"number":"https:\/\/int.design\/wp-content\/uploads\/2020\/12\/6_Minarc Firenze 2-560x371.jpg","number-width":560,"number-height":371,"partner":"https:\/\/int.design\/wp-content\/uploads\/2020\/12\/6_Minarc Firenze 2-275x182.jpg","partner-width":275,"partner-height":182,"ranking":"https:\/\/int.design\/wp-content\/uploads\/2020\/12\/6_Minarc Firenze 2-960x540.jpg","ranking-width":960,"ranking-height":540,"schedule":"https:\/\/int.design\/wp-content\/uploads\/2020\/12\/6_Minarc Firenze 2-960x360.jpg","schedule-width":960,"schedule-height":360,"slideshow":"https:\/\/int.design\/wp-content\/uploads\/2020\/12\/6_Minarc Firenze 2-1025x680.jpg","slideshow-width":1025,"slideshow-height":680}},"filters":false,"suppliers":false,"attachment_category":{"2676":"Habitation (tous)"}}],"images":[{"categories":[189],"credit":"Art Gray","image":{"ID":34858,"id":34858,"title":"Minarc Firenze 4","filename":"6_Minarc Firenze 4-scaled.jpg","filesize":0,"url":"https:\/\/int.design\/wp-content\/uploads\/2020\/12\/6_Minarc Firenze 4-scaled.jpg","link":"https:\/\/int.design\/fr\/projets\/firenze-residence\/minarc-firenze-4-2\/","alt":"","author":"514","description":"Firenze Residence Minarc Minarc","caption":"","name":"minarc-firenze-4-2","status":"inherit","uploaded_to":33138,"date":"2020-12-16 18:55:39","modified":"2022-02-08 14:26:31","menu_order":0,"mime_type":"image\/jpeg","type":"image","subtype":"jpeg","icon":"https:\/\/int.design\/wp-includes\/images\/media\/default.png","width":2560,"height":1700,"sizes":{"thumbnail":"https:\/\/int.design\/wp-content\/uploads\/2020\/12\/6_Minarc Firenze 4-150x150.jpg","thumbnail-width":150,"thumbnail-height":150,"medium":"https:\/\/int.design\/wp-content\/uploads\/2020\/12\/6_Minarc Firenze 4-300x199.jpg","medium-width":300,"medium-height":199,"medium_large":"https:\/\/int.design\/wp-content\/uploads\/2020\/12\/6_Minarc Firenze 4-768x510.jpg","medium_large-width":768,"medium_large-height":510,"large":"https:\/\/int.design\/wp-content\/uploads\/2020\/12\/6_Minarc Firenze 4-1024x680.jpg","large-width":1024,"large-height":680,"1536x1536":"https:\/\/int.design\/wp-content\/uploads\/2020\/12\/6_Minarc Firenze 4-1536x1020.jpg","1536x1536-width":1536,"1536x1536-height":1020,"2048x2048":"https:\/\/int.design\/wp-content\/uploads\/2020\/12\/6_Minarc Firenze 4-2048x1360.jpg","2048x2048-width":2048,"2048x2048-height":1360,"article":"https:\/\/int.design\/wp-content\/uploads\/2020\/12\/6_Minarc Firenze 4-960x540.jpg","article-width":960,"article-height":540,"banner":"https:\/\/int.design\/wp-content\/uploads\/2020\/12\/6_Minarc Firenze 4-1920x1275.jpg","banner-width":1920,"banner-height":1275,"block":"https:\/\/int.design\/wp-content\/uploads\/2020\/12\/6_Minarc Firenze 4-900x680.jpg","block-width":900,"block-height":680,"card":"https:\/\/int.design\/wp-content\/uploads\/2020\/12\/6_Minarc Firenze 4-560x495.jpg","card-width":560,"card-height":495,"card-thumbnail":"https:\/\/int.design\/wp-content\/uploads\/2020\/12\/6_Minarc Firenze 4-450x340.jpg","card-thumbnail-width":450,"card-thumbnail-height":340,"conference":"https:\/\/int.design\/wp-content\/uploads\/2020\/12\/6_Minarc Firenze 4-560x250.jpg","conference-width":560,"conference-height":250,"contest":"https:\/\/int.design\/wp-content\/uploads\/2020\/12\/6_Minarc Firenze 4-960x400.jpg","contest-width":960,"contest-height":400,"cta":"https:\/\/int.design\/wp-content\/uploads\/2020\/12\/6_Minarc Firenze 4-415x170.jpg","cta-width":415,"cta-height":170,"exhibitor":"https:\/\/int.design\/wp-content\/uploads\/2020\/12\/6_Minarc Firenze 4-560x560.jpg","exhibitor-width":560,"exhibitor-height":560,"gallery":"https:\/\/int.design\/wp-content\/uploads\/2020\/12\/6_Minarc Firenze 4-560x372.jpg","gallery-width":560,"gallery-height":372,"logo":"https:\/\/int.design\/wp-content\/uploads\/2020\/12\/6_Minarc Firenze 4-151x100.jpg","logo-width":151,"logo-height":100,"masonry":"https:\/\/int.design\/wp-content\/uploads\/2020\/12\/6_Minarc Firenze 4-550x365.jpg","masonry-width":550,"masonry-height":365,"modal":"https:\/\/int.design\/wp-content\/uploads\/2020\/12\/6_Minarc Firenze 4-1920x1275.jpg","modal-width":1920,"modal-height":1275,"number":"https:\/\/int.design\/wp-content\/uploads\/2020\/12\/6_Minarc Firenze 4-560x372.jpg","number-width":560,"number-height":372,"partner":"https:\/\/int.design\/wp-content\/uploads\/2020\/12\/6_Minarc Firenze 4-275x183.jpg","partner-width":275,"partner-height":183,"ranking":"https:\/\/int.design\/wp-content\/uploads\/2020\/12\/6_Minarc Firenze 4-960x540.jpg","ranking-width":960,"ranking-height":540,"schedule":"https:\/\/int.design\/wp-content\/uploads\/2020\/12\/6_Minarc Firenze 4-960x360.jpg","schedule-width":960,"schedule-height":360,"slideshow":"https:\/\/int.design\/wp-content\/uploads\/2020\/12\/6_Minarc Firenze 4-1024x680.jpg","slideshow-width":1024,"slideshow-height":680}},"filters":false,"suppliers":false,"attachment_category":[]},{"categories":[189],"credit":"Art Gray","image":{"ID":34863,"id":34863,"title":"Minarc Firenze 5","filename":"Minarc Firenze 5-scaled.jpg","filesize":0,"url":"https:\/\/int.design\/wp-content\/uploads\/2020\/12\/Minarc Firenze 5-scaled.jpg","link":"https:\/\/int.design\/fr\/projets\/firenze-residence\/minarc-firenze-5\/","alt":"","author":"514","description":"Firenze Residence Minarc Minarc","caption":"","name":"minarc-firenze-5","status":"inherit","uploaded_to":33138,"date":"2020-12-16 18:56:13","modified":"2022-02-08 14:26:31","menu_order":0,"mime_type":"image\/jpeg","type":"image","subtype":"jpeg","icon":"https:\/\/int.design\/wp-includes\/images\/media\/default.png","width":1707,"height":2560,"sizes":{"thumbnail":"https:\/\/int.design\/wp-content\/uploads\/2020\/12\/Minarc Firenze 5-150x150.jpg","thumbnail-width":150,"thumbnail-height":150,"medium":"https:\/\/int.design\/wp-content\/uploads\/2020\/12\/Minarc Firenze 5-200x300.jpg","medium-width":200,"medium-height":300,"medium_large":"https:\/\/int.design\/wp-content\/uploads\/2020\/12\/Minarc Firenze 5-768x1152.jpg","medium_large-width":768,"medium_large-height":1152,"large":"https:\/\/int.design\/wp-content\/uploads\/2020\/12\/Minarc Firenze 5-683x1024.jpg","large-width":683,"large-height":1024,"1536x1536":"https:\/\/int.design\/wp-content\/uploads\/2020\/12\/Minarc Firenze 5-1024x1536.jpg","1536x1536-width":1024,"1536x1536-height":1536,"2048x2048":"https:\/\/int.design\/wp-content\/uploads\/2020\/12\/Minarc Firenze 5-1365x2048.jpg","2048x2048-width":1365,"2048x2048-height":2048,"article":"https:\/\/int.design\/wp-content\/uploads\/2020\/12\/Minarc Firenze 5-960x540.jpg","article-width":960,"article-height":540,"banner":"https:\/\/int.design\/wp-content\/uploads\/2020\/12\/Minarc Firenze 5-1920x2880.jpg","banner-width":1920,"banner-height":2880,"block":"https:\/\/int.design\/wp-content\/uploads\/2020\/12\/Minarc Firenze 5-900x680.jpg","block-width":900,"block-height":680,"card":"https:\/\/int.design\/wp-content\/uploads\/2020\/12\/Minarc Firenze 5-560x495.jpg","card-width":560,"card-height":495,"card-thumbnail":"https:\/\/int.design\/wp-content\/uploads\/2020\/12\/Minarc Firenze 5-450x340.jpg","card-thumbnail-width":450,"card-thumbnail-height":340,"conference":"https:\/\/int.design\/wp-content\/uploads\/2020\/12\/Minarc Firenze 5-560x250.jpg","conference-width":560,"conference-height":250,"contest":"https:\/\/int.design\/wp-content\/uploads\/2020\/12\/Minarc Firenze 5-960x400.jpg","contest-width":960,"contest-height":400,"cta":"https:\/\/int.design\/wp-content\/uploads\/2020\/12\/Minarc Firenze 5-415x170.jpg","cta-width":415,"cta-height":170,"exhibitor":"https:\/\/int.design\/wp-content\/uploads\/2020\/12\/Minarc Firenze 5-560x560.jpg","exhibitor-width":560,"exhibitor-height":560,"gallery":"https:\/\/int.design\/wp-content\/uploads\/2020\/12\/Minarc Firenze 5-287x430.jpg","gallery-width":287,"gallery-height":430,"logo":"https:\/\/int.design\/wp-content\/uploads\/2020\/12\/Minarc Firenze 5-67x100.jpg","logo-width":67,"logo-height":100,"masonry":"https:\/\/int.design\/wp-content\/uploads\/2020\/12\/Minarc Firenze 5-550x825.jpg","masonry-width":550,"masonry-height":825,"modal":"https:\/\/int.design\/wp-content\/uploads\/2020\/12\/Minarc Firenze 5-1280x1920.jpg","modal-width":1280,"modal-height":1920,"number":"https:\/\/int.design\/wp-content\/uploads\/2020\/12\/Minarc Firenze 5-287x430.jpg","number-width":287,"number-height":430,"partner":"https:\/\/int.design\/wp-content\/uploads\/2020\/12\/Minarc Firenze 5-140x210.jpg","partner-width":140,"partner-height":210,"ranking":"https:\/\/int.design\/wp-content\/uploads\/2020\/12\/Minarc Firenze 5-960x540.jpg","ranking-width":960,"ranking-height":540,"schedule":"https:\/\/int.design\/wp-content\/uploads\/2020\/12\/Minarc Firenze 5-960x360.jpg","schedule-width":960,"schedule-height":360,"slideshow":"https:\/\/int.design\/wp-content\/uploads\/2020\/12\/Minarc Firenze 5-453x680.jpg","slideshow-width":453,"slideshow-height":680}},"filters":false,"suppliers":false,"attachment_category":[]},{"categories":[189],"credit":"Art Gray","image":{"ID":34868,"id":34868,"title":"Minarc Firenze 7","filename":"6_Minarc Firenze 7-scaled.jpg","filesize":0,"url":"https:\/\/int.design\/wp-content\/uploads\/2020\/12\/6_Minarc Firenze 7-scaled.jpg","link":"https:\/\/int.design\/fr\/projets\/firenze-residence\/minarc-firenze-7-2\/","alt":"","author":"514","description":"Firenze Residence Minarc Minarc","caption":"","name":"minarc-firenze-7-2","status":"inherit","uploaded_to":33138,"date":"2020-12-16 18:56:42","modified":"2022-02-08 14:26:31","menu_order":0,"mime_type":"image\/jpeg","type":"image","subtype":"jpeg","icon":"https:\/\/int.design\/wp-includes\/images\/media\/default.png","width":2560,"height":1709,"sizes":{"thumbnail":"https:\/\/int.design\/wp-content\/uploads\/2020\/12\/6_Minarc Firenze 7-150x150.jpg","thumbnail-width":150,"thumbnail-height":150,"medium":"https:\/\/int.design\/wp-content\/uploads\/2020\/12\/6_Minarc Firenze 7-300x200.jpg","medium-width":300,"medium-height":200,"medium_large":"https:\/\/int.design\/wp-content\/uploads\/2020\/12\/6_Minarc Firenze 7-768x513.jpg","medium_large-width":768,"medium_large-height":513,"large":"https:\/\/int.design\/wp-content\/uploads\/2020\/12\/6_Minarc Firenze 7-1024x683.jpg","large-width":1024,"large-height":683,"1536x1536":"https:\/\/int.design\/wp-content\/uploads\/2020\/12\/6_Minarc Firenze 7-1536x1025.jpg","1536x1536-width":1536,"1536x1536-height":1025,"2048x2048":"https:\/\/int.design\/wp-content\/uploads\/2020\/12\/6_Minarc Firenze 7-2048x1367.jpg","2048x2048-width":2048,"2048x2048-height":1367,"article":"https:\/\/int.design\/wp-content\/uploads\/2020\/12\/6_Minarc Firenze 7-960x540.jpg","article-width":960,"article-height":540,"banner":"https:\/\/int.design\/wp-content\/uploads\/2020\/12\/6_Minarc Firenze 7-1920x1281.jpg","banner-width":1920,"banner-height":1281,"block":"https:\/\/int.design\/wp-content\/uploads\/2020\/12\/6_Minarc Firenze 7-900x680.jpg","block-width":900,"block-height":680,"card":"https:\/\/int.design\/wp-content\/uploads\/2020\/12\/6_Minarc Firenze 7-560x495.jpg","card-width":560,"card-height":495,"card-thumbnail":"https:\/\/int.design\/wp-content\/uploads\/2020\/12\/6_Minarc Firenze 7-450x340.jpg","card-thumbnail-width":450,"card-thumbnail-height":340,"conference":"https:\/\/int.design\/wp-content\/uploads\/2020\/12\/6_Minarc Firenze 7-560x250.jpg","conference-width":560,"conference-height":250,"contest":"https:\/\/int.design\/wp-content\/uploads\/2020\/12\/6_Minarc Firenze 7-960x400.jpg","contest-width":960,"contest-height":400,"cta":"https:\/\/int.design\/wp-content\/uploads\/2020\/12\/6_Minarc Firenze 7-415x170.jpg","cta-width":415,"cta-height":170,"exhibitor":"https:\/\/int.design\/wp-content\/uploads\/2020\/12\/6_Minarc Firenze 7-560x560.jpg","exhibitor-width":560,"exhibitor-height":560,"gallery":"https:\/\/int.design\/wp-content\/uploads\/2020\/12\/6_Minarc Firenze 7-560x374.jpg","gallery-width":560,"gallery-height":374,"logo":"https:\/\/int.design\/wp-content\/uploads\/2020\/12\/6_Minarc Firenze 7-150x100.jpg","logo-width":150,"logo-height":100,"masonry":"https:\/\/int.design\/wp-content\/uploads\/2020\/12\/6_Minarc Firenze 7-550x367.jpg","masonry-width":550,"masonry-height":367,"modal":"https:\/\/int.design\/wp-content\/uploads\/2020\/12\/6_Minarc Firenze 7-1920x1281.jpg","modal-width":1920,"modal-height":1281,"number":"https:\/\/int.design\/wp-content\/uploads\/2020\/12\/6_Minarc Firenze 7-560x374.jpg","number-width":560,"number-height":374,"partner":"https:\/\/int.design\/wp-content\/uploads\/2020\/12\/6_Minarc Firenze 7-275x184.jpg","partner-width":275,"partner-height":184,"ranking":"https:\/\/int.design\/wp-content\/uploads\/2020\/12\/6_Minarc Firenze 7-960x540.jpg","ranking-width":960,"ranking-height":540,"schedule":"https:\/\/int.design\/wp-content\/uploads\/2020\/12\/6_Minarc Firenze 7-960x360.jpg","schedule-width":960,"schedule-height":360,"slideshow":"https:\/\/int.design\/wp-content\/uploads\/2020\/12\/6_Minarc Firenze 7-1019x680.jpg","slideshow-width":1019,"slideshow-height":680}},"filters":false,"suppliers":false,"attachment_category":[]},{"categories":[189],"credit":"Art Gray","image":{"ID":34877,"id":34877,"title":"Minarc Firenze 8","filename":"6_Minarc Firenze 8-scaled.jpg","filesize":0,"url":"https:\/\/int.design\/wp-content\/uploads\/2020\/12\/6_Minarc Firenze 8-scaled.jpg","link":"https:\/\/int.design\/fr\/projets\/firenze-residence\/minarc-firenze-8-2\/","alt":"","author":"514","description":"Firenze Residence Minarc Minarc","caption":"","name":"minarc-firenze-8-2","status":"inherit","uploaded_to":33138,"date":"2020-12-16 18:57:15","modified":"2022-02-08 14:26:31","menu_order":0,"mime_type":"image\/jpeg","type":"image","subtype":"jpeg","icon":"https:\/\/int.design\/wp-includes\/images\/media\/default.png","width":1695,"height":2560,"sizes":{"thumbnail":"https:\/\/int.design\/wp-content\/uploads\/2020\/12\/6_Minarc Firenze 8-150x150.jpg","thumbnail-width":150,"thumbnail-height":150,"medium":"https:\/\/int.design\/wp-content\/uploads\/2020\/12\/6_Minarc Firenze 8-199x300.jpg","medium-width":199,"medium-height":300,"medium_large":"https:\/\/int.design\/wp-content\/uploads\/2020\/12\/6_Minarc Firenze 8-768x1160.jpg","medium_large-width":768,"medium_large-height":1160,"large":"https:\/\/int.design\/wp-content\/uploads\/2020\/12\/6_Minarc Firenze 8-678x1024.jpg","large-width":678,"large-height":1024,"1536x1536":"https:\/\/int.design\/wp-content\/uploads\/2020\/12\/6_Minarc Firenze 8-1017x1536.jpg","1536x1536-width":1017,"1536x1536-height":1536,"2048x2048":"https:\/\/int.design\/wp-content\/uploads\/2020\/12\/6_Minarc Firenze 8-1356x2048.jpg","2048x2048-width":1356,"2048x2048-height":2048,"article":"https:\/\/int.design\/wp-content\/uploads\/2020\/12\/6_Minarc Firenze 8-960x540.jpg","article-width":960,"article-height":540,"banner":"https:\/\/int.design\/wp-content\/uploads\/2020\/12\/6_Minarc Firenze 8-1920x2900.jpg","banner-width":1920,"banner-height":2900,"block":"https:\/\/int.design\/wp-content\/uploads\/2020\/12\/6_Minarc Firenze 8-900x680.jpg","block-width":900,"block-height":680,"card":"https:\/\/int.design\/wp-content\/uploads\/2020\/12\/6_Minarc Firenze 8-560x495.jpg","card-width":560,"card-height":495,"card-thumbnail":"https:\/\/int.design\/wp-content\/uploads\/2020\/12\/6_Minarc Firenze 8-450x340.jpg","card-thumbnail-width":450,"card-thumbnail-height":340,"conference":"https:\/\/int.design\/wp-content\/uploads\/2020\/12\/6_Minarc Firenze 8-560x250.jpg","conference-width":560,"conference-height":250,"contest":"https:\/\/int.design\/wp-content\/uploads\/2020\/12\/6_Minarc Firenze 8-960x400.jpg","contest-width":960,"contest-height":400,"cta":"https:\/\/int.design\/wp-content\/uploads\/2020\/12\/6_Minarc Firenze 8-415x170.jpg","cta-width":415,"cta-height":170,"exhibitor":"https:\/\/int.design\/wp-content\/uploads\/2020\/12\/6_Minarc Firenze 8-560x560.jpg","exhibitor-width":560,"exhibitor-height":560,"gallery":"https:\/\/int.design\/wp-content\/uploads\/2020\/12\/6_Minarc Firenze 8-285x430.jpg","gallery-width":285,"gallery-height":430,"logo":"https:\/\/int.design\/wp-content\/uploads\/2020\/12\/6_Minarc Firenze 8-66x100.jpg","logo-width":66,"logo-height":100,"masonry":"https:\/\/int.design\/wp-content\/uploads\/2020\/12\/6_Minarc Firenze 8-550x831.jpg","masonry-width":550,"masonry-height":831,"modal":"https:\/\/int.design\/wp-content\/uploads\/2020\/12\/6_Minarc Firenze 8-1271x1920.jpg","modal-width":1271,"modal-height":1920,"number":"https:\/\/int.design\/wp-content\/uploads\/2020\/12\/6_Minarc Firenze 8-285x430.jpg","number-width":285,"number-height":430,"partner":"https:\/\/int.design\/wp-content\/uploads\/2020\/12\/6_Minarc Firenze 8-139x210.jpg","partner-width":139,"partner-height":210,"ranking":"https:\/\/int.design\/wp-content\/uploads\/2020\/12\/6_Minarc Firenze 8-960x540.jpg","ranking-width":960,"ranking-height":540,"schedule":"https:\/\/int.design\/wp-content\/uploads\/2020\/12\/6_Minarc Firenze 8-960x360.jpg","schedule-width":960,"schedule-height":360,"slideshow":"https:\/\/int.design\/wp-content\/uploads\/2020\/12\/6_Minarc Firenze 8-450x680.jpg","slideshow-width":450,"slideshow-height":680}},"filters":false,"suppliers":false,"attachment_category":[]},{"categories":[189],"credit":"Art Gray","image":{"ID":34883,"id":34883,"title":"Minarc Firenze 12","filename":"Minarc Firenze 12-scaled.jpg","filesize":0,"url":"https:\/\/int.design\/wp-content\/uploads\/2020\/12\/Minarc Firenze 12-scaled.jpg","link":"https:\/\/int.design\/fr\/projets\/firenze-residence\/minarc-firenze-12\/","alt":"","author":"514","description":"Firenze Residence Minarc Minarc","caption":"","name":"minarc-firenze-12","status":"inherit","uploaded_to":33138,"date":"2020-12-16 18:57:59","modified":"2022-02-08 14:26:31","menu_order":0,"mime_type":"image\/jpeg","type":"image","subtype":"jpeg","icon":"https:\/\/int.design\/wp-includes\/images\/media\/default.png","width":2560,"height":1698,"sizes":{"thumbnail":"https:\/\/int.design\/wp-content\/uploads\/2020\/12\/Minarc Firenze 12-150x150.jpg","thumbnail-width":150,"thumbnail-height":150,"medium":"https:\/\/int.design\/wp-content\/uploads\/2020\/12\/Minarc Firenze 12-300x199.jpg","medium-width":300,"medium-height":199,"medium_large":"https:\/\/int.design\/wp-content\/uploads\/2020\/12\/Minarc Firenze 12-768x509.jpg","medium_large-width":768,"medium_large-height":509,"large":"https:\/\/int.design\/wp-content\/uploads\/2020\/12\/Minarc Firenze 12-1024x679.jpg","large-width":1024,"large-height":679,"1536x1536":"https:\/\/int.design\/wp-content\/uploads\/2020\/12\/Minarc Firenze 12-1536x1019.jpg","1536x1536-width":1536,"1536x1536-height":1019,"2048x2048":"https:\/\/int.design\/wp-content\/uploads\/2020\/12\/Minarc Firenze 12-2048x1358.jpg","2048x2048-width":2048,"2048x2048-height":1358,"article":"https:\/\/int.design\/wp-content\/uploads\/2020\/12\/Minarc Firenze 12-960x540.jpg","article-width":960,"article-height":540,"banner":"https:\/\/int.design\/wp-content\/uploads\/2020\/12\/Minarc Firenze 12-1920x1273.jpg","banner-width":1920,"banner-height":1273,"block":"https:\/\/int.design\/wp-content\/uploads\/2020\/12\/Minarc Firenze 12-900x680.jpg","block-width":900,"block-height":680,"card":"https:\/\/int.design\/wp-content\/uploads\/2020\/12\/Minarc Firenze 12-560x495.jpg","card-width":560,"card-height":495,"card-thumbnail":"https:\/\/int.design\/wp-content\/uploads\/2020\/12\/Minarc Firenze 12-450x340.jpg","card-thumbnail-width":450,"card-thumbnail-height":340,"conference":"https:\/\/int.design\/wp-content\/uploads\/2020\/12\/Minarc Firenze 12-560x250.jpg","conference-width":560,"conference-height":250,"contest":"https:\/\/int.design\/wp-content\/uploads\/2020\/12\/Minarc Firenze 12-960x400.jpg","contest-width":960,"contest-height":400,"cta":"https:\/\/int.design\/wp-content\/uploads\/2020\/12\/Minarc Firenze 12-415x170.jpg","cta-width":415,"cta-height":170,"exhibitor":"https:\/\/int.design\/wp-content\/uploads\/2020\/12\/Minarc Firenze 12-560x560.jpg","exhibitor-width":560,"exhibitor-height":560,"gallery":"https:\/\/int.design\/wp-content\/uploads\/2020\/12\/Minarc Firenze 12-560x371.jpg","gallery-width":560,"gallery-height":371,"logo":"https:\/\/int.design\/wp-content\/uploads\/2020\/12\/Minarc Firenze 12-151x100.jpg","logo-width":151,"logo-height":100,"masonry":"https:\/\/int.design\/wp-content\/uploads\/2020\/12\/Minarc Firenze 12-550x365.jpg","masonry-width":550,"masonry-height":365,"modal":"https:\/\/int.design\/wp-content\/uploads\/2020\/12\/Minarc Firenze 12-1920x1273.jpg","modal-width":1920,"modal-height":1273,"number":"https:\/\/int.design\/wp-content\/uploads\/2020\/12\/Minarc Firenze 12-560x371.jpg","number-width":560,"number-height":371,"partner":"https:\/\/int.design\/wp-content\/uploads\/2020\/12\/Minarc Firenze 12-275x182.jpg","partner-width":275,"partner-height":182,"ranking":"https:\/\/int.design\/wp-content\/uploads\/2020\/12\/Minarc Firenze 12-960x540.jpg","ranking-width":960,"ranking-height":540,"schedule":"https:\/\/int.design\/wp-content\/uploads\/2020\/12\/Minarc Firenze 12-960x360.jpg","schedule-width":960,"schedule-height":360,"slideshow":"https:\/\/int.design\/wp-content\/uploads\/2020\/12\/Minarc Firenze 12-1025x680.jpg","slideshow-width":1025,"slideshow-height":680}},"filters":false,"suppliers":false,"attachment_category":[]},{"categories":[189],"credit":"Art Gray","image":{"ID":34888,"id":34888,"title":"Minarc Firenze 13","filename":"6_Minarc Firenze 13-scaled.jpg","filesize":0,"url":"https:\/\/int.design\/wp-content\/uploads\/2020\/12\/6_Minarc Firenze 13-scaled.jpg","link":"https:\/\/int.design\/fr\/projets\/firenze-residence\/minarc-firenze-13-2\/","alt":"","author":"514","description":"Firenze Residence Minarc Minarc","caption":"","name":"minarc-firenze-13-2","status":"inherit","uploaded_to":33138,"date":"2020-12-16 18:58:34","modified":"2022-02-08 14:26:31","menu_order":0,"mime_type":"image\/jpeg","type":"image","subtype":"jpeg","icon":"https:\/\/int.design\/wp-includes\/images\/media\/default.png","width":1707,"height":2560,"sizes":{"thumbnail":"https:\/\/int.design\/wp-content\/uploads\/2020\/12\/6_Minarc Firenze 13-150x150.jpg","thumbnail-width":150,"thumbnail-height":150,"medium":"https:\/\/int.design\/wp-content\/uploads\/2020\/12\/6_Minarc Firenze 13-200x300.jpg","medium-width":200,"medium-height":300,"medium_large":"https:\/\/int.design\/wp-content\/uploads\/2020\/12\/6_Minarc Firenze 13-768x1152.jpg","medium_large-width":768,"medium_large-height":1152,"large":"https:\/\/int.design\/wp-content\/uploads\/2020\/12\/6_Minarc Firenze 13-683x1024.jpg","large-width":683,"large-height":1024,"1536x1536":"https:\/\/int.design\/wp-content\/uploads\/2020\/12\/6_Minarc Firenze 13-1024x1536.jpg","1536x1536-width":1024,"1536x1536-height":1536,"2048x2048":"https:\/\/int.design\/wp-content\/uploads\/2020\/12\/6_Minarc Firenze 13-1365x2048.jpg","2048x2048-width":1365,"2048x2048-height":2048,"article":"https:\/\/int.design\/wp-content\/uploads\/2020\/12\/6_Minarc Firenze 13-960x540.jpg","article-width":960,"article-height":540,"banner":"https:\/\/int.design\/wp-content\/uploads\/2020\/12\/6_Minarc Firenze 13-1920x2880.jpg","banner-width":1920,"banner-height":2880,"block":"https:\/\/int.design\/wp-content\/uploads\/2020\/12\/6_Minarc Firenze 13-900x680.jpg","block-width":900,"block-height":680,"card":"https:\/\/int.design\/wp-content\/uploads\/2020\/12\/6_Minarc Firenze 13-560x495.jpg","card-width":560,"card-height":495,"card-thumbnail":"https:\/\/int.design\/wp-content\/uploads\/2020\/12\/6_Minarc Firenze 13-450x340.jpg","card-thumbnail-width":450,"card-thumbnail-height":340,"conference":"https:\/\/int.design\/wp-content\/uploads\/2020\/12\/6_Minarc Firenze 13-560x250.jpg","conference-width":560,"conference-height":250,"contest":"https:\/\/int.design\/wp-content\/uploads\/2020\/12\/6_Minarc Firenze 13-960x400.jpg","contest-width":960,"contest-height":400,"cta":"https:\/\/int.design\/wp-content\/uploads\/2020\/12\/6_Minarc Firenze 13-415x170.jpg","cta-width":415,"cta-height":170,"exhibitor":"https:\/\/int.design\/wp-content\/uploads\/2020\/12\/6_Minarc Firenze 13-560x560.jpg","exhibitor-width":560,"exhibitor-height":560,"gallery":"https:\/\/int.design\/wp-content\/uploads\/2020\/12\/6_Minarc Firenze 13-287x430.jpg","gallery-width":287,"gallery-height":430,"logo":"https:\/\/int.design\/wp-content\/uploads\/2020\/12\/6_Minarc Firenze 13-67x100.jpg","logo-width":67,"logo-height":100,"masonry":"https:\/\/int.design\/wp-content\/uploads\/2020\/12\/6_Minarc Firenze 13-550x825.jpg","masonry-width":550,"masonry-height":825,"modal":"https:\/\/int.design\/wp-content\/uploads\/2020\/12\/6_Minarc Firenze 13-1280x1920.jpg","modal-width":1280,"modal-height":1920,"number":"https:\/\/int.design\/wp-content\/uploads\/2020\/12\/6_Minarc Firenze 13-287x430.jpg","number-width":287,"number-height":430,"partner":"https:\/\/int.design\/wp-content\/uploads\/2020\/12\/6_Minarc Firenze 13-140x210.jpg","partner-width":140,"partner-height":210,"ranking":"https:\/\/int.design\/wp-content\/uploads\/2020\/12\/6_Minarc Firenze 13-960x540.jpg","ranking-width":960,"ranking-height":540,"schedule":"https:\/\/int.design\/wp-content\/uploads\/2020\/12\/6_Minarc Firenze 13-960x360.jpg","schedule-width":960,"schedule-height":360,"slideshow":"https:\/\/int.design\/wp-content\/uploads\/2020\/12\/6_Minarc Firenze 13-453x680.jpg","slideshow-width":453,"slideshow-height":680}},"filters":false,"suppliers":false,"attachment_category":[]},{"categories":[189],"credit":"Art Gray","image":{"ID":34893,"id":34893,"title":"Minarc Firenze 14","filename":"6_Minarc Firenze 14-scaled.jpg","filesize":0,"url":"https:\/\/int.design\/wp-content\/uploads\/2020\/12\/6_Minarc Firenze 14-scaled.jpg","link":"https:\/\/int.design\/fr\/projets\/firenze-residence\/minarc-firenze-14-2\/","alt":"","author":"514","description":"Firenze Residence Minarc Minarc","caption":"","name":"minarc-firenze-14-2","status":"inherit","uploaded_to":33138,"date":"2020-12-16 18:59:12","modified":"2022-02-08 14:26:31","menu_order":0,"mime_type":"image\/jpeg","type":"image","subtype":"jpeg","icon":"https:\/\/int.design\/wp-includes\/images\/media\/default.png","width":1710,"height":2560,"sizes":{"thumbnail":"https:\/\/int.design\/wp-content\/uploads\/2020\/12\/6_Minarc Firenze 14-150x150.jpg","thumbnail-width":150,"thumbnail-height":150,"medium":"https:\/\/int.design\/wp-content\/uploads\/2020\/12\/6_Minarc Firenze 14-200x300.jpg","medium-width":200,"medium-height":300,"medium_large":"https:\/\/int.design\/wp-content\/uploads\/2020\/12\/6_Minarc Firenze 14-768x1150.jpg","medium_large-width":768,"medium_large-height":1150,"large":"https:\/\/int.design\/wp-content\/uploads\/2020\/12\/6_Minarc Firenze 14-684x1024.jpg","large-width":684,"large-height":1024,"1536x1536":"https:\/\/int.design\/wp-content\/uploads\/2020\/12\/6_Minarc Firenze 14-1026x1536.jpg","1536x1536-width":1026,"1536x1536-height":1536,"2048x2048":"https:\/\/int.design\/wp-content\/uploads\/2020\/12\/6_Minarc Firenze 14-1368x2048.jpg","2048x2048-width":1368,"2048x2048-height":2048,"article":"https:\/\/int.design\/wp-content\/uploads\/2020\/12\/6_Minarc Firenze 14-960x540.jpg","article-width":960,"article-height":540,"banner":"https:\/\/int.design\/wp-content\/uploads\/2020\/12\/6_Minarc Firenze 14-1920x2875.jpg","banner-width":1920,"banner-height":2875,"block":"https:\/\/int.design\/wp-content\/uploads\/2020\/12\/6_Minarc Firenze 14-900x680.jpg","block-width":900,"block-height":680,"card":"https:\/\/int.design\/wp-content\/uploads\/2020\/12\/6_Minarc Firenze 14-560x495.jpg","card-width":560,"card-height":495,"card-thumbnail":"https:\/\/int.design\/wp-content\/uploads\/2020\/12\/6_Minarc Firenze 14-450x340.jpg","card-thumbnail-width":450,"card-thumbnail-height":340,"conference":"https:\/\/int.design\/wp-content\/uploads\/2020\/12\/6_Minarc Firenze 14-560x250.jpg","conference-width":560,"conference-height":250,"contest":"https:\/\/int.design\/wp-content\/uploads\/2020\/12\/6_Minarc Firenze 14-960x400.jpg","contest-width":960,"contest-height":400,"cta":"https:\/\/int.design\/wp-content\/uploads\/2020\/12\/6_Minarc Firenze 14-415x170.jpg","cta-width":415,"cta-height":170,"exhibitor":"https:\/\/int.design\/wp-content\/uploads\/2020\/12\/6_Minarc Firenze 14-560x560.jpg","exhibitor-width":560,"exhibitor-height":560,"gallery":"https:\/\/int.design\/wp-content\/uploads\/2020\/12\/6_Minarc Firenze 14-287x430.jpg","gallery-width":287,"gallery-height":430,"logo":"https:\/\/int.design\/wp-content\/uploads\/2020\/12\/6_Minarc Firenze 14-67x100.jpg","logo-width":67,"logo-height":100,"masonry":"https:\/\/int.design\/wp-content\/uploads\/2020\/12\/6_Minarc Firenze 14-550x824.jpg","masonry-width":550,"masonry-height":824,"modal":"https:\/\/int.design\/wp-content\/uploads\/2020\/12\/6_Minarc Firenze 14-1282x1920.jpg","modal-width":1282,"modal-height":1920,"number":"https:\/\/int.design\/wp-content\/uploads\/2020\/12\/6_Minarc Firenze 14-287x430.jpg","number-width":287,"number-height":430,"partner":"https:\/\/int.design\/wp-content\/uploads\/2020\/12\/6_Minarc Firenze 14-140x210.jpg","partner-width":140,"partner-height":210,"ranking":"https:\/\/int.design\/wp-content\/uploads\/2020\/12\/6_Minarc Firenze 14-960x540.jpg","ranking-width":960,"ranking-height":540,"schedule":"https:\/\/int.design\/wp-content\/uploads\/2020\/12\/6_Minarc Firenze 14-960x360.jpg","schedule-width":960,"schedule-height":360,"slideshow":"https:\/\/int.design\/wp-content\/uploads\/2020\/12\/6_Minarc Firenze 14-454x680.jpg","slideshow-width":454,"slideshow-height":680}},"filters":false,"suppliers":false,"attachment_category":[]},{"categories":[189],"credit":"Art Gray","image":{"ID":34915,"id":34915,"title":"Screen Shot 2020-11-24 at 11.23.29 AM","filename":"Screen Shot 2020-11-24 at 11.23.29 AM.jpg","filesize":0,"url":"https:\/\/d2q6z78khxmx42.cloudfront.net\/2020\/12\/Screen Shot 2020-11-24 at 11.23.29 AM.jpg","link":"https:\/\/int.design\/fr\/projets\/firenze-residence\/screen-shot-2020-11-24-at-11-23-29-am\/","alt":"","author":"514","description":"Firenze Residence Minarc Minarc","caption":"","name":"screen-shot-2020-11-24-at-11-23-29-am","status":"inherit","uploaded_to":33138,"date":"2020-12-16 19:09:29","modified":"2022-02-08 14:26:31","menu_order":0,"mime_type":"image\/jpeg","type":"image","subtype":"jpeg","icon":"https:\/\/int.design\/wp-includes\/images\/media\/default.png","width":1074,"height":1340,"sizes":{"thumbnail":"https:\/\/d2q6z78khxmx42.cloudfront.net\/2020\/12\/Screen Shot 2020-11-24 at 11.23.29 AM-150x150.jpg","thumbnail-width":150,"thumbnail-height":150,"medium":"https:\/\/d2q6z78khxmx42.cloudfront.net\/2020\/12\/Screen Shot 2020-11-24 at 11.23.29 AM-240x300.jpg","medium-width":240,"medium-height":300,"medium_large":"https:\/\/d2q6z78khxmx42.cloudfront.net\/2020\/12\/Screen Shot 2020-11-24 at 11.23.29 AM-768x958.jpg","medium_large-width":768,"medium_large-height":958,"large":"https:\/\/d2q6z78khxmx42.cloudfront.net\/2020\/12\/Screen Shot 2020-11-24 at 11.23.29 AM-821x1024.jpg","large-width":821,"large-height":1024,"1536x1536":"https:\/\/d2q6z78khxmx42.cloudfront.net\/2020\/12\/Screen Shot 2020-11-24 at 11.23.29 AM.jpg","1536x1536-width":1074,"1536x1536-height":1340,"2048x2048":"https:\/\/d2q6z78khxmx42.cloudfront.net\/2020\/12\/Screen Shot 2020-11-24 at 11.23.29 AM.jpg","2048x2048-width":1074,"2048x2048-height":1340,"article":"https:\/\/d2q6z78khxmx42.cloudfront.net\/2020\/12\/Screen Shot 2020-11-24 at 11.23.29 AM-960x540.jpg","article-width":960,"article-height":540,"banner":"https:\/\/d2q6z78khxmx42.cloudfront.net\/2020\/12\/Screen Shot 2020-11-24 at 11.23.29 AM.jpg","banner-width":1074,"banner-height":1340,"block":"https:\/\/d2q6z78khxmx42.cloudfront.net\/2020\/12\/Screen Shot 2020-11-24 at 11.23.29 AM-900x680.jpg","block-width":900,"block-height":680,"card":"https:\/\/d2q6z78khxmx42.cloudfront.net\/2020\/12\/Screen Shot 2020-11-24 at 11.23.29 AM-560x495.jpg","card-width":560,"card-height":495,"card-thumbnail":"https:\/\/d2q6z78khxmx42.cloudfront.net\/2020\/12\/Screen Shot 2020-11-24 at 11.23.29 AM-450x340.jpg","card-thumbnail-width":450,"card-thumbnail-height":340,"conference":"https:\/\/d2q6z78khxmx42.cloudfront.net\/2020\/12\/Screen Shot 2020-11-24 at 11.23.29 AM-560x250.jpg","conference-width":560,"conference-height":250,"contest":"https:\/\/d2q6z78khxmx42.cloudfront.net\/2020\/12\/Screen Shot 2020-11-24 at 11.23.29 AM-960x400.jpg","contest-width":960,"contest-height":400,"cta":"https:\/\/d2q6z78khxmx42.cloudfront.net\/2020\/12\/Screen Shot 2020-11-24 at 11.23.29 AM-415x170.jpg","cta-width":415,"cta-height":170,"exhibitor":"https:\/\/d2q6z78khxmx42.cloudfront.net\/2020\/12\/Screen Shot 2020-11-24 at 11.23.29 AM-560x560.jpg","exhibitor-width":560,"exhibitor-height":560,"gallery":"https:\/\/d2q6z78khxmx42.cloudfront.net\/2020\/12\/Screen Shot 2020-11-24 at 11.23.29 AM-345x430.jpg","gallery-width":345,"gallery-height":430,"logo":"https:\/\/d2q6z78khxmx42.cloudfront.net\/2020\/12\/Screen Shot 2020-11-24 at 11.23.29 AM-80x100.jpg","logo-width":80,"logo-height":100,"masonry":"https:\/\/d2q6z78khxmx42.cloudfront.net\/2020\/12\/Screen Shot 2020-11-24 at 11.23.29 AM-550x686.jpg","masonry-width":550,"masonry-height":686,"modal":"https:\/\/d2q6z78khxmx42.cloudfront.net\/2020\/12\/Screen Shot 2020-11-24 at 11.23.29 AM.jpg","modal-width":1074,"modal-height":1340,"number":"https:\/\/d2q6z78khxmx42.cloudfront.net\/2020\/12\/CcGllW8m-Screen Shot 2020-11-24 at 11.23.29 AM-345x430.jpg","number-width":345,"number-height":430,"partner":"https:\/\/d2q6z78khxmx42.cloudfront.net\/2020\/12\/Screen Shot 2020-11-24 at 11.23.29 AM-168x210.jpg","partner-width":168,"partner-height":210,"ranking":"https:\/\/d2q6z78khxmx42.cloudfront.net\/2020\/12\/CcGllW8m-Screen Shot 2020-11-24 at 11.23.29 AM-960x540.jpg","ranking-width":960,"ranking-height":540,"schedule":"https:\/\/d2q6z78khxmx42.cloudfront.net\/2020\/12\/Screen Shot 2020-11-24 at 11.23.29 AM-960x360.jpg","schedule-width":960,"schedule-height":360,"slideshow":"https:\/\/d2q6z78khxmx42.cloudfront.net\/2020\/12\/Screen Shot 2020-11-24 at 11.23.29 AM-545x680.jpg","slideshow-width":545,"slideshow-height":680}},"filters":false,"suppliers":false,"attachment_category":[]}],"mandatory_documents":[{"name":"Firenze Plan","file":{"ID":34926,"id":34926,"title":"2020 Clean Plan","filename":"2020 Clean Plan.pdf","filesize":0,"url":"https:\/\/d2q6z78khxmx42.cloudfront.net\/2020\/12\/2020 Clean Plan.pdf","link":"https:\/\/int.design\/fr\/projets\/firenze-residence\/2020-clean-plan\/","alt":"","author":"514","description":"","caption":"","name":"2020-clean-plan","status":"inherit","uploaded_to":33138,"date":"2020-12-16 19:16:29","modified":"2020-12-16 19:16:33","menu_order":0,"mime_type":"application\/pdf","type":"application","subtype":"pdf","icon":"https:\/\/int.design\/wp-includes\/images\/media\/document.png"}}],"optional_documents":false,"web_text":{"fr":"<p>La soci\u00e9t\u00e9 Minarc, de renomm\u00e9e internationale, a recr\u00e9\u00e9 un sanctuaire pour les collectionneurs d&rsquo;art. Alliant la luxuriante canop\u00e9e d&rsquo;un site de l&rsquo;Upper Nichols Canyon \u00e0 une utilisation efficace de m\u00e9thodes et de mat\u00e9riaux \u00e9cologiques, ce projet s&rsquo;inspire des magnifiques paysages spectaculaires que l&rsquo;on trouve dans la nature. <\/p>\n<p>La pi\u00e8ce accueillante comprend une chemin\u00e9e couverte de marbre et une cuisine Boffi avec un \u00eelot spacieux reliant la cuisine et la salle \u00e0 manger pour am\u00e9liorer la fluidit\u00e9 de l&rsquo;espace. Le premier niveau comprend un bureau \u00e0 domicile avec vue sur la fa\u00e7ade, une salle d&rsquo;eau avec des murs en marbre noir imitant le flux de la lave islandaise et un \u00e9vier en caoutchouc recycl\u00e9, fabriqu\u00e9 \u00e0 partir de pneus en caoutchouc recycl\u00e9s dans le but de r\u00e9utiliser au maximum les mat\u00e9riaux. Un effort conscient a \u00e9t\u00e9 fait pour n&rsquo;utiliser que des mat\u00e9riaux dans leur forme la plus organique. La durabilit\u00e9 va au-del\u00e0 des mat\u00e9riaux utilis\u00e9s dans ce projet. Les \u00e9l\u00e9ments de conception sont orient\u00e9s de mani\u00e8re \u00e0 tirer le meilleur parti de la lumi\u00e8re naturelle et de la ventilation crois\u00e9e, tandis que l&rsquo;utilisation maximale de la lumi\u00e8re naturelle permet de r\u00e9duire les co\u00fbts d&rsquo;\u00e9lectricit\u00e9. En outre, les mat\u00e9riaux du sol sont reli\u00e9s de mani\u00e8re discr\u00e8te et fantaisiste afin d&rsquo;accro\u00eetre la fluidit\u00e9 et l&rsquo;espace de la maison.<br \/>\n\u00c0 l&rsquo;\u00e9tage, la suite principale, sophistiqu\u00e9e et sereine, comprend des coins salon, un balcon priv\u00e9, un dressing et une salle de bain luxueuse. D&rsquo;autres chambres, chacune avec son espace ext\u00e9rieur, et une g\u00e9n\u00e9reuse biblioth\u00e8que compl\u00e8tent la maison. Cr\u00e9\u00e9e dans le respect de l&rsquo;environnement.<br \/>\nla feuille pour d\u00e9finir la pente, qui m\u00e8ne directement aux toilettes, ce qui permet de r\u00e9utiliser l&#39;eau<br \/>\nla r\u00e9utilisation des eaux grises provenant du lavage des mains pour alimenter la chasse d&#39;eau des toilettes. Cela donne la possibilit\u00e9 de<br \/>\nen utilisant un seul syst\u00e8me de plomberie ainsi que la conservation continue de l&#39;eau.<\/p>\n","en":"<p>Internationally renowned Minarc has recreated an art collector&#39;s sanctuary. Fusing the luxurious tree canopy of an Upper Nichols Canyon location with an effective use of green methods and materials, this project is inspired by the beautifully dramatic landscapes found in nature. <\/p>\n<p>The inviting room includes a marble covered fireplace and a Boffi kitchen with a spacious island connecting the kitchen and dining area to enhance the flow of the space. The first level offers a home office with front facing views alongside a powder room featuring black marble walls imitating the flow of Icelandic lava and a recycled rubber sink, made of recycled rubber tires with the intention of repurposing and reusing materials to the fullest. There was a conscious effort in using only materials in their most organic form. Sustainability exceeds beyond what materials were used in this project. Design elements are oriented to take optimum advantage of natural light and cross ventilation, while there is a maximum use of natural light to cut down on electrical costs. Furthermore, floor material is connected in an unobtrusive and whimsical manner to increase the flow and space of the home.<br \/>\nUpstairs the sophisticated and serene master suite includes sitting areas, a private balcony, a walk-in closet and a luxurious bath, alongside additional en-suite bedrooms, each with their designated outdoor space and a generous library complete the home. Created with the environment in mind.<\/p>\n","original":""},"jury_text":[{"category":189,"fr":"<p>Sp\u00e9cialis\u00e9 dans l&#39;architecture et le design modernes, innovants et durables, prim\u00e9, le P\u00e8re No\u00ebl<br \/>\nLe studio de design Minarc, bas\u00e9 \u00e0 Monica, offre une autre forme de fonction. Avec une philosophie<br \/>\nax\u00e9e sur des solutions de conception innovantes, des techniques de construction et une utilisation unique des mat\u00e9riaux, Minarc<br \/>\npr\u00e9sente leur derni\u00e8re cr\u00e9ation, le ReFlow. Sa conception simpliste est ax\u00e9e sur<br \/>\nla durabilit\u00e9 et la fonctionnalit\u00e9. La feuille de caoutchouc est tendue sur un cadre de base et ancr\u00e9e<br \/>\npar le drain, cr\u00e9ant ainsi une surface en pente peu profonde pour la dispersion de l&#39;eau, guid\u00e9e par la topologie naturelle de<br \/>\nla feuille pour d\u00e9finir la pente, qui m\u00e8ne directement aux toilettes, ce qui permet de r\u00e9utiliser l&#39;eau<br \/>\nla r\u00e9utilisation des eaux grises provenant du lavage des mains pour alimenter la chasse d&#39;eau des toilettes. Cela donne la possibilit\u00e9 de<br \/>\nen utilisant un seul syst\u00e8me de plomberie ainsi que la conservation continue de l&#39;eau.<\/p>\n","en":"<p>Internationally renowned Minarc has recreated an art collector&#39;s sanctuary. Fusing the luxurious tree canopy of an Upper Nichols Canyon location with an effective use of green methods and materials, this project is inspired by the beautifully dramatic landscapes found in nature. <\/p>\n<p>The inviting room includes a marble covered fireplace and a Boffi kitchen with a spacious island connecting the kitchen and dining area to enhance the flow of the space. The first level offers a home office with front facing views alongside a powder room featuring black marble walls imitating the flow of Icelandic lava and a recycled rubber sink, made of recycled rubber tires with the intention of repurposing and reusing materials to the fullest. There was a conscious effort in using only materials in their most organic form. Sustainability exceeds beyond what materials were used in this project. Design elements are oriented to take optimum advantage of natural light and cross ventilation, while there is a maximum use of natural light to cut down on electrical costs. Furthermore, floor material is connected in an unobtrusive and whimsical manner to increase the flow and space of the home.<br \/>\nUpstairs the sophisticated and serene master suite includes sitting areas, a private balcony, a walk-in closet and a luxurious bath, alongside additional en-suite bedrooms, each with their designated outdoor space and a generous library complete the home. Created with the environment in mind.<\/p>\n","original":""}],"different_jury_text":false,"different_category_text":false},"laureats":[{"cat_id":189,"cat_id_laureat":1035,"laureat":"Certification Or"}],"contest_id":"1180","contest_title":"GRANDS PRIX DU DESIGN - 14e \u00e9dition","firms":[{"name":"Minarc","website":"minarc.com","category":"Interior Designer","category_tax":false,"category_label":null}],"user":{"email":"info@minarc.com","first_name":"Carmen","last_name":"Tryggvadottir"},"doc_texts_web":{"fr":"","en":""},"permalinks":{"fr":"https:\/\/int.design\/fr\/projets\/firenze-residence\/","en":"https:\/\/int.design\/en\/projects\/firenze-residence\/"},"titles":{"fr":"Firenze Residence","en":"Firenze Residence"},"wp_fields":[],"laravel_id":""},"_links":{"self":[{"href":"https:\/\/int.design\/fr\/wp-json\/wp\/v2\/project\/33138","targetHints":{"allow":["GET"]}}],"collection":[{"href":"https:\/\/int.design\/fr\/wp-json\/wp\/v2\/project"}],"about":[{"href":"https:\/\/int.design\/fr\/wp-json\/wp\/v2\/types\/project"}],"wp:attachment":[{"href":"https:\/\/int.design\/fr\/wp-json\/wp\/v2\/media?parent=33138"}],"curies":[{"name":"wp","href":"https:\/\/api.w.org\/{rel}","templated":true}]}}