{"id":3283,"date":"2016-02-05T02:36:53","date_gmt":"2016-02-05T07:36:53","guid":{"rendered":"https:\/\/int.design\/projets\/vitrine-etudiante_-ecole-polytechnique-montreal\/"},"modified":"2020-09-29T07:40:00","modified_gmt":"2020-09-29T11:40:00","slug":"vitrine-etudiante_-ecole-polytechnique-montreal","status":"publish","type":"project","link":"https:\/\/int.design\/fr\/projets\/vitrine-etudiante_-ecole-polytechnique-montreal\/","title":{"rendered":"Vitrine \u00e9tudiante_ \u00c9cole Polytechnique Montr\u00e9al"},"content":{"rendered":"<p>Dans le cadre du r\u00e9am\u00e9nagement de la Vitrine \u00e9tudiante de<br \/>\nPolytechnique Montr\u00e9al, le d\u00e9sir d\u2019un espace chaleureux, convivial et<br \/>\ndistinctif \u00e9tait au premier plan des intentions conceptuelles et a command\u00e9<br \/>\nl\u2019usage du bois.<br \/>\nL\u2019approche conceptuelle s\u2019anime donc dans le d\u00e9ploiement d\u2019une<br \/>\nimmense structure de bois dont les ondulations rappellent celles d\u2019une<br \/>\nvoile soulignant la densit\u00e9 des circulations qui caract\u00e9risent les lieux.<br \/>\nLe maillage semble bouger avec souplesse, comme m\u00fb par le vent.<br \/>\nL\u2019\u00e9clairage participe \u00e0 ce mouvement, tra\u00e7ant des formes lumineuses<br \/>\nsur les surfaces.<br \/>\nV\u00e9ritable prouesse technique, cette armature de forme irr\u00e9guli\u00e8re<br \/>\nfaite de lamelles de bois fait office de filtre acoustique, contribuant \u00e0<br \/>\natt\u00e9nuer le bruit ambiant.<br \/>\nL\u2019assemblage des 641 pi\u00e8ces de bois dans un syst\u00e8me amovible<br \/>\naura permis ce geste souple, cr\u00e9ant une atmosph\u00e8re dynamique et<br \/>\nsereine \u00e0 la fois.<br \/>\nMobilier ou plafond, le bois donne coh\u00e9rence et identit\u00e9 \u00e0 la Vitrine<br \/>\n\u00e9tudiante de Polytechnique, et sa chaleur est un remarquable contrepoids<br \/>\nau b\u00e9ton brut qui jouxte l\u2019espace.<br \/>\nLe jury a constat\u00e9 avec ravissement que l\u2019utilisation du bois par sa<br \/>\nforme en souplesse a cr\u00e9\u00e9 une dimension organique ; qui plus est, le<br \/>\nrythme structural d\u00e9passe l\u2019application simple du bois et devient une<br \/>\nforme qui fait l\u2019espace.<\/p>\n","protected":false},"template":"","class_list":["post-3283","project","type-project","status-publish","hentry"],"acf":[],"yoast_head":"<!-- This site is optimized with the Yoast SEO plugin v21.5 - https:\/\/yoast.com\/wordpress\/plugins\/seo\/ -->\n<title>Vitrine \u00e9tudiante_ \u00c9cole Polytechnique Montr\u00e9al - INT Design<\/title>\n<meta name=\"robots\" content=\"index, follow, max-snippet:-1, max-image-preview:large, max-video-preview:-1\" \/>\n<link rel=\"canonical\" href=\"https:\/\/int.design\/fr\/projets\/vitrine-etudiante_-ecole-polytechnique-montreal\/\" \/>\n<meta property=\"og:locale\" content=\"fr_FR\" \/>\n<meta property=\"og:type\" content=\"article\" \/>\n<meta property=\"og:title\" content=\"Vitrine \u00e9tudiante_ \u00c9cole Polytechnique Montr\u00e9al - INT Design\" \/>\n<meta property=\"og:description\" content=\"Dans le cadre du r\u00e9am\u00e9nagement de la Vitrine \u00e9tudiante de Polytechnique Montr\u00e9al, le d\u00e9sir d\u2019un espace chaleureux, convivial et distinctif \u00e9tait au premier plan des intentions conceptuelles et a command\u00e9 l\u2019usage du bois. L\u2019approche conceptuelle s\u2019anime donc dans le d\u00e9ploiement d\u2019une immense structure de bois dont les ondulations rappellent celles d\u2019une voile soulignant la densit\u00e9 &hellip; Continued\" \/>\n<meta property=\"og:url\" content=\"https:\/\/int.design\/fr\/projets\/vitrine-etudiante_-ecole-polytechnique-montreal\/\" \/>\n<meta property=\"og:site_name\" content=\"INT Design\" \/>\n<meta property=\"article:modified_time\" content=\"2020-09-29T11:40:00+00:00\" \/>\n<meta name=\"twitter:card\" content=\"summary_large_image\" \/>\n<meta name=\"twitter:label1\" content=\"Est. reading time\" \/>\n\t<meta name=\"twitter:data1\" content=\"1 minute\" \/>\n<script type=\"application\/ld+json\" class=\"yoast-schema-graph\">{\"@context\":\"https:\/\/schema.org\",\"@graph\":[{\"@type\":\"WebPage\",\"@id\":\"https:\/\/int.design\/fr\/projets\/vitrine-etudiante_-ecole-polytechnique-montreal\/\",\"url\":\"https:\/\/int.design\/fr\/projets\/vitrine-etudiante_-ecole-polytechnique-montreal\/\",\"name\":\"Vitrine \u00e9tudiante_ \u00c9cole Polytechnique Montr\u00e9al - INT Design\",\"isPartOf\":{\"@id\":\"https:\/\/int.design\/fr\/#website\"},\"datePublished\":\"2016-02-05T07:36:53+00:00\",\"dateModified\":\"2020-09-29T11:40:00+00:00\",\"breadcrumb\":{\"@id\":\"https:\/\/int.design\/fr\/projets\/vitrine-etudiante_-ecole-polytechnique-montreal\/#breadcrumb\"},\"inLanguage\":\"fr-FR\",\"potentialAction\":[{\"@type\":\"ReadAction\",\"target\":[\"https:\/\/int.design\/fr\/projets\/vitrine-etudiante_-ecole-polytechnique-montreal\/\"]}]},{\"@type\":\"BreadcrumbList\",\"@id\":\"https:\/\/int.design\/fr\/projets\/vitrine-etudiante_-ecole-polytechnique-montreal\/#breadcrumb\",\"itemListElement\":[{\"@type\":\"ListItem\",\"position\":1,\"name\":\"Home\",\"item\":\"https:\/\/int.design\/fr\/\"},{\"@type\":\"ListItem\",\"position\":2,\"name\":\"Projects\",\"item\":\"https:\/\/int.design\/en\/projects\/\"},{\"@type\":\"ListItem\",\"position\":3,\"name\":\"Vitrine \u00e9tudiante_ \u00c9cole Polytechnique Montr\u00e9al\"}]},{\"@type\":\"WebSite\",\"@id\":\"https:\/\/int.design\/fr\/#website\",\"url\":\"https:\/\/int.design\/fr\/\",\"name\":\"INT Design\",\"description\":\"\",\"potentialAction\":[{\"@type\":\"SearchAction\",\"target\":{\"@type\":\"EntryPoint\",\"urlTemplate\":\"https:\/\/int.design\/fr\/?s={search_term_string}\"},\"query-input\":\"required name=search_term_string\"}],\"inLanguage\":\"fr-FR\"}]}<\/script>\n<!-- \/ Yoast SEO plugin. -->","yoast_head_json":{"title":"Vitrine \u00e9tudiante_ \u00c9cole Polytechnique Montr\u00e9al - INT Design","robots":{"index":"index","follow":"follow","max-snippet":"max-snippet:-1","max-image-preview":"max-image-preview:large","max-video-preview":"max-video-preview:-1"},"canonical":"https:\/\/int.design\/fr\/projets\/vitrine-etudiante_-ecole-polytechnique-montreal\/","og_locale":"fr_FR","og_type":"article","og_title":"Vitrine \u00e9tudiante_ \u00c9cole Polytechnique Montr\u00e9al - INT Design","og_description":"Dans le cadre du r\u00e9am\u00e9nagement de la Vitrine \u00e9tudiante de Polytechnique Montr\u00e9al, le d\u00e9sir d\u2019un espace chaleureux, convivial et distinctif \u00e9tait au premier plan des intentions conceptuelles et a command\u00e9 l\u2019usage du bois. L\u2019approche conceptuelle s\u2019anime donc dans le d\u00e9ploiement d\u2019une immense structure de bois dont les ondulations rappellent celles d\u2019une voile soulignant la densit\u00e9 &hellip; Continued","og_url":"https:\/\/int.design\/fr\/projets\/vitrine-etudiante_-ecole-polytechnique-montreal\/","og_site_name":"INT Design","article_modified_time":"2020-09-29T11:40:00+00:00","twitter_card":"summary_large_image","twitter_misc":{"Est. reading time":"1 minute"},"schema":{"@context":"https:\/\/schema.org","@graph":[{"@type":"WebPage","@id":"https:\/\/int.design\/fr\/projets\/vitrine-etudiante_-ecole-polytechnique-montreal\/","url":"https:\/\/int.design\/fr\/projets\/vitrine-etudiante_-ecole-polytechnique-montreal\/","name":"Vitrine \u00e9tudiante_ \u00c9cole Polytechnique Montr\u00e9al - INT Design","isPartOf":{"@id":"https:\/\/int.design\/fr\/#website"},"datePublished":"2016-02-05T07:36:53+00:00","dateModified":"2020-09-29T11:40:00+00:00","breadcrumb":{"@id":"https:\/\/int.design\/fr\/projets\/vitrine-etudiante_-ecole-polytechnique-montreal\/#breadcrumb"},"inLanguage":"fr-FR","potentialAction":[{"@type":"ReadAction","target":["https:\/\/int.design\/fr\/projets\/vitrine-etudiante_-ecole-polytechnique-montreal\/"]}]},{"@type":"BreadcrumbList","@id":"https:\/\/int.design\/fr\/projets\/vitrine-etudiante_-ecole-polytechnique-montreal\/#breadcrumb","itemListElement":[{"@type":"ListItem","position":1,"name":"Home","item":"https:\/\/int.design\/fr\/"},{"@type":"ListItem","position":2,"name":"Projects","item":"https:\/\/int.design\/en\/projects\/"},{"@type":"ListItem","position":3,"name":"Vitrine \u00e9tudiante_ \u00c9cole Polytechnique Montr\u00e9al"}]},{"@type":"WebSite","@id":"https:\/\/int.design\/fr\/#website","url":"https:\/\/int.design\/fr\/","name":"INT Design","description":"","potentialAction":[{"@type":"SearchAction","target":{"@type":"EntryPoint","urlTemplate":"https:\/\/int.design\/fr\/?s={search_term_string}"},"query-input":"required name=search_term_string"}],"inLanguage":"fr-FR"}]}},"entry":{"cats":{"disciplines":[],"big_cats":[],"sub_cats":[]},"entry":{"":null,"status":"completed","winner_title":"","winner_prize_lang":"","title_translatable":false,"title_en":"","title_fr":"","releve_award":false,"releve_award_cv":false,"collaboration":false,"collaboration_firms":false,"other_firms":false,"owner":{"name":"","confidential":false,"website":"","contact_name":"","email":"","phone":""},"address":{"address":"","city":"","region":"","province":"","country":"","postal_code":""},"logos":false,"use_logo":false,"designers":false,"cover":false,"images":[{"image":{"ID":19965,"id":19965,"title":"VitrineetudiantePolytechnique_12.1_MSDLarchitectes_StephaneGroleau_09","filename":"VitrineetudiantePolytechnique_12.1_MSDLarchitectes_StephaneGroleau_09.jpg","filesize":0,"url":"https:\/\/d2q6z78khxmx42.cloudfront.net\/2016\/02\/VitrineetudiantePolytechnique_12.1_MSDLarchitectes_StephaneGroleau_09.jpg","link":"https:\/\/int.design\/en\/projects\/vitrine-etudiante-ecole-polytechnique-de-montreal\/vitrineetudiantepolytechnique_12-1_msdlarchitectes_stephanegroleau_09\/","alt":"","author":"5","description":"","caption":"","name":"vitrineetudiantepolytechnique_12-1_msdlarchitectes_stephanegroleau_09","status":"inherit","uploaded_to":3803,"date":"2020-09-29 11:38:17","modified":"2020-09-29 11:39:53","menu_order":0,"mime_type":"image\/jpeg","type":"image","subtype":"jpeg","icon":"https:\/\/int.design\/wp-includes\/images\/media\/default.png","width":1378,"height":665,"sizes":{"thumbnail":"https:\/\/d2q6z78khxmx42.cloudfront.net\/2016\/02\/VitrineetudiantePolytechnique_12.1_MSDLarchitectes_StephaneGroleau_09-150x150.jpg","thumbnail-width":150,"thumbnail-height":150,"medium":"https:\/\/d2q6z78khxmx42.cloudfront.net\/2016\/02\/VitrineetudiantePolytechnique_12.1_MSDLarchitectes_StephaneGroleau_09-300x145.jpg","medium-width":300,"medium-height":145,"medium_large":"https:\/\/d2q6z78khxmx42.cloudfront.net\/2016\/02\/VitrineetudiantePolytechnique_12.1_MSDLarchitectes_StephaneGroleau_09-768x371.jpg","medium_large-width":768,"medium_large-height":371,"large":"https:\/\/d2q6z78khxmx42.cloudfront.net\/2016\/02\/VitrineetudiantePolytechnique_12.1_MSDLarchitectes_StephaneGroleau_09-1024x494.jpg","large-width":1024,"large-height":494,"1536x1536":"https:\/\/d2q6z78khxmx42.cloudfront.net\/2016\/02\/VitrineetudiantePolytechnique_12.1_MSDLarchitectes_StephaneGroleau_09.jpg","1536x1536-width":1378,"1536x1536-height":665,"2048x2048":"https:\/\/d2q6z78khxmx42.cloudfront.net\/2016\/02\/VitrineetudiantePolytechnique_12.1_MSDLarchitectes_StephaneGroleau_09.jpg","2048x2048-width":1378,"2048x2048-height":665,"article":"https:\/\/d2q6z78khxmx42.cloudfront.net\/2016\/02\/VitrineetudiantePolytechnique_12.1_MSDLarchitectes_StephaneGroleau_09-960x540.jpg","article-width":960,"article-height":540,"banner":"https:\/\/d2q6z78khxmx42.cloudfront.net\/2016\/02\/VitrineetudiantePolytechnique_12.1_MSDLarchitectes_StephaneGroleau_09.jpg","banner-width":1378,"banner-height":665,"block":"https:\/\/d2q6z78khxmx42.cloudfront.net\/2016\/02\/VitrineetudiantePolytechnique_12.1_MSDLarchitectes_StephaneGroleau_09-900x665.jpg","block-width":900,"block-height":665,"card":"https:\/\/d2q6z78khxmx42.cloudfront.net\/2016\/02\/VitrineetudiantePolytechnique_12.1_MSDLarchitectes_StephaneGroleau_09-560x495.jpg","card-width":560,"card-height":495,"card-thumbnail":"https:\/\/d2q6z78khxmx42.cloudfront.net\/2016\/02\/VitrineetudiantePolytechnique_12.1_MSDLarchitectes_StephaneGroleau_09-450x340.jpg","card-thumbnail-width":450,"card-thumbnail-height":340,"conference":"https:\/\/d2q6z78khxmx42.cloudfront.net\/2016\/02\/VitrineetudiantePolytechnique_12.1_MSDLarchitectes_StephaneGroleau_09-560x250.jpg","conference-width":560,"conference-height":250,"contest":"https:\/\/d2q6z78khxmx42.cloudfront.net\/2016\/02\/VitrineetudiantePolytechnique_12.1_MSDLarchitectes_StephaneGroleau_09-960x400.jpg","contest-width":960,"contest-height":400,"cta":"https:\/\/d2q6z78khxmx42.cloudfront.net\/2016\/02\/VitrineetudiantePolytechnique_12.1_MSDLarchitectes_StephaneGroleau_09-415x170.jpg","cta-width":415,"cta-height":170,"exhibitor":"https:\/\/d2q6z78khxmx42.cloudfront.net\/2016\/02\/VitrineetudiantePolytechnique_12.1_MSDLarchitectes_StephaneGroleau_09-560x560.jpg","exhibitor-width":560,"exhibitor-height":560,"gallery":"https:\/\/d2q6z78khxmx42.cloudfront.net\/2016\/02\/VitrineetudiantePolytechnique_12.1_MSDLarchitectes_StephaneGroleau_09-560x270.jpg","gallery-width":560,"gallery-height":270,"logo":"https:\/\/d2q6z78khxmx42.cloudfront.net\/2016\/02\/VitrineetudiantePolytechnique_12.1_MSDLarchitectes_StephaneGroleau_09-207x100.jpg","logo-width":207,"logo-height":100,"masonry":"https:\/\/d2q6z78khxmx42.cloudfront.net\/2016\/02\/VitrineetudiantePolytechnique_12.1_MSDLarchitectes_StephaneGroleau_09-550x265.jpg","masonry-width":550,"masonry-height":265,"modal":"https:\/\/d2q6z78khxmx42.cloudfront.net\/2016\/02\/VitrineetudiantePolytechnique_12.1_MSDLarchitectes_StephaneGroleau_09.jpg","modal-width":1378,"modal-height":665,"number":"https:\/\/d2q6z78khxmx42.cloudfront.net\/2016\/02\/DmALmSVG-VitrineetudiantePolytechnique_12.1_MSDLarchitectes_StephaneGroleau_09-560x270.jpg","number-width":560,"number-height":270,"partner":"https:\/\/d2q6z78khxmx42.cloudfront.net\/2016\/02\/VitrineetudiantePolytechnique_12.1_MSDLarchitectes_StephaneGroleau_09-275x133.jpg","partner-width":275,"partner-height":133,"ranking":"https:\/\/d2q6z78khxmx42.cloudfront.net\/2016\/02\/DmALmSVG-VitrineetudiantePolytechnique_12.1_MSDLarchitectes_StephaneGroleau_09-960x540.jpg","ranking-width":960,"ranking-height":540,"schedule":"https:\/\/d2q6z78khxmx42.cloudfront.net\/2016\/02\/VitrineetudiantePolytechnique_12.1_MSDLarchitectes_StephaneGroleau_09-960x360.jpg","schedule-width":960,"schedule-height":360,"slideshow":"https:\/\/d2q6z78khxmx42.cloudfront.net\/2016\/02\/VitrineetudiantePolytechnique_12.1_MSDLarchitectes_StephaneGroleau_09.jpg","slideshow-width":1378,"slideshow-height":665}},"attachment_category":[],"credit":""},{"image":{"ID":19957,"id":19957,"title":"VitrineetudiantePolytechnique_12.1_MSDLarchitectes_StephaneGroleau_01","filename":"VitrineetudiantePolytechnique_12.1_MSDLarchitectes_StephaneGroleau_01.jpg","filesize":0,"url":"https:\/\/d2q6z78khxmx42.cloudfront.net\/2016\/02\/VitrineetudiantePolytechnique_12.1_MSDLarchitectes_StephaneGroleau_01.jpg","link":"https:\/\/int.design\/en\/projects\/vitrine-etudiante-ecole-polytechnique-de-montreal\/vitrineetudiantepolytechnique_12-1_msdlarchitectes_stephanegroleau_01\/","alt":"","author":"5","description":"","caption":"","name":"vitrineetudiantepolytechnique_12-1_msdlarchitectes_stephanegroleau_01","status":"inherit","uploaded_to":3803,"date":"2020-09-29 11:37:01","modified":"2020-09-29 11:38:29","menu_order":0,"mime_type":"image\/jpeg","type":"image","subtype":"jpeg","icon":"https:\/\/int.design\/wp-includes\/images\/media\/default.png","width":1382,"height":922,"sizes":{"thumbnail":"https:\/\/d2q6z78khxmx42.cloudfront.net\/2016\/02\/VitrineetudiantePolytechnique_12.1_MSDLarchitectes_StephaneGroleau_01-150x150.jpg","thumbnail-width":150,"thumbnail-height":150,"medium":"https:\/\/d2q6z78khxmx42.cloudfront.net\/2016\/02\/VitrineetudiantePolytechnique_12.1_MSDLarchitectes_StephaneGroleau_01-300x200.jpg","medium-width":300,"medium-height":200,"medium_large":"https:\/\/d2q6z78khxmx42.cloudfront.net\/2016\/02\/VitrineetudiantePolytechnique_12.1_MSDLarchitectes_StephaneGroleau_01-768x512.jpg","medium_large-width":768,"medium_large-height":512,"large":"https:\/\/d2q6z78khxmx42.cloudfront.net\/2016\/02\/VitrineetudiantePolytechnique_12.1_MSDLarchitectes_StephaneGroleau_01-1024x683.jpg","large-width":1024,"large-height":683,"1536x1536":"https:\/\/d2q6z78khxmx42.cloudfront.net\/2016\/02\/VitrineetudiantePolytechnique_12.1_MSDLarchitectes_StephaneGroleau_01.jpg","1536x1536-width":1382,"1536x1536-height":922,"2048x2048":"https:\/\/d2q6z78khxmx42.cloudfront.net\/2016\/02\/VitrineetudiantePolytechnique_12.1_MSDLarchitectes_StephaneGroleau_01.jpg","2048x2048-width":1382,"2048x2048-height":922,"article":"https:\/\/d2q6z78khxmx42.cloudfront.net\/2016\/02\/VitrineetudiantePolytechnique_12.1_MSDLarchitectes_StephaneGroleau_01-960x540.jpg","article-width":960,"article-height":540,"banner":"https:\/\/d2q6z78khxmx42.cloudfront.net\/2016\/02\/VitrineetudiantePolytechnique_12.1_MSDLarchitectes_StephaneGroleau_01.jpg","banner-width":1382,"banner-height":922,"block":"https:\/\/d2q6z78khxmx42.cloudfront.net\/2016\/02\/VitrineetudiantePolytechnique_12.1_MSDLarchitectes_StephaneGroleau_01-900x680.jpg","block-width":900,"block-height":680,"card":"https:\/\/d2q6z78khxmx42.cloudfront.net\/2016\/02\/VitrineetudiantePolytechnique_12.1_MSDLarchitectes_StephaneGroleau_01-560x495.jpg","card-width":560,"card-height":495,"card-thumbnail":"https:\/\/d2q6z78khxmx42.cloudfront.net\/2016\/02\/VitrineetudiantePolytechnique_12.1_MSDLarchitectes_StephaneGroleau_01-450x340.jpg","card-thumbnail-width":450,"card-thumbnail-height":340,"conference":"https:\/\/d2q6z78khxmx42.cloudfront.net\/2016\/02\/VitrineetudiantePolytechnique_12.1_MSDLarchitectes_StephaneGroleau_01-560x250.jpg","conference-width":560,"conference-height":250,"contest":"https:\/\/d2q6z78khxmx42.cloudfront.net\/2016\/02\/VitrineetudiantePolytechnique_12.1_MSDLarchitectes_StephaneGroleau_01-960x400.jpg","contest-width":960,"contest-height":400,"cta":"https:\/\/d2q6z78khxmx42.cloudfront.net\/2016\/02\/VitrineetudiantePolytechnique_12.1_MSDLarchitectes_StephaneGroleau_01-415x170.jpg","cta-width":415,"cta-height":170,"exhibitor":"https:\/\/d2q6z78khxmx42.cloudfront.net\/2016\/02\/VitrineetudiantePolytechnique_12.1_MSDLarchitectes_StephaneGroleau_01-560x560.jpg","exhibitor-width":560,"exhibitor-height":560,"gallery":"https:\/\/d2q6z78khxmx42.cloudfront.net\/2016\/02\/VitrineetudiantePolytechnique_12.1_MSDLarchitectes_StephaneGroleau_01-560x374.jpg","gallery-width":560,"gallery-height":374,"logo":"https:\/\/d2q6z78khxmx42.cloudfront.net\/2016\/02\/VitrineetudiantePolytechnique_12.1_MSDLarchitectes_StephaneGroleau_01-150x100.jpg","logo-width":150,"logo-height":100,"masonry":"https:\/\/d2q6z78khxmx42.cloudfront.net\/2016\/02\/VitrineetudiantePolytechnique_12.1_MSDLarchitectes_StephaneGroleau_01-550x367.jpg","masonry-width":550,"masonry-height":367,"modal":"https:\/\/d2q6z78khxmx42.cloudfront.net\/2016\/02\/VitrineetudiantePolytechnique_12.1_MSDLarchitectes_StephaneGroleau_01.jpg","modal-width":1382,"modal-height":922,"number":"https:\/\/d2q6z78khxmx42.cloudfront.net\/2016\/02\/dBdNLVAS-VitrineetudiantePolytechnique_12.1_MSDLarchitectes_StephaneGroleau_01-560x374.jpg","number-width":560,"number-height":374,"partner":"https:\/\/d2q6z78khxmx42.cloudfront.net\/2016\/02\/VitrineetudiantePolytechnique_12.1_MSDLarchitectes_StephaneGroleau_01-275x183.jpg","partner-width":275,"partner-height":183,"ranking":"https:\/\/d2q6z78khxmx42.cloudfront.net\/2016\/02\/dBdNLVAS-VitrineetudiantePolytechnique_12.1_MSDLarchitectes_StephaneGroleau_01-960x540.jpg","ranking-width":960,"ranking-height":540,"schedule":"https:\/\/d2q6z78khxmx42.cloudfront.net\/2016\/02\/VitrineetudiantePolytechnique_12.1_MSDLarchitectes_StephaneGroleau_01-960x360.jpg","schedule-width":960,"schedule-height":360,"slideshow":"https:\/\/d2q6z78khxmx42.cloudfront.net\/2016\/02\/VitrineetudiantePolytechnique_12.1_MSDLarchitectes_StephaneGroleau_01-1019x680.jpg","slideshow-width":1019,"slideshow-height":680}},"attachment_category":[],"credit":""},{"image":{"ID":19958,"id":19958,"title":"VitrineetudiantePolytechnique_12.1_MSDLarchitectes_StephaneGroleau_02","filename":"VitrineetudiantePolytechnique_12.1_MSDLarchitectes_StephaneGroleau_02.jpg","filesize":0,"url":"https:\/\/d2q6z78khxmx42.cloudfront.net\/2016\/02\/VitrineetudiantePolytechnique_12.1_MSDLarchitectes_StephaneGroleau_02.jpg","link":"https:\/\/int.design\/en\/projects\/vitrine-etudiante-ecole-polytechnique-de-montreal\/vitrineetudiantepolytechnique_12-1_msdlarchitectes_stephanegroleau_02\/","alt":"","author":"5","description":"","caption":"","name":"vitrineetudiantepolytechnique_12-1_msdlarchitectes_stephanegroleau_02","status":"inherit","uploaded_to":3803,"date":"2020-09-29 11:37:07","modified":"2020-09-29 11:37:07","menu_order":0,"mime_type":"image\/jpeg","type":"image","subtype":"jpeg","icon":"https:\/\/int.design\/wp-includes\/images\/media\/default.png","width":1366,"height":1045,"sizes":{"thumbnail":"https:\/\/d2q6z78khxmx42.cloudfront.net\/2016\/02\/VitrineetudiantePolytechnique_12.1_MSDLarchitectes_StephaneGroleau_02-150x150.jpg","thumbnail-width":150,"thumbnail-height":150,"medium":"https:\/\/d2q6z78khxmx42.cloudfront.net\/2016\/02\/VitrineetudiantePolytechnique_12.1_MSDLarchitectes_StephaneGroleau_02-300x230.jpg","medium-width":300,"medium-height":230,"medium_large":"https:\/\/d2q6z78khxmx42.cloudfront.net\/2016\/02\/VitrineetudiantePolytechnique_12.1_MSDLarchitectes_StephaneGroleau_02-768x588.jpg","medium_large-width":768,"medium_large-height":588,"large":"https:\/\/d2q6z78khxmx42.cloudfront.net\/2016\/02\/VitrineetudiantePolytechnique_12.1_MSDLarchitectes_StephaneGroleau_02-1024x783.jpg","large-width":1024,"large-height":783,"1536x1536":"https:\/\/d2q6z78khxmx42.cloudfront.net\/2016\/02\/VitrineetudiantePolytechnique_12.1_MSDLarchitectes_StephaneGroleau_02.jpg","1536x1536-width":1366,"1536x1536-height":1045,"2048x2048":"https:\/\/d2q6z78khxmx42.cloudfront.net\/2016\/02\/VitrineetudiantePolytechnique_12.1_MSDLarchitectes_StephaneGroleau_02.jpg","2048x2048-width":1366,"2048x2048-height":1045,"article":"https:\/\/d2q6z78khxmx42.cloudfront.net\/2016\/02\/VitrineetudiantePolytechnique_12.1_MSDLarchitectes_StephaneGroleau_02-960x540.jpg","article-width":960,"article-height":540,"banner":"https:\/\/d2q6z78khxmx42.cloudfront.net\/2016\/02\/VitrineetudiantePolytechnique_12.1_MSDLarchitectes_StephaneGroleau_02.jpg","banner-width":1366,"banner-height":1045,"block":"https:\/\/d2q6z78khxmx42.cloudfront.net\/2016\/02\/VitrineetudiantePolytechnique_12.1_MSDLarchitectes_StephaneGroleau_02-900x680.jpg","block-width":900,"block-height":680,"card":"https:\/\/d2q6z78khxmx42.cloudfront.net\/2016\/02\/VitrineetudiantePolytechnique_12.1_MSDLarchitectes_StephaneGroleau_02-560x495.jpg","card-width":560,"card-height":495,"card-thumbnail":"https:\/\/d2q6z78khxmx42.cloudfront.net\/2016\/02\/VitrineetudiantePolytechnique_12.1_MSDLarchitectes_StephaneGroleau_02-450x340.jpg","card-thumbnail-width":450,"card-thumbnail-height":340,"conference":"https:\/\/d2q6z78khxmx42.cloudfront.net\/2016\/02\/VitrineetudiantePolytechnique_12.1_MSDLarchitectes_StephaneGroleau_02-560x250.jpg","conference-width":560,"conference-height":250,"contest":"https:\/\/d2q6z78khxmx42.cloudfront.net\/2016\/02\/VitrineetudiantePolytechnique_12.1_MSDLarchitectes_StephaneGroleau_02-960x400.jpg","contest-width":960,"contest-height":400,"cta":"https:\/\/d2q6z78khxmx42.cloudfront.net\/2016\/02\/VitrineetudiantePolytechnique_12.1_MSDLarchitectes_StephaneGroleau_02-415x170.jpg","cta-width":415,"cta-height":170,"exhibitor":"https:\/\/d2q6z78khxmx42.cloudfront.net\/2016\/02\/VitrineetudiantePolytechnique_12.1_MSDLarchitectes_StephaneGroleau_02-560x560.jpg","exhibitor-width":560,"exhibitor-height":560,"gallery":"https:\/\/d2q6z78khxmx42.cloudfront.net\/2016\/02\/VitrineetudiantePolytechnique_12.1_MSDLarchitectes_StephaneGroleau_02-560x428.jpg","gallery-width":560,"gallery-height":428,"logo":"https:\/\/d2q6z78khxmx42.cloudfront.net\/2016\/02\/VitrineetudiantePolytechnique_12.1_MSDLarchitectes_StephaneGroleau_02-131x100.jpg","logo-width":131,"logo-height":100,"masonry":"https:\/\/d2q6z78khxmx42.cloudfront.net\/2016\/02\/VitrineetudiantePolytechnique_12.1_MSDLarchitectes_StephaneGroleau_02-550x421.jpg","masonry-width":550,"masonry-height":421,"modal":"https:\/\/d2q6z78khxmx42.cloudfront.net\/2016\/02\/VitrineetudiantePolytechnique_12.1_MSDLarchitectes_StephaneGroleau_02.jpg","modal-width":1366,"modal-height":1045,"number":"https:\/\/d2q6z78khxmx42.cloudfront.net\/2016\/02\/7IrYA5Bt-VitrineetudiantePolytechnique_12.1_MSDLarchitectes_StephaneGroleau_02-560x428.jpg","number-width":560,"number-height":428,"partner":"https:\/\/d2q6z78khxmx42.cloudfront.net\/2016\/02\/VitrineetudiantePolytechnique_12.1_MSDLarchitectes_StephaneGroleau_02-275x210.jpg","partner-width":275,"partner-height":210,"ranking":"https:\/\/d2q6z78khxmx42.cloudfront.net\/2016\/02\/7IrYA5Bt-VitrineetudiantePolytechnique_12.1_MSDLarchitectes_StephaneGroleau_02-960x540.jpg","ranking-width":960,"ranking-height":540,"schedule":"https:\/\/d2q6z78khxmx42.cloudfront.net\/2016\/02\/VitrineetudiantePolytechnique_12.1_MSDLarchitectes_StephaneGroleau_02-960x360.jpg","schedule-width":960,"schedule-height":360,"slideshow":"https:\/\/d2q6z78khxmx42.cloudfront.net\/2016\/02\/VitrineetudiantePolytechnique_12.1_MSDLarchitectes_StephaneGroleau_02-889x680.jpg","slideshow-width":889,"slideshow-height":680}},"attachment_category":[],"credit":""},{"image":{"ID":19959,"id":19959,"title":"VitrineetudiantePolytechnique_12.1_MSDLarchitectes_StephaneGroleau_03","filename":"VitrineetudiantePolytechnique_12.1_MSDLarchitectes_StephaneGroleau_03.jpg","filesize":0,"url":"https:\/\/d2q6z78khxmx42.cloudfront.net\/2016\/02\/VitrineetudiantePolytechnique_12.1_MSDLarchitectes_StephaneGroleau_03.jpg","link":"https:\/\/int.design\/en\/projects\/vitrine-etudiante-ecole-polytechnique-de-montreal\/vitrineetudiantepolytechnique_12-1_msdlarchitectes_stephanegroleau_03\/","alt":"","author":"5","description":"","caption":"","name":"vitrineetudiantepolytechnique_12-1_msdlarchitectes_stephanegroleau_03","status":"inherit","uploaded_to":3803,"date":"2020-09-29 11:37:12","modified":"2020-09-29 11:37:12","menu_order":0,"mime_type":"image\/jpeg","type":"image","subtype":"jpeg","icon":"https:\/\/int.design\/wp-includes\/images\/media\/default.png","width":1512,"height":907,"sizes":{"thumbnail":"https:\/\/d2q6z78khxmx42.cloudfront.net\/2016\/02\/VitrineetudiantePolytechnique_12.1_MSDLarchitectes_StephaneGroleau_03-150x150.jpg","thumbnail-width":150,"thumbnail-height":150,"medium":"https:\/\/d2q6z78khxmx42.cloudfront.net\/2016\/02\/VitrineetudiantePolytechnique_12.1_MSDLarchitectes_StephaneGroleau_03-300x180.jpg","medium-width":300,"medium-height":180,"medium_large":"https:\/\/d2q6z78khxmx42.cloudfront.net\/2016\/02\/VitrineetudiantePolytechnique_12.1_MSDLarchitectes_StephaneGroleau_03-768x461.jpg","medium_large-width":768,"medium_large-height":461,"large":"https:\/\/d2q6z78khxmx42.cloudfront.net\/2016\/02\/VitrineetudiantePolytechnique_12.1_MSDLarchitectes_StephaneGroleau_03-1024x614.jpg","large-width":1024,"large-height":614,"1536x1536":"https:\/\/d2q6z78khxmx42.cloudfront.net\/2016\/02\/VitrineetudiantePolytechnique_12.1_MSDLarchitectes_StephaneGroleau_03.jpg","1536x1536-width":1512,"1536x1536-height":907,"2048x2048":"https:\/\/d2q6z78khxmx42.cloudfront.net\/2016\/02\/VitrineetudiantePolytechnique_12.1_MSDLarchitectes_StephaneGroleau_03.jpg","2048x2048-width":1512,"2048x2048-height":907,"article":"https:\/\/d2q6z78khxmx42.cloudfront.net\/2016\/02\/VitrineetudiantePolytechnique_12.1_MSDLarchitectes_StephaneGroleau_03-960x540.jpg","article-width":960,"article-height":540,"banner":"https:\/\/d2q6z78khxmx42.cloudfront.net\/2016\/02\/VitrineetudiantePolytechnique_12.1_MSDLarchitectes_StephaneGroleau_03.jpg","banner-width":1512,"banner-height":907,"block":"https:\/\/d2q6z78khxmx42.cloudfront.net\/2016\/02\/VitrineetudiantePolytechnique_12.1_MSDLarchitectes_StephaneGroleau_03-900x680.jpg","block-width":900,"block-height":680,"card":"https:\/\/d2q6z78khxmx42.cloudfront.net\/2016\/02\/VitrineetudiantePolytechnique_12.1_MSDLarchitectes_StephaneGroleau_03-560x495.jpg","card-width":560,"card-height":495,"card-thumbnail":"https:\/\/d2q6z78khxmx42.cloudfront.net\/2016\/02\/VitrineetudiantePolytechnique_12.1_MSDLarchitectes_StephaneGroleau_03-450x340.jpg","card-thumbnail-width":450,"card-thumbnail-height":340,"conference":"https:\/\/d2q6z78khxmx42.cloudfront.net\/2016\/02\/VitrineetudiantePolytechnique_12.1_MSDLarchitectes_StephaneGroleau_03-560x250.jpg","conference-width":560,"conference-height":250,"contest":"https:\/\/d2q6z78khxmx42.cloudfront.net\/2016\/02\/VitrineetudiantePolytechnique_12.1_MSDLarchitectes_StephaneGroleau_03-960x400.jpg","contest-width":960,"contest-height":400,"cta":"https:\/\/d2q6z78khxmx42.cloudfront.net\/2016\/02\/VitrineetudiantePolytechnique_12.1_MSDLarchitectes_StephaneGroleau_03-415x170.jpg","cta-width":415,"cta-height":170,"exhibitor":"https:\/\/d2q6z78khxmx42.cloudfront.net\/2016\/02\/VitrineetudiantePolytechnique_12.1_MSDLarchitectes_StephaneGroleau_03-560x560.jpg","exhibitor-width":560,"exhibitor-height":560,"gallery":"https:\/\/d2q6z78khxmx42.cloudfront.net\/2016\/02\/VitrineetudiantePolytechnique_12.1_MSDLarchitectes_StephaneGroleau_03-560x336.jpg","gallery-width":560,"gallery-height":336,"logo":"https:\/\/d2q6z78khxmx42.cloudfront.net\/2016\/02\/VitrineetudiantePolytechnique_12.1_MSDLarchitectes_StephaneGroleau_03-167x100.jpg","logo-width":167,"logo-height":100,"masonry":"https:\/\/d2q6z78khxmx42.cloudfront.net\/2016\/02\/VitrineetudiantePolytechnique_12.1_MSDLarchitectes_StephaneGroleau_03-550x330.jpg","masonry-width":550,"masonry-height":330,"modal":"https:\/\/d2q6z78khxmx42.cloudfront.net\/2016\/02\/VitrineetudiantePolytechnique_12.1_MSDLarchitectes_StephaneGroleau_03.jpg","modal-width":1512,"modal-height":907,"number":"https:\/\/d2q6z78khxmx42.cloudfront.net\/2016\/02\/N99Dlma4-VitrineetudiantePolytechnique_12.1_MSDLarchitectes_StephaneGroleau_03-560x336.jpg","number-width":560,"number-height":336,"partner":"https:\/\/d2q6z78khxmx42.cloudfront.net\/2016\/02\/VitrineetudiantePolytechnique_12.1_MSDLarchitectes_StephaneGroleau_03-275x165.jpg","partner-width":275,"partner-height":165,"ranking":"https:\/\/d2q6z78khxmx42.cloudfront.net\/2016\/02\/N99Dlma4-VitrineetudiantePolytechnique_12.1_MSDLarchitectes_StephaneGroleau_03-960x540.jpg","ranking-width":960,"ranking-height":540,"schedule":"https:\/\/d2q6z78khxmx42.cloudfront.net\/2016\/02\/VitrineetudiantePolytechnique_12.1_MSDLarchitectes_StephaneGroleau_03-960x360.jpg","schedule-width":960,"schedule-height":360,"slideshow":"https:\/\/d2q6z78khxmx42.cloudfront.net\/2016\/02\/VitrineetudiantePolytechnique_12.1_MSDLarchitectes_StephaneGroleau_03-1134x680.jpg","slideshow-width":1134,"slideshow-height":680}},"attachment_category":[],"credit":""},{"image":{"ID":19960,"id":19960,"title":"VitrineetudiantePolytechnique_12.1_MSDLarchitectes_StephaneGroleau_04","filename":"VitrineetudiantePolytechnique_12.1_MSDLarchitectes_StephaneGroleau_04.jpg","filesize":0,"url":"https:\/\/d2q6z78khxmx42.cloudfront.net\/2016\/02\/VitrineetudiantePolytechnique_12.1_MSDLarchitectes_StephaneGroleau_04.jpg","link":"https:\/\/int.design\/en\/projects\/vitrine-etudiante-ecole-polytechnique-de-montreal\/vitrineetudiantepolytechnique_12-1_msdlarchitectes_stephanegroleau_04\/","alt":"","author":"5","description":"","caption":"","name":"vitrineetudiantepolytechnique_12-1_msdlarchitectes_stephanegroleau_04","status":"inherit","uploaded_to":3803,"date":"2020-09-29 11:37:15","modified":"2020-09-29 11:37:15","menu_order":0,"mime_type":"image\/jpeg","type":"image","subtype":"jpeg","icon":"https:\/\/int.design\/wp-includes\/images\/media\/default.png","width":1378,"height":1556,"sizes":{"thumbnail":"https:\/\/d2q6z78khxmx42.cloudfront.net\/2016\/02\/VitrineetudiantePolytechnique_12.1_MSDLarchitectes_StephaneGroleau_04-150x150.jpg","thumbnail-width":150,"thumbnail-height":150,"medium":"https:\/\/d2q6z78khxmx42.cloudfront.net\/2016\/02\/VitrineetudiantePolytechnique_12.1_MSDLarchitectes_StephaneGroleau_04-266x300.jpg","medium-width":266,"medium-height":300,"medium_large":"https:\/\/d2q6z78khxmx42.cloudfront.net\/2016\/02\/VitrineetudiantePolytechnique_12.1_MSDLarchitectes_StephaneGroleau_04-768x867.jpg","medium_large-width":768,"medium_large-height":867,"large":"https:\/\/d2q6z78khxmx42.cloudfront.net\/2016\/02\/VitrineetudiantePolytechnique_12.1_MSDLarchitectes_StephaneGroleau_04-907x1024.jpg","large-width":907,"large-height":1024,"1536x1536":"https:\/\/d2q6z78khxmx42.cloudfront.net\/2016\/02\/VitrineetudiantePolytechnique_12.1_MSDLarchitectes_StephaneGroleau_04-1360x1536.jpg","1536x1536-width":1360,"1536x1536-height":1536,"2048x2048":"https:\/\/d2q6z78khxmx42.cloudfront.net\/2016\/02\/VitrineetudiantePolytechnique_12.1_MSDLarchitectes_StephaneGroleau_04.jpg","2048x2048-width":1378,"2048x2048-height":1556,"article":"https:\/\/d2q6z78khxmx42.cloudfront.net\/2016\/02\/VitrineetudiantePolytechnique_12.1_MSDLarchitectes_StephaneGroleau_04-960x540.jpg","article-width":960,"article-height":540,"banner":"https:\/\/d2q6z78khxmx42.cloudfront.net\/2016\/02\/VitrineetudiantePolytechnique_12.1_MSDLarchitectes_StephaneGroleau_04.jpg","banner-width":1378,"banner-height":1556,"block":"https:\/\/d2q6z78khxmx42.cloudfront.net\/2016\/02\/VitrineetudiantePolytechnique_12.1_MSDLarchitectes_StephaneGroleau_04-900x680.jpg","block-width":900,"block-height":680,"card":"https:\/\/d2q6z78khxmx42.cloudfront.net\/2016\/02\/VitrineetudiantePolytechnique_12.1_MSDLarchitectes_StephaneGroleau_04-560x495.jpg","card-width":560,"card-height":495,"card-thumbnail":"https:\/\/d2q6z78khxmx42.cloudfront.net\/2016\/02\/VitrineetudiantePolytechnique_12.1_MSDLarchitectes_StephaneGroleau_04-450x340.jpg","card-thumbnail-width":450,"card-thumbnail-height":340,"conference":"https:\/\/d2q6z78khxmx42.cloudfront.net\/2016\/02\/VitrineetudiantePolytechnique_12.1_MSDLarchitectes_StephaneGroleau_04-560x250.jpg","conference-width":560,"conference-height":250,"contest":"https:\/\/d2q6z78khxmx42.cloudfront.net\/2016\/02\/VitrineetudiantePolytechnique_12.1_MSDLarchitectes_StephaneGroleau_04-960x400.jpg","contest-width":960,"contest-height":400,"cta":"https:\/\/d2q6z78khxmx42.cloudfront.net\/2016\/02\/VitrineetudiantePolytechnique_12.1_MSDLarchitectes_StephaneGroleau_04-415x170.jpg","cta-width":415,"cta-height":170,"exhibitor":"https:\/\/d2q6z78khxmx42.cloudfront.net\/2016\/02\/VitrineetudiantePolytechnique_12.1_MSDLarchitectes_StephaneGroleau_04-560x560.jpg","exhibitor-width":560,"exhibitor-height":560,"gallery":"https:\/\/d2q6z78khxmx42.cloudfront.net\/2016\/02\/VitrineetudiantePolytechnique_12.1_MSDLarchitectes_StephaneGroleau_04-381x430.jpg","gallery-width":381,"gallery-height":430,"logo":"https:\/\/d2q6z78khxmx42.cloudfront.net\/2016\/02\/VitrineetudiantePolytechnique_12.1_MSDLarchitectes_StephaneGroleau_04-89x100.jpg","logo-width":89,"logo-height":100,"masonry":"https:\/\/d2q6z78khxmx42.cloudfront.net\/2016\/02\/VitrineetudiantePolytechnique_12.1_MSDLarchitectes_StephaneGroleau_04-550x621.jpg","masonry-width":550,"masonry-height":621,"modal":"https:\/\/d2q6z78khxmx42.cloudfront.net\/2016\/02\/VitrineetudiantePolytechnique_12.1_MSDLarchitectes_StephaneGroleau_04.jpg","modal-width":1378,"modal-height":1556,"number":"https:\/\/d2q6z78khxmx42.cloudfront.net\/2016\/02\/Ti7PGzcj-VitrineetudiantePolytechnique_12.1_MSDLarchitectes_StephaneGroleau_04-381x430.jpg","number-width":381,"number-height":430,"partner":"https:\/\/d2q6z78khxmx42.cloudfront.net\/2016\/02\/VitrineetudiantePolytechnique_12.1_MSDLarchitectes_StephaneGroleau_04-186x210.jpg","partner-width":186,"partner-height":210,"ranking":"https:\/\/d2q6z78khxmx42.cloudfront.net\/2016\/02\/Ti7PGzcj-VitrineetudiantePolytechnique_12.1_MSDLarchitectes_StephaneGroleau_04-960x540.jpg","ranking-width":960,"ranking-height":540,"schedule":"https:\/\/d2q6z78khxmx42.cloudfront.net\/2016\/02\/VitrineetudiantePolytechnique_12.1_MSDLarchitectes_StephaneGroleau_04-960x360.jpg","schedule-width":960,"schedule-height":360,"slideshow":"https:\/\/d2q6z78khxmx42.cloudfront.net\/2016\/02\/VitrineetudiantePolytechnique_12.1_MSDLarchitectes_StephaneGroleau_04-602x680.jpg","slideshow-width":602,"slideshow-height":680}},"attachment_category":[],"credit":""},{"image":{"ID":19961,"id":19961,"title":"VitrineetudiantePolytechnique_12.1_MSDLarchitectes_StephaneGroleau_05","filename":"VitrineetudiantePolytechnique_12.1_MSDLarchitectes_StephaneGroleau_05.jpg","filesize":0,"url":"https:\/\/d2q6z78khxmx42.cloudfront.net\/2016\/02\/VitrineetudiantePolytechnique_12.1_MSDLarchitectes_StephaneGroleau_05.jpg","link":"https:\/\/int.design\/en\/projects\/vitrine-etudiante-ecole-polytechnique-de-montreal\/vitrineetudiantepolytechnique_12-1_msdlarchitectes_stephanegroleau_05\/","alt":"","author":"5","description":"","caption":"","name":"vitrineetudiantepolytechnique_12-1_msdlarchitectes_stephanegroleau_05","status":"inherit","uploaded_to":3803,"date":"2020-09-29 11:37:18","modified":"2020-09-29 11:37:18","menu_order":0,"mime_type":"image\/jpeg","type":"image","subtype":"jpeg","icon":"https:\/\/int.design\/wp-includes\/images\/media\/default.png","width":768,"height":1167,"sizes":{"thumbnail":"https:\/\/d2q6z78khxmx42.cloudfront.net\/2016\/02\/VitrineetudiantePolytechnique_12.1_MSDLarchitectes_StephaneGroleau_05-150x150.jpg","thumbnail-width":150,"thumbnail-height":150,"medium":"https:\/\/d2q6z78khxmx42.cloudfront.net\/2016\/02\/VitrineetudiantePolytechnique_12.1_MSDLarchitectes_StephaneGroleau_05-197x300.jpg","medium-width":197,"medium-height":300,"medium_large":"https:\/\/d2q6z78khxmx42.cloudfront.net\/2016\/02\/VitrineetudiantePolytechnique_12.1_MSDLarchitectes_StephaneGroleau_05.jpg","medium_large-width":768,"medium_large-height":1167,"large":"https:\/\/d2q6z78khxmx42.cloudfront.net\/2016\/02\/VitrineetudiantePolytechnique_12.1_MSDLarchitectes_StephaneGroleau_05-674x1024.jpg","large-width":674,"large-height":1024,"1536x1536":"https:\/\/d2q6z78khxmx42.cloudfront.net\/2016\/02\/VitrineetudiantePolytechnique_12.1_MSDLarchitectes_StephaneGroleau_05.jpg","1536x1536-width":768,"1536x1536-height":1167,"2048x2048":"https:\/\/d2q6z78khxmx42.cloudfront.net\/2016\/02\/VitrineetudiantePolytechnique_12.1_MSDLarchitectes_StephaneGroleau_05.jpg","2048x2048-width":768,"2048x2048-height":1167,"article":"https:\/\/d2q6z78khxmx42.cloudfront.net\/2016\/02\/VitrineetudiantePolytechnique_12.1_MSDLarchitectes_StephaneGroleau_05-768x540.jpg","article-width":768,"article-height":540,"banner":"https:\/\/d2q6z78khxmx42.cloudfront.net\/2016\/02\/VitrineetudiantePolytechnique_12.1_MSDLarchitectes_StephaneGroleau_05.jpg","banner-width":768,"banner-height":1167,"block":"https:\/\/d2q6z78khxmx42.cloudfront.net\/2016\/02\/VitrineetudiantePolytechnique_12.1_MSDLarchitectes_StephaneGroleau_05-768x680.jpg","block-width":768,"block-height":680,"card":"https:\/\/d2q6z78khxmx42.cloudfront.net\/2016\/02\/VitrineetudiantePolytechnique_12.1_MSDLarchitectes_StephaneGroleau_05-560x495.jpg","card-width":560,"card-height":495,"card-thumbnail":"https:\/\/d2q6z78khxmx42.cloudfront.net\/2016\/02\/VitrineetudiantePolytechnique_12.1_MSDLarchitectes_StephaneGroleau_05-450x340.jpg","card-thumbnail-width":450,"card-thumbnail-height":340,"conference":"https:\/\/d2q6z78khxmx42.cloudfront.net\/2016\/02\/VitrineetudiantePolytechnique_12.1_MSDLarchitectes_StephaneGroleau_05-560x250.jpg","conference-width":560,"conference-height":250,"contest":"https:\/\/d2q6z78khxmx42.cloudfront.net\/2016\/02\/VitrineetudiantePolytechnique_12.1_MSDLarchitectes_StephaneGroleau_05-768x400.jpg","contest-width":768,"contest-height":400,"cta":"https:\/\/d2q6z78khxmx42.cloudfront.net\/2016\/02\/VitrineetudiantePolytechnique_12.1_MSDLarchitectes_StephaneGroleau_05-415x170.jpg","cta-width":415,"cta-height":170,"exhibitor":"https:\/\/d2q6z78khxmx42.cloudfront.net\/2016\/02\/VitrineetudiantePolytechnique_12.1_MSDLarchitectes_StephaneGroleau_05-560x560.jpg","exhibitor-width":560,"exhibitor-height":560,"gallery":"https:\/\/d2q6z78khxmx42.cloudfront.net\/2016\/02\/VitrineetudiantePolytechnique_12.1_MSDLarchitectes_StephaneGroleau_05-283x430.jpg","gallery-width":283,"gallery-height":430,"logo":"https:\/\/d2q6z78khxmx42.cloudfront.net\/2016\/02\/VitrineetudiantePolytechnique_12.1_MSDLarchitectes_StephaneGroleau_05-66x100.jpg","logo-width":66,"logo-height":100,"masonry":"https:\/\/d2q6z78khxmx42.cloudfront.net\/2016\/02\/VitrineetudiantePolytechnique_12.1_MSDLarchitectes_StephaneGroleau_05-550x836.jpg","masonry-width":550,"masonry-height":836,"modal":"https:\/\/d2q6z78khxmx42.cloudfront.net\/2016\/02\/VitrineetudiantePolytechnique_12.1_MSDLarchitectes_StephaneGroleau_05.jpg","modal-width":768,"modal-height":1167,"number":"https:\/\/d2q6z78khxmx42.cloudfront.net\/2016\/02\/FRKqyOIt-VitrineetudiantePolytechnique_12.1_MSDLarchitectes_StephaneGroleau_05-283x430.jpg","number-width":283,"number-height":430,"partner":"https:\/\/d2q6z78khxmx42.cloudfront.net\/2016\/02\/VitrineetudiantePolytechnique_12.1_MSDLarchitectes_StephaneGroleau_05-138x210.jpg","partner-width":138,"partner-height":210,"ranking":"https:\/\/d2q6z78khxmx42.cloudfront.net\/2016\/02\/FRKqyOIt-VitrineetudiantePolytechnique_12.1_MSDLarchitectes_StephaneGroleau_05-768x540.jpg","ranking-width":768,"ranking-height":540,"schedule":"https:\/\/d2q6z78khxmx42.cloudfront.net\/2016\/02\/VitrineetudiantePolytechnique_12.1_MSDLarchitectes_StephaneGroleau_05-768x360.jpg","schedule-width":768,"schedule-height":360,"slideshow":"https:\/\/d2q6z78khxmx42.cloudfront.net\/2016\/02\/VitrineetudiantePolytechnique_12.1_MSDLarchitectes_StephaneGroleau_05-448x680.jpg","slideshow-width":448,"slideshow-height":680}},"attachment_category":[],"credit":""},{"image":{"ID":19962,"id":19962,"title":"VitrineetudiantePolytechnique_12.1_MSDLarchitectes_StephaneGroleau_06","filename":"VitrineetudiantePolytechnique_12.1_MSDLarchitectes_StephaneGroleau_06.jpg","filesize":0,"url":"https:\/\/d2q6z78khxmx42.cloudfront.net\/2016\/02\/VitrineetudiantePolytechnique_12.1_MSDLarchitectes_StephaneGroleau_06.jpg","link":"https:\/\/int.design\/en\/projects\/vitrine-etudiante-ecole-polytechnique-de-montreal\/vitrineetudiantepolytechnique_12-1_msdlarchitectes_stephanegroleau_06\/","alt":"","author":"5","description":"","caption":"","name":"vitrineetudiantepolytechnique_12-1_msdlarchitectes_stephanegroleau_06","status":"inherit","uploaded_to":3803,"date":"2020-09-29 11:37:31","modified":"2020-09-29 11:37:31","menu_order":0,"mime_type":"image\/jpeg","type":"image","subtype":"jpeg","icon":"https:\/\/int.design\/wp-includes\/images\/media\/default.png","width":956,"height":1478,"sizes":{"thumbnail":"https:\/\/d2q6z78khxmx42.cloudfront.net\/2016\/02\/VitrineetudiantePolytechnique_12.1_MSDLarchitectes_StephaneGroleau_06-150x150.jpg","thumbnail-width":150,"thumbnail-height":150,"medium":"https:\/\/d2q6z78khxmx42.cloudfront.net\/2016\/02\/VitrineetudiantePolytechnique_12.1_MSDLarchitectes_StephaneGroleau_06-194x300.jpg","medium-width":194,"medium-height":300,"medium_large":"https:\/\/d2q6z78khxmx42.cloudfront.net\/2016\/02\/VitrineetudiantePolytechnique_12.1_MSDLarchitectes_StephaneGroleau_06-768x1187.jpg","medium_large-width":768,"medium_large-height":1187,"large":"https:\/\/d2q6z78khxmx42.cloudfront.net\/2016\/02\/VitrineetudiantePolytechnique_12.1_MSDLarchitectes_StephaneGroleau_06-662x1024.jpg","large-width":662,"large-height":1024,"1536x1536":"https:\/\/d2q6z78khxmx42.cloudfront.net\/2016\/02\/VitrineetudiantePolytechnique_12.1_MSDLarchitectes_StephaneGroleau_06.jpg","1536x1536-width":956,"1536x1536-height":1478,"2048x2048":"https:\/\/d2q6z78khxmx42.cloudfront.net\/2016\/02\/VitrineetudiantePolytechnique_12.1_MSDLarchitectes_StephaneGroleau_06.jpg","2048x2048-width":956,"2048x2048-height":1478,"article":"https:\/\/d2q6z78khxmx42.cloudfront.net\/2016\/02\/VitrineetudiantePolytechnique_12.1_MSDLarchitectes_StephaneGroleau_06-956x540.jpg","article-width":956,"article-height":540,"banner":"https:\/\/d2q6z78khxmx42.cloudfront.net\/2016\/02\/VitrineetudiantePolytechnique_12.1_MSDLarchitectes_StephaneGroleau_06.jpg","banner-width":956,"banner-height":1478,"block":"https:\/\/d2q6z78khxmx42.cloudfront.net\/2016\/02\/VitrineetudiantePolytechnique_12.1_MSDLarchitectes_StephaneGroleau_06-900x680.jpg","block-width":900,"block-height":680,"card":"https:\/\/d2q6z78khxmx42.cloudfront.net\/2016\/02\/VitrineetudiantePolytechnique_12.1_MSDLarchitectes_StephaneGroleau_06-560x495.jpg","card-width":560,"card-height":495,"card-thumbnail":"https:\/\/d2q6z78khxmx42.cloudfront.net\/2016\/02\/VitrineetudiantePolytechnique_12.1_MSDLarchitectes_StephaneGroleau_06-450x340.jpg","card-thumbnail-width":450,"card-thumbnail-height":340,"conference":"https:\/\/d2q6z78khxmx42.cloudfront.net\/2016\/02\/VitrineetudiantePolytechnique_12.1_MSDLarchitectes_StephaneGroleau_06-560x250.jpg","conference-width":560,"conference-height":250,"contest":"https:\/\/d2q6z78khxmx42.cloudfront.net\/2016\/02\/VitrineetudiantePolytechnique_12.1_MSDLarchitectes_StephaneGroleau_06-956x400.jpg","contest-width":956,"contest-height":400,"cta":"https:\/\/d2q6z78khxmx42.cloudfront.net\/2016\/02\/VitrineetudiantePolytechnique_12.1_MSDLarchitectes_StephaneGroleau_06-415x170.jpg","cta-width":415,"cta-height":170,"exhibitor":"https:\/\/d2q6z78khxmx42.cloudfront.net\/2016\/02\/VitrineetudiantePolytechnique_12.1_MSDLarchitectes_StephaneGroleau_06-560x560.jpg","exhibitor-width":560,"exhibitor-height":560,"gallery":"https:\/\/d2q6z78khxmx42.cloudfront.net\/2016\/02\/VitrineetudiantePolytechnique_12.1_MSDLarchitectes_StephaneGroleau_06-278x430.jpg","gallery-width":278,"gallery-height":430,"logo":"https:\/\/d2q6z78khxmx42.cloudfront.net\/2016\/02\/VitrineetudiantePolytechnique_12.1_MSDLarchitectes_StephaneGroleau_06-65x100.jpg","logo-width":65,"logo-height":100,"masonry":"https:\/\/d2q6z78khxmx42.cloudfront.net\/2016\/02\/VitrineetudiantePolytechnique_12.1_MSDLarchitectes_StephaneGroleau_06-550x850.jpg","masonry-width":550,"masonry-height":850,"modal":"https:\/\/d2q6z78khxmx42.cloudfront.net\/2016\/02\/VitrineetudiantePolytechnique_12.1_MSDLarchitectes_StephaneGroleau_06.jpg","modal-width":956,"modal-height":1478,"number":"https:\/\/d2q6z78khxmx42.cloudfront.net\/2016\/02\/wnmBG0mO-VitrineetudiantePolytechnique_12.1_MSDLarchitectes_StephaneGroleau_06-278x430.jpg","number-width":278,"number-height":430,"partner":"https:\/\/d2q6z78khxmx42.cloudfront.net\/2016\/02\/VitrineetudiantePolytechnique_12.1_MSDLarchitectes_StephaneGroleau_06-136x210.jpg","partner-width":136,"partner-height":210,"ranking":"https:\/\/d2q6z78khxmx42.cloudfront.net\/2016\/02\/wnmBG0mO-VitrineetudiantePolytechnique_12.1_MSDLarchitectes_StephaneGroleau_06-956x540.jpg","ranking-width":956,"ranking-height":540,"schedule":"https:\/\/d2q6z78khxmx42.cloudfront.net\/2016\/02\/VitrineetudiantePolytechnique_12.1_MSDLarchitectes_StephaneGroleau_06-956x360.jpg","schedule-width":956,"schedule-height":360,"slideshow":"https:\/\/d2q6z78khxmx42.cloudfront.net\/2016\/02\/VitrineetudiantePolytechnique_12.1_MSDLarchitectes_StephaneGroleau_06-440x680.jpg","slideshow-width":440,"slideshow-height":680}},"attachment_category":[],"credit":""},{"image":{"ID":19963,"id":19963,"title":"VitrineetudiantePolytechnique_12.1_MSDLarchitectes_StephaneGroleau_07","filename":"VitrineetudiantePolytechnique_12.1_MSDLarchitectes_StephaneGroleau_07.jpg","filesize":0,"url":"https:\/\/d2q6z78khxmx42.cloudfront.net\/2016\/02\/VitrineetudiantePolytechnique_12.1_MSDLarchitectes_StephaneGroleau_07.jpg","link":"https:\/\/int.design\/en\/projects\/vitrine-etudiante-ecole-polytechnique-de-montreal\/vitrineetudiantepolytechnique_12-1_msdlarchitectes_stephanegroleau_07\/","alt":"","author":"5","description":"","caption":"","name":"vitrineetudiantepolytechnique_12-1_msdlarchitectes_stephanegroleau_07","status":"inherit","uploaded_to":3803,"date":"2020-09-29 11:37:56","modified":"2020-09-29 11:37:56","menu_order":0,"mime_type":"image\/jpeg","type":"image","subtype":"jpeg","icon":"https:\/\/int.design\/wp-includes\/images\/media\/default.png","width":1364,"height":1239,"sizes":{"thumbnail":"https:\/\/d2q6z78khxmx42.cloudfront.net\/2016\/02\/VitrineetudiantePolytechnique_12.1_MSDLarchitectes_StephaneGroleau_07-150x150.jpg","thumbnail-width":150,"thumbnail-height":150,"medium":"https:\/\/d2q6z78khxmx42.cloudfront.net\/2016\/02\/VitrineetudiantePolytechnique_12.1_MSDLarchitectes_StephaneGroleau_07-300x273.jpg","medium-width":300,"medium-height":273,"medium_large":"https:\/\/d2q6z78khxmx42.cloudfront.net\/2016\/02\/VitrineetudiantePolytechnique_12.1_MSDLarchitectes_StephaneGroleau_07-768x698.jpg","medium_large-width":768,"medium_large-height":698,"large":"https:\/\/d2q6z78khxmx42.cloudfront.net\/2016\/02\/VitrineetudiantePolytechnique_12.1_MSDLarchitectes_StephaneGroleau_07-1024x930.jpg","large-width":1024,"large-height":930,"1536x1536":"https:\/\/d2q6z78khxmx42.cloudfront.net\/2016\/02\/VitrineetudiantePolytechnique_12.1_MSDLarchitectes_StephaneGroleau_07.jpg","1536x1536-width":1364,"1536x1536-height":1239,"2048x2048":"https:\/\/d2q6z78khxmx42.cloudfront.net\/2016\/02\/VitrineetudiantePolytechnique_12.1_MSDLarchitectes_StephaneGroleau_07.jpg","2048x2048-width":1364,"2048x2048-height":1239,"article":"https:\/\/d2q6z78khxmx42.cloudfront.net\/2016\/02\/VitrineetudiantePolytechnique_12.1_MSDLarchitectes_StephaneGroleau_07-960x540.jpg","article-width":960,"article-height":540,"banner":"https:\/\/d2q6z78khxmx42.cloudfront.net\/2016\/02\/VitrineetudiantePolytechnique_12.1_MSDLarchitectes_StephaneGroleau_07.jpg","banner-width":1364,"banner-height":1239,"block":"https:\/\/d2q6z78khxmx42.cloudfront.net\/2016\/02\/VitrineetudiantePolytechnique_12.1_MSDLarchitectes_StephaneGroleau_07-900x680.jpg","block-width":900,"block-height":680,"card":"https:\/\/d2q6z78khxmx42.cloudfront.net\/2016\/02\/VitrineetudiantePolytechnique_12.1_MSDLarchitectes_StephaneGroleau_07-560x495.jpg","card-width":560,"card-height":495,"card-thumbnail":"https:\/\/d2q6z78khxmx42.cloudfront.net\/2016\/02\/VitrineetudiantePolytechnique_12.1_MSDLarchitectes_StephaneGroleau_07-450x340.jpg","card-thumbnail-width":450,"card-thumbnail-height":340,"conference":"https:\/\/d2q6z78khxmx42.cloudfront.net\/2016\/02\/VitrineetudiantePolytechnique_12.1_MSDLarchitectes_StephaneGroleau_07-560x250.jpg","conference-width":560,"conference-height":250,"contest":"https:\/\/d2q6z78khxmx42.cloudfront.net\/2016\/02\/VitrineetudiantePolytechnique_12.1_MSDLarchitectes_StephaneGroleau_07-960x400.jpg","contest-width":960,"contest-height":400,"cta":"https:\/\/d2q6z78khxmx42.cloudfront.net\/2016\/02\/VitrineetudiantePolytechnique_12.1_MSDLarchitectes_StephaneGroleau_07-415x170.jpg","cta-width":415,"cta-height":170,"exhibitor":"https:\/\/d2q6z78khxmx42.cloudfront.net\/2016\/02\/VitrineetudiantePolytechnique_12.1_MSDLarchitectes_StephaneGroleau_07-560x560.jpg","exhibitor-width":560,"exhibitor-height":560,"gallery":"https:\/\/d2q6z78khxmx42.cloudfront.net\/2016\/02\/VitrineetudiantePolytechnique_12.1_MSDLarchitectes_StephaneGroleau_07-473x430.jpg","gallery-width":473,"gallery-height":430,"logo":"https:\/\/d2q6z78khxmx42.cloudfront.net\/2016\/02\/VitrineetudiantePolytechnique_12.1_MSDLarchitectes_StephaneGroleau_07-110x100.jpg","logo-width":110,"logo-height":100,"masonry":"https:\/\/d2q6z78khxmx42.cloudfront.net\/2016\/02\/VitrineetudiantePolytechnique_12.1_MSDLarchitectes_StephaneGroleau_07-550x500.jpg","masonry-width":550,"masonry-height":500,"modal":"https:\/\/d2q6z78khxmx42.cloudfront.net\/2016\/02\/VitrineetudiantePolytechnique_12.1_MSDLarchitectes_StephaneGroleau_07.jpg","modal-width":1364,"modal-height":1239,"number":"https:\/\/d2q6z78khxmx42.cloudfront.net\/2016\/02\/1aOlH5Yj-VitrineetudiantePolytechnique_12.1_MSDLarchitectes_StephaneGroleau_07-473x430.jpg","number-width":473,"number-height":430,"partner":"https:\/\/d2q6z78khxmx42.cloudfront.net\/2016\/02\/VitrineetudiantePolytechnique_12.1_MSDLarchitectes_StephaneGroleau_07-231x210.jpg","partner-width":231,"partner-height":210,"ranking":"https:\/\/d2q6z78khxmx42.cloudfront.net\/2016\/02\/1aOlH5Yj-VitrineetudiantePolytechnique_12.1_MSDLarchitectes_StephaneGroleau_07-960x540.jpg","ranking-width":960,"ranking-height":540,"schedule":"https:\/\/d2q6z78khxmx42.cloudfront.net\/2016\/02\/VitrineetudiantePolytechnique_12.1_MSDLarchitectes_StephaneGroleau_07-960x360.jpg","schedule-width":960,"schedule-height":360,"slideshow":"https:\/\/d2q6z78khxmx42.cloudfront.net\/2016\/02\/VitrineetudiantePolytechnique_12.1_MSDLarchitectes_StephaneGroleau_07-749x680.jpg","slideshow-width":749,"slideshow-height":680}},"attachment_category":[],"credit":""},{"image":{"ID":19964,"id":19964,"title":"VitrineetudiantePolytechnique_12.1_MSDLarchitectes_StephaneGroleau_08","filename":"VitrineetudiantePolytechnique_12.1_MSDLarchitectes_StephaneGroleau_08.jpg","filesize":0,"url":"https:\/\/d2q6z78khxmx42.cloudfront.net\/2016\/02\/VitrineetudiantePolytechnique_12.1_MSDLarchitectes_StephaneGroleau_08.jpg","link":"https:\/\/int.design\/en\/projects\/vitrine-etudiante-ecole-polytechnique-de-montreal\/vitrineetudiantepolytechnique_12-1_msdlarchitectes_stephanegroleau_08\/","alt":"","author":"5","description":"","caption":"","name":"vitrineetudiantepolytechnique_12-1_msdlarchitectes_stephanegroleau_08","status":"inherit","uploaded_to":3803,"date":"2020-09-29 11:38:11","modified":"2020-09-29 11:38:11","menu_order":0,"mime_type":"image\/jpeg","type":"image","subtype":"jpeg","icon":"https:\/\/int.design\/wp-includes\/images\/media\/default.png","width":2285,"height":815,"sizes":{"thumbnail":"https:\/\/d2q6z78khxmx42.cloudfront.net\/2016\/02\/VitrineetudiantePolytechnique_12.1_MSDLarchitectes_StephaneGroleau_08-150x150.jpg","thumbnail-width":150,"thumbnail-height":150,"medium":"https:\/\/d2q6z78khxmx42.cloudfront.net\/2016\/02\/VitrineetudiantePolytechnique_12.1_MSDLarchitectes_StephaneGroleau_08-300x107.jpg","medium-width":300,"medium-height":107,"medium_large":"https:\/\/d2q6z78khxmx42.cloudfront.net\/2016\/02\/VitrineetudiantePolytechnique_12.1_MSDLarchitectes_StephaneGroleau_08-768x274.jpg","medium_large-width":768,"medium_large-height":274,"large":"https:\/\/d2q6z78khxmx42.cloudfront.net\/2016\/02\/VitrineetudiantePolytechnique_12.1_MSDLarchitectes_StephaneGroleau_08-1024x365.jpg","large-width":1024,"large-height":365,"1536x1536":"https:\/\/d2q6z78khxmx42.cloudfront.net\/2016\/02\/VitrineetudiantePolytechnique_12.1_MSDLarchitectes_StephaneGroleau_08-1536x548.jpg","1536x1536-width":1536,"1536x1536-height":548,"2048x2048":"https:\/\/d2q6z78khxmx42.cloudfront.net\/2016\/02\/VitrineetudiantePolytechnique_12.1_MSDLarchitectes_StephaneGroleau_08-2048x730.jpg","2048x2048-width":2048,"2048x2048-height":730,"article":"https:\/\/d2q6z78khxmx42.cloudfront.net\/2016\/02\/VitrineetudiantePolytechnique_12.1_MSDLarchitectes_StephaneGroleau_08-960x540.jpg","article-width":960,"article-height":540,"banner":"https:\/\/d2q6z78khxmx42.cloudfront.net\/2016\/02\/VitrineetudiantePolytechnique_12.1_MSDLarchitectes_StephaneGroleau_08-1920x685.jpg","banner-width":1920,"banner-height":685,"block":"https:\/\/d2q6z78khxmx42.cloudfront.net\/2016\/02\/VitrineetudiantePolytechnique_12.1_MSDLarchitectes_StephaneGroleau_08-900x680.jpg","block-width":900,"block-height":680,"card":"https:\/\/d2q6z78khxmx42.cloudfront.net\/2016\/02\/VitrineetudiantePolytechnique_12.1_MSDLarchitectes_StephaneGroleau_08-560x495.jpg","card-width":560,"card-height":495,"card-thumbnail":"https:\/\/d2q6z78khxmx42.cloudfront.net\/2016\/02\/VitrineetudiantePolytechnique_12.1_MSDLarchitectes_StephaneGroleau_08-450x340.jpg","card-thumbnail-width":450,"card-thumbnail-height":340,"conference":"https:\/\/d2q6z78khxmx42.cloudfront.net\/2016\/02\/VitrineetudiantePolytechnique_12.1_MSDLarchitectes_StephaneGroleau_08-560x250.jpg","conference-width":560,"conference-height":250,"contest":"https:\/\/d2q6z78khxmx42.cloudfront.net\/2016\/02\/VitrineetudiantePolytechnique_12.1_MSDLarchitectes_StephaneGroleau_08-960x400.jpg","contest-width":960,"contest-height":400,"cta":"https:\/\/d2q6z78khxmx42.cloudfront.net\/2016\/02\/VitrineetudiantePolytechnique_12.1_MSDLarchitectes_StephaneGroleau_08-415x170.jpg","cta-width":415,"cta-height":170,"exhibitor":"https:\/\/d2q6z78khxmx42.cloudfront.net\/2016\/02\/VitrineetudiantePolytechnique_12.1_MSDLarchitectes_StephaneGroleau_08-560x560.jpg","exhibitor-width":560,"exhibitor-height":560,"gallery":"https:\/\/d2q6z78khxmx42.cloudfront.net\/2016\/02\/VitrineetudiantePolytechnique_12.1_MSDLarchitectes_StephaneGroleau_08-560x200.jpg","gallery-width":560,"gallery-height":200,"logo":"https:\/\/d2q6z78khxmx42.cloudfront.net\/2016\/02\/VitrineetudiantePolytechnique_12.1_MSDLarchitectes_StephaneGroleau_08-235x84.jpg","logo-width":235,"logo-height":84,"masonry":"https:\/\/d2q6z78khxmx42.cloudfront.net\/2016\/02\/VitrineetudiantePolytechnique_12.1_MSDLarchitectes_StephaneGroleau_08-550x196.jpg","masonry-width":550,"masonry-height":196,"modal":"https:\/\/d2q6z78khxmx42.cloudfront.net\/2016\/02\/mezqSYCN-VitrineetudiantePolytechnique_12.1_MSDLarchitectes_StephaneGroleau_08-1920x685.jpg","modal-width":1920,"modal-height":685,"number":"https:\/\/d2q6z78khxmx42.cloudfront.net\/2016\/02\/mezqSYCN-VitrineetudiantePolytechnique_12.1_MSDLarchitectes_StephaneGroleau_08-560x200.jpg","number-width":560,"number-height":200,"partner":"https:\/\/d2q6z78khxmx42.cloudfront.net\/2016\/02\/VitrineetudiantePolytechnique_12.1_MSDLarchitectes_StephaneGroleau_08-275x98.jpg","partner-width":275,"partner-height":98,"ranking":"https:\/\/d2q6z78khxmx42.cloudfront.net\/2016\/02\/mezqSYCN-VitrineetudiantePolytechnique_12.1_MSDLarchitectes_StephaneGroleau_08-960x540.jpg","ranking-width":960,"ranking-height":540,"schedule":"https:\/\/d2q6z78khxmx42.cloudfront.net\/2016\/02\/VitrineetudiantePolytechnique_12.1_MSDLarchitectes_StephaneGroleau_08-960x360.jpg","schedule-width":960,"schedule-height":360,"slideshow":"https:\/\/d2q6z78khxmx42.cloudfront.net\/2016\/02\/VitrineetudiantePolytechnique_12.1_MSDLarchitectes_StephaneGroleau_08-1907x680.jpg","slideshow-width":1907,"slideshow-height":680}},"attachment_category":[],"credit":""}],"mandatory_documents":false,"optional_documents":false,"web_text":{"fr":"","en":"","original":""},"jury_text":false,"different_jury_text":false,"different_category_text":false},"laureats":[],"contest_id":"1767","contest_title":"GRANDS PRIX DU DESIGN - 9e \u00e9dition","firms":[],"user":{"email":"old_edition@agencepid.com","first_name":"Old Edition","last_name":"Participant"},"doc_texts_web":{"fr":"<p>Dans le cadre du r\u00e9am\u00e9nagement de la Vitrine \u00e9tudiante de<br \/>\nPolytechnique Montr\u00e9al, le d\u00e9sir d\u2019un espace chaleureux, convivial et<br \/>\ndistinctif \u00e9tait au premier plan des intentions conceptuelles et a command\u00e9<br \/>\nl\u2019usage du bois.<br \/>\nL\u2019approche conceptuelle s\u2019anime donc dans le d\u00e9ploiement d\u2019une<br \/>\nimmense structure de bois dont les ondulations rappellent celles d\u2019une<br \/>\nvoile soulignant la densit\u00e9 des circulations qui caract\u00e9risent les lieux.<br \/>\nLe maillage semble bouger avec souplesse, comme m\u00fb par le vent.<br \/>\nL\u2019\u00e9clairage participe \u00e0 ce mouvement, tra\u00e7ant des formes lumineuses<br \/>\nsur les surfaces.<br \/>\nV\u00e9ritable prouesse technique, cette armature de forme irr\u00e9guli\u00e8re<br \/>\nfaite de lamelles de bois fait office de filtre acoustique, contribuant \u00e0<br \/>\natt\u00e9nuer le bruit ambiant.<br \/>\nL\u2019assemblage des 641 pi\u00e8ces de bois dans un syst\u00e8me amovible<br \/>\naura permis ce geste souple, cr\u00e9ant une atmosph\u00e8re dynamique et<br \/>\nsereine \u00e0 la fois.<br \/>\nMobilier ou plafond, le bois donne coh\u00e9rence et identit\u00e9 \u00e0 la Vitrine<br \/>\n\u00e9tudiante de Polytechnique, et sa chaleur est un remarquable contrepoids<br \/>\nau b\u00e9ton brut qui jouxte l\u2019espace.<br \/>\nLe jury a constat\u00e9 avec ravissement que l\u2019utilisation du bois par sa<br \/>\nforme en souplesse a cr\u00e9\u00e9 une dimension organique ; qui plus est, le<br \/>\nrythme structural d\u00e9passe l\u2019application simple du bois et devient une<br \/>\nforme qui fait l\u2019espace.<\/p>\n","en":"<p>The aim of the renovation of the \u00c9cole Polytechnique de Montr\u00e9al\u2019s Vitrine \u00e9tudiante, or student zone, was to create a warm, convivial and distinctive space, and wood, naturally, emerged as a material by which to achieve this. It took form as an immense, wood structure, whose undulating shapes evoked a billowing sail and underscored the notion of movement in this high-traffic location. The side-by-side wood panels create a pattern of waves that seem to ripple in the wind. The effect is enhanced by the lighting defining shapes on the surfaces. Building this artful configuration was a technical feat. The 641 irregularly shaped boards, whose acoustical properties also contribute to attenuating the ambient noise, are attached to a removable system. They run down the walls to the floor, where they become seating. Thus used as both furniture and a ceiling treatment, wood brings a coherence and identity to the Vitrine \u00e9tudiante, its warmth providing a striking contrast with the exposed concrete in the adjacent area. The jury remarked on the ingenious use of wood to create a flowing, organic shape. It also noted the structural rhythm that went beyond a simple technical use of wood, itself becoming a shape within the space.<\/p>\n"},"permalinks":{"fr":"https:\/\/int.design\/fr\/projets\/vitrine-etudiante_-ecole-polytechnique-montreal\/","en":"https:\/\/int.design\/en\/projects\/vitrine-etudiante-ecole-polytechnique-de-montreal\/"},"titles":{"fr":"Vitrine \u00e9tudiante_ \u00c9cole Polytechnique Montr\u00e9al","en":"Vitrine \u00e9tudiante, \u00c9cole Polytechnique de Montr\u00e9al"},"wp_fields":{"informations":{"fr":[{"content_type":"text","title":"Design","content":"MENKES SHOONER DAGENAIS LETOURNEUX Architectes","link":null},{"content_type":"text","title":"Cat\u00e9gorie","content":"Prix valorisation du mat\u00e9riau bois dans un design d'int\u00e9rieur","link":null}],"en":[{"content_type":"text","title":"Design","content":"MENKES SHOONER DAGENAIS LETOURNEUX Architectes ","link":null},{"content_type":"text","title":"Category","content":"Showcasing Wood in an Interior Design award ","link":null}]}},"laravel_id":""},"_links":{"self":[{"href":"https:\/\/int.design\/fr\/wp-json\/wp\/v2\/project\/3283","targetHints":{"allow":["GET"]}}],"collection":[{"href":"https:\/\/int.design\/fr\/wp-json\/wp\/v2\/project"}],"about":[{"href":"https:\/\/int.design\/fr\/wp-json\/wp\/v2\/types\/project"}],"wp:attachment":[{"href":"https:\/\/int.design\/fr\/wp-json\/wp\/v2\/media?parent=3283"}],"curies":[{"name":"wp","href":"https:\/\/api.w.org\/{rel}","templated":true}]}}