{"id":32635,"date":"2021-07-14T19:44:04","date_gmt":"2021-07-14T23:44:04","guid":{"rendered":"https:\/\/int.design\/?post_type=project&#038;p=32635"},"modified":"2021-07-16T13:42:53","modified_gmt":"2021-07-16T17:42:53","slug":"parcs-nature-montreal","status":"publish","type":"project","link":"https:\/\/int.design\/fr\/projets\/parcs-nature-montreal\/","title":{"rendered":"Parcs Nature Montr\u00e9al"},"content":{"rendered":"","protected":false},"template":"","class_list":["post-32635","project","type-project","status-publish","hentry","project_category-design-urbain-architecture-de-paysage-et-amenagement-paysager","project_category-architecture-de-paysage-de-projet-a-caractere-environnemental","project_category-architecture-de-paysage"],"acf":[],"yoast_head":"<!-- This site is optimized with the Yoast SEO plugin v21.5 - https:\/\/yoast.com\/wordpress\/plugins\/seo\/ -->\n<title>Parcs Nature Montr\u00e9al - INT Design<\/title>\n<meta name=\"robots\" content=\"index, follow, max-snippet:-1, max-image-preview:large, max-video-preview:-1\" \/>\n<link rel=\"canonical\" href=\"https:\/\/int.design\/fr\/projets\/parcs-nature-montreal\/\" \/>\n<meta property=\"og:locale\" content=\"fr_FR\" \/>\n<meta property=\"og:type\" content=\"article\" \/>\n<meta property=\"og:title\" content=\"Parcs Nature Montr\u00e9al - INT Design\" \/>\n<meta property=\"og:url\" content=\"https:\/\/int.design\/fr\/projets\/parcs-nature-montreal\/\" \/>\n<meta property=\"og:site_name\" content=\"INT Design\" \/>\n<meta property=\"article:modified_time\" content=\"2021-07-16T17:42:53+00:00\" \/>\n<meta name=\"twitter:card\" content=\"summary_large_image\" \/>\n<script type=\"application\/ld+json\" class=\"yoast-schema-graph\">{\"@context\":\"https:\/\/schema.org\",\"@graph\":[{\"@type\":\"WebPage\",\"@id\":\"https:\/\/int.design\/fr\/projets\/parcs-nature-montreal\/\",\"url\":\"https:\/\/int.design\/fr\/projets\/parcs-nature-montreal\/\",\"name\":\"Parcs Nature Montr\u00e9al - INT Design\",\"isPartOf\":{\"@id\":\"https:\/\/int.design\/fr\/#website\"},\"datePublished\":\"2021-07-14T23:44:04+00:00\",\"dateModified\":\"2021-07-16T17:42:53+00:00\",\"breadcrumb\":{\"@id\":\"https:\/\/int.design\/fr\/projets\/parcs-nature-montreal\/#breadcrumb\"},\"inLanguage\":\"fr-FR\",\"potentialAction\":[{\"@type\":\"ReadAction\",\"target\":[\"https:\/\/int.design\/fr\/projets\/parcs-nature-montreal\/\"]}]},{\"@type\":\"BreadcrumbList\",\"@id\":\"https:\/\/int.design\/fr\/projets\/parcs-nature-montreal\/#breadcrumb\",\"itemListElement\":[{\"@type\":\"ListItem\",\"position\":1,\"name\":\"Home\",\"item\":\"https:\/\/int.design\/fr\/\"},{\"@type\":\"ListItem\",\"position\":2,\"name\":\"Projects\",\"item\":\"https:\/\/int.design\/en\/projects\/\"},{\"@type\":\"ListItem\",\"position\":3,\"name\":\"Parcs Nature Montr\u00e9al\"}]},{\"@type\":\"WebSite\",\"@id\":\"https:\/\/int.design\/fr\/#website\",\"url\":\"https:\/\/int.design\/fr\/\",\"name\":\"INT Design\",\"description\":\"\",\"potentialAction\":[{\"@type\":\"SearchAction\",\"target\":{\"@type\":\"EntryPoint\",\"urlTemplate\":\"https:\/\/int.design\/fr\/?s={search_term_string}\"},\"query-input\":\"required name=search_term_string\"}],\"inLanguage\":\"fr-FR\"}]}<\/script>\n<!-- \/ Yoast SEO plugin. -->","yoast_head_json":{"title":"Parcs Nature Montr\u00e9al - INT Design","robots":{"index":"index","follow":"follow","max-snippet":"max-snippet:-1","max-image-preview":"max-image-preview:large","max-video-preview":"max-video-preview:-1"},"canonical":"https:\/\/int.design\/fr\/projets\/parcs-nature-montreal\/","og_locale":"fr_FR","og_type":"article","og_title":"Parcs Nature Montr\u00e9al - INT Design","og_url":"https:\/\/int.design\/fr\/projets\/parcs-nature-montreal\/","og_site_name":"INT Design","article_modified_time":"2021-07-16T17:42:53+00:00","twitter_card":"summary_large_image","schema":{"@context":"https:\/\/schema.org","@graph":[{"@type":"WebPage","@id":"https:\/\/int.design\/fr\/projets\/parcs-nature-montreal\/","url":"https:\/\/int.design\/fr\/projets\/parcs-nature-montreal\/","name":"Parcs Nature Montr\u00e9al - INT Design","isPartOf":{"@id":"https:\/\/int.design\/fr\/#website"},"datePublished":"2021-07-14T23:44:04+00:00","dateModified":"2021-07-16T17:42:53+00:00","breadcrumb":{"@id":"https:\/\/int.design\/fr\/projets\/parcs-nature-montreal\/#breadcrumb"},"inLanguage":"fr-FR","potentialAction":[{"@type":"ReadAction","target":["https:\/\/int.design\/fr\/projets\/parcs-nature-montreal\/"]}]},{"@type":"BreadcrumbList","@id":"https:\/\/int.design\/fr\/projets\/parcs-nature-montreal\/#breadcrumb","itemListElement":[{"@type":"ListItem","position":1,"name":"Home","item":"https:\/\/int.design\/fr\/"},{"@type":"ListItem","position":2,"name":"Projects","item":"https:\/\/int.design\/en\/projects\/"},{"@type":"ListItem","position":3,"name":"Parcs Nature Montr\u00e9al"}]},{"@type":"WebSite","@id":"https:\/\/int.design\/fr\/#website","url":"https:\/\/int.design\/fr\/","name":"INT Design","description":"","potentialAction":[{"@type":"SearchAction","target":{"@type":"EntryPoint","urlTemplate":"https:\/\/int.design\/fr\/?s={search_term_string}"},"query-input":"required name=search_term_string"}],"inLanguage":"fr-FR"}]}},"entry":{"cats":{"disciplines":[{"id":127,"name":"Design urbain, architecture de paysage &amp; am\u00e9nagement paysager"}],"big_cats":[{"id":180,"name":"Architecture de paysage"}],"sub_cats":[{"id":275,"name":"Architecture de paysage de projet \u00e0 caract\u00e8re environnemental","parent":180}]},"entry":{"":null,"status":"completed","winner_title":"Lemay","winner_prize_lang":"","title_translatable":false,"title_en":"","title_fr":"","releve_award":false,"releve_award_cv":false,"collaboration":false,"collaboration_firms":false,"other_firms":[{"name":"Lemay","website":"lemay.com","category":"Landscape Architecture","category_tax":false},{"name":"Pasquin St-Jean et Associ\u00e9s.","website":"https:\/\/www.portailconstructo.com\/batiguide\/pasquin_st_jean_associes_inc","category":"Engineering","category_tax":false},{"name":"Groupe Deric","website":"https:\/\/www.groupederic.ca\/","category":"General Contractor","category_tax":false}],"owner":{"name":"Ville de Montr\u00e9al","confidential":false,"website":"lemay.com","contact_name":"","email":"agagnier@lemay.com","phone":""},"address":{"address":"","city":"Montreal","region":"Montr\u00e9al","province":"QC","country":"CA","postal_code":""},"logos":false,"use_logo":false,"designers":[{"name":"Patricia Lussier","credit":"","image":{"ID":33548,"id":33548,"title":"Portrait_PatriciaLussier_NB01_v01","filename":"8_Portrait_PatriciaLussier_NB01_v01-scaled.jpg","filesize":0,"url":"https:\/\/int.design\/wp-content\/uploads\/2020\/12\/8_Portrait_PatriciaLussier_NB01_v01-scaled.jpg","link":"https:\/\/int.design\/fr\/projets\/parcs-nature-montreal\/portrait_patricialussier_nb01_v01-4\/","alt":"","author":"158","description":"","caption":"","name":"portrait_patricialussier_nb01_v01-4","status":"inherit","uploaded_to":32635,"date":"2020-12-11 23:31:02","modified":"2020-12-11 23:31:16","menu_order":0,"mime_type":"image\/jpeg","type":"image","subtype":"jpeg","icon":"https:\/\/int.design\/wp-includes\/images\/media\/default.png","width":2560,"height":1707,"sizes":{"thumbnail":"https:\/\/int.design\/wp-content\/uploads\/2020\/12\/8_Portrait_PatriciaLussier_NB01_v01-150x150.jpg","thumbnail-width":150,"thumbnail-height":150,"medium":"https:\/\/int.design\/wp-content\/uploads\/2020\/12\/8_Portrait_PatriciaLussier_NB01_v01-300x200.jpg","medium-width":300,"medium-height":200,"medium_large":"https:\/\/int.design\/wp-content\/uploads\/2020\/12\/8_Portrait_PatriciaLussier_NB01_v01-768x512.jpg","medium_large-width":768,"medium_large-height":512,"large":"https:\/\/int.design\/wp-content\/uploads\/2020\/12\/8_Portrait_PatriciaLussier_NB01_v01-1024x683.jpg","large-width":1024,"large-height":683,"1536x1536":"https:\/\/int.design\/wp-content\/uploads\/2020\/12\/8_Portrait_PatriciaLussier_NB01_v01-1536x1024.jpg","1536x1536-width":1536,"1536x1536-height":1024,"2048x2048":"https:\/\/int.design\/wp-content\/uploads\/2020\/12\/8_Portrait_PatriciaLussier_NB01_v01-2048x1365.jpg","2048x2048-width":2048,"2048x2048-height":1365,"article":"https:\/\/int.design\/wp-content\/uploads\/2020\/12\/8_Portrait_PatriciaLussier_NB01_v01-960x540.jpg","article-width":960,"article-height":540,"banner":"https:\/\/int.design\/wp-content\/uploads\/2020\/12\/8_Portrait_PatriciaLussier_NB01_v01-1920x1280.jpg","banner-width":1920,"banner-height":1280,"block":"https:\/\/int.design\/wp-content\/uploads\/2020\/12\/8_Portrait_PatriciaLussier_NB01_v01-900x680.jpg","block-width":900,"block-height":680,"card":"https:\/\/int.design\/wp-content\/uploads\/2020\/12\/8_Portrait_PatriciaLussier_NB01_v01-560x495.jpg","card-width":560,"card-height":495,"card-thumbnail":"https:\/\/int.design\/wp-content\/uploads\/2020\/12\/8_Portrait_PatriciaLussier_NB01_v01-450x340.jpg","card-thumbnail-width":450,"card-thumbnail-height":340,"conference":"https:\/\/int.design\/wp-content\/uploads\/2020\/12\/8_Portrait_PatriciaLussier_NB01_v01-560x250.jpg","conference-width":560,"conference-height":250,"contest":"https:\/\/int.design\/wp-content\/uploads\/2020\/12\/8_Portrait_PatriciaLussier_NB01_v01-960x400.jpg","contest-width":960,"contest-height":400,"cta":"https:\/\/int.design\/wp-content\/uploads\/2020\/12\/8_Portrait_PatriciaLussier_NB01_v01-415x170.jpg","cta-width":415,"cta-height":170,"exhibitor":"https:\/\/int.design\/wp-content\/uploads\/2020\/12\/8_Portrait_PatriciaLussier_NB01_v01-560x560.jpg","exhibitor-width":560,"exhibitor-height":560,"gallery":"https:\/\/int.design\/wp-content\/uploads\/2020\/12\/8_Portrait_PatriciaLussier_NB01_v01-560x373.jpg","gallery-width":560,"gallery-height":373,"logo":"https:\/\/int.design\/wp-content\/uploads\/2020\/12\/8_Portrait_PatriciaLussier_NB01_v01-150x100.jpg","logo-width":150,"logo-height":100,"masonry":"https:\/\/int.design\/wp-content\/uploads\/2020\/12\/8_Portrait_PatriciaLussier_NB01_v01-550x367.jpg","masonry-width":550,"masonry-height":367,"modal":"https:\/\/int.design\/wp-content\/uploads\/2020\/12\/8_Portrait_PatriciaLussier_NB01_v01-1920x1280.jpg","modal-width":1920,"modal-height":1280,"number":"https:\/\/int.design\/wp-content\/uploads\/2020\/12\/8_Portrait_PatriciaLussier_NB01_v01-560x373.jpg","number-width":560,"number-height":373,"partner":"https:\/\/int.design\/wp-content\/uploads\/2020\/12\/8_Portrait_PatriciaLussier_NB01_v01-275x183.jpg","partner-width":275,"partner-height":183,"ranking":"https:\/\/int.design\/wp-content\/uploads\/2020\/12\/8_Portrait_PatriciaLussier_NB01_v01-960x540.jpg","ranking-width":960,"ranking-height":540,"schedule":"https:\/\/int.design\/wp-content\/uploads\/2020\/12\/8_Portrait_PatriciaLussier_NB01_v01-960x360.jpg","schedule-width":960,"schedule-height":360,"slideshow":"https:\/\/int.design\/wp-content\/uploads\/2020\/12\/8_Portrait_PatriciaLussier_NB01_v01-1020x680.jpg","slideshow-width":1020,"slideshow-height":680}},"file":{"ID":33549,"id":33549,"title":"2020_Lemay_Bio","filename":"20_2020_Lemay_Bio.pdf","filesize":0,"url":"https:\/\/d2q6z78khxmx42.cloudfront.net\/2020\/12\/20_2020_Lemay_Bio.pdf","link":"https:\/\/int.design\/fr\/projets\/parcs-nature-montreal\/2020_lemay_bio-16\/","alt":"","author":"158","description":"","caption":"","name":"2020_lemay_bio-16","status":"inherit","uploaded_to":32635,"date":"2020-12-11 23:31:14","modified":"2020-12-11 23:31:16","menu_order":0,"mime_type":"application\/pdf","type":"application","subtype":"pdf","icon":"https:\/\/int.design\/wp-includes\/images\/media\/document.png"}},{"name":"Olivier Morin","credit":"","image":{"ID":33803,"id":33803,"title":"Olivier_Morin","filename":"Olivier_Morin.JPG","filesize":0,"url":"https:\/\/d2q6z78khxmx42.cloudfront.net\/2020\/12\/Olivier_Morin.JPG","link":"https:\/\/int.design\/fr\/projets\/parcs-nature-montreal\/olivier_morin\/","alt":"","author":"158","description":"","caption":"","name":"olivier_morin","status":"inherit","uploaded_to":32635,"date":"2020-12-14 14:37:07","modified":"2020-12-14 14:37:15","menu_order":0,"mime_type":"image\/jpeg","type":"image","subtype":"jpeg","icon":"https:\/\/int.design\/wp-includes\/images\/media\/default.png","width":1810,"height":2160,"sizes":{"thumbnail":"https:\/\/d2q6z78khxmx42.cloudfront.net\/2020\/12\/Olivier_Morin-150x150.jpg","thumbnail-width":150,"thumbnail-height":150,"medium":"https:\/\/d2q6z78khxmx42.cloudfront.net\/2020\/12\/Olivier_Morin-251x300.jpg","medium-width":251,"medium-height":300,"medium_large":"https:\/\/d2q6z78khxmx42.cloudfront.net\/2020\/12\/Olivier_Morin-768x917.jpg","medium_large-width":768,"medium_large-height":917,"large":"https:\/\/d2q6z78khxmx42.cloudfront.net\/2020\/12\/Olivier_Morin-858x1024.jpg","large-width":858,"large-height":1024,"1536x1536":"https:\/\/d2q6z78khxmx42.cloudfront.net\/2020\/12\/Olivier_Morin-1287x1536.jpg","1536x1536-width":1287,"1536x1536-height":1536,"2048x2048":"https:\/\/d2q6z78khxmx42.cloudfront.net\/2020\/12\/Olivier_Morin-1716x2048.jpg","2048x2048-width":1716,"2048x2048-height":2048,"article":"https:\/\/d2q6z78khxmx42.cloudfront.net\/2020\/12\/Olivier_Morin-960x540.jpg","article-width":960,"article-height":540,"banner":"https:\/\/d2q6z78khxmx42.cloudfront.net\/2020\/12\/Olivier_Morin.JPG","banner-width":1810,"banner-height":2160,"block":"https:\/\/d2q6z78khxmx42.cloudfront.net\/2020\/12\/Olivier_Morin-900x680.jpg","block-width":900,"block-height":680,"card":"https:\/\/d2q6z78khxmx42.cloudfront.net\/2020\/12\/Olivier_Morin-560x495.jpg","card-width":560,"card-height":495,"card-thumbnail":"https:\/\/d2q6z78khxmx42.cloudfront.net\/2020\/12\/Olivier_Morin-450x340.jpg","card-thumbnail-width":450,"card-thumbnail-height":340,"conference":"https:\/\/d2q6z78khxmx42.cloudfront.net\/2020\/12\/Olivier_Morin-560x250.jpg","conference-width":560,"conference-height":250,"contest":"https:\/\/d2q6z78khxmx42.cloudfront.net\/2020\/12\/Olivier_Morin-960x400.jpg","contest-width":960,"contest-height":400,"cta":"https:\/\/d2q6z78khxmx42.cloudfront.net\/2020\/12\/Olivier_Morin-415x170.jpg","cta-width":415,"cta-height":170,"exhibitor":"https:\/\/d2q6z78khxmx42.cloudfront.net\/2020\/12\/Olivier_Morin-560x560.jpg","exhibitor-width":560,"exhibitor-height":560,"gallery":"https:\/\/d2q6z78khxmx42.cloudfront.net\/2020\/12\/Olivier_Morin-360x430.jpg","gallery-width":360,"gallery-height":430,"logo":"https:\/\/d2q6z78khxmx42.cloudfront.net\/2020\/12\/Olivier_Morin-84x100.jpg","logo-width":84,"logo-height":100,"masonry":"https:\/\/d2q6z78khxmx42.cloudfront.net\/2020\/12\/Olivier_Morin-550x656.jpg","masonry-width":550,"masonry-height":656,"modal":"https:\/\/d2q6z78khxmx42.cloudfront.net\/2020\/12\/Olivier_Morin-1609x1920.jpg","modal-width":1609,"modal-height":1920,"number":"https:\/\/d2q6z78khxmx42.cloudfront.net\/2020\/12\/9cfyM0FN-Olivier_Morin-360x430.jpg","number-width":360,"number-height":430,"partner":"https:\/\/d2q6z78khxmx42.cloudfront.net\/2020\/12\/Olivier_Morin-176x210.jpg","partner-width":176,"partner-height":210,"ranking":"https:\/\/d2q6z78khxmx42.cloudfront.net\/2020\/12\/9cfyM0FN-Olivier_Morin-960x540.jpg","ranking-width":960,"ranking-height":540,"schedule":"https:\/\/d2q6z78khxmx42.cloudfront.net\/2020\/12\/Olivier_Morin-960x360.jpg","schedule-width":960,"schedule-height":360,"slideshow":"https:\/\/d2q6z78khxmx42.cloudfront.net\/2020\/12\/Olivier_Morin-570x680.jpg","slideshow-width":570,"slideshow-height":680}},"file":{"ID":33804,"id":33804,"title":"2020_Lemay_Bio","filename":"22_2020_Lemay_Bio.pdf","filesize":0,"url":"https:\/\/d2q6z78khxmx42.cloudfront.net\/2020\/12\/22_2020_Lemay_Bio.pdf","link":"https:\/\/int.design\/fr\/projets\/parcs-nature-montreal\/2020_lemay_bio-18\/","alt":"","author":"158","description":"","caption":"","name":"2020_lemay_bio-18","status":"inherit","uploaded_to":32635,"date":"2020-12-14 14:37:13","modified":"2020-12-14 14:37:15","menu_order":0,"mime_type":"application\/pdf","type":"application","subtype":"pdf","icon":"https:\/\/int.design\/wp-includes\/images\/media\/document.png"}}],"cover":[{"categories":[275],"credit":"","image":{"ID":33277,"id":33277,"title":"COVER-Parc-Nature-Montreal-Lemay-LandscapeArchitecture","filename":"COVER-Parc-Nature-Montreal-Lemay-LandscapeArchitecture-scaled.jpg","filesize":0,"url":"https:\/\/int.design\/wp-content\/uploads\/2020\/12\/COVER-Parc-Nature-Montreal-Lemay-LandscapeArchitecture-scaled.jpg","link":"https:\/\/int.design\/fr\/projets\/parcs-nature-montreal\/cover-parc-nature-montreal-lemay-landscapearchitecture\/","alt":"","author":"158","description":"Parcs Nature Montr\u00e9al Lemay Lemay Pasquin St-Jean et Associ\u00e9s. Groupe Deric","caption":"","name":"cover-parc-nature-montreal-lemay-landscapearchitecture","status":"inherit","uploaded_to":32635,"date":"2020-12-11 03:12:21","modified":"2022-02-08 12:00:11","menu_order":0,"mime_type":"image\/jpeg","type":"image","subtype":"jpeg","icon":"https:\/\/int.design\/wp-includes\/images\/media\/default.png","width":2560,"height":1707,"sizes":{"thumbnail":"https:\/\/int.design\/wp-content\/uploads\/2020\/12\/COVER-Parc-Nature-Montreal-Lemay-LandscapeArchitecture-150x150.jpg","thumbnail-width":150,"thumbnail-height":150,"medium":"https:\/\/int.design\/wp-content\/uploads\/2020\/12\/COVER-Parc-Nature-Montreal-Lemay-LandscapeArchitecture-300x200.jpg","medium-width":300,"medium-height":200,"medium_large":"https:\/\/int.design\/wp-content\/uploads\/2020\/12\/COVER-Parc-Nature-Montreal-Lemay-LandscapeArchitecture-768x512.jpg","medium_large-width":768,"medium_large-height":512,"large":"https:\/\/int.design\/wp-content\/uploads\/2020\/12\/COVER-Parc-Nature-Montreal-Lemay-LandscapeArchitecture-1024x683.jpg","large-width":1024,"large-height":683,"1536x1536":"https:\/\/int.design\/wp-content\/uploads\/2020\/12\/COVER-Parc-Nature-Montreal-Lemay-LandscapeArchitecture-1536x1024.jpg","1536x1536-width":1536,"1536x1536-height":1024,"2048x2048":"https:\/\/int.design\/wp-content\/uploads\/2020\/12\/COVER-Parc-Nature-Montreal-Lemay-LandscapeArchitecture-2048x1365.jpg","2048x2048-width":2048,"2048x2048-height":1365,"article":"https:\/\/int.design\/wp-content\/uploads\/2020\/12\/COVER-Parc-Nature-Montreal-Lemay-LandscapeArchitecture-960x540.jpg","article-width":960,"article-height":540,"banner":"https:\/\/int.design\/wp-content\/uploads\/2020\/12\/COVER-Parc-Nature-Montreal-Lemay-LandscapeArchitecture-1920x1280.jpg","banner-width":1920,"banner-height":1280,"block":"https:\/\/int.design\/wp-content\/uploads\/2020\/12\/COVER-Parc-Nature-Montreal-Lemay-LandscapeArchitecture-900x680.jpg","block-width":900,"block-height":680,"card":"https:\/\/int.design\/wp-content\/uploads\/2020\/12\/COVER-Parc-Nature-Montreal-Lemay-LandscapeArchitecture-560x495.jpg","card-width":560,"card-height":495,"card-thumbnail":"https:\/\/int.design\/wp-content\/uploads\/2020\/12\/COVER-Parc-Nature-Montreal-Lemay-LandscapeArchitecture-450x340.jpg","card-thumbnail-width":450,"card-thumbnail-height":340,"conference":"https:\/\/int.design\/wp-content\/uploads\/2020\/12\/COVER-Parc-Nature-Montreal-Lemay-LandscapeArchitecture-560x250.jpg","conference-width":560,"conference-height":250,"contest":"https:\/\/int.design\/wp-content\/uploads\/2020\/12\/COVER-Parc-Nature-Montreal-Lemay-LandscapeArchitecture-960x400.jpg","contest-width":960,"contest-height":400,"cta":"https:\/\/int.design\/wp-content\/uploads\/2020\/12\/COVER-Parc-Nature-Montreal-Lemay-LandscapeArchitecture-415x170.jpg","cta-width":415,"cta-height":170,"exhibitor":"https:\/\/int.design\/wp-content\/uploads\/2020\/12\/COVER-Parc-Nature-Montreal-Lemay-LandscapeArchitecture-560x560.jpg","exhibitor-width":560,"exhibitor-height":560,"gallery":"https:\/\/int.design\/wp-content\/uploads\/2020\/12\/COVER-Parc-Nature-Montreal-Lemay-LandscapeArchitecture-560x373.jpg","gallery-width":560,"gallery-height":373,"logo":"https:\/\/int.design\/wp-content\/uploads\/2020\/12\/COVER-Parc-Nature-Montreal-Lemay-LandscapeArchitecture-150x100.jpg","logo-width":150,"logo-height":100,"masonry":"https:\/\/int.design\/wp-content\/uploads\/2020\/12\/COVER-Parc-Nature-Montreal-Lemay-LandscapeArchitecture-550x367.jpg","masonry-width":550,"masonry-height":367,"modal":"https:\/\/int.design\/wp-content\/uploads\/2020\/12\/COVER-Parc-Nature-Montreal-Lemay-LandscapeArchitecture-1920x1280.jpg","modal-width":1920,"modal-height":1280,"number":"https:\/\/int.design\/wp-content\/uploads\/2020\/12\/COVER-Parc-Nature-Montreal-Lemay-LandscapeArchitecture-560x373.jpg","number-width":560,"number-height":373,"partner":"https:\/\/int.design\/wp-content\/uploads\/2020\/12\/COVER-Parc-Nature-Montreal-Lemay-LandscapeArchitecture-275x183.jpg","partner-width":275,"partner-height":183,"ranking":"https:\/\/int.design\/wp-content\/uploads\/2020\/12\/COVER-Parc-Nature-Montreal-Lemay-LandscapeArchitecture-960x540.jpg","ranking-width":960,"ranking-height":540,"schedule":"https:\/\/int.design\/wp-content\/uploads\/2020\/12\/COVER-Parc-Nature-Montreal-Lemay-LandscapeArchitecture-960x360.jpg","schedule-width":960,"schedule-height":360,"slideshow":"https:\/\/int.design\/wp-content\/uploads\/2020\/12\/COVER-Parc-Nature-Montreal-Lemay-LandscapeArchitecture-1020x680.jpg","slideshow-width":1020,"slideshow-height":680}},"filters":[565,557],"suppliers":false,"attachment_category":{"557":"Paysage - Commercial &amp; public","565":"Sport et Loisir"}}],"images":[{"categories":[275],"credit":"","image":{"ID":33278,"id":33278,"title":"Parc-Nature-Montreal-Lemay-LandscapeArchitecture-1","filename":"Parc-Nature-Montreal-Lemay-LandscapeArchitecture-1-scaled.jpg","filesize":0,"url":"https:\/\/int.design\/wp-content\/uploads\/2020\/12\/Parc-Nature-Montreal-Lemay-LandscapeArchitecture-1-scaled.jpg","link":"https:\/\/int.design\/fr\/projets\/parcs-nature-montreal\/parc-nature-montreal-lemay-landscapearchitecture-1\/","alt":"","author":"158","description":"Parcs Nature Montr\u00e9al Lemay Lemay Pasquin St-Jean et Associ\u00e9s. Groupe Deric","caption":"","name":"parc-nature-montreal-lemay-landscapearchitecture-1","status":"inherit","uploaded_to":32635,"date":"2020-12-11 03:12:36","modified":"2022-02-08 12:00:11","menu_order":0,"mime_type":"image\/jpeg","type":"image","subtype":"jpeg","icon":"https:\/\/int.design\/wp-includes\/images\/media\/default.png","width":2560,"height":1707,"sizes":{"thumbnail":"https:\/\/int.design\/wp-content\/uploads\/2020\/12\/Parc-Nature-Montreal-Lemay-LandscapeArchitecture-1-150x150.jpg","thumbnail-width":150,"thumbnail-height":150,"medium":"https:\/\/int.design\/wp-content\/uploads\/2020\/12\/Parc-Nature-Montreal-Lemay-LandscapeArchitecture-1-300x200.jpg","medium-width":300,"medium-height":200,"medium_large":"https:\/\/int.design\/wp-content\/uploads\/2020\/12\/Parc-Nature-Montreal-Lemay-LandscapeArchitecture-1-768x512.jpg","medium_large-width":768,"medium_large-height":512,"large":"https:\/\/int.design\/wp-content\/uploads\/2020\/12\/Parc-Nature-Montreal-Lemay-LandscapeArchitecture-1-1024x683.jpg","large-width":1024,"large-height":683,"1536x1536":"https:\/\/int.design\/wp-content\/uploads\/2020\/12\/Parc-Nature-Montreal-Lemay-LandscapeArchitecture-1-1536x1024.jpg","1536x1536-width":1536,"1536x1536-height":1024,"2048x2048":"https:\/\/int.design\/wp-content\/uploads\/2020\/12\/Parc-Nature-Montreal-Lemay-LandscapeArchitecture-1-2048x1365.jpg","2048x2048-width":2048,"2048x2048-height":1365,"article":"https:\/\/int.design\/wp-content\/uploads\/2020\/12\/Parc-Nature-Montreal-Lemay-LandscapeArchitecture-1-960x540.jpg","article-width":960,"article-height":540,"banner":"https:\/\/int.design\/wp-content\/uploads\/2020\/12\/Parc-Nature-Montreal-Lemay-LandscapeArchitecture-1-1920x1280.jpg","banner-width":1920,"banner-height":1280,"block":"https:\/\/int.design\/wp-content\/uploads\/2020\/12\/Parc-Nature-Montreal-Lemay-LandscapeArchitecture-1-900x680.jpg","block-width":900,"block-height":680,"card":"https:\/\/int.design\/wp-content\/uploads\/2020\/12\/Parc-Nature-Montreal-Lemay-LandscapeArchitecture-1-560x495.jpg","card-width":560,"card-height":495,"card-thumbnail":"https:\/\/int.design\/wp-content\/uploads\/2020\/12\/Parc-Nature-Montreal-Lemay-LandscapeArchitecture-1-450x340.jpg","card-thumbnail-width":450,"card-thumbnail-height":340,"conference":"https:\/\/int.design\/wp-content\/uploads\/2020\/12\/Parc-Nature-Montreal-Lemay-LandscapeArchitecture-1-560x250.jpg","conference-width":560,"conference-height":250,"contest":"https:\/\/int.design\/wp-content\/uploads\/2020\/12\/Parc-Nature-Montreal-Lemay-LandscapeArchitecture-1-960x400.jpg","contest-width":960,"contest-height":400,"cta":"https:\/\/int.design\/wp-content\/uploads\/2020\/12\/Parc-Nature-Montreal-Lemay-LandscapeArchitecture-1-415x170.jpg","cta-width":415,"cta-height":170,"exhibitor":"https:\/\/int.design\/wp-content\/uploads\/2020\/12\/Parc-Nature-Montreal-Lemay-LandscapeArchitecture-1-560x560.jpg","exhibitor-width":560,"exhibitor-height":560,"gallery":"https:\/\/int.design\/wp-content\/uploads\/2020\/12\/Parc-Nature-Montreal-Lemay-LandscapeArchitecture-1-560x373.jpg","gallery-width":560,"gallery-height":373,"logo":"https:\/\/int.design\/wp-content\/uploads\/2020\/12\/Parc-Nature-Montreal-Lemay-LandscapeArchitecture-1-150x100.jpg","logo-width":150,"logo-height":100,"masonry":"https:\/\/int.design\/wp-content\/uploads\/2020\/12\/Parc-Nature-Montreal-Lemay-LandscapeArchitecture-1-550x367.jpg","masonry-width":550,"masonry-height":367,"modal":"https:\/\/int.design\/wp-content\/uploads\/2020\/12\/Parc-Nature-Montreal-Lemay-LandscapeArchitecture-1-1920x1280.jpg","modal-width":1920,"modal-height":1280,"number":"https:\/\/int.design\/wp-content\/uploads\/2020\/12\/Parc-Nature-Montreal-Lemay-LandscapeArchitecture-1-560x373.jpg","number-width":560,"number-height":373,"partner":"https:\/\/int.design\/wp-content\/uploads\/2020\/12\/Parc-Nature-Montreal-Lemay-LandscapeArchitecture-1-275x183.jpg","partner-width":275,"partner-height":183,"ranking":"https:\/\/int.design\/wp-content\/uploads\/2020\/12\/Parc-Nature-Montreal-Lemay-LandscapeArchitecture-1-960x540.jpg","ranking-width":960,"ranking-height":540,"schedule":"https:\/\/int.design\/wp-content\/uploads\/2020\/12\/Parc-Nature-Montreal-Lemay-LandscapeArchitecture-1-960x360.jpg","schedule-width":960,"schedule-height":360,"slideshow":"https:\/\/int.design\/wp-content\/uploads\/2020\/12\/Parc-Nature-Montreal-Lemay-LandscapeArchitecture-1-1020x680.jpg","slideshow-width":1020,"slideshow-height":680}},"filters":[565,557],"suppliers":false,"attachment_category":[]},{"categories":[275],"credit":"","image":{"ID":33279,"id":33279,"title":"Parc-Nature-Montreal-Lemay-LandscapeArchitecture-2","filename":"Parc-Nature-Montreal-Lemay-LandscapeArchitecture-2-scaled.jpg","filesize":0,"url":"https:\/\/int.design\/wp-content\/uploads\/2020\/12\/Parc-Nature-Montreal-Lemay-LandscapeArchitecture-2-scaled.jpg","link":"https:\/\/int.design\/fr\/projets\/parcs-nature-montreal\/parc-nature-montreal-lemay-landscapearchitecture-2\/","alt":"","author":"158","description":"Parcs Nature Montr\u00e9al Lemay Lemay Pasquin St-Jean et Associ\u00e9s. Groupe Deric","caption":"","name":"parc-nature-montreal-lemay-landscapearchitecture-2","status":"inherit","uploaded_to":32635,"date":"2020-12-11 03:12:50","modified":"2022-02-08 12:00:11","menu_order":0,"mime_type":"image\/jpeg","type":"image","subtype":"jpeg","icon":"https:\/\/int.design\/wp-includes\/images\/media\/default.png","width":2560,"height":1707,"sizes":{"thumbnail":"https:\/\/int.design\/wp-content\/uploads\/2020\/12\/Parc-Nature-Montreal-Lemay-LandscapeArchitecture-2-150x150.jpg","thumbnail-width":150,"thumbnail-height":150,"medium":"https:\/\/int.design\/wp-content\/uploads\/2020\/12\/Parc-Nature-Montreal-Lemay-LandscapeArchitecture-2-300x200.jpg","medium-width":300,"medium-height":200,"medium_large":"https:\/\/int.design\/wp-content\/uploads\/2020\/12\/Parc-Nature-Montreal-Lemay-LandscapeArchitecture-2-768x512.jpg","medium_large-width":768,"medium_large-height":512,"large":"https:\/\/int.design\/wp-content\/uploads\/2020\/12\/Parc-Nature-Montreal-Lemay-LandscapeArchitecture-2-1024x683.jpg","large-width":1024,"large-height":683,"1536x1536":"https:\/\/int.design\/wp-content\/uploads\/2020\/12\/Parc-Nature-Montreal-Lemay-LandscapeArchitecture-2-1536x1024.jpg","1536x1536-width":1536,"1536x1536-height":1024,"2048x2048":"https:\/\/int.design\/wp-content\/uploads\/2020\/12\/Parc-Nature-Montreal-Lemay-LandscapeArchitecture-2-2048x1365.jpg","2048x2048-width":2048,"2048x2048-height":1365,"article":"https:\/\/int.design\/wp-content\/uploads\/2020\/12\/Parc-Nature-Montreal-Lemay-LandscapeArchitecture-2-960x540.jpg","article-width":960,"article-height":540,"banner":"https:\/\/int.design\/wp-content\/uploads\/2020\/12\/Parc-Nature-Montreal-Lemay-LandscapeArchitecture-2-1920x1280.jpg","banner-width":1920,"banner-height":1280,"block":"https:\/\/int.design\/wp-content\/uploads\/2020\/12\/Parc-Nature-Montreal-Lemay-LandscapeArchitecture-2-900x680.jpg","block-width":900,"block-height":680,"card":"https:\/\/int.design\/wp-content\/uploads\/2020\/12\/Parc-Nature-Montreal-Lemay-LandscapeArchitecture-2-560x495.jpg","card-width":560,"card-height":495,"card-thumbnail":"https:\/\/int.design\/wp-content\/uploads\/2020\/12\/Parc-Nature-Montreal-Lemay-LandscapeArchitecture-2-450x340.jpg","card-thumbnail-width":450,"card-thumbnail-height":340,"conference":"https:\/\/int.design\/wp-content\/uploads\/2020\/12\/Parc-Nature-Montreal-Lemay-LandscapeArchitecture-2-560x250.jpg","conference-width":560,"conference-height":250,"contest":"https:\/\/int.design\/wp-content\/uploads\/2020\/12\/Parc-Nature-Montreal-Lemay-LandscapeArchitecture-2-960x400.jpg","contest-width":960,"contest-height":400,"cta":"https:\/\/int.design\/wp-content\/uploads\/2020\/12\/Parc-Nature-Montreal-Lemay-LandscapeArchitecture-2-415x170.jpg","cta-width":415,"cta-height":170,"exhibitor":"https:\/\/int.design\/wp-content\/uploads\/2020\/12\/Parc-Nature-Montreal-Lemay-LandscapeArchitecture-2-560x560.jpg","exhibitor-width":560,"exhibitor-height":560,"gallery":"https:\/\/int.design\/wp-content\/uploads\/2020\/12\/Parc-Nature-Montreal-Lemay-LandscapeArchitecture-2-560x373.jpg","gallery-width":560,"gallery-height":373,"logo":"https:\/\/int.design\/wp-content\/uploads\/2020\/12\/Parc-Nature-Montreal-Lemay-LandscapeArchitecture-2-150x100.jpg","logo-width":150,"logo-height":100,"masonry":"https:\/\/int.design\/wp-content\/uploads\/2020\/12\/Parc-Nature-Montreal-Lemay-LandscapeArchitecture-2-550x367.jpg","masonry-width":550,"masonry-height":367,"modal":"https:\/\/int.design\/wp-content\/uploads\/2020\/12\/Parc-Nature-Montreal-Lemay-LandscapeArchitecture-2-1920x1280.jpg","modal-width":1920,"modal-height":1280,"number":"https:\/\/int.design\/wp-content\/uploads\/2020\/12\/Parc-Nature-Montreal-Lemay-LandscapeArchitecture-2-560x373.jpg","number-width":560,"number-height":373,"partner":"https:\/\/int.design\/wp-content\/uploads\/2020\/12\/Parc-Nature-Montreal-Lemay-LandscapeArchitecture-2-275x183.jpg","partner-width":275,"partner-height":183,"ranking":"https:\/\/int.design\/wp-content\/uploads\/2020\/12\/Parc-Nature-Montreal-Lemay-LandscapeArchitecture-2-960x540.jpg","ranking-width":960,"ranking-height":540,"schedule":"https:\/\/int.design\/wp-content\/uploads\/2020\/12\/Parc-Nature-Montreal-Lemay-LandscapeArchitecture-2-960x360.jpg","schedule-width":960,"schedule-height":360,"slideshow":"https:\/\/int.design\/wp-content\/uploads\/2020\/12\/Parc-Nature-Montreal-Lemay-LandscapeArchitecture-2-1020x680.jpg","slideshow-width":1020,"slideshow-height":680}},"filters":[557],"suppliers":false,"attachment_category":[]},{"categories":[275],"credit":"","image":{"ID":33280,"id":33280,"title":"Parc-Nature-Montreal-Lemay-LandscapeArchitecture-3","filename":"Parc-Nature-Montreal-Lemay-LandscapeArchitecture-3-scaled.jpg","filesize":0,"url":"https:\/\/int.design\/wp-content\/uploads\/2020\/12\/Parc-Nature-Montreal-Lemay-LandscapeArchitecture-3-scaled.jpg","link":"https:\/\/int.design\/fr\/projets\/parcs-nature-montreal\/parc-nature-montreal-lemay-landscapearchitecture-3\/","alt":"","author":"158","description":"Parcs Nature Montr\u00e9al Lemay Lemay Pasquin St-Jean et Associ\u00e9s. Groupe Deric","caption":"","name":"parc-nature-montreal-lemay-landscapearchitecture-3","status":"inherit","uploaded_to":32635,"date":"2020-12-11 03:13:03","modified":"2022-02-08 12:00:11","menu_order":0,"mime_type":"image\/jpeg","type":"image","subtype":"jpeg","icon":"https:\/\/int.design\/wp-includes\/images\/media\/default.png","width":1707,"height":2560,"sizes":{"thumbnail":"https:\/\/int.design\/wp-content\/uploads\/2020\/12\/Parc-Nature-Montreal-Lemay-LandscapeArchitecture-3-150x150.jpg","thumbnail-width":150,"thumbnail-height":150,"medium":"https:\/\/int.design\/wp-content\/uploads\/2020\/12\/Parc-Nature-Montreal-Lemay-LandscapeArchitecture-3-200x300.jpg","medium-width":200,"medium-height":300,"medium_large":"https:\/\/int.design\/wp-content\/uploads\/2020\/12\/Parc-Nature-Montreal-Lemay-LandscapeArchitecture-3-768x1152.jpg","medium_large-width":768,"medium_large-height":1152,"large":"https:\/\/int.design\/wp-content\/uploads\/2020\/12\/Parc-Nature-Montreal-Lemay-LandscapeArchitecture-3-683x1024.jpg","large-width":683,"large-height":1024,"1536x1536":"https:\/\/int.design\/wp-content\/uploads\/2020\/12\/Parc-Nature-Montreal-Lemay-LandscapeArchitecture-3-1024x1536.jpg","1536x1536-width":1024,"1536x1536-height":1536,"2048x2048":"https:\/\/int.design\/wp-content\/uploads\/2020\/12\/Parc-Nature-Montreal-Lemay-LandscapeArchitecture-3-1365x2048.jpg","2048x2048-width":1365,"2048x2048-height":2048,"article":"https:\/\/int.design\/wp-content\/uploads\/2020\/12\/Parc-Nature-Montreal-Lemay-LandscapeArchitecture-3-960x540.jpg","article-width":960,"article-height":540,"banner":"https:\/\/int.design\/wp-content\/uploads\/2020\/12\/Parc-Nature-Montreal-Lemay-LandscapeArchitecture-3-1920x2880.jpg","banner-width":1920,"banner-height":2880,"block":"https:\/\/int.design\/wp-content\/uploads\/2020\/12\/Parc-Nature-Montreal-Lemay-LandscapeArchitecture-3-900x680.jpg","block-width":900,"block-height":680,"card":"https:\/\/int.design\/wp-content\/uploads\/2020\/12\/Parc-Nature-Montreal-Lemay-LandscapeArchitecture-3-560x495.jpg","card-width":560,"card-height":495,"card-thumbnail":"https:\/\/int.design\/wp-content\/uploads\/2020\/12\/Parc-Nature-Montreal-Lemay-LandscapeArchitecture-3-450x340.jpg","card-thumbnail-width":450,"card-thumbnail-height":340,"conference":"https:\/\/int.design\/wp-content\/uploads\/2020\/12\/Parc-Nature-Montreal-Lemay-LandscapeArchitecture-3-560x250.jpg","conference-width":560,"conference-height":250,"contest":"https:\/\/int.design\/wp-content\/uploads\/2020\/12\/Parc-Nature-Montreal-Lemay-LandscapeArchitecture-3-960x400.jpg","contest-width":960,"contest-height":400,"cta":"https:\/\/int.design\/wp-content\/uploads\/2020\/12\/Parc-Nature-Montreal-Lemay-LandscapeArchitecture-3-415x170.jpg","cta-width":415,"cta-height":170,"exhibitor":"https:\/\/int.design\/wp-content\/uploads\/2020\/12\/Parc-Nature-Montreal-Lemay-LandscapeArchitecture-3-560x560.jpg","exhibitor-width":560,"exhibitor-height":560,"gallery":"https:\/\/int.design\/wp-content\/uploads\/2020\/12\/Parc-Nature-Montreal-Lemay-LandscapeArchitecture-3-287x430.jpg","gallery-width":287,"gallery-height":430,"logo":"https:\/\/int.design\/wp-content\/uploads\/2020\/12\/Parc-Nature-Montreal-Lemay-LandscapeArchitecture-3-67x100.jpg","logo-width":67,"logo-height":100,"masonry":"https:\/\/int.design\/wp-content\/uploads\/2020\/12\/Parc-Nature-Montreal-Lemay-LandscapeArchitecture-3-550x825.jpg","masonry-width":550,"masonry-height":825,"modal":"https:\/\/int.design\/wp-content\/uploads\/2020\/12\/Parc-Nature-Montreal-Lemay-LandscapeArchitecture-3-1280x1920.jpg","modal-width":1280,"modal-height":1920,"number":"https:\/\/int.design\/wp-content\/uploads\/2020\/12\/Parc-Nature-Montreal-Lemay-LandscapeArchitecture-3-287x430.jpg","number-width":287,"number-height":430,"partner":"https:\/\/int.design\/wp-content\/uploads\/2020\/12\/Parc-Nature-Montreal-Lemay-LandscapeArchitecture-3-140x210.jpg","partner-width":140,"partner-height":210,"ranking":"https:\/\/int.design\/wp-content\/uploads\/2020\/12\/Parc-Nature-Montreal-Lemay-LandscapeArchitecture-3-960x540.jpg","ranking-width":960,"ranking-height":540,"schedule":"https:\/\/int.design\/wp-content\/uploads\/2020\/12\/Parc-Nature-Montreal-Lemay-LandscapeArchitecture-3-960x360.jpg","schedule-width":960,"schedule-height":360,"slideshow":"https:\/\/int.design\/wp-content\/uploads\/2020\/12\/Parc-Nature-Montreal-Lemay-LandscapeArchitecture-3-453x680.jpg","slideshow-width":453,"slideshow-height":680}},"filters":[557],"suppliers":false,"attachment_category":[]},{"categories":[275],"credit":"","image":{"ID":33281,"id":33281,"title":"Parc-Nature-Montreal-Lemay-LandscapeArchitecture-4","filename":"Parc-Nature-Montreal-Lemay-LandscapeArchitecture-4-scaled.jpg","filesize":0,"url":"https:\/\/int.design\/wp-content\/uploads\/2020\/12\/Parc-Nature-Montreal-Lemay-LandscapeArchitecture-4-scaled.jpg","link":"https:\/\/int.design\/fr\/projets\/parcs-nature-montreal\/parc-nature-montreal-lemay-landscapearchitecture-4\/","alt":"","author":"158","description":"Parcs Nature Montr\u00e9al Lemay Lemay Pasquin St-Jean et Associ\u00e9s. Groupe Deric","caption":"","name":"parc-nature-montreal-lemay-landscapearchitecture-4","status":"inherit","uploaded_to":32635,"date":"2020-12-11 03:13:15","modified":"2022-02-08 12:00:11","menu_order":0,"mime_type":"image\/jpeg","type":"image","subtype":"jpeg","icon":"https:\/\/int.design\/wp-includes\/images\/media\/default.png","width":1707,"height":2560,"sizes":{"thumbnail":"https:\/\/int.design\/wp-content\/uploads\/2020\/12\/Parc-Nature-Montreal-Lemay-LandscapeArchitecture-4-150x150.jpg","thumbnail-width":150,"thumbnail-height":150,"medium":"https:\/\/int.design\/wp-content\/uploads\/2020\/12\/Parc-Nature-Montreal-Lemay-LandscapeArchitecture-4-200x300.jpg","medium-width":200,"medium-height":300,"medium_large":"https:\/\/int.design\/wp-content\/uploads\/2020\/12\/Parc-Nature-Montreal-Lemay-LandscapeArchitecture-4-768x1152.jpg","medium_large-width":768,"medium_large-height":1152,"large":"https:\/\/int.design\/wp-content\/uploads\/2020\/12\/Parc-Nature-Montreal-Lemay-LandscapeArchitecture-4-683x1024.jpg","large-width":683,"large-height":1024,"1536x1536":"https:\/\/int.design\/wp-content\/uploads\/2020\/12\/Parc-Nature-Montreal-Lemay-LandscapeArchitecture-4-1024x1536.jpg","1536x1536-width":1024,"1536x1536-height":1536,"2048x2048":"https:\/\/int.design\/wp-content\/uploads\/2020\/12\/Parc-Nature-Montreal-Lemay-LandscapeArchitecture-4-1365x2048.jpg","2048x2048-width":1365,"2048x2048-height":2048,"article":"https:\/\/int.design\/wp-content\/uploads\/2020\/12\/Parc-Nature-Montreal-Lemay-LandscapeArchitecture-4-960x540.jpg","article-width":960,"article-height":540,"banner":"https:\/\/int.design\/wp-content\/uploads\/2020\/12\/Parc-Nature-Montreal-Lemay-LandscapeArchitecture-4-1920x2880.jpg","banner-width":1920,"banner-height":2880,"block":"https:\/\/int.design\/wp-content\/uploads\/2020\/12\/Parc-Nature-Montreal-Lemay-LandscapeArchitecture-4-900x680.jpg","block-width":900,"block-height":680,"card":"https:\/\/int.design\/wp-content\/uploads\/2020\/12\/Parc-Nature-Montreal-Lemay-LandscapeArchitecture-4-560x495.jpg","card-width":560,"card-height":495,"card-thumbnail":"https:\/\/int.design\/wp-content\/uploads\/2020\/12\/Parc-Nature-Montreal-Lemay-LandscapeArchitecture-4-450x340.jpg","card-thumbnail-width":450,"card-thumbnail-height":340,"conference":"https:\/\/int.design\/wp-content\/uploads\/2020\/12\/Parc-Nature-Montreal-Lemay-LandscapeArchitecture-4-560x250.jpg","conference-width":560,"conference-height":250,"contest":"https:\/\/int.design\/wp-content\/uploads\/2020\/12\/Parc-Nature-Montreal-Lemay-LandscapeArchitecture-4-960x400.jpg","contest-width":960,"contest-height":400,"cta":"https:\/\/int.design\/wp-content\/uploads\/2020\/12\/Parc-Nature-Montreal-Lemay-LandscapeArchitecture-4-415x170.jpg","cta-width":415,"cta-height":170,"exhibitor":"https:\/\/int.design\/wp-content\/uploads\/2020\/12\/Parc-Nature-Montreal-Lemay-LandscapeArchitecture-4-560x560.jpg","exhibitor-width":560,"exhibitor-height":560,"gallery":"https:\/\/int.design\/wp-content\/uploads\/2020\/12\/Parc-Nature-Montreal-Lemay-LandscapeArchitecture-4-287x430.jpg","gallery-width":287,"gallery-height":430,"logo":"https:\/\/int.design\/wp-content\/uploads\/2020\/12\/Parc-Nature-Montreal-Lemay-LandscapeArchitecture-4-67x100.jpg","logo-width":67,"logo-height":100,"masonry":"https:\/\/int.design\/wp-content\/uploads\/2020\/12\/Parc-Nature-Montreal-Lemay-LandscapeArchitecture-4-550x825.jpg","masonry-width":550,"masonry-height":825,"modal":"https:\/\/int.design\/wp-content\/uploads\/2020\/12\/Parc-Nature-Montreal-Lemay-LandscapeArchitecture-4-1280x1920.jpg","modal-width":1280,"modal-height":1920,"number":"https:\/\/int.design\/wp-content\/uploads\/2020\/12\/Parc-Nature-Montreal-Lemay-LandscapeArchitecture-4-287x430.jpg","number-width":287,"number-height":430,"partner":"https:\/\/int.design\/wp-content\/uploads\/2020\/12\/Parc-Nature-Montreal-Lemay-LandscapeArchitecture-4-140x210.jpg","partner-width":140,"partner-height":210,"ranking":"https:\/\/int.design\/wp-content\/uploads\/2020\/12\/Parc-Nature-Montreal-Lemay-LandscapeArchitecture-4-960x540.jpg","ranking-width":960,"ranking-height":540,"schedule":"https:\/\/int.design\/wp-content\/uploads\/2020\/12\/Parc-Nature-Montreal-Lemay-LandscapeArchitecture-4-960x360.jpg","schedule-width":960,"schedule-height":360,"slideshow":"https:\/\/int.design\/wp-content\/uploads\/2020\/12\/Parc-Nature-Montreal-Lemay-LandscapeArchitecture-4-453x680.jpg","slideshow-width":453,"slideshow-height":680}},"filters":[557],"suppliers":false,"attachment_category":[]},{"categories":[275],"credit":"","image":{"ID":33282,"id":33282,"title":"Parc-Nature-Montreal-Lemay-LandscapeArchitecture-5","filename":"Parc-Nature-Montreal-Lemay-LandscapeArchitecture-5-scaled.jpg","filesize":0,"url":"https:\/\/int.design\/wp-content\/uploads\/2020\/12\/Parc-Nature-Montreal-Lemay-LandscapeArchitecture-5-scaled.jpg","link":"https:\/\/int.design\/fr\/projets\/parcs-nature-montreal\/parc-nature-montreal-lemay-landscapearchitecture-5\/","alt":"","author":"158","description":"Parcs Nature Montr\u00e9al Lemay Lemay Pasquin St-Jean et Associ\u00e9s. Groupe Deric","caption":"","name":"parc-nature-montreal-lemay-landscapearchitecture-5","status":"inherit","uploaded_to":32635,"date":"2020-12-11 03:13:28","modified":"2022-02-08 12:00:11","menu_order":0,"mime_type":"image\/jpeg","type":"image","subtype":"jpeg","icon":"https:\/\/int.design\/wp-includes\/images\/media\/default.png","width":2560,"height":1707,"sizes":{"thumbnail":"https:\/\/int.design\/wp-content\/uploads\/2020\/12\/Parc-Nature-Montreal-Lemay-LandscapeArchitecture-5-150x150.jpg","thumbnail-width":150,"thumbnail-height":150,"medium":"https:\/\/int.design\/wp-content\/uploads\/2020\/12\/Parc-Nature-Montreal-Lemay-LandscapeArchitecture-5-300x200.jpg","medium-width":300,"medium-height":200,"medium_large":"https:\/\/int.design\/wp-content\/uploads\/2020\/12\/Parc-Nature-Montreal-Lemay-LandscapeArchitecture-5-768x512.jpg","medium_large-width":768,"medium_large-height":512,"large":"https:\/\/int.design\/wp-content\/uploads\/2020\/12\/Parc-Nature-Montreal-Lemay-LandscapeArchitecture-5-1024x683.jpg","large-width":1024,"large-height":683,"1536x1536":"https:\/\/int.design\/wp-content\/uploads\/2020\/12\/Parc-Nature-Montreal-Lemay-LandscapeArchitecture-5-1536x1024.jpg","1536x1536-width":1536,"1536x1536-height":1024,"2048x2048":"https:\/\/int.design\/wp-content\/uploads\/2020\/12\/Parc-Nature-Montreal-Lemay-LandscapeArchitecture-5-2048x1365.jpg","2048x2048-width":2048,"2048x2048-height":1365,"article":"https:\/\/int.design\/wp-content\/uploads\/2020\/12\/Parc-Nature-Montreal-Lemay-LandscapeArchitecture-5-960x540.jpg","article-width":960,"article-height":540,"banner":"https:\/\/int.design\/wp-content\/uploads\/2020\/12\/Parc-Nature-Montreal-Lemay-LandscapeArchitecture-5-1920x1280.jpg","banner-width":1920,"banner-height":1280,"block":"https:\/\/int.design\/wp-content\/uploads\/2020\/12\/Parc-Nature-Montreal-Lemay-LandscapeArchitecture-5-900x680.jpg","block-width":900,"block-height":680,"card":"https:\/\/int.design\/wp-content\/uploads\/2020\/12\/Parc-Nature-Montreal-Lemay-LandscapeArchitecture-5-560x495.jpg","card-width":560,"card-height":495,"card-thumbnail":"https:\/\/int.design\/wp-content\/uploads\/2020\/12\/Parc-Nature-Montreal-Lemay-LandscapeArchitecture-5-450x340.jpg","card-thumbnail-width":450,"card-thumbnail-height":340,"conference":"https:\/\/int.design\/wp-content\/uploads\/2020\/12\/Parc-Nature-Montreal-Lemay-LandscapeArchitecture-5-560x250.jpg","conference-width":560,"conference-height":250,"contest":"https:\/\/int.design\/wp-content\/uploads\/2020\/12\/Parc-Nature-Montreal-Lemay-LandscapeArchitecture-5-960x400.jpg","contest-width":960,"contest-height":400,"cta":"https:\/\/int.design\/wp-content\/uploads\/2020\/12\/Parc-Nature-Montreal-Lemay-LandscapeArchitecture-5-415x170.jpg","cta-width":415,"cta-height":170,"exhibitor":"https:\/\/int.design\/wp-content\/uploads\/2020\/12\/Parc-Nature-Montreal-Lemay-LandscapeArchitecture-5-560x560.jpg","exhibitor-width":560,"exhibitor-height":560,"gallery":"https:\/\/int.design\/wp-content\/uploads\/2020\/12\/Parc-Nature-Montreal-Lemay-LandscapeArchitecture-5-560x373.jpg","gallery-width":560,"gallery-height":373,"logo":"https:\/\/int.design\/wp-content\/uploads\/2020\/12\/Parc-Nature-Montreal-Lemay-LandscapeArchitecture-5-150x100.jpg","logo-width":150,"logo-height":100,"masonry":"https:\/\/int.design\/wp-content\/uploads\/2020\/12\/Parc-Nature-Montreal-Lemay-LandscapeArchitecture-5-550x367.jpg","masonry-width":550,"masonry-height":367,"modal":"https:\/\/int.design\/wp-content\/uploads\/2020\/12\/Parc-Nature-Montreal-Lemay-LandscapeArchitecture-5-1920x1280.jpg","modal-width":1920,"modal-height":1280,"number":"https:\/\/int.design\/wp-content\/uploads\/2020\/12\/Parc-Nature-Montreal-Lemay-LandscapeArchitecture-5-560x373.jpg","number-width":560,"number-height":373,"partner":"https:\/\/int.design\/wp-content\/uploads\/2020\/12\/Parc-Nature-Montreal-Lemay-LandscapeArchitecture-5-275x183.jpg","partner-width":275,"partner-height":183,"ranking":"https:\/\/int.design\/wp-content\/uploads\/2020\/12\/Parc-Nature-Montreal-Lemay-LandscapeArchitecture-5-960x540.jpg","ranking-width":960,"ranking-height":540,"schedule":"https:\/\/int.design\/wp-content\/uploads\/2020\/12\/Parc-Nature-Montreal-Lemay-LandscapeArchitecture-5-960x360.jpg","schedule-width":960,"schedule-height":360,"slideshow":"https:\/\/int.design\/wp-content\/uploads\/2020\/12\/Parc-Nature-Montreal-Lemay-LandscapeArchitecture-5-1020x680.jpg","slideshow-width":1020,"slideshow-height":680}},"filters":[557],"suppliers":false,"attachment_category":[]},{"categories":[275],"credit":"","image":{"ID":33283,"id":33283,"title":"Parc-Nature-Montreal-Lemay-LandscapeArchitecture-6","filename":"Parc-Nature-Montreal-Lemay-LandscapeArchitecture-6-scaled.jpg","filesize":0,"url":"https:\/\/int.design\/wp-content\/uploads\/2020\/12\/Parc-Nature-Montreal-Lemay-LandscapeArchitecture-6-scaled.jpg","link":"https:\/\/int.design\/fr\/projets\/parcs-nature-montreal\/parc-nature-montreal-lemay-landscapearchitecture-6\/","alt":"","author":"158","description":"Parcs Nature Montr\u00e9al Lemay Lemay Pasquin St-Jean et Associ\u00e9s. Groupe Deric","caption":"","name":"parc-nature-montreal-lemay-landscapearchitecture-6","status":"inherit","uploaded_to":32635,"date":"2020-12-11 03:13:39","modified":"2022-02-08 12:00:11","menu_order":0,"mime_type":"image\/jpeg","type":"image","subtype":"jpeg","icon":"https:\/\/int.design\/wp-includes\/images\/media\/default.png","width":1920,"height":2560,"sizes":{"thumbnail":"https:\/\/int.design\/wp-content\/uploads\/2020\/12\/Parc-Nature-Montreal-Lemay-LandscapeArchitecture-6-150x150.jpg","thumbnail-width":150,"thumbnail-height":150,"medium":"https:\/\/int.design\/wp-content\/uploads\/2020\/12\/Parc-Nature-Montreal-Lemay-LandscapeArchitecture-6-225x300.jpg","medium-width":225,"medium-height":300,"medium_large":"https:\/\/int.design\/wp-content\/uploads\/2020\/12\/Parc-Nature-Montreal-Lemay-LandscapeArchitecture-6-768x1024.jpg","medium_large-width":768,"medium_large-height":1024,"large":"https:\/\/int.design\/wp-content\/uploads\/2020\/12\/Parc-Nature-Montreal-Lemay-LandscapeArchitecture-6-768x1024.jpg","large-width":768,"large-height":1024,"1536x1536":"https:\/\/int.design\/wp-content\/uploads\/2020\/12\/Parc-Nature-Montreal-Lemay-LandscapeArchitecture-6-1152x1536.jpg","1536x1536-width":1152,"1536x1536-height":1536,"2048x2048":"https:\/\/int.design\/wp-content\/uploads\/2020\/12\/Parc-Nature-Montreal-Lemay-LandscapeArchitecture-6-1536x2048.jpg","2048x2048-width":1536,"2048x2048-height":2048,"article":"https:\/\/int.design\/wp-content\/uploads\/2020\/12\/Parc-Nature-Montreal-Lemay-LandscapeArchitecture-6-960x540.jpg","article-width":960,"article-height":540,"banner":"https:\/\/int.design\/wp-content\/uploads\/2020\/12\/Parc-Nature-Montreal-Lemay-LandscapeArchitecture-6-1920x2560.jpg","banner-width":1920,"banner-height":2560,"block":"https:\/\/int.design\/wp-content\/uploads\/2020\/12\/Parc-Nature-Montreal-Lemay-LandscapeArchitecture-6-900x680.jpg","block-width":900,"block-height":680,"card":"https:\/\/int.design\/wp-content\/uploads\/2020\/12\/Parc-Nature-Montreal-Lemay-LandscapeArchitecture-6-560x495.jpg","card-width":560,"card-height":495,"card-thumbnail":"https:\/\/int.design\/wp-content\/uploads\/2020\/12\/Parc-Nature-Montreal-Lemay-LandscapeArchitecture-6-450x340.jpg","card-thumbnail-width":450,"card-thumbnail-height":340,"conference":"https:\/\/int.design\/wp-content\/uploads\/2020\/12\/Parc-Nature-Montreal-Lemay-LandscapeArchitecture-6-560x250.jpg","conference-width":560,"conference-height":250,"contest":"https:\/\/int.design\/wp-content\/uploads\/2020\/12\/Parc-Nature-Montreal-Lemay-LandscapeArchitecture-6-960x400.jpg","contest-width":960,"contest-height":400,"cta":"https:\/\/int.design\/wp-content\/uploads\/2020\/12\/Parc-Nature-Montreal-Lemay-LandscapeArchitecture-6-415x170.jpg","cta-width":415,"cta-height":170,"exhibitor":"https:\/\/int.design\/wp-content\/uploads\/2020\/12\/Parc-Nature-Montreal-Lemay-LandscapeArchitecture-6-560x560.jpg","exhibitor-width":560,"exhibitor-height":560,"gallery":"https:\/\/int.design\/wp-content\/uploads\/2020\/12\/Parc-Nature-Montreal-Lemay-LandscapeArchitecture-6-323x430.jpg","gallery-width":323,"gallery-height":430,"logo":"https:\/\/int.design\/wp-content\/uploads\/2020\/12\/Parc-Nature-Montreal-Lemay-LandscapeArchitecture-6-75x100.jpg","logo-width":75,"logo-height":100,"masonry":"https:\/\/int.design\/wp-content\/uploads\/2020\/12\/Parc-Nature-Montreal-Lemay-LandscapeArchitecture-6-550x733.jpg","masonry-width":550,"masonry-height":733,"modal":"https:\/\/int.design\/wp-content\/uploads\/2020\/12\/Parc-Nature-Montreal-Lemay-LandscapeArchitecture-6-1440x1920.jpg","modal-width":1440,"modal-height":1920,"number":"https:\/\/int.design\/wp-content\/uploads\/2020\/12\/Parc-Nature-Montreal-Lemay-LandscapeArchitecture-6-323x430.jpg","number-width":323,"number-height":430,"partner":"https:\/\/int.design\/wp-content\/uploads\/2020\/12\/Parc-Nature-Montreal-Lemay-LandscapeArchitecture-6-158x210.jpg","partner-width":158,"partner-height":210,"ranking":"https:\/\/int.design\/wp-content\/uploads\/2020\/12\/Parc-Nature-Montreal-Lemay-LandscapeArchitecture-6-960x540.jpg","ranking-width":960,"ranking-height":540,"schedule":"https:\/\/int.design\/wp-content\/uploads\/2020\/12\/Parc-Nature-Montreal-Lemay-LandscapeArchitecture-6-960x360.jpg","schedule-width":960,"schedule-height":360,"slideshow":"https:\/\/int.design\/wp-content\/uploads\/2020\/12\/Parc-Nature-Montreal-Lemay-LandscapeArchitecture-6-510x680.jpg","slideshow-width":510,"slideshow-height":680}},"filters":[557],"suppliers":false,"attachment_category":[]},{"categories":[275],"credit":"","image":{"ID":33288,"id":33288,"title":"Parc-Nature-Montreal-Lemay-LandscapeArchitecture-7","filename":"6_Parc-Nature-Montreal-Lemay-LandscapeArchitecture-7-scaled.jpg","filesize":0,"url":"https:\/\/int.design\/wp-content\/uploads\/2020\/12\/6_Parc-Nature-Montreal-Lemay-LandscapeArchitecture-7-scaled.jpg","link":"https:\/\/int.design\/fr\/projets\/parcs-nature-montreal\/parc-nature-montreal-lemay-landscapearchitecture-7-2\/","alt":"","author":"158","description":"Parcs Nature Montr\u00e9al Lemay Lemay Pasquin St-Jean et Associ\u00e9s. Groupe Deric","caption":"","name":"parc-nature-montreal-lemay-landscapearchitecture-7-2","status":"inherit","uploaded_to":32635,"date":"2020-12-11 03:21:01","modified":"2022-02-08 12:00:11","menu_order":0,"mime_type":"image\/jpeg","type":"image","subtype":"jpeg","icon":"https:\/\/int.design\/wp-includes\/images\/media\/default.png","width":2560,"height":1707,"sizes":{"thumbnail":"https:\/\/int.design\/wp-content\/uploads\/2020\/12\/6_Parc-Nature-Montreal-Lemay-LandscapeArchitecture-7-150x150.jpg","thumbnail-width":150,"thumbnail-height":150,"medium":"https:\/\/int.design\/wp-content\/uploads\/2020\/12\/6_Parc-Nature-Montreal-Lemay-LandscapeArchitecture-7-300x200.jpg","medium-width":300,"medium-height":200,"medium_large":"https:\/\/int.design\/wp-content\/uploads\/2020\/12\/6_Parc-Nature-Montreal-Lemay-LandscapeArchitecture-7-768x512.jpg","medium_large-width":768,"medium_large-height":512,"large":"https:\/\/int.design\/wp-content\/uploads\/2020\/12\/6_Parc-Nature-Montreal-Lemay-LandscapeArchitecture-7-1024x683.jpg","large-width":1024,"large-height":683,"1536x1536":"https:\/\/int.design\/wp-content\/uploads\/2020\/12\/6_Parc-Nature-Montreal-Lemay-LandscapeArchitecture-7-1536x1024.jpg","1536x1536-width":1536,"1536x1536-height":1024,"2048x2048":"https:\/\/int.design\/wp-content\/uploads\/2020\/12\/6_Parc-Nature-Montreal-Lemay-LandscapeArchitecture-7-2048x1365.jpg","2048x2048-width":2048,"2048x2048-height":1365,"article":"https:\/\/int.design\/wp-content\/uploads\/2020\/12\/6_Parc-Nature-Montreal-Lemay-LandscapeArchitecture-7-960x540.jpg","article-width":960,"article-height":540,"banner":"https:\/\/int.design\/wp-content\/uploads\/2020\/12\/6_Parc-Nature-Montreal-Lemay-LandscapeArchitecture-7-1920x1280.jpg","banner-width":1920,"banner-height":1280,"block":"https:\/\/int.design\/wp-content\/uploads\/2020\/12\/6_Parc-Nature-Montreal-Lemay-LandscapeArchitecture-7-900x680.jpg","block-width":900,"block-height":680,"card":"https:\/\/int.design\/wp-content\/uploads\/2020\/12\/6_Parc-Nature-Montreal-Lemay-LandscapeArchitecture-7-560x495.jpg","card-width":560,"card-height":495,"card-thumbnail":"https:\/\/int.design\/wp-content\/uploads\/2020\/12\/6_Parc-Nature-Montreal-Lemay-LandscapeArchitecture-7-450x340.jpg","card-thumbnail-width":450,"card-thumbnail-height":340,"conference":"https:\/\/int.design\/wp-content\/uploads\/2020\/12\/6_Parc-Nature-Montreal-Lemay-LandscapeArchitecture-7-560x250.jpg","conference-width":560,"conference-height":250,"contest":"https:\/\/int.design\/wp-content\/uploads\/2020\/12\/6_Parc-Nature-Montreal-Lemay-LandscapeArchitecture-7-960x400.jpg","contest-width":960,"contest-height":400,"cta":"https:\/\/int.design\/wp-content\/uploads\/2020\/12\/6_Parc-Nature-Montreal-Lemay-LandscapeArchitecture-7-415x170.jpg","cta-width":415,"cta-height":170,"exhibitor":"https:\/\/int.design\/wp-content\/uploads\/2020\/12\/6_Parc-Nature-Montreal-Lemay-LandscapeArchitecture-7-560x560.jpg","exhibitor-width":560,"exhibitor-height":560,"gallery":"https:\/\/int.design\/wp-content\/uploads\/2020\/12\/6_Parc-Nature-Montreal-Lemay-LandscapeArchitecture-7-560x373.jpg","gallery-width":560,"gallery-height":373,"logo":"https:\/\/int.design\/wp-content\/uploads\/2020\/12\/6_Parc-Nature-Montreal-Lemay-LandscapeArchitecture-7-150x100.jpg","logo-width":150,"logo-height":100,"masonry":"https:\/\/int.design\/wp-content\/uploads\/2020\/12\/6_Parc-Nature-Montreal-Lemay-LandscapeArchitecture-7-550x367.jpg","masonry-width":550,"masonry-height":367,"modal":"https:\/\/int.design\/wp-content\/uploads\/2020\/12\/6_Parc-Nature-Montreal-Lemay-LandscapeArchitecture-7-1920x1280.jpg","modal-width":1920,"modal-height":1280,"number":"https:\/\/int.design\/wp-content\/uploads\/2020\/12\/6_Parc-Nature-Montreal-Lemay-LandscapeArchitecture-7-560x373.jpg","number-width":560,"number-height":373,"partner":"https:\/\/int.design\/wp-content\/uploads\/2020\/12\/6_Parc-Nature-Montreal-Lemay-LandscapeArchitecture-7-275x183.jpg","partner-width":275,"partner-height":183,"ranking":"https:\/\/int.design\/wp-content\/uploads\/2020\/12\/6_Parc-Nature-Montreal-Lemay-LandscapeArchitecture-7-960x540.jpg","ranking-width":960,"ranking-height":540,"schedule":"https:\/\/int.design\/wp-content\/uploads\/2020\/12\/6_Parc-Nature-Montreal-Lemay-LandscapeArchitecture-7-960x360.jpg","schedule-width":960,"schedule-height":360,"slideshow":"https:\/\/int.design\/wp-content\/uploads\/2020\/12\/6_Parc-Nature-Montreal-Lemay-LandscapeArchitecture-7-1020x680.jpg","slideshow-width":1020,"slideshow-height":680}},"filters":[557],"suppliers":false,"attachment_category":[]},{"categories":[275],"credit":"","image":{"ID":33289,"id":33289,"title":"Parc-Nature-Montreal-Lemay-LandscapeArchitecture-8","filename":"6_Parc-Nature-Montreal-Lemay-LandscapeArchitecture-8-scaled.jpg","filesize":0,"url":"https:\/\/int.design\/wp-content\/uploads\/2020\/12\/6_Parc-Nature-Montreal-Lemay-LandscapeArchitecture-8-scaled.jpg","link":"https:\/\/int.design\/fr\/projets\/parcs-nature-montreal\/parc-nature-montreal-lemay-landscapearchitecture-8-2\/","alt":"","author":"158","description":"Parcs Nature Montr\u00e9al Lemay Lemay Pasquin St-Jean et Associ\u00e9s. Groupe Deric","caption":"","name":"parc-nature-montreal-lemay-landscapearchitecture-8-2","status":"inherit","uploaded_to":32635,"date":"2020-12-11 03:21:14","modified":"2022-02-08 12:00:11","menu_order":0,"mime_type":"image\/jpeg","type":"image","subtype":"jpeg","icon":"https:\/\/int.design\/wp-includes\/images\/media\/default.png","width":2560,"height":1707,"sizes":{"thumbnail":"https:\/\/int.design\/wp-content\/uploads\/2020\/12\/6_Parc-Nature-Montreal-Lemay-LandscapeArchitecture-8-150x150.jpg","thumbnail-width":150,"thumbnail-height":150,"medium":"https:\/\/int.design\/wp-content\/uploads\/2020\/12\/6_Parc-Nature-Montreal-Lemay-LandscapeArchitecture-8-300x200.jpg","medium-width":300,"medium-height":200,"medium_large":"https:\/\/int.design\/wp-content\/uploads\/2020\/12\/6_Parc-Nature-Montreal-Lemay-LandscapeArchitecture-8-768x512.jpg","medium_large-width":768,"medium_large-height":512,"large":"https:\/\/int.design\/wp-content\/uploads\/2020\/12\/6_Parc-Nature-Montreal-Lemay-LandscapeArchitecture-8-1024x683.jpg","large-width":1024,"large-height":683,"1536x1536":"https:\/\/int.design\/wp-content\/uploads\/2020\/12\/6_Parc-Nature-Montreal-Lemay-LandscapeArchitecture-8-1536x1024.jpg","1536x1536-width":1536,"1536x1536-height":1024,"2048x2048":"https:\/\/int.design\/wp-content\/uploads\/2020\/12\/6_Parc-Nature-Montreal-Lemay-LandscapeArchitecture-8-2048x1365.jpg","2048x2048-width":2048,"2048x2048-height":1365,"article":"https:\/\/int.design\/wp-content\/uploads\/2020\/12\/6_Parc-Nature-Montreal-Lemay-LandscapeArchitecture-8-960x540.jpg","article-width":960,"article-height":540,"banner":"https:\/\/int.design\/wp-content\/uploads\/2020\/12\/6_Parc-Nature-Montreal-Lemay-LandscapeArchitecture-8-1920x1280.jpg","banner-width":1920,"banner-height":1280,"block":"https:\/\/int.design\/wp-content\/uploads\/2020\/12\/6_Parc-Nature-Montreal-Lemay-LandscapeArchitecture-8-900x680.jpg","block-width":900,"block-height":680,"card":"https:\/\/int.design\/wp-content\/uploads\/2020\/12\/6_Parc-Nature-Montreal-Lemay-LandscapeArchitecture-8-560x495.jpg","card-width":560,"card-height":495,"card-thumbnail":"https:\/\/int.design\/wp-content\/uploads\/2020\/12\/6_Parc-Nature-Montreal-Lemay-LandscapeArchitecture-8-450x340.jpg","card-thumbnail-width":450,"card-thumbnail-height":340,"conference":"https:\/\/int.design\/wp-content\/uploads\/2020\/12\/6_Parc-Nature-Montreal-Lemay-LandscapeArchitecture-8-560x250.jpg","conference-width":560,"conference-height":250,"contest":"https:\/\/int.design\/wp-content\/uploads\/2020\/12\/6_Parc-Nature-Montreal-Lemay-LandscapeArchitecture-8-960x400.jpg","contest-width":960,"contest-height":400,"cta":"https:\/\/int.design\/wp-content\/uploads\/2020\/12\/6_Parc-Nature-Montreal-Lemay-LandscapeArchitecture-8-415x170.jpg","cta-width":415,"cta-height":170,"exhibitor":"https:\/\/int.design\/wp-content\/uploads\/2020\/12\/6_Parc-Nature-Montreal-Lemay-LandscapeArchitecture-8-560x560.jpg","exhibitor-width":560,"exhibitor-height":560,"gallery":"https:\/\/int.design\/wp-content\/uploads\/2020\/12\/6_Parc-Nature-Montreal-Lemay-LandscapeArchitecture-8-560x373.jpg","gallery-width":560,"gallery-height":373,"logo":"https:\/\/int.design\/wp-content\/uploads\/2020\/12\/6_Parc-Nature-Montreal-Lemay-LandscapeArchitecture-8-150x100.jpg","logo-width":150,"logo-height":100,"masonry":"https:\/\/int.design\/wp-content\/uploads\/2020\/12\/6_Parc-Nature-Montreal-Lemay-LandscapeArchitecture-8-550x367.jpg","masonry-width":550,"masonry-height":367,"modal":"https:\/\/int.design\/wp-content\/uploads\/2020\/12\/6_Parc-Nature-Montreal-Lemay-LandscapeArchitecture-8-1920x1280.jpg","modal-width":1920,"modal-height":1280,"number":"https:\/\/int.design\/wp-content\/uploads\/2020\/12\/6_Parc-Nature-Montreal-Lemay-LandscapeArchitecture-8-560x373.jpg","number-width":560,"number-height":373,"partner":"https:\/\/int.design\/wp-content\/uploads\/2020\/12\/6_Parc-Nature-Montreal-Lemay-LandscapeArchitecture-8-275x183.jpg","partner-width":275,"partner-height":183,"ranking":"https:\/\/int.design\/wp-content\/uploads\/2020\/12\/6_Parc-Nature-Montreal-Lemay-LandscapeArchitecture-8-960x540.jpg","ranking-width":960,"ranking-height":540,"schedule":"https:\/\/int.design\/wp-content\/uploads\/2020\/12\/6_Parc-Nature-Montreal-Lemay-LandscapeArchitecture-8-960x360.jpg","schedule-width":960,"schedule-height":360,"slideshow":"https:\/\/int.design\/wp-content\/uploads\/2020\/12\/6_Parc-Nature-Montreal-Lemay-LandscapeArchitecture-8-1020x680.jpg","slideshow-width":1020,"slideshow-height":680}},"filters":[557],"suppliers":false,"attachment_category":[]},{"categories":[275],"credit":"","image":{"ID":33290,"id":33290,"title":"Parc-Nature-Montreal-Lemay-LandscapeArchitecture-9","filename":"Parc-Nature-Montreal-Lemay-LandscapeArchitecture-9-scaled.jpg","filesize":0,"url":"https:\/\/int.design\/wp-content\/uploads\/2020\/12\/Parc-Nature-Montreal-Lemay-LandscapeArchitecture-9-scaled.jpg","link":"https:\/\/int.design\/fr\/projets\/parcs-nature-montreal\/parc-nature-montreal-lemay-landscapearchitecture-9\/","alt":"","author":"158","description":"Parcs Nature Montr\u00e9al Lemay Lemay Pasquin St-Jean et Associ\u00e9s. Groupe Deric","caption":"","name":"parc-nature-montreal-lemay-landscapearchitecture-9","status":"inherit","uploaded_to":32635,"date":"2020-12-11 03:21:28","modified":"2022-02-08 12:00:11","menu_order":0,"mime_type":"image\/jpeg","type":"image","subtype":"jpeg","icon":"https:\/\/int.design\/wp-includes\/images\/media\/default.png","width":1707,"height":2560,"sizes":{"thumbnail":"https:\/\/int.design\/wp-content\/uploads\/2020\/12\/Parc-Nature-Montreal-Lemay-LandscapeArchitecture-9-150x150.jpg","thumbnail-width":150,"thumbnail-height":150,"medium":"https:\/\/int.design\/wp-content\/uploads\/2020\/12\/Parc-Nature-Montreal-Lemay-LandscapeArchitecture-9-200x300.jpg","medium-width":200,"medium-height":300,"medium_large":"https:\/\/int.design\/wp-content\/uploads\/2020\/12\/Parc-Nature-Montreal-Lemay-LandscapeArchitecture-9-768x1152.jpg","medium_large-width":768,"medium_large-height":1152,"large":"https:\/\/int.design\/wp-content\/uploads\/2020\/12\/Parc-Nature-Montreal-Lemay-LandscapeArchitecture-9-683x1024.jpg","large-width":683,"large-height":1024,"1536x1536":"https:\/\/int.design\/wp-content\/uploads\/2020\/12\/Parc-Nature-Montreal-Lemay-LandscapeArchitecture-9-1024x1536.jpg","1536x1536-width":1024,"1536x1536-height":1536,"2048x2048":"https:\/\/int.design\/wp-content\/uploads\/2020\/12\/Parc-Nature-Montreal-Lemay-LandscapeArchitecture-9-1365x2048.jpg","2048x2048-width":1365,"2048x2048-height":2048,"article":"https:\/\/int.design\/wp-content\/uploads\/2020\/12\/Parc-Nature-Montreal-Lemay-LandscapeArchitecture-9-960x540.jpg","article-width":960,"article-height":540,"banner":"https:\/\/int.design\/wp-content\/uploads\/2020\/12\/Parc-Nature-Montreal-Lemay-LandscapeArchitecture-9-1920x2880.jpg","banner-width":1920,"banner-height":2880,"block":"https:\/\/int.design\/wp-content\/uploads\/2020\/12\/Parc-Nature-Montreal-Lemay-LandscapeArchitecture-9-900x680.jpg","block-width":900,"block-height":680,"card":"https:\/\/int.design\/wp-content\/uploads\/2020\/12\/Parc-Nature-Montreal-Lemay-LandscapeArchitecture-9-560x495.jpg","card-width":560,"card-height":495,"card-thumbnail":"https:\/\/int.design\/wp-content\/uploads\/2020\/12\/Parc-Nature-Montreal-Lemay-LandscapeArchitecture-9-450x340.jpg","card-thumbnail-width":450,"card-thumbnail-height":340,"conference":"https:\/\/int.design\/wp-content\/uploads\/2020\/12\/Parc-Nature-Montreal-Lemay-LandscapeArchitecture-9-560x250.jpg","conference-width":560,"conference-height":250,"contest":"https:\/\/int.design\/wp-content\/uploads\/2020\/12\/Parc-Nature-Montreal-Lemay-LandscapeArchitecture-9-960x400.jpg","contest-width":960,"contest-height":400,"cta":"https:\/\/int.design\/wp-content\/uploads\/2020\/12\/Parc-Nature-Montreal-Lemay-LandscapeArchitecture-9-415x170.jpg","cta-width":415,"cta-height":170,"exhibitor":"https:\/\/int.design\/wp-content\/uploads\/2020\/12\/Parc-Nature-Montreal-Lemay-LandscapeArchitecture-9-560x560.jpg","exhibitor-width":560,"exhibitor-height":560,"gallery":"https:\/\/int.design\/wp-content\/uploads\/2020\/12\/Parc-Nature-Montreal-Lemay-LandscapeArchitecture-9-287x430.jpg","gallery-width":287,"gallery-height":430,"logo":"https:\/\/int.design\/wp-content\/uploads\/2020\/12\/Parc-Nature-Montreal-Lemay-LandscapeArchitecture-9-67x100.jpg","logo-width":67,"logo-height":100,"masonry":"https:\/\/int.design\/wp-content\/uploads\/2020\/12\/Parc-Nature-Montreal-Lemay-LandscapeArchitecture-9-550x825.jpg","masonry-width":550,"masonry-height":825,"modal":"https:\/\/int.design\/wp-content\/uploads\/2020\/12\/Parc-Nature-Montreal-Lemay-LandscapeArchitecture-9-1280x1920.jpg","modal-width":1280,"modal-height":1920,"number":"https:\/\/int.design\/wp-content\/uploads\/2020\/12\/Parc-Nature-Montreal-Lemay-LandscapeArchitecture-9-287x430.jpg","number-width":287,"number-height":430,"partner":"https:\/\/int.design\/wp-content\/uploads\/2020\/12\/Parc-Nature-Montreal-Lemay-LandscapeArchitecture-9-140x210.jpg","partner-width":140,"partner-height":210,"ranking":"https:\/\/int.design\/wp-content\/uploads\/2020\/12\/Parc-Nature-Montreal-Lemay-LandscapeArchitecture-9-960x540.jpg","ranking-width":960,"ranking-height":540,"schedule":"https:\/\/int.design\/wp-content\/uploads\/2020\/12\/Parc-Nature-Montreal-Lemay-LandscapeArchitecture-9-960x360.jpg","schedule-width":960,"schedule-height":360,"slideshow":"https:\/\/int.design\/wp-content\/uploads\/2020\/12\/Parc-Nature-Montreal-Lemay-LandscapeArchitecture-9-453x680.jpg","slideshow-width":453,"slideshow-height":680}},"filters":[557],"suppliers":false,"attachment_category":[]},{"categories":[275],"credit":"","image":{"ID":33291,"id":33291,"title":"Parc-Nature-Montreal-Lemay-LandscapeArchitecture-10","filename":"Parc-Nature-Montreal-Lemay-LandscapeArchitecture-10-scaled.jpg","filesize":0,"url":"https:\/\/int.design\/wp-content\/uploads\/2020\/12\/Parc-Nature-Montreal-Lemay-LandscapeArchitecture-10-scaled.jpg","link":"https:\/\/int.design\/fr\/projets\/parcs-nature-montreal\/parc-nature-montreal-lemay-landscapearchitecture-10\/","alt":"","author":"158","description":"Parcs Nature Montr\u00e9al Lemay Lemay Pasquin St-Jean et Associ\u00e9s. Groupe Deric","caption":"","name":"parc-nature-montreal-lemay-landscapearchitecture-10","status":"inherit","uploaded_to":32635,"date":"2020-12-11 03:21:41","modified":"2022-02-08 12:00:11","menu_order":0,"mime_type":"image\/jpeg","type":"image","subtype":"jpeg","icon":"https:\/\/int.design\/wp-includes\/images\/media\/default.png","width":2560,"height":1920,"sizes":{"thumbnail":"https:\/\/int.design\/wp-content\/uploads\/2020\/12\/Parc-Nature-Montreal-Lemay-LandscapeArchitecture-10-150x150.jpg","thumbnail-width":150,"thumbnail-height":150,"medium":"https:\/\/int.design\/wp-content\/uploads\/2020\/12\/Parc-Nature-Montreal-Lemay-LandscapeArchitecture-10-300x225.jpg","medium-width":300,"medium-height":225,"medium_large":"https:\/\/int.design\/wp-content\/uploads\/2020\/12\/Parc-Nature-Montreal-Lemay-LandscapeArchitecture-10-768x576.jpg","medium_large-width":768,"medium_large-height":576,"large":"https:\/\/int.design\/wp-content\/uploads\/2020\/12\/Parc-Nature-Montreal-Lemay-LandscapeArchitecture-10-1024x768.jpg","large-width":1024,"large-height":768,"1536x1536":"https:\/\/int.design\/wp-content\/uploads\/2020\/12\/Parc-Nature-Montreal-Lemay-LandscapeArchitecture-10-1536x1152.jpg","1536x1536-width":1536,"1536x1536-height":1152,"2048x2048":"https:\/\/int.design\/wp-content\/uploads\/2020\/12\/Parc-Nature-Montreal-Lemay-LandscapeArchitecture-10-2048x1536.jpg","2048x2048-width":2048,"2048x2048-height":1536,"article":"https:\/\/int.design\/wp-content\/uploads\/2020\/12\/Parc-Nature-Montreal-Lemay-LandscapeArchitecture-10-960x540.jpg","article-width":960,"article-height":540,"banner":"https:\/\/int.design\/wp-content\/uploads\/2020\/12\/Parc-Nature-Montreal-Lemay-LandscapeArchitecture-10-1920x1440.jpg","banner-width":1920,"banner-height":1440,"block":"https:\/\/int.design\/wp-content\/uploads\/2020\/12\/Parc-Nature-Montreal-Lemay-LandscapeArchitecture-10-900x680.jpg","block-width":900,"block-height":680,"card":"https:\/\/int.design\/wp-content\/uploads\/2020\/12\/Parc-Nature-Montreal-Lemay-LandscapeArchitecture-10-560x495.jpg","card-width":560,"card-height":495,"card-thumbnail":"https:\/\/int.design\/wp-content\/uploads\/2020\/12\/Parc-Nature-Montreal-Lemay-LandscapeArchitecture-10-450x340.jpg","card-thumbnail-width":450,"card-thumbnail-height":340,"conference":"https:\/\/int.design\/wp-content\/uploads\/2020\/12\/Parc-Nature-Montreal-Lemay-LandscapeArchitecture-10-560x250.jpg","conference-width":560,"conference-height":250,"contest":"https:\/\/int.design\/wp-content\/uploads\/2020\/12\/Parc-Nature-Montreal-Lemay-LandscapeArchitecture-10-960x400.jpg","contest-width":960,"contest-height":400,"cta":"https:\/\/int.design\/wp-content\/uploads\/2020\/12\/Parc-Nature-Montreal-Lemay-LandscapeArchitecture-10-415x170.jpg","cta-width":415,"cta-height":170,"exhibitor":"https:\/\/int.design\/wp-content\/uploads\/2020\/12\/Parc-Nature-Montreal-Lemay-LandscapeArchitecture-10-560x560.jpg","exhibitor-width":560,"exhibitor-height":560,"gallery":"https:\/\/int.design\/wp-content\/uploads\/2020\/12\/Parc-Nature-Montreal-Lemay-LandscapeArchitecture-10-560x420.jpg","gallery-width":560,"gallery-height":420,"logo":"https:\/\/int.design\/wp-content\/uploads\/2020\/12\/Parc-Nature-Montreal-Lemay-LandscapeArchitecture-10-133x100.jpg","logo-width":133,"logo-height":100,"masonry":"https:\/\/int.design\/wp-content\/uploads\/2020\/12\/Parc-Nature-Montreal-Lemay-LandscapeArchitecture-10-550x412.jpg","masonry-width":550,"masonry-height":412,"modal":"https:\/\/int.design\/wp-content\/uploads\/2020\/12\/Parc-Nature-Montreal-Lemay-LandscapeArchitecture-10-1920x1440.jpg","modal-width":1920,"modal-height":1440,"number":"https:\/\/int.design\/wp-content\/uploads\/2020\/12\/Parc-Nature-Montreal-Lemay-LandscapeArchitecture-10-560x420.jpg","number-width":560,"number-height":420,"partner":"https:\/\/int.design\/wp-content\/uploads\/2020\/12\/Parc-Nature-Montreal-Lemay-LandscapeArchitecture-10-275x206.jpg","partner-width":275,"partner-height":206,"ranking":"https:\/\/int.design\/wp-content\/uploads\/2020\/12\/Parc-Nature-Montreal-Lemay-LandscapeArchitecture-10-960x540.jpg","ranking-width":960,"ranking-height":540,"schedule":"https:\/\/int.design\/wp-content\/uploads\/2020\/12\/Parc-Nature-Montreal-Lemay-LandscapeArchitecture-10-960x360.jpg","schedule-width":960,"schedule-height":360,"slideshow":"https:\/\/int.design\/wp-content\/uploads\/2020\/12\/Parc-Nature-Montreal-Lemay-LandscapeArchitecture-10-907x680.jpg","slideshow-width":907,"slideshow-height":680}},"filters":[557],"suppliers":false,"attachment_category":[]}],"mandatory_documents":[{"name":"PLAN PARCS NATURE","file":{"ID":33545,"id":33545,"title":"PARCS-NATURE_PLANS","filename":"PARCS-NATURE_PLANS.pdf","filesize":0,"url":"https:\/\/d2q6z78khxmx42.cloudfront.net\/2020\/12\/PARCS-NATURE_PLANS.pdf","link":"https:\/\/int.design\/fr\/projets\/parcs-nature-montreal\/parcs-nature_plans\/","alt":"","author":"158","description":"","caption":"","name":"parcs-nature_plans","status":"inherit","uploaded_to":32635,"date":"2020-12-11 23:25:59","modified":"2020-12-11 23:26:02","menu_order":0,"mime_type":"application\/pdf","type":"application","subtype":"pdf","icon":"https:\/\/int.design\/wp-includes\/images\/media\/document.png"}}],"optional_documents":false,"web_text":{"fr":"<p>Ce projet en trois volets a n\u00e9cessit\u00e9 une analyse et une r\u00e9flexion de fond pour r\u00e9viser les plans directeurs et \u00e9laborer une strat\u00e9gie d\u2019architecture de paysage.<br \/>\nIl s\u2019agissait de remplacer les belv\u00e9d\u00e8res, les passerelles et les sentiers de trois parcs nature montr\u00e9alais : le Bois-de-L\u2019\u00eele-Bizard, le Bois-de-Liesse et la Pointe-Aux-Prairies.<br \/>\nDeux principes cl\u00e9s sous-tendent le projet :<br \/>\n\u2022\tUne vision claire de la relation entre les \u00e9l\u00e9ments b\u00e2tis, l\u2019utilisateur et l\u2019espace<br \/>\n\u2022\tUne fine connaissance des sites et de l\u2019\u00e9cologie pour valoriser le paysage<br \/>\nDes analyses environnementales, patrimoniales, sociales et \u00e9conomiques ont permis de bien cerner les divers environnements, allant de zones humides \u00e0 une ancienne carri\u00e8re. La fragilit\u00e9 de la flore et de la faune a guid\u00e9 chaque intervention.<br \/>\nL\u2019emplacement et l\u2019orientation des structures et du mobilier quatre saisons favorisent l\u2019interpr\u00e9tation et l\u2019observation tout en d\u00e9tournant les visiteurs des zones sensibles.<br \/>\nLes am\u00e9nagements, les points de vue et les parcours atypiques cr\u00e9ent un fil conducteur dans chaque secteur. La composition et les \u00e9l\u00e9ments signature invitent \u00e0 une d\u00e9couverte progressive int\u00e9grant architecture et architecture de paysage. Les mat\u00e9riaux, les formes, les textures et les couleurs s\u2019adaptent aux saisons. Le projet accro\u00eet la biodiversit\u00e9 et tient compte des inondations p\u00e9riodiques.<br \/>\nLe travail de Lemay prot\u00e8ge chaque parc et enrichit l\u2019exp\u00e9rience utilisateur gr\u00e2ce \u00e0 une approche qui optimise le milieu naturel.<\/p>\n","en":"<p>This landmark three-pronged project called for extensive analysis and reflection to update master plans and devise a sweeping landscape architecture strategy.<br \/>\nIt involved replacing belvederes, footbridges and paths for three Montreal nature parks: Bois-de-L\u2019\u00eele-Bizard, Bois-de-Liesse and Pointe-Aux-Prairies.<br \/>\nTwo key principles underlie the project\u2019s framework:<br \/>\n\u2022\tA thorough grasp of the relationship between each built component, the user and the space<br \/>\n\u2022\tIn-depth knowledge of each site and its ecology to best showcase the landscape<br \/>\nEnvironmental, heritage, social and economic analyses yielded a detailed understanding of a wide range of environments, from wetlands to a former limestone quarry. Guiding every intervention was the fragility of flora and fauna.<br \/>\nThe strategic placement and orientation of safe, four-season structures and furniture promote interpretation and observation while directing visitors away from the most sensitive areas.<br \/>\nThe creation of signature layouts, atypical viewpoints and routes adds atmosphere and generates a guiding thread through each sector. Compositional and signature elements invite progressive discovery as they blend structure and landscape. Materials, shapes, textures and colours harmonize with the changing seasons. The project increases biodiversity and allows for periodic flooding.<br \/>\nLemay\u2019s work protects each park and enriches the user experience, unifying diverse contexts with a brand image and approach that maximize natural environments.<\/p>\n","original":""},"jury_text":[{"category":275,"fr":"<p>Ce projet en trois volets a n\u00e9cessit\u00e9 une analyse et une r\u00e9flexion de fond pour r\u00e9viser les plans directeurs et \u00e9laborer une strat\u00e9gie d\u2019architecture de paysage.<br \/>\nIl s\u2019agissait de remplacer les belv\u00e9d\u00e8res, les passerelles et les sentiers de trois parcs nature montr\u00e9alais : le Bois-de-L\u2019\u00eele-Bizard, le Bois-de-Liesse et la Pointe-Aux-Prairies.<br \/>\nDeux principes cl\u00e9s sous-tendent le projet :<br \/>\n\u2022\tUne vision claire de la relation entre les \u00e9l\u00e9ments b\u00e2tis, l\u2019utilisateur et l\u2019espace<br \/>\n\u2022\tUne fine connaissance des sites et de l\u2019\u00e9cologie pour valoriser le paysage<br \/>\nDes analyses environnementales, patrimoniales, sociales et \u00e9conomiques ont permis de bien cerner les divers environnements, allant de zones humides \u00e0 une ancienne carri\u00e8re. La fragilit\u00e9 de la flore et de la faune a guid\u00e9 chaque intervention.<br \/>\nL\u2019emplacement et l\u2019orientation des structures et du mobilier quatre saisons favorisent l\u2019interpr\u00e9tation et l\u2019observation tout en d\u00e9tournant les visiteurs des zones sensibles.<br \/>\nLes am\u00e9nagements, les points de vue et les parcours atypiques cr\u00e9ent un fil conducteur dans chaque secteur. La composition et les \u00e9l\u00e9ments signature invitent \u00e0 une d\u00e9couverte progressive int\u00e9grant architecture et architecture de paysage. Les mat\u00e9riaux, les formes, les textures et les couleurs s\u2019adaptent aux saisons. Le projet accro\u00eet la biodiversit\u00e9 et tient compte des inondations p\u00e9riodiques.<br \/>\nLe travail de Lemay prot\u00e8ge chaque parc et enrichit l\u2019exp\u00e9rience utilisateur gr\u00e2ce \u00e0 une approche qui optimise le milieu naturel.<\/p>\n","en":"<p>This landmark three-pronged project called for extensive analysis and reflection to update master plans and devise a sweeping landscape architecture strategy.<br \/>\nIt involved replacing belvederes, footbridges and paths for three Montreal nature parks: Bois-de-L\u2019\u00eele-Bizard, Bois-de-Liesse and Pointe-Aux-Prairies.<br \/>\nTwo key principles underlie the project\u2019s framework:<br \/>\n\u2022\tA thorough grasp of the relationship between each built component, the user and the space<br \/>\n\u2022\tIn-depth knowledge of each site and its ecology to best showcase the landscape<br \/>\nEnvironmental, heritage, social and economic analyses yielded a detailed understanding of a wide range of environments, from wetlands to a former limestone quarry. Guiding every intervention was the fragility of flora and fauna.<br \/>\nThe strategic placement and orientation of safe, four-season structures and furniture promote interpretation and observation while directing visitors away from the most sensitive areas.<br \/>\nThe creation of signature layouts, atypical viewpoints and routes adds atmosphere and generates a guiding thread through each sector. Compositional and signature elements invite progressive discovery as they blend structure and landscape. Materials, shapes, textures and colours harmonize with the changing seasons. The project increases biodiversity and allows for periodic flooding.<br \/>\nLemay\u2019s work protects each park and enriches the user experience, unifying diverse contexts with a brand image and approach that maximize natural environments.<\/p>\n","original":""}],"different_jury_text":false,"different_category_text":false},"laureats":[{"cat_id":275,"cat_id_laureat":1035,"laureat":"Certification Or"}],"contest_id":"1180","contest_title":"GRANDS PRIX DU DESIGN - 14e \u00e9dition","firms":[{"name":"Lemay","website":"lemay.com","category":"Landscape Architecture","category_tax":false,"category_label":null},{"name":"Pasquin St-Jean et Associ\u00e9s.","website":"https:\/\/www.portailconstructo.com\/batiguide\/pasquin_st_jean_associes_inc","category":"Engineering","category_tax":false,"category_label":null},{"name":"Groupe Deric","website":"https:\/\/www.groupederic.ca\/","category":"General Contractor","category_tax":false,"category_label":null}],"user":{"email":"awards@lemay.com","first_name":"Marie","last_name":"L\u00e9veill\u00e9 Tremblay"},"doc_texts_web":{"fr":"","en":""},"permalinks":{"fr":"https:\/\/int.design\/fr\/projets\/parcs-nature-montreal\/","en":"https:\/\/int.design\/en\/projects\/parcs-nature-montreal\/"},"titles":{"fr":"Parcs Nature Montr\u00e9al","en":"Parcs Nature Montr\u00e9al"},"wp_fields":[],"laravel_id":""},"_links":{"self":[{"href":"https:\/\/int.design\/fr\/wp-json\/wp\/v2\/project\/32635","targetHints":{"allow":["GET"]}}],"collection":[{"href":"https:\/\/int.design\/fr\/wp-json\/wp\/v2\/project"}],"about":[{"href":"https:\/\/int.design\/fr\/wp-json\/wp\/v2\/types\/project"}],"wp:attachment":[{"href":"https:\/\/int.design\/fr\/wp-json\/wp\/v2\/media?parent=32635"}],"curies":[{"name":"wp","href":"https:\/\/api.w.org\/{rel}","templated":true}]}}