{"id":3177,"date":"2016-02-05T02:15:12","date_gmt":"2016-02-05T07:15:12","guid":{"rendered":"https:\/\/int.design\/projets\/des-architectures-pour-arnaud-ex-aequo\/"},"modified":"2020-04-05T23:51:21","modified_gmt":"2020-04-06T03:51:21","slug":"des-architectures-pour-arnaud-ex-aequo","status":"publish","type":"project","link":"https:\/\/int.design\/fr\/projets\/des-architectures-pour-arnaud-ex-aequo\/","title":{"rendered":"Des architectures pour Arnaud &#8211; EX \u00c6QUO"},"content":{"rendered":"<p>Qui de mieux qu\u2019un consultant de huit ans pour cr\u00e9er un espace de<br \/>\njeu adapt\u00e9 aux go\u00fbts r\u00e9els des enfants ? C\u2019est ce que s\u2019est dit l\u2019architecte<br \/>\nJean Vervillle, qui a \u00e9labor\u00e9, en \u00e9troite collaboration avec<br \/>\nArnaud, un espace adapt\u00e9 au jeu, \u00e0 la lecture et au repos. Aux allures<br \/>\nde jouet g\u00e9ant, l\u2019espace compact est compos\u00e9 de blocs de mousse<br \/>\net de panneaux de feutre blanc. Le projet, se voulant une interpr\u00e9tation<br \/>\nde la cabane construite \u00e0 partir des coussins du canap\u00e9, loge<br \/>\nun lit sur\u00e9lev\u00e9 doubl\u00e9 d\u2019un espace de rangement et d\u00e9limite des<br \/>\nlieux propices aux activit\u00e9s. La structure a \u00e9t\u00e9 con\u00e7ue pour stimuler<br \/>\ntout l\u2019imaginaire enfantin. Des parois ajour\u00e9es glissent sur des rails<br \/>\npour cr\u00e9er des images transform\u00e9es tout en contr\u00f4lant la lumi\u00e8re.<br \/>\nV\u00e9ritable coup de c\u0153ur du jury, ce dernier l\u2019a d\u00e9crit comme un \u00ab magnifique<br \/>\nprojet avec mobilier int\u00e9gr\u00e9 impr\u00e9gn\u00e9 d\u2019une belle po\u00e9sie \u00bb.<\/p>\n","protected":false},"template":"","class_list":["post-3177","project","type-project","status-publish","hentry"],"acf":[],"yoast_head":"<!-- This site is optimized with the Yoast SEO plugin v21.5 - https:\/\/yoast.com\/wordpress\/plugins\/seo\/ -->\n<title>Des architectures pour Arnaud - EX \u00c6QUO - INT Design<\/title>\n<meta name=\"robots\" content=\"index, follow, max-snippet:-1, max-image-preview:large, max-video-preview:-1\" \/>\n<link rel=\"canonical\" href=\"https:\/\/int.design\/fr\/projets\/des-architectures-pour-arnaud-ex-aequo\/\" \/>\n<meta property=\"og:locale\" content=\"fr_FR\" \/>\n<meta property=\"og:type\" content=\"article\" \/>\n<meta property=\"og:title\" content=\"Des architectures pour Arnaud - EX \u00c6QUO - INT Design\" \/>\n<meta property=\"og:description\" content=\"Qui de mieux qu\u2019un consultant de huit ans pour cr\u00e9er un espace de jeu adapt\u00e9 aux go\u00fbts r\u00e9els des enfants ? C\u2019est ce que s\u2019est dit l\u2019architecte Jean Vervillle, qui a \u00e9labor\u00e9, en \u00e9troite collaboration avec Arnaud, un espace adapt\u00e9 au jeu, \u00e0 la lecture et au repos. Aux allures de jouet g\u00e9ant, l\u2019espace compact &hellip; Continued\" \/>\n<meta property=\"og:url\" content=\"https:\/\/int.design\/fr\/projets\/des-architectures-pour-arnaud-ex-aequo\/\" \/>\n<meta property=\"og:site_name\" content=\"INT Design\" \/>\n<meta property=\"article:modified_time\" content=\"2020-04-06T03:51:21+00:00\" \/>\n<meta name=\"twitter:card\" content=\"summary_large_image\" \/>\n<meta name=\"twitter:label1\" content=\"Est. reading time\" \/>\n\t<meta name=\"twitter:data1\" content=\"1 minute\" \/>\n<script type=\"application\/ld+json\" class=\"yoast-schema-graph\">{\"@context\":\"https:\/\/schema.org\",\"@graph\":[{\"@type\":\"WebPage\",\"@id\":\"https:\/\/int.design\/fr\/projets\/des-architectures-pour-arnaud-ex-aequo\/\",\"url\":\"https:\/\/int.design\/fr\/projets\/des-architectures-pour-arnaud-ex-aequo\/\",\"name\":\"Des architectures pour Arnaud - EX \u00c6QUO - INT Design\",\"isPartOf\":{\"@id\":\"https:\/\/int.design\/fr\/#website\"},\"datePublished\":\"2016-02-05T07:15:12+00:00\",\"dateModified\":\"2020-04-06T03:51:21+00:00\",\"breadcrumb\":{\"@id\":\"https:\/\/int.design\/fr\/projets\/des-architectures-pour-arnaud-ex-aequo\/#breadcrumb\"},\"inLanguage\":\"fr-FR\",\"potentialAction\":[{\"@type\":\"ReadAction\",\"target\":[\"https:\/\/int.design\/fr\/projets\/des-architectures-pour-arnaud-ex-aequo\/\"]}]},{\"@type\":\"BreadcrumbList\",\"@id\":\"https:\/\/int.design\/fr\/projets\/des-architectures-pour-arnaud-ex-aequo\/#breadcrumb\",\"itemListElement\":[{\"@type\":\"ListItem\",\"position\":1,\"name\":\"Home\",\"item\":\"https:\/\/int.design\/fr\/\"},{\"@type\":\"ListItem\",\"position\":2,\"name\":\"Projects\",\"item\":\"https:\/\/int.design\/en\/projects\/\"},{\"@type\":\"ListItem\",\"position\":3,\"name\":\"Des architectures pour Arnaud &#8211; EX \u00c6QUO\"}]},{\"@type\":\"WebSite\",\"@id\":\"https:\/\/int.design\/fr\/#website\",\"url\":\"https:\/\/int.design\/fr\/\",\"name\":\"INT Design\",\"description\":\"\",\"potentialAction\":[{\"@type\":\"SearchAction\",\"target\":{\"@type\":\"EntryPoint\",\"urlTemplate\":\"https:\/\/int.design\/fr\/?s={search_term_string}\"},\"query-input\":\"required name=search_term_string\"}],\"inLanguage\":\"fr-FR\"}]}<\/script>\n<!-- \/ Yoast SEO plugin. -->","yoast_head_json":{"title":"Des architectures pour Arnaud - EX \u00c6QUO - INT Design","robots":{"index":"index","follow":"follow","max-snippet":"max-snippet:-1","max-image-preview":"max-image-preview:large","max-video-preview":"max-video-preview:-1"},"canonical":"https:\/\/int.design\/fr\/projets\/des-architectures-pour-arnaud-ex-aequo\/","og_locale":"fr_FR","og_type":"article","og_title":"Des architectures pour Arnaud - EX \u00c6QUO - INT Design","og_description":"Qui de mieux qu\u2019un consultant de huit ans pour cr\u00e9er un espace de jeu adapt\u00e9 aux go\u00fbts r\u00e9els des enfants ? C\u2019est ce que s\u2019est dit l\u2019architecte Jean Vervillle, qui a \u00e9labor\u00e9, en \u00e9troite collaboration avec Arnaud, un espace adapt\u00e9 au jeu, \u00e0 la lecture et au repos. Aux allures de jouet g\u00e9ant, l\u2019espace compact &hellip; Continued","og_url":"https:\/\/int.design\/fr\/projets\/des-architectures-pour-arnaud-ex-aequo\/","og_site_name":"INT Design","article_modified_time":"2020-04-06T03:51:21+00:00","twitter_card":"summary_large_image","twitter_misc":{"Est. reading time":"1 minute"},"schema":{"@context":"https:\/\/schema.org","@graph":[{"@type":"WebPage","@id":"https:\/\/int.design\/fr\/projets\/des-architectures-pour-arnaud-ex-aequo\/","url":"https:\/\/int.design\/fr\/projets\/des-architectures-pour-arnaud-ex-aequo\/","name":"Des architectures pour Arnaud - EX \u00c6QUO - INT Design","isPartOf":{"@id":"https:\/\/int.design\/fr\/#website"},"datePublished":"2016-02-05T07:15:12+00:00","dateModified":"2020-04-06T03:51:21+00:00","breadcrumb":{"@id":"https:\/\/int.design\/fr\/projets\/des-architectures-pour-arnaud-ex-aequo\/#breadcrumb"},"inLanguage":"fr-FR","potentialAction":[{"@type":"ReadAction","target":["https:\/\/int.design\/fr\/projets\/des-architectures-pour-arnaud-ex-aequo\/"]}]},{"@type":"BreadcrumbList","@id":"https:\/\/int.design\/fr\/projets\/des-architectures-pour-arnaud-ex-aequo\/#breadcrumb","itemListElement":[{"@type":"ListItem","position":1,"name":"Home","item":"https:\/\/int.design\/fr\/"},{"@type":"ListItem","position":2,"name":"Projects","item":"https:\/\/int.design\/en\/projects\/"},{"@type":"ListItem","position":3,"name":"Des architectures pour Arnaud &#8211; EX \u00c6QUO"}]},{"@type":"WebSite","@id":"https:\/\/int.design\/fr\/#website","url":"https:\/\/int.design\/fr\/","name":"INT Design","description":"","potentialAction":[{"@type":"SearchAction","target":{"@type":"EntryPoint","urlTemplate":"https:\/\/int.design\/fr\/?s={search_term_string}"},"query-input":"required name=search_term_string"}],"inLanguage":"fr-FR"}]}},"entry":{"cats":{"disciplines":[],"big_cats":[],"sub_cats":[]},"entry":{"images":[{"image":{"ID":3178,"id":3178,"title":"21-1.jpg","filename":"21-1.jpg","filesize":0,"url":"https:\/\/d2q6z78khxmx42.cloudfront.net\/2016\/02\/21-1.jpg","link":"https:\/\/int.design\/fr\/21-1-jpg\/","alt":"","author":"0","description":"","caption":"","name":"21-1-jpg","status":"inherit","uploaded_to":0,"date":"2020-04-06 03:51:14","modified":"2020-04-06 03:51:14","menu_order":0,"mime_type":"image\/jpeg","type":"image","subtype":"jpeg","icon":"https:\/\/int.design\/wp-includes\/images\/media\/default.png","width":600,"height":400,"sizes":{"thumbnail":"https:\/\/d2q6z78khxmx42.cloudfront.net\/2016\/02\/21-1-150x150.jpg","thumbnail-width":150,"thumbnail-height":150,"medium":"https:\/\/d2q6z78khxmx42.cloudfront.net\/2016\/02\/21-1-300x200.jpg","medium-width":300,"medium-height":200,"medium_large":"https:\/\/d2q6z78khxmx42.cloudfront.net\/2016\/02\/21-1.jpg","medium_large-width":600,"medium_large-height":400,"large":"https:\/\/d2q6z78khxmx42.cloudfront.net\/2016\/02\/21-1.jpg","large-width":600,"large-height":400,"1536x1536":"https:\/\/d2q6z78khxmx42.cloudfront.net\/2016\/02\/21-1.jpg","1536x1536-width":600,"1536x1536-height":400,"2048x2048":"https:\/\/d2q6z78khxmx42.cloudfront.net\/2016\/02\/21-1.jpg","2048x2048-width":600,"2048x2048-height":400,"article":"https:\/\/d2q6z78khxmx42.cloudfront.net\/2016\/02\/21-1.jpg","article-width":600,"article-height":400,"banner":"https:\/\/d2q6z78khxmx42.cloudfront.net\/2016\/02\/21-1.jpg","banner-width":600,"banner-height":400,"block":"https:\/\/d2q6z78khxmx42.cloudfront.net\/2016\/02\/21-1.jpg","block-width":600,"block-height":400,"card":"https:\/\/d2q6z78khxmx42.cloudfront.net\/2016\/02\/21-1-560x400.jpg","card-width":560,"card-height":400,"card-thumbnail":"https:\/\/d2q6z78khxmx42.cloudfront.net\/2016\/02\/21-1-450x340.jpg","card-thumbnail-width":450,"card-thumbnail-height":340,"conference":"https:\/\/d2q6z78khxmx42.cloudfront.net\/2016\/02\/21-1-560x250.jpg","conference-width":560,"conference-height":250,"contest":"https:\/\/d2q6z78khxmx42.cloudfront.net\/2016\/02\/21-1.jpg","contest-width":600,"contest-height":400,"cta":"https:\/\/d2q6z78khxmx42.cloudfront.net\/2016\/02\/21-1-415x170.jpg","cta-width":415,"cta-height":170,"exhibitor":"https:\/\/d2q6z78khxmx42.cloudfront.net\/2016\/02\/shZSWWui-21-1-560x400.jpg","exhibitor-width":560,"exhibitor-height":400,"gallery":"https:\/\/d2q6z78khxmx42.cloudfront.net\/2016\/02\/21-1-560x373.jpg","gallery-width":560,"gallery-height":373,"logo":"https:\/\/d2q6z78khxmx42.cloudfront.net\/2016\/02\/21-1-150x100.jpg","logo-width":150,"logo-height":100,"masonry":"https:\/\/d2q6z78khxmx42.cloudfront.net\/2016\/02\/21-1-550x367.jpg","masonry-width":550,"masonry-height":367,"modal":"https:\/\/d2q6z78khxmx42.cloudfront.net\/2016\/02\/21-1.jpg","modal-width":600,"modal-height":400,"number":"https:\/\/d2q6z78khxmx42.cloudfront.net\/2016\/02\/shZSWWui-21-1-560x373.jpg","number-width":560,"number-height":373,"partner":"https:\/\/d2q6z78khxmx42.cloudfront.net\/2016\/02\/21-1-275x183.jpg","partner-width":275,"partner-height":183,"ranking":"https:\/\/d2q6z78khxmx42.cloudfront.net\/2016\/02\/21-1.jpg","ranking-width":600,"ranking-height":400,"schedule":"https:\/\/d2q6z78khxmx42.cloudfront.net\/2016\/02\/21-1-600x360.jpg","schedule-width":600,"schedule-height":360,"slideshow":"https:\/\/d2q6z78khxmx42.cloudfront.net\/2016\/02\/21-1.jpg","slideshow-width":600,"slideshow-height":400}},"attachment_category":[],"credit":""},{"image":{"ID":3179,"id":3179,"title":"des-architectures-pour-arnaud_15.2_jean-verville-architecte_jean-verville_01_896x600.jpg","filename":"des-architectures-pour-arnaud_15.2_jean-verville-architecte_jean-verville_01_896x600.jpg","filesize":0,"url":"https:\/\/d2q6z78khxmx42.cloudfront.net\/2016\/02\/des-architectures-pour-arnaud_15.2_jean-verville-architecte_jean-verville_01_896x600.jpg","link":"https:\/\/int.design\/fr\/des-architectures-pour-arnaud_15-2_jean-verville-architecte_jean-verville_01_896x600-jpg\/","alt":"","author":"0","description":"","caption":"","name":"des-architectures-pour-arnaud_15-2_jean-verville-architecte_jean-verville_01_896x600-jpg","status":"inherit","uploaded_to":0,"date":"2020-04-06 03:51:15","modified":"2020-04-06 03:51:15","menu_order":0,"mime_type":"image\/jpeg","type":"image","subtype":"jpeg","icon":"https:\/\/int.design\/wp-includes\/images\/media\/default.png","width":896,"height":600,"sizes":{"thumbnail":"https:\/\/d2q6z78khxmx42.cloudfront.net\/2016\/02\/des-architectures-pour-arnaud_15.2_jean-verville-architecte_jean-verville_01_896x600-150x150.jpg","thumbnail-width":150,"thumbnail-height":150,"medium":"https:\/\/d2q6z78khxmx42.cloudfront.net\/2016\/02\/des-architectures-pour-arnaud_15.2_jean-verville-architecte_jean-verville_01_896x600-300x201.jpg","medium-width":300,"medium-height":201,"medium_large":"https:\/\/d2q6z78khxmx42.cloudfront.net\/2016\/02\/des-architectures-pour-arnaud_15.2_jean-verville-architecte_jean-verville_01_896x600-768x514.jpg","medium_large-width":768,"medium_large-height":514,"large":"https:\/\/d2q6z78khxmx42.cloudfront.net\/2016\/02\/des-architectures-pour-arnaud_15.2_jean-verville-architecte_jean-verville_01_896x600.jpg","large-width":896,"large-height":600,"1536x1536":"https:\/\/d2q6z78khxmx42.cloudfront.net\/2016\/02\/des-architectures-pour-arnaud_15.2_jean-verville-architecte_jean-verville_01_896x600.jpg","1536x1536-width":896,"1536x1536-height":600,"2048x2048":"https:\/\/d2q6z78khxmx42.cloudfront.net\/2016\/02\/des-architectures-pour-arnaud_15.2_jean-verville-architecte_jean-verville_01_896x600.jpg","2048x2048-width":896,"2048x2048-height":600,"article":"https:\/\/d2q6z78khxmx42.cloudfront.net\/2016\/02\/des-architectures-pour-arnaud_15.2_jean-verville-architecte_jean-verville_01_896x600-896x540.jpg","article-width":896,"article-height":540,"banner":"https:\/\/d2q6z78khxmx42.cloudfront.net\/2016\/02\/des-architectures-pour-arnaud_15.2_jean-verville-architecte_jean-verville_01_896x600.jpg","banner-width":896,"banner-height":600,"block":"https:\/\/d2q6z78khxmx42.cloudfront.net\/2016\/02\/des-architectures-pour-arnaud_15.2_jean-verville-architecte_jean-verville_01_896x600.jpg","block-width":896,"block-height":600,"card":"https:\/\/d2q6z78khxmx42.cloudfront.net\/2016\/02\/des-architectures-pour-arnaud_15.2_jean-verville-architecte_jean-verville_01_896x600-560x495.jpg","card-width":560,"card-height":495,"card-thumbnail":"https:\/\/d2q6z78khxmx42.cloudfront.net\/2016\/02\/des-architectures-pour-arnaud_15.2_jean-verville-architecte_jean-verville_01_896x600-450x340.jpg","card-thumbnail-width":450,"card-thumbnail-height":340,"conference":"https:\/\/d2q6z78khxmx42.cloudfront.net\/2016\/02\/des-architectures-pour-arnaud_15.2_jean-verville-architecte_jean-verville_01_896x600-560x250.jpg","conference-width":560,"conference-height":250,"contest":"https:\/\/d2q6z78khxmx42.cloudfront.net\/2016\/02\/des-architectures-pour-arnaud_15.2_jean-verville-architecte_jean-verville_01_896x600-896x400.jpg","contest-width":896,"contest-height":400,"cta":"https:\/\/d2q6z78khxmx42.cloudfront.net\/2016\/02\/des-architectures-pour-arnaud_15.2_jean-verville-architecte_jean-verville_01_896x600-415x170.jpg","cta-width":415,"cta-height":170,"exhibitor":"https:\/\/d2q6z78khxmx42.cloudfront.net\/2016\/02\/des-architectures-pour-arnaud_15.2_jean-verville-architecte_jean-verville_01_896x600-560x560.jpg","exhibitor-width":560,"exhibitor-height":560,"gallery":"https:\/\/d2q6z78khxmx42.cloudfront.net\/2016\/02\/des-architectures-pour-arnaud_15.2_jean-verville-architecte_jean-verville_01_896x600-560x375.jpg","gallery-width":560,"gallery-height":375,"logo":"https:\/\/d2q6z78khxmx42.cloudfront.net\/2016\/02\/des-architectures-pour-arnaud_15.2_jean-verville-architecte_jean-verville_01_896x600-149x100.jpg","logo-width":149,"logo-height":100,"masonry":"https:\/\/d2q6z78khxmx42.cloudfront.net\/2016\/02\/des-architectures-pour-arnaud_15.2_jean-verville-architecte_jean-verville_01_896x600-550x368.jpg","masonry-width":550,"masonry-height":368,"modal":"https:\/\/d2q6z78khxmx42.cloudfront.net\/2016\/02\/des-architectures-pour-arnaud_15.2_jean-verville-architecte_jean-verville_01_896x600.jpg","modal-width":896,"modal-height":600,"number":"https:\/\/d2q6z78khxmx42.cloudfront.net\/2016\/02\/EHs6LN1q-des-architectures-pour-arnaud_15.2_jean-verville-architecte_jean-verville_01_896x600-560x375.jpg","number-width":560,"number-height":375,"partner":"https:\/\/d2q6z78khxmx42.cloudfront.net\/2016\/02\/des-architectures-pour-arnaud_15.2_jean-verville-architecte_jean-verville_01_896x600-275x184.jpg","partner-width":275,"partner-height":184,"ranking":"https:\/\/d2q6z78khxmx42.cloudfront.net\/2016\/02\/EHs6LN1q-des-architectures-pour-arnaud_15.2_jean-verville-architecte_jean-verville_01_896x600-896x540.jpg","ranking-width":896,"ranking-height":540,"schedule":"https:\/\/d2q6z78khxmx42.cloudfront.net\/2016\/02\/des-architectures-pour-arnaud_15.2_jean-verville-architecte_jean-verville_01_896x600-896x360.jpg","schedule-width":896,"schedule-height":360,"slideshow":"https:\/\/d2q6z78khxmx42.cloudfront.net\/2016\/02\/des-architectures-pour-arnaud_15.2_jean-verville-architecte_jean-verville_01_896x600.jpg","slideshow-width":896,"slideshow-height":600}},"attachment_category":[],"credit":""},{"image":{"ID":3180,"id":3180,"title":"des-architectures-pour-arnaud_15.2_jean-verville-architecte_jean-verville_04_896x600.jpg","filename":"des-architectures-pour-arnaud_15.2_jean-verville-architecte_jean-verville_04_896x600.jpg","filesize":0,"url":"https:\/\/d2q6z78khxmx42.cloudfront.net\/2016\/02\/des-architectures-pour-arnaud_15.2_jean-verville-architecte_jean-verville_04_896x600.jpg","link":"https:\/\/int.design\/fr\/des-architectures-pour-arnaud_15-2_jean-verville-architecte_jean-verville_04_896x600-jpg\/","alt":"","author":"0","description":"","caption":"","name":"des-architectures-pour-arnaud_15-2_jean-verville-architecte_jean-verville_04_896x600-jpg","status":"inherit","uploaded_to":0,"date":"2020-04-06 03:51:15","modified":"2020-04-06 03:51:15","menu_order":0,"mime_type":"image\/jpeg","type":"image","subtype":"jpeg","icon":"https:\/\/int.design\/wp-includes\/images\/media\/default.png","width":896,"height":600,"sizes":{"thumbnail":"https:\/\/d2q6z78khxmx42.cloudfront.net\/2016\/02\/des-architectures-pour-arnaud_15.2_jean-verville-architecte_jean-verville_04_896x600-150x150.jpg","thumbnail-width":150,"thumbnail-height":150,"medium":"https:\/\/d2q6z78khxmx42.cloudfront.net\/2016\/02\/des-architectures-pour-arnaud_15.2_jean-verville-architecte_jean-verville_04_896x600-300x201.jpg","medium-width":300,"medium-height":201,"medium_large":"https:\/\/d2q6z78khxmx42.cloudfront.net\/2016\/02\/des-architectures-pour-arnaud_15.2_jean-verville-architecte_jean-verville_04_896x600-768x514.jpg","medium_large-width":768,"medium_large-height":514,"large":"https:\/\/d2q6z78khxmx42.cloudfront.net\/2016\/02\/des-architectures-pour-arnaud_15.2_jean-verville-architecte_jean-verville_04_896x600.jpg","large-width":896,"large-height":600,"1536x1536":"https:\/\/d2q6z78khxmx42.cloudfront.net\/2016\/02\/des-architectures-pour-arnaud_15.2_jean-verville-architecte_jean-verville_04_896x600.jpg","1536x1536-width":896,"1536x1536-height":600,"2048x2048":"https:\/\/d2q6z78khxmx42.cloudfront.net\/2016\/02\/des-architectures-pour-arnaud_15.2_jean-verville-architecte_jean-verville_04_896x600.jpg","2048x2048-width":896,"2048x2048-height":600,"article":"https:\/\/d2q6z78khxmx42.cloudfront.net\/2016\/02\/des-architectures-pour-arnaud_15.2_jean-verville-architecte_jean-verville_04_896x600-896x540.jpg","article-width":896,"article-height":540,"banner":"https:\/\/d2q6z78khxmx42.cloudfront.net\/2016\/02\/des-architectures-pour-arnaud_15.2_jean-verville-architecte_jean-verville_04_896x600.jpg","banner-width":896,"banner-height":600,"block":"https:\/\/d2q6z78khxmx42.cloudfront.net\/2016\/02\/des-architectures-pour-arnaud_15.2_jean-verville-architecte_jean-verville_04_896x600.jpg","block-width":896,"block-height":600,"card":"https:\/\/d2q6z78khxmx42.cloudfront.net\/2016\/02\/des-architectures-pour-arnaud_15.2_jean-verville-architecte_jean-verville_04_896x600-560x495.jpg","card-width":560,"card-height":495,"card-thumbnail":"https:\/\/d2q6z78khxmx42.cloudfront.net\/2016\/02\/des-architectures-pour-arnaud_15.2_jean-verville-architecte_jean-verville_04_896x600-450x340.jpg","card-thumbnail-width":450,"card-thumbnail-height":340,"conference":"https:\/\/d2q6z78khxmx42.cloudfront.net\/2016\/02\/des-architectures-pour-arnaud_15.2_jean-verville-architecte_jean-verville_04_896x600-560x250.jpg","conference-width":560,"conference-height":250,"contest":"https:\/\/d2q6z78khxmx42.cloudfront.net\/2016\/02\/des-architectures-pour-arnaud_15.2_jean-verville-architecte_jean-verville_04_896x600-896x400.jpg","contest-width":896,"contest-height":400,"cta":"https:\/\/d2q6z78khxmx42.cloudfront.net\/2016\/02\/des-architectures-pour-arnaud_15.2_jean-verville-architecte_jean-verville_04_896x600-415x170.jpg","cta-width":415,"cta-height":170,"exhibitor":"https:\/\/d2q6z78khxmx42.cloudfront.net\/2016\/02\/des-architectures-pour-arnaud_15.2_jean-verville-architecte_jean-verville_04_896x600-560x560.jpg","exhibitor-width":560,"exhibitor-height":560,"gallery":"https:\/\/d2q6z78khxmx42.cloudfront.net\/2016\/02\/des-architectures-pour-arnaud_15.2_jean-verville-architecte_jean-verville_04_896x600-560x375.jpg","gallery-width":560,"gallery-height":375,"logo":"https:\/\/d2q6z78khxmx42.cloudfront.net\/2016\/02\/des-architectures-pour-arnaud_15.2_jean-verville-architecte_jean-verville_04_896x600-149x100.jpg","logo-width":149,"logo-height":100,"masonry":"https:\/\/d2q6z78khxmx42.cloudfront.net\/2016\/02\/des-architectures-pour-arnaud_15.2_jean-verville-architecte_jean-verville_04_896x600-550x368.jpg","masonry-width":550,"masonry-height":368,"modal":"https:\/\/d2q6z78khxmx42.cloudfront.net\/2016\/02\/des-architectures-pour-arnaud_15.2_jean-verville-architecte_jean-verville_04_896x600.jpg","modal-width":896,"modal-height":600,"number":"https:\/\/d2q6z78khxmx42.cloudfront.net\/2016\/02\/kW91BJ6S-des-architectures-pour-arnaud_15.2_jean-verville-architecte_jean-verville_04_896x600-560x375.jpg","number-width":560,"number-height":375,"partner":"https:\/\/d2q6z78khxmx42.cloudfront.net\/2016\/02\/des-architectures-pour-arnaud_15.2_jean-verville-architecte_jean-verville_04_896x600-275x184.jpg","partner-width":275,"partner-height":184,"ranking":"https:\/\/d2q6z78khxmx42.cloudfront.net\/2016\/02\/kW91BJ6S-des-architectures-pour-arnaud_15.2_jean-verville-architecte_jean-verville_04_896x600-896x540.jpg","ranking-width":896,"ranking-height":540,"schedule":"https:\/\/d2q6z78khxmx42.cloudfront.net\/2016\/02\/des-architectures-pour-arnaud_15.2_jean-verville-architecte_jean-verville_04_896x600-896x360.jpg","schedule-width":896,"schedule-height":360,"slideshow":"https:\/\/d2q6z78khxmx42.cloudfront.net\/2016\/02\/des-architectures-pour-arnaud_15.2_jean-verville-architecte_jean-verville_04_896x600.jpg","slideshow-width":896,"slideshow-height":600}},"attachment_category":[],"credit":""},{"image":{"ID":3181,"id":3181,"title":"des-architectures-pour-arnaud_15.2_jean-verville-architecte_jean-verville_05_896x600.jpg","filename":"des-architectures-pour-arnaud_15.2_jean-verville-architecte_jean-verville_05_896x600.jpg","filesize":0,"url":"https:\/\/d2q6z78khxmx42.cloudfront.net\/2016\/02\/des-architectures-pour-arnaud_15.2_jean-verville-architecte_jean-verville_05_896x600.jpg","link":"https:\/\/int.design\/fr\/des-architectures-pour-arnaud_15-2_jean-verville-architecte_jean-verville_05_896x600-jpg\/","alt":"","author":"0","description":"","caption":"","name":"des-architectures-pour-arnaud_15-2_jean-verville-architecte_jean-verville_05_896x600-jpg","status":"inherit","uploaded_to":0,"date":"2020-04-06 03:51:16","modified":"2020-04-06 03:51:16","menu_order":0,"mime_type":"image\/jpeg","type":"image","subtype":"jpeg","icon":"https:\/\/int.design\/wp-includes\/images\/media\/default.png","width":896,"height":600,"sizes":{"thumbnail":"https:\/\/d2q6z78khxmx42.cloudfront.net\/2016\/02\/des-architectures-pour-arnaud_15.2_jean-verville-architecte_jean-verville_05_896x600-150x150.jpg","thumbnail-width":150,"thumbnail-height":150,"medium":"https:\/\/d2q6z78khxmx42.cloudfront.net\/2016\/02\/des-architectures-pour-arnaud_15.2_jean-verville-architecte_jean-verville_05_896x600-300x201.jpg","medium-width":300,"medium-height":201,"medium_large":"https:\/\/d2q6z78khxmx42.cloudfront.net\/2016\/02\/des-architectures-pour-arnaud_15.2_jean-verville-architecte_jean-verville_05_896x600-768x514.jpg","medium_large-width":768,"medium_large-height":514,"large":"https:\/\/d2q6z78khxmx42.cloudfront.net\/2016\/02\/des-architectures-pour-arnaud_15.2_jean-verville-architecte_jean-verville_05_896x600.jpg","large-width":896,"large-height":600,"1536x1536":"https:\/\/d2q6z78khxmx42.cloudfront.net\/2016\/02\/des-architectures-pour-arnaud_15.2_jean-verville-architecte_jean-verville_05_896x600.jpg","1536x1536-width":896,"1536x1536-height":600,"2048x2048":"https:\/\/d2q6z78khxmx42.cloudfront.net\/2016\/02\/des-architectures-pour-arnaud_15.2_jean-verville-architecte_jean-verville_05_896x600.jpg","2048x2048-width":896,"2048x2048-height":600,"article":"https:\/\/d2q6z78khxmx42.cloudfront.net\/2016\/02\/des-architectures-pour-arnaud_15.2_jean-verville-architecte_jean-verville_05_896x600-896x540.jpg","article-width":896,"article-height":540,"banner":"https:\/\/d2q6z78khxmx42.cloudfront.net\/2016\/02\/des-architectures-pour-arnaud_15.2_jean-verville-architecte_jean-verville_05_896x600.jpg","banner-width":896,"banner-height":600,"block":"https:\/\/d2q6z78khxmx42.cloudfront.net\/2016\/02\/des-architectures-pour-arnaud_15.2_jean-verville-architecte_jean-verville_05_896x600.jpg","block-width":896,"block-height":600,"card":"https:\/\/d2q6z78khxmx42.cloudfront.net\/2016\/02\/des-architectures-pour-arnaud_15.2_jean-verville-architecte_jean-verville_05_896x600-560x495.jpg","card-width":560,"card-height":495,"card-thumbnail":"https:\/\/d2q6z78khxmx42.cloudfront.net\/2016\/02\/des-architectures-pour-arnaud_15.2_jean-verville-architecte_jean-verville_05_896x600-450x340.jpg","card-thumbnail-width":450,"card-thumbnail-height":340,"conference":"https:\/\/d2q6z78khxmx42.cloudfront.net\/2016\/02\/des-architectures-pour-arnaud_15.2_jean-verville-architecte_jean-verville_05_896x600-560x250.jpg","conference-width":560,"conference-height":250,"contest":"https:\/\/d2q6z78khxmx42.cloudfront.net\/2016\/02\/des-architectures-pour-arnaud_15.2_jean-verville-architecte_jean-verville_05_896x600-896x400.jpg","contest-width":896,"contest-height":400,"cta":"https:\/\/d2q6z78khxmx42.cloudfront.net\/2016\/02\/des-architectures-pour-arnaud_15.2_jean-verville-architecte_jean-verville_05_896x600-415x170.jpg","cta-width":415,"cta-height":170,"exhibitor":"https:\/\/d2q6z78khxmx42.cloudfront.net\/2016\/02\/des-architectures-pour-arnaud_15.2_jean-verville-architecte_jean-verville_05_896x600-560x560.jpg","exhibitor-width":560,"exhibitor-height":560,"gallery":"https:\/\/d2q6z78khxmx42.cloudfront.net\/2016\/02\/des-architectures-pour-arnaud_15.2_jean-verville-architecte_jean-verville_05_896x600-560x375.jpg","gallery-width":560,"gallery-height":375,"logo":"https:\/\/d2q6z78khxmx42.cloudfront.net\/2016\/02\/des-architectures-pour-arnaud_15.2_jean-verville-architecte_jean-verville_05_896x600-149x100.jpg","logo-width":149,"logo-height":100,"masonry":"https:\/\/d2q6z78khxmx42.cloudfront.net\/2016\/02\/des-architectures-pour-arnaud_15.2_jean-verville-architecte_jean-verville_05_896x600-550x368.jpg","masonry-width":550,"masonry-height":368,"modal":"https:\/\/d2q6z78khxmx42.cloudfront.net\/2016\/02\/des-architectures-pour-arnaud_15.2_jean-verville-architecte_jean-verville_05_896x600.jpg","modal-width":896,"modal-height":600,"number":"https:\/\/d2q6z78khxmx42.cloudfront.net\/2016\/02\/9ZfbLVqE-des-architectures-pour-arnaud_15.2_jean-verville-architecte_jean-verville_05_896x600-560x375.jpg","number-width":560,"number-height":375,"partner":"https:\/\/d2q6z78khxmx42.cloudfront.net\/2016\/02\/des-architectures-pour-arnaud_15.2_jean-verville-architecte_jean-verville_05_896x600-275x184.jpg","partner-width":275,"partner-height":184,"ranking":"https:\/\/d2q6z78khxmx42.cloudfront.net\/2016\/02\/9ZfbLVqE-des-architectures-pour-arnaud_15.2_jean-verville-architecte_jean-verville_05_896x600-896x540.jpg","ranking-width":896,"ranking-height":540,"schedule":"https:\/\/d2q6z78khxmx42.cloudfront.net\/2016\/02\/des-architectures-pour-arnaud_15.2_jean-verville-architecte_jean-verville_05_896x600-896x360.jpg","schedule-width":896,"schedule-height":360,"slideshow":"https:\/\/d2q6z78khxmx42.cloudfront.net\/2016\/02\/des-architectures-pour-arnaud_15.2_jean-verville-architecte_jean-verville_05_896x600.jpg","slideshow-width":896,"slideshow-height":600}},"attachment_category":[],"credit":""},{"image":{"ID":3182,"id":3182,"title":"des-architectures-pour-arnaud_15.2_jean-verville-architecte_jean-verville_07_896x600.jpg","filename":"des-architectures-pour-arnaud_15.2_jean-verville-architecte_jean-verville_07_896x600.jpg","filesize":0,"url":"https:\/\/d2q6z78khxmx42.cloudfront.net\/2016\/02\/des-architectures-pour-arnaud_15.2_jean-verville-architecte_jean-verville_07_896x600.jpg","link":"https:\/\/int.design\/fr\/des-architectures-pour-arnaud_15-2_jean-verville-architecte_jean-verville_07_896x600-jpg\/","alt":"","author":"0","description":"","caption":"","name":"des-architectures-pour-arnaud_15-2_jean-verville-architecte_jean-verville_07_896x600-jpg","status":"inherit","uploaded_to":0,"date":"2020-04-06 03:51:16","modified":"2020-04-06 03:51:16","menu_order":0,"mime_type":"image\/jpeg","type":"image","subtype":"jpeg","icon":"https:\/\/int.design\/wp-includes\/images\/media\/default.png","width":896,"height":600,"sizes":{"thumbnail":"https:\/\/d2q6z78khxmx42.cloudfront.net\/2016\/02\/des-architectures-pour-arnaud_15.2_jean-verville-architecte_jean-verville_07_896x600-150x150.jpg","thumbnail-width":150,"thumbnail-height":150,"medium":"https:\/\/d2q6z78khxmx42.cloudfront.net\/2016\/02\/des-architectures-pour-arnaud_15.2_jean-verville-architecte_jean-verville_07_896x600-300x201.jpg","medium-width":300,"medium-height":201,"medium_large":"https:\/\/d2q6z78khxmx42.cloudfront.net\/2016\/02\/des-architectures-pour-arnaud_15.2_jean-verville-architecte_jean-verville_07_896x600-768x514.jpg","medium_large-width":768,"medium_large-height":514,"large":"https:\/\/d2q6z78khxmx42.cloudfront.net\/2016\/02\/des-architectures-pour-arnaud_15.2_jean-verville-architecte_jean-verville_07_896x600.jpg","large-width":896,"large-height":600,"1536x1536":"https:\/\/d2q6z78khxmx42.cloudfront.net\/2016\/02\/des-architectures-pour-arnaud_15.2_jean-verville-architecte_jean-verville_07_896x600.jpg","1536x1536-width":896,"1536x1536-height":600,"2048x2048":"https:\/\/d2q6z78khxmx42.cloudfront.net\/2016\/02\/des-architectures-pour-arnaud_15.2_jean-verville-architecte_jean-verville_07_896x600.jpg","2048x2048-width":896,"2048x2048-height":600,"article":"https:\/\/d2q6z78khxmx42.cloudfront.net\/2016\/02\/des-architectures-pour-arnaud_15.2_jean-verville-architecte_jean-verville_07_896x600-896x540.jpg","article-width":896,"article-height":540,"banner":"https:\/\/d2q6z78khxmx42.cloudfront.net\/2016\/02\/des-architectures-pour-arnaud_15.2_jean-verville-architecte_jean-verville_07_896x600.jpg","banner-width":896,"banner-height":600,"block":"https:\/\/d2q6z78khxmx42.cloudfront.net\/2016\/02\/des-architectures-pour-arnaud_15.2_jean-verville-architecte_jean-verville_07_896x600.jpg","block-width":896,"block-height":600,"card":"https:\/\/d2q6z78khxmx42.cloudfront.net\/2016\/02\/des-architectures-pour-arnaud_15.2_jean-verville-architecte_jean-verville_07_896x600-560x495.jpg","card-width":560,"card-height":495,"card-thumbnail":"https:\/\/d2q6z78khxmx42.cloudfront.net\/2016\/02\/des-architectures-pour-arnaud_15.2_jean-verville-architecte_jean-verville_07_896x600-450x340.jpg","card-thumbnail-width":450,"card-thumbnail-height":340,"conference":"https:\/\/d2q6z78khxmx42.cloudfront.net\/2016\/02\/des-architectures-pour-arnaud_15.2_jean-verville-architecte_jean-verville_07_896x600-560x250.jpg","conference-width":560,"conference-height":250,"contest":"https:\/\/d2q6z78khxmx42.cloudfront.net\/2016\/02\/des-architectures-pour-arnaud_15.2_jean-verville-architecte_jean-verville_07_896x600-896x400.jpg","contest-width":896,"contest-height":400,"cta":"https:\/\/d2q6z78khxmx42.cloudfront.net\/2016\/02\/des-architectures-pour-arnaud_15.2_jean-verville-architecte_jean-verville_07_896x600-415x170.jpg","cta-width":415,"cta-height":170,"exhibitor":"https:\/\/d2q6z78khxmx42.cloudfront.net\/2016\/02\/des-architectures-pour-arnaud_15.2_jean-verville-architecte_jean-verville_07_896x600-560x560.jpg","exhibitor-width":560,"exhibitor-height":560,"gallery":"https:\/\/d2q6z78khxmx42.cloudfront.net\/2016\/02\/des-architectures-pour-arnaud_15.2_jean-verville-architecte_jean-verville_07_896x600-560x375.jpg","gallery-width":560,"gallery-height":375,"logo":"https:\/\/d2q6z78khxmx42.cloudfront.net\/2016\/02\/des-architectures-pour-arnaud_15.2_jean-verville-architecte_jean-verville_07_896x600-149x100.jpg","logo-width":149,"logo-height":100,"masonry":"https:\/\/d2q6z78khxmx42.cloudfront.net\/2016\/02\/des-architectures-pour-arnaud_15.2_jean-verville-architecte_jean-verville_07_896x600-550x368.jpg","masonry-width":550,"masonry-height":368,"modal":"https:\/\/d2q6z78khxmx42.cloudfront.net\/2016\/02\/des-architectures-pour-arnaud_15.2_jean-verville-architecte_jean-verville_07_896x600.jpg","modal-width":896,"modal-height":600,"number":"https:\/\/d2q6z78khxmx42.cloudfront.net\/2016\/02\/nAOybhek-des-architectures-pour-arnaud_15.2_jean-verville-architecte_jean-verville_07_896x600-560x375.jpg","number-width":560,"number-height":375,"partner":"https:\/\/d2q6z78khxmx42.cloudfront.net\/2016\/02\/des-architectures-pour-arnaud_15.2_jean-verville-architecte_jean-verville_07_896x600-275x184.jpg","partner-width":275,"partner-height":184,"ranking":"https:\/\/d2q6z78khxmx42.cloudfront.net\/2016\/02\/nAOybhek-des-architectures-pour-arnaud_15.2_jean-verville-architecte_jean-verville_07_896x600-896x540.jpg","ranking-width":896,"ranking-height":540,"schedule":"https:\/\/d2q6z78khxmx42.cloudfront.net\/2016\/02\/des-architectures-pour-arnaud_15.2_jean-verville-architecte_jean-verville_07_896x600-896x360.jpg","schedule-width":896,"schedule-height":360,"slideshow":"https:\/\/d2q6z78khxmx42.cloudfront.net\/2016\/02\/des-architectures-pour-arnaud_15.2_jean-verville-architecte_jean-verville_07_896x600.jpg","slideshow-width":896,"slideshow-height":600}},"attachment_category":[],"credit":""},{"image":{"ID":3183,"id":3183,"title":"des-architectures-pour-arnaud_15.2_jean-verville-architecte_jean-verville_08_401x600.jpg","filename":"des-architectures-pour-arnaud_15.2_jean-verville-architecte_jean-verville_08_401x600.jpg","filesize":0,"url":"https:\/\/d2q6z78khxmx42.cloudfront.net\/2016\/02\/des-architectures-pour-arnaud_15.2_jean-verville-architecte_jean-verville_08_401x600.jpg","link":"https:\/\/int.design\/fr\/des-architectures-pour-arnaud_15-2_jean-verville-architecte_jean-verville_08_401x600-jpg\/","alt":"","author":"0","description":"","caption":"","name":"des-architectures-pour-arnaud_15-2_jean-verville-architecte_jean-verville_08_401x600-jpg","status":"inherit","uploaded_to":0,"date":"2020-04-06 03:51:17","modified":"2020-04-06 03:51:17","menu_order":0,"mime_type":"image\/jpeg","type":"image","subtype":"jpeg","icon":"https:\/\/int.design\/wp-includes\/images\/media\/default.png","width":401,"height":600,"sizes":{"thumbnail":"https:\/\/d2q6z78khxmx42.cloudfront.net\/2016\/02\/des-architectures-pour-arnaud_15.2_jean-verville-architecte_jean-verville_08_401x600-150x150.jpg","thumbnail-width":150,"thumbnail-height":150,"medium":"https:\/\/d2q6z78khxmx42.cloudfront.net\/2016\/02\/des-architectures-pour-arnaud_15.2_jean-verville-architecte_jean-verville_08_401x600-201x300.jpg","medium-width":201,"medium-height":300,"medium_large":"https:\/\/d2q6z78khxmx42.cloudfront.net\/2016\/02\/des-architectures-pour-arnaud_15.2_jean-verville-architecte_jean-verville_08_401x600.jpg","medium_large-width":401,"medium_large-height":600,"large":"https:\/\/d2q6z78khxmx42.cloudfront.net\/2016\/02\/des-architectures-pour-arnaud_15.2_jean-verville-architecte_jean-verville_08_401x600.jpg","large-width":401,"large-height":600,"1536x1536":"https:\/\/d2q6z78khxmx42.cloudfront.net\/2016\/02\/des-architectures-pour-arnaud_15.2_jean-verville-architecte_jean-verville_08_401x600.jpg","1536x1536-width":401,"1536x1536-height":600,"2048x2048":"https:\/\/d2q6z78khxmx42.cloudfront.net\/2016\/02\/des-architectures-pour-arnaud_15.2_jean-verville-architecte_jean-verville_08_401x600.jpg","2048x2048-width":401,"2048x2048-height":600,"article":"https:\/\/d2q6z78khxmx42.cloudfront.net\/2016\/02\/des-architectures-pour-arnaud_15.2_jean-verville-architecte_jean-verville_08_401x600-401x540.jpg","article-width":401,"article-height":540,"banner":"https:\/\/d2q6z78khxmx42.cloudfront.net\/2016\/02\/des-architectures-pour-arnaud_15.2_jean-verville-architecte_jean-verville_08_401x600.jpg","banner-width":401,"banner-height":600,"block":"https:\/\/d2q6z78khxmx42.cloudfront.net\/2016\/02\/des-architectures-pour-arnaud_15.2_jean-verville-architecte_jean-verville_08_401x600.jpg","block-width":401,"block-height":600,"card":"https:\/\/d2q6z78khxmx42.cloudfront.net\/2016\/02\/des-architectures-pour-arnaud_15.2_jean-verville-architecte_jean-verville_08_401x600-401x495.jpg","card-width":401,"card-height":495,"card-thumbnail":"https:\/\/d2q6z78khxmx42.cloudfront.net\/2016\/02\/des-architectures-pour-arnaud_15.2_jean-verville-architecte_jean-verville_08_401x600-401x340.jpg","card-thumbnail-width":401,"card-thumbnail-height":340,"conference":"https:\/\/d2q6z78khxmx42.cloudfront.net\/2016\/02\/des-architectures-pour-arnaud_15.2_jean-verville-architecte_jean-verville_08_401x600-401x250.jpg","conference-width":401,"conference-height":250,"contest":"https:\/\/d2q6z78khxmx42.cloudfront.net\/2016\/02\/des-architectures-pour-arnaud_15.2_jean-verville-architecte_jean-verville_08_401x600-401x400.jpg","contest-width":401,"contest-height":400,"cta":"https:\/\/d2q6z78khxmx42.cloudfront.net\/2016\/02\/des-architectures-pour-arnaud_15.2_jean-verville-architecte_jean-verville_08_401x600-401x170.jpg","cta-width":401,"cta-height":170,"exhibitor":"https:\/\/d2q6z78khxmx42.cloudfront.net\/2016\/02\/des-architectures-pour-arnaud_15.2_jean-verville-architecte_jean-verville_08_401x600-401x560.jpg","exhibitor-width":401,"exhibitor-height":560,"gallery":"https:\/\/d2q6z78khxmx42.cloudfront.net\/2016\/02\/des-architectures-pour-arnaud_15.2_jean-verville-architecte_jean-verville_08_401x600-287x430.jpg","gallery-width":287,"gallery-height":430,"logo":"https:\/\/d2q6z78khxmx42.cloudfront.net\/2016\/02\/des-architectures-pour-arnaud_15.2_jean-verville-architecte_jean-verville_08_401x600-67x100.jpg","logo-width":67,"logo-height":100,"masonry":"https:\/\/d2q6z78khxmx42.cloudfront.net\/2016\/02\/des-architectures-pour-arnaud_15.2_jean-verville-architecte_jean-verville_08_401x600.jpg","masonry-width":401,"masonry-height":600,"modal":"https:\/\/d2q6z78khxmx42.cloudfront.net\/2016\/02\/des-architectures-pour-arnaud_15.2_jean-verville-architecte_jean-verville_08_401x600.jpg","modal-width":401,"modal-height":600,"number":"https:\/\/d2q6z78khxmx42.cloudfront.net\/2016\/02\/Gq6XJqcD-des-architectures-pour-arnaud_15.2_jean-verville-architecte_jean-verville_08_401x600-287x430.jpg","number-width":287,"number-height":430,"partner":"https:\/\/d2q6z78khxmx42.cloudfront.net\/2016\/02\/des-architectures-pour-arnaud_15.2_jean-verville-architecte_jean-verville_08_401x600-140x210.jpg","partner-width":140,"partner-height":210,"ranking":"https:\/\/d2q6z78khxmx42.cloudfront.net\/2016\/02\/Gq6XJqcD-des-architectures-pour-arnaud_15.2_jean-verville-architecte_jean-verville_08_401x600-401x540.jpg","ranking-width":401,"ranking-height":540,"schedule":"https:\/\/d2q6z78khxmx42.cloudfront.net\/2016\/02\/des-architectures-pour-arnaud_15.2_jean-verville-architecte_jean-verville_08_401x600-401x360.jpg","schedule-width":401,"schedule-height":360,"slideshow":"https:\/\/d2q6z78khxmx42.cloudfront.net\/2016\/02\/des-architectures-pour-arnaud_15.2_jean-verville-architecte_jean-verville_08_401x600.jpg","slideshow-width":401,"slideshow-height":600}},"attachment_category":[],"credit":""},{"image":{"ID":3184,"id":3184,"title":"des-architectures-pour-arnaud_15.2_jean-verville-architecte_jean-verville_09_896x600.jpg","filename":"des-architectures-pour-arnaud_15.2_jean-verville-architecte_jean-verville_09_896x600.jpg","filesize":0,"url":"https:\/\/d2q6z78khxmx42.cloudfront.net\/2016\/02\/des-architectures-pour-arnaud_15.2_jean-verville-architecte_jean-verville_09_896x600.jpg","link":"https:\/\/int.design\/fr\/des-architectures-pour-arnaud_15-2_jean-verville-architecte_jean-verville_09_896x600-jpg\/","alt":"","author":"0","description":"","caption":"","name":"des-architectures-pour-arnaud_15-2_jean-verville-architecte_jean-verville_09_896x600-jpg","status":"inherit","uploaded_to":0,"date":"2020-04-06 03:51:17","modified":"2020-04-06 03:51:17","menu_order":0,"mime_type":"image\/jpeg","type":"image","subtype":"jpeg","icon":"https:\/\/int.design\/wp-includes\/images\/media\/default.png","width":896,"height":600,"sizes":{"thumbnail":"https:\/\/d2q6z78khxmx42.cloudfront.net\/2016\/02\/des-architectures-pour-arnaud_15.2_jean-verville-architecte_jean-verville_09_896x600-150x150.jpg","thumbnail-width":150,"thumbnail-height":150,"medium":"https:\/\/d2q6z78khxmx42.cloudfront.net\/2016\/02\/des-architectures-pour-arnaud_15.2_jean-verville-architecte_jean-verville_09_896x600-300x201.jpg","medium-width":300,"medium-height":201,"medium_large":"https:\/\/d2q6z78khxmx42.cloudfront.net\/2016\/02\/des-architectures-pour-arnaud_15.2_jean-verville-architecte_jean-verville_09_896x600-768x514.jpg","medium_large-width":768,"medium_large-height":514,"large":"https:\/\/d2q6z78khxmx42.cloudfront.net\/2016\/02\/des-architectures-pour-arnaud_15.2_jean-verville-architecte_jean-verville_09_896x600.jpg","large-width":896,"large-height":600,"1536x1536":"https:\/\/d2q6z78khxmx42.cloudfront.net\/2016\/02\/des-architectures-pour-arnaud_15.2_jean-verville-architecte_jean-verville_09_896x600.jpg","1536x1536-width":896,"1536x1536-height":600,"2048x2048":"https:\/\/d2q6z78khxmx42.cloudfront.net\/2016\/02\/des-architectures-pour-arnaud_15.2_jean-verville-architecte_jean-verville_09_896x600.jpg","2048x2048-width":896,"2048x2048-height":600,"article":"https:\/\/d2q6z78khxmx42.cloudfront.net\/2016\/02\/des-architectures-pour-arnaud_15.2_jean-verville-architecte_jean-verville_09_896x600-896x540.jpg","article-width":896,"article-height":540,"banner":"https:\/\/d2q6z78khxmx42.cloudfront.net\/2016\/02\/des-architectures-pour-arnaud_15.2_jean-verville-architecte_jean-verville_09_896x600.jpg","banner-width":896,"banner-height":600,"block":"https:\/\/d2q6z78khxmx42.cloudfront.net\/2016\/02\/des-architectures-pour-arnaud_15.2_jean-verville-architecte_jean-verville_09_896x600.jpg","block-width":896,"block-height":600,"card":"https:\/\/d2q6z78khxmx42.cloudfront.net\/2016\/02\/des-architectures-pour-arnaud_15.2_jean-verville-architecte_jean-verville_09_896x600-560x495.jpg","card-width":560,"card-height":495,"card-thumbnail":"https:\/\/d2q6z78khxmx42.cloudfront.net\/2016\/02\/des-architectures-pour-arnaud_15.2_jean-verville-architecte_jean-verville_09_896x600-450x340.jpg","card-thumbnail-width":450,"card-thumbnail-height":340,"conference":"https:\/\/d2q6z78khxmx42.cloudfront.net\/2016\/02\/des-architectures-pour-arnaud_15.2_jean-verville-architecte_jean-verville_09_896x600-560x250.jpg","conference-width":560,"conference-height":250,"contest":"https:\/\/d2q6z78khxmx42.cloudfront.net\/2016\/02\/des-architectures-pour-arnaud_15.2_jean-verville-architecte_jean-verville_09_896x600-896x400.jpg","contest-width":896,"contest-height":400,"cta":"https:\/\/d2q6z78khxmx42.cloudfront.net\/2016\/02\/des-architectures-pour-arnaud_15.2_jean-verville-architecte_jean-verville_09_896x600-415x170.jpg","cta-width":415,"cta-height":170,"exhibitor":"https:\/\/d2q6z78khxmx42.cloudfront.net\/2016\/02\/des-architectures-pour-arnaud_15.2_jean-verville-architecte_jean-verville_09_896x600-560x560.jpg","exhibitor-width":560,"exhibitor-height":560,"gallery":"https:\/\/d2q6z78khxmx42.cloudfront.net\/2016\/02\/des-architectures-pour-arnaud_15.2_jean-verville-architecte_jean-verville_09_896x600-560x375.jpg","gallery-width":560,"gallery-height":375,"logo":"https:\/\/d2q6z78khxmx42.cloudfront.net\/2016\/02\/des-architectures-pour-arnaud_15.2_jean-verville-architecte_jean-verville_09_896x600-149x100.jpg","logo-width":149,"logo-height":100,"masonry":"https:\/\/d2q6z78khxmx42.cloudfront.net\/2016\/02\/des-architectures-pour-arnaud_15.2_jean-verville-architecte_jean-verville_09_896x600-550x368.jpg","masonry-width":550,"masonry-height":368,"modal":"https:\/\/d2q6z78khxmx42.cloudfront.net\/2016\/02\/des-architectures-pour-arnaud_15.2_jean-verville-architecte_jean-verville_09_896x600.jpg","modal-width":896,"modal-height":600,"number":"https:\/\/d2q6z78khxmx42.cloudfront.net\/2016\/02\/bphgGsQV-des-architectures-pour-arnaud_15.2_jean-verville-architecte_jean-verville_09_896x600-560x375.jpg","number-width":560,"number-height":375,"partner":"https:\/\/d2q6z78khxmx42.cloudfront.net\/2016\/02\/des-architectures-pour-arnaud_15.2_jean-verville-architecte_jean-verville_09_896x600-275x184.jpg","partner-width":275,"partner-height":184,"ranking":"https:\/\/d2q6z78khxmx42.cloudfront.net\/2016\/02\/bphgGsQV-des-architectures-pour-arnaud_15.2_jean-verville-architecte_jean-verville_09_896x600-896x540.jpg","ranking-width":896,"ranking-height":540,"schedule":"https:\/\/d2q6z78khxmx42.cloudfront.net\/2016\/02\/des-architectures-pour-arnaud_15.2_jean-verville-architecte_jean-verville_09_896x600-896x360.jpg","schedule-width":896,"schedule-height":360,"slideshow":"https:\/\/d2q6z78khxmx42.cloudfront.net\/2016\/02\/des-architectures-pour-arnaud_15.2_jean-verville-architecte_jean-verville_09_896x600.jpg","slideshow-width":896,"slideshow-height":600}},"attachment_category":[],"credit":""},{"image":{"ID":3185,"id":3185,"title":"des-architectures-pour-arnaud_15.2_jean-verville-architecte_jean-verville_10_777x600.jpg","filename":"des-architectures-pour-arnaud_15.2_jean-verville-architecte_jean-verville_10_777x600.jpg","filesize":0,"url":"https:\/\/d2q6z78khxmx42.cloudfront.net\/2016\/02\/des-architectures-pour-arnaud_15.2_jean-verville-architecte_jean-verville_10_777x600.jpg","link":"https:\/\/int.design\/fr\/des-architectures-pour-arnaud_15-2_jean-verville-architecte_jean-verville_10_777x600-jpg\/","alt":"","author":"0","description":"","caption":"","name":"des-architectures-pour-arnaud_15-2_jean-verville-architecte_jean-verville_10_777x600-jpg","status":"inherit","uploaded_to":0,"date":"2020-04-06 03:51:18","modified":"2020-04-06 03:51:18","menu_order":0,"mime_type":"image\/jpeg","type":"image","subtype":"jpeg","icon":"https:\/\/int.design\/wp-includes\/images\/media\/default.png","width":777,"height":600,"sizes":{"thumbnail":"https:\/\/d2q6z78khxmx42.cloudfront.net\/2016\/02\/des-architectures-pour-arnaud_15.2_jean-verville-architecte_jean-verville_10_777x600-150x150.jpg","thumbnail-width":150,"thumbnail-height":150,"medium":"https:\/\/d2q6z78khxmx42.cloudfront.net\/2016\/02\/des-architectures-pour-arnaud_15.2_jean-verville-architecte_jean-verville_10_777x600-300x232.jpg","medium-width":300,"medium-height":232,"medium_large":"https:\/\/d2q6z78khxmx42.cloudfront.net\/2016\/02\/des-architectures-pour-arnaud_15.2_jean-verville-architecte_jean-verville_10_777x600-768x593.jpg","medium_large-width":768,"medium_large-height":593,"large":"https:\/\/d2q6z78khxmx42.cloudfront.net\/2016\/02\/des-architectures-pour-arnaud_15.2_jean-verville-architecte_jean-verville_10_777x600.jpg","large-width":777,"large-height":600,"1536x1536":"https:\/\/d2q6z78khxmx42.cloudfront.net\/2016\/02\/des-architectures-pour-arnaud_15.2_jean-verville-architecte_jean-verville_10_777x600.jpg","1536x1536-width":777,"1536x1536-height":600,"2048x2048":"https:\/\/d2q6z78khxmx42.cloudfront.net\/2016\/02\/des-architectures-pour-arnaud_15.2_jean-verville-architecte_jean-verville_10_777x600.jpg","2048x2048-width":777,"2048x2048-height":600,"article":"https:\/\/d2q6z78khxmx42.cloudfront.net\/2016\/02\/des-architectures-pour-arnaud_15.2_jean-verville-architecte_jean-verville_10_777x600-777x540.jpg","article-width":777,"article-height":540,"banner":"https:\/\/d2q6z78khxmx42.cloudfront.net\/2016\/02\/des-architectures-pour-arnaud_15.2_jean-verville-architecte_jean-verville_10_777x600.jpg","banner-width":777,"banner-height":600,"block":"https:\/\/d2q6z78khxmx42.cloudfront.net\/2016\/02\/des-architectures-pour-arnaud_15.2_jean-verville-architecte_jean-verville_10_777x600.jpg","block-width":777,"block-height":600,"card":"https:\/\/d2q6z78khxmx42.cloudfront.net\/2016\/02\/des-architectures-pour-arnaud_15.2_jean-verville-architecte_jean-verville_10_777x600-560x495.jpg","card-width":560,"card-height":495,"card-thumbnail":"https:\/\/d2q6z78khxmx42.cloudfront.net\/2016\/02\/des-architectures-pour-arnaud_15.2_jean-verville-architecte_jean-verville_10_777x600-450x340.jpg","card-thumbnail-width":450,"card-thumbnail-height":340,"conference":"https:\/\/d2q6z78khxmx42.cloudfront.net\/2016\/02\/des-architectures-pour-arnaud_15.2_jean-verville-architecte_jean-verville_10_777x600-560x250.jpg","conference-width":560,"conference-height":250,"contest":"https:\/\/d2q6z78khxmx42.cloudfront.net\/2016\/02\/des-architectures-pour-arnaud_15.2_jean-verville-architecte_jean-verville_10_777x600-777x400.jpg","contest-width":777,"contest-height":400,"cta":"https:\/\/d2q6z78khxmx42.cloudfront.net\/2016\/02\/des-architectures-pour-arnaud_15.2_jean-verville-architecte_jean-verville_10_777x600-415x170.jpg","cta-width":415,"cta-height":170,"exhibitor":"https:\/\/d2q6z78khxmx42.cloudfront.net\/2016\/02\/des-architectures-pour-arnaud_15.2_jean-verville-architecte_jean-verville_10_777x600-560x560.jpg","exhibitor-width":560,"exhibitor-height":560,"gallery":"https:\/\/d2q6z78khxmx42.cloudfront.net\/2016\/02\/des-architectures-pour-arnaud_15.2_jean-verville-architecte_jean-verville_10_777x600-557x430.jpg","gallery-width":557,"gallery-height":430,"logo":"https:\/\/d2q6z78khxmx42.cloudfront.net\/2016\/02\/des-architectures-pour-arnaud_15.2_jean-verville-architecte_jean-verville_10_777x600-130x100.jpg","logo-width":130,"logo-height":100,"masonry":"https:\/\/d2q6z78khxmx42.cloudfront.net\/2016\/02\/des-architectures-pour-arnaud_15.2_jean-verville-architecte_jean-verville_10_777x600-550x425.jpg","masonry-width":550,"masonry-height":425,"modal":"https:\/\/d2q6z78khxmx42.cloudfront.net\/2016\/02\/des-architectures-pour-arnaud_15.2_jean-verville-architecte_jean-verville_10_777x600.jpg","modal-width":777,"modal-height":600,"number":"https:\/\/d2q6z78khxmx42.cloudfront.net\/2016\/02\/qCjcDGtp-des-architectures-pour-arnaud_15.2_jean-verville-architecte_jean-verville_10_777x600-557x430.jpg","number-width":557,"number-height":430,"partner":"https:\/\/d2q6z78khxmx42.cloudfront.net\/2016\/02\/des-architectures-pour-arnaud_15.2_jean-verville-architecte_jean-verville_10_777x600-272x210.jpg","partner-width":272,"partner-height":210,"ranking":"https:\/\/d2q6z78khxmx42.cloudfront.net\/2016\/02\/qCjcDGtp-des-architectures-pour-arnaud_15.2_jean-verville-architecte_jean-verville_10_777x600-777x540.jpg","ranking-width":777,"ranking-height":540,"schedule":"https:\/\/d2q6z78khxmx42.cloudfront.net\/2016\/02\/des-architectures-pour-arnaud_15.2_jean-verville-architecte_jean-verville_10_777x600-777x360.jpg","schedule-width":777,"schedule-height":360,"slideshow":"https:\/\/d2q6z78khxmx42.cloudfront.net\/2016\/02\/des-architectures-pour-arnaud_15.2_jean-verville-architecte_jean-verville_10_777x600.jpg","slideshow-width":777,"slideshow-height":600}},"attachment_category":[],"credit":""},{"image":{"ID":3186,"id":3186,"title":"des-architectures-pour-arnaud_15.2_jean-verville-architecte_jean-verville_12_896x600.jpg","filename":"des-architectures-pour-arnaud_15.2_jean-verville-architecte_jean-verville_12_896x600.jpg","filesize":0,"url":"https:\/\/d2q6z78khxmx42.cloudfront.net\/2016\/02\/des-architectures-pour-arnaud_15.2_jean-verville-architecte_jean-verville_12_896x600.jpg","link":"https:\/\/int.design\/fr\/des-architectures-pour-arnaud_15-2_jean-verville-architecte_jean-verville_12_896x600-jpg\/","alt":"","author":"0","description":"","caption":"","name":"des-architectures-pour-arnaud_15-2_jean-verville-architecte_jean-verville_12_896x600-jpg","status":"inherit","uploaded_to":0,"date":"2020-04-06 03:51:18","modified":"2020-04-06 03:51:18","menu_order":0,"mime_type":"image\/jpeg","type":"image","subtype":"jpeg","icon":"https:\/\/int.design\/wp-includes\/images\/media\/default.png","width":896,"height":600,"sizes":{"thumbnail":"https:\/\/d2q6z78khxmx42.cloudfront.net\/2016\/02\/des-architectures-pour-arnaud_15.2_jean-verville-architecte_jean-verville_12_896x600-150x150.jpg","thumbnail-width":150,"thumbnail-height":150,"medium":"https:\/\/d2q6z78khxmx42.cloudfront.net\/2016\/02\/des-architectures-pour-arnaud_15.2_jean-verville-architecte_jean-verville_12_896x600-300x201.jpg","medium-width":300,"medium-height":201,"medium_large":"https:\/\/d2q6z78khxmx42.cloudfront.net\/2016\/02\/des-architectures-pour-arnaud_15.2_jean-verville-architecte_jean-verville_12_896x600-768x514.jpg","medium_large-width":768,"medium_large-height":514,"large":"https:\/\/d2q6z78khxmx42.cloudfront.net\/2016\/02\/des-architectures-pour-arnaud_15.2_jean-verville-architecte_jean-verville_12_896x600.jpg","large-width":896,"large-height":600,"1536x1536":"https:\/\/d2q6z78khxmx42.cloudfront.net\/2016\/02\/des-architectures-pour-arnaud_15.2_jean-verville-architecte_jean-verville_12_896x600.jpg","1536x1536-width":896,"1536x1536-height":600,"2048x2048":"https:\/\/d2q6z78khxmx42.cloudfront.net\/2016\/02\/des-architectures-pour-arnaud_15.2_jean-verville-architecte_jean-verville_12_896x600.jpg","2048x2048-width":896,"2048x2048-height":600,"article":"https:\/\/d2q6z78khxmx42.cloudfront.net\/2016\/02\/des-architectures-pour-arnaud_15.2_jean-verville-architecte_jean-verville_12_896x600-896x540.jpg","article-width":896,"article-height":540,"banner":"https:\/\/d2q6z78khxmx42.cloudfront.net\/2016\/02\/des-architectures-pour-arnaud_15.2_jean-verville-architecte_jean-verville_12_896x600.jpg","banner-width":896,"banner-height":600,"block":"https:\/\/d2q6z78khxmx42.cloudfront.net\/2016\/02\/des-architectures-pour-arnaud_15.2_jean-verville-architecte_jean-verville_12_896x600.jpg","block-width":896,"block-height":600,"card":"https:\/\/d2q6z78khxmx42.cloudfront.net\/2016\/02\/des-architectures-pour-arnaud_15.2_jean-verville-architecte_jean-verville_12_896x600-560x495.jpg","card-width":560,"card-height":495,"card-thumbnail":"https:\/\/d2q6z78khxmx42.cloudfront.net\/2016\/02\/des-architectures-pour-arnaud_15.2_jean-verville-architecte_jean-verville_12_896x600-450x340.jpg","card-thumbnail-width":450,"card-thumbnail-height":340,"conference":"https:\/\/d2q6z78khxmx42.cloudfront.net\/2016\/02\/des-architectures-pour-arnaud_15.2_jean-verville-architecte_jean-verville_12_896x600-560x250.jpg","conference-width":560,"conference-height":250,"contest":"https:\/\/d2q6z78khxmx42.cloudfront.net\/2016\/02\/des-architectures-pour-arnaud_15.2_jean-verville-architecte_jean-verville_12_896x600-896x400.jpg","contest-width":896,"contest-height":400,"cta":"https:\/\/d2q6z78khxmx42.cloudfront.net\/2016\/02\/des-architectures-pour-arnaud_15.2_jean-verville-architecte_jean-verville_12_896x600-415x170.jpg","cta-width":415,"cta-height":170,"exhibitor":"https:\/\/d2q6z78khxmx42.cloudfront.net\/2016\/02\/des-architectures-pour-arnaud_15.2_jean-verville-architecte_jean-verville_12_896x600-560x560.jpg","exhibitor-width":560,"exhibitor-height":560,"gallery":"https:\/\/d2q6z78khxmx42.cloudfront.net\/2016\/02\/des-architectures-pour-arnaud_15.2_jean-verville-architecte_jean-verville_12_896x600-560x375.jpg","gallery-width":560,"gallery-height":375,"logo":"https:\/\/d2q6z78khxmx42.cloudfront.net\/2016\/02\/des-architectures-pour-arnaud_15.2_jean-verville-architecte_jean-verville_12_896x600-149x100.jpg","logo-width":149,"logo-height":100,"masonry":"https:\/\/d2q6z78khxmx42.cloudfront.net\/2016\/02\/des-architectures-pour-arnaud_15.2_jean-verville-architecte_jean-verville_12_896x600-550x368.jpg","masonry-width":550,"masonry-height":368,"modal":"https:\/\/d2q6z78khxmx42.cloudfront.net\/2016\/02\/des-architectures-pour-arnaud_15.2_jean-verville-architecte_jean-verville_12_896x600.jpg","modal-width":896,"modal-height":600,"number":"https:\/\/d2q6z78khxmx42.cloudfront.net\/2016\/02\/lMoZ0HSQ-des-architectures-pour-arnaud_15.2_jean-verville-architecte_jean-verville_12_896x600-560x375.jpg","number-width":560,"number-height":375,"partner":"https:\/\/d2q6z78khxmx42.cloudfront.net\/2016\/02\/des-architectures-pour-arnaud_15.2_jean-verville-architecte_jean-verville_12_896x600-275x184.jpg","partner-width":275,"partner-height":184,"ranking":"https:\/\/d2q6z78khxmx42.cloudfront.net\/2016\/02\/lMoZ0HSQ-des-architectures-pour-arnaud_15.2_jean-verville-architecte_jean-verville_12_896x600-896x540.jpg","ranking-width":896,"ranking-height":540,"schedule":"https:\/\/d2q6z78khxmx42.cloudfront.net\/2016\/02\/des-architectures-pour-arnaud_15.2_jean-verville-architecte_jean-verville_12_896x600-896x360.jpg","schedule-width":896,"schedule-height":360,"slideshow":"https:\/\/d2q6z78khxmx42.cloudfront.net\/2016\/02\/des-architectures-pour-arnaud_15.2_jean-verville-architecte_jean-verville_12_896x600.jpg","slideshow-width":896,"slideshow-height":600}},"attachment_category":[],"credit":""},{"image":{"ID":3187,"id":3187,"title":"des-architectures-pour-arnaud_15.2_jean-verville-architecte_jean-verville_13_896x600.jpg","filename":"des-architectures-pour-arnaud_15.2_jean-verville-architecte_jean-verville_13_896x600.jpg","filesize":0,"url":"https:\/\/d2q6z78khxmx42.cloudfront.net\/2016\/02\/des-architectures-pour-arnaud_15.2_jean-verville-architecte_jean-verville_13_896x600.jpg","link":"https:\/\/int.design\/fr\/des-architectures-pour-arnaud_15-2_jean-verville-architecte_jean-verville_13_896x600-jpg\/","alt":"","author":"0","description":"","caption":"","name":"des-architectures-pour-arnaud_15-2_jean-verville-architecte_jean-verville_13_896x600-jpg","status":"inherit","uploaded_to":0,"date":"2020-04-06 03:51:19","modified":"2020-04-06 03:51:19","menu_order":0,"mime_type":"image\/jpeg","type":"image","subtype":"jpeg","icon":"https:\/\/int.design\/wp-includes\/images\/media\/default.png","width":896,"height":600,"sizes":{"thumbnail":"https:\/\/d2q6z78khxmx42.cloudfront.net\/2016\/02\/des-architectures-pour-arnaud_15.2_jean-verville-architecte_jean-verville_13_896x600-150x150.jpg","thumbnail-width":150,"thumbnail-height":150,"medium":"https:\/\/d2q6z78khxmx42.cloudfront.net\/2016\/02\/des-architectures-pour-arnaud_15.2_jean-verville-architecte_jean-verville_13_896x600-300x201.jpg","medium-width":300,"medium-height":201,"medium_large":"https:\/\/d2q6z78khxmx42.cloudfront.net\/2016\/02\/des-architectures-pour-arnaud_15.2_jean-verville-architecte_jean-verville_13_896x600-768x514.jpg","medium_large-width":768,"medium_large-height":514,"large":"https:\/\/d2q6z78khxmx42.cloudfront.net\/2016\/02\/des-architectures-pour-arnaud_15.2_jean-verville-architecte_jean-verville_13_896x600.jpg","large-width":896,"large-height":600,"1536x1536":"https:\/\/d2q6z78khxmx42.cloudfront.net\/2016\/02\/des-architectures-pour-arnaud_15.2_jean-verville-architecte_jean-verville_13_896x600.jpg","1536x1536-width":896,"1536x1536-height":600,"2048x2048":"https:\/\/d2q6z78khxmx42.cloudfront.net\/2016\/02\/des-architectures-pour-arnaud_15.2_jean-verville-architecte_jean-verville_13_896x600.jpg","2048x2048-width":896,"2048x2048-height":600,"article":"https:\/\/d2q6z78khxmx42.cloudfront.net\/2016\/02\/des-architectures-pour-arnaud_15.2_jean-verville-architecte_jean-verville_13_896x600-896x540.jpg","article-width":896,"article-height":540,"banner":"https:\/\/d2q6z78khxmx42.cloudfront.net\/2016\/02\/des-architectures-pour-arnaud_15.2_jean-verville-architecte_jean-verville_13_896x600.jpg","banner-width":896,"banner-height":600,"block":"https:\/\/d2q6z78khxmx42.cloudfront.net\/2016\/02\/des-architectures-pour-arnaud_15.2_jean-verville-architecte_jean-verville_13_896x600.jpg","block-width":896,"block-height":600,"card":"https:\/\/d2q6z78khxmx42.cloudfront.net\/2016\/02\/des-architectures-pour-arnaud_15.2_jean-verville-architecte_jean-verville_13_896x600-560x495.jpg","card-width":560,"card-height":495,"card-thumbnail":"https:\/\/d2q6z78khxmx42.cloudfront.net\/2016\/02\/des-architectures-pour-arnaud_15.2_jean-verville-architecte_jean-verville_13_896x600-450x340.jpg","card-thumbnail-width":450,"card-thumbnail-height":340,"conference":"https:\/\/d2q6z78khxmx42.cloudfront.net\/2016\/02\/des-architectures-pour-arnaud_15.2_jean-verville-architecte_jean-verville_13_896x600-560x250.jpg","conference-width":560,"conference-height":250,"contest":"https:\/\/d2q6z78khxmx42.cloudfront.net\/2016\/02\/des-architectures-pour-arnaud_15.2_jean-verville-architecte_jean-verville_13_896x600-896x400.jpg","contest-width":896,"contest-height":400,"cta":"https:\/\/d2q6z78khxmx42.cloudfront.net\/2016\/02\/des-architectures-pour-arnaud_15.2_jean-verville-architecte_jean-verville_13_896x600-415x170.jpg","cta-width":415,"cta-height":170,"exhibitor":"https:\/\/d2q6z78khxmx42.cloudfront.net\/2016\/02\/des-architectures-pour-arnaud_15.2_jean-verville-architecte_jean-verville_13_896x600-560x560.jpg","exhibitor-width":560,"exhibitor-height":560,"gallery":"https:\/\/d2q6z78khxmx42.cloudfront.net\/2016\/02\/des-architectures-pour-arnaud_15.2_jean-verville-architecte_jean-verville_13_896x600-560x375.jpg","gallery-width":560,"gallery-height":375,"logo":"https:\/\/d2q6z78khxmx42.cloudfront.net\/2016\/02\/des-architectures-pour-arnaud_15.2_jean-verville-architecte_jean-verville_13_896x600-149x100.jpg","logo-width":149,"logo-height":100,"masonry":"https:\/\/d2q6z78khxmx42.cloudfront.net\/2016\/02\/des-architectures-pour-arnaud_15.2_jean-verville-architecte_jean-verville_13_896x600-550x368.jpg","masonry-width":550,"masonry-height":368,"modal":"https:\/\/d2q6z78khxmx42.cloudfront.net\/2016\/02\/des-architectures-pour-arnaud_15.2_jean-verville-architecte_jean-verville_13_896x600.jpg","modal-width":896,"modal-height":600,"number":"https:\/\/d2q6z78khxmx42.cloudfront.net\/2016\/02\/oG7g6jLv-des-architectures-pour-arnaud_15.2_jean-verville-architecte_jean-verville_13_896x600-560x375.jpg","number-width":560,"number-height":375,"partner":"https:\/\/d2q6z78khxmx42.cloudfront.net\/2016\/02\/des-architectures-pour-arnaud_15.2_jean-verville-architecte_jean-verville_13_896x600-275x184.jpg","partner-width":275,"partner-height":184,"ranking":"https:\/\/d2q6z78khxmx42.cloudfront.net\/2016\/02\/oG7g6jLv-des-architectures-pour-arnaud_15.2_jean-verville-architecte_jean-verville_13_896x600-896x540.jpg","ranking-width":896,"ranking-height":540,"schedule":"https:\/\/d2q6z78khxmx42.cloudfront.net\/2016\/02\/des-architectures-pour-arnaud_15.2_jean-verville-architecte_jean-verville_13_896x600-896x360.jpg","schedule-width":896,"schedule-height":360,"slideshow":"https:\/\/d2q6z78khxmx42.cloudfront.net\/2016\/02\/des-architectures-pour-arnaud_15.2_jean-verville-architecte_jean-verville_13_896x600.jpg","slideshow-width":896,"slideshow-height":600}},"attachment_category":[],"credit":""},{"image":{"ID":3188,"id":3188,"title":"des-architectures-pour-arnaud_15.2_jean-verville-architecte_jean-verville_14_401x600.jpg","filename":"des-architectures-pour-arnaud_15.2_jean-verville-architecte_jean-verville_14_401x600.jpg","filesize":0,"url":"https:\/\/d2q6z78khxmx42.cloudfront.net\/2016\/02\/des-architectures-pour-arnaud_15.2_jean-verville-architecte_jean-verville_14_401x600.jpg","link":"https:\/\/int.design\/fr\/des-architectures-pour-arnaud_15-2_jean-verville-architecte_jean-verville_14_401x600-jpg\/","alt":"","author":"0","description":"","caption":"","name":"des-architectures-pour-arnaud_15-2_jean-verville-architecte_jean-verville_14_401x600-jpg","status":"inherit","uploaded_to":0,"date":"2020-04-06 03:51:19","modified":"2020-04-06 03:51:19","menu_order":0,"mime_type":"image\/jpeg","type":"image","subtype":"jpeg","icon":"https:\/\/int.design\/wp-includes\/images\/media\/default.png","width":401,"height":600,"sizes":{"thumbnail":"https:\/\/d2q6z78khxmx42.cloudfront.net\/2016\/02\/des-architectures-pour-arnaud_15.2_jean-verville-architecte_jean-verville_14_401x600-150x150.jpg","thumbnail-width":150,"thumbnail-height":150,"medium":"https:\/\/d2q6z78khxmx42.cloudfront.net\/2016\/02\/des-architectures-pour-arnaud_15.2_jean-verville-architecte_jean-verville_14_401x600-201x300.jpg","medium-width":201,"medium-height":300,"medium_large":"https:\/\/d2q6z78khxmx42.cloudfront.net\/2016\/02\/des-architectures-pour-arnaud_15.2_jean-verville-architecte_jean-verville_14_401x600.jpg","medium_large-width":401,"medium_large-height":600,"large":"https:\/\/d2q6z78khxmx42.cloudfront.net\/2016\/02\/des-architectures-pour-arnaud_15.2_jean-verville-architecte_jean-verville_14_401x600.jpg","large-width":401,"large-height":600,"1536x1536":"https:\/\/d2q6z78khxmx42.cloudfront.net\/2016\/02\/des-architectures-pour-arnaud_15.2_jean-verville-architecte_jean-verville_14_401x600.jpg","1536x1536-width":401,"1536x1536-height":600,"2048x2048":"https:\/\/d2q6z78khxmx42.cloudfront.net\/2016\/02\/des-architectures-pour-arnaud_15.2_jean-verville-architecte_jean-verville_14_401x600.jpg","2048x2048-width":401,"2048x2048-height":600,"article":"https:\/\/d2q6z78khxmx42.cloudfront.net\/2016\/02\/des-architectures-pour-arnaud_15.2_jean-verville-architecte_jean-verville_14_401x600-401x540.jpg","article-width":401,"article-height":540,"banner":"https:\/\/d2q6z78khxmx42.cloudfront.net\/2016\/02\/des-architectures-pour-arnaud_15.2_jean-verville-architecte_jean-verville_14_401x600.jpg","banner-width":401,"banner-height":600,"block":"https:\/\/d2q6z78khxmx42.cloudfront.net\/2016\/02\/des-architectures-pour-arnaud_15.2_jean-verville-architecte_jean-verville_14_401x600.jpg","block-width":401,"block-height":600,"card":"https:\/\/d2q6z78khxmx42.cloudfront.net\/2016\/02\/des-architectures-pour-arnaud_15.2_jean-verville-architecte_jean-verville_14_401x600-401x495.jpg","card-width":401,"card-height":495,"card-thumbnail":"https:\/\/d2q6z78khxmx42.cloudfront.net\/2016\/02\/des-architectures-pour-arnaud_15.2_jean-verville-architecte_jean-verville_14_401x600-401x340.jpg","card-thumbnail-width":401,"card-thumbnail-height":340,"conference":"https:\/\/d2q6z78khxmx42.cloudfront.net\/2016\/02\/des-architectures-pour-arnaud_15.2_jean-verville-architecte_jean-verville_14_401x600-401x250.jpg","conference-width":401,"conference-height":250,"contest":"https:\/\/d2q6z78khxmx42.cloudfront.net\/2016\/02\/des-architectures-pour-arnaud_15.2_jean-verville-architecte_jean-verville_14_401x600-401x400.jpg","contest-width":401,"contest-height":400,"cta":"https:\/\/d2q6z78khxmx42.cloudfront.net\/2016\/02\/des-architectures-pour-arnaud_15.2_jean-verville-architecte_jean-verville_14_401x600-401x170.jpg","cta-width":401,"cta-height":170,"exhibitor":"https:\/\/d2q6z78khxmx42.cloudfront.net\/2016\/02\/des-architectures-pour-arnaud_15.2_jean-verville-architecte_jean-verville_14_401x600-401x560.jpg","exhibitor-width":401,"exhibitor-height":560,"gallery":"https:\/\/d2q6z78khxmx42.cloudfront.net\/2016\/02\/des-architectures-pour-arnaud_15.2_jean-verville-architecte_jean-verville_14_401x600-287x430.jpg","gallery-width":287,"gallery-height":430,"logo":"https:\/\/d2q6z78khxmx42.cloudfront.net\/2016\/02\/des-architectures-pour-arnaud_15.2_jean-verville-architecte_jean-verville_14_401x600-67x100.jpg","logo-width":67,"logo-height":100,"masonry":"https:\/\/d2q6z78khxmx42.cloudfront.net\/2016\/02\/des-architectures-pour-arnaud_15.2_jean-verville-architecte_jean-verville_14_401x600.jpg","masonry-width":401,"masonry-height":600,"modal":"https:\/\/d2q6z78khxmx42.cloudfront.net\/2016\/02\/des-architectures-pour-arnaud_15.2_jean-verville-architecte_jean-verville_14_401x600.jpg","modal-width":401,"modal-height":600,"number":"https:\/\/d2q6z78khxmx42.cloudfront.net\/2016\/02\/qO2O4iGC-des-architectures-pour-arnaud_15.2_jean-verville-architecte_jean-verville_14_401x600-287x430.jpg","number-width":287,"number-height":430,"partner":"https:\/\/d2q6z78khxmx42.cloudfront.net\/2016\/02\/des-architectures-pour-arnaud_15.2_jean-verville-architecte_jean-verville_14_401x600-140x210.jpg","partner-width":140,"partner-height":210,"ranking":"https:\/\/d2q6z78khxmx42.cloudfront.net\/2016\/02\/qO2O4iGC-des-architectures-pour-arnaud_15.2_jean-verville-architecte_jean-verville_14_401x600-401x540.jpg","ranking-width":401,"ranking-height":540,"schedule":"https:\/\/d2q6z78khxmx42.cloudfront.net\/2016\/02\/des-architectures-pour-arnaud_15.2_jean-verville-architecte_jean-verville_14_401x600-401x360.jpg","schedule-width":401,"schedule-height":360,"slideshow":"https:\/\/d2q6z78khxmx42.cloudfront.net\/2016\/02\/des-architectures-pour-arnaud_15.2_jean-verville-architecte_jean-verville_14_401x600.jpg","slideshow-width":401,"slideshow-height":600}},"attachment_category":[],"credit":""},{"image":{"ID":3189,"id":3189,"title":"des-architectures-pour-arnaud_15.2_jean-verville-architecte_jean-verville_16_896x600.jpg","filename":"des-architectures-pour-arnaud_15.2_jean-verville-architecte_jean-verville_16_896x600.jpg","filesize":0,"url":"https:\/\/d2q6z78khxmx42.cloudfront.net\/2016\/02\/des-architectures-pour-arnaud_15.2_jean-verville-architecte_jean-verville_16_896x600.jpg","link":"https:\/\/int.design\/fr\/des-architectures-pour-arnaud_15-2_jean-verville-architecte_jean-verville_16_896x600-jpg\/","alt":"","author":"0","description":"","caption":"","name":"des-architectures-pour-arnaud_15-2_jean-verville-architecte_jean-verville_16_896x600-jpg","status":"inherit","uploaded_to":0,"date":"2020-04-06 03:51:20","modified":"2020-04-06 03:51:20","menu_order":0,"mime_type":"image\/jpeg","type":"image","subtype":"jpeg","icon":"https:\/\/int.design\/wp-includes\/images\/media\/default.png","width":896,"height":600,"sizes":{"thumbnail":"https:\/\/d2q6z78khxmx42.cloudfront.net\/2016\/02\/des-architectures-pour-arnaud_15.2_jean-verville-architecte_jean-verville_16_896x600-150x150.jpg","thumbnail-width":150,"thumbnail-height":150,"medium":"https:\/\/d2q6z78khxmx42.cloudfront.net\/2016\/02\/des-architectures-pour-arnaud_15.2_jean-verville-architecte_jean-verville_16_896x600-300x201.jpg","medium-width":300,"medium-height":201,"medium_large":"https:\/\/d2q6z78khxmx42.cloudfront.net\/2016\/02\/des-architectures-pour-arnaud_15.2_jean-verville-architecte_jean-verville_16_896x600-768x514.jpg","medium_large-width":768,"medium_large-height":514,"large":"https:\/\/d2q6z78khxmx42.cloudfront.net\/2016\/02\/des-architectures-pour-arnaud_15.2_jean-verville-architecte_jean-verville_16_896x600.jpg","large-width":896,"large-height":600,"1536x1536":"https:\/\/d2q6z78khxmx42.cloudfront.net\/2016\/02\/des-architectures-pour-arnaud_15.2_jean-verville-architecte_jean-verville_16_896x600.jpg","1536x1536-width":896,"1536x1536-height":600,"2048x2048":"https:\/\/d2q6z78khxmx42.cloudfront.net\/2016\/02\/des-architectures-pour-arnaud_15.2_jean-verville-architecte_jean-verville_16_896x600.jpg","2048x2048-width":896,"2048x2048-height":600,"article":"https:\/\/d2q6z78khxmx42.cloudfront.net\/2016\/02\/des-architectures-pour-arnaud_15.2_jean-verville-architecte_jean-verville_16_896x600-896x540.jpg","article-width":896,"article-height":540,"banner":"https:\/\/d2q6z78khxmx42.cloudfront.net\/2016\/02\/des-architectures-pour-arnaud_15.2_jean-verville-architecte_jean-verville_16_896x600.jpg","banner-width":896,"banner-height":600,"block":"https:\/\/d2q6z78khxmx42.cloudfront.net\/2016\/02\/des-architectures-pour-arnaud_15.2_jean-verville-architecte_jean-verville_16_896x600.jpg","block-width":896,"block-height":600,"card":"https:\/\/d2q6z78khxmx42.cloudfront.net\/2016\/02\/des-architectures-pour-arnaud_15.2_jean-verville-architecte_jean-verville_16_896x600-560x495.jpg","card-width":560,"card-height":495,"card-thumbnail":"https:\/\/d2q6z78khxmx42.cloudfront.net\/2016\/02\/des-architectures-pour-arnaud_15.2_jean-verville-architecte_jean-verville_16_896x600-450x340.jpg","card-thumbnail-width":450,"card-thumbnail-height":340,"conference":"https:\/\/d2q6z78khxmx42.cloudfront.net\/2016\/02\/des-architectures-pour-arnaud_15.2_jean-verville-architecte_jean-verville_16_896x600-560x250.jpg","conference-width":560,"conference-height":250,"contest":"https:\/\/d2q6z78khxmx42.cloudfront.net\/2016\/02\/des-architectures-pour-arnaud_15.2_jean-verville-architecte_jean-verville_16_896x600-896x400.jpg","contest-width":896,"contest-height":400,"cta":"https:\/\/d2q6z78khxmx42.cloudfront.net\/2016\/02\/des-architectures-pour-arnaud_15.2_jean-verville-architecte_jean-verville_16_896x600-415x170.jpg","cta-width":415,"cta-height":170,"exhibitor":"https:\/\/d2q6z78khxmx42.cloudfront.net\/2016\/02\/des-architectures-pour-arnaud_15.2_jean-verville-architecte_jean-verville_16_896x600-560x560.jpg","exhibitor-width":560,"exhibitor-height":560,"gallery":"https:\/\/d2q6z78khxmx42.cloudfront.net\/2016\/02\/des-architectures-pour-arnaud_15.2_jean-verville-architecte_jean-verville_16_896x600-560x375.jpg","gallery-width":560,"gallery-height":375,"logo":"https:\/\/d2q6z78khxmx42.cloudfront.net\/2016\/02\/des-architectures-pour-arnaud_15.2_jean-verville-architecte_jean-verville_16_896x600-149x100.jpg","logo-width":149,"logo-height":100,"masonry":"https:\/\/d2q6z78khxmx42.cloudfront.net\/2016\/02\/des-architectures-pour-arnaud_15.2_jean-verville-architecte_jean-verville_16_896x600-550x368.jpg","masonry-width":550,"masonry-height":368,"modal":"https:\/\/d2q6z78khxmx42.cloudfront.net\/2016\/02\/des-architectures-pour-arnaud_15.2_jean-verville-architecte_jean-verville_16_896x600.jpg","modal-width":896,"modal-height":600,"number":"https:\/\/d2q6z78khxmx42.cloudfront.net\/2016\/02\/q4prhkP6-des-architectures-pour-arnaud_15.2_jean-verville-architecte_jean-verville_16_896x600-560x375.jpg","number-width":560,"number-height":375,"partner":"https:\/\/d2q6z78khxmx42.cloudfront.net\/2016\/02\/des-architectures-pour-arnaud_15.2_jean-verville-architecte_jean-verville_16_896x600-275x184.jpg","partner-width":275,"partner-height":184,"ranking":"https:\/\/d2q6z78khxmx42.cloudfront.net\/2016\/02\/q4prhkP6-des-architectures-pour-arnaud_15.2_jean-verville-architecte_jean-verville_16_896x600-896x540.jpg","ranking-width":896,"ranking-height":540,"schedule":"https:\/\/d2q6z78khxmx42.cloudfront.net\/2016\/02\/des-architectures-pour-arnaud_15.2_jean-verville-architecte_jean-verville_16_896x600-896x360.jpg","schedule-width":896,"schedule-height":360,"slideshow":"https:\/\/d2q6z78khxmx42.cloudfront.net\/2016\/02\/des-architectures-pour-arnaud_15.2_jean-verville-architecte_jean-verville_16_896x600.jpg","slideshow-width":896,"slideshow-height":600}},"attachment_category":[],"credit":""},{"image":{"ID":3190,"id":3190,"title":"des-architectures-pour-arnaud_15.2_jean-verville-architecte_jean-verville_17_896x600.jpg","filename":"des-architectures-pour-arnaud_15.2_jean-verville-architecte_jean-verville_17_896x600.jpg","filesize":0,"url":"https:\/\/d2q6z78khxmx42.cloudfront.net\/2016\/02\/des-architectures-pour-arnaud_15.2_jean-verville-architecte_jean-verville_17_896x600.jpg","link":"https:\/\/int.design\/fr\/des-architectures-pour-arnaud_15-2_jean-verville-architecte_jean-verville_17_896x600-jpg\/","alt":"","author":"0","description":"","caption":"","name":"des-architectures-pour-arnaud_15-2_jean-verville-architecte_jean-verville_17_896x600-jpg","status":"inherit","uploaded_to":0,"date":"2020-04-06 03:51:20","modified":"2020-04-06 03:51:20","menu_order":0,"mime_type":"image\/jpeg","type":"image","subtype":"jpeg","icon":"https:\/\/int.design\/wp-includes\/images\/media\/default.png","width":896,"height":600,"sizes":{"thumbnail":"https:\/\/d2q6z78khxmx42.cloudfront.net\/2016\/02\/des-architectures-pour-arnaud_15.2_jean-verville-architecte_jean-verville_17_896x600-150x150.jpg","thumbnail-width":150,"thumbnail-height":150,"medium":"https:\/\/d2q6z78khxmx42.cloudfront.net\/2016\/02\/des-architectures-pour-arnaud_15.2_jean-verville-architecte_jean-verville_17_896x600-300x201.jpg","medium-width":300,"medium-height":201,"medium_large":"https:\/\/d2q6z78khxmx42.cloudfront.net\/2016\/02\/des-architectures-pour-arnaud_15.2_jean-verville-architecte_jean-verville_17_896x600-768x514.jpg","medium_large-width":768,"medium_large-height":514,"large":"https:\/\/d2q6z78khxmx42.cloudfront.net\/2016\/02\/des-architectures-pour-arnaud_15.2_jean-verville-architecte_jean-verville_17_896x600.jpg","large-width":896,"large-height":600,"1536x1536":"https:\/\/d2q6z78khxmx42.cloudfront.net\/2016\/02\/des-architectures-pour-arnaud_15.2_jean-verville-architecte_jean-verville_17_896x600.jpg","1536x1536-width":896,"1536x1536-height":600,"2048x2048":"https:\/\/d2q6z78khxmx42.cloudfront.net\/2016\/02\/des-architectures-pour-arnaud_15.2_jean-verville-architecte_jean-verville_17_896x600.jpg","2048x2048-width":896,"2048x2048-height":600,"article":"https:\/\/d2q6z78khxmx42.cloudfront.net\/2016\/02\/des-architectures-pour-arnaud_15.2_jean-verville-architecte_jean-verville_17_896x600-896x540.jpg","article-width":896,"article-height":540,"banner":"https:\/\/d2q6z78khxmx42.cloudfront.net\/2016\/02\/des-architectures-pour-arnaud_15.2_jean-verville-architecte_jean-verville_17_896x600.jpg","banner-width":896,"banner-height":600,"block":"https:\/\/d2q6z78khxmx42.cloudfront.net\/2016\/02\/des-architectures-pour-arnaud_15.2_jean-verville-architecte_jean-verville_17_896x600.jpg","block-width":896,"block-height":600,"card":"https:\/\/d2q6z78khxmx42.cloudfront.net\/2016\/02\/des-architectures-pour-arnaud_15.2_jean-verville-architecte_jean-verville_17_896x600-560x495.jpg","card-width":560,"card-height":495,"card-thumbnail":"https:\/\/d2q6z78khxmx42.cloudfront.net\/2016\/02\/des-architectures-pour-arnaud_15.2_jean-verville-architecte_jean-verville_17_896x600-450x340.jpg","card-thumbnail-width":450,"card-thumbnail-height":340,"conference":"https:\/\/d2q6z78khxmx42.cloudfront.net\/2016\/02\/des-architectures-pour-arnaud_15.2_jean-verville-architecte_jean-verville_17_896x600-560x250.jpg","conference-width":560,"conference-height":250,"contest":"https:\/\/d2q6z78khxmx42.cloudfront.net\/2016\/02\/des-architectures-pour-arnaud_15.2_jean-verville-architecte_jean-verville_17_896x600-896x400.jpg","contest-width":896,"contest-height":400,"cta":"https:\/\/d2q6z78khxmx42.cloudfront.net\/2016\/02\/des-architectures-pour-arnaud_15.2_jean-verville-architecte_jean-verville_17_896x600-415x170.jpg","cta-width":415,"cta-height":170,"exhibitor":"https:\/\/d2q6z78khxmx42.cloudfront.net\/2016\/02\/des-architectures-pour-arnaud_15.2_jean-verville-architecte_jean-verville_17_896x600-560x560.jpg","exhibitor-width":560,"exhibitor-height":560,"gallery":"https:\/\/d2q6z78khxmx42.cloudfront.net\/2016\/02\/des-architectures-pour-arnaud_15.2_jean-verville-architecte_jean-verville_17_896x600-560x375.jpg","gallery-width":560,"gallery-height":375,"logo":"https:\/\/d2q6z78khxmx42.cloudfront.net\/2016\/02\/des-architectures-pour-arnaud_15.2_jean-verville-architecte_jean-verville_17_896x600-149x100.jpg","logo-width":149,"logo-height":100,"masonry":"https:\/\/d2q6z78khxmx42.cloudfront.net\/2016\/02\/des-architectures-pour-arnaud_15.2_jean-verville-architecte_jean-verville_17_896x600-550x368.jpg","masonry-width":550,"masonry-height":368,"modal":"https:\/\/d2q6z78khxmx42.cloudfront.net\/2016\/02\/des-architectures-pour-arnaud_15.2_jean-verville-architecte_jean-verville_17_896x600.jpg","modal-width":896,"modal-height":600,"number":"https:\/\/d2q6z78khxmx42.cloudfront.net\/2016\/02\/Qxeq6y0d-des-architectures-pour-arnaud_15.2_jean-verville-architecte_jean-verville_17_896x600-560x375.jpg","number-width":560,"number-height":375,"partner":"https:\/\/d2q6z78khxmx42.cloudfront.net\/2016\/02\/des-architectures-pour-arnaud_15.2_jean-verville-architecte_jean-verville_17_896x600-275x184.jpg","partner-width":275,"partner-height":184,"ranking":"https:\/\/d2q6z78khxmx42.cloudfront.net\/2016\/02\/Qxeq6y0d-des-architectures-pour-arnaud_15.2_jean-verville-architecte_jean-verville_17_896x600-896x540.jpg","ranking-width":896,"ranking-height":540,"schedule":"https:\/\/d2q6z78khxmx42.cloudfront.net\/2016\/02\/des-architectures-pour-arnaud_15.2_jean-verville-architecte_jean-verville_17_896x600-896x360.jpg","schedule-width":896,"schedule-height":360,"slideshow":"https:\/\/d2q6z78khxmx42.cloudfront.net\/2016\/02\/des-architectures-pour-arnaud_15.2_jean-verville-architecte_jean-verville_17_896x600.jpg","slideshow-width":896,"slideshow-height":600}},"attachment_category":[],"credit":""},{"image":{"ID":3191,"id":3191,"title":"des-architectures-pour-arnaud_15.2_jean-verville-architecte_jean-verville_18_401x600.jpg","filename":"des-architectures-pour-arnaud_15.2_jean-verville-architecte_jean-verville_18_401x600.jpg","filesize":0,"url":"https:\/\/d2q6z78khxmx42.cloudfront.net\/2016\/02\/des-architectures-pour-arnaud_15.2_jean-verville-architecte_jean-verville_18_401x600.jpg","link":"https:\/\/int.design\/fr\/des-architectures-pour-arnaud_15-2_jean-verville-architecte_jean-verville_18_401x600-jpg\/","alt":"","author":"0","description":"","caption":"","name":"des-architectures-pour-arnaud_15-2_jean-verville-architecte_jean-verville_18_401x600-jpg","status":"inherit","uploaded_to":0,"date":"2020-04-06 03:51:21","modified":"2020-04-06 03:51:21","menu_order":0,"mime_type":"image\/jpeg","type":"image","subtype":"jpeg","icon":"https:\/\/int.design\/wp-includes\/images\/media\/default.png","width":401,"height":600,"sizes":{"thumbnail":"https:\/\/d2q6z78khxmx42.cloudfront.net\/2016\/02\/des-architectures-pour-arnaud_15.2_jean-verville-architecte_jean-verville_18_401x600-150x150.jpg","thumbnail-width":150,"thumbnail-height":150,"medium":"https:\/\/d2q6z78khxmx42.cloudfront.net\/2016\/02\/des-architectures-pour-arnaud_15.2_jean-verville-architecte_jean-verville_18_401x600-201x300.jpg","medium-width":201,"medium-height":300,"medium_large":"https:\/\/d2q6z78khxmx42.cloudfront.net\/2016\/02\/des-architectures-pour-arnaud_15.2_jean-verville-architecte_jean-verville_18_401x600.jpg","medium_large-width":401,"medium_large-height":600,"large":"https:\/\/d2q6z78khxmx42.cloudfront.net\/2016\/02\/des-architectures-pour-arnaud_15.2_jean-verville-architecte_jean-verville_18_401x600.jpg","large-width":401,"large-height":600,"1536x1536":"https:\/\/d2q6z78khxmx42.cloudfront.net\/2016\/02\/des-architectures-pour-arnaud_15.2_jean-verville-architecte_jean-verville_18_401x600.jpg","1536x1536-width":401,"1536x1536-height":600,"2048x2048":"https:\/\/d2q6z78khxmx42.cloudfront.net\/2016\/02\/des-architectures-pour-arnaud_15.2_jean-verville-architecte_jean-verville_18_401x600.jpg","2048x2048-width":401,"2048x2048-height":600,"article":"https:\/\/d2q6z78khxmx42.cloudfront.net\/2016\/02\/des-architectures-pour-arnaud_15.2_jean-verville-architecte_jean-verville_18_401x600-401x540.jpg","article-width":401,"article-height":540,"banner":"https:\/\/d2q6z78khxmx42.cloudfront.net\/2016\/02\/des-architectures-pour-arnaud_15.2_jean-verville-architecte_jean-verville_18_401x600.jpg","banner-width":401,"banner-height":600,"block":"https:\/\/d2q6z78khxmx42.cloudfront.net\/2016\/02\/des-architectures-pour-arnaud_15.2_jean-verville-architecte_jean-verville_18_401x600.jpg","block-width":401,"block-height":600,"card":"https:\/\/d2q6z78khxmx42.cloudfront.net\/2016\/02\/des-architectures-pour-arnaud_15.2_jean-verville-architecte_jean-verville_18_401x600-401x495.jpg","card-width":401,"card-height":495,"card-thumbnail":"https:\/\/d2q6z78khxmx42.cloudfront.net\/2016\/02\/des-architectures-pour-arnaud_15.2_jean-verville-architecte_jean-verville_18_401x600-401x340.jpg","card-thumbnail-width":401,"card-thumbnail-height":340,"conference":"https:\/\/d2q6z78khxmx42.cloudfront.net\/2016\/02\/des-architectures-pour-arnaud_15.2_jean-verville-architecte_jean-verville_18_401x600-401x250.jpg","conference-width":401,"conference-height":250,"contest":"https:\/\/d2q6z78khxmx42.cloudfront.net\/2016\/02\/des-architectures-pour-arnaud_15.2_jean-verville-architecte_jean-verville_18_401x600-401x400.jpg","contest-width":401,"contest-height":400,"cta":"https:\/\/d2q6z78khxmx42.cloudfront.net\/2016\/02\/des-architectures-pour-arnaud_15.2_jean-verville-architecte_jean-verville_18_401x600-401x170.jpg","cta-width":401,"cta-height":170,"exhibitor":"https:\/\/d2q6z78khxmx42.cloudfront.net\/2016\/02\/des-architectures-pour-arnaud_15.2_jean-verville-architecte_jean-verville_18_401x600-401x560.jpg","exhibitor-width":401,"exhibitor-height":560,"gallery":"https:\/\/d2q6z78khxmx42.cloudfront.net\/2016\/02\/des-architectures-pour-arnaud_15.2_jean-verville-architecte_jean-verville_18_401x600-287x430.jpg","gallery-width":287,"gallery-height":430,"logo":"https:\/\/d2q6z78khxmx42.cloudfront.net\/2016\/02\/des-architectures-pour-arnaud_15.2_jean-verville-architecte_jean-verville_18_401x600-67x100.jpg","logo-width":67,"logo-height":100,"masonry":"https:\/\/d2q6z78khxmx42.cloudfront.net\/2016\/02\/des-architectures-pour-arnaud_15.2_jean-verville-architecte_jean-verville_18_401x600.jpg","masonry-width":401,"masonry-height":600,"modal":"https:\/\/d2q6z78khxmx42.cloudfront.net\/2016\/02\/des-architectures-pour-arnaud_15.2_jean-verville-architecte_jean-verville_18_401x600.jpg","modal-width":401,"modal-height":600,"number":"https:\/\/d2q6z78khxmx42.cloudfront.net\/2016\/02\/1GBPE9qn-des-architectures-pour-arnaud_15.2_jean-verville-architecte_jean-verville_18_401x600-287x430.jpg","number-width":287,"number-height":430,"partner":"https:\/\/d2q6z78khxmx42.cloudfront.net\/2016\/02\/des-architectures-pour-arnaud_15.2_jean-verville-architecte_jean-verville_18_401x600-140x210.jpg","partner-width":140,"partner-height":210,"ranking":"https:\/\/d2q6z78khxmx42.cloudfront.net\/2016\/02\/1GBPE9qn-des-architectures-pour-arnaud_15.2_jean-verville-architecte_jean-verville_18_401x600-401x540.jpg","ranking-width":401,"ranking-height":540,"schedule":"https:\/\/d2q6z78khxmx42.cloudfront.net\/2016\/02\/des-architectures-pour-arnaud_15.2_jean-verville-architecte_jean-verville_18_401x600-401x360.jpg","schedule-width":401,"schedule-height":360,"slideshow":"https:\/\/d2q6z78khxmx42.cloudfront.net\/2016\/02\/des-architectures-pour-arnaud_15.2_jean-verville-architecte_jean-verville_18_401x600.jpg","slideshow-width":401,"slideshow-height":600}},"attachment_category":[],"credit":""}],"status":"completed"},"laureats":[],"contest_id":"1767","contest_title":"GRANDS PRIX DU DESIGN - 9e \u00e9dition","firms":[],"user":{"email":"old_edition@agencepid.com","first_name":"Old Edition","last_name":"Participant"},"doc_texts_web":{"fr":"<p>Qui de mieux qu\u2019un consultant de huit ans pour cr\u00e9er un espace de<br \/>\njeu adapt\u00e9 aux go\u00fbts r\u00e9els des enfants ? C\u2019est ce que s\u2019est dit l\u2019architecte<br \/>\nJean Vervillle, qui a \u00e9labor\u00e9, en \u00e9troite collaboration avec<br \/>\nArnaud, un espace adapt\u00e9 au jeu, \u00e0 la lecture et au repos. Aux allures<br \/>\nde jouet g\u00e9ant, l\u2019espace compact est compos\u00e9 de blocs de mousse<br \/>\net de panneaux de feutre blanc. Le projet, se voulant une interpr\u00e9tation<br \/>\nde la cabane construite \u00e0 partir des coussins du canap\u00e9, loge<br \/>\nun lit sur\u00e9lev\u00e9 doubl\u00e9 d\u2019un espace de rangement et d\u00e9limite des<br \/>\nlieux propices aux activit\u00e9s. La structure a \u00e9t\u00e9 con\u00e7ue pour stimuler<br \/>\ntout l\u2019imaginaire enfantin. Des parois ajour\u00e9es glissent sur des rails<br \/>\npour cr\u00e9er des images transform\u00e9es tout en contr\u00f4lant la lumi\u00e8re.<br \/>\nV\u00e9ritable coup de c\u0153ur du jury, ce dernier l\u2019a d\u00e9crit comme un \u00ab magnifique<br \/>\nprojet avec mobilier int\u00e9gr\u00e9 impr\u00e9gn\u00e9 d\u2019une belle po\u00e9sie \u00bb.<\/p>\n","en":"<p>Who better than an eight-year-old consultant to create a play area tailored to children\u2019s actual preferences? That\u2019s what architect Jean Verville said to himself when he set about designing a space for playing, reading and relaxing. So, in close collaboration with Arnaud, he set about creating, in a highly compact space, what looks like an oversized children\u2019s game of foam blocks and white felt panels. The project, a reinterpretation of the living room fort made from sofa cushions, nicely defines the room\u2019s activity area and includes a raised bed and storage nook. The structure was designed to fully stimulate a child\u2019s imagination. The walls with their geometrically shaped openings slide on rails to create changing patterns and adjust the light. One of the jury\u2019s favourites, this project was described as \u201can exceptional example of integrated furniture imbued with charm and whimsy.\u201d<\/p>\n"},"permalinks":{"fr":"https:\/\/int.design\/fr\/projets\/des-architectures-pour-arnaud-ex-aequo\/","en":"https:\/\/int.design\/en\/projects\/des-architectures-pour-arnaud\/"},"titles":{"fr":"Des architectures pour Arnaud &#8211; EX \u00c6QUO","en":"Des architectures pour Arnaud"},"wp_fields":{"informations":{"fr":[{"content_type":"text","title":"Design","content":"Jean Verville Architecte","link":null},{"content_type":"text","title":"Cat\u00e9gorie","content":"Prix mobilier int\u00e9gr\u00e9 EX \u00c6QUO","link":null},{"content_type":"text","title":"Site web","content":"http:\/\/www.jeanverville.com\/","link":null}],"en":[{"content_type":"text","title":"Design","content":"Jean Verville Architecte ","link":null},{"content_type":"text","title":"Category","content":"Integrated Furniture award, ex-aequo ","link":null},{"content_type":"text","title":"Website","content":"www.jeanverville.com","link":null}]}},"laravel_id":""},"_links":{"self":[{"href":"https:\/\/int.design\/fr\/wp-json\/wp\/v2\/project\/3177","targetHints":{"allow":["GET"]}}],"collection":[{"href":"https:\/\/int.design\/fr\/wp-json\/wp\/v2\/project"}],"about":[{"href":"https:\/\/int.design\/fr\/wp-json\/wp\/v2\/types\/project"}],"wp:attachment":[{"href":"https:\/\/int.design\/fr\/wp-json\/wp\/v2\/media?parent=3177"}],"curies":[{"name":"wp","href":"https:\/\/api.w.org\/{rel}","templated":true}]}}