{"id":26312,"date":"2021-07-14T19:43:55","date_gmt":"2021-07-14T23:43:55","guid":{"rendered":"https:\/\/int.design\/?post_type=project&#038;p=26312"},"modified":"2021-10-21T16:38:23","modified_gmt":"2021-10-21T20:38:23","slug":"espace-67","status":"publish","type":"project","link":"https:\/\/int.design\/fr\/projets\/espace-67\/","title":{"rendered":"Espace 67"},"content":{"rendered":"","protected":false},"template":"","class_list":["post-26312","project","type-project","status-publish","hentry","project_category-design-industriel-et-design-de-produit","project_category-mobilier-urbain","project_category-design-industriel"],"acf":[],"yoast_head":"<!-- This site is optimized with the Yoast SEO plugin v21.5 - https:\/\/yoast.com\/wordpress\/plugins\/seo\/ -->\n<title>Espace 67 - INT Design<\/title>\n<meta name=\"robots\" content=\"index, follow, max-snippet:-1, max-image-preview:large, max-video-preview:-1\" \/>\n<link rel=\"canonical\" href=\"https:\/\/int.design\/fr\/projets\/espace-67\/\" \/>\n<meta property=\"og:locale\" content=\"fr_FR\" \/>\n<meta property=\"og:type\" content=\"article\" \/>\n<meta property=\"og:title\" content=\"Espace 67 - INT Design\" \/>\n<meta property=\"og:url\" content=\"https:\/\/int.design\/fr\/projets\/espace-67\/\" \/>\n<meta property=\"og:site_name\" content=\"INT Design\" \/>\n<meta property=\"article:modified_time\" content=\"2021-10-21T20:38:23+00:00\" \/>\n<meta name=\"twitter:card\" content=\"summary_large_image\" \/>\n<script type=\"application\/ld+json\" class=\"yoast-schema-graph\">{\"@context\":\"https:\/\/schema.org\",\"@graph\":[{\"@type\":\"WebPage\",\"@id\":\"https:\/\/int.design\/fr\/projets\/espace-67\/\",\"url\":\"https:\/\/int.design\/fr\/projets\/espace-67\/\",\"name\":\"Espace 67 - INT Design\",\"isPartOf\":{\"@id\":\"https:\/\/int.design\/fr\/#website\"},\"datePublished\":\"2021-07-14T23:43:55+00:00\",\"dateModified\":\"2021-10-21T20:38:23+00:00\",\"breadcrumb\":{\"@id\":\"https:\/\/int.design\/fr\/projets\/espace-67\/#breadcrumb\"},\"inLanguage\":\"fr-FR\",\"potentialAction\":[{\"@type\":\"ReadAction\",\"target\":[\"https:\/\/int.design\/fr\/projets\/espace-67\/\"]}]},{\"@type\":\"BreadcrumbList\",\"@id\":\"https:\/\/int.design\/fr\/projets\/espace-67\/#breadcrumb\",\"itemListElement\":[{\"@type\":\"ListItem\",\"position\":1,\"name\":\"Home\",\"item\":\"https:\/\/int.design\/fr\/\"},{\"@type\":\"ListItem\",\"position\":2,\"name\":\"Projects\",\"item\":\"https:\/\/int.design\/en\/projects\/\"},{\"@type\":\"ListItem\",\"position\":3,\"name\":\"Espace 67\"}]},{\"@type\":\"WebSite\",\"@id\":\"https:\/\/int.design\/fr\/#website\",\"url\":\"https:\/\/int.design\/fr\/\",\"name\":\"INT Design\",\"description\":\"\",\"potentialAction\":[{\"@type\":\"SearchAction\",\"target\":{\"@type\":\"EntryPoint\",\"urlTemplate\":\"https:\/\/int.design\/fr\/?s={search_term_string}\"},\"query-input\":\"required name=search_term_string\"}],\"inLanguage\":\"fr-FR\"}]}<\/script>\n<!-- \/ Yoast SEO plugin. -->","yoast_head_json":{"title":"Espace 67 - INT Design","robots":{"index":"index","follow":"follow","max-snippet":"max-snippet:-1","max-image-preview":"max-image-preview:large","max-video-preview":"max-video-preview:-1"},"canonical":"https:\/\/int.design\/fr\/projets\/espace-67\/","og_locale":"fr_FR","og_type":"article","og_title":"Espace 67 - INT Design","og_url":"https:\/\/int.design\/fr\/projets\/espace-67\/","og_site_name":"INT Design","article_modified_time":"2021-10-21T20:38:23+00:00","twitter_card":"summary_large_image","schema":{"@context":"https:\/\/schema.org","@graph":[{"@type":"WebPage","@id":"https:\/\/int.design\/fr\/projets\/espace-67\/","url":"https:\/\/int.design\/fr\/projets\/espace-67\/","name":"Espace 67 - INT Design","isPartOf":{"@id":"https:\/\/int.design\/fr\/#website"},"datePublished":"2021-07-14T23:43:55+00:00","dateModified":"2021-10-21T20:38:23+00:00","breadcrumb":{"@id":"https:\/\/int.design\/fr\/projets\/espace-67\/#breadcrumb"},"inLanguage":"fr-FR","potentialAction":[{"@type":"ReadAction","target":["https:\/\/int.design\/fr\/projets\/espace-67\/"]}]},{"@type":"BreadcrumbList","@id":"https:\/\/int.design\/fr\/projets\/espace-67\/#breadcrumb","itemListElement":[{"@type":"ListItem","position":1,"name":"Home","item":"https:\/\/int.design\/fr\/"},{"@type":"ListItem","position":2,"name":"Projects","item":"https:\/\/int.design\/en\/projects\/"},{"@type":"ListItem","position":3,"name":"Espace 67"}]},{"@type":"WebSite","@id":"https:\/\/int.design\/fr\/#website","url":"https:\/\/int.design\/fr\/","name":"INT Design","description":"","potentialAction":[{"@type":"SearchAction","target":{"@type":"EntryPoint","urlTemplate":"https:\/\/int.design\/fr\/?s={search_term_string}"},"query-input":"required name=search_term_string"}],"inLanguage":"fr-FR"}]}},"entry":{"cats":{"disciplines":[{"id":124,"name":"Design industriel &amp; design de produit"}],"big_cats":[{"id":145,"name":"Design industriel"}],"sub_cats":[{"id":228,"name":"Mobilier urbain","parent":145}]},"entry":{"":null,"status":"completed","winner_title":"Lemay","winner_prize_lang":"","title_translatable":false,"title_en":"","title_fr":"","releve_award":false,"releve_award_cv":false,"collaboration":false,"collaboration_firms":false,"other_firms":[{"name":"Lemay","website":"https:\/\/lemay.com\/","category":"Landscape Architecture","category_tax":false},{"name":"\u00c9quiparc","website":"https:\/\/equiparc.com\/","category":"Manufacturer - Distributor","category_tax":false}],"owner":{"name":"Soci\u00e9t\u00e9 du Parc Jean-Drapeau","confidential":false,"website":"parcjeandrapeau.com","contact_name":"","email":"agagnier@lemay.com","phone":""},"address":{"address":"1 Circuit Gilles Villeneuve","city":"Montr\u00e9al","region":"Montr\u00e9al","province":"QC","country":"CA","postal_code":"H3C 1A9"},"logos":false,"use_logo":false,"designers":[{"name":"Lucie St-Pierre","credit":"","image":{"ID":33246,"id":33246,"title":"Portrait_LucieStPierre_NB01_v02","filename":"Portrait_LucieStPierre_NB01_v02-scaled.jpg","filesize":0,"url":"https:\/\/int.design\/wp-content\/uploads\/2020\/12\/Portrait_LucieStPierre_NB01_v02-scaled.jpg","link":"https:\/\/int.design\/fr\/projets\/espace-67\/portrait_luciestpierre_nb01_v02\/","alt":"","author":"158","description":"","caption":"","name":"portrait_luciestpierre_nb01_v02","status":"inherit","uploaded_to":26312,"date":"2020-12-10 23:18:01","modified":"2020-12-10 23:20:38","menu_order":0,"mime_type":"image\/jpeg","type":"image","subtype":"jpeg","icon":"https:\/\/int.design\/wp-includes\/images\/media\/default.png","width":2560,"height":1707,"sizes":{"thumbnail":"https:\/\/int.design\/wp-content\/uploads\/2020\/12\/Portrait_LucieStPierre_NB01_v02-150x150.jpg","thumbnail-width":150,"thumbnail-height":150,"medium":"https:\/\/int.design\/wp-content\/uploads\/2020\/12\/Portrait_LucieStPierre_NB01_v02-300x200.jpg","medium-width":300,"medium-height":200,"medium_large":"https:\/\/int.design\/wp-content\/uploads\/2020\/12\/Portrait_LucieStPierre_NB01_v02-768x512.jpg","medium_large-width":768,"medium_large-height":512,"large":"https:\/\/int.design\/wp-content\/uploads\/2020\/12\/Portrait_LucieStPierre_NB01_v02-1024x683.jpg","large-width":1024,"large-height":683,"1536x1536":"https:\/\/int.design\/wp-content\/uploads\/2020\/12\/Portrait_LucieStPierre_NB01_v02-1536x1024.jpg","1536x1536-width":1536,"1536x1536-height":1024,"2048x2048":"https:\/\/int.design\/wp-content\/uploads\/2020\/12\/Portrait_LucieStPierre_NB01_v02-2048x1365.jpg","2048x2048-width":2048,"2048x2048-height":1365,"article":"https:\/\/int.design\/wp-content\/uploads\/2020\/12\/Portrait_LucieStPierre_NB01_v02-960x540.jpg","article-width":960,"article-height":540,"banner":"https:\/\/int.design\/wp-content\/uploads\/2020\/12\/Portrait_LucieStPierre_NB01_v02-1920x1280.jpg","banner-width":1920,"banner-height":1280,"block":"https:\/\/int.design\/wp-content\/uploads\/2020\/12\/Portrait_LucieStPierre_NB01_v02-900x680.jpg","block-width":900,"block-height":680,"card":"https:\/\/int.design\/wp-content\/uploads\/2020\/12\/Portrait_LucieStPierre_NB01_v02-560x495.jpg","card-width":560,"card-height":495,"card-thumbnail":"https:\/\/int.design\/wp-content\/uploads\/2020\/12\/Portrait_LucieStPierre_NB01_v02-450x340.jpg","card-thumbnail-width":450,"card-thumbnail-height":340,"conference":"https:\/\/int.design\/wp-content\/uploads\/2020\/12\/Portrait_LucieStPierre_NB01_v02-560x250.jpg","conference-width":560,"conference-height":250,"contest":"https:\/\/int.design\/wp-content\/uploads\/2020\/12\/Portrait_LucieStPierre_NB01_v02-960x400.jpg","contest-width":960,"contest-height":400,"cta":"https:\/\/int.design\/wp-content\/uploads\/2020\/12\/Portrait_LucieStPierre_NB01_v02-415x170.jpg","cta-width":415,"cta-height":170,"exhibitor":"https:\/\/int.design\/wp-content\/uploads\/2020\/12\/Portrait_LucieStPierre_NB01_v02-560x560.jpg","exhibitor-width":560,"exhibitor-height":560,"gallery":"https:\/\/int.design\/wp-content\/uploads\/2020\/12\/Portrait_LucieStPierre_NB01_v02-560x373.jpg","gallery-width":560,"gallery-height":373,"logo":"https:\/\/int.design\/wp-content\/uploads\/2020\/12\/Portrait_LucieStPierre_NB01_v02-150x100.jpg","logo-width":150,"logo-height":100,"masonry":"https:\/\/int.design\/wp-content\/uploads\/2020\/12\/Portrait_LucieStPierre_NB01_v02-550x367.jpg","masonry-width":550,"masonry-height":367,"modal":"https:\/\/int.design\/wp-content\/uploads\/2020\/12\/Portrait_LucieStPierre_NB01_v02-1920x1280.jpg","modal-width":1920,"modal-height":1280,"number":"https:\/\/int.design\/wp-content\/uploads\/2020\/12\/Portrait_LucieStPierre_NB01_v02-560x373.jpg","number-width":560,"number-height":373,"partner":"https:\/\/int.design\/wp-content\/uploads\/2020\/12\/Portrait_LucieStPierre_NB01_v02-275x183.jpg","partner-width":275,"partner-height":183,"ranking":"https:\/\/int.design\/wp-content\/uploads\/2020\/12\/Portrait_LucieStPierre_NB01_v02-960x540.jpg","ranking-width":960,"ranking-height":540,"schedule":"https:\/\/int.design\/wp-content\/uploads\/2020\/12\/Portrait_LucieStPierre_NB01_v02-960x360.jpg","schedule-width":960,"schedule-height":360,"slideshow":"https:\/\/int.design\/wp-content\/uploads\/2020\/12\/Portrait_LucieStPierre_NB01_v02-1020x680.jpg","slideshow-width":1020,"slideshow-height":680}},"file":{"ID":33247,"id":33247,"title":"2020_Lemay_Bio","filename":"10_2020_Lemay_Bio.pdf","filesize":0,"url":"https:\/\/d2q6z78khxmx42.cloudfront.net\/2020\/12\/10_2020_Lemay_Bio.pdf","link":"https:\/\/int.design\/fr\/projets\/espace-67\/2020_lemay_bio-6\/","alt":"","author":"158","description":"","caption":"","name":"2020_lemay_bio-6","status":"inherit","uploaded_to":26312,"date":"2020-12-10 23:18:18","modified":"2020-12-10 23:20:38","menu_order":0,"mime_type":"application\/pdf","type":"application","subtype":"pdf","icon":"https:\/\/int.design\/wp-includes\/images\/media\/document.png"}},{"name":"Patricia Lussier","credit":"","image":{"ID":33248,"id":33248,"title":"Portrait_PatriciaLussier_NB01_v01","filename":"Portrait_PatriciaLussier_NB01_v01-scaled.jpg","filesize":0,"url":"https:\/\/int.design\/wp-content\/uploads\/2020\/12\/Portrait_PatriciaLussier_NB01_v01-scaled.jpg","link":"https:\/\/int.design\/fr\/projets\/espace-67\/portrait_patricialussier_nb01_v01\/","alt":"","author":"158","description":"","caption":"","name":"portrait_patricialussier_nb01_v01","status":"inherit","uploaded_to":26312,"date":"2020-12-10 23:18:21","modified":"2020-12-10 23:20:38","menu_order":0,"mime_type":"image\/jpeg","type":"image","subtype":"jpeg","icon":"https:\/\/int.design\/wp-includes\/images\/media\/default.png","width":2560,"height":1707,"sizes":{"thumbnail":"https:\/\/int.design\/wp-content\/uploads\/2020\/12\/Portrait_PatriciaLussier_NB01_v01-150x150.jpg","thumbnail-width":150,"thumbnail-height":150,"medium":"https:\/\/int.design\/wp-content\/uploads\/2020\/12\/Portrait_PatriciaLussier_NB01_v01-300x200.jpg","medium-width":300,"medium-height":200,"medium_large":"https:\/\/int.design\/wp-content\/uploads\/2020\/12\/Portrait_PatriciaLussier_NB01_v01-768x512.jpg","medium_large-width":768,"medium_large-height":512,"large":"https:\/\/int.design\/wp-content\/uploads\/2020\/12\/Portrait_PatriciaLussier_NB01_v01-1024x683.jpg","large-width":1024,"large-height":683,"1536x1536":"https:\/\/int.design\/wp-content\/uploads\/2020\/12\/Portrait_PatriciaLussier_NB01_v01-1536x1024.jpg","1536x1536-width":1536,"1536x1536-height":1024,"2048x2048":"https:\/\/int.design\/wp-content\/uploads\/2020\/12\/Portrait_PatriciaLussier_NB01_v01-2048x1365.jpg","2048x2048-width":2048,"2048x2048-height":1365,"article":"https:\/\/int.design\/wp-content\/uploads\/2020\/12\/Portrait_PatriciaLussier_NB01_v01-960x540.jpg","article-width":960,"article-height":540,"banner":"https:\/\/int.design\/wp-content\/uploads\/2020\/12\/Portrait_PatriciaLussier_NB01_v01-1920x1280.jpg","banner-width":1920,"banner-height":1280,"block":"https:\/\/int.design\/wp-content\/uploads\/2020\/12\/Portrait_PatriciaLussier_NB01_v01-900x680.jpg","block-width":900,"block-height":680,"card":"https:\/\/int.design\/wp-content\/uploads\/2020\/12\/Portrait_PatriciaLussier_NB01_v01-560x495.jpg","card-width":560,"card-height":495,"card-thumbnail":"https:\/\/int.design\/wp-content\/uploads\/2020\/12\/Portrait_PatriciaLussier_NB01_v01-450x340.jpg","card-thumbnail-width":450,"card-thumbnail-height":340,"conference":"https:\/\/int.design\/wp-content\/uploads\/2020\/12\/Portrait_PatriciaLussier_NB01_v01-560x250.jpg","conference-width":560,"conference-height":250,"contest":"https:\/\/int.design\/wp-content\/uploads\/2020\/12\/Portrait_PatriciaLussier_NB01_v01-960x400.jpg","contest-width":960,"contest-height":400,"cta":"https:\/\/int.design\/wp-content\/uploads\/2020\/12\/Portrait_PatriciaLussier_NB01_v01-415x170.jpg","cta-width":415,"cta-height":170,"exhibitor":"https:\/\/int.design\/wp-content\/uploads\/2020\/12\/Portrait_PatriciaLussier_NB01_v01-560x560.jpg","exhibitor-width":560,"exhibitor-height":560,"gallery":"https:\/\/int.design\/wp-content\/uploads\/2020\/12\/Portrait_PatriciaLussier_NB01_v01-560x373.jpg","gallery-width":560,"gallery-height":373,"logo":"https:\/\/int.design\/wp-content\/uploads\/2020\/12\/Portrait_PatriciaLussier_NB01_v01-150x100.jpg","logo-width":150,"logo-height":100,"masonry":"https:\/\/int.design\/wp-content\/uploads\/2020\/12\/Portrait_PatriciaLussier_NB01_v01-550x367.jpg","masonry-width":550,"masonry-height":367,"modal":"https:\/\/int.design\/wp-content\/uploads\/2020\/12\/Portrait_PatriciaLussier_NB01_v01-1920x1280.jpg","modal-width":1920,"modal-height":1280,"number":"https:\/\/int.design\/wp-content\/uploads\/2020\/12\/Portrait_PatriciaLussier_NB01_v01-560x373.jpg","number-width":560,"number-height":373,"partner":"https:\/\/int.design\/wp-content\/uploads\/2020\/12\/Portrait_PatriciaLussier_NB01_v01-275x183.jpg","partner-width":275,"partner-height":183,"ranking":"https:\/\/int.design\/wp-content\/uploads\/2020\/12\/Portrait_PatriciaLussier_NB01_v01-960x540.jpg","ranking-width":960,"ranking-height":540,"schedule":"https:\/\/int.design\/wp-content\/uploads\/2020\/12\/Portrait_PatriciaLussier_NB01_v01-960x360.jpg","schedule-width":960,"schedule-height":360,"slideshow":"https:\/\/int.design\/wp-content\/uploads\/2020\/12\/Portrait_PatriciaLussier_NB01_v01-1020x680.jpg","slideshow-width":1020,"slideshow-height":680}},"file":{"ID":33249,"id":33249,"title":"2020_Lemay_Bio","filename":"11_2020_Lemay_Bio.pdf","filesize":0,"url":"https:\/\/d2q6z78khxmx42.cloudfront.net\/2020\/12\/11_2020_Lemay_Bio.pdf","link":"https:\/\/int.design\/fr\/projets\/espace-67\/2020_lemay_bio-7\/","alt":"","author":"158","description":"","caption":"","name":"2020_lemay_bio-7","status":"inherit","uploaded_to":26312,"date":"2020-12-10 23:18:35","modified":"2020-12-10 23:20:38","menu_order":0,"mime_type":"application\/pdf","type":"application","subtype":"pdf","icon":"https:\/\/int.design\/wp-includes\/images\/media\/document.png"}},{"name":"Myl\u00e8ne Carreau","credit":"","image":{"ID":33537,"id":33537,"title":"MyleneCarreau_NB_009_EDIT","filename":"MyleneCarreau_NB_009_EDIT-scaled.jpg","filesize":0,"url":"https:\/\/int.design\/wp-content\/uploads\/2020\/12\/MyleneCarreau_NB_009_EDIT-scaled.jpg","link":"https:\/\/int.design\/fr\/projets\/espace-67\/mylenecarreau_nb_009_edit\/","alt":"","author":"158","description":"","caption":"","name":"mylenecarreau_nb_009_edit","status":"inherit","uploaded_to":26312,"date":"2020-12-11 22:58:41","modified":"2020-12-11 22:58:59","menu_order":0,"mime_type":"image\/jpeg","type":"image","subtype":"jpeg","icon":"https:\/\/int.design\/wp-includes\/images\/media\/default.png","width":2560,"height":1707,"sizes":{"thumbnail":"https:\/\/int.design\/wp-content\/uploads\/2020\/12\/MyleneCarreau_NB_009_EDIT-150x150.jpg","thumbnail-width":150,"thumbnail-height":150,"medium":"https:\/\/int.design\/wp-content\/uploads\/2020\/12\/MyleneCarreau_NB_009_EDIT-300x200.jpg","medium-width":300,"medium-height":200,"medium_large":"https:\/\/int.design\/wp-content\/uploads\/2020\/12\/MyleneCarreau_NB_009_EDIT-768x512.jpg","medium_large-width":768,"medium_large-height":512,"large":"https:\/\/int.design\/wp-content\/uploads\/2020\/12\/MyleneCarreau_NB_009_EDIT-1024x683.jpg","large-width":1024,"large-height":683,"1536x1536":"https:\/\/int.design\/wp-content\/uploads\/2020\/12\/MyleneCarreau_NB_009_EDIT-1536x1024.jpg","1536x1536-width":1536,"1536x1536-height":1024,"2048x2048":"https:\/\/int.design\/wp-content\/uploads\/2020\/12\/MyleneCarreau_NB_009_EDIT-2048x1365.jpg","2048x2048-width":2048,"2048x2048-height":1365,"article":"https:\/\/int.design\/wp-content\/uploads\/2020\/12\/MyleneCarreau_NB_009_EDIT-960x540.jpg","article-width":960,"article-height":540,"banner":"https:\/\/int.design\/wp-content\/uploads\/2020\/12\/MyleneCarreau_NB_009_EDIT-1920x1280.jpg","banner-width":1920,"banner-height":1280,"block":"https:\/\/int.design\/wp-content\/uploads\/2020\/12\/MyleneCarreau_NB_009_EDIT-900x680.jpg","block-width":900,"block-height":680,"card":"https:\/\/int.design\/wp-content\/uploads\/2020\/12\/MyleneCarreau_NB_009_EDIT-560x495.jpg","card-width":560,"card-height":495,"card-thumbnail":"https:\/\/int.design\/wp-content\/uploads\/2020\/12\/MyleneCarreau_NB_009_EDIT-450x340.jpg","card-thumbnail-width":450,"card-thumbnail-height":340,"conference":"https:\/\/int.design\/wp-content\/uploads\/2020\/12\/MyleneCarreau_NB_009_EDIT-560x250.jpg","conference-width":560,"conference-height":250,"contest":"https:\/\/int.design\/wp-content\/uploads\/2020\/12\/MyleneCarreau_NB_009_EDIT-960x400.jpg","contest-width":960,"contest-height":400,"cta":"https:\/\/int.design\/wp-content\/uploads\/2020\/12\/MyleneCarreau_NB_009_EDIT-415x170.jpg","cta-width":415,"cta-height":170,"exhibitor":"https:\/\/int.design\/wp-content\/uploads\/2020\/12\/MyleneCarreau_NB_009_EDIT-560x560.jpg","exhibitor-width":560,"exhibitor-height":560,"gallery":"https:\/\/int.design\/wp-content\/uploads\/2020\/12\/MyleneCarreau_NB_009_EDIT-560x373.jpg","gallery-width":560,"gallery-height":373,"logo":"https:\/\/int.design\/wp-content\/uploads\/2020\/12\/MyleneCarreau_NB_009_EDIT-150x100.jpg","logo-width":150,"logo-height":100,"masonry":"https:\/\/int.design\/wp-content\/uploads\/2020\/12\/MyleneCarreau_NB_009_EDIT-550x367.jpg","masonry-width":550,"masonry-height":367,"modal":"https:\/\/int.design\/wp-content\/uploads\/2020\/12\/MyleneCarreau_NB_009_EDIT-1920x1280.jpg","modal-width":1920,"modal-height":1280,"number":"https:\/\/int.design\/wp-content\/uploads\/2020\/12\/MyleneCarreau_NB_009_EDIT-560x373.jpg","number-width":560,"number-height":373,"partner":"https:\/\/int.design\/wp-content\/uploads\/2020\/12\/MyleneCarreau_NB_009_EDIT-275x183.jpg","partner-width":275,"partner-height":183,"ranking":"https:\/\/int.design\/wp-content\/uploads\/2020\/12\/MyleneCarreau_NB_009_EDIT-960x540.jpg","ranking-width":960,"ranking-height":540,"schedule":"https:\/\/int.design\/wp-content\/uploads\/2020\/12\/MyleneCarreau_NB_009_EDIT-960x360.jpg","schedule-width":960,"schedule-height":360,"slideshow":"https:\/\/int.design\/wp-content\/uploads\/2020\/12\/MyleneCarreau_NB_009_EDIT-1020x680.jpg","slideshow-width":1020,"slideshow-height":680}},"file":{"ID":33538,"id":33538,"title":"2020_Lemay_Bio","filename":"16_2020_Lemay_Bio.pdf","filesize":0,"url":"https:\/\/d2q6z78khxmx42.cloudfront.net\/2020\/12\/16_2020_Lemay_Bio.pdf","link":"https:\/\/int.design\/fr\/projets\/espace-67\/2020_lemay_bio-12\/","alt":"","author":"158","description":"","caption":"","name":"2020_lemay_bio-12","status":"inherit","uploaded_to":26312,"date":"2020-12-11 22:58:57","modified":"2020-12-11 22:58:59","menu_order":0,"mime_type":"application\/pdf","type":"application","subtype":"pdf","icon":"https:\/\/int.design\/wp-includes\/images\/media\/document.png"}}],"cover":[{"categories":[274],"credit":"Soci\u00e9t\u00e9 du Parc Jean-Drapeau","image":{"ID":33296,"id":33296,"title":"Espace 67-Lemay-Landscape Architecture-Photo courtesy-Soci\u00e9t\u00e9 Parc Jean-Drapeau-Cover","filename":"Espace 67-Lemay-Landscape Architecture-Photo courtesy-Soci\u00e9t\u00e9 Parc Jean-Drapeau-Cover-scaled.jpg","filesize":0,"url":"https:\/\/int.design\/wp-content\/uploads\/2020\/12\/Espace 67-Lemay-Landscape Architecture-Photo courtesy-Soci\u00e9t\u00e9 Parc Jean-Drapeau-Cover-scaled.jpg","link":"https:\/\/int.design\/fr\/projets\/espace-67\/espace-67-lemay-landscape-architecture-photo-courtesy-societe-parc-jean-drapeau-cover\/","alt":"","author":"158","description":"Espace 67 Lemay Lemay \u00c9quiparc","caption":"","name":"espace-67-lemay-landscape-architecture-photo-courtesy-societe-parc-jean-drapeau-cover","status":"inherit","uploaded_to":26312,"date":"2020-12-11 03:48:31","modified":"2022-02-08 12:00:16","menu_order":0,"mime_type":"image\/jpeg","type":"image","subtype":"jpeg","icon":"https:\/\/int.design\/wp-includes\/images\/media\/default.png","width":2560,"height":1618,"sizes":{"thumbnail":"https:\/\/int.design\/wp-content\/uploads\/2020\/12\/Espace 67-Lemay-Landscape Architecture-Photo courtesy-Soci\u00e9t\u00e9 Parc Jean-Drapeau-Cover-150x150.jpg","thumbnail-width":150,"thumbnail-height":150,"medium":"https:\/\/int.design\/wp-content\/uploads\/2020\/12\/Espace 67-Lemay-Landscape Architecture-Photo courtesy-Soci\u00e9t\u00e9 Parc Jean-Drapeau-Cover-300x190.jpg","medium-width":300,"medium-height":190,"medium_large":"https:\/\/int.design\/wp-content\/uploads\/2020\/12\/Espace 67-Lemay-Landscape Architecture-Photo courtesy-Soci\u00e9t\u00e9 Parc Jean-Drapeau-Cover-768x485.jpg","medium_large-width":768,"medium_large-height":485,"large":"https:\/\/int.design\/wp-content\/uploads\/2020\/12\/Espace 67-Lemay-Landscape Architecture-Photo courtesy-Soci\u00e9t\u00e9 Parc Jean-Drapeau-Cover-1024x647.jpg","large-width":1024,"large-height":647,"1536x1536":"https:\/\/int.design\/wp-content\/uploads\/2020\/12\/Espace 67-Lemay-Landscape Architecture-Photo courtesy-Soci\u00e9t\u00e9 Parc Jean-Drapeau-Cover-1536x971.jpg","1536x1536-width":1536,"1536x1536-height":971,"2048x2048":"https:\/\/int.design\/wp-content\/uploads\/2020\/12\/Espace 67-Lemay-Landscape Architecture-Photo courtesy-Soci\u00e9t\u00e9 Parc Jean-Drapeau-Cover-2048x1294.jpg","2048x2048-width":2048,"2048x2048-height":1294,"article":"https:\/\/int.design\/wp-content\/uploads\/2020\/12\/Espace 67-Lemay-Landscape Architecture-Photo courtesy-Soci\u00e9t\u00e9 Parc Jean-Drapeau-Cover-960x540.jpg","article-width":960,"article-height":540,"banner":"https:\/\/int.design\/wp-content\/uploads\/2020\/12\/Espace 67-Lemay-Landscape Architecture-Photo courtesy-Soci\u00e9t\u00e9 Parc Jean-Drapeau-Cover-1920x1213.jpg","banner-width":1920,"banner-height":1213,"block":"https:\/\/int.design\/wp-content\/uploads\/2020\/12\/Espace 67-Lemay-Landscape Architecture-Photo courtesy-Soci\u00e9t\u00e9 Parc Jean-Drapeau-Cover-900x680.jpg","block-width":900,"block-height":680,"card":"https:\/\/int.design\/wp-content\/uploads\/2020\/12\/Espace 67-Lemay-Landscape Architecture-Photo courtesy-Soci\u00e9t\u00e9 Parc Jean-Drapeau-Cover-560x495.jpg","card-width":560,"card-height":495,"card-thumbnail":"https:\/\/int.design\/wp-content\/uploads\/2020\/12\/Espace 67-Lemay-Landscape Architecture-Photo courtesy-Soci\u00e9t\u00e9 Parc Jean-Drapeau-Cover-450x340.jpg","card-thumbnail-width":450,"card-thumbnail-height":340,"conference":"https:\/\/int.design\/wp-content\/uploads\/2020\/12\/Espace 67-Lemay-Landscape Architecture-Photo courtesy-Soci\u00e9t\u00e9 Parc Jean-Drapeau-Cover-560x250.jpg","conference-width":560,"conference-height":250,"contest":"https:\/\/int.design\/wp-content\/uploads\/2020\/12\/Espace 67-Lemay-Landscape Architecture-Photo courtesy-Soci\u00e9t\u00e9 Parc Jean-Drapeau-Cover-960x400.jpg","contest-width":960,"contest-height":400,"cta":"https:\/\/int.design\/wp-content\/uploads\/2020\/12\/Espace 67-Lemay-Landscape Architecture-Photo courtesy-Soci\u00e9t\u00e9 Parc Jean-Drapeau-Cover-415x170.jpg","cta-width":415,"cta-height":170,"exhibitor":"https:\/\/int.design\/wp-content\/uploads\/2020\/12\/Espace 67-Lemay-Landscape Architecture-Photo courtesy-Soci\u00e9t\u00e9 Parc Jean-Drapeau-Cover-560x560.jpg","exhibitor-width":560,"exhibitor-height":560,"gallery":"https:\/\/int.design\/wp-content\/uploads\/2020\/12\/Espace 67-Lemay-Landscape Architecture-Photo courtesy-Soci\u00e9t\u00e9 Parc Jean-Drapeau-Cover-560x354.jpg","gallery-width":560,"gallery-height":354,"logo":"https:\/\/int.design\/wp-content\/uploads\/2020\/12\/Espace 67-Lemay-Landscape Architecture-Photo courtesy-Soci\u00e9t\u00e9 Parc Jean-Drapeau-Cover-158x100.jpg","logo-width":158,"logo-height":100,"masonry":"https:\/\/int.design\/wp-content\/uploads\/2020\/12\/Espace 67-Lemay-Landscape Architecture-Photo courtesy-Soci\u00e9t\u00e9 Parc Jean-Drapeau-Cover-550x348.jpg","masonry-width":550,"masonry-height":348,"modal":"https:\/\/int.design\/wp-content\/uploads\/2020\/12\/Espace 67-Lemay-Landscape Architecture-Photo courtesy-Soci\u00e9t\u00e9 Parc Jean-Drapeau-Cover-1920x1213.jpg","modal-width":1920,"modal-height":1213,"number":"https:\/\/int.design\/wp-content\/uploads\/2020\/12\/Espace 67-Lemay-Landscape Architecture-Photo courtesy-Soci\u00e9t\u00e9 Parc Jean-Drapeau-Cover-560x354.jpg","number-width":560,"number-height":354,"partner":"https:\/\/int.design\/wp-content\/uploads\/2020\/12\/Espace 67-Lemay-Landscape Architecture-Photo courtesy-Soci\u00e9t\u00e9 Parc Jean-Drapeau-Cover-275x174.jpg","partner-width":275,"partner-height":174,"ranking":"https:\/\/int.design\/wp-content\/uploads\/2020\/12\/Espace 67-Lemay-Landscape Architecture-Photo courtesy-Soci\u00e9t\u00e9 Parc Jean-Drapeau-Cover-960x540.jpg","ranking-width":960,"ranking-height":540,"schedule":"https:\/\/int.design\/wp-content\/uploads\/2020\/12\/Espace 67-Lemay-Landscape Architecture-Photo courtesy-Soci\u00e9t\u00e9 Parc Jean-Drapeau-Cover-960x360.jpg","schedule-width":960,"schedule-height":360,"slideshow":"https:\/\/int.design\/wp-content\/uploads\/2020\/12\/Espace 67-Lemay-Landscape Architecture-Photo courtesy-Soci\u00e9t\u00e9 Parc Jean-Drapeau-Cover-1076x680.jpg","slideshow-width":1076,"slideshow-height":680}},"filters":[557,546],"suppliers":false,"attachment_category":{"546":"Mobilier urbain","557":"Paysage - Commercial &amp; public"}}],"images":[{"categories":[274],"credit":"Marc Cramer","image":{"ID":33524,"id":33524,"title":"1_Espace 67-Parc-Jean-Drapeau-Lemay-Landscape Architecture-Photo credit-Marc Cramer-1","filename":"1_Espace 67-Parc-Jean-Drapeau-Lemay-Landscape Architecture-Photo credit-Marc Cramer-1-scaled.jpg","filesize":0,"url":"https:\/\/int.design\/wp-content\/uploads\/2020\/12\/1_Espace 67-Parc-Jean-Drapeau-Lemay-Landscape Architecture-Photo credit-Marc Cramer-1-scaled.jpg","link":"https:\/\/int.design\/fr\/projets\/espace-67\/1_espace-67-parc-jean-drapeau-lemay-landscape-architecture-photo-credit-marc-cramer-1\/","alt":"","author":"158","description":"Espace 67 Lemay Lemay \u00c9quiparc","caption":"","name":"1_espace-67-parc-jean-drapeau-lemay-landscape-architecture-photo-credit-marc-cramer-1","status":"inherit","uploaded_to":26312,"date":"2020-12-11 21:36:41","modified":"2022-02-08 12:00:16","menu_order":0,"mime_type":"image\/jpeg","type":"image","subtype":"jpeg","icon":"https:\/\/int.design\/wp-includes\/images\/media\/default.png","width":2560,"height":1782,"sizes":{"thumbnail":"https:\/\/int.design\/wp-content\/uploads\/2020\/12\/1_Espace 67-Parc-Jean-Drapeau-Lemay-Landscape Architecture-Photo credit-Marc Cramer-1-150x150.jpg","thumbnail-width":150,"thumbnail-height":150,"medium":"https:\/\/int.design\/wp-content\/uploads\/2020\/12\/1_Espace 67-Parc-Jean-Drapeau-Lemay-Landscape Architecture-Photo credit-Marc Cramer-1-300x209.jpg","medium-width":300,"medium-height":209,"medium_large":"https:\/\/int.design\/wp-content\/uploads\/2020\/12\/1_Espace 67-Parc-Jean-Drapeau-Lemay-Landscape Architecture-Photo credit-Marc Cramer-1-768x535.jpg","medium_large-width":768,"medium_large-height":535,"large":"https:\/\/int.design\/wp-content\/uploads\/2020\/12\/1_Espace 67-Parc-Jean-Drapeau-Lemay-Landscape Architecture-Photo credit-Marc Cramer-1-1024x713.jpg","large-width":1024,"large-height":713,"1536x1536":"https:\/\/int.design\/wp-content\/uploads\/2020\/12\/1_Espace 67-Parc-Jean-Drapeau-Lemay-Landscape Architecture-Photo credit-Marc Cramer-1-1536x1069.jpg","1536x1536-width":1536,"1536x1536-height":1069,"2048x2048":"https:\/\/int.design\/wp-content\/uploads\/2020\/12\/1_Espace 67-Parc-Jean-Drapeau-Lemay-Landscape Architecture-Photo credit-Marc Cramer-1-2048x1426.jpg","2048x2048-width":2048,"2048x2048-height":1426,"article":"https:\/\/int.design\/wp-content\/uploads\/2020\/12\/1_Espace 67-Parc-Jean-Drapeau-Lemay-Landscape Architecture-Photo credit-Marc Cramer-1-960x540.jpg","article-width":960,"article-height":540,"banner":"https:\/\/int.design\/wp-content\/uploads\/2020\/12\/1_Espace 67-Parc-Jean-Drapeau-Lemay-Landscape Architecture-Photo credit-Marc Cramer-1-1920x1337.jpg","banner-width":1920,"banner-height":1337,"block":"https:\/\/int.design\/wp-content\/uploads\/2020\/12\/1_Espace 67-Parc-Jean-Drapeau-Lemay-Landscape Architecture-Photo credit-Marc Cramer-1-900x680.jpg","block-width":900,"block-height":680,"card":"https:\/\/int.design\/wp-content\/uploads\/2020\/12\/1_Espace 67-Parc-Jean-Drapeau-Lemay-Landscape Architecture-Photo credit-Marc Cramer-1-560x495.jpg","card-width":560,"card-height":495,"card-thumbnail":"https:\/\/int.design\/wp-content\/uploads\/2020\/12\/1_Espace 67-Parc-Jean-Drapeau-Lemay-Landscape Architecture-Photo credit-Marc Cramer-1-450x340.jpg","card-thumbnail-width":450,"card-thumbnail-height":340,"conference":"https:\/\/int.design\/wp-content\/uploads\/2020\/12\/1_Espace 67-Parc-Jean-Drapeau-Lemay-Landscape Architecture-Photo credit-Marc Cramer-1-560x250.jpg","conference-width":560,"conference-height":250,"contest":"https:\/\/int.design\/wp-content\/uploads\/2020\/12\/1_Espace 67-Parc-Jean-Drapeau-Lemay-Landscape Architecture-Photo credit-Marc Cramer-1-960x400.jpg","contest-width":960,"contest-height":400,"cta":"https:\/\/int.design\/wp-content\/uploads\/2020\/12\/1_Espace 67-Parc-Jean-Drapeau-Lemay-Landscape Architecture-Photo credit-Marc Cramer-1-415x170.jpg","cta-width":415,"cta-height":170,"exhibitor":"https:\/\/int.design\/wp-content\/uploads\/2020\/12\/1_Espace 67-Parc-Jean-Drapeau-Lemay-Landscape Architecture-Photo credit-Marc Cramer-1-560x560.jpg","exhibitor-width":560,"exhibitor-height":560,"gallery":"https:\/\/int.design\/wp-content\/uploads\/2020\/12\/1_Espace 67-Parc-Jean-Drapeau-Lemay-Landscape Architecture-Photo credit-Marc Cramer-1-560x390.jpg","gallery-width":560,"gallery-height":390,"logo":"https:\/\/int.design\/wp-content\/uploads\/2020\/12\/1_Espace 67-Parc-Jean-Drapeau-Lemay-Landscape Architecture-Photo credit-Marc Cramer-1-144x100.jpg","logo-width":144,"logo-height":100,"masonry":"https:\/\/int.design\/wp-content\/uploads\/2020\/12\/1_Espace 67-Parc-Jean-Drapeau-Lemay-Landscape Architecture-Photo credit-Marc Cramer-1-550x383.jpg","masonry-width":550,"masonry-height":383,"modal":"https:\/\/int.design\/wp-content\/uploads\/2020\/12\/1_Espace 67-Parc-Jean-Drapeau-Lemay-Landscape Architecture-Photo credit-Marc Cramer-1-1920x1337.jpg","modal-width":1920,"modal-height":1337,"number":"https:\/\/int.design\/wp-content\/uploads\/2020\/12\/1_Espace 67-Parc-Jean-Drapeau-Lemay-Landscape Architecture-Photo credit-Marc Cramer-1-560x390.jpg","number-width":560,"number-height":390,"partner":"https:\/\/int.design\/wp-content\/uploads\/2020\/12\/1_Espace 67-Parc-Jean-Drapeau-Lemay-Landscape Architecture-Photo credit-Marc Cramer-1-275x191.jpg","partner-width":275,"partner-height":191,"ranking":"https:\/\/int.design\/wp-content\/uploads\/2020\/12\/1_Espace 67-Parc-Jean-Drapeau-Lemay-Landscape Architecture-Photo credit-Marc Cramer-1-960x540.jpg","ranking-width":960,"ranking-height":540,"schedule":"https:\/\/int.design\/wp-content\/uploads\/2020\/12\/1_Espace 67-Parc-Jean-Drapeau-Lemay-Landscape Architecture-Photo credit-Marc Cramer-1-960x360.jpg","schedule-width":960,"schedule-height":360,"slideshow":"https:\/\/int.design\/wp-content\/uploads\/2020\/12\/1_Espace 67-Parc-Jean-Drapeau-Lemay-Landscape Architecture-Photo credit-Marc Cramer-1-977x680.jpg","slideshow-width":977,"slideshow-height":680}},"filters":false,"suppliers":false,"attachment_category":[]},{"categories":[274],"credit":"Marc Cramer","image":{"ID":33525,"id":33525,"title":"2_Espace 67-Parc-Jean-Drapeau-Lemay-Landscape Architecture-Photo credit-Marc Cramer-2","filename":"2_Espace 67-Parc-Jean-Drapeau-Lemay-Landscape Architecture-Photo credit-Marc Cramer-2-scaled.jpg","filesize":0,"url":"https:\/\/int.design\/wp-content\/uploads\/2020\/12\/2_Espace 67-Parc-Jean-Drapeau-Lemay-Landscape Architecture-Photo credit-Marc Cramer-2-scaled.jpg","link":"https:\/\/int.design\/fr\/projets\/espace-67\/2_espace-67-parc-jean-drapeau-lemay-landscape-architecture-photo-credit-marc-cramer-2\/","alt":"","author":"158","description":"Espace 67 Lemay Lemay \u00c9quiparc","caption":"","name":"2_espace-67-parc-jean-drapeau-lemay-landscape-architecture-photo-credit-marc-cramer-2","status":"inherit","uploaded_to":26312,"date":"2020-12-11 21:36:54","modified":"2022-02-08 12:00:16","menu_order":0,"mime_type":"image\/jpeg","type":"image","subtype":"jpeg","icon":"https:\/\/int.design\/wp-includes\/images\/media\/default.png","width":2175,"height":2560,"sizes":{"thumbnail":"https:\/\/int.design\/wp-content\/uploads\/2020\/12\/2_Espace 67-Parc-Jean-Drapeau-Lemay-Landscape Architecture-Photo credit-Marc Cramer-2-150x150.jpg","thumbnail-width":150,"thumbnail-height":150,"medium":"https:\/\/int.design\/wp-content\/uploads\/2020\/12\/2_Espace 67-Parc-Jean-Drapeau-Lemay-Landscape Architecture-Photo credit-Marc Cramer-2-255x300.jpg","medium-width":255,"medium-height":300,"medium_large":"https:\/\/int.design\/wp-content\/uploads\/2020\/12\/2_Espace 67-Parc-Jean-Drapeau-Lemay-Landscape Architecture-Photo credit-Marc Cramer-2-768x904.jpg","medium_large-width":768,"medium_large-height":904,"large":"https:\/\/int.design\/wp-content\/uploads\/2020\/12\/2_Espace 67-Parc-Jean-Drapeau-Lemay-Landscape Architecture-Photo credit-Marc Cramer-2-870x1024.jpg","large-width":870,"large-height":1024,"1536x1536":"https:\/\/int.design\/wp-content\/uploads\/2020\/12\/2_Espace 67-Parc-Jean-Drapeau-Lemay-Landscape Architecture-Photo credit-Marc Cramer-2-1305x1536.jpg","1536x1536-width":1305,"1536x1536-height":1536,"2048x2048":"https:\/\/int.design\/wp-content\/uploads\/2020\/12\/2_Espace 67-Parc-Jean-Drapeau-Lemay-Landscape Architecture-Photo credit-Marc Cramer-2-1740x2048.jpg","2048x2048-width":1740,"2048x2048-height":2048,"article":"https:\/\/int.design\/wp-content\/uploads\/2020\/12\/2_Espace 67-Parc-Jean-Drapeau-Lemay-Landscape Architecture-Photo credit-Marc Cramer-2-960x540.jpg","article-width":960,"article-height":540,"banner":"https:\/\/int.design\/wp-content\/uploads\/2020\/12\/2_Espace 67-Parc-Jean-Drapeau-Lemay-Landscape Architecture-Photo credit-Marc Cramer-2-1920x2260.jpg","banner-width":1920,"banner-height":2260,"block":"https:\/\/int.design\/wp-content\/uploads\/2020\/12\/2_Espace 67-Parc-Jean-Drapeau-Lemay-Landscape Architecture-Photo credit-Marc Cramer-2-900x680.jpg","block-width":900,"block-height":680,"card":"https:\/\/int.design\/wp-content\/uploads\/2020\/12\/2_Espace 67-Parc-Jean-Drapeau-Lemay-Landscape Architecture-Photo credit-Marc Cramer-2-560x495.jpg","card-width":560,"card-height":495,"card-thumbnail":"https:\/\/int.design\/wp-content\/uploads\/2020\/12\/2_Espace 67-Parc-Jean-Drapeau-Lemay-Landscape Architecture-Photo credit-Marc Cramer-2-450x340.jpg","card-thumbnail-width":450,"card-thumbnail-height":340,"conference":"https:\/\/int.design\/wp-content\/uploads\/2020\/12\/2_Espace 67-Parc-Jean-Drapeau-Lemay-Landscape Architecture-Photo credit-Marc Cramer-2-560x250.jpg","conference-width":560,"conference-height":250,"contest":"https:\/\/int.design\/wp-content\/uploads\/2020\/12\/2_Espace 67-Parc-Jean-Drapeau-Lemay-Landscape Architecture-Photo credit-Marc Cramer-2-960x400.jpg","contest-width":960,"contest-height":400,"cta":"https:\/\/int.design\/wp-content\/uploads\/2020\/12\/2_Espace 67-Parc-Jean-Drapeau-Lemay-Landscape Architecture-Photo credit-Marc Cramer-2-415x170.jpg","cta-width":415,"cta-height":170,"exhibitor":"https:\/\/int.design\/wp-content\/uploads\/2020\/12\/2_Espace 67-Parc-Jean-Drapeau-Lemay-Landscape Architecture-Photo credit-Marc Cramer-2-560x560.jpg","exhibitor-width":560,"exhibitor-height":560,"gallery":"https:\/\/int.design\/wp-content\/uploads\/2020\/12\/2_Espace 67-Parc-Jean-Drapeau-Lemay-Landscape Architecture-Photo credit-Marc Cramer-2-365x430.jpg","gallery-width":365,"gallery-height":430,"logo":"https:\/\/int.design\/wp-content\/uploads\/2020\/12\/2_Espace 67-Parc-Jean-Drapeau-Lemay-Landscape Architecture-Photo credit-Marc Cramer-2-85x100.jpg","logo-width":85,"logo-height":100,"masonry":"https:\/\/int.design\/wp-content\/uploads\/2020\/12\/2_Espace 67-Parc-Jean-Drapeau-Lemay-Landscape Architecture-Photo credit-Marc Cramer-2-550x647.jpg","masonry-width":550,"masonry-height":647,"modal":"https:\/\/int.design\/wp-content\/uploads\/2020\/12\/2_Espace 67-Parc-Jean-Drapeau-Lemay-Landscape Architecture-Photo credit-Marc Cramer-2-1631x1920.jpg","modal-width":1631,"modal-height":1920,"number":"https:\/\/int.design\/wp-content\/uploads\/2020\/12\/2_Espace 67-Parc-Jean-Drapeau-Lemay-Landscape Architecture-Photo credit-Marc Cramer-2-365x430.jpg","number-width":365,"number-height":430,"partner":"https:\/\/int.design\/wp-content\/uploads\/2020\/12\/2_Espace 67-Parc-Jean-Drapeau-Lemay-Landscape Architecture-Photo credit-Marc Cramer-2-178x210.jpg","partner-width":178,"partner-height":210,"ranking":"https:\/\/int.design\/wp-content\/uploads\/2020\/12\/2_Espace 67-Parc-Jean-Drapeau-Lemay-Landscape Architecture-Photo credit-Marc Cramer-2-960x540.jpg","ranking-width":960,"ranking-height":540,"schedule":"https:\/\/int.design\/wp-content\/uploads\/2020\/12\/2_Espace 67-Parc-Jean-Drapeau-Lemay-Landscape Architecture-Photo credit-Marc Cramer-2-960x360.jpg","schedule-width":960,"schedule-height":360,"slideshow":"https:\/\/int.design\/wp-content\/uploads\/2020\/12\/2_Espace 67-Parc-Jean-Drapeau-Lemay-Landscape Architecture-Photo credit-Marc Cramer-2-578x680.jpg","slideshow-width":578,"slideshow-height":680}},"filters":[557,546],"suppliers":false,"attachment_category":[]},{"categories":[274],"credit":"Marc Cramer","image":{"ID":33526,"id":33526,"title":"3_Espace 67-Parc-Jean-Drapeau-Lemay-Landscape Architecture-Photo credit-Marc Cramer-3","filename":"3_Espace 67-Parc-Jean-Drapeau-Lemay-Landscape Architecture-Photo credit-Marc Cramer-3-scaled.jpg","filesize":0,"url":"https:\/\/int.design\/wp-content\/uploads\/2020\/12\/3_Espace 67-Parc-Jean-Drapeau-Lemay-Landscape Architecture-Photo credit-Marc Cramer-3-scaled.jpg","link":"https:\/\/int.design\/fr\/projets\/espace-67\/3_espace-67-parc-jean-drapeau-lemay-landscape-architecture-photo-credit-marc-cramer-3\/","alt":"","author":"158","description":"Espace 67 Lemay Lemay \u00c9quiparc","caption":"","name":"3_espace-67-parc-jean-drapeau-lemay-landscape-architecture-photo-credit-marc-cramer-3","status":"inherit","uploaded_to":26312,"date":"2020-12-11 21:37:09","modified":"2022-02-08 12:00:16","menu_order":0,"mime_type":"image\/jpeg","type":"image","subtype":"jpeg","icon":"https:\/\/int.design\/wp-includes\/images\/media\/default.png","width":2560,"height":2176,"sizes":{"thumbnail":"https:\/\/int.design\/wp-content\/uploads\/2020\/12\/3_Espace 67-Parc-Jean-Drapeau-Lemay-Landscape Architecture-Photo credit-Marc Cramer-3-150x150.jpg","thumbnail-width":150,"thumbnail-height":150,"medium":"https:\/\/int.design\/wp-content\/uploads\/2020\/12\/3_Espace 67-Parc-Jean-Drapeau-Lemay-Landscape Architecture-Photo credit-Marc Cramer-3-300x255.jpg","medium-width":300,"medium-height":255,"medium_large":"https:\/\/int.design\/wp-content\/uploads\/2020\/12\/3_Espace 67-Parc-Jean-Drapeau-Lemay-Landscape Architecture-Photo credit-Marc Cramer-3-768x653.jpg","medium_large-width":768,"medium_large-height":653,"large":"https:\/\/int.design\/wp-content\/uploads\/2020\/12\/3_Espace 67-Parc-Jean-Drapeau-Lemay-Landscape Architecture-Photo credit-Marc Cramer-3-1024x871.jpg","large-width":1024,"large-height":871,"1536x1536":"https:\/\/int.design\/wp-content\/uploads\/2020\/12\/3_Espace 67-Parc-Jean-Drapeau-Lemay-Landscape Architecture-Photo credit-Marc Cramer-3-1536x1306.jpg","1536x1536-width":1536,"1536x1536-height":1306,"2048x2048":"https:\/\/int.design\/wp-content\/uploads\/2020\/12\/3_Espace 67-Parc-Jean-Drapeau-Lemay-Landscape Architecture-Photo credit-Marc Cramer-3-2048x1741.jpg","2048x2048-width":2048,"2048x2048-height":1741,"article":"https:\/\/int.design\/wp-content\/uploads\/2020\/12\/3_Espace 67-Parc-Jean-Drapeau-Lemay-Landscape Architecture-Photo credit-Marc Cramer-3-960x540.jpg","article-width":960,"article-height":540,"banner":"https:\/\/int.design\/wp-content\/uploads\/2020\/12\/3_Espace 67-Parc-Jean-Drapeau-Lemay-Landscape Architecture-Photo credit-Marc Cramer-3-1920x1632.jpg","banner-width":1920,"banner-height":1632,"block":"https:\/\/int.design\/wp-content\/uploads\/2020\/12\/3_Espace 67-Parc-Jean-Drapeau-Lemay-Landscape Architecture-Photo credit-Marc Cramer-3-900x680.jpg","block-width":900,"block-height":680,"card":"https:\/\/int.design\/wp-content\/uploads\/2020\/12\/3_Espace 67-Parc-Jean-Drapeau-Lemay-Landscape Architecture-Photo credit-Marc Cramer-3-560x495.jpg","card-width":560,"card-height":495,"card-thumbnail":"https:\/\/int.design\/wp-content\/uploads\/2020\/12\/3_Espace 67-Parc-Jean-Drapeau-Lemay-Landscape Architecture-Photo credit-Marc Cramer-3-450x340.jpg","card-thumbnail-width":450,"card-thumbnail-height":340,"conference":"https:\/\/int.design\/wp-content\/uploads\/2020\/12\/3_Espace 67-Parc-Jean-Drapeau-Lemay-Landscape Architecture-Photo credit-Marc Cramer-3-560x250.jpg","conference-width":560,"conference-height":250,"contest":"https:\/\/int.design\/wp-content\/uploads\/2020\/12\/3_Espace 67-Parc-Jean-Drapeau-Lemay-Landscape Architecture-Photo credit-Marc Cramer-3-960x400.jpg","contest-width":960,"contest-height":400,"cta":"https:\/\/int.design\/wp-content\/uploads\/2020\/12\/3_Espace 67-Parc-Jean-Drapeau-Lemay-Landscape Architecture-Photo credit-Marc Cramer-3-415x170.jpg","cta-width":415,"cta-height":170,"exhibitor":"https:\/\/int.design\/wp-content\/uploads\/2020\/12\/3_Espace 67-Parc-Jean-Drapeau-Lemay-Landscape Architecture-Photo credit-Marc Cramer-3-560x560.jpg","exhibitor-width":560,"exhibitor-height":560,"gallery":"https:\/\/int.design\/wp-content\/uploads\/2020\/12\/3_Espace 67-Parc-Jean-Drapeau-Lemay-Landscape Architecture-Photo credit-Marc Cramer-3-506x430.jpg","gallery-width":506,"gallery-height":430,"logo":"https:\/\/int.design\/wp-content\/uploads\/2020\/12\/3_Espace 67-Parc-Jean-Drapeau-Lemay-Landscape Architecture-Photo credit-Marc Cramer-3-118x100.jpg","logo-width":118,"logo-height":100,"masonry":"https:\/\/int.design\/wp-content\/uploads\/2020\/12\/3_Espace 67-Parc-Jean-Drapeau-Lemay-Landscape Architecture-Photo credit-Marc Cramer-3-550x468.jpg","masonry-width":550,"masonry-height":468,"modal":"https:\/\/int.design\/wp-content\/uploads\/2020\/12\/3_Espace 67-Parc-Jean-Drapeau-Lemay-Landscape Architecture-Photo credit-Marc Cramer-3-1920x1632.jpg","modal-width":1920,"modal-height":1632,"number":"https:\/\/int.design\/wp-content\/uploads\/2020\/12\/3_Espace 67-Parc-Jean-Drapeau-Lemay-Landscape Architecture-Photo credit-Marc Cramer-3-506x430.jpg","number-width":506,"number-height":430,"partner":"https:\/\/int.design\/wp-content\/uploads\/2020\/12\/3_Espace 67-Parc-Jean-Drapeau-Lemay-Landscape Architecture-Photo credit-Marc Cramer-3-247x210.jpg","partner-width":247,"partner-height":210,"ranking":"https:\/\/int.design\/wp-content\/uploads\/2020\/12\/3_Espace 67-Parc-Jean-Drapeau-Lemay-Landscape Architecture-Photo credit-Marc Cramer-3-960x540.jpg","ranking-width":960,"ranking-height":540,"schedule":"https:\/\/int.design\/wp-content\/uploads\/2020\/12\/3_Espace 67-Parc-Jean-Drapeau-Lemay-Landscape Architecture-Photo credit-Marc Cramer-3-960x360.jpg","schedule-width":960,"schedule-height":360,"slideshow":"https:\/\/int.design\/wp-content\/uploads\/2020\/12\/3_Espace 67-Parc-Jean-Drapeau-Lemay-Landscape Architecture-Photo credit-Marc Cramer-3-800x680.jpg","slideshow-width":800,"slideshow-height":680}},"filters":[546],"suppliers":false,"attachment_category":[]},{"categories":[274],"credit":"Marc Cramer","image":{"ID":33527,"id":33527,"title":"4_Espace 67-Parc-Jean-Drapeau-Lemay-Landscape Architecture-4","filename":"4_Espace 67-Parc-Jean-Drapeau-Lemay-Landscape Architecture-4-scaled.jpg","filesize":0,"url":"https:\/\/int.design\/wp-content\/uploads\/2020\/12\/4_Espace 67-Parc-Jean-Drapeau-Lemay-Landscape Architecture-4-scaled.jpg","link":"https:\/\/int.design\/fr\/projets\/espace-67\/4_espace-67-parc-jean-drapeau-lemay-landscape-architecture-4\/","alt":"","author":"158","description":"Espace 67 Lemay Lemay \u00c9quiparc","caption":"","name":"4_espace-67-parc-jean-drapeau-lemay-landscape-architecture-4","status":"inherit","uploaded_to":26312,"date":"2020-12-11 21:37:22","modified":"2022-02-08 12:00:16","menu_order":0,"mime_type":"image\/jpeg","type":"image","subtype":"jpeg","icon":"https:\/\/int.design\/wp-includes\/images\/media\/default.png","width":2560,"height":1707,"sizes":{"thumbnail":"https:\/\/int.design\/wp-content\/uploads\/2020\/12\/4_Espace 67-Parc-Jean-Drapeau-Lemay-Landscape Architecture-4-150x150.jpg","thumbnail-width":150,"thumbnail-height":150,"medium":"https:\/\/int.design\/wp-content\/uploads\/2020\/12\/4_Espace 67-Parc-Jean-Drapeau-Lemay-Landscape Architecture-4-300x200.jpg","medium-width":300,"medium-height":200,"medium_large":"https:\/\/int.design\/wp-content\/uploads\/2020\/12\/4_Espace 67-Parc-Jean-Drapeau-Lemay-Landscape Architecture-4-768x512.jpg","medium_large-width":768,"medium_large-height":512,"large":"https:\/\/int.design\/wp-content\/uploads\/2020\/12\/4_Espace 67-Parc-Jean-Drapeau-Lemay-Landscape Architecture-4-1024x683.jpg","large-width":1024,"large-height":683,"1536x1536":"https:\/\/int.design\/wp-content\/uploads\/2020\/12\/4_Espace 67-Parc-Jean-Drapeau-Lemay-Landscape Architecture-4-1536x1024.jpg","1536x1536-width":1536,"1536x1536-height":1024,"2048x2048":"https:\/\/int.design\/wp-content\/uploads\/2020\/12\/4_Espace 67-Parc-Jean-Drapeau-Lemay-Landscape Architecture-4-2048x1365.jpg","2048x2048-width":2048,"2048x2048-height":1365,"article":"https:\/\/int.design\/wp-content\/uploads\/2020\/12\/4_Espace 67-Parc-Jean-Drapeau-Lemay-Landscape Architecture-4-960x540.jpg","article-width":960,"article-height":540,"banner":"https:\/\/int.design\/wp-content\/uploads\/2020\/12\/4_Espace 67-Parc-Jean-Drapeau-Lemay-Landscape Architecture-4-1920x1280.jpg","banner-width":1920,"banner-height":1280,"block":"https:\/\/int.design\/wp-content\/uploads\/2020\/12\/4_Espace 67-Parc-Jean-Drapeau-Lemay-Landscape Architecture-4-900x680.jpg","block-width":900,"block-height":680,"card":"https:\/\/int.design\/wp-content\/uploads\/2020\/12\/4_Espace 67-Parc-Jean-Drapeau-Lemay-Landscape Architecture-4-560x495.jpg","card-width":560,"card-height":495,"card-thumbnail":"https:\/\/int.design\/wp-content\/uploads\/2020\/12\/4_Espace 67-Parc-Jean-Drapeau-Lemay-Landscape Architecture-4-450x340.jpg","card-thumbnail-width":450,"card-thumbnail-height":340,"conference":"https:\/\/int.design\/wp-content\/uploads\/2020\/12\/4_Espace 67-Parc-Jean-Drapeau-Lemay-Landscape Architecture-4-560x250.jpg","conference-width":560,"conference-height":250,"contest":"https:\/\/int.design\/wp-content\/uploads\/2020\/12\/4_Espace 67-Parc-Jean-Drapeau-Lemay-Landscape Architecture-4-960x400.jpg","contest-width":960,"contest-height":400,"cta":"https:\/\/int.design\/wp-content\/uploads\/2020\/12\/4_Espace 67-Parc-Jean-Drapeau-Lemay-Landscape Architecture-4-415x170.jpg","cta-width":415,"cta-height":170,"exhibitor":"https:\/\/int.design\/wp-content\/uploads\/2020\/12\/4_Espace 67-Parc-Jean-Drapeau-Lemay-Landscape Architecture-4-560x560.jpg","exhibitor-width":560,"exhibitor-height":560,"gallery":"https:\/\/int.design\/wp-content\/uploads\/2020\/12\/4_Espace 67-Parc-Jean-Drapeau-Lemay-Landscape Architecture-4-560x373.jpg","gallery-width":560,"gallery-height":373,"logo":"https:\/\/int.design\/wp-content\/uploads\/2020\/12\/4_Espace 67-Parc-Jean-Drapeau-Lemay-Landscape Architecture-4-150x100.jpg","logo-width":150,"logo-height":100,"masonry":"https:\/\/int.design\/wp-content\/uploads\/2020\/12\/4_Espace 67-Parc-Jean-Drapeau-Lemay-Landscape Architecture-4-550x367.jpg","masonry-width":550,"masonry-height":367,"modal":"https:\/\/int.design\/wp-content\/uploads\/2020\/12\/4_Espace 67-Parc-Jean-Drapeau-Lemay-Landscape Architecture-4-1920x1280.jpg","modal-width":1920,"modal-height":1280,"number":"https:\/\/int.design\/wp-content\/uploads\/2020\/12\/4_Espace 67-Parc-Jean-Drapeau-Lemay-Landscape Architecture-4-560x373.jpg","number-width":560,"number-height":373,"partner":"https:\/\/int.design\/wp-content\/uploads\/2020\/12\/4_Espace 67-Parc-Jean-Drapeau-Lemay-Landscape Architecture-4-275x183.jpg","partner-width":275,"partner-height":183,"ranking":"https:\/\/int.design\/wp-content\/uploads\/2020\/12\/4_Espace 67-Parc-Jean-Drapeau-Lemay-Landscape Architecture-4-960x540.jpg","ranking-width":960,"ranking-height":540,"schedule":"https:\/\/int.design\/wp-content\/uploads\/2020\/12\/4_Espace 67-Parc-Jean-Drapeau-Lemay-Landscape Architecture-4-960x360.jpg","schedule-width":960,"schedule-height":360,"slideshow":"https:\/\/int.design\/wp-content\/uploads\/2020\/12\/4_Espace 67-Parc-Jean-Drapeau-Lemay-Landscape Architecture-4-1020x680.jpg","slideshow-width":1020,"slideshow-height":680}},"filters":[546],"suppliers":false,"attachment_category":[]},{"categories":[274],"credit":"Marc Cramer","image":{"ID":33528,"id":33528,"title":"5_Espace 67-Parc-Jean-Drapeau-Lemay-Landscape Architecture-Photo credit-Marc Cramer-5","filename":"5_Espace 67-Parc-Jean-Drapeau-Lemay-Landscape Architecture-Photo credit-Marc Cramer-5-scaled.jpg","filesize":0,"url":"https:\/\/int.design\/wp-content\/uploads\/2020\/12\/5_Espace 67-Parc-Jean-Drapeau-Lemay-Landscape Architecture-Photo credit-Marc Cramer-5-scaled.jpg","link":"https:\/\/int.design\/fr\/projets\/espace-67\/5_espace-67-parc-jean-drapeau-lemay-landscape-architecture-photo-credit-marc-cramer-5\/","alt":"","author":"158","description":"Espace 67 Lemay Lemay \u00c9quiparc","caption":"","name":"5_espace-67-parc-jean-drapeau-lemay-landscape-architecture-photo-credit-marc-cramer-5","status":"inherit","uploaded_to":26312,"date":"2020-12-11 21:37:36","modified":"2022-02-08 12:00:16","menu_order":0,"mime_type":"image\/jpeg","type":"image","subtype":"jpeg","icon":"https:\/\/int.design\/wp-includes\/images\/media\/default.png","width":2560,"height":1676,"sizes":{"thumbnail":"https:\/\/int.design\/wp-content\/uploads\/2020\/12\/5_Espace 67-Parc-Jean-Drapeau-Lemay-Landscape Architecture-Photo credit-Marc Cramer-5-150x150.jpg","thumbnail-width":150,"thumbnail-height":150,"medium":"https:\/\/int.design\/wp-content\/uploads\/2020\/12\/5_Espace 67-Parc-Jean-Drapeau-Lemay-Landscape Architecture-Photo credit-Marc Cramer-5-300x196.jpg","medium-width":300,"medium-height":196,"medium_large":"https:\/\/int.design\/wp-content\/uploads\/2020\/12\/5_Espace 67-Parc-Jean-Drapeau-Lemay-Landscape Architecture-Photo credit-Marc Cramer-5-768x503.jpg","medium_large-width":768,"medium_large-height":503,"large":"https:\/\/int.design\/wp-content\/uploads\/2020\/12\/5_Espace 67-Parc-Jean-Drapeau-Lemay-Landscape Architecture-Photo credit-Marc Cramer-5-1024x671.jpg","large-width":1024,"large-height":671,"1536x1536":"https:\/\/int.design\/wp-content\/uploads\/2020\/12\/5_Espace 67-Parc-Jean-Drapeau-Lemay-Landscape Architecture-Photo credit-Marc Cramer-5-1536x1006.jpg","1536x1536-width":1536,"1536x1536-height":1006,"2048x2048":"https:\/\/int.design\/wp-content\/uploads\/2020\/12\/5_Espace 67-Parc-Jean-Drapeau-Lemay-Landscape Architecture-Photo credit-Marc Cramer-5-2048x1341.jpg","2048x2048-width":2048,"2048x2048-height":1341,"article":"https:\/\/int.design\/wp-content\/uploads\/2020\/12\/5_Espace 67-Parc-Jean-Drapeau-Lemay-Landscape Architecture-Photo credit-Marc Cramer-5-960x540.jpg","article-width":960,"article-height":540,"banner":"https:\/\/int.design\/wp-content\/uploads\/2020\/12\/5_Espace 67-Parc-Jean-Drapeau-Lemay-Landscape Architecture-Photo credit-Marc Cramer-5-1920x1257.jpg","banner-width":1920,"banner-height":1257,"block":"https:\/\/int.design\/wp-content\/uploads\/2020\/12\/5_Espace 67-Parc-Jean-Drapeau-Lemay-Landscape Architecture-Photo credit-Marc Cramer-5-900x680.jpg","block-width":900,"block-height":680,"card":"https:\/\/int.design\/wp-content\/uploads\/2020\/12\/5_Espace 67-Parc-Jean-Drapeau-Lemay-Landscape Architecture-Photo credit-Marc Cramer-5-560x495.jpg","card-width":560,"card-height":495,"card-thumbnail":"https:\/\/int.design\/wp-content\/uploads\/2020\/12\/5_Espace 67-Parc-Jean-Drapeau-Lemay-Landscape Architecture-Photo credit-Marc Cramer-5-450x340.jpg","card-thumbnail-width":450,"card-thumbnail-height":340,"conference":"https:\/\/int.design\/wp-content\/uploads\/2020\/12\/5_Espace 67-Parc-Jean-Drapeau-Lemay-Landscape Architecture-Photo credit-Marc Cramer-5-560x250.jpg","conference-width":560,"conference-height":250,"contest":"https:\/\/int.design\/wp-content\/uploads\/2020\/12\/5_Espace 67-Parc-Jean-Drapeau-Lemay-Landscape Architecture-Photo credit-Marc Cramer-5-960x400.jpg","contest-width":960,"contest-height":400,"cta":"https:\/\/int.design\/wp-content\/uploads\/2020\/12\/5_Espace 67-Parc-Jean-Drapeau-Lemay-Landscape Architecture-Photo credit-Marc Cramer-5-415x170.jpg","cta-width":415,"cta-height":170,"exhibitor":"https:\/\/int.design\/wp-content\/uploads\/2020\/12\/5_Espace 67-Parc-Jean-Drapeau-Lemay-Landscape Architecture-Photo credit-Marc Cramer-5-560x560.jpg","exhibitor-width":560,"exhibitor-height":560,"gallery":"https:\/\/int.design\/wp-content\/uploads\/2020\/12\/5_Espace 67-Parc-Jean-Drapeau-Lemay-Landscape Architecture-Photo credit-Marc Cramer-5-560x367.jpg","gallery-width":560,"gallery-height":367,"logo":"https:\/\/int.design\/wp-content\/uploads\/2020\/12\/5_Espace 67-Parc-Jean-Drapeau-Lemay-Landscape Architecture-Photo credit-Marc Cramer-5-153x100.jpg","logo-width":153,"logo-height":100,"masonry":"https:\/\/int.design\/wp-content\/uploads\/2020\/12\/5_Espace 67-Parc-Jean-Drapeau-Lemay-Landscape Architecture-Photo credit-Marc Cramer-5-550x360.jpg","masonry-width":550,"masonry-height":360,"modal":"https:\/\/int.design\/wp-content\/uploads\/2020\/12\/5_Espace 67-Parc-Jean-Drapeau-Lemay-Landscape Architecture-Photo credit-Marc Cramer-5-1920x1257.jpg","modal-width":1920,"modal-height":1257,"number":"https:\/\/int.design\/wp-content\/uploads\/2020\/12\/5_Espace 67-Parc-Jean-Drapeau-Lemay-Landscape Architecture-Photo credit-Marc Cramer-5-560x367.jpg","number-width":560,"number-height":367,"partner":"https:\/\/int.design\/wp-content\/uploads\/2020\/12\/5_Espace 67-Parc-Jean-Drapeau-Lemay-Landscape Architecture-Photo credit-Marc Cramer-5-275x180.jpg","partner-width":275,"partner-height":180,"ranking":"https:\/\/int.design\/wp-content\/uploads\/2020\/12\/5_Espace 67-Parc-Jean-Drapeau-Lemay-Landscape Architecture-Photo credit-Marc Cramer-5-960x540.jpg","ranking-width":960,"ranking-height":540,"schedule":"https:\/\/int.design\/wp-content\/uploads\/2020\/12\/5_Espace 67-Parc-Jean-Drapeau-Lemay-Landscape Architecture-Photo credit-Marc Cramer-5-960x360.jpg","schedule-width":960,"schedule-height":360,"slideshow":"https:\/\/int.design\/wp-content\/uploads\/2020\/12\/5_Espace 67-Parc-Jean-Drapeau-Lemay-Landscape Architecture-Photo credit-Marc Cramer-5-1038x680.jpg","slideshow-width":1038,"slideshow-height":680}},"filters":[546],"suppliers":false,"attachment_category":[]},{"categories":[274],"credit":"Marc Cramer","image":{"ID":33529,"id":33529,"title":"6_Espace 67-Parc-Jean-Drapeau-Lemay-Landscape Architecture-Photo credit-Marc Cramer-6","filename":"6_Espace 67-Parc-Jean-Drapeau-Lemay-Landscape Architecture-Photo credit-Marc Cramer-6-scaled.jpg","filesize":0,"url":"https:\/\/int.design\/wp-content\/uploads\/2020\/12\/6_Espace 67-Parc-Jean-Drapeau-Lemay-Landscape Architecture-Photo credit-Marc Cramer-6-scaled.jpg","link":"https:\/\/int.design\/fr\/projets\/espace-67\/6_espace-67-parc-jean-drapeau-lemay-landscape-architecture-photo-credit-marc-cramer-6\/","alt":"","author":"158","description":"Espace 67 Lemay Lemay \u00c9quiparc","caption":"","name":"6_espace-67-parc-jean-drapeau-lemay-landscape-architecture-photo-credit-marc-cramer-6","status":"inherit","uploaded_to":26312,"date":"2020-12-11 21:37:47","modified":"2022-02-08 12:00:16","menu_order":0,"mime_type":"image\/jpeg","type":"image","subtype":"jpeg","icon":"https:\/\/int.design\/wp-includes\/images\/media\/default.png","width":2560,"height":1789,"sizes":{"thumbnail":"https:\/\/int.design\/wp-content\/uploads\/2020\/12\/6_Espace 67-Parc-Jean-Drapeau-Lemay-Landscape Architecture-Photo credit-Marc Cramer-6-150x150.jpg","thumbnail-width":150,"thumbnail-height":150,"medium":"https:\/\/int.design\/wp-content\/uploads\/2020\/12\/6_Espace 67-Parc-Jean-Drapeau-Lemay-Landscape Architecture-Photo credit-Marc Cramer-6-300x210.jpg","medium-width":300,"medium-height":210,"medium_large":"https:\/\/int.design\/wp-content\/uploads\/2020\/12\/6_Espace 67-Parc-Jean-Drapeau-Lemay-Landscape Architecture-Photo credit-Marc Cramer-6-768x537.jpg","medium_large-width":768,"medium_large-height":537,"large":"https:\/\/int.design\/wp-content\/uploads\/2020\/12\/6_Espace 67-Parc-Jean-Drapeau-Lemay-Landscape Architecture-Photo credit-Marc Cramer-6-1024x716.jpg","large-width":1024,"large-height":716,"1536x1536":"https:\/\/int.design\/wp-content\/uploads\/2020\/12\/6_Espace 67-Parc-Jean-Drapeau-Lemay-Landscape Architecture-Photo credit-Marc Cramer-6-1536x1074.jpg","1536x1536-width":1536,"1536x1536-height":1074,"2048x2048":"https:\/\/int.design\/wp-content\/uploads\/2020\/12\/6_Espace 67-Parc-Jean-Drapeau-Lemay-Landscape Architecture-Photo credit-Marc Cramer-6-2048x1431.jpg","2048x2048-width":2048,"2048x2048-height":1431,"article":"https:\/\/int.design\/wp-content\/uploads\/2020\/12\/6_Espace 67-Parc-Jean-Drapeau-Lemay-Landscape Architecture-Photo credit-Marc Cramer-6-960x540.jpg","article-width":960,"article-height":540,"banner":"https:\/\/int.design\/wp-content\/uploads\/2020\/12\/6_Espace 67-Parc-Jean-Drapeau-Lemay-Landscape Architecture-Photo credit-Marc Cramer-6-1920x1342.jpg","banner-width":1920,"banner-height":1342,"block":"https:\/\/int.design\/wp-content\/uploads\/2020\/12\/6_Espace 67-Parc-Jean-Drapeau-Lemay-Landscape Architecture-Photo credit-Marc Cramer-6-900x680.jpg","block-width":900,"block-height":680,"card":"https:\/\/int.design\/wp-content\/uploads\/2020\/12\/6_Espace 67-Parc-Jean-Drapeau-Lemay-Landscape Architecture-Photo credit-Marc Cramer-6-560x495.jpg","card-width":560,"card-height":495,"card-thumbnail":"https:\/\/int.design\/wp-content\/uploads\/2020\/12\/6_Espace 67-Parc-Jean-Drapeau-Lemay-Landscape Architecture-Photo credit-Marc Cramer-6-450x340.jpg","card-thumbnail-width":450,"card-thumbnail-height":340,"conference":"https:\/\/int.design\/wp-content\/uploads\/2020\/12\/6_Espace 67-Parc-Jean-Drapeau-Lemay-Landscape Architecture-Photo credit-Marc Cramer-6-560x250.jpg","conference-width":560,"conference-height":250,"contest":"https:\/\/int.design\/wp-content\/uploads\/2020\/12\/6_Espace 67-Parc-Jean-Drapeau-Lemay-Landscape Architecture-Photo credit-Marc Cramer-6-960x400.jpg","contest-width":960,"contest-height":400,"cta":"https:\/\/int.design\/wp-content\/uploads\/2020\/12\/6_Espace 67-Parc-Jean-Drapeau-Lemay-Landscape Architecture-Photo credit-Marc Cramer-6-415x170.jpg","cta-width":415,"cta-height":170,"exhibitor":"https:\/\/int.design\/wp-content\/uploads\/2020\/12\/6_Espace 67-Parc-Jean-Drapeau-Lemay-Landscape Architecture-Photo credit-Marc Cramer-6-560x560.jpg","exhibitor-width":560,"exhibitor-height":560,"gallery":"https:\/\/int.design\/wp-content\/uploads\/2020\/12\/6_Espace 67-Parc-Jean-Drapeau-Lemay-Landscape Architecture-Photo credit-Marc Cramer-6-560x391.jpg","gallery-width":560,"gallery-height":391,"logo":"https:\/\/int.design\/wp-content\/uploads\/2020\/12\/6_Espace 67-Parc-Jean-Drapeau-Lemay-Landscape Architecture-Photo credit-Marc Cramer-6-143x100.jpg","logo-width":143,"logo-height":100,"masonry":"https:\/\/int.design\/wp-content\/uploads\/2020\/12\/6_Espace 67-Parc-Jean-Drapeau-Lemay-Landscape Architecture-Photo credit-Marc Cramer-6-550x384.jpg","masonry-width":550,"masonry-height":384,"modal":"https:\/\/int.design\/wp-content\/uploads\/2020\/12\/6_Espace 67-Parc-Jean-Drapeau-Lemay-Landscape Architecture-Photo credit-Marc Cramer-6-1920x1342.jpg","modal-width":1920,"modal-height":1342,"number":"https:\/\/int.design\/wp-content\/uploads\/2020\/12\/6_Espace 67-Parc-Jean-Drapeau-Lemay-Landscape Architecture-Photo credit-Marc Cramer-6-560x391.jpg","number-width":560,"number-height":391,"partner":"https:\/\/int.design\/wp-content\/uploads\/2020\/12\/6_Espace 67-Parc-Jean-Drapeau-Lemay-Landscape Architecture-Photo credit-Marc Cramer-6-275x192.jpg","partner-width":275,"partner-height":192,"ranking":"https:\/\/int.design\/wp-content\/uploads\/2020\/12\/6_Espace 67-Parc-Jean-Drapeau-Lemay-Landscape Architecture-Photo credit-Marc Cramer-6-960x540.jpg","ranking-width":960,"ranking-height":540,"schedule":"https:\/\/int.design\/wp-content\/uploads\/2020\/12\/6_Espace 67-Parc-Jean-Drapeau-Lemay-Landscape Architecture-Photo credit-Marc Cramer-6-960x360.jpg","schedule-width":960,"schedule-height":360,"slideshow":"https:\/\/int.design\/wp-content\/uploads\/2020\/12\/6_Espace 67-Parc-Jean-Drapeau-Lemay-Landscape Architecture-Photo credit-Marc Cramer-6-973x680.jpg","slideshow-width":973,"slideshow-height":680}},"filters":[546],"suppliers":false,"attachment_category":[]},{"categories":[274],"credit":"Marc Cramer","image":{"ID":33530,"id":33530,"title":"7_Espace 67-Parc-Jean-Drapeau-Lemay-Landscape Architecture-Photo credit-Marc Cramer-7","filename":"7_Espace 67-Parc-Jean-Drapeau-Lemay-Landscape Architecture-Photo credit-Marc Cramer-7-scaled.jpg","filesize":0,"url":"https:\/\/int.design\/wp-content\/uploads\/2020\/12\/7_Espace 67-Parc-Jean-Drapeau-Lemay-Landscape Architecture-Photo credit-Marc Cramer-7-scaled.jpg","link":"https:\/\/int.design\/fr\/projets\/espace-67\/7_espace-67-parc-jean-drapeau-lemay-landscape-architecture-photo-credit-marc-cramer-7\/","alt":"","author":"158","description":"Espace 67 Lemay Lemay \u00c9quiparc","caption":"","name":"7_espace-67-parc-jean-drapeau-lemay-landscape-architecture-photo-credit-marc-cramer-7","status":"inherit","uploaded_to":26312,"date":"2020-12-11 21:37:57","modified":"2022-02-08 12:00:16","menu_order":0,"mime_type":"image\/jpeg","type":"image","subtype":"jpeg","icon":"https:\/\/int.design\/wp-includes\/images\/media\/default.png","width":2560,"height":1707,"sizes":{"thumbnail":"https:\/\/int.design\/wp-content\/uploads\/2020\/12\/7_Espace 67-Parc-Jean-Drapeau-Lemay-Landscape Architecture-Photo credit-Marc Cramer-7-150x150.jpg","thumbnail-width":150,"thumbnail-height":150,"medium":"https:\/\/int.design\/wp-content\/uploads\/2020\/12\/7_Espace 67-Parc-Jean-Drapeau-Lemay-Landscape Architecture-Photo credit-Marc Cramer-7-300x200.jpg","medium-width":300,"medium-height":200,"medium_large":"https:\/\/int.design\/wp-content\/uploads\/2020\/12\/7_Espace 67-Parc-Jean-Drapeau-Lemay-Landscape Architecture-Photo credit-Marc Cramer-7-768x512.jpg","medium_large-width":768,"medium_large-height":512,"large":"https:\/\/int.design\/wp-content\/uploads\/2020\/12\/7_Espace 67-Parc-Jean-Drapeau-Lemay-Landscape Architecture-Photo credit-Marc Cramer-7-1024x683.jpg","large-width":1024,"large-height":683,"1536x1536":"https:\/\/int.design\/wp-content\/uploads\/2020\/12\/7_Espace 67-Parc-Jean-Drapeau-Lemay-Landscape Architecture-Photo credit-Marc Cramer-7-1536x1024.jpg","1536x1536-width":1536,"1536x1536-height":1024,"2048x2048":"https:\/\/int.design\/wp-content\/uploads\/2020\/12\/7_Espace 67-Parc-Jean-Drapeau-Lemay-Landscape Architecture-Photo credit-Marc Cramer-7-2048x1365.jpg","2048x2048-width":2048,"2048x2048-height":1365,"article":"https:\/\/int.design\/wp-content\/uploads\/2020\/12\/7_Espace 67-Parc-Jean-Drapeau-Lemay-Landscape Architecture-Photo credit-Marc Cramer-7-960x540.jpg","article-width":960,"article-height":540,"banner":"https:\/\/int.design\/wp-content\/uploads\/2020\/12\/7_Espace 67-Parc-Jean-Drapeau-Lemay-Landscape Architecture-Photo credit-Marc Cramer-7-1920x1280.jpg","banner-width":1920,"banner-height":1280,"block":"https:\/\/int.design\/wp-content\/uploads\/2020\/12\/7_Espace 67-Parc-Jean-Drapeau-Lemay-Landscape Architecture-Photo credit-Marc Cramer-7-900x680.jpg","block-width":900,"block-height":680,"card":"https:\/\/int.design\/wp-content\/uploads\/2020\/12\/7_Espace 67-Parc-Jean-Drapeau-Lemay-Landscape Architecture-Photo credit-Marc Cramer-7-560x495.jpg","card-width":560,"card-height":495,"card-thumbnail":"https:\/\/int.design\/wp-content\/uploads\/2020\/12\/7_Espace 67-Parc-Jean-Drapeau-Lemay-Landscape Architecture-Photo credit-Marc Cramer-7-450x340.jpg","card-thumbnail-width":450,"card-thumbnail-height":340,"conference":"https:\/\/int.design\/wp-content\/uploads\/2020\/12\/7_Espace 67-Parc-Jean-Drapeau-Lemay-Landscape Architecture-Photo credit-Marc Cramer-7-560x250.jpg","conference-width":560,"conference-height":250,"contest":"https:\/\/int.design\/wp-content\/uploads\/2020\/12\/7_Espace 67-Parc-Jean-Drapeau-Lemay-Landscape Architecture-Photo credit-Marc Cramer-7-960x400.jpg","contest-width":960,"contest-height":400,"cta":"https:\/\/int.design\/wp-content\/uploads\/2020\/12\/7_Espace 67-Parc-Jean-Drapeau-Lemay-Landscape Architecture-Photo credit-Marc Cramer-7-415x170.jpg","cta-width":415,"cta-height":170,"exhibitor":"https:\/\/int.design\/wp-content\/uploads\/2020\/12\/7_Espace 67-Parc-Jean-Drapeau-Lemay-Landscape Architecture-Photo credit-Marc Cramer-7-560x560.jpg","exhibitor-width":560,"exhibitor-height":560,"gallery":"https:\/\/int.design\/wp-content\/uploads\/2020\/12\/7_Espace 67-Parc-Jean-Drapeau-Lemay-Landscape Architecture-Photo credit-Marc Cramer-7-560x373.jpg","gallery-width":560,"gallery-height":373,"logo":"https:\/\/int.design\/wp-content\/uploads\/2020\/12\/7_Espace 67-Parc-Jean-Drapeau-Lemay-Landscape Architecture-Photo credit-Marc Cramer-7-150x100.jpg","logo-width":150,"logo-height":100,"masonry":"https:\/\/int.design\/wp-content\/uploads\/2020\/12\/7_Espace 67-Parc-Jean-Drapeau-Lemay-Landscape Architecture-Photo credit-Marc Cramer-7-550x367.jpg","masonry-width":550,"masonry-height":367,"modal":"https:\/\/int.design\/wp-content\/uploads\/2020\/12\/7_Espace 67-Parc-Jean-Drapeau-Lemay-Landscape Architecture-Photo credit-Marc Cramer-7-1920x1280.jpg","modal-width":1920,"modal-height":1280,"number":"https:\/\/int.design\/wp-content\/uploads\/2020\/12\/7_Espace 67-Parc-Jean-Drapeau-Lemay-Landscape Architecture-Photo credit-Marc Cramer-7-560x373.jpg","number-width":560,"number-height":373,"partner":"https:\/\/int.design\/wp-content\/uploads\/2020\/12\/7_Espace 67-Parc-Jean-Drapeau-Lemay-Landscape Architecture-Photo credit-Marc Cramer-7-275x183.jpg","partner-width":275,"partner-height":183,"ranking":"https:\/\/int.design\/wp-content\/uploads\/2020\/12\/7_Espace 67-Parc-Jean-Drapeau-Lemay-Landscape Architecture-Photo credit-Marc Cramer-7-960x540.jpg","ranking-width":960,"ranking-height":540,"schedule":"https:\/\/int.design\/wp-content\/uploads\/2020\/12\/7_Espace 67-Parc-Jean-Drapeau-Lemay-Landscape Architecture-Photo credit-Marc Cramer-7-960x360.jpg","schedule-width":960,"schedule-height":360,"slideshow":"https:\/\/int.design\/wp-content\/uploads\/2020\/12\/7_Espace 67-Parc-Jean-Drapeau-Lemay-Landscape Architecture-Photo credit-Marc Cramer-7-1020x680.jpg","slideshow-width":1020,"slideshow-height":680}},"filters":[546],"suppliers":false,"attachment_category":[]},{"categories":[274],"credit":"Marc Cramer","image":{"ID":33531,"id":33531,"title":"8_Espace 67-Parc-Jean-Drapeau-Lemay-Landscape Architecture-Photo credit-Marc Cramer-8","filename":"8_Espace 67-Parc-Jean-Drapeau-Lemay-Landscape Architecture-Photo credit-Marc Cramer-8-scaled.jpg","filesize":0,"url":"https:\/\/int.design\/wp-content\/uploads\/2020\/12\/8_Espace 67-Parc-Jean-Drapeau-Lemay-Landscape Architecture-Photo credit-Marc Cramer-8-scaled.jpg","link":"https:\/\/int.design\/fr\/projets\/espace-67\/8_espace-67-parc-jean-drapeau-lemay-landscape-architecture-photo-credit-marc-cramer-8\/","alt":"","author":"158","description":"Espace 67 Lemay Lemay \u00c9quiparc","caption":"","name":"8_espace-67-parc-jean-drapeau-lemay-landscape-architecture-photo-credit-marc-cramer-8","status":"inherit","uploaded_to":26312,"date":"2020-12-11 21:38:09","modified":"2022-02-08 12:00:16","menu_order":0,"mime_type":"image\/jpeg","type":"image","subtype":"jpeg","icon":"https:\/\/int.design\/wp-includes\/images\/media\/default.png","width":2439,"height":2560,"sizes":{"thumbnail":"https:\/\/int.design\/wp-content\/uploads\/2020\/12\/8_Espace 67-Parc-Jean-Drapeau-Lemay-Landscape Architecture-Photo credit-Marc Cramer-8-150x150.jpg","thumbnail-width":150,"thumbnail-height":150,"medium":"https:\/\/int.design\/wp-content\/uploads\/2020\/12\/8_Espace 67-Parc-Jean-Drapeau-Lemay-Landscape Architecture-Photo credit-Marc Cramer-8-286x300.jpg","medium-width":286,"medium-height":300,"medium_large":"https:\/\/int.design\/wp-content\/uploads\/2020\/12\/8_Espace 67-Parc-Jean-Drapeau-Lemay-Landscape Architecture-Photo credit-Marc Cramer-8-768x806.jpg","medium_large-width":768,"medium_large-height":806,"large":"https:\/\/int.design\/wp-content\/uploads\/2020\/12\/8_Espace 67-Parc-Jean-Drapeau-Lemay-Landscape Architecture-Photo credit-Marc Cramer-8-975x1024.jpg","large-width":975,"large-height":1024,"1536x1536":"https:\/\/int.design\/wp-content\/uploads\/2020\/12\/8_Espace 67-Parc-Jean-Drapeau-Lemay-Landscape Architecture-Photo credit-Marc Cramer-8-1463x1536.jpg","1536x1536-width":1463,"1536x1536-height":1536,"2048x2048":"https:\/\/int.design\/wp-content\/uploads\/2020\/12\/8_Espace 67-Parc-Jean-Drapeau-Lemay-Landscape Architecture-Photo credit-Marc Cramer-8-1951x2048.jpg","2048x2048-width":1951,"2048x2048-height":2048,"article":"https:\/\/int.design\/wp-content\/uploads\/2020\/12\/8_Espace 67-Parc-Jean-Drapeau-Lemay-Landscape Architecture-Photo credit-Marc Cramer-8-960x540.jpg","article-width":960,"article-height":540,"banner":"https:\/\/int.design\/wp-content\/uploads\/2020\/12\/8_Espace 67-Parc-Jean-Drapeau-Lemay-Landscape Architecture-Photo credit-Marc Cramer-8-1920x2016.jpg","banner-width":1920,"banner-height":2016,"block":"https:\/\/int.design\/wp-content\/uploads\/2020\/12\/8_Espace 67-Parc-Jean-Drapeau-Lemay-Landscape Architecture-Photo credit-Marc Cramer-8-900x680.jpg","block-width":900,"block-height":680,"card":"https:\/\/int.design\/wp-content\/uploads\/2020\/12\/8_Espace 67-Parc-Jean-Drapeau-Lemay-Landscape Architecture-Photo credit-Marc Cramer-8-560x495.jpg","card-width":560,"card-height":495,"card-thumbnail":"https:\/\/int.design\/wp-content\/uploads\/2020\/12\/8_Espace 67-Parc-Jean-Drapeau-Lemay-Landscape Architecture-Photo credit-Marc Cramer-8-450x340.jpg","card-thumbnail-width":450,"card-thumbnail-height":340,"conference":"https:\/\/int.design\/wp-content\/uploads\/2020\/12\/8_Espace 67-Parc-Jean-Drapeau-Lemay-Landscape Architecture-Photo credit-Marc Cramer-8-560x250.jpg","conference-width":560,"conference-height":250,"contest":"https:\/\/int.design\/wp-content\/uploads\/2020\/12\/8_Espace 67-Parc-Jean-Drapeau-Lemay-Landscape Architecture-Photo credit-Marc Cramer-8-960x400.jpg","contest-width":960,"contest-height":400,"cta":"https:\/\/int.design\/wp-content\/uploads\/2020\/12\/8_Espace 67-Parc-Jean-Drapeau-Lemay-Landscape Architecture-Photo credit-Marc Cramer-8-415x170.jpg","cta-width":415,"cta-height":170,"exhibitor":"https:\/\/int.design\/wp-content\/uploads\/2020\/12\/8_Espace 67-Parc-Jean-Drapeau-Lemay-Landscape Architecture-Photo credit-Marc Cramer-8-560x560.jpg","exhibitor-width":560,"exhibitor-height":560,"gallery":"https:\/\/int.design\/wp-content\/uploads\/2020\/12\/8_Espace 67-Parc-Jean-Drapeau-Lemay-Landscape Architecture-Photo credit-Marc Cramer-8-410x430.jpg","gallery-width":410,"gallery-height":430,"logo":"https:\/\/int.design\/wp-content\/uploads\/2020\/12\/8_Espace 67-Parc-Jean-Drapeau-Lemay-Landscape Architecture-Photo credit-Marc Cramer-8-95x100.jpg","logo-width":95,"logo-height":100,"masonry":"https:\/\/int.design\/wp-content\/uploads\/2020\/12\/8_Espace 67-Parc-Jean-Drapeau-Lemay-Landscape Architecture-Photo credit-Marc Cramer-8-550x577.jpg","masonry-width":550,"masonry-height":577,"modal":"https:\/\/int.design\/wp-content\/uploads\/2020\/12\/8_Espace 67-Parc-Jean-Drapeau-Lemay-Landscape Architecture-Photo credit-Marc Cramer-8-1829x1920.jpg","modal-width":1829,"modal-height":1920,"number":"https:\/\/int.design\/wp-content\/uploads\/2020\/12\/8_Espace 67-Parc-Jean-Drapeau-Lemay-Landscape Architecture-Photo credit-Marc Cramer-8-410x430.jpg","number-width":410,"number-height":430,"partner":"https:\/\/int.design\/wp-content\/uploads\/2020\/12\/8_Espace 67-Parc-Jean-Drapeau-Lemay-Landscape Architecture-Photo credit-Marc Cramer-8-200x210.jpg","partner-width":200,"partner-height":210,"ranking":"https:\/\/int.design\/wp-content\/uploads\/2020\/12\/8_Espace 67-Parc-Jean-Drapeau-Lemay-Landscape Architecture-Photo credit-Marc Cramer-8-960x540.jpg","ranking-width":960,"ranking-height":540,"schedule":"https:\/\/int.design\/wp-content\/uploads\/2020\/12\/8_Espace 67-Parc-Jean-Drapeau-Lemay-Landscape Architecture-Photo credit-Marc Cramer-8-960x360.jpg","schedule-width":960,"schedule-height":360,"slideshow":"https:\/\/int.design\/wp-content\/uploads\/2020\/12\/8_Espace 67-Parc-Jean-Drapeau-Lemay-Landscape Architecture-Photo credit-Marc Cramer-8-648x680.jpg","slideshow-width":648,"slideshow-height":680}},"filters":false,"suppliers":false,"attachment_category":[]},{"categories":[274],"credit":"Lo\u00efc Surprenant","image":{"ID":33532,"id":33532,"title":"9_Espace 67-Parc-Jean-Drapeau-Lemay-Landscape Architecture-Photo credit-Lo\u00efc Surprenant-9","filename":"9_Espace 67-Parc-Jean-Drapeau-Lemay-Landscape Architecture-Photo credit-Lo\u00efc Surprenant-9-scaled.jpg","filesize":0,"url":"https:\/\/int.design\/wp-content\/uploads\/2020\/12\/9_Espace 67-Parc-Jean-Drapeau-Lemay-Landscape Architecture-Photo credit-Lo\u00efc Surprenant-9-scaled.jpg","link":"https:\/\/int.design\/fr\/projets\/espace-67\/9_espace-67-parc-jean-drapeau-lemay-landscape-architecture-photo-credit-loic-surprenant-9\/","alt":"","author":"158","description":"Espace 67 Lemay Lemay \u00c9quiparc","caption":"","name":"9_espace-67-parc-jean-drapeau-lemay-landscape-architecture-photo-credit-loic-surprenant-9","status":"inherit","uploaded_to":26312,"date":"2020-12-11 21:38:24","modified":"2022-02-08 12:00:16","menu_order":0,"mime_type":"image\/jpeg","type":"image","subtype":"jpeg","icon":"https:\/\/int.design\/wp-includes\/images\/media\/default.png","width":2560,"height":1524,"sizes":{"thumbnail":"https:\/\/int.design\/wp-content\/uploads\/2020\/12\/9_Espace 67-Parc-Jean-Drapeau-Lemay-Landscape Architecture-Photo credit-Lo\u00efc Surprenant-9-150x150.jpg","thumbnail-width":150,"thumbnail-height":150,"medium":"https:\/\/int.design\/wp-content\/uploads\/2020\/12\/9_Espace 67-Parc-Jean-Drapeau-Lemay-Landscape Architecture-Photo credit-Lo\u00efc Surprenant-9-300x179.jpg","medium-width":300,"medium-height":179,"medium_large":"https:\/\/int.design\/wp-content\/uploads\/2020\/12\/9_Espace 67-Parc-Jean-Drapeau-Lemay-Landscape Architecture-Photo credit-Lo\u00efc Surprenant-9-768x457.jpg","medium_large-width":768,"medium_large-height":457,"large":"https:\/\/int.design\/wp-content\/uploads\/2020\/12\/9_Espace 67-Parc-Jean-Drapeau-Lemay-Landscape Architecture-Photo credit-Lo\u00efc Surprenant-9-1024x610.jpg","large-width":1024,"large-height":610,"1536x1536":"https:\/\/int.design\/wp-content\/uploads\/2020\/12\/9_Espace 67-Parc-Jean-Drapeau-Lemay-Landscape Architecture-Photo credit-Lo\u00efc Surprenant-9-1536x915.jpg","1536x1536-width":1536,"1536x1536-height":915,"2048x2048":"https:\/\/int.design\/wp-content\/uploads\/2020\/12\/9_Espace 67-Parc-Jean-Drapeau-Lemay-Landscape Architecture-Photo credit-Lo\u00efc Surprenant-9-2048x1220.jpg","2048x2048-width":2048,"2048x2048-height":1220,"article":"https:\/\/int.design\/wp-content\/uploads\/2020\/12\/9_Espace 67-Parc-Jean-Drapeau-Lemay-Landscape Architecture-Photo credit-Lo\u00efc Surprenant-9-960x540.jpg","article-width":960,"article-height":540,"banner":"https:\/\/int.design\/wp-content\/uploads\/2020\/12\/9_Espace 67-Parc-Jean-Drapeau-Lemay-Landscape Architecture-Photo credit-Lo\u00efc Surprenant-9-1920x1143.jpg","banner-width":1920,"banner-height":1143,"block":"https:\/\/int.design\/wp-content\/uploads\/2020\/12\/9_Espace 67-Parc-Jean-Drapeau-Lemay-Landscape Architecture-Photo credit-Lo\u00efc Surprenant-9-900x680.jpg","block-width":900,"block-height":680,"card":"https:\/\/int.design\/wp-content\/uploads\/2020\/12\/9_Espace 67-Parc-Jean-Drapeau-Lemay-Landscape Architecture-Photo credit-Lo\u00efc Surprenant-9-560x495.jpg","card-width":560,"card-height":495,"card-thumbnail":"https:\/\/int.design\/wp-content\/uploads\/2020\/12\/9_Espace 67-Parc-Jean-Drapeau-Lemay-Landscape Architecture-Photo credit-Lo\u00efc Surprenant-9-450x340.jpg","card-thumbnail-width":450,"card-thumbnail-height":340,"conference":"https:\/\/int.design\/wp-content\/uploads\/2020\/12\/9_Espace 67-Parc-Jean-Drapeau-Lemay-Landscape Architecture-Photo credit-Lo\u00efc Surprenant-9-560x250.jpg","conference-width":560,"conference-height":250,"contest":"https:\/\/int.design\/wp-content\/uploads\/2020\/12\/9_Espace 67-Parc-Jean-Drapeau-Lemay-Landscape Architecture-Photo credit-Lo\u00efc Surprenant-9-960x400.jpg","contest-width":960,"contest-height":400,"cta":"https:\/\/int.design\/wp-content\/uploads\/2020\/12\/9_Espace 67-Parc-Jean-Drapeau-Lemay-Landscape Architecture-Photo credit-Lo\u00efc Surprenant-9-415x170.jpg","cta-width":415,"cta-height":170,"exhibitor":"https:\/\/int.design\/wp-content\/uploads\/2020\/12\/9_Espace 67-Parc-Jean-Drapeau-Lemay-Landscape Architecture-Photo credit-Lo\u00efc Surprenant-9-560x560.jpg","exhibitor-width":560,"exhibitor-height":560,"gallery":"https:\/\/int.design\/wp-content\/uploads\/2020\/12\/9_Espace 67-Parc-Jean-Drapeau-Lemay-Landscape Architecture-Photo credit-Lo\u00efc Surprenant-9-560x333.jpg","gallery-width":560,"gallery-height":333,"logo":"https:\/\/int.design\/wp-content\/uploads\/2020\/12\/9_Espace 67-Parc-Jean-Drapeau-Lemay-Landscape Architecture-Photo credit-Lo\u00efc Surprenant-9-168x100.jpg","logo-width":168,"logo-height":100,"masonry":"https:\/\/int.design\/wp-content\/uploads\/2020\/12\/9_Espace 67-Parc-Jean-Drapeau-Lemay-Landscape Architecture-Photo credit-Lo\u00efc Surprenant-9-550x328.jpg","masonry-width":550,"masonry-height":328,"modal":"https:\/\/int.design\/wp-content\/uploads\/2020\/12\/9_Espace 67-Parc-Jean-Drapeau-Lemay-Landscape Architecture-Photo credit-Lo\u00efc Surprenant-9-1920x1143.jpg","modal-width":1920,"modal-height":1143,"number":"https:\/\/int.design\/wp-content\/uploads\/2020\/12\/9_Espace 67-Parc-Jean-Drapeau-Lemay-Landscape Architecture-Photo credit-Lo\u00efc Surprenant-9-560x333.jpg","number-width":560,"number-height":333,"partner":"https:\/\/int.design\/wp-content\/uploads\/2020\/12\/9_Espace 67-Parc-Jean-Drapeau-Lemay-Landscape Architecture-Photo credit-Lo\u00efc Surprenant-9-275x164.jpg","partner-width":275,"partner-height":164,"ranking":"https:\/\/int.design\/wp-content\/uploads\/2020\/12\/9_Espace 67-Parc-Jean-Drapeau-Lemay-Landscape Architecture-Photo credit-Lo\u00efc Surprenant-9-960x540.jpg","ranking-width":960,"ranking-height":540,"schedule":"https:\/\/int.design\/wp-content\/uploads\/2020\/12\/9_Espace 67-Parc-Jean-Drapeau-Lemay-Landscape Architecture-Photo credit-Lo\u00efc Surprenant-9-960x360.jpg","schedule-width":960,"schedule-height":360,"slideshow":"https:\/\/int.design\/wp-content\/uploads\/2020\/12\/9_Espace 67-Parc-Jean-Drapeau-Lemay-Landscape Architecture-Photo credit-Lo\u00efc Surprenant-9-1142x680.jpg","slideshow-width":1142,"slideshow-height":680}},"filters":false,"suppliers":false,"attachment_category":[]},{"categories":[274],"credit":"David Boyer","image":{"ID":33533,"id":33533,"title":"Espace 67-Parc-Jean-Drapeau-Lemay-Landscape Architecture-Photo credit-David-Boyer-10","filename":"Espace 67-Parc-Jean-Drapeau-Lemay-Landscape Architecture-Photo credit-David-Boyer-10.jpg","filesize":0,"url":"https:\/\/d2q6z78khxmx42.cloudfront.net\/2020\/12\/Espace 67-Parc-Jean-Drapeau-Lemay-Landscape Architecture-Photo credit-David-Boyer-10.jpg","link":"https:\/\/int.design\/fr\/projets\/espace-67\/espace-67-parc-jean-drapeau-lemay-landscape-architecture-photo-credit-david-boyer-10\/","alt":"","author":"158","description":"Espace 67 Lemay Lemay \u00c9quiparc","caption":"","name":"espace-67-parc-jean-drapeau-lemay-landscape-architecture-photo-credit-david-boyer-10","status":"inherit","uploaded_to":26312,"date":"2020-12-11 21:38:35","modified":"2022-02-08 12:00:16","menu_order":0,"mime_type":"image\/jpeg","type":"image","subtype":"jpeg","icon":"https:\/\/int.design\/wp-includes\/images\/media\/default.png","width":1981,"height":1321,"sizes":{"thumbnail":"https:\/\/d2q6z78khxmx42.cloudfront.net\/2020\/12\/Espace 67-Parc-Jean-Drapeau-Lemay-Landscape Architecture-Photo credit-David-Boyer-10-150x150.jpg","thumbnail-width":150,"thumbnail-height":150,"medium":"https:\/\/d2q6z78khxmx42.cloudfront.net\/2020\/12\/Espace 67-Parc-Jean-Drapeau-Lemay-Landscape Architecture-Photo credit-David-Boyer-10-300x200.jpg","medium-width":300,"medium-height":200,"medium_large":"https:\/\/d2q6z78khxmx42.cloudfront.net\/2020\/12\/Espace 67-Parc-Jean-Drapeau-Lemay-Landscape Architecture-Photo credit-David-Boyer-10-768x512.jpg","medium_large-width":768,"medium_large-height":512,"large":"https:\/\/d2q6z78khxmx42.cloudfront.net\/2020\/12\/Espace 67-Parc-Jean-Drapeau-Lemay-Landscape Architecture-Photo credit-David-Boyer-10-1024x683.jpg","large-width":1024,"large-height":683,"1536x1536":"https:\/\/d2q6z78khxmx42.cloudfront.net\/2020\/12\/Espace 67-Parc-Jean-Drapeau-Lemay-Landscape Architecture-Photo credit-David-Boyer-10-1536x1024.jpg","1536x1536-width":1536,"1536x1536-height":1024,"2048x2048":"https:\/\/d2q6z78khxmx42.cloudfront.net\/2020\/12\/Espace 67-Parc-Jean-Drapeau-Lemay-Landscape Architecture-Photo credit-David-Boyer-10.jpg","2048x2048-width":1981,"2048x2048-height":1321,"article":"https:\/\/d2q6z78khxmx42.cloudfront.net\/2020\/12\/Espace 67-Parc-Jean-Drapeau-Lemay-Landscape Architecture-Photo credit-David-Boyer-10-960x540.jpg","article-width":960,"article-height":540,"banner":"https:\/\/d2q6z78khxmx42.cloudfront.net\/2020\/12\/Espace 67-Parc-Jean-Drapeau-Lemay-Landscape Architecture-Photo credit-David-Boyer-10-1920x1280.jpg","banner-width":1920,"banner-height":1280,"block":"https:\/\/d2q6z78khxmx42.cloudfront.net\/2020\/12\/Espace 67-Parc-Jean-Drapeau-Lemay-Landscape Architecture-Photo credit-David-Boyer-10-900x680.jpg","block-width":900,"block-height":680,"card":"https:\/\/d2q6z78khxmx42.cloudfront.net\/2020\/12\/Espace 67-Parc-Jean-Drapeau-Lemay-Landscape Architecture-Photo credit-David-Boyer-10-560x495.jpg","card-width":560,"card-height":495,"card-thumbnail":"https:\/\/d2q6z78khxmx42.cloudfront.net\/2020\/12\/Espace 67-Parc-Jean-Drapeau-Lemay-Landscape Architecture-Photo credit-David-Boyer-10-450x340.jpg","card-thumbnail-width":450,"card-thumbnail-height":340,"conference":"https:\/\/d2q6z78khxmx42.cloudfront.net\/2020\/12\/Espace 67-Parc-Jean-Drapeau-Lemay-Landscape Architecture-Photo credit-David-Boyer-10-560x250.jpg","conference-width":560,"conference-height":250,"contest":"https:\/\/d2q6z78khxmx42.cloudfront.net\/2020\/12\/Espace 67-Parc-Jean-Drapeau-Lemay-Landscape Architecture-Photo credit-David-Boyer-10-960x400.jpg","contest-width":960,"contest-height":400,"cta":"https:\/\/d2q6z78khxmx42.cloudfront.net\/2020\/12\/Espace 67-Parc-Jean-Drapeau-Lemay-Landscape Architecture-Photo credit-David-Boyer-10-415x170.jpg","cta-width":415,"cta-height":170,"exhibitor":"https:\/\/d2q6z78khxmx42.cloudfront.net\/2020\/12\/Espace 67-Parc-Jean-Drapeau-Lemay-Landscape Architecture-Photo credit-David-Boyer-10-560x560.jpg","exhibitor-width":560,"exhibitor-height":560,"gallery":"https:\/\/d2q6z78khxmx42.cloudfront.net\/2020\/12\/Espace 67-Parc-Jean-Drapeau-Lemay-Landscape Architecture-Photo credit-David-Boyer-10-560x373.jpg","gallery-width":560,"gallery-height":373,"logo":"https:\/\/d2q6z78khxmx42.cloudfront.net\/2020\/12\/Espace 67-Parc-Jean-Drapeau-Lemay-Landscape Architecture-Photo credit-David-Boyer-10-150x100.jpg","logo-width":150,"logo-height":100,"masonry":"https:\/\/d2q6z78khxmx42.cloudfront.net\/2020\/12\/Espace 67-Parc-Jean-Drapeau-Lemay-Landscape Architecture-Photo credit-David-Boyer-10-550x367.jpg","masonry-width":550,"masonry-height":367,"modal":"https:\/\/d2q6z78khxmx42.cloudfront.net\/2020\/12\/IJ07IrRz-Espace 67-Parc-Jean-Drapeau-Lemay-Landscape Architecture-Photo credit-David-Boyer-10-1920x1280.jpg","modal-width":1920,"modal-height":1280,"number":"https:\/\/d2q6z78khxmx42.cloudfront.net\/2020\/12\/IJ07IrRz-Espace 67-Parc-Jean-Drapeau-Lemay-Landscape Architecture-Photo credit-David-Boyer-10-560x373.jpg","number-width":560,"number-height":373,"partner":"https:\/\/d2q6z78khxmx42.cloudfront.net\/2020\/12\/Espace 67-Parc-Jean-Drapeau-Lemay-Landscape Architecture-Photo credit-David-Boyer-10-275x183.jpg","partner-width":275,"partner-height":183,"ranking":"https:\/\/d2q6z78khxmx42.cloudfront.net\/2020\/12\/IJ07IrRz-Espace 67-Parc-Jean-Drapeau-Lemay-Landscape Architecture-Photo credit-David-Boyer-10-960x540.jpg","ranking-width":960,"ranking-height":540,"schedule":"https:\/\/d2q6z78khxmx42.cloudfront.net\/2020\/12\/Espace 67-Parc-Jean-Drapeau-Lemay-Landscape Architecture-Photo credit-David-Boyer-10-960x360.jpg","schedule-width":960,"schedule-height":360,"slideshow":"https:\/\/d2q6z78khxmx42.cloudfront.net\/2020\/12\/Espace 67-Parc-Jean-Drapeau-Lemay-Landscape Architecture-Photo credit-David-Boyer-10-1020x680.jpg","slideshow-width":1020,"slideshow-height":680}},"filters":false,"suppliers":false,"attachment_category":[]}],"mandatory_documents":[{"name":"Presentation","file":{"ID":33534,"id":33534,"title":"16-0087-SPJD-prix-design-2020-12-07","filename":"16-0087-SPJD-prix-design-2020-12-07.pdf","filesize":0,"url":"https:\/\/d2q6z78khxmx42.cloudfront.net\/2020\/12\/16-0087-SPJD-prix-design-2020-12-07.pdf","link":"https:\/\/int.design\/fr\/projets\/espace-67\/16-0087-spjd-prix-design-2020-12-07\/","alt":"","author":"158","description":"","caption":"","name":"16-0087-spjd-prix-design-2020-12-07","status":"inherit","uploaded_to":26312,"date":"2020-12-11 21:49:26","modified":"2020-12-11 21:49:28","menu_order":0,"mime_type":"application\/pdf","type":"application","subtype":"pdf","icon":"https:\/\/int.design\/wp-includes\/images\/media\/document.png"}}],"optional_documents":false,"web_text":{"fr":"<p>Plus de 50 ans apr\u00e8s avoir enchant\u00e9 quelque 50 millions de visiteurs, l\u2019\u00eele Sainte-H\u00e9l\u00e8ne de Montr\u00e9al redevient un lieu d\u2019\u00e9merveillement, avec une architecture de paysage et de b\u00e2timent imaginative, un design urbain, une strat\u00e9gie de marque, une signalisation et un mobilier urbain inspir\u00e9s de l\u2019exposition universelle la plus r\u00e9ussie du si\u00e8cle (EXPO 67).<br \/>\nDot\u00e9 d\u2019un amphith\u00e9\u00e2tre naturel pouvant d\u2019accueillir 65\u2009000 spectateurs en toutes saisons, l\u2019espace public exp\u00e9rientiel est d\u00e9fini par des gestes grandioses, \u00e0 \u00e9chelle humaine, qui \u00e9voquent la g\u00e9om\u00e9trie et les mat\u00e9riaux de l\u2019EXPO de m\u00eame que le caract\u00e8re naturel de l\u2019\u00eele. La conception des motifs de pav\u00e9, des espaces plant\u00e9s, du mobilier et de l\u2019\u00e9clairage r\u00e9interpr\u00e8te les formes g\u00e9om\u00e9triques distinctives de l\u2019EXPO.<br \/>\nDes bancs multifonctionnels humanisent le site en cr\u00e9ant des sous-espaces. Leurs perforations triangulaires inspir\u00e9es de la structure g\u00e9od\u00e9sique se retrouvent dans les balustrades du grand belv\u00e9d\u00e8re et ailleurs. Les textures bois\u00e9es et les surfaces confortables des si\u00e8ges accueillent les visiteurs dans des zones de repos aux ambiances contrast\u00e9es. Des bancs ponctuent les bacs de plantations dont la v\u00e9g\u00e9tation offre une ombre bienfaisante.<br \/>\nUn \u00e9clairage typique rehausse l\u2019ambiance des diff\u00e9rents espaces. Il embellit le mobilier, met en sc\u00e8ne les \u0153uvres d\u2019art et anime les espaces de repr\u00e9sentation. Le mobilier urbain ludique compl\u00e8te et met en valeur une ambiance empreinte d\u2019\u00e9merveillement soutenue par un design strat\u00e9<\/p>\n","en":"<p>Five decades after enchanting some 50 million visitors, Montreal\u2019s \u00cele Saint-H\u00e9l\u00e8ne is again a wonderland, with whimsical landscape and building architecture, urban design, branding, signage and furniture grounded in a contemporary design language inspired by the century\u2019s most successful World\u2019s Fair (EXPO 67).<\/p>\n<p>Able to host 65,000 spectators in its natural amphitheatre, the four-season public experiential space is defined by grand and human-scaled gestures that evoke EXPO\u2019s geometry and materials as well as the island\u2019s original verdant character. Unique paving patterns, designed planted areas, and signature furniture and lighting reinterpret the distinctive look of EXPO\u2019s geometrical shapes.<\/p>\n<p>Versatile benches humanize the scale of the vast site by creating sub-spaces, their spaceframe-inspired perforations echoed in the grand belvedere\u2019s railings and elsewhere. The seats\u2019 pleasing wooden textures and comfortable surfaces welcome visitors to rest areas of contrasting ambiances and scales. Benches punctuate the custom, crowd-resistant planters, whose vegetation provides welcome shade. <\/p>\n<p>Signature lighting enhances the ambience of various spaces and pieces. It gently embellishes the furniture, stages the works of art and activates performance spaces. <\/p>\n<p>Lemay\u2019s playful urban furniture complements and highlights a new ambiance of wonder underpinned by strategic and integrated design.<\/p>\n","original":""},"jury_text":[{"category":274,"fr":"<p>Plus de 50 ans apr\u00e8s avoir enchant\u00e9 quelque 50 millions de visiteurs, l\u2019\u00eele Sainte-H\u00e9l\u00e8ne de Montr\u00e9al redevient un lieu d\u2019\u00e9merveillement, avec une architecture de paysage et de b\u00e2timent imaginative, un design urbain, une strat\u00e9gie de marque, une signalisation et un mobilier urbain inspir\u00e9s de l\u2019exposition universelle la plus r\u00e9ussie du si\u00e8cle (EXPO 67).<br \/>\nDot\u00e9 d\u2019un amphith\u00e9\u00e2tre naturel pouvant d\u2019accueillir 65\u2009000 spectateurs en toutes saisons, l\u2019espace public exp\u00e9rientiel est d\u00e9fini par des gestes grandioses, \u00e0 \u00e9chelle humaine, qui \u00e9voquent la g\u00e9om\u00e9trie et les mat\u00e9riaux de l\u2019EXPO de m\u00eame que le caract\u00e8re naturel de l\u2019\u00eele. La conception des motifs de pav\u00e9, des espaces plant\u00e9s, du mobilier et de l\u2019\u00e9clairage r\u00e9interpr\u00e8te les formes g\u00e9om\u00e9triques distinctives de l\u2019EXPO.<br \/>\nDes bancs multifonctionnels humanisent le site en cr\u00e9ant des sous-espaces. Leurs perforations triangulaires inspir\u00e9es de la structure g\u00e9od\u00e9sique se retrouvent dans les balustrades du grand belv\u00e9d\u00e8re et ailleurs. Les textures bois\u00e9es et les surfaces confortables des si\u00e8ges accueillent les visiteurs dans des zones de repos aux ambiances contrast\u00e9es. Des bancs ponctuent les bacs de plantations dont la v\u00e9g\u00e9tation offre une ombre bienfaisante.<br \/>\nUn \u00e9clairage typique rehausse l\u2019ambiance des diff\u00e9rents espaces. Il embellit le mobilier, met en sc\u00e8ne les \u0153uvres d\u2019art et anime les espaces de repr\u00e9sentation. Le mobilier urbain ludique compl\u00e8te et met en valeur une ambiance empreinte d\u2019\u00e9merveillement soutenue par un design strat\u00e9<\/p>\n","en":"<p>Five decades after enchanting some 50 million visitors, Montreal\u2019s \u00cele Saint-H\u00e9l\u00e8ne is again a wonderland, with whimsical landscape and building architecture, urban design, branding, signage and furniture grounded in a contemporary design language inspired by the century\u2019s most successful World\u2019s Fair (EXPO 67).<\/p>\n<p>Able to host 65,000 spectators in its natural amphitheatre, the four-season public experiential space is defined by grand and human-scaled gestures that evoke EXPO\u2019s geometry and materials as well as the island\u2019s original verdant character. Unique paving patterns, designed planted areas, and signature furniture and lighting reinterpret the distinctive look of EXPO\u2019s geometrical shapes.<\/p>\n<p>Versatile benches humanize the scale of the vast site by creating sub-spaces, their spaceframe-inspired perforations echoed in the grand belvedere\u2019s railings and elsewhere. The seats\u2019 pleasing wooden textures and comfortable surfaces welcome visitors to rest areas of contrasting ambiances and scales. Benches punctuate the custom, crowd-resistant planters, whose vegetation provides welcome shade. <\/p>\n<p>Signature lighting enhances the ambience of various spaces and pieces. It gently embellishes the furniture, stages the works of art and activates performance spaces. <\/p>\n<p>Lemay\u2019s playful urban furniture complements and highlights a new ambiance of wonder underpinned by strategic and integrated design.<\/p>\n","original":""}],"different_jury_text":false,"different_category_text":false},"laureats":[{"cat_id":228,"cat_id_laureat":1036,"laureat":"Laur\u00e9at Platine"}],"contest_id":"1180","contest_title":"GRANDS PRIX DU DESIGN - 14e \u00e9dition","firms":[{"name":"Lemay","website":"https:\/\/lemay.com\/","category":"Landscape Architecture","category_tax":false,"category_label":null},{"name":"\u00c9quiparc","website":"https:\/\/equiparc.com\/","category":"Manufacturer - Distributor","category_tax":false,"category_label":null}],"user":{"email":"awards@lemay.com","first_name":"Marie","last_name":"L\u00e9veill\u00e9 Tremblay"},"doc_texts_web":{"fr":"","en":""},"permalinks":{"fr":"https:\/\/int.design\/fr\/projets\/espace-67\/","en":"https:\/\/int.design\/en\/projects\/espace-67\/"},"titles":{"fr":"Espace 67","en":"Espace 67"},"wp_fields":[],"laravel_id":""},"_links":{"self":[{"href":"https:\/\/int.design\/fr\/wp-json\/wp\/v2\/project\/26312","targetHints":{"allow":["GET"]}}],"collection":[{"href":"https:\/\/int.design\/fr\/wp-json\/wp\/v2\/project"}],"about":[{"href":"https:\/\/int.design\/fr\/wp-json\/wp\/v2\/types\/project"}],"wp:attachment":[{"href":"https:\/\/int.design\/fr\/wp-json\/wp\/v2\/media?parent=26312"}],"curies":[{"name":"wp","href":"https:\/\/api.w.org\/{rel}","templated":true}]}}