{"id":26297,"date":"2021-07-14T19:44:03","date_gmt":"2021-07-14T23:44:03","guid":{"rendered":"https:\/\/int.design\/?post_type=project&#038;p=26297"},"modified":"2021-07-16T13:42:55","modified_gmt":"2021-07-16T17:42:55","slug":"centre-aquatique-de-beloeil","status":"publish","type":"project","link":"https:\/\/int.design\/fr\/projets\/centre-aquatique-de-beloeil\/","title":{"rendered":"Centre aquatique de Beloeil"},"content":{"rendered":"","protected":false},"template":"","class_list":["post-26297","project","type-project","status-publish","hentry","project_category-architecture","project_category-batiment_public","project_category-batiment-de-sport-recreatif-batiment_culturel_spot_recreatif"],"acf":[],"yoast_head":"<!-- This site is optimized with the Yoast SEO plugin v21.5 - https:\/\/yoast.com\/wordpress\/plugins\/seo\/ -->\n<title>Centre aquatique de Beloeil - INT Design<\/title>\n<meta name=\"robots\" content=\"index, follow, max-snippet:-1, max-image-preview:large, max-video-preview:-1\" \/>\n<link rel=\"canonical\" href=\"https:\/\/int.design\/fr\/projets\/centre-aquatique-de-beloeil\/\" \/>\n<meta property=\"og:locale\" content=\"fr_FR\" \/>\n<meta property=\"og:type\" content=\"article\" \/>\n<meta property=\"og:title\" content=\"Centre aquatique de Beloeil - INT Design\" \/>\n<meta property=\"og:url\" content=\"https:\/\/int.design\/fr\/projets\/centre-aquatique-de-beloeil\/\" \/>\n<meta property=\"og:site_name\" content=\"INT Design\" \/>\n<meta property=\"article:modified_time\" content=\"2021-07-16T17:42:55+00:00\" \/>\n<meta name=\"twitter:card\" content=\"summary_large_image\" \/>\n<script type=\"application\/ld+json\" class=\"yoast-schema-graph\">{\"@context\":\"https:\/\/schema.org\",\"@graph\":[{\"@type\":\"WebPage\",\"@id\":\"https:\/\/int.design\/fr\/projets\/centre-aquatique-de-beloeil\/\",\"url\":\"https:\/\/int.design\/fr\/projets\/centre-aquatique-de-beloeil\/\",\"name\":\"Centre aquatique de Beloeil - INT Design\",\"isPartOf\":{\"@id\":\"https:\/\/int.design\/fr\/#website\"},\"datePublished\":\"2021-07-14T23:44:03+00:00\",\"dateModified\":\"2021-07-16T17:42:55+00:00\",\"breadcrumb\":{\"@id\":\"https:\/\/int.design\/fr\/projets\/centre-aquatique-de-beloeil\/#breadcrumb\"},\"inLanguage\":\"fr-FR\",\"potentialAction\":[{\"@type\":\"ReadAction\",\"target\":[\"https:\/\/int.design\/fr\/projets\/centre-aquatique-de-beloeil\/\"]}]},{\"@type\":\"BreadcrumbList\",\"@id\":\"https:\/\/int.design\/fr\/projets\/centre-aquatique-de-beloeil\/#breadcrumb\",\"itemListElement\":[{\"@type\":\"ListItem\",\"position\":1,\"name\":\"Home\",\"item\":\"https:\/\/int.design\/fr\/\"},{\"@type\":\"ListItem\",\"position\":2,\"name\":\"Projects\",\"item\":\"https:\/\/int.design\/en\/projects\/\"},{\"@type\":\"ListItem\",\"position\":3,\"name\":\"Centre aquatique de Beloeil\"}]},{\"@type\":\"WebSite\",\"@id\":\"https:\/\/int.design\/fr\/#website\",\"url\":\"https:\/\/int.design\/fr\/\",\"name\":\"INT Design\",\"description\":\"\",\"potentialAction\":[{\"@type\":\"SearchAction\",\"target\":{\"@type\":\"EntryPoint\",\"urlTemplate\":\"https:\/\/int.design\/fr\/?s={search_term_string}\"},\"query-input\":\"required name=search_term_string\"}],\"inLanguage\":\"fr-FR\"}]}<\/script>\n<!-- \/ Yoast SEO plugin. -->","yoast_head_json":{"title":"Centre aquatique de Beloeil - INT Design","robots":{"index":"index","follow":"follow","max-snippet":"max-snippet:-1","max-image-preview":"max-image-preview:large","max-video-preview":"max-video-preview:-1"},"canonical":"https:\/\/int.design\/fr\/projets\/centre-aquatique-de-beloeil\/","og_locale":"fr_FR","og_type":"article","og_title":"Centre aquatique de Beloeil - INT Design","og_url":"https:\/\/int.design\/fr\/projets\/centre-aquatique-de-beloeil\/","og_site_name":"INT Design","article_modified_time":"2021-07-16T17:42:55+00:00","twitter_card":"summary_large_image","schema":{"@context":"https:\/\/schema.org","@graph":[{"@type":"WebPage","@id":"https:\/\/int.design\/fr\/projets\/centre-aquatique-de-beloeil\/","url":"https:\/\/int.design\/fr\/projets\/centre-aquatique-de-beloeil\/","name":"Centre aquatique de Beloeil - INT Design","isPartOf":{"@id":"https:\/\/int.design\/fr\/#website"},"datePublished":"2021-07-14T23:44:03+00:00","dateModified":"2021-07-16T17:42:55+00:00","breadcrumb":{"@id":"https:\/\/int.design\/fr\/projets\/centre-aquatique-de-beloeil\/#breadcrumb"},"inLanguage":"fr-FR","potentialAction":[{"@type":"ReadAction","target":["https:\/\/int.design\/fr\/projets\/centre-aquatique-de-beloeil\/"]}]},{"@type":"BreadcrumbList","@id":"https:\/\/int.design\/fr\/projets\/centre-aquatique-de-beloeil\/#breadcrumb","itemListElement":[{"@type":"ListItem","position":1,"name":"Home","item":"https:\/\/int.design\/fr\/"},{"@type":"ListItem","position":2,"name":"Projects","item":"https:\/\/int.design\/en\/projects\/"},{"@type":"ListItem","position":3,"name":"Centre aquatique de Beloeil"}]},{"@type":"WebSite","@id":"https:\/\/int.design\/fr\/#website","url":"https:\/\/int.design\/fr\/","name":"INT Design","description":"","potentialAction":[{"@type":"SearchAction","target":{"@type":"EntryPoint","urlTemplate":"https:\/\/int.design\/fr\/?s={search_term_string}"},"query-input":"required name=search_term_string"}],"inLanguage":"fr-FR"}]}},"entry":{"cats":{"disciplines":[{"id":126,"name":"Architecture"}],"big_cats":[{"id":156,"name":"B\u00e2timent public"}],"sub_cats":[{"id":384,"name":"B\u00e2timent de sport &amp; r\u00e9cr\u00e9atif","parent":156}]},"entry":{"":null,"status":"completed","winner_title":"Lemay","winner_prize_lang":"","title_translatable":false,"title_en":"","title_fr":"","releve_award":false,"releve_award_cv":false,"collaboration":false,"collaboration_firms":false,"other_firms":[{"name":"Lemay","website":"https:\/\/lemay.com\/","category":"Architect","category_tax":false},{"name":"Decarel","website":"https:\/\/www.decarel.com\/","category":"General Contractor","category_tax":false},{"name":"ELEMA","website":"https:\/\/lemay.com\/","category":"Engineering","category_tax":false},{"name":"BPA","website":"http:\/\/bpa.ca\/","category":"Engineering","category_tax":false},{"name":"Lainco","website":"http:\/\/lainco.ca\/en","category":"Engineering","category_tax":false},{"name":"Lambert Somec","website":"https:\/\/www.lambertsomec.com\/index.php\/fr\/","category":"Engineering","category_tax":false}],"owner":{"name":"Ville de Beloeil","confidential":false,"website":"","contact_name":"","email":"agagnier@lemay.com","phone":""},"address":{"address":"2121 Rue Saint-Jean-Baptiste","city":"Beloeil","region":"Mont\u00e9r\u00e9gie","province":"QC","country":"CA","postal_code":"J3G 0T3"},"logos":false,"use_logo":false,"designers":[{"name":"Andrew King","credit":"","image":{"ID":33418,"id":33418,"title":"Portrait_AndrewKing_NB01_v01","filename":"Portrait_AndrewKing_NB01_v01-scaled.jpg","filesize":0,"url":"https:\/\/int.design\/wp-content\/uploads\/2020\/12\/Portrait_AndrewKing_NB01_v01-scaled.jpg","link":"https:\/\/int.design\/fr\/projets\/centre-aquatique-de-beloeil\/portrait_andrewking_nb01_v01\/","alt":"","author":"158","description":"","caption":"","name":"portrait_andrewking_nb01_v01","status":"inherit","uploaded_to":26297,"date":"2020-12-11 17:38:13","modified":"2020-12-11 17:41:31","menu_order":0,"mime_type":"image\/jpeg","type":"image","subtype":"jpeg","icon":"https:\/\/int.design\/wp-includes\/images\/media\/default.png","width":2560,"height":1707,"sizes":{"thumbnail":"https:\/\/int.design\/wp-content\/uploads\/2020\/12\/Portrait_AndrewKing_NB01_v01-150x150.jpg","thumbnail-width":150,"thumbnail-height":150,"medium":"https:\/\/int.design\/wp-content\/uploads\/2020\/12\/Portrait_AndrewKing_NB01_v01-300x200.jpg","medium-width":300,"medium-height":200,"medium_large":"https:\/\/int.design\/wp-content\/uploads\/2020\/12\/Portrait_AndrewKing_NB01_v01-768x512.jpg","medium_large-width":768,"medium_large-height":512,"large":"https:\/\/int.design\/wp-content\/uploads\/2020\/12\/Portrait_AndrewKing_NB01_v01-1024x683.jpg","large-width":1024,"large-height":683,"1536x1536":"https:\/\/int.design\/wp-content\/uploads\/2020\/12\/Portrait_AndrewKing_NB01_v01-1536x1024.jpg","1536x1536-width":1536,"1536x1536-height":1024,"2048x2048":"https:\/\/int.design\/wp-content\/uploads\/2020\/12\/Portrait_AndrewKing_NB01_v01-2048x1365.jpg","2048x2048-width":2048,"2048x2048-height":1365,"article":"https:\/\/int.design\/wp-content\/uploads\/2020\/12\/Portrait_AndrewKing_NB01_v01-960x540.jpg","article-width":960,"article-height":540,"banner":"https:\/\/int.design\/wp-content\/uploads\/2020\/12\/Portrait_AndrewKing_NB01_v01-1920x1280.jpg","banner-width":1920,"banner-height":1280,"block":"https:\/\/int.design\/wp-content\/uploads\/2020\/12\/Portrait_AndrewKing_NB01_v01-900x680.jpg","block-width":900,"block-height":680,"card":"https:\/\/int.design\/wp-content\/uploads\/2020\/12\/Portrait_AndrewKing_NB01_v01-560x495.jpg","card-width":560,"card-height":495,"card-thumbnail":"https:\/\/int.design\/wp-content\/uploads\/2020\/12\/Portrait_AndrewKing_NB01_v01-450x340.jpg","card-thumbnail-width":450,"card-thumbnail-height":340,"conference":"https:\/\/int.design\/wp-content\/uploads\/2020\/12\/Portrait_AndrewKing_NB01_v01-560x250.jpg","conference-width":560,"conference-height":250,"contest":"https:\/\/int.design\/wp-content\/uploads\/2020\/12\/Portrait_AndrewKing_NB01_v01-960x400.jpg","contest-width":960,"contest-height":400,"cta":"https:\/\/int.design\/wp-content\/uploads\/2020\/12\/Portrait_AndrewKing_NB01_v01-415x170.jpg","cta-width":415,"cta-height":170,"exhibitor":"https:\/\/int.design\/wp-content\/uploads\/2020\/12\/Portrait_AndrewKing_NB01_v01-560x560.jpg","exhibitor-width":560,"exhibitor-height":560,"gallery":"https:\/\/int.design\/wp-content\/uploads\/2020\/12\/Portrait_AndrewKing_NB01_v01-560x373.jpg","gallery-width":560,"gallery-height":373,"logo":"https:\/\/int.design\/wp-content\/uploads\/2020\/12\/Portrait_AndrewKing_NB01_v01-150x100.jpg","logo-width":150,"logo-height":100,"masonry":"https:\/\/int.design\/wp-content\/uploads\/2020\/12\/Portrait_AndrewKing_NB01_v01-550x367.jpg","masonry-width":550,"masonry-height":367,"modal":"https:\/\/int.design\/wp-content\/uploads\/2020\/12\/Portrait_AndrewKing_NB01_v01-1920x1280.jpg","modal-width":1920,"modal-height":1280,"number":"https:\/\/int.design\/wp-content\/uploads\/2020\/12\/Portrait_AndrewKing_NB01_v01-560x373.jpg","number-width":560,"number-height":373,"partner":"https:\/\/int.design\/wp-content\/uploads\/2020\/12\/Portrait_AndrewKing_NB01_v01-275x183.jpg","partner-width":275,"partner-height":183,"ranking":"https:\/\/int.design\/wp-content\/uploads\/2020\/12\/Portrait_AndrewKing_NB01_v01-960x540.jpg","ranking-width":960,"ranking-height":540,"schedule":"https:\/\/int.design\/wp-content\/uploads\/2020\/12\/Portrait_AndrewKing_NB01_v01-960x360.jpg","schedule-width":960,"schedule-height":360,"slideshow":"https:\/\/int.design\/wp-content\/uploads\/2020\/12\/Portrait_AndrewKing_NB01_v01-1020x680.jpg","slideshow-width":1020,"slideshow-height":680}},"file":{"ID":33419,"id":33419,"title":"2020_Lemay_Bio","filename":"12_2020_Lemay_Bio.pdf","filesize":0,"url":"https:\/\/d2q6z78khxmx42.cloudfront.net\/2020\/12\/12_2020_Lemay_Bio.pdf","link":"https:\/\/int.design\/fr\/projets\/centre-aquatique-de-beloeil\/2020_lemay_bio-8\/","alt":"","author":"158","description":"","caption":"","name":"2020_lemay_bio-8","status":"inherit","uploaded_to":26297,"date":"2020-12-11 17:38:38","modified":"2020-12-11 17:41:31","menu_order":0,"mime_type":"application\/pdf","type":"application","subtype":"pdf","icon":"https:\/\/int.design\/wp-includes\/images\/media\/document.png"}},{"name":"Pierre E. Leclerc","credit":"","image":{"ID":33420,"id":33420,"title":"PierreEleclerc","filename":"PierreEleclerc-scaled.jpg","filesize":0,"url":"https:\/\/int.design\/wp-content\/uploads\/2020\/12\/PierreEleclerc-scaled.jpg","link":"https:\/\/int.design\/fr\/projets\/centre-aquatique-de-beloeil\/pierreeleclerc\/","alt":"","author":"158","description":"","caption":"","name":"pierreeleclerc","status":"inherit","uploaded_to":26297,"date":"2020-12-11 17:38:45","modified":"2020-12-11 17:41:31","menu_order":0,"mime_type":"image\/jpeg","type":"image","subtype":"jpeg","icon":"https:\/\/int.design\/wp-includes\/images\/media\/default.png","width":2560,"height":1869,"sizes":{"thumbnail":"https:\/\/int.design\/wp-content\/uploads\/2020\/12\/PierreEleclerc-150x150.jpg","thumbnail-width":150,"thumbnail-height":150,"medium":"https:\/\/int.design\/wp-content\/uploads\/2020\/12\/PierreEleclerc-300x219.jpg","medium-width":300,"medium-height":219,"medium_large":"https:\/\/int.design\/wp-content\/uploads\/2020\/12\/PierreEleclerc-768x561.jpg","medium_large-width":768,"medium_large-height":561,"large":"https:\/\/int.design\/wp-content\/uploads\/2020\/12\/PierreEleclerc-1024x748.jpg","large-width":1024,"large-height":748,"1536x1536":"https:\/\/int.design\/wp-content\/uploads\/2020\/12\/PierreEleclerc-1536x1122.jpg","1536x1536-width":1536,"1536x1536-height":1122,"2048x2048":"https:\/\/int.design\/wp-content\/uploads\/2020\/12\/PierreEleclerc-2048x1496.jpg","2048x2048-width":2048,"2048x2048-height":1496,"article":"https:\/\/int.design\/wp-content\/uploads\/2020\/12\/PierreEleclerc-960x540.jpg","article-width":960,"article-height":540,"banner":"https:\/\/int.design\/wp-content\/uploads\/2020\/12\/PierreEleclerc-1920x1402.jpg","banner-width":1920,"banner-height":1402,"block":"https:\/\/int.design\/wp-content\/uploads\/2020\/12\/PierreEleclerc-900x680.jpg","block-width":900,"block-height":680,"card":"https:\/\/int.design\/wp-content\/uploads\/2020\/12\/PierreEleclerc-560x495.jpg","card-width":560,"card-height":495,"card-thumbnail":"https:\/\/int.design\/wp-content\/uploads\/2020\/12\/PierreEleclerc-450x340.jpg","card-thumbnail-width":450,"card-thumbnail-height":340,"conference":"https:\/\/int.design\/wp-content\/uploads\/2020\/12\/PierreEleclerc-560x250.jpg","conference-width":560,"conference-height":250,"contest":"https:\/\/int.design\/wp-content\/uploads\/2020\/12\/PierreEleclerc-960x400.jpg","contest-width":960,"contest-height":400,"cta":"https:\/\/int.design\/wp-content\/uploads\/2020\/12\/PierreEleclerc-415x170.jpg","cta-width":415,"cta-height":170,"exhibitor":"https:\/\/int.design\/wp-content\/uploads\/2020\/12\/PierreEleclerc-560x560.jpg","exhibitor-width":560,"exhibitor-height":560,"gallery":"https:\/\/int.design\/wp-content\/uploads\/2020\/12\/PierreEleclerc-560x409.jpg","gallery-width":560,"gallery-height":409,"logo":"https:\/\/int.design\/wp-content\/uploads\/2020\/12\/PierreEleclerc-137x100.jpg","logo-width":137,"logo-height":100,"masonry":"https:\/\/int.design\/wp-content\/uploads\/2020\/12\/PierreEleclerc-550x402.jpg","masonry-width":550,"masonry-height":402,"modal":"https:\/\/int.design\/wp-content\/uploads\/2020\/12\/PierreEleclerc-1920x1402.jpg","modal-width":1920,"modal-height":1402,"number":"https:\/\/int.design\/wp-content\/uploads\/2020\/12\/PierreEleclerc-560x409.jpg","number-width":560,"number-height":409,"partner":"https:\/\/int.design\/wp-content\/uploads\/2020\/12\/PierreEleclerc-275x201.jpg","partner-width":275,"partner-height":201,"ranking":"https:\/\/int.design\/wp-content\/uploads\/2020\/12\/PierreEleclerc-960x540.jpg","ranking-width":960,"ranking-height":540,"schedule":"https:\/\/int.design\/wp-content\/uploads\/2020\/12\/PierreEleclerc-960x360.jpg","schedule-width":960,"schedule-height":360,"slideshow":"https:\/\/int.design\/wp-content\/uploads\/2020\/12\/PierreEleclerc-931x680.jpg","slideshow-width":931,"slideshow-height":680}},"file":{"ID":33421,"id":33421,"title":"2020_Lemay_Bio","filename":"13_2020_Lemay_Bio.pdf","filesize":0,"url":"https:\/\/d2q6z78khxmx42.cloudfront.net\/2020\/12\/13_2020_Lemay_Bio.pdf","link":"https:\/\/int.design\/fr\/projets\/centre-aquatique-de-beloeil\/2020_lemay_bio-9\/","alt":"","author":"158","description":"","caption":"","name":"2020_lemay_bio-9","status":"inherit","uploaded_to":26297,"date":"2020-12-11 17:39:17","modified":"2020-12-11 17:41:31","menu_order":0,"mime_type":"application\/pdf","type":"application","subtype":"pdf","icon":"https:\/\/int.design\/wp-includes\/images\/media\/document.png"}},{"name":"Marie El-Nawar","credit":"","image":{"ID":33422,"id":33422,"title":"110518-mEl-Nawar_nb","filename":"110518-mEl-Nawar_nb-scaled.jpg","filesize":0,"url":"https:\/\/int.design\/wp-content\/uploads\/2020\/12\/110518-mEl-Nawar_nb-scaled.jpg","link":"https:\/\/int.design\/fr\/projets\/centre-aquatique-de-beloeil\/110518-mel-nawar_nb\/","alt":"","author":"158","description":"","caption":"","name":"110518-mel-nawar_nb","status":"inherit","uploaded_to":26297,"date":"2020-12-11 17:39:20","modified":"2020-12-11 17:41:31","menu_order":0,"mime_type":"image\/jpeg","type":"image","subtype":"jpeg","icon":"https:\/\/int.design\/wp-includes\/images\/media\/default.png","width":2560,"height":1707,"sizes":{"thumbnail":"https:\/\/int.design\/wp-content\/uploads\/2020\/12\/110518-mEl-Nawar_nb-150x150.jpg","thumbnail-width":150,"thumbnail-height":150,"medium":"https:\/\/int.design\/wp-content\/uploads\/2020\/12\/110518-mEl-Nawar_nb-300x200.jpg","medium-width":300,"medium-height":200,"medium_large":"https:\/\/int.design\/wp-content\/uploads\/2020\/12\/110518-mEl-Nawar_nb-768x512.jpg","medium_large-width":768,"medium_large-height":512,"large":"https:\/\/int.design\/wp-content\/uploads\/2020\/12\/110518-mEl-Nawar_nb-1024x683.jpg","large-width":1024,"large-height":683,"1536x1536":"https:\/\/int.design\/wp-content\/uploads\/2020\/12\/110518-mEl-Nawar_nb-1536x1024.jpg","1536x1536-width":1536,"1536x1536-height":1024,"2048x2048":"https:\/\/int.design\/wp-content\/uploads\/2020\/12\/110518-mEl-Nawar_nb-2048x1365.jpg","2048x2048-width":2048,"2048x2048-height":1365,"article":"https:\/\/int.design\/wp-content\/uploads\/2020\/12\/110518-mEl-Nawar_nb-960x540.jpg","article-width":960,"article-height":540,"banner":"https:\/\/int.design\/wp-content\/uploads\/2020\/12\/110518-mEl-Nawar_nb-1920x1280.jpg","banner-width":1920,"banner-height":1280,"block":"https:\/\/int.design\/wp-content\/uploads\/2020\/12\/110518-mEl-Nawar_nb-900x680.jpg","block-width":900,"block-height":680,"card":"https:\/\/int.design\/wp-content\/uploads\/2020\/12\/110518-mEl-Nawar_nb-560x495.jpg","card-width":560,"card-height":495,"card-thumbnail":"https:\/\/int.design\/wp-content\/uploads\/2020\/12\/110518-mEl-Nawar_nb-450x340.jpg","card-thumbnail-width":450,"card-thumbnail-height":340,"conference":"https:\/\/int.design\/wp-content\/uploads\/2020\/12\/110518-mEl-Nawar_nb-560x250.jpg","conference-width":560,"conference-height":250,"contest":"https:\/\/int.design\/wp-content\/uploads\/2020\/12\/110518-mEl-Nawar_nb-960x400.jpg","contest-width":960,"contest-height":400,"cta":"https:\/\/int.design\/wp-content\/uploads\/2020\/12\/110518-mEl-Nawar_nb-415x170.jpg","cta-width":415,"cta-height":170,"exhibitor":"https:\/\/int.design\/wp-content\/uploads\/2020\/12\/110518-mEl-Nawar_nb-560x560.jpg","exhibitor-width":560,"exhibitor-height":560,"gallery":"https:\/\/int.design\/wp-content\/uploads\/2020\/12\/110518-mEl-Nawar_nb-560x373.jpg","gallery-width":560,"gallery-height":373,"logo":"https:\/\/int.design\/wp-content\/uploads\/2020\/12\/110518-mEl-Nawar_nb-150x100.jpg","logo-width":150,"logo-height":100,"masonry":"https:\/\/int.design\/wp-content\/uploads\/2020\/12\/110518-mEl-Nawar_nb-550x367.jpg","masonry-width":550,"masonry-height":367,"modal":"https:\/\/int.design\/wp-content\/uploads\/2020\/12\/110518-mEl-Nawar_nb-1920x1280.jpg","modal-width":1920,"modal-height":1280,"number":"https:\/\/int.design\/wp-content\/uploads\/2020\/12\/110518-mEl-Nawar_nb-560x373.jpg","number-width":560,"number-height":373,"partner":"https:\/\/int.design\/wp-content\/uploads\/2020\/12\/110518-mEl-Nawar_nb-275x183.jpg","partner-width":275,"partner-height":183,"ranking":"https:\/\/int.design\/wp-content\/uploads\/2020\/12\/110518-mEl-Nawar_nb-960x540.jpg","ranking-width":960,"ranking-height":540,"schedule":"https:\/\/int.design\/wp-content\/uploads\/2020\/12\/110518-mEl-Nawar_nb-960x360.jpg","schedule-width":960,"schedule-height":360,"slideshow":"https:\/\/int.design\/wp-content\/uploads\/2020\/12\/110518-mEl-Nawar_nb-1020x680.jpg","slideshow-width":1020,"slideshow-height":680}},"file":{"ID":33423,"id":33423,"title":"2020_Lemay_Bio","filename":"14_2020_Lemay_Bio.pdf","filesize":0,"url":"https:\/\/d2q6z78khxmx42.cloudfront.net\/2020\/12\/14_2020_Lemay_Bio.pdf","link":"https:\/\/int.design\/fr\/projets\/centre-aquatique-de-beloeil\/2020_lemay_bio-10\/","alt":"","author":"158","description":"","caption":"","name":"2020_lemay_bio-10","status":"inherit","uploaded_to":26297,"date":"2020-12-11 17:39:32","modified":"2020-12-11 17:41:31","menu_order":0,"mime_type":"application\/pdf","type":"application","subtype":"pdf","icon":"https:\/\/int.design\/wp-includes\/images\/media\/document.png"}},{"name":"Myl\u00e8ne Carreau","credit":"","image":{"ID":33573,"id":33573,"title":"MyleneCarreau_NB_009_EDIT","filename":"6_MyleneCarreau_NB_009_EDIT-scaled.jpg","filesize":0,"url":"https:\/\/int.design\/wp-content\/uploads\/2020\/12\/6_MyleneCarreau_NB_009_EDIT-scaled.jpg","link":"https:\/\/int.design\/fr\/projets\/centre-aquatique-de-beloeil\/mylenecarreau_nb_009_edit-2\/","alt":"","author":"158","description":"","caption":"","name":"mylenecarreau_nb_009_edit-2","status":"inherit","uploaded_to":26297,"date":"2020-12-12 00:21:35","modified":"2020-12-12 00:21:50","menu_order":0,"mime_type":"image\/jpeg","type":"image","subtype":"jpeg","icon":"https:\/\/int.design\/wp-includes\/images\/media\/default.png","width":2560,"height":1707,"sizes":{"thumbnail":"https:\/\/int.design\/wp-content\/uploads\/2020\/12\/6_MyleneCarreau_NB_009_EDIT-150x150.jpg","thumbnail-width":150,"thumbnail-height":150,"medium":"https:\/\/int.design\/wp-content\/uploads\/2020\/12\/6_MyleneCarreau_NB_009_EDIT-300x200.jpg","medium-width":300,"medium-height":200,"medium_large":"https:\/\/int.design\/wp-content\/uploads\/2020\/12\/6_MyleneCarreau_NB_009_EDIT-768x512.jpg","medium_large-width":768,"medium_large-height":512,"large":"https:\/\/int.design\/wp-content\/uploads\/2020\/12\/6_MyleneCarreau_NB_009_EDIT-1024x683.jpg","large-width":1024,"large-height":683,"1536x1536":"https:\/\/int.design\/wp-content\/uploads\/2020\/12\/6_MyleneCarreau_NB_009_EDIT-1536x1024.jpg","1536x1536-width":1536,"1536x1536-height":1024,"2048x2048":"https:\/\/int.design\/wp-content\/uploads\/2020\/12\/6_MyleneCarreau_NB_009_EDIT-2048x1365.jpg","2048x2048-width":2048,"2048x2048-height":1365,"article":"https:\/\/int.design\/wp-content\/uploads\/2020\/12\/6_MyleneCarreau_NB_009_EDIT-960x540.jpg","article-width":960,"article-height":540,"banner":"https:\/\/int.design\/wp-content\/uploads\/2020\/12\/6_MyleneCarreau_NB_009_EDIT-1920x1280.jpg","banner-width":1920,"banner-height":1280,"block":"https:\/\/int.design\/wp-content\/uploads\/2020\/12\/6_MyleneCarreau_NB_009_EDIT-900x680.jpg","block-width":900,"block-height":680,"card":"https:\/\/int.design\/wp-content\/uploads\/2020\/12\/6_MyleneCarreau_NB_009_EDIT-560x495.jpg","card-width":560,"card-height":495,"card-thumbnail":"https:\/\/int.design\/wp-content\/uploads\/2020\/12\/6_MyleneCarreau_NB_009_EDIT-450x340.jpg","card-thumbnail-width":450,"card-thumbnail-height":340,"conference":"https:\/\/int.design\/wp-content\/uploads\/2020\/12\/6_MyleneCarreau_NB_009_EDIT-560x250.jpg","conference-width":560,"conference-height":250,"contest":"https:\/\/int.design\/wp-content\/uploads\/2020\/12\/6_MyleneCarreau_NB_009_EDIT-960x400.jpg","contest-width":960,"contest-height":400,"cta":"https:\/\/int.design\/wp-content\/uploads\/2020\/12\/6_MyleneCarreau_NB_009_EDIT-415x170.jpg","cta-width":415,"cta-height":170,"exhibitor":"https:\/\/int.design\/wp-content\/uploads\/2020\/12\/6_MyleneCarreau_NB_009_EDIT-560x560.jpg","exhibitor-width":560,"exhibitor-height":560,"gallery":"https:\/\/int.design\/wp-content\/uploads\/2020\/12\/6_MyleneCarreau_NB_009_EDIT-560x373.jpg","gallery-width":560,"gallery-height":373,"logo":"https:\/\/int.design\/wp-content\/uploads\/2020\/12\/6_MyleneCarreau_NB_009_EDIT-150x100.jpg","logo-width":150,"logo-height":100,"masonry":"https:\/\/int.design\/wp-content\/uploads\/2020\/12\/6_MyleneCarreau_NB_009_EDIT-550x367.jpg","masonry-width":550,"masonry-height":367,"modal":"https:\/\/int.design\/wp-content\/uploads\/2020\/12\/6_MyleneCarreau_NB_009_EDIT-1920x1280.jpg","modal-width":1920,"modal-height":1280,"number":"https:\/\/int.design\/wp-content\/uploads\/2020\/12\/6_MyleneCarreau_NB_009_EDIT-560x373.jpg","number-width":560,"number-height":373,"partner":"https:\/\/int.design\/wp-content\/uploads\/2020\/12\/6_MyleneCarreau_NB_009_EDIT-275x183.jpg","partner-width":275,"partner-height":183,"ranking":"https:\/\/int.design\/wp-content\/uploads\/2020\/12\/6_MyleneCarreau_NB_009_EDIT-960x540.jpg","ranking-width":960,"ranking-height":540,"schedule":"https:\/\/int.design\/wp-content\/uploads\/2020\/12\/6_MyleneCarreau_NB_009_EDIT-960x360.jpg","schedule-width":960,"schedule-height":360,"slideshow":"https:\/\/int.design\/wp-content\/uploads\/2020\/12\/6_MyleneCarreau_NB_009_EDIT-1020x680.jpg","slideshow-width":1020,"slideshow-height":680}},"file":{"ID":33574,"id":33574,"title":"2020_Lemay_Bio","filename":"21_2020_Lemay_Bio.pdf","filesize":0,"url":"https:\/\/d2q6z78khxmx42.cloudfront.net\/2020\/12\/21_2020_Lemay_Bio.pdf","link":"https:\/\/int.design\/fr\/projets\/centre-aquatique-de-beloeil\/2020_lemay_bio-17\/","alt":"","author":"158","description":"","caption":"","name":"2020_lemay_bio-17","status":"inherit","uploaded_to":26297,"date":"2020-12-12 00:21:48","modified":"2020-12-12 00:21:50","menu_order":0,"mime_type":"application\/pdf","type":"application","subtype":"pdf","icon":"https:\/\/int.design\/wp-includes\/images\/media\/document.png"}}],"cover":[{"categories":[384],"credit":"David Boyer","image":{"ID":33424,"id":33424,"title":"Cover1-Centre aquatique Beloeil-Lemay-architecture-design-entr\u00e9e_credit photo-David-Boyer","filename":"Cover1-Centre aquatique Beloeil-Lemay-architecture-design-entr\u00e9e_credit photo-David-Boyer -scaled.jpg","filesize":0,"url":"https:\/\/int.design\/wp-content\/uploads\/2020\/12\/Cover1-Centre aquatique Beloeil-Lemay-architecture-design-entr\u00e9e_credit photo-David-Boyer -scaled.jpg","link":"https:\/\/int.design\/fr\/projets\/centre-aquatique-de-beloeil\/cover1-centre-aquatique-beloeil-lemay-architecture-design-entree_credit-photo-david-boyer\/","alt":"","author":"158","description":"Centre aquatique de Beloeil Lemay Lemay Decarel ELEMA BPA Lainco Lambert Somec","caption":"","name":"cover1-centre-aquatique-beloeil-lemay-architecture-design-entree_credit-photo-david-boyer","status":"inherit","uploaded_to":26297,"date":"2020-12-11 17:39:34","modified":"2022-02-08 12:00:11","menu_order":0,"mime_type":"image\/jpeg","type":"image","subtype":"jpeg","icon":"https:\/\/int.design\/wp-includes\/images\/media\/default.png","width":2560,"height":1737,"sizes":{"thumbnail":"https:\/\/int.design\/wp-content\/uploads\/2020\/12\/Cover1-Centre aquatique Beloeil-Lemay-architecture-design-entr\u00e9e_credit photo-David-Boyer -150x150.jpg","thumbnail-width":150,"thumbnail-height":150,"medium":"https:\/\/int.design\/wp-content\/uploads\/2020\/12\/Cover1-Centre aquatique Beloeil-Lemay-architecture-design-entr\u00e9e_credit photo-David-Boyer -300x204.jpg","medium-width":300,"medium-height":204,"medium_large":"https:\/\/int.design\/wp-content\/uploads\/2020\/12\/Cover1-Centre aquatique Beloeil-Lemay-architecture-design-entr\u00e9e_credit photo-David-Boyer -768x521.jpg","medium_large-width":768,"medium_large-height":521,"large":"https:\/\/int.design\/wp-content\/uploads\/2020\/12\/Cover1-Centre aquatique Beloeil-Lemay-architecture-design-entr\u00e9e_credit photo-David-Boyer -1024x695.jpg","large-width":1024,"large-height":695,"1536x1536":"https:\/\/int.design\/wp-content\/uploads\/2020\/12\/Cover1-Centre aquatique Beloeil-Lemay-architecture-design-entr\u00e9e_credit photo-David-Boyer -1536x1042.jpg","1536x1536-width":1536,"1536x1536-height":1042,"2048x2048":"https:\/\/int.design\/wp-content\/uploads\/2020\/12\/Cover1-Centre aquatique Beloeil-Lemay-architecture-design-entr\u00e9e_credit photo-David-Boyer -2048x1390.jpg","2048x2048-width":2048,"2048x2048-height":1390,"article":"https:\/\/int.design\/wp-content\/uploads\/2020\/12\/Cover1-Centre aquatique Beloeil-Lemay-architecture-design-entr\u00e9e_credit photo-David-Boyer -960x540.jpg","article-width":960,"article-height":540,"banner":"https:\/\/int.design\/wp-content\/uploads\/2020\/12\/Cover1-Centre aquatique Beloeil-Lemay-architecture-design-entr\u00e9e_credit photo-David-Boyer -1920x1303.jpg","banner-width":1920,"banner-height":1303,"block":"https:\/\/int.design\/wp-content\/uploads\/2020\/12\/Cover1-Centre aquatique Beloeil-Lemay-architecture-design-entr\u00e9e_credit photo-David-Boyer -900x680.jpg","block-width":900,"block-height":680,"card":"https:\/\/int.design\/wp-content\/uploads\/2020\/12\/Cover1-Centre aquatique Beloeil-Lemay-architecture-design-entr\u00e9e_credit photo-David-Boyer -560x495.jpg","card-width":560,"card-height":495,"card-thumbnail":"https:\/\/int.design\/wp-content\/uploads\/2020\/12\/Cover1-Centre aquatique Beloeil-Lemay-architecture-design-entr\u00e9e_credit photo-David-Boyer -450x340.jpg","card-thumbnail-width":450,"card-thumbnail-height":340,"conference":"https:\/\/int.design\/wp-content\/uploads\/2020\/12\/Cover1-Centre aquatique Beloeil-Lemay-architecture-design-entr\u00e9e_credit photo-David-Boyer -560x250.jpg","conference-width":560,"conference-height":250,"contest":"https:\/\/int.design\/wp-content\/uploads\/2020\/12\/Cover1-Centre aquatique Beloeil-Lemay-architecture-design-entr\u00e9e_credit photo-David-Boyer -960x400.jpg","contest-width":960,"contest-height":400,"cta":"https:\/\/int.design\/wp-content\/uploads\/2020\/12\/Cover1-Centre aquatique Beloeil-Lemay-architecture-design-entr\u00e9e_credit photo-David-Boyer -415x170.jpg","cta-width":415,"cta-height":170,"exhibitor":"https:\/\/int.design\/wp-content\/uploads\/2020\/12\/Cover1-Centre aquatique Beloeil-Lemay-architecture-design-entr\u00e9e_credit photo-David-Boyer -560x560.jpg","exhibitor-width":560,"exhibitor-height":560,"gallery":"https:\/\/int.design\/wp-content\/uploads\/2020\/12\/Cover1-Centre aquatique Beloeil-Lemay-architecture-design-entr\u00e9e_credit photo-David-Boyer -560x380.jpg","gallery-width":560,"gallery-height":380,"logo":"https:\/\/int.design\/wp-content\/uploads\/2020\/12\/Cover1-Centre aquatique Beloeil-Lemay-architecture-design-entr\u00e9e_credit photo-David-Boyer -147x100.jpg","logo-width":147,"logo-height":100,"masonry":"https:\/\/int.design\/wp-content\/uploads\/2020\/12\/Cover1-Centre aquatique Beloeil-Lemay-architecture-design-entr\u00e9e_credit photo-David-Boyer -550x373.jpg","masonry-width":550,"masonry-height":373,"modal":"https:\/\/int.design\/wp-content\/uploads\/2020\/12\/Cover1-Centre aquatique Beloeil-Lemay-architecture-design-entr\u00e9e_credit photo-David-Boyer -1920x1303.jpg","modal-width":1920,"modal-height":1303,"number":"https:\/\/int.design\/wp-content\/uploads\/2020\/12\/Cover1-Centre aquatique Beloeil-Lemay-architecture-design-entr\u00e9e_credit photo-David-Boyer -560x380.jpg","number-width":560,"number-height":380,"partner":"https:\/\/int.design\/wp-content\/uploads\/2020\/12\/Cover1-Centre aquatique Beloeil-Lemay-architecture-design-entr\u00e9e_credit photo-David-Boyer -275x187.jpg","partner-width":275,"partner-height":187,"ranking":"https:\/\/int.design\/wp-content\/uploads\/2020\/12\/Cover1-Centre aquatique Beloeil-Lemay-architecture-design-entr\u00e9e_credit photo-David-Boyer -960x540.jpg","ranking-width":960,"ranking-height":540,"schedule":"https:\/\/int.design\/wp-content\/uploads\/2020\/12\/Cover1-Centre aquatique Beloeil-Lemay-architecture-design-entr\u00e9e_credit photo-David-Boyer -960x360.jpg","schedule-width":960,"schedule-height":360,"slideshow":"https:\/\/int.design\/wp-content\/uploads\/2020\/12\/Cover1-Centre aquatique Beloeil-Lemay-architecture-design-entr\u00e9e_credit photo-David-Boyer -1002x680.jpg","slideshow-width":1002,"slideshow-height":680}},"filters":[557],"suppliers":false,"attachment_category":{"1001":"B\u00e2timent public","557":"Paysage - Commercial &amp; public","565":"Sport et Loisir"}}],"images":[{"categories":[384],"credit":"David Boyer","image":{"ID":33425,"id":33425,"title":"1-Centre aquatique Beloeil-Lemay-architecture-design-entr\u00e9e_credit photo-David-Boyer","filename":"1-Centre aquatique Beloeil-Lemay-architecture-design-entr\u00e9e_credit photo-David-Boyer-scaled.jpg","filesize":0,"url":"https:\/\/int.design\/wp-content\/uploads\/2020\/12\/1-Centre aquatique Beloeil-Lemay-architecture-design-entr\u00e9e_credit photo-David-Boyer-scaled.jpg","link":"https:\/\/int.design\/fr\/projets\/centre-aquatique-de-beloeil\/1-centre-aquatique-beloeil-lemay-architecture-design-entree_credit-photo-david-boyer\/","alt":"","author":"158","description":"Centre aquatique de Beloeil Lemay Lemay Decarel ELEMA BPA Lainco Lambert Somec","caption":"","name":"1-centre-aquatique-beloeil-lemay-architecture-design-entree_credit-photo-david-boyer","status":"inherit","uploaded_to":26297,"date":"2020-12-11 17:39:49","modified":"2022-02-08 12:00:11","menu_order":0,"mime_type":"image\/jpeg","type":"image","subtype":"jpeg","icon":"https:\/\/int.design\/wp-includes\/images\/media\/default.png","width":2560,"height":1737,"sizes":{"thumbnail":"https:\/\/int.design\/wp-content\/uploads\/2020\/12\/1-Centre aquatique Beloeil-Lemay-architecture-design-entr\u00e9e_credit photo-David-Boyer-150x150.jpg","thumbnail-width":150,"thumbnail-height":150,"medium":"https:\/\/int.design\/wp-content\/uploads\/2020\/12\/1-Centre aquatique Beloeil-Lemay-architecture-design-entr\u00e9e_credit photo-David-Boyer-300x204.jpg","medium-width":300,"medium-height":204,"medium_large":"https:\/\/int.design\/wp-content\/uploads\/2020\/12\/1-Centre aquatique Beloeil-Lemay-architecture-design-entr\u00e9e_credit photo-David-Boyer-768x521.jpg","medium_large-width":768,"medium_large-height":521,"large":"https:\/\/int.design\/wp-content\/uploads\/2020\/12\/1-Centre aquatique Beloeil-Lemay-architecture-design-entr\u00e9e_credit photo-David-Boyer-1024x695.jpg","large-width":1024,"large-height":695,"1536x1536":"https:\/\/int.design\/wp-content\/uploads\/2020\/12\/1-Centre aquatique Beloeil-Lemay-architecture-design-entr\u00e9e_credit photo-David-Boyer-1536x1042.jpg","1536x1536-width":1536,"1536x1536-height":1042,"2048x2048":"https:\/\/int.design\/wp-content\/uploads\/2020\/12\/1-Centre aquatique Beloeil-Lemay-architecture-design-entr\u00e9e_credit photo-David-Boyer-2048x1390.jpg","2048x2048-width":2048,"2048x2048-height":1390,"article":"https:\/\/int.design\/wp-content\/uploads\/2020\/12\/1-Centre aquatique Beloeil-Lemay-architecture-design-entr\u00e9e_credit photo-David-Boyer-960x540.jpg","article-width":960,"article-height":540,"banner":"https:\/\/int.design\/wp-content\/uploads\/2020\/12\/1-Centre aquatique Beloeil-Lemay-architecture-design-entr\u00e9e_credit photo-David-Boyer-1920x1303.jpg","banner-width":1920,"banner-height":1303,"block":"https:\/\/int.design\/wp-content\/uploads\/2020\/12\/1-Centre aquatique Beloeil-Lemay-architecture-design-entr\u00e9e_credit photo-David-Boyer-900x680.jpg","block-width":900,"block-height":680,"card":"https:\/\/int.design\/wp-content\/uploads\/2020\/12\/1-Centre aquatique Beloeil-Lemay-architecture-design-entr\u00e9e_credit photo-David-Boyer-560x495.jpg","card-width":560,"card-height":495,"card-thumbnail":"https:\/\/int.design\/wp-content\/uploads\/2020\/12\/1-Centre aquatique Beloeil-Lemay-architecture-design-entr\u00e9e_credit photo-David-Boyer-450x340.jpg","card-thumbnail-width":450,"card-thumbnail-height":340,"conference":"https:\/\/int.design\/wp-content\/uploads\/2020\/12\/1-Centre aquatique Beloeil-Lemay-architecture-design-entr\u00e9e_credit photo-David-Boyer-560x250.jpg","conference-width":560,"conference-height":250,"contest":"https:\/\/int.design\/wp-content\/uploads\/2020\/12\/1-Centre aquatique Beloeil-Lemay-architecture-design-entr\u00e9e_credit photo-David-Boyer-960x400.jpg","contest-width":960,"contest-height":400,"cta":"https:\/\/int.design\/wp-content\/uploads\/2020\/12\/1-Centre aquatique Beloeil-Lemay-architecture-design-entr\u00e9e_credit photo-David-Boyer-415x170.jpg","cta-width":415,"cta-height":170,"exhibitor":"https:\/\/int.design\/wp-content\/uploads\/2020\/12\/1-Centre aquatique Beloeil-Lemay-architecture-design-entr\u00e9e_credit photo-David-Boyer-560x560.jpg","exhibitor-width":560,"exhibitor-height":560,"gallery":"https:\/\/int.design\/wp-content\/uploads\/2020\/12\/1-Centre aquatique Beloeil-Lemay-architecture-design-entr\u00e9e_credit photo-David-Boyer-560x380.jpg","gallery-width":560,"gallery-height":380,"logo":"https:\/\/int.design\/wp-content\/uploads\/2020\/12\/1-Centre aquatique Beloeil-Lemay-architecture-design-entr\u00e9e_credit photo-David-Boyer-147x100.jpg","logo-width":147,"logo-height":100,"masonry":"https:\/\/int.design\/wp-content\/uploads\/2020\/12\/1-Centre aquatique Beloeil-Lemay-architecture-design-entr\u00e9e_credit photo-David-Boyer-550x373.jpg","masonry-width":550,"masonry-height":373,"modal":"https:\/\/int.design\/wp-content\/uploads\/2020\/12\/1-Centre aquatique Beloeil-Lemay-architecture-design-entr\u00e9e_credit photo-David-Boyer-1920x1303.jpg","modal-width":1920,"modal-height":1303,"number":"https:\/\/int.design\/wp-content\/uploads\/2020\/12\/1-Centre aquatique Beloeil-Lemay-architecture-design-entr\u00e9e_credit photo-David-Boyer-560x380.jpg","number-width":560,"number-height":380,"partner":"https:\/\/int.design\/wp-content\/uploads\/2020\/12\/1-Centre aquatique Beloeil-Lemay-architecture-design-entr\u00e9e_credit photo-David-Boyer-275x187.jpg","partner-width":275,"partner-height":187,"ranking":"https:\/\/int.design\/wp-content\/uploads\/2020\/12\/1-Centre aquatique Beloeil-Lemay-architecture-design-entr\u00e9e_credit photo-David-Boyer-960x540.jpg","ranking-width":960,"ranking-height":540,"schedule":"https:\/\/int.design\/wp-content\/uploads\/2020\/12\/1-Centre aquatique Beloeil-Lemay-architecture-design-entr\u00e9e_credit photo-David-Boyer-960x360.jpg","schedule-width":960,"schedule-height":360,"slideshow":"https:\/\/int.design\/wp-content\/uploads\/2020\/12\/1-Centre aquatique Beloeil-Lemay-architecture-design-entr\u00e9e_credit photo-David-Boyer-1002x680.jpg","slideshow-width":1002,"slideshow-height":680}},"filters":[557],"suppliers":false,"attachment_category":[]},{"categories":[384],"credit":"David Boyer","image":{"ID":33426,"id":33426,"title":"2-Centre aquatique Beloeil-Lemay-architecture-design-entr\u00e9e_credit photo-David-Boyer","filename":"2-Centre aquatique Beloeil-Lemay-architecture-design-entr\u00e9e_credit photo-David-Boyer-scaled.jpg","filesize":0,"url":"https:\/\/int.design\/wp-content\/uploads\/2020\/12\/2-Centre aquatique Beloeil-Lemay-architecture-design-entr\u00e9e_credit photo-David-Boyer-scaled.jpg","link":"https:\/\/int.design\/fr\/projets\/centre-aquatique-de-beloeil\/2-centre-aquatique-beloeil-lemay-architecture-design-entree_credit-photo-david-boyer\/","alt":"","author":"158","description":"Centre aquatique de Beloeil Lemay Lemay Decarel ELEMA BPA Lainco Lambert Somec","caption":"","name":"2-centre-aquatique-beloeil-lemay-architecture-design-entree_credit-photo-david-boyer","status":"inherit","uploaded_to":26297,"date":"2020-12-11 17:40:04","modified":"2022-02-08 12:00:11","menu_order":0,"mime_type":"image\/jpeg","type":"image","subtype":"jpeg","icon":"https:\/\/int.design\/wp-includes\/images\/media\/default.png","width":2560,"height":1737,"sizes":{"thumbnail":"https:\/\/int.design\/wp-content\/uploads\/2020\/12\/2-Centre aquatique Beloeil-Lemay-architecture-design-entr\u00e9e_credit photo-David-Boyer-150x150.jpg","thumbnail-width":150,"thumbnail-height":150,"medium":"https:\/\/int.design\/wp-content\/uploads\/2020\/12\/2-Centre aquatique Beloeil-Lemay-architecture-design-entr\u00e9e_credit photo-David-Boyer-300x204.jpg","medium-width":300,"medium-height":204,"medium_large":"https:\/\/int.design\/wp-content\/uploads\/2020\/12\/2-Centre aquatique Beloeil-Lemay-architecture-design-entr\u00e9e_credit photo-David-Boyer-768x521.jpg","medium_large-width":768,"medium_large-height":521,"large":"https:\/\/int.design\/wp-content\/uploads\/2020\/12\/2-Centre aquatique Beloeil-Lemay-architecture-design-entr\u00e9e_credit photo-David-Boyer-1024x695.jpg","large-width":1024,"large-height":695,"1536x1536":"https:\/\/int.design\/wp-content\/uploads\/2020\/12\/2-Centre aquatique Beloeil-Lemay-architecture-design-entr\u00e9e_credit photo-David-Boyer-1536x1042.jpg","1536x1536-width":1536,"1536x1536-height":1042,"2048x2048":"https:\/\/int.design\/wp-content\/uploads\/2020\/12\/2-Centre aquatique Beloeil-Lemay-architecture-design-entr\u00e9e_credit photo-David-Boyer-2048x1390.jpg","2048x2048-width":2048,"2048x2048-height":1390,"article":"https:\/\/int.design\/wp-content\/uploads\/2020\/12\/2-Centre aquatique Beloeil-Lemay-architecture-design-entr\u00e9e_credit photo-David-Boyer-960x540.jpg","article-width":960,"article-height":540,"banner":"https:\/\/int.design\/wp-content\/uploads\/2020\/12\/2-Centre aquatique Beloeil-Lemay-architecture-design-entr\u00e9e_credit photo-David-Boyer-1920x1303.jpg","banner-width":1920,"banner-height":1303,"block":"https:\/\/int.design\/wp-content\/uploads\/2020\/12\/2-Centre aquatique Beloeil-Lemay-architecture-design-entr\u00e9e_credit photo-David-Boyer-900x680.jpg","block-width":900,"block-height":680,"card":"https:\/\/int.design\/wp-content\/uploads\/2020\/12\/2-Centre aquatique Beloeil-Lemay-architecture-design-entr\u00e9e_credit photo-David-Boyer-560x495.jpg","card-width":560,"card-height":495,"card-thumbnail":"https:\/\/int.design\/wp-content\/uploads\/2020\/12\/2-Centre aquatique Beloeil-Lemay-architecture-design-entr\u00e9e_credit photo-David-Boyer-450x340.jpg","card-thumbnail-width":450,"card-thumbnail-height":340,"conference":"https:\/\/int.design\/wp-content\/uploads\/2020\/12\/2-Centre aquatique Beloeil-Lemay-architecture-design-entr\u00e9e_credit photo-David-Boyer-560x250.jpg","conference-width":560,"conference-height":250,"contest":"https:\/\/int.design\/wp-content\/uploads\/2020\/12\/2-Centre aquatique Beloeil-Lemay-architecture-design-entr\u00e9e_credit photo-David-Boyer-960x400.jpg","contest-width":960,"contest-height":400,"cta":"https:\/\/int.design\/wp-content\/uploads\/2020\/12\/2-Centre aquatique Beloeil-Lemay-architecture-design-entr\u00e9e_credit photo-David-Boyer-415x170.jpg","cta-width":415,"cta-height":170,"exhibitor":"https:\/\/int.design\/wp-content\/uploads\/2020\/12\/2-Centre aquatique Beloeil-Lemay-architecture-design-entr\u00e9e_credit photo-David-Boyer-560x560.jpg","exhibitor-width":560,"exhibitor-height":560,"gallery":"https:\/\/int.design\/wp-content\/uploads\/2020\/12\/2-Centre aquatique Beloeil-Lemay-architecture-design-entr\u00e9e_credit photo-David-Boyer-560x380.jpg","gallery-width":560,"gallery-height":380,"logo":"https:\/\/int.design\/wp-content\/uploads\/2020\/12\/2-Centre aquatique Beloeil-Lemay-architecture-design-entr\u00e9e_credit photo-David-Boyer-147x100.jpg","logo-width":147,"logo-height":100,"masonry":"https:\/\/int.design\/wp-content\/uploads\/2020\/12\/2-Centre aquatique Beloeil-Lemay-architecture-design-entr\u00e9e_credit photo-David-Boyer-550x373.jpg","masonry-width":550,"masonry-height":373,"modal":"https:\/\/int.design\/wp-content\/uploads\/2020\/12\/2-Centre aquatique Beloeil-Lemay-architecture-design-entr\u00e9e_credit photo-David-Boyer-1920x1303.jpg","modal-width":1920,"modal-height":1303,"number":"https:\/\/int.design\/wp-content\/uploads\/2020\/12\/2-Centre aquatique Beloeil-Lemay-architecture-design-entr\u00e9e_credit photo-David-Boyer-560x380.jpg","number-width":560,"number-height":380,"partner":"https:\/\/int.design\/wp-content\/uploads\/2020\/12\/2-Centre aquatique Beloeil-Lemay-architecture-design-entr\u00e9e_credit photo-David-Boyer-275x187.jpg","partner-width":275,"partner-height":187,"ranking":"https:\/\/int.design\/wp-content\/uploads\/2020\/12\/2-Centre aquatique Beloeil-Lemay-architecture-design-entr\u00e9e_credit photo-David-Boyer-960x540.jpg","ranking-width":960,"ranking-height":540,"schedule":"https:\/\/int.design\/wp-content\/uploads\/2020\/12\/2-Centre aquatique Beloeil-Lemay-architecture-design-entr\u00e9e_credit photo-David-Boyer-960x360.jpg","schedule-width":960,"schedule-height":360,"slideshow":"https:\/\/int.design\/wp-content\/uploads\/2020\/12\/2-Centre aquatique Beloeil-Lemay-architecture-design-entr\u00e9e_credit photo-David-Boyer-1002x680.jpg","slideshow-width":1002,"slideshow-height":680}},"filters":false,"suppliers":false,"attachment_category":[]},{"categories":[384],"credit":"David Boyer","image":{"ID":33427,"id":33427,"title":"3-Centre aquatique Beloeil-Lemay-architecture-design-entr\u00e9e_credit photo-David-Boyer","filename":"3-Centre aquatique Beloeil-Lemay-architecture-design-entr\u00e9e_credit photo-David-Boyer -scaled.jpg","filesize":0,"url":"https:\/\/int.design\/wp-content\/uploads\/2020\/12\/3-Centre aquatique Beloeil-Lemay-architecture-design-entr\u00e9e_credit photo-David-Boyer -scaled.jpg","link":"https:\/\/int.design\/fr\/projets\/centre-aquatique-de-beloeil\/3-centre-aquatique-beloeil-lemay-architecture-design-entree_credit-photo-david-boyer\/","alt":"","author":"158","description":"Centre aquatique de Beloeil Lemay Lemay Decarel ELEMA BPA Lainco Lambert Somec","caption":"","name":"3-centre-aquatique-beloeil-lemay-architecture-design-entree_credit-photo-david-boyer","status":"inherit","uploaded_to":26297,"date":"2020-12-11 17:40:18","modified":"2022-02-08 12:00:11","menu_order":0,"mime_type":"image\/jpeg","type":"image","subtype":"jpeg","icon":"https:\/\/int.design\/wp-includes\/images\/media\/default.png","width":2560,"height":2087,"sizes":{"thumbnail":"https:\/\/int.design\/wp-content\/uploads\/2020\/12\/3-Centre aquatique Beloeil-Lemay-architecture-design-entr\u00e9e_credit photo-David-Boyer -150x150.jpg","thumbnail-width":150,"thumbnail-height":150,"medium":"https:\/\/int.design\/wp-content\/uploads\/2020\/12\/3-Centre aquatique Beloeil-Lemay-architecture-design-entr\u00e9e_credit photo-David-Boyer -300x245.jpg","medium-width":300,"medium-height":245,"medium_large":"https:\/\/int.design\/wp-content\/uploads\/2020\/12\/3-Centre aquatique Beloeil-Lemay-architecture-design-entr\u00e9e_credit photo-David-Boyer -768x626.jpg","medium_large-width":768,"medium_large-height":626,"large":"https:\/\/int.design\/wp-content\/uploads\/2020\/12\/3-Centre aquatique Beloeil-Lemay-architecture-design-entr\u00e9e_credit photo-David-Boyer -1024x835.jpg","large-width":1024,"large-height":835,"1536x1536":"https:\/\/int.design\/wp-content\/uploads\/2020\/12\/3-Centre aquatique Beloeil-Lemay-architecture-design-entr\u00e9e_credit photo-David-Boyer -1536x1252.jpg","1536x1536-width":1536,"1536x1536-height":1252,"2048x2048":"https:\/\/int.design\/wp-content\/uploads\/2020\/12\/3-Centre aquatique Beloeil-Lemay-architecture-design-entr\u00e9e_credit photo-David-Boyer -2048x1670.jpg","2048x2048-width":2048,"2048x2048-height":1670,"article":"https:\/\/int.design\/wp-content\/uploads\/2020\/12\/3-Centre aquatique Beloeil-Lemay-architecture-design-entr\u00e9e_credit photo-David-Boyer -960x540.jpg","article-width":960,"article-height":540,"banner":"https:\/\/int.design\/wp-content\/uploads\/2020\/12\/3-Centre aquatique Beloeil-Lemay-architecture-design-entr\u00e9e_credit photo-David-Boyer -1920x1565.jpg","banner-width":1920,"banner-height":1565,"block":"https:\/\/int.design\/wp-content\/uploads\/2020\/12\/3-Centre aquatique Beloeil-Lemay-architecture-design-entr\u00e9e_credit photo-David-Boyer -900x680.jpg","block-width":900,"block-height":680,"card":"https:\/\/int.design\/wp-content\/uploads\/2020\/12\/3-Centre aquatique Beloeil-Lemay-architecture-design-entr\u00e9e_credit photo-David-Boyer -560x495.jpg","card-width":560,"card-height":495,"card-thumbnail":"https:\/\/int.design\/wp-content\/uploads\/2020\/12\/3-Centre aquatique Beloeil-Lemay-architecture-design-entr\u00e9e_credit photo-David-Boyer -450x340.jpg","card-thumbnail-width":450,"card-thumbnail-height":340,"conference":"https:\/\/int.design\/wp-content\/uploads\/2020\/12\/3-Centre aquatique Beloeil-Lemay-architecture-design-entr\u00e9e_credit photo-David-Boyer -560x250.jpg","conference-width":560,"conference-height":250,"contest":"https:\/\/int.design\/wp-content\/uploads\/2020\/12\/3-Centre aquatique Beloeil-Lemay-architecture-design-entr\u00e9e_credit photo-David-Boyer -960x400.jpg","contest-width":960,"contest-height":400,"cta":"https:\/\/int.design\/wp-content\/uploads\/2020\/12\/3-Centre aquatique Beloeil-Lemay-architecture-design-entr\u00e9e_credit photo-David-Boyer -415x170.jpg","cta-width":415,"cta-height":170,"exhibitor":"https:\/\/int.design\/wp-content\/uploads\/2020\/12\/3-Centre aquatique Beloeil-Lemay-architecture-design-entr\u00e9e_credit photo-David-Boyer -560x560.jpg","exhibitor-width":560,"exhibitor-height":560,"gallery":"https:\/\/int.design\/wp-content\/uploads\/2020\/12\/3-Centre aquatique Beloeil-Lemay-architecture-design-entr\u00e9e_credit photo-David-Boyer -527x430.jpg","gallery-width":527,"gallery-height":430,"logo":"https:\/\/int.design\/wp-content\/uploads\/2020\/12\/3-Centre aquatique Beloeil-Lemay-architecture-design-entr\u00e9e_credit photo-David-Boyer -123x100.jpg","logo-width":123,"logo-height":100,"masonry":"https:\/\/int.design\/wp-content\/uploads\/2020\/12\/3-Centre aquatique Beloeil-Lemay-architecture-design-entr\u00e9e_credit photo-David-Boyer -550x448.jpg","masonry-width":550,"masonry-height":448,"modal":"https:\/\/int.design\/wp-content\/uploads\/2020\/12\/3-Centre aquatique Beloeil-Lemay-architecture-design-entr\u00e9e_credit photo-David-Boyer -1920x1565.jpg","modal-width":1920,"modal-height":1565,"number":"https:\/\/int.design\/wp-content\/uploads\/2020\/12\/3-Centre aquatique Beloeil-Lemay-architecture-design-entr\u00e9e_credit photo-David-Boyer -527x430.jpg","number-width":527,"number-height":430,"partner":"https:\/\/int.design\/wp-content\/uploads\/2020\/12\/3-Centre aquatique Beloeil-Lemay-architecture-design-entr\u00e9e_credit photo-David-Boyer -258x210.jpg","partner-width":258,"partner-height":210,"ranking":"https:\/\/int.design\/wp-content\/uploads\/2020\/12\/3-Centre aquatique Beloeil-Lemay-architecture-design-entr\u00e9e_credit photo-David-Boyer -960x540.jpg","ranking-width":960,"ranking-height":540,"schedule":"https:\/\/int.design\/wp-content\/uploads\/2020\/12\/3-Centre aquatique Beloeil-Lemay-architecture-design-entr\u00e9e_credit photo-David-Boyer -960x360.jpg","schedule-width":960,"schedule-height":360,"slideshow":"https:\/\/int.design\/wp-content\/uploads\/2020\/12\/3-Centre aquatique Beloeil-Lemay-architecture-design-entr\u00e9e_credit photo-David-Boyer -834x680.jpg","slideshow-width":834,"slideshow-height":680}},"filters":false,"suppliers":false,"attachment_category":[]},{"categories":[384],"credit":"David Boyer","image":{"ID":33428,"id":33428,"title":"4-Centre aquatique Beloeil-Lemay-architecture-design-entr\u00e9e_credit photo-David-Boyer","filename":"4-Centre aquatique Beloeil-Lemay-architecture-design-entr\u00e9e_credit photo-David-Boyer-scaled.jpg","filesize":0,"url":"https:\/\/int.design\/wp-content\/uploads\/2020\/12\/4-Centre aquatique Beloeil-Lemay-architecture-design-entr\u00e9e_credit photo-David-Boyer-scaled.jpg","link":"https:\/\/int.design\/fr\/projets\/centre-aquatique-de-beloeil\/4-centre-aquatique-beloeil-lemay-architecture-design-entree_credit-photo-david-boyer\/","alt":"","author":"158","description":"Centre aquatique de Beloeil Lemay Lemay Decarel ELEMA BPA Lainco Lambert Somec","caption":"","name":"4-centre-aquatique-beloeil-lemay-architecture-design-entree_credit-photo-david-boyer","status":"inherit","uploaded_to":26297,"date":"2020-12-11 17:40:30","modified":"2022-02-08 12:00:11","menu_order":0,"mime_type":"image\/jpeg","type":"image","subtype":"jpeg","icon":"https:\/\/int.design\/wp-includes\/images\/media\/default.png","width":2560,"height":1970,"sizes":{"thumbnail":"https:\/\/int.design\/wp-content\/uploads\/2020\/12\/4-Centre aquatique Beloeil-Lemay-architecture-design-entr\u00e9e_credit photo-David-Boyer-150x150.jpg","thumbnail-width":150,"thumbnail-height":150,"medium":"https:\/\/int.design\/wp-content\/uploads\/2020\/12\/4-Centre aquatique Beloeil-Lemay-architecture-design-entr\u00e9e_credit photo-David-Boyer-300x231.jpg","medium-width":300,"medium-height":231,"medium_large":"https:\/\/int.design\/wp-content\/uploads\/2020\/12\/4-Centre aquatique Beloeil-Lemay-architecture-design-entr\u00e9e_credit photo-David-Boyer-768x591.jpg","medium_large-width":768,"medium_large-height":591,"large":"https:\/\/int.design\/wp-content\/uploads\/2020\/12\/4-Centre aquatique Beloeil-Lemay-architecture-design-entr\u00e9e_credit photo-David-Boyer-1024x788.jpg","large-width":1024,"large-height":788,"1536x1536":"https:\/\/int.design\/wp-content\/uploads\/2020\/12\/4-Centre aquatique Beloeil-Lemay-architecture-design-entr\u00e9e_credit photo-David-Boyer-1536x1182.jpg","1536x1536-width":1536,"1536x1536-height":1182,"2048x2048":"https:\/\/int.design\/wp-content\/uploads\/2020\/12\/4-Centre aquatique Beloeil-Lemay-architecture-design-entr\u00e9e_credit photo-David-Boyer-2048x1576.jpg","2048x2048-width":2048,"2048x2048-height":1576,"article":"https:\/\/int.design\/wp-content\/uploads\/2020\/12\/4-Centre aquatique Beloeil-Lemay-architecture-design-entr\u00e9e_credit photo-David-Boyer-960x540.jpg","article-width":960,"article-height":540,"banner":"https:\/\/int.design\/wp-content\/uploads\/2020\/12\/4-Centre aquatique Beloeil-Lemay-architecture-design-entr\u00e9e_credit photo-David-Boyer-1920x1477.jpg","banner-width":1920,"banner-height":1477,"block":"https:\/\/int.design\/wp-content\/uploads\/2020\/12\/4-Centre aquatique Beloeil-Lemay-architecture-design-entr\u00e9e_credit photo-David-Boyer-900x680.jpg","block-width":900,"block-height":680,"card":"https:\/\/int.design\/wp-content\/uploads\/2020\/12\/4-Centre aquatique Beloeil-Lemay-architecture-design-entr\u00e9e_credit photo-David-Boyer-560x495.jpg","card-width":560,"card-height":495,"card-thumbnail":"https:\/\/int.design\/wp-content\/uploads\/2020\/12\/4-Centre aquatique Beloeil-Lemay-architecture-design-entr\u00e9e_credit photo-David-Boyer-450x340.jpg","card-thumbnail-width":450,"card-thumbnail-height":340,"conference":"https:\/\/int.design\/wp-content\/uploads\/2020\/12\/4-Centre aquatique Beloeil-Lemay-architecture-design-entr\u00e9e_credit photo-David-Boyer-560x250.jpg","conference-width":560,"conference-height":250,"contest":"https:\/\/int.design\/wp-content\/uploads\/2020\/12\/4-Centre aquatique Beloeil-Lemay-architecture-design-entr\u00e9e_credit photo-David-Boyer-960x400.jpg","contest-width":960,"contest-height":400,"cta":"https:\/\/int.design\/wp-content\/uploads\/2020\/12\/4-Centre aquatique Beloeil-Lemay-architecture-design-entr\u00e9e_credit photo-David-Boyer-415x170.jpg","cta-width":415,"cta-height":170,"exhibitor":"https:\/\/int.design\/wp-content\/uploads\/2020\/12\/4-Centre aquatique Beloeil-Lemay-architecture-design-entr\u00e9e_credit photo-David-Boyer-560x560.jpg","exhibitor-width":560,"exhibitor-height":560,"gallery":"https:\/\/int.design\/wp-content\/uploads\/2020\/12\/4-Centre aquatique Beloeil-Lemay-architecture-design-entr\u00e9e_credit photo-David-Boyer-560x430.jpg","gallery-width":560,"gallery-height":430,"logo":"https:\/\/int.design\/wp-content\/uploads\/2020\/12\/4-Centre aquatique Beloeil-Lemay-architecture-design-entr\u00e9e_credit photo-David-Boyer-130x100.jpg","logo-width":130,"logo-height":100,"masonry":"https:\/\/int.design\/wp-content\/uploads\/2020\/12\/4-Centre aquatique Beloeil-Lemay-architecture-design-entr\u00e9e_credit photo-David-Boyer-550x423.jpg","masonry-width":550,"masonry-height":423,"modal":"https:\/\/int.design\/wp-content\/uploads\/2020\/12\/4-Centre aquatique Beloeil-Lemay-architecture-design-entr\u00e9e_credit photo-David-Boyer-1920x1477.jpg","modal-width":1920,"modal-height":1477,"number":"https:\/\/int.design\/wp-content\/uploads\/2020\/12\/4-Centre aquatique Beloeil-Lemay-architecture-design-entr\u00e9e_credit photo-David-Boyer-560x430.jpg","number-width":560,"number-height":430,"partner":"https:\/\/int.design\/wp-content\/uploads\/2020\/12\/4-Centre aquatique Beloeil-Lemay-architecture-design-entr\u00e9e_credit photo-David-Boyer-273x210.jpg","partner-width":273,"partner-height":210,"ranking":"https:\/\/int.design\/wp-content\/uploads\/2020\/12\/4-Centre aquatique Beloeil-Lemay-architecture-design-entr\u00e9e_credit photo-David-Boyer-960x540.jpg","ranking-width":960,"ranking-height":540,"schedule":"https:\/\/int.design\/wp-content\/uploads\/2020\/12\/4-Centre aquatique Beloeil-Lemay-architecture-design-entr\u00e9e_credit photo-David-Boyer-960x360.jpg","schedule-width":960,"schedule-height":360,"slideshow":"https:\/\/int.design\/wp-content\/uploads\/2020\/12\/4-Centre aquatique Beloeil-Lemay-architecture-design-entr\u00e9e_credit photo-David-Boyer-884x680.jpg","slideshow-width":884,"slideshow-height":680}},"filters":false,"suppliers":false,"attachment_category":[]},{"categories":[384],"credit":"David Boyer","image":{"ID":33429,"id":33429,"title":"5-Centre aquatique Beloeil-Lemay-architecture-design-entr\u00e9e_credit photo-David-Boyer","filename":"5-Centre aquatique Beloeil-Lemay-architecture-design-entr\u00e9e_credit photo-David-Boyer-scaled.jpg","filesize":0,"url":"https:\/\/int.design\/wp-content\/uploads\/2020\/12\/5-Centre aquatique Beloeil-Lemay-architecture-design-entr\u00e9e_credit photo-David-Boyer-scaled.jpg","link":"https:\/\/int.design\/fr\/projets\/centre-aquatique-de-beloeil\/5-centre-aquatique-beloeil-lemay-architecture-design-entree_credit-photo-david-boyer\/","alt":"","author":"158","description":"Centre aquatique de Beloeil Lemay Lemay Decarel ELEMA BPA Lainco Lambert Somec","caption":"","name":"5-centre-aquatique-beloeil-lemay-architecture-design-entree_credit-photo-david-boyer","status":"inherit","uploaded_to":26297,"date":"2020-12-11 17:40:42","modified":"2022-02-08 12:00:11","menu_order":0,"mime_type":"image\/jpeg","type":"image","subtype":"jpeg","icon":"https:\/\/int.design\/wp-includes\/images\/media\/default.png","width":2560,"height":2419,"sizes":{"thumbnail":"https:\/\/int.design\/wp-content\/uploads\/2020\/12\/5-Centre aquatique Beloeil-Lemay-architecture-design-entr\u00e9e_credit photo-David-Boyer-150x150.jpg","thumbnail-width":150,"thumbnail-height":150,"medium":"https:\/\/int.design\/wp-content\/uploads\/2020\/12\/5-Centre aquatique Beloeil-Lemay-architecture-design-entr\u00e9e_credit photo-David-Boyer-300x283.jpg","medium-width":300,"medium-height":283,"medium_large":"https:\/\/int.design\/wp-content\/uploads\/2020\/12\/5-Centre aquatique Beloeil-Lemay-architecture-design-entr\u00e9e_credit photo-David-Boyer-768x726.jpg","medium_large-width":768,"medium_large-height":726,"large":"https:\/\/int.design\/wp-content\/uploads\/2020\/12\/5-Centre aquatique Beloeil-Lemay-architecture-design-entr\u00e9e_credit photo-David-Boyer-1024x968.jpg","large-width":1024,"large-height":968,"1536x1536":"https:\/\/int.design\/wp-content\/uploads\/2020\/12\/5-Centre aquatique Beloeil-Lemay-architecture-design-entr\u00e9e_credit photo-David-Boyer-1536x1451.jpg","1536x1536-width":1536,"1536x1536-height":1451,"2048x2048":"https:\/\/int.design\/wp-content\/uploads\/2020\/12\/5-Centre aquatique Beloeil-Lemay-architecture-design-entr\u00e9e_credit photo-David-Boyer-2048x1935.jpg","2048x2048-width":2048,"2048x2048-height":1935,"article":"https:\/\/int.design\/wp-content\/uploads\/2020\/12\/5-Centre aquatique Beloeil-Lemay-architecture-design-entr\u00e9e_credit photo-David-Boyer-960x540.jpg","article-width":960,"article-height":540,"banner":"https:\/\/int.design\/wp-content\/uploads\/2020\/12\/5-Centre aquatique Beloeil-Lemay-architecture-design-entr\u00e9e_credit photo-David-Boyer-1920x1814.jpg","banner-width":1920,"banner-height":1814,"block":"https:\/\/int.design\/wp-content\/uploads\/2020\/12\/5-Centre aquatique Beloeil-Lemay-architecture-design-entr\u00e9e_credit photo-David-Boyer-900x680.jpg","block-width":900,"block-height":680,"card":"https:\/\/int.design\/wp-content\/uploads\/2020\/12\/5-Centre aquatique Beloeil-Lemay-architecture-design-entr\u00e9e_credit photo-David-Boyer-560x495.jpg","card-width":560,"card-height":495,"card-thumbnail":"https:\/\/int.design\/wp-content\/uploads\/2020\/12\/5-Centre aquatique Beloeil-Lemay-architecture-design-entr\u00e9e_credit photo-David-Boyer-450x340.jpg","card-thumbnail-width":450,"card-thumbnail-height":340,"conference":"https:\/\/int.design\/wp-content\/uploads\/2020\/12\/5-Centre aquatique Beloeil-Lemay-architecture-design-entr\u00e9e_credit photo-David-Boyer-560x250.jpg","conference-width":560,"conference-height":250,"contest":"https:\/\/int.design\/wp-content\/uploads\/2020\/12\/5-Centre aquatique Beloeil-Lemay-architecture-design-entr\u00e9e_credit photo-David-Boyer-960x400.jpg","contest-width":960,"contest-height":400,"cta":"https:\/\/int.design\/wp-content\/uploads\/2020\/12\/5-Centre aquatique Beloeil-Lemay-architecture-design-entr\u00e9e_credit photo-David-Boyer-415x170.jpg","cta-width":415,"cta-height":170,"exhibitor":"https:\/\/int.design\/wp-content\/uploads\/2020\/12\/5-Centre aquatique Beloeil-Lemay-architecture-design-entr\u00e9e_credit photo-David-Boyer-560x560.jpg","exhibitor-width":560,"exhibitor-height":560,"gallery":"https:\/\/int.design\/wp-content\/uploads\/2020\/12\/5-Centre aquatique Beloeil-Lemay-architecture-design-entr\u00e9e_credit photo-David-Boyer-455x430.jpg","gallery-width":455,"gallery-height":430,"logo":"https:\/\/int.design\/wp-content\/uploads\/2020\/12\/5-Centre aquatique Beloeil-Lemay-architecture-design-entr\u00e9e_credit photo-David-Boyer-106x100.jpg","logo-width":106,"logo-height":100,"masonry":"https:\/\/int.design\/wp-content\/uploads\/2020\/12\/5-Centre aquatique Beloeil-Lemay-architecture-design-entr\u00e9e_credit photo-David-Boyer-550x520.jpg","masonry-width":550,"masonry-height":520,"modal":"https:\/\/int.design\/wp-content\/uploads\/2020\/12\/5-Centre aquatique Beloeil-Lemay-architecture-design-entr\u00e9e_credit photo-David-Boyer-1920x1814.jpg","modal-width":1920,"modal-height":1814,"number":"https:\/\/int.design\/wp-content\/uploads\/2020\/12\/5-Centre aquatique Beloeil-Lemay-architecture-design-entr\u00e9e_credit photo-David-Boyer-455x430.jpg","number-width":455,"number-height":430,"partner":"https:\/\/int.design\/wp-content\/uploads\/2020\/12\/5-Centre aquatique Beloeil-Lemay-architecture-design-entr\u00e9e_credit photo-David-Boyer-222x210.jpg","partner-width":222,"partner-height":210,"ranking":"https:\/\/int.design\/wp-content\/uploads\/2020\/12\/5-Centre aquatique Beloeil-Lemay-architecture-design-entr\u00e9e_credit photo-David-Boyer-960x540.jpg","ranking-width":960,"ranking-height":540,"schedule":"https:\/\/int.design\/wp-content\/uploads\/2020\/12\/5-Centre aquatique Beloeil-Lemay-architecture-design-entr\u00e9e_credit photo-David-Boyer-960x360.jpg","schedule-width":960,"schedule-height":360,"slideshow":"https:\/\/int.design\/wp-content\/uploads\/2020\/12\/5-Centre aquatique Beloeil-Lemay-architecture-design-entr\u00e9e_credit photo-David-Boyer-720x680.jpg","slideshow-width":720,"slideshow-height":680}},"filters":false,"suppliers":false,"attachment_category":[]},{"categories":[384],"credit":"David Boyer","image":{"ID":33430,"id":33430,"title":"6-Centre aquatique Beloeil-Lemay-architecture-design-entr\u00e9e_credit photo-David-Boyer","filename":"6-Centre aquatique Beloeil-Lemay-architecture-design-entr\u00e9e_credit photo-David-Boyer-scaled.jpg","filesize":0,"url":"https:\/\/int.design\/wp-content\/uploads\/2020\/12\/6-Centre aquatique Beloeil-Lemay-architecture-design-entr\u00e9e_credit photo-David-Boyer-scaled.jpg","link":"https:\/\/int.design\/fr\/projets\/centre-aquatique-de-beloeil\/6-centre-aquatique-beloeil-lemay-architecture-design-entree_credit-photo-david-boyer\/","alt":"","author":"158","description":"Centre aquatique de Beloeil Lemay Lemay Decarel ELEMA BPA Lainco Lambert Somec","caption":"","name":"6-centre-aquatique-beloeil-lemay-architecture-design-entree_credit-photo-david-boyer","status":"inherit","uploaded_to":26297,"date":"2020-12-11 17:40:55","modified":"2022-02-08 12:00:11","menu_order":0,"mime_type":"image\/jpeg","type":"image","subtype":"jpeg","icon":"https:\/\/int.design\/wp-includes\/images\/media\/default.png","width":2560,"height":1737,"sizes":{"thumbnail":"https:\/\/int.design\/wp-content\/uploads\/2020\/12\/6-Centre aquatique Beloeil-Lemay-architecture-design-entr\u00e9e_credit photo-David-Boyer-150x150.jpg","thumbnail-width":150,"thumbnail-height":150,"medium":"https:\/\/int.design\/wp-content\/uploads\/2020\/12\/6-Centre aquatique Beloeil-Lemay-architecture-design-entr\u00e9e_credit photo-David-Boyer-300x204.jpg","medium-width":300,"medium-height":204,"medium_large":"https:\/\/int.design\/wp-content\/uploads\/2020\/12\/6-Centre aquatique Beloeil-Lemay-architecture-design-entr\u00e9e_credit photo-David-Boyer-768x521.jpg","medium_large-width":768,"medium_large-height":521,"large":"https:\/\/int.design\/wp-content\/uploads\/2020\/12\/6-Centre aquatique Beloeil-Lemay-architecture-design-entr\u00e9e_credit photo-David-Boyer-1024x695.jpg","large-width":1024,"large-height":695,"1536x1536":"https:\/\/int.design\/wp-content\/uploads\/2020\/12\/6-Centre aquatique Beloeil-Lemay-architecture-design-entr\u00e9e_credit photo-David-Boyer-1536x1042.jpg","1536x1536-width":1536,"1536x1536-height":1042,"2048x2048":"https:\/\/int.design\/wp-content\/uploads\/2020\/12\/6-Centre aquatique Beloeil-Lemay-architecture-design-entr\u00e9e_credit photo-David-Boyer-2048x1390.jpg","2048x2048-width":2048,"2048x2048-height":1390,"article":"https:\/\/int.design\/wp-content\/uploads\/2020\/12\/6-Centre aquatique Beloeil-Lemay-architecture-design-entr\u00e9e_credit photo-David-Boyer-960x540.jpg","article-width":960,"article-height":540,"banner":"https:\/\/int.design\/wp-content\/uploads\/2020\/12\/6-Centre aquatique Beloeil-Lemay-architecture-design-entr\u00e9e_credit photo-David-Boyer-1920x1303.jpg","banner-width":1920,"banner-height":1303,"block":"https:\/\/int.design\/wp-content\/uploads\/2020\/12\/6-Centre aquatique Beloeil-Lemay-architecture-design-entr\u00e9e_credit photo-David-Boyer-900x680.jpg","block-width":900,"block-height":680,"card":"https:\/\/int.design\/wp-content\/uploads\/2020\/12\/6-Centre aquatique Beloeil-Lemay-architecture-design-entr\u00e9e_credit photo-David-Boyer-560x495.jpg","card-width":560,"card-height":495,"card-thumbnail":"https:\/\/int.design\/wp-content\/uploads\/2020\/12\/6-Centre aquatique Beloeil-Lemay-architecture-design-entr\u00e9e_credit photo-David-Boyer-450x340.jpg","card-thumbnail-width":450,"card-thumbnail-height":340,"conference":"https:\/\/int.design\/wp-content\/uploads\/2020\/12\/6-Centre aquatique Beloeil-Lemay-architecture-design-entr\u00e9e_credit photo-David-Boyer-560x250.jpg","conference-width":560,"conference-height":250,"contest":"https:\/\/int.design\/wp-content\/uploads\/2020\/12\/6-Centre aquatique Beloeil-Lemay-architecture-design-entr\u00e9e_credit photo-David-Boyer-960x400.jpg","contest-width":960,"contest-height":400,"cta":"https:\/\/int.design\/wp-content\/uploads\/2020\/12\/6-Centre aquatique Beloeil-Lemay-architecture-design-entr\u00e9e_credit photo-David-Boyer-415x170.jpg","cta-width":415,"cta-height":170,"exhibitor":"https:\/\/int.design\/wp-content\/uploads\/2020\/12\/6-Centre aquatique Beloeil-Lemay-architecture-design-entr\u00e9e_credit photo-David-Boyer-560x560.jpg","exhibitor-width":560,"exhibitor-height":560,"gallery":"https:\/\/int.design\/wp-content\/uploads\/2020\/12\/6-Centre aquatique Beloeil-Lemay-architecture-design-entr\u00e9e_credit photo-David-Boyer-560x380.jpg","gallery-width":560,"gallery-height":380,"logo":"https:\/\/int.design\/wp-content\/uploads\/2020\/12\/6-Centre aquatique Beloeil-Lemay-architecture-design-entr\u00e9e_credit photo-David-Boyer-147x100.jpg","logo-width":147,"logo-height":100,"masonry":"https:\/\/int.design\/wp-content\/uploads\/2020\/12\/6-Centre aquatique Beloeil-Lemay-architecture-design-entr\u00e9e_credit photo-David-Boyer-550x373.jpg","masonry-width":550,"masonry-height":373,"modal":"https:\/\/int.design\/wp-content\/uploads\/2020\/12\/6-Centre aquatique Beloeil-Lemay-architecture-design-entr\u00e9e_credit photo-David-Boyer-1920x1303.jpg","modal-width":1920,"modal-height":1303,"number":"https:\/\/int.design\/wp-content\/uploads\/2020\/12\/6-Centre aquatique Beloeil-Lemay-architecture-design-entr\u00e9e_credit photo-David-Boyer-560x380.jpg","number-width":560,"number-height":380,"partner":"https:\/\/int.design\/wp-content\/uploads\/2020\/12\/6-Centre aquatique Beloeil-Lemay-architecture-design-entr\u00e9e_credit photo-David-Boyer-275x187.jpg","partner-width":275,"partner-height":187,"ranking":"https:\/\/int.design\/wp-content\/uploads\/2020\/12\/6-Centre aquatique Beloeil-Lemay-architecture-design-entr\u00e9e_credit photo-David-Boyer-960x540.jpg","ranking-width":960,"ranking-height":540,"schedule":"https:\/\/int.design\/wp-content\/uploads\/2020\/12\/6-Centre aquatique Beloeil-Lemay-architecture-design-entr\u00e9e_credit photo-David-Boyer-960x360.jpg","schedule-width":960,"schedule-height":360,"slideshow":"https:\/\/int.design\/wp-content\/uploads\/2020\/12\/6-Centre aquatique Beloeil-Lemay-architecture-design-entr\u00e9e_credit photo-David-Boyer-1002x680.jpg","slideshow-width":1002,"slideshow-height":680}},"filters":false,"suppliers":false,"attachment_category":[]},{"categories":[384],"credit":"David Boyer","image":{"ID":33431,"id":33431,"title":"7-Centre aquatique Beloeil-Lemay-architecture-design-entr\u00e9e_credit photo-David-Boyer","filename":"7-Centre aquatique Beloeil-Lemay-architecture-design-entr\u00e9e_credit photo-David-Boyer-scaled.jpg","filesize":0,"url":"https:\/\/int.design\/wp-content\/uploads\/2020\/12\/7-Centre aquatique Beloeil-Lemay-architecture-design-entr\u00e9e_credit photo-David-Boyer-scaled.jpg","link":"https:\/\/int.design\/fr\/projets\/centre-aquatique-de-beloeil\/7-centre-aquatique-beloeil-lemay-architecture-design-entree_credit-photo-david-boyer\/","alt":"","author":"158","description":"Centre aquatique de Beloeil Lemay Lemay Decarel ELEMA BPA Lainco Lambert Somec","caption":"","name":"7-centre-aquatique-beloeil-lemay-architecture-design-entree_credit-photo-david-boyer","status":"inherit","uploaded_to":26297,"date":"2020-12-11 17:41:06","modified":"2022-02-08 12:00:11","menu_order":0,"mime_type":"image\/jpeg","type":"image","subtype":"jpeg","icon":"https:\/\/int.design\/wp-includes\/images\/media\/default.png","width":2560,"height":1737,"sizes":{"thumbnail":"https:\/\/int.design\/wp-content\/uploads\/2020\/12\/7-Centre aquatique Beloeil-Lemay-architecture-design-entr\u00e9e_credit photo-David-Boyer-150x150.jpg","thumbnail-width":150,"thumbnail-height":150,"medium":"https:\/\/int.design\/wp-content\/uploads\/2020\/12\/7-Centre aquatique Beloeil-Lemay-architecture-design-entr\u00e9e_credit photo-David-Boyer-300x204.jpg","medium-width":300,"medium-height":204,"medium_large":"https:\/\/int.design\/wp-content\/uploads\/2020\/12\/7-Centre aquatique Beloeil-Lemay-architecture-design-entr\u00e9e_credit photo-David-Boyer-768x521.jpg","medium_large-width":768,"medium_large-height":521,"large":"https:\/\/int.design\/wp-content\/uploads\/2020\/12\/7-Centre aquatique Beloeil-Lemay-architecture-design-entr\u00e9e_credit photo-David-Boyer-1024x695.jpg","large-width":1024,"large-height":695,"1536x1536":"https:\/\/int.design\/wp-content\/uploads\/2020\/12\/7-Centre aquatique Beloeil-Lemay-architecture-design-entr\u00e9e_credit photo-David-Boyer-1536x1042.jpg","1536x1536-width":1536,"1536x1536-height":1042,"2048x2048":"https:\/\/int.design\/wp-content\/uploads\/2020\/12\/7-Centre aquatique Beloeil-Lemay-architecture-design-entr\u00e9e_credit photo-David-Boyer-2048x1390.jpg","2048x2048-width":2048,"2048x2048-height":1390,"article":"https:\/\/int.design\/wp-content\/uploads\/2020\/12\/7-Centre aquatique Beloeil-Lemay-architecture-design-entr\u00e9e_credit photo-David-Boyer-960x540.jpg","article-width":960,"article-height":540,"banner":"https:\/\/int.design\/wp-content\/uploads\/2020\/12\/7-Centre aquatique Beloeil-Lemay-architecture-design-entr\u00e9e_credit photo-David-Boyer-1920x1303.jpg","banner-width":1920,"banner-height":1303,"block":"https:\/\/int.design\/wp-content\/uploads\/2020\/12\/7-Centre aquatique Beloeil-Lemay-architecture-design-entr\u00e9e_credit photo-David-Boyer-900x680.jpg","block-width":900,"block-height":680,"card":"https:\/\/int.design\/wp-content\/uploads\/2020\/12\/7-Centre aquatique Beloeil-Lemay-architecture-design-entr\u00e9e_credit photo-David-Boyer-560x495.jpg","card-width":560,"card-height":495,"card-thumbnail":"https:\/\/int.design\/wp-content\/uploads\/2020\/12\/7-Centre aquatique Beloeil-Lemay-architecture-design-entr\u00e9e_credit photo-David-Boyer-450x340.jpg","card-thumbnail-width":450,"card-thumbnail-height":340,"conference":"https:\/\/int.design\/wp-content\/uploads\/2020\/12\/7-Centre aquatique Beloeil-Lemay-architecture-design-entr\u00e9e_credit photo-David-Boyer-560x250.jpg","conference-width":560,"conference-height":250,"contest":"https:\/\/int.design\/wp-content\/uploads\/2020\/12\/7-Centre aquatique Beloeil-Lemay-architecture-design-entr\u00e9e_credit photo-David-Boyer-960x400.jpg","contest-width":960,"contest-height":400,"cta":"https:\/\/int.design\/wp-content\/uploads\/2020\/12\/7-Centre aquatique Beloeil-Lemay-architecture-design-entr\u00e9e_credit photo-David-Boyer-415x170.jpg","cta-width":415,"cta-height":170,"exhibitor":"https:\/\/int.design\/wp-content\/uploads\/2020\/12\/7-Centre aquatique Beloeil-Lemay-architecture-design-entr\u00e9e_credit photo-David-Boyer-560x560.jpg","exhibitor-width":560,"exhibitor-height":560,"gallery":"https:\/\/int.design\/wp-content\/uploads\/2020\/12\/7-Centre aquatique Beloeil-Lemay-architecture-design-entr\u00e9e_credit photo-David-Boyer-560x380.jpg","gallery-width":560,"gallery-height":380,"logo":"https:\/\/int.design\/wp-content\/uploads\/2020\/12\/7-Centre aquatique Beloeil-Lemay-architecture-design-entr\u00e9e_credit photo-David-Boyer-147x100.jpg","logo-width":147,"logo-height":100,"masonry":"https:\/\/int.design\/wp-content\/uploads\/2020\/12\/7-Centre aquatique Beloeil-Lemay-architecture-design-entr\u00e9e_credit photo-David-Boyer-550x373.jpg","masonry-width":550,"masonry-height":373,"modal":"https:\/\/int.design\/wp-content\/uploads\/2020\/12\/7-Centre aquatique Beloeil-Lemay-architecture-design-entr\u00e9e_credit photo-David-Boyer-1920x1303.jpg","modal-width":1920,"modal-height":1303,"number":"https:\/\/int.design\/wp-content\/uploads\/2020\/12\/7-Centre aquatique Beloeil-Lemay-architecture-design-entr\u00e9e_credit photo-David-Boyer-560x380.jpg","number-width":560,"number-height":380,"partner":"https:\/\/int.design\/wp-content\/uploads\/2020\/12\/7-Centre aquatique Beloeil-Lemay-architecture-design-entr\u00e9e_credit photo-David-Boyer-275x187.jpg","partner-width":275,"partner-height":187,"ranking":"https:\/\/int.design\/wp-content\/uploads\/2020\/12\/7-Centre aquatique Beloeil-Lemay-architecture-design-entr\u00e9e_credit photo-David-Boyer-960x540.jpg","ranking-width":960,"ranking-height":540,"schedule":"https:\/\/int.design\/wp-content\/uploads\/2020\/12\/7-Centre aquatique Beloeil-Lemay-architecture-design-entr\u00e9e_credit photo-David-Boyer-960x360.jpg","schedule-width":960,"schedule-height":360,"slideshow":"https:\/\/int.design\/wp-content\/uploads\/2020\/12\/7-Centre aquatique Beloeil-Lemay-architecture-design-entr\u00e9e_credit photo-David-Boyer-1002x680.jpg","slideshow-width":1002,"slideshow-height":680}},"filters":false,"suppliers":false,"attachment_category":[]},{"categories":[384],"credit":"David Boyer","image":{"ID":33432,"id":33432,"title":"8-Centre aquatique Beloeil-Lemay-architecture-design-entr\u00e9e_credit photo-David-Boyer","filename":"8-Centre aquatique Beloeil-Lemay-architecture-design-entr\u00e9e_credit photo-David-Boyer-scaled.jpg","filesize":0,"url":"https:\/\/int.design\/wp-content\/uploads\/2020\/12\/8-Centre aquatique Beloeil-Lemay-architecture-design-entr\u00e9e_credit photo-David-Boyer-scaled.jpg","link":"https:\/\/int.design\/fr\/projets\/centre-aquatique-de-beloeil\/8-centre-aquatique-beloeil-lemay-architecture-design-entree_credit-photo-david-boyer\/","alt":"","author":"158","description":"Centre aquatique de Beloeil Lemay Lemay Decarel ELEMA BPA Lainco Lambert Somec","caption":"","name":"8-centre-aquatique-beloeil-lemay-architecture-design-entree_credit-photo-david-boyer","status":"inherit","uploaded_to":26297,"date":"2020-12-11 17:41:19","modified":"2022-02-08 12:00:11","menu_order":0,"mime_type":"image\/jpeg","type":"image","subtype":"jpeg","icon":"https:\/\/int.design\/wp-includes\/images\/media\/default.png","width":2560,"height":1737,"sizes":{"thumbnail":"https:\/\/int.design\/wp-content\/uploads\/2020\/12\/8-Centre aquatique Beloeil-Lemay-architecture-design-entr\u00e9e_credit photo-David-Boyer-150x150.jpg","thumbnail-width":150,"thumbnail-height":150,"medium":"https:\/\/int.design\/wp-content\/uploads\/2020\/12\/8-Centre aquatique Beloeil-Lemay-architecture-design-entr\u00e9e_credit photo-David-Boyer-300x204.jpg","medium-width":300,"medium-height":204,"medium_large":"https:\/\/int.design\/wp-content\/uploads\/2020\/12\/8-Centre aquatique Beloeil-Lemay-architecture-design-entr\u00e9e_credit photo-David-Boyer-768x521.jpg","medium_large-width":768,"medium_large-height":521,"large":"https:\/\/int.design\/wp-content\/uploads\/2020\/12\/8-Centre aquatique Beloeil-Lemay-architecture-design-entr\u00e9e_credit photo-David-Boyer-1024x695.jpg","large-width":1024,"large-height":695,"1536x1536":"https:\/\/int.design\/wp-content\/uploads\/2020\/12\/8-Centre aquatique Beloeil-Lemay-architecture-design-entr\u00e9e_credit photo-David-Boyer-1536x1042.jpg","1536x1536-width":1536,"1536x1536-height":1042,"2048x2048":"https:\/\/int.design\/wp-content\/uploads\/2020\/12\/8-Centre aquatique Beloeil-Lemay-architecture-design-entr\u00e9e_credit photo-David-Boyer-2048x1390.jpg","2048x2048-width":2048,"2048x2048-height":1390,"article":"https:\/\/int.design\/wp-content\/uploads\/2020\/12\/8-Centre aquatique Beloeil-Lemay-architecture-design-entr\u00e9e_credit photo-David-Boyer-960x540.jpg","article-width":960,"article-height":540,"banner":"https:\/\/int.design\/wp-content\/uploads\/2020\/12\/8-Centre aquatique Beloeil-Lemay-architecture-design-entr\u00e9e_credit photo-David-Boyer-1920x1303.jpg","banner-width":1920,"banner-height":1303,"block":"https:\/\/int.design\/wp-content\/uploads\/2020\/12\/8-Centre aquatique Beloeil-Lemay-architecture-design-entr\u00e9e_credit photo-David-Boyer-900x680.jpg","block-width":900,"block-height":680,"card":"https:\/\/int.design\/wp-content\/uploads\/2020\/12\/8-Centre aquatique Beloeil-Lemay-architecture-design-entr\u00e9e_credit photo-David-Boyer-560x495.jpg","card-width":560,"card-height":495,"card-thumbnail":"https:\/\/int.design\/wp-content\/uploads\/2020\/12\/8-Centre aquatique Beloeil-Lemay-architecture-design-entr\u00e9e_credit photo-David-Boyer-450x340.jpg","card-thumbnail-width":450,"card-thumbnail-height":340,"conference":"https:\/\/int.design\/wp-content\/uploads\/2020\/12\/8-Centre aquatique Beloeil-Lemay-architecture-design-entr\u00e9e_credit photo-David-Boyer-560x250.jpg","conference-width":560,"conference-height":250,"contest":"https:\/\/int.design\/wp-content\/uploads\/2020\/12\/8-Centre aquatique Beloeil-Lemay-architecture-design-entr\u00e9e_credit photo-David-Boyer-960x400.jpg","contest-width":960,"contest-height":400,"cta":"https:\/\/int.design\/wp-content\/uploads\/2020\/12\/8-Centre aquatique Beloeil-Lemay-architecture-design-entr\u00e9e_credit photo-David-Boyer-415x170.jpg","cta-width":415,"cta-height":170,"exhibitor":"https:\/\/int.design\/wp-content\/uploads\/2020\/12\/8-Centre aquatique Beloeil-Lemay-architecture-design-entr\u00e9e_credit photo-David-Boyer-560x560.jpg","exhibitor-width":560,"exhibitor-height":560,"gallery":"https:\/\/int.design\/wp-content\/uploads\/2020\/12\/8-Centre aquatique Beloeil-Lemay-architecture-design-entr\u00e9e_credit photo-David-Boyer-560x380.jpg","gallery-width":560,"gallery-height":380,"logo":"https:\/\/int.design\/wp-content\/uploads\/2020\/12\/8-Centre aquatique Beloeil-Lemay-architecture-design-entr\u00e9e_credit photo-David-Boyer-147x100.jpg","logo-width":147,"logo-height":100,"masonry":"https:\/\/int.design\/wp-content\/uploads\/2020\/12\/8-Centre aquatique Beloeil-Lemay-architecture-design-entr\u00e9e_credit photo-David-Boyer-550x373.jpg","masonry-width":550,"masonry-height":373,"modal":"https:\/\/int.design\/wp-content\/uploads\/2020\/12\/8-Centre aquatique Beloeil-Lemay-architecture-design-entr\u00e9e_credit photo-David-Boyer-1920x1303.jpg","modal-width":1920,"modal-height":1303,"number":"https:\/\/int.design\/wp-content\/uploads\/2020\/12\/8-Centre aquatique Beloeil-Lemay-architecture-design-entr\u00e9e_credit photo-David-Boyer-560x380.jpg","number-width":560,"number-height":380,"partner":"https:\/\/int.design\/wp-content\/uploads\/2020\/12\/8-Centre aquatique Beloeil-Lemay-architecture-design-entr\u00e9e_credit photo-David-Boyer-275x187.jpg","partner-width":275,"partner-height":187,"ranking":"https:\/\/int.design\/wp-content\/uploads\/2020\/12\/8-Centre aquatique Beloeil-Lemay-architecture-design-entr\u00e9e_credit photo-David-Boyer-960x540.jpg","ranking-width":960,"ranking-height":540,"schedule":"https:\/\/int.design\/wp-content\/uploads\/2020\/12\/8-Centre aquatique Beloeil-Lemay-architecture-design-entr\u00e9e_credit photo-David-Boyer-960x360.jpg","schedule-width":960,"schedule-height":360,"slideshow":"https:\/\/int.design\/wp-content\/uploads\/2020\/12\/8-Centre aquatique Beloeil-Lemay-architecture-design-entr\u00e9e_credit photo-David-Boyer-1002x680.jpg","slideshow-width":1002,"slideshow-height":680}},"filters":false,"suppliers":false,"attachment_category":[]}],"mandatory_documents":[{"name":"Level 1 Plan","file":{"ID":33535,"id":33535,"title":"Level 1","filename":"Level 1.pdf","filesize":0,"url":"https:\/\/d2q6z78khxmx42.cloudfront.net\/2020\/12\/Level 1.pdf","link":"https:\/\/int.design\/fr\/projets\/centre-aquatique-de-beloeil\/level-1\/","alt":"","author":"158","description":"","caption":"","name":"level-1","status":"inherit","uploaded_to":26297,"date":"2020-12-11 22:21:24","modified":"2020-12-11 22:21:29","menu_order":0,"mime_type":"application\/pdf","type":"application","subtype":"pdf","icon":"https:\/\/int.design\/wp-includes\/images\/media\/document.png"}}],"optional_documents":[{"name":"Level 2 Plan","file":{"ID":33536,"id":33536,"title":"Level 2","filename":"Level 2.pdf","filesize":0,"url":"https:\/\/d2q6z78khxmx42.cloudfront.net\/2020\/12\/Level 2.pdf","link":"https:\/\/int.design\/fr\/projets\/centre-aquatique-de-beloeil\/level-2\/","alt":"","author":"158","description":"","caption":"","name":"level-2","status":"inherit","uploaded_to":26297,"date":"2020-12-11 22:21:27","modified":"2020-12-11 22:21:29","menu_order":0,"mime_type":"application\/pdf","type":"application","subtype":"pdf","icon":"https:\/\/int.design\/wp-includes\/images\/media\/document.png"}}],"web_text":{"fr":"<p>R\u00e9pondant aux besoins d\u2019une petite ville encadr\u00e9e par un paysage idyllique, le Centre aquatique de Bel\u0153il teste le potentiel de l\u2019architecture pour r\u00e9v\u00e9ler le g\u00e9nie du lieu. N\u00e9 d\u2019un concours d\u2019architecture de conception-construction, dont toutes les propositions \u00e9taient encadr\u00e9es par des contraintes de co\u00fbts strictes, le contexte particulier du projet a \u00e9t\u00e9 un terreau fertile pour stimuler l\u2019excellence en mati\u00e8re de design. D\u00e8s le d\u00e9part, l\u2019objectif \u00e9tait de mettre \u00e0 profit des strat\u00e9gies de conception d\u00e9licates et nuanc\u00e9es pour tirer le meilleur parti de cette occasion de construire un b\u00e2timent communautaire.<br \/>\nLe projet comprend une piscine aux dimensions semi-olympiques, des bureaux, un sauna, une piscine pour la baignade, une glissoire pour enfants, des gradins, des aires de repos et un stationnement. La conception juxtapose le quotidien et l\u2019exceptionnel : un prisme blanc brillant s\u2019\u00e9l\u00e8ve l\u00e9g\u00e8rement au-dessus des toits environnants, tandis que le soir, ce bo\u00eetier lumineux r\u00e9v\u00e8le \u00e0 la fois la profondeur de sa structure et la nature des activit\u00e9s aquatiques qu\u2019il abrite.<br \/>\nLes mesures d\u2019efficacit\u00e9 \u00e9nerg\u00e9tique comprennent un triple vitrage, une disposition permettant de maximiser la lumi\u00e8re naturelle, un toit blanc, des syst\u00e8mes de filtration \u00e0 balles et de r\u00e9cup\u00e9ration de chaleur.<\/p>\n","en":"<p>Framed by the needs of a small city surrounded by a bucolic landscape, Beloeil Aquatics Centre tests architecture\u2019s potential to reveal genius loci. Borne of a design-build architectural competition, with all solutions framed by tight cost constraints, it created a challenging context for excellence. The goal from inception was to leverage delicate and nuanced design strategies to make the most of this community-building opportunity.<br \/>\nThe project comprises a pool with semi-Olympic dimensions, office space, a sauna, a recreational pool, children\u2019s slide, bleachers, rest areas and parking. Our design juxtaposes the everyday and the exceptional: a bright white prism rises slightly above the surrounding roofs, while in the evening, this light box reveals both the depth of its structure and the nature of the aquatics activities it hosts.<br \/>\nEnergy-efficiency measures include triple glazing, layout to maximize natural light, a white roof, ball filtration and heat recovery systems.<\/p>\n","original":""},"jury_text":[{"category":384,"fr":"<p>R\u00e9pondant aux besoins d\u2019une petite ville encadr\u00e9e par un paysage idyllique, le Centre aquatique de Bel\u0153il teste le potentiel de l\u2019architecture pour r\u00e9v\u00e9ler le g\u00e9nie du lieu. N\u00e9 d\u2019un concours d\u2019architecture de conception-construction, dont toutes les propositions \u00e9taient encadr\u00e9es par des contraintes de co\u00fbts strictes, le contexte particulier du projet a \u00e9t\u00e9 un terreau fertile pour stimuler l\u2019excellence en mati\u00e8re de design. D\u00e8s le d\u00e9part, l\u2019objectif \u00e9tait de mettre \u00e0 profit des strat\u00e9gies de conception d\u00e9licates et nuanc\u00e9es pour tirer le meilleur parti de cette occasion de construire un b\u00e2timent communautaire.<br \/>\nLe projet comprend une piscine aux dimensions semi-olympiques, des bureaux, un sauna, une piscine pour la baignade, une glissoire pour enfants, des gradins, des aires de repos et un stationnement. La conception juxtapose le quotidien et l\u2019exceptionnel : un prisme blanc brillant s\u2019\u00e9l\u00e8ve l\u00e9g\u00e8rement au-dessus des toits environnants, tandis que le soir, ce bo\u00eetier lumineux r\u00e9v\u00e8le \u00e0 la fois la profondeur de sa structure et la nature des activit\u00e9s aquatiques qu\u2019il abrite.<br \/>\nLes mesures d\u2019efficacit\u00e9 \u00e9nerg\u00e9tique comprennent un triple vitrage, une disposition permettant de maximiser la lumi\u00e8re naturelle, un toit blanc, des syst\u00e8mes de filtration \u00e0 balles et de r\u00e9cup\u00e9ration de chaleur.<\/p>\n","en":"<p>Framed by the needs of a small city surrounded by a bucolic landscape, Beloeil Aquatics Centre tests architecture\u2019s potential to reveal genius loci. Borne of a design-build architectural competition, with all solutions framed by tight cost constraints, it created a challenging context for excellence. The goal from inception was to leverage delicate and nuanced design strategies to make the most of this community-building opportunity.<br \/>\nThe project comprises a pool with semi-Olympic dimensions, office space, a sauna, a recreational pool, children\u2019s slide, bleachers, rest areas and parking. Our design juxtaposes the everyday and the exceptional: a bright white prism rises slightly above the surrounding roofs, while in the evening, this light box reveals both the depth of its structure and the nature of the aquatics activities it hosts.<br \/>\nEnergy-efficiency measures include triple glazing, layout to maximize natural light, a white roof, ball filtration and heat recovery systems.<\/p>\n","original":""}],"different_jury_text":false,"different_category_text":false},"laureats":[{"cat_id":384,"cat_id_laureat":1033,"laureat":"Certification Bronze"}],"contest_id":"1180","contest_title":"GRANDS PRIX DU DESIGN - 14e \u00e9dition","firms":[{"name":"Lemay","website":"https:\/\/lemay.com\/","category":"Architect","category_tax":false,"category_label":null},{"name":"Decarel","website":"https:\/\/www.decarel.com\/","category":"General Contractor","category_tax":false,"category_label":null},{"name":"ELEMA","website":"https:\/\/lemay.com\/","category":"Engineering","category_tax":false,"category_label":null},{"name":"BPA","website":"http:\/\/bpa.ca\/","category":"Engineering","category_tax":false,"category_label":null},{"name":"Lainco","website":"http:\/\/lainco.ca\/en","category":"Engineering","category_tax":false,"category_label":null},{"name":"Lambert Somec","website":"https:\/\/www.lambertsomec.com\/index.php\/fr\/","category":"Engineering","category_tax":false,"category_label":null}],"user":{"email":"awards@lemay.com","first_name":"Marie","last_name":"L\u00e9veill\u00e9 Tremblay"},"doc_texts_web":{"fr":"","en":""},"permalinks":{"fr":"https:\/\/int.design\/fr\/projets\/centre-aquatique-de-beloeil\/","en":"https:\/\/int.design\/en\/projects\/centre-aquatique-de-beloeil\/"},"titles":{"fr":"Centre aquatique de Beloeil","en":"Centre aquatique de Beloeil"},"wp_fields":[],"laravel_id":""},"_links":{"self":[{"href":"https:\/\/int.design\/fr\/wp-json\/wp\/v2\/project\/26297","targetHints":{"allow":["GET"]}}],"collection":[{"href":"https:\/\/int.design\/fr\/wp-json\/wp\/v2\/project"}],"about":[{"href":"https:\/\/int.design\/fr\/wp-json\/wp\/v2\/types\/project"}],"wp:attachment":[{"href":"https:\/\/int.design\/fr\/wp-json\/wp\/v2\/media?parent=26297"}],"curies":[{"name":"wp","href":"https:\/\/api.w.org\/{rel}","templated":true}]}}