{"id":26240,"date":"2021-07-14T19:42:45","date_gmt":"2021-07-14T23:42:45","guid":{"rendered":"https:\/\/int.design\/?post_type=project&#038;p=26240"},"modified":"2021-07-16T13:46:16","modified_gmt":"2021-07-16T17:46:16","slug":"plan-directeur-damenagement-du-quartier-well-sud-sherbrooke","status":"publish","type":"project","link":"https:\/\/int.design\/fr\/projets\/plan-directeur-damenagement-du-quartier-well-sud-sherbrooke\/","title":{"rendered":"Plan directeur d&#039;am\u00e9nagement du Quartier Well Sud, Sherbrooke"},"content":{"rendered":"","protected":false},"template":"","class_list":["post-26240","project","type-project","status-publish","hentry","project_category-design-urbain-architecture-de-paysage-et-amenagement-paysager","project_category-design-urbain","project_category-plan-de-design-urbain-2"],"acf":[],"yoast_head":"<!-- This site is optimized with the Yoast SEO plugin v21.5 - https:\/\/yoast.com\/wordpress\/plugins\/seo\/ -->\n<title>Plan directeur d&#039;am\u00e9nagement du Quartier Well Sud, Sherbrooke - INT Design<\/title>\n<meta name=\"robots\" content=\"index, follow, max-snippet:-1, max-image-preview:large, max-video-preview:-1\" \/>\n<link rel=\"canonical\" href=\"https:\/\/int.design\/fr\/projets\/plan-directeur-damenagement-du-quartier-well-sud-sherbrooke\/\" \/>\n<meta property=\"og:locale\" content=\"fr_FR\" \/>\n<meta property=\"og:type\" content=\"article\" \/>\n<meta property=\"og:title\" content=\"Plan directeur d&#039;am\u00e9nagement du Quartier Well Sud, Sherbrooke - INT Design\" \/>\n<meta property=\"og:url\" content=\"https:\/\/int.design\/fr\/projets\/plan-directeur-damenagement-du-quartier-well-sud-sherbrooke\/\" \/>\n<meta property=\"og:site_name\" content=\"INT Design\" \/>\n<meta property=\"article:modified_time\" content=\"2021-07-16T17:46:16+00:00\" \/>\n<meta name=\"twitter:card\" content=\"summary_large_image\" \/>\n<script type=\"application\/ld+json\" class=\"yoast-schema-graph\">{\"@context\":\"https:\/\/schema.org\",\"@graph\":[{\"@type\":\"WebPage\",\"@id\":\"https:\/\/int.design\/fr\/projets\/plan-directeur-damenagement-du-quartier-well-sud-sherbrooke\/\",\"url\":\"https:\/\/int.design\/fr\/projets\/plan-directeur-damenagement-du-quartier-well-sud-sherbrooke\/\",\"name\":\"Plan directeur d&#039;am\u00e9nagement du Quartier Well Sud, Sherbrooke - INT Design\",\"isPartOf\":{\"@id\":\"https:\/\/int.design\/fr\/#website\"},\"datePublished\":\"2021-07-14T23:42:45+00:00\",\"dateModified\":\"2021-07-16T17:46:16+00:00\",\"breadcrumb\":{\"@id\":\"https:\/\/int.design\/fr\/projets\/plan-directeur-damenagement-du-quartier-well-sud-sherbrooke\/#breadcrumb\"},\"inLanguage\":\"fr-FR\",\"potentialAction\":[{\"@type\":\"ReadAction\",\"target\":[\"https:\/\/int.design\/fr\/projets\/plan-directeur-damenagement-du-quartier-well-sud-sherbrooke\/\"]}]},{\"@type\":\"BreadcrumbList\",\"@id\":\"https:\/\/int.design\/fr\/projets\/plan-directeur-damenagement-du-quartier-well-sud-sherbrooke\/#breadcrumb\",\"itemListElement\":[{\"@type\":\"ListItem\",\"position\":1,\"name\":\"Home\",\"item\":\"https:\/\/int.design\/fr\/\"},{\"@type\":\"ListItem\",\"position\":2,\"name\":\"Projects\",\"item\":\"https:\/\/int.design\/en\/projects\/\"},{\"@type\":\"ListItem\",\"position\":3,\"name\":\"Plan directeur d&#039;am\u00e9nagement du Quartier Well Sud, Sherbrooke\"}]},{\"@type\":\"WebSite\",\"@id\":\"https:\/\/int.design\/fr\/#website\",\"url\":\"https:\/\/int.design\/fr\/\",\"name\":\"INT Design\",\"description\":\"\",\"potentialAction\":[{\"@type\":\"SearchAction\",\"target\":{\"@type\":\"EntryPoint\",\"urlTemplate\":\"https:\/\/int.design\/fr\/?s={search_term_string}\"},\"query-input\":\"required name=search_term_string\"}],\"inLanguage\":\"fr-FR\"}]}<\/script>\n<!-- \/ Yoast SEO plugin. -->","yoast_head_json":{"title":"Plan directeur d&#039;am\u00e9nagement du Quartier Well Sud, Sherbrooke - INT Design","robots":{"index":"index","follow":"follow","max-snippet":"max-snippet:-1","max-image-preview":"max-image-preview:large","max-video-preview":"max-video-preview:-1"},"canonical":"https:\/\/int.design\/fr\/projets\/plan-directeur-damenagement-du-quartier-well-sud-sherbrooke\/","og_locale":"fr_FR","og_type":"article","og_title":"Plan directeur d&#039;am\u00e9nagement du Quartier Well Sud, Sherbrooke - INT Design","og_url":"https:\/\/int.design\/fr\/projets\/plan-directeur-damenagement-du-quartier-well-sud-sherbrooke\/","og_site_name":"INT Design","article_modified_time":"2021-07-16T17:46:16+00:00","twitter_card":"summary_large_image","schema":{"@context":"https:\/\/schema.org","@graph":[{"@type":"WebPage","@id":"https:\/\/int.design\/fr\/projets\/plan-directeur-damenagement-du-quartier-well-sud-sherbrooke\/","url":"https:\/\/int.design\/fr\/projets\/plan-directeur-damenagement-du-quartier-well-sud-sherbrooke\/","name":"Plan directeur d&#039;am\u00e9nagement du Quartier Well Sud, Sherbrooke - INT Design","isPartOf":{"@id":"https:\/\/int.design\/fr\/#website"},"datePublished":"2021-07-14T23:42:45+00:00","dateModified":"2021-07-16T17:46:16+00:00","breadcrumb":{"@id":"https:\/\/int.design\/fr\/projets\/plan-directeur-damenagement-du-quartier-well-sud-sherbrooke\/#breadcrumb"},"inLanguage":"fr-FR","potentialAction":[{"@type":"ReadAction","target":["https:\/\/int.design\/fr\/projets\/plan-directeur-damenagement-du-quartier-well-sud-sherbrooke\/"]}]},{"@type":"BreadcrumbList","@id":"https:\/\/int.design\/fr\/projets\/plan-directeur-damenagement-du-quartier-well-sud-sherbrooke\/#breadcrumb","itemListElement":[{"@type":"ListItem","position":1,"name":"Home","item":"https:\/\/int.design\/fr\/"},{"@type":"ListItem","position":2,"name":"Projects","item":"https:\/\/int.design\/en\/projects\/"},{"@type":"ListItem","position":3,"name":"Plan directeur d&#039;am\u00e9nagement du Quartier Well Sud, Sherbrooke"}]},{"@type":"WebSite","@id":"https:\/\/int.design\/fr\/#website","url":"https:\/\/int.design\/fr\/","name":"INT Design","description":"","potentialAction":[{"@type":"SearchAction","target":{"@type":"EntryPoint","urlTemplate":"https:\/\/int.design\/fr\/?s={search_term_string}"},"query-input":"required name=search_term_string"}],"inLanguage":"fr-FR"}]}},"entry":{"cats":{"disciplines":[{"id":127,"name":"Design urbain, architecture de paysage &amp; am\u00e9nagement paysager"}],"big_cats":[{"id":514,"name":"Design urbain"}],"sub_cats":[{"id":515,"name":"Plan de design urbain","parent":514}]},"entry":{"":null,"status":"completed","winner_title":"Groupe BC2","winner_prize_lang":"","title_translatable":false,"title_en":"","title_fr":"","releve_award":false,"releve_award_cv":false,"collaboration":false,"collaboration_firms":false,"other_firms":[{"name":"Groupe BC2","website":"https:\/\/groupebc2.ca\/","category":"Architecture de paysage","category_tax":false}],"owner":{"name":"Ville de Sherbrooke, J\u00e9r\u00e9my D\u00e9pault","confidential":false,"website":"https:\/\/www.sherbrooke.ca\/fr\/projets-majeurs\/12\/programme-d-intervention-du-quartier-well-sud","contact_name":"","email":"jeremy.depault@sherbrooke.ca","phone":""},"address":{"address":"","city":"Sherbrooke","region":"Estrie","province":"QC","country":"CA","postal_code":""},"logos":false,"use_logo":false,"designers":[{"name":"C\u00e9dric Proulx","credit":"","image":{"ID":37748,"id":37748,"title":"GPDD_2020_QuartierWellSud_Img_C\u00e9dric Proulx","filename":"GPDD_2020_QuartierWellSud_Img_C\u00e9dric Proulx.jpg","filesize":0,"url":"https:\/\/d2q6z78khxmx42.cloudfront.net\/2021\/01\/GPDD_2020_QuartierWellSud_Img_C\u00e9dric Proulx.jpg","link":"https:\/\/int.design\/fr\/projets\/plan-directeur-damenagement-du-quartier-well-sud-sherbrooke\/gpdd_2020_quartierwellsud_img_cedric-proulx\/","alt":"","author":"198","description":"","caption":"","name":"gpdd_2020_quartierwellsud_img_cedric-proulx","status":"inherit","uploaded_to":26240,"date":"2021-01-11 20:46:22","modified":"2021-01-11 20:47:38","menu_order":0,"mime_type":"image\/jpeg","type":"image","subtype":"jpeg","icon":"https:\/\/int.design\/wp-includes\/images\/media\/default.png","width":2400,"height":2400,"sizes":{"thumbnail":"https:\/\/d2q6z78khxmx42.cloudfront.net\/2021\/01\/GPDD_2020_QuartierWellSud_Img_C\u00e9dric Proulx-150x150.jpg","thumbnail-width":150,"thumbnail-height":150,"medium":"https:\/\/d2q6z78khxmx42.cloudfront.net\/2021\/01\/GPDD_2020_QuartierWellSud_Img_C\u00e9dric Proulx-300x300.jpg","medium-width":300,"medium-height":300,"medium_large":"https:\/\/d2q6z78khxmx42.cloudfront.net\/2021\/01\/GPDD_2020_QuartierWellSud_Img_C\u00e9dric Proulx-768x768.jpg","medium_large-width":768,"medium_large-height":768,"large":"https:\/\/d2q6z78khxmx42.cloudfront.net\/2021\/01\/GPDD_2020_QuartierWellSud_Img_C\u00e9dric Proulx-1024x1024.jpg","large-width":1024,"large-height":1024,"1536x1536":"https:\/\/d2q6z78khxmx42.cloudfront.net\/2021\/01\/GPDD_2020_QuartierWellSud_Img_C\u00e9dric Proulx-1536x1536.jpg","1536x1536-width":1536,"1536x1536-height":1536,"2048x2048":"https:\/\/d2q6z78khxmx42.cloudfront.net\/2021\/01\/GPDD_2020_QuartierWellSud_Img_C\u00e9dric Proulx-2048x2048.jpg","2048x2048-width":2048,"2048x2048-height":2048,"article":"https:\/\/d2q6z78khxmx42.cloudfront.net\/2021\/01\/GPDD_2020_QuartierWellSud_Img_C\u00e9dric Proulx-960x540.jpg","article-width":960,"article-height":540,"banner":"https:\/\/d2q6z78khxmx42.cloudfront.net\/2021\/01\/GPDD_2020_QuartierWellSud_Img_C\u00e9dric Proulx-1920x1920.jpg","banner-width":1920,"banner-height":1920,"block":"https:\/\/d2q6z78khxmx42.cloudfront.net\/2021\/01\/GPDD_2020_QuartierWellSud_Img_C\u00e9dric Proulx-900x680.jpg","block-width":900,"block-height":680,"card":"https:\/\/d2q6z78khxmx42.cloudfront.net\/2021\/01\/GPDD_2020_QuartierWellSud_Img_C\u00e9dric Proulx-560x495.jpg","card-width":560,"card-height":495,"card-thumbnail":"https:\/\/d2q6z78khxmx42.cloudfront.net\/2021\/01\/GPDD_2020_QuartierWellSud_Img_C\u00e9dric Proulx-450x340.jpg","card-thumbnail-width":450,"card-thumbnail-height":340,"conference":"https:\/\/d2q6z78khxmx42.cloudfront.net\/2021\/01\/GPDD_2020_QuartierWellSud_Img_C\u00e9dric Proulx-560x250.jpg","conference-width":560,"conference-height":250,"contest":"https:\/\/d2q6z78khxmx42.cloudfront.net\/2021\/01\/GPDD_2020_QuartierWellSud_Img_C\u00e9dric Proulx-960x400.jpg","contest-width":960,"contest-height":400,"cta":"https:\/\/d2q6z78khxmx42.cloudfront.net\/2021\/01\/GPDD_2020_QuartierWellSud_Img_C\u00e9dric Proulx-415x170.jpg","cta-width":415,"cta-height":170,"exhibitor":"https:\/\/d2q6z78khxmx42.cloudfront.net\/2021\/01\/GPDD_2020_QuartierWellSud_Img_C\u00e9dric Proulx-560x560.jpg","exhibitor-width":560,"exhibitor-height":560,"gallery":"https:\/\/d2q6z78khxmx42.cloudfront.net\/2021\/01\/GPDD_2020_QuartierWellSud_Img_C\u00e9dric Proulx-430x430.jpg","gallery-width":430,"gallery-height":430,"logo":"https:\/\/d2q6z78khxmx42.cloudfront.net\/2021\/01\/GPDD_2020_QuartierWellSud_Img_C\u00e9dric Proulx-100x100.jpg","logo-width":100,"logo-height":100,"masonry":"https:\/\/d2q6z78khxmx42.cloudfront.net\/2021\/01\/GPDD_2020_QuartierWellSud_Img_C\u00e9dric Proulx-550x550.jpg","masonry-width":550,"masonry-height":550,"modal":"https:\/\/d2q6z78khxmx42.cloudfront.net\/2021\/01\/NO0sklhb-GPDD_2020_QuartierWellSud_Img_C\u00e9dric Proulx-1920x1920.jpg","modal-width":1920,"modal-height":1920,"number":"https:\/\/d2q6z78khxmx42.cloudfront.net\/2021\/01\/NO0sklhb-GPDD_2020_QuartierWellSud_Img_C\u00e9dric Proulx-430x430.jpg","number-width":430,"number-height":430,"partner":"https:\/\/d2q6z78khxmx42.cloudfront.net\/2021\/01\/GPDD_2020_QuartierWellSud_Img_C\u00e9dric Proulx-210x210.jpg","partner-width":210,"partner-height":210,"ranking":"https:\/\/d2q6z78khxmx42.cloudfront.net\/2021\/01\/NO0sklhb-GPDD_2020_QuartierWellSud_Img_C\u00e9dric Proulx-960x540.jpg","ranking-width":960,"ranking-height":540,"schedule":"https:\/\/d2q6z78khxmx42.cloudfront.net\/2021\/01\/GPDD_2020_QuartierWellSud_Img_C\u00e9dric Proulx-960x360.jpg","schedule-width":960,"schedule-height":360,"slideshow":"https:\/\/d2q6z78khxmx42.cloudfront.net\/2021\/01\/GPDD_2020_QuartierWellSud_Img_C\u00e9dric Proulx-680x680.jpg","slideshow-width":680,"slideshow-height":680}},"file":{"ID":37749,"id":37749,"title":"GPDD_2020_QuartierWellSud_Bio_Concepteur_CP","filename":"GPDD_2020_QuartierWellSud_Bio_Concepteur_CP.docx","filesize":0,"url":"https:\/\/int.design\/wp-content\/uploads\/2021\/01\/GPDD_2020_QuartierWellSud_Bio_Concepteur_CP.docx","link":"https:\/\/int.design\/fr\/projets\/plan-directeur-damenagement-du-quartier-well-sud-sherbrooke\/gpdd_2020_quartierwellsud_bio_concepteur_cp\/","alt":"","author":"198","description":"","caption":"","name":"gpdd_2020_quartierwellsud_bio_concepteur_cp","status":"inherit","uploaded_to":26240,"date":"2021-01-11 20:46:30","modified":"2021-01-11 20:47:38","menu_order":0,"mime_type":"application\/vnd.openxmlformats-officedocument.wordprocessingml.document","type":"application","subtype":"vnd.openxmlformats-officedocument.wordprocessingml.document","icon":"https:\/\/int.design\/wp-includes\/images\/media\/document.png"}}],"cover":[{"categories":[515],"credit":"","image":{"ID":37750,"id":37750,"title":"GPDD_2020_QuartierWellSud_Couv","filename":"GPDD_2020_QuartierWellSud_Couv.jpg","filesize":0,"url":"https:\/\/d2q6z78khxmx42.cloudfront.net\/2021\/01\/GPDD_2020_QuartierWellSud_Couv.jpg","link":"https:\/\/int.design\/fr\/projets\/plan-directeur-damenagement-du-quartier-well-sud-sherbrooke\/gpdd_2020_quartierwellsud_couv\/","alt":"","author":"198","description":"Plan directeur d&#039;am\u00e9nagement du Quartier Well Sud, Sherbrooke Groupe BC2 Groupe BC2","caption":"","name":"gpdd_2020_quartierwellsud_couv","status":"inherit","uploaded_to":26240,"date":"2021-01-11 20:46:31","modified":"2022-02-08 12:07:19","menu_order":0,"mime_type":"image\/jpeg","type":"image","subtype":"jpeg","icon":"https:\/\/int.design\/wp-includes\/images\/media\/default.png","width":2500,"height":1145,"sizes":{"thumbnail":"https:\/\/d2q6z78khxmx42.cloudfront.net\/2021\/01\/GPDD_2020_QuartierWellSud_Couv-150x150.jpg","thumbnail-width":150,"thumbnail-height":150,"medium":"https:\/\/d2q6z78khxmx42.cloudfront.net\/2021\/01\/GPDD_2020_QuartierWellSud_Couv-300x137.jpg","medium-width":300,"medium-height":137,"medium_large":"https:\/\/d2q6z78khxmx42.cloudfront.net\/2021\/01\/GPDD_2020_QuartierWellSud_Couv-768x352.jpg","medium_large-width":768,"medium_large-height":352,"large":"https:\/\/d2q6z78khxmx42.cloudfront.net\/2021\/01\/GPDD_2020_QuartierWellSud_Couv-1024x469.jpg","large-width":1024,"large-height":469,"1536x1536":"https:\/\/d2q6z78khxmx42.cloudfront.net\/2021\/01\/GPDD_2020_QuartierWellSud_Couv-1536x703.jpg","1536x1536-width":1536,"1536x1536-height":703,"2048x2048":"https:\/\/d2q6z78khxmx42.cloudfront.net\/2021\/01\/GPDD_2020_QuartierWellSud_Couv-2048x938.jpg","2048x2048-width":2048,"2048x2048-height":938,"article":"https:\/\/d2q6z78khxmx42.cloudfront.net\/2021\/01\/GPDD_2020_QuartierWellSud_Couv-960x540.jpg","article-width":960,"article-height":540,"banner":"https:\/\/d2q6z78khxmx42.cloudfront.net\/2021\/01\/GPDD_2020_QuartierWellSud_Couv-1920x879.jpg","banner-width":1920,"banner-height":879,"block":"https:\/\/d2q6z78khxmx42.cloudfront.net\/2021\/01\/GPDD_2020_QuartierWellSud_Couv-900x680.jpg","block-width":900,"block-height":680,"card":"https:\/\/d2q6z78khxmx42.cloudfront.net\/2021\/01\/GPDD_2020_QuartierWellSud_Couv-560x495.jpg","card-width":560,"card-height":495,"card-thumbnail":"https:\/\/d2q6z78khxmx42.cloudfront.net\/2021\/01\/GPDD_2020_QuartierWellSud_Couv-450x340.jpg","card-thumbnail-width":450,"card-thumbnail-height":340,"conference":"https:\/\/d2q6z78khxmx42.cloudfront.net\/2021\/01\/GPDD_2020_QuartierWellSud_Couv-560x250.jpg","conference-width":560,"conference-height":250,"contest":"https:\/\/d2q6z78khxmx42.cloudfront.net\/2021\/01\/GPDD_2020_QuartierWellSud_Couv-960x400.jpg","contest-width":960,"contest-height":400,"cta":"https:\/\/d2q6z78khxmx42.cloudfront.net\/2021\/01\/GPDD_2020_QuartierWellSud_Couv-415x170.jpg","cta-width":415,"cta-height":170,"exhibitor":"https:\/\/d2q6z78khxmx42.cloudfront.net\/2021\/01\/GPDD_2020_QuartierWellSud_Couv-560x560.jpg","exhibitor-width":560,"exhibitor-height":560,"gallery":"https:\/\/d2q6z78khxmx42.cloudfront.net\/2021\/01\/GPDD_2020_QuartierWellSud_Couv-560x256.jpg","gallery-width":560,"gallery-height":256,"logo":"https:\/\/d2q6z78khxmx42.cloudfront.net\/2021\/01\/GPDD_2020_QuartierWellSud_Couv-218x100.jpg","logo-width":218,"logo-height":100,"masonry":"https:\/\/d2q6z78khxmx42.cloudfront.net\/2021\/01\/GPDD_2020_QuartierWellSud_Couv-550x252.jpg","masonry-width":550,"masonry-height":252,"modal":"https:\/\/d2q6z78khxmx42.cloudfront.net\/2021\/01\/2YmZqkqG-GPDD_2020_QuartierWellSud_Couv-1920x879.jpg","modal-width":1920,"modal-height":879,"number":"https:\/\/d2q6z78khxmx42.cloudfront.net\/2021\/01\/2YmZqkqG-GPDD_2020_QuartierWellSud_Couv-560x256.jpg","number-width":560,"number-height":256,"partner":"https:\/\/d2q6z78khxmx42.cloudfront.net\/2021\/01\/GPDD_2020_QuartierWellSud_Couv-275x126.jpg","partner-width":275,"partner-height":126,"ranking":"https:\/\/d2q6z78khxmx42.cloudfront.net\/2021\/01\/2YmZqkqG-GPDD_2020_QuartierWellSud_Couv-960x540.jpg","ranking-width":960,"ranking-height":540,"schedule":"https:\/\/d2q6z78khxmx42.cloudfront.net\/2021\/01\/GPDD_2020_QuartierWellSud_Couv-960x360.jpg","schedule-width":960,"schedule-height":360,"slideshow":"https:\/\/d2q6z78khxmx42.cloudfront.net\/2021\/01\/GPDD_2020_QuartierWellSud_Couv-1485x680.jpg","slideshow-width":1485,"slideshow-height":680}},"filters":[557],"suppliers":false,"attachment_category":{"557":"Paysage - Commercial &amp; public"}}],"images":[{"categories":[515],"credit":"","image":{"ID":37751,"id":37751,"title":"GPDD_2020_QuartierWellSud_Img1","filename":"GPDD_2020_QuartierWellSud_Img1-scaled.jpg","filesize":0,"url":"https:\/\/int.design\/wp-content\/uploads\/2021\/01\/GPDD_2020_QuartierWellSud_Img1-scaled.jpg","link":"https:\/\/int.design\/fr\/projets\/plan-directeur-damenagement-du-quartier-well-sud-sherbrooke\/gpdd_2020_quartierwellsud_img1\/","alt":"","author":"198","description":"Plan directeur d&#039;am\u00e9nagement du Quartier Well Sud, Sherbrooke Groupe BC2 Groupe BC2","caption":"","name":"gpdd_2020_quartierwellsud_img1","status":"inherit","uploaded_to":26240,"date":"2021-01-11 20:46:39","modified":"2022-02-08 12:07:19","menu_order":0,"mime_type":"image\/jpeg","type":"image","subtype":"jpeg","icon":"https:\/\/int.design\/wp-includes\/images\/media\/default.png","width":2560,"height":1552,"sizes":{"thumbnail":"https:\/\/int.design\/wp-content\/uploads\/2021\/01\/GPDD_2020_QuartierWellSud_Img1-150x150.jpg","thumbnail-width":150,"thumbnail-height":150,"medium":"https:\/\/int.design\/wp-content\/uploads\/2021\/01\/GPDD_2020_QuartierWellSud_Img1-300x182.jpg","medium-width":300,"medium-height":182,"medium_large":"https:\/\/int.design\/wp-content\/uploads\/2021\/01\/GPDD_2020_QuartierWellSud_Img1-768x466.jpg","medium_large-width":768,"medium_large-height":466,"large":"https:\/\/int.design\/wp-content\/uploads\/2021\/01\/GPDD_2020_QuartierWellSud_Img1-1024x621.jpg","large-width":1024,"large-height":621,"1536x1536":"https:\/\/int.design\/wp-content\/uploads\/2021\/01\/GPDD_2020_QuartierWellSud_Img1-1536x931.jpg","1536x1536-width":1536,"1536x1536-height":931,"2048x2048":"https:\/\/int.design\/wp-content\/uploads\/2021\/01\/GPDD_2020_QuartierWellSud_Img1-2048x1242.jpg","2048x2048-width":2048,"2048x2048-height":1242,"article":"https:\/\/int.design\/wp-content\/uploads\/2021\/01\/GPDD_2020_QuartierWellSud_Img1-960x540.jpg","article-width":960,"article-height":540,"banner":"https:\/\/int.design\/wp-content\/uploads\/2021\/01\/GPDD_2020_QuartierWellSud_Img1-1920x1164.jpg","banner-width":1920,"banner-height":1164,"block":"https:\/\/int.design\/wp-content\/uploads\/2021\/01\/GPDD_2020_QuartierWellSud_Img1-900x680.jpg","block-width":900,"block-height":680,"card":"https:\/\/int.design\/wp-content\/uploads\/2021\/01\/GPDD_2020_QuartierWellSud_Img1-560x495.jpg","card-width":560,"card-height":495,"card-thumbnail":"https:\/\/int.design\/wp-content\/uploads\/2021\/01\/GPDD_2020_QuartierWellSud_Img1-450x340.jpg","card-thumbnail-width":450,"card-thumbnail-height":340,"conference":"https:\/\/int.design\/wp-content\/uploads\/2021\/01\/GPDD_2020_QuartierWellSud_Img1-560x250.jpg","conference-width":560,"conference-height":250,"contest":"https:\/\/int.design\/wp-content\/uploads\/2021\/01\/GPDD_2020_QuartierWellSud_Img1-960x400.jpg","contest-width":960,"contest-height":400,"cta":"https:\/\/int.design\/wp-content\/uploads\/2021\/01\/GPDD_2020_QuartierWellSud_Img1-415x170.jpg","cta-width":415,"cta-height":170,"exhibitor":"https:\/\/int.design\/wp-content\/uploads\/2021\/01\/GPDD_2020_QuartierWellSud_Img1-560x560.jpg","exhibitor-width":560,"exhibitor-height":560,"gallery":"https:\/\/int.design\/wp-content\/uploads\/2021\/01\/GPDD_2020_QuartierWellSud_Img1-560x340.jpg","gallery-width":560,"gallery-height":340,"logo":"https:\/\/int.design\/wp-content\/uploads\/2021\/01\/GPDD_2020_QuartierWellSud_Img1-165x100.jpg","logo-width":165,"logo-height":100,"masonry":"https:\/\/int.design\/wp-content\/uploads\/2021\/01\/GPDD_2020_QuartierWellSud_Img1-550x333.jpg","masonry-width":550,"masonry-height":333,"modal":"https:\/\/int.design\/wp-content\/uploads\/2021\/01\/GPDD_2020_QuartierWellSud_Img1-1920x1164.jpg","modal-width":1920,"modal-height":1164,"number":"https:\/\/int.design\/wp-content\/uploads\/2021\/01\/GPDD_2020_QuartierWellSud_Img1-560x340.jpg","number-width":560,"number-height":340,"partner":"https:\/\/int.design\/wp-content\/uploads\/2021\/01\/GPDD_2020_QuartierWellSud_Img1-275x167.jpg","partner-width":275,"partner-height":167,"ranking":"https:\/\/int.design\/wp-content\/uploads\/2021\/01\/GPDD_2020_QuartierWellSud_Img1-960x540.jpg","ranking-width":960,"ranking-height":540,"schedule":"https:\/\/int.design\/wp-content\/uploads\/2021\/01\/GPDD_2020_QuartierWellSud_Img1-960x360.jpg","schedule-width":960,"schedule-height":360,"slideshow":"https:\/\/int.design\/wp-content\/uploads\/2021\/01\/GPDD_2020_QuartierWellSud_Img1-1122x680.jpg","slideshow-width":1122,"slideshow-height":680}},"filters":[557],"suppliers":false,"attachment_category":[]},{"categories":[515],"credit":"","image":{"ID":37752,"id":37752,"title":"GPDD_2020_QuartierWellSud_Img1-A","filename":"GPDD_2020_QuartierWellSud_Img1-A-scaled.jpg","filesize":0,"url":"https:\/\/int.design\/wp-content\/uploads\/2021\/01\/GPDD_2020_QuartierWellSud_Img1-A-scaled.jpg","link":"https:\/\/int.design\/fr\/projets\/plan-directeur-damenagement-du-quartier-well-sud-sherbrooke\/gpdd_2020_quartierwellsud_img1-a\/","alt":"","author":"198","description":"Plan directeur d&#039;am\u00e9nagement du Quartier Well Sud, Sherbrooke Groupe BC2 Groupe BC2","caption":"","name":"gpdd_2020_quartierwellsud_img1-a","status":"inherit","uploaded_to":26240,"date":"2021-01-11 20:46:49","modified":"2022-02-08 12:07:19","menu_order":0,"mime_type":"image\/jpeg","type":"image","subtype":"jpeg","icon":"https:\/\/int.design\/wp-includes\/images\/media\/default.png","width":2560,"height":1208,"sizes":{"thumbnail":"https:\/\/int.design\/wp-content\/uploads\/2021\/01\/GPDD_2020_QuartierWellSud_Img1-A-150x150.jpg","thumbnail-width":150,"thumbnail-height":150,"medium":"https:\/\/int.design\/wp-content\/uploads\/2021\/01\/GPDD_2020_QuartierWellSud_Img1-A-300x142.jpg","medium-width":300,"medium-height":142,"medium_large":"https:\/\/int.design\/wp-content\/uploads\/2021\/01\/GPDD_2020_QuartierWellSud_Img1-A-768x362.jpg","medium_large-width":768,"medium_large-height":362,"large":"https:\/\/int.design\/wp-content\/uploads\/2021\/01\/GPDD_2020_QuartierWellSud_Img1-A-1024x483.jpg","large-width":1024,"large-height":483,"1536x1536":"https:\/\/int.design\/wp-content\/uploads\/2021\/01\/GPDD_2020_QuartierWellSud_Img1-A-1536x725.jpg","1536x1536-width":1536,"1536x1536-height":725,"2048x2048":"https:\/\/int.design\/wp-content\/uploads\/2021\/01\/GPDD_2020_QuartierWellSud_Img1-A-2048x966.jpg","2048x2048-width":2048,"2048x2048-height":966,"article":"https:\/\/int.design\/wp-content\/uploads\/2021\/01\/GPDD_2020_QuartierWellSud_Img1-A-960x540.jpg","article-width":960,"article-height":540,"banner":"https:\/\/int.design\/wp-content\/uploads\/2021\/01\/GPDD_2020_QuartierWellSud_Img1-A-1920x906.jpg","banner-width":1920,"banner-height":906,"block":"https:\/\/int.design\/wp-content\/uploads\/2021\/01\/GPDD_2020_QuartierWellSud_Img1-A-900x680.jpg","block-width":900,"block-height":680,"card":"https:\/\/int.design\/wp-content\/uploads\/2021\/01\/GPDD_2020_QuartierWellSud_Img1-A-560x495.jpg","card-width":560,"card-height":495,"card-thumbnail":"https:\/\/int.design\/wp-content\/uploads\/2021\/01\/GPDD_2020_QuartierWellSud_Img1-A-450x340.jpg","card-thumbnail-width":450,"card-thumbnail-height":340,"conference":"https:\/\/int.design\/wp-content\/uploads\/2021\/01\/GPDD_2020_QuartierWellSud_Img1-A-560x250.jpg","conference-width":560,"conference-height":250,"contest":"https:\/\/int.design\/wp-content\/uploads\/2021\/01\/GPDD_2020_QuartierWellSud_Img1-A-960x400.jpg","contest-width":960,"contest-height":400,"cta":"https:\/\/int.design\/wp-content\/uploads\/2021\/01\/GPDD_2020_QuartierWellSud_Img1-A-415x170.jpg","cta-width":415,"cta-height":170,"exhibitor":"https:\/\/int.design\/wp-content\/uploads\/2021\/01\/GPDD_2020_QuartierWellSud_Img1-A-560x560.jpg","exhibitor-width":560,"exhibitor-height":560,"gallery":"https:\/\/int.design\/wp-content\/uploads\/2021\/01\/GPDD_2020_QuartierWellSud_Img1-A-560x264.jpg","gallery-width":560,"gallery-height":264,"logo":"https:\/\/int.design\/wp-content\/uploads\/2021\/01\/GPDD_2020_QuartierWellSud_Img1-A-212x100.jpg","logo-width":212,"logo-height":100,"masonry":"https:\/\/int.design\/wp-content\/uploads\/2021\/01\/GPDD_2020_QuartierWellSud_Img1-A-550x260.jpg","masonry-width":550,"masonry-height":260,"modal":"https:\/\/int.design\/wp-content\/uploads\/2021\/01\/GPDD_2020_QuartierWellSud_Img1-A-1920x906.jpg","modal-width":1920,"modal-height":906,"number":"https:\/\/int.design\/wp-content\/uploads\/2021\/01\/GPDD_2020_QuartierWellSud_Img1-A-560x264.jpg","number-width":560,"number-height":264,"partner":"https:\/\/int.design\/wp-content\/uploads\/2021\/01\/GPDD_2020_QuartierWellSud_Img1-A-275x130.jpg","partner-width":275,"partner-height":130,"ranking":"https:\/\/int.design\/wp-content\/uploads\/2021\/01\/GPDD_2020_QuartierWellSud_Img1-A-960x540.jpg","ranking-width":960,"ranking-height":540,"schedule":"https:\/\/int.design\/wp-content\/uploads\/2021\/01\/GPDD_2020_QuartierWellSud_Img1-A-960x360.jpg","schedule-width":960,"schedule-height":360,"slideshow":"https:\/\/int.design\/wp-content\/uploads\/2021\/01\/GPDD_2020_QuartierWellSud_Img1-A-1441x680.jpg","slideshow-width":1441,"slideshow-height":680}},"filters":[557],"suppliers":false,"attachment_category":[]},{"categories":[515],"credit":"","image":{"ID":37753,"id":37753,"title":"GPDD_2020_QuartierWellSud_Img2","filename":"GPDD_2020_QuartierWellSud_Img2-scaled.jpg","filesize":0,"url":"https:\/\/int.design\/wp-content\/uploads\/2021\/01\/GPDD_2020_QuartierWellSud_Img2-scaled.jpg","link":"https:\/\/int.design\/fr\/projets\/plan-directeur-damenagement-du-quartier-well-sud-sherbrooke\/gpdd_2020_quartierwellsud_img2\/","alt":"","author":"198","description":"Plan directeur d&#039;am\u00e9nagement du Quartier Well Sud, Sherbrooke Groupe BC2 Groupe BC2","caption":"","name":"gpdd_2020_quartierwellsud_img2","status":"inherit","uploaded_to":26240,"date":"2021-01-11 20:46:57","modified":"2022-02-08 12:07:20","menu_order":0,"mime_type":"image\/jpeg","type":"image","subtype":"jpeg","icon":"https:\/\/int.design\/wp-includes\/images\/media\/default.png","width":2560,"height":1656,"sizes":{"thumbnail":"https:\/\/int.design\/wp-content\/uploads\/2021\/01\/GPDD_2020_QuartierWellSud_Img2-150x150.jpg","thumbnail-width":150,"thumbnail-height":150,"medium":"https:\/\/int.design\/wp-content\/uploads\/2021\/01\/GPDD_2020_QuartierWellSud_Img2-300x194.jpg","medium-width":300,"medium-height":194,"medium_large":"https:\/\/int.design\/wp-content\/uploads\/2021\/01\/GPDD_2020_QuartierWellSud_Img2-768x497.jpg","medium_large-width":768,"medium_large-height":497,"large":"https:\/\/int.design\/wp-content\/uploads\/2021\/01\/GPDD_2020_QuartierWellSud_Img2-1024x663.jpg","large-width":1024,"large-height":663,"1536x1536":"https:\/\/int.design\/wp-content\/uploads\/2021\/01\/GPDD_2020_QuartierWellSud_Img2-1536x994.jpg","1536x1536-width":1536,"1536x1536-height":994,"2048x2048":"https:\/\/int.design\/wp-content\/uploads\/2021\/01\/GPDD_2020_QuartierWellSud_Img2-2048x1325.jpg","2048x2048-width":2048,"2048x2048-height":1325,"article":"https:\/\/int.design\/wp-content\/uploads\/2021\/01\/GPDD_2020_QuartierWellSud_Img2-960x540.jpg","article-width":960,"article-height":540,"banner":"https:\/\/int.design\/wp-content\/uploads\/2021\/01\/GPDD_2020_QuartierWellSud_Img2-1920x1242.jpg","banner-width":1920,"banner-height":1242,"block":"https:\/\/int.design\/wp-content\/uploads\/2021\/01\/GPDD_2020_QuartierWellSud_Img2-900x680.jpg","block-width":900,"block-height":680,"card":"https:\/\/int.design\/wp-content\/uploads\/2021\/01\/GPDD_2020_QuartierWellSud_Img2-560x495.jpg","card-width":560,"card-height":495,"card-thumbnail":"https:\/\/int.design\/wp-content\/uploads\/2021\/01\/GPDD_2020_QuartierWellSud_Img2-450x340.jpg","card-thumbnail-width":450,"card-thumbnail-height":340,"conference":"https:\/\/int.design\/wp-content\/uploads\/2021\/01\/GPDD_2020_QuartierWellSud_Img2-560x250.jpg","conference-width":560,"conference-height":250,"contest":"https:\/\/int.design\/wp-content\/uploads\/2021\/01\/GPDD_2020_QuartierWellSud_Img2-960x400.jpg","contest-width":960,"contest-height":400,"cta":"https:\/\/int.design\/wp-content\/uploads\/2021\/01\/GPDD_2020_QuartierWellSud_Img2-415x170.jpg","cta-width":415,"cta-height":170,"exhibitor":"https:\/\/int.design\/wp-content\/uploads\/2021\/01\/GPDD_2020_QuartierWellSud_Img2-560x560.jpg","exhibitor-width":560,"exhibitor-height":560,"gallery":"https:\/\/int.design\/wp-content\/uploads\/2021\/01\/GPDD_2020_QuartierWellSud_Img2-560x362.jpg","gallery-width":560,"gallery-height":362,"logo":"https:\/\/int.design\/wp-content\/uploads\/2021\/01\/GPDD_2020_QuartierWellSud_Img2-155x100.jpg","logo-width":155,"logo-height":100,"masonry":"https:\/\/int.design\/wp-content\/uploads\/2021\/01\/GPDD_2020_QuartierWellSud_Img2-550x356.jpg","masonry-width":550,"masonry-height":356,"modal":"https:\/\/int.design\/wp-content\/uploads\/2021\/01\/GPDD_2020_QuartierWellSud_Img2-1920x1242.jpg","modal-width":1920,"modal-height":1242,"number":"https:\/\/int.design\/wp-content\/uploads\/2021\/01\/GPDD_2020_QuartierWellSud_Img2-560x362.jpg","number-width":560,"number-height":362,"partner":"https:\/\/int.design\/wp-content\/uploads\/2021\/01\/GPDD_2020_QuartierWellSud_Img2-275x178.jpg","partner-width":275,"partner-height":178,"ranking":"https:\/\/int.design\/wp-content\/uploads\/2021\/01\/GPDD_2020_QuartierWellSud_Img2-960x540.jpg","ranking-width":960,"ranking-height":540,"schedule":"https:\/\/int.design\/wp-content\/uploads\/2021\/01\/GPDD_2020_QuartierWellSud_Img2-960x360.jpg","schedule-width":960,"schedule-height":360,"slideshow":"https:\/\/int.design\/wp-content\/uploads\/2021\/01\/GPDD_2020_QuartierWellSud_Img2-1051x680.jpg","slideshow-width":1051,"slideshow-height":680}},"filters":[557],"suppliers":false,"attachment_category":[]},{"categories":[515],"credit":"","image":{"ID":37754,"id":37754,"title":"GPDD_2020_QuartierWellSud_Img3","filename":"GPDD_2020_QuartierWellSud_Img3-scaled.jpg","filesize":0,"url":"https:\/\/int.design\/wp-content\/uploads\/2021\/01\/GPDD_2020_QuartierWellSud_Img3-scaled.jpg","link":"https:\/\/int.design\/fr\/projets\/plan-directeur-damenagement-du-quartier-well-sud-sherbrooke\/gpdd_2020_quartierwellsud_img3\/","alt":"","author":"198","description":"Plan directeur d&#039;am\u00e9nagement du Quartier Well Sud, Sherbrooke Groupe BC2 Groupe BC2","caption":"","name":"gpdd_2020_quartierwellsud_img3","status":"inherit","uploaded_to":26240,"date":"2021-01-11 20:47:04","modified":"2022-02-08 12:07:20","menu_order":0,"mime_type":"image\/jpeg","type":"image","subtype":"jpeg","icon":"https:\/\/int.design\/wp-includes\/images\/media\/default.png","width":2560,"height":1647,"sizes":{"thumbnail":"https:\/\/int.design\/wp-content\/uploads\/2021\/01\/GPDD_2020_QuartierWellSud_Img3-150x150.jpg","thumbnail-width":150,"thumbnail-height":150,"medium":"https:\/\/int.design\/wp-content\/uploads\/2021\/01\/GPDD_2020_QuartierWellSud_Img3-300x193.jpg","medium-width":300,"medium-height":193,"medium_large":"https:\/\/int.design\/wp-content\/uploads\/2021\/01\/GPDD_2020_QuartierWellSud_Img3-768x494.jpg","medium_large-width":768,"medium_large-height":494,"large":"https:\/\/int.design\/wp-content\/uploads\/2021\/01\/GPDD_2020_QuartierWellSud_Img3-1024x659.jpg","large-width":1024,"large-height":659,"1536x1536":"https:\/\/int.design\/wp-content\/uploads\/2021\/01\/GPDD_2020_QuartierWellSud_Img3-1536x988.jpg","1536x1536-width":1536,"1536x1536-height":988,"2048x2048":"https:\/\/int.design\/wp-content\/uploads\/2021\/01\/GPDD_2020_QuartierWellSud_Img3-2048x1317.jpg","2048x2048-width":2048,"2048x2048-height":1317,"article":"https:\/\/int.design\/wp-content\/uploads\/2021\/01\/GPDD_2020_QuartierWellSud_Img3-960x540.jpg","article-width":960,"article-height":540,"banner":"https:\/\/int.design\/wp-content\/uploads\/2021\/01\/GPDD_2020_QuartierWellSud_Img3-1920x1235.jpg","banner-width":1920,"banner-height":1235,"block":"https:\/\/int.design\/wp-content\/uploads\/2021\/01\/GPDD_2020_QuartierWellSud_Img3-900x680.jpg","block-width":900,"block-height":680,"card":"https:\/\/int.design\/wp-content\/uploads\/2021\/01\/GPDD_2020_QuartierWellSud_Img3-560x495.jpg","card-width":560,"card-height":495,"card-thumbnail":"https:\/\/int.design\/wp-content\/uploads\/2021\/01\/GPDD_2020_QuartierWellSud_Img3-450x340.jpg","card-thumbnail-width":450,"card-thumbnail-height":340,"conference":"https:\/\/int.design\/wp-content\/uploads\/2021\/01\/GPDD_2020_QuartierWellSud_Img3-560x250.jpg","conference-width":560,"conference-height":250,"contest":"https:\/\/int.design\/wp-content\/uploads\/2021\/01\/GPDD_2020_QuartierWellSud_Img3-960x400.jpg","contest-width":960,"contest-height":400,"cta":"https:\/\/int.design\/wp-content\/uploads\/2021\/01\/GPDD_2020_QuartierWellSud_Img3-415x170.jpg","cta-width":415,"cta-height":170,"exhibitor":"https:\/\/int.design\/wp-content\/uploads\/2021\/01\/GPDD_2020_QuartierWellSud_Img3-560x560.jpg","exhibitor-width":560,"exhibitor-height":560,"gallery":"https:\/\/int.design\/wp-content\/uploads\/2021\/01\/GPDD_2020_QuartierWellSud_Img3-560x360.jpg","gallery-width":560,"gallery-height":360,"logo":"https:\/\/int.design\/wp-content\/uploads\/2021\/01\/GPDD_2020_QuartierWellSud_Img3-155x100.jpg","logo-width":155,"logo-height":100,"masonry":"https:\/\/int.design\/wp-content\/uploads\/2021\/01\/GPDD_2020_QuartierWellSud_Img3-550x354.jpg","masonry-width":550,"masonry-height":354,"modal":"https:\/\/int.design\/wp-content\/uploads\/2021\/01\/GPDD_2020_QuartierWellSud_Img3-1920x1235.jpg","modal-width":1920,"modal-height":1235,"number":"https:\/\/int.design\/wp-content\/uploads\/2021\/01\/GPDD_2020_QuartierWellSud_Img3-560x360.jpg","number-width":560,"number-height":360,"partner":"https:\/\/int.design\/wp-content\/uploads\/2021\/01\/GPDD_2020_QuartierWellSud_Img3-275x177.jpg","partner-width":275,"partner-height":177,"ranking":"https:\/\/int.design\/wp-content\/uploads\/2021\/01\/GPDD_2020_QuartierWellSud_Img3-960x540.jpg","ranking-width":960,"ranking-height":540,"schedule":"https:\/\/int.design\/wp-content\/uploads\/2021\/01\/GPDD_2020_QuartierWellSud_Img3-960x360.jpg","schedule-width":960,"schedule-height":360,"slideshow":"https:\/\/int.design\/wp-content\/uploads\/2021\/01\/GPDD_2020_QuartierWellSud_Img3-1057x680.jpg","slideshow-width":1057,"slideshow-height":680}},"filters":[557],"suppliers":false,"attachment_category":[]},{"categories":[515],"credit":"","image":{"ID":37755,"id":37755,"title":"GPDD_2020_QuartierWellSud_Img4","filename":"GPDD_2020_QuartierWellSud_Img4.jpg","filesize":0,"url":"https:\/\/d2q6z78khxmx42.cloudfront.net\/2021\/01\/GPDD_2020_QuartierWellSud_Img4.jpg","link":"https:\/\/int.design\/fr\/projets\/plan-directeur-damenagement-du-quartier-well-sud-sherbrooke\/gpdd_2020_quartierwellsud_img4\/","alt":"","author":"198","description":"Plan directeur d&#039;am\u00e9nagement du Quartier Well Sud, Sherbrooke Groupe BC2 Groupe BC2","caption":"","name":"gpdd_2020_quartierwellsud_img4","status":"inherit","uploaded_to":26240,"date":"2021-01-11 20:47:10","modified":"2022-02-08 12:07:20","menu_order":0,"mime_type":"image\/jpeg","type":"image","subtype":"jpeg","icon":"https:\/\/int.design\/wp-includes\/images\/media\/default.png","width":2501,"height":1185,"sizes":{"thumbnail":"https:\/\/d2q6z78khxmx42.cloudfront.net\/2021\/01\/GPDD_2020_QuartierWellSud_Img4-150x150.jpg","thumbnail-width":150,"thumbnail-height":150,"medium":"https:\/\/d2q6z78khxmx42.cloudfront.net\/2021\/01\/GPDD_2020_QuartierWellSud_Img4-300x142.jpg","medium-width":300,"medium-height":142,"medium_large":"https:\/\/d2q6z78khxmx42.cloudfront.net\/2021\/01\/GPDD_2020_QuartierWellSud_Img4-768x364.jpg","medium_large-width":768,"medium_large-height":364,"large":"https:\/\/d2q6z78khxmx42.cloudfront.net\/2021\/01\/GPDD_2020_QuartierWellSud_Img4-1024x485.jpg","large-width":1024,"large-height":485,"1536x1536":"https:\/\/d2q6z78khxmx42.cloudfront.net\/2021\/01\/GPDD_2020_QuartierWellSud_Img4-1536x728.jpg","1536x1536-width":1536,"1536x1536-height":728,"2048x2048":"https:\/\/d2q6z78khxmx42.cloudfront.net\/2021\/01\/GPDD_2020_QuartierWellSud_Img4-2048x970.jpg","2048x2048-width":2048,"2048x2048-height":970,"article":"https:\/\/d2q6z78khxmx42.cloudfront.net\/2021\/01\/GPDD_2020_QuartierWellSud_Img4-960x540.jpg","article-width":960,"article-height":540,"banner":"https:\/\/d2q6z78khxmx42.cloudfront.net\/2021\/01\/GPDD_2020_QuartierWellSud_Img4-1920x910.jpg","banner-width":1920,"banner-height":910,"block":"https:\/\/d2q6z78khxmx42.cloudfront.net\/2021\/01\/GPDD_2020_QuartierWellSud_Img4-900x680.jpg","block-width":900,"block-height":680,"card":"https:\/\/d2q6z78khxmx42.cloudfront.net\/2021\/01\/GPDD_2020_QuartierWellSud_Img4-560x495.jpg","card-width":560,"card-height":495,"card-thumbnail":"https:\/\/d2q6z78khxmx42.cloudfront.net\/2021\/01\/GPDD_2020_QuartierWellSud_Img4-450x340.jpg","card-thumbnail-width":450,"card-thumbnail-height":340,"conference":"https:\/\/d2q6z78khxmx42.cloudfront.net\/2021\/01\/GPDD_2020_QuartierWellSud_Img4-560x250.jpg","conference-width":560,"conference-height":250,"contest":"https:\/\/d2q6z78khxmx42.cloudfront.net\/2021\/01\/GPDD_2020_QuartierWellSud_Img4-960x400.jpg","contest-width":960,"contest-height":400,"cta":"https:\/\/d2q6z78khxmx42.cloudfront.net\/2021\/01\/GPDD_2020_QuartierWellSud_Img4-415x170.jpg","cta-width":415,"cta-height":170,"exhibitor":"https:\/\/d2q6z78khxmx42.cloudfront.net\/2021\/01\/GPDD_2020_QuartierWellSud_Img4-560x560.jpg","exhibitor-width":560,"exhibitor-height":560,"gallery":"https:\/\/d2q6z78khxmx42.cloudfront.net\/2021\/01\/GPDD_2020_QuartierWellSud_Img4-560x265.jpg","gallery-width":560,"gallery-height":265,"logo":"https:\/\/d2q6z78khxmx42.cloudfront.net\/2021\/01\/GPDD_2020_QuartierWellSud_Img4-211x100.jpg","logo-width":211,"logo-height":100,"masonry":"https:\/\/d2q6z78khxmx42.cloudfront.net\/2021\/01\/GPDD_2020_QuartierWellSud_Img4-550x261.jpg","masonry-width":550,"masonry-height":261,"modal":"https:\/\/d2q6z78khxmx42.cloudfront.net\/2021\/01\/LXcuHNUw-GPDD_2020_QuartierWellSud_Img4-1920x910.jpg","modal-width":1920,"modal-height":910,"number":"https:\/\/d2q6z78khxmx42.cloudfront.net\/2021\/01\/LXcuHNUw-GPDD_2020_QuartierWellSud_Img4-560x265.jpg","number-width":560,"number-height":265,"partner":"https:\/\/d2q6z78khxmx42.cloudfront.net\/2021\/01\/GPDD_2020_QuartierWellSud_Img4-275x130.jpg","partner-width":275,"partner-height":130,"ranking":"https:\/\/d2q6z78khxmx42.cloudfront.net\/2021\/01\/LXcuHNUw-GPDD_2020_QuartierWellSud_Img4-960x540.jpg","ranking-width":960,"ranking-height":540,"schedule":"https:\/\/d2q6z78khxmx42.cloudfront.net\/2021\/01\/GPDD_2020_QuartierWellSud_Img4-960x360.jpg","schedule-width":960,"schedule-height":360,"slideshow":"https:\/\/d2q6z78khxmx42.cloudfront.net\/2021\/01\/GPDD_2020_QuartierWellSud_Img4-1435x680.jpg","slideshow-width":1435,"slideshow-height":680}},"filters":[557],"suppliers":false,"attachment_category":[]},{"categories":[515],"credit":"","image":{"ID":37756,"id":37756,"title":"GPDD_2020_QuartierWellSud_Img5","filename":"GPDD_2020_QuartierWellSud_Img5.jpg","filesize":0,"url":"https:\/\/d2q6z78khxmx42.cloudfront.net\/2021\/01\/GPDD_2020_QuartierWellSud_Img5.jpg","link":"https:\/\/int.design\/fr\/projets\/plan-directeur-damenagement-du-quartier-well-sud-sherbrooke\/gpdd_2020_quartierwellsud_img5\/","alt":"","author":"198","description":"Plan directeur d&#039;am\u00e9nagement du Quartier Well Sud, Sherbrooke Groupe BC2 Groupe BC2","caption":"","name":"gpdd_2020_quartierwellsud_img5","status":"inherit","uploaded_to":26240,"date":"2021-01-11 20:47:17","modified":"2022-02-08 12:07:20","menu_order":0,"mime_type":"image\/jpeg","type":"image","subtype":"jpeg","icon":"https:\/\/int.design\/wp-includes\/images\/media\/default.png","width":2498,"height":1185,"sizes":{"thumbnail":"https:\/\/d2q6z78khxmx42.cloudfront.net\/2021\/01\/GPDD_2020_QuartierWellSud_Img5-150x150.jpg","thumbnail-width":150,"thumbnail-height":150,"medium":"https:\/\/d2q6z78khxmx42.cloudfront.net\/2021\/01\/GPDD_2020_QuartierWellSud_Img5-300x142.jpg","medium-width":300,"medium-height":142,"medium_large":"https:\/\/d2q6z78khxmx42.cloudfront.net\/2021\/01\/GPDD_2020_QuartierWellSud_Img5-768x364.jpg","medium_large-width":768,"medium_large-height":364,"large":"https:\/\/d2q6z78khxmx42.cloudfront.net\/2021\/01\/GPDD_2020_QuartierWellSud_Img5-1024x486.jpg","large-width":1024,"large-height":486,"1536x1536":"https:\/\/d2q6z78khxmx42.cloudfront.net\/2021\/01\/GPDD_2020_QuartierWellSud_Img5-1536x729.jpg","1536x1536-width":1536,"1536x1536-height":729,"2048x2048":"https:\/\/d2q6z78khxmx42.cloudfront.net\/2021\/01\/GPDD_2020_QuartierWellSud_Img5-2048x972.jpg","2048x2048-width":2048,"2048x2048-height":972,"article":"https:\/\/d2q6z78khxmx42.cloudfront.net\/2021\/01\/GPDD_2020_QuartierWellSud_Img5-960x540.jpg","article-width":960,"article-height":540,"banner":"https:\/\/d2q6z78khxmx42.cloudfront.net\/2021\/01\/GPDD_2020_QuartierWellSud_Img5-1920x911.jpg","banner-width":1920,"banner-height":911,"block":"https:\/\/d2q6z78khxmx42.cloudfront.net\/2021\/01\/GPDD_2020_QuartierWellSud_Img5-900x680.jpg","block-width":900,"block-height":680,"card":"https:\/\/d2q6z78khxmx42.cloudfront.net\/2021\/01\/GPDD_2020_QuartierWellSud_Img5-560x495.jpg","card-width":560,"card-height":495,"card-thumbnail":"https:\/\/d2q6z78khxmx42.cloudfront.net\/2021\/01\/GPDD_2020_QuartierWellSud_Img5-450x340.jpg","card-thumbnail-width":450,"card-thumbnail-height":340,"conference":"https:\/\/d2q6z78khxmx42.cloudfront.net\/2021\/01\/GPDD_2020_QuartierWellSud_Img5-560x250.jpg","conference-width":560,"conference-height":250,"contest":"https:\/\/d2q6z78khxmx42.cloudfront.net\/2021\/01\/GPDD_2020_QuartierWellSud_Img5-960x400.jpg","contest-width":960,"contest-height":400,"cta":"https:\/\/d2q6z78khxmx42.cloudfront.net\/2021\/01\/GPDD_2020_QuartierWellSud_Img5-415x170.jpg","cta-width":415,"cta-height":170,"exhibitor":"https:\/\/d2q6z78khxmx42.cloudfront.net\/2021\/01\/GPDD_2020_QuartierWellSud_Img5-560x560.jpg","exhibitor-width":560,"exhibitor-height":560,"gallery":"https:\/\/d2q6z78khxmx42.cloudfront.net\/2021\/01\/GPDD_2020_QuartierWellSud_Img5-560x266.jpg","gallery-width":560,"gallery-height":266,"logo":"https:\/\/d2q6z78khxmx42.cloudfront.net\/2021\/01\/GPDD_2020_QuartierWellSud_Img5-211x100.jpg","logo-width":211,"logo-height":100,"masonry":"https:\/\/d2q6z78khxmx42.cloudfront.net\/2021\/01\/GPDD_2020_QuartierWellSud_Img5-550x261.jpg","masonry-width":550,"masonry-height":261,"modal":"https:\/\/d2q6z78khxmx42.cloudfront.net\/2021\/01\/CdWCyCzL-GPDD_2020_QuartierWellSud_Img5-1920x911.jpg","modal-width":1920,"modal-height":911,"number":"https:\/\/d2q6z78khxmx42.cloudfront.net\/2021\/01\/CdWCyCzL-GPDD_2020_QuartierWellSud_Img5-560x266.jpg","number-width":560,"number-height":266,"partner":"https:\/\/d2q6z78khxmx42.cloudfront.net\/2021\/01\/GPDD_2020_QuartierWellSud_Img5-275x130.jpg","partner-width":275,"partner-height":130,"ranking":"https:\/\/d2q6z78khxmx42.cloudfront.net\/2021\/01\/CdWCyCzL-GPDD_2020_QuartierWellSud_Img5-960x540.jpg","ranking-width":960,"ranking-height":540,"schedule":"https:\/\/d2q6z78khxmx42.cloudfront.net\/2021\/01\/GPDD_2020_QuartierWellSud_Img5-960x360.jpg","schedule-width":960,"schedule-height":360,"slideshow":"https:\/\/d2q6z78khxmx42.cloudfront.net\/2021\/01\/GPDD_2020_QuartierWellSud_Img5-1433x680.jpg","slideshow-width":1433,"slideshow-height":680}},"filters":[557],"suppliers":false,"attachment_category":[]},{"categories":[515],"credit":"","image":{"ID":37757,"id":37757,"title":"GPDD_2020_QuartierWellSud_Img6","filename":"GPDD_2020_QuartierWellSud_Img6.jpg","filesize":0,"url":"https:\/\/d2q6z78khxmx42.cloudfront.net\/2021\/01\/GPDD_2020_QuartierWellSud_Img6.jpg","link":"https:\/\/int.design\/fr\/projets\/plan-directeur-damenagement-du-quartier-well-sud-sherbrooke\/gpdd_2020_quartierwellsud_img6\/","alt":"","author":"198","description":"Plan directeur d&#039;am\u00e9nagement du Quartier Well Sud, Sherbrooke Groupe BC2 Groupe BC2","caption":"","name":"gpdd_2020_quartierwellsud_img6","status":"inherit","uploaded_to":26240,"date":"2021-01-11 20:47:23","modified":"2022-02-08 12:07:20","menu_order":0,"mime_type":"image\/jpeg","type":"image","subtype":"jpeg","icon":"https:\/\/int.design\/wp-includes\/images\/media\/default.png","width":2500,"height":1145,"sizes":{"thumbnail":"https:\/\/d2q6z78khxmx42.cloudfront.net\/2021\/01\/GPDD_2020_QuartierWellSud_Img6-150x150.jpg","thumbnail-width":150,"thumbnail-height":150,"medium":"https:\/\/d2q6z78khxmx42.cloudfront.net\/2021\/01\/GPDD_2020_QuartierWellSud_Img6-300x137.jpg","medium-width":300,"medium-height":137,"medium_large":"https:\/\/d2q6z78khxmx42.cloudfront.net\/2021\/01\/GPDD_2020_QuartierWellSud_Img6-768x352.jpg","medium_large-width":768,"medium_large-height":352,"large":"https:\/\/d2q6z78khxmx42.cloudfront.net\/2021\/01\/GPDD_2020_QuartierWellSud_Img6-1024x469.jpg","large-width":1024,"large-height":469,"1536x1536":"https:\/\/d2q6z78khxmx42.cloudfront.net\/2021\/01\/GPDD_2020_QuartierWellSud_Img6-1536x703.jpg","1536x1536-width":1536,"1536x1536-height":703,"2048x2048":"https:\/\/d2q6z78khxmx42.cloudfront.net\/2021\/01\/GPDD_2020_QuartierWellSud_Img6-2048x938.jpg","2048x2048-width":2048,"2048x2048-height":938,"article":"https:\/\/d2q6z78khxmx42.cloudfront.net\/2021\/01\/GPDD_2020_QuartierWellSud_Img6-960x540.jpg","article-width":960,"article-height":540,"banner":"https:\/\/d2q6z78khxmx42.cloudfront.net\/2021\/01\/GPDD_2020_QuartierWellSud_Img6-1920x879.jpg","banner-width":1920,"banner-height":879,"block":"https:\/\/d2q6z78khxmx42.cloudfront.net\/2021\/01\/GPDD_2020_QuartierWellSud_Img6-900x680.jpg","block-width":900,"block-height":680,"card":"https:\/\/d2q6z78khxmx42.cloudfront.net\/2021\/01\/GPDD_2020_QuartierWellSud_Img6-560x495.jpg","card-width":560,"card-height":495,"card-thumbnail":"https:\/\/d2q6z78khxmx42.cloudfront.net\/2021\/01\/GPDD_2020_QuartierWellSud_Img6-450x340.jpg","card-thumbnail-width":450,"card-thumbnail-height":340,"conference":"https:\/\/d2q6z78khxmx42.cloudfront.net\/2021\/01\/GPDD_2020_QuartierWellSud_Img6-560x250.jpg","conference-width":560,"conference-height":250,"contest":"https:\/\/d2q6z78khxmx42.cloudfront.net\/2021\/01\/GPDD_2020_QuartierWellSud_Img6-960x400.jpg","contest-width":960,"contest-height":400,"cta":"https:\/\/d2q6z78khxmx42.cloudfront.net\/2021\/01\/GPDD_2020_QuartierWellSud_Img6-415x170.jpg","cta-width":415,"cta-height":170,"exhibitor":"https:\/\/d2q6z78khxmx42.cloudfront.net\/2021\/01\/GPDD_2020_QuartierWellSud_Img6-560x560.jpg","exhibitor-width":560,"exhibitor-height":560,"gallery":"https:\/\/d2q6z78khxmx42.cloudfront.net\/2021\/01\/GPDD_2020_QuartierWellSud_Img6-560x256.jpg","gallery-width":560,"gallery-height":256,"logo":"https:\/\/d2q6z78khxmx42.cloudfront.net\/2021\/01\/GPDD_2020_QuartierWellSud_Img6-218x100.jpg","logo-width":218,"logo-height":100,"masonry":"https:\/\/d2q6z78khxmx42.cloudfront.net\/2021\/01\/GPDD_2020_QuartierWellSud_Img6-550x252.jpg","masonry-width":550,"masonry-height":252,"modal":"https:\/\/d2q6z78khxmx42.cloudfront.net\/2021\/01\/KqMtsAFh-GPDD_2020_QuartierWellSud_Img6-1920x879.jpg","modal-width":1920,"modal-height":879,"number":"https:\/\/d2q6z78khxmx42.cloudfront.net\/2021\/01\/KqMtsAFh-GPDD_2020_QuartierWellSud_Img6-560x256.jpg","number-width":560,"number-height":256,"partner":"https:\/\/d2q6z78khxmx42.cloudfront.net\/2021\/01\/GPDD_2020_QuartierWellSud_Img6-275x126.jpg","partner-width":275,"partner-height":126,"ranking":"https:\/\/d2q6z78khxmx42.cloudfront.net\/2021\/01\/KqMtsAFh-GPDD_2020_QuartierWellSud_Img6-960x540.jpg","ranking-width":960,"ranking-height":540,"schedule":"https:\/\/d2q6z78khxmx42.cloudfront.net\/2021\/01\/GPDD_2020_QuartierWellSud_Img6-960x360.jpg","schedule-width":960,"schedule-height":360,"slideshow":"https:\/\/d2q6z78khxmx42.cloudfront.net\/2021\/01\/GPDD_2020_QuartierWellSud_Img6-1485x680.jpg","slideshow-width":1485,"slideshow-height":680}},"filters":[557],"suppliers":false,"attachment_category":[]},{"categories":[515],"credit":"","image":{"ID":37758,"id":37758,"title":"GPDD_2020_QuartierWellSud_Img7","filename":"GPDD_2020_QuartierWellSud_Img7.jpg","filesize":0,"url":"https:\/\/d2q6z78khxmx42.cloudfront.net\/2021\/01\/GPDD_2020_QuartierWellSud_Img7.jpg","link":"https:\/\/int.design\/fr\/projets\/plan-directeur-damenagement-du-quartier-well-sud-sherbrooke\/gpdd_2020_quartierwellsud_img7\/","alt":"","author":"198","description":"Plan directeur d&#039;am\u00e9nagement du Quartier Well Sud, Sherbrooke Groupe BC2 Groupe BC2","caption":"","name":"gpdd_2020_quartierwellsud_img7","status":"inherit","uploaded_to":26240,"date":"2021-01-11 20:47:28","modified":"2022-02-08 12:07:20","menu_order":0,"mime_type":"image\/jpeg","type":"image","subtype":"jpeg","icon":"https:\/\/int.design\/wp-includes\/images\/media\/default.png","width":2416,"height":1106,"sizes":{"thumbnail":"https:\/\/d2q6z78khxmx42.cloudfront.net\/2021\/01\/GPDD_2020_QuartierWellSud_Img7-150x150.jpg","thumbnail-width":150,"thumbnail-height":150,"medium":"https:\/\/d2q6z78khxmx42.cloudfront.net\/2021\/01\/GPDD_2020_QuartierWellSud_Img7-300x137.jpg","medium-width":300,"medium-height":137,"medium_large":"https:\/\/d2q6z78khxmx42.cloudfront.net\/2021\/01\/GPDD_2020_QuartierWellSud_Img7-768x352.jpg","medium_large-width":768,"medium_large-height":352,"large":"https:\/\/d2q6z78khxmx42.cloudfront.net\/2021\/01\/GPDD_2020_QuartierWellSud_Img7-1024x469.jpg","large-width":1024,"large-height":469,"1536x1536":"https:\/\/d2q6z78khxmx42.cloudfront.net\/2021\/01\/GPDD_2020_QuartierWellSud_Img7-1536x703.jpg","1536x1536-width":1536,"1536x1536-height":703,"2048x2048":"https:\/\/d2q6z78khxmx42.cloudfront.net\/2021\/01\/GPDD_2020_QuartierWellSud_Img7-2048x938.jpg","2048x2048-width":2048,"2048x2048-height":938,"article":"https:\/\/d2q6z78khxmx42.cloudfront.net\/2021\/01\/GPDD_2020_QuartierWellSud_Img7-960x540.jpg","article-width":960,"article-height":540,"banner":"https:\/\/d2q6z78khxmx42.cloudfront.net\/2021\/01\/GPDD_2020_QuartierWellSud_Img7-1920x879.jpg","banner-width":1920,"banner-height":879,"block":"https:\/\/d2q6z78khxmx42.cloudfront.net\/2021\/01\/GPDD_2020_QuartierWellSud_Img7-900x680.jpg","block-width":900,"block-height":680,"card":"https:\/\/d2q6z78khxmx42.cloudfront.net\/2021\/01\/GPDD_2020_QuartierWellSud_Img7-560x495.jpg","card-width":560,"card-height":495,"card-thumbnail":"https:\/\/d2q6z78khxmx42.cloudfront.net\/2021\/01\/GPDD_2020_QuartierWellSud_Img7-450x340.jpg","card-thumbnail-width":450,"card-thumbnail-height":340,"conference":"https:\/\/d2q6z78khxmx42.cloudfront.net\/2021\/01\/GPDD_2020_QuartierWellSud_Img7-560x250.jpg","conference-width":560,"conference-height":250,"contest":"https:\/\/d2q6z78khxmx42.cloudfront.net\/2021\/01\/GPDD_2020_QuartierWellSud_Img7-960x400.jpg","contest-width":960,"contest-height":400,"cta":"https:\/\/d2q6z78khxmx42.cloudfront.net\/2021\/01\/GPDD_2020_QuartierWellSud_Img7-415x170.jpg","cta-width":415,"cta-height":170,"exhibitor":"https:\/\/d2q6z78khxmx42.cloudfront.net\/2021\/01\/GPDD_2020_QuartierWellSud_Img7-560x560.jpg","exhibitor-width":560,"exhibitor-height":560,"gallery":"https:\/\/d2q6z78khxmx42.cloudfront.net\/2021\/01\/GPDD_2020_QuartierWellSud_Img7-560x256.jpg","gallery-width":560,"gallery-height":256,"logo":"https:\/\/d2q6z78khxmx42.cloudfront.net\/2021\/01\/GPDD_2020_QuartierWellSud_Img7-218x100.jpg","logo-width":218,"logo-height":100,"masonry":"https:\/\/d2q6z78khxmx42.cloudfront.net\/2021\/01\/GPDD_2020_QuartierWellSud_Img7-550x252.jpg","masonry-width":550,"masonry-height":252,"modal":"https:\/\/d2q6z78khxmx42.cloudfront.net\/2021\/01\/29L2USIT-GPDD_2020_QuartierWellSud_Img7-1920x879.jpg","modal-width":1920,"modal-height":879,"number":"https:\/\/d2q6z78khxmx42.cloudfront.net\/2021\/01\/29L2USIT-GPDD_2020_QuartierWellSud_Img7-560x256.jpg","number-width":560,"number-height":256,"partner":"https:\/\/d2q6z78khxmx42.cloudfront.net\/2021\/01\/GPDD_2020_QuartierWellSud_Img7-275x126.jpg","partner-width":275,"partner-height":126,"ranking":"https:\/\/d2q6z78khxmx42.cloudfront.net\/2021\/01\/29L2USIT-GPDD_2020_QuartierWellSud_Img7-960x540.jpg","ranking-width":960,"ranking-height":540,"schedule":"https:\/\/d2q6z78khxmx42.cloudfront.net\/2021\/01\/GPDD_2020_QuartierWellSud_Img7-960x360.jpg","schedule-width":960,"schedule-height":360,"slideshow":"https:\/\/d2q6z78khxmx42.cloudfront.net\/2021\/01\/GPDD_2020_QuartierWellSud_Img7-1485x680.jpg","slideshow-width":1485,"slideshow-height":680}},"filters":[557],"suppliers":false,"attachment_category":[]},{"categories":[515],"credit":"","image":{"ID":37759,"id":37759,"title":"GPDD_2020_QuartierWellSud_Img8","filename":"GPDD_2020_QuartierWellSud_Img8.jpg","filesize":0,"url":"https:\/\/d2q6z78khxmx42.cloudfront.net\/2021\/01\/GPDD_2020_QuartierWellSud_Img8.jpg","link":"https:\/\/int.design\/fr\/projets\/plan-directeur-damenagement-du-quartier-well-sud-sherbrooke\/gpdd_2020_quartierwellsud_img8\/","alt":"","author":"198","description":"Plan directeur d&#039;am\u00e9nagement du Quartier Well Sud, Sherbrooke Groupe BC2 Groupe BC2","caption":"","name":"gpdd_2020_quartierwellsud_img8","status":"inherit","uploaded_to":26240,"date":"2021-01-11 20:47:33","modified":"2022-02-08 12:07:20","menu_order":0,"mime_type":"image\/jpeg","type":"image","subtype":"jpeg","icon":"https:\/\/int.design\/wp-includes\/images\/media\/default.png","width":2426,"height":1111,"sizes":{"thumbnail":"https:\/\/d2q6z78khxmx42.cloudfront.net\/2021\/01\/GPDD_2020_QuartierWellSud_Img8-150x150.jpg","thumbnail-width":150,"thumbnail-height":150,"medium":"https:\/\/d2q6z78khxmx42.cloudfront.net\/2021\/01\/GPDD_2020_QuartierWellSud_Img8-300x137.jpg","medium-width":300,"medium-height":137,"medium_large":"https:\/\/d2q6z78khxmx42.cloudfront.net\/2021\/01\/GPDD_2020_QuartierWellSud_Img8-768x352.jpg","medium_large-width":768,"medium_large-height":352,"large":"https:\/\/d2q6z78khxmx42.cloudfront.net\/2021\/01\/GPDD_2020_QuartierWellSud_Img8-1024x469.jpg","large-width":1024,"large-height":469,"1536x1536":"https:\/\/d2q6z78khxmx42.cloudfront.net\/2021\/01\/GPDD_2020_QuartierWellSud_Img8-1536x703.jpg","1536x1536-width":1536,"1536x1536-height":703,"2048x2048":"https:\/\/d2q6z78khxmx42.cloudfront.net\/2021\/01\/GPDD_2020_QuartierWellSud_Img8-2048x938.jpg","2048x2048-width":2048,"2048x2048-height":938,"article":"https:\/\/d2q6z78khxmx42.cloudfront.net\/2021\/01\/GPDD_2020_QuartierWellSud_Img8-960x540.jpg","article-width":960,"article-height":540,"banner":"https:\/\/d2q6z78khxmx42.cloudfront.net\/2021\/01\/GPDD_2020_QuartierWellSud_Img8-1920x879.jpg","banner-width":1920,"banner-height":879,"block":"https:\/\/d2q6z78khxmx42.cloudfront.net\/2021\/01\/GPDD_2020_QuartierWellSud_Img8-900x680.jpg","block-width":900,"block-height":680,"card":"https:\/\/d2q6z78khxmx42.cloudfront.net\/2021\/01\/GPDD_2020_QuartierWellSud_Img8-560x495.jpg","card-width":560,"card-height":495,"card-thumbnail":"https:\/\/d2q6z78khxmx42.cloudfront.net\/2021\/01\/GPDD_2020_QuartierWellSud_Img8-450x340.jpg","card-thumbnail-width":450,"card-thumbnail-height":340,"conference":"https:\/\/d2q6z78khxmx42.cloudfront.net\/2021\/01\/GPDD_2020_QuartierWellSud_Img8-560x250.jpg","conference-width":560,"conference-height":250,"contest":"https:\/\/d2q6z78khxmx42.cloudfront.net\/2021\/01\/GPDD_2020_QuartierWellSud_Img8-960x400.jpg","contest-width":960,"contest-height":400,"cta":"https:\/\/d2q6z78khxmx42.cloudfront.net\/2021\/01\/GPDD_2020_QuartierWellSud_Img8-415x170.jpg","cta-width":415,"cta-height":170,"exhibitor":"https:\/\/d2q6z78khxmx42.cloudfront.net\/2021\/01\/GPDD_2020_QuartierWellSud_Img8-560x560.jpg","exhibitor-width":560,"exhibitor-height":560,"gallery":"https:\/\/d2q6z78khxmx42.cloudfront.net\/2021\/01\/GPDD_2020_QuartierWellSud_Img8-560x256.jpg","gallery-width":560,"gallery-height":256,"logo":"https:\/\/d2q6z78khxmx42.cloudfront.net\/2021\/01\/GPDD_2020_QuartierWellSud_Img8-218x100.jpg","logo-width":218,"logo-height":100,"masonry":"https:\/\/d2q6z78khxmx42.cloudfront.net\/2021\/01\/GPDD_2020_QuartierWellSud_Img8-550x252.jpg","masonry-width":550,"masonry-height":252,"modal":"https:\/\/d2q6z78khxmx42.cloudfront.net\/2021\/01\/W9VSuZqA-GPDD_2020_QuartierWellSud_Img8-1920x879.jpg","modal-width":1920,"modal-height":879,"number":"https:\/\/d2q6z78khxmx42.cloudfront.net\/2021\/01\/W9VSuZqA-GPDD_2020_QuartierWellSud_Img8-560x256.jpg","number-width":560,"number-height":256,"partner":"https:\/\/d2q6z78khxmx42.cloudfront.net\/2021\/01\/GPDD_2020_QuartierWellSud_Img8-275x126.jpg","partner-width":275,"partner-height":126,"ranking":"https:\/\/d2q6z78khxmx42.cloudfront.net\/2021\/01\/W9VSuZqA-GPDD_2020_QuartierWellSud_Img8-960x540.jpg","ranking-width":960,"ranking-height":540,"schedule":"https:\/\/d2q6z78khxmx42.cloudfront.net\/2021\/01\/GPDD_2020_QuartierWellSud_Img8-960x360.jpg","schedule-width":960,"schedule-height":360,"slideshow":"https:\/\/d2q6z78khxmx42.cloudfront.net\/2021\/01\/GPDD_2020_QuartierWellSud_Img8-1485x680.jpg","slideshow-width":1485,"slideshow-height":680}},"filters":[557],"suppliers":false,"attachment_category":[]}],"mandatory_documents":[{"name":"Plan directeur Quartier Well Sud Sherbrooke","file":{"ID":37774,"id":37774,"title":"GPDD_2020_QuartierWellSudSherbrooke_planDirecteur","filename":"GPDD_2020_QuartierWellSudSherbrooke_planDirecteur.pdf","filesize":0,"url":"https:\/\/d2q6z78khxmx42.cloudfront.net\/2021\/01\/GPDD_2020_QuartierWellSudSherbrooke_planDirecteur.pdf","link":"https:\/\/int.design\/fr\/projets\/plan-directeur-damenagement-du-quartier-well-sud-sherbrooke\/gpdd_2020_quartierwellsudsherbrooke_plandirecteur\/","alt":"","author":"198","description":"","caption":"","name":"gpdd_2020_quartierwellsudsherbrooke_plandirecteur","status":"inherit","uploaded_to":26240,"date":"2021-01-11 21:05:38","modified":"2021-01-11 21:05:42","menu_order":0,"mime_type":"application\/pdf","type":"application","subtype":"pdf","icon":"https:\/\/int.design\/wp-includes\/images\/media\/document.png"}}],"optional_documents":[{"name":"","file":false}],"web_text":{"fr":"<p>L\u2019ensemble du concept du Plan directeur d\u2019am\u00e9nagement et de d\u00e9veloppement du secteur Wellington Sud est structur\u00e9 par deux places publiques : la place publique de la zone prioritaire et la place publique culturelle. Elles sont donc des espaces publics accessibles, verts et s\u00e9curitaires, favorisant la cohabitation des usages et la construction de liens sociaux. La facture originale du mobilier urbain cr\u00e9e des rappels de l\u2019esprit du quartier de l\u2019entrepreneur. Cette m\u00eame facture distinctive se retrouve dans les \u00e9l\u00e9ments de mobilier urbain signalant les deux entr\u00e9es du secteur, aux intersections des rues King Ouest et Aberdeen. \u00c0 l\u2019image des valeurs entrepreneuriales de flexibilit\u00e9 et de r\u00e9versibilit\u00e9, des espaces modulables sont pr\u00e9vus \u00e0 diff\u00e9rents endroits r\u00e9partis au sein du quartier. Le succ\u00e8s de la renaissance de ce quartier historique passera obligatoirement par l\u2019implantation de solutions de mobilit\u00e9 durable. Un p\u00f4le multimodal se positionne au c\u0153ur de cette strat\u00e9gie. Il vise \u00e0 offrir aux usagers du milieu des solutions de rechange viables et valables \u00e0 l\u2019auto solo. L\u2019ensemble du quartier fait primer l\u2019exp\u00e9rience des usagers du transport actif : pi\u00e9tons et cyclistes. Ainsi, les voies de circulation pour les automobiles sont contraintes par des irr\u00e9gularit\u00e9s de trac\u00e9 et les trottoirs sont maximis\u00e9s afin de contribuer \u00e0 l\u2019apaisement de la circulation.<\/p>\n","en":"<p>The overall concept for the Master Landscaping and Development Plan for the Wellington South sector is structured around two public areas:  the public square in the priority zone and the cultural public square. These are accessible, green, safe public spaces that favour the co-existence of uses and the forming of social connections. The original look of the street furniture was reminiscent of the neighbourhood\u2019s entrepreneurial soul. This same distinctive look is found in the items of street furniture that announce the two entrances to the sector, at the intersections of King West and Aberdeen streets. To reflect the entrepreneurial values of flexibility and reversibility, modular spaces are planned at different locations throughout the neighbourhood. The incorporation of solutions for sustainable transportation will of course be the driver for the success of this historic neighbourhood\u2019s renaissance. At the heart of this strategy is a multimodal hub that will offer local users viable, appropriate alternatives to solo driving. The entire neighbourhood will make the active transportation experience of users \u2013 pedestrians and cyclists \u2013 a priority. Thus traffic lanes for cars are constrained by irregular street configurations, and sidewalks are maximized to help calm traffic.<\/p>\n","original":""},"jury_text":[{"category":515,"fr":"<p>L\u2019ensemble du concept du Plan directeur d\u2019am\u00e9nagement et de d\u00e9veloppement du secteur Wellington Sud est structur\u00e9 par deux places publiques : la place publique de la zone prioritaire et la place publique culturelle. Elles sont donc des espaces publics accessibles, verts et s\u00e9curitaires, favorisant la cohabitation des usages et la construction de liens sociaux. La facture originale du mobilier urbain cr\u00e9e des rappels de l\u2019esprit du quartier de l\u2019entrepreneur. Cette m\u00eame facture distinctive se retrouve dans les \u00e9l\u00e9ments de mobilier urbain signalant les deux entr\u00e9es du secteur, aux intersections des rues King Ouest et Aberdeen. \u00c0 l\u2019image des valeurs entrepreneuriales de flexibilit\u00e9 et de r\u00e9versibilit\u00e9, des espaces modulables sont pr\u00e9vus \u00e0 diff\u00e9rents endroits r\u00e9partis au sein du quartier. Le succ\u00e8s de la renaissance de ce quartier historique passera obligatoirement par l\u2019implantation de solutions de mobilit\u00e9 durable. Un p\u00f4le multimodal se positionne au c\u0153ur de cette strat\u00e9gie. Il vise \u00e0 offrir aux usagers du milieu des solutions de rechange viables et valables \u00e0 l\u2019auto solo. L\u2019ensemble du quartier fait primer l\u2019exp\u00e9rience des usagers du transport actif : pi\u00e9tons et cyclistes. Ainsi, les voies de circulation pour les automobiles sont contraintes par des irr\u00e9gularit\u00e9s de trac\u00e9 et les trottoirs sont maximis\u00e9s afin de contribuer \u00e0 l\u2019apaisement de la circulation.<\/p>\n","en":"<p>The overall concept for the Master Landscaping and Development Plan for the Wellington South sector is structured around two public areas:  the public square in the priority zone and the cultural public square. These are accessible, green, safe public spaces that favour the co-existence of uses and the forming of social connections. The original look of the street furniture was reminiscent of the neighbourhood\u2019s entrepreneurial soul. This same distinctive look is found in the items of street furniture that announce the two entrances to the sector, at the intersections of King West and Aberdeen streets. To reflect the entrepreneurial values of flexibility and reversibility, modular spaces are planned at different locations throughout the neighbourhood. The incorporation of solutions for sustainable transportation will of course be the driver for the success of this historic neighbourhood\u2019s renaissance. At the heart of this strategy is a multimodal hub that will offer local users viable, appropriate alternatives to solo driving. The entire neighbourhood will make the active transportation experience of users \u2013 pedestrians and cyclists \u2013 a priority. Thus traffic lanes for cars are constrained by irregular street configurations, and sidewalks are maximized to help calm traffic.<\/p>\n","original":""}],"different_jury_text":false,"different_category_text":false},"laureats":[{"cat_id":515,"cat_id_laureat":1035,"laureat":"Certification Or"}],"contest_id":"1180","contest_title":"GRANDS PRIX DU DESIGN - 14e \u00e9dition","firms":[{"name":"Groupe BC2","website":"https:\/\/groupebc2.ca\/","category":"Architecture de paysage","category_tax":false,"category_label":null}],"user":{"email":"info@groupebc2.com","first_name":"Olivier","last_name":"Perron-Collins"},"doc_texts_web":{"fr":"","en":""},"permalinks":{"fr":"https:\/\/int.design\/fr\/projets\/plan-directeur-damenagement-du-quartier-well-sud-sherbrooke\/","en":"https:\/\/int.design\/en\/projects\/plan-directeur-damenagement-du-quartier-well-sud-sherbrooke\/"},"titles":{"fr":"Plan directeur d&#039;am\u00e9nagement du Quartier Well Sud, Sherbrooke","en":"Plan directeur d&#039;am\u00e9nagement du Quartier Well Sud, Sherbrooke"},"wp_fields":[],"laravel_id":""},"_links":{"self":[{"href":"https:\/\/int.design\/fr\/wp-json\/wp\/v2\/project\/26240","targetHints":{"allow":["GET"]}}],"collection":[{"href":"https:\/\/int.design\/fr\/wp-json\/wp\/v2\/project"}],"about":[{"href":"https:\/\/int.design\/fr\/wp-json\/wp\/v2\/types\/project"}],"wp:attachment":[{"href":"https:\/\/int.design\/fr\/wp-json\/wp\/v2\/media?parent=26240"}],"curies":[{"name":"wp","href":"https:\/\/api.w.org\/{rel}","templated":true}]}}