{"id":25986,"date":"2021-07-14T19:30:26","date_gmt":"2021-07-14T23:30:26","guid":{"rendered":"https:\/\/int.design\/?post_type=project&#038;p=25986"},"modified":"2021-09-20T12:02:32","modified_gmt":"2021-09-20T16:02:32","slug":"day-care-center-for-people-with-alzheimers-disease","status":"publish","type":"project","link":"https:\/\/int.design\/fr\/projets\/day-care-center-for-people-with-alzheimers-disease\/","title":{"rendered":"Day Care Center for People with Alzheimer\u2019s Disease"},"content":{"rendered":"","protected":false},"template":"","class_list":["post-25986","project","type-project","status-publish","hentry","project_category-architecture","project_category-batiment_public","project_category-batiment-institutionnel-batiment_d_enseignement_et_institutionnel"],"acf":[],"yoast_head":"<!-- This site is optimized with the Yoast SEO plugin v21.5 - https:\/\/yoast.com\/wordpress\/plugins\/seo\/ -->\n<title>Day Care Center for People with Alzheimer\u2019s Disease - INT Design<\/title>\n<meta name=\"robots\" content=\"index, follow, max-snippet:-1, max-image-preview:large, max-video-preview:-1\" \/>\n<link rel=\"canonical\" href=\"https:\/\/int.design\/fr\/projets\/day-care-center-for-people-with-alzheimers-disease\/\" \/>\n<meta property=\"og:locale\" content=\"fr_FR\" \/>\n<meta property=\"og:type\" content=\"article\" \/>\n<meta property=\"og:title\" content=\"Day Care Center for People with Alzheimer\u2019s Disease - INT Design\" \/>\n<meta property=\"og:url\" content=\"https:\/\/int.design\/fr\/projets\/day-care-center-for-people-with-alzheimers-disease\/\" \/>\n<meta property=\"og:site_name\" content=\"INT Design\" \/>\n<meta property=\"article:modified_time\" content=\"2021-09-20T16:02:32+00:00\" \/>\n<meta name=\"twitter:card\" content=\"summary_large_image\" \/>\n<script type=\"application\/ld+json\" class=\"yoast-schema-graph\">{\"@context\":\"https:\/\/schema.org\",\"@graph\":[{\"@type\":\"WebPage\",\"@id\":\"https:\/\/int.design\/fr\/projets\/day-care-center-for-people-with-alzheimers-disease\/\",\"url\":\"https:\/\/int.design\/fr\/projets\/day-care-center-for-people-with-alzheimers-disease\/\",\"name\":\"Day Care Center for People with Alzheimer\u2019s Disease - INT Design\",\"isPartOf\":{\"@id\":\"https:\/\/int.design\/fr\/#website\"},\"datePublished\":\"2021-07-14T23:30:26+00:00\",\"dateModified\":\"2021-09-20T16:02:32+00:00\",\"breadcrumb\":{\"@id\":\"https:\/\/int.design\/fr\/projets\/day-care-center-for-people-with-alzheimers-disease\/#breadcrumb\"},\"inLanguage\":\"fr-FR\",\"potentialAction\":[{\"@type\":\"ReadAction\",\"target\":[\"https:\/\/int.design\/fr\/projets\/day-care-center-for-people-with-alzheimers-disease\/\"]}]},{\"@type\":\"BreadcrumbList\",\"@id\":\"https:\/\/int.design\/fr\/projets\/day-care-center-for-people-with-alzheimers-disease\/#breadcrumb\",\"itemListElement\":[{\"@type\":\"ListItem\",\"position\":1,\"name\":\"Home\",\"item\":\"https:\/\/int.design\/fr\/\"},{\"@type\":\"ListItem\",\"position\":2,\"name\":\"Projects\",\"item\":\"https:\/\/int.design\/en\/projects\/\"},{\"@type\":\"ListItem\",\"position\":3,\"name\":\"Day Care Center for People with Alzheimer\u2019s Disease\"}]},{\"@type\":\"WebSite\",\"@id\":\"https:\/\/int.design\/fr\/#website\",\"url\":\"https:\/\/int.design\/fr\/\",\"name\":\"INT Design\",\"description\":\"\",\"potentialAction\":[{\"@type\":\"SearchAction\",\"target\":{\"@type\":\"EntryPoint\",\"urlTemplate\":\"https:\/\/int.design\/fr\/?s={search_term_string}\"},\"query-input\":\"required name=search_term_string\"}],\"inLanguage\":\"fr-FR\"}]}<\/script>\n<!-- \/ Yoast SEO plugin. -->","yoast_head_json":{"title":"Day Care Center for People with Alzheimer\u2019s Disease - INT Design","robots":{"index":"index","follow":"follow","max-snippet":"max-snippet:-1","max-image-preview":"max-image-preview:large","max-video-preview":"max-video-preview:-1"},"canonical":"https:\/\/int.design\/fr\/projets\/day-care-center-for-people-with-alzheimers-disease\/","og_locale":"fr_FR","og_type":"article","og_title":"Day Care Center for People with Alzheimer\u2019s Disease - INT Design","og_url":"https:\/\/int.design\/fr\/projets\/day-care-center-for-people-with-alzheimers-disease\/","og_site_name":"INT Design","article_modified_time":"2021-09-20T16:02:32+00:00","twitter_card":"summary_large_image","schema":{"@context":"https:\/\/schema.org","@graph":[{"@type":"WebPage","@id":"https:\/\/int.design\/fr\/projets\/day-care-center-for-people-with-alzheimers-disease\/","url":"https:\/\/int.design\/fr\/projets\/day-care-center-for-people-with-alzheimers-disease\/","name":"Day Care Center for People with Alzheimer\u2019s Disease - INT Design","isPartOf":{"@id":"https:\/\/int.design\/fr\/#website"},"datePublished":"2021-07-14T23:30:26+00:00","dateModified":"2021-09-20T16:02:32+00:00","breadcrumb":{"@id":"https:\/\/int.design\/fr\/projets\/day-care-center-for-people-with-alzheimers-disease\/#breadcrumb"},"inLanguage":"fr-FR","potentialAction":[{"@type":"ReadAction","target":["https:\/\/int.design\/fr\/projets\/day-care-center-for-people-with-alzheimers-disease\/"]}]},{"@type":"BreadcrumbList","@id":"https:\/\/int.design\/fr\/projets\/day-care-center-for-people-with-alzheimers-disease\/#breadcrumb","itemListElement":[{"@type":"ListItem","position":1,"name":"Home","item":"https:\/\/int.design\/fr\/"},{"@type":"ListItem","position":2,"name":"Projects","item":"https:\/\/int.design\/en\/projects\/"},{"@type":"ListItem","position":3,"name":"Day Care Center for People with Alzheimer\u2019s Disease"}]},{"@type":"WebSite","@id":"https:\/\/int.design\/fr\/#website","url":"https:\/\/int.design\/fr\/","name":"INT Design","description":"","potentialAction":[{"@type":"SearchAction","target":{"@type":"EntryPoint","urlTemplate":"https:\/\/int.design\/fr\/?s={search_term_string}"},"query-input":"required name=search_term_string"}],"inLanguage":"fr-FR"}]}},"entry":{"cats":{"disciplines":[{"id":126,"name":"Architecture"}],"big_cats":[{"id":156,"name":"B\u00e2timent public"}],"sub_cats":[{"id":387,"name":"B\u00e2timent institutionnel","parent":156}]},"entry":{"":null,"status":"completed","winner_title":"studioVRA (Ruben Garcia-Rubio & Sonsoles Vela)","winner_prize_lang":"","title_translatable":false,"title_en":"","title_fr":"","releve_award":false,"releve_award_cv":false,"collaboration":false,"collaboration_firms":false,"other_firms":false,"owner":{"name":"Asociacion de Enfermos de Alzheimer de Benavente y Comarca","confidential":false,"website":"","contact_name":"","email":"rubiogarciaruben@gmail.com","phone":""},"address":{"address":"","city":"","region":"","province":"","country":"ES","postal_code":""},"logos":false,"use_logo":false,"designers":[{"name":"Ruben Garcia-Rubio","credit":"Ray Fontaine","image":{"ID":26340,"id":26340,"title":"RUBEN_GARCIA_RUBIO_ray_fontaine_2019","filename":"RUBEN_GARCIA_RUBIO_ray_fontaine_2019-scaled.jpg","filesize":0,"url":"https:\/\/int.design\/wp-content\/uploads\/2020\/10\/RUBEN_GARCIA_RUBIO_ray_fontaine_2019-scaled.jpg","link":"https:\/\/int.design\/fr\/projets\/day-care-center-for-people-with-alzheimers-disease\/ruben_garcia_rubio_ray_fontaine_2019\/","alt":"","author":"68","description":"","caption":"","name":"ruben_garcia_rubio_ray_fontaine_2019","status":"inherit","uploaded_to":25986,"date":"2020-10-17 19:16:30","modified":"2020-10-17 19:19:34","menu_order":0,"mime_type":"image\/jpeg","type":"image","subtype":"jpeg","icon":"https:\/\/int.design\/wp-includes\/images\/media\/default.png","width":2560,"height":1828,"sizes":{"thumbnail":"https:\/\/int.design\/wp-content\/uploads\/2020\/10\/RUBEN_GARCIA_RUBIO_ray_fontaine_2019-150x150.jpg","thumbnail-width":150,"thumbnail-height":150,"medium":"https:\/\/int.design\/wp-content\/uploads\/2020\/10\/RUBEN_GARCIA_RUBIO_ray_fontaine_2019-300x214.jpg","medium-width":300,"medium-height":214,"medium_large":"https:\/\/int.design\/wp-content\/uploads\/2020\/10\/RUBEN_GARCIA_RUBIO_ray_fontaine_2019-768x549.jpg","medium_large-width":768,"medium_large-height":549,"large":"https:\/\/int.design\/wp-content\/uploads\/2020\/10\/RUBEN_GARCIA_RUBIO_ray_fontaine_2019-1024x731.jpg","large-width":1024,"large-height":731,"1536x1536":"https:\/\/int.design\/wp-content\/uploads\/2020\/10\/RUBEN_GARCIA_RUBIO_ray_fontaine_2019-1536x1097.jpg","1536x1536-width":1536,"1536x1536-height":1097,"2048x2048":"https:\/\/int.design\/wp-content\/uploads\/2020\/10\/RUBEN_GARCIA_RUBIO_ray_fontaine_2019-2048x1463.jpg","2048x2048-width":2048,"2048x2048-height":1463,"article":"https:\/\/int.design\/wp-content\/uploads\/2020\/10\/RUBEN_GARCIA_RUBIO_ray_fontaine_2019-960x540.jpg","article-width":960,"article-height":540,"banner":"https:\/\/int.design\/wp-content\/uploads\/2020\/10\/RUBEN_GARCIA_RUBIO_ray_fontaine_2019-1920x1371.jpg","banner-width":1920,"banner-height":1371,"block":"https:\/\/int.design\/wp-content\/uploads\/2020\/10\/RUBEN_GARCIA_RUBIO_ray_fontaine_2019-900x680.jpg","block-width":900,"block-height":680,"card":"https:\/\/int.design\/wp-content\/uploads\/2020\/10\/RUBEN_GARCIA_RUBIO_ray_fontaine_2019-560x495.jpg","card-width":560,"card-height":495,"card-thumbnail":"https:\/\/int.design\/wp-content\/uploads\/2020\/10\/RUBEN_GARCIA_RUBIO_ray_fontaine_2019-450x340.jpg","card-thumbnail-width":450,"card-thumbnail-height":340,"conference":"https:\/\/int.design\/wp-content\/uploads\/2020\/10\/RUBEN_GARCIA_RUBIO_ray_fontaine_2019-560x250.jpg","conference-width":560,"conference-height":250,"contest":"https:\/\/int.design\/wp-content\/uploads\/2020\/10\/RUBEN_GARCIA_RUBIO_ray_fontaine_2019-960x400.jpg","contest-width":960,"contest-height":400,"cta":"https:\/\/int.design\/wp-content\/uploads\/2020\/10\/RUBEN_GARCIA_RUBIO_ray_fontaine_2019-415x170.jpg","cta-width":415,"cta-height":170,"exhibitor":"https:\/\/int.design\/wp-content\/uploads\/2020\/10\/RUBEN_GARCIA_RUBIO_ray_fontaine_2019-560x560.jpg","exhibitor-width":560,"exhibitor-height":560,"gallery":"https:\/\/int.design\/wp-content\/uploads\/2020\/10\/RUBEN_GARCIA_RUBIO_ray_fontaine_2019-560x400.jpg","gallery-width":560,"gallery-height":400,"logo":"https:\/\/int.design\/wp-content\/uploads\/2020\/10\/RUBEN_GARCIA_RUBIO_ray_fontaine_2019-140x100.jpg","logo-width":140,"logo-height":100,"masonry":"https:\/\/int.design\/wp-content\/uploads\/2020\/10\/RUBEN_GARCIA_RUBIO_ray_fontaine_2019-550x393.jpg","masonry-width":550,"masonry-height":393,"modal":"https:\/\/int.design\/wp-content\/uploads\/2020\/10\/RUBEN_GARCIA_RUBIO_ray_fontaine_2019-1920x1371.jpg","modal-width":1920,"modal-height":1371,"number":"https:\/\/int.design\/wp-content\/uploads\/2020\/10\/RUBEN_GARCIA_RUBIO_ray_fontaine_2019-560x400.jpg","number-width":560,"number-height":400,"partner":"https:\/\/int.design\/wp-content\/uploads\/2020\/10\/RUBEN_GARCIA_RUBIO_ray_fontaine_2019-275x196.jpg","partner-width":275,"partner-height":196,"ranking":"https:\/\/int.design\/wp-content\/uploads\/2020\/10\/RUBEN_GARCIA_RUBIO_ray_fontaine_2019-960x540.jpg","ranking-width":960,"ranking-height":540,"schedule":"https:\/\/int.design\/wp-content\/uploads\/2020\/10\/RUBEN_GARCIA_RUBIO_ray_fontaine_2019-960x360.jpg","schedule-width":960,"schedule-height":360,"slideshow":"https:\/\/int.design\/wp-content\/uploads\/2020\/10\/RUBEN_GARCIA_RUBIO_ray_fontaine_2019-952x680.jpg","slideshow-width":952,"slideshow-height":680}},"file":{"ID":26341,"id":26341,"title":"CV_RUBEN GARCIA RUBIO","filename":"CV_RUBEN GARCIA RUBIO.docx","filesize":0,"url":"https:\/\/int.design\/wp-content\/uploads\/2020\/10\/CV_RUBEN GARCIA RUBIO.docx","link":"https:\/\/int.design\/fr\/projets\/day-care-center-for-people-with-alzheimers-disease\/cv_ruben-garcia-rubio\/","alt":"","author":"68","description":"","caption":"","name":"cv_ruben-garcia-rubio","status":"inherit","uploaded_to":25986,"date":"2020-10-17 19:16:44","modified":"2020-10-17 19:19:35","menu_order":0,"mime_type":"application\/vnd.openxmlformats-officedocument.wordprocessingml.document","type":"application","subtype":"vnd.openxmlformats-officedocument.wordprocessingml.document","icon":"https:\/\/int.design\/wp-includes\/images\/media\/document.png"}},{"name":"Sonsoles Vela","credit":"Ray Fontaine","image":{"ID":26342,"id":26342,"title":"SonsolesFaculty HeadshotSummer 201907","filename":"SonsolesFaculty HeadshotSummer 201907-scaled.jpg","filesize":0,"url":"https:\/\/int.design\/wp-content\/uploads\/2020\/10\/SonsolesFaculty HeadshotSummer 201907-scaled.jpg","link":"https:\/\/int.design\/fr\/projets\/day-care-center-for-people-with-alzheimers-disease\/sonsolesfaculty-headshotsummer-201907\/","alt":"","author":"68","description":"","caption":"","name":"sonsolesfaculty-headshotsummer-201907","status":"inherit","uploaded_to":25986,"date":"2020-10-17 19:16:44","modified":"2020-10-17 19:19:35","menu_order":0,"mime_type":"image\/jpeg","type":"image","subtype":"jpeg","icon":"https:\/\/int.design\/wp-includes\/images\/media\/default.png","width":2560,"height":1707,"sizes":{"thumbnail":"https:\/\/int.design\/wp-content\/uploads\/2020\/10\/SonsolesFaculty HeadshotSummer 201907-150x150.jpg","thumbnail-width":150,"thumbnail-height":150,"medium":"https:\/\/int.design\/wp-content\/uploads\/2020\/10\/SonsolesFaculty HeadshotSummer 201907-300x200.jpg","medium-width":300,"medium-height":200,"medium_large":"https:\/\/int.design\/wp-content\/uploads\/2020\/10\/SonsolesFaculty HeadshotSummer 201907-768x512.jpg","medium_large-width":768,"medium_large-height":512,"large":"https:\/\/int.design\/wp-content\/uploads\/2020\/10\/SonsolesFaculty HeadshotSummer 201907-1024x683.jpg","large-width":1024,"large-height":683,"1536x1536":"https:\/\/int.design\/wp-content\/uploads\/2020\/10\/SonsolesFaculty HeadshotSummer 201907-1536x1024.jpg","1536x1536-width":1536,"1536x1536-height":1024,"2048x2048":"https:\/\/int.design\/wp-content\/uploads\/2020\/10\/SonsolesFaculty HeadshotSummer 201907-2048x1365.jpg","2048x2048-width":2048,"2048x2048-height":1365,"article":"https:\/\/int.design\/wp-content\/uploads\/2020\/10\/SonsolesFaculty HeadshotSummer 201907-960x540.jpg","article-width":960,"article-height":540,"banner":"https:\/\/int.design\/wp-content\/uploads\/2020\/10\/SonsolesFaculty HeadshotSummer 201907-1920x1280.jpg","banner-width":1920,"banner-height":1280,"block":"https:\/\/int.design\/wp-content\/uploads\/2020\/10\/SonsolesFaculty HeadshotSummer 201907-900x680.jpg","block-width":900,"block-height":680,"card":"https:\/\/int.design\/wp-content\/uploads\/2020\/10\/SonsolesFaculty HeadshotSummer 201907-560x495.jpg","card-width":560,"card-height":495,"card-thumbnail":"https:\/\/int.design\/wp-content\/uploads\/2020\/10\/SonsolesFaculty HeadshotSummer 201907-450x340.jpg","card-thumbnail-width":450,"card-thumbnail-height":340,"conference":"https:\/\/int.design\/wp-content\/uploads\/2020\/10\/SonsolesFaculty HeadshotSummer 201907-560x250.jpg","conference-width":560,"conference-height":250,"contest":"https:\/\/int.design\/wp-content\/uploads\/2020\/10\/SonsolesFaculty HeadshotSummer 201907-960x400.jpg","contest-width":960,"contest-height":400,"cta":"https:\/\/int.design\/wp-content\/uploads\/2020\/10\/SonsolesFaculty HeadshotSummer 201907-415x170.jpg","cta-width":415,"cta-height":170,"exhibitor":"https:\/\/int.design\/wp-content\/uploads\/2020\/10\/SonsolesFaculty HeadshotSummer 201907-560x560.jpg","exhibitor-width":560,"exhibitor-height":560,"gallery":"https:\/\/int.design\/wp-content\/uploads\/2020\/10\/SonsolesFaculty HeadshotSummer 201907-560x373.jpg","gallery-width":560,"gallery-height":373,"logo":"https:\/\/int.design\/wp-content\/uploads\/2020\/10\/SonsolesFaculty HeadshotSummer 201907-150x100.jpg","logo-width":150,"logo-height":100,"masonry":"https:\/\/int.design\/wp-content\/uploads\/2020\/10\/SonsolesFaculty HeadshotSummer 201907-550x367.jpg","masonry-width":550,"masonry-height":367,"modal":"https:\/\/int.design\/wp-content\/uploads\/2020\/10\/SonsolesFaculty HeadshotSummer 201907-1920x1280.jpg","modal-width":1920,"modal-height":1280,"number":"https:\/\/int.design\/wp-content\/uploads\/2020\/10\/SonsolesFaculty HeadshotSummer 201907-560x373.jpg","number-width":560,"number-height":373,"partner":"https:\/\/int.design\/wp-content\/uploads\/2020\/10\/SonsolesFaculty HeadshotSummer 201907-275x183.jpg","partner-width":275,"partner-height":183,"ranking":"https:\/\/int.design\/wp-content\/uploads\/2020\/10\/SonsolesFaculty HeadshotSummer 201907-960x540.jpg","ranking-width":960,"ranking-height":540,"schedule":"https:\/\/int.design\/wp-content\/uploads\/2020\/10\/SonsolesFaculty HeadshotSummer 201907-960x360.jpg","schedule-width":960,"schedule-height":360,"slideshow":"https:\/\/int.design\/wp-content\/uploads\/2020\/10\/SonsolesFaculty HeadshotSummer 201907-1020x680.jpg","slideshow-width":1020,"slideshow-height":680}},"file":{"ID":26343,"id":26343,"title":"CV_SONSOLES VELA","filename":"CV_SONSOLES VELA.docx","filesize":0,"url":"https:\/\/int.design\/wp-content\/uploads\/2020\/10\/CV_SONSOLES VELA.docx","link":"https:\/\/int.design\/fr\/projets\/day-care-center-for-people-with-alzheimers-disease\/cv_sonsoles-vela\/","alt":"","author":"68","description":"","caption":"","name":"cv_sonsoles-vela","status":"inherit","uploaded_to":25986,"date":"2020-10-17 19:16:55","modified":"2020-10-17 19:19:35","menu_order":0,"mime_type":"application\/vnd.openxmlformats-officedocument.wordprocessingml.document","type":"application","subtype":"vnd.openxmlformats-officedocument.wordprocessingml.document","icon":"https:\/\/int.design\/wp-includes\/images\/media\/document.png"}},{"name":"studioVRA","credit":"Javier Bravo Photography","image":{"ID":26355,"id":26355,"title":"CENTRO DE DIA ENFERMOS ALZHEIMER RUBEN GARCIA RUBIO ZAMORA BENAVENTE HORMIG\u00d3N ALTA 45","filename":"CENTRO DE DIA ENFERMOS ALZHEIMER RUBEN GARCIA RUBIO ZAMORA BENAVENTE HORMIG\u00d3N ALTA 45-scaled.jpg","filesize":0,"url":"https:\/\/int.design\/wp-content\/uploads\/2020\/10\/CENTRO DE DIA ENFERMOS ALZHEIMER RUBEN GARCIA RUBIO ZAMORA BENAVENTE HORMIG\u00d3N ALTA 45-scaled.jpg","link":"https:\/\/int.design\/fr\/projets\/day-care-center-for-people-with-alzheimers-disease\/centro-de-dia-enfermos-alzheimer-ruben-garcia-rubio-zamora-benavente-hormigon-alta-45\/","alt":"","author":"68","description":"","caption":"","name":"centro-de-dia-enfermos-alzheimer-ruben-garcia-rubio-zamora-benavente-hormigon-alta-45","status":"inherit","uploaded_to":25986,"date":"2020-10-17 19:25:35","modified":"2020-10-17 19:25:49","menu_order":0,"mime_type":"image\/jpeg","type":"image","subtype":"jpeg","icon":"https:\/\/int.design\/wp-includes\/images\/media\/default.png","width":1709,"height":2560,"sizes":{"thumbnail":"https:\/\/int.design\/wp-content\/uploads\/2020\/10\/CENTRO DE DIA ENFERMOS ALZHEIMER RUBEN GARCIA RUBIO ZAMORA BENAVENTE HORMIG\u00d3N ALTA 45-150x150.jpg","thumbnail-width":150,"thumbnail-height":150,"medium":"https:\/\/int.design\/wp-content\/uploads\/2020\/10\/CENTRO DE DIA ENFERMOS ALZHEIMER RUBEN GARCIA RUBIO ZAMORA BENAVENTE HORMIG\u00d3N ALTA 45-200x300.jpg","medium-width":200,"medium-height":300,"medium_large":"https:\/\/int.design\/wp-content\/uploads\/2020\/10\/CENTRO DE DIA ENFERMOS ALZHEIMER RUBEN GARCIA RUBIO ZAMORA BENAVENTE HORMIG\u00d3N ALTA 45-768x1150.jpg","medium_large-width":768,"medium_large-height":1150,"large":"https:\/\/int.design\/wp-content\/uploads\/2020\/10\/CENTRO DE DIA ENFERMOS ALZHEIMER RUBEN GARCIA RUBIO ZAMORA BENAVENTE HORMIG\u00d3N ALTA 45-684x1024.jpg","large-width":684,"large-height":1024,"1536x1536":"https:\/\/int.design\/wp-content\/uploads\/2020\/10\/CENTRO DE DIA ENFERMOS ALZHEIMER RUBEN GARCIA RUBIO ZAMORA BENAVENTE HORMIG\u00d3N ALTA 45-1025x1536.jpg","1536x1536-width":1025,"1536x1536-height":1536,"2048x2048":"https:\/\/int.design\/wp-content\/uploads\/2020\/10\/CENTRO DE DIA ENFERMOS ALZHEIMER RUBEN GARCIA RUBIO ZAMORA BENAVENTE HORMIG\u00d3N ALTA 45-1367x2048.jpg","2048x2048-width":1367,"2048x2048-height":2048,"article":"https:\/\/int.design\/wp-content\/uploads\/2020\/10\/CENTRO DE DIA ENFERMOS ALZHEIMER RUBEN GARCIA RUBIO ZAMORA BENAVENTE HORMIG\u00d3N ALTA 45-960x540.jpg","article-width":960,"article-height":540,"banner":"https:\/\/int.design\/wp-content\/uploads\/2020\/10\/CENTRO DE DIA ENFERMOS ALZHEIMER RUBEN GARCIA RUBIO ZAMORA BENAVENTE HORMIG\u00d3N ALTA 45-1920x2876.jpg","banner-width":1920,"banner-height":2876,"block":"https:\/\/int.design\/wp-content\/uploads\/2020\/10\/CENTRO DE DIA ENFERMOS ALZHEIMER RUBEN GARCIA RUBIO ZAMORA BENAVENTE HORMIG\u00d3N ALTA 45-900x680.jpg","block-width":900,"block-height":680,"card":"https:\/\/int.design\/wp-content\/uploads\/2020\/10\/CENTRO DE DIA ENFERMOS ALZHEIMER RUBEN GARCIA RUBIO ZAMORA BENAVENTE HORMIG\u00d3N ALTA 45-560x495.jpg","card-width":560,"card-height":495,"card-thumbnail":"https:\/\/int.design\/wp-content\/uploads\/2020\/10\/CENTRO DE DIA ENFERMOS ALZHEIMER RUBEN GARCIA RUBIO ZAMORA BENAVENTE HORMIG\u00d3N ALTA 45-450x340.jpg","card-thumbnail-width":450,"card-thumbnail-height":340,"conference":"https:\/\/int.design\/wp-content\/uploads\/2020\/10\/CENTRO DE DIA ENFERMOS ALZHEIMER RUBEN GARCIA RUBIO ZAMORA BENAVENTE HORMIG\u00d3N ALTA 45-560x250.jpg","conference-width":560,"conference-height":250,"contest":"https:\/\/int.design\/wp-content\/uploads\/2020\/10\/CENTRO DE DIA ENFERMOS ALZHEIMER RUBEN GARCIA RUBIO ZAMORA BENAVENTE HORMIG\u00d3N ALTA 45-960x400.jpg","contest-width":960,"contest-height":400,"cta":"https:\/\/int.design\/wp-content\/uploads\/2020\/10\/CENTRO DE DIA ENFERMOS ALZHEIMER RUBEN GARCIA RUBIO ZAMORA BENAVENTE HORMIG\u00d3N ALTA 45-415x170.jpg","cta-width":415,"cta-height":170,"exhibitor":"https:\/\/int.design\/wp-content\/uploads\/2020\/10\/CENTRO DE DIA ENFERMOS ALZHEIMER RUBEN GARCIA RUBIO ZAMORA BENAVENTE HORMIG\u00d3N ALTA 45-560x560.jpg","exhibitor-width":560,"exhibitor-height":560,"gallery":"https:\/\/int.design\/wp-content\/uploads\/2020\/10\/CENTRO DE DIA ENFERMOS ALZHEIMER RUBEN GARCIA RUBIO ZAMORA BENAVENTE HORMIG\u00d3N ALTA 45-287x430.jpg","gallery-width":287,"gallery-height":430,"logo":"https:\/\/int.design\/wp-content\/uploads\/2020\/10\/CENTRO DE DIA ENFERMOS ALZHEIMER RUBEN GARCIA RUBIO ZAMORA BENAVENTE HORMIG\u00d3N ALTA 45-67x100.jpg","logo-width":67,"logo-height":100,"masonry":"https:\/\/int.design\/wp-content\/uploads\/2020\/10\/CENTRO DE DIA ENFERMOS ALZHEIMER RUBEN GARCIA RUBIO ZAMORA BENAVENTE HORMIG\u00d3N ALTA 45-550x824.jpg","masonry-width":550,"masonry-height":824,"modal":"https:\/\/int.design\/wp-content\/uploads\/2020\/10\/CENTRO DE DIA ENFERMOS ALZHEIMER RUBEN GARCIA RUBIO ZAMORA BENAVENTE HORMIG\u00d3N ALTA 45-1282x1920.jpg","modal-width":1282,"modal-height":1920,"number":"https:\/\/int.design\/wp-content\/uploads\/2020\/10\/CENTRO DE DIA ENFERMOS ALZHEIMER RUBEN GARCIA RUBIO ZAMORA BENAVENTE HORMIG\u00d3N ALTA 45-287x430.jpg","number-width":287,"number-height":430,"partner":"https:\/\/int.design\/wp-content\/uploads\/2020\/10\/CENTRO DE DIA ENFERMOS ALZHEIMER RUBEN GARCIA RUBIO ZAMORA BENAVENTE HORMIG\u00d3N ALTA 45-140x210.jpg","partner-width":140,"partner-height":210,"ranking":"https:\/\/int.design\/wp-content\/uploads\/2020\/10\/CENTRO DE DIA ENFERMOS ALZHEIMER RUBEN GARCIA RUBIO ZAMORA BENAVENTE HORMIG\u00d3N ALTA 45-960x540.jpg","ranking-width":960,"ranking-height":540,"schedule":"https:\/\/int.design\/wp-content\/uploads\/2020\/10\/CENTRO DE DIA ENFERMOS ALZHEIMER RUBEN GARCIA RUBIO ZAMORA BENAVENTE HORMIG\u00d3N ALTA 45-960x360.jpg","schedule-width":960,"schedule-height":360,"slideshow":"https:\/\/int.design\/wp-content\/uploads\/2020\/10\/CENTRO DE DIA ENFERMOS ALZHEIMER RUBEN GARCIA RUBIO ZAMORA BENAVENTE HORMIG\u00d3N ALTA 45-454x680.jpg","slideshow-width":454,"slideshow-height":680}},"file":{"ID":26356,"id":26356,"title":"studioVRA","filename":"studioVRA.docx","filesize":0,"url":"https:\/\/int.design\/wp-content\/uploads\/2020\/10\/studioVRA.docx","link":"https:\/\/int.design\/fr\/projets\/day-care-center-for-people-with-alzheimers-disease\/studiovra\/","alt":"","author":"68","description":"","caption":"","name":"studiovra","status":"inherit","uploaded_to":25986,"date":"2020-10-17 19:25:49","modified":"2020-10-17 19:25:49","menu_order":0,"mime_type":"application\/vnd.openxmlformats-officedocument.wordprocessingml.document","type":"application","subtype":"vnd.openxmlformats-officedocument.wordprocessingml.document","icon":"https:\/\/int.design\/wp-includes\/images\/media\/document.png"}}],"cover":[{"categories":[387],"credit":"Javier Bravo Photography","image":{"ID":26344,"id":26344,"title":"03_AFAB_VERTICAL","filename":"03_AFAB_VERTICAL-scaled.jpg","filesize":0,"url":"https:\/\/int.design\/wp-content\/uploads\/2020\/10\/03_AFAB_VERTICAL-scaled.jpg","link":"https:\/\/int.design\/fr\/projets\/day-care-center-for-people-with-alzheimers-disease\/03_afab_vertical\/","alt":"","author":"68","description":"Day Care Center for People with Alzheimer\u2019s Disease studioVRA (Ruben Garcia-Rubio & Sonsoles Vela)","caption":"","name":"03_afab_vertical","status":"inherit","uploaded_to":25986,"date":"2020-10-17 19:16:55","modified":"2022-02-08 14:32:45","menu_order":0,"mime_type":"image\/jpeg","type":"image","subtype":"jpeg","icon":"https:\/\/int.design\/wp-includes\/images\/media\/default.png","width":1709,"height":2560,"sizes":{"thumbnail":"https:\/\/int.design\/wp-content\/uploads\/2020\/10\/03_AFAB_VERTICAL-150x150.jpg","thumbnail-width":150,"thumbnail-height":150,"medium":"https:\/\/int.design\/wp-content\/uploads\/2020\/10\/03_AFAB_VERTICAL-200x300.jpg","medium-width":200,"medium-height":300,"medium_large":"https:\/\/int.design\/wp-content\/uploads\/2020\/10\/03_AFAB_VERTICAL-768x1150.jpg","medium_large-width":768,"medium_large-height":1150,"large":"https:\/\/int.design\/wp-content\/uploads\/2020\/10\/03_AFAB_VERTICAL-684x1024.jpg","large-width":684,"large-height":1024,"1536x1536":"https:\/\/int.design\/wp-content\/uploads\/2020\/10\/03_AFAB_VERTICAL-1025x1536.jpg","1536x1536-width":1025,"1536x1536-height":1536,"2048x2048":"https:\/\/int.design\/wp-content\/uploads\/2020\/10\/03_AFAB_VERTICAL-1367x2048.jpg","2048x2048-width":1367,"2048x2048-height":2048,"article":"https:\/\/int.design\/wp-content\/uploads\/2020\/10\/03_AFAB_VERTICAL-960x540.jpg","article-width":960,"article-height":540,"banner":"https:\/\/int.design\/wp-content\/uploads\/2020\/10\/03_AFAB_VERTICAL-1920x2876.jpg","banner-width":1920,"banner-height":2876,"block":"https:\/\/int.design\/wp-content\/uploads\/2020\/10\/03_AFAB_VERTICAL-900x680.jpg","block-width":900,"block-height":680,"card":"https:\/\/int.design\/wp-content\/uploads\/2020\/10\/03_AFAB_VERTICAL-560x495.jpg","card-width":560,"card-height":495,"card-thumbnail":"https:\/\/int.design\/wp-content\/uploads\/2020\/10\/03_AFAB_VERTICAL-450x340.jpg","card-thumbnail-width":450,"card-thumbnail-height":340,"conference":"https:\/\/int.design\/wp-content\/uploads\/2020\/10\/03_AFAB_VERTICAL-560x250.jpg","conference-width":560,"conference-height":250,"contest":"https:\/\/int.design\/wp-content\/uploads\/2020\/10\/03_AFAB_VERTICAL-960x400.jpg","contest-width":960,"contest-height":400,"cta":"https:\/\/int.design\/wp-content\/uploads\/2020\/10\/03_AFAB_VERTICAL-415x170.jpg","cta-width":415,"cta-height":170,"exhibitor":"https:\/\/int.design\/wp-content\/uploads\/2020\/10\/03_AFAB_VERTICAL-560x560.jpg","exhibitor-width":560,"exhibitor-height":560,"gallery":"https:\/\/int.design\/wp-content\/uploads\/2020\/10\/03_AFAB_VERTICAL-287x430.jpg","gallery-width":287,"gallery-height":430,"logo":"https:\/\/int.design\/wp-content\/uploads\/2020\/10\/03_AFAB_VERTICAL-67x100.jpg","logo-width":67,"logo-height":100,"masonry":"https:\/\/int.design\/wp-content\/uploads\/2020\/10\/03_AFAB_VERTICAL-550x824.jpg","masonry-width":550,"masonry-height":824,"modal":"https:\/\/int.design\/wp-content\/uploads\/2020\/10\/03_AFAB_VERTICAL-1282x1920.jpg","modal-width":1282,"modal-height":1920,"number":"https:\/\/int.design\/wp-content\/uploads\/2020\/10\/03_AFAB_VERTICAL-287x430.jpg","number-width":287,"number-height":430,"partner":"https:\/\/int.design\/wp-content\/uploads\/2020\/10\/03_AFAB_VERTICAL-140x210.jpg","partner-width":140,"partner-height":210,"ranking":"https:\/\/int.design\/wp-content\/uploads\/2020\/10\/03_AFAB_VERTICAL-960x540.jpg","ranking-width":960,"ranking-height":540,"schedule":"https:\/\/int.design\/wp-content\/uploads\/2020\/10\/03_AFAB_VERTICAL-960x360.jpg","schedule-width":960,"schedule-height":360,"slideshow":"https:\/\/int.design\/wp-content\/uploads\/2020\/10\/03_AFAB_VERTICAL-454x680.jpg","slideshow-width":454,"slideshow-height":680}},"filters":[1001,100,105,562,557,108,916,110,107,26,83,169,1043,539,122,172],"suppliers":false,"attachment_category":{"107":"Aire de d\u00e9tente ou de repas","1001":"B\u00e2timent public","83":"Bois","26":"Couleur","100":"\u00c9ducation\/institution","916":"Entr\u00e9e-corridor-escalier","108":"Espace collaboratif et \u00e0 aire ouverte","122":"Mat\u00e9riaux d'am\u00e9nagement ext\u00e9rieur","539":"Mat\u00e9riaux d\u2019am\u00e9nagement int\u00e9rieur","557":"Paysage - Commercial &amp; public","169":"Porte et fen\u00eatre","110":"R\u00e9ception","562":"R\u00e9sidence\/maison pour a\u00een\u00e9s","1043":"Rev\u00eatement de sol","172":"Rev\u00eatement mural et de fen\u00eatre","105":"Sant\u00e9"}}],"images":[{"categories":[387],"credit":"Javier Bravo Photography","image":{"ID":26345,"id":26345,"title":"02_AFAB_HORIZONTAL","filename":"02_AFAB_HORIZONTAL-scaled.jpg","filesize":0,"url":"https:\/\/int.design\/wp-content\/uploads\/2020\/10\/02_AFAB_HORIZONTAL-scaled.jpg","link":"https:\/\/int.design\/fr\/projets\/day-care-center-for-people-with-alzheimers-disease\/02_afab_horizontal\/","alt":"","author":"68","description":"Day Care Center for People with Alzheimer\u2019s Disease studioVRA (Ruben Garcia-Rubio & Sonsoles Vela)","caption":"","name":"02_afab_horizontal","status":"inherit","uploaded_to":25986,"date":"2020-10-17 19:17:11","modified":"2022-02-08 14:32:46","menu_order":0,"mime_type":"image\/jpeg","type":"image","subtype":"jpeg","icon":"https:\/\/int.design\/wp-includes\/images\/media\/default.png","width":2560,"height":1709,"sizes":{"thumbnail":"https:\/\/int.design\/wp-content\/uploads\/2020\/10\/02_AFAB_HORIZONTAL-150x150.jpg","thumbnail-width":150,"thumbnail-height":150,"medium":"https:\/\/int.design\/wp-content\/uploads\/2020\/10\/02_AFAB_HORIZONTAL-300x200.jpg","medium-width":300,"medium-height":200,"medium_large":"https:\/\/int.design\/wp-content\/uploads\/2020\/10\/02_AFAB_HORIZONTAL-768x513.jpg","medium_large-width":768,"medium_large-height":513,"large":"https:\/\/int.design\/wp-content\/uploads\/2020\/10\/02_AFAB_HORIZONTAL-1024x684.jpg","large-width":1024,"large-height":684,"1536x1536":"https:\/\/int.design\/wp-content\/uploads\/2020\/10\/02_AFAB_HORIZONTAL-1536x1025.jpg","1536x1536-width":1536,"1536x1536-height":1025,"2048x2048":"https:\/\/int.design\/wp-content\/uploads\/2020\/10\/02_AFAB_HORIZONTAL-2048x1367.jpg","2048x2048-width":2048,"2048x2048-height":1367,"article":"https:\/\/int.design\/wp-content\/uploads\/2020\/10\/02_AFAB_HORIZONTAL-960x540.jpg","article-width":960,"article-height":540,"banner":"https:\/\/int.design\/wp-content\/uploads\/2020\/10\/02_AFAB_HORIZONTAL-1920x1282.jpg","banner-width":1920,"banner-height":1282,"block":"https:\/\/int.design\/wp-content\/uploads\/2020\/10\/02_AFAB_HORIZONTAL-900x680.jpg","block-width":900,"block-height":680,"card":"https:\/\/int.design\/wp-content\/uploads\/2020\/10\/02_AFAB_HORIZONTAL-560x495.jpg","card-width":560,"card-height":495,"card-thumbnail":"https:\/\/int.design\/wp-content\/uploads\/2020\/10\/02_AFAB_HORIZONTAL-450x340.jpg","card-thumbnail-width":450,"card-thumbnail-height":340,"conference":"https:\/\/int.design\/wp-content\/uploads\/2020\/10\/02_AFAB_HORIZONTAL-560x250.jpg","conference-width":560,"conference-height":250,"contest":"https:\/\/int.design\/wp-content\/uploads\/2020\/10\/02_AFAB_HORIZONTAL-960x400.jpg","contest-width":960,"contest-height":400,"cta":"https:\/\/int.design\/wp-content\/uploads\/2020\/10\/02_AFAB_HORIZONTAL-415x170.jpg","cta-width":415,"cta-height":170,"exhibitor":"https:\/\/int.design\/wp-content\/uploads\/2020\/10\/02_AFAB_HORIZONTAL-560x560.jpg","exhibitor-width":560,"exhibitor-height":560,"gallery":"https:\/\/int.design\/wp-content\/uploads\/2020\/10\/02_AFAB_HORIZONTAL-560x374.jpg","gallery-width":560,"gallery-height":374,"logo":"https:\/\/int.design\/wp-content\/uploads\/2020\/10\/02_AFAB_HORIZONTAL-150x100.jpg","logo-width":150,"logo-height":100,"masonry":"https:\/\/int.design\/wp-content\/uploads\/2020\/10\/02_AFAB_HORIZONTAL-550x367.jpg","masonry-width":550,"masonry-height":367,"modal":"https:\/\/int.design\/wp-content\/uploads\/2020\/10\/02_AFAB_HORIZONTAL-1920x1282.jpg","modal-width":1920,"modal-height":1282,"number":"https:\/\/int.design\/wp-content\/uploads\/2020\/10\/02_AFAB_HORIZONTAL-560x374.jpg","number-width":560,"number-height":374,"partner":"https:\/\/int.design\/wp-content\/uploads\/2020\/10\/02_AFAB_HORIZONTAL-275x184.jpg","partner-width":275,"partner-height":184,"ranking":"https:\/\/int.design\/wp-content\/uploads\/2020\/10\/02_AFAB_HORIZONTAL-960x540.jpg","ranking-width":960,"ranking-height":540,"schedule":"https:\/\/int.design\/wp-content\/uploads\/2020\/10\/02_AFAB_HORIZONTAL-960x360.jpg","schedule-width":960,"schedule-height":360,"slideshow":"https:\/\/int.design\/wp-content\/uploads\/2020\/10\/02_AFAB_HORIZONTAL-1019x680.jpg","slideshow-width":1019,"slideshow-height":680}},"filters":[1001,100,105,562,557,108,916,110,107,26,83,169,1043,539,122,172],"suppliers":false,"attachment_category":[]},{"categories":[387],"credit":"Javier Bravo Photography","image":{"ID":26346,"id":26346,"title":"04_AFAB_FOTOGRAFIAS_2","filename":"04_AFAB_FOTOGRAFIAS_2-scaled.jpg","filesize":0,"url":"https:\/\/int.design\/wp-content\/uploads\/2020\/10\/04_AFAB_FOTOGRAFIAS_2-scaled.jpg","link":"https:\/\/int.design\/fr\/projets\/day-care-center-for-people-with-alzheimers-disease\/04_afab_fotografias_2\/","alt":"","author":"68","description":"Day Care Center for People with Alzheimer\u2019s Disease studioVRA (Ruben Garcia-Rubio & Sonsoles Vela)","caption":"","name":"04_afab_fotografias_2","status":"inherit","uploaded_to":25986,"date":"2020-10-17 19:17:26","modified":"2022-02-08 14:32:46","menu_order":0,"mime_type":"image\/jpeg","type":"image","subtype":"jpeg","icon":"https:\/\/int.design\/wp-includes\/images\/media\/default.png","width":2560,"height":1709,"sizes":{"thumbnail":"https:\/\/int.design\/wp-content\/uploads\/2020\/10\/04_AFAB_FOTOGRAFIAS_2-150x150.jpg","thumbnail-width":150,"thumbnail-height":150,"medium":"https:\/\/int.design\/wp-content\/uploads\/2020\/10\/04_AFAB_FOTOGRAFIAS_2-300x200.jpg","medium-width":300,"medium-height":200,"medium_large":"https:\/\/int.design\/wp-content\/uploads\/2020\/10\/04_AFAB_FOTOGRAFIAS_2-768x513.jpg","medium_large-width":768,"medium_large-height":513,"large":"https:\/\/int.design\/wp-content\/uploads\/2020\/10\/04_AFAB_FOTOGRAFIAS_2-1024x684.jpg","large-width":1024,"large-height":684,"1536x1536":"https:\/\/int.design\/wp-content\/uploads\/2020\/10\/04_AFAB_FOTOGRAFIAS_2-1536x1025.jpg","1536x1536-width":1536,"1536x1536-height":1025,"2048x2048":"https:\/\/int.design\/wp-content\/uploads\/2020\/10\/04_AFAB_FOTOGRAFIAS_2-2048x1367.jpg","2048x2048-width":2048,"2048x2048-height":1367,"article":"https:\/\/int.design\/wp-content\/uploads\/2020\/10\/04_AFAB_FOTOGRAFIAS_2-960x540.jpg","article-width":960,"article-height":540,"banner":"https:\/\/int.design\/wp-content\/uploads\/2020\/10\/04_AFAB_FOTOGRAFIAS_2-1920x1282.jpg","banner-width":1920,"banner-height":1282,"block":"https:\/\/int.design\/wp-content\/uploads\/2020\/10\/04_AFAB_FOTOGRAFIAS_2-900x680.jpg","block-width":900,"block-height":680,"card":"https:\/\/int.design\/wp-content\/uploads\/2020\/10\/04_AFAB_FOTOGRAFIAS_2-560x495.jpg","card-width":560,"card-height":495,"card-thumbnail":"https:\/\/int.design\/wp-content\/uploads\/2020\/10\/04_AFAB_FOTOGRAFIAS_2-450x340.jpg","card-thumbnail-width":450,"card-thumbnail-height":340,"conference":"https:\/\/int.design\/wp-content\/uploads\/2020\/10\/04_AFAB_FOTOGRAFIAS_2-560x250.jpg","conference-width":560,"conference-height":250,"contest":"https:\/\/int.design\/wp-content\/uploads\/2020\/10\/04_AFAB_FOTOGRAFIAS_2-960x400.jpg","contest-width":960,"contest-height":400,"cta":"https:\/\/int.design\/wp-content\/uploads\/2020\/10\/04_AFAB_FOTOGRAFIAS_2-415x170.jpg","cta-width":415,"cta-height":170,"exhibitor":"https:\/\/int.design\/wp-content\/uploads\/2020\/10\/04_AFAB_FOTOGRAFIAS_2-560x560.jpg","exhibitor-width":560,"exhibitor-height":560,"gallery":"https:\/\/int.design\/wp-content\/uploads\/2020\/10\/04_AFAB_FOTOGRAFIAS_2-560x374.jpg","gallery-width":560,"gallery-height":374,"logo":"https:\/\/int.design\/wp-content\/uploads\/2020\/10\/04_AFAB_FOTOGRAFIAS_2-150x100.jpg","logo-width":150,"logo-height":100,"masonry":"https:\/\/int.design\/wp-content\/uploads\/2020\/10\/04_AFAB_FOTOGRAFIAS_2-550x367.jpg","masonry-width":550,"masonry-height":367,"modal":"https:\/\/int.design\/wp-content\/uploads\/2020\/10\/04_AFAB_FOTOGRAFIAS_2-1920x1282.jpg","modal-width":1920,"modal-height":1282,"number":"https:\/\/int.design\/wp-content\/uploads\/2020\/10\/04_AFAB_FOTOGRAFIAS_2-560x374.jpg","number-width":560,"number-height":374,"partner":"https:\/\/int.design\/wp-content\/uploads\/2020\/10\/04_AFAB_FOTOGRAFIAS_2-275x184.jpg","partner-width":275,"partner-height":184,"ranking":"https:\/\/int.design\/wp-content\/uploads\/2020\/10\/04_AFAB_FOTOGRAFIAS_2-960x540.jpg","ranking-width":960,"ranking-height":540,"schedule":"https:\/\/int.design\/wp-content\/uploads\/2020\/10\/04_AFAB_FOTOGRAFIAS_2-960x360.jpg","schedule-width":960,"schedule-height":360,"slideshow":"https:\/\/int.design\/wp-content\/uploads\/2020\/10\/04_AFAB_FOTOGRAFIAS_2-1019x680.jpg","slideshow-width":1019,"slideshow-height":680}},"filters":[1001,99,105,562,557,108,916,110,107,26,83,169,1043,539,122,172],"suppliers":false,"attachment_category":[]},{"categories":[387],"credit":"Javier Bravo Photography","image":{"ID":26347,"id":26347,"title":"04_AFAB_FOTOGRAFIAS_3","filename":"04_AFAB_FOTOGRAFIAS_3-scaled.jpg","filesize":0,"url":"https:\/\/int.design\/wp-content\/uploads\/2020\/10\/04_AFAB_FOTOGRAFIAS_3-scaled.jpg","link":"https:\/\/int.design\/fr\/projets\/day-care-center-for-people-with-alzheimers-disease\/04_afab_fotografias_3\/","alt":"","author":"68","description":"Day Care Center for People with Alzheimer\u2019s Disease studioVRA (Ruben Garcia-Rubio & Sonsoles Vela)","caption":"","name":"04_afab_fotografias_3","status":"inherit","uploaded_to":25986,"date":"2020-10-17 19:17:42","modified":"2022-02-08 14:32:46","menu_order":0,"mime_type":"image\/jpeg","type":"image","subtype":"jpeg","icon":"https:\/\/int.design\/wp-includes\/images\/media\/default.png","width":1709,"height":2560,"sizes":{"thumbnail":"https:\/\/int.design\/wp-content\/uploads\/2020\/10\/04_AFAB_FOTOGRAFIAS_3-150x150.jpg","thumbnail-width":150,"thumbnail-height":150,"medium":"https:\/\/int.design\/wp-content\/uploads\/2020\/10\/04_AFAB_FOTOGRAFIAS_3-200x300.jpg","medium-width":200,"medium-height":300,"medium_large":"https:\/\/int.design\/wp-content\/uploads\/2020\/10\/04_AFAB_FOTOGRAFIAS_3-768x1150.jpg","medium_large-width":768,"medium_large-height":1150,"large":"https:\/\/int.design\/wp-content\/uploads\/2020\/10\/04_AFAB_FOTOGRAFIAS_3-684x1024.jpg","large-width":684,"large-height":1024,"1536x1536":"https:\/\/int.design\/wp-content\/uploads\/2020\/10\/04_AFAB_FOTOGRAFIAS_3-1025x1536.jpg","1536x1536-width":1025,"1536x1536-height":1536,"2048x2048":"https:\/\/int.design\/wp-content\/uploads\/2020\/10\/04_AFAB_FOTOGRAFIAS_3-1367x2048.jpg","2048x2048-width":1367,"2048x2048-height":2048,"article":"https:\/\/int.design\/wp-content\/uploads\/2020\/10\/04_AFAB_FOTOGRAFIAS_3-960x540.jpg","article-width":960,"article-height":540,"banner":"https:\/\/int.design\/wp-content\/uploads\/2020\/10\/04_AFAB_FOTOGRAFIAS_3-1920x2876.jpg","banner-width":1920,"banner-height":2876,"block":"https:\/\/int.design\/wp-content\/uploads\/2020\/10\/04_AFAB_FOTOGRAFIAS_3-900x680.jpg","block-width":900,"block-height":680,"card":"https:\/\/int.design\/wp-content\/uploads\/2020\/10\/04_AFAB_FOTOGRAFIAS_3-560x495.jpg","card-width":560,"card-height":495,"card-thumbnail":"https:\/\/int.design\/wp-content\/uploads\/2020\/10\/04_AFAB_FOTOGRAFIAS_3-450x340.jpg","card-thumbnail-width":450,"card-thumbnail-height":340,"conference":"https:\/\/int.design\/wp-content\/uploads\/2020\/10\/04_AFAB_FOTOGRAFIAS_3-560x250.jpg","conference-width":560,"conference-height":250,"contest":"https:\/\/int.design\/wp-content\/uploads\/2020\/10\/04_AFAB_FOTOGRAFIAS_3-960x400.jpg","contest-width":960,"contest-height":400,"cta":"https:\/\/int.design\/wp-content\/uploads\/2020\/10\/04_AFAB_FOTOGRAFIAS_3-415x170.jpg","cta-width":415,"cta-height":170,"exhibitor":"https:\/\/int.design\/wp-content\/uploads\/2020\/10\/04_AFAB_FOTOGRAFIAS_3-560x560.jpg","exhibitor-width":560,"exhibitor-height":560,"gallery":"https:\/\/int.design\/wp-content\/uploads\/2020\/10\/04_AFAB_FOTOGRAFIAS_3-287x430.jpg","gallery-width":287,"gallery-height":430,"logo":"https:\/\/int.design\/wp-content\/uploads\/2020\/10\/04_AFAB_FOTOGRAFIAS_3-67x100.jpg","logo-width":67,"logo-height":100,"masonry":"https:\/\/int.design\/wp-content\/uploads\/2020\/10\/04_AFAB_FOTOGRAFIAS_3-550x824.jpg","masonry-width":550,"masonry-height":824,"modal":"https:\/\/int.design\/wp-content\/uploads\/2020\/10\/04_AFAB_FOTOGRAFIAS_3-1282x1920.jpg","modal-width":1282,"modal-height":1920,"number":"https:\/\/int.design\/wp-content\/uploads\/2020\/10\/04_AFAB_FOTOGRAFIAS_3-287x430.jpg","number-width":287,"number-height":430,"partner":"https:\/\/int.design\/wp-content\/uploads\/2020\/10\/04_AFAB_FOTOGRAFIAS_3-140x210.jpg","partner-width":140,"partner-height":210,"ranking":"https:\/\/int.design\/wp-content\/uploads\/2020\/10\/04_AFAB_FOTOGRAFIAS_3-960x540.jpg","ranking-width":960,"ranking-height":540,"schedule":"https:\/\/int.design\/wp-content\/uploads\/2020\/10\/04_AFAB_FOTOGRAFIAS_3-960x360.jpg","schedule-width":960,"schedule-height":360,"slideshow":"https:\/\/int.design\/wp-content\/uploads\/2020\/10\/04_AFAB_FOTOGRAFIAS_3-454x680.jpg","slideshow-width":454,"slideshow-height":680}},"filters":[1001,100,105,562,557,108,916,110,107,26,83,169,1043,539,122,172],"suppliers":false,"attachment_category":[]},{"categories":[387],"credit":"Javier Bravo Photography","image":{"ID":26348,"id":26348,"title":"04_AFAB_FOTOGRAFIAS_5","filename":"04_AFAB_FOTOGRAFIAS_5-scaled.jpg","filesize":0,"url":"https:\/\/int.design\/wp-content\/uploads\/2020\/10\/04_AFAB_FOTOGRAFIAS_5-scaled.jpg","link":"https:\/\/int.design\/fr\/projets\/day-care-center-for-people-with-alzheimers-disease\/04_afab_fotografias_5\/","alt":"","author":"68","description":"Day Care Center for People with Alzheimer\u2019s Disease studioVRA (Ruben Garcia-Rubio & Sonsoles Vela)","caption":"","name":"04_afab_fotografias_5","status":"inherit","uploaded_to":25986,"date":"2020-10-17 19:17:55","modified":"2022-02-08 14:32:46","menu_order":0,"mime_type":"image\/jpeg","type":"image","subtype":"jpeg","icon":"https:\/\/int.design\/wp-includes\/images\/media\/default.png","width":2560,"height":1709,"sizes":{"thumbnail":"https:\/\/int.design\/wp-content\/uploads\/2020\/10\/04_AFAB_FOTOGRAFIAS_5-150x150.jpg","thumbnail-width":150,"thumbnail-height":150,"medium":"https:\/\/int.design\/wp-content\/uploads\/2020\/10\/04_AFAB_FOTOGRAFIAS_5-300x200.jpg","medium-width":300,"medium-height":200,"medium_large":"https:\/\/int.design\/wp-content\/uploads\/2020\/10\/04_AFAB_FOTOGRAFIAS_5-768x513.jpg","medium_large-width":768,"medium_large-height":513,"large":"https:\/\/int.design\/wp-content\/uploads\/2020\/10\/04_AFAB_FOTOGRAFIAS_5-1024x684.jpg","large-width":1024,"large-height":684,"1536x1536":"https:\/\/int.design\/wp-content\/uploads\/2020\/10\/04_AFAB_FOTOGRAFIAS_5-1536x1025.jpg","1536x1536-width":1536,"1536x1536-height":1025,"2048x2048":"https:\/\/int.design\/wp-content\/uploads\/2020\/10\/04_AFAB_FOTOGRAFIAS_5-2048x1367.jpg","2048x2048-width":2048,"2048x2048-height":1367,"article":"https:\/\/int.design\/wp-content\/uploads\/2020\/10\/04_AFAB_FOTOGRAFIAS_5-960x540.jpg","article-width":960,"article-height":540,"banner":"https:\/\/int.design\/wp-content\/uploads\/2020\/10\/04_AFAB_FOTOGRAFIAS_5-1920x1282.jpg","banner-width":1920,"banner-height":1282,"block":"https:\/\/int.design\/wp-content\/uploads\/2020\/10\/04_AFAB_FOTOGRAFIAS_5-900x680.jpg","block-width":900,"block-height":680,"card":"https:\/\/int.design\/wp-content\/uploads\/2020\/10\/04_AFAB_FOTOGRAFIAS_5-560x495.jpg","card-width":560,"card-height":495,"card-thumbnail":"https:\/\/int.design\/wp-content\/uploads\/2020\/10\/04_AFAB_FOTOGRAFIAS_5-450x340.jpg","card-thumbnail-width":450,"card-thumbnail-height":340,"conference":"https:\/\/int.design\/wp-content\/uploads\/2020\/10\/04_AFAB_FOTOGRAFIAS_5-560x250.jpg","conference-width":560,"conference-height":250,"contest":"https:\/\/int.design\/wp-content\/uploads\/2020\/10\/04_AFAB_FOTOGRAFIAS_5-960x400.jpg","contest-width":960,"contest-height":400,"cta":"https:\/\/int.design\/wp-content\/uploads\/2020\/10\/04_AFAB_FOTOGRAFIAS_5-415x170.jpg","cta-width":415,"cta-height":170,"exhibitor":"https:\/\/int.design\/wp-content\/uploads\/2020\/10\/04_AFAB_FOTOGRAFIAS_5-560x560.jpg","exhibitor-width":560,"exhibitor-height":560,"gallery":"https:\/\/int.design\/wp-content\/uploads\/2020\/10\/04_AFAB_FOTOGRAFIAS_5-560x374.jpg","gallery-width":560,"gallery-height":374,"logo":"https:\/\/int.design\/wp-content\/uploads\/2020\/10\/04_AFAB_FOTOGRAFIAS_5-150x100.jpg","logo-width":150,"logo-height":100,"masonry":"https:\/\/int.design\/wp-content\/uploads\/2020\/10\/04_AFAB_FOTOGRAFIAS_5-550x367.jpg","masonry-width":550,"masonry-height":367,"modal":"https:\/\/int.design\/wp-content\/uploads\/2020\/10\/04_AFAB_FOTOGRAFIAS_5-1920x1282.jpg","modal-width":1920,"modal-height":1282,"number":"https:\/\/int.design\/wp-content\/uploads\/2020\/10\/04_AFAB_FOTOGRAFIAS_5-560x374.jpg","number-width":560,"number-height":374,"partner":"https:\/\/int.design\/wp-content\/uploads\/2020\/10\/04_AFAB_FOTOGRAFIAS_5-275x184.jpg","partner-width":275,"partner-height":184,"ranking":"https:\/\/int.design\/wp-content\/uploads\/2020\/10\/04_AFAB_FOTOGRAFIAS_5-960x540.jpg","ranking-width":960,"ranking-height":540,"schedule":"https:\/\/int.design\/wp-content\/uploads\/2020\/10\/04_AFAB_FOTOGRAFIAS_5-960x360.jpg","schedule-width":960,"schedule-height":360,"slideshow":"https:\/\/int.design\/wp-content\/uploads\/2020\/10\/04_AFAB_FOTOGRAFIAS_5-1019x680.jpg","slideshow-width":1019,"slideshow-height":680}},"filters":[1001,100,105,562,557,108,916,110,107,26,83,169,1043,539,122,172],"suppliers":false,"attachment_category":[]},{"categories":[387],"credit":"Javier Bravo Photography","image":{"ID":26349,"id":26349,"title":"04_AFAB_FOTOGRAFIAS_6","filename":"04_AFAB_FOTOGRAFIAS_6-scaled.jpg","filesize":0,"url":"https:\/\/int.design\/wp-content\/uploads\/2020\/10\/04_AFAB_FOTOGRAFIAS_6-scaled.jpg","link":"https:\/\/int.design\/fr\/projets\/day-care-center-for-people-with-alzheimers-disease\/04_afab_fotografias_6\/","alt":"","author":"68","description":"Day Care Center for People with Alzheimer\u2019s Disease studioVRA (Ruben Garcia-Rubio & Sonsoles Vela)","caption":"","name":"04_afab_fotografias_6","status":"inherit","uploaded_to":25986,"date":"2020-10-17 19:18:08","modified":"2022-02-08 14:32:46","menu_order":0,"mime_type":"image\/jpeg","type":"image","subtype":"jpeg","icon":"https:\/\/int.design\/wp-includes\/images\/media\/default.png","width":2560,"height":1709,"sizes":{"thumbnail":"https:\/\/int.design\/wp-content\/uploads\/2020\/10\/04_AFAB_FOTOGRAFIAS_6-150x150.jpg","thumbnail-width":150,"thumbnail-height":150,"medium":"https:\/\/int.design\/wp-content\/uploads\/2020\/10\/04_AFAB_FOTOGRAFIAS_6-300x200.jpg","medium-width":300,"medium-height":200,"medium_large":"https:\/\/int.design\/wp-content\/uploads\/2020\/10\/04_AFAB_FOTOGRAFIAS_6-768x513.jpg","medium_large-width":768,"medium_large-height":513,"large":"https:\/\/int.design\/wp-content\/uploads\/2020\/10\/04_AFAB_FOTOGRAFIAS_6-1024x684.jpg","large-width":1024,"large-height":684,"1536x1536":"https:\/\/int.design\/wp-content\/uploads\/2020\/10\/04_AFAB_FOTOGRAFIAS_6-1536x1025.jpg","1536x1536-width":1536,"1536x1536-height":1025,"2048x2048":"https:\/\/int.design\/wp-content\/uploads\/2020\/10\/04_AFAB_FOTOGRAFIAS_6-2048x1367.jpg","2048x2048-width":2048,"2048x2048-height":1367,"article":"https:\/\/int.design\/wp-content\/uploads\/2020\/10\/04_AFAB_FOTOGRAFIAS_6-960x540.jpg","article-width":960,"article-height":540,"banner":"https:\/\/int.design\/wp-content\/uploads\/2020\/10\/04_AFAB_FOTOGRAFIAS_6-1920x1282.jpg","banner-width":1920,"banner-height":1282,"block":"https:\/\/int.design\/wp-content\/uploads\/2020\/10\/04_AFAB_FOTOGRAFIAS_6-900x680.jpg","block-width":900,"block-height":680,"card":"https:\/\/int.design\/wp-content\/uploads\/2020\/10\/04_AFAB_FOTOGRAFIAS_6-560x495.jpg","card-width":560,"card-height":495,"card-thumbnail":"https:\/\/int.design\/wp-content\/uploads\/2020\/10\/04_AFAB_FOTOGRAFIAS_6-450x340.jpg","card-thumbnail-width":450,"card-thumbnail-height":340,"conference":"https:\/\/int.design\/wp-content\/uploads\/2020\/10\/04_AFAB_FOTOGRAFIAS_6-560x250.jpg","conference-width":560,"conference-height":250,"contest":"https:\/\/int.design\/wp-content\/uploads\/2020\/10\/04_AFAB_FOTOGRAFIAS_6-960x400.jpg","contest-width":960,"contest-height":400,"cta":"https:\/\/int.design\/wp-content\/uploads\/2020\/10\/04_AFAB_FOTOGRAFIAS_6-415x170.jpg","cta-width":415,"cta-height":170,"exhibitor":"https:\/\/int.design\/wp-content\/uploads\/2020\/10\/04_AFAB_FOTOGRAFIAS_6-560x560.jpg","exhibitor-width":560,"exhibitor-height":560,"gallery":"https:\/\/int.design\/wp-content\/uploads\/2020\/10\/04_AFAB_FOTOGRAFIAS_6-560x374.jpg","gallery-width":560,"gallery-height":374,"logo":"https:\/\/int.design\/wp-content\/uploads\/2020\/10\/04_AFAB_FOTOGRAFIAS_6-150x100.jpg","logo-width":150,"logo-height":100,"masonry":"https:\/\/int.design\/wp-content\/uploads\/2020\/10\/04_AFAB_FOTOGRAFIAS_6-550x367.jpg","masonry-width":550,"masonry-height":367,"modal":"https:\/\/int.design\/wp-content\/uploads\/2020\/10\/04_AFAB_FOTOGRAFIAS_6-1920x1282.jpg","modal-width":1920,"modal-height":1282,"number":"https:\/\/int.design\/wp-content\/uploads\/2020\/10\/04_AFAB_FOTOGRAFIAS_6-560x374.jpg","number-width":560,"number-height":374,"partner":"https:\/\/int.design\/wp-content\/uploads\/2020\/10\/04_AFAB_FOTOGRAFIAS_6-275x184.jpg","partner-width":275,"partner-height":184,"ranking":"https:\/\/int.design\/wp-content\/uploads\/2020\/10\/04_AFAB_FOTOGRAFIAS_6-960x540.jpg","ranking-width":960,"ranking-height":540,"schedule":"https:\/\/int.design\/wp-content\/uploads\/2020\/10\/04_AFAB_FOTOGRAFIAS_6-960x360.jpg","schedule-width":960,"schedule-height":360,"slideshow":"https:\/\/int.design\/wp-content\/uploads\/2020\/10\/04_AFAB_FOTOGRAFIAS_6-1019x680.jpg","slideshow-width":1019,"slideshow-height":680}},"filters":[1001,100,105,562,557,108,916,110,107,26,83,169,1043,539,122,172],"suppliers":false,"attachment_category":[]},{"categories":[387],"credit":"Javier Bravo Photography","image":{"ID":26350,"id":26350,"title":"04_AFAB_FOTOGRAFIAS_8","filename":"04_AFAB_FOTOGRAFIAS_8-scaled.jpg","filesize":0,"url":"https:\/\/int.design\/wp-content\/uploads\/2020\/10\/04_AFAB_FOTOGRAFIAS_8-scaled.jpg","link":"https:\/\/int.design\/fr\/projets\/day-care-center-for-people-with-alzheimers-disease\/04_afab_fotografias_8\/","alt":"","author":"68","description":"Day Care Center for People with Alzheimer\u2019s Disease studioVRA (Ruben Garcia-Rubio & Sonsoles Vela)","caption":"","name":"04_afab_fotografias_8","status":"inherit","uploaded_to":25986,"date":"2020-10-17 19:18:26","modified":"2022-02-08 14:32:46","menu_order":0,"mime_type":"image\/jpeg","type":"image","subtype":"jpeg","icon":"https:\/\/int.design\/wp-includes\/images\/media\/default.png","width":1709,"height":2560,"sizes":{"thumbnail":"https:\/\/int.design\/wp-content\/uploads\/2020\/10\/04_AFAB_FOTOGRAFIAS_8-150x150.jpg","thumbnail-width":150,"thumbnail-height":150,"medium":"https:\/\/int.design\/wp-content\/uploads\/2020\/10\/04_AFAB_FOTOGRAFIAS_8-200x300.jpg","medium-width":200,"medium-height":300,"medium_large":"https:\/\/int.design\/wp-content\/uploads\/2020\/10\/04_AFAB_FOTOGRAFIAS_8-768x1150.jpg","medium_large-width":768,"medium_large-height":1150,"large":"https:\/\/int.design\/wp-content\/uploads\/2020\/10\/04_AFAB_FOTOGRAFIAS_8-684x1024.jpg","large-width":684,"large-height":1024,"1536x1536":"https:\/\/int.design\/wp-content\/uploads\/2020\/10\/04_AFAB_FOTOGRAFIAS_8-1025x1536.jpg","1536x1536-width":1025,"1536x1536-height":1536,"2048x2048":"https:\/\/int.design\/wp-content\/uploads\/2020\/10\/04_AFAB_FOTOGRAFIAS_8-1367x2048.jpg","2048x2048-width":1367,"2048x2048-height":2048,"article":"https:\/\/int.design\/wp-content\/uploads\/2020\/10\/04_AFAB_FOTOGRAFIAS_8-960x540.jpg","article-width":960,"article-height":540,"banner":"https:\/\/int.design\/wp-content\/uploads\/2020\/10\/04_AFAB_FOTOGRAFIAS_8-1920x2876.jpg","banner-width":1920,"banner-height":2876,"block":"https:\/\/int.design\/wp-content\/uploads\/2020\/10\/04_AFAB_FOTOGRAFIAS_8-900x680.jpg","block-width":900,"block-height":680,"card":"https:\/\/int.design\/wp-content\/uploads\/2020\/10\/04_AFAB_FOTOGRAFIAS_8-560x495.jpg","card-width":560,"card-height":495,"card-thumbnail":"https:\/\/int.design\/wp-content\/uploads\/2020\/10\/04_AFAB_FOTOGRAFIAS_8-450x340.jpg","card-thumbnail-width":450,"card-thumbnail-height":340,"conference":"https:\/\/int.design\/wp-content\/uploads\/2020\/10\/04_AFAB_FOTOGRAFIAS_8-560x250.jpg","conference-width":560,"conference-height":250,"contest":"https:\/\/int.design\/wp-content\/uploads\/2020\/10\/04_AFAB_FOTOGRAFIAS_8-960x400.jpg","contest-width":960,"contest-height":400,"cta":"https:\/\/int.design\/wp-content\/uploads\/2020\/10\/04_AFAB_FOTOGRAFIAS_8-415x170.jpg","cta-width":415,"cta-height":170,"exhibitor":"https:\/\/int.design\/wp-content\/uploads\/2020\/10\/04_AFAB_FOTOGRAFIAS_8-560x560.jpg","exhibitor-width":560,"exhibitor-height":560,"gallery":"https:\/\/int.design\/wp-content\/uploads\/2020\/10\/04_AFAB_FOTOGRAFIAS_8-287x430.jpg","gallery-width":287,"gallery-height":430,"logo":"https:\/\/int.design\/wp-content\/uploads\/2020\/10\/04_AFAB_FOTOGRAFIAS_8-67x100.jpg","logo-width":67,"logo-height":100,"masonry":"https:\/\/int.design\/wp-content\/uploads\/2020\/10\/04_AFAB_FOTOGRAFIAS_8-550x824.jpg","masonry-width":550,"masonry-height":824,"modal":"https:\/\/int.design\/wp-content\/uploads\/2020\/10\/04_AFAB_FOTOGRAFIAS_8-1282x1920.jpg","modal-width":1282,"modal-height":1920,"number":"https:\/\/int.design\/wp-content\/uploads\/2020\/10\/04_AFAB_FOTOGRAFIAS_8-287x430.jpg","number-width":287,"number-height":430,"partner":"https:\/\/int.design\/wp-content\/uploads\/2020\/10\/04_AFAB_FOTOGRAFIAS_8-140x210.jpg","partner-width":140,"partner-height":210,"ranking":"https:\/\/int.design\/wp-content\/uploads\/2020\/10\/04_AFAB_FOTOGRAFIAS_8-960x540.jpg","ranking-width":960,"ranking-height":540,"schedule":"https:\/\/int.design\/wp-content\/uploads\/2020\/10\/04_AFAB_FOTOGRAFIAS_8-960x360.jpg","schedule-width":960,"schedule-height":360,"slideshow":"https:\/\/int.design\/wp-content\/uploads\/2020\/10\/04_AFAB_FOTOGRAFIAS_8-454x680.jpg","slideshow-width":454,"slideshow-height":680}},"filters":[1001,100,105,562,557,108,916,110,107,26,83,169,1043,539,122,172],"suppliers":false,"attachment_category":[]},{"categories":[387],"credit":"Javier Bravo Photography","image":{"ID":26351,"id":26351,"title":"04_AFAB_FOTOGRAFIAS_9","filename":"04_AFAB_FOTOGRAFIAS_9-scaled.jpg","filesize":0,"url":"https:\/\/int.design\/wp-content\/uploads\/2020\/10\/04_AFAB_FOTOGRAFIAS_9-scaled.jpg","link":"https:\/\/int.design\/fr\/projets\/day-care-center-for-people-with-alzheimers-disease\/04_afab_fotografias_9\/","alt":"","author":"68","description":"Day Care Center for People with Alzheimer\u2019s Disease studioVRA (Ruben Garcia-Rubio & Sonsoles Vela)","caption":"","name":"04_afab_fotografias_9","status":"inherit","uploaded_to":25986,"date":"2020-10-17 19:18:39","modified":"2022-02-08 14:32:46","menu_order":0,"mime_type":"image\/jpeg","type":"image","subtype":"jpeg","icon":"https:\/\/int.design\/wp-includes\/images\/media\/default.png","width":1920,"height":2560,"sizes":{"thumbnail":"https:\/\/int.design\/wp-content\/uploads\/2020\/10\/04_AFAB_FOTOGRAFIAS_9-150x150.jpg","thumbnail-width":150,"thumbnail-height":150,"medium":"https:\/\/int.design\/wp-content\/uploads\/2020\/10\/04_AFAB_FOTOGRAFIAS_9-225x300.jpg","medium-width":225,"medium-height":300,"medium_large":"https:\/\/int.design\/wp-content\/uploads\/2020\/10\/04_AFAB_FOTOGRAFIAS_9-768x1024.jpg","medium_large-width":768,"medium_large-height":1024,"large":"https:\/\/int.design\/wp-content\/uploads\/2020\/10\/04_AFAB_FOTOGRAFIAS_9-768x1024.jpg","large-width":768,"large-height":1024,"1536x1536":"https:\/\/int.design\/wp-content\/uploads\/2020\/10\/04_AFAB_FOTOGRAFIAS_9-1152x1536.jpg","1536x1536-width":1152,"1536x1536-height":1536,"2048x2048":"https:\/\/int.design\/wp-content\/uploads\/2020\/10\/04_AFAB_FOTOGRAFIAS_9-1536x2048.jpg","2048x2048-width":1536,"2048x2048-height":2048,"article":"https:\/\/int.design\/wp-content\/uploads\/2020\/10\/04_AFAB_FOTOGRAFIAS_9-960x540.jpg","article-width":960,"article-height":540,"banner":"https:\/\/int.design\/wp-content\/uploads\/2020\/10\/04_AFAB_FOTOGRAFIAS_9-1920x2560.jpg","banner-width":1920,"banner-height":2560,"block":"https:\/\/int.design\/wp-content\/uploads\/2020\/10\/04_AFAB_FOTOGRAFIAS_9-900x680.jpg","block-width":900,"block-height":680,"card":"https:\/\/int.design\/wp-content\/uploads\/2020\/10\/04_AFAB_FOTOGRAFIAS_9-560x495.jpg","card-width":560,"card-height":495,"card-thumbnail":"https:\/\/int.design\/wp-content\/uploads\/2020\/10\/04_AFAB_FOTOGRAFIAS_9-450x340.jpg","card-thumbnail-width":450,"card-thumbnail-height":340,"conference":"https:\/\/int.design\/wp-content\/uploads\/2020\/10\/04_AFAB_FOTOGRAFIAS_9-560x250.jpg","conference-width":560,"conference-height":250,"contest":"https:\/\/int.design\/wp-content\/uploads\/2020\/10\/04_AFAB_FOTOGRAFIAS_9-960x400.jpg","contest-width":960,"contest-height":400,"cta":"https:\/\/int.design\/wp-content\/uploads\/2020\/10\/04_AFAB_FOTOGRAFIAS_9-415x170.jpg","cta-width":415,"cta-height":170,"exhibitor":"https:\/\/int.design\/wp-content\/uploads\/2020\/10\/04_AFAB_FOTOGRAFIAS_9-560x560.jpg","exhibitor-width":560,"exhibitor-height":560,"gallery":"https:\/\/int.design\/wp-content\/uploads\/2020\/10\/04_AFAB_FOTOGRAFIAS_9-323x430.jpg","gallery-width":323,"gallery-height":430,"logo":"https:\/\/int.design\/wp-content\/uploads\/2020\/10\/04_AFAB_FOTOGRAFIAS_9-75x100.jpg","logo-width":75,"logo-height":100,"masonry":"https:\/\/int.design\/wp-content\/uploads\/2020\/10\/04_AFAB_FOTOGRAFIAS_9-550x733.jpg","masonry-width":550,"masonry-height":733,"modal":"https:\/\/int.design\/wp-content\/uploads\/2020\/10\/04_AFAB_FOTOGRAFIAS_9-1440x1920.jpg","modal-width":1440,"modal-height":1920,"number":"https:\/\/int.design\/wp-content\/uploads\/2020\/10\/04_AFAB_FOTOGRAFIAS_9-323x430.jpg","number-width":323,"number-height":430,"partner":"https:\/\/int.design\/wp-content\/uploads\/2020\/10\/04_AFAB_FOTOGRAFIAS_9-158x210.jpg","partner-width":158,"partner-height":210,"ranking":"https:\/\/int.design\/wp-content\/uploads\/2020\/10\/04_AFAB_FOTOGRAFIAS_9-960x540.jpg","ranking-width":960,"ranking-height":540,"schedule":"https:\/\/int.design\/wp-content\/uploads\/2020\/10\/04_AFAB_FOTOGRAFIAS_9-960x360.jpg","schedule-width":960,"schedule-height":360,"slideshow":"https:\/\/int.design\/wp-content\/uploads\/2020\/10\/04_AFAB_FOTOGRAFIAS_9-510x680.jpg","slideshow-width":510,"slideshow-height":680}},"filters":[1001,100,105,562,557,108,916,110,107,26,83,169,1043,539,122,172],"suppliers":false,"attachment_category":[]},{"categories":[387],"credit":"Javier Bravo Photography","image":{"ID":26352,"id":26352,"title":"04_AFAB_FOTOGRAFIAS_10","filename":"04_AFAB_FOTOGRAFIAS_10-scaled.jpg","filesize":0,"url":"https:\/\/int.design\/wp-content\/uploads\/2020\/10\/04_AFAB_FOTOGRAFIAS_10-scaled.jpg","link":"https:\/\/int.design\/fr\/projets\/day-care-center-for-people-with-alzheimers-disease\/04_afab_fotografias_10\/","alt":"","author":"68","description":"Day Care Center for People with Alzheimer\u2019s Disease studioVRA (Ruben Garcia-Rubio & Sonsoles Vela)","caption":"","name":"04_afab_fotografias_10","status":"inherit","uploaded_to":25986,"date":"2020-10-17 19:18:53","modified":"2022-02-08 14:32:46","menu_order":0,"mime_type":"image\/jpeg","type":"image","subtype":"jpeg","icon":"https:\/\/int.design\/wp-includes\/images\/media\/default.png","width":2560,"height":1709,"sizes":{"thumbnail":"https:\/\/int.design\/wp-content\/uploads\/2020\/10\/04_AFAB_FOTOGRAFIAS_10-150x150.jpg","thumbnail-width":150,"thumbnail-height":150,"medium":"https:\/\/int.design\/wp-content\/uploads\/2020\/10\/04_AFAB_FOTOGRAFIAS_10-300x200.jpg","medium-width":300,"medium-height":200,"medium_large":"https:\/\/int.design\/wp-content\/uploads\/2020\/10\/04_AFAB_FOTOGRAFIAS_10-768x513.jpg","medium_large-width":768,"medium_large-height":513,"large":"https:\/\/int.design\/wp-content\/uploads\/2020\/10\/04_AFAB_FOTOGRAFIAS_10-1024x684.jpg","large-width":1024,"large-height":684,"1536x1536":"https:\/\/int.design\/wp-content\/uploads\/2020\/10\/04_AFAB_FOTOGRAFIAS_10-1536x1025.jpg","1536x1536-width":1536,"1536x1536-height":1025,"2048x2048":"https:\/\/int.design\/wp-content\/uploads\/2020\/10\/04_AFAB_FOTOGRAFIAS_10-2048x1367.jpg","2048x2048-width":2048,"2048x2048-height":1367,"article":"https:\/\/int.design\/wp-content\/uploads\/2020\/10\/04_AFAB_FOTOGRAFIAS_10-960x540.jpg","article-width":960,"article-height":540,"banner":"https:\/\/int.design\/wp-content\/uploads\/2020\/10\/04_AFAB_FOTOGRAFIAS_10-1920x1282.jpg","banner-width":1920,"banner-height":1282,"block":"https:\/\/int.design\/wp-content\/uploads\/2020\/10\/04_AFAB_FOTOGRAFIAS_10-900x680.jpg","block-width":900,"block-height":680,"card":"https:\/\/int.design\/wp-content\/uploads\/2020\/10\/04_AFAB_FOTOGRAFIAS_10-560x495.jpg","card-width":560,"card-height":495,"card-thumbnail":"https:\/\/int.design\/wp-content\/uploads\/2020\/10\/04_AFAB_FOTOGRAFIAS_10-450x340.jpg","card-thumbnail-width":450,"card-thumbnail-height":340,"conference":"https:\/\/int.design\/wp-content\/uploads\/2020\/10\/04_AFAB_FOTOGRAFIAS_10-560x250.jpg","conference-width":560,"conference-height":250,"contest":"https:\/\/int.design\/wp-content\/uploads\/2020\/10\/04_AFAB_FOTOGRAFIAS_10-960x400.jpg","contest-width":960,"contest-height":400,"cta":"https:\/\/int.design\/wp-content\/uploads\/2020\/10\/04_AFAB_FOTOGRAFIAS_10-415x170.jpg","cta-width":415,"cta-height":170,"exhibitor":"https:\/\/int.design\/wp-content\/uploads\/2020\/10\/04_AFAB_FOTOGRAFIAS_10-560x560.jpg","exhibitor-width":560,"exhibitor-height":560,"gallery":"https:\/\/int.design\/wp-content\/uploads\/2020\/10\/04_AFAB_FOTOGRAFIAS_10-560x374.jpg","gallery-width":560,"gallery-height":374,"logo":"https:\/\/int.design\/wp-content\/uploads\/2020\/10\/04_AFAB_FOTOGRAFIAS_10-150x100.jpg","logo-width":150,"logo-height":100,"masonry":"https:\/\/int.design\/wp-content\/uploads\/2020\/10\/04_AFAB_FOTOGRAFIAS_10-550x367.jpg","masonry-width":550,"masonry-height":367,"modal":"https:\/\/int.design\/wp-content\/uploads\/2020\/10\/04_AFAB_FOTOGRAFIAS_10-1920x1282.jpg","modal-width":1920,"modal-height":1282,"number":"https:\/\/int.design\/wp-content\/uploads\/2020\/10\/04_AFAB_FOTOGRAFIAS_10-560x374.jpg","number-width":560,"number-height":374,"partner":"https:\/\/int.design\/wp-content\/uploads\/2020\/10\/04_AFAB_FOTOGRAFIAS_10-275x184.jpg","partner-width":275,"partner-height":184,"ranking":"https:\/\/int.design\/wp-content\/uploads\/2020\/10\/04_AFAB_FOTOGRAFIAS_10-960x540.jpg","ranking-width":960,"ranking-height":540,"schedule":"https:\/\/int.design\/wp-content\/uploads\/2020\/10\/04_AFAB_FOTOGRAFIAS_10-960x360.jpg","schedule-width":960,"schedule-height":360,"slideshow":"https:\/\/int.design\/wp-content\/uploads\/2020\/10\/04_AFAB_FOTOGRAFIAS_10-1019x680.jpg","slideshow-width":1019,"slideshow-height":680}},"filters":[1001,100,105,562,557,108,916,110,107,26,83,540,169,1043,539,122,172],"suppliers":false,"attachment_category":[]},{"categories":[387],"credit":"Javier Bravo Photography","image":{"ID":26353,"id":26353,"title":"04_AFAB_FOTOGRAFIAS_11","filename":"04_AFAB_FOTOGRAFIAS_11-scaled.jpg","filesize":0,"url":"https:\/\/int.design\/wp-content\/uploads\/2020\/10\/04_AFAB_FOTOGRAFIAS_11-scaled.jpg","link":"https:\/\/int.design\/fr\/projets\/day-care-center-for-people-with-alzheimers-disease\/04_afab_fotografias_11\/","alt":"","author":"68","description":"Day Care Center for People with Alzheimer\u2019s Disease studioVRA (Ruben Garcia-Rubio & Sonsoles Vela)","caption":"","name":"04_afab_fotografias_11","status":"inherit","uploaded_to":25986,"date":"2020-10-17 19:19:09","modified":"2022-02-08 14:32:46","menu_order":0,"mime_type":"image\/jpeg","type":"image","subtype":"jpeg","icon":"https:\/\/int.design\/wp-includes\/images\/media\/default.png","width":2560,"height":1709,"sizes":{"thumbnail":"https:\/\/int.design\/wp-content\/uploads\/2020\/10\/04_AFAB_FOTOGRAFIAS_11-150x150.jpg","thumbnail-width":150,"thumbnail-height":150,"medium":"https:\/\/int.design\/wp-content\/uploads\/2020\/10\/04_AFAB_FOTOGRAFIAS_11-300x200.jpg","medium-width":300,"medium-height":200,"medium_large":"https:\/\/int.design\/wp-content\/uploads\/2020\/10\/04_AFAB_FOTOGRAFIAS_11-768x513.jpg","medium_large-width":768,"medium_large-height":513,"large":"https:\/\/int.design\/wp-content\/uploads\/2020\/10\/04_AFAB_FOTOGRAFIAS_11-1024x684.jpg","large-width":1024,"large-height":684,"1536x1536":"https:\/\/int.design\/wp-content\/uploads\/2020\/10\/04_AFAB_FOTOGRAFIAS_11-1536x1025.jpg","1536x1536-width":1536,"1536x1536-height":1025,"2048x2048":"https:\/\/int.design\/wp-content\/uploads\/2020\/10\/04_AFAB_FOTOGRAFIAS_11-2048x1367.jpg","2048x2048-width":2048,"2048x2048-height":1367,"article":"https:\/\/int.design\/wp-content\/uploads\/2020\/10\/04_AFAB_FOTOGRAFIAS_11-960x540.jpg","article-width":960,"article-height":540,"banner":"https:\/\/int.design\/wp-content\/uploads\/2020\/10\/04_AFAB_FOTOGRAFIAS_11-1920x1282.jpg","banner-width":1920,"banner-height":1282,"block":"https:\/\/int.design\/wp-content\/uploads\/2020\/10\/04_AFAB_FOTOGRAFIAS_11-900x680.jpg","block-width":900,"block-height":680,"card":"https:\/\/int.design\/wp-content\/uploads\/2020\/10\/04_AFAB_FOTOGRAFIAS_11-560x495.jpg","card-width":560,"card-height":495,"card-thumbnail":"https:\/\/int.design\/wp-content\/uploads\/2020\/10\/04_AFAB_FOTOGRAFIAS_11-450x340.jpg","card-thumbnail-width":450,"card-thumbnail-height":340,"conference":"https:\/\/int.design\/wp-content\/uploads\/2020\/10\/04_AFAB_FOTOGRAFIAS_11-560x250.jpg","conference-width":560,"conference-height":250,"contest":"https:\/\/int.design\/wp-content\/uploads\/2020\/10\/04_AFAB_FOTOGRAFIAS_11-960x400.jpg","contest-width":960,"contest-height":400,"cta":"https:\/\/int.design\/wp-content\/uploads\/2020\/10\/04_AFAB_FOTOGRAFIAS_11-415x170.jpg","cta-width":415,"cta-height":170,"exhibitor":"https:\/\/int.design\/wp-content\/uploads\/2020\/10\/04_AFAB_FOTOGRAFIAS_11-560x560.jpg","exhibitor-width":560,"exhibitor-height":560,"gallery":"https:\/\/int.design\/wp-content\/uploads\/2020\/10\/04_AFAB_FOTOGRAFIAS_11-560x374.jpg","gallery-width":560,"gallery-height":374,"logo":"https:\/\/int.design\/wp-content\/uploads\/2020\/10\/04_AFAB_FOTOGRAFIAS_11-150x100.jpg","logo-width":150,"logo-height":100,"masonry":"https:\/\/int.design\/wp-content\/uploads\/2020\/10\/04_AFAB_FOTOGRAFIAS_11-550x367.jpg","masonry-width":550,"masonry-height":367,"modal":"https:\/\/int.design\/wp-content\/uploads\/2020\/10\/04_AFAB_FOTOGRAFIAS_11-1920x1282.jpg","modal-width":1920,"modal-height":1282,"number":"https:\/\/int.design\/wp-content\/uploads\/2020\/10\/04_AFAB_FOTOGRAFIAS_11-560x374.jpg","number-width":560,"number-height":374,"partner":"https:\/\/int.design\/wp-content\/uploads\/2020\/10\/04_AFAB_FOTOGRAFIAS_11-275x184.jpg","partner-width":275,"partner-height":184,"ranking":"https:\/\/int.design\/wp-content\/uploads\/2020\/10\/04_AFAB_FOTOGRAFIAS_11-960x540.jpg","ranking-width":960,"ranking-height":540,"schedule":"https:\/\/int.design\/wp-content\/uploads\/2020\/10\/04_AFAB_FOTOGRAFIAS_11-960x360.jpg","schedule-width":960,"schedule-height":360,"slideshow":"https:\/\/int.design\/wp-content\/uploads\/2020\/10\/04_AFAB_FOTOGRAFIAS_11-1019x680.jpg","slideshow-width":1019,"slideshow-height":680}},"filters":[1001,557,108,916,110,107,26,83,169,1043,539,122,172],"suppliers":false,"attachment_category":[]},{"categories":[387],"credit":"Javier Bravo Photography","image":{"ID":26354,"id":26354,"title":"04_AFAB_FOTOGRAFIAS_12","filename":"04_AFAB_FOTOGRAFIAS_12-scaled.jpg","filesize":0,"url":"https:\/\/int.design\/wp-content\/uploads\/2020\/10\/04_AFAB_FOTOGRAFIAS_12-scaled.jpg","link":"https:\/\/int.design\/fr\/projets\/day-care-center-for-people-with-alzheimers-disease\/04_afab_fotografias_12\/","alt":"","author":"68","description":"Day Care Center for People with Alzheimer\u2019s Disease studioVRA (Ruben Garcia-Rubio & Sonsoles Vela)","caption":"","name":"04_afab_fotografias_12","status":"inherit","uploaded_to":25986,"date":"2020-10-17 19:19:22","modified":"2022-02-08 14:32:46","menu_order":0,"mime_type":"image\/jpeg","type":"image","subtype":"jpeg","icon":"https:\/\/int.design\/wp-includes\/images\/media\/default.png","width":2560,"height":1709,"sizes":{"thumbnail":"https:\/\/int.design\/wp-content\/uploads\/2020\/10\/04_AFAB_FOTOGRAFIAS_12-150x150.jpg","thumbnail-width":150,"thumbnail-height":150,"medium":"https:\/\/int.design\/wp-content\/uploads\/2020\/10\/04_AFAB_FOTOGRAFIAS_12-300x200.jpg","medium-width":300,"medium-height":200,"medium_large":"https:\/\/int.design\/wp-content\/uploads\/2020\/10\/04_AFAB_FOTOGRAFIAS_12-768x513.jpg","medium_large-width":768,"medium_large-height":513,"large":"https:\/\/int.design\/wp-content\/uploads\/2020\/10\/04_AFAB_FOTOGRAFIAS_12-1024x684.jpg","large-width":1024,"large-height":684,"1536x1536":"https:\/\/int.design\/wp-content\/uploads\/2020\/10\/04_AFAB_FOTOGRAFIAS_12-1536x1025.jpg","1536x1536-width":1536,"1536x1536-height":1025,"2048x2048":"https:\/\/int.design\/wp-content\/uploads\/2020\/10\/04_AFAB_FOTOGRAFIAS_12-2048x1367.jpg","2048x2048-width":2048,"2048x2048-height":1367,"article":"https:\/\/int.design\/wp-content\/uploads\/2020\/10\/04_AFAB_FOTOGRAFIAS_12-960x540.jpg","article-width":960,"article-height":540,"banner":"https:\/\/int.design\/wp-content\/uploads\/2020\/10\/04_AFAB_FOTOGRAFIAS_12-1920x1282.jpg","banner-width":1920,"banner-height":1282,"block":"https:\/\/int.design\/wp-content\/uploads\/2020\/10\/04_AFAB_FOTOGRAFIAS_12-900x680.jpg","block-width":900,"block-height":680,"card":"https:\/\/int.design\/wp-content\/uploads\/2020\/10\/04_AFAB_FOTOGRAFIAS_12-560x495.jpg","card-width":560,"card-height":495,"card-thumbnail":"https:\/\/int.design\/wp-content\/uploads\/2020\/10\/04_AFAB_FOTOGRAFIAS_12-450x340.jpg","card-thumbnail-width":450,"card-thumbnail-height":340,"conference":"https:\/\/int.design\/wp-content\/uploads\/2020\/10\/04_AFAB_FOTOGRAFIAS_12-560x250.jpg","conference-width":560,"conference-height":250,"contest":"https:\/\/int.design\/wp-content\/uploads\/2020\/10\/04_AFAB_FOTOGRAFIAS_12-960x400.jpg","contest-width":960,"contest-height":400,"cta":"https:\/\/int.design\/wp-content\/uploads\/2020\/10\/04_AFAB_FOTOGRAFIAS_12-415x170.jpg","cta-width":415,"cta-height":170,"exhibitor":"https:\/\/int.design\/wp-content\/uploads\/2020\/10\/04_AFAB_FOTOGRAFIAS_12-560x560.jpg","exhibitor-width":560,"exhibitor-height":560,"gallery":"https:\/\/int.design\/wp-content\/uploads\/2020\/10\/04_AFAB_FOTOGRAFIAS_12-560x374.jpg","gallery-width":560,"gallery-height":374,"logo":"https:\/\/int.design\/wp-content\/uploads\/2020\/10\/04_AFAB_FOTOGRAFIAS_12-150x100.jpg","logo-width":150,"logo-height":100,"masonry":"https:\/\/int.design\/wp-content\/uploads\/2020\/10\/04_AFAB_FOTOGRAFIAS_12-550x367.jpg","masonry-width":550,"masonry-height":367,"modal":"https:\/\/int.design\/wp-content\/uploads\/2020\/10\/04_AFAB_FOTOGRAFIAS_12-1920x1282.jpg","modal-width":1920,"modal-height":1282,"number":"https:\/\/int.design\/wp-content\/uploads\/2020\/10\/04_AFAB_FOTOGRAFIAS_12-560x374.jpg","number-width":560,"number-height":374,"partner":"https:\/\/int.design\/wp-content\/uploads\/2020\/10\/04_AFAB_FOTOGRAFIAS_12-275x184.jpg","partner-width":275,"partner-height":184,"ranking":"https:\/\/int.design\/wp-content\/uploads\/2020\/10\/04_AFAB_FOTOGRAFIAS_12-960x540.jpg","ranking-width":960,"ranking-height":540,"schedule":"https:\/\/int.design\/wp-content\/uploads\/2020\/10\/04_AFAB_FOTOGRAFIAS_12-960x360.jpg","schedule-width":960,"schedule-height":360,"slideshow":"https:\/\/int.design\/wp-content\/uploads\/2020\/10\/04_AFAB_FOTOGRAFIAS_12-1019x680.jpg","slideshow-width":1019,"slideshow-height":680}},"filters":[1001,100,105,562,557,108,916,110,107,26,83,169,1043,539,122,172],"suppliers":false,"attachment_category":[]}],"mandatory_documents":[{"name":"TECHNICAL DRAWINGS","file":{"ID":26358,"id":26358,"title":"AFAB","filename":"AFAB.pdf","filesize":0,"url":"https:\/\/d2q6z78khxmx42.cloudfront.net\/2020\/10\/AFAB.pdf","link":"https:\/\/int.design\/fr\/projets\/day-care-center-for-people-with-alzheimers-disease\/afab\/","alt":"","author":"68","description":"","caption":"","name":"afab","status":"inherit","uploaded_to":25986,"date":"2020-10-17 20:14:29","modified":"2020-10-17 20:14:31","menu_order":0,"mime_type":"application\/pdf","type":"application","subtype":"pdf","icon":"https:\/\/int.design\/wp-includes\/images\/media\/document.png"}}],"optional_documents":[{"name":"BOOKLET","file":{"ID":26357,"id":26357,"title":"AFAB_studioVRA_booklet_ENG","filename":"AFAB_studioVRA_booklet_ENG.pdf","filesize":0,"url":"https:\/\/d2q6z78khxmx42.cloudfront.net\/2020\/10\/AFAB_studioVRA_booklet_ENG.pdf","link":"https:\/\/int.design\/fr\/projets\/day-care-center-for-people-with-alzheimers-disease\/afab_studiovra_booklet_eng\/","alt":"","author":"68","description":"","caption":"","name":"afab_studiovra_booklet_eng","status":"inherit","uploaded_to":25986,"date":"2020-10-17 20:09:55","modified":"2020-10-17 20:09:57","menu_order":0,"mime_type":"application\/pdf","type":"application","subtype":"pdf","icon":"https:\/\/int.design\/wp-includes\/images\/media\/document.png"}}],"web_text":{"fr":"<p>La garderie pour personnes atteintes de la maladie d&#39;Alzheimer est n\u00e9e du vieillissement de la population de la r\u00e9gion. La premi\u00e8re t\u00e2che a \u00e9t\u00e9 de comprendre la logique de cette typologie et de la cristalliser en un sch\u00e9ma architectural.<br \/>\nUn autre point de d\u00e9part important \u00e9tait la localisation du Centre dans une situation \u00e0 double fronti\u00e8re (territoriale-urbaine). Cette situation accentue \u00e0 nouveau la conjonction des paysages dans le b\u00e2timent.<br \/>\nCes id\u00e9es ont motiv\u00e9 le positionnement du b\u00e2timent dans la partie sup\u00e9rieure de la parcelle, pour permettre \u00e0 une strate de celui-ci de tourner et de d\u00e9chirer la pente pour cr\u00e9er une nouvelle zone de plaine. Puis, dans un second mouvement, une partie de cette strate s&#39;\u00e9l\u00e8ve verticalement d&#39;un autre niveau pour prot\u00e9ger le b\u00e2timent sur sa fa\u00e7ade urbaine. Ainsi, une nouvelle ligne d&#39;horizon est cr\u00e9\u00e9e, sujet principal du b\u00e2timent, qui symbolise non seulement la synergie de la communaut\u00e9 face \u00e0 cette maladie mais aussi dialogue avec le paysage.<br \/>\nUne fois en surface, la strate \u00e9mergente est excav\u00e9e pour abriter les diff\u00e9rents espaces. Ainsi, il est con\u00e7u avec un sch\u00e9ma clair et retentissant qui optimise le fonctionnement du b\u00e2timent, permettant une utilisation simple, simultan\u00e9e et ind\u00e9pendante des diff\u00e9rentes zones, et une utilisation maximis\u00e9e de ses ressources \u00e9nerg\u00e9tiques.<br \/>\nLe reste de l&#39;intrigue est un grand jardin \u00e0 deux niveaux qui assure aux utilisateurs un contact direct avec l&#39;ext\u00e9rieur et le paysage de leur m\u00e9moire.<\/p>\n","en":"<p>The Day Care Center for People with Alzheimer&#39;s Disease arises from the aging of the region&#39;s population. When designed, there was no proven scheme for this typology. Therefore, the first task was to understand the logic of this typology and crystallize it into an architectural scheme.  Another important starting point was the location of the Center within a double boundary situation (territorial-urban). This situation emphasizes th conjunction of landscapes in the building again. These ideas motivated the positioning of the building in the upper part of plot, to facilitate a stratum of it to rotate and tear the slope to create a new plain area. Then, in a second movement, part of that stratum rises another level vertically to protect th building on its urban front. Thus, a new line of the horizon is created, th main subject of the building, which not only symbolizes the synergy of the community in the face of this disease but also dialogues with the landscape. Once on the surface, the emerging stratum is excavated to house the different spaces. These are divided into four zones according to their degrees of privacy and use. Thus, it is designed with a clear and resounding scheme that optimizes th operation of the building, allowing for simple, simultaneous, and independent use of the different areas, and a maximized use of its energy resources. The rest of th plot is a large two-level garden which assures users direct contact with the outside and th landscape of their memory<\/p>\n","original":""},"jury_text":[{"category":387,"fr":"<p>La garderie pour personnes atteintes de la maladie d&#39;Alzheimer est n\u00e9e du vieillissement de la population de la r\u00e9gion. La premi\u00e8re t\u00e2che a \u00e9t\u00e9 de comprendre la logique de cette typologie et de la cristalliser en un sch\u00e9ma architectural.<br \/>\nUn autre point de d\u00e9part important \u00e9tait la localisation du Centre dans une situation \u00e0 double fronti\u00e8re (territoriale-urbaine). Cette situation accentue \u00e0 nouveau la conjonction des paysages dans le b\u00e2timent.<br \/>\nCes id\u00e9es ont motiv\u00e9 le positionnement du b\u00e2timent dans la partie sup\u00e9rieure de la parcelle, pour permettre \u00e0 une strate de celui-ci de tourner et de d\u00e9chirer la pente pour cr\u00e9er une nouvelle zone de plaine. Puis, dans un second mouvement, une partie de cette strate s&#39;\u00e9l\u00e8ve verticalement d&#39;un autre niveau pour prot\u00e9ger le b\u00e2timent sur sa fa\u00e7ade urbaine. Ainsi, une nouvelle ligne d&#39;horizon est cr\u00e9\u00e9e, sujet principal du b\u00e2timent, qui symbolise non seulement la synergie de la communaut\u00e9 face \u00e0 cette maladie mais aussi dialogue avec le paysage.<br \/>\nUne fois en surface, la strate \u00e9mergente est excav\u00e9e pour abriter les diff\u00e9rents espaces. Ainsi, il est con\u00e7u avec un sch\u00e9ma clair et retentissant qui optimise le fonctionnement du b\u00e2timent, permettant une utilisation simple, simultan\u00e9e et ind\u00e9pendante des diff\u00e9rentes zones, et une utilisation maximis\u00e9e de ses ressources \u00e9nerg\u00e9tiques.<br \/>\nLe reste de l&#39;intrigue est un grand jardin \u00e0 deux niveaux qui assure aux utilisateurs un contact direct avec l&#39;ext\u00e9rieur et le paysage de leur m\u00e9moire.<\/p>\n","en":"<p>The Day Care Center for People with Alzheimer&#39;s Disease arises from the aging of the region&#39;s population. When designed, there was no proven scheme for this typology. Therefore, the first task was to understand the logic of this typology and crystallize it into an architectural scheme.  Another important starting point was the location of the Center within a double boundary situation (territorial-urban). This situation emphasizes th conjunction of landscapes in the building again. These ideas motivated the positioning of the building in the upper part of plot, to facilitate a stratum of it to rotate and tear the slope to create a new plain area. Then, in a second movement, part of that stratum rises another level vertically to protect th building on its urban front. Thus, a new line of the horizon is created, th main subject of the building, which not only symbolizes the synergy of the community in the face of this disease but also dialogues with the landscape. Once on the surface, the emerging stratum is excavated to house the different spaces. These are divided into four zones according to their degrees of privacy and use. Thus, it is designed with a clear and resounding scheme that optimizes th operation of the building, allowing for simple, simultaneous, and independent use of the different areas, and a maximized use of its energy resources. The rest of th plot is a large two-level garden which assures users direct contact with the outside and th landscape of their memory<\/p>\n","original":""}],"different_jury_text":false,"different_category_text":false},"laureats":[{"cat_id":387,"cat_id_laureat":1036,"laureat":"Laur\u00e9at Platine"}],"contest_id":"1180","contest_title":"GRANDS PRIX DU DESIGN - 14e \u00e9dition","firms":[],"user":{"email":"info@studiovra.com","first_name":"RUBEN","last_name":"GARCIA-RUBIO"},"doc_texts_web":{"fr":"","en":""},"permalinks":{"fr":"https:\/\/int.design\/fr\/projets\/day-care-center-for-people-with-alzheimers-disease\/","en":"https:\/\/int.design\/en\/projects\/day-care-center-for-people-with-alzheimers-disease\/"},"titles":{"fr":"Day Care Center for People with Alzheimer\u2019s Disease","en":"Day Care Center for People with Alzheimer\u2019s Disease"},"wp_fields":[],"laravel_id":""},"_links":{"self":[{"href":"https:\/\/int.design\/fr\/wp-json\/wp\/v2\/project\/25986","targetHints":{"allow":["GET"]}}],"collection":[{"href":"https:\/\/int.design\/fr\/wp-json\/wp\/v2\/project"}],"about":[{"href":"https:\/\/int.design\/fr\/wp-json\/wp\/v2\/types\/project"}],"wp:attachment":[{"href":"https:\/\/int.design\/fr\/wp-json\/wp\/v2\/media?parent=25986"}],"curies":[{"name":"wp","href":"https:\/\/api.w.org\/{rel}","templated":true}]}}