{"id":23472,"date":"2021-07-14T19:34:45","date_gmt":"2021-07-14T23:34:45","guid":{"rendered":"https:\/\/int.design\/?post_type=project&#038;p=23472"},"modified":"2021-07-16T13:57:48","modified_gmt":"2021-07-16T17:57:48","slug":"ecole-regionale-brenda-milner","status":"publish","type":"project","link":"https:\/\/int.design\/fr\/projects\/ecole-regionale-brenda-milner\/","title":{"rendered":"\u00c9cole r\u00e9gionale \u2013 Brenda-Milner"},"content":{"rendered":"","protected":false},"template":"","class_list":["post-23472","project","type-project","status-publish","hentry","project_category-architecture","project_category-batiment_public","project_category-batiment_enseignement-scolaire-prescolaire"],"acf":[],"yoast_head":"<!-- This site is optimized with the Yoast SEO plugin v21.5 - https:\/\/yoast.com\/wordpress\/plugins\/seo\/ -->\n<title>\u00c9cole r\u00e9gionale \u2013 Brenda-Milner - INT Design<\/title>\n<meta name=\"robots\" content=\"index, follow, max-snippet:-1, max-image-preview:large, max-video-preview:-1\" \/>\n<link rel=\"canonical\" href=\"https:\/\/int.design\/fr\/projets\/ecole-regionale-brenda-milner\/\" \/>\n<meta property=\"og:locale\" content=\"fr_FR\" \/>\n<meta property=\"og:type\" content=\"article\" \/>\n<meta property=\"og:title\" content=\"\u00c9cole r\u00e9gionale \u2013 Brenda-Milner - INT Design\" \/>\n<meta property=\"og:url\" content=\"https:\/\/int.design\/fr\/projets\/ecole-regionale-brenda-milner\/\" \/>\n<meta property=\"og:site_name\" content=\"INT Design\" \/>\n<meta property=\"article:modified_time\" content=\"2021-07-16T17:57:48+00:00\" \/>\n<meta name=\"twitter:card\" content=\"summary_large_image\" \/>\n<script type=\"application\/ld+json\" class=\"yoast-schema-graph\">{\"@context\":\"https:\/\/schema.org\",\"@graph\":[{\"@type\":\"WebPage\",\"@id\":\"https:\/\/int.design\/fr\/projets\/ecole-regionale-brenda-milner\/\",\"url\":\"https:\/\/int.design\/fr\/projets\/ecole-regionale-brenda-milner\/\",\"name\":\"\u00c9cole r\u00e9gionale \u2013 Brenda-Milner - INT Design\",\"isPartOf\":{\"@id\":\"https:\/\/int.design\/fr\/#website\"},\"datePublished\":\"2021-07-14T23:34:45+00:00\",\"dateModified\":\"2021-07-16T17:57:48+00:00\",\"breadcrumb\":{\"@id\":\"https:\/\/int.design\/fr\/projets\/ecole-regionale-brenda-milner\/#breadcrumb\"},\"inLanguage\":\"fr-FR\",\"potentialAction\":[{\"@type\":\"ReadAction\",\"target\":[\"https:\/\/int.design\/fr\/projets\/ecole-regionale-brenda-milner\/\"]}]},{\"@type\":\"BreadcrumbList\",\"@id\":\"https:\/\/int.design\/fr\/projets\/ecole-regionale-brenda-milner\/#breadcrumb\",\"itemListElement\":[{\"@type\":\"ListItem\",\"position\":1,\"name\":\"Home\",\"item\":\"https:\/\/int.design\/fr\/\"},{\"@type\":\"ListItem\",\"position\":2,\"name\":\"Projects\",\"item\":\"https:\/\/int.design\/en\/projects\/\"},{\"@type\":\"ListItem\",\"position\":3,\"name\":\"\u00c9cole r\u00e9gionale \u2013 Brenda-Milner\"}]},{\"@type\":\"WebSite\",\"@id\":\"https:\/\/int.design\/fr\/#website\",\"url\":\"https:\/\/int.design\/fr\/\",\"name\":\"INT Design\",\"description\":\"\",\"potentialAction\":[{\"@type\":\"SearchAction\",\"target\":{\"@type\":\"EntryPoint\",\"urlTemplate\":\"https:\/\/int.design\/fr\/?s={search_term_string}\"},\"query-input\":\"required name=search_term_string\"}],\"inLanguage\":\"fr-FR\"}]}<\/script>\n<!-- \/ Yoast SEO plugin. -->","yoast_head_json":{"title":"\u00c9cole r\u00e9gionale \u2013 Brenda-Milner - INT Design","robots":{"index":"index","follow":"follow","max-snippet":"max-snippet:-1","max-image-preview":"max-image-preview:large","max-video-preview":"max-video-preview:-1"},"canonical":"https:\/\/int.design\/fr\/projets\/ecole-regionale-brenda-milner\/","og_locale":"fr_FR","og_type":"article","og_title":"\u00c9cole r\u00e9gionale \u2013 Brenda-Milner - INT Design","og_url":"https:\/\/int.design\/fr\/projets\/ecole-regionale-brenda-milner\/","og_site_name":"INT Design","article_modified_time":"2021-07-16T17:57:48+00:00","twitter_card":"summary_large_image","schema":{"@context":"https:\/\/schema.org","@graph":[{"@type":"WebPage","@id":"https:\/\/int.design\/fr\/projets\/ecole-regionale-brenda-milner\/","url":"https:\/\/int.design\/fr\/projets\/ecole-regionale-brenda-milner\/","name":"\u00c9cole r\u00e9gionale \u2013 Brenda-Milner - INT Design","isPartOf":{"@id":"https:\/\/int.design\/fr\/#website"},"datePublished":"2021-07-14T23:34:45+00:00","dateModified":"2021-07-16T17:57:48+00:00","breadcrumb":{"@id":"https:\/\/int.design\/fr\/projets\/ecole-regionale-brenda-milner\/#breadcrumb"},"inLanguage":"fr-FR","potentialAction":[{"@type":"ReadAction","target":["https:\/\/int.design\/fr\/projets\/ecole-regionale-brenda-milner\/"]}]},{"@type":"BreadcrumbList","@id":"https:\/\/int.design\/fr\/projets\/ecole-regionale-brenda-milner\/#breadcrumb","itemListElement":[{"@type":"ListItem","position":1,"name":"Home","item":"https:\/\/int.design\/fr\/"},{"@type":"ListItem","position":2,"name":"Projects","item":"https:\/\/int.design\/en\/projects\/"},{"@type":"ListItem","position":3,"name":"\u00c9cole r\u00e9gionale \u2013 Brenda-Milner"}]},{"@type":"WebSite","@id":"https:\/\/int.design\/fr\/#website","url":"https:\/\/int.design\/fr\/","name":"INT Design","description":"","potentialAction":[{"@type":"SearchAction","target":{"@type":"EntryPoint","urlTemplate":"https:\/\/int.design\/fr\/?s={search_term_string}"},"query-input":"required name=search_term_string"}],"inLanguage":"fr-FR"}]}},"entry":{"cats":{"disciplines":[{"id":126,"name":"Architecture"}],"big_cats":[{"id":156,"name":"B\u00e2timent public"}],"sub_cats":[{"id":383,"name":"B\u00e2timent d'enseignement scolaire &amp; pr\u00e9scolaire","parent":156}]},"entry":{"":null,"status":"completed","winner_title":"Leclerc architectes Inc.","winner_prize_lang":"","title_translatable":false,"title_en":"","title_fr":"","releve_award":false,"releve_award_cv":false,"collaboration":false,"collaboration_firms":false,"other_firms":[{"name":"Bouthillette Parizeau Inc.","website":"http:\/\/bpa.ca\/","category":"Ing\u00e9nierie","category_tax":false}],"owner":{"name":"Fr\u00e9d\u00e9ric Grandioux (Centre de services scolaire des Grandes-Seigneuries)","confidential":false,"website":"","contact_name":"","email":"grandioux.frederic@csdgs.qc.ca","phone":""},"address":{"address":"201, boulevard Sutterlin ","city":"Ch\u00e2teauguay ","region":"Mont\u00e9r\u00e9gie","province":"QC","country":"CA","postal_code":"J6K 4Z7"},"logos":false,"use_logo":false,"designers":[{"name":"Thomas Gauvin-Brodeur","credit":"Fany Ducharme","image":{"ID":30781,"id":30781,"title":"Thomas_Gauvin_Brodeur_Credit_Fany_Ducharme_WEB","filename":"Thomas_Gauvin_Brodeur_Credit_Fany_Ducharme_WEB.jpg","filesize":0,"url":"https:\/\/d2q6z78khxmx42.cloudfront.net\/2020\/11\/Thomas_Gauvin_Brodeur_Credit_Fany_Ducharme_WEB.jpg","link":"https:\/\/int.design\/fr\/projects\/ecole-regionale-brenda-milner\/thomas_gauvin_brodeur_credit_fany_ducharme_web\/","alt":"","author":"83","description":"","caption":"","name":"thomas_gauvin_brodeur_credit_fany_ducharme_web","status":"inherit","uploaded_to":23472,"date":"2020-11-16 16:33:25","modified":"2020-11-16 16:33:29","menu_order":0,"mime_type":"image\/jpeg","type":"image","subtype":"jpeg","icon":"https:\/\/int.design\/wp-includes\/images\/media\/default.png","width":600,"height":900,"sizes":{"thumbnail":"https:\/\/d2q6z78khxmx42.cloudfront.net\/2020\/11\/Thomas_Gauvin_Brodeur_Credit_Fany_Ducharme_WEB-150x150.jpg","thumbnail-width":150,"thumbnail-height":150,"medium":"https:\/\/d2q6z78khxmx42.cloudfront.net\/2020\/11\/Thomas_Gauvin_Brodeur_Credit_Fany_Ducharme_WEB-200x300.jpg","medium-width":200,"medium-height":300,"medium_large":"https:\/\/d2q6z78khxmx42.cloudfront.net\/2020\/11\/Thomas_Gauvin_Brodeur_Credit_Fany_Ducharme_WEB.jpg","medium_large-width":600,"medium_large-height":900,"large":"https:\/\/d2q6z78khxmx42.cloudfront.net\/2020\/11\/Thomas_Gauvin_Brodeur_Credit_Fany_Ducharme_WEB.jpg","large-width":600,"large-height":900,"1536x1536":"https:\/\/d2q6z78khxmx42.cloudfront.net\/2020\/11\/Thomas_Gauvin_Brodeur_Credit_Fany_Ducharme_WEB.jpg","1536x1536-width":600,"1536x1536-height":900,"2048x2048":"https:\/\/d2q6z78khxmx42.cloudfront.net\/2020\/11\/Thomas_Gauvin_Brodeur_Credit_Fany_Ducharme_WEB.jpg","2048x2048-width":600,"2048x2048-height":900,"article":"https:\/\/d2q6z78khxmx42.cloudfront.net\/2020\/11\/Thomas_Gauvin_Brodeur_Credit_Fany_Ducharme_WEB-600x540.jpg","article-width":600,"article-height":540,"banner":"https:\/\/d2q6z78khxmx42.cloudfront.net\/2020\/11\/Thomas_Gauvin_Brodeur_Credit_Fany_Ducharme_WEB.jpg","banner-width":600,"banner-height":900,"block":"https:\/\/d2q6z78khxmx42.cloudfront.net\/2020\/11\/Thomas_Gauvin_Brodeur_Credit_Fany_Ducharme_WEB-600x680.jpg","block-width":600,"block-height":680,"card":"https:\/\/d2q6z78khxmx42.cloudfront.net\/2020\/11\/Thomas_Gauvin_Brodeur_Credit_Fany_Ducharme_WEB-560x495.jpg","card-width":560,"card-height":495,"card-thumbnail":"https:\/\/d2q6z78khxmx42.cloudfront.net\/2020\/11\/Thomas_Gauvin_Brodeur_Credit_Fany_Ducharme_WEB-450x340.jpg","card-thumbnail-width":450,"card-thumbnail-height":340,"conference":"https:\/\/d2q6z78khxmx42.cloudfront.net\/2020\/11\/Thomas_Gauvin_Brodeur_Credit_Fany_Ducharme_WEB-560x250.jpg","conference-width":560,"conference-height":250,"contest":"https:\/\/d2q6z78khxmx42.cloudfront.net\/2020\/11\/Thomas_Gauvin_Brodeur_Credit_Fany_Ducharme_WEB-600x400.jpg","contest-width":600,"contest-height":400,"cta":"https:\/\/d2q6z78khxmx42.cloudfront.net\/2020\/11\/Thomas_Gauvin_Brodeur_Credit_Fany_Ducharme_WEB-415x170.jpg","cta-width":415,"cta-height":170,"exhibitor":"https:\/\/d2q6z78khxmx42.cloudfront.net\/2020\/11\/Thomas_Gauvin_Brodeur_Credit_Fany_Ducharme_WEB-560x560.jpg","exhibitor-width":560,"exhibitor-height":560,"gallery":"https:\/\/d2q6z78khxmx42.cloudfront.net\/2020\/11\/Thomas_Gauvin_Brodeur_Credit_Fany_Ducharme_WEB-287x430.jpg","gallery-width":287,"gallery-height":430,"logo":"https:\/\/d2q6z78khxmx42.cloudfront.net\/2020\/11\/Thomas_Gauvin_Brodeur_Credit_Fany_Ducharme_WEB-67x100.jpg","logo-width":67,"logo-height":100,"masonry":"https:\/\/d2q6z78khxmx42.cloudfront.net\/2020\/11\/Thomas_Gauvin_Brodeur_Credit_Fany_Ducharme_WEB-550x825.jpg","masonry-width":550,"masonry-height":825,"modal":"https:\/\/d2q6z78khxmx42.cloudfront.net\/2020\/11\/Thomas_Gauvin_Brodeur_Credit_Fany_Ducharme_WEB.jpg","modal-width":600,"modal-height":900,"number":"https:\/\/d2q6z78khxmx42.cloudfront.net\/2020\/11\/yoY4dlzm-Thomas_Gauvin_Brodeur_Credit_Fany_Ducharme_WEB-287x430.jpg","number-width":287,"number-height":430,"partner":"https:\/\/d2q6z78khxmx42.cloudfront.net\/2020\/11\/Thomas_Gauvin_Brodeur_Credit_Fany_Ducharme_WEB-140x210.jpg","partner-width":140,"partner-height":210,"ranking":"https:\/\/d2q6z78khxmx42.cloudfront.net\/2020\/11\/yoY4dlzm-Thomas_Gauvin_Brodeur_Credit_Fany_Ducharme_WEB-600x540.jpg","ranking-width":600,"ranking-height":540,"schedule":"https:\/\/d2q6z78khxmx42.cloudfront.net\/2020\/11\/Thomas_Gauvin_Brodeur_Credit_Fany_Ducharme_WEB-600x360.jpg","schedule-width":600,"schedule-height":360,"slideshow":"https:\/\/d2q6z78khxmx42.cloudfront.net\/2020\/11\/Thomas_Gauvin_Brodeur_Credit_Fany_Ducharme_WEB-453x680.jpg","slideshow-width":453,"slideshow-height":680}},"file":{"ID":36176,"id":36176,"title":"Bio courte Leclerc architectes FRA-ENG","filename":"Bio courte Leclerc architectes FRA-ENG.docx","filesize":0,"url":"https:\/\/int.design\/wp-content\/uploads\/2021\/01\/Bio courte Leclerc architectes FRA-ENG.docx","link":"https:\/\/int.design\/fr\/projects\/ecole-regionale-brenda-milner\/bio-courte-leclerc-architectes-fra-eng\/","alt":"","author":"83","description":"","caption":"","name":"bio-courte-leclerc-architectes-fra-eng","status":"inherit","uploaded_to":23472,"date":"2021-01-06 14:40:32","modified":"2021-01-06 14:40:33","menu_order":0,"mime_type":"application\/vnd.openxmlformats-officedocument.wordprocessingml.document","type":"application","subtype":"vnd.openxmlformats-officedocument.wordprocessingml.document","icon":"https:\/\/int.design\/wp-includes\/images\/media\/document.png"}}],"cover":[{"categories":[383],"credit":"\u00a9Stephane Groleau","image":{"ID":27730,"id":27730,"title":"EcoleBrendaMilner-EXT-StephaneGroleau-1351-2","filename":"EcoleBrendaMilner-EXT-StephaneGroleau-1351-2.jpg","filesize":0,"url":"https:\/\/d2q6z78khxmx42.cloudfront.net\/2020\/11\/EcoleBrendaMilner-EXT-StephaneGroleau-1351-2.jpg","link":"https:\/\/int.design\/fr\/projects\/ecole-regionale-brenda-milner\/ecolebrendamilner-ext-stephanegroleau-1351-2\/","alt":"","author":"83","description":"\u00c9cole r\u00e9gionale \u2013 Brenda-Milner Leclerc architectes Inc. Bouthillette Parizeau Inc.","caption":"","name":"ecolebrendamilner-ext-stephanegroleau-1351-2","status":"inherit","uploaded_to":23472,"date":"2020-11-11 14:47:42","modified":"2022-02-08 13:39:14","menu_order":0,"mime_type":"image\/jpeg","type":"image","subtype":"jpeg","icon":"https:\/\/int.design\/wp-includes\/images\/media\/default.png","width":1080,"height":720,"sizes":{"thumbnail":"https:\/\/d2q6z78khxmx42.cloudfront.net\/2020\/11\/EcoleBrendaMilner-EXT-StephaneGroleau-1351-2-150x150.jpg","thumbnail-width":150,"thumbnail-height":150,"medium":"https:\/\/d2q6z78khxmx42.cloudfront.net\/2020\/11\/EcoleBrendaMilner-EXT-StephaneGroleau-1351-2-300x200.jpg","medium-width":300,"medium-height":200,"medium_large":"https:\/\/d2q6z78khxmx42.cloudfront.net\/2020\/11\/EcoleBrendaMilner-EXT-StephaneGroleau-1351-2-768x512.jpg","medium_large-width":768,"medium_large-height":512,"large":"https:\/\/d2q6z78khxmx42.cloudfront.net\/2020\/11\/EcoleBrendaMilner-EXT-StephaneGroleau-1351-2-1024x683.jpg","large-width":1024,"large-height":683,"1536x1536":"https:\/\/d2q6z78khxmx42.cloudfront.net\/2020\/11\/EcoleBrendaMilner-EXT-StephaneGroleau-1351-2.jpg","1536x1536-width":1080,"1536x1536-height":720,"2048x2048":"https:\/\/d2q6z78khxmx42.cloudfront.net\/2020\/11\/EcoleBrendaMilner-EXT-StephaneGroleau-1351-2.jpg","2048x2048-width":1080,"2048x2048-height":720,"article":"https:\/\/d2q6z78khxmx42.cloudfront.net\/2020\/11\/EcoleBrendaMilner-EXT-StephaneGroleau-1351-2-960x540.jpg","article-width":960,"article-height":540,"banner":"https:\/\/d2q6z78khxmx42.cloudfront.net\/2020\/11\/EcoleBrendaMilner-EXT-StephaneGroleau-1351-2.jpg","banner-width":1080,"banner-height":720,"block":"https:\/\/d2q6z78khxmx42.cloudfront.net\/2020\/11\/EcoleBrendaMilner-EXT-StephaneGroleau-1351-2-900x680.jpg","block-width":900,"block-height":680,"card":"https:\/\/d2q6z78khxmx42.cloudfront.net\/2020\/11\/EcoleBrendaMilner-EXT-StephaneGroleau-1351-2-560x495.jpg","card-width":560,"card-height":495,"card-thumbnail":"https:\/\/d2q6z78khxmx42.cloudfront.net\/2020\/11\/EcoleBrendaMilner-EXT-StephaneGroleau-1351-2-450x340.jpg","card-thumbnail-width":450,"card-thumbnail-height":340,"conference":"https:\/\/d2q6z78khxmx42.cloudfront.net\/2020\/11\/EcoleBrendaMilner-EXT-StephaneGroleau-1351-2-560x250.jpg","conference-width":560,"conference-height":250,"contest":"https:\/\/d2q6z78khxmx42.cloudfront.net\/2020\/11\/EcoleBrendaMilner-EXT-StephaneGroleau-1351-2-960x400.jpg","contest-width":960,"contest-height":400,"cta":"https:\/\/d2q6z78khxmx42.cloudfront.net\/2020\/11\/EcoleBrendaMilner-EXT-StephaneGroleau-1351-2-415x170.jpg","cta-width":415,"cta-height":170,"exhibitor":"https:\/\/d2q6z78khxmx42.cloudfront.net\/2020\/11\/EcoleBrendaMilner-EXT-StephaneGroleau-1351-2-560x560.jpg","exhibitor-width":560,"exhibitor-height":560,"gallery":"https:\/\/d2q6z78khxmx42.cloudfront.net\/2020\/11\/EcoleBrendaMilner-EXT-StephaneGroleau-1351-2-560x373.jpg","gallery-width":560,"gallery-height":373,"logo":"https:\/\/d2q6z78khxmx42.cloudfront.net\/2020\/11\/EcoleBrendaMilner-EXT-StephaneGroleau-1351-2-150x100.jpg","logo-width":150,"logo-height":100,"masonry":"https:\/\/d2q6z78khxmx42.cloudfront.net\/2020\/11\/EcoleBrendaMilner-EXT-StephaneGroleau-1351-2-550x367.jpg","masonry-width":550,"masonry-height":367,"modal":"https:\/\/d2q6z78khxmx42.cloudfront.net\/2020\/11\/EcoleBrendaMilner-EXT-StephaneGroleau-1351-2.jpg","modal-width":1080,"modal-height":720,"number":"https:\/\/d2q6z78khxmx42.cloudfront.net\/2020\/11\/vBAnkUzH-EcoleBrendaMilner-EXT-StephaneGroleau-1351-2-560x373.jpg","number-width":560,"number-height":373,"partner":"https:\/\/d2q6z78khxmx42.cloudfront.net\/2020\/11\/EcoleBrendaMilner-EXT-StephaneGroleau-1351-2-275x183.jpg","partner-width":275,"partner-height":183,"ranking":"https:\/\/d2q6z78khxmx42.cloudfront.net\/2020\/11\/vBAnkUzH-EcoleBrendaMilner-EXT-StephaneGroleau-1351-2-960x540.jpg","ranking-width":960,"ranking-height":540,"schedule":"https:\/\/d2q6z78khxmx42.cloudfront.net\/2020\/11\/EcoleBrendaMilner-EXT-StephaneGroleau-1351-2-960x360.jpg","schedule-width":960,"schedule-height":360,"slideshow":"https:\/\/d2q6z78khxmx42.cloudfront.net\/2020\/11\/EcoleBrendaMilner-EXT-StephaneGroleau-1351-2-1020x680.jpg","slideshow-width":1020,"slideshow-height":680}},"filters":[1001,100],"suppliers":false,"attachment_category":{"1001":"B\u00e2timent public","100":"\u00c9ducation\/institution"}}],"images":[{"categories":[383],"credit":"\u00a9Stephane Groleau","image":{"ID":27731,"id":27731,"title":"EcoleBrendaMilner-EXT-StephaneGroleau-1125-B-2","filename":"EcoleBrendaMilner-EXT-StephaneGroleau-1125-B-2.jpg","filesize":0,"url":"https:\/\/d2q6z78khxmx42.cloudfront.net\/2020\/11\/EcoleBrendaMilner-EXT-StephaneGroleau-1125-B-2.jpg","link":"https:\/\/int.design\/fr\/projects\/ecole-regionale-brenda-milner\/ecolebrendamilner-ext-stephanegroleau-1125-b-2\/","alt":"","author":"83","description":"\u00c9cole r\u00e9gionale \u2013 Brenda-Milner Leclerc architectes Inc. Bouthillette Parizeau Inc.","caption":"","name":"ecolebrendamilner-ext-stephanegroleau-1125-b-2","status":"inherit","uploaded_to":23472,"date":"2020-11-11 14:47:45","modified":"2022-02-08 13:39:14","menu_order":0,"mime_type":"image\/jpeg","type":"image","subtype":"jpeg","icon":"https:\/\/int.design\/wp-includes\/images\/media\/default.png","width":1080,"height":424,"sizes":{"thumbnail":"https:\/\/d2q6z78khxmx42.cloudfront.net\/2020\/11\/EcoleBrendaMilner-EXT-StephaneGroleau-1125-B-2-150x150.jpg","thumbnail-width":150,"thumbnail-height":150,"medium":"https:\/\/d2q6z78khxmx42.cloudfront.net\/2020\/11\/EcoleBrendaMilner-EXT-StephaneGroleau-1125-B-2-300x118.jpg","medium-width":300,"medium-height":118,"medium_large":"https:\/\/d2q6z78khxmx42.cloudfront.net\/2020\/11\/EcoleBrendaMilner-EXT-StephaneGroleau-1125-B-2-768x302.jpg","medium_large-width":768,"medium_large-height":302,"large":"https:\/\/d2q6z78khxmx42.cloudfront.net\/2020\/11\/EcoleBrendaMilner-EXT-StephaneGroleau-1125-B-2-1024x402.jpg","large-width":1024,"large-height":402,"1536x1536":"https:\/\/d2q6z78khxmx42.cloudfront.net\/2020\/11\/EcoleBrendaMilner-EXT-StephaneGroleau-1125-B-2.jpg","1536x1536-width":1080,"1536x1536-height":424,"2048x2048":"https:\/\/d2q6z78khxmx42.cloudfront.net\/2020\/11\/EcoleBrendaMilner-EXT-StephaneGroleau-1125-B-2.jpg","2048x2048-width":1080,"2048x2048-height":424,"article":"https:\/\/d2q6z78khxmx42.cloudfront.net\/2020\/11\/EcoleBrendaMilner-EXT-StephaneGroleau-1125-B-2-960x424.jpg","article-width":960,"article-height":424,"banner":"https:\/\/d2q6z78khxmx42.cloudfront.net\/2020\/11\/EcoleBrendaMilner-EXT-StephaneGroleau-1125-B-2.jpg","banner-width":1080,"banner-height":424,"block":"https:\/\/d2q6z78khxmx42.cloudfront.net\/2020\/11\/EcoleBrendaMilner-EXT-StephaneGroleau-1125-B-2-900x424.jpg","block-width":900,"block-height":424,"card":"https:\/\/d2q6z78khxmx42.cloudfront.net\/2020\/11\/EcoleBrendaMilner-EXT-StephaneGroleau-1125-B-2-560x424.jpg","card-width":560,"card-height":424,"card-thumbnail":"https:\/\/d2q6z78khxmx42.cloudfront.net\/2020\/11\/EcoleBrendaMilner-EXT-StephaneGroleau-1125-B-2-450x340.jpg","card-thumbnail-width":450,"card-thumbnail-height":340,"conference":"https:\/\/d2q6z78khxmx42.cloudfront.net\/2020\/11\/EcoleBrendaMilner-EXT-StephaneGroleau-1125-B-2-560x250.jpg","conference-width":560,"conference-height":250,"contest":"https:\/\/d2q6z78khxmx42.cloudfront.net\/2020\/11\/EcoleBrendaMilner-EXT-StephaneGroleau-1125-B-2-960x400.jpg","contest-width":960,"contest-height":400,"cta":"https:\/\/d2q6z78khxmx42.cloudfront.net\/2020\/11\/EcoleBrendaMilner-EXT-StephaneGroleau-1125-B-2-415x170.jpg","cta-width":415,"cta-height":170,"exhibitor":"https:\/\/d2q6z78khxmx42.cloudfront.net\/2020\/11\/DlChqgnc-EcoleBrendaMilner-EXT-StephaneGroleau-1125-B-2-560x424.jpg","exhibitor-width":560,"exhibitor-height":424,"gallery":"https:\/\/d2q6z78khxmx42.cloudfront.net\/2020\/11\/EcoleBrendaMilner-EXT-StephaneGroleau-1125-B-2-560x220.jpg","gallery-width":560,"gallery-height":220,"logo":"https:\/\/d2q6z78khxmx42.cloudfront.net\/2020\/11\/EcoleBrendaMilner-EXT-StephaneGroleau-1125-B-2-235x92.jpg","logo-width":235,"logo-height":92,"masonry":"https:\/\/d2q6z78khxmx42.cloudfront.net\/2020\/11\/EcoleBrendaMilner-EXT-StephaneGroleau-1125-B-2-550x216.jpg","masonry-width":550,"masonry-height":216,"modal":"https:\/\/d2q6z78khxmx42.cloudfront.net\/2020\/11\/EcoleBrendaMilner-EXT-StephaneGroleau-1125-B-2.jpg","modal-width":1080,"modal-height":424,"number":"https:\/\/d2q6z78khxmx42.cloudfront.net\/2020\/11\/DlChqgnc-EcoleBrendaMilner-EXT-StephaneGroleau-1125-B-2-560x220.jpg","number-width":560,"number-height":220,"partner":"https:\/\/d2q6z78khxmx42.cloudfront.net\/2020\/11\/EcoleBrendaMilner-EXT-StephaneGroleau-1125-B-2-275x108.jpg","partner-width":275,"partner-height":108,"ranking":"https:\/\/d2q6z78khxmx42.cloudfront.net\/2020\/11\/DlChqgnc-EcoleBrendaMilner-EXT-StephaneGroleau-1125-B-2-960x424.jpg","ranking-width":960,"ranking-height":424,"schedule":"https:\/\/d2q6z78khxmx42.cloudfront.net\/2020\/11\/EcoleBrendaMilner-EXT-StephaneGroleau-1125-B-2-960x360.jpg","schedule-width":960,"schedule-height":360,"slideshow":"https:\/\/d2q6z78khxmx42.cloudfront.net\/2020\/11\/EcoleBrendaMilner-EXT-StephaneGroleau-1125-B-2.jpg","slideshow-width":1080,"slideshow-height":424}},"filters":[999,100],"suppliers":false,"attachment_category":[]},{"categories":[383],"credit":"\u00a9Stephane Groleau","image":{"ID":27732,"id":27732,"title":"EcoleBrendaMilner-EXT-StephaneGroleau-1179","filename":"EcoleBrendaMilner-EXT-StephaneGroleau-1179.jpg","filesize":0,"url":"https:\/\/d2q6z78khxmx42.cloudfront.net\/2020\/11\/EcoleBrendaMilner-EXT-StephaneGroleau-1179.jpg","link":"https:\/\/int.design\/fr\/projects\/ecole-regionale-brenda-milner\/ecolebrendamilner-ext-stephanegroleau-1179\/","alt":"","author":"83","description":"\u00c9cole r\u00e9gionale \u2013 Brenda-Milner Leclerc architectes Inc. Bouthillette Parizeau Inc.","caption":"","name":"ecolebrendamilner-ext-stephanegroleau-1179","status":"inherit","uploaded_to":23472,"date":"2020-11-11 14:47:47","modified":"2022-02-08 13:39:14","menu_order":0,"mime_type":"image\/jpeg","type":"image","subtype":"jpeg","icon":"https:\/\/int.design\/wp-includes\/images\/media\/default.png","width":1080,"height":720,"sizes":{"thumbnail":"https:\/\/d2q6z78khxmx42.cloudfront.net\/2020\/11\/EcoleBrendaMilner-EXT-StephaneGroleau-1179-150x150.jpg","thumbnail-width":150,"thumbnail-height":150,"medium":"https:\/\/d2q6z78khxmx42.cloudfront.net\/2020\/11\/EcoleBrendaMilner-EXT-StephaneGroleau-1179-300x200.jpg","medium-width":300,"medium-height":200,"medium_large":"https:\/\/d2q6z78khxmx42.cloudfront.net\/2020\/11\/EcoleBrendaMilner-EXT-StephaneGroleau-1179-768x512.jpg","medium_large-width":768,"medium_large-height":512,"large":"https:\/\/d2q6z78khxmx42.cloudfront.net\/2020\/11\/EcoleBrendaMilner-EXT-StephaneGroleau-1179-1024x683.jpg","large-width":1024,"large-height":683,"1536x1536":"https:\/\/d2q6z78khxmx42.cloudfront.net\/2020\/11\/EcoleBrendaMilner-EXT-StephaneGroleau-1179.jpg","1536x1536-width":1080,"1536x1536-height":720,"2048x2048":"https:\/\/d2q6z78khxmx42.cloudfront.net\/2020\/11\/EcoleBrendaMilner-EXT-StephaneGroleau-1179.jpg","2048x2048-width":1080,"2048x2048-height":720,"article":"https:\/\/d2q6z78khxmx42.cloudfront.net\/2020\/11\/EcoleBrendaMilner-EXT-StephaneGroleau-1179-960x540.jpg","article-width":960,"article-height":540,"banner":"https:\/\/d2q6z78khxmx42.cloudfront.net\/2020\/11\/EcoleBrendaMilner-EXT-StephaneGroleau-1179.jpg","banner-width":1080,"banner-height":720,"block":"https:\/\/d2q6z78khxmx42.cloudfront.net\/2020\/11\/EcoleBrendaMilner-EXT-StephaneGroleau-1179-900x680.jpg","block-width":900,"block-height":680,"card":"https:\/\/d2q6z78khxmx42.cloudfront.net\/2020\/11\/EcoleBrendaMilner-EXT-StephaneGroleau-1179-560x495.jpg","card-width":560,"card-height":495,"card-thumbnail":"https:\/\/d2q6z78khxmx42.cloudfront.net\/2020\/11\/EcoleBrendaMilner-EXT-StephaneGroleau-1179-450x340.jpg","card-thumbnail-width":450,"card-thumbnail-height":340,"conference":"https:\/\/d2q6z78khxmx42.cloudfront.net\/2020\/11\/EcoleBrendaMilner-EXT-StephaneGroleau-1179-560x250.jpg","conference-width":560,"conference-height":250,"contest":"https:\/\/d2q6z78khxmx42.cloudfront.net\/2020\/11\/EcoleBrendaMilner-EXT-StephaneGroleau-1179-960x400.jpg","contest-width":960,"contest-height":400,"cta":"https:\/\/d2q6z78khxmx42.cloudfront.net\/2020\/11\/EcoleBrendaMilner-EXT-StephaneGroleau-1179-415x170.jpg","cta-width":415,"cta-height":170,"exhibitor":"https:\/\/d2q6z78khxmx42.cloudfront.net\/2020\/11\/EcoleBrendaMilner-EXT-StephaneGroleau-1179-560x560.jpg","exhibitor-width":560,"exhibitor-height":560,"gallery":"https:\/\/d2q6z78khxmx42.cloudfront.net\/2020\/11\/EcoleBrendaMilner-EXT-StephaneGroleau-1179-560x373.jpg","gallery-width":560,"gallery-height":373,"logo":"https:\/\/d2q6z78khxmx42.cloudfront.net\/2020\/11\/EcoleBrendaMilner-EXT-StephaneGroleau-1179-150x100.jpg","logo-width":150,"logo-height":100,"masonry":"https:\/\/d2q6z78khxmx42.cloudfront.net\/2020\/11\/EcoleBrendaMilner-EXT-StephaneGroleau-1179-550x367.jpg","masonry-width":550,"masonry-height":367,"modal":"https:\/\/d2q6z78khxmx42.cloudfront.net\/2020\/11\/EcoleBrendaMilner-EXT-StephaneGroleau-1179.jpg","modal-width":1080,"modal-height":720,"number":"https:\/\/d2q6z78khxmx42.cloudfront.net\/2020\/11\/LMLdNm9K-EcoleBrendaMilner-EXT-StephaneGroleau-1179-560x373.jpg","number-width":560,"number-height":373,"partner":"https:\/\/d2q6z78khxmx42.cloudfront.net\/2020\/11\/EcoleBrendaMilner-EXT-StephaneGroleau-1179-275x183.jpg","partner-width":275,"partner-height":183,"ranking":"https:\/\/d2q6z78khxmx42.cloudfront.net\/2020\/11\/LMLdNm9K-EcoleBrendaMilner-EXT-StephaneGroleau-1179-960x540.jpg","ranking-width":960,"ranking-height":540,"schedule":"https:\/\/d2q6z78khxmx42.cloudfront.net\/2020\/11\/EcoleBrendaMilner-EXT-StephaneGroleau-1179-960x360.jpg","schedule-width":960,"schedule-height":360,"slideshow":"https:\/\/d2q6z78khxmx42.cloudfront.net\/2020\/11\/EcoleBrendaMilner-EXT-StephaneGroleau-1179-1020x680.jpg","slideshow-width":1020,"slideshow-height":680}},"filters":[1001,100],"suppliers":false,"attachment_category":[]},{"categories":[383],"credit":"\u00a9Stephane Groleau","image":{"ID":27733,"id":27733,"title":"EcoleBrendaMilner-EXT-StephaneGroleau-1320","filename":"EcoleBrendaMilner-EXT-StephaneGroleau-1320.jpg","filesize":0,"url":"https:\/\/d2q6z78khxmx42.cloudfront.net\/2020\/11\/EcoleBrendaMilner-EXT-StephaneGroleau-1320.jpg","link":"https:\/\/int.design\/fr\/projects\/ecole-regionale-brenda-milner\/ecolebrendamilner-ext-stephanegroleau-1320\/","alt":"","author":"83","description":"\u00c9cole r\u00e9gionale \u2013 Brenda-Milner Leclerc architectes Inc. Bouthillette Parizeau Inc.","caption":"","name":"ecolebrendamilner-ext-stephanegroleau-1320","status":"inherit","uploaded_to":23472,"date":"2020-11-11 14:47:51","modified":"2022-02-08 13:39:14","menu_order":0,"mime_type":"image\/jpeg","type":"image","subtype":"jpeg","icon":"https:\/\/int.design\/wp-includes\/images\/media\/default.png","width":1080,"height":720,"sizes":{"thumbnail":"https:\/\/d2q6z78khxmx42.cloudfront.net\/2020\/11\/EcoleBrendaMilner-EXT-StephaneGroleau-1320-150x150.jpg","thumbnail-width":150,"thumbnail-height":150,"medium":"https:\/\/d2q6z78khxmx42.cloudfront.net\/2020\/11\/EcoleBrendaMilner-EXT-StephaneGroleau-1320-300x200.jpg","medium-width":300,"medium-height":200,"medium_large":"https:\/\/d2q6z78khxmx42.cloudfront.net\/2020\/11\/EcoleBrendaMilner-EXT-StephaneGroleau-1320-768x512.jpg","medium_large-width":768,"medium_large-height":512,"large":"https:\/\/d2q6z78khxmx42.cloudfront.net\/2020\/11\/EcoleBrendaMilner-EXT-StephaneGroleau-1320-1024x683.jpg","large-width":1024,"large-height":683,"1536x1536":"https:\/\/d2q6z78khxmx42.cloudfront.net\/2020\/11\/EcoleBrendaMilner-EXT-StephaneGroleau-1320.jpg","1536x1536-width":1080,"1536x1536-height":720,"2048x2048":"https:\/\/d2q6z78khxmx42.cloudfront.net\/2020\/11\/EcoleBrendaMilner-EXT-StephaneGroleau-1320.jpg","2048x2048-width":1080,"2048x2048-height":720,"article":"https:\/\/d2q6z78khxmx42.cloudfront.net\/2020\/11\/EcoleBrendaMilner-EXT-StephaneGroleau-1320-960x540.jpg","article-width":960,"article-height":540,"banner":"https:\/\/d2q6z78khxmx42.cloudfront.net\/2020\/11\/EcoleBrendaMilner-EXT-StephaneGroleau-1320.jpg","banner-width":1080,"banner-height":720,"block":"https:\/\/d2q6z78khxmx42.cloudfront.net\/2020\/11\/EcoleBrendaMilner-EXT-StephaneGroleau-1320-900x680.jpg","block-width":900,"block-height":680,"card":"https:\/\/d2q6z78khxmx42.cloudfront.net\/2020\/11\/EcoleBrendaMilner-EXT-StephaneGroleau-1320-560x495.jpg","card-width":560,"card-height":495,"card-thumbnail":"https:\/\/d2q6z78khxmx42.cloudfront.net\/2020\/11\/EcoleBrendaMilner-EXT-StephaneGroleau-1320-450x340.jpg","card-thumbnail-width":450,"card-thumbnail-height":340,"conference":"https:\/\/d2q6z78khxmx42.cloudfront.net\/2020\/11\/EcoleBrendaMilner-EXT-StephaneGroleau-1320-560x250.jpg","conference-width":560,"conference-height":250,"contest":"https:\/\/d2q6z78khxmx42.cloudfront.net\/2020\/11\/EcoleBrendaMilner-EXT-StephaneGroleau-1320-960x400.jpg","contest-width":960,"contest-height":400,"cta":"https:\/\/d2q6z78khxmx42.cloudfront.net\/2020\/11\/EcoleBrendaMilner-EXT-StephaneGroleau-1320-415x170.jpg","cta-width":415,"cta-height":170,"exhibitor":"https:\/\/d2q6z78khxmx42.cloudfront.net\/2020\/11\/EcoleBrendaMilner-EXT-StephaneGroleau-1320-560x560.jpg","exhibitor-width":560,"exhibitor-height":560,"gallery":"https:\/\/d2q6z78khxmx42.cloudfront.net\/2020\/11\/EcoleBrendaMilner-EXT-StephaneGroleau-1320-560x373.jpg","gallery-width":560,"gallery-height":373,"logo":"https:\/\/d2q6z78khxmx42.cloudfront.net\/2020\/11\/EcoleBrendaMilner-EXT-StephaneGroleau-1320-150x100.jpg","logo-width":150,"logo-height":100,"masonry":"https:\/\/d2q6z78khxmx42.cloudfront.net\/2020\/11\/EcoleBrendaMilner-EXT-StephaneGroleau-1320-550x367.jpg","masonry-width":550,"masonry-height":367,"modal":"https:\/\/d2q6z78khxmx42.cloudfront.net\/2020\/11\/EcoleBrendaMilner-EXT-StephaneGroleau-1320.jpg","modal-width":1080,"modal-height":720,"number":"https:\/\/d2q6z78khxmx42.cloudfront.net\/2020\/11\/0BeKh9rg-EcoleBrendaMilner-EXT-StephaneGroleau-1320-560x373.jpg","number-width":560,"number-height":373,"partner":"https:\/\/d2q6z78khxmx42.cloudfront.net\/2020\/11\/EcoleBrendaMilner-EXT-StephaneGroleau-1320-275x183.jpg","partner-width":275,"partner-height":183,"ranking":"https:\/\/d2q6z78khxmx42.cloudfront.net\/2020\/11\/0BeKh9rg-EcoleBrendaMilner-EXT-StephaneGroleau-1320-960x540.jpg","ranking-width":960,"ranking-height":540,"schedule":"https:\/\/d2q6z78khxmx42.cloudfront.net\/2020\/11\/EcoleBrendaMilner-EXT-StephaneGroleau-1320-960x360.jpg","schedule-width":960,"schedule-height":360,"slideshow":"https:\/\/d2q6z78khxmx42.cloudfront.net\/2020\/11\/EcoleBrendaMilner-EXT-StephaneGroleau-1320-1020x680.jpg","slideshow-width":1020,"slideshow-height":680}},"filters":[1001,100],"suppliers":false,"attachment_category":[]},{"categories":[383],"credit":"\u00a9Stephane Groleau","image":{"ID":27734,"id":27734,"title":"EcoleBrendaMilner-EXT-StephaneGroleau-1392","filename":"EcoleBrendaMilner-EXT-StephaneGroleau-1392.jpg","filesize":0,"url":"https:\/\/d2q6z78khxmx42.cloudfront.net\/2020\/11\/EcoleBrendaMilner-EXT-StephaneGroleau-1392.jpg","link":"https:\/\/int.design\/fr\/projects\/ecole-regionale-brenda-milner\/ecolebrendamilner-ext-stephanegroleau-1392\/","alt":"","author":"83","description":"\u00c9cole r\u00e9gionale \u2013 Brenda-Milner Leclerc architectes Inc. Bouthillette Parizeau Inc.","caption":"","name":"ecolebrendamilner-ext-stephanegroleau-1392","status":"inherit","uploaded_to":23472,"date":"2020-11-11 14:47:54","modified":"2022-02-08 13:39:14","menu_order":0,"mime_type":"image\/jpeg","type":"image","subtype":"jpeg","icon":"https:\/\/int.design\/wp-includes\/images\/media\/default.png","width":1080,"height":708,"sizes":{"thumbnail":"https:\/\/d2q6z78khxmx42.cloudfront.net\/2020\/11\/EcoleBrendaMilner-EXT-StephaneGroleau-1392-150x150.jpg","thumbnail-width":150,"thumbnail-height":150,"medium":"https:\/\/d2q6z78khxmx42.cloudfront.net\/2020\/11\/EcoleBrendaMilner-EXT-StephaneGroleau-1392-300x197.jpg","medium-width":300,"medium-height":197,"medium_large":"https:\/\/d2q6z78khxmx42.cloudfront.net\/2020\/11\/EcoleBrendaMilner-EXT-StephaneGroleau-1392-768x503.jpg","medium_large-width":768,"medium_large-height":503,"large":"https:\/\/d2q6z78khxmx42.cloudfront.net\/2020\/11\/EcoleBrendaMilner-EXT-StephaneGroleau-1392-1024x671.jpg","large-width":1024,"large-height":671,"1536x1536":"https:\/\/d2q6z78khxmx42.cloudfront.net\/2020\/11\/EcoleBrendaMilner-EXT-StephaneGroleau-1392.jpg","1536x1536-width":1080,"1536x1536-height":708,"2048x2048":"https:\/\/d2q6z78khxmx42.cloudfront.net\/2020\/11\/EcoleBrendaMilner-EXT-StephaneGroleau-1392.jpg","2048x2048-width":1080,"2048x2048-height":708,"article":"https:\/\/d2q6z78khxmx42.cloudfront.net\/2020\/11\/EcoleBrendaMilner-EXT-StephaneGroleau-1392-960x540.jpg","article-width":960,"article-height":540,"banner":"https:\/\/d2q6z78khxmx42.cloudfront.net\/2020\/11\/EcoleBrendaMilner-EXT-StephaneGroleau-1392.jpg","banner-width":1080,"banner-height":708,"block":"https:\/\/d2q6z78khxmx42.cloudfront.net\/2020\/11\/EcoleBrendaMilner-EXT-StephaneGroleau-1392-900x680.jpg","block-width":900,"block-height":680,"card":"https:\/\/d2q6z78khxmx42.cloudfront.net\/2020\/11\/EcoleBrendaMilner-EXT-StephaneGroleau-1392-560x495.jpg","card-width":560,"card-height":495,"card-thumbnail":"https:\/\/d2q6z78khxmx42.cloudfront.net\/2020\/11\/EcoleBrendaMilner-EXT-StephaneGroleau-1392-450x340.jpg","card-thumbnail-width":450,"card-thumbnail-height":340,"conference":"https:\/\/d2q6z78khxmx42.cloudfront.net\/2020\/11\/EcoleBrendaMilner-EXT-StephaneGroleau-1392-560x250.jpg","conference-width":560,"conference-height":250,"contest":"https:\/\/d2q6z78khxmx42.cloudfront.net\/2020\/11\/EcoleBrendaMilner-EXT-StephaneGroleau-1392-960x400.jpg","contest-width":960,"contest-height":400,"cta":"https:\/\/d2q6z78khxmx42.cloudfront.net\/2020\/11\/EcoleBrendaMilner-EXT-StephaneGroleau-1392-415x170.jpg","cta-width":415,"cta-height":170,"exhibitor":"https:\/\/d2q6z78khxmx42.cloudfront.net\/2020\/11\/EcoleBrendaMilner-EXT-StephaneGroleau-1392-560x560.jpg","exhibitor-width":560,"exhibitor-height":560,"gallery":"https:\/\/d2q6z78khxmx42.cloudfront.net\/2020\/11\/EcoleBrendaMilner-EXT-StephaneGroleau-1392-560x367.jpg","gallery-width":560,"gallery-height":367,"logo":"https:\/\/d2q6z78khxmx42.cloudfront.net\/2020\/11\/EcoleBrendaMilner-EXT-StephaneGroleau-1392-153x100.jpg","logo-width":153,"logo-height":100,"masonry":"https:\/\/d2q6z78khxmx42.cloudfront.net\/2020\/11\/EcoleBrendaMilner-EXT-StephaneGroleau-1392-550x361.jpg","masonry-width":550,"masonry-height":361,"modal":"https:\/\/d2q6z78khxmx42.cloudfront.net\/2020\/11\/EcoleBrendaMilner-EXT-StephaneGroleau-1392.jpg","modal-width":1080,"modal-height":708,"number":"https:\/\/d2q6z78khxmx42.cloudfront.net\/2020\/11\/ErZWQagG-EcoleBrendaMilner-EXT-StephaneGroleau-1392-560x367.jpg","number-width":560,"number-height":367,"partner":"https:\/\/d2q6z78khxmx42.cloudfront.net\/2020\/11\/EcoleBrendaMilner-EXT-StephaneGroleau-1392-275x180.jpg","partner-width":275,"partner-height":180,"ranking":"https:\/\/d2q6z78khxmx42.cloudfront.net\/2020\/11\/ErZWQagG-EcoleBrendaMilner-EXT-StephaneGroleau-1392-960x540.jpg","ranking-width":960,"ranking-height":540,"schedule":"https:\/\/d2q6z78khxmx42.cloudfront.net\/2020\/11\/EcoleBrendaMilner-EXT-StephaneGroleau-1392-960x360.jpg","schedule-width":960,"schedule-height":360,"slideshow":"https:\/\/d2q6z78khxmx42.cloudfront.net\/2020\/11\/EcoleBrendaMilner-EXT-StephaneGroleau-1392-1037x680.jpg","slideshow-width":1037,"slideshow-height":680}},"filters":[1001,100],"suppliers":false,"attachment_category":[]},{"categories":[383],"credit":"\u00a9Stephane Groleau","image":{"ID":27735,"id":27735,"title":"Ecole-Brenda-Milner-StephaneGroleau-138-B","filename":"Ecole-Brenda-Milner-StephaneGroleau-138-B.jpg","filesize":0,"url":"https:\/\/d2q6z78khxmx42.cloudfront.net\/2020\/11\/Ecole-Brenda-Milner-StephaneGroleau-138-B.jpg","link":"https:\/\/int.design\/fr\/projects\/ecole-regionale-brenda-milner\/ecole-brenda-milner-stephanegroleau-138-b\/","alt":"","author":"83","description":"\u00c9cole r\u00e9gionale \u2013 Brenda-Milner Leclerc architectes Inc. Bouthillette Parizeau Inc.","caption":"","name":"ecole-brenda-milner-stephanegroleau-138-b","status":"inherit","uploaded_to":23472,"date":"2020-11-11 14:47:58","modified":"2022-02-08 13:39:14","menu_order":0,"mime_type":"image\/jpeg","type":"image","subtype":"jpeg","icon":"https:\/\/int.design\/wp-includes\/images\/media\/default.png","width":755,"height":800,"sizes":{"thumbnail":"https:\/\/d2q6z78khxmx42.cloudfront.net\/2020\/11\/Ecole-Brenda-Milner-StephaneGroleau-138-B-150x150.jpg","thumbnail-width":150,"thumbnail-height":150,"medium":"https:\/\/d2q6z78khxmx42.cloudfront.net\/2020\/11\/Ecole-Brenda-Milner-StephaneGroleau-138-B-283x300.jpg","medium-width":283,"medium-height":300,"medium_large":"https:\/\/d2q6z78khxmx42.cloudfront.net\/2020\/11\/Ecole-Brenda-Milner-StephaneGroleau-138-B.jpg","medium_large-width":755,"medium_large-height":800,"large":"https:\/\/d2q6z78khxmx42.cloudfront.net\/2020\/11\/Ecole-Brenda-Milner-StephaneGroleau-138-B.jpg","large-width":755,"large-height":800,"1536x1536":"https:\/\/d2q6z78khxmx42.cloudfront.net\/2020\/11\/Ecole-Brenda-Milner-StephaneGroleau-138-B.jpg","1536x1536-width":755,"1536x1536-height":800,"2048x2048":"https:\/\/d2q6z78khxmx42.cloudfront.net\/2020\/11\/Ecole-Brenda-Milner-StephaneGroleau-138-B.jpg","2048x2048-width":755,"2048x2048-height":800,"article":"https:\/\/d2q6z78khxmx42.cloudfront.net\/2020\/11\/Ecole-Brenda-Milner-StephaneGroleau-138-B-755x540.jpg","article-width":755,"article-height":540,"banner":"https:\/\/d2q6z78khxmx42.cloudfront.net\/2020\/11\/Ecole-Brenda-Milner-StephaneGroleau-138-B.jpg","banner-width":755,"banner-height":800,"block":"https:\/\/d2q6z78khxmx42.cloudfront.net\/2020\/11\/Ecole-Brenda-Milner-StephaneGroleau-138-B-755x680.jpg","block-width":755,"block-height":680,"card":"https:\/\/d2q6z78khxmx42.cloudfront.net\/2020\/11\/Ecole-Brenda-Milner-StephaneGroleau-138-B-560x495.jpg","card-width":560,"card-height":495,"card-thumbnail":"https:\/\/d2q6z78khxmx42.cloudfront.net\/2020\/11\/Ecole-Brenda-Milner-StephaneGroleau-138-B-450x340.jpg","card-thumbnail-width":450,"card-thumbnail-height":340,"conference":"https:\/\/d2q6z78khxmx42.cloudfront.net\/2020\/11\/Ecole-Brenda-Milner-StephaneGroleau-138-B-560x250.jpg","conference-width":560,"conference-height":250,"contest":"https:\/\/d2q6z78khxmx42.cloudfront.net\/2020\/11\/Ecole-Brenda-Milner-StephaneGroleau-138-B-755x400.jpg","contest-width":755,"contest-height":400,"cta":"https:\/\/d2q6z78khxmx42.cloudfront.net\/2020\/11\/Ecole-Brenda-Milner-StephaneGroleau-138-B-415x170.jpg","cta-width":415,"cta-height":170,"exhibitor":"https:\/\/d2q6z78khxmx42.cloudfront.net\/2020\/11\/Ecole-Brenda-Milner-StephaneGroleau-138-B-560x560.jpg","exhibitor-width":560,"exhibitor-height":560,"gallery":"https:\/\/d2q6z78khxmx42.cloudfront.net\/2020\/11\/Ecole-Brenda-Milner-StephaneGroleau-138-B-406x430.jpg","gallery-width":406,"gallery-height":430,"logo":"https:\/\/d2q6z78khxmx42.cloudfront.net\/2020\/11\/Ecole-Brenda-Milner-StephaneGroleau-138-B-94x100.jpg","logo-width":94,"logo-height":100,"masonry":"https:\/\/d2q6z78khxmx42.cloudfront.net\/2020\/11\/Ecole-Brenda-Milner-StephaneGroleau-138-B-550x583.jpg","masonry-width":550,"masonry-height":583,"modal":"https:\/\/d2q6z78khxmx42.cloudfront.net\/2020\/11\/Ecole-Brenda-Milner-StephaneGroleau-138-B.jpg","modal-width":755,"modal-height":800,"number":"https:\/\/d2q6z78khxmx42.cloudfront.net\/2020\/11\/BMwKejpY-Ecole-Brenda-Milner-StephaneGroleau-138-B-406x430.jpg","number-width":406,"number-height":430,"partner":"https:\/\/d2q6z78khxmx42.cloudfront.net\/2020\/11\/Ecole-Brenda-Milner-StephaneGroleau-138-B-198x210.jpg","partner-width":198,"partner-height":210,"ranking":"https:\/\/d2q6z78khxmx42.cloudfront.net\/2020\/11\/BMwKejpY-Ecole-Brenda-Milner-StephaneGroleau-138-B-755x540.jpg","ranking-width":755,"ranking-height":540,"schedule":"https:\/\/d2q6z78khxmx42.cloudfront.net\/2020\/11\/Ecole-Brenda-Milner-StephaneGroleau-138-B-755x360.jpg","schedule-width":755,"schedule-height":360,"slideshow":"https:\/\/d2q6z78khxmx42.cloudfront.net\/2020\/11\/Ecole-Brenda-Milner-StephaneGroleau-138-B-642x680.jpg","slideshow-width":642,"slideshow-height":680}},"filters":[100,105],"suppliers":false,"attachment_category":[]},{"categories":[383],"credit":"\u00a9Stephane Groleau","image":{"ID":27736,"id":27736,"title":"Ecole-Brenda-Milner-StephaneGroleau-268-B","filename":"Ecole-Brenda-Milner-StephaneGroleau-268-B.jpg","filesize":0,"url":"https:\/\/d2q6z78khxmx42.cloudfront.net\/2020\/11\/Ecole-Brenda-Milner-StephaneGroleau-268-B.jpg","link":"https:\/\/int.design\/fr\/projects\/ecole-regionale-brenda-milner\/ecole-brenda-milner-stephanegroleau-268-b\/","alt":"","author":"83","description":"\u00c9cole r\u00e9gionale \u2013 Brenda-Milner Leclerc architectes Inc. Bouthillette Parizeau Inc.","caption":"","name":"ecole-brenda-milner-stephanegroleau-268-b","status":"inherit","uploaded_to":23472,"date":"2020-11-11 14:48:01","modified":"2022-02-08 13:39:14","menu_order":0,"mime_type":"image\/jpeg","type":"image","subtype":"jpeg","icon":"https:\/\/int.design\/wp-includes\/images\/media\/default.png","width":678,"height":800,"sizes":{"thumbnail":"https:\/\/d2q6z78khxmx42.cloudfront.net\/2020\/11\/Ecole-Brenda-Milner-StephaneGroleau-268-B-150x150.jpg","thumbnail-width":150,"thumbnail-height":150,"medium":"https:\/\/d2q6z78khxmx42.cloudfront.net\/2020\/11\/Ecole-Brenda-Milner-StephaneGroleau-268-B-254x300.jpg","medium-width":254,"medium-height":300,"medium_large":"https:\/\/d2q6z78khxmx42.cloudfront.net\/2020\/11\/Ecole-Brenda-Milner-StephaneGroleau-268-B.jpg","medium_large-width":678,"medium_large-height":800,"large":"https:\/\/d2q6z78khxmx42.cloudfront.net\/2020\/11\/Ecole-Brenda-Milner-StephaneGroleau-268-B.jpg","large-width":678,"large-height":800,"1536x1536":"https:\/\/d2q6z78khxmx42.cloudfront.net\/2020\/11\/Ecole-Brenda-Milner-StephaneGroleau-268-B.jpg","1536x1536-width":678,"1536x1536-height":800,"2048x2048":"https:\/\/d2q6z78khxmx42.cloudfront.net\/2020\/11\/Ecole-Brenda-Milner-StephaneGroleau-268-B.jpg","2048x2048-width":678,"2048x2048-height":800,"article":"https:\/\/d2q6z78khxmx42.cloudfront.net\/2020\/11\/Ecole-Brenda-Milner-StephaneGroleau-268-B-678x540.jpg","article-width":678,"article-height":540,"banner":"https:\/\/d2q6z78khxmx42.cloudfront.net\/2020\/11\/Ecole-Brenda-Milner-StephaneGroleau-268-B.jpg","banner-width":678,"banner-height":800,"block":"https:\/\/d2q6z78khxmx42.cloudfront.net\/2020\/11\/Ecole-Brenda-Milner-StephaneGroleau-268-B-678x680.jpg","block-width":678,"block-height":680,"card":"https:\/\/d2q6z78khxmx42.cloudfront.net\/2020\/11\/Ecole-Brenda-Milner-StephaneGroleau-268-B-560x495.jpg","card-width":560,"card-height":495,"card-thumbnail":"https:\/\/d2q6z78khxmx42.cloudfront.net\/2020\/11\/Ecole-Brenda-Milner-StephaneGroleau-268-B-450x340.jpg","card-thumbnail-width":450,"card-thumbnail-height":340,"conference":"https:\/\/d2q6z78khxmx42.cloudfront.net\/2020\/11\/Ecole-Brenda-Milner-StephaneGroleau-268-B-560x250.jpg","conference-width":560,"conference-height":250,"contest":"https:\/\/d2q6z78khxmx42.cloudfront.net\/2020\/11\/Ecole-Brenda-Milner-StephaneGroleau-268-B-678x400.jpg","contest-width":678,"contest-height":400,"cta":"https:\/\/d2q6z78khxmx42.cloudfront.net\/2020\/11\/Ecole-Brenda-Milner-StephaneGroleau-268-B-415x170.jpg","cta-width":415,"cta-height":170,"exhibitor":"https:\/\/d2q6z78khxmx42.cloudfront.net\/2020\/11\/Ecole-Brenda-Milner-StephaneGroleau-268-B-560x560.jpg","exhibitor-width":560,"exhibitor-height":560,"gallery":"https:\/\/d2q6z78khxmx42.cloudfront.net\/2020\/11\/Ecole-Brenda-Milner-StephaneGroleau-268-B-364x430.jpg","gallery-width":364,"gallery-height":430,"logo":"https:\/\/d2q6z78khxmx42.cloudfront.net\/2020\/11\/Ecole-Brenda-Milner-StephaneGroleau-268-B-85x100.jpg","logo-width":85,"logo-height":100,"masonry":"https:\/\/d2q6z78khxmx42.cloudfront.net\/2020\/11\/Ecole-Brenda-Milner-StephaneGroleau-268-B-550x649.jpg","masonry-width":550,"masonry-height":649,"modal":"https:\/\/d2q6z78khxmx42.cloudfront.net\/2020\/11\/Ecole-Brenda-Milner-StephaneGroleau-268-B.jpg","modal-width":678,"modal-height":800,"number":"https:\/\/d2q6z78khxmx42.cloudfront.net\/2020\/11\/Y3rKsSrJ-Ecole-Brenda-Milner-StephaneGroleau-268-B-364x430.jpg","number-width":364,"number-height":430,"partner":"https:\/\/d2q6z78khxmx42.cloudfront.net\/2020\/11\/Ecole-Brenda-Milner-StephaneGroleau-268-B-178x210.jpg","partner-width":178,"partner-height":210,"ranking":"https:\/\/d2q6z78khxmx42.cloudfront.net\/2020\/11\/Y3rKsSrJ-Ecole-Brenda-Milner-StephaneGroleau-268-B-678x540.jpg","ranking-width":678,"ranking-height":540,"schedule":"https:\/\/d2q6z78khxmx42.cloudfront.net\/2020\/11\/Ecole-Brenda-Milner-StephaneGroleau-268-B-678x360.jpg","schedule-width":678,"schedule-height":360,"slideshow":"https:\/\/d2q6z78khxmx42.cloudfront.net\/2020\/11\/Ecole-Brenda-Milner-StephaneGroleau-268-B-576x680.jpg","slideshow-width":576,"slideshow-height":680}},"filters":[1001,100,565],"suppliers":false,"attachment_category":[]},{"categories":[383],"credit":"\u00a9Stephane Groleau","image":{"ID":27737,"id":27737,"title":"Ecole-Brenda-Milner-StephaneGroleau-002-B","filename":"Ecole-Brenda-Milner-StephaneGroleau-002-B.jpg","filesize":0,"url":"https:\/\/d2q6z78khxmx42.cloudfront.net\/2020\/11\/Ecole-Brenda-Milner-StephaneGroleau-002-B.jpg","link":"https:\/\/int.design\/fr\/projects\/ecole-regionale-brenda-milner\/ecole-brenda-milner-stephanegroleau-002-b\/","alt":"","author":"83","description":"\u00c9cole r\u00e9gionale \u2013 Brenda-Milner Leclerc architectes Inc. Bouthillette Parizeau Inc.","caption":"","name":"ecole-brenda-milner-stephanegroleau-002-b","status":"inherit","uploaded_to":23472,"date":"2020-11-11 14:48:04","modified":"2022-02-08 13:39:14","menu_order":0,"mime_type":"image\/jpeg","type":"image","subtype":"jpeg","icon":"https:\/\/int.design\/wp-includes\/images\/media\/default.png","width":678,"height":800,"sizes":{"thumbnail":"https:\/\/d2q6z78khxmx42.cloudfront.net\/2020\/11\/Ecole-Brenda-Milner-StephaneGroleau-002-B-150x150.jpg","thumbnail-width":150,"thumbnail-height":150,"medium":"https:\/\/d2q6z78khxmx42.cloudfront.net\/2020\/11\/Ecole-Brenda-Milner-StephaneGroleau-002-B-254x300.jpg","medium-width":254,"medium-height":300,"medium_large":"https:\/\/d2q6z78khxmx42.cloudfront.net\/2020\/11\/Ecole-Brenda-Milner-StephaneGroleau-002-B.jpg","medium_large-width":678,"medium_large-height":800,"large":"https:\/\/d2q6z78khxmx42.cloudfront.net\/2020\/11\/Ecole-Brenda-Milner-StephaneGroleau-002-B.jpg","large-width":678,"large-height":800,"1536x1536":"https:\/\/d2q6z78khxmx42.cloudfront.net\/2020\/11\/Ecole-Brenda-Milner-StephaneGroleau-002-B.jpg","1536x1536-width":678,"1536x1536-height":800,"2048x2048":"https:\/\/d2q6z78khxmx42.cloudfront.net\/2020\/11\/Ecole-Brenda-Milner-StephaneGroleau-002-B.jpg","2048x2048-width":678,"2048x2048-height":800,"article":"https:\/\/d2q6z78khxmx42.cloudfront.net\/2020\/11\/Ecole-Brenda-Milner-StephaneGroleau-002-B-678x540.jpg","article-width":678,"article-height":540,"banner":"https:\/\/d2q6z78khxmx42.cloudfront.net\/2020\/11\/Ecole-Brenda-Milner-StephaneGroleau-002-B.jpg","banner-width":678,"banner-height":800,"block":"https:\/\/d2q6z78khxmx42.cloudfront.net\/2020\/11\/Ecole-Brenda-Milner-StephaneGroleau-002-B-678x680.jpg","block-width":678,"block-height":680,"card":"https:\/\/d2q6z78khxmx42.cloudfront.net\/2020\/11\/Ecole-Brenda-Milner-StephaneGroleau-002-B-560x495.jpg","card-width":560,"card-height":495,"card-thumbnail":"https:\/\/d2q6z78khxmx42.cloudfront.net\/2020\/11\/Ecole-Brenda-Milner-StephaneGroleau-002-B-450x340.jpg","card-thumbnail-width":450,"card-thumbnail-height":340,"conference":"https:\/\/d2q6z78khxmx42.cloudfront.net\/2020\/11\/Ecole-Brenda-Milner-StephaneGroleau-002-B-560x250.jpg","conference-width":560,"conference-height":250,"contest":"https:\/\/d2q6z78khxmx42.cloudfront.net\/2020\/11\/Ecole-Brenda-Milner-StephaneGroleau-002-B-678x400.jpg","contest-width":678,"contest-height":400,"cta":"https:\/\/d2q6z78khxmx42.cloudfront.net\/2020\/11\/Ecole-Brenda-Milner-StephaneGroleau-002-B-415x170.jpg","cta-width":415,"cta-height":170,"exhibitor":"https:\/\/d2q6z78khxmx42.cloudfront.net\/2020\/11\/Ecole-Brenda-Milner-StephaneGroleau-002-B-560x560.jpg","exhibitor-width":560,"exhibitor-height":560,"gallery":"https:\/\/d2q6z78khxmx42.cloudfront.net\/2020\/11\/Ecole-Brenda-Milner-StephaneGroleau-002-B-364x430.jpg","gallery-width":364,"gallery-height":430,"logo":"https:\/\/d2q6z78khxmx42.cloudfront.net\/2020\/11\/Ecole-Brenda-Milner-StephaneGroleau-002-B-85x100.jpg","logo-width":85,"logo-height":100,"masonry":"https:\/\/d2q6z78khxmx42.cloudfront.net\/2020\/11\/Ecole-Brenda-Milner-StephaneGroleau-002-B-550x649.jpg","masonry-width":550,"masonry-height":649,"modal":"https:\/\/d2q6z78khxmx42.cloudfront.net\/2020\/11\/Ecole-Brenda-Milner-StephaneGroleau-002-B.jpg","modal-width":678,"modal-height":800,"number":"https:\/\/d2q6z78khxmx42.cloudfront.net\/2020\/11\/ZzmeQmwh-Ecole-Brenda-Milner-StephaneGroleau-002-B-364x430.jpg","number-width":364,"number-height":430,"partner":"https:\/\/d2q6z78khxmx42.cloudfront.net\/2020\/11\/Ecole-Brenda-Milner-StephaneGroleau-002-B-178x210.jpg","partner-width":178,"partner-height":210,"ranking":"https:\/\/d2q6z78khxmx42.cloudfront.net\/2020\/11\/ZzmeQmwh-Ecole-Brenda-Milner-StephaneGroleau-002-B-678x540.jpg","ranking-width":678,"ranking-height":540,"schedule":"https:\/\/d2q6z78khxmx42.cloudfront.net\/2020\/11\/Ecole-Brenda-Milner-StephaneGroleau-002-B-678x360.jpg","schedule-width":678,"schedule-height":360,"slideshow":"https:\/\/d2q6z78khxmx42.cloudfront.net\/2020\/11\/Ecole-Brenda-Milner-StephaneGroleau-002-B-576x680.jpg","slideshow-width":576,"slideshow-height":680}},"filters":[1001,112,100,26],"suppliers":false,"attachment_category":[]},{"categories":[383],"credit":"\u00a9Stephane Groleau","image":{"ID":27738,"id":27738,"title":"Ecole-Brenda-Milner-StephaneGroleau-429-B-2","filename":"Ecole-Brenda-Milner-StephaneGroleau-429-B-2.jpg","filesize":0,"url":"https:\/\/d2q6z78khxmx42.cloudfront.net\/2020\/11\/Ecole-Brenda-Milner-StephaneGroleau-429-B-2.jpg","link":"https:\/\/int.design\/fr\/projects\/ecole-regionale-brenda-milner\/ecole-brenda-milner-stephanegroleau-429-b-2\/","alt":"","author":"83","description":"\u00c9cole r\u00e9gionale \u2013 Brenda-Milner Leclerc architectes Inc. Bouthillette Parizeau Inc.","caption":"","name":"ecole-brenda-milner-stephanegroleau-429-b-2","status":"inherit","uploaded_to":23472,"date":"2020-11-11 14:48:06","modified":"2022-02-08 13:39:14","menu_order":0,"mime_type":"image\/jpeg","type":"image","subtype":"jpeg","icon":"https:\/\/int.design\/wp-includes\/images\/media\/default.png","width":804,"height":800,"sizes":{"thumbnail":"https:\/\/d2q6z78khxmx42.cloudfront.net\/2020\/11\/Ecole-Brenda-Milner-StephaneGroleau-429-B-2-150x150.jpg","thumbnail-width":150,"thumbnail-height":150,"medium":"https:\/\/d2q6z78khxmx42.cloudfront.net\/2020\/11\/Ecole-Brenda-Milner-StephaneGroleau-429-B-2-300x300.jpg","medium-width":300,"medium-height":300,"medium_large":"https:\/\/d2q6z78khxmx42.cloudfront.net\/2020\/11\/Ecole-Brenda-Milner-StephaneGroleau-429-B-2-768x764.jpg","medium_large-width":768,"medium_large-height":764,"large":"https:\/\/d2q6z78khxmx42.cloudfront.net\/2020\/11\/Ecole-Brenda-Milner-StephaneGroleau-429-B-2.jpg","large-width":804,"large-height":800,"1536x1536":"https:\/\/d2q6z78khxmx42.cloudfront.net\/2020\/11\/Ecole-Brenda-Milner-StephaneGroleau-429-B-2.jpg","1536x1536-width":804,"1536x1536-height":800,"2048x2048":"https:\/\/d2q6z78khxmx42.cloudfront.net\/2020\/11\/Ecole-Brenda-Milner-StephaneGroleau-429-B-2.jpg","2048x2048-width":804,"2048x2048-height":800,"article":"https:\/\/d2q6z78khxmx42.cloudfront.net\/2020\/11\/Ecole-Brenda-Milner-StephaneGroleau-429-B-2-804x540.jpg","article-width":804,"article-height":540,"banner":"https:\/\/d2q6z78khxmx42.cloudfront.net\/2020\/11\/Ecole-Brenda-Milner-StephaneGroleau-429-B-2.jpg","banner-width":804,"banner-height":800,"block":"https:\/\/d2q6z78khxmx42.cloudfront.net\/2020\/11\/Ecole-Brenda-Milner-StephaneGroleau-429-B-2-804x680.jpg","block-width":804,"block-height":680,"card":"https:\/\/d2q6z78khxmx42.cloudfront.net\/2020\/11\/Ecole-Brenda-Milner-StephaneGroleau-429-B-2-560x495.jpg","card-width":560,"card-height":495,"card-thumbnail":"https:\/\/d2q6z78khxmx42.cloudfront.net\/2020\/11\/Ecole-Brenda-Milner-StephaneGroleau-429-B-2-450x340.jpg","card-thumbnail-width":450,"card-thumbnail-height":340,"conference":"https:\/\/d2q6z78khxmx42.cloudfront.net\/2020\/11\/Ecole-Brenda-Milner-StephaneGroleau-429-B-2-560x250.jpg","conference-width":560,"conference-height":250,"contest":"https:\/\/d2q6z78khxmx42.cloudfront.net\/2020\/11\/Ecole-Brenda-Milner-StephaneGroleau-429-B-2-804x400.jpg","contest-width":804,"contest-height":400,"cta":"https:\/\/d2q6z78khxmx42.cloudfront.net\/2020\/11\/Ecole-Brenda-Milner-StephaneGroleau-429-B-2-415x170.jpg","cta-width":415,"cta-height":170,"exhibitor":"https:\/\/d2q6z78khxmx42.cloudfront.net\/2020\/11\/Ecole-Brenda-Milner-StephaneGroleau-429-B-2-560x560.jpg","exhibitor-width":560,"exhibitor-height":560,"gallery":"https:\/\/d2q6z78khxmx42.cloudfront.net\/2020\/11\/Ecole-Brenda-Milner-StephaneGroleau-429-B-2-432x430.jpg","gallery-width":432,"gallery-height":430,"logo":"https:\/\/d2q6z78khxmx42.cloudfront.net\/2020\/11\/Ecole-Brenda-Milner-StephaneGroleau-429-B-2-101x100.jpg","logo-width":101,"logo-height":100,"masonry":"https:\/\/d2q6z78khxmx42.cloudfront.net\/2020\/11\/Ecole-Brenda-Milner-StephaneGroleau-429-B-2-550x547.jpg","masonry-width":550,"masonry-height":547,"modal":"https:\/\/d2q6z78khxmx42.cloudfront.net\/2020\/11\/Ecole-Brenda-Milner-StephaneGroleau-429-B-2.jpg","modal-width":804,"modal-height":800,"number":"https:\/\/d2q6z78khxmx42.cloudfront.net\/2020\/11\/w89PsUAh-Ecole-Brenda-Milner-StephaneGroleau-429-B-2-432x430.jpg","number-width":432,"number-height":430,"partner":"https:\/\/d2q6z78khxmx42.cloudfront.net\/2020\/11\/Ecole-Brenda-Milner-StephaneGroleau-429-B-2-211x210.jpg","partner-width":211,"partner-height":210,"ranking":"https:\/\/d2q6z78khxmx42.cloudfront.net\/2020\/11\/w89PsUAh-Ecole-Brenda-Milner-StephaneGroleau-429-B-2-804x540.jpg","ranking-width":804,"ranking-height":540,"schedule":"https:\/\/d2q6z78khxmx42.cloudfront.net\/2020\/11\/Ecole-Brenda-Milner-StephaneGroleau-429-B-2-804x360.jpg","schedule-width":804,"schedule-height":360,"slideshow":"https:\/\/d2q6z78khxmx42.cloudfront.net\/2020\/11\/Ecole-Brenda-Milner-StephaneGroleau-429-B-2-683x680.jpg","slideshow-width":683,"slideshow-height":680}},"filters":[1001,916,100,83,26],"suppliers":false,"attachment_category":[]},{"categories":[383],"credit":"\u00a9Stephane Groleau","image":{"ID":27739,"id":27739,"title":"Ecole-Brenda-Milner-StephaneGroleau-553-B-3","filename":"Ecole-Brenda-Milner-StephaneGroleau-553-B-3.jpg","filesize":0,"url":"https:\/\/d2q6z78khxmx42.cloudfront.net\/2020\/11\/Ecole-Brenda-Milner-StephaneGroleau-553-B-3.jpg","link":"https:\/\/int.design\/fr\/projects\/ecole-regionale-brenda-milner\/ecole-brenda-milner-stephanegroleau-553-b-3\/","alt":"","author":"83","description":"\u00c9cole r\u00e9gionale \u2013 Brenda-Milner Leclerc architectes Inc. Bouthillette Parizeau Inc.","caption":"","name":"ecole-brenda-milner-stephanegroleau-553-b-3","status":"inherit","uploaded_to":23472,"date":"2020-11-11 14:48:09","modified":"2022-02-08 13:39:14","menu_order":0,"mime_type":"image\/jpeg","type":"image","subtype":"jpeg","icon":"https:\/\/int.design\/wp-includes\/images\/media\/default.png","width":637,"height":800,"sizes":{"thumbnail":"https:\/\/d2q6z78khxmx42.cloudfront.net\/2020\/11\/Ecole-Brenda-Milner-StephaneGroleau-553-B-3-150x150.jpg","thumbnail-width":150,"thumbnail-height":150,"medium":"https:\/\/d2q6z78khxmx42.cloudfront.net\/2020\/11\/Ecole-Brenda-Milner-StephaneGroleau-553-B-3-239x300.jpg","medium-width":239,"medium-height":300,"medium_large":"https:\/\/d2q6z78khxmx42.cloudfront.net\/2020\/11\/Ecole-Brenda-Milner-StephaneGroleau-553-B-3.jpg","medium_large-width":637,"medium_large-height":800,"large":"https:\/\/d2q6z78khxmx42.cloudfront.net\/2020\/11\/Ecole-Brenda-Milner-StephaneGroleau-553-B-3.jpg","large-width":637,"large-height":800,"1536x1536":"https:\/\/d2q6z78khxmx42.cloudfront.net\/2020\/11\/Ecole-Brenda-Milner-StephaneGroleau-553-B-3.jpg","1536x1536-width":637,"1536x1536-height":800,"2048x2048":"https:\/\/d2q6z78khxmx42.cloudfront.net\/2020\/11\/Ecole-Brenda-Milner-StephaneGroleau-553-B-3.jpg","2048x2048-width":637,"2048x2048-height":800,"article":"https:\/\/d2q6z78khxmx42.cloudfront.net\/2020\/11\/Ecole-Brenda-Milner-StephaneGroleau-553-B-3-637x540.jpg","article-width":637,"article-height":540,"banner":"https:\/\/d2q6z78khxmx42.cloudfront.net\/2020\/11\/Ecole-Brenda-Milner-StephaneGroleau-553-B-3.jpg","banner-width":637,"banner-height":800,"block":"https:\/\/d2q6z78khxmx42.cloudfront.net\/2020\/11\/Ecole-Brenda-Milner-StephaneGroleau-553-B-3-637x680.jpg","block-width":637,"block-height":680,"card":"https:\/\/d2q6z78khxmx42.cloudfront.net\/2020\/11\/Ecole-Brenda-Milner-StephaneGroleau-553-B-3-560x495.jpg","card-width":560,"card-height":495,"card-thumbnail":"https:\/\/d2q6z78khxmx42.cloudfront.net\/2020\/11\/Ecole-Brenda-Milner-StephaneGroleau-553-B-3-450x340.jpg","card-thumbnail-width":450,"card-thumbnail-height":340,"conference":"https:\/\/d2q6z78khxmx42.cloudfront.net\/2020\/11\/Ecole-Brenda-Milner-StephaneGroleau-553-B-3-560x250.jpg","conference-width":560,"conference-height":250,"contest":"https:\/\/d2q6z78khxmx42.cloudfront.net\/2020\/11\/Ecole-Brenda-Milner-StephaneGroleau-553-B-3-637x400.jpg","contest-width":637,"contest-height":400,"cta":"https:\/\/d2q6z78khxmx42.cloudfront.net\/2020\/11\/Ecole-Brenda-Milner-StephaneGroleau-553-B-3-415x170.jpg","cta-width":415,"cta-height":170,"exhibitor":"https:\/\/d2q6z78khxmx42.cloudfront.net\/2020\/11\/Ecole-Brenda-Milner-StephaneGroleau-553-B-3-560x560.jpg","exhibitor-width":560,"exhibitor-height":560,"gallery":"https:\/\/d2q6z78khxmx42.cloudfront.net\/2020\/11\/Ecole-Brenda-Milner-StephaneGroleau-553-B-3-342x430.jpg","gallery-width":342,"gallery-height":430,"logo":"https:\/\/d2q6z78khxmx42.cloudfront.net\/2020\/11\/Ecole-Brenda-Milner-StephaneGroleau-553-B-3-80x100.jpg","logo-width":80,"logo-height":100,"masonry":"https:\/\/d2q6z78khxmx42.cloudfront.net\/2020\/11\/Ecole-Brenda-Milner-StephaneGroleau-553-B-3-550x691.jpg","masonry-width":550,"masonry-height":691,"modal":"https:\/\/d2q6z78khxmx42.cloudfront.net\/2020\/11\/Ecole-Brenda-Milner-StephaneGroleau-553-B-3.jpg","modal-width":637,"modal-height":800,"number":"https:\/\/d2q6z78khxmx42.cloudfront.net\/2020\/11\/XFH69QwS-Ecole-Brenda-Milner-StephaneGroleau-553-B-3-342x430.jpg","number-width":342,"number-height":430,"partner":"https:\/\/d2q6z78khxmx42.cloudfront.net\/2020\/11\/Ecole-Brenda-Milner-StephaneGroleau-553-B-3-167x210.jpg","partner-width":167,"partner-height":210,"ranking":"https:\/\/d2q6z78khxmx42.cloudfront.net\/2020\/11\/XFH69QwS-Ecole-Brenda-Milner-StephaneGroleau-553-B-3-637x540.jpg","ranking-width":637,"ranking-height":540,"schedule":"https:\/\/d2q6z78khxmx42.cloudfront.net\/2020\/11\/Ecole-Brenda-Milner-StephaneGroleau-553-B-3-637x360.jpg","schedule-width":637,"schedule-height":360,"slideshow":"https:\/\/d2q6z78khxmx42.cloudfront.net\/2020\/11\/Ecole-Brenda-Milner-StephaneGroleau-553-B-3-541x680.jpg","slideshow-width":541,"slideshow-height":680}},"filters":[1001,916,100,83,26],"suppliers":false,"attachment_category":[]},{"categories":[383],"credit":"\u00a9Stephane Groleau","image":{"ID":27740,"id":27740,"title":"Ecole-Brenda-Milner-StephaneGroleau-853","filename":"Ecole-Brenda-Milner-StephaneGroleau-853.jpg","filesize":0,"url":"https:\/\/d2q6z78khxmx42.cloudfront.net\/2020\/11\/Ecole-Brenda-Milner-StephaneGroleau-853.jpg","link":"https:\/\/int.design\/fr\/projects\/ecole-regionale-brenda-milner\/ecole-brenda-milner-stephanegroleau-853\/","alt":"","author":"83","description":"\u00c9cole r\u00e9gionale \u2013 Brenda-Milner Leclerc architectes Inc. Bouthillette Parizeau Inc.","caption":"","name":"ecole-brenda-milner-stephanegroleau-853","status":"inherit","uploaded_to":23472,"date":"2020-11-11 14:48:13","modified":"2022-02-08 13:39:15","menu_order":0,"mime_type":"image\/jpeg","type":"image","subtype":"jpeg","icon":"https:\/\/int.design\/wp-includes\/images\/media\/default.png","width":620,"height":800,"sizes":{"thumbnail":"https:\/\/d2q6z78khxmx42.cloudfront.net\/2020\/11\/Ecole-Brenda-Milner-StephaneGroleau-853-150x150.jpg","thumbnail-width":150,"thumbnail-height":150,"medium":"https:\/\/d2q6z78khxmx42.cloudfront.net\/2020\/11\/Ecole-Brenda-Milner-StephaneGroleau-853-233x300.jpg","medium-width":233,"medium-height":300,"medium_large":"https:\/\/d2q6z78khxmx42.cloudfront.net\/2020\/11\/Ecole-Brenda-Milner-StephaneGroleau-853.jpg","medium_large-width":620,"medium_large-height":800,"large":"https:\/\/d2q6z78khxmx42.cloudfront.net\/2020\/11\/Ecole-Brenda-Milner-StephaneGroleau-853.jpg","large-width":620,"large-height":800,"1536x1536":"https:\/\/d2q6z78khxmx42.cloudfront.net\/2020\/11\/Ecole-Brenda-Milner-StephaneGroleau-853.jpg","1536x1536-width":620,"1536x1536-height":800,"2048x2048":"https:\/\/d2q6z78khxmx42.cloudfront.net\/2020\/11\/Ecole-Brenda-Milner-StephaneGroleau-853.jpg","2048x2048-width":620,"2048x2048-height":800,"article":"https:\/\/d2q6z78khxmx42.cloudfront.net\/2020\/11\/Ecole-Brenda-Milner-StephaneGroleau-853-620x540.jpg","article-width":620,"article-height":540,"banner":"https:\/\/d2q6z78khxmx42.cloudfront.net\/2020\/11\/Ecole-Brenda-Milner-StephaneGroleau-853.jpg","banner-width":620,"banner-height":800,"block":"https:\/\/d2q6z78khxmx42.cloudfront.net\/2020\/11\/Ecole-Brenda-Milner-StephaneGroleau-853-620x680.jpg","block-width":620,"block-height":680,"card":"https:\/\/d2q6z78khxmx42.cloudfront.net\/2020\/11\/Ecole-Brenda-Milner-StephaneGroleau-853-560x495.jpg","card-width":560,"card-height":495,"card-thumbnail":"https:\/\/d2q6z78khxmx42.cloudfront.net\/2020\/11\/Ecole-Brenda-Milner-StephaneGroleau-853-450x340.jpg","card-thumbnail-width":450,"card-thumbnail-height":340,"conference":"https:\/\/d2q6z78khxmx42.cloudfront.net\/2020\/11\/Ecole-Brenda-Milner-StephaneGroleau-853-560x250.jpg","conference-width":560,"conference-height":250,"contest":"https:\/\/d2q6z78khxmx42.cloudfront.net\/2020\/11\/Ecole-Brenda-Milner-StephaneGroleau-853-620x400.jpg","contest-width":620,"contest-height":400,"cta":"https:\/\/d2q6z78khxmx42.cloudfront.net\/2020\/11\/Ecole-Brenda-Milner-StephaneGroleau-853-415x170.jpg","cta-width":415,"cta-height":170,"exhibitor":"https:\/\/d2q6z78khxmx42.cloudfront.net\/2020\/11\/Ecole-Brenda-Milner-StephaneGroleau-853-560x560.jpg","exhibitor-width":560,"exhibitor-height":560,"gallery":"https:\/\/d2q6z78khxmx42.cloudfront.net\/2020\/11\/Ecole-Brenda-Milner-StephaneGroleau-853-333x430.jpg","gallery-width":333,"gallery-height":430,"logo":"https:\/\/d2q6z78khxmx42.cloudfront.net\/2020\/11\/Ecole-Brenda-Milner-StephaneGroleau-853-78x100.jpg","logo-width":78,"logo-height":100,"masonry":"https:\/\/d2q6z78khxmx42.cloudfront.net\/2020\/11\/Ecole-Brenda-Milner-StephaneGroleau-853-550x710.jpg","masonry-width":550,"masonry-height":710,"modal":"https:\/\/d2q6z78khxmx42.cloudfront.net\/2020\/11\/Ecole-Brenda-Milner-StephaneGroleau-853.jpg","modal-width":620,"modal-height":800,"number":"https:\/\/d2q6z78khxmx42.cloudfront.net\/2020\/11\/f2qQcSm6-Ecole-Brenda-Milner-StephaneGroleau-853-333x430.jpg","number-width":333,"number-height":430,"partner":"https:\/\/d2q6z78khxmx42.cloudfront.net\/2020\/11\/Ecole-Brenda-Milner-StephaneGroleau-853-163x210.jpg","partner-width":163,"partner-height":210,"ranking":"https:\/\/d2q6z78khxmx42.cloudfront.net\/2020\/11\/f2qQcSm6-Ecole-Brenda-Milner-StephaneGroleau-853-620x540.jpg","ranking-width":620,"ranking-height":540,"schedule":"https:\/\/d2q6z78khxmx42.cloudfront.net\/2020\/11\/Ecole-Brenda-Milner-StephaneGroleau-853-620x360.jpg","schedule-width":620,"schedule-height":360,"slideshow":"https:\/\/d2q6z78khxmx42.cloudfront.net\/2020\/11\/Ecole-Brenda-Milner-StephaneGroleau-853-527x680.jpg","slideshow-width":527,"slideshow-height":680}},"filters":[1001,112,100,26],"suppliers":false,"attachment_category":[]}],"mandatory_documents":[{"name":"Ecole Brenda-Milner","file":{"ID":36258,"id":36258,"title":"Ecole-Brenda Milner Leclerc architectes Inc","filename":"Ecole-Brenda Milner Leclerc architectes Inc.pdf","filesize":0,"url":"https:\/\/d2q6z78khxmx42.cloudfront.net\/2021\/01\/Ecole-Brenda Milner Leclerc architectes Inc.pdf","link":"https:\/\/int.design\/fr\/projects\/ecole-regionale-brenda-milner\/ecole-brenda-milner-leclerc-architectes-inc\/","alt":"","author":"83","description":"","caption":"","name":"ecole-brenda-milner-leclerc-architectes-inc","status":"inherit","uploaded_to":23472,"date":"2021-01-06 17:00:13","modified":"2021-01-06 17:00:32","menu_order":0,"mime_type":"application\/pdf","type":"application","subtype":"pdf","icon":"https:\/\/int.design\/wp-includes\/images\/media\/document.png"}}],"optional_documents":false,"web_text":{"fr":"<p>La nouvelle \u00e9cole Brenda-Milner accueille des \u00e9l\u00e8ves \u00e2g\u00e9s de 4 \u00e0 21 ans, atteint principalement de troubles du spectre de l\u2019autisme associ\u00e9s ou non \u00e0 une d\u00e9ficience motrice.<br \/>\nL\u2019organisation des fonctions dans l\u2019\u00e9cole est am\u00e9nag\u00e9e simplement autour d\u2019un noyau central de service : le gymnase et les services connexes, sont entour\u00e9s de circulation. Les ailes de classes, les ailes administratives et les autres locaux d\u2019enseignement ou de th\u00e9rapie sont situ\u00e9s sur les ailes lat\u00e9rales du b\u00e2timent. Ce sch\u00e9ma de circulation permet des raccourcis dans les d\u00e9placements ou, au contraire, des cheminements de circulation pour les exercices de marche ou d\u00e9placement. Le b\u00e2timent est con\u00e7u de sorte \u00e0 pouvoir \u00eatre agrandi facilement en cohabitation, en prolongeant simplement les ailes de classes.<\/p>\n<p>Une structure apparente de bois est install\u00e9e sous la toiture, accompagn\u00e9e d\u2019un platelage de bois apparent. L\u2019\u00e9cole est chauff\u00e9e et climatis\u00e9e \u00e0 100% gr\u00e2ce aux 32 puits de g\u00e9othermie. La totalit\u00e9 de l\u2019\u00e9clairage est au DEL. L\u2019isolation accrue, les fen\u00eatres et vitrages haute performance contribue \u00e0 l\u2019excellente performance \u00e9nerg\u00e9tique projet\u00e9e.<\/p>\n<p>L\u2019implantation sur le site fut pens\u00e9e de sorte \u00e0 permettre un agrandissement facile du b\u00e2timent pendant sa vie utile. Un d\u00e9barcad\u00e8re continu entoure le b\u00e2timent, permettant de venir facilement g\u00e9rer les entr\u00e9es et sortie. Une bande de protection bois\u00e9e est conserv\u00e9e sur le site.<\/p>\n","en":"<p>The new Brenda-Milner School accommodates students aged 4 to 21, mainly with autism spectrum disorders, whether or not associated with motor impairment.<br \/>\nThe organization of functions in the school is simply arranged around a central service center: the gymnasium and related services are surrounded by traffic. The classroom wings, administrative wings and other teaching or therapy rooms are located on the side wings of the building. This circulation pattern allows for shortcuts in movement or, on the contrary, circulation routes for walking or moving exercises. The building is designed so that it can be easily extended in cohabitation, simply by extending the class wings.<br \/>\nAn exposed wooden structure is installed under the roof, accompanied by exposed wood decking. The school is 100% heated and air-conditioned thanks to 32 geothermal wells. All lighting is LED. The increased insulation, high-performance windows and glazing contribute to the excellent projected energy performance.<br \/>\nThe location on the site was designed to allow for easy expansion of the building during its useful life. A continuous loading dock surrounds the building, making it easy to come and manage the entrances and exits. A wooded protection strip is maintained on the site.<\/p>\n","original":""},"jury_text":[{"category":383,"fr":"<p>La nouvelle \u00e9cole Brenda-Milner accueille des \u00e9l\u00e8ves \u00e2g\u00e9s de 4 \u00e0 21 ans, atteint principalement de troubles du spectre de l\u2019autisme associ\u00e9s ou non \u00e0 une d\u00e9ficience motrice.<br \/>\nL\u2019organisation des fonctions dans l\u2019\u00e9cole est am\u00e9nag\u00e9e simplement autour d\u2019un noyau central de service : le gymnase et les services connexes, sont entour\u00e9s de circulation. Les ailes de classes, les ailes administratives et les autres locaux d\u2019enseignement ou de th\u00e9rapie sont situ\u00e9s sur les ailes lat\u00e9rales du b\u00e2timent. Ce sch\u00e9ma de circulation permet des raccourcis dans les d\u00e9placements ou, au contraire, des cheminements de circulation pour les exercices de marche ou d\u00e9placement. Le b\u00e2timent est con\u00e7u de sorte \u00e0 pouvoir \u00eatre agrandi facilement en cohabitation, en prolongeant simplement les ailes de classes.<\/p>\n<p>Une structure apparente de bois est install\u00e9e sous la toiture, accompagn\u00e9e d\u2019un platelage de bois apparent. L\u2019\u00e9cole est chauff\u00e9e et climatis\u00e9e \u00e0 100% gr\u00e2ce aux 32 puits de g\u00e9othermie. La totalit\u00e9 de l\u2019\u00e9clairage est au DEL. L\u2019isolation accrue, les fen\u00eatres et vitrages haute performance contribue \u00e0 l\u2019excellente performance \u00e9nerg\u00e9tique projet\u00e9e.<\/p>\n<p>L\u2019implantation sur le site fut pens\u00e9e de sorte \u00e0 permettre un agrandissement facile du b\u00e2timent pendant sa vie utile. Un d\u00e9barcad\u00e8re continu entoure le b\u00e2timent, permettant de venir facilement g\u00e9rer les entr\u00e9es et sortie. Une bande de protection bois\u00e9e est conserv\u00e9e sur le site.<\/p>\n","en":"<p>The new Brenda-Milner School accommodates students aged 4 to 21, mainly with autism spectrum disorders, whether or not associated with motor impairment.<br \/>\nThe organization of functions in the school is simply arranged around a central service center: the gymnasium and related services are surrounded by traffic. The classroom wings, administrative wings and other teaching or therapy rooms are located on the side wings of the building. This circulation pattern allows for shortcuts in movement or, on the contrary, circulation routes for walking or moving exercises. The building is designed so that it can be easily extended in cohabitation, simply by extending the class wings.<br \/>\nAn exposed wooden structure is installed under the roof, accompanied by exposed wood decking. The school is 100% heated and air-conditioned thanks to 32 geothermal wells. All lighting is LED. The increased insulation, high-performance windows and glazing contribute to the excellent projected energy performance.<br \/>\nThe location on the site was designed to allow for easy expansion of the building during its useful life. A continuous loading dock surrounds the building, making it easy to come and manage the entrances and exits. A wooded protection strip is maintained on the site.<\/p>\n","original":""}],"different_jury_text":false,"different_category_text":false},"laureats":[{"cat_id":383,"cat_id_laureat":1033,"laureat":"Certification Bronze"}],"contest_id":"1180","contest_title":"GRANDS PRIX DU DESIGN - 14e \u00e9dition","firms":[{"name":"Bouthillette Parizeau Inc.","website":"http:\/\/bpa.ca\/","category":"Ing\u00e9nierie","category_tax":false,"category_label":null}],"user":{"email":"vboivent@leclerc-architectes.com","first_name":"Vincent","last_name":"Boivent"},"doc_texts_web":{"fr":"","en":""},"permalinks":{"fr":"https:\/\/int.design\/fr\/projects\/ecole-regionale-brenda-milner\/","en":"https:\/\/int.design\/en\/projects\/ecole-regionale-brenda-milner\/"},"titles":{"fr":"\u00c9cole r\u00e9gionale \u2013 Brenda-Milner","en":"\u00c9cole r\u00e9gionale \u2013 Brenda-Milner"},"wp_fields":[],"laravel_id":""},"_links":{"self":[{"href":"https:\/\/int.design\/fr\/wp-json\/wp\/v2\/project\/23472","targetHints":{"allow":["GET"]}}],"collection":[{"href":"https:\/\/int.design\/fr\/wp-json\/wp\/v2\/project"}],"about":[{"href":"https:\/\/int.design\/fr\/wp-json\/wp\/v2\/types\/project"}],"wp:attachment":[{"href":"https:\/\/int.design\/fr\/wp-json\/wp\/v2\/media?parent=23472"}],"curies":[{"name":"wp","href":"https:\/\/api.w.org\/{rel}","templated":true}]}}