{"id":129190,"date":"2024-08-20T17:17:29","date_gmt":"2024-08-20T21:17:29","guid":{"rendered":"https:\/\/int.design\/?post_type=project&#038;p=129190"},"modified":"2024-08-20T17:17:29","modified_gmt":"2024-08-20T21:17:29","slug":"marche-central-de-montreal","status":"publish","type":"project","link":"https:\/\/int.design\/fr\/projets\/marche-central-de-montreal\/","title":{"rendered":"March\u00e9 central de Montr\u00e9al"},"content":{"rendered":"","protected":false},"template":"","class_list":["post-129190","project","type-project","status-publish","hentry","project_category_119061-architecture-de-paysage-de-projet-commercial-et-de-bureau","project_category_119061-paysage-et-territoires"],"acf":[],"yoast_head":"<!-- This site is optimized with the Yoast SEO plugin v21.5 - https:\/\/yoast.com\/wordpress\/plugins\/seo\/ -->\n<title>March\u00e9 central de Montr\u00e9al - INT Design<\/title>\n<meta name=\"robots\" content=\"index, follow, max-snippet:-1, max-image-preview:large, max-video-preview:-1\" \/>\n<link rel=\"canonical\" href=\"https:\/\/int.design\/fr\/projets\/marche-central-de-montreal\/\" \/>\n<meta property=\"og:locale\" content=\"fr_FR\" \/>\n<meta property=\"og:type\" content=\"article\" \/>\n<meta property=\"og:title\" content=\"March\u00e9 central de Montr\u00e9al - INT Design\" \/>\n<meta property=\"og:url\" content=\"https:\/\/int.design\/fr\/projets\/marche-central-de-montreal\/\" \/>\n<meta property=\"og:site_name\" content=\"INT Design\" \/>\n<meta name=\"twitter:card\" content=\"summary_large_image\" \/>\n<script type=\"application\/ld+json\" class=\"yoast-schema-graph\">{\"@context\":\"https:\/\/schema.org\",\"@graph\":[{\"@type\":\"WebPage\",\"@id\":\"https:\/\/int.design\/fr\/projets\/marche-central-de-montreal\/\",\"url\":\"https:\/\/int.design\/fr\/projets\/marche-central-de-montreal\/\",\"name\":\"March\u00e9 central de Montr\u00e9al - INT Design\",\"isPartOf\":{\"@id\":\"https:\/\/int.design\/fr\/#website\"},\"datePublished\":\"2024-08-20T21:17:29+00:00\",\"dateModified\":\"2024-08-20T21:17:29+00:00\",\"breadcrumb\":{\"@id\":\"https:\/\/int.design\/fr\/projets\/marche-central-de-montreal\/#breadcrumb\"},\"inLanguage\":\"fr-FR\",\"potentialAction\":[{\"@type\":\"ReadAction\",\"target\":[\"https:\/\/int.design\/fr\/projets\/marche-central-de-montreal\/\"]}]},{\"@type\":\"BreadcrumbList\",\"@id\":\"https:\/\/int.design\/fr\/projets\/marche-central-de-montreal\/#breadcrumb\",\"itemListElement\":[{\"@type\":\"ListItem\",\"position\":1,\"name\":\"Home\",\"item\":\"https:\/\/int.design\/fr\/\"},{\"@type\":\"ListItem\",\"position\":2,\"name\":\"Projects\",\"item\":\"https:\/\/int.design\/en\/projects\/\"},{\"@type\":\"ListItem\",\"position\":3,\"name\":\"March\u00e9 central de Montr\u00e9al\"}]},{\"@type\":\"WebSite\",\"@id\":\"https:\/\/int.design\/fr\/#website\",\"url\":\"https:\/\/int.design\/fr\/\",\"name\":\"INT Design\",\"description\":\"\",\"potentialAction\":[{\"@type\":\"SearchAction\",\"target\":{\"@type\":\"EntryPoint\",\"urlTemplate\":\"https:\/\/int.design\/fr\/?s={search_term_string}\"},\"query-input\":\"required name=search_term_string\"}],\"inLanguage\":\"fr-FR\"}]}<\/script>\n<!-- \/ Yoast SEO plugin. -->","yoast_head_json":{"title":"March\u00e9 central de Montr\u00e9al - INT Design","robots":{"index":"index","follow":"follow","max-snippet":"max-snippet:-1","max-image-preview":"max-image-preview:large","max-video-preview":"max-video-preview:-1"},"canonical":"https:\/\/int.design\/fr\/projets\/marche-central-de-montreal\/","og_locale":"fr_FR","og_type":"article","og_title":"March\u00e9 central de Montr\u00e9al - INT Design","og_url":"https:\/\/int.design\/fr\/projets\/marche-central-de-montreal\/","og_site_name":"INT Design","twitter_card":"summary_large_image","schema":{"@context":"https:\/\/schema.org","@graph":[{"@type":"WebPage","@id":"https:\/\/int.design\/fr\/projets\/marche-central-de-montreal\/","url":"https:\/\/int.design\/fr\/projets\/marche-central-de-montreal\/","name":"March\u00e9 central de Montr\u00e9al - INT Design","isPartOf":{"@id":"https:\/\/int.design\/fr\/#website"},"datePublished":"2024-08-20T21:17:29+00:00","dateModified":"2024-08-20T21:17:29+00:00","breadcrumb":{"@id":"https:\/\/int.design\/fr\/projets\/marche-central-de-montreal\/#breadcrumb"},"inLanguage":"fr-FR","potentialAction":[{"@type":"ReadAction","target":["https:\/\/int.design\/fr\/projets\/marche-central-de-montreal\/"]}]},{"@type":"BreadcrumbList","@id":"https:\/\/int.design\/fr\/projets\/marche-central-de-montreal\/#breadcrumb","itemListElement":[{"@type":"ListItem","position":1,"name":"Home","item":"https:\/\/int.design\/fr\/"},{"@type":"ListItem","position":2,"name":"Projects","item":"https:\/\/int.design\/en\/projects\/"},{"@type":"ListItem","position":3,"name":"March\u00e9 central de Montr\u00e9al"}]},{"@type":"WebSite","@id":"https:\/\/int.design\/fr\/#website","url":"https:\/\/int.design\/fr\/","name":"INT Design","description":"","potentialAction":[{"@type":"SearchAction","target":{"@type":"EntryPoint","urlTemplate":"https:\/\/int.design\/fr\/?s={search_term_string}"},"query-input":"required name=search_term_string"}],"inLanguage":"fr-FR"}]}},"entry":{"cats":{"disciplines":[{"id":3797,"name":"Paysage &amp; Territoires"}],"big_cats":[],"sub_cats":[{"id":3809,"name":"Architecture de paysage - projet commercial &amp; de bureau","parent":3807}]},"entry":{"":null,"status":"completed","winner_title":"Version Paysage","winner_prize_lang":"fr","title_translatable":false,"title_en":"","title_fr":"","releve_award":false,"releve_award_cv":false,"collaboration":false,"collaboration_firms":false,"other_firms":[{"name":"Vision Art productions","website":"https:\/\/www.visionartproductions.com\/","category":"","category_tax":2756},{"name":"Aedifica","website":"https:\/\/aedifica.com\/","category":"","category_tax":2744},{"name":"Am\u00e9nagement C\u00f4t\u00e9-Jardin","website":"https:\/\/www.cotejardin.com\/","category":"","category_tax":2755}],"owner":{"name":"QuadReal Property Group","confidential":false,"website":"https:\/\/www.quadreal.com\/fr\/","contact_name":"","email":"","phone":""},"address":{"address":"","city":"Montreal","region":"Montr\u00e9al","province":"QC","country":"CA","postal_code":""},"logos":[{"image":{"ID":130937,"id":130937,"title":"20221111_LOGO VP","filename":"7_20221111LOGOVP-scaled.jpg","filesize":87009,"url":"https:\/\/d2q6z78khxmx42.cloudfront.net\/2024\/03\/7_20221111LOGOVP-scaled.jpg","link":"https:\/\/int.design\/fr\/projets\/marche-central-de-montreal\/20221111_logo-vp-4\/","alt":"","author":"804","description":"","caption":"","name":"20221111_logo-vp-4","status":"inherit","uploaded_to":129190,"date":"2024-03-26 15:32:38","modified":"2024-03-26 15:38:52","menu_order":0,"mime_type":"image\/jpeg","type":"image","subtype":"jpeg","icon":"https:\/\/int.design\/wp-includes\/images\/media\/default.png","width":2560,"height":392,"sizes":{"thumbnail":"https:\/\/d2q6z78khxmx42.cloudfront.net\/2024\/03\/7_20221111LOGOVP-150x150.jpg","thumbnail-width":150,"thumbnail-height":150,"medium":"https:\/\/d2q6z78khxmx42.cloudfront.net\/2024\/03\/7_20221111LOGOVP-300x46.jpg","medium-width":300,"medium-height":46,"medium_large":"https:\/\/d2q6z78khxmx42.cloudfront.net\/2024\/03\/7_20221111LOGOVP-768x118.jpg","medium_large-width":768,"medium_large-height":118,"large":"https:\/\/d2q6z78khxmx42.cloudfront.net\/2024\/03\/7_20221111LOGOVP-1024x157.jpg","large-width":1024,"large-height":157,"1536x1536":"https:\/\/d2q6z78khxmx42.cloudfront.net\/2024\/03\/7_20221111LOGOVP-1536x235.jpg","1536x1536-width":1536,"1536x1536-height":235,"2048x2048":"https:\/\/d2q6z78khxmx42.cloudfront.net\/2024\/03\/7_20221111LOGOVP-2048x313.jpg","2048x2048-width":2048,"2048x2048-height":313,"article":"https:\/\/d2q6z78khxmx42.cloudfront.net\/2024\/03\/7_20221111LOGOVP-960x399.jpg","article-width":960,"article-height":399,"banner":"https:\/\/d2q6z78khxmx42.cloudfront.net\/2024\/03\/7_20221111LOGOVP-1920x294.jpg","banner-width":1920,"banner-height":294,"block":"https:\/\/d2q6z78khxmx42.cloudfront.net\/2024\/03\/7_20221111LOGOVP-900x399.jpg","block-width":900,"block-height":399,"card":"https:\/\/d2q6z78khxmx42.cloudfront.net\/2024\/03\/7_20221111LOGOVP-560x399.jpg","card-width":560,"card-height":399,"card-thumbnail":"https:\/\/d2q6z78khxmx42.cloudfront.net\/2024\/03\/7_20221111LOGOVP-450x340.jpg","card-thumbnail-width":450,"card-thumbnail-height":340,"conference":"https:\/\/d2q6z78khxmx42.cloudfront.net\/2024\/03\/7_20221111LOGOVP-560x250.jpg","conference-width":560,"conference-height":250,"contest":"https:\/\/d2q6z78khxmx42.cloudfront.net\/2024\/03\/Rz5d4o71-7_20221111LOGOVP-960x399.jpg","contest-width":960,"contest-height":399,"cta":"https:\/\/d2q6z78khxmx42.cloudfront.net\/2024\/03\/7_20221111LOGOVP-415x170.jpg","cta-width":415,"cta-height":170,"exhibitor":"https:\/\/d2q6z78khxmx42.cloudfront.net\/2024\/03\/Rz5d4o71-7_20221111LOGOVP-560x399.jpg","exhibitor-width":560,"exhibitor-height":399,"gallery":"https:\/\/d2q6z78khxmx42.cloudfront.net\/2024\/03\/7_20221111LOGOVP-560x86.jpg","gallery-width":560,"gallery-height":86,"logo":"https:\/\/d2q6z78khxmx42.cloudfront.net\/2024\/03\/7_20221111LOGOVP-235x36.jpg","logo-width":235,"logo-height":36,"masonry":"https:\/\/d2q6z78khxmx42.cloudfront.net\/2024\/03\/7_20221111LOGOVP-550x84.jpg","masonry-width":550,"masonry-height":84,"modal":"https:\/\/d2q6z78khxmx42.cloudfront.net\/2024\/03\/Rz5d4o71-7_20221111LOGOVP-1920x294.jpg","modal-width":1920,"modal-height":294,"number":"https:\/\/d2q6z78khxmx42.cloudfront.net\/2024\/03\/Rz5d4o71-7_20221111LOGOVP-560x86.jpg","number-width":560,"number-height":86,"partner":"https:\/\/d2q6z78khxmx42.cloudfront.net\/2024\/03\/7_20221111LOGOVP-275x42.jpg","partner-width":275,"partner-height":42,"ranking":"https:\/\/d2q6z78khxmx42.cloudfront.net\/2024\/03\/Rz5d4o71-7_20221111LOGOVP-960x399.jpg","ranking-width":960,"ranking-height":399,"schedule":"https:\/\/d2q6z78khxmx42.cloudfront.net\/2024\/03\/7_20221111LOGOVP-960x360.jpg","schedule-width":960,"schedule-height":360,"slideshow":"https:\/\/d2q6z78khxmx42.cloudfront.net\/2024\/03\/7_20221111LOGOVP-scaled.jpg","slideshow-width":2560,"slideshow-height":392}},"file":false},{"image":{"ID":130938,"id":130938,"title":"LOGO VP -PNG","filename":"6_LOGOVP-PNG.png","filesize":43114,"url":"https:\/\/d2q6z78khxmx42.cloudfront.net\/2024\/03\/6_LOGOVP-PNG.png","link":"https:\/\/int.design\/fr\/projets\/marche-central-de-montreal\/logo-vp-png-2\/","alt":"","author":"804","description":"","caption":"","name":"logo-vp-png-2","status":"inherit","uploaded_to":129190,"date":"2024-03-26 15:32:55","modified":"2024-03-26 15:38:52","menu_order":0,"mime_type":"image\/png","type":"image","subtype":"png","icon":"https:\/\/int.design\/wp-includes\/images\/media\/default.png","width":2607,"height":399,"sizes":{"thumbnail":"https:\/\/d2q6z78khxmx42.cloudfront.net\/2024\/03\/6_LOGOVP-PNG-150x150.png","thumbnail-width":150,"thumbnail-height":150,"medium":"https:\/\/d2q6z78khxmx42.cloudfront.net\/2024\/03\/6_LOGOVP-PNG-300x46.png","medium-width":300,"medium-height":46,"medium_large":"https:\/\/d2q6z78khxmx42.cloudfront.net\/2024\/03\/6_LOGOVP-PNG-768x118.png","medium_large-width":768,"medium_large-height":118,"large":"https:\/\/d2q6z78khxmx42.cloudfront.net\/2024\/03\/6_LOGOVP-PNG-1024x157.png","large-width":1024,"large-height":157,"1536x1536":"https:\/\/d2q6z78khxmx42.cloudfront.net\/2024\/03\/6_LOGOVP-PNG-1536x235.png","1536x1536-width":1536,"1536x1536-height":235,"2048x2048":"https:\/\/d2q6z78khxmx42.cloudfront.net\/2024\/03\/6_LOGOVP-PNG-2048x313.png","2048x2048-width":2048,"2048x2048-height":313,"article":"https:\/\/d2q6z78khxmx42.cloudfront.net\/2024\/03\/6_LOGOVP-PNG-960x399.png","article-width":960,"article-height":399,"banner":"https:\/\/d2q6z78khxmx42.cloudfront.net\/2024\/03\/6_LOGOVP-PNG-1920x294.png","banner-width":1920,"banner-height":294,"block":"https:\/\/d2q6z78khxmx42.cloudfront.net\/2024\/03\/6_LOGOVP-PNG-900x399.png","block-width":900,"block-height":399,"card":"https:\/\/d2q6z78khxmx42.cloudfront.net\/2024\/03\/6_LOGOVP-PNG-560x399.png","card-width":560,"card-height":399,"card-thumbnail":"https:\/\/d2q6z78khxmx42.cloudfront.net\/2024\/03\/6_LOGOVP-PNG-450x340.png","card-thumbnail-width":450,"card-thumbnail-height":340,"conference":"https:\/\/d2q6z78khxmx42.cloudfront.net\/2024\/03\/6_LOGOVP-PNG-560x250.png","conference-width":560,"conference-height":250,"contest":"https:\/\/d2q6z78khxmx42.cloudfront.net\/2024\/03\/FgqK5xK6-6_LOGOVP-PNG-960x399.png","contest-width":960,"contest-height":399,"cta":"https:\/\/d2q6z78khxmx42.cloudfront.net\/2024\/03\/6_LOGOVP-PNG-415x170.png","cta-width":415,"cta-height":170,"exhibitor":"https:\/\/d2q6z78khxmx42.cloudfront.net\/2024\/03\/FgqK5xK6-6_LOGOVP-PNG-560x399.png","exhibitor-width":560,"exhibitor-height":399,"gallery":"https:\/\/d2q6z78khxmx42.cloudfront.net\/2024\/03\/6_LOGOVP-PNG-560x86.png","gallery-width":560,"gallery-height":86,"logo":"https:\/\/d2q6z78khxmx42.cloudfront.net\/2024\/03\/6_LOGOVP-PNG-235x36.png","logo-width":235,"logo-height":36,"masonry":"https:\/\/d2q6z78khxmx42.cloudfront.net\/2024\/03\/6_LOGOVP-PNG-550x84.png","masonry-width":550,"masonry-height":84,"modal":"https:\/\/d2q6z78khxmx42.cloudfront.net\/2024\/03\/FgqK5xK6-6_LOGOVP-PNG-1920x294.png","modal-width":1920,"modal-height":294,"number":"https:\/\/d2q6z78khxmx42.cloudfront.net\/2024\/03\/FgqK5xK6-6_LOGOVP-PNG-560x86.png","number-width":560,"number-height":86,"partner":"https:\/\/d2q6z78khxmx42.cloudfront.net\/2024\/03\/6_LOGOVP-PNG-275x42.png","partner-width":275,"partner-height":42,"ranking":"https:\/\/d2q6z78khxmx42.cloudfront.net\/2024\/03\/FgqK5xK6-6_LOGOVP-PNG-960x399.png","ranking-width":960,"ranking-height":399,"schedule":"https:\/\/d2q6z78khxmx42.cloudfront.net\/2024\/03\/6_LOGOVP-PNG-960x360.png","schedule-width":960,"schedule-height":360,"slideshow":"https:\/\/d2q6z78khxmx42.cloudfront.net\/2024\/03\/6_LOGOVP-PNG.png","slideshow-width":2607,"slideshow-height":399}},"file":false}],"use_logo":false,"designers":[{"name":"Wissam Dib","credit":"Vision Art Productions","image":{"ID":130944,"id":130944,"title":"WISSAM DIB","filename":"WISSAMDIB-scaled.jpg","filesize":571425,"url":"https:\/\/d2q6z78khxmx42.cloudfront.net\/2024\/03\/WISSAMDIB-scaled.jpg","link":"https:\/\/int.design\/fr\/projets\/marche-central-de-montreal\/wissam-dib\/","alt":"","author":"804","description":"","caption":"","name":"wissam-dib","status":"inherit","uploaded_to":129190,"date":"2024-03-26 15:33:40","modified":"2024-03-26 15:38:52","menu_order":0,"mime_type":"image\/jpeg","type":"image","subtype":"jpeg","icon":"https:\/\/int.design\/wp-includes\/images\/media\/default.png","width":1829,"height":2560,"sizes":{"thumbnail":"https:\/\/d2q6z78khxmx42.cloudfront.net\/2024\/03\/WISSAMDIB-150x150.jpg","thumbnail-width":150,"thumbnail-height":150,"medium":"https:\/\/d2q6z78khxmx42.cloudfront.net\/2024\/03\/WISSAMDIB-214x300.jpg","medium-width":214,"medium-height":300,"medium_large":"https:\/\/d2q6z78khxmx42.cloudfront.net\/2024\/03\/WISSAMDIB-768x1075.jpg","medium_large-width":768,"medium_large-height":1075,"large":"https:\/\/d2q6z78khxmx42.cloudfront.net\/2024\/03\/WISSAMDIB-731x1024.jpg","large-width":731,"large-height":1024,"1536x1536":"https:\/\/d2q6z78khxmx42.cloudfront.net\/2024\/03\/WISSAMDIB-1097x1536.jpg","1536x1536-width":1097,"1536x1536-height":1536,"2048x2048":"https:\/\/d2q6z78khxmx42.cloudfront.net\/2024\/03\/WISSAMDIB-1463x2048.jpg","2048x2048-width":1463,"2048x2048-height":2048,"article":"https:\/\/d2q6z78khxmx42.cloudfront.net\/2024\/03\/WISSAMDIB-960x540.jpg","article-width":960,"article-height":540,"banner":"https:\/\/d2q6z78khxmx42.cloudfront.net\/2024\/03\/WISSAMDIB-1920x2688.jpg","banner-width":1920,"banner-height":2688,"block":"https:\/\/d2q6z78khxmx42.cloudfront.net\/2024\/03\/WISSAMDIB-900x680.jpg","block-width":900,"block-height":680,"card":"https:\/\/d2q6z78khxmx42.cloudfront.net\/2024\/03\/WISSAMDIB-560x495.jpg","card-width":560,"card-height":495,"card-thumbnail":"https:\/\/d2q6z78khxmx42.cloudfront.net\/2024\/03\/WISSAMDIB-450x340.jpg","card-thumbnail-width":450,"card-thumbnail-height":340,"conference":"https:\/\/d2q6z78khxmx42.cloudfront.net\/2024\/03\/WISSAMDIB-560x250.jpg","conference-width":560,"conference-height":250,"contest":"https:\/\/d2q6z78khxmx42.cloudfront.net\/2024\/03\/WISSAMDIB-960x400.jpg","contest-width":960,"contest-height":400,"cta":"https:\/\/d2q6z78khxmx42.cloudfront.net\/2024\/03\/WISSAMDIB-415x170.jpg","cta-width":415,"cta-height":170,"exhibitor":"https:\/\/d2q6z78khxmx42.cloudfront.net\/2024\/03\/WISSAMDIB-560x560.jpg","exhibitor-width":560,"exhibitor-height":560,"gallery":"https:\/\/d2q6z78khxmx42.cloudfront.net\/2024\/03\/WISSAMDIB-307x430.jpg","gallery-width":307,"gallery-height":430,"logo":"https:\/\/d2q6z78khxmx42.cloudfront.net\/2024\/03\/WISSAMDIB-71x100.jpg","logo-width":71,"logo-height":100,"masonry":"https:\/\/d2q6z78khxmx42.cloudfront.net\/2024\/03\/WISSAMDIB-550x770.jpg","masonry-width":550,"masonry-height":770,"modal":"https:\/\/d2q6z78khxmx42.cloudfront.net\/2024\/03\/WISSAMDIB-1371x1920.jpg","modal-width":1371,"modal-height":1920,"number":"https:\/\/d2q6z78khxmx42.cloudfront.net\/2024\/03\/MRJZ6lRj-WISSAMDIB-307x430.jpg","number-width":307,"number-height":430,"partner":"https:\/\/d2q6z78khxmx42.cloudfront.net\/2024\/03\/WISSAMDIB-150x210.jpg","partner-width":150,"partner-height":210,"ranking":"https:\/\/d2q6z78khxmx42.cloudfront.net\/2024\/03\/MRJZ6lRj-WISSAMDIB-960x540.jpg","ranking-width":960,"ranking-height":540,"schedule":"https:\/\/d2q6z78khxmx42.cloudfront.net\/2024\/03\/WISSAMDIB-960x360.jpg","schedule-width":960,"schedule-height":360,"slideshow":"https:\/\/d2q6z78khxmx42.cloudfront.net\/2024\/03\/WISSAMDIB-486x680.jpg","slideshow-width":486,"slideshow-height":680}},"file":false}],"cover":[{"categories":[3809],"credit":"Vision Art Productions","image":{"ID":130953,"id":130953,"title":"Marche Central 05","filename":"MarcheCentral05-scaled.jpg","filesize":688554,"url":"https:\/\/d2q6z78khxmx42.cloudfront.net\/2024\/03\/MarcheCentral05-scaled.jpg","link":"https:\/\/int.design\/fr\/projets\/marche-central-de-montreal\/marche-central-05\/","alt":"","author":"804","description":"Montreal Central Market Version Paysage   ","caption":"","name":"marche-central-05","status":"inherit","uploaded_to":129190,"date":"2024-03-26 15:36:51","modified":"2024-08-20 21:17:29","menu_order":0,"mime_type":"image\/jpeg","type":"image","subtype":"jpeg","icon":"https:\/\/int.design\/wp-includes\/images\/media\/default.png","width":2560,"height":1440,"sizes":{"thumbnail":"https:\/\/d2q6z78khxmx42.cloudfront.net\/2024\/03\/MarcheCentral05-150x150.jpg","thumbnail-width":150,"thumbnail-height":150,"medium":"https:\/\/d2q6z78khxmx42.cloudfront.net\/2024\/03\/MarcheCentral05-300x169.jpg","medium-width":300,"medium-height":169,"medium_large":"https:\/\/d2q6z78khxmx42.cloudfront.net\/2024\/03\/MarcheCentral05-768x432.jpg","medium_large-width":768,"medium_large-height":432,"large":"https:\/\/d2q6z78khxmx42.cloudfront.net\/2024\/03\/MarcheCentral05-1024x576.jpg","large-width":1024,"large-height":576,"1536x1536":"https:\/\/d2q6z78khxmx42.cloudfront.net\/2024\/03\/MarcheCentral05-1536x864.jpg","1536x1536-width":1536,"1536x1536-height":864,"2048x2048":"https:\/\/d2q6z78khxmx42.cloudfront.net\/2024\/03\/MarcheCentral05-2048x1152.jpg","2048x2048-width":2048,"2048x2048-height":1152,"article":"https:\/\/d2q6z78khxmx42.cloudfront.net\/2024\/03\/MarcheCentral05-960x540.jpg","article-width":960,"article-height":540,"banner":"https:\/\/d2q6z78khxmx42.cloudfront.net\/2024\/03\/MarcheCentral05-1920x1080.jpg","banner-width":1920,"banner-height":1080,"block":"https:\/\/d2q6z78khxmx42.cloudfront.net\/2024\/03\/MarcheCentral05-900x680.jpg","block-width":900,"block-height":680,"card":"https:\/\/d2q6z78khxmx42.cloudfront.net\/2024\/03\/MarcheCentral05-560x495.jpg","card-width":560,"card-height":495,"card-thumbnail":"https:\/\/d2q6z78khxmx42.cloudfront.net\/2024\/03\/MarcheCentral05-450x340.jpg","card-thumbnail-width":450,"card-thumbnail-height":340,"conference":"https:\/\/d2q6z78khxmx42.cloudfront.net\/2024\/03\/MarcheCentral05-560x250.jpg","conference-width":560,"conference-height":250,"contest":"https:\/\/d2q6z78khxmx42.cloudfront.net\/2024\/03\/MarcheCentral05-960x400.jpg","contest-width":960,"contest-height":400,"cta":"https:\/\/d2q6z78khxmx42.cloudfront.net\/2024\/03\/MarcheCentral05-415x170.jpg","cta-width":415,"cta-height":170,"exhibitor":"https:\/\/d2q6z78khxmx42.cloudfront.net\/2024\/03\/MarcheCentral05-560x560.jpg","exhibitor-width":560,"exhibitor-height":560,"gallery":"https:\/\/d2q6z78khxmx42.cloudfront.net\/2024\/03\/MarcheCentral05-560x315.jpg","gallery-width":560,"gallery-height":315,"logo":"https:\/\/d2q6z78khxmx42.cloudfront.net\/2024\/03\/MarcheCentral05-178x100.jpg","logo-width":178,"logo-height":100,"masonry":"https:\/\/d2q6z78khxmx42.cloudfront.net\/2024\/03\/MarcheCentral05-550x309.jpg","masonry-width":550,"masonry-height":309,"modal":"https:\/\/d2q6z78khxmx42.cloudfront.net\/2024\/03\/jxKtXPLQ-MarcheCentral05-1920x1080.jpg","modal-width":1920,"modal-height":1080,"number":"https:\/\/d2q6z78khxmx42.cloudfront.net\/2024\/03\/jxKtXPLQ-MarcheCentral05-560x315.jpg","number-width":560,"number-height":315,"partner":"https:\/\/d2q6z78khxmx42.cloudfront.net\/2024\/03\/MarcheCentral05-275x155.jpg","partner-width":275,"partner-height":155,"ranking":"https:\/\/d2q6z78khxmx42.cloudfront.net\/2024\/03\/jxKtXPLQ-MarcheCentral05-960x540.jpg","ranking-width":960,"ranking-height":540,"schedule":"https:\/\/d2q6z78khxmx42.cloudfront.net\/2024\/03\/MarcheCentral05-960x360.jpg","schedule-width":960,"schedule-height":360,"slideshow":"https:\/\/d2q6z78khxmx42.cloudfront.net\/2024\/03\/MarcheCentral05-1209x680.jpg","slideshow-width":1209,"slideshow-height":680}},"filters":false,"suppliers":false,"attachment_category":{"995":"Paysage","557":"Paysage - Commercial &amp; public"}}],"images":[{"categories":[3809],"credit":"Vision Art Productions","image":{"ID":130955,"id":130955,"title":"Marche Central 03","filename":"MarcheCentral03-scaled.jpg","filesize":1054628,"url":"https:\/\/d2q6z78khxmx42.cloudfront.net\/2024\/03\/MarcheCentral03-scaled.jpg","link":"https:\/\/int.design\/fr\/projets\/marche-central-de-montreal\/marche-central-03\/","alt":"","author":"804","description":"Montreal Central Market Version Paysage   ","caption":"","name":"marche-central-03","status":"inherit","uploaded_to":129190,"date":"2024-03-26 15:37:24","modified":"2024-08-20 21:17:29","menu_order":0,"mime_type":"image\/jpeg","type":"image","subtype":"jpeg","icon":"https:\/\/int.design\/wp-includes\/images\/media\/default.png","width":2560,"height":1920,"sizes":{"thumbnail":"https:\/\/d2q6z78khxmx42.cloudfront.net\/2024\/03\/MarcheCentral03-150x150.jpg","thumbnail-width":150,"thumbnail-height":150,"medium":"https:\/\/d2q6z78khxmx42.cloudfront.net\/2024\/03\/MarcheCentral03-300x225.jpg","medium-width":300,"medium-height":225,"medium_large":"https:\/\/d2q6z78khxmx42.cloudfront.net\/2024\/03\/MarcheCentral03-768x576.jpg","medium_large-width":768,"medium_large-height":576,"large":"https:\/\/d2q6z78khxmx42.cloudfront.net\/2024\/03\/MarcheCentral03-1024x768.jpg","large-width":1024,"large-height":768,"1536x1536":"https:\/\/d2q6z78khxmx42.cloudfront.net\/2024\/03\/MarcheCentral03-1536x1152.jpg","1536x1536-width":1536,"1536x1536-height":1152,"2048x2048":"https:\/\/d2q6z78khxmx42.cloudfront.net\/2024\/03\/MarcheCentral03-2048x1536.jpg","2048x2048-width":2048,"2048x2048-height":1536,"article":"https:\/\/d2q6z78khxmx42.cloudfront.net\/2024\/03\/MarcheCentral03-960x540.jpg","article-width":960,"article-height":540,"banner":"https:\/\/d2q6z78khxmx42.cloudfront.net\/2024\/03\/MarcheCentral03-1920x1440.jpg","banner-width":1920,"banner-height":1440,"block":"https:\/\/d2q6z78khxmx42.cloudfront.net\/2024\/03\/MarcheCentral03-900x680.jpg","block-width":900,"block-height":680,"card":"https:\/\/d2q6z78khxmx42.cloudfront.net\/2024\/03\/MarcheCentral03-560x495.jpg","card-width":560,"card-height":495,"card-thumbnail":"https:\/\/d2q6z78khxmx42.cloudfront.net\/2024\/03\/MarcheCentral03-450x340.jpg","card-thumbnail-width":450,"card-thumbnail-height":340,"conference":"https:\/\/d2q6z78khxmx42.cloudfront.net\/2024\/03\/MarcheCentral03-560x250.jpg","conference-width":560,"conference-height":250,"contest":"https:\/\/d2q6z78khxmx42.cloudfront.net\/2024\/03\/MarcheCentral03-960x400.jpg","contest-width":960,"contest-height":400,"cta":"https:\/\/d2q6z78khxmx42.cloudfront.net\/2024\/03\/MarcheCentral03-415x170.jpg","cta-width":415,"cta-height":170,"exhibitor":"https:\/\/d2q6z78khxmx42.cloudfront.net\/2024\/03\/MarcheCentral03-560x560.jpg","exhibitor-width":560,"exhibitor-height":560,"gallery":"https:\/\/d2q6z78khxmx42.cloudfront.net\/2024\/03\/MarcheCentral03-560x420.jpg","gallery-width":560,"gallery-height":420,"logo":"https:\/\/d2q6z78khxmx42.cloudfront.net\/2024\/03\/MarcheCentral03-133x100.jpg","logo-width":133,"logo-height":100,"masonry":"https:\/\/d2q6z78khxmx42.cloudfront.net\/2024\/03\/MarcheCentral03-550x413.jpg","masonry-width":550,"masonry-height":413,"modal":"https:\/\/d2q6z78khxmx42.cloudfront.net\/2024\/03\/27C2Opwr-MarcheCentral03-1920x1440.jpg","modal-width":1920,"modal-height":1440,"number":"https:\/\/d2q6z78khxmx42.cloudfront.net\/2024\/03\/27C2Opwr-MarcheCentral03-560x420.jpg","number-width":560,"number-height":420,"partner":"https:\/\/d2q6z78khxmx42.cloudfront.net\/2024\/03\/MarcheCentral03-275x206.jpg","partner-width":275,"partner-height":206,"ranking":"https:\/\/d2q6z78khxmx42.cloudfront.net\/2024\/03\/27C2Opwr-MarcheCentral03-960x540.jpg","ranking-width":960,"ranking-height":540,"schedule":"https:\/\/d2q6z78khxmx42.cloudfront.net\/2024\/03\/MarcheCentral03-960x360.jpg","schedule-width":960,"schedule-height":360,"slideshow":"https:\/\/d2q6z78khxmx42.cloudfront.net\/2024\/03\/MarcheCentral03-907x680.jpg","slideshow-width":907,"slideshow-height":680}},"filters":false,"suppliers":false,"attachment_category":[]},{"categories":[3809],"credit":"Vision Art Productions","image":{"ID":130957,"id":130957,"title":"Marche Central 02","filename":"MarcheCentral02-scaled.jpg","filesize":993604,"url":"https:\/\/d2q6z78khxmx42.cloudfront.net\/2024\/03\/MarcheCentral02-scaled.jpg","link":"https:\/\/int.design\/fr\/projets\/marche-central-de-montreal\/marche-central-02\/","alt":"","author":"804","description":"Montreal Central Market Version Paysage   ","caption":"","name":"marche-central-02","status":"inherit","uploaded_to":129190,"date":"2024-03-26 15:37:44","modified":"2024-08-20 21:17:29","menu_order":0,"mime_type":"image\/jpeg","type":"image","subtype":"jpeg","icon":"https:\/\/int.design\/wp-includes\/images\/media\/default.png","width":2560,"height":1920,"sizes":{"thumbnail":"https:\/\/d2q6z78khxmx42.cloudfront.net\/2024\/03\/MarcheCentral02-150x150.jpg","thumbnail-width":150,"thumbnail-height":150,"medium":"https:\/\/d2q6z78khxmx42.cloudfront.net\/2024\/03\/MarcheCentral02-300x225.jpg","medium-width":300,"medium-height":225,"medium_large":"https:\/\/d2q6z78khxmx42.cloudfront.net\/2024\/03\/MarcheCentral02-768x576.jpg","medium_large-width":768,"medium_large-height":576,"large":"https:\/\/d2q6z78khxmx42.cloudfront.net\/2024\/03\/MarcheCentral02-1024x768.jpg","large-width":1024,"large-height":768,"1536x1536":"https:\/\/d2q6z78khxmx42.cloudfront.net\/2024\/03\/MarcheCentral02-1536x1152.jpg","1536x1536-width":1536,"1536x1536-height":1152,"2048x2048":"https:\/\/d2q6z78khxmx42.cloudfront.net\/2024\/03\/MarcheCentral02-2048x1536.jpg","2048x2048-width":2048,"2048x2048-height":1536,"article":"https:\/\/d2q6z78khxmx42.cloudfront.net\/2024\/03\/MarcheCentral02-960x540.jpg","article-width":960,"article-height":540,"banner":"https:\/\/d2q6z78khxmx42.cloudfront.net\/2024\/03\/MarcheCentral02-1920x1440.jpg","banner-width":1920,"banner-height":1440,"block":"https:\/\/d2q6z78khxmx42.cloudfront.net\/2024\/03\/MarcheCentral02-900x680.jpg","block-width":900,"block-height":680,"card":"https:\/\/d2q6z78khxmx42.cloudfront.net\/2024\/03\/MarcheCentral02-560x495.jpg","card-width":560,"card-height":495,"card-thumbnail":"https:\/\/d2q6z78khxmx42.cloudfront.net\/2024\/03\/MarcheCentral02-450x340.jpg","card-thumbnail-width":450,"card-thumbnail-height":340,"conference":"https:\/\/d2q6z78khxmx42.cloudfront.net\/2024\/03\/MarcheCentral02-560x250.jpg","conference-width":560,"conference-height":250,"contest":"https:\/\/d2q6z78khxmx42.cloudfront.net\/2024\/03\/MarcheCentral02-960x400.jpg","contest-width":960,"contest-height":400,"cta":"https:\/\/d2q6z78khxmx42.cloudfront.net\/2024\/03\/MarcheCentral02-415x170.jpg","cta-width":415,"cta-height":170,"exhibitor":"https:\/\/d2q6z78khxmx42.cloudfront.net\/2024\/03\/MarcheCentral02-560x560.jpg","exhibitor-width":560,"exhibitor-height":560,"gallery":"https:\/\/d2q6z78khxmx42.cloudfront.net\/2024\/03\/MarcheCentral02-560x420.jpg","gallery-width":560,"gallery-height":420,"logo":"https:\/\/d2q6z78khxmx42.cloudfront.net\/2024\/03\/MarcheCentral02-133x100.jpg","logo-width":133,"logo-height":100,"masonry":"https:\/\/d2q6z78khxmx42.cloudfront.net\/2024\/03\/MarcheCentral02-550x413.jpg","masonry-width":550,"masonry-height":413,"modal":"https:\/\/d2q6z78khxmx42.cloudfront.net\/2024\/03\/07XOXCQK-MarcheCentral02-1920x1440.jpg","modal-width":1920,"modal-height":1440,"number":"https:\/\/d2q6z78khxmx42.cloudfront.net\/2024\/03\/07XOXCQK-MarcheCentral02-560x420.jpg","number-width":560,"number-height":420,"partner":"https:\/\/d2q6z78khxmx42.cloudfront.net\/2024\/03\/MarcheCentral02-275x206.jpg","partner-width":275,"partner-height":206,"ranking":"https:\/\/d2q6z78khxmx42.cloudfront.net\/2024\/03\/07XOXCQK-MarcheCentral02-960x540.jpg","ranking-width":960,"ranking-height":540,"schedule":"https:\/\/d2q6z78khxmx42.cloudfront.net\/2024\/03\/MarcheCentral02-960x360.jpg","schedule-width":960,"schedule-height":360,"slideshow":"https:\/\/d2q6z78khxmx42.cloudfront.net\/2024\/03\/MarcheCentral02-907x680.jpg","slideshow-width":907,"slideshow-height":680}},"filters":false,"suppliers":false,"attachment_category":[]},{"categories":[3809],"credit":"Vision Art Productions","image":{"ID":130958,"id":130958,"title":"Marche Central 01","filename":"MarcheCentral01-scaled.jpg","filesize":1330245,"url":"https:\/\/d2q6z78khxmx42.cloudfront.net\/2024\/03\/MarcheCentral01-scaled.jpg","link":"https:\/\/int.design\/fr\/projets\/marche-central-de-montreal\/marche-central-01\/","alt":"","author":"804","description":"Montreal Central Market Version Paysage   ","caption":"","name":"marche-central-01","status":"inherit","uploaded_to":129190,"date":"2024-03-26 15:38:03","modified":"2024-08-20 21:17:29","menu_order":0,"mime_type":"image\/jpeg","type":"image","subtype":"jpeg","icon":"https:\/\/int.design\/wp-includes\/images\/media\/default.png","width":2560,"height":1920,"sizes":{"thumbnail":"https:\/\/d2q6z78khxmx42.cloudfront.net\/2024\/03\/MarcheCentral01-150x150.jpg","thumbnail-width":150,"thumbnail-height":150,"medium":"https:\/\/d2q6z78khxmx42.cloudfront.net\/2024\/03\/MarcheCentral01-300x225.jpg","medium-width":300,"medium-height":225,"medium_large":"https:\/\/d2q6z78khxmx42.cloudfront.net\/2024\/03\/MarcheCentral01-768x576.jpg","medium_large-width":768,"medium_large-height":576,"large":"https:\/\/d2q6z78khxmx42.cloudfront.net\/2024\/03\/MarcheCentral01-1024x768.jpg","large-width":1024,"large-height":768,"1536x1536":"https:\/\/d2q6z78khxmx42.cloudfront.net\/2024\/03\/MarcheCentral01-1536x1152.jpg","1536x1536-width":1536,"1536x1536-height":1152,"2048x2048":"https:\/\/d2q6z78khxmx42.cloudfront.net\/2024\/03\/MarcheCentral01-2048x1536.jpg","2048x2048-width":2048,"2048x2048-height":1536,"article":"https:\/\/d2q6z78khxmx42.cloudfront.net\/2024\/03\/MarcheCentral01-960x540.jpg","article-width":960,"article-height":540,"banner":"https:\/\/d2q6z78khxmx42.cloudfront.net\/2024\/03\/MarcheCentral01-1920x1440.jpg","banner-width":1920,"banner-height":1440,"block":"https:\/\/d2q6z78khxmx42.cloudfront.net\/2024\/03\/MarcheCentral01-900x680.jpg","block-width":900,"block-height":680,"card":"https:\/\/d2q6z78khxmx42.cloudfront.net\/2024\/03\/MarcheCentral01-560x495.jpg","card-width":560,"card-height":495,"card-thumbnail":"https:\/\/d2q6z78khxmx42.cloudfront.net\/2024\/03\/MarcheCentral01-450x340.jpg","card-thumbnail-width":450,"card-thumbnail-height":340,"conference":"https:\/\/d2q6z78khxmx42.cloudfront.net\/2024\/03\/MarcheCentral01-560x250.jpg","conference-width":560,"conference-height":250,"contest":"https:\/\/d2q6z78khxmx42.cloudfront.net\/2024\/03\/MarcheCentral01-960x400.jpg","contest-width":960,"contest-height":400,"cta":"https:\/\/d2q6z78khxmx42.cloudfront.net\/2024\/03\/MarcheCentral01-415x170.jpg","cta-width":415,"cta-height":170,"exhibitor":"https:\/\/d2q6z78khxmx42.cloudfront.net\/2024\/03\/MarcheCentral01-560x560.jpg","exhibitor-width":560,"exhibitor-height":560,"gallery":"https:\/\/d2q6z78khxmx42.cloudfront.net\/2024\/03\/MarcheCentral01-560x420.jpg","gallery-width":560,"gallery-height":420,"logo":"https:\/\/d2q6z78khxmx42.cloudfront.net\/2024\/03\/MarcheCentral01-133x100.jpg","logo-width":133,"logo-height":100,"masonry":"https:\/\/d2q6z78khxmx42.cloudfront.net\/2024\/03\/MarcheCentral01-550x413.jpg","masonry-width":550,"masonry-height":413,"modal":"https:\/\/d2q6z78khxmx42.cloudfront.net\/2024\/03\/Nhp4LiXm-MarcheCentral01-1920x1440.jpg","modal-width":1920,"modal-height":1440,"number":"https:\/\/d2q6z78khxmx42.cloudfront.net\/2024\/03\/Nhp4LiXm-MarcheCentral01-560x420.jpg","number-width":560,"number-height":420,"partner":"https:\/\/d2q6z78khxmx42.cloudfront.net\/2024\/03\/MarcheCentral01-275x206.jpg","partner-width":275,"partner-height":206,"ranking":"https:\/\/d2q6z78khxmx42.cloudfront.net\/2024\/03\/Nhp4LiXm-MarcheCentral01-960x540.jpg","ranking-width":960,"ranking-height":540,"schedule":"https:\/\/d2q6z78khxmx42.cloudfront.net\/2024\/03\/MarcheCentral01-960x360.jpg","schedule-width":960,"schedule-height":360,"slideshow":"https:\/\/d2q6z78khxmx42.cloudfront.net\/2024\/03\/MarcheCentral01-907x680.jpg","slideshow-width":907,"slideshow-height":680}},"filters":false,"suppliers":false,"attachment_category":[]}],"mandatory_documents":[{"name":"Vid\u00e9o en vue de drone","file":{"ID":130967,"id":130967,"title":"VP Overview Projet Marche Central - V01","filename":"VPOverviewProjetMarcheCentral-V01.mp4","filesize":78555538,"url":"https:\/\/d2q6z78khxmx42.cloudfront.net\/2024\/03\/VPOverviewProjetMarcheCentral-V01.mp4","link":"https:\/\/int.design\/fr\/projets\/marche-central-de-montreal\/vp-overview-projet-marche-central-v01\/","alt":"","author":"804","description":"","caption":"","name":"vp-overview-projet-marche-central-v01","status":"inherit","uploaded_to":129190,"date":"2024-03-26 15:40:09","modified":"2024-03-26 15:44:20","menu_order":0,"mime_type":"video\/mp4","type":"video","subtype":"mp4","icon":"https:\/\/int.design\/wp-includes\/images\/media\/video.png","width":1920,"height":1080}}],"optional_documents":false,"web_text":{"fr":"","en":"","original":"<p>Le projet March\u00e9 Central illustre une transformation visionnaire d\u2019un ancien site industriel en un stationnement commercial verdoyant qui int\u00e8gre les meilleures pratiques de d\u00e9veloppement durable. Contrairement aux stationnements asphalt\u00e9s qui cr\u00e9ent des dents creuses dans le d\u00e9veloppement urbain, ce projet est un exemple d\u2019\u00e9quilibre entre utilit\u00e9 v\u00e9hiculaire et int\u00e9gration paysag\u00e8re.<\/p>\n<p>Ce projet ambitieux a donn\u00e9 naissance \u00e0 des coul\u00e9es vertes de 12 m\u00e8tres de large, qui serpentent \u00e0 travers les \u00eelots de stationnement. Ces art\u00e8res verdoyantes cr\u00e9ent une zone tampon vivante entre les espaces de circulation automobile, offrant aux pi\u00e9tons une exp\u00e9rience immersive. De plus, ces coul\u00e9es vertes ont aussi une fonction \u00e9cologique puisqu\u2019elles int\u00e8grent des bassins de r\u00e9tention et d\u2019infiltration pour maximiser l\u2019absorption des eaux pluviales et minimiser le ruissellement.<\/p>\n<p>La premi\u00e8re phase du projet a permis la plantation de plus de 600 arbres, \u00e9tablissant un \u00e9cosyst\u00e8me robuste et un paysage accueillant. En compl\u00e9ment, plus de 10 000 arbustes, vivaces et gramin\u00e9es ont \u00e9t\u00e9 plant\u00e9s au sein des coul\u00e9es vertes, formant un tapis v\u00e9g\u00e9tal dense et diversifi\u00e9. Cette nouvelle biodiversit\u00e9 v\u00e9g\u00e9tale va permettre de cr\u00e9er des zones de refuge pour la faune et d\u2019attirer les abeilles, les papillons et les oiseaux.<\/p>\n<p>Une strat\u00e9gie d\u2019\u00e9clairage innovante a \u00e9t\u00e9 \u00e9labor\u00e9e en collaboration avec des experts, pour illuminer le site d\u2019une lumi\u00e8re douce et respectueuse du ciel nocturne, \u00e9vitant toute pollution lumineuse. L\u2019int\u00e9gration soign\u00e9e de mobilier urbain enrichit l\u2019exp\u00e9rience des usagers, tandis qu\u2019un trac\u00e9 pi\u00e9ton s\u00e9curis\u00e9 invite \u00e0 la d\u00e9couverte d\u2019une exp\u00e9rience paysag\u00e8re unique, o\u00f9 chaque pas est en harmonie avec la nature.<\/p>\n"},"jury_text":[{"category":3809,"fr":"","en":"","original":"<p>Le projet March\u00e9 Central illustre une transformation visionnaire d\u2019un ancien site industriel en un stationnement commercial verdoyant qui int\u00e8gre les meilleures pratiques de d\u00e9veloppement durable. Contrairement aux stationnements asphalt\u00e9s qui cr\u00e9ent des dents creuses dans le d\u00e9veloppement urbain, ce projet est un exemple d\u2019\u00e9quilibre entre utilit\u00e9 v\u00e9hiculaire et int\u00e9gration paysag\u00e8re.<\/p>\n<p>Ce projet ambitieux a donn\u00e9 naissance \u00e0 des coul\u00e9es vertes de 12 m\u00e8tres de large, qui serpentent \u00e0 travers les \u00eelots de stationnement. Ces art\u00e8res verdoyantes cr\u00e9ent une zone tampon vivante entre les espaces de circulation automobile, offrant aux pi\u00e9tons une exp\u00e9rience immersive. De plus, ces coul\u00e9es vertes ont aussi une fonction \u00e9cologique puisqu\u2019elles int\u00e8grent des bassins de r\u00e9tention et d\u2019infiltration pour maximiser l\u2019absorption des eaux pluviales et minimiser le ruissellement.<\/p>\n<p>La premi\u00e8re phase du projet a permis la plantation de plus de 600 arbres, \u00e9tablissant un \u00e9cosyst\u00e8me robuste et un paysage accueillant. En compl\u00e9ment, plus de 10 000 arbustes, vivaces et gramin\u00e9es ont \u00e9t\u00e9 plant\u00e9s au sein des coul\u00e9es vertes, formant un tapis v\u00e9g\u00e9tal dense et diversifi\u00e9. Cette nouvelle biodiversit\u00e9 v\u00e9g\u00e9tale va permettre de cr\u00e9er des zones de refuge pour la faune et d\u2019attirer les abeilles, les papillons et les oiseaux.<\/p>\n<p>Une strat\u00e9gie d\u2019\u00e9clairage innovante a \u00e9t\u00e9 \u00e9labor\u00e9e en collaboration avec des experts, pour illuminer le site d\u2019une lumi\u00e8re douce et respectueuse du ciel nocturne, \u00e9vitant toute pollution lumineuse. L\u2019int\u00e9gration soign\u00e9e de mobilier urbain enrichit l\u2019exp\u00e9rience des usagers, tandis qu\u2019un trac\u00e9 pi\u00e9ton s\u00e9curis\u00e9 invite \u00e0 la d\u00e9couverte d\u2019une exp\u00e9rience paysag\u00e8re unique, o\u00f9 chaque pas est en harmonie avec la nature.<\/p>\n"}],"different_jury_text":false,"different_category_text":false},"laureats":[{"cat_id":3809,"cat_id_laureat":4024,"laureat":"Certification Argent"}],"contest_id":"119061","contest_title":"GRANDS PRIX DU DESIGN \u2013 17e \u00e9dition","firms":[{"name":"Vision Art productions","website":"https:\/\/www.visionartproductions.com\/","category":"","category_tax":2756,"category_label":"Photographe"},{"name":"Aedifica","website":"https:\/\/aedifica.com\/","category":"","category_tax":2744,"category_label":"Architecte"},{"name":"Am\u00e9nagement C\u00f4t\u00e9-Jardin","website":"https:\/\/www.cotejardin.com\/","category":"","category_tax":2755,"category_label":"Paysagiste"}],"user":{"email":"w.dib@versionpaysage.ca","first_name":"Wissam","last_name":"Dib"},"doc_texts_web":{"fr":"<p>Le projet March\u00e9 Central illustre une transformation visionnaire d\u2019un ancien site industriel en un stationnement commercial verdoyant qui int\u00e8gre les meilleures pratiques de d\u00e9veloppement durable. Contrairement aux stationnements asphalt\u00e9s qui cr\u00e9ent des dents creuses dans le d\u00e9veloppement urbain, ce projet est un exemple d\u2019\u00e9quilibre entre utilit\u00e9 v\u00e9hiculaire et int\u00e9gration paysag\u00e8re.<\/p>\n<p>Ce projet ambitieux a donn\u00e9 naissance \u00e0 des coul\u00e9es vertes de 12 m\u00e8tres de large, qui serpentent \u00e0 travers les \u00eelots de stationnement. Ces art\u00e8res verdoyantes cr\u00e9ent une zone tampon vivante entre les espaces de circulation automobile, offrant aux pi\u00e9tons une exp\u00e9rience immersive. De plus, ces coul\u00e9es vertes ont aussi une fonction \u00e9cologique puisqu\u2019elles int\u00e8grent des bassins de r\u00e9tention et d\u2019infiltration pour maximiser l\u2019absorption des eaux pluviales et minimiser le ruissellement.<\/p>\n<p>La premi\u00e8re phase du projet a permis la plantation de plus de 600 arbres, \u00e9tablissant un \u00e9cosyst\u00e8me robuste et un paysage accueillant. En compl\u00e9ment, plus de 10 000 arbustes, vivaces et gramin\u00e9es ont \u00e9t\u00e9 plant\u00e9s au sein des coul\u00e9es vertes, formant un tapis v\u00e9g\u00e9tal dense et diversifi\u00e9. Cette nouvelle biodiversit\u00e9 v\u00e9g\u00e9tale va permettre de cr\u00e9er des zones de refuge pour la faune et d\u2019attirer les abeilles, les papillons et les oiseaux.<\/p>\n<p>Une strat\u00e9gie d\u2019\u00e9clairage innovante a \u00e9t\u00e9 \u00e9labor\u00e9e en collaboration avec des experts, pour illuminer le site d\u2019une lumi\u00e8re douce et respectueuse du ciel nocturne, \u00e9vitant toute pollution lumineuse. L\u2019int\u00e9gration soign\u00e9e de mobilier urbain enrichit l\u2019exp\u00e9rience des usagers, tandis qu\u2019un trac\u00e9 pi\u00e9ton s\u00e9curis\u00e9 invite \u00e0 la d\u00e9couverte d\u2019une exp\u00e9rience paysag\u00e8re unique, o\u00f9 chaque pas est en harmonie avec la nature.<\/p>\n","en":"<p>The March\u00e9 Central project illustrates a visionary transformation of a former industrial site into a verdant commercial parking lot that incorporates the best practices of sustainable development. Unlike asphalt parking lots that create hollow teeth in urban development, this project is an example of balance between vehicular utility and landscape integration.<\/p>\n<p>This ambitious project has given rise to 12-metre-wide green corridors winding through the parking islands. These verdant arteries create a lively buffer zone between spaces of vehicular traffic, offering pedestrians an immersive experience. What\u2019s more, these green corridors also have an ecological function as they incorporate retention and infiltration basins to maximize stormwater absorption and minimize runoff.<\/p>\n<p>The first phase of the project saw the planting of over 600 trees, establishing a robust ecosystem and welcoming landscape. To complement this, more than 10,000 shrubs, perennials and grasses have been planted within the green corridors, forming a dense and diverse carpet of vegetation. This new plant biodiversity will create refuge areas for wildlife and attract bees, butterflies and birds.<\/p>\n<p>.<\/p>\n<p>An innovative lighting strategy was developed in collaboration with experts, to illuminate the site with a soft light that respects the night sky, avoiding any light pollution. The careful integration of urban furniture enriches the experience for users, while a safe pedestrian route invites the discovery of a unique landscape experience, where every step is in harmony with nature.<\/p>\n"},"permalinks":{"fr":"https:\/\/int.design\/fr\/projets\/marche-central-de-montreal\/","en":"https:\/\/int.design\/en\/projects\/montreal-central-market\/"},"titles":{"fr":"March\u00e9 central de Montr\u00e9al","en":"Montreal Central Market"},"wp_fields":[],"laravel_id":""},"_links":{"self":[{"href":"https:\/\/int.design\/fr\/wp-json\/wp\/v2\/project\/129190","targetHints":{"allow":["GET"]}}],"collection":[{"href":"https:\/\/int.design\/fr\/wp-json\/wp\/v2\/project"}],"about":[{"href":"https:\/\/int.design\/fr\/wp-json\/wp\/v2\/types\/project"}],"wp:attachment":[{"href":"https:\/\/int.design\/fr\/wp-json\/wp\/v2\/media?parent=129190"}],"curies":[{"name":"wp","href":"https:\/\/api.w.org\/{rel}","templated":true}]}}