{"id":124542,"date":"2024-08-20T17:12:39","date_gmt":"2024-08-20T21:12:39","guid":{"rendered":"https:\/\/int.design\/?post_type=project&#038;p=124542"},"modified":"2024-08-20T17:12:39","modified_gmt":"2024-08-20T21:12:39","slug":"residence-m-3","status":"publish","type":"project","link":"https:\/\/int.design\/fr\/projets\/residence-m-3\/","title":{"rendered":"R\u00e9sidence M"},"content":{"rendered":"","protected":false},"template":"","class_list":["post-124542","project","type-project","status-publish","hentry","project_category_119061-architecture","project_category_119061-chalet-maison-de-campagne-2","project_category_119061-maison-privee--2-000-pi2--185-m2"],"acf":[],"yoast_head":"<!-- This site is optimized with the Yoast SEO plugin v21.5 - https:\/\/yoast.com\/wordpress\/plugins\/seo\/ -->\n<title>R\u00e9sidence M - INT Design<\/title>\n<meta name=\"robots\" content=\"index, follow, max-snippet:-1, max-image-preview:large, max-video-preview:-1\" \/>\n<link rel=\"canonical\" href=\"https:\/\/int.design\/fr\/projets\/residence-m-3\/\" \/>\n<meta property=\"og:locale\" content=\"fr_FR\" \/>\n<meta property=\"og:type\" content=\"article\" \/>\n<meta property=\"og:title\" content=\"R\u00e9sidence M - INT Design\" \/>\n<meta property=\"og:url\" content=\"https:\/\/int.design\/fr\/projets\/residence-m-3\/\" \/>\n<meta property=\"og:site_name\" content=\"INT Design\" \/>\n<meta name=\"twitter:card\" content=\"summary_large_image\" \/>\n<script type=\"application\/ld+json\" class=\"yoast-schema-graph\">{\"@context\":\"https:\/\/schema.org\",\"@graph\":[{\"@type\":\"WebPage\",\"@id\":\"https:\/\/int.design\/fr\/projets\/residence-m-3\/\",\"url\":\"https:\/\/int.design\/fr\/projets\/residence-m-3\/\",\"name\":\"R\u00e9sidence M - INT Design\",\"isPartOf\":{\"@id\":\"https:\/\/int.design\/fr\/#website\"},\"datePublished\":\"2024-08-20T21:12:39+00:00\",\"dateModified\":\"2024-08-20T21:12:39+00:00\",\"breadcrumb\":{\"@id\":\"https:\/\/int.design\/fr\/projets\/residence-m-3\/#breadcrumb\"},\"inLanguage\":\"fr-FR\",\"potentialAction\":[{\"@type\":\"ReadAction\",\"target\":[\"https:\/\/int.design\/fr\/projets\/residence-m-3\/\"]}]},{\"@type\":\"BreadcrumbList\",\"@id\":\"https:\/\/int.design\/fr\/projets\/residence-m-3\/#breadcrumb\",\"itemListElement\":[{\"@type\":\"ListItem\",\"position\":1,\"name\":\"Home\",\"item\":\"https:\/\/int.design\/fr\/\"},{\"@type\":\"ListItem\",\"position\":2,\"name\":\"Projects\",\"item\":\"https:\/\/int.design\/en\/projects\/\"},{\"@type\":\"ListItem\",\"position\":3,\"name\":\"R\u00e9sidence M\"}]},{\"@type\":\"WebSite\",\"@id\":\"https:\/\/int.design\/fr\/#website\",\"url\":\"https:\/\/int.design\/fr\/\",\"name\":\"INT Design\",\"description\":\"\",\"potentialAction\":[{\"@type\":\"SearchAction\",\"target\":{\"@type\":\"EntryPoint\",\"urlTemplate\":\"https:\/\/int.design\/fr\/?s={search_term_string}\"},\"query-input\":\"required name=search_term_string\"}],\"inLanguage\":\"fr-FR\"}]}<\/script>\n<!-- \/ Yoast SEO plugin. -->","yoast_head_json":{"title":"R\u00e9sidence M - INT Design","robots":{"index":"index","follow":"follow","max-snippet":"max-snippet:-1","max-image-preview":"max-image-preview:large","max-video-preview":"max-video-preview:-1"},"canonical":"https:\/\/int.design\/fr\/projets\/residence-m-3\/","og_locale":"fr_FR","og_type":"article","og_title":"R\u00e9sidence M - INT Design","og_url":"https:\/\/int.design\/fr\/projets\/residence-m-3\/","og_site_name":"INT Design","twitter_card":"summary_large_image","schema":{"@context":"https:\/\/schema.org","@graph":[{"@type":"WebPage","@id":"https:\/\/int.design\/fr\/projets\/residence-m-3\/","url":"https:\/\/int.design\/fr\/projets\/residence-m-3\/","name":"R\u00e9sidence M - INT Design","isPartOf":{"@id":"https:\/\/int.design\/fr\/#website"},"datePublished":"2024-08-20T21:12:39+00:00","dateModified":"2024-08-20T21:12:39+00:00","breadcrumb":{"@id":"https:\/\/int.design\/fr\/projets\/residence-m-3\/#breadcrumb"},"inLanguage":"fr-FR","potentialAction":[{"@type":"ReadAction","target":["https:\/\/int.design\/fr\/projets\/residence-m-3\/"]}]},{"@type":"BreadcrumbList","@id":"https:\/\/int.design\/fr\/projets\/residence-m-3\/#breadcrumb","itemListElement":[{"@type":"ListItem","position":1,"name":"Home","item":"https:\/\/int.design\/fr\/"},{"@type":"ListItem","position":2,"name":"Projects","item":"https:\/\/int.design\/en\/projects\/"},{"@type":"ListItem","position":3,"name":"R\u00e9sidence M"}]},{"@type":"WebSite","@id":"https:\/\/int.design\/fr\/#website","url":"https:\/\/int.design\/fr\/","name":"INT Design","description":"","potentialAction":[{"@type":"SearchAction","target":{"@type":"EntryPoint","urlTemplate":"https:\/\/int.design\/fr\/?s={search_term_string}"},"query-input":"required name=search_term_string"}],"inLanguage":"fr-FR"}]}},"entry":{"cats":{"disciplines":[{"id":3609,"name":"Architecture"}],"big_cats":[],"sub_cats":[{"id":3637,"name":"Chalet &amp; maison de campagne","parent":3633},{"id":3643,"name":"Maison priv\u00e9e \u2264 2 000 pi2 (\u2264 185 m2)","parent":3633}]},"entry":{"":null,"status":"completed","winner_title":"DESK architectes","winner_prize_lang":"fr","title_translatable":false,"title_en":"","title_fr":"","releve_award":false,"releve_award_cv":false,"collaboration":false,"collaboration_firms":false,"other_firms":[{"name":"DESK architectes","website":"https:\/\/www.deskarchitectes.com\/","category":"","category_tax":2744}],"owner":{"name":"","confidential":true,"website":"","contact_name":"","email":"","phone":""},"address":{"address":"","city":"Saint-Sauveur","region":"Laurentides","province":"QC","country":"CA","postal_code":""},"logos":[{"image":{"ID":129763,"id":129763,"title":"DESKarchitectes_Re\u0301sidence M - Logo","filename":"6_DESKarchitectesResidenceM-Logo.jpg","filesize":4873687,"url":"https:\/\/d2q6z78khxmx42.cloudfront.net\/2024\/03\/6_DESKarchitectesResidenceM-Logo.jpg","link":"https:\/\/int.design\/fr\/projets\/residence-m-3\/deskarchitectes_residence-m-logo-2\/","alt":"","author":"6153","description":"","caption":"","name":"deskarchitectes_residence-m-logo-2","status":"inherit","uploaded_to":124542,"date":"2024-03-22 14:08:44","modified":"2024-03-22 14:13:06","menu_order":0,"mime_type":"image\/jpeg","type":"image","subtype":"jpeg","icon":"https:\/\/int.design\/wp-includes\/images\/media\/default.png","width":2250,"height":2250,"sizes":{"thumbnail":"https:\/\/d2q6z78khxmx42.cloudfront.net\/2024\/03\/6_DESKarchitectesResidenceM-Logo-150x150.jpg","thumbnail-width":150,"thumbnail-height":150,"medium":"https:\/\/d2q6z78khxmx42.cloudfront.net\/2024\/03\/6_DESKarchitectesResidenceM-Logo-300x300.jpg","medium-width":300,"medium-height":300,"medium_large":"https:\/\/d2q6z78khxmx42.cloudfront.net\/2024\/03\/6_DESKarchitectesResidenceM-Logo-768x768.jpg","medium_large-width":768,"medium_large-height":768,"large":"https:\/\/d2q6z78khxmx42.cloudfront.net\/2024\/03\/6_DESKarchitectesResidenceM-Logo-1024x1024.jpg","large-width":1024,"large-height":1024,"1536x1536":"https:\/\/d2q6z78khxmx42.cloudfront.net\/2024\/03\/6_DESKarchitectesResidenceM-Logo-1536x1536.jpg","1536x1536-width":1536,"1536x1536-height":1536,"2048x2048":"https:\/\/d2q6z78khxmx42.cloudfront.net\/2024\/03\/6_DESKarchitectesResidenceM-Logo-2048x2048.jpg","2048x2048-width":2048,"2048x2048-height":2048,"article":"https:\/\/d2q6z78khxmx42.cloudfront.net\/2024\/03\/6_DESKarchitectesResidenceM-Logo-960x540.jpg","article-width":960,"article-height":540,"banner":"https:\/\/d2q6z78khxmx42.cloudfront.net\/2024\/03\/6_DESKarchitectesResidenceM-Logo-1920x1920.jpg","banner-width":1920,"banner-height":1920,"block":"https:\/\/d2q6z78khxmx42.cloudfront.net\/2024\/03\/6_DESKarchitectesResidenceM-Logo-900x680.jpg","block-width":900,"block-height":680,"card":"https:\/\/d2q6z78khxmx42.cloudfront.net\/2024\/03\/6_DESKarchitectesResidenceM-Logo-560x495.jpg","card-width":560,"card-height":495,"card-thumbnail":"https:\/\/d2q6z78khxmx42.cloudfront.net\/2024\/03\/6_DESKarchitectesResidenceM-Logo-450x340.jpg","card-thumbnail-width":450,"card-thumbnail-height":340,"conference":"https:\/\/d2q6z78khxmx42.cloudfront.net\/2024\/03\/6_DESKarchitectesResidenceM-Logo-560x250.jpg","conference-width":560,"conference-height":250,"contest":"https:\/\/d2q6z78khxmx42.cloudfront.net\/2024\/03\/6_DESKarchitectesResidenceM-Logo-960x400.jpg","contest-width":960,"contest-height":400,"cta":"https:\/\/d2q6z78khxmx42.cloudfront.net\/2024\/03\/6_DESKarchitectesResidenceM-Logo-415x170.jpg","cta-width":415,"cta-height":170,"exhibitor":"https:\/\/d2q6z78khxmx42.cloudfront.net\/2024\/03\/6_DESKarchitectesResidenceM-Logo-560x560.jpg","exhibitor-width":560,"exhibitor-height":560,"gallery":"https:\/\/d2q6z78khxmx42.cloudfront.net\/2024\/03\/6_DESKarchitectesResidenceM-Logo-430x430.jpg","gallery-width":430,"gallery-height":430,"logo":"https:\/\/d2q6z78khxmx42.cloudfront.net\/2024\/03\/6_DESKarchitectesResidenceM-Logo-100x100.jpg","logo-width":100,"logo-height":100,"masonry":"https:\/\/d2q6z78khxmx42.cloudfront.net\/2024\/03\/6_DESKarchitectesResidenceM-Logo-550x550.jpg","masonry-width":550,"masonry-height":550,"modal":"https:\/\/d2q6z78khxmx42.cloudfront.net\/2024\/03\/dnPpVF6r-6_DESKarchitectesResidenceM-Logo-1920x1920.jpg","modal-width":1920,"modal-height":1920,"number":"https:\/\/d2q6z78khxmx42.cloudfront.net\/2024\/03\/dnPpVF6r-6_DESKarchitectesResidenceM-Logo-430x430.jpg","number-width":430,"number-height":430,"partner":"https:\/\/d2q6z78khxmx42.cloudfront.net\/2024\/03\/6_DESKarchitectesResidenceM-Logo-210x210.jpg","partner-width":210,"partner-height":210,"ranking":"https:\/\/d2q6z78khxmx42.cloudfront.net\/2024\/03\/dnPpVF6r-6_DESKarchitectesResidenceM-Logo-960x540.jpg","ranking-width":960,"ranking-height":540,"schedule":"https:\/\/d2q6z78khxmx42.cloudfront.net\/2024\/03\/6_DESKarchitectesResidenceM-Logo-960x360.jpg","schedule-width":960,"schedule-height":360,"slideshow":"https:\/\/d2q6z78khxmx42.cloudfront.net\/2024\/03\/6_DESKarchitectesResidenceM-Logo-680x680.jpg","slideshow-width":680,"slideshow-height":680}},"file":false}],"use_logo":false,"designers":[{"name":"DESK architectes","credit":"Bonallie Brodeur","image":{"ID":129760,"id":129760,"title":"DESKarchitectes_Re\u0301sidence M - E\u0301quipe","filename":"DESKarchitectesResidenceM-Equipe.jpg","filesize":596333,"url":"https:\/\/d2q6z78khxmx42.cloudfront.net\/2024\/03\/DESKarchitectesResidenceM-Equipe.jpg","link":"https:\/\/int.design\/fr\/projets\/residence-m-3\/deskarchitectes_residence-m-equipe\/","alt":"","author":"6153","description":"","caption":"","name":"deskarchitectes_residence-m-equipe","status":"inherit","uploaded_to":124542,"date":"2024-03-22 13:54:01","modified":"2024-03-22 14:13:06","menu_order":0,"mime_type":"image\/jpeg","type":"image","subtype":"jpeg","icon":"https:\/\/int.design\/wp-includes\/images\/media\/default.png","width":980,"height":1224,"sizes":{"thumbnail":"https:\/\/d2q6z78khxmx42.cloudfront.net\/2024\/03\/DESKarchitectesResidenceM-Equipe-150x150.jpg","thumbnail-width":150,"thumbnail-height":150,"medium":"https:\/\/d2q6z78khxmx42.cloudfront.net\/2024\/03\/DESKarchitectesResidenceM-Equipe-240x300.jpg","medium-width":240,"medium-height":300,"medium_large":"https:\/\/d2q6z78khxmx42.cloudfront.net\/2024\/03\/DESKarchitectesResidenceM-Equipe-768x959.jpg","medium_large-width":768,"medium_large-height":959,"large":"https:\/\/d2q6z78khxmx42.cloudfront.net\/2024\/03\/DESKarchitectesResidenceM-Equipe-820x1024.jpg","large-width":820,"large-height":1024,"1536x1536":"https:\/\/d2q6z78khxmx42.cloudfront.net\/2024\/03\/DESKarchitectesResidenceM-Equipe.jpg","1536x1536-width":980,"1536x1536-height":1224,"2048x2048":"https:\/\/d2q6z78khxmx42.cloudfront.net\/2024\/03\/DESKarchitectesResidenceM-Equipe.jpg","2048x2048-width":980,"2048x2048-height":1224,"article":"https:\/\/d2q6z78khxmx42.cloudfront.net\/2024\/03\/DESKarchitectesResidenceM-Equipe-960x540.jpg","article-width":960,"article-height":540,"banner":"https:\/\/d2q6z78khxmx42.cloudfront.net\/2024\/03\/DESKarchitectesResidenceM-Equipe.jpg","banner-width":980,"banner-height":1224,"block":"https:\/\/d2q6z78khxmx42.cloudfront.net\/2024\/03\/DESKarchitectesResidenceM-Equipe-900x680.jpg","block-width":900,"block-height":680,"card":"https:\/\/d2q6z78khxmx42.cloudfront.net\/2024\/03\/DESKarchitectesResidenceM-Equipe-560x495.jpg","card-width":560,"card-height":495,"card-thumbnail":"https:\/\/d2q6z78khxmx42.cloudfront.net\/2024\/03\/DESKarchitectesResidenceM-Equipe-450x340.jpg","card-thumbnail-width":450,"card-thumbnail-height":340,"conference":"https:\/\/d2q6z78khxmx42.cloudfront.net\/2024\/03\/DESKarchitectesResidenceM-Equipe-560x250.jpg","conference-width":560,"conference-height":250,"contest":"https:\/\/d2q6z78khxmx42.cloudfront.net\/2024\/03\/DESKarchitectesResidenceM-Equipe-960x400.jpg","contest-width":960,"contest-height":400,"cta":"https:\/\/d2q6z78khxmx42.cloudfront.net\/2024\/03\/DESKarchitectesResidenceM-Equipe-415x170.jpg","cta-width":415,"cta-height":170,"exhibitor":"https:\/\/d2q6z78khxmx42.cloudfront.net\/2024\/03\/DESKarchitectesResidenceM-Equipe-560x560.jpg","exhibitor-width":560,"exhibitor-height":560,"gallery":"https:\/\/d2q6z78khxmx42.cloudfront.net\/2024\/03\/DESKarchitectesResidenceM-Equipe-344x430.jpg","gallery-width":344,"gallery-height":430,"logo":"https:\/\/d2q6z78khxmx42.cloudfront.net\/2024\/03\/DESKarchitectesResidenceM-Equipe-80x100.jpg","logo-width":80,"logo-height":100,"masonry":"https:\/\/d2q6z78khxmx42.cloudfront.net\/2024\/03\/DESKarchitectesResidenceM-Equipe-550x687.jpg","masonry-width":550,"masonry-height":687,"modal":"https:\/\/d2q6z78khxmx42.cloudfront.net\/2024\/03\/DESKarchitectesResidenceM-Equipe.jpg","modal-width":980,"modal-height":1224,"number":"https:\/\/d2q6z78khxmx42.cloudfront.net\/2024\/03\/Z7uhhpVv-DESKarchitectesResidenceM-Equipe-344x430.jpg","number-width":344,"number-height":430,"partner":"https:\/\/d2q6z78khxmx42.cloudfront.net\/2024\/03\/DESKarchitectesResidenceM-Equipe-168x210.jpg","partner-width":168,"partner-height":210,"ranking":"https:\/\/d2q6z78khxmx42.cloudfront.net\/2024\/03\/Z7uhhpVv-DESKarchitectesResidenceM-Equipe-960x540.jpg","ranking-width":960,"ranking-height":540,"schedule":"https:\/\/d2q6z78khxmx42.cloudfront.net\/2024\/03\/DESKarchitectesResidenceM-Equipe-960x360.jpg","schedule-width":960,"schedule-height":360,"slideshow":"https:\/\/d2q6z78khxmx42.cloudfront.net\/2024\/03\/DESKarchitectesResidenceM-Equipe-544x680.jpg","slideshow-width":544,"slideshow-height":680}},"file":false}],"cover":[{"categories":[3637,3643],"credit":"Maxime Brouillet","image":{"ID":129764,"id":129764,"title":"DESKarchitectes_Re\u0301sidence M - Photo00","filename":"6_DESKarchitectesResidenceM-Photo00-scaled.jpg","filesize":1718807,"url":"https:\/\/d2q6z78khxmx42.cloudfront.net\/2024\/03\/6_DESKarchitectesResidenceM-Photo00-scaled.jpg","link":"https:\/\/int.design\/fr\/projets\/residence-m-3\/deskarchitectes_residence-m-photo00-2\/","alt":"","author":"6153","description":"R\u00e9sidence M DESK architectes DESK architectes","caption":"","name":"deskarchitectes_residence-m-photo00-2","status":"inherit","uploaded_to":124542,"date":"2024-03-22 14:08:59","modified":"2024-08-20 21:12:40","menu_order":0,"mime_type":"image\/jpeg","type":"image","subtype":"jpeg","icon":"https:\/\/int.design\/wp-includes\/images\/media\/default.png","width":2560,"height":1920,"sizes":{"thumbnail":"https:\/\/d2q6z78khxmx42.cloudfront.net\/2024\/03\/6_DESKarchitectesResidenceM-Photo00-150x150.jpg","thumbnail-width":150,"thumbnail-height":150,"medium":"https:\/\/d2q6z78khxmx42.cloudfront.net\/2024\/03\/6_DESKarchitectesResidenceM-Photo00-300x225.jpg","medium-width":300,"medium-height":225,"medium_large":"https:\/\/d2q6z78khxmx42.cloudfront.net\/2024\/03\/6_DESKarchitectesResidenceM-Photo00-768x576.jpg","medium_large-width":768,"medium_large-height":576,"large":"https:\/\/d2q6z78khxmx42.cloudfront.net\/2024\/03\/6_DESKarchitectesResidenceM-Photo00-1024x768.jpg","large-width":1024,"large-height":768,"1536x1536":"https:\/\/d2q6z78khxmx42.cloudfront.net\/2024\/03\/6_DESKarchitectesResidenceM-Photo00-1536x1152.jpg","1536x1536-width":1536,"1536x1536-height":1152,"2048x2048":"https:\/\/d2q6z78khxmx42.cloudfront.net\/2024\/03\/6_DESKarchitectesResidenceM-Photo00-2048x1536.jpg","2048x2048-width":2048,"2048x2048-height":1536,"article":"https:\/\/d2q6z78khxmx42.cloudfront.net\/2024\/03\/6_DESKarchitectesResidenceM-Photo00-960x540.jpg","article-width":960,"article-height":540,"banner":"https:\/\/d2q6z78khxmx42.cloudfront.net\/2024\/03\/6_DESKarchitectesResidenceM-Photo00-1920x1440.jpg","banner-width":1920,"banner-height":1440,"block":"https:\/\/d2q6z78khxmx42.cloudfront.net\/2024\/03\/6_DESKarchitectesResidenceM-Photo00-900x680.jpg","block-width":900,"block-height":680,"card":"https:\/\/d2q6z78khxmx42.cloudfront.net\/2024\/03\/6_DESKarchitectesResidenceM-Photo00-560x495.jpg","card-width":560,"card-height":495,"card-thumbnail":"https:\/\/d2q6z78khxmx42.cloudfront.net\/2024\/03\/6_DESKarchitectesResidenceM-Photo00-450x340.jpg","card-thumbnail-width":450,"card-thumbnail-height":340,"conference":"https:\/\/d2q6z78khxmx42.cloudfront.net\/2024\/03\/6_DESKarchitectesResidenceM-Photo00-560x250.jpg","conference-width":560,"conference-height":250,"contest":"https:\/\/d2q6z78khxmx42.cloudfront.net\/2024\/03\/6_DESKarchitectesResidenceM-Photo00-960x400.jpg","contest-width":960,"contest-height":400,"cta":"https:\/\/d2q6z78khxmx42.cloudfront.net\/2024\/03\/6_DESKarchitectesResidenceM-Photo00-415x170.jpg","cta-width":415,"cta-height":170,"exhibitor":"https:\/\/d2q6z78khxmx42.cloudfront.net\/2024\/03\/6_DESKarchitectesResidenceM-Photo00-560x560.jpg","exhibitor-width":560,"exhibitor-height":560,"gallery":"https:\/\/d2q6z78khxmx42.cloudfront.net\/2024\/03\/6_DESKarchitectesResidenceM-Photo00-560x420.jpg","gallery-width":560,"gallery-height":420,"logo":"https:\/\/d2q6z78khxmx42.cloudfront.net\/2024\/03\/6_DESKarchitectesResidenceM-Photo00-133x100.jpg","logo-width":133,"logo-height":100,"masonry":"https:\/\/d2q6z78khxmx42.cloudfront.net\/2024\/03\/6_DESKarchitectesResidenceM-Photo00-550x413.jpg","masonry-width":550,"masonry-height":413,"modal":"https:\/\/d2q6z78khxmx42.cloudfront.net\/2024\/03\/mzLCMtKd-6_DESKarchitectesResidenceM-Photo00-1920x1440.jpg","modal-width":1920,"modal-height":1440,"number":"https:\/\/d2q6z78khxmx42.cloudfront.net\/2024\/03\/mzLCMtKd-6_DESKarchitectesResidenceM-Photo00-560x420.jpg","number-width":560,"number-height":420,"partner":"https:\/\/d2q6z78khxmx42.cloudfront.net\/2024\/03\/6_DESKarchitectesResidenceM-Photo00-275x206.jpg","partner-width":275,"partner-height":206,"ranking":"https:\/\/d2q6z78khxmx42.cloudfront.net\/2024\/03\/mzLCMtKd-6_DESKarchitectesResidenceM-Photo00-960x540.jpg","ranking-width":960,"ranking-height":540,"schedule":"https:\/\/d2q6z78khxmx42.cloudfront.net\/2024\/03\/6_DESKarchitectesResidenceM-Photo00-960x360.jpg","schedule-width":960,"schedule-height":360,"slideshow":"https:\/\/d2q6z78khxmx42.cloudfront.net\/2024\/03\/6_DESKarchitectesResidenceM-Photo00-907x680.jpg","slideshow-width":907,"slideshow-height":680}},"filters":false,"suppliers":false,"attachment_category":{"997":"Architecture","2678":"Chalet &amp; Maison de campagne","2414":"Chalet &amp; maison de campagne","986":"Habitation","2676":"Habitation (tous)","1005":"R\u00e9sidence"}}],"images":[{"categories":[3637,3643],"credit":"Maxime Brouillet","image":{"ID":129765,"id":129765,"title":"DESKarchitectes_Re\u0301sidence M - Photo01","filename":"DESKarchitectesResidenceM-Photo01-scaled.jpg","filesize":1855804,"url":"https:\/\/d2q6z78khxmx42.cloudfront.net\/2024\/03\/DESKarchitectesResidenceM-Photo01-scaled.jpg","link":"https:\/\/int.design\/fr\/projets\/residence-m-3\/deskarchitectes_residence-m-photo01\/","alt":"","author":"6153","description":"R\u00e9sidence M DESK architectes DESK architectes","caption":"","name":"deskarchitectes_residence-m-photo01","status":"inherit","uploaded_to":124542,"date":"2024-03-22 14:10:05","modified":"2024-08-20 21:12:40","menu_order":0,"mime_type":"image\/jpeg","type":"image","subtype":"jpeg","icon":"https:\/\/int.design\/wp-includes\/images\/media\/default.png","width":2560,"height":1920,"sizes":{"thumbnail":"https:\/\/d2q6z78khxmx42.cloudfront.net\/2024\/03\/DESKarchitectesResidenceM-Photo01-150x150.jpg","thumbnail-width":150,"thumbnail-height":150,"medium":"https:\/\/d2q6z78khxmx42.cloudfront.net\/2024\/03\/DESKarchitectesResidenceM-Photo01-300x225.jpg","medium-width":300,"medium-height":225,"medium_large":"https:\/\/d2q6z78khxmx42.cloudfront.net\/2024\/03\/DESKarchitectesResidenceM-Photo01-768x576.jpg","medium_large-width":768,"medium_large-height":576,"large":"https:\/\/d2q6z78khxmx42.cloudfront.net\/2024\/03\/DESKarchitectesResidenceM-Photo01-1024x768.jpg","large-width":1024,"large-height":768,"1536x1536":"https:\/\/d2q6z78khxmx42.cloudfront.net\/2024\/03\/DESKarchitectesResidenceM-Photo01-1536x1152.jpg","1536x1536-width":1536,"1536x1536-height":1152,"2048x2048":"https:\/\/d2q6z78khxmx42.cloudfront.net\/2024\/03\/DESKarchitectesResidenceM-Photo01-2048x1536.jpg","2048x2048-width":2048,"2048x2048-height":1536,"article":"https:\/\/d2q6z78khxmx42.cloudfront.net\/2024\/03\/DESKarchitectesResidenceM-Photo01-960x540.jpg","article-width":960,"article-height":540,"banner":"https:\/\/d2q6z78khxmx42.cloudfront.net\/2024\/03\/DESKarchitectesResidenceM-Photo01-1920x1440.jpg","banner-width":1920,"banner-height":1440,"block":"https:\/\/d2q6z78khxmx42.cloudfront.net\/2024\/03\/DESKarchitectesResidenceM-Photo01-900x680.jpg","block-width":900,"block-height":680,"card":"https:\/\/d2q6z78khxmx42.cloudfront.net\/2024\/03\/DESKarchitectesResidenceM-Photo01-560x495.jpg","card-width":560,"card-height":495,"card-thumbnail":"https:\/\/d2q6z78khxmx42.cloudfront.net\/2024\/03\/DESKarchitectesResidenceM-Photo01-450x340.jpg","card-thumbnail-width":450,"card-thumbnail-height":340,"conference":"https:\/\/d2q6z78khxmx42.cloudfront.net\/2024\/03\/DESKarchitectesResidenceM-Photo01-560x250.jpg","conference-width":560,"conference-height":250,"contest":"https:\/\/d2q6z78khxmx42.cloudfront.net\/2024\/03\/DESKarchitectesResidenceM-Photo01-960x400.jpg","contest-width":960,"contest-height":400,"cta":"https:\/\/d2q6z78khxmx42.cloudfront.net\/2024\/03\/DESKarchitectesResidenceM-Photo01-415x170.jpg","cta-width":415,"cta-height":170,"exhibitor":"https:\/\/d2q6z78khxmx42.cloudfront.net\/2024\/03\/DESKarchitectesResidenceM-Photo01-560x560.jpg","exhibitor-width":560,"exhibitor-height":560,"gallery":"https:\/\/d2q6z78khxmx42.cloudfront.net\/2024\/03\/DESKarchitectesResidenceM-Photo01-560x420.jpg","gallery-width":560,"gallery-height":420,"logo":"https:\/\/d2q6z78khxmx42.cloudfront.net\/2024\/03\/DESKarchitectesResidenceM-Photo01-133x100.jpg","logo-width":133,"logo-height":100,"masonry":"https:\/\/d2q6z78khxmx42.cloudfront.net\/2024\/03\/DESKarchitectesResidenceM-Photo01-550x413.jpg","masonry-width":550,"masonry-height":413,"modal":"https:\/\/d2q6z78khxmx42.cloudfront.net\/2024\/03\/Nv7ejtll-DESKarchitectesResidenceM-Photo01-1920x1440.jpg","modal-width":1920,"modal-height":1440,"number":"https:\/\/d2q6z78khxmx42.cloudfront.net\/2024\/03\/Nv7ejtll-DESKarchitectesResidenceM-Photo01-560x420.jpg","number-width":560,"number-height":420,"partner":"https:\/\/d2q6z78khxmx42.cloudfront.net\/2024\/03\/DESKarchitectesResidenceM-Photo01-275x206.jpg","partner-width":275,"partner-height":206,"ranking":"https:\/\/d2q6z78khxmx42.cloudfront.net\/2024\/03\/Nv7ejtll-DESKarchitectesResidenceM-Photo01-960x540.jpg","ranking-width":960,"ranking-height":540,"schedule":"https:\/\/d2q6z78khxmx42.cloudfront.net\/2024\/03\/DESKarchitectesResidenceM-Photo01-960x360.jpg","schedule-width":960,"schedule-height":360,"slideshow":"https:\/\/d2q6z78khxmx42.cloudfront.net\/2024\/03\/DESKarchitectesResidenceM-Photo01-907x680.jpg","slideshow-width":907,"slideshow-height":680}},"filters":false,"suppliers":false,"attachment_category":[]},{"categories":[3637,3643],"credit":"Maxime Brouillet","image":{"ID":129766,"id":129766,"title":"DESKarchitectes_Re\u0301sidence M - Photo02","filename":"DESKarchitectesResidenceM-Photo02-scaled.jpg","filesize":625020,"url":"https:\/\/d2q6z78khxmx42.cloudfront.net\/2024\/03\/DESKarchitectesResidenceM-Photo02-scaled.jpg","link":"https:\/\/int.design\/fr\/projets\/residence-m-3\/deskarchitectes_residence-m-photo02\/","alt":"","author":"6153","description":"R\u00e9sidence M DESK architectes DESK architectes","caption":"","name":"deskarchitectes_residence-m-photo02","status":"inherit","uploaded_to":124542,"date":"2024-03-22 14:10:35","modified":"2024-08-20 21:12:40","menu_order":0,"mime_type":"image\/jpeg","type":"image","subtype":"jpeg","icon":"https:\/\/int.design\/wp-includes\/images\/media\/default.png","width":2560,"height":1707,"sizes":{"thumbnail":"https:\/\/d2q6z78khxmx42.cloudfront.net\/2024\/03\/DESKarchitectesResidenceM-Photo02-150x150.jpg","thumbnail-width":150,"thumbnail-height":150,"medium":"https:\/\/d2q6z78khxmx42.cloudfront.net\/2024\/03\/DESKarchitectesResidenceM-Photo02-300x200.jpg","medium-width":300,"medium-height":200,"medium_large":"https:\/\/d2q6z78khxmx42.cloudfront.net\/2024\/03\/DESKarchitectesResidenceM-Photo02-768x512.jpg","medium_large-width":768,"medium_large-height":512,"large":"https:\/\/d2q6z78khxmx42.cloudfront.net\/2024\/03\/DESKarchitectesResidenceM-Photo02-1024x683.jpg","large-width":1024,"large-height":683,"1536x1536":"https:\/\/d2q6z78khxmx42.cloudfront.net\/2024\/03\/DESKarchitectesResidenceM-Photo02-1536x1024.jpg","1536x1536-width":1536,"1536x1536-height":1024,"2048x2048":"https:\/\/d2q6z78khxmx42.cloudfront.net\/2024\/03\/DESKarchitectesResidenceM-Photo02-2048x1365.jpg","2048x2048-width":2048,"2048x2048-height":1365,"article":"https:\/\/d2q6z78khxmx42.cloudfront.net\/2024\/03\/DESKarchitectesResidenceM-Photo02-960x540.jpg","article-width":960,"article-height":540,"banner":"https:\/\/d2q6z78khxmx42.cloudfront.net\/2024\/03\/DESKarchitectesResidenceM-Photo02-1920x1280.jpg","banner-width":1920,"banner-height":1280,"block":"https:\/\/d2q6z78khxmx42.cloudfront.net\/2024\/03\/DESKarchitectesResidenceM-Photo02-900x680.jpg","block-width":900,"block-height":680,"card":"https:\/\/d2q6z78khxmx42.cloudfront.net\/2024\/03\/DESKarchitectesResidenceM-Photo02-560x495.jpg","card-width":560,"card-height":495,"card-thumbnail":"https:\/\/d2q6z78khxmx42.cloudfront.net\/2024\/03\/DESKarchitectesResidenceM-Photo02-450x340.jpg","card-thumbnail-width":450,"card-thumbnail-height":340,"conference":"https:\/\/d2q6z78khxmx42.cloudfront.net\/2024\/03\/DESKarchitectesResidenceM-Photo02-560x250.jpg","conference-width":560,"conference-height":250,"contest":"https:\/\/d2q6z78khxmx42.cloudfront.net\/2024\/03\/DESKarchitectesResidenceM-Photo02-960x400.jpg","contest-width":960,"contest-height":400,"cta":"https:\/\/d2q6z78khxmx42.cloudfront.net\/2024\/03\/DESKarchitectesResidenceM-Photo02-415x170.jpg","cta-width":415,"cta-height":170,"exhibitor":"https:\/\/d2q6z78khxmx42.cloudfront.net\/2024\/03\/DESKarchitectesResidenceM-Photo02-560x560.jpg","exhibitor-width":560,"exhibitor-height":560,"gallery":"https:\/\/d2q6z78khxmx42.cloudfront.net\/2024\/03\/DESKarchitectesResidenceM-Photo02-560x373.jpg","gallery-width":560,"gallery-height":373,"logo":"https:\/\/d2q6z78khxmx42.cloudfront.net\/2024\/03\/DESKarchitectesResidenceM-Photo02-150x100.jpg","logo-width":150,"logo-height":100,"masonry":"https:\/\/d2q6z78khxmx42.cloudfront.net\/2024\/03\/DESKarchitectesResidenceM-Photo02-550x367.jpg","masonry-width":550,"masonry-height":367,"modal":"https:\/\/d2q6z78khxmx42.cloudfront.net\/2024\/03\/Yt9H8mGs-DESKarchitectesResidenceM-Photo02-1920x1280.jpg","modal-width":1920,"modal-height":1280,"number":"https:\/\/d2q6z78khxmx42.cloudfront.net\/2024\/03\/Yt9H8mGs-DESKarchitectesResidenceM-Photo02-560x373.jpg","number-width":560,"number-height":373,"partner":"https:\/\/d2q6z78khxmx42.cloudfront.net\/2024\/03\/DESKarchitectesResidenceM-Photo02-275x183.jpg","partner-width":275,"partner-height":183,"ranking":"https:\/\/d2q6z78khxmx42.cloudfront.net\/2024\/03\/Yt9H8mGs-DESKarchitectesResidenceM-Photo02-960x540.jpg","ranking-width":960,"ranking-height":540,"schedule":"https:\/\/d2q6z78khxmx42.cloudfront.net\/2024\/03\/DESKarchitectesResidenceM-Photo02-960x360.jpg","schedule-width":960,"schedule-height":360,"slideshow":"https:\/\/d2q6z78khxmx42.cloudfront.net\/2024\/03\/DESKarchitectesResidenceM-Photo02-1020x680.jpg","slideshow-width":1020,"slideshow-height":680}},"filters":false,"suppliers":false,"attachment_category":[]},{"categories":[3637,3643],"credit":"Maxime Brouillet","image":{"ID":129767,"id":129767,"title":"DESKarchitectes_Re\u0301sidence M - Photo03","filename":"DESKarchitectesResidenceM-Photo03-scaled.jpg","filesize":617732,"url":"https:\/\/d2q6z78khxmx42.cloudfront.net\/2024\/03\/DESKarchitectesResidenceM-Photo03-scaled.jpg","link":"https:\/\/int.design\/fr\/projets\/residence-m-3\/deskarchitectes_residence-m-photo03\/","alt":"","author":"6153","description":"R\u00e9sidence M DESK architectes DESK architectes","caption":"","name":"deskarchitectes_residence-m-photo03","status":"inherit","uploaded_to":124542,"date":"2024-03-22 14:10:57","modified":"2024-08-20 21:12:40","menu_order":0,"mime_type":"image\/jpeg","type":"image","subtype":"jpeg","icon":"https:\/\/int.design\/wp-includes\/images\/media\/default.png","width":1920,"height":2560,"sizes":{"thumbnail":"https:\/\/d2q6z78khxmx42.cloudfront.net\/2024\/03\/DESKarchitectesResidenceM-Photo03-150x150.jpg","thumbnail-width":150,"thumbnail-height":150,"medium":"https:\/\/d2q6z78khxmx42.cloudfront.net\/2024\/03\/DESKarchitectesResidenceM-Photo03-225x300.jpg","medium-width":225,"medium-height":300,"medium_large":"https:\/\/d2q6z78khxmx42.cloudfront.net\/2024\/03\/ImENOyHn-DESKarchitectesResidenceM-Photo03-768x1024.jpg","medium_large-width":768,"medium_large-height":1024,"large":"https:\/\/d2q6z78khxmx42.cloudfront.net\/2024\/03\/DESKarchitectesResidenceM-Photo03-768x1024.jpg","large-width":768,"large-height":1024,"1536x1536":"https:\/\/d2q6z78khxmx42.cloudfront.net\/2024\/03\/DESKarchitectesResidenceM-Photo03-1152x1536.jpg","1536x1536-width":1152,"1536x1536-height":1536,"2048x2048":"https:\/\/d2q6z78khxmx42.cloudfront.net\/2024\/03\/DESKarchitectesResidenceM-Photo03-1536x2048.jpg","2048x2048-width":1536,"2048x2048-height":2048,"article":"https:\/\/d2q6z78khxmx42.cloudfront.net\/2024\/03\/DESKarchitectesResidenceM-Photo03-960x540.jpg","article-width":960,"article-height":540,"banner":"https:\/\/d2q6z78khxmx42.cloudfront.net\/2024\/03\/DESKarchitectesResidenceM-Photo03-1920x2560.jpg","banner-width":1920,"banner-height":2560,"block":"https:\/\/d2q6z78khxmx42.cloudfront.net\/2024\/03\/DESKarchitectesResidenceM-Photo03-900x680.jpg","block-width":900,"block-height":680,"card":"https:\/\/d2q6z78khxmx42.cloudfront.net\/2024\/03\/DESKarchitectesResidenceM-Photo03-560x495.jpg","card-width":560,"card-height":495,"card-thumbnail":"https:\/\/d2q6z78khxmx42.cloudfront.net\/2024\/03\/DESKarchitectesResidenceM-Photo03-450x340.jpg","card-thumbnail-width":450,"card-thumbnail-height":340,"conference":"https:\/\/d2q6z78khxmx42.cloudfront.net\/2024\/03\/DESKarchitectesResidenceM-Photo03-560x250.jpg","conference-width":560,"conference-height":250,"contest":"https:\/\/d2q6z78khxmx42.cloudfront.net\/2024\/03\/DESKarchitectesResidenceM-Photo03-960x400.jpg","contest-width":960,"contest-height":400,"cta":"https:\/\/d2q6z78khxmx42.cloudfront.net\/2024\/03\/DESKarchitectesResidenceM-Photo03-415x170.jpg","cta-width":415,"cta-height":170,"exhibitor":"https:\/\/d2q6z78khxmx42.cloudfront.net\/2024\/03\/DESKarchitectesResidenceM-Photo03-560x560.jpg","exhibitor-width":560,"exhibitor-height":560,"gallery":"https:\/\/d2q6z78khxmx42.cloudfront.net\/2024\/03\/DESKarchitectesResidenceM-Photo03-323x430.jpg","gallery-width":323,"gallery-height":430,"logo":"https:\/\/d2q6z78khxmx42.cloudfront.net\/2024\/03\/DESKarchitectesResidenceM-Photo03-75x100.jpg","logo-width":75,"logo-height":100,"masonry":"https:\/\/d2q6z78khxmx42.cloudfront.net\/2024\/03\/DESKarchitectesResidenceM-Photo03-550x733.jpg","masonry-width":550,"masonry-height":733,"modal":"https:\/\/d2q6z78khxmx42.cloudfront.net\/2024\/03\/DESKarchitectesResidenceM-Photo03-1440x1920.jpg","modal-width":1440,"modal-height":1920,"number":"https:\/\/d2q6z78khxmx42.cloudfront.net\/2024\/03\/ImENOyHn-DESKarchitectesResidenceM-Photo03-323x430.jpg","number-width":323,"number-height":430,"partner":"https:\/\/d2q6z78khxmx42.cloudfront.net\/2024\/03\/DESKarchitectesResidenceM-Photo03-158x210.jpg","partner-width":158,"partner-height":210,"ranking":"https:\/\/d2q6z78khxmx42.cloudfront.net\/2024\/03\/ImENOyHn-DESKarchitectesResidenceM-Photo03-960x540.jpg","ranking-width":960,"ranking-height":540,"schedule":"https:\/\/d2q6z78khxmx42.cloudfront.net\/2024\/03\/DESKarchitectesResidenceM-Photo03-960x360.jpg","schedule-width":960,"schedule-height":360,"slideshow":"https:\/\/d2q6z78khxmx42.cloudfront.net\/2024\/03\/DESKarchitectesResidenceM-Photo03-510x680.jpg","slideshow-width":510,"slideshow-height":680}},"filters":false,"suppliers":false,"attachment_category":[]},{"categories":[3637,3643],"credit":"Maxime Brouillet","image":{"ID":129769,"id":129769,"title":"DESKarchitectes_Re\u0301sidence M - Photo04","filename":"DESKarchitectesResidenceM-Photo04-scaled.jpg","filesize":571439,"url":"https:\/\/d2q6z78khxmx42.cloudfront.net\/2024\/03\/DESKarchitectesResidenceM-Photo04-scaled.jpg","link":"https:\/\/int.design\/fr\/projets\/residence-m-3\/deskarchitectes_residence-m-photo04\/","alt":"","author":"6153","description":"R\u00e9sidence M DESK architectes DESK architectes","caption":"","name":"deskarchitectes_residence-m-photo04","status":"inherit","uploaded_to":124542,"date":"2024-03-22 14:11:09","modified":"2024-08-20 21:12:40","menu_order":0,"mime_type":"image\/jpeg","type":"image","subtype":"jpeg","icon":"https:\/\/int.design\/wp-includes\/images\/media\/default.png","width":2560,"height":1920,"sizes":{"thumbnail":"https:\/\/d2q6z78khxmx42.cloudfront.net\/2024\/03\/DESKarchitectesResidenceM-Photo04-150x150.jpg","thumbnail-width":150,"thumbnail-height":150,"medium":"https:\/\/d2q6z78khxmx42.cloudfront.net\/2024\/03\/DESKarchitectesResidenceM-Photo04-300x225.jpg","medium-width":300,"medium-height":225,"medium_large":"https:\/\/d2q6z78khxmx42.cloudfront.net\/2024\/03\/DESKarchitectesResidenceM-Photo04-768x576.jpg","medium_large-width":768,"medium_large-height":576,"large":"https:\/\/d2q6z78khxmx42.cloudfront.net\/2024\/03\/DESKarchitectesResidenceM-Photo04-1024x768.jpg","large-width":1024,"large-height":768,"1536x1536":"https:\/\/d2q6z78khxmx42.cloudfront.net\/2024\/03\/DESKarchitectesResidenceM-Photo04-1536x1152.jpg","1536x1536-width":1536,"1536x1536-height":1152,"2048x2048":"https:\/\/d2q6z78khxmx42.cloudfront.net\/2024\/03\/DESKarchitectesResidenceM-Photo04-2048x1536.jpg","2048x2048-width":2048,"2048x2048-height":1536,"article":"https:\/\/d2q6z78khxmx42.cloudfront.net\/2024\/03\/DESKarchitectesResidenceM-Photo04-960x540.jpg","article-width":960,"article-height":540,"banner":"https:\/\/d2q6z78khxmx42.cloudfront.net\/2024\/03\/DESKarchitectesResidenceM-Photo04-1920x1440.jpg","banner-width":1920,"banner-height":1440,"block":"https:\/\/d2q6z78khxmx42.cloudfront.net\/2024\/03\/DESKarchitectesResidenceM-Photo04-900x680.jpg","block-width":900,"block-height":680,"card":"https:\/\/d2q6z78khxmx42.cloudfront.net\/2024\/03\/DESKarchitectesResidenceM-Photo04-560x495.jpg","card-width":560,"card-height":495,"card-thumbnail":"https:\/\/d2q6z78khxmx42.cloudfront.net\/2024\/03\/DESKarchitectesResidenceM-Photo04-450x340.jpg","card-thumbnail-width":450,"card-thumbnail-height":340,"conference":"https:\/\/d2q6z78khxmx42.cloudfront.net\/2024\/03\/DESKarchitectesResidenceM-Photo04-560x250.jpg","conference-width":560,"conference-height":250,"contest":"https:\/\/d2q6z78khxmx42.cloudfront.net\/2024\/03\/DESKarchitectesResidenceM-Photo04-960x400.jpg","contest-width":960,"contest-height":400,"cta":"https:\/\/d2q6z78khxmx42.cloudfront.net\/2024\/03\/DESKarchitectesResidenceM-Photo04-415x170.jpg","cta-width":415,"cta-height":170,"exhibitor":"https:\/\/d2q6z78khxmx42.cloudfront.net\/2024\/03\/DESKarchitectesResidenceM-Photo04-560x560.jpg","exhibitor-width":560,"exhibitor-height":560,"gallery":"https:\/\/d2q6z78khxmx42.cloudfront.net\/2024\/03\/DESKarchitectesResidenceM-Photo04-560x420.jpg","gallery-width":560,"gallery-height":420,"logo":"https:\/\/d2q6z78khxmx42.cloudfront.net\/2024\/03\/DESKarchitectesResidenceM-Photo04-133x100.jpg","logo-width":133,"logo-height":100,"masonry":"https:\/\/d2q6z78khxmx42.cloudfront.net\/2024\/03\/DESKarchitectesResidenceM-Photo04-550x413.jpg","masonry-width":550,"masonry-height":413,"modal":"https:\/\/d2q6z78khxmx42.cloudfront.net\/2024\/03\/RKjfSZje-DESKarchitectesResidenceM-Photo04-1920x1440.jpg","modal-width":1920,"modal-height":1440,"number":"https:\/\/d2q6z78khxmx42.cloudfront.net\/2024\/03\/RKjfSZje-DESKarchitectesResidenceM-Photo04-560x420.jpg","number-width":560,"number-height":420,"partner":"https:\/\/d2q6z78khxmx42.cloudfront.net\/2024\/03\/DESKarchitectesResidenceM-Photo04-275x206.jpg","partner-width":275,"partner-height":206,"ranking":"https:\/\/d2q6z78khxmx42.cloudfront.net\/2024\/03\/RKjfSZje-DESKarchitectesResidenceM-Photo04-960x540.jpg","ranking-width":960,"ranking-height":540,"schedule":"https:\/\/d2q6z78khxmx42.cloudfront.net\/2024\/03\/DESKarchitectesResidenceM-Photo04-960x360.jpg","schedule-width":960,"schedule-height":360,"slideshow":"https:\/\/d2q6z78khxmx42.cloudfront.net\/2024\/03\/DESKarchitectesResidenceM-Photo04-907x680.jpg","slideshow-width":907,"slideshow-height":680}},"filters":false,"suppliers":false,"attachment_category":[]},{"categories":[3637,3643],"credit":"Maxime Brouillet","image":{"ID":129770,"id":129770,"title":"DESKarchitectes_Re\u0301sidence M - Photo05","filename":"DESKarchitectesResidenceM-Photo05-scaled.jpg","filesize":457932,"url":"https:\/\/d2q6z78khxmx42.cloudfront.net\/2024\/03\/DESKarchitectesResidenceM-Photo05-scaled.jpg","link":"https:\/\/int.design\/fr\/projets\/residence-m-3\/deskarchitectes_residence-m-photo05\/","alt":"","author":"6153","description":"R\u00e9sidence M DESK architectes DESK architectes","caption":"","name":"deskarchitectes_residence-m-photo05","status":"inherit","uploaded_to":124542,"date":"2024-03-22 14:11:20","modified":"2024-08-20 21:12:40","menu_order":0,"mime_type":"image\/jpeg","type":"image","subtype":"jpeg","icon":"https:\/\/int.design\/wp-includes\/images\/media\/default.png","width":2560,"height":1920,"sizes":{"thumbnail":"https:\/\/d2q6z78khxmx42.cloudfront.net\/2024\/03\/DESKarchitectesResidenceM-Photo05-150x150.jpg","thumbnail-width":150,"thumbnail-height":150,"medium":"https:\/\/d2q6z78khxmx42.cloudfront.net\/2024\/03\/DESKarchitectesResidenceM-Photo05-300x225.jpg","medium-width":300,"medium-height":225,"medium_large":"https:\/\/d2q6z78khxmx42.cloudfront.net\/2024\/03\/DESKarchitectesResidenceM-Photo05-768x576.jpg","medium_large-width":768,"medium_large-height":576,"large":"https:\/\/d2q6z78khxmx42.cloudfront.net\/2024\/03\/DESKarchitectesResidenceM-Photo05-1024x768.jpg","large-width":1024,"large-height":768,"1536x1536":"https:\/\/d2q6z78khxmx42.cloudfront.net\/2024\/03\/DESKarchitectesResidenceM-Photo05-1536x1152.jpg","1536x1536-width":1536,"1536x1536-height":1152,"2048x2048":"https:\/\/d2q6z78khxmx42.cloudfront.net\/2024\/03\/DESKarchitectesResidenceM-Photo05-2048x1536.jpg","2048x2048-width":2048,"2048x2048-height":1536,"article":"https:\/\/d2q6z78khxmx42.cloudfront.net\/2024\/03\/DESKarchitectesResidenceM-Photo05-960x540.jpg","article-width":960,"article-height":540,"banner":"https:\/\/d2q6z78khxmx42.cloudfront.net\/2024\/03\/DESKarchitectesResidenceM-Photo05-1920x1440.jpg","banner-width":1920,"banner-height":1440,"block":"https:\/\/d2q6z78khxmx42.cloudfront.net\/2024\/03\/DESKarchitectesResidenceM-Photo05-900x680.jpg","block-width":900,"block-height":680,"card":"https:\/\/d2q6z78khxmx42.cloudfront.net\/2024\/03\/DESKarchitectesResidenceM-Photo05-560x495.jpg","card-width":560,"card-height":495,"card-thumbnail":"https:\/\/d2q6z78khxmx42.cloudfront.net\/2024\/03\/DESKarchitectesResidenceM-Photo05-450x340.jpg","card-thumbnail-width":450,"card-thumbnail-height":340,"conference":"https:\/\/d2q6z78khxmx42.cloudfront.net\/2024\/03\/DESKarchitectesResidenceM-Photo05-560x250.jpg","conference-width":560,"conference-height":250,"contest":"https:\/\/d2q6z78khxmx42.cloudfront.net\/2024\/03\/DESKarchitectesResidenceM-Photo05-960x400.jpg","contest-width":960,"contest-height":400,"cta":"https:\/\/d2q6z78khxmx42.cloudfront.net\/2024\/03\/DESKarchitectesResidenceM-Photo05-415x170.jpg","cta-width":415,"cta-height":170,"exhibitor":"https:\/\/d2q6z78khxmx42.cloudfront.net\/2024\/03\/DESKarchitectesResidenceM-Photo05-560x560.jpg","exhibitor-width":560,"exhibitor-height":560,"gallery":"https:\/\/d2q6z78khxmx42.cloudfront.net\/2024\/03\/DESKarchitectesResidenceM-Photo05-560x420.jpg","gallery-width":560,"gallery-height":420,"logo":"https:\/\/d2q6z78khxmx42.cloudfront.net\/2024\/03\/DESKarchitectesResidenceM-Photo05-133x100.jpg","logo-width":133,"logo-height":100,"masonry":"https:\/\/d2q6z78khxmx42.cloudfront.net\/2024\/03\/DESKarchitectesResidenceM-Photo05-550x413.jpg","masonry-width":550,"masonry-height":413,"modal":"https:\/\/d2q6z78khxmx42.cloudfront.net\/2024\/03\/o7frNZXU-DESKarchitectesResidenceM-Photo05-1920x1440.jpg","modal-width":1920,"modal-height":1440,"number":"https:\/\/d2q6z78khxmx42.cloudfront.net\/2024\/03\/o7frNZXU-DESKarchitectesResidenceM-Photo05-560x420.jpg","number-width":560,"number-height":420,"partner":"https:\/\/d2q6z78khxmx42.cloudfront.net\/2024\/03\/DESKarchitectesResidenceM-Photo05-275x206.jpg","partner-width":275,"partner-height":206,"ranking":"https:\/\/d2q6z78khxmx42.cloudfront.net\/2024\/03\/o7frNZXU-DESKarchitectesResidenceM-Photo05-960x540.jpg","ranking-width":960,"ranking-height":540,"schedule":"https:\/\/d2q6z78khxmx42.cloudfront.net\/2024\/03\/DESKarchitectesResidenceM-Photo05-960x360.jpg","schedule-width":960,"schedule-height":360,"slideshow":"https:\/\/d2q6z78khxmx42.cloudfront.net\/2024\/03\/DESKarchitectesResidenceM-Photo05-907x680.jpg","slideshow-width":907,"slideshow-height":680}},"filters":false,"suppliers":false,"attachment_category":[]},{"categories":[3637,3643],"credit":"","image":{"ID":129771,"id":129771,"title":"DESKarchitectes_Re\u0301sidence M - Photo06","filename":"DESKarchitectesResidenceM-Photo06-scaled.jpg","filesize":733080,"url":"https:\/\/d2q6z78khxmx42.cloudfront.net\/2024\/03\/DESKarchitectesResidenceM-Photo06-scaled.jpg","link":"https:\/\/int.design\/fr\/projets\/residence-m-3\/deskarchitectes_residence-m-photo06\/","alt":"","author":"6153","description":"R\u00e9sidence M DESK architectes DESK architectes","caption":"","name":"deskarchitectes_residence-m-photo06","status":"inherit","uploaded_to":124542,"date":"2024-03-22 14:11:30","modified":"2024-08-20 21:12:40","menu_order":0,"mime_type":"image\/jpeg","type":"image","subtype":"jpeg","icon":"https:\/\/int.design\/wp-includes\/images\/media\/default.png","width":2560,"height":1920,"sizes":{"thumbnail":"https:\/\/d2q6z78khxmx42.cloudfront.net\/2024\/03\/DESKarchitectesResidenceM-Photo06-150x150.jpg","thumbnail-width":150,"thumbnail-height":150,"medium":"https:\/\/d2q6z78khxmx42.cloudfront.net\/2024\/03\/DESKarchitectesResidenceM-Photo06-300x225.jpg","medium-width":300,"medium-height":225,"medium_large":"https:\/\/d2q6z78khxmx42.cloudfront.net\/2024\/03\/DESKarchitectesResidenceM-Photo06-768x576.jpg","medium_large-width":768,"medium_large-height":576,"large":"https:\/\/d2q6z78khxmx42.cloudfront.net\/2024\/03\/DESKarchitectesResidenceM-Photo06-1024x768.jpg","large-width":1024,"large-height":768,"1536x1536":"https:\/\/d2q6z78khxmx42.cloudfront.net\/2024\/03\/DESKarchitectesResidenceM-Photo06-1536x1152.jpg","1536x1536-width":1536,"1536x1536-height":1152,"2048x2048":"https:\/\/d2q6z78khxmx42.cloudfront.net\/2024\/03\/DESKarchitectesResidenceM-Photo06-2048x1536.jpg","2048x2048-width":2048,"2048x2048-height":1536,"article":"https:\/\/d2q6z78khxmx42.cloudfront.net\/2024\/03\/DESKarchitectesResidenceM-Photo06-960x540.jpg","article-width":960,"article-height":540,"banner":"https:\/\/d2q6z78khxmx42.cloudfront.net\/2024\/03\/DESKarchitectesResidenceM-Photo06-1920x1440.jpg","banner-width":1920,"banner-height":1440,"block":"https:\/\/d2q6z78khxmx42.cloudfront.net\/2024\/03\/DESKarchitectesResidenceM-Photo06-900x680.jpg","block-width":900,"block-height":680,"card":"https:\/\/d2q6z78khxmx42.cloudfront.net\/2024\/03\/DESKarchitectesResidenceM-Photo06-560x495.jpg","card-width":560,"card-height":495,"card-thumbnail":"https:\/\/d2q6z78khxmx42.cloudfront.net\/2024\/03\/DESKarchitectesResidenceM-Photo06-450x340.jpg","card-thumbnail-width":450,"card-thumbnail-height":340,"conference":"https:\/\/d2q6z78khxmx42.cloudfront.net\/2024\/03\/DESKarchitectesResidenceM-Photo06-560x250.jpg","conference-width":560,"conference-height":250,"contest":"https:\/\/d2q6z78khxmx42.cloudfront.net\/2024\/03\/DESKarchitectesResidenceM-Photo06-960x400.jpg","contest-width":960,"contest-height":400,"cta":"https:\/\/d2q6z78khxmx42.cloudfront.net\/2024\/03\/DESKarchitectesResidenceM-Photo06-415x170.jpg","cta-width":415,"cta-height":170,"exhibitor":"https:\/\/d2q6z78khxmx42.cloudfront.net\/2024\/03\/DESKarchitectesResidenceM-Photo06-560x560.jpg","exhibitor-width":560,"exhibitor-height":560,"gallery":"https:\/\/d2q6z78khxmx42.cloudfront.net\/2024\/03\/DESKarchitectesResidenceM-Photo06-560x420.jpg","gallery-width":560,"gallery-height":420,"logo":"https:\/\/d2q6z78khxmx42.cloudfront.net\/2024\/03\/DESKarchitectesResidenceM-Photo06-133x100.jpg","logo-width":133,"logo-height":100,"masonry":"https:\/\/d2q6z78khxmx42.cloudfront.net\/2024\/03\/DESKarchitectesResidenceM-Photo06-550x413.jpg","masonry-width":550,"masonry-height":413,"modal":"https:\/\/d2q6z78khxmx42.cloudfront.net\/2024\/03\/JWKG0o1r-DESKarchitectesResidenceM-Photo06-1920x1440.jpg","modal-width":1920,"modal-height":1440,"number":"https:\/\/d2q6z78khxmx42.cloudfront.net\/2024\/03\/JWKG0o1r-DESKarchitectesResidenceM-Photo06-560x420.jpg","number-width":560,"number-height":420,"partner":"https:\/\/d2q6z78khxmx42.cloudfront.net\/2024\/03\/DESKarchitectesResidenceM-Photo06-275x206.jpg","partner-width":275,"partner-height":206,"ranking":"https:\/\/d2q6z78khxmx42.cloudfront.net\/2024\/03\/JWKG0o1r-DESKarchitectesResidenceM-Photo06-960x540.jpg","ranking-width":960,"ranking-height":540,"schedule":"https:\/\/d2q6z78khxmx42.cloudfront.net\/2024\/03\/DESKarchitectesResidenceM-Photo06-960x360.jpg","schedule-width":960,"schedule-height":360,"slideshow":"https:\/\/d2q6z78khxmx42.cloudfront.net\/2024\/03\/DESKarchitectesResidenceM-Photo06-907x680.jpg","slideshow-width":907,"slideshow-height":680}},"filters":false,"suppliers":false,"attachment_category":[]},{"categories":[3637,3643],"credit":"Maxime Brouillet","image":{"ID":129772,"id":129772,"title":"DESKarchitectes_Re\u0301sidence M - Photo07","filename":"DESKarchitectesResidenceM-Photo07-scaled.jpg","filesize":621029,"url":"https:\/\/d2q6z78khxmx42.cloudfront.net\/2024\/03\/DESKarchitectesResidenceM-Photo07-scaled.jpg","link":"https:\/\/int.design\/fr\/projets\/residence-m-3\/deskarchitectes_residence-m-photo07\/","alt":"","author":"6153","description":"R\u00e9sidence M DESK architectes DESK architectes","caption":"","name":"deskarchitectes_residence-m-photo07","status":"inherit","uploaded_to":124542,"date":"2024-03-22 14:11:55","modified":"2024-08-20 21:12:40","menu_order":0,"mime_type":"image\/jpeg","type":"image","subtype":"jpeg","icon":"https:\/\/int.design\/wp-includes\/images\/media\/default.png","width":2560,"height":1920,"sizes":{"thumbnail":"https:\/\/d2q6z78khxmx42.cloudfront.net\/2024\/03\/DESKarchitectesResidenceM-Photo07-150x150.jpg","thumbnail-width":150,"thumbnail-height":150,"medium":"https:\/\/d2q6z78khxmx42.cloudfront.net\/2024\/03\/DESKarchitectesResidenceM-Photo07-300x225.jpg","medium-width":300,"medium-height":225,"medium_large":"https:\/\/d2q6z78khxmx42.cloudfront.net\/2024\/03\/DESKarchitectesResidenceM-Photo07-768x576.jpg","medium_large-width":768,"medium_large-height":576,"large":"https:\/\/d2q6z78khxmx42.cloudfront.net\/2024\/03\/DESKarchitectesResidenceM-Photo07-1024x768.jpg","large-width":1024,"large-height":768,"1536x1536":"https:\/\/d2q6z78khxmx42.cloudfront.net\/2024\/03\/DESKarchitectesResidenceM-Photo07-1536x1152.jpg","1536x1536-width":1536,"1536x1536-height":1152,"2048x2048":"https:\/\/d2q6z78khxmx42.cloudfront.net\/2024\/03\/DESKarchitectesResidenceM-Photo07-2048x1536.jpg","2048x2048-width":2048,"2048x2048-height":1536,"article":"https:\/\/d2q6z78khxmx42.cloudfront.net\/2024\/03\/DESKarchitectesResidenceM-Photo07-960x540.jpg","article-width":960,"article-height":540,"banner":"https:\/\/d2q6z78khxmx42.cloudfront.net\/2024\/03\/DESKarchitectesResidenceM-Photo07-1920x1440.jpg","banner-width":1920,"banner-height":1440,"block":"https:\/\/d2q6z78khxmx42.cloudfront.net\/2024\/03\/DESKarchitectesResidenceM-Photo07-900x680.jpg","block-width":900,"block-height":680,"card":"https:\/\/d2q6z78khxmx42.cloudfront.net\/2024\/03\/DESKarchitectesResidenceM-Photo07-560x495.jpg","card-width":560,"card-height":495,"card-thumbnail":"https:\/\/d2q6z78khxmx42.cloudfront.net\/2024\/03\/DESKarchitectesResidenceM-Photo07-450x340.jpg","card-thumbnail-width":450,"card-thumbnail-height":340,"conference":"https:\/\/d2q6z78khxmx42.cloudfront.net\/2024\/03\/DESKarchitectesResidenceM-Photo07-560x250.jpg","conference-width":560,"conference-height":250,"contest":"https:\/\/d2q6z78khxmx42.cloudfront.net\/2024\/03\/DESKarchitectesResidenceM-Photo07-960x400.jpg","contest-width":960,"contest-height":400,"cta":"https:\/\/d2q6z78khxmx42.cloudfront.net\/2024\/03\/DESKarchitectesResidenceM-Photo07-415x170.jpg","cta-width":415,"cta-height":170,"exhibitor":"https:\/\/d2q6z78khxmx42.cloudfront.net\/2024\/03\/DESKarchitectesResidenceM-Photo07-560x560.jpg","exhibitor-width":560,"exhibitor-height":560,"gallery":"https:\/\/d2q6z78khxmx42.cloudfront.net\/2024\/03\/DESKarchitectesResidenceM-Photo07-560x420.jpg","gallery-width":560,"gallery-height":420,"logo":"https:\/\/d2q6z78khxmx42.cloudfront.net\/2024\/03\/DESKarchitectesResidenceM-Photo07-133x100.jpg","logo-width":133,"logo-height":100,"masonry":"https:\/\/d2q6z78khxmx42.cloudfront.net\/2024\/03\/DESKarchitectesResidenceM-Photo07-550x413.jpg","masonry-width":550,"masonry-height":413,"modal":"https:\/\/d2q6z78khxmx42.cloudfront.net\/2024\/03\/aBERxcaU-DESKarchitectesResidenceM-Photo07-1920x1440.jpg","modal-width":1920,"modal-height":1440,"number":"https:\/\/d2q6z78khxmx42.cloudfront.net\/2024\/03\/aBERxcaU-DESKarchitectesResidenceM-Photo07-560x420.jpg","number-width":560,"number-height":420,"partner":"https:\/\/d2q6z78khxmx42.cloudfront.net\/2024\/03\/DESKarchitectesResidenceM-Photo07-275x206.jpg","partner-width":275,"partner-height":206,"ranking":"https:\/\/d2q6z78khxmx42.cloudfront.net\/2024\/03\/aBERxcaU-DESKarchitectesResidenceM-Photo07-960x540.jpg","ranking-width":960,"ranking-height":540,"schedule":"https:\/\/d2q6z78khxmx42.cloudfront.net\/2024\/03\/DESKarchitectesResidenceM-Photo07-960x360.jpg","schedule-width":960,"schedule-height":360,"slideshow":"https:\/\/d2q6z78khxmx42.cloudfront.net\/2024\/03\/DESKarchitectesResidenceM-Photo07-907x680.jpg","slideshow-width":907,"slideshow-height":680}},"filters":false,"suppliers":false,"attachment_category":[]},{"categories":[3637,3643],"credit":"Maxime Brouillet","image":{"ID":129773,"id":129773,"title":"DESKarchitectes_Re\u0301sidence M - Photo08","filename":"DESKarchitectesResidenceM-Photo08-scaled.jpg","filesize":1670474,"url":"https:\/\/d2q6z78khxmx42.cloudfront.net\/2024\/03\/DESKarchitectesResidenceM-Photo08-scaled.jpg","link":"https:\/\/int.design\/fr\/projets\/residence-m-3\/deskarchitectes_residence-m-photo08\/","alt":"","author":"6153","description":"R\u00e9sidence M DESK architectes DESK architectes","caption":"","name":"deskarchitectes_residence-m-photo08","status":"inherit","uploaded_to":124542,"date":"2024-03-22 14:12:06","modified":"2024-08-20 21:12:40","menu_order":0,"mime_type":"image\/jpeg","type":"image","subtype":"jpeg","icon":"https:\/\/int.design\/wp-includes\/images\/media\/default.png","width":2560,"height":1920,"sizes":{"thumbnail":"https:\/\/d2q6z78khxmx42.cloudfront.net\/2024\/03\/DESKarchitectesResidenceM-Photo08-150x150.jpg","thumbnail-width":150,"thumbnail-height":150,"medium":"https:\/\/d2q6z78khxmx42.cloudfront.net\/2024\/03\/DESKarchitectesResidenceM-Photo08-300x225.jpg","medium-width":300,"medium-height":225,"medium_large":"https:\/\/d2q6z78khxmx42.cloudfront.net\/2024\/03\/DESKarchitectesResidenceM-Photo08-768x576.jpg","medium_large-width":768,"medium_large-height":576,"large":"https:\/\/d2q6z78khxmx42.cloudfront.net\/2024\/03\/DESKarchitectesResidenceM-Photo08-1024x768.jpg","large-width":1024,"large-height":768,"1536x1536":"https:\/\/d2q6z78khxmx42.cloudfront.net\/2024\/03\/DESKarchitectesResidenceM-Photo08-1536x1152.jpg","1536x1536-width":1536,"1536x1536-height":1152,"2048x2048":"https:\/\/d2q6z78khxmx42.cloudfront.net\/2024\/03\/DESKarchitectesResidenceM-Photo08-2048x1536.jpg","2048x2048-width":2048,"2048x2048-height":1536,"article":"https:\/\/d2q6z78khxmx42.cloudfront.net\/2024\/03\/DESKarchitectesResidenceM-Photo08-960x540.jpg","article-width":960,"article-height":540,"banner":"https:\/\/d2q6z78khxmx42.cloudfront.net\/2024\/03\/DESKarchitectesResidenceM-Photo08-1920x1440.jpg","banner-width":1920,"banner-height":1440,"block":"https:\/\/d2q6z78khxmx42.cloudfront.net\/2024\/03\/DESKarchitectesResidenceM-Photo08-900x680.jpg","block-width":900,"block-height":680,"card":"https:\/\/d2q6z78khxmx42.cloudfront.net\/2024\/03\/DESKarchitectesResidenceM-Photo08-560x495.jpg","card-width":560,"card-height":495,"card-thumbnail":"https:\/\/d2q6z78khxmx42.cloudfront.net\/2024\/03\/DESKarchitectesResidenceM-Photo08-450x340.jpg","card-thumbnail-width":450,"card-thumbnail-height":340,"conference":"https:\/\/d2q6z78khxmx42.cloudfront.net\/2024\/03\/DESKarchitectesResidenceM-Photo08-560x250.jpg","conference-width":560,"conference-height":250,"contest":"https:\/\/d2q6z78khxmx42.cloudfront.net\/2024\/03\/DESKarchitectesResidenceM-Photo08-960x400.jpg","contest-width":960,"contest-height":400,"cta":"https:\/\/d2q6z78khxmx42.cloudfront.net\/2024\/03\/DESKarchitectesResidenceM-Photo08-415x170.jpg","cta-width":415,"cta-height":170,"exhibitor":"https:\/\/d2q6z78khxmx42.cloudfront.net\/2024\/03\/DESKarchitectesResidenceM-Photo08-560x560.jpg","exhibitor-width":560,"exhibitor-height":560,"gallery":"https:\/\/d2q6z78khxmx42.cloudfront.net\/2024\/03\/DESKarchitectesResidenceM-Photo08-560x420.jpg","gallery-width":560,"gallery-height":420,"logo":"https:\/\/d2q6z78khxmx42.cloudfront.net\/2024\/03\/DESKarchitectesResidenceM-Photo08-133x100.jpg","logo-width":133,"logo-height":100,"masonry":"https:\/\/d2q6z78khxmx42.cloudfront.net\/2024\/03\/DESKarchitectesResidenceM-Photo08-550x413.jpg","masonry-width":550,"masonry-height":413,"modal":"https:\/\/d2q6z78khxmx42.cloudfront.net\/2024\/03\/gioFfAY3-DESKarchitectesResidenceM-Photo08-1920x1440.jpg","modal-width":1920,"modal-height":1440,"number":"https:\/\/d2q6z78khxmx42.cloudfront.net\/2024\/03\/gioFfAY3-DESKarchitectesResidenceM-Photo08-560x420.jpg","number-width":560,"number-height":420,"partner":"https:\/\/d2q6z78khxmx42.cloudfront.net\/2024\/03\/DESKarchitectesResidenceM-Photo08-275x206.jpg","partner-width":275,"partner-height":206,"ranking":"https:\/\/d2q6z78khxmx42.cloudfront.net\/2024\/03\/gioFfAY3-DESKarchitectesResidenceM-Photo08-960x540.jpg","ranking-width":960,"ranking-height":540,"schedule":"https:\/\/d2q6z78khxmx42.cloudfront.net\/2024\/03\/DESKarchitectesResidenceM-Photo08-960x360.jpg","schedule-width":960,"schedule-height":360,"slideshow":"https:\/\/d2q6z78khxmx42.cloudfront.net\/2024\/03\/DESKarchitectesResidenceM-Photo08-907x680.jpg","slideshow-width":907,"slideshow-height":680}},"filters":false,"suppliers":false,"attachment_category":[]},{"categories":[3637,3643],"credit":"Maxime Brouillet","image":{"ID":129774,"id":129774,"title":"DESKarchitectes_Re\u0301sidence M - Photo09","filename":"DESKarchitectesResidenceM-Photo09-scaled.jpg","filesize":1210924,"url":"https:\/\/d2q6z78khxmx42.cloudfront.net\/2024\/03\/DESKarchitectesResidenceM-Photo09-scaled.jpg","link":"https:\/\/int.design\/fr\/projets\/residence-m-3\/deskarchitectes_residence-m-photo09\/","alt":"","author":"6153","description":"R\u00e9sidence M DESK architectes DESK architectes","caption":"","name":"deskarchitectes_residence-m-photo09","status":"inherit","uploaded_to":124542,"date":"2024-03-22 14:12:12","modified":"2024-08-20 21:12:40","menu_order":0,"mime_type":"image\/jpeg","type":"image","subtype":"jpeg","icon":"https:\/\/int.design\/wp-includes\/images\/media\/default.png","width":1920,"height":2560,"sizes":{"thumbnail":"https:\/\/d2q6z78khxmx42.cloudfront.net\/2024\/03\/DESKarchitectesResidenceM-Photo09-150x150.jpg","thumbnail-width":150,"thumbnail-height":150,"medium":"https:\/\/d2q6z78khxmx42.cloudfront.net\/2024\/03\/DESKarchitectesResidenceM-Photo09-225x300.jpg","medium-width":225,"medium-height":300,"medium_large":"https:\/\/d2q6z78khxmx42.cloudfront.net\/2024\/03\/0f9osNOU-DESKarchitectesResidenceM-Photo09-768x1024.jpg","medium_large-width":768,"medium_large-height":1024,"large":"https:\/\/d2q6z78khxmx42.cloudfront.net\/2024\/03\/DESKarchitectesResidenceM-Photo09-768x1024.jpg","large-width":768,"large-height":1024,"1536x1536":"https:\/\/d2q6z78khxmx42.cloudfront.net\/2024\/03\/DESKarchitectesResidenceM-Photo09-1152x1536.jpg","1536x1536-width":1152,"1536x1536-height":1536,"2048x2048":"https:\/\/d2q6z78khxmx42.cloudfront.net\/2024\/03\/DESKarchitectesResidenceM-Photo09-1536x2048.jpg","2048x2048-width":1536,"2048x2048-height":2048,"article":"https:\/\/d2q6z78khxmx42.cloudfront.net\/2024\/03\/DESKarchitectesResidenceM-Photo09-960x540.jpg","article-width":960,"article-height":540,"banner":"https:\/\/d2q6z78khxmx42.cloudfront.net\/2024\/03\/DESKarchitectesResidenceM-Photo09-1920x2560.jpg","banner-width":1920,"banner-height":2560,"block":"https:\/\/d2q6z78khxmx42.cloudfront.net\/2024\/03\/DESKarchitectesResidenceM-Photo09-900x680.jpg","block-width":900,"block-height":680,"card":"https:\/\/d2q6z78khxmx42.cloudfront.net\/2024\/03\/DESKarchitectesResidenceM-Photo09-560x495.jpg","card-width":560,"card-height":495,"card-thumbnail":"https:\/\/d2q6z78khxmx42.cloudfront.net\/2024\/03\/DESKarchitectesResidenceM-Photo09-450x340.jpg","card-thumbnail-width":450,"card-thumbnail-height":340,"conference":"https:\/\/d2q6z78khxmx42.cloudfront.net\/2024\/03\/DESKarchitectesResidenceM-Photo09-560x250.jpg","conference-width":560,"conference-height":250,"contest":"https:\/\/d2q6z78khxmx42.cloudfront.net\/2024\/03\/DESKarchitectesResidenceM-Photo09-960x400.jpg","contest-width":960,"contest-height":400,"cta":"https:\/\/d2q6z78khxmx42.cloudfront.net\/2024\/03\/DESKarchitectesResidenceM-Photo09-415x170.jpg","cta-width":415,"cta-height":170,"exhibitor":"https:\/\/d2q6z78khxmx42.cloudfront.net\/2024\/03\/DESKarchitectesResidenceM-Photo09-560x560.jpg","exhibitor-width":560,"exhibitor-height":560,"gallery":"https:\/\/d2q6z78khxmx42.cloudfront.net\/2024\/03\/DESKarchitectesResidenceM-Photo09-323x430.jpg","gallery-width":323,"gallery-height":430,"logo":"https:\/\/d2q6z78khxmx42.cloudfront.net\/2024\/03\/DESKarchitectesResidenceM-Photo09-75x100.jpg","logo-width":75,"logo-height":100,"masonry":"https:\/\/d2q6z78khxmx42.cloudfront.net\/2024\/03\/DESKarchitectesResidenceM-Photo09-550x733.jpg","masonry-width":550,"masonry-height":733,"modal":"https:\/\/d2q6z78khxmx42.cloudfront.net\/2024\/03\/DESKarchitectesResidenceM-Photo09-1440x1920.jpg","modal-width":1440,"modal-height":1920,"number":"https:\/\/d2q6z78khxmx42.cloudfront.net\/2024\/03\/0f9osNOU-DESKarchitectesResidenceM-Photo09-323x430.jpg","number-width":323,"number-height":430,"partner":"https:\/\/d2q6z78khxmx42.cloudfront.net\/2024\/03\/DESKarchitectesResidenceM-Photo09-158x210.jpg","partner-width":158,"partner-height":210,"ranking":"https:\/\/d2q6z78khxmx42.cloudfront.net\/2024\/03\/0f9osNOU-DESKarchitectesResidenceM-Photo09-960x540.jpg","ranking-width":960,"ranking-height":540,"schedule":"https:\/\/d2q6z78khxmx42.cloudfront.net\/2024\/03\/DESKarchitectesResidenceM-Photo09-960x360.jpg","schedule-width":960,"schedule-height":360,"slideshow":"https:\/\/d2q6z78khxmx42.cloudfront.net\/2024\/03\/DESKarchitectesResidenceM-Photo09-510x680.jpg","slideshow-width":510,"slideshow-height":680}},"filters":false,"suppliers":false,"attachment_category":[]},{"categories":[3637,3643],"credit":"Maxime Brouillet","image":{"ID":129775,"id":129775,"title":"DESKarchitectes_Re\u0301sidence M - Photo10","filename":"DESKarchitectesResidenceM-Photo10-scaled.jpg","filesize":1629826,"url":"https:\/\/d2q6z78khxmx42.cloudfront.net\/2024\/03\/DESKarchitectesResidenceM-Photo10-scaled.jpg","link":"https:\/\/int.design\/fr\/projets\/residence-m-3\/deskarchitectes_residence-m-photo10\/","alt":"","author":"6153","description":"R\u00e9sidence M DESK architectes DESK architectes","caption":"","name":"deskarchitectes_residence-m-photo10","status":"inherit","uploaded_to":124542,"date":"2024-03-22 14:12:25","modified":"2024-08-20 21:12:40","menu_order":0,"mime_type":"image\/jpeg","type":"image","subtype":"jpeg","icon":"https:\/\/int.design\/wp-includes\/images\/media\/default.png","width":2560,"height":1917,"sizes":{"thumbnail":"https:\/\/d2q6z78khxmx42.cloudfront.net\/2024\/03\/DESKarchitectesResidenceM-Photo10-150x150.jpg","thumbnail-width":150,"thumbnail-height":150,"medium":"https:\/\/d2q6z78khxmx42.cloudfront.net\/2024\/03\/DESKarchitectesResidenceM-Photo10-300x225.jpg","medium-width":300,"medium-height":225,"medium_large":"https:\/\/d2q6z78khxmx42.cloudfront.net\/2024\/03\/DESKarchitectesResidenceM-Photo10-768x575.jpg","medium_large-width":768,"medium_large-height":575,"large":"https:\/\/d2q6z78khxmx42.cloudfront.net\/2024\/03\/DESKarchitectesResidenceM-Photo10-1024x767.jpg","large-width":1024,"large-height":767,"1536x1536":"https:\/\/d2q6z78khxmx42.cloudfront.net\/2024\/03\/DESKarchitectesResidenceM-Photo10-1536x1150.jpg","1536x1536-width":1536,"1536x1536-height":1150,"2048x2048":"https:\/\/d2q6z78khxmx42.cloudfront.net\/2024\/03\/DESKarchitectesResidenceM-Photo10-2048x1534.jpg","2048x2048-width":2048,"2048x2048-height":1534,"article":"https:\/\/d2q6z78khxmx42.cloudfront.net\/2024\/03\/DESKarchitectesResidenceM-Photo10-960x540.jpg","article-width":960,"article-height":540,"banner":"https:\/\/d2q6z78khxmx42.cloudfront.net\/2024\/03\/DESKarchitectesResidenceM-Photo10-1920x1438.jpg","banner-width":1920,"banner-height":1438,"block":"https:\/\/d2q6z78khxmx42.cloudfront.net\/2024\/03\/DESKarchitectesResidenceM-Photo10-900x680.jpg","block-width":900,"block-height":680,"card":"https:\/\/d2q6z78khxmx42.cloudfront.net\/2024\/03\/DESKarchitectesResidenceM-Photo10-560x495.jpg","card-width":560,"card-height":495,"card-thumbnail":"https:\/\/d2q6z78khxmx42.cloudfront.net\/2024\/03\/DESKarchitectesResidenceM-Photo10-450x340.jpg","card-thumbnail-width":450,"card-thumbnail-height":340,"conference":"https:\/\/d2q6z78khxmx42.cloudfront.net\/2024\/03\/DESKarchitectesResidenceM-Photo10-560x250.jpg","conference-width":560,"conference-height":250,"contest":"https:\/\/d2q6z78khxmx42.cloudfront.net\/2024\/03\/DESKarchitectesResidenceM-Photo10-960x400.jpg","contest-width":960,"contest-height":400,"cta":"https:\/\/d2q6z78khxmx42.cloudfront.net\/2024\/03\/DESKarchitectesResidenceM-Photo10-415x170.jpg","cta-width":415,"cta-height":170,"exhibitor":"https:\/\/d2q6z78khxmx42.cloudfront.net\/2024\/03\/DESKarchitectesResidenceM-Photo10-560x560.jpg","exhibitor-width":560,"exhibitor-height":560,"gallery":"https:\/\/d2q6z78khxmx42.cloudfront.net\/2024\/03\/DESKarchitectesResidenceM-Photo10-560x419.jpg","gallery-width":560,"gallery-height":419,"logo":"https:\/\/d2q6z78khxmx42.cloudfront.net\/2024\/03\/DESKarchitectesResidenceM-Photo10-134x100.jpg","logo-width":134,"logo-height":100,"masonry":"https:\/\/d2q6z78khxmx42.cloudfront.net\/2024\/03\/DESKarchitectesResidenceM-Photo10-550x412.jpg","masonry-width":550,"masonry-height":412,"modal":"https:\/\/d2q6z78khxmx42.cloudfront.net\/2024\/03\/VDWll2bZ-DESKarchitectesResidenceM-Photo10-1920x1438.jpg","modal-width":1920,"modal-height":1438,"number":"https:\/\/d2q6z78khxmx42.cloudfront.net\/2024\/03\/VDWll2bZ-DESKarchitectesResidenceM-Photo10-560x419.jpg","number-width":560,"number-height":419,"partner":"https:\/\/d2q6z78khxmx42.cloudfront.net\/2024\/03\/DESKarchitectesResidenceM-Photo10-275x206.jpg","partner-width":275,"partner-height":206,"ranking":"https:\/\/d2q6z78khxmx42.cloudfront.net\/2024\/03\/VDWll2bZ-DESKarchitectesResidenceM-Photo10-960x540.jpg","ranking-width":960,"ranking-height":540,"schedule":"https:\/\/d2q6z78khxmx42.cloudfront.net\/2024\/03\/DESKarchitectesResidenceM-Photo10-960x360.jpg","schedule-width":960,"schedule-height":360,"slideshow":"https:\/\/d2q6z78khxmx42.cloudfront.net\/2024\/03\/DESKarchitectesResidenceM-Photo10-908x680.jpg","slideshow-width":908,"slideshow-height":680}},"filters":false,"suppliers":false,"attachment_category":[]}],"mandatory_documents":[{"name":"Implantation","file":{"ID":129776,"id":129776,"title":"DESKarchitectes_Re\u0301sidence M - Implantation","filename":"DESKarchitectesResidenceM-Implantation-scaled.jpg","filesize":397834,"url":"https:\/\/d2q6z78khxmx42.cloudfront.net\/2024\/03\/DESKarchitectesResidenceM-Implantation-scaled.jpg","link":"https:\/\/int.design\/fr\/projets\/residence-m-3\/deskarchitectes_residence-m-implantation\/","alt":"","author":"6153","description":"","caption":"","name":"deskarchitectes_residence-m-implantation","status":"inherit","uploaded_to":124542,"date":"2024-03-22 14:13:35","modified":"2024-03-22 14:13:57","menu_order":0,"mime_type":"image\/jpeg","type":"image","subtype":"jpeg","icon":"https:\/\/int.design\/wp-includes\/images\/media\/default.png","width":2560,"height":1920,"sizes":{"thumbnail":"https:\/\/d2q6z78khxmx42.cloudfront.net\/2024\/03\/DESKarchitectesResidenceM-Implantation-150x150.jpg","thumbnail-width":150,"thumbnail-height":150,"medium":"https:\/\/d2q6z78khxmx42.cloudfront.net\/2024\/03\/DESKarchitectesResidenceM-Implantation-300x225.jpg","medium-width":300,"medium-height":225,"medium_large":"https:\/\/d2q6z78khxmx42.cloudfront.net\/2024\/03\/DESKarchitectesResidenceM-Implantation-768x576.jpg","medium_large-width":768,"medium_large-height":576,"large":"https:\/\/d2q6z78khxmx42.cloudfront.net\/2024\/03\/DESKarchitectesResidenceM-Implantation-1024x768.jpg","large-width":1024,"large-height":768,"1536x1536":"https:\/\/d2q6z78khxmx42.cloudfront.net\/2024\/03\/DESKarchitectesResidenceM-Implantation-1536x1152.jpg","1536x1536-width":1536,"1536x1536-height":1152,"2048x2048":"https:\/\/d2q6z78khxmx42.cloudfront.net\/2024\/03\/DESKarchitectesResidenceM-Implantation-2048x1536.jpg","2048x2048-width":2048,"2048x2048-height":1536,"article":"https:\/\/d2q6z78khxmx42.cloudfront.net\/2024\/03\/DESKarchitectesResidenceM-Implantation-960x540.jpg","article-width":960,"article-height":540,"banner":"https:\/\/d2q6z78khxmx42.cloudfront.net\/2024\/03\/DESKarchitectesResidenceM-Implantation-1920x1440.jpg","banner-width":1920,"banner-height":1440,"block":"https:\/\/d2q6z78khxmx42.cloudfront.net\/2024\/03\/DESKarchitectesResidenceM-Implantation-900x680.jpg","block-width":900,"block-height":680,"card":"https:\/\/d2q6z78khxmx42.cloudfront.net\/2024\/03\/DESKarchitectesResidenceM-Implantation-560x495.jpg","card-width":560,"card-height":495,"card-thumbnail":"https:\/\/d2q6z78khxmx42.cloudfront.net\/2024\/03\/DESKarchitectesResidenceM-Implantation-450x340.jpg","card-thumbnail-width":450,"card-thumbnail-height":340,"conference":"https:\/\/d2q6z78khxmx42.cloudfront.net\/2024\/03\/DESKarchitectesResidenceM-Implantation-560x250.jpg","conference-width":560,"conference-height":250,"contest":"https:\/\/d2q6z78khxmx42.cloudfront.net\/2024\/03\/DESKarchitectesResidenceM-Implantation-960x400.jpg","contest-width":960,"contest-height":400,"cta":"https:\/\/d2q6z78khxmx42.cloudfront.net\/2024\/03\/DESKarchitectesResidenceM-Implantation-415x170.jpg","cta-width":415,"cta-height":170,"exhibitor":"https:\/\/d2q6z78khxmx42.cloudfront.net\/2024\/03\/DESKarchitectesResidenceM-Implantation-560x560.jpg","exhibitor-width":560,"exhibitor-height":560,"gallery":"https:\/\/d2q6z78khxmx42.cloudfront.net\/2024\/03\/DESKarchitectesResidenceM-Implantation-560x420.jpg","gallery-width":560,"gallery-height":420,"logo":"https:\/\/d2q6z78khxmx42.cloudfront.net\/2024\/03\/DESKarchitectesResidenceM-Implantation-133x100.jpg","logo-width":133,"logo-height":100,"masonry":"https:\/\/d2q6z78khxmx42.cloudfront.net\/2024\/03\/DESKarchitectesResidenceM-Implantation-550x413.jpg","masonry-width":550,"masonry-height":413,"modal":"https:\/\/d2q6z78khxmx42.cloudfront.net\/2024\/03\/TAiksJqL-DESKarchitectesResidenceM-Implantation-1920x1440.jpg","modal-width":1920,"modal-height":1440,"number":"https:\/\/d2q6z78khxmx42.cloudfront.net\/2024\/03\/TAiksJqL-DESKarchitectesResidenceM-Implantation-560x420.jpg","number-width":560,"number-height":420,"partner":"https:\/\/d2q6z78khxmx42.cloudfront.net\/2024\/03\/DESKarchitectesResidenceM-Implantation-275x206.jpg","partner-width":275,"partner-height":206,"ranking":"https:\/\/d2q6z78khxmx42.cloudfront.net\/2024\/03\/TAiksJqL-DESKarchitectesResidenceM-Implantation-960x540.jpg","ranking-width":960,"ranking-height":540,"schedule":"https:\/\/d2q6z78khxmx42.cloudfront.net\/2024\/03\/DESKarchitectesResidenceM-Implantation-960x360.jpg","schedule-width":960,"schedule-height":360,"slideshow":"https:\/\/d2q6z78khxmx42.cloudfront.net\/2024\/03\/DESKarchitectesResidenceM-Implantation-907x680.jpg","slideshow-width":907,"slideshow-height":680}}},{"name":"Plans","file":{"ID":129777,"id":129777,"title":"DESKarchitectes_Re\u0301sidence M - Plans","filename":"DESKarchitectesResidenceM-Plans.pdf","filesize":303549,"url":"https:\/\/d2q6z78khxmx42.cloudfront.net\/2024\/03\/DESKarchitectesResidenceM-Plans.pdf","link":"https:\/\/int.design\/fr\/projets\/residence-m-3\/deskarchitectes_residence-m-plans\/","alt":"","author":"6153","description":"","caption":"","name":"deskarchitectes_residence-m-plans","status":"inherit","uploaded_to":124542,"date":"2024-03-22 14:13:45","modified":"2024-03-22 14:13:58","menu_order":0,"mime_type":"application\/pdf","type":"application","subtype":"pdf","icon":"https:\/\/int.design\/wp-includes\/images\/media\/document.png"}},{"name":"Photo avant","file":{"ID":130094,"id":130094,"title":"DESKarchitectes_Re\u0301sidence M_Avant01","filename":"DESKarchitectesResidenceMAvant01-scaled.jpg","filesize":803642,"url":"https:\/\/d2q6z78khxmx42.cloudfront.net\/2024\/03\/DESKarchitectesResidenceMAvant01-scaled.jpg","link":"https:\/\/int.design\/fr\/projets\/residence-m-3\/deskarchitectes_residence-m_avant01\/","alt":"","author":"6153","description":"","caption":"","name":"deskarchitectes_residence-m_avant01","status":"inherit","uploaded_to":124542,"date":"2024-03-24 23:44:25","modified":"2024-03-24 23:44:46","menu_order":0,"mime_type":"image\/jpeg","type":"image","subtype":"jpeg","icon":"https:\/\/int.design\/wp-includes\/images\/media\/default.png","width":2560,"height":1707,"sizes":{"thumbnail":"https:\/\/d2q6z78khxmx42.cloudfront.net\/2024\/03\/DESKarchitectesResidenceMAvant01-150x150.jpg","thumbnail-width":150,"thumbnail-height":150,"medium":"https:\/\/d2q6z78khxmx42.cloudfront.net\/2024\/03\/DESKarchitectesResidenceMAvant01-300x200.jpg","medium-width":300,"medium-height":200,"medium_large":"https:\/\/d2q6z78khxmx42.cloudfront.net\/2024\/03\/DESKarchitectesResidenceMAvant01-768x512.jpg","medium_large-width":768,"medium_large-height":512,"large":"https:\/\/d2q6z78khxmx42.cloudfront.net\/2024\/03\/DESKarchitectesResidenceMAvant01-1024x683.jpg","large-width":1024,"large-height":683,"1536x1536":"https:\/\/d2q6z78khxmx42.cloudfront.net\/2024\/03\/DESKarchitectesResidenceMAvant01-1536x1024.jpg","1536x1536-width":1536,"1536x1536-height":1024,"2048x2048":"https:\/\/d2q6z78khxmx42.cloudfront.net\/2024\/03\/DESKarchitectesResidenceMAvant01-2048x1365.jpg","2048x2048-width":2048,"2048x2048-height":1365,"article":"https:\/\/d2q6z78khxmx42.cloudfront.net\/2024\/03\/DESKarchitectesResidenceMAvant01-960x540.jpg","article-width":960,"article-height":540,"banner":"https:\/\/d2q6z78khxmx42.cloudfront.net\/2024\/03\/DESKarchitectesResidenceMAvant01-1920x1280.jpg","banner-width":1920,"banner-height":1280,"block":"https:\/\/d2q6z78khxmx42.cloudfront.net\/2024\/03\/DESKarchitectesResidenceMAvant01-900x680.jpg","block-width":900,"block-height":680,"card":"https:\/\/d2q6z78khxmx42.cloudfront.net\/2024\/03\/DESKarchitectesResidenceMAvant01-560x495.jpg","card-width":560,"card-height":495,"card-thumbnail":"https:\/\/d2q6z78khxmx42.cloudfront.net\/2024\/03\/DESKarchitectesResidenceMAvant01-450x340.jpg","card-thumbnail-width":450,"card-thumbnail-height":340,"conference":"https:\/\/d2q6z78khxmx42.cloudfront.net\/2024\/03\/DESKarchitectesResidenceMAvant01-560x250.jpg","conference-width":560,"conference-height":250,"contest":"https:\/\/d2q6z78khxmx42.cloudfront.net\/2024\/03\/DESKarchitectesResidenceMAvant01-960x400.jpg","contest-width":960,"contest-height":400,"cta":"https:\/\/d2q6z78khxmx42.cloudfront.net\/2024\/03\/DESKarchitectesResidenceMAvant01-415x170.jpg","cta-width":415,"cta-height":170,"exhibitor":"https:\/\/d2q6z78khxmx42.cloudfront.net\/2024\/03\/DESKarchitectesResidenceMAvant01-560x560.jpg","exhibitor-width":560,"exhibitor-height":560,"gallery":"https:\/\/d2q6z78khxmx42.cloudfront.net\/2024\/03\/DESKarchitectesResidenceMAvant01-560x373.jpg","gallery-width":560,"gallery-height":373,"logo":"https:\/\/d2q6z78khxmx42.cloudfront.net\/2024\/03\/DESKarchitectesResidenceMAvant01-150x100.jpg","logo-width":150,"logo-height":100,"masonry":"https:\/\/d2q6z78khxmx42.cloudfront.net\/2024\/03\/DESKarchitectesResidenceMAvant01-550x367.jpg","masonry-width":550,"masonry-height":367,"modal":"https:\/\/d2q6z78khxmx42.cloudfront.net\/2024\/03\/gCocfMi7-DESKarchitectesResidenceMAvant01-1920x1280.jpg","modal-width":1920,"modal-height":1280,"number":"https:\/\/d2q6z78khxmx42.cloudfront.net\/2024\/03\/gCocfMi7-DESKarchitectesResidenceMAvant01-560x373.jpg","number-width":560,"number-height":373,"partner":"https:\/\/d2q6z78khxmx42.cloudfront.net\/2024\/03\/DESKarchitectesResidenceMAvant01-275x183.jpg","partner-width":275,"partner-height":183,"ranking":"https:\/\/d2q6z78khxmx42.cloudfront.net\/2024\/03\/gCocfMi7-DESKarchitectesResidenceMAvant01-960x540.jpg","ranking-width":960,"ranking-height":540,"schedule":"https:\/\/d2q6z78khxmx42.cloudfront.net\/2024\/03\/DESKarchitectesResidenceMAvant01-960x360.jpg","schedule-width":960,"schedule-height":360,"slideshow":"https:\/\/d2q6z78khxmx42.cloudfront.net\/2024\/03\/DESKarchitectesResidenceMAvant01-1020x680.jpg","slideshow-width":1020,"slideshow-height":680}}}],"optional_documents":false,"web_text":{"fr":"","en":"","original":"<p>Situ\u00e9 \u00e0 Saint-Sauveur, un chalet familial construit dans les ann\u00e9es 40 arrivait en fin de vie utile; le temps \u00e9tait venu de le remplacer pour accueillir les escapades hors de la ville d\u2019une jeune retrait\u00e9e.<\/p>\n<p>Le mandat consistait \u00e0 concevoir une nouvelle r\u00e9sidence secondaire qui tirerait profit des nombreuses contraintes inh\u00e9rentes au site. \u00a0Le lot, long et \u00e9troit, laissait peu d\u2019espace permettant l\u2019implantation. Entre des marges de constructions restrictives et de nombreux arbres matures \u00e0 pr\u00e9server, la construction allait devoir se faire dans une forte pente qui plonge vers le lac.<\/p>\n<p>Le b\u00e2timent prend la forme de deux volumes d\u00e9pos\u00e9s en palier pour \u00e9pouser la topographie. Chacun de ces blocs loge des fonctions distinctes et est dimensionn\u00e9 cons\u00e9quemment \u00e0 ces derni\u00e8res. Le volume le plus haut rassemble les services, les rangements et la pi\u00e8ce de nuit, alors que le volume c\u00f4t\u00e9 lac abrite les pi\u00e8ces de vie et les espaces communs. Cette configuration offre une vue panoramique sur le lac et l\u2019horizon montagneux.<\/p>\n<p>La r\u00e9sidence est distribu\u00e9e par un escalier \u00e0 pallier qui relie les quatre niveaux de plancher, totalisant 1\u00a0950 pi<sup>2<\/sup> de superficie habitable. D\u00e8s l\u2019entr\u00e9e, cet escalier projette le visiteur dans l\u2019air de vie et l\u2019invite \u00e0 plonger le regard dans le paysage.<\/p>\n<p>\u00c0 l\u2019ext\u00e9rieur, le parement magnifie le d\u00e9calage des volumes par le traitement d\u2019un clin de bois install\u00e9 \u00e0 la verticale, en bandes horizontales de planches alternant entre des largeurs de 4 et 8 pouces. Cette composition forme des strates \u00e9vocatrices de la composition g\u00e9ologique des montagnes environnantes.<\/p>\n<p>\u00c0 l\u2019int\u00e9rieur, une architecture sobre et minimaliste c\u00f4toie du mobilier \u00e9clectique charg\u00e9 d\u2019histoire et de personnalit\u00e9. Les fen\u00eatres de la pi\u00e8ce de vie, surdimensionn\u00e9es, sont d\u00e9pos\u00e9es au sol pour abolir la limite entre la r\u00e9sidence et la nature. Ces ouvertures donnent par endroit le vertige! En compl\u00e9ment, quelques fen\u00eatres de forme carr\u00e9e, \u00e0 l\u2019image de tableaux accroch\u00e9s au mur, encadrent des morceaux de paysage.<\/p>\n<p>La R\u00e9sidence M s\u2019int\u00e8gre \u00e0 son contexte avec personnalit\u00e9. Elle rend hommage au caract\u00e8re originel du chalet d\u2019antan tout en s\u2019int\u00e9grant avec sobri\u00e9t\u00e9 \u00e0 l\u2019environnement qui l\u2018entoure.<\/p>\n"},"jury_text":[{"category":3637,"fr":"","en":"","original":"<p><u>Mise en contexte<\/u><u>\u00a0<\/u><u>:<\/u><\/p>\n<p>Situ\u00e9 \u00e0 Saint-Sauveur, une municipalit\u00e9 de vill\u00e9giature pris\u00e9e au nord de Montr\u00e9al, un chalet familial construit dans les ann\u00e9es 40 arrivait en fin de vie utile. Des fondations en mauvais \u00e9tat et plusieurs travaux de r\u00e9paration de plus en plus fr\u00e9quents auront convaincu une jeune retrait\u00e9e de reconstruire le b\u00e2timent pour profiter pleinement de ses escapades hors de la ville.<\/p>\n<p><u>Objectifs, moyens pour les atteindre et d\u00e9fis de conception<\/u><u>\u00a0<\/u><u>:<\/u><\/p>\n<p>Le mandat consistait \u00e0 concevoir une nouvelle r\u00e9sidence secondaire qui tirerait profit des nombreuses contraintes inh\u00e9rentes au site.<\/p>\n<p>Le lot, long et \u00e9troit, laissait peu d\u2019espace permettant l\u2019implantation. Entre des marges de constructions restrictives et de nombreux arbres matures \u00e0 pr\u00e9server, la construction allait devoir se faire dans une forte pente qui plonge vers le lac. Le projet devait porter une attention particuli\u00e8re au cadrage des vues et \u00e0 la course du soleil tout en \u00e9vitant de s\u2019exposer aux r\u00e9sidences avoisinantes.<\/p>\n<p>Le b\u00e2timent prend la forme de deux volumes d\u00e9pos\u00e9s en palier pour \u00e9pouser la topographie. Chacun de ces blocs loge des fonctions distinctes et est dimensionn\u00e9 cons\u00e9quemment \u00e0 ces derni\u00e8res. Le volume le plus haut rassemble les services, les rangements et la pi\u00e8ce de nuit. Le volume c\u00f4t\u00e9 lac abrite les pi\u00e8ces de vie et les espaces communs et offre une vue panoramique sur le lac et l\u2019horizon montagneux.<\/p>\n<p>La r\u00e9sidence est distribu\u00e9e par un escalier \u00e0 pallier qui relie les quatre niveaux de plancher, totalisant 1\u00a0950 pi<sup>2<\/sup> de superficie habitable. D\u00e8s l\u2019entr\u00e9e, cet escalier projette le visiteur dans l\u2019air de vie et l\u2019invite \u00e0 plonger le regard dans le paysage. L\u2019aire de vie est connect\u00e9e \u00e0 une g\u00e9n\u00e9reuse terrasse couverte, orient\u00e9e plein sud.<\/p>\n<p>\u00c0 l\u2019int\u00e9rieur, une architecture sobre et minimaliste c\u00f4toie du mobilier \u00e9clectique charg\u00e9 d\u2019histoire et de personnalit\u00e9. Les fen\u00eatres de la pi\u00e8ce de vie, surdimensionn\u00e9es, sont d\u00e9pos\u00e9es au sol pour abolir la limite entre la r\u00e9sidence et la nature. Ces ouvertures donnent par endroit le vertige! En compl\u00e9ment, quelques fen\u00eatres de forme carr\u00e9e, \u00e0 l\u2019image de tableaux accroch\u00e9s au mur, encadrent des morceaux de paysage.<\/p>\n<p><u>Cr\u00e9ativit\u00e9, Mat\u00e9rialit\u00e9 et d\u00e9tails<\/u><u>\u00a0<\/u><u>:<\/u><\/p>\n<p>Le traitement des fa\u00e7ades utilise la mise en \u0153uvre du parement ext\u00e9rieur pour magnifier le d\u00e9calage des volumes. Chacun des blocs est recouvert sur l\u2019ensemble de son p\u00e9rim\u00e8tre par des strates horizontales de clin vertical de 4 ou 8 pouces de largeur. Cette organisation en strates se veut \u00e9vocatrice de la composition g\u00e9ologique des montagnes environnantes.<\/p>\n<p>\u00c0 l\u2019entr\u00e9e principale et sur la terrasse, le clin vertical devient un claustra architectural. Cette structure pr\u00e9serve la puret\u00e9 formelle des deux blocs tout en offrant intimit\u00e9 et transparence.<\/p>\n<p>La R\u00e9sidence M s\u2019int\u00e8gre \u00e0 son contexte avec personnalit\u00e9. Elle rend hommage au caract\u00e8re originel du chalet d\u2019antan tout en s\u2019int\u00e9grant avec sobri\u00e9t\u00e9 \u00e0 l\u2019environnement qui l\u2019entoure.<\/p>\n"},{"category":3643,"fr":"","en":"","original":"<p><u>Mise en contexte<\/u><u>\u00a0<\/u><u>:<\/u><\/p>\n<p>Situ\u00e9 \u00e0 Saint-Sauveur, une municipalit\u00e9 de vill\u00e9giature pris\u00e9e au nord de Montr\u00e9al, un chalet familial construit dans les ann\u00e9es 40 arrivait en fin de vie utile. Des fondations en mauvais \u00e9tat et plusieurs travaux de r\u00e9paration de plus en plus fr\u00e9quents auront convaincu une jeune retrait\u00e9e de reconstruire le b\u00e2timent pour profiter pleinement de ses escapades hors de la ville.<\/p>\n<p><u>Objectifs, moyens pour les atteindre et d\u00e9fis de conception<\/u><u>\u00a0<\/u><u>:<\/u><\/p>\n<p>Le mandat consistait \u00e0 concevoir une nouvelle r\u00e9sidence secondaire qui tirerait profit des nombreuses contraintes inh\u00e9rentes au site.<\/p>\n<p>Le lot, long et \u00e9troit, laissait peu d\u2019espace permettant l\u2019implantation. Entre des marges de constructions restrictives et de nombreux arbres matures \u00e0 pr\u00e9server, la construction allait devoir se faire dans une forte pente qui plonge vers le lac. Le projet devait porter une attention particuli\u00e8re au cadrage des vues et \u00e0 la course du soleil tout en \u00e9vitant de s\u2019exposer aux r\u00e9sidences avoisinantes.<\/p>\n<p>Le b\u00e2timent prend la forme de deux volumes d\u00e9pos\u00e9s en palier pour \u00e9pouser la topographie. Chacun de ces blocs loge des fonctions distinctes et est dimensionn\u00e9 cons\u00e9quemment \u00e0 ces derni\u00e8res. Le volume le plus haut rassemble les services, les rangements et la pi\u00e8ce de nuit. Le volume c\u00f4t\u00e9 lac abrite les pi\u00e8ces de vie et les espaces communs et offre une vue panoramique sur le lac et l\u2019horizon montagneux.<\/p>\n<p>La r\u00e9sidence est distribu\u00e9e par un escalier \u00e0 pallier qui relie les quatre niveaux de plancher, totalisant 1\u00a0950 pi<sup>2<\/sup> de superficie habitable. D\u00e8s l\u2019entr\u00e9e, cet escalier projette le visiteur dans l\u2019air de vie et l\u2019invite \u00e0 plonger le regard dans le paysage. L\u2019aire de vie est connect\u00e9e \u00e0 une g\u00e9n\u00e9reuse terrasse couverte, orient\u00e9e plein sud.<\/p>\n<p>\u00c0 l\u2019int\u00e9rieur, une architecture sobre et minimaliste c\u00f4toie du mobilier \u00e9clectique charg\u00e9 d\u2019histoire et de personnalit\u00e9. Les fen\u00eatres de la pi\u00e8ce de vie, surdimensionn\u00e9es, sont d\u00e9pos\u00e9es au sol pour abolir la limite entre la r\u00e9sidence et la nature. Ces ouvertures donnent par endroit le vertige! En compl\u00e9ment, quelques fen\u00eatres de forme carr\u00e9e, \u00e0 l\u2019image de tableaux accroch\u00e9s au mur, encadrent des morceaux de paysage.<\/p>\n<p><u>Cr\u00e9ativit\u00e9, Mat\u00e9rialit\u00e9 et d\u00e9tails<\/u><u>\u00a0<\/u><u>:<\/u><\/p>\n<p>Le traitement des fa\u00e7ades utilise la mise en \u0153uvre du parement ext\u00e9rieur pour magnifier le d\u00e9calage des volumes. Chacun des blocs est recouvert sur l\u2019ensemble de son p\u00e9rim\u00e8tre par des strates horizontales de clin vertical de 4 ou 8 pouces de largeur. Cette organisation en strates se veut \u00e9vocatrice de la composition g\u00e9ologique des montagnes environnantes.<\/p>\n<p>\u00c0 l\u2019entr\u00e9e principale et sur la terrasse, le clin vertical devient un claustra architectural. Cette structure pr\u00e9serve la puret\u00e9 formelle des deux blocs tout en offrant intimit\u00e9 et transparence.<\/p>\n<p>La R\u00e9sidence M s\u2019int\u00e8gre \u00e0 son contexte avec personnalit\u00e9. Elle rend hommage au caract\u00e8re originel du chalet d\u2019antan tout en s\u2019int\u00e9grant avec sobri\u00e9t\u00e9 \u00e0 l\u2019environnement qui l\u2019entoure.<\/p>\n"}],"different_jury_text":true,"different_category_text":false},"laureats":[{"cat_id":3637,"cat_id_laureat":4023,"laureat":"Certification bronze"},{"cat_id":3643,"cat_id_laureat":4025,"laureat":"Certification Or"}],"contest_id":"119061","contest_title":"GRANDS PRIX DU DESIGN \u2013 17e \u00e9dition","firms":[{"name":"DESK architectes","website":"https:\/\/www.deskarchitectes.com\/","category":"","category_tax":2744,"category_label":"Architecte"}],"user":{"email":"ksylvain@deskarchitectes.com","first_name":"K\u00e9vin","last_name":"Sylvain"},"doc_texts_web":{"fr":"<p>Situ\u00e9 \u00e0 Saint-Sauveur, un chalet familial construit dans les ann\u00e9es 40 arrivait en fin de vie utile; le temps \u00e9tait venu de le remplacer pour accueillir les escapades hors de la ville d\u2019une jeune retrait\u00e9e.<\/p>\n<p>Le mandat consistait \u00e0 concevoir une nouvelle r\u00e9sidence secondaire qui tirerait profit des nombreuses contraintes inh\u00e9rentes au site. \u00a0Le lot, long et \u00e9troit, laissait peu d\u2019espace permettant l\u2019implantation. Entre des marges de constructions restrictives et de nombreux arbres matures \u00e0 pr\u00e9server, la construction allait devoir se faire dans une forte pente qui plonge vers le lac.<\/p>\n<p>Le b\u00e2timent prend la forme de deux volumes d\u00e9pos\u00e9s en palier pour \u00e9pouser la topographie. Chacun de ces blocs loge des fonctions distinctes et est dimensionn\u00e9 cons\u00e9quemment \u00e0 ces derni\u00e8res. Le volume le plus haut rassemble les services, les rangements et la pi\u00e8ce de nuit, alors que le volume c\u00f4t\u00e9 lac abrite les pi\u00e8ces de vie et les espaces communs. Cette configuration offre une vue panoramique sur le lac et l\u2019horizon montagneux.<\/p>\n<p>La r\u00e9sidence est distribu\u00e9e par un escalier \u00e0 pallier qui relie les quatre niveaux de plancher, totalisant 1\u00a0950 pi<sup>2<\/sup> de superficie habitable. D\u00e8s l\u2019entr\u00e9e, cet escalier projette le visiteur dans l\u2019air de vie et l\u2019invite \u00e0 plonger le regard dans le paysage.<\/p>\n<p>\u00c0 l\u2019ext\u00e9rieur, le parement magnifie le d\u00e9calage des volumes par le traitement d\u2019un clin de bois install\u00e9 \u00e0 la verticale, en bandes horizontales de planches alternant entre des largeurs de 4 et 8 pouces. Cette composition forme des strates \u00e9vocatrices de la composition g\u00e9ologique des montagnes environnantes.<\/p>\n<p>\u00c0 l\u2019int\u00e9rieur, une architecture sobre et minimaliste c\u00f4toie du mobilier \u00e9clectique charg\u00e9 d\u2019histoire et de personnalit\u00e9. Les fen\u00eatres de la pi\u00e8ce de vie, surdimensionn\u00e9es, sont d\u00e9pos\u00e9es au sol pour abolir la limite entre la r\u00e9sidence et la nature. Ces ouvertures donnent par endroit le vertige! En compl\u00e9ment, quelques fen\u00eatres de forme carr\u00e9e, \u00e0 l\u2019image de tableaux accroch\u00e9s au mur, encadrent des morceaux de paysage.<\/p>\n<p>La R\u00e9sidence M s\u2019int\u00e8gre \u00e0 son contexte avec personnalit\u00e9. Elle rend hommage au caract\u00e8re originel du chalet d\u2019antan tout en s\u2019int\u00e9grant avec sobri\u00e9t\u00e9 \u00e0 l\u2019environnement qui l\u2018entoure.<\/p>\n","en":"<p>Located in Saint-Sauveur, a family chalet built in the 1940s was reaching the end of its useful life; the time had come to replace it to accommodate the out-of-town escapades of a young retiree.<\/p>\n<p>.<\/p>\n<p>The brief was to design a new second home that would take advantage of the many constraints inherent in the site.  The long, narrow lot left little space for siting. Between restrictive building margins and numerous mature trees to be preserved, construction was going to have to take place on a steep slope that plunges towards the lake.<\/p>\n<p>The building takes the form of two volumes laid in tiers to match the topography. Each of these blocks houses distinct functions and is sized accordingly. The higher volume houses services, storage and the night room, while the volume on the lake side houses the living rooms and communal areas. This configuration offers panoramic views of the lake and the mountainous horizon.<\/p>\n<p>The residence is distributed by a landing staircase that connects the four floor levels, totaling 1,950 ft<sup>2<\/sup> of living space. Right from the entrance, this staircase projects visitors into the living air and invites them to plunge their gaze into the landscape.<\/p>\n<p>Externally, the cladding magnifies the offset of the volumes through the treatment of a vertically installed wood clapboard, in horizontal bands of boards alternating between widths of 4 and 8 inches. This composition forms strata evocative of the geological composition of the surrounding mountains.<\/p>\n<p>Interior, sober, minimalist architecture sits alongside eclectic furnishings steeped in history and personality. The oversized windows in the living area are set on the ground to abolish the boundary between the residence and nature. In places, these openings make you dizzy! As a complement, a few square-shaped windows, like paintings hung on the wall, frame pieces of landscape.<\/p>\n<p>The R\u00e9sidence M blends into its context with personality. It pays homage to the original character of the chalet of yesteryear, while blending soberly into the surrounding environment.<\/p>\n<p>The R\u00e9sidence M blends into its context with personality.<\/p>\n"},"permalinks":{"fr":"https:\/\/int.design\/fr\/projets\/residence-m-3\/","en":"https:\/\/int.design\/en\/projects\/residence-m-3\/"},"titles":{"fr":"R\u00e9sidence M","en":"R\u00e9sidence M"},"wp_fields":[],"laravel_id":""},"_links":{"self":[{"href":"https:\/\/int.design\/fr\/wp-json\/wp\/v2\/project\/124542","targetHints":{"allow":["GET"]}}],"collection":[{"href":"https:\/\/int.design\/fr\/wp-json\/wp\/v2\/project"}],"about":[{"href":"https:\/\/int.design\/fr\/wp-json\/wp\/v2\/types\/project"}],"wp:attachment":[{"href":"https:\/\/int.design\/fr\/wp-json\/wp\/v2\/media?parent=124542"}],"curies":[{"name":"wp","href":"https:\/\/api.w.org\/{rel}","templated":true}]}}