{"id":122405,"date":"2024-08-20T17:14:05","date_gmt":"2024-08-20T21:14:05","guid":{"rendered":"https:\/\/int.design\/?post_type=project&#038;p=122405"},"modified":"2024-08-20T17:14:05","modified_gmt":"2024-08-20T21:14:05","slug":"residence-de-la-promenade","status":"publish","type":"project","link":"https:\/\/int.design\/fr\/projets\/residence-de-la-promenade\/","title":{"rendered":"R\u00e9sidence de la Promenade"},"content":{"rendered":"","protected":false},"template":"","class_list":["post-122405","project","type-project","status-publish","hentry","project_category_119061-design-dinterieur","project_category_119061-espace-residentiel-de-plus-de-5-400-pi2-plus-de-500-m2"],"acf":[],"yoast_head":"<!-- This site is optimized with the Yoast SEO plugin v21.5 - https:\/\/yoast.com\/wordpress\/plugins\/seo\/ -->\n<title>R\u00e9sidence de la Promenade - INT Design<\/title>\n<meta name=\"robots\" content=\"index, follow, max-snippet:-1, max-image-preview:large, max-video-preview:-1\" \/>\n<link rel=\"canonical\" href=\"https:\/\/int.design\/fr\/projets\/residence-de-la-promenade\/\" \/>\n<meta property=\"og:locale\" content=\"fr_FR\" \/>\n<meta property=\"og:type\" content=\"article\" \/>\n<meta property=\"og:title\" content=\"R\u00e9sidence de la Promenade - INT Design\" \/>\n<meta property=\"og:url\" content=\"https:\/\/int.design\/fr\/projets\/residence-de-la-promenade\/\" \/>\n<meta property=\"og:site_name\" content=\"INT Design\" \/>\n<meta name=\"twitter:card\" content=\"summary_large_image\" \/>\n<script type=\"application\/ld+json\" class=\"yoast-schema-graph\">{\"@context\":\"https:\/\/schema.org\",\"@graph\":[{\"@type\":\"WebPage\",\"@id\":\"https:\/\/int.design\/fr\/projets\/residence-de-la-promenade\/\",\"url\":\"https:\/\/int.design\/fr\/projets\/residence-de-la-promenade\/\",\"name\":\"R\u00e9sidence de la Promenade - INT Design\",\"isPartOf\":{\"@id\":\"https:\/\/int.design\/fr\/#website\"},\"datePublished\":\"2024-08-20T21:14:05+00:00\",\"dateModified\":\"2024-08-20T21:14:05+00:00\",\"breadcrumb\":{\"@id\":\"https:\/\/int.design\/fr\/projets\/residence-de-la-promenade\/#breadcrumb\"},\"inLanguage\":\"fr-FR\",\"potentialAction\":[{\"@type\":\"ReadAction\",\"target\":[\"https:\/\/int.design\/fr\/projets\/residence-de-la-promenade\/\"]}]},{\"@type\":\"BreadcrumbList\",\"@id\":\"https:\/\/int.design\/fr\/projets\/residence-de-la-promenade\/#breadcrumb\",\"itemListElement\":[{\"@type\":\"ListItem\",\"position\":1,\"name\":\"Home\",\"item\":\"https:\/\/int.design\/fr\/\"},{\"@type\":\"ListItem\",\"position\":2,\"name\":\"Projects\",\"item\":\"https:\/\/int.design\/en\/projects\/\"},{\"@type\":\"ListItem\",\"position\":3,\"name\":\"R\u00e9sidence de la Promenade\"}]},{\"@type\":\"WebSite\",\"@id\":\"https:\/\/int.design\/fr\/#website\",\"url\":\"https:\/\/int.design\/fr\/\",\"name\":\"INT Design\",\"description\":\"\",\"potentialAction\":[{\"@type\":\"SearchAction\",\"target\":{\"@type\":\"EntryPoint\",\"urlTemplate\":\"https:\/\/int.design\/fr\/?s={search_term_string}\"},\"query-input\":\"required name=search_term_string\"}],\"inLanguage\":\"fr-FR\"}]}<\/script>\n<!-- \/ Yoast SEO plugin. -->","yoast_head_json":{"title":"R\u00e9sidence de la Promenade - INT Design","robots":{"index":"index","follow":"follow","max-snippet":"max-snippet:-1","max-image-preview":"max-image-preview:large","max-video-preview":"max-video-preview:-1"},"canonical":"https:\/\/int.design\/fr\/projets\/residence-de-la-promenade\/","og_locale":"fr_FR","og_type":"article","og_title":"R\u00e9sidence de la Promenade - INT Design","og_url":"https:\/\/int.design\/fr\/projets\/residence-de-la-promenade\/","og_site_name":"INT Design","twitter_card":"summary_large_image","schema":{"@context":"https:\/\/schema.org","@graph":[{"@type":"WebPage","@id":"https:\/\/int.design\/fr\/projets\/residence-de-la-promenade\/","url":"https:\/\/int.design\/fr\/projets\/residence-de-la-promenade\/","name":"R\u00e9sidence de la Promenade - INT Design","isPartOf":{"@id":"https:\/\/int.design\/fr\/#website"},"datePublished":"2024-08-20T21:14:05+00:00","dateModified":"2024-08-20T21:14:05+00:00","breadcrumb":{"@id":"https:\/\/int.design\/fr\/projets\/residence-de-la-promenade\/#breadcrumb"},"inLanguage":"fr-FR","potentialAction":[{"@type":"ReadAction","target":["https:\/\/int.design\/fr\/projets\/residence-de-la-promenade\/"]}]},{"@type":"BreadcrumbList","@id":"https:\/\/int.design\/fr\/projets\/residence-de-la-promenade\/#breadcrumb","itemListElement":[{"@type":"ListItem","position":1,"name":"Home","item":"https:\/\/int.design\/fr\/"},{"@type":"ListItem","position":2,"name":"Projects","item":"https:\/\/int.design\/en\/projects\/"},{"@type":"ListItem","position":3,"name":"R\u00e9sidence de la Promenade"}]},{"@type":"WebSite","@id":"https:\/\/int.design\/fr\/#website","url":"https:\/\/int.design\/fr\/","name":"INT Design","description":"","potentialAction":[{"@type":"SearchAction","target":{"@type":"EntryPoint","urlTemplate":"https:\/\/int.design\/fr\/?s={search_term_string}"},"query-input":"required name=search_term_string"}],"inLanguage":"fr-FR"}]}},"entry":{"cats":{"disciplines":[{"id":3711,"name":"Design d\u2019int\u00e9rieur"}],"big_cats":[],"sub_cats":[{"id":3781,"name":"Espace r\u00e9sidentiel &gt; 5 400 pi2 (&gt; 500 m2)","parent":3776}]},"entry":{"":null,"status":"completed","winner_title":"LemayMichaud","winner_prize_lang":"fr","title_translatable":false,"title_en":"","title_fr":"","releve_award":false,"releve_award_cv":false,"collaboration":false,"collaboration_firms":false,"other_firms":[{"name":"LemayMichaud","website":"https:\/\/www.lemaymichaud.com\/","category":"","category_tax":2747},{"name":"LemayMichaud","website":"https:\/\/www.lemaymichaud.com\/","category":"","category_tax":2744},{"name":"\u00c9rige Construction","website":"https:\/\/erigeconstruction.com\/","category":"","category_tax":2751},{"name":"Douglas Consultants","website":"https:\/\/www.douglasconsultants.ca\/","category":"","category_tax":2753},{"name":"MTM Design","website":"https:\/\/www.mtm.design\/","category":"","category_tax":2746},{"name":"Sauna Concept","website":"https:\/\/sauna-concept.com\/?gad_source=1&gclid=Cj0KCQjwwYSwBhDcARIsAOyL0fixF4NRZK-Sr9lDfXhgHJDVmZ1JV0LntW9BSx223M4o4-jE3jhOuUgaAiLuEALw_wcB","category":"","category_tax":2754},{"name":"Christian Marcoux cuisine et mobilier design","website":"https:\/\/christianmarcoux.com\/","category":"","category_tax":2754}],"owner":{"name":"Fran\u00e7ois Th\u00e9riault","confidential":true,"website":"","contact_name":"","email":"","phone":""},"address":{"address":"","city":"Qu\u00e9bec","region":"Capitale-Nationale","province":"QC","country":"CA","postal_code":""},"logos":[{"image":{"ID":128163,"id":128163,"title":"LogoOfficiel_LemayMichaud_Noir_RVB","filename":"8_LogoOfficielLemayMichaudNoirRVB.png","filesize":14733,"url":"https:\/\/d2q6z78khxmx42.cloudfront.net\/2024\/03\/8_LogoOfficielLemayMichaudNoirRVB.png","link":"https:\/\/int.design\/fr\/projets\/residence-de-la-promenade\/logoofficiel_lemaymichaud_noir_rvb-4\/","alt":"","author":"383","description":"","caption":"","name":"logoofficiel_lemaymichaud_noir_rvb-4","status":"inherit","uploaded_to":122405,"date":"2024-03-13 12:49:16","modified":"2024-03-13 12:49:27","menu_order":0,"mime_type":"image\/png","type":"image","subtype":"png","icon":"https:\/\/int.design\/wp-includes\/images\/media\/default.png","width":1151,"height":892,"sizes":{"thumbnail":"https:\/\/d2q6z78khxmx42.cloudfront.net\/2024\/03\/8_LogoOfficielLemayMichaudNoirRVB-150x150.png","thumbnail-width":150,"thumbnail-height":150,"medium":"https:\/\/d2q6z78khxmx42.cloudfront.net\/2024\/03\/8_LogoOfficielLemayMichaudNoirRVB-300x232.png","medium-width":300,"medium-height":232,"medium_large":"https:\/\/d2q6z78khxmx42.cloudfront.net\/2024\/03\/8_LogoOfficielLemayMichaudNoirRVB-768x595.png","medium_large-width":768,"medium_large-height":595,"large":"https:\/\/d2q6z78khxmx42.cloudfront.net\/2024\/03\/8_LogoOfficielLemayMichaudNoirRVB-1024x794.png","large-width":1024,"large-height":794,"1536x1536":"https:\/\/d2q6z78khxmx42.cloudfront.net\/2024\/03\/8_LogoOfficielLemayMichaudNoirRVB.png","1536x1536-width":1151,"1536x1536-height":892,"2048x2048":"https:\/\/d2q6z78khxmx42.cloudfront.net\/2024\/03\/8_LogoOfficielLemayMichaudNoirRVB.png","2048x2048-width":1151,"2048x2048-height":892,"article":"https:\/\/d2q6z78khxmx42.cloudfront.net\/2024\/03\/8_LogoOfficielLemayMichaudNoirRVB-960x540.png","article-width":960,"article-height":540,"banner":"https:\/\/d2q6z78khxmx42.cloudfront.net\/2024\/03\/8_LogoOfficielLemayMichaudNoirRVB.png","banner-width":1151,"banner-height":892,"block":"https:\/\/d2q6z78khxmx42.cloudfront.net\/2024\/03\/8_LogoOfficielLemayMichaudNoirRVB-900x680.png","block-width":900,"block-height":680,"card":"https:\/\/d2q6z78khxmx42.cloudfront.net\/2024\/03\/8_LogoOfficielLemayMichaudNoirRVB-560x495.png","card-width":560,"card-height":495,"card-thumbnail":"https:\/\/d2q6z78khxmx42.cloudfront.net\/2024\/03\/8_LogoOfficielLemayMichaudNoirRVB-450x340.png","card-thumbnail-width":450,"card-thumbnail-height":340,"conference":"https:\/\/d2q6z78khxmx42.cloudfront.net\/2024\/03\/8_LogoOfficielLemayMichaudNoirRVB-560x250.png","conference-width":560,"conference-height":250,"contest":"https:\/\/d2q6z78khxmx42.cloudfront.net\/2024\/03\/8_LogoOfficielLemayMichaudNoirRVB-960x400.png","contest-width":960,"contest-height":400,"cta":"https:\/\/d2q6z78khxmx42.cloudfront.net\/2024\/03\/8_LogoOfficielLemayMichaudNoirRVB-415x170.png","cta-width":415,"cta-height":170,"exhibitor":"https:\/\/d2q6z78khxmx42.cloudfront.net\/2024\/03\/8_LogoOfficielLemayMichaudNoirRVB-560x560.png","exhibitor-width":560,"exhibitor-height":560,"gallery":"https:\/\/d2q6z78khxmx42.cloudfront.net\/2024\/03\/8_LogoOfficielLemayMichaudNoirRVB-555x430.png","gallery-width":555,"gallery-height":430,"logo":"https:\/\/d2q6z78khxmx42.cloudfront.net\/2024\/03\/8_LogoOfficielLemayMichaudNoirRVB-129x100.png","logo-width":129,"logo-height":100,"masonry":"https:\/\/d2q6z78khxmx42.cloudfront.net\/2024\/03\/8_LogoOfficielLemayMichaudNoirRVB-550x426.png","masonry-width":550,"masonry-height":426,"modal":"https:\/\/d2q6z78khxmx42.cloudfront.net\/2024\/03\/8_LogoOfficielLemayMichaudNoirRVB.png","modal-width":1151,"modal-height":892,"number":"https:\/\/d2q6z78khxmx42.cloudfront.net\/2024\/03\/tAiKkLCH-8_LogoOfficielLemayMichaudNoirRVB-555x430.png","number-width":555,"number-height":430,"partner":"https:\/\/d2q6z78khxmx42.cloudfront.net\/2024\/03\/8_LogoOfficielLemayMichaudNoirRVB-271x210.png","partner-width":271,"partner-height":210,"ranking":"https:\/\/d2q6z78khxmx42.cloudfront.net\/2024\/03\/tAiKkLCH-8_LogoOfficielLemayMichaudNoirRVB-960x540.png","ranking-width":960,"ranking-height":540,"schedule":"https:\/\/d2q6z78khxmx42.cloudfront.net\/2024\/03\/8_LogoOfficielLemayMichaudNoirRVB-960x360.png","schedule-width":960,"schedule-height":360,"slideshow":"https:\/\/d2q6z78khxmx42.cloudfront.net\/2024\/03\/8_LogoOfficielLemayMichaudNoirRVB-877x680.png","slideshow-width":877,"slideshow-height":680}},"file":false}],"use_logo":false,"designers":[{"name":"Alexi Lemay","credit":"n\/d","image":{"ID":128652,"id":128652,"title":"Alexi-Lemay_fond-blanc_profilOAA","filename":"6_Alexi-Lemayfond-blancprofilOAA-scaled.jpg","filesize":341067,"url":"https:\/\/d2q6z78khxmx42.cloudfront.net\/2024\/03\/6_Alexi-Lemayfond-blancprofilOAA-scaled.jpg","link":"https:\/\/int.design\/fr\/projets\/residence-de-la-promenade\/alexi-lemay_fond-blanc_profiloaa-2\/","alt":"","author":"383","description":"","caption":"","name":"alexi-lemay_fond-blanc_profiloaa-2","status":"inherit","uploaded_to":122405,"date":"2024-03-15 14:30:16","modified":"2024-03-15 14:31:18","menu_order":0,"mime_type":"image\/jpeg","type":"image","subtype":"jpeg","icon":"https:\/\/int.design\/wp-includes\/images\/media\/default.png","width":2560,"height":1423,"sizes":{"thumbnail":"https:\/\/d2q6z78khxmx42.cloudfront.net\/2024\/03\/6_Alexi-Lemayfond-blancprofilOAA-150x150.jpg","thumbnail-width":150,"thumbnail-height":150,"medium":"https:\/\/d2q6z78khxmx42.cloudfront.net\/2024\/03\/6_Alexi-Lemayfond-blancprofilOAA-300x167.jpg","medium-width":300,"medium-height":167,"medium_large":"https:\/\/d2q6z78khxmx42.cloudfront.net\/2024\/03\/6_Alexi-Lemayfond-blancprofilOAA-768x427.jpg","medium_large-width":768,"medium_large-height":427,"large":"https:\/\/d2q6z78khxmx42.cloudfront.net\/2024\/03\/6_Alexi-Lemayfond-blancprofilOAA-1024x569.jpg","large-width":1024,"large-height":569,"1536x1536":"https:\/\/d2q6z78khxmx42.cloudfront.net\/2024\/03\/6_Alexi-Lemayfond-blancprofilOAA-1536x854.jpg","1536x1536-width":1536,"1536x1536-height":854,"2048x2048":"https:\/\/d2q6z78khxmx42.cloudfront.net\/2024\/03\/6_Alexi-Lemayfond-blancprofilOAA-2048x1138.jpg","2048x2048-width":2048,"2048x2048-height":1138,"article":"https:\/\/d2q6z78khxmx42.cloudfront.net\/2024\/03\/6_Alexi-Lemayfond-blancprofilOAA-960x540.jpg","article-width":960,"article-height":540,"banner":"https:\/\/d2q6z78khxmx42.cloudfront.net\/2024\/03\/6_Alexi-Lemayfond-blancprofilOAA-1920x1067.jpg","banner-width":1920,"banner-height":1067,"block":"https:\/\/d2q6z78khxmx42.cloudfront.net\/2024\/03\/6_Alexi-Lemayfond-blancprofilOAA-900x680.jpg","block-width":900,"block-height":680,"card":"https:\/\/d2q6z78khxmx42.cloudfront.net\/2024\/03\/6_Alexi-Lemayfond-blancprofilOAA-560x495.jpg","card-width":560,"card-height":495,"card-thumbnail":"https:\/\/d2q6z78khxmx42.cloudfront.net\/2024\/03\/6_Alexi-Lemayfond-blancprofilOAA-450x340.jpg","card-thumbnail-width":450,"card-thumbnail-height":340,"conference":"https:\/\/d2q6z78khxmx42.cloudfront.net\/2024\/03\/6_Alexi-Lemayfond-blancprofilOAA-560x250.jpg","conference-width":560,"conference-height":250,"contest":"https:\/\/d2q6z78khxmx42.cloudfront.net\/2024\/03\/6_Alexi-Lemayfond-blancprofilOAA-960x400.jpg","contest-width":960,"contest-height":400,"cta":"https:\/\/d2q6z78khxmx42.cloudfront.net\/2024\/03\/6_Alexi-Lemayfond-blancprofilOAA-415x170.jpg","cta-width":415,"cta-height":170,"exhibitor":"https:\/\/d2q6z78khxmx42.cloudfront.net\/2024\/03\/6_Alexi-Lemayfond-blancprofilOAA-560x560.jpg","exhibitor-width":560,"exhibitor-height":560,"gallery":"https:\/\/d2q6z78khxmx42.cloudfront.net\/2024\/03\/6_Alexi-Lemayfond-blancprofilOAA-560x311.jpg","gallery-width":560,"gallery-height":311,"logo":"https:\/\/d2q6z78khxmx42.cloudfront.net\/2024\/03\/6_Alexi-Lemayfond-blancprofilOAA-180x100.jpg","logo-width":180,"logo-height":100,"masonry":"https:\/\/d2q6z78khxmx42.cloudfront.net\/2024\/03\/6_Alexi-Lemayfond-blancprofilOAA-550x306.jpg","masonry-width":550,"masonry-height":306,"modal":"https:\/\/d2q6z78khxmx42.cloudfront.net\/2024\/03\/FTaMx2oO-6_Alexi-Lemayfond-blancprofilOAA-1920x1067.jpg","modal-width":1920,"modal-height":1067,"number":"https:\/\/d2q6z78khxmx42.cloudfront.net\/2024\/03\/FTaMx2oO-6_Alexi-Lemayfond-blancprofilOAA-560x311.jpg","number-width":560,"number-height":311,"partner":"https:\/\/d2q6z78khxmx42.cloudfront.net\/2024\/03\/6_Alexi-Lemayfond-blancprofilOAA-275x153.jpg","partner-width":275,"partner-height":153,"ranking":"https:\/\/d2q6z78khxmx42.cloudfront.net\/2024\/03\/FTaMx2oO-6_Alexi-Lemayfond-blancprofilOAA-960x540.jpg","ranking-width":960,"ranking-height":540,"schedule":"https:\/\/d2q6z78khxmx42.cloudfront.net\/2024\/03\/6_Alexi-Lemayfond-blancprofilOAA-960x360.jpg","schedule-width":960,"schedule-height":360,"slideshow":"https:\/\/d2q6z78khxmx42.cloudfront.net\/2024\/03\/6_Alexi-Lemayfond-blancprofilOAA-1223x680.jpg","slideshow-width":1223,"slideshow-height":680}},"file":false},{"name":"Katrine Beaudry,","credit":"n\/d","image":{"ID":128653,"id":128653,"title":"Katrine Beaudry_Fond Blanc 2019_HRZ","filename":"KatrineBeaudryFondBlanc2019HRZ-scaled.jpg","filesize":436188,"url":"https:\/\/d2q6z78khxmx42.cloudfront.net\/2024\/03\/KatrineBeaudryFondBlanc2019HRZ-scaled.jpg","link":"https:\/\/int.design\/fr\/projets\/residence-de-la-promenade\/katrine-beaudry_fond-blanc-2019_hrz-3\/","alt":"","author":"383","description":"","caption":"","name":"katrine-beaudry_fond-blanc-2019_hrz-3","status":"inherit","uploaded_to":122405,"date":"2024-03-15 14:30:31","modified":"2024-03-15 14:31:18","menu_order":0,"mime_type":"image\/jpeg","type":"image","subtype":"jpeg","icon":"https:\/\/int.design\/wp-includes\/images\/media\/default.png","width":2560,"height":1704,"sizes":{"thumbnail":"https:\/\/d2q6z78khxmx42.cloudfront.net\/2024\/03\/KatrineBeaudryFondBlanc2019HRZ-150x150.jpg","thumbnail-width":150,"thumbnail-height":150,"medium":"https:\/\/d2q6z78khxmx42.cloudfront.net\/2024\/03\/KatrineBeaudryFondBlanc2019HRZ-300x200.jpg","medium-width":300,"medium-height":200,"medium_large":"https:\/\/d2q6z78khxmx42.cloudfront.net\/2024\/03\/KatrineBeaudryFondBlanc2019HRZ-768x511.jpg","medium_large-width":768,"medium_large-height":511,"large":"https:\/\/d2q6z78khxmx42.cloudfront.net\/2024\/03\/KatrineBeaudryFondBlanc2019HRZ-1024x682.jpg","large-width":1024,"large-height":682,"1536x1536":"https:\/\/d2q6z78khxmx42.cloudfront.net\/2024\/03\/KatrineBeaudryFondBlanc2019HRZ-1536x1022.jpg","1536x1536-width":1536,"1536x1536-height":1022,"2048x2048":"https:\/\/d2q6z78khxmx42.cloudfront.net\/2024\/03\/KatrineBeaudryFondBlanc2019HRZ-2048x1363.jpg","2048x2048-width":2048,"2048x2048-height":1363,"article":"https:\/\/d2q6z78khxmx42.cloudfront.net\/2024\/03\/KatrineBeaudryFondBlanc2019HRZ-960x540.jpg","article-width":960,"article-height":540,"banner":"https:\/\/d2q6z78khxmx42.cloudfront.net\/2024\/03\/KatrineBeaudryFondBlanc2019HRZ-1920x1278.jpg","banner-width":1920,"banner-height":1278,"block":"https:\/\/d2q6z78khxmx42.cloudfront.net\/2024\/03\/KatrineBeaudryFondBlanc2019HRZ-900x680.jpg","block-width":900,"block-height":680,"card":"https:\/\/d2q6z78khxmx42.cloudfront.net\/2024\/03\/KatrineBeaudryFondBlanc2019HRZ-560x495.jpg","card-width":560,"card-height":495,"card-thumbnail":"https:\/\/d2q6z78khxmx42.cloudfront.net\/2024\/03\/KatrineBeaudryFondBlanc2019HRZ-450x340.jpg","card-thumbnail-width":450,"card-thumbnail-height":340,"conference":"https:\/\/d2q6z78khxmx42.cloudfront.net\/2024\/03\/KatrineBeaudryFondBlanc2019HRZ-560x250.jpg","conference-width":560,"conference-height":250,"contest":"https:\/\/d2q6z78khxmx42.cloudfront.net\/2024\/03\/KatrineBeaudryFondBlanc2019HRZ-960x400.jpg","contest-width":960,"contest-height":400,"cta":"https:\/\/d2q6z78khxmx42.cloudfront.net\/2024\/03\/KatrineBeaudryFondBlanc2019HRZ-415x170.jpg","cta-width":415,"cta-height":170,"exhibitor":"https:\/\/d2q6z78khxmx42.cloudfront.net\/2024\/03\/KatrineBeaudryFondBlanc2019HRZ-560x560.jpg","exhibitor-width":560,"exhibitor-height":560,"gallery":"https:\/\/d2q6z78khxmx42.cloudfront.net\/2024\/03\/KatrineBeaudryFondBlanc2019HRZ-560x373.jpg","gallery-width":560,"gallery-height":373,"logo":"https:\/\/d2q6z78khxmx42.cloudfront.net\/2024\/03\/KatrineBeaudryFondBlanc2019HRZ-150x100.jpg","logo-width":150,"logo-height":100,"masonry":"https:\/\/d2q6z78khxmx42.cloudfront.net\/2024\/03\/KatrineBeaudryFondBlanc2019HRZ-550x366.jpg","masonry-width":550,"masonry-height":366,"modal":"https:\/\/d2q6z78khxmx42.cloudfront.net\/2024\/03\/bk6w5RuT-KatrineBeaudryFondBlanc2019HRZ-1920x1278.jpg","modal-width":1920,"modal-height":1278,"number":"https:\/\/d2q6z78khxmx42.cloudfront.net\/2024\/03\/bk6w5RuT-KatrineBeaudryFondBlanc2019HRZ-560x373.jpg","number-width":560,"number-height":373,"partner":"https:\/\/d2q6z78khxmx42.cloudfront.net\/2024\/03\/KatrineBeaudryFondBlanc2019HRZ-275x183.jpg","partner-width":275,"partner-height":183,"ranking":"https:\/\/d2q6z78khxmx42.cloudfront.net\/2024\/03\/bk6w5RuT-KatrineBeaudryFondBlanc2019HRZ-960x540.jpg","ranking-width":960,"ranking-height":540,"schedule":"https:\/\/d2q6z78khxmx42.cloudfront.net\/2024\/03\/KatrineBeaudryFondBlanc2019HRZ-960x360.jpg","schedule-width":960,"schedule-height":360,"slideshow":"https:\/\/d2q6z78khxmx42.cloudfront.net\/2024\/03\/KatrineBeaudryFondBlanc2019HRZ-1022x680.jpg","slideshow-width":1022,"slideshow-height":680}},"file":false},{"name":"Caroline Duchesne","credit":"n\/d","image":{"ID":128654,"id":128654,"title":"Caroline.Duchesne_HRZ","filename":"Caroline.DuchesneHRZ-scaled.jpg","filesize":218447,"url":"https:\/\/d2q6z78khxmx42.cloudfront.net\/2024\/03\/Caroline.DuchesneHRZ-scaled.jpg","link":"https:\/\/int.design\/fr\/projets\/residence-de-la-promenade\/caroline-duchesne_hrz\/","alt":"","author":"383","description":"","caption":"","name":"caroline-duchesne_hrz","status":"inherit","uploaded_to":122405,"date":"2024-03-15 14:30:55","modified":"2024-03-15 14:31:19","menu_order":0,"mime_type":"image\/jpeg","type":"image","subtype":"jpeg","icon":"https:\/\/int.design\/wp-includes\/images\/media\/default.png","width":2560,"height":1646,"sizes":{"thumbnail":"https:\/\/d2q6z78khxmx42.cloudfront.net\/2024\/03\/Caroline.DuchesneHRZ-150x150.jpg","thumbnail-width":150,"thumbnail-height":150,"medium":"https:\/\/d2q6z78khxmx42.cloudfront.net\/2024\/03\/Caroline.DuchesneHRZ-300x193.jpg","medium-width":300,"medium-height":193,"medium_large":"https:\/\/d2q6z78khxmx42.cloudfront.net\/2024\/03\/Caroline.DuchesneHRZ-768x494.jpg","medium_large-width":768,"medium_large-height":494,"large":"https:\/\/d2q6z78khxmx42.cloudfront.net\/2024\/03\/Caroline.DuchesneHRZ-1024x658.jpg","large-width":1024,"large-height":658,"1536x1536":"https:\/\/d2q6z78khxmx42.cloudfront.net\/2024\/03\/Caroline.DuchesneHRZ-1536x987.jpg","1536x1536-width":1536,"1536x1536-height":987,"2048x2048":"https:\/\/d2q6z78khxmx42.cloudfront.net\/2024\/03\/Caroline.DuchesneHRZ-2048x1316.jpg","2048x2048-width":2048,"2048x2048-height":1316,"article":"https:\/\/d2q6z78khxmx42.cloudfront.net\/2024\/03\/Caroline.DuchesneHRZ-960x540.jpg","article-width":960,"article-height":540,"banner":"https:\/\/d2q6z78khxmx42.cloudfront.net\/2024\/03\/Caroline.DuchesneHRZ-1920x1234.jpg","banner-width":1920,"banner-height":1234,"block":"https:\/\/d2q6z78khxmx42.cloudfront.net\/2024\/03\/Caroline.DuchesneHRZ-900x680.jpg","block-width":900,"block-height":680,"card":"https:\/\/d2q6z78khxmx42.cloudfront.net\/2024\/03\/Caroline.DuchesneHRZ-560x495.jpg","card-width":560,"card-height":495,"card-thumbnail":"https:\/\/d2q6z78khxmx42.cloudfront.net\/2024\/03\/Caroline.DuchesneHRZ-450x340.jpg","card-thumbnail-width":450,"card-thumbnail-height":340,"conference":"https:\/\/d2q6z78khxmx42.cloudfront.net\/2024\/03\/Caroline.DuchesneHRZ-560x250.jpg","conference-width":560,"conference-height":250,"contest":"https:\/\/d2q6z78khxmx42.cloudfront.net\/2024\/03\/Caroline.DuchesneHRZ-960x400.jpg","contest-width":960,"contest-height":400,"cta":"https:\/\/d2q6z78khxmx42.cloudfront.net\/2024\/03\/Caroline.DuchesneHRZ-415x170.jpg","cta-width":415,"cta-height":170,"exhibitor":"https:\/\/d2q6z78khxmx42.cloudfront.net\/2024\/03\/Caroline.DuchesneHRZ-560x560.jpg","exhibitor-width":560,"exhibitor-height":560,"gallery":"https:\/\/d2q6z78khxmx42.cloudfront.net\/2024\/03\/Caroline.DuchesneHRZ-560x360.jpg","gallery-width":560,"gallery-height":360,"logo":"https:\/\/d2q6z78khxmx42.cloudfront.net\/2024\/03\/Caroline.DuchesneHRZ-156x100.jpg","logo-width":156,"logo-height":100,"masonry":"https:\/\/d2q6z78khxmx42.cloudfront.net\/2024\/03\/Caroline.DuchesneHRZ-550x354.jpg","masonry-width":550,"masonry-height":354,"modal":"https:\/\/d2q6z78khxmx42.cloudfront.net\/2024\/03\/XN3u09mU-Caroline.DuchesneHRZ-1920x1234.jpg","modal-width":1920,"modal-height":1234,"number":"https:\/\/d2q6z78khxmx42.cloudfront.net\/2024\/03\/XN3u09mU-Caroline.DuchesneHRZ-560x360.jpg","number-width":560,"number-height":360,"partner":"https:\/\/d2q6z78khxmx42.cloudfront.net\/2024\/03\/Caroline.DuchesneHRZ-275x177.jpg","partner-width":275,"partner-height":177,"ranking":"https:\/\/d2q6z78khxmx42.cloudfront.net\/2024\/03\/XN3u09mU-Caroline.DuchesneHRZ-960x540.jpg","ranking-width":960,"ranking-height":540,"schedule":"https:\/\/d2q6z78khxmx42.cloudfront.net\/2024\/03\/Caroline.DuchesneHRZ-960x360.jpg","schedule-width":960,"schedule-height":360,"slideshow":"https:\/\/d2q6z78khxmx42.cloudfront.net\/2024\/03\/Caroline.DuchesneHRZ-1058x680.jpg","slideshow-width":1058,"slideshow-height":680}},"file":false}],"cover":[{"categories":[3781],"credit":"Jessy Bernier","image":{"ID":130367,"id":130367,"title":"01_Design.Inte\u0301rieur_Maison.de.la.Promenade_LemayMichaud_\u00a9JessyBernier","filename":"6_01Design.InterieurMaison.de.la.PromenadeLemayMichaudJessyBernier-scaled.jpg","filesize":799008,"url":"https:\/\/d2q6z78khxmx42.cloudfront.net\/2024\/03\/6_01Design.InterieurMaison.de.la.PromenadeLemayMichaudJessyBernier-scaled.jpg","link":"https:\/\/int.design\/fr\/projets\/residence-de-la-promenade\/01_design-interieur_maison-de-la-promenade_lemaymichaud_jessybernier-2\/","alt":"","author":"383","description":"R\u00e9sidence de la Promenade R\u00e9sidence de la Promenade       ","caption":"","name":"01_design-interieur_maison-de-la-promenade_lemaymichaud_jessybernier-2","status":"inherit","uploaded_to":122405,"date":"2024-03-25 19:02:28","modified":"2024-08-20 21:14:06","menu_order":0,"mime_type":"image\/jpeg","type":"image","subtype":"jpeg","icon":"https:\/\/int.design\/wp-includes\/images\/media\/default.png","width":2560,"height":1430,"sizes":{"thumbnail":"https:\/\/d2q6z78khxmx42.cloudfront.net\/2024\/03\/6_01Design.InterieurMaison.de.la.PromenadeLemayMichaudJessyBernier-150x150.jpg","thumbnail-width":150,"thumbnail-height":150,"medium":"https:\/\/d2q6z78khxmx42.cloudfront.net\/2024\/03\/6_01Design.InterieurMaison.de.la.PromenadeLemayMichaudJessyBernier-300x168.jpg","medium-width":300,"medium-height":168,"medium_large":"https:\/\/d2q6z78khxmx42.cloudfront.net\/2024\/03\/6_01Design.InterieurMaison.de.la.PromenadeLemayMichaudJessyBernier-768x429.jpg","medium_large-width":768,"medium_large-height":429,"large":"https:\/\/d2q6z78khxmx42.cloudfront.net\/2024\/03\/6_01Design.InterieurMaison.de.la.PromenadeLemayMichaudJessyBernier-1024x572.jpg","large-width":1024,"large-height":572,"1536x1536":"https:\/\/d2q6z78khxmx42.cloudfront.net\/2024\/03\/6_01Design.InterieurMaison.de.la.PromenadeLemayMichaudJessyBernier-1536x858.jpg","1536x1536-width":1536,"1536x1536-height":858,"2048x2048":"https:\/\/d2q6z78khxmx42.cloudfront.net\/2024\/03\/6_01Design.InterieurMaison.de.la.PromenadeLemayMichaudJessyBernier-2048x1144.jpg","2048x2048-width":2048,"2048x2048-height":1144,"article":"https:\/\/d2q6z78khxmx42.cloudfront.net\/2024\/03\/6_01Design.InterieurMaison.de.la.PromenadeLemayMichaudJessyBernier-960x540.jpg","article-width":960,"article-height":540,"banner":"https:\/\/d2q6z78khxmx42.cloudfront.net\/2024\/03\/6_01Design.InterieurMaison.de.la.PromenadeLemayMichaudJessyBernier-1920x1073.jpg","banner-width":1920,"banner-height":1073,"block":"https:\/\/d2q6z78khxmx42.cloudfront.net\/2024\/03\/6_01Design.InterieurMaison.de.la.PromenadeLemayMichaudJessyBernier-900x680.jpg","block-width":900,"block-height":680,"card":"https:\/\/d2q6z78khxmx42.cloudfront.net\/2024\/03\/6_01Design.InterieurMaison.de.la.PromenadeLemayMichaudJessyBernier-560x495.jpg","card-width":560,"card-height":495,"card-thumbnail":"https:\/\/d2q6z78khxmx42.cloudfront.net\/2024\/03\/6_01Design.InterieurMaison.de.la.PromenadeLemayMichaudJessyBernier-450x340.jpg","card-thumbnail-width":450,"card-thumbnail-height":340,"conference":"https:\/\/d2q6z78khxmx42.cloudfront.net\/2024\/03\/6_01Design.InterieurMaison.de.la.PromenadeLemayMichaudJessyBernier-560x250.jpg","conference-width":560,"conference-height":250,"contest":"https:\/\/d2q6z78khxmx42.cloudfront.net\/2024\/03\/6_01Design.InterieurMaison.de.la.PromenadeLemayMichaudJessyBernier-960x400.jpg","contest-width":960,"contest-height":400,"cta":"https:\/\/d2q6z78khxmx42.cloudfront.net\/2024\/03\/6_01Design.InterieurMaison.de.la.PromenadeLemayMichaudJessyBernier-415x170.jpg","cta-width":415,"cta-height":170,"exhibitor":"https:\/\/d2q6z78khxmx42.cloudfront.net\/2024\/03\/6_01Design.InterieurMaison.de.la.PromenadeLemayMichaudJessyBernier-560x560.jpg","exhibitor-width":560,"exhibitor-height":560,"gallery":"https:\/\/d2q6z78khxmx42.cloudfront.net\/2024\/03\/6_01Design.InterieurMaison.de.la.PromenadeLemayMichaudJessyBernier-560x313.jpg","gallery-width":560,"gallery-height":313,"logo":"https:\/\/d2q6z78khxmx42.cloudfront.net\/2024\/03\/6_01Design.InterieurMaison.de.la.PromenadeLemayMichaudJessyBernier-179x100.jpg","logo-width":179,"logo-height":100,"masonry":"https:\/\/d2q6z78khxmx42.cloudfront.net\/2024\/03\/6_01Design.InterieurMaison.de.la.PromenadeLemayMichaudJessyBernier-550x307.jpg","masonry-width":550,"masonry-height":307,"modal":"https:\/\/d2q6z78khxmx42.cloudfront.net\/2024\/03\/iqQcQbrj-6_01Design.InterieurMaison.de.la.PromenadeLemayMichaudJessyBernier-1920x1073.jpg","modal-width":1920,"modal-height":1073,"number":"https:\/\/d2q6z78khxmx42.cloudfront.net\/2024\/03\/iqQcQbrj-6_01Design.InterieurMaison.de.la.PromenadeLemayMichaudJessyBernier-560x313.jpg","number-width":560,"number-height":313,"partner":"https:\/\/d2q6z78khxmx42.cloudfront.net\/2024\/03\/6_01Design.InterieurMaison.de.la.PromenadeLemayMichaudJessyBernier-275x154.jpg","partner-width":275,"partner-height":154,"ranking":"https:\/\/d2q6z78khxmx42.cloudfront.net\/2024\/03\/iqQcQbrj-6_01Design.InterieurMaison.de.la.PromenadeLemayMichaudJessyBernier-960x540.jpg","ranking-width":960,"ranking-height":540,"schedule":"https:\/\/d2q6z78khxmx42.cloudfront.net\/2024\/03\/6_01Design.InterieurMaison.de.la.PromenadeLemayMichaudJessyBernier-960x360.jpg","schedule-width":960,"schedule-height":360,"slideshow":"https:\/\/d2q6z78khxmx42.cloudfront.net\/2024\/03\/6_01Design.InterieurMaison.de.la.PromenadeLemayMichaudJessyBernier-1217x680.jpg","slideshow-width":1217,"slideshow-height":680}},"filters":[23,24],"suppliers":false,"attachment_category":{"23":"Cuisine","986":"Habitation","2676":"Habitation (tous)","24":"Salon"}}],"images":[{"categories":[3781],"credit":"Jessy Bernier","image":{"ID":128164,"id":128164,"title":"01_Design.Inte\u0301rieur_Maison.de.la.Promenade_LemayMichaud_\u00a9JessyBernier","filename":"01Design.InterieurMaison.de.la.PromenadeLemayMichaudJessyBernier-scaled.jpg","filesize":799008,"url":"https:\/\/d2q6z78khxmx42.cloudfront.net\/2024\/03\/01Design.InterieurMaison.de.la.PromenadeLemayMichaudJessyBernier-scaled.jpg","link":"https:\/\/int.design\/fr\/projets\/residence-de-la-promenade\/01_design-interieur_maison-de-la-promenade_lemaymichaud_jessybernier\/","alt":"","author":"383","description":"R\u00e9sidence de la Promenade R\u00e9sidence de la Promenade       ","caption":"","name":"01_design-interieur_maison-de-la-promenade_lemaymichaud_jessybernier","status":"inherit","uploaded_to":122405,"date":"2024-03-13 12:51:02","modified":"2024-08-20 21:14:06","menu_order":0,"mime_type":"image\/jpeg","type":"image","subtype":"jpeg","icon":"https:\/\/int.design\/wp-includes\/images\/media\/default.png","width":2560,"height":1430,"sizes":{"thumbnail":"https:\/\/d2q6z78khxmx42.cloudfront.net\/2024\/03\/01Design.InterieurMaison.de.la.PromenadeLemayMichaudJessyBernier-150x150.jpg","thumbnail-width":150,"thumbnail-height":150,"medium":"https:\/\/d2q6z78khxmx42.cloudfront.net\/2024\/03\/01Design.InterieurMaison.de.la.PromenadeLemayMichaudJessyBernier-300x168.jpg","medium-width":300,"medium-height":168,"medium_large":"https:\/\/d2q6z78khxmx42.cloudfront.net\/2024\/03\/01Design.InterieurMaison.de.la.PromenadeLemayMichaudJessyBernier-768x429.jpg","medium_large-width":768,"medium_large-height":429,"large":"https:\/\/d2q6z78khxmx42.cloudfront.net\/2024\/03\/01Design.InterieurMaison.de.la.PromenadeLemayMichaudJessyBernier-1024x572.jpg","large-width":1024,"large-height":572,"1536x1536":"https:\/\/d2q6z78khxmx42.cloudfront.net\/2024\/03\/01Design.InterieurMaison.de.la.PromenadeLemayMichaudJessyBernier-1536x858.jpg","1536x1536-width":1536,"1536x1536-height":858,"2048x2048":"https:\/\/d2q6z78khxmx42.cloudfront.net\/2024\/03\/01Design.InterieurMaison.de.la.PromenadeLemayMichaudJessyBernier-2048x1144.jpg","2048x2048-width":2048,"2048x2048-height":1144,"article":"https:\/\/d2q6z78khxmx42.cloudfront.net\/2024\/03\/01Design.InterieurMaison.de.la.PromenadeLemayMichaudJessyBernier-960x540.jpg","article-width":960,"article-height":540,"banner":"https:\/\/d2q6z78khxmx42.cloudfront.net\/2024\/03\/01Design.InterieurMaison.de.la.PromenadeLemayMichaudJessyBernier-1920x1073.jpg","banner-width":1920,"banner-height":1073,"block":"https:\/\/d2q6z78khxmx42.cloudfront.net\/2024\/03\/01Design.InterieurMaison.de.la.PromenadeLemayMichaudJessyBernier-900x680.jpg","block-width":900,"block-height":680,"card":"https:\/\/d2q6z78khxmx42.cloudfront.net\/2024\/03\/01Design.InterieurMaison.de.la.PromenadeLemayMichaudJessyBernier-560x495.jpg","card-width":560,"card-height":495,"card-thumbnail":"https:\/\/d2q6z78khxmx42.cloudfront.net\/2024\/03\/01Design.InterieurMaison.de.la.PromenadeLemayMichaudJessyBernier-450x340.jpg","card-thumbnail-width":450,"card-thumbnail-height":340,"conference":"https:\/\/d2q6z78khxmx42.cloudfront.net\/2024\/03\/01Design.InterieurMaison.de.la.PromenadeLemayMichaudJessyBernier-560x250.jpg","conference-width":560,"conference-height":250,"contest":"https:\/\/d2q6z78khxmx42.cloudfront.net\/2024\/03\/01Design.InterieurMaison.de.la.PromenadeLemayMichaudJessyBernier-960x400.jpg","contest-width":960,"contest-height":400,"cta":"https:\/\/d2q6z78khxmx42.cloudfront.net\/2024\/03\/01Design.InterieurMaison.de.la.PromenadeLemayMichaudJessyBernier-415x170.jpg","cta-width":415,"cta-height":170,"exhibitor":"https:\/\/d2q6z78khxmx42.cloudfront.net\/2024\/03\/01Design.InterieurMaison.de.la.PromenadeLemayMichaudJessyBernier-560x560.jpg","exhibitor-width":560,"exhibitor-height":560,"gallery":"https:\/\/d2q6z78khxmx42.cloudfront.net\/2024\/03\/01Design.InterieurMaison.de.la.PromenadeLemayMichaudJessyBernier-560x313.jpg","gallery-width":560,"gallery-height":313,"logo":"https:\/\/d2q6z78khxmx42.cloudfront.net\/2024\/03\/01Design.InterieurMaison.de.la.PromenadeLemayMichaudJessyBernier-179x100.jpg","logo-width":179,"logo-height":100,"masonry":"https:\/\/d2q6z78khxmx42.cloudfront.net\/2024\/03\/01Design.InterieurMaison.de.la.PromenadeLemayMichaudJessyBernier-550x307.jpg","masonry-width":550,"masonry-height":307,"modal":"https:\/\/d2q6z78khxmx42.cloudfront.net\/2024\/03\/6xJ0PWNw-01Design.InterieurMaison.de.la.PromenadeLemayMichaudJessyBernier-1920x1073.jpg","modal-width":1920,"modal-height":1073,"number":"https:\/\/d2q6z78khxmx42.cloudfront.net\/2024\/03\/6xJ0PWNw-01Design.InterieurMaison.de.la.PromenadeLemayMichaudJessyBernier-560x313.jpg","number-width":560,"number-height":313,"partner":"https:\/\/d2q6z78khxmx42.cloudfront.net\/2024\/03\/01Design.InterieurMaison.de.la.PromenadeLemayMichaudJessyBernier-275x154.jpg","partner-width":275,"partner-height":154,"ranking":"https:\/\/d2q6z78khxmx42.cloudfront.net\/2024\/03\/6xJ0PWNw-01Design.InterieurMaison.de.la.PromenadeLemayMichaudJessyBernier-960x540.jpg","ranking-width":960,"ranking-height":540,"schedule":"https:\/\/d2q6z78khxmx42.cloudfront.net\/2024\/03\/01Design.InterieurMaison.de.la.PromenadeLemayMichaudJessyBernier-960x360.jpg","schedule-width":960,"schedule-height":360,"slideshow":"https:\/\/d2q6z78khxmx42.cloudfront.net\/2024\/03\/01Design.InterieurMaison.de.la.PromenadeLemayMichaudJessyBernier-1217x680.jpg","slideshow-width":1217,"slideshow-height":680}},"filters":[23,24],"suppliers":false,"attachment_category":[]},{"categories":[3781],"credit":"Jessy Bernier","image":{"ID":128165,"id":128165,"title":"02_Design.Inte\u0301rieur_Maison.de.la.Promenade_LemayMichaud_\u00a9JessyBernier","filename":"02Design.InterieurMaison.de.la.PromenadeLemayMichaudJessyBernier-scaled.jpg","filesize":589965,"url":"https:\/\/d2q6z78khxmx42.cloudfront.net\/2024\/03\/02Design.InterieurMaison.de.la.PromenadeLemayMichaudJessyBernier-scaled.jpg","link":"https:\/\/int.design\/fr\/projets\/residence-de-la-promenade\/02_design-interieur_maison-de-la-promenade_lemaymichaud_jessybernier\/","alt":"","author":"383","description":"R\u00e9sidence de la Promenade R\u00e9sidence de la Promenade       ","caption":"","name":"02_design-interieur_maison-de-la-promenade_lemaymichaud_jessybernier","status":"inherit","uploaded_to":122405,"date":"2024-03-13 12:51:03","modified":"2024-08-20 21:14:06","menu_order":0,"mime_type":"image\/jpeg","type":"image","subtype":"jpeg","icon":"https:\/\/int.design\/wp-includes\/images\/media\/default.png","width":2560,"height":1707,"sizes":{"thumbnail":"https:\/\/d2q6z78khxmx42.cloudfront.net\/2024\/03\/02Design.InterieurMaison.de.la.PromenadeLemayMichaudJessyBernier-150x150.jpg","thumbnail-width":150,"thumbnail-height":150,"medium":"https:\/\/d2q6z78khxmx42.cloudfront.net\/2024\/03\/02Design.InterieurMaison.de.la.PromenadeLemayMichaudJessyBernier-300x200.jpg","medium-width":300,"medium-height":200,"medium_large":"https:\/\/d2q6z78khxmx42.cloudfront.net\/2024\/03\/02Design.InterieurMaison.de.la.PromenadeLemayMichaudJessyBernier-768x512.jpg","medium_large-width":768,"medium_large-height":512,"large":"https:\/\/d2q6z78khxmx42.cloudfront.net\/2024\/03\/02Design.InterieurMaison.de.la.PromenadeLemayMichaudJessyBernier-1024x683.jpg","large-width":1024,"large-height":683,"1536x1536":"https:\/\/d2q6z78khxmx42.cloudfront.net\/2024\/03\/02Design.InterieurMaison.de.la.PromenadeLemayMichaudJessyBernier-1536x1024.jpg","1536x1536-width":1536,"1536x1536-height":1024,"2048x2048":"https:\/\/d2q6z78khxmx42.cloudfront.net\/2024\/03\/02Design.InterieurMaison.de.la.PromenadeLemayMichaudJessyBernier-2048x1365.jpg","2048x2048-width":2048,"2048x2048-height":1365,"article":"https:\/\/d2q6z78khxmx42.cloudfront.net\/2024\/03\/02Design.InterieurMaison.de.la.PromenadeLemayMichaudJessyBernier-960x540.jpg","article-width":960,"article-height":540,"banner":"https:\/\/d2q6z78khxmx42.cloudfront.net\/2024\/03\/02Design.InterieurMaison.de.la.PromenadeLemayMichaudJessyBernier-1920x1280.jpg","banner-width":1920,"banner-height":1280,"block":"https:\/\/d2q6z78khxmx42.cloudfront.net\/2024\/03\/02Design.InterieurMaison.de.la.PromenadeLemayMichaudJessyBernier-900x680.jpg","block-width":900,"block-height":680,"card":"https:\/\/d2q6z78khxmx42.cloudfront.net\/2024\/03\/02Design.InterieurMaison.de.la.PromenadeLemayMichaudJessyBernier-560x495.jpg","card-width":560,"card-height":495,"card-thumbnail":"https:\/\/d2q6z78khxmx42.cloudfront.net\/2024\/03\/02Design.InterieurMaison.de.la.PromenadeLemayMichaudJessyBernier-450x340.jpg","card-thumbnail-width":450,"card-thumbnail-height":340,"conference":"https:\/\/d2q6z78khxmx42.cloudfront.net\/2024\/03\/02Design.InterieurMaison.de.la.PromenadeLemayMichaudJessyBernier-560x250.jpg","conference-width":560,"conference-height":250,"contest":"https:\/\/d2q6z78khxmx42.cloudfront.net\/2024\/03\/02Design.InterieurMaison.de.la.PromenadeLemayMichaudJessyBernier-960x400.jpg","contest-width":960,"contest-height":400,"cta":"https:\/\/d2q6z78khxmx42.cloudfront.net\/2024\/03\/02Design.InterieurMaison.de.la.PromenadeLemayMichaudJessyBernier-415x170.jpg","cta-width":415,"cta-height":170,"exhibitor":"https:\/\/d2q6z78khxmx42.cloudfront.net\/2024\/03\/02Design.InterieurMaison.de.la.PromenadeLemayMichaudJessyBernier-560x560.jpg","exhibitor-width":560,"exhibitor-height":560,"gallery":"https:\/\/d2q6z78khxmx42.cloudfront.net\/2024\/03\/02Design.InterieurMaison.de.la.PromenadeLemayMichaudJessyBernier-560x373.jpg","gallery-width":560,"gallery-height":373,"logo":"https:\/\/d2q6z78khxmx42.cloudfront.net\/2024\/03\/02Design.InterieurMaison.de.la.PromenadeLemayMichaudJessyBernier-150x100.jpg","logo-width":150,"logo-height":100,"masonry":"https:\/\/d2q6z78khxmx42.cloudfront.net\/2024\/03\/02Design.InterieurMaison.de.la.PromenadeLemayMichaudJessyBernier-550x367.jpg","masonry-width":550,"masonry-height":367,"modal":"https:\/\/d2q6z78khxmx42.cloudfront.net\/2024\/03\/TZYkxAgn-02Design.InterieurMaison.de.la.PromenadeLemayMichaudJessyBernier-1920x1280.jpg","modal-width":1920,"modal-height":1280,"number":"https:\/\/d2q6z78khxmx42.cloudfront.net\/2024\/03\/TZYkxAgn-02Design.InterieurMaison.de.la.PromenadeLemayMichaudJessyBernier-560x373.jpg","number-width":560,"number-height":373,"partner":"https:\/\/d2q6z78khxmx42.cloudfront.net\/2024\/03\/02Design.InterieurMaison.de.la.PromenadeLemayMichaudJessyBernier-275x183.jpg","partner-width":275,"partner-height":183,"ranking":"https:\/\/d2q6z78khxmx42.cloudfront.net\/2024\/03\/TZYkxAgn-02Design.InterieurMaison.de.la.PromenadeLemayMichaudJessyBernier-960x540.jpg","ranking-width":960,"ranking-height":540,"schedule":"https:\/\/d2q6z78khxmx42.cloudfront.net\/2024\/03\/02Design.InterieurMaison.de.la.PromenadeLemayMichaudJessyBernier-960x360.jpg","schedule-width":960,"schedule-height":360,"slideshow":"https:\/\/d2q6z78khxmx42.cloudfront.net\/2024\/03\/02Design.InterieurMaison.de.la.PromenadeLemayMichaudJessyBernier-1020x680.jpg","slideshow-width":1020,"slideshow-height":680}},"filters":[23],"suppliers":false,"attachment_category":[]},{"categories":[3781],"credit":"Jessy Bernier","image":{"ID":128166,"id":128166,"title":"03_Design.Inte\u0301rieur_Maison.de.la.Promenade_LemayMichaud_\u00a9JessyBernier","filename":"03Design.InterieurMaison.de.la.PromenadeLemayMichaudJessyBernier-scaled.jpg","filesize":666508,"url":"https:\/\/d2q6z78khxmx42.cloudfront.net\/2024\/03\/03Design.InterieurMaison.de.la.PromenadeLemayMichaudJessyBernier-scaled.jpg","link":"https:\/\/int.design\/fr\/projets\/residence-de-la-promenade\/03_design-interieur_maison-de-la-promenade_lemaymichaud_jessybernier\/","alt":"","author":"383","description":"R\u00e9sidence de la Promenade R\u00e9sidence de la Promenade       ","caption":"","name":"03_design-interieur_maison-de-la-promenade_lemaymichaud_jessybernier","status":"inherit","uploaded_to":122405,"date":"2024-03-13 12:51:08","modified":"2024-08-20 21:14:06","menu_order":0,"mime_type":"image\/jpeg","type":"image","subtype":"jpeg","icon":"https:\/\/int.design\/wp-includes\/images\/media\/default.png","width":2560,"height":1680,"sizes":{"thumbnail":"https:\/\/d2q6z78khxmx42.cloudfront.net\/2024\/03\/03Design.InterieurMaison.de.la.PromenadeLemayMichaudJessyBernier-150x150.jpg","thumbnail-width":150,"thumbnail-height":150,"medium":"https:\/\/d2q6z78khxmx42.cloudfront.net\/2024\/03\/03Design.InterieurMaison.de.la.PromenadeLemayMichaudJessyBernier-300x197.jpg","medium-width":300,"medium-height":197,"medium_large":"https:\/\/d2q6z78khxmx42.cloudfront.net\/2024\/03\/03Design.InterieurMaison.de.la.PromenadeLemayMichaudJessyBernier-768x504.jpg","medium_large-width":768,"medium_large-height":504,"large":"https:\/\/d2q6z78khxmx42.cloudfront.net\/2024\/03\/03Design.InterieurMaison.de.la.PromenadeLemayMichaudJessyBernier-1024x672.jpg","large-width":1024,"large-height":672,"1536x1536":"https:\/\/d2q6z78khxmx42.cloudfront.net\/2024\/03\/03Design.InterieurMaison.de.la.PromenadeLemayMichaudJessyBernier-1536x1008.jpg","1536x1536-width":1536,"1536x1536-height":1008,"2048x2048":"https:\/\/d2q6z78khxmx42.cloudfront.net\/2024\/03\/03Design.InterieurMaison.de.la.PromenadeLemayMichaudJessyBernier-2048x1344.jpg","2048x2048-width":2048,"2048x2048-height":1344,"article":"https:\/\/d2q6z78khxmx42.cloudfront.net\/2024\/03\/03Design.InterieurMaison.de.la.PromenadeLemayMichaudJessyBernier-960x540.jpg","article-width":960,"article-height":540,"banner":"https:\/\/d2q6z78khxmx42.cloudfront.net\/2024\/03\/03Design.InterieurMaison.de.la.PromenadeLemayMichaudJessyBernier-1920x1260.jpg","banner-width":1920,"banner-height":1260,"block":"https:\/\/d2q6z78khxmx42.cloudfront.net\/2024\/03\/03Design.InterieurMaison.de.la.PromenadeLemayMichaudJessyBernier-900x680.jpg","block-width":900,"block-height":680,"card":"https:\/\/d2q6z78khxmx42.cloudfront.net\/2024\/03\/03Design.InterieurMaison.de.la.PromenadeLemayMichaudJessyBernier-560x495.jpg","card-width":560,"card-height":495,"card-thumbnail":"https:\/\/d2q6z78khxmx42.cloudfront.net\/2024\/03\/03Design.InterieurMaison.de.la.PromenadeLemayMichaudJessyBernier-450x340.jpg","card-thumbnail-width":450,"card-thumbnail-height":340,"conference":"https:\/\/d2q6z78khxmx42.cloudfront.net\/2024\/03\/03Design.InterieurMaison.de.la.PromenadeLemayMichaudJessyBernier-560x250.jpg","conference-width":560,"conference-height":250,"contest":"https:\/\/d2q6z78khxmx42.cloudfront.net\/2024\/03\/03Design.InterieurMaison.de.la.PromenadeLemayMichaudJessyBernier-960x400.jpg","contest-width":960,"contest-height":400,"cta":"https:\/\/d2q6z78khxmx42.cloudfront.net\/2024\/03\/03Design.InterieurMaison.de.la.PromenadeLemayMichaudJessyBernier-415x170.jpg","cta-width":415,"cta-height":170,"exhibitor":"https:\/\/d2q6z78khxmx42.cloudfront.net\/2024\/03\/03Design.InterieurMaison.de.la.PromenadeLemayMichaudJessyBernier-560x560.jpg","exhibitor-width":560,"exhibitor-height":560,"gallery":"https:\/\/d2q6z78khxmx42.cloudfront.net\/2024\/03\/03Design.InterieurMaison.de.la.PromenadeLemayMichaudJessyBernier-560x368.jpg","gallery-width":560,"gallery-height":368,"logo":"https:\/\/d2q6z78khxmx42.cloudfront.net\/2024\/03\/03Design.InterieurMaison.de.la.PromenadeLemayMichaudJessyBernier-152x100.jpg","logo-width":152,"logo-height":100,"masonry":"https:\/\/d2q6z78khxmx42.cloudfront.net\/2024\/03\/03Design.InterieurMaison.de.la.PromenadeLemayMichaudJessyBernier-550x361.jpg","masonry-width":550,"masonry-height":361,"modal":"https:\/\/d2q6z78khxmx42.cloudfront.net\/2024\/03\/HtdubXb0-03Design.InterieurMaison.de.la.PromenadeLemayMichaudJessyBernier-1920x1260.jpg","modal-width":1920,"modal-height":1260,"number":"https:\/\/d2q6z78khxmx42.cloudfront.net\/2024\/03\/HtdubXb0-03Design.InterieurMaison.de.la.PromenadeLemayMichaudJessyBernier-560x368.jpg","number-width":560,"number-height":368,"partner":"https:\/\/d2q6z78khxmx42.cloudfront.net\/2024\/03\/03Design.InterieurMaison.de.la.PromenadeLemayMichaudJessyBernier-275x181.jpg","partner-width":275,"partner-height":181,"ranking":"https:\/\/d2q6z78khxmx42.cloudfront.net\/2024\/03\/HtdubXb0-03Design.InterieurMaison.de.la.PromenadeLemayMichaudJessyBernier-960x540.jpg","ranking-width":960,"ranking-height":540,"schedule":"https:\/\/d2q6z78khxmx42.cloudfront.net\/2024\/03\/03Design.InterieurMaison.de.la.PromenadeLemayMichaudJessyBernier-960x360.jpg","schedule-width":960,"schedule-height":360,"slideshow":"https:\/\/d2q6z78khxmx42.cloudfront.net\/2024\/03\/03Design.InterieurMaison.de.la.PromenadeLemayMichaudJessyBernier-1036x680.jpg","slideshow-width":1036,"slideshow-height":680}},"filters":[23],"suppliers":false,"attachment_category":[]},{"categories":[3781],"credit":"Jessy Bernier","image":{"ID":128167,"id":128167,"title":"04_Design.Inte\u0301rieur_Maison.de.la.Promenade_LemayMichaud_\u00a9JessyBernier","filename":"04Design.InterieurMaison.de.la.PromenadeLemayMichaudJessyBernier-scaled.jpg","filesize":749444,"url":"https:\/\/d2q6z78khxmx42.cloudfront.net\/2024\/03\/04Design.InterieurMaison.de.la.PromenadeLemayMichaudJessyBernier-scaled.jpg","link":"https:\/\/int.design\/fr\/projets\/residence-de-la-promenade\/04_design-interieur_maison-de-la-promenade_lemaymichaud_jessybernier\/","alt":"","author":"383","description":"R\u00e9sidence de la Promenade R\u00e9sidence de la Promenade       ","caption":"","name":"04_design-interieur_maison-de-la-promenade_lemaymichaud_jessybernier","status":"inherit","uploaded_to":122405,"date":"2024-03-13 12:51:08","modified":"2024-08-20 21:14:06","menu_order":0,"mime_type":"image\/jpeg","type":"image","subtype":"jpeg","icon":"https:\/\/int.design\/wp-includes\/images\/media\/default.png","width":2014,"height":2560,"sizes":{"thumbnail":"https:\/\/d2q6z78khxmx42.cloudfront.net\/2024\/03\/04Design.InterieurMaison.de.la.PromenadeLemayMichaudJessyBernier-150x150.jpg","thumbnail-width":150,"thumbnail-height":150,"medium":"https:\/\/d2q6z78khxmx42.cloudfront.net\/2024\/03\/04Design.InterieurMaison.de.la.PromenadeLemayMichaudJessyBernier-236x300.jpg","medium-width":236,"medium-height":300,"medium_large":"https:\/\/d2q6z78khxmx42.cloudfront.net\/2024\/03\/04Design.InterieurMaison.de.la.PromenadeLemayMichaudJessyBernier-768x976.jpg","medium_large-width":768,"medium_large-height":976,"large":"https:\/\/d2q6z78khxmx42.cloudfront.net\/2024\/03\/04Design.InterieurMaison.de.la.PromenadeLemayMichaudJessyBernier-805x1024.jpg","large-width":805,"large-height":1024,"1536x1536":"https:\/\/d2q6z78khxmx42.cloudfront.net\/2024\/03\/04Design.InterieurMaison.de.la.PromenadeLemayMichaudJessyBernier-1208x1536.jpg","1536x1536-width":1208,"1536x1536-height":1536,"2048x2048":"https:\/\/d2q6z78khxmx42.cloudfront.net\/2024\/03\/04Design.InterieurMaison.de.la.PromenadeLemayMichaudJessyBernier-1611x2048.jpg","2048x2048-width":1611,"2048x2048-height":2048,"article":"https:\/\/d2q6z78khxmx42.cloudfront.net\/2024\/03\/04Design.InterieurMaison.de.la.PromenadeLemayMichaudJessyBernier-960x540.jpg","article-width":960,"article-height":540,"banner":"https:\/\/d2q6z78khxmx42.cloudfront.net\/2024\/03\/04Design.InterieurMaison.de.la.PromenadeLemayMichaudJessyBernier-1920x2441.jpg","banner-width":1920,"banner-height":2441,"block":"https:\/\/d2q6z78khxmx42.cloudfront.net\/2024\/03\/04Design.InterieurMaison.de.la.PromenadeLemayMichaudJessyBernier-900x680.jpg","block-width":900,"block-height":680,"card":"https:\/\/d2q6z78khxmx42.cloudfront.net\/2024\/03\/04Design.InterieurMaison.de.la.PromenadeLemayMichaudJessyBernier-560x495.jpg","card-width":560,"card-height":495,"card-thumbnail":"https:\/\/d2q6z78khxmx42.cloudfront.net\/2024\/03\/04Design.InterieurMaison.de.la.PromenadeLemayMichaudJessyBernier-450x340.jpg","card-thumbnail-width":450,"card-thumbnail-height":340,"conference":"https:\/\/d2q6z78khxmx42.cloudfront.net\/2024\/03\/04Design.InterieurMaison.de.la.PromenadeLemayMichaudJessyBernier-560x250.jpg","conference-width":560,"conference-height":250,"contest":"https:\/\/d2q6z78khxmx42.cloudfront.net\/2024\/03\/04Design.InterieurMaison.de.la.PromenadeLemayMichaudJessyBernier-960x400.jpg","contest-width":960,"contest-height":400,"cta":"https:\/\/d2q6z78khxmx42.cloudfront.net\/2024\/03\/04Design.InterieurMaison.de.la.PromenadeLemayMichaudJessyBernier-415x170.jpg","cta-width":415,"cta-height":170,"exhibitor":"https:\/\/d2q6z78khxmx42.cloudfront.net\/2024\/03\/04Design.InterieurMaison.de.la.PromenadeLemayMichaudJessyBernier-560x560.jpg","exhibitor-width":560,"exhibitor-height":560,"gallery":"https:\/\/d2q6z78khxmx42.cloudfront.net\/2024\/03\/04Design.InterieurMaison.de.la.PromenadeLemayMichaudJessyBernier-338x430.jpg","gallery-width":338,"gallery-height":430,"logo":"https:\/\/d2q6z78khxmx42.cloudfront.net\/2024\/03\/04Design.InterieurMaison.de.la.PromenadeLemayMichaudJessyBernier-79x100.jpg","logo-width":79,"logo-height":100,"masonry":"https:\/\/d2q6z78khxmx42.cloudfront.net\/2024\/03\/04Design.InterieurMaison.de.la.PromenadeLemayMichaudJessyBernier-550x699.jpg","masonry-width":550,"masonry-height":699,"modal":"https:\/\/d2q6z78khxmx42.cloudfront.net\/2024\/03\/04Design.InterieurMaison.de.la.PromenadeLemayMichaudJessyBernier-1510x1920.jpg","modal-width":1510,"modal-height":1920,"number":"https:\/\/d2q6z78khxmx42.cloudfront.net\/2024\/03\/nfNGeFCW-04Design.InterieurMaison.de.la.PromenadeLemayMichaudJessyBernier-338x430.jpg","number-width":338,"number-height":430,"partner":"https:\/\/d2q6z78khxmx42.cloudfront.net\/2024\/03\/04Design.InterieurMaison.de.la.PromenadeLemayMichaudJessyBernier-165x210.jpg","partner-width":165,"partner-height":210,"ranking":"https:\/\/d2q6z78khxmx42.cloudfront.net\/2024\/03\/nfNGeFCW-04Design.InterieurMaison.de.la.PromenadeLemayMichaudJessyBernier-960x540.jpg","ranking-width":960,"ranking-height":540,"schedule":"https:\/\/d2q6z78khxmx42.cloudfront.net\/2024\/03\/04Design.InterieurMaison.de.la.PromenadeLemayMichaudJessyBernier-960x360.jpg","schedule-width":960,"schedule-height":360,"slideshow":"https:\/\/d2q6z78khxmx42.cloudfront.net\/2024\/03\/04Design.InterieurMaison.de.la.PromenadeLemayMichaudJessyBernier-535x680.jpg","slideshow-width":535,"slideshow-height":680}},"filters":false,"suppliers":false,"attachment_category":[]},{"categories":[3781],"credit":"Jessy Bernier","image":{"ID":128168,"id":128168,"title":"05_Design.Inte\u0301rieur_Maison.de.la.Promenade_LemayMichaud_\u00a9JessyBernier","filename":"05Design.InterieurMaison.de.la.PromenadeLemayMichaudJessyBernier-scaled.jpg","filesize":557468,"url":"https:\/\/d2q6z78khxmx42.cloudfront.net\/2024\/03\/05Design.InterieurMaison.de.la.PromenadeLemayMichaudJessyBernier-scaled.jpg","link":"https:\/\/int.design\/fr\/projets\/residence-de-la-promenade\/05_design-interieur_maison-de-la-promenade_lemaymichaud_jessybernier\/","alt":"","author":"383","description":"R\u00e9sidence de la Promenade R\u00e9sidence de la Promenade       ","caption":"","name":"05_design-interieur_maison-de-la-promenade_lemaymichaud_jessybernier","status":"inherit","uploaded_to":122405,"date":"2024-03-13 12:51:17","modified":"2024-08-20 21:14:06","menu_order":0,"mime_type":"image\/jpeg","type":"image","subtype":"jpeg","icon":"https:\/\/int.design\/wp-includes\/images\/media\/default.png","width":1686,"height":2560,"sizes":{"thumbnail":"https:\/\/d2q6z78khxmx42.cloudfront.net\/2024\/03\/05Design.InterieurMaison.de.la.PromenadeLemayMichaudJessyBernier-150x150.jpg","thumbnail-width":150,"thumbnail-height":150,"medium":"https:\/\/d2q6z78khxmx42.cloudfront.net\/2024\/03\/05Design.InterieurMaison.de.la.PromenadeLemayMichaudJessyBernier-198x300.jpg","medium-width":198,"medium-height":300,"medium_large":"https:\/\/d2q6z78khxmx42.cloudfront.net\/2024\/03\/05Design.InterieurMaison.de.la.PromenadeLemayMichaudJessyBernier-768x1166.jpg","medium_large-width":768,"medium_large-height":1166,"large":"https:\/\/d2q6z78khxmx42.cloudfront.net\/2024\/03\/05Design.InterieurMaison.de.la.PromenadeLemayMichaudJessyBernier-674x1024.jpg","large-width":674,"large-height":1024,"1536x1536":"https:\/\/d2q6z78khxmx42.cloudfront.net\/2024\/03\/05Design.InterieurMaison.de.la.PromenadeLemayMichaudJessyBernier-1011x1536.jpg","1536x1536-width":1011,"1536x1536-height":1536,"2048x2048":"https:\/\/d2q6z78khxmx42.cloudfront.net\/2024\/03\/05Design.InterieurMaison.de.la.PromenadeLemayMichaudJessyBernier-1349x2048.jpg","2048x2048-width":1349,"2048x2048-height":2048,"article":"https:\/\/d2q6z78khxmx42.cloudfront.net\/2024\/03\/05Design.InterieurMaison.de.la.PromenadeLemayMichaudJessyBernier-960x540.jpg","article-width":960,"article-height":540,"banner":"https:\/\/d2q6z78khxmx42.cloudfront.net\/2024\/03\/05Design.InterieurMaison.de.la.PromenadeLemayMichaudJessyBernier-1920x2916.jpg","banner-width":1920,"banner-height":2916,"block":"https:\/\/d2q6z78khxmx42.cloudfront.net\/2024\/03\/05Design.InterieurMaison.de.la.PromenadeLemayMichaudJessyBernier-900x680.jpg","block-width":900,"block-height":680,"card":"https:\/\/d2q6z78khxmx42.cloudfront.net\/2024\/03\/05Design.InterieurMaison.de.la.PromenadeLemayMichaudJessyBernier-560x495.jpg","card-width":560,"card-height":495,"card-thumbnail":"https:\/\/d2q6z78khxmx42.cloudfront.net\/2024\/03\/05Design.InterieurMaison.de.la.PromenadeLemayMichaudJessyBernier-450x340.jpg","card-thumbnail-width":450,"card-thumbnail-height":340,"conference":"https:\/\/d2q6z78khxmx42.cloudfront.net\/2024\/03\/05Design.InterieurMaison.de.la.PromenadeLemayMichaudJessyBernier-560x250.jpg","conference-width":560,"conference-height":250,"contest":"https:\/\/d2q6z78khxmx42.cloudfront.net\/2024\/03\/05Design.InterieurMaison.de.la.PromenadeLemayMichaudJessyBernier-960x400.jpg","contest-width":960,"contest-height":400,"cta":"https:\/\/d2q6z78khxmx42.cloudfront.net\/2024\/03\/05Design.InterieurMaison.de.la.PromenadeLemayMichaudJessyBernier-415x170.jpg","cta-width":415,"cta-height":170,"exhibitor":"https:\/\/d2q6z78khxmx42.cloudfront.net\/2024\/03\/05Design.InterieurMaison.de.la.PromenadeLemayMichaudJessyBernier-560x560.jpg","exhibitor-width":560,"exhibitor-height":560,"gallery":"https:\/\/d2q6z78khxmx42.cloudfront.net\/2024\/03\/05Design.InterieurMaison.de.la.PromenadeLemayMichaudJessyBernier-283x430.jpg","gallery-width":283,"gallery-height":430,"logo":"https:\/\/d2q6z78khxmx42.cloudfront.net\/2024\/03\/05Design.InterieurMaison.de.la.PromenadeLemayMichaudJessyBernier-66x100.jpg","logo-width":66,"logo-height":100,"masonry":"https:\/\/d2q6z78khxmx42.cloudfront.net\/2024\/03\/05Design.InterieurMaison.de.la.PromenadeLemayMichaudJessyBernier-550x835.jpg","masonry-width":550,"masonry-height":835,"modal":"https:\/\/d2q6z78khxmx42.cloudfront.net\/2024\/03\/05Design.InterieurMaison.de.la.PromenadeLemayMichaudJessyBernier-1264x1920.jpg","modal-width":1264,"modal-height":1920,"number":"https:\/\/d2q6z78khxmx42.cloudfront.net\/2024\/03\/aLzkWnTh-05Design.InterieurMaison.de.la.PromenadeLemayMichaudJessyBernier-283x430.jpg","number-width":283,"number-height":430,"partner":"https:\/\/d2q6z78khxmx42.cloudfront.net\/2024\/03\/05Design.InterieurMaison.de.la.PromenadeLemayMichaudJessyBernier-138x210.jpg","partner-width":138,"partner-height":210,"ranking":"https:\/\/d2q6z78khxmx42.cloudfront.net\/2024\/03\/aLzkWnTh-05Design.InterieurMaison.de.la.PromenadeLemayMichaudJessyBernier-960x540.jpg","ranking-width":960,"ranking-height":540,"schedule":"https:\/\/d2q6z78khxmx42.cloudfront.net\/2024\/03\/05Design.InterieurMaison.de.la.PromenadeLemayMichaudJessyBernier-960x360.jpg","schedule-width":960,"schedule-height":360,"slideshow":"https:\/\/d2q6z78khxmx42.cloudfront.net\/2024\/03\/05Design.InterieurMaison.de.la.PromenadeLemayMichaudJessyBernier-448x680.jpg","slideshow-width":448,"slideshow-height":680}},"filters":[112],"suppliers":false,"attachment_category":[]},{"categories":[3781],"credit":"Jessy Bernier","image":{"ID":128169,"id":128169,"title":"06_Design.Inte\u0301rieur_Maison.de.la.Promenade_LemayMichaud_\u00a9JessyBernier","filename":"06Design.InterieurMaison.de.la.PromenadeLemayMichaudJessyBernier-scaled.jpg","filesize":956288,"url":"https:\/\/d2q6z78khxmx42.cloudfront.net\/2024\/03\/06Design.InterieurMaison.de.la.PromenadeLemayMichaudJessyBernier-scaled.jpg","link":"https:\/\/int.design\/fr\/projets\/residence-de-la-promenade\/06_design-interieur_maison-de-la-promenade_lemaymichaud_jessybernier\/","alt":"","author":"383","description":"R\u00e9sidence de la Promenade R\u00e9sidence de la Promenade       ","caption":"","name":"06_design-interieur_maison-de-la-promenade_lemaymichaud_jessybernier","status":"inherit","uploaded_to":122405,"date":"2024-03-13 12:51:28","modified":"2024-08-20 21:14:06","menu_order":0,"mime_type":"image\/jpeg","type":"image","subtype":"jpeg","icon":"https:\/\/int.design\/wp-includes\/images\/media\/default.png","width":2560,"height":1735,"sizes":{"thumbnail":"https:\/\/d2q6z78khxmx42.cloudfront.net\/2024\/03\/06Design.InterieurMaison.de.la.PromenadeLemayMichaudJessyBernier-150x150.jpg","thumbnail-width":150,"thumbnail-height":150,"medium":"https:\/\/d2q6z78khxmx42.cloudfront.net\/2024\/03\/06Design.InterieurMaison.de.la.PromenadeLemayMichaudJessyBernier-300x203.jpg","medium-width":300,"medium-height":203,"medium_large":"https:\/\/d2q6z78khxmx42.cloudfront.net\/2024\/03\/06Design.InterieurMaison.de.la.PromenadeLemayMichaudJessyBernier-768x521.jpg","medium_large-width":768,"medium_large-height":521,"large":"https:\/\/d2q6z78khxmx42.cloudfront.net\/2024\/03\/06Design.InterieurMaison.de.la.PromenadeLemayMichaudJessyBernier-1024x694.jpg","large-width":1024,"large-height":694,"1536x1536":"https:\/\/d2q6z78khxmx42.cloudfront.net\/2024\/03\/06Design.InterieurMaison.de.la.PromenadeLemayMichaudJessyBernier-1536x1041.jpg","1536x1536-width":1536,"1536x1536-height":1041,"2048x2048":"https:\/\/d2q6z78khxmx42.cloudfront.net\/2024\/03\/06Design.InterieurMaison.de.la.PromenadeLemayMichaudJessyBernier-2048x1388.jpg","2048x2048-width":2048,"2048x2048-height":1388,"article":"https:\/\/d2q6z78khxmx42.cloudfront.net\/2024\/03\/06Design.InterieurMaison.de.la.PromenadeLemayMichaudJessyBernier-960x540.jpg","article-width":960,"article-height":540,"banner":"https:\/\/d2q6z78khxmx42.cloudfront.net\/2024\/03\/06Design.InterieurMaison.de.la.PromenadeLemayMichaudJessyBernier-1920x1301.jpg","banner-width":1920,"banner-height":1301,"block":"https:\/\/d2q6z78khxmx42.cloudfront.net\/2024\/03\/06Design.InterieurMaison.de.la.PromenadeLemayMichaudJessyBernier-900x680.jpg","block-width":900,"block-height":680,"card":"https:\/\/d2q6z78khxmx42.cloudfront.net\/2024\/03\/06Design.InterieurMaison.de.la.PromenadeLemayMichaudJessyBernier-560x495.jpg","card-width":560,"card-height":495,"card-thumbnail":"https:\/\/d2q6z78khxmx42.cloudfront.net\/2024\/03\/06Design.InterieurMaison.de.la.PromenadeLemayMichaudJessyBernier-450x340.jpg","card-thumbnail-width":450,"card-thumbnail-height":340,"conference":"https:\/\/d2q6z78khxmx42.cloudfront.net\/2024\/03\/06Design.InterieurMaison.de.la.PromenadeLemayMichaudJessyBernier-560x250.jpg","conference-width":560,"conference-height":250,"contest":"https:\/\/d2q6z78khxmx42.cloudfront.net\/2024\/03\/06Design.InterieurMaison.de.la.PromenadeLemayMichaudJessyBernier-960x400.jpg","contest-width":960,"contest-height":400,"cta":"https:\/\/d2q6z78khxmx42.cloudfront.net\/2024\/03\/06Design.InterieurMaison.de.la.PromenadeLemayMichaudJessyBernier-415x170.jpg","cta-width":415,"cta-height":170,"exhibitor":"https:\/\/d2q6z78khxmx42.cloudfront.net\/2024\/03\/06Design.InterieurMaison.de.la.PromenadeLemayMichaudJessyBernier-560x560.jpg","exhibitor-width":560,"exhibitor-height":560,"gallery":"https:\/\/d2q6z78khxmx42.cloudfront.net\/2024\/03\/06Design.InterieurMaison.de.la.PromenadeLemayMichaudJessyBernier-560x380.jpg","gallery-width":560,"gallery-height":380,"logo":"https:\/\/d2q6z78khxmx42.cloudfront.net\/2024\/03\/06Design.InterieurMaison.de.la.PromenadeLemayMichaudJessyBernier-148x100.jpg","logo-width":148,"logo-height":100,"masonry":"https:\/\/d2q6z78khxmx42.cloudfront.net\/2024\/03\/06Design.InterieurMaison.de.la.PromenadeLemayMichaudJessyBernier-550x373.jpg","masonry-width":550,"masonry-height":373,"modal":"https:\/\/d2q6z78khxmx42.cloudfront.net\/2024\/03\/oBkzsB78-06Design.InterieurMaison.de.la.PromenadeLemayMichaudJessyBernier-1920x1301.jpg","modal-width":1920,"modal-height":1301,"number":"https:\/\/d2q6z78khxmx42.cloudfront.net\/2024\/03\/oBkzsB78-06Design.InterieurMaison.de.la.PromenadeLemayMichaudJessyBernier-560x380.jpg","number-width":560,"number-height":380,"partner":"https:\/\/d2q6z78khxmx42.cloudfront.net\/2024\/03\/06Design.InterieurMaison.de.la.PromenadeLemayMichaudJessyBernier-275x186.jpg","partner-width":275,"partner-height":186,"ranking":"https:\/\/d2q6z78khxmx42.cloudfront.net\/2024\/03\/oBkzsB78-06Design.InterieurMaison.de.la.PromenadeLemayMichaudJessyBernier-960x540.jpg","ranking-width":960,"ranking-height":540,"schedule":"https:\/\/d2q6z78khxmx42.cloudfront.net\/2024\/03\/06Design.InterieurMaison.de.la.PromenadeLemayMichaudJessyBernier-960x360.jpg","schedule-width":960,"schedule-height":360,"slideshow":"https:\/\/d2q6z78khxmx42.cloudfront.net\/2024\/03\/06Design.InterieurMaison.de.la.PromenadeLemayMichaudJessyBernier-1003x680.jpg","slideshow-width":1003,"slideshow-height":680}},"filters":[112],"suppliers":false,"attachment_category":[]},{"categories":[3781],"credit":"Jessy Bernier","image":{"ID":128171,"id":128171,"title":"07_Design.Inte\u0301rieur_Maison.de.la.Promenade_LemayMichaud_\u00a9JessyBernier","filename":"07Design.InterieurMaison.de.la.PromenadeLemayMichaudJessyBernier-scaled.jpg","filesize":717094,"url":"https:\/\/d2q6z78khxmx42.cloudfront.net\/2024\/03\/07Design.InterieurMaison.de.la.PromenadeLemayMichaudJessyBernier-scaled.jpg","link":"https:\/\/int.design\/fr\/projets\/residence-de-la-promenade\/07_design-interieur_maison-de-la-promenade_lemaymichaud_jessybernier\/","alt":"","author":"383","description":"R\u00e9sidence de la Promenade R\u00e9sidence de la Promenade       ","caption":"","name":"07_design-interieur_maison-de-la-promenade_lemaymichaud_jessybernier","status":"inherit","uploaded_to":122405,"date":"2024-03-13 12:51:33","modified":"2024-08-20 21:14:06","menu_order":0,"mime_type":"image\/jpeg","type":"image","subtype":"jpeg","icon":"https:\/\/int.design\/wp-includes\/images\/media\/default.png","width":1688,"height":2560,"sizes":{"thumbnail":"https:\/\/d2q6z78khxmx42.cloudfront.net\/2024\/03\/07Design.InterieurMaison.de.la.PromenadeLemayMichaudJessyBernier-150x150.jpg","thumbnail-width":150,"thumbnail-height":150,"medium":"https:\/\/d2q6z78khxmx42.cloudfront.net\/2024\/03\/07Design.InterieurMaison.de.la.PromenadeLemayMichaudJessyBernier-198x300.jpg","medium-width":198,"medium-height":300,"medium_large":"https:\/\/d2q6z78khxmx42.cloudfront.net\/2024\/03\/07Design.InterieurMaison.de.la.PromenadeLemayMichaudJessyBernier-768x1164.jpg","medium_large-width":768,"medium_large-height":1164,"large":"https:\/\/d2q6z78khxmx42.cloudfront.net\/2024\/03\/07Design.InterieurMaison.de.la.PromenadeLemayMichaudJessyBernier-675x1024.jpg","large-width":675,"large-height":1024,"1536x1536":"https:\/\/d2q6z78khxmx42.cloudfront.net\/2024\/03\/07Design.InterieurMaison.de.la.PromenadeLemayMichaudJessyBernier-1013x1536.jpg","1536x1536-width":1013,"1536x1536-height":1536,"2048x2048":"https:\/\/d2q6z78khxmx42.cloudfront.net\/2024\/03\/07Design.InterieurMaison.de.la.PromenadeLemayMichaudJessyBernier-1351x2048.jpg","2048x2048-width":1351,"2048x2048-height":2048,"article":"https:\/\/d2q6z78khxmx42.cloudfront.net\/2024\/03\/07Design.InterieurMaison.de.la.PromenadeLemayMichaudJessyBernier-960x540.jpg","article-width":960,"article-height":540,"banner":"https:\/\/d2q6z78khxmx42.cloudfront.net\/2024\/03\/07Design.InterieurMaison.de.la.PromenadeLemayMichaudJessyBernier-1920x2911.jpg","banner-width":1920,"banner-height":2911,"block":"https:\/\/d2q6z78khxmx42.cloudfront.net\/2024\/03\/07Design.InterieurMaison.de.la.PromenadeLemayMichaudJessyBernier-900x680.jpg","block-width":900,"block-height":680,"card":"https:\/\/d2q6z78khxmx42.cloudfront.net\/2024\/03\/07Design.InterieurMaison.de.la.PromenadeLemayMichaudJessyBernier-560x495.jpg","card-width":560,"card-height":495,"card-thumbnail":"https:\/\/d2q6z78khxmx42.cloudfront.net\/2024\/03\/07Design.InterieurMaison.de.la.PromenadeLemayMichaudJessyBernier-450x340.jpg","card-thumbnail-width":450,"card-thumbnail-height":340,"conference":"https:\/\/d2q6z78khxmx42.cloudfront.net\/2024\/03\/07Design.InterieurMaison.de.la.PromenadeLemayMichaudJessyBernier-560x250.jpg","conference-width":560,"conference-height":250,"contest":"https:\/\/d2q6z78khxmx42.cloudfront.net\/2024\/03\/07Design.InterieurMaison.de.la.PromenadeLemayMichaudJessyBernier-960x400.jpg","contest-width":960,"contest-height":400,"cta":"https:\/\/d2q6z78khxmx42.cloudfront.net\/2024\/03\/07Design.InterieurMaison.de.la.PromenadeLemayMichaudJessyBernier-415x170.jpg","cta-width":415,"cta-height":170,"exhibitor":"https:\/\/d2q6z78khxmx42.cloudfront.net\/2024\/03\/07Design.InterieurMaison.de.la.PromenadeLemayMichaudJessyBernier-560x560.jpg","exhibitor-width":560,"exhibitor-height":560,"gallery":"https:\/\/d2q6z78khxmx42.cloudfront.net\/2024\/03\/07Design.InterieurMaison.de.la.PromenadeLemayMichaudJessyBernier-284x430.jpg","gallery-width":284,"gallery-height":430,"logo":"https:\/\/d2q6z78khxmx42.cloudfront.net\/2024\/03\/07Design.InterieurMaison.de.la.PromenadeLemayMichaudJessyBernier-66x100.jpg","logo-width":66,"logo-height":100,"masonry":"https:\/\/d2q6z78khxmx42.cloudfront.net\/2024\/03\/07Design.InterieurMaison.de.la.PromenadeLemayMichaudJessyBernier-550x834.jpg","masonry-width":550,"masonry-height":834,"modal":"https:\/\/d2q6z78khxmx42.cloudfront.net\/2024\/03\/07Design.InterieurMaison.de.la.PromenadeLemayMichaudJessyBernier-1266x1920.jpg","modal-width":1266,"modal-height":1920,"number":"https:\/\/d2q6z78khxmx42.cloudfront.net\/2024\/03\/LBuhxpDH-07Design.InterieurMaison.de.la.PromenadeLemayMichaudJessyBernier-284x430.jpg","number-width":284,"number-height":430,"partner":"https:\/\/d2q6z78khxmx42.cloudfront.net\/2024\/03\/07Design.InterieurMaison.de.la.PromenadeLemayMichaudJessyBernier-139x210.jpg","partner-width":139,"partner-height":210,"ranking":"https:\/\/d2q6z78khxmx42.cloudfront.net\/2024\/03\/LBuhxpDH-07Design.InterieurMaison.de.la.PromenadeLemayMichaudJessyBernier-960x540.jpg","ranking-width":960,"ranking-height":540,"schedule":"https:\/\/d2q6z78khxmx42.cloudfront.net\/2024\/03\/07Design.InterieurMaison.de.la.PromenadeLemayMichaudJessyBernier-960x360.jpg","schedule-width":960,"schedule-height":360,"slideshow":"https:\/\/d2q6z78khxmx42.cloudfront.net\/2024\/03\/07Design.InterieurMaison.de.la.PromenadeLemayMichaudJessyBernier-448x680.jpg","slideshow-width":448,"slideshow-height":680}},"filters":[856],"suppliers":false,"attachment_category":[]},{"categories":[3781],"credit":"Jessy Bernier","image":{"ID":128170,"id":128170,"title":"08_Design.Inte\u0301rieur_Maison.de.la.Promenade_LemayMichaud_\u00a9JessyBernier","filename":"08Design.InterieurMaison.de.la.PromenadeLemayMichaudJessyBernier-scaled.jpg","filesize":479739,"url":"https:\/\/d2q6z78khxmx42.cloudfront.net\/2024\/03\/08Design.InterieurMaison.de.la.PromenadeLemayMichaudJessyBernier-scaled.jpg","link":"https:\/\/int.design\/fr\/projets\/residence-de-la-promenade\/08_design-interieur_maison-de-la-promenade_lemaymichaud_jessybernier\/","alt":"","author":"383","description":"R\u00e9sidence de la Promenade R\u00e9sidence de la Promenade       ","caption":"","name":"08_design-interieur_maison-de-la-promenade_lemaymichaud_jessybernier","status":"inherit","uploaded_to":122405,"date":"2024-03-13 12:51:32","modified":"2024-08-20 21:14:06","menu_order":0,"mime_type":"image\/jpeg","type":"image","subtype":"jpeg","icon":"https:\/\/int.design\/wp-includes\/images\/media\/default.png","width":1707,"height":2560,"sizes":{"thumbnail":"https:\/\/d2q6z78khxmx42.cloudfront.net\/2024\/03\/08Design.InterieurMaison.de.la.PromenadeLemayMichaudJessyBernier-150x150.jpg","thumbnail-width":150,"thumbnail-height":150,"medium":"https:\/\/d2q6z78khxmx42.cloudfront.net\/2024\/03\/08Design.InterieurMaison.de.la.PromenadeLemayMichaudJessyBernier-200x300.jpg","medium-width":200,"medium-height":300,"medium_large":"https:\/\/d2q6z78khxmx42.cloudfront.net\/2024\/03\/08Design.InterieurMaison.de.la.PromenadeLemayMichaudJessyBernier-768x1152.jpg","medium_large-width":768,"medium_large-height":1152,"large":"https:\/\/d2q6z78khxmx42.cloudfront.net\/2024\/03\/08Design.InterieurMaison.de.la.PromenadeLemayMichaudJessyBernier-683x1024.jpg","large-width":683,"large-height":1024,"1536x1536":"https:\/\/d2q6z78khxmx42.cloudfront.net\/2024\/03\/08Design.InterieurMaison.de.la.PromenadeLemayMichaudJessyBernier-1024x1536.jpg","1536x1536-width":1024,"1536x1536-height":1536,"2048x2048":"https:\/\/d2q6z78khxmx42.cloudfront.net\/2024\/03\/08Design.InterieurMaison.de.la.PromenadeLemayMichaudJessyBernier-1365x2048.jpg","2048x2048-width":1365,"2048x2048-height":2048,"article":"https:\/\/d2q6z78khxmx42.cloudfront.net\/2024\/03\/08Design.InterieurMaison.de.la.PromenadeLemayMichaudJessyBernier-960x540.jpg","article-width":960,"article-height":540,"banner":"https:\/\/d2q6z78khxmx42.cloudfront.net\/2024\/03\/08Design.InterieurMaison.de.la.PromenadeLemayMichaudJessyBernier-1920x2880.jpg","banner-width":1920,"banner-height":2880,"block":"https:\/\/d2q6z78khxmx42.cloudfront.net\/2024\/03\/08Design.InterieurMaison.de.la.PromenadeLemayMichaudJessyBernier-900x680.jpg","block-width":900,"block-height":680,"card":"https:\/\/d2q6z78khxmx42.cloudfront.net\/2024\/03\/08Design.InterieurMaison.de.la.PromenadeLemayMichaudJessyBernier-560x495.jpg","card-width":560,"card-height":495,"card-thumbnail":"https:\/\/d2q6z78khxmx42.cloudfront.net\/2024\/03\/08Design.InterieurMaison.de.la.PromenadeLemayMichaudJessyBernier-450x340.jpg","card-thumbnail-width":450,"card-thumbnail-height":340,"conference":"https:\/\/d2q6z78khxmx42.cloudfront.net\/2024\/03\/08Design.InterieurMaison.de.la.PromenadeLemayMichaudJessyBernier-560x250.jpg","conference-width":560,"conference-height":250,"contest":"https:\/\/d2q6z78khxmx42.cloudfront.net\/2024\/03\/08Design.InterieurMaison.de.la.PromenadeLemayMichaudJessyBernier-960x400.jpg","contest-width":960,"contest-height":400,"cta":"https:\/\/d2q6z78khxmx42.cloudfront.net\/2024\/03\/08Design.InterieurMaison.de.la.PromenadeLemayMichaudJessyBernier-415x170.jpg","cta-width":415,"cta-height":170,"exhibitor":"https:\/\/d2q6z78khxmx42.cloudfront.net\/2024\/03\/08Design.InterieurMaison.de.la.PromenadeLemayMichaudJessyBernier-560x560.jpg","exhibitor-width":560,"exhibitor-height":560,"gallery":"https:\/\/d2q6z78khxmx42.cloudfront.net\/2024\/03\/08Design.InterieurMaison.de.la.PromenadeLemayMichaudJessyBernier-287x430.jpg","gallery-width":287,"gallery-height":430,"logo":"https:\/\/d2q6z78khxmx42.cloudfront.net\/2024\/03\/08Design.InterieurMaison.de.la.PromenadeLemayMichaudJessyBernier-67x100.jpg","logo-width":67,"logo-height":100,"masonry":"https:\/\/d2q6z78khxmx42.cloudfront.net\/2024\/03\/08Design.InterieurMaison.de.la.PromenadeLemayMichaudJessyBernier-550x825.jpg","masonry-width":550,"masonry-height":825,"modal":"https:\/\/d2q6z78khxmx42.cloudfront.net\/2024\/03\/08Design.InterieurMaison.de.la.PromenadeLemayMichaudJessyBernier-1280x1920.jpg","modal-width":1280,"modal-height":1920,"number":"https:\/\/d2q6z78khxmx42.cloudfront.net\/2024\/03\/BbgiHEU4-08Design.InterieurMaison.de.la.PromenadeLemayMichaudJessyBernier-287x430.jpg","number-width":287,"number-height":430,"partner":"https:\/\/d2q6z78khxmx42.cloudfront.net\/2024\/03\/08Design.InterieurMaison.de.la.PromenadeLemayMichaudJessyBernier-140x210.jpg","partner-width":140,"partner-height":210,"ranking":"https:\/\/d2q6z78khxmx42.cloudfront.net\/2024\/03\/BbgiHEU4-08Design.InterieurMaison.de.la.PromenadeLemayMichaudJessyBernier-960x540.jpg","ranking-width":960,"ranking-height":540,"schedule":"https:\/\/d2q6z78khxmx42.cloudfront.net\/2024\/03\/08Design.InterieurMaison.de.la.PromenadeLemayMichaudJessyBernier-960x360.jpg","schedule-width":960,"schedule-height":360,"slideshow":"https:\/\/d2q6z78khxmx42.cloudfront.net\/2024\/03\/08Design.InterieurMaison.de.la.PromenadeLemayMichaudJessyBernier-453x680.jpg","slideshow-width":453,"slideshow-height":680}},"filters":[114],"suppliers":false,"attachment_category":[]},{"categories":[3781],"credit":"Jessy Bernier","image":{"ID":128172,"id":128172,"title":"09_Design.Inte\u0301rieur_Maison.de.la.Promenade_LemayMichaud_\u00a9JessyBernier","filename":"09Design.InterieurMaison.de.la.PromenadeLemayMichaudJessyBernier-scaled.jpg","filesize":866088,"url":"https:\/\/d2q6z78khxmx42.cloudfront.net\/2024\/03\/09Design.InterieurMaison.de.la.PromenadeLemayMichaudJessyBernier-scaled.jpg","link":"https:\/\/int.design\/fr\/projets\/residence-de-la-promenade\/09_design-interieur_maison-de-la-promenade_lemaymichaud_jessybernier\/","alt":"","author":"383","description":"R\u00e9sidence de la Promenade R\u00e9sidence de la Promenade       ","caption":"","name":"09_design-interieur_maison-de-la-promenade_lemaymichaud_jessybernier","status":"inherit","uploaded_to":122405,"date":"2024-03-13 12:51:37","modified":"2024-08-20 21:14:06","menu_order":0,"mime_type":"image\/jpeg","type":"image","subtype":"jpeg","icon":"https:\/\/int.design\/wp-includes\/images\/media\/default.png","width":2560,"height":1602,"sizes":{"thumbnail":"https:\/\/d2q6z78khxmx42.cloudfront.net\/2024\/03\/09Design.InterieurMaison.de.la.PromenadeLemayMichaudJessyBernier-150x150.jpg","thumbnail-width":150,"thumbnail-height":150,"medium":"https:\/\/d2q6z78khxmx42.cloudfront.net\/2024\/03\/09Design.InterieurMaison.de.la.PromenadeLemayMichaudJessyBernier-300x188.jpg","medium-width":300,"medium-height":188,"medium_large":"https:\/\/d2q6z78khxmx42.cloudfront.net\/2024\/03\/09Design.InterieurMaison.de.la.PromenadeLemayMichaudJessyBernier-768x481.jpg","medium_large-width":768,"medium_large-height":481,"large":"https:\/\/d2q6z78khxmx42.cloudfront.net\/2024\/03\/09Design.InterieurMaison.de.la.PromenadeLemayMichaudJessyBernier-1024x641.jpg","large-width":1024,"large-height":641,"1536x1536":"https:\/\/d2q6z78khxmx42.cloudfront.net\/2024\/03\/09Design.InterieurMaison.de.la.PromenadeLemayMichaudJessyBernier-1536x961.jpg","1536x1536-width":1536,"1536x1536-height":961,"2048x2048":"https:\/\/d2q6z78khxmx42.cloudfront.net\/2024\/03\/09Design.InterieurMaison.de.la.PromenadeLemayMichaudJessyBernier-2048x1282.jpg","2048x2048-width":2048,"2048x2048-height":1282,"article":"https:\/\/d2q6z78khxmx42.cloudfront.net\/2024\/03\/09Design.InterieurMaison.de.la.PromenadeLemayMichaudJessyBernier-960x540.jpg","article-width":960,"article-height":540,"banner":"https:\/\/d2q6z78khxmx42.cloudfront.net\/2024\/03\/09Design.InterieurMaison.de.la.PromenadeLemayMichaudJessyBernier-1920x1202.jpg","banner-width":1920,"banner-height":1202,"block":"https:\/\/d2q6z78khxmx42.cloudfront.net\/2024\/03\/09Design.InterieurMaison.de.la.PromenadeLemayMichaudJessyBernier-900x680.jpg","block-width":900,"block-height":680,"card":"https:\/\/d2q6z78khxmx42.cloudfront.net\/2024\/03\/09Design.InterieurMaison.de.la.PromenadeLemayMichaudJessyBernier-560x495.jpg","card-width":560,"card-height":495,"card-thumbnail":"https:\/\/d2q6z78khxmx42.cloudfront.net\/2024\/03\/09Design.InterieurMaison.de.la.PromenadeLemayMichaudJessyBernier-450x340.jpg","card-thumbnail-width":450,"card-thumbnail-height":340,"conference":"https:\/\/d2q6z78khxmx42.cloudfront.net\/2024\/03\/09Design.InterieurMaison.de.la.PromenadeLemayMichaudJessyBernier-560x250.jpg","conference-width":560,"conference-height":250,"contest":"https:\/\/d2q6z78khxmx42.cloudfront.net\/2024\/03\/09Design.InterieurMaison.de.la.PromenadeLemayMichaudJessyBernier-960x400.jpg","contest-width":960,"contest-height":400,"cta":"https:\/\/d2q6z78khxmx42.cloudfront.net\/2024\/03\/09Design.InterieurMaison.de.la.PromenadeLemayMichaudJessyBernier-415x170.jpg","cta-width":415,"cta-height":170,"exhibitor":"https:\/\/d2q6z78khxmx42.cloudfront.net\/2024\/03\/09Design.InterieurMaison.de.la.PromenadeLemayMichaudJessyBernier-560x560.jpg","exhibitor-width":560,"exhibitor-height":560,"gallery":"https:\/\/d2q6z78khxmx42.cloudfront.net\/2024\/03\/09Design.InterieurMaison.de.la.PromenadeLemayMichaudJessyBernier-560x351.jpg","gallery-width":560,"gallery-height":351,"logo":"https:\/\/d2q6z78khxmx42.cloudfront.net\/2024\/03\/09Design.InterieurMaison.de.la.PromenadeLemayMichaudJessyBernier-160x100.jpg","logo-width":160,"logo-height":100,"masonry":"https:\/\/d2q6z78khxmx42.cloudfront.net\/2024\/03\/09Design.InterieurMaison.de.la.PromenadeLemayMichaudJessyBernier-550x344.jpg","masonry-width":550,"masonry-height":344,"modal":"https:\/\/d2q6z78khxmx42.cloudfront.net\/2024\/03\/33upb9LU-09Design.InterieurMaison.de.la.PromenadeLemayMichaudJessyBernier-1920x1202.jpg","modal-width":1920,"modal-height":1202,"number":"https:\/\/d2q6z78khxmx42.cloudfront.net\/2024\/03\/33upb9LU-09Design.InterieurMaison.de.la.PromenadeLemayMichaudJessyBernier-560x351.jpg","number-width":560,"number-height":351,"partner":"https:\/\/d2q6z78khxmx42.cloudfront.net\/2024\/03\/09Design.InterieurMaison.de.la.PromenadeLemayMichaudJessyBernier-275x172.jpg","partner-width":275,"partner-height":172,"ranking":"https:\/\/d2q6z78khxmx42.cloudfront.net\/2024\/03\/33upb9LU-09Design.InterieurMaison.de.la.PromenadeLemayMichaudJessyBernier-960x540.jpg","ranking-width":960,"ranking-height":540,"schedule":"https:\/\/d2q6z78khxmx42.cloudfront.net\/2024\/03\/09Design.InterieurMaison.de.la.PromenadeLemayMichaudJessyBernier-960x360.jpg","schedule-width":960,"schedule-height":360,"slideshow":"https:\/\/d2q6z78khxmx42.cloudfront.net\/2024\/03\/09Design.InterieurMaison.de.la.PromenadeLemayMichaudJessyBernier-1086x680.jpg","slideshow-width":1086,"slideshow-height":680}},"filters":[111],"suppliers":false,"attachment_category":[]},{"categories":[3781],"credit":"Jessy Bernier","image":{"ID":128173,"id":128173,"title":"10_Design.Inte\u0301rieur_Maison.de.la.Promenade_LemayMichaud_\u00a9JessyBernier","filename":"10Design.InterieurMaison.de.la.PromenadeLemayMichaudJessyBernier-scaled.jpg","filesize":775846,"url":"https:\/\/d2q6z78khxmx42.cloudfront.net\/2024\/03\/10Design.InterieurMaison.de.la.PromenadeLemayMichaudJessyBernier-scaled.jpg","link":"https:\/\/int.design\/fr\/projets\/residence-de-la-promenade\/10_design-interieur_maison-de-la-promenade_lemaymichaud_jessybernier\/","alt":"","author":"383","description":"R\u00e9sidence de la Promenade R\u00e9sidence de la Promenade       ","caption":"","name":"10_design-interieur_maison-de-la-promenade_lemaymichaud_jessybernier","status":"inherit","uploaded_to":122405,"date":"2024-03-13 12:51:42","modified":"2024-08-20 21:14:06","menu_order":0,"mime_type":"image\/jpeg","type":"image","subtype":"jpeg","icon":"https:\/\/int.design\/wp-includes\/images\/media\/default.png","width":1759,"height":2560,"sizes":{"thumbnail":"https:\/\/d2q6z78khxmx42.cloudfront.net\/2024\/03\/10Design.InterieurMaison.de.la.PromenadeLemayMichaudJessyBernier-150x150.jpg","thumbnail-width":150,"thumbnail-height":150,"medium":"https:\/\/d2q6z78khxmx42.cloudfront.net\/2024\/03\/10Design.InterieurMaison.de.la.PromenadeLemayMichaudJessyBernier-206x300.jpg","medium-width":206,"medium-height":300,"medium_large":"https:\/\/d2q6z78khxmx42.cloudfront.net\/2024\/03\/10Design.InterieurMaison.de.la.PromenadeLemayMichaudJessyBernier-768x1118.jpg","medium_large-width":768,"medium_large-height":1118,"large":"https:\/\/d2q6z78khxmx42.cloudfront.net\/2024\/03\/10Design.InterieurMaison.de.la.PromenadeLemayMichaudJessyBernier-704x1024.jpg","large-width":704,"large-height":1024,"1536x1536":"https:\/\/d2q6z78khxmx42.cloudfront.net\/2024\/03\/10Design.InterieurMaison.de.la.PromenadeLemayMichaudJessyBernier-1055x1536.jpg","1536x1536-width":1055,"1536x1536-height":1536,"2048x2048":"https:\/\/d2q6z78khxmx42.cloudfront.net\/2024\/03\/10Design.InterieurMaison.de.la.PromenadeLemayMichaudJessyBernier-1407x2048.jpg","2048x2048-width":1407,"2048x2048-height":2048,"article":"https:\/\/d2q6z78khxmx42.cloudfront.net\/2024\/03\/10Design.InterieurMaison.de.la.PromenadeLemayMichaudJessyBernier-960x540.jpg","article-width":960,"article-height":540,"banner":"https:\/\/d2q6z78khxmx42.cloudfront.net\/2024\/03\/10Design.InterieurMaison.de.la.PromenadeLemayMichaudJessyBernier-1920x2794.jpg","banner-width":1920,"banner-height":2794,"block":"https:\/\/d2q6z78khxmx42.cloudfront.net\/2024\/03\/10Design.InterieurMaison.de.la.PromenadeLemayMichaudJessyBernier-900x680.jpg","block-width":900,"block-height":680,"card":"https:\/\/d2q6z78khxmx42.cloudfront.net\/2024\/03\/10Design.InterieurMaison.de.la.PromenadeLemayMichaudJessyBernier-560x495.jpg","card-width":560,"card-height":495,"card-thumbnail":"https:\/\/d2q6z78khxmx42.cloudfront.net\/2024\/03\/10Design.InterieurMaison.de.la.PromenadeLemayMichaudJessyBernier-450x340.jpg","card-thumbnail-width":450,"card-thumbnail-height":340,"conference":"https:\/\/d2q6z78khxmx42.cloudfront.net\/2024\/03\/10Design.InterieurMaison.de.la.PromenadeLemayMichaudJessyBernier-560x250.jpg","conference-width":560,"conference-height":250,"contest":"https:\/\/d2q6z78khxmx42.cloudfront.net\/2024\/03\/10Design.InterieurMaison.de.la.PromenadeLemayMichaudJessyBernier-960x400.jpg","contest-width":960,"contest-height":400,"cta":"https:\/\/d2q6z78khxmx42.cloudfront.net\/2024\/03\/10Design.InterieurMaison.de.la.PromenadeLemayMichaudJessyBernier-415x170.jpg","cta-width":415,"cta-height":170,"exhibitor":"https:\/\/d2q6z78khxmx42.cloudfront.net\/2024\/03\/10Design.InterieurMaison.de.la.PromenadeLemayMichaudJessyBernier-560x560.jpg","exhibitor-width":560,"exhibitor-height":560,"gallery":"https:\/\/d2q6z78khxmx42.cloudfront.net\/2024\/03\/10Design.InterieurMaison.de.la.PromenadeLemayMichaudJessyBernier-295x430.jpg","gallery-width":295,"gallery-height":430,"logo":"https:\/\/d2q6z78khxmx42.cloudfront.net\/2024\/03\/10Design.InterieurMaison.de.la.PromenadeLemayMichaudJessyBernier-69x100.jpg","logo-width":69,"logo-height":100,"masonry":"https:\/\/d2q6z78khxmx42.cloudfront.net\/2024\/03\/10Design.InterieurMaison.de.la.PromenadeLemayMichaudJessyBernier-550x800.jpg","masonry-width":550,"masonry-height":800,"modal":"https:\/\/d2q6z78khxmx42.cloudfront.net\/2024\/03\/10Design.InterieurMaison.de.la.PromenadeLemayMichaudJessyBernier-1319x1920.jpg","modal-width":1319,"modal-height":1920,"number":"https:\/\/d2q6z78khxmx42.cloudfront.net\/2024\/03\/2WwKkaTc-10Design.InterieurMaison.de.la.PromenadeLemayMichaudJessyBernier-295x430.jpg","number-width":295,"number-height":430,"partner":"https:\/\/d2q6z78khxmx42.cloudfront.net\/2024\/03\/10Design.InterieurMaison.de.la.PromenadeLemayMichaudJessyBernier-144x210.jpg","partner-width":144,"partner-height":210,"ranking":"https:\/\/d2q6z78khxmx42.cloudfront.net\/2024\/03\/2WwKkaTc-10Design.InterieurMaison.de.la.PromenadeLemayMichaudJessyBernier-960x540.jpg","ranking-width":960,"ranking-height":540,"schedule":"https:\/\/d2q6z78khxmx42.cloudfront.net\/2024\/03\/10Design.InterieurMaison.de.la.PromenadeLemayMichaudJessyBernier-960x360.jpg","schedule-width":960,"schedule-height":360,"slideshow":"https:\/\/d2q6z78khxmx42.cloudfront.net\/2024\/03\/10Design.InterieurMaison.de.la.PromenadeLemayMichaudJessyBernier-467x680.jpg","slideshow-width":467,"slideshow-height":680}},"filters":[1015],"suppliers":false,"attachment_category":[]}],"mandatory_documents":[{"name":"Rendus 3D","file":{"ID":128174,"id":128174,"title":"Maison.de.la.Promenade_Design.Inte\u0301rieur_LemayMichaud_Rendus3D","filename":"Maison.de.la.PromenadeDesign.InterieurLemayMichaudRendus3D.pdf","filesize":6669633,"url":"https:\/\/d2q6z78khxmx42.cloudfront.net\/2024\/03\/Maison.de.la.PromenadeDesign.InterieurLemayMichaudRendus3D.pdf","link":"https:\/\/int.design\/fr\/projets\/residence-de-la-promenade\/maison-de-la-promenade_design-interieur_lemaymichaud_rendus3d\/","alt":"","author":"383","description":"","caption":"","name":"maison-de-la-promenade_design-interieur_lemaymichaud_rendus3d","status":"inherit","uploaded_to":122405,"date":"2024-03-13 12:58:07","modified":"2024-03-13 13:03:08","menu_order":0,"mime_type":"application\/pdf","type":"application","subtype":"pdf","icon":"https:\/\/int.design\/wp-includes\/images\/media\/document.png"}},{"name":"Plans","file":{"ID":128175,"id":128175,"title":"Maison.de.la.Promenade_LemayMichaud_Plans","filename":"Maison.de.la.PromenadeLemayMichaudPlans.pdf","filesize":21441246,"url":"https:\/\/d2q6z78khxmx42.cloudfront.net\/2024\/03\/Maison.de.la.PromenadeLemayMichaudPlans.pdf","link":"https:\/\/int.design\/fr\/projets\/residence-de-la-promenade\/maison-de-la-promenade_lemaymichaud_plans\/","alt":"","author":"383","description":"","caption":"","name":"maison-de-la-promenade_lemaymichaud_plans","status":"inherit","uploaded_to":122405,"date":"2024-03-13 13:03:01","modified":"2024-03-13 13:03:08","menu_order":0,"mime_type":"application\/pdf","type":"application","subtype":"pdf","icon":"https:\/\/int.design\/wp-includes\/images\/media\/document.png"}}],"optional_documents":false,"web_text":{"fr":"","en":"","original":"<p>Nich\u00e9e sur un cap rocheux offrant une vue imprenable sur le fleuve Saint-Laurent et les ponts de la ville de Qu\u00e9bec, cette maison unifamiliale offre \u00e0 ses r\u00e9sidents un milieu de vie d\u2019exception, o\u00f9 l\u2019ext\u00e9rieur et l\u2019int\u00e9rieur ne font qu\u2019un.<\/p>\n<p>Con\u00e7u pour la vie familiale \u00e0 deux pas des art\u00e8res anim\u00e9es de la ville, et pour r\u00e9pondre aux besoins sp\u00e9cifiques de ses occupants, l\u2019am\u00e9nagement de la r\u00e9sidence comprend un espace de bureau, un gym, une salle familiale, une salle de projection, une suite des ma\u00eetres, un espace de d\u00e9tente et plus encore.<\/p>\n<p>Le design d\u2019int\u00e9rieur a \u00e9t\u00e9 pens\u00e9 avec simplicit\u00e9, permettant au site, \u00e0 la nature environnante et ses vues spectaculaires de devenir des \u00e9l\u00e9ments marquants des espaces int\u00e9rieurs cr\u00e9ant ainsi des ambiances lumineuses et apaisantes. La r\u00e9sidence abrite des espaces de vie ouverts, \u00e9pur\u00e9s et abondamment fenestr\u00e9s, strat\u00e9giquement orient\u00e9s pour offrir une vue imprenable sur les arbres matures de la falaise et sur le fleuve.<\/p>\n<p>Travaill\u00e9e en continuit\u00e9 avec l\u2019architecture ext\u00e9rieure, la mat\u00e9rialit\u00e9 du design d\u2019int\u00e9rieur est compos\u00e9e de textures brutes et naturelles. Le bois et la brique s\u2019y retrouvent et habillent les int\u00e9rieurs pour cr\u00e9er ce lien fort entre l\u2019int\u00e9rieur et l\u2019ext\u00e9rieur, visant \u00e0 harmoniser parfaitement les atmosph\u00e8res recherch\u00e9es pour la la r\u00e9sidence.<\/p>\n<p>Un escalier architectural tr\u00f4ne au centre de l\u2019aire de vie principale, agissant comme pivot central de la maison et menant vers les espaces plus priv\u00e9s de l\u2019\u00e9tage. Le sous-sol, partiellement ouvert sur le terrain en contrebas, offre des espaces de d\u00e9tente baign\u00e9s de lumi\u00e8re naturelle, ainsi que des zones r\u00e9cr\u00e9atives et les aires techniques de la maison.<\/p>\n<p>Tous les \u00e9l\u00e9ments int\u00e9rieurs de la maison ont \u00e9t\u00e9 con\u00e7us sur mesure par les concepteurs, qui se sont \u00e9galement charg\u00e9s de la s\u00e9lection du mobilier. Quelques simples touches de couleurs sont int\u00e9gr\u00e9es par endroits, de mani\u00e8re subtile, pour dynamiser les espaces d\u00e9di\u00e9s au jeu et apporter une touche ludique pour les jeunes usagers qui occuperont ces espaces.<\/p>\n"},"jury_text":[{"category":3781,"fr":"","en":"","original":"<p>Nich\u00e9e sur un cap rocheux offrant une vue imprenable sur le fleuve Saint-Laurent et les ponts de la ville de Qu\u00e9bec, cette maison unifamiliale offre \u00e0 ses r\u00e9sidents un milieu de vie d\u2019exception, o\u00f9 l\u2019ext\u00e9rieur et l\u2019int\u00e9rieur ne font qu\u2019un.<\/p>\n<p>Con\u00e7u pour la vie familiale \u00e0 deux pas des art\u00e8res anim\u00e9es de la ville, et pour r\u00e9pondre aux besoins sp\u00e9cifiques de ses occupants, l\u2019am\u00e9nagement de la r\u00e9sidence comprend un espace de bureau, un gym, une salle familiale, une salle de projection, une suite des ma\u00eetres, un espace de d\u00e9tente et plus encore.<\/p>\n<p>Le design d\u2019int\u00e9rieur a \u00e9t\u00e9 pens\u00e9 avec simplicit\u00e9, permettant au site, \u00e0 la nature environnante et ses vues spectaculaires de devenir des \u00e9l\u00e9ments marquants des espaces int\u00e9rieurs cr\u00e9ant ainsi des ambiances lumineuses et apaisantes. La r\u00e9sidence abrite des espaces de vie ouverts, \u00e9pur\u00e9s et abondamment fenestr\u00e9s, strat\u00e9giquement orient\u00e9s pour offrir une vue imprenable sur les arbres matures de la falaise et sur le fleuve.<\/p>\n<p>Travaill\u00e9e en continuit\u00e9 avec l\u2019architecture ext\u00e9rieure, la mat\u00e9rialit\u00e9 du design d\u2019int\u00e9rieur est compos\u00e9e de textures brutes et naturelles. Le bois et la brique s\u2019y retrouvent et habillent les int\u00e9rieurs pour cr\u00e9er ce lien fort entre l\u2019int\u00e9rieur et l\u2019ext\u00e9rieur, visant \u00e0 harmoniser parfaitement les atmosph\u00e8res recherch\u00e9es pour la la r\u00e9sidence.<\/p>\n<p>Un escalier architectural tr\u00f4ne au centre de l\u2019aire de vie principale, agissant comme pivot central de la maison et menant vers les espaces plus priv\u00e9s de l\u2019\u00e9tage. Le sous-sol, partiellement ouvert sur le terrain en contrebas, offre des espaces de d\u00e9tente baign\u00e9s de lumi\u00e8re naturelle, ainsi que des zones r\u00e9cr\u00e9atives et les aires techniques de la maison.<\/p>\n<p>Tous les \u00e9l\u00e9ments int\u00e9rieurs de la maison ont \u00e9t\u00e9 con\u00e7us sur mesure par les concepteurs, qui se sont \u00e9galement charg\u00e9s de la s\u00e9lection du mobilier. Quelques simples touches de couleurs sont int\u00e9gr\u00e9es par endroits, de mani\u00e8re subtile, pour dynamiser les espaces d\u00e9di\u00e9s au jeu et apporter une touche ludique pour les jeunes usagers qui occuperont ces espaces.<\/p>\n"}],"different_jury_text":false,"different_category_text":false},"laureats":[{"cat_id":3781,"cat_id_laureat":4025,"laureat":"Certification Or"}],"contest_id":"119061","contest_title":"GRANDS PRIX DU DESIGN \u2013 17e \u00e9dition","firms":[{"name":"LemayMichaud","website":"https:\/\/www.lemaymichaud.com\/","category":"","category_tax":2747,"category_label":"Designer d'int\u00e9rieur"},{"name":"LemayMichaud","website":"https:\/\/www.lemaymichaud.com\/","category":"","category_tax":2744,"category_label":"Architecte"},{"name":"\u00c9rige Construction","website":"https:\/\/erigeconstruction.com\/","category":"","category_tax":2751,"category_label":"Entrepreneur g\u00e9n\u00e9ral"},{"name":"Douglas Consultants","website":"https:\/\/www.douglasconsultants.ca\/","category":"","category_tax":2753,"category_label":"Ing\u00e9nierie"},{"name":"MTM Design","website":"https:\/\/www.mtm.design\/","category":"","category_tax":2746,"category_label":"Autre"},{"name":"Sauna Concept","website":"https:\/\/sauna-concept.com\/?gad_source=1&gclid=Cj0KCQjwwYSwBhDcARIsAOyL0fixF4NRZK-Sr9lDfXhgHJDVmZ1JV0LntW9BSx223M4o4-jE3jhOuUgaAiLuEALw_wcB","category":"","category_tax":2754,"category_label":"Manufacturier"},{"name":"Christian Marcoux cuisine et mobilier design","website":"https:\/\/christianmarcoux.com\/","category":"","category_tax":2754,"category_label":"Manufacturier"}],"user":{"email":"etienne.savaria@lemaymichaud.com","first_name":"Etienne","last_name":"Savaria"},"doc_texts_web":{"fr":"<p>Nich\u00e9e sur un cap rocheux offrant une vue imprenable sur le fleuve Saint-Laurent et les ponts de la ville de Qu\u00e9bec, cette maison unifamiliale offre \u00e0 ses r\u00e9sidents un milieu de vie d\u2019exception, o\u00f9 l\u2019ext\u00e9rieur et l\u2019int\u00e9rieur ne font qu\u2019un.<\/p>\n<p>Con\u00e7u pour la vie familiale \u00e0 deux pas des art\u00e8res anim\u00e9es de la ville, et pour r\u00e9pondre aux besoins sp\u00e9cifiques de ses occupants, l\u2019am\u00e9nagement de la r\u00e9sidence comprend un espace de bureau, un gym, une salle familiale, une salle de projection, une suite des ma\u00eetres, un espace de d\u00e9tente et plus encore.<\/p>\n<p>Le design d\u2019int\u00e9rieur a \u00e9t\u00e9 pens\u00e9 avec simplicit\u00e9, permettant au site, \u00e0 la nature environnante et ses vues spectaculaires de devenir des \u00e9l\u00e9ments marquants des espaces int\u00e9rieurs cr\u00e9ant ainsi des ambiances lumineuses et apaisantes. La r\u00e9sidence abrite des espaces de vie ouverts, \u00e9pur\u00e9s et abondamment fenestr\u00e9s, strat\u00e9giquement orient\u00e9s pour offrir une vue imprenable sur les arbres matures de la falaise et sur le fleuve.<\/p>\n<p>Travaill\u00e9e en continuit\u00e9 avec l\u2019architecture ext\u00e9rieure, la mat\u00e9rialit\u00e9 du design d\u2019int\u00e9rieur est compos\u00e9e de textures brutes et naturelles. Le bois et la brique s\u2019y retrouvent et habillent les int\u00e9rieurs pour cr\u00e9er ce lien fort entre l\u2019int\u00e9rieur et l\u2019ext\u00e9rieur, visant \u00e0 harmoniser parfaitement les atmosph\u00e8res recherch\u00e9es pour la la r\u00e9sidence.<\/p>\n<p>Un escalier architectural tr\u00f4ne au centre de l\u2019aire de vie principale, agissant comme pivot central de la maison et menant vers les espaces plus priv\u00e9s de l\u2019\u00e9tage. Le sous-sol, partiellement ouvert sur le terrain en contrebas, offre des espaces de d\u00e9tente baign\u00e9s de lumi\u00e8re naturelle, ainsi que des zones r\u00e9cr\u00e9atives et les aires techniques de la maison.<\/p>\n<p>Tous les \u00e9l\u00e9ments int\u00e9rieurs de la maison ont \u00e9t\u00e9 con\u00e7us sur mesure par les concepteurs, qui se sont \u00e9galement charg\u00e9s de la s\u00e9lection du mobilier. Quelques simples touches de couleurs sont int\u00e9gr\u00e9es par endroits, de mani\u00e8re subtile, pour dynamiser les espaces d\u00e9di\u00e9s au jeu et apporter une touche ludique pour les jeunes usagers qui occuperont ces espaces.<\/p>\n","en":"<p>Nestled atop a rocky cliff, offering breathtaking views of the St. Lawrence River and the bridges of Quebec City, this single-family home provides its residents with an exceptional living environment where the exterior and interior seamlessly blend.<\/p>\n<p>Designed for family life just steps away from the bustling arteries of the city, and to meet the specific needs and lifestyle of its occupants, the layout of the residence includes a home office, a gym, a family room, a screening room, a master suite, an at-home spa, and more.<\/p>\n<p>The interior design has been thoughtfully executed with simplicity, allowing the site, the surrounding nature, and its spectacular views to become prominent elements of the interior spaces, thus creating bright and soothing atmospheres. The residence holds open, clean, and abundantly windowed living spaces, offering breathtaking views of the mature trees of the cliff and the St. Lawrence River.<\/p>\n<p>Flowing seamlessly with the exterior architecture, the materiality of the interior design is composed of raw and natural textures. Wood and brick are present, dressing the interiors to create a strong connection between the interior and exterior, seeking to perfectly harmonize the ambiances of the residence.<\/p>\n<p>A central architectural staircase presides over the main living area, acting as the central pivot of the house and leading to the more private spaces on the upper floor. The basement, partially open to the lower ground, provides relaxation areas bathed in natural light, as well as recreational zones and the technical areas of the house.<\/p>\n<p>All interior elements of the house are custom-designed, including the choice of furniture. A few simple touches of color are integrated in places, subtly, to enliven the spaces dedicated to play and to add a playful touch for the young users who will occupy these spaces.<\/p>\n"},"permalinks":{"fr":"https:\/\/int.design\/fr\/projets\/residence-de-la-promenade\/","en":"https:\/\/int.design\/en\/projects\/residence-de-la-promenade\/"},"titles":{"fr":"R\u00e9sidence de la Promenade","en":"R\u00e9sidence de la Promenade"},"wp_fields":[],"laravel_id":""},"_links":{"self":[{"href":"https:\/\/int.design\/fr\/wp-json\/wp\/v2\/project\/122405","targetHints":{"allow":["GET"]}}],"collection":[{"href":"https:\/\/int.design\/fr\/wp-json\/wp\/v2\/project"}],"about":[{"href":"https:\/\/int.design\/fr\/wp-json\/wp\/v2\/types\/project"}],"wp:attachment":[{"href":"https:\/\/int.design\/fr\/wp-json\/wp\/v2\/media?parent=122405"}],"curies":[{"name":"wp","href":"https:\/\/api.w.org\/{rel}","templated":true}]}}