{"id":122301,"date":"2024-08-20T17:19:00","date_gmt":"2024-08-20T21:19:00","guid":{"rendered":"https:\/\/int.design\/?post_type=project&#038;p=122301"},"modified":"2024-08-20T17:19:00","modified_gmt":"2024-08-20T21:19:00","slug":"residence-des-sables","status":"publish","type":"project","link":"https:\/\/int.design\/fr\/projets\/residence-des-sables\/","title":{"rendered":"R\u00e9sidence des sables"},"content":{"rendered":"","protected":false},"template":"","class_list":["post-122301","project","type-project","status-publish","hentry","project_category_119061-architecture","project_category_119061-batiment-residentiel","project_category_119061-maison-privee--2-000-pi2--185-m2"],"acf":[],"yoast_head":"<!-- This site is optimized with the Yoast SEO plugin v21.5 - https:\/\/yoast.com\/wordpress\/plugins\/seo\/ -->\n<title>R\u00e9sidence des sables - INT Design<\/title>\n<meta name=\"robots\" content=\"index, follow, max-snippet:-1, max-image-preview:large, max-video-preview:-1\" \/>\n<link rel=\"canonical\" href=\"https:\/\/int.design\/fr\/projets\/residence-des-sables\/\" \/>\n<meta property=\"og:locale\" content=\"fr_FR\" \/>\n<meta property=\"og:type\" content=\"article\" \/>\n<meta property=\"og:title\" content=\"R\u00e9sidence des sables - INT Design\" \/>\n<meta property=\"og:url\" content=\"https:\/\/int.design\/fr\/projets\/residence-des-sables\/\" \/>\n<meta property=\"og:site_name\" content=\"INT Design\" \/>\n<meta name=\"twitter:card\" content=\"summary_large_image\" \/>\n<script type=\"application\/ld+json\" class=\"yoast-schema-graph\">{\"@context\":\"https:\/\/schema.org\",\"@graph\":[{\"@type\":\"WebPage\",\"@id\":\"https:\/\/int.design\/fr\/projets\/residence-des-sables\/\",\"url\":\"https:\/\/int.design\/fr\/projets\/residence-des-sables\/\",\"name\":\"R\u00e9sidence des sables - INT Design\",\"isPartOf\":{\"@id\":\"https:\/\/int.design\/fr\/#website\"},\"datePublished\":\"2024-08-20T21:19:00+00:00\",\"dateModified\":\"2024-08-20T21:19:00+00:00\",\"breadcrumb\":{\"@id\":\"https:\/\/int.design\/fr\/projets\/residence-des-sables\/#breadcrumb\"},\"inLanguage\":\"fr-FR\",\"potentialAction\":[{\"@type\":\"ReadAction\",\"target\":[\"https:\/\/int.design\/fr\/projets\/residence-des-sables\/\"]}]},{\"@type\":\"BreadcrumbList\",\"@id\":\"https:\/\/int.design\/fr\/projets\/residence-des-sables\/#breadcrumb\",\"itemListElement\":[{\"@type\":\"ListItem\",\"position\":1,\"name\":\"Home\",\"item\":\"https:\/\/int.design\/fr\/\"},{\"@type\":\"ListItem\",\"position\":2,\"name\":\"Projects\",\"item\":\"https:\/\/int.design\/en\/projects\/\"},{\"@type\":\"ListItem\",\"position\":3,\"name\":\"R\u00e9sidence des sables\"}]},{\"@type\":\"WebSite\",\"@id\":\"https:\/\/int.design\/fr\/#website\",\"url\":\"https:\/\/int.design\/fr\/\",\"name\":\"INT Design\",\"description\":\"\",\"potentialAction\":[{\"@type\":\"SearchAction\",\"target\":{\"@type\":\"EntryPoint\",\"urlTemplate\":\"https:\/\/int.design\/fr\/?s={search_term_string}\"},\"query-input\":\"required name=search_term_string\"}],\"inLanguage\":\"fr-FR\"}]}<\/script>\n<!-- \/ Yoast SEO plugin. -->","yoast_head_json":{"title":"R\u00e9sidence des sables - INT Design","robots":{"index":"index","follow":"follow","max-snippet":"max-snippet:-1","max-image-preview":"max-image-preview:large","max-video-preview":"max-video-preview:-1"},"canonical":"https:\/\/int.design\/fr\/projets\/residence-des-sables\/","og_locale":"fr_FR","og_type":"article","og_title":"R\u00e9sidence des sables - INT Design","og_url":"https:\/\/int.design\/fr\/projets\/residence-des-sables\/","og_site_name":"INT Design","twitter_card":"summary_large_image","schema":{"@context":"https:\/\/schema.org","@graph":[{"@type":"WebPage","@id":"https:\/\/int.design\/fr\/projets\/residence-des-sables\/","url":"https:\/\/int.design\/fr\/projets\/residence-des-sables\/","name":"R\u00e9sidence des sables - INT Design","isPartOf":{"@id":"https:\/\/int.design\/fr\/#website"},"datePublished":"2024-08-20T21:19:00+00:00","dateModified":"2024-08-20T21:19:00+00:00","breadcrumb":{"@id":"https:\/\/int.design\/fr\/projets\/residence-des-sables\/#breadcrumb"},"inLanguage":"fr-FR","potentialAction":[{"@type":"ReadAction","target":["https:\/\/int.design\/fr\/projets\/residence-des-sables\/"]}]},{"@type":"BreadcrumbList","@id":"https:\/\/int.design\/fr\/projets\/residence-des-sables\/#breadcrumb","itemListElement":[{"@type":"ListItem","position":1,"name":"Home","item":"https:\/\/int.design\/fr\/"},{"@type":"ListItem","position":2,"name":"Projects","item":"https:\/\/int.design\/en\/projects\/"},{"@type":"ListItem","position":3,"name":"R\u00e9sidence des sables"}]},{"@type":"WebSite","@id":"https:\/\/int.design\/fr\/#website","url":"https:\/\/int.design\/fr\/","name":"INT Design","description":"","potentialAction":[{"@type":"SearchAction","target":{"@type":"EntryPoint","urlTemplate":"https:\/\/int.design\/fr\/?s={search_term_string}"},"query-input":"required name=search_term_string"}],"inLanguage":"fr-FR"}]}},"entry":{"cats":{"disciplines":[{"id":3609,"name":"Architecture"}],"big_cats":[{"id":3633,"name":"B\u00e2timent r\u00e9sidentiel"}],"sub_cats":[{"id":3643,"name":"Maison priv\u00e9e \u2264 2 000 pi2 (\u2264 185 m2)","parent":3633}]},"entry":{"":null,"status":"completed","winner_title":"Agence Spatiale","winner_prize_lang":"fr","title_translatable":false,"title_en":"","title_fr":"","releve_award":false,"releve_award_cv":false,"collaboration":false,"collaboration_firms":false,"other_firms":false,"owner":{"name":" Martin B\u00e9dard et Mireille Bilodeau","confidential":true,"website":"","contact_name":"","email":"","phone":""},"address":{"address":"","city":"Fossambault-sur-le-Lac","region":"Capitale-Nationale","province":"QC","country":"CA","postal_code":""},"logos":[{"image":{"ID":129401,"id":129401,"title":"logo-AS-3000x600","filename":"logo-AS-3000x600.png","filesize":20347,"url":"https:\/\/d2q6z78khxmx42.cloudfront.net\/2024\/03\/logo-AS-3000x600.png","link":"https:\/\/int.design\/fr\/projets\/residence-des-sables\/logo-as-3000x600\/","alt":"","author":"351","description":"","caption":"","name":"logo-as-3000x600","status":"inherit","uploaded_to":122301,"date":"2024-03-20 15:09:03","modified":"2024-03-20 15:15:26","menu_order":0,"mime_type":"image\/png","type":"image","subtype":"png","icon":"https:\/\/int.design\/wp-includes\/images\/media\/default.png","width":3001,"height":601,"sizes":{"thumbnail":"https:\/\/d2q6z78khxmx42.cloudfront.net\/2024\/03\/logo-AS-3000x600-150x150.png","thumbnail-width":150,"thumbnail-height":150,"medium":"https:\/\/d2q6z78khxmx42.cloudfront.net\/2024\/03\/logo-AS-3000x600-300x60.png","medium-width":300,"medium-height":60,"medium_large":"https:\/\/d2q6z78khxmx42.cloudfront.net\/2024\/03\/logo-AS-3000x600-768x154.png","medium_large-width":768,"medium_large-height":154,"large":"https:\/\/d2q6z78khxmx42.cloudfront.net\/2024\/03\/logo-AS-3000x600-1024x205.png","large-width":1024,"large-height":205,"1536x1536":"https:\/\/d2q6z78khxmx42.cloudfront.net\/2024\/03\/logo-AS-3000x600-1536x308.png","1536x1536-width":1536,"1536x1536-height":308,"2048x2048":"https:\/\/d2q6z78khxmx42.cloudfront.net\/2024\/03\/logo-AS-3000x600-2048x410.png","2048x2048-width":2048,"2048x2048-height":410,"article":"https:\/\/d2q6z78khxmx42.cloudfront.net\/2024\/03\/logo-AS-3000x600-960x540.png","article-width":960,"article-height":540,"banner":"https:\/\/d2q6z78khxmx42.cloudfront.net\/2024\/03\/logo-AS-3000x600-1920x385.png","banner-width":1920,"banner-height":385,"block":"https:\/\/d2q6z78khxmx42.cloudfront.net\/2024\/03\/logo-AS-3000x600-900x601.png","block-width":900,"block-height":601,"card":"https:\/\/d2q6z78khxmx42.cloudfront.net\/2024\/03\/logo-AS-3000x600-560x495.png","card-width":560,"card-height":495,"card-thumbnail":"https:\/\/d2q6z78khxmx42.cloudfront.net\/2024\/03\/logo-AS-3000x600-450x340.png","card-thumbnail-width":450,"card-thumbnail-height":340,"conference":"https:\/\/d2q6z78khxmx42.cloudfront.net\/2024\/03\/logo-AS-3000x600-560x250.png","conference-width":560,"conference-height":250,"contest":"https:\/\/d2q6z78khxmx42.cloudfront.net\/2024\/03\/logo-AS-3000x600-960x400.png","contest-width":960,"contest-height":400,"cta":"https:\/\/d2q6z78khxmx42.cloudfront.net\/2024\/03\/logo-AS-3000x600-415x170.png","cta-width":415,"cta-height":170,"exhibitor":"https:\/\/d2q6z78khxmx42.cloudfront.net\/2024\/03\/logo-AS-3000x600-560x560.png","exhibitor-width":560,"exhibitor-height":560,"gallery":"https:\/\/d2q6z78khxmx42.cloudfront.net\/2024\/03\/logo-AS-3000x600-560x112.png","gallery-width":560,"gallery-height":112,"logo":"https:\/\/d2q6z78khxmx42.cloudfront.net\/2024\/03\/logo-AS-3000x600-235x47.png","logo-width":235,"logo-height":47,"masonry":"https:\/\/d2q6z78khxmx42.cloudfront.net\/2024\/03\/logo-AS-3000x600-550x110.png","masonry-width":550,"masonry-height":110,"modal":"https:\/\/d2q6z78khxmx42.cloudfront.net\/2024\/03\/5GRavoL1-logo-AS-3000x600-1920x385.png","modal-width":1920,"modal-height":385,"number":"https:\/\/d2q6z78khxmx42.cloudfront.net\/2024\/03\/5GRavoL1-logo-AS-3000x600-560x112.png","number-width":560,"number-height":112,"partner":"https:\/\/d2q6z78khxmx42.cloudfront.net\/2024\/03\/logo-AS-3000x600-275x55.png","partner-width":275,"partner-height":55,"ranking":"https:\/\/d2q6z78khxmx42.cloudfront.net\/2024\/03\/5GRavoL1-logo-AS-3000x600-960x540.png","ranking-width":960,"ranking-height":540,"schedule":"https:\/\/d2q6z78khxmx42.cloudfront.net\/2024\/03\/logo-AS-3000x600-960x360.png","schedule-width":960,"schedule-height":360,"slideshow":"https:\/\/d2q6z78khxmx42.cloudfront.net\/2024\/03\/logo-AS-3000x600.png","slideshow-width":3001,"slideshow-height":601}},"file":false}],"use_logo":false,"designers":[{"name":"Agence Spatiale","credit":"Maxyme Gagn\u00e9","image":{"ID":129403,"id":129403,"title":"maxymegagne_agencespatiale2023_2734","filename":"maxymegagneagencespatiale20232734-scaled.jpg","filesize":965709,"url":"https:\/\/d2q6z78khxmx42.cloudfront.net\/2024\/03\/maxymegagneagencespatiale20232734-scaled.jpg","link":"https:\/\/int.design\/fr\/projets\/residence-des-sables\/maxymegagne_agencespatiale2023_2734\/","alt":"","author":"351","description":"","caption":"","name":"maxymegagne_agencespatiale2023_2734","status":"inherit","uploaded_to":122301,"date":"2024-03-20 15:09:51","modified":"2024-03-20 15:15:26","menu_order":0,"mime_type":"image\/jpeg","type":"image","subtype":"jpeg","icon":"https:\/\/int.design\/wp-includes\/images\/media\/default.png","width":1707,"height":2560,"sizes":{"thumbnail":"https:\/\/d2q6z78khxmx42.cloudfront.net\/2024\/03\/maxymegagneagencespatiale20232734-150x150.jpg","thumbnail-width":150,"thumbnail-height":150,"medium":"https:\/\/d2q6z78khxmx42.cloudfront.net\/2024\/03\/maxymegagneagencespatiale20232734-200x300.jpg","medium-width":200,"medium-height":300,"medium_large":"https:\/\/d2q6z78khxmx42.cloudfront.net\/2024\/03\/maxymegagneagencespatiale20232734-768x1152.jpg","medium_large-width":768,"medium_large-height":1152,"large":"https:\/\/d2q6z78khxmx42.cloudfront.net\/2024\/03\/maxymegagneagencespatiale20232734-683x1024.jpg","large-width":683,"large-height":1024,"1536x1536":"https:\/\/d2q6z78khxmx42.cloudfront.net\/2024\/03\/maxymegagneagencespatiale20232734-1024x1536.jpg","1536x1536-width":1024,"1536x1536-height":1536,"2048x2048":"https:\/\/d2q6z78khxmx42.cloudfront.net\/2024\/03\/maxymegagneagencespatiale20232734-1365x2048.jpg","2048x2048-width":1365,"2048x2048-height":2048,"article":"https:\/\/d2q6z78khxmx42.cloudfront.net\/2024\/03\/maxymegagneagencespatiale20232734-960x540.jpg","article-width":960,"article-height":540,"banner":"https:\/\/d2q6z78khxmx42.cloudfront.net\/2024\/03\/maxymegagneagencespatiale20232734-1920x2880.jpg","banner-width":1920,"banner-height":2880,"block":"https:\/\/d2q6z78khxmx42.cloudfront.net\/2024\/03\/maxymegagneagencespatiale20232734-900x680.jpg","block-width":900,"block-height":680,"card":"https:\/\/d2q6z78khxmx42.cloudfront.net\/2024\/03\/maxymegagneagencespatiale20232734-560x495.jpg","card-width":560,"card-height":495,"card-thumbnail":"https:\/\/d2q6z78khxmx42.cloudfront.net\/2024\/03\/maxymegagneagencespatiale20232734-450x340.jpg","card-thumbnail-width":450,"card-thumbnail-height":340,"conference":"https:\/\/d2q6z78khxmx42.cloudfront.net\/2024\/03\/maxymegagneagencespatiale20232734-560x250.jpg","conference-width":560,"conference-height":250,"contest":"https:\/\/d2q6z78khxmx42.cloudfront.net\/2024\/03\/maxymegagneagencespatiale20232734-960x400.jpg","contest-width":960,"contest-height":400,"cta":"https:\/\/d2q6z78khxmx42.cloudfront.net\/2024\/03\/maxymegagneagencespatiale20232734-415x170.jpg","cta-width":415,"cta-height":170,"exhibitor":"https:\/\/d2q6z78khxmx42.cloudfront.net\/2024\/03\/maxymegagneagencespatiale20232734-560x560.jpg","exhibitor-width":560,"exhibitor-height":560,"gallery":"https:\/\/d2q6z78khxmx42.cloudfront.net\/2024\/03\/maxymegagneagencespatiale20232734-287x430.jpg","gallery-width":287,"gallery-height":430,"logo":"https:\/\/d2q6z78khxmx42.cloudfront.net\/2024\/03\/maxymegagneagencespatiale20232734-67x100.jpg","logo-width":67,"logo-height":100,"masonry":"https:\/\/d2q6z78khxmx42.cloudfront.net\/2024\/03\/maxymegagneagencespatiale20232734-550x825.jpg","masonry-width":550,"masonry-height":825,"modal":"https:\/\/d2q6z78khxmx42.cloudfront.net\/2024\/03\/maxymegagneagencespatiale20232734-1280x1920.jpg","modal-width":1280,"modal-height":1920,"number":"https:\/\/d2q6z78khxmx42.cloudfront.net\/2024\/03\/bQeoSLB8-maxymegagneagencespatiale20232734-287x430.jpg","number-width":287,"number-height":430,"partner":"https:\/\/d2q6z78khxmx42.cloudfront.net\/2024\/03\/maxymegagneagencespatiale20232734-140x210.jpg","partner-width":140,"partner-height":210,"ranking":"https:\/\/d2q6z78khxmx42.cloudfront.net\/2024\/03\/bQeoSLB8-maxymegagneagencespatiale20232734-960x540.jpg","ranking-width":960,"ranking-height":540,"schedule":"https:\/\/d2q6z78khxmx42.cloudfront.net\/2024\/03\/maxymegagneagencespatiale20232734-960x360.jpg","schedule-width":960,"schedule-height":360,"slideshow":"https:\/\/d2q6z78khxmx42.cloudfront.net\/2024\/03\/maxymegagneagencespatiale20232734-453x680.jpg","slideshow-width":453,"slideshow-height":680}},"file":false}],"cover":[{"categories":[3643],"credit":"Paul Dussault","image":{"ID":129404,"id":129404,"title":"Agence Spatiale_R\u00e9sidence des Sables (1)","filename":"AgenceSpatialeRsidencedesSables1-scaled.jpg","filesize":1682326,"url":"https:\/\/d2q6z78khxmx42.cloudfront.net\/2024\/03\/AgenceSpatialeRsidencedesSables1-scaled.jpg","link":"https:\/\/int.design\/fr\/projets\/residence-des-sables\/agence-spatiale_residence-des-sables-1\/","alt":"","author":"351","description":"R\u00e9sidence des sables Agence Spatiale","caption":"","name":"agence-spatiale_residence-des-sables-1","status":"inherit","uploaded_to":122301,"date":"2024-03-20 15:10:45","modified":"2024-08-20 21:19:02","menu_order":0,"mime_type":"image\/jpeg","type":"image","subtype":"jpeg","icon":"https:\/\/int.design\/wp-includes\/images\/media\/default.png","width":2560,"height":1920,"sizes":{"thumbnail":"https:\/\/d2q6z78khxmx42.cloudfront.net\/2024\/03\/AgenceSpatialeRsidencedesSables1-150x150.jpg","thumbnail-width":150,"thumbnail-height":150,"medium":"https:\/\/d2q6z78khxmx42.cloudfront.net\/2024\/03\/AgenceSpatialeRsidencedesSables1-300x225.jpg","medium-width":300,"medium-height":225,"medium_large":"https:\/\/d2q6z78khxmx42.cloudfront.net\/2024\/03\/AgenceSpatialeRsidencedesSables1-768x576.jpg","medium_large-width":768,"medium_large-height":576,"large":"https:\/\/d2q6z78khxmx42.cloudfront.net\/2024\/03\/AgenceSpatialeRsidencedesSables1-1024x768.jpg","large-width":1024,"large-height":768,"1536x1536":"https:\/\/d2q6z78khxmx42.cloudfront.net\/2024\/03\/AgenceSpatialeRsidencedesSables1-1536x1152.jpg","1536x1536-width":1536,"1536x1536-height":1152,"2048x2048":"https:\/\/d2q6z78khxmx42.cloudfront.net\/2024\/03\/AgenceSpatialeRsidencedesSables1-2048x1536.jpg","2048x2048-width":2048,"2048x2048-height":1536,"article":"https:\/\/d2q6z78khxmx42.cloudfront.net\/2024\/03\/AgenceSpatialeRsidencedesSables1-960x540.jpg","article-width":960,"article-height":540,"banner":"https:\/\/d2q6z78khxmx42.cloudfront.net\/2024\/03\/AgenceSpatialeRsidencedesSables1-1920x1440.jpg","banner-width":1920,"banner-height":1440,"block":"https:\/\/d2q6z78khxmx42.cloudfront.net\/2024\/03\/AgenceSpatialeRsidencedesSables1-900x680.jpg","block-width":900,"block-height":680,"card":"https:\/\/d2q6z78khxmx42.cloudfront.net\/2024\/03\/AgenceSpatialeRsidencedesSables1-560x495.jpg","card-width":560,"card-height":495,"card-thumbnail":"https:\/\/d2q6z78khxmx42.cloudfront.net\/2024\/03\/AgenceSpatialeRsidencedesSables1-450x340.jpg","card-thumbnail-width":450,"card-thumbnail-height":340,"conference":"https:\/\/d2q6z78khxmx42.cloudfront.net\/2024\/03\/AgenceSpatialeRsidencedesSables1-560x250.jpg","conference-width":560,"conference-height":250,"contest":"https:\/\/d2q6z78khxmx42.cloudfront.net\/2024\/03\/AgenceSpatialeRsidencedesSables1-960x400.jpg","contest-width":960,"contest-height":400,"cta":"https:\/\/d2q6z78khxmx42.cloudfront.net\/2024\/03\/AgenceSpatialeRsidencedesSables1-415x170.jpg","cta-width":415,"cta-height":170,"exhibitor":"https:\/\/d2q6z78khxmx42.cloudfront.net\/2024\/03\/AgenceSpatialeRsidencedesSables1-560x560.jpg","exhibitor-width":560,"exhibitor-height":560,"gallery":"https:\/\/d2q6z78khxmx42.cloudfront.net\/2024\/03\/AgenceSpatialeRsidencedesSables1-560x420.jpg","gallery-width":560,"gallery-height":420,"logo":"https:\/\/d2q6z78khxmx42.cloudfront.net\/2024\/03\/AgenceSpatialeRsidencedesSables1-133x100.jpg","logo-width":133,"logo-height":100,"masonry":"https:\/\/d2q6z78khxmx42.cloudfront.net\/2024\/03\/AgenceSpatialeRsidencedesSables1-550x413.jpg","masonry-width":550,"masonry-height":413,"modal":"https:\/\/d2q6z78khxmx42.cloudfront.net\/2024\/03\/rqFBRVwb-AgenceSpatialeRsidencedesSables1-1920x1440.jpg","modal-width":1920,"modal-height":1440,"number":"https:\/\/d2q6z78khxmx42.cloudfront.net\/2024\/03\/rqFBRVwb-AgenceSpatialeRsidencedesSables1-560x420.jpg","number-width":560,"number-height":420,"partner":"https:\/\/d2q6z78khxmx42.cloudfront.net\/2024\/03\/AgenceSpatialeRsidencedesSables1-275x206.jpg","partner-width":275,"partner-height":206,"ranking":"https:\/\/d2q6z78khxmx42.cloudfront.net\/2024\/03\/rqFBRVwb-AgenceSpatialeRsidencedesSables1-960x540.jpg","ranking-width":960,"ranking-height":540,"schedule":"https:\/\/d2q6z78khxmx42.cloudfront.net\/2024\/03\/AgenceSpatialeRsidencedesSables1-960x360.jpg","schedule-width":960,"schedule-height":360,"slideshow":"https:\/\/d2q6z78khxmx42.cloudfront.net\/2024\/03\/AgenceSpatialeRsidencedesSables1-907x680.jpg","slideshow-width":907,"slideshow-height":680}},"filters":false,"suppliers":false,"attachment_category":{"997":"Architecture","1001":"B\u00e2timent public"}}],"images":[{"categories":[3643],"credit":"Paul Dussault","image":{"ID":129407,"id":129407,"title":"Agence Spatiale_R\u00e9sidence des Sables (2)","filename":"AgenceSpatialeRsidencedesSables2-scaled.jpg","filesize":1401008,"url":"https:\/\/d2q6z78khxmx42.cloudfront.net\/2024\/03\/AgenceSpatialeRsidencedesSables2-scaled.jpg","link":"https:\/\/int.design\/fr\/projets\/residence-des-sables\/agence-spatiale_residence-des-sables-2\/","alt":"","author":"351","description":"R\u00e9sidence des sables Agence Spatiale","caption":"","name":"agence-spatiale_residence-des-sables-2","status":"inherit","uploaded_to":122301,"date":"2024-03-20 15:12:20","modified":"2024-08-20 21:19:02","menu_order":0,"mime_type":"image\/jpeg","type":"image","subtype":"jpeg","icon":"https:\/\/int.design\/wp-includes\/images\/media\/default.png","width":2560,"height":1920,"sizes":{"thumbnail":"https:\/\/d2q6z78khxmx42.cloudfront.net\/2024\/03\/AgenceSpatialeRsidencedesSables2-150x150.jpg","thumbnail-width":150,"thumbnail-height":150,"medium":"https:\/\/d2q6z78khxmx42.cloudfront.net\/2024\/03\/AgenceSpatialeRsidencedesSables2-300x225.jpg","medium-width":300,"medium-height":225,"medium_large":"https:\/\/d2q6z78khxmx42.cloudfront.net\/2024\/03\/AgenceSpatialeRsidencedesSables2-768x576.jpg","medium_large-width":768,"medium_large-height":576,"large":"https:\/\/d2q6z78khxmx42.cloudfront.net\/2024\/03\/AgenceSpatialeRsidencedesSables2-1024x768.jpg","large-width":1024,"large-height":768,"1536x1536":"https:\/\/d2q6z78khxmx42.cloudfront.net\/2024\/03\/AgenceSpatialeRsidencedesSables2-1536x1152.jpg","1536x1536-width":1536,"1536x1536-height":1152,"2048x2048":"https:\/\/d2q6z78khxmx42.cloudfront.net\/2024\/03\/AgenceSpatialeRsidencedesSables2-2048x1536.jpg","2048x2048-width":2048,"2048x2048-height":1536,"article":"https:\/\/d2q6z78khxmx42.cloudfront.net\/2024\/03\/AgenceSpatialeRsidencedesSables2-960x540.jpg","article-width":960,"article-height":540,"banner":"https:\/\/d2q6z78khxmx42.cloudfront.net\/2024\/03\/AgenceSpatialeRsidencedesSables2-1920x1440.jpg","banner-width":1920,"banner-height":1440,"block":"https:\/\/d2q6z78khxmx42.cloudfront.net\/2024\/03\/AgenceSpatialeRsidencedesSables2-900x680.jpg","block-width":900,"block-height":680,"card":"https:\/\/d2q6z78khxmx42.cloudfront.net\/2024\/03\/AgenceSpatialeRsidencedesSables2-560x495.jpg","card-width":560,"card-height":495,"card-thumbnail":"https:\/\/d2q6z78khxmx42.cloudfront.net\/2024\/03\/AgenceSpatialeRsidencedesSables2-450x340.jpg","card-thumbnail-width":450,"card-thumbnail-height":340,"conference":"https:\/\/d2q6z78khxmx42.cloudfront.net\/2024\/03\/AgenceSpatialeRsidencedesSables2-560x250.jpg","conference-width":560,"conference-height":250,"contest":"https:\/\/d2q6z78khxmx42.cloudfront.net\/2024\/03\/AgenceSpatialeRsidencedesSables2-960x400.jpg","contest-width":960,"contest-height":400,"cta":"https:\/\/d2q6z78khxmx42.cloudfront.net\/2024\/03\/AgenceSpatialeRsidencedesSables2-415x170.jpg","cta-width":415,"cta-height":170,"exhibitor":"https:\/\/d2q6z78khxmx42.cloudfront.net\/2024\/03\/AgenceSpatialeRsidencedesSables2-560x560.jpg","exhibitor-width":560,"exhibitor-height":560,"gallery":"https:\/\/d2q6z78khxmx42.cloudfront.net\/2024\/03\/AgenceSpatialeRsidencedesSables2-560x420.jpg","gallery-width":560,"gallery-height":420,"logo":"https:\/\/d2q6z78khxmx42.cloudfront.net\/2024\/03\/AgenceSpatialeRsidencedesSables2-133x100.jpg","logo-width":133,"logo-height":100,"masonry":"https:\/\/d2q6z78khxmx42.cloudfront.net\/2024\/03\/AgenceSpatialeRsidencedesSables2-550x413.jpg","masonry-width":550,"masonry-height":413,"modal":"https:\/\/d2q6z78khxmx42.cloudfront.net\/2024\/03\/iN7arO5K-AgenceSpatialeRsidencedesSables2-1920x1440.jpg","modal-width":1920,"modal-height":1440,"number":"https:\/\/d2q6z78khxmx42.cloudfront.net\/2024\/03\/iN7arO5K-AgenceSpatialeRsidencedesSables2-560x420.jpg","number-width":560,"number-height":420,"partner":"https:\/\/d2q6z78khxmx42.cloudfront.net\/2024\/03\/AgenceSpatialeRsidencedesSables2-275x206.jpg","partner-width":275,"partner-height":206,"ranking":"https:\/\/d2q6z78khxmx42.cloudfront.net\/2024\/03\/iN7arO5K-AgenceSpatialeRsidencedesSables2-960x540.jpg","ranking-width":960,"ranking-height":540,"schedule":"https:\/\/d2q6z78khxmx42.cloudfront.net\/2024\/03\/AgenceSpatialeRsidencedesSables2-960x360.jpg","schedule-width":960,"schedule-height":360,"slideshow":"https:\/\/d2q6z78khxmx42.cloudfront.net\/2024\/03\/AgenceSpatialeRsidencedesSables2-907x680.jpg","slideshow-width":907,"slideshow-height":680}},"filters":false,"suppliers":false,"attachment_category":[]},{"categories":[3643],"credit":"Paul Dussault","image":{"ID":129408,"id":129408,"title":"Agence Spatiale_R\u00e9sidence des Sables (3)","filename":"AgenceSpatialeRsidencedesSables3-scaled.jpg","filesize":937726,"url":"https:\/\/d2q6z78khxmx42.cloudfront.net\/2024\/03\/AgenceSpatialeRsidencedesSables3-scaled.jpg","link":"https:\/\/int.design\/fr\/projets\/residence-des-sables\/agence-spatiale_residence-des-sables-3\/","alt":"","author":"351","description":"R\u00e9sidence des sables Agence Spatiale","caption":"","name":"agence-spatiale_residence-des-sables-3","status":"inherit","uploaded_to":122301,"date":"2024-03-20 15:12:36","modified":"2024-08-20 21:19:02","menu_order":0,"mime_type":"image\/jpeg","type":"image","subtype":"jpeg","icon":"https:\/\/int.design\/wp-includes\/images\/media\/default.png","width":2560,"height":1920,"sizes":{"thumbnail":"https:\/\/d2q6z78khxmx42.cloudfront.net\/2024\/03\/AgenceSpatialeRsidencedesSables3-150x150.jpg","thumbnail-width":150,"thumbnail-height":150,"medium":"https:\/\/d2q6z78khxmx42.cloudfront.net\/2024\/03\/AgenceSpatialeRsidencedesSables3-300x225.jpg","medium-width":300,"medium-height":225,"medium_large":"https:\/\/d2q6z78khxmx42.cloudfront.net\/2024\/03\/AgenceSpatialeRsidencedesSables3-768x576.jpg","medium_large-width":768,"medium_large-height":576,"large":"https:\/\/d2q6z78khxmx42.cloudfront.net\/2024\/03\/AgenceSpatialeRsidencedesSables3-1024x768.jpg","large-width":1024,"large-height":768,"1536x1536":"https:\/\/d2q6z78khxmx42.cloudfront.net\/2024\/03\/AgenceSpatialeRsidencedesSables3-1536x1152.jpg","1536x1536-width":1536,"1536x1536-height":1152,"2048x2048":"https:\/\/d2q6z78khxmx42.cloudfront.net\/2024\/03\/AgenceSpatialeRsidencedesSables3-2048x1536.jpg","2048x2048-width":2048,"2048x2048-height":1536,"article":"https:\/\/d2q6z78khxmx42.cloudfront.net\/2024\/03\/AgenceSpatialeRsidencedesSables3-960x540.jpg","article-width":960,"article-height":540,"banner":"https:\/\/d2q6z78khxmx42.cloudfront.net\/2024\/03\/AgenceSpatialeRsidencedesSables3-1920x1440.jpg","banner-width":1920,"banner-height":1440,"block":"https:\/\/d2q6z78khxmx42.cloudfront.net\/2024\/03\/AgenceSpatialeRsidencedesSables3-900x680.jpg","block-width":900,"block-height":680,"card":"https:\/\/d2q6z78khxmx42.cloudfront.net\/2024\/03\/AgenceSpatialeRsidencedesSables3-560x495.jpg","card-width":560,"card-height":495,"card-thumbnail":"https:\/\/d2q6z78khxmx42.cloudfront.net\/2024\/03\/AgenceSpatialeRsidencedesSables3-450x340.jpg","card-thumbnail-width":450,"card-thumbnail-height":340,"conference":"https:\/\/d2q6z78khxmx42.cloudfront.net\/2024\/03\/AgenceSpatialeRsidencedesSables3-560x250.jpg","conference-width":560,"conference-height":250,"contest":"https:\/\/d2q6z78khxmx42.cloudfront.net\/2024\/03\/AgenceSpatialeRsidencedesSables3-960x400.jpg","contest-width":960,"contest-height":400,"cta":"https:\/\/d2q6z78khxmx42.cloudfront.net\/2024\/03\/AgenceSpatialeRsidencedesSables3-415x170.jpg","cta-width":415,"cta-height":170,"exhibitor":"https:\/\/d2q6z78khxmx42.cloudfront.net\/2024\/03\/AgenceSpatialeRsidencedesSables3-560x560.jpg","exhibitor-width":560,"exhibitor-height":560,"gallery":"https:\/\/d2q6z78khxmx42.cloudfront.net\/2024\/03\/AgenceSpatialeRsidencedesSables3-560x420.jpg","gallery-width":560,"gallery-height":420,"logo":"https:\/\/d2q6z78khxmx42.cloudfront.net\/2024\/03\/AgenceSpatialeRsidencedesSables3-133x100.jpg","logo-width":133,"logo-height":100,"masonry":"https:\/\/d2q6z78khxmx42.cloudfront.net\/2024\/03\/AgenceSpatialeRsidencedesSables3-550x413.jpg","masonry-width":550,"masonry-height":413,"modal":"https:\/\/d2q6z78khxmx42.cloudfront.net\/2024\/03\/w0Ht0DS8-AgenceSpatialeRsidencedesSables3-1920x1440.jpg","modal-width":1920,"modal-height":1440,"number":"https:\/\/d2q6z78khxmx42.cloudfront.net\/2024\/03\/w0Ht0DS8-AgenceSpatialeRsidencedesSables3-560x420.jpg","number-width":560,"number-height":420,"partner":"https:\/\/d2q6z78khxmx42.cloudfront.net\/2024\/03\/AgenceSpatialeRsidencedesSables3-275x206.jpg","partner-width":275,"partner-height":206,"ranking":"https:\/\/d2q6z78khxmx42.cloudfront.net\/2024\/03\/w0Ht0DS8-AgenceSpatialeRsidencedesSables3-960x540.jpg","ranking-width":960,"ranking-height":540,"schedule":"https:\/\/d2q6z78khxmx42.cloudfront.net\/2024\/03\/AgenceSpatialeRsidencedesSables3-960x360.jpg","schedule-width":960,"schedule-height":360,"slideshow":"https:\/\/d2q6z78khxmx42.cloudfront.net\/2024\/03\/AgenceSpatialeRsidencedesSables3-907x680.jpg","slideshow-width":907,"slideshow-height":680}},"filters":false,"suppliers":false,"attachment_category":[]},{"categories":[3643],"credit":"Paul Dussault","image":{"ID":129409,"id":129409,"title":"Agence Spatiale_R\u00e9sidence des Sables (4)","filename":"AgenceSpatialeRsidencedesSables4-scaled.jpg","filesize":1260340,"url":"https:\/\/d2q6z78khxmx42.cloudfront.net\/2024\/03\/AgenceSpatialeRsidencedesSables4-scaled.jpg","link":"https:\/\/int.design\/fr\/projets\/residence-des-sables\/agence-spatiale_residence-des-sables-4\/","alt":"","author":"351","description":"R\u00e9sidence des sables Agence Spatiale","caption":"","name":"agence-spatiale_residence-des-sables-4","status":"inherit","uploaded_to":122301,"date":"2024-03-20 15:12:43","modified":"2024-08-20 21:19:02","menu_order":0,"mime_type":"image\/jpeg","type":"image","subtype":"jpeg","icon":"https:\/\/int.design\/wp-includes\/images\/media\/default.png","width":2560,"height":1920,"sizes":{"thumbnail":"https:\/\/d2q6z78khxmx42.cloudfront.net\/2024\/03\/AgenceSpatialeRsidencedesSables4-150x150.jpg","thumbnail-width":150,"thumbnail-height":150,"medium":"https:\/\/d2q6z78khxmx42.cloudfront.net\/2024\/03\/AgenceSpatialeRsidencedesSables4-300x225.jpg","medium-width":300,"medium-height":225,"medium_large":"https:\/\/d2q6z78khxmx42.cloudfront.net\/2024\/03\/AgenceSpatialeRsidencedesSables4-768x576.jpg","medium_large-width":768,"medium_large-height":576,"large":"https:\/\/d2q6z78khxmx42.cloudfront.net\/2024\/03\/AgenceSpatialeRsidencedesSables4-1024x768.jpg","large-width":1024,"large-height":768,"1536x1536":"https:\/\/d2q6z78khxmx42.cloudfront.net\/2024\/03\/AgenceSpatialeRsidencedesSables4-1536x1152.jpg","1536x1536-width":1536,"1536x1536-height":1152,"2048x2048":"https:\/\/d2q6z78khxmx42.cloudfront.net\/2024\/03\/AgenceSpatialeRsidencedesSables4-2048x1536.jpg","2048x2048-width":2048,"2048x2048-height":1536,"article":"https:\/\/d2q6z78khxmx42.cloudfront.net\/2024\/03\/AgenceSpatialeRsidencedesSables4-960x540.jpg","article-width":960,"article-height":540,"banner":"https:\/\/d2q6z78khxmx42.cloudfront.net\/2024\/03\/AgenceSpatialeRsidencedesSables4-1920x1440.jpg","banner-width":1920,"banner-height":1440,"block":"https:\/\/d2q6z78khxmx42.cloudfront.net\/2024\/03\/AgenceSpatialeRsidencedesSables4-900x680.jpg","block-width":900,"block-height":680,"card":"https:\/\/d2q6z78khxmx42.cloudfront.net\/2024\/03\/AgenceSpatialeRsidencedesSables4-560x495.jpg","card-width":560,"card-height":495,"card-thumbnail":"https:\/\/d2q6z78khxmx42.cloudfront.net\/2024\/03\/AgenceSpatialeRsidencedesSables4-450x340.jpg","card-thumbnail-width":450,"card-thumbnail-height":340,"conference":"https:\/\/d2q6z78khxmx42.cloudfront.net\/2024\/03\/AgenceSpatialeRsidencedesSables4-560x250.jpg","conference-width":560,"conference-height":250,"contest":"https:\/\/d2q6z78khxmx42.cloudfront.net\/2024\/03\/AgenceSpatialeRsidencedesSables4-960x400.jpg","contest-width":960,"contest-height":400,"cta":"https:\/\/d2q6z78khxmx42.cloudfront.net\/2024\/03\/AgenceSpatialeRsidencedesSables4-415x170.jpg","cta-width":415,"cta-height":170,"exhibitor":"https:\/\/d2q6z78khxmx42.cloudfront.net\/2024\/03\/AgenceSpatialeRsidencedesSables4-560x560.jpg","exhibitor-width":560,"exhibitor-height":560,"gallery":"https:\/\/d2q6z78khxmx42.cloudfront.net\/2024\/03\/AgenceSpatialeRsidencedesSables4-560x420.jpg","gallery-width":560,"gallery-height":420,"logo":"https:\/\/d2q6z78khxmx42.cloudfront.net\/2024\/03\/AgenceSpatialeRsidencedesSables4-133x100.jpg","logo-width":133,"logo-height":100,"masonry":"https:\/\/d2q6z78khxmx42.cloudfront.net\/2024\/03\/AgenceSpatialeRsidencedesSables4-550x413.jpg","masonry-width":550,"masonry-height":413,"modal":"https:\/\/d2q6z78khxmx42.cloudfront.net\/2024\/03\/fLBkubdE-AgenceSpatialeRsidencedesSables4-1920x1440.jpg","modal-width":1920,"modal-height":1440,"number":"https:\/\/d2q6z78khxmx42.cloudfront.net\/2024\/03\/fLBkubdE-AgenceSpatialeRsidencedesSables4-560x420.jpg","number-width":560,"number-height":420,"partner":"https:\/\/d2q6z78khxmx42.cloudfront.net\/2024\/03\/AgenceSpatialeRsidencedesSables4-275x206.jpg","partner-width":275,"partner-height":206,"ranking":"https:\/\/d2q6z78khxmx42.cloudfront.net\/2024\/03\/fLBkubdE-AgenceSpatialeRsidencedesSables4-960x540.jpg","ranking-width":960,"ranking-height":540,"schedule":"https:\/\/d2q6z78khxmx42.cloudfront.net\/2024\/03\/AgenceSpatialeRsidencedesSables4-960x360.jpg","schedule-width":960,"schedule-height":360,"slideshow":"https:\/\/d2q6z78khxmx42.cloudfront.net\/2024\/03\/AgenceSpatialeRsidencedesSables4-907x680.jpg","slideshow-width":907,"slideshow-height":680}},"filters":false,"suppliers":false,"attachment_category":[]},{"categories":[3643],"credit":"Paul Dussault","image":{"ID":129410,"id":129410,"title":"Agence Spatiale_R\u00e9sidence des Sables (5)","filename":"AgenceSpatialeRsidencedesSables5-scaled.jpg","filesize":658210,"url":"https:\/\/d2q6z78khxmx42.cloudfront.net\/2024\/03\/AgenceSpatialeRsidencedesSables5-scaled.jpg","link":"https:\/\/int.design\/fr\/projets\/residence-des-sables\/agence-spatiale_residence-des-sables-5\/","alt":"","author":"351","description":"R\u00e9sidence des sables Agence Spatiale","caption":"","name":"agence-spatiale_residence-des-sables-5","status":"inherit","uploaded_to":122301,"date":"2024-03-20 15:12:48","modified":"2024-08-20 21:19:02","menu_order":0,"mime_type":"image\/jpeg","type":"image","subtype":"jpeg","icon":"https:\/\/int.design\/wp-includes\/images\/media\/default.png","width":2560,"height":1920,"sizes":{"thumbnail":"https:\/\/d2q6z78khxmx42.cloudfront.net\/2024\/03\/AgenceSpatialeRsidencedesSables5-150x150.jpg","thumbnail-width":150,"thumbnail-height":150,"medium":"https:\/\/d2q6z78khxmx42.cloudfront.net\/2024\/03\/AgenceSpatialeRsidencedesSables5-300x225.jpg","medium-width":300,"medium-height":225,"medium_large":"https:\/\/d2q6z78khxmx42.cloudfront.net\/2024\/03\/AgenceSpatialeRsidencedesSables5-768x576.jpg","medium_large-width":768,"medium_large-height":576,"large":"https:\/\/d2q6z78khxmx42.cloudfront.net\/2024\/03\/AgenceSpatialeRsidencedesSables5-1024x768.jpg","large-width":1024,"large-height":768,"1536x1536":"https:\/\/d2q6z78khxmx42.cloudfront.net\/2024\/03\/AgenceSpatialeRsidencedesSables5-1536x1152.jpg","1536x1536-width":1536,"1536x1536-height":1152,"2048x2048":"https:\/\/d2q6z78khxmx42.cloudfront.net\/2024\/03\/AgenceSpatialeRsidencedesSables5-2048x1536.jpg","2048x2048-width":2048,"2048x2048-height":1536,"article":"https:\/\/d2q6z78khxmx42.cloudfront.net\/2024\/03\/AgenceSpatialeRsidencedesSables5-960x540.jpg","article-width":960,"article-height":540,"banner":"https:\/\/d2q6z78khxmx42.cloudfront.net\/2024\/03\/AgenceSpatialeRsidencedesSables5-1920x1440.jpg","banner-width":1920,"banner-height":1440,"block":"https:\/\/d2q6z78khxmx42.cloudfront.net\/2024\/03\/AgenceSpatialeRsidencedesSables5-900x680.jpg","block-width":900,"block-height":680,"card":"https:\/\/d2q6z78khxmx42.cloudfront.net\/2024\/03\/AgenceSpatialeRsidencedesSables5-560x495.jpg","card-width":560,"card-height":495,"card-thumbnail":"https:\/\/d2q6z78khxmx42.cloudfront.net\/2024\/03\/AgenceSpatialeRsidencedesSables5-450x340.jpg","card-thumbnail-width":450,"card-thumbnail-height":340,"conference":"https:\/\/d2q6z78khxmx42.cloudfront.net\/2024\/03\/AgenceSpatialeRsidencedesSables5-560x250.jpg","conference-width":560,"conference-height":250,"contest":"https:\/\/d2q6z78khxmx42.cloudfront.net\/2024\/03\/AgenceSpatialeRsidencedesSables5-960x400.jpg","contest-width":960,"contest-height":400,"cta":"https:\/\/d2q6z78khxmx42.cloudfront.net\/2024\/03\/AgenceSpatialeRsidencedesSables5-415x170.jpg","cta-width":415,"cta-height":170,"exhibitor":"https:\/\/d2q6z78khxmx42.cloudfront.net\/2024\/03\/AgenceSpatialeRsidencedesSables5-560x560.jpg","exhibitor-width":560,"exhibitor-height":560,"gallery":"https:\/\/d2q6z78khxmx42.cloudfront.net\/2024\/03\/AgenceSpatialeRsidencedesSables5-560x420.jpg","gallery-width":560,"gallery-height":420,"logo":"https:\/\/d2q6z78khxmx42.cloudfront.net\/2024\/03\/AgenceSpatialeRsidencedesSables5-133x100.jpg","logo-width":133,"logo-height":100,"masonry":"https:\/\/d2q6z78khxmx42.cloudfront.net\/2024\/03\/AgenceSpatialeRsidencedesSables5-550x413.jpg","masonry-width":550,"masonry-height":413,"modal":"https:\/\/d2q6z78khxmx42.cloudfront.net\/2024\/03\/2gQbXOpJ-AgenceSpatialeRsidencedesSables5-1920x1440.jpg","modal-width":1920,"modal-height":1440,"number":"https:\/\/d2q6z78khxmx42.cloudfront.net\/2024\/03\/2gQbXOpJ-AgenceSpatialeRsidencedesSables5-560x420.jpg","number-width":560,"number-height":420,"partner":"https:\/\/d2q6z78khxmx42.cloudfront.net\/2024\/03\/AgenceSpatialeRsidencedesSables5-275x206.jpg","partner-width":275,"partner-height":206,"ranking":"https:\/\/d2q6z78khxmx42.cloudfront.net\/2024\/03\/2gQbXOpJ-AgenceSpatialeRsidencedesSables5-960x540.jpg","ranking-width":960,"ranking-height":540,"schedule":"https:\/\/d2q6z78khxmx42.cloudfront.net\/2024\/03\/AgenceSpatialeRsidencedesSables5-960x360.jpg","schedule-width":960,"schedule-height":360,"slideshow":"https:\/\/d2q6z78khxmx42.cloudfront.net\/2024\/03\/AgenceSpatialeRsidencedesSables5-907x680.jpg","slideshow-width":907,"slideshow-height":680}},"filters":false,"suppliers":false,"attachment_category":[]},{"categories":[3643],"credit":"Paul Dussault","image":{"ID":129411,"id":129411,"title":"Agence Spatiale_R\u00e9sidence des Sables (6)","filename":"AgenceSpatialeRsidencedesSables6-scaled.jpg","filesize":687038,"url":"https:\/\/d2q6z78khxmx42.cloudfront.net\/2024\/03\/AgenceSpatialeRsidencedesSables6-scaled.jpg","link":"https:\/\/int.design\/fr\/projets\/residence-des-sables\/agence-spatiale_residence-des-sables-6\/","alt":"","author":"351","description":"R\u00e9sidence des sables Agence Spatiale","caption":"","name":"agence-spatiale_residence-des-sables-6","status":"inherit","uploaded_to":122301,"date":"2024-03-20 15:12:53","modified":"2024-08-20 21:19:02","menu_order":0,"mime_type":"image\/jpeg","type":"image","subtype":"jpeg","icon":"https:\/\/int.design\/wp-includes\/images\/media\/default.png","width":2560,"height":1920,"sizes":{"thumbnail":"https:\/\/d2q6z78khxmx42.cloudfront.net\/2024\/03\/AgenceSpatialeRsidencedesSables6-150x150.jpg","thumbnail-width":150,"thumbnail-height":150,"medium":"https:\/\/d2q6z78khxmx42.cloudfront.net\/2024\/03\/AgenceSpatialeRsidencedesSables6-300x225.jpg","medium-width":300,"medium-height":225,"medium_large":"https:\/\/d2q6z78khxmx42.cloudfront.net\/2024\/03\/AgenceSpatialeRsidencedesSables6-768x576.jpg","medium_large-width":768,"medium_large-height":576,"large":"https:\/\/d2q6z78khxmx42.cloudfront.net\/2024\/03\/AgenceSpatialeRsidencedesSables6-1024x768.jpg","large-width":1024,"large-height":768,"1536x1536":"https:\/\/d2q6z78khxmx42.cloudfront.net\/2024\/03\/AgenceSpatialeRsidencedesSables6-1536x1152.jpg","1536x1536-width":1536,"1536x1536-height":1152,"2048x2048":"https:\/\/d2q6z78khxmx42.cloudfront.net\/2024\/03\/AgenceSpatialeRsidencedesSables6-2048x1536.jpg","2048x2048-width":2048,"2048x2048-height":1536,"article":"https:\/\/d2q6z78khxmx42.cloudfront.net\/2024\/03\/AgenceSpatialeRsidencedesSables6-960x540.jpg","article-width":960,"article-height":540,"banner":"https:\/\/d2q6z78khxmx42.cloudfront.net\/2024\/03\/AgenceSpatialeRsidencedesSables6-1920x1440.jpg","banner-width":1920,"banner-height":1440,"block":"https:\/\/d2q6z78khxmx42.cloudfront.net\/2024\/03\/AgenceSpatialeRsidencedesSables6-900x680.jpg","block-width":900,"block-height":680,"card":"https:\/\/d2q6z78khxmx42.cloudfront.net\/2024\/03\/AgenceSpatialeRsidencedesSables6-560x495.jpg","card-width":560,"card-height":495,"card-thumbnail":"https:\/\/d2q6z78khxmx42.cloudfront.net\/2024\/03\/AgenceSpatialeRsidencedesSables6-450x340.jpg","card-thumbnail-width":450,"card-thumbnail-height":340,"conference":"https:\/\/d2q6z78khxmx42.cloudfront.net\/2024\/03\/AgenceSpatialeRsidencedesSables6-560x250.jpg","conference-width":560,"conference-height":250,"contest":"https:\/\/d2q6z78khxmx42.cloudfront.net\/2024\/03\/AgenceSpatialeRsidencedesSables6-960x400.jpg","contest-width":960,"contest-height":400,"cta":"https:\/\/d2q6z78khxmx42.cloudfront.net\/2024\/03\/AgenceSpatialeRsidencedesSables6-415x170.jpg","cta-width":415,"cta-height":170,"exhibitor":"https:\/\/d2q6z78khxmx42.cloudfront.net\/2024\/03\/AgenceSpatialeRsidencedesSables6-560x560.jpg","exhibitor-width":560,"exhibitor-height":560,"gallery":"https:\/\/d2q6z78khxmx42.cloudfront.net\/2024\/03\/AgenceSpatialeRsidencedesSables6-560x420.jpg","gallery-width":560,"gallery-height":420,"logo":"https:\/\/d2q6z78khxmx42.cloudfront.net\/2024\/03\/AgenceSpatialeRsidencedesSables6-133x100.jpg","logo-width":133,"logo-height":100,"masonry":"https:\/\/d2q6z78khxmx42.cloudfront.net\/2024\/03\/AgenceSpatialeRsidencedesSables6-550x413.jpg","masonry-width":550,"masonry-height":413,"modal":"https:\/\/d2q6z78khxmx42.cloudfront.net\/2024\/03\/LM4zdRmz-AgenceSpatialeRsidencedesSables6-1920x1440.jpg","modal-width":1920,"modal-height":1440,"number":"https:\/\/d2q6z78khxmx42.cloudfront.net\/2024\/03\/LM4zdRmz-AgenceSpatialeRsidencedesSables6-560x420.jpg","number-width":560,"number-height":420,"partner":"https:\/\/d2q6z78khxmx42.cloudfront.net\/2024\/03\/AgenceSpatialeRsidencedesSables6-275x206.jpg","partner-width":275,"partner-height":206,"ranking":"https:\/\/d2q6z78khxmx42.cloudfront.net\/2024\/03\/LM4zdRmz-AgenceSpatialeRsidencedesSables6-960x540.jpg","ranking-width":960,"ranking-height":540,"schedule":"https:\/\/d2q6z78khxmx42.cloudfront.net\/2024\/03\/AgenceSpatialeRsidencedesSables6-960x360.jpg","schedule-width":960,"schedule-height":360,"slideshow":"https:\/\/d2q6z78khxmx42.cloudfront.net\/2024\/03\/AgenceSpatialeRsidencedesSables6-907x680.jpg","slideshow-width":907,"slideshow-height":680}},"filters":false,"suppliers":false,"attachment_category":[]},{"categories":[3643],"credit":"Paul Dussault","image":{"ID":129412,"id":129412,"title":"Agence Spatiale_R\u00e9sidence des Sables (7)","filename":"AgenceSpatialeRsidencedesSables7-scaled.jpg","filesize":782456,"url":"https:\/\/d2q6z78khxmx42.cloudfront.net\/2024\/03\/AgenceSpatialeRsidencedesSables7-scaled.jpg","link":"https:\/\/int.design\/fr\/projets\/residence-des-sables\/agence-spatiale_residence-des-sables-7\/","alt":"","author":"351","description":"R\u00e9sidence des sables Agence Spatiale","caption":"","name":"agence-spatiale_residence-des-sables-7","status":"inherit","uploaded_to":122301,"date":"2024-03-20 15:12:58","modified":"2024-08-20 21:19:02","menu_order":0,"mime_type":"image\/jpeg","type":"image","subtype":"jpeg","icon":"https:\/\/int.design\/wp-includes\/images\/media\/default.png","width":2560,"height":1920,"sizes":{"thumbnail":"https:\/\/d2q6z78khxmx42.cloudfront.net\/2024\/03\/AgenceSpatialeRsidencedesSables7-150x150.jpg","thumbnail-width":150,"thumbnail-height":150,"medium":"https:\/\/d2q6z78khxmx42.cloudfront.net\/2024\/03\/AgenceSpatialeRsidencedesSables7-300x225.jpg","medium-width":300,"medium-height":225,"medium_large":"https:\/\/d2q6z78khxmx42.cloudfront.net\/2024\/03\/AgenceSpatialeRsidencedesSables7-768x576.jpg","medium_large-width":768,"medium_large-height":576,"large":"https:\/\/d2q6z78khxmx42.cloudfront.net\/2024\/03\/AgenceSpatialeRsidencedesSables7-1024x768.jpg","large-width":1024,"large-height":768,"1536x1536":"https:\/\/d2q6z78khxmx42.cloudfront.net\/2024\/03\/AgenceSpatialeRsidencedesSables7-1536x1152.jpg","1536x1536-width":1536,"1536x1536-height":1152,"2048x2048":"https:\/\/d2q6z78khxmx42.cloudfront.net\/2024\/03\/AgenceSpatialeRsidencedesSables7-2048x1536.jpg","2048x2048-width":2048,"2048x2048-height":1536,"article":"https:\/\/d2q6z78khxmx42.cloudfront.net\/2024\/03\/AgenceSpatialeRsidencedesSables7-960x540.jpg","article-width":960,"article-height":540,"banner":"https:\/\/d2q6z78khxmx42.cloudfront.net\/2024\/03\/AgenceSpatialeRsidencedesSables7-1920x1440.jpg","banner-width":1920,"banner-height":1440,"block":"https:\/\/d2q6z78khxmx42.cloudfront.net\/2024\/03\/AgenceSpatialeRsidencedesSables7-900x680.jpg","block-width":900,"block-height":680,"card":"https:\/\/d2q6z78khxmx42.cloudfront.net\/2024\/03\/AgenceSpatialeRsidencedesSables7-560x495.jpg","card-width":560,"card-height":495,"card-thumbnail":"https:\/\/d2q6z78khxmx42.cloudfront.net\/2024\/03\/AgenceSpatialeRsidencedesSables7-450x340.jpg","card-thumbnail-width":450,"card-thumbnail-height":340,"conference":"https:\/\/d2q6z78khxmx42.cloudfront.net\/2024\/03\/AgenceSpatialeRsidencedesSables7-560x250.jpg","conference-width":560,"conference-height":250,"contest":"https:\/\/d2q6z78khxmx42.cloudfront.net\/2024\/03\/AgenceSpatialeRsidencedesSables7-960x400.jpg","contest-width":960,"contest-height":400,"cta":"https:\/\/d2q6z78khxmx42.cloudfront.net\/2024\/03\/AgenceSpatialeRsidencedesSables7-415x170.jpg","cta-width":415,"cta-height":170,"exhibitor":"https:\/\/d2q6z78khxmx42.cloudfront.net\/2024\/03\/AgenceSpatialeRsidencedesSables7-560x560.jpg","exhibitor-width":560,"exhibitor-height":560,"gallery":"https:\/\/d2q6z78khxmx42.cloudfront.net\/2024\/03\/AgenceSpatialeRsidencedesSables7-560x420.jpg","gallery-width":560,"gallery-height":420,"logo":"https:\/\/d2q6z78khxmx42.cloudfront.net\/2024\/03\/AgenceSpatialeRsidencedesSables7-133x100.jpg","logo-width":133,"logo-height":100,"masonry":"https:\/\/d2q6z78khxmx42.cloudfront.net\/2024\/03\/AgenceSpatialeRsidencedesSables7-550x413.jpg","masonry-width":550,"masonry-height":413,"modal":"https:\/\/d2q6z78khxmx42.cloudfront.net\/2024\/03\/9w8aZAYw-AgenceSpatialeRsidencedesSables7-1920x1440.jpg","modal-width":1920,"modal-height":1440,"number":"https:\/\/d2q6z78khxmx42.cloudfront.net\/2024\/03\/9w8aZAYw-AgenceSpatialeRsidencedesSables7-560x420.jpg","number-width":560,"number-height":420,"partner":"https:\/\/d2q6z78khxmx42.cloudfront.net\/2024\/03\/AgenceSpatialeRsidencedesSables7-275x206.jpg","partner-width":275,"partner-height":206,"ranking":"https:\/\/d2q6z78khxmx42.cloudfront.net\/2024\/03\/9w8aZAYw-AgenceSpatialeRsidencedesSables7-960x540.jpg","ranking-width":960,"ranking-height":540,"schedule":"https:\/\/d2q6z78khxmx42.cloudfront.net\/2024\/03\/AgenceSpatialeRsidencedesSables7-960x360.jpg","schedule-width":960,"schedule-height":360,"slideshow":"https:\/\/d2q6z78khxmx42.cloudfront.net\/2024\/03\/AgenceSpatialeRsidencedesSables7-907x680.jpg","slideshow-width":907,"slideshow-height":680}},"filters":false,"suppliers":false,"attachment_category":[]},{"categories":[3643],"credit":"Paul Dussault","image":{"ID":129413,"id":129413,"title":"Agence Spatiale_R\u00e9sidence des Sables (8)","filename":"AgenceSpatialeRsidencedesSables8-scaled.jpg","filesize":791822,"url":"https:\/\/d2q6z78khxmx42.cloudfront.net\/2024\/03\/AgenceSpatialeRsidencedesSables8-scaled.jpg","link":"https:\/\/int.design\/fr\/projets\/residence-des-sables\/agence-spatiale_residence-des-sables-8\/","alt":"","author":"351","description":"R\u00e9sidence des sables Agence Spatiale","caption":"","name":"agence-spatiale_residence-des-sables-8","status":"inherit","uploaded_to":122301,"date":"2024-03-20 15:13:06","modified":"2024-08-20 21:19:02","menu_order":0,"mime_type":"image\/jpeg","type":"image","subtype":"jpeg","icon":"https:\/\/int.design\/wp-includes\/images\/media\/default.png","width":2560,"height":1920,"sizes":{"thumbnail":"https:\/\/d2q6z78khxmx42.cloudfront.net\/2024\/03\/AgenceSpatialeRsidencedesSables8-150x150.jpg","thumbnail-width":150,"thumbnail-height":150,"medium":"https:\/\/d2q6z78khxmx42.cloudfront.net\/2024\/03\/AgenceSpatialeRsidencedesSables8-300x225.jpg","medium-width":300,"medium-height":225,"medium_large":"https:\/\/d2q6z78khxmx42.cloudfront.net\/2024\/03\/AgenceSpatialeRsidencedesSables8-768x576.jpg","medium_large-width":768,"medium_large-height":576,"large":"https:\/\/d2q6z78khxmx42.cloudfront.net\/2024\/03\/AgenceSpatialeRsidencedesSables8-1024x768.jpg","large-width":1024,"large-height":768,"1536x1536":"https:\/\/d2q6z78khxmx42.cloudfront.net\/2024\/03\/AgenceSpatialeRsidencedesSables8-1536x1152.jpg","1536x1536-width":1536,"1536x1536-height":1152,"2048x2048":"https:\/\/d2q6z78khxmx42.cloudfront.net\/2024\/03\/AgenceSpatialeRsidencedesSables8-2048x1536.jpg","2048x2048-width":2048,"2048x2048-height":1536,"article":"https:\/\/d2q6z78khxmx42.cloudfront.net\/2024\/03\/AgenceSpatialeRsidencedesSables8-960x540.jpg","article-width":960,"article-height":540,"banner":"https:\/\/d2q6z78khxmx42.cloudfront.net\/2024\/03\/AgenceSpatialeRsidencedesSables8-1920x1440.jpg","banner-width":1920,"banner-height":1440,"block":"https:\/\/d2q6z78khxmx42.cloudfront.net\/2024\/03\/AgenceSpatialeRsidencedesSables8-900x680.jpg","block-width":900,"block-height":680,"card":"https:\/\/d2q6z78khxmx42.cloudfront.net\/2024\/03\/AgenceSpatialeRsidencedesSables8-560x495.jpg","card-width":560,"card-height":495,"card-thumbnail":"https:\/\/d2q6z78khxmx42.cloudfront.net\/2024\/03\/AgenceSpatialeRsidencedesSables8-450x340.jpg","card-thumbnail-width":450,"card-thumbnail-height":340,"conference":"https:\/\/d2q6z78khxmx42.cloudfront.net\/2024\/03\/AgenceSpatialeRsidencedesSables8-560x250.jpg","conference-width":560,"conference-height":250,"contest":"https:\/\/d2q6z78khxmx42.cloudfront.net\/2024\/03\/AgenceSpatialeRsidencedesSables8-960x400.jpg","contest-width":960,"contest-height":400,"cta":"https:\/\/d2q6z78khxmx42.cloudfront.net\/2024\/03\/AgenceSpatialeRsidencedesSables8-415x170.jpg","cta-width":415,"cta-height":170,"exhibitor":"https:\/\/d2q6z78khxmx42.cloudfront.net\/2024\/03\/AgenceSpatialeRsidencedesSables8-560x560.jpg","exhibitor-width":560,"exhibitor-height":560,"gallery":"https:\/\/d2q6z78khxmx42.cloudfront.net\/2024\/03\/AgenceSpatialeRsidencedesSables8-560x420.jpg","gallery-width":560,"gallery-height":420,"logo":"https:\/\/d2q6z78khxmx42.cloudfront.net\/2024\/03\/AgenceSpatialeRsidencedesSables8-133x100.jpg","logo-width":133,"logo-height":100,"masonry":"https:\/\/d2q6z78khxmx42.cloudfront.net\/2024\/03\/AgenceSpatialeRsidencedesSables8-550x413.jpg","masonry-width":550,"masonry-height":413,"modal":"https:\/\/d2q6z78khxmx42.cloudfront.net\/2024\/03\/R2ObTHwN-AgenceSpatialeRsidencedesSables8-1920x1440.jpg","modal-width":1920,"modal-height":1440,"number":"https:\/\/d2q6z78khxmx42.cloudfront.net\/2024\/03\/R2ObTHwN-AgenceSpatialeRsidencedesSables8-560x420.jpg","number-width":560,"number-height":420,"partner":"https:\/\/d2q6z78khxmx42.cloudfront.net\/2024\/03\/AgenceSpatialeRsidencedesSables8-275x206.jpg","partner-width":275,"partner-height":206,"ranking":"https:\/\/d2q6z78khxmx42.cloudfront.net\/2024\/03\/R2ObTHwN-AgenceSpatialeRsidencedesSables8-960x540.jpg","ranking-width":960,"ranking-height":540,"schedule":"https:\/\/d2q6z78khxmx42.cloudfront.net\/2024\/03\/AgenceSpatialeRsidencedesSables8-960x360.jpg","schedule-width":960,"schedule-height":360,"slideshow":"https:\/\/d2q6z78khxmx42.cloudfront.net\/2024\/03\/AgenceSpatialeRsidencedesSables8-907x680.jpg","slideshow-width":907,"slideshow-height":680}},"filters":false,"suppliers":false,"attachment_category":[]},{"categories":[3643],"credit":"Paul Dussault","image":{"ID":129414,"id":129414,"title":"Agence Spatiale_R\u00e9sidence des Sables (9)","filename":"AgenceSpatialeRsidencedesSables9-scaled.jpg","filesize":586217,"url":"https:\/\/d2q6z78khxmx42.cloudfront.net\/2024\/03\/AgenceSpatialeRsidencedesSables9-scaled.jpg","link":"https:\/\/int.design\/fr\/projets\/residence-des-sables\/agence-spatiale_residence-des-sables-9\/","alt":"","author":"351","description":"R\u00e9sidence des sables Agence Spatiale","caption":"","name":"agence-spatiale_residence-des-sables-9","status":"inherit","uploaded_to":122301,"date":"2024-03-20 15:13:10","modified":"2024-08-20 21:19:02","menu_order":0,"mime_type":"image\/jpeg","type":"image","subtype":"jpeg","icon":"https:\/\/int.design\/wp-includes\/images\/media\/default.png","width":1920,"height":2560,"sizes":{"thumbnail":"https:\/\/d2q6z78khxmx42.cloudfront.net\/2024\/03\/AgenceSpatialeRsidencedesSables9-150x150.jpg","thumbnail-width":150,"thumbnail-height":150,"medium":"https:\/\/d2q6z78khxmx42.cloudfront.net\/2024\/03\/AgenceSpatialeRsidencedesSables9-225x300.jpg","medium-width":225,"medium-height":300,"medium_large":"https:\/\/d2q6z78khxmx42.cloudfront.net\/2024\/03\/Rc0uBOpY-AgenceSpatialeRsidencedesSables9-768x1024.jpg","medium_large-width":768,"medium_large-height":1024,"large":"https:\/\/d2q6z78khxmx42.cloudfront.net\/2024\/03\/AgenceSpatialeRsidencedesSables9-768x1024.jpg","large-width":768,"large-height":1024,"1536x1536":"https:\/\/d2q6z78khxmx42.cloudfront.net\/2024\/03\/AgenceSpatialeRsidencedesSables9-1152x1536.jpg","1536x1536-width":1152,"1536x1536-height":1536,"2048x2048":"https:\/\/d2q6z78khxmx42.cloudfront.net\/2024\/03\/AgenceSpatialeRsidencedesSables9-1536x2048.jpg","2048x2048-width":1536,"2048x2048-height":2048,"article":"https:\/\/d2q6z78khxmx42.cloudfront.net\/2024\/03\/AgenceSpatialeRsidencedesSables9-960x540.jpg","article-width":960,"article-height":540,"banner":"https:\/\/d2q6z78khxmx42.cloudfront.net\/2024\/03\/AgenceSpatialeRsidencedesSables9-1920x2560.jpg","banner-width":1920,"banner-height":2560,"block":"https:\/\/d2q6z78khxmx42.cloudfront.net\/2024\/03\/AgenceSpatialeRsidencedesSables9-900x680.jpg","block-width":900,"block-height":680,"card":"https:\/\/d2q6z78khxmx42.cloudfront.net\/2024\/03\/AgenceSpatialeRsidencedesSables9-560x495.jpg","card-width":560,"card-height":495,"card-thumbnail":"https:\/\/d2q6z78khxmx42.cloudfront.net\/2024\/03\/AgenceSpatialeRsidencedesSables9-450x340.jpg","card-thumbnail-width":450,"card-thumbnail-height":340,"conference":"https:\/\/d2q6z78khxmx42.cloudfront.net\/2024\/03\/AgenceSpatialeRsidencedesSables9-560x250.jpg","conference-width":560,"conference-height":250,"contest":"https:\/\/d2q6z78khxmx42.cloudfront.net\/2024\/03\/AgenceSpatialeRsidencedesSables9-960x400.jpg","contest-width":960,"contest-height":400,"cta":"https:\/\/d2q6z78khxmx42.cloudfront.net\/2024\/03\/AgenceSpatialeRsidencedesSables9-415x170.jpg","cta-width":415,"cta-height":170,"exhibitor":"https:\/\/d2q6z78khxmx42.cloudfront.net\/2024\/03\/AgenceSpatialeRsidencedesSables9-560x560.jpg","exhibitor-width":560,"exhibitor-height":560,"gallery":"https:\/\/d2q6z78khxmx42.cloudfront.net\/2024\/03\/AgenceSpatialeRsidencedesSables9-323x430.jpg","gallery-width":323,"gallery-height":430,"logo":"https:\/\/d2q6z78khxmx42.cloudfront.net\/2024\/03\/AgenceSpatialeRsidencedesSables9-75x100.jpg","logo-width":75,"logo-height":100,"masonry":"https:\/\/d2q6z78khxmx42.cloudfront.net\/2024\/03\/AgenceSpatialeRsidencedesSables9-550x733.jpg","masonry-width":550,"masonry-height":733,"modal":"https:\/\/d2q6z78khxmx42.cloudfront.net\/2024\/03\/AgenceSpatialeRsidencedesSables9-1440x1920.jpg","modal-width":1440,"modal-height":1920,"number":"https:\/\/d2q6z78khxmx42.cloudfront.net\/2024\/03\/Rc0uBOpY-AgenceSpatialeRsidencedesSables9-323x430.jpg","number-width":323,"number-height":430,"partner":"https:\/\/d2q6z78khxmx42.cloudfront.net\/2024\/03\/AgenceSpatialeRsidencedesSables9-158x210.jpg","partner-width":158,"partner-height":210,"ranking":"https:\/\/d2q6z78khxmx42.cloudfront.net\/2024\/03\/Rc0uBOpY-AgenceSpatialeRsidencedesSables9-960x540.jpg","ranking-width":960,"ranking-height":540,"schedule":"https:\/\/d2q6z78khxmx42.cloudfront.net\/2024\/03\/AgenceSpatialeRsidencedesSables9-960x360.jpg","schedule-width":960,"schedule-height":360,"slideshow":"https:\/\/d2q6z78khxmx42.cloudfront.net\/2024\/03\/AgenceSpatialeRsidencedesSables9-510x680.jpg","slideshow-width":510,"slideshow-height":680}},"filters":false,"suppliers":false,"attachment_category":[]},{"categories":[3643],"credit":"Paul Dussault","image":{"ID":129415,"id":129415,"title":"Agence Spatiale_R\u00e9sidence des Sables (10)","filename":"AgenceSpatialeRsidencedesSables10-scaled.jpg","filesize":908019,"url":"https:\/\/d2q6z78khxmx42.cloudfront.net\/2024\/03\/AgenceSpatialeRsidencedesSables10-scaled.jpg","link":"https:\/\/int.design\/fr\/projets\/residence-des-sables\/agence-spatiale_residence-des-sables-10\/","alt":"","author":"351","description":"R\u00e9sidence des sables Agence Spatiale","caption":"","name":"agence-spatiale_residence-des-sables-10","status":"inherit","uploaded_to":122301,"date":"2024-03-20 15:13:17","modified":"2024-08-20 21:19:02","menu_order":0,"mime_type":"image\/jpeg","type":"image","subtype":"jpeg","icon":"https:\/\/int.design\/wp-includes\/images\/media\/default.png","width":2560,"height":1920,"sizes":{"thumbnail":"https:\/\/d2q6z78khxmx42.cloudfront.net\/2024\/03\/AgenceSpatialeRsidencedesSables10-150x150.jpg","thumbnail-width":150,"thumbnail-height":150,"medium":"https:\/\/d2q6z78khxmx42.cloudfront.net\/2024\/03\/AgenceSpatialeRsidencedesSables10-300x225.jpg","medium-width":300,"medium-height":225,"medium_large":"https:\/\/d2q6z78khxmx42.cloudfront.net\/2024\/03\/AgenceSpatialeRsidencedesSables10-768x576.jpg","medium_large-width":768,"medium_large-height":576,"large":"https:\/\/d2q6z78khxmx42.cloudfront.net\/2024\/03\/AgenceSpatialeRsidencedesSables10-1024x768.jpg","large-width":1024,"large-height":768,"1536x1536":"https:\/\/d2q6z78khxmx42.cloudfront.net\/2024\/03\/AgenceSpatialeRsidencedesSables10-1536x1152.jpg","1536x1536-width":1536,"1536x1536-height":1152,"2048x2048":"https:\/\/d2q6z78khxmx42.cloudfront.net\/2024\/03\/AgenceSpatialeRsidencedesSables10-2048x1536.jpg","2048x2048-width":2048,"2048x2048-height":1536,"article":"https:\/\/d2q6z78khxmx42.cloudfront.net\/2024\/03\/AgenceSpatialeRsidencedesSables10-960x540.jpg","article-width":960,"article-height":540,"banner":"https:\/\/d2q6z78khxmx42.cloudfront.net\/2024\/03\/AgenceSpatialeRsidencedesSables10-1920x1440.jpg","banner-width":1920,"banner-height":1440,"block":"https:\/\/d2q6z78khxmx42.cloudfront.net\/2024\/03\/AgenceSpatialeRsidencedesSables10-900x680.jpg","block-width":900,"block-height":680,"card":"https:\/\/d2q6z78khxmx42.cloudfront.net\/2024\/03\/AgenceSpatialeRsidencedesSables10-560x495.jpg","card-width":560,"card-height":495,"card-thumbnail":"https:\/\/d2q6z78khxmx42.cloudfront.net\/2024\/03\/AgenceSpatialeRsidencedesSables10-450x340.jpg","card-thumbnail-width":450,"card-thumbnail-height":340,"conference":"https:\/\/d2q6z78khxmx42.cloudfront.net\/2024\/03\/AgenceSpatialeRsidencedesSables10-560x250.jpg","conference-width":560,"conference-height":250,"contest":"https:\/\/d2q6z78khxmx42.cloudfront.net\/2024\/03\/AgenceSpatialeRsidencedesSables10-960x400.jpg","contest-width":960,"contest-height":400,"cta":"https:\/\/d2q6z78khxmx42.cloudfront.net\/2024\/03\/AgenceSpatialeRsidencedesSables10-415x170.jpg","cta-width":415,"cta-height":170,"exhibitor":"https:\/\/d2q6z78khxmx42.cloudfront.net\/2024\/03\/AgenceSpatialeRsidencedesSables10-560x560.jpg","exhibitor-width":560,"exhibitor-height":560,"gallery":"https:\/\/d2q6z78khxmx42.cloudfront.net\/2024\/03\/AgenceSpatialeRsidencedesSables10-560x420.jpg","gallery-width":560,"gallery-height":420,"logo":"https:\/\/d2q6z78khxmx42.cloudfront.net\/2024\/03\/AgenceSpatialeRsidencedesSables10-133x100.jpg","logo-width":133,"logo-height":100,"masonry":"https:\/\/d2q6z78khxmx42.cloudfront.net\/2024\/03\/AgenceSpatialeRsidencedesSables10-550x413.jpg","masonry-width":550,"masonry-height":413,"modal":"https:\/\/d2q6z78khxmx42.cloudfront.net\/2024\/03\/bc6TVfPS-AgenceSpatialeRsidencedesSables10-1920x1440.jpg","modal-width":1920,"modal-height":1440,"number":"https:\/\/d2q6z78khxmx42.cloudfront.net\/2024\/03\/bc6TVfPS-AgenceSpatialeRsidencedesSables10-560x420.jpg","number-width":560,"number-height":420,"partner":"https:\/\/d2q6z78khxmx42.cloudfront.net\/2024\/03\/AgenceSpatialeRsidencedesSables10-275x206.jpg","partner-width":275,"partner-height":206,"ranking":"https:\/\/d2q6z78khxmx42.cloudfront.net\/2024\/03\/bc6TVfPS-AgenceSpatialeRsidencedesSables10-960x540.jpg","ranking-width":960,"ranking-height":540,"schedule":"https:\/\/d2q6z78khxmx42.cloudfront.net\/2024\/03\/AgenceSpatialeRsidencedesSables10-960x360.jpg","schedule-width":960,"schedule-height":360,"slideshow":"https:\/\/d2q6z78khxmx42.cloudfront.net\/2024\/03\/AgenceSpatialeRsidencedesSables10-907x680.jpg","slideshow-width":907,"slideshow-height":680}},"filters":false,"suppliers":false,"attachment_category":[]}],"mandatory_documents":[{"name":"Agence Spatiale_R\u00e9sidence des sables - 1ER \u00c9TAGE","file":{"ID":129421,"id":129421,"title":"Agence Spatiale_R\u00e9sidence des sables - 1ER \u00c9TAGE","filename":"AgenceSpatialeRsidencedessables-1ERTAGE-scaled.jpg","filesize":483059,"url":"https:\/\/d2q6z78khxmx42.cloudfront.net\/2024\/03\/AgenceSpatialeRsidencedessables-1ERTAGE-scaled.jpg","link":"https:\/\/int.design\/fr\/projets\/residence-des-sables\/agence-spatiale_residence-des-sables-1er-etage\/","alt":"","author":"351","description":"","caption":"","name":"agence-spatiale_residence-des-sables-1er-etage","status":"inherit","uploaded_to":122301,"date":"2024-03-20 15:15:42","modified":"2024-03-20 15:17:36","menu_order":0,"mime_type":"image\/jpeg","type":"image","subtype":"jpeg","icon":"https:\/\/int.design\/wp-includes\/images\/media\/default.png","width":2560,"height":1707,"sizes":{"thumbnail":"https:\/\/d2q6z78khxmx42.cloudfront.net\/2024\/03\/AgenceSpatialeRsidencedessables-1ERTAGE-150x150.jpg","thumbnail-width":150,"thumbnail-height":150,"medium":"https:\/\/d2q6z78khxmx42.cloudfront.net\/2024\/03\/AgenceSpatialeRsidencedessables-1ERTAGE-300x200.jpg","medium-width":300,"medium-height":200,"medium_large":"https:\/\/d2q6z78khxmx42.cloudfront.net\/2024\/03\/AgenceSpatialeRsidencedessables-1ERTAGE-768x512.jpg","medium_large-width":768,"medium_large-height":512,"large":"https:\/\/d2q6z78khxmx42.cloudfront.net\/2024\/03\/AgenceSpatialeRsidencedessables-1ERTAGE-1024x683.jpg","large-width":1024,"large-height":683,"1536x1536":"https:\/\/d2q6z78khxmx42.cloudfront.net\/2024\/03\/AgenceSpatialeRsidencedessables-1ERTAGE-1536x1024.jpg","1536x1536-width":1536,"1536x1536-height":1024,"2048x2048":"https:\/\/d2q6z78khxmx42.cloudfront.net\/2024\/03\/AgenceSpatialeRsidencedessables-1ERTAGE-2048x1365.jpg","2048x2048-width":2048,"2048x2048-height":1365,"article":"https:\/\/d2q6z78khxmx42.cloudfront.net\/2024\/03\/AgenceSpatialeRsidencedessables-1ERTAGE-960x540.jpg","article-width":960,"article-height":540,"banner":"https:\/\/d2q6z78khxmx42.cloudfront.net\/2024\/03\/AgenceSpatialeRsidencedessables-1ERTAGE-1920x1280.jpg","banner-width":1920,"banner-height":1280,"block":"https:\/\/d2q6z78khxmx42.cloudfront.net\/2024\/03\/AgenceSpatialeRsidencedessables-1ERTAGE-900x680.jpg","block-width":900,"block-height":680,"card":"https:\/\/d2q6z78khxmx42.cloudfront.net\/2024\/03\/AgenceSpatialeRsidencedessables-1ERTAGE-560x495.jpg","card-width":560,"card-height":495,"card-thumbnail":"https:\/\/d2q6z78khxmx42.cloudfront.net\/2024\/03\/AgenceSpatialeRsidencedessables-1ERTAGE-450x340.jpg","card-thumbnail-width":450,"card-thumbnail-height":340,"conference":"https:\/\/d2q6z78khxmx42.cloudfront.net\/2024\/03\/AgenceSpatialeRsidencedessables-1ERTAGE-560x250.jpg","conference-width":560,"conference-height":250,"contest":"https:\/\/d2q6z78khxmx42.cloudfront.net\/2024\/03\/AgenceSpatialeRsidencedessables-1ERTAGE-960x400.jpg","contest-width":960,"contest-height":400,"cta":"https:\/\/d2q6z78khxmx42.cloudfront.net\/2024\/03\/AgenceSpatialeRsidencedessables-1ERTAGE-415x170.jpg","cta-width":415,"cta-height":170,"exhibitor":"https:\/\/d2q6z78khxmx42.cloudfront.net\/2024\/03\/AgenceSpatialeRsidencedessables-1ERTAGE-560x560.jpg","exhibitor-width":560,"exhibitor-height":560,"gallery":"https:\/\/d2q6z78khxmx42.cloudfront.net\/2024\/03\/AgenceSpatialeRsidencedessables-1ERTAGE-560x373.jpg","gallery-width":560,"gallery-height":373,"logo":"https:\/\/d2q6z78khxmx42.cloudfront.net\/2024\/03\/AgenceSpatialeRsidencedessables-1ERTAGE-150x100.jpg","logo-width":150,"logo-height":100,"masonry":"https:\/\/d2q6z78khxmx42.cloudfront.net\/2024\/03\/AgenceSpatialeRsidencedessables-1ERTAGE-550x367.jpg","masonry-width":550,"masonry-height":367,"modal":"https:\/\/d2q6z78khxmx42.cloudfront.net\/2024\/03\/c0nIzrU6-AgenceSpatialeRsidencedessables-1ERTAGE-1920x1280.jpg","modal-width":1920,"modal-height":1280,"number":"https:\/\/d2q6z78khxmx42.cloudfront.net\/2024\/03\/c0nIzrU6-AgenceSpatialeRsidencedessables-1ERTAGE-560x373.jpg","number-width":560,"number-height":373,"partner":"https:\/\/d2q6z78khxmx42.cloudfront.net\/2024\/03\/AgenceSpatialeRsidencedessables-1ERTAGE-275x183.jpg","partner-width":275,"partner-height":183,"ranking":"https:\/\/d2q6z78khxmx42.cloudfront.net\/2024\/03\/c0nIzrU6-AgenceSpatialeRsidencedessables-1ERTAGE-960x540.jpg","ranking-width":960,"ranking-height":540,"schedule":"https:\/\/d2q6z78khxmx42.cloudfront.net\/2024\/03\/AgenceSpatialeRsidencedessables-1ERTAGE-960x360.jpg","schedule-width":960,"schedule-height":360,"slideshow":"https:\/\/d2q6z78khxmx42.cloudfront.net\/2024\/03\/AgenceSpatialeRsidencedessables-1ERTAGE-1020x680.jpg","slideshow-width":1020,"slideshow-height":680}}},{"name":"Agence Spatiale_R\u00e9sidence des sables - 2E \u00c9TAGE","file":{"ID":129422,"id":129422,"title":"Agence Spatiale_R\u00e9sidence des sables - 2E \u00c9TAGE","filename":"AgenceSpatialeRsidencedessables-2ETAGE-scaled.jpg","filesize":471287,"url":"https:\/\/d2q6z78khxmx42.cloudfront.net\/2024\/03\/AgenceSpatialeRsidencedessables-2ETAGE-scaled.jpg","link":"https:\/\/int.design\/fr\/projets\/residence-des-sables\/agence-spatiale_residence-des-sables-2e-etage\/","alt":"","author":"351","description":"","caption":"","name":"agence-spatiale_residence-des-sables-2e-etage","status":"inherit","uploaded_to":122301,"date":"2024-03-20 15:15:49","modified":"2024-03-20 15:17:37","menu_order":0,"mime_type":"image\/jpeg","type":"image","subtype":"jpeg","icon":"https:\/\/int.design\/wp-includes\/images\/media\/default.png","width":2560,"height":1707,"sizes":{"thumbnail":"https:\/\/d2q6z78khxmx42.cloudfront.net\/2024\/03\/AgenceSpatialeRsidencedessables-2ETAGE-150x150.jpg","thumbnail-width":150,"thumbnail-height":150,"medium":"https:\/\/d2q6z78khxmx42.cloudfront.net\/2024\/03\/AgenceSpatialeRsidencedessables-2ETAGE-300x200.jpg","medium-width":300,"medium-height":200,"medium_large":"https:\/\/d2q6z78khxmx42.cloudfront.net\/2024\/03\/AgenceSpatialeRsidencedessables-2ETAGE-768x512.jpg","medium_large-width":768,"medium_large-height":512,"large":"https:\/\/d2q6z78khxmx42.cloudfront.net\/2024\/03\/AgenceSpatialeRsidencedessables-2ETAGE-1024x683.jpg","large-width":1024,"large-height":683,"1536x1536":"https:\/\/d2q6z78khxmx42.cloudfront.net\/2024\/03\/AgenceSpatialeRsidencedessables-2ETAGE-1536x1024.jpg","1536x1536-width":1536,"1536x1536-height":1024,"2048x2048":"https:\/\/d2q6z78khxmx42.cloudfront.net\/2024\/03\/AgenceSpatialeRsidencedessables-2ETAGE-2048x1365.jpg","2048x2048-width":2048,"2048x2048-height":1365,"article":"https:\/\/d2q6z78khxmx42.cloudfront.net\/2024\/03\/AgenceSpatialeRsidencedessables-2ETAGE-960x540.jpg","article-width":960,"article-height":540,"banner":"https:\/\/d2q6z78khxmx42.cloudfront.net\/2024\/03\/AgenceSpatialeRsidencedessables-2ETAGE-1920x1280.jpg","banner-width":1920,"banner-height":1280,"block":"https:\/\/d2q6z78khxmx42.cloudfront.net\/2024\/03\/AgenceSpatialeRsidencedessables-2ETAGE-900x680.jpg","block-width":900,"block-height":680,"card":"https:\/\/d2q6z78khxmx42.cloudfront.net\/2024\/03\/AgenceSpatialeRsidencedessables-2ETAGE-560x495.jpg","card-width":560,"card-height":495,"card-thumbnail":"https:\/\/d2q6z78khxmx42.cloudfront.net\/2024\/03\/AgenceSpatialeRsidencedessables-2ETAGE-450x340.jpg","card-thumbnail-width":450,"card-thumbnail-height":340,"conference":"https:\/\/d2q6z78khxmx42.cloudfront.net\/2024\/03\/AgenceSpatialeRsidencedessables-2ETAGE-560x250.jpg","conference-width":560,"conference-height":250,"contest":"https:\/\/d2q6z78khxmx42.cloudfront.net\/2024\/03\/AgenceSpatialeRsidencedessables-2ETAGE-960x400.jpg","contest-width":960,"contest-height":400,"cta":"https:\/\/d2q6z78khxmx42.cloudfront.net\/2024\/03\/AgenceSpatialeRsidencedessables-2ETAGE-415x170.jpg","cta-width":415,"cta-height":170,"exhibitor":"https:\/\/d2q6z78khxmx42.cloudfront.net\/2024\/03\/AgenceSpatialeRsidencedessables-2ETAGE-560x560.jpg","exhibitor-width":560,"exhibitor-height":560,"gallery":"https:\/\/d2q6z78khxmx42.cloudfront.net\/2024\/03\/AgenceSpatialeRsidencedessables-2ETAGE-560x373.jpg","gallery-width":560,"gallery-height":373,"logo":"https:\/\/d2q6z78khxmx42.cloudfront.net\/2024\/03\/AgenceSpatialeRsidencedessables-2ETAGE-150x100.jpg","logo-width":150,"logo-height":100,"masonry":"https:\/\/d2q6z78khxmx42.cloudfront.net\/2024\/03\/AgenceSpatialeRsidencedessables-2ETAGE-550x367.jpg","masonry-width":550,"masonry-height":367,"modal":"https:\/\/d2q6z78khxmx42.cloudfront.net\/2024\/03\/MX2a7E4H-AgenceSpatialeRsidencedessables-2ETAGE-1920x1280.jpg","modal-width":1920,"modal-height":1280,"number":"https:\/\/d2q6z78khxmx42.cloudfront.net\/2024\/03\/MX2a7E4H-AgenceSpatialeRsidencedessables-2ETAGE-560x373.jpg","number-width":560,"number-height":373,"partner":"https:\/\/d2q6z78khxmx42.cloudfront.net\/2024\/03\/AgenceSpatialeRsidencedessables-2ETAGE-275x183.jpg","partner-width":275,"partner-height":183,"ranking":"https:\/\/d2q6z78khxmx42.cloudfront.net\/2024\/03\/MX2a7E4H-AgenceSpatialeRsidencedessables-2ETAGE-960x540.jpg","ranking-width":960,"ranking-height":540,"schedule":"https:\/\/d2q6z78khxmx42.cloudfront.net\/2024\/03\/AgenceSpatialeRsidencedessables-2ETAGE-960x360.jpg","schedule-width":960,"schedule-height":360,"slideshow":"https:\/\/d2q6z78khxmx42.cloudfront.net\/2024\/03\/AgenceSpatialeRsidencedessables-2ETAGE-1020x680.jpg","slideshow-width":1020,"slideshow-height":680}}},{"name":"Agence Spatiale_R\u00e9sidence des sables - \u00c9L\u00c9VATION","file":{"ID":129423,"id":129423,"title":"Agence Spatiale_R\u00e9sidence des sables - \u00c9L\u00c9VATION","filename":"AgenceSpatialeRsidencedessables-LVATION-scaled.jpg","filesize":284265,"url":"https:\/\/d2q6z78khxmx42.cloudfront.net\/2024\/03\/AgenceSpatialeRsidencedessables-LVATION-scaled.jpg","link":"https:\/\/int.design\/fr\/projets\/residence-des-sables\/agence-spatiale_residence-des-sables-elevation\/","alt":"","author":"351","description":"","caption":"","name":"agence-spatiale_residence-des-sables-elevation","status":"inherit","uploaded_to":122301,"date":"2024-03-20 15:15:52","modified":"2024-03-20 15:17:37","menu_order":0,"mime_type":"image\/jpeg","type":"image","subtype":"jpeg","icon":"https:\/\/int.design\/wp-includes\/images\/media\/default.png","width":2560,"height":1324,"sizes":{"thumbnail":"https:\/\/d2q6z78khxmx42.cloudfront.net\/2024\/03\/AgenceSpatialeRsidencedessables-LVATION-150x150.jpg","thumbnail-width":150,"thumbnail-height":150,"medium":"https:\/\/d2q6z78khxmx42.cloudfront.net\/2024\/03\/AgenceSpatialeRsidencedessables-LVATION-300x155.jpg","medium-width":300,"medium-height":155,"medium_large":"https:\/\/d2q6z78khxmx42.cloudfront.net\/2024\/03\/AgenceSpatialeRsidencedessables-LVATION-768x397.jpg","medium_large-width":768,"medium_large-height":397,"large":"https:\/\/d2q6z78khxmx42.cloudfront.net\/2024\/03\/AgenceSpatialeRsidencedessables-LVATION-1024x530.jpg","large-width":1024,"large-height":530,"1536x1536":"https:\/\/d2q6z78khxmx42.cloudfront.net\/2024\/03\/AgenceSpatialeRsidencedessables-LVATION-1536x794.jpg","1536x1536-width":1536,"1536x1536-height":794,"2048x2048":"https:\/\/d2q6z78khxmx42.cloudfront.net\/2024\/03\/AgenceSpatialeRsidencedessables-LVATION-2048x1059.jpg","2048x2048-width":2048,"2048x2048-height":1059,"article":"https:\/\/d2q6z78khxmx42.cloudfront.net\/2024\/03\/AgenceSpatialeRsidencedessables-LVATION-960x540.jpg","article-width":960,"article-height":540,"banner":"https:\/\/d2q6z78khxmx42.cloudfront.net\/2024\/03\/AgenceSpatialeRsidencedessables-LVATION-1920x993.jpg","banner-width":1920,"banner-height":993,"block":"https:\/\/d2q6z78khxmx42.cloudfront.net\/2024\/03\/AgenceSpatialeRsidencedessables-LVATION-900x680.jpg","block-width":900,"block-height":680,"card":"https:\/\/d2q6z78khxmx42.cloudfront.net\/2024\/03\/AgenceSpatialeRsidencedessables-LVATION-560x495.jpg","card-width":560,"card-height":495,"card-thumbnail":"https:\/\/d2q6z78khxmx42.cloudfront.net\/2024\/03\/AgenceSpatialeRsidencedessables-LVATION-450x340.jpg","card-thumbnail-width":450,"card-thumbnail-height":340,"conference":"https:\/\/d2q6z78khxmx42.cloudfront.net\/2024\/03\/AgenceSpatialeRsidencedessables-LVATION-560x250.jpg","conference-width":560,"conference-height":250,"contest":"https:\/\/d2q6z78khxmx42.cloudfront.net\/2024\/03\/AgenceSpatialeRsidencedessables-LVATION-960x400.jpg","contest-width":960,"contest-height":400,"cta":"https:\/\/d2q6z78khxmx42.cloudfront.net\/2024\/03\/AgenceSpatialeRsidencedessables-LVATION-415x170.jpg","cta-width":415,"cta-height":170,"exhibitor":"https:\/\/d2q6z78khxmx42.cloudfront.net\/2024\/03\/AgenceSpatialeRsidencedessables-LVATION-560x560.jpg","exhibitor-width":560,"exhibitor-height":560,"gallery":"https:\/\/d2q6z78khxmx42.cloudfront.net\/2024\/03\/AgenceSpatialeRsidencedessables-LVATION-560x290.jpg","gallery-width":560,"gallery-height":290,"logo":"https:\/\/d2q6z78khxmx42.cloudfront.net\/2024\/03\/AgenceSpatialeRsidencedessables-LVATION-193x100.jpg","logo-width":193,"logo-height":100,"masonry":"https:\/\/d2q6z78khxmx42.cloudfront.net\/2024\/03\/AgenceSpatialeRsidencedessables-LVATION-550x284.jpg","masonry-width":550,"masonry-height":284,"modal":"https:\/\/d2q6z78khxmx42.cloudfront.net\/2024\/03\/s7EEoUyk-AgenceSpatialeRsidencedessables-LVATION-1920x993.jpg","modal-width":1920,"modal-height":993,"number":"https:\/\/d2q6z78khxmx42.cloudfront.net\/2024\/03\/s7EEoUyk-AgenceSpatialeRsidencedessables-LVATION-560x290.jpg","number-width":560,"number-height":290,"partner":"https:\/\/d2q6z78khxmx42.cloudfront.net\/2024\/03\/AgenceSpatialeRsidencedessables-LVATION-275x142.jpg","partner-width":275,"partner-height":142,"ranking":"https:\/\/d2q6z78khxmx42.cloudfront.net\/2024\/03\/s7EEoUyk-AgenceSpatialeRsidencedessables-LVATION-960x540.jpg","ranking-width":960,"ranking-height":540,"schedule":"https:\/\/d2q6z78khxmx42.cloudfront.net\/2024\/03\/AgenceSpatialeRsidencedessables-LVATION-960x360.jpg","schedule-width":960,"schedule-height":360,"slideshow":"https:\/\/d2q6z78khxmx42.cloudfront.net\/2024\/03\/AgenceSpatialeRsidencedessables-LVATION-1315x680.jpg","slideshow-width":1315,"slideshow-height":680}}},{"name":"Agence Spatiale_R\u00e9sidence des sables - \u00c9L\u00c9VATION2","file":{"ID":129424,"id":129424,"title":"Agence Spatiale_R\u00e9sidence des sables - \u00c9L\u00c9VATION2","filename":"AgenceSpatialeRsidencedessables-LVATION2-scaled.jpg","filesize":274678,"url":"https:\/\/d2q6z78khxmx42.cloudfront.net\/2024\/03\/AgenceSpatialeRsidencedessables-LVATION2-scaled.jpg","link":"https:\/\/int.design\/fr\/projets\/residence-des-sables\/agence-spatiale_residence-des-sables-elevation2\/","alt":"","author":"351","description":"","caption":"","name":"agence-spatiale_residence-des-sables-elevation2","status":"inherit","uploaded_to":122301,"date":"2024-03-20 15:15:56","modified":"2024-03-20 15:17:37","menu_order":0,"mime_type":"image\/jpeg","type":"image","subtype":"jpeg","icon":"https:\/\/int.design\/wp-includes\/images\/media\/default.png","width":2560,"height":1324,"sizes":{"thumbnail":"https:\/\/d2q6z78khxmx42.cloudfront.net\/2024\/03\/AgenceSpatialeRsidencedessables-LVATION2-150x150.jpg","thumbnail-width":150,"thumbnail-height":150,"medium":"https:\/\/d2q6z78khxmx42.cloudfront.net\/2024\/03\/AgenceSpatialeRsidencedessables-LVATION2-300x155.jpg","medium-width":300,"medium-height":155,"medium_large":"https:\/\/d2q6z78khxmx42.cloudfront.net\/2024\/03\/AgenceSpatialeRsidencedessables-LVATION2-768x397.jpg","medium_large-width":768,"medium_large-height":397,"large":"https:\/\/d2q6z78khxmx42.cloudfront.net\/2024\/03\/AgenceSpatialeRsidencedessables-LVATION2-1024x530.jpg","large-width":1024,"large-height":530,"1536x1536":"https:\/\/d2q6z78khxmx42.cloudfront.net\/2024\/03\/AgenceSpatialeRsidencedessables-LVATION2-1536x794.jpg","1536x1536-width":1536,"1536x1536-height":794,"2048x2048":"https:\/\/d2q6z78khxmx42.cloudfront.net\/2024\/03\/AgenceSpatialeRsidencedessables-LVATION2-2048x1059.jpg","2048x2048-width":2048,"2048x2048-height":1059,"article":"https:\/\/d2q6z78khxmx42.cloudfront.net\/2024\/03\/AgenceSpatialeRsidencedessables-LVATION2-960x540.jpg","article-width":960,"article-height":540,"banner":"https:\/\/d2q6z78khxmx42.cloudfront.net\/2024\/03\/AgenceSpatialeRsidencedessables-LVATION2-1920x993.jpg","banner-width":1920,"banner-height":993,"block":"https:\/\/d2q6z78khxmx42.cloudfront.net\/2024\/03\/AgenceSpatialeRsidencedessables-LVATION2-900x680.jpg","block-width":900,"block-height":680,"card":"https:\/\/d2q6z78khxmx42.cloudfront.net\/2024\/03\/AgenceSpatialeRsidencedessables-LVATION2-560x495.jpg","card-width":560,"card-height":495,"card-thumbnail":"https:\/\/d2q6z78khxmx42.cloudfront.net\/2024\/03\/AgenceSpatialeRsidencedessables-LVATION2-450x340.jpg","card-thumbnail-width":450,"card-thumbnail-height":340,"conference":"https:\/\/d2q6z78khxmx42.cloudfront.net\/2024\/03\/AgenceSpatialeRsidencedessables-LVATION2-560x250.jpg","conference-width":560,"conference-height":250,"contest":"https:\/\/d2q6z78khxmx42.cloudfront.net\/2024\/03\/AgenceSpatialeRsidencedessables-LVATION2-960x400.jpg","contest-width":960,"contest-height":400,"cta":"https:\/\/d2q6z78khxmx42.cloudfront.net\/2024\/03\/AgenceSpatialeRsidencedessables-LVATION2-415x170.jpg","cta-width":415,"cta-height":170,"exhibitor":"https:\/\/d2q6z78khxmx42.cloudfront.net\/2024\/03\/AgenceSpatialeRsidencedessables-LVATION2-560x560.jpg","exhibitor-width":560,"exhibitor-height":560,"gallery":"https:\/\/d2q6z78khxmx42.cloudfront.net\/2024\/03\/AgenceSpatialeRsidencedessables-LVATION2-560x290.jpg","gallery-width":560,"gallery-height":290,"logo":"https:\/\/d2q6z78khxmx42.cloudfront.net\/2024\/03\/AgenceSpatialeRsidencedessables-LVATION2-193x100.jpg","logo-width":193,"logo-height":100,"masonry":"https:\/\/d2q6z78khxmx42.cloudfront.net\/2024\/03\/AgenceSpatialeRsidencedessables-LVATION2-550x284.jpg","masonry-width":550,"masonry-height":284,"modal":"https:\/\/d2q6z78khxmx42.cloudfront.net\/2024\/03\/3GaJgp8S-AgenceSpatialeRsidencedessables-LVATION2-1920x993.jpg","modal-width":1920,"modal-height":993,"number":"https:\/\/d2q6z78khxmx42.cloudfront.net\/2024\/03\/3GaJgp8S-AgenceSpatialeRsidencedessables-LVATION2-560x290.jpg","number-width":560,"number-height":290,"partner":"https:\/\/d2q6z78khxmx42.cloudfront.net\/2024\/03\/AgenceSpatialeRsidencedessables-LVATION2-275x142.jpg","partner-width":275,"partner-height":142,"ranking":"https:\/\/d2q6z78khxmx42.cloudfront.net\/2024\/03\/3GaJgp8S-AgenceSpatialeRsidencedessables-LVATION2-960x540.jpg","ranking-width":960,"ranking-height":540,"schedule":"https:\/\/d2q6z78khxmx42.cloudfront.net\/2024\/03\/AgenceSpatialeRsidencedessables-LVATION2-960x360.jpg","schedule-width":960,"schedule-height":360,"slideshow":"https:\/\/d2q6z78khxmx42.cloudfront.net\/2024\/03\/AgenceSpatialeRsidencedessables-LVATION2-1315x680.jpg","slideshow-width":1315,"slideshow-height":680}}},{"name":"Agence Spatiale_R\u00e9sidence des sables - IMPLANTATION","file":{"ID":129426,"id":129426,"title":"Agence Spatiale_R\u00e9sidence des sables - IMPLANTATION","filename":"AgenceSpatialeRsidencedessables-IMPLANTATION-scaled.jpg","filesize":641865,"url":"https:\/\/d2q6z78khxmx42.cloudfront.net\/2024\/03\/AgenceSpatialeRsidencedessables-IMPLANTATION-scaled.jpg","link":"https:\/\/int.design\/fr\/projets\/residence-des-sables\/agence-spatiale_residence-des-sables-implantation\/","alt":"","author":"351","description":"","caption":"","name":"agence-spatiale_residence-des-sables-implantation","status":"inherit","uploaded_to":122301,"date":"2024-03-20 15:16:00","modified":"2024-03-20 15:17:37","menu_order":0,"mime_type":"image\/jpeg","type":"image","subtype":"jpeg","icon":"https:\/\/int.design\/wp-includes\/images\/media\/default.png","width":2560,"height":1698,"sizes":{"thumbnail":"https:\/\/d2q6z78khxmx42.cloudfront.net\/2024\/03\/AgenceSpatialeRsidencedessables-IMPLANTATION-150x150.jpg","thumbnail-width":150,"thumbnail-height":150,"medium":"https:\/\/d2q6z78khxmx42.cloudfront.net\/2024\/03\/AgenceSpatialeRsidencedessables-IMPLANTATION-300x199.jpg","medium-width":300,"medium-height":199,"medium_large":"https:\/\/d2q6z78khxmx42.cloudfront.net\/2024\/03\/AgenceSpatialeRsidencedessables-IMPLANTATION-768x509.jpg","medium_large-width":768,"medium_large-height":509,"large":"https:\/\/d2q6z78khxmx42.cloudfront.net\/2024\/03\/AgenceSpatialeRsidencedessables-IMPLANTATION-1024x679.jpg","large-width":1024,"large-height":679,"1536x1536":"https:\/\/d2q6z78khxmx42.cloudfront.net\/2024\/03\/AgenceSpatialeRsidencedessables-IMPLANTATION-1536x1019.jpg","1536x1536-width":1536,"1536x1536-height":1019,"2048x2048":"https:\/\/d2q6z78khxmx42.cloudfront.net\/2024\/03\/AgenceSpatialeRsidencedessables-IMPLANTATION-2048x1358.jpg","2048x2048-width":2048,"2048x2048-height":1358,"article":"https:\/\/d2q6z78khxmx42.cloudfront.net\/2024\/03\/AgenceSpatialeRsidencedessables-IMPLANTATION-960x540.jpg","article-width":960,"article-height":540,"banner":"https:\/\/d2q6z78khxmx42.cloudfront.net\/2024\/03\/AgenceSpatialeRsidencedessables-IMPLANTATION-1920x1273.jpg","banner-width":1920,"banner-height":1273,"block":"https:\/\/d2q6z78khxmx42.cloudfront.net\/2024\/03\/AgenceSpatialeRsidencedessables-IMPLANTATION-900x680.jpg","block-width":900,"block-height":680,"card":"https:\/\/d2q6z78khxmx42.cloudfront.net\/2024\/03\/AgenceSpatialeRsidencedessables-IMPLANTATION-560x495.jpg","card-width":560,"card-height":495,"card-thumbnail":"https:\/\/d2q6z78khxmx42.cloudfront.net\/2024\/03\/AgenceSpatialeRsidencedessables-IMPLANTATION-450x340.jpg","card-thumbnail-width":450,"card-thumbnail-height":340,"conference":"https:\/\/d2q6z78khxmx42.cloudfront.net\/2024\/03\/AgenceSpatialeRsidencedessables-IMPLANTATION-560x250.jpg","conference-width":560,"conference-height":250,"contest":"https:\/\/d2q6z78khxmx42.cloudfront.net\/2024\/03\/AgenceSpatialeRsidencedessables-IMPLANTATION-960x400.jpg","contest-width":960,"contest-height":400,"cta":"https:\/\/d2q6z78khxmx42.cloudfront.net\/2024\/03\/AgenceSpatialeRsidencedessables-IMPLANTATION-415x170.jpg","cta-width":415,"cta-height":170,"exhibitor":"https:\/\/d2q6z78khxmx42.cloudfront.net\/2024\/03\/AgenceSpatialeRsidencedessables-IMPLANTATION-560x560.jpg","exhibitor-width":560,"exhibitor-height":560,"gallery":"https:\/\/d2q6z78khxmx42.cloudfront.net\/2024\/03\/AgenceSpatialeRsidencedessables-IMPLANTATION-560x371.jpg","gallery-width":560,"gallery-height":371,"logo":"https:\/\/d2q6z78khxmx42.cloudfront.net\/2024\/03\/AgenceSpatialeRsidencedessables-IMPLANTATION-151x100.jpg","logo-width":151,"logo-height":100,"masonry":"https:\/\/d2q6z78khxmx42.cloudfront.net\/2024\/03\/AgenceSpatialeRsidencedessables-IMPLANTATION-550x365.jpg","masonry-width":550,"masonry-height":365,"modal":"https:\/\/d2q6z78khxmx42.cloudfront.net\/2024\/03\/qbkC3CE4-AgenceSpatialeRsidencedessables-IMPLANTATION-1920x1273.jpg","modal-width":1920,"modal-height":1273,"number":"https:\/\/d2q6z78khxmx42.cloudfront.net\/2024\/03\/qbkC3CE4-AgenceSpatialeRsidencedessables-IMPLANTATION-560x371.jpg","number-width":560,"number-height":371,"partner":"https:\/\/d2q6z78khxmx42.cloudfront.net\/2024\/03\/AgenceSpatialeRsidencedessables-IMPLANTATION-275x182.jpg","partner-width":275,"partner-height":182,"ranking":"https:\/\/d2q6z78khxmx42.cloudfront.net\/2024\/03\/qbkC3CE4-AgenceSpatialeRsidencedessables-IMPLANTATION-960x540.jpg","ranking-width":960,"ranking-height":540,"schedule":"https:\/\/d2q6z78khxmx42.cloudfront.net\/2024\/03\/AgenceSpatialeRsidencedessables-IMPLANTATION-960x360.jpg","schedule-width":960,"schedule-height":360,"slideshow":"https:\/\/d2q6z78khxmx42.cloudfront.net\/2024\/03\/AgenceSpatialeRsidencedessables-IMPLANTATION-1025x680.jpg","slideshow-width":1025,"slideshow-height":680}}}],"optional_documents":false,"web_text":{"fr":"","en":"","original":"<p>En plein c\u0153ur de Fossambault-sur-le-Lac, la r\u00e9sidence des sables se situe en p\u00e9riph\u00e9rie du lac St-Joseph, plus pr\u00e9cis\u00e9ment au niveau de sa rive Est. Elle s\u2019int\u00e8gre dans un bois\u00e9 couvrant un secteur r\u00e9sidentiel de plusieurs hectares et profite de la densit\u00e9 v\u00e9g\u00e9tale et du d\u00e9nivel\u00e9 prononc\u00e9 qui le caract\u00e9risent.<\/p>\n<p>&nbsp;<\/p>\n<p>Le couple souhaitait une r\u00e9sidence pouvant accueillir leurs enfants sans toutefois axer la conception architecturale sur les caract\u00e9ristiques spatiales du \u2018\u2019nid familial\u2019\u2019. Sachant qu\u2019ils seront plus souvent seuls ou entre amis, l\u2019id\u00e9e est de privil\u00e9gier une diversit\u00e9 de grands espaces de vie ouverts et communicants qui encouragent les \u00e9changes et participent \u00e0 une atmosph\u00e8re festive.<\/p>\n<p>&nbsp;<\/p>\n<p>La r\u00e9sidence s\u2019implante loin des limites du terrain afin d\u2019offrir un isolement optimal au c\u0153ur de la for\u00eat. Un long chemin d\u2019acc\u00e8s en gravier ondule au sein du bois\u00e9 pour relier la construction principale \u00e0 la rue. La r\u00e9sidence principale agit comme un rep\u00e8re autour duquel gravitent un garage d\u00e9tach\u00e9, un espace \u00e0 feu, une yourte ainsi qu\u2019un duo de bassins, chaud et froid.<\/p>\n<p>&nbsp;<\/p>\n<p>Le rez-de-chauss\u00e9e accueille toutes les chambres, les salles de bains, un bureau ainsi qu\u2019un grand salon s\u2019ouvrant sur la terrasse orient\u00e9e \u00e0 l\u2019ouest. Le vestibule d\u2019entr\u00e9e, situ\u00e9 dans l\u2019axe principal de la r\u00e9sidence, est positionn\u00e9 vis-\u00e0-vis de l\u2019escalier menant \u00e0 l\u2019\u00e9tage qui s\u2019av\u00e8re un des espaces les plus illumin\u00e9s de la r\u00e9sidence. Le niveau sup\u00e9rieur accueille la salle \u00e0 manger, la cuisine et un lounge. Cette aire ouverte se veut le prolongement de l\u2019escalier central et du corridor, tous les deux ouverts sur le niveau inf\u00e9rieur qui favorise les vues sur l\u2019ext\u00e9rieur et l\u2019apport de lumi\u00e8re naturelle. Les terrasses ext\u00e9rieures sont nombreuses, plus de 50% du p\u00e9rim\u00e8tre au sol est entour\u00e9 de terrasses et coursives. \u00c0 l\u2019\u00e9tage, une terrasse est am\u00e9nag\u00e9e sur l\u2019extension du lounge et l\u2019autre dans le prolongement de la cuisine. \u00c0 cet effet, la r\u00e9sidence ne privil\u00e9gie pas une seule fa\u00e7ade et offre des points de vue et acc\u00e8s dans toutes les directions pour maximiser le rapport \u00e0 la nature.<\/p>\n<p>&nbsp;<\/p>\n<p>La richesse du paysage \u00e9tant telle qu\u2019aucun point de vue en particulier ne pouvait \u00eatre privil\u00e9gi\u00e9, la r\u00e9sidence se veut sans fa\u00e7ade avant, sans fa\u00e7ade arri\u00e8re, sans c\u00f4t\u00e9. Elle s\u2019affirme cependant en termes de hauteur, les diff\u00e9rents espaces de la r\u00e9sidence proposent des rapports variables \u00e0 l\u2019environnement d\u2019accueil d\u00e9pendamment de leur localisation au sein de ces volumes, donc de leur hauteur par rapport au niveau du sol.<\/p>\n<p>&nbsp;<\/p>\n<p>La maison communique avec son environnement de tous c\u00f4t\u00e9s gr\u00e2ce \u00e0 de larges ouvertures encadr\u00e9es en noir \u00e0 l\u2019int\u00e9rieur, qui accentuent l\u2019effet de cadre. L\u2019agencement en forme de \u2018H\u2019 de la r\u00e9sidence permet \u00e0 la plupart des pi\u00e8ces d\u2019avoir un acc\u00e8s direct \u00e0 l\u2019ext\u00e9rieur.<\/p>\n<p>&nbsp;<\/p>\n<p>\u00c0 l\u2019int\u00e9rieur de ces volumes imbriqu\u00e9s, les pi\u00e8ces sont r\u00e9parties de mani\u00e8re \u00e0 se d\u00e9marquer par leur rapport \u00e0 l\u2019ext\u00e9rieur. Certaines offrent des fen\u00eatres s\u2019\u00e9tirant quasiment du plancher au plafond tandis que d\u2019autres proposent de larges portes-patio ouvrant pleinement l\u2019espace int\u00e9rieur sur l\u2019ext\u00e9rieur. Il s\u2019agit de permettre aux occupants vari\u00e9s leur rapport \u00e0 leur environnement de vie, en fonction de leur humeur, du moment de la journ\u00e9e ou de l\u2019ann\u00e9e.<\/p>\n<p>&nbsp;<\/p>\n<p>Ce projet favorise une approche pr\u00f4nant la qualit\u00e9 de vie pour permettre aux propri\u00e9taires de s\u2019\u00e9panouir et vivre une vie heureuse et en sant\u00e9, o\u00f9 le bien-\u00eatre de l\u2019occupant est mis de l\u2019avant comme environnement durable.<\/p>\n"},"jury_text":[{"category":3643,"fr":"","en":"","original":"<p>La r\u00e9sidence des sables est le fruit d\u2019une synergie unique entre des professionnels de la construction locaux et un couple souhaitant s\u2019investir dans son projet de vie. L\u2019\u00e9nergie des propri\u00e9taires a influenc\u00e9 de mani\u00e8re significative le processus de conception et de construction du projet. L\u2019intention principale \u00e9tait de les accompagner dans un nouveau chapitre de leur vie en dessinant des espaces propices \u00e0 la contemplation, \u00e0 la rencontre et au partage.<\/p>\n<p>&nbsp;<\/p>\n<p>Au niveau de l\u2019implantation, la distance du projet par rapport \u00e0 la rue d\u2019acc\u00e8s a \u00e9t\u00e9 r\u00e9fl\u00e9chie de mani\u00e8re \u00e0 pouvoir se raccorder aux services municipaux, et \u00e9viter des interventions sur la nature telles que des coupes d\u2019arbres non souhait\u00e9es. La composition volum\u00e9trique propose une forme pratiquement carr\u00e9e \u00e9vitant d\u2019induire \u00e0 l\u2019architecture, une direction en plan.\u00a0 Ainsi, la g\u00e9om\u00e9trie a \u00e9t\u00e9 pens\u00e9e \u00e0 360 degr\u00e9s.<\/p>\n<p>&nbsp;<\/p>\n<p>La maison dialogue avec son environnement de tout c\u00f4t\u00e9 par le biais d\u2019ouvertures g\u00e9n\u00e9reuses d\u00e9limit\u00e9es par des cadres et meneaux, dont la couleur noire, c\u00f4t\u00e9 int\u00e9rieur, cherche \u00e0 accentuer l\u2019effet de cadrage. Le principe de d\u00e9croch\u00e9 en plan (plan en forme de \u2018\u2019H\u2019\u2019) est utilis\u00e9 pour permettre \u00e0 la majorit\u00e9 des pi\u00e8ces un contact direct avec l\u2019ext\u00e9rieur. Le plan des espaces se d\u00e9plie \u00e0 partir de l\u2019escalier central pour augmenter la surface de murs ext\u00e9rieurs et ne laisser aucun espace non-technique sans un apport direct g\u00e9n\u00e9reux de lumi\u00e8re naturelle.<\/p>\n<p>&nbsp;<\/p>\n<p>Le choix des mat\u00e9riaux ext\u00e9rieurs s\u2019inscrit dans une d\u00e9marche visant la cr\u00e9ation d\u2019un havre de paix qui se fond naturellement dans son paysage. L\u2019objectif principal est de proposer une construction r\u00e9sistante aux intemp\u00e9ries et aux param\u00e8tres environnementaux d\u2019un contexte bois\u00e9 exigeant. Le choix s\u2019arr\u00eate sur des mat\u00e9riaux robustes et durables tels que l\u2019aluminium, le bois composite et l\u2019acier. Un rev\u00eatement de clins beige a \u00e9t\u00e9 s\u00e9lectionn\u00e9 pour envelopper l\u2019\u00e9tage du rez-de-chauss\u00e9e, s\u2019\u00e9tirant \u00e0 l\u2019horizontale. Les couleurs d\u2019aluminium et d\u2019acier sont utilis\u00e9es pour les portes, les fen\u00eatres, les pliages et panneaux muraux. Ces surfaces lisses adoucissent certaines surfaces et marquent de mani\u00e8re franche les marquises, les colonnes et les ouvertures. L\u2019objectif est de proposer des finis vari\u00e9s, sans textures, aux teintes douces qui s\u2019harmonisent avec la nature rocailleuse du site.<\/p>\n"}],"different_jury_text":true,"different_category_text":false},"laureats":[{"cat_id":3643,"cat_id_laureat":4025,"laureat":"Certification Or"}],"contest_id":"119061","contest_title":"GRANDS PRIX DU DESIGN \u2013 17e \u00e9dition","firms":[],"user":{"email":"eulalie.lecoq@agencespatiale.ca","first_name":"Eulalie","last_name":"Lecoq"},"doc_texts_web":{"fr":"<p>En plein c\u0153ur de Fossambault-sur-le-Lac, la r\u00e9sidence des sables se situe en p\u00e9riph\u00e9rie du lac St-Joseph, plus pr\u00e9cis\u00e9ment au niveau de sa rive Est. Elle s\u2019int\u00e8gre dans un bois\u00e9 couvrant un secteur r\u00e9sidentiel de plusieurs hectares et profite de la densit\u00e9 v\u00e9g\u00e9tale et du d\u00e9nivel\u00e9 prononc\u00e9 qui le caract\u00e9risent.<\/p>\n<p>&nbsp;<\/p>\n<p>Le couple souhaitait une r\u00e9sidence pouvant accueillir leurs enfants sans toutefois axer la conception architecturale sur les caract\u00e9ristiques spatiales du \u2018\u2019nid familial\u2019\u2019. Sachant qu\u2019ils seront plus souvent seuls ou entre amis, l\u2019id\u00e9e est de privil\u00e9gier une diversit\u00e9 de grands espaces de vie ouverts et communicants qui encouragent les \u00e9changes et participent \u00e0 une atmosph\u00e8re festive.<\/p>\n<p>&nbsp;<\/p>\n<p>La r\u00e9sidence s\u2019implante loin des limites du terrain afin d\u2019offrir un isolement optimal au c\u0153ur de la for\u00eat. Un long chemin d\u2019acc\u00e8s en gravier ondule au sein du bois\u00e9 pour relier la construction principale \u00e0 la rue. La r\u00e9sidence principale agit comme un rep\u00e8re autour duquel gravitent un garage d\u00e9tach\u00e9, un espace \u00e0 feu, une yourte ainsi qu\u2019un duo de bassins, chaud et froid.<\/p>\n<p>&nbsp;<\/p>\n<p>Le rez-de-chauss\u00e9e accueille toutes les chambres, les salles de bains, un bureau ainsi qu\u2019un grand salon s\u2019ouvrant sur la terrasse orient\u00e9e \u00e0 l\u2019ouest. Le vestibule d\u2019entr\u00e9e, situ\u00e9 dans l\u2019axe principal de la r\u00e9sidence, est positionn\u00e9 vis-\u00e0-vis de l\u2019escalier menant \u00e0 l\u2019\u00e9tage qui s\u2019av\u00e8re un des espaces les plus illumin\u00e9s de la r\u00e9sidence. Le niveau sup\u00e9rieur accueille la salle \u00e0 manger, la cuisine et un lounge. Cette aire ouverte se veut le prolongement de l\u2019escalier central et du corridor, tous les deux ouverts sur le niveau inf\u00e9rieur qui favorise les vues sur l\u2019ext\u00e9rieur et l\u2019apport de lumi\u00e8re naturelle. Les terrasses ext\u00e9rieures sont nombreuses, plus de 50% du p\u00e9rim\u00e8tre au sol est entour\u00e9 de terrasses et coursives. \u00c0 l\u2019\u00e9tage, une terrasse est am\u00e9nag\u00e9e sur l\u2019extension du lounge et l\u2019autre dans le prolongement de la cuisine. \u00c0 cet effet, la r\u00e9sidence ne privil\u00e9gie pas une seule fa\u00e7ade et offre des points de vue et acc\u00e8s dans toutes les directions pour maximiser le rapport \u00e0 la nature.<\/p>\n<p>&nbsp;<\/p>\n<p>La richesse du paysage \u00e9tant telle qu\u2019aucun point de vue en particulier ne pouvait \u00eatre privil\u00e9gi\u00e9, la r\u00e9sidence se veut sans fa\u00e7ade avant, sans fa\u00e7ade arri\u00e8re, sans c\u00f4t\u00e9. Elle s\u2019affirme cependant en termes de hauteur, les diff\u00e9rents espaces de la r\u00e9sidence proposent des rapports variables \u00e0 l\u2019environnement d\u2019accueil d\u00e9pendamment de leur localisation au sein de ces volumes, donc de leur hauteur par rapport au niveau du sol.<\/p>\n<p>&nbsp;<\/p>\n<p>La maison communique avec son environnement de tous c\u00f4t\u00e9s gr\u00e2ce \u00e0 de larges ouvertures encadr\u00e9es en noir \u00e0 l\u2019int\u00e9rieur, qui accentuent l\u2019effet de cadre. L\u2019agencement en forme de \u2018H\u2019 de la r\u00e9sidence permet \u00e0 la plupart des pi\u00e8ces d\u2019avoir un acc\u00e8s direct \u00e0 l\u2019ext\u00e9rieur.<\/p>\n<p>&nbsp;<\/p>\n<p>\u00c0 l\u2019int\u00e9rieur de ces volumes imbriqu\u00e9s, les pi\u00e8ces sont r\u00e9parties de mani\u00e8re \u00e0 se d\u00e9marquer par leur rapport \u00e0 l\u2019ext\u00e9rieur. Certaines offrent des fen\u00eatres s\u2019\u00e9tirant quasiment du plancher au plafond tandis que d\u2019autres proposent de larges portes-patio ouvrant pleinement l\u2019espace int\u00e9rieur sur l\u2019ext\u00e9rieur. Il s\u2019agit de permettre aux occupants vari\u00e9s leur rapport \u00e0 leur environnement de vie, en fonction de leur humeur, du moment de la journ\u00e9e ou de l\u2019ann\u00e9e.<\/p>\n<p>&nbsp;<\/p>\n<p>Ce projet favorise une approche pr\u00f4nant la qualit\u00e9 de vie pour permettre aux propri\u00e9taires de s\u2019\u00e9panouir et vivre une vie heureuse et en sant\u00e9, o\u00f9 le bien-\u00eatre de l\u2019occupant est mis de l\u2019avant comme environnement durable.<\/p>\n","en":"<p>In the heart of Fossambault-sur-le-Lac, r\u00e9sidence des sables is located on the outskirts of Lac St-Joseph, more precisely on its eastern shore. It blends into a wooded area covering a residential sector of several hectares, and benefiting from the dense vegetation and steep slopes that characterize the site.<\/p>\n<p>The couple wanted a residence that could accommodate their children without focusing the architectural design solely on the spatial characteristics of the \u00ab\u00a0family nest\u00a0\u00bb. Knowing that they will often be alone or with friends, the idea is to prioritize a diversity of large, open, and interconnected living spaces that encourage exchanges and contribute to a festive atmosphere.<\/p>\n<p>The residence is built away from the boundaries of the site, offering optimal seclusion in the heart of the forest. A long gravel access road winds through the woods, linking the main building to the street. The main residence acts as a focal point around which revolve a detached garage, a fire pit, a yurt, and a pair of hot and cold tubs.<\/p>\n<p>The first floor houses all bedrooms, bathrooms, an office, and a large living room opening onto the west-facing terrace. The entrance vestibule, located in the main axis of the residence, is positioned opposite the staircase leading to the first floor, which is one of the brightest spaces in the residence. The upper level houses the dining room, kitchen, and lounge. This open-plan area is an extension of the central staircase and corridor, both of which open onto the lower level, offering outdoor views and natural light. Outdoor terraces abound, with more than 50% of the floor area surrounded by terraces and walkways. On the upper floor, one terrace is located on the lounge extension and the other extends from the kitchen. Thus, the residence does not focus on a single facade, offering views and access in all directions to maximize the relationship with nature.<\/p>\n<p>The richness of the landscape is such that no single viewpoint could be favored; the residence has no front, back, or side. However, it asserts itself in terms of height, with the various spaces of the residence offering different relationships to the surrounding environment depending on their location within these volumes and therefore their height above ground level.<\/p>\n<p>The house communicates with its surroundings on all sides, thanks to large black-framed openings in the interior, which accentuate the framing effect. The H-shaped layout of the residence gives most rooms direct access to the outside.<\/p>\n<p>Within these interlocking volumes, the rooms are distributed in such a way as to distinguish themselves by their relationship to the exterior. Some have floor-to-ceiling windows, while others feature large patio doors that open the interior space to the outside. The aim is to enable occupants to vary their relationship with their living environment, depending on their mood, the time of day, or the year.<\/p>\n<p>This project favors a quality-of-life approach to enable homeowners to flourish and live happy, healthy lives, where the occupant\u2019s well-being is prioritized as a sustainable environment.<\/p>\n<p>&nbsp;<\/p>\n"},"permalinks":{"fr":"https:\/\/int.design\/fr\/projets\/residence-des-sables\/","en":"https:\/\/int.design\/en\/projects\/residence-des-sables\/"},"titles":{"fr":"R\u00e9sidence des sables","en":"R\u00e9sidence des sables"},"wp_fields":[],"laravel_id":""},"_links":{"self":[{"href":"https:\/\/int.design\/fr\/wp-json\/wp\/v2\/project\/122301","targetHints":{"allow":["GET"]}}],"collection":[{"href":"https:\/\/int.design\/fr\/wp-json\/wp\/v2\/project"}],"about":[{"href":"https:\/\/int.design\/fr\/wp-json\/wp\/v2\/types\/project"}],"wp:attachment":[{"href":"https:\/\/int.design\/fr\/wp-json\/wp\/v2\/media?parent=122301"}],"curies":[{"name":"wp","href":"https:\/\/api.w.org\/{rel}","templated":true}]}}