{"id":120324,"date":"2023-09-26T14:45:41","date_gmt":"2023-09-26T18:45:41","guid":{"rendered":"https:\/\/int.design\/?post_type=project&#038;p=120324"},"modified":"2023-09-26T14:45:41","modified_gmt":"2023-09-26T18:45:41","slug":"house-of-rohl-presente-barcelona-par-victoria-albert","status":"publish","type":"project","link":"https:\/\/int.design\/fr\/projets\/house-of-rohl-presente-barcelona-par-victoria-albert\/","title":{"rendered":"House of Rohl pr\u00e9sente Barcelona par Victoria + Albert"},"content":{"rendered":"","protected":false},"template":"","class_list":["post-120324","project","type-project","status-publish","hentry"],"acf":[],"yoast_head":"<!-- This site is optimized with the Yoast SEO plugin v21.5 - https:\/\/yoast.com\/wordpress\/plugins\/seo\/ -->\n<title>House of Rohl pr\u00e9sente Barcelona par Victoria + Albert - INT Design<\/title>\n<meta name=\"robots\" content=\"index, follow, max-snippet:-1, max-image-preview:large, max-video-preview:-1\" \/>\n<link rel=\"canonical\" href=\"https:\/\/int.design\/fr\/projets\/house-of-rohl-presente-barcelona-par-victoria-albert\/\" \/>\n<meta property=\"og:locale\" content=\"fr_FR\" \/>\n<meta property=\"og:type\" content=\"article\" \/>\n<meta property=\"og:title\" content=\"House of Rohl pr\u00e9sente Barcelona par Victoria + Albert - INT Design\" \/>\n<meta property=\"og:url\" content=\"https:\/\/int.design\/fr\/projets\/house-of-rohl-presente-barcelona-par-victoria-albert\/\" \/>\n<meta property=\"og:site_name\" content=\"INT Design\" \/>\n<meta name=\"twitter:card\" content=\"summary_large_image\" \/>\n<script type=\"application\/ld+json\" class=\"yoast-schema-graph\">{\"@context\":\"https:\/\/schema.org\",\"@graph\":[{\"@type\":\"WebPage\",\"@id\":\"https:\/\/int.design\/fr\/projets\/house-of-rohl-presente-barcelona-par-victoria-albert\/\",\"url\":\"https:\/\/int.design\/fr\/projets\/house-of-rohl-presente-barcelona-par-victoria-albert\/\",\"name\":\"House of Rohl pr\u00e9sente Barcelona par Victoria + Albert - INT Design\",\"isPartOf\":{\"@id\":\"https:\/\/int.design\/fr\/#website\"},\"datePublished\":\"2023-09-26T18:45:41+00:00\",\"dateModified\":\"2023-09-26T18:45:41+00:00\",\"breadcrumb\":{\"@id\":\"https:\/\/int.design\/fr\/projets\/house-of-rohl-presente-barcelona-par-victoria-albert\/#breadcrumb\"},\"inLanguage\":\"fr-FR\",\"potentialAction\":[{\"@type\":\"ReadAction\",\"target\":[\"https:\/\/int.design\/fr\/projets\/house-of-rohl-presente-barcelona-par-victoria-albert\/\"]}]},{\"@type\":\"BreadcrumbList\",\"@id\":\"https:\/\/int.design\/fr\/projets\/house-of-rohl-presente-barcelona-par-victoria-albert\/#breadcrumb\",\"itemListElement\":[{\"@type\":\"ListItem\",\"position\":1,\"name\":\"Home\",\"item\":\"https:\/\/int.design\/fr\/\"},{\"@type\":\"ListItem\",\"position\":2,\"name\":\"Projects\",\"item\":\"https:\/\/int.design\/en\/projects\/\"},{\"@type\":\"ListItem\",\"position\":3,\"name\":\"House of Rohl pr\u00e9sente Barcelona par Victoria + Albert\"}]},{\"@type\":\"WebSite\",\"@id\":\"https:\/\/int.design\/fr\/#website\",\"url\":\"https:\/\/int.design\/fr\/\",\"name\":\"INT Design\",\"description\":\"\",\"potentialAction\":[{\"@type\":\"SearchAction\",\"target\":{\"@type\":\"EntryPoint\",\"urlTemplate\":\"https:\/\/int.design\/fr\/?s={search_term_string}\"},\"query-input\":\"required name=search_term_string\"}],\"inLanguage\":\"fr-FR\"}]}<\/script>\n<!-- \/ Yoast SEO plugin. -->","yoast_head_json":{"title":"House of Rohl pr\u00e9sente Barcelona par Victoria + Albert - INT Design","robots":{"index":"index","follow":"follow","max-snippet":"max-snippet:-1","max-image-preview":"max-image-preview:large","max-video-preview":"max-video-preview:-1"},"canonical":"https:\/\/int.design\/fr\/projets\/house-of-rohl-presente-barcelona-par-victoria-albert\/","og_locale":"fr_FR","og_type":"article","og_title":"House of Rohl pr\u00e9sente Barcelona par Victoria + Albert - INT Design","og_url":"https:\/\/int.design\/fr\/projets\/house-of-rohl-presente-barcelona-par-victoria-albert\/","og_site_name":"INT Design","twitter_card":"summary_large_image","schema":{"@context":"https:\/\/schema.org","@graph":[{"@type":"WebPage","@id":"https:\/\/int.design\/fr\/projets\/house-of-rohl-presente-barcelona-par-victoria-albert\/","url":"https:\/\/int.design\/fr\/projets\/house-of-rohl-presente-barcelona-par-victoria-albert\/","name":"House of Rohl pr\u00e9sente Barcelona par Victoria + Albert - INT Design","isPartOf":{"@id":"https:\/\/int.design\/fr\/#website"},"datePublished":"2023-09-26T18:45:41+00:00","dateModified":"2023-09-26T18:45:41+00:00","breadcrumb":{"@id":"https:\/\/int.design\/fr\/projets\/house-of-rohl-presente-barcelona-par-victoria-albert\/#breadcrumb"},"inLanguage":"fr-FR","potentialAction":[{"@type":"ReadAction","target":["https:\/\/int.design\/fr\/projets\/house-of-rohl-presente-barcelona-par-victoria-albert\/"]}]},{"@type":"BreadcrumbList","@id":"https:\/\/int.design\/fr\/projets\/house-of-rohl-presente-barcelona-par-victoria-albert\/#breadcrumb","itemListElement":[{"@type":"ListItem","position":1,"name":"Home","item":"https:\/\/int.design\/fr\/"},{"@type":"ListItem","position":2,"name":"Projects","item":"https:\/\/int.design\/en\/projects\/"},{"@type":"ListItem","position":3,"name":"House of Rohl pr\u00e9sente Barcelona par Victoria + Albert"}]},{"@type":"WebSite","@id":"https:\/\/int.design\/fr\/#website","url":"https:\/\/int.design\/fr\/","name":"INT Design","description":"","potentialAction":[{"@type":"SearchAction","target":{"@type":"EntryPoint","urlTemplate":"https:\/\/int.design\/fr\/?s={search_term_string}"},"query-input":"required name=search_term_string"}],"inLanguage":"fr-FR"}]}},"entry":{"cats":{"disciplines":[],"big_cats":[],"sub_cats":[]},"entry":{"":null,"status":"completed","winner_title":"","winner_prize_lang":"fr","title_translatable":false,"title_en":"","title_fr":"","releve_award":false,"releve_award_cv":false,"collaboration":false,"collaboration_firms":false,"other_firms":false,"owner":{"name":"","confidential":false,"website":"","contact_name":"","email":"","phone":""},"address":{"address":"","city":"","region":"","province":"","country":"","postal_code":""},"logos":false,"use_logo":false,"designers":false,"cover":[{"categories":false,"credit":"","image":{"ID":120386,"id":120386,"title":"THE-HOUSE-OF-ROHL_BATHROOM_LOMBARDIA_L_001","filename":"6_THE-HOUSE-OF-ROHL_BATHROOM_LOMBARDIA_L_001.png","filesize":40754122,"url":"https:\/\/d2q6z78khxmx42.cloudfront.net\/2023\/09\/6_THE-HOUSE-OF-ROHL_BATHROOM_LOMBARDIA_L_001.png","link":"https:\/\/int.design\/fr\/projets\/house-of-rohl-presente-barcelona-par-victoria-albert\/the-house-of-rohl_bathroom_lombardia_l_001-2\/","alt":"","author":"1130","description":"House of Rohl pr\u00e9sente Barcelona par Victoria + Albert ","caption":"","name":"the-house-of-rohl_bathroom_lombardia_l_001-2","status":"inherit","uploaded_to":120324,"date":"2023-09-26 17:10:37","modified":"2025-08-22 19:12:55","menu_order":0,"mime_type":"image\/png","type":"image","subtype":"png","icon":"https:\/\/int.design\/wp-includes\/images\/media\/default.png","width":6000,"height":4000,"sizes":{"thumbnail":"https:\/\/d2q6z78khxmx42.cloudfront.net\/2023\/09\/6_THE-HOUSE-OF-ROHL_BATHROOM_LOMBARDIA_L_001-150x150.png","thumbnail-width":150,"thumbnail-height":150,"medium":"https:\/\/d2q6z78khxmx42.cloudfront.net\/2023\/09\/6_THE-HOUSE-OF-ROHL_BATHROOM_LOMBARDIA_L_001-300x200.png","medium-width":300,"medium-height":200,"medium_large":"https:\/\/d2q6z78khxmx42.cloudfront.net\/2023\/09\/6_THE-HOUSE-OF-ROHL_BATHROOM_LOMBARDIA_L_001-768x512.png","medium_large-width":768,"medium_large-height":512,"large":"https:\/\/d2q6z78khxmx42.cloudfront.net\/2023\/09\/6_THE-HOUSE-OF-ROHL_BATHROOM_LOMBARDIA_L_001-1024x683.png","large-width":1024,"large-height":683,"1536x1536":"https:\/\/d2q6z78khxmx42.cloudfront.net\/2023\/09\/6_THE-HOUSE-OF-ROHL_BATHROOM_LOMBARDIA_L_001-1536x1024.png","1536x1536-width":1536,"1536x1536-height":1024,"2048x2048":"https:\/\/d2q6z78khxmx42.cloudfront.net\/2023\/09\/6_THE-HOUSE-OF-ROHL_BATHROOM_LOMBARDIA_L_001-2048x1365.png","2048x2048-width":2048,"2048x2048-height":1365,"article":"https:\/\/d2q6z78khxmx42.cloudfront.net\/2023\/09\/6_THE-HOUSE-OF-ROHL_BATHROOM_LOMBARDIA_L_001-960x540.png","article-width":960,"article-height":540,"banner":"https:\/\/d2q6z78khxmx42.cloudfront.net\/2023\/09\/6_THE-HOUSE-OF-ROHL_BATHROOM_LOMBARDIA_L_001-1920x1280.png","banner-width":1920,"banner-height":1280,"block":"https:\/\/d2q6z78khxmx42.cloudfront.net\/2023\/09\/6_THE-HOUSE-OF-ROHL_BATHROOM_LOMBARDIA_L_001-900x680.png","block-width":900,"block-height":680,"card":"https:\/\/d2q6z78khxmx42.cloudfront.net\/2023\/09\/6_THE-HOUSE-OF-ROHL_BATHROOM_LOMBARDIA_L_001-560x495.png","card-width":560,"card-height":495,"card-thumbnail":"https:\/\/d2q6z78khxmx42.cloudfront.net\/2023\/09\/6_THE-HOUSE-OF-ROHL_BATHROOM_LOMBARDIA_L_001-450x340.png","card-thumbnail-width":450,"card-thumbnail-height":340,"conference":"https:\/\/d2q6z78khxmx42.cloudfront.net\/2023\/09\/6_THE-HOUSE-OF-ROHL_BATHROOM_LOMBARDIA_L_001-560x250.png","conference-width":560,"conference-height":250,"contest":"https:\/\/d2q6z78khxmx42.cloudfront.net\/2023\/09\/6_THE-HOUSE-OF-ROHL_BATHROOM_LOMBARDIA_L_001-960x400.png","contest-width":960,"contest-height":400,"cta":"https:\/\/d2q6z78khxmx42.cloudfront.net\/2023\/09\/6_THE-HOUSE-OF-ROHL_BATHROOM_LOMBARDIA_L_001-415x170.png","cta-width":415,"cta-height":170,"exhibitor":"https:\/\/d2q6z78khxmx42.cloudfront.net\/2023\/09\/6_THE-HOUSE-OF-ROHL_BATHROOM_LOMBARDIA_L_001-560x560.png","exhibitor-width":560,"exhibitor-height":560,"gallery":"https:\/\/d2q6z78khxmx42.cloudfront.net\/2023\/09\/6_THE-HOUSE-OF-ROHL_BATHROOM_LOMBARDIA_L_001-560x373.png","gallery-width":560,"gallery-height":373,"logo":"https:\/\/d2q6z78khxmx42.cloudfront.net\/2023\/09\/6_THE-HOUSE-OF-ROHL_BATHROOM_LOMBARDIA_L_001-150x100.png","logo-width":150,"logo-height":100,"masonry":"https:\/\/d2q6z78khxmx42.cloudfront.net\/2023\/09\/6_THE-HOUSE-OF-ROHL_BATHROOM_LOMBARDIA_L_001-550x367.png","masonry-width":550,"masonry-height":367,"modal":"https:\/\/d2q6z78khxmx42.cloudfront.net\/2023\/09\/LtGOAmwe-6_THE-HOUSE-OF-ROHL_BATHROOM_LOMBARDIA_L_001-1920x1280.png","modal-width":1920,"modal-height":1280,"number":"https:\/\/d2q6z78khxmx42.cloudfront.net\/2023\/09\/LtGOAmwe-6_THE-HOUSE-OF-ROHL_BATHROOM_LOMBARDIA_L_001-560x373.png","number-width":560,"number-height":373,"partner":"https:\/\/d2q6z78khxmx42.cloudfront.net\/2023\/09\/6_THE-HOUSE-OF-ROHL_BATHROOM_LOMBARDIA_L_001-275x183.png","partner-width":275,"partner-height":183,"ranking":"https:\/\/d2q6z78khxmx42.cloudfront.net\/2023\/09\/LtGOAmwe-6_THE-HOUSE-OF-ROHL_BATHROOM_LOMBARDIA_L_001-960x540.png","ranking-width":960,"ranking-height":540,"schedule":"https:\/\/d2q6z78khxmx42.cloudfront.net\/2023\/09\/6_THE-HOUSE-OF-ROHL_BATHROOM_LOMBARDIA_L_001-960x360.png","schedule-width":960,"schedule-height":360,"slideshow":"https:\/\/d2q6z78khxmx42.cloudfront.net\/2023\/09\/6_THE-HOUSE-OF-ROHL_BATHROOM_LOMBARDIA_L_001-1020x680.png","slideshow-width":1020,"slideshow-height":680}},"filters":false,"suppliers":false,"attachment_category":[]}],"images":[{"categories":false,"credit":"","image":{"ID":120393,"id":120393,"title":"THE-HOUSE-OF-ROHL_BATHROOM_LOMBARDIA_P_004","filename":"6_THE-HOUSE-OF-ROHL_BATHROOM_LOMBARDIA_P_004-scaled.jpg","filesize":1403791,"url":"https:\/\/d2q6z78khxmx42.cloudfront.net\/2023\/09\/6_THE-HOUSE-OF-ROHL_BATHROOM_LOMBARDIA_P_004-scaled.jpg","link":"https:\/\/int.design\/fr\/projets\/house-of-rohl-presente-barcelona-par-victoria-albert\/the-house-of-rohl_bathroom_lombardia_p_004-2\/","alt":"","author":"1130","description":"House of Rohl pr\u00e9sente Barcelona par Victoria + Albert ","caption":"","name":"the-house-of-rohl_bathroom_lombardia_p_004-2","status":"inherit","uploaded_to":120324,"date":"2023-09-26 18:03:21","modified":"2025-08-22 19:12:55","menu_order":0,"mime_type":"image\/jpeg","type":"image","subtype":"jpeg","icon":"https:\/\/int.design\/wp-includes\/images\/media\/default.png","width":2560,"height":2560,"sizes":{"thumbnail":"https:\/\/d2q6z78khxmx42.cloudfront.net\/2023\/09\/6_THE-HOUSE-OF-ROHL_BATHROOM_LOMBARDIA_P_004-150x150.jpg","thumbnail-width":150,"thumbnail-height":150,"medium":"https:\/\/d2q6z78khxmx42.cloudfront.net\/2023\/09\/6_THE-HOUSE-OF-ROHL_BATHROOM_LOMBARDIA_P_004-300x300.jpg","medium-width":300,"medium-height":300,"medium_large":"https:\/\/d2q6z78khxmx42.cloudfront.net\/2023\/09\/6_THE-HOUSE-OF-ROHL_BATHROOM_LOMBARDIA_P_004-768x768.jpg","medium_large-width":768,"medium_large-height":768,"large":"https:\/\/d2q6z78khxmx42.cloudfront.net\/2023\/09\/6_THE-HOUSE-OF-ROHL_BATHROOM_LOMBARDIA_P_004-1024x1024.jpg","large-width":1024,"large-height":1024,"1536x1536":"https:\/\/d2q6z78khxmx42.cloudfront.net\/2023\/09\/6_THE-HOUSE-OF-ROHL_BATHROOM_LOMBARDIA_P_004-1536x1536.jpg","1536x1536-width":1536,"1536x1536-height":1536,"2048x2048":"https:\/\/d2q6z78khxmx42.cloudfront.net\/2023\/09\/6_THE-HOUSE-OF-ROHL_BATHROOM_LOMBARDIA_P_004-2048x2048.jpg","2048x2048-width":2048,"2048x2048-height":2048,"article":"https:\/\/d2q6z78khxmx42.cloudfront.net\/2023\/09\/6_THE-HOUSE-OF-ROHL_BATHROOM_LOMBARDIA_P_004-960x540.jpg","article-width":960,"article-height":540,"banner":"https:\/\/d2q6z78khxmx42.cloudfront.net\/2023\/09\/6_THE-HOUSE-OF-ROHL_BATHROOM_LOMBARDIA_P_004-1920x1920.jpg","banner-width":1920,"banner-height":1920,"block":"https:\/\/d2q6z78khxmx42.cloudfront.net\/2023\/09\/6_THE-HOUSE-OF-ROHL_BATHROOM_LOMBARDIA_P_004-900x680.jpg","block-width":900,"block-height":680,"card":"https:\/\/d2q6z78khxmx42.cloudfront.net\/2023\/09\/6_THE-HOUSE-OF-ROHL_BATHROOM_LOMBARDIA_P_004-560x495.jpg","card-width":560,"card-height":495,"card-thumbnail":"https:\/\/d2q6z78khxmx42.cloudfront.net\/2023\/09\/6_THE-HOUSE-OF-ROHL_BATHROOM_LOMBARDIA_P_004-450x340.jpg","card-thumbnail-width":450,"card-thumbnail-height":340,"conference":"https:\/\/d2q6z78khxmx42.cloudfront.net\/2023\/09\/6_THE-HOUSE-OF-ROHL_BATHROOM_LOMBARDIA_P_004-560x250.jpg","conference-width":560,"conference-height":250,"contest":"https:\/\/d2q6z78khxmx42.cloudfront.net\/2023\/09\/6_THE-HOUSE-OF-ROHL_BATHROOM_LOMBARDIA_P_004-960x400.jpg","contest-width":960,"contest-height":400,"cta":"https:\/\/d2q6z78khxmx42.cloudfront.net\/2023\/09\/6_THE-HOUSE-OF-ROHL_BATHROOM_LOMBARDIA_P_004-415x170.jpg","cta-width":415,"cta-height":170,"exhibitor":"https:\/\/d2q6z78khxmx42.cloudfront.net\/2023\/09\/6_THE-HOUSE-OF-ROHL_BATHROOM_LOMBARDIA_P_004-560x560.jpg","exhibitor-width":560,"exhibitor-height":560,"gallery":"https:\/\/d2q6z78khxmx42.cloudfront.net\/2023\/09\/6_THE-HOUSE-OF-ROHL_BATHROOM_LOMBARDIA_P_004-430x430.jpg","gallery-width":430,"gallery-height":430,"logo":"https:\/\/d2q6z78khxmx42.cloudfront.net\/2023\/09\/6_THE-HOUSE-OF-ROHL_BATHROOM_LOMBARDIA_P_004-100x100.jpg","logo-width":100,"logo-height":100,"masonry":"https:\/\/d2q6z78khxmx42.cloudfront.net\/2023\/09\/6_THE-HOUSE-OF-ROHL_BATHROOM_LOMBARDIA_P_004-550x550.jpg","masonry-width":550,"masonry-height":550,"modal":"https:\/\/d2q6z78khxmx42.cloudfront.net\/2023\/09\/mNbVr8nU-6_THE-HOUSE-OF-ROHL_BATHROOM_LOMBARDIA_P_004-1920x1920.jpg","modal-width":1920,"modal-height":1920,"number":"https:\/\/d2q6z78khxmx42.cloudfront.net\/2023\/09\/mNbVr8nU-6_THE-HOUSE-OF-ROHL_BATHROOM_LOMBARDIA_P_004-430x430.jpg","number-width":430,"number-height":430,"partner":"https:\/\/d2q6z78khxmx42.cloudfront.net\/2023\/09\/6_THE-HOUSE-OF-ROHL_BATHROOM_LOMBARDIA_P_004-210x210.jpg","partner-width":210,"partner-height":210,"ranking":"https:\/\/d2q6z78khxmx42.cloudfront.net\/2023\/09\/mNbVr8nU-6_THE-HOUSE-OF-ROHL_BATHROOM_LOMBARDIA_P_004-960x540.jpg","ranking-width":960,"ranking-height":540,"schedule":"https:\/\/d2q6z78khxmx42.cloudfront.net\/2023\/09\/6_THE-HOUSE-OF-ROHL_BATHROOM_LOMBARDIA_P_004-960x360.jpg","schedule-width":960,"schedule-height":360,"slideshow":"https:\/\/d2q6z78khxmx42.cloudfront.net\/2023\/09\/6_THE-HOUSE-OF-ROHL_BATHROOM_LOMBARDIA_P_004-680x680.jpg","slideshow-width":680,"slideshow-height":680}},"filters":false,"suppliers":false,"attachment_category":[]},{"categories":false,"credit":"","image":{"ID":120394,"id":120394,"title":"THE-HOUSE-OF-ROHL_BATHROOM_LOMBARDIA_L_002","filename":"8_THE-HOUSE-OF-ROHL_BATHROOM_LOMBARDIA_L_002.png","filesize":37273818,"url":"https:\/\/d2q6z78khxmx42.cloudfront.net\/2023\/09\/8_THE-HOUSE-OF-ROHL_BATHROOM_LOMBARDIA_L_002.png","link":"https:\/\/int.design\/fr\/projets\/house-of-rohl-presente-barcelona-par-victoria-albert\/the-house-of-rohl_bathroom_lombardia_l_002-4\/","alt":"","author":"1130","description":"House of Rohl pr\u00e9sente Barcelona par Victoria + Albert ","caption":"","name":"the-house-of-rohl_bathroom_lombardia_l_002-4","status":"inherit","uploaded_to":120324,"date":"2023-09-26 18:04:07","modified":"2025-08-22 19:12:55","menu_order":0,"mime_type":"image\/png","type":"image","subtype":"png","icon":"https:\/\/int.design\/wp-includes\/images\/media\/default.png","width":6000,"height":4000,"sizes":{"thumbnail":"https:\/\/d2q6z78khxmx42.cloudfront.net\/2023\/09\/8_THE-HOUSE-OF-ROHL_BATHROOM_LOMBARDIA_L_002-150x150.png","thumbnail-width":150,"thumbnail-height":150,"medium":"https:\/\/d2q6z78khxmx42.cloudfront.net\/2023\/09\/8_THE-HOUSE-OF-ROHL_BATHROOM_LOMBARDIA_L_002-300x200.png","medium-width":300,"medium-height":200,"medium_large":"https:\/\/d2q6z78khxmx42.cloudfront.net\/2023\/09\/8_THE-HOUSE-OF-ROHL_BATHROOM_LOMBARDIA_L_002-768x512.png","medium_large-width":768,"medium_large-height":512,"large":"https:\/\/d2q6z78khxmx42.cloudfront.net\/2023\/09\/8_THE-HOUSE-OF-ROHL_BATHROOM_LOMBARDIA_L_002-1024x683.png","large-width":1024,"large-height":683,"1536x1536":"https:\/\/d2q6z78khxmx42.cloudfront.net\/2023\/09\/8_THE-HOUSE-OF-ROHL_BATHROOM_LOMBARDIA_L_002-1536x1024.png","1536x1536-width":1536,"1536x1536-height":1024,"2048x2048":"https:\/\/d2q6z78khxmx42.cloudfront.net\/2023\/09\/8_THE-HOUSE-OF-ROHL_BATHROOM_LOMBARDIA_L_002-2048x1365.png","2048x2048-width":2048,"2048x2048-height":1365,"article":"https:\/\/d2q6z78khxmx42.cloudfront.net\/2023\/09\/8_THE-HOUSE-OF-ROHL_BATHROOM_LOMBARDIA_L_002-960x540.png","article-width":960,"article-height":540,"banner":"https:\/\/d2q6z78khxmx42.cloudfront.net\/2023\/09\/8_THE-HOUSE-OF-ROHL_BATHROOM_LOMBARDIA_L_002-1920x1280.png","banner-width":1920,"banner-height":1280,"block":"https:\/\/d2q6z78khxmx42.cloudfront.net\/2023\/09\/8_THE-HOUSE-OF-ROHL_BATHROOM_LOMBARDIA_L_002-900x680.png","block-width":900,"block-height":680,"card":"https:\/\/d2q6z78khxmx42.cloudfront.net\/2023\/09\/8_THE-HOUSE-OF-ROHL_BATHROOM_LOMBARDIA_L_002-560x495.png","card-width":560,"card-height":495,"card-thumbnail":"https:\/\/d2q6z78khxmx42.cloudfront.net\/2023\/09\/8_THE-HOUSE-OF-ROHL_BATHROOM_LOMBARDIA_L_002-450x340.png","card-thumbnail-width":450,"card-thumbnail-height":340,"conference":"https:\/\/d2q6z78khxmx42.cloudfront.net\/2023\/09\/8_THE-HOUSE-OF-ROHL_BATHROOM_LOMBARDIA_L_002-560x250.png","conference-width":560,"conference-height":250,"contest":"https:\/\/d2q6z78khxmx42.cloudfront.net\/2023\/09\/8_THE-HOUSE-OF-ROHL_BATHROOM_LOMBARDIA_L_002-960x400.png","contest-width":960,"contest-height":400,"cta":"https:\/\/d2q6z78khxmx42.cloudfront.net\/2023\/09\/8_THE-HOUSE-OF-ROHL_BATHROOM_LOMBARDIA_L_002-415x170.png","cta-width":415,"cta-height":170,"exhibitor":"https:\/\/d2q6z78khxmx42.cloudfront.net\/2023\/09\/8_THE-HOUSE-OF-ROHL_BATHROOM_LOMBARDIA_L_002-560x560.png","exhibitor-width":560,"exhibitor-height":560,"gallery":"https:\/\/d2q6z78khxmx42.cloudfront.net\/2023\/09\/8_THE-HOUSE-OF-ROHL_BATHROOM_LOMBARDIA_L_002-560x373.png","gallery-width":560,"gallery-height":373,"logo":"https:\/\/d2q6z78khxmx42.cloudfront.net\/2023\/09\/8_THE-HOUSE-OF-ROHL_BATHROOM_LOMBARDIA_L_002-150x100.png","logo-width":150,"logo-height":100,"masonry":"https:\/\/d2q6z78khxmx42.cloudfront.net\/2023\/09\/8_THE-HOUSE-OF-ROHL_BATHROOM_LOMBARDIA_L_002-550x367.png","masonry-width":550,"masonry-height":367,"modal":"https:\/\/d2q6z78khxmx42.cloudfront.net\/2023\/09\/MIRLNzr0-8_THE-HOUSE-OF-ROHL_BATHROOM_LOMBARDIA_L_002-1920x1280.png","modal-width":1920,"modal-height":1280,"number":"https:\/\/d2q6z78khxmx42.cloudfront.net\/2023\/09\/MIRLNzr0-8_THE-HOUSE-OF-ROHL_BATHROOM_LOMBARDIA_L_002-560x373.png","number-width":560,"number-height":373,"partner":"https:\/\/d2q6z78khxmx42.cloudfront.net\/2023\/09\/8_THE-HOUSE-OF-ROHL_BATHROOM_LOMBARDIA_L_002-275x183.png","partner-width":275,"partner-height":183,"ranking":"https:\/\/d2q6z78khxmx42.cloudfront.net\/2023\/09\/MIRLNzr0-8_THE-HOUSE-OF-ROHL_BATHROOM_LOMBARDIA_L_002-960x540.png","ranking-width":960,"ranking-height":540,"schedule":"https:\/\/d2q6z78khxmx42.cloudfront.net\/2023\/09\/8_THE-HOUSE-OF-ROHL_BATHROOM_LOMBARDIA_L_002-960x360.png","schedule-width":960,"schedule-height":360,"slideshow":"https:\/\/d2q6z78khxmx42.cloudfront.net\/2023\/09\/8_THE-HOUSE-OF-ROHL_BATHROOM_LOMBARDIA_L_002-1020x680.png","slideshow-width":1020,"slideshow-height":680}},"filters":false,"suppliers":false,"attachment_category":[]},{"categories":false,"credit":"","image":{"ID":120395,"id":120395,"title":"THE-HOUSE-OF-ROHL_BATHROOM_LOMBARDIA_L_004","filename":"9_THE-HOUSE-OF-ROHL_BATHROOM_LOMBARDIA_L_004.png","filesize":47375111,"url":"https:\/\/d2q6z78khxmx42.cloudfront.net\/2023\/09\/9_THE-HOUSE-OF-ROHL_BATHROOM_LOMBARDIA_L_004.png","link":"https:\/\/int.design\/fr\/projets\/house-of-rohl-presente-barcelona-par-victoria-albert\/the-house-of-rohl_bathroom_lombardia_l_004-5\/","alt":"","author":"1130","description":"House of Rohl pr\u00e9sente Barcelona par Victoria + Albert ","caption":"","name":"the-house-of-rohl_bathroom_lombardia_l_004-5","status":"inherit","uploaded_to":120324,"date":"2023-09-26 18:06:38","modified":"2025-08-22 19:12:55","menu_order":0,"mime_type":"image\/png","type":"image","subtype":"png","icon":"https:\/\/int.design\/wp-includes\/images\/media\/default.png","width":6000,"height":6000,"sizes":{"thumbnail":"https:\/\/d2q6z78khxmx42.cloudfront.net\/2023\/09\/9_THE-HOUSE-OF-ROHL_BATHROOM_LOMBARDIA_L_004-150x150.png","thumbnail-width":150,"thumbnail-height":150,"medium":"https:\/\/d2q6z78khxmx42.cloudfront.net\/2023\/09\/9_THE-HOUSE-OF-ROHL_BATHROOM_LOMBARDIA_L_004-300x300.png","medium-width":300,"medium-height":300,"medium_large":"https:\/\/d2q6z78khxmx42.cloudfront.net\/2023\/09\/9_THE-HOUSE-OF-ROHL_BATHROOM_LOMBARDIA_L_004-768x768.png","medium_large-width":768,"medium_large-height":768,"large":"https:\/\/d2q6z78khxmx42.cloudfront.net\/2023\/09\/9_THE-HOUSE-OF-ROHL_BATHROOM_LOMBARDIA_L_004-1024x1024.png","large-width":1024,"large-height":1024,"1536x1536":"https:\/\/d2q6z78khxmx42.cloudfront.net\/2023\/09\/9_THE-HOUSE-OF-ROHL_BATHROOM_LOMBARDIA_L_004-1536x1536.png","1536x1536-width":1536,"1536x1536-height":1536,"2048x2048":"https:\/\/d2q6z78khxmx42.cloudfront.net\/2023\/09\/9_THE-HOUSE-OF-ROHL_BATHROOM_LOMBARDIA_L_004-2048x2048.png","2048x2048-width":2048,"2048x2048-height":2048,"article":"https:\/\/d2q6z78khxmx42.cloudfront.net\/2023\/09\/9_THE-HOUSE-OF-ROHL_BATHROOM_LOMBARDIA_L_004-960x540.png","article-width":960,"article-height":540,"banner":"https:\/\/d2q6z78khxmx42.cloudfront.net\/2023\/09\/9_THE-HOUSE-OF-ROHL_BATHROOM_LOMBARDIA_L_004-1920x1920.png","banner-width":1920,"banner-height":1920,"block":"https:\/\/d2q6z78khxmx42.cloudfront.net\/2023\/09\/9_THE-HOUSE-OF-ROHL_BATHROOM_LOMBARDIA_L_004-900x680.png","block-width":900,"block-height":680,"card":"https:\/\/d2q6z78khxmx42.cloudfront.net\/2023\/09\/9_THE-HOUSE-OF-ROHL_BATHROOM_LOMBARDIA_L_004-560x495.png","card-width":560,"card-height":495,"card-thumbnail":"https:\/\/d2q6z78khxmx42.cloudfront.net\/2023\/09\/9_THE-HOUSE-OF-ROHL_BATHROOM_LOMBARDIA_L_004-450x340.png","card-thumbnail-width":450,"card-thumbnail-height":340,"conference":"https:\/\/d2q6z78khxmx42.cloudfront.net\/2023\/09\/9_THE-HOUSE-OF-ROHL_BATHROOM_LOMBARDIA_L_004-560x250.png","conference-width":560,"conference-height":250,"contest":"https:\/\/d2q6z78khxmx42.cloudfront.net\/2023\/09\/9_THE-HOUSE-OF-ROHL_BATHROOM_LOMBARDIA_L_004-960x400.png","contest-width":960,"contest-height":400,"cta":"https:\/\/d2q6z78khxmx42.cloudfront.net\/2023\/09\/9_THE-HOUSE-OF-ROHL_BATHROOM_LOMBARDIA_L_004-415x170.png","cta-width":415,"cta-height":170,"exhibitor":"https:\/\/d2q6z78khxmx42.cloudfront.net\/2023\/09\/9_THE-HOUSE-OF-ROHL_BATHROOM_LOMBARDIA_L_004-560x560.png","exhibitor-width":560,"exhibitor-height":560,"gallery":"https:\/\/d2q6z78khxmx42.cloudfront.net\/2023\/09\/9_THE-HOUSE-OF-ROHL_BATHROOM_LOMBARDIA_L_004-430x430.png","gallery-width":430,"gallery-height":430,"logo":"https:\/\/d2q6z78khxmx42.cloudfront.net\/2023\/09\/9_THE-HOUSE-OF-ROHL_BATHROOM_LOMBARDIA_L_004-100x100.png","logo-width":100,"logo-height":100,"masonry":"https:\/\/d2q6z78khxmx42.cloudfront.net\/2023\/09\/9_THE-HOUSE-OF-ROHL_BATHROOM_LOMBARDIA_L_004-550x550.png","masonry-width":550,"masonry-height":550,"modal":"https:\/\/d2q6z78khxmx42.cloudfront.net\/2023\/09\/so82eh51-9_THE-HOUSE-OF-ROHL_BATHROOM_LOMBARDIA_L_004-1920x1920.png","modal-width":1920,"modal-height":1920,"number":"https:\/\/d2q6z78khxmx42.cloudfront.net\/2023\/09\/so82eh51-9_THE-HOUSE-OF-ROHL_BATHROOM_LOMBARDIA_L_004-430x430.png","number-width":430,"number-height":430,"partner":"https:\/\/d2q6z78khxmx42.cloudfront.net\/2023\/09\/9_THE-HOUSE-OF-ROHL_BATHROOM_LOMBARDIA_L_004-210x210.png","partner-width":210,"partner-height":210,"ranking":"https:\/\/d2q6z78khxmx42.cloudfront.net\/2023\/09\/so82eh51-9_THE-HOUSE-OF-ROHL_BATHROOM_LOMBARDIA_L_004-960x540.png","ranking-width":960,"ranking-height":540,"schedule":"https:\/\/d2q6z78khxmx42.cloudfront.net\/2023\/09\/9_THE-HOUSE-OF-ROHL_BATHROOM_LOMBARDIA_L_004-960x360.png","schedule-width":960,"schedule-height":360,"slideshow":"https:\/\/d2q6z78khxmx42.cloudfront.net\/2023\/09\/9_THE-HOUSE-OF-ROHL_BATHROOM_LOMBARDIA_L_004-680x680.png","slideshow-width":680,"slideshow-height":680}},"filters":false,"suppliers":false,"attachment_category":[]}],"mandatory_documents":false,"optional_documents":false,"web_text":{"fr":"","en":"","original":"<p>Lavabos sous comptoir BARCELONA<\/p>\n<p>Nos lavabos fabriqu\u00e9s \u00e0 la main procurent \u00e0 la salle de bain un summum de luxe et d\u2019\u00e9l\u00e9gance gr\u00e2ce \u00e0 un design bien pens\u00e9 et de superbes mat\u00e9riaux.<\/p>\n<p><strong>CON\u00c7US POUR TOUS LES TEMPS\u00a0<\/strong><\/p>\n<p>La collection de lavabos Barcelona refl\u00e8te la silhouette ovale organique de la baignoire Barcelona. En mariant une subtilit\u00e9 sym\u00e9trique et un style qui se d\u00e9marque, elle d\u00e9voile un caract\u00e8re intemporel qui s\u2019harmonise \u00e0 tous les d\u00e9cors. On peut la combiner \u00e0 la baignoire Barcelona, la jumeler en vanit\u00e9 double pour elle et lui ou l\u2019utiliser comme pi\u00e8ce unique. Le lavabo, dont la forme et la simplicit\u00e9 s\u2019int\u00e8grent \u00e0 tous les espaces, est con\u00e7u pour tous les temps.<\/p>\n<p>&nbsp;<\/p>\n<p>HouseofRohl.ca<\/p>\n"},"jury_text":false,"different_jury_text":false,"different_category_text":false},"laureats":[],"contest_id":"47721","contest_title":"Produit","firms":[],"user":{"email":"canadamarketing@houseofrohl.com","first_name":"House of Rohl","last_name":"Canada"},"doc_texts_web":{"fr":"","en":""},"permalinks":{"fr":"https:\/\/int.design\/fr\/projets\/house-of-rohl-presente-barcelona-par-victoria-albert\/","en":"https:\/\/int.design\/en\/?post_type=project&p=120325"},"titles":{"fr":"House of Rohl pr\u00e9sente Barcelona par Victoria + Albert","en":"House of Rohl presents Barcelona by Victoria + Albert"},"wp_fields":[],"laravel_id":""},"_links":{"self":[{"href":"https:\/\/int.design\/fr\/wp-json\/wp\/v2\/project\/120324","targetHints":{"allow":["GET"]}}],"collection":[{"href":"https:\/\/int.design\/fr\/wp-json\/wp\/v2\/project"}],"about":[{"href":"https:\/\/int.design\/fr\/wp-json\/wp\/v2\/types\/project"}],"wp:attachment":[{"href":"https:\/\/int.design\/fr\/wp-json\/wp\/v2\/media?parent=120324"}],"curies":[{"name":"wp","href":"https:\/\/api.w.org\/{rel}","templated":true}]}}