{"id":111945,"date":"2023-08-16T11:40:15","date_gmt":"2023-08-16T15:40:15","guid":{"rendered":"https:\/\/int.design\/?post_type=project&#038;p=111945"},"modified":"2023-08-16T11:40:15","modified_gmt":"2023-08-16T15:40:15","slug":"restauration-de-leglise-de-la-visitation","status":"publish","type":"project","link":"https:\/\/int.design\/fr\/projets\/restauration-de-leglise-de-la-visitation\/","title":{"rendered":"Restauration de l&rsquo;\u00c9glise de la Visitation"},"content":{"rendered":"","protected":false},"template":"","class_list":["post-111945","project","type-project","status-publish","hentry","project_category_97334-design-dinterieur","project_category_97334-hors-categorie_design_interieur-2","project_category_97334-autres_categories_en_design_d_interieur","project_category_97334-prix-speciaux-3","project_category_97334-conservation-du-patrimoine"],"acf":[],"yoast_head":"<!-- This site is optimized with the Yoast SEO plugin v21.5 - https:\/\/yoast.com\/wordpress\/plugins\/seo\/ -->\n<title>Restauration de l&#039;\u00c9glise de la Visitation - INT Design<\/title>\n<meta name=\"robots\" content=\"index, follow, max-snippet:-1, max-image-preview:large, max-video-preview:-1\" \/>\n<link rel=\"canonical\" href=\"https:\/\/int.design\/fr\/projets\/restauration-de-leglise-de-la-visitation\/\" \/>\n<meta property=\"og:locale\" content=\"fr_FR\" \/>\n<meta property=\"og:type\" content=\"article\" \/>\n<meta property=\"og:title\" content=\"Restauration de l&#039;\u00c9glise de la Visitation - INT Design\" \/>\n<meta property=\"og:url\" content=\"https:\/\/int.design\/fr\/projets\/restauration-de-leglise-de-la-visitation\/\" \/>\n<meta property=\"og:site_name\" content=\"INT Design\" \/>\n<meta name=\"twitter:card\" content=\"summary_large_image\" \/>\n<script type=\"application\/ld+json\" class=\"yoast-schema-graph\">{\"@context\":\"https:\/\/schema.org\",\"@graph\":[{\"@type\":\"WebPage\",\"@id\":\"https:\/\/int.design\/fr\/projets\/restauration-de-leglise-de-la-visitation\/\",\"url\":\"https:\/\/int.design\/fr\/projets\/restauration-de-leglise-de-la-visitation\/\",\"name\":\"Restauration de l'\u00c9glise de la Visitation - INT Design\",\"isPartOf\":{\"@id\":\"https:\/\/int.design\/fr\/#website\"},\"datePublished\":\"2023-08-16T15:40:15+00:00\",\"dateModified\":\"2023-08-16T15:40:15+00:00\",\"breadcrumb\":{\"@id\":\"https:\/\/int.design\/fr\/projets\/restauration-de-leglise-de-la-visitation\/#breadcrumb\"},\"inLanguage\":\"fr-FR\",\"potentialAction\":[{\"@type\":\"ReadAction\",\"target\":[\"https:\/\/int.design\/fr\/projets\/restauration-de-leglise-de-la-visitation\/\"]}]},{\"@type\":\"BreadcrumbList\",\"@id\":\"https:\/\/int.design\/fr\/projets\/restauration-de-leglise-de-la-visitation\/#breadcrumb\",\"itemListElement\":[{\"@type\":\"ListItem\",\"position\":1,\"name\":\"Home\",\"item\":\"https:\/\/int.design\/fr\/\"},{\"@type\":\"ListItem\",\"position\":2,\"name\":\"Projects\",\"item\":\"https:\/\/int.design\/en\/projects\/\"},{\"@type\":\"ListItem\",\"position\":3,\"name\":\"Restauration de l&rsquo;\u00c9glise de la Visitation\"}]},{\"@type\":\"WebSite\",\"@id\":\"https:\/\/int.design\/fr\/#website\",\"url\":\"https:\/\/int.design\/fr\/\",\"name\":\"INT Design\",\"description\":\"\",\"potentialAction\":[{\"@type\":\"SearchAction\",\"target\":{\"@type\":\"EntryPoint\",\"urlTemplate\":\"https:\/\/int.design\/fr\/?s={search_term_string}\"},\"query-input\":\"required name=search_term_string\"}],\"inLanguage\":\"fr-FR\"}]}<\/script>\n<!-- \/ Yoast SEO plugin. -->","yoast_head_json":{"title":"Restauration de l'\u00c9glise de la Visitation - INT Design","robots":{"index":"index","follow":"follow","max-snippet":"max-snippet:-1","max-image-preview":"max-image-preview:large","max-video-preview":"max-video-preview:-1"},"canonical":"https:\/\/int.design\/fr\/projets\/restauration-de-leglise-de-la-visitation\/","og_locale":"fr_FR","og_type":"article","og_title":"Restauration de l'\u00c9glise de la Visitation - INT Design","og_url":"https:\/\/int.design\/fr\/projets\/restauration-de-leglise-de-la-visitation\/","og_site_name":"INT Design","twitter_card":"summary_large_image","schema":{"@context":"https:\/\/schema.org","@graph":[{"@type":"WebPage","@id":"https:\/\/int.design\/fr\/projets\/restauration-de-leglise-de-la-visitation\/","url":"https:\/\/int.design\/fr\/projets\/restauration-de-leglise-de-la-visitation\/","name":"Restauration de l'\u00c9glise de la Visitation - INT Design","isPartOf":{"@id":"https:\/\/int.design\/fr\/#website"},"datePublished":"2023-08-16T15:40:15+00:00","dateModified":"2023-08-16T15:40:15+00:00","breadcrumb":{"@id":"https:\/\/int.design\/fr\/projets\/restauration-de-leglise-de-la-visitation\/#breadcrumb"},"inLanguage":"fr-FR","potentialAction":[{"@type":"ReadAction","target":["https:\/\/int.design\/fr\/projets\/restauration-de-leglise-de-la-visitation\/"]}]},{"@type":"BreadcrumbList","@id":"https:\/\/int.design\/fr\/projets\/restauration-de-leglise-de-la-visitation\/#breadcrumb","itemListElement":[{"@type":"ListItem","position":1,"name":"Home","item":"https:\/\/int.design\/fr\/"},{"@type":"ListItem","position":2,"name":"Projects","item":"https:\/\/int.design\/en\/projects\/"},{"@type":"ListItem","position":3,"name":"Restauration de l&rsquo;\u00c9glise de la Visitation"}]},{"@type":"WebSite","@id":"https:\/\/int.design\/fr\/#website","url":"https:\/\/int.design\/fr\/","name":"INT Design","description":"","potentialAction":[{"@type":"SearchAction","target":{"@type":"EntryPoint","urlTemplate":"https:\/\/int.design\/fr\/?s={search_term_string}"},"query-input":"required name=search_term_string"}],"inLanguage":"fr-FR"}]}},"entry":{"cats":{"disciplines":[{"id":3217,"name":"Design d\u2019int\u00e9rieur"}],"big_cats":[{"id":3275,"name":"Autres cat\u00e9gories en design d'int\u00e9rieur"},{"id":3280,"name":"Prix sp\u00e9ciaux"}],"sub_cats":[{"id":3279,"name":"Hors-cat\u00e9gorie en design d'int\u00e9rieur","parent":3275},{"id":3282,"name":"Conservation du patrimoine","parent":3280}]},"entry":{"":null,"status":"completed","winner_title":"Affleck de la Riva, architectes","winner_prize_lang":"fr","title_translatable":true,"title_en":"Restoration of La Visitation Church","title_fr":"","releve_award":false,"releve_award_cv":false,"collaboration":false,"collaboration_firms":false,"other_firms":[{"name":"Affleck de la Riva, architectes","website":"https:\/\/www.affleckdelariva.com\/","category":"","category_tax":2744},{"name":"Centre de conservation du Qu\u00e9bec","website":"https:\/\/www.ccq.gouv.qc.ca\/","category":"","category_tax":2746},{"name":"D. L. H\u00e9ritage","website":"https:\/\/dlheritage.com\/","category":"","category_tax":2746},{"name":"La\u00ebtitia Boudaud","website":"https:\/\/www.laetitiaphotographe.com\/","category":"","category_tax":2756},{"name":"Andr\u00e9 Domon","website":"https:\/\/andredomon1975.com\/","category":"","category_tax":2751},{"name":"Construction Hestia","website":"","category":"","category_tax":2751},{"name":"Atelier Isabelle Leclerc","website":"https:\/\/atelier-leclerc.com\/","category":"","category_tax":2806}],"owner":{"name":"Fabrique de la Visitation de la Bienheureuse-Vierge-Marie","confidential":false,"website":"https:\/\/www.eglisedelavisitation.org\/","contact_name":"","email":"","phone":""},"address":{"address":"","city":"Montr\u00e9al","region":"Montr\u00e9al","province":"QC","country":"CA","postal_code":""},"logos":false,"use_logo":false,"designers":[{"name":"Richard de la Riva","credit":"Affleck de la Riva","image":{"ID":114504,"id":114504,"title":"Richard de la Riva","filename":"Richard de la Riva.jpg","filesize":775519,"url":"https:\/\/d2q6z78khxmx42.cloudfront.net\/2023\/04\/Richard de la Riva.jpg","link":"https:\/\/int.design\/fr\/projets\/restauration-de-leglise-de-la-visitation\/richard-de-la-riva-3\/","alt":"","author":"815","description":"","caption":"","name":"richard-de-la-riva-3","status":"inherit","uploaded_to":111945,"date":"2023-04-07 01:36:58","modified":"2023-04-07 02:06:22","menu_order":0,"mime_type":"image\/jpeg","type":"image","subtype":"jpeg","icon":"https:\/\/int.design\/wp-includes\/images\/media\/default.png","width":2000,"height":2000,"sizes":{"thumbnail":"https:\/\/d2q6z78khxmx42.cloudfront.net\/2023\/04\/Richard de la Riva-150x150.jpg","thumbnail-width":150,"thumbnail-height":150,"medium":"https:\/\/d2q6z78khxmx42.cloudfront.net\/2023\/04\/Richard de la Riva-300x300.jpg","medium-width":300,"medium-height":300,"medium_large":"https:\/\/d2q6z78khxmx42.cloudfront.net\/2023\/04\/Richard de la Riva-768x768.jpg","medium_large-width":768,"medium_large-height":768,"large":"https:\/\/d2q6z78khxmx42.cloudfront.net\/2023\/04\/Richard de la Riva-1024x1024.jpg","large-width":1024,"large-height":1024,"1536x1536":"https:\/\/d2q6z78khxmx42.cloudfront.net\/2023\/04\/Richard de la Riva-1536x1536.jpg","1536x1536-width":1536,"1536x1536-height":1536,"2048x2048":"https:\/\/d2q6z78khxmx42.cloudfront.net\/2023\/04\/Richard de la Riva.jpg","2048x2048-width":2000,"2048x2048-height":2000,"article":"https:\/\/d2q6z78khxmx42.cloudfront.net\/2023\/04\/Richard de la Riva-960x540.jpg","article-width":960,"article-height":540,"banner":"https:\/\/d2q6z78khxmx42.cloudfront.net\/2023\/04\/Richard de la Riva-1920x1920.jpg","banner-width":1920,"banner-height":1920,"block":"https:\/\/d2q6z78khxmx42.cloudfront.net\/2023\/04\/Richard de la Riva-900x680.jpg","block-width":900,"block-height":680,"card":"https:\/\/d2q6z78khxmx42.cloudfront.net\/2023\/04\/Richard de la Riva-560x495.jpg","card-width":560,"card-height":495,"card-thumbnail":"https:\/\/d2q6z78khxmx42.cloudfront.net\/2023\/04\/Richard de la Riva-450x340.jpg","card-thumbnail-width":450,"card-thumbnail-height":340,"conference":"https:\/\/d2q6z78khxmx42.cloudfront.net\/2023\/04\/Richard de la Riva-560x250.jpg","conference-width":560,"conference-height":250,"contest":"https:\/\/d2q6z78khxmx42.cloudfront.net\/2023\/04\/Richard de la Riva-960x400.jpg","contest-width":960,"contest-height":400,"cta":"https:\/\/d2q6z78khxmx42.cloudfront.net\/2023\/04\/Richard de la Riva-415x170.jpg","cta-width":415,"cta-height":170,"exhibitor":"https:\/\/d2q6z78khxmx42.cloudfront.net\/2023\/04\/Richard de la Riva-560x560.jpg","exhibitor-width":560,"exhibitor-height":560,"gallery":"https:\/\/d2q6z78khxmx42.cloudfront.net\/2023\/04\/Richard de la Riva-430x430.jpg","gallery-width":430,"gallery-height":430,"logo":"https:\/\/d2q6z78khxmx42.cloudfront.net\/2023\/04\/Richard de la Riva-100x100.jpg","logo-width":100,"logo-height":100,"masonry":"https:\/\/d2q6z78khxmx42.cloudfront.net\/2023\/04\/Richard de la Riva-550x550.jpg","masonry-width":550,"masonry-height":550,"modal":"https:\/\/d2q6z78khxmx42.cloudfront.net\/2023\/04\/jDDYYgXE-Richard de la Riva-1920x1920.jpg","modal-width":1920,"modal-height":1920,"number":"https:\/\/d2q6z78khxmx42.cloudfront.net\/2023\/04\/jDDYYgXE-Richard de la Riva-430x430.jpg","number-width":430,"number-height":430,"partner":"https:\/\/d2q6z78khxmx42.cloudfront.net\/2023\/04\/Richard de la Riva-210x210.jpg","partner-width":210,"partner-height":210,"ranking":"https:\/\/d2q6z78khxmx42.cloudfront.net\/2023\/04\/jDDYYgXE-Richard de la Riva-960x540.jpg","ranking-width":960,"ranking-height":540,"schedule":"https:\/\/d2q6z78khxmx42.cloudfront.net\/2023\/04\/Richard de la Riva-960x360.jpg","schedule-width":960,"schedule-height":360,"slideshow":"https:\/\/d2q6z78khxmx42.cloudfront.net\/2023\/04\/Richard de la Riva-680x680.jpg","slideshow-width":680,"slideshow-height":680}},"file":false}],"cover":[{"categories":[3282,3279],"credit":"La\u00ebtitia Boudaud","image":{"ID":114505,"id":114505,"title":"Eglise de la Visitation_AffleckdelaRiva_Photo01","filename":"Eglise de la Visitation_AffleckdelaRiva_Photo01-scaled.jpg","filesize":1086486,"url":"https:\/\/d2q6z78khxmx42.cloudfront.net\/2023\/04\/Eglise de la Visitation_AffleckdelaRiva_Photo01-scaled.jpg","link":"https:\/\/int.design\/fr\/projets\/restauration-de-leglise-de-la-visitation\/eglise-de-la-visitation_affleckdelariva_photo01\/","alt":"","author":"815","description":"Restauration de l'\u00c9glise de la Visitation Affleck de la Riva, architectes Affleck de la Riva, architectes Centre de conservation du Qu\u00e9bec D. L. H\u00e9ritage La\u00ebtitia Boudaud Andr\u00e9 Domon Construction Hestia Atelier Isabelle Leclerc","caption":"","name":"eglise-de-la-visitation_affleckdelariva_photo01","status":"inherit","uploaded_to":111945,"date":"2023-04-07 01:45:47","modified":"2023-08-16 15:40:16","menu_order":0,"mime_type":"image\/jpeg","type":"image","subtype":"jpeg","icon":"https:\/\/int.design\/wp-includes\/images\/media\/default.png","width":2560,"height":1920,"sizes":{"thumbnail":"https:\/\/d2q6z78khxmx42.cloudfront.net\/2023\/04\/Eglise de la Visitation_AffleckdelaRiva_Photo01-150x150.jpg","thumbnail-width":150,"thumbnail-height":150,"medium":"https:\/\/d2q6z78khxmx42.cloudfront.net\/2023\/04\/Eglise de la Visitation_AffleckdelaRiva_Photo01-300x225.jpg","medium-width":300,"medium-height":225,"medium_large":"https:\/\/d2q6z78khxmx42.cloudfront.net\/2023\/04\/Eglise de la Visitation_AffleckdelaRiva_Photo01-768x576.jpg","medium_large-width":768,"medium_large-height":576,"large":"https:\/\/d2q6z78khxmx42.cloudfront.net\/2023\/04\/Eglise de la Visitation_AffleckdelaRiva_Photo01-1024x768.jpg","large-width":1024,"large-height":768,"1536x1536":"https:\/\/d2q6z78khxmx42.cloudfront.net\/2023\/04\/Eglise de la Visitation_AffleckdelaRiva_Photo01-1536x1152.jpg","1536x1536-width":1536,"1536x1536-height":1152,"2048x2048":"https:\/\/d2q6z78khxmx42.cloudfront.net\/2023\/04\/Eglise de la Visitation_AffleckdelaRiva_Photo01-2048x1536.jpg","2048x2048-width":2048,"2048x2048-height":1536,"article":"https:\/\/d2q6z78khxmx42.cloudfront.net\/2023\/04\/Eglise de la Visitation_AffleckdelaRiva_Photo01-960x540.jpg","article-width":960,"article-height":540,"banner":"https:\/\/d2q6z78khxmx42.cloudfront.net\/2023\/04\/Eglise de la Visitation_AffleckdelaRiva_Photo01-1920x1440.jpg","banner-width":1920,"banner-height":1440,"block":"https:\/\/d2q6z78khxmx42.cloudfront.net\/2023\/04\/Eglise de la Visitation_AffleckdelaRiva_Photo01-900x680.jpg","block-width":900,"block-height":680,"card":"https:\/\/d2q6z78khxmx42.cloudfront.net\/2023\/04\/Eglise de la Visitation_AffleckdelaRiva_Photo01-560x495.jpg","card-width":560,"card-height":495,"card-thumbnail":"https:\/\/d2q6z78khxmx42.cloudfront.net\/2023\/04\/Eglise de la Visitation_AffleckdelaRiva_Photo01-450x340.jpg","card-thumbnail-width":450,"card-thumbnail-height":340,"conference":"https:\/\/d2q6z78khxmx42.cloudfront.net\/2023\/04\/Eglise de la Visitation_AffleckdelaRiva_Photo01-560x250.jpg","conference-width":560,"conference-height":250,"contest":"https:\/\/d2q6z78khxmx42.cloudfront.net\/2023\/04\/Eglise de la Visitation_AffleckdelaRiva_Photo01-960x400.jpg","contest-width":960,"contest-height":400,"cta":"https:\/\/d2q6z78khxmx42.cloudfront.net\/2023\/04\/Eglise de la Visitation_AffleckdelaRiva_Photo01-415x170.jpg","cta-width":415,"cta-height":170,"exhibitor":"https:\/\/d2q6z78khxmx42.cloudfront.net\/2023\/04\/Eglise de la Visitation_AffleckdelaRiva_Photo01-560x560.jpg","exhibitor-width":560,"exhibitor-height":560,"gallery":"https:\/\/d2q6z78khxmx42.cloudfront.net\/2023\/04\/Eglise de la Visitation_AffleckdelaRiva_Photo01-560x420.jpg","gallery-width":560,"gallery-height":420,"logo":"https:\/\/d2q6z78khxmx42.cloudfront.net\/2023\/04\/Eglise de la Visitation_AffleckdelaRiva_Photo01-133x100.jpg","logo-width":133,"logo-height":100,"masonry":"https:\/\/d2q6z78khxmx42.cloudfront.net\/2023\/04\/Eglise de la Visitation_AffleckdelaRiva_Photo01-550x413.jpg","masonry-width":550,"masonry-height":413,"modal":"https:\/\/d2q6z78khxmx42.cloudfront.net\/2023\/04\/cwfJUbWk-Eglise de la Visitation_AffleckdelaRiva_Photo01-1920x1440.jpg","modal-width":1920,"modal-height":1440,"number":"https:\/\/d2q6z78khxmx42.cloudfront.net\/2023\/04\/cwfJUbWk-Eglise de la Visitation_AffleckdelaRiva_Photo01-560x420.jpg","number-width":560,"number-height":420,"partner":"https:\/\/d2q6z78khxmx42.cloudfront.net\/2023\/04\/Eglise de la Visitation_AffleckdelaRiva_Photo01-275x206.jpg","partner-width":275,"partner-height":206,"ranking":"https:\/\/d2q6z78khxmx42.cloudfront.net\/2023\/04\/cwfJUbWk-Eglise de la Visitation_AffleckdelaRiva_Photo01-960x540.jpg","ranking-width":960,"ranking-height":540,"schedule":"https:\/\/d2q6z78khxmx42.cloudfront.net\/2023\/04\/Eglise de la Visitation_AffleckdelaRiva_Photo01-960x360.jpg","schedule-width":960,"schedule-height":360,"slideshow":"https:\/\/d2q6z78khxmx42.cloudfront.net\/2023\/04\/Eglise de la Visitation_AffleckdelaRiva_Photo01-907x680.jpg","slideshow-width":907,"slideshow-height":680}},"filters":false,"suppliers":false,"attachment_category":{"2669":"Autre lieu design","65":"Lieu design"}}],"images":[{"categories":[3282,3279],"credit":"La\u00ebtitia Boudaud","image":{"ID":114506,"id":114506,"title":"Eglise de la Visitation_AffleckdelaRiva_Photo02","filename":"Eglise de la Visitation_AffleckdelaRiva_Photo02-scaled.jpg","filesize":1161664,"url":"https:\/\/d2q6z78khxmx42.cloudfront.net\/2023\/04\/Eglise de la Visitation_AffleckdelaRiva_Photo02-scaled.jpg","link":"https:\/\/int.design\/fr\/projets\/restauration-de-leglise-de-la-visitation\/eglise-de-la-visitation_affleckdelariva_photo02\/","alt":"","author":"815","description":"Restauration de l'\u00c9glise de la Visitation Affleck de la Riva, architectes Affleck de la Riva, architectes Centre de conservation du Qu\u00e9bec D. L. H\u00e9ritage La\u00ebtitia Boudaud Andr\u00e9 Domon Construction Hestia Atelier Isabelle Leclerc","caption":"","name":"eglise-de-la-visitation_affleckdelariva_photo02","status":"inherit","uploaded_to":111945,"date":"2023-04-07 02:03:14","modified":"2023-08-16 15:40:18","menu_order":0,"mime_type":"image\/jpeg","type":"image","subtype":"jpeg","icon":"https:\/\/int.design\/wp-includes\/images\/media\/default.png","width":2560,"height":2560,"sizes":{"thumbnail":"https:\/\/d2q6z78khxmx42.cloudfront.net\/2023\/04\/Eglise de la Visitation_AffleckdelaRiva_Photo02-150x150.jpg","thumbnail-width":150,"thumbnail-height":150,"medium":"https:\/\/d2q6z78khxmx42.cloudfront.net\/2023\/04\/Eglise de la Visitation_AffleckdelaRiva_Photo02-300x300.jpg","medium-width":300,"medium-height":300,"medium_large":"https:\/\/d2q6z78khxmx42.cloudfront.net\/2023\/04\/Eglise de la Visitation_AffleckdelaRiva_Photo02-768x768.jpg","medium_large-width":768,"medium_large-height":768,"large":"https:\/\/d2q6z78khxmx42.cloudfront.net\/2023\/04\/Eglise de la Visitation_AffleckdelaRiva_Photo02-1024x1024.jpg","large-width":1024,"large-height":1024,"1536x1536":"https:\/\/d2q6z78khxmx42.cloudfront.net\/2023\/04\/Eglise de la Visitation_AffleckdelaRiva_Photo02-1536x1536.jpg","1536x1536-width":1536,"1536x1536-height":1536,"2048x2048":"https:\/\/d2q6z78khxmx42.cloudfront.net\/2023\/04\/Eglise de la Visitation_AffleckdelaRiva_Photo02-2048x2048.jpg","2048x2048-width":2048,"2048x2048-height":2048,"article":"https:\/\/d2q6z78khxmx42.cloudfront.net\/2023\/04\/Eglise de la Visitation_AffleckdelaRiva_Photo02-960x540.jpg","article-width":960,"article-height":540,"banner":"https:\/\/d2q6z78khxmx42.cloudfront.net\/2023\/04\/Eglise de la Visitation_AffleckdelaRiva_Photo02-1920x1920.jpg","banner-width":1920,"banner-height":1920,"block":"https:\/\/d2q6z78khxmx42.cloudfront.net\/2023\/04\/Eglise de la Visitation_AffleckdelaRiva_Photo02-900x680.jpg","block-width":900,"block-height":680,"card":"https:\/\/d2q6z78khxmx42.cloudfront.net\/2023\/04\/Eglise de la Visitation_AffleckdelaRiva_Photo02-560x495.jpg","card-width":560,"card-height":495,"card-thumbnail":"https:\/\/d2q6z78khxmx42.cloudfront.net\/2023\/04\/Eglise de la Visitation_AffleckdelaRiva_Photo02-450x340.jpg","card-thumbnail-width":450,"card-thumbnail-height":340,"conference":"https:\/\/d2q6z78khxmx42.cloudfront.net\/2023\/04\/Eglise de la Visitation_AffleckdelaRiva_Photo02-560x250.jpg","conference-width":560,"conference-height":250,"contest":"https:\/\/d2q6z78khxmx42.cloudfront.net\/2023\/04\/Eglise de la Visitation_AffleckdelaRiva_Photo02-960x400.jpg","contest-width":960,"contest-height":400,"cta":"https:\/\/d2q6z78khxmx42.cloudfront.net\/2023\/04\/Eglise de la Visitation_AffleckdelaRiva_Photo02-415x170.jpg","cta-width":415,"cta-height":170,"exhibitor":"https:\/\/d2q6z78khxmx42.cloudfront.net\/2023\/04\/Eglise de la Visitation_AffleckdelaRiva_Photo02-560x560.jpg","exhibitor-width":560,"exhibitor-height":560,"gallery":"https:\/\/d2q6z78khxmx42.cloudfront.net\/2023\/04\/Eglise de la Visitation_AffleckdelaRiva_Photo02-430x430.jpg","gallery-width":430,"gallery-height":430,"logo":"https:\/\/d2q6z78khxmx42.cloudfront.net\/2023\/04\/Eglise de la Visitation_AffleckdelaRiva_Photo02-100x100.jpg","logo-width":100,"logo-height":100,"masonry":"https:\/\/d2q6z78khxmx42.cloudfront.net\/2023\/04\/Eglise de la Visitation_AffleckdelaRiva_Photo02-550x550.jpg","masonry-width":550,"masonry-height":550,"modal":"https:\/\/d2q6z78khxmx42.cloudfront.net\/2023\/04\/BToPZRkt-Eglise de la Visitation_AffleckdelaRiva_Photo02-1920x1920.jpg","modal-width":1920,"modal-height":1920,"number":"https:\/\/d2q6z78khxmx42.cloudfront.net\/2023\/04\/BToPZRkt-Eglise de la Visitation_AffleckdelaRiva_Photo02-430x430.jpg","number-width":430,"number-height":430,"partner":"https:\/\/d2q6z78khxmx42.cloudfront.net\/2023\/04\/Eglise de la Visitation_AffleckdelaRiva_Photo02-210x210.jpg","partner-width":210,"partner-height":210,"ranking":"https:\/\/d2q6z78khxmx42.cloudfront.net\/2023\/04\/BToPZRkt-Eglise de la Visitation_AffleckdelaRiva_Photo02-960x540.jpg","ranking-width":960,"ranking-height":540,"schedule":"https:\/\/d2q6z78khxmx42.cloudfront.net\/2023\/04\/Eglise de la Visitation_AffleckdelaRiva_Photo02-960x360.jpg","schedule-width":960,"schedule-height":360,"slideshow":"https:\/\/d2q6z78khxmx42.cloudfront.net\/2023\/04\/Eglise de la Visitation_AffleckdelaRiva_Photo02-680x680.jpg","slideshow-width":680,"slideshow-height":680}},"filters":false,"suppliers":false,"attachment_category":[]},{"categories":[3282,3279],"credit":"La\u00ebtitia Boudaud","image":{"ID":114507,"id":114507,"title":"Eglise de la Visitation_AffleckdelaRiva_Photo03","filename":"Eglise de la Visitation_AffleckdelaRiva_Photo03-scaled.jpg","filesize":644513,"url":"https:\/\/d2q6z78khxmx42.cloudfront.net\/2023\/04\/Eglise de la Visitation_AffleckdelaRiva_Photo03-scaled.jpg","link":"https:\/\/int.design\/fr\/projets\/restauration-de-leglise-de-la-visitation\/eglise-de-la-visitation_affleckdelariva_photo03\/","alt":"","author":"815","description":"Restauration de l'\u00c9glise de la Visitation Affleck de la Riva, architectes Affleck de la Riva, architectes Centre de conservation du Qu\u00e9bec D. L. H\u00e9ritage La\u00ebtitia Boudaud Andr\u00e9 Domon Construction Hestia Atelier Isabelle Leclerc","caption":"","name":"eglise-de-la-visitation_affleckdelariva_photo03","status":"inherit","uploaded_to":111945,"date":"2023-04-07 02:04:06","modified":"2023-08-16 15:40:18","menu_order":0,"mime_type":"image\/jpeg","type":"image","subtype":"jpeg","icon":"https:\/\/int.design\/wp-includes\/images\/media\/default.png","width":2560,"height":1707,"sizes":{"thumbnail":"https:\/\/d2q6z78khxmx42.cloudfront.net\/2023\/04\/Eglise de la Visitation_AffleckdelaRiva_Photo03-150x150.jpg","thumbnail-width":150,"thumbnail-height":150,"medium":"https:\/\/d2q6z78khxmx42.cloudfront.net\/2023\/04\/Eglise de la Visitation_AffleckdelaRiva_Photo03-300x200.jpg","medium-width":300,"medium-height":200,"medium_large":"https:\/\/d2q6z78khxmx42.cloudfront.net\/2023\/04\/Eglise de la Visitation_AffleckdelaRiva_Photo03-768x512.jpg","medium_large-width":768,"medium_large-height":512,"large":"https:\/\/d2q6z78khxmx42.cloudfront.net\/2023\/04\/Eglise de la Visitation_AffleckdelaRiva_Photo03-1024x683.jpg","large-width":1024,"large-height":683,"1536x1536":"https:\/\/d2q6z78khxmx42.cloudfront.net\/2023\/04\/Eglise de la Visitation_AffleckdelaRiva_Photo03-1536x1024.jpg","1536x1536-width":1536,"1536x1536-height":1024,"2048x2048":"https:\/\/d2q6z78khxmx42.cloudfront.net\/2023\/04\/Eglise de la Visitation_AffleckdelaRiva_Photo03-2048x1365.jpg","2048x2048-width":2048,"2048x2048-height":1365,"article":"https:\/\/d2q6z78khxmx42.cloudfront.net\/2023\/04\/Eglise de la Visitation_AffleckdelaRiva_Photo03-960x540.jpg","article-width":960,"article-height":540,"banner":"https:\/\/d2q6z78khxmx42.cloudfront.net\/2023\/04\/Eglise de la Visitation_AffleckdelaRiva_Photo03-1920x1280.jpg","banner-width":1920,"banner-height":1280,"block":"https:\/\/d2q6z78khxmx42.cloudfront.net\/2023\/04\/Eglise de la Visitation_AffleckdelaRiva_Photo03-900x680.jpg","block-width":900,"block-height":680,"card":"https:\/\/d2q6z78khxmx42.cloudfront.net\/2023\/04\/Eglise de la Visitation_AffleckdelaRiva_Photo03-560x495.jpg","card-width":560,"card-height":495,"card-thumbnail":"https:\/\/d2q6z78khxmx42.cloudfront.net\/2023\/04\/Eglise de la Visitation_AffleckdelaRiva_Photo03-450x340.jpg","card-thumbnail-width":450,"card-thumbnail-height":340,"conference":"https:\/\/d2q6z78khxmx42.cloudfront.net\/2023\/04\/Eglise de la Visitation_AffleckdelaRiva_Photo03-560x250.jpg","conference-width":560,"conference-height":250,"contest":"https:\/\/d2q6z78khxmx42.cloudfront.net\/2023\/04\/Eglise de la Visitation_AffleckdelaRiva_Photo03-960x400.jpg","contest-width":960,"contest-height":400,"cta":"https:\/\/d2q6z78khxmx42.cloudfront.net\/2023\/04\/Eglise de la Visitation_AffleckdelaRiva_Photo03-415x170.jpg","cta-width":415,"cta-height":170,"exhibitor":"https:\/\/d2q6z78khxmx42.cloudfront.net\/2023\/04\/Eglise de la Visitation_AffleckdelaRiva_Photo03-560x560.jpg","exhibitor-width":560,"exhibitor-height":560,"gallery":"https:\/\/d2q6z78khxmx42.cloudfront.net\/2023\/04\/Eglise de la Visitation_AffleckdelaRiva_Photo03-560x373.jpg","gallery-width":560,"gallery-height":373,"logo":"https:\/\/d2q6z78khxmx42.cloudfront.net\/2023\/04\/Eglise de la Visitation_AffleckdelaRiva_Photo03-150x100.jpg","logo-width":150,"logo-height":100,"masonry":"https:\/\/d2q6z78khxmx42.cloudfront.net\/2023\/04\/Eglise de la Visitation_AffleckdelaRiva_Photo03-550x367.jpg","masonry-width":550,"masonry-height":367,"modal":"https:\/\/d2q6z78khxmx42.cloudfront.net\/2023\/04\/3UNML5SL-Eglise de la Visitation_AffleckdelaRiva_Photo03-1920x1280.jpg","modal-width":1920,"modal-height":1280,"number":"https:\/\/d2q6z78khxmx42.cloudfront.net\/2023\/04\/3UNML5SL-Eglise de la Visitation_AffleckdelaRiva_Photo03-560x373.jpg","number-width":560,"number-height":373,"partner":"https:\/\/d2q6z78khxmx42.cloudfront.net\/2023\/04\/Eglise de la Visitation_AffleckdelaRiva_Photo03-275x183.jpg","partner-width":275,"partner-height":183,"ranking":"https:\/\/d2q6z78khxmx42.cloudfront.net\/2023\/04\/3UNML5SL-Eglise de la Visitation_AffleckdelaRiva_Photo03-960x540.jpg","ranking-width":960,"ranking-height":540,"schedule":"https:\/\/d2q6z78khxmx42.cloudfront.net\/2023\/04\/Eglise de la Visitation_AffleckdelaRiva_Photo03-960x360.jpg","schedule-width":960,"schedule-height":360,"slideshow":"https:\/\/d2q6z78khxmx42.cloudfront.net\/2023\/04\/Eglise de la Visitation_AffleckdelaRiva_Photo03-1020x680.jpg","slideshow-width":1020,"slideshow-height":680}},"filters":false,"suppliers":false,"attachment_category":[]},{"categories":[3282,3279],"credit":"La\u00ebtitia Boudaud","image":{"ID":114508,"id":114508,"title":"Eglise de la Visitation_AffleckdelaRiva_Photo04","filename":"Eglise de la Visitation_AffleckdelaRiva_Photo04-scaled.jpg","filesize":1178367,"url":"https:\/\/d2q6z78khxmx42.cloudfront.net\/2023\/04\/Eglise de la Visitation_AffleckdelaRiva_Photo04-scaled.jpg","link":"https:\/\/int.design\/fr\/projets\/restauration-de-leglise-de-la-visitation\/eglise-de-la-visitation_affleckdelariva_photo04\/","alt":"","author":"815","description":"Restauration de l'\u00c9glise de la Visitation Affleck de la Riva, architectes Affleck de la Riva, architectes Centre de conservation du Qu\u00e9bec D. L. H\u00e9ritage La\u00ebtitia Boudaud Andr\u00e9 Domon Construction Hestia Atelier Isabelle Leclerc","caption":"","name":"eglise-de-la-visitation_affleckdelariva_photo04","status":"inherit","uploaded_to":111945,"date":"2023-04-07 02:04:22","modified":"2023-08-16 15:40:18","menu_order":0,"mime_type":"image\/jpeg","type":"image","subtype":"jpeg","icon":"https:\/\/int.design\/wp-includes\/images\/media\/default.png","width":2560,"height":2310,"sizes":{"thumbnail":"https:\/\/d2q6z78khxmx42.cloudfront.net\/2023\/04\/Eglise de la Visitation_AffleckdelaRiva_Photo04-150x150.jpg","thumbnail-width":150,"thumbnail-height":150,"medium":"https:\/\/d2q6z78khxmx42.cloudfront.net\/2023\/04\/Eglise de la Visitation_AffleckdelaRiva_Photo04-300x271.jpg","medium-width":300,"medium-height":271,"medium_large":"https:\/\/d2q6z78khxmx42.cloudfront.net\/2023\/04\/Eglise de la Visitation_AffleckdelaRiva_Photo04-768x693.jpg","medium_large-width":768,"medium_large-height":693,"large":"https:\/\/d2q6z78khxmx42.cloudfront.net\/2023\/04\/Eglise de la Visitation_AffleckdelaRiva_Photo04-1024x924.jpg","large-width":1024,"large-height":924,"1536x1536":"https:\/\/d2q6z78khxmx42.cloudfront.net\/2023\/04\/Eglise de la Visitation_AffleckdelaRiva_Photo04-1536x1386.jpg","1536x1536-width":1536,"1536x1536-height":1386,"2048x2048":"https:\/\/d2q6z78khxmx42.cloudfront.net\/2023\/04\/Eglise de la Visitation_AffleckdelaRiva_Photo04-2048x1848.jpg","2048x2048-width":2048,"2048x2048-height":1848,"article":"https:\/\/d2q6z78khxmx42.cloudfront.net\/2023\/04\/Eglise de la Visitation_AffleckdelaRiva_Photo04-960x540.jpg","article-width":960,"article-height":540,"banner":"https:\/\/d2q6z78khxmx42.cloudfront.net\/2023\/04\/Eglise de la Visitation_AffleckdelaRiva_Photo04-1920x1732.jpg","banner-width":1920,"banner-height":1732,"block":"https:\/\/d2q6z78khxmx42.cloudfront.net\/2023\/04\/Eglise de la Visitation_AffleckdelaRiva_Photo04-900x680.jpg","block-width":900,"block-height":680,"card":"https:\/\/d2q6z78khxmx42.cloudfront.net\/2023\/04\/Eglise de la Visitation_AffleckdelaRiva_Photo04-560x495.jpg","card-width":560,"card-height":495,"card-thumbnail":"https:\/\/d2q6z78khxmx42.cloudfront.net\/2023\/04\/Eglise de la Visitation_AffleckdelaRiva_Photo04-450x340.jpg","card-thumbnail-width":450,"card-thumbnail-height":340,"conference":"https:\/\/d2q6z78khxmx42.cloudfront.net\/2023\/04\/Eglise de la Visitation_AffleckdelaRiva_Photo04-560x250.jpg","conference-width":560,"conference-height":250,"contest":"https:\/\/d2q6z78khxmx42.cloudfront.net\/2023\/04\/Eglise de la Visitation_AffleckdelaRiva_Photo04-960x400.jpg","contest-width":960,"contest-height":400,"cta":"https:\/\/d2q6z78khxmx42.cloudfront.net\/2023\/04\/Eglise de la Visitation_AffleckdelaRiva_Photo04-415x170.jpg","cta-width":415,"cta-height":170,"exhibitor":"https:\/\/d2q6z78khxmx42.cloudfront.net\/2023\/04\/Eglise de la Visitation_AffleckdelaRiva_Photo04-560x560.jpg","exhibitor-width":560,"exhibitor-height":560,"gallery":"https:\/\/d2q6z78khxmx42.cloudfront.net\/2023\/04\/Eglise de la Visitation_AffleckdelaRiva_Photo04-477x430.jpg","gallery-width":477,"gallery-height":430,"logo":"https:\/\/d2q6z78khxmx42.cloudfront.net\/2023\/04\/Eglise de la Visitation_AffleckdelaRiva_Photo04-111x100.jpg","logo-width":111,"logo-height":100,"masonry":"https:\/\/d2q6z78khxmx42.cloudfront.net\/2023\/04\/Eglise de la Visitation_AffleckdelaRiva_Photo04-550x496.jpg","masonry-width":550,"masonry-height":496,"modal":"https:\/\/d2q6z78khxmx42.cloudfront.net\/2023\/04\/0ybJfDQy-Eglise de la Visitation_AffleckdelaRiva_Photo04-1920x1732.jpg","modal-width":1920,"modal-height":1732,"number":"https:\/\/d2q6z78khxmx42.cloudfront.net\/2023\/04\/0ybJfDQy-Eglise de la Visitation_AffleckdelaRiva_Photo04-477x430.jpg","number-width":477,"number-height":430,"partner":"https:\/\/d2q6z78khxmx42.cloudfront.net\/2023\/04\/Eglise de la Visitation_AffleckdelaRiva_Photo04-233x210.jpg","partner-width":233,"partner-height":210,"ranking":"https:\/\/d2q6z78khxmx42.cloudfront.net\/2023\/04\/0ybJfDQy-Eglise de la Visitation_AffleckdelaRiva_Photo04-960x540.jpg","ranking-width":960,"ranking-height":540,"schedule":"https:\/\/d2q6z78khxmx42.cloudfront.net\/2023\/04\/Eglise de la Visitation_AffleckdelaRiva_Photo04-960x360.jpg","schedule-width":960,"schedule-height":360,"slideshow":"https:\/\/d2q6z78khxmx42.cloudfront.net\/2023\/04\/Eglise de la Visitation_AffleckdelaRiva_Photo04-754x680.jpg","slideshow-width":754,"slideshow-height":680}},"filters":false,"suppliers":false,"attachment_category":[]},{"categories":[3282,3279],"credit":"La\u00ebtitia Boudaud","image":{"ID":114509,"id":114509,"title":"Eglise de la Visitation_AffleckdelaRiva_Photo05","filename":"Eglise de la Visitation_AffleckdelaRiva_Photo05-scaled.jpg","filesize":973750,"url":"https:\/\/d2q6z78khxmx42.cloudfront.net\/2023\/04\/Eglise de la Visitation_AffleckdelaRiva_Photo05-scaled.jpg","link":"https:\/\/int.design\/fr\/projets\/restauration-de-leglise-de-la-visitation\/eglise-de-la-visitation_affleckdelariva_photo05\/","alt":"","author":"815","description":"Restauration de l'\u00c9glise de la Visitation Affleck de la Riva, architectes Affleck de la Riva, architectes Centre de conservation du Qu\u00e9bec D. L. H\u00e9ritage La\u00ebtitia Boudaud Andr\u00e9 Domon Construction Hestia Atelier Isabelle Leclerc","caption":"","name":"eglise-de-la-visitation_affleckdelariva_photo05","status":"inherit","uploaded_to":111945,"date":"2023-04-07 02:04:43","modified":"2023-08-16 15:40:19","menu_order":0,"mime_type":"image\/jpeg","type":"image","subtype":"jpeg","icon":"https:\/\/int.design\/wp-includes\/images\/media\/default.png","width":2560,"height":1707,"sizes":{"thumbnail":"https:\/\/d2q6z78khxmx42.cloudfront.net\/2023\/04\/Eglise de la Visitation_AffleckdelaRiva_Photo05-150x150.jpg","thumbnail-width":150,"thumbnail-height":150,"medium":"https:\/\/d2q6z78khxmx42.cloudfront.net\/2023\/04\/Eglise de la Visitation_AffleckdelaRiva_Photo05-300x200.jpg","medium-width":300,"medium-height":200,"medium_large":"https:\/\/d2q6z78khxmx42.cloudfront.net\/2023\/04\/Eglise de la Visitation_AffleckdelaRiva_Photo05-768x512.jpg","medium_large-width":768,"medium_large-height":512,"large":"https:\/\/d2q6z78khxmx42.cloudfront.net\/2023\/04\/Eglise de la Visitation_AffleckdelaRiva_Photo05-1024x683.jpg","large-width":1024,"large-height":683,"1536x1536":"https:\/\/d2q6z78khxmx42.cloudfront.net\/2023\/04\/Eglise de la Visitation_AffleckdelaRiva_Photo05-1536x1024.jpg","1536x1536-width":1536,"1536x1536-height":1024,"2048x2048":"https:\/\/d2q6z78khxmx42.cloudfront.net\/2023\/04\/Eglise de la Visitation_AffleckdelaRiva_Photo05-2048x1365.jpg","2048x2048-width":2048,"2048x2048-height":1365,"article":"https:\/\/d2q6z78khxmx42.cloudfront.net\/2023\/04\/Eglise de la Visitation_AffleckdelaRiva_Photo05-960x540.jpg","article-width":960,"article-height":540,"banner":"https:\/\/d2q6z78khxmx42.cloudfront.net\/2023\/04\/Eglise de la Visitation_AffleckdelaRiva_Photo05-1920x1280.jpg","banner-width":1920,"banner-height":1280,"block":"https:\/\/d2q6z78khxmx42.cloudfront.net\/2023\/04\/Eglise de la Visitation_AffleckdelaRiva_Photo05-900x680.jpg","block-width":900,"block-height":680,"card":"https:\/\/d2q6z78khxmx42.cloudfront.net\/2023\/04\/Eglise de la Visitation_AffleckdelaRiva_Photo05-560x495.jpg","card-width":560,"card-height":495,"card-thumbnail":"https:\/\/d2q6z78khxmx42.cloudfront.net\/2023\/04\/Eglise de la Visitation_AffleckdelaRiva_Photo05-450x340.jpg","card-thumbnail-width":450,"card-thumbnail-height":340,"conference":"https:\/\/d2q6z78khxmx42.cloudfront.net\/2023\/04\/Eglise de la Visitation_AffleckdelaRiva_Photo05-560x250.jpg","conference-width":560,"conference-height":250,"contest":"https:\/\/d2q6z78khxmx42.cloudfront.net\/2023\/04\/Eglise de la Visitation_AffleckdelaRiva_Photo05-960x400.jpg","contest-width":960,"contest-height":400,"cta":"https:\/\/d2q6z78khxmx42.cloudfront.net\/2023\/04\/Eglise de la Visitation_AffleckdelaRiva_Photo05-415x170.jpg","cta-width":415,"cta-height":170,"exhibitor":"https:\/\/d2q6z78khxmx42.cloudfront.net\/2023\/04\/Eglise de la Visitation_AffleckdelaRiva_Photo05-560x560.jpg","exhibitor-width":560,"exhibitor-height":560,"gallery":"https:\/\/d2q6z78khxmx42.cloudfront.net\/2023\/04\/Eglise de la Visitation_AffleckdelaRiva_Photo05-560x373.jpg","gallery-width":560,"gallery-height":373,"logo":"https:\/\/d2q6z78khxmx42.cloudfront.net\/2023\/04\/Eglise de la Visitation_AffleckdelaRiva_Photo05-150x100.jpg","logo-width":150,"logo-height":100,"masonry":"https:\/\/d2q6z78khxmx42.cloudfront.net\/2023\/04\/Eglise de la Visitation_AffleckdelaRiva_Photo05-550x367.jpg","masonry-width":550,"masonry-height":367,"modal":"https:\/\/d2q6z78khxmx42.cloudfront.net\/2023\/04\/3H8f8owK-Eglise de la Visitation_AffleckdelaRiva_Photo05-1920x1280.jpg","modal-width":1920,"modal-height":1280,"number":"https:\/\/d2q6z78khxmx42.cloudfront.net\/2023\/04\/3H8f8owK-Eglise de la Visitation_AffleckdelaRiva_Photo05-560x373.jpg","number-width":560,"number-height":373,"partner":"https:\/\/d2q6z78khxmx42.cloudfront.net\/2023\/04\/Eglise de la Visitation_AffleckdelaRiva_Photo05-275x183.jpg","partner-width":275,"partner-height":183,"ranking":"https:\/\/d2q6z78khxmx42.cloudfront.net\/2023\/04\/3H8f8owK-Eglise de la Visitation_AffleckdelaRiva_Photo05-960x540.jpg","ranking-width":960,"ranking-height":540,"schedule":"https:\/\/d2q6z78khxmx42.cloudfront.net\/2023\/04\/Eglise de la Visitation_AffleckdelaRiva_Photo05-960x360.jpg","schedule-width":960,"schedule-height":360,"slideshow":"https:\/\/d2q6z78khxmx42.cloudfront.net\/2023\/04\/Eglise de la Visitation_AffleckdelaRiva_Photo05-1020x680.jpg","slideshow-width":1020,"slideshow-height":680}},"filters":false,"suppliers":false,"attachment_category":[]},{"categories":[3282,3279],"credit":"La\u00ebtitia Boudaud","image":{"ID":114510,"id":114510,"title":"Eglise de la Visitation_AffleckdelaRiva_Photo06","filename":"Eglise de la Visitation_AffleckdelaRiva_Photo06-scaled.jpg","filesize":1386423,"url":"https:\/\/d2q6z78khxmx42.cloudfront.net\/2023\/04\/Eglise de la Visitation_AffleckdelaRiva_Photo06-scaled.jpg","link":"https:\/\/int.design\/fr\/projets\/restauration-de-leglise-de-la-visitation\/eglise-de-la-visitation_affleckdelariva_photo06\/","alt":"","author":"815","description":"Restauration de l'\u00c9glise de la Visitation Affleck de la Riva, architectes Affleck de la Riva, architectes Centre de conservation du Qu\u00e9bec D. L. H\u00e9ritage La\u00ebtitia Boudaud Andr\u00e9 Domon Construction Hestia Atelier Isabelle Leclerc","caption":"","name":"eglise-de-la-visitation_affleckdelariva_photo06","status":"inherit","uploaded_to":111945,"date":"2023-04-07 02:05:42","modified":"2023-08-16 15:40:19","menu_order":0,"mime_type":"image\/jpeg","type":"image","subtype":"jpeg","icon":"https:\/\/int.design\/wp-includes\/images\/media\/default.png","width":2560,"height":2560,"sizes":{"thumbnail":"https:\/\/d2q6z78khxmx42.cloudfront.net\/2023\/04\/Eglise de la Visitation_AffleckdelaRiva_Photo06-150x150.jpg","thumbnail-width":150,"thumbnail-height":150,"medium":"https:\/\/d2q6z78khxmx42.cloudfront.net\/2023\/04\/Eglise de la Visitation_AffleckdelaRiva_Photo06-300x300.jpg","medium-width":300,"medium-height":300,"medium_large":"https:\/\/d2q6z78khxmx42.cloudfront.net\/2023\/04\/Eglise de la Visitation_AffleckdelaRiva_Photo06-768x768.jpg","medium_large-width":768,"medium_large-height":768,"large":"https:\/\/d2q6z78khxmx42.cloudfront.net\/2023\/04\/Eglise de la Visitation_AffleckdelaRiva_Photo06-1024x1024.jpg","large-width":1024,"large-height":1024,"1536x1536":"https:\/\/d2q6z78khxmx42.cloudfront.net\/2023\/04\/Eglise de la Visitation_AffleckdelaRiva_Photo06-1536x1536.jpg","1536x1536-width":1536,"1536x1536-height":1536,"2048x2048":"https:\/\/d2q6z78khxmx42.cloudfront.net\/2023\/04\/Eglise de la Visitation_AffleckdelaRiva_Photo06-2048x2048.jpg","2048x2048-width":2048,"2048x2048-height":2048,"article":"https:\/\/d2q6z78khxmx42.cloudfront.net\/2023\/04\/Eglise de la Visitation_AffleckdelaRiva_Photo06-960x540.jpg","article-width":960,"article-height":540,"banner":"https:\/\/d2q6z78khxmx42.cloudfront.net\/2023\/04\/Eglise de la Visitation_AffleckdelaRiva_Photo06-1920x1920.jpg","banner-width":1920,"banner-height":1920,"block":"https:\/\/d2q6z78khxmx42.cloudfront.net\/2023\/04\/Eglise de la Visitation_AffleckdelaRiva_Photo06-900x680.jpg","block-width":900,"block-height":680,"card":"https:\/\/d2q6z78khxmx42.cloudfront.net\/2023\/04\/Eglise de la Visitation_AffleckdelaRiva_Photo06-560x495.jpg","card-width":560,"card-height":495,"card-thumbnail":"https:\/\/d2q6z78khxmx42.cloudfront.net\/2023\/04\/Eglise de la Visitation_AffleckdelaRiva_Photo06-450x340.jpg","card-thumbnail-width":450,"card-thumbnail-height":340,"conference":"https:\/\/d2q6z78khxmx42.cloudfront.net\/2023\/04\/Eglise de la Visitation_AffleckdelaRiva_Photo06-560x250.jpg","conference-width":560,"conference-height":250,"contest":"https:\/\/d2q6z78khxmx42.cloudfront.net\/2023\/04\/Eglise de la Visitation_AffleckdelaRiva_Photo06-960x400.jpg","contest-width":960,"contest-height":400,"cta":"https:\/\/d2q6z78khxmx42.cloudfront.net\/2023\/04\/Eglise de la Visitation_AffleckdelaRiva_Photo06-415x170.jpg","cta-width":415,"cta-height":170,"exhibitor":"https:\/\/d2q6z78khxmx42.cloudfront.net\/2023\/04\/Eglise de la Visitation_AffleckdelaRiva_Photo06-560x560.jpg","exhibitor-width":560,"exhibitor-height":560,"gallery":"https:\/\/d2q6z78khxmx42.cloudfront.net\/2023\/04\/Eglise de la Visitation_AffleckdelaRiva_Photo06-430x430.jpg","gallery-width":430,"gallery-height":430,"logo":"https:\/\/d2q6z78khxmx42.cloudfront.net\/2023\/04\/Eglise de la Visitation_AffleckdelaRiva_Photo06-100x100.jpg","logo-width":100,"logo-height":100,"masonry":"https:\/\/d2q6z78khxmx42.cloudfront.net\/2023\/04\/Eglise de la Visitation_AffleckdelaRiva_Photo06-550x550.jpg","masonry-width":550,"masonry-height":550,"modal":"https:\/\/d2q6z78khxmx42.cloudfront.net\/2023\/04\/DVKNiH5m-Eglise de la Visitation_AffleckdelaRiva_Photo06-1920x1920.jpg","modal-width":1920,"modal-height":1920,"number":"https:\/\/d2q6z78khxmx42.cloudfront.net\/2023\/04\/DVKNiH5m-Eglise de la Visitation_AffleckdelaRiva_Photo06-430x430.jpg","number-width":430,"number-height":430,"partner":"https:\/\/d2q6z78khxmx42.cloudfront.net\/2023\/04\/Eglise de la Visitation_AffleckdelaRiva_Photo06-210x210.jpg","partner-width":210,"partner-height":210,"ranking":"https:\/\/d2q6z78khxmx42.cloudfront.net\/2023\/04\/DVKNiH5m-Eglise de la Visitation_AffleckdelaRiva_Photo06-960x540.jpg","ranking-width":960,"ranking-height":540,"schedule":"https:\/\/d2q6z78khxmx42.cloudfront.net\/2023\/04\/Eglise de la Visitation_AffleckdelaRiva_Photo06-960x360.jpg","schedule-width":960,"schedule-height":360,"slideshow":"https:\/\/d2q6z78khxmx42.cloudfront.net\/2023\/04\/Eglise de la Visitation_AffleckdelaRiva_Photo06-680x680.jpg","slideshow-width":680,"slideshow-height":680}},"filters":false,"suppliers":false,"attachment_category":[]},{"categories":[3282,3279],"credit":"La\u00ebtitia Boudaud","image":{"ID":114516,"id":114516,"title":"Eglise de la Visitation_AffleckdelaRiva_Photo07","filename":"Eglise de la Visitation_AffleckdelaRiva_Photo07-scaled.jpg","filesize":1481697,"url":"https:\/\/d2q6z78khxmx42.cloudfront.net\/2023\/04\/Eglise de la Visitation_AffleckdelaRiva_Photo07-scaled.jpg","link":"https:\/\/int.design\/fr\/projets\/restauration-de-leglise-de-la-visitation\/eglise-de-la-visitation_affleckdelariva_photo07\/","alt":"","author":"815","description":"Restauration de l'\u00c9glise de la Visitation Affleck de la Riva, architectes Affleck de la Riva, architectes Centre de conservation du Qu\u00e9bec D. L. H\u00e9ritage La\u00ebtitia Boudaud Andr\u00e9 Domon Construction Hestia Atelier Isabelle Leclerc","caption":"","name":"eglise-de-la-visitation_affleckdelariva_photo07","status":"inherit","uploaded_to":111945,"date":"2023-04-07 02:15:29","modified":"2023-08-16 15:40:20","menu_order":0,"mime_type":"image\/jpeg","type":"image","subtype":"jpeg","icon":"https:\/\/int.design\/wp-includes\/images\/media\/default.png","width":2560,"height":2560,"sizes":{"thumbnail":"https:\/\/d2q6z78khxmx42.cloudfront.net\/2023\/04\/Eglise de la Visitation_AffleckdelaRiva_Photo07-150x150.jpg","thumbnail-width":150,"thumbnail-height":150,"medium":"https:\/\/d2q6z78khxmx42.cloudfront.net\/2023\/04\/Eglise de la Visitation_AffleckdelaRiva_Photo07-300x300.jpg","medium-width":300,"medium-height":300,"medium_large":"https:\/\/d2q6z78khxmx42.cloudfront.net\/2023\/04\/Eglise de la Visitation_AffleckdelaRiva_Photo07-768x768.jpg","medium_large-width":768,"medium_large-height":768,"large":"https:\/\/d2q6z78khxmx42.cloudfront.net\/2023\/04\/Eglise de la Visitation_AffleckdelaRiva_Photo07-1024x1024.jpg","large-width":1024,"large-height":1024,"1536x1536":"https:\/\/d2q6z78khxmx42.cloudfront.net\/2023\/04\/Eglise de la Visitation_AffleckdelaRiva_Photo07-1536x1536.jpg","1536x1536-width":1536,"1536x1536-height":1536,"2048x2048":"https:\/\/d2q6z78khxmx42.cloudfront.net\/2023\/04\/Eglise de la Visitation_AffleckdelaRiva_Photo07-2048x2048.jpg","2048x2048-width":2048,"2048x2048-height":2048,"article":"https:\/\/d2q6z78khxmx42.cloudfront.net\/2023\/04\/Eglise de la Visitation_AffleckdelaRiva_Photo07-960x540.jpg","article-width":960,"article-height":540,"banner":"https:\/\/d2q6z78khxmx42.cloudfront.net\/2023\/04\/Eglise de la Visitation_AffleckdelaRiva_Photo07-1920x1920.jpg","banner-width":1920,"banner-height":1920,"block":"https:\/\/d2q6z78khxmx42.cloudfront.net\/2023\/04\/Eglise de la Visitation_AffleckdelaRiva_Photo07-900x680.jpg","block-width":900,"block-height":680,"card":"https:\/\/d2q6z78khxmx42.cloudfront.net\/2023\/04\/Eglise de la Visitation_AffleckdelaRiva_Photo07-560x495.jpg","card-width":560,"card-height":495,"card-thumbnail":"https:\/\/d2q6z78khxmx42.cloudfront.net\/2023\/04\/Eglise de la Visitation_AffleckdelaRiva_Photo07-450x340.jpg","card-thumbnail-width":450,"card-thumbnail-height":340,"conference":"https:\/\/d2q6z78khxmx42.cloudfront.net\/2023\/04\/Eglise de la Visitation_AffleckdelaRiva_Photo07-560x250.jpg","conference-width":560,"conference-height":250,"contest":"https:\/\/d2q6z78khxmx42.cloudfront.net\/2023\/04\/Eglise de la Visitation_AffleckdelaRiva_Photo07-960x400.jpg","contest-width":960,"contest-height":400,"cta":"https:\/\/d2q6z78khxmx42.cloudfront.net\/2023\/04\/Eglise de la Visitation_AffleckdelaRiva_Photo07-415x170.jpg","cta-width":415,"cta-height":170,"exhibitor":"https:\/\/d2q6z78khxmx42.cloudfront.net\/2023\/04\/Eglise de la Visitation_AffleckdelaRiva_Photo07-560x560.jpg","exhibitor-width":560,"exhibitor-height":560,"gallery":"https:\/\/d2q6z78khxmx42.cloudfront.net\/2023\/04\/Eglise de la Visitation_AffleckdelaRiva_Photo07-430x430.jpg","gallery-width":430,"gallery-height":430,"logo":"https:\/\/d2q6z78khxmx42.cloudfront.net\/2023\/04\/Eglise de la Visitation_AffleckdelaRiva_Photo07-100x100.jpg","logo-width":100,"logo-height":100,"masonry":"https:\/\/d2q6z78khxmx42.cloudfront.net\/2023\/04\/Eglise de la Visitation_AffleckdelaRiva_Photo07-550x550.jpg","masonry-width":550,"masonry-height":550,"modal":"https:\/\/d2q6z78khxmx42.cloudfront.net\/2023\/04\/dZRweNC6-Eglise de la Visitation_AffleckdelaRiva_Photo07-1920x1920.jpg","modal-width":1920,"modal-height":1920,"number":"https:\/\/d2q6z78khxmx42.cloudfront.net\/2023\/04\/dZRweNC6-Eglise de la Visitation_AffleckdelaRiva_Photo07-430x430.jpg","number-width":430,"number-height":430,"partner":"https:\/\/d2q6z78khxmx42.cloudfront.net\/2023\/04\/Eglise de la Visitation_AffleckdelaRiva_Photo07-210x210.jpg","partner-width":210,"partner-height":210,"ranking":"https:\/\/d2q6z78khxmx42.cloudfront.net\/2023\/04\/dZRweNC6-Eglise de la Visitation_AffleckdelaRiva_Photo07-960x540.jpg","ranking-width":960,"ranking-height":540,"schedule":"https:\/\/d2q6z78khxmx42.cloudfront.net\/2023\/04\/Eglise de la Visitation_AffleckdelaRiva_Photo07-960x360.jpg","schedule-width":960,"schedule-height":360,"slideshow":"https:\/\/d2q6z78khxmx42.cloudfront.net\/2023\/04\/Eglise de la Visitation_AffleckdelaRiva_Photo07-680x680.jpg","slideshow-width":680,"slideshow-height":680}},"filters":false,"suppliers":false,"attachment_category":[]},{"categories":[3282,3279],"credit":"La\u00ebtitia Boudaud","image":{"ID":114517,"id":114517,"title":"Eglise de la Visitation_AffleckdelaRiva_Photo08","filename":"Eglise de la Visitation_AffleckdelaRiva_Photo08-scaled.jpg","filesize":1578602,"url":"https:\/\/d2q6z78khxmx42.cloudfront.net\/2023\/04\/Eglise de la Visitation_AffleckdelaRiva_Photo08-scaled.jpg","link":"https:\/\/int.design\/fr\/projets\/restauration-de-leglise-de-la-visitation\/eglise-de-la-visitation_affleckdelariva_photo08\/","alt":"","author":"815","description":"Restauration de l'\u00c9glise de la Visitation Affleck de la Riva, architectes Affleck de la Riva, architectes Centre de conservation du Qu\u00e9bec D. L. H\u00e9ritage La\u00ebtitia Boudaud Andr\u00e9 Domon Construction Hestia Atelier Isabelle Leclerc","caption":"","name":"eglise-de-la-visitation_affleckdelariva_photo08","status":"inherit","uploaded_to":111945,"date":"2023-04-07 02:15:42","modified":"2023-08-16 15:40:20","menu_order":0,"mime_type":"image\/jpeg","type":"image","subtype":"jpeg","icon":"https:\/\/int.design\/wp-includes\/images\/media\/default.png","width":2560,"height":1978,"sizes":{"thumbnail":"https:\/\/d2q6z78khxmx42.cloudfront.net\/2023\/04\/Eglise de la Visitation_AffleckdelaRiva_Photo08-150x150.jpg","thumbnail-width":150,"thumbnail-height":150,"medium":"https:\/\/d2q6z78khxmx42.cloudfront.net\/2023\/04\/Eglise de la Visitation_AffleckdelaRiva_Photo08-300x232.jpg","medium-width":300,"medium-height":232,"medium_large":"https:\/\/d2q6z78khxmx42.cloudfront.net\/2023\/04\/Eglise de la Visitation_AffleckdelaRiva_Photo08-768x593.jpg","medium_large-width":768,"medium_large-height":593,"large":"https:\/\/d2q6z78khxmx42.cloudfront.net\/2023\/04\/Eglise de la Visitation_AffleckdelaRiva_Photo08-1024x791.jpg","large-width":1024,"large-height":791,"1536x1536":"https:\/\/d2q6z78khxmx42.cloudfront.net\/2023\/04\/Eglise de la Visitation_AffleckdelaRiva_Photo08-1536x1187.jpg","1536x1536-width":1536,"1536x1536-height":1187,"2048x2048":"https:\/\/d2q6z78khxmx42.cloudfront.net\/2023\/04\/Eglise de la Visitation_AffleckdelaRiva_Photo08-2048x1583.jpg","2048x2048-width":2048,"2048x2048-height":1583,"article":"https:\/\/d2q6z78khxmx42.cloudfront.net\/2023\/04\/Eglise de la Visitation_AffleckdelaRiva_Photo08-960x540.jpg","article-width":960,"article-height":540,"banner":"https:\/\/d2q6z78khxmx42.cloudfront.net\/2023\/04\/Eglise de la Visitation_AffleckdelaRiva_Photo08-1920x1484.jpg","banner-width":1920,"banner-height":1484,"block":"https:\/\/d2q6z78khxmx42.cloudfront.net\/2023\/04\/Eglise de la Visitation_AffleckdelaRiva_Photo08-900x680.jpg","block-width":900,"block-height":680,"card":"https:\/\/d2q6z78khxmx42.cloudfront.net\/2023\/04\/Eglise de la Visitation_AffleckdelaRiva_Photo08-560x495.jpg","card-width":560,"card-height":495,"card-thumbnail":"https:\/\/d2q6z78khxmx42.cloudfront.net\/2023\/04\/Eglise de la Visitation_AffleckdelaRiva_Photo08-450x340.jpg","card-thumbnail-width":450,"card-thumbnail-height":340,"conference":"https:\/\/d2q6z78khxmx42.cloudfront.net\/2023\/04\/Eglise de la Visitation_AffleckdelaRiva_Photo08-560x250.jpg","conference-width":560,"conference-height":250,"contest":"https:\/\/d2q6z78khxmx42.cloudfront.net\/2023\/04\/Eglise de la Visitation_AffleckdelaRiva_Photo08-960x400.jpg","contest-width":960,"contest-height":400,"cta":"https:\/\/d2q6z78khxmx42.cloudfront.net\/2023\/04\/Eglise de la Visitation_AffleckdelaRiva_Photo08-415x170.jpg","cta-width":415,"cta-height":170,"exhibitor":"https:\/\/d2q6z78khxmx42.cloudfront.net\/2023\/04\/Eglise de la Visitation_AffleckdelaRiva_Photo08-560x560.jpg","exhibitor-width":560,"exhibitor-height":560,"gallery":"https:\/\/d2q6z78khxmx42.cloudfront.net\/2023\/04\/Eglise de la Visitation_AffleckdelaRiva_Photo08-556x430.jpg","gallery-width":556,"gallery-height":430,"logo":"https:\/\/d2q6z78khxmx42.cloudfront.net\/2023\/04\/Eglise de la Visitation_AffleckdelaRiva_Photo08-129x100.jpg","logo-width":129,"logo-height":100,"masonry":"https:\/\/d2q6z78khxmx42.cloudfront.net\/2023\/04\/Eglise de la Visitation_AffleckdelaRiva_Photo08-550x425.jpg","masonry-width":550,"masonry-height":425,"modal":"https:\/\/d2q6z78khxmx42.cloudfront.net\/2023\/04\/ftg3UocZ-Eglise de la Visitation_AffleckdelaRiva_Photo08-1920x1484.jpg","modal-width":1920,"modal-height":1484,"number":"https:\/\/d2q6z78khxmx42.cloudfront.net\/2023\/04\/ftg3UocZ-Eglise de la Visitation_AffleckdelaRiva_Photo08-556x430.jpg","number-width":556,"number-height":430,"partner":"https:\/\/d2q6z78khxmx42.cloudfront.net\/2023\/04\/Eglise de la Visitation_AffleckdelaRiva_Photo08-272x210.jpg","partner-width":272,"partner-height":210,"ranking":"https:\/\/d2q6z78khxmx42.cloudfront.net\/2023\/04\/ftg3UocZ-Eglise de la Visitation_AffleckdelaRiva_Photo08-960x540.jpg","ranking-width":960,"ranking-height":540,"schedule":"https:\/\/d2q6z78khxmx42.cloudfront.net\/2023\/04\/Eglise de la Visitation_AffleckdelaRiva_Photo08-960x360.jpg","schedule-width":960,"schedule-height":360,"slideshow":"https:\/\/d2q6z78khxmx42.cloudfront.net\/2023\/04\/Eglise de la Visitation_AffleckdelaRiva_Photo08-880x680.jpg","slideshow-width":880,"slideshow-height":680}},"filters":false,"suppliers":false,"attachment_category":[]},{"categories":[3282,3279],"credit":"La\u00ebtitia Boudaud","image":{"ID":114518,"id":114518,"title":"Eglise de la Visitation_AffleckdelaRiva_Photo09","filename":"Eglise de la Visitation_AffleckdelaRiva_Photo09-scaled.jpg","filesize":610347,"url":"https:\/\/d2q6z78khxmx42.cloudfront.net\/2023\/04\/Eglise de la Visitation_AffleckdelaRiva_Photo09-scaled.jpg","link":"https:\/\/int.design\/fr\/projets\/restauration-de-leglise-de-la-visitation\/eglise-de-la-visitation_affleckdelariva_photo09\/","alt":"","author":"815","description":"Restauration de l'\u00c9glise de la Visitation Affleck de la Riva, architectes Affleck de la Riva, architectes Centre de conservation du Qu\u00e9bec D. L. H\u00e9ritage La\u00ebtitia Boudaud Andr\u00e9 Domon Construction Hestia Atelier Isabelle Leclerc","caption":"","name":"eglise-de-la-visitation_affleckdelariva_photo09","status":"inherit","uploaded_to":111945,"date":"2023-04-07 02:15:56","modified":"2023-08-16 15:40:20","menu_order":0,"mime_type":"image\/jpeg","type":"image","subtype":"jpeg","icon":"https:\/\/int.design\/wp-includes\/images\/media\/default.png","width":2560,"height":1707,"sizes":{"thumbnail":"https:\/\/d2q6z78khxmx42.cloudfront.net\/2023\/04\/Eglise de la Visitation_AffleckdelaRiva_Photo09-150x150.jpg","thumbnail-width":150,"thumbnail-height":150,"medium":"https:\/\/d2q6z78khxmx42.cloudfront.net\/2023\/04\/Eglise de la Visitation_AffleckdelaRiva_Photo09-300x200.jpg","medium-width":300,"medium-height":200,"medium_large":"https:\/\/d2q6z78khxmx42.cloudfront.net\/2023\/04\/Eglise de la Visitation_AffleckdelaRiva_Photo09-768x512.jpg","medium_large-width":768,"medium_large-height":512,"large":"https:\/\/d2q6z78khxmx42.cloudfront.net\/2023\/04\/Eglise de la Visitation_AffleckdelaRiva_Photo09-1024x683.jpg","large-width":1024,"large-height":683,"1536x1536":"https:\/\/d2q6z78khxmx42.cloudfront.net\/2023\/04\/Eglise de la Visitation_AffleckdelaRiva_Photo09-1536x1024.jpg","1536x1536-width":1536,"1536x1536-height":1024,"2048x2048":"https:\/\/d2q6z78khxmx42.cloudfront.net\/2023\/04\/Eglise de la Visitation_AffleckdelaRiva_Photo09-2048x1365.jpg","2048x2048-width":2048,"2048x2048-height":1365,"article":"https:\/\/d2q6z78khxmx42.cloudfront.net\/2023\/04\/Eglise de la Visitation_AffleckdelaRiva_Photo09-960x540.jpg","article-width":960,"article-height":540,"banner":"https:\/\/d2q6z78khxmx42.cloudfront.net\/2023\/04\/Eglise de la Visitation_AffleckdelaRiva_Photo09-1920x1280.jpg","banner-width":1920,"banner-height":1280,"block":"https:\/\/d2q6z78khxmx42.cloudfront.net\/2023\/04\/Eglise de la Visitation_AffleckdelaRiva_Photo09-900x680.jpg","block-width":900,"block-height":680,"card":"https:\/\/d2q6z78khxmx42.cloudfront.net\/2023\/04\/Eglise de la Visitation_AffleckdelaRiva_Photo09-560x495.jpg","card-width":560,"card-height":495,"card-thumbnail":"https:\/\/d2q6z78khxmx42.cloudfront.net\/2023\/04\/Eglise de la Visitation_AffleckdelaRiva_Photo09-450x340.jpg","card-thumbnail-width":450,"card-thumbnail-height":340,"conference":"https:\/\/d2q6z78khxmx42.cloudfront.net\/2023\/04\/Eglise de la Visitation_AffleckdelaRiva_Photo09-560x250.jpg","conference-width":560,"conference-height":250,"contest":"https:\/\/d2q6z78khxmx42.cloudfront.net\/2023\/04\/Eglise de la Visitation_AffleckdelaRiva_Photo09-960x400.jpg","contest-width":960,"contest-height":400,"cta":"https:\/\/d2q6z78khxmx42.cloudfront.net\/2023\/04\/Eglise de la Visitation_AffleckdelaRiva_Photo09-415x170.jpg","cta-width":415,"cta-height":170,"exhibitor":"https:\/\/d2q6z78khxmx42.cloudfront.net\/2023\/04\/Eglise de la Visitation_AffleckdelaRiva_Photo09-560x560.jpg","exhibitor-width":560,"exhibitor-height":560,"gallery":"https:\/\/d2q6z78khxmx42.cloudfront.net\/2023\/04\/Eglise de la Visitation_AffleckdelaRiva_Photo09-560x373.jpg","gallery-width":560,"gallery-height":373,"logo":"https:\/\/d2q6z78khxmx42.cloudfront.net\/2023\/04\/Eglise de la Visitation_AffleckdelaRiva_Photo09-150x100.jpg","logo-width":150,"logo-height":100,"masonry":"https:\/\/d2q6z78khxmx42.cloudfront.net\/2023\/04\/Eglise de la Visitation_AffleckdelaRiva_Photo09-550x367.jpg","masonry-width":550,"masonry-height":367,"modal":"https:\/\/d2q6z78khxmx42.cloudfront.net\/2023\/04\/zKnMOQzz-Eglise de la Visitation_AffleckdelaRiva_Photo09-1920x1280.jpg","modal-width":1920,"modal-height":1280,"number":"https:\/\/d2q6z78khxmx42.cloudfront.net\/2023\/04\/zKnMOQzz-Eglise de la Visitation_AffleckdelaRiva_Photo09-560x373.jpg","number-width":560,"number-height":373,"partner":"https:\/\/d2q6z78khxmx42.cloudfront.net\/2023\/04\/Eglise de la Visitation_AffleckdelaRiva_Photo09-275x183.jpg","partner-width":275,"partner-height":183,"ranking":"https:\/\/d2q6z78khxmx42.cloudfront.net\/2023\/04\/zKnMOQzz-Eglise de la Visitation_AffleckdelaRiva_Photo09-960x540.jpg","ranking-width":960,"ranking-height":540,"schedule":"https:\/\/d2q6z78khxmx42.cloudfront.net\/2023\/04\/Eglise de la Visitation_AffleckdelaRiva_Photo09-960x360.jpg","schedule-width":960,"schedule-height":360,"slideshow":"https:\/\/d2q6z78khxmx42.cloudfront.net\/2023\/04\/Eglise de la Visitation_AffleckdelaRiva_Photo09-1020x680.jpg","slideshow-width":1020,"slideshow-height":680}},"filters":false,"suppliers":false,"attachment_category":[]},{"categories":[3282,3279],"credit":"La\u00ebtitia Boudaud","image":{"ID":114519,"id":114519,"title":"Eglise de la Visitation_AffleckdelaRiva_Photo10","filename":"Eglise de la Visitation_AffleckdelaRiva_Photo10-scaled.jpg","filesize":860737,"url":"https:\/\/d2q6z78khxmx42.cloudfront.net\/2023\/04\/Eglise de la Visitation_AffleckdelaRiva_Photo10-scaled.jpg","link":"https:\/\/int.design\/fr\/projets\/restauration-de-leglise-de-la-visitation\/eglise-de-la-visitation_affleckdelariva_photo10\/","alt":"","author":"815","description":"Restauration de l'\u00c9glise de la Visitation Affleck de la Riva, architectes Affleck de la Riva, architectes Centre de conservation du Qu\u00e9bec D. L. H\u00e9ritage La\u00ebtitia Boudaud Andr\u00e9 Domon Construction Hestia Atelier Isabelle Leclerc","caption":"","name":"eglise-de-la-visitation_affleckdelariva_photo10","status":"inherit","uploaded_to":111945,"date":"2023-04-07 02:16:23","modified":"2023-08-16 15:40:21","menu_order":0,"mime_type":"image\/jpeg","type":"image","subtype":"jpeg","icon":"https:\/\/int.design\/wp-includes\/images\/media\/default.png","width":2560,"height":2560,"sizes":{"thumbnail":"https:\/\/d2q6z78khxmx42.cloudfront.net\/2023\/04\/Eglise de la Visitation_AffleckdelaRiva_Photo10-150x150.jpg","thumbnail-width":150,"thumbnail-height":150,"medium":"https:\/\/d2q6z78khxmx42.cloudfront.net\/2023\/04\/Eglise de la Visitation_AffleckdelaRiva_Photo10-300x300.jpg","medium-width":300,"medium-height":300,"medium_large":"https:\/\/d2q6z78khxmx42.cloudfront.net\/2023\/04\/Eglise de la Visitation_AffleckdelaRiva_Photo10-768x768.jpg","medium_large-width":768,"medium_large-height":768,"large":"https:\/\/d2q6z78khxmx42.cloudfront.net\/2023\/04\/Eglise de la Visitation_AffleckdelaRiva_Photo10-1024x1024.jpg","large-width":1024,"large-height":1024,"1536x1536":"https:\/\/d2q6z78khxmx42.cloudfront.net\/2023\/04\/Eglise de la Visitation_AffleckdelaRiva_Photo10-1536x1536.jpg","1536x1536-width":1536,"1536x1536-height":1536,"2048x2048":"https:\/\/d2q6z78khxmx42.cloudfront.net\/2023\/04\/Eglise de la Visitation_AffleckdelaRiva_Photo10-2048x2048.jpg","2048x2048-width":2048,"2048x2048-height":2048,"article":"https:\/\/d2q6z78khxmx42.cloudfront.net\/2023\/04\/Eglise de la Visitation_AffleckdelaRiva_Photo10-960x540.jpg","article-width":960,"article-height":540,"banner":"https:\/\/d2q6z78khxmx42.cloudfront.net\/2023\/04\/Eglise de la Visitation_AffleckdelaRiva_Photo10-1920x1920.jpg","banner-width":1920,"banner-height":1920,"block":"https:\/\/d2q6z78khxmx42.cloudfront.net\/2023\/04\/Eglise de la Visitation_AffleckdelaRiva_Photo10-900x680.jpg","block-width":900,"block-height":680,"card":"https:\/\/d2q6z78khxmx42.cloudfront.net\/2023\/04\/Eglise de la Visitation_AffleckdelaRiva_Photo10-560x495.jpg","card-width":560,"card-height":495,"card-thumbnail":"https:\/\/d2q6z78khxmx42.cloudfront.net\/2023\/04\/Eglise de la Visitation_AffleckdelaRiva_Photo10-450x340.jpg","card-thumbnail-width":450,"card-thumbnail-height":340,"conference":"https:\/\/d2q6z78khxmx42.cloudfront.net\/2023\/04\/Eglise de la Visitation_AffleckdelaRiva_Photo10-560x250.jpg","conference-width":560,"conference-height":250,"contest":"https:\/\/d2q6z78khxmx42.cloudfront.net\/2023\/04\/Eglise de la Visitation_AffleckdelaRiva_Photo10-960x400.jpg","contest-width":960,"contest-height":400,"cta":"https:\/\/d2q6z78khxmx42.cloudfront.net\/2023\/04\/Eglise de la Visitation_AffleckdelaRiva_Photo10-415x170.jpg","cta-width":415,"cta-height":170,"exhibitor":"https:\/\/d2q6z78khxmx42.cloudfront.net\/2023\/04\/Eglise de la Visitation_AffleckdelaRiva_Photo10-560x560.jpg","exhibitor-width":560,"exhibitor-height":560,"gallery":"https:\/\/d2q6z78khxmx42.cloudfront.net\/2023\/04\/Eglise de la Visitation_AffleckdelaRiva_Photo10-430x430.jpg","gallery-width":430,"gallery-height":430,"logo":"https:\/\/d2q6z78khxmx42.cloudfront.net\/2023\/04\/Eglise de la Visitation_AffleckdelaRiva_Photo10-100x100.jpg","logo-width":100,"logo-height":100,"masonry":"https:\/\/d2q6z78khxmx42.cloudfront.net\/2023\/04\/Eglise de la Visitation_AffleckdelaRiva_Photo10-550x550.jpg","masonry-width":550,"masonry-height":550,"modal":"https:\/\/d2q6z78khxmx42.cloudfront.net\/2023\/04\/qGZMLHhp-Eglise de la Visitation_AffleckdelaRiva_Photo10-1920x1920.jpg","modal-width":1920,"modal-height":1920,"number":"https:\/\/d2q6z78khxmx42.cloudfront.net\/2023\/04\/qGZMLHhp-Eglise de la Visitation_AffleckdelaRiva_Photo10-430x430.jpg","number-width":430,"number-height":430,"partner":"https:\/\/d2q6z78khxmx42.cloudfront.net\/2023\/04\/Eglise de la Visitation_AffleckdelaRiva_Photo10-210x210.jpg","partner-width":210,"partner-height":210,"ranking":"https:\/\/d2q6z78khxmx42.cloudfront.net\/2023\/04\/qGZMLHhp-Eglise de la Visitation_AffleckdelaRiva_Photo10-960x540.jpg","ranking-width":960,"ranking-height":540,"schedule":"https:\/\/d2q6z78khxmx42.cloudfront.net\/2023\/04\/Eglise de la Visitation_AffleckdelaRiva_Photo10-960x360.jpg","schedule-width":960,"schedule-height":360,"slideshow":"https:\/\/d2q6z78khxmx42.cloudfront.net\/2023\/04\/Eglise de la Visitation_AffleckdelaRiva_Photo10-680x680.jpg","slideshow-width":680,"slideshow-height":680}},"filters":false,"suppliers":false,"attachment_category":[]}],"mandatory_documents":[{"name":"Dessins : murs et plafond","file":{"ID":114520,"id":114520,"title":"EglisedelaVisitation_AffleckdelaRiva_Dessin01","filename":"q4j5w154-EglisedelaVisitation_AffleckdelaRiva_Dessin01-scaled.jpg","filesize":"1732449","url":"https:\/\/int.design\/wp-content\/uploads\/2023\/04\/q4j5w154-EglisedelaVisitation_AffleckdelaRiva_Dessin01-scaled.jpg","link":"https:\/\/int.design\/fr\/projets\/restauration-de-leglise-de-la-visitation\/eglisedelavisitation_affleckdelariva_dessin01\/","alt":"","author":"815","description":"","caption":"","name":"eglisedelavisitation_affleckdelariva_dessin01","status":"inherit","uploaded_to":111945,"date":"2023-04-07 02:22:30","modified":"2023-04-07 02:30:18","menu_order":0,"mime_type":"image\/jpeg","type":"image","subtype":"jpeg","icon":"https:\/\/int.design\/wp-includes\/images\/media\/default.png","width":2560,"height":1707,"sizes":{"thumbnail":"https:\/\/int.design\/wp-content\/uploads\/2023\/04\/q4j5w154-EglisedelaVisitation_AffleckdelaRiva_Dessin01-scaled.jpg","thumbnail-width":150,"thumbnail-height":100,"medium":"https:\/\/int.design\/wp-content\/uploads\/2023\/04\/q4j5w154-EglisedelaVisitation_AffleckdelaRiva_Dessin01-scaled.jpg","medium-width":300,"medium-height":200,"medium_large":"https:\/\/int.design\/wp-content\/uploads\/2023\/04\/q4j5w154-EglisedelaVisitation_AffleckdelaRiva_Dessin01-scaled.jpg","medium_large-width":768,"medium_large-height":512,"large":"https:\/\/int.design\/wp-content\/uploads\/2023\/04\/q4j5w154-EglisedelaVisitation_AffleckdelaRiva_Dessin01-scaled.jpg","large-width":1024,"large-height":683,"1536x1536":"https:\/\/int.design\/wp-content\/uploads\/2023\/04\/q4j5w154-EglisedelaVisitation_AffleckdelaRiva_Dessin01-scaled.jpg","1536x1536-width":1536,"1536x1536-height":1024,"2048x2048":"https:\/\/int.design\/wp-content\/uploads\/2023\/04\/EglisedelaVisitation_AffleckdelaRiva_Dessin01-2048x1365.jpg","2048x2048-width":2048,"2048x2048-height":1365,"article":"https:\/\/int.design\/wp-content\/uploads\/2023\/04\/q4j5w154-EglisedelaVisitation_AffleckdelaRiva_Dessin01-scaled.jpg","article-width":810,"article-height":540,"banner":"https:\/\/int.design\/wp-content\/uploads\/2023\/04\/q4j5w154-EglisedelaVisitation_AffleckdelaRiva_Dessin01-scaled.jpg","banner-width":1920,"banner-height":1280,"block":"https:\/\/int.design\/wp-content\/uploads\/2023\/04\/q4j5w154-EglisedelaVisitation_AffleckdelaRiva_Dessin01-scaled.jpg","block-width":900,"block-height":600,"card":"https:\/\/int.design\/wp-content\/uploads\/2023\/04\/q4j5w154-EglisedelaVisitation_AffleckdelaRiva_Dessin01-scaled.jpg","card-width":560,"card-height":373,"card-thumbnail":"https:\/\/int.design\/wp-content\/uploads\/2023\/04\/q4j5w154-EglisedelaVisitation_AffleckdelaRiva_Dessin01-scaled.jpg","card-thumbnail-width":450,"card-thumbnail-height":300,"conference":"https:\/\/int.design\/wp-content\/uploads\/2023\/04\/q4j5w154-EglisedelaVisitation_AffleckdelaRiva_Dessin01-scaled.jpg","conference-width":375,"conference-height":250,"contest":"https:\/\/int.design\/wp-content\/uploads\/2023\/04\/q4j5w154-EglisedelaVisitation_AffleckdelaRiva_Dessin01-scaled.jpg","contest-width":600,"contest-height":400,"cta":"https:\/\/int.design\/wp-content\/uploads\/2023\/04\/q4j5w154-EglisedelaVisitation_AffleckdelaRiva_Dessin01-scaled.jpg","cta-width":255,"cta-height":170,"exhibitor":"https:\/\/int.design\/wp-content\/uploads\/2023\/04\/q4j5w154-EglisedelaVisitation_AffleckdelaRiva_Dessin01-scaled.jpg","exhibitor-width":560,"exhibitor-height":373,"gallery":"https:\/\/int.design\/wp-content\/uploads\/2023\/04\/q4j5w154-EglisedelaVisitation_AffleckdelaRiva_Dessin01-scaled.jpg","gallery-width":560,"gallery-height":373,"logo":"https:\/\/int.design\/wp-content\/uploads\/2023\/04\/q4j5w154-EglisedelaVisitation_AffleckdelaRiva_Dessin01-scaled.jpg","logo-width":150,"logo-height":100,"masonry":"https:\/\/int.design\/wp-content\/uploads\/2023\/04\/q4j5w154-EglisedelaVisitation_AffleckdelaRiva_Dessin01-scaled.jpg","masonry-width":550,"masonry-height":367,"modal":"https:\/\/int.design\/wp-content\/uploads\/2023\/04\/q4j5w154-EglisedelaVisitation_AffleckdelaRiva_Dessin01-scaled.jpg","modal-width":1920,"modal-height":1280,"number":"https:\/\/int.design\/wp-content\/uploads\/2023\/04\/q4j5w154-EglisedelaVisitation_AffleckdelaRiva_Dessin01-scaled.jpg","number-width":560,"number-height":373,"partner":"https:\/\/int.design\/wp-content\/uploads\/2023\/04\/q4j5w154-EglisedelaVisitation_AffleckdelaRiva_Dessin01-scaled.jpg","partner-width":275,"partner-height":183,"ranking":"https:\/\/int.design\/wp-content\/uploads\/2023\/04\/q4j5w154-EglisedelaVisitation_AffleckdelaRiva_Dessin01-scaled.jpg","ranking-width":810,"ranking-height":540,"schedule":"https:\/\/int.design\/wp-content\/uploads\/2023\/04\/q4j5w154-EglisedelaVisitation_AffleckdelaRiva_Dessin01-scaled.jpg","schedule-width":540,"schedule-height":360,"slideshow":"https:\/\/int.design\/wp-content\/uploads\/2023\/04\/q4j5w154-EglisedelaVisitation_AffleckdelaRiva_Dessin01-scaled.jpg","slideshow-width":1020,"slideshow-height":680}}},{"name":"Dessins : narthex, jub\u00e9 et bas de murs 1","file":{"ID":114521,"id":114521,"title":"EglisedelaVisitation_AffleckdelaRiva_Dessin02","filename":"dF1ZUyFL-EglisedelaVisitation_AffleckdelaRiva_Dessin02-scaled.jpg","filesize":"1412495","url":"https:\/\/int.design\/wp-content\/uploads\/2023\/04\/dF1ZUyFL-EglisedelaVisitation_AffleckdelaRiva_Dessin02-scaled.jpg","link":"https:\/\/int.design\/fr\/projets\/restauration-de-leglise-de-la-visitation\/eglisedelavisitation_affleckdelariva_dessin02\/","alt":"","author":"815","description":"","caption":"","name":"eglisedelavisitation_affleckdelariva_dessin02","status":"inherit","uploaded_to":111945,"date":"2023-04-07 02:24:19","modified":"2023-04-07 02:30:18","menu_order":0,"mime_type":"image\/jpeg","type":"image","subtype":"jpeg","icon":"https:\/\/int.design\/wp-includes\/images\/media\/default.png","width":2560,"height":1707,"sizes":{"thumbnail":"https:\/\/int.design\/wp-content\/uploads\/2023\/04\/dF1ZUyFL-EglisedelaVisitation_AffleckdelaRiva_Dessin02-scaled.jpg","thumbnail-width":150,"thumbnail-height":100,"medium":"https:\/\/int.design\/wp-content\/uploads\/2023\/04\/dF1ZUyFL-EglisedelaVisitation_AffleckdelaRiva_Dessin02-scaled.jpg","medium-width":300,"medium-height":200,"medium_large":"https:\/\/int.design\/wp-content\/uploads\/2023\/04\/dF1ZUyFL-EglisedelaVisitation_AffleckdelaRiva_Dessin02-scaled.jpg","medium_large-width":768,"medium_large-height":512,"large":"https:\/\/int.design\/wp-content\/uploads\/2023\/04\/dF1ZUyFL-EglisedelaVisitation_AffleckdelaRiva_Dessin02-scaled.jpg","large-width":1024,"large-height":683,"1536x1536":"https:\/\/int.design\/wp-content\/uploads\/2023\/04\/dF1ZUyFL-EglisedelaVisitation_AffleckdelaRiva_Dessin02-scaled.jpg","1536x1536-width":1536,"1536x1536-height":1024,"2048x2048":"https:\/\/int.design\/wp-content\/uploads\/2023\/04\/EglisedelaVisitation_AffleckdelaRiva_Dessin02-2048x1365.jpg","2048x2048-width":2048,"2048x2048-height":1365,"article":"https:\/\/int.design\/wp-content\/uploads\/2023\/04\/dF1ZUyFL-EglisedelaVisitation_AffleckdelaRiva_Dessin02-scaled.jpg","article-width":810,"article-height":540,"banner":"https:\/\/int.design\/wp-content\/uploads\/2023\/04\/dF1ZUyFL-EglisedelaVisitation_AffleckdelaRiva_Dessin02-scaled.jpg","banner-width":1920,"banner-height":1280,"block":"https:\/\/int.design\/wp-content\/uploads\/2023\/04\/dF1ZUyFL-EglisedelaVisitation_AffleckdelaRiva_Dessin02-scaled.jpg","block-width":900,"block-height":600,"card":"https:\/\/int.design\/wp-content\/uploads\/2023\/04\/dF1ZUyFL-EglisedelaVisitation_AffleckdelaRiva_Dessin02-scaled.jpg","card-width":560,"card-height":373,"card-thumbnail":"https:\/\/int.design\/wp-content\/uploads\/2023\/04\/dF1ZUyFL-EglisedelaVisitation_AffleckdelaRiva_Dessin02-scaled.jpg","card-thumbnail-width":450,"card-thumbnail-height":300,"conference":"https:\/\/int.design\/wp-content\/uploads\/2023\/04\/dF1ZUyFL-EglisedelaVisitation_AffleckdelaRiva_Dessin02-scaled.jpg","conference-width":375,"conference-height":250,"contest":"https:\/\/int.design\/wp-content\/uploads\/2023\/04\/dF1ZUyFL-EglisedelaVisitation_AffleckdelaRiva_Dessin02-scaled.jpg","contest-width":600,"contest-height":400,"cta":"https:\/\/int.design\/wp-content\/uploads\/2023\/04\/dF1ZUyFL-EglisedelaVisitation_AffleckdelaRiva_Dessin02-scaled.jpg","cta-width":255,"cta-height":170,"exhibitor":"https:\/\/int.design\/wp-content\/uploads\/2023\/04\/dF1ZUyFL-EglisedelaVisitation_AffleckdelaRiva_Dessin02-scaled.jpg","exhibitor-width":560,"exhibitor-height":373,"gallery":"https:\/\/int.design\/wp-content\/uploads\/2023\/04\/dF1ZUyFL-EglisedelaVisitation_AffleckdelaRiva_Dessin02-scaled.jpg","gallery-width":560,"gallery-height":373,"logo":"https:\/\/int.design\/wp-content\/uploads\/2023\/04\/dF1ZUyFL-EglisedelaVisitation_AffleckdelaRiva_Dessin02-scaled.jpg","logo-width":150,"logo-height":100,"masonry":"https:\/\/int.design\/wp-content\/uploads\/2023\/04\/dF1ZUyFL-EglisedelaVisitation_AffleckdelaRiva_Dessin02-scaled.jpg","masonry-width":550,"masonry-height":367,"modal":"https:\/\/int.design\/wp-content\/uploads\/2023\/04\/dF1ZUyFL-EglisedelaVisitation_AffleckdelaRiva_Dessin02-scaled.jpg","modal-width":1920,"modal-height":1280,"number":"https:\/\/int.design\/wp-content\/uploads\/2023\/04\/dF1ZUyFL-EglisedelaVisitation_AffleckdelaRiva_Dessin02-scaled.jpg","number-width":560,"number-height":373,"partner":"https:\/\/int.design\/wp-content\/uploads\/2023\/04\/dF1ZUyFL-EglisedelaVisitation_AffleckdelaRiva_Dessin02-scaled.jpg","partner-width":275,"partner-height":183,"ranking":"https:\/\/int.design\/wp-content\/uploads\/2023\/04\/dF1ZUyFL-EglisedelaVisitation_AffleckdelaRiva_Dessin02-scaled.jpg","ranking-width":810,"ranking-height":540,"schedule":"https:\/\/int.design\/wp-content\/uploads\/2023\/04\/dF1ZUyFL-EglisedelaVisitation_AffleckdelaRiva_Dessin02-scaled.jpg","schedule-width":540,"schedule-height":360,"slideshow":"https:\/\/int.design\/wp-content\/uploads\/2023\/04\/dF1ZUyFL-EglisedelaVisitation_AffleckdelaRiva_Dessin02-scaled.jpg","slideshow-width":1020,"slideshow-height":680}}},{"name":"Dessins : narthex, jub\u00e9 et bas de murs 2","file":{"ID":114522,"id":114522,"title":"EglisedelaVisitation_AffleckdelaRiva_Dessin03","filename":"BWlKQ3ZB-EglisedelaVisitation_AffleckdelaRiva_Dessin03-scaled.jpg","filesize":"1875571","url":"https:\/\/int.design\/wp-content\/uploads\/2023\/04\/BWlKQ3ZB-EglisedelaVisitation_AffleckdelaRiva_Dessin03-scaled.jpg","link":"https:\/\/int.design\/fr\/projets\/restauration-de-leglise-de-la-visitation\/eglisedelavisitation_affleckdelariva_dessin03\/","alt":"","author":"815","description":"","caption":"","name":"eglisedelavisitation_affleckdelariva_dessin03","status":"inherit","uploaded_to":111945,"date":"2023-04-07 02:25:14","modified":"2023-04-07 02:30:18","menu_order":0,"mime_type":"image\/jpeg","type":"image","subtype":"jpeg","icon":"https:\/\/int.design\/wp-includes\/images\/media\/default.png","width":2560,"height":1707,"sizes":{"thumbnail":"https:\/\/int.design\/wp-content\/uploads\/2023\/04\/BWlKQ3ZB-EglisedelaVisitation_AffleckdelaRiva_Dessin03-scaled.jpg","thumbnail-width":150,"thumbnail-height":100,"medium":"https:\/\/int.design\/wp-content\/uploads\/2023\/04\/BWlKQ3ZB-EglisedelaVisitation_AffleckdelaRiva_Dessin03-scaled.jpg","medium-width":300,"medium-height":200,"medium_large":"https:\/\/int.design\/wp-content\/uploads\/2023\/04\/BWlKQ3ZB-EglisedelaVisitation_AffleckdelaRiva_Dessin03-scaled.jpg","medium_large-width":768,"medium_large-height":512,"large":"https:\/\/int.design\/wp-content\/uploads\/2023\/04\/BWlKQ3ZB-EglisedelaVisitation_AffleckdelaRiva_Dessin03-scaled.jpg","large-width":1024,"large-height":683,"1536x1536":"https:\/\/int.design\/wp-content\/uploads\/2023\/04\/BWlKQ3ZB-EglisedelaVisitation_AffleckdelaRiva_Dessin03-scaled.jpg","1536x1536-width":1536,"1536x1536-height":1024,"2048x2048":"https:\/\/int.design\/wp-content\/uploads\/2023\/04\/EglisedelaVisitation_AffleckdelaRiva_Dessin03-2048x1365.jpg","2048x2048-width":2048,"2048x2048-height":1365,"article":"https:\/\/int.design\/wp-content\/uploads\/2023\/04\/BWlKQ3ZB-EglisedelaVisitation_AffleckdelaRiva_Dessin03-scaled.jpg","article-width":810,"article-height":540,"banner":"https:\/\/int.design\/wp-content\/uploads\/2023\/04\/BWlKQ3ZB-EglisedelaVisitation_AffleckdelaRiva_Dessin03-scaled.jpg","banner-width":1920,"banner-height":1280,"block":"https:\/\/int.design\/wp-content\/uploads\/2023\/04\/BWlKQ3ZB-EglisedelaVisitation_AffleckdelaRiva_Dessin03-scaled.jpg","block-width":900,"block-height":600,"card":"https:\/\/int.design\/wp-content\/uploads\/2023\/04\/BWlKQ3ZB-EglisedelaVisitation_AffleckdelaRiva_Dessin03-scaled.jpg","card-width":560,"card-height":373,"card-thumbnail":"https:\/\/int.design\/wp-content\/uploads\/2023\/04\/BWlKQ3ZB-EglisedelaVisitation_AffleckdelaRiva_Dessin03-scaled.jpg","card-thumbnail-width":450,"card-thumbnail-height":300,"conference":"https:\/\/int.design\/wp-content\/uploads\/2023\/04\/BWlKQ3ZB-EglisedelaVisitation_AffleckdelaRiva_Dessin03-scaled.jpg","conference-width":375,"conference-height":250,"contest":"https:\/\/int.design\/wp-content\/uploads\/2023\/04\/BWlKQ3ZB-EglisedelaVisitation_AffleckdelaRiva_Dessin03-scaled.jpg","contest-width":600,"contest-height":400,"cta":"https:\/\/int.design\/wp-content\/uploads\/2023\/04\/BWlKQ3ZB-EglisedelaVisitation_AffleckdelaRiva_Dessin03-scaled.jpg","cta-width":255,"cta-height":170,"exhibitor":"https:\/\/int.design\/wp-content\/uploads\/2023\/04\/BWlKQ3ZB-EglisedelaVisitation_AffleckdelaRiva_Dessin03-scaled.jpg","exhibitor-width":560,"exhibitor-height":373,"gallery":"https:\/\/int.design\/wp-content\/uploads\/2023\/04\/BWlKQ3ZB-EglisedelaVisitation_AffleckdelaRiva_Dessin03-scaled.jpg","gallery-width":560,"gallery-height":373,"logo":"https:\/\/int.design\/wp-content\/uploads\/2023\/04\/BWlKQ3ZB-EglisedelaVisitation_AffleckdelaRiva_Dessin03-scaled.jpg","logo-width":150,"logo-height":100,"masonry":"https:\/\/int.design\/wp-content\/uploads\/2023\/04\/BWlKQ3ZB-EglisedelaVisitation_AffleckdelaRiva_Dessin03-scaled.jpg","masonry-width":550,"masonry-height":367,"modal":"https:\/\/int.design\/wp-content\/uploads\/2023\/04\/BWlKQ3ZB-EglisedelaVisitation_AffleckdelaRiva_Dessin03-scaled.jpg","modal-width":1920,"modal-height":1280,"number":"https:\/\/int.design\/wp-content\/uploads\/2023\/04\/BWlKQ3ZB-EglisedelaVisitation_AffleckdelaRiva_Dessin03-scaled.jpg","number-width":560,"number-height":373,"partner":"https:\/\/int.design\/wp-content\/uploads\/2023\/04\/BWlKQ3ZB-EglisedelaVisitation_AffleckdelaRiva_Dessin03-scaled.jpg","partner-width":275,"partner-height":183,"ranking":"https:\/\/int.design\/wp-content\/uploads\/2023\/04\/BWlKQ3ZB-EglisedelaVisitation_AffleckdelaRiva_Dessin03-scaled.jpg","ranking-width":810,"ranking-height":540,"schedule":"https:\/\/int.design\/wp-content\/uploads\/2023\/04\/BWlKQ3ZB-EglisedelaVisitation_AffleckdelaRiva_Dessin03-scaled.jpg","schedule-width":540,"schedule-height":360,"slideshow":"https:\/\/int.design\/wp-content\/uploads\/2023\/04\/BWlKQ3ZB-EglisedelaVisitation_AffleckdelaRiva_Dessin03-scaled.jpg","slideshow-width":1020,"slideshow-height":680}}}],"optional_documents":false,"web_text":{"fr":"<p>L\u2019\u00c9glise de la Visitation-de-la-Bienheureuse-Vierge-Marie a \u00e9t\u00e9 construite au pied des rapides au Sault-au-R\u00e9collet entre 1749 et 1752. Les premiers travaux sont confi\u00e9s au ma\u00eetre-ma\u00e7on Charles Guilbault qui \u00e9rige une structure typique de la Nouvelle-France en pierre des champs. C\u2019est Philipe Liebert, architecte, sculpteur et peintre, un de nos meilleurs artisans, qui en assure la d\u00e9coration int\u00e9rieure. R\u00e9alis\u00e9s dans un esprit classique, Liebert s\u2019y consacre \u00e0 plusieurs ouvrages jusqu\u2019en 1798, suivi de Louis Amable Qu\u00e9villon qui r\u00e9alise divers d\u00e9cors en bois. Entre 1816 et 1827, David Fleury-David termine la superbe vo\u00fbte de bois int\u00e9rieure et les 3 retables. La chaire actuelle date de 1836 et est l\u2019\u0153uvre de Vincent Chartrand. En 1850, l\u2019architecte John Ostell ajoute une trav\u00e9e \u00e0 l\u2019espace du sanctuaire et on \u00e9rige une nouvelle fa\u00e7ade en pierre de taille avec deux clochers.<\/p>\n<p>Ainsi, au fil des g\u00e9n\u00e9rations, plusieurs \u00e9l\u00e9ments du d\u00e9cor int\u00e9rieur de l\u2019\u00e9glise sont modifi\u00e9s ou remplac\u00e9s par plusieurs artisans et architectes. Les changements significatifs les plus r\u00e9cents datent des ann\u00e9es 1950, alors que la liturgie s\u2019adapte au renouveau. Le mobilier est modifi\u00e9 et une vision plus color\u00e9e des int\u00e9rieurs est propos\u00e9e. En 1971, l\u2019\u00e9glise est class\u00e9e \u2018\u2019bien culturel\u2019\u2019, et l\u2019ensemble du lieu, Site du patrimoine de Montr\u00e9al en 1992. En 2018, le secteur de l\u2019Ancien-Village-du-Sault-au-R\u00e9collet est d\u00e9sign\u00e9 lieu historique par la province.<\/p>\n<p><strong>Les int\u00e9rieurs patrimoniaux\u00a0:\u00a0 <\/strong>Ce projet s\u2019inscrit dans une perspective globale visant \u00e0 redonner \u00e0 l\u2019\u00e9glise son \u00e9clat d\u2019antan\u2026 Mais de quels d\u00e9cors et \u00e9poques ant\u00e9rieures s\u2019agit-il exactement? L\u2019\u00e9tude pr\u00e9alable fut r\u00e9alis\u00e9e avec le support de nombreux documents d\u2019archives de La Fabrique, de l\u2019Archev\u00each\u00e9 et du minist\u00e8re de la Culture. Diverses expertises, telles que des sondages et des \u00e9tudes stratigraphiques des couches de finis, ont corrobor\u00e9 les r\u00e9sultats de nos recherches iconographiques. Cet examen rigoureux a confirm\u00e9 l\u2019int\u00e9r\u00eat de la restauration des int\u00e9rieurs du sanctuaire telle qu\u2019il \u00e9tait devenu au d\u00e9but du 19<sup>e<\/sup> si\u00e8cle.<\/p>\n<p>Les travaux ont \u00e9t\u00e9 r\u00e9alis\u00e9s en deux \u00e9tapes. La premi\u00e8re a engag\u00e9 le nettoyage, r\u00e9paration et finition l\u2019ensemble des surfaces en pl\u00e2tre et en bois sur le haut des murs du sanctuaire de 1750, de sa vo\u00fbte et de la chaire. Les travaux de deuxi\u00e8me phase ont permis de recr\u00e9er les faux finis d\u2019origine en bas des murs et dans l\u2019ensemble de la trav\u00e9e de 1850 qui inclut le jub\u00e9, chapelles et retables, baptist\u00e8re et portes int\u00e9rieures de l\u2019\u00e9glise. Sur le bas des murs, des faux finis imitant diverses essences de bois (acajou, \u00e9b\u00e8ne et \u00e9rable) sont appliqu\u00e9s vers 1839; ils ont \u00e9t\u00e9 r\u00e9alis\u00e9s sur l\u2019ensemble des soubassements et traverses des murs de l\u2019\u00e9glise. Le d\u00e9capage n\u2019\u00e9tant pas une solution viable, ce d\u00e9cor aux faux bois a d\u00fb \u00eatre recr\u00e9\u00e9.<\/p>\n<p><strong>Red\u00e9couvrir les couleurs cach\u00e9es\u00a0: <\/strong>Les couleurs, essentiellement compos\u00e9es de contrastes de blanc et feuille d\u2019or, respectent la grande p\u00e9riode de travaux d\u2019ornementation s\u2019\u00e9tendant des ann\u00e9es 1760 \u00e0 1830. La restauration des finis d\u2019origine nous permet d\u2019appr\u00e9cier davantage toute la sculpture finement ex\u00e9cut\u00e9e. On peut, par exemple, discerner les d\u00e9tails des sarments de vignes et des grappes de raisins sur les deux cornes de vache, qui se perdaient autrefois dans les diff\u00e9rentes couleurs. Il en va de m\u00eame pour les vitaux, tableaux et stations de Chemin de croix. Les travaux des finis de faux-bois apportent une coh\u00e9rence esth\u00e9tique \u00e0 l\u2019ensemble. L\u2019ambiance est apaisante, et l\u2019espace se rev\u00eat d\u2019une douce dignit\u00e9.<\/p>\n","en":"<p>The oldest church on the Island of Montreal, La Visitation Church was built at the Sault-au-R\u00e9collet rapids on the northern edge of the island between 1749 and 1752. \u00a0The first construction work was entrusted to master mason Charles Guilbault who erected a field stone structure typical of his native France. \u00a0It was Philippe Liebert, architect, sculptor, painter, and renowned craftsman, who was responsible for the interior decoration. \u00a0Up to 1798 Liebert produced several outstanding decorative elements in a classical spirit, and was followed by Louis Amable Qu\u00e9villon who produced various wooden decorations. \u00a0Between 1816 and 1827, David Fleury-David completed the superb interior wooden vault and three altarpieces. The current pulpit dates from 1836 and is the work of Vincent Chartrand. \u00a0In 1850, the architect John Ostell added a bay to the space of the sanctuary and a new facade was erected in cut stone with two bell towers.<\/p>\n<p>Over the generations, many elements of the interior decoration of the church have been modified or replaced by different craftsmen and architects. The most recent changes date from the 1950s, when reforms to the liturgy brought transformations to the physical configuration of many churches. \u00a0The furniture was modified, and a more colourful vision of the interiors was realized. \u00a0The church building was classified as a cultural asset in 1971 and the complete property was declared\u00a0 a Montreal Heritage Site \u00a0in 1992. \u00a0the Ancien-Village-du-Sault-au-R\u00e9collet sector was designated a historic site by the province in 2018.<\/p>\n<p><strong>Heritage interiors:<\/strong> This project is one phase of a comprehensive restoration initiative aimed at restoring the church to its former glory. \u00a0But what decorations and what previous eras are we talking about exactly? A preliminary study aimed at clearly documenting the rich history and multiple iterations of the building\u2019s design was carried out with the support of archival documents from the Parish, the Archdiocese, and the Ministry of Culture. \u00a0Various expert studies, such as site inspections and stratigraphic studies of paint finishes corroborated the results of our iconographic research. This rigorous examination confirmed the value of restoring the interiors of the sanctuary as it existed at the beginning of the 19th century.<\/p>\n<p>The restoration of the interior of the sanctuary was carried out in two phases. \u00a0The first phase involved cleaning, repairing and finishing all the plaster and wood surfaces on the upper portion of the walls of the 1750 sanctuary, its vault and the pulpit. \u00a0The second phase recreated the original faux finishes on the lower portion of the walls and in the 1850 Ostell bay which includes the rood screen, chapels, altarpieces, baptistery and interior doors. \u00a0The faux finishes on the lower portion of the walls imitate various types of wood (mahogany, ebony and maple) and were originally applied around 1839 to the bases and crosspieces of the church walls. \u00a0Stripping subsequent layers of finished not being a viable technical solution, this faux wood decor had to be recreated.<\/p>\n<p><strong>Rediscovering hidden colours:<\/strong> \u00a0The restored colours and finishes, essentially composed of contrasts of white and gold leaf, respect the great period of ornamentation work extending from the 1760s to the 1830s. The restoration of the original finishes permits an appreciation of finely executed carving and carefully applied paint finishes.\u00a0 One can, for example, discern the details of horns of plenty containing vines leaves and grapes, details which had been lost under multiple coats of paint for more than a century. In a similar vein, carved details illustrating the Stations of the Cross have been restored. The work of the faux-wood finishes lends an aesthetic coherence to the sanctuary, creating a soothing atmosphere and a space of gentle dignity.<\/p>\n","original":""},"jury_text":[{"category":3279,"fr":"","en":"","original":""},{"category":3282,"fr":"","en":"","original":""}],"different_jury_text":false,"different_category_text":false},"laureats":[{"cat_id":3282,"cat_id_laureat":3890,"laureat":"Certification OR"},{"cat_id":3279,"cat_id_laureat":3890,"laureat":"Certification OR"}],"contest_id":"97334","contest_title":"GRANDS PRIX DU DESIGN \u2013 16e \u00e9dition","firms":[{"name":"Affleck de la Riva, architectes","website":"https:\/\/www.affleckdelariva.com\/","category":"","category_tax":2744,"category_label":"Architecte"},{"name":"Centre de conservation du Qu\u00e9bec","website":"https:\/\/www.ccq.gouv.qc.ca\/","category":"","category_tax":2746,"category_label":"Autre"},{"name":"D. L. H\u00e9ritage","website":"https:\/\/dlheritage.com\/","category":"","category_tax":2746,"category_label":"Autre"},{"name":"La\u00ebtitia Boudaud","website":"https:\/\/www.laetitiaphotographe.com\/","category":"","category_tax":2756,"category_label":"Photographe"},{"name":"Andr\u00e9 Domon","website":"https:\/\/andredomon1975.com\/","category":"","category_tax":2751,"category_label":"Entrepreneur g\u00e9n\u00e9ral"},{"name":"Construction Hestia","website":"","category":"","category_tax":2751,"category_label":"Entrepreneur g\u00e9n\u00e9ral"},{"name":"Atelier Isabelle Leclerc","website":"https:\/\/atelier-leclerc.com\/","category":"","category_tax":2806,"category_label":"Artiste"}],"user":{"email":"giovanna@affleckdelariva.com","first_name":"Giovanna","last_name":"Andaluz"},"doc_texts_web":{"fr":"<p>L\u2019\u00c9glise de la Visitation-de-la-Bienheureuse-Vierge-Marie a \u00e9t\u00e9 construite au pied des rapides au Sault-au-R\u00e9collet entre 1749 et 1752. Les premiers travaux sont confi\u00e9s au ma\u00eetre-ma\u00e7on Charles Guilbault qui \u00e9rige une structure typique de la Nouvelle-France en pierre des champs. C\u2019est Philipe Liebert, architecte, sculpteur et peintre, un de nos meilleurs artisans, qui en assure la d\u00e9coration int\u00e9rieure. R\u00e9alis\u00e9s dans un esprit classique, Liebert s\u2019y consacre \u00e0 plusieurs ouvrages jusqu\u2019en 1798, suivi de Louis Amable Qu\u00e9villon qui r\u00e9alise divers d\u00e9cors en bois. Entre 1816 et 1827, David Fleury-David termine la superbe vo\u00fbte de bois int\u00e9rieure et les 3 retables. La chaire actuelle date de 1836 et est l\u2019\u0153uvre de Vincent Chartrand. En 1850, l\u2019architecte John Ostell ajoute une trav\u00e9e \u00e0 l\u2019espace du sanctuaire et on \u00e9rige une nouvelle fa\u00e7ade en pierre de taille avec deux clochers.<\/p>\n<p>Ainsi, au fil des g\u00e9n\u00e9rations, plusieurs \u00e9l\u00e9ments du d\u00e9cor int\u00e9rieur de l\u2019\u00e9glise sont modifi\u00e9s ou remplac\u00e9s par plusieurs artisans et architectes. Les changements significatifs les plus r\u00e9cents datent des ann\u00e9es 1950, alors que la liturgie s\u2019adapte au renouveau. Le mobilier est modifi\u00e9 et une vision plus color\u00e9e des int\u00e9rieurs est propos\u00e9e. En 1971, l\u2019\u00e9glise est class\u00e9e \u2018\u2019bien culturel\u2019\u2019, et l\u2019ensemble du lieu, Site du patrimoine de Montr\u00e9al en 1992. En 2018, le secteur de l\u2019Ancien-Village-du-Sault-au-R\u00e9collet est d\u00e9sign\u00e9 lieu historique par la province.<\/p>\n<p><strong>Les int\u00e9rieurs patrimoniaux\u00a0:\u00a0 <\/strong>Ce projet s\u2019inscrit dans une perspective globale visant \u00e0 redonner \u00e0 l\u2019\u00e9glise son \u00e9clat d\u2019antan\u2026 Mais de quels d\u00e9cors et \u00e9poques ant\u00e9rieures s\u2019agit-il exactement? L\u2019\u00e9tude pr\u00e9alable fut r\u00e9alis\u00e9e avec le support de nombreux documents d\u2019archives de La Fabrique, de l\u2019Archev\u00each\u00e9 et du minist\u00e8re de la Culture. Diverses expertises, telles que des sondages et des \u00e9tudes stratigraphiques des couches de finis, ont corrobor\u00e9 les r\u00e9sultats de nos recherches iconographiques. Cet examen rigoureux a confirm\u00e9 l\u2019int\u00e9r\u00eat de la restauration des int\u00e9rieurs du sanctuaire telle qu\u2019il \u00e9tait devenu au d\u00e9but du 19<sup>e<\/sup> si\u00e8cle.<\/p>\n<p>Les travaux ont \u00e9t\u00e9 r\u00e9alis\u00e9s en deux \u00e9tapes. La premi\u00e8re a engag\u00e9 le nettoyage, r\u00e9paration et finition l\u2019ensemble des surfaces en pl\u00e2tre et en bois sur le haut des murs du sanctuaire de 1750, de sa vo\u00fbte et de la chaire. Les travaux de deuxi\u00e8me phase ont permis de recr\u00e9er les faux finis d\u2019origine en bas des murs et dans l\u2019ensemble de la trav\u00e9e de 1850 qui inclut le jub\u00e9, chapelles et retables, baptist\u00e8re et portes int\u00e9rieures de l\u2019\u00e9glise. Sur le bas des murs, des faux finis imitant diverses essences de bois (acajou, \u00e9b\u00e8ne et \u00e9rable) sont appliqu\u00e9s vers 1839; ils ont \u00e9t\u00e9 r\u00e9alis\u00e9s sur l\u2019ensemble des soubassements et traverses des murs de l\u2019\u00e9glise. Le d\u00e9capage n\u2019\u00e9tant pas une solution viable, ce d\u00e9cor aux faux bois a d\u00fb \u00eatre recr\u00e9\u00e9.<\/p>\n<p><strong>Red\u00e9couvrir les couleurs cach\u00e9es\u00a0: <\/strong>Les couleurs, essentiellement compos\u00e9es de contrastes de blanc et feuille d\u2019or, respectent la grande p\u00e9riode de travaux d\u2019ornementation s\u2019\u00e9tendant des ann\u00e9es 1760 \u00e0 1830. La restauration des finis d\u2019origine nous permet d\u2019appr\u00e9cier davantage toute la sculpture finement ex\u00e9cut\u00e9e. On peut, par exemple, discerner les d\u00e9tails des sarments de vignes et des grappes de raisins sur les deux cornes de vache, qui se perdaient autrefois dans les diff\u00e9rentes couleurs. Il en va de m\u00eame pour les vitaux, tableaux et stations de Chemin de croix. Les travaux des finis de faux-bois apportent une coh\u00e9rence esth\u00e9tique \u00e0 l\u2019ensemble. L\u2019ambiance est apaisante, et l\u2019espace se rev\u00eat d\u2019une douce dignit\u00e9.<\/p>\n","en":"<p>The oldest church on the Island of Montreal, La Visitation Church was built at the Sault-au-R\u00e9collet rapids on the northern edge of the island between 1749 and 1752. \u00a0The first construction work was entrusted to master mason Charles Guilbault who erected a field stone structure typical of his native France. \u00a0It was Philippe Liebert, architect, sculptor, painter, and renowned craftsman, who was responsible for the interior decoration. \u00a0Up to 1798 Liebert produced several outstanding decorative elements in a classical spirit, and was followed by Louis Amable Qu\u00e9villon who produced various wooden decorations. \u00a0Between 1816 and 1827, David Fleury-David completed the superb interior wooden vault and three altarpieces. The current pulpit dates from 1836 and is the work of Vincent Chartrand. \u00a0In 1850, the architect John Ostell added a bay to the space of the sanctuary and a new facade was erected in cut stone with two bell towers.<\/p>\n<p>Over the generations, many elements of the interior decoration of the church have been modified or replaced by different craftsmen and architects. The most recent changes date from the 1950s, when reforms to the liturgy brought transformations to the physical configuration of many churches. \u00a0The furniture was modified, and a more colourful vision of the interiors was realized. \u00a0The church building was classified as a cultural asset in 1971 and the complete property was declared\u00a0 a Montreal Heritage Site \u00a0in 1992. \u00a0the Ancien-Village-du-Sault-au-R\u00e9collet sector was designated a historic site by the province in 2018.<\/p>\n<p><strong>Heritage interiors:<\/strong> This project is one phase of a comprehensive restoration initiative aimed at restoring the church to its former glory. \u00a0But what decorations and what previous eras are we talking about exactly? A preliminary study aimed at clearly documenting the rich history and multiple iterations of the building\u2019s design was carried out with the support of archival documents from the Parish, the Archdiocese, and the Ministry of Culture. \u00a0Various expert studies, such as site inspections and stratigraphic studies of paint finishes corroborated the results of our iconographic research. This rigorous examination confirmed the value of restoring the interiors of the sanctuary as it existed at the beginning of the 19th century.<\/p>\n<p>The restoration of the interior of the sanctuary was carried out in two phases. \u00a0The first phase involved cleaning, repairing and finishing all the plaster and wood surfaces on the upper portion of the walls of the 1750 sanctuary, its vault and the pulpit. \u00a0The second phase recreated the original faux finishes on the lower portion of the walls and in the 1850 Ostell bay which includes the rood screen, chapels, altarpieces, baptistery and interior doors. \u00a0The faux finishes on the lower portion of the walls imitate various types of wood (mahogany, ebony and maple) and were originally applied around 1839 to the bases and crosspieces of the church walls. \u00a0Stripping subsequent layers of finished not being a viable technical solution, this faux wood decor had to be recreated.<\/p>\n<p><strong>Rediscovering hidden colours:<\/strong> \u00a0The restored colours and finishes, essentially composed of contrasts of white and gold leaf, respect the great period of ornamentation work extending from the 1760s to the 1830s. The restoration of the original finishes permits an appreciation of finely executed carving and carefully applied paint finishes.\u00a0 One can, for example, discern the details of horns of plenty containing vines leaves and grapes, details which had been lost under multiple coats of paint for more than a century. In a similar vein, carved details illustrating the Stations of the Cross have been restored. The work of the faux-wood finishes lends an aesthetic coherence to the sanctuary, creating a soothing atmosphere and a space of gentle dignity.<\/p>\n"},"permalinks":{"fr":"https:\/\/int.design\/fr\/projets\/restauration-de-leglise-de-la-visitation\/","en":"https:\/\/int.design\/en\/projects\/restauration-de-leglise-de-la-visitation\/"},"titles":{"fr":"Restauration de l&rsquo;\u00c9glise de la Visitation","en":"Restauration de l&rsquo;\u00c9glise de la Visitation"},"wp_fields":[],"laravel_id":""},"_links":{"self":[{"href":"https:\/\/int.design\/fr\/wp-json\/wp\/v2\/project\/111945","targetHints":{"allow":["GET"]}}],"collection":[{"href":"https:\/\/int.design\/fr\/wp-json\/wp\/v2\/project"}],"about":[{"href":"https:\/\/int.design\/fr\/wp-json\/wp\/v2\/types\/project"}],"wp:attachment":[{"href":"https:\/\/int.design\/fr\/wp-json\/wp\/v2\/media?parent=111945"}],"curies":[{"name":"wp","href":"https:\/\/api.w.org\/{rel}","templated":true}]}}