{"id":103382,"date":"2023-08-16T11:31:19","date_gmt":"2023-08-16T15:31:19","guid":{"rendered":"https:\/\/int.design\/?post_type=project&#038;p=103382"},"modified":"2023-08-16T11:31:19","modified_gmt":"2023-08-16T15:31:19","slug":"la-casa-de-la-abuela","status":"publish","type":"project","link":"https:\/\/int.design\/fr\/projets\/la-casa-de-la-abuela\/","title":{"rendered":"La Casa de la Abuela"},"content":{"rendered":"","protected":false},"template":"","class_list":["post-103382","project","type-project","status-publish","hentry","project_category_97334-design-dinterieur","project_category_97334-residence","project_category_97334-chalet-maison-de-campagne"],"acf":[],"yoast_head":"<!-- This site is optimized with the Yoast SEO plugin v21.5 - https:\/\/yoast.com\/wordpress\/plugins\/seo\/ -->\n<title>La Casa de la Abuela - INT Design<\/title>\n<meta name=\"robots\" content=\"index, follow, max-snippet:-1, max-image-preview:large, max-video-preview:-1\" \/>\n<link rel=\"canonical\" href=\"https:\/\/int.design\/fr\/projets\/la-casa-de-la-abuela\/\" \/>\n<meta property=\"og:locale\" content=\"fr_FR\" \/>\n<meta property=\"og:type\" content=\"article\" \/>\n<meta property=\"og:title\" content=\"La Casa de la Abuela - INT Design\" \/>\n<meta property=\"og:url\" content=\"https:\/\/int.design\/fr\/projets\/la-casa-de-la-abuela\/\" \/>\n<meta property=\"og:site_name\" content=\"INT Design\" \/>\n<meta name=\"twitter:card\" content=\"summary_large_image\" \/>\n<script type=\"application\/ld+json\" class=\"yoast-schema-graph\">{\"@context\":\"https:\/\/schema.org\",\"@graph\":[{\"@type\":\"WebPage\",\"@id\":\"https:\/\/int.design\/fr\/projets\/la-casa-de-la-abuela\/\",\"url\":\"https:\/\/int.design\/fr\/projets\/la-casa-de-la-abuela\/\",\"name\":\"La Casa de la Abuela - INT Design\",\"isPartOf\":{\"@id\":\"https:\/\/int.design\/fr\/#website\"},\"datePublished\":\"2023-08-16T15:31:19+00:00\",\"dateModified\":\"2023-08-16T15:31:19+00:00\",\"breadcrumb\":{\"@id\":\"https:\/\/int.design\/fr\/projets\/la-casa-de-la-abuela\/#breadcrumb\"},\"inLanguage\":\"fr-FR\",\"potentialAction\":[{\"@type\":\"ReadAction\",\"target\":[\"https:\/\/int.design\/fr\/projets\/la-casa-de-la-abuela\/\"]}]},{\"@type\":\"BreadcrumbList\",\"@id\":\"https:\/\/int.design\/fr\/projets\/la-casa-de-la-abuela\/#breadcrumb\",\"itemListElement\":[{\"@type\":\"ListItem\",\"position\":1,\"name\":\"Home\",\"item\":\"https:\/\/int.design\/fr\/\"},{\"@type\":\"ListItem\",\"position\":2,\"name\":\"Projects\",\"item\":\"https:\/\/int.design\/en\/projects\/\"},{\"@type\":\"ListItem\",\"position\":3,\"name\":\"La Casa de la Abuela\"}]},{\"@type\":\"WebSite\",\"@id\":\"https:\/\/int.design\/fr\/#website\",\"url\":\"https:\/\/int.design\/fr\/\",\"name\":\"INT Design\",\"description\":\"\",\"potentialAction\":[{\"@type\":\"SearchAction\",\"target\":{\"@type\":\"EntryPoint\",\"urlTemplate\":\"https:\/\/int.design\/fr\/?s={search_term_string}\"},\"query-input\":\"required name=search_term_string\"}],\"inLanguage\":\"fr-FR\"}]}<\/script>\n<!-- \/ Yoast SEO plugin. -->","yoast_head_json":{"title":"La Casa de la Abuela - INT Design","robots":{"index":"index","follow":"follow","max-snippet":"max-snippet:-1","max-image-preview":"max-image-preview:large","max-video-preview":"max-video-preview:-1"},"canonical":"https:\/\/int.design\/fr\/projets\/la-casa-de-la-abuela\/","og_locale":"fr_FR","og_type":"article","og_title":"La Casa de la Abuela - INT Design","og_url":"https:\/\/int.design\/fr\/projets\/la-casa-de-la-abuela\/","og_site_name":"INT Design","twitter_card":"summary_large_image","schema":{"@context":"https:\/\/schema.org","@graph":[{"@type":"WebPage","@id":"https:\/\/int.design\/fr\/projets\/la-casa-de-la-abuela\/","url":"https:\/\/int.design\/fr\/projets\/la-casa-de-la-abuela\/","name":"La Casa de la Abuela - INT Design","isPartOf":{"@id":"https:\/\/int.design\/fr\/#website"},"datePublished":"2023-08-16T15:31:19+00:00","dateModified":"2023-08-16T15:31:19+00:00","breadcrumb":{"@id":"https:\/\/int.design\/fr\/projets\/la-casa-de-la-abuela\/#breadcrumb"},"inLanguage":"fr-FR","potentialAction":[{"@type":"ReadAction","target":["https:\/\/int.design\/fr\/projets\/la-casa-de-la-abuela\/"]}]},{"@type":"BreadcrumbList","@id":"https:\/\/int.design\/fr\/projets\/la-casa-de-la-abuela\/#breadcrumb","itemListElement":[{"@type":"ListItem","position":1,"name":"Home","item":"https:\/\/int.design\/fr\/"},{"@type":"ListItem","position":2,"name":"Projects","item":"https:\/\/int.design\/en\/projects\/"},{"@type":"ListItem","position":3,"name":"La Casa de la Abuela"}]},{"@type":"WebSite","@id":"https:\/\/int.design\/fr\/#website","url":"https:\/\/int.design\/fr\/","name":"INT Design","description":"","potentialAction":[{"@type":"SearchAction","target":{"@type":"EntryPoint","urlTemplate":"https:\/\/int.design\/fr\/?s={search_term_string}"},"query-input":"required name=search_term_string"}],"inLanguage":"fr-FR"}]}},"entry":{"cats":{"disciplines":[{"id":3217,"name":"Design d\u2019int\u00e9rieur"}],"big_cats":[{"id":3261,"name":"R\u00e9sidence"}],"sub_cats":[{"id":3266,"name":"Chalet &amp; maison de campagne en design d'int\u00e9rieur","parent":3261}]},"entry":{"":null,"status":"completed","winner_title":"Chain + Siman ","winner_prize_lang":"en","title_translatable":true,"title_en":"","title_fr":"La Maison de Grand-m\u00e8re","releve_award":false,"releve_award_cv":false,"collaboration":false,"collaboration_firms":false,"other_firms":[{"name":"Chain + Siman","website":"https:\/\/chainsiman.com","category":"","category_tax":2764},{"name":"Pedro S\u00e1nchez Paisajismo","website":"https:\/\/pedrosanchez.mx","category":"","category_tax":2762},{"name":"Rafael Gamo","website":"https:\/\/rafaelgamo.com","category":"","category_tax":2773}],"owner":{"name":"Private","confidential":true,"website":"","contact_name":"Guillermo Ortiz","email":"guillermo@archdifusion.mx","phone":"+525561253703"},"address":{"address":"","city":"Valle de Bravo","region":"","province":"","country":"MX","postal_code":""},"logos":false,"use_logo":false,"designers":[{"name":"Chain + Siman ","credit":"Ana Hop","image":{"ID":104479,"id":104479,"title":"ChainSiman_AnaHop_02","filename":"ChainSiman_AnaHop_02-scaled.jpg","filesize":319295,"url":"https:\/\/d2q6z78khxmx42.cloudfront.net\/2023\/02\/ChainSiman_AnaHop_02-scaled.jpg","link":"https:\/\/int.design\/fr\/projets\/la-casa-de-la-abuela\/chainsiman_anahop_02-2\/","alt":"","author":"1166","description":"","caption":"","name":"chainsiman_anahop_02-2","status":"inherit","uploaded_to":103382,"date":"2023-02-14 22:19:33","modified":"2023-02-15 00:05:47","menu_order":0,"mime_type":"image\/jpeg","type":"image","subtype":"jpeg","icon":"https:\/\/int.design\/wp-includes\/images\/media\/default.png","width":1707,"height":2560,"sizes":{"thumbnail":"https:\/\/d2q6z78khxmx42.cloudfront.net\/2023\/02\/ChainSiman_AnaHop_02-150x150.jpg","thumbnail-width":150,"thumbnail-height":150,"medium":"https:\/\/d2q6z78khxmx42.cloudfront.net\/2023\/02\/ChainSiman_AnaHop_02-200x300.jpg","medium-width":200,"medium-height":300,"medium_large":"https:\/\/d2q6z78khxmx42.cloudfront.net\/2023\/02\/ChainSiman_AnaHop_02-768x1152.jpg","medium_large-width":768,"medium_large-height":1152,"large":"https:\/\/d2q6z78khxmx42.cloudfront.net\/2023\/02\/ChainSiman_AnaHop_02-683x1024.jpg","large-width":683,"large-height":1024,"1536x1536":"https:\/\/d2q6z78khxmx42.cloudfront.net\/2023\/02\/ChainSiman_AnaHop_02-1024x1536.jpg","1536x1536-width":1024,"1536x1536-height":1536,"2048x2048":"https:\/\/d2q6z78khxmx42.cloudfront.net\/2023\/02\/ChainSiman_AnaHop_02-1365x2048.jpg","2048x2048-width":1365,"2048x2048-height":2048,"article":"https:\/\/d2q6z78khxmx42.cloudfront.net\/2023\/02\/ChainSiman_AnaHop_02-960x540.jpg","article-width":960,"article-height":540,"banner":"https:\/\/d2q6z78khxmx42.cloudfront.net\/2023\/02\/ChainSiman_AnaHop_02-1920x2880.jpg","banner-width":1920,"banner-height":2880,"block":"https:\/\/d2q6z78khxmx42.cloudfront.net\/2023\/02\/ChainSiman_AnaHop_02-900x680.jpg","block-width":900,"block-height":680,"card":"https:\/\/d2q6z78khxmx42.cloudfront.net\/2023\/02\/ChainSiman_AnaHop_02-560x495.jpg","card-width":560,"card-height":495,"card-thumbnail":"https:\/\/d2q6z78khxmx42.cloudfront.net\/2023\/02\/ChainSiman_AnaHop_02-450x340.jpg","card-thumbnail-width":450,"card-thumbnail-height":340,"conference":"https:\/\/d2q6z78khxmx42.cloudfront.net\/2023\/02\/ChainSiman_AnaHop_02-560x250.jpg","conference-width":560,"conference-height":250,"contest":"https:\/\/d2q6z78khxmx42.cloudfront.net\/2023\/02\/ChainSiman_AnaHop_02-960x400.jpg","contest-width":960,"contest-height":400,"cta":"https:\/\/d2q6z78khxmx42.cloudfront.net\/2023\/02\/ChainSiman_AnaHop_02-415x170.jpg","cta-width":415,"cta-height":170,"exhibitor":"https:\/\/d2q6z78khxmx42.cloudfront.net\/2023\/02\/ChainSiman_AnaHop_02-560x560.jpg","exhibitor-width":560,"exhibitor-height":560,"gallery":"https:\/\/d2q6z78khxmx42.cloudfront.net\/2023\/02\/ChainSiman_AnaHop_02-287x430.jpg","gallery-width":287,"gallery-height":430,"logo":"https:\/\/d2q6z78khxmx42.cloudfront.net\/2023\/02\/ChainSiman_AnaHop_02-67x100.jpg","logo-width":67,"logo-height":100,"masonry":"https:\/\/d2q6z78khxmx42.cloudfront.net\/2023\/02\/ChainSiman_AnaHop_02-550x825.jpg","masonry-width":550,"masonry-height":825,"modal":"https:\/\/d2q6z78khxmx42.cloudfront.net\/2023\/02\/ChainSiman_AnaHop_02-1280x1920.jpg","modal-width":1280,"modal-height":1920,"number":"https:\/\/d2q6z78khxmx42.cloudfront.net\/2023\/02\/ytex5Lr5-ChainSiman_AnaHop_02-287x430.jpg","number-width":287,"number-height":430,"partner":"https:\/\/d2q6z78khxmx42.cloudfront.net\/2023\/02\/ChainSiman_AnaHop_02-140x210.jpg","partner-width":140,"partner-height":210,"ranking":"https:\/\/d2q6z78khxmx42.cloudfront.net\/2023\/02\/ytex5Lr5-ChainSiman_AnaHop_02-960x540.jpg","ranking-width":960,"ranking-height":540,"schedule":"https:\/\/d2q6z78khxmx42.cloudfront.net\/2023\/02\/ChainSiman_AnaHop_02-960x360.jpg","schedule-width":960,"schedule-height":360,"slideshow":"https:\/\/d2q6z78khxmx42.cloudfront.net\/2023\/02\/ChainSiman_AnaHop_02-453x680.jpg","slideshow-width":453,"slideshow-height":680}},"file":false}],"cover":[{"categories":[3266],"credit":"Rafael Gamo","image":{"ID":112099,"id":112099,"title":"ChainSiman_CasaAbuela_0281","filename":"ChainSiman_CasaAbuela_0281-scaled.jpg","filesize":2100023,"url":"https:\/\/d2q6z78khxmx42.cloudfront.net\/2023\/03\/ChainSiman_CasaAbuela_0281-scaled.jpg","link":"https:\/\/int.design\/fr\/projets\/la-casa-de-la-abuela\/chainsiman_casaabuela_0281\/","alt":"","author":"1166","description":"La Casa de la Abuela Chain + Siman  Chain + Siman Pedro S\u00e1nchez Paisajismo Rafael Gamo","caption":"","name":"chainsiman_casaabuela_0281","status":"inherit","uploaded_to":103382,"date":"2023-04-01 02:14:52","modified":"2023-08-16 15:31:19","menu_order":0,"mime_type":"image\/jpeg","type":"image","subtype":"jpeg","icon":"https:\/\/int.design\/wp-includes\/images\/media\/default.png","width":2560,"height":2194,"sizes":{"thumbnail":"https:\/\/d2q6z78khxmx42.cloudfront.net\/2023\/03\/ChainSiman_CasaAbuela_0281-150x150.jpg","thumbnail-width":150,"thumbnail-height":150,"medium":"https:\/\/d2q6z78khxmx42.cloudfront.net\/2023\/03\/ChainSiman_CasaAbuela_0281-300x257.jpg","medium-width":300,"medium-height":257,"medium_large":"https:\/\/d2q6z78khxmx42.cloudfront.net\/2023\/03\/ChainSiman_CasaAbuela_0281-768x658.jpg","medium_large-width":768,"medium_large-height":658,"large":"https:\/\/d2q6z78khxmx42.cloudfront.net\/2023\/03\/ChainSiman_CasaAbuela_0281-1024x878.jpg","large-width":1024,"large-height":878,"1536x1536":"https:\/\/d2q6z78khxmx42.cloudfront.net\/2023\/03\/ChainSiman_CasaAbuela_0281-1536x1316.jpg","1536x1536-width":1536,"1536x1536-height":1316,"2048x2048":"https:\/\/d2q6z78khxmx42.cloudfront.net\/2023\/03\/ChainSiman_CasaAbuela_0281-2048x1755.jpg","2048x2048-width":2048,"2048x2048-height":1755,"article":"https:\/\/d2q6z78khxmx42.cloudfront.net\/2023\/03\/ChainSiman_CasaAbuela_0281-960x540.jpg","article-width":960,"article-height":540,"banner":"https:\/\/d2q6z78khxmx42.cloudfront.net\/2023\/03\/ChainSiman_CasaAbuela_0281-1920x1645.jpg","banner-width":1920,"banner-height":1645,"block":"https:\/\/d2q6z78khxmx42.cloudfront.net\/2023\/03\/ChainSiman_CasaAbuela_0281-900x680.jpg","block-width":900,"block-height":680,"card":"https:\/\/d2q6z78khxmx42.cloudfront.net\/2023\/03\/ChainSiman_CasaAbuela_0281-560x495.jpg","card-width":560,"card-height":495,"card-thumbnail":"https:\/\/d2q6z78khxmx42.cloudfront.net\/2023\/03\/ChainSiman_CasaAbuela_0281-450x340.jpg","card-thumbnail-width":450,"card-thumbnail-height":340,"conference":"https:\/\/d2q6z78khxmx42.cloudfront.net\/2023\/03\/ChainSiman_CasaAbuela_0281-560x250.jpg","conference-width":560,"conference-height":250,"contest":"https:\/\/d2q6z78khxmx42.cloudfront.net\/2023\/03\/ChainSiman_CasaAbuela_0281-960x400.jpg","contest-width":960,"contest-height":400,"cta":"https:\/\/d2q6z78khxmx42.cloudfront.net\/2023\/03\/ChainSiman_CasaAbuela_0281-415x170.jpg","cta-width":415,"cta-height":170,"exhibitor":"https:\/\/d2q6z78khxmx42.cloudfront.net\/2023\/03\/ChainSiman_CasaAbuela_0281-560x560.jpg","exhibitor-width":560,"exhibitor-height":560,"gallery":"https:\/\/d2q6z78khxmx42.cloudfront.net\/2023\/03\/ChainSiman_CasaAbuela_0281-502x430.jpg","gallery-width":502,"gallery-height":430,"logo":"https:\/\/d2q6z78khxmx42.cloudfront.net\/2023\/03\/ChainSiman_CasaAbuela_0281-117x100.jpg","logo-width":117,"logo-height":100,"masonry":"https:\/\/d2q6z78khxmx42.cloudfront.net\/2023\/03\/ChainSiman_CasaAbuela_0281-550x471.jpg","masonry-width":550,"masonry-height":471,"modal":"https:\/\/d2q6z78khxmx42.cloudfront.net\/2023\/03\/Ihn04IbQ-ChainSiman_CasaAbuela_0281-1920x1645.jpg","modal-width":1920,"modal-height":1645,"number":"https:\/\/d2q6z78khxmx42.cloudfront.net\/2023\/03\/Ihn04IbQ-ChainSiman_CasaAbuela_0281-502x430.jpg","number-width":502,"number-height":430,"partner":"https:\/\/d2q6z78khxmx42.cloudfront.net\/2023\/03\/ChainSiman_CasaAbuela_0281-245x210.jpg","partner-width":245,"partner-height":210,"ranking":"https:\/\/d2q6z78khxmx42.cloudfront.net\/2023\/03\/Ihn04IbQ-ChainSiman_CasaAbuela_0281-960x540.jpg","ranking-width":960,"ranking-height":540,"schedule":"https:\/\/d2q6z78khxmx42.cloudfront.net\/2023\/03\/ChainSiman_CasaAbuela_0281-960x360.jpg","schedule-width":960,"schedule-height":360,"slideshow":"https:\/\/d2q6z78khxmx42.cloudfront.net\/2023\/03\/ChainSiman_CasaAbuela_0281-793x680.jpg","slideshow-width":793,"slideshow-height":680}},"filters":[122],"suppliers":false,"attachment_category":{"2678":"Cottage &amp; Country House","986":"Home","122":"Outdoor Building and Landscaping Materials"}}],"images":[{"categories":[3266],"credit":"Rafael Gamo","image":{"ID":104481,"id":104481,"title":"01_La Casa de la Abuela","filename":"01_La Casa de la Abuela-scaled.jpg","filesize":1572900,"url":"https:\/\/d2q6z78khxmx42.cloudfront.net\/2023\/02\/01_La Casa de la Abuela-scaled.jpg","link":"https:\/\/int.design\/fr\/projets\/la-casa-de-la-abuela\/01_la-casa-de-la-abuela\/","alt":"","author":"1166","description":"La Casa de la Abuela Chain + Siman  Chain + Siman Pedro S\u00e1nchez Paisajismo Rafael Gamo","caption":"","name":"01_la-casa-de-la-abuela","status":"inherit","uploaded_to":103382,"date":"2023-02-14 23:42:07","modified":"2023-08-16 15:31:19","menu_order":0,"mime_type":"image\/jpeg","type":"image","subtype":"jpeg","icon":"https:\/\/int.design\/wp-includes\/images\/media\/default.png","width":2560,"height":1829,"sizes":{"thumbnail":"https:\/\/d2q6z78khxmx42.cloudfront.net\/2023\/02\/01_La Casa de la Abuela-150x150.jpg","thumbnail-width":150,"thumbnail-height":150,"medium":"https:\/\/d2q6z78khxmx42.cloudfront.net\/2023\/02\/01_La Casa de la Abuela-300x214.jpg","medium-width":300,"medium-height":214,"medium_large":"https:\/\/d2q6z78khxmx42.cloudfront.net\/2023\/02\/01_La Casa de la Abuela-768x549.jpg","medium_large-width":768,"medium_large-height":549,"large":"https:\/\/d2q6z78khxmx42.cloudfront.net\/2023\/02\/01_La Casa de la Abuela-1024x731.jpg","large-width":1024,"large-height":731,"1536x1536":"https:\/\/d2q6z78khxmx42.cloudfront.net\/2023\/02\/01_La Casa de la Abuela-1536x1097.jpg","1536x1536-width":1536,"1536x1536-height":1097,"2048x2048":"https:\/\/d2q6z78khxmx42.cloudfront.net\/2023\/02\/01_La Casa de la Abuela-2048x1463.jpg","2048x2048-width":2048,"2048x2048-height":1463,"article":"https:\/\/d2q6z78khxmx42.cloudfront.net\/2023\/02\/01_La Casa de la Abuela-960x540.jpg","article-width":960,"article-height":540,"banner":"https:\/\/d2q6z78khxmx42.cloudfront.net\/2023\/02\/01_La Casa de la Abuela-1920x1372.jpg","banner-width":1920,"banner-height":1372,"block":"https:\/\/d2q6z78khxmx42.cloudfront.net\/2023\/02\/01_La Casa de la Abuela-900x680.jpg","block-width":900,"block-height":680,"card":"https:\/\/d2q6z78khxmx42.cloudfront.net\/2023\/02\/01_La Casa de la Abuela-560x495.jpg","card-width":560,"card-height":495,"card-thumbnail":"https:\/\/d2q6z78khxmx42.cloudfront.net\/2023\/02\/01_La Casa de la Abuela-450x340.jpg","card-thumbnail-width":450,"card-thumbnail-height":340,"conference":"https:\/\/d2q6z78khxmx42.cloudfront.net\/2023\/02\/01_La Casa de la Abuela-560x250.jpg","conference-width":560,"conference-height":250,"contest":"https:\/\/d2q6z78khxmx42.cloudfront.net\/2023\/02\/01_La Casa de la Abuela-960x400.jpg","contest-width":960,"contest-height":400,"cta":"https:\/\/d2q6z78khxmx42.cloudfront.net\/2023\/02\/01_La Casa de la Abuela-415x170.jpg","cta-width":415,"cta-height":170,"exhibitor":"https:\/\/d2q6z78khxmx42.cloudfront.net\/2023\/02\/01_La Casa de la Abuela-560x560.jpg","exhibitor-width":560,"exhibitor-height":560,"gallery":"https:\/\/d2q6z78khxmx42.cloudfront.net\/2023\/02\/01_La Casa de la Abuela-560x400.jpg","gallery-width":560,"gallery-height":400,"logo":"https:\/\/d2q6z78khxmx42.cloudfront.net\/2023\/02\/01_La Casa de la Abuela-140x100.jpg","logo-width":140,"logo-height":100,"masonry":"https:\/\/d2q6z78khxmx42.cloudfront.net\/2023\/02\/01_La Casa de la Abuela-550x393.jpg","masonry-width":550,"masonry-height":393,"modal":"https:\/\/d2q6z78khxmx42.cloudfront.net\/2023\/02\/T3qL2R5u-01_La Casa de la Abuela-1920x1372.jpg","modal-width":1920,"modal-height":1372,"number":"https:\/\/d2q6z78khxmx42.cloudfront.net\/2023\/02\/T3qL2R5u-01_La Casa de la Abuela-560x400.jpg","number-width":560,"number-height":400,"partner":"https:\/\/d2q6z78khxmx42.cloudfront.net\/2023\/02\/01_La Casa de la Abuela-275x196.jpg","partner-width":275,"partner-height":196,"ranking":"https:\/\/d2q6z78khxmx42.cloudfront.net\/2023\/02\/T3qL2R5u-01_La Casa de la Abuela-960x540.jpg","ranking-width":960,"ranking-height":540,"schedule":"https:\/\/d2q6z78khxmx42.cloudfront.net\/2023\/02\/01_La Casa de la Abuela-960x360.jpg","schedule-width":960,"schedule-height":360,"slideshow":"https:\/\/d2q6z78khxmx42.cloudfront.net\/2023\/02\/01_La Casa de la Abuela-952x680.jpg","slideshow-width":952,"slideshow-height":680}},"filters":[112,169,122,166],"suppliers":false,"attachment_category":[]},{"categories":[3266],"credit":"Rafael Gamo","image":{"ID":104482,"id":104482,"title":"02_La Casa de la Abuela","filename":"02_La Casa de la Abuela-scaled.jpg","filesize":1750578,"url":"https:\/\/d2q6z78khxmx42.cloudfront.net\/2023\/02\/02_La Casa de la Abuela-scaled.jpg","link":"https:\/\/int.design\/fr\/projets\/la-casa-de-la-abuela\/02_la-casa-de-la-abuela\/","alt":"","author":"1166","description":"La Casa de la Abuela Chain + Siman  Chain + Siman Pedro S\u00e1nchez Paisajismo Rafael Gamo","caption":"","name":"02_la-casa-de-la-abuela","status":"inherit","uploaded_to":103382,"date":"2023-02-14 23:43:19","modified":"2023-08-16 15:31:19","menu_order":0,"mime_type":"image\/jpeg","type":"image","subtype":"jpeg","icon":"https:\/\/int.design\/wp-includes\/images\/media\/default.png","width":2337,"height":2560,"sizes":{"thumbnail":"https:\/\/d2q6z78khxmx42.cloudfront.net\/2023\/02\/02_La Casa de la Abuela-150x150.jpg","thumbnail-width":150,"thumbnail-height":150,"medium":"https:\/\/d2q6z78khxmx42.cloudfront.net\/2023\/02\/02_La Casa de la Abuela-274x300.jpg","medium-width":274,"medium-height":300,"medium_large":"https:\/\/d2q6z78khxmx42.cloudfront.net\/2023\/02\/02_La Casa de la Abuela-768x841.jpg","medium_large-width":768,"medium_large-height":841,"large":"https:\/\/d2q6z78khxmx42.cloudfront.net\/2023\/02\/02_La Casa de la Abuela-935x1024.jpg","large-width":935,"large-height":1024,"1536x1536":"https:\/\/d2q6z78khxmx42.cloudfront.net\/2023\/02\/02_La Casa de la Abuela-1402x1536.jpg","1536x1536-width":1402,"1536x1536-height":1536,"2048x2048":"https:\/\/d2q6z78khxmx42.cloudfront.net\/2023\/02\/02_La Casa de la Abuela-1870x2048.jpg","2048x2048-width":1870,"2048x2048-height":2048,"article":"https:\/\/d2q6z78khxmx42.cloudfront.net\/2023\/02\/02_La Casa de la Abuela-960x540.jpg","article-width":960,"article-height":540,"banner":"https:\/\/d2q6z78khxmx42.cloudfront.net\/2023\/02\/02_La Casa de la Abuela-1920x2103.jpg","banner-width":1920,"banner-height":2103,"block":"https:\/\/d2q6z78khxmx42.cloudfront.net\/2023\/02\/02_La Casa de la Abuela-900x680.jpg","block-width":900,"block-height":680,"card":"https:\/\/d2q6z78khxmx42.cloudfront.net\/2023\/02\/02_La Casa de la Abuela-560x495.jpg","card-width":560,"card-height":495,"card-thumbnail":"https:\/\/d2q6z78khxmx42.cloudfront.net\/2023\/02\/02_La Casa de la Abuela-450x340.jpg","card-thumbnail-width":450,"card-thumbnail-height":340,"conference":"https:\/\/d2q6z78khxmx42.cloudfront.net\/2023\/02\/02_La Casa de la Abuela-560x250.jpg","conference-width":560,"conference-height":250,"contest":"https:\/\/d2q6z78khxmx42.cloudfront.net\/2023\/02\/02_La Casa de la Abuela-960x400.jpg","contest-width":960,"contest-height":400,"cta":"https:\/\/d2q6z78khxmx42.cloudfront.net\/2023\/02\/02_La Casa de la Abuela-415x170.jpg","cta-width":415,"cta-height":170,"exhibitor":"https:\/\/d2q6z78khxmx42.cloudfront.net\/2023\/02\/02_La Casa de la Abuela-560x560.jpg","exhibitor-width":560,"exhibitor-height":560,"gallery":"https:\/\/d2q6z78khxmx42.cloudfront.net\/2023\/02\/02_La Casa de la Abuela-393x430.jpg","gallery-width":393,"gallery-height":430,"logo":"https:\/\/d2q6z78khxmx42.cloudfront.net\/2023\/02\/02_La Casa de la Abuela-91x100.jpg","logo-width":91,"logo-height":100,"masonry":"https:\/\/d2q6z78khxmx42.cloudfront.net\/2023\/02\/02_La Casa de la Abuela-550x602.jpg","masonry-width":550,"masonry-height":602,"modal":"https:\/\/d2q6z78khxmx42.cloudfront.net\/2023\/02\/02_La Casa de la Abuela-1753x1920.jpg","modal-width":1753,"modal-height":1920,"number":"https:\/\/d2q6z78khxmx42.cloudfront.net\/2023\/02\/uYN4NHo8-02_La Casa de la Abuela-393x430.jpg","number-width":393,"number-height":430,"partner":"https:\/\/d2q6z78khxmx42.cloudfront.net\/2023\/02\/02_La Casa de la Abuela-192x210.jpg","partner-width":192,"partner-height":210,"ranking":"https:\/\/d2q6z78khxmx42.cloudfront.net\/2023\/02\/uYN4NHo8-02_La Casa de la Abuela-960x540.jpg","ranking-width":960,"ranking-height":540,"schedule":"https:\/\/d2q6z78khxmx42.cloudfront.net\/2023\/02\/02_La Casa de la Abuela-960x360.jpg","schedule-width":960,"schedule-height":360,"slideshow":"https:\/\/d2q6z78khxmx42.cloudfront.net\/2023\/02\/02_La Casa de la Abuela-621x680.jpg","slideshow-width":621,"slideshow-height":680}},"filters":[1015,166,168],"suppliers":false,"attachment_category":[]},{"categories":[3266],"credit":"Rafael Gamo","image":{"ID":104483,"id":104483,"title":"03_La Casa de la Abuela","filename":"03_La Casa de la Abuela-scaled.jpg","filesize":1353470,"url":"https:\/\/d2q6z78khxmx42.cloudfront.net\/2023\/02\/03_La Casa de la Abuela-scaled.jpg","link":"https:\/\/int.design\/fr\/projets\/la-casa-de-la-abuela\/03_la-casa-de-la-abuela\/","alt":"","author":"1166","description":"La Casa de la Abuela Chain + Siman  Chain + Siman Pedro S\u00e1nchez Paisajismo Rafael Gamo","caption":"","name":"03_la-casa-de-la-abuela","status":"inherit","uploaded_to":103382,"date":"2023-02-14 23:44:43","modified":"2023-08-16 15:31:19","menu_order":0,"mime_type":"image\/jpeg","type":"image","subtype":"jpeg","icon":"https:\/\/int.design\/wp-includes\/images\/media\/default.png","width":2560,"height":2560,"sizes":{"thumbnail":"https:\/\/d2q6z78khxmx42.cloudfront.net\/2023\/02\/03_La Casa de la Abuela-150x150.jpg","thumbnail-width":150,"thumbnail-height":150,"medium":"https:\/\/d2q6z78khxmx42.cloudfront.net\/2023\/02\/03_La Casa de la Abuela-300x300.jpg","medium-width":300,"medium-height":300,"medium_large":"https:\/\/d2q6z78khxmx42.cloudfront.net\/2023\/02\/03_La Casa de la Abuela-768x768.jpg","medium_large-width":768,"medium_large-height":768,"large":"https:\/\/d2q6z78khxmx42.cloudfront.net\/2023\/02\/03_La Casa de la Abuela-1024x1024.jpg","large-width":1024,"large-height":1024,"1536x1536":"https:\/\/d2q6z78khxmx42.cloudfront.net\/2023\/02\/03_La Casa de la Abuela-1536x1536.jpg","1536x1536-width":1536,"1536x1536-height":1536,"2048x2048":"https:\/\/d2q6z78khxmx42.cloudfront.net\/2023\/02\/03_La Casa de la Abuela-2048x2048.jpg","2048x2048-width":2048,"2048x2048-height":2048,"article":"https:\/\/d2q6z78khxmx42.cloudfront.net\/2023\/02\/03_La Casa de la Abuela-960x540.jpg","article-width":960,"article-height":540,"banner":"https:\/\/d2q6z78khxmx42.cloudfront.net\/2023\/02\/03_La Casa de la Abuela-1920x1920.jpg","banner-width":1920,"banner-height":1920,"block":"https:\/\/d2q6z78khxmx42.cloudfront.net\/2023\/02\/03_La Casa de la Abuela-900x680.jpg","block-width":900,"block-height":680,"card":"https:\/\/d2q6z78khxmx42.cloudfront.net\/2023\/02\/03_La Casa de la Abuela-560x495.jpg","card-width":560,"card-height":495,"card-thumbnail":"https:\/\/d2q6z78khxmx42.cloudfront.net\/2023\/02\/03_La Casa de la Abuela-450x340.jpg","card-thumbnail-width":450,"card-thumbnail-height":340,"conference":"https:\/\/d2q6z78khxmx42.cloudfront.net\/2023\/02\/03_La Casa de la Abuela-560x250.jpg","conference-width":560,"conference-height":250,"contest":"https:\/\/d2q6z78khxmx42.cloudfront.net\/2023\/02\/03_La Casa de la Abuela-960x400.jpg","contest-width":960,"contest-height":400,"cta":"https:\/\/d2q6z78khxmx42.cloudfront.net\/2023\/02\/03_La Casa de la Abuela-415x170.jpg","cta-width":415,"cta-height":170,"exhibitor":"https:\/\/d2q6z78khxmx42.cloudfront.net\/2023\/02\/03_La Casa de la Abuela-560x560.jpg","exhibitor-width":560,"exhibitor-height":560,"gallery":"https:\/\/d2q6z78khxmx42.cloudfront.net\/2023\/02\/03_La Casa de la Abuela-430x430.jpg","gallery-width":430,"gallery-height":430,"logo":"https:\/\/d2q6z78khxmx42.cloudfront.net\/2023\/02\/03_La Casa de la Abuela-100x100.jpg","logo-width":100,"logo-height":100,"masonry":"https:\/\/d2q6z78khxmx42.cloudfront.net\/2023\/02\/03_La Casa de la Abuela-550x550.jpg","masonry-width":550,"masonry-height":550,"modal":"https:\/\/d2q6z78khxmx42.cloudfront.net\/2023\/02\/5v7JoqbX-03_La Casa de la Abuela-1920x1920.jpg","modal-width":1920,"modal-height":1920,"number":"https:\/\/d2q6z78khxmx42.cloudfront.net\/2023\/02\/5v7JoqbX-03_La Casa de la Abuela-430x430.jpg","number-width":430,"number-height":430,"partner":"https:\/\/d2q6z78khxmx42.cloudfront.net\/2023\/02\/03_La Casa de la Abuela-210x210.jpg","partner-width":210,"partner-height":210,"ranking":"https:\/\/d2q6z78khxmx42.cloudfront.net\/2023\/02\/5v7JoqbX-03_La Casa de la Abuela-960x540.jpg","ranking-width":960,"ranking-height":540,"schedule":"https:\/\/d2q6z78khxmx42.cloudfront.net\/2023\/02\/03_La Casa de la Abuela-960x360.jpg","schedule-width":960,"schedule-height":360,"slideshow":"https:\/\/d2q6z78khxmx42.cloudfront.net\/2023\/02\/03_La Casa de la Abuela-680x680.jpg","slideshow-width":680,"slideshow-height":680}},"filters":[111],"suppliers":false,"attachment_category":[]},{"categories":[3266],"credit":"Rafael Gamo","image":{"ID":104484,"id":104484,"title":"04_La Casa de la Abuela","filename":"04_La Casa de la Abuela-scaled.jpg","filesize":810435,"url":"https:\/\/d2q6z78khxmx42.cloudfront.net\/2023\/02\/04_La Casa de la Abuela-scaled.jpg","link":"https:\/\/int.design\/fr\/projets\/la-casa-de-la-abuela\/04_la-casa-de-la-abuela\/","alt":"","author":"1166","description":"La Casa de la Abuela Chain + Siman  Chain + Siman Pedro S\u00e1nchez Paisajismo Rafael Gamo","caption":"","name":"04_la-casa-de-la-abuela","status":"inherit","uploaded_to":103382,"date":"2023-02-14 23:56:23","modified":"2023-08-16 15:31:19","menu_order":0,"mime_type":"image\/jpeg","type":"image","subtype":"jpeg","icon":"https:\/\/int.design\/wp-includes\/images\/media\/default.png","width":2560,"height":2194,"sizes":{"thumbnail":"https:\/\/d2q6z78khxmx42.cloudfront.net\/2023\/02\/04_La Casa de la Abuela-150x150.jpg","thumbnail-width":150,"thumbnail-height":150,"medium":"https:\/\/d2q6z78khxmx42.cloudfront.net\/2023\/02\/04_La Casa de la Abuela-300x257.jpg","medium-width":300,"medium-height":257,"medium_large":"https:\/\/d2q6z78khxmx42.cloudfront.net\/2023\/02\/04_La Casa de la Abuela-768x658.jpg","medium_large-width":768,"medium_large-height":658,"large":"https:\/\/d2q6z78khxmx42.cloudfront.net\/2023\/02\/04_La Casa de la Abuela-1024x878.jpg","large-width":1024,"large-height":878,"1536x1536":"https:\/\/d2q6z78khxmx42.cloudfront.net\/2023\/02\/04_La Casa de la Abuela-1536x1316.jpg","1536x1536-width":1536,"1536x1536-height":1316,"2048x2048":"https:\/\/d2q6z78khxmx42.cloudfront.net\/2023\/02\/04_La Casa de la Abuela-2048x1755.jpg","2048x2048-width":2048,"2048x2048-height":1755,"article":"https:\/\/d2q6z78khxmx42.cloudfront.net\/2023\/02\/04_La Casa de la Abuela-960x540.jpg","article-width":960,"article-height":540,"banner":"https:\/\/d2q6z78khxmx42.cloudfront.net\/2023\/02\/04_La Casa de la Abuela-1920x1645.jpg","banner-width":1920,"banner-height":1645,"block":"https:\/\/d2q6z78khxmx42.cloudfront.net\/2023\/02\/04_La Casa de la Abuela-900x680.jpg","block-width":900,"block-height":680,"card":"https:\/\/d2q6z78khxmx42.cloudfront.net\/2023\/02\/04_La Casa de la Abuela-560x495.jpg","card-width":560,"card-height":495,"card-thumbnail":"https:\/\/d2q6z78khxmx42.cloudfront.net\/2023\/02\/04_La Casa de la Abuela-450x340.jpg","card-thumbnail-width":450,"card-thumbnail-height":340,"conference":"https:\/\/d2q6z78khxmx42.cloudfront.net\/2023\/02\/04_La Casa de la Abuela-560x250.jpg","conference-width":560,"conference-height":250,"contest":"https:\/\/d2q6z78khxmx42.cloudfront.net\/2023\/02\/04_La Casa de la Abuela-960x400.jpg","contest-width":960,"contest-height":400,"cta":"https:\/\/d2q6z78khxmx42.cloudfront.net\/2023\/02\/04_La Casa de la Abuela-415x170.jpg","cta-width":415,"cta-height":170,"exhibitor":"https:\/\/d2q6z78khxmx42.cloudfront.net\/2023\/02\/04_La Casa de la Abuela-560x560.jpg","exhibitor-width":560,"exhibitor-height":560,"gallery":"https:\/\/d2q6z78khxmx42.cloudfront.net\/2023\/02\/04_La Casa de la Abuela-502x430.jpg","gallery-width":502,"gallery-height":430,"logo":"https:\/\/d2q6z78khxmx42.cloudfront.net\/2023\/02\/04_La Casa de la Abuela-117x100.jpg","logo-width":117,"logo-height":100,"masonry":"https:\/\/d2q6z78khxmx42.cloudfront.net\/2023\/02\/04_La Casa de la Abuela-550x471.jpg","masonry-width":550,"masonry-height":471,"modal":"https:\/\/d2q6z78khxmx42.cloudfront.net\/2023\/02\/UceVRg0i-04_La Casa de la Abuela-1920x1645.jpg","modal-width":1920,"modal-height":1645,"number":"https:\/\/d2q6z78khxmx42.cloudfront.net\/2023\/02\/UceVRg0i-04_La Casa de la Abuela-502x430.jpg","number-width":502,"number-height":430,"partner":"https:\/\/d2q6z78khxmx42.cloudfront.net\/2023\/02\/04_La Casa de la Abuela-245x210.jpg","partner-width":245,"partner-height":210,"ranking":"https:\/\/d2q6z78khxmx42.cloudfront.net\/2023\/02\/UceVRg0i-04_La Casa de la Abuela-960x540.jpg","ranking-width":960,"ranking-height":540,"schedule":"https:\/\/d2q6z78khxmx42.cloudfront.net\/2023\/02\/04_La Casa de la Abuela-960x360.jpg","schedule-width":960,"schedule-height":360,"slideshow":"https:\/\/d2q6z78khxmx42.cloudfront.net\/2023\/02\/04_La Casa de la Abuela-793x680.jpg","slideshow-width":793,"slideshow-height":680}},"filters":[23,119],"suppliers":false,"attachment_category":[]},{"categories":[3266],"credit":"Rafael Gamo","image":{"ID":104485,"id":104485,"title":"05_La Casa de la Abuela","filename":"05_La Casa de la Abuela-scaled.jpg","filesize":1355275,"url":"https:\/\/d2q6z78khxmx42.cloudfront.net\/2023\/02\/05_La Casa de la Abuela-scaled.jpg","link":"https:\/\/int.design\/fr\/projets\/la-casa-de-la-abuela\/05_la-casa-de-la-abuela\/","alt":"","author":"1166","description":"La Casa de la Abuela Chain + Siman  Chain + Siman Pedro S\u00e1nchez Paisajismo Rafael Gamo","caption":"","name":"05_la-casa-de-la-abuela","status":"inherit","uploaded_to":103382,"date":"2023-02-15 00:02:01","modified":"2023-08-16 15:31:20","menu_order":0,"mime_type":"image\/jpeg","type":"image","subtype":"jpeg","icon":"https:\/\/int.design\/wp-includes\/images\/media\/default.png","width":2313,"height":2560,"sizes":{"thumbnail":"https:\/\/d2q6z78khxmx42.cloudfront.net\/2023\/02\/05_La Casa de la Abuela-150x150.jpg","thumbnail-width":150,"thumbnail-height":150,"medium":"https:\/\/d2q6z78khxmx42.cloudfront.net\/2023\/02\/05_La Casa de la Abuela-271x300.jpg","medium-width":271,"medium-height":300,"medium_large":"https:\/\/d2q6z78khxmx42.cloudfront.net\/2023\/02\/05_La Casa de la Abuela-768x850.jpg","medium_large-width":768,"medium_large-height":850,"large":"https:\/\/d2q6z78khxmx42.cloudfront.net\/2023\/02\/05_La Casa de la Abuela-925x1024.jpg","large-width":925,"large-height":1024,"1536x1536":"https:\/\/d2q6z78khxmx42.cloudfront.net\/2023\/02\/05_La Casa de la Abuela-1388x1536.jpg","1536x1536-width":1388,"1536x1536-height":1536,"2048x2048":"https:\/\/d2q6z78khxmx42.cloudfront.net\/2023\/02\/05_La Casa de la Abuela-1850x2048.jpg","2048x2048-width":1850,"2048x2048-height":2048,"article":"https:\/\/d2q6z78khxmx42.cloudfront.net\/2023\/02\/05_La Casa de la Abuela-960x540.jpg","article-width":960,"article-height":540,"banner":"https:\/\/d2q6z78khxmx42.cloudfront.net\/2023\/02\/05_La Casa de la Abuela-1920x2125.jpg","banner-width":1920,"banner-height":2125,"block":"https:\/\/d2q6z78khxmx42.cloudfront.net\/2023\/02\/05_La Casa de la Abuela-900x680.jpg","block-width":900,"block-height":680,"card":"https:\/\/d2q6z78khxmx42.cloudfront.net\/2023\/02\/05_La Casa de la Abuela-560x495.jpg","card-width":560,"card-height":495,"card-thumbnail":"https:\/\/d2q6z78khxmx42.cloudfront.net\/2023\/02\/05_La Casa de la Abuela-450x340.jpg","card-thumbnail-width":450,"card-thumbnail-height":340,"conference":"https:\/\/d2q6z78khxmx42.cloudfront.net\/2023\/02\/05_La Casa de la Abuela-560x250.jpg","conference-width":560,"conference-height":250,"contest":"https:\/\/d2q6z78khxmx42.cloudfront.net\/2023\/02\/05_La Casa de la Abuela-960x400.jpg","contest-width":960,"contest-height":400,"cta":"https:\/\/d2q6z78khxmx42.cloudfront.net\/2023\/02\/05_La Casa de la Abuela-415x170.jpg","cta-width":415,"cta-height":170,"exhibitor":"https:\/\/d2q6z78khxmx42.cloudfront.net\/2023\/02\/05_La Casa de la Abuela-560x560.jpg","exhibitor-width":560,"exhibitor-height":560,"gallery":"https:\/\/d2q6z78khxmx42.cloudfront.net\/2023\/02\/05_La Casa de la Abuela-388x430.jpg","gallery-width":388,"gallery-height":430,"logo":"https:\/\/d2q6z78khxmx42.cloudfront.net\/2023\/02\/05_La Casa de la Abuela-90x100.jpg","logo-width":90,"logo-height":100,"masonry":"https:\/\/d2q6z78khxmx42.cloudfront.net\/2023\/02\/05_La Casa de la Abuela-550x609.jpg","masonry-width":550,"masonry-height":609,"modal":"https:\/\/d2q6z78khxmx42.cloudfront.net\/2023\/02\/05_La Casa de la Abuela-1734x1920.jpg","modal-width":1734,"modal-height":1920,"number":"https:\/\/d2q6z78khxmx42.cloudfront.net\/2023\/02\/JFDGlfKF-05_La Casa de la Abuela-388x430.jpg","number-width":388,"number-height":430,"partner":"https:\/\/d2q6z78khxmx42.cloudfront.net\/2023\/02\/05_La Casa de la Abuela-190x210.jpg","partner-width":190,"partner-height":210,"ranking":"https:\/\/d2q6z78khxmx42.cloudfront.net\/2023\/02\/JFDGlfKF-05_La Casa de la Abuela-960x540.jpg","ranking-width":960,"ranking-height":540,"schedule":"https:\/\/d2q6z78khxmx42.cloudfront.net\/2023\/02\/05_La Casa de la Abuela-960x360.jpg","schedule-width":960,"schedule-height":360,"slideshow":"https:\/\/d2q6z78khxmx42.cloudfront.net\/2023\/02\/05_La Casa de la Abuela-614x680.jpg","slideshow-width":614,"slideshow-height":680}},"filters":[24,545,539,168],"suppliers":false,"attachment_category":[]},{"categories":[3266],"credit":"Rafael Gamo","image":{"ID":105333,"id":105333,"title":"ChainSiman_CasaAbuela_0561","filename":"ChainSiman_CasaAbuela_0561-scaled.jpg","filesize":993140,"url":"https:\/\/d2q6z78khxmx42.cloudfront.net\/2023\/03\/ChainSiman_CasaAbuela_0561-scaled.jpg","link":"https:\/\/int.design\/fr\/projets\/la-casa-de-la-abuela\/chainsiman_casaabuela_0561\/","alt":"","author":"1166","description":"La Casa de la Abuela Chain + Siman  Chain + Siman Pedro S\u00e1nchez Paisajismo Rafael Gamo","caption":"","name":"chainsiman_casaabuela_0561","status":"inherit","uploaded_to":103382,"date":"2023-03-01 21:43:57","modified":"2023-08-16 15:31:20","menu_order":0,"mime_type":"image\/jpeg","type":"image","subtype":"jpeg","icon":"https:\/\/int.design\/wp-includes\/images\/media\/default.png","width":2560,"height":2560,"sizes":{"thumbnail":"https:\/\/d2q6z78khxmx42.cloudfront.net\/2023\/03\/ChainSiman_CasaAbuela_0561-150x150.jpg","thumbnail-width":150,"thumbnail-height":150,"medium":"https:\/\/d2q6z78khxmx42.cloudfront.net\/2023\/03\/ChainSiman_CasaAbuela_0561-300x300.jpg","medium-width":300,"medium-height":300,"medium_large":"https:\/\/d2q6z78khxmx42.cloudfront.net\/2023\/03\/ChainSiman_CasaAbuela_0561-768x768.jpg","medium_large-width":768,"medium_large-height":768,"large":"https:\/\/d2q6z78khxmx42.cloudfront.net\/2023\/03\/ChainSiman_CasaAbuela_0561-1024x1024.jpg","large-width":1024,"large-height":1024,"1536x1536":"https:\/\/d2q6z78khxmx42.cloudfront.net\/2023\/03\/ChainSiman_CasaAbuela_0561-1536x1536.jpg","1536x1536-width":1536,"1536x1536-height":1536,"2048x2048":"https:\/\/d2q6z78khxmx42.cloudfront.net\/2023\/03\/ChainSiman_CasaAbuela_0561-2048x2048.jpg","2048x2048-width":2048,"2048x2048-height":2048,"article":"https:\/\/d2q6z78khxmx42.cloudfront.net\/2023\/03\/ChainSiman_CasaAbuela_0561-960x540.jpg","article-width":960,"article-height":540,"banner":"https:\/\/d2q6z78khxmx42.cloudfront.net\/2023\/03\/ChainSiman_CasaAbuela_0561-1920x1920.jpg","banner-width":1920,"banner-height":1920,"block":"https:\/\/d2q6z78khxmx42.cloudfront.net\/2023\/03\/ChainSiman_CasaAbuela_0561-900x680.jpg","block-width":900,"block-height":680,"card":"https:\/\/d2q6z78khxmx42.cloudfront.net\/2023\/03\/ChainSiman_CasaAbuela_0561-560x495.jpg","card-width":560,"card-height":495,"card-thumbnail":"https:\/\/d2q6z78khxmx42.cloudfront.net\/2023\/03\/ChainSiman_CasaAbuela_0561-450x340.jpg","card-thumbnail-width":450,"card-thumbnail-height":340,"conference":"https:\/\/d2q6z78khxmx42.cloudfront.net\/2023\/03\/ChainSiman_CasaAbuela_0561-560x250.jpg","conference-width":560,"conference-height":250,"contest":"https:\/\/d2q6z78khxmx42.cloudfront.net\/2023\/03\/ChainSiman_CasaAbuela_0561-960x400.jpg","contest-width":960,"contest-height":400,"cta":"https:\/\/d2q6z78khxmx42.cloudfront.net\/2023\/03\/ChainSiman_CasaAbuela_0561-415x170.jpg","cta-width":415,"cta-height":170,"exhibitor":"https:\/\/d2q6z78khxmx42.cloudfront.net\/2023\/03\/ChainSiman_CasaAbuela_0561-560x560.jpg","exhibitor-width":560,"exhibitor-height":560,"gallery":"https:\/\/d2q6z78khxmx42.cloudfront.net\/2023\/03\/ChainSiman_CasaAbuela_0561-430x430.jpg","gallery-width":430,"gallery-height":430,"logo":"https:\/\/d2q6z78khxmx42.cloudfront.net\/2023\/03\/ChainSiman_CasaAbuela_0561-100x100.jpg","logo-width":100,"logo-height":100,"masonry":"https:\/\/d2q6z78khxmx42.cloudfront.net\/2023\/03\/ChainSiman_CasaAbuela_0561-550x550.jpg","masonry-width":550,"masonry-height":550,"modal":"https:\/\/d2q6z78khxmx42.cloudfront.net\/2023\/03\/LY9SyslI-ChainSiman_CasaAbuela_0561-1920x1920.jpg","modal-width":1920,"modal-height":1920,"number":"https:\/\/d2q6z78khxmx42.cloudfront.net\/2023\/03\/LY9SyslI-ChainSiman_CasaAbuela_0561-430x430.jpg","number-width":430,"number-height":430,"partner":"https:\/\/d2q6z78khxmx42.cloudfront.net\/2023\/03\/ChainSiman_CasaAbuela_0561-210x210.jpg","partner-width":210,"partner-height":210,"ranking":"https:\/\/d2q6z78khxmx42.cloudfront.net\/2023\/03\/LY9SyslI-ChainSiman_CasaAbuela_0561-960x540.jpg","ranking-width":960,"ranking-height":540,"schedule":"https:\/\/d2q6z78khxmx42.cloudfront.net\/2023\/03\/ChainSiman_CasaAbuela_0561-960x360.jpg","schedule-width":960,"schedule-height":360,"slideshow":"https:\/\/d2q6z78khxmx42.cloudfront.net\/2023\/03\/ChainSiman_CasaAbuela_0561-680x680.jpg","slideshow-width":680,"slideshow-height":680}},"filters":[23,118],"suppliers":false,"attachment_category":[]},{"categories":[3266],"credit":"Rafael Gamo","image":{"ID":108295,"id":108295,"title":"ChainSiman_CasaAbuela_1079","filename":"ChainSiman_CasaAbuela_1079-scaled.jpg","filesize":641809,"url":"https:\/\/d2q6z78khxmx42.cloudfront.net\/2023\/03\/ChainSiman_CasaAbuela_1079-scaled.jpg","link":"https:\/\/int.design\/fr\/projets\/la-casa-de-la-abuela\/chainsiman_casaabuela_1079\/","alt":"","author":"1166","description":"La Casa de la Abuela Chain + Siman  Chain + Siman Pedro S\u00e1nchez Paisajismo Rafael Gamo","caption":"","name":"chainsiman_casaabuela_1079","status":"inherit","uploaded_to":103382,"date":"2023-03-27 07:20:20","modified":"2023-08-16 15:31:20","menu_order":0,"mime_type":"image\/jpeg","type":"image","subtype":"jpeg","icon":"https:\/\/int.design\/wp-includes\/images\/media\/default.png","width":2560,"height":2048,"sizes":{"thumbnail":"https:\/\/d2q6z78khxmx42.cloudfront.net\/2023\/03\/ChainSiman_CasaAbuela_1079-150x150.jpg","thumbnail-width":150,"thumbnail-height":150,"medium":"https:\/\/d2q6z78khxmx42.cloudfront.net\/2023\/03\/ChainSiman_CasaAbuela_1079-300x240.jpg","medium-width":300,"medium-height":240,"medium_large":"https:\/\/d2q6z78khxmx42.cloudfront.net\/2023\/03\/ChainSiman_CasaAbuela_1079-768x614.jpg","medium_large-width":768,"medium_large-height":614,"large":"https:\/\/d2q6z78khxmx42.cloudfront.net\/2023\/03\/ChainSiman_CasaAbuela_1079-1024x819.jpg","large-width":1024,"large-height":819,"1536x1536":"https:\/\/d2q6z78khxmx42.cloudfront.net\/2023\/03\/ChainSiman_CasaAbuela_1079-1536x1229.jpg","1536x1536-width":1536,"1536x1536-height":1229,"2048x2048":"https:\/\/d2q6z78khxmx42.cloudfront.net\/2023\/03\/ChainSiman_CasaAbuela_1079-2048x1638.jpg","2048x2048-width":2048,"2048x2048-height":1638,"article":"https:\/\/d2q6z78khxmx42.cloudfront.net\/2023\/03\/ChainSiman_CasaAbuela_1079-960x540.jpg","article-width":960,"article-height":540,"banner":"https:\/\/d2q6z78khxmx42.cloudfront.net\/2023\/03\/ChainSiman_CasaAbuela_1079-1920x1536.jpg","banner-width":1920,"banner-height":1536,"block":"https:\/\/d2q6z78khxmx42.cloudfront.net\/2023\/03\/ChainSiman_CasaAbuela_1079-900x680.jpg","block-width":900,"block-height":680,"card":"https:\/\/d2q6z78khxmx42.cloudfront.net\/2023\/03\/ChainSiman_CasaAbuela_1079-560x495.jpg","card-width":560,"card-height":495,"card-thumbnail":"https:\/\/d2q6z78khxmx42.cloudfront.net\/2023\/03\/ChainSiman_CasaAbuela_1079-450x340.jpg","card-thumbnail-width":450,"card-thumbnail-height":340,"conference":"https:\/\/d2q6z78khxmx42.cloudfront.net\/2023\/03\/ChainSiman_CasaAbuela_1079-560x250.jpg","conference-width":560,"conference-height":250,"contest":"https:\/\/d2q6z78khxmx42.cloudfront.net\/2023\/03\/ChainSiman_CasaAbuela_1079-960x400.jpg","contest-width":960,"contest-height":400,"cta":"https:\/\/d2q6z78khxmx42.cloudfront.net\/2023\/03\/ChainSiman_CasaAbuela_1079-415x170.jpg","cta-width":415,"cta-height":170,"exhibitor":"https:\/\/d2q6z78khxmx42.cloudfront.net\/2023\/03\/ChainSiman_CasaAbuela_1079-560x560.jpg","exhibitor-width":560,"exhibitor-height":560,"gallery":"https:\/\/d2q6z78khxmx42.cloudfront.net\/2023\/03\/ChainSiman_CasaAbuela_1079-538x430.jpg","gallery-width":538,"gallery-height":430,"logo":"https:\/\/d2q6z78khxmx42.cloudfront.net\/2023\/03\/ChainSiman_CasaAbuela_1079-125x100.jpg","logo-width":125,"logo-height":100,"masonry":"https:\/\/d2q6z78khxmx42.cloudfront.net\/2023\/03\/ChainSiman_CasaAbuela_1079-550x440.jpg","masonry-width":550,"masonry-height":440,"modal":"https:\/\/d2q6z78khxmx42.cloudfront.net\/2023\/03\/52Vi66z5-ChainSiman_CasaAbuela_1079-1920x1536.jpg","modal-width":1920,"modal-height":1536,"number":"https:\/\/d2q6z78khxmx42.cloudfront.net\/2023\/03\/52Vi66z5-ChainSiman_CasaAbuela_1079-538x430.jpg","number-width":538,"number-height":430,"partner":"https:\/\/d2q6z78khxmx42.cloudfront.net\/2023\/03\/ChainSiman_CasaAbuela_1079-263x210.jpg","partner-width":263,"partner-height":210,"ranking":"https:\/\/d2q6z78khxmx42.cloudfront.net\/2023\/03\/52Vi66z5-ChainSiman_CasaAbuela_1079-960x540.jpg","ranking-width":960,"ranking-height":540,"schedule":"https:\/\/d2q6z78khxmx42.cloudfront.net\/2023\/03\/ChainSiman_CasaAbuela_1079-960x360.jpg","schedule-width":960,"schedule-height":360,"slideshow":"https:\/\/d2q6z78khxmx42.cloudfront.net\/2023\/03\/ChainSiman_CasaAbuela_1079-850x680.jpg","slideshow-width":850,"slideshow-height":680}},"filters":[111],"suppliers":false,"attachment_category":[]},{"categories":[3266],"credit":"Rafael Gamo","image":{"ID":105335,"id":105335,"title":"ChainSiman_CasaAbuela_1119","filename":"ChainSiman_CasaAbuela_1119-scaled.jpg","filesize":1376633,"url":"https:\/\/d2q6z78khxmx42.cloudfront.net\/2023\/03\/ChainSiman_CasaAbuela_1119-scaled.jpg","link":"https:\/\/int.design\/fr\/projets\/la-casa-de-la-abuela\/chainsiman_casaabuela_1119\/","alt":"","author":"1166","description":"La Casa de la Abuela Chain + Siman  Chain + Siman Pedro S\u00e1nchez Paisajismo Rafael Gamo","caption":"","name":"chainsiman_casaabuela_1119","status":"inherit","uploaded_to":103382,"date":"2023-03-01 21:46:13","modified":"2023-08-16 15:31:20","menu_order":0,"mime_type":"image\/jpeg","type":"image","subtype":"jpeg","icon":"https:\/\/int.design\/wp-includes\/images\/media\/default.png","width":2560,"height":2560,"sizes":{"thumbnail":"https:\/\/d2q6z78khxmx42.cloudfront.net\/2023\/03\/ChainSiman_CasaAbuela_1119-150x150.jpg","thumbnail-width":150,"thumbnail-height":150,"medium":"https:\/\/d2q6z78khxmx42.cloudfront.net\/2023\/03\/ChainSiman_CasaAbuela_1119-300x300.jpg","medium-width":300,"medium-height":300,"medium_large":"https:\/\/d2q6z78khxmx42.cloudfront.net\/2023\/03\/ChainSiman_CasaAbuela_1119-768x768.jpg","medium_large-width":768,"medium_large-height":768,"large":"https:\/\/d2q6z78khxmx42.cloudfront.net\/2023\/03\/ChainSiman_CasaAbuela_1119-1024x1024.jpg","large-width":1024,"large-height":1024,"1536x1536":"https:\/\/d2q6z78khxmx42.cloudfront.net\/2023\/03\/ChainSiman_CasaAbuela_1119-1536x1536.jpg","1536x1536-width":1536,"1536x1536-height":1536,"2048x2048":"https:\/\/d2q6z78khxmx42.cloudfront.net\/2023\/03\/ChainSiman_CasaAbuela_1119-2048x2048.jpg","2048x2048-width":2048,"2048x2048-height":2048,"article":"https:\/\/d2q6z78khxmx42.cloudfront.net\/2023\/03\/ChainSiman_CasaAbuela_1119-960x540.jpg","article-width":960,"article-height":540,"banner":"https:\/\/d2q6z78khxmx42.cloudfront.net\/2023\/03\/ChainSiman_CasaAbuela_1119-1920x1920.jpg","banner-width":1920,"banner-height":1920,"block":"https:\/\/d2q6z78khxmx42.cloudfront.net\/2023\/03\/ChainSiman_CasaAbuela_1119-900x680.jpg","block-width":900,"block-height":680,"card":"https:\/\/d2q6z78khxmx42.cloudfront.net\/2023\/03\/ChainSiman_CasaAbuela_1119-560x495.jpg","card-width":560,"card-height":495,"card-thumbnail":"https:\/\/d2q6z78khxmx42.cloudfront.net\/2023\/03\/ChainSiman_CasaAbuela_1119-450x340.jpg","card-thumbnail-width":450,"card-thumbnail-height":340,"conference":"https:\/\/d2q6z78khxmx42.cloudfront.net\/2023\/03\/ChainSiman_CasaAbuela_1119-560x250.jpg","conference-width":560,"conference-height":250,"contest":"https:\/\/d2q6z78khxmx42.cloudfront.net\/2023\/03\/ChainSiman_CasaAbuela_1119-960x400.jpg","contest-width":960,"contest-height":400,"cta":"https:\/\/d2q6z78khxmx42.cloudfront.net\/2023\/03\/ChainSiman_CasaAbuela_1119-415x170.jpg","cta-width":415,"cta-height":170,"exhibitor":"https:\/\/d2q6z78khxmx42.cloudfront.net\/2023\/03\/ChainSiman_CasaAbuela_1119-560x560.jpg","exhibitor-width":560,"exhibitor-height":560,"gallery":"https:\/\/d2q6z78khxmx42.cloudfront.net\/2023\/03\/ChainSiman_CasaAbuela_1119-430x430.jpg","gallery-width":430,"gallery-height":430,"logo":"https:\/\/d2q6z78khxmx42.cloudfront.net\/2023\/03\/ChainSiman_CasaAbuela_1119-100x100.jpg","logo-width":100,"logo-height":100,"masonry":"https:\/\/d2q6z78khxmx42.cloudfront.net\/2023\/03\/ChainSiman_CasaAbuela_1119-550x550.jpg","masonry-width":550,"masonry-height":550,"modal":"https:\/\/d2q6z78khxmx42.cloudfront.net\/2023\/03\/yLEdPSzY-ChainSiman_CasaAbuela_1119-1920x1920.jpg","modal-width":1920,"modal-height":1920,"number":"https:\/\/d2q6z78khxmx42.cloudfront.net\/2023\/03\/yLEdPSzY-ChainSiman_CasaAbuela_1119-430x430.jpg","number-width":430,"number-height":430,"partner":"https:\/\/d2q6z78khxmx42.cloudfront.net\/2023\/03\/ChainSiman_CasaAbuela_1119-210x210.jpg","partner-width":210,"partner-height":210,"ranking":"https:\/\/d2q6z78khxmx42.cloudfront.net\/2023\/03\/yLEdPSzY-ChainSiman_CasaAbuela_1119-960x540.jpg","ranking-width":960,"ranking-height":540,"schedule":"https:\/\/d2q6z78khxmx42.cloudfront.net\/2023\/03\/ChainSiman_CasaAbuela_1119-960x360.jpg","schedule-width":960,"schedule-height":360,"slideshow":"https:\/\/d2q6z78khxmx42.cloudfront.net\/2023\/03\/ChainSiman_CasaAbuela_1119-680x680.jpg","slideshow-width":680,"slideshow-height":680}},"filters":[24],"suppliers":false,"attachment_category":[]},{"categories":[3266],"credit":"Rafael Gamo","image":{"ID":105336,"id":105336,"title":"ChainSiman_CasaAbuela_0121","filename":"ChainSiman_CasaAbuela_0121-scaled.jpg","filesize":1241265,"url":"https:\/\/d2q6z78khxmx42.cloudfront.net\/2023\/03\/ChainSiman_CasaAbuela_0121-scaled.jpg","link":"https:\/\/int.design\/fr\/projets\/la-casa-de-la-abuela\/chainsiman_casaabuela_0121\/","alt":"","author":"1166","description":"La Casa de la Abuela Chain + Siman  Chain + Siman Pedro S\u00e1nchez Paisajismo Rafael Gamo","caption":"","name":"chainsiman_casaabuela_0121","status":"inherit","uploaded_to":103382,"date":"2023-03-01 21:46:28","modified":"2023-08-16 15:31:20","menu_order":0,"mime_type":"image\/jpeg","type":"image","subtype":"jpeg","icon":"https:\/\/int.design\/wp-includes\/images\/media\/default.png","width":2560,"height":1707,"sizes":{"thumbnail":"https:\/\/d2q6z78khxmx42.cloudfront.net\/2023\/03\/ChainSiman_CasaAbuela_0121-150x150.jpg","thumbnail-width":150,"thumbnail-height":150,"medium":"https:\/\/d2q6z78khxmx42.cloudfront.net\/2023\/03\/ChainSiman_CasaAbuela_0121-300x200.jpg","medium-width":300,"medium-height":200,"medium_large":"https:\/\/d2q6z78khxmx42.cloudfront.net\/2023\/03\/ChainSiman_CasaAbuela_0121-768x512.jpg","medium_large-width":768,"medium_large-height":512,"large":"https:\/\/d2q6z78khxmx42.cloudfront.net\/2023\/03\/ChainSiman_CasaAbuela_0121-1024x683.jpg","large-width":1024,"large-height":683,"1536x1536":"https:\/\/d2q6z78khxmx42.cloudfront.net\/2023\/03\/ChainSiman_CasaAbuela_0121-1536x1024.jpg","1536x1536-width":1536,"1536x1536-height":1024,"2048x2048":"https:\/\/d2q6z78khxmx42.cloudfront.net\/2023\/03\/ChainSiman_CasaAbuela_0121-2048x1365.jpg","2048x2048-width":2048,"2048x2048-height":1365,"article":"https:\/\/d2q6z78khxmx42.cloudfront.net\/2023\/03\/ChainSiman_CasaAbuela_0121-960x540.jpg","article-width":960,"article-height":540,"banner":"https:\/\/d2q6z78khxmx42.cloudfront.net\/2023\/03\/ChainSiman_CasaAbuela_0121-1920x1280.jpg","banner-width":1920,"banner-height":1280,"block":"https:\/\/d2q6z78khxmx42.cloudfront.net\/2023\/03\/ChainSiman_CasaAbuela_0121-900x680.jpg","block-width":900,"block-height":680,"card":"https:\/\/d2q6z78khxmx42.cloudfront.net\/2023\/03\/ChainSiman_CasaAbuela_0121-560x495.jpg","card-width":560,"card-height":495,"card-thumbnail":"https:\/\/d2q6z78khxmx42.cloudfront.net\/2023\/03\/ChainSiman_CasaAbuela_0121-450x340.jpg","card-thumbnail-width":450,"card-thumbnail-height":340,"conference":"https:\/\/d2q6z78khxmx42.cloudfront.net\/2023\/03\/ChainSiman_CasaAbuela_0121-560x250.jpg","conference-width":560,"conference-height":250,"contest":"https:\/\/d2q6z78khxmx42.cloudfront.net\/2023\/03\/ChainSiman_CasaAbuela_0121-960x400.jpg","contest-width":960,"contest-height":400,"cta":"https:\/\/d2q6z78khxmx42.cloudfront.net\/2023\/03\/ChainSiman_CasaAbuela_0121-415x170.jpg","cta-width":415,"cta-height":170,"exhibitor":"https:\/\/d2q6z78khxmx42.cloudfront.net\/2023\/03\/ChainSiman_CasaAbuela_0121-560x560.jpg","exhibitor-width":560,"exhibitor-height":560,"gallery":"https:\/\/d2q6z78khxmx42.cloudfront.net\/2023\/03\/ChainSiman_CasaAbuela_0121-560x373.jpg","gallery-width":560,"gallery-height":373,"logo":"https:\/\/d2q6z78khxmx42.cloudfront.net\/2023\/03\/ChainSiman_CasaAbuela_0121-150x100.jpg","logo-width":150,"logo-height":100,"masonry":"https:\/\/d2q6z78khxmx42.cloudfront.net\/2023\/03\/ChainSiman_CasaAbuela_0121-550x367.jpg","masonry-width":550,"masonry-height":367,"modal":"https:\/\/d2q6z78khxmx42.cloudfront.net\/2023\/03\/bzbggEQT-ChainSiman_CasaAbuela_0121-1920x1280.jpg","modal-width":1920,"modal-height":1280,"number":"https:\/\/d2q6z78khxmx42.cloudfront.net\/2023\/03\/bzbggEQT-ChainSiman_CasaAbuela_0121-560x373.jpg","number-width":560,"number-height":373,"partner":"https:\/\/d2q6z78khxmx42.cloudfront.net\/2023\/03\/ChainSiman_CasaAbuela_0121-275x183.jpg","partner-width":275,"partner-height":183,"ranking":"https:\/\/d2q6z78khxmx42.cloudfront.net\/2023\/03\/bzbggEQT-ChainSiman_CasaAbuela_0121-960x540.jpg","ranking-width":960,"ranking-height":540,"schedule":"https:\/\/d2q6z78khxmx42.cloudfront.net\/2023\/03\/ChainSiman_CasaAbuela_0121-960x360.jpg","schedule-width":960,"schedule-height":360,"slideshow":"https:\/\/d2q6z78khxmx42.cloudfront.net\/2023\/03\/ChainSiman_CasaAbuela_0121-1020x680.jpg","slideshow-width":1020,"slideshow-height":680}},"filters":[1015],"suppliers":false,"attachment_category":[]},{"categories":[3266],"credit":"Rafael Gamo","image":{"ID":108296,"id":108296,"title":"ChainSiman_CasaAbuela_1194","filename":"ChainSiman_CasaAbuela_1194-scaled.jpg","filesize":763866,"url":"https:\/\/d2q6z78khxmx42.cloudfront.net\/2023\/03\/ChainSiman_CasaAbuela_1194-scaled.jpg","link":"https:\/\/int.design\/fr\/projets\/la-casa-de-la-abuela\/chainsiman_casaabuela_1194\/","alt":"","author":"1166","description":"La Casa de la Abuela Chain + Siman  Chain + Siman Pedro S\u00e1nchez Paisajismo Rafael Gamo","caption":"","name":"chainsiman_casaabuela_1194","status":"inherit","uploaded_to":103382,"date":"2023-03-27 07:31:55","modified":"2023-08-16 15:31:20","menu_order":0,"mime_type":"image\/jpeg","type":"image","subtype":"jpeg","icon":"https:\/\/int.design\/wp-includes\/images\/media\/default.png","width":2560,"height":1829,"sizes":{"thumbnail":"https:\/\/d2q6z78khxmx42.cloudfront.net\/2023\/03\/ChainSiman_CasaAbuela_1194-150x150.jpg","thumbnail-width":150,"thumbnail-height":150,"medium":"https:\/\/d2q6z78khxmx42.cloudfront.net\/2023\/03\/ChainSiman_CasaAbuela_1194-300x214.jpg","medium-width":300,"medium-height":214,"medium_large":"https:\/\/d2q6z78khxmx42.cloudfront.net\/2023\/03\/ChainSiman_CasaAbuela_1194-768x549.jpg","medium_large-width":768,"medium_large-height":549,"large":"https:\/\/d2q6z78khxmx42.cloudfront.net\/2023\/03\/ChainSiman_CasaAbuela_1194-1024x731.jpg","large-width":1024,"large-height":731,"1536x1536":"https:\/\/d2q6z78khxmx42.cloudfront.net\/2023\/03\/ChainSiman_CasaAbuela_1194-1536x1097.jpg","1536x1536-width":1536,"1536x1536-height":1097,"2048x2048":"https:\/\/d2q6z78khxmx42.cloudfront.net\/2023\/03\/ChainSiman_CasaAbuela_1194-2048x1463.jpg","2048x2048-width":2048,"2048x2048-height":1463,"article":"https:\/\/d2q6z78khxmx42.cloudfront.net\/2023\/03\/ChainSiman_CasaAbuela_1194-960x540.jpg","article-width":960,"article-height":540,"banner":"https:\/\/d2q6z78khxmx42.cloudfront.net\/2023\/03\/ChainSiman_CasaAbuela_1194-1920x1372.jpg","banner-width":1920,"banner-height":1372,"block":"https:\/\/d2q6z78khxmx42.cloudfront.net\/2023\/03\/ChainSiman_CasaAbuela_1194-900x680.jpg","block-width":900,"block-height":680,"card":"https:\/\/d2q6z78khxmx42.cloudfront.net\/2023\/03\/ChainSiman_CasaAbuela_1194-560x495.jpg","card-width":560,"card-height":495,"card-thumbnail":"https:\/\/d2q6z78khxmx42.cloudfront.net\/2023\/03\/ChainSiman_CasaAbuela_1194-450x340.jpg","card-thumbnail-width":450,"card-thumbnail-height":340,"conference":"https:\/\/d2q6z78khxmx42.cloudfront.net\/2023\/03\/ChainSiman_CasaAbuela_1194-560x250.jpg","conference-width":560,"conference-height":250,"contest":"https:\/\/d2q6z78khxmx42.cloudfront.net\/2023\/03\/ChainSiman_CasaAbuela_1194-960x400.jpg","contest-width":960,"contest-height":400,"cta":"https:\/\/d2q6z78khxmx42.cloudfront.net\/2023\/03\/ChainSiman_CasaAbuela_1194-415x170.jpg","cta-width":415,"cta-height":170,"exhibitor":"https:\/\/d2q6z78khxmx42.cloudfront.net\/2023\/03\/ChainSiman_CasaAbuela_1194-560x560.jpg","exhibitor-width":560,"exhibitor-height":560,"gallery":"https:\/\/d2q6z78khxmx42.cloudfront.net\/2023\/03\/ChainSiman_CasaAbuela_1194-560x400.jpg","gallery-width":560,"gallery-height":400,"logo":"https:\/\/d2q6z78khxmx42.cloudfront.net\/2023\/03\/ChainSiman_CasaAbuela_1194-140x100.jpg","logo-width":140,"logo-height":100,"masonry":"https:\/\/d2q6z78khxmx42.cloudfront.net\/2023\/03\/ChainSiman_CasaAbuela_1194-550x393.jpg","masonry-width":550,"masonry-height":393,"modal":"https:\/\/d2q6z78khxmx42.cloudfront.net\/2023\/03\/f38lYHTz-ChainSiman_CasaAbuela_1194-1920x1372.jpg","modal-width":1920,"modal-height":1372,"number":"https:\/\/d2q6z78khxmx42.cloudfront.net\/2023\/03\/f38lYHTz-ChainSiman_CasaAbuela_1194-560x400.jpg","number-width":560,"number-height":400,"partner":"https:\/\/d2q6z78khxmx42.cloudfront.net\/2023\/03\/ChainSiman_CasaAbuela_1194-275x196.jpg","partner-width":275,"partner-height":196,"ranking":"https:\/\/d2q6z78khxmx42.cloudfront.net\/2023\/03\/f38lYHTz-ChainSiman_CasaAbuela_1194-960x540.jpg","ranking-width":960,"ranking-height":540,"schedule":"https:\/\/d2q6z78khxmx42.cloudfront.net\/2023\/03\/ChainSiman_CasaAbuela_1194-960x360.jpg","schedule-width":960,"schedule-height":360,"slideshow":"https:\/\/d2q6z78khxmx42.cloudfront.net\/2023\/03\/ChainSiman_CasaAbuela_1194-952x680.jpg","slideshow-width":952,"slideshow-height":680}},"filters":[111],"suppliers":false,"attachment_category":[]}],"mandatory_documents":[{"name":"Plans ","file":{"ID":104490,"id":104490,"title":"Plans_La Casa de la Abuela","filename":"8_Plans_La Casa de la Abuela.pdf","filesize":1228053,"url":"https:\/\/d2q6z78khxmx42.cloudfront.net\/2023\/02\/8_Plans_La Casa de la Abuela.pdf","link":"https:\/\/int.design\/fr\/projets\/la-casa-de-la-abuela\/plans_la-casa-de-la-abuela-4\/","alt":"","author":"1166","description":"","caption":"","name":"plans_la-casa-de-la-abuela-4","status":"inherit","uploaded_to":103382,"date":"2023-02-15 01:54:20","modified":"2023-02-15 01:57:04","menu_order":0,"mime_type":"application\/pdf","type":"application","subtype":"pdf","icon":"https:\/\/int.design\/wp-includes\/images\/media\/document.png"}},{"name":"Landscape design","file":{"ID":104491,"id":104491,"title":"Landscape Design","filename":"Landscape Design.pdf","filesize":5385128,"url":"https:\/\/d2q6z78khxmx42.cloudfront.net\/2023\/02\/Landscape Design.pdf","link":"https:\/\/int.design\/fr\/projets\/la-casa-de-la-abuela\/landscape-design\/","alt":"","author":"1166","description":"","caption":"","name":"landscape-design","status":"inherit","uploaded_to":103382,"date":"2023-02-15 01:54:35","modified":"2023-02-15 01:57:05","menu_order":0,"mime_type":"application\/pdf","type":"application","subtype":"pdf","icon":"https:\/\/int.design\/wp-includes\/images\/media\/document.png"}}],"optional_documents":false,"web_text":{"fr":"<p>Nich\u00e9e \u00e0 proximit\u00e9 du lac Valle de Bravo, La Casa de la Abuela est une retraite toute l&rsquo;ann\u00e9e qui s&rsquo;inspire du cadre paisible qui l&rsquo;entoure pour cr\u00e9er une maison chaleureuse et \u00e9l\u00e9gante. Le nom se traduit par \u00ab\u00a0Maison de grand-m\u00e8re\u00a0\u00bb, car cette r\u00e9sidence est un pivot pour une famille multig\u00e9n\u00e9rationnelle tr\u00e8s unie.<br \/>\nNotre priorit\u00e9 \u00e9tait de cr\u00e9er de larges espaces en double hauteur qui accentueraient le lien avec l&rsquo;ext\u00e9rieur par la vue sur le lac. La maison a \u00e9t\u00e9 intentionnellement orient\u00e9e vers l&rsquo;ouest afin que le coucher de soleil puisse \u00eatre appr\u00e9ci\u00e9 \u00e0 la fois de la chambre principale et de la terrasse.<br \/>\nIl a \u00e9t\u00e9 n\u00e9cessaire de proc\u00e9der \u00e0 un compactage du sol, en raison de la proximit\u00e9 du site avec le lac. Pour obtenir les port\u00e9es souhait\u00e9es et obtenir une bonne adh\u00e9rence sur des sols aussi meubles, nous avons choisi une structure monolithique en b\u00e9ton arm\u00e9 pour l&rsquo;ensemble du projet.<br \/>\nLes murs ext\u00e9rieurs des trois volumes sont recouverts de briques artisanales blanches produites dans l&rsquo;\u00c9tat de Mexico et dont les mesures ont servi de base aux proportions du dessin. Deux des volumes, dispos\u00e9s parall\u00e8lement l&rsquo;un \u00e0 l&rsquo;autre, portent des toits \u00e0 pignons en tuiles plates noires. \u00c0 l&rsquo;int\u00e9rieur, du bois d&rsquo;ing\u00e9nierie autrichienne recouvre les sols, les murs et les plafonds.<br \/>\nCe projet a \u00e9t\u00e9 pens\u00e9 dans la dynamique d&rsquo;une suite parentale : tout tourne autour de la chambre principale. Les chambres communicantes permettent au client de traverser plusieurs espaces en quelques pas. Afin de cr\u00e9er le m\u00eame langage architectural tout au long du projet, nous avons maximis\u00e9 l&rsquo;esth\u00e9tique bois.<br \/>\nLe salon appara\u00eet comme un espace commun ouvert, flanqu\u00e9 d&rsquo;une chambre principale d&rsquo;un c\u00f4t\u00e9, de la salle familiale de l&rsquo;autre et d&rsquo;une terrasse ouverte avec un jacuzzi \u00e0 l&rsquo;arri\u00e8re de la maison qui sert de sc\u00e8ne pour profiter de la connexion avec l&rsquo;ext\u00e9rieur. Un auvent \u00e0 persiennes motoris\u00e9 avec son propre syst\u00e8me de drainage a \u00e9t\u00e9 plac\u00e9 sur le pont pour permettre \u00e0 la lumi\u00e8re du soleil d&rsquo;entrer dans les pi\u00e8ces tout en offrant une couverture contre la pluie en cas de besoin. \u00c0 l&rsquo;avant de la maison, la salle familiale dispose \u00e9galement de sa propre terrasse et d&rsquo;un acc\u00e8s \u00e0 la mezzanine, qui se double d&rsquo;une chambre d&rsquo;amis avec un ensemble de portes coulissantes.<br \/>\nLa maison est presque enti\u00e8rement entour\u00e9e de v\u00e9g\u00e9tation, cr\u00e9ant une limite visuelle qui prolonge la perception de l&rsquo;espace tout en offrant une intimit\u00e9.<br \/>\nUne attention particuli\u00e8re a \u00e9t\u00e9 accord\u00e9e \u00e0 la conception de l&rsquo;\u00e9clairage. Nous avons abord\u00e9 sa conceptualisation comme si le projet \u00e9tait un mus\u00e9e dans lequel nous ne savions pas o\u00f9 seraient plac\u00e9s les \u00e9l\u00e9ments lumineux. Des panneaux solaires ont \u00e9t\u00e9 plac\u00e9s sur le toit afin de r\u00e9duire la consommation d&rsquo;\u00e9nergie.<br \/>\nLa composition qui en r\u00e9sulte donne l&rsquo;impression d&rsquo;un espace presque sc\u00e9nique, produisant un m\u00e9lange d&rsquo;\u00e9clairage fonctionnel et d&rsquo;accentuation. La lumi\u00e8re diffuse entre les trois pi\u00e8ces principales contribue \u00e0 accentuer les tons chauds du bois et \u00e0 cr\u00e9er une ambiance chaleureuse et invitante.<br \/>\nLe projet a \u00e9t\u00e9 con\u00e7u pour \u00eatre r\u00e9alis\u00e9 sur une p\u00e9riode de dix mois. En raison de la pand\u00e9mie, cela a d\u00fb \u00eatre ajust\u00e9; cependant, le projet a \u00e9t\u00e9 achev\u00e9 en onze mois.<\/p>\n","en":"<p>Nestled within reach of Lake Valle de Bravo, La Casa de la Abuela is a year-round retreat that draws inspiration from the peaceful setting that surrounds it to create a warm, elegant home. The name translates to \u201cGrandma\u2019s House\u201d, for this residence is a pivoting point for a multi-generational close knitted family.<br \/>\nOur priority was to create wide, double-height spaces that would accentuate the connection with the exterior through views of the lake. The house was intentionally oriented towards the west so that the sunset could be enjoyed from both the master bedroom and the terrace.<br \/>\nIt was necessary to carry out a soil compaction process, due to the site being so close to the lake. To obtain the desired spans and achieve a solid grip on such loose grounds, we chose a monolithic reinforced concrete structure for the entire project.<br \/>\nThe exterior walls of the three volumes are covered with white handcrafted brick that was produced in the State of Mexico, and whose measurements served as the basis for the design&rsquo;s proportion. Two of the volumes, set parallel to each other, bear gabled roofs with flat black tiles. In the interior, Austrian-engineered wood overlays the floors, walls, and ceilings.<br \/>\nThis project was designed with the dynamics of a master suite in mind: everything revolves around the main bedroom. The interconnected rooms allow the client to pass through several spaces with just a few steps. In order to create the same architectural language throughout the project, we maximized the wooden aesthetic.<br \/>\nThe living room appears as an open, communal space, flanked by a master bedroom on one side, the family room on the other, and an open terrace with a Jacuzzi at the rear of the house which serves as a stage for enjoying the connection with the exterior. A motorized louvered canopy with its own drainage system was placed on the deck to allow sun light into the rooms while providing coverage against the rain when needed. At the front of the house, the family room also features its own terrace and access to the mezzanine room, which doubles as a spare bedroom with a set of sliding doors.<br \/>\nThe house is almost entirely surrounded by vegetation, creating a visual boundary that extends the perception of space while providing privacy.<br \/>\nSpecial attention was given to the lighting design. We approached its conceptualization as though the project were a museum in which we did not know where the illuminated elements would be placed. Solar panels were placed on the roof in order to reduce energy consumption.<br \/>\nThe resulting composition gives the impression of a nearly stage-like space, producing a blend of functional and accent lighting. The diffused light among the three main rooms helps accentuate the warm tones of the wood and creating a cozy and inviting ambience.<br \/>\nThe project was designed to be completed over a period of ten months. Due to the pandemic, this had to be adjusted; however, the project was completed in eleven months.<\/p>\n","original":""},"jury_text":[{"category":3266,"fr":"","en":"","original":""}],"different_jury_text":false,"different_category_text":false},"laureats":[{"cat_id":3266,"cat_id_laureat":3890,"laureat":"Certification OR"}],"contest_id":"97334","contest_title":"GRANDS PRIX DU DESIGN \u2013 16e \u00e9dition","firms":[{"name":"Chain + Siman","website":"https:\/\/chainsiman.com","category":"","category_tax":2747,"category_label":"Designer d'int\u00e9rieur"},{"name":"Pedro S\u00e1nchez Paisajismo","website":"https:\/\/pedrosanchez.mx","category":"","category_tax":2745,"category_label":"Architecture de paysage"},{"name":"Rafael Gamo","website":"https:\/\/rafaelgamo.com","category":"","category_tax":2756,"category_label":"Photographe"}],"user":{"email":"chainsiman@archdifusion.mx","first_name":"Lina","last_name":"Siman"},"doc_texts_web":{"fr":"<p>Nich\u00e9e \u00e0 proximit\u00e9 du lac Valle de Bravo, La Casa de la Abuela est une retraite toute l&rsquo;ann\u00e9e qui s&rsquo;inspire du cadre paisible qui l&rsquo;entoure pour cr\u00e9er une maison chaleureuse et \u00e9l\u00e9gante. Le nom se traduit par \u00ab\u00a0Maison de grand-m\u00e8re\u00a0\u00bb, car cette r\u00e9sidence est un pivot pour une famille multig\u00e9n\u00e9rationnelle tr\u00e8s unie.<br \/>\nNotre priorit\u00e9 \u00e9tait de cr\u00e9er de larges espaces en double hauteur qui accentueraient le lien avec l&rsquo;ext\u00e9rieur par la vue sur le lac. La maison a \u00e9t\u00e9 intentionnellement orient\u00e9e vers l&rsquo;ouest afin que le coucher de soleil puisse \u00eatre appr\u00e9ci\u00e9 \u00e0 la fois de la chambre principale et de la terrasse.<br \/>\nIl a \u00e9t\u00e9 n\u00e9cessaire de proc\u00e9der \u00e0 un compactage du sol, en raison de la proximit\u00e9 du site avec le lac. Pour obtenir les port\u00e9es souhait\u00e9es et obtenir une bonne adh\u00e9rence sur des sols aussi meubles, nous avons choisi une structure monolithique en b\u00e9ton arm\u00e9 pour l&rsquo;ensemble du projet.<br \/>\nLes murs ext\u00e9rieurs des trois volumes sont recouverts de briques artisanales blanches produites dans l&rsquo;\u00c9tat de Mexico et dont les mesures ont servi de base aux proportions du dessin. Deux des volumes, dispos\u00e9s parall\u00e8lement l&rsquo;un \u00e0 l&rsquo;autre, portent des toits \u00e0 pignons en tuiles plates noires. \u00c0 l&rsquo;int\u00e9rieur, du bois d&rsquo;ing\u00e9nierie autrichienne recouvre les sols, les murs et les plafonds.<br \/>\nCe projet a \u00e9t\u00e9 pens\u00e9 dans la dynamique d&rsquo;une suite parentale : tout tourne autour de la chambre principale. Les chambres communicantes permettent au client de traverser plusieurs espaces en quelques pas. Afin de cr\u00e9er le m\u00eame langage architectural tout au long du projet, nous avons maximis\u00e9 l&rsquo;esth\u00e9tique bois.<br \/>\nLe salon appara\u00eet comme un espace commun ouvert, flanqu\u00e9 d&rsquo;une chambre principale d&rsquo;un c\u00f4t\u00e9, de la salle familiale de l&rsquo;autre et d&rsquo;une terrasse ouverte avec un jacuzzi \u00e0 l&rsquo;arri\u00e8re de la maison qui sert de sc\u00e8ne pour profiter de la connexion avec l&rsquo;ext\u00e9rieur. Un auvent \u00e0 persiennes motoris\u00e9 avec son propre syst\u00e8me de drainage a \u00e9t\u00e9 plac\u00e9 sur le pont pour permettre \u00e0 la lumi\u00e8re du soleil d&rsquo;entrer dans les pi\u00e8ces tout en offrant une couverture contre la pluie en cas de besoin. \u00c0 l&rsquo;avant de la maison, la salle familiale dispose \u00e9galement de sa propre terrasse et d&rsquo;un acc\u00e8s \u00e0 la mezzanine, qui se double d&rsquo;une chambre d&rsquo;amis avec un ensemble de portes coulissantes.<br \/>\nLa maison est presque enti\u00e8rement entour\u00e9e de v\u00e9g\u00e9tation, cr\u00e9ant une limite visuelle qui prolonge la perception de l&rsquo;espace tout en offrant une intimit\u00e9.<br \/>\nUne attention particuli\u00e8re a \u00e9t\u00e9 accord\u00e9e \u00e0 la conception de l&rsquo;\u00e9clairage. Nous avons abord\u00e9 sa conceptualisation comme si le projet \u00e9tait un mus\u00e9e dans lequel nous ne savions pas o\u00f9 seraient plac\u00e9s les \u00e9l\u00e9ments lumineux. Des panneaux solaires ont \u00e9t\u00e9 plac\u00e9s sur le toit afin de r\u00e9duire la consommation d&rsquo;\u00e9nergie.<br \/>\nLa composition qui en r\u00e9sulte donne l&rsquo;impression d&rsquo;un espace presque sc\u00e9nique, produisant un m\u00e9lange d&rsquo;\u00e9clairage fonctionnel et d&rsquo;accentuation. La lumi\u00e8re diffuse entre les trois pi\u00e8ces principales contribue \u00e0 accentuer les tons chauds du bois et \u00e0 cr\u00e9er une ambiance chaleureuse et invitante.<br \/>\nLe projet a \u00e9t\u00e9 con\u00e7u pour \u00eatre r\u00e9alis\u00e9 sur une p\u00e9riode de dix mois. En raison de la pand\u00e9mie, cela a d\u00fb \u00eatre ajust\u00e9; cependant, le projet a \u00e9t\u00e9 achev\u00e9 en onze mois.<\/p>\n","en":"<p>Nestled within reach of Lake Valle de Bravo, La Casa de la Abuela is a year-round retreat that draws inspiration from the peaceful setting that surrounds it to create a warm, elegant home. The name translates to \u201cGrandma\u2019s House\u201d, for this residence is a pivoting point for a multi-generational close knitted family.<br \/>\nOur priority was to create wide, double-height spaces that would accentuate the connection with the exterior through views of the lake. The house was intentionally oriented towards the west so that the sunset could be enjoyed from both the master bedroom and the terrace.<br \/>\nIt was necessary to carry out a soil compaction process, due to the site being so close to the lake. To obtain the desired spans and achieve a solid grip on such loose grounds, we chose a monolithic reinforced concrete structure for the entire project.<br \/>\nThe exterior walls of the three volumes are covered with white handcrafted brick that was produced in the State of Mexico, and whose measurements served as the basis for the design&rsquo;s proportion. Two of the volumes, set parallel to each other, bear gabled roofs with flat black tiles. In the interior, Austrian-engineered wood overlays the floors, walls, and ceilings.<br \/>\nThis project was designed with the dynamics of a master suite in mind: everything revolves around the main bedroom. The interconnected rooms allow the client to pass through several spaces with just a few steps. In order to create the same architectural language throughout the project, we maximized the wooden aesthetic.<br \/>\nThe living room appears as an open, communal space, flanked by a master bedroom on one side, the family room on the other, and an open terrace with a Jacuzzi at the rear of the house which serves as a stage for enjoying the connection with the exterior. A motorized louvered canopy with its own drainage system was placed on the deck to allow sun light into the rooms while providing coverage against the rain when needed. At the front of the house, the family room also features its own terrace and access to the mezzanine room, which doubles as a spare bedroom with a set of sliding doors.<br \/>\nThe house is almost entirely surrounded by vegetation, creating a visual boundary that extends the perception of space while providing privacy.<br \/>\nSpecial attention was given to the lighting design. We approached its conceptualization as though the project were a museum in which we did not know where the illuminated elements would be placed. Solar panels were placed on the roof in order to reduce energy consumption.<br \/>\nThe resulting composition gives the impression of a nearly stage-like space, producing a blend of functional and accent lighting. The diffused light among the three main rooms helps accentuate the warm tones of the wood and creating a cozy and inviting ambience.<br \/>\nThe project was designed to be completed over a period of ten months. Due to the pandemic, this had to be adjusted; however, the project was completed in eleven months.<\/p>\n"},"permalinks":{"fr":"https:\/\/int.design\/fr\/projets\/la-casa-de-la-abuela\/","en":"https:\/\/int.design\/en\/projects\/la-casa-de-la-abuela\/"},"titles":{"fr":"La Casa de la Abuela","en":"La Casa de la Abuela"},"wp_fields":[],"laravel_id":""},"_links":{"self":[{"href":"https:\/\/int.design\/fr\/wp-json\/wp\/v2\/project\/103382","targetHints":{"allow":["GET"]}}],"collection":[{"href":"https:\/\/int.design\/fr\/wp-json\/wp\/v2\/project"}],"about":[{"href":"https:\/\/int.design\/fr\/wp-json\/wp\/v2\/types\/project"}],"wp:attachment":[{"href":"https:\/\/int.design\/fr\/wp-json\/wp\/v2\/media?parent=103382"}],"curies":[{"name":"wp","href":"https:\/\/api.w.org\/{rel}","templated":true}]}}