{"id":80842,"date":"2022-08-09T11:44:30","date_gmt":"2022-08-09T15:44:30","guid":{"rendered":"https:\/\/int.design\/?post_type=project&#038;p=80842"},"modified":"2022-08-09T11:44:30","modified_gmt":"2022-08-09T15:44:30","slug":"les-habitations-saint-michel-nord","status":"publish","type":"project","link":"https:\/\/int.design\/en\/projects\/les-habitations-saint-michel-nord\/","title":{"rendered":"Les Habitations Saint-Michel Nord"},"content":{"rendered":"","protected":false},"template":"","class_list":["post-80842","project","type-project","status-publish","hentry","project_category_75033-paysage-et-territoires","project_category_75033-architecture-de-paysage-de-projet-domiciliaire"],"acf":[],"yoast_head":"<!-- This site is optimized with the Yoast SEO plugin v21.5 - https:\/\/yoast.com\/wordpress\/plugins\/seo\/ -->\n<title>Les Habitations Saint-Michel Nord - INT Design<\/title>\n<meta name=\"robots\" content=\"index, follow, max-snippet:-1, max-image-preview:large, max-video-preview:-1\" \/>\n<link rel=\"canonical\" href=\"https:\/\/int.design\/en\/projects\/les-habitations-saint-michel-nord\/\" \/>\n<meta property=\"og:locale\" content=\"en_US\" \/>\n<meta property=\"og:type\" content=\"article\" \/>\n<meta property=\"og:title\" content=\"Les Habitations Saint-Michel Nord - INT Design\" \/>\n<meta property=\"og:url\" content=\"https:\/\/int.design\/en\/projects\/les-habitations-saint-michel-nord\/\" \/>\n<meta property=\"og:site_name\" content=\"INT Design\" \/>\n<meta name=\"twitter:card\" content=\"summary_large_image\" \/>\n<script type=\"application\/ld+json\" class=\"yoast-schema-graph\">{\"@context\":\"https:\/\/schema.org\",\"@graph\":[{\"@type\":\"WebPage\",\"@id\":\"https:\/\/int.design\/en\/projects\/les-habitations-saint-michel-nord\/\",\"url\":\"https:\/\/int.design\/en\/projects\/les-habitations-saint-michel-nord\/\",\"name\":\"Les Habitations Saint-Michel Nord - INT Design\",\"isPartOf\":{\"@id\":\"https:\/\/int.design\/fr\/#website\"},\"datePublished\":\"2022-08-09T15:44:30+00:00\",\"dateModified\":\"2022-08-09T15:44:30+00:00\",\"breadcrumb\":{\"@id\":\"https:\/\/int.design\/en\/projects\/les-habitations-saint-michel-nord\/#breadcrumb\"},\"inLanguage\":\"en-US\",\"potentialAction\":[{\"@type\":\"ReadAction\",\"target\":[\"https:\/\/int.design\/en\/projects\/les-habitations-saint-michel-nord\/\"]}]},{\"@type\":\"BreadcrumbList\",\"@id\":\"https:\/\/int.design\/en\/projects\/les-habitations-saint-michel-nord\/#breadcrumb\",\"itemListElement\":[{\"@type\":\"ListItem\",\"position\":1,\"name\":\"Home\",\"item\":\"https:\/\/int.design\/en\/\"},{\"@type\":\"ListItem\",\"position\":2,\"name\":\"Projects\",\"item\":\"https:\/\/int.design\/en\/projects\/\"},{\"@type\":\"ListItem\",\"position\":3,\"name\":\"Les Habitations Saint-Michel Nord\"}]},{\"@type\":\"WebSite\",\"@id\":\"https:\/\/int.design\/fr\/#website\",\"url\":\"https:\/\/int.design\/fr\/\",\"name\":\"INT Design\",\"description\":\"\",\"potentialAction\":[{\"@type\":\"SearchAction\",\"target\":{\"@type\":\"EntryPoint\",\"urlTemplate\":\"https:\/\/int.design\/fr\/?s={search_term_string}\"},\"query-input\":\"required name=search_term_string\"}],\"inLanguage\":\"en-US\"}]}<\/script>\n<!-- \/ Yoast SEO plugin. -->","yoast_head_json":{"title":"Les Habitations Saint-Michel Nord - INT Design","robots":{"index":"index","follow":"follow","max-snippet":"max-snippet:-1","max-image-preview":"max-image-preview:large","max-video-preview":"max-video-preview:-1"},"canonical":"https:\/\/int.design\/en\/projects\/les-habitations-saint-michel-nord\/","og_locale":"en_US","og_type":"article","og_title":"Les Habitations Saint-Michel Nord - INT Design","og_url":"https:\/\/int.design\/en\/projects\/les-habitations-saint-michel-nord\/","og_site_name":"INT Design","twitter_card":"summary_large_image","schema":{"@context":"https:\/\/schema.org","@graph":[{"@type":"WebPage","@id":"https:\/\/int.design\/en\/projects\/les-habitations-saint-michel-nord\/","url":"https:\/\/int.design\/en\/projects\/les-habitations-saint-michel-nord\/","name":"Les Habitations Saint-Michel Nord - INT Design","isPartOf":{"@id":"https:\/\/int.design\/fr\/#website"},"datePublished":"2022-08-09T15:44:30+00:00","dateModified":"2022-08-09T15:44:30+00:00","breadcrumb":{"@id":"https:\/\/int.design\/en\/projects\/les-habitations-saint-michel-nord\/#breadcrumb"},"inLanguage":"en-US","potentialAction":[{"@type":"ReadAction","target":["https:\/\/int.design\/en\/projects\/les-habitations-saint-michel-nord\/"]}]},{"@type":"BreadcrumbList","@id":"https:\/\/int.design\/en\/projects\/les-habitations-saint-michel-nord\/#breadcrumb","itemListElement":[{"@type":"ListItem","position":1,"name":"Home","item":"https:\/\/int.design\/en\/"},{"@type":"ListItem","position":2,"name":"Projects","item":"https:\/\/int.design\/en\/projects\/"},{"@type":"ListItem","position":3,"name":"Les Habitations Saint-Michel Nord"}]},{"@type":"WebSite","@id":"https:\/\/int.design\/fr\/#website","url":"https:\/\/int.design\/fr\/","name":"INT Design","description":"","potentialAction":[{"@type":"SearchAction","target":{"@type":"EntryPoint","urlTemplate":"https:\/\/int.design\/fr\/?s={search_term_string}"},"query-input":"required name=search_term_string"}],"inLanguage":"en-US"}]}},"entry":{"cats":{"disciplines":[{"id":2557,"name":"Landscape & Territories"}],"big_cats":[],"sub_cats":[{"id":2573,"name":"Landscape Architecture - Housing Project","parent":2567}]},"entry":{"":null,"status":"completed","winner_title":"Vlan Paysages","winner_prize_lang":"","title_translatable":false,"title_en":"","title_fr":"","releve_award":false,"releve_award_cv":false,"collaboration":false,"collaboration_firms":false,"other_firms":[{"name":"CIMA +","website":"https:\/\/www.cima.ca\/en\/","category":"","category_tax":2753},{"name":"Aedifica","website":"https:\/\/aedifica.com\/","category":"","category_tax":2744},{"name":"Saia Barbarese Topouzanov architectes","website":"https:\/\/sbt.qc.ca\/en\/","category":"","category_tax":2744}],"owner":{"name":"Office municipale d'habitation de Montr\u00e9al","confidential":false,"website":"https:\/\/www.omhm.qc.ca\/fr\/","contact_name":"","email":"","phone":""},"address":{"address":"","city":"","region":"","province":"","country":"CA","postal_code":""},"logos":false,"use_logo":false,"designers":[{"name":"Micheline Clouard et Julie St-Arnault","credit":"Sophia Khmil","image":{"ID":96251,"id":96251,"title":"Micheline et Julie_N&amp;B_Hires","filename":"8_Micheline et Julie_N&B_Hires-scaled.jpg","filesize":0,"url":"https:\/\/int.design\/wp-content\/uploads\/2022\/04\/8_Micheline et Julie_N&B_Hires-scaled.jpg","link":"https:\/\/int.design\/fr\/projets\/les-habitations-saint-michel-nord\/micheline-et-julie_nb_hires-4\/","alt":"","author":"569","description":"","caption":"","name":"micheline-et-julie_nb_hires-4","status":"inherit","uploaded_to":80841,"date":"2022-04-14 20:39:54","modified":"2022-04-14 20:40:11","menu_order":0,"mime_type":"image\/jpeg","type":"image","subtype":"jpeg","icon":"https:\/\/int.design\/wp-includes\/images\/media\/default.png","width":2560,"height":1709,"sizes":{"thumbnail":"https:\/\/int.design\/wp-content\/uploads\/2022\/04\/8_Micheline et Julie_N&B_Hires-150x150.jpg","thumbnail-width":150,"thumbnail-height":150,"medium":"https:\/\/int.design\/wp-content\/uploads\/2022\/04\/8_Micheline et Julie_N&B_Hires-300x200.jpg","medium-width":300,"medium-height":200,"medium_large":"https:\/\/int.design\/wp-content\/uploads\/2022\/04\/8_Micheline et Julie_N&B_Hires-768x513.jpg","medium_large-width":768,"medium_large-height":513,"large":"https:\/\/int.design\/wp-content\/uploads\/2022\/04\/8_Micheline et Julie_N&B_Hires-1024x684.jpg","large-width":1024,"large-height":684,"1536x1536":"https:\/\/int.design\/wp-content\/uploads\/2022\/04\/8_Micheline et Julie_N&B_Hires-1536x1025.jpg","1536x1536-width":1536,"1536x1536-height":1025,"2048x2048":"https:\/\/int.design\/wp-content\/uploads\/2022\/04\/8_Micheline et Julie_N&B_Hires-2048x1367.jpg","2048x2048-width":2048,"2048x2048-height":1367,"article":"https:\/\/int.design\/wp-content\/uploads\/2022\/04\/8_Micheline et Julie_N&B_Hires-960x540.jpg","article-width":960,"article-height":540,"banner":"https:\/\/int.design\/wp-content\/uploads\/2022\/04\/8_Micheline et Julie_N&B_Hires-1920x1282.jpg","banner-width":1920,"banner-height":1282,"block":"https:\/\/int.design\/wp-content\/uploads\/2022\/04\/8_Micheline et Julie_N&B_Hires-900x680.jpg","block-width":900,"block-height":680,"card":"https:\/\/int.design\/wp-content\/uploads\/2022\/04\/8_Micheline et Julie_N&B_Hires-560x495.jpg","card-width":560,"card-height":495,"card-thumbnail":"https:\/\/int.design\/wp-content\/uploads\/2022\/04\/8_Micheline et Julie_N&B_Hires-450x340.jpg","card-thumbnail-width":450,"card-thumbnail-height":340,"conference":"https:\/\/int.design\/wp-content\/uploads\/2022\/04\/8_Micheline et Julie_N&B_Hires-560x250.jpg","conference-width":560,"conference-height":250,"contest":"https:\/\/int.design\/wp-content\/uploads\/2022\/04\/8_Micheline et Julie_N&B_Hires-960x400.jpg","contest-width":960,"contest-height":400,"cta":"https:\/\/int.design\/wp-content\/uploads\/2022\/04\/8_Micheline et Julie_N&B_Hires-415x170.jpg","cta-width":415,"cta-height":170,"exhibitor":"https:\/\/int.design\/wp-content\/uploads\/2022\/04\/8_Micheline et Julie_N&B_Hires-560x560.jpg","exhibitor-width":560,"exhibitor-height":560,"gallery":"https:\/\/int.design\/wp-content\/uploads\/2022\/04\/8_Micheline et Julie_N&B_Hires-560x374.jpg","gallery-width":560,"gallery-height":374,"logo":"https:\/\/int.design\/wp-content\/uploads\/2022\/04\/8_Micheline et Julie_N&B_Hires-150x100.jpg","logo-width":150,"logo-height":100,"masonry":"https:\/\/int.design\/wp-content\/uploads\/2022\/04\/8_Micheline et Julie_N&B_Hires-550x367.jpg","masonry-width":550,"masonry-height":367,"modal":"https:\/\/int.design\/wp-content\/uploads\/2022\/04\/8_Micheline et Julie_N&B_Hires-1920x1282.jpg","modal-width":1920,"modal-height":1282,"number":"https:\/\/int.design\/wp-content\/uploads\/2022\/04\/8_Micheline et Julie_N&B_Hires-560x374.jpg","number-width":560,"number-height":374,"partner":"https:\/\/int.design\/wp-content\/uploads\/2022\/04\/8_Micheline et Julie_N&B_Hires-275x184.jpg","partner-width":275,"partner-height":184,"ranking":"https:\/\/int.design\/wp-content\/uploads\/2022\/04\/8_Micheline et Julie_N&B_Hires-960x540.jpg","ranking-width":960,"ranking-height":540,"schedule":"https:\/\/int.design\/wp-content\/uploads\/2022\/04\/8_Micheline et Julie_N&B_Hires-960x360.jpg","schedule-width":960,"schedule-height":360,"slideshow":"https:\/\/int.design\/wp-content\/uploads\/2022\/04\/8_Micheline et Julie_N&B_Hires-1019x680.jpg","slideshow-width":1019,"slideshow-height":680}},"file":false}],"cover":[{"categories":[2573],"credit":"James Brittain","image":{"ID":92847,"id":92847,"title":"1-HBSM-033","filename":"1-HBSM-033-scaled.jpg","filesize":0,"url":"https:\/\/int.design\/wp-content\/uploads\/2022\/04\/1-HBSM-033-scaled.jpg","link":"https:\/\/int.design\/fr\/projets\/les-habitations-saint-michel-nord\/1-hbsm-033\/","alt":"","author":"569","description":"Les Habitations Saint-Michel Nord  CIMA + Aedifica Saia Barbarese Topouzanov architectes","caption":"","name":"1-hbsm-033","status":"inherit","uploaded_to":80841,"date":"2022-04-08 18:03:27","modified":"2022-08-09 15:44:30","menu_order":0,"mime_type":"image\/jpeg","type":"image","subtype":"jpeg","icon":"https:\/\/int.design\/wp-includes\/images\/media\/default.png","width":2560,"height":1918,"sizes":{"thumbnail":"https:\/\/int.design\/wp-content\/uploads\/2022\/04\/1-HBSM-033-150x150.jpg","thumbnail-width":150,"thumbnail-height":150,"medium":"https:\/\/int.design\/wp-content\/uploads\/2022\/04\/1-HBSM-033-300x225.jpg","medium-width":300,"medium-height":225,"medium_large":"https:\/\/int.design\/wp-content\/uploads\/2022\/04\/1-HBSM-033-768x575.jpg","medium_large-width":768,"medium_large-height":575,"large":"https:\/\/int.design\/wp-content\/uploads\/2022\/04\/1-HBSM-033-1024x767.jpg","large-width":1024,"large-height":767,"1536x1536":"https:\/\/int.design\/wp-content\/uploads\/2022\/04\/1-HBSM-033-1536x1151.jpg","1536x1536-width":1536,"1536x1536-height":1151,"2048x2048":"https:\/\/int.design\/wp-content\/uploads\/2022\/04\/1-HBSM-033-2048x1535.jpg","2048x2048-width":2048,"2048x2048-height":1535,"article":"https:\/\/int.design\/wp-content\/uploads\/2022\/04\/1-HBSM-033-960x540.jpg","article-width":960,"article-height":540,"banner":"https:\/\/int.design\/wp-content\/uploads\/2022\/04\/1-HBSM-033-1920x1439.jpg","banner-width":1920,"banner-height":1439,"block":"https:\/\/int.design\/wp-content\/uploads\/2022\/04\/1-HBSM-033-900x680.jpg","block-width":900,"block-height":680,"card":"https:\/\/int.design\/wp-content\/uploads\/2022\/04\/1-HBSM-033-560x495.jpg","card-width":560,"card-height":495,"card-thumbnail":"https:\/\/int.design\/wp-content\/uploads\/2022\/04\/1-HBSM-033-450x340.jpg","card-thumbnail-width":450,"card-thumbnail-height":340,"conference":"https:\/\/int.design\/wp-content\/uploads\/2022\/04\/1-HBSM-033-560x250.jpg","conference-width":560,"conference-height":250,"contest":"https:\/\/int.design\/wp-content\/uploads\/2022\/04\/1-HBSM-033-960x400.jpg","contest-width":960,"contest-height":400,"cta":"https:\/\/int.design\/wp-content\/uploads\/2022\/04\/1-HBSM-033-415x170.jpg","cta-width":415,"cta-height":170,"exhibitor":"https:\/\/int.design\/wp-content\/uploads\/2022\/04\/1-HBSM-033-560x560.jpg","exhibitor-width":560,"exhibitor-height":560,"gallery":"https:\/\/int.design\/wp-content\/uploads\/2022\/04\/1-HBSM-033-560x420.jpg","gallery-width":560,"gallery-height":420,"logo":"https:\/\/int.design\/wp-content\/uploads\/2022\/04\/1-HBSM-033-133x100.jpg","logo-width":133,"logo-height":100,"masonry":"https:\/\/int.design\/wp-content\/uploads\/2022\/04\/1-HBSM-033-550x412.jpg","masonry-width":550,"masonry-height":412,"modal":"https:\/\/int.design\/wp-content\/uploads\/2022\/04\/1-HBSM-033-1920x1439.jpg","modal-width":1920,"modal-height":1439,"number":"https:\/\/int.design\/wp-content\/uploads\/2022\/04\/1-HBSM-033-560x420.jpg","number-width":560,"number-height":420,"partner":"https:\/\/int.design\/wp-content\/uploads\/2022\/04\/1-HBSM-033-275x206.jpg","partner-width":275,"partner-height":206,"ranking":"https:\/\/int.design\/wp-content\/uploads\/2022\/04\/1-HBSM-033-960x540.jpg","ranking-width":960,"ranking-height":540,"schedule":"https:\/\/int.design\/wp-content\/uploads\/2022\/04\/1-HBSM-033-960x360.jpg","schedule-width":960,"schedule-height":360,"slideshow":"https:\/\/int.design\/wp-content\/uploads\/2022\/04\/1-HBSM-033-908x680.jpg","slideshow-width":908,"slideshow-height":680}},"filters":false,"suppliers":false,"attachment_category":{"995":"Paysage","556":"Paysage - R\u00e9sidentiel"}}],"images":[{"categories":[2573],"credit":"James Brittain","image":{"ID":92848,"id":92848,"title":"image1","filename":"9_image1-scaled.jpg","filesize":0,"url":"https:\/\/int.design\/wp-content\/uploads\/2022\/04\/9_image1-scaled.jpg","link":"https:\/\/int.design\/fr\/projets\/les-habitations-saint-michel-nord\/image1-12\/","alt":"","author":"569","description":"Les Habitations Saint-Michel Nord  CIMA + Aedifica Saia Barbarese Topouzanov architectes","caption":"","name":"image1-12","status":"inherit","uploaded_to":80841,"date":"2022-04-08 18:04:24","modified":"2022-08-09 15:44:30","menu_order":0,"mime_type":"image\/jpeg","type":"image","subtype":"jpeg","icon":"https:\/\/int.design\/wp-includes\/images\/media\/default.png","width":2560,"height":1740,"sizes":{"thumbnail":"https:\/\/int.design\/wp-content\/uploads\/2022\/04\/9_image1-150x150.jpg","thumbnail-width":150,"thumbnail-height":150,"medium":"https:\/\/int.design\/wp-content\/uploads\/2022\/04\/9_image1-300x204.jpg","medium-width":300,"medium-height":204,"medium_large":"https:\/\/int.design\/wp-content\/uploads\/2022\/04\/9_image1-768x522.jpg","medium_large-width":768,"medium_large-height":522,"large":"https:\/\/int.design\/wp-content\/uploads\/2022\/04\/9_image1-1024x696.jpg","large-width":1024,"large-height":696,"1536x1536":"https:\/\/int.design\/wp-content\/uploads\/2022\/04\/9_image1-1536x1044.jpg","1536x1536-width":1536,"1536x1536-height":1044,"2048x2048":"https:\/\/int.design\/wp-content\/uploads\/2022\/04\/9_image1-2048x1392.jpg","2048x2048-width":2048,"2048x2048-height":1392,"article":"https:\/\/int.design\/wp-content\/uploads\/2022\/04\/9_image1-960x540.jpg","article-width":960,"article-height":540,"banner":"https:\/\/int.design\/wp-content\/uploads\/2022\/04\/9_image1-1920x1305.jpg","banner-width":1920,"banner-height":1305,"block":"https:\/\/int.design\/wp-content\/uploads\/2022\/04\/9_image1-900x680.jpg","block-width":900,"block-height":680,"card":"https:\/\/int.design\/wp-content\/uploads\/2022\/04\/9_image1-560x495.jpg","card-width":560,"card-height":495,"card-thumbnail":"https:\/\/int.design\/wp-content\/uploads\/2022\/04\/9_image1-450x340.jpg","card-thumbnail-width":450,"card-thumbnail-height":340,"conference":"https:\/\/int.design\/wp-content\/uploads\/2022\/04\/9_image1-560x250.jpg","conference-width":560,"conference-height":250,"contest":"https:\/\/int.design\/wp-content\/uploads\/2022\/04\/9_image1-960x400.jpg","contest-width":960,"contest-height":400,"cta":"https:\/\/int.design\/wp-content\/uploads\/2022\/04\/9_image1-415x170.jpg","cta-width":415,"cta-height":170,"exhibitor":"https:\/\/int.design\/wp-content\/uploads\/2022\/04\/9_image1-560x560.jpg","exhibitor-width":560,"exhibitor-height":560,"gallery":"https:\/\/int.design\/wp-content\/uploads\/2022\/04\/9_image1-560x381.jpg","gallery-width":560,"gallery-height":381,"logo":"https:\/\/int.design\/wp-content\/uploads\/2022\/04\/9_image1-147x100.jpg","logo-width":147,"logo-height":100,"masonry":"https:\/\/int.design\/wp-content\/uploads\/2022\/04\/9_image1-550x374.jpg","masonry-width":550,"masonry-height":374,"modal":"https:\/\/int.design\/wp-content\/uploads\/2022\/04\/9_image1-1920x1305.jpg","modal-width":1920,"modal-height":1305,"number":"https:\/\/int.design\/wp-content\/uploads\/2022\/04\/9_image1-560x381.jpg","number-width":560,"number-height":381,"partner":"https:\/\/int.design\/wp-content\/uploads\/2022\/04\/9_image1-275x187.jpg","partner-width":275,"partner-height":187,"ranking":"https:\/\/int.design\/wp-content\/uploads\/2022\/04\/9_image1-960x540.jpg","ranking-width":960,"ranking-height":540,"schedule":"https:\/\/int.design\/wp-content\/uploads\/2022\/04\/9_image1-960x360.jpg","schedule-width":960,"schedule-height":360,"slideshow":"https:\/\/int.design\/wp-content\/uploads\/2022\/04\/9_image1-1000x680.jpg","slideshow-width":1000,"slideshow-height":680}},"filters":false,"suppliers":false,"attachment_category":[]},{"categories":[2573],"credit":"James Brittain","image":{"ID":92849,"id":92849,"title":"image2","filename":"11_image2-scaled.jpg","filesize":0,"url":"https:\/\/int.design\/wp-content\/uploads\/2022\/04\/11_image2-scaled.jpg","link":"https:\/\/int.design\/fr\/projets\/les-habitations-saint-michel-nord\/image2-16\/","alt":"","author":"569","description":"Les Habitations Saint-Michel Nord  CIMA + Aedifica Saia Barbarese Topouzanov architectes","caption":"","name":"image2-16","status":"inherit","uploaded_to":80841,"date":"2022-04-08 18:04:33","modified":"2022-08-09 15:44:30","menu_order":0,"mime_type":"image\/jpeg","type":"image","subtype":"jpeg","icon":"https:\/\/int.design\/wp-includes\/images\/media\/default.png","width":2560,"height":1646,"sizes":{"thumbnail":"https:\/\/int.design\/wp-content\/uploads\/2022\/04\/11_image2-150x150.jpg","thumbnail-width":150,"thumbnail-height":150,"medium":"https:\/\/int.design\/wp-content\/uploads\/2022\/04\/11_image2-300x193.jpg","medium-width":300,"medium-height":193,"medium_large":"https:\/\/int.design\/wp-content\/uploads\/2022\/04\/11_image2-768x494.jpg","medium_large-width":768,"medium_large-height":494,"large":"https:\/\/int.design\/wp-content\/uploads\/2022\/04\/11_image2-1024x659.jpg","large-width":1024,"large-height":659,"1536x1536":"https:\/\/int.design\/wp-content\/uploads\/2022\/04\/11_image2-1536x988.jpg","1536x1536-width":1536,"1536x1536-height":988,"2048x2048":"https:\/\/int.design\/wp-content\/uploads\/2022\/04\/11_image2-2048x1317.jpg","2048x2048-width":2048,"2048x2048-height":1317,"article":"https:\/\/int.design\/wp-content\/uploads\/2022\/04\/11_image2-960x540.jpg","article-width":960,"article-height":540,"banner":"https:\/\/int.design\/wp-content\/uploads\/2022\/04\/11_image2-1920x1235.jpg","banner-width":1920,"banner-height":1235,"block":"https:\/\/int.design\/wp-content\/uploads\/2022\/04\/11_image2-900x680.jpg","block-width":900,"block-height":680,"card":"https:\/\/int.design\/wp-content\/uploads\/2022\/04\/11_image2-560x495.jpg","card-width":560,"card-height":495,"card-thumbnail":"https:\/\/int.design\/wp-content\/uploads\/2022\/04\/11_image2-450x340.jpg","card-thumbnail-width":450,"card-thumbnail-height":340,"conference":"https:\/\/int.design\/wp-content\/uploads\/2022\/04\/11_image2-560x250.jpg","conference-width":560,"conference-height":250,"contest":"https:\/\/int.design\/wp-content\/uploads\/2022\/04\/11_image2-960x400.jpg","contest-width":960,"contest-height":400,"cta":"https:\/\/int.design\/wp-content\/uploads\/2022\/04\/11_image2-415x170.jpg","cta-width":415,"cta-height":170,"exhibitor":"https:\/\/int.design\/wp-content\/uploads\/2022\/04\/11_image2-560x560.jpg","exhibitor-width":560,"exhibitor-height":560,"gallery":"https:\/\/int.design\/wp-content\/uploads\/2022\/04\/11_image2-560x360.jpg","gallery-width":560,"gallery-height":360,"logo":"https:\/\/int.design\/wp-content\/uploads\/2022\/04\/11_image2-155x100.jpg","logo-width":155,"logo-height":100,"masonry":"https:\/\/int.design\/wp-content\/uploads\/2022\/04\/11_image2-550x354.jpg","masonry-width":550,"masonry-height":354,"modal":"https:\/\/int.design\/wp-content\/uploads\/2022\/04\/11_image2-1920x1235.jpg","modal-width":1920,"modal-height":1235,"number":"https:\/\/int.design\/wp-content\/uploads\/2022\/04\/11_image2-560x360.jpg","number-width":560,"number-height":360,"partner":"https:\/\/int.design\/wp-content\/uploads\/2022\/04\/11_image2-275x177.jpg","partner-width":275,"partner-height":177,"ranking":"https:\/\/int.design\/wp-content\/uploads\/2022\/04\/11_image2-960x540.jpg","ranking-width":960,"ranking-height":540,"schedule":"https:\/\/int.design\/wp-content\/uploads\/2022\/04\/11_image2-960x360.jpg","schedule-width":960,"schedule-height":360,"slideshow":"https:\/\/int.design\/wp-content\/uploads\/2022\/04\/11_image2-1057x680.jpg","slideshow-width":1057,"slideshow-height":680}},"filters":false,"suppliers":false,"attachment_category":[]},{"categories":[2573],"credit":"James Brittain","image":{"ID":92852,"id":92852,"title":"image3","filename":"11_image3-scaled.jpg","filesize":0,"url":"https:\/\/int.design\/wp-content\/uploads\/2022\/04\/11_image3-scaled.jpg","link":"https:\/\/int.design\/fr\/projets\/les-habitations-saint-michel-nord\/image3-15\/","alt":"","author":"569","description":"Les Habitations Saint-Michel Nord  CIMA + Aedifica Saia Barbarese Topouzanov architectes","caption":"","name":"image3-15","status":"inherit","uploaded_to":80841,"date":"2022-04-08 18:08:17","modified":"2022-08-09 15:44:30","menu_order":0,"mime_type":"image\/jpeg","type":"image","subtype":"jpeg","icon":"https:\/\/int.design\/wp-includes\/images\/media\/default.png","width":2560,"height":1549,"sizes":{"thumbnail":"https:\/\/int.design\/wp-content\/uploads\/2022\/04\/11_image3-150x150.jpg","thumbnail-width":150,"thumbnail-height":150,"medium":"https:\/\/int.design\/wp-content\/uploads\/2022\/04\/11_image3-300x182.jpg","medium-width":300,"medium-height":182,"medium_large":"https:\/\/int.design\/wp-content\/uploads\/2022\/04\/11_image3-768x465.jpg","medium_large-width":768,"medium_large-height":465,"large":"https:\/\/int.design\/wp-content\/uploads\/2022\/04\/11_image3-1024x620.jpg","large-width":1024,"large-height":620,"1536x1536":"https:\/\/int.design\/wp-content\/uploads\/2022\/04\/11_image3-1536x930.jpg","1536x1536-width":1536,"1536x1536-height":930,"2048x2048":"https:\/\/int.design\/wp-content\/uploads\/2022\/04\/11_image3-2048x1239.jpg","2048x2048-width":2048,"2048x2048-height":1239,"article":"https:\/\/int.design\/wp-content\/uploads\/2022\/04\/11_image3-960x540.jpg","article-width":960,"article-height":540,"banner":"https:\/\/int.design\/wp-content\/uploads\/2022\/04\/11_image3-1920x1162.jpg","banner-width":1920,"banner-height":1162,"block":"https:\/\/int.design\/wp-content\/uploads\/2022\/04\/11_image3-900x680.jpg","block-width":900,"block-height":680,"card":"https:\/\/int.design\/wp-content\/uploads\/2022\/04\/11_image3-560x495.jpg","card-width":560,"card-height":495,"card-thumbnail":"https:\/\/int.design\/wp-content\/uploads\/2022\/04\/11_image3-450x340.jpg","card-thumbnail-width":450,"card-thumbnail-height":340,"conference":"https:\/\/int.design\/wp-content\/uploads\/2022\/04\/11_image3-560x250.jpg","conference-width":560,"conference-height":250,"contest":"https:\/\/int.design\/wp-content\/uploads\/2022\/04\/11_image3-960x400.jpg","contest-width":960,"contest-height":400,"cta":"https:\/\/int.design\/wp-content\/uploads\/2022\/04\/11_image3-415x170.jpg","cta-width":415,"cta-height":170,"exhibitor":"https:\/\/int.design\/wp-content\/uploads\/2022\/04\/11_image3-560x560.jpg","exhibitor-width":560,"exhibitor-height":560,"gallery":"https:\/\/int.design\/wp-content\/uploads\/2022\/04\/11_image3-560x339.jpg","gallery-width":560,"gallery-height":339,"logo":"https:\/\/int.design\/wp-content\/uploads\/2022\/04\/11_image3-165x100.jpg","logo-width":165,"logo-height":100,"masonry":"https:\/\/int.design\/wp-content\/uploads\/2022\/04\/11_image3-550x333.jpg","masonry-width":550,"masonry-height":333,"modal":"https:\/\/int.design\/wp-content\/uploads\/2022\/04\/11_image3-1920x1162.jpg","modal-width":1920,"modal-height":1162,"number":"https:\/\/int.design\/wp-content\/uploads\/2022\/04\/11_image3-560x339.jpg","number-width":560,"number-height":339,"partner":"https:\/\/int.design\/wp-content\/uploads\/2022\/04\/11_image3-275x166.jpg","partner-width":275,"partner-height":166,"ranking":"https:\/\/int.design\/wp-content\/uploads\/2022\/04\/11_image3-960x540.jpg","ranking-width":960,"ranking-height":540,"schedule":"https:\/\/int.design\/wp-content\/uploads\/2022\/04\/11_image3-960x360.jpg","schedule-width":960,"schedule-height":360,"slideshow":"https:\/\/int.design\/wp-content\/uploads\/2022\/04\/11_image3-1124x680.jpg","slideshow-width":1124,"slideshow-height":680}},"filters":false,"suppliers":false,"attachment_category":[]},{"categories":[2573],"credit":"James Brittain","image":{"ID":92853,"id":92853,"title":"image4","filename":"10_image4-scaled.jpg","filesize":0,"url":"https:\/\/int.design\/wp-content\/uploads\/2022\/04\/10_image4-scaled.jpg","link":"https:\/\/int.design\/fr\/projets\/les-habitations-saint-michel-nord\/image4-15\/","alt":"","author":"569","description":"Les Habitations Saint-Michel Nord  CIMA + Aedifica Saia Barbarese Topouzanov architectes","caption":"","name":"image4-15","status":"inherit","uploaded_to":80841,"date":"2022-04-08 18:08:39","modified":"2022-08-09 15:44:30","menu_order":0,"mime_type":"image\/jpeg","type":"image","subtype":"jpeg","icon":"https:\/\/int.design\/wp-includes\/images\/media\/default.png","width":2560,"height":1496,"sizes":{"thumbnail":"https:\/\/int.design\/wp-content\/uploads\/2022\/04\/10_image4-150x150.jpg","thumbnail-width":150,"thumbnail-height":150,"medium":"https:\/\/int.design\/wp-content\/uploads\/2022\/04\/10_image4-300x175.jpg","medium-width":300,"medium-height":175,"medium_large":"https:\/\/int.design\/wp-content\/uploads\/2022\/04\/10_image4-768x449.jpg","medium_large-width":768,"medium_large-height":449,"large":"https:\/\/int.design\/wp-content\/uploads\/2022\/04\/10_image4-1024x599.jpg","large-width":1024,"large-height":599,"1536x1536":"https:\/\/int.design\/wp-content\/uploads\/2022\/04\/10_image4-1536x898.jpg","1536x1536-width":1536,"1536x1536-height":898,"2048x2048":"https:\/\/int.design\/wp-content\/uploads\/2022\/04\/10_image4-2048x1197.jpg","2048x2048-width":2048,"2048x2048-height":1197,"article":"https:\/\/int.design\/wp-content\/uploads\/2022\/04\/10_image4-960x540.jpg","article-width":960,"article-height":540,"banner":"https:\/\/int.design\/wp-content\/uploads\/2022\/04\/10_image4-1920x1122.jpg","banner-width":1920,"banner-height":1122,"block":"https:\/\/int.design\/wp-content\/uploads\/2022\/04\/10_image4-900x680.jpg","block-width":900,"block-height":680,"card":"https:\/\/int.design\/wp-content\/uploads\/2022\/04\/10_image4-560x495.jpg","card-width":560,"card-height":495,"card-thumbnail":"https:\/\/int.design\/wp-content\/uploads\/2022\/04\/10_image4-450x340.jpg","card-thumbnail-width":450,"card-thumbnail-height":340,"conference":"https:\/\/int.design\/wp-content\/uploads\/2022\/04\/10_image4-560x250.jpg","conference-width":560,"conference-height":250,"contest":"https:\/\/int.design\/wp-content\/uploads\/2022\/04\/10_image4-960x400.jpg","contest-width":960,"contest-height":400,"cta":"https:\/\/int.design\/wp-content\/uploads\/2022\/04\/10_image4-415x170.jpg","cta-width":415,"cta-height":170,"exhibitor":"https:\/\/int.design\/wp-content\/uploads\/2022\/04\/10_image4-560x560.jpg","exhibitor-width":560,"exhibitor-height":560,"gallery":"https:\/\/int.design\/wp-content\/uploads\/2022\/04\/10_image4-560x327.jpg","gallery-width":560,"gallery-height":327,"logo":"https:\/\/int.design\/wp-content\/uploads\/2022\/04\/10_image4-171x100.jpg","logo-width":171,"logo-height":100,"masonry":"https:\/\/int.design\/wp-content\/uploads\/2022\/04\/10_image4-550x321.jpg","masonry-width":550,"masonry-height":321,"modal":"https:\/\/int.design\/wp-content\/uploads\/2022\/04\/10_image4-1920x1122.jpg","modal-width":1920,"modal-height":1122,"number":"https:\/\/int.design\/wp-content\/uploads\/2022\/04\/10_image4-560x327.jpg","number-width":560,"number-height":327,"partner":"https:\/\/int.design\/wp-content\/uploads\/2022\/04\/10_image4-275x161.jpg","partner-width":275,"partner-height":161,"ranking":"https:\/\/int.design\/wp-content\/uploads\/2022\/04\/10_image4-960x540.jpg","ranking-width":960,"ranking-height":540,"schedule":"https:\/\/int.design\/wp-content\/uploads\/2022\/04\/10_image4-960x360.jpg","schedule-width":960,"schedule-height":360,"slideshow":"https:\/\/int.design\/wp-content\/uploads\/2022\/04\/10_image4-1163x680.jpg","slideshow-width":1163,"slideshow-height":680}},"filters":false,"suppliers":false,"attachment_category":[]},{"categories":[2573],"credit":"James Brittain","image":{"ID":92855,"id":92855,"title":"image5","filename":"11_image5-scaled.jpg","filesize":0,"url":"https:\/\/int.design\/wp-content\/uploads\/2022\/04\/11_image5-scaled.jpg","link":"https:\/\/int.design\/fr\/projets\/les-habitations-saint-michel-nord\/image5-16\/","alt":"","author":"569","description":"Les Habitations Saint-Michel Nord  CIMA + Aedifica Saia Barbarese Topouzanov architectes","caption":"","name":"image5-16","status":"inherit","uploaded_to":80841,"date":"2022-04-08 18:08:48","modified":"2022-08-09 15:44:30","menu_order":0,"mime_type":"image\/jpeg","type":"image","subtype":"jpeg","icon":"https:\/\/int.design\/wp-includes\/images\/media\/default.png","width":2560,"height":1978,"sizes":{"thumbnail":"https:\/\/int.design\/wp-content\/uploads\/2022\/04\/11_image5-150x150.jpg","thumbnail-width":150,"thumbnail-height":150,"medium":"https:\/\/int.design\/wp-content\/uploads\/2022\/04\/11_image5-300x232.jpg","medium-width":300,"medium-height":232,"medium_large":"https:\/\/int.design\/wp-content\/uploads\/2022\/04\/11_image5-768x593.jpg","medium_large-width":768,"medium_large-height":593,"large":"https:\/\/int.design\/wp-content\/uploads\/2022\/04\/11_image5-1024x791.jpg","large-width":1024,"large-height":791,"1536x1536":"https:\/\/int.design\/wp-content\/uploads\/2022\/04\/11_image5-1536x1187.jpg","1536x1536-width":1536,"1536x1536-height":1187,"2048x2048":"https:\/\/int.design\/wp-content\/uploads\/2022\/04\/11_image5-2048x1583.jpg","2048x2048-width":2048,"2048x2048-height":1583,"article":"https:\/\/int.design\/wp-content\/uploads\/2022\/04\/11_image5-960x540.jpg","article-width":960,"article-height":540,"banner":"https:\/\/int.design\/wp-content\/uploads\/2022\/04\/11_image5-1920x1484.jpg","banner-width":1920,"banner-height":1484,"block":"https:\/\/int.design\/wp-content\/uploads\/2022\/04\/11_image5-900x680.jpg","block-width":900,"block-height":680,"card":"https:\/\/int.design\/wp-content\/uploads\/2022\/04\/11_image5-560x495.jpg","card-width":560,"card-height":495,"card-thumbnail":"https:\/\/int.design\/wp-content\/uploads\/2022\/04\/11_image5-450x340.jpg","card-thumbnail-width":450,"card-thumbnail-height":340,"conference":"https:\/\/int.design\/wp-content\/uploads\/2022\/04\/11_image5-560x250.jpg","conference-width":560,"conference-height":250,"contest":"https:\/\/int.design\/wp-content\/uploads\/2022\/04\/11_image5-960x400.jpg","contest-width":960,"contest-height":400,"cta":"https:\/\/int.design\/wp-content\/uploads\/2022\/04\/11_image5-415x170.jpg","cta-width":415,"cta-height":170,"exhibitor":"https:\/\/int.design\/wp-content\/uploads\/2022\/04\/11_image5-560x560.jpg","exhibitor-width":560,"exhibitor-height":560,"gallery":"https:\/\/int.design\/wp-content\/uploads\/2022\/04\/11_image5-556x430.jpg","gallery-width":556,"gallery-height":430,"logo":"https:\/\/int.design\/wp-content\/uploads\/2022\/04\/11_image5-129x100.jpg","logo-width":129,"logo-height":100,"masonry":"https:\/\/int.design\/wp-content\/uploads\/2022\/04\/11_image5-550x425.jpg","masonry-width":550,"masonry-height":425,"modal":"https:\/\/int.design\/wp-content\/uploads\/2022\/04\/11_image5-1920x1484.jpg","modal-width":1920,"modal-height":1484,"number":"https:\/\/int.design\/wp-content\/uploads\/2022\/04\/11_image5-556x430.jpg","number-width":556,"number-height":430,"partner":"https:\/\/int.design\/wp-content\/uploads\/2022\/04\/11_image5-272x210.jpg","partner-width":272,"partner-height":210,"ranking":"https:\/\/int.design\/wp-content\/uploads\/2022\/04\/11_image5-960x540.jpg","ranking-width":960,"ranking-height":540,"schedule":"https:\/\/int.design\/wp-content\/uploads\/2022\/04\/11_image5-960x360.jpg","schedule-width":960,"schedule-height":360,"slideshow":"https:\/\/int.design\/wp-content\/uploads\/2022\/04\/11_image5-880x680.jpg","slideshow-width":880,"slideshow-height":680}},"filters":false,"suppliers":false,"attachment_category":[]},{"categories":[2573],"credit":"James Brittain","image":{"ID":92858,"id":92858,"title":"image6","filename":"6_image6-scaled.jpg","filesize":0,"url":"https:\/\/int.design\/wp-content\/uploads\/2022\/04\/6_image6-scaled.jpg","link":"https:\/\/int.design\/fr\/projets\/les-habitations-saint-michel-nord\/image6-12\/","alt":"","author":"569","description":"Les Habitations Saint-Michel Nord  CIMA + Aedifica Saia Barbarese Topouzanov architectes","caption":"","name":"image6-12","status":"inherit","uploaded_to":80841,"date":"2022-04-08 18:09:54","modified":"2022-08-09 15:44:30","menu_order":0,"mime_type":"image\/jpeg","type":"image","subtype":"jpeg","icon":"https:\/\/int.design\/wp-includes\/images\/media\/default.png","width":2560,"height":1978,"sizes":{"thumbnail":"https:\/\/int.design\/wp-content\/uploads\/2022\/04\/6_image6-150x150.jpg","thumbnail-width":150,"thumbnail-height":150,"medium":"https:\/\/int.design\/wp-content\/uploads\/2022\/04\/6_image6-300x232.jpg","medium-width":300,"medium-height":232,"medium_large":"https:\/\/int.design\/wp-content\/uploads\/2022\/04\/6_image6-768x593.jpg","medium_large-width":768,"medium_large-height":593,"large":"https:\/\/int.design\/wp-content\/uploads\/2022\/04\/6_image6-1024x791.jpg","large-width":1024,"large-height":791,"1536x1536":"https:\/\/int.design\/wp-content\/uploads\/2022\/04\/6_image6-1536x1187.jpg","1536x1536-width":1536,"1536x1536-height":1187,"2048x2048":"https:\/\/int.design\/wp-content\/uploads\/2022\/04\/6_image6-2048x1583.jpg","2048x2048-width":2048,"2048x2048-height":1583,"article":"https:\/\/int.design\/wp-content\/uploads\/2022\/04\/6_image6-960x540.jpg","article-width":960,"article-height":540,"banner":"https:\/\/int.design\/wp-content\/uploads\/2022\/04\/6_image6-1920x1484.jpg","banner-width":1920,"banner-height":1484,"block":"https:\/\/int.design\/wp-content\/uploads\/2022\/04\/6_image6-900x680.jpg","block-width":900,"block-height":680,"card":"https:\/\/int.design\/wp-content\/uploads\/2022\/04\/6_image6-560x495.jpg","card-width":560,"card-height":495,"card-thumbnail":"https:\/\/int.design\/wp-content\/uploads\/2022\/04\/6_image6-450x340.jpg","card-thumbnail-width":450,"card-thumbnail-height":340,"conference":"https:\/\/int.design\/wp-content\/uploads\/2022\/04\/6_image6-560x250.jpg","conference-width":560,"conference-height":250,"contest":"https:\/\/int.design\/wp-content\/uploads\/2022\/04\/6_image6-960x400.jpg","contest-width":960,"contest-height":400,"cta":"https:\/\/int.design\/wp-content\/uploads\/2022\/04\/6_image6-415x170.jpg","cta-width":415,"cta-height":170,"exhibitor":"https:\/\/int.design\/wp-content\/uploads\/2022\/04\/6_image6-560x560.jpg","exhibitor-width":560,"exhibitor-height":560,"gallery":"https:\/\/int.design\/wp-content\/uploads\/2022\/04\/6_image6-556x430.jpg","gallery-width":556,"gallery-height":430,"logo":"https:\/\/int.design\/wp-content\/uploads\/2022\/04\/6_image6-129x100.jpg","logo-width":129,"logo-height":100,"masonry":"https:\/\/int.design\/wp-content\/uploads\/2022\/04\/6_image6-550x425.jpg","masonry-width":550,"masonry-height":425,"modal":"https:\/\/int.design\/wp-content\/uploads\/2022\/04\/6_image6-1920x1484.jpg","modal-width":1920,"modal-height":1484,"number":"https:\/\/int.design\/wp-content\/uploads\/2022\/04\/6_image6-556x430.jpg","number-width":556,"number-height":430,"partner":"https:\/\/int.design\/wp-content\/uploads\/2022\/04\/6_image6-272x210.jpg","partner-width":272,"partner-height":210,"ranking":"https:\/\/int.design\/wp-content\/uploads\/2022\/04\/6_image6-960x540.jpg","ranking-width":960,"ranking-height":540,"schedule":"https:\/\/int.design\/wp-content\/uploads\/2022\/04\/6_image6-960x360.jpg","schedule-width":960,"schedule-height":360,"slideshow":"https:\/\/int.design\/wp-content\/uploads\/2022\/04\/6_image6-880x680.jpg","slideshow-width":880,"slideshow-height":680}},"filters":false,"suppliers":false,"attachment_category":[]}],"mandatory_documents":[{"name":"Plan de site","file":{"ID":92859,"id":92859,"title":"Plan","filename":"6_Plan-scaled.jpg","filesize":0,"url":"https:\/\/int.design\/wp-content\/uploads\/2022\/04\/6_Plan-scaled.jpg","link":"https:\/\/int.design\/fr\/projets\/les-habitations-saint-michel-nord\/plan-13\/","alt":"","author":"569","description":"","caption":"","name":"plan-13","status":"inherit","uploaded_to":80841,"date":"2022-04-08 18:10:47","modified":"2022-04-08 18:11:15","menu_order":0,"mime_type":"image\/jpeg","type":"image","subtype":"jpeg","icon":"https:\/\/int.design\/wp-includes\/images\/media\/default.png","width":2560,"height":1978,"sizes":{"thumbnail":"https:\/\/int.design\/wp-content\/uploads\/2022\/04\/6_Plan-150x150.jpg","thumbnail-width":150,"thumbnail-height":150,"medium":"https:\/\/int.design\/wp-content\/uploads\/2022\/04\/6_Plan-300x232.jpg","medium-width":300,"medium-height":232,"medium_large":"https:\/\/int.design\/wp-content\/uploads\/2022\/04\/6_Plan-768x593.jpg","medium_large-width":768,"medium_large-height":593,"large":"https:\/\/int.design\/wp-content\/uploads\/2022\/04\/6_Plan-1024x791.jpg","large-width":1024,"large-height":791,"1536x1536":"https:\/\/int.design\/wp-content\/uploads\/2022\/04\/6_Plan-1536x1187.jpg","1536x1536-width":1536,"1536x1536-height":1187,"2048x2048":"https:\/\/int.design\/wp-content\/uploads\/2022\/04\/6_Plan-2048x1583.jpg","2048x2048-width":2048,"2048x2048-height":1583,"article":"https:\/\/int.design\/wp-content\/uploads\/2022\/04\/6_Plan-960x540.jpg","article-width":960,"article-height":540,"banner":"https:\/\/int.design\/wp-content\/uploads\/2022\/04\/6_Plan-1920x1484.jpg","banner-width":1920,"banner-height":1484,"block":"https:\/\/int.design\/wp-content\/uploads\/2022\/04\/6_Plan-900x680.jpg","block-width":900,"block-height":680,"card":"https:\/\/int.design\/wp-content\/uploads\/2022\/04\/6_Plan-560x495.jpg","card-width":560,"card-height":495,"card-thumbnail":"https:\/\/int.design\/wp-content\/uploads\/2022\/04\/6_Plan-450x340.jpg","card-thumbnail-width":450,"card-thumbnail-height":340,"conference":"https:\/\/int.design\/wp-content\/uploads\/2022\/04\/6_Plan-560x250.jpg","conference-width":560,"conference-height":250,"contest":"https:\/\/int.design\/wp-content\/uploads\/2022\/04\/6_Plan-960x400.jpg","contest-width":960,"contest-height":400,"cta":"https:\/\/int.design\/wp-content\/uploads\/2022\/04\/6_Plan-415x170.jpg","cta-width":415,"cta-height":170,"exhibitor":"https:\/\/int.design\/wp-content\/uploads\/2022\/04\/6_Plan-560x560.jpg","exhibitor-width":560,"exhibitor-height":560,"gallery":"https:\/\/int.design\/wp-content\/uploads\/2022\/04\/6_Plan-556x430.jpg","gallery-width":556,"gallery-height":430,"logo":"https:\/\/int.design\/wp-content\/uploads\/2022\/04\/6_Plan-129x100.jpg","logo-width":129,"logo-height":100,"masonry":"https:\/\/int.design\/wp-content\/uploads\/2022\/04\/6_Plan-550x425.jpg","masonry-width":550,"masonry-height":425,"modal":"https:\/\/int.design\/wp-content\/uploads\/2022\/04\/6_Plan-1920x1484.jpg","modal-width":1920,"modal-height":1484,"number":"https:\/\/int.design\/wp-content\/uploads\/2022\/04\/6_Plan-556x430.jpg","number-width":556,"number-height":430,"partner":"https:\/\/int.design\/wp-content\/uploads\/2022\/04\/6_Plan-272x210.jpg","partner-width":272,"partner-height":210,"ranking":"https:\/\/int.design\/wp-content\/uploads\/2022\/04\/6_Plan-960x540.jpg","ranking-width":960,"ranking-height":540,"schedule":"https:\/\/int.design\/wp-content\/uploads\/2022\/04\/6_Plan-960x360.jpg","schedule-width":960,"schedule-height":360,"slideshow":"https:\/\/int.design\/wp-content\/uploads\/2022\/04\/6_Plan-880x680.jpg","slideshow-width":880,"slideshow-height":680}}}],"optional_documents":false,"web_text":{"fr":"<p>Dans l\u2019arrondissement Villeray-Saint-Michel-Parc-Extension, \u00e0 Montr\u00e9al, les Habitations Saint-Michel Nord font figure de pr\u00e9curseur en termes de logement social dans la m\u00e9tropole. En 2015, l\u2019eau s\u2019infiltrait et la moisissure prolif\u00e9rait dans ce complexe construit en 1972. Plusieurs rues en cul-de-sac favorisaient la criminalit\u00e9, l\u2019environnement \u00e9tait renferm\u00e9 avec une majorit\u00e9 de logements sans adresse sur rue. Le r\u00e9am\u00e9nagement a permis de transformer l\u2019espace en lieu vivant et s\u00e9curitaire, de bonifier sa performance \u00e9cologique ainsi que de reconnecter l\u2019\u00eelot au quartier.<br \/>\nLe projet a \u00e9t\u00e9 pilot\u00e9 par l\u2019OMHM, en collaboration avec la Ville de Montr\u00e9al pour la rue partag\u00e9e qui fait maintenant partie du domaine public. L\u2019am\u00e9nagement est le fruit d\u2019un travail multidisciplinaire et de consultations avec les r\u00e9sidents et les organismes communautaires du quartier.<br \/>\nLe complexe compte 21\u202fb\u00e2timents, deux stationnements souterrains et 182 logements, certains ayant cinq ou six chambres \u00e0 coucher pour les familles nombreuses. C\u2019est aujourd\u2019hui environ 600 personnes qui habitent le plan d\u2019ensemble, dont la moiti\u00e9 \u00e9taient locataires avant les r\u00e9novations.<br \/>\nL\u2019am\u00e9nagement du site prend la forme d\u2019un parc avec sentiers et jardins potagers, travers\u00e9 par une nouvelle rue partag\u00e9e de type woonerf.\u202fLa rue m\u00e8ne au parc Ren\u00e9-Goupil, devant lequel se trouve maintenant un p\u00f4le civique incluant maison des jeunes, salle communautaire, restaurant communautaire et service de garde.<br \/>\nLongeant la rue, une s\u00e9rie de placettes publiques sont implant\u00e9es sur les traces de six b\u00e2timents ayant \u00e9t\u00e9 d\u00e9molis pendant le projet. Dans chacun d\u2019entre elles, un mobilier urbain sur mesure est install\u00e9\u202f: amphith\u00e9\u00e2tre, table de pique-nique, poufs de b\u00e9ton et bancs. Les b\u00e2timents d\u00e9molis ont \u00e9t\u00e9 remplac\u00e9s par un \u00e9tage additionnel sur les b\u00e2timents existants afin de maintenir la capacit\u00e9 d\u2019accueil du site.<br \/>\nL\u2019ensemble est color\u00e9, dans des tonalit\u00e9s chaudes, en r\u00e9sonnance avec le traitement architectural des fa\u00e7ades. Avec quatre pav\u00e9s de diff\u00e9rentes couleurs, plusieurs nuances \u00e9mergent, cr\u00e9ant un environnement dynamique et d\u00e9finissant des sous-espaces. Les plantations, aux coloris semblables, viennent animer l\u2019espace au fil des saisons. Plusieurs plantes sont comestibles et un potager est am\u00e9nag\u00e9 pour les r\u00e9sidents, incluant dans une s\u00e9rie de bacs en acier auto-patinable qui ponctue les sentiers. Une attention a \u00e9t\u00e9 port\u00e9e \u00e0 la pr\u00e9servation des arbres existants et \u00e0 la gestion \u00e9cologique de l\u2019eau.<br \/>\nL\u2019\u00e9clairage vient cr\u00e9er un paysage nocturne chaleureux pens\u00e9 afin d\u2019\u00e9viter l\u2019\u00e9blouissement des espaces int\u00e9rieurs. Des supports \u00e0 v\u00e9lo sont install\u00e9s \u00e0 l\u2019entr\u00e9e de chaque logement. Des bacs \u00e0 mati\u00e8re r\u00e9siduelle semi-enfouis sont implant\u00e9s \u00e0 quatre endroits, permettant de minimiser les nuisances. Des mosa\u00efques de tuiles r\u00e9cup\u00e9r\u00e9es sont appliqu\u00e9es sur les ouvrages de b\u00e9ton coul\u00e9, collaboration de l\u2019organisme Mu avec les enfants du quartier. <\/p>\n<p>Au co\u00fbt de 54,3M$, soit environ 300\u202f000$ par logement, avec un investissement additionnel de 5,7M$ pour la rue partag\u00e9e, le projet est construit avec des moyens modestes. Le projet cr\u00e9e un milieu de vie et redonne une identit\u00e9 citoyenne aux locataires. Les Habitations ont d\u00e9j\u00e0 remport\u00e9 plusieurs prix et ont fait l\u2019objet de plusieurs publications.<\/p>\n","en":"<p>In the Villeray-Saint-Michel-Parc-Extension borough of Montreal, Habitations Saint-Michel Nord establishes itself as a pioneering of social housing project in the city. In 2015, water infiltration and mould proliferation were common in the complex, built in 1972. Several cul-de-sac streets fostered crime, as the environment was closed in on itself, with a majority of dwellings without street addresses. The redevelopment helped transform the space into a lively and safe area, improved its ecological performance and reconnected the entire block to the rest of the neighbourhood.<br \/>\nThe project was led by the OMHM, in collaboration with the City of Montreal for the shared street, which is now part of the public domain. It is the result of multidisciplinary work and multiple consultations with neighbourhood residents and community organizations.<br \/>\nThe complex is composed of 21 buildings, two underground parking lots and 182 apartments, some with five or six bedrooms to accommodate large families. Today, around 600 people live in the overall project, half of whom were tenants before the renovations.<br \/>\nThe site is organized like a park with pathways and vegetable gardens, crossed by a new shared woonerf-type street, which leads to Ren\u00e9-Goupil Park, in front of which there is now a civic core comprised of a youth centre, community hall, community restaurant and daycare service.<br \/>\nAlong the street, a series of public squares are arranged on the traces of six buildings that were demolished during the project. In each square, custom-made street furniture is installed: amphitheater, picnic table, concrete poufs, and benches. The demolished buildings were replaced by adding an extra floor on the existing buildings to maintain the site&#39;s capacity.<br \/>\nThe ensemble is colourful, with warm hues that resonate with the architectural treatment of the facades. With four types of cobblestones of different colours, several shades emerge, creating a dynamic environment and defining subspaces. The plantations, in similar colours, enliven the spaces throughout the seasons. Several plants are edible and a vegetable garden has been set up for residents, including several weathering steel planters punctuating the pathways. The preservation of existing trees and the ecological management of water were important considerations during the project development.<br \/>\nThe chosen lighting provides a warm nocturnal landscape designed to avoid glaring into interiors. Bike racks are installed at the entrance of each dwelling. Semi-buried waste bins are located at four points in the project, minimizing nuisances. Mosaics of recovered tiles are applied to concrete structures, as part of a collaboration between Mu, a Montreal-based art organization, and children of the neighbourhood.<\/p>\n","original":""},"jury_text":[{"category":2573,"fr":"<p>Dans l\u2019arrondissement Villeray-Saint-Michel-Parc-Extension, \u00e0 Montr\u00e9al, les Habitations Saint-Michel Nord font figure de pr\u00e9curseur en termes de logement social dans la m\u00e9tropole. En 2015, l\u2019eau s\u2019infiltrait et la moisissure prolif\u00e9rait dans ce complexe construit en 1972. Plusieurs rues en cul-de-sac favorisaient la criminalit\u00e9, l\u2019environnement \u00e9tait renferm\u00e9 avec une majorit\u00e9 de logements sans adresse sur rue. Le r\u00e9am\u00e9nagement a permis de transformer l\u2019espace en lieu vivant et s\u00e9curitaire, de bonifier sa performance \u00e9cologique ainsi que de reconnecter l\u2019\u00eelot au quartier.<br \/>\nLe projet a \u00e9t\u00e9 pilot\u00e9 par l\u2019OMHM, en collaboration avec la Ville de Montr\u00e9al pour la rue partag\u00e9e qui fait maintenant partie du domaine public. L\u2019am\u00e9nagement est le fruit d\u2019un travail multidisciplinaire et de consultations avec les r\u00e9sidents et les organismes communautaires du quartier.<br \/>\nLe complexe compte 21\u202fb\u00e2timents, deux stationnements souterrains et 182 logements, certains ayant cinq ou six chambres \u00e0 coucher pour les familles nombreuses. C\u2019est aujourd\u2019hui environ 600 personnes qui habitent le plan d\u2019ensemble, dont la moiti\u00e9 \u00e9taient locataires avant les r\u00e9novations.<br \/>\nL\u2019am\u00e9nagement du site prend la forme d\u2019un parc avec sentiers et jardins potagers, travers\u00e9 par une nouvelle rue partag\u00e9e de type woonerf.\u202fLa rue m\u00e8ne au parc Ren\u00e9-Goupil, devant lequel se trouve maintenant un p\u00f4le civique incluant maison des jeunes, salle communautaire, restaurant communautaire et service de garde.<br \/>\nLongeant la rue, une s\u00e9rie de placettes publiques sont implant\u00e9es sur les traces de six b\u00e2timents ayant \u00e9t\u00e9 d\u00e9molis pendant le projet. Dans chacun d\u2019entre elles, un mobilier urbain sur mesure est install\u00e9\u202f: amphith\u00e9\u00e2tre, table de pique-nique, poufs de b\u00e9ton et bancs. Les b\u00e2timents d\u00e9molis ont \u00e9t\u00e9 remplac\u00e9s par un \u00e9tage additionnel sur les b\u00e2timents existants afin de maintenir la capacit\u00e9 d\u2019accueil du site.<br \/>\nL\u2019ensemble est color\u00e9, dans des tonalit\u00e9s chaudes, en r\u00e9sonnance avec le traitement architectural des fa\u00e7ades. Avec quatre pav\u00e9s de diff\u00e9rentes couleurs, plusieurs nuances \u00e9mergent, cr\u00e9ant un environnement dynamique et d\u00e9finissant des sous-espaces. Les plantations, aux coloris semblables, viennent animer l\u2019espace au fil des saisons. Plusieurs plantes sont comestibles et un potager est am\u00e9nag\u00e9 pour les r\u00e9sidents, incluant dans une s\u00e9rie de bacs en acier auto-patinable qui ponctue les sentiers. Une attention a \u00e9t\u00e9 port\u00e9e \u00e0 la pr\u00e9servation des arbres existants et \u00e0 la gestion \u00e9cologique de l\u2019eau.<br \/>\nL\u2019\u00e9clairage vient cr\u00e9er un paysage nocturne chaleureux pens\u00e9 afin d\u2019\u00e9viter l\u2019\u00e9blouissement des espaces int\u00e9rieurs. Des supports \u00e0 v\u00e9lo sont install\u00e9s \u00e0 l\u2019entr\u00e9e de chaque logement. Des bacs \u00e0 mati\u00e8re r\u00e9siduelle semi-enfouis sont implant\u00e9s \u00e0 quatre endroits, permettant de minimiser les nuisances. Des mosa\u00efques de tuiles r\u00e9cup\u00e9r\u00e9es sont appliqu\u00e9es sur les ouvrages de b\u00e9ton coul\u00e9, collaboration de l\u2019organisme Mu avec les enfants du quartier. <\/p>\n<p>Au co\u00fbt de 54,3M$, soit environ 300\u202f000$ par logement, avec un investissement additionnel de 5,7M$ pour la rue partag\u00e9e, le projet est construit avec des moyens modestes. Le projet cr\u00e9e un milieu de vie et redonne une identit\u00e9 citoyenne aux locataires. Les Habitations ont d\u00e9j\u00e0 remport\u00e9 plusieurs prix et ont fait l\u2019objet de plusieurs publications.<\/p>\n","en":"<p>In the Villeray-Saint-Michel-Parc-Extension borough of Montreal, Habitations Saint-Michel Nord establishes itself as a pioneering of social housing project in the city. In 2015, water infiltration and mould proliferation were common in the complex, built in 1972. Several cul-de-sac streets fostered crime, as the environment was closed in on itself, with a majority of dwellings without street addresses. The redevelopment helped transform the space into a lively and safe area, improved its ecological performance and reconnected the entire block to the rest of the neighbourhood.<br \/>\nThe project was led by the OMHM, in collaboration with the City of Montreal for the shared street, which is now part of the public domain. It is the result of multidisciplinary work and multiple consultations with neighbourhood residents and community organizations.<br \/>\nThe complex is composed of 21 buildings, two underground parking lots and 182 apartments, some with five or six bedrooms to accommodate large families. Today, around 600 people live in the overall project, half of whom were tenants before the renovations.<br \/>\nThe site is organized like a park with pathways and vegetable gardens, crossed by a new shared woonerf-type street, which leads to Ren\u00e9-Goupil Park, in front of which there is now a civic core comprised of a youth centre, community hall, community restaurant and daycare service.<br \/>\nAlong the street, a series of public squares are arranged on the traces of six buildings that were demolished during the project. In each square, custom-made street furniture is installed: amphitheater, picnic table, concrete poufs, and benches. The demolished buildings were replaced by adding an extra floor on the existing buildings to maintain the site&#39;s capacity.<br \/>\nThe ensemble is colourful, with warm hues that resonate with the architectural treatment of the facades. With four types of cobblestones of different colours, several shades emerge, creating a dynamic environment and defining subspaces. The plantations, in similar colours, enliven the spaces throughout the seasons. Several plants are edible and a vegetable garden has been set up for residents, including several weathering steel planters punctuating the pathways. The preservation of existing trees and the ecological management of water were important considerations during the project development.<br \/>\nThe chosen lighting provides a warm nocturnal landscape designed to avoid glaring into interiors. Bike racks are installed at the entrance of each dwelling. Semi-buried waste bins are located at four points in the project, minimizing nuisances. Mosaics of recovered tiles are applied to concrete structures, as part of a collaboration between Mu, a Montreal-based art organization, and children of the neighbourhood.<\/p>\n","original":""}],"different_jury_text":false,"different_category_text":false},"laureats":[{"cat_id":2573,"cat_id_laureat":false,"laureat":""}],"contest_id":"75033","contest_title":"GRANDS PRIX DU DESIGN \u2013 15e \u00e9dition","firms":[{"name":"CIMA +","website":"https:\/\/www.cima.ca\/en\/","category":"","category_tax":2753,"category_label":"Ing\u00e9nierie"},{"name":"Aedifica","website":"https:\/\/aedifica.com\/","category":"","category_tax":2744,"category_label":"Architecte"},{"name":"Saia Barbarese Topouzanov architectes","website":"https:\/\/sbt.qc.ca\/en\/","category":"","category_tax":2744,"category_label":"Architecte"}],"user":{"email":"julie@vlanpaysages.ca","first_name":"Julie","last_name":"St-Arnault"},"doc_texts_web":{"fr":"<p>Dans l\u2019arrondissement Villeray-Saint-Michel-Parc-Extension, \u00e0 Montr\u00e9al, les Habitations Saint-Michel Nord font figure de pr\u00e9curseur en termes de logement social dans la m\u00e9tropole. En 2015, l\u2019eau s\u2019infiltrait et la moisissure prolif\u00e9rait dans ce complexe construit en 1972. Plusieurs rues en cul-de-sac favorisaient la criminalit\u00e9, l\u2019environnement \u00e9tait renferm\u00e9 avec une majorit\u00e9 de logements sans adresse sur rue. Le r\u00e9am\u00e9nagement a permis de transformer l\u2019espace en lieu vivant et s\u00e9curitaire, de bonifier sa performance \u00e9cologique ainsi que de reconnecter l\u2019\u00eelot au quartier.<br \/>\nLe projet a \u00e9t\u00e9 pilot\u00e9 par l\u2019OMHM, en collaboration avec la Ville de Montr\u00e9al pour la rue partag\u00e9e qui fait maintenant partie du domaine public. L\u2019am\u00e9nagement est le fruit d\u2019un travail multidisciplinaire et de consultations avec les r\u00e9sidents et les organismes communautaires du quartier.<br \/>\nLe complexe compte 21\u202fb\u00e2timents, deux stationnements souterrains et 182 logements, certains ayant cinq ou six chambres \u00e0 coucher pour les familles nombreuses. C\u2019est aujourd\u2019hui environ 600 personnes qui habitent le plan d\u2019ensemble, dont la moiti\u00e9 \u00e9taient locataires avant les r\u00e9novations.<br \/>\nL\u2019am\u00e9nagement du site prend la forme d\u2019un parc avec sentiers et jardins potagers, travers\u00e9 par une nouvelle rue partag\u00e9e de type woonerf.\u202fLa rue m\u00e8ne au parc Ren\u00e9-Goupil, devant lequel se trouve maintenant un p\u00f4le civique incluant maison des jeunes, salle communautaire, restaurant communautaire et service de garde.<br \/>\nLongeant la rue, une s\u00e9rie de placettes publiques sont implant\u00e9es sur les traces de six b\u00e2timents ayant \u00e9t\u00e9 d\u00e9molis pendant le projet. Dans chacun d\u2019entre elles, un mobilier urbain sur mesure est install\u00e9\u202f: amphith\u00e9\u00e2tre, table de pique-nique, poufs de b\u00e9ton et bancs. Les b\u00e2timents d\u00e9molis ont \u00e9t\u00e9 remplac\u00e9s par un \u00e9tage additionnel sur les b\u00e2timents existants afin de maintenir la capacit\u00e9 d\u2019accueil du site.<br \/>\nL\u2019ensemble est color\u00e9, dans des tonalit\u00e9s chaudes, en r\u00e9sonnance avec le traitement architectural des fa\u00e7ades. Avec quatre pav\u00e9s de diff\u00e9rentes couleurs, plusieurs nuances \u00e9mergent, cr\u00e9ant un environnement dynamique et d\u00e9finissant des sous-espaces. Les plantations, aux coloris semblables, viennent animer l\u2019espace au fil des saisons. Plusieurs plantes sont comestibles et un potager est am\u00e9nag\u00e9 pour les r\u00e9sidents, incluant dans une s\u00e9rie de bacs en acier auto-patinable qui ponctue les sentiers. Une attention a \u00e9t\u00e9 port\u00e9e \u00e0 la pr\u00e9servation des arbres existants et \u00e0 la gestion \u00e9cologique de l\u2019eau.<br \/>\nL\u2019\u00e9clairage vient cr\u00e9er un paysage nocturne chaleureux pens\u00e9 afin d\u2019\u00e9viter l\u2019\u00e9blouissement des espaces int\u00e9rieurs. Des supports \u00e0 v\u00e9lo sont install\u00e9s \u00e0 l\u2019entr\u00e9e de chaque logement. Des bacs \u00e0 mati\u00e8re r\u00e9siduelle semi-enfouis sont implant\u00e9s \u00e0 quatre endroits, permettant de minimiser les nuisances. Des mosa\u00efques de tuiles r\u00e9cup\u00e9r\u00e9es sont appliqu\u00e9es sur les ouvrages de b\u00e9ton coul\u00e9, collaboration de l\u2019organisme Mu avec les enfants du quartier. <\/p>\n<p>Au co\u00fbt de 54,3M$, soit environ 300\u202f000$ par logement, avec un investissement additionnel de 5,7M$ pour la rue partag\u00e9e, le projet est construit avec des moyens modestes. Le projet cr\u00e9e un milieu de vie et redonne une identit\u00e9 citoyenne aux locataires. Les Habitations ont d\u00e9j\u00e0 remport\u00e9 plusieurs prix et ont fait l\u2019objet de plusieurs publications.<\/p>\n","en":"<p>In the Villeray-Saint-Michel-Parc-Extension borough of Montreal, Habitations Saint-Michel Nord establishes itself as a pioneering of social housing project in the city. In 2015, water infiltration and mould proliferation were common in the complex, built in 1972. Several cul-de-sac streets fostered crime, as the environment was closed in on itself, with a majority of dwellings without street addresses. The redevelopment helped transform the space into a lively and safe area, improved its ecological performance and reconnected the entire block to the rest of the neighbourhood.<br \/>\nThe project was led by the OMHM, in collaboration with the City of Montreal for the shared street, which is now part of the public domain. It is the result of multidisciplinary work and multiple consultations with neighbourhood residents and community organizations.<br \/>\nThe complex is composed of 21 buildings, two underground parking lots and 182 apartments, some with five or six bedrooms to accommodate large families. Today, around 600 people live in the overall project, half of whom were tenants before the renovations.<br \/>\nThe site is organized like a park with pathways and vegetable gardens, crossed by a new shared woonerf-type street, which leads to Ren\u00e9-Goupil Park, in front of which there is now a civic core comprised of a youth centre, community hall, community restaurant and daycare service.<br \/>\nAlong the street, a series of public squares are arranged on the traces of six buildings that were demolished during the project. In each square, custom-made street furniture is installed: amphitheater, picnic table, concrete poufs, and benches. The demolished buildings were replaced by adding an extra floor on the existing buildings to maintain the site's capacity.<br \/>\nThe ensemble is colourful, with warm hues that resonate with the architectural treatment of the facades. With four types of cobblestones of different colours, several shades emerge, creating a dynamic environment and defining subspaces. The plantations, in similar colours, enliven the spaces throughout the seasons. Several plants are edible and a vegetable garden has been set up for residents, including several weathering steel planters punctuating the pathways. The preservation of existing trees and the ecological management of water were important considerations during the project development.<br \/>\nThe chosen lighting provides a warm nocturnal landscape designed to avoid glaring into interiors. Bike racks are installed at the entrance of each dwelling. Semi-buried waste bins are located at four points in the project, minimizing nuisances. Mosaics of recovered tiles are applied to concrete structures, as part of a collaboration between Mu, a Montreal-based art organization, and children of the neighbourhood.<\/p>\n"},"permalinks":{"fr":"https:\/\/int.design\/fr\/projets\/les-habitations-saint-michel-nord\/","en":"https:\/\/int.design\/en\/projects\/les-habitations-saint-michel-nord\/"},"titles":{"fr":"Les Habitations Saint-Michel Nord","en":"Les Habitations Saint-Michel Nord"},"wp_fields":[],"laravel_id":""},"_links":{"self":[{"href":"https:\/\/int.design\/en\/wp-json\/wp\/v2\/project\/80842","targetHints":{"allow":["GET"]}}],"collection":[{"href":"https:\/\/int.design\/en\/wp-json\/wp\/v2\/project"}],"about":[{"href":"https:\/\/int.design\/en\/wp-json\/wp\/v2\/types\/project"}],"wp:attachment":[{"href":"https:\/\/int.design\/en\/wp-json\/wp\/v2\/media?parent=80842"}],"curies":[{"name":"wp","href":"https:\/\/api.w.org\/{rel}","templated":true}]}}