{"id":68533,"date":"2021-07-14T19:39:44","date_gmt":"2021-07-14T23:39:44","guid":{"rendered":"https:\/\/int.design\/?post_type=project&#038;p=68533"},"modified":"2021-07-16T13:51:11","modified_gmt":"2021-07-16T17:51:11","slug":"exposition-solo-malo-une-incursion-dans-le-monde-de-lart-design-dans-une-bibliotheque-municipale","status":"publish","type":"project","link":"https:\/\/int.design\/en\/projects\/exposition-solo-malo-une-incursion-dans-le-monde-de-lart-design-dans-une-bibliotheque-municipale\/","title":{"rendered":"Exposition solo Malo, Une incursion dans le monde de l\u2019Art Design dans une biblioth\u00e8que municipale"},"content":{"rendered":"","protected":false},"template":"","class_list":["post-68533","project","type-project","status-publish","hentry","project_category-communication_brand-design","project_category-environmental-design","project_category-mural-artistic-installation"],"acf":[],"yoast_head":"<!-- This site is optimized with the Yoast SEO plugin v21.5 - https:\/\/yoast.com\/wordpress\/plugins\/seo\/ -->\n<title>Exposition solo Malo, Une incursion dans le monde de l\u2019Art Design dans une biblioth\u00e8que municipale - INT Design<\/title>\n<meta name=\"robots\" content=\"index, follow, max-snippet:-1, max-image-preview:large, max-video-preview:-1\" \/>\n<link rel=\"canonical\" href=\"https:\/\/int.design\/en\/projects\/exposition-solo-malo-une-incursion-dans-le-monde-de-lart-design-dans-une-bibliotheque-municipale\/\" \/>\n<meta property=\"og:locale\" content=\"en_US\" \/>\n<meta property=\"og:type\" content=\"article\" \/>\n<meta property=\"og:title\" content=\"Exposition solo Malo, Une incursion dans le monde de l\u2019Art Design dans une biblioth\u00e8que municipale - INT Design\" \/>\n<meta property=\"og:url\" content=\"https:\/\/int.design\/en\/projects\/exposition-solo-malo-une-incursion-dans-le-monde-de-lart-design-dans-une-bibliotheque-municipale\/\" \/>\n<meta property=\"og:site_name\" content=\"INT Design\" \/>\n<meta property=\"article:modified_time\" content=\"2021-07-16T17:51:11+00:00\" \/>\n<meta name=\"twitter:card\" content=\"summary_large_image\" \/>\n<script type=\"application\/ld+json\" class=\"yoast-schema-graph\">{\"@context\":\"https:\/\/schema.org\",\"@graph\":[{\"@type\":\"WebPage\",\"@id\":\"https:\/\/int.design\/en\/projects\/exposition-solo-malo-une-incursion-dans-le-monde-de-lart-design-dans-une-bibliotheque-municipale\/\",\"url\":\"https:\/\/int.design\/en\/projects\/exposition-solo-malo-une-incursion-dans-le-monde-de-lart-design-dans-une-bibliotheque-municipale\/\",\"name\":\"Exposition solo Malo, Une incursion dans le monde de l\u2019Art Design dans une biblioth\u00e8que municipale - INT Design\",\"isPartOf\":{\"@id\":\"https:\/\/int.design\/fr\/#website\"},\"datePublished\":\"2021-07-14T23:39:44+00:00\",\"dateModified\":\"2021-07-16T17:51:11+00:00\",\"breadcrumb\":{\"@id\":\"https:\/\/int.design\/en\/projects\/exposition-solo-malo-une-incursion-dans-le-monde-de-lart-design-dans-une-bibliotheque-municipale\/#breadcrumb\"},\"inLanguage\":\"en-US\",\"potentialAction\":[{\"@type\":\"ReadAction\",\"target\":[\"https:\/\/int.design\/en\/projects\/exposition-solo-malo-une-incursion-dans-le-monde-de-lart-design-dans-une-bibliotheque-municipale\/\"]}]},{\"@type\":\"BreadcrumbList\",\"@id\":\"https:\/\/int.design\/en\/projects\/exposition-solo-malo-une-incursion-dans-le-monde-de-lart-design-dans-une-bibliotheque-municipale\/#breadcrumb\",\"itemListElement\":[{\"@type\":\"ListItem\",\"position\":1,\"name\":\"Home\",\"item\":\"https:\/\/int.design\/en\/\"},{\"@type\":\"ListItem\",\"position\":2,\"name\":\"Projects\",\"item\":\"https:\/\/int.design\/en\/projects\/\"},{\"@type\":\"ListItem\",\"position\":3,\"name\":\"Exposition solo Malo, Une incursion dans le monde de l\u2019Art Design dans une biblioth\u00e8que municipale\"}]},{\"@type\":\"WebSite\",\"@id\":\"https:\/\/int.design\/fr\/#website\",\"url\":\"https:\/\/int.design\/fr\/\",\"name\":\"INT Design\",\"description\":\"\",\"potentialAction\":[{\"@type\":\"SearchAction\",\"target\":{\"@type\":\"EntryPoint\",\"urlTemplate\":\"https:\/\/int.design\/fr\/?s={search_term_string}\"},\"query-input\":\"required name=search_term_string\"}],\"inLanguage\":\"en-US\"}]}<\/script>\n<!-- \/ Yoast SEO plugin. -->","yoast_head_json":{"title":"Exposition solo Malo, Une incursion dans le monde de l\u2019Art Design dans une biblioth\u00e8que municipale - INT Design","robots":{"index":"index","follow":"follow","max-snippet":"max-snippet:-1","max-image-preview":"max-image-preview:large","max-video-preview":"max-video-preview:-1"},"canonical":"https:\/\/int.design\/en\/projects\/exposition-solo-malo-une-incursion-dans-le-monde-de-lart-design-dans-une-bibliotheque-municipale\/","og_locale":"en_US","og_type":"article","og_title":"Exposition solo Malo, Une incursion dans le monde de l\u2019Art Design dans une biblioth\u00e8que municipale - INT Design","og_url":"https:\/\/int.design\/en\/projects\/exposition-solo-malo-une-incursion-dans-le-monde-de-lart-design-dans-une-bibliotheque-municipale\/","og_site_name":"INT Design","article_modified_time":"2021-07-16T17:51:11+00:00","twitter_card":"summary_large_image","schema":{"@context":"https:\/\/schema.org","@graph":[{"@type":"WebPage","@id":"https:\/\/int.design\/en\/projects\/exposition-solo-malo-une-incursion-dans-le-monde-de-lart-design-dans-une-bibliotheque-municipale\/","url":"https:\/\/int.design\/en\/projects\/exposition-solo-malo-une-incursion-dans-le-monde-de-lart-design-dans-une-bibliotheque-municipale\/","name":"Exposition solo Malo, Une incursion dans le monde de l\u2019Art Design dans une biblioth\u00e8que municipale - INT Design","isPartOf":{"@id":"https:\/\/int.design\/fr\/#website"},"datePublished":"2021-07-14T23:39:44+00:00","dateModified":"2021-07-16T17:51:11+00:00","breadcrumb":{"@id":"https:\/\/int.design\/en\/projects\/exposition-solo-malo-une-incursion-dans-le-monde-de-lart-design-dans-une-bibliotheque-municipale\/#breadcrumb"},"inLanguage":"en-US","potentialAction":[{"@type":"ReadAction","target":["https:\/\/int.design\/en\/projects\/exposition-solo-malo-une-incursion-dans-le-monde-de-lart-design-dans-une-bibliotheque-municipale\/"]}]},{"@type":"BreadcrumbList","@id":"https:\/\/int.design\/en\/projects\/exposition-solo-malo-une-incursion-dans-le-monde-de-lart-design-dans-une-bibliotheque-municipale\/#breadcrumb","itemListElement":[{"@type":"ListItem","position":1,"name":"Home","item":"https:\/\/int.design\/en\/"},{"@type":"ListItem","position":2,"name":"Projects","item":"https:\/\/int.design\/en\/projects\/"},{"@type":"ListItem","position":3,"name":"Exposition solo Malo, Une incursion dans le monde de l\u2019Art Design dans une biblioth\u00e8que municipale"}]},{"@type":"WebSite","@id":"https:\/\/int.design\/fr\/#website","url":"https:\/\/int.design\/fr\/","name":"INT Design","description":"","potentialAction":[{"@type":"SearchAction","target":{"@type":"EntryPoint","urlTemplate":"https:\/\/int.design\/fr\/?s={search_term_string}"},"query-input":"required name=search_term_string"}],"inLanguage":"en-US"}]}},"entry":{"cats":{"disciplines":[{"id":536,"name":"Communication &amp; Brand Design"}],"big_cats":[{"id":727,"name":"Environmental Design"}],"sub_cats":[{"id":729,"name":"Mural &amp; Artistic Installation","parent":727}]},"entry":{"":null,"status":"ongoing","winner_title":"","winner_prize_lang":"","title_translatable":false,"title_en":"","title_fr":"","releve_award":false,"releve_award_cv":false,"collaboration":false,"collaboration_firms":[{"name":"Ville de Longueuil","website":"https:\/\/longueuil.quebec\/"}],"other_firms":[{"name":"Malo","website":"I-Malo.com","category":"Autre","category_tax":false}],"owner":{"name":"","confidential":false,"website":"","contact_name":"","email":"","phone":""},"address":{"address":"","city":"","region":"Mont\u00e9r\u00e9gie","province":"QC","country":"","postal_code":""},"logos":false,"use_logo":false,"designers":[{"name":"Isabelle Malo","credit":"","image":{"ID":69140,"id":69140,"title":"isa-chester","filename":"isa-chester.jpg","filesize":0,"url":"https:\/\/d2q6z78khxmx42.cloudfront.net\/2021\/03\/isa-chester.jpg","link":"https:\/\/int.design\/fr\/projets\/exposition-solo-malo-une-incursion-dans-le-monde-de-lart-design-dans-une-bibliotheque-municipale\/isa-chester\/","alt":"","author":"659","description":"","caption":"","name":"isa-chester","status":"inherit","uploaded_to":68532,"date":"2021-03-24 13:36:10","modified":"2021-03-24 13:36:13","menu_order":0,"mime_type":"image\/jpeg","type":"image","subtype":"jpeg","icon":"https:\/\/int.design\/wp-includes\/images\/media\/default.png","width":500,"height":442,"sizes":{"thumbnail":"https:\/\/d2q6z78khxmx42.cloudfront.net\/2021\/03\/isa-chester-150x150.jpg","thumbnail-width":150,"thumbnail-height":150,"medium":"https:\/\/d2q6z78khxmx42.cloudfront.net\/2021\/03\/isa-chester-300x265.jpg","medium-width":300,"medium-height":265,"medium_large":"https:\/\/d2q6z78khxmx42.cloudfront.net\/2021\/03\/isa-chester.jpg","medium_large-width":500,"medium_large-height":442,"large":"https:\/\/d2q6z78khxmx42.cloudfront.net\/2021\/03\/isa-chester.jpg","large-width":500,"large-height":442,"1536x1536":"https:\/\/d2q6z78khxmx42.cloudfront.net\/2021\/03\/isa-chester.jpg","1536x1536-width":500,"1536x1536-height":442,"2048x2048":"https:\/\/d2q6z78khxmx42.cloudfront.net\/2021\/03\/isa-chester.jpg","2048x2048-width":500,"2048x2048-height":442,"article":"https:\/\/d2q6z78khxmx42.cloudfront.net\/2021\/03\/isa-chester.jpg","article-width":500,"article-height":442,"banner":"https:\/\/d2q6z78khxmx42.cloudfront.net\/2021\/03\/isa-chester.jpg","banner-width":500,"banner-height":442,"block":"https:\/\/d2q6z78khxmx42.cloudfront.net\/2021\/03\/isa-chester.jpg","block-width":500,"block-height":442,"card":"https:\/\/d2q6z78khxmx42.cloudfront.net\/2021\/03\/isa-chester.jpg","card-width":500,"card-height":442,"card-thumbnail":"https:\/\/d2q6z78khxmx42.cloudfront.net\/2021\/03\/isa-chester-450x340.jpg","card-thumbnail-width":450,"card-thumbnail-height":340,"conference":"https:\/\/d2q6z78khxmx42.cloudfront.net\/2021\/03\/isa-chester-500x250.jpg","conference-width":500,"conference-height":250,"contest":"https:\/\/d2q6z78khxmx42.cloudfront.net\/2021\/03\/isa-chester-500x400.jpg","contest-width":500,"contest-height":400,"cta":"https:\/\/d2q6z78khxmx42.cloudfront.net\/2021\/03\/isa-chester-415x170.jpg","cta-width":415,"cta-height":170,"exhibitor":"https:\/\/d2q6z78khxmx42.cloudfront.net\/2021\/03\/isa-chester.jpg","exhibitor-width":500,"exhibitor-height":442,"gallery":"https:\/\/d2q6z78khxmx42.cloudfront.net\/2021\/03\/isa-chester-486x430.jpg","gallery-width":486,"gallery-height":430,"logo":"https:\/\/d2q6z78khxmx42.cloudfront.net\/2021\/03\/isa-chester-113x100.jpg","logo-width":113,"logo-height":100,"masonry":"https:\/\/d2q6z78khxmx42.cloudfront.net\/2021\/03\/isa-chester.jpg","masonry-width":500,"masonry-height":442,"modal":"https:\/\/d2q6z78khxmx42.cloudfront.net\/2021\/03\/isa-chester.jpg","modal-width":500,"modal-height":442,"number":"https:\/\/d2q6z78khxmx42.cloudfront.net\/2021\/03\/5ywZc6d8-isa-chester-486x430.jpg","number-width":486,"number-height":430,"partner":"https:\/\/d2q6z78khxmx42.cloudfront.net\/2021\/03\/isa-chester-238x210.jpg","partner-width":238,"partner-height":210,"ranking":"https:\/\/d2q6z78khxmx42.cloudfront.net\/2021\/03\/isa-chester.jpg","ranking-width":500,"ranking-height":442,"schedule":"https:\/\/d2q6z78khxmx42.cloudfront.net\/2021\/03\/isa-chester-500x360.jpg","schedule-width":500,"schedule-height":360,"slideshow":"https:\/\/d2q6z78khxmx42.cloudfront.net\/2021\/03\/isa-chester.jpg","slideshow-width":500,"slideshow-height":442}},"file":{"ID":69130,"id":69130,"title":"IsabelleMaloCV2019","filename":"IsabelleMaloCV2019.docx","filesize":0,"url":"https:\/\/int.design\/wp-content\/uploads\/2021\/03\/IsabelleMaloCV2019.docx","link":"https:\/\/int.design\/fr\/projets\/exposition-solo-malo-une-incursion-dans-le-monde-de-lart-design-dans-une-bibliotheque-municipale\/isabellemalocv2019\/","alt":"","author":"659","description":"","caption":"","name":"isabellemalocv2019","status":"inherit","uploaded_to":68532,"date":"2021-03-24 13:33:57","modified":"2021-03-24 13:34:31","menu_order":0,"mime_type":"application\/vnd.openxmlformats-officedocument.wordprocessingml.document","type":"application","subtype":"vnd.openxmlformats-officedocument.wordprocessingml.document","icon":"https:\/\/int.design\/wp-includes\/images\/media\/document.png"}}],"cover":[{"categories":false,"credit":"","image":{"ID":69131,"id":69131,"title":"IMG_1232","filename":"IMG_1232-scaled.jpg","filesize":0,"url":"https:\/\/int.design\/wp-content\/uploads\/2021\/03\/IMG_1232-scaled.jpg","link":"https:\/\/int.design\/fr\/projets\/exposition-solo-malo-une-incursion-dans-le-monde-de-lart-design-dans-une-bibliotheque-municipale\/img_1232\/","alt":"","author":"659","description":"Exposition solo Malo, Une incursion dans le monde de l\u2019Art Design dans une biblioth\u00e8que municipale Malo  Ville de Longueuil Malo, Isabelle","caption":"","name":"img_1232","status":"inherit","uploaded_to":68532,"date":"2021-03-24 13:33:58","modified":"2022-02-08 12:42:23","menu_order":0,"mime_type":"image\/jpeg","type":"image","subtype":"jpeg","icon":"https:\/\/int.design\/wp-includes\/images\/media\/default.png","width":2560,"height":1920,"sizes":{"thumbnail":"https:\/\/int.design\/wp-content\/uploads\/2021\/03\/IMG_1232-150x150.jpg","thumbnail-width":150,"thumbnail-height":150,"medium":"https:\/\/int.design\/wp-content\/uploads\/2021\/03\/IMG_1232-300x225.jpg","medium-width":300,"medium-height":225,"medium_large":"https:\/\/int.design\/wp-content\/uploads\/2021\/03\/IMG_1232-768x576.jpg","medium_large-width":768,"medium_large-height":576,"large":"https:\/\/int.design\/wp-content\/uploads\/2021\/03\/IMG_1232-1024x768.jpg","large-width":1024,"large-height":768,"1536x1536":"https:\/\/int.design\/wp-content\/uploads\/2021\/03\/IMG_1232-1536x1152.jpg","1536x1536-width":1536,"1536x1536-height":1152,"2048x2048":"https:\/\/int.design\/wp-content\/uploads\/2021\/03\/IMG_1232-2048x1536.jpg","2048x2048-width":2048,"2048x2048-height":1536,"article":"https:\/\/int.design\/wp-content\/uploads\/2021\/03\/IMG_1232-960x540.jpg","article-width":960,"article-height":540,"banner":"https:\/\/int.design\/wp-content\/uploads\/2021\/03\/IMG_1232-1920x1440.jpg","banner-width":1920,"banner-height":1440,"block":"https:\/\/int.design\/wp-content\/uploads\/2021\/03\/IMG_1232-900x680.jpg","block-width":900,"block-height":680,"card":"https:\/\/int.design\/wp-content\/uploads\/2021\/03\/IMG_1232-560x495.jpg","card-width":560,"card-height":495,"card-thumbnail":"https:\/\/int.design\/wp-content\/uploads\/2021\/03\/IMG_1232-450x340.jpg","card-thumbnail-width":450,"card-thumbnail-height":340,"conference":"https:\/\/int.design\/wp-content\/uploads\/2021\/03\/IMG_1232-560x250.jpg","conference-width":560,"conference-height":250,"contest":"https:\/\/int.design\/wp-content\/uploads\/2021\/03\/IMG_1232-960x400.jpg","contest-width":960,"contest-height":400,"cta":"https:\/\/int.design\/wp-content\/uploads\/2021\/03\/IMG_1232-415x170.jpg","cta-width":415,"cta-height":170,"exhibitor":"https:\/\/int.design\/wp-content\/uploads\/2021\/03\/IMG_1232-560x560.jpg","exhibitor-width":560,"exhibitor-height":560,"gallery":"https:\/\/int.design\/wp-content\/uploads\/2021\/03\/IMG_1232-560x420.jpg","gallery-width":560,"gallery-height":420,"logo":"https:\/\/int.design\/wp-content\/uploads\/2021\/03\/IMG_1232-133x100.jpg","logo-width":133,"logo-height":100,"masonry":"https:\/\/int.design\/wp-content\/uploads\/2021\/03\/IMG_1232-550x413.jpg","masonry-width":550,"masonry-height":413,"modal":"https:\/\/int.design\/wp-content\/uploads\/2021\/03\/IMG_1232-1920x1440.jpg","modal-width":1920,"modal-height":1440,"number":"https:\/\/int.design\/wp-content\/uploads\/2021\/03\/IMG_1232-560x420.jpg","number-width":560,"number-height":420,"partner":"https:\/\/int.design\/wp-content\/uploads\/2021\/03\/IMG_1232-275x206.jpg","partner-width":275,"partner-height":206,"ranking":"https:\/\/int.design\/wp-content\/uploads\/2021\/03\/IMG_1232-960x540.jpg","ranking-width":960,"ranking-height":540,"schedule":"https:\/\/int.design\/wp-content\/uploads\/2021\/03\/IMG_1232-960x360.jpg","schedule-width":960,"schedule-height":360,"slideshow":"https:\/\/int.design\/wp-content\/uploads\/2021\/03\/IMG_1232-907x680.jpg","slideshow-width":907,"slideshow-height":680}},"filters":false,"suppliers":[{"name":"TOILEs HUILE S\u00c9RIE PENTHOUSE-MONTR\u00c9AL ET MONACO DREAM","website":"I-MALO.COM","suppliers_products":[115]}],"attachment_category":{"1001":"B\u00e2timent public","26":"Couleur","99":"Culture\/divertissement","557":"Paysage - Commercial &amp; public","580":"Signalisation &amp; branding"}}],"images":[{"categories":[510],"credit":"","image":{"ID":69132,"id":69132,"title":"IMG_1242","filename":"IMG_1242-scaled.jpg","filesize":0,"url":"https:\/\/int.design\/wp-content\/uploads\/2021\/03\/IMG_1242-scaled.jpg","link":"https:\/\/int.design\/fr\/projets\/exposition-solo-malo-une-incursion-dans-le-monde-de-lart-design-dans-une-bibliotheque-municipale\/img_1242\/","alt":"","author":"659","description":"","caption":"","name":"img_1242","status":"inherit","uploaded_to":68532,"date":"2021-03-24 13:34:13","modified":"2021-03-24 13:34:31","menu_order":0,"mime_type":"image\/jpeg","type":"image","subtype":"jpeg","icon":"https:\/\/int.design\/wp-includes\/images\/media\/default.png","width":2560,"height":1920,"sizes":{"thumbnail":"https:\/\/int.design\/wp-content\/uploads\/2021\/03\/IMG_1242-150x150.jpg","thumbnail-width":150,"thumbnail-height":150,"medium":"https:\/\/int.design\/wp-content\/uploads\/2021\/03\/IMG_1242-300x225.jpg","medium-width":300,"medium-height":225,"medium_large":"https:\/\/int.design\/wp-content\/uploads\/2021\/03\/IMG_1242-768x576.jpg","medium_large-width":768,"medium_large-height":576,"large":"https:\/\/int.design\/wp-content\/uploads\/2021\/03\/IMG_1242-1024x768.jpg","large-width":1024,"large-height":768,"1536x1536":"https:\/\/int.design\/wp-content\/uploads\/2021\/03\/IMG_1242-1536x1152.jpg","1536x1536-width":1536,"1536x1536-height":1152,"2048x2048":"https:\/\/int.design\/wp-content\/uploads\/2021\/03\/IMG_1242-2048x1536.jpg","2048x2048-width":2048,"2048x2048-height":1536,"article":"https:\/\/int.design\/wp-content\/uploads\/2021\/03\/IMG_1242-960x540.jpg","article-width":960,"article-height":540,"banner":"https:\/\/int.design\/wp-content\/uploads\/2021\/03\/IMG_1242-1920x1440.jpg","banner-width":1920,"banner-height":1440,"block":"https:\/\/int.design\/wp-content\/uploads\/2021\/03\/IMG_1242-900x680.jpg","block-width":900,"block-height":680,"card":"https:\/\/int.design\/wp-content\/uploads\/2021\/03\/IMG_1242-560x495.jpg","card-width":560,"card-height":495,"card-thumbnail":"https:\/\/int.design\/wp-content\/uploads\/2021\/03\/IMG_1242-450x340.jpg","card-thumbnail-width":450,"card-thumbnail-height":340,"conference":"https:\/\/int.design\/wp-content\/uploads\/2021\/03\/IMG_1242-560x250.jpg","conference-width":560,"conference-height":250,"contest":"https:\/\/int.design\/wp-content\/uploads\/2021\/03\/IMG_1242-960x400.jpg","contest-width":960,"contest-height":400,"cta":"https:\/\/int.design\/wp-content\/uploads\/2021\/03\/IMG_1242-415x170.jpg","cta-width":415,"cta-height":170,"exhibitor":"https:\/\/int.design\/wp-content\/uploads\/2021\/03\/IMG_1242-560x560.jpg","exhibitor-width":560,"exhibitor-height":560,"gallery":"https:\/\/int.design\/wp-content\/uploads\/2021\/03\/IMG_1242-560x420.jpg","gallery-width":560,"gallery-height":420,"logo":"https:\/\/int.design\/wp-content\/uploads\/2021\/03\/IMG_1242-133x100.jpg","logo-width":133,"logo-height":100,"masonry":"https:\/\/int.design\/wp-content\/uploads\/2021\/03\/IMG_1242-550x412.jpg","masonry-width":550,"masonry-height":412,"modal":"https:\/\/int.design\/wp-content\/uploads\/2021\/03\/IMG_1242-1920x1440.jpg","modal-width":1920,"modal-height":1440,"number":"https:\/\/int.design\/wp-content\/uploads\/2021\/03\/IMG_1242-560x420.jpg","number-width":560,"number-height":420,"partner":"https:\/\/int.design\/wp-content\/uploads\/2021\/03\/IMG_1242-275x206.jpg","partner-width":275,"partner-height":206,"ranking":"https:\/\/int.design\/wp-content\/uploads\/2021\/03\/IMG_1242-960x540.jpg","ranking-width":960,"ranking-height":540,"schedule":"https:\/\/int.design\/wp-content\/uploads\/2021\/03\/IMG_1242-960x360.jpg","schedule-width":960,"schedule-height":360,"slideshow":"https:\/\/int.design\/wp-content\/uploads\/2021\/03\/IMG_1242-907x680.jpg","slideshow-width":907,"slideshow-height":680}},"filters":[1001,99,557,26],"suppliers":[{"name":"Huile Penthouse Montreal","website":"I-Malo.com","suppliers_products":[115]},{"name":"","website":"","suppliers_products":[115]},{"name":"Huile Ozias Leduc","website":"I-Malo.com","suppliers_products":[115]},{"name":"Ombres et lumiere","website":"","suppliers_products":[115]},{"name":"","website":"","suppliers_products":false},{"name":"Huile vision","website":"","suppliers_products":[115]}],"attachment_category":[]},{"categories":[510],"credit":"","image":{"ID":69233,"id":69233,"title":"01IMalo2014PenthouseMontreal","filename":"01IMalo2014PenthouseMontreal-scaled.jpg","filesize":0,"url":"https:\/\/int.design\/wp-content\/uploads\/2021\/03\/01IMalo2014PenthouseMontreal-scaled.jpg","link":"https:\/\/int.design\/fr\/projets\/exposition-solo-malo-une-incursion-dans-le-monde-de-lart-design-dans-une-bibliotheque-municipale\/01imalo2014penthousemontreal\/","alt":"","author":"659","description":"Exposition solo Malo, Une incursion dans le monde de l\u2019Art Design dans une biblioth\u00e8que municipale Malo  Ville de Longueuil Malo, Isabelle","caption":"","name":"01imalo2014penthousemontreal","status":"inherit","uploaded_to":68532,"date":"2021-03-24 14:46:10","modified":"2022-02-08 12:42:23","menu_order":0,"mime_type":"image\/jpeg","type":"image","subtype":"jpeg","icon":"https:\/\/int.design\/wp-includes\/images\/media\/default.png","width":2560,"height":1920,"sizes":{"thumbnail":"https:\/\/int.design\/wp-content\/uploads\/2021\/03\/01IMalo2014PenthouseMontreal-150x150.jpg","thumbnail-width":150,"thumbnail-height":150,"medium":"https:\/\/int.design\/wp-content\/uploads\/2021\/03\/01IMalo2014PenthouseMontreal-300x225.jpg","medium-width":300,"medium-height":225,"medium_large":"https:\/\/int.design\/wp-content\/uploads\/2021\/03\/01IMalo2014PenthouseMontreal-768x576.jpg","medium_large-width":768,"medium_large-height":576,"large":"https:\/\/int.design\/wp-content\/uploads\/2021\/03\/01IMalo2014PenthouseMontreal-1024x768.jpg","large-width":1024,"large-height":768,"1536x1536":"https:\/\/int.design\/wp-content\/uploads\/2021\/03\/01IMalo2014PenthouseMontreal-1536x1152.jpg","1536x1536-width":1536,"1536x1536-height":1152,"2048x2048":"https:\/\/int.design\/wp-content\/uploads\/2021\/03\/01IMalo2014PenthouseMontreal-2048x1536.jpg","2048x2048-width":2048,"2048x2048-height":1536,"article":"https:\/\/int.design\/wp-content\/uploads\/2021\/03\/01IMalo2014PenthouseMontreal-960x540.jpg","article-width":960,"article-height":540,"banner":"https:\/\/int.design\/wp-content\/uploads\/2021\/03\/01IMalo2014PenthouseMontreal-1920x1440.jpg","banner-width":1920,"banner-height":1440,"block":"https:\/\/int.design\/wp-content\/uploads\/2021\/03\/01IMalo2014PenthouseMontreal-900x680.jpg","block-width":900,"block-height":680,"card":"https:\/\/int.design\/wp-content\/uploads\/2021\/03\/01IMalo2014PenthouseMontreal-560x495.jpg","card-width":560,"card-height":495,"card-thumbnail":"https:\/\/int.design\/wp-content\/uploads\/2021\/03\/01IMalo2014PenthouseMontreal-450x340.jpg","card-thumbnail-width":450,"card-thumbnail-height":340,"conference":"https:\/\/int.design\/wp-content\/uploads\/2021\/03\/01IMalo2014PenthouseMontreal-560x250.jpg","conference-width":560,"conference-height":250,"contest":"https:\/\/int.design\/wp-content\/uploads\/2021\/03\/01IMalo2014PenthouseMontreal-960x400.jpg","contest-width":960,"contest-height":400,"cta":"https:\/\/int.design\/wp-content\/uploads\/2021\/03\/01IMalo2014PenthouseMontreal-415x170.jpg","cta-width":415,"cta-height":170,"exhibitor":"https:\/\/int.design\/wp-content\/uploads\/2021\/03\/01IMalo2014PenthouseMontreal-560x560.jpg","exhibitor-width":560,"exhibitor-height":560,"gallery":"https:\/\/int.design\/wp-content\/uploads\/2021\/03\/01IMalo2014PenthouseMontreal-560x420.jpg","gallery-width":560,"gallery-height":420,"logo":"https:\/\/int.design\/wp-content\/uploads\/2021\/03\/01IMalo2014PenthouseMontreal-133x100.jpg","logo-width":133,"logo-height":100,"masonry":"https:\/\/int.design\/wp-content\/uploads\/2021\/03\/01IMalo2014PenthouseMontreal-550x413.jpg","masonry-width":550,"masonry-height":413,"modal":"https:\/\/int.design\/wp-content\/uploads\/2021\/03\/01IMalo2014PenthouseMontreal-1920x1440.jpg","modal-width":1920,"modal-height":1440,"number":"https:\/\/int.design\/wp-content\/uploads\/2021\/03\/01IMalo2014PenthouseMontreal-560x420.jpg","number-width":560,"number-height":420,"partner":"https:\/\/int.design\/wp-content\/uploads\/2021\/03\/01IMalo2014PenthouseMontreal-275x206.jpg","partner-width":275,"partner-height":206,"ranking":"https:\/\/int.design\/wp-content\/uploads\/2021\/03\/01IMalo2014PenthouseMontreal-960x540.jpg","ranking-width":960,"ranking-height":540,"schedule":"https:\/\/int.design\/wp-content\/uploads\/2021\/03\/01IMalo2014PenthouseMontreal-960x360.jpg","schedule-width":960,"schedule-height":360,"slideshow":"https:\/\/int.design\/wp-content\/uploads\/2021\/03\/01IMalo2014PenthouseMontreal-907x680.jpg","slideshow-width":907,"slideshow-height":680}},"filters":[1001,557,26],"suppliers":[{"name":"Huile crepuscule","website":"http:\/\/I-Malo.com","suppliers_products":[115]},{"name":"","website":"","suppliers_products":false}],"attachment_category":[]},{"categories":[510],"credit":"","image":{"ID":69234,"id":69234,"title":"02IMalo2014PenthouseCrepuscule","filename":"02IMalo2014PenthouseCrepuscule-scaled.jpg","filesize":0,"url":"https:\/\/int.design\/wp-content\/uploads\/2021\/03\/02IMalo2014PenthouseCrepuscule-scaled.jpg","link":"https:\/\/int.design\/fr\/projets\/exposition-solo-malo-une-incursion-dans-le-monde-de-lart-design-dans-une-bibliotheque-municipale\/02imalo2014penthousecrepuscule\/","alt":"","author":"659","description":"","caption":"","name":"02imalo2014penthousecrepuscule","status":"inherit","uploaded_to":68532,"date":"2021-03-24 14:46:26","modified":"2021-03-24 14:46:44","menu_order":0,"mime_type":"image\/jpeg","type":"image","subtype":"jpeg","icon":"https:\/\/int.design\/wp-includes\/images\/media\/default.png","width":2560,"height":1920,"sizes":{"thumbnail":"https:\/\/int.design\/wp-content\/uploads\/2021\/03\/02IMalo2014PenthouseCrepuscule-150x150.jpg","thumbnail-width":150,"thumbnail-height":150,"medium":"https:\/\/int.design\/wp-content\/uploads\/2021\/03\/02IMalo2014PenthouseCrepuscule-300x225.jpg","medium-width":300,"medium-height":225,"medium_large":"https:\/\/int.design\/wp-content\/uploads\/2021\/03\/02IMalo2014PenthouseCrepuscule-768x576.jpg","medium_large-width":768,"medium_large-height":576,"large":"https:\/\/int.design\/wp-content\/uploads\/2021\/03\/02IMalo2014PenthouseCrepuscule-1024x768.jpg","large-width":1024,"large-height":768,"1536x1536":"https:\/\/int.design\/wp-content\/uploads\/2021\/03\/02IMalo2014PenthouseCrepuscule-1536x1152.jpg","1536x1536-width":1536,"1536x1536-height":1152,"2048x2048":"https:\/\/int.design\/wp-content\/uploads\/2021\/03\/02IMalo2014PenthouseCrepuscule-2048x1536.jpg","2048x2048-width":2048,"2048x2048-height":1536,"article":"https:\/\/int.design\/wp-content\/uploads\/2021\/03\/02IMalo2014PenthouseCrepuscule-960x540.jpg","article-width":960,"article-height":540,"banner":"https:\/\/int.design\/wp-content\/uploads\/2021\/03\/02IMalo2014PenthouseCrepuscule-1920x1440.jpg","banner-width":1920,"banner-height":1440,"block":"https:\/\/int.design\/wp-content\/uploads\/2021\/03\/02IMalo2014PenthouseCrepuscule-900x680.jpg","block-width":900,"block-height":680,"card":"https:\/\/int.design\/wp-content\/uploads\/2021\/03\/02IMalo2014PenthouseCrepuscule-560x495.jpg","card-width":560,"card-height":495,"card-thumbnail":"https:\/\/int.design\/wp-content\/uploads\/2021\/03\/02IMalo2014PenthouseCrepuscule-450x340.jpg","card-thumbnail-width":450,"card-thumbnail-height":340,"conference":"https:\/\/int.design\/wp-content\/uploads\/2021\/03\/02IMalo2014PenthouseCrepuscule-560x250.jpg","conference-width":560,"conference-height":250,"contest":"https:\/\/int.design\/wp-content\/uploads\/2021\/03\/02IMalo2014PenthouseCrepuscule-960x400.jpg","contest-width":960,"contest-height":400,"cta":"https:\/\/int.design\/wp-content\/uploads\/2021\/03\/02IMalo2014PenthouseCrepuscule-415x170.jpg","cta-width":415,"cta-height":170,"exhibitor":"https:\/\/int.design\/wp-content\/uploads\/2021\/03\/02IMalo2014PenthouseCrepuscule-560x560.jpg","exhibitor-width":560,"exhibitor-height":560,"gallery":"https:\/\/int.design\/wp-content\/uploads\/2021\/03\/02IMalo2014PenthouseCrepuscule-560x420.jpg","gallery-width":560,"gallery-height":420,"logo":"https:\/\/int.design\/wp-content\/uploads\/2021\/03\/02IMalo2014PenthouseCrepuscule-133x100.jpg","logo-width":133,"logo-height":100,"masonry":"https:\/\/int.design\/wp-content\/uploads\/2021\/03\/02IMalo2014PenthouseCrepuscule-550x413.jpg","masonry-width":550,"masonry-height":413,"modal":"https:\/\/int.design\/wp-content\/uploads\/2021\/03\/02IMalo2014PenthouseCrepuscule-1920x1440.jpg","modal-width":1920,"modal-height":1440,"number":"https:\/\/int.design\/wp-content\/uploads\/2021\/03\/02IMalo2014PenthouseCrepuscule-560x420.jpg","number-width":560,"number-height":420,"partner":"https:\/\/int.design\/wp-content\/uploads\/2021\/03\/02IMalo2014PenthouseCrepuscule-275x206.jpg","partner-width":275,"partner-height":206,"ranking":"https:\/\/int.design\/wp-content\/uploads\/2021\/03\/02IMalo2014PenthouseCrepuscule-960x540.jpg","ranking-width":960,"ranking-height":540,"schedule":"https:\/\/int.design\/wp-content\/uploads\/2021\/03\/02IMalo2014PenthouseCrepuscule-960x360.jpg","schedule-width":960,"schedule-height":360,"slideshow":"https:\/\/int.design\/wp-content\/uploads\/2021\/03\/02IMalo2014PenthouseCrepuscule-907x680.jpg","slideshow-width":907,"slideshow-height":680}},"filters":[1001,99,557,26],"suppliers":[{"name":"Huile  Hologramme","website":"I-Malo.com","suppliers_products":[115]},{"name":"","website":"","suppliers_products":false}],"attachment_category":[]},{"categories":[510],"credit":"","image":{"ID":69252,"id":69252,"title":"03IMaloPenthouseHolo","filename":"03IMaloPenthouseHolo-scaled.jpg","filesize":0,"url":"https:\/\/int.design\/wp-content\/uploads\/2021\/03\/03IMaloPenthouseHolo-scaled.jpg","link":"https:\/\/int.design\/fr\/projets\/exposition-solo-malo-une-incursion-dans-le-monde-de-lart-design-dans-une-bibliotheque-municipale\/03imalopenthouseholo\/","alt":"","author":"659","description":"Exposition solo Malo, Une incursion dans le monde de l\u2019Art Design dans une biblioth\u00e8que municipale Malo  Ville de Longueuil Malo, Isabelle","caption":"","name":"03imalopenthouseholo","status":"inherit","uploaded_to":68532,"date":"2021-03-24 14:54:56","modified":"2022-02-08 12:42:23","menu_order":0,"mime_type":"image\/jpeg","type":"image","subtype":"jpeg","icon":"https:\/\/int.design\/wp-includes\/images\/media\/default.png","width":2560,"height":1920,"sizes":{"thumbnail":"https:\/\/int.design\/wp-content\/uploads\/2021\/03\/03IMaloPenthouseHolo-150x150.jpg","thumbnail-width":150,"thumbnail-height":150,"medium":"https:\/\/int.design\/wp-content\/uploads\/2021\/03\/03IMaloPenthouseHolo-300x225.jpg","medium-width":300,"medium-height":225,"medium_large":"https:\/\/int.design\/wp-content\/uploads\/2021\/03\/03IMaloPenthouseHolo-768x576.jpg","medium_large-width":768,"medium_large-height":576,"large":"https:\/\/int.design\/wp-content\/uploads\/2021\/03\/03IMaloPenthouseHolo-1024x768.jpg","large-width":1024,"large-height":768,"1536x1536":"https:\/\/int.design\/wp-content\/uploads\/2021\/03\/03IMaloPenthouseHolo-1536x1152.jpg","1536x1536-width":1536,"1536x1536-height":1152,"2048x2048":"https:\/\/int.design\/wp-content\/uploads\/2021\/03\/03IMaloPenthouseHolo-2048x1536.jpg","2048x2048-width":2048,"2048x2048-height":1536,"article":"https:\/\/int.design\/wp-content\/uploads\/2021\/03\/03IMaloPenthouseHolo-960x540.jpg","article-width":960,"article-height":540,"banner":"https:\/\/int.design\/wp-content\/uploads\/2021\/03\/03IMaloPenthouseHolo-1920x1440.jpg","banner-width":1920,"banner-height":1440,"block":"https:\/\/int.design\/wp-content\/uploads\/2021\/03\/03IMaloPenthouseHolo-900x680.jpg","block-width":900,"block-height":680,"card":"https:\/\/int.design\/wp-content\/uploads\/2021\/03\/03IMaloPenthouseHolo-560x495.jpg","card-width":560,"card-height":495,"card-thumbnail":"https:\/\/int.design\/wp-content\/uploads\/2021\/03\/03IMaloPenthouseHolo-450x340.jpg","card-thumbnail-width":450,"card-thumbnail-height":340,"conference":"https:\/\/int.design\/wp-content\/uploads\/2021\/03\/03IMaloPenthouseHolo-560x250.jpg","conference-width":560,"conference-height":250,"contest":"https:\/\/int.design\/wp-content\/uploads\/2021\/03\/03IMaloPenthouseHolo-960x400.jpg","contest-width":960,"contest-height":400,"cta":"https:\/\/int.design\/wp-content\/uploads\/2021\/03\/03IMaloPenthouseHolo-415x170.jpg","cta-width":415,"cta-height":170,"exhibitor":"https:\/\/int.design\/wp-content\/uploads\/2021\/03\/03IMaloPenthouseHolo-560x560.jpg","exhibitor-width":560,"exhibitor-height":560,"gallery":"https:\/\/int.design\/wp-content\/uploads\/2021\/03\/03IMaloPenthouseHolo-560x420.jpg","gallery-width":560,"gallery-height":420,"logo":"https:\/\/int.design\/wp-content\/uploads\/2021\/03\/03IMaloPenthouseHolo-133x100.jpg","logo-width":133,"logo-height":100,"masonry":"https:\/\/int.design\/wp-content\/uploads\/2021\/03\/03IMaloPenthouseHolo-550x413.jpg","masonry-width":550,"masonry-height":413,"modal":"https:\/\/int.design\/wp-content\/uploads\/2021\/03\/03IMaloPenthouseHolo-1920x1440.jpg","modal-width":1920,"modal-height":1440,"number":"https:\/\/int.design\/wp-content\/uploads\/2021\/03\/03IMaloPenthouseHolo-560x420.jpg","number-width":560,"number-height":420,"partner":"https:\/\/int.design\/wp-content\/uploads\/2021\/03\/03IMaloPenthouseHolo-275x206.jpg","partner-width":275,"partner-height":206,"ranking":"https:\/\/int.design\/wp-content\/uploads\/2021\/03\/03IMaloPenthouseHolo-960x540.jpg","ranking-width":960,"ranking-height":540,"schedule":"https:\/\/int.design\/wp-content\/uploads\/2021\/03\/03IMaloPenthouseHolo-960x360.jpg","schedule-width":960,"schedule-height":360,"slideshow":"https:\/\/int.design\/wp-content\/uploads\/2021\/03\/03IMaloPenthouseHolo-907x680.jpg","slideshow-width":907,"slideshow-height":680}},"filters":[1001,1003,99,557],"suppliers":[{"name":"Huile Ozias Leduc","website":"I-Malo.com","suppliers_products":[115]}],"attachment_category":[]},{"categories":[510],"credit":"","image":{"ID":69257,"id":69257,"title":"08IMalo2017OziasLeduc","filename":"08IMalo2017OziasLeduc-scaled.jpg","filesize":0,"url":"https:\/\/int.design\/wp-content\/uploads\/2021\/03\/08IMalo2017OziasLeduc-scaled.jpg","link":"https:\/\/int.design\/fr\/projets\/exposition-solo-malo-une-incursion-dans-le-monde-de-lart-design-dans-une-bibliotheque-municipale\/08imalo2017oziasleduc\/","alt":"","author":"659","description":"Exposition solo Malo, Une incursion dans le monde de l\u2019Art Design dans une biblioth\u00e8que municipale Malo  Ville de Longueuil Malo, Isabelle","caption":"","name":"08imalo2017oziasleduc","status":"inherit","uploaded_to":68532,"date":"2021-03-24 14:59:56","modified":"2022-02-08 12:42:23","menu_order":0,"mime_type":"image\/jpeg","type":"image","subtype":"jpeg","icon":"https:\/\/int.design\/wp-includes\/images\/media\/default.png","width":2560,"height":1920,"sizes":{"thumbnail":"https:\/\/int.design\/wp-content\/uploads\/2021\/03\/08IMalo2017OziasLeduc-150x150.jpg","thumbnail-width":150,"thumbnail-height":150,"medium":"https:\/\/int.design\/wp-content\/uploads\/2021\/03\/08IMalo2017OziasLeduc-300x225.jpg","medium-width":300,"medium-height":225,"medium_large":"https:\/\/int.design\/wp-content\/uploads\/2021\/03\/08IMalo2017OziasLeduc-768x576.jpg","medium_large-width":768,"medium_large-height":576,"large":"https:\/\/int.design\/wp-content\/uploads\/2021\/03\/08IMalo2017OziasLeduc-1024x768.jpg","large-width":1024,"large-height":768,"1536x1536":"https:\/\/int.design\/wp-content\/uploads\/2021\/03\/08IMalo2017OziasLeduc-1536x1152.jpg","1536x1536-width":1536,"1536x1536-height":1152,"2048x2048":"https:\/\/int.design\/wp-content\/uploads\/2021\/03\/08IMalo2017OziasLeduc-2048x1536.jpg","2048x2048-width":2048,"2048x2048-height":1536,"article":"https:\/\/int.design\/wp-content\/uploads\/2021\/03\/08IMalo2017OziasLeduc-960x540.jpg","article-width":960,"article-height":540,"banner":"https:\/\/int.design\/wp-content\/uploads\/2021\/03\/08IMalo2017OziasLeduc-1920x1440.jpg","banner-width":1920,"banner-height":1440,"block":"https:\/\/int.design\/wp-content\/uploads\/2021\/03\/08IMalo2017OziasLeduc-900x680.jpg","block-width":900,"block-height":680,"card":"https:\/\/int.design\/wp-content\/uploads\/2021\/03\/08IMalo2017OziasLeduc-560x495.jpg","card-width":560,"card-height":495,"card-thumbnail":"https:\/\/int.design\/wp-content\/uploads\/2021\/03\/08IMalo2017OziasLeduc-450x340.jpg","card-thumbnail-width":450,"card-thumbnail-height":340,"conference":"https:\/\/int.design\/wp-content\/uploads\/2021\/03\/08IMalo2017OziasLeduc-560x250.jpg","conference-width":560,"conference-height":250,"contest":"https:\/\/int.design\/wp-content\/uploads\/2021\/03\/08IMalo2017OziasLeduc-960x400.jpg","contest-width":960,"contest-height":400,"cta":"https:\/\/int.design\/wp-content\/uploads\/2021\/03\/08IMalo2017OziasLeduc-415x170.jpg","cta-width":415,"cta-height":170,"exhibitor":"https:\/\/int.design\/wp-content\/uploads\/2021\/03\/08IMalo2017OziasLeduc-560x560.jpg","exhibitor-width":560,"exhibitor-height":560,"gallery":"https:\/\/int.design\/wp-content\/uploads\/2021\/03\/08IMalo2017OziasLeduc-560x420.jpg","gallery-width":560,"gallery-height":420,"logo":"https:\/\/int.design\/wp-content\/uploads\/2021\/03\/08IMalo2017OziasLeduc-133x100.jpg","logo-width":133,"logo-height":100,"masonry":"https:\/\/int.design\/wp-content\/uploads\/2021\/03\/08IMalo2017OziasLeduc-550x413.jpg","masonry-width":550,"masonry-height":413,"modal":"https:\/\/int.design\/wp-content\/uploads\/2021\/03\/08IMalo2017OziasLeduc-1920x1440.jpg","modal-width":1920,"modal-height":1440,"number":"https:\/\/int.design\/wp-content\/uploads\/2021\/03\/08IMalo2017OziasLeduc-560x420.jpg","number-width":560,"number-height":420,"partner":"https:\/\/int.design\/wp-content\/uploads\/2021\/03\/08IMalo2017OziasLeduc-275x206.jpg","partner-width":275,"partner-height":206,"ranking":"https:\/\/int.design\/wp-content\/uploads\/2021\/03\/08IMalo2017OziasLeduc-960x540.jpg","ranking-width":960,"ranking-height":540,"schedule":"https:\/\/int.design\/wp-content\/uploads\/2021\/03\/08IMalo2017OziasLeduc-960x360.jpg","schedule-width":960,"schedule-height":360,"slideshow":"https:\/\/int.design\/wp-content\/uploads\/2021\/03\/08IMalo2017OziasLeduc-907x680.jpg","slideshow-width":907,"slideshow-height":680}},"filters":[1001,99,557],"suppliers":[{"name":"Huile Ombres et Lumieres","website":"I-Malo.com","suppliers_products":[115]}],"attachment_category":[]},{"categories":[510],"credit":"","image":{"ID":69259,"id":69259,"title":"07IMalo2016Ombresetlumieres","filename":"07IMalo2016Ombresetlumieres-scaled.jpg","filesize":0,"url":"https:\/\/int.design\/wp-content\/uploads\/2021\/03\/07IMalo2016Ombresetlumieres-scaled.jpg","link":"https:\/\/int.design\/fr\/projets\/exposition-solo-malo-une-incursion-dans-le-monde-de-lart-design-dans-une-bibliotheque-municipale\/07imalo2016ombresetlumieres\/","alt":"","author":"659","description":"Exposition solo Malo, Une incursion dans le monde de l\u2019Art Design dans une biblioth\u00e8que municipale Malo  Ville de Longueuil Malo, Isabelle","caption":"","name":"07imalo2016ombresetlumieres","status":"inherit","uploaded_to":68532,"date":"2021-03-24 15:04:37","modified":"2022-02-08 12:42:23","menu_order":0,"mime_type":"image\/jpeg","type":"image","subtype":"jpeg","icon":"https:\/\/int.design\/wp-includes\/images\/media\/default.png","width":2560,"height":1920,"sizes":{"thumbnail":"https:\/\/int.design\/wp-content\/uploads\/2021\/03\/07IMalo2016Ombresetlumieres-150x150.jpg","thumbnail-width":150,"thumbnail-height":150,"medium":"https:\/\/int.design\/wp-content\/uploads\/2021\/03\/07IMalo2016Ombresetlumieres-300x225.jpg","medium-width":300,"medium-height":225,"medium_large":"https:\/\/int.design\/wp-content\/uploads\/2021\/03\/07IMalo2016Ombresetlumieres-768x576.jpg","medium_large-width":768,"medium_large-height":576,"large":"https:\/\/int.design\/wp-content\/uploads\/2021\/03\/07IMalo2016Ombresetlumieres-1024x768.jpg","large-width":1024,"large-height":768,"1536x1536":"https:\/\/int.design\/wp-content\/uploads\/2021\/03\/07IMalo2016Ombresetlumieres-1536x1152.jpg","1536x1536-width":1536,"1536x1536-height":1152,"2048x2048":"https:\/\/int.design\/wp-content\/uploads\/2021\/03\/07IMalo2016Ombresetlumieres-2048x1536.jpg","2048x2048-width":2048,"2048x2048-height":1536,"article":"https:\/\/int.design\/wp-content\/uploads\/2021\/03\/07IMalo2016Ombresetlumieres-960x540.jpg","article-width":960,"article-height":540,"banner":"https:\/\/int.design\/wp-content\/uploads\/2021\/03\/07IMalo2016Ombresetlumieres-1920x1440.jpg","banner-width":1920,"banner-height":1440,"block":"https:\/\/int.design\/wp-content\/uploads\/2021\/03\/07IMalo2016Ombresetlumieres-900x680.jpg","block-width":900,"block-height":680,"card":"https:\/\/int.design\/wp-content\/uploads\/2021\/03\/07IMalo2016Ombresetlumieres-560x495.jpg","card-width":560,"card-height":495,"card-thumbnail":"https:\/\/int.design\/wp-content\/uploads\/2021\/03\/07IMalo2016Ombresetlumieres-450x340.jpg","card-thumbnail-width":450,"card-thumbnail-height":340,"conference":"https:\/\/int.design\/wp-content\/uploads\/2021\/03\/07IMalo2016Ombresetlumieres-560x250.jpg","conference-width":560,"conference-height":250,"contest":"https:\/\/int.design\/wp-content\/uploads\/2021\/03\/07IMalo2016Ombresetlumieres-960x400.jpg","contest-width":960,"contest-height":400,"cta":"https:\/\/int.design\/wp-content\/uploads\/2021\/03\/07IMalo2016Ombresetlumieres-415x170.jpg","cta-width":415,"cta-height":170,"exhibitor":"https:\/\/int.design\/wp-content\/uploads\/2021\/03\/07IMalo2016Ombresetlumieres-560x560.jpg","exhibitor-width":560,"exhibitor-height":560,"gallery":"https:\/\/int.design\/wp-content\/uploads\/2021\/03\/07IMalo2016Ombresetlumieres-560x420.jpg","gallery-width":560,"gallery-height":420,"logo":"https:\/\/int.design\/wp-content\/uploads\/2021\/03\/07IMalo2016Ombresetlumieres-133x100.jpg","logo-width":133,"logo-height":100,"masonry":"https:\/\/int.design\/wp-content\/uploads\/2021\/03\/07IMalo2016Ombresetlumieres-550x413.jpg","masonry-width":550,"masonry-height":413,"modal":"https:\/\/int.design\/wp-content\/uploads\/2021\/03\/07IMalo2016Ombresetlumieres-1920x1440.jpg","modal-width":1920,"modal-height":1440,"number":"https:\/\/int.design\/wp-content\/uploads\/2021\/03\/07IMalo2016Ombresetlumieres-560x420.jpg","number-width":560,"number-height":420,"partner":"https:\/\/int.design\/wp-content\/uploads\/2021\/03\/07IMalo2016Ombresetlumieres-275x206.jpg","partner-width":275,"partner-height":206,"ranking":"https:\/\/int.design\/wp-content\/uploads\/2021\/03\/07IMalo2016Ombresetlumieres-960x540.jpg","ranking-width":960,"ranking-height":540,"schedule":"https:\/\/int.design\/wp-content\/uploads\/2021\/03\/07IMalo2016Ombresetlumieres-960x360.jpg","schedule-width":960,"schedule-height":360,"slideshow":"https:\/\/int.design\/wp-content\/uploads\/2021\/03\/07IMalo2016Ombresetlumieres-907x680.jpg","slideshow-width":907,"slideshow-height":680}},"filters":[1001,99,557,26],"suppliers":false,"attachment_category":[]},{"categories":[510],"credit":"","image":{"ID":69260,"id":69260,"title":"05IMalo2015NightClub","filename":"05IMalo2015NightClub-scaled.jpg","filesize":0,"url":"https:\/\/int.design\/wp-content\/uploads\/2021\/03\/05IMalo2015NightClub-scaled.jpg","link":"https:\/\/int.design\/fr\/projets\/exposition-solo-malo-une-incursion-dans-le-monde-de-lart-design-dans-une-bibliotheque-municipale\/05imalo2015nightclub\/","alt":"","author":"659","description":"Exposition solo Malo, Une incursion dans le monde de l\u2019Art Design dans une biblioth\u00e8que municipale Malo  Ville de Longueuil Malo, Isabelle","caption":"","name":"05imalo2015nightclub","status":"inherit","uploaded_to":68532,"date":"2021-03-24 15:04:57","modified":"2022-02-08 12:42:23","menu_order":0,"mime_type":"image\/jpeg","type":"image","subtype":"jpeg","icon":"https:\/\/int.design\/wp-includes\/images\/media\/default.png","width":1536,"height":2560,"sizes":{"thumbnail":"https:\/\/int.design\/wp-content\/uploads\/2021\/03\/05IMalo2015NightClub-150x150.jpg","thumbnail-width":150,"thumbnail-height":150,"medium":"https:\/\/int.design\/wp-content\/uploads\/2021\/03\/05IMalo2015NightClub-180x300.jpg","medium-width":180,"medium-height":300,"medium_large":"https:\/\/int.design\/wp-content\/uploads\/2021\/03\/05IMalo2015NightClub-768x1280.jpg","medium_large-width":768,"medium_large-height":1280,"large":"https:\/\/int.design\/wp-content\/uploads\/2021\/03\/05IMalo2015NightClub-614x1024.jpg","large-width":614,"large-height":1024,"1536x1536":"https:\/\/int.design\/wp-content\/uploads\/2021\/03\/05IMalo2015NightClub-922x1536.jpg","1536x1536-width":922,"1536x1536-height":1536,"2048x2048":"https:\/\/int.design\/wp-content\/uploads\/2021\/03\/05IMalo2015NightClub-1229x2048.jpg","2048x2048-width":1229,"2048x2048-height":2048,"article":"https:\/\/int.design\/wp-content\/uploads\/2021\/03\/05IMalo2015NightClub-960x540.jpg","article-width":960,"article-height":540,"banner":"https:\/\/int.design\/wp-content\/uploads\/2021\/03\/05IMalo2015NightClub-1920x3200.jpg","banner-width":1920,"banner-height":3200,"block":"https:\/\/int.design\/wp-content\/uploads\/2021\/03\/05IMalo2015NightClub-900x680.jpg","block-width":900,"block-height":680,"card":"https:\/\/int.design\/wp-content\/uploads\/2021\/03\/05IMalo2015NightClub-560x495.jpg","card-width":560,"card-height":495,"card-thumbnail":"https:\/\/int.design\/wp-content\/uploads\/2021\/03\/05IMalo2015NightClub-450x340.jpg","card-thumbnail-width":450,"card-thumbnail-height":340,"conference":"https:\/\/int.design\/wp-content\/uploads\/2021\/03\/05IMalo2015NightClub-560x250.jpg","conference-width":560,"conference-height":250,"contest":"https:\/\/int.design\/wp-content\/uploads\/2021\/03\/05IMalo2015NightClub-960x400.jpg","contest-width":960,"contest-height":400,"cta":"https:\/\/int.design\/wp-content\/uploads\/2021\/03\/05IMalo2015NightClub-415x170.jpg","cta-width":415,"cta-height":170,"exhibitor":"https:\/\/int.design\/wp-content\/uploads\/2021\/03\/05IMalo2015NightClub-560x560.jpg","exhibitor-width":560,"exhibitor-height":560,"gallery":"https:\/\/int.design\/wp-content\/uploads\/2021\/03\/05IMalo2015NightClub-258x430.jpg","gallery-width":258,"gallery-height":430,"logo":"https:\/\/int.design\/wp-content\/uploads\/2021\/03\/05IMalo2015NightClub-60x100.jpg","logo-width":60,"logo-height":100,"masonry":"https:\/\/int.design\/wp-content\/uploads\/2021\/03\/05IMalo2015NightClub-550x917.jpg","masonry-width":550,"masonry-height":917,"modal":"https:\/\/int.design\/wp-content\/uploads\/2021\/03\/05IMalo2015NightClub-1152x1920.jpg","modal-width":1152,"modal-height":1920,"number":"https:\/\/int.design\/wp-content\/uploads\/2021\/03\/05IMalo2015NightClub-258x430.jpg","number-width":258,"number-height":430,"partner":"https:\/\/int.design\/wp-content\/uploads\/2021\/03\/05IMalo2015NightClub-126x210.jpg","partner-width":126,"partner-height":210,"ranking":"https:\/\/int.design\/wp-content\/uploads\/2021\/03\/05IMalo2015NightClub-960x540.jpg","ranking-width":960,"ranking-height":540,"schedule":"https:\/\/int.design\/wp-content\/uploads\/2021\/03\/05IMalo2015NightClub-960x360.jpg","schedule-width":960,"schedule-height":360,"slideshow":"https:\/\/int.design\/wp-content\/uploads\/2021\/03\/05IMalo2015NightClub-408x680.jpg","slideshow-width":408,"slideshow-height":680}},"filters":[999,1001,99,557,26],"suppliers":[{"name":"Huile Monaco Dream","website":"I-Malo.com","suppliers_products":[115]}],"attachment_category":[]},{"categories":[510],"credit":"","image":{"ID":69276,"id":69276,"title":"MonacoDream_5000","filename":"MonacoDream_5000-scaled.jpg","filesize":0,"url":"https:\/\/int.design\/wp-content\/uploads\/2021\/03\/MonacoDream_5000-scaled.jpg","link":"https:\/\/int.design\/fr\/projets\/exposition-solo-malo-une-incursion-dans-le-monde-de-lart-design-dans-une-bibliotheque-municipale\/monacodream_5000\/","alt":"","author":"659","description":"Exposition solo Malo, Une incursion dans le monde de l\u2019Art Design dans une biblioth\u00e8que municipale Malo  Ville de Longueuil Malo, Isabelle","caption":"","name":"monacodream_5000","status":"inherit","uploaded_to":68532,"date":"2021-03-24 15:13:54","modified":"2022-02-08 12:42:23","menu_order":0,"mime_type":"image\/jpeg","type":"image","subtype":"jpeg","icon":"https:\/\/int.design\/wp-includes\/images\/media\/default.png","width":2560,"height":2134,"sizes":{"thumbnail":"https:\/\/int.design\/wp-content\/uploads\/2021\/03\/MonacoDream_5000-150x150.jpg","thumbnail-width":150,"thumbnail-height":150,"medium":"https:\/\/int.design\/wp-content\/uploads\/2021\/03\/MonacoDream_5000-300x250.jpg","medium-width":300,"medium-height":250,"medium_large":"https:\/\/int.design\/wp-content\/uploads\/2021\/03\/MonacoDream_5000-768x640.jpg","medium_large-width":768,"medium_large-height":640,"large":"https:\/\/int.design\/wp-content\/uploads\/2021\/03\/MonacoDream_5000-1024x853.jpg","large-width":1024,"large-height":853,"1536x1536":"https:\/\/int.design\/wp-content\/uploads\/2021\/03\/MonacoDream_5000-1536x1280.jpg","1536x1536-width":1536,"1536x1536-height":1280,"2048x2048":"https:\/\/int.design\/wp-content\/uploads\/2021\/03\/MonacoDream_5000-2048x1707.jpg","2048x2048-width":2048,"2048x2048-height":1707,"article":"https:\/\/int.design\/wp-content\/uploads\/2021\/03\/MonacoDream_5000-960x540.jpg","article-width":960,"article-height":540,"banner":"https:\/\/int.design\/wp-content\/uploads\/2021\/03\/MonacoDream_5000-1920x1600.jpg","banner-width":1920,"banner-height":1600,"block":"https:\/\/int.design\/wp-content\/uploads\/2021\/03\/MonacoDream_5000-900x680.jpg","block-width":900,"block-height":680,"card":"https:\/\/int.design\/wp-content\/uploads\/2021\/03\/MonacoDream_5000-560x495.jpg","card-width":560,"card-height":495,"card-thumbnail":"https:\/\/int.design\/wp-content\/uploads\/2021\/03\/MonacoDream_5000-450x340.jpg","card-thumbnail-width":450,"card-thumbnail-height":340,"conference":"https:\/\/int.design\/wp-content\/uploads\/2021\/03\/MonacoDream_5000-560x250.jpg","conference-width":560,"conference-height":250,"contest":"https:\/\/int.design\/wp-content\/uploads\/2021\/03\/MonacoDream_5000-960x400.jpg","contest-width":960,"contest-height":400,"cta":"https:\/\/int.design\/wp-content\/uploads\/2021\/03\/MonacoDream_5000-415x170.jpg","cta-width":415,"cta-height":170,"exhibitor":"https:\/\/int.design\/wp-content\/uploads\/2021\/03\/MonacoDream_5000-560x560.jpg","exhibitor-width":560,"exhibitor-height":560,"gallery":"https:\/\/int.design\/wp-content\/uploads\/2021\/03\/MonacoDream_5000-516x430.jpg","gallery-width":516,"gallery-height":430,"logo":"https:\/\/int.design\/wp-content\/uploads\/2021\/03\/MonacoDream_5000-120x100.jpg","logo-width":120,"logo-height":100,"masonry":"https:\/\/int.design\/wp-content\/uploads\/2021\/03\/MonacoDream_5000-550x458.jpg","masonry-width":550,"masonry-height":458,"modal":"https:\/\/int.design\/wp-content\/uploads\/2021\/03\/MonacoDream_5000-1920x1600.jpg","modal-width":1920,"modal-height":1600,"number":"https:\/\/int.design\/wp-content\/uploads\/2021\/03\/MonacoDream_5000-516x430.jpg","number-width":516,"number-height":430,"partner":"https:\/\/int.design\/wp-content\/uploads\/2021\/03\/MonacoDream_5000-252x210.jpg","partner-width":252,"partner-height":210,"ranking":"https:\/\/int.design\/wp-content\/uploads\/2021\/03\/MonacoDream_5000-960x540.jpg","ranking-width":960,"ranking-height":540,"schedule":"https:\/\/int.design\/wp-content\/uploads\/2021\/03\/MonacoDream_5000-960x360.jpg","schedule-width":960,"schedule-height":360,"slideshow":"https:\/\/int.design\/wp-content\/uploads\/2021\/03\/MonacoDream_5000-816x680.jpg","slideshow-width":816,"slideshow-height":680}},"filters":[1001,99,557,26],"suppliers":false,"attachment_category":[]},{"categories":[510],"credit":"","image":{"ID":69277,"id":69277,"title":"10IMalo2017vision","filename":"10IMalo2017vision-scaled.jpg","filesize":0,"url":"https:\/\/int.design\/wp-content\/uploads\/2021\/03\/10IMalo2017vision-scaled.jpg","link":"https:\/\/int.design\/fr\/projets\/exposition-solo-malo-une-incursion-dans-le-monde-de-lart-design-dans-une-bibliotheque-municipale\/10imalo2017vision\/","alt":"","author":"659","description":"Exposition solo Malo, Une incursion dans le monde de l\u2019Art Design dans une biblioth\u00e8que municipale Malo  Ville de Longueuil Malo, Isabelle","caption":"","name":"10imalo2017vision","status":"inherit","uploaded_to":68532,"date":"2021-03-24 15:14:16","modified":"2022-02-08 12:42:24","menu_order":0,"mime_type":"image\/jpeg","type":"image","subtype":"jpeg","icon":"https:\/\/int.design\/wp-includes\/images\/media\/default.png","width":1280,"height":2560,"sizes":{"thumbnail":"https:\/\/int.design\/wp-content\/uploads\/2021\/03\/10IMalo2017vision-150x150.jpg","thumbnail-width":150,"thumbnail-height":150,"medium":"https:\/\/int.design\/wp-content\/uploads\/2021\/03\/10IMalo2017vision-150x300.jpg","medium-width":150,"medium-height":300,"medium_large":"https:\/\/int.design\/wp-content\/uploads\/2021\/03\/10IMalo2017vision-768x1536.jpg","medium_large-width":768,"medium_large-height":1536,"large":"https:\/\/int.design\/wp-content\/uploads\/2021\/03\/10IMalo2017vision-512x1024.jpg","large-width":512,"large-height":1024,"1536x1536":"https:\/\/int.design\/wp-content\/uploads\/2021\/03\/10IMalo2017vision-768x1536.jpg","1536x1536-width":768,"1536x1536-height":1536,"2048x2048":"https:\/\/int.design\/wp-content\/uploads\/2021\/03\/10IMalo2017vision-1024x2048.jpg","2048x2048-width":1024,"2048x2048-height":2048,"article":"https:\/\/int.design\/wp-content\/uploads\/2021\/03\/10IMalo2017vision-960x540.jpg","article-width":960,"article-height":540,"banner":"https:\/\/int.design\/wp-content\/uploads\/2021\/03\/10IMalo2017vision-1920x3840.jpg","banner-width":1920,"banner-height":3840,"block":"https:\/\/int.design\/wp-content\/uploads\/2021\/03\/10IMalo2017vision-900x680.jpg","block-width":900,"block-height":680,"card":"https:\/\/int.design\/wp-content\/uploads\/2021\/03\/10IMalo2017vision-560x495.jpg","card-width":560,"card-height":495,"card-thumbnail":"https:\/\/int.design\/wp-content\/uploads\/2021\/03\/10IMalo2017vision-450x340.jpg","card-thumbnail-width":450,"card-thumbnail-height":340,"conference":"https:\/\/int.design\/wp-content\/uploads\/2021\/03\/10IMalo2017vision-560x250.jpg","conference-width":560,"conference-height":250,"contest":"https:\/\/int.design\/wp-content\/uploads\/2021\/03\/10IMalo2017vision-960x400.jpg","contest-width":960,"contest-height":400,"cta":"https:\/\/int.design\/wp-content\/uploads\/2021\/03\/10IMalo2017vision-415x170.jpg","cta-width":415,"cta-height":170,"exhibitor":"https:\/\/int.design\/wp-content\/uploads\/2021\/03\/10IMalo2017vision-560x560.jpg","exhibitor-width":560,"exhibitor-height":560,"gallery":"https:\/\/int.design\/wp-content\/uploads\/2021\/03\/10IMalo2017vision-215x430.jpg","gallery-width":215,"gallery-height":430,"logo":"https:\/\/int.design\/wp-content\/uploads\/2021\/03\/10IMalo2017vision-50x100.jpg","logo-width":50,"logo-height":100,"masonry":"https:\/\/int.design\/wp-content\/uploads\/2021\/03\/10IMalo2017vision-550x1100.jpg","masonry-width":550,"masonry-height":1100,"modal":"https:\/\/int.design\/wp-content\/uploads\/2021\/03\/10IMalo2017vision-960x1920.jpg","modal-width":960,"modal-height":1920,"number":"https:\/\/int.design\/wp-content\/uploads\/2021\/03\/10IMalo2017vision-215x430.jpg","number-width":215,"number-height":430,"partner":"https:\/\/int.design\/wp-content\/uploads\/2021\/03\/10IMalo2017vision-105x210.jpg","partner-width":105,"partner-height":210,"ranking":"https:\/\/int.design\/wp-content\/uploads\/2021\/03\/10IMalo2017vision-960x540.jpg","ranking-width":960,"ranking-height":540,"schedule":"https:\/\/int.design\/wp-content\/uploads\/2021\/03\/10IMalo2017vision-960x360.jpg","schedule-width":960,"schedule-height":360,"slideshow":"https:\/\/int.design\/wp-content\/uploads\/2021\/03\/10IMalo2017vision-340x680.jpg","slideshow-width":340,"slideshow-height":680}},"filters":[1001,99,557],"suppliers":false,"attachment_category":[]}],"mandatory_documents":[{"name":"BIBLIOTHEQUE DE LONGUEUIL","file":{"ID":69223,"id":69223,"title":"BIBLIOTHEQUELONGUEUIL","filename":"BIBLIOTHEQUELONGUEUIL.docx","filesize":0,"url":"https:\/\/int.design\/wp-content\/uploads\/2021\/03\/BIBLIOTHEQUELONGUEUIL.docx","link":"https:\/\/int.design\/fr\/projets\/exposition-solo-malo-une-incursion-dans-le-monde-de-lart-design-dans-une-bibliotheque-municipale\/bibliothequelongueuil\/","alt":"","author":"659","description":"","caption":"","name":"bibliothequelongueuil","status":"inherit","uploaded_to":68532,"date":"2021-03-24 14:36:08","modified":"2021-03-24 14:36:09","menu_order":0,"mime_type":"application\/vnd.openxmlformats-officedocument.wordprocessingml.document","type":"application","subtype":"vnd.openxmlformats-officedocument.wordprocessingml.document","icon":"https:\/\/int.design\/wp-includes\/images\/media\/document.png"}}],"optional_documents":false,"web_text":{"fr":"<p>Le projet soumis \u00e0 la ville de Longueuil fut un dossier dont le titre : Une incursion dans le monde de l&#39;Art Design, consistait en une exposition solo de mes grandes toiles \u00e0 l&#39;huile de la s\u00e9rie Penthouse \u00e0 la biblioth\u00e8que de Longueuil. Le jury m&#39;ayant choisi, j&#39;ai donc eu la chance d&#39;exposer une dizaine de mes \u0153uvres pendant deux mois et ainsi offrir aux visiteurs, un aper\u00e7u de mon travail d&#39;artiste peintre et de designer.<br \/>\nCes grandes toiles sont le fruit d\u2019une d\u00e9marche de cr\u00e9ation qui englobent toutes les comp\u00e9tences et exp\u00e9riences accumul\u00e9es pendant 37 ans de pratique de designer et d\u2019artiste en Arts visuels. Orient\u00e9es vers le design d\u2019int\u00e9rieur, ces paysages de grands formats plongent les spectateurs dans des mondes architecturaux contemporains. On y retrouve des mobiliers, \u00e9clairages vari\u00e9s, personnages, sculptures qui cr\u00e9ent des ambiances parfois tr\u00e8s estomp\u00e9es, parfois crues, ou la mer est omnipr\u00e9sente, rappelant des souvenirs de vacances ou des voyages outremer.<br \/>\nC\u2019est aussi des ambiances ludiques, mais aussi un rappel p\u00e9dagogique des bases du dessin et d\u2019un jeu de perspectives parfois d\u00e9form\u00e9es volontairement ou les couleurs du spectre violet-rouge permettent des simulations de profondeur, lorsque associ\u00e9es \u00e0 des lunettes 3D.<br \/>\nCertaines des grandes toiles du mouvement expressionniste pr\u00e9sent\u00e9es \u00e0 la biblioth\u00e8que ont \u00e9t\u00e9 cr\u00e9\u00e9s pour des expositions nationales et internationales; comme le SIDIM, la foire de Monaco, Ibiza, et Chester(UK).<\/p>\n","en":"","original":""},"jury_text":[{"category":510,"fr":"<p>Le projet soumis \u00e0 la ville de Longueuil fut un dossier dont le titre : Une incursion dans le monde de l&#39;Art Design, consistait en une exposition solo de mes grandes toiles \u00e0 l&#39;huile de la s\u00e9rie Penthouse \u00e0 la biblioth\u00e8que de Longueuil. Le jury m&#39;ayant choisi, j&#39;ai donc eu la chance d&#39;exposer une dizaine de mes \u0153uvres pendant deux mois et ainsi offrir aux visiteurs, un aper\u00e7u de mon travail d&#39;artiste peintre et de designer.<br \/>\nCes grandes toiles sont le fruit d\u2019une d\u00e9marche de cr\u00e9ation qui englobent toutes les comp\u00e9tences et exp\u00e9riences accumul\u00e9es pendant 37 ans de pratique de designer et d\u2019artiste en Arts visuels. Orient\u00e9es vers le design d\u2019int\u00e9rieur, ces paysages de grands formats plongent les spectateurs dans des mondes architecturaux contemporains. On y retrouve des mobiliers, \u00e9clairages vari\u00e9s, personnages, sculptures qui cr\u00e9ent des ambiances parfois tr\u00e8s estomp\u00e9es, parfois crues, ou la mer est omnipr\u00e9sente, rappelant des souvenirs de vacances ou des voyages outremer.<br \/>\nC\u2019est aussi des ambiances ludiques, mais aussi un rappel p\u00e9dagogique des bases du dessin et d\u2019un jeu de perspectives parfois d\u00e9form\u00e9es volontairement ou les couleurs du spectre violet-rouge permettent des simulations de profondeur, lorsque associ\u00e9es \u00e0 des lunettes 3D.<br \/>\nCertaines des grandes toiles du mouvement expressionniste pr\u00e9sent\u00e9es \u00e0 la biblioth\u00e8que ont \u00e9t\u00e9 cr\u00e9\u00e9s pour des expositions nationales et internationales; comme le SIDIM, la foire de Monaco, Ibiza, et Chester(UK).<\/p>\n","en":"","original":""}],"different_jury_text":false,"different_category_text":false},"laureats":[],"contest_id":"6760","contest_title":"GRANDS PRIX DU DESIGN - 14th edition","firms":[{"name":"Malo","website":"I-Malo.com","category":"Autre","category_tax":false,"category_label":null}],"user":{"email":"isabmalo@gmail.com","first_name":"Isabelle","last_name":"Malo"},"doc_texts_web":{"fr":"","en":""},"permalinks":{"fr":"https:\/\/int.design\/fr\/projets\/exposition-solo-malo-une-incursion-dans-le-monde-de-lart-design-dans-une-bibliotheque-municipale\/","en":"https:\/\/int.design\/en\/projects\/exposition-solo-malo-une-incursion-dans-le-monde-de-lart-design-dans-une-bibliotheque-municipale\/"},"titles":{"fr":"Exposition solo Malo, Une incursion dans le monde de l\u2019Art Design dans une biblioth\u00e8que municipale","en":"Exposition solo Malo, Une incursion dans le monde de l\u2019Art Design dans une biblioth\u00e8que municipale"},"wp_fields":[],"laravel_id":""},"_links":{"self":[{"href":"https:\/\/int.design\/en\/wp-json\/wp\/v2\/project\/68533","targetHints":{"allow":["GET"]}}],"collection":[{"href":"https:\/\/int.design\/en\/wp-json\/wp\/v2\/project"}],"about":[{"href":"https:\/\/int.design\/en\/wp-json\/wp\/v2\/types\/project"}],"wp:attachment":[{"href":"https:\/\/int.design\/en\/wp-json\/wp\/v2\/media?parent=68533"}],"curies":[{"name":"wp","href":"https:\/\/api.w.org\/{rel}","templated":true}]}}