{"id":64171,"date":"2021-07-14T19:40:51","date_gmt":"2021-07-14T23:40:51","guid":{"rendered":"https:\/\/int.design\/?post_type=project&#038;p=64171"},"modified":"2021-07-16T13:49:53","modified_gmt":"2021-07-16T17:49:53","slug":"collections-de-portes-interieures-revolution-et-passion-de-portatec","status":"publish","type":"project","link":"https:\/\/int.design\/en\/projects\/collections-de-portes-interieures-revolution-et-passion-de-portatec\/","title":{"rendered":"Collections de portes int\u00e9rieures &#039;&#039;R\u00e9volution&#039;&#039; et &#039;&#039;Passion&#039;&#039; de Portatec"},"content":{"rendered":"","protected":false},"template":"","class_list":["post-64171","project","type-project","status-publish","hentry","project_category-industrial-design-product-design","project_category-architectural-product","project_category-industrial-design","project_category-special-awards-en","project_category-wood-feature-in-industrial-product-design"],"acf":[],"yoast_head":"<!-- This site is optimized with the Yoast SEO plugin v21.5 - https:\/\/yoast.com\/wordpress\/plugins\/seo\/ -->\n<title>Collections de portes int\u00e9rieures &#039;&#039;R\u00e9volution&#039;&#039; et &#039;&#039;Passion&#039;&#039; de Portatec - INT Design<\/title>\n<meta name=\"robots\" content=\"index, follow, max-snippet:-1, max-image-preview:large, max-video-preview:-1\" \/>\n<link rel=\"canonical\" href=\"https:\/\/int.design\/en\/projects\/collections-de-portes-interieures-revolution-et-passion-de-portatec\/\" \/>\n<meta property=\"og:locale\" content=\"en_US\" \/>\n<meta property=\"og:type\" content=\"article\" \/>\n<meta property=\"og:title\" content=\"Collections de portes int\u00e9rieures &#039;&#039;R\u00e9volution&#039;&#039; et &#039;&#039;Passion&#039;&#039; de Portatec - INT Design\" \/>\n<meta property=\"og:url\" content=\"https:\/\/int.design\/en\/projects\/collections-de-portes-interieures-revolution-et-passion-de-portatec\/\" \/>\n<meta property=\"og:site_name\" content=\"INT Design\" \/>\n<meta property=\"article:modified_time\" content=\"2021-07-16T17:49:53+00:00\" \/>\n<meta name=\"twitter:card\" content=\"summary_large_image\" \/>\n<script type=\"application\/ld+json\" class=\"yoast-schema-graph\">{\"@context\":\"https:\/\/schema.org\",\"@graph\":[{\"@type\":\"WebPage\",\"@id\":\"https:\/\/int.design\/en\/projects\/collections-de-portes-interieures-revolution-et-passion-de-portatec\/\",\"url\":\"https:\/\/int.design\/en\/projects\/collections-de-portes-interieures-revolution-et-passion-de-portatec\/\",\"name\":\"Collections de portes int\u00e9rieures &#039;&#039;R\u00e9volution&#039;&#039; et &#039;&#039;Passion&#039;&#039; de Portatec - INT Design\",\"isPartOf\":{\"@id\":\"https:\/\/int.design\/fr\/#website\"},\"datePublished\":\"2021-07-14T23:40:51+00:00\",\"dateModified\":\"2021-07-16T17:49:53+00:00\",\"breadcrumb\":{\"@id\":\"https:\/\/int.design\/en\/projects\/collections-de-portes-interieures-revolution-et-passion-de-portatec\/#breadcrumb\"},\"inLanguage\":\"en-US\",\"potentialAction\":[{\"@type\":\"ReadAction\",\"target\":[\"https:\/\/int.design\/en\/projects\/collections-de-portes-interieures-revolution-et-passion-de-portatec\/\"]}]},{\"@type\":\"BreadcrumbList\",\"@id\":\"https:\/\/int.design\/en\/projects\/collections-de-portes-interieures-revolution-et-passion-de-portatec\/#breadcrumb\",\"itemListElement\":[{\"@type\":\"ListItem\",\"position\":1,\"name\":\"Home\",\"item\":\"https:\/\/int.design\/en\/\"},{\"@type\":\"ListItem\",\"position\":2,\"name\":\"Projects\",\"item\":\"https:\/\/int.design\/en\/projects\/\"},{\"@type\":\"ListItem\",\"position\":3,\"name\":\"Collections de portes int\u00e9rieures &#039;&#039;R\u00e9volution&#039;&#039; et &#039;&#039;Passion&#039;&#039; de Portatec\"}]},{\"@type\":\"WebSite\",\"@id\":\"https:\/\/int.design\/fr\/#website\",\"url\":\"https:\/\/int.design\/fr\/\",\"name\":\"INT Design\",\"description\":\"\",\"potentialAction\":[{\"@type\":\"SearchAction\",\"target\":{\"@type\":\"EntryPoint\",\"urlTemplate\":\"https:\/\/int.design\/fr\/?s={search_term_string}\"},\"query-input\":\"required name=search_term_string\"}],\"inLanguage\":\"en-US\"}]}<\/script>\n<!-- \/ Yoast SEO plugin. -->","yoast_head_json":{"title":"Collections de portes int\u00e9rieures &#039;&#039;R\u00e9volution&#039;&#039; et &#039;&#039;Passion&#039;&#039; de Portatec - INT Design","robots":{"index":"index","follow":"follow","max-snippet":"max-snippet:-1","max-image-preview":"max-image-preview:large","max-video-preview":"max-video-preview:-1"},"canonical":"https:\/\/int.design\/en\/projects\/collections-de-portes-interieures-revolution-et-passion-de-portatec\/","og_locale":"en_US","og_type":"article","og_title":"Collections de portes int\u00e9rieures &#039;&#039;R\u00e9volution&#039;&#039; et &#039;&#039;Passion&#039;&#039; de Portatec - INT Design","og_url":"https:\/\/int.design\/en\/projects\/collections-de-portes-interieures-revolution-et-passion-de-portatec\/","og_site_name":"INT Design","article_modified_time":"2021-07-16T17:49:53+00:00","twitter_card":"summary_large_image","schema":{"@context":"https:\/\/schema.org","@graph":[{"@type":"WebPage","@id":"https:\/\/int.design\/en\/projects\/collections-de-portes-interieures-revolution-et-passion-de-portatec\/","url":"https:\/\/int.design\/en\/projects\/collections-de-portes-interieures-revolution-et-passion-de-portatec\/","name":"Collections de portes int\u00e9rieures &#039;&#039;R\u00e9volution&#039;&#039; et &#039;&#039;Passion&#039;&#039; de Portatec - INT Design","isPartOf":{"@id":"https:\/\/int.design\/fr\/#website"},"datePublished":"2021-07-14T23:40:51+00:00","dateModified":"2021-07-16T17:49:53+00:00","breadcrumb":{"@id":"https:\/\/int.design\/en\/projects\/collections-de-portes-interieures-revolution-et-passion-de-portatec\/#breadcrumb"},"inLanguage":"en-US","potentialAction":[{"@type":"ReadAction","target":["https:\/\/int.design\/en\/projects\/collections-de-portes-interieures-revolution-et-passion-de-portatec\/"]}]},{"@type":"BreadcrumbList","@id":"https:\/\/int.design\/en\/projects\/collections-de-portes-interieures-revolution-et-passion-de-portatec\/#breadcrumb","itemListElement":[{"@type":"ListItem","position":1,"name":"Home","item":"https:\/\/int.design\/en\/"},{"@type":"ListItem","position":2,"name":"Projects","item":"https:\/\/int.design\/en\/projects\/"},{"@type":"ListItem","position":3,"name":"Collections de portes int\u00e9rieures &#039;&#039;R\u00e9volution&#039;&#039; et &#039;&#039;Passion&#039;&#039; de Portatec"}]},{"@type":"WebSite","@id":"https:\/\/int.design\/fr\/#website","url":"https:\/\/int.design\/fr\/","name":"INT Design","description":"","potentialAction":[{"@type":"SearchAction","target":{"@type":"EntryPoint","urlTemplate":"https:\/\/int.design\/fr\/?s={search_term_string}"},"query-input":"required name=search_term_string"}],"inLanguage":"en-US"}]}},"entry":{"cats":{"disciplines":[{"id":353,"name":"Industrial Design &amp; Product Design"}],"big_cats":[{"id":753,"name":"Industrial Design"},{"id":770,"name":"Special Awards"}],"sub_cats":[{"id":763,"name":"Architectural Product","parent":753},{"id":356,"name":"Wood Featured in Industrial &amp; Product Design","parent":770}]},"entry":{"":null,"status":"ongoing","winner_title":"","winner_prize_lang":"","title_translatable":false,"title_en":"","title_fr":"","releve_award":false,"releve_award_cv":false,"collaboration":false,"collaboration_firms":false,"other_firms":[{"name":"Portatec","website":"www.portatecqc.com","category":"Manufacturier - Distributeur","category_tax":false}],"owner":{"name":"","confidential":false,"website":"","contact_name":"","email":"","phone":""},"address":{"address":"","city":"","region":"Mont\u00e9r\u00e9gie","province":"QC","country":"","postal_code":""},"logos":false,"use_logo":false,"designers":[{"name":"Catherine Houle","credit":"","image":{"ID":64178,"id":64178,"title":"IMG_0639","filename":"IMG_0639-scaled.jpg","filesize":0,"url":"https:\/\/int.design\/wp-content\/uploads\/2021\/02\/IMG_0639-scaled.jpg","link":"https:\/\/int.design\/fr\/projets\/collections-de-portes-interieures-revolution-et-passion-de-portatec\/img_0639\/","alt":"","author":"758","description":"","caption":"","name":"img_0639","status":"inherit","uploaded_to":64170,"date":"2021-02-27 20:40:21","modified":"2021-02-27 20:41:06","menu_order":0,"mime_type":"image\/jpeg","type":"image","subtype":"jpeg","icon":"https:\/\/int.design\/wp-includes\/images\/media\/default.png","width":2560,"height":1707,"sizes":{"thumbnail":"https:\/\/int.design\/wp-content\/uploads\/2021\/02\/IMG_0639-150x150.jpg","thumbnail-width":150,"thumbnail-height":150,"medium":"https:\/\/int.design\/wp-content\/uploads\/2021\/02\/IMG_0639-300x200.jpg","medium-width":300,"medium-height":200,"medium_large":"https:\/\/int.design\/wp-content\/uploads\/2021\/02\/IMG_0639-768x512.jpg","medium_large-width":768,"medium_large-height":512,"large":"https:\/\/int.design\/wp-content\/uploads\/2021\/02\/IMG_0639-1024x683.jpg","large-width":1024,"large-height":683,"1536x1536":"https:\/\/int.design\/wp-content\/uploads\/2021\/02\/IMG_0639-1536x1024.jpg","1536x1536-width":1536,"1536x1536-height":1024,"2048x2048":"https:\/\/int.design\/wp-content\/uploads\/2021\/02\/IMG_0639-2048x1365.jpg","2048x2048-width":2048,"2048x2048-height":1365,"article":"https:\/\/int.design\/wp-content\/uploads\/2021\/02\/IMG_0639-960x540.jpg","article-width":960,"article-height":540,"banner":"https:\/\/int.design\/wp-content\/uploads\/2021\/02\/IMG_0639-1920x1280.jpg","banner-width":1920,"banner-height":1280,"block":"https:\/\/int.design\/wp-content\/uploads\/2021\/02\/IMG_0639-900x680.jpg","block-width":900,"block-height":680,"card":"https:\/\/int.design\/wp-content\/uploads\/2021\/02\/IMG_0639-560x495.jpg","card-width":560,"card-height":495,"card-thumbnail":"https:\/\/int.design\/wp-content\/uploads\/2021\/02\/IMG_0639-450x340.jpg","card-thumbnail-width":450,"card-thumbnail-height":340,"conference":"https:\/\/int.design\/wp-content\/uploads\/2021\/02\/IMG_0639-560x250.jpg","conference-width":560,"conference-height":250,"contest":"https:\/\/int.design\/wp-content\/uploads\/2021\/02\/IMG_0639-960x400.jpg","contest-width":960,"contest-height":400,"cta":"https:\/\/int.design\/wp-content\/uploads\/2021\/02\/IMG_0639-415x170.jpg","cta-width":415,"cta-height":170,"exhibitor":"https:\/\/int.design\/wp-content\/uploads\/2021\/02\/IMG_0639-560x560.jpg","exhibitor-width":560,"exhibitor-height":560,"gallery":"https:\/\/int.design\/wp-content\/uploads\/2021\/02\/IMG_0639-560x373.jpg","gallery-width":560,"gallery-height":373,"logo":"https:\/\/int.design\/wp-content\/uploads\/2021\/02\/IMG_0639-150x100.jpg","logo-width":150,"logo-height":100,"masonry":"https:\/\/int.design\/wp-content\/uploads\/2021\/02\/IMG_0639-550x367.jpg","masonry-width":550,"masonry-height":367,"modal":"https:\/\/int.design\/wp-content\/uploads\/2021\/02\/IMG_0639-1920x1280.jpg","modal-width":1920,"modal-height":1280,"number":"https:\/\/int.design\/wp-content\/uploads\/2021\/02\/IMG_0639-560x373.jpg","number-width":560,"number-height":373,"partner":"https:\/\/int.design\/wp-content\/uploads\/2021\/02\/IMG_0639-275x183.jpg","partner-width":275,"partner-height":183,"ranking":"https:\/\/int.design\/wp-content\/uploads\/2021\/02\/IMG_0639-960x540.jpg","ranking-width":960,"ranking-height":540,"schedule":"https:\/\/int.design\/wp-content\/uploads\/2021\/02\/IMG_0639-960x360.jpg","schedule-width":960,"schedule-height":360,"slideshow":"https:\/\/int.design\/wp-content\/uploads\/2021\/02\/IMG_0639-1020x680.jpg","slideshow-width":1020,"slideshow-height":680}},"file":{"ID":66404,"id":66404,"title":"biographie","filename":"biographie.docx","filesize":0,"url":"https:\/\/int.design\/wp-content\/uploads\/2021\/03\/biographie.docx","link":"https:\/\/int.design\/fr\/projets\/collections-de-portes-interieures-revolution-et-passion-de-portatec\/biographie-3\/","alt":"","author":"758","description":"","caption":"","name":"biographie-3","status":"inherit","uploaded_to":64170,"date":"2021-03-12 16:26:24","modified":"2021-03-12 16:27:07","menu_order":0,"mime_type":"application\/vnd.openxmlformats-officedocument.wordprocessingml.document","type":"application","subtype":"vnd.openxmlformats-officedocument.wordprocessingml.document","icon":"https:\/\/int.design\/wp-includes\/images\/media\/document.png"}}],"cover":[{"categories":[231,236],"credit":"","image":{"ID":64179,"id":64179,"title":"PA-NOYER-H_Ambiance-Vernis-clair","filename":"PA-NOYER-H_Ambiance-Vernis-clair.jpg","filesize":0,"url":"https:\/\/d2q6z78khxmx42.cloudfront.net\/2021\/02\/PA-NOYER-H_Ambiance-Vernis-clair.jpg","link":"https:\/\/int.design\/fr\/projets\/collections-de-portes-interieures-revolution-et-passion-de-portatec\/pa-noyer-h_ambiance-vernis-clair\/","alt":"","author":"758","description":"Collections de portes int\u00e9rieures &#039;&#039;R\u00e9volution&#039;&#039; et &#039;&#039;Passion&#039;&#039; de Portatec Portatec Portatec","caption":"","name":"pa-noyer-h_ambiance-vernis-clair","status":"inherit","uploaded_to":64170,"date":"2021-02-27 20:40:33","modified":"2022-02-08 12:31:15","menu_order":0,"mime_type":"image\/jpeg","type":"image","subtype":"jpeg","icon":"https:\/\/int.design\/wp-includes\/images\/media\/default.png","width":902,"height":1038,"sizes":{"thumbnail":"https:\/\/d2q6z78khxmx42.cloudfront.net\/2021\/02\/PA-NOYER-H_Ambiance-Vernis-clair-150x150.jpg","thumbnail-width":150,"thumbnail-height":150,"medium":"https:\/\/d2q6z78khxmx42.cloudfront.net\/2021\/02\/PA-NOYER-H_Ambiance-Vernis-clair-261x300.jpg","medium-width":261,"medium-height":300,"medium_large":"https:\/\/d2q6z78khxmx42.cloudfront.net\/2021\/02\/PA-NOYER-H_Ambiance-Vernis-clair-768x884.jpg","medium_large-width":768,"medium_large-height":884,"large":"https:\/\/d2q6z78khxmx42.cloudfront.net\/2021\/02\/PA-NOYER-H_Ambiance-Vernis-clair-890x1024.jpg","large-width":890,"large-height":1024,"1536x1536":"https:\/\/d2q6z78khxmx42.cloudfront.net\/2021\/02\/PA-NOYER-H_Ambiance-Vernis-clair.jpg","1536x1536-width":902,"1536x1536-height":1038,"2048x2048":"https:\/\/d2q6z78khxmx42.cloudfront.net\/2021\/02\/PA-NOYER-H_Ambiance-Vernis-clair.jpg","2048x2048-width":902,"2048x2048-height":1038,"article":"https:\/\/d2q6z78khxmx42.cloudfront.net\/2021\/02\/PA-NOYER-H_Ambiance-Vernis-clair-902x540.jpg","article-width":902,"article-height":540,"banner":"https:\/\/d2q6z78khxmx42.cloudfront.net\/2021\/02\/PA-NOYER-H_Ambiance-Vernis-clair.jpg","banner-width":902,"banner-height":1038,"block":"https:\/\/d2q6z78khxmx42.cloudfront.net\/2021\/02\/PA-NOYER-H_Ambiance-Vernis-clair-900x680.jpg","block-width":900,"block-height":680,"card":"https:\/\/d2q6z78khxmx42.cloudfront.net\/2021\/02\/PA-NOYER-H_Ambiance-Vernis-clair-560x495.jpg","card-width":560,"card-height":495,"card-thumbnail":"https:\/\/d2q6z78khxmx42.cloudfront.net\/2021\/02\/PA-NOYER-H_Ambiance-Vernis-clair-450x340.jpg","card-thumbnail-width":450,"card-thumbnail-height":340,"conference":"https:\/\/d2q6z78khxmx42.cloudfront.net\/2021\/02\/PA-NOYER-H_Ambiance-Vernis-clair-560x250.jpg","conference-width":560,"conference-height":250,"contest":"https:\/\/d2q6z78khxmx42.cloudfront.net\/2021\/02\/PA-NOYER-H_Ambiance-Vernis-clair-902x400.jpg","contest-width":902,"contest-height":400,"cta":"https:\/\/d2q6z78khxmx42.cloudfront.net\/2021\/02\/PA-NOYER-H_Ambiance-Vernis-clair-415x170.jpg","cta-width":415,"cta-height":170,"exhibitor":"https:\/\/d2q6z78khxmx42.cloudfront.net\/2021\/02\/PA-NOYER-H_Ambiance-Vernis-clair-560x560.jpg","exhibitor-width":560,"exhibitor-height":560,"gallery":"https:\/\/d2q6z78khxmx42.cloudfront.net\/2021\/02\/PA-NOYER-H_Ambiance-Vernis-clair-374x430.jpg","gallery-width":374,"gallery-height":430,"logo":"https:\/\/d2q6z78khxmx42.cloudfront.net\/2021\/02\/PA-NOYER-H_Ambiance-Vernis-clair-87x100.jpg","logo-width":87,"logo-height":100,"masonry":"https:\/\/d2q6z78khxmx42.cloudfront.net\/2021\/02\/PA-NOYER-H_Ambiance-Vernis-clair-550x633.jpg","masonry-width":550,"masonry-height":633,"modal":"https:\/\/d2q6z78khxmx42.cloudfront.net\/2021\/02\/PA-NOYER-H_Ambiance-Vernis-clair.jpg","modal-width":902,"modal-height":1038,"number":"https:\/\/d2q6z78khxmx42.cloudfront.net\/2021\/02\/8E3Ppp7b-PA-NOYER-H_Ambiance-Vernis-clair-374x430.jpg","number-width":374,"number-height":430,"partner":"https:\/\/d2q6z78khxmx42.cloudfront.net\/2021\/02\/PA-NOYER-H_Ambiance-Vernis-clair-182x210.jpg","partner-width":182,"partner-height":210,"ranking":"https:\/\/d2q6z78khxmx42.cloudfront.net\/2021\/02\/8E3Ppp7b-PA-NOYER-H_Ambiance-Vernis-clair-902x540.jpg","ranking-width":902,"ranking-height":540,"schedule":"https:\/\/d2q6z78khxmx42.cloudfront.net\/2021\/02\/PA-NOYER-H_Ambiance-Vernis-clair-902x360.jpg","schedule-width":902,"schedule-height":360,"slideshow":"https:\/\/d2q6z78khxmx42.cloudfront.net\/2021\/02\/PA-NOYER-H_Ambiance-Vernis-clair-591x680.jpg","slideshow-width":591,"slideshow-height":680}},"filters":[30,111,23,112,114,24,856,83],"suppliers":[{"name":"porte int\u00e9rieure de la collection &#39;&#39;REVOLUTION&#39;&#39; de Portatec","website":"https:\/\/portatecqc.com\/categorie-produit\/portes-interieures-2019\/revolution\/","suppliers_products":[539]}],"attachment_category":{"83":"Bois","30":"Bureau \u00e0 domicile","111":"Chambre \u00e0 coucher","23":"Cuisine","112":"Entr\u00e9e - corridor - escalier","114":"Salle de bains","24":"Salon","856":"Sous-sol, salle de jeux, gym"}},{"categories":[231,236],"credit":"","image":{"ID":64180,"id":64180,"title":"RE-1_Ambiance--Blanc-nebuleux_Chene_Brun-marron","filename":"RE-1_Ambiance--Blanc-nebuleux_Chene_Brun-marron.jpg","filesize":0,"url":"https:\/\/d2q6z78khxmx42.cloudfront.net\/2021\/02\/RE-1_Ambiance--Blanc-nebuleux_Chene_Brun-marron.jpg","link":"https:\/\/int.design\/fr\/projets\/collections-de-portes-interieures-revolution-et-passion-de-portatec\/re-1_ambiance-blanc-nebuleux_chene_brun-marron\/","alt":"","author":"758","description":"Collections de portes int\u00e9rieures &#039;&#039;R\u00e9volution&#039;&#039; et &#039;&#039;Passion&#039;&#039; de Portatec Portatec Portatec","caption":"","name":"re-1_ambiance-blanc-nebuleux_chene_brun-marron","status":"inherit","uploaded_to":64170,"date":"2021-02-27 20:40:35","modified":"2022-02-08 12:31:15","menu_order":0,"mime_type":"image\/jpeg","type":"image","subtype":"jpeg","icon":"https:\/\/int.design\/wp-includes\/images\/media\/default.png","width":902,"height":1038,"sizes":{"thumbnail":"https:\/\/d2q6z78khxmx42.cloudfront.net\/2021\/02\/RE-1_Ambiance--Blanc-nebuleux_Chene_Brun-marron-150x150.jpg","thumbnail-width":150,"thumbnail-height":150,"medium":"https:\/\/d2q6z78khxmx42.cloudfront.net\/2021\/02\/RE-1_Ambiance--Blanc-nebuleux_Chene_Brun-marron-261x300.jpg","medium-width":261,"medium-height":300,"medium_large":"https:\/\/d2q6z78khxmx42.cloudfront.net\/2021\/02\/RE-1_Ambiance--Blanc-nebuleux_Chene_Brun-marron-768x884.jpg","medium_large-width":768,"medium_large-height":884,"large":"https:\/\/d2q6z78khxmx42.cloudfront.net\/2021\/02\/RE-1_Ambiance--Blanc-nebuleux_Chene_Brun-marron-890x1024.jpg","large-width":890,"large-height":1024,"1536x1536":"https:\/\/d2q6z78khxmx42.cloudfront.net\/2021\/02\/RE-1_Ambiance--Blanc-nebuleux_Chene_Brun-marron.jpg","1536x1536-width":902,"1536x1536-height":1038,"2048x2048":"https:\/\/d2q6z78khxmx42.cloudfront.net\/2021\/02\/RE-1_Ambiance--Blanc-nebuleux_Chene_Brun-marron.jpg","2048x2048-width":902,"2048x2048-height":1038,"article":"https:\/\/d2q6z78khxmx42.cloudfront.net\/2021\/02\/RE-1_Ambiance--Blanc-nebuleux_Chene_Brun-marron-902x540.jpg","article-width":902,"article-height":540,"banner":"https:\/\/d2q6z78khxmx42.cloudfront.net\/2021\/02\/RE-1_Ambiance--Blanc-nebuleux_Chene_Brun-marron.jpg","banner-width":902,"banner-height":1038,"block":"https:\/\/d2q6z78khxmx42.cloudfront.net\/2021\/02\/RE-1_Ambiance--Blanc-nebuleux_Chene_Brun-marron-900x680.jpg","block-width":900,"block-height":680,"card":"https:\/\/d2q6z78khxmx42.cloudfront.net\/2021\/02\/RE-1_Ambiance--Blanc-nebuleux_Chene_Brun-marron-560x495.jpg","card-width":560,"card-height":495,"card-thumbnail":"https:\/\/d2q6z78khxmx42.cloudfront.net\/2021\/02\/RE-1_Ambiance--Blanc-nebuleux_Chene_Brun-marron-450x340.jpg","card-thumbnail-width":450,"card-thumbnail-height":340,"conference":"https:\/\/d2q6z78khxmx42.cloudfront.net\/2021\/02\/RE-1_Ambiance--Blanc-nebuleux_Chene_Brun-marron-560x250.jpg","conference-width":560,"conference-height":250,"contest":"https:\/\/d2q6z78khxmx42.cloudfront.net\/2021\/02\/RE-1_Ambiance--Blanc-nebuleux_Chene_Brun-marron-902x400.jpg","contest-width":902,"contest-height":400,"cta":"https:\/\/d2q6z78khxmx42.cloudfront.net\/2021\/02\/RE-1_Ambiance--Blanc-nebuleux_Chene_Brun-marron-415x170.jpg","cta-width":415,"cta-height":170,"exhibitor":"https:\/\/d2q6z78khxmx42.cloudfront.net\/2021\/02\/RE-1_Ambiance--Blanc-nebuleux_Chene_Brun-marron-560x560.jpg","exhibitor-width":560,"exhibitor-height":560,"gallery":"https:\/\/d2q6z78khxmx42.cloudfront.net\/2021\/02\/RE-1_Ambiance--Blanc-nebuleux_Chene_Brun-marron-374x430.jpg","gallery-width":374,"gallery-height":430,"logo":"https:\/\/d2q6z78khxmx42.cloudfront.net\/2021\/02\/RE-1_Ambiance--Blanc-nebuleux_Chene_Brun-marron-87x100.jpg","logo-width":87,"logo-height":100,"masonry":"https:\/\/d2q6z78khxmx42.cloudfront.net\/2021\/02\/RE-1_Ambiance--Blanc-nebuleux_Chene_Brun-marron-550x633.jpg","masonry-width":550,"masonry-height":633,"modal":"https:\/\/d2q6z78khxmx42.cloudfront.net\/2021\/02\/RE-1_Ambiance--Blanc-nebuleux_Chene_Brun-marron.jpg","modal-width":902,"modal-height":1038,"number":"https:\/\/d2q6z78khxmx42.cloudfront.net\/2021\/02\/JdTYBpYX-RE-1_Ambiance--Blanc-nebuleux_Chene_Brun-marron-374x430.jpg","number-width":374,"number-height":430,"partner":"https:\/\/d2q6z78khxmx42.cloudfront.net\/2021\/02\/RE-1_Ambiance--Blanc-nebuleux_Chene_Brun-marron-182x210.jpg","partner-width":182,"partner-height":210,"ranking":"https:\/\/d2q6z78khxmx42.cloudfront.net\/2021\/02\/JdTYBpYX-RE-1_Ambiance--Blanc-nebuleux_Chene_Brun-marron-902x540.jpg","ranking-width":902,"ranking-height":540,"schedule":"https:\/\/d2q6z78khxmx42.cloudfront.net\/2021\/02\/RE-1_Ambiance--Blanc-nebuleux_Chene_Brun-marron-902x360.jpg","schedule-width":902,"schedule-height":360,"slideshow":"https:\/\/d2q6z78khxmx42.cloudfront.net\/2021\/02\/RE-1_Ambiance--Blanc-nebuleux_Chene_Brun-marron-591x680.jpg","slideshow-width":591,"slideshow-height":680}},"filters":[30,111,23,112,113,114,24,856,83],"suppliers":false,"attachment_category":{"83":"Bois","30":"Bureau \u00e0 domicile","111":"Chambre \u00e0 coucher","23":"Cuisine","112":"Entr\u00e9e - corridor - escalier","113":"Salle \u00e0 manger","114":"Salle de bains","24":"Salon","856":"Sous-sol, salle de jeux, gym"}}],"images":[{"categories":[231,236],"credit":"","image":{"ID":64181,"id":64181,"title":"PA-Ebene_rail-deco","filename":"PA-Ebene_rail-deco.jpg","filesize":0,"url":"https:\/\/d2q6z78khxmx42.cloudfront.net\/2021\/02\/PA-Ebene_rail-deco.jpg","link":"https:\/\/int.design\/fr\/projets\/collections-de-portes-interieures-revolution-et-passion-de-portatec\/pa-ebene_rail-deco\/","alt":"","author":"758","description":"Collections de portes int\u00e9rieures &#039;&#039;R\u00e9volution&#039;&#039; et &#039;&#039;Passion&#039;&#039; de Portatec Portatec Portatec","caption":"","name":"pa-ebene_rail-deco","status":"inherit","uploaded_to":64170,"date":"2021-02-27 20:40:38","modified":"2022-02-08 12:31:15","menu_order":0,"mime_type":"image\/jpeg","type":"image","subtype":"jpeg","icon":"https:\/\/int.design\/wp-includes\/images\/media\/default.png","width":1800,"height":1201,"sizes":{"thumbnail":"https:\/\/d2q6z78khxmx42.cloudfront.net\/2021\/02\/PA-Ebene_rail-deco-150x150.jpg","thumbnail-width":150,"thumbnail-height":150,"medium":"https:\/\/d2q6z78khxmx42.cloudfront.net\/2021\/02\/PA-Ebene_rail-deco-300x200.jpg","medium-width":300,"medium-height":200,"medium_large":"https:\/\/d2q6z78khxmx42.cloudfront.net\/2021\/02\/PA-Ebene_rail-deco-768x512.jpg","medium_large-width":768,"medium_large-height":512,"large":"https:\/\/d2q6z78khxmx42.cloudfront.net\/2021\/02\/PA-Ebene_rail-deco-1024x683.jpg","large-width":1024,"large-height":683,"1536x1536":"https:\/\/d2q6z78khxmx42.cloudfront.net\/2021\/02\/PA-Ebene_rail-deco-1536x1025.jpg","1536x1536-width":1536,"1536x1536-height":1025,"2048x2048":"https:\/\/d2q6z78khxmx42.cloudfront.net\/2021\/02\/PA-Ebene_rail-deco.jpg","2048x2048-width":1800,"2048x2048-height":1201,"article":"https:\/\/d2q6z78khxmx42.cloudfront.net\/2021\/02\/PA-Ebene_rail-deco-960x540.jpg","article-width":960,"article-height":540,"banner":"https:\/\/d2q6z78khxmx42.cloudfront.net\/2021\/02\/PA-Ebene_rail-deco.jpg","banner-width":1800,"banner-height":1201,"block":"https:\/\/d2q6z78khxmx42.cloudfront.net\/2021\/02\/PA-Ebene_rail-deco-900x680.jpg","block-width":900,"block-height":680,"card":"https:\/\/d2q6z78khxmx42.cloudfront.net\/2021\/02\/PA-Ebene_rail-deco-560x495.jpg","card-width":560,"card-height":495,"card-thumbnail":"https:\/\/d2q6z78khxmx42.cloudfront.net\/2021\/02\/PA-Ebene_rail-deco-450x340.jpg","card-thumbnail-width":450,"card-thumbnail-height":340,"conference":"https:\/\/d2q6z78khxmx42.cloudfront.net\/2021\/02\/PA-Ebene_rail-deco-560x250.jpg","conference-width":560,"conference-height":250,"contest":"https:\/\/d2q6z78khxmx42.cloudfront.net\/2021\/02\/PA-Ebene_rail-deco-960x400.jpg","contest-width":960,"contest-height":400,"cta":"https:\/\/d2q6z78khxmx42.cloudfront.net\/2021\/02\/PA-Ebene_rail-deco-415x170.jpg","cta-width":415,"cta-height":170,"exhibitor":"https:\/\/d2q6z78khxmx42.cloudfront.net\/2021\/02\/PA-Ebene_rail-deco-560x560.jpg","exhibitor-width":560,"exhibitor-height":560,"gallery":"https:\/\/d2q6z78khxmx42.cloudfront.net\/2021\/02\/PA-Ebene_rail-deco-560x374.jpg","gallery-width":560,"gallery-height":374,"logo":"https:\/\/d2q6z78khxmx42.cloudfront.net\/2021\/02\/PA-Ebene_rail-deco-150x100.jpg","logo-width":150,"logo-height":100,"masonry":"https:\/\/d2q6z78khxmx42.cloudfront.net\/2021\/02\/PA-Ebene_rail-deco-550x367.jpg","masonry-width":550,"masonry-height":367,"modal":"https:\/\/d2q6z78khxmx42.cloudfront.net\/2021\/02\/PA-Ebene_rail-deco.jpg","modal-width":1800,"modal-height":1201,"number":"https:\/\/d2q6z78khxmx42.cloudfront.net\/2021\/02\/ZKtCHOMz-PA-Ebene_rail-deco-560x374.jpg","number-width":560,"number-height":374,"partner":"https:\/\/d2q6z78khxmx42.cloudfront.net\/2021\/02\/PA-Ebene_rail-deco-275x183.jpg","partner-width":275,"partner-height":183,"ranking":"https:\/\/d2q6z78khxmx42.cloudfront.net\/2021\/02\/ZKtCHOMz-PA-Ebene_rail-deco-960x540.jpg","ranking-width":960,"ranking-height":540,"schedule":"https:\/\/d2q6z78khxmx42.cloudfront.net\/2021\/02\/PA-Ebene_rail-deco-960x360.jpg","schedule-width":960,"schedule-height":360,"slideshow":"https:\/\/d2q6z78khxmx42.cloudfront.net\/2021\/02\/PA-Ebene_rail-deco-1019x680.jpg","slideshow-width":1019,"slideshow-height":680}},"filters":[30,111,23,112,113,114,24,856],"suppliers":[{"name":"porte int\u00e9rieure de la collection &#39;&#39;REVOLUTION&#39;&#39; de Portatec","website":"https:\/\/portatecqc.com\/categorie-produit\/portes-interieures-2019\/revolution\/","suppliers_products":[539]}],"attachment_category":[]},{"categories":[231,236],"credit":"","image":{"ID":64182,"id":64182,"title":"PA-I-1_Ambiance_Erable_Gris-perle","filename":"PA-I-1_Ambiance_Erable_Gris-perle.jpg","filesize":0,"url":"https:\/\/d2q6z78khxmx42.cloudfront.net\/2021\/02\/PA-I-1_Ambiance_Erable_Gris-perle.jpg","link":"https:\/\/int.design\/fr\/projets\/collections-de-portes-interieures-revolution-et-passion-de-portatec\/pa-i-1_ambiance_erable_gris-perle\/","alt":"","author":"758","description":"Collections de portes int\u00e9rieures &#039;&#039;R\u00e9volution&#039;&#039; et &#039;&#039;Passion&#039;&#039; de Portatec Portatec Portatec","caption":"","name":"pa-i-1_ambiance_erable_gris-perle","status":"inherit","uploaded_to":64170,"date":"2021-02-27 20:40:42","modified":"2022-02-08 12:31:15","menu_order":0,"mime_type":"image\/jpeg","type":"image","subtype":"jpeg","icon":"https:\/\/int.design\/wp-includes\/images\/media\/default.png","width":902,"height":1038,"sizes":{"thumbnail":"https:\/\/d2q6z78khxmx42.cloudfront.net\/2021\/02\/PA-I-1_Ambiance_Erable_Gris-perle-150x150.jpg","thumbnail-width":150,"thumbnail-height":150,"medium":"https:\/\/d2q6z78khxmx42.cloudfront.net\/2021\/02\/PA-I-1_Ambiance_Erable_Gris-perle-261x300.jpg","medium-width":261,"medium-height":300,"medium_large":"https:\/\/d2q6z78khxmx42.cloudfront.net\/2021\/02\/PA-I-1_Ambiance_Erable_Gris-perle-768x884.jpg","medium_large-width":768,"medium_large-height":884,"large":"https:\/\/d2q6z78khxmx42.cloudfront.net\/2021\/02\/PA-I-1_Ambiance_Erable_Gris-perle-890x1024.jpg","large-width":890,"large-height":1024,"1536x1536":"https:\/\/d2q6z78khxmx42.cloudfront.net\/2021\/02\/PA-I-1_Ambiance_Erable_Gris-perle.jpg","1536x1536-width":902,"1536x1536-height":1038,"2048x2048":"https:\/\/d2q6z78khxmx42.cloudfront.net\/2021\/02\/PA-I-1_Ambiance_Erable_Gris-perle.jpg","2048x2048-width":902,"2048x2048-height":1038,"article":"https:\/\/d2q6z78khxmx42.cloudfront.net\/2021\/02\/PA-I-1_Ambiance_Erable_Gris-perle-902x540.jpg","article-width":902,"article-height":540,"banner":"https:\/\/d2q6z78khxmx42.cloudfront.net\/2021\/02\/PA-I-1_Ambiance_Erable_Gris-perle.jpg","banner-width":902,"banner-height":1038,"block":"https:\/\/d2q6z78khxmx42.cloudfront.net\/2021\/02\/PA-I-1_Ambiance_Erable_Gris-perle-900x680.jpg","block-width":900,"block-height":680,"card":"https:\/\/d2q6z78khxmx42.cloudfront.net\/2021\/02\/PA-I-1_Ambiance_Erable_Gris-perle-560x495.jpg","card-width":560,"card-height":495,"card-thumbnail":"https:\/\/d2q6z78khxmx42.cloudfront.net\/2021\/02\/PA-I-1_Ambiance_Erable_Gris-perle-450x340.jpg","card-thumbnail-width":450,"card-thumbnail-height":340,"conference":"https:\/\/d2q6z78khxmx42.cloudfront.net\/2021\/02\/PA-I-1_Ambiance_Erable_Gris-perle-560x250.jpg","conference-width":560,"conference-height":250,"contest":"https:\/\/d2q6z78khxmx42.cloudfront.net\/2021\/02\/PA-I-1_Ambiance_Erable_Gris-perle-902x400.jpg","contest-width":902,"contest-height":400,"cta":"https:\/\/d2q6z78khxmx42.cloudfront.net\/2021\/02\/PA-I-1_Ambiance_Erable_Gris-perle-415x170.jpg","cta-width":415,"cta-height":170,"exhibitor":"https:\/\/d2q6z78khxmx42.cloudfront.net\/2021\/02\/PA-I-1_Ambiance_Erable_Gris-perle-560x560.jpg","exhibitor-width":560,"exhibitor-height":560,"gallery":"https:\/\/d2q6z78khxmx42.cloudfront.net\/2021\/02\/PA-I-1_Ambiance_Erable_Gris-perle-374x430.jpg","gallery-width":374,"gallery-height":430,"logo":"https:\/\/d2q6z78khxmx42.cloudfront.net\/2021\/02\/PA-I-1_Ambiance_Erable_Gris-perle-87x100.jpg","logo-width":87,"logo-height":100,"masonry":"https:\/\/d2q6z78khxmx42.cloudfront.net\/2021\/02\/PA-I-1_Ambiance_Erable_Gris-perle-550x633.jpg","masonry-width":550,"masonry-height":633,"modal":"https:\/\/d2q6z78khxmx42.cloudfront.net\/2021\/02\/PA-I-1_Ambiance_Erable_Gris-perle.jpg","modal-width":902,"modal-height":1038,"number":"https:\/\/d2q6z78khxmx42.cloudfront.net\/2021\/02\/AdgXMvyn-PA-I-1_Ambiance_Erable_Gris-perle-374x430.jpg","number-width":374,"number-height":430,"partner":"https:\/\/d2q6z78khxmx42.cloudfront.net\/2021\/02\/PA-I-1_Ambiance_Erable_Gris-perle-182x210.jpg","partner-width":182,"partner-height":210,"ranking":"https:\/\/d2q6z78khxmx42.cloudfront.net\/2021\/02\/AdgXMvyn-PA-I-1_Ambiance_Erable_Gris-perle-902x540.jpg","ranking-width":902,"ranking-height":540,"schedule":"https:\/\/d2q6z78khxmx42.cloudfront.net\/2021\/02\/PA-I-1_Ambiance_Erable_Gris-perle-902x360.jpg","schedule-width":902,"schedule-height":360,"slideshow":"https:\/\/d2q6z78khxmx42.cloudfront.net\/2021\/02\/PA-I-1_Ambiance_Erable_Gris-perle-591x680.jpg","slideshow-width":591,"slideshow-height":680}},"filters":[30,111,23,112,113,114,24,856,83],"suppliers":false,"attachment_category":[]},{"categories":[231,236],"credit":"","image":{"ID":64183,"id":64183,"title":"PA-I-3_Ambiance-Merisier_Gris-poivre-2","filename":"PA-I-3_Ambiance-Merisier_Gris-poivre-2.jpg","filesize":0,"url":"https:\/\/d2q6z78khxmx42.cloudfront.net\/2021\/02\/PA-I-3_Ambiance-Merisier_Gris-poivre-2.jpg","link":"https:\/\/int.design\/fr\/projets\/collections-de-portes-interieures-revolution-et-passion-de-portatec\/pa-i-3_ambiance-merisier_gris-poivre-2\/","alt":"","author":"758","description":"Collections de portes int\u00e9rieures &#039;&#039;R\u00e9volution&#039;&#039; et &#039;&#039;Passion&#039;&#039; de Portatec Portatec Portatec","caption":"","name":"pa-i-3_ambiance-merisier_gris-poivre-2","status":"inherit","uploaded_to":64170,"date":"2021-02-27 20:40:45","modified":"2022-02-08 12:31:15","menu_order":0,"mime_type":"image\/jpeg","type":"image","subtype":"jpeg","icon":"https:\/\/int.design\/wp-includes\/images\/media\/default.png","width":902,"height":1038,"sizes":{"thumbnail":"https:\/\/d2q6z78khxmx42.cloudfront.net\/2021\/02\/PA-I-3_Ambiance-Merisier_Gris-poivre-2-150x150.jpg","thumbnail-width":150,"thumbnail-height":150,"medium":"https:\/\/d2q6z78khxmx42.cloudfront.net\/2021\/02\/PA-I-3_Ambiance-Merisier_Gris-poivre-2-261x300.jpg","medium-width":261,"medium-height":300,"medium_large":"https:\/\/d2q6z78khxmx42.cloudfront.net\/2021\/02\/PA-I-3_Ambiance-Merisier_Gris-poivre-2-768x884.jpg","medium_large-width":768,"medium_large-height":884,"large":"https:\/\/d2q6z78khxmx42.cloudfront.net\/2021\/02\/PA-I-3_Ambiance-Merisier_Gris-poivre-2-890x1024.jpg","large-width":890,"large-height":1024,"1536x1536":"https:\/\/d2q6z78khxmx42.cloudfront.net\/2021\/02\/PA-I-3_Ambiance-Merisier_Gris-poivre-2.jpg","1536x1536-width":902,"1536x1536-height":1038,"2048x2048":"https:\/\/d2q6z78khxmx42.cloudfront.net\/2021\/02\/PA-I-3_Ambiance-Merisier_Gris-poivre-2.jpg","2048x2048-width":902,"2048x2048-height":1038,"article":"https:\/\/d2q6z78khxmx42.cloudfront.net\/2021\/02\/PA-I-3_Ambiance-Merisier_Gris-poivre-2-902x540.jpg","article-width":902,"article-height":540,"banner":"https:\/\/d2q6z78khxmx42.cloudfront.net\/2021\/02\/PA-I-3_Ambiance-Merisier_Gris-poivre-2.jpg","banner-width":902,"banner-height":1038,"block":"https:\/\/d2q6z78khxmx42.cloudfront.net\/2021\/02\/PA-I-3_Ambiance-Merisier_Gris-poivre-2-900x680.jpg","block-width":900,"block-height":680,"card":"https:\/\/d2q6z78khxmx42.cloudfront.net\/2021\/02\/PA-I-3_Ambiance-Merisier_Gris-poivre-2-560x495.jpg","card-width":560,"card-height":495,"card-thumbnail":"https:\/\/d2q6z78khxmx42.cloudfront.net\/2021\/02\/PA-I-3_Ambiance-Merisier_Gris-poivre-2-450x340.jpg","card-thumbnail-width":450,"card-thumbnail-height":340,"conference":"https:\/\/d2q6z78khxmx42.cloudfront.net\/2021\/02\/PA-I-3_Ambiance-Merisier_Gris-poivre-2-560x250.jpg","conference-width":560,"conference-height":250,"contest":"https:\/\/d2q6z78khxmx42.cloudfront.net\/2021\/02\/PA-I-3_Ambiance-Merisier_Gris-poivre-2-902x400.jpg","contest-width":902,"contest-height":400,"cta":"https:\/\/d2q6z78khxmx42.cloudfront.net\/2021\/02\/PA-I-3_Ambiance-Merisier_Gris-poivre-2-415x170.jpg","cta-width":415,"cta-height":170,"exhibitor":"https:\/\/d2q6z78khxmx42.cloudfront.net\/2021\/02\/PA-I-3_Ambiance-Merisier_Gris-poivre-2-560x560.jpg","exhibitor-width":560,"exhibitor-height":560,"gallery":"https:\/\/d2q6z78khxmx42.cloudfront.net\/2021\/02\/PA-I-3_Ambiance-Merisier_Gris-poivre-2-374x430.jpg","gallery-width":374,"gallery-height":430,"logo":"https:\/\/d2q6z78khxmx42.cloudfront.net\/2021\/02\/PA-I-3_Ambiance-Merisier_Gris-poivre-2-87x100.jpg","logo-width":87,"logo-height":100,"masonry":"https:\/\/d2q6z78khxmx42.cloudfront.net\/2021\/02\/PA-I-3_Ambiance-Merisier_Gris-poivre-2-550x633.jpg","masonry-width":550,"masonry-height":633,"modal":"https:\/\/d2q6z78khxmx42.cloudfront.net\/2021\/02\/PA-I-3_Ambiance-Merisier_Gris-poivre-2.jpg","modal-width":902,"modal-height":1038,"number":"https:\/\/d2q6z78khxmx42.cloudfront.net\/2021\/02\/LCRxYIO7-PA-I-3_Ambiance-Merisier_Gris-poivre-2-374x430.jpg","number-width":374,"number-height":430,"partner":"https:\/\/d2q6z78khxmx42.cloudfront.net\/2021\/02\/PA-I-3_Ambiance-Merisier_Gris-poivre-2-182x210.jpg","partner-width":182,"partner-height":210,"ranking":"https:\/\/d2q6z78khxmx42.cloudfront.net\/2021\/02\/LCRxYIO7-PA-I-3_Ambiance-Merisier_Gris-poivre-2-902x540.jpg","ranking-width":902,"ranking-height":540,"schedule":"https:\/\/d2q6z78khxmx42.cloudfront.net\/2021\/02\/PA-I-3_Ambiance-Merisier_Gris-poivre-2-902x360.jpg","schedule-width":902,"schedule-height":360,"slideshow":"https:\/\/d2q6z78khxmx42.cloudfront.net\/2021\/02\/PA-I-3_Ambiance-Merisier_Gris-poivre-2-591x680.jpg","slideshow-width":591,"slideshow-height":680}},"filters":[30,111,23,112,113,114,24,856,83],"suppliers":false,"attachment_category":[]},{"categories":[231,236],"credit":"","image":{"ID":64184,"id":64184,"title":"RE-1-I_Ambiance_Minerai-de-fer_Merisier_Berlin","filename":"RE-1-I_Ambiance_Minerai-de-fer_Merisier_Berlin.jpg","filesize":0,"url":"https:\/\/d2q6z78khxmx42.cloudfront.net\/2021\/02\/RE-1-I_Ambiance_Minerai-de-fer_Merisier_Berlin.jpg","link":"https:\/\/int.design\/fr\/projets\/collections-de-portes-interieures-revolution-et-passion-de-portatec\/re-1-i_ambiance_minerai-de-fer_merisier_berlin\/","alt":"","author":"758","description":"Collections de portes int\u00e9rieures &#039;&#039;R\u00e9volution&#039;&#039; et &#039;&#039;Passion&#039;&#039; de Portatec Portatec Portatec","caption":"","name":"re-1-i_ambiance_minerai-de-fer_merisier_berlin","status":"inherit","uploaded_to":64170,"date":"2021-02-27 20:40:47","modified":"2022-02-08 12:31:15","menu_order":0,"mime_type":"image\/jpeg","type":"image","subtype":"jpeg","icon":"https:\/\/int.design\/wp-includes\/images\/media\/default.png","width":902,"height":1038,"sizes":{"thumbnail":"https:\/\/d2q6z78khxmx42.cloudfront.net\/2021\/02\/RE-1-I_Ambiance_Minerai-de-fer_Merisier_Berlin-150x150.jpg","thumbnail-width":150,"thumbnail-height":150,"medium":"https:\/\/d2q6z78khxmx42.cloudfront.net\/2021\/02\/RE-1-I_Ambiance_Minerai-de-fer_Merisier_Berlin-261x300.jpg","medium-width":261,"medium-height":300,"medium_large":"https:\/\/d2q6z78khxmx42.cloudfront.net\/2021\/02\/RE-1-I_Ambiance_Minerai-de-fer_Merisier_Berlin-768x884.jpg","medium_large-width":768,"medium_large-height":884,"large":"https:\/\/d2q6z78khxmx42.cloudfront.net\/2021\/02\/RE-1-I_Ambiance_Minerai-de-fer_Merisier_Berlin-890x1024.jpg","large-width":890,"large-height":1024,"1536x1536":"https:\/\/d2q6z78khxmx42.cloudfront.net\/2021\/02\/RE-1-I_Ambiance_Minerai-de-fer_Merisier_Berlin.jpg","1536x1536-width":902,"1536x1536-height":1038,"2048x2048":"https:\/\/d2q6z78khxmx42.cloudfront.net\/2021\/02\/RE-1-I_Ambiance_Minerai-de-fer_Merisier_Berlin.jpg","2048x2048-width":902,"2048x2048-height":1038,"article":"https:\/\/d2q6z78khxmx42.cloudfront.net\/2021\/02\/RE-1-I_Ambiance_Minerai-de-fer_Merisier_Berlin-902x540.jpg","article-width":902,"article-height":540,"banner":"https:\/\/d2q6z78khxmx42.cloudfront.net\/2021\/02\/RE-1-I_Ambiance_Minerai-de-fer_Merisier_Berlin.jpg","banner-width":902,"banner-height":1038,"block":"https:\/\/d2q6z78khxmx42.cloudfront.net\/2021\/02\/RE-1-I_Ambiance_Minerai-de-fer_Merisier_Berlin-900x680.jpg","block-width":900,"block-height":680,"card":"https:\/\/d2q6z78khxmx42.cloudfront.net\/2021\/02\/RE-1-I_Ambiance_Minerai-de-fer_Merisier_Berlin-560x495.jpg","card-width":560,"card-height":495,"card-thumbnail":"https:\/\/d2q6z78khxmx42.cloudfront.net\/2021\/02\/RE-1-I_Ambiance_Minerai-de-fer_Merisier_Berlin-450x340.jpg","card-thumbnail-width":450,"card-thumbnail-height":340,"conference":"https:\/\/d2q6z78khxmx42.cloudfront.net\/2021\/02\/RE-1-I_Ambiance_Minerai-de-fer_Merisier_Berlin-560x250.jpg","conference-width":560,"conference-height":250,"contest":"https:\/\/d2q6z78khxmx42.cloudfront.net\/2021\/02\/RE-1-I_Ambiance_Minerai-de-fer_Merisier_Berlin-902x400.jpg","contest-width":902,"contest-height":400,"cta":"https:\/\/d2q6z78khxmx42.cloudfront.net\/2021\/02\/RE-1-I_Ambiance_Minerai-de-fer_Merisier_Berlin-415x170.jpg","cta-width":415,"cta-height":170,"exhibitor":"https:\/\/d2q6z78khxmx42.cloudfront.net\/2021\/02\/RE-1-I_Ambiance_Minerai-de-fer_Merisier_Berlin-560x560.jpg","exhibitor-width":560,"exhibitor-height":560,"gallery":"https:\/\/d2q6z78khxmx42.cloudfront.net\/2021\/02\/RE-1-I_Ambiance_Minerai-de-fer_Merisier_Berlin-374x430.jpg","gallery-width":374,"gallery-height":430,"logo":"https:\/\/d2q6z78khxmx42.cloudfront.net\/2021\/02\/RE-1-I_Ambiance_Minerai-de-fer_Merisier_Berlin-87x100.jpg","logo-width":87,"logo-height":100,"masonry":"https:\/\/d2q6z78khxmx42.cloudfront.net\/2021\/02\/RE-1-I_Ambiance_Minerai-de-fer_Merisier_Berlin-550x633.jpg","masonry-width":550,"masonry-height":633,"modal":"https:\/\/d2q6z78khxmx42.cloudfront.net\/2021\/02\/RE-1-I_Ambiance_Minerai-de-fer_Merisier_Berlin.jpg","modal-width":902,"modal-height":1038,"number":"https:\/\/d2q6z78khxmx42.cloudfront.net\/2021\/02\/WoFp9lBQ-RE-1-I_Ambiance_Minerai-de-fer_Merisier_Berlin-374x430.jpg","number-width":374,"number-height":430,"partner":"https:\/\/d2q6z78khxmx42.cloudfront.net\/2021\/02\/RE-1-I_Ambiance_Minerai-de-fer_Merisier_Berlin-182x210.jpg","partner-width":182,"partner-height":210,"ranking":"https:\/\/d2q6z78khxmx42.cloudfront.net\/2021\/02\/WoFp9lBQ-RE-1-I_Ambiance_Minerai-de-fer_Merisier_Berlin-902x540.jpg","ranking-width":902,"ranking-height":540,"schedule":"https:\/\/d2q6z78khxmx42.cloudfront.net\/2021\/02\/RE-1-I_Ambiance_Minerai-de-fer_Merisier_Berlin-902x360.jpg","schedule-width":902,"schedule-height":360,"slideshow":"https:\/\/d2q6z78khxmx42.cloudfront.net\/2021\/02\/RE-1-I_Ambiance_Minerai-de-fer_Merisier_Berlin-591x680.jpg","slideshow-width":591,"slideshow-height":680}},"filters":[30,111,23,112,113,114,24,856,83],"suppliers":false,"attachment_category":[]},{"categories":[231,236],"credit":"","image":{"ID":64185,"id":64185,"title":"RE-2_Ambiance_blanc-euro-merisier_cafe","filename":"RE-2_Ambiance_blanc-euro-merisier_cafe.jpg","filesize":0,"url":"https:\/\/d2q6z78khxmx42.cloudfront.net\/2021\/02\/RE-2_Ambiance_blanc-euro-merisier_cafe.jpg","link":"https:\/\/int.design\/fr\/projets\/collections-de-portes-interieures-revolution-et-passion-de-portatec\/re-2_ambiance_blanc-euro-merisier_cafe\/","alt":"","author":"758","description":"Collections de portes int\u00e9rieures &#039;&#039;R\u00e9volution&#039;&#039; et &#039;&#039;Passion&#039;&#039; de Portatec Portatec Portatec","caption":"","name":"re-2_ambiance_blanc-euro-merisier_cafe","status":"inherit","uploaded_to":64170,"date":"2021-02-27 20:40:49","modified":"2022-02-08 12:31:15","menu_order":0,"mime_type":"image\/jpeg","type":"image","subtype":"jpeg","icon":"https:\/\/int.design\/wp-includes\/images\/media\/default.png","width":1800,"height":1350,"sizes":{"thumbnail":"https:\/\/d2q6z78khxmx42.cloudfront.net\/2021\/02\/RE-2_Ambiance_blanc-euro-merisier_cafe-150x150.jpg","thumbnail-width":150,"thumbnail-height":150,"medium":"https:\/\/d2q6z78khxmx42.cloudfront.net\/2021\/02\/RE-2_Ambiance_blanc-euro-merisier_cafe-300x225.jpg","medium-width":300,"medium-height":225,"medium_large":"https:\/\/d2q6z78khxmx42.cloudfront.net\/2021\/02\/RE-2_Ambiance_blanc-euro-merisier_cafe-768x576.jpg","medium_large-width":768,"medium_large-height":576,"large":"https:\/\/d2q6z78khxmx42.cloudfront.net\/2021\/02\/RE-2_Ambiance_blanc-euro-merisier_cafe-1024x768.jpg","large-width":1024,"large-height":768,"1536x1536":"https:\/\/d2q6z78khxmx42.cloudfront.net\/2021\/02\/RE-2_Ambiance_blanc-euro-merisier_cafe-1536x1152.jpg","1536x1536-width":1536,"1536x1536-height":1152,"2048x2048":"https:\/\/d2q6z78khxmx42.cloudfront.net\/2021\/02\/RE-2_Ambiance_blanc-euro-merisier_cafe.jpg","2048x2048-width":1800,"2048x2048-height":1350,"article":"https:\/\/d2q6z78khxmx42.cloudfront.net\/2021\/02\/RE-2_Ambiance_blanc-euro-merisier_cafe-960x540.jpg","article-width":960,"article-height":540,"banner":"https:\/\/d2q6z78khxmx42.cloudfront.net\/2021\/02\/RE-2_Ambiance_blanc-euro-merisier_cafe.jpg","banner-width":1800,"banner-height":1350,"block":"https:\/\/d2q6z78khxmx42.cloudfront.net\/2021\/02\/RE-2_Ambiance_blanc-euro-merisier_cafe-900x680.jpg","block-width":900,"block-height":680,"card":"https:\/\/d2q6z78khxmx42.cloudfront.net\/2021\/02\/RE-2_Ambiance_blanc-euro-merisier_cafe-560x495.jpg","card-width":560,"card-height":495,"card-thumbnail":"https:\/\/d2q6z78khxmx42.cloudfront.net\/2021\/02\/RE-2_Ambiance_blanc-euro-merisier_cafe-450x340.jpg","card-thumbnail-width":450,"card-thumbnail-height":340,"conference":"https:\/\/d2q6z78khxmx42.cloudfront.net\/2021\/02\/RE-2_Ambiance_blanc-euro-merisier_cafe-560x250.jpg","conference-width":560,"conference-height":250,"contest":"https:\/\/d2q6z78khxmx42.cloudfront.net\/2021\/02\/RE-2_Ambiance_blanc-euro-merisier_cafe-960x400.jpg","contest-width":960,"contest-height":400,"cta":"https:\/\/d2q6z78khxmx42.cloudfront.net\/2021\/02\/RE-2_Ambiance_blanc-euro-merisier_cafe-415x170.jpg","cta-width":415,"cta-height":170,"exhibitor":"https:\/\/d2q6z78khxmx42.cloudfront.net\/2021\/02\/RE-2_Ambiance_blanc-euro-merisier_cafe-560x560.jpg","exhibitor-width":560,"exhibitor-height":560,"gallery":"https:\/\/d2q6z78khxmx42.cloudfront.net\/2021\/02\/RE-2_Ambiance_blanc-euro-merisier_cafe-560x420.jpg","gallery-width":560,"gallery-height":420,"logo":"https:\/\/d2q6z78khxmx42.cloudfront.net\/2021\/02\/RE-2_Ambiance_blanc-euro-merisier_cafe-133x100.jpg","logo-width":133,"logo-height":100,"masonry":"https:\/\/d2q6z78khxmx42.cloudfront.net\/2021\/02\/RE-2_Ambiance_blanc-euro-merisier_cafe-550x413.jpg","masonry-width":550,"masonry-height":413,"modal":"https:\/\/d2q6z78khxmx42.cloudfront.net\/2021\/02\/RE-2_Ambiance_blanc-euro-merisier_cafe.jpg","modal-width":1800,"modal-height":1350,"number":"https:\/\/d2q6z78khxmx42.cloudfront.net\/2021\/02\/YKCYwQzm-RE-2_Ambiance_blanc-euro-merisier_cafe-560x420.jpg","number-width":560,"number-height":420,"partner":"https:\/\/d2q6z78khxmx42.cloudfront.net\/2021\/02\/RE-2_Ambiance_blanc-euro-merisier_cafe-275x206.jpg","partner-width":275,"partner-height":206,"ranking":"https:\/\/d2q6z78khxmx42.cloudfront.net\/2021\/02\/YKCYwQzm-RE-2_Ambiance_blanc-euro-merisier_cafe-960x540.jpg","ranking-width":960,"ranking-height":540,"schedule":"https:\/\/d2q6z78khxmx42.cloudfront.net\/2021\/02\/RE-2_Ambiance_blanc-euro-merisier_cafe-960x360.jpg","schedule-width":960,"schedule-height":360,"slideshow":"https:\/\/d2q6z78khxmx42.cloudfront.net\/2021\/02\/RE-2_Ambiance_blanc-euro-merisier_cafe-907x680.jpg","slideshow-width":907,"slideshow-height":680}},"filters":[30,111,23,112,113,114,24,856,83],"suppliers":false,"attachment_category":[]},{"categories":[231,236],"credit":"","image":{"ID":64186,"id":64186,"title":"RE-1-I_Blanc-glacier_Erable_Vernis-clair","filename":"RE-1-I_Blanc-glacier_Erable_Vernis-clair.jpg","filesize":0,"url":"https:\/\/d2q6z78khxmx42.cloudfront.net\/2021\/02\/RE-1-I_Blanc-glacier_Erable_Vernis-clair.jpg","link":"https:\/\/int.design\/fr\/projets\/collections-de-portes-interieures-revolution-et-passion-de-portatec\/re-1-i_blanc-glacier_erable_vernis-clair\/","alt":"","author":"758","description":"Collections de portes int\u00e9rieures &#039;&#039;R\u00e9volution&#039;&#039; et &#039;&#039;Passion&#039;&#039; de Portatec Portatec Portatec","caption":"","name":"re-1-i_blanc-glacier_erable_vernis-clair","status":"inherit","uploaded_to":64170,"date":"2021-02-27 20:40:54","modified":"2022-02-08 12:31:15","menu_order":0,"mime_type":"image\/jpeg","type":"image","subtype":"jpeg","icon":"https:\/\/int.design\/wp-includes\/images\/media\/default.png","width":902,"height":1038,"sizes":{"thumbnail":"https:\/\/d2q6z78khxmx42.cloudfront.net\/2021\/02\/RE-1-I_Blanc-glacier_Erable_Vernis-clair-150x150.jpg","thumbnail-width":150,"thumbnail-height":150,"medium":"https:\/\/d2q6z78khxmx42.cloudfront.net\/2021\/02\/RE-1-I_Blanc-glacier_Erable_Vernis-clair-261x300.jpg","medium-width":261,"medium-height":300,"medium_large":"https:\/\/d2q6z78khxmx42.cloudfront.net\/2021\/02\/RE-1-I_Blanc-glacier_Erable_Vernis-clair-768x884.jpg","medium_large-width":768,"medium_large-height":884,"large":"https:\/\/d2q6z78khxmx42.cloudfront.net\/2021\/02\/RE-1-I_Blanc-glacier_Erable_Vernis-clair-890x1024.jpg","large-width":890,"large-height":1024,"1536x1536":"https:\/\/d2q6z78khxmx42.cloudfront.net\/2021\/02\/RE-1-I_Blanc-glacier_Erable_Vernis-clair.jpg","1536x1536-width":902,"1536x1536-height":1038,"2048x2048":"https:\/\/d2q6z78khxmx42.cloudfront.net\/2021\/02\/RE-1-I_Blanc-glacier_Erable_Vernis-clair.jpg","2048x2048-width":902,"2048x2048-height":1038,"article":"https:\/\/d2q6z78khxmx42.cloudfront.net\/2021\/02\/RE-1-I_Blanc-glacier_Erable_Vernis-clair-902x540.jpg","article-width":902,"article-height":540,"banner":"https:\/\/d2q6z78khxmx42.cloudfront.net\/2021\/02\/RE-1-I_Blanc-glacier_Erable_Vernis-clair.jpg","banner-width":902,"banner-height":1038,"block":"https:\/\/d2q6z78khxmx42.cloudfront.net\/2021\/02\/RE-1-I_Blanc-glacier_Erable_Vernis-clair-900x680.jpg","block-width":900,"block-height":680,"card":"https:\/\/d2q6z78khxmx42.cloudfront.net\/2021\/02\/RE-1-I_Blanc-glacier_Erable_Vernis-clair-560x495.jpg","card-width":560,"card-height":495,"card-thumbnail":"https:\/\/d2q6z78khxmx42.cloudfront.net\/2021\/02\/RE-1-I_Blanc-glacier_Erable_Vernis-clair-450x340.jpg","card-thumbnail-width":450,"card-thumbnail-height":340,"conference":"https:\/\/d2q6z78khxmx42.cloudfront.net\/2021\/02\/RE-1-I_Blanc-glacier_Erable_Vernis-clair-560x250.jpg","conference-width":560,"conference-height":250,"contest":"https:\/\/d2q6z78khxmx42.cloudfront.net\/2021\/02\/RE-1-I_Blanc-glacier_Erable_Vernis-clair-902x400.jpg","contest-width":902,"contest-height":400,"cta":"https:\/\/d2q6z78khxmx42.cloudfront.net\/2021\/02\/RE-1-I_Blanc-glacier_Erable_Vernis-clair-415x170.jpg","cta-width":415,"cta-height":170,"exhibitor":"https:\/\/d2q6z78khxmx42.cloudfront.net\/2021\/02\/RE-1-I_Blanc-glacier_Erable_Vernis-clair-560x560.jpg","exhibitor-width":560,"exhibitor-height":560,"gallery":"https:\/\/d2q6z78khxmx42.cloudfront.net\/2021\/02\/RE-1-I_Blanc-glacier_Erable_Vernis-clair-374x430.jpg","gallery-width":374,"gallery-height":430,"logo":"https:\/\/d2q6z78khxmx42.cloudfront.net\/2021\/02\/RE-1-I_Blanc-glacier_Erable_Vernis-clair-87x100.jpg","logo-width":87,"logo-height":100,"masonry":"https:\/\/d2q6z78khxmx42.cloudfront.net\/2021\/02\/RE-1-I_Blanc-glacier_Erable_Vernis-clair-550x633.jpg","masonry-width":550,"masonry-height":633,"modal":"https:\/\/d2q6z78khxmx42.cloudfront.net\/2021\/02\/RE-1-I_Blanc-glacier_Erable_Vernis-clair.jpg","modal-width":902,"modal-height":1038,"number":"https:\/\/d2q6z78khxmx42.cloudfront.net\/2021\/02\/mTCkADLd-RE-1-I_Blanc-glacier_Erable_Vernis-clair-374x430.jpg","number-width":374,"number-height":430,"partner":"https:\/\/d2q6z78khxmx42.cloudfront.net\/2021\/02\/RE-1-I_Blanc-glacier_Erable_Vernis-clair-182x210.jpg","partner-width":182,"partner-height":210,"ranking":"https:\/\/d2q6z78khxmx42.cloudfront.net\/2021\/02\/mTCkADLd-RE-1-I_Blanc-glacier_Erable_Vernis-clair-902x540.jpg","ranking-width":902,"ranking-height":540,"schedule":"https:\/\/d2q6z78khxmx42.cloudfront.net\/2021\/02\/RE-1-I_Blanc-glacier_Erable_Vernis-clair-902x360.jpg","schedule-width":902,"schedule-height":360,"slideshow":"https:\/\/d2q6z78khxmx42.cloudfront.net\/2021\/02\/RE-1-I_Blanc-glacier_Erable_Vernis-clair-591x680.jpg","slideshow-width":591,"slideshow-height":680}},"filters":[30,111,23,112,113,114,24,856],"suppliers":false,"attachment_category":[]},{"categories":[231,236],"credit":"","image":{"ID":64187,"id":64187,"title":"RE-1-I_Noir-Chene_Brun-marron","filename":"RE-1-I_Noir-Chene_Brun-marron.jpg","filesize":0,"url":"https:\/\/d2q6z78khxmx42.cloudfront.net\/2021\/02\/RE-1-I_Noir-Chene_Brun-marron.jpg","link":"https:\/\/int.design\/fr\/projets\/collections-de-portes-interieures-revolution-et-passion-de-portatec\/re-1-i_noir-chene_brun-marron\/","alt":"","author":"758","description":"Collections de portes int\u00e9rieures &#039;&#039;R\u00e9volution&#039;&#039; et &#039;&#039;Passion&#039;&#039; de Portatec Portatec Portatec","caption":"","name":"re-1-i_noir-chene_brun-marron","status":"inherit","uploaded_to":64170,"date":"2021-02-27 20:40:56","modified":"2022-02-08 12:31:15","menu_order":0,"mime_type":"image\/jpeg","type":"image","subtype":"jpeg","icon":"https:\/\/int.design\/wp-includes\/images\/media\/default.png","width":902,"height":1038,"sizes":{"thumbnail":"https:\/\/d2q6z78khxmx42.cloudfront.net\/2021\/02\/RE-1-I_Noir-Chene_Brun-marron-150x150.jpg","thumbnail-width":150,"thumbnail-height":150,"medium":"https:\/\/d2q6z78khxmx42.cloudfront.net\/2021\/02\/RE-1-I_Noir-Chene_Brun-marron-261x300.jpg","medium-width":261,"medium-height":300,"medium_large":"https:\/\/d2q6z78khxmx42.cloudfront.net\/2021\/02\/RE-1-I_Noir-Chene_Brun-marron-768x884.jpg","medium_large-width":768,"medium_large-height":884,"large":"https:\/\/d2q6z78khxmx42.cloudfront.net\/2021\/02\/RE-1-I_Noir-Chene_Brun-marron-890x1024.jpg","large-width":890,"large-height":1024,"1536x1536":"https:\/\/d2q6z78khxmx42.cloudfront.net\/2021\/02\/RE-1-I_Noir-Chene_Brun-marron.jpg","1536x1536-width":902,"1536x1536-height":1038,"2048x2048":"https:\/\/d2q6z78khxmx42.cloudfront.net\/2021\/02\/RE-1-I_Noir-Chene_Brun-marron.jpg","2048x2048-width":902,"2048x2048-height":1038,"article":"https:\/\/d2q6z78khxmx42.cloudfront.net\/2021\/02\/RE-1-I_Noir-Chene_Brun-marron-902x540.jpg","article-width":902,"article-height":540,"banner":"https:\/\/d2q6z78khxmx42.cloudfront.net\/2021\/02\/RE-1-I_Noir-Chene_Brun-marron.jpg","banner-width":902,"banner-height":1038,"block":"https:\/\/d2q6z78khxmx42.cloudfront.net\/2021\/02\/RE-1-I_Noir-Chene_Brun-marron-900x680.jpg","block-width":900,"block-height":680,"card":"https:\/\/d2q6z78khxmx42.cloudfront.net\/2021\/02\/RE-1-I_Noir-Chene_Brun-marron-560x495.jpg","card-width":560,"card-height":495,"card-thumbnail":"https:\/\/d2q6z78khxmx42.cloudfront.net\/2021\/02\/RE-1-I_Noir-Chene_Brun-marron-450x340.jpg","card-thumbnail-width":450,"card-thumbnail-height":340,"conference":"https:\/\/d2q6z78khxmx42.cloudfront.net\/2021\/02\/RE-1-I_Noir-Chene_Brun-marron-560x250.jpg","conference-width":560,"conference-height":250,"contest":"https:\/\/d2q6z78khxmx42.cloudfront.net\/2021\/02\/RE-1-I_Noir-Chene_Brun-marron-902x400.jpg","contest-width":902,"contest-height":400,"cta":"https:\/\/d2q6z78khxmx42.cloudfront.net\/2021\/02\/RE-1-I_Noir-Chene_Brun-marron-415x170.jpg","cta-width":415,"cta-height":170,"exhibitor":"https:\/\/d2q6z78khxmx42.cloudfront.net\/2021\/02\/RE-1-I_Noir-Chene_Brun-marron-560x560.jpg","exhibitor-width":560,"exhibitor-height":560,"gallery":"https:\/\/d2q6z78khxmx42.cloudfront.net\/2021\/02\/RE-1-I_Noir-Chene_Brun-marron-374x430.jpg","gallery-width":374,"gallery-height":430,"logo":"https:\/\/d2q6z78khxmx42.cloudfront.net\/2021\/02\/RE-1-I_Noir-Chene_Brun-marron-87x100.jpg","logo-width":87,"logo-height":100,"masonry":"https:\/\/d2q6z78khxmx42.cloudfront.net\/2021\/02\/RE-1-I_Noir-Chene_Brun-marron-550x633.jpg","masonry-width":550,"masonry-height":633,"modal":"https:\/\/d2q6z78khxmx42.cloudfront.net\/2021\/02\/RE-1-I_Noir-Chene_Brun-marron.jpg","modal-width":902,"modal-height":1038,"number":"https:\/\/d2q6z78khxmx42.cloudfront.net\/2021\/02\/rIsdVPzF-RE-1-I_Noir-Chene_Brun-marron-374x430.jpg","number-width":374,"number-height":430,"partner":"https:\/\/d2q6z78khxmx42.cloudfront.net\/2021\/02\/RE-1-I_Noir-Chene_Brun-marron-182x210.jpg","partner-width":182,"partner-height":210,"ranking":"https:\/\/d2q6z78khxmx42.cloudfront.net\/2021\/02\/rIsdVPzF-RE-1-I_Noir-Chene_Brun-marron-902x540.jpg","ranking-width":902,"ranking-height":540,"schedule":"https:\/\/d2q6z78khxmx42.cloudfront.net\/2021\/02\/RE-1-I_Noir-Chene_Brun-marron-902x360.jpg","schedule-width":902,"schedule-height":360,"slideshow":"https:\/\/d2q6z78khxmx42.cloudfront.net\/2021\/02\/RE-1-I_Noir-Chene_Brun-marron-591x680.jpg","slideshow-width":591,"slideshow-height":680}},"filters":[30,111,23,112,113,114,24,856,83],"suppliers":false,"attachment_category":[]},{"categories":[231,236],"credit":"","image":{"ID":64188,"id":64188,"title":"RE-2-I_Gris-somptueux_Chene_Dunes-de-Gobi","filename":"RE-2-I_Gris-somptueux_Chene_Dunes-de-Gobi.jpg","filesize":0,"url":"https:\/\/d2q6z78khxmx42.cloudfront.net\/2021\/02\/RE-2-I_Gris-somptueux_Chene_Dunes-de-Gobi.jpg","link":"https:\/\/int.design\/fr\/projets\/collections-de-portes-interieures-revolution-et-passion-de-portatec\/re-2-i_gris-somptueux_chene_dunes-de-gobi\/","alt":"","author":"758","description":"Collections de portes int\u00e9rieures &#039;&#039;R\u00e9volution&#039;&#039; et &#039;&#039;Passion&#039;&#039; de Portatec Portatec Portatec","caption":"","name":"re-2-i_gris-somptueux_chene_dunes-de-gobi","status":"inherit","uploaded_to":64170,"date":"2021-02-27 20:40:59","modified":"2022-02-08 12:31:15","menu_order":0,"mime_type":"image\/jpeg","type":"image","subtype":"jpeg","icon":"https:\/\/int.design\/wp-includes\/images\/media\/default.png","width":902,"height":1038,"sizes":{"thumbnail":"https:\/\/d2q6z78khxmx42.cloudfront.net\/2021\/02\/RE-2-I_Gris-somptueux_Chene_Dunes-de-Gobi-150x150.jpg","thumbnail-width":150,"thumbnail-height":150,"medium":"https:\/\/d2q6z78khxmx42.cloudfront.net\/2021\/02\/RE-2-I_Gris-somptueux_Chene_Dunes-de-Gobi-261x300.jpg","medium-width":261,"medium-height":300,"medium_large":"https:\/\/d2q6z78khxmx42.cloudfront.net\/2021\/02\/RE-2-I_Gris-somptueux_Chene_Dunes-de-Gobi-768x884.jpg","medium_large-width":768,"medium_large-height":884,"large":"https:\/\/d2q6z78khxmx42.cloudfront.net\/2021\/02\/RE-2-I_Gris-somptueux_Chene_Dunes-de-Gobi-890x1024.jpg","large-width":890,"large-height":1024,"1536x1536":"https:\/\/d2q6z78khxmx42.cloudfront.net\/2021\/02\/RE-2-I_Gris-somptueux_Chene_Dunes-de-Gobi.jpg","1536x1536-width":902,"1536x1536-height":1038,"2048x2048":"https:\/\/d2q6z78khxmx42.cloudfront.net\/2021\/02\/RE-2-I_Gris-somptueux_Chene_Dunes-de-Gobi.jpg","2048x2048-width":902,"2048x2048-height":1038,"article":"https:\/\/d2q6z78khxmx42.cloudfront.net\/2021\/02\/RE-2-I_Gris-somptueux_Chene_Dunes-de-Gobi-902x540.jpg","article-width":902,"article-height":540,"banner":"https:\/\/d2q6z78khxmx42.cloudfront.net\/2021\/02\/RE-2-I_Gris-somptueux_Chene_Dunes-de-Gobi.jpg","banner-width":902,"banner-height":1038,"block":"https:\/\/d2q6z78khxmx42.cloudfront.net\/2021\/02\/RE-2-I_Gris-somptueux_Chene_Dunes-de-Gobi-900x680.jpg","block-width":900,"block-height":680,"card":"https:\/\/d2q6z78khxmx42.cloudfront.net\/2021\/02\/RE-2-I_Gris-somptueux_Chene_Dunes-de-Gobi-560x495.jpg","card-width":560,"card-height":495,"card-thumbnail":"https:\/\/d2q6z78khxmx42.cloudfront.net\/2021\/02\/RE-2-I_Gris-somptueux_Chene_Dunes-de-Gobi-450x340.jpg","card-thumbnail-width":450,"card-thumbnail-height":340,"conference":"https:\/\/d2q6z78khxmx42.cloudfront.net\/2021\/02\/RE-2-I_Gris-somptueux_Chene_Dunes-de-Gobi-560x250.jpg","conference-width":560,"conference-height":250,"contest":"https:\/\/d2q6z78khxmx42.cloudfront.net\/2021\/02\/RE-2-I_Gris-somptueux_Chene_Dunes-de-Gobi-902x400.jpg","contest-width":902,"contest-height":400,"cta":"https:\/\/d2q6z78khxmx42.cloudfront.net\/2021\/02\/RE-2-I_Gris-somptueux_Chene_Dunes-de-Gobi-415x170.jpg","cta-width":415,"cta-height":170,"exhibitor":"https:\/\/d2q6z78khxmx42.cloudfront.net\/2021\/02\/RE-2-I_Gris-somptueux_Chene_Dunes-de-Gobi-560x560.jpg","exhibitor-width":560,"exhibitor-height":560,"gallery":"https:\/\/d2q6z78khxmx42.cloudfront.net\/2021\/02\/RE-2-I_Gris-somptueux_Chene_Dunes-de-Gobi-374x430.jpg","gallery-width":374,"gallery-height":430,"logo":"https:\/\/d2q6z78khxmx42.cloudfront.net\/2021\/02\/RE-2-I_Gris-somptueux_Chene_Dunes-de-Gobi-87x100.jpg","logo-width":87,"logo-height":100,"masonry":"https:\/\/d2q6z78khxmx42.cloudfront.net\/2021\/02\/RE-2-I_Gris-somptueux_Chene_Dunes-de-Gobi-550x633.jpg","masonry-width":550,"masonry-height":633,"modal":"https:\/\/d2q6z78khxmx42.cloudfront.net\/2021\/02\/RE-2-I_Gris-somptueux_Chene_Dunes-de-Gobi.jpg","modal-width":902,"modal-height":1038,"number":"https:\/\/d2q6z78khxmx42.cloudfront.net\/2021\/02\/w8KYhARR-RE-2-I_Gris-somptueux_Chene_Dunes-de-Gobi-374x430.jpg","number-width":374,"number-height":430,"partner":"https:\/\/d2q6z78khxmx42.cloudfront.net\/2021\/02\/RE-2-I_Gris-somptueux_Chene_Dunes-de-Gobi-182x210.jpg","partner-width":182,"partner-height":210,"ranking":"https:\/\/d2q6z78khxmx42.cloudfront.net\/2021\/02\/w8KYhARR-RE-2-I_Gris-somptueux_Chene_Dunes-de-Gobi-902x540.jpg","ranking-width":902,"ranking-height":540,"schedule":"https:\/\/d2q6z78khxmx42.cloudfront.net\/2021\/02\/RE-2-I_Gris-somptueux_Chene_Dunes-de-Gobi-902x360.jpg","schedule-width":902,"schedule-height":360,"slideshow":"https:\/\/d2q6z78khxmx42.cloudfront.net\/2021\/02\/RE-2-I_Gris-somptueux_Chene_Dunes-de-Gobi-591x680.jpg","slideshow-width":591,"slideshow-height":680}},"filters":[30,111,23,112,113,114,24,856],"suppliers":false,"attachment_category":[]},{"categories":[231,236],"credit":"","image":{"ID":64189,"id":64189,"title":"RE-4-I_Blanc-nebuleux_Bambou_Vernis-clair","filename":"RE-4-I_Blanc-nebuleux_Bambou_Vernis-clair.jpg","filesize":0,"url":"https:\/\/d2q6z78khxmx42.cloudfront.net\/2021\/02\/RE-4-I_Blanc-nebuleux_Bambou_Vernis-clair.jpg","link":"https:\/\/int.design\/fr\/projets\/collections-de-portes-interieures-revolution-et-passion-de-portatec\/re-4-i_blanc-nebuleux_bambou_vernis-clair\/","alt":"","author":"758","description":"Collections de portes int\u00e9rieures &#039;&#039;R\u00e9volution&#039;&#039; et &#039;&#039;Passion&#039;&#039; de Portatec Portatec Portatec","caption":"","name":"re-4-i_blanc-nebuleux_bambou_vernis-clair","status":"inherit","uploaded_to":64170,"date":"2021-02-27 20:41:01","modified":"2022-02-08 12:31:15","menu_order":0,"mime_type":"image\/jpeg","type":"image","subtype":"jpeg","icon":"https:\/\/int.design\/wp-includes\/images\/media\/default.png","width":902,"height":1038,"sizes":{"thumbnail":"https:\/\/d2q6z78khxmx42.cloudfront.net\/2021\/02\/RE-4-I_Blanc-nebuleux_Bambou_Vernis-clair-150x150.jpg","thumbnail-width":150,"thumbnail-height":150,"medium":"https:\/\/d2q6z78khxmx42.cloudfront.net\/2021\/02\/RE-4-I_Blanc-nebuleux_Bambou_Vernis-clair-261x300.jpg","medium-width":261,"medium-height":300,"medium_large":"https:\/\/d2q6z78khxmx42.cloudfront.net\/2021\/02\/RE-4-I_Blanc-nebuleux_Bambou_Vernis-clair-768x884.jpg","medium_large-width":768,"medium_large-height":884,"large":"https:\/\/d2q6z78khxmx42.cloudfront.net\/2021\/02\/RE-4-I_Blanc-nebuleux_Bambou_Vernis-clair-890x1024.jpg","large-width":890,"large-height":1024,"1536x1536":"https:\/\/d2q6z78khxmx42.cloudfront.net\/2021\/02\/RE-4-I_Blanc-nebuleux_Bambou_Vernis-clair.jpg","1536x1536-width":902,"1536x1536-height":1038,"2048x2048":"https:\/\/d2q6z78khxmx42.cloudfront.net\/2021\/02\/RE-4-I_Blanc-nebuleux_Bambou_Vernis-clair.jpg","2048x2048-width":902,"2048x2048-height":1038,"article":"https:\/\/d2q6z78khxmx42.cloudfront.net\/2021\/02\/RE-4-I_Blanc-nebuleux_Bambou_Vernis-clair-902x540.jpg","article-width":902,"article-height":540,"banner":"https:\/\/d2q6z78khxmx42.cloudfront.net\/2021\/02\/RE-4-I_Blanc-nebuleux_Bambou_Vernis-clair.jpg","banner-width":902,"banner-height":1038,"block":"https:\/\/d2q6z78khxmx42.cloudfront.net\/2021\/02\/RE-4-I_Blanc-nebuleux_Bambou_Vernis-clair-900x680.jpg","block-width":900,"block-height":680,"card":"https:\/\/d2q6z78khxmx42.cloudfront.net\/2021\/02\/RE-4-I_Blanc-nebuleux_Bambou_Vernis-clair-560x495.jpg","card-width":560,"card-height":495,"card-thumbnail":"https:\/\/d2q6z78khxmx42.cloudfront.net\/2021\/02\/RE-4-I_Blanc-nebuleux_Bambou_Vernis-clair-450x340.jpg","card-thumbnail-width":450,"card-thumbnail-height":340,"conference":"https:\/\/d2q6z78khxmx42.cloudfront.net\/2021\/02\/RE-4-I_Blanc-nebuleux_Bambou_Vernis-clair-560x250.jpg","conference-width":560,"conference-height":250,"contest":"https:\/\/d2q6z78khxmx42.cloudfront.net\/2021\/02\/RE-4-I_Blanc-nebuleux_Bambou_Vernis-clair-902x400.jpg","contest-width":902,"contest-height":400,"cta":"https:\/\/d2q6z78khxmx42.cloudfront.net\/2021\/02\/RE-4-I_Blanc-nebuleux_Bambou_Vernis-clair-415x170.jpg","cta-width":415,"cta-height":170,"exhibitor":"https:\/\/d2q6z78khxmx42.cloudfront.net\/2021\/02\/RE-4-I_Blanc-nebuleux_Bambou_Vernis-clair-560x560.jpg","exhibitor-width":560,"exhibitor-height":560,"gallery":"https:\/\/d2q6z78khxmx42.cloudfront.net\/2021\/02\/RE-4-I_Blanc-nebuleux_Bambou_Vernis-clair-374x430.jpg","gallery-width":374,"gallery-height":430,"logo":"https:\/\/d2q6z78khxmx42.cloudfront.net\/2021\/02\/RE-4-I_Blanc-nebuleux_Bambou_Vernis-clair-87x100.jpg","logo-width":87,"logo-height":100,"masonry":"https:\/\/d2q6z78khxmx42.cloudfront.net\/2021\/02\/RE-4-I_Blanc-nebuleux_Bambou_Vernis-clair-550x633.jpg","masonry-width":550,"masonry-height":633,"modal":"https:\/\/d2q6z78khxmx42.cloudfront.net\/2021\/02\/RE-4-I_Blanc-nebuleux_Bambou_Vernis-clair.jpg","modal-width":902,"modal-height":1038,"number":"https:\/\/d2q6z78khxmx42.cloudfront.net\/2021\/02\/pAwAZq3a-RE-4-I_Blanc-nebuleux_Bambou_Vernis-clair-374x430.jpg","number-width":374,"number-height":430,"partner":"https:\/\/d2q6z78khxmx42.cloudfront.net\/2021\/02\/RE-4-I_Blanc-nebuleux_Bambou_Vernis-clair-182x210.jpg","partner-width":182,"partner-height":210,"ranking":"https:\/\/d2q6z78khxmx42.cloudfront.net\/2021\/02\/pAwAZq3a-RE-4-I_Blanc-nebuleux_Bambou_Vernis-clair-902x540.jpg","ranking-width":902,"ranking-height":540,"schedule":"https:\/\/d2q6z78khxmx42.cloudfront.net\/2021\/02\/RE-4-I_Blanc-nebuleux_Bambou_Vernis-clair-902x360.jpg","schedule-width":902,"schedule-height":360,"slideshow":"https:\/\/d2q6z78khxmx42.cloudfront.net\/2021\/02\/RE-4-I_Blanc-nebuleux_Bambou_Vernis-clair-591x680.jpg","slideshow-width":591,"slideshow-height":680}},"filters":[30,111,23,112,113,114,24,856],"suppliers":false,"attachment_category":[]},{"categories":[231,236],"credit":"","image":{"ID":64190,"id":64190,"title":"RE-3-I_Blanc-glacier_Ebene_Vernis-clair","filename":"RE-3-I_Blanc-glacier_Ebene_Vernis-clair.jpg","filesize":0,"url":"https:\/\/d2q6z78khxmx42.cloudfront.net\/2021\/02\/RE-3-I_Blanc-glacier_Ebene_Vernis-clair.jpg","link":"https:\/\/int.design\/fr\/projets\/collections-de-portes-interieures-revolution-et-passion-de-portatec\/re-3-i_blanc-glacier_ebene_vernis-clair\/","alt":"","author":"758","description":"Collections de portes int\u00e9rieures &#039;&#039;R\u00e9volution&#039;&#039; et &#039;&#039;Passion&#039;&#039; de Portatec Portatec Portatec","caption":"","name":"re-3-i_blanc-glacier_ebene_vernis-clair","status":"inherit","uploaded_to":64170,"date":"2021-02-27 20:41:04","modified":"2022-02-08 12:31:15","menu_order":0,"mime_type":"image\/jpeg","type":"image","subtype":"jpeg","icon":"https:\/\/int.design\/wp-includes\/images\/media\/default.png","width":902,"height":1038,"sizes":{"thumbnail":"https:\/\/d2q6z78khxmx42.cloudfront.net\/2021\/02\/RE-3-I_Blanc-glacier_Ebene_Vernis-clair-150x150.jpg","thumbnail-width":150,"thumbnail-height":150,"medium":"https:\/\/d2q6z78khxmx42.cloudfront.net\/2021\/02\/RE-3-I_Blanc-glacier_Ebene_Vernis-clair-261x300.jpg","medium-width":261,"medium-height":300,"medium_large":"https:\/\/d2q6z78khxmx42.cloudfront.net\/2021\/02\/RE-3-I_Blanc-glacier_Ebene_Vernis-clair-768x884.jpg","medium_large-width":768,"medium_large-height":884,"large":"https:\/\/d2q6z78khxmx42.cloudfront.net\/2021\/02\/RE-3-I_Blanc-glacier_Ebene_Vernis-clair-890x1024.jpg","large-width":890,"large-height":1024,"1536x1536":"https:\/\/d2q6z78khxmx42.cloudfront.net\/2021\/02\/RE-3-I_Blanc-glacier_Ebene_Vernis-clair.jpg","1536x1536-width":902,"1536x1536-height":1038,"2048x2048":"https:\/\/d2q6z78khxmx42.cloudfront.net\/2021\/02\/RE-3-I_Blanc-glacier_Ebene_Vernis-clair.jpg","2048x2048-width":902,"2048x2048-height":1038,"article":"https:\/\/d2q6z78khxmx42.cloudfront.net\/2021\/02\/RE-3-I_Blanc-glacier_Ebene_Vernis-clair-902x540.jpg","article-width":902,"article-height":540,"banner":"https:\/\/d2q6z78khxmx42.cloudfront.net\/2021\/02\/RE-3-I_Blanc-glacier_Ebene_Vernis-clair.jpg","banner-width":902,"banner-height":1038,"block":"https:\/\/d2q6z78khxmx42.cloudfront.net\/2021\/02\/RE-3-I_Blanc-glacier_Ebene_Vernis-clair-900x680.jpg","block-width":900,"block-height":680,"card":"https:\/\/d2q6z78khxmx42.cloudfront.net\/2021\/02\/RE-3-I_Blanc-glacier_Ebene_Vernis-clair-560x495.jpg","card-width":560,"card-height":495,"card-thumbnail":"https:\/\/d2q6z78khxmx42.cloudfront.net\/2021\/02\/RE-3-I_Blanc-glacier_Ebene_Vernis-clair-450x340.jpg","card-thumbnail-width":450,"card-thumbnail-height":340,"conference":"https:\/\/d2q6z78khxmx42.cloudfront.net\/2021\/02\/RE-3-I_Blanc-glacier_Ebene_Vernis-clair-560x250.jpg","conference-width":560,"conference-height":250,"contest":"https:\/\/d2q6z78khxmx42.cloudfront.net\/2021\/02\/RE-3-I_Blanc-glacier_Ebene_Vernis-clair-902x400.jpg","contest-width":902,"contest-height":400,"cta":"https:\/\/d2q6z78khxmx42.cloudfront.net\/2021\/02\/RE-3-I_Blanc-glacier_Ebene_Vernis-clair-415x170.jpg","cta-width":415,"cta-height":170,"exhibitor":"https:\/\/d2q6z78khxmx42.cloudfront.net\/2021\/02\/RE-3-I_Blanc-glacier_Ebene_Vernis-clair-560x560.jpg","exhibitor-width":560,"exhibitor-height":560,"gallery":"https:\/\/d2q6z78khxmx42.cloudfront.net\/2021\/02\/RE-3-I_Blanc-glacier_Ebene_Vernis-clair-374x430.jpg","gallery-width":374,"gallery-height":430,"logo":"https:\/\/d2q6z78khxmx42.cloudfront.net\/2021\/02\/RE-3-I_Blanc-glacier_Ebene_Vernis-clair-87x100.jpg","logo-width":87,"logo-height":100,"masonry":"https:\/\/d2q6z78khxmx42.cloudfront.net\/2021\/02\/RE-3-I_Blanc-glacier_Ebene_Vernis-clair-550x633.jpg","masonry-width":550,"masonry-height":633,"modal":"https:\/\/d2q6z78khxmx42.cloudfront.net\/2021\/02\/RE-3-I_Blanc-glacier_Ebene_Vernis-clair.jpg","modal-width":902,"modal-height":1038,"number":"https:\/\/d2q6z78khxmx42.cloudfront.net\/2021\/02\/mX0VHBk8-RE-3-I_Blanc-glacier_Ebene_Vernis-clair-374x430.jpg","number-width":374,"number-height":430,"partner":"https:\/\/d2q6z78khxmx42.cloudfront.net\/2021\/02\/RE-3-I_Blanc-glacier_Ebene_Vernis-clair-182x210.jpg","partner-width":182,"partner-height":210,"ranking":"https:\/\/d2q6z78khxmx42.cloudfront.net\/2021\/02\/mX0VHBk8-RE-3-I_Blanc-glacier_Ebene_Vernis-clair-902x540.jpg","ranking-width":902,"ranking-height":540,"schedule":"https:\/\/d2q6z78khxmx42.cloudfront.net\/2021\/02\/RE-3-I_Blanc-glacier_Ebene_Vernis-clair-902x360.jpg","schedule-width":902,"schedule-height":360,"slideshow":"https:\/\/d2q6z78khxmx42.cloudfront.net\/2021\/02\/RE-3-I_Blanc-glacier_Ebene_Vernis-clair-591x680.jpg","slideshow-width":591,"slideshow-height":680}},"filters":[30,111,23,112,113,114,24,856,83],"suppliers":false,"attachment_category":[]}],"mandatory_documents":[{"name":"dessin technique porte int\u00e9rieure &#39;&#39;REVOLUTION&#39;&#39; mod\u00e8le 3 avec insertion d&#39;inox","file":{"ID":64224,"id":64224,"title":"RE-3-I #5 3684","filename":"6_RE-3-I #5 3684.pdf","filesize":0,"url":"https:\/\/d2q6z78khxmx42.cloudfront.net\/2021\/02\/6_RE-3-I #5 3684.pdf","link":"https:\/\/int.design\/fr\/projets\/collections-de-portes-interieures-revolution-et-passion-de-portatec\/re-3-i-5-3684-2\/","alt":"","author":"758","description":"","caption":"","name":"re-3-i-5-3684-2","status":"inherit","uploaded_to":64170,"date":"2021-02-27 22:27:58","modified":"2021-02-27 22:28:04","menu_order":0,"mime_type":"application\/pdf","type":"application","subtype":"pdf","icon":"https:\/\/int.design\/wp-includes\/images\/media\/document.png"}}],"optional_documents":[{"name":"dessin technique porte int\u00e9rieure &#39;&#39;PASSION&#39;&#39; mod\u00e8le 2 avec insertion d&#39;inox","file":{"ID":64225,"id":64225,"title":"PA-I-2","filename":"6_PA-I-2.pdf","filesize":0,"url":"https:\/\/d2q6z78khxmx42.cloudfront.net\/2021\/02\/6_PA-I-2.pdf","link":"https:\/\/int.design\/fr\/projets\/collections-de-portes-interieures-revolution-et-passion-de-portatec\/pa-i-2-2\/","alt":"","author":"758","description":"","caption":"","name":"pa-i-2-2","status":"inherit","uploaded_to":64170,"date":"2021-02-27 22:28:01","modified":"2021-02-27 22:28:04","menu_order":0,"mime_type":"application\/pdf","type":"application","subtype":"pdf","icon":"https:\/\/int.design\/wp-includes\/images\/media\/document.png"}}],"web_text":{"fr":"<p>Depuis 1984, Portatec n\u2019a jamais cess\u00e9 d\u2019innover dans le domaine des portes et fen\u00eatres, plus sp\u00e9cialement dans la fabrication de syst\u00e8mes de portes d\u2019entr\u00e9e ext\u00e9rieures de qualit\u00e9 sup\u00e9rieure. L&#39;entreprise a voulu expandre son grand savoir faire sur la fabrication de portes int\u00e9rieures au design unique et contemporain.<\/p>\n<p>Ainsi, depuis l&#39;automne 2019, Portatec offre, en plus de ces portes ext\u00e9rieures, une vaste s\u00e9lection de portes int\u00e9rieures modernes et dites &#39;&#39;cl\u00e9 en main&#39;&#39;. Six collections diff\u00e9rentes sont offertes et pour chacune d&#39;elles,  une multitude de mod\u00e8les et de combinaisons sont possibles.  L&#39;usage des divers mat\u00e9riaux (porte coupe-son, peinture faite en usine, application de bois (ch\u00eane, merisier, \u00e9rable, noyer, bambou et \u00e9b\u00e8ne), insertion de bandes en acier inoxydable etc.) ainsi que les 36 ann\u00e9es d&#39;exp\u00e9rience en assemblage de produits haut de gamme permettent \u00e0 Portatec d&#39;exceller dans la cr\u00e9ation de portes int\u00e9rieures uniques et sur mesure, alliant esth\u00e9tisme et haute performance. Jusqu&#39;\u00e0 pr\u00e9sent, les collections &#39;&#39;PASSION&#39;&#39; et &#39;&#39;R\u00c9VOLUTION&#39;&#39; sont celles qui connaissent un tr\u00e8s grand succ\u00e8s. Toutes deux sont compos\u00e9es de bois, ce qui apporte aux portes int\u00e9rieures un c\u00f4t\u00e9 chaleureux, intemporel et magnifiquement moderne!<\/p>\n","en":"<p>Since 1984, Portatec has never stopped innovating in the field of windows and doors, more specifically in the manufacturing of superior quality exterior door systems. The company wanted to expand its great know-how in the manufacturing of interior doors with a unique and contemporary design. <\/p>\n<p>Thus, since the fall of 2019, Portatec offers, in addition to these exterior doors, a wide selection of modern interior doors and say &#39;&#39; turnkey &#39;&#39;. Six different collections are offered and for each of them, a multitude of models and combinations are possible. The use of various materials (soundproof door, factory paint, application of wood (oak, birch, maple, walnut, bamboo and ebony), insertion of stainless steel stripes etc.) as well as the 36 years of experience in assembling high-end products allow Portatec to excel in the creation of unique and tailor-made interior doors, combining aesthetics and high performance. Until now, the &#39;&#39; PASSION &#39;&#39; and &#39;&#39; REVOLUTION &#39;&#39; collections have been very successful. Both are made of wood, which gives interior doors a warm, timeless and beautifull modern feel!<\/p>\n","original":""},"jury_text":[{"category":231,"fr":"<p>Portatec est une entreprise manufacturi\u00e8re de portes d&#39;entr\u00e9es de qualit\u00e9 sup\u00e9rieure depuis plus de 36 ans.  Elle offre des portes d&#39;acier, de bois et de fibre de verre, toutes sur mesure. L&#39;\u00e9quipe est compos\u00e9e d&#39;une vingtaine d&#39;employ\u00e9s dont l&#39;anciennet\u00e9 est de plus de 18 ans. C&#39;est ind\u00e9niablement l&#39;une des plus grandes forces de l&#39;entreprise. Ainsi, \u00e0 l&#39;automne 2017, lors d&#39;une rencontre d&#39;\u00e9quipe sur le d\u00e9veloppement de produits, nous avons eu l&#39;id\u00e9e d&#39;expandre notre savoir-faire sur la fabrication de portes int\u00e9rieures sur mesure et au design contemporain, le tout \u00e0 l&#39;image de nos portes ext\u00e9rieures. Avec beaucoup de travail et une implication compl\u00e8te de tous les membres de l&#39;\u00e9quipe, nous sommes arriv\u00e9s deux ans plus tard \u00e0 proposer \u00e0 notre client\u00e8le une vaste gamme de portes int\u00e9rieures compos\u00e9e de 6 collections: PURE, ZEN, MODERNOX, NOBELLA, R\u00c9VOLUTION et PASSION.  Toutes nos portes sont dites &#39;&#39;cl\u00e9 en main&#39;&#39; c&#39;est-\u00e0-dire qu&#39;elles machin\u00e9es, peintes (ou teintes) et assembl\u00e9es en usine (incluant les poign\u00e9es de portes). Toutes les portes int\u00e9rieures sont fabriqu\u00e9es sur mesure selon les choix de combinaisons de nos clients. <\/p>\n<p>Jusqu&#39;\u00e0 pr\u00e9sent, les collections &#39;&#39;PASSION&#39;&#39; et &#39;&#39;R\u00c9VOLUTION&#39;&#39; sont celles qui connaissent un tr\u00e8s grand succ\u00e8s. Toutes deux sont compos\u00e9es de bois (6 essences de bois,14 couleurs de teinture), ce qui apporte aux portes int\u00e9rieures un c\u00f4t\u00e9 chaleureux, intemporel et magnifiquement moderne!  Nous sommes tr\u00e8s fiers de vous les pr\u00e9senter!<\/p>\n","en":"<p>Portatec has been a manufacturer of premium quality entry doors for over 36 years. It offers steel, wood and fiberglass doors, all made to measure. The team is made up of around 20 employees with more than 18 years of service. This is undeniably one of the company&#39;s greatest strengths. Thus, in the fall of 2017, during a team meeting on product development, we had the idea to expand our know-how on the manufacturing of custom interior doors with contemporary design, all of this like our exterior doors. With a lot of work and a complete involvement of all the members of the team, two years later we were able to offer our customers a wide range of interior doors made up of 6 collections: PURE, ZEN, MODERNOX, NOBELLA, REVOLUTION and PASSION. All our doors are said to be &#39;&#39; turnkey &#39;&#39;, meaning that they are machined, painted (or stained) and assembled in the factory (including the door handles). All interior doors are custom made according to our customers&#39; choice of combinations.<\/p>\n<p>So far, the &#39;&#39; PASSION &#39;&#39; and &#39;&#39; REVOLUTION &#39;&#39; collections have been very successful. Both are made of wood (6 wood species, 14 stain colors), which gives interior doors a warm, timeless and beautifull modern feel! We are very proud to present them to you!<\/p>\n","original":""},{"category":236,"fr":"<p>Fi\u00e8re de ces 36 ann\u00e9es d&#39;exp\u00e9rience dans la fabrication de portes ext\u00e9rieures de qualit\u00e9 sup\u00e9rieure (portes d&#39;acier, de bois et de fibre de verre), Portatec a su compl\u00e9menter sa gamme de produits avec de toutes nouvelles portes int\u00e9rieures au design moderne et unique (6 collections). Ma\u00eetrisant l&#39;art du travail du bois ainsi que sa finition,  notre \u00e9quipe d&#39;\u00e9b\u00e9nistes a con\u00e7u deux collections de portes int\u00e9rieures avec proposition de bois. Toutes deux sont offertes en 6 essences de bois; le ch\u00eane, le merisier, l&#39;\u00e9rable, le noyer, le bambou et l&#39;\u00e9b\u00e8ne. Un vaste choix de 14 couleurs de teintures est \u00e9galement offert \u00e0 la client\u00e8le.<\/p>\n<p>La collection REVOLUTION se veut une insertion de bois sur une porte unie coupe-son peinte. Cette insertion peut se faire \u00e0 l&#39;horizontal ou \u00e0 la vertical selon les mod\u00e8les propos\u00e9s par Portatec. Il est \u00e9galement possible de juxtaposer au bois une ou deux bandes en acier inoxydable pour donner un look encore plus contemporain.<\/p>\n<p>La collection PASSION est compos\u00e9e d&#39;une porte unie coupe-son avec un placage de bois des deux c\u00f4t\u00e9s de la porte. Selon l&#39;essence de bois choisi par le client, le grain du bois peut \u00eatre install\u00e9 \u00e0 l&#39;horizontal ou \u00e0 la vertical. Il est \u00e9galement possible d&#39;ajouter des bandes en acier inoxydable sur les portes de cette collection.<\/p>\n<p>Portatec a toujours travaill\u00e9 le bois pour ces portes ext\u00e9rieures et est tr\u00e8s fier d&#39;offrir maintenant une gamme de produits d&#39;int\u00e9rieur alliant ce mat\u00e9riau noble, chaleureux et tout \u00e0 fait moderne!<\/p>\n","en":"<p>Proud of these 36 years of experience in the manufacturing of superior quality exterior doors (steel, wood and fiberglass doors), Portatec has complemented its range of products with brand new interior doors with modern and unique design (6 collections). Mastering the art of woodworking as well as its finish, our team of cabinetmakers has designed two collections of interior doors with a choice of wood. Both are available in 6 wood species; oak, birch, maple, walnut, bamboo and ebony. A wide choice of 14 stain colors is also available to customers.<\/p>\n<p>The REVOLUTION collection is intended to be an insert of wood on a plain painted soundproof door. This insertion can be done horizontally or vertically depending on the models offered by Portatec. It is also possible to juxtapose one or two stainless steel stipes to the wood to give an even more contemporary look.<\/p>\n<p>The PASSION collection is made up of a plain soundproof door with wood veneer on both sides of the door. Depending on the type of wood chosen by the customer, the grain of the wood can be installed horizontally or vertically. It is also possible to add stainless steel tripes on the doors of this collection.<\/p>\n<p>Portatec has always worked with wood for these exterior doors and is now very proud to offer a range of interior products combining this noble, warm and completely modern material!<\/p>\n","original":""}],"different_jury_text":false,"different_category_text":false},"laureats":[],"contest_id":"6760","contest_title":"GRANDS PRIX DU DESIGN - 14th edition","firms":[{"name":"Portatec","website":"www.portatecqc.com","category":"Manufacturier - Distributeur","category_tax":false,"category_label":null}],"user":{"email":"choule@portatecqc.com","first_name":"Catherine","last_name":"Houle"},"doc_texts_web":{"fr":"","en":""},"permalinks":{"fr":"https:\/\/int.design\/fr\/projets\/collections-de-portes-interieures-revolution-et-passion-de-portatec\/","en":"https:\/\/int.design\/en\/projects\/collections-de-portes-interieures-revolution-et-passion-de-portatec\/"},"titles":{"fr":"Collections de portes int\u00e9rieures &#039;&#039;R\u00e9volution&#039;&#039; et &#039;&#039;Passion&#039;&#039; de Portatec","en":"Collections de portes int\u00e9rieures &#039;&#039;R\u00e9volution&#039;&#039; et &#039;&#039;Passion&#039;&#039; de Portatec"},"wp_fields":[],"laravel_id":""},"_links":{"self":[{"href":"https:\/\/int.design\/en\/wp-json\/wp\/v2\/project\/64171","targetHints":{"allow":["GET"]}}],"collection":[{"href":"https:\/\/int.design\/en\/wp-json\/wp\/v2\/project"}],"about":[{"href":"https:\/\/int.design\/en\/wp-json\/wp\/v2\/types\/project"}],"wp:attachment":[{"href":"https:\/\/int.design\/en\/wp-json\/wp\/v2\/media?parent=64171"}],"curies":[{"name":"wp","href":"https:\/\/api.w.org\/{rel}","templated":true}]}}