{"id":63190,"date":"2021-07-14T19:40:28","date_gmt":"2021-07-14T23:40:28","guid":{"rendered":"https:\/\/int.design\/?post_type=project&#038;p=63190"},"modified":"2021-07-16T13:50:20","modified_gmt":"2021-07-16T17:50:20","slug":"chalet-sur-la-pointe","status":"publish","type":"project","link":"https:\/\/int.design\/en\/projects\/chalet-sur-la-pointe\/","title":{"rendered":"Chalet sur la pointe"},"content":{"rendered":"","protected":false},"template":"","class_list":["post-63190","project","type-project","status-publish","hentry","project_category-architecture-grands_prix_du_design_en","project_category-residential-building","project_category-cottage-country-house"],"acf":[],"yoast_head":"<!-- This site is optimized with the Yoast SEO plugin v21.5 - https:\/\/yoast.com\/wordpress\/plugins\/seo\/ -->\n<title>Chalet sur la pointe - INT Design<\/title>\n<meta name=\"robots\" content=\"index, follow, max-snippet:-1, max-image-preview:large, max-video-preview:-1\" \/>\n<link rel=\"canonical\" href=\"https:\/\/int.design\/en\/projects\/chalet-sur-la-pointe\/\" \/>\n<meta property=\"og:locale\" content=\"en_US\" \/>\n<meta property=\"og:type\" content=\"article\" \/>\n<meta property=\"og:title\" content=\"Chalet sur la pointe - INT Design\" \/>\n<meta property=\"og:url\" content=\"https:\/\/int.design\/en\/projects\/chalet-sur-la-pointe\/\" \/>\n<meta property=\"og:site_name\" content=\"INT Design\" \/>\n<meta property=\"article:modified_time\" content=\"2021-07-16T17:50:20+00:00\" \/>\n<meta name=\"twitter:card\" content=\"summary_large_image\" \/>\n<script type=\"application\/ld+json\" class=\"yoast-schema-graph\">{\"@context\":\"https:\/\/schema.org\",\"@graph\":[{\"@type\":\"WebPage\",\"@id\":\"https:\/\/int.design\/en\/projects\/chalet-sur-la-pointe\/\",\"url\":\"https:\/\/int.design\/en\/projects\/chalet-sur-la-pointe\/\",\"name\":\"Chalet sur la pointe - INT Design\",\"isPartOf\":{\"@id\":\"https:\/\/int.design\/fr\/#website\"},\"datePublished\":\"2021-07-14T23:40:28+00:00\",\"dateModified\":\"2021-07-16T17:50:20+00:00\",\"breadcrumb\":{\"@id\":\"https:\/\/int.design\/en\/projects\/chalet-sur-la-pointe\/#breadcrumb\"},\"inLanguage\":\"en-US\",\"potentialAction\":[{\"@type\":\"ReadAction\",\"target\":[\"https:\/\/int.design\/en\/projects\/chalet-sur-la-pointe\/\"]}]},{\"@type\":\"BreadcrumbList\",\"@id\":\"https:\/\/int.design\/en\/projects\/chalet-sur-la-pointe\/#breadcrumb\",\"itemListElement\":[{\"@type\":\"ListItem\",\"position\":1,\"name\":\"Home\",\"item\":\"https:\/\/int.design\/en\/\"},{\"@type\":\"ListItem\",\"position\":2,\"name\":\"Projects\",\"item\":\"https:\/\/int.design\/en\/projects\/\"},{\"@type\":\"ListItem\",\"position\":3,\"name\":\"Chalet sur la pointe\"}]},{\"@type\":\"WebSite\",\"@id\":\"https:\/\/int.design\/fr\/#website\",\"url\":\"https:\/\/int.design\/fr\/\",\"name\":\"INT Design\",\"description\":\"\",\"potentialAction\":[{\"@type\":\"SearchAction\",\"target\":{\"@type\":\"EntryPoint\",\"urlTemplate\":\"https:\/\/int.design\/fr\/?s={search_term_string}\"},\"query-input\":\"required name=search_term_string\"}],\"inLanguage\":\"en-US\"}]}<\/script>\n<!-- \/ Yoast SEO plugin. -->","yoast_head_json":{"title":"Chalet sur la pointe - INT Design","robots":{"index":"index","follow":"follow","max-snippet":"max-snippet:-1","max-image-preview":"max-image-preview:large","max-video-preview":"max-video-preview:-1"},"canonical":"https:\/\/int.design\/en\/projects\/chalet-sur-la-pointe\/","og_locale":"en_US","og_type":"article","og_title":"Chalet sur la pointe - INT Design","og_url":"https:\/\/int.design\/en\/projects\/chalet-sur-la-pointe\/","og_site_name":"INT Design","article_modified_time":"2021-07-16T17:50:20+00:00","twitter_card":"summary_large_image","schema":{"@context":"https:\/\/schema.org","@graph":[{"@type":"WebPage","@id":"https:\/\/int.design\/en\/projects\/chalet-sur-la-pointe\/","url":"https:\/\/int.design\/en\/projects\/chalet-sur-la-pointe\/","name":"Chalet sur la pointe - INT Design","isPartOf":{"@id":"https:\/\/int.design\/fr\/#website"},"datePublished":"2021-07-14T23:40:28+00:00","dateModified":"2021-07-16T17:50:20+00:00","breadcrumb":{"@id":"https:\/\/int.design\/en\/projects\/chalet-sur-la-pointe\/#breadcrumb"},"inLanguage":"en-US","potentialAction":[{"@type":"ReadAction","target":["https:\/\/int.design\/en\/projects\/chalet-sur-la-pointe\/"]}]},{"@type":"BreadcrumbList","@id":"https:\/\/int.design\/en\/projects\/chalet-sur-la-pointe\/#breadcrumb","itemListElement":[{"@type":"ListItem","position":1,"name":"Home","item":"https:\/\/int.design\/en\/"},{"@type":"ListItem","position":2,"name":"Projects","item":"https:\/\/int.design\/en\/projects\/"},{"@type":"ListItem","position":3,"name":"Chalet sur la pointe"}]},{"@type":"WebSite","@id":"https:\/\/int.design\/fr\/#website","url":"https:\/\/int.design\/fr\/","name":"INT Design","description":"","potentialAction":[{"@type":"SearchAction","target":{"@type":"EntryPoint","urlTemplate":"https:\/\/int.design\/fr\/?s={search_term_string}"},"query-input":"required name=search_term_string"}],"inLanguage":"en-US"}]}},"entry":{"cats":{"disciplines":[{"id":344,"name":"Architecture"}],"big_cats":[{"id":611,"name":"Residential Building"}],"sub_cats":[{"id":612,"name":"Cottage &amp; Country House","parent":611}]},"entry":{"":null,"status":"ongoing","winner_title":"","winner_prize_lang":"","title_translatable":false,"title_en":"","title_fr":"","releve_award":false,"releve_award_cv":false,"collaboration":false,"collaboration_firms":false,"other_firms":[{"name":"Paul Bernier Architecte","website":"https:\/\/www.paulbernier.com\/","category":"Architecte","category_tax":false},{"name":"Calculatec","website":"","category":"Ing\u00e9nierie","category_tax":false},{"name":"Construction L\u00e9onald Goyette","website":"","category":"Entrepreneur g\u00e9n\u00e9ral","category_tax":false}],"owner":{"name":"","confidential":false,"website":"","contact_name":"","email":"","phone":""},"address":{"address":"","city":"","region":"Lanaudi\u00e8re","province":"QC","country":"","postal_code":""},"logos":false,"use_logo":false,"designers":[{"name":"Paul Bernier","credit":"","image":{"ID":67179,"id":67179,"title":"Paul Bernier","filename":"7_Paul Bernier.jpg","filesize":0,"url":"https:\/\/d2q6z78khxmx42.cloudfront.net\/2021\/03\/7_Paul Bernier.jpg","link":"https:\/\/int.design\/fr\/projets\/chalet-sur-la-pointe\/paul-bernier-3\/","alt":"","author":"694","description":"","caption":"","name":"paul-bernier-3","status":"inherit","uploaded_to":63189,"date":"2021-03-18 14:23:58","modified":"2021-03-18 14:24:35","menu_order":0,"mime_type":"image\/jpeg","type":"image","subtype":"jpeg","icon":"https:\/\/int.design\/wp-includes\/images\/media\/default.png","width":2456,"height":2475,"sizes":{"thumbnail":"https:\/\/d2q6z78khxmx42.cloudfront.net\/2021\/03\/7_Paul Bernier-150x150.jpg","thumbnail-width":150,"thumbnail-height":150,"medium":"https:\/\/d2q6z78khxmx42.cloudfront.net\/2021\/03\/7_Paul Bernier-298x300.jpg","medium-width":298,"medium-height":300,"medium_large":"https:\/\/d2q6z78khxmx42.cloudfront.net\/2021\/03\/7_Paul Bernier-768x774.jpg","medium_large-width":768,"medium_large-height":774,"large":"https:\/\/d2q6z78khxmx42.cloudfront.net\/2021\/03\/7_Paul Bernier-1016x1024.jpg","large-width":1016,"large-height":1024,"1536x1536":"https:\/\/d2q6z78khxmx42.cloudfront.net\/2021\/03\/7_Paul Bernier-1524x1536.jpg","1536x1536-width":1524,"1536x1536-height":1536,"2048x2048":"https:\/\/d2q6z78khxmx42.cloudfront.net\/2021\/03\/7_Paul Bernier-2032x2048.jpg","2048x2048-width":2032,"2048x2048-height":2048,"article":"https:\/\/d2q6z78khxmx42.cloudfront.net\/2021\/03\/7_Paul Bernier-960x540.jpg","article-width":960,"article-height":540,"banner":"https:\/\/d2q6z78khxmx42.cloudfront.net\/2021\/03\/7_Paul Bernier-1920x1935.jpg","banner-width":1920,"banner-height":1935,"block":"https:\/\/d2q6z78khxmx42.cloudfront.net\/2021\/03\/7_Paul Bernier-900x680.jpg","block-width":900,"block-height":680,"card":"https:\/\/d2q6z78khxmx42.cloudfront.net\/2021\/03\/7_Paul Bernier-560x495.jpg","card-width":560,"card-height":495,"card-thumbnail":"https:\/\/d2q6z78khxmx42.cloudfront.net\/2021\/03\/7_Paul Bernier-450x340.jpg","card-thumbnail-width":450,"card-thumbnail-height":340,"conference":"https:\/\/d2q6z78khxmx42.cloudfront.net\/2021\/03\/7_Paul Bernier-560x250.jpg","conference-width":560,"conference-height":250,"contest":"https:\/\/d2q6z78khxmx42.cloudfront.net\/2021\/03\/7_Paul Bernier-960x400.jpg","contest-width":960,"contest-height":400,"cta":"https:\/\/d2q6z78khxmx42.cloudfront.net\/2021\/03\/7_Paul Bernier-415x170.jpg","cta-width":415,"cta-height":170,"exhibitor":"https:\/\/d2q6z78khxmx42.cloudfront.net\/2021\/03\/7_Paul Bernier-560x560.jpg","exhibitor-width":560,"exhibitor-height":560,"gallery":"https:\/\/d2q6z78khxmx42.cloudfront.net\/2021\/03\/7_Paul Bernier-427x430.jpg","gallery-width":427,"gallery-height":430,"logo":"https:\/\/d2q6z78khxmx42.cloudfront.net\/2021\/03\/7_Paul Bernier-99x100.jpg","logo-width":99,"logo-height":100,"masonry":"https:\/\/d2q6z78khxmx42.cloudfront.net\/2021\/03\/7_Paul Bernier-550x554.jpg","masonry-width":550,"masonry-height":554,"modal":"https:\/\/d2q6z78khxmx42.cloudfront.net\/2021\/03\/7_Paul Bernier-1905x1920.jpg","modal-width":1905,"modal-height":1920,"number":"https:\/\/d2q6z78khxmx42.cloudfront.net\/2021\/03\/o97DpkJD-7_Paul Bernier-427x430.jpg","number-width":427,"number-height":430,"partner":"https:\/\/d2q6z78khxmx42.cloudfront.net\/2021\/03\/7_Paul Bernier-208x210.jpg","partner-width":208,"partner-height":210,"ranking":"https:\/\/d2q6z78khxmx42.cloudfront.net\/2021\/03\/o97DpkJD-7_Paul Bernier-960x540.jpg","ranking-width":960,"ranking-height":540,"schedule":"https:\/\/d2q6z78khxmx42.cloudfront.net\/2021\/03\/7_Paul Bernier-960x360.jpg","schedule-width":960,"schedule-height":360,"slideshow":"https:\/\/d2q6z78khxmx42.cloudfront.net\/2021\/03\/7_Paul Bernier-675x680.jpg","slideshow-width":675,"slideshow-height":680}},"file":{"ID":67180,"id":67180,"title":"PBA - Pre\u0301sentation","filename":"6_PBA - Pre\u0301sentation.pdf","filesize":0,"url":"https:\/\/d2q6z78khxmx42.cloudfront.net\/2021\/03\/6_PBA - Pre\u0301sentation.pdf","link":"https:\/\/int.design\/fr\/projets\/chalet-sur-la-pointe\/pba-presentation-2\/","alt":"","author":"694","description":"","caption":"","name":"pba-presentation-2","status":"inherit","uploaded_to":63189,"date":"2021-03-18 14:24:09","modified":"2021-03-18 14:24:35","menu_order":0,"mime_type":"application\/pdf","type":"application","subtype":"pdf","icon":"https:\/\/int.design\/wp-includes\/images\/media\/document.png"}}],"cover":[{"categories":[429],"credit":"Rapha\u00ebl Thibodeau","image":{"ID":64059,"id":64059,"title":"Chalet_sur_la_pointe_photo1","filename":"Chalet_sur_la_pointe_photo1-scaled.jpg","filesize":0,"url":"https:\/\/int.design\/wp-content\/uploads\/2021\/02\/Chalet_sur_la_pointe_photo1-scaled.jpg","link":"https:\/\/int.design\/fr\/projets\/chalet-sur-la-pointe\/chalet_sur_la_pointe_photo1\/","alt":"","author":"694","description":"Chalet sur la pointe Paul Bernier Architecte Paul Bernier Architecte Calculatec Construction L\u00e9onald Goyette Marie-Christine Sirois Styliste","caption":"","name":"chalet_sur_la_pointe_photo1","status":"inherit","uploaded_to":63189,"date":"2021-02-26 21:23:04","modified":"2022-02-08 12:35:09","menu_order":0,"mime_type":"image\/jpeg","type":"image","subtype":"jpeg","icon":"https:\/\/int.design\/wp-includes\/images\/media\/default.png","width":2560,"height":1707,"sizes":{"thumbnail":"https:\/\/int.design\/wp-content\/uploads\/2021\/02\/Chalet_sur_la_pointe_photo1-150x150.jpg","thumbnail-width":150,"thumbnail-height":150,"medium":"https:\/\/int.design\/wp-content\/uploads\/2021\/02\/Chalet_sur_la_pointe_photo1-300x200.jpg","medium-width":300,"medium-height":200,"medium_large":"https:\/\/int.design\/wp-content\/uploads\/2021\/02\/Chalet_sur_la_pointe_photo1-768x512.jpg","medium_large-width":768,"medium_large-height":512,"large":"https:\/\/int.design\/wp-content\/uploads\/2021\/02\/Chalet_sur_la_pointe_photo1-1024x683.jpg","large-width":1024,"large-height":683,"1536x1536":"https:\/\/int.design\/wp-content\/uploads\/2021\/02\/Chalet_sur_la_pointe_photo1-1536x1024.jpg","1536x1536-width":1536,"1536x1536-height":1024,"2048x2048":"https:\/\/int.design\/wp-content\/uploads\/2021\/02\/Chalet_sur_la_pointe_photo1-2048x1365.jpg","2048x2048-width":2048,"2048x2048-height":1365,"article":"https:\/\/int.design\/wp-content\/uploads\/2021\/02\/Chalet_sur_la_pointe_photo1-960x540.jpg","article-width":960,"article-height":540,"banner":"https:\/\/int.design\/wp-content\/uploads\/2021\/02\/Chalet_sur_la_pointe_photo1-1920x1280.jpg","banner-width":1920,"banner-height":1280,"block":"https:\/\/int.design\/wp-content\/uploads\/2021\/02\/Chalet_sur_la_pointe_photo1-900x680.jpg","block-width":900,"block-height":680,"card":"https:\/\/int.design\/wp-content\/uploads\/2021\/02\/Chalet_sur_la_pointe_photo1-560x495.jpg","card-width":560,"card-height":495,"card-thumbnail":"https:\/\/int.design\/wp-content\/uploads\/2021\/02\/Chalet_sur_la_pointe_photo1-450x340.jpg","card-thumbnail-width":450,"card-thumbnail-height":340,"conference":"https:\/\/int.design\/wp-content\/uploads\/2021\/02\/Chalet_sur_la_pointe_photo1-560x250.jpg","conference-width":560,"conference-height":250,"contest":"https:\/\/int.design\/wp-content\/uploads\/2021\/02\/Chalet_sur_la_pointe_photo1-960x400.jpg","contest-width":960,"contest-height":400,"cta":"https:\/\/int.design\/wp-content\/uploads\/2021\/02\/Chalet_sur_la_pointe_photo1-415x170.jpg","cta-width":415,"cta-height":170,"exhibitor":"https:\/\/int.design\/wp-content\/uploads\/2021\/02\/Chalet_sur_la_pointe_photo1-560x560.jpg","exhibitor-width":560,"exhibitor-height":560,"gallery":"https:\/\/int.design\/wp-content\/uploads\/2021\/02\/Chalet_sur_la_pointe_photo1-560x373.jpg","gallery-width":560,"gallery-height":373,"logo":"https:\/\/int.design\/wp-content\/uploads\/2021\/02\/Chalet_sur_la_pointe_photo1-150x100.jpg","logo-width":150,"logo-height":100,"masonry":"https:\/\/int.design\/wp-content\/uploads\/2021\/02\/Chalet_sur_la_pointe_photo1-550x367.jpg","masonry-width":550,"masonry-height":367,"modal":"https:\/\/int.design\/wp-content\/uploads\/2021\/02\/Chalet_sur_la_pointe_photo1-1920x1280.jpg","modal-width":1920,"modal-height":1280,"number":"https:\/\/int.design\/wp-content\/uploads\/2021\/02\/Chalet_sur_la_pointe_photo1-560x373.jpg","number-width":560,"number-height":373,"partner":"https:\/\/int.design\/wp-content\/uploads\/2021\/02\/Chalet_sur_la_pointe_photo1-275x183.jpg","partner-width":275,"partner-height":183,"ranking":"https:\/\/int.design\/wp-content\/uploads\/2021\/02\/Chalet_sur_la_pointe_photo1-960x540.jpg","ranking-width":960,"ranking-height":540,"schedule":"https:\/\/int.design\/wp-content\/uploads\/2021\/02\/Chalet_sur_la_pointe_photo1-960x360.jpg","schedule-width":960,"schedule-height":360,"slideshow":"https:\/\/int.design\/wp-content\/uploads\/2021\/02\/Chalet_sur_la_pointe_photo1-1020x680.jpg","slideshow-width":1020,"slideshow-height":680}},"filters":[1005,556,83],"suppliers":false,"attachment_category":{"83":"Bois","2414":"Chalet &amp; maison de campagne","2678":"Chalet &amp; Maison de campagne","556":"Paysage - R\u00e9sidentiel","1005":"R\u00e9sidence"}}],"images":[{"categories":[429],"credit":"Rapha\u00ebl Thibodeau","image":{"ID":64060,"id":64060,"title":"Chalet_sur_la_pointe_photo2","filename":"Chalet_sur_la_pointe_photo2-scaled.jpg","filesize":0,"url":"https:\/\/int.design\/wp-content\/uploads\/2021\/02\/Chalet_sur_la_pointe_photo2-scaled.jpg","link":"https:\/\/int.design\/fr\/projets\/chalet-sur-la-pointe\/chalet_sur_la_pointe_photo2\/","alt":"","author":"694","description":"Chalet sur la pointe Paul Bernier Architecte Paul Bernier Architecte Calculatec Construction L\u00e9onald Goyette Marie-Christine Sirois Styliste","caption":"","name":"chalet_sur_la_pointe_photo2","status":"inherit","uploaded_to":63189,"date":"2021-02-26 21:23:17","modified":"2022-02-08 12:35:09","menu_order":0,"mime_type":"image\/jpeg","type":"image","subtype":"jpeg","icon":"https:\/\/int.design\/wp-includes\/images\/media\/default.png","width":2560,"height":1707,"sizes":{"thumbnail":"https:\/\/int.design\/wp-content\/uploads\/2021\/02\/Chalet_sur_la_pointe_photo2-150x150.jpg","thumbnail-width":150,"thumbnail-height":150,"medium":"https:\/\/int.design\/wp-content\/uploads\/2021\/02\/Chalet_sur_la_pointe_photo2-300x200.jpg","medium-width":300,"medium-height":200,"medium_large":"https:\/\/int.design\/wp-content\/uploads\/2021\/02\/Chalet_sur_la_pointe_photo2-768x512.jpg","medium_large-width":768,"medium_large-height":512,"large":"https:\/\/int.design\/wp-content\/uploads\/2021\/02\/Chalet_sur_la_pointe_photo2-1024x683.jpg","large-width":1024,"large-height":683,"1536x1536":"https:\/\/int.design\/wp-content\/uploads\/2021\/02\/Chalet_sur_la_pointe_photo2-1536x1024.jpg","1536x1536-width":1536,"1536x1536-height":1024,"2048x2048":"https:\/\/int.design\/wp-content\/uploads\/2021\/02\/Chalet_sur_la_pointe_photo2-2048x1365.jpg","2048x2048-width":2048,"2048x2048-height":1365,"article":"https:\/\/int.design\/wp-content\/uploads\/2021\/02\/Chalet_sur_la_pointe_photo2-960x540.jpg","article-width":960,"article-height":540,"banner":"https:\/\/int.design\/wp-content\/uploads\/2021\/02\/Chalet_sur_la_pointe_photo2-1920x1280.jpg","banner-width":1920,"banner-height":1280,"block":"https:\/\/int.design\/wp-content\/uploads\/2021\/02\/Chalet_sur_la_pointe_photo2-900x680.jpg","block-width":900,"block-height":680,"card":"https:\/\/int.design\/wp-content\/uploads\/2021\/02\/Chalet_sur_la_pointe_photo2-560x495.jpg","card-width":560,"card-height":495,"card-thumbnail":"https:\/\/int.design\/wp-content\/uploads\/2021\/02\/Chalet_sur_la_pointe_photo2-450x340.jpg","card-thumbnail-width":450,"card-thumbnail-height":340,"conference":"https:\/\/int.design\/wp-content\/uploads\/2021\/02\/Chalet_sur_la_pointe_photo2-560x250.jpg","conference-width":560,"conference-height":250,"contest":"https:\/\/int.design\/wp-content\/uploads\/2021\/02\/Chalet_sur_la_pointe_photo2-960x400.jpg","contest-width":960,"contest-height":400,"cta":"https:\/\/int.design\/wp-content\/uploads\/2021\/02\/Chalet_sur_la_pointe_photo2-415x170.jpg","cta-width":415,"cta-height":170,"exhibitor":"https:\/\/int.design\/wp-content\/uploads\/2021\/02\/Chalet_sur_la_pointe_photo2-560x560.jpg","exhibitor-width":560,"exhibitor-height":560,"gallery":"https:\/\/int.design\/wp-content\/uploads\/2021\/02\/Chalet_sur_la_pointe_photo2-560x373.jpg","gallery-width":560,"gallery-height":373,"logo":"https:\/\/int.design\/wp-content\/uploads\/2021\/02\/Chalet_sur_la_pointe_photo2-150x100.jpg","logo-width":150,"logo-height":100,"masonry":"https:\/\/int.design\/wp-content\/uploads\/2021\/02\/Chalet_sur_la_pointe_photo2-550x367.jpg","masonry-width":550,"masonry-height":367,"modal":"https:\/\/int.design\/wp-content\/uploads\/2021\/02\/Chalet_sur_la_pointe_photo2-1920x1280.jpg","modal-width":1920,"modal-height":1280,"number":"https:\/\/int.design\/wp-content\/uploads\/2021\/02\/Chalet_sur_la_pointe_photo2-560x373.jpg","number-width":560,"number-height":373,"partner":"https:\/\/int.design\/wp-content\/uploads\/2021\/02\/Chalet_sur_la_pointe_photo2-275x183.jpg","partner-width":275,"partner-height":183,"ranking":"https:\/\/int.design\/wp-content\/uploads\/2021\/02\/Chalet_sur_la_pointe_photo2-960x540.jpg","ranking-width":960,"ranking-height":540,"schedule":"https:\/\/int.design\/wp-content\/uploads\/2021\/02\/Chalet_sur_la_pointe_photo2-960x360.jpg","schedule-width":960,"schedule-height":360,"slideshow":"https:\/\/int.design\/wp-content\/uploads\/2021\/02\/Chalet_sur_la_pointe_photo2-1020x680.jpg","slideshow-width":1020,"slideshow-height":680}},"filters":[1005,556,83],"suppliers":false,"attachment_category":[]},{"categories":[429],"credit":"Rapha\u00ebl Thibodeau","image":{"ID":64061,"id":64061,"title":"Chalet_sur_la_pointe_photo3","filename":"Chalet_sur_la_pointe_photo3-scaled.jpg","filesize":0,"url":"https:\/\/int.design\/wp-content\/uploads\/2021\/02\/Chalet_sur_la_pointe_photo3-scaled.jpg","link":"https:\/\/int.design\/fr\/projets\/chalet-sur-la-pointe\/chalet_sur_la_pointe_photo3\/","alt":"","author":"694","description":"Chalet sur la pointe Paul Bernier Architecte Paul Bernier Architecte Calculatec Construction L\u00e9onald Goyette Marie-Christine Sirois Styliste","caption":"","name":"chalet_sur_la_pointe_photo3","status":"inherit","uploaded_to":63189,"date":"2021-02-26 21:23:31","modified":"2022-02-08 12:35:09","menu_order":0,"mime_type":"image\/jpeg","type":"image","subtype":"jpeg","icon":"https:\/\/int.design\/wp-includes\/images\/media\/default.png","width":2560,"height":1707,"sizes":{"thumbnail":"https:\/\/int.design\/wp-content\/uploads\/2021\/02\/Chalet_sur_la_pointe_photo3-150x150.jpg","thumbnail-width":150,"thumbnail-height":150,"medium":"https:\/\/int.design\/wp-content\/uploads\/2021\/02\/Chalet_sur_la_pointe_photo3-300x200.jpg","medium-width":300,"medium-height":200,"medium_large":"https:\/\/int.design\/wp-content\/uploads\/2021\/02\/Chalet_sur_la_pointe_photo3-768x512.jpg","medium_large-width":768,"medium_large-height":512,"large":"https:\/\/int.design\/wp-content\/uploads\/2021\/02\/Chalet_sur_la_pointe_photo3-1024x683.jpg","large-width":1024,"large-height":683,"1536x1536":"https:\/\/int.design\/wp-content\/uploads\/2021\/02\/Chalet_sur_la_pointe_photo3-1536x1024.jpg","1536x1536-width":1536,"1536x1536-height":1024,"2048x2048":"https:\/\/int.design\/wp-content\/uploads\/2021\/02\/Chalet_sur_la_pointe_photo3-2048x1365.jpg","2048x2048-width":2048,"2048x2048-height":1365,"article":"https:\/\/int.design\/wp-content\/uploads\/2021\/02\/Chalet_sur_la_pointe_photo3-960x540.jpg","article-width":960,"article-height":540,"banner":"https:\/\/int.design\/wp-content\/uploads\/2021\/02\/Chalet_sur_la_pointe_photo3-1920x1280.jpg","banner-width":1920,"banner-height":1280,"block":"https:\/\/int.design\/wp-content\/uploads\/2021\/02\/Chalet_sur_la_pointe_photo3-900x680.jpg","block-width":900,"block-height":680,"card":"https:\/\/int.design\/wp-content\/uploads\/2021\/02\/Chalet_sur_la_pointe_photo3-560x495.jpg","card-width":560,"card-height":495,"card-thumbnail":"https:\/\/int.design\/wp-content\/uploads\/2021\/02\/Chalet_sur_la_pointe_photo3-450x340.jpg","card-thumbnail-width":450,"card-thumbnail-height":340,"conference":"https:\/\/int.design\/wp-content\/uploads\/2021\/02\/Chalet_sur_la_pointe_photo3-560x250.jpg","conference-width":560,"conference-height":250,"contest":"https:\/\/int.design\/wp-content\/uploads\/2021\/02\/Chalet_sur_la_pointe_photo3-960x400.jpg","contest-width":960,"contest-height":400,"cta":"https:\/\/int.design\/wp-content\/uploads\/2021\/02\/Chalet_sur_la_pointe_photo3-415x170.jpg","cta-width":415,"cta-height":170,"exhibitor":"https:\/\/int.design\/wp-content\/uploads\/2021\/02\/Chalet_sur_la_pointe_photo3-560x560.jpg","exhibitor-width":560,"exhibitor-height":560,"gallery":"https:\/\/int.design\/wp-content\/uploads\/2021\/02\/Chalet_sur_la_pointe_photo3-560x373.jpg","gallery-width":560,"gallery-height":373,"logo":"https:\/\/int.design\/wp-content\/uploads\/2021\/02\/Chalet_sur_la_pointe_photo3-150x100.jpg","logo-width":150,"logo-height":100,"masonry":"https:\/\/int.design\/wp-content\/uploads\/2021\/02\/Chalet_sur_la_pointe_photo3-550x367.jpg","masonry-width":550,"masonry-height":367,"modal":"https:\/\/int.design\/wp-content\/uploads\/2021\/02\/Chalet_sur_la_pointe_photo3-1920x1280.jpg","modal-width":1920,"modal-height":1280,"number":"https:\/\/int.design\/wp-content\/uploads\/2021\/02\/Chalet_sur_la_pointe_photo3-560x373.jpg","number-width":560,"number-height":373,"partner":"https:\/\/int.design\/wp-content\/uploads\/2021\/02\/Chalet_sur_la_pointe_photo3-275x183.jpg","partner-width":275,"partner-height":183,"ranking":"https:\/\/int.design\/wp-content\/uploads\/2021\/02\/Chalet_sur_la_pointe_photo3-960x540.jpg","ranking-width":960,"ranking-height":540,"schedule":"https:\/\/int.design\/wp-content\/uploads\/2021\/02\/Chalet_sur_la_pointe_photo3-960x360.jpg","schedule-width":960,"schedule-height":360,"slideshow":"https:\/\/int.design\/wp-content\/uploads\/2021\/02\/Chalet_sur_la_pointe_photo3-1020x680.jpg","slideshow-width":1020,"slideshow-height":680}},"filters":[1005,556,83],"suppliers":false,"attachment_category":[]},{"categories":[429],"credit":"Rapha\u00ebl Thibodeau","image":{"ID":64062,"id":64062,"title":"Chalet_sur_la_pointe_photo4","filename":"Chalet_sur_la_pointe_photo4-scaled.jpg","filesize":0,"url":"https:\/\/int.design\/wp-content\/uploads\/2021\/02\/Chalet_sur_la_pointe_photo4-scaled.jpg","link":"https:\/\/int.design\/fr\/projets\/chalet-sur-la-pointe\/chalet_sur_la_pointe_photo4\/","alt":"","author":"694","description":"Chalet sur la pointe Paul Bernier Architecte Paul Bernier Architecte Calculatec Construction L\u00e9onald Goyette Marie-Christine Sirois Styliste","caption":"","name":"chalet_sur_la_pointe_photo4","status":"inherit","uploaded_to":63189,"date":"2021-02-26 21:23:45","modified":"2022-02-08 12:35:09","menu_order":0,"mime_type":"image\/jpeg","type":"image","subtype":"jpeg","icon":"https:\/\/int.design\/wp-includes\/images\/media\/default.png","width":2560,"height":1707,"sizes":{"thumbnail":"https:\/\/int.design\/wp-content\/uploads\/2021\/02\/Chalet_sur_la_pointe_photo4-150x150.jpg","thumbnail-width":150,"thumbnail-height":150,"medium":"https:\/\/int.design\/wp-content\/uploads\/2021\/02\/Chalet_sur_la_pointe_photo4-300x200.jpg","medium-width":300,"medium-height":200,"medium_large":"https:\/\/int.design\/wp-content\/uploads\/2021\/02\/Chalet_sur_la_pointe_photo4-768x512.jpg","medium_large-width":768,"medium_large-height":512,"large":"https:\/\/int.design\/wp-content\/uploads\/2021\/02\/Chalet_sur_la_pointe_photo4-1024x683.jpg","large-width":1024,"large-height":683,"1536x1536":"https:\/\/int.design\/wp-content\/uploads\/2021\/02\/Chalet_sur_la_pointe_photo4-1536x1024.jpg","1536x1536-width":1536,"1536x1536-height":1024,"2048x2048":"https:\/\/int.design\/wp-content\/uploads\/2021\/02\/Chalet_sur_la_pointe_photo4-2048x1365.jpg","2048x2048-width":2048,"2048x2048-height":1365,"article":"https:\/\/int.design\/wp-content\/uploads\/2021\/02\/Chalet_sur_la_pointe_photo4-960x540.jpg","article-width":960,"article-height":540,"banner":"https:\/\/int.design\/wp-content\/uploads\/2021\/02\/Chalet_sur_la_pointe_photo4-1920x1280.jpg","banner-width":1920,"banner-height":1280,"block":"https:\/\/int.design\/wp-content\/uploads\/2021\/02\/Chalet_sur_la_pointe_photo4-900x680.jpg","block-width":900,"block-height":680,"card":"https:\/\/int.design\/wp-content\/uploads\/2021\/02\/Chalet_sur_la_pointe_photo4-560x495.jpg","card-width":560,"card-height":495,"card-thumbnail":"https:\/\/int.design\/wp-content\/uploads\/2021\/02\/Chalet_sur_la_pointe_photo4-450x340.jpg","card-thumbnail-width":450,"card-thumbnail-height":340,"conference":"https:\/\/int.design\/wp-content\/uploads\/2021\/02\/Chalet_sur_la_pointe_photo4-560x250.jpg","conference-width":560,"conference-height":250,"contest":"https:\/\/int.design\/wp-content\/uploads\/2021\/02\/Chalet_sur_la_pointe_photo4-960x400.jpg","contest-width":960,"contest-height":400,"cta":"https:\/\/int.design\/wp-content\/uploads\/2021\/02\/Chalet_sur_la_pointe_photo4-415x170.jpg","cta-width":415,"cta-height":170,"exhibitor":"https:\/\/int.design\/wp-content\/uploads\/2021\/02\/Chalet_sur_la_pointe_photo4-560x560.jpg","exhibitor-width":560,"exhibitor-height":560,"gallery":"https:\/\/int.design\/wp-content\/uploads\/2021\/02\/Chalet_sur_la_pointe_photo4-560x373.jpg","gallery-width":560,"gallery-height":373,"logo":"https:\/\/int.design\/wp-content\/uploads\/2021\/02\/Chalet_sur_la_pointe_photo4-150x100.jpg","logo-width":150,"logo-height":100,"masonry":"https:\/\/int.design\/wp-content\/uploads\/2021\/02\/Chalet_sur_la_pointe_photo4-550x367.jpg","masonry-width":550,"masonry-height":367,"modal":"https:\/\/int.design\/wp-content\/uploads\/2021\/02\/Chalet_sur_la_pointe_photo4-1920x1280.jpg","modal-width":1920,"modal-height":1280,"number":"https:\/\/int.design\/wp-content\/uploads\/2021\/02\/Chalet_sur_la_pointe_photo4-560x373.jpg","number-width":560,"number-height":373,"partner":"https:\/\/int.design\/wp-content\/uploads\/2021\/02\/Chalet_sur_la_pointe_photo4-275x183.jpg","partner-width":275,"partner-height":183,"ranking":"https:\/\/int.design\/wp-content\/uploads\/2021\/02\/Chalet_sur_la_pointe_photo4-960x540.jpg","ranking-width":960,"ranking-height":540,"schedule":"https:\/\/int.design\/wp-content\/uploads\/2021\/02\/Chalet_sur_la_pointe_photo4-960x360.jpg","schedule-width":960,"schedule-height":360,"slideshow":"https:\/\/int.design\/wp-content\/uploads\/2021\/02\/Chalet_sur_la_pointe_photo4-1020x680.jpg","slideshow-width":1020,"slideshow-height":680}},"filters":[1005,1015,556,83],"suppliers":false,"attachment_category":[]},{"categories":[429],"credit":"Rapha\u00ebl Thibodeau","image":{"ID":64063,"id":64063,"title":"Chalet_sur_la_pointe_photo5","filename":"Chalet_sur_la_pointe_photo5-scaled.jpg","filesize":0,"url":"https:\/\/int.design\/wp-content\/uploads\/2021\/02\/Chalet_sur_la_pointe_photo5-scaled.jpg","link":"https:\/\/int.design\/fr\/projets\/chalet-sur-la-pointe\/chalet_sur_la_pointe_photo5\/","alt":"","author":"694","description":"Chalet sur la pointe Paul Bernier Architecte Paul Bernier Architecte Calculatec Construction L\u00e9onald Goyette Marie-Christine Sirois Styliste","caption":"","name":"chalet_sur_la_pointe_photo5","status":"inherit","uploaded_to":63189,"date":"2021-02-26 21:23:56","modified":"2022-02-08 12:35:09","menu_order":0,"mime_type":"image\/jpeg","type":"image","subtype":"jpeg","icon":"https:\/\/int.design\/wp-includes\/images\/media\/default.png","width":2560,"height":1707,"sizes":{"thumbnail":"https:\/\/int.design\/wp-content\/uploads\/2021\/02\/Chalet_sur_la_pointe_photo5-150x150.jpg","thumbnail-width":150,"thumbnail-height":150,"medium":"https:\/\/int.design\/wp-content\/uploads\/2021\/02\/Chalet_sur_la_pointe_photo5-300x200.jpg","medium-width":300,"medium-height":200,"medium_large":"https:\/\/int.design\/wp-content\/uploads\/2021\/02\/Chalet_sur_la_pointe_photo5-768x512.jpg","medium_large-width":768,"medium_large-height":512,"large":"https:\/\/int.design\/wp-content\/uploads\/2021\/02\/Chalet_sur_la_pointe_photo5-1024x683.jpg","large-width":1024,"large-height":683,"1536x1536":"https:\/\/int.design\/wp-content\/uploads\/2021\/02\/Chalet_sur_la_pointe_photo5-1536x1024.jpg","1536x1536-width":1536,"1536x1536-height":1024,"2048x2048":"https:\/\/int.design\/wp-content\/uploads\/2021\/02\/Chalet_sur_la_pointe_photo5-2048x1365.jpg","2048x2048-width":2048,"2048x2048-height":1365,"article":"https:\/\/int.design\/wp-content\/uploads\/2021\/02\/Chalet_sur_la_pointe_photo5-960x540.jpg","article-width":960,"article-height":540,"banner":"https:\/\/int.design\/wp-content\/uploads\/2021\/02\/Chalet_sur_la_pointe_photo5-1920x1280.jpg","banner-width":1920,"banner-height":1280,"block":"https:\/\/int.design\/wp-content\/uploads\/2021\/02\/Chalet_sur_la_pointe_photo5-900x680.jpg","block-width":900,"block-height":680,"card":"https:\/\/int.design\/wp-content\/uploads\/2021\/02\/Chalet_sur_la_pointe_photo5-560x495.jpg","card-width":560,"card-height":495,"card-thumbnail":"https:\/\/int.design\/wp-content\/uploads\/2021\/02\/Chalet_sur_la_pointe_photo5-450x340.jpg","card-thumbnail-width":450,"card-thumbnail-height":340,"conference":"https:\/\/int.design\/wp-content\/uploads\/2021\/02\/Chalet_sur_la_pointe_photo5-560x250.jpg","conference-width":560,"conference-height":250,"contest":"https:\/\/int.design\/wp-content\/uploads\/2021\/02\/Chalet_sur_la_pointe_photo5-960x400.jpg","contest-width":960,"contest-height":400,"cta":"https:\/\/int.design\/wp-content\/uploads\/2021\/02\/Chalet_sur_la_pointe_photo5-415x170.jpg","cta-width":415,"cta-height":170,"exhibitor":"https:\/\/int.design\/wp-content\/uploads\/2021\/02\/Chalet_sur_la_pointe_photo5-560x560.jpg","exhibitor-width":560,"exhibitor-height":560,"gallery":"https:\/\/int.design\/wp-content\/uploads\/2021\/02\/Chalet_sur_la_pointe_photo5-560x373.jpg","gallery-width":560,"gallery-height":373,"logo":"https:\/\/int.design\/wp-content\/uploads\/2021\/02\/Chalet_sur_la_pointe_photo5-150x100.jpg","logo-width":150,"logo-height":100,"masonry":"https:\/\/int.design\/wp-content\/uploads\/2021\/02\/Chalet_sur_la_pointe_photo5-550x367.jpg","masonry-width":550,"masonry-height":367,"modal":"https:\/\/int.design\/wp-content\/uploads\/2021\/02\/Chalet_sur_la_pointe_photo5-1920x1280.jpg","modal-width":1920,"modal-height":1280,"number":"https:\/\/int.design\/wp-content\/uploads\/2021\/02\/Chalet_sur_la_pointe_photo5-560x373.jpg","number-width":560,"number-height":373,"partner":"https:\/\/int.design\/wp-content\/uploads\/2021\/02\/Chalet_sur_la_pointe_photo5-275x183.jpg","partner-width":275,"partner-height":183,"ranking":"https:\/\/int.design\/wp-content\/uploads\/2021\/02\/Chalet_sur_la_pointe_photo5-960x540.jpg","ranking-width":960,"ranking-height":540,"schedule":"https:\/\/int.design\/wp-content\/uploads\/2021\/02\/Chalet_sur_la_pointe_photo5-960x360.jpg","schedule-width":960,"schedule-height":360,"slideshow":"https:\/\/int.design\/wp-content\/uploads\/2021\/02\/Chalet_sur_la_pointe_photo5-1020x680.jpg","slideshow-width":1020,"slideshow-height":680}},"filters":[1005,24,556,83],"suppliers":false,"attachment_category":[]},{"categories":[429],"credit":"Rapha\u00ebl Thibodeau","image":{"ID":64064,"id":64064,"title":"Chalet_sur_la_pointe_photo6","filename":"Chalet_sur_la_pointe_photo6-scaled.jpg","filesize":0,"url":"https:\/\/int.design\/wp-content\/uploads\/2021\/02\/Chalet_sur_la_pointe_photo6-scaled.jpg","link":"https:\/\/int.design\/fr\/projets\/chalet-sur-la-pointe\/chalet_sur_la_pointe_photo6\/","alt":"","author":"694","description":"Chalet sur la pointe Paul Bernier Architecte Paul Bernier Architecte Calculatec Construction L\u00e9onald Goyette Marie-Christine Sirois Styliste","caption":"","name":"chalet_sur_la_pointe_photo6","status":"inherit","uploaded_to":63189,"date":"2021-02-26 21:24:07","modified":"2022-02-08 12:35:09","menu_order":0,"mime_type":"image\/jpeg","type":"image","subtype":"jpeg","icon":"https:\/\/int.design\/wp-includes\/images\/media\/default.png","width":2560,"height":1706,"sizes":{"thumbnail":"https:\/\/int.design\/wp-content\/uploads\/2021\/02\/Chalet_sur_la_pointe_photo6-150x150.jpg","thumbnail-width":150,"thumbnail-height":150,"medium":"https:\/\/int.design\/wp-content\/uploads\/2021\/02\/Chalet_sur_la_pointe_photo6-300x200.jpg","medium-width":300,"medium-height":200,"medium_large":"https:\/\/int.design\/wp-content\/uploads\/2021\/02\/Chalet_sur_la_pointe_photo6-768x512.jpg","medium_large-width":768,"medium_large-height":512,"large":"https:\/\/int.design\/wp-content\/uploads\/2021\/02\/Chalet_sur_la_pointe_photo6-1024x683.jpg","large-width":1024,"large-height":683,"1536x1536":"https:\/\/int.design\/wp-content\/uploads\/2021\/02\/Chalet_sur_la_pointe_photo6-1536x1024.jpg","1536x1536-width":1536,"1536x1536-height":1024,"2048x2048":"https:\/\/int.design\/wp-content\/uploads\/2021\/02\/Chalet_sur_la_pointe_photo6-2048x1365.jpg","2048x2048-width":2048,"2048x2048-height":1365,"article":"https:\/\/int.design\/wp-content\/uploads\/2021\/02\/Chalet_sur_la_pointe_photo6-960x540.jpg","article-width":960,"article-height":540,"banner":"https:\/\/int.design\/wp-content\/uploads\/2021\/02\/Chalet_sur_la_pointe_photo6-1920x1280.jpg","banner-width":1920,"banner-height":1280,"block":"https:\/\/int.design\/wp-content\/uploads\/2021\/02\/Chalet_sur_la_pointe_photo6-900x680.jpg","block-width":900,"block-height":680,"card":"https:\/\/int.design\/wp-content\/uploads\/2021\/02\/Chalet_sur_la_pointe_photo6-560x495.jpg","card-width":560,"card-height":495,"card-thumbnail":"https:\/\/int.design\/wp-content\/uploads\/2021\/02\/Chalet_sur_la_pointe_photo6-450x340.jpg","card-thumbnail-width":450,"card-thumbnail-height":340,"conference":"https:\/\/int.design\/wp-content\/uploads\/2021\/02\/Chalet_sur_la_pointe_photo6-560x250.jpg","conference-width":560,"conference-height":250,"contest":"https:\/\/int.design\/wp-content\/uploads\/2021\/02\/Chalet_sur_la_pointe_photo6-960x400.jpg","contest-width":960,"contest-height":400,"cta":"https:\/\/int.design\/wp-content\/uploads\/2021\/02\/Chalet_sur_la_pointe_photo6-415x170.jpg","cta-width":415,"cta-height":170,"exhibitor":"https:\/\/int.design\/wp-content\/uploads\/2021\/02\/Chalet_sur_la_pointe_photo6-560x560.jpg","exhibitor-width":560,"exhibitor-height":560,"gallery":"https:\/\/int.design\/wp-content\/uploads\/2021\/02\/Chalet_sur_la_pointe_photo6-560x373.jpg","gallery-width":560,"gallery-height":373,"logo":"https:\/\/int.design\/wp-content\/uploads\/2021\/02\/Chalet_sur_la_pointe_photo6-150x100.jpg","logo-width":150,"logo-height":100,"masonry":"https:\/\/int.design\/wp-content\/uploads\/2021\/02\/Chalet_sur_la_pointe_photo6-550x367.jpg","masonry-width":550,"masonry-height":367,"modal":"https:\/\/int.design\/wp-content\/uploads\/2021\/02\/Chalet_sur_la_pointe_photo6-1920x1280.jpg","modal-width":1920,"modal-height":1280,"number":"https:\/\/int.design\/wp-content\/uploads\/2021\/02\/Chalet_sur_la_pointe_photo6-560x373.jpg","number-width":560,"number-height":373,"partner":"https:\/\/int.design\/wp-content\/uploads\/2021\/02\/Chalet_sur_la_pointe_photo6-275x183.jpg","partner-width":275,"partner-height":183,"ranking":"https:\/\/int.design\/wp-content\/uploads\/2021\/02\/Chalet_sur_la_pointe_photo6-960x540.jpg","ranking-width":960,"ranking-height":540,"schedule":"https:\/\/int.design\/wp-content\/uploads\/2021\/02\/Chalet_sur_la_pointe_photo6-960x360.jpg","schedule-width":960,"schedule-height":360,"slideshow":"https:\/\/int.design\/wp-content\/uploads\/2021\/02\/Chalet_sur_la_pointe_photo6-1020x680.jpg","slideshow-width":1020,"slideshow-height":680}},"filters":[1005,24,556,83],"suppliers":false,"attachment_category":[]},{"categories":[429],"credit":"","image":{"ID":64065,"id":64065,"title":"Chalet_sur_la_pointe_photo7","filename":"Chalet_sur_la_pointe_photo7-scaled.jpg","filesize":0,"url":"https:\/\/int.design\/wp-content\/uploads\/2021\/02\/Chalet_sur_la_pointe_photo7-scaled.jpg","link":"https:\/\/int.design\/fr\/projets\/chalet-sur-la-pointe\/chalet_sur_la_pointe_photo7\/","alt":"","author":"694","description":"Chalet sur la pointe Paul Bernier Architecte Paul Bernier Architecte Calculatec Construction L\u00e9onald Goyette Marie-Christine Sirois Styliste","caption":"","name":"chalet_sur_la_pointe_photo7","status":"inherit","uploaded_to":63189,"date":"2021-02-26 21:24:23","modified":"2022-02-08 12:35:09","menu_order":0,"mime_type":"image\/jpeg","type":"image","subtype":"jpeg","icon":"https:\/\/int.design\/wp-includes\/images\/media\/default.png","width":1920,"height":2560,"sizes":{"thumbnail":"https:\/\/int.design\/wp-content\/uploads\/2021\/02\/Chalet_sur_la_pointe_photo7-150x150.jpg","thumbnail-width":150,"thumbnail-height":150,"medium":"https:\/\/int.design\/wp-content\/uploads\/2021\/02\/Chalet_sur_la_pointe_photo7-225x300.jpg","medium-width":225,"medium-height":300,"medium_large":"https:\/\/int.design\/wp-content\/uploads\/2021\/02\/Chalet_sur_la_pointe_photo7-768x1024.jpg","medium_large-width":768,"medium_large-height":1024,"large":"https:\/\/int.design\/wp-content\/uploads\/2021\/02\/Chalet_sur_la_pointe_photo7-768x1024.jpg","large-width":768,"large-height":1024,"1536x1536":"https:\/\/int.design\/wp-content\/uploads\/2021\/02\/Chalet_sur_la_pointe_photo7-1152x1536.jpg","1536x1536-width":1152,"1536x1536-height":1536,"2048x2048":"https:\/\/int.design\/wp-content\/uploads\/2021\/02\/Chalet_sur_la_pointe_photo7-1536x2048.jpg","2048x2048-width":1536,"2048x2048-height":2048,"article":"https:\/\/int.design\/wp-content\/uploads\/2021\/02\/Chalet_sur_la_pointe_photo7-960x540.jpg","article-width":960,"article-height":540,"banner":"https:\/\/int.design\/wp-content\/uploads\/2021\/02\/Chalet_sur_la_pointe_photo7-1920x2560.jpg","banner-width":1920,"banner-height":2560,"block":"https:\/\/int.design\/wp-content\/uploads\/2021\/02\/Chalet_sur_la_pointe_photo7-900x680.jpg","block-width":900,"block-height":680,"card":"https:\/\/int.design\/wp-content\/uploads\/2021\/02\/Chalet_sur_la_pointe_photo7-560x495.jpg","card-width":560,"card-height":495,"card-thumbnail":"https:\/\/int.design\/wp-content\/uploads\/2021\/02\/Chalet_sur_la_pointe_photo7-450x340.jpg","card-thumbnail-width":450,"card-thumbnail-height":340,"conference":"https:\/\/int.design\/wp-content\/uploads\/2021\/02\/Chalet_sur_la_pointe_photo7-560x250.jpg","conference-width":560,"conference-height":250,"contest":"https:\/\/int.design\/wp-content\/uploads\/2021\/02\/Chalet_sur_la_pointe_photo7-960x400.jpg","contest-width":960,"contest-height":400,"cta":"https:\/\/int.design\/wp-content\/uploads\/2021\/02\/Chalet_sur_la_pointe_photo7-415x170.jpg","cta-width":415,"cta-height":170,"exhibitor":"https:\/\/int.design\/wp-content\/uploads\/2021\/02\/Chalet_sur_la_pointe_photo7-560x560.jpg","exhibitor-width":560,"exhibitor-height":560,"gallery":"https:\/\/int.design\/wp-content\/uploads\/2021\/02\/Chalet_sur_la_pointe_photo7-323x430.jpg","gallery-width":323,"gallery-height":430,"logo":"https:\/\/int.design\/wp-content\/uploads\/2021\/02\/Chalet_sur_la_pointe_photo7-75x100.jpg","logo-width":75,"logo-height":100,"masonry":"https:\/\/int.design\/wp-content\/uploads\/2021\/02\/Chalet_sur_la_pointe_photo7-550x733.jpg","masonry-width":550,"masonry-height":733,"modal":"https:\/\/int.design\/wp-content\/uploads\/2021\/02\/Chalet_sur_la_pointe_photo7-1440x1920.jpg","modal-width":1440,"modal-height":1920,"number":"https:\/\/int.design\/wp-content\/uploads\/2021\/02\/Chalet_sur_la_pointe_photo7-323x430.jpg","number-width":323,"number-height":430,"partner":"https:\/\/int.design\/wp-content\/uploads\/2021\/02\/Chalet_sur_la_pointe_photo7-158x210.jpg","partner-width":158,"partner-height":210,"ranking":"https:\/\/int.design\/wp-content\/uploads\/2021\/02\/Chalet_sur_la_pointe_photo7-960x540.jpg","ranking-width":960,"ranking-height":540,"schedule":"https:\/\/int.design\/wp-content\/uploads\/2021\/02\/Chalet_sur_la_pointe_photo7-960x360.jpg","schedule-width":960,"schedule-height":360,"slideshow":"https:\/\/int.design\/wp-content\/uploads\/2021\/02\/Chalet_sur_la_pointe_photo7-510x680.jpg","slideshow-width":510,"slideshow-height":680}},"filters":[1005,112,556,83],"suppliers":false,"attachment_category":[]},{"categories":[429],"credit":"Rapha\u00ebl Thibodeau","image":{"ID":64066,"id":64066,"title":"Chalet_sur_la_pointe_photo8","filename":"Chalet_sur_la_pointe_photo8-scaled.jpg","filesize":0,"url":"https:\/\/int.design\/wp-content\/uploads\/2021\/02\/Chalet_sur_la_pointe_photo8-scaled.jpg","link":"https:\/\/int.design\/fr\/projets\/chalet-sur-la-pointe\/chalet_sur_la_pointe_photo8\/","alt":"","author":"694","description":"Chalet sur la pointe Paul Bernier Architecte Paul Bernier Architecte Calculatec Construction L\u00e9onald Goyette Marie-Christine Sirois Styliste","caption":"","name":"chalet_sur_la_pointe_photo8","status":"inherit","uploaded_to":63189,"date":"2021-02-26 21:24:38","modified":"2022-02-08 12:35:09","menu_order":0,"mime_type":"image\/jpeg","type":"image","subtype":"jpeg","icon":"https:\/\/int.design\/wp-includes\/images\/media\/default.png","width":1920,"height":2560,"sizes":{"thumbnail":"https:\/\/int.design\/wp-content\/uploads\/2021\/02\/Chalet_sur_la_pointe_photo8-150x150.jpg","thumbnail-width":150,"thumbnail-height":150,"medium":"https:\/\/int.design\/wp-content\/uploads\/2021\/02\/Chalet_sur_la_pointe_photo8-225x300.jpg","medium-width":225,"medium-height":300,"medium_large":"https:\/\/int.design\/wp-content\/uploads\/2021\/02\/Chalet_sur_la_pointe_photo8-768x1024.jpg","medium_large-width":768,"medium_large-height":1024,"large":"https:\/\/int.design\/wp-content\/uploads\/2021\/02\/Chalet_sur_la_pointe_photo8-768x1024.jpg","large-width":768,"large-height":1024,"1536x1536":"https:\/\/int.design\/wp-content\/uploads\/2021\/02\/Chalet_sur_la_pointe_photo8-1152x1536.jpg","1536x1536-width":1152,"1536x1536-height":1536,"2048x2048":"https:\/\/int.design\/wp-content\/uploads\/2021\/02\/Chalet_sur_la_pointe_photo8-1536x2048.jpg","2048x2048-width":1536,"2048x2048-height":2048,"article":"https:\/\/int.design\/wp-content\/uploads\/2021\/02\/Chalet_sur_la_pointe_photo8-960x540.jpg","article-width":960,"article-height":540,"banner":"https:\/\/int.design\/wp-content\/uploads\/2021\/02\/Chalet_sur_la_pointe_photo8-1920x2560.jpg","banner-width":1920,"banner-height":2560,"block":"https:\/\/int.design\/wp-content\/uploads\/2021\/02\/Chalet_sur_la_pointe_photo8-900x680.jpg","block-width":900,"block-height":680,"card":"https:\/\/int.design\/wp-content\/uploads\/2021\/02\/Chalet_sur_la_pointe_photo8-560x495.jpg","card-width":560,"card-height":495,"card-thumbnail":"https:\/\/int.design\/wp-content\/uploads\/2021\/02\/Chalet_sur_la_pointe_photo8-450x340.jpg","card-thumbnail-width":450,"card-thumbnail-height":340,"conference":"https:\/\/int.design\/wp-content\/uploads\/2021\/02\/Chalet_sur_la_pointe_photo8-560x250.jpg","conference-width":560,"conference-height":250,"contest":"https:\/\/int.design\/wp-content\/uploads\/2021\/02\/Chalet_sur_la_pointe_photo8-960x400.jpg","contest-width":960,"contest-height":400,"cta":"https:\/\/int.design\/wp-content\/uploads\/2021\/02\/Chalet_sur_la_pointe_photo8-415x170.jpg","cta-width":415,"cta-height":170,"exhibitor":"https:\/\/int.design\/wp-content\/uploads\/2021\/02\/Chalet_sur_la_pointe_photo8-560x560.jpg","exhibitor-width":560,"exhibitor-height":560,"gallery":"https:\/\/int.design\/wp-content\/uploads\/2021\/02\/Chalet_sur_la_pointe_photo8-323x430.jpg","gallery-width":323,"gallery-height":430,"logo":"https:\/\/int.design\/wp-content\/uploads\/2021\/02\/Chalet_sur_la_pointe_photo8-75x100.jpg","logo-width":75,"logo-height":100,"masonry":"https:\/\/int.design\/wp-content\/uploads\/2021\/02\/Chalet_sur_la_pointe_photo8-550x733.jpg","masonry-width":550,"masonry-height":733,"modal":"https:\/\/int.design\/wp-content\/uploads\/2021\/02\/Chalet_sur_la_pointe_photo8-1440x1920.jpg","modal-width":1440,"modal-height":1920,"number":"https:\/\/int.design\/wp-content\/uploads\/2021\/02\/Chalet_sur_la_pointe_photo8-323x430.jpg","number-width":323,"number-height":430,"partner":"https:\/\/int.design\/wp-content\/uploads\/2021\/02\/Chalet_sur_la_pointe_photo8-158x210.jpg","partner-width":158,"partner-height":210,"ranking":"https:\/\/int.design\/wp-content\/uploads\/2021\/02\/Chalet_sur_la_pointe_photo8-960x540.jpg","ranking-width":960,"ranking-height":540,"schedule":"https:\/\/int.design\/wp-content\/uploads\/2021\/02\/Chalet_sur_la_pointe_photo8-960x360.jpg","schedule-width":960,"schedule-height":360,"slideshow":"https:\/\/int.design\/wp-content\/uploads\/2021\/02\/Chalet_sur_la_pointe_photo8-510x680.jpg","slideshow-width":510,"slideshow-height":680}},"filters":[1005,112,556,83],"suppliers":false,"attachment_category":[]},{"categories":[429],"credit":"Rapha\u00ebl Thibodeau","image":{"ID":64067,"id":64067,"title":"Chalet_sur_la_pointe_photo9","filename":"Chalet_sur_la_pointe_photo9-scaled.jpg","filesize":0,"url":"https:\/\/int.design\/wp-content\/uploads\/2021\/02\/Chalet_sur_la_pointe_photo9-scaled.jpg","link":"https:\/\/int.design\/fr\/projets\/chalet-sur-la-pointe\/chalet_sur_la_pointe_photo9\/","alt":"","author":"694","description":"Chalet sur la pointe Paul Bernier Architecte Paul Bernier Architecte Calculatec Construction L\u00e9onald Goyette Marie-Christine Sirois Styliste","caption":"","name":"chalet_sur_la_pointe_photo9","status":"inherit","uploaded_to":63189,"date":"2021-02-26 21:24:51","modified":"2022-02-08 12:35:09","menu_order":0,"mime_type":"image\/jpeg","type":"image","subtype":"jpeg","icon":"https:\/\/int.design\/wp-includes\/images\/media\/default.png","width":2560,"height":1707,"sizes":{"thumbnail":"https:\/\/int.design\/wp-content\/uploads\/2021\/02\/Chalet_sur_la_pointe_photo9-150x150.jpg","thumbnail-width":150,"thumbnail-height":150,"medium":"https:\/\/int.design\/wp-content\/uploads\/2021\/02\/Chalet_sur_la_pointe_photo9-300x200.jpg","medium-width":300,"medium-height":200,"medium_large":"https:\/\/int.design\/wp-content\/uploads\/2021\/02\/Chalet_sur_la_pointe_photo9-768x512.jpg","medium_large-width":768,"medium_large-height":512,"large":"https:\/\/int.design\/wp-content\/uploads\/2021\/02\/Chalet_sur_la_pointe_photo9-1024x683.jpg","large-width":1024,"large-height":683,"1536x1536":"https:\/\/int.design\/wp-content\/uploads\/2021\/02\/Chalet_sur_la_pointe_photo9-1536x1024.jpg","1536x1536-width":1536,"1536x1536-height":1024,"2048x2048":"https:\/\/int.design\/wp-content\/uploads\/2021\/02\/Chalet_sur_la_pointe_photo9-2048x1365.jpg","2048x2048-width":2048,"2048x2048-height":1365,"article":"https:\/\/int.design\/wp-content\/uploads\/2021\/02\/Chalet_sur_la_pointe_photo9-960x540.jpg","article-width":960,"article-height":540,"banner":"https:\/\/int.design\/wp-content\/uploads\/2021\/02\/Chalet_sur_la_pointe_photo9-1920x1280.jpg","banner-width":1920,"banner-height":1280,"block":"https:\/\/int.design\/wp-content\/uploads\/2021\/02\/Chalet_sur_la_pointe_photo9-900x680.jpg","block-width":900,"block-height":680,"card":"https:\/\/int.design\/wp-content\/uploads\/2021\/02\/Chalet_sur_la_pointe_photo9-560x495.jpg","card-width":560,"card-height":495,"card-thumbnail":"https:\/\/int.design\/wp-content\/uploads\/2021\/02\/Chalet_sur_la_pointe_photo9-450x340.jpg","card-thumbnail-width":450,"card-thumbnail-height":340,"conference":"https:\/\/int.design\/wp-content\/uploads\/2021\/02\/Chalet_sur_la_pointe_photo9-560x250.jpg","conference-width":560,"conference-height":250,"contest":"https:\/\/int.design\/wp-content\/uploads\/2021\/02\/Chalet_sur_la_pointe_photo9-960x400.jpg","contest-width":960,"contest-height":400,"cta":"https:\/\/int.design\/wp-content\/uploads\/2021\/02\/Chalet_sur_la_pointe_photo9-415x170.jpg","cta-width":415,"cta-height":170,"exhibitor":"https:\/\/int.design\/wp-content\/uploads\/2021\/02\/Chalet_sur_la_pointe_photo9-560x560.jpg","exhibitor-width":560,"exhibitor-height":560,"gallery":"https:\/\/int.design\/wp-content\/uploads\/2021\/02\/Chalet_sur_la_pointe_photo9-560x373.jpg","gallery-width":560,"gallery-height":373,"logo":"https:\/\/int.design\/wp-content\/uploads\/2021\/02\/Chalet_sur_la_pointe_photo9-150x100.jpg","logo-width":150,"logo-height":100,"masonry":"https:\/\/int.design\/wp-content\/uploads\/2021\/02\/Chalet_sur_la_pointe_photo9-550x367.jpg","masonry-width":550,"masonry-height":367,"modal":"https:\/\/int.design\/wp-content\/uploads\/2021\/02\/Chalet_sur_la_pointe_photo9-1920x1280.jpg","modal-width":1920,"modal-height":1280,"number":"https:\/\/int.design\/wp-content\/uploads\/2021\/02\/Chalet_sur_la_pointe_photo9-560x373.jpg","number-width":560,"number-height":373,"partner":"https:\/\/int.design\/wp-content\/uploads\/2021\/02\/Chalet_sur_la_pointe_photo9-275x183.jpg","partner-width":275,"partner-height":183,"ranking":"https:\/\/int.design\/wp-content\/uploads\/2021\/02\/Chalet_sur_la_pointe_photo9-960x540.jpg","ranking-width":960,"ranking-height":540,"schedule":"https:\/\/int.design\/wp-content\/uploads\/2021\/02\/Chalet_sur_la_pointe_photo9-960x360.jpg","schedule-width":960,"schedule-height":360,"slideshow":"https:\/\/int.design\/wp-content\/uploads\/2021\/02\/Chalet_sur_la_pointe_photo9-1020x680.jpg","slideshow-width":1020,"slideshow-height":680}},"filters":[1005,111,556,83],"suppliers":false,"attachment_category":[]},{"categories":[429],"credit":"Rapha\u00ebl Thibodeau","image":{"ID":64068,"id":64068,"title":"Chalet_sur_la_pointe_photo10","filename":"Chalet_sur_la_pointe_photo10-scaled.jpg","filesize":0,"url":"https:\/\/int.design\/wp-content\/uploads\/2021\/02\/Chalet_sur_la_pointe_photo10-scaled.jpg","link":"https:\/\/int.design\/fr\/projets\/chalet-sur-la-pointe\/chalet_sur_la_pointe_photo10\/","alt":"","author":"694","description":"Chalet sur la pointe Paul Bernier Architecte Paul Bernier Architecte Calculatec Construction L\u00e9onald Goyette Marie-Christine Sirois Styliste","caption":"","name":"chalet_sur_la_pointe_photo10","status":"inherit","uploaded_to":63189,"date":"2021-02-26 21:25:03","modified":"2022-02-08 12:35:09","menu_order":0,"mime_type":"image\/jpeg","type":"image","subtype":"jpeg","icon":"https:\/\/int.design\/wp-includes\/images\/media\/default.png","width":1920,"height":2560,"sizes":{"thumbnail":"https:\/\/int.design\/wp-content\/uploads\/2021\/02\/Chalet_sur_la_pointe_photo10-150x150.jpg","thumbnail-width":150,"thumbnail-height":150,"medium":"https:\/\/int.design\/wp-content\/uploads\/2021\/02\/Chalet_sur_la_pointe_photo10-225x300.jpg","medium-width":225,"medium-height":300,"medium_large":"https:\/\/int.design\/wp-content\/uploads\/2021\/02\/Chalet_sur_la_pointe_photo10-768x1024.jpg","medium_large-width":768,"medium_large-height":1024,"large":"https:\/\/int.design\/wp-content\/uploads\/2021\/02\/Chalet_sur_la_pointe_photo10-768x1024.jpg","large-width":768,"large-height":1024,"1536x1536":"https:\/\/int.design\/wp-content\/uploads\/2021\/02\/Chalet_sur_la_pointe_photo10-1152x1536.jpg","1536x1536-width":1152,"1536x1536-height":1536,"2048x2048":"https:\/\/int.design\/wp-content\/uploads\/2021\/02\/Chalet_sur_la_pointe_photo10-1536x2048.jpg","2048x2048-width":1536,"2048x2048-height":2048,"article":"https:\/\/int.design\/wp-content\/uploads\/2021\/02\/Chalet_sur_la_pointe_photo10-960x540.jpg","article-width":960,"article-height":540,"banner":"https:\/\/int.design\/wp-content\/uploads\/2021\/02\/Chalet_sur_la_pointe_photo10-1920x2560.jpg","banner-width":1920,"banner-height":2560,"block":"https:\/\/int.design\/wp-content\/uploads\/2021\/02\/Chalet_sur_la_pointe_photo10-900x680.jpg","block-width":900,"block-height":680,"card":"https:\/\/int.design\/wp-content\/uploads\/2021\/02\/Chalet_sur_la_pointe_photo10-560x495.jpg","card-width":560,"card-height":495,"card-thumbnail":"https:\/\/int.design\/wp-content\/uploads\/2021\/02\/Chalet_sur_la_pointe_photo10-450x340.jpg","card-thumbnail-width":450,"card-thumbnail-height":340,"conference":"https:\/\/int.design\/wp-content\/uploads\/2021\/02\/Chalet_sur_la_pointe_photo10-560x250.jpg","conference-width":560,"conference-height":250,"contest":"https:\/\/int.design\/wp-content\/uploads\/2021\/02\/Chalet_sur_la_pointe_photo10-960x400.jpg","contest-width":960,"contest-height":400,"cta":"https:\/\/int.design\/wp-content\/uploads\/2021\/02\/Chalet_sur_la_pointe_photo10-415x170.jpg","cta-width":415,"cta-height":170,"exhibitor":"https:\/\/int.design\/wp-content\/uploads\/2021\/02\/Chalet_sur_la_pointe_photo10-560x560.jpg","exhibitor-width":560,"exhibitor-height":560,"gallery":"https:\/\/int.design\/wp-content\/uploads\/2021\/02\/Chalet_sur_la_pointe_photo10-323x430.jpg","gallery-width":323,"gallery-height":430,"logo":"https:\/\/int.design\/wp-content\/uploads\/2021\/02\/Chalet_sur_la_pointe_photo10-75x100.jpg","logo-width":75,"logo-height":100,"masonry":"https:\/\/int.design\/wp-content\/uploads\/2021\/02\/Chalet_sur_la_pointe_photo10-550x733.jpg","masonry-width":550,"masonry-height":733,"modal":"https:\/\/int.design\/wp-content\/uploads\/2021\/02\/Chalet_sur_la_pointe_photo10-1440x1920.jpg","modal-width":1440,"modal-height":1920,"number":"https:\/\/int.design\/wp-content\/uploads\/2021\/02\/Chalet_sur_la_pointe_photo10-323x430.jpg","number-width":323,"number-height":430,"partner":"https:\/\/int.design\/wp-content\/uploads\/2021\/02\/Chalet_sur_la_pointe_photo10-158x210.jpg","partner-width":158,"partner-height":210,"ranking":"https:\/\/int.design\/wp-content\/uploads\/2021\/02\/Chalet_sur_la_pointe_photo10-960x540.jpg","ranking-width":960,"ranking-height":540,"schedule":"https:\/\/int.design\/wp-content\/uploads\/2021\/02\/Chalet_sur_la_pointe_photo10-960x360.jpg","schedule-width":960,"schedule-height":360,"slideshow":"https:\/\/int.design\/wp-content\/uploads\/2021\/02\/Chalet_sur_la_pointe_photo10-510x680.jpg","slideshow-width":510,"slideshow-height":680}},"filters":[1005,112,556],"suppliers":false,"attachment_category":[]}],"mandatory_documents":false,"optional_documents":false,"web_text":{"fr":"","en":"","original":""},"jury_text":[{"category":429,"fr":"","en":"","original":""}],"different_jury_text":false,"different_category_text":false},"laureats":[],"contest_id":"6760","contest_title":"GRANDS PRIX DU DESIGN - 14th edition","firms":[{"name":"Paul Bernier Architecte","website":"https:\/\/www.paulbernier.com\/","category":"Architecte","category_tax":false,"category_label":null},{"name":"Calculatec","website":"","category":"Ing\u00e9nierie","category_tax":false,"category_label":null},{"name":"Construction L\u00e9onald Goyette","website":"","category":"Entrepreneur g\u00e9n\u00e9ral","category_tax":false,"category_label":null}],"user":{"email":"patrice@paulbernier.com","first_name":"Patrice","last_name":"Lebel"},"doc_texts_web":{"fr":"","en":""},"permalinks":{"fr":"https:\/\/int.design\/fr\/projets\/chalet-sur-la-pointe\/","en":"https:\/\/int.design\/en\/projects\/chalet-sur-la-pointe\/"},"titles":{"fr":"Chalet sur la pointe","en":"Chalet sur la pointe"},"wp_fields":[],"laravel_id":""},"_links":{"self":[{"href":"https:\/\/int.design\/en\/wp-json\/wp\/v2\/project\/63190","targetHints":{"allow":["GET"]}}],"collection":[{"href":"https:\/\/int.design\/en\/wp-json\/wp\/v2\/project"}],"about":[{"href":"https:\/\/int.design\/en\/wp-json\/wp\/v2\/types\/project"}],"wp:attachment":[{"href":"https:\/\/int.design\/en\/wp-json\/wp\/v2\/media?parent=63190"}],"curies":[{"name":"wp","href":"https:\/\/api.w.org\/{rel}","templated":true}]}}