{"id":62542,"date":"2021-07-14T19:38:47","date_gmt":"2021-07-14T23:38:47","guid":{"rendered":"https:\/\/int.design\/?post_type=project&#038;p=62542"},"modified":"2021-07-16T13:52:27","modified_gmt":"2021-07-16T17:52:27","slug":"residence-nouveau-saint-laurent","status":"publish","type":"project","link":"https:\/\/int.design\/en\/projects\/residence-nouveau-saint-laurent\/","title":{"rendered":"R\u00e9sidence Nouveau Saint-Laurent"},"content":{"rendered":"","protected":false},"template":"","class_list":["post-62542","project","type-project","status-publish","hentry","project_category-interior-design","project_category-residence-en","project_category-classic-timeless-residential-space"],"acf":[],"yoast_head":"<!-- This site is optimized with the Yoast SEO plugin v21.5 - https:\/\/yoast.com\/wordpress\/plugins\/seo\/ -->\n<title>R\u00e9sidence Nouveau Saint-Laurent - INT Design<\/title>\n<meta name=\"robots\" content=\"index, follow, max-snippet:-1, max-image-preview:large, max-video-preview:-1\" \/>\n<link rel=\"canonical\" href=\"https:\/\/int.design\/en\/projects\/residence-nouveau-saint-laurent\/\" \/>\n<meta property=\"og:locale\" content=\"en_US\" \/>\n<meta property=\"og:type\" content=\"article\" \/>\n<meta property=\"og:title\" content=\"R\u00e9sidence Nouveau Saint-Laurent - INT Design\" \/>\n<meta property=\"og:url\" content=\"https:\/\/int.design\/en\/projects\/residence-nouveau-saint-laurent\/\" \/>\n<meta property=\"og:site_name\" content=\"INT Design\" \/>\n<meta property=\"article:modified_time\" content=\"2021-07-16T17:52:27+00:00\" \/>\n<meta name=\"twitter:card\" content=\"summary_large_image\" \/>\n<script type=\"application\/ld+json\" class=\"yoast-schema-graph\">{\"@context\":\"https:\/\/schema.org\",\"@graph\":[{\"@type\":\"WebPage\",\"@id\":\"https:\/\/int.design\/en\/projects\/residence-nouveau-saint-laurent\/\",\"url\":\"https:\/\/int.design\/en\/projects\/residence-nouveau-saint-laurent\/\",\"name\":\"R\u00e9sidence Nouveau Saint-Laurent - INT Design\",\"isPartOf\":{\"@id\":\"https:\/\/int.design\/fr\/#website\"},\"datePublished\":\"2021-07-14T23:38:47+00:00\",\"dateModified\":\"2021-07-16T17:52:27+00:00\",\"breadcrumb\":{\"@id\":\"https:\/\/int.design\/en\/projects\/residence-nouveau-saint-laurent\/#breadcrumb\"},\"inLanguage\":\"en-US\",\"potentialAction\":[{\"@type\":\"ReadAction\",\"target\":[\"https:\/\/int.design\/en\/projects\/residence-nouveau-saint-laurent\/\"]}]},{\"@type\":\"BreadcrumbList\",\"@id\":\"https:\/\/int.design\/en\/projects\/residence-nouveau-saint-laurent\/#breadcrumb\",\"itemListElement\":[{\"@type\":\"ListItem\",\"position\":1,\"name\":\"Home\",\"item\":\"https:\/\/int.design\/en\/\"},{\"@type\":\"ListItem\",\"position\":2,\"name\":\"Projects\",\"item\":\"https:\/\/int.design\/en\/projects\/\"},{\"@type\":\"ListItem\",\"position\":3,\"name\":\"R\u00e9sidence Nouveau Saint-Laurent\"}]},{\"@type\":\"WebSite\",\"@id\":\"https:\/\/int.design\/fr\/#website\",\"url\":\"https:\/\/int.design\/fr\/\",\"name\":\"INT Design\",\"description\":\"\",\"potentialAction\":[{\"@type\":\"SearchAction\",\"target\":{\"@type\":\"EntryPoint\",\"urlTemplate\":\"https:\/\/int.design\/fr\/?s={search_term_string}\"},\"query-input\":\"required name=search_term_string\"}],\"inLanguage\":\"en-US\"}]}<\/script>\n<!-- \/ Yoast SEO plugin. -->","yoast_head_json":{"title":"R\u00e9sidence Nouveau Saint-Laurent - INT Design","robots":{"index":"index","follow":"follow","max-snippet":"max-snippet:-1","max-image-preview":"max-image-preview:large","max-video-preview":"max-video-preview:-1"},"canonical":"https:\/\/int.design\/en\/projects\/residence-nouveau-saint-laurent\/","og_locale":"en_US","og_type":"article","og_title":"R\u00e9sidence Nouveau Saint-Laurent - INT Design","og_url":"https:\/\/int.design\/en\/projects\/residence-nouveau-saint-laurent\/","og_site_name":"INT Design","article_modified_time":"2021-07-16T17:52:27+00:00","twitter_card":"summary_large_image","schema":{"@context":"https:\/\/schema.org","@graph":[{"@type":"WebPage","@id":"https:\/\/int.design\/en\/projects\/residence-nouveau-saint-laurent\/","url":"https:\/\/int.design\/en\/projects\/residence-nouveau-saint-laurent\/","name":"R\u00e9sidence Nouveau Saint-Laurent - INT Design","isPartOf":{"@id":"https:\/\/int.design\/fr\/#website"},"datePublished":"2021-07-14T23:38:47+00:00","dateModified":"2021-07-16T17:52:27+00:00","breadcrumb":{"@id":"https:\/\/int.design\/en\/projects\/residence-nouveau-saint-laurent\/#breadcrumb"},"inLanguage":"en-US","potentialAction":[{"@type":"ReadAction","target":["https:\/\/int.design\/en\/projects\/residence-nouveau-saint-laurent\/"]}]},{"@type":"BreadcrumbList","@id":"https:\/\/int.design\/en\/projects\/residence-nouveau-saint-laurent\/#breadcrumb","itemListElement":[{"@type":"ListItem","position":1,"name":"Home","item":"https:\/\/int.design\/en\/"},{"@type":"ListItem","position":2,"name":"Projects","item":"https:\/\/int.design\/en\/projects\/"},{"@type":"ListItem","position":3,"name":"R\u00e9sidence Nouveau Saint-Laurent"}]},{"@type":"WebSite","@id":"https:\/\/int.design\/fr\/#website","url":"https:\/\/int.design\/fr\/","name":"INT Design","description":"","potentialAction":[{"@type":"SearchAction","target":{"@type":"EntryPoint","urlTemplate":"https:\/\/int.design\/fr\/?s={search_term_string}"},"query-input":"required name=search_term_string"}],"inLanguage":"en-US"}]}},"entry":{"cats":{"disciplines":[{"id":325,"name":"Interior Design"}],"big_cats":[{"id":695,"name":"Residence"}],"sub_cats":[{"id":702,"name":"Classic\/Timeless Residential Space","parent":695}]},"entry":{"":null,"status":"ongoing","winner_title":"","winner_prize_lang":"","title_translatable":false,"title_en":"","title_fr":"","releve_award":false,"releve_award_cv":false,"collaboration":false,"collaboration_firms":false,"other_firms":false,"owner":{"name":"","confidential":false,"website":"","contact_name":"","email":"","phone":""},"address":{"address":"","city":"","region":"","province":"QC","country":"","postal_code":""},"logos":false,"use_logo":false,"designers":[{"name":"","credit":"","image":{"ID":70420,"id":70420,"title":"Pascale_Nakhl\u00e9","filename":"6_Pascale_Nakhl\u00e9.JPG","filesize":0,"url":"https:\/\/d2q6z78khxmx42.cloudfront.net\/2021\/03\/6_Pascale_Nakhl\u00e9.JPG","link":"https:\/\/int.design\/fr\/projets\/residence-nouveau-saint-laurent\/pascale_nakhle-2\/","alt":"","author":"705","description":"","caption":"","name":"pascale_nakhle-2","status":"inherit","uploaded_to":62541,"date":"2021-03-25 13:25:58","modified":"2021-03-25 13:26:17","menu_order":0,"mime_type":"image\/jpeg","type":"image","subtype":"jpeg","icon":"https:\/\/int.design\/wp-includes\/images\/media\/default.png","width":2400,"height":2400,"sizes":{"thumbnail":"https:\/\/d2q6z78khxmx42.cloudfront.net\/2021\/03\/6_Pascale_Nakhl\u00e9-150x150.jpg","thumbnail-width":150,"thumbnail-height":150,"medium":"https:\/\/d2q6z78khxmx42.cloudfront.net\/2021\/03\/6_Pascale_Nakhl\u00e9-300x300.jpg","medium-width":300,"medium-height":300,"medium_large":"https:\/\/d2q6z78khxmx42.cloudfront.net\/2021\/03\/6_Pascale_Nakhl\u00e9-768x768.jpg","medium_large-width":768,"medium_large-height":768,"large":"https:\/\/d2q6z78khxmx42.cloudfront.net\/2021\/03\/6_Pascale_Nakhl\u00e9-1024x1024.jpg","large-width":1024,"large-height":1024,"1536x1536":"https:\/\/d2q6z78khxmx42.cloudfront.net\/2021\/03\/6_Pascale_Nakhl\u00e9-1536x1536.jpg","1536x1536-width":1536,"1536x1536-height":1536,"2048x2048":"https:\/\/d2q6z78khxmx42.cloudfront.net\/2021\/03\/6_Pascale_Nakhl\u00e9-2048x2048.jpg","2048x2048-width":2048,"2048x2048-height":2048,"article":"https:\/\/d2q6z78khxmx42.cloudfront.net\/2021\/03\/6_Pascale_Nakhl\u00e9-960x540.jpg","article-width":960,"article-height":540,"banner":"https:\/\/d2q6z78khxmx42.cloudfront.net\/2021\/03\/6_Pascale_Nakhl\u00e9-1920x1920.jpg","banner-width":1920,"banner-height":1920,"block":"https:\/\/d2q6z78khxmx42.cloudfront.net\/2021\/03\/6_Pascale_Nakhl\u00e9-900x680.jpg","block-width":900,"block-height":680,"card":"https:\/\/d2q6z78khxmx42.cloudfront.net\/2021\/03\/6_Pascale_Nakhl\u00e9-560x495.jpg","card-width":560,"card-height":495,"card-thumbnail":"https:\/\/d2q6z78khxmx42.cloudfront.net\/2021\/03\/6_Pascale_Nakhl\u00e9-450x340.jpg","card-thumbnail-width":450,"card-thumbnail-height":340,"conference":"https:\/\/d2q6z78khxmx42.cloudfront.net\/2021\/03\/6_Pascale_Nakhl\u00e9-560x250.jpg","conference-width":560,"conference-height":250,"contest":"https:\/\/d2q6z78khxmx42.cloudfront.net\/2021\/03\/6_Pascale_Nakhl\u00e9-960x400.jpg","contest-width":960,"contest-height":400,"cta":"https:\/\/d2q6z78khxmx42.cloudfront.net\/2021\/03\/6_Pascale_Nakhl\u00e9-415x170.jpg","cta-width":415,"cta-height":170,"exhibitor":"https:\/\/d2q6z78khxmx42.cloudfront.net\/2021\/03\/6_Pascale_Nakhl\u00e9-560x560.jpg","exhibitor-width":560,"exhibitor-height":560,"gallery":"https:\/\/d2q6z78khxmx42.cloudfront.net\/2021\/03\/6_Pascale_Nakhl\u00e9-430x430.jpg","gallery-width":430,"gallery-height":430,"logo":"https:\/\/d2q6z78khxmx42.cloudfront.net\/2021\/03\/6_Pascale_Nakhl\u00e9-100x100.jpg","logo-width":100,"logo-height":100,"masonry":"https:\/\/d2q6z78khxmx42.cloudfront.net\/2021\/03\/6_Pascale_Nakhl\u00e9-550x550.jpg","masonry-width":550,"masonry-height":550,"modal":"https:\/\/d2q6z78khxmx42.cloudfront.net\/2021\/03\/nmhQrHkr-6_Pascale_Nakhl\u00e9-1920x1920.jpg","modal-width":1920,"modal-height":1920,"number":"https:\/\/d2q6z78khxmx42.cloudfront.net\/2021\/03\/nmhQrHkr-6_Pascale_Nakhl\u00e9-430x430.jpg","number-width":430,"number-height":430,"partner":"https:\/\/d2q6z78khxmx42.cloudfront.net\/2021\/03\/6_Pascale_Nakhl\u00e9-210x210.jpg","partner-width":210,"partner-height":210,"ranking":"https:\/\/d2q6z78khxmx42.cloudfront.net\/2021\/03\/nmhQrHkr-6_Pascale_Nakhl\u00e9-960x540.jpg","ranking-width":960,"ranking-height":540,"schedule":"https:\/\/d2q6z78khxmx42.cloudfront.net\/2021\/03\/6_Pascale_Nakhl\u00e9-960x360.jpg","schedule-width":960,"schedule-height":360,"slideshow":"https:\/\/d2q6z78khxmx42.cloudfront.net\/2021\/03\/6_Pascale_Nakhl\u00e9-680x680.jpg","slideshow-width":680,"slideshow-height":680}},"file":{"ID":68080,"id":68080,"title":"Pascale_Nakhl\u00e9_Bio","filename":"Pascale_Nakhl\u00e9_Bio.pdf","filesize":0,"url":"https:\/\/d2q6z78khxmx42.cloudfront.net\/2021\/03\/Pascale_Nakhl\u00e9_Bio.pdf","link":"https:\/\/int.design\/fr\/projets\/residence-nouveau-saint-laurent\/pascale_nakhle_bio\/","alt":"","author":"705","description":"","caption":"","name":"pascale_nakhle_bio","status":"inherit","uploaded_to":62541,"date":"2021-03-22 19:07:34","modified":"2021-03-22 19:07:38","menu_order":0,"mime_type":"application\/pdf","type":"application","subtype":"pdf","icon":"https:\/\/int.design\/wp-includes\/images\/media\/document.png"}}],"cover":[{"categories":[430],"credit":"","image":{"ID":68081,"id":68081,"title":"Cuisine_R\u00e9sidence_Nouveau_Saint_Laurent","filename":"Cuisine_R\u00e9sidence_Nouveau_Saint_Laurent-scaled.jpg","filesize":0,"url":"https:\/\/int.design\/wp-content\/uploads\/2021\/03\/Cuisine_R\u00e9sidence_Nouveau_Saint_Laurent-scaled.jpg","link":"https:\/\/int.design\/fr\/projets\/residence-nouveau-saint-laurent\/cuisine_residence_nouveau_saint_laurent\/","alt":"","author":"705","description":"R\u00e9sidence Nouveau Saint-Laurent Pascale Nakhl\u00e9 Design","caption":"","name":"cuisine_residence_nouveau_saint_laurent","status":"inherit","uploaded_to":62541,"date":"2021-03-22 19:11:02","modified":"2022-02-08 12:44:09","menu_order":0,"mime_type":"image\/jpeg","type":"image","subtype":"jpeg","icon":"https:\/\/int.design\/wp-includes\/images\/media\/default.png","width":2560,"height":1707,"sizes":{"thumbnail":"https:\/\/int.design\/wp-content\/uploads\/2021\/03\/Cuisine_R\u00e9sidence_Nouveau_Saint_Laurent-150x150.jpg","thumbnail-width":150,"thumbnail-height":150,"medium":"https:\/\/int.design\/wp-content\/uploads\/2021\/03\/Cuisine_R\u00e9sidence_Nouveau_Saint_Laurent-300x200.jpg","medium-width":300,"medium-height":200,"medium_large":"https:\/\/int.design\/wp-content\/uploads\/2021\/03\/Cuisine_R\u00e9sidence_Nouveau_Saint_Laurent-768x512.jpg","medium_large-width":768,"medium_large-height":512,"large":"https:\/\/int.design\/wp-content\/uploads\/2021\/03\/Cuisine_R\u00e9sidence_Nouveau_Saint_Laurent-1024x683.jpg","large-width":1024,"large-height":683,"1536x1536":"https:\/\/int.design\/wp-content\/uploads\/2021\/03\/Cuisine_R\u00e9sidence_Nouveau_Saint_Laurent-1536x1024.jpg","1536x1536-width":1536,"1536x1536-height":1024,"2048x2048":"https:\/\/int.design\/wp-content\/uploads\/2021\/03\/Cuisine_R\u00e9sidence_Nouveau_Saint_Laurent-2048x1365.jpg","2048x2048-width":2048,"2048x2048-height":1365,"article":"https:\/\/int.design\/wp-content\/uploads\/2021\/03\/Cuisine_R\u00e9sidence_Nouveau_Saint_Laurent-960x540.jpg","article-width":960,"article-height":540,"banner":"https:\/\/int.design\/wp-content\/uploads\/2021\/03\/Cuisine_R\u00e9sidence_Nouveau_Saint_Laurent-1920x1280.jpg","banner-width":1920,"banner-height":1280,"block":"https:\/\/int.design\/wp-content\/uploads\/2021\/03\/Cuisine_R\u00e9sidence_Nouveau_Saint_Laurent-900x680.jpg","block-width":900,"block-height":680,"card":"https:\/\/int.design\/wp-content\/uploads\/2021\/03\/Cuisine_R\u00e9sidence_Nouveau_Saint_Laurent-560x495.jpg","card-width":560,"card-height":495,"card-thumbnail":"https:\/\/int.design\/wp-content\/uploads\/2021\/03\/Cuisine_R\u00e9sidence_Nouveau_Saint_Laurent-450x340.jpg","card-thumbnail-width":450,"card-thumbnail-height":340,"conference":"https:\/\/int.design\/wp-content\/uploads\/2021\/03\/Cuisine_R\u00e9sidence_Nouveau_Saint_Laurent-560x250.jpg","conference-width":560,"conference-height":250,"contest":"https:\/\/int.design\/wp-content\/uploads\/2021\/03\/Cuisine_R\u00e9sidence_Nouveau_Saint_Laurent-960x400.jpg","contest-width":960,"contest-height":400,"cta":"https:\/\/int.design\/wp-content\/uploads\/2021\/03\/Cuisine_R\u00e9sidence_Nouveau_Saint_Laurent-415x170.jpg","cta-width":415,"cta-height":170,"exhibitor":"https:\/\/int.design\/wp-content\/uploads\/2021\/03\/Cuisine_R\u00e9sidence_Nouveau_Saint_Laurent-560x560.jpg","exhibitor-width":560,"exhibitor-height":560,"gallery":"https:\/\/int.design\/wp-content\/uploads\/2021\/03\/Cuisine_R\u00e9sidence_Nouveau_Saint_Laurent-560x373.jpg","gallery-width":560,"gallery-height":373,"logo":"https:\/\/int.design\/wp-content\/uploads\/2021\/03\/Cuisine_R\u00e9sidence_Nouveau_Saint_Laurent-150x100.jpg","logo-width":150,"logo-height":100,"masonry":"https:\/\/int.design\/wp-content\/uploads\/2021\/03\/Cuisine_R\u00e9sidence_Nouveau_Saint_Laurent-550x367.jpg","masonry-width":550,"masonry-height":367,"modal":"https:\/\/int.design\/wp-content\/uploads\/2021\/03\/Cuisine_R\u00e9sidence_Nouveau_Saint_Laurent-1920x1280.jpg","modal-width":1920,"modal-height":1280,"number":"https:\/\/int.design\/wp-content\/uploads\/2021\/03\/Cuisine_R\u00e9sidence_Nouveau_Saint_Laurent-560x373.jpg","number-width":560,"number-height":373,"partner":"https:\/\/int.design\/wp-content\/uploads\/2021\/03\/Cuisine_R\u00e9sidence_Nouveau_Saint_Laurent-275x183.jpg","partner-width":275,"partner-height":183,"ranking":"https:\/\/int.design\/wp-content\/uploads\/2021\/03\/Cuisine_R\u00e9sidence_Nouveau_Saint_Laurent-960x540.jpg","ranking-width":960,"ranking-height":540,"schedule":"https:\/\/int.design\/wp-content\/uploads\/2021\/03\/Cuisine_R\u00e9sidence_Nouveau_Saint_Laurent-960x360.jpg","schedule-width":960,"schedule-height":360,"slideshow":"https:\/\/int.design\/wp-content\/uploads\/2021\/03\/Cuisine_R\u00e9sidence_Nouveau_Saint_Laurent-1020x680.jpg","slideshow-width":1020,"slideshow-height":680}},"filters":[1005,23],"suppliers":false,"attachment_category":{"23":"Cuisine","2676":"Habitation (tous)"}}],"images":[{"categories":[430],"credit":"","image":{"ID":68082,"id":68082,"title":"Entr\u00e9e_R\u00e9sidence_Nouveau_Saint_Laurent","filename":"Entr\u00e9e_R\u00e9sidence_Nouveau_Saint_Laurent-scaled.jpg","filesize":0,"url":"https:\/\/int.design\/wp-content\/uploads\/2021\/03\/Entr\u00e9e_R\u00e9sidence_Nouveau_Saint_Laurent-scaled.jpg","link":"https:\/\/int.design\/fr\/projets\/residence-nouveau-saint-laurent\/entree_residence_nouveau_saint_laurent\/","alt":"","author":"705","description":"R\u00e9sidence Nouveau Saint-Laurent Pascale Nakhl\u00e9 Design","caption":"","name":"entree_residence_nouveau_saint_laurent","status":"inherit","uploaded_to":62541,"date":"2021-03-22 19:18:57","modified":"2022-02-08 12:44:09","menu_order":0,"mime_type":"image\/jpeg","type":"image","subtype":"jpeg","icon":"https:\/\/int.design\/wp-includes\/images\/media\/default.png","width":1707,"height":2560,"sizes":{"thumbnail":"https:\/\/int.design\/wp-content\/uploads\/2021\/03\/Entr\u00e9e_R\u00e9sidence_Nouveau_Saint_Laurent-150x150.jpg","thumbnail-width":150,"thumbnail-height":150,"medium":"https:\/\/int.design\/wp-content\/uploads\/2021\/03\/Entr\u00e9e_R\u00e9sidence_Nouveau_Saint_Laurent-200x300.jpg","medium-width":200,"medium-height":300,"medium_large":"https:\/\/int.design\/wp-content\/uploads\/2021\/03\/Entr\u00e9e_R\u00e9sidence_Nouveau_Saint_Laurent-768x1152.jpg","medium_large-width":768,"medium_large-height":1152,"large":"https:\/\/int.design\/wp-content\/uploads\/2021\/03\/Entr\u00e9e_R\u00e9sidence_Nouveau_Saint_Laurent-683x1024.jpg","large-width":683,"large-height":1024,"1536x1536":"https:\/\/int.design\/wp-content\/uploads\/2021\/03\/Entr\u00e9e_R\u00e9sidence_Nouveau_Saint_Laurent-1024x1536.jpg","1536x1536-width":1024,"1536x1536-height":1536,"2048x2048":"https:\/\/int.design\/wp-content\/uploads\/2021\/03\/Entr\u00e9e_R\u00e9sidence_Nouveau_Saint_Laurent-1365x2048.jpg","2048x2048-width":1365,"2048x2048-height":2048,"article":"https:\/\/int.design\/wp-content\/uploads\/2021\/03\/Entr\u00e9e_R\u00e9sidence_Nouveau_Saint_Laurent-960x540.jpg","article-width":960,"article-height":540,"banner":"https:\/\/int.design\/wp-content\/uploads\/2021\/03\/Entr\u00e9e_R\u00e9sidence_Nouveau_Saint_Laurent-1920x2880.jpg","banner-width":1920,"banner-height":2880,"block":"https:\/\/int.design\/wp-content\/uploads\/2021\/03\/Entr\u00e9e_R\u00e9sidence_Nouveau_Saint_Laurent-900x680.jpg","block-width":900,"block-height":680,"card":"https:\/\/int.design\/wp-content\/uploads\/2021\/03\/Entr\u00e9e_R\u00e9sidence_Nouveau_Saint_Laurent-560x495.jpg","card-width":560,"card-height":495,"card-thumbnail":"https:\/\/int.design\/wp-content\/uploads\/2021\/03\/Entr\u00e9e_R\u00e9sidence_Nouveau_Saint_Laurent-450x340.jpg","card-thumbnail-width":450,"card-thumbnail-height":340,"conference":"https:\/\/int.design\/wp-content\/uploads\/2021\/03\/Entr\u00e9e_R\u00e9sidence_Nouveau_Saint_Laurent-560x250.jpg","conference-width":560,"conference-height":250,"contest":"https:\/\/int.design\/wp-content\/uploads\/2021\/03\/Entr\u00e9e_R\u00e9sidence_Nouveau_Saint_Laurent-960x400.jpg","contest-width":960,"contest-height":400,"cta":"https:\/\/int.design\/wp-content\/uploads\/2021\/03\/Entr\u00e9e_R\u00e9sidence_Nouveau_Saint_Laurent-415x170.jpg","cta-width":415,"cta-height":170,"exhibitor":"https:\/\/int.design\/wp-content\/uploads\/2021\/03\/Entr\u00e9e_R\u00e9sidence_Nouveau_Saint_Laurent-560x560.jpg","exhibitor-width":560,"exhibitor-height":560,"gallery":"https:\/\/int.design\/wp-content\/uploads\/2021\/03\/Entr\u00e9e_R\u00e9sidence_Nouveau_Saint_Laurent-287x430.jpg","gallery-width":287,"gallery-height":430,"logo":"https:\/\/int.design\/wp-content\/uploads\/2021\/03\/Entr\u00e9e_R\u00e9sidence_Nouveau_Saint_Laurent-67x100.jpg","logo-width":67,"logo-height":100,"masonry":"https:\/\/int.design\/wp-content\/uploads\/2021\/03\/Entr\u00e9e_R\u00e9sidence_Nouveau_Saint_Laurent-550x825.jpg","masonry-width":550,"masonry-height":825,"modal":"https:\/\/int.design\/wp-content\/uploads\/2021\/03\/Entr\u00e9e_R\u00e9sidence_Nouveau_Saint_Laurent-1280x1920.jpg","modal-width":1280,"modal-height":1920,"number":"https:\/\/int.design\/wp-content\/uploads\/2021\/03\/Entr\u00e9e_R\u00e9sidence_Nouveau_Saint_Laurent-287x430.jpg","number-width":287,"number-height":430,"partner":"https:\/\/int.design\/wp-content\/uploads\/2021\/03\/Entr\u00e9e_R\u00e9sidence_Nouveau_Saint_Laurent-140x210.jpg","partner-width":140,"partner-height":210,"ranking":"https:\/\/int.design\/wp-content\/uploads\/2021\/03\/Entr\u00e9e_R\u00e9sidence_Nouveau_Saint_Laurent-960x540.jpg","ranking-width":960,"ranking-height":540,"schedule":"https:\/\/int.design\/wp-content\/uploads\/2021\/03\/Entr\u00e9e_R\u00e9sidence_Nouveau_Saint_Laurent-960x360.jpg","schedule-width":960,"schedule-height":360,"slideshow":"https:\/\/int.design\/wp-content\/uploads\/2021\/03\/Entr\u00e9e_R\u00e9sidence_Nouveau_Saint_Laurent-453x680.jpg","slideshow-width":453,"slideshow-height":680}},"filters":[1005,112],"suppliers":false,"attachment_category":[]},{"categories":[430],"credit":"","image":{"ID":68090,"id":68090,"title":"Cuisine_Vue_1_R\u00e9sidence_Nouveau_Saint_Laurent","filename":"Cuisine_Vue_1_R\u00e9sidence_Nouveau_Saint_Laurent-scaled.jpg","filesize":0,"url":"https:\/\/int.design\/wp-content\/uploads\/2021\/03\/Cuisine_Vue_1_R\u00e9sidence_Nouveau_Saint_Laurent-scaled.jpg","link":"https:\/\/int.design\/fr\/projets\/residence-nouveau-saint-laurent\/cuisine_vue_1_residence_nouveau_saint_laurent\/","alt":"","author":"705","description":"R\u00e9sidence Nouveau Saint-Laurent Pascale Nakhl\u00e9 Design","caption":"","name":"cuisine_vue_1_residence_nouveau_saint_laurent","status":"inherit","uploaded_to":62541,"date":"2021-03-22 19:26:22","modified":"2022-02-08 12:44:09","menu_order":0,"mime_type":"image\/jpeg","type":"image","subtype":"jpeg","icon":"https:\/\/int.design\/wp-includes\/images\/media\/default.png","width":2560,"height":1707,"sizes":{"thumbnail":"https:\/\/int.design\/wp-content\/uploads\/2021\/03\/Cuisine_Vue_1_R\u00e9sidence_Nouveau_Saint_Laurent-150x150.jpg","thumbnail-width":150,"thumbnail-height":150,"medium":"https:\/\/int.design\/wp-content\/uploads\/2021\/03\/Cuisine_Vue_1_R\u00e9sidence_Nouveau_Saint_Laurent-300x200.jpg","medium-width":300,"medium-height":200,"medium_large":"https:\/\/int.design\/wp-content\/uploads\/2021\/03\/Cuisine_Vue_1_R\u00e9sidence_Nouveau_Saint_Laurent-768x512.jpg","medium_large-width":768,"medium_large-height":512,"large":"https:\/\/int.design\/wp-content\/uploads\/2021\/03\/Cuisine_Vue_1_R\u00e9sidence_Nouveau_Saint_Laurent-1024x683.jpg","large-width":1024,"large-height":683,"1536x1536":"https:\/\/int.design\/wp-content\/uploads\/2021\/03\/Cuisine_Vue_1_R\u00e9sidence_Nouveau_Saint_Laurent-1536x1024.jpg","1536x1536-width":1536,"1536x1536-height":1024,"2048x2048":"https:\/\/int.design\/wp-content\/uploads\/2021\/03\/Cuisine_Vue_1_R\u00e9sidence_Nouveau_Saint_Laurent-2048x1365.jpg","2048x2048-width":2048,"2048x2048-height":1365,"article":"https:\/\/int.design\/wp-content\/uploads\/2021\/03\/Cuisine_Vue_1_R\u00e9sidence_Nouveau_Saint_Laurent-960x540.jpg","article-width":960,"article-height":540,"banner":"https:\/\/int.design\/wp-content\/uploads\/2021\/03\/Cuisine_Vue_1_R\u00e9sidence_Nouveau_Saint_Laurent-1920x1280.jpg","banner-width":1920,"banner-height":1280,"block":"https:\/\/int.design\/wp-content\/uploads\/2021\/03\/Cuisine_Vue_1_R\u00e9sidence_Nouveau_Saint_Laurent-900x680.jpg","block-width":900,"block-height":680,"card":"https:\/\/int.design\/wp-content\/uploads\/2021\/03\/Cuisine_Vue_1_R\u00e9sidence_Nouveau_Saint_Laurent-560x495.jpg","card-width":560,"card-height":495,"card-thumbnail":"https:\/\/int.design\/wp-content\/uploads\/2021\/03\/Cuisine_Vue_1_R\u00e9sidence_Nouveau_Saint_Laurent-450x340.jpg","card-thumbnail-width":450,"card-thumbnail-height":340,"conference":"https:\/\/int.design\/wp-content\/uploads\/2021\/03\/Cuisine_Vue_1_R\u00e9sidence_Nouveau_Saint_Laurent-560x250.jpg","conference-width":560,"conference-height":250,"contest":"https:\/\/int.design\/wp-content\/uploads\/2021\/03\/Cuisine_Vue_1_R\u00e9sidence_Nouveau_Saint_Laurent-960x400.jpg","contest-width":960,"contest-height":400,"cta":"https:\/\/int.design\/wp-content\/uploads\/2021\/03\/Cuisine_Vue_1_R\u00e9sidence_Nouveau_Saint_Laurent-415x170.jpg","cta-width":415,"cta-height":170,"exhibitor":"https:\/\/int.design\/wp-content\/uploads\/2021\/03\/Cuisine_Vue_1_R\u00e9sidence_Nouveau_Saint_Laurent-560x560.jpg","exhibitor-width":560,"exhibitor-height":560,"gallery":"https:\/\/int.design\/wp-content\/uploads\/2021\/03\/Cuisine_Vue_1_R\u00e9sidence_Nouveau_Saint_Laurent-560x373.jpg","gallery-width":560,"gallery-height":373,"logo":"https:\/\/int.design\/wp-content\/uploads\/2021\/03\/Cuisine_Vue_1_R\u00e9sidence_Nouveau_Saint_Laurent-150x100.jpg","logo-width":150,"logo-height":100,"masonry":"https:\/\/int.design\/wp-content\/uploads\/2021\/03\/Cuisine_Vue_1_R\u00e9sidence_Nouveau_Saint_Laurent-550x367.jpg","masonry-width":550,"masonry-height":367,"modal":"https:\/\/int.design\/wp-content\/uploads\/2021\/03\/Cuisine_Vue_1_R\u00e9sidence_Nouveau_Saint_Laurent-1920x1280.jpg","modal-width":1920,"modal-height":1280,"number":"https:\/\/int.design\/wp-content\/uploads\/2021\/03\/Cuisine_Vue_1_R\u00e9sidence_Nouveau_Saint_Laurent-560x373.jpg","number-width":560,"number-height":373,"partner":"https:\/\/int.design\/wp-content\/uploads\/2021\/03\/Cuisine_Vue_1_R\u00e9sidence_Nouveau_Saint_Laurent-275x183.jpg","partner-width":275,"partner-height":183,"ranking":"https:\/\/int.design\/wp-content\/uploads\/2021\/03\/Cuisine_Vue_1_R\u00e9sidence_Nouveau_Saint_Laurent-960x540.jpg","ranking-width":960,"ranking-height":540,"schedule":"https:\/\/int.design\/wp-content\/uploads\/2021\/03\/Cuisine_Vue_1_R\u00e9sidence_Nouveau_Saint_Laurent-960x360.jpg","schedule-width":960,"schedule-height":360,"slideshow":"https:\/\/int.design\/wp-content\/uploads\/2021\/03\/Cuisine_Vue_1_R\u00e9sidence_Nouveau_Saint_Laurent-1020x680.jpg","slideshow-width":1020,"slideshow-height":680}},"filters":[1005,23],"suppliers":false,"attachment_category":[]},{"categories":[430],"credit":"","image":{"ID":68091,"id":68091,"title":"Cuisine_Vue_2_Nouveau_Saint_Laurent","filename":"Cuisine_Vue_2_Nouveau_Saint_Laurent-scaled.jpg","filesize":0,"url":"https:\/\/int.design\/wp-content\/uploads\/2021\/03\/Cuisine_Vue_2_Nouveau_Saint_Laurent-scaled.jpg","link":"https:\/\/int.design\/fr\/projets\/residence-nouveau-saint-laurent\/cuisine_vue_2_nouveau_saint_laurent\/","alt":"","author":"705","description":"R\u00e9sidence Nouveau Saint-Laurent Pascale Nakhl\u00e9 Design","caption":"","name":"cuisine_vue_2_nouveau_saint_laurent","status":"inherit","uploaded_to":62541,"date":"2021-03-22 19:26:51","modified":"2022-02-08 12:44:09","menu_order":0,"mime_type":"image\/jpeg","type":"image","subtype":"jpeg","icon":"https:\/\/int.design\/wp-includes\/images\/media\/default.png","width":1707,"height":2560,"sizes":{"thumbnail":"https:\/\/int.design\/wp-content\/uploads\/2021\/03\/Cuisine_Vue_2_Nouveau_Saint_Laurent-150x150.jpg","thumbnail-width":150,"thumbnail-height":150,"medium":"https:\/\/int.design\/wp-content\/uploads\/2021\/03\/Cuisine_Vue_2_Nouveau_Saint_Laurent-200x300.jpg","medium-width":200,"medium-height":300,"medium_large":"https:\/\/int.design\/wp-content\/uploads\/2021\/03\/Cuisine_Vue_2_Nouveau_Saint_Laurent-768x1152.jpg","medium_large-width":768,"medium_large-height":1152,"large":"https:\/\/int.design\/wp-content\/uploads\/2021\/03\/Cuisine_Vue_2_Nouveau_Saint_Laurent-683x1024.jpg","large-width":683,"large-height":1024,"1536x1536":"https:\/\/int.design\/wp-content\/uploads\/2021\/03\/Cuisine_Vue_2_Nouveau_Saint_Laurent-1024x1536.jpg","1536x1536-width":1024,"1536x1536-height":1536,"2048x2048":"https:\/\/int.design\/wp-content\/uploads\/2021\/03\/Cuisine_Vue_2_Nouveau_Saint_Laurent-1365x2048.jpg","2048x2048-width":1365,"2048x2048-height":2048,"article":"https:\/\/int.design\/wp-content\/uploads\/2021\/03\/Cuisine_Vue_2_Nouveau_Saint_Laurent-960x540.jpg","article-width":960,"article-height":540,"banner":"https:\/\/int.design\/wp-content\/uploads\/2021\/03\/Cuisine_Vue_2_Nouveau_Saint_Laurent-1920x2880.jpg","banner-width":1920,"banner-height":2880,"block":"https:\/\/int.design\/wp-content\/uploads\/2021\/03\/Cuisine_Vue_2_Nouveau_Saint_Laurent-900x680.jpg","block-width":900,"block-height":680,"card":"https:\/\/int.design\/wp-content\/uploads\/2021\/03\/Cuisine_Vue_2_Nouveau_Saint_Laurent-560x495.jpg","card-width":560,"card-height":495,"card-thumbnail":"https:\/\/int.design\/wp-content\/uploads\/2021\/03\/Cuisine_Vue_2_Nouveau_Saint_Laurent-450x340.jpg","card-thumbnail-width":450,"card-thumbnail-height":340,"conference":"https:\/\/int.design\/wp-content\/uploads\/2021\/03\/Cuisine_Vue_2_Nouveau_Saint_Laurent-560x250.jpg","conference-width":560,"conference-height":250,"contest":"https:\/\/int.design\/wp-content\/uploads\/2021\/03\/Cuisine_Vue_2_Nouveau_Saint_Laurent-960x400.jpg","contest-width":960,"contest-height":400,"cta":"https:\/\/int.design\/wp-content\/uploads\/2021\/03\/Cuisine_Vue_2_Nouveau_Saint_Laurent-415x170.jpg","cta-width":415,"cta-height":170,"exhibitor":"https:\/\/int.design\/wp-content\/uploads\/2021\/03\/Cuisine_Vue_2_Nouveau_Saint_Laurent-560x560.jpg","exhibitor-width":560,"exhibitor-height":560,"gallery":"https:\/\/int.design\/wp-content\/uploads\/2021\/03\/Cuisine_Vue_2_Nouveau_Saint_Laurent-287x430.jpg","gallery-width":287,"gallery-height":430,"logo":"https:\/\/int.design\/wp-content\/uploads\/2021\/03\/Cuisine_Vue_2_Nouveau_Saint_Laurent-67x100.jpg","logo-width":67,"logo-height":100,"masonry":"https:\/\/int.design\/wp-content\/uploads\/2021\/03\/Cuisine_Vue_2_Nouveau_Saint_Laurent-550x825.jpg","masonry-width":550,"masonry-height":825,"modal":"https:\/\/int.design\/wp-content\/uploads\/2021\/03\/Cuisine_Vue_2_Nouveau_Saint_Laurent-1280x1920.jpg","modal-width":1280,"modal-height":1920,"number":"https:\/\/int.design\/wp-content\/uploads\/2021\/03\/Cuisine_Vue_2_Nouveau_Saint_Laurent-287x430.jpg","number-width":287,"number-height":430,"partner":"https:\/\/int.design\/wp-content\/uploads\/2021\/03\/Cuisine_Vue_2_Nouveau_Saint_Laurent-140x210.jpg","partner-width":140,"partner-height":210,"ranking":"https:\/\/int.design\/wp-content\/uploads\/2021\/03\/Cuisine_Vue_2_Nouveau_Saint_Laurent-960x540.jpg","ranking-width":960,"ranking-height":540,"schedule":"https:\/\/int.design\/wp-content\/uploads\/2021\/03\/Cuisine_Vue_2_Nouveau_Saint_Laurent-960x360.jpg","schedule-width":960,"schedule-height":360,"slideshow":"https:\/\/int.design\/wp-content\/uploads\/2021\/03\/Cuisine_Vue_2_Nouveau_Saint_Laurent-453x680.jpg","slideshow-width":453,"slideshow-height":680}},"filters":[1005,23],"suppliers":false,"attachment_category":[]},{"categories":[430],"credit":"","image":{"ID":68093,"id":68093,"title":"Cuisine_Vue_3_Nouveau_Saint_Laurent","filename":"Cuisine_Vue_3_Nouveau_Saint_Laurent-scaled.jpg","filesize":0,"url":"https:\/\/int.design\/wp-content\/uploads\/2021\/03\/Cuisine_Vue_3_Nouveau_Saint_Laurent-scaled.jpg","link":"https:\/\/int.design\/fr\/projets\/residence-nouveau-saint-laurent\/cuisine_vue_3_nouveau_saint_laurent\/","alt":"","author":"705","description":"R\u00e9sidence Nouveau Saint-Laurent Pascale Nakhl\u00e9 Design","caption":"","name":"cuisine_vue_3_nouveau_saint_laurent","status":"inherit","uploaded_to":62541,"date":"2021-03-22 19:27:28","modified":"2022-02-08 12:44:09","menu_order":0,"mime_type":"image\/jpeg","type":"image","subtype":"jpeg","icon":"https:\/\/int.design\/wp-includes\/images\/media\/default.png","width":1707,"height":2560,"sizes":{"thumbnail":"https:\/\/int.design\/wp-content\/uploads\/2021\/03\/Cuisine_Vue_3_Nouveau_Saint_Laurent-150x150.jpg","thumbnail-width":150,"thumbnail-height":150,"medium":"https:\/\/int.design\/wp-content\/uploads\/2021\/03\/Cuisine_Vue_3_Nouveau_Saint_Laurent-200x300.jpg","medium-width":200,"medium-height":300,"medium_large":"https:\/\/int.design\/wp-content\/uploads\/2021\/03\/Cuisine_Vue_3_Nouveau_Saint_Laurent-768x1152.jpg","medium_large-width":768,"medium_large-height":1152,"large":"https:\/\/int.design\/wp-content\/uploads\/2021\/03\/Cuisine_Vue_3_Nouveau_Saint_Laurent-683x1024.jpg","large-width":683,"large-height":1024,"1536x1536":"https:\/\/int.design\/wp-content\/uploads\/2021\/03\/Cuisine_Vue_3_Nouveau_Saint_Laurent-1024x1536.jpg","1536x1536-width":1024,"1536x1536-height":1536,"2048x2048":"https:\/\/int.design\/wp-content\/uploads\/2021\/03\/Cuisine_Vue_3_Nouveau_Saint_Laurent-1365x2048.jpg","2048x2048-width":1365,"2048x2048-height":2048,"article":"https:\/\/int.design\/wp-content\/uploads\/2021\/03\/Cuisine_Vue_3_Nouveau_Saint_Laurent-960x540.jpg","article-width":960,"article-height":540,"banner":"https:\/\/int.design\/wp-content\/uploads\/2021\/03\/Cuisine_Vue_3_Nouveau_Saint_Laurent-1920x2880.jpg","banner-width":1920,"banner-height":2880,"block":"https:\/\/int.design\/wp-content\/uploads\/2021\/03\/Cuisine_Vue_3_Nouveau_Saint_Laurent-900x680.jpg","block-width":900,"block-height":680,"card":"https:\/\/int.design\/wp-content\/uploads\/2021\/03\/Cuisine_Vue_3_Nouveau_Saint_Laurent-560x495.jpg","card-width":560,"card-height":495,"card-thumbnail":"https:\/\/int.design\/wp-content\/uploads\/2021\/03\/Cuisine_Vue_3_Nouveau_Saint_Laurent-450x340.jpg","card-thumbnail-width":450,"card-thumbnail-height":340,"conference":"https:\/\/int.design\/wp-content\/uploads\/2021\/03\/Cuisine_Vue_3_Nouveau_Saint_Laurent-560x250.jpg","conference-width":560,"conference-height":250,"contest":"https:\/\/int.design\/wp-content\/uploads\/2021\/03\/Cuisine_Vue_3_Nouveau_Saint_Laurent-960x400.jpg","contest-width":960,"contest-height":400,"cta":"https:\/\/int.design\/wp-content\/uploads\/2021\/03\/Cuisine_Vue_3_Nouveau_Saint_Laurent-415x170.jpg","cta-width":415,"cta-height":170,"exhibitor":"https:\/\/int.design\/wp-content\/uploads\/2021\/03\/Cuisine_Vue_3_Nouveau_Saint_Laurent-560x560.jpg","exhibitor-width":560,"exhibitor-height":560,"gallery":"https:\/\/int.design\/wp-content\/uploads\/2021\/03\/Cuisine_Vue_3_Nouveau_Saint_Laurent-287x430.jpg","gallery-width":287,"gallery-height":430,"logo":"https:\/\/int.design\/wp-content\/uploads\/2021\/03\/Cuisine_Vue_3_Nouveau_Saint_Laurent-67x100.jpg","logo-width":67,"logo-height":100,"masonry":"https:\/\/int.design\/wp-content\/uploads\/2021\/03\/Cuisine_Vue_3_Nouveau_Saint_Laurent-550x825.jpg","masonry-width":550,"masonry-height":825,"modal":"https:\/\/int.design\/wp-content\/uploads\/2021\/03\/Cuisine_Vue_3_Nouveau_Saint_Laurent-1280x1920.jpg","modal-width":1280,"modal-height":1920,"number":"https:\/\/int.design\/wp-content\/uploads\/2021\/03\/Cuisine_Vue_3_Nouveau_Saint_Laurent-287x430.jpg","number-width":287,"number-height":430,"partner":"https:\/\/int.design\/wp-content\/uploads\/2021\/03\/Cuisine_Vue_3_Nouveau_Saint_Laurent-140x210.jpg","partner-width":140,"partner-height":210,"ranking":"https:\/\/int.design\/wp-content\/uploads\/2021\/03\/Cuisine_Vue_3_Nouveau_Saint_Laurent-960x540.jpg","ranking-width":960,"ranking-height":540,"schedule":"https:\/\/int.design\/wp-content\/uploads\/2021\/03\/Cuisine_Vue_3_Nouveau_Saint_Laurent-960x360.jpg","schedule-width":960,"schedule-height":360,"slideshow":"https:\/\/int.design\/wp-content\/uploads\/2021\/03\/Cuisine_Vue_3_Nouveau_Saint_Laurent-453x680.jpg","slideshow-width":453,"slideshow-height":680}},"filters":[1005,23],"suppliers":false,"attachment_category":[]},{"categories":[430],"credit":"","image":{"ID":68105,"id":68105,"title":"Salle_A_Manger_Vue_1_R\u00e9sidence_Nouveau_Saint_Laurent","filename":"Salle_A_Manger_Vue_1_R\u00e9sidence_Nouveau_Saint_Laurent-scaled.jpg","filesize":0,"url":"https:\/\/int.design\/wp-content\/uploads\/2021\/03\/Salle_A_Manger_Vue_1_R\u00e9sidence_Nouveau_Saint_Laurent-scaled.jpg","link":"https:\/\/int.design\/fr\/projets\/residence-nouveau-saint-laurent\/salle_a_manger_vue_1_residence_nouveau_saint_laurent\/","alt":"","author":"705","description":"R\u00e9sidence Nouveau Saint-Laurent Pascale Nakhl\u00e9 Design","caption":"","name":"salle_a_manger_vue_1_residence_nouveau_saint_laurent","status":"inherit","uploaded_to":62541,"date":"2021-03-22 19:40:56","modified":"2022-02-08 12:44:09","menu_order":0,"mime_type":"image\/jpeg","type":"image","subtype":"jpeg","icon":"https:\/\/int.design\/wp-includes\/images\/media\/default.png","width":2560,"height":1707,"sizes":{"thumbnail":"https:\/\/int.design\/wp-content\/uploads\/2021\/03\/Salle_A_Manger_Vue_1_R\u00e9sidence_Nouveau_Saint_Laurent-150x150.jpg","thumbnail-width":150,"thumbnail-height":150,"medium":"https:\/\/int.design\/wp-content\/uploads\/2021\/03\/Salle_A_Manger_Vue_1_R\u00e9sidence_Nouveau_Saint_Laurent-300x200.jpg","medium-width":300,"medium-height":200,"medium_large":"https:\/\/int.design\/wp-content\/uploads\/2021\/03\/Salle_A_Manger_Vue_1_R\u00e9sidence_Nouveau_Saint_Laurent-768x512.jpg","medium_large-width":768,"medium_large-height":512,"large":"https:\/\/int.design\/wp-content\/uploads\/2021\/03\/Salle_A_Manger_Vue_1_R\u00e9sidence_Nouveau_Saint_Laurent-1024x683.jpg","large-width":1024,"large-height":683,"1536x1536":"https:\/\/int.design\/wp-content\/uploads\/2021\/03\/Salle_A_Manger_Vue_1_R\u00e9sidence_Nouveau_Saint_Laurent-1536x1024.jpg","1536x1536-width":1536,"1536x1536-height":1024,"2048x2048":"https:\/\/int.design\/wp-content\/uploads\/2021\/03\/Salle_A_Manger_Vue_1_R\u00e9sidence_Nouveau_Saint_Laurent-2048x1365.jpg","2048x2048-width":2048,"2048x2048-height":1365,"article":"https:\/\/int.design\/wp-content\/uploads\/2021\/03\/Salle_A_Manger_Vue_1_R\u00e9sidence_Nouveau_Saint_Laurent-960x540.jpg","article-width":960,"article-height":540,"banner":"https:\/\/int.design\/wp-content\/uploads\/2021\/03\/Salle_A_Manger_Vue_1_R\u00e9sidence_Nouveau_Saint_Laurent-1920x1280.jpg","banner-width":1920,"banner-height":1280,"block":"https:\/\/int.design\/wp-content\/uploads\/2021\/03\/Salle_A_Manger_Vue_1_R\u00e9sidence_Nouveau_Saint_Laurent-900x680.jpg","block-width":900,"block-height":680,"card":"https:\/\/int.design\/wp-content\/uploads\/2021\/03\/Salle_A_Manger_Vue_1_R\u00e9sidence_Nouveau_Saint_Laurent-560x495.jpg","card-width":560,"card-height":495,"card-thumbnail":"https:\/\/int.design\/wp-content\/uploads\/2021\/03\/Salle_A_Manger_Vue_1_R\u00e9sidence_Nouveau_Saint_Laurent-450x340.jpg","card-thumbnail-width":450,"card-thumbnail-height":340,"conference":"https:\/\/int.design\/wp-content\/uploads\/2021\/03\/Salle_A_Manger_Vue_1_R\u00e9sidence_Nouveau_Saint_Laurent-560x250.jpg","conference-width":560,"conference-height":250,"contest":"https:\/\/int.design\/wp-content\/uploads\/2021\/03\/Salle_A_Manger_Vue_1_R\u00e9sidence_Nouveau_Saint_Laurent-960x400.jpg","contest-width":960,"contest-height":400,"cta":"https:\/\/int.design\/wp-content\/uploads\/2021\/03\/Salle_A_Manger_Vue_1_R\u00e9sidence_Nouveau_Saint_Laurent-415x170.jpg","cta-width":415,"cta-height":170,"exhibitor":"https:\/\/int.design\/wp-content\/uploads\/2021\/03\/Salle_A_Manger_Vue_1_R\u00e9sidence_Nouveau_Saint_Laurent-560x560.jpg","exhibitor-width":560,"exhibitor-height":560,"gallery":"https:\/\/int.design\/wp-content\/uploads\/2021\/03\/Salle_A_Manger_Vue_1_R\u00e9sidence_Nouveau_Saint_Laurent-560x373.jpg","gallery-width":560,"gallery-height":373,"logo":"https:\/\/int.design\/wp-content\/uploads\/2021\/03\/Salle_A_Manger_Vue_1_R\u00e9sidence_Nouveau_Saint_Laurent-150x100.jpg","logo-width":150,"logo-height":100,"masonry":"https:\/\/int.design\/wp-content\/uploads\/2021\/03\/Salle_A_Manger_Vue_1_R\u00e9sidence_Nouveau_Saint_Laurent-550x367.jpg","masonry-width":550,"masonry-height":367,"modal":"https:\/\/int.design\/wp-content\/uploads\/2021\/03\/Salle_A_Manger_Vue_1_R\u00e9sidence_Nouveau_Saint_Laurent-1920x1280.jpg","modal-width":1920,"modal-height":1280,"number":"https:\/\/int.design\/wp-content\/uploads\/2021\/03\/Salle_A_Manger_Vue_1_R\u00e9sidence_Nouveau_Saint_Laurent-560x373.jpg","number-width":560,"number-height":373,"partner":"https:\/\/int.design\/wp-content\/uploads\/2021\/03\/Salle_A_Manger_Vue_1_R\u00e9sidence_Nouveau_Saint_Laurent-275x183.jpg","partner-width":275,"partner-height":183,"ranking":"https:\/\/int.design\/wp-content\/uploads\/2021\/03\/Salle_A_Manger_Vue_1_R\u00e9sidence_Nouveau_Saint_Laurent-960x540.jpg","ranking-width":960,"ranking-height":540,"schedule":"https:\/\/int.design\/wp-content\/uploads\/2021\/03\/Salle_A_Manger_Vue_1_R\u00e9sidence_Nouveau_Saint_Laurent-960x360.jpg","schedule-width":960,"schedule-height":360,"slideshow":"https:\/\/int.design\/wp-content\/uploads\/2021\/03\/Salle_A_Manger_Vue_1_R\u00e9sidence_Nouveau_Saint_Laurent-1020x680.jpg","slideshow-width":1020,"slideshow-height":680}},"filters":[1005,113],"suppliers":false,"attachment_category":[]},{"categories":[430],"credit":"","image":{"ID":68106,"id":68106,"title":"Salle_A_Manger_Vue_2_R\u00e9sidence_Nouveau_Saint_Laurent","filename":"Salle_A_Manger_Vue_2_R\u00e9sidence_Nouveau_Saint_Laurent-scaled.jpg","filesize":0,"url":"https:\/\/int.design\/wp-content\/uploads\/2021\/03\/Salle_A_Manger_Vue_2_R\u00e9sidence_Nouveau_Saint_Laurent-scaled.jpg","link":"https:\/\/int.design\/fr\/projets\/residence-nouveau-saint-laurent\/salle_a_manger_vue_2_residence_nouveau_saint_laurent\/","alt":"","author":"705","description":"R\u00e9sidence Nouveau Saint-Laurent Pascale Nakhl\u00e9 Design","caption":"","name":"salle_a_manger_vue_2_residence_nouveau_saint_laurent","status":"inherit","uploaded_to":62541,"date":"2021-03-22 19:41:21","modified":"2022-02-08 12:44:09","menu_order":0,"mime_type":"image\/jpeg","type":"image","subtype":"jpeg","icon":"https:\/\/int.design\/wp-includes\/images\/media\/default.png","width":1706,"height":2560,"sizes":{"thumbnail":"https:\/\/int.design\/wp-content\/uploads\/2021\/03\/Salle_A_Manger_Vue_2_R\u00e9sidence_Nouveau_Saint_Laurent-150x150.jpg","thumbnail-width":150,"thumbnail-height":150,"medium":"https:\/\/int.design\/wp-content\/uploads\/2021\/03\/Salle_A_Manger_Vue_2_R\u00e9sidence_Nouveau_Saint_Laurent-200x300.jpg","medium-width":200,"medium-height":300,"medium_large":"https:\/\/int.design\/wp-content\/uploads\/2021\/03\/Salle_A_Manger_Vue_2_R\u00e9sidence_Nouveau_Saint_Laurent-768x1152.jpg","medium_large-width":768,"medium_large-height":1152,"large":"https:\/\/int.design\/wp-content\/uploads\/2021\/03\/Salle_A_Manger_Vue_2_R\u00e9sidence_Nouveau_Saint_Laurent-683x1024.jpg","large-width":683,"large-height":1024,"1536x1536":"https:\/\/int.design\/wp-content\/uploads\/2021\/03\/Salle_A_Manger_Vue_2_R\u00e9sidence_Nouveau_Saint_Laurent-1024x1536.jpg","1536x1536-width":1024,"1536x1536-height":1536,"2048x2048":"https:\/\/int.design\/wp-content\/uploads\/2021\/03\/Salle_A_Manger_Vue_2_R\u00e9sidence_Nouveau_Saint_Laurent-1365x2048.jpg","2048x2048-width":1365,"2048x2048-height":2048,"article":"https:\/\/int.design\/wp-content\/uploads\/2021\/03\/Salle_A_Manger_Vue_2_R\u00e9sidence_Nouveau_Saint_Laurent-960x540.jpg","article-width":960,"article-height":540,"banner":"https:\/\/int.design\/wp-content\/uploads\/2021\/03\/Salle_A_Manger_Vue_2_R\u00e9sidence_Nouveau_Saint_Laurent-1920x2881.jpg","banner-width":1920,"banner-height":2881,"block":"https:\/\/int.design\/wp-content\/uploads\/2021\/03\/Salle_A_Manger_Vue_2_R\u00e9sidence_Nouveau_Saint_Laurent-900x680.jpg","block-width":900,"block-height":680,"card":"https:\/\/int.design\/wp-content\/uploads\/2021\/03\/Salle_A_Manger_Vue_2_R\u00e9sidence_Nouveau_Saint_Laurent-560x495.jpg","card-width":560,"card-height":495,"card-thumbnail":"https:\/\/int.design\/wp-content\/uploads\/2021\/03\/Salle_A_Manger_Vue_2_R\u00e9sidence_Nouveau_Saint_Laurent-450x340.jpg","card-thumbnail-width":450,"card-thumbnail-height":340,"conference":"https:\/\/int.design\/wp-content\/uploads\/2021\/03\/Salle_A_Manger_Vue_2_R\u00e9sidence_Nouveau_Saint_Laurent-560x250.jpg","conference-width":560,"conference-height":250,"contest":"https:\/\/int.design\/wp-content\/uploads\/2021\/03\/Salle_A_Manger_Vue_2_R\u00e9sidence_Nouveau_Saint_Laurent-960x400.jpg","contest-width":960,"contest-height":400,"cta":"https:\/\/int.design\/wp-content\/uploads\/2021\/03\/Salle_A_Manger_Vue_2_R\u00e9sidence_Nouveau_Saint_Laurent-415x170.jpg","cta-width":415,"cta-height":170,"exhibitor":"https:\/\/int.design\/wp-content\/uploads\/2021\/03\/Salle_A_Manger_Vue_2_R\u00e9sidence_Nouveau_Saint_Laurent-560x560.jpg","exhibitor-width":560,"exhibitor-height":560,"gallery":"https:\/\/int.design\/wp-content\/uploads\/2021\/03\/Salle_A_Manger_Vue_2_R\u00e9sidence_Nouveau_Saint_Laurent-287x430.jpg","gallery-width":287,"gallery-height":430,"logo":"https:\/\/int.design\/wp-content\/uploads\/2021\/03\/Salle_A_Manger_Vue_2_R\u00e9sidence_Nouveau_Saint_Laurent-67x100.jpg","logo-width":67,"logo-height":100,"masonry":"https:\/\/int.design\/wp-content\/uploads\/2021\/03\/Salle_A_Manger_Vue_2_R\u00e9sidence_Nouveau_Saint_Laurent-550x825.jpg","masonry-width":550,"masonry-height":825,"modal":"https:\/\/int.design\/wp-content\/uploads\/2021\/03\/Salle_A_Manger_Vue_2_R\u00e9sidence_Nouveau_Saint_Laurent-1280x1920.jpg","modal-width":1280,"modal-height":1920,"number":"https:\/\/int.design\/wp-content\/uploads\/2021\/03\/Salle_A_Manger_Vue_2_R\u00e9sidence_Nouveau_Saint_Laurent-287x430.jpg","number-width":287,"number-height":430,"partner":"https:\/\/int.design\/wp-content\/uploads\/2021\/03\/Salle_A_Manger_Vue_2_R\u00e9sidence_Nouveau_Saint_Laurent-140x210.jpg","partner-width":140,"partner-height":210,"ranking":"https:\/\/int.design\/wp-content\/uploads\/2021\/03\/Salle_A_Manger_Vue_2_R\u00e9sidence_Nouveau_Saint_Laurent-960x540.jpg","ranking-width":960,"ranking-height":540,"schedule":"https:\/\/int.design\/wp-content\/uploads\/2021\/03\/Salle_A_Manger_Vue_2_R\u00e9sidence_Nouveau_Saint_Laurent-960x360.jpg","schedule-width":960,"schedule-height":360,"slideshow":"https:\/\/int.design\/wp-content\/uploads\/2021\/03\/Salle_A_Manger_Vue_2_R\u00e9sidence_Nouveau_Saint_Laurent-453x680.jpg","slideshow-width":453,"slideshow-height":680}},"filters":[1005,113],"suppliers":false,"attachment_category":[]},{"categories":[430],"credit":"","image":{"ID":68107,"id":68107,"title":"Salle_familiale_R\u00e9sidence_Nouveau_Saint_Laurent","filename":"Salle_familiale_R\u00e9sidence_Nouveau_Saint_Laurent-scaled.jpg","filesize":0,"url":"https:\/\/int.design\/wp-content\/uploads\/2021\/03\/Salle_familiale_R\u00e9sidence_Nouveau_Saint_Laurent-scaled.jpg","link":"https:\/\/int.design\/fr\/projets\/residence-nouveau-saint-laurent\/salle_familiale_residence_nouveau_saint_laurent\/","alt":"","author":"705","description":"R\u00e9sidence Nouveau Saint-Laurent Pascale Nakhl\u00e9 Design","caption":"","name":"salle_familiale_residence_nouveau_saint_laurent","status":"inherit","uploaded_to":62541,"date":"2021-03-22 19:48:40","modified":"2022-02-08 12:44:09","menu_order":0,"mime_type":"image\/jpeg","type":"image","subtype":"jpeg","icon":"https:\/\/int.design\/wp-includes\/images\/media\/default.png","width":2560,"height":1707,"sizes":{"thumbnail":"https:\/\/int.design\/wp-content\/uploads\/2021\/03\/Salle_familiale_R\u00e9sidence_Nouveau_Saint_Laurent-150x150.jpg","thumbnail-width":150,"thumbnail-height":150,"medium":"https:\/\/int.design\/wp-content\/uploads\/2021\/03\/Salle_familiale_R\u00e9sidence_Nouveau_Saint_Laurent-300x200.jpg","medium-width":300,"medium-height":200,"medium_large":"https:\/\/int.design\/wp-content\/uploads\/2021\/03\/Salle_familiale_R\u00e9sidence_Nouveau_Saint_Laurent-768x512.jpg","medium_large-width":768,"medium_large-height":512,"large":"https:\/\/int.design\/wp-content\/uploads\/2021\/03\/Salle_familiale_R\u00e9sidence_Nouveau_Saint_Laurent-1024x683.jpg","large-width":1024,"large-height":683,"1536x1536":"https:\/\/int.design\/wp-content\/uploads\/2021\/03\/Salle_familiale_R\u00e9sidence_Nouveau_Saint_Laurent-1536x1024.jpg","1536x1536-width":1536,"1536x1536-height":1024,"2048x2048":"https:\/\/int.design\/wp-content\/uploads\/2021\/03\/Salle_familiale_R\u00e9sidence_Nouveau_Saint_Laurent-2048x1365.jpg","2048x2048-width":2048,"2048x2048-height":1365,"article":"https:\/\/int.design\/wp-content\/uploads\/2021\/03\/Salle_familiale_R\u00e9sidence_Nouveau_Saint_Laurent-960x540.jpg","article-width":960,"article-height":540,"banner":"https:\/\/int.design\/wp-content\/uploads\/2021\/03\/Salle_familiale_R\u00e9sidence_Nouveau_Saint_Laurent-1920x1280.jpg","banner-width":1920,"banner-height":1280,"block":"https:\/\/int.design\/wp-content\/uploads\/2021\/03\/Salle_familiale_R\u00e9sidence_Nouveau_Saint_Laurent-900x680.jpg","block-width":900,"block-height":680,"card":"https:\/\/int.design\/wp-content\/uploads\/2021\/03\/Salle_familiale_R\u00e9sidence_Nouveau_Saint_Laurent-560x495.jpg","card-width":560,"card-height":495,"card-thumbnail":"https:\/\/int.design\/wp-content\/uploads\/2021\/03\/Salle_familiale_R\u00e9sidence_Nouveau_Saint_Laurent-450x340.jpg","card-thumbnail-width":450,"card-thumbnail-height":340,"conference":"https:\/\/int.design\/wp-content\/uploads\/2021\/03\/Salle_familiale_R\u00e9sidence_Nouveau_Saint_Laurent-560x250.jpg","conference-width":560,"conference-height":250,"contest":"https:\/\/int.design\/wp-content\/uploads\/2021\/03\/Salle_familiale_R\u00e9sidence_Nouveau_Saint_Laurent-960x400.jpg","contest-width":960,"contest-height":400,"cta":"https:\/\/int.design\/wp-content\/uploads\/2021\/03\/Salle_familiale_R\u00e9sidence_Nouveau_Saint_Laurent-415x170.jpg","cta-width":415,"cta-height":170,"exhibitor":"https:\/\/int.design\/wp-content\/uploads\/2021\/03\/Salle_familiale_R\u00e9sidence_Nouveau_Saint_Laurent-560x560.jpg","exhibitor-width":560,"exhibitor-height":560,"gallery":"https:\/\/int.design\/wp-content\/uploads\/2021\/03\/Salle_familiale_R\u00e9sidence_Nouveau_Saint_Laurent-560x373.jpg","gallery-width":560,"gallery-height":373,"logo":"https:\/\/int.design\/wp-content\/uploads\/2021\/03\/Salle_familiale_R\u00e9sidence_Nouveau_Saint_Laurent-150x100.jpg","logo-width":150,"logo-height":100,"masonry":"https:\/\/int.design\/wp-content\/uploads\/2021\/03\/Salle_familiale_R\u00e9sidence_Nouveau_Saint_Laurent-550x367.jpg","masonry-width":550,"masonry-height":367,"modal":"https:\/\/int.design\/wp-content\/uploads\/2021\/03\/Salle_familiale_R\u00e9sidence_Nouveau_Saint_Laurent-1920x1280.jpg","modal-width":1920,"modal-height":1280,"number":"https:\/\/int.design\/wp-content\/uploads\/2021\/03\/Salle_familiale_R\u00e9sidence_Nouveau_Saint_Laurent-560x373.jpg","number-width":560,"number-height":373,"partner":"https:\/\/int.design\/wp-content\/uploads\/2021\/03\/Salle_familiale_R\u00e9sidence_Nouveau_Saint_Laurent-275x183.jpg","partner-width":275,"partner-height":183,"ranking":"https:\/\/int.design\/wp-content\/uploads\/2021\/03\/Salle_familiale_R\u00e9sidence_Nouveau_Saint_Laurent-960x540.jpg","ranking-width":960,"ranking-height":540,"schedule":"https:\/\/int.design\/wp-content\/uploads\/2021\/03\/Salle_familiale_R\u00e9sidence_Nouveau_Saint_Laurent-960x360.jpg","schedule-width":960,"schedule-height":360,"slideshow":"https:\/\/int.design\/wp-content\/uploads\/2021\/03\/Salle_familiale_R\u00e9sidence_Nouveau_Saint_Laurent-1020x680.jpg","slideshow-width":1020,"slideshow-height":680}},"filters":[1005,24],"suppliers":false,"attachment_category":[]},{"categories":[430],"credit":"","image":{"ID":68108,"id":68108,"title":"Chambre_A_Coucher_R\u00e9sidence_Nouveau_Saint_Laurent","filename":"Chambre_A_Coucher_R\u00e9sidence_Nouveau_Saint_Laurent-scaled.jpg","filesize":0,"url":"https:\/\/int.design\/wp-content\/uploads\/2021\/03\/Chambre_A_Coucher_R\u00e9sidence_Nouveau_Saint_Laurent-scaled.jpg","link":"https:\/\/int.design\/fr\/projets\/residence-nouveau-saint-laurent\/chambre_a_coucher_residence_nouveau_saint_laurent\/","alt":"","author":"705","description":"R\u00e9sidence Nouveau Saint-Laurent Pascale Nakhl\u00e9 Design","caption":"","name":"chambre_a_coucher_residence_nouveau_saint_laurent","status":"inherit","uploaded_to":62541,"date":"2021-03-22 19:49:20","modified":"2022-02-08 12:44:09","menu_order":0,"mime_type":"image\/jpeg","type":"image","subtype":"jpeg","icon":"https:\/\/int.design\/wp-includes\/images\/media\/default.png","width":2560,"height":1707,"sizes":{"thumbnail":"https:\/\/int.design\/wp-content\/uploads\/2021\/03\/Chambre_A_Coucher_R\u00e9sidence_Nouveau_Saint_Laurent-150x150.jpg","thumbnail-width":150,"thumbnail-height":150,"medium":"https:\/\/int.design\/wp-content\/uploads\/2021\/03\/Chambre_A_Coucher_R\u00e9sidence_Nouveau_Saint_Laurent-300x200.jpg","medium-width":300,"medium-height":200,"medium_large":"https:\/\/int.design\/wp-content\/uploads\/2021\/03\/Chambre_A_Coucher_R\u00e9sidence_Nouveau_Saint_Laurent-768x512.jpg","medium_large-width":768,"medium_large-height":512,"large":"https:\/\/int.design\/wp-content\/uploads\/2021\/03\/Chambre_A_Coucher_R\u00e9sidence_Nouveau_Saint_Laurent-1024x683.jpg","large-width":1024,"large-height":683,"1536x1536":"https:\/\/int.design\/wp-content\/uploads\/2021\/03\/Chambre_A_Coucher_R\u00e9sidence_Nouveau_Saint_Laurent-1536x1024.jpg","1536x1536-width":1536,"1536x1536-height":1024,"2048x2048":"https:\/\/int.design\/wp-content\/uploads\/2021\/03\/Chambre_A_Coucher_R\u00e9sidence_Nouveau_Saint_Laurent-2048x1365.jpg","2048x2048-width":2048,"2048x2048-height":1365,"article":"https:\/\/int.design\/wp-content\/uploads\/2021\/03\/Chambre_A_Coucher_R\u00e9sidence_Nouveau_Saint_Laurent-960x540.jpg","article-width":960,"article-height":540,"banner":"https:\/\/int.design\/wp-content\/uploads\/2021\/03\/Chambre_A_Coucher_R\u00e9sidence_Nouveau_Saint_Laurent-1920x1280.jpg","banner-width":1920,"banner-height":1280,"block":"https:\/\/int.design\/wp-content\/uploads\/2021\/03\/Chambre_A_Coucher_R\u00e9sidence_Nouveau_Saint_Laurent-900x680.jpg","block-width":900,"block-height":680,"card":"https:\/\/int.design\/wp-content\/uploads\/2021\/03\/Chambre_A_Coucher_R\u00e9sidence_Nouveau_Saint_Laurent-560x495.jpg","card-width":560,"card-height":495,"card-thumbnail":"https:\/\/int.design\/wp-content\/uploads\/2021\/03\/Chambre_A_Coucher_R\u00e9sidence_Nouveau_Saint_Laurent-450x340.jpg","card-thumbnail-width":450,"card-thumbnail-height":340,"conference":"https:\/\/int.design\/wp-content\/uploads\/2021\/03\/Chambre_A_Coucher_R\u00e9sidence_Nouveau_Saint_Laurent-560x250.jpg","conference-width":560,"conference-height":250,"contest":"https:\/\/int.design\/wp-content\/uploads\/2021\/03\/Chambre_A_Coucher_R\u00e9sidence_Nouveau_Saint_Laurent-960x400.jpg","contest-width":960,"contest-height":400,"cta":"https:\/\/int.design\/wp-content\/uploads\/2021\/03\/Chambre_A_Coucher_R\u00e9sidence_Nouveau_Saint_Laurent-415x170.jpg","cta-width":415,"cta-height":170,"exhibitor":"https:\/\/int.design\/wp-content\/uploads\/2021\/03\/Chambre_A_Coucher_R\u00e9sidence_Nouveau_Saint_Laurent-560x560.jpg","exhibitor-width":560,"exhibitor-height":560,"gallery":"https:\/\/int.design\/wp-content\/uploads\/2021\/03\/Chambre_A_Coucher_R\u00e9sidence_Nouveau_Saint_Laurent-560x373.jpg","gallery-width":560,"gallery-height":373,"logo":"https:\/\/int.design\/wp-content\/uploads\/2021\/03\/Chambre_A_Coucher_R\u00e9sidence_Nouveau_Saint_Laurent-150x100.jpg","logo-width":150,"logo-height":100,"masonry":"https:\/\/int.design\/wp-content\/uploads\/2021\/03\/Chambre_A_Coucher_R\u00e9sidence_Nouveau_Saint_Laurent-550x367.jpg","masonry-width":550,"masonry-height":367,"modal":"https:\/\/int.design\/wp-content\/uploads\/2021\/03\/Chambre_A_Coucher_R\u00e9sidence_Nouveau_Saint_Laurent-1920x1280.jpg","modal-width":1920,"modal-height":1280,"number":"https:\/\/int.design\/wp-content\/uploads\/2021\/03\/Chambre_A_Coucher_R\u00e9sidence_Nouveau_Saint_Laurent-560x373.jpg","number-width":560,"number-height":373,"partner":"https:\/\/int.design\/wp-content\/uploads\/2021\/03\/Chambre_A_Coucher_R\u00e9sidence_Nouveau_Saint_Laurent-275x183.jpg","partner-width":275,"partner-height":183,"ranking":"https:\/\/int.design\/wp-content\/uploads\/2021\/03\/Chambre_A_Coucher_R\u00e9sidence_Nouveau_Saint_Laurent-960x540.jpg","ranking-width":960,"ranking-height":540,"schedule":"https:\/\/int.design\/wp-content\/uploads\/2021\/03\/Chambre_A_Coucher_R\u00e9sidence_Nouveau_Saint_Laurent-960x360.jpg","schedule-width":960,"schedule-height":360,"slideshow":"https:\/\/int.design\/wp-content\/uploads\/2021\/03\/Chambre_A_Coucher_R\u00e9sidence_Nouveau_Saint_Laurent-1020x680.jpg","slideshow-width":1020,"slideshow-height":680}},"filters":[1005,111],"suppliers":false,"attachment_category":[]},{"categories":[430],"credit":"","image":{"ID":68115,"id":68115,"title":"Salle_De_Bain_Vue_1_R\u00e9sidence_Nouveau_Saint_Laurent","filename":"Salle_De_Bain_Vue_1_R\u00e9sidence_Nouveau_Saint_Laurent-scaled.jpg","filesize":0,"url":"https:\/\/int.design\/wp-content\/uploads\/2021\/03\/Salle_De_Bain_Vue_1_R\u00e9sidence_Nouveau_Saint_Laurent-scaled.jpg","link":"https:\/\/int.design\/fr\/projets\/residence-nouveau-saint-laurent\/salle_de_bain_vue_1_residence_nouveau_saint_laurent\/","alt":"","author":"705","description":"R\u00e9sidence Nouveau Saint-Laurent Pascale Nakhl\u00e9 Design","caption":"","name":"salle_de_bain_vue_1_residence_nouveau_saint_laurent","status":"inherit","uploaded_to":62541,"date":"2021-03-22 19:56:59","modified":"2022-02-08 12:44:09","menu_order":0,"mime_type":"image\/jpeg","type":"image","subtype":"jpeg","icon":"https:\/\/int.design\/wp-includes\/images\/media\/default.png","width":2560,"height":1707,"sizes":{"thumbnail":"https:\/\/int.design\/wp-content\/uploads\/2021\/03\/Salle_De_Bain_Vue_1_R\u00e9sidence_Nouveau_Saint_Laurent-150x150.jpg","thumbnail-width":150,"thumbnail-height":150,"medium":"https:\/\/int.design\/wp-content\/uploads\/2021\/03\/Salle_De_Bain_Vue_1_R\u00e9sidence_Nouveau_Saint_Laurent-300x200.jpg","medium-width":300,"medium-height":200,"medium_large":"https:\/\/int.design\/wp-content\/uploads\/2021\/03\/Salle_De_Bain_Vue_1_R\u00e9sidence_Nouveau_Saint_Laurent-768x512.jpg","medium_large-width":768,"medium_large-height":512,"large":"https:\/\/int.design\/wp-content\/uploads\/2021\/03\/Salle_De_Bain_Vue_1_R\u00e9sidence_Nouveau_Saint_Laurent-1024x683.jpg","large-width":1024,"large-height":683,"1536x1536":"https:\/\/int.design\/wp-content\/uploads\/2021\/03\/Salle_De_Bain_Vue_1_R\u00e9sidence_Nouveau_Saint_Laurent-1536x1024.jpg","1536x1536-width":1536,"1536x1536-height":1024,"2048x2048":"https:\/\/int.design\/wp-content\/uploads\/2021\/03\/Salle_De_Bain_Vue_1_R\u00e9sidence_Nouveau_Saint_Laurent-2048x1365.jpg","2048x2048-width":2048,"2048x2048-height":1365,"article":"https:\/\/int.design\/wp-content\/uploads\/2021\/03\/Salle_De_Bain_Vue_1_R\u00e9sidence_Nouveau_Saint_Laurent-960x540.jpg","article-width":960,"article-height":540,"banner":"https:\/\/int.design\/wp-content\/uploads\/2021\/03\/Salle_De_Bain_Vue_1_R\u00e9sidence_Nouveau_Saint_Laurent-1920x1280.jpg","banner-width":1920,"banner-height":1280,"block":"https:\/\/int.design\/wp-content\/uploads\/2021\/03\/Salle_De_Bain_Vue_1_R\u00e9sidence_Nouveau_Saint_Laurent-900x680.jpg","block-width":900,"block-height":680,"card":"https:\/\/int.design\/wp-content\/uploads\/2021\/03\/Salle_De_Bain_Vue_1_R\u00e9sidence_Nouveau_Saint_Laurent-560x495.jpg","card-width":560,"card-height":495,"card-thumbnail":"https:\/\/int.design\/wp-content\/uploads\/2021\/03\/Salle_De_Bain_Vue_1_R\u00e9sidence_Nouveau_Saint_Laurent-450x340.jpg","card-thumbnail-width":450,"card-thumbnail-height":340,"conference":"https:\/\/int.design\/wp-content\/uploads\/2021\/03\/Salle_De_Bain_Vue_1_R\u00e9sidence_Nouveau_Saint_Laurent-560x250.jpg","conference-width":560,"conference-height":250,"contest":"https:\/\/int.design\/wp-content\/uploads\/2021\/03\/Salle_De_Bain_Vue_1_R\u00e9sidence_Nouveau_Saint_Laurent-960x400.jpg","contest-width":960,"contest-height":400,"cta":"https:\/\/int.design\/wp-content\/uploads\/2021\/03\/Salle_De_Bain_Vue_1_R\u00e9sidence_Nouveau_Saint_Laurent-415x170.jpg","cta-width":415,"cta-height":170,"exhibitor":"https:\/\/int.design\/wp-content\/uploads\/2021\/03\/Salle_De_Bain_Vue_1_R\u00e9sidence_Nouveau_Saint_Laurent-560x560.jpg","exhibitor-width":560,"exhibitor-height":560,"gallery":"https:\/\/int.design\/wp-content\/uploads\/2021\/03\/Salle_De_Bain_Vue_1_R\u00e9sidence_Nouveau_Saint_Laurent-560x373.jpg","gallery-width":560,"gallery-height":373,"logo":"https:\/\/int.design\/wp-content\/uploads\/2021\/03\/Salle_De_Bain_Vue_1_R\u00e9sidence_Nouveau_Saint_Laurent-150x100.jpg","logo-width":150,"logo-height":100,"masonry":"https:\/\/int.design\/wp-content\/uploads\/2021\/03\/Salle_De_Bain_Vue_1_R\u00e9sidence_Nouveau_Saint_Laurent-550x367.jpg","masonry-width":550,"masonry-height":367,"modal":"https:\/\/int.design\/wp-content\/uploads\/2021\/03\/Salle_De_Bain_Vue_1_R\u00e9sidence_Nouveau_Saint_Laurent-1920x1280.jpg","modal-width":1920,"modal-height":1280,"number":"https:\/\/int.design\/wp-content\/uploads\/2021\/03\/Salle_De_Bain_Vue_1_R\u00e9sidence_Nouveau_Saint_Laurent-560x373.jpg","number-width":560,"number-height":373,"partner":"https:\/\/int.design\/wp-content\/uploads\/2021\/03\/Salle_De_Bain_Vue_1_R\u00e9sidence_Nouveau_Saint_Laurent-275x183.jpg","partner-width":275,"partner-height":183,"ranking":"https:\/\/int.design\/wp-content\/uploads\/2021\/03\/Salle_De_Bain_Vue_1_R\u00e9sidence_Nouveau_Saint_Laurent-960x540.jpg","ranking-width":960,"ranking-height":540,"schedule":"https:\/\/int.design\/wp-content\/uploads\/2021\/03\/Salle_De_Bain_Vue_1_R\u00e9sidence_Nouveau_Saint_Laurent-960x360.jpg","schedule-width":960,"schedule-height":360,"slideshow":"https:\/\/int.design\/wp-content\/uploads\/2021\/03\/Salle_De_Bain_Vue_1_R\u00e9sidence_Nouveau_Saint_Laurent-1020x680.jpg","slideshow-width":1020,"slideshow-height":680}},"filters":[1005,114],"suppliers":false,"attachment_category":[]},{"categories":[430],"credit":"","image":{"ID":68116,"id":68116,"title":"Salle_De_Bain_Vue_2_R\u00e9sidence_Nouveau_Saint_Laurent","filename":"Salle_De_Bain_Vue_2_R\u00e9sidence_Nouveau_Saint_Laurent-scaled.jpg","filesize":0,"url":"https:\/\/int.design\/wp-content\/uploads\/2021\/03\/Salle_De_Bain_Vue_2_R\u00e9sidence_Nouveau_Saint_Laurent-scaled.jpg","link":"https:\/\/int.design\/fr\/projets\/residence-nouveau-saint-laurent\/salle_de_bain_vue_2_residence_nouveau_saint_laurent\/","alt":"","author":"705","description":"R\u00e9sidence Nouveau Saint-Laurent Pascale Nakhl\u00e9 Design","caption":"","name":"salle_de_bain_vue_2_residence_nouveau_saint_laurent","status":"inherit","uploaded_to":62541,"date":"2021-03-22 19:57:42","modified":"2022-02-08 12:44:09","menu_order":0,"mime_type":"image\/jpeg","type":"image","subtype":"jpeg","icon":"https:\/\/int.design\/wp-includes\/images\/media\/default.png","width":2560,"height":1707,"sizes":{"thumbnail":"https:\/\/int.design\/wp-content\/uploads\/2021\/03\/Salle_De_Bain_Vue_2_R\u00e9sidence_Nouveau_Saint_Laurent-150x150.jpg","thumbnail-width":150,"thumbnail-height":150,"medium":"https:\/\/int.design\/wp-content\/uploads\/2021\/03\/Salle_De_Bain_Vue_2_R\u00e9sidence_Nouveau_Saint_Laurent-300x200.jpg","medium-width":300,"medium-height":200,"medium_large":"https:\/\/int.design\/wp-content\/uploads\/2021\/03\/Salle_De_Bain_Vue_2_R\u00e9sidence_Nouveau_Saint_Laurent-768x512.jpg","medium_large-width":768,"medium_large-height":512,"large":"https:\/\/int.design\/wp-content\/uploads\/2021\/03\/Salle_De_Bain_Vue_2_R\u00e9sidence_Nouveau_Saint_Laurent-1024x683.jpg","large-width":1024,"large-height":683,"1536x1536":"https:\/\/int.design\/wp-content\/uploads\/2021\/03\/Salle_De_Bain_Vue_2_R\u00e9sidence_Nouveau_Saint_Laurent-1536x1024.jpg","1536x1536-width":1536,"1536x1536-height":1024,"2048x2048":"https:\/\/int.design\/wp-content\/uploads\/2021\/03\/Salle_De_Bain_Vue_2_R\u00e9sidence_Nouveau_Saint_Laurent-2048x1365.jpg","2048x2048-width":2048,"2048x2048-height":1365,"article":"https:\/\/int.design\/wp-content\/uploads\/2021\/03\/Salle_De_Bain_Vue_2_R\u00e9sidence_Nouveau_Saint_Laurent-960x540.jpg","article-width":960,"article-height":540,"banner":"https:\/\/int.design\/wp-content\/uploads\/2021\/03\/Salle_De_Bain_Vue_2_R\u00e9sidence_Nouveau_Saint_Laurent-1920x1280.jpg","banner-width":1920,"banner-height":1280,"block":"https:\/\/int.design\/wp-content\/uploads\/2021\/03\/Salle_De_Bain_Vue_2_R\u00e9sidence_Nouveau_Saint_Laurent-900x680.jpg","block-width":900,"block-height":680,"card":"https:\/\/int.design\/wp-content\/uploads\/2021\/03\/Salle_De_Bain_Vue_2_R\u00e9sidence_Nouveau_Saint_Laurent-560x495.jpg","card-width":560,"card-height":495,"card-thumbnail":"https:\/\/int.design\/wp-content\/uploads\/2021\/03\/Salle_De_Bain_Vue_2_R\u00e9sidence_Nouveau_Saint_Laurent-450x340.jpg","card-thumbnail-width":450,"card-thumbnail-height":340,"conference":"https:\/\/int.design\/wp-content\/uploads\/2021\/03\/Salle_De_Bain_Vue_2_R\u00e9sidence_Nouveau_Saint_Laurent-560x250.jpg","conference-width":560,"conference-height":250,"contest":"https:\/\/int.design\/wp-content\/uploads\/2021\/03\/Salle_De_Bain_Vue_2_R\u00e9sidence_Nouveau_Saint_Laurent-960x400.jpg","contest-width":960,"contest-height":400,"cta":"https:\/\/int.design\/wp-content\/uploads\/2021\/03\/Salle_De_Bain_Vue_2_R\u00e9sidence_Nouveau_Saint_Laurent-415x170.jpg","cta-width":415,"cta-height":170,"exhibitor":"https:\/\/int.design\/wp-content\/uploads\/2021\/03\/Salle_De_Bain_Vue_2_R\u00e9sidence_Nouveau_Saint_Laurent-560x560.jpg","exhibitor-width":560,"exhibitor-height":560,"gallery":"https:\/\/int.design\/wp-content\/uploads\/2021\/03\/Salle_De_Bain_Vue_2_R\u00e9sidence_Nouveau_Saint_Laurent-560x373.jpg","gallery-width":560,"gallery-height":373,"logo":"https:\/\/int.design\/wp-content\/uploads\/2021\/03\/Salle_De_Bain_Vue_2_R\u00e9sidence_Nouveau_Saint_Laurent-150x100.jpg","logo-width":150,"logo-height":100,"masonry":"https:\/\/int.design\/wp-content\/uploads\/2021\/03\/Salle_De_Bain_Vue_2_R\u00e9sidence_Nouveau_Saint_Laurent-550x367.jpg","masonry-width":550,"masonry-height":367,"modal":"https:\/\/int.design\/wp-content\/uploads\/2021\/03\/Salle_De_Bain_Vue_2_R\u00e9sidence_Nouveau_Saint_Laurent-1920x1280.jpg","modal-width":1920,"modal-height":1280,"number":"https:\/\/int.design\/wp-content\/uploads\/2021\/03\/Salle_De_Bain_Vue_2_R\u00e9sidence_Nouveau_Saint_Laurent-560x373.jpg","number-width":560,"number-height":373,"partner":"https:\/\/int.design\/wp-content\/uploads\/2021\/03\/Salle_De_Bain_Vue_2_R\u00e9sidence_Nouveau_Saint_Laurent-275x183.jpg","partner-width":275,"partner-height":183,"ranking":"https:\/\/int.design\/wp-content\/uploads\/2021\/03\/Salle_De_Bain_Vue_2_R\u00e9sidence_Nouveau_Saint_Laurent-960x540.jpg","ranking-width":960,"ranking-height":540,"schedule":"https:\/\/int.design\/wp-content\/uploads\/2021\/03\/Salle_De_Bain_Vue_2_R\u00e9sidence_Nouveau_Saint_Laurent-960x360.jpg","schedule-width":960,"schedule-height":360,"slideshow":"https:\/\/int.design\/wp-content\/uploads\/2021\/03\/Salle_De_Bain_Vue_2_R\u00e9sidence_Nouveau_Saint_Laurent-1020x680.jpg","slideshow-width":1020,"slideshow-height":680}},"filters":[1005,114],"suppliers":false,"attachment_category":[]}],"mandatory_documents":false,"optional_documents":false,"web_text":{"fr":"","en":"","original":""},"jury_text":[{"category":430,"fr":"","en":"","original":""}],"different_jury_text":false,"different_category_text":false},"laureats":[],"contest_id":"6760","contest_title":"GRANDS PRIX DU DESIGN - 14th edition","firms":[],"user":{"email":"info@pascalenakhle.com","first_name":"Pascale","last_name":"Nakhl\u00e9"},"doc_texts_web":{"fr":"","en":""},"permalinks":{"fr":"https:\/\/int.design\/fr\/projets\/residence-nouveau-saint-laurent\/","en":"https:\/\/int.design\/en\/projects\/residence-nouveau-saint-laurent\/"},"titles":{"fr":"R\u00e9sidence Nouveau Saint-Laurent","en":"R\u00e9sidence Nouveau Saint-Laurent"},"wp_fields":[],"laravel_id":""},"_links":{"self":[{"href":"https:\/\/int.design\/en\/wp-json\/wp\/v2\/project\/62542","targetHints":{"allow":["GET"]}}],"collection":[{"href":"https:\/\/int.design\/en\/wp-json\/wp\/v2\/project"}],"about":[{"href":"https:\/\/int.design\/en\/wp-json\/wp\/v2\/types\/project"}],"wp:attachment":[{"href":"https:\/\/int.design\/en\/wp-json\/wp\/v2\/media?parent=62542"}],"curies":[{"name":"wp","href":"https:\/\/api.w.org\/{rel}","templated":true}]}}