{"id":61644,"date":"2021-07-14T19:30:23","date_gmt":"2021-07-14T23:30:23","guid":{"rendered":"https:\/\/int.design\/?post_type=project&#038;p=61644"},"modified":"2021-09-20T14:16:24","modified_gmt":"2021-09-20T18:16:24","slug":"dualite-extension-du-pavillon-de-musique-vincent-dindy","status":"publish","type":"project","link":"https:\/\/int.design\/en\/projects\/dualite-extension-du-pavillon-de-musique-vincent-dindy\/","title":{"rendered":"Dualit\u00e9 \u2013 Extension du pavillon de musique Vincent-d&#8217;Indy"},"content":{"rendered":"","protected":false},"template":"","class_list":["post-61644","project","type-project","status-publish","hentry","project_category-student","project_category-student-work","project_category-student-architecture"],"acf":[],"yoast_head":"<!-- This site is optimized with the Yoast SEO plugin v21.5 - https:\/\/yoast.com\/wordpress\/plugins\/seo\/ -->\n<title>Dualit\u00e9 \u2013 Extension du pavillon de musique Vincent-d&#039;Indy - INT Design<\/title>\n<meta name=\"robots\" content=\"index, follow, max-snippet:-1, max-image-preview:large, max-video-preview:-1\" \/>\n<link rel=\"canonical\" href=\"https:\/\/int.design\/en\/projects\/dualite-extension-du-pavillon-de-musique-vincent-dindy\/\" \/>\n<meta property=\"og:locale\" content=\"en_US\" \/>\n<meta property=\"og:type\" content=\"article\" \/>\n<meta property=\"og:title\" content=\"Dualit\u00e9 \u2013 Extension du pavillon de musique Vincent-d&#039;Indy - INT Design\" \/>\n<meta property=\"og:url\" content=\"https:\/\/int.design\/en\/projects\/dualite-extension-du-pavillon-de-musique-vincent-dindy\/\" \/>\n<meta property=\"og:site_name\" content=\"INT Design\" \/>\n<meta property=\"article:modified_time\" content=\"2021-09-20T18:16:24+00:00\" \/>\n<meta name=\"twitter:card\" content=\"summary_large_image\" \/>\n<script type=\"application\/ld+json\" class=\"yoast-schema-graph\">{\"@context\":\"https:\/\/schema.org\",\"@graph\":[{\"@type\":\"WebPage\",\"@id\":\"https:\/\/int.design\/en\/projects\/dualite-extension-du-pavillon-de-musique-vincent-dindy\/\",\"url\":\"https:\/\/int.design\/en\/projects\/dualite-extension-du-pavillon-de-musique-vincent-dindy\/\",\"name\":\"Dualit\u00e9 \u2013 Extension du pavillon de musique Vincent-d'Indy - INT Design\",\"isPartOf\":{\"@id\":\"https:\/\/int.design\/fr\/#website\"},\"datePublished\":\"2021-07-14T23:30:23+00:00\",\"dateModified\":\"2021-09-20T18:16:24+00:00\",\"breadcrumb\":{\"@id\":\"https:\/\/int.design\/en\/projects\/dualite-extension-du-pavillon-de-musique-vincent-dindy\/#breadcrumb\"},\"inLanguage\":\"en-US\",\"potentialAction\":[{\"@type\":\"ReadAction\",\"target\":[\"https:\/\/int.design\/en\/projects\/dualite-extension-du-pavillon-de-musique-vincent-dindy\/\"]}]},{\"@type\":\"BreadcrumbList\",\"@id\":\"https:\/\/int.design\/en\/projects\/dualite-extension-du-pavillon-de-musique-vincent-dindy\/#breadcrumb\",\"itemListElement\":[{\"@type\":\"ListItem\",\"position\":1,\"name\":\"Home\",\"item\":\"https:\/\/int.design\/en\/\"},{\"@type\":\"ListItem\",\"position\":2,\"name\":\"Projects\",\"item\":\"https:\/\/int.design\/en\/projects\/\"},{\"@type\":\"ListItem\",\"position\":3,\"name\":\"Dualit\u00e9 \u2013 Extension du pavillon de musique Vincent-d&#8217;Indy\"}]},{\"@type\":\"WebSite\",\"@id\":\"https:\/\/int.design\/fr\/#website\",\"url\":\"https:\/\/int.design\/fr\/\",\"name\":\"INT Design\",\"description\":\"\",\"potentialAction\":[{\"@type\":\"SearchAction\",\"target\":{\"@type\":\"EntryPoint\",\"urlTemplate\":\"https:\/\/int.design\/fr\/?s={search_term_string}\"},\"query-input\":\"required name=search_term_string\"}],\"inLanguage\":\"en-US\"}]}<\/script>\n<!-- \/ Yoast SEO plugin. -->","yoast_head_json":{"title":"Dualit\u00e9 \u2013 Extension du pavillon de musique Vincent-d'Indy - INT Design","robots":{"index":"index","follow":"follow","max-snippet":"max-snippet:-1","max-image-preview":"max-image-preview:large","max-video-preview":"max-video-preview:-1"},"canonical":"https:\/\/int.design\/en\/projects\/dualite-extension-du-pavillon-de-musique-vincent-dindy\/","og_locale":"en_US","og_type":"article","og_title":"Dualit\u00e9 \u2013 Extension du pavillon de musique Vincent-d'Indy - INT Design","og_url":"https:\/\/int.design\/en\/projects\/dualite-extension-du-pavillon-de-musique-vincent-dindy\/","og_site_name":"INT Design","article_modified_time":"2021-09-20T18:16:24+00:00","twitter_card":"summary_large_image","schema":{"@context":"https:\/\/schema.org","@graph":[{"@type":"WebPage","@id":"https:\/\/int.design\/en\/projects\/dualite-extension-du-pavillon-de-musique-vincent-dindy\/","url":"https:\/\/int.design\/en\/projects\/dualite-extension-du-pavillon-de-musique-vincent-dindy\/","name":"Dualit\u00e9 \u2013 Extension du pavillon de musique Vincent-d'Indy - INT Design","isPartOf":{"@id":"https:\/\/int.design\/fr\/#website"},"datePublished":"2021-07-14T23:30:23+00:00","dateModified":"2021-09-20T18:16:24+00:00","breadcrumb":{"@id":"https:\/\/int.design\/en\/projects\/dualite-extension-du-pavillon-de-musique-vincent-dindy\/#breadcrumb"},"inLanguage":"en-US","potentialAction":[{"@type":"ReadAction","target":["https:\/\/int.design\/en\/projects\/dualite-extension-du-pavillon-de-musique-vincent-dindy\/"]}]},{"@type":"BreadcrumbList","@id":"https:\/\/int.design\/en\/projects\/dualite-extension-du-pavillon-de-musique-vincent-dindy\/#breadcrumb","itemListElement":[{"@type":"ListItem","position":1,"name":"Home","item":"https:\/\/int.design\/en\/"},{"@type":"ListItem","position":2,"name":"Projects","item":"https:\/\/int.design\/en\/projects\/"},{"@type":"ListItem","position":3,"name":"Dualit\u00e9 \u2013 Extension du pavillon de musique Vincent-d&#8217;Indy"}]},{"@type":"WebSite","@id":"https:\/\/int.design\/fr\/#website","url":"https:\/\/int.design\/fr\/","name":"INT Design","description":"","potentialAction":[{"@type":"SearchAction","target":{"@type":"EntryPoint","urlTemplate":"https:\/\/int.design\/fr\/?s={search_term_string}"},"query-input":"required name=search_term_string"}],"inLanguage":"en-US"}]}},"entry":{"cats":{"disciplines":[{"id":331,"name":"Student"}],"big_cats":[{"id":849,"name":"Student work"}],"sub_cats":[{"id":850,"name":"Student - Architecture","parent":849}]},"entry":{"":null,"status":"ongoing","winner_title":"","winner_prize_lang":"","title_translatable":false,"title_en":"","title_fr":"","releve_award":false,"releve_award_cv":false,"collaboration":false,"collaboration_firms":false,"other_firms":[{"name":"Adam Mahieddine","website":"","category":"\u00c9tudiant","category_tax":false},{"name":"Caroline Haumesser","website":"","category":"\u00c9tudiant","category_tax":false}],"owner":{"name":"","confidential":false,"website":"","contact_name":"","email":"","phone":""},"address":{"address":"","city":"","region":"Montr\u00e9al","province":"QC","country":"","postal_code":""},"logos":false,"use_logo":false,"designers":[{"name":"","credit":"","image":{"ID":61698,"id":61698,"title":"Adam_Mahieddine","filename":"Adam_Mahieddine-scaled.jpg","filesize":0,"url":"https:\/\/int.design\/wp-content\/uploads\/2021\/02\/Adam_Mahieddine-scaled.jpg","link":"https:\/\/int.design\/fr\/projets\/dualite-extension-du-pavillon-de-musique-vincent-dindy\/adam_mahieddine\/","alt":"","author":"669","description":"","caption":"","name":"adam_mahieddine","status":"inherit","uploaded_to":61643,"date":"2021-02-13 05:57:04","modified":"2021-02-13 05:57:17","menu_order":0,"mime_type":"image\/jpeg","type":"image","subtype":"jpeg","icon":"https:\/\/int.design\/wp-includes\/images\/media\/default.png","width":2560,"height":2560,"sizes":{"thumbnail":"https:\/\/int.design\/wp-content\/uploads\/2021\/02\/Adam_Mahieddine-150x150.jpg","thumbnail-width":150,"thumbnail-height":150,"medium":"https:\/\/int.design\/wp-content\/uploads\/2021\/02\/Adam_Mahieddine-300x300.jpg","medium-width":300,"medium-height":300,"medium_large":"https:\/\/int.design\/wp-content\/uploads\/2021\/02\/Adam_Mahieddine-768x768.jpg","medium_large-width":768,"medium_large-height":768,"large":"https:\/\/int.design\/wp-content\/uploads\/2021\/02\/Adam_Mahieddine-1024x1024.jpg","large-width":1024,"large-height":1024,"1536x1536":"https:\/\/int.design\/wp-content\/uploads\/2021\/02\/Adam_Mahieddine-1536x1536.jpg","1536x1536-width":1536,"1536x1536-height":1536,"2048x2048":"https:\/\/int.design\/wp-content\/uploads\/2021\/02\/Adam_Mahieddine-2048x2048.jpg","2048x2048-width":2048,"2048x2048-height":2048,"article":"https:\/\/int.design\/wp-content\/uploads\/2021\/02\/Adam_Mahieddine-960x540.jpg","article-width":960,"article-height":540,"banner":"https:\/\/int.design\/wp-content\/uploads\/2021\/02\/Adam_Mahieddine-1920x1920.jpg","banner-width":1920,"banner-height":1920,"block":"https:\/\/int.design\/wp-content\/uploads\/2021\/02\/Adam_Mahieddine-900x680.jpg","block-width":900,"block-height":680,"card":"https:\/\/int.design\/wp-content\/uploads\/2021\/02\/Adam_Mahieddine-560x495.jpg","card-width":560,"card-height":495,"card-thumbnail":"https:\/\/int.design\/wp-content\/uploads\/2021\/02\/Adam_Mahieddine-450x340.jpg","card-thumbnail-width":450,"card-thumbnail-height":340,"conference":"https:\/\/int.design\/wp-content\/uploads\/2021\/02\/Adam_Mahieddine-560x250.jpg","conference-width":560,"conference-height":250,"contest":"https:\/\/int.design\/wp-content\/uploads\/2021\/02\/Adam_Mahieddine-960x400.jpg","contest-width":960,"contest-height":400,"cta":"https:\/\/int.design\/wp-content\/uploads\/2021\/02\/Adam_Mahieddine-415x170.jpg","cta-width":415,"cta-height":170,"exhibitor":"https:\/\/int.design\/wp-content\/uploads\/2021\/02\/Adam_Mahieddine-560x560.jpg","exhibitor-width":560,"exhibitor-height":560,"gallery":"https:\/\/int.design\/wp-content\/uploads\/2021\/02\/Adam_Mahieddine-430x430.jpg","gallery-width":430,"gallery-height":430,"logo":"https:\/\/int.design\/wp-content\/uploads\/2021\/02\/Adam_Mahieddine-100x100.jpg","logo-width":100,"logo-height":100,"masonry":"https:\/\/int.design\/wp-content\/uploads\/2021\/02\/Adam_Mahieddine-550x550.jpg","masonry-width":550,"masonry-height":550,"modal":"https:\/\/int.design\/wp-content\/uploads\/2021\/02\/Adam_Mahieddine-1920x1920.jpg","modal-width":1920,"modal-height":1920,"number":"https:\/\/int.design\/wp-content\/uploads\/2021\/02\/Adam_Mahieddine-430x430.jpg","number-width":430,"number-height":430,"partner":"https:\/\/int.design\/wp-content\/uploads\/2021\/02\/Adam_Mahieddine-210x210.jpg","partner-width":210,"partner-height":210,"ranking":"https:\/\/int.design\/wp-content\/uploads\/2021\/02\/Adam_Mahieddine-960x540.jpg","ranking-width":960,"ranking-height":540,"schedule":"https:\/\/int.design\/wp-content\/uploads\/2021\/02\/Adam_Mahieddine-960x360.jpg","schedule-width":960,"schedule-height":360,"slideshow":"https:\/\/int.design\/wp-content\/uploads\/2021\/02\/Adam_Mahieddine-680x680.jpg","slideshow-width":680,"slideshow-height":680}},"file":{"ID":61699,"id":61699,"title":"CV_Adam_Mahieddine","filename":"CV_Adam_Mahieddine.pdf","filesize":0,"url":"https:\/\/d2q6z78khxmx42.cloudfront.net\/2021\/02\/CV_Adam_Mahieddine.pdf","link":"https:\/\/int.design\/fr\/projets\/dualite-extension-du-pavillon-de-musique-vincent-dindy\/cv_adam_mahieddine\/","alt":"","author":"669","description":"","caption":"","name":"cv_adam_mahieddine","status":"inherit","uploaded_to":61643,"date":"2021-02-13 05:57:15","modified":"2021-02-13 05:57:17","menu_order":0,"mime_type":"application\/pdf","type":"application","subtype":"pdf","icon":"https:\/\/int.design\/wp-includes\/images\/media\/document.png"}}],"cover":[{"categories":[828],"credit":"n\/d","image":{"ID":61676,"id":61676,"title":"Perspective_1","filename":"Perspective_1-scaled.jpg","filesize":0,"url":"https:\/\/int.design\/wp-content\/uploads\/2021\/02\/Perspective_1-scaled.jpg","link":"https:\/\/int.design\/fr\/projets\/dualite-extension-du-pavillon-de-musique-vincent-dindy\/perspective_1\/","alt":"","author":"669","description":"","caption":"","name":"perspective_1","status":"inherit","uploaded_to":61643,"date":"2021-02-12 22:56:41","modified":"2021-02-12 22:57:27","menu_order":0,"mime_type":"image\/jpeg","type":"image","subtype":"jpeg","icon":"https:\/\/int.design\/wp-includes\/images\/media\/default.png","width":2560,"height":1432,"sizes":{"thumbnail":"https:\/\/int.design\/wp-content\/uploads\/2021\/02\/Perspective_1-150x150.jpg","thumbnail-width":150,"thumbnail-height":150,"medium":"https:\/\/int.design\/wp-content\/uploads\/2021\/02\/Perspective_1-300x168.jpg","medium-width":300,"medium-height":168,"medium_large":"https:\/\/int.design\/wp-content\/uploads\/2021\/02\/Perspective_1-768x430.jpg","medium_large-width":768,"medium_large-height":430,"large":"https:\/\/int.design\/wp-content\/uploads\/2021\/02\/Perspective_1-1024x573.jpg","large-width":1024,"large-height":573,"1536x1536":"https:\/\/int.design\/wp-content\/uploads\/2021\/02\/Perspective_1-1536x859.jpg","1536x1536-width":1536,"1536x1536-height":859,"2048x2048":"https:\/\/int.design\/wp-content\/uploads\/2021\/02\/Perspective_1-2048x1146.jpg","2048x2048-width":2048,"2048x2048-height":1146,"article":"https:\/\/int.design\/wp-content\/uploads\/2021\/02\/Perspective_1-960x540.jpg","article-width":960,"article-height":540,"banner":"https:\/\/int.design\/wp-content\/uploads\/2021\/02\/Perspective_1-1920x1074.jpg","banner-width":1920,"banner-height":1074,"block":"https:\/\/int.design\/wp-content\/uploads\/2021\/02\/Perspective_1-900x680.jpg","block-width":900,"block-height":680,"card":"https:\/\/int.design\/wp-content\/uploads\/2021\/02\/Perspective_1-560x495.jpg","card-width":560,"card-height":495,"card-thumbnail":"https:\/\/int.design\/wp-content\/uploads\/2021\/02\/Perspective_1-450x340.jpg","card-thumbnail-width":450,"card-thumbnail-height":340,"conference":"https:\/\/int.design\/wp-content\/uploads\/2021\/02\/Perspective_1-560x250.jpg","conference-width":560,"conference-height":250,"contest":"https:\/\/int.design\/wp-content\/uploads\/2021\/02\/Perspective_1-960x400.jpg","contest-width":960,"contest-height":400,"cta":"https:\/\/int.design\/wp-content\/uploads\/2021\/02\/Perspective_1-415x170.jpg","cta-width":415,"cta-height":170,"exhibitor":"https:\/\/int.design\/wp-content\/uploads\/2021\/02\/Perspective_1-560x560.jpg","exhibitor-width":560,"exhibitor-height":560,"gallery":"https:\/\/int.design\/wp-content\/uploads\/2021\/02\/Perspective_1-560x313.jpg","gallery-width":560,"gallery-height":313,"logo":"https:\/\/int.design\/wp-content\/uploads\/2021\/02\/Perspective_1-179x100.jpg","logo-width":179,"logo-height":100,"masonry":"https:\/\/int.design\/wp-content\/uploads\/2021\/02\/Perspective_1-550x308.jpg","masonry-width":550,"masonry-height":308,"modal":"https:\/\/int.design\/wp-content\/uploads\/2021\/02\/Perspective_1-1920x1074.jpg","modal-width":1920,"modal-height":1074,"number":"https:\/\/int.design\/wp-content\/uploads\/2021\/02\/Perspective_1-560x313.jpg","number-width":560,"number-height":313,"partner":"https:\/\/int.design\/wp-content\/uploads\/2021\/02\/Perspective_1-275x154.jpg","partner-width":275,"partner-height":154,"ranking":"https:\/\/int.design\/wp-content\/uploads\/2021\/02\/Perspective_1-960x540.jpg","ranking-width":960,"ranking-height":540,"schedule":"https:\/\/int.design\/wp-content\/uploads\/2021\/02\/Perspective_1-960x360.jpg","schedule-width":960,"schedule-height":360,"slideshow":"https:\/\/int.design\/wp-content\/uploads\/2021\/02\/Perspective_1-1216x680.jpg","slideshow-width":1216,"slideshow-height":680}},"filters":[1001,99],"suppliers":false,"attachment_category":[]}],"images":[{"categories":[828],"credit":"n\/d","image":{"ID":61677,"id":61677,"title":"Perspective_2","filename":"Perspective_2-scaled.jpg","filesize":0,"url":"https:\/\/int.design\/wp-content\/uploads\/2021\/02\/Perspective_2-scaled.jpg","link":"https:\/\/int.design\/fr\/projets\/dualite-extension-du-pavillon-de-musique-vincent-dindy\/perspective_2\/","alt":"","author":"669","description":"","caption":"","name":"perspective_2","status":"inherit","uploaded_to":61643,"date":"2021-02-12 22:56:53","modified":"2021-02-12 22:57:27","menu_order":0,"mime_type":"image\/jpeg","type":"image","subtype":"jpeg","icon":"https:\/\/int.design\/wp-includes\/images\/media\/default.png","width":1936,"height":2560,"sizes":{"thumbnail":"https:\/\/int.design\/wp-content\/uploads\/2021\/02\/Perspective_2-150x150.jpg","thumbnail-width":150,"thumbnail-height":150,"medium":"https:\/\/int.design\/wp-content\/uploads\/2021\/02\/Perspective_2-227x300.jpg","medium-width":227,"medium-height":300,"medium_large":"https:\/\/int.design\/wp-content\/uploads\/2021\/02\/Perspective_2-768x1015.jpg","medium_large-width":768,"medium_large-height":1015,"large":"https:\/\/int.design\/wp-content\/uploads\/2021\/02\/Perspective_2-775x1024.jpg","large-width":775,"large-height":1024,"1536x1536":"https:\/\/int.design\/wp-content\/uploads\/2021\/02\/Perspective_2-1162x1536.jpg","1536x1536-width":1162,"1536x1536-height":1536,"2048x2048":"https:\/\/int.design\/wp-content\/uploads\/2021\/02\/Perspective_2-1549x2048.jpg","2048x2048-width":1549,"2048x2048-height":2048,"article":"https:\/\/int.design\/wp-content\/uploads\/2021\/02\/Perspective_2-960x540.jpg","article-width":960,"article-height":540,"banner":"https:\/\/int.design\/wp-content\/uploads\/2021\/02\/Perspective_2-1920x2538.jpg","banner-width":1920,"banner-height":2538,"block":"https:\/\/int.design\/wp-content\/uploads\/2021\/02\/Perspective_2-900x680.jpg","block-width":900,"block-height":680,"card":"https:\/\/int.design\/wp-content\/uploads\/2021\/02\/Perspective_2-560x495.jpg","card-width":560,"card-height":495,"card-thumbnail":"https:\/\/int.design\/wp-content\/uploads\/2021\/02\/Perspective_2-450x340.jpg","card-thumbnail-width":450,"card-thumbnail-height":340,"conference":"https:\/\/int.design\/wp-content\/uploads\/2021\/02\/Perspective_2-560x250.jpg","conference-width":560,"conference-height":250,"contest":"https:\/\/int.design\/wp-content\/uploads\/2021\/02\/Perspective_2-960x400.jpg","contest-width":960,"contest-height":400,"cta":"https:\/\/int.design\/wp-content\/uploads\/2021\/02\/Perspective_2-415x170.jpg","cta-width":415,"cta-height":170,"exhibitor":"https:\/\/int.design\/wp-content\/uploads\/2021\/02\/Perspective_2-560x560.jpg","exhibitor-width":560,"exhibitor-height":560,"gallery":"https:\/\/int.design\/wp-content\/uploads\/2021\/02\/Perspective_2-325x430.jpg","gallery-width":325,"gallery-height":430,"logo":"https:\/\/int.design\/wp-content\/uploads\/2021\/02\/Perspective_2-76x100.jpg","logo-width":76,"logo-height":100,"masonry":"https:\/\/int.design\/wp-content\/uploads\/2021\/02\/Perspective_2-550x727.jpg","masonry-width":550,"masonry-height":727,"modal":"https:\/\/int.design\/wp-content\/uploads\/2021\/02\/Perspective_2-1452x1920.jpg","modal-width":1452,"modal-height":1920,"number":"https:\/\/int.design\/wp-content\/uploads\/2021\/02\/Perspective_2-325x430.jpg","number-width":325,"number-height":430,"partner":"https:\/\/int.design\/wp-content\/uploads\/2021\/02\/Perspective_2-159x210.jpg","partner-width":159,"partner-height":210,"ranking":"https:\/\/int.design\/wp-content\/uploads\/2021\/02\/Perspective_2-960x540.jpg","ranking-width":960,"ranking-height":540,"schedule":"https:\/\/int.design\/wp-content\/uploads\/2021\/02\/Perspective_2-960x360.jpg","schedule-width":960,"schedule-height":360,"slideshow":"https:\/\/int.design\/wp-content\/uploads\/2021\/02\/Perspective_2-514x680.jpg","slideshow-width":514,"slideshow-height":680}},"filters":[1001,99],"suppliers":false,"attachment_category":[]},{"categories":[828],"credit":"n\/d","image":{"ID":61678,"id":61678,"title":"Perspective_3","filename":"Perspective_3-scaled.jpg","filesize":0,"url":"https:\/\/int.design\/wp-content\/uploads\/2021\/02\/Perspective_3-scaled.jpg","link":"https:\/\/int.design\/fr\/projets\/dualite-extension-du-pavillon-de-musique-vincent-dindy\/perspective_3\/","alt":"","author":"669","description":"","caption":"","name":"perspective_3","status":"inherit","uploaded_to":61643,"date":"2021-02-12 22:57:05","modified":"2021-02-12 22:57:27","menu_order":0,"mime_type":"image\/jpeg","type":"image","subtype":"jpeg","icon":"https:\/\/int.design\/wp-includes\/images\/media\/default.png","width":2560,"height":1808,"sizes":{"thumbnail":"https:\/\/int.design\/wp-content\/uploads\/2021\/02\/Perspective_3-150x150.jpg","thumbnail-width":150,"thumbnail-height":150,"medium":"https:\/\/int.design\/wp-content\/uploads\/2021\/02\/Perspective_3-300x212.jpg","medium-width":300,"medium-height":212,"medium_large":"https:\/\/int.design\/wp-content\/uploads\/2021\/02\/Perspective_3-768x542.jpg","medium_large-width":768,"medium_large-height":542,"large":"https:\/\/int.design\/wp-content\/uploads\/2021\/02\/Perspective_3-1024x723.jpg","large-width":1024,"large-height":723,"1536x1536":"https:\/\/int.design\/wp-content\/uploads\/2021\/02\/Perspective_3-1536x1085.jpg","1536x1536-width":1536,"1536x1536-height":1085,"2048x2048":"https:\/\/int.design\/wp-content\/uploads\/2021\/02\/Perspective_3-2048x1447.jpg","2048x2048-width":2048,"2048x2048-height":1447,"article":"https:\/\/int.design\/wp-content\/uploads\/2021\/02\/Perspective_3-960x540.jpg","article-width":960,"article-height":540,"banner":"https:\/\/int.design\/wp-content\/uploads\/2021\/02\/Perspective_3-1920x1356.jpg","banner-width":1920,"banner-height":1356,"block":"https:\/\/int.design\/wp-content\/uploads\/2021\/02\/Perspective_3-900x680.jpg","block-width":900,"block-height":680,"card":"https:\/\/int.design\/wp-content\/uploads\/2021\/02\/Perspective_3-560x495.jpg","card-width":560,"card-height":495,"card-thumbnail":"https:\/\/int.design\/wp-content\/uploads\/2021\/02\/Perspective_3-450x340.jpg","card-thumbnail-width":450,"card-thumbnail-height":340,"conference":"https:\/\/int.design\/wp-content\/uploads\/2021\/02\/Perspective_3-560x250.jpg","conference-width":560,"conference-height":250,"contest":"https:\/\/int.design\/wp-content\/uploads\/2021\/02\/Perspective_3-960x400.jpg","contest-width":960,"contest-height":400,"cta":"https:\/\/int.design\/wp-content\/uploads\/2021\/02\/Perspective_3-415x170.jpg","cta-width":415,"cta-height":170,"exhibitor":"https:\/\/int.design\/wp-content\/uploads\/2021\/02\/Perspective_3-560x560.jpg","exhibitor-width":560,"exhibitor-height":560,"gallery":"https:\/\/int.design\/wp-content\/uploads\/2021\/02\/Perspective_3-560x396.jpg","gallery-width":560,"gallery-height":396,"logo":"https:\/\/int.design\/wp-content\/uploads\/2021\/02\/Perspective_3-142x100.jpg","logo-width":142,"logo-height":100,"masonry":"https:\/\/int.design\/wp-content\/uploads\/2021\/02\/Perspective_3-550x388.jpg","masonry-width":550,"masonry-height":388,"modal":"https:\/\/int.design\/wp-content\/uploads\/2021\/02\/Perspective_3-1920x1356.jpg","modal-width":1920,"modal-height":1356,"number":"https:\/\/int.design\/wp-content\/uploads\/2021\/02\/Perspective_3-560x396.jpg","number-width":560,"number-height":396,"partner":"https:\/\/int.design\/wp-content\/uploads\/2021\/02\/Perspective_3-275x194.jpg","partner-width":275,"partner-height":194,"ranking":"https:\/\/int.design\/wp-content\/uploads\/2021\/02\/Perspective_3-960x540.jpg","ranking-width":960,"ranking-height":540,"schedule":"https:\/\/int.design\/wp-content\/uploads\/2021\/02\/Perspective_3-960x360.jpg","schedule-width":960,"schedule-height":360,"slideshow":"https:\/\/int.design\/wp-content\/uploads\/2021\/02\/Perspective_3-963x680.jpg","slideshow-width":963,"slideshow-height":680}},"filters":[1001,99],"suppliers":false,"attachment_category":[]}],"mandatory_documents":false,"optional_documents":false,"web_text":{"fr":"<p>Cette salle de spectacle a \u00e9t\u00e9 con\u00e7ue dans le cadre de l\u2019extension de la facult\u00e9 de musique de l\u2019Universit\u00e9 de Montr\u00e9al. Elle se voit comme \u00e9tant une porte d\u2019entr\u00e9e au Mont-Royal et un lieu de transition entre la ville et la montagne.<br \/>\nTr\u00e8s respectueux du milieu dans lequel il s\u2019implante, ce projet cherche \u00e0 connecter la densit\u00e9 de l\u2019int\u00e9rieur de la montagne \u00e0 sa surface au travers de l\u2019exp\u00e9rience de la salle de spectacle et de son foyer. Cela en \u00e9tablissant un v\u00e9ritable dialogue formel, spatial et fonctionnel avec la facult\u00e9 de musique afin de constituer un milieu stimulant pour les \u00e9tudiants.<br \/>\nC\u2019est donc autour de ces dualit\u00e9s que le projet tire ses richesses et ce au travers d\u2019une intervention contrast\u00e9 et sensible au milieu d\u2019implantation.<\/p>\n","en":"<p>This theater has been designed for the extension of the Music Faculty of the University of Montreal. It sees itself as a gateway to Mount Royal and a transition between the city and the mountain.<br \/>\nHighly respectful of the environment in which it is established, this project seeks to connect the density of the mountain\u2019s interior to its surface through the experience of the performance hall and its foyer. This by establishing a true formal, spatial and functional dialogue with the Music Faculty in order to create a stimulating environment for students.<br \/>\nIt is therefore around these dualities that the project draws its richness and through a contrasted and sensitive intervention to the implantation environment.<\/p>\n","original":""},"jury_text":[{"category":828,"fr":"<p>Cette salle de spectacle a \u00e9t\u00e9 con\u00e7ue dans le cadre de l\u2019extension de la facult\u00e9 de musique de l\u2019Universit\u00e9 de Montr\u00e9al. Elle se voit comme \u00e9tant une porte d\u2019entr\u00e9e au Mont-Royal et un lieu de transition entre la ville et la montagne.<br \/>\nTr\u00e8s respectueux du milieu dans lequel il s\u2019implante, ce projet cherche \u00e0 connecter la densit\u00e9 de l\u2019int\u00e9rieur de la montagne \u00e0 sa surface au travers de l\u2019exp\u00e9rience de la salle de spectacle et de son foyer. Cela en \u00e9tablissant un v\u00e9ritable dialogue formel, spatial et fonctionnel avec la facult\u00e9 de musique afin de constituer un milieu stimulant pour les \u00e9tudiants.<br \/>\nC\u2019est donc autour de ces dualit\u00e9s que le projet tire ses richesses et ce au travers d\u2019une intervention contrast\u00e9 et sensible au milieu d\u2019implantation.<\/p>\n","en":"<p>This theater has been designed for the extension of the Music Faculty of the University of Montreal. It sees itself as a gateway to Mount Royal and a transition between the city and the mountain.<br \/>\nHighly respectful of the environment in which it is established, this project seeks to connect the density of the mountain\u2019s interior to its surface through the experience of the performance hall and its foyer. This by establishing a true formal, spatial and functional dialogue with the Music Faculty in order to create a stimulating environment for students.<br \/>\nIt is therefore around these dualities that the project draws its richness and through a contrasted and sensitive intervention to the implantation environment.<\/p>\n","original":""}],"different_jury_text":false,"different_category_text":false},"laureats":[],"contest_id":"6760","contest_title":"GRANDS PRIX DU DESIGN - 14th edition","firms":[{"name":"Adam Mahieddine","website":"","category":"\u00c9tudiant","category_tax":false,"category_label":null},{"name":"Caroline Haumesser","website":"","category":"\u00c9tudiant","category_tax":false,"category_label":null}],"user":{"email":"mahie.adam@gmail.com","first_name":"Adam","last_name":"Mahieddine"},"doc_texts_web":{"fr":"","en":""},"permalinks":{"fr":"https:\/\/int.design\/fr\/projets\/dualite-extension-du-pavillon-de-musique-vincent-dindy\/","en":"https:\/\/int.design\/en\/projects\/dualite-extension-du-pavillon-de-musique-vincent-dindy\/"},"titles":{"fr":"Dualit\u00e9 \u2013 Extension du pavillon de musique Vincent-d&#8217;Indy","en":"Dualit\u00e9 \u2013 Extension du pavillon de musique Vincent-d&#8217;Indy"},"wp_fields":[],"laravel_id":""},"_links":{"self":[{"href":"https:\/\/int.design\/en\/wp-json\/wp\/v2\/project\/61644","targetHints":{"allow":["GET"]}}],"collection":[{"href":"https:\/\/int.design\/en\/wp-json\/wp\/v2\/project"}],"about":[{"href":"https:\/\/int.design\/en\/wp-json\/wp\/v2\/types\/project"}],"wp:attachment":[{"href":"https:\/\/int.design\/en\/wp-json\/wp\/v2\/media?parent=61644"}],"curies":[{"name":"wp","href":"https:\/\/api.w.org\/{rel}","templated":true}]}}